
{"id":141,"date":"2017-03-21T13:44:37","date_gmt":"2017-03-21T13:44:37","guid":{"rendered":"http:\/\/appsinmed.com\/program\/?page_id=141"},"modified":"2017-03-21T14:46:20","modified_gmt":"2017-03-21T14:46:20","slug":"ssai-2017","status":"publish","type":"page","link":"https:\/\/program.appinconf.com\/program\/ssai-2017\/","title":{"rendered":"SSAI 2017"},"content":{"rendered":"\n<script type=\"text\/javascript\">\n    var allRooms = JSON.parse('[{\"name\":\"Lecture hall A+B\",\"id\":1149},{\"name\":\"Lecture hall C\",\"id\":1087},{\"name\":\"Lecture hall D\",\"id\":1088},{\"name\":\"Lecture hall E\",\"id\":1089},{\"name\":\"Julia\",\"id\":1150},{\"name\":\"Exhibition area\",\"id\":1092},{\"name\":\"Conference area\",\"id\":1090},{\"name\":\"Poster area (exhibition)\",\"id\":1093},{\"name\":\"-Ej specificerad-\",\"id\":-1}]');\n    var allCategories = JSON.parse('[{\"color\":\"#D2E4C4\",\"name\":\"Anaesthesia and periop medicine\",\"id\":1021},{\"color\":\"#F8C9DF\",\"name\":\"General subjects\",\"id\":1023},{\"name\":\"Intensive care\",\"id\":1019},{\"color\":\"#C2AACD\",\"name\":\"Pain\",\"id\":1018},{\"color\":\"#FFF9C5\",\"name\":\"Plenary session\",\"id\":1017},{\"color\":\"E6F0DF\",\"name\":\"Research, publication & teaching\",\"id\":1024},{\"color\":\"#B4C0D2\",\"name\":\"Special anaesthesia and intens care\",\"id\":1022},{\"name\":\"Critical emergency medicine\",\"id\":1026}]');\n  <\/script>\n\n  <script type=\"text\/javascript\">\n    var templateUrl = 'https:\/\/program.appinconf.com\/program\/wp-content\/plugins\/wordpress_plugin_schedule\/img\/';\n  <\/script>\n\n  <input type=\"hidden\" id=\"new_cms\" value=\"0\" \/>\n  <input type=\"hidden\" id=\"spanning_color\" value=\"#FFFED9\" \/>\n  <input type=\"hidden\" id=\"spanning_text_color\" value=\"#000000\" \/>\n  <input type=\"hidden\" id=\"list_as_default\" value=\"0\" \/>\n  <input type=\"hidden\" id=\"fetch_abstract\" value=\"\" \/>\n  <input type=\"hidden\" id=\"show_abs_nbr\" value=\"\" \/>\n  <input type=\"hidden\" id=\"use-auto-heights\" value=\"false\" \/>\n  <input id='base_path' type='hidden' value='https:\/\/program.appinconf.com\/program\/wp-content\/plugins\/wordpress_plugin_schedule' \/>\n  <input id='project' type='hidden' value='project_267_2017_02_17' \/>\n  <input id='lang' type='hidden' value='sv' \/>\n  <input id='show_link_to_abstract' type='hidden' value='0' \/>\n\n  <div id=\"plugin_main_container\" style='height: 1170px;'>\n\n    \n    <div id=\"type_filter_div\" style='display: none;'>\n      <div class=\"btn-group\" role=\"group\" aria-label=\"...\">\n        <button id=\"show_graph_schedule_button\" type=\"button\" class=\"btn btn-default selected_list_type\">\n          <i class=\"fa fa-calendar\" aria-hidden=\"true\"><\/i>\n        <\/button>\n        <button id=\"show_list_schedule_button\" type=\"button\" class=\"btn btn-default \">\n          <i class=\"fa fa-list\" aria-hidden=\"true\"><\/i>\n        <\/button>\n        <button id=\"list_program_button_print\" type=\"button\" class=\"btn btn-default\" style=\"display: none;\">\n          <i class=\"fa fa-print\" aria-hidden=\"true\"><\/i>\n        <\/button>\n      <\/div>\n      \n    <\/div>\n\n    <div id=\"personal_filter_div\" style='display: none;'>\n        <div id=\"email-input-group\" class=\"email-input-group input-group\">\n          <span class=\"input-group-addon\" id=\"sizing-addon2\">@<\/span>\n          <input id=\"list_filter_input\" type=\"email\" class=\"form-control\" placeholder=\"Ange din email eller bokningsnummer\" aria-describedby=\"sizing-addon2\">\n        <\/div>\n        <button id=\"list_filter_button\" class=\"btn btn-primary\">Visa mitt program<\/button>\n\n    <\/div>\n\n    <div id=\"personal_filter_user_information\" style=\"display: none;\">\n      <i class=\"fa fa-user fa-2x\" aria-hidden=\"true\"><\/i><span id=\"personal_information\"><\/span>\n      <button id=\"list_filter_button_print\" class=\"btn btn-success hide\"><i class=\"fa fa-print\" aria-hidden=\"true\"><\/i><\/button>\n      <button id=\"list_filter_button_reset\" class=\"btn btn-danger hide\">\u00c5terst\u00e4ll<\/button>\n    <\/div>\n\n    <div id=\"list_calendar_container\" style='display: none;'>\n\n      <div id=\"list_filter_alert_div_not_found\" class=\"alert alert-info hide\" role=\"alert\">\n          <span>\n            Anv\u00e4ndaren kunde inte hittas. Var god f\u00f6rs\u00f6k igen.          <\/span>\n      <\/div>\n\n      <div id=\"list_filter_alert_div_error\" class=\"alert alert-info hide\" role=\"alert\">\n          <span>\n            Det uppstod ett problem n\u00e4r ditt program skulle h\u00e4mtas. Var god f\u00f6rs\u00f6k igen.          <\/span>\n      <\/div>\n\n      <div id=\"list_calendar_container_inner\" style=\"height: 1000px;\">\n\n          <div class='list_header' data-day='0' style='background-color: rgba(32, 132, 196, 0.83); color: rgba(255, 255, 255, 1);'>Onsdag 6 september<\/div>\n          <div class=\"box-wrapper\"\n              data-id=\"1244\">\n\n              <div class='time-header'>07:30<\/div>\n\n              <div class=\"box\"\n                data-id=\"1244\"\n                data-project=\"project_267_2017_02_17\"\n                data-title=\"Registration & Coffee\"\n                data-time=\"07:30-09:00\"\n                data-room=\"-Ej specificerad-\"\n                data-room-id=\"-1\"\n                data-room-name=\"-Ej specificerad-\"\n                data-day=\"0\"\n                data-abs-nbr=\"\"\n                data-abs-path=\"\"\n                data-speaker=\"\"\n                data-speakercell=\"\"\n                data-info=\"\"\n                data-category=\"\"\n                data-category-ids=\"\"\n                data-span-all=\"1\"\n              >\n\n              \n\n              <div class=\"vertical_bar\" style=\"background-color: rgba(255, 255, 255, 0);\"><\/div>\n              <div class=\"box_inner\">\n                                <span>Registration & Coffee<\/span>\n               <br>\n               \n               <div class=\"room_div \">\n                 <i class=\"list-room\">-Ej specificerad-<\/i>\n               <\/div>\n\n               <div class=\"name_time_div\">\n                <i class=\"list-time\" data-time=\"07:30\">07:30-09:00 - Onsdag 6 september<\/i>\n               <\/div>\n              <\/div>\n             <\/div>\n          <\/div>\n\n          \n          <div class=\"box-wrapper\"\n              data-id=\"1276\">\n\n              <div class='time-header'>08:00<\/div>\n\n              <div class=\"box\"\n                data-id=\"1276\"\n                data-project=\"project_267_2017_02_17\"\n                data-title=\"Art exhibition & Medical History\"\n                data-time=\"08:00-16:30\"\n                data-room=\"Exhibition area\"\n                data-room-id=\"1092\"\n                data-room-name=\"Exhibition area\"\n                data-day=\"0\"\n                data-abs-nbr=\"\"\n                data-abs-path=\"\"\n                data-speaker=\"Hans Huldt; Lena Gamrin-Gripenberg; Gunilla Islander\"\n                data-speakercell=\"Hans Huldt; Lena Gamrin-Gripenberg; Gunilla Islander\"\n                data-info=\"\"\n                data-category=\"\"\n                data-category-ids=\"\"\n                data-span-all=\"\"\n              >\n\n              \n\n              <div class=\"vertical_bar\" style=\"background-color: rgba(255, 255, 255, 0);\"><\/div>\n              <div class=\"box_inner\">\n                                <span>Art exhibition & Medical History<\/span>\n               <br>\n               <div class=\"lecturer\"><span>Hans Huldt; Lena Gamrin-Gripenberg; Gunilla Islander<\/span><\/div>\n               <div class=\"room_div \">\n                 <i class=\"list-room\">Exhibition area<\/i>\n               <\/div>\n\n               <div class=\"name_time_div\">\n                <i class=\"list-time\" data-time=\"08:00\">08:00-16:30 - Onsdag 6 september<\/i>\n               <\/div>\n              <\/div>\n             <\/div>\n          <\/div>\n\n          \n          <div class=\"box-wrapper\"\n              data-id=\"1274\">\n\n              <div class='time-header'>09:00<\/div>\n\n              <div class=\"box\"\n                data-id=\"1274\"\n                data-project=\"project_267_2017_02_17\"\n                data-title=\"Workshop: Haemodynamics and Echocardiography\"\n                data-time=\"09:00-16:30\"\n                data-room=\"Conference area\"\n                data-room-id=\"1090\"\n                data-room-name=\"Conference area\"\n                data-day=\"0\"\n                data-abs-nbr=\"\"\n                data-abs-path=\"\"\n                data-speaker=\"Niklas Johnsson; Lill Blomqwist\"\n                data-speakercell=\"Niklas Johnsson; Lill Blomqwist\"\n                data-info=\"\"\n                data-category=\"\"\n                data-category-ids=\"\"\n                data-span-all=\"\"\n              >\n\n              \n\n              <div class=\"vertical_bar\" style=\"background-color: rgba(255, 255, 255, 0);\"><\/div>\n              <div class=\"box_inner\">\n                                <span>Workshop: Haemodynamics and Echocardiography<\/span>\n               <br>\n               <div class=\"lecturer\"><span>Niklas Johnsson; Lill Blomqwist<\/span><\/div>\n               <div class=\"room_div \">\n                 <i class=\"list-room\">Conference area<\/i>\n               <\/div>\n\n               <div class=\"name_time_div\">\n                <i class=\"list-time\" data-time=\"09:00\">09:00-16:30 - Onsdag 6 september<\/i>\n               <\/div>\n              <\/div>\n             <\/div>\n          <\/div>\n\n          \n          <div class=\"box-wrapper\"\n              data-id=\"1333\">\n\n              <div class='time-header' style='visibility: hidden;'>09:00<\/div>\n\n              <div class=\"box\"\n                data-id=\"1333\"\n                data-project=\"project_267_2017_02_17\"\n                data-title=\"Prehospital cardiac care \u2013 what can we do to improve survival?\"\n                data-time=\"09:00-10:30\"\n                data-room=\"Lecture hall A+B\"\n                data-room-id=\"1149\"\n                data-room-name=\"Lecture hall A+B\"\n                data-day=\"0\"\n                data-abs-nbr=\"\"\n                data-abs-path=\"\"\n                data-speaker=\"Theresa Olasvengen; Jacob Hollenberg; Hans Friberg; Sten Rubertsson; Lionel Lamhaut\"\n                data-speakercell=\"Theresa Olasvengen; Jacob Hollenberg; Hans Friberg; Sten Rubertsson; Lionel Lamhaut\"\n                data-info=\"&lt;b&gt;Moderatorer: &lt;\/b&gt;Malin Rundgren; Hans Flaatten&lt;br&gt;&lt;br&gt; \n                 &lt;p&gt;&lt;b&gt;Timely and adequate allocation of prehospital medical assistance to cardiac arrest patients - how to do it?&lt;br&gt;&lt;\/b&gt;&lt;i&gt;Theresa Olasvengen (NO)&lt;\/i&gt;&lt;\/p&gt; \n                 &lt;p&gt;&lt;b&gt;How to optimize care for the cardiac arrest patient in the prehospital setting?&lt;br&gt;&lt;\/b&gt;&lt;i&gt;Jacob Hollenberg (SE)&lt;\/i&gt;&lt;\/p&gt; \n                 &lt;p&gt;&lt;b&gt;Should we transport patients in cardiac arrest to the hospital or stay on scene?&amp;nbsp;&lt;br&gt;&lt;\/b&gt;&lt;b&gt;PRO-CON&lt;br&gt;&lt;\/b&gt;&lt;i&gt;Hans Friberg (SE) and Sten Rubertsson (SE)&lt;\/i&gt;&lt;\/p&gt; \n                 &lt;p&gt;&lt;b&gt;Prehospital ECMO - when and how?&lt;br&gt;&lt;\/b&gt;&lt;i&gt;Lionel Lamhaut (FR)&lt;\/i&gt;&lt;\/p&gt; \n                &lt;br&gt;&lt;br&gt;\"\n                data-category=\"Critical emergency medicine\"\n                data-category-ids=\"1026\"\n                data-span-all=\"\"\n              >\n\n              \n\n              <div class=\"vertical_bar\" style=\"background-color: rgba(255, 255, 255, 0);\"><\/div>\n              <div class=\"box_inner\">\n                                <span>Prehospital cardiac care \u2013 what can we do to improve survival?<\/span>\n               <br>\n               <div class=\"lecturer\"><span>Theresa Olasvengen; Jacob Hollenberg; Hans Friberg; Sten Rubertsson; Lionel Lamhaut<\/span><\/div>\n               <div class=\"room_div \">\n                 <i class=\"list-room\">Lecture hall A+B<\/i>\n               <\/div>\n\n               <div class=\"name_time_div\">\n                <i class=\"list-time\" data-time=\"09:00\">09:00-10:30 - Onsdag 6 september<\/i>\n               <\/div>\n              <\/div>\n             <\/div>\n          <\/div>\n\n          \n          <div class=\"box-wrapper\"\n              data-id=\"1250\">\n\n              <div class='time-header' style='visibility: hidden;'>09:00<\/div>\n\n              <div class=\"box\"\n                data-id=\"1250\"\n                data-project=\"project_267_2017_02_17\"\n                data-title=\"Ultrasound-guide nerve blocks and effects of regional anaesthesia\"\n                data-time=\"09:00-10:30\"\n                data-room=\"Lecture hall C\"\n                data-room-id=\"1087\"\n                data-room-name=\"Lecture hall C\"\n                data-day=\"0\"\n                data-abs-nbr=\"\"\n                data-abs-path=\"\"\n                data-speaker=\"Jens Borglum; Michael D  Herrick\"\n                data-speakercell=\"Jens Borglum; Michael D  Herrick\"\n                data-info=\"&lt;b&gt;Moderatorer: &lt;\/b&gt;Luis Romundstad&lt;br&gt;&lt;br&gt; \n                 &lt;p&gt;&lt;b&gt;TAP blockade - what\u2019s new?&lt;br&gt;&lt;\/b&gt;&lt;i&gt;Jens Borglum (DK)&lt;\/i&gt;&lt;\/p&gt; \n                 &lt;p&gt;&lt;b&gt;Update on Regional Anesthesia for Breast Surgery&lt;br&gt;&lt;\/b&gt;&lt;i&gt;Michael Herrick (USA)&lt;\/i&gt;&lt;\/p&gt; \n                &lt;br&gt;&lt;br&gt;\"\n                data-category=\"Anaesthesia and periop medicine\"\n                data-category-ids=\"1021\"\n                data-span-all=\"\"\n              >\n\n              \n\n              <div class=\"vertical_bar\" style=\"background-color: #D2E4C4;\"><\/div>\n              <div class=\"box_inner\">\n                                <span>Ultrasound-guide nerve blocks and effects of regional anaesthesia<\/span>\n               <br>\n               <div class=\"lecturer\"><span>Jens Borglum; Michael D  Herrick<\/span><\/div>\n               <div class=\"room_div \">\n                 <i class=\"list-room\">Lecture hall C<\/i>\n               <\/div>\n\n               <div class=\"name_time_div\">\n                <i class=\"list-time\" data-time=\"09:00\">09:00-10:30 - Onsdag 6 september<\/i>\n               <\/div>\n              <\/div>\n             <\/div>\n          <\/div>\n\n          \n          <div class=\"box-wrapper\"\n              data-id=\"1245\">\n\n              <div class='time-header' style='visibility: hidden;'>09:00<\/div>\n\n              <div class=\"box\"\n                data-id=\"1245\"\n                data-project=\"project_267_2017_02_17\"\n                data-title=\"News in coagulation\"\n                data-time=\"09:00-10:30\"\n                data-room=\"Lecture hall D\"\n                data-room-id=\"1088\"\n                data-room-name=\"Lecture hall D\"\n                data-day=\"0\"\n                data-abs-nbr=\"\"\n                data-abs-path=\"\"\n                data-speaker=\"Christian Fenger Eriksen; Birgitta Romlin; P\u00e4r I Johansson; Anna \u00c5gren; Jacob Stensballe\"\n                data-speakercell=\"Christian Fenger Eriksen; Birgitta Romlin; P\u00e4r I Johansson; Anna \u00c5gren; Jacob Stensballe\"\n                data-info=\"&lt;b&gt;Moderatorer: &lt;\/b&gt;Vibeke Moen; Ulf Sch\u00f6tt&lt;br&gt;&lt;br&gt; \n                 &lt;p&gt;&lt;b&gt;When is it safe to do regional anaesthesia?&lt;br&gt;&lt;\/b&gt;&lt;i&gt;Christian Fenger Eriksen (DK)&lt;\/i&gt;&lt;\/p&gt; \n                 &lt;p&gt;&lt;b&gt;Bleeding in paediatric surgery. Case presentations&lt;\/b&gt;&lt;b&gt;.&lt;br&gt;&lt;\/b&gt;&lt;i&gt;Birgitta Romlin (SE)&lt;\/i&gt;&lt;\/p&gt; \n                 &lt;p&gt;&lt;b&gt;Endotheliopathy in acute critical illness.&lt;br&gt;&lt;\/b&gt;&lt;i&gt;P\u00e4r Johansson (DK)&lt;\/i&gt;&lt;\/p&gt; \n                 &lt;p&gt;&lt;b&gt;When not to simplify haemostasis management. Case presentations.&lt;br&gt;&lt;\/b&gt;&lt;i&gt;Anna \u00c5gren (SE)&lt;\/i&gt;&lt;\/p&gt; \n                 &lt;p&gt;&lt;b&gt;Critical bleeding state of the art&lt;br&gt;&lt;\/b&gt;&lt;i&gt;Jakob Stensballe (DK)&lt;\/i&gt;&lt;\/p&gt; \n                &lt;br&gt;&lt;br&gt;\"\n                data-category=\"General subjects\"\n                data-category-ids=\"1023\"\n                data-span-all=\"\"\n              >\n\n              \n\n              <div class=\"vertical_bar\" style=\"background-color: #F8C9DF;\"><\/div>\n              <div class=\"box_inner\">\n                                <span>News in coagulation<\/span>\n               <br>\n               <div class=\"lecturer\"><span>Christian Fenger Eriksen; Birgitta Romlin; P\u00e4r I Johansson; Anna \u00c5gren; Jacob Stensballe<\/span><\/div>\n               <div class=\"room_div \">\n                 <i class=\"list-room\">Lecture hall D<\/i>\n               <\/div>\n\n               <div class=\"name_time_div\">\n                <i class=\"list-time\" data-time=\"09:00\">09:00-10:30 - Onsdag 6 september<\/i>\n               <\/div>\n              <\/div>\n             <\/div>\n          <\/div>\n\n          \n          <div class=\"box-wrapper\"\n              data-id=\"1341\">\n\n              <div class='time-header' style='visibility: hidden;'>09:00<\/div>\n\n              <div class=\"box\"\n                data-id=\"1341\"\n                data-project=\"project_267_2017_02_17\"\n                data-title=\"Improving outcome through audit and quality register -  A Scandinavian perspective\"\n                data-time=\"09:00-10:30\"\n                data-room=\"Lecture hall E\"\n                data-room-id=\"1089\"\n                data-room-name=\"Lecture hall E\"\n                data-day=\"0\"\n                data-abs-nbr=\"\"\n                data-abs-path=\"\"\n                data-speaker=\"Matti Reinikainen; Reidar  Kv\u00e5le; Steffen Christensen; Carolina Samuelsson\"\n                data-speakercell=\"Matti Reinikainen; Reidar  Kv\u00e5le; Steffen Christensen; Carolina Samuelsson\"\n                data-info=\"&lt;b&gt;Moderatorer: &lt;\/b&gt;Ritva Kiiski-Berggren; Sten Walther&lt;br&gt;&lt;br&gt; \n                 &lt;p&gt;&lt;b&gt;The essential prerequisites for any Quality Register: data quality&lt;br&gt;&lt;\/b&gt;&lt;i&gt;Reidar Kv\u00e5le (NO)&lt;\/i&gt;&lt;\/p&gt; \n                 &lt;p&gt;&lt;b&gt;How to use Quality Register data&amp;nbsp;for quality improvement&lt;br&gt;&lt;\/b&gt;&lt;i&gt;Matti Reinikainen (FI)&lt;\/i&gt;&lt;\/p&gt; \n                 &lt;p&gt;&lt;b&gt;Differences between Nordic Quality Registers&lt;br&gt;&lt;\/b&gt;&lt;i&gt;Steffen Christensen (DK)&lt;\/i&gt;&lt;\/p&gt; \n                 &lt;p&gt;&lt;b&gt;Using Quality Registers for research&lt;br&gt;&lt;\/b&gt;&lt;i&gt;Carolina Samuelsson (SE)&lt;\/i&gt;&lt;\/p&gt; \n                &lt;br&gt;&lt;br&gt;\"\n                data-category=\"Intensive care\"\n                data-category-ids=\"1019\"\n                data-span-all=\"\"\n              >\n\n              \n\n              <div class=\"vertical_bar\" style=\"background-color: rgba(255, 255, 255, 0);\"><\/div>\n              <div class=\"box_inner\">\n                                <span>Improving outcome through audit and quality register -  A Scandinavian perspective<\/span>\n               <br>\n               <div class=\"lecturer\"><span>Matti Reinikainen; Reidar  Kv\u00e5le; Steffen Christensen; Carolina Samuelsson<\/span><\/div>\n               <div class=\"room_div \">\n                 <i class=\"list-room\">Lecture hall E<\/i>\n               <\/div>\n\n               <div class=\"name_time_div\">\n                <i class=\"list-time\" data-time=\"09:00\">09:00-10:30 - Onsdag 6 september<\/i>\n               <\/div>\n              <\/div>\n             <\/div>\n          <\/div>\n\n          \n          <div class=\"box-wrapper\"\n              data-id=\"1246\">\n\n              <div class='time-header'>10:30<\/div>\n\n              <div class=\"box\"\n                data-id=\"1246\"\n                data-project=\"project_267_2017_02_17\"\n                data-title=\"Coffee & exhibition\"\n                data-time=\"10:30-10:50\"\n                data-room=\"-Ej specificerad-\"\n                data-room-id=\"-1\"\n                data-room-name=\"-Ej specificerad-\"\n                data-day=\"0\"\n                data-abs-nbr=\"\"\n                data-abs-path=\"\"\n                data-speaker=\"\"\n                data-speakercell=\"\"\n                data-info=\"\"\n                data-category=\"\"\n                data-category-ids=\"\"\n                data-span-all=\"1\"\n              >\n\n              \n\n              <div class=\"vertical_bar\" style=\"background-color: rgba(255, 255, 255, 0);\"><\/div>\n              <div class=\"box_inner\">\n                                <span>Coffee & exhibition<\/span>\n               <br>\n               \n               <div class=\"room_div \">\n                 <i class=\"list-room\">-Ej specificerad-<\/i>\n               <\/div>\n\n               <div class=\"name_time_div\">\n                <i class=\"list-time\" data-time=\"10:30\">10:30-10:50 - Onsdag 6 september<\/i>\n               <\/div>\n              <\/div>\n             <\/div>\n          <\/div>\n\n          \n          <div class=\"box-wrapper\"\n              data-id=\"1334\">\n\n              <div class='time-header'>10:50<\/div>\n\n              <div class=\"box\"\n                data-id=\"1334\"\n                data-project=\"project_267_2017_02_17\"\n                data-title=\"The SSAI 2017 welcome address\"\n                data-time=\"10:50-11:30\"\n                data-room=\"Lecture hall A+B\"\n                data-room-id=\"1149\"\n                data-room-name=\"Lecture hall A+B\"\n                data-day=\"0\"\n                data-abs-nbr=\"\"\n                data-abs-path=\"\"\n                data-speaker=\"Mikael  Bodelsson; Jonas  \u00c5keson; Sigridur Kalman; Martin  Holmer; S\u00f8ren Pische; Miklos Lipcsey\"\n                data-speakercell=\"Mikael  Bodelsson; Jonas  \u00c5keson; Sigridur Kalman; Martin  Holmer; S\u00f8ren Pische; Miklos Lipcsey\"\n                data-info=\" \n                 &lt;p&gt;&lt;b&gt;Launch of the new SSAI logo&lt;br&gt;&lt;\/b&gt;&lt;i&gt;S\u00f8ren Pische&lt;\/i&gt;&lt;\/p&gt; \n                 &lt;p&gt;&lt;b&gt;Scandinavian industry grant to Ida Maria Gustafsson&lt;br&gt;&lt;\/b&gt;&lt;i&gt;Mikl\u00f3s Lipcsey&lt;\/i&gt;&lt;\/p&gt; \n                &lt;br&gt;&lt;br&gt;\"\n                data-category=\"Plenary session\"\n                data-category-ids=\"1017\"\n                data-span-all=\"1\"\n              >\n\n              \n\n              <div class=\"vertical_bar\" style=\"background-color: #FFF9C5;\"><\/div>\n              <div class=\"box_inner\">\n                                <span>The SSAI 2017 welcome address<\/span>\n               <br>\n               <div class=\"lecturer\"><span>Mikael  Bodelsson; Jonas  \u00c5keson; Sigridur Kalman; Martin  Holmer; S\u00f8ren Pische; Miklos Lipcsey<\/span><\/div>\n               <div class=\"room_div \">\n                 <i class=\"list-room\">Lecture hall A+B<\/i>\n               <\/div>\n\n               <div class=\"name_time_div\">\n                <i class=\"list-time\" data-time=\"10:50\">10:50-11:30 - Onsdag 6 september<\/i>\n               <\/div>\n              <\/div>\n             <\/div>\n          <\/div>\n\n          \n          <div class=\"box-wrapper\"\n              data-id=\"1335\">\n\n              <div class='time-header'>11:30<\/div>\n\n              <div class=\"box\"\n                data-id=\"1335\"\n                data-project=\"project_267_2017_02_17\"\n                data-title=\"The Asmund Laerdal Memorial Lecture\"\n                data-time=\"11:30-12:10\"\n                data-room=\"Lecture hall A+B\"\n                data-room-id=\"1149\"\n                data-room-name=\"Lecture hall A+B\"\n                data-day=\"0\"\n                data-abs-nbr=\"\"\n                data-abs-path=\"\"\n                data-speaker=\"Kathryn Maitland\"\n                data-speakercell=\"Kathryn Maitland\"\n                data-info=\" \n                 &lt;p&gt;&lt;i&gt;Introduction by Mikael Bodelsson and Laerdal:&amp;nbsp; &amp;nbsp; &amp;nbsp; &amp;nbsp; &amp;nbsp; &amp;nbsp; &amp;nbsp; &amp;nbsp; &amp;nbsp; &amp;nbsp; &amp;nbsp; &amp;nbsp; &amp;nbsp; &amp;nbsp; &amp;nbsp; &amp;nbsp; &amp;nbsp; &amp;nbsp; &amp;nbsp; &amp;nbsp; &amp;nbsp; &amp;nbsp; &amp;nbsp; &amp;nbsp; &amp;nbsp;&lt;\/i&gt;&lt;\/p&gt; \n                 &lt;p&gt;&lt;b&gt;Deconstructing fluid resuscitation in African children: a forensic analysis of the FEAST trial&amp;nbsp;&lt;br&gt;&lt;\/b&gt;&lt;i&gt;Kathryn Maitland, London (UK) &amp;nbsp;&lt;\/i&gt;&lt;\/p&gt; \n                &lt;br&gt;&lt;br&gt;\"\n                data-category=\"Plenary session\"\n                data-category-ids=\"1017\"\n                data-span-all=\"1\"\n              >\n\n              \n\n              <div class=\"vertical_bar\" style=\"background-color: #FFF9C5;\"><\/div>\n              <div class=\"box_inner\">\n                                <span>The Asmund Laerdal Memorial Lecture<\/span>\n               <br>\n               <div class=\"lecturer\"><span>Kathryn Maitland<\/span><\/div>\n               <div class=\"room_div \">\n                 <i class=\"list-room\">Lecture hall A+B<\/i>\n               <\/div>\n\n               <div class=\"name_time_div\">\n                <i class=\"list-time\" data-time=\"11:30\">11:30-12:10 - Onsdag 6 september<\/i>\n               <\/div>\n              <\/div>\n             <\/div>\n          <\/div>\n\n          \n          <div class=\"box-wrapper\"\n              data-id=\"1255\">\n\n              <div class='time-header'>12:10<\/div>\n\n              <div class=\"box\"\n                data-id=\"1255\"\n                data-project=\"project_267_2017_02_17\"\n                data-title=\"Lunch & exhibition\"\n                data-time=\"12:10-13:30\"\n                data-room=\"-Ej specificerad-\"\n                data-room-id=\"-1\"\n                data-room-name=\"-Ej specificerad-\"\n                data-day=\"0\"\n                data-abs-nbr=\"\"\n                data-abs-path=\"\"\n                data-speaker=\"\"\n                data-speakercell=\"\"\n                data-info=\"\"\n                data-category=\"\"\n                data-category-ids=\"\"\n                data-span-all=\"1\"\n              >\n\n              \n\n              <div class=\"vertical_bar\" style=\"background-color: rgba(255, 255, 255, 0);\"><\/div>\n              <div class=\"box_inner\">\n                                <span>Lunch & exhibition<\/span>\n               <br>\n               \n               <div class=\"room_div \">\n                 <i class=\"list-room\">-Ej specificerad-<\/i>\n               <\/div>\n\n               <div class=\"name_time_div\">\n                <i class=\"list-time\" data-time=\"12:10\">12:10-13:30 - Onsdag 6 september<\/i>\n               <\/div>\n              <\/div>\n             <\/div>\n          <\/div>\n\n          \n          <div class=\"box-wrapper\"\n              data-id=\"1340\">\n\n              <div class='time-header'>13:30<\/div>\n\n              <div class=\"box\"\n                data-id=\"1340\"\n                data-project=\"project_267_2017_02_17\"\n                data-title=\"Acute kidney injury\"\n                data-time=\"13:30-15:00\"\n                data-room=\"Lecture hall D\"\n                data-room-id=\"1088\"\n                data-room-name=\"Lecture hall D\"\n                data-day=\"0\"\n                data-abs-nbr=\"\"\n                data-abs-path=\"\"\n                data-speaker=\"Claire  Rimes-Stigare; Max Bell; Johan M\u00e5rtensson; Miklos Lipcsey; Marcus Broman\"\n                data-speakercell=\"Claire  Rimes-Stigare; Max Bell; Johan M\u00e5rtensson; Miklos Lipcsey; Marcus Broman\"\n                data-info=\"&lt;b&gt;Moderatorer: &lt;\/b&gt;Max Bell; David Piros&lt;br&gt;&lt;br&gt; \n                 &lt;p&gt;&lt;b&gt;Long time survival and morbidity after CRRT&lt;br&gt;&lt;\/b&gt;&lt;i&gt;Claire Rimes-Stigare (SE)&lt;\/i&gt;&lt;\/p&gt; \n                 &lt;p&gt;&lt;b&gt;Postoperative AKI&lt;br&gt;&lt;\/b&gt;&lt;i&gt;Max Bell (SE)&lt;\/i&gt;&lt;\/p&gt; \n                 &lt;p&gt;&lt;b&gt;Earlier vs later CRRT&lt;br&gt;&lt;\/b&gt;&lt;i&gt;Johan M\u00e5rtensson (SE)&lt;\/i&gt;&lt;\/p&gt; \n                 &lt;p&gt;&lt;b&gt;The RRT catheter \u2013 Placement comes first&lt;br&gt;&lt;\/b&gt;&lt;i&gt;Mikl\u00f3s Lipcsey (SE)&lt;\/i&gt;&lt;\/p&gt; \n                 &lt;p&gt;&lt;b&gt;Phosphate and magnesium Ions in critical illness&lt;br&gt;&lt;\/b&gt;&lt;i&gt;Marcus Broman (SE)&lt;\/i&gt;&lt;\/p&gt; \n                &lt;br&gt;&lt;br&gt;\"\n                data-category=\"Intensive care\"\n                data-category-ids=\"1019\"\n                data-span-all=\"\"\n              >\n\n              \n\n              <div class=\"vertical_bar\" style=\"background-color: rgba(255, 255, 255, 0);\"><\/div>\n              <div class=\"box_inner\">\n                                <span>Acute kidney injury<\/span>\n               <br>\n               <div class=\"lecturer\"><span>Claire  Rimes-Stigare; Max Bell; Johan M\u00e5rtensson; Miklos Lipcsey; Marcus Broman<\/span><\/div>\n               <div class=\"room_div \">\n                 <i class=\"list-room\">Lecture hall D<\/i>\n               <\/div>\n\n               <div class=\"name_time_div\">\n                <i class=\"list-time\" data-time=\"13:30\">13:30-15:00 - Onsdag 6 september<\/i>\n               <\/div>\n              <\/div>\n             <\/div>\n          <\/div>\n\n          \n          <div class=\"box-wrapper\"\n              data-id=\"1342\">\n\n              <div class='time-header' style='visibility: hidden;'>13:30<\/div>\n\n              <div class=\"box\"\n                data-id=\"1342\"\n                data-project=\"project_267_2017_02_17\"\n                data-title=\"Mass casualties\"\n                data-time=\"13:30-15:00\"\n                data-room=\"Lecture hall E\"\n                data-room-id=\"1089\"\n                data-room-name=\"Lecture hall E\"\n                data-day=\"0\"\n                data-abs-nbr=\"\"\n                data-abs-path=\"\"\n                data-speaker=\"Elkana Keerseblick; Pierre Carli; Nina  Sj\u00f6blom Widfeldt; Sabina Fattah\"\n                data-speakercell=\"Elkana Keerseblick; Pierre Carli; Nina  Sj\u00f6blom Widfeldt; Sabina Fattah\"\n                data-info=\"&lt;b&gt;Moderatorer: &lt;\/b&gt;Gunilla Islander; Sten Rubertsson&lt;br&gt;&lt;br&gt; \n                 &lt;p&gt;&lt;b&gt;Experiences from the Paris attacks November 13th&amp;nbsp;2015&lt;br&gt;&lt;\/b&gt;&lt;i&gt;Pierre Carli (FR)&lt;\/i&gt;&lt;\/p&gt; \n                 &lt;p&gt;&lt;b&gt;Experiences from the Brussels attacks Match 22nd&amp;nbsp;2016&lt;br&gt;&lt;\/b&gt;&lt;i&gt;Elkana Keersebilck (BE)&lt;\/i&gt;&lt;\/p&gt; \n                 &lt;p&gt;&lt;b&gt;What should I know about chemical weapons?&lt;br&gt;&lt;\/b&gt;&lt;i&gt;Nina Sj\u00f6blom Widfeldt (SE)&lt;\/i&gt;&lt;\/p&gt; \n                 &lt;p&gt;&lt;b&gt;Major incidents; what can we learn from them?&lt;br&gt;&lt;\/b&gt;&lt;i&gt;Sabina Fattah, (NO)&lt;\/i&gt;&lt;\/p&gt; \n                &lt;br&gt;&lt;br&gt;\"\n                data-category=\"Critical emergency medicine\"\n                data-category-ids=\"1026\"\n                data-span-all=\"\"\n              >\n\n              \n\n              <div class=\"vertical_bar\" style=\"background-color: rgba(255, 255, 255, 0);\"><\/div>\n              <div class=\"box_inner\">\n                                <span>Mass casualties<\/span>\n               <br>\n               <div class=\"lecturer\"><span>Elkana Keerseblick; Pierre Carli; Nina  Sj\u00f6blom Widfeldt; Sabina Fattah<\/span><\/div>\n               <div class=\"room_div \">\n                 <i class=\"list-room\">Lecture hall E<\/i>\n               <\/div>\n\n               <div class=\"name_time_div\">\n                <i class=\"list-time\" data-time=\"13:30\">13:30-15:00 - Onsdag 6 september<\/i>\n               <\/div>\n              <\/div>\n             <\/div>\n          <\/div>\n\n          \n          <div class=\"box-wrapper\"\n              data-id=\"1336\">\n\n              <div class='time-header' style='visibility: hidden;'>13:30<\/div>\n\n              <div class=\"box\"\n                data-id=\"1336\"\n                data-project=\"project_267_2017_02_17\"\n                data-title=\"Ketamine \u2013 current practice and emerging concepts\"\n                data-time=\"13:30-14:30\"\n                data-room=\"Lecture hall A+B\"\n                data-room-id=\"1149\"\n                data-room-name=\"Lecture hall A+B\"\n                data-day=\"0\"\n                data-abs-nbr=\"\"\n                data-abs-path=\"\"\n                data-speaker=\"Jan Persson; Jonas  \u00c5keson; Anders Tingstr\u00f6m; Mats Lindstr\u00f6m\"\n                data-speakercell=\"Jan Persson; Jonas  \u00c5keson; Anders Tingstr\u00f6m; Mats Lindstr\u00f6m\"\n                data-info=\"&lt;b&gt;Moderatorer: &lt;\/b&gt;Jan Persson; Jonas  \u00c5keson&lt;br&gt;&lt;br&gt; \n                 &lt;p&gt;&lt;b&gt;Analgesia \u2013 mechanisms and current practice&lt;br&gt;&lt;\/b&gt;&lt;i&gt;Jan Persson (SE)&amp;nbsp;&lt;\/i&gt;&lt;\/p&gt; \n                 &lt;p&gt;&lt;b&gt;Anaesthesia \u2013 mechanisms and current practice&amp;nbsp;&lt;br&gt;&lt;\/b&gt;&lt;i&gt;Jonas \u00c5keson (SE)&lt;\/i&gt;&lt;\/p&gt; \n                 &lt;p&gt;&lt;b&gt;Mechanisms for therapeutic management of depressive disorders&amp;nbsp;&lt;br&gt;&lt;\/b&gt;&lt;i&gt;Anders Tingstr\u00f6m (SE)&lt;\/i&gt;&lt;\/p&gt; \n                 &lt;p&gt;&lt;b&gt;Clinical use in major depression&lt;br&gt;&lt;\/b&gt;&lt;i&gt;Mats Lindstr\u00f6m (SE)&lt;\/i&gt;&lt;\/p&gt; \n                &lt;br&gt;&lt;br&gt;\"\n                data-category=\"General subjects\"\n                data-category-ids=\"1023\"\n                data-span-all=\"\"\n              >\n\n              \n\n              <div class=\"vertical_bar\" style=\"background-color: #F8C9DF;\"><\/div>\n              <div class=\"box_inner\">\n                                <span>Ketamine \u2013 current practice and emerging concepts<\/span>\n               <br>\n               <div class=\"lecturer\"><span>Jan Persson; Jonas  \u00c5keson; Anders Tingstr\u00f6m; Mats Lindstr\u00f6m<\/span><\/div>\n               <div class=\"room_div \">\n                 <i class=\"list-room\">Lecture hall A+B<\/i>\n               <\/div>\n\n               <div class=\"name_time_div\">\n                <i class=\"list-time\" data-time=\"13:30\">13:30-14:30 - Onsdag 6 september<\/i>\n               <\/div>\n              <\/div>\n             <\/div>\n          <\/div>\n\n          \n          <div class=\"box-wrapper\"\n              data-id=\"1268\">\n\n              <div class='time-header' style='visibility: hidden;'>13:30<\/div>\n\n              <div class=\"box\"\n                data-id=\"1268\"\n                data-project=\"project_267_2017_02_17\"\n                data-title=\"Data driven perioperative quality improvement: The new frontier!\"\n                data-time=\"13:30-14:30\"\n                data-room=\"Lecture hall C\"\n                data-room-id=\"1087\"\n                data-room-name=\"Lecture hall C\"\n                data-day=\"0\"\n                data-abs-nbr=\"\"\n                data-abs-path=\"\"\n                data-speaker=\"Claes Mangelus; Gunnar Enlund; Michelle Chew; Rupert Pearse\"\n                data-speakercell=\"Claes Mangelus; Gunnar Enlund; Michelle Chew; Rupert Pearse\"\n                data-info=\"&lt;b&gt;Moderatorer: &lt;\/b&gt;Martin  Holmer; Brian Sites&lt;br&gt;&lt;br&gt; \n                 &lt;p&gt;&lt;b&gt;The Swedish Perioperative Register (SPOR)&amp;nbsp;&lt;br&gt;&lt;\/b&gt;&lt;i&gt;Claes Mangelus (SE)&lt;\/i&gt;&lt;\/p&gt; \n                 &lt;p&gt;&lt;b&gt;Using quality registers to improve perioperative outcomes;&amp;nbsp;an international perspective&amp;nbsp;&lt;br&gt;&lt;\/b&gt;&lt;i&gt;Rupert Pearse (UK)&lt;\/i&gt;&lt;\/p&gt; \n                 &lt;p&gt;&lt;b&gt;Using SPOR data to improve patient care&amp;nbsp;&lt;br&gt;&lt;\/b&gt;&lt;i&gt;Gunnar Enlund (SE)&lt;\/i&gt;&lt;\/p&gt; \n                 &lt;p&gt;&lt;b&gt;Swedish&amp;nbsp;perioperative outcomes research&amp;nbsp;&lt;br&gt;&lt;\/b&gt;&lt;i&gt;Michelle Chew (SE)&lt;\/i&gt;&lt;\/p&gt; \n                &lt;br&gt;&lt;br&gt;\"\n                data-category=\"Anaesthesia and periop medicine\"\n                data-category-ids=\"1021\"\n                data-span-all=\"\"\n              >\n\n              \n\n              <div class=\"vertical_bar\" style=\"background-color: #D2E4C4;\"><\/div>\n              <div class=\"box_inner\">\n                                <span>Data driven perioperative quality improvement: The new frontier!<\/span>\n               <br>\n               <div class=\"lecturer\"><span>Claes Mangelus; Gunnar Enlund; Michelle Chew; Rupert Pearse<\/span><\/div>\n               <div class=\"room_div \">\n                 <i class=\"list-room\">Lecture hall C<\/i>\n               <\/div>\n\n               <div class=\"name_time_div\">\n                <i class=\"list-time\" data-time=\"13:30\">13:30-14:30 - Onsdag 6 september<\/i>\n               <\/div>\n              <\/div>\n             <\/div>\n          <\/div>\n\n          \n          <div class=\"box-wrapper\"\n              data-id=\"1275\">\n\n              <div class='time-header' style='visibility: hidden;'>13:30<\/div>\n\n              <div class=\"box\"\n                data-id=\"1275\"\n                data-project=\"project_267_2017_02_17\"\n                data-title=\"Poster session\"\n                data-time=\"13:30-15:00\"\n                data-room=\"Poster area (exhibition)\"\n                data-room-id=\"1093\"\n                data-room-name=\"Poster area (exhibition)\"\n                data-day=\"0\"\n                data-abs-nbr=\"\"\n                data-abs-path=\"\"\n                data-speaker=\"\"\n                data-speakercell=\"\"\n                data-info=\"&lt;b&gt;Moderatorer: &lt;\/b&gt;Preben Berthelsen; S\u00f8ren Pische; Ulf Sch\u00f6tt; Vegard  Dahl&lt;br&gt;&lt;br&gt; \n                 &lt;p&gt;&lt;b&gt;Posters 1-8:&amp;nbsp;&lt;\/b&gt;&lt;b&gt;Cardiovascular Anaesthesia&lt;br&gt;&lt;\/b&gt;&lt;i&gt;Chair: Preben Berthelsen &amp;nbsp; &amp;nbsp; &amp;nbsp; &amp;nbsp; &amp;nbsp; &amp;nbsp; &amp;nbsp; &amp;nbsp; &amp;nbsp; &amp;nbsp; &amp;nbsp; &amp;nbsp; &amp;nbsp; &amp;nbsp; &amp;nbsp; &amp;nbsp; &amp;nbsp; &amp;nbsp; &amp;nbsp;&lt;\/i&gt;&lt;\/p&gt; \n                 &lt;p&gt;&lt;b&gt;Posters 18-24:&amp;nbsp;&lt;\/b&gt;&lt;b&gt;General Anaesthesia and Perioperative Medicine &amp;nbsp;&amp;nbsp;&lt;br&gt;&lt;\/b&gt;&lt;i&gt;Chair: S\u00f8ren Pischke&lt;\/i&gt;&lt;\/p&gt; \n                 &lt;p&gt;&lt;b&gt;Posters 28-32:&amp;nbsp;&lt;\/b&gt;&lt;b&gt;Neurosurgical Anaesthesia and Intensive Care &amp;nbsp; &amp;nbsp; &amp;nbsp; &amp;nbsp; &amp;nbsp;&amp;nbsp;&lt;br&gt;&lt;\/b&gt;&lt;i&gt;Chair: Ulf Sch\u00f6tt&lt;\/i&gt;&lt;\/p&gt; \n                 &lt;p&gt;&lt;b&gt;Posters 33-41:&amp;nbsp;&lt;\/b&gt;&lt;b&gt;SSAI Education Program in Obstetric Anaesthesia &amp;nbsp; &amp;nbsp; &amp;nbsp; &amp;nbsp; &lt;\/b&gt;&lt;i&gt;Chair: Vegard Dahl &amp;nbsp;&lt;\/i&gt;&lt;\/p&gt; \n                &lt;br&gt;&lt;br&gt;13.30-15.00 - Acute Kidney Injury in post hepatectomy patients in a tertiary cancer hospital&lt;br&gt;&lt;small&gt;Malini Joshi&lt;\/small&gt;&lt;br&gt;&lt;br&gt;13.30-15.00 - Anaesthesia reflections for Robotic assisted Atrial Septal Defect Repair: Fusion of cardiothoracic skills. A Single Centre Experience, \u2018Singapore Way\u2019.&lt;br&gt;&lt;small&gt;Shitalkumar Shah&lt;\/small&gt;&lt;br&gt;&lt;br&gt;13.30-15.00 - A standardized multidisciplinary approach and a modified surgical technique for the management of abnormally invasive placenta; striking differences in blood loss and need for transfusion: a retrospective comparative study&lt;br&gt;&lt;small&gt;Zeljka Lekic&lt;\/small&gt;&lt;br&gt;&lt;br&gt;13.30-15.00 - Blood clots in the ECMO-system \u2013 a theoretical platelet activation study&lt;br&gt;&lt;small&gt;Gabriel Fuchs&lt;\/small&gt;&lt;br&gt;&lt;br&gt;13.30-15.00 - Case of subdural hematoma after labor epidural: Implications for follow-up of post dural puncture head ache &lt;br&gt;&lt;small&gt;Jan Collden&lt;\/small&gt;&lt;br&gt;&lt;br&gt;13.30-15.00 - Clinical relevance of bodyposition for epidural analgesia for labour.&lt;br&gt;&lt;small&gt;Augusta Waage&lt;\/small&gt;&lt;br&gt;&lt;br&gt;13.30-15.00 - Concordance of the new ESPEN criteria and low phase angle in defining early stages of malnutrition in cardiac surgery&lt;br&gt;&lt;small&gt;Donata Ringaitiene&lt;\/small&gt;&lt;br&gt;&lt;br&gt;13.30-15.00 - Differences across ICUs in organ donation after brain death (DBD): A nationwide study of relationship with variation in end-of-life decisions.&lt;br&gt;&lt;small&gt;Thomas Nolin&lt;\/small&gt;&lt;br&gt;&lt;br&gt;13.30-15.00 - Genetic association of oxidative stress and fluid accumulation makes Balb\/CJ mice more sensitive to decompensated heart failure&lt;br&gt;&lt;small&gt;Mediha Becirovic Agic&lt;\/small&gt;&lt;br&gt;&lt;br&gt;13.30-15.00 - Hemodynamic Effects of Intravenous Vasopressin and Nitroglycerine in combination in liver surgery&lt;br&gt;&lt;small&gt;Ellinor Wis\u00e9n&lt;\/small&gt;&lt;br&gt;&lt;br&gt;13.30-15.00 - Hemostatic Function after Aneurismal Subarachnoid Hemorrhage&lt;br&gt;&lt;small&gt;Signe Voigt Lauridsen&lt;\/small&gt;&lt;br&gt;&lt;br&gt;13.30-15.00 - Hyperthyroidism in patient with molar pregnancy&lt;br&gt;&lt;small&gt;Grethe Heitmann&lt;\/small&gt;&lt;br&gt;&lt;br&gt;13.30-15.00 - Intracranial pressure during renal replacement therapy in patients with acute brain injury&lt;br&gt;&lt;small&gt;Anton Lund&lt;\/small&gt;&lt;br&gt;&lt;br&gt;13.30-15.00 - Is there a difference in postoperative pain in cesarean section, emergency versus elective, evaluated on the amount of used opioid in the first 24 hours?&lt;br&gt;&lt;small&gt;Neel Wall\u00f8e&lt;\/small&gt;&lt;br&gt;&lt;br&gt;13.30-15.00 - Is there a relationship between halogenated anaesthetic gases and dementia?&lt;br&gt;&lt;small&gt;Anna-Karin Strand&lt;\/small&gt;&lt;br&gt;&lt;br&gt;13.30-15.00 - Labor analgesia in Turku University Hospital: Quality and maternal satisfaction&lt;br&gt;&lt;small&gt;Riina Rikalainen-Salmi&lt;\/small&gt;&lt;br&gt;&lt;br&gt;13.30-15.00 - Midazolam is better than Clonidine in preventing negative postoperative behaviour in children age 2-4.&lt;br&gt;&lt;small&gt;Caroline Zickerman&lt;\/small&gt;&lt;br&gt;&lt;br&gt;13.30-15.00 - Non-invasive detection of pump-associated blood clots in the ECMO-system&lt;br&gt;&lt;small&gt;Gabriel Fuchs&lt;\/small&gt;&lt;br&gt;&lt;br&gt;13.30-15.00 - Norepinephrine effect is not affected by Losartan in rats after resuscitated haemorrhage&lt;br&gt;&lt;small&gt;Sofia J\u00f6nsson&lt;\/small&gt;&lt;br&gt;&lt;br&gt;13.30-15.00 - Opioid consumption after emergency and elective caesarean section&lt;br&gt;&lt;small&gt;Kim Lindelof&lt;\/small&gt;&lt;br&gt;&lt;br&gt;13.30-15.00 - Optical methods based on tracking of optical contrast agent in confirmation of brain death: preliminary results&lt;br&gt;&lt;small&gt;Wojciech Weigl&lt;\/small&gt;&lt;br&gt;&lt;br&gt;13.30-15.00 - Perioperative fluid balance, is it true?&lt;br&gt;&lt;small&gt;Marja Lindqvist&lt;\/small&gt;&lt;br&gt;&lt;br&gt;13.30-15.00 - Perioperative management of patients undergoing surgery for unilateral dominant primary aldosteronism&lt;br&gt;&lt;small&gt;Kristina Ekl\u00f6f&lt;\/small&gt;&lt;br&gt;&lt;br&gt;13.30-15.00 - Predictors of Self-Extubation among Head Injury Patients in Trauma Intensive Care Unit&lt;br&gt;&lt;small&gt;Saeed Mahmood&lt;\/small&gt;&lt;br&gt;&lt;br&gt;13.30-15.00 - Results from more than twenty years of surgical pulmonary endarterectomy for chronic thromboembolic pulmonary hypertension in Denmark&lt;br&gt;&lt;small&gt;Dorthe Viemose Nielsen&lt;\/small&gt;&lt;br&gt;&lt;br&gt;13.30-15.00 - Risk factors for late awakening after cardiac arrest and target temperature management &lt;br&gt;&lt;small&gt;Anna Lybeck&lt;\/small&gt;&lt;br&gt;&lt;br&gt;13.30-15.00 - Spinal analgesia for relief of labour pain in prima- and multiparous mothers&lt;br&gt;&lt;small&gt;Evija Austruma&lt;\/small&gt;&lt;br&gt;&lt;br&gt;13.30-15.00 - The influence of needle diameter on puncture failures in relation to cesarean section and vaginal delivery; a prospective, randomized study.&lt;br&gt;&lt;small&gt;Nina Vibeche Skei&lt;\/small&gt;&lt;br&gt;&lt;br&gt;13.30-15.00 - The predictive factors for massive transfusion in non-idiopathic scoliosis undergoing corrective surgery \u2013 Mutivariable analysis&lt;br&gt;&lt;small&gt;Heesun Park&lt;\/small&gt;&lt;br&gt;&lt;br&gt;\"\n                data-category=\"\"\n                data-category-ids=\"\"\n                data-span-all=\"\"\n              >\n\n              \n\n              <div class=\"vertical_bar\" style=\"background-color: rgba(255, 255, 255, 0);\"><\/div>\n              <div class=\"box_inner\">\n                                <span>Poster session<\/span>\n               <br>\n               \n               <div class=\"room_div \">\n                 <i class=\"list-room\">Poster area (exhibition)<\/i>\n               <\/div>\n\n               <div class=\"name_time_div\">\n                <i class=\"list-time\" data-time=\"13:30\">13:30-15:00 - Onsdag 6 september<\/i>\n               <\/div>\n              <\/div>\n             <\/div>\n          <\/div>\n\n          \n          <div class=\"box-wrapper\"\n              data-id=\"1337\">\n\n              <div class='time-header'>14:40<\/div>\n\n              <div class=\"box\"\n                data-id=\"1337\"\n                data-project=\"project_267_2017_02_17\"\n                data-title=\"Lund University 350 year Celebration Lecture\"\n                data-time=\"14:40-15:10\"\n                data-room=\"Lecture hall A+B\"\n                data-room-id=\"1149\"\n                data-room-name=\"Lecture hall A+B\"\n                data-day=\"0\"\n                data-abs-nbr=\"\"\n                data-abs-path=\"\"\n                data-speaker=\"Edvard Moser\"\n                data-speakercell=\"Edvard Moser\"\n                data-info=\" \n                 &lt;p&gt;&lt;i&gt;Introduction by Jonas \u00c5keson&lt;\/i&gt;&lt;\/p&gt; \n                 &lt;p&gt;&lt;b&gt;The importance of finding the way&lt;br&gt;&lt;\/b&gt;&lt;i&gt;Edvard Moser, Trondheim (NO)&lt;br&gt;&lt;\/i&gt;&lt;i&gt;2014 Nobel Prize Laureate in Physiology or Medicine&lt;\/i&gt;&lt;\/p&gt; \n                &lt;br&gt;&lt;br&gt;\"\n                data-category=\"Plenary session\"\n                data-category-ids=\"1017\"\n                data-span-all=\"\"\n              >\n\n              \n\n              <div class=\"vertical_bar\" style=\"background-color: #FFF9C5;\"><\/div>\n              <div class=\"box_inner\">\n                                <span>Lund University 350 year Celebration Lecture<\/span>\n               <br>\n               <div class=\"lecturer\"><span>Edvard Moser<\/span><\/div>\n               <div class=\"room_div \">\n                 <i class=\"list-room\">Lecture hall A+B<\/i>\n               <\/div>\n\n               <div class=\"name_time_div\">\n                <i class=\"list-time\" data-time=\"14:40\">14:40-15:10 - Onsdag 6 september<\/i>\n               <\/div>\n              <\/div>\n             <\/div>\n          <\/div>\n\n          \n          <div class=\"box-wrapper\"\n              data-id=\"1262\">\n\n              <div class='time-header'>15:00<\/div>\n\n              <div class=\"box\"\n                data-id=\"1262\"\n                data-project=\"project_267_2017_02_17\"\n                data-title=\"Coffee & exhibition\"\n                data-time=\"15:00-15:30\"\n                data-room=\"-Ej specificerad-\"\n                data-room-id=\"-1\"\n                data-room-name=\"-Ej specificerad-\"\n                data-day=\"0\"\n                data-abs-nbr=\"\"\n                data-abs-path=\"\"\n                data-speaker=\"\"\n                data-speakercell=\"\"\n                data-info=\"\"\n                data-category=\"\"\n                data-category-ids=\"\"\n                data-span-all=\"1\"\n              >\n\n              \n\n              <div class=\"vertical_bar\" style=\"background-color: rgba(255, 255, 255, 0);\"><\/div>\n              <div class=\"box_inner\">\n                                <span>Coffee & exhibition<\/span>\n               <br>\n               \n               <div class=\"room_div \">\n                 <i class=\"list-room\">-Ej specificerad-<\/i>\n               <\/div>\n\n               <div class=\"name_time_div\">\n                <i class=\"list-time\" data-time=\"15:00\">15:00-15:30 - Onsdag 6 september<\/i>\n               <\/div>\n              <\/div>\n             <\/div>\n          <\/div>\n\n          \n          <div class=\"box-wrapper\"\n              data-id=\"1344\">\n\n              <div class='time-header'>15:30<\/div>\n\n              <div class=\"box\"\n                data-id=\"1344\"\n                data-project=\"project_267_2017_02_17\"\n                data-title=\"Poster session\"\n                data-time=\"15:30-16:30\"\n                data-room=\"Poster area (exhibition)\"\n                data-room-id=\"1093\"\n                data-room-name=\"Poster area (exhibition)\"\n                data-day=\"0\"\n                data-abs-nbr=\"\"\n                data-abs-path=\"\"\n                data-speaker=\"\"\n                data-speakercell=\"\"\n                data-info=\"&lt;b&gt;Moderatorer: &lt;\/b&gt;Andreas Harsten; Jan Persson; David Costi&lt;br&gt;&lt;br&gt; \n                 &lt;p&gt;&lt;b&gt;Posters 9-17:&amp;nbsp;&lt;\/b&gt;&lt;b&gt;General Anaesthesia and Perioperative Medicine&lt;br&gt;&lt;\/b&gt;&lt;i&gt;Chair: Andreas Harsten&lt;\/i&gt;&lt;b&gt;&lt;br&gt;&lt;\/b&gt;&lt;\/p&gt; \n                 &lt;p&gt;&lt;b&gt;Posters: 42-45:&amp;nbsp;&lt;\/b&gt;&lt;b&gt;Pain &amp;nbsp; &amp;nbsp; &amp;nbsp; &amp;nbsp; &amp;nbsp; &amp;nbsp; &amp;nbsp; &amp;nbsp; &amp;nbsp; &amp;nbsp; &amp;nbsp; &amp;nbsp; &amp;nbsp; &amp;nbsp; &amp;nbsp;&lt;br&gt;&lt;\/b&gt;&lt;i&gt;Chair: Jan Persson&lt;\/i&gt;&lt;\/p&gt; \n                 &lt;p&gt;&lt;b&gt;Posters 46-51:&amp;nbsp;&lt;\/b&gt;&lt;b&gt;Paediatric Anaesthesia and Intensive Care&lt;br&gt;&lt;\/b&gt;&lt;i&gt;Chair: David Costi&lt;\/i&gt;&lt;\/p&gt; \n                 &lt;p&gt;&lt;br&gt;&lt;\/p&gt; \n                &lt;br&gt;&lt;br&gt;15.30-16.30 - Can pediatric gamma knife radiosurgery be managed under monitored anesthesia care? : Initial experiences of our institution&lt;br&gt;&lt;small&gt;Kotoe Kamata&lt;\/small&gt;&lt;br&gt;&lt;br&gt;15.30-16.30 - Challenging the multimodal analgesic principle: Data from a cohort of total hip arthroplasty patients in five different hospitals&lt;br&gt;&lt;small&gt;Anja Geisler&lt;\/small&gt;&lt;br&gt;&lt;br&gt;15.30-16.30 - Clinical manifestations of pyogenic discitis; A contraindication of lumbar epidural steroid injections for low back pain&lt;br&gt;&lt;small&gt;Yusuke Asakura&lt;\/small&gt;&lt;br&gt;&lt;br&gt;15.30-16.30 - Comparison of the effects of awakening end-tidal concentration among inhalational anesthetics in pediatric patients: a retrospective study.&lt;br&gt;&lt;small&gt;Masanori Tsukamoto&lt;\/small&gt;&lt;br&gt;&lt;br&gt;15.30-16.30 - Does dobutamine improve early postnatal cardiac output in neonates? Central hemodynamic dose-response study. &lt;br&gt;&lt;small&gt;Maarja Hallik&lt;\/small&gt;&lt;br&gt;&lt;br&gt;15.30-16.30 - Efficacy and safety of Sugammadex versus Neostigmine in reversing neuromuscular blockade in adults: A Cochrane Systematic Review with Trial Sequential Analysis&lt;br&gt;&lt;small&gt;Ana-Marija Hristovska&lt;\/small&gt;&lt;br&gt;&lt;br&gt;15.30-16.30 - High-dose preoperative methylprednisolone and glycaemic control early after total hip and knee arthroplasty&lt;br&gt;&lt;small&gt;Viktoria Lindberg-Larsen&lt;\/small&gt;&lt;br&gt;&lt;br&gt;15.30-16.30 - Incidence and risk factors associated with arrhythmia during volatile induction of anesthesia using sevoflurane&lt;br&gt;&lt;small&gt;Jaewon Baik&lt;\/small&gt;&lt;br&gt;&lt;br&gt;15.30-16.30 - Neonatal Intensive Care Unit or Operating Room for Neonatal Surgery - Scandinavian Practices&lt;br&gt;&lt;small&gt;Marianne Berntsen&lt;\/small&gt;&lt;br&gt;&lt;br&gt;15.30-16.30 - Pain management following robot-assisted hysterectomy. A retrospective evaluation of intrathecal morphine vs. multimodal analgesia&lt;br&gt;&lt;small&gt;Ann-Charlotte Lindstr\u00f6m&lt;\/small&gt;&lt;br&gt;&lt;br&gt;15.30-16.30 - Predictive performance of target controlled infusion of propofol-MCT\/LCT using the modified Marsh and Schnider models: a simulation study&lt;br&gt;&lt;small&gt;Sangmee An&lt;\/small&gt;&lt;br&gt;&lt;br&gt;15.30-16.30 - Preoperative methylprednisolone reduces endothelial damage early after fast-track total knee arthroplasty&lt;br&gt;&lt;small&gt;Viktoria Lindberg-Larsen&lt;\/small&gt;&lt;br&gt;&lt;br&gt;15.30-16.30 - Psychological factors influencing scored pain intensity during venous cannulation&lt;br&gt;&lt;small&gt;Lars-Erik Dyrehag&lt;\/small&gt;&lt;br&gt;&lt;br&gt;15.30-16.30 - The analgesic potency dose of remifentanil to minimize stress response induced by intubation and measurement uncertainty of surgical pleth index&lt;br&gt;&lt;small&gt;Sukyung Lee&lt;\/small&gt;&lt;br&gt;&lt;br&gt;15.30-16.30 - The toddler Transmuscular Quadratus Lumborum block for orchiopexy&lt;br&gt;&lt;small&gt;Martin Vedel Nielsen&lt;\/small&gt;&lt;br&gt;&lt;br&gt;\"\n                data-category=\"\"\n                data-category-ids=\"\"\n                data-span-all=\"\"\n              >\n\n              \n\n              <div class=\"vertical_bar\" style=\"background-color: rgba(255, 255, 255, 0);\"><\/div>\n              <div class=\"box_inner\">\n                                <span>Poster session<\/span>\n               <br>\n               \n               <div class=\"room_div \">\n                 <i class=\"list-room\">Poster area (exhibition)<\/i>\n               <\/div>\n\n               <div class=\"name_time_div\">\n                <i class=\"list-time\" data-time=\"15:30\">15:30-16:30 - Onsdag 6 september<\/i>\n               <\/div>\n              <\/div>\n             <\/div>\n          <\/div>\n\n          \n          <div class=\"box-wrapper\"\n              data-id=\"1343\">\n\n              <div class='time-header' style='visibility: hidden;'>15:30<\/div>\n\n              <div class=\"box\"\n                data-id=\"1343\"\n                data-project=\"project_267_2017_02_17\"\n                data-title=\"Prehospital emergency critical care and trauma\"\n                data-time=\"15:30-16:30\"\n                data-room=\"Lecture hall E\"\n                data-room-id=\"1089\"\n                data-room-name=\"Lecture hall E\"\n                data-day=\"0\"\n                data-abs-nbr=\"\"\n                data-abs-path=\"\"\n                data-speaker=\"Torben Wisborg; Peter Berlac; Karl Christian Thies\"\n                data-speakercell=\"Torben Wisborg; Peter Berlac; Karl Christian Thies\"\n                data-info=\"&lt;b&gt;Moderatorer: &lt;\/b&gt;Lars Rasmussen; Theresa Olasvengen&lt;br&gt;&lt;br&gt; \n                 &lt;p&gt;&lt;b&gt;Trauma Care: Implementing a national program on trauma care in Norway \u2013 &amp;nbsp;data, achievements and lessons learned&amp;nbsp;&lt;br&gt;&lt;\/b&gt;&lt;i&gt;Torben Wisborg (NO)&lt;\/i&gt;&lt;\/p&gt; \n                 &lt;p&gt;&lt;b&gt;TEMS - Tactical Emergency Medical Service is this a new path we need to implement?&lt;br&gt;&lt;\/b&gt;&lt;i&gt;Peter Berlac (DK)&lt;\/i&gt;&lt;\/p&gt; \n                 &lt;p&gt;&lt;b&gt;The European Trauma Course \u2013 the team approach. Why is this the right course for anesthesiologists?&lt;br&gt;&lt;\/b&gt;&lt;i&gt;Karl Christian Thies (UK)&lt;\/i&gt;&lt;\/p&gt; \n                &lt;br&gt;&lt;br&gt;\"\n                data-category=\"Critical emergency medicine\"\n                data-category-ids=\"1026\"\n                data-span-all=\"\"\n              >\n\n              \n\n              <div class=\"vertical_bar\" style=\"background-color: rgba(255, 255, 255, 0);\"><\/div>\n              <div class=\"box_inner\">\n                                <span>Prehospital emergency critical care and trauma<\/span>\n               <br>\n               <div class=\"lecturer\"><span>Torben Wisborg; Peter Berlac; Karl Christian Thies<\/span><\/div>\n               <div class=\"room_div \">\n                 <i class=\"list-room\">Lecture hall E<\/i>\n               <\/div>\n\n               <div class=\"name_time_div\">\n                <i class=\"list-time\" data-time=\"15:30\">15:30-16:30 - Onsdag 6 september<\/i>\n               <\/div>\n              <\/div>\n             <\/div>\n          <\/div>\n\n          \n          <div class=\"box-wrapper\"\n              data-id=\"1252\">\n\n              <div class='time-header' style='visibility: hidden;'>15:30<\/div>\n\n              <div class=\"box\"\n                data-id=\"1252\"\n                data-project=\"project_267_2017_02_17\"\n                data-title=\"Paediatric anaesthesia and web-based learning\"\n                data-time=\"15:30-16:30\"\n                data-room=\"Lecture hall D\"\n                data-room-id=\"1088\"\n                data-room-name=\"Lecture hall D\"\n                data-day=\"0\"\n                data-abs-nbr=\"\"\n                data-abs-path=\"\"\n                data-speaker=\"Torsten Lauritsen; Mathias Johansen\"\n                data-speakercell=\"Torsten Lauritsen; Mathias Johansen\"\n                data-info=\"&lt;b&gt;Moderatorer: &lt;\/b&gt;Joseph Cravero; Pertti Suominen&lt;br&gt;&lt;br&gt; \n                 &lt;p&gt;&lt;b&gt;SAFETOTS&lt;br&gt;&lt;\/b&gt;&lt;i&gt;Torsten Lauritsen (DK)&lt;\/i&gt;&lt;\/p&gt; \n                 &lt;p&gt;&lt;b&gt;Web based learning in paediatric anaesthesia \u2013 an educational project from ESPA and SSAI&amp;nbsp;&lt;br&gt;&lt;\/b&gt;&lt;i&gt;Mathias Johansen&amp;nbsp; (DK)&lt;\/i&gt;&lt;\/p&gt; \n                &lt;br&gt;&lt;br&gt;\"\n                data-category=\"Special anaesthesia and intens care\"\n                data-category-ids=\"1022\"\n                data-span-all=\"\"\n              >\n\n              \n\n              <div class=\"vertical_bar\" style=\"background-color: #B4C0D2;\"><\/div>\n              <div class=\"box_inner\">\n                                <span>Paediatric anaesthesia and web-based learning<\/span>\n               <br>\n               <div class=\"lecturer\"><span>Torsten Lauritsen; Mathias Johansen<\/span><\/div>\n               <div class=\"room_div \">\n                 <i class=\"list-room\">Lecture hall D<\/i>\n               <\/div>\n\n               <div class=\"name_time_div\">\n                <i class=\"list-time\" data-time=\"15:30\">15:30-16:30 - Onsdag 6 september<\/i>\n               <\/div>\n              <\/div>\n             <\/div>\n          <\/div>\n\n          \n          <div class=\"box-wrapper\"\n              data-id=\"1269\">\n\n              <div class='time-header' style='visibility: hidden;'>15:30<\/div>\n\n              <div class=\"box\"\n                data-id=\"1269\"\n                data-project=\"project_267_2017_02_17\"\n                data-title=\"Perioperative Medicine saves lives- why, how and what are YOU doing about it?\"\n                data-time=\"15:30-16:30\"\n                data-room=\"Lecture hall C\"\n                data-room-id=\"1087\"\n                data-room-name=\"Lecture hall C\"\n                data-day=\"0\"\n                data-abs-nbr=\"\"\n                data-abs-path=\"\"\n                data-speaker=\"Sven Erik Gisvold; Rupert Pearse; Michelle Chew; Anna Cedborg\"\n                data-speakercell=\"Sven Erik Gisvold; Rupert Pearse; Michelle Chew; Anna Cedborg\"\n                data-info=\"&lt;b&gt;Moderatorer: &lt;\/b&gt;Suzanne Odeberg-Wernerman; Sven Erik Gisvold&lt;br&gt;&lt;br&gt; \n                 &lt;p&gt;&lt;b&gt;Introduction to the concept \u201dPerioperative\u201d&amp;nbsp;&lt;br&gt;&lt;\/b&gt;&lt;i&gt;Sven Erik Gisvold (NO)&lt;\/i&gt;&lt;\/p&gt; \n                 &lt;p&gt;&lt;b&gt;Why perioperative medicine? How it changes outcome&lt;br&gt;&lt;\/b&gt;&lt;i&gt;Rupert Pearse (UK)&lt;\/i&gt;&lt;\/p&gt; \n                 &lt;p&gt;&lt;b&gt;How should we do it? Hot topics in perioperative research&amp;nbsp;&lt;br&gt;&lt;\/b&gt;&lt;i&gt;Michelle Chew (SE)&lt;\/i&gt;&lt;\/p&gt; \n                 &lt;p&gt;&lt;b&gt;What are we doing about it? Inspiring and implementing change&lt;br&gt;&lt;\/b&gt;&lt;i&gt;Anna Cedborg (SE)&lt;\/i&gt;&lt;\/p&gt; \n                &lt;br&gt;&lt;br&gt;\"\n                data-category=\"Anaesthesia and periop medicine\"\n                data-category-ids=\"1021\"\n                data-span-all=\"\"\n              >\n\n              \n\n              <div class=\"vertical_bar\" style=\"background-color: #D2E4C4;\"><\/div>\n              <div class=\"box_inner\">\n                                <span>Perioperative Medicine saves lives- why, how and what are YOU doing about it?<\/span>\n               <br>\n               <div class=\"lecturer\"><span>Sven Erik Gisvold; Rupert Pearse; Michelle Chew; Anna Cedborg<\/span><\/div>\n               <div class=\"room_div \">\n                 <i class=\"list-room\">Lecture hall C<\/i>\n               <\/div>\n\n               <div class=\"name_time_div\">\n                <i class=\"list-time\" data-time=\"15:30\">15:30-16:30 - Onsdag 6 september<\/i>\n               <\/div>\n              <\/div>\n             <\/div>\n          <\/div>\n\n          \n          <div class=\"box-wrapper\"\n              data-id=\"1338\">\n\n              <div class='time-header' style='visibility: hidden;'>15:30<\/div>\n\n              <div class=\"box\"\n                data-id=\"1338\"\n                data-project=\"project_267_2017_02_17\"\n                data-title=\"Critical conditions in a global perspective\"\n                data-time=\"15:30-16:30\"\n                data-room=\"Lecture hall A+B\"\n                data-room-id=\"1149\"\n                data-room-name=\"Lecture hall A+B\"\n                data-day=\"0\"\n                data-abs-nbr=\"\"\n                data-abs-path=\"\"\n                data-speaker=\"Kathryn Maitland; Lars Irestedt; Viveka Nordberg\"\n                data-speakercell=\"Kathryn Maitland; Lars Irestedt; Viveka Nordberg\"\n                data-info=\"&lt;b&gt;Moderatorer: &lt;\/b&gt;Claes Frostell; Elin Bj\u00f8rnestad&lt;br&gt;&lt;br&gt; \n                 &lt;p&gt;&lt;b&gt;Sepsis Management in resource-limited hospitals in Africa&amp;nbsp;&lt;br&gt;&lt;\/b&gt;&lt;i&gt;Kathryn Maitland (UK)&lt;\/i&gt;&lt;\/p&gt; \n                 &lt;p&gt;&lt;b&gt;Collaboration with a resource-limited region in Africa: Milestones and challenges Dar Es Salaam versus Stockholm&lt;\/b&gt;&lt;\/p&gt; \n                 &lt;p&gt;&lt;b&gt;The anaesthesiologist\u2019s perspective&lt;br&gt;&lt;\/b&gt;&lt;i&gt;Lars Irestedt (SE)&lt;\/i&gt;&lt;\/p&gt; \n                 &lt;p&gt;&lt;b&gt;The paediatrician\u2019s perspective&lt;br&gt;&lt;\/b&gt;&lt;i&gt;Viveka Nordberg (SE)&lt;\/i&gt;&lt;\/p&gt; \n                &lt;br&gt;&lt;br&gt;\"\n                data-category=\"Intensive care\"\n                data-category-ids=\"1019\"\n                data-span-all=\"\"\n              >\n\n              \n\n              <div class=\"vertical_bar\" style=\"background-color: rgba(255, 255, 255, 0);\"><\/div>\n              <div class=\"box_inner\">\n                                <span>Critical conditions in a global perspective<\/span>\n               <br>\n               <div class=\"lecturer\"><span>Kathryn Maitland; Lars Irestedt; Viveka Nordberg<\/span><\/div>\n               <div class=\"room_div \">\n                 <i class=\"list-room\">Lecture hall A+B<\/i>\n               <\/div>\n\n               <div class=\"name_time_div\">\n                <i class=\"list-time\" data-time=\"15:30\">15:30-16:30 - Onsdag 6 september<\/i>\n               <\/div>\n              <\/div>\n             <\/div>\n          <\/div>\n\n          \n          <div class=\"box-wrapper\"\n              data-id=\"1339\">\n\n              <div class='time-header'>16:40<\/div>\n\n              <div class=\"box\"\n                data-id=\"1339\"\n                data-project=\"project_267_2017_02_17\"\n                data-title=\"The Martin H:son Holmdahl Lecture \"\n                data-time=\"16:40-17:30\"\n                data-room=\"Lecture hall A+B\"\n                data-room-id=\"1149\"\n                data-room-name=\"Lecture hall A+B\"\n                data-day=\"0\"\n                data-abs-nbr=\"\"\n                data-abs-path=\"\"\n                data-speaker=\"Rupert Pearse\"\n                data-speakercell=\"Rupert Pearse\"\n                data-info=\" \n                 &lt;p&gt;&lt;i&gt;Introduction by Sten Rubertsson&lt;\/i&gt;&lt;\/p&gt; \n                 &lt;p&gt;&lt;b&gt;Safe and effective surgery: everyone\u2019s job?&lt;br&gt;&lt;\/b&gt;&lt;i&gt;Rupert Pearse, London&amp;nbsp; (UK)&lt;\/i&gt;&lt;\/p&gt; \n                &lt;br&gt;&lt;br&gt;\"\n                data-category=\"Plenary session\"\n                data-category-ids=\"1017\"\n                data-span-all=\"1\"\n              >\n\n              \n\n              <div class=\"vertical_bar\" style=\"background-color: #FFF9C5;\"><\/div>\n              <div class=\"box_inner\">\n                                <span>The Martin H:son Holmdahl Lecture <\/span>\n               <br>\n               <div class=\"lecturer\"><span>Rupert Pearse<\/span><\/div>\n               <div class=\"room_div \">\n                 <i class=\"list-room\">Lecture hall A+B<\/i>\n               <\/div>\n\n               <div class=\"name_time_div\">\n                <i class=\"list-time\" data-time=\"16:40\">16:40-17:30 - Onsdag 6 september<\/i>\n               <\/div>\n              <\/div>\n             <\/div>\n          <\/div>\n\n          \n          <div class=\"box-wrapper\"\n              data-id=\"1263\">\n\n              <div class='time-header'>17:30<\/div>\n\n              <div class=\"box\"\n                data-id=\"1263\"\n                data-project=\"project_267_2017_02_17\"\n                data-title=\"Get together in the exhibition area\"\n                data-time=\"17:30-19:30\"\n                data-room=\"Exhibition area\"\n                data-room-id=\"1092\"\n                data-room-name=\"Exhibition area\"\n                data-day=\"0\"\n                data-abs-nbr=\"\"\n                data-abs-path=\"\"\n                data-speaker=\"\"\n                data-speakercell=\"\"\n                data-info=\"\"\n                data-category=\"\"\n                data-category-ids=\"\"\n                data-span-all=\"1\"\n              >\n\n              \n\n              <div class=\"vertical_bar\" style=\"background-color: rgba(255, 255, 255, 0);\"><\/div>\n              <div class=\"box_inner\">\n                                <span>Get together in the exhibition area<\/span>\n               <br>\n               \n               <div class=\"room_div \">\n                 <i class=\"list-room\">Exhibition area<\/i>\n               <\/div>\n\n               <div class=\"name_time_div\">\n                <i class=\"list-time\" data-time=\"17:30\">17:30-19:30 - Onsdag 6 september<\/i>\n               <\/div>\n              <\/div>\n             <\/div>\n          <\/div>\n\n          <div class='list_header' data-day='1' style='background-color: rgba(32, 132, 196, 0.83); color: rgba(255, 255, 255, 1);'>Torsdag 7 september<\/div>\n          <div class=\"box-wrapper\"\n              data-id=\"1357\">\n\n              <div class='time-header'>07:30<\/div>\n\n              <div class=\"box\"\n                data-id=\"1357\"\n                data-project=\"project_267_2017_02_17\"\n                data-title=\"Registration\"\n                data-time=\"07:30-08:00\"\n                data-room=\"-Ej specificerad-\"\n                data-room-id=\"-1\"\n                data-room-name=\"-Ej specificerad-\"\n                data-day=\"1\"\n                data-abs-nbr=\"\"\n                data-abs-path=\"\"\n                data-speaker=\"\"\n                data-speakercell=\"\"\n                data-info=\"\"\n                data-category=\"\"\n                data-category-ids=\"\"\n                data-span-all=\"1\"\n              >\n\n              \n\n              <div class=\"vertical_bar\" style=\"background-color: rgba(255, 255, 255, 0);\"><\/div>\n              <div class=\"box_inner\">\n                                <span>Registration<\/span>\n               <br>\n               \n               <div class=\"room_div \">\n                 <i class=\"list-room\">-Ej specificerad-<\/i>\n               <\/div>\n\n               <div class=\"name_time_div\">\n                <i class=\"list-time\" data-time=\"07:30\">07:30-08:00 - Torsdag 7 september<\/i>\n               <\/div>\n              <\/div>\n             <\/div>\n          <\/div>\n\n          \n          <div class=\"box-wrapper\"\n              data-id=\"1301\">\n\n              <div class='time-header'>08:00<\/div>\n\n              <div class=\"box\"\n                data-id=\"1301\"\n                data-project=\"project_267_2017_02_17\"\n                data-title=\"Poster session\"\n                data-time=\"08:00-09:30\"\n                data-room=\"Poster area (exhibition)\"\n                data-room-id=\"1093\"\n                data-room-name=\"Poster area (exhibition)\"\n                data-day=\"1\"\n                data-abs-nbr=\"\"\n                data-abs-path=\"\"\n                data-speaker=\"\"\n                data-speakercell=\"\"\n                data-info=\"&lt;b&gt;Moderatorer: &lt;\/b&gt;Pertti Suominen; Anders Larsson; Torben Wisborg&lt;br&gt;&lt;br&gt; \n                 &lt;p&gt;&lt;b&gt;Posters 93, 53-59:&amp;nbsp;&lt;\/b&gt;&lt;b&gt;SSAI Education Program in Paediatric Anaesthesia and Intensive Care&lt;br&gt;&lt;\/b&gt;&lt;i&gt;Chair: Pertti Suominen &amp;nbsp; &amp;nbsp; &amp;nbsp; &amp;nbsp; &amp;nbsp; &amp;nbsp; &amp;nbsp; &amp;nbsp; &amp;nbsp; &amp;nbsp; &amp;nbsp; &amp;nbsp; &amp;nbsp; &amp;nbsp; &amp;nbsp; &amp;nbsp; &amp;nbsp; &amp;nbsp; &amp;nbsp; &amp;nbsp; &amp;nbsp; &amp;nbsp;&amp;nbsp;&lt;\/i&gt;&lt;\/p&gt; \n                 &lt;p&gt;&lt;b&gt;Posters 121, 63-67:&amp;nbsp;&lt;\/b&gt;&lt;b&gt;Airway and Respiration&lt;br&gt;&lt;\/b&gt;&lt;i&gt;Chair: Anders Larsson &amp;nbsp; &amp;nbsp; &amp;nbsp; &amp;nbsp; &amp;nbsp; &amp;nbsp; &amp;nbsp; &amp;nbsp; &amp;nbsp; &amp;nbsp; &amp;nbsp; &amp;nbsp; &amp;nbsp; &amp;nbsp; &amp;nbsp; &amp;nbsp; &amp;nbsp;&amp;nbsp;&lt;\/i&gt;&lt;\/p&gt; \n                 &lt;p&gt;&lt;b&gt;Posters 68-75:&amp;nbsp;&lt;\/b&gt;&lt;b&gt;Critical Emergency Medicine&lt;br&gt;&lt;\/b&gt;&lt;i&gt;Chair: Torben Wisborg&lt;\/i&gt;&lt;\/p&gt; \n                &lt;br&gt;&lt;br&gt;08.00-09.30 - Abnormalities in Body Temperature in Patients with Acute Coronary Syndrome&lt;br&gt;&lt;small&gt;Hiroshi Dohgomori&lt;\/small&gt;&lt;br&gt;&lt;br&gt;08.00-09.30 - A Rare Case of Dual Diagnosis in 16-Year-Old with Shortness of Breath&lt;br&gt;&lt;small&gt;Felicity de Vere&lt;\/small&gt;&lt;br&gt;&lt;br&gt;08.00-09.30 - Dexmedetomidine, a better choice for a difficult airway patient&lt;br&gt;&lt;small&gt;Maria In\u00eas Oliviera&lt;\/small&gt;&lt;br&gt;&lt;br&gt;08.00-09.30 - E-learning in paediatric anaesthesia \u2013 a cooperation between ESPA and SSAI&lt;br&gt;&lt;small&gt;Mathias Johansen&lt;\/small&gt;&lt;br&gt;&lt;br&gt;08.00-09.30 - Evaluation of the Ability of Anaesthetists to give Effective Cricoid Pressure: Prospective Interventional Study&lt;br&gt;&lt;small&gt;Reshma Ambulkar&lt;\/small&gt;&lt;br&gt;&lt;br&gt;08.00-09.30 - Global open-access template for reporting role of Helicopter Emergency Medical Services in Major Incidents&lt;br&gt;&lt;small&gt;Sabina Fattah&lt;\/small&gt;&lt;br&gt;&lt;br&gt;08.00-09.30 - Healthcare Associated Infections and Antimicrobial Use in Nordic Paediatric Intensive Care Units \u2013 a Point of Prevalence Survey&lt;br&gt;&lt;small&gt;Christian Renken&lt;\/small&gt;&lt;br&gt;&lt;br&gt;08.00-09.30 - Improvements in major incident response: Systematic reporting through a consensus based, freely accessible database. A pilot study. &lt;br&gt;&lt;small&gt;Torben Wisborg&lt;\/small&gt;&lt;br&gt;&lt;br&gt;08.00-09.30 - Induction and intubation of non-fasting children \u2013 a Nordic survey&lt;br&gt;&lt;small&gt;Stine K\u00e4hler&lt;\/small&gt;&lt;br&gt;&lt;br&gt;08.00-09.30 - Interhospital transport of critically ill children and neonates in the Nordic countries. How and by whom?&lt;br&gt;&lt;small&gt;David Ohlen&lt;\/small&gt;&lt;br&gt;&lt;br&gt;08.00-09.30 - Inter-rater variability study of a global major incident reporting template&lt;br&gt;&lt;small&gt;Lasse Raatiniemi&lt;\/small&gt;&lt;br&gt;&lt;br&gt;08.00-09.30 - Isolated hypoglossal nerve palsy after oral endotracheal tube.&lt;br&gt;&lt;small&gt;Bengt L\u00f6fgren&lt;\/small&gt;&lt;br&gt;&lt;br&gt;08.00-09.30 - Neonatal resuscitation simulation - a descriptive study.&lt;br&gt;&lt;small&gt;Maren Tarpgaard&lt;\/small&gt;&lt;br&gt;&lt;br&gt;08.00-09.30 - Noise Exposure During Ambulance Operations&lt;br&gt;&lt;small&gt;Mads Christian Tofte Hansen&lt;\/small&gt;&lt;br&gt;&lt;br&gt;08.00-09.30 - Non-invasive regional oxygenation and perfusion monitoring of reconstructive flaps viability, initial experiences&lt;br&gt;&lt;small&gt;Pether Jildenst\u00e5l&lt;\/small&gt;&lt;br&gt;&lt;br&gt;08.00-09.30 - Point-of-care ultrasound in assessment of hemodynamic status in children. Usage, training and attitudes - a Scandinavian survey. &lt;br&gt;&lt;small&gt;Johannes Jacks&lt;\/small&gt;&lt;br&gt;&lt;br&gt;08.00-09.30 - Prehospital video laryngoscopy in the Capital Region of Denmark : King Vision versus McGrath&lt;br&gt;&lt;small&gt;Ann M\u00f8ller&lt;\/small&gt;&lt;br&gt;&lt;br&gt;08.00-09.30 - Pre-oxygenation in rapid sequence induction anesthesia in adults; Transnasal Humidified Rapid-Insufflation Ventilatory Exchange (THRIVE) vs facemask breathing.&lt;br&gt;&lt;small&gt;\u00c5se Lodenius&lt;\/small&gt;&lt;br&gt;&lt;br&gt;08.00-09.30 - Scoring is not so boring \u2013 a Scandinavian survey of the use of pediatric mortality risk scoring systems in the Intensive Care Unit&lt;br&gt;&lt;small&gt;Martina Davidsson&lt;\/small&gt;&lt;br&gt;&lt;br&gt;08.00-09.30 - Self-Evaluated communication skills at Dispatch Central&lt;br&gt;&lt;small&gt;Stine Hebsgaard&lt;\/small&gt;&lt;br&gt;&lt;br&gt;08.00-09.30 - Supraglottic airway devices in laparoscopic surgery &lt;br&gt;&lt;small&gt;Nebojsa Videnovic&lt;\/small&gt;&lt;br&gt;&lt;br&gt;08.00-09.30 - Why do infants and children seek emergency care?&lt;br&gt;&lt;small&gt;Julia Ellbrant&lt;\/small&gt;&lt;br&gt;&lt;br&gt;\"\n                data-category=\"\"\n                data-category-ids=\"\"\n                data-span-all=\"\"\n              >\n\n              \n\n              <div class=\"vertical_bar\" style=\"background-color: rgba(255, 255, 255, 0);\"><\/div>\n              <div class=\"box_inner\">\n                                <span>Poster session<\/span>\n               <br>\n               \n               <div class=\"room_div \">\n                 <i class=\"list-room\">Poster area (exhibition)<\/i>\n               <\/div>\n\n               <div class=\"name_time_div\">\n                <i class=\"list-time\" data-time=\"08:00\">08:00-09:30 - Torsdag 7 september<\/i>\n               <\/div>\n              <\/div>\n             <\/div>\n          <\/div>\n\n          \n          <div class=\"box-wrapper\"\n              data-id=\"1290\">\n\n              <div class='time-header' style='visibility: hidden;'>08:00<\/div>\n\n              <div class=\"box\"\n                data-id=\"1290\"\n                data-project=\"project_267_2017_02_17\"\n                data-title=\"Earlier detection and management of clinical deterioration - a matter of patient safety\"\n                data-time=\"08:00-09:30\"\n                data-room=\"Lecture hall D\"\n                data-room-id=\"1088\"\n                data-room-name=\"Lecture hall D\"\n                data-day=\"1\"\n                data-abs-nbr=\"\"\n                data-abs-path=\"\"\n                data-speaker=\"Sven Erik Gisvold; Gitte Bunkenborg; Andreas  Hvarfner\"\n                data-speakercell=\"Sven Erik Gisvold; Gitte Bunkenborg; Andreas  Hvarfner\"\n                data-info=\"&lt;b&gt;Moderatorer: &lt;\/b&gt;Malin Rundgren; Jonas  \u00c5keson&lt;br&gt;&lt;br&gt; \n                 &lt;p&gt;&lt;b&gt;Promoting patient safety outside the operating or intensive care room&amp;nbsp;&lt;br&gt;&lt;\/b&gt;&lt;i&gt;Sven Erik Gisvold (NO)&amp;nbsp;&lt;\/i&gt;&lt;\/p&gt;&lt;p&gt;&lt;b&gt;Reducing hospital mortality by systematic early warning scoring&lt;br&gt;&lt;\/b&gt;&lt;i&gt;Gitte Bunkenborg (DK)&lt;\/i&gt;&lt;\/p&gt;&lt;p&gt;&lt;b&gt;Medical emergency teams&amp;nbsp;&lt;\/b&gt;&lt;b&gt;\u2013 do they matter?&amp;nbsp;&lt;br&gt;&lt;\/b&gt;&lt;i&gt;Andreas Hvarfner (SE)&lt;\/i&gt;&lt;\/p&gt;&lt;p&gt;\n\n\n\n\n\n\n\n\n\n\n\n\n\n\n&lt;\/p&gt;&lt;p&gt;&lt;b&gt;Panel discussion&amp;nbsp;&lt;\/b&gt;&lt;\/p&gt; \n                &lt;br&gt;&lt;br&gt;\"\n                data-category=\"Research, publication & teaching\"\n                data-category-ids=\"1024\"\n                data-span-all=\"\"\n              >\n\n              \n\n              <div class=\"vertical_bar\" style=\"background-color: E6F0DF;\"><\/div>\n              <div class=\"box_inner\">\n                                <span>Earlier detection and management of clinical deterioration - a matter of patient safety<\/span>\n               <br>\n               <div class=\"lecturer\"><span>Sven Erik Gisvold; Gitte Bunkenborg; Andreas  Hvarfner<\/span><\/div>\n               <div class=\"room_div \">\n                 <i class=\"list-room\">Lecture hall D<\/i>\n               <\/div>\n\n               <div class=\"name_time_div\">\n                <i class=\"list-time\" data-time=\"08:00\">08:00-09:30 - Torsdag 7 september<\/i>\n               <\/div>\n              <\/div>\n             <\/div>\n          <\/div>\n\n          \n          <div class=\"box-wrapper\"\n              data-id=\"1345\">\n\n              <div class='time-header' style='visibility: hidden;'>08:00<\/div>\n\n              <div class=\"box\"\n                data-id=\"1345\"\n                data-project=\"project_267_2017_02_17\"\n                data-title=\"Life after critical illness and what we can do to make it better\"\n                data-time=\"08:00-09:30\"\n                data-room=\"Lecture hall A+B\"\n                data-room-id=\"1149\"\n                data-room-name=\"Lecture hall A+B\"\n                data-day=\"1\"\n                data-abs-nbr=\"\"\n                data-abs-path=\"\"\n                data-speaker=\"Christian Rylander; Janet  Frolund Jensen; Pratik Pandharipande; Anna Milton; Johan Malmgren\"\n                data-speakercell=\"Christian Rylander; Janet  Frolund Jensen; Pratik Pandharipande; Anna Milton; Johan Malmgren\"\n                data-info=\"&lt;b&gt;Moderatorer: &lt;\/b&gt;Gisela Lilja; Christian Rylander&lt;br&gt;&lt;br&gt; \n                 &lt;p&gt;&lt;b&gt;Introduction&amp;nbsp;&lt;br&gt;&lt;\/b&gt;&lt;i&gt;Christian Rylander (SE)&lt;\/i&gt;&lt;\/p&gt; \n                 &lt;p&gt;&lt;b&gt;Multiple interventions in the ICU \u2013 are they worthwhile?&amp;nbsp;&lt;br&gt;&lt;\/b&gt;&lt;i&gt;Janet Froulund Jensen (DK)&lt;\/i&gt;&lt;\/p&gt; \n                 &lt;p&gt;&lt;b&gt;ICU delirium-critical factors and liberation bundles&amp;nbsp;&lt;br&gt;&lt;\/b&gt;&lt;i&gt;Pratik Pandharipande (USA)&lt;\/i&gt;&lt;\/p&gt; \n                 &lt;p&gt;&lt;b&gt;Can we identify vulnerable ICU patients in need of support after ICU discharge?&lt;br&gt;&lt;\/b&gt;&lt;i&gt;Anna Milton (SE)&amp;nbsp;&lt;\/i&gt;&lt;\/p&gt; \n                 &lt;p&gt;&lt;b&gt;What you get is what you ask for \u2013 a specific follow-up questionnaire.&amp;nbsp;&lt;br&gt;&lt;\/b&gt;&lt;i&gt;Johan Malmgren (SE)&lt;\/i&gt;&lt;\/p&gt; \n                &lt;br&gt;&lt;br&gt;\"\n                data-category=\"Intensive care\"\n                data-category-ids=\"1019\"\n                data-span-all=\"\"\n              >\n\n              \n\n              <div class=\"vertical_bar\" style=\"background-color: rgba(255, 255, 255, 0);\"><\/div>\n              <div class=\"box_inner\">\n                                <span>Life after critical illness and what we can do to make it better<\/span>\n               <br>\n               <div class=\"lecturer\"><span>Christian Rylander; Janet  Frolund Jensen; Pratik Pandharipande; Anna Milton; Johan Malmgren<\/span><\/div>\n               <div class=\"room_div \">\n                 <i class=\"list-room\">Lecture hall A+B<\/i>\n               <\/div>\n\n               <div class=\"name_time_div\">\n                <i class=\"list-time\" data-time=\"08:00\">08:00-09:30 - Torsdag 7 september<\/i>\n               <\/div>\n              <\/div>\n             <\/div>\n          <\/div>\n\n          \n          <div class=\"box-wrapper\"\n              data-id=\"1299\">\n\n              <div class='time-header' style='visibility: hidden;'>08:00<\/div>\n\n              <div class=\"box\"\n                data-id=\"1299\"\n                data-project=\"project_267_2017_02_17\"\n                data-title=\"Workshop: Perioperative Hypnosis \"\n                data-time=\"08:00-11:00\"\n                data-room=\"Conference area\"\n                data-room-id=\"1090\"\n                data-room-name=\"Conference area\"\n                data-day=\"1\"\n                data-abs-nbr=\"\"\n                data-abs-path=\"\"\n                data-speaker=\"Allan Cyna\"\n                data-speakercell=\"Allan Cyna\"\n                data-info=\" \n                 &lt;p&gt;&lt;br&gt;&lt;\/p&gt; \n                &lt;br&gt;&lt;br&gt;\"\n                data-category=\"\"\n                data-category-ids=\"\"\n                data-span-all=\"\"\n              >\n\n              \n\n              <div class=\"vertical_bar\" style=\"background-color: rgba(255, 255, 255, 0);\"><\/div>\n              <div class=\"box_inner\">\n                                <span>Workshop: Perioperative Hypnosis <\/span>\n               <br>\n               <div class=\"lecturer\"><span>Allan Cyna<\/span><\/div>\n               <div class=\"room_div \">\n                 <i class=\"list-room\">Conference area<\/i>\n               <\/div>\n\n               <div class=\"name_time_div\">\n                <i class=\"list-time\" data-time=\"08:00\">08:00-11:00 - Torsdag 7 september<\/i>\n               <\/div>\n              <\/div>\n             <\/div>\n          <\/div>\n\n          \n          <div class=\"box-wrapper\"\n              data-id=\"1294\">\n\n              <div class='time-header' style='visibility: hidden;'>08:00<\/div>\n\n              <div class=\"box\"\n                data-id=\"1294\"\n                data-project=\"project_267_2017_02_17\"\n                data-title=\"Advances in pharmacology and toxicology I - Use, Abuse and Misuse\"\n                data-time=\"08:00-09:30\"\n                data-room=\"Lecture hall E\"\n                data-room-id=\"1089\"\n                data-room-name=\"Lecture hall E\"\n                data-day=\"1\"\n                data-abs-nbr=\"\"\n                data-abs-path=\"\"\n                data-speaker=\"Kai Knudsen; Brian Sites; Malin  Jonsson-Fagerlund; Joseph Cravero\"\n                data-speakercell=\"Kai Knudsen; Brian Sites; Malin  Jonsson-Fagerlund; Joseph Cravero\"\n                data-info=\"&lt;b&gt;Moderatorer: &lt;\/b&gt;Gunilla Islander; Jan Persson&lt;br&gt;&lt;br&gt; \n                 &lt;p&gt;&lt;b&gt;The challenge of new party drugs&lt;br&gt;&lt;\/b&gt;&lt;i&gt;Kai Knudsen (SE)&lt;\/i&gt;&lt;\/p&gt; \n                 &lt;p&gt;&lt;b&gt;The American opioid crisis&amp;nbsp;&lt;br&gt;&lt;\/b&gt;&lt;i&gt;Brian Sites (USA)&lt;\/i&gt;&lt;\/p&gt; \n                 &lt;p&gt;&lt;b&gt;How to relax&amp;nbsp;before and after&amp;nbsp;rapid sequence induction&lt;br&gt;&lt;\/b&gt;&lt;i&gt;Malin Jonsson-Fagerlund (SE)&lt;\/i&gt;&lt;\/p&gt; \n                 &lt;p&gt;&lt;b&gt;Current and Future Paediatric Use of Ultra-Long Acting Local Anesthetics&lt;br&gt;&lt;\/b&gt;&lt;i&gt;Joseph Cravero (USA)&lt;\/i&gt;&lt;\/p&gt; \n                &lt;br&gt;&lt;br&gt;\"\n                data-category=\"General subjects\"\n                data-category-ids=\"1023\"\n                data-span-all=\"\"\n              >\n\n              \n\n              <div class=\"vertical_bar\" style=\"background-color: #F8C9DF;\"><\/div>\n              <div class=\"box_inner\">\n                                <span>Advances in pharmacology and toxicology I - Use, Abuse and Misuse<\/span>\n               <br>\n               <div class=\"lecturer\"><span>Kai Knudsen; Brian Sites; Malin  Jonsson-Fagerlund; Joseph Cravero<\/span><\/div>\n               <div class=\"room_div \">\n                 <i class=\"list-room\">Lecture hall E<\/i>\n               <\/div>\n\n               <div class=\"name_time_div\">\n                <i class=\"list-time\" data-time=\"08:00\">08:00-09:30 - Torsdag 7 september<\/i>\n               <\/div>\n              <\/div>\n             <\/div>\n          <\/div>\n\n          \n          <div class=\"box-wrapper\"\n              data-id=\"1304\">\n\n              <div class='time-header' style='visibility: hidden;'>08:00<\/div>\n\n              <div class=\"box\"\n                data-id=\"1304\"\n                data-project=\"project_267_2017_02_17\"\n                data-title=\"Art exhibition & Medical History\"\n                data-time=\"08:00-17:00\"\n                data-room=\"Exhibition area\"\n                data-room-id=\"1092\"\n                data-room-name=\"Exhibition area\"\n                data-day=\"1\"\n                data-abs-nbr=\"\"\n                data-abs-path=\"\"\n                data-speaker=\"Hans Huldt; Lena Gamrin-Gripenberg; Gunilla Islander\"\n                data-speakercell=\"Hans Huldt; Lena Gamrin-Gripenberg; Gunilla Islander\"\n                data-info=\" \n                 &lt;p&gt;&lt;br&gt;&lt;\/p&gt; \n                &lt;br&gt;&lt;br&gt;\"\n                data-category=\"\"\n                data-category-ids=\"\"\n                data-span-all=\"\"\n              >\n\n              \n\n              <div class=\"vertical_bar\" style=\"background-color: rgba(255, 255, 255, 0);\"><\/div>\n              <div class=\"box_inner\">\n                                <span>Art exhibition & Medical History<\/span>\n               <br>\n               <div class=\"lecturer\"><span>Hans Huldt; Lena Gamrin-Gripenberg; Gunilla Islander<\/span><\/div>\n               <div class=\"room_div \">\n                 <i class=\"list-room\">Exhibition area<\/i>\n               <\/div>\n\n               <div class=\"name_time_div\">\n                <i class=\"list-time\" data-time=\"08:00\">08:00-17:00 - Torsdag 7 september<\/i>\n               <\/div>\n              <\/div>\n             <\/div>\n          <\/div>\n\n          \n          <div class=\"box-wrapper\"\n              data-id=\"1281\">\n\n              <div class='time-header' style='visibility: hidden;'>08:00<\/div>\n\n              <div class=\"box\"\n                data-id=\"1281\"\n                data-project=\"project_267_2017_02_17\"\n                data-title=\"OR management\"\n                data-time=\"08:00-09:30\"\n                data-room=\"Lecture hall C\"\n                data-room-id=\"1087\"\n                data-room-name=\"Lecture hall C\"\n                data-day=\"1\"\n                data-abs-nbr=\"\"\n                data-abs-path=\"\"\n                data-speaker=\"Carl Savage; Nicolai Bang Foss\"\n                data-speakercell=\"Carl Savage; Nicolai Bang Foss\"\n                data-info=\"&lt;b&gt;Moderatorer: &lt;\/b&gt;Martin  Holmer; Eva Oddby-Muhrbeck&lt;br&gt;&lt;br&gt; \n                 &lt;p&gt;&lt;b&gt;Evidencebased leadership \u2013 Teaming, what does that mean?&lt;br&gt;&lt;\/b&gt;&lt;i&gt;Carl Savage (SE)&lt;\/i&gt;&lt;\/p&gt; \n                 &lt;p&gt;&lt;b&gt;Implementing perioperative pathways in emergency surgery in the elderly&amp;nbsp;&lt;br&gt;&lt;\/b&gt;&lt;i&gt;Nicolai Bang Foss (DK)&lt;\/i&gt;&lt;\/p&gt; \n                &lt;br&gt;&lt;br&gt;\"\n                data-category=\"Anaesthesia and periop medicine\"\n                data-category-ids=\"1021\"\n                data-span-all=\"\"\n              >\n\n              \n\n              <div class=\"vertical_bar\" style=\"background-color: #D2E4C4;\"><\/div>\n              <div class=\"box_inner\">\n                                <span>OR management<\/span>\n               <br>\n               <div class=\"lecturer\"><span>Carl Savage; Nicolai Bang Foss<\/span><\/div>\n               <div class=\"room_div \">\n                 <i class=\"list-room\">Lecture hall C<\/i>\n               <\/div>\n\n               <div class=\"name_time_div\">\n                <i class=\"list-time\" data-time=\"08:00\">08:00-09:30 - Torsdag 7 september<\/i>\n               <\/div>\n              <\/div>\n             <\/div>\n          <\/div>\n\n          \n          <div class=\"box-wrapper\"\n              data-id=\"1300\">\n\n              <div class='time-header' style='visibility: hidden;'>08:00<\/div>\n\n              <div class=\"box\"\n                data-id=\"1300\"\n                data-project=\"project_267_2017_02_17\"\n                data-title=\"Workshop: The Difficult Airway\"\n                data-time=\"08:00-09:30\"\n                data-room=\"Conference area\"\n                data-room-id=\"1090\"\n                data-room-name=\"Conference area\"\n                data-day=\"1\"\n                data-abs-nbr=\"\"\n                data-abs-path=\"\"\n                data-speaker=\"Bruno  Enekvist; Karolina  Persson ; Louise  Walter-Sturesson\"\n                data-speakercell=\"Bruno  Enekvist; Karolina  Persson ; Louise  Walter-Sturesson\"\n                data-info=\" \n                 &lt;p&gt;&lt;br&gt;&lt;\/p&gt; \n                &lt;br&gt;&lt;br&gt;\"\n                data-category=\"\"\n                data-category-ids=\"\"\n                data-span-all=\"\"\n              >\n\n              \n\n              <div class=\"vertical_bar\" style=\"background-color: rgba(255, 255, 255, 0);\"><\/div>\n              <div class=\"box_inner\">\n                                <span>Workshop: The Difficult Airway<\/span>\n               <br>\n               <div class=\"lecturer\"><span>Bruno  Enekvist; Karolina  Persson ; Louise  Walter-Sturesson<\/span><\/div>\n               <div class=\"room_div \">\n                 <i class=\"list-room\">Conference area<\/i>\n               <\/div>\n\n               <div class=\"name_time_div\">\n                <i class=\"list-time\" data-time=\"08:00\">08:00-09:30 - Torsdag 7 september<\/i>\n               <\/div>\n              <\/div>\n             <\/div>\n          <\/div>\n\n          \n          <div class=\"box-wrapper\"\n              data-id=\"1277\">\n\n              <div class='time-header'>09:30<\/div>\n\n              <div class=\"box\"\n                data-id=\"1277\"\n                data-project=\"project_267_2017_02_17\"\n                data-title=\"Coffee & exhibition\"\n                data-time=\"09:30-10:00\"\n                data-room=\"-Ej specificerad-\"\n                data-room-id=\"-1\"\n                data-room-name=\"-Ej specificerad-\"\n                data-day=\"1\"\n                data-abs-nbr=\"\"\n                data-abs-path=\"\"\n                data-speaker=\"\"\n                data-speakercell=\"\"\n                data-info=\"\"\n                data-category=\"\"\n                data-category-ids=\"\"\n                data-span-all=\"1\"\n              >\n\n              \n\n              <div class=\"vertical_bar\" style=\"background-color: rgba(255, 255, 255, 0);\"><\/div>\n              <div class=\"box_inner\">\n                                <span>Coffee & exhibition<\/span>\n               <br>\n               \n               <div class=\"room_div \">\n                 <i class=\"list-room\">-Ej specificerad-<\/i>\n               <\/div>\n\n               <div class=\"name_time_div\">\n                <i class=\"list-time\" data-time=\"09:30\">09:30-10:00 - Torsdag 7 september<\/i>\n               <\/div>\n              <\/div>\n             <\/div>\n          <\/div>\n\n          \n          <div class=\"box-wrapper\"\n              data-id=\"1354\">\n\n              <div class='time-header'>10:00<\/div>\n\n              <div class=\"box\"\n                data-id=\"1354\"\n                data-project=\"project_267_2017_02_17\"\n                data-title=\"Workshop: The Difficult Airway\"\n                data-time=\"10:00-11:30\"\n                data-room=\"Conference area\"\n                data-room-id=\"1090\"\n                data-room-name=\"Conference area\"\n                data-day=\"1\"\n                data-abs-nbr=\"\"\n                data-abs-path=\"\"\n                data-speaker=\"Bruno  Enekvist; Karolina  Persson ; Louise  Walter-Sturesson\"\n                data-speakercell=\"Bruno  Enekvist; Karolina  Persson ; Louise  Walter-Sturesson\"\n                data-info=\"\"\n                data-category=\"\"\n                data-category-ids=\"\"\n                data-span-all=\"\"\n              >\n\n              \n\n              <div class=\"vertical_bar\" style=\"background-color: rgba(255, 255, 255, 0);\"><\/div>\n              <div class=\"box_inner\">\n                                <span>Workshop: The Difficult Airway<\/span>\n               <br>\n               <div class=\"lecturer\"><span>Bruno  Enekvist; Karolina  Persson ; Louise  Walter-Sturesson<\/span><\/div>\n               <div class=\"room_div \">\n                 <i class=\"list-room\">Conference area<\/i>\n               <\/div>\n\n               <div class=\"name_time_div\">\n                <i class=\"list-time\" data-time=\"10:00\">10:00-11:30 - Torsdag 7 september<\/i>\n               <\/div>\n              <\/div>\n             <\/div>\n          <\/div>\n\n          \n          <div class=\"box-wrapper\"\n              data-id=\"1346\">\n\n              <div class='time-header' style='visibility: hidden;'>10:00<\/div>\n\n              <div class=\"box\"\n                data-id=\"1346\"\n                data-project=\"project_267_2017_02_17\"\n                data-title=\"Basics and secrets of protective ventilation\"\n                data-time=\"10:00-11:00\"\n                data-room=\"Lecture hall A+B\"\n                data-room-id=\"1149\"\n                data-room-name=\"Lecture hall A+B\"\n                data-day=\"1\"\n                data-abs-nbr=\"\"\n                data-abs-path=\"\"\n                data-speaker=\"Ola Stenquist; Paolo Pelosi; Anders Larsson\"\n                data-speakercell=\"Ola Stenquist; Paolo Pelosi; Anders Larsson\"\n                data-info=\"&lt;b&gt;Moderatorer: &lt;\/b&gt;Mikael  Bodelsson; Michael Haney&lt;br&gt;&lt;br&gt; \n                 &lt;p&gt;&lt;b&gt;Transpulmonary driving pressure determined by a PEEP step \u2013 a new simple method for separating lung and chest wall mechanics&lt;br&gt;&lt;\/b&gt;&lt;i&gt;Ola Stenqvist (SE)&lt;\/i&gt;&lt;\/p&gt; \n                 &lt;p&gt;&lt;b&gt;The new PEEP step method for transpulmonary pressure \u2013 too good to be true?&lt;br&gt;&lt;\/b&gt;&lt;i&gt;Paolo Pelosi (IT)&lt;\/i&gt;&lt;\/p&gt; \n                 &lt;p&gt;&lt;b&gt;The way I do it&lt;br&gt;&lt;\/b&gt;&lt;i&gt;Anders Larsson (SE)&lt;\/i&gt;&lt;\/p&gt; \n                &lt;br&gt;&lt;br&gt;\"\n                data-category=\"Intensive care\"\n                data-category-ids=\"1019\"\n                data-span-all=\"\"\n              >\n\n              \n\n              <div class=\"vertical_bar\" style=\"background-color: rgba(255, 255, 255, 0);\"><\/div>\n              <div class=\"box_inner\">\n                                <span>Basics and secrets of protective ventilation<\/span>\n               <br>\n               <div class=\"lecturer\"><span>Ola Stenquist; Paolo Pelosi; Anders Larsson<\/span><\/div>\n               <div class=\"room_div \">\n                 <i class=\"list-room\">Lecture hall A+B<\/i>\n               <\/div>\n\n               <div class=\"name_time_div\">\n                <i class=\"list-time\" data-time=\"10:00\">10:00-11:00 - Torsdag 7 september<\/i>\n               <\/div>\n              <\/div>\n             <\/div>\n          <\/div>\n\n          \n          <div class=\"box-wrapper\"\n              data-id=\"1282\">\n\n              <div class='time-header' style='visibility: hidden;'>10:00<\/div>\n\n              <div class=\"box\"\n                data-id=\"1282\"\n                data-project=\"project_267_2017_02_17\"\n                data-title=\"News in out-patient anaesthesia\"\n                data-time=\"10:00-11:00\"\n                data-room=\"Lecture hall C\"\n                data-room-id=\"1087\"\n                data-room-name=\"Lecture hall C\"\n                data-day=\"1\"\n                data-abs-nbr=\"\"\n                data-abs-path=\"\"\n                data-speaker=\"Anil Gupta; Johan R\u00e6der\"\n                data-speakercell=\"Anil Gupta; Johan R\u00e6der\"\n                data-info=\"&lt;b&gt;Moderatorer: &lt;\/b&gt;Lars Rasmussen; Malin  Jonsson-Fagerlund&lt;br&gt;&lt;br&gt; \n                 &lt;p&gt;&lt;b&gt;Post-discharge pain management in out-patient surgery. Old problem, new solutions.&lt;br&gt;&lt;\/b&gt;&lt;i&gt;Anil Gupta (SE)&lt;\/i&gt;&lt;\/p&gt; \n                 &lt;p&gt;&lt;span style=&quot;font-weight: bold;&quot;&gt;Post-discharge issues beyond pain in out-patient surgery.&amp;nbsp;&lt;\/span&gt;&lt;br&gt;&lt;span style=&quot;font-style: italic;&quot;&gt;Johan Raeder (NO)&lt;\/span&gt;&lt;\/p&gt; \n                 &lt;p&gt;&lt;b&gt;PRO-CON debate: Should the definition of Day Surgery in Scandinavia be extended up to 24-hours admission?&amp;nbsp;&lt;br&gt;&lt;\/b&gt;&lt;i&gt;PRO: Anil Gupta (SE)&amp;nbsp;&lt;br&gt;&lt;\/i&gt;&lt;i&gt;CON: Johan Raeder (NO)&lt;\/i&gt;&lt;\/p&gt; \n                &lt;br&gt;&lt;br&gt;\"\n                data-category=\"Anaesthesia and periop medicine\"\n                data-category-ids=\"1021\"\n                data-span-all=\"\"\n              >\n\n              \n\n              <div class=\"vertical_bar\" style=\"background-color: #D2E4C4;\"><\/div>\n              <div class=\"box_inner\">\n                                <span>News in out-patient anaesthesia<\/span>\n               <br>\n               <div class=\"lecturer\"><span>Anil Gupta; Johan R\u00e6der<\/span><\/div>\n               <div class=\"room_div \">\n                 <i class=\"list-room\">Lecture hall C<\/i>\n               <\/div>\n\n               <div class=\"name_time_div\">\n                <i class=\"list-time\" data-time=\"10:00\">10:00-11:00 - Torsdag 7 september<\/i>\n               <\/div>\n              <\/div>\n             <\/div>\n          <\/div>\n\n          \n          <div class=\"box-wrapper\"\n              data-id=\"1295\">\n\n              <div class='time-header' style='visibility: hidden;'>10:00<\/div>\n\n              <div class=\"box\"\n                data-id=\"1295\"\n                data-project=\"project_267_2017_02_17\"\n                data-title=\"Advances in pharmacology and toxicology II\"\n                data-time=\"10:00-11:00\"\n                data-room=\"Lecture hall E\"\n                data-room-id=\"1089\"\n                data-room-name=\"Lecture hall E\"\n                data-day=\"1\"\n                data-abs-nbr=\"\"\n                data-abs-path=\"\"\n                data-speaker=\"Johanna H\u00e4stbacka; Fredrik Sj\u00f6vall; Palle Toft\"\n                data-speakercell=\"Johanna H\u00e4stbacka; Fredrik Sj\u00f6vall; Palle Toft\"\n                data-info=\"&lt;b&gt;Moderatorer: &lt;\/b&gt;Thomas Kander; Johan Und\u00e9n&lt;br&gt;&lt;br&gt; \n                 &lt;p&gt;&lt;b&gt;Alcohol and treatment in the ICU&lt;br&gt;&lt;\/b&gt;&lt;i&gt;Johanna H\u00e4stbacka (SE)&lt;\/i&gt;&lt;\/p&gt; \n                 &lt;p&gt;&lt;b&gt;Nonsedation \u2013 experimental or routine ?&amp;nbsp;&lt;br&gt;&lt;\/b&gt;&lt;i&gt;Palle Toft (DK)&amp;nbsp;&lt;\/i&gt;&lt;\/p&gt; \n                 &lt;p&gt;&lt;b&gt;Antibiotics - The&amp;nbsp;right&amp;nbsp;dose, to the&amp;nbsp;right&amp;nbsp;patient,&amp;nbsp;right&amp;nbsp;now!&amp;nbsp;&lt;br&gt;&lt;\/b&gt;&lt;i&gt;Fredrik Sj\u00f6vall (SE)&lt;\/i&gt;&lt;\/p&gt; \n                &lt;br&gt;&lt;br&gt;\"\n                data-category=\"General subjects\"\n                data-category-ids=\"1023\"\n                data-span-all=\"\"\n              >\n\n              \n\n              <div class=\"vertical_bar\" style=\"background-color: #F8C9DF;\"><\/div>\n              <div class=\"box_inner\">\n                                <span>Advances in pharmacology and toxicology II<\/span>\n               <br>\n               <div class=\"lecturer\"><span>Johanna H\u00e4stbacka; Fredrik Sj\u00f6vall; Palle Toft<\/span><\/div>\n               <div class=\"room_div \">\n                 <i class=\"list-room\">Lecture hall E<\/i>\n               <\/div>\n\n               <div class=\"name_time_div\">\n                <i class=\"list-time\" data-time=\"10:00\">10:00-11:00 - Torsdag 7 september<\/i>\n               <\/div>\n              <\/div>\n             <\/div>\n          <\/div>\n\n          \n          <div class=\"box-wrapper\"\n              data-id=\"1353\">\n\n              <div class='time-header' style='visibility: hidden;'>10:00<\/div>\n\n              <div class=\"box\"\n                data-id=\"1353\"\n                data-project=\"project_267_2017_02_17\"\n                data-title=\"Poster session\"\n                data-time=\"10:00-11:00\"\n                data-room=\"Poster area (exhibition)\"\n                data-room-id=\"1093\"\n                data-room-name=\"Poster area (exhibition)\"\n                data-day=\"1\"\n                data-abs-nbr=\"\"\n                data-abs-path=\"\"\n                data-speaker=\"\"\n                data-speakercell=\"\"\n                data-info=\"&lt;b&gt;Moderatorer: &lt;\/b&gt;Johan Lundberg; Susanne Ledin-Eriksson; Luis Romundstad&lt;br&gt;&lt;br&gt; \n                 &lt;p&gt;&lt;b&gt;Posters 76-81:&amp;nbsp;&lt;\/b&gt;&lt;b&gt;General Anaesthesia&lt;br&gt;&lt;\/b&gt;&lt;i&gt;Chair: Johan Lundberg&lt;\/i&gt;&lt;\/p&gt; \n                 &lt;p&gt;&lt;b&gt;Posters 82-86:&amp;nbsp;&lt;\/b&gt;&lt;b&gt;Obstetric Anaesthesia and Intensive Care&lt;br&gt;&lt;\/b&gt;&lt;i&gt;Chair: Susanne&amp;nbsp;&lt;\/i&gt;&lt;i&gt;Ledin-Eriksson&lt;\/i&gt;&lt;\/p&gt; \n                 &lt;p&gt;&lt;b&gt;Posters 90-91:&amp;nbsp;&lt;\/b&gt;&lt;b&gt;Regional Anaesthesia&lt;br&gt;&lt;\/b&gt;&lt;i&gt;Chair: Luis Romundstad&lt;\/i&gt;&lt;\/p&gt; \n                &lt;br&gt;&lt;br&gt;10.00-11.00 - Accuracy of ICD-10 complication codes after surgery&lt;br&gt;&lt;small&gt;Anette Storesund&lt;\/small&gt;&lt;br&gt;&lt;br&gt;10.00-11.00 - Anesthesia with adjuvant peripheral nerve block improves postoperative rehabilitation outcome for lower limb vascular surgery&lt;br&gt;&lt;small&gt;Akihito Muto&lt;\/small&gt;&lt;br&gt;&lt;br&gt;10.00-11.00 - Combining functional dependency and ASA III classification for risk stratification\u2013  Predictors, Risk factors, and Outcomes Following major Surgery study (NCT02626546). &lt;br&gt;&lt;small&gt;Erzsebet Bartha&lt;\/small&gt;&lt;br&gt;&lt;br&gt;10.00-11.00 - Comparison of perioperative analgesia after intrathecal opioids for cesarean section&lt;br&gt;&lt;small&gt;Wojciech Weigl&lt;\/small&gt;&lt;br&gt;&lt;br&gt;10.00-11.00 - Concentration-dependent cell viability and proliferation in vitro of colon cancer cell lines SW480 and SW620 on exposure to lidocaine or ropivacaine.&lt;br&gt;&lt;small&gt;Wiebke Siekmann&lt;\/small&gt;&lt;br&gt;&lt;br&gt;10.00-11.00 - Do simple perioperative measures improve quality of recovery following short-stay laparoscopic surgery in females? &lt;br&gt;&lt;small&gt;Emma Oebrink&lt;\/small&gt;&lt;br&gt;&lt;br&gt;10.00-11.00 - General vs. Regional Anaesthesia for emergency Caesarean section;  a retrospective chart review.&lt;br&gt;&lt;small&gt;Anette Hein&lt;\/small&gt;&lt;br&gt;&lt;br&gt;10.00-11.00 - Macrophage infiltration in kidney after prolonged surgery with anesthesia&lt;br&gt;&lt;small&gt;Michael Hultstr\u00f6m&lt;\/small&gt;&lt;br&gt;&lt;br&gt;10.00-11.00 - Making volume optimization a routine in the anesthetic team&lt;br&gt;&lt;small&gt;Maria Nilsson&lt;\/small&gt;&lt;br&gt;&lt;br&gt;10.00-11.00 - ROTEM for managing postpartum disseminated intravascular coagulation in KK Women's and Children's Hospital, Singapore \u2013 a learning experience&lt;br&gt;&lt;small&gt;Mukesh Shah&lt;\/small&gt;&lt;br&gt;&lt;br&gt;10.00-11.00 - Safety and efficacy of different local anaesthetics and their concentrations, used for labour pain relief with PCEA for healthy primiparas: a randomized double blind controlled trial&lt;br&gt;&lt;small&gt;Vilda Baliuliene&lt;\/small&gt;&lt;br&gt;&lt;br&gt;10.00-11.00 - The effects of general anaesthesia and surgery on oxygen consumption (VO2):  a systematic literature review and meta-analysis&lt;br&gt;&lt;small&gt;Julia Jakobsson&lt;\/small&gt;&lt;br&gt;&lt;br&gt;10.00-11.00 - Top-up epidural for emergency caesarean section; as fast and as reliable as spinal anesthesia&lt;br&gt;&lt;small&gt;Kim Lindelof&lt;\/small&gt;&lt;br&gt;&lt;br&gt;\"\n                data-category=\"\"\n                data-category-ids=\"\"\n                data-span-all=\"\"\n              >\n\n              \n\n              <div class=\"vertical_bar\" style=\"background-color: rgba(255, 255, 255, 0);\"><\/div>\n              <div class=\"box_inner\">\n                                <span>Poster session<\/span>\n               <br>\n               \n               <div class=\"room_div \">\n                 <i class=\"list-room\">Poster area (exhibition)<\/i>\n               <\/div>\n\n               <div class=\"name_time_div\">\n                <i class=\"list-time\" data-time=\"10:00\">10:00-11:00 - Torsdag 7 september<\/i>\n               <\/div>\n              <\/div>\n             <\/div>\n          <\/div>\n\n          \n          <div class=\"box-wrapper\"\n              data-id=\"1291\">\n\n              <div class='time-header' style='visibility: hidden;'>10:00<\/div>\n\n              <div class=\"box\"\n                data-id=\"1291\"\n                data-project=\"project_267_2017_02_17\"\n                data-title=\"Preparing medical students for rapid bedside action \"\n                data-time=\"10:00-11:00\"\n                data-room=\"Lecture hall D\"\n                data-room-id=\"1088\"\n                data-room-name=\"Lecture hall D\"\n                data-day=\"1\"\n                data-abs-nbr=\"\"\n                data-abs-path=\"\"\n                data-speaker=\"Owain Thomas; Peter Svensson; Jonas  \u00c5keson\"\n                data-speakercell=\"Owain Thomas; Peter Svensson; Jonas  \u00c5keson\"\n                data-info=\"&lt;b&gt;Moderatorer: &lt;\/b&gt;Lill Blomqwist; Jonas  \u00c5keson&lt;br&gt;&lt;br&gt; \n                 &lt;p&gt;&lt;b&gt;Graduate teaching and training of urgent bedside management&amp;nbsp;&lt;br&gt;&lt;\/b&gt;&lt;i&gt;Owain Thomas (SE)&lt;\/i&gt;&lt;\/p&gt; \n                 &lt;p&gt;&lt;b&gt;What should a severely deteriorated patient expect from a junior doctor?&amp;nbsp;&lt;br&gt;&lt;\/b&gt;&lt;i&gt;Peter Svensson (SE)&lt;\/i&gt;&lt;\/p&gt; \n                 &lt;p&gt;&lt;b&gt;Undergraduate teaching, training and examination of urgent bedside management&amp;nbsp;&lt;br&gt;&lt;\/b&gt;&lt;i&gt;Jonas \u00c5kesson (SE)&lt;\/i&gt;&lt;\/p&gt; \n                 &lt;p&gt; &lt;\/p&gt; \n                 &lt;p&gt;&lt;span style=&quot;font-weight: bold;&quot;&gt;Panel discussion&amp;nbsp;&lt;\/span&gt;&lt;\/p&gt; \n                &lt;br&gt;&lt;br&gt;\"\n                data-category=\"Research, publication & teaching\"\n                data-category-ids=\"1024\"\n                data-span-all=\"\"\n              >\n\n              \n\n              <div class=\"vertical_bar\" style=\"background-color: E6F0DF;\"><\/div>\n              <div class=\"box_inner\">\n                                <span>Preparing medical students for rapid bedside action <\/span>\n               <br>\n               <div class=\"lecturer\"><span>Owain Thomas; Peter Svensson; Jonas  \u00c5keson<\/span><\/div>\n               <div class=\"room_div \">\n                 <i class=\"list-room\">Lecture hall D<\/i>\n               <\/div>\n\n               <div class=\"name_time_div\">\n                <i class=\"list-time\" data-time=\"10:00\">10:00-11:00 - Torsdag 7 september<\/i>\n               <\/div>\n              <\/div>\n             <\/div>\n          <\/div>\n\n          \n          <div class=\"box-wrapper\"\n              data-id=\"1347\">\n\n              <div class='time-header'>11:10<\/div>\n\n              <div class=\"box\"\n                data-id=\"1347\"\n                data-project=\"project_267_2017_02_17\"\n                data-title=\"Torsten Gordh State-of-the-Art Lecture 2017\"\n                data-time=\"11:10-12:10\"\n                data-room=\"Lecture hall A+B\"\n                data-room-id=\"1149\"\n                data-room-name=\"Lecture hall A+B\"\n                data-day=\"1\"\n                data-abs-nbr=\"\"\n                data-abs-path=\"\"\n                data-speaker=\"Derek Angus\"\n                data-speakercell=\"Derek Angus\"\n                data-info=\" \n                 &lt;p&gt;&lt;i&gt;Introduction by Lars I Eriksson, Conclusion by Mikael Bodelsson:&lt;\/i&gt;&lt;\/p&gt; \n                 &lt;p&gt;&lt;b&gt;Big data versus the RCT&lt;br&gt;&lt;\/b&gt;&lt;i&gt;Derek Angus, Pittsburgh (USA)&lt;\/i&gt;&lt;\/p&gt; \n                &lt;br&gt;&lt;br&gt;\"\n                data-category=\"Plenary session\"\n                data-category-ids=\"1017\"\n                data-span-all=\"1\"\n              >\n\n              \n\n              <div class=\"vertical_bar\" style=\"background-color: #FFF9C5;\"><\/div>\n              <div class=\"box_inner\">\n                                <span>Torsten Gordh State-of-the-Art Lecture 2017<\/span>\n               <br>\n               <div class=\"lecturer\"><span>Derek Angus<\/span><\/div>\n               <div class=\"room_div \">\n                 <i class=\"list-room\">Lecture hall A+B<\/i>\n               <\/div>\n\n               <div class=\"name_time_div\">\n                <i class=\"list-time\" data-time=\"11:10\">11:10-12:10 - Torsdag 7 september<\/i>\n               <\/div>\n              <\/div>\n             <\/div>\n          <\/div>\n\n          \n          <div class=\"box-wrapper\"\n              data-id=\"1278\">\n\n              <div class='time-header'>12:10<\/div>\n\n              <div class=\"box\"\n                data-id=\"1278\"\n                data-project=\"project_267_2017_02_17\"\n                data-title=\"Lunch & exhibition\"\n                data-time=\"12:10-13:30\"\n                data-room=\"-Ej specificerad-\"\n                data-room-id=\"-1\"\n                data-room-name=\"-Ej specificerad-\"\n                data-day=\"1\"\n                data-abs-nbr=\"\"\n                data-abs-path=\"\"\n                data-speaker=\"\"\n                data-speakercell=\"\"\n                data-info=\"\"\n                data-category=\"\"\n                data-category-ids=\"\"\n                data-span-all=\"1\"\n              >\n\n              \n\n              <div class=\"vertical_bar\" style=\"background-color: rgba(255, 255, 255, 0);\"><\/div>\n              <div class=\"box_inner\">\n                                <span>Lunch & exhibition<\/span>\n               <br>\n               \n               <div class=\"room_div \">\n                 <i class=\"list-room\">-Ej specificerad-<\/i>\n               <\/div>\n\n               <div class=\"name_time_div\">\n                <i class=\"list-time\" data-time=\"12:10\">12:10-13:30 - Torsdag 7 september<\/i>\n               <\/div>\n              <\/div>\n             <\/div>\n          <\/div>\n\n          \n          <div class=\"box-wrapper\"\n              data-id=\"1296\">\n\n              <div class='time-header'>12:30<\/div>\n\n              <div class=\"box\"\n                data-id=\"1296\"\n                data-project=\"project_267_2017_02_17\"\n                data-title=\"SFAI Annual assembly\"\n                data-time=\"12:30-13:30\"\n                data-room=\"Lecture hall E\"\n                data-room-id=\"1089\"\n                data-room-name=\"Lecture hall E\"\n                data-day=\"1\"\n                data-abs-nbr=\"\"\n                data-abs-path=\"\"\n                data-speaker=\"\"\n                data-speakercell=\"\"\n                data-info=\"\"\n                data-category=\"\"\n                data-category-ids=\"\"\n                data-span-all=\"\"\n              >\n\n              \n\n              <div class=\"vertical_bar\" style=\"background-color: rgba(255, 255, 255, 0);\"><\/div>\n              <div class=\"box_inner\">\n                                <span>SFAI Annual assembly<\/span>\n               <br>\n               \n               <div class=\"room_div \">\n                 <i class=\"list-room\">Lecture hall E<\/i>\n               <\/div>\n\n               <div class=\"name_time_div\">\n                <i class=\"list-time\" data-time=\"12:30\">12:30-13:30 - Torsdag 7 september<\/i>\n               <\/div>\n              <\/div>\n             <\/div>\n          <\/div>\n\n          \n          <div class=\"box-wrapper\"\n              data-id=\"1284\">\n\n              <div class='time-header'>13:30<\/div>\n\n              <div class=\"box\"\n                data-id=\"1284\"\n                data-project=\"project_267_2017_02_17\"\n                data-title=\"Fast track surgery I\"\n                data-time=\"13:30-15:00\"\n                data-room=\"Lecture hall C\"\n                data-room-id=\"1087\"\n                data-room-name=\"Lecture hall C\"\n                data-day=\"1\"\n                data-abs-nbr=\"\"\n                data-abs-path=\"\"\n                data-speaker=\"Henrik Kehlet; Olle Ljungqvist; Narinder Rawal\"\n                data-speakercell=\"Henrik Kehlet; Olle Ljungqvist; Narinder Rawal\"\n                data-info=\"&lt;b&gt;Moderatorer: &lt;\/b&gt;Andreas Harsten; Johan R\u00e6der&lt;br&gt;&lt;br&gt;                  &lt;p&gt;&lt;b&gt;Why should we do it?&lt;br&gt;&lt;\/b&gt;&lt;i&gt;Henrik Kehlet (DK)&lt;\/i&gt;&lt;\/p&gt;                  &lt;p&gt;&lt;b&gt;The role of the anaesthesiologist in ERAS&lt;br&gt;&lt;\/b&gt;&lt;i&gt;Narinder Rawal (SE)&lt;\/i&gt;&lt;\/p&gt;                  &lt;p&gt;&lt;b&gt;The role of the ERAS Society&lt;br&gt;&lt;\/b&gt;&lt;i&gt;Olle Ljungqvist (SE)&lt;\/i&gt;&lt;\/p&gt;                 &lt;br&gt;&lt;br&gt;\"\n                data-category=\"Anaesthesia and periop medicine\"\n                data-category-ids=\"1021\"\n                data-span-all=\"\"\n              >\n\n              \n\n              <div class=\"vertical_bar\" style=\"background-color: #D2E4C4;\"><\/div>\n              <div class=\"box_inner\">\n                                <span>Fast track surgery I<\/span>\n               <br>\n               <div class=\"lecturer\"><span>Henrik Kehlet; Olle Ljungqvist; Narinder Rawal<\/span><\/div>\n               <div class=\"room_div \">\n                 <i class=\"list-room\">Lecture hall C<\/i>\n               <\/div>\n\n               <div class=\"name_time_div\">\n                <i class=\"list-time\" data-time=\"13:30\">13:30-15:00 - Torsdag 7 september<\/i>\n               <\/div>\n              <\/div>\n             <\/div>\n          <\/div>\n\n          \n          <div class=\"box-wrapper\"\n              data-id=\"1302\">\n\n              <div class='time-header' style='visibility: hidden;'>13:30<\/div>\n\n              <div class=\"box\"\n                data-id=\"1302\"\n                data-project=\"project_267_2017_02_17\"\n                data-title=\"Workshop: Ultrasound guided nerve blocks\"\n                data-time=\"13:30-15:00\"\n                data-room=\"Conference area\"\n                data-room-id=\"1090\"\n                data-room-name=\"Conference area\"\n                data-day=\"1\"\n                data-abs-nbr=\"\"\n                data-abs-path=\"\"\n                data-speaker=\"Michael D  Herrick; Jan-Erik  Kull\"\n                data-speakercell=\"Michael D  Herrick; Jan-Erik  Kull\"\n                data-info=\" \n                 &lt;p&gt;&lt;br&gt;&lt;\/p&gt; \n                &lt;br&gt;&lt;br&gt;\"\n                data-category=\"\"\n                data-category-ids=\"\"\n                data-span-all=\"\"\n              >\n\n              \n\n              <div class=\"vertical_bar\" style=\"background-color: rgba(255, 255, 255, 0);\"><\/div>\n              <div class=\"box_inner\">\n                                <span>Workshop: Ultrasound guided nerve blocks<\/span>\n               <br>\n               <div class=\"lecturer\"><span>Michael D  Herrick; Jan-Erik  Kull<\/span><\/div>\n               <div class=\"room_div \">\n                 <i class=\"list-room\">Conference area<\/i>\n               <\/div>\n\n               <div class=\"name_time_div\">\n                <i class=\"list-time\" data-time=\"13:30\">13:30-15:00 - Torsdag 7 september<\/i>\n               <\/div>\n              <\/div>\n             <\/div>\n          <\/div>\n\n          \n          <div class=\"box-wrapper\"\n              data-id=\"1352\">\n\n              <div class='time-header' style='visibility: hidden;'>13:30<\/div>\n\n              <div class=\"box\"\n                data-id=\"1352\"\n                data-project=\"project_267_2017_02_17\"\n                data-title=\"What could we all learn from recent scandals in health care?\"\n                data-time=\"13:30-15:00\"\n                data-room=\"Julia\"\n                data-room-id=\"1150\"\n                data-room-name=\"Julia\"\n                data-day=\"1\"\n                data-abs-nbr=\"\"\n                data-abs-path=\"\"\n                data-speaker=\"Karl-Henrik Grinnemo; Bengt Gerdin; Bo Lindquist; Hans Rutberg\"\n                data-speakercell=\"Karl-Henrik Grinnemo; Bengt Gerdin; Bo Lindquist; Hans Rutberg\"\n                data-info=\"&lt;b&gt;Moderatorer: &lt;\/b&gt;Carolina Samuelsson&lt;br&gt;&lt;br&gt; \n                 &lt;p&gt;&lt;b&gt;The whistle blowers&amp;nbsp;&lt;br&gt;&lt;\/b&gt;&lt;i&gt;Karl-Henrik Grinnemo (SE)&lt;\/i&gt;&lt;\/p&gt; \n                 &lt;p&gt;&lt;b&gt;The Macchiarini investigation&lt;br&gt;&lt;\/b&gt;&lt;i&gt;Bengt Gerdin (SE)&lt;\/i&gt;&lt;\/p&gt; \n                 &lt;p&gt;&lt;b&gt;Macchiarini- a journalist\u2019s view&amp;nbsp;&lt;br&gt;&lt;\/b&gt;&lt;i&gt;Bo Lindquist (SE)&lt;\/i&gt;&lt;\/p&gt; \n                 &lt;p&gt;&lt;b&gt;A professor\u00b4s view on patient safety&lt;br&gt;&lt;\/b&gt;&lt;i&gt;Hans Rutberg (SE)&amp;nbsp;&lt;\/i&gt;&lt;\/p&gt; \n                &lt;br&gt;&lt;br&gt;\"\n                data-category=\"Research, publication & teaching\"\n                data-category-ids=\"1024\"\n                data-span-all=\"\"\n              >\n\n              \n\n              <div class=\"vertical_bar\" style=\"background-color: E6F0DF;\"><\/div>\n              <div class=\"box_inner\">\n                                <span>What could we all learn from recent scandals in health care?<\/span>\n               <br>\n               <div class=\"lecturer\"><span>Karl-Henrik Grinnemo; Bengt Gerdin; Bo Lindquist; Hans Rutberg<\/span><\/div>\n               <div class=\"room_div \">\n                 <i class=\"list-room\">Julia<\/i>\n               <\/div>\n\n               <div class=\"name_time_div\">\n                <i class=\"list-time\" data-time=\"13:30\">13:30-15:00 - Torsdag 7 september<\/i>\n               <\/div>\n              <\/div>\n             <\/div>\n          <\/div>\n\n          \n          <div class=\"box-wrapper\"\n              data-id=\"1297\">\n\n              <div class='time-header' style='visibility: hidden;'>13:30<\/div>\n\n              <div class=\"box\"\n                data-id=\"1297\"\n                data-project=\"project_267_2017_02_17\"\n                data-title=\"Expanding borders in cardiac arrest trials\"\n                data-time=\"13:30-15:00\"\n                data-room=\"Lecture hall E\"\n                data-room-id=\"1089\"\n                data-room-name=\"Lecture hall E\"\n                data-day=\"1\"\n                data-abs-nbr=\"\"\n                data-abs-path=\"\"\n                data-speaker=\"Marcus Skrifvars; Hans Kirkegaard; Niklas Nielsen; Tobias Cronberg; Gisela Lilja\"\n                data-speakercell=\"Marcus Skrifvars; Hans Kirkegaard; Niklas Nielsen; Tobias Cronberg; Gisela Lilja\"\n                data-info=\"&lt;b&gt;Moderatorer: &lt;\/b&gt;Nicole P Juffermans; Hans Friberg&lt;br&gt;&lt;br&gt; \n                 &lt;p&gt;&lt;b&gt;What are the optimal O2 and PCO2 targets during and after cardiac arrest?&lt;br&gt;&lt;\/b&gt;&lt;i&gt;Markus Skrifvars (FI)&lt;\/i&gt;&lt;\/p&gt; \n                 &lt;p&gt;&lt;b&gt;Prolonged or deeper cooling after cardiac arrest&amp;nbsp;&lt;br&gt;&lt;\/b&gt;&lt;i&gt;Hans Kirkegaard (DK)&lt;\/i&gt;&lt;\/p&gt; \n                 &lt;p&gt;&lt;b&gt;Lessons from the TTM-trial and planning for the next&amp;nbsp;&lt;br&gt;&lt;\/b&gt;&lt;i&gt;Niklas Nielsen (SE)&lt;br&gt;&lt;\/i&gt;&lt;i&gt;Tobias Cronberg (SE)&lt;br&gt;&lt;\/i&gt;&lt;i&gt;Gisela Lilja (SE)&lt;\/i&gt;&lt;\/p&gt; \n                &lt;br&gt;&lt;br&gt;\"\n                data-category=\"Intensive care\"\n                data-category-ids=\"1019\"\n                data-span-all=\"\"\n              >\n\n              \n\n              <div class=\"vertical_bar\" style=\"background-color: rgba(255, 255, 255, 0);\"><\/div>\n              <div class=\"box_inner\">\n                                <span>Expanding borders in cardiac arrest trials<\/span>\n               <br>\n               <div class=\"lecturer\"><span>Marcus Skrifvars; Hans Kirkegaard; Niklas Nielsen; Tobias Cronberg; Gisela Lilja<\/span><\/div>\n               <div class=\"room_div \">\n                 <i class=\"list-room\">Lecture hall E<\/i>\n               <\/div>\n\n               <div class=\"name_time_div\">\n                <i class=\"list-time\" data-time=\"13:30\">13:30-15:00 - Torsdag 7 september<\/i>\n               <\/div>\n              <\/div>\n             <\/div>\n          <\/div>\n\n          \n          <div class=\"box-wrapper\"\n              data-id=\"1355\">\n\n              <div class='time-header' style='visibility: hidden;'>13:30<\/div>\n\n              <div class=\"box\"\n                data-id=\"1355\"\n                data-project=\"project_267_2017_02_17\"\n                data-title=\"Poster session\"\n                data-time=\"13:30-15:00\"\n                data-room=\"Poster area (exhibition)\"\n                data-room-id=\"1093\"\n                data-room-name=\"Poster area (exhibition)\"\n                data-day=\"1\"\n                data-abs-nbr=\"\"\n                data-abs-path=\"\"\n                data-speaker=\"\"\n                data-speakercell=\"\"\n                data-info=\"&lt;b&gt;Moderatorer: &lt;\/b&gt;Stefan Lundin; Johan Persson; Birgitta Birgisdottir&lt;br&gt;&lt;br&gt; \n                 &lt;p&gt;&lt;b&gt;Posters: 92-98:&amp;nbsp;&lt;\/b&gt;&lt;b&gt;Clinical Monitoring&lt;br&gt;&lt;\/b&gt;&lt;i&gt;Chair: Stefan Lundin&lt;\/i&gt;&lt;\/p&gt; \n                 &lt;p&gt;&lt;b&gt;Posters: 100-107:&amp;nbsp;&lt;\/b&gt;&lt;b&gt;Intensive Care Medicine&lt;br&gt;&lt;\/b&gt;&lt;i&gt;Chair: Johan Persson&lt;\/i&gt;&lt;\/p&gt; \n                 &lt;p&gt;&lt;b&gt;Posters: 108-114:&amp;nbsp;&lt;\/b&gt;&lt;b&gt;SSAI Education Program in Obstetric Anaesthesia&lt;br&gt;&lt;\/b&gt;&lt;i&gt;Chair: Birgitta Birgisdottir&lt;\/i&gt;&lt;\/p&gt; \n                &lt;br&gt;&lt;br&gt;13.30-15.00 - A 3D-printed phantom for optical measurements of oxygen in the lungs&lt;br&gt;&lt;small&gt;Emilie Krite Svanberg&lt;\/small&gt;&lt;br&gt;&lt;br&gt;13.30-15.00 - A Case of Fetal Distress and Fetomaternal Hemorrhage.&lt;br&gt;&lt;small&gt;Omar Rian&lt;\/small&gt;&lt;br&gt;&lt;br&gt;13.30-15.00 - A comparison between PEEP titration methods in a porcine ARDS model&lt;br&gt;&lt;small&gt;Fabio Pino&lt;\/small&gt;&lt;br&gt;&lt;br&gt;13.30-15.00 - Associations between fear of birth, depression, anxiety, pain catastrophizing and use of epidural anaesthesia during delivery&lt;br&gt;&lt;small&gt;Lisa Lundstr\u00f6m&lt;\/small&gt;&lt;br&gt;&lt;br&gt;13.30-15.00 - Comparison of ICU outcomes in Poland to other European countries: reasons for high mortality rates.&lt;br&gt;&lt;small&gt;Wojciech Weigl&lt;\/small&gt;&lt;br&gt;&lt;br&gt;13.30-15.00 - Correlation between reintubation day and nursing and severity indexes in ICU patients.&lt;br&gt;&lt;small&gt;Aristeides Vakalos&lt;\/small&gt;&lt;br&gt;&lt;br&gt;13.30-15.00 - Correlation between reintubation rate and nursing indexes in ICU patients.&lt;br&gt;&lt;small&gt;Aristeides Vakalos&lt;\/small&gt;&lt;br&gt;&lt;br&gt;13.30-15.00 - Correlation between reintubation rate and severity and outcome indexes in ICU patients.&lt;br&gt;&lt;small&gt;Aristeides Vakalos&lt;\/small&gt;&lt;br&gt;&lt;br&gt;13.30-15.00 - Correlation between ventilation free days and nursing and severity indexes in ICU ventilated patients.&lt;br&gt;&lt;small&gt;Aristeides Vakalos&lt;\/small&gt;&lt;br&gt;&lt;br&gt;13.30-15.00 - Decision-to-delivery interval for category 1 caesarean sections at Karolinska University Hospital Solna and its correlation to neonatal outcome&lt;br&gt;&lt;small&gt;Henrik J\u00f6rnvall&lt;\/small&gt;&lt;br&gt;&lt;br&gt;13.30-15.00 - Efficacy of transthoracic ultrasound for rapid detection of pneumothorax&lt;br&gt;&lt;small&gt;Shilpushp Bhosale&lt;\/small&gt;&lt;br&gt;&lt;br&gt;13.30-15.00 - Epidural analgesia during first stage of labour. A quality control study.&lt;br&gt;&lt;small&gt;Britt Iren Skeide&lt;\/small&gt;&lt;br&gt;&lt;br&gt;13.30-15.00 - Esophageal multi-level tip manometry in morbidly obese during a PEEP step&lt;br&gt;&lt;small&gt;Alex de Leon&lt;\/small&gt;&lt;br&gt;&lt;br&gt;13.30-15.00 - Estimation of arterial carbon dioxide partial pressure based on end-tidal gas pressures and oxygen saturation in mechanically ventilated pigs&lt;br&gt;&lt;small&gt;Raisa Rentola&lt;\/small&gt;&lt;br&gt;&lt;br&gt;13.30-15.00 - Intramyometrial oxytocin after delivery in cesarean section.A literature review&lt;br&gt;&lt;small&gt;Jan Herzog&lt;\/small&gt;&lt;br&gt;&lt;br&gt;13.30-15.00 - Management of women with hereditatry angioedema during pregnancy and delivery- a case report&lt;br&gt;&lt;small&gt;\u00c5sa Alderg\u00e5rd&lt;\/small&gt;&lt;br&gt;&lt;br&gt;13.30-15.00 - Online Cerebral Blood Flow (CBF) derived from the Intracranial Pressure (ICP) curve&lt;br&gt;&lt;small&gt;M\u00e5rten Unnerb\u00e4ck&lt;\/small&gt;&lt;br&gt;&lt;br&gt;13.30-15.00 - Performance of a revised capnodynamic method during lung injury &lt;br&gt;&lt;small&gt;Thorir Sigmundsson&lt;\/small&gt;&lt;br&gt;&lt;br&gt;13.30-15.00 - Postpartum cardiac arrest as a consequence of ventriculat aahythmia. Difficulties in identification of uncommon genetic heart disease. Case report. &lt;br&gt;&lt;small&gt;Joanna Kosz-Strusiewicz&lt;\/small&gt;&lt;br&gt;&lt;br&gt;13.30-15.00 - The prevalence of icodextrin use in peritoneal dialysis patients and the prevention of an overestimation of blood glucose levels&lt;br&gt;&lt;small&gt;Yuka Kondo&lt;\/small&gt;&lt;br&gt;&lt;br&gt;13.30-15.00 - The Simplified Mortality Score for the Intensive Care Unit (SMS-ICU): development and internal validation of a simple score to predict 90-day mortality&lt;br&gt;&lt;small&gt;Anders Granholm&lt;\/small&gt;&lt;br&gt;&lt;br&gt;13.30-15.00 - Unexpected hemoperitoneum in emergency caesarean section caused by HELLP syndrome and hepatic rupture&lt;br&gt;&lt;small&gt;H\u00e5kan Rolfsson&lt;\/small&gt;&lt;br&gt;&lt;br&gt;\"\n                data-category=\"\"\n                data-category-ids=\"\"\n                data-span-all=\"\"\n              >\n\n              \n\n              <div class=\"vertical_bar\" style=\"background-color: rgba(255, 255, 255, 0);\"><\/div>\n              <div class=\"box_inner\">\n                                <span>Poster session<\/span>\n               <br>\n               \n               <div class=\"room_div \">\n                 <i class=\"list-room\">Poster area (exhibition)<\/i>\n               <\/div>\n\n               <div class=\"name_time_div\">\n                <i class=\"list-time\" data-time=\"13:30\">13:30-15:00 - Torsdag 7 september<\/i>\n               <\/div>\n              <\/div>\n             <\/div>\n          <\/div>\n\n          \n          <div class=\"box-wrapper\"\n              data-id=\"1350\">\n\n              <div class='time-header' style='visibility: hidden;'>13:30<\/div>\n\n              <div class=\"box\"\n                data-id=\"1350\"\n                data-project=\"project_267_2017_02_17\"\n                data-title=\"SSAI 2017 - Best Abstract Competition and Presentations\"\n                data-time=\"13:30-15:00\"\n                data-room=\"Lecture hall D\"\n                data-room-id=\"1088\"\n                data-room-name=\"Lecture hall D\"\n                data-day=\"1\"\n                data-abs-nbr=\"\"\n                data-abs-path=\"\"\n                data-speaker=\"Nina Vibeche Skei; Goran Lovric; Karen Louise Ellekjaer; Anna-Karin Strand; Kimberly Macala\"\n                data-speakercell=\"Nina Vibeche Skei; Goran Lovric; Karen Louise Ellekjaer; Anna-Karin Strand; Kimberly Macala\"\n                data-info=\"&lt;b&gt;Moderatorer: &lt;\/b&gt;Michael Haney; Jonas  \u00c5keson&lt;br&gt;&lt;br&gt; \n                 &lt;p&gt;&lt;i&gt;Nina Vibeche Skei (NO)&lt;\/i&gt;&lt;\/p&gt; \n                 &lt;p&gt;&lt;i&gt;Goran Lovric (CH)&lt;\/i&gt;&lt;\/p&gt; \n                 &lt;p&gt;&lt;i&gt;Karen Louise Ellekjaer (DK)&lt;\/i&gt;&lt;\/p&gt; \n                 &lt;p&gt;&lt;i&gt;Anna-Karin Strand (SE)&lt;\/i&gt;&lt;\/p&gt; \n                 &lt;p&gt;&lt;i&gt;Michael Kremke (DK)&lt;\/i&gt;&lt;\/p&gt; \n                 &lt;p&gt;&lt;i&gt;Kimberly Macala (CA)&lt;\/i&gt;&lt;\/p&gt; \n                 &lt;p&gt; &lt;\/p&gt; \n                 &lt;p&gt;&lt;i&gt;The audience is invited to vote for the best oral presentation on site.&lt;\/i&gt;&lt;\/p&gt; \n                &lt;br&gt;&lt;br&gt;\"\n                data-category=\"Plenary session\"\n                data-category-ids=\"1017\"\n                data-span-all=\"\"\n              >\n\n              \n\n              <div class=\"vertical_bar\" style=\"background-color: #FFF9C5;\"><\/div>\n              <div class=\"box_inner\">\n                                <span>SSAI 2017 - Best Abstract Competition and Presentations<\/span>\n               <br>\n               <div class=\"lecturer\"><span>Nina Vibeche Skei; Goran Lovric; Karen Louise Ellekjaer; Anna-Karin Strand; Kimberly Macala<\/span><\/div>\n               <div class=\"room_div \">\n                 <i class=\"list-room\">Lecture hall D<\/i>\n               <\/div>\n\n               <div class=\"name_time_div\">\n                <i class=\"list-time\" data-time=\"13:30\">13:30-15:00 - Torsdag 7 september<\/i>\n               <\/div>\n              <\/div>\n             <\/div>\n          <\/div>\n\n          \n          <div class=\"box-wrapper\"\n              data-id=\"1348\">\n\n              <div class='time-header' style='visibility: hidden;'>13:30<\/div>\n\n              <div class=\"box\"\n                data-id=\"1348\"\n                data-project=\"project_267_2017_02_17\"\n                data-title=\"Controversies in fluid therapy\"\n                data-time=\"13:30-15:00\"\n                data-room=\"Lecture hall A+B\"\n                data-room-id=\"1149\"\n                data-room-name=\"Lecture hall A+B\"\n                data-day=\"1\"\n                data-abs-nbr=\"\"\n                data-abs-path=\"\"\n                data-speaker=\"Robert Hahn; Anders Perner; Peter Bentzer\"\n                data-speakercell=\"Robert Hahn; Anders Perner; Peter Bentzer\"\n                data-info=\"&lt;b&gt;Moderatorer: &lt;\/b&gt;Derek Angus; Anders Holmstr\u00f6m&lt;br&gt;&lt;br&gt; \n                 &lt;p&gt;&lt;b&gt;Basic science of fluid therapy&lt;br&gt;&lt;\/b&gt;&lt;i&gt;Robert Hahn (SE)&lt;\/i&gt;&lt;\/p&gt; \n                 &lt;p&gt;&lt;b&gt;Is there evidence for any fluid therapy in critically ill&lt;br&gt;&lt;\/b&gt;&lt;i&gt;Anders Perner (DK)&lt;\/i&gt;&lt;\/p&gt; \n                 &lt;p&gt;&lt;b&gt;Is there a place for colloids in resuscitation of the critically ill?&lt;br&gt;&lt;\/b&gt;&lt;i&gt;Peter Bentzer (SE)&lt;\/i&gt;&lt;\/p&gt; \n                &lt;br&gt;&lt;br&gt;\"\n                data-category=\"General subjects\"\n                data-category-ids=\"1023\"\n                data-span-all=\"\"\n              >\n\n              \n\n              <div class=\"vertical_bar\" style=\"background-color: #F8C9DF;\"><\/div>\n              <div class=\"box_inner\">\n                                <span>Controversies in fluid therapy<\/span>\n               <br>\n               <div class=\"lecturer\"><span>Robert Hahn; Anders Perner; Peter Bentzer<\/span><\/div>\n               <div class=\"room_div \">\n                 <i class=\"list-room\">Lecture hall A+B<\/i>\n               <\/div>\n\n               <div class=\"name_time_div\">\n                <i class=\"list-time\" data-time=\"13:30\">13:30-15:00 - Torsdag 7 september<\/i>\n               <\/div>\n              <\/div>\n             <\/div>\n          <\/div>\n\n          \n          <div class=\"box-wrapper\"\n              data-id=\"1279\">\n\n              <div class='time-header'>15:00<\/div>\n\n              <div class=\"box\"\n                data-id=\"1279\"\n                data-project=\"project_267_2017_02_17\"\n                data-title=\"Coffee & exhibition\"\n                data-time=\"15:00-15:30\"\n                data-room=\"-Ej specificerad-\"\n                data-room-id=\"-1\"\n                data-room-name=\"-Ej specificerad-\"\n                data-day=\"1\"\n                data-abs-nbr=\"\"\n                data-abs-path=\"\"\n                data-speaker=\"\"\n                data-speakercell=\"\"\n                data-info=\"\"\n                data-category=\"\"\n                data-category-ids=\"\"\n                data-span-all=\"1\"\n              >\n\n              \n\n              <div class=\"vertical_bar\" style=\"background-color: rgba(255, 255, 255, 0);\"><\/div>\n              <div class=\"box_inner\">\n                                <span>Coffee & exhibition<\/span>\n               <br>\n               \n               <div class=\"room_div \">\n                 <i class=\"list-room\">-Ej specificerad-<\/i>\n               <\/div>\n\n               <div class=\"name_time_div\">\n                <i class=\"list-time\" data-time=\"15:00\">15:00-15:30 - Torsdag 7 september<\/i>\n               <\/div>\n              <\/div>\n             <\/div>\n          <\/div>\n\n          \n          <div class=\"box-wrapper\"\n              data-id=\"1351\">\n\n              <div class='time-header'>15:30<\/div>\n\n              <div class=\"box\"\n                data-id=\"1351\"\n                data-project=\"project_267_2017_02_17\"\n                data-title=\"Clinical research \u2013 from idea to publication to implementation\"\n                data-time=\"15:30-17:00\"\n                data-room=\"Lecture hall D\"\n                data-room-id=\"1088\"\n                data-room-name=\"Lecture hall D\"\n                data-day=\"1\"\n                data-abs-nbr=\"\"\n                data-abs-path=\"\"\n                data-speaker=\"Anders Perner; Niklas Nielsen; Morten  Hylander M\u00f8ller; Derek Angus\"\n                data-speakercell=\"Anders Perner; Niklas Nielsen; Morten  Hylander M\u00f8ller; Derek Angus\"\n                data-info=\"&lt;b&gt;Moderatorer: &lt;\/b&gt;Jon Henrik Laake; Ann M\u00f8ller&lt;br&gt;&lt;br&gt; \n                 &lt;p&gt;&lt;b&gt;How to conduct high-quality clinical research?&lt;br&gt;&lt;\/b&gt;&lt;i&gt;Anders Perner (DK)&lt;\/i&gt;&lt;\/p&gt; \n                 &lt;p&gt;&lt;b&gt;Challenges in clinical research&lt;br&gt;&lt;\/b&gt;&lt;i&gt;Niklas Nielsen&amp;nbsp; (SE)&lt;\/i&gt;&lt;\/p&gt; \n                 &lt;p&gt;&lt;b&gt;Why are most clinical research findings not spectacular?&lt;br&gt;&lt;\/b&gt;&lt;i&gt;Morten Hylander M\u00f8ller (DK)&lt;\/i&gt;&lt;\/p&gt; \n                 &lt;p&gt;&lt;b&gt;Does clinical research help me take care of my patient?&lt;br&gt;&lt;\/b&gt;&lt;i&gt;Derek Angus&amp;nbsp; (USA)&lt;\/i&gt;&lt;\/p&gt; \n                &lt;br&gt;&lt;br&gt;\"\n                data-category=\"Research, publication & teaching\"\n                data-category-ids=\"1024\"\n                data-span-all=\"\"\n              >\n\n              \n\n              <div class=\"vertical_bar\" style=\"background-color: E6F0DF;\"><\/div>\n              <div class=\"box_inner\">\n                                <span>Clinical research \u2013 from idea to publication to implementation<\/span>\n               <br>\n               <div class=\"lecturer\"><span>Anders Perner; Niklas Nielsen; Morten  Hylander M\u00f8ller; Derek Angus<\/span><\/div>\n               <div class=\"room_div \">\n                 <i class=\"list-room\">Lecture hall D<\/i>\n               <\/div>\n\n               <div class=\"name_time_div\">\n                <i class=\"list-time\" data-time=\"15:30\">15:30-17:00 - Torsdag 7 september<\/i>\n               <\/div>\n              <\/div>\n             <\/div>\n          <\/div>\n\n          \n          <div class=\"box-wrapper\"\n              data-id=\"1303\">\n\n              <div class='time-header' style='visibility: hidden;'>15:30<\/div>\n\n              <div class=\"box\"\n                data-id=\"1303\"\n                data-project=\"project_267_2017_02_17\"\n                data-title=\"Workshop: Ultrasound guided nerve blocks\"\n                data-time=\"15:30-17:00\"\n                data-room=\"Conference area\"\n                data-room-id=\"1090\"\n                data-room-name=\"Conference area\"\n                data-day=\"1\"\n                data-abs-nbr=\"\"\n                data-abs-path=\"\"\n                data-speaker=\"Michael D  Herrick; Jan-Erik  Kull\"\n                data-speakercell=\"Michael D  Herrick; Jan-Erik  Kull\"\n                data-info=\" \n                 &lt;p&gt; &lt;\/p&gt; \n                 &lt;p&gt;&lt;br&gt;&lt;\/p&gt; \n                &lt;br&gt;&lt;br&gt;\"\n                data-category=\"\"\n                data-category-ids=\"\"\n                data-span-all=\"\"\n              >\n\n              \n\n              <div class=\"vertical_bar\" style=\"background-color: rgba(255, 255, 255, 0);\"><\/div>\n              <div class=\"box_inner\">\n                                <span>Workshop: Ultrasound guided nerve blocks<\/span>\n               <br>\n               <div class=\"lecturer\"><span>Michael D  Herrick; Jan-Erik  Kull<\/span><\/div>\n               <div class=\"room_div \">\n                 <i class=\"list-room\">Conference area<\/i>\n               <\/div>\n\n               <div class=\"name_time_div\">\n                <i class=\"list-time\" data-time=\"15:30\">15:30-17:00 - Torsdag 7 september<\/i>\n               <\/div>\n              <\/div>\n             <\/div>\n          <\/div>\n\n          \n          <div class=\"box-wrapper\"\n              data-id=\"1298\">\n\n              <div class='time-header' style='visibility: hidden;'>15:30<\/div>\n\n              <div class=\"box\"\n                data-id=\"1298\"\n                data-project=\"project_267_2017_02_17\"\n                data-title=\"Postoperative diuresis - should we even care?\"\n                data-time=\"15:30-17:00\"\n                data-room=\"Lecture hall E\"\n                data-room-id=\"1089\"\n                data-room-name=\"Lecture hall E\"\n                data-day=\"1\"\n                data-abs-nbr=\"\"\n                data-abs-path=\"\"\n                data-speaker=\"Peter Noordzij; Max Bell; Mareike K\u00f6rber\"\n                data-speakercell=\"Peter Noordzij; Max Bell; Mareike K\u00f6rber\"\n                data-info=\"&lt;b&gt;Moderatorer: &lt;\/b&gt;Magnus Iversen; Hans Hjelmqvist&lt;br&gt;&lt;br&gt; \n                 &lt;p&gt;&lt;b&gt;Intraoperative determinants of postoperative decline in renal function&lt;br&gt;&lt;\/b&gt;&lt;i&gt;Peter Noordzij (NL)&lt;\/i&gt;&lt;\/p&gt; \n                 &lt;p&gt;&lt;b&gt;Fluids at the PACU&amp;nbsp;- the easy way out?&lt;br&gt;&lt;\/b&gt;&lt;i&gt;Max Bell (SE)&lt;\/i&gt;&lt;\/p&gt; \n                 &lt;p&gt;&lt;b&gt;Diuresis - facts, fiction and future&lt;br&gt;&lt;\/b&gt;&lt;i&gt;Mareike Koerber (GE)&lt;\/i&gt;&lt;\/p&gt; \n                 &lt;p&gt;&lt;b&gt;&lt;\/b&gt;&lt;\/p&gt; \n                &lt;br&gt;&lt;br&gt;\"\n                data-category=\"Anaesthesia and periop medicine\"\n                data-category-ids=\"1021\"\n                data-span-all=\"\"\n              >\n\n              \n\n              <div class=\"vertical_bar\" style=\"background-color: #D2E4C4;\"><\/div>\n              <div class=\"box_inner\">\n                                <span>Postoperative diuresis - should we even care?<\/span>\n               <br>\n               <div class=\"lecturer\"><span>Peter Noordzij; Max Bell; Mareike K\u00f6rber<\/span><\/div>\n               <div class=\"room_div \">\n                 <i class=\"list-room\">Lecture hall E<\/i>\n               <\/div>\n\n               <div class=\"name_time_div\">\n                <i class=\"list-time\" data-time=\"15:30\">15:30-17:00 - Torsdag 7 september<\/i>\n               <\/div>\n              <\/div>\n             <\/div>\n          <\/div>\n\n          \n          <div class=\"box-wrapper\"\n              data-id=\"1349\">\n\n              <div class='time-header' style='visibility: hidden;'>15:30<\/div>\n\n              <div class=\"box\"\n                data-id=\"1349\"\n                data-project=\"project_267_2017_02_17\"\n                data-title=\"Acute pain\"\n                data-time=\"15:30-17:00\"\n                data-room=\"Lecture hall A+B\"\n                data-room-id=\"1149\"\n                data-room-name=\"Lecture hall A+B\"\n                data-day=\"1\"\n                data-abs-nbr=\"\"\n                data-abs-path=\"\"\n                data-speaker=\"Niels-Henrik Jensen; Stephan Schug; Audun Stubhaug\"\n                data-speakercell=\"Niels-Henrik Jensen; Stephan Schug; Audun Stubhaug\"\n                data-info=\"&lt;b&gt;Moderatorer: &lt;\/b&gt;Audun Stubhaug; Brian Sites&lt;br&gt;&lt;br&gt; \n                 &lt;p&gt;&lt;b&gt;The SSAI Pain educational program through 15 years&lt;br&gt;&lt;\/b&gt;&lt;i&gt;Niels-Henrik Jensen (DK)&lt;\/i&gt;&lt;\/p&gt; \n                 &lt;p&gt;&lt;b&gt;Acute pain after surgery - lessons learned from the last decade&amp;nbsp;&lt;br&gt;&lt;\/b&gt;&lt;i&gt;Stephan Schug (AUS)&lt;\/i&gt;&lt;\/p&gt; \n                 &lt;p&gt;&lt;b&gt;Perioperative opioid treatment -&amp;nbsp; the crucial &amp;nbsp;importance of timing&amp;nbsp;&lt;br&gt;&lt;\/b&gt;&lt;i&gt;Audun Stubhaug (NO)&lt;\/i&gt;&lt;\/p&gt; \n                 &lt;p&gt;&lt;b&gt;Acute neuropathic pain&lt;br&gt;&lt;\/b&gt;&lt;i&gt;Stephan Schug (AUS)&amp;nbsp;&lt;\/i&gt;&lt;\/p&gt; \n                &lt;br&gt;&lt;br&gt;\"\n                data-category=\"Pain\"\n                data-category-ids=\"1018\"\n                data-span-all=\"\"\n              >\n\n              \n\n              <div class=\"vertical_bar\" style=\"background-color: #C2AACD;\"><\/div>\n              <div class=\"box_inner\">\n                                <span>Acute pain<\/span>\n               <br>\n               <div class=\"lecturer\"><span>Niels-Henrik Jensen; Stephan Schug; Audun Stubhaug<\/span><\/div>\n               <div class=\"room_div \">\n                 <i class=\"list-room\">Lecture hall A+B<\/i>\n               <\/div>\n\n               <div class=\"name_time_div\">\n                <i class=\"list-time\" data-time=\"15:30\">15:30-17:00 - Torsdag 7 september<\/i>\n               <\/div>\n              <\/div>\n             <\/div>\n          <\/div>\n\n          \n          <div class=\"box-wrapper\"\n              data-id=\"1285\">\n\n              <div class='time-header' style='visibility: hidden;'>15:30<\/div>\n\n              <div class=\"box\"\n                data-id=\"1285\"\n                data-project=\"project_267_2017_02_17\"\n                data-title=\"Fast track surgery II\"\n                data-time=\"15:30-17:00\"\n                data-room=\"Lecture hall C\"\n                data-room-id=\"1087\"\n                data-room-name=\"Lecture hall C\"\n                data-day=\"1\"\n                data-abs-nbr=\"\"\n                data-abs-path=\"\"\n                data-speaker=\"Andreas Harsten; Eske  Kvanner Aasvang; Henrik Kehlet\"\n                data-speakercell=\"Andreas Harsten; Eske  Kvanner Aasvang; Henrik Kehlet\"\n                data-info=\"&lt;b&gt;Moderatorer: &lt;\/b&gt;Johan Lundberg; Vibeke Moen&lt;br&gt;&lt;br&gt; \n                 &lt;p&gt;&lt;b&gt;General or regional anaesthesia in orthopaedic surgery &amp;nbsp;&lt;br&gt;&lt;\/b&gt;&lt;i&gt;Andreas Harsten (SE)&lt;\/i&gt;&lt;\/p&gt; \n                 &lt;p&gt;&lt;b&gt;Why in PACU?&lt;br&gt;&lt;\/b&gt;&lt;i&gt;Eske Kvanner Aasvang (DK)&lt;\/i&gt;&lt;\/p&gt; \n                 &lt;p&gt;&lt;b&gt;The way forward&lt;br&gt;&lt;\/b&gt;&lt;i&gt;Henrik Kehlet (DK)&lt;\/i&gt;&lt;\/p&gt; \n                &lt;br&gt;&lt;br&gt;\"\n                data-category=\"Anaesthesia and periop medicine\"\n                data-category-ids=\"1021\"\n                data-span-all=\"\"\n              >\n\n              \n\n              <div class=\"vertical_bar\" style=\"background-color: #D2E4C4;\"><\/div>\n              <div class=\"box_inner\">\n                                <span>Fast track surgery II<\/span>\n               <br>\n               <div class=\"lecturer\"><span>Andreas Harsten; Eske  Kvanner Aasvang; Henrik Kehlet<\/span><\/div>\n               <div class=\"room_div \">\n                 <i class=\"list-room\">Lecture hall C<\/i>\n               <\/div>\n\n               <div class=\"name_time_div\">\n                <i class=\"list-time\" data-time=\"15:30\">15:30-17:00 - Torsdag 7 september<\/i>\n               <\/div>\n              <\/div>\n             <\/div>\n          <\/div>\n\n          \n          <div class=\"box-wrapper\"\n              data-id=\"1356\">\n\n              <div class='time-header' style='visibility: hidden;'>15:30<\/div>\n\n              <div class=\"box\"\n                data-id=\"1356\"\n                data-project=\"project_267_2017_02_17\"\n                data-title=\"Poster session\"\n                data-time=\"15:30-17:00\"\n                data-room=\"Poster area (exhibition)\"\n                data-room-id=\"1093\"\n                data-room-name=\"Poster area (exhibition)\"\n                data-day=\"1\"\n                data-abs-nbr=\"\"\n                data-abs-path=\"\"\n                data-speaker=\"\"\n                data-speakercell=\"\"\n                data-info=\"&lt;b&gt;Moderatorer: &lt;\/b&gt;Sven Erik Gisvold; Johan Und\u00e9n; Andreas Nygren&lt;br&gt;&lt;br&gt; \n                 &lt;p&gt;&lt;b&gt;Posters 115-120:&amp;nbsp;&lt;\/b&gt;&lt;b&gt;Airway and Respiration&lt;br&gt;&lt;\/b&gt;&lt;i&gt;Chair: Sven Erik Gisvold&lt;\/i&gt;&lt;\/p&gt; \n                 &lt;p&gt;&lt;b&gt;Posters 122-129:&amp;nbsp;&lt;\/b&gt;&lt;b&gt;Intensive Care Medicine&lt;br&gt;&lt;\/b&gt;&lt;i&gt;Chair: Johan Und\u00e9n&lt;\/i&gt;&lt;\/p&gt; \n                 &lt;p&gt;&lt;b&gt;Posters 130-138:&amp;nbsp;&lt;\/b&gt;&lt;b&gt;SSAI Education Program in Cardiothoracic and Vascular Anaesthesia&lt;br&gt;&lt;\/b&gt;&lt;i&gt;Chair: Andreas Nygren&lt;\/i&gt;&lt;\/p&gt; \n                &lt;br&gt;&lt;br&gt;15.30-17.00 - A comparison of predictive factors for identifying difficult airway (laryngoscopy &amp; intubation) patients&lt;br&gt;&lt;small&gt;Magdalena Siljeblad&lt;\/small&gt;&lt;br&gt;&lt;br&gt;15.30-17.00 - A long-term follow up of post-traumatic morbidity measured as sick leave.&lt;br&gt;&lt;small&gt;Erik von Oolreich&lt;\/small&gt;&lt;br&gt;&lt;br&gt;15.30-17.00 - Assessment of acute gastrointestinal injury score in postoperative cardiac surgical patients&lt;br&gt;&lt;small&gt;Jenny Seilitz&lt;\/small&gt;&lt;br&gt;&lt;br&gt;15.30-17.00 - Blunt Airway trauma with cricoid fracture&lt;br&gt;&lt;small&gt;Alexis Milton&lt;\/small&gt;&lt;br&gt;&lt;br&gt;15.30-17.00 - Coronary artery bypass grafting related bleeding risks due to preoperative ticagrelor exposure&lt;br&gt;&lt;small&gt;Michael Kremke&lt;\/small&gt;&lt;br&gt;&lt;br&gt;15.30-17.00 - Doxapram for prevention of propofol- induced respiratory depression in spontaneously breathing patients undergoing endoscopic retrograde cholangiopancreatography. A randomized double-blind placebo controlled study.&lt;br&gt;&lt;small&gt;Maxim Mazanikov&lt;\/small&gt;&lt;br&gt;&lt;br&gt;15.30-17.00 - First Pass Success Rates Among Attending and Non-attending Emergency Physicians Using Direct and Video Laryngoscopy in the Emergency Department&lt;br&gt;&lt;small&gt;evelyn Wong&lt;\/small&gt;&lt;br&gt;&lt;br&gt;15.30-17.00 - Fourth Swedish Difficult Airway Guidelines&lt;br&gt;&lt;small&gt;Per Nellg\u00e5rd&lt;\/small&gt;&lt;br&gt;&lt;br&gt;15.30-17.00 - Global Longitudinal Strain Following Mitral Valve Repair due to Chronic Severe Primary Regurgitation &lt;br&gt;&lt;small&gt;Snejana Hyll\u00e9n&lt;\/small&gt;&lt;br&gt;&lt;br&gt;15.30-17.00 - In-Common Molecular Pathway For Six Different Etiologies Of Acute Kidney Injury&lt;br&gt;&lt;small&gt;Michael Hultstr\u00f6m&lt;\/small&gt;&lt;br&gt;&lt;br&gt;15.30-17.00 - Long-term Mortality after Severe Sepsis and Septic Shock in Swedish Intensive Care Units 2005 - 2015&lt;br&gt;&lt;small&gt;Gunnar Strandberg&lt;\/small&gt;&lt;br&gt;&lt;br&gt;15.30-17.00 - Mechanistic Insight into the Short-term Effect of Cardiopulmonary Bypass on Left ventricular Diastolic Function&lt;br&gt;&lt;small&gt;Emilie M\u00f6rtsell&lt;\/small&gt;&lt;br&gt;&lt;br&gt;15.30-17.00 - National recommendations for tracheotomy and for tracheostomy care.&lt;br&gt;&lt;small&gt;Per Nellg\u00e5rd&lt;\/small&gt;&lt;br&gt;&lt;br&gt;15.30-17.00 - Patterns of care and long-term survival of patients with Acute Respiratory Distress Syndrome (ARDS) in Sweden 2008-2016 &lt;br&gt;&lt;small&gt;Annika Metander&lt;\/small&gt;&lt;br&gt;&lt;br&gt;15.30-17.00 - Postoperative nausea and vomiting on Mercy Ships\u2019 hospital ship in Madagascar&lt;br&gt;&lt;small&gt;Amanda Westling&lt;\/small&gt;&lt;br&gt;&lt;br&gt;15.30-17.00 - Postoperative right ventricular failure in heart valve surgery&lt;br&gt;&lt;small&gt;Kasper Enevold Nielsen&lt;\/small&gt;&lt;br&gt;&lt;br&gt;15.30-17.00 - Prevalence and outcome of status epilepticus in patients with out-of-hospital cardiac arrest&lt;br&gt;&lt;small&gt;Margrethe Jermiin Jensen&lt;\/small&gt;&lt;br&gt;&lt;br&gt;15.30-17.00 - Recommendations for follow-up of intensive care unit survivors in Sweden&lt;br&gt;&lt;small&gt;Eva \u00c5kerman&lt;\/small&gt;&lt;br&gt;&lt;br&gt;15.30-17.00 - Regulation of leg blood flow is impaired during exercise in COPD patients&lt;br&gt;&lt;small&gt;Ulrik Winning Iepsen&lt;\/small&gt;&lt;br&gt;&lt;br&gt;15.30-17.00 - Spatial distribution of ventilator induced lung injury at the acinar level.  An in-vivo synchrotron phase-contrast microscopy study in BALB\/c mice&lt;br&gt;&lt;small&gt;Goran Lovric&lt;\/small&gt;&lt;br&gt;&lt;br&gt;15.30-17.00 - Therapeutic bronchoscopy vs standard of care in critically ill patients with acute respiratory failure: a systematic review of randomised clinical trials with meta-analysis and trial sequential analysis&lt;br&gt;&lt;small&gt;Karen Louise Ellekjaer&lt;\/small&gt;&lt;br&gt;&lt;br&gt;15.30-17.00 - Validation of physiological and self-rated pain assessment tools; How do they act when compared to the nociceptive spinal reflex? A comparison between physiological and self-rated pain assessment during different affective states.&lt;br&gt;&lt;small&gt;Anders G\u00fcnther&lt;\/small&gt;&lt;br&gt;&lt;br&gt;15.30-17.00 - Which outcomes do patients consider most important following critical illness? &lt;br&gt;&lt;small&gt;Helene Korvenius Nedergaard&lt;\/small&gt;&lt;br&gt;&lt;br&gt;\"\n                data-category=\"\"\n                data-category-ids=\"\"\n                data-span-all=\"\"\n              >\n\n              \n\n              <div class=\"vertical_bar\" style=\"background-color: rgba(255, 255, 255, 0);\"><\/div>\n              <div class=\"box_inner\">\n                                <span>Poster session<\/span>\n               <br>\n               \n               <div class=\"room_div \">\n                 <i class=\"list-room\">Poster area (exhibition)<\/i>\n               <\/div>\n\n               <div class=\"name_time_div\">\n                <i class=\"list-time\" data-time=\"15:30\">15:30-17:00 - Torsdag 7 september<\/i>\n               <\/div>\n              <\/div>\n             <\/div>\n          <\/div>\n\n          \n          <div class=\"box-wrapper\"\n              data-id=\"1280\">\n\n              <div class='time-header'>19:00<\/div>\n\n              <div class=\"box\"\n                data-id=\"1280\"\n                data-project=\"project_267_2017_02_17\"\n                data-title=\"Banquet at Malm\u00f6 Live\"\n                data-time=\"19:00-01:00\"\n                data-room=\"-Ej specificerad-\"\n                data-room-id=\"-1\"\n                data-room-name=\"-Ej specificerad-\"\n                data-day=\"1\"\n                data-abs-nbr=\"\"\n                data-abs-path=\"\"\n                data-speaker=\"\"\n                data-speakercell=\"\"\n                data-info=\"\"\n                data-category=\"\"\n                data-category-ids=\"\"\n                data-span-all=\"1\"\n              >\n\n              \n\n              <div class=\"vertical_bar\" style=\"background-color: rgba(255, 255, 255, 0);\"><\/div>\n              <div class=\"box_inner\">\n                                <span>Banquet at Malm\u00f6 Live<\/span>\n               <br>\n               \n               <div class=\"room_div \">\n                 <i class=\"list-room\">-Ej specificerad-<\/i>\n               <\/div>\n\n               <div class=\"name_time_div\">\n                <i class=\"list-time\" data-time=\"19:00\">19:00-01:00 - Torsdag 7 september<\/i>\n               <\/div>\n              <\/div>\n             <\/div>\n          <\/div>\n\n          <div class='list_header' data-day='2' style='background-color: rgba(32, 132, 196, 0.83); color: rgba(255, 255, 255, 1);'>Fredag 8 september<\/div>\n          <div class=\"box-wrapper\"\n              data-id=\"1367\">\n\n              <div class='time-header'>07:30<\/div>\n\n              <div class=\"box\"\n                data-id=\"1367\"\n                data-project=\"project_267_2017_02_17\"\n                data-title=\"Registration\"\n                data-time=\"07:30-08:00\"\n                data-room=\"-Ej specificerad-\"\n                data-room-id=\"-1\"\n                data-room-name=\"-Ej specificerad-\"\n                data-day=\"2\"\n                data-abs-nbr=\"\"\n                data-abs-path=\"\"\n                data-speaker=\"\"\n                data-speakercell=\"\"\n                data-info=\"\"\n                data-category=\"\"\n                data-category-ids=\"\"\n                data-span-all=\"1\"\n              >\n\n              \n\n              <div class=\"vertical_bar\" style=\"background-color: rgba(255, 255, 255, 0);\"><\/div>\n              <div class=\"box_inner\">\n                                <span>Registration<\/span>\n               <br>\n               \n               <div class=\"room_div \">\n                 <i class=\"list-room\">-Ej specificerad-<\/i>\n               <\/div>\n\n               <div class=\"name_time_div\">\n                <i class=\"list-time\" data-time=\"07:30\">07:30-08:00 - Fredag 8 september<\/i>\n               <\/div>\n              <\/div>\n             <\/div>\n          <\/div>\n\n          \n          <div class=\"box-wrapper\"\n              data-id=\"1328\">\n\n              <div class='time-header'>08:00<\/div>\n\n              <div class=\"box\"\n                data-id=\"1328\"\n                data-project=\"project_267_2017_02_17\"\n                data-title=\"Art exhibition & Medical History\"\n                data-time=\"08:00-13:30\"\n                data-room=\"Exhibition area\"\n                data-room-id=\"1092\"\n                data-room-name=\"Exhibition area\"\n                data-day=\"2\"\n                data-abs-nbr=\"\"\n                data-abs-path=\"\"\n                data-speaker=\"Hans Huldt\"\n                data-speakercell=\"Hans Huldt\"\n                data-info=\" \n                 &lt;p&gt;&lt;br&gt;&lt;\/p&gt; \n                &lt;br&gt;&lt;br&gt;\"\n                data-category=\"\"\n                data-category-ids=\"\"\n                data-span-all=\"\"\n              >\n\n              \n\n              <div class=\"vertical_bar\" style=\"background-color: rgba(255, 255, 255, 0);\"><\/div>\n              <div class=\"box_inner\">\n                                <span>Art exhibition & Medical History<\/span>\n               <br>\n               <div class=\"lecturer\"><span>Hans Huldt<\/span><\/div>\n               <div class=\"room_div \">\n                 <i class=\"list-room\">Exhibition area<\/i>\n               <\/div>\n\n               <div class=\"name_time_div\">\n                <i class=\"list-time\" data-time=\"08:00\">08:00-13:30 - Fredag 8 september<\/i>\n               <\/div>\n              <\/div>\n             <\/div>\n          <\/div>\n\n          \n          <div class=\"box-wrapper\"\n              data-id=\"1322\">\n\n              <div class='time-header' style='visibility: hidden;'>08:00<\/div>\n\n              <div class=\"box\"\n                data-id=\"1322\"\n                data-project=\"project_267_2017_02_17\"\n                data-title=\"Update in Clinical Monitoring\"\n                data-time=\"08:00-09:30\"\n                data-room=\"Lecture hall E\"\n                data-room-id=\"1089\"\n                data-room-name=\"Lecture hall E\"\n                data-day=\"2\"\n                data-abs-nbr=\"\"\n                data-abs-path=\"\"\n                data-speaker=\"Per Bredmose; Peter Reinstrup; Emilie  Krite Svanberg\"\n                data-speakercell=\"Per Bredmose; Peter Reinstrup; Emilie  Krite Svanberg\"\n                data-info=\"&lt;b&gt;Moderatorer: &lt;\/b&gt;Michelle Chew; Preben Berthelsen&lt;br&gt;&lt;br&gt; \n                 &lt;p&gt;&lt;b&gt;Prehospital ECHO&lt;br&gt;&lt;\/b&gt;&lt;i&gt;Per Bredmose&amp;nbsp; (NO)&lt;\/i&gt;&lt;\/p&gt; \n                 &lt;p&gt;&lt;b&gt;In-hospital ECHO&lt;br&gt;&lt;\/b&gt;&lt;i&gt;Lill Blomqwist (SE)&lt;\/i&gt;&lt;\/p&gt; \n                 &lt;p&gt;&lt;b&gt;Monitoring CBF and ICP&lt;br&gt;&lt;\/b&gt;&lt;i&gt;Peter Reinstrup (SE)&lt;\/i&gt;&lt;\/p&gt; \n                 &lt;p&gt;&lt;b&gt;New monitoring techniques to assess composition of alveolar gases&lt;br&gt;&lt;\/b&gt;&lt;i&gt;Emilie Krite Svanberg (SE)&lt;\/i&gt;&lt;\/p&gt; \n                &lt;br&gt;&lt;br&gt;\"\n                data-category=\"General subjects\"\n                data-category-ids=\"1023\"\n                data-span-all=\"\"\n              >\n\n              \n\n              <div class=\"vertical_bar\" style=\"background-color: #F8C9DF;\"><\/div>\n              <div class=\"box_inner\">\n                                <span>Update in Clinical Monitoring<\/span>\n               <br>\n               <div class=\"lecturer\"><span>Per Bredmose; Peter Reinstrup; Emilie  Krite Svanberg<\/span><\/div>\n               <div class=\"room_div \">\n                 <i class=\"list-room\">Lecture hall E<\/i>\n               <\/div>\n\n               <div class=\"name_time_div\">\n                <i class=\"list-time\" data-time=\"08:00\">08:00-09:30 - Fredag 8 september<\/i>\n               <\/div>\n              <\/div>\n             <\/div>\n          <\/div>\n\n          \n          <div class=\"box-wrapper\"\n              data-id=\"1363\">\n\n              <div class='time-header' style='visibility: hidden;'>08:00<\/div>\n\n              <div class=\"box\"\n                data-id=\"1363\"\n                data-project=\"project_267_2017_02_17\"\n                data-title=\"The Acta Session - Scientific concerns\"\n                data-time=\"08:00-09:30\"\n                data-room=\"Lecture hall A+B\"\n                data-room-id=\"1149\"\n                data-room-name=\"Lecture hall A+B\"\n                data-day=\"2\"\n                data-abs-nbr=\"\"\n                data-abs-path=\"\"\n                data-speaker=\"Derek Angus; Andrew Klein; Brian Sites\"\n                data-speakercell=\"Derek Angus; Andrew Klein; Brian Sites\"\n                data-info=\"&lt;b&gt;Moderatorer: &lt;\/b&gt;Michael Haney; Sven Erik Gisvold&lt;br&gt;&lt;br&gt; \n                 &lt;p&gt;&lt;b&gt;Challenging clinical trials: Why doesn\u2019t early goal-directed therapy work?&lt;br&gt;&lt;\/b&gt;&lt;i&gt;Derek Angus (USA)&lt;\/i&gt;&lt;\/p&gt; \n                 &lt;p&gt;&lt;b&gt;Does the anaesthesiologist make a difference? A tricky example with a retracted article&lt;br&gt;&lt;\/b&gt;&lt;i&gt;Andrew Klein (UK)&lt;\/i&gt;&lt;\/p&gt; \n                 &lt;p&gt;&lt;b&gt;Spins, lies and truths - observational data in medicine and anesthesiology&lt;br&gt;&lt;\/b&gt;&lt;i&gt;Brian Sites (USA)&amp;nbsp;&lt;\/i&gt;&lt;\/p&gt; \n                &lt;br&gt;&lt;br&gt;\"\n                data-category=\"Plenary session\"\n                data-category-ids=\"1017\"\n                data-span-all=\"\"\n              >\n\n              \n\n              <div class=\"vertical_bar\" style=\"background-color: #FFF9C5;\"><\/div>\n              <div class=\"box_inner\">\n                                <span>The Acta Session - Scientific concerns<\/span>\n               <br>\n               <div class=\"lecturer\"><span>Derek Angus; Andrew Klein; Brian Sites<\/span><\/div>\n               <div class=\"room_div \">\n                 <i class=\"list-room\">Lecture hall A+B<\/i>\n               <\/div>\n\n               <div class=\"name_time_div\">\n                <i class=\"list-time\" data-time=\"08:00\">08:00-09:30 - Fredag 8 september<\/i>\n               <\/div>\n              <\/div>\n             <\/div>\n          <\/div>\n\n          \n          <div class=\"box-wrapper\"\n              data-id=\"1308\">\n\n              <div class='time-header' style='visibility: hidden;'>08:00<\/div>\n\n              <div class=\"box\"\n                data-id=\"1308\"\n                data-project=\"project_267_2017_02_17\"\n                data-title=\"What\u2019s new in Ceasarean?\"\n                data-time=\"08:00-09:30\"\n                data-room=\"Lecture hall C\"\n                data-room-id=\"1087\"\n                data-room-name=\"Lecture hall C\"\n                data-day=\"2\"\n                data-abs-nbr=\"\"\n                data-abs-path=\"\"\n                data-speaker=\"Antti V\u00e4\u00e4n\u00e4nen; Ulla  Bang; Kim Ekelund\"\n                data-speakercell=\"Antti V\u00e4\u00e4n\u00e4nen; Ulla  Bang; Kim Ekelund\"\n                data-info=\"&lt;b&gt;Moderatorer: &lt;\/b&gt;Johanna Sarvela; Vegard  Dahl&lt;br&gt;&lt;br&gt; \n                 &lt;p&gt;&lt;b&gt;Should we abandon succinylcholine and pentothal in GA Ceasarean delivery&lt;br&gt;&lt;\/b&gt;&lt;i&gt;Antti V\u00e4\u00e4n\u00e4nen (FI)&amp;nbsp;&lt;\/i&gt;&lt;\/p&gt; \n                 &lt;p&gt;&lt;b&gt;What is, or is there, a place for fast track \/ ERAS in Ceasarean delivery&lt;br&gt;&lt;\/b&gt;&lt;i&gt;Ulla Bang (DK)&lt;\/i&gt;&lt;\/p&gt; \n                 &lt;p&gt;&lt;b&gt;Post caesarean analgesia \u2013 an update&lt;br&gt;&lt;\/b&gt;&lt;i&gt;Kim Ekelund (DK)&lt;\/i&gt;&lt;\/p&gt; \n                &lt;br&gt;&lt;br&gt;\"\n                data-category=\"Special anaesthesia and intens care\"\n                data-category-ids=\"1022\"\n                data-span-all=\"\"\n              >\n\n              \n\n              <div class=\"vertical_bar\" style=\"background-color: #B4C0D2;\"><\/div>\n              <div class=\"box_inner\">\n                                <span>What\u2019s new in Ceasarean?<\/span>\n               <br>\n               <div class=\"lecturer\"><span>Antti V\u00e4\u00e4n\u00e4nen; Ulla  Bang; Kim Ekelund<\/span><\/div>\n               <div class=\"room_div \">\n                 <i class=\"list-room\">Lecture hall C<\/i>\n               <\/div>\n\n               <div class=\"name_time_div\">\n                <i class=\"list-time\" data-time=\"08:00\">08:00-09:30 - Fredag 8 september<\/i>\n               <\/div>\n              <\/div>\n             <\/div>\n          <\/div>\n\n          \n          <div class=\"box-wrapper\"\n              data-id=\"1358\">\n\n              <div class='time-header' style='visibility: hidden;'>08:00<\/div>\n\n              <div class=\"box\"\n                data-id=\"1358\"\n                data-project=\"project_267_2017_02_17\"\n                data-title=\"Poster session\"\n                data-time=\"08:00-09:30\"\n                data-room=\"Poster area (exhibition)\"\n                data-room-id=\"1093\"\n                data-room-name=\"Poster area (exhibition)\"\n                data-day=\"2\"\n                data-abs-nbr=\"\"\n                data-abs-path=\"\"\n                data-speaker=\"\"\n                data-speakercell=\"\"\n                data-info=\"&lt;b&gt;Moderatorer: &lt;\/b&gt;Jonas  \u00c5keson; Luis Romundstad; Hans Flaatten&lt;br&gt;&lt;br&gt; \n                 &lt;p&gt;&lt;b&gt;Posters 139-146:&amp;nbsp;&lt;\/b&gt;&lt;b&gt;Critical Infections and Vascular &lt;\/b&gt;&lt;b&gt;Access&lt;br&gt;&lt;\/b&gt;&lt;i&gt;Chair: Jonas \u00c5keson&lt;\/i&gt;&lt;\/p&gt; \n                 &lt;p&gt;&lt;b&gt;Posters 147-153:&amp;nbsp;&lt;\/b&gt;&lt;b&gt;General Anaesthesia&lt;br&gt;&lt;\/b&gt;&lt;i&gt;Chair: Luis Romundstad&lt;\/i&gt;&lt;\/p&gt; \n                 &lt;p&gt;&lt;b&gt;Posters 157-162:&amp;nbsp;&lt;\/b&gt;&lt;b&gt;Intensive Care Medicine&lt;br&gt;&lt;\/b&gt;&lt;i&gt;Chair: Hans Flaatten&lt;\/i&gt;&lt;\/p&gt; \n                &lt;br&gt;&lt;br&gt;08.00-09.30 - A retrospective study on predictors of 3-month mortality after intraoperative cardiac arrest in adults&lt;br&gt;&lt;small&gt;Hee-Pyoung Park&lt;\/small&gt;&lt;br&gt;&lt;br&gt;08.00-09.30 - Cardiovascular effects of oxytocin and carbetocin at caesarean section, a prospective double-blind randomised study using non-invasive pulse wave analysis&lt;br&gt;&lt;small&gt;Sofus Rabow&lt;\/small&gt;&lt;br&gt;&lt;br&gt;08.00-09.30 - Case series of Thrombolysis in Sub-Massive Pulmonary Embolism &lt;br&gt;&lt;small&gt;Jian Hong Er&lt;\/small&gt;&lt;br&gt;&lt;br&gt;08.00-09.30 - Central venous catheter related infections in Karolinska University Hospital Solna &lt;br&gt;&lt;small&gt;Madeleine R\u00e5destad&lt;\/small&gt;&lt;br&gt;&lt;br&gt;08.00-09.30 - Central Venous Catheters Coated with a Noble Metal Alloy  \u2013 A Randomized Clinical Pilot Study &lt;br&gt;&lt;small&gt;Gunilla Bj\u00f6rling&lt;\/small&gt;&lt;br&gt;&lt;br&gt;08.00-09.30 - Cinaciguat improves intra-abdominal sepsis survival in young and aged mice &lt;br&gt;&lt;small&gt;Kimberly Macala&lt;\/small&gt;&lt;br&gt;&lt;br&gt;08.00-09.30 - Copeptin, a marker of Vasopressin, predicts coronary artery disease cardiovascular and total mortality&lt;br&gt;&lt;small&gt;Irina Tasevska&lt;\/small&gt;&lt;br&gt;&lt;br&gt;08.00-09.30 - Dynamics of oxidants in severe ARDS patients&lt;br&gt;&lt;small&gt;Marina Sarkele&lt;\/small&gt;&lt;br&gt;&lt;br&gt;08.00-09.30 - M1 protein enhances inflammation in blood vessels to a similar extent as LPS in the presence of plasma. An effect of fibrinogen-M1 protein interaction?&lt;br&gt;&lt;small&gt;Viveka Bj\u00f6rck&lt;\/small&gt;&lt;br&gt;&lt;br&gt;08.00-09.30 - Outcome after Continuous Renal Replacement Therapy (CRRT) for acute renal failure following cardiac surgery: A six-year single centre experience of 6000 patients&lt;br&gt;&lt;small&gt;Shitalkumar Shah&lt;\/small&gt;&lt;br&gt;&lt;br&gt;08.00-09.30 - Outcomes and interventions among out-of-hospital cardiac arrest patients transported to hospital with ongoing cardiopulmonary resuscitation&lt;br&gt;&lt;small&gt;Simon Schmidbauer&lt;\/small&gt;&lt;br&gt;&lt;br&gt;08.00-09.30 - Performance of prediction models of postoperative mortality in high risk surgical patients in Swedish academic hospitals - Predictors, Risk factors and Outcome Following major Surgery study (PROFS study NCT02626546)&lt;br&gt;&lt;small&gt;Erzsebet Bartha&lt;\/small&gt;&lt;br&gt;&lt;br&gt;08.00-09.30 - Postoperative complications in high risk surgical patients - Predictors, Risk factors, and Outcomes Following major Surgery study (PROFS study NCT02626546): Validation of three prediction models &lt;br&gt;&lt;small&gt;Sigridur Kalman&lt;\/small&gt;&lt;br&gt;&lt;br&gt;08.00-09.30 - Proton pump inhibitor medication is an independent risk factor of  gut flora in the oropharynx at admittance to hospital or ICU&lt;br&gt;&lt;small&gt;Hulda Thorarinsdottir&lt;\/small&gt;&lt;br&gt;&lt;br&gt;08.00-09.30 - Simulation-based team training in the operating room.&lt;br&gt;&lt;small&gt;Lisbet Tokkesdal Jensen&lt;\/small&gt;&lt;br&gt;&lt;br&gt;08.00-09.30 - The effects of oxytocin and anaesthesia on vascular tone in pregnant women: a randomised double-blind placebo-controlled cross-over study using non-invasive pulse wave analysis&lt;br&gt;&lt;small&gt;Sofus Rabow&lt;\/small&gt;&lt;br&gt;&lt;br&gt;08.00-09.30 - The role of the carotid body in systemic sensing of inflammation and oxygen and periphery-to-brain signaling&lt;br&gt;&lt;small&gt;Malin Hildenborg&lt;\/small&gt;&lt;br&gt;&lt;br&gt;08.00-09.30 - Using a formula when deciding central venous catheter depth from the left avoids unfavourable angle against the superior vena cava lateral wall&lt;br&gt;&lt;small&gt;Thorir Sigmundsson&lt;\/small&gt;&lt;br&gt;&lt;br&gt;08.00-09.30 - What fluid deficit is induced by prolonged overnight fasting in healthy volunteers?&lt;br&gt;&lt;small&gt;Erik Danielsson&lt;\/small&gt;&lt;br&gt;&lt;br&gt;08.00-09.30 - What role does Bone Cement have in the Bone Cement Implantation Syndrome(BCIS)?&lt;br&gt;&lt;small&gt;Fredrik Olsen&lt;\/small&gt;&lt;br&gt;&lt;br&gt;\"\n                data-category=\"\"\n                data-category-ids=\"\"\n                data-span-all=\"\"\n              >\n\n              \n\n              <div class=\"vertical_bar\" style=\"background-color: rgba(255, 255, 255, 0);\"><\/div>\n              <div class=\"box_inner\">\n                                <span>Poster session<\/span>\n               <br>\n               \n               <div class=\"room_div \">\n                 <i class=\"list-room\">Poster area (exhibition)<\/i>\n               <\/div>\n\n               <div class=\"name_time_div\">\n                <i class=\"list-time\" data-time=\"08:00\">08:00-09:30 - Fredag 8 september<\/i>\n               <\/div>\n              <\/div>\n             <\/div>\n          <\/div>\n\n          \n          <div class=\"box-wrapper\"\n              data-id=\"1319\">\n\n              <div class='time-header' style='visibility: hidden;'>08:00<\/div>\n\n              <div class=\"box\"\n                data-id=\"1319\"\n                data-project=\"project_267_2017_02_17\"\n                data-title=\"ARDS\"\n                data-time=\"08:00-09:30\"\n                data-room=\"Lecture hall D\"\n                data-room-id=\"1088\"\n                data-room-name=\"Lecture hall D\"\n                data-day=\"2\"\n                data-abs-nbr=\"\"\n                data-abs-path=\"\"\n                data-speaker=\"Jon Henrik Laake; Steffen Christensen; Jacob Greisen\"\n                data-speakercell=\"Jon Henrik Laake; Steffen Christensen; Jacob Greisen\"\n                data-info=\"&lt;b&gt;Moderatorer: &lt;\/b&gt;Hilde Norum; Andreas Nygren&lt;br&gt;&lt;br&gt; \n                 &lt;p&gt;&lt;b&gt;Physiology\/pathophysiology of ARDS and conventional ventilator therapy - protective ventilation&lt;br&gt;&lt;\/b&gt;&lt;i&gt;Jon Henrik Laake, (NO)&lt;\/i&gt;&lt;\/p&gt; \n                 &lt;p&gt;&lt;b&gt;Adjuvant therapy and advanced mechanical ventilation&amp;nbsp;&lt;br&gt;&lt;\/b&gt;&lt;i&gt;Steffen Christensen, (DK)&amp;nbsp;&lt;\/i&gt;&lt;\/p&gt; \n                 &lt;p&gt;&lt;b&gt;ECMO - indications and concerns&lt;br&gt;&lt;\/b&gt;&lt;i&gt;Jacob Greisen, (DK)&lt;\/i&gt;&lt;\/p&gt; \n                 &lt;p&gt; &lt;\/p&gt; \n                 &lt;p&gt;&lt;b&gt;Discussion&lt;\/b&gt;&lt;\/p&gt; \n                &lt;br&gt;&lt;br&gt;\"\n                data-category=\"Intensive care\"\n                data-category-ids=\"1019\"\n                data-span-all=\"\"\n              >\n\n              \n\n              <div class=\"vertical_bar\" style=\"background-color: rgba(255, 255, 255, 0);\"><\/div>\n              <div class=\"box_inner\">\n                                <span>ARDS<\/span>\n               <br>\n               <div class=\"lecturer\"><span>Jon Henrik Laake; Steffen Christensen; Jacob Greisen<\/span><\/div>\n               <div class=\"room_div \">\n                 <i class=\"list-room\">Lecture hall D<\/i>\n               <\/div>\n\n               <div class=\"name_time_div\">\n                <i class=\"list-time\" data-time=\"08:00\">08:00-09:30 - Fredag 8 september<\/i>\n               <\/div>\n              <\/div>\n             <\/div>\n          <\/div>\n\n          \n          <div class=\"box-wrapper\"\n              data-id=\"1327\">\n\n              <div class='time-header' style='visibility: hidden;'>08:00<\/div>\n\n              <div class=\"box\"\n                data-id=\"1327\"\n                data-project=\"project_267_2017_02_17\"\n                data-title=\"Workshop: Free Open Access Meducation - FOAM\"\n                data-time=\"08:00-12:00\"\n                data-room=\"Conference area\"\n                data-room-id=\"1090\"\n                data-room-name=\"Conference area\"\n                data-day=\"2\"\n                data-abs-nbr=\"\"\n                data-abs-path=\"\"\n                data-speaker=\"Sandra Viggers\"\n                data-speakercell=\"Sandra Viggers\"\n                data-info=\" \n                 &lt;p&gt; &lt;\/p&gt; \n                 &lt;p&gt;&lt;br&gt;&lt;\/p&gt; \n                &lt;br&gt;&lt;br&gt;\"\n                data-category=\"\"\n                data-category-ids=\"\"\n                data-span-all=\"\"\n              >\n\n              \n\n              <div class=\"vertical_bar\" style=\"background-color: rgba(255, 255, 255, 0);\"><\/div>\n              <div class=\"box_inner\">\n                                <span>Workshop: Free Open Access Meducation - FOAM<\/span>\n               <br>\n               <div class=\"lecturer\"><span>Sandra Viggers<\/span><\/div>\n               <div class=\"room_div \">\n                 <i class=\"list-room\">Conference area<\/i>\n               <\/div>\n\n               <div class=\"name_time_div\">\n                <i class=\"list-time\" data-time=\"08:00\">08:00-12:00 - Fredag 8 september<\/i>\n               <\/div>\n              <\/div>\n             <\/div>\n          <\/div>\n\n          \n          <div class=\"box-wrapper\"\n              data-id=\"1305\">\n\n              <div class='time-header'>09:30<\/div>\n\n              <div class=\"box\"\n                data-id=\"1305\"\n                data-project=\"project_267_2017_02_17\"\n                data-title=\"Coffee & exhibition\"\n                data-time=\"09:30-10:00\"\n                data-room=\"-Ej specificerad-\"\n                data-room-id=\"-1\"\n                data-room-name=\"-Ej specificerad-\"\n                data-day=\"2\"\n                data-abs-nbr=\"\"\n                data-abs-path=\"\"\n                data-speaker=\"\"\n                data-speakercell=\"\"\n                data-info=\"\"\n                data-category=\"\"\n                data-category-ids=\"\"\n                data-span-all=\"1\"\n              >\n\n              \n\n              <div class=\"vertical_bar\" style=\"background-color: rgba(255, 255, 255, 0);\"><\/div>\n              <div class=\"box_inner\">\n                                <span>Coffee & exhibition<\/span>\n               <br>\n               \n               <div class=\"room_div \">\n                 <i class=\"list-room\">-Ej specificerad-<\/i>\n               <\/div>\n\n               <div class=\"name_time_div\">\n                <i class=\"list-time\" data-time=\"09:30\">09:30-10:00 - Fredag 8 september<\/i>\n               <\/div>\n              <\/div>\n             <\/div>\n          <\/div>\n\n          \n          <div class=\"box-wrapper\"\n              data-id=\"1323\">\n\n              <div class='time-header'>10:00<\/div>\n\n              <div class=\"box\"\n                data-id=\"1323\"\n                data-project=\"project_267_2017_02_17\"\n                data-title=\"Perioperative management of patients with Obstructive Sleep Apnea Syndrome (OSAS)\"\n                data-time=\"10:00-11:00\"\n                data-room=\"Lecture hall E\"\n                data-room-id=\"1089\"\n                data-room-name=\"Lecture hall E\"\n                data-day=\"2\"\n                data-abs-nbr=\"\"\n                data-abs-path=\"\"\n                data-speaker=\"Malin  Jonsson-Fagerlund; Karl Franklin; Stephan Schwager\"\n                data-speakercell=\"Malin  Jonsson-Fagerlund; Karl Franklin; Stephan Schwager\"\n                data-info=\"&lt;b&gt;Moderatorer: &lt;\/b&gt;Morten  Hylander M\u00f8ller; Johan Persson&lt;br&gt;&lt;br&gt; \n                 &lt;p&gt;&lt;b&gt;Is perioperative screening for OSA needed?&lt;br&gt;&lt;\/b&gt;&lt;i&gt;Malin Jonsson-Fagerlund, (SE)&lt;\/i&gt;&lt;\/p&gt; \n                 &lt;p&gt;&lt;b&gt;Perioperative treatment of sleep apnea&lt;br&gt;&lt;\/b&gt;&lt;i&gt;Karl Franklin (SE)&lt;\/i&gt;&lt;\/p&gt; \n                 &lt;p&gt;&lt;b&gt;How to evaluate patients with OSA postoperatively&lt;br&gt;&lt;\/b&gt;&lt;i&gt;Stephan Schwager (SE)&lt;\/i&gt;&lt;\/p&gt; \n                &lt;br&gt;&lt;br&gt;\"\n                data-category=\"Anaesthesia and periop medicine\"\n                data-category-ids=\"1021\"\n                data-span-all=\"\"\n              >\n\n              \n\n              <div class=\"vertical_bar\" style=\"background-color: #D2E4C4;\"><\/div>\n              <div class=\"box_inner\">\n                                <span>Perioperative management of patients with Obstructive Sleep Apnea Syndrome (OSAS)<\/span>\n               <br>\n               <div class=\"lecturer\"><span>Malin  Jonsson-Fagerlund; Karl Franklin; Stephan Schwager<\/span><\/div>\n               <div class=\"room_div \">\n                 <i class=\"list-room\">Lecture hall E<\/i>\n               <\/div>\n\n               <div class=\"name_time_div\">\n                <i class=\"list-time\" data-time=\"10:00\">10:00-11:00 - Fredag 8 september<\/i>\n               <\/div>\n              <\/div>\n             <\/div>\n          <\/div>\n\n          \n          <div class=\"box-wrapper\"\n              data-id=\"1359\">\n\n              <div class='time-header' style='visibility: hidden;'>10:00<\/div>\n\n              <div class=\"box\"\n                data-id=\"1359\"\n                data-project=\"project_267_2017_02_17\"\n                data-title=\"Oxygen fraction during surgery\"\n                data-time=\"10:00-11:00\"\n                data-room=\"Julia\"\n                data-room-id=\"1150\"\n                data-room-name=\"Julia\"\n                data-day=\"2\"\n                data-abs-nbr=\"\"\n                data-abs-path=\"\"\n                data-speaker=\"Christian  Meyhoff; Anne Kathrine St\u00e6hr Rye\"\n                data-speakercell=\"Christian  Meyhoff; Anne Kathrine St\u00e6hr Rye\"\n                data-info=\"&lt;b&gt;Moderatorer: &lt;\/b&gt;Lars Rasmussen; Anders Larsson&lt;br&gt;&lt;br&gt; \n                 &lt;p&gt;&lt;b&gt;Should we use a high oxygen fraction to decrease surgical site infection rate?&amp;nbsp;&lt;br&gt;&lt;\/b&gt;&lt;i&gt;Christian Meyhoff (DK)&lt;\/i&gt;&lt;\/p&gt; \n                 &lt;p&gt;&lt;b&gt;Pulmonary complications are associated with intraoperative oxygen fraction.&amp;nbsp;&lt;br&gt;&lt;\/b&gt;&lt;i&gt;Anne Kathrine St\u00e6hr Rye (DK)&amp;nbsp;&lt;\/i&gt;&lt;\/p&gt; \n                &lt;br&gt;&lt;br&gt;\"\n                data-category=\"Intensive care\"\n                data-category-ids=\"1019\"\n                data-span-all=\"\"\n              >\n\n              \n\n              <div class=\"vertical_bar\" style=\"background-color: rgba(255, 255, 255, 0);\"><\/div>\n              <div class=\"box_inner\">\n                                <span>Oxygen fraction during surgery<\/span>\n               <br>\n               <div class=\"lecturer\"><span>Christian  Meyhoff; Anne Kathrine St\u00e6hr Rye<\/span><\/div>\n               <div class=\"room_div \">\n                 <i class=\"list-room\">Julia<\/i>\n               <\/div>\n\n               <div class=\"name_time_div\">\n                <i class=\"list-time\" data-time=\"10:00\">10:00-11:00 - Fredag 8 september<\/i>\n               <\/div>\n              <\/div>\n             <\/div>\n          <\/div>\n\n          \n          <div class=\"box-wrapper\"\n              data-id=\"1331\">\n\n              <div class='time-header' style='visibility: hidden;'>10:00<\/div>\n\n              <div class=\"box\"\n                data-id=\"1331\"\n                data-project=\"project_267_2017_02_17\"\n                data-title=\"Anaesthesia and\u00a0ever less\u00a0uncommon conditions\"\n                data-time=\"10:00-11:00\"\n                data-room=\"Lecture hall D\"\n                data-room-id=\"1088\"\n                data-room-name=\"Lecture hall D\"\n                data-day=\"2\"\n                data-abs-nbr=\"\"\n                data-abs-path=\"\"\n                data-speaker=\"Anna Januszkiewicz; Ulf  Thil\u00e9n\"\n                data-speakercell=\"Anna Januszkiewicz; Ulf  Thil\u00e9n\"\n                data-info=\"&lt;b&gt;Moderatorer: &lt;\/b&gt;Suzanne Odeberg-Wernerman; Stefan Lundin&lt;br&gt;&lt;br&gt; \n                 &lt;p&gt; &lt;\/p&gt; \n                 &lt;p&gt;&lt;b&gt;Anaesthesia&amp;nbsp;to liver transplanted patients and patients with liver disease&lt;br&gt;&lt;\/b&gt;&lt;i&gt;Anna Januszkiewicz (SE)&lt;\/i&gt;&lt;\/p&gt; \n                 &lt;p&gt;&lt;b&gt;Update on GUCH for anaesthesiologists&lt;br&gt;&lt;\/b&gt;&lt;i&gt;Ulf Thil\u00e9n (SE)&lt;\/i&gt;&lt;\/p&gt; \n                &lt;br&gt;&lt;br&gt;\"\n                data-category=\"Anaesthesia and periop medicine\"\n                data-category-ids=\"1021\"\n                data-span-all=\"\"\n              >\n\n              \n\n              <div class=\"vertical_bar\" style=\"background-color: #D2E4C4;\"><\/div>\n              <div class=\"box_inner\">\n                                <span>Anaesthesia and\u00a0ever less\u00a0uncommon conditions<\/span>\n               <br>\n               <div class=\"lecturer\"><span>Anna Januszkiewicz; Ulf  Thil\u00e9n<\/span><\/div>\n               <div class=\"room_div \">\n                 <i class=\"list-room\">Lecture hall D<\/i>\n               <\/div>\n\n               <div class=\"name_time_div\">\n                <i class=\"list-time\" data-time=\"10:00\">10:00-11:00 - Fredag 8 september<\/i>\n               <\/div>\n              <\/div>\n             <\/div>\n          <\/div>\n\n          \n          <div class=\"box-wrapper\"\n              data-id=\"1330\">\n\n              <div class='time-header' style='visibility: hidden;'>10:00<\/div>\n\n              <div class=\"box\"\n                data-id=\"1330\"\n                data-project=\"project_267_2017_02_17\"\n                data-title=\"The frail parturient\"\n                data-time=\"10:00-11:00\"\n                data-room=\"Lecture hall C\"\n                data-room-id=\"1087\"\n                data-room-name=\"Lecture hall C\"\n                data-day=\"2\"\n                data-abs-nbr=\"\"\n                data-abs-path=\"\"\n                data-speaker=\"\u00d3l\u00f6f Viktorsd\u00f3ttir; Gunilla Islander\"\n                data-speakercell=\"\u00d3l\u00f6f Viktorsd\u00f3ttir; Gunilla Islander\"\n                data-info=\"&lt;b&gt;Moderatorer: &lt;\/b&gt;Susanne Ledin-Eriksson; Birgitta Birgisdottir&lt;br&gt;&lt;br&gt; \n                 &lt;p&gt;&lt;b&gt;Pulmonary hypertension in pregnancy&lt;br&gt;&lt;\/b&gt;&lt;i&gt;\u00d3l\u00f6f Viktorsd\u00f3ttir (IS)&lt;\/i&gt;&lt;\/p&gt; \n                 &lt;p&gt;&lt;b&gt;Neuromuscular disease and pregnancy&lt;br&gt;&lt;\/b&gt;&lt;i&gt;Gunilla Islander (SE)&lt;\/i&gt;&lt;\/p&gt; \n                &lt;br&gt;&lt;br&gt;\"\n                data-category=\"Special anaesthesia and intens care\"\n                data-category-ids=\"1022\"\n                data-span-all=\"\"\n              >\n\n              \n\n              <div class=\"vertical_bar\" style=\"background-color: #B4C0D2;\"><\/div>\n              <div class=\"box_inner\">\n                                <span>The frail parturient<\/span>\n               <br>\n               <div class=\"lecturer\"><span>\u00d3l\u00f6f Viktorsd\u00f3ttir; Gunilla Islander<\/span><\/div>\n               <div class=\"room_div \">\n                 <i class=\"list-room\">Lecture hall C<\/i>\n               <\/div>\n\n               <div class=\"name_time_div\">\n                <i class=\"list-time\" data-time=\"10:00\">10:00-11:00 - Fredag 8 september<\/i>\n               <\/div>\n              <\/div>\n             <\/div>\n          <\/div>\n\n          \n          <div class=\"box-wrapper\"\n              data-id=\"1364\">\n\n              <div class='time-header' style='visibility: hidden;'>10:00<\/div>\n\n              <div class=\"box\"\n                data-id=\"1364\"\n                data-project=\"project_267_2017_02_17\"\n                data-title=\"History of Scandinavian Anaesthesia and Intensive Care Medicine\"\n                data-time=\"10:00-11:00\"\n                data-room=\"Lecture hall A+B\"\n                data-room-id=\"1149\"\n                data-room-name=\"Lecture hall A+B\"\n                data-day=\"2\"\n                data-abs-nbr=\"\"\n                data-abs-path=\"\"\n                data-speaker=\"Sten Lindahl\"\n                data-speakercell=\"Sten Lindahl\"\n                data-info=\"&lt;b&gt;Moderatorer: &lt;\/b&gt;Sigridur Kalman&lt;br&gt;&lt;br&gt; \n                 &lt;p&gt;&lt;b&gt;Honorary lecture:&amp;nbsp;&lt;\/b&gt;&lt;b&gt;Reflexions by the first president of the modern SSAI:&lt;\/b&gt;&lt;\/p&gt; \n                 &lt;p&gt;&lt;b&gt;Looking Back, Ahead and Around&lt;br&gt;&lt;\/b&gt;&lt;i&gt;Sten Lindahl (SE)&amp;nbsp;&lt;\/i&gt;&lt;\/p&gt; \n                &lt;br&gt;&lt;br&gt;\"\n                data-category=\"Plenary session\"\n                data-category-ids=\"1017\"\n                data-span-all=\"\"\n              >\n\n              \n\n              <div class=\"vertical_bar\" style=\"background-color: #FFF9C5;\"><\/div>\n              <div class=\"box_inner\">\n                                <span>History of Scandinavian Anaesthesia and Intensive Care Medicine<\/span>\n               <br>\n               <div class=\"lecturer\"><span>Sten Lindahl<\/span><\/div>\n               <div class=\"room_div \">\n                 <i class=\"list-room\">Lecture hall A+B<\/i>\n               <\/div>\n\n               <div class=\"name_time_div\">\n                <i class=\"list-time\" data-time=\"10:00\">10:00-11:00 - Fredag 8 september<\/i>\n               <\/div>\n              <\/div>\n             <\/div>\n          <\/div>\n\n          \n          <div class=\"box-wrapper\"\n              data-id=\"1365\">\n\n              <div class='time-header'>11:10<\/div>\n\n              <div class=\"box\"\n                data-id=\"1365\"\n                data-project=\"project_267_2017_02_17\"\n                data-title=\"Acta Anaesthesiologica Scandinavica Foundation\"\n                data-time=\"11:10-12:10\"\n                data-room=\"Lecture hall A+B\"\n                data-room-id=\"1149\"\n                data-room-name=\"Lecture hall A+B\"\n                data-day=\"2\"\n                data-abs-nbr=\"\"\n                data-abs-path=\"\"\n                data-speaker=\"Else T\u00f8nnesen\"\n                data-speakercell=\"Else T\u00f8nnesen\"\n                data-info=\"&lt;b&gt;Moderatorer: &lt;\/b&gt;Michael Haney&lt;br&gt;&lt;br&gt; \n                 &lt;p&gt;&lt;i&gt;Introduction by Michael Haney&amp;nbsp;&lt;\/i&gt;&lt;\/p&gt; \n                 &lt;p&gt;&lt;b&gt;Prize giving ceremony, Best Abstract Competition.&lt;\/b&gt;&lt;\/p&gt; \n                 &lt;p&gt;&lt;b&gt;The ACTA lecture: &lt;\/b&gt;&lt;b&gt;Anaesthesia in women and women in anaesthesia&lt;br&gt;&lt;\/b&gt;&lt;i&gt;Else T\u00f8nnesen, Aarhus, (DK)&lt;\/i&gt;&lt;\/p&gt; \n                &lt;br&gt;&lt;br&gt;\"\n                data-category=\"Plenary session\"\n                data-category-ids=\"1017\"\n                data-span-all=\"1\"\n              >\n\n              \n\n              <div class=\"vertical_bar\" style=\"background-color: #FFF9C5;\"><\/div>\n              <div class=\"box_inner\">\n                                <span>Acta Anaesthesiologica Scandinavica Foundation<\/span>\n               <br>\n               <div class=\"lecturer\"><span>Else T\u00f8nnesen<\/span><\/div>\n               <div class=\"room_div \">\n                 <i class=\"list-room\">Lecture hall A+B<\/i>\n               <\/div>\n\n               <div class=\"name_time_div\">\n                <i class=\"list-time\" data-time=\"11:10\">11:10-12:10 - Fredag 8 september<\/i>\n               <\/div>\n              <\/div>\n             <\/div>\n          <\/div>\n\n          \n          <div class=\"box-wrapper\"\n              data-id=\"1307\">\n\n              <div class='time-header'>12:10<\/div>\n\n              <div class=\"box\"\n                data-id=\"1307\"\n                data-project=\"project_267_2017_02_17\"\n                data-title=\"Lunch & exhibition\"\n                data-time=\"12:10-13:30\"\n                data-room=\"-Ej specificerad-\"\n                data-room-id=\"-1\"\n                data-room-name=\"-Ej specificerad-\"\n                data-day=\"2\"\n                data-abs-nbr=\"\"\n                data-abs-path=\"\"\n                data-speaker=\"\"\n                data-speakercell=\"\"\n                data-info=\"\"\n                data-category=\"\"\n                data-category-ids=\"\"\n                data-span-all=\"1\"\n              >\n\n              \n\n              <div class=\"vertical_bar\" style=\"background-color: rgba(255, 255, 255, 0);\"><\/div>\n              <div class=\"box_inner\">\n                                <span>Lunch & exhibition<\/span>\n               <br>\n               \n               <div class=\"room_div \">\n                 <i class=\"list-room\">-Ej specificerad-<\/i>\n               <\/div>\n\n               <div class=\"name_time_div\">\n                <i class=\"list-time\" data-time=\"12:10\">12:10-13:30 - Fredag 8 september<\/i>\n               <\/div>\n              <\/div>\n             <\/div>\n          <\/div>\n\n          \n          <div class=\"box-wrapper\"\n              data-id=\"1361\">\n\n              <div class='time-header'>12:30<\/div>\n\n              <div class=\"box\"\n                data-id=\"1361\"\n                data-project=\"project_267_2017_02_17\"\n                data-title=\"SSAI Annual Assembly\"\n                data-time=\"12:30-13:30\"\n                data-room=\"Lecture hall E\"\n                data-room-id=\"1089\"\n                data-room-name=\"Lecture hall E\"\n                data-day=\"2\"\n                data-abs-nbr=\"\"\n                data-abs-path=\"\"\n                data-speaker=\"\"\n                data-speakercell=\"\"\n                data-info=\"\"\n                data-category=\"\"\n                data-category-ids=\"\"\n                data-span-all=\"\"\n              >\n\n              \n\n              <div class=\"vertical_bar\" style=\"background-color: rgba(255, 255, 255, 0);\"><\/div>\n              <div class=\"box_inner\">\n                                <span>SSAI Annual Assembly<\/span>\n               <br>\n               \n               <div class=\"room_div \">\n                 <i class=\"list-room\">Lecture hall E<\/i>\n               <\/div>\n\n               <div class=\"name_time_div\">\n                <i class=\"list-time\" data-time=\"12:30\">12:30-13:30 - Fredag 8 september<\/i>\n               <\/div>\n              <\/div>\n             <\/div>\n          <\/div>\n\n          \n          <div class=\"box-wrapper\"\n              data-id=\"1332\">\n\n              <div class='time-header'>13:30<\/div>\n\n              <div class=\"box\"\n                data-id=\"1332\"\n                data-project=\"project_267_2017_02_17\"\n                data-title=\"Perioperative management and long-term outcome in pediatric anaesthesia\"\n                data-time=\"13:30-15:00\"\n                data-room=\"Lecture hall D\"\n                data-room-id=\"1088\"\n                data-room-name=\"Lecture hall D\"\n                data-day=\"2\"\n                data-abs-nbr=\"\"\n                data-abs-path=\"\"\n                data-speaker=\"Pia Glatz; Ulla Caverius; Joseph Cravero\"\n                data-speakercell=\"Pia Glatz; Ulla Caverius; Joseph Cravero\"\n                data-info=\"&lt;b&gt;Moderatorer: &lt;\/b&gt;David Costi; Sten Lindahl&lt;br&gt;&lt;br&gt; \n                 &lt;p&gt;&lt;b&gt;Young brains and anaesthesia - how big are the risks?&lt;br&gt;&lt;\/b&gt;&lt;i&gt;Pia Glatz (SE)&lt;\/i&gt;&lt;\/p&gt; \n                 &lt;p&gt;&lt;b&gt;Chronic postoperative surgical pain in children&lt;br&gt;&lt;\/b&gt;&lt;i&gt;Ulla Caverius (SE)&lt;\/i&gt;&lt;\/p&gt; \n                 &lt;p&gt;&lt;b&gt;Big data in paediatric anaesthesiology&lt;br&gt;&lt;\/b&gt;&lt;i&gt;Joseph Cravero (USA)&lt;\/i&gt;&lt;\/p&gt; \n                &lt;br&gt;&lt;br&gt;\"\n                data-category=\"Special anaesthesia and intens care\"\n                data-category-ids=\"1022\"\n                data-span-all=\"\"\n              >\n\n              \n\n              <div class=\"vertical_bar\" style=\"background-color: #B4C0D2;\"><\/div>\n              <div class=\"box_inner\">\n                                <span>Perioperative management and long-term outcome in pediatric anaesthesia<\/span>\n               <br>\n               <div class=\"lecturer\"><span>Pia Glatz; Ulla Caverius; Joseph Cravero<\/span><\/div>\n               <div class=\"room_div \">\n                 <i class=\"list-room\">Lecture hall D<\/i>\n               <\/div>\n\n               <div class=\"name_time_div\">\n                <i class=\"list-time\" data-time=\"13:30\">13:30-15:00 - Fredag 8 september<\/i>\n               <\/div>\n              <\/div>\n             <\/div>\n          <\/div>\n\n          \n          <div class=\"box-wrapper\"\n              data-id=\"1360\">\n\n              <div class='time-header' style='visibility: hidden;'>13:30<\/div>\n\n              <div class=\"box\"\n                data-id=\"1360\"\n                data-project=\"project_267_2017_02_17\"\n                data-title=\"Social media and FOAM (Free Open Access Meducation) - education and research today, a new era\"\n                data-time=\"13:30-15:00\"\n                data-room=\"Julia\"\n                data-room-id=\"1150\"\n                data-room-name=\"Julia\"\n                data-day=\"2\"\n                data-abs-nbr=\"\"\n                data-abs-path=\"\"\n                data-speaker=\"Gunilla Islander; Per Bredmose; Sandra Viggers; Tor Inge T\u00f8nnessen; Mads Astvad\"\n                data-speakercell=\"Gunilla Islander; Per Bredmose; Sandra Viggers; Tor Inge T\u00f8nnessen; Mads Astvad\"\n                data-info=\"&lt;b&gt;Moderatorer: &lt;\/b&gt;S\u00f8ren Pische; Louise Hammer Yndigegn&lt;br&gt;&lt;br&gt; \n                 &lt;p&gt;&lt;b&gt;Good old Internet&amp;nbsp;&lt;br&gt;&lt;\/b&gt;&lt;i&gt;Gunilla Islander (SE)&lt;\/i&gt;&lt;\/p&gt; \n                 &lt;p&gt;&lt;b&gt;Social media in daily working life \u2013 more than checking gossip?&lt;br&gt;&lt;\/b&gt;&lt;i&gt;Per P. Bredmose (NO)&amp;nbsp;&lt;\/i&gt;&lt;\/p&gt; \n                 &lt;p&gt;&lt;b&gt;FOAM \u2013Am I already using it? Can I become a FOAMer?&amp;nbsp;&lt;br&gt;&lt;\/b&gt;&lt;i&gt;Sandra Viggers (DK)&lt;\/i&gt;&lt;\/p&gt; \n                 &lt;p&gt;&lt;b&gt;Panel discussion: Critical appraisal of sources for information \u2013 publishing study results in the FOAM community instead of scientific journals&lt;br&gt;&lt;\/b&gt;&lt;i&gt;Tor Inge T\u00f8nnessen (NO),Mads Astvad (DK), Sandra Viggers (DK),&amp;nbsp;&lt;\/i&gt;&lt;i&gt;Per P. Bredmose (NO)&amp;nbsp;&lt;\/i&gt;&lt;\/p&gt; \n                &lt;br&gt;&lt;br&gt;\"\n                data-category=\"Research, publication & teaching\"\n                data-category-ids=\"1024\"\n                data-span-all=\"\"\n              >\n\n              \n\n              <div class=\"vertical_bar\" style=\"background-color: E6F0DF;\"><\/div>\n              <div class=\"box_inner\">\n                                <span>Social media and FOAM (Free Open Access Meducation) - education and research today, a new era<\/span>\n               <br>\n               <div class=\"lecturer\"><span>Gunilla Islander; Per Bredmose; Sandra Viggers; Tor Inge T\u00f8nnessen; Mads Astvad<\/span><\/div>\n               <div class=\"room_div \">\n                 <i class=\"list-room\">Julia<\/i>\n               <\/div>\n\n               <div class=\"name_time_div\">\n                <i class=\"list-time\" data-time=\"13:30\">13:30-15:00 - Fredag 8 september<\/i>\n               <\/div>\n              <\/div>\n             <\/div>\n          <\/div>\n\n          \n          <div class=\"box-wrapper\"\n              data-id=\"1320\">\n\n              <div class='time-header' style='visibility: hidden;'>13:30<\/div>\n\n              <div class=\"box\"\n                data-id=\"1320\"\n                data-project=\"project_267_2017_02_17\"\n                data-title=\"Basic science and recent findings in Scandinavian obstetric anaesthesia research\"\n                data-time=\"13:30-15:00\"\n                data-room=\"Lecture hall C\"\n                data-room-id=\"1087\"\n                data-room-name=\"Lecture hall C\"\n                data-day=\"2\"\n                data-abs-nbr=\"\"\n                data-abs-path=\"\"\n                data-speaker=\"Vegard  Dahl; Ove Karlsson; Vibeke Moen\"\n                data-speakercell=\"Vegard  Dahl; Ove Karlsson; Vibeke Moen\"\n                data-info=\"&lt;b&gt;Moderatorer: &lt;\/b&gt;Elin Bj\u00f8rnestad; Kim Ekelund&lt;br&gt;&lt;br&gt; \n                 &lt;p&gt;&lt;b&gt;Remifentanil in labour analgesia \u2013 where are we in 2017 \u2013 an update&lt;br&gt;&lt;\/b&gt;&lt;i&gt;Vegard Dahl (DK)&amp;nbsp;&lt;\/i&gt;&lt;\/p&gt; \n                 &lt;p&gt;&lt;b&gt;Fibrinogen, haemostasis and postpartum haemorrhage&lt;br&gt;&lt;\/b&gt;&lt;i&gt;Ove Karlsson (SE)&lt;\/i&gt;&lt;\/p&gt; \n                 &lt;p&gt;&lt;b&gt;Hyponatraemia complicating labour, implications for mother and fetus&lt;br&gt;&lt;\/b&gt;&lt;i&gt;Vibeke Moen (SE)&lt;\/i&gt;&lt;\/p&gt; \n                 &lt;p&gt;&lt;b&gt;&lt;\/b&gt;&lt;\/p&gt; \n                &lt;br&gt;&lt;br&gt;\"\n                data-category=\"Special anaesthesia and intens care\"\n                data-category-ids=\"1022\"\n                data-span-all=\"\"\n              >\n\n              \n\n              <div class=\"vertical_bar\" style=\"background-color: #B4C0D2;\"><\/div>\n              <div class=\"box_inner\">\n                                <span>Basic science and recent findings in Scandinavian obstetric anaesthesia research<\/span>\n               <br>\n               <div class=\"lecturer\"><span>Vegard  Dahl; Ove Karlsson; Vibeke Moen<\/span><\/div>\n               <div class=\"room_div \">\n                 <i class=\"list-room\">Lecture hall C<\/i>\n               <\/div>\n\n               <div class=\"name_time_div\">\n                <i class=\"list-time\" data-time=\"13:30\">13:30-15:00 - Fredag 8 september<\/i>\n               <\/div>\n              <\/div>\n             <\/div>\n          <\/div>\n\n          \n          <div class=\"box-wrapper\"\n              data-id=\"1324\">\n\n              <div class='time-header' style='visibility: hidden;'>13:30<\/div>\n\n              <div class=\"box\"\n                data-id=\"1324\"\n                data-project=\"project_267_2017_02_17\"\n                data-title=\"Research Grants and scientific awards\"\n                data-time=\"13:30-15:00\"\n                data-room=\"Lecture hall E\"\n                data-room-id=\"1089\"\n                data-room-name=\"Lecture hall E\"\n                data-day=\"2\"\n                data-abs-nbr=\"\"\n                data-abs-path=\"\"\n                data-speaker=\"\"\n                data-speakercell=\"\"\n                data-info=\"&lt;b&gt;Moderatorer: &lt;\/b&gt;Christina Eintrei; Miklos Lipcsey&lt;br&gt;&lt;br&gt; \n                 &lt;p&gt;&lt;b&gt;SSAI Research Grant:&amp;nbsp;&lt;br&gt;&lt;\/b&gt;&lt;i&gt;Elin Thorlacius, Christian Meyhoff, S\u00f6ren Marker Jensen&lt;\/i&gt;&lt;\/p&gt; \n                 &lt;p&gt;&lt;b&gt;Acta Foundation award for best Swedish PhD Thesis 2016:&amp;nbsp;&lt;br&gt;&lt;\/b&gt;&lt;i&gt;Lena Sand Bown&lt;\/i&gt;&lt;\/p&gt; \n                 &lt;p&gt;&lt;b&gt;Acta Foundation awarsd for best oral presentation at the Swedish Research Forum 2017:&amp;nbsp;&lt;br&gt;&lt;\/b&gt;&lt;i&gt;Per M\u00f6ller&lt;\/i&gt;&lt;\/p&gt; \n                &lt;br&gt;&lt;br&gt;\"\n                data-category=\"Plenary session\"\n                data-category-ids=\"1017\"\n                data-span-all=\"\"\n              >\n\n              \n\n              <div class=\"vertical_bar\" style=\"background-color: #FFF9C5;\"><\/div>\n              <div class=\"box_inner\">\n                                <span>Research Grants and scientific awards<\/span>\n               <br>\n               \n               <div class=\"room_div \">\n                 <i class=\"list-room\">Lecture hall E<\/i>\n               <\/div>\n\n               <div class=\"name_time_div\">\n                <i class=\"list-time\" data-time=\"13:30\">13:30-15:00 - Fredag 8 september<\/i>\n               <\/div>\n              <\/div>\n             <\/div>\n          <\/div>\n\n          \n          <div class=\"box-wrapper\"\n              data-id=\"1366\">\n\n              <div class='time-header' style='visibility: hidden;'>13:30<\/div>\n\n              <div class=\"box\"\n                data-id=\"1366\"\n                data-project=\"project_267_2017_02_17\"\n                data-title=\"Critical infections                                              \"\n                data-time=\"13:30-15:00\"\n                data-room=\"Lecture hall A+B\"\n                data-room-id=\"1149\"\n                data-room-name=\"Lecture hall A+B\"\n                data-day=\"2\"\n                data-abs-nbr=\"\"\n                data-abs-path=\"\"\n                data-speaker=\"Derek Angus; Morten Bestle; Adam Linder; Nicole P Juffermans\"\n                data-speakercell=\"Derek Angus; Morten Bestle; Adam Linder; Nicole P Juffermans\"\n                data-info=\"&lt;b&gt;Moderatorer: &lt;\/b&gt;Fredrik Sj\u00f6vall; Michelle Chew&lt;br&gt;&lt;br&gt; \n                 &lt;p&gt;&lt;b&gt;Sepsis-3&lt;br&gt;&lt;\/b&gt;&lt;i&gt;Derek Angus (USA)&lt;\/i&gt;&lt;\/p&gt; \n                 &lt;p&gt;&lt;b&gt;Cooling of sepsis patients&amp;nbsp;&lt;br&gt;&lt;\/b&gt;&lt;i&gt;Morten Bestle (DK)&lt;\/i&gt;&lt;\/p&gt; \n                 &lt;p&gt;&lt;b&gt;New diagnostic tools&lt;br&gt;&lt;\/b&gt;&lt;i&gt;Adam Linder (SE)&lt;\/i&gt;&lt;\/p&gt; \n                 &lt;p&gt;&lt;b&gt;Hyper- and hypocoagulopathy in sepsis - the do\u00b4s and don\u00b4ts!&lt;br&gt;&lt;\/b&gt;&lt;i&gt;Nicole Juffermans (NL)&amp;nbsp;&lt;\/i&gt;&lt;\/p&gt; \n                &lt;br&gt;&lt;br&gt;\"\n                data-category=\"Intensive care\"\n                data-category-ids=\"1019\"\n                data-span-all=\"\"\n              >\n\n              \n\n              <div class=\"vertical_bar\" style=\"background-color: rgba(255, 255, 255, 0);\"><\/div>\n              <div class=\"box_inner\">\n                                <span>Critical infections                                              <\/span>\n               <br>\n               <div class=\"lecturer\"><span>Derek Angus; Morten Bestle; Adam Linder; Nicole P Juffermans<\/span><\/div>\n               <div class=\"room_div \">\n                 <i class=\"list-room\">Lecture hall A+B<\/i>\n               <\/div>\n\n               <div class=\"name_time_div\">\n                <i class=\"list-time\" data-time=\"13:30\">13:30-15:00 - Fredag 8 september<\/i>\n               <\/div>\n              <\/div>\n             <\/div>\n          <\/div>\n\n          \n          <div class=\"box-wrapper\"\n              data-id=\"1306\">\n\n              <div class='time-header'>15:00<\/div>\n\n              <div class=\"box\"\n                data-id=\"1306\"\n                data-project=\"project_267_2017_02_17\"\n                data-title=\"Coffee & exhibition\"\n                data-time=\"15:00-15:30\"\n                data-room=\"-Ej specificerad-\"\n                data-room-id=\"-1\"\n                data-room-name=\"-Ej specificerad-\"\n                data-day=\"2\"\n                data-abs-nbr=\"\"\n                data-abs-path=\"\"\n                data-speaker=\"\"\n                data-speakercell=\"\"\n                data-info=\"\"\n                data-category=\"\"\n                data-category-ids=\"\"\n                data-span-all=\"1\"\n              >\n\n              \n\n              <div class=\"vertical_bar\" style=\"background-color: rgba(255, 255, 255, 0);\"><\/div>\n              <div class=\"box_inner\">\n                                <span>Coffee & exhibition<\/span>\n               <br>\n               \n               <div class=\"room_div \">\n                 <i class=\"list-room\">-Ej specificerad-<\/i>\n               <\/div>\n\n               <div class=\"name_time_div\">\n                <i class=\"list-time\" data-time=\"15:00\">15:00-15:30 - Fredag 8 september<\/i>\n               <\/div>\n              <\/div>\n             <\/div>\n          <\/div>\n\n          \n          <div class=\"box-wrapper\"\n              data-id=\"1317\">\n\n              <div class='time-header'>15:30<\/div>\n\n              <div class=\"box\"\n                data-id=\"1317\"\n                data-project=\"project_267_2017_02_17\"\n                data-title=\"The SSAI ICU training program: Why is anaesthesia not enough? \"\n                data-time=\"15:30-17:00\"\n                data-room=\"Lecture hall C\"\n                data-room-id=\"1087\"\n                data-room-name=\"Lecture hall C\"\n                data-day=\"2\"\n                data-abs-nbr=\"\"\n                data-abs-path=\"\"\n                data-speaker=\"Gisli H Sigurdsson; Hans Flaatten; Christian Rylander\"\n                data-speakercell=\"Gisli H Sigurdsson; Hans Flaatten; Christian Rylander\"\n                data-info=\"&lt;b&gt;Moderatorer: &lt;\/b&gt;Morten Bestle; Gisli H Sigurdsson&lt;br&gt;&lt;br&gt; \n                 &lt;p&gt;&lt;b&gt;The SSAI ICU program, present and future perspectives&amp;nbsp;&lt;br&gt;&lt;\/b&gt;&lt;i&gt;Gisli H Sigurdsson (IS)&amp;nbsp;&lt;\/i&gt;&lt;\/p&gt; \n                 &lt;p&gt;&lt;b&gt;Why do we need extra training in Intensive Care Medicine?&lt;br&gt;&lt;\/b&gt;&lt;i&gt;Hans Flaatten (NO)&lt;\/i&gt;&lt;\/p&gt; \n                 &lt;p&gt;&lt;b&gt;How did my participation in the SSAI ICU program affect my professional career?&amp;nbsp;&lt;br&gt;&lt;\/b&gt;&lt;i&gt;Christian Rylander (SE)&lt;\/i&gt;&lt;\/p&gt; \n                &lt;br&gt;&lt;br&gt;\"\n                data-category=\"Intensive care\"\n                data-category-ids=\"1019\"\n                data-span-all=\"\"\n              >\n\n              \n\n              <div class=\"vertical_bar\" style=\"background-color: rgba(255, 255, 255, 0);\"><\/div>\n              <div class=\"box_inner\">\n                                <span>The SSAI ICU training program: Why is anaesthesia not enough? <\/span>\n               <br>\n               <div class=\"lecturer\"><span>Gisli H Sigurdsson; Hans Flaatten; Christian Rylander<\/span><\/div>\n               <div class=\"room_div \">\n                 <i class=\"list-room\">Lecture hall C<\/i>\n               <\/div>\n\n               <div class=\"name_time_div\">\n                <i class=\"list-time\" data-time=\"15:30\">15:30-17:00 - Fredag 8 september<\/i>\n               <\/div>\n              <\/div>\n             <\/div>\n          <\/div>\n\n          \n          <div class=\"box-wrapper\"\n              data-id=\"1362\">\n\n              <div class='time-header' style='visibility: hidden;'>15:30<\/div>\n\n              <div class=\"box\"\n                data-id=\"1362\"\n                data-project=\"project_267_2017_02_17\"\n                data-title=\"Psychological aspects in paediatric anaesthesia\"\n                data-time=\"15:30-17:00\"\n                data-room=\"Lecture hall D\"\n                data-room-id=\"1088\"\n                data-room-name=\"Lecture hall D\"\n                data-day=\"2\"\n                data-abs-nbr=\"\"\n                data-abs-path=\"\"\n                data-speaker=\"Allan Cyna; Joseph Cravero; David Costi\"\n                data-speakercell=\"Allan Cyna; Joseph Cravero; David Costi\"\n                data-info=\"&lt;b&gt;Moderatorer: &lt;\/b&gt;Ulla Caverius; Pertti Suominen&lt;br&gt;&lt;br&gt; \n                 &lt;p&gt;&lt;b&gt;Needle phobia&lt;br&gt;&lt;\/b&gt;&lt;i&gt;Allan Cyna (AUS)&lt;\/i&gt;&lt;\/p&gt; \n                 &lt;p&gt;&lt;b&gt;New methods of measuring quality of pediatric sedation&lt;br&gt;&lt;\/b&gt;&lt;i&gt;Joseph Cravero (USA)&lt;\/i&gt;&lt;\/p&gt; \n                 &lt;p&gt;&lt;b&gt;Emergence agitation&lt;br&gt;&lt;\/b&gt;&lt;i&gt;David Costi (AUS)&lt;\/i&gt;&lt;\/p&gt; \n                &lt;br&gt;&lt;br&gt;\"\n                data-category=\"Special anaesthesia and intens care\"\n                data-category-ids=\"1022\"\n                data-span-all=\"\"\n              >\n\n              \n\n              <div class=\"vertical_bar\" style=\"background-color: #B4C0D2;\"><\/div>\n              <div class=\"box_inner\">\n                                <span>Psychological aspects in paediatric anaesthesia<\/span>\n               <br>\n               <div class=\"lecturer\"><span>Allan Cyna; Joseph Cravero; David Costi<\/span><\/div>\n               <div class=\"room_div \">\n                 <i class=\"list-room\">Lecture hall D<\/i>\n               <\/div>\n\n               <div class=\"name_time_div\">\n                <i class=\"list-time\" data-time=\"15:30\">15:30-17:00 - Fredag 8 september<\/i>\n               <\/div>\n              <\/div>\n             <\/div>\n          <\/div>\n\n          \n          <div class=\"box-wrapper\"\n              data-id=\"1321\">\n\n              <div class='time-header' style='visibility: hidden;'>15:30<\/div>\n\n              <div class=\"box\"\n                data-id=\"1321\"\n                data-project=\"project_267_2017_02_17\"\n                data-title=\"Hot Topics\"\n                data-time=\"15:30-17:00\"\n                data-room=\"Lecture hall A+B\"\n                data-room-id=\"1149\"\n                data-room-name=\"Lecture hall A+B\"\n                data-day=\"2\"\n                data-abs-nbr=\"\"\n                data-abs-path=\"\"\n                data-speaker=\"Mats Enlund; Mads Rasmussen; \u00c5se Lodenius; Christina Eintrei; Peter Frykholm\"\n                data-speakercell=\"Mats Enlund; Mads Rasmussen; \u00c5se Lodenius; Christina Eintrei; Peter Frykholm\"\n                data-info=\"&lt;b&gt;Moderatorer: &lt;\/b&gt;Jonas  \u00c5keson; Christina Eintrei&lt;br&gt;&lt;br&gt; \n                 &lt;p&gt;&lt;b&gt;Does anaesthesia affect patient outcome in malignant disease?&amp;nbsp;&lt;br&gt;&lt;\/b&gt;&lt;i&gt;Mats Enlund (SE)&lt;\/i&gt;&lt;\/p&gt; \n                 &lt;p&gt;&lt;b&gt;Anaesthesia for endovascular treatment in acute ischaemic stroke&amp;nbsp;&lt;br&gt;&lt;\/b&gt;&lt;i&gt;Mads Rasmussen (DK)&lt;\/i&gt;&lt;\/p&gt; \n                 &lt;p&gt;&lt;b&gt;No ventilation \u2013 yet full oxygenation&lt;br&gt;&lt;\/b&gt;&lt;i&gt;\u00c5se Lodenius (SE)&lt;\/i&gt;&lt;\/p&gt; \n                 &lt;p&gt;&lt;b&gt;Does anaesthesia promote development of dementia?&amp;nbsp;&lt;br&gt;&lt;\/b&gt;&lt;i&gt;Christina Eintrei (SE)&lt;\/i&gt;&lt;\/p&gt; \n                 &lt;p&gt;&lt;b&gt;Pre-operative fasting \u2013 to be or not to be?&lt;br&gt;&lt;\/b&gt;&lt;i&gt;Peter Frykholm (SE)&lt;\/i&gt;&lt;\/p&gt; \n                &lt;br&gt;&lt;br&gt;\"\n                data-category=\"Anaesthesia and periop medicine\"\n                data-category-ids=\"1021\"\n                data-span-all=\"\"\n              >\n\n              \n\n              <div class=\"vertical_bar\" style=\"background-color: #D2E4C4;\"><\/div>\n              <div class=\"box_inner\">\n                                <span>Hot Topics<\/span>\n               <br>\n               <div class=\"lecturer\"><span>Mats Enlund; Mads Rasmussen; \u00c5se Lodenius; Christina Eintrei; Peter Frykholm<\/span><\/div>\n               <div class=\"room_div \">\n                 <i class=\"list-room\">Lecture hall A+B<\/i>\n               <\/div>\n\n               <div class=\"name_time_div\">\n                <i class=\"list-time\" data-time=\"15:30\">15:30-17:00 - Fredag 8 september<\/i>\n               <\/div>\n              <\/div>\n             <\/div>\n          <\/div>\n\n          \n      <\/div>\n\n      <div id=\"scroll-down-for-more\">\n          <i class=\"fa fa-3x fa-chevron-down\" aria-hidden=\"true\"><\/i>\n          <br\/>\n          <span>Scrolla ner f\u00f6r att visa mer<\/span>\n      <\/div>\n\n    <\/div>\n\n    <div id=\"graphical_day_chooser_div\" class=\"row\" style=\"margin-right: 0px; margin-left: 0px; \">\n\n      <br \/>\n\n      <div class=\"col-md-10\" style=\"padding-left: 0px;\">\n       <div class=\"btn-group\" id=\"days-group\">\n\n          <button type=\"button\" class=\"btn btn-default btn_day\" data-day=\"0\" value=\"date_select_0\"\n                  style=\"float: none !important;\"><span class=\"hidden-xs\">Ons<\/span><br class=\"hidden-xs\"><span>6 sep.<\/span><\/button><button type=\"button\" class=\"btn btn-default btn_day\" data-day=\"1\" value=\"date_select_1\"\n                  style=\"float: none !important;\"><span class=\"hidden-xs\">Tors<\/span><br class=\"hidden-xs\"><span>7 sep.<\/span><\/button><button type=\"button\" class=\"btn btn-default btn_day\" data-day=\"2\" value=\"date_select_2\"\n                  style=\"float: none !important;\"><span class=\"hidden-xs\">Fre<\/span><br class=\"hidden-xs\"><span>8 sep.<\/span><\/button>\n        <\/div>\n      <\/div>\n    <\/div>\n\n    <div id='scroll-right-container' style='display: none; cursor: pointer; margin-top: 73px; height: 70px; width: 75px; background-color: rgba(130, 130, 130, 0.56); position: relative; float: right; z-index: 10000000; text-align: center;'>\n        <i class=\"fa fa-3x fa-chevron-right\" aria-hidden=\"true\" style=\"color: white; position: absolute; left: 35%; top: 20%;\"><\/i>\n    <\/div>\n\n    <div id='scroll-left-container' style='display: none; cursor: pointer; margin-top: 73px; height: 70px; width: 75px; background-color: rgba(130, 130, 130, 0.56); position: relative; float: left; margin-left: 60px; z-index: 10000000; text-align: center;'>\n        <i class=\"fa fa-3x fa-chevron-left\" aria-hidden=\"true\" style=\"color: white; position: absolute; left: 30%; top: 20%;\"><\/i>\n    <\/div>\n\n    <div id=\"calendar_container\" class=\"dragscroll\" style=\"cursor: move; height: 1000px; background-color: #30332e;px; \">\n\n\n      \n  \t\t<!-- top bar with date and rooms name -->\n  \t\t<div class=\"xaxis xaxis-extra fixed top\">\n  \t      <div id=\"top_left_room_box\" class=\"preroom0 preroom0-extra\">\n            <div class=\"room0\">\n                <select style=\"visibility: hidden;\"><\/select>\n    \t      <\/div>\n          <\/div>\n\n  \t      <div class='room_holder room_holder-extra' style='width: 150px;' data-room-id=1149 id='preroom_id_1149'><div class='room room-extra' style='width: 140px;' data-id=0>Lecture hall A+B<\/div>\n<\/div><div class='room_holder room_holder-extra' style='width: 150px;' data-room-id=1087 id='preroom_id_1087'><div class='room room-extra' style='width: 140px;' data-id=1>Lecture hall C<\/div>\n<\/div><div class='room_holder room_holder-extra' style='width: 150px;' data-room-id=1088 id='preroom_id_1088'><div class='room room-extra' style='width: 140px;' data-id=2>Lecture hall D<\/div>\n<\/div><div class='room_holder room_holder-extra' style='width: 150px;' data-room-id=1089 id='preroom_id_1089'><div class='room room-extra' style='width: 140px;' data-id=3>Lecture hall E<\/div>\n<\/div><div class='room_holder room_holder-extra' style='width: 150px;' data-room-id=1150 id='preroom_id_1150'><div class='room room-extra' style='width: 140px;' data-id=4>Julia<\/div>\n<\/div><div class='room_holder room_holder-extra' style='width: 150px;' data-room-id=1092 id='preroom_id_1092'><div class='room room-extra' style='width: 140px;' data-id=5>Exhibition area<\/div>\n<\/div><div class='room_holder room_holder-extra' style='width: 150px;' data-room-id=1090 id='preroom_id_1090'><div class='room room-extra' style='width: 140px;' data-id=6>Conference area<\/div>\n<\/div><div class='room_holder room_holder-extra' style='width: 150px;' data-room-id=1093 id='preroom_id_1093'><div class='room room-extra' style='width: 140px;' data-id=7>Poster area (exhibition)<\/div>\n<\/div><div class='room_holder room_holder-extra' style='width: 150px;' data-room-id=-1 id='preroom_id_-1'><div class='room room-extra' style='width: 140px;' data-id=8>-Ej specificerad-<\/div>\n<\/div>\n      <\/div>\n            \n      <div class='vertical-schedule-line' data-room-id='1149' style='left: 210px; height: 100%;'><\/div><div class='vertical-schedule-line' data-room-id='1087' style='left: 360px; height: 100%;'><\/div><div class='vertical-schedule-line' data-room-id='1088' style='left: 510px; height: 100%;'><\/div><div class='vertical-schedule-line' data-room-id='1089' style='left: 660px; height: 100%;'><\/div><div class='vertical-schedule-line' data-room-id='1150' style='left: 810px; height: 100%;'><\/div><div class='vertical-schedule-line' data-room-id='1092' style='left: 960px; height: 100%;'><\/div><div class='vertical-schedule-line' data-room-id='1090' style='left: 1110px; height: 100%;'><\/div><div class='vertical-schedule-line' data-room-id='1093' style='left: 1260px; height: 100%;'><\/div><div class='vertical-schedule-line' data-room-id='-1' style='left: 1410px; height: 100%;'><\/div>\n      <div id='time_0' name='visible_0' data-day='0' class='yaxis major time_all time_0  data-time='0700' style='top: 61px; display: block;'>\n                <div class='yaxistime yaxistime-extra'><div class='yaxistext yaxistext-extra'>07:00\n<\/div><\/div><\/div><div id = 'time_0' name='visible_1' data-day='0' class='yaxis time_all time_0' data-time='0715' style='top: 81px; display: block;'>\n                <div class='yaxistime yaxistime-extra'>&nbsp;<\/div><\/div><div id='time_0' name='visible_2' data-day='0' class='yaxis time_all time_0' data-time='0730' style='top: 101px; display: block;'>\n                <div class='yaxistime yaxistime-extra half-hour'><div class='yaxistext-minor yaxistext-minor-extra'>07:30\n<\/div><\/div><\/div><div id = 'time_0' name='visible_3' data-day='0' class='yaxis time_all time_0' data-time='0745' style='top: 121px; display: block;'>\n                <div class='yaxistime yaxistime-extra'>&nbsp;<\/div><\/div><div id='time_0' name='visible_4' data-day='0' class='yaxis major time_all time_0  data-time='0800' style='top: 141px; display: block;'>\n                <div class='yaxistime yaxistime-extra'><div class='yaxistext yaxistext-extra'>08:00\n<\/div><\/div><\/div><div id = 'time_0' name='visible_5' data-day='0' class='yaxis time_all time_0' data-time='0815' style='top: 161px; display: block;'>\n                <div class='yaxistime yaxistime-extra'>&nbsp;<\/div><\/div><div id='time_0' name='visible_6' data-day='0' class='yaxis time_all time_0' data-time='0830' style='top: 181px; display: block;'>\n                <div class='yaxistime yaxistime-extra half-hour'><div class='yaxistext-minor yaxistext-minor-extra'>08:30\n<\/div><\/div><\/div><div id = 'time_0' name='visible_7' data-day='0' class='yaxis time_all time_0' data-time='0845' style='top: 201px; display: block;'>\n                <div class='yaxistime yaxistime-extra'>&nbsp;<\/div><\/div><div id='time_0' name='visible_8' data-day='0' class='yaxis major time_all time_0  data-time='0900' style='top: 221px; display: block;'>\n                <div class='yaxistime yaxistime-extra'><div class='yaxistext yaxistext-extra'>09:00\n<\/div><\/div><\/div><div id = 'time_0' name='visible_9' data-day='0' class='yaxis time_all time_0' data-time='0915' style='top: 241px; display: block;'>\n                <div class='yaxistime yaxistime-extra'>&nbsp;<\/div><\/div><div id='time_0' name='visible_10' data-day='0' class='yaxis time_all time_0' data-time='0930' style='top: 261px; display: block;'>\n                <div class='yaxistime yaxistime-extra half-hour'><div class='yaxistext-minor yaxistext-minor-extra'>09:30\n<\/div><\/div><\/div><div id = 'time_0' name='visible_11' data-day='0' class='yaxis time_all time_0' data-time='0945' style='top: 281px; display: block;'>\n                <div class='yaxistime yaxistime-extra'>&nbsp;<\/div><\/div><div id='time_0' name='visible_12' data-day='0' class='yaxis major time_all time_0  data-time='1000' style='top: 301px; display: block;'>\n                <div class='yaxistime yaxistime-extra'><div class='yaxistext yaxistext-extra'>10:00\n<\/div><\/div><\/div><div id = 'time_0' name='visible_13' data-day='0' class='yaxis time_all time_0' data-time='1015' style='top: 321px; display: block;'>\n                <div class='yaxistime yaxistime-extra'>&nbsp;<\/div><\/div><div id='time_0' name='visible_14' data-day='0' class='yaxis time_all time_0' data-time='1030' style='top: 341px; display: block;'>\n                <div class='yaxistime yaxistime-extra half-hour'><div class='yaxistext-minor yaxistext-minor-extra'>10:30\n<\/div><\/div><\/div><div id = 'time_0' name='visible_15' data-day='0' class='yaxis time_all time_0' data-time='1045' style='top: 361px; display: block;'>\n                <div class='yaxistime yaxistime-extra'>&nbsp;<\/div><\/div><div id='time_0' name='visible_16' data-day='0' class='yaxis major time_all time_0  data-time='1100' style='top: 381px; display: block;'>\n                <div class='yaxistime yaxistime-extra'><div class='yaxistext yaxistext-extra'>11:00\n<\/div><\/div><\/div><div id = 'time_0' name='visible_17' data-day='0' class='yaxis time_all time_0' data-time='1115' style='top: 401px; display: block;'>\n                <div class='yaxistime yaxistime-extra'>&nbsp;<\/div><\/div><div id='time_0' name='visible_18' data-day='0' class='yaxis time_all time_0' data-time='1130' style='top: 421px; display: block;'>\n                <div class='yaxistime yaxistime-extra half-hour'><div class='yaxistext-minor yaxistext-minor-extra'>11:30\n<\/div><\/div><\/div><div id = 'time_0' name='visible_19' data-day='0' class='yaxis time_all time_0' data-time='1145' style='top: 441px; display: block;'>\n                <div class='yaxistime yaxistime-extra'>&nbsp;<\/div><\/div><div id='time_0' name='visible_20' data-day='0' class='yaxis major time_all time_0  data-time='1200' style='top: 461px; display: block;'>\n                <div class='yaxistime yaxistime-extra'><div class='yaxistext yaxistext-extra'>12:00\n<\/div><\/div><\/div><div id = 'time_0' name='visible_21' data-day='0' class='yaxis time_all time_0' data-time='1215' style='top: 481px; display: block;'>\n                <div class='yaxistime yaxistime-extra'>&nbsp;<\/div><\/div><div id='time_0' name='visible_22' data-day='0' class='yaxis time_all time_0' data-time='1230' style='top: 501px; display: block;'>\n                <div class='yaxistime yaxistime-extra half-hour'><div class='yaxistext-minor yaxistext-minor-extra'>12:30\n<\/div><\/div><\/div><div id = 'time_0' name='visible_23' data-day='0' class='yaxis time_all time_0' data-time='1245' style='top: 521px; display: block;'>\n                <div class='yaxistime yaxistime-extra'>&nbsp;<\/div><\/div><div id='time_0' name='visible_24' data-day='0' class='yaxis major time_all time_0  data-time='1300' style='top: 541px; display: block;'>\n                <div class='yaxistime yaxistime-extra'><div class='yaxistext yaxistext-extra'>13:00\n<\/div><\/div><\/div><div id = 'time_0' name='visible_25' data-day='0' class='yaxis time_all time_0' data-time='1315' style='top: 561px; display: block;'>\n                <div class='yaxistime yaxistime-extra'>&nbsp;<\/div><\/div><div id='time_0' name='visible_26' data-day='0' class='yaxis time_all time_0' data-time='1330' style='top: 581px; display: block;'>\n                <div class='yaxistime yaxistime-extra half-hour'><div class='yaxistext-minor yaxistext-minor-extra'>13:30\n<\/div><\/div><\/div><div id = 'time_0' name='visible_27' data-day='0' class='yaxis time_all time_0' data-time='1345' style='top: 601px; display: block;'>\n                <div class='yaxistime yaxistime-extra'>&nbsp;<\/div><\/div><div id='time_0' name='visible_28' data-day='0' class='yaxis major time_all time_0  data-time='1400' style='top: 621px; display: block;'>\n                <div class='yaxistime yaxistime-extra'><div class='yaxistext yaxistext-extra'>14:00\n<\/div><\/div><\/div><div id = 'time_0' name='visible_29' data-day='0' class='yaxis time_all time_0' data-time='1415' style='top: 641px; display: block;'>\n                <div class='yaxistime yaxistime-extra'>&nbsp;<\/div><\/div><div id='time_0' name='visible_30' data-day='0' class='yaxis time_all time_0' data-time='1430' style='top: 661px; display: block;'>\n                <div class='yaxistime yaxistime-extra half-hour'><div class='yaxistext-minor yaxistext-minor-extra'>14:30\n<\/div><\/div><\/div><div id = 'time_0' name='visible_31' data-day='0' class='yaxis time_all time_0' data-time='1445' style='top: 681px; display: block;'>\n                <div class='yaxistime yaxistime-extra'>&nbsp;<\/div><\/div><div id='time_0' name='visible_32' data-day='0' class='yaxis major time_all time_0  data-time='1500' style='top: 701px; display: block;'>\n                <div class='yaxistime yaxistime-extra'><div class='yaxistext yaxistext-extra'>15:00\n<\/div><\/div><\/div><div id = 'time_0' name='visible_33' data-day='0' class='yaxis time_all time_0' data-time='1515' style='top: 721px; display: block;'>\n                <div class='yaxistime yaxistime-extra'>&nbsp;<\/div><\/div><div id='time_0' name='visible_34' data-day='0' class='yaxis time_all time_0' data-time='1530' style='top: 741px; display: block;'>\n                <div class='yaxistime yaxistime-extra half-hour'><div class='yaxistext-minor yaxistext-minor-extra'>15:30\n<\/div><\/div><\/div><div id = 'time_0' name='visible_35' data-day='0' class='yaxis time_all time_0' data-time='1545' style='top: 761px; display: block;'>\n                <div class='yaxistime yaxistime-extra'>&nbsp;<\/div><\/div><div id='time_0' name='visible_36' data-day='0' class='yaxis major time_all time_0  data-time='1600' style='top: 781px; display: block;'>\n                <div class='yaxistime yaxistime-extra'><div class='yaxistext yaxistext-extra'>16:00\n<\/div><\/div><\/div><div id = 'time_0' name='visible_37' data-day='0' class='yaxis time_all time_0' data-time='1615' style='top: 801px; display: block;'>\n                <div class='yaxistime yaxistime-extra'>&nbsp;<\/div><\/div><div id='time_0' name='visible_38' data-day='0' class='yaxis time_all time_0' data-time='1630' style='top: 821px; display: block;'>\n                <div class='yaxistime yaxistime-extra half-hour'><div class='yaxistext-minor yaxistext-minor-extra'>16:30\n<\/div><\/div><\/div><div id = 'time_0' name='visible_39' data-day='0' class='yaxis time_all time_0' data-time='1645' style='top: 841px; display: block;'>\n                <div class='yaxistime yaxistime-extra'>&nbsp;<\/div><\/div><div id='time_0' name='visible_40' data-day='0' class='yaxis major time_all time_0  data-time='1700' style='top: 861px; display: block;'>\n                <div class='yaxistime yaxistime-extra'><div class='yaxistext yaxistext-extra'>17:00\n<\/div><\/div><\/div><div id = 'time_0' name='visible_41' data-day='0' class='yaxis time_all time_0' data-time='1715' style='top: 881px; display: block;'>\n                <div class='yaxistime yaxistime-extra'>&nbsp;<\/div><\/div><div id='time_0' name='visible_42' data-day='0' class='yaxis time_all time_0' data-time='1730' style='top: 901px; display: block;'>\n                <div class='yaxistime yaxistime-extra half-hour'><div class='yaxistext-minor yaxistext-minor-extra'>17:30\n<\/div><\/div><\/div><div id = 'time_0' name='visible_43' data-day='0' class='yaxis time_all time_0' data-time='1745' style='top: 921px; display: block;'>\n                <div class='yaxistime yaxistime-extra'>&nbsp;<\/div><\/div><div id='time_0' name='visible_44' data-day='0' class='yaxis major time_all time_0  data-time='1800' style='top: 941px; display: block;'>\n                <div class='yaxistime yaxistime-extra'><div class='yaxistext yaxistext-extra'>18:00\n<\/div><\/div><\/div><div id = 'time_0' name='visible_45' data-day='0' class='yaxis time_all time_0' data-time='1815' style='top: 961px; display: block;'>\n                <div class='yaxistime yaxistime-extra'>&nbsp;<\/div><\/div><div id='time_0' name='visible_46' data-day='0' class='yaxis time_all time_0' data-time='1830' style='top: 981px; display: block;'>\n                <div class='yaxistime yaxistime-extra half-hour'><div class='yaxistext-minor yaxistext-minor-extra'>18:30\n<\/div><\/div><\/div><div id = 'time_0' name='visible_47' data-day='0' class='yaxis time_all time_0' data-time='1845' style='top: 1001px; display: block;'>\n                <div class='yaxistime yaxistime-extra'>&nbsp;<\/div><\/div><div id='time_0' name='visible_48' data-day='0' class='yaxis major time_all time_0  data-time='1900' style='top: 1021px; display: block;'>\n                <div class='yaxistime yaxistime-extra'><div class='yaxistext yaxistext-extra'>19:00\n<\/div><\/div><\/div><div id = 'time_0' name='visible_49' data-day='0' class='yaxis time_all time_0' data-time='1915' style='top: 1041px; display: block;'>\n                <div class='yaxistime yaxistime-extra'>&nbsp;<\/div><\/div><div id='time_1' name='visible_50' data-day='1' class='yaxis major time_all time_1  data-time='0700' style='top: 61px; display: none;'>\n                <div class='yaxistime yaxistime-extra'><div class='yaxistext yaxistext-extra'>07:00\n<\/div><\/div><\/div><div id = 'time_1' name='visible_51' data-day='1' class='yaxis time_all time_1' data-time='0715' style='top: 81px; display: none;'>\n                <div class='yaxistime yaxistime-extra'>&nbsp;<\/div><\/div><div id='time_1' name='visible_52' data-day='1' class='yaxis time_all time_1' data-time='0730' style='top: 101px; display: none;'>\n                <div class='yaxistime yaxistime-extra half-hour'><div class='yaxistext-minor yaxistext-minor-extra'>07:30\n<\/div><\/div><\/div><div id = 'time_1' name='visible_53' data-day='1' class='yaxis time_all time_1' data-time='0745' style='top: 121px; display: none;'>\n                <div class='yaxistime yaxistime-extra'>&nbsp;<\/div><\/div><div id='time_1' name='visible_54' data-day='1' class='yaxis major time_all time_1  data-time='0800' style='top: 141px; display: none;'>\n                <div class='yaxistime yaxistime-extra'><div class='yaxistext yaxistext-extra'>08:00\n<\/div><\/div><\/div><div id = 'time_1' name='visible_55' data-day='1' class='yaxis time_all time_1' data-time='0815' style='top: 161px; display: none;'>\n                <div class='yaxistime yaxistime-extra'>&nbsp;<\/div><\/div><div id='time_1' name='visible_56' data-day='1' class='yaxis time_all time_1' data-time='0830' style='top: 181px; display: none;'>\n                <div class='yaxistime yaxistime-extra half-hour'><div class='yaxistext-minor yaxistext-minor-extra'>08:30\n<\/div><\/div><\/div><div id = 'time_1' name='visible_57' data-day='1' class='yaxis time_all time_1' data-time='0845' style='top: 201px; display: none;'>\n                <div class='yaxistime yaxistime-extra'>&nbsp;<\/div><\/div><div id='time_1' name='visible_58' data-day='1' class='yaxis major time_all time_1  data-time='0900' style='top: 221px; display: none;'>\n                <div class='yaxistime yaxistime-extra'><div class='yaxistext yaxistext-extra'>09:00\n<\/div><\/div><\/div><div id = 'time_1' name='visible_59' data-day='1' class='yaxis time_all time_1' data-time='0915' style='top: 241px; display: none;'>\n                <div class='yaxistime yaxistime-extra'>&nbsp;<\/div><\/div><div id='time_1' name='visible_60' data-day='1' class='yaxis time_all time_1' data-time='0930' style='top: 261px; display: none;'>\n                <div class='yaxistime yaxistime-extra half-hour'><div class='yaxistext-minor yaxistext-minor-extra'>09:30\n<\/div><\/div><\/div><div id = 'time_1' name='visible_61' data-day='1' class='yaxis time_all time_1' data-time='0945' style='top: 281px; display: none;'>\n                <div class='yaxistime yaxistime-extra'>&nbsp;<\/div><\/div><div id='time_1' name='visible_62' data-day='1' class='yaxis major time_all time_1  data-time='1000' style='top: 301px; display: none;'>\n                <div class='yaxistime yaxistime-extra'><div class='yaxistext yaxistext-extra'>10:00\n<\/div><\/div><\/div><div id = 'time_1' name='visible_63' data-day='1' class='yaxis time_all time_1' data-time='1015' style='top: 321px; display: none;'>\n                <div class='yaxistime yaxistime-extra'>&nbsp;<\/div><\/div><div id='time_1' name='visible_64' data-day='1' class='yaxis time_all time_1' data-time='1030' style='top: 341px; display: none;'>\n                <div class='yaxistime yaxistime-extra half-hour'><div class='yaxistext-minor yaxistext-minor-extra'>10:30\n<\/div><\/div><\/div><div id = 'time_1' name='visible_65' data-day='1' class='yaxis time_all time_1' data-time='1045' style='top: 361px; display: none;'>\n                <div class='yaxistime yaxistime-extra'>&nbsp;<\/div><\/div><div id='time_1' name='visible_66' data-day='1' class='yaxis major time_all time_1  data-time='1100' style='top: 381px; display: none;'>\n                <div class='yaxistime yaxistime-extra'><div class='yaxistext yaxistext-extra'>11:00\n<\/div><\/div><\/div><div id = 'time_1' name='visible_67' data-day='1' class='yaxis time_all time_1' data-time='1115' style='top: 401px; display: none;'>\n                <div class='yaxistime yaxistime-extra'>&nbsp;<\/div><\/div><div id='time_1' name='visible_68' data-day='1' class='yaxis time_all time_1' data-time='1130' style='top: 421px; display: none;'>\n                <div class='yaxistime yaxistime-extra half-hour'><div class='yaxistext-minor yaxistext-minor-extra'>11:30\n<\/div><\/div><\/div><div id = 'time_1' name='visible_69' data-day='1' class='yaxis time_all time_1' data-time='1145' style='top: 441px; display: none;'>\n                <div class='yaxistime yaxistime-extra'>&nbsp;<\/div><\/div><div id='time_1' name='visible_70' data-day='1' class='yaxis major time_all time_1  data-time='1200' style='top: 461px; display: none;'>\n                <div class='yaxistime yaxistime-extra'><div class='yaxistext yaxistext-extra'>12:00\n<\/div><\/div><\/div><div id = 'time_1' name='visible_71' data-day='1' class='yaxis time_all time_1' data-time='1215' style='top: 481px; display: none;'>\n                <div class='yaxistime yaxistime-extra'>&nbsp;<\/div><\/div><div id='time_1' name='visible_72' data-day='1' class='yaxis time_all time_1' data-time='1230' style='top: 501px; display: none;'>\n                <div class='yaxistime yaxistime-extra half-hour'><div class='yaxistext-minor yaxistext-minor-extra'>12:30\n<\/div><\/div><\/div><div id = 'time_1' name='visible_73' data-day='1' class='yaxis time_all time_1' data-time='1245' style='top: 521px; display: none;'>\n                <div class='yaxistime yaxistime-extra'>&nbsp;<\/div><\/div><div id='time_1' name='visible_74' data-day='1' class='yaxis major time_all time_1  data-time='1300' style='top: 541px; display: none;'>\n                <div class='yaxistime yaxistime-extra'><div class='yaxistext yaxistext-extra'>13:00\n<\/div><\/div><\/div><div id = 'time_1' name='visible_75' data-day='1' class='yaxis time_all time_1' data-time='1315' style='top: 561px; display: none;'>\n                <div class='yaxistime yaxistime-extra'>&nbsp;<\/div><\/div><div id='time_1' name='visible_76' data-day='1' class='yaxis time_all time_1' data-time='1330' style='top: 581px; display: none;'>\n                <div class='yaxistime yaxistime-extra half-hour'><div class='yaxistext-minor yaxistext-minor-extra'>13:30\n<\/div><\/div><\/div><div id = 'time_1' name='visible_77' data-day='1' class='yaxis time_all time_1' data-time='1345' style='top: 601px; display: none;'>\n                <div class='yaxistime yaxistime-extra'>&nbsp;<\/div><\/div><div id='time_1' name='visible_78' data-day='1' class='yaxis major time_all time_1  data-time='1400' style='top: 621px; display: none;'>\n                <div class='yaxistime yaxistime-extra'><div class='yaxistext yaxistext-extra'>14:00\n<\/div><\/div><\/div><div id = 'time_1' name='visible_79' data-day='1' class='yaxis time_all time_1' data-time='1415' style='top: 641px; display: none;'>\n                <div class='yaxistime yaxistime-extra'>&nbsp;<\/div><\/div><div id='time_1' name='visible_80' data-day='1' class='yaxis time_all time_1' data-time='1430' style='top: 661px; display: none;'>\n                <div class='yaxistime yaxistime-extra half-hour'><div class='yaxistext-minor yaxistext-minor-extra'>14:30\n<\/div><\/div><\/div><div id = 'time_1' name='visible_81' data-day='1' class='yaxis time_all time_1' data-time='1445' style='top: 681px; display: none;'>\n                <div class='yaxistime yaxistime-extra'>&nbsp;<\/div><\/div><div id='time_1' name='visible_82' data-day='1' class='yaxis major time_all time_1  data-time='1500' style='top: 701px; display: none;'>\n                <div class='yaxistime yaxistime-extra'><div class='yaxistext yaxistext-extra'>15:00\n<\/div><\/div><\/div><div id = 'time_1' name='visible_83' data-day='1' class='yaxis time_all time_1' data-time='1515' style='top: 721px; display: none;'>\n                <div class='yaxistime yaxistime-extra'>&nbsp;<\/div><\/div><div id='time_1' name='visible_84' data-day='1' class='yaxis time_all time_1' data-time='1530' style='top: 741px; display: none;'>\n                <div class='yaxistime yaxistime-extra half-hour'><div class='yaxistext-minor yaxistext-minor-extra'>15:30\n<\/div><\/div><\/div><div id = 'time_1' name='visible_85' data-day='1' class='yaxis time_all time_1' data-time='1545' style='top: 761px; display: none;'>\n                <div class='yaxistime yaxistime-extra'>&nbsp;<\/div><\/div><div id='time_1' name='visible_86' data-day='1' class='yaxis major time_all time_1  data-time='1600' style='top: 781px; display: none;'>\n                <div class='yaxistime yaxistime-extra'><div class='yaxistext yaxistext-extra'>16:00\n<\/div><\/div><\/div><div id = 'time_1' name='visible_87' data-day='1' class='yaxis time_all time_1' data-time='1615' style='top: 801px; display: none;'>\n                <div class='yaxistime yaxistime-extra'>&nbsp;<\/div><\/div><div id='time_1' name='visible_88' data-day='1' class='yaxis time_all time_1' data-time='1630' style='top: 821px; display: none;'>\n                <div class='yaxistime yaxistime-extra half-hour'><div class='yaxistext-minor yaxistext-minor-extra'>16:30\n<\/div><\/div><\/div><div id = 'time_1' name='visible_89' data-day='1' class='yaxis time_all time_1' data-time='1645' style='top: 841px; display: none;'>\n                <div class='yaxistime yaxistime-extra'>&nbsp;<\/div><\/div><div id='time_1' name='visible_90' data-day='1' class='yaxis major time_all time_1  data-time='1700' style='top: 861px; display: none;'>\n                <div class='yaxistime yaxistime-extra'><div class='yaxistext yaxistext-extra'>17:00\n<\/div><\/div><\/div><div id = 'time_1' name='visible_91' data-day='1' class='yaxis time_all time_1' data-time='1715' style='top: 881px; display: none;'>\n                <div class='yaxistime yaxistime-extra'>&nbsp;<\/div><\/div><div id='time_1' name='visible_92' data-day='1' class='yaxis time_all time_1' data-time='1730' style='top: 901px; display: none;'>\n                <div class='yaxistime yaxistime-extra half-hour'><div class='yaxistext-minor yaxistext-minor-extra'>17:30\n<\/div><\/div><\/div><div id = 'time_1' name='visible_93' data-day='1' class='yaxis time_all time_1' data-time='1745' style='top: 921px; display: none;'>\n                <div class='yaxistime yaxistime-extra'>&nbsp;<\/div><\/div><div id='time_1' name='visible_94' data-day='1' class='yaxis major time_all time_1  data-time='1800' style='top: 941px; display: none;'>\n                <div class='yaxistime yaxistime-extra'><div class='yaxistext yaxistext-extra'>18:00\n<\/div><\/div><\/div><div id = 'time_1' name='visible_95' data-day='1' class='yaxis time_all time_1' data-time='1815' style='top: 961px; display: none;'>\n                <div class='yaxistime yaxistime-extra'>&nbsp;<\/div><\/div><div id='time_1' name='visible_96' data-day='1' class='yaxis time_all time_1' data-time='1830' style='top: 981px; display: none;'>\n                <div class='yaxistime yaxistime-extra half-hour'><div class='yaxistext-minor yaxistext-minor-extra'>18:30\n<\/div><\/div><\/div><div id = 'time_1' name='visible_97' data-day='1' class='yaxis time_all time_1' data-time='1845' style='top: 1001px; display: none;'>\n                <div class='yaxistime yaxistime-extra'>&nbsp;<\/div><\/div><div id='time_1' name='visible_98' data-day='1' class='yaxis major time_all time_1  data-time='1900' style='top: 1021px; display: none;'>\n                <div class='yaxistime yaxistime-extra'><div class='yaxistext yaxistext-extra'>19:00\n<\/div><\/div><\/div><div id = 'time_1' name='visible_99' data-day='1' class='yaxis time_all time_1' data-time='1915' style='top: 1041px; display: none;'>\n                <div class='yaxistime yaxistime-extra'>&nbsp;<\/div><\/div><div id='time_1' name='visible_100' data-day='1' class='yaxis time_all time_1' data-time='1930' style='top: 1061px; display: none;'>\n                <div class='yaxistime yaxistime-extra half-hour'><div class='yaxistext-minor yaxistext-minor-extra'>19:30\n<\/div><\/div><\/div><div id = 'time_1' name='visible_101' data-day='1' class='yaxis time_all time_1' data-time='1945' style='top: 1081px; display: none;'>\n                <div class='yaxistime yaxistime-extra'>&nbsp;<\/div><\/div><div id='time_1' name='visible_102' data-day='1' class='yaxis major time_all time_1  data-time='2000' style='top: 1101px; display: none;'>\n                <div class='yaxistime yaxistime-extra'><div class='yaxistext yaxistext-extra'>20:00\n<\/div><\/div><\/div><div id = 'time_1' name='visible_103' data-day='1' class='yaxis time_all time_1' data-time='2015' style='top: 1121px; display: none;'>\n                <div class='yaxistime yaxistime-extra'>&nbsp;<\/div><\/div><div id='time_1' name='visible_104' data-day='1' class='yaxis time_all time_1' data-time='2030' style='top: 1141px; display: none;'>\n                <div class='yaxistime yaxistime-extra half-hour'><div class='yaxistext-minor yaxistext-minor-extra'>20:30\n<\/div><\/div><\/div><div id = 'time_1' name='visible_105' data-day='1' class='yaxis time_all time_1' data-time='2045' style='top: 1161px; display: none;'>\n                <div class='yaxistime yaxistime-extra'>&nbsp;<\/div><\/div><div id='time_1' name='visible_106' data-day='1' class='yaxis major time_all time_1  data-time='2100' style='top: 1181px; display: none;'>\n                <div class='yaxistime yaxistime-extra'><div class='yaxistext yaxistext-extra'>21:00\n<\/div><\/div><\/div><div id = 'time_1' name='visible_107' data-day='1' class='yaxis time_all time_1' data-time='2115' style='top: 1201px; display: none;'>\n                <div class='yaxistime yaxistime-extra'>&nbsp;<\/div><\/div><div id='time_1' name='visible_108' data-day='1' class='yaxis time_all time_1' data-time='2130' style='top: 1221px; display: none;'>\n                <div class='yaxistime yaxistime-extra half-hour'><div class='yaxistext-minor yaxistext-minor-extra'>21:30\n<\/div><\/div><\/div><div id = 'time_1' name='visible_109' data-day='1' class='yaxis time_all time_1' data-time='2145' style='top: 1241px; display: none;'>\n                <div class='yaxistime yaxistime-extra'>&nbsp;<\/div><\/div><div id='time_1' name='visible_110' data-day='1' class='yaxis major time_all time_1  data-time='2200' style='top: 1261px; display: none;'>\n                <div class='yaxistime yaxistime-extra'><div class='yaxistext yaxistext-extra'>22:00\n<\/div><\/div><\/div><div id = 'time_1' name='visible_111' data-day='1' class='yaxis time_all time_1' data-time='2215' style='top: 1281px; display: none;'>\n                <div class='yaxistime yaxistime-extra'>&nbsp;<\/div><\/div><div id='time_1' name='visible_112' data-day='1' class='yaxis time_all time_1' data-time='2230' style='top: 1301px; display: none;'>\n                <div class='yaxistime yaxistime-extra half-hour'><div class='yaxistext-minor yaxistext-minor-extra'>22:30\n<\/div><\/div><\/div><div id = 'time_1' name='visible_113' data-day='1' class='yaxis time_all time_1' data-time='2245' style='top: 1321px; display: none;'>\n                <div class='yaxistime yaxistime-extra'>&nbsp;<\/div><\/div><div id='time_1' name='visible_114' data-day='1' class='yaxis major time_all time_1  data-time='2300' style='top: 1341px; display: none;'>\n                <div class='yaxistime yaxistime-extra'><div class='yaxistext yaxistext-extra'>23:00\n<\/div><\/div><\/div><div id = 'time_1' name='visible_115' data-day='1' class='yaxis time_all time_1' data-time='2315' style='top: 1361px; display: none;'>\n                <div class='yaxistime yaxistime-extra'>&nbsp;<\/div><\/div><div id='time_1' name='visible_116' data-day='1' class='yaxis time_all time_1' data-time='2330' style='top: 1381px; display: none;'>\n                <div class='yaxistime yaxistime-extra half-hour'><div class='yaxistext-minor yaxistext-minor-extra'>23:30\n<\/div><\/div><\/div><div id = 'time_1' name='visible_117' data-day='1' class='yaxis time_all time_1' data-time='2345' style='top: 1401px; display: none;'>\n                <div class='yaxistime yaxistime-extra'>&nbsp;<\/div><\/div><div id='time_1' name='visible_118' data-day='1' class='yaxis major time_all time_1  data-time='0000' style='top: 1421px; display: none;'>\n                <div class='yaxistime yaxistime-extra'><div class='yaxistext yaxistext-extra'>00:00\n<\/div><\/div><\/div><div id = 'time_1' name='visible_119' data-day='1' class='yaxis time_all time_1' data-time='0015' style='top: 1441px; display: none;'>\n                <div class='yaxistime yaxistime-extra'>&nbsp;<\/div><\/div><div id='time_1' name='visible_120' data-day='1' class='yaxis time_all time_1' data-time='0030' style='top: 1461px; display: none;'>\n                <div class='yaxistime yaxistime-extra half-hour'><div class='yaxistext-minor yaxistext-minor-extra'>00:30\n<\/div><\/div><\/div><div id = 'time_1' name='visible_121' data-day='1' class='yaxis time_all time_1' data-time='0045' style='top: 1481px; display: none;'>\n                <div class='yaxistime yaxistime-extra'>&nbsp;<\/div><\/div><div id='time_2' name='visible_122' data-day='2' class='yaxis major time_all time_2  data-time='0700' style='top: 61px; display: none;'>\n                <div class='yaxistime yaxistime-extra'><div class='yaxistext yaxistext-extra'>07:00\n<\/div><\/div><\/div><div id = 'time_2' name='visible_123' data-day='2' class='yaxis time_all time_2' data-time='0715' style='top: 81px; display: none;'>\n                <div class='yaxistime yaxistime-extra'>&nbsp;<\/div><\/div><div id='time_2' name='visible_124' data-day='2' class='yaxis time_all time_2' data-time='0730' style='top: 101px; display: none;'>\n                <div class='yaxistime yaxistime-extra half-hour'><div class='yaxistext-minor yaxistext-minor-extra'>07:30\n<\/div><\/div><\/div><div id = 'time_2' name='visible_125' data-day='2' class='yaxis time_all time_2' data-time='0745' style='top: 121px; display: none;'>\n                <div class='yaxistime yaxistime-extra'>&nbsp;<\/div><\/div><div id='time_2' name='visible_126' data-day='2' class='yaxis major time_all time_2  data-time='0800' style='top: 141px; display: none;'>\n                <div class='yaxistime yaxistime-extra'><div class='yaxistext yaxistext-extra'>08:00\n<\/div><\/div><\/div><div id = 'time_2' name='visible_127' data-day='2' class='yaxis time_all time_2' data-time='0815' style='top: 161px; display: none;'>\n                <div class='yaxistime yaxistime-extra'>&nbsp;<\/div><\/div><div id='time_2' name='visible_128' data-day='2' class='yaxis time_all time_2' data-time='0830' style='top: 181px; display: none;'>\n                <div class='yaxistime yaxistime-extra half-hour'><div class='yaxistext-minor yaxistext-minor-extra'>08:30\n<\/div><\/div><\/div><div id = 'time_2' name='visible_129' data-day='2' class='yaxis time_all time_2' data-time='0845' style='top: 201px; display: none;'>\n                <div class='yaxistime yaxistime-extra'>&nbsp;<\/div><\/div><div id='time_2' name='visible_130' data-day='2' class='yaxis major time_all time_2  data-time='0900' style='top: 221px; display: none;'>\n                <div class='yaxistime yaxistime-extra'><div class='yaxistext yaxistext-extra'>09:00\n<\/div><\/div><\/div><div id = 'time_2' name='visible_131' data-day='2' class='yaxis time_all time_2' data-time='0915' style='top: 241px; display: none;'>\n                <div class='yaxistime yaxistime-extra'>&nbsp;<\/div><\/div><div id='time_2' name='visible_132' data-day='2' class='yaxis time_all time_2' data-time='0930' style='top: 261px; display: none;'>\n                <div class='yaxistime yaxistime-extra half-hour'><div class='yaxistext-minor yaxistext-minor-extra'>09:30\n<\/div><\/div><\/div><div id = 'time_2' name='visible_133' data-day='2' class='yaxis time_all time_2' data-time='0945' style='top: 281px; display: none;'>\n                <div class='yaxistime yaxistime-extra'>&nbsp;<\/div><\/div><div id='time_2' name='visible_134' data-day='2' class='yaxis major time_all time_2  data-time='1000' style='top: 301px; display: none;'>\n                <div class='yaxistime yaxistime-extra'><div class='yaxistext yaxistext-extra'>10:00\n<\/div><\/div><\/div><div id = 'time_2' name='visible_135' data-day='2' class='yaxis time_all time_2' data-time='1015' style='top: 321px; display: none;'>\n                <div class='yaxistime yaxistime-extra'>&nbsp;<\/div><\/div><div id='time_2' name='visible_136' data-day='2' class='yaxis time_all time_2' data-time='1030' style='top: 341px; display: none;'>\n                <div class='yaxistime yaxistime-extra half-hour'><div class='yaxistext-minor yaxistext-minor-extra'>10:30\n<\/div><\/div><\/div><div id = 'time_2' name='visible_137' data-day='2' class='yaxis time_all time_2' data-time='1045' style='top: 361px; display: none;'>\n                <div class='yaxistime yaxistime-extra'>&nbsp;<\/div><\/div><div id='time_2' name='visible_138' data-day='2' class='yaxis major time_all time_2  data-time='1100' style='top: 381px; display: none;'>\n                <div class='yaxistime yaxistime-extra'><div class='yaxistext yaxistext-extra'>11:00\n<\/div><\/div><\/div><div id = 'time_2' name='visible_139' data-day='2' class='yaxis time_all time_2' data-time='1115' style='top: 401px; display: none;'>\n                <div class='yaxistime yaxistime-extra'>&nbsp;<\/div><\/div><div id='time_2' name='visible_140' data-day='2' class='yaxis time_all time_2' data-time='1130' style='top: 421px; display: none;'>\n                <div class='yaxistime yaxistime-extra half-hour'><div class='yaxistext-minor yaxistext-minor-extra'>11:30\n<\/div><\/div><\/div><div id = 'time_2' name='visible_141' data-day='2' class='yaxis time_all time_2' data-time='1145' style='top: 441px; display: none;'>\n                <div class='yaxistime yaxistime-extra'>&nbsp;<\/div><\/div><div id='time_2' name='visible_142' data-day='2' class='yaxis major time_all time_2  data-time='1200' style='top: 461px; display: none;'>\n                <div class='yaxistime yaxistime-extra'><div class='yaxistext yaxistext-extra'>12:00\n<\/div><\/div><\/div><div id = 'time_2' name='visible_143' data-day='2' class='yaxis time_all time_2' data-time='1215' style='top: 481px; display: none;'>\n                <div class='yaxistime yaxistime-extra'>&nbsp;<\/div><\/div><div id='time_2' name='visible_144' data-day='2' class='yaxis time_all time_2' data-time='1230' style='top: 501px; display: none;'>\n                <div class='yaxistime yaxistime-extra half-hour'><div class='yaxistext-minor yaxistext-minor-extra'>12:30\n<\/div><\/div><\/div><div id = 'time_2' name='visible_145' data-day='2' class='yaxis time_all time_2' data-time='1245' style='top: 521px; display: none;'>\n                <div class='yaxistime yaxistime-extra'>&nbsp;<\/div><\/div><div id='time_2' name='visible_146' data-day='2' class='yaxis major time_all time_2  data-time='1300' style='top: 541px; display: none;'>\n                <div class='yaxistime yaxistime-extra'><div class='yaxistext yaxistext-extra'>13:00\n<\/div><\/div><\/div><div id = 'time_2' name='visible_147' data-day='2' class='yaxis time_all time_2' data-time='1315' style='top: 561px; display: none;'>\n                <div class='yaxistime yaxistime-extra'>&nbsp;<\/div><\/div><div id='time_2' name='visible_148' data-day='2' class='yaxis time_all time_2' data-time='1330' style='top: 581px; display: none;'>\n                <div class='yaxistime yaxistime-extra half-hour'><div class='yaxistext-minor yaxistext-minor-extra'>13:30\n<\/div><\/div><\/div><div id = 'time_2' name='visible_149' data-day='2' class='yaxis time_all time_2' data-time='1345' style='top: 601px; display: none;'>\n                <div class='yaxistime yaxistime-extra'>&nbsp;<\/div><\/div><div id='time_2' name='visible_150' data-day='2' class='yaxis major time_all time_2  data-time='1400' style='top: 621px; display: none;'>\n                <div class='yaxistime yaxistime-extra'><div class='yaxistext yaxistext-extra'>14:00\n<\/div><\/div><\/div><div id = 'time_2' name='visible_151' data-day='2' class='yaxis time_all time_2' data-time='1415' style='top: 641px; display: none;'>\n                <div class='yaxistime yaxistime-extra'>&nbsp;<\/div><\/div><div id='time_2' name='visible_152' data-day='2' class='yaxis time_all time_2' data-time='1430' style='top: 661px; display: none;'>\n                <div class='yaxistime yaxistime-extra half-hour'><div class='yaxistext-minor yaxistext-minor-extra'>14:30\n<\/div><\/div><\/div><div id = 'time_2' name='visible_153' data-day='2' class='yaxis time_all time_2' data-time='1445' style='top: 681px; display: none;'>\n                <div class='yaxistime yaxistime-extra'>&nbsp;<\/div><\/div><div id='time_2' name='visible_154' data-day='2' class='yaxis major time_all time_2  data-time='1500' style='top: 701px; display: none;'>\n                <div class='yaxistime yaxistime-extra'><div class='yaxistext yaxistext-extra'>15:00\n<\/div><\/div><\/div><div id = 'time_2' name='visible_155' data-day='2' class='yaxis time_all time_2' data-time='1515' style='top: 721px; display: none;'>\n                <div class='yaxistime yaxistime-extra'>&nbsp;<\/div><\/div><div id='time_2' name='visible_156' data-day='2' class='yaxis time_all time_2' data-time='1530' style='top: 741px; display: none;'>\n                <div class='yaxistime yaxistime-extra half-hour'><div class='yaxistext-minor yaxistext-minor-extra'>15:30\n<\/div><\/div><\/div><div id = 'time_2' name='visible_157' data-day='2' class='yaxis time_all time_2' data-time='1545' style='top: 761px; display: none;'>\n                <div class='yaxistime yaxistime-extra'>&nbsp;<\/div><\/div><div id='time_2' name='visible_158' data-day='2' class='yaxis major time_all time_2  data-time='1600' style='top: 781px; display: none;'>\n                <div class='yaxistime yaxistime-extra'><div class='yaxistext yaxistext-extra'>16:00\n<\/div><\/div><\/div><div id = 'time_2' name='visible_159' data-day='2' class='yaxis time_all time_2' data-time='1615' style='top: 801px; display: none;'>\n                <div class='yaxistime yaxistime-extra'>&nbsp;<\/div><\/div><div id='time_2' name='visible_160' data-day='2' class='yaxis time_all time_2' data-time='1630' style='top: 821px; display: none;'>\n                <div class='yaxistime yaxistime-extra half-hour'><div class='yaxistext-minor yaxistext-minor-extra'>16:30\n<\/div><\/div><\/div><div id = 'time_2' name='visible_161' data-day='2' class='yaxis time_all time_2' data-time='1645' style='top: 841px; display: none;'>\n                <div class='yaxistime yaxistime-extra'>&nbsp;<\/div><\/div>\n          <div class=\"event \"\n            data-id=\"1244\"\n            data-project=\"project_267_2017_02_17\"\n            data-title=\"Registration &amp; Coffee\"\n            data-abs-nbr=\"\"\n            data-ystart=\"7.5\"\n            data-yend=\"9\"\n            data-time=\"07:30-09:00\"\n            data-room=\"8\"\n            data-room-id=\"-1\"\n            data-room-name=\"-Ej specificerad-\"\n            data-day=\"0\"\n            data-abs-path=\"\"\n            data-speaker=\"\"\n            data-speakercell=\"\"\n            data-info=\"\"\n            data-category=\"\"\n            data-category-ids=\"\"\n            data-span-all=\"1\"\n                      >\n\n            <div class=\"event_content\">\n              <div class=\"title\">\n                                <span>Registration & Coffee<\/span>\n              <\/div>\n              <div class=\"span_room\"><span>-Ej specificerad-<br\/><\/span><\/div>\n              <div class=\"time\">\n                <span>\n                  07:30-09:00                <\/span><\/div>\n\n              \n            <\/div>\n\n\n            \n          <\/div>\n\n      \n          <div class=\"event \"\n            data-id=\"1276\"\n            data-project=\"project_267_2017_02_17\"\n            data-title=\"Art exhibition &amp; Medical History\"\n            data-abs-nbr=\"\"\n            data-ystart=\"8\"\n            data-yend=\"16.5\"\n            data-time=\"08:00-16:30\"\n            data-room=\"5\"\n            data-room-id=\"1092\"\n            data-room-name=\"Exhibition area\"\n            data-day=\"0\"\n            data-abs-path=\"\"\n            data-speaker=\"Hans Huldt; Lena Gamrin-Gripenberg; Gunilla Islander\"\n            data-speakercell=\"Hans Huldt; Lena Gamrin-Gripenberg; Gunilla Islander\"\n            data-info=\"\"\n            data-category=\"\"\n            data-category-ids=\"\"\n            data-span-all=\"\"\n                      >\n\n            <div class=\"event_content\">\n              <div class=\"title\">\n                                <span>Art exhibition & Medical History<\/span>\n              <\/div>\n              <div class=\"span_room\"><span><\/span><\/div>\n              <div class=\"time\">\n                <span>\n                  08:00-16:30                <\/span><\/div>\n\n              <div class=\"lecturer\"><span>Hans Huldt; Lena Gamrin-Gripenberg; Gunilla Islander<\/span><\/div>\n            <\/div>\n\n\n            \n          <\/div>\n\n      \n          <div class=\"event \"\n            data-id=\"1274\"\n            data-project=\"project_267_2017_02_17\"\n            data-title=\"Workshop: Haemodynamics and Echocardiography\"\n            data-abs-nbr=\"\"\n            data-ystart=\"9\"\n            data-yend=\"16.5\"\n            data-time=\"09:00-16:30\"\n            data-room=\"6\"\n            data-room-id=\"1090\"\n            data-room-name=\"Conference area\"\n            data-day=\"0\"\n            data-abs-path=\"\"\n            data-speaker=\"Niklas Johnsson; Lill Blomqwist\"\n            data-speakercell=\"Niklas Johnsson; Lill Blomqwist\"\n            data-info=\"\"\n            data-category=\"\"\n            data-category-ids=\"\"\n            data-span-all=\"\"\n                      >\n\n            <div class=\"event_content\">\n              <div class=\"title\">\n                                <span>Workshop: Haemodynamics and Echocardiography<\/span>\n              <\/div>\n              <div class=\"span_room\"><span><\/span><\/div>\n              <div class=\"time\">\n                <span>\n                  09:00-16:30                <\/span><\/div>\n\n              <div class=\"lecturer\"><span>Niklas Johnsson; Lill Blomqwist<\/span><\/div>\n            <\/div>\n\n\n            \n          <\/div>\n\n      \n          <div class=\"event \"\n            data-id=\"1333\"\n            data-project=\"project_267_2017_02_17\"\n            data-title=\"Prehospital cardiac care \u2013 what can we do to improve survival?\"\n            data-abs-nbr=\"\"\n            data-ystart=\"9\"\n            data-yend=\"10.5\"\n            data-time=\"09:00-10:30\"\n            data-room=\"0\"\n            data-room-id=\"1149\"\n            data-room-name=\"Lecture hall A+B\"\n            data-day=\"0\"\n            data-abs-path=\"\"\n            data-speaker=\"Theresa Olasvengen; Jacob Hollenberg; Hans Friberg; Sten Rubertsson; Lionel Lamhaut\"\n            data-speakercell=\"Theresa Olasvengen; Jacob Hollenberg; Hans Friberg; Sten Rubertsson; Lionel Lamhaut\"\n            data-info=\"&lt;b&gt;Moderatorer: &lt;\/b&gt;Malin Rundgren; Hans Flaatten&lt;br&gt;&lt;br&gt; \n                 &lt;p&gt;&lt;b&gt;Timely and adequate allocation of prehospital medical assistance to cardiac arrest patients - how to do it?&lt;br&gt;&lt;\/b&gt;&lt;i&gt;Theresa Olasvengen (NO)&lt;\/i&gt;&lt;\/p&gt; \n                 &lt;p&gt;&lt;b&gt;How to optimize care for the cardiac arrest patient in the prehospital setting?&lt;br&gt;&lt;\/b&gt;&lt;i&gt;Jacob Hollenberg (SE)&lt;\/i&gt;&lt;\/p&gt; \n                 &lt;p&gt;&lt;b&gt;Should we transport patients in cardiac arrest to the hospital or stay on scene?&amp;nbsp;&lt;br&gt;&lt;\/b&gt;&lt;b&gt;PRO-CON&lt;br&gt;&lt;\/b&gt;&lt;i&gt;Hans Friberg (SE) and Sten Rubertsson (SE)&lt;\/i&gt;&lt;\/p&gt; \n                 &lt;p&gt;&lt;b&gt;Prehospital ECMO - when and how?&lt;br&gt;&lt;\/b&gt;&lt;i&gt;Lionel Lamhaut (FR)&lt;\/i&gt;&lt;\/p&gt; \n                &lt;br&gt;&lt;br&gt;\"\n            data-category=\"Critical emergency medicine\"\n            data-category-ids=\"1026\"\n            data-span-all=\"\"\n                      >\n\n            <div class=\"event_content\">\n              <div class=\"title\">\n                                <span>Prehospital cardiac care \u2013 what can we do to improve survival?<\/span>\n              <\/div>\n              <div class=\"span_room\"><span><\/span><\/div>\n              <div class=\"time\">\n                <span>\n                  09:00-10:30                <\/span><\/div>\n\n              <div class=\"lecturer\"><span>Theresa Olasvengen; Jacob Hollenberg; Hans Friberg; Sten Rubertsson; Lionel Lamhaut<\/span><\/div>\n            <\/div>\n\n\n            \n          <\/div>\n\n      \n          <div class=\"event \"\n            data-id=\"1250\"\n            data-project=\"project_267_2017_02_17\"\n            data-title=\"Ultrasound-guide nerve blocks and effects of regional anaesthesia\"\n            data-abs-nbr=\"\"\n            data-ystart=\"9\"\n            data-yend=\"10.5\"\n            data-time=\"09:00-10:30\"\n            data-room=\"1\"\n            data-room-id=\"1087\"\n            data-room-name=\"Lecture hall C\"\n            data-day=\"0\"\n            data-abs-path=\"\"\n            data-speaker=\"Jens Borglum; Michael D  Herrick\"\n            data-speakercell=\"Jens Borglum; Michael D  Herrick\"\n            data-info=\"&lt;b&gt;Moderatorer: &lt;\/b&gt;Luis Romundstad&lt;br&gt;&lt;br&gt; \n                 &lt;p&gt;&lt;b&gt;TAP blockade - what\u2019s new?&lt;br&gt;&lt;\/b&gt;&lt;i&gt;Jens Borglum (DK)&lt;\/i&gt;&lt;\/p&gt; \n                 &lt;p&gt;&lt;b&gt;Update on Regional Anesthesia for Breast Surgery&lt;br&gt;&lt;\/b&gt;&lt;i&gt;Michael Herrick (USA)&lt;\/i&gt;&lt;\/p&gt; \n                &lt;br&gt;&lt;br&gt;\"\n            data-category=\"Anaesthesia and periop medicine\"\n            data-category-ids=\"1021\"\n            data-span-all=\"\"\n                      >\n\n            <div class=\"event_content\">\n              <div class=\"title\">\n                                <span>Ultrasound-guide nerve blocks and effects of regional anaesthesia<\/span>\n              <\/div>\n              <div class=\"span_room\"><span><\/span><\/div>\n              <div class=\"time\">\n                <span>\n                  09:00-10:30                <\/span><\/div>\n\n              <div class=\"lecturer\"><span>Jens Borglum; Michael D  Herrick<\/span><\/div>\n            <\/div>\n\n\n                                <div style=\"background-color:#D2E4C4; position: absolute !important ; height: 4px !important; left: 4px; right: 4px; bottom : 2px !important;  border\"><\/div>\n            \n          <\/div>\n\n      \n          <div class=\"event \"\n            data-id=\"1245\"\n            data-project=\"project_267_2017_02_17\"\n            data-title=\"News in coagulation\"\n            data-abs-nbr=\"\"\n            data-ystart=\"9\"\n            data-yend=\"10.5\"\n            data-time=\"09:00-10:30\"\n            data-room=\"2\"\n            data-room-id=\"1088\"\n            data-room-name=\"Lecture hall D\"\n            data-day=\"0\"\n            data-abs-path=\"\"\n            data-speaker=\"Christian Fenger Eriksen; Birgitta Romlin; P\u00e4r I Johansson; Anna \u00c5gren; Jacob Stensballe\"\n            data-speakercell=\"Christian Fenger Eriksen; Birgitta Romlin; P\u00e4r I Johansson; Anna \u00c5gren; Jacob Stensballe\"\n            data-info=\"&lt;b&gt;Moderatorer: &lt;\/b&gt;Vibeke Moen; Ulf Sch\u00f6tt&lt;br&gt;&lt;br&gt; \n                 &lt;p&gt;&lt;b&gt;When is it safe to do regional anaesthesia?&lt;br&gt;&lt;\/b&gt;&lt;i&gt;Christian Fenger Eriksen (DK)&lt;\/i&gt;&lt;\/p&gt; \n                 &lt;p&gt;&lt;b&gt;Bleeding in paediatric surgery. Case presentations&lt;\/b&gt;&lt;b&gt;.&lt;br&gt;&lt;\/b&gt;&lt;i&gt;Birgitta Romlin (SE)&lt;\/i&gt;&lt;\/p&gt; \n                 &lt;p&gt;&lt;b&gt;Endotheliopathy in acute critical illness.&lt;br&gt;&lt;\/b&gt;&lt;i&gt;P\u00e4r Johansson (DK)&lt;\/i&gt;&lt;\/p&gt; \n                 &lt;p&gt;&lt;b&gt;When not to simplify haemostasis management. Case presentations.&lt;br&gt;&lt;\/b&gt;&lt;i&gt;Anna \u00c5gren (SE)&lt;\/i&gt;&lt;\/p&gt; \n                 &lt;p&gt;&lt;b&gt;Critical bleeding state of the art&lt;br&gt;&lt;\/b&gt;&lt;i&gt;Jakob Stensballe (DK)&lt;\/i&gt;&lt;\/p&gt; \n                &lt;br&gt;&lt;br&gt;\"\n            data-category=\"General subjects\"\n            data-category-ids=\"1023\"\n            data-span-all=\"\"\n                      >\n\n            <div class=\"event_content\">\n              <div class=\"title\">\n                                <span>News in coagulation<\/span>\n              <\/div>\n              <div class=\"span_room\"><span><\/span><\/div>\n              <div class=\"time\">\n                <span>\n                  09:00-10:30                <\/span><\/div>\n\n              <div class=\"lecturer\"><span>Christian Fenger Eriksen; Birgitta Romlin; P\u00e4r I Johansson; Anna \u00c5gren; Jacob Stensballe<\/span><\/div>\n            <\/div>\n\n\n                                <div style=\"background-color:#F8C9DF; position: absolute !important ; height: 4px !important; left: 4px; right: 4px; bottom : 2px !important;  border\"><\/div>\n            \n          <\/div>\n\n      \n          <div class=\"event \"\n            data-id=\"1341\"\n            data-project=\"project_267_2017_02_17\"\n            data-title=\"Improving outcome through audit and quality register -  A Scandinavian perspective\"\n            data-abs-nbr=\"\"\n            data-ystart=\"9\"\n            data-yend=\"10.5\"\n            data-time=\"09:00-10:30\"\n            data-room=\"3\"\n            data-room-id=\"1089\"\n            data-room-name=\"Lecture hall E\"\n            data-day=\"0\"\n            data-abs-path=\"\"\n            data-speaker=\"Matti Reinikainen; Reidar  Kv\u00e5le; Steffen Christensen; Carolina Samuelsson\"\n            data-speakercell=\"Matti Reinikainen; Reidar  Kv\u00e5le; Steffen Christensen; Carolina Samuelsson\"\n            data-info=\"&lt;b&gt;Moderatorer: &lt;\/b&gt;Ritva Kiiski-Berggren; Sten Walther&lt;br&gt;&lt;br&gt; \n                 &lt;p&gt;&lt;b&gt;The essential prerequisites for any Quality Register: data quality&lt;br&gt;&lt;\/b&gt;&lt;i&gt;Reidar Kv\u00e5le (NO)&lt;\/i&gt;&lt;\/p&gt; \n                 &lt;p&gt;&lt;b&gt;How to use Quality Register data&amp;nbsp;for quality improvement&lt;br&gt;&lt;\/b&gt;&lt;i&gt;Matti Reinikainen (FI)&lt;\/i&gt;&lt;\/p&gt; \n                 &lt;p&gt;&lt;b&gt;Differences between Nordic Quality Registers&lt;br&gt;&lt;\/b&gt;&lt;i&gt;Steffen Christensen (DK)&lt;\/i&gt;&lt;\/p&gt; \n                 &lt;p&gt;&lt;b&gt;Using Quality Registers for research&lt;br&gt;&lt;\/b&gt;&lt;i&gt;Carolina Samuelsson (SE)&lt;\/i&gt;&lt;\/p&gt; \n                &lt;br&gt;&lt;br&gt;\"\n            data-category=\"Intensive care\"\n            data-category-ids=\"1019\"\n            data-span-all=\"\"\n                      >\n\n            <div class=\"event_content\">\n              <div class=\"title\">\n                                <span>Improving outcome through audit and quality register -  A Scandinavian perspective<\/span>\n              <\/div>\n              <div class=\"span_room\"><span><\/span><\/div>\n              <div class=\"time\">\n                <span>\n                  09:00-10:30                <\/span><\/div>\n\n              <div class=\"lecturer\"><span>Matti Reinikainen; Reidar  Kv\u00e5le; Steffen Christensen; Carolina Samuelsson<\/span><\/div>\n            <\/div>\n\n\n            \n          <\/div>\n\n      \n          <div class=\"event \"\n            data-id=\"1246\"\n            data-project=\"project_267_2017_02_17\"\n            data-title=\"Coffee &amp; exhibition\"\n            data-abs-nbr=\"\"\n            data-ystart=\"10.5\"\n            data-yend=\"10.833333333333\"\n            data-time=\"10:30-10:50\"\n            data-room=\"8\"\n            data-room-id=\"-1\"\n            data-room-name=\"-Ej specificerad-\"\n            data-day=\"0\"\n            data-abs-path=\"\"\n            data-speaker=\"\"\n            data-speakercell=\"\"\n            data-info=\"\"\n            data-category=\"\"\n            data-category-ids=\"\"\n            data-span-all=\"1\"\n                      >\n\n            <div class=\"event_content\">\n              <div class=\"title\">\n                                <span>Coffee & exhibition<\/span>\n              <\/div>\n              <div class=\"span_room\"><span>-Ej specificerad-<br\/><\/span><\/div>\n              <div class=\"time\">\n                <span>\n                  10:30-10:50                <\/span><\/div>\n\n              \n            <\/div>\n\n\n            \n          <\/div>\n\n      \n          <div class=\"event \"\n            data-id=\"1334\"\n            data-project=\"project_267_2017_02_17\"\n            data-title=\"The SSAI 2017 welcome address\"\n            data-abs-nbr=\"\"\n            data-ystart=\"10.833333333333\"\n            data-yend=\"11.5\"\n            data-time=\"10:50-11:30\"\n            data-room=\"0\"\n            data-room-id=\"1149\"\n            data-room-name=\"Lecture hall A+B\"\n            data-day=\"0\"\n            data-abs-path=\"\"\n            data-speaker=\"Mikael  Bodelsson; Jonas  \u00c5keson; Sigridur Kalman; Martin  Holmer; S\u00f8ren Pische; Miklos Lipcsey\"\n            data-speakercell=\"Mikael  Bodelsson; Jonas  \u00c5keson; Sigridur Kalman; Martin  Holmer; S\u00f8ren Pische; Miklos Lipcsey\"\n            data-info=\" \n                 &lt;p&gt;&lt;b&gt;Launch of the new SSAI logo&lt;br&gt;&lt;\/b&gt;&lt;i&gt;S\u00f8ren Pische&lt;\/i&gt;&lt;\/p&gt; \n                 &lt;p&gt;&lt;b&gt;Scandinavian industry grant to Ida Maria Gustafsson&lt;br&gt;&lt;\/b&gt;&lt;i&gt;Mikl\u00f3s Lipcsey&lt;\/i&gt;&lt;\/p&gt; \n                &lt;br&gt;&lt;br&gt;\"\n            data-category=\"Plenary session\"\n            data-category-ids=\"1017\"\n            data-span-all=\"1\"\n                      >\n\n            <div class=\"event_content\">\n              <div class=\"title\">\n                                <span>The SSAI 2017 welcome address<\/span>\n              <\/div>\n              <div class=\"span_room\"><span>Lecture hall A+B<br\/><\/span><\/div>\n              <div class=\"time\">\n                <span>\n                  10:50-11:30                <\/span><\/div>\n\n              <div class=\"lecturer\"><span>Mikael  Bodelsson; Jonas  \u00c5keson; Sigridur Kalman; Martin  Holmer; S\u00f8ren Pische; Miklos Lipcsey<\/span><\/div>\n            <\/div>\n\n\n                                <div style=\"background-color:#FFF9C5; position: absolute !important ; height: 4px !important; left: 4px; right: 4px; bottom : 2px !important;  border\"><\/div>\n            \n          <\/div>\n\n      \n          <div class=\"event \"\n            data-id=\"1335\"\n            data-project=\"project_267_2017_02_17\"\n            data-title=\"The Asmund Laerdal Memorial Lecture\"\n            data-abs-nbr=\"\"\n            data-ystart=\"11.5\"\n            data-yend=\"12.166666666667\"\n            data-time=\"11:30-12:10\"\n            data-room=\"0\"\n            data-room-id=\"1149\"\n            data-room-name=\"Lecture hall A+B\"\n            data-day=\"0\"\n            data-abs-path=\"\"\n            data-speaker=\"Kathryn Maitland\"\n            data-speakercell=\"Kathryn Maitland\"\n            data-info=\" \n                 &lt;p&gt;&lt;i&gt;Introduction by Mikael Bodelsson and Laerdal:&amp;nbsp; &amp;nbsp; &amp;nbsp; &amp;nbsp; &amp;nbsp; &amp;nbsp; &amp;nbsp; &amp;nbsp; &amp;nbsp; &amp;nbsp; &amp;nbsp; &amp;nbsp; &amp;nbsp; &amp;nbsp; &amp;nbsp; &amp;nbsp; &amp;nbsp; &amp;nbsp; &amp;nbsp; &amp;nbsp; &amp;nbsp; &amp;nbsp; &amp;nbsp; &amp;nbsp; &amp;nbsp;&lt;\/i&gt;&lt;\/p&gt; \n                 &lt;p&gt;&lt;b&gt;Deconstructing fluid resuscitation in African children: a forensic analysis of the FEAST trial&amp;nbsp;&lt;br&gt;&lt;\/b&gt;&lt;i&gt;Kathryn Maitland, London (UK) &amp;nbsp;&lt;\/i&gt;&lt;\/p&gt; \n                &lt;br&gt;&lt;br&gt;\"\n            data-category=\"Plenary session\"\n            data-category-ids=\"1017\"\n            data-span-all=\"1\"\n                      >\n\n            <div class=\"event_content\">\n              <div class=\"title\">\n                                <span>The Asmund Laerdal Memorial Lecture<\/span>\n              <\/div>\n              <div class=\"span_room\"><span>Lecture hall A+B<br\/><\/span><\/div>\n              <div class=\"time\">\n                <span>\n                  11:30-12:10                <\/span><\/div>\n\n              <div class=\"lecturer\"><span>Kathryn Maitland<\/span><\/div>\n            <\/div>\n\n\n                                <div style=\"background-color:#FFF9C5; position: absolute !important ; height: 4px !important; left: 4px; right: 4px; bottom : 2px !important;  border\"><\/div>\n            \n          <\/div>\n\n      \n          <div class=\"event \"\n            data-id=\"1255\"\n            data-project=\"project_267_2017_02_17\"\n            data-title=\"Lunch &amp; exhibition\"\n            data-abs-nbr=\"\"\n            data-ystart=\"12.166666666667\"\n            data-yend=\"13.5\"\n            data-time=\"12:10-13:30\"\n            data-room=\"8\"\n            data-room-id=\"-1\"\n            data-room-name=\"-Ej specificerad-\"\n            data-day=\"0\"\n            data-abs-path=\"\"\n            data-speaker=\"\"\n            data-speakercell=\"\"\n            data-info=\"\"\n            data-category=\"\"\n            data-category-ids=\"\"\n            data-span-all=\"1\"\n                      >\n\n            <div class=\"event_content\">\n              <div class=\"title\">\n                                <span>Lunch & exhibition<\/span>\n              <\/div>\n              <div class=\"span_room\"><span>-Ej specificerad-<br\/><\/span><\/div>\n              <div class=\"time\">\n                <span>\n                  12:10-13:30                <\/span><\/div>\n\n              \n            <\/div>\n\n\n            \n          <\/div>\n\n      \n          <div class=\"event \"\n            data-id=\"1340\"\n            data-project=\"project_267_2017_02_17\"\n            data-title=\"Acute kidney injury\"\n            data-abs-nbr=\"\"\n            data-ystart=\"13.5\"\n            data-yend=\"15\"\n            data-time=\"13:30-15:00\"\n            data-room=\"2\"\n            data-room-id=\"1088\"\n            data-room-name=\"Lecture hall D\"\n            data-day=\"0\"\n            data-abs-path=\"\"\n            data-speaker=\"Claire  Rimes-Stigare; Max Bell; Johan M\u00e5rtensson; Miklos Lipcsey; Marcus Broman\"\n            data-speakercell=\"Claire  Rimes-Stigare; Max Bell; Johan M\u00e5rtensson; Miklos Lipcsey; Marcus Broman\"\n            data-info=\"&lt;b&gt;Moderatorer: &lt;\/b&gt;Max Bell; David Piros&lt;br&gt;&lt;br&gt; \n                 &lt;p&gt;&lt;b&gt;Long time survival and morbidity after CRRT&lt;br&gt;&lt;\/b&gt;&lt;i&gt;Claire Rimes-Stigare (SE)&lt;\/i&gt;&lt;\/p&gt; \n                 &lt;p&gt;&lt;b&gt;Postoperative AKI&lt;br&gt;&lt;\/b&gt;&lt;i&gt;Max Bell (SE)&lt;\/i&gt;&lt;\/p&gt; \n                 &lt;p&gt;&lt;b&gt;Earlier vs later CRRT&lt;br&gt;&lt;\/b&gt;&lt;i&gt;Johan M\u00e5rtensson (SE)&lt;\/i&gt;&lt;\/p&gt; \n                 &lt;p&gt;&lt;b&gt;The RRT catheter \u2013 Placement comes first&lt;br&gt;&lt;\/b&gt;&lt;i&gt;Mikl\u00f3s Lipcsey (SE)&lt;\/i&gt;&lt;\/p&gt; \n                 &lt;p&gt;&lt;b&gt;Phosphate and magnesium Ions in critical illness&lt;br&gt;&lt;\/b&gt;&lt;i&gt;Marcus Broman (SE)&lt;\/i&gt;&lt;\/p&gt; \n                &lt;br&gt;&lt;br&gt;\"\n            data-category=\"Intensive care\"\n            data-category-ids=\"1019\"\n            data-span-all=\"\"\n                      >\n\n            <div class=\"event_content\">\n              <div class=\"title\">\n                                <span>Acute kidney injury<\/span>\n              <\/div>\n              <div class=\"span_room\"><span><\/span><\/div>\n              <div class=\"time\">\n                <span>\n                  13:30-15:00                <\/span><\/div>\n\n              <div class=\"lecturer\"><span>Claire  Rimes-Stigare; Max Bell; Johan M\u00e5rtensson; Miklos Lipcsey; Marcus Broman<\/span><\/div>\n            <\/div>\n\n\n            \n          <\/div>\n\n      \n          <div class=\"event \"\n            data-id=\"1342\"\n            data-project=\"project_267_2017_02_17\"\n            data-title=\"Mass casualties\"\n            data-abs-nbr=\"\"\n            data-ystart=\"13.5\"\n            data-yend=\"15\"\n            data-time=\"13:30-15:00\"\n            data-room=\"3\"\n            data-room-id=\"1089\"\n            data-room-name=\"Lecture hall E\"\n            data-day=\"0\"\n            data-abs-path=\"\"\n            data-speaker=\"Elkana Keerseblick; Pierre Carli; Nina  Sj\u00f6blom Widfeldt; Sabina Fattah\"\n            data-speakercell=\"Elkana Keerseblick; Pierre Carli; Nina  Sj\u00f6blom Widfeldt; Sabina Fattah\"\n            data-info=\"&lt;b&gt;Moderatorer: &lt;\/b&gt;Gunilla Islander; Sten Rubertsson&lt;br&gt;&lt;br&gt; \n                 &lt;p&gt;&lt;b&gt;Experiences from the Paris attacks November 13th&amp;nbsp;2015&lt;br&gt;&lt;\/b&gt;&lt;i&gt;Pierre Carli (FR)&lt;\/i&gt;&lt;\/p&gt; \n                 &lt;p&gt;&lt;b&gt;Experiences from the Brussels attacks Match 22nd&amp;nbsp;2016&lt;br&gt;&lt;\/b&gt;&lt;i&gt;Elkana Keersebilck (BE)&lt;\/i&gt;&lt;\/p&gt; \n                 &lt;p&gt;&lt;b&gt;What should I know about chemical weapons?&lt;br&gt;&lt;\/b&gt;&lt;i&gt;Nina Sj\u00f6blom Widfeldt (SE)&lt;\/i&gt;&lt;\/p&gt; \n                 &lt;p&gt;&lt;b&gt;Major incidents; what can we learn from them?&lt;br&gt;&lt;\/b&gt;&lt;i&gt;Sabina Fattah, (NO)&lt;\/i&gt;&lt;\/p&gt; \n                &lt;br&gt;&lt;br&gt;\"\n            data-category=\"Critical emergency medicine\"\n            data-category-ids=\"1026\"\n            data-span-all=\"\"\n                      >\n\n            <div class=\"event_content\">\n              <div class=\"title\">\n                                <span>Mass casualties<\/span>\n              <\/div>\n              <div class=\"span_room\"><span><\/span><\/div>\n              <div class=\"time\">\n                <span>\n                  13:30-15:00                <\/span><\/div>\n\n              <div class=\"lecturer\"><span>Elkana Keerseblick; Pierre Carli; Nina  Sj\u00f6blom Widfeldt; Sabina Fattah<\/span><\/div>\n            <\/div>\n\n\n            \n          <\/div>\n\n      \n          <div class=\"event \"\n            data-id=\"1336\"\n            data-project=\"project_267_2017_02_17\"\n            data-title=\"Ketamine \u2013 current practice and emerging concepts\"\n            data-abs-nbr=\"\"\n            data-ystart=\"13.5\"\n            data-yend=\"14.5\"\n            data-time=\"13:30-14:30\"\n            data-room=\"0\"\n            data-room-id=\"1149\"\n            data-room-name=\"Lecture hall A+B\"\n            data-day=\"0\"\n            data-abs-path=\"\"\n            data-speaker=\"Jan Persson; Jonas  \u00c5keson; Anders Tingstr\u00f6m; Mats Lindstr\u00f6m\"\n            data-speakercell=\"Jan Persson; Jonas  \u00c5keson; Anders Tingstr\u00f6m; Mats Lindstr\u00f6m\"\n            data-info=\"&lt;b&gt;Moderatorer: &lt;\/b&gt;Jan Persson; Jonas  \u00c5keson&lt;br&gt;&lt;br&gt; \n                 &lt;p&gt;&lt;b&gt;Analgesia \u2013 mechanisms and current practice&lt;br&gt;&lt;\/b&gt;&lt;i&gt;Jan Persson (SE)&amp;nbsp;&lt;\/i&gt;&lt;\/p&gt; \n                 &lt;p&gt;&lt;b&gt;Anaesthesia \u2013 mechanisms and current practice&amp;nbsp;&lt;br&gt;&lt;\/b&gt;&lt;i&gt;Jonas \u00c5keson (SE)&lt;\/i&gt;&lt;\/p&gt; \n                 &lt;p&gt;&lt;b&gt;Mechanisms for therapeutic management of depressive disorders&amp;nbsp;&lt;br&gt;&lt;\/b&gt;&lt;i&gt;Anders Tingstr\u00f6m (SE)&lt;\/i&gt;&lt;\/p&gt; \n                 &lt;p&gt;&lt;b&gt;Clinical use in major depression&lt;br&gt;&lt;\/b&gt;&lt;i&gt;Mats Lindstr\u00f6m (SE)&lt;\/i&gt;&lt;\/p&gt; \n                &lt;br&gt;&lt;br&gt;\"\n            data-category=\"General subjects\"\n            data-category-ids=\"1023\"\n            data-span-all=\"\"\n                      >\n\n            <div class=\"event_content\">\n              <div class=\"title\">\n                                <span>Ketamine \u2013 current practice and emerging concepts<\/span>\n              <\/div>\n              <div class=\"span_room\"><span><\/span><\/div>\n              <div class=\"time\">\n                <span>\n                  13:30-14:30                <\/span><\/div>\n\n              <div class=\"lecturer\"><span>Jan Persson; Jonas  \u00c5keson; Anders Tingstr\u00f6m; Mats Lindstr\u00f6m<\/span><\/div>\n            <\/div>\n\n\n                                <div style=\"background-color:#F8C9DF; position: absolute !important ; height: 4px !important; left: 4px; right: 4px; bottom : 2px !important;  border\"><\/div>\n            \n          <\/div>\n\n      \n          <div class=\"event \"\n            data-id=\"1268\"\n            data-project=\"project_267_2017_02_17\"\n            data-title=\"Data driven perioperative quality improvement: The new frontier!\"\n            data-abs-nbr=\"\"\n            data-ystart=\"13.5\"\n            data-yend=\"14.5\"\n            data-time=\"13:30-14:30\"\n            data-room=\"1\"\n            data-room-id=\"1087\"\n            data-room-name=\"Lecture hall C\"\n            data-day=\"0\"\n            data-abs-path=\"\"\n            data-speaker=\"Claes Mangelus; Gunnar Enlund; Michelle Chew; Rupert Pearse\"\n            data-speakercell=\"Claes Mangelus; Gunnar Enlund; Michelle Chew; Rupert Pearse\"\n            data-info=\"&lt;b&gt;Moderatorer: &lt;\/b&gt;Martin  Holmer; Brian Sites&lt;br&gt;&lt;br&gt; \n                 &lt;p&gt;&lt;b&gt;The Swedish Perioperative Register (SPOR)&amp;nbsp;&lt;br&gt;&lt;\/b&gt;&lt;i&gt;Claes Mangelus (SE)&lt;\/i&gt;&lt;\/p&gt; \n                 &lt;p&gt;&lt;b&gt;Using quality registers to improve perioperative outcomes;&amp;nbsp;an international perspective&amp;nbsp;&lt;br&gt;&lt;\/b&gt;&lt;i&gt;Rupert Pearse (UK)&lt;\/i&gt;&lt;\/p&gt; \n                 &lt;p&gt;&lt;b&gt;Using SPOR data to improve patient care&amp;nbsp;&lt;br&gt;&lt;\/b&gt;&lt;i&gt;Gunnar Enlund (SE)&lt;\/i&gt;&lt;\/p&gt; \n                 &lt;p&gt;&lt;b&gt;Swedish&amp;nbsp;perioperative outcomes research&amp;nbsp;&lt;br&gt;&lt;\/b&gt;&lt;i&gt;Michelle Chew (SE)&lt;\/i&gt;&lt;\/p&gt; \n                &lt;br&gt;&lt;br&gt;\"\n            data-category=\"Anaesthesia and periop medicine\"\n            data-category-ids=\"1021\"\n            data-span-all=\"\"\n                      >\n\n            <div class=\"event_content\">\n              <div class=\"title\">\n                                <span>Data driven perioperative quality improvement: The new frontier!<\/span>\n              <\/div>\n              <div class=\"span_room\"><span><\/span><\/div>\n              <div class=\"time\">\n                <span>\n                  13:30-14:30                <\/span><\/div>\n\n              <div class=\"lecturer\"><span>Claes Mangelus; Gunnar Enlund; Michelle Chew; Rupert Pearse<\/span><\/div>\n            <\/div>\n\n\n                                <div style=\"background-color:#D2E4C4; position: absolute !important ; height: 4px !important; left: 4px; right: 4px; bottom : 2px !important;  border\"><\/div>\n            \n          <\/div>\n\n      \n          <div class=\"event \"\n            data-id=\"1275\"\n            data-project=\"project_267_2017_02_17\"\n            data-title=\"Poster session\"\n            data-abs-nbr=\"\"\n            data-ystart=\"13.5\"\n            data-yend=\"15\"\n            data-time=\"13:30-15:00\"\n            data-room=\"7\"\n            data-room-id=\"1093\"\n            data-room-name=\"Poster area (exhibition)\"\n            data-day=\"0\"\n            data-abs-path=\"\"\n            data-speaker=\"\"\n            data-speakercell=\"\"\n            data-info=\"&lt;b&gt;Moderatorer: &lt;\/b&gt;Preben Berthelsen; S\u00f8ren Pische; Ulf Sch\u00f6tt; Vegard  Dahl&lt;br&gt;&lt;br&gt; \n                 &lt;p&gt;&lt;b&gt;Posters 1-8:&amp;nbsp;&lt;\/b&gt;&lt;b&gt;Cardiovascular Anaesthesia&lt;br&gt;&lt;\/b&gt;&lt;i&gt;Chair: Preben Berthelsen &amp;nbsp; &amp;nbsp; &amp;nbsp; &amp;nbsp; &amp;nbsp; &amp;nbsp; &amp;nbsp; &amp;nbsp; &amp;nbsp; &amp;nbsp; &amp;nbsp; &amp;nbsp; &amp;nbsp; &amp;nbsp; &amp;nbsp; &amp;nbsp; &amp;nbsp; &amp;nbsp; &amp;nbsp;&lt;\/i&gt;&lt;\/p&gt; \n                 &lt;p&gt;&lt;b&gt;Posters 18-24:&amp;nbsp;&lt;\/b&gt;&lt;b&gt;General Anaesthesia and Perioperative Medicine &amp;nbsp;&amp;nbsp;&lt;br&gt;&lt;\/b&gt;&lt;i&gt;Chair: S\u00f8ren Pischke&lt;\/i&gt;&lt;\/p&gt; \n                 &lt;p&gt;&lt;b&gt;Posters 28-32:&amp;nbsp;&lt;\/b&gt;&lt;b&gt;Neurosurgical Anaesthesia and Intensive Care &amp;nbsp; &amp;nbsp; &amp;nbsp; &amp;nbsp; &amp;nbsp;&amp;nbsp;&lt;br&gt;&lt;\/b&gt;&lt;i&gt;Chair: Ulf Sch\u00f6tt&lt;\/i&gt;&lt;\/p&gt; \n                 &lt;p&gt;&lt;b&gt;Posters 33-41:&amp;nbsp;&lt;\/b&gt;&lt;b&gt;SSAI Education Program in Obstetric Anaesthesia &amp;nbsp; &amp;nbsp; &amp;nbsp; &amp;nbsp; &lt;\/b&gt;&lt;i&gt;Chair: Vegard Dahl &amp;nbsp;&lt;\/i&gt;&lt;\/p&gt; \n                &lt;br&gt;&lt;br&gt;13.30-15.00 - Acute Kidney Injury in post hepatectomy patients in a tertiary cancer hospital&lt;br&gt;&lt;small&gt;Malini Joshi&lt;\/small&gt;&lt;br&gt;&lt;br&gt;13.30-15.00 - Anaesthesia reflections for Robotic assisted Atrial Septal Defect Repair: Fusion of cardiothoracic skills. A Single Centre Experience, \u2018Singapore Way\u2019.&lt;br&gt;&lt;small&gt;Shitalkumar Shah&lt;\/small&gt;&lt;br&gt;&lt;br&gt;13.30-15.00 - A standardized multidisciplinary approach and a modified surgical technique for the management of abnormally invasive placenta; striking differences in blood loss and need for transfusion: a retrospective comparative study&lt;br&gt;&lt;small&gt;Zeljka Lekic&lt;\/small&gt;&lt;br&gt;&lt;br&gt;13.30-15.00 - Blood clots in the ECMO-system \u2013 a theoretical platelet activation study&lt;br&gt;&lt;small&gt;Gabriel Fuchs&lt;\/small&gt;&lt;br&gt;&lt;br&gt;13.30-15.00 - Case of subdural hematoma after labor epidural: Implications for follow-up of post dural puncture head ache &lt;br&gt;&lt;small&gt;Jan Collden&lt;\/small&gt;&lt;br&gt;&lt;br&gt;13.30-15.00 - Clinical relevance of bodyposition for epidural analgesia for labour.&lt;br&gt;&lt;small&gt;Augusta Waage&lt;\/small&gt;&lt;br&gt;&lt;br&gt;13.30-15.00 - Concordance of the new ESPEN criteria and low phase angle in defining early stages of malnutrition in cardiac surgery&lt;br&gt;&lt;small&gt;Donata Ringaitiene&lt;\/small&gt;&lt;br&gt;&lt;br&gt;13.30-15.00 - Differences across ICUs in organ donation after brain death (DBD): A nationwide study of relationship with variation in end-of-life decisions.&lt;br&gt;&lt;small&gt;Thomas Nolin&lt;\/small&gt;&lt;br&gt;&lt;br&gt;13.30-15.00 - Genetic association of oxidative stress and fluid accumulation makes Balb\/CJ mice more sensitive to decompensated heart failure&lt;br&gt;&lt;small&gt;Mediha Becirovic Agic&lt;\/small&gt;&lt;br&gt;&lt;br&gt;13.30-15.00 - Hemodynamic Effects of Intravenous Vasopressin and Nitroglycerine in combination in liver surgery&lt;br&gt;&lt;small&gt;Ellinor Wis\u00e9n&lt;\/small&gt;&lt;br&gt;&lt;br&gt;13.30-15.00 - Hemostatic Function after Aneurismal Subarachnoid Hemorrhage&lt;br&gt;&lt;small&gt;Signe Voigt Lauridsen&lt;\/small&gt;&lt;br&gt;&lt;br&gt;13.30-15.00 - Hyperthyroidism in patient with molar pregnancy&lt;br&gt;&lt;small&gt;Grethe Heitmann&lt;\/small&gt;&lt;br&gt;&lt;br&gt;13.30-15.00 - Intracranial pressure during renal replacement therapy in patients with acute brain injury&lt;br&gt;&lt;small&gt;Anton Lund&lt;\/small&gt;&lt;br&gt;&lt;br&gt;13.30-15.00 - Is there a difference in postoperative pain in cesarean section, emergency versus elective, evaluated on the amount of used opioid in the first 24 hours?&lt;br&gt;&lt;small&gt;Neel Wall\u00f8e&lt;\/small&gt;&lt;br&gt;&lt;br&gt;13.30-15.00 - Is there a relationship between halogenated anaesthetic gases and dementia?&lt;br&gt;&lt;small&gt;Anna-Karin Strand&lt;\/small&gt;&lt;br&gt;&lt;br&gt;13.30-15.00 - Labor analgesia in Turku University Hospital: Quality and maternal satisfaction&lt;br&gt;&lt;small&gt;Riina Rikalainen-Salmi&lt;\/small&gt;&lt;br&gt;&lt;br&gt;13.30-15.00 - Midazolam is better than Clonidine in preventing negative postoperative behaviour in children age 2-4.&lt;br&gt;&lt;small&gt;Caroline Zickerman&lt;\/small&gt;&lt;br&gt;&lt;br&gt;13.30-15.00 - Non-invasive detection of pump-associated blood clots in the ECMO-system&lt;br&gt;&lt;small&gt;Gabriel Fuchs&lt;\/small&gt;&lt;br&gt;&lt;br&gt;13.30-15.00 - Norepinephrine effect is not affected by Losartan in rats after resuscitated haemorrhage&lt;br&gt;&lt;small&gt;Sofia J\u00f6nsson&lt;\/small&gt;&lt;br&gt;&lt;br&gt;13.30-15.00 - Opioid consumption after emergency and elective caesarean section&lt;br&gt;&lt;small&gt;Kim Lindelof&lt;\/small&gt;&lt;br&gt;&lt;br&gt;13.30-15.00 - Optical methods based on tracking of optical contrast agent in confirmation of brain death: preliminary results&lt;br&gt;&lt;small&gt;Wojciech Weigl&lt;\/small&gt;&lt;br&gt;&lt;br&gt;13.30-15.00 - Perioperative fluid balance, is it true?&lt;br&gt;&lt;small&gt;Marja Lindqvist&lt;\/small&gt;&lt;br&gt;&lt;br&gt;13.30-15.00 - Perioperative management of patients undergoing surgery for unilateral dominant primary aldosteronism&lt;br&gt;&lt;small&gt;Kristina Ekl\u00f6f&lt;\/small&gt;&lt;br&gt;&lt;br&gt;13.30-15.00 - Predictors of Self-Extubation among Head Injury Patients in Trauma Intensive Care Unit&lt;br&gt;&lt;small&gt;Saeed Mahmood&lt;\/small&gt;&lt;br&gt;&lt;br&gt;13.30-15.00 - Results from more than twenty years of surgical pulmonary endarterectomy for chronic thromboembolic pulmonary hypertension in Denmark&lt;br&gt;&lt;small&gt;Dorthe Viemose Nielsen&lt;\/small&gt;&lt;br&gt;&lt;br&gt;13.30-15.00 - Risk factors for late awakening after cardiac arrest and target temperature management &lt;br&gt;&lt;small&gt;Anna Lybeck&lt;\/small&gt;&lt;br&gt;&lt;br&gt;13.30-15.00 - Spinal analgesia for relief of labour pain in prima- and multiparous mothers&lt;br&gt;&lt;small&gt;Evija Austruma&lt;\/small&gt;&lt;br&gt;&lt;br&gt;13.30-15.00 - The influence of needle diameter on puncture failures in relation to cesarean section and vaginal delivery; a prospective, randomized study.&lt;br&gt;&lt;small&gt;Nina Vibeche Skei&lt;\/small&gt;&lt;br&gt;&lt;br&gt;13.30-15.00 - The predictive factors for massive transfusion in non-idiopathic scoliosis undergoing corrective surgery \u2013 Mutivariable analysis&lt;br&gt;&lt;small&gt;Heesun Park&lt;\/small&gt;&lt;br&gt;&lt;br&gt;\"\n            data-category=\"\"\n            data-category-ids=\"\"\n            data-span-all=\"\"\n                      >\n\n            <div class=\"event_content\">\n              <div class=\"title\">\n                                <span>Poster session<\/span>\n              <\/div>\n              <div class=\"span_room\"><span><\/span><\/div>\n              <div class=\"time\">\n                <span>\n                  13:30-15:00                <\/span><\/div>\n\n              \n            <\/div>\n\n\n            \n          <\/div>\n\n      \n          <div class=\"event \"\n            data-id=\"1337\"\n            data-project=\"project_267_2017_02_17\"\n            data-title=\"Lund University 350 year Celebration Lecture\"\n            data-abs-nbr=\"\"\n            data-ystart=\"14.666666666667\"\n            data-yend=\"15.166666666667\"\n            data-time=\"14:40-15:10\"\n            data-room=\"0\"\n            data-room-id=\"1149\"\n            data-room-name=\"Lecture hall A+B\"\n            data-day=\"0\"\n            data-abs-path=\"\"\n            data-speaker=\"Edvard Moser\"\n            data-speakercell=\"Edvard Moser\"\n            data-info=\" \n                 &lt;p&gt;&lt;i&gt;Introduction by Jonas \u00c5keson&lt;\/i&gt;&lt;\/p&gt; \n                 &lt;p&gt;&lt;b&gt;The importance of finding the way&lt;br&gt;&lt;\/b&gt;&lt;i&gt;Edvard Moser, Trondheim (NO)&lt;br&gt;&lt;\/i&gt;&lt;i&gt;2014 Nobel Prize Laureate in Physiology or Medicine&lt;\/i&gt;&lt;\/p&gt; \n                &lt;br&gt;&lt;br&gt;\"\n            data-category=\"Plenary session\"\n            data-category-ids=\"1017\"\n            data-span-all=\"\"\n                      >\n\n            <div class=\"event_content\">\n              <div class=\"title\">\n                                <span>Lund University 350 year Celebration Lecture<\/span>\n              <\/div>\n              <div class=\"span_room\"><span><\/span><\/div>\n              <div class=\"time\">\n                <span>\n                  14:40-15:10                <\/span><\/div>\n\n              <div class=\"lecturer\"><span>Edvard Moser<\/span><\/div>\n            <\/div>\n\n\n                                <div style=\"background-color:#FFF9C5; position: absolute !important ; height: 4px !important; left: 4px; right: 4px; bottom : 2px !important;  border\"><\/div>\n            \n          <\/div>\n\n      \n          <div class=\"event \"\n            data-id=\"1262\"\n            data-project=\"project_267_2017_02_17\"\n            data-title=\"Coffee &amp; exhibition\"\n            data-abs-nbr=\"\"\n            data-ystart=\"15\"\n            data-yend=\"15.5\"\n            data-time=\"15:00-15:30\"\n            data-room=\"8\"\n            data-room-id=\"-1\"\n            data-room-name=\"-Ej specificerad-\"\n            data-day=\"0\"\n            data-abs-path=\"\"\n            data-speaker=\"\"\n            data-speakercell=\"\"\n            data-info=\"\"\n            data-category=\"\"\n            data-category-ids=\"\"\n            data-span-all=\"1\"\n                      >\n\n            <div class=\"event_content\">\n              <div class=\"title\">\n                                <span>Coffee & exhibition<\/span>\n              <\/div>\n              <div class=\"span_room\"><span>-Ej specificerad-<br\/><\/span><\/div>\n              <div class=\"time\">\n                <span>\n                  15:00-15:30                <\/span><\/div>\n\n              \n            <\/div>\n\n\n            \n          <\/div>\n\n      \n          <div class=\"event \"\n            data-id=\"1344\"\n            data-project=\"project_267_2017_02_17\"\n            data-title=\"Poster session\"\n            data-abs-nbr=\"\"\n            data-ystart=\"15.5\"\n            data-yend=\"16.5\"\n            data-time=\"15:30-16:30\"\n            data-room=\"7\"\n            data-room-id=\"1093\"\n            data-room-name=\"Poster area (exhibition)\"\n            data-day=\"0\"\n            data-abs-path=\"\"\n            data-speaker=\"\"\n            data-speakercell=\"\"\n            data-info=\"&lt;b&gt;Moderatorer: &lt;\/b&gt;Andreas Harsten; Jan Persson; David Costi&lt;br&gt;&lt;br&gt; \n                 &lt;p&gt;&lt;b&gt;Posters 9-17:&amp;nbsp;&lt;\/b&gt;&lt;b&gt;General Anaesthesia and Perioperative Medicine&lt;br&gt;&lt;\/b&gt;&lt;i&gt;Chair: Andreas Harsten&lt;\/i&gt;&lt;b&gt;&lt;br&gt;&lt;\/b&gt;&lt;\/p&gt; \n                 &lt;p&gt;&lt;b&gt;Posters: 42-45:&amp;nbsp;&lt;\/b&gt;&lt;b&gt;Pain &amp;nbsp; &amp;nbsp; &amp;nbsp; &amp;nbsp; &amp;nbsp; &amp;nbsp; &amp;nbsp; &amp;nbsp; &amp;nbsp; &amp;nbsp; &amp;nbsp; &amp;nbsp; &amp;nbsp; &amp;nbsp; &amp;nbsp;&lt;br&gt;&lt;\/b&gt;&lt;i&gt;Chair: Jan Persson&lt;\/i&gt;&lt;\/p&gt; \n                 &lt;p&gt;&lt;b&gt;Posters 46-51:&amp;nbsp;&lt;\/b&gt;&lt;b&gt;Paediatric Anaesthesia and Intensive Care&lt;br&gt;&lt;\/b&gt;&lt;i&gt;Chair: David Costi&lt;\/i&gt;&lt;\/p&gt; \n                 &lt;p&gt;&lt;br&gt;&lt;\/p&gt; \n                &lt;br&gt;&lt;br&gt;15.30-16.30 - Can pediatric gamma knife radiosurgery be managed under monitored anesthesia care? : Initial experiences of our institution&lt;br&gt;&lt;small&gt;Kotoe Kamata&lt;\/small&gt;&lt;br&gt;&lt;br&gt;15.30-16.30 - Challenging the multimodal analgesic principle: Data from a cohort of total hip arthroplasty patients in five different hospitals&lt;br&gt;&lt;small&gt;Anja Geisler&lt;\/small&gt;&lt;br&gt;&lt;br&gt;15.30-16.30 - Clinical manifestations of pyogenic discitis; A contraindication of lumbar epidural steroid injections for low back pain&lt;br&gt;&lt;small&gt;Yusuke Asakura&lt;\/small&gt;&lt;br&gt;&lt;br&gt;15.30-16.30 - Comparison of the effects of awakening end-tidal concentration among inhalational anesthetics in pediatric patients: a retrospective study.&lt;br&gt;&lt;small&gt;Masanori Tsukamoto&lt;\/small&gt;&lt;br&gt;&lt;br&gt;15.30-16.30 - Does dobutamine improve early postnatal cardiac output in neonates? Central hemodynamic dose-response study. &lt;br&gt;&lt;small&gt;Maarja Hallik&lt;\/small&gt;&lt;br&gt;&lt;br&gt;15.30-16.30 - Efficacy and safety of Sugammadex versus Neostigmine in reversing neuromuscular blockade in adults: A Cochrane Systematic Review with Trial Sequential Analysis&lt;br&gt;&lt;small&gt;Ana-Marija Hristovska&lt;\/small&gt;&lt;br&gt;&lt;br&gt;15.30-16.30 - High-dose preoperative methylprednisolone and glycaemic control early after total hip and knee arthroplasty&lt;br&gt;&lt;small&gt;Viktoria Lindberg-Larsen&lt;\/small&gt;&lt;br&gt;&lt;br&gt;15.30-16.30 - Incidence and risk factors associated with arrhythmia during volatile induction of anesthesia using sevoflurane&lt;br&gt;&lt;small&gt;Jaewon Baik&lt;\/small&gt;&lt;br&gt;&lt;br&gt;15.30-16.30 - Neonatal Intensive Care Unit or Operating Room for Neonatal Surgery - Scandinavian Practices&lt;br&gt;&lt;small&gt;Marianne Berntsen&lt;\/small&gt;&lt;br&gt;&lt;br&gt;15.30-16.30 - Pain management following robot-assisted hysterectomy. A retrospective evaluation of intrathecal morphine vs. multimodal analgesia&lt;br&gt;&lt;small&gt;Ann-Charlotte Lindstr\u00f6m&lt;\/small&gt;&lt;br&gt;&lt;br&gt;15.30-16.30 - Predictive performance of target controlled infusion of propofol-MCT\/LCT using the modified Marsh and Schnider models: a simulation study&lt;br&gt;&lt;small&gt;Sangmee An&lt;\/small&gt;&lt;br&gt;&lt;br&gt;15.30-16.30 - Preoperative methylprednisolone reduces endothelial damage early after fast-track total knee arthroplasty&lt;br&gt;&lt;small&gt;Viktoria Lindberg-Larsen&lt;\/small&gt;&lt;br&gt;&lt;br&gt;15.30-16.30 - Psychological factors influencing scored pain intensity during venous cannulation&lt;br&gt;&lt;small&gt;Lars-Erik Dyrehag&lt;\/small&gt;&lt;br&gt;&lt;br&gt;15.30-16.30 - The analgesic potency dose of remifentanil to minimize stress response induced by intubation and measurement uncertainty of surgical pleth index&lt;br&gt;&lt;small&gt;Sukyung Lee&lt;\/small&gt;&lt;br&gt;&lt;br&gt;15.30-16.30 - The toddler Transmuscular Quadratus Lumborum block for orchiopexy&lt;br&gt;&lt;small&gt;Martin Vedel Nielsen&lt;\/small&gt;&lt;br&gt;&lt;br&gt;\"\n            data-category=\"\"\n            data-category-ids=\"\"\n            data-span-all=\"\"\n                      >\n\n            <div class=\"event_content\">\n              <div class=\"title\">\n                                <span>Poster session<\/span>\n              <\/div>\n              <div class=\"span_room\"><span><\/span><\/div>\n              <div class=\"time\">\n                <span>\n                  15:30-16:30                <\/span><\/div>\n\n              \n            <\/div>\n\n\n            \n          <\/div>\n\n      \n          <div class=\"event \"\n            data-id=\"1343\"\n            data-project=\"project_267_2017_02_17\"\n            data-title=\"Prehospital emergency critical care and trauma\"\n            data-abs-nbr=\"\"\n            data-ystart=\"15.5\"\n            data-yend=\"16.5\"\n            data-time=\"15:30-16:30\"\n            data-room=\"3\"\n            data-room-id=\"1089\"\n            data-room-name=\"Lecture hall E\"\n            data-day=\"0\"\n            data-abs-path=\"\"\n            data-speaker=\"Torben Wisborg; Peter Berlac; Karl Christian Thies\"\n            data-speakercell=\"Torben Wisborg; Peter Berlac; Karl Christian Thies\"\n            data-info=\"&lt;b&gt;Moderatorer: &lt;\/b&gt;Lars Rasmussen; Theresa Olasvengen&lt;br&gt;&lt;br&gt; \n                 &lt;p&gt;&lt;b&gt;Trauma Care: Implementing a national program on trauma care in Norway \u2013 &amp;nbsp;data, achievements and lessons learned&amp;nbsp;&lt;br&gt;&lt;\/b&gt;&lt;i&gt;Torben Wisborg (NO)&lt;\/i&gt;&lt;\/p&gt; \n                 &lt;p&gt;&lt;b&gt;TEMS - Tactical Emergency Medical Service is this a new path we need to implement?&lt;br&gt;&lt;\/b&gt;&lt;i&gt;Peter Berlac (DK)&lt;\/i&gt;&lt;\/p&gt; \n                 &lt;p&gt;&lt;b&gt;The European Trauma Course \u2013 the team approach. Why is this the right course for anesthesiologists?&lt;br&gt;&lt;\/b&gt;&lt;i&gt;Karl Christian Thies (UK)&lt;\/i&gt;&lt;\/p&gt; \n                &lt;br&gt;&lt;br&gt;\"\n            data-category=\"Critical emergency medicine\"\n            data-category-ids=\"1026\"\n            data-span-all=\"\"\n                      >\n\n            <div class=\"event_content\">\n              <div class=\"title\">\n                                <span>Prehospital emergency critical care and trauma<\/span>\n              <\/div>\n              <div class=\"span_room\"><span><\/span><\/div>\n              <div class=\"time\">\n                <span>\n                  15:30-16:30                <\/span><\/div>\n\n              <div class=\"lecturer\"><span>Torben Wisborg; Peter Berlac; Karl Christian Thies<\/span><\/div>\n            <\/div>\n\n\n            \n          <\/div>\n\n      \n          <div class=\"event \"\n            data-id=\"1252\"\n            data-project=\"project_267_2017_02_17\"\n            data-title=\"Paediatric anaesthesia and web-based learning\"\n            data-abs-nbr=\"\"\n            data-ystart=\"15.5\"\n            data-yend=\"16.5\"\n            data-time=\"15:30-16:30\"\n            data-room=\"2\"\n            data-room-id=\"1088\"\n            data-room-name=\"Lecture hall D\"\n            data-day=\"0\"\n            data-abs-path=\"\"\n            data-speaker=\"Torsten Lauritsen; Mathias Johansen\"\n            data-speakercell=\"Torsten Lauritsen; Mathias Johansen\"\n            data-info=\"&lt;b&gt;Moderatorer: &lt;\/b&gt;Joseph Cravero; Pertti Suominen&lt;br&gt;&lt;br&gt; \n                 &lt;p&gt;&lt;b&gt;SAFETOTS&lt;br&gt;&lt;\/b&gt;&lt;i&gt;Torsten Lauritsen (DK)&lt;\/i&gt;&lt;\/p&gt; \n                 &lt;p&gt;&lt;b&gt;Web based learning in paediatric anaesthesia \u2013 an educational project from ESPA and SSAI&amp;nbsp;&lt;br&gt;&lt;\/b&gt;&lt;i&gt;Mathias Johansen&amp;nbsp; (DK)&lt;\/i&gt;&lt;\/p&gt; \n                &lt;br&gt;&lt;br&gt;\"\n            data-category=\"Special anaesthesia and intens care\"\n            data-category-ids=\"1022\"\n            data-span-all=\"\"\n                      >\n\n            <div class=\"event_content\">\n              <div class=\"title\">\n                                <span>Paediatric anaesthesia and web-based learning<\/span>\n              <\/div>\n              <div class=\"span_room\"><span><\/span><\/div>\n              <div class=\"time\">\n                <span>\n                  15:30-16:30                <\/span><\/div>\n\n              <div class=\"lecturer\"><span>Torsten Lauritsen; Mathias Johansen<\/span><\/div>\n            <\/div>\n\n\n                                <div style=\"background-color:#B4C0D2; position: absolute !important ; height: 4px !important; left: 4px; right: 4px; bottom : 2px !important;  border\"><\/div>\n            \n          <\/div>\n\n      \n          <div class=\"event \"\n            data-id=\"1269\"\n            data-project=\"project_267_2017_02_17\"\n            data-title=\"Perioperative Medicine saves lives- why, how and what are YOU doing about it?\"\n            data-abs-nbr=\"\"\n            data-ystart=\"15.5\"\n            data-yend=\"16.5\"\n            data-time=\"15:30-16:30\"\n            data-room=\"1\"\n            data-room-id=\"1087\"\n            data-room-name=\"Lecture hall C\"\n            data-day=\"0\"\n            data-abs-path=\"\"\n            data-speaker=\"Sven Erik Gisvold; Rupert Pearse; Michelle Chew; Anna Cedborg\"\n            data-speakercell=\"Sven Erik Gisvold; Rupert Pearse; Michelle Chew; Anna Cedborg\"\n            data-info=\"&lt;b&gt;Moderatorer: &lt;\/b&gt;Suzanne Odeberg-Wernerman; Sven Erik Gisvold&lt;br&gt;&lt;br&gt; \n                 &lt;p&gt;&lt;b&gt;Introduction to the concept \u201dPerioperative\u201d&amp;nbsp;&lt;br&gt;&lt;\/b&gt;&lt;i&gt;Sven Erik Gisvold (NO)&lt;\/i&gt;&lt;\/p&gt; \n                 &lt;p&gt;&lt;b&gt;Why perioperative medicine? How it changes outcome&lt;br&gt;&lt;\/b&gt;&lt;i&gt;Rupert Pearse (UK)&lt;\/i&gt;&lt;\/p&gt; \n                 &lt;p&gt;&lt;b&gt;How should we do it? Hot topics in perioperative research&amp;nbsp;&lt;br&gt;&lt;\/b&gt;&lt;i&gt;Michelle Chew (SE)&lt;\/i&gt;&lt;\/p&gt; \n                 &lt;p&gt;&lt;b&gt;What are we doing about it? Inspiring and implementing change&lt;br&gt;&lt;\/b&gt;&lt;i&gt;Anna Cedborg (SE)&lt;\/i&gt;&lt;\/p&gt; \n                &lt;br&gt;&lt;br&gt;\"\n            data-category=\"Anaesthesia and periop medicine\"\n            data-category-ids=\"1021\"\n            data-span-all=\"\"\n                      >\n\n            <div class=\"event_content\">\n              <div class=\"title\">\n                                <span>Perioperative Medicine saves lives- why, how and what are YOU doing about it?<\/span>\n              <\/div>\n              <div class=\"span_room\"><span><\/span><\/div>\n              <div class=\"time\">\n                <span>\n                  15:30-16:30                <\/span><\/div>\n\n              <div class=\"lecturer\"><span>Sven Erik Gisvold; Rupert Pearse; Michelle Chew; Anna Cedborg<\/span><\/div>\n            <\/div>\n\n\n                                <div style=\"background-color:#D2E4C4; position: absolute !important ; height: 4px !important; left: 4px; right: 4px; bottom : 2px !important;  border\"><\/div>\n            \n          <\/div>\n\n      \n          <div class=\"event \"\n            data-id=\"1338\"\n            data-project=\"project_267_2017_02_17\"\n            data-title=\"Critical conditions in a global perspective\"\n            data-abs-nbr=\"\"\n            data-ystart=\"15.5\"\n            data-yend=\"16.5\"\n            data-time=\"15:30-16:30\"\n            data-room=\"0\"\n            data-room-id=\"1149\"\n            data-room-name=\"Lecture hall A+B\"\n            data-day=\"0\"\n            data-abs-path=\"\"\n            data-speaker=\"Kathryn Maitland; Lars Irestedt; Viveka Nordberg\"\n            data-speakercell=\"Kathryn Maitland; Lars Irestedt; Viveka Nordberg\"\n            data-info=\"&lt;b&gt;Moderatorer: &lt;\/b&gt;Claes Frostell; Elin Bj\u00f8rnestad&lt;br&gt;&lt;br&gt; \n                 &lt;p&gt;&lt;b&gt;Sepsis Management in resource-limited hospitals in Africa&amp;nbsp;&lt;br&gt;&lt;\/b&gt;&lt;i&gt;Kathryn Maitland (UK)&lt;\/i&gt;&lt;\/p&gt; \n                 &lt;p&gt;&lt;b&gt;Collaboration with a resource-limited region in Africa: Milestones and challenges Dar Es Salaam versus Stockholm&lt;\/b&gt;&lt;\/p&gt; \n                 &lt;p&gt;&lt;b&gt;The anaesthesiologist\u2019s perspective&lt;br&gt;&lt;\/b&gt;&lt;i&gt;Lars Irestedt (SE)&lt;\/i&gt;&lt;\/p&gt; \n                 &lt;p&gt;&lt;b&gt;The paediatrician\u2019s perspective&lt;br&gt;&lt;\/b&gt;&lt;i&gt;Viveka Nordberg (SE)&lt;\/i&gt;&lt;\/p&gt; \n                &lt;br&gt;&lt;br&gt;\"\n            data-category=\"Intensive care\"\n            data-category-ids=\"1019\"\n            data-span-all=\"\"\n                      >\n\n            <div class=\"event_content\">\n              <div class=\"title\">\n                                <span>Critical conditions in a global perspective<\/span>\n              <\/div>\n              <div class=\"span_room\"><span><\/span><\/div>\n              <div class=\"time\">\n                <span>\n                  15:30-16:30                <\/span><\/div>\n\n              <div class=\"lecturer\"><span>Kathryn Maitland; Lars Irestedt; Viveka Nordberg<\/span><\/div>\n            <\/div>\n\n\n            \n          <\/div>\n\n      \n          <div class=\"event \"\n            data-id=\"1339\"\n            data-project=\"project_267_2017_02_17\"\n            data-title=\"The Martin H:son Holmdahl Lecture \"\n            data-abs-nbr=\"\"\n            data-ystart=\"16.666666666667\"\n            data-yend=\"17.5\"\n            data-time=\"16:40-17:30\"\n            data-room=\"0\"\n            data-room-id=\"1149\"\n            data-room-name=\"Lecture hall A+B\"\n            data-day=\"0\"\n            data-abs-path=\"\"\n            data-speaker=\"Rupert Pearse\"\n            data-speakercell=\"Rupert Pearse\"\n            data-info=\" \n                 &lt;p&gt;&lt;i&gt;Introduction by Sten Rubertsson&lt;\/i&gt;&lt;\/p&gt; \n                 &lt;p&gt;&lt;b&gt;Safe and effective surgery: everyone\u2019s job?&lt;br&gt;&lt;\/b&gt;&lt;i&gt;Rupert Pearse, London&amp;nbsp; (UK)&lt;\/i&gt;&lt;\/p&gt; \n                &lt;br&gt;&lt;br&gt;\"\n            data-category=\"Plenary session\"\n            data-category-ids=\"1017\"\n            data-span-all=\"1\"\n                      >\n\n            <div class=\"event_content\">\n              <div class=\"title\">\n                                <span>The Martin H:son Holmdahl Lecture <\/span>\n              <\/div>\n              <div class=\"span_room\"><span>Lecture hall A+B<br\/><\/span><\/div>\n              <div class=\"time\">\n                <span>\n                  16:40-17:30                <\/span><\/div>\n\n              <div class=\"lecturer\"><span>Rupert Pearse<\/span><\/div>\n            <\/div>\n\n\n                                <div style=\"background-color:#FFF9C5; position: absolute !important ; height: 4px !important; left: 4px; right: 4px; bottom : 2px !important;  border\"><\/div>\n            \n          <\/div>\n\n      \n          <div class=\"event \"\n            data-id=\"1263\"\n            data-project=\"project_267_2017_02_17\"\n            data-title=\"Get together in the exhibition area\"\n            data-abs-nbr=\"\"\n            data-ystart=\"17.5\"\n            data-yend=\"19.5\"\n            data-time=\"17:30-19:30\"\n            data-room=\"5\"\n            data-room-id=\"1092\"\n            data-room-name=\"Exhibition area\"\n            data-day=\"0\"\n            data-abs-path=\"\"\n            data-speaker=\"\"\n            data-speakercell=\"\"\n            data-info=\"\"\n            data-category=\"\"\n            data-category-ids=\"\"\n            data-span-all=\"1\"\n                      >\n\n            <div class=\"event_content\">\n              <div class=\"title\">\n                                <span>Get together in the exhibition area<\/span>\n              <\/div>\n              <div class=\"span_room\"><span>Exhibition area<br\/><\/span><\/div>\n              <div class=\"time\">\n                <span>\n                  17:30-19:30                <\/span><\/div>\n\n              \n            <\/div>\n\n\n            \n          <\/div>\n\n      \n          <div class=\"event \"\n            data-id=\"1357\"\n            data-project=\"project_267_2017_02_17\"\n            data-title=\"Registration\"\n            data-abs-nbr=\"\"\n            data-ystart=\"7.5\"\n            data-yend=\"8\"\n            data-time=\"07:30-08:00\"\n            data-room=\"8\"\n            data-room-id=\"-1\"\n            data-room-name=\"-Ej specificerad-\"\n            data-day=\"1\"\n            data-abs-path=\"\"\n            data-speaker=\"\"\n            data-speakercell=\"\"\n            data-info=\"\"\n            data-category=\"\"\n            data-category-ids=\"\"\n            data-span-all=\"1\"\n                      >\n\n            <div class=\"event_content\">\n              <div class=\"title\">\n                                <span>Registration<\/span>\n              <\/div>\n              <div class=\"span_room\"><span>-Ej specificerad-<br\/><\/span><\/div>\n              <div class=\"time\">\n                <span>\n                  07:30-08:00                <\/span><\/div>\n\n              \n            <\/div>\n\n\n            \n          <\/div>\n\n      \n          <div class=\"event \"\n            data-id=\"1301\"\n            data-project=\"project_267_2017_02_17\"\n            data-title=\"Poster session\"\n            data-abs-nbr=\"\"\n            data-ystart=\"8\"\n            data-yend=\"9.5\"\n            data-time=\"08:00-09:30\"\n            data-room=\"7\"\n            data-room-id=\"1093\"\n            data-room-name=\"Poster area (exhibition)\"\n            data-day=\"1\"\n            data-abs-path=\"\"\n            data-speaker=\"\"\n            data-speakercell=\"\"\n            data-info=\"&lt;b&gt;Moderatorer: &lt;\/b&gt;Pertti Suominen; Anders Larsson; Torben Wisborg&lt;br&gt;&lt;br&gt; \n                 &lt;p&gt;&lt;b&gt;Posters 93, 53-59:&amp;nbsp;&lt;\/b&gt;&lt;b&gt;SSAI Education Program in Paediatric Anaesthesia and Intensive Care&lt;br&gt;&lt;\/b&gt;&lt;i&gt;Chair: Pertti Suominen &amp;nbsp; &amp;nbsp; &amp;nbsp; &amp;nbsp; &amp;nbsp; &amp;nbsp; &amp;nbsp; &amp;nbsp; &amp;nbsp; &amp;nbsp; &amp;nbsp; &amp;nbsp; &amp;nbsp; &amp;nbsp; &amp;nbsp; &amp;nbsp; &amp;nbsp; &amp;nbsp; &amp;nbsp; &amp;nbsp; &amp;nbsp; &amp;nbsp;&amp;nbsp;&lt;\/i&gt;&lt;\/p&gt; \n                 &lt;p&gt;&lt;b&gt;Posters 121, 63-67:&amp;nbsp;&lt;\/b&gt;&lt;b&gt;Airway and Respiration&lt;br&gt;&lt;\/b&gt;&lt;i&gt;Chair: Anders Larsson &amp;nbsp; &amp;nbsp; &amp;nbsp; &amp;nbsp; &amp;nbsp; &amp;nbsp; &amp;nbsp; &amp;nbsp; &amp;nbsp; &amp;nbsp; &amp;nbsp; &amp;nbsp; &amp;nbsp; &amp;nbsp; &amp;nbsp; &amp;nbsp; &amp;nbsp;&amp;nbsp;&lt;\/i&gt;&lt;\/p&gt; \n                 &lt;p&gt;&lt;b&gt;Posters 68-75:&amp;nbsp;&lt;\/b&gt;&lt;b&gt;Critical Emergency Medicine&lt;br&gt;&lt;\/b&gt;&lt;i&gt;Chair: Torben Wisborg&lt;\/i&gt;&lt;\/p&gt; \n                &lt;br&gt;&lt;br&gt;08.00-09.30 - Abnormalities in Body Temperature in Patients with Acute Coronary Syndrome&lt;br&gt;&lt;small&gt;Hiroshi Dohgomori&lt;\/small&gt;&lt;br&gt;&lt;br&gt;08.00-09.30 - A Rare Case of Dual Diagnosis in 16-Year-Old with Shortness of Breath&lt;br&gt;&lt;small&gt;Felicity de Vere&lt;\/small&gt;&lt;br&gt;&lt;br&gt;08.00-09.30 - Dexmedetomidine, a better choice for a difficult airway patient&lt;br&gt;&lt;small&gt;Maria In\u00eas Oliviera&lt;\/small&gt;&lt;br&gt;&lt;br&gt;08.00-09.30 - E-learning in paediatric anaesthesia \u2013 a cooperation between ESPA and SSAI&lt;br&gt;&lt;small&gt;Mathias Johansen&lt;\/small&gt;&lt;br&gt;&lt;br&gt;08.00-09.30 - Evaluation of the Ability of Anaesthetists to give Effective Cricoid Pressure: Prospective Interventional Study&lt;br&gt;&lt;small&gt;Reshma Ambulkar&lt;\/small&gt;&lt;br&gt;&lt;br&gt;08.00-09.30 - Global open-access template for reporting role of Helicopter Emergency Medical Services in Major Incidents&lt;br&gt;&lt;small&gt;Sabina Fattah&lt;\/small&gt;&lt;br&gt;&lt;br&gt;08.00-09.30 - Healthcare Associated Infections and Antimicrobial Use in Nordic Paediatric Intensive Care Units \u2013 a Point of Prevalence Survey&lt;br&gt;&lt;small&gt;Christian Renken&lt;\/small&gt;&lt;br&gt;&lt;br&gt;08.00-09.30 - Improvements in major incident response: Systematic reporting through a consensus based, freely accessible database. A pilot study. &lt;br&gt;&lt;small&gt;Torben Wisborg&lt;\/small&gt;&lt;br&gt;&lt;br&gt;08.00-09.30 - Induction and intubation of non-fasting children \u2013 a Nordic survey&lt;br&gt;&lt;small&gt;Stine K\u00e4hler&lt;\/small&gt;&lt;br&gt;&lt;br&gt;08.00-09.30 - Interhospital transport of critically ill children and neonates in the Nordic countries. How and by whom?&lt;br&gt;&lt;small&gt;David Ohlen&lt;\/small&gt;&lt;br&gt;&lt;br&gt;08.00-09.30 - Inter-rater variability study of a global major incident reporting template&lt;br&gt;&lt;small&gt;Lasse Raatiniemi&lt;\/small&gt;&lt;br&gt;&lt;br&gt;08.00-09.30 - Isolated hypoglossal nerve palsy after oral endotracheal tube.&lt;br&gt;&lt;small&gt;Bengt L\u00f6fgren&lt;\/small&gt;&lt;br&gt;&lt;br&gt;08.00-09.30 - Neonatal resuscitation simulation - a descriptive study.&lt;br&gt;&lt;small&gt;Maren Tarpgaard&lt;\/small&gt;&lt;br&gt;&lt;br&gt;08.00-09.30 - Noise Exposure During Ambulance Operations&lt;br&gt;&lt;small&gt;Mads Christian Tofte Hansen&lt;\/small&gt;&lt;br&gt;&lt;br&gt;08.00-09.30 - Non-invasive regional oxygenation and perfusion monitoring of reconstructive flaps viability, initial experiences&lt;br&gt;&lt;small&gt;Pether Jildenst\u00e5l&lt;\/small&gt;&lt;br&gt;&lt;br&gt;08.00-09.30 - Point-of-care ultrasound in assessment of hemodynamic status in children. Usage, training and attitudes - a Scandinavian survey. &lt;br&gt;&lt;small&gt;Johannes Jacks&lt;\/small&gt;&lt;br&gt;&lt;br&gt;08.00-09.30 - Prehospital video laryngoscopy in the Capital Region of Denmark : King Vision versus McGrath&lt;br&gt;&lt;small&gt;Ann M\u00f8ller&lt;\/small&gt;&lt;br&gt;&lt;br&gt;08.00-09.30 - Pre-oxygenation in rapid sequence induction anesthesia in adults; Transnasal Humidified Rapid-Insufflation Ventilatory Exchange (THRIVE) vs facemask breathing.&lt;br&gt;&lt;small&gt;\u00c5se Lodenius&lt;\/small&gt;&lt;br&gt;&lt;br&gt;08.00-09.30 - Scoring is not so boring \u2013 a Scandinavian survey of the use of pediatric mortality risk scoring systems in the Intensive Care Unit&lt;br&gt;&lt;small&gt;Martina Davidsson&lt;\/small&gt;&lt;br&gt;&lt;br&gt;08.00-09.30 - Self-Evaluated communication skills at Dispatch Central&lt;br&gt;&lt;small&gt;Stine Hebsgaard&lt;\/small&gt;&lt;br&gt;&lt;br&gt;08.00-09.30 - Supraglottic airway devices in laparoscopic surgery &lt;br&gt;&lt;small&gt;Nebojsa Videnovic&lt;\/small&gt;&lt;br&gt;&lt;br&gt;08.00-09.30 - Why do infants and children seek emergency care?&lt;br&gt;&lt;small&gt;Julia Ellbrant&lt;\/small&gt;&lt;br&gt;&lt;br&gt;\"\n            data-category=\"\"\n            data-category-ids=\"\"\n            data-span-all=\"\"\n                      >\n\n            <div class=\"event_content\">\n              <div class=\"title\">\n                                <span>Poster session<\/span>\n              <\/div>\n              <div class=\"span_room\"><span><\/span><\/div>\n              <div class=\"time\">\n                <span>\n                  08:00-09:30                <\/span><\/div>\n\n              \n            <\/div>\n\n\n            \n          <\/div>\n\n      \n          <div class=\"event \"\n            data-id=\"1290\"\n            data-project=\"project_267_2017_02_17\"\n            data-title=\"Earlier detection and management of clinical deterioration - a matter of patient safety\"\n            data-abs-nbr=\"\"\n            data-ystart=\"8\"\n            data-yend=\"9.5\"\n            data-time=\"08:00-09:30\"\n            data-room=\"2\"\n            data-room-id=\"1088\"\n            data-room-name=\"Lecture hall D\"\n            data-day=\"1\"\n            data-abs-path=\"\"\n            data-speaker=\"Sven Erik Gisvold; Gitte Bunkenborg; Andreas  Hvarfner\"\n            data-speakercell=\"Sven Erik Gisvold; Gitte Bunkenborg; Andreas  Hvarfner\"\n            data-info=\"&lt;b&gt;Moderatorer: &lt;\/b&gt;Malin Rundgren; Jonas  \u00c5keson&lt;br&gt;&lt;br&gt; \n                 &lt;p&gt;&lt;b&gt;Promoting patient safety outside the operating or intensive care room&amp;nbsp;&lt;br&gt;&lt;\/b&gt;&lt;i&gt;Sven Erik Gisvold (NO)&amp;nbsp;&lt;\/i&gt;&lt;\/p&gt;&lt;p&gt;&lt;b&gt;Reducing hospital mortality by systematic early warning scoring&lt;br&gt;&lt;\/b&gt;&lt;i&gt;Gitte Bunkenborg (DK)&lt;\/i&gt;&lt;\/p&gt;&lt;p&gt;&lt;b&gt;Medical emergency teams&amp;nbsp;&lt;\/b&gt;&lt;b&gt;\u2013 do they matter?&amp;nbsp;&lt;br&gt;&lt;\/b&gt;&lt;i&gt;Andreas Hvarfner (SE)&lt;\/i&gt;&lt;\/p&gt;&lt;p&gt;\n\n\n\n\n\n\n\n\n\n\n\n\n\n\n&lt;\/p&gt;&lt;p&gt;&lt;b&gt;Panel discussion&amp;nbsp;&lt;\/b&gt;&lt;\/p&gt; \n                &lt;br&gt;&lt;br&gt;\"\n            data-category=\"Research, publication & teaching\"\n            data-category-ids=\"1024\"\n            data-span-all=\"\"\n                      >\n\n            <div class=\"event_content\">\n              <div class=\"title\">\n                                <span>Earlier detection and management of clinical deterioration - a matter of patient safety<\/span>\n              <\/div>\n              <div class=\"span_room\"><span><\/span><\/div>\n              <div class=\"time\">\n                <span>\n                  08:00-09:30                <\/span><\/div>\n\n              <div class=\"lecturer\"><span>Sven Erik Gisvold; Gitte Bunkenborg; Andreas  Hvarfner<\/span><\/div>\n            <\/div>\n\n\n                                <div style=\"background-color:E6F0DF; position: absolute !important ; height: 4px !important; left: 4px; right: 4px; bottom : 2px !important;  border\"><\/div>\n            \n          <\/div>\n\n      \n          <div class=\"event \"\n            data-id=\"1345\"\n            data-project=\"project_267_2017_02_17\"\n            data-title=\"Life after critical illness and what we can do to make it better\"\n            data-abs-nbr=\"\"\n            data-ystart=\"8\"\n            data-yend=\"9.5\"\n            data-time=\"08:00-09:30\"\n            data-room=\"0\"\n            data-room-id=\"1149\"\n            data-room-name=\"Lecture hall A+B\"\n            data-day=\"1\"\n            data-abs-path=\"\"\n            data-speaker=\"Christian Rylander; Janet  Frolund Jensen; Pratik Pandharipande; Anna Milton; Johan Malmgren\"\n            data-speakercell=\"Christian Rylander; Janet  Frolund Jensen; Pratik Pandharipande; Anna Milton; Johan Malmgren\"\n            data-info=\"&lt;b&gt;Moderatorer: &lt;\/b&gt;Gisela Lilja; Christian Rylander&lt;br&gt;&lt;br&gt; \n                 &lt;p&gt;&lt;b&gt;Introduction&amp;nbsp;&lt;br&gt;&lt;\/b&gt;&lt;i&gt;Christian Rylander (SE)&lt;\/i&gt;&lt;\/p&gt; \n                 &lt;p&gt;&lt;b&gt;Multiple interventions in the ICU \u2013 are they worthwhile?&amp;nbsp;&lt;br&gt;&lt;\/b&gt;&lt;i&gt;Janet Froulund Jensen (DK)&lt;\/i&gt;&lt;\/p&gt; \n                 &lt;p&gt;&lt;b&gt;ICU delirium-critical factors and liberation bundles&amp;nbsp;&lt;br&gt;&lt;\/b&gt;&lt;i&gt;Pratik Pandharipande (USA)&lt;\/i&gt;&lt;\/p&gt; \n                 &lt;p&gt;&lt;b&gt;Can we identify vulnerable ICU patients in need of support after ICU discharge?&lt;br&gt;&lt;\/b&gt;&lt;i&gt;Anna Milton (SE)&amp;nbsp;&lt;\/i&gt;&lt;\/p&gt; \n                 &lt;p&gt;&lt;b&gt;What you get is what you ask for \u2013 a specific follow-up questionnaire.&amp;nbsp;&lt;br&gt;&lt;\/b&gt;&lt;i&gt;Johan Malmgren (SE)&lt;\/i&gt;&lt;\/p&gt; \n                &lt;br&gt;&lt;br&gt;\"\n            data-category=\"Intensive care\"\n            data-category-ids=\"1019\"\n            data-span-all=\"\"\n                      >\n\n            <div class=\"event_content\">\n              <div class=\"title\">\n                                <span>Life after critical illness and what we can do to make it better<\/span>\n              <\/div>\n              <div class=\"span_room\"><span><\/span><\/div>\n              <div class=\"time\">\n                <span>\n                  08:00-09:30                <\/span><\/div>\n\n              <div class=\"lecturer\"><span>Christian Rylander; Janet  Frolund Jensen; Pratik Pandharipande; Anna Milton; Johan Malmgren<\/span><\/div>\n            <\/div>\n\n\n            \n          <\/div>\n\n      \n          <div class=\"event \"\n            data-id=\"1299\"\n            data-project=\"project_267_2017_02_17\"\n            data-title=\"Workshop: Perioperative Hypnosis \"\n            data-abs-nbr=\"\"\n            data-ystart=\"8\"\n            data-yend=\"11\"\n            data-time=\"08:00-11:00\"\n            data-room=\"6\"\n            data-room-id=\"1090\"\n            data-room-name=\"Conference area\"\n            data-day=\"1\"\n            data-abs-path=\"\"\n            data-speaker=\"Allan Cyna\"\n            data-speakercell=\"Allan Cyna\"\n            data-info=\" \n                 &lt;p&gt;&lt;br&gt;&lt;\/p&gt; \n                &lt;br&gt;&lt;br&gt;\"\n            data-category=\"\"\n            data-category-ids=\"\"\n            data-span-all=\"\"\n                      >\n\n            <div class=\"event_content\">\n              <div class=\"title\">\n                                <span>Workshop: Perioperative Hypnosis <\/span>\n              <\/div>\n              <div class=\"span_room\"><span><\/span><\/div>\n              <div class=\"time\">\n                <span>\n                  08:00-11:00                <\/span><\/div>\n\n              <div class=\"lecturer\"><span>Allan Cyna<\/span><\/div>\n            <\/div>\n\n\n            \n          <\/div>\n\n      \n          <div class=\"event \"\n            data-id=\"1294\"\n            data-project=\"project_267_2017_02_17\"\n            data-title=\"Advances in pharmacology and toxicology I - Use, Abuse and Misuse\"\n            data-abs-nbr=\"\"\n            data-ystart=\"8\"\n            data-yend=\"9.5\"\n            data-time=\"08:00-09:30\"\n            data-room=\"3\"\n            data-room-id=\"1089\"\n            data-room-name=\"Lecture hall E\"\n            data-day=\"1\"\n            data-abs-path=\"\"\n            data-speaker=\"Kai Knudsen; Brian Sites; Malin  Jonsson-Fagerlund; Joseph Cravero\"\n            data-speakercell=\"Kai Knudsen; Brian Sites; Malin  Jonsson-Fagerlund; Joseph Cravero\"\n            data-info=\"&lt;b&gt;Moderatorer: &lt;\/b&gt;Gunilla Islander; Jan Persson&lt;br&gt;&lt;br&gt; \n                 &lt;p&gt;&lt;b&gt;The challenge of new party drugs&lt;br&gt;&lt;\/b&gt;&lt;i&gt;Kai Knudsen (SE)&lt;\/i&gt;&lt;\/p&gt; \n                 &lt;p&gt;&lt;b&gt;The American opioid crisis&amp;nbsp;&lt;br&gt;&lt;\/b&gt;&lt;i&gt;Brian Sites (USA)&lt;\/i&gt;&lt;\/p&gt; \n                 &lt;p&gt;&lt;b&gt;How to relax&amp;nbsp;before and after&amp;nbsp;rapid sequence induction&lt;br&gt;&lt;\/b&gt;&lt;i&gt;Malin Jonsson-Fagerlund (SE)&lt;\/i&gt;&lt;\/p&gt; \n                 &lt;p&gt;&lt;b&gt;Current and Future Paediatric Use of Ultra-Long Acting Local Anesthetics&lt;br&gt;&lt;\/b&gt;&lt;i&gt;Joseph Cravero (USA)&lt;\/i&gt;&lt;\/p&gt; \n                &lt;br&gt;&lt;br&gt;\"\n            data-category=\"General subjects\"\n            data-category-ids=\"1023\"\n            data-span-all=\"\"\n                      >\n\n            <div class=\"event_content\">\n              <div class=\"title\">\n                                <span>Advances in pharmacology and toxicology I - Use, Abuse and Misuse<\/span>\n              <\/div>\n              <div class=\"span_room\"><span><\/span><\/div>\n              <div class=\"time\">\n                <span>\n                  08:00-09:30                <\/span><\/div>\n\n              <div class=\"lecturer\"><span>Kai Knudsen; Brian Sites; Malin  Jonsson-Fagerlund; Joseph Cravero<\/span><\/div>\n            <\/div>\n\n\n                                <div style=\"background-color:#F8C9DF; position: absolute !important ; height: 4px !important; left: 4px; right: 4px; bottom : 2px !important;  border\"><\/div>\n            \n          <\/div>\n\n      \n          <div class=\"event \"\n            data-id=\"1304\"\n            data-project=\"project_267_2017_02_17\"\n            data-title=\"Art exhibition &amp; Medical History\"\n            data-abs-nbr=\"\"\n            data-ystart=\"8\"\n            data-yend=\"17\"\n            data-time=\"08:00-17:00\"\n            data-room=\"5\"\n            data-room-id=\"1092\"\n            data-room-name=\"Exhibition area\"\n            data-day=\"1\"\n            data-abs-path=\"\"\n            data-speaker=\"Hans Huldt; Lena Gamrin-Gripenberg; Gunilla Islander\"\n            data-speakercell=\"Hans Huldt; Lena Gamrin-Gripenberg; Gunilla Islander\"\n            data-info=\" \n                 &lt;p&gt;&lt;br&gt;&lt;\/p&gt; \n                &lt;br&gt;&lt;br&gt;\"\n            data-category=\"\"\n            data-category-ids=\"\"\n            data-span-all=\"\"\n                      >\n\n            <div class=\"event_content\">\n              <div class=\"title\">\n                                <span>Art exhibition & Medical History<\/span>\n              <\/div>\n              <div class=\"span_room\"><span><\/span><\/div>\n              <div class=\"time\">\n                <span>\n                  08:00-17:00                <\/span><\/div>\n\n              <div class=\"lecturer\"><span>Hans Huldt; Lena Gamrin-Gripenberg; Gunilla Islander<\/span><\/div>\n            <\/div>\n\n\n            \n          <\/div>\n\n      \n          <div class=\"event \"\n            data-id=\"1281\"\n            data-project=\"project_267_2017_02_17\"\n            data-title=\"OR management\"\n            data-abs-nbr=\"\"\n            data-ystart=\"8\"\n            data-yend=\"9.5\"\n            data-time=\"08:00-09:30\"\n            data-room=\"1\"\n            data-room-id=\"1087\"\n            data-room-name=\"Lecture hall C\"\n            data-day=\"1\"\n            data-abs-path=\"\"\n            data-speaker=\"Carl Savage; Nicolai Bang Foss\"\n            data-speakercell=\"Carl Savage; Nicolai Bang Foss\"\n            data-info=\"&lt;b&gt;Moderatorer: &lt;\/b&gt;Martin  Holmer; Eva Oddby-Muhrbeck&lt;br&gt;&lt;br&gt; \n                 &lt;p&gt;&lt;b&gt;Evidencebased leadership \u2013 Teaming, what does that mean?&lt;br&gt;&lt;\/b&gt;&lt;i&gt;Carl Savage (SE)&lt;\/i&gt;&lt;\/p&gt; \n                 &lt;p&gt;&lt;b&gt;Implementing perioperative pathways in emergency surgery in the elderly&amp;nbsp;&lt;br&gt;&lt;\/b&gt;&lt;i&gt;Nicolai Bang Foss (DK)&lt;\/i&gt;&lt;\/p&gt; \n                &lt;br&gt;&lt;br&gt;\"\n            data-category=\"Anaesthesia and periop medicine\"\n            data-category-ids=\"1021\"\n            data-span-all=\"\"\n                      >\n\n            <div class=\"event_content\">\n              <div class=\"title\">\n                                <span>OR management<\/span>\n              <\/div>\n              <div class=\"span_room\"><span><\/span><\/div>\n              <div class=\"time\">\n                <span>\n                  08:00-09:30                <\/span><\/div>\n\n              <div class=\"lecturer\"><span>Carl Savage; Nicolai Bang Foss<\/span><\/div>\n            <\/div>\n\n\n                                <div style=\"background-color:#D2E4C4; position: absolute !important ; height: 4px !important; left: 4px; right: 4px; bottom : 2px !important;  border\"><\/div>\n            \n          <\/div>\n\n      \n          <div class=\"event \"\n            data-id=\"1300\"\n            data-project=\"project_267_2017_02_17\"\n            data-title=\"Workshop: The Difficult Airway\"\n            data-abs-nbr=\"\"\n            data-ystart=\"8\"\n            data-yend=\"9.5\"\n            data-time=\"08:00-09:30\"\n            data-room=\"6\"\n            data-room-id=\"1090\"\n            data-room-name=\"Conference area\"\n            data-day=\"1\"\n            data-abs-path=\"\"\n            data-speaker=\"Bruno  Enekvist; Karolina  Persson ; Louise  Walter-Sturesson\"\n            data-speakercell=\"Bruno  Enekvist; Karolina  Persson ; Louise  Walter-Sturesson\"\n            data-info=\" \n                 &lt;p&gt;&lt;br&gt;&lt;\/p&gt; \n                &lt;br&gt;&lt;br&gt;\"\n            data-category=\"\"\n            data-category-ids=\"\"\n            data-span-all=\"\"\n                      >\n\n            <div class=\"event_content\">\n              <div class=\"title\">\n                                <span>Workshop: The Difficult Airway<\/span>\n              <\/div>\n              <div class=\"span_room\"><span><\/span><\/div>\n              <div class=\"time\">\n                <span>\n                  08:00-09:30                <\/span><\/div>\n\n              <div class=\"lecturer\"><span>Bruno  Enekvist; Karolina  Persson ; Louise  Walter-Sturesson<\/span><\/div>\n            <\/div>\n\n\n            \n          <\/div>\n\n      \n          <div class=\"event \"\n            data-id=\"1277\"\n            data-project=\"project_267_2017_02_17\"\n            data-title=\"Coffee &amp; exhibition\"\n            data-abs-nbr=\"\"\n            data-ystart=\"9.5\"\n            data-yend=\"10\"\n            data-time=\"09:30-10:00\"\n            data-room=\"8\"\n            data-room-id=\"-1\"\n            data-room-name=\"-Ej specificerad-\"\n            data-day=\"1\"\n            data-abs-path=\"\"\n            data-speaker=\"\"\n            data-speakercell=\"\"\n            data-info=\"\"\n            data-category=\"\"\n            data-category-ids=\"\"\n            data-span-all=\"1\"\n                      >\n\n            <div class=\"event_content\">\n              <div class=\"title\">\n                                <span>Coffee & exhibition<\/span>\n              <\/div>\n              <div class=\"span_room\"><span>-Ej specificerad-<br\/><\/span><\/div>\n              <div class=\"time\">\n                <span>\n                  09:30-10:00                <\/span><\/div>\n\n              \n            <\/div>\n\n\n            \n          <\/div>\n\n      \n          <div class=\"event \"\n            data-id=\"1354\"\n            data-project=\"project_267_2017_02_17\"\n            data-title=\"Workshop: The Difficult Airway\"\n            data-abs-nbr=\"\"\n            data-ystart=\"10\"\n            data-yend=\"11.5\"\n            data-time=\"10:00-11:30\"\n            data-room=\"6\"\n            data-room-id=\"1090\"\n            data-room-name=\"Conference area\"\n            data-day=\"1\"\n            data-abs-path=\"\"\n            data-speaker=\"Bruno  Enekvist; Karolina  Persson ; Louise  Walter-Sturesson\"\n            data-speakercell=\"Bruno  Enekvist; Karolina  Persson ; Louise  Walter-Sturesson\"\n            data-info=\"\"\n            data-category=\"\"\n            data-category-ids=\"\"\n            data-span-all=\"\"\n                      >\n\n            <div class=\"event_content\">\n              <div class=\"title\">\n                                <span>Workshop: The Difficult Airway<\/span>\n              <\/div>\n              <div class=\"span_room\"><span><\/span><\/div>\n              <div class=\"time\">\n                <span>\n                  10:00-11:30                <\/span><\/div>\n\n              <div class=\"lecturer\"><span>Bruno  Enekvist; Karolina  Persson ; Louise  Walter-Sturesson<\/span><\/div>\n            <\/div>\n\n\n            \n          <\/div>\n\n      \n          <div class=\"event \"\n            data-id=\"1346\"\n            data-project=\"project_267_2017_02_17\"\n            data-title=\"Basics and secrets of protective ventilation\"\n            data-abs-nbr=\"\"\n            data-ystart=\"10\"\n            data-yend=\"11\"\n            data-time=\"10:00-11:00\"\n            data-room=\"0\"\n            data-room-id=\"1149\"\n            data-room-name=\"Lecture hall A+B\"\n            data-day=\"1\"\n            data-abs-path=\"\"\n            data-speaker=\"Ola Stenquist; Paolo Pelosi; Anders Larsson\"\n            data-speakercell=\"Ola Stenquist; Paolo Pelosi; Anders Larsson\"\n            data-info=\"&lt;b&gt;Moderatorer: &lt;\/b&gt;Mikael  Bodelsson; Michael Haney&lt;br&gt;&lt;br&gt; \n                 &lt;p&gt;&lt;b&gt;Transpulmonary driving pressure determined by a PEEP step \u2013 a new simple method for separating lung and chest wall mechanics&lt;br&gt;&lt;\/b&gt;&lt;i&gt;Ola Stenqvist (SE)&lt;\/i&gt;&lt;\/p&gt; \n                 &lt;p&gt;&lt;b&gt;The new PEEP step method for transpulmonary pressure \u2013 too good to be true?&lt;br&gt;&lt;\/b&gt;&lt;i&gt;Paolo Pelosi (IT)&lt;\/i&gt;&lt;\/p&gt; \n                 &lt;p&gt;&lt;b&gt;The way I do it&lt;br&gt;&lt;\/b&gt;&lt;i&gt;Anders Larsson (SE)&lt;\/i&gt;&lt;\/p&gt; \n                &lt;br&gt;&lt;br&gt;\"\n            data-category=\"Intensive care\"\n            data-category-ids=\"1019\"\n            data-span-all=\"\"\n                      >\n\n            <div class=\"event_content\">\n              <div class=\"title\">\n                                <span>Basics and secrets of protective ventilation<\/span>\n              <\/div>\n              <div class=\"span_room\"><span><\/span><\/div>\n              <div class=\"time\">\n                <span>\n                  10:00-11:00                <\/span><\/div>\n\n              <div class=\"lecturer\"><span>Ola Stenquist; Paolo Pelosi; Anders Larsson<\/span><\/div>\n            <\/div>\n\n\n            \n          <\/div>\n\n      \n          <div class=\"event \"\n            data-id=\"1282\"\n            data-project=\"project_267_2017_02_17\"\n            data-title=\"News in out-patient anaesthesia\"\n            data-abs-nbr=\"\"\n            data-ystart=\"10\"\n            data-yend=\"11\"\n            data-time=\"10:00-11:00\"\n            data-room=\"1\"\n            data-room-id=\"1087\"\n            data-room-name=\"Lecture hall C\"\n            data-day=\"1\"\n            data-abs-path=\"\"\n            data-speaker=\"Anil Gupta; Johan R\u00e6der\"\n            data-speakercell=\"Anil Gupta; Johan R\u00e6der\"\n            data-info=\"&lt;b&gt;Moderatorer: &lt;\/b&gt;Lars Rasmussen; Malin  Jonsson-Fagerlund&lt;br&gt;&lt;br&gt; \n                 &lt;p&gt;&lt;b&gt;Post-discharge pain management in out-patient surgery. Old problem, new solutions.&lt;br&gt;&lt;\/b&gt;&lt;i&gt;Anil Gupta (SE)&lt;\/i&gt;&lt;\/p&gt; \n                 &lt;p&gt;&lt;span style=&quot;font-weight: bold;&quot;&gt;Post-discharge issues beyond pain in out-patient surgery.&amp;nbsp;&lt;\/span&gt;&lt;br&gt;&lt;span style=&quot;font-style: italic;&quot;&gt;Johan Raeder (NO)&lt;\/span&gt;&lt;\/p&gt; \n                 &lt;p&gt;&lt;b&gt;PRO-CON debate: Should the definition of Day Surgery in Scandinavia be extended up to 24-hours admission?&amp;nbsp;&lt;br&gt;&lt;\/b&gt;&lt;i&gt;PRO: Anil Gupta (SE)&amp;nbsp;&lt;br&gt;&lt;\/i&gt;&lt;i&gt;CON: Johan Raeder (NO)&lt;\/i&gt;&lt;\/p&gt; \n                &lt;br&gt;&lt;br&gt;\"\n            data-category=\"Anaesthesia and periop medicine\"\n            data-category-ids=\"1021\"\n            data-span-all=\"\"\n                      >\n\n            <div class=\"event_content\">\n              <div class=\"title\">\n                                <span>News in out-patient anaesthesia<\/span>\n              <\/div>\n              <div class=\"span_room\"><span><\/span><\/div>\n              <div class=\"time\">\n                <span>\n                  10:00-11:00                <\/span><\/div>\n\n              <div class=\"lecturer\"><span>Anil Gupta; Johan R\u00e6der<\/span><\/div>\n            <\/div>\n\n\n                                <div style=\"background-color:#D2E4C4; position: absolute !important ; height: 4px !important; left: 4px; right: 4px; bottom : 2px !important;  border\"><\/div>\n            \n          <\/div>\n\n      \n          <div class=\"event \"\n            data-id=\"1295\"\n            data-project=\"project_267_2017_02_17\"\n            data-title=\"Advances in pharmacology and toxicology II\"\n            data-abs-nbr=\"\"\n            data-ystart=\"10\"\n            data-yend=\"11\"\n            data-time=\"10:00-11:00\"\n            data-room=\"3\"\n            data-room-id=\"1089\"\n            data-room-name=\"Lecture hall E\"\n            data-day=\"1\"\n            data-abs-path=\"\"\n            data-speaker=\"Johanna H\u00e4stbacka; Fredrik Sj\u00f6vall; Palle Toft\"\n            data-speakercell=\"Johanna H\u00e4stbacka; Fredrik Sj\u00f6vall; Palle Toft\"\n            data-info=\"&lt;b&gt;Moderatorer: &lt;\/b&gt;Thomas Kander; Johan Und\u00e9n&lt;br&gt;&lt;br&gt; \n                 &lt;p&gt;&lt;b&gt;Alcohol and treatment in the ICU&lt;br&gt;&lt;\/b&gt;&lt;i&gt;Johanna H\u00e4stbacka (SE)&lt;\/i&gt;&lt;\/p&gt; \n                 &lt;p&gt;&lt;b&gt;Nonsedation \u2013 experimental or routine ?&amp;nbsp;&lt;br&gt;&lt;\/b&gt;&lt;i&gt;Palle Toft (DK)&amp;nbsp;&lt;\/i&gt;&lt;\/p&gt; \n                 &lt;p&gt;&lt;b&gt;Antibiotics - The&amp;nbsp;right&amp;nbsp;dose, to the&amp;nbsp;right&amp;nbsp;patient,&amp;nbsp;right&amp;nbsp;now!&amp;nbsp;&lt;br&gt;&lt;\/b&gt;&lt;i&gt;Fredrik Sj\u00f6vall (SE)&lt;\/i&gt;&lt;\/p&gt; \n                &lt;br&gt;&lt;br&gt;\"\n            data-category=\"General subjects\"\n            data-category-ids=\"1023\"\n            data-span-all=\"\"\n                      >\n\n            <div class=\"event_content\">\n              <div class=\"title\">\n                                <span>Advances in pharmacology and toxicology II<\/span>\n              <\/div>\n              <div class=\"span_room\"><span><\/span><\/div>\n              <div class=\"time\">\n                <span>\n                  10:00-11:00                <\/span><\/div>\n\n              <div class=\"lecturer\"><span>Johanna H\u00e4stbacka; Fredrik Sj\u00f6vall; Palle Toft<\/span><\/div>\n            <\/div>\n\n\n                                <div style=\"background-color:#F8C9DF; position: absolute !important ; height: 4px !important; left: 4px; right: 4px; bottom : 2px !important;  border\"><\/div>\n            \n          <\/div>\n\n      \n          <div class=\"event \"\n            data-id=\"1353\"\n            data-project=\"project_267_2017_02_17\"\n            data-title=\"Poster session\"\n            data-abs-nbr=\"\"\n            data-ystart=\"10\"\n            data-yend=\"11\"\n            data-time=\"10:00-11:00\"\n            data-room=\"7\"\n            data-room-id=\"1093\"\n            data-room-name=\"Poster area (exhibition)\"\n            data-day=\"1\"\n            data-abs-path=\"\"\n            data-speaker=\"\"\n            data-speakercell=\"\"\n            data-info=\"&lt;b&gt;Moderatorer: &lt;\/b&gt;Johan Lundberg; Susanne Ledin-Eriksson; Luis Romundstad&lt;br&gt;&lt;br&gt; \n                 &lt;p&gt;&lt;b&gt;Posters 76-81:&amp;nbsp;&lt;\/b&gt;&lt;b&gt;General Anaesthesia&lt;br&gt;&lt;\/b&gt;&lt;i&gt;Chair: Johan Lundberg&lt;\/i&gt;&lt;\/p&gt; \n                 &lt;p&gt;&lt;b&gt;Posters 82-86:&amp;nbsp;&lt;\/b&gt;&lt;b&gt;Obstetric Anaesthesia and Intensive Care&lt;br&gt;&lt;\/b&gt;&lt;i&gt;Chair: Susanne&amp;nbsp;&lt;\/i&gt;&lt;i&gt;Ledin-Eriksson&lt;\/i&gt;&lt;\/p&gt; \n                 &lt;p&gt;&lt;b&gt;Posters 90-91:&amp;nbsp;&lt;\/b&gt;&lt;b&gt;Regional Anaesthesia&lt;br&gt;&lt;\/b&gt;&lt;i&gt;Chair: Luis Romundstad&lt;\/i&gt;&lt;\/p&gt; \n                &lt;br&gt;&lt;br&gt;10.00-11.00 - Accuracy of ICD-10 complication codes after surgery&lt;br&gt;&lt;small&gt;Anette Storesund&lt;\/small&gt;&lt;br&gt;&lt;br&gt;10.00-11.00 - Anesthesia with adjuvant peripheral nerve block improves postoperative rehabilitation outcome for lower limb vascular surgery&lt;br&gt;&lt;small&gt;Akihito Muto&lt;\/small&gt;&lt;br&gt;&lt;br&gt;10.00-11.00 - Combining functional dependency and ASA III classification for risk stratification\u2013  Predictors, Risk factors, and Outcomes Following major Surgery study (NCT02626546). &lt;br&gt;&lt;small&gt;Erzsebet Bartha&lt;\/small&gt;&lt;br&gt;&lt;br&gt;10.00-11.00 - Comparison of perioperative analgesia after intrathecal opioids for cesarean section&lt;br&gt;&lt;small&gt;Wojciech Weigl&lt;\/small&gt;&lt;br&gt;&lt;br&gt;10.00-11.00 - Concentration-dependent cell viability and proliferation in vitro of colon cancer cell lines SW480 and SW620 on exposure to lidocaine or ropivacaine.&lt;br&gt;&lt;small&gt;Wiebke Siekmann&lt;\/small&gt;&lt;br&gt;&lt;br&gt;10.00-11.00 - Do simple perioperative measures improve quality of recovery following short-stay laparoscopic surgery in females? &lt;br&gt;&lt;small&gt;Emma Oebrink&lt;\/small&gt;&lt;br&gt;&lt;br&gt;10.00-11.00 - General vs. Regional Anaesthesia for emergency Caesarean section;  a retrospective chart review.&lt;br&gt;&lt;small&gt;Anette Hein&lt;\/small&gt;&lt;br&gt;&lt;br&gt;10.00-11.00 - Macrophage infiltration in kidney after prolonged surgery with anesthesia&lt;br&gt;&lt;small&gt;Michael Hultstr\u00f6m&lt;\/small&gt;&lt;br&gt;&lt;br&gt;10.00-11.00 - Making volume optimization a routine in the anesthetic team&lt;br&gt;&lt;small&gt;Maria Nilsson&lt;\/small&gt;&lt;br&gt;&lt;br&gt;10.00-11.00 - ROTEM for managing postpartum disseminated intravascular coagulation in KK Women's and Children's Hospital, Singapore \u2013 a learning experience&lt;br&gt;&lt;small&gt;Mukesh Shah&lt;\/small&gt;&lt;br&gt;&lt;br&gt;10.00-11.00 - Safety and efficacy of different local anaesthetics and their concentrations, used for labour pain relief with PCEA for healthy primiparas: a randomized double blind controlled trial&lt;br&gt;&lt;small&gt;Vilda Baliuliene&lt;\/small&gt;&lt;br&gt;&lt;br&gt;10.00-11.00 - The effects of general anaesthesia and surgery on oxygen consumption (VO2):  a systematic literature review and meta-analysis&lt;br&gt;&lt;small&gt;Julia Jakobsson&lt;\/small&gt;&lt;br&gt;&lt;br&gt;10.00-11.00 - Top-up epidural for emergency caesarean section; as fast and as reliable as spinal anesthesia&lt;br&gt;&lt;small&gt;Kim Lindelof&lt;\/small&gt;&lt;br&gt;&lt;br&gt;\"\n            data-category=\"\"\n            data-category-ids=\"\"\n            data-span-all=\"\"\n                      >\n\n            <div class=\"event_content\">\n              <div class=\"title\">\n                                <span>Poster session<\/span>\n              <\/div>\n              <div class=\"span_room\"><span><\/span><\/div>\n              <div class=\"time\">\n                <span>\n                  10:00-11:00                <\/span><\/div>\n\n              \n            <\/div>\n\n\n            \n          <\/div>\n\n      \n          <div class=\"event \"\n            data-id=\"1291\"\n            data-project=\"project_267_2017_02_17\"\n            data-title=\"Preparing medical students for rapid bedside action \"\n            data-abs-nbr=\"\"\n            data-ystart=\"10\"\n            data-yend=\"11\"\n            data-time=\"10:00-11:00\"\n            data-room=\"2\"\n            data-room-id=\"1088\"\n            data-room-name=\"Lecture hall D\"\n            data-day=\"1\"\n            data-abs-path=\"\"\n            data-speaker=\"Owain Thomas; Peter Svensson; Jonas  \u00c5keson\"\n            data-speakercell=\"Owain Thomas; Peter Svensson; Jonas  \u00c5keson\"\n            data-info=\"&lt;b&gt;Moderatorer: &lt;\/b&gt;Lill Blomqwist; Jonas  \u00c5keson&lt;br&gt;&lt;br&gt; \n                 &lt;p&gt;&lt;b&gt;Graduate teaching and training of urgent bedside management&amp;nbsp;&lt;br&gt;&lt;\/b&gt;&lt;i&gt;Owain Thomas (SE)&lt;\/i&gt;&lt;\/p&gt; \n                 &lt;p&gt;&lt;b&gt;What should a severely deteriorated patient expect from a junior doctor?&amp;nbsp;&lt;br&gt;&lt;\/b&gt;&lt;i&gt;Peter Svensson (SE)&lt;\/i&gt;&lt;\/p&gt; \n                 &lt;p&gt;&lt;b&gt;Undergraduate teaching, training and examination of urgent bedside management&amp;nbsp;&lt;br&gt;&lt;\/b&gt;&lt;i&gt;Jonas \u00c5kesson (SE)&lt;\/i&gt;&lt;\/p&gt; \n                 &lt;p&gt; &lt;\/p&gt; \n                 &lt;p&gt;&lt;span style=&quot;font-weight: bold;&quot;&gt;Panel discussion&amp;nbsp;&lt;\/span&gt;&lt;\/p&gt; \n                &lt;br&gt;&lt;br&gt;\"\n            data-category=\"Research, publication & teaching\"\n            data-category-ids=\"1024\"\n            data-span-all=\"\"\n                      >\n\n            <div class=\"event_content\">\n              <div class=\"title\">\n                                <span>Preparing medical students for rapid bedside action <\/span>\n              <\/div>\n              <div class=\"span_room\"><span><\/span><\/div>\n              <div class=\"time\">\n                <span>\n                  10:00-11:00                <\/span><\/div>\n\n              <div class=\"lecturer\"><span>Owain Thomas; Peter Svensson; Jonas  \u00c5keson<\/span><\/div>\n            <\/div>\n\n\n                                <div style=\"background-color:E6F0DF; position: absolute !important ; height: 4px !important; left: 4px; right: 4px; bottom : 2px !important;  border\"><\/div>\n            \n          <\/div>\n\n      \n          <div class=\"event \"\n            data-id=\"1347\"\n            data-project=\"project_267_2017_02_17\"\n            data-title=\"Torsten Gordh State-of-the-Art Lecture 2017\"\n            data-abs-nbr=\"\"\n            data-ystart=\"11.166666666667\"\n            data-yend=\"12.166666666667\"\n            data-time=\"11:10-12:10\"\n            data-room=\"0\"\n            data-room-id=\"1149\"\n            data-room-name=\"Lecture hall A+B\"\n            data-day=\"1\"\n            data-abs-path=\"\"\n            data-speaker=\"Derek Angus\"\n            data-speakercell=\"Derek Angus\"\n            data-info=\" \n                 &lt;p&gt;&lt;i&gt;Introduction by Lars I Eriksson, Conclusion by Mikael Bodelsson:&lt;\/i&gt;&lt;\/p&gt; \n                 &lt;p&gt;&lt;b&gt;Big data versus the RCT&lt;br&gt;&lt;\/b&gt;&lt;i&gt;Derek Angus, Pittsburgh (USA)&lt;\/i&gt;&lt;\/p&gt; \n                &lt;br&gt;&lt;br&gt;\"\n            data-category=\"Plenary session\"\n            data-category-ids=\"1017\"\n            data-span-all=\"1\"\n                      >\n\n            <div class=\"event_content\">\n              <div class=\"title\">\n                                <span>Torsten Gordh State-of-the-Art Lecture 2017<\/span>\n              <\/div>\n              <div class=\"span_room\"><span>Lecture hall A+B<br\/><\/span><\/div>\n              <div class=\"time\">\n                <span>\n                  11:10-12:10                <\/span><\/div>\n\n              <div class=\"lecturer\"><span>Derek Angus<\/span><\/div>\n            <\/div>\n\n\n                                <div style=\"background-color:#FFF9C5; position: absolute !important ; height: 4px !important; left: 4px; right: 4px; bottom : 2px !important;  border\"><\/div>\n            \n          <\/div>\n\n      \n          <div class=\"event \"\n            data-id=\"1278\"\n            data-project=\"project_267_2017_02_17\"\n            data-title=\"Lunch &amp; exhibition\"\n            data-abs-nbr=\"\"\n            data-ystart=\"12.166666666667\"\n            data-yend=\"13.5\"\n            data-time=\"12:10-13:30\"\n            data-room=\"8\"\n            data-room-id=\"-1\"\n            data-room-name=\"-Ej specificerad-\"\n            data-day=\"1\"\n            data-abs-path=\"\"\n            data-speaker=\"\"\n            data-speakercell=\"\"\n            data-info=\"\"\n            data-category=\"\"\n            data-category-ids=\"\"\n            data-span-all=\"1\"\n                      >\n\n            <div class=\"event_content\">\n              <div class=\"title\">\n                                <span>Lunch & exhibition<\/span>\n              <\/div>\n              <div class=\"span_room\"><span>-Ej specificerad-<br\/><\/span><\/div>\n              <div class=\"time\">\n                <span>\n                  12:10-13:30                <\/span><\/div>\n\n              \n            <\/div>\n\n\n            \n          <\/div>\n\n      \n          <div class=\"event \"\n            data-id=\"1296\"\n            data-project=\"project_267_2017_02_17\"\n            data-title=\"SFAI Annual assembly\"\n            data-abs-nbr=\"\"\n            data-ystart=\"12.5\"\n            data-yend=\"13.5\"\n            data-time=\"12:30-13:30\"\n            data-room=\"3\"\n            data-room-id=\"1089\"\n            data-room-name=\"Lecture hall E\"\n            data-day=\"1\"\n            data-abs-path=\"\"\n            data-speaker=\"\"\n            data-speakercell=\"\"\n            data-info=\"\"\n            data-category=\"\"\n            data-category-ids=\"\"\n            data-span-all=\"\"\n                      >\n\n            <div class=\"event_content\">\n              <div class=\"title\">\n                                <span>SFAI Annual assembly<\/span>\n              <\/div>\n              <div class=\"span_room\"><span><\/span><\/div>\n              <div class=\"time\">\n                <span>\n                  12:30-13:30                <\/span><\/div>\n\n              \n            <\/div>\n\n\n            \n          <\/div>\n\n      \n          <div class=\"event \"\n            data-id=\"1284\"\n            data-project=\"project_267_2017_02_17\"\n            data-title=\"Fast track surgery I\"\n            data-abs-nbr=\"\"\n            data-ystart=\"13.5\"\n            data-yend=\"15\"\n            data-time=\"13:30-15:00\"\n            data-room=\"1\"\n            data-room-id=\"1087\"\n            data-room-name=\"Lecture hall C\"\n            data-day=\"1\"\n            data-abs-path=\"\"\n            data-speaker=\"Henrik Kehlet; Olle Ljungqvist; Narinder Rawal\"\n            data-speakercell=\"Henrik Kehlet; Olle Ljungqvist; Narinder Rawal\"\n            data-info=\"&lt;b&gt;Moderatorer: &lt;\/b&gt;Andreas Harsten; Johan R\u00e6der&lt;br&gt;&lt;br&gt;                  &lt;p&gt;&lt;b&gt;Why should we do it?&lt;br&gt;&lt;\/b&gt;&lt;i&gt;Henrik Kehlet (DK)&lt;\/i&gt;&lt;\/p&gt;                  &lt;p&gt;&lt;b&gt;The role of the anaesthesiologist in ERAS&lt;br&gt;&lt;\/b&gt;&lt;i&gt;Narinder Rawal (SE)&lt;\/i&gt;&lt;\/p&gt;                  &lt;p&gt;&lt;b&gt;The role of the ERAS Society&lt;br&gt;&lt;\/b&gt;&lt;i&gt;Olle Ljungqvist (SE)&lt;\/i&gt;&lt;\/p&gt;                 &lt;br&gt;&lt;br&gt;\"\n            data-category=\"Anaesthesia and periop medicine\"\n            data-category-ids=\"1021\"\n            data-span-all=\"\"\n                      >\n\n            <div class=\"event_content\">\n              <div class=\"title\">\n                                <span>Fast track surgery I<\/span>\n              <\/div>\n              <div class=\"span_room\"><span><\/span><\/div>\n              <div class=\"time\">\n                <span>\n                  13:30-15:00                <\/span><\/div>\n\n              <div class=\"lecturer\"><span>Henrik Kehlet; Olle Ljungqvist; Narinder Rawal<\/span><\/div>\n            <\/div>\n\n\n                                <div style=\"background-color:#D2E4C4; position: absolute !important ; height: 4px !important; left: 4px; right: 4px; bottom : 2px !important;  border\"><\/div>\n            \n          <\/div>\n\n      \n          <div class=\"event \"\n            data-id=\"1302\"\n            data-project=\"project_267_2017_02_17\"\n            data-title=\"Workshop: Ultrasound guided nerve blocks\"\n            data-abs-nbr=\"\"\n            data-ystart=\"13.5\"\n            data-yend=\"15\"\n            data-time=\"13:30-15:00\"\n            data-room=\"6\"\n            data-room-id=\"1090\"\n            data-room-name=\"Conference area\"\n            data-day=\"1\"\n            data-abs-path=\"\"\n            data-speaker=\"Michael D  Herrick; Jan-Erik  Kull\"\n            data-speakercell=\"Michael D  Herrick; Jan-Erik  Kull\"\n            data-info=\" \n                 &lt;p&gt;&lt;br&gt;&lt;\/p&gt; \n                &lt;br&gt;&lt;br&gt;\"\n            data-category=\"\"\n            data-category-ids=\"\"\n            data-span-all=\"\"\n                      >\n\n            <div class=\"event_content\">\n              <div class=\"title\">\n                                <span>Workshop: Ultrasound guided nerve blocks<\/span>\n              <\/div>\n              <div class=\"span_room\"><span><\/span><\/div>\n              <div class=\"time\">\n                <span>\n                  13:30-15:00                <\/span><\/div>\n\n              <div class=\"lecturer\"><span>Michael D  Herrick; Jan-Erik  Kull<\/span><\/div>\n            <\/div>\n\n\n            \n          <\/div>\n\n      \n          <div class=\"event \"\n            data-id=\"1352\"\n            data-project=\"project_267_2017_02_17\"\n            data-title=\"What could we all learn from recent scandals in health care?\"\n            data-abs-nbr=\"\"\n            data-ystart=\"13.5\"\n            data-yend=\"15\"\n            data-time=\"13:30-15:00\"\n            data-room=\"4\"\n            data-room-id=\"1150\"\n            data-room-name=\"Julia\"\n            data-day=\"1\"\n            data-abs-path=\"\"\n            data-speaker=\"Karl-Henrik Grinnemo; Bengt Gerdin; Bo Lindquist; Hans Rutberg\"\n            data-speakercell=\"Karl-Henrik Grinnemo; Bengt Gerdin; Bo Lindquist; Hans Rutberg\"\n            data-info=\"&lt;b&gt;Moderatorer: &lt;\/b&gt;Carolina Samuelsson&lt;br&gt;&lt;br&gt; \n                 &lt;p&gt;&lt;b&gt;The whistle blowers&amp;nbsp;&lt;br&gt;&lt;\/b&gt;&lt;i&gt;Karl-Henrik Grinnemo (SE)&lt;\/i&gt;&lt;\/p&gt; \n                 &lt;p&gt;&lt;b&gt;The Macchiarini investigation&lt;br&gt;&lt;\/b&gt;&lt;i&gt;Bengt Gerdin (SE)&lt;\/i&gt;&lt;\/p&gt; \n                 &lt;p&gt;&lt;b&gt;Macchiarini- a journalist\u2019s view&amp;nbsp;&lt;br&gt;&lt;\/b&gt;&lt;i&gt;Bo Lindquist (SE)&lt;\/i&gt;&lt;\/p&gt; \n                 &lt;p&gt;&lt;b&gt;A professor\u00b4s view on patient safety&lt;br&gt;&lt;\/b&gt;&lt;i&gt;Hans Rutberg (SE)&amp;nbsp;&lt;\/i&gt;&lt;\/p&gt; \n                &lt;br&gt;&lt;br&gt;\"\n            data-category=\"Research, publication & teaching\"\n            data-category-ids=\"1024\"\n            data-span-all=\"\"\n                      >\n\n            <div class=\"event_content\">\n              <div class=\"title\">\n                                <span>What could we all learn from recent scandals in health care?<\/span>\n              <\/div>\n              <div class=\"span_room\"><span><\/span><\/div>\n              <div class=\"time\">\n                <span>\n                  13:30-15:00                <\/span><\/div>\n\n              <div class=\"lecturer\"><span>Karl-Henrik Grinnemo; Bengt Gerdin; Bo Lindquist; Hans Rutberg<\/span><\/div>\n            <\/div>\n\n\n                                <div style=\"background-color:E6F0DF; position: absolute !important ; height: 4px !important; left: 4px; right: 4px; bottom : 2px !important;  border\"><\/div>\n            \n          <\/div>\n\n      \n          <div class=\"event \"\n            data-id=\"1297\"\n            data-project=\"project_267_2017_02_17\"\n            data-title=\"Expanding borders in cardiac arrest trials\"\n            data-abs-nbr=\"\"\n            data-ystart=\"13.5\"\n            data-yend=\"15\"\n            data-time=\"13:30-15:00\"\n            data-room=\"3\"\n            data-room-id=\"1089\"\n            data-room-name=\"Lecture hall E\"\n            data-day=\"1\"\n            data-abs-path=\"\"\n            data-speaker=\"Marcus Skrifvars; Hans Kirkegaard; Niklas Nielsen; Tobias Cronberg; Gisela Lilja\"\n            data-speakercell=\"Marcus Skrifvars; Hans Kirkegaard; Niklas Nielsen; Tobias Cronberg; Gisela Lilja\"\n            data-info=\"&lt;b&gt;Moderatorer: &lt;\/b&gt;Nicole P Juffermans; Hans Friberg&lt;br&gt;&lt;br&gt; \n                 &lt;p&gt;&lt;b&gt;What are the optimal O2 and PCO2 targets during and after cardiac arrest?&lt;br&gt;&lt;\/b&gt;&lt;i&gt;Markus Skrifvars (FI)&lt;\/i&gt;&lt;\/p&gt; \n                 &lt;p&gt;&lt;b&gt;Prolonged or deeper cooling after cardiac arrest&amp;nbsp;&lt;br&gt;&lt;\/b&gt;&lt;i&gt;Hans Kirkegaard (DK)&lt;\/i&gt;&lt;\/p&gt; \n                 &lt;p&gt;&lt;b&gt;Lessons from the TTM-trial and planning for the next&amp;nbsp;&lt;br&gt;&lt;\/b&gt;&lt;i&gt;Niklas Nielsen (SE)&lt;br&gt;&lt;\/i&gt;&lt;i&gt;Tobias Cronberg (SE)&lt;br&gt;&lt;\/i&gt;&lt;i&gt;Gisela Lilja (SE)&lt;\/i&gt;&lt;\/p&gt; \n                &lt;br&gt;&lt;br&gt;\"\n            data-category=\"Intensive care\"\n            data-category-ids=\"1019\"\n            data-span-all=\"\"\n                      >\n\n            <div class=\"event_content\">\n              <div class=\"title\">\n                                <span>Expanding borders in cardiac arrest trials<\/span>\n              <\/div>\n              <div class=\"span_room\"><span><\/span><\/div>\n              <div class=\"time\">\n                <span>\n                  13:30-15:00                <\/span><\/div>\n\n              <div class=\"lecturer\"><span>Marcus Skrifvars; Hans Kirkegaard; Niklas Nielsen; Tobias Cronberg; Gisela Lilja<\/span><\/div>\n            <\/div>\n\n\n            \n          <\/div>\n\n      \n          <div class=\"event \"\n            data-id=\"1355\"\n            data-project=\"project_267_2017_02_17\"\n            data-title=\"Poster session\"\n            data-abs-nbr=\"\"\n            data-ystart=\"13.5\"\n            data-yend=\"15\"\n            data-time=\"13:30-15:00\"\n            data-room=\"7\"\n            data-room-id=\"1093\"\n            data-room-name=\"Poster area (exhibition)\"\n            data-day=\"1\"\n            data-abs-path=\"\"\n            data-speaker=\"\"\n            data-speakercell=\"\"\n            data-info=\"&lt;b&gt;Moderatorer: &lt;\/b&gt;Stefan Lundin; Johan Persson; Birgitta Birgisdottir&lt;br&gt;&lt;br&gt; \n                 &lt;p&gt;&lt;b&gt;Posters: 92-98:&amp;nbsp;&lt;\/b&gt;&lt;b&gt;Clinical Monitoring&lt;br&gt;&lt;\/b&gt;&lt;i&gt;Chair: Stefan Lundin&lt;\/i&gt;&lt;\/p&gt; \n                 &lt;p&gt;&lt;b&gt;Posters: 100-107:&amp;nbsp;&lt;\/b&gt;&lt;b&gt;Intensive Care Medicine&lt;br&gt;&lt;\/b&gt;&lt;i&gt;Chair: Johan Persson&lt;\/i&gt;&lt;\/p&gt; \n                 &lt;p&gt;&lt;b&gt;Posters: 108-114:&amp;nbsp;&lt;\/b&gt;&lt;b&gt;SSAI Education Program in Obstetric Anaesthesia&lt;br&gt;&lt;\/b&gt;&lt;i&gt;Chair: Birgitta Birgisdottir&lt;\/i&gt;&lt;\/p&gt; \n                &lt;br&gt;&lt;br&gt;13.30-15.00 - A 3D-printed phantom for optical measurements of oxygen in the lungs&lt;br&gt;&lt;small&gt;Emilie Krite Svanberg&lt;\/small&gt;&lt;br&gt;&lt;br&gt;13.30-15.00 - A Case of Fetal Distress and Fetomaternal Hemorrhage.&lt;br&gt;&lt;small&gt;Omar Rian&lt;\/small&gt;&lt;br&gt;&lt;br&gt;13.30-15.00 - A comparison between PEEP titration methods in a porcine ARDS model&lt;br&gt;&lt;small&gt;Fabio Pino&lt;\/small&gt;&lt;br&gt;&lt;br&gt;13.30-15.00 - Associations between fear of birth, depression, anxiety, pain catastrophizing and use of epidural anaesthesia during delivery&lt;br&gt;&lt;small&gt;Lisa Lundstr\u00f6m&lt;\/small&gt;&lt;br&gt;&lt;br&gt;13.30-15.00 - Comparison of ICU outcomes in Poland to other European countries: reasons for high mortality rates.&lt;br&gt;&lt;small&gt;Wojciech Weigl&lt;\/small&gt;&lt;br&gt;&lt;br&gt;13.30-15.00 - Correlation between reintubation day and nursing and severity indexes in ICU patients.&lt;br&gt;&lt;small&gt;Aristeides Vakalos&lt;\/small&gt;&lt;br&gt;&lt;br&gt;13.30-15.00 - Correlation between reintubation rate and nursing indexes in ICU patients.&lt;br&gt;&lt;small&gt;Aristeides Vakalos&lt;\/small&gt;&lt;br&gt;&lt;br&gt;13.30-15.00 - Correlation between reintubation rate and severity and outcome indexes in ICU patients.&lt;br&gt;&lt;small&gt;Aristeides Vakalos&lt;\/small&gt;&lt;br&gt;&lt;br&gt;13.30-15.00 - Correlation between ventilation free days and nursing and severity indexes in ICU ventilated patients.&lt;br&gt;&lt;small&gt;Aristeides Vakalos&lt;\/small&gt;&lt;br&gt;&lt;br&gt;13.30-15.00 - Decision-to-delivery interval for category 1 caesarean sections at Karolinska University Hospital Solna and its correlation to neonatal outcome&lt;br&gt;&lt;small&gt;Henrik J\u00f6rnvall&lt;\/small&gt;&lt;br&gt;&lt;br&gt;13.30-15.00 - Efficacy of transthoracic ultrasound for rapid detection of pneumothorax&lt;br&gt;&lt;small&gt;Shilpushp Bhosale&lt;\/small&gt;&lt;br&gt;&lt;br&gt;13.30-15.00 - Epidural analgesia during first stage of labour. A quality control study.&lt;br&gt;&lt;small&gt;Britt Iren Skeide&lt;\/small&gt;&lt;br&gt;&lt;br&gt;13.30-15.00 - Esophageal multi-level tip manometry in morbidly obese during a PEEP step&lt;br&gt;&lt;small&gt;Alex de Leon&lt;\/small&gt;&lt;br&gt;&lt;br&gt;13.30-15.00 - Estimation of arterial carbon dioxide partial pressure based on end-tidal gas pressures and oxygen saturation in mechanically ventilated pigs&lt;br&gt;&lt;small&gt;Raisa Rentola&lt;\/small&gt;&lt;br&gt;&lt;br&gt;13.30-15.00 - Intramyometrial oxytocin after delivery in cesarean section.A literature review&lt;br&gt;&lt;small&gt;Jan Herzog&lt;\/small&gt;&lt;br&gt;&lt;br&gt;13.30-15.00 - Management of women with hereditatry angioedema during pregnancy and delivery- a case report&lt;br&gt;&lt;small&gt;\u00c5sa Alderg\u00e5rd&lt;\/small&gt;&lt;br&gt;&lt;br&gt;13.30-15.00 - Online Cerebral Blood Flow (CBF) derived from the Intracranial Pressure (ICP) curve&lt;br&gt;&lt;small&gt;M\u00e5rten Unnerb\u00e4ck&lt;\/small&gt;&lt;br&gt;&lt;br&gt;13.30-15.00 - Performance of a revised capnodynamic method during lung injury &lt;br&gt;&lt;small&gt;Thorir Sigmundsson&lt;\/small&gt;&lt;br&gt;&lt;br&gt;13.30-15.00 - Postpartum cardiac arrest as a consequence of ventriculat aahythmia. Difficulties in identification of uncommon genetic heart disease. Case report. &lt;br&gt;&lt;small&gt;Joanna Kosz-Strusiewicz&lt;\/small&gt;&lt;br&gt;&lt;br&gt;13.30-15.00 - The prevalence of icodextrin use in peritoneal dialysis patients and the prevention of an overestimation of blood glucose levels&lt;br&gt;&lt;small&gt;Yuka Kondo&lt;\/small&gt;&lt;br&gt;&lt;br&gt;13.30-15.00 - The Simplified Mortality Score for the Intensive Care Unit (SMS-ICU): development and internal validation of a simple score to predict 90-day mortality&lt;br&gt;&lt;small&gt;Anders Granholm&lt;\/small&gt;&lt;br&gt;&lt;br&gt;13.30-15.00 - Unexpected hemoperitoneum in emergency caesarean section caused by HELLP syndrome and hepatic rupture&lt;br&gt;&lt;small&gt;H\u00e5kan Rolfsson&lt;\/small&gt;&lt;br&gt;&lt;br&gt;\"\n            data-category=\"\"\n            data-category-ids=\"\"\n            data-span-all=\"\"\n                      >\n\n            <div class=\"event_content\">\n              <div class=\"title\">\n                                <span>Poster session<\/span>\n              <\/div>\n              <div class=\"span_room\"><span><\/span><\/div>\n              <div class=\"time\">\n                <span>\n                  13:30-15:00                <\/span><\/div>\n\n              \n            <\/div>\n\n\n            \n          <\/div>\n\n      \n          <div class=\"event \"\n            data-id=\"1350\"\n            data-project=\"project_267_2017_02_17\"\n            data-title=\"SSAI 2017 - Best Abstract Competition and Presentations\"\n            data-abs-nbr=\"\"\n            data-ystart=\"13.5\"\n            data-yend=\"15\"\n            data-time=\"13:30-15:00\"\n            data-room=\"2\"\n            data-room-id=\"1088\"\n            data-room-name=\"Lecture hall D\"\n            data-day=\"1\"\n            data-abs-path=\"\"\n            data-speaker=\"Nina Vibeche Skei; Goran Lovric; Karen Louise Ellekjaer; Anna-Karin Strand; Kimberly Macala\"\n            data-speakercell=\"Nina Vibeche Skei; Goran Lovric; Karen Louise Ellekjaer; Anna-Karin Strand; Kimberly Macala\"\n            data-info=\"&lt;b&gt;Moderatorer: &lt;\/b&gt;Michael Haney; Jonas  \u00c5keson&lt;br&gt;&lt;br&gt; \n                 &lt;p&gt;&lt;i&gt;Nina Vibeche Skei (NO)&lt;\/i&gt;&lt;\/p&gt; \n                 &lt;p&gt;&lt;i&gt;Goran Lovric (CH)&lt;\/i&gt;&lt;\/p&gt; \n                 &lt;p&gt;&lt;i&gt;Karen Louise Ellekjaer (DK)&lt;\/i&gt;&lt;\/p&gt; \n                 &lt;p&gt;&lt;i&gt;Anna-Karin Strand (SE)&lt;\/i&gt;&lt;\/p&gt; \n                 &lt;p&gt;&lt;i&gt;Michael Kremke (DK)&lt;\/i&gt;&lt;\/p&gt; \n                 &lt;p&gt;&lt;i&gt;Kimberly Macala (CA)&lt;\/i&gt;&lt;\/p&gt; \n                 &lt;p&gt; &lt;\/p&gt; \n                 &lt;p&gt;&lt;i&gt;The audience is invited to vote for the best oral presentation on site.&lt;\/i&gt;&lt;\/p&gt; \n                &lt;br&gt;&lt;br&gt;\"\n            data-category=\"Plenary session\"\n            data-category-ids=\"1017\"\n            data-span-all=\"\"\n                      >\n\n            <div class=\"event_content\">\n              <div class=\"title\">\n                                <span>SSAI 2017 - Best Abstract Competition and Presentations<\/span>\n              <\/div>\n              <div class=\"span_room\"><span><\/span><\/div>\n              <div class=\"time\">\n                <span>\n                  13:30-15:00                <\/span><\/div>\n\n              <div class=\"lecturer\"><span>Nina Vibeche Skei; Goran Lovric; Karen Louise Ellekjaer; Anna-Karin Strand; Kimberly Macala<\/span><\/div>\n            <\/div>\n\n\n                                <div style=\"background-color:#FFF9C5; position: absolute !important ; height: 4px !important; left: 4px; right: 4px; bottom : 2px !important;  border\"><\/div>\n            \n          <\/div>\n\n      \n          <div class=\"event \"\n            data-id=\"1348\"\n            data-project=\"project_267_2017_02_17\"\n            data-title=\"Controversies in fluid therapy\"\n            data-abs-nbr=\"\"\n            data-ystart=\"13.5\"\n            data-yend=\"15\"\n            data-time=\"13:30-15:00\"\n            data-room=\"0\"\n            data-room-id=\"1149\"\n            data-room-name=\"Lecture hall A+B\"\n            data-day=\"1\"\n            data-abs-path=\"\"\n            data-speaker=\"Robert Hahn; Anders Perner; Peter Bentzer\"\n            data-speakercell=\"Robert Hahn; Anders Perner; Peter Bentzer\"\n            data-info=\"&lt;b&gt;Moderatorer: &lt;\/b&gt;Derek Angus; Anders Holmstr\u00f6m&lt;br&gt;&lt;br&gt; \n                 &lt;p&gt;&lt;b&gt;Basic science of fluid therapy&lt;br&gt;&lt;\/b&gt;&lt;i&gt;Robert Hahn (SE)&lt;\/i&gt;&lt;\/p&gt; \n                 &lt;p&gt;&lt;b&gt;Is there evidence for any fluid therapy in critically ill&lt;br&gt;&lt;\/b&gt;&lt;i&gt;Anders Perner (DK)&lt;\/i&gt;&lt;\/p&gt; \n                 &lt;p&gt;&lt;b&gt;Is there a place for colloids in resuscitation of the critically ill?&lt;br&gt;&lt;\/b&gt;&lt;i&gt;Peter Bentzer (SE)&lt;\/i&gt;&lt;\/p&gt; \n                &lt;br&gt;&lt;br&gt;\"\n            data-category=\"General subjects\"\n            data-category-ids=\"1023\"\n            data-span-all=\"\"\n                      >\n\n            <div class=\"event_content\">\n              <div class=\"title\">\n                                <span>Controversies in fluid therapy<\/span>\n              <\/div>\n              <div class=\"span_room\"><span><\/span><\/div>\n              <div class=\"time\">\n                <span>\n                  13:30-15:00                <\/span><\/div>\n\n              <div class=\"lecturer\"><span>Robert Hahn; Anders Perner; Peter Bentzer<\/span><\/div>\n            <\/div>\n\n\n                                <div style=\"background-color:#F8C9DF; position: absolute !important ; height: 4px !important; left: 4px; right: 4px; bottom : 2px !important;  border\"><\/div>\n            \n          <\/div>\n\n      \n          <div class=\"event \"\n            data-id=\"1279\"\n            data-project=\"project_267_2017_02_17\"\n            data-title=\"Coffee &amp; exhibition\"\n            data-abs-nbr=\"\"\n            data-ystart=\"15\"\n            data-yend=\"15.5\"\n            data-time=\"15:00-15:30\"\n            data-room=\"8\"\n            data-room-id=\"-1\"\n            data-room-name=\"-Ej specificerad-\"\n            data-day=\"1\"\n            data-abs-path=\"\"\n            data-speaker=\"\"\n            data-speakercell=\"\"\n            data-info=\"\"\n            data-category=\"\"\n            data-category-ids=\"\"\n            data-span-all=\"1\"\n                      >\n\n            <div class=\"event_content\">\n              <div class=\"title\">\n                                <span>Coffee & exhibition<\/span>\n              <\/div>\n              <div class=\"span_room\"><span>-Ej specificerad-<br\/><\/span><\/div>\n              <div class=\"time\">\n                <span>\n                  15:00-15:30                <\/span><\/div>\n\n              \n            <\/div>\n\n\n            \n          <\/div>\n\n      \n          <div class=\"event \"\n            data-id=\"1351\"\n            data-project=\"project_267_2017_02_17\"\n            data-title=\"Clinical research \u2013 from idea to publication to implementation\"\n            data-abs-nbr=\"\"\n            data-ystart=\"15.5\"\n            data-yend=\"17\"\n            data-time=\"15:30-17:00\"\n            data-room=\"2\"\n            data-room-id=\"1088\"\n            data-room-name=\"Lecture hall D\"\n            data-day=\"1\"\n            data-abs-path=\"\"\n            data-speaker=\"Anders Perner; Niklas Nielsen; Morten  Hylander M\u00f8ller; Derek Angus\"\n            data-speakercell=\"Anders Perner; Niklas Nielsen; Morten  Hylander M\u00f8ller; Derek Angus\"\n            data-info=\"&lt;b&gt;Moderatorer: &lt;\/b&gt;Jon Henrik Laake; Ann M\u00f8ller&lt;br&gt;&lt;br&gt; \n                 &lt;p&gt;&lt;b&gt;How to conduct high-quality clinical research?&lt;br&gt;&lt;\/b&gt;&lt;i&gt;Anders Perner (DK)&lt;\/i&gt;&lt;\/p&gt; \n                 &lt;p&gt;&lt;b&gt;Challenges in clinical research&lt;br&gt;&lt;\/b&gt;&lt;i&gt;Niklas Nielsen&amp;nbsp; (SE)&lt;\/i&gt;&lt;\/p&gt; \n                 &lt;p&gt;&lt;b&gt;Why are most clinical research findings not spectacular?&lt;br&gt;&lt;\/b&gt;&lt;i&gt;Morten Hylander M\u00f8ller (DK)&lt;\/i&gt;&lt;\/p&gt; \n                 &lt;p&gt;&lt;b&gt;Does clinical research help me take care of my patient?&lt;br&gt;&lt;\/b&gt;&lt;i&gt;Derek Angus&amp;nbsp; (USA)&lt;\/i&gt;&lt;\/p&gt; \n                &lt;br&gt;&lt;br&gt;\"\n            data-category=\"Research, publication & teaching\"\n            data-category-ids=\"1024\"\n            data-span-all=\"\"\n                      >\n\n            <div class=\"event_content\">\n              <div class=\"title\">\n                                <span>Clinical research \u2013 from idea to publication to implementation<\/span>\n              <\/div>\n              <div class=\"span_room\"><span><\/span><\/div>\n              <div class=\"time\">\n                <span>\n                  15:30-17:00                <\/span><\/div>\n\n              <div class=\"lecturer\"><span>Anders Perner; Niklas Nielsen; Morten  Hylander M\u00f8ller; Derek Angus<\/span><\/div>\n            <\/div>\n\n\n                                <div style=\"background-color:E6F0DF; position: absolute !important ; height: 4px !important; left: 4px; right: 4px; bottom : 2px !important;  border\"><\/div>\n            \n          <\/div>\n\n      \n          <div class=\"event \"\n            data-id=\"1303\"\n            data-project=\"project_267_2017_02_17\"\n            data-title=\"Workshop: Ultrasound guided nerve blocks\"\n            data-abs-nbr=\"\"\n            data-ystart=\"15.5\"\n            data-yend=\"17\"\n            data-time=\"15:30-17:00\"\n            data-room=\"6\"\n            data-room-id=\"1090\"\n            data-room-name=\"Conference area\"\n            data-day=\"1\"\n            data-abs-path=\"\"\n            data-speaker=\"Michael D  Herrick; Jan-Erik  Kull\"\n            data-speakercell=\"Michael D  Herrick; Jan-Erik  Kull\"\n            data-info=\" \n                 &lt;p&gt; &lt;\/p&gt; \n                 &lt;p&gt;&lt;br&gt;&lt;\/p&gt; \n                &lt;br&gt;&lt;br&gt;\"\n            data-category=\"\"\n            data-category-ids=\"\"\n            data-span-all=\"\"\n                      >\n\n            <div class=\"event_content\">\n              <div class=\"title\">\n                                <span>Workshop: Ultrasound guided nerve blocks<\/span>\n              <\/div>\n              <div class=\"span_room\"><span><\/span><\/div>\n              <div class=\"time\">\n                <span>\n                  15:30-17:00                <\/span><\/div>\n\n              <div class=\"lecturer\"><span>Michael D  Herrick; Jan-Erik  Kull<\/span><\/div>\n            <\/div>\n\n\n            \n          <\/div>\n\n      \n          <div class=\"event \"\n            data-id=\"1298\"\n            data-project=\"project_267_2017_02_17\"\n            data-title=\"Postoperative diuresis - should we even care?\"\n            data-abs-nbr=\"\"\n            data-ystart=\"15.5\"\n            data-yend=\"17\"\n            data-time=\"15:30-17:00\"\n            data-room=\"3\"\n            data-room-id=\"1089\"\n            data-room-name=\"Lecture hall E\"\n            data-day=\"1\"\n            data-abs-path=\"\"\n            data-speaker=\"Peter Noordzij; Max Bell; Mareike K\u00f6rber\"\n            data-speakercell=\"Peter Noordzij; Max Bell; Mareike K\u00f6rber\"\n            data-info=\"&lt;b&gt;Moderatorer: &lt;\/b&gt;Magnus Iversen; Hans Hjelmqvist&lt;br&gt;&lt;br&gt; \n                 &lt;p&gt;&lt;b&gt;Intraoperative determinants of postoperative decline in renal function&lt;br&gt;&lt;\/b&gt;&lt;i&gt;Peter Noordzij (NL)&lt;\/i&gt;&lt;\/p&gt; \n                 &lt;p&gt;&lt;b&gt;Fluids at the PACU&amp;nbsp;- the easy way out?&lt;br&gt;&lt;\/b&gt;&lt;i&gt;Max Bell (SE)&lt;\/i&gt;&lt;\/p&gt; \n                 &lt;p&gt;&lt;b&gt;Diuresis - facts, fiction and future&lt;br&gt;&lt;\/b&gt;&lt;i&gt;Mareike Koerber (GE)&lt;\/i&gt;&lt;\/p&gt; \n                 &lt;p&gt;&lt;b&gt;&lt;\/b&gt;&lt;\/p&gt; \n                &lt;br&gt;&lt;br&gt;\"\n            data-category=\"Anaesthesia and periop medicine\"\n            data-category-ids=\"1021\"\n            data-span-all=\"\"\n                      >\n\n            <div class=\"event_content\">\n              <div class=\"title\">\n                                <span>Postoperative diuresis - should we even care?<\/span>\n              <\/div>\n              <div class=\"span_room\"><span><\/span><\/div>\n              <div class=\"time\">\n                <span>\n                  15:30-17:00                <\/span><\/div>\n\n              <div class=\"lecturer\"><span>Peter Noordzij; Max Bell; Mareike K\u00f6rber<\/span><\/div>\n            <\/div>\n\n\n                                <div style=\"background-color:#D2E4C4; position: absolute !important ; height: 4px !important; left: 4px; right: 4px; bottom : 2px !important;  border\"><\/div>\n            \n          <\/div>\n\n      \n          <div class=\"event \"\n            data-id=\"1349\"\n            data-project=\"project_267_2017_02_17\"\n            data-title=\"Acute pain\"\n            data-abs-nbr=\"\"\n            data-ystart=\"15.5\"\n            data-yend=\"17\"\n            data-time=\"15:30-17:00\"\n            data-room=\"0\"\n            data-room-id=\"1149\"\n            data-room-name=\"Lecture hall A+B\"\n            data-day=\"1\"\n            data-abs-path=\"\"\n            data-speaker=\"Niels-Henrik Jensen; Stephan Schug; Audun Stubhaug\"\n            data-speakercell=\"Niels-Henrik Jensen; Stephan Schug; Audun Stubhaug\"\n            data-info=\"&lt;b&gt;Moderatorer: &lt;\/b&gt;Audun Stubhaug; Brian Sites&lt;br&gt;&lt;br&gt; \n                 &lt;p&gt;&lt;b&gt;The SSAI Pain educational program through 15 years&lt;br&gt;&lt;\/b&gt;&lt;i&gt;Niels-Henrik Jensen (DK)&lt;\/i&gt;&lt;\/p&gt; \n                 &lt;p&gt;&lt;b&gt;Acute pain after surgery - lessons learned from the last decade&amp;nbsp;&lt;br&gt;&lt;\/b&gt;&lt;i&gt;Stephan Schug (AUS)&lt;\/i&gt;&lt;\/p&gt; \n                 &lt;p&gt;&lt;b&gt;Perioperative opioid treatment -&amp;nbsp; the crucial &amp;nbsp;importance of timing&amp;nbsp;&lt;br&gt;&lt;\/b&gt;&lt;i&gt;Audun Stubhaug (NO)&lt;\/i&gt;&lt;\/p&gt; \n                 &lt;p&gt;&lt;b&gt;Acute neuropathic pain&lt;br&gt;&lt;\/b&gt;&lt;i&gt;Stephan Schug (AUS)&amp;nbsp;&lt;\/i&gt;&lt;\/p&gt; \n                &lt;br&gt;&lt;br&gt;\"\n            data-category=\"Pain\"\n            data-category-ids=\"1018\"\n            data-span-all=\"\"\n                      >\n\n            <div class=\"event_content\">\n              <div class=\"title\">\n                                <span>Acute pain<\/span>\n              <\/div>\n              <div class=\"span_room\"><span><\/span><\/div>\n              <div class=\"time\">\n                <span>\n                  15:30-17:00                <\/span><\/div>\n\n              <div class=\"lecturer\"><span>Niels-Henrik Jensen; Stephan Schug; Audun Stubhaug<\/span><\/div>\n            <\/div>\n\n\n                                <div style=\"background-color:#C2AACD; position: absolute !important ; height: 4px !important; left: 4px; right: 4px; bottom : 2px !important;  border\"><\/div>\n            \n          <\/div>\n\n      \n          <div class=\"event \"\n            data-id=\"1285\"\n            data-project=\"project_267_2017_02_17\"\n            data-title=\"Fast track surgery II\"\n            data-abs-nbr=\"\"\n            data-ystart=\"15.5\"\n            data-yend=\"17\"\n            data-time=\"15:30-17:00\"\n            data-room=\"1\"\n            data-room-id=\"1087\"\n            data-room-name=\"Lecture hall C\"\n            data-day=\"1\"\n            data-abs-path=\"\"\n            data-speaker=\"Andreas Harsten; Eske  Kvanner Aasvang; Henrik Kehlet\"\n            data-speakercell=\"Andreas Harsten; Eske  Kvanner Aasvang; Henrik Kehlet\"\n            data-info=\"&lt;b&gt;Moderatorer: &lt;\/b&gt;Johan Lundberg; Vibeke Moen&lt;br&gt;&lt;br&gt; \n                 &lt;p&gt;&lt;b&gt;General or regional anaesthesia in orthopaedic surgery &amp;nbsp;&lt;br&gt;&lt;\/b&gt;&lt;i&gt;Andreas Harsten (SE)&lt;\/i&gt;&lt;\/p&gt; \n                 &lt;p&gt;&lt;b&gt;Why in PACU?&lt;br&gt;&lt;\/b&gt;&lt;i&gt;Eske Kvanner Aasvang (DK)&lt;\/i&gt;&lt;\/p&gt; \n                 &lt;p&gt;&lt;b&gt;The way forward&lt;br&gt;&lt;\/b&gt;&lt;i&gt;Henrik Kehlet (DK)&lt;\/i&gt;&lt;\/p&gt; \n                &lt;br&gt;&lt;br&gt;\"\n            data-category=\"Anaesthesia and periop medicine\"\n            data-category-ids=\"1021\"\n            data-span-all=\"\"\n                      >\n\n            <div class=\"event_content\">\n              <div class=\"title\">\n                                <span>Fast track surgery II<\/span>\n              <\/div>\n              <div class=\"span_room\"><span><\/span><\/div>\n              <div class=\"time\">\n                <span>\n                  15:30-17:00                <\/span><\/div>\n\n              <div class=\"lecturer\"><span>Andreas Harsten; Eske  Kvanner Aasvang; Henrik Kehlet<\/span><\/div>\n            <\/div>\n\n\n                                <div style=\"background-color:#D2E4C4; position: absolute !important ; height: 4px !important; left: 4px; right: 4px; bottom : 2px !important;  border\"><\/div>\n            \n          <\/div>\n\n      \n          <div class=\"event \"\n            data-id=\"1356\"\n            data-project=\"project_267_2017_02_17\"\n            data-title=\"Poster session\"\n            data-abs-nbr=\"\"\n            data-ystart=\"15.5\"\n            data-yend=\"17\"\n            data-time=\"15:30-17:00\"\n            data-room=\"7\"\n            data-room-id=\"1093\"\n            data-room-name=\"Poster area (exhibition)\"\n            data-day=\"1\"\n            data-abs-path=\"\"\n            data-speaker=\"\"\n            data-speakercell=\"\"\n            data-info=\"&lt;b&gt;Moderatorer: &lt;\/b&gt;Sven Erik Gisvold; Johan Und\u00e9n; Andreas Nygren&lt;br&gt;&lt;br&gt; \n                 &lt;p&gt;&lt;b&gt;Posters 115-120:&amp;nbsp;&lt;\/b&gt;&lt;b&gt;Airway and Respiration&lt;br&gt;&lt;\/b&gt;&lt;i&gt;Chair: Sven Erik Gisvold&lt;\/i&gt;&lt;\/p&gt; \n                 &lt;p&gt;&lt;b&gt;Posters 122-129:&amp;nbsp;&lt;\/b&gt;&lt;b&gt;Intensive Care Medicine&lt;br&gt;&lt;\/b&gt;&lt;i&gt;Chair: Johan Und\u00e9n&lt;\/i&gt;&lt;\/p&gt; \n                 &lt;p&gt;&lt;b&gt;Posters 130-138:&amp;nbsp;&lt;\/b&gt;&lt;b&gt;SSAI Education Program in Cardiothoracic and Vascular Anaesthesia&lt;br&gt;&lt;\/b&gt;&lt;i&gt;Chair: Andreas Nygren&lt;\/i&gt;&lt;\/p&gt; \n                &lt;br&gt;&lt;br&gt;15.30-17.00 - A comparison of predictive factors for identifying difficult airway (laryngoscopy &amp; intubation) patients&lt;br&gt;&lt;small&gt;Magdalena Siljeblad&lt;\/small&gt;&lt;br&gt;&lt;br&gt;15.30-17.00 - A long-term follow up of post-traumatic morbidity measured as sick leave.&lt;br&gt;&lt;small&gt;Erik von Oolreich&lt;\/small&gt;&lt;br&gt;&lt;br&gt;15.30-17.00 - Assessment of acute gastrointestinal injury score in postoperative cardiac surgical patients&lt;br&gt;&lt;small&gt;Jenny Seilitz&lt;\/small&gt;&lt;br&gt;&lt;br&gt;15.30-17.00 - Blunt Airway trauma with cricoid fracture&lt;br&gt;&lt;small&gt;Alexis Milton&lt;\/small&gt;&lt;br&gt;&lt;br&gt;15.30-17.00 - Coronary artery bypass grafting related bleeding risks due to preoperative ticagrelor exposure&lt;br&gt;&lt;small&gt;Michael Kremke&lt;\/small&gt;&lt;br&gt;&lt;br&gt;15.30-17.00 - Doxapram for prevention of propofol- induced respiratory depression in spontaneously breathing patients undergoing endoscopic retrograde cholangiopancreatography. A randomized double-blind placebo controlled study.&lt;br&gt;&lt;small&gt;Maxim Mazanikov&lt;\/small&gt;&lt;br&gt;&lt;br&gt;15.30-17.00 - First Pass Success Rates Among Attending and Non-attending Emergency Physicians Using Direct and Video Laryngoscopy in the Emergency Department&lt;br&gt;&lt;small&gt;evelyn Wong&lt;\/small&gt;&lt;br&gt;&lt;br&gt;15.30-17.00 - Fourth Swedish Difficult Airway Guidelines&lt;br&gt;&lt;small&gt;Per Nellg\u00e5rd&lt;\/small&gt;&lt;br&gt;&lt;br&gt;15.30-17.00 - Global Longitudinal Strain Following Mitral Valve Repair due to Chronic Severe Primary Regurgitation &lt;br&gt;&lt;small&gt;Snejana Hyll\u00e9n&lt;\/small&gt;&lt;br&gt;&lt;br&gt;15.30-17.00 - In-Common Molecular Pathway For Six Different Etiologies Of Acute Kidney Injury&lt;br&gt;&lt;small&gt;Michael Hultstr\u00f6m&lt;\/small&gt;&lt;br&gt;&lt;br&gt;15.30-17.00 - Long-term Mortality after Severe Sepsis and Septic Shock in Swedish Intensive Care Units 2005 - 2015&lt;br&gt;&lt;small&gt;Gunnar Strandberg&lt;\/small&gt;&lt;br&gt;&lt;br&gt;15.30-17.00 - Mechanistic Insight into the Short-term Effect of Cardiopulmonary Bypass on Left ventricular Diastolic Function&lt;br&gt;&lt;small&gt;Emilie M\u00f6rtsell&lt;\/small&gt;&lt;br&gt;&lt;br&gt;15.30-17.00 - National recommendations for tracheotomy and for tracheostomy care.&lt;br&gt;&lt;small&gt;Per Nellg\u00e5rd&lt;\/small&gt;&lt;br&gt;&lt;br&gt;15.30-17.00 - Patterns of care and long-term survival of patients with Acute Respiratory Distress Syndrome (ARDS) in Sweden 2008-2016 &lt;br&gt;&lt;small&gt;Annika Metander&lt;\/small&gt;&lt;br&gt;&lt;br&gt;15.30-17.00 - Postoperative nausea and vomiting on Mercy Ships\u2019 hospital ship in Madagascar&lt;br&gt;&lt;small&gt;Amanda Westling&lt;\/small&gt;&lt;br&gt;&lt;br&gt;15.30-17.00 - Postoperative right ventricular failure in heart valve surgery&lt;br&gt;&lt;small&gt;Kasper Enevold Nielsen&lt;\/small&gt;&lt;br&gt;&lt;br&gt;15.30-17.00 - Prevalence and outcome of status epilepticus in patients with out-of-hospital cardiac arrest&lt;br&gt;&lt;small&gt;Margrethe Jermiin Jensen&lt;\/small&gt;&lt;br&gt;&lt;br&gt;15.30-17.00 - Recommendations for follow-up of intensive care unit survivors in Sweden&lt;br&gt;&lt;small&gt;Eva \u00c5kerman&lt;\/small&gt;&lt;br&gt;&lt;br&gt;15.30-17.00 - Regulation of leg blood flow is impaired during exercise in COPD patients&lt;br&gt;&lt;small&gt;Ulrik Winning Iepsen&lt;\/small&gt;&lt;br&gt;&lt;br&gt;15.30-17.00 - Spatial distribution of ventilator induced lung injury at the acinar level.  An in-vivo synchrotron phase-contrast microscopy study in BALB\/c mice&lt;br&gt;&lt;small&gt;Goran Lovric&lt;\/small&gt;&lt;br&gt;&lt;br&gt;15.30-17.00 - Therapeutic bronchoscopy vs standard of care in critically ill patients with acute respiratory failure: a systematic review of randomised clinical trials with meta-analysis and trial sequential analysis&lt;br&gt;&lt;small&gt;Karen Louise Ellekjaer&lt;\/small&gt;&lt;br&gt;&lt;br&gt;15.30-17.00 - Validation of physiological and self-rated pain assessment tools; How do they act when compared to the nociceptive spinal reflex? A comparison between physiological and self-rated pain assessment during different affective states.&lt;br&gt;&lt;small&gt;Anders G\u00fcnther&lt;\/small&gt;&lt;br&gt;&lt;br&gt;15.30-17.00 - Which outcomes do patients consider most important following critical illness? &lt;br&gt;&lt;small&gt;Helene Korvenius Nedergaard&lt;\/small&gt;&lt;br&gt;&lt;br&gt;\"\n            data-category=\"\"\n            data-category-ids=\"\"\n            data-span-all=\"\"\n                      >\n\n            <div class=\"event_content\">\n              <div class=\"title\">\n                                <span>Poster session<\/span>\n              <\/div>\n              <div class=\"span_room\"><span><\/span><\/div>\n              <div class=\"time\">\n                <span>\n                  15:30-17:00                <\/span><\/div>\n\n              \n            <\/div>\n\n\n            \n          <\/div>\n\n      \n          <div class=\"event \"\n            data-id=\"1280\"\n            data-project=\"project_267_2017_02_17\"\n            data-title=\"Banquet at Malm\u00f6 Live\"\n            data-abs-nbr=\"\"\n            data-ystart=\"19\"\n            data-yend=\"25\"\n            data-time=\"19:00-01:00\"\n            data-room=\"8\"\n            data-room-id=\"-1\"\n            data-room-name=\"-Ej specificerad-\"\n            data-day=\"1\"\n            data-abs-path=\"\"\n            data-speaker=\"\"\n            data-speakercell=\"\"\n            data-info=\"\"\n            data-category=\"\"\n            data-category-ids=\"\"\n            data-span-all=\"1\"\n                      >\n\n            <div class=\"event_content\">\n              <div class=\"title\">\n                                <span>Banquet at Malm\u00f6 Live<\/span>\n              <\/div>\n              <div class=\"span_room\"><span>-Ej specificerad-<br\/><\/span><\/div>\n              <div class=\"time\">\n                <span>\n                  19:00-01:00                <\/span><\/div>\n\n              \n            <\/div>\n\n\n            \n          <\/div>\n\n      \n          <div class=\"event \"\n            data-id=\"1367\"\n            data-project=\"project_267_2017_02_17\"\n            data-title=\"Registration\"\n            data-abs-nbr=\"\"\n            data-ystart=\"7.5\"\n            data-yend=\"8\"\n            data-time=\"07:30-08:00\"\n            data-room=\"8\"\n            data-room-id=\"-1\"\n            data-room-name=\"-Ej specificerad-\"\n            data-day=\"2\"\n            data-abs-path=\"\"\n            data-speaker=\"\"\n            data-speakercell=\"\"\n            data-info=\"\"\n            data-category=\"\"\n            data-category-ids=\"\"\n            data-span-all=\"1\"\n                      >\n\n            <div class=\"event_content\">\n              <div class=\"title\">\n                                <span>Registration<\/span>\n              <\/div>\n              <div class=\"span_room\"><span>-Ej specificerad-<br\/><\/span><\/div>\n              <div class=\"time\">\n                <span>\n                  07:30-08:00                <\/span><\/div>\n\n              \n            <\/div>\n\n\n            \n          <\/div>\n\n      \n          <div class=\"event \"\n            data-id=\"1328\"\n            data-project=\"project_267_2017_02_17\"\n            data-title=\"Art exhibition &amp; Medical History\"\n            data-abs-nbr=\"\"\n            data-ystart=\"8\"\n            data-yend=\"13.5\"\n            data-time=\"08:00-13:30\"\n            data-room=\"5\"\n            data-room-id=\"1092\"\n            data-room-name=\"Exhibition area\"\n            data-day=\"2\"\n            data-abs-path=\"\"\n            data-speaker=\"Hans Huldt\"\n            data-speakercell=\"Hans Huldt\"\n            data-info=\" \n                 &lt;p&gt;&lt;br&gt;&lt;\/p&gt; \n                &lt;br&gt;&lt;br&gt;\"\n            data-category=\"\"\n            data-category-ids=\"\"\n            data-span-all=\"\"\n                      >\n\n            <div class=\"event_content\">\n              <div class=\"title\">\n                                <span>Art exhibition & Medical History<\/span>\n              <\/div>\n              <div class=\"span_room\"><span><\/span><\/div>\n              <div class=\"time\">\n                <span>\n                  08:00-13:30                <\/span><\/div>\n\n              <div class=\"lecturer\"><span>Hans Huldt<\/span><\/div>\n            <\/div>\n\n\n            \n          <\/div>\n\n      \n          <div class=\"event \"\n            data-id=\"1322\"\n            data-project=\"project_267_2017_02_17\"\n            data-title=\"Update in Clinical Monitoring\"\n            data-abs-nbr=\"\"\n            data-ystart=\"8\"\n            data-yend=\"9.5\"\n            data-time=\"08:00-09:30\"\n            data-room=\"3\"\n            data-room-id=\"1089\"\n            data-room-name=\"Lecture hall E\"\n            data-day=\"2\"\n            data-abs-path=\"\"\n            data-speaker=\"Per Bredmose; Peter Reinstrup; Emilie  Krite Svanberg\"\n            data-speakercell=\"Per Bredmose; Peter Reinstrup; Emilie  Krite Svanberg\"\n            data-info=\"&lt;b&gt;Moderatorer: &lt;\/b&gt;Michelle Chew; Preben Berthelsen&lt;br&gt;&lt;br&gt; \n                 &lt;p&gt;&lt;b&gt;Prehospital ECHO&lt;br&gt;&lt;\/b&gt;&lt;i&gt;Per Bredmose&amp;nbsp; (NO)&lt;\/i&gt;&lt;\/p&gt; \n                 &lt;p&gt;&lt;b&gt;In-hospital ECHO&lt;br&gt;&lt;\/b&gt;&lt;i&gt;Lill Blomqwist (SE)&lt;\/i&gt;&lt;\/p&gt; \n                 &lt;p&gt;&lt;b&gt;Monitoring CBF and ICP&lt;br&gt;&lt;\/b&gt;&lt;i&gt;Peter Reinstrup (SE)&lt;\/i&gt;&lt;\/p&gt; \n                 &lt;p&gt;&lt;b&gt;New monitoring techniques to assess composition of alveolar gases&lt;br&gt;&lt;\/b&gt;&lt;i&gt;Emilie Krite Svanberg (SE)&lt;\/i&gt;&lt;\/p&gt; \n                &lt;br&gt;&lt;br&gt;\"\n            data-category=\"General subjects\"\n            data-category-ids=\"1023\"\n            data-span-all=\"\"\n                      >\n\n            <div class=\"event_content\">\n              <div class=\"title\">\n                                <span>Update in Clinical Monitoring<\/span>\n              <\/div>\n              <div class=\"span_room\"><span><\/span><\/div>\n              <div class=\"time\">\n                <span>\n                  08:00-09:30                <\/span><\/div>\n\n              <div class=\"lecturer\"><span>Per Bredmose; Peter Reinstrup; Emilie  Krite Svanberg<\/span><\/div>\n            <\/div>\n\n\n                                <div style=\"background-color:#F8C9DF; position: absolute !important ; height: 4px !important; left: 4px; right: 4px; bottom : 2px !important;  border\"><\/div>\n            \n          <\/div>\n\n      \n          <div class=\"event \"\n            data-id=\"1363\"\n            data-project=\"project_267_2017_02_17\"\n            data-title=\"The Acta Session - Scientific concerns\"\n            data-abs-nbr=\"\"\n            data-ystart=\"8\"\n            data-yend=\"9.5\"\n            data-time=\"08:00-09:30\"\n            data-room=\"0\"\n            data-room-id=\"1149\"\n            data-room-name=\"Lecture hall A+B\"\n            data-day=\"2\"\n            data-abs-path=\"\"\n            data-speaker=\"Derek Angus; Andrew Klein; Brian Sites\"\n            data-speakercell=\"Derek Angus; Andrew Klein; Brian Sites\"\n            data-info=\"&lt;b&gt;Moderatorer: &lt;\/b&gt;Michael Haney; Sven Erik Gisvold&lt;br&gt;&lt;br&gt; \n                 &lt;p&gt;&lt;b&gt;Challenging clinical trials: Why doesn\u2019t early goal-directed therapy work?&lt;br&gt;&lt;\/b&gt;&lt;i&gt;Derek Angus (USA)&lt;\/i&gt;&lt;\/p&gt; \n                 &lt;p&gt;&lt;b&gt;Does the anaesthesiologist make a difference? A tricky example with a retracted article&lt;br&gt;&lt;\/b&gt;&lt;i&gt;Andrew Klein (UK)&lt;\/i&gt;&lt;\/p&gt; \n                 &lt;p&gt;&lt;b&gt;Spins, lies and truths - observational data in medicine and anesthesiology&lt;br&gt;&lt;\/b&gt;&lt;i&gt;Brian Sites (USA)&amp;nbsp;&lt;\/i&gt;&lt;\/p&gt; \n                &lt;br&gt;&lt;br&gt;\"\n            data-category=\"Plenary session\"\n            data-category-ids=\"1017\"\n            data-span-all=\"\"\n                      >\n\n            <div class=\"event_content\">\n              <div class=\"title\">\n                                <span>The Acta Session - Scientific concerns<\/span>\n              <\/div>\n              <div class=\"span_room\"><span><\/span><\/div>\n              <div class=\"time\">\n                <span>\n                  08:00-09:30                <\/span><\/div>\n\n              <div class=\"lecturer\"><span>Derek Angus; Andrew Klein; Brian Sites<\/span><\/div>\n            <\/div>\n\n\n                                <div style=\"background-color:#FFF9C5; position: absolute !important ; height: 4px !important; left: 4px; right: 4px; bottom : 2px !important;  border\"><\/div>\n            \n          <\/div>\n\n      \n          <div class=\"event \"\n            data-id=\"1308\"\n            data-project=\"project_267_2017_02_17\"\n            data-title=\"What\u2019s new in Ceasarean?\"\n            data-abs-nbr=\"\"\n            data-ystart=\"8\"\n            data-yend=\"9.5\"\n            data-time=\"08:00-09:30\"\n            data-room=\"1\"\n            data-room-id=\"1087\"\n            data-room-name=\"Lecture hall C\"\n            data-day=\"2\"\n            data-abs-path=\"\"\n            data-speaker=\"Antti V\u00e4\u00e4n\u00e4nen; Ulla  Bang; Kim Ekelund\"\n            data-speakercell=\"Antti V\u00e4\u00e4n\u00e4nen; Ulla  Bang; Kim Ekelund\"\n            data-info=\"&lt;b&gt;Moderatorer: &lt;\/b&gt;Johanna Sarvela; Vegard  Dahl&lt;br&gt;&lt;br&gt; \n                 &lt;p&gt;&lt;b&gt;Should we abandon succinylcholine and pentothal in GA Ceasarean delivery&lt;br&gt;&lt;\/b&gt;&lt;i&gt;Antti V\u00e4\u00e4n\u00e4nen (FI)&amp;nbsp;&lt;\/i&gt;&lt;\/p&gt; \n                 &lt;p&gt;&lt;b&gt;What is, or is there, a place for fast track \/ ERAS in Ceasarean delivery&lt;br&gt;&lt;\/b&gt;&lt;i&gt;Ulla Bang (DK)&lt;\/i&gt;&lt;\/p&gt; \n                 &lt;p&gt;&lt;b&gt;Post caesarean analgesia \u2013 an update&lt;br&gt;&lt;\/b&gt;&lt;i&gt;Kim Ekelund (DK)&lt;\/i&gt;&lt;\/p&gt; \n                &lt;br&gt;&lt;br&gt;\"\n            data-category=\"Special anaesthesia and intens care\"\n            data-category-ids=\"1022\"\n            data-span-all=\"\"\n                      >\n\n            <div class=\"event_content\">\n              <div class=\"title\">\n                                <span>What\u2019s new in Ceasarean?<\/span>\n              <\/div>\n              <div class=\"span_room\"><span><\/span><\/div>\n              <div class=\"time\">\n                <span>\n                  08:00-09:30                <\/span><\/div>\n\n              <div class=\"lecturer\"><span>Antti V\u00e4\u00e4n\u00e4nen; Ulla  Bang; Kim Ekelund<\/span><\/div>\n            <\/div>\n\n\n                                <div style=\"background-color:#B4C0D2; position: absolute !important ; height: 4px !important; left: 4px; right: 4px; bottom : 2px !important;  border\"><\/div>\n            \n          <\/div>\n\n      \n          <div class=\"event \"\n            data-id=\"1358\"\n            data-project=\"project_267_2017_02_17\"\n            data-title=\"Poster session\"\n            data-abs-nbr=\"\"\n            data-ystart=\"8\"\n            data-yend=\"9.5\"\n            data-time=\"08:00-09:30\"\n            data-room=\"7\"\n            data-room-id=\"1093\"\n            data-room-name=\"Poster area (exhibition)\"\n            data-day=\"2\"\n            data-abs-path=\"\"\n            data-speaker=\"\"\n            data-speakercell=\"\"\n            data-info=\"&lt;b&gt;Moderatorer: &lt;\/b&gt;Jonas  \u00c5keson; Luis Romundstad; Hans Flaatten&lt;br&gt;&lt;br&gt; \n                 &lt;p&gt;&lt;b&gt;Posters 139-146:&amp;nbsp;&lt;\/b&gt;&lt;b&gt;Critical Infections and Vascular &lt;\/b&gt;&lt;b&gt;Access&lt;br&gt;&lt;\/b&gt;&lt;i&gt;Chair: Jonas \u00c5keson&lt;\/i&gt;&lt;\/p&gt; \n                 &lt;p&gt;&lt;b&gt;Posters 147-153:&amp;nbsp;&lt;\/b&gt;&lt;b&gt;General Anaesthesia&lt;br&gt;&lt;\/b&gt;&lt;i&gt;Chair: Luis Romundstad&lt;\/i&gt;&lt;\/p&gt; \n                 &lt;p&gt;&lt;b&gt;Posters 157-162:&amp;nbsp;&lt;\/b&gt;&lt;b&gt;Intensive Care Medicine&lt;br&gt;&lt;\/b&gt;&lt;i&gt;Chair: Hans Flaatten&lt;\/i&gt;&lt;\/p&gt; \n                &lt;br&gt;&lt;br&gt;08.00-09.30 - A retrospective study on predictors of 3-month mortality after intraoperative cardiac arrest in adults&lt;br&gt;&lt;small&gt;Hee-Pyoung Park&lt;\/small&gt;&lt;br&gt;&lt;br&gt;08.00-09.30 - Cardiovascular effects of oxytocin and carbetocin at caesarean section, a prospective double-blind randomised study using non-invasive pulse wave analysis&lt;br&gt;&lt;small&gt;Sofus Rabow&lt;\/small&gt;&lt;br&gt;&lt;br&gt;08.00-09.30 - Case series of Thrombolysis in Sub-Massive Pulmonary Embolism &lt;br&gt;&lt;small&gt;Jian Hong Er&lt;\/small&gt;&lt;br&gt;&lt;br&gt;08.00-09.30 - Central venous catheter related infections in Karolinska University Hospital Solna &lt;br&gt;&lt;small&gt;Madeleine R\u00e5destad&lt;\/small&gt;&lt;br&gt;&lt;br&gt;08.00-09.30 - Central Venous Catheters Coated with a Noble Metal Alloy  \u2013 A Randomized Clinical Pilot Study &lt;br&gt;&lt;small&gt;Gunilla Bj\u00f6rling&lt;\/small&gt;&lt;br&gt;&lt;br&gt;08.00-09.30 - Cinaciguat improves intra-abdominal sepsis survival in young and aged mice &lt;br&gt;&lt;small&gt;Kimberly Macala&lt;\/small&gt;&lt;br&gt;&lt;br&gt;08.00-09.30 - Copeptin, a marker of Vasopressin, predicts coronary artery disease cardiovascular and total mortality&lt;br&gt;&lt;small&gt;Irina Tasevska&lt;\/small&gt;&lt;br&gt;&lt;br&gt;08.00-09.30 - Dynamics of oxidants in severe ARDS patients&lt;br&gt;&lt;small&gt;Marina Sarkele&lt;\/small&gt;&lt;br&gt;&lt;br&gt;08.00-09.30 - M1 protein enhances inflammation in blood vessels to a similar extent as LPS in the presence of plasma. An effect of fibrinogen-M1 protein interaction?&lt;br&gt;&lt;small&gt;Viveka Bj\u00f6rck&lt;\/small&gt;&lt;br&gt;&lt;br&gt;08.00-09.30 - Outcome after Continuous Renal Replacement Therapy (CRRT) for acute renal failure following cardiac surgery: A six-year single centre experience of 6000 patients&lt;br&gt;&lt;small&gt;Shitalkumar Shah&lt;\/small&gt;&lt;br&gt;&lt;br&gt;08.00-09.30 - Outcomes and interventions among out-of-hospital cardiac arrest patients transported to hospital with ongoing cardiopulmonary resuscitation&lt;br&gt;&lt;small&gt;Simon Schmidbauer&lt;\/small&gt;&lt;br&gt;&lt;br&gt;08.00-09.30 - Performance of prediction models of postoperative mortality in high risk surgical patients in Swedish academic hospitals - Predictors, Risk factors and Outcome Following major Surgery study (PROFS study NCT02626546)&lt;br&gt;&lt;small&gt;Erzsebet Bartha&lt;\/small&gt;&lt;br&gt;&lt;br&gt;08.00-09.30 - Postoperative complications in high risk surgical patients - Predictors, Risk factors, and Outcomes Following major Surgery study (PROFS study NCT02626546): Validation of three prediction models &lt;br&gt;&lt;small&gt;Sigridur Kalman&lt;\/small&gt;&lt;br&gt;&lt;br&gt;08.00-09.30 - Proton pump inhibitor medication is an independent risk factor of  gut flora in the oropharynx at admittance to hospital or ICU&lt;br&gt;&lt;small&gt;Hulda Thorarinsdottir&lt;\/small&gt;&lt;br&gt;&lt;br&gt;08.00-09.30 - Simulation-based team training in the operating room.&lt;br&gt;&lt;small&gt;Lisbet Tokkesdal Jensen&lt;\/small&gt;&lt;br&gt;&lt;br&gt;08.00-09.30 - The effects of oxytocin and anaesthesia on vascular tone in pregnant women: a randomised double-blind placebo-controlled cross-over study using non-invasive pulse wave analysis&lt;br&gt;&lt;small&gt;Sofus Rabow&lt;\/small&gt;&lt;br&gt;&lt;br&gt;08.00-09.30 - The role of the carotid body in systemic sensing of inflammation and oxygen and periphery-to-brain signaling&lt;br&gt;&lt;small&gt;Malin Hildenborg&lt;\/small&gt;&lt;br&gt;&lt;br&gt;08.00-09.30 - Using a formula when deciding central venous catheter depth from the left avoids unfavourable angle against the superior vena cava lateral wall&lt;br&gt;&lt;small&gt;Thorir Sigmundsson&lt;\/small&gt;&lt;br&gt;&lt;br&gt;08.00-09.30 - What fluid deficit is induced by prolonged overnight fasting in healthy volunteers?&lt;br&gt;&lt;small&gt;Erik Danielsson&lt;\/small&gt;&lt;br&gt;&lt;br&gt;08.00-09.30 - What role does Bone Cement have in the Bone Cement Implantation Syndrome(BCIS)?&lt;br&gt;&lt;small&gt;Fredrik Olsen&lt;\/small&gt;&lt;br&gt;&lt;br&gt;\"\n            data-category=\"\"\n            data-category-ids=\"\"\n            data-span-all=\"\"\n                      >\n\n            <div class=\"event_content\">\n              <div class=\"title\">\n                                <span>Poster session<\/span>\n              <\/div>\n              <div class=\"span_room\"><span><\/span><\/div>\n              <div class=\"time\">\n                <span>\n                  08:00-09:30                <\/span><\/div>\n\n              \n            <\/div>\n\n\n            \n          <\/div>\n\n      \n          <div class=\"event \"\n            data-id=\"1319\"\n            data-project=\"project_267_2017_02_17\"\n            data-title=\"ARDS\"\n            data-abs-nbr=\"\"\n            data-ystart=\"8\"\n            data-yend=\"9.5\"\n            data-time=\"08:00-09:30\"\n            data-room=\"2\"\n            data-room-id=\"1088\"\n            data-room-name=\"Lecture hall D\"\n            data-day=\"2\"\n            data-abs-path=\"\"\n            data-speaker=\"Jon Henrik Laake; Steffen Christensen; Jacob Greisen\"\n            data-speakercell=\"Jon Henrik Laake; Steffen Christensen; Jacob Greisen\"\n            data-info=\"&lt;b&gt;Moderatorer: &lt;\/b&gt;Hilde Norum; Andreas Nygren&lt;br&gt;&lt;br&gt; \n                 &lt;p&gt;&lt;b&gt;Physiology\/pathophysiology of ARDS and conventional ventilator therapy - protective ventilation&lt;br&gt;&lt;\/b&gt;&lt;i&gt;Jon Henrik Laake, (NO)&lt;\/i&gt;&lt;\/p&gt; \n                 &lt;p&gt;&lt;b&gt;Adjuvant therapy and advanced mechanical ventilation&amp;nbsp;&lt;br&gt;&lt;\/b&gt;&lt;i&gt;Steffen Christensen, (DK)&amp;nbsp;&lt;\/i&gt;&lt;\/p&gt; \n                 &lt;p&gt;&lt;b&gt;ECMO - indications and concerns&lt;br&gt;&lt;\/b&gt;&lt;i&gt;Jacob Greisen, (DK)&lt;\/i&gt;&lt;\/p&gt; \n                 &lt;p&gt; &lt;\/p&gt; \n                 &lt;p&gt;&lt;b&gt;Discussion&lt;\/b&gt;&lt;\/p&gt; \n                &lt;br&gt;&lt;br&gt;\"\n            data-category=\"Intensive care\"\n            data-category-ids=\"1019\"\n            data-span-all=\"\"\n                      >\n\n            <div class=\"event_content\">\n              <div class=\"title\">\n                                <span>ARDS<\/span>\n              <\/div>\n              <div class=\"span_room\"><span><\/span><\/div>\n              <div class=\"time\">\n                <span>\n                  08:00-09:30                <\/span><\/div>\n\n              <div class=\"lecturer\"><span>Jon Henrik Laake; Steffen Christensen; Jacob Greisen<\/span><\/div>\n            <\/div>\n\n\n            \n          <\/div>\n\n      \n          <div class=\"event \"\n            data-id=\"1327\"\n            data-project=\"project_267_2017_02_17\"\n            data-title=\"Workshop: Free Open Access Meducation - FOAM\"\n            data-abs-nbr=\"\"\n            data-ystart=\"8\"\n            data-yend=\"12\"\n            data-time=\"08:00-12:00\"\n            data-room=\"6\"\n            data-room-id=\"1090\"\n            data-room-name=\"Conference area\"\n            data-day=\"2\"\n            data-abs-path=\"\"\n            data-speaker=\"Sandra Viggers\"\n            data-speakercell=\"Sandra Viggers\"\n            data-info=\" \n                 &lt;p&gt; &lt;\/p&gt; \n                 &lt;p&gt;&lt;br&gt;&lt;\/p&gt; \n                &lt;br&gt;&lt;br&gt;\"\n            data-category=\"\"\n            data-category-ids=\"\"\n            data-span-all=\"\"\n                      >\n\n            <div class=\"event_content\">\n              <div class=\"title\">\n                                <span>Workshop: Free Open Access Meducation - FOAM<\/span>\n              <\/div>\n              <div class=\"span_room\"><span><\/span><\/div>\n              <div class=\"time\">\n                <span>\n                  08:00-12:00                <\/span><\/div>\n\n              <div class=\"lecturer\"><span>Sandra Viggers<\/span><\/div>\n            <\/div>\n\n\n            \n          <\/div>\n\n      \n          <div class=\"event \"\n            data-id=\"1305\"\n            data-project=\"project_267_2017_02_17\"\n            data-title=\"Coffee &amp; exhibition\"\n            data-abs-nbr=\"\"\n            data-ystart=\"9.5\"\n            data-yend=\"10\"\n            data-time=\"09:30-10:00\"\n            data-room=\"8\"\n            data-room-id=\"-1\"\n            data-room-name=\"-Ej specificerad-\"\n            data-day=\"2\"\n            data-abs-path=\"\"\n            data-speaker=\"\"\n            data-speakercell=\"\"\n            data-info=\"\"\n            data-category=\"\"\n            data-category-ids=\"\"\n            data-span-all=\"1\"\n                      >\n\n            <div class=\"event_content\">\n              <div class=\"title\">\n                                <span>Coffee & exhibition<\/span>\n              <\/div>\n              <div class=\"span_room\"><span>-Ej specificerad-<br\/><\/span><\/div>\n              <div class=\"time\">\n                <span>\n                  09:30-10:00                <\/span><\/div>\n\n              \n            <\/div>\n\n\n            \n          <\/div>\n\n      \n          <div class=\"event \"\n            data-id=\"1323\"\n            data-project=\"project_267_2017_02_17\"\n            data-title=\"Perioperative management of patients with Obstructive Sleep Apnea Syndrome (OSAS)\"\n            data-abs-nbr=\"\"\n            data-ystart=\"10\"\n            data-yend=\"11\"\n            data-time=\"10:00-11:00\"\n            data-room=\"3\"\n            data-room-id=\"1089\"\n            data-room-name=\"Lecture hall E\"\n            data-day=\"2\"\n            data-abs-path=\"\"\n            data-speaker=\"Malin  Jonsson-Fagerlund; Karl Franklin; Stephan Schwager\"\n            data-speakercell=\"Malin  Jonsson-Fagerlund; Karl Franklin; Stephan Schwager\"\n            data-info=\"&lt;b&gt;Moderatorer: &lt;\/b&gt;Morten  Hylander M\u00f8ller; Johan Persson&lt;br&gt;&lt;br&gt; \n                 &lt;p&gt;&lt;b&gt;Is perioperative screening for OSA needed?&lt;br&gt;&lt;\/b&gt;&lt;i&gt;Malin Jonsson-Fagerlund, (SE)&lt;\/i&gt;&lt;\/p&gt; \n                 &lt;p&gt;&lt;b&gt;Perioperative treatment of sleep apnea&lt;br&gt;&lt;\/b&gt;&lt;i&gt;Karl Franklin (SE)&lt;\/i&gt;&lt;\/p&gt; \n                 &lt;p&gt;&lt;b&gt;How to evaluate patients with OSA postoperatively&lt;br&gt;&lt;\/b&gt;&lt;i&gt;Stephan Schwager (SE)&lt;\/i&gt;&lt;\/p&gt; \n                &lt;br&gt;&lt;br&gt;\"\n            data-category=\"Anaesthesia and periop medicine\"\n            data-category-ids=\"1021\"\n            data-span-all=\"\"\n                      >\n\n            <div class=\"event_content\">\n              <div class=\"title\">\n                                <span>Perioperative management of patients with Obstructive Sleep Apnea Syndrome (OSAS)<\/span>\n              <\/div>\n              <div class=\"span_room\"><span><\/span><\/div>\n              <div class=\"time\">\n                <span>\n                  10:00-11:00                <\/span><\/div>\n\n              <div class=\"lecturer\"><span>Malin  Jonsson-Fagerlund; Karl Franklin; Stephan Schwager<\/span><\/div>\n            <\/div>\n\n\n                                <div style=\"background-color:#D2E4C4; position: absolute !important ; height: 4px !important; left: 4px; right: 4px; bottom : 2px !important;  border\"><\/div>\n            \n          <\/div>\n\n      \n          <div class=\"event \"\n            data-id=\"1359\"\n            data-project=\"project_267_2017_02_17\"\n            data-title=\"Oxygen fraction during surgery\"\n            data-abs-nbr=\"\"\n            data-ystart=\"10\"\n            data-yend=\"11\"\n            data-time=\"10:00-11:00\"\n            data-room=\"4\"\n            data-room-id=\"1150\"\n            data-room-name=\"Julia\"\n            data-day=\"2\"\n            data-abs-path=\"\"\n            data-speaker=\"Christian  Meyhoff; Anne Kathrine St\u00e6hr Rye\"\n            data-speakercell=\"Christian  Meyhoff; Anne Kathrine St\u00e6hr Rye\"\n            data-info=\"&lt;b&gt;Moderatorer: &lt;\/b&gt;Lars Rasmussen; Anders Larsson&lt;br&gt;&lt;br&gt; \n                 &lt;p&gt;&lt;b&gt;Should we use a high oxygen fraction to decrease surgical site infection rate?&amp;nbsp;&lt;br&gt;&lt;\/b&gt;&lt;i&gt;Christian Meyhoff (DK)&lt;\/i&gt;&lt;\/p&gt; \n                 &lt;p&gt;&lt;b&gt;Pulmonary complications are associated with intraoperative oxygen fraction.&amp;nbsp;&lt;br&gt;&lt;\/b&gt;&lt;i&gt;Anne Kathrine St\u00e6hr Rye (DK)&amp;nbsp;&lt;\/i&gt;&lt;\/p&gt; \n                &lt;br&gt;&lt;br&gt;\"\n            data-category=\"Intensive care\"\n            data-category-ids=\"1019\"\n            data-span-all=\"\"\n                      >\n\n            <div class=\"event_content\">\n              <div class=\"title\">\n                                <span>Oxygen fraction during surgery<\/span>\n              <\/div>\n              <div class=\"span_room\"><span><\/span><\/div>\n              <div class=\"time\">\n                <span>\n                  10:00-11:00                <\/span><\/div>\n\n              <div class=\"lecturer\"><span>Christian  Meyhoff; Anne Kathrine St\u00e6hr Rye<\/span><\/div>\n            <\/div>\n\n\n            \n          <\/div>\n\n      \n          <div class=\"event \"\n            data-id=\"1331\"\n            data-project=\"project_267_2017_02_17\"\n            data-title=\"Anaesthesia and\u00a0ever less\u00a0uncommon conditions\"\n            data-abs-nbr=\"\"\n            data-ystart=\"10\"\n            data-yend=\"11\"\n            data-time=\"10:00-11:00\"\n            data-room=\"2\"\n            data-room-id=\"1088\"\n            data-room-name=\"Lecture hall D\"\n            data-day=\"2\"\n            data-abs-path=\"\"\n            data-speaker=\"Anna Januszkiewicz; Ulf  Thil\u00e9n\"\n            data-speakercell=\"Anna Januszkiewicz; Ulf  Thil\u00e9n\"\n            data-info=\"&lt;b&gt;Moderatorer: &lt;\/b&gt;Suzanne Odeberg-Wernerman; Stefan Lundin&lt;br&gt;&lt;br&gt; \n                 &lt;p&gt; &lt;\/p&gt; \n                 &lt;p&gt;&lt;b&gt;Anaesthesia&amp;nbsp;to liver transplanted patients and patients with liver disease&lt;br&gt;&lt;\/b&gt;&lt;i&gt;Anna Januszkiewicz (SE)&lt;\/i&gt;&lt;\/p&gt; \n                 &lt;p&gt;&lt;b&gt;Update on GUCH for anaesthesiologists&lt;br&gt;&lt;\/b&gt;&lt;i&gt;Ulf Thil\u00e9n (SE)&lt;\/i&gt;&lt;\/p&gt; \n                &lt;br&gt;&lt;br&gt;\"\n            data-category=\"Anaesthesia and periop medicine\"\n            data-category-ids=\"1021\"\n            data-span-all=\"\"\n                      >\n\n            <div class=\"event_content\">\n              <div class=\"title\">\n                                <span>Anaesthesia and\u00a0ever less\u00a0uncommon conditions<\/span>\n              <\/div>\n              <div class=\"span_room\"><span><\/span><\/div>\n              <div class=\"time\">\n                <span>\n                  10:00-11:00                <\/span><\/div>\n\n              <div class=\"lecturer\"><span>Anna Januszkiewicz; Ulf  Thil\u00e9n<\/span><\/div>\n            <\/div>\n\n\n                                <div style=\"background-color:#D2E4C4; position: absolute !important ; height: 4px !important; left: 4px; right: 4px; bottom : 2px !important;  border\"><\/div>\n            \n          <\/div>\n\n      \n          <div class=\"event \"\n            data-id=\"1330\"\n            data-project=\"project_267_2017_02_17\"\n            data-title=\"The frail parturient\"\n            data-abs-nbr=\"\"\n            data-ystart=\"10\"\n            data-yend=\"11\"\n            data-time=\"10:00-11:00\"\n            data-room=\"1\"\n            data-room-id=\"1087\"\n            data-room-name=\"Lecture hall C\"\n            data-day=\"2\"\n            data-abs-path=\"\"\n            data-speaker=\"\u00d3l\u00f6f Viktorsd\u00f3ttir; Gunilla Islander\"\n            data-speakercell=\"\u00d3l\u00f6f Viktorsd\u00f3ttir; Gunilla Islander\"\n            data-info=\"&lt;b&gt;Moderatorer: &lt;\/b&gt;Susanne Ledin-Eriksson; Birgitta Birgisdottir&lt;br&gt;&lt;br&gt; \n                 &lt;p&gt;&lt;b&gt;Pulmonary hypertension in pregnancy&lt;br&gt;&lt;\/b&gt;&lt;i&gt;\u00d3l\u00f6f Viktorsd\u00f3ttir (IS)&lt;\/i&gt;&lt;\/p&gt; \n                 &lt;p&gt;&lt;b&gt;Neuromuscular disease and pregnancy&lt;br&gt;&lt;\/b&gt;&lt;i&gt;Gunilla Islander (SE)&lt;\/i&gt;&lt;\/p&gt; \n                &lt;br&gt;&lt;br&gt;\"\n            data-category=\"Special anaesthesia and intens care\"\n            data-category-ids=\"1022\"\n            data-span-all=\"\"\n                      >\n\n            <div class=\"event_content\">\n              <div class=\"title\">\n                                <span>The frail parturient<\/span>\n              <\/div>\n              <div class=\"span_room\"><span><\/span><\/div>\n              <div class=\"time\">\n                <span>\n                  10:00-11:00                <\/span><\/div>\n\n              <div class=\"lecturer\"><span>\u00d3l\u00f6f Viktorsd\u00f3ttir; Gunilla Islander<\/span><\/div>\n            <\/div>\n\n\n                                <div style=\"background-color:#B4C0D2; position: absolute !important ; height: 4px !important; left: 4px; right: 4px; bottom : 2px !important;  border\"><\/div>\n            \n          <\/div>\n\n      \n          <div class=\"event \"\n            data-id=\"1364\"\n            data-project=\"project_267_2017_02_17\"\n            data-title=\"History of Scandinavian Anaesthesia and Intensive Care Medicine\"\n            data-abs-nbr=\"\"\n            data-ystart=\"10\"\n            data-yend=\"11\"\n            data-time=\"10:00-11:00\"\n            data-room=\"0\"\n            data-room-id=\"1149\"\n            data-room-name=\"Lecture hall A+B\"\n            data-day=\"2\"\n            data-abs-path=\"\"\n            data-speaker=\"Sten Lindahl\"\n            data-speakercell=\"Sten Lindahl\"\n            data-info=\"&lt;b&gt;Moderatorer: &lt;\/b&gt;Sigridur Kalman&lt;br&gt;&lt;br&gt; \n                 &lt;p&gt;&lt;b&gt;Honorary lecture:&amp;nbsp;&lt;\/b&gt;&lt;b&gt;Reflexions by the first president of the modern SSAI:&lt;\/b&gt;&lt;\/p&gt; \n                 &lt;p&gt;&lt;b&gt;Looking Back, Ahead and Around&lt;br&gt;&lt;\/b&gt;&lt;i&gt;Sten Lindahl (SE)&amp;nbsp;&lt;\/i&gt;&lt;\/p&gt; \n                &lt;br&gt;&lt;br&gt;\"\n            data-category=\"Plenary session\"\n            data-category-ids=\"1017\"\n            data-span-all=\"\"\n                      >\n\n            <div class=\"event_content\">\n              <div class=\"title\">\n                                <span>History of Scandinavian Anaesthesia and Intensive Care Medicine<\/span>\n              <\/div>\n              <div class=\"span_room\"><span><\/span><\/div>\n              <div class=\"time\">\n                <span>\n                  10:00-11:00                <\/span><\/div>\n\n              <div class=\"lecturer\"><span>Sten Lindahl<\/span><\/div>\n            <\/div>\n\n\n                                <div style=\"background-color:#FFF9C5; position: absolute !important ; height: 4px !important; left: 4px; right: 4px; bottom : 2px !important;  border\"><\/div>\n            \n          <\/div>\n\n      \n          <div class=\"event \"\n            data-id=\"1365\"\n            data-project=\"project_267_2017_02_17\"\n            data-title=\"Acta Anaesthesiologica Scandinavica Foundation\"\n            data-abs-nbr=\"\"\n            data-ystart=\"11.166666666667\"\n            data-yend=\"12.166666666667\"\n            data-time=\"11:10-12:10\"\n            data-room=\"0\"\n            data-room-id=\"1149\"\n            data-room-name=\"Lecture hall A+B\"\n            data-day=\"2\"\n            data-abs-path=\"\"\n            data-speaker=\"Else T\u00f8nnesen\"\n            data-speakercell=\"Else T\u00f8nnesen\"\n            data-info=\"&lt;b&gt;Moderatorer: &lt;\/b&gt;Michael Haney&lt;br&gt;&lt;br&gt; \n                 &lt;p&gt;&lt;i&gt;Introduction by Michael Haney&amp;nbsp;&lt;\/i&gt;&lt;\/p&gt; \n                 &lt;p&gt;&lt;b&gt;Prize giving ceremony, Best Abstract Competition.&lt;\/b&gt;&lt;\/p&gt; \n                 &lt;p&gt;&lt;b&gt;The ACTA lecture: &lt;\/b&gt;&lt;b&gt;Anaesthesia in women and women in anaesthesia&lt;br&gt;&lt;\/b&gt;&lt;i&gt;Else T\u00f8nnesen, Aarhus, (DK)&lt;\/i&gt;&lt;\/p&gt; \n                &lt;br&gt;&lt;br&gt;\"\n            data-category=\"Plenary session\"\n            data-category-ids=\"1017\"\n            data-span-all=\"1\"\n                      >\n\n            <div class=\"event_content\">\n              <div class=\"title\">\n                                <span>Acta Anaesthesiologica Scandinavica Foundation<\/span>\n              <\/div>\n              <div class=\"span_room\"><span>Lecture hall A+B<br\/><\/span><\/div>\n              <div class=\"time\">\n                <span>\n                  11:10-12:10                <\/span><\/div>\n\n              <div class=\"lecturer\"><span>Else T\u00f8nnesen<\/span><\/div>\n            <\/div>\n\n\n                                <div style=\"background-color:#FFF9C5; position: absolute !important ; height: 4px !important; left: 4px; right: 4px; bottom : 2px !important;  border\"><\/div>\n            \n          <\/div>\n\n      \n          <div class=\"event \"\n            data-id=\"1307\"\n            data-project=\"project_267_2017_02_17\"\n            data-title=\"Lunch &amp; exhibition\"\n            data-abs-nbr=\"\"\n            data-ystart=\"12.166666666667\"\n            data-yend=\"13.5\"\n            data-time=\"12:10-13:30\"\n            data-room=\"8\"\n            data-room-id=\"-1\"\n            data-room-name=\"-Ej specificerad-\"\n            data-day=\"2\"\n            data-abs-path=\"\"\n            data-speaker=\"\"\n            data-speakercell=\"\"\n            data-info=\"\"\n            data-category=\"\"\n            data-category-ids=\"\"\n            data-span-all=\"1\"\n                      >\n\n            <div class=\"event_content\">\n              <div class=\"title\">\n                                <span>Lunch & exhibition<\/span>\n              <\/div>\n              <div class=\"span_room\"><span>-Ej specificerad-<br\/><\/span><\/div>\n              <div class=\"time\">\n                <span>\n                  12:10-13:30                <\/span><\/div>\n\n              \n            <\/div>\n\n\n            \n          <\/div>\n\n      \n          <div class=\"event \"\n            data-id=\"1361\"\n            data-project=\"project_267_2017_02_17\"\n            data-title=\"SSAI Annual Assembly\"\n            data-abs-nbr=\"\"\n            data-ystart=\"12.5\"\n            data-yend=\"13.5\"\n            data-time=\"12:30-13:30\"\n            data-room=\"3\"\n            data-room-id=\"1089\"\n            data-room-name=\"Lecture hall E\"\n            data-day=\"2\"\n            data-abs-path=\"\"\n            data-speaker=\"\"\n            data-speakercell=\"\"\n            data-info=\"\"\n            data-category=\"\"\n            data-category-ids=\"\"\n            data-span-all=\"\"\n                      >\n\n            <div class=\"event_content\">\n              <div class=\"title\">\n                                <span>SSAI Annual Assembly<\/span>\n              <\/div>\n              <div class=\"span_room\"><span><\/span><\/div>\n              <div class=\"time\">\n                <span>\n                  12:30-13:30                <\/span><\/div>\n\n              \n            <\/div>\n\n\n            \n          <\/div>\n\n      \n          <div class=\"event \"\n            data-id=\"1332\"\n            data-project=\"project_267_2017_02_17\"\n            data-title=\"Perioperative management and long-term outcome in pediatric anaesthesia\"\n            data-abs-nbr=\"\"\n            data-ystart=\"13.5\"\n            data-yend=\"15\"\n            data-time=\"13:30-15:00\"\n            data-room=\"2\"\n            data-room-id=\"1088\"\n            data-room-name=\"Lecture hall D\"\n            data-day=\"2\"\n            data-abs-path=\"\"\n            data-speaker=\"Pia Glatz; Ulla Caverius; Joseph Cravero\"\n            data-speakercell=\"Pia Glatz; Ulla Caverius; Joseph Cravero\"\n            data-info=\"&lt;b&gt;Moderatorer: &lt;\/b&gt;David Costi; Sten Lindahl&lt;br&gt;&lt;br&gt; \n                 &lt;p&gt;&lt;b&gt;Young brains and anaesthesia - how big are the risks?&lt;br&gt;&lt;\/b&gt;&lt;i&gt;Pia Glatz (SE)&lt;\/i&gt;&lt;\/p&gt; \n                 &lt;p&gt;&lt;b&gt;Chronic postoperative surgical pain in children&lt;br&gt;&lt;\/b&gt;&lt;i&gt;Ulla Caverius (SE)&lt;\/i&gt;&lt;\/p&gt; \n                 &lt;p&gt;&lt;b&gt;Big data in paediatric anaesthesiology&lt;br&gt;&lt;\/b&gt;&lt;i&gt;Joseph Cravero (USA)&lt;\/i&gt;&lt;\/p&gt; \n                &lt;br&gt;&lt;br&gt;\"\n            data-category=\"Special anaesthesia and intens care\"\n            data-category-ids=\"1022\"\n            data-span-all=\"\"\n                      >\n\n            <div class=\"event_content\">\n              <div class=\"title\">\n                                <span>Perioperative management and long-term outcome in pediatric anaesthesia<\/span>\n              <\/div>\n              <div class=\"span_room\"><span><\/span><\/div>\n              <div class=\"time\">\n                <span>\n                  13:30-15:00                <\/span><\/div>\n\n              <div class=\"lecturer\"><span>Pia Glatz; Ulla Caverius; Joseph Cravero<\/span><\/div>\n            <\/div>\n\n\n                                <div style=\"background-color:#B4C0D2; position: absolute !important ; height: 4px !important; left: 4px; right: 4px; bottom : 2px !important;  border\"><\/div>\n            \n          <\/div>\n\n      \n          <div class=\"event \"\n            data-id=\"1360\"\n            data-project=\"project_267_2017_02_17\"\n            data-title=\"Social media and FOAM (Free Open Access Meducation) - education and research today, a new era\"\n            data-abs-nbr=\"\"\n            data-ystart=\"13.5\"\n            data-yend=\"15\"\n            data-time=\"13:30-15:00\"\n            data-room=\"4\"\n            data-room-id=\"1150\"\n            data-room-name=\"Julia\"\n            data-day=\"2\"\n            data-abs-path=\"\"\n            data-speaker=\"Gunilla Islander; Per Bredmose; Sandra Viggers; Tor Inge T\u00f8nnessen; Mads Astvad\"\n            data-speakercell=\"Gunilla Islander; Per Bredmose; Sandra Viggers; Tor Inge T\u00f8nnessen; Mads Astvad\"\n            data-info=\"&lt;b&gt;Moderatorer: &lt;\/b&gt;S\u00f8ren Pische; Louise Hammer Yndigegn&lt;br&gt;&lt;br&gt; \n                 &lt;p&gt;&lt;b&gt;Good old Internet&amp;nbsp;&lt;br&gt;&lt;\/b&gt;&lt;i&gt;Gunilla Islander (SE)&lt;\/i&gt;&lt;\/p&gt; \n                 &lt;p&gt;&lt;b&gt;Social media in daily working life \u2013 more than checking gossip?&lt;br&gt;&lt;\/b&gt;&lt;i&gt;Per P. Bredmose (NO)&amp;nbsp;&lt;\/i&gt;&lt;\/p&gt; \n                 &lt;p&gt;&lt;b&gt;FOAM \u2013Am I already using it? Can I become a FOAMer?&amp;nbsp;&lt;br&gt;&lt;\/b&gt;&lt;i&gt;Sandra Viggers (DK)&lt;\/i&gt;&lt;\/p&gt; \n                 &lt;p&gt;&lt;b&gt;Panel discussion: Critical appraisal of sources for information \u2013 publishing study results in the FOAM community instead of scientific journals&lt;br&gt;&lt;\/b&gt;&lt;i&gt;Tor Inge T\u00f8nnessen (NO),Mads Astvad (DK), Sandra Viggers (DK),&amp;nbsp;&lt;\/i&gt;&lt;i&gt;Per P. Bredmose (NO)&amp;nbsp;&lt;\/i&gt;&lt;\/p&gt; \n                &lt;br&gt;&lt;br&gt;\"\n            data-category=\"Research, publication & teaching\"\n            data-category-ids=\"1024\"\n            data-span-all=\"\"\n                      >\n\n            <div class=\"event_content\">\n              <div class=\"title\">\n                                <span>Social media and FOAM (Free Open Access Meducation) - education and research today, a new era<\/span>\n              <\/div>\n              <div class=\"span_room\"><span><\/span><\/div>\n              <div class=\"time\">\n                <span>\n                  13:30-15:00                <\/span><\/div>\n\n              <div class=\"lecturer\"><span>Gunilla Islander; Per Bredmose; Sandra Viggers; Tor Inge T\u00f8nnessen; Mads Astvad<\/span><\/div>\n            <\/div>\n\n\n                                <div style=\"background-color:E6F0DF; position: absolute !important ; height: 4px !important; left: 4px; right: 4px; bottom : 2px !important;  border\"><\/div>\n            \n          <\/div>\n\n      \n          <div class=\"event \"\n            data-id=\"1320\"\n            data-project=\"project_267_2017_02_17\"\n            data-title=\"Basic science and recent findings in Scandinavian obstetric anaesthesia research\"\n            data-abs-nbr=\"\"\n            data-ystart=\"13.5\"\n            data-yend=\"15\"\n            data-time=\"13:30-15:00\"\n            data-room=\"1\"\n            data-room-id=\"1087\"\n            data-room-name=\"Lecture hall C\"\n            data-day=\"2\"\n            data-abs-path=\"\"\n            data-speaker=\"Vegard  Dahl; Ove Karlsson; Vibeke Moen\"\n            data-speakercell=\"Vegard  Dahl; Ove Karlsson; Vibeke Moen\"\n            data-info=\"&lt;b&gt;Moderatorer: &lt;\/b&gt;Elin Bj\u00f8rnestad; Kim Ekelund&lt;br&gt;&lt;br&gt; \n                 &lt;p&gt;&lt;b&gt;Remifentanil in labour analgesia \u2013 where are we in 2017 \u2013 an update&lt;br&gt;&lt;\/b&gt;&lt;i&gt;Vegard Dahl (DK)&amp;nbsp;&lt;\/i&gt;&lt;\/p&gt; \n                 &lt;p&gt;&lt;b&gt;Fibrinogen, haemostasis and postpartum haemorrhage&lt;br&gt;&lt;\/b&gt;&lt;i&gt;Ove Karlsson (SE)&lt;\/i&gt;&lt;\/p&gt; \n                 &lt;p&gt;&lt;b&gt;Hyponatraemia complicating labour, implications for mother and fetus&lt;br&gt;&lt;\/b&gt;&lt;i&gt;Vibeke Moen (SE)&lt;\/i&gt;&lt;\/p&gt; \n                 &lt;p&gt;&lt;b&gt;&lt;\/b&gt;&lt;\/p&gt; \n                &lt;br&gt;&lt;br&gt;\"\n            data-category=\"Special anaesthesia and intens care\"\n            data-category-ids=\"1022\"\n            data-span-all=\"\"\n                      >\n\n            <div class=\"event_content\">\n              <div class=\"title\">\n                                <span>Basic science and recent findings in Scandinavian obstetric anaesthesia research<\/span>\n              <\/div>\n              <div class=\"span_room\"><span><\/span><\/div>\n              <div class=\"time\">\n                <span>\n                  13:30-15:00                <\/span><\/div>\n\n              <div class=\"lecturer\"><span>Vegard  Dahl; Ove Karlsson; Vibeke Moen<\/span><\/div>\n            <\/div>\n\n\n                                <div style=\"background-color:#B4C0D2; position: absolute !important ; height: 4px !important; left: 4px; right: 4px; bottom : 2px !important;  border\"><\/div>\n            \n          <\/div>\n\n      \n          <div class=\"event \"\n            data-id=\"1324\"\n            data-project=\"project_267_2017_02_17\"\n            data-title=\"Research Grants and scientific awards\"\n            data-abs-nbr=\"\"\n            data-ystart=\"13.5\"\n            data-yend=\"15\"\n            data-time=\"13:30-15:00\"\n            data-room=\"3\"\n            data-room-id=\"1089\"\n            data-room-name=\"Lecture hall E\"\n            data-day=\"2\"\n            data-abs-path=\"\"\n            data-speaker=\"\"\n            data-speakercell=\"\"\n            data-info=\"&lt;b&gt;Moderatorer: &lt;\/b&gt;Christina Eintrei; Miklos Lipcsey&lt;br&gt;&lt;br&gt; \n                 &lt;p&gt;&lt;b&gt;SSAI Research Grant:&amp;nbsp;&lt;br&gt;&lt;\/b&gt;&lt;i&gt;Elin Thorlacius, Christian Meyhoff, S\u00f6ren Marker Jensen&lt;\/i&gt;&lt;\/p&gt; \n                 &lt;p&gt;&lt;b&gt;Acta Foundation award for best Swedish PhD Thesis 2016:&amp;nbsp;&lt;br&gt;&lt;\/b&gt;&lt;i&gt;Lena Sand Bown&lt;\/i&gt;&lt;\/p&gt; \n                 &lt;p&gt;&lt;b&gt;Acta Foundation awarsd for best oral presentation at the Swedish Research Forum 2017:&amp;nbsp;&lt;br&gt;&lt;\/b&gt;&lt;i&gt;Per M\u00f6ller&lt;\/i&gt;&lt;\/p&gt; \n                &lt;br&gt;&lt;br&gt;\"\n            data-category=\"Plenary session\"\n            data-category-ids=\"1017\"\n            data-span-all=\"\"\n                      >\n\n            <div class=\"event_content\">\n              <div class=\"title\">\n                                <span>Research Grants and scientific awards<\/span>\n              <\/div>\n              <div class=\"span_room\"><span><\/span><\/div>\n              <div class=\"time\">\n                <span>\n                  13:30-15:00                <\/span><\/div>\n\n              \n            <\/div>\n\n\n                                <div style=\"background-color:#FFF9C5; position: absolute !important ; height: 4px !important; left: 4px; right: 4px; bottom : 2px !important;  border\"><\/div>\n            \n          <\/div>\n\n      \n          <div class=\"event \"\n            data-id=\"1366\"\n            data-project=\"project_267_2017_02_17\"\n            data-title=\"Critical infections                                              \"\n            data-abs-nbr=\"\"\n            data-ystart=\"13.5\"\n            data-yend=\"15\"\n            data-time=\"13:30-15:00\"\n            data-room=\"0\"\n            data-room-id=\"1149\"\n            data-room-name=\"Lecture hall A+B\"\n            data-day=\"2\"\n            data-abs-path=\"\"\n            data-speaker=\"Derek Angus; Morten Bestle; Adam Linder; Nicole P Juffermans\"\n            data-speakercell=\"Derek Angus; Morten Bestle; Adam Linder; Nicole P Juffermans\"\n            data-info=\"&lt;b&gt;Moderatorer: &lt;\/b&gt;Fredrik Sj\u00f6vall; Michelle Chew&lt;br&gt;&lt;br&gt; \n                 &lt;p&gt;&lt;b&gt;Sepsis-3&lt;br&gt;&lt;\/b&gt;&lt;i&gt;Derek Angus (USA)&lt;\/i&gt;&lt;\/p&gt; \n                 &lt;p&gt;&lt;b&gt;Cooling of sepsis patients&amp;nbsp;&lt;br&gt;&lt;\/b&gt;&lt;i&gt;Morten Bestle (DK)&lt;\/i&gt;&lt;\/p&gt; \n                 &lt;p&gt;&lt;b&gt;New diagnostic tools&lt;br&gt;&lt;\/b&gt;&lt;i&gt;Adam Linder (SE)&lt;\/i&gt;&lt;\/p&gt; \n                 &lt;p&gt;&lt;b&gt;Hyper- and hypocoagulopathy in sepsis - the do\u00b4s and don\u00b4ts!&lt;br&gt;&lt;\/b&gt;&lt;i&gt;Nicole Juffermans (NL)&amp;nbsp;&lt;\/i&gt;&lt;\/p&gt; \n                &lt;br&gt;&lt;br&gt;\"\n            data-category=\"Intensive care\"\n            data-category-ids=\"1019\"\n            data-span-all=\"\"\n                      >\n\n            <div class=\"event_content\">\n              <div class=\"title\">\n                                <span>Critical infections                                              <\/span>\n              <\/div>\n              <div class=\"span_room\"><span><\/span><\/div>\n              <div class=\"time\">\n                <span>\n                  13:30-15:00                <\/span><\/div>\n\n              <div class=\"lecturer\"><span>Derek Angus; Morten Bestle; Adam Linder; Nicole P Juffermans<\/span><\/div>\n            <\/div>\n\n\n            \n          <\/div>\n\n      \n          <div class=\"event \"\n            data-id=\"1306\"\n            data-project=\"project_267_2017_02_17\"\n            data-title=\"Coffee &amp; exhibition\"\n            data-abs-nbr=\"\"\n            data-ystart=\"15\"\n            data-yend=\"15.5\"\n            data-time=\"15:00-15:30\"\n            data-room=\"8\"\n            data-room-id=\"-1\"\n            data-room-name=\"-Ej specificerad-\"\n            data-day=\"2\"\n            data-abs-path=\"\"\n            data-speaker=\"\"\n            data-speakercell=\"\"\n            data-info=\"\"\n            data-category=\"\"\n            data-category-ids=\"\"\n            data-span-all=\"1\"\n                      >\n\n            <div class=\"event_content\">\n              <div class=\"title\">\n                                <span>Coffee & exhibition<\/span>\n              <\/div>\n              <div class=\"span_room\"><span>-Ej specificerad-<br\/><\/span><\/div>\n              <div class=\"time\">\n                <span>\n                  15:00-15:30                <\/span><\/div>\n\n              \n            <\/div>\n\n\n            \n          <\/div>\n\n      \n          <div class=\"event \"\n            data-id=\"1317\"\n            data-project=\"project_267_2017_02_17\"\n            data-title=\"The SSAI ICU training program: Why is anaesthesia not enough? \"\n            data-abs-nbr=\"\"\n            data-ystart=\"15.5\"\n            data-yend=\"17\"\n            data-time=\"15:30-17:00\"\n            data-room=\"1\"\n            data-room-id=\"1087\"\n            data-room-name=\"Lecture hall C\"\n            data-day=\"2\"\n            data-abs-path=\"\"\n            data-speaker=\"Gisli H Sigurdsson; Hans Flaatten; Christian Rylander\"\n            data-speakercell=\"Gisli H Sigurdsson; Hans Flaatten; Christian Rylander\"\n            data-info=\"&lt;b&gt;Moderatorer: &lt;\/b&gt;Morten Bestle; Gisli H Sigurdsson&lt;br&gt;&lt;br&gt; \n                 &lt;p&gt;&lt;b&gt;The SSAI ICU program, present and future perspectives&amp;nbsp;&lt;br&gt;&lt;\/b&gt;&lt;i&gt;Gisli H Sigurdsson (IS)&amp;nbsp;&lt;\/i&gt;&lt;\/p&gt; \n                 &lt;p&gt;&lt;b&gt;Why do we need extra training in Intensive Care Medicine?&lt;br&gt;&lt;\/b&gt;&lt;i&gt;Hans Flaatten (NO)&lt;\/i&gt;&lt;\/p&gt; \n                 &lt;p&gt;&lt;b&gt;How did my participation in the SSAI ICU program affect my professional career?&amp;nbsp;&lt;br&gt;&lt;\/b&gt;&lt;i&gt;Christian Rylander (SE)&lt;\/i&gt;&lt;\/p&gt; \n                &lt;br&gt;&lt;br&gt;\"\n            data-category=\"Intensive care\"\n            data-category-ids=\"1019\"\n            data-span-all=\"\"\n                      >\n\n            <div class=\"event_content\">\n              <div class=\"title\">\n                                <span>The SSAI ICU training program: Why is anaesthesia not enough? <\/span>\n              <\/div>\n              <div class=\"span_room\"><span><\/span><\/div>\n              <div class=\"time\">\n                <span>\n                  15:30-17:00                <\/span><\/div>\n\n              <div class=\"lecturer\"><span>Gisli H Sigurdsson; Hans Flaatten; Christian Rylander<\/span><\/div>\n            <\/div>\n\n\n            \n          <\/div>\n\n      \n          <div class=\"event \"\n            data-id=\"1362\"\n            data-project=\"project_267_2017_02_17\"\n            data-title=\"Psychological aspects in paediatric anaesthesia\"\n            data-abs-nbr=\"\"\n            data-ystart=\"15.5\"\n            data-yend=\"17\"\n            data-time=\"15:30-17:00\"\n            data-room=\"2\"\n            data-room-id=\"1088\"\n            data-room-name=\"Lecture hall D\"\n            data-day=\"2\"\n            data-abs-path=\"\"\n            data-speaker=\"Allan Cyna; Joseph Cravero; David Costi\"\n            data-speakercell=\"Allan Cyna; Joseph Cravero; David Costi\"\n            data-info=\"&lt;b&gt;Moderatorer: &lt;\/b&gt;Ulla Caverius; Pertti Suominen&lt;br&gt;&lt;br&gt; \n                 &lt;p&gt;&lt;b&gt;Needle phobia&lt;br&gt;&lt;\/b&gt;&lt;i&gt;Allan Cyna (AUS)&lt;\/i&gt;&lt;\/p&gt; \n                 &lt;p&gt;&lt;b&gt;New methods of measuring quality of pediatric sedation&lt;br&gt;&lt;\/b&gt;&lt;i&gt;Joseph Cravero (USA)&lt;\/i&gt;&lt;\/p&gt; \n                 &lt;p&gt;&lt;b&gt;Emergence agitation&lt;br&gt;&lt;\/b&gt;&lt;i&gt;David Costi (AUS)&lt;\/i&gt;&lt;\/p&gt; \n                &lt;br&gt;&lt;br&gt;\"\n            data-category=\"Special anaesthesia and intens care\"\n            data-category-ids=\"1022\"\n            data-span-all=\"\"\n                      >\n\n            <div class=\"event_content\">\n              <div class=\"title\">\n                                <span>Psychological aspects in paediatric anaesthesia<\/span>\n              <\/div>\n              <div class=\"span_room\"><span><\/span><\/div>\n              <div class=\"time\">\n                <span>\n                  15:30-17:00                <\/span><\/div>\n\n              <div class=\"lecturer\"><span>Allan Cyna; Joseph Cravero; David Costi<\/span><\/div>\n            <\/div>\n\n\n                                <div style=\"background-color:#B4C0D2; position: absolute !important ; height: 4px !important; left: 4px; right: 4px; bottom : 2px !important;  border\"><\/div>\n            \n          <\/div>\n\n      \n          <div class=\"event \"\n            data-id=\"1321\"\n            data-project=\"project_267_2017_02_17\"\n            data-title=\"Hot Topics\"\n            data-abs-nbr=\"\"\n            data-ystart=\"15.5\"\n            data-yend=\"17\"\n            data-time=\"15:30-17:00\"\n            data-room=\"0\"\n            data-room-id=\"1149\"\n            data-room-name=\"Lecture hall A+B\"\n            data-day=\"2\"\n            data-abs-path=\"\"\n            data-speaker=\"Mats Enlund; Mads Rasmussen; \u00c5se Lodenius; Christina Eintrei; Peter Frykholm\"\n            data-speakercell=\"Mats Enlund; Mads Rasmussen; \u00c5se Lodenius; Christina Eintrei; Peter Frykholm\"\n            data-info=\"&lt;b&gt;Moderatorer: &lt;\/b&gt;Jonas  \u00c5keson; Christina Eintrei&lt;br&gt;&lt;br&gt; \n                 &lt;p&gt;&lt;b&gt;Does anaesthesia affect patient outcome in malignant disease?&amp;nbsp;&lt;br&gt;&lt;\/b&gt;&lt;i&gt;Mats Enlund (SE)&lt;\/i&gt;&lt;\/p&gt; \n                 &lt;p&gt;&lt;b&gt;Anaesthesia for endovascular treatment in acute ischaemic stroke&amp;nbsp;&lt;br&gt;&lt;\/b&gt;&lt;i&gt;Mads Rasmussen (DK)&lt;\/i&gt;&lt;\/p&gt; \n                 &lt;p&gt;&lt;b&gt;No ventilation \u2013 yet full oxygenation&lt;br&gt;&lt;\/b&gt;&lt;i&gt;\u00c5se Lodenius (SE)&lt;\/i&gt;&lt;\/p&gt; \n                 &lt;p&gt;&lt;b&gt;Does anaesthesia promote development of dementia?&amp;nbsp;&lt;br&gt;&lt;\/b&gt;&lt;i&gt;Christina Eintrei (SE)&lt;\/i&gt;&lt;\/p&gt; \n                 &lt;p&gt;&lt;b&gt;Pre-operative fasting \u2013 to be or not to be?&lt;br&gt;&lt;\/b&gt;&lt;i&gt;Peter Frykholm (SE)&lt;\/i&gt;&lt;\/p&gt; \n                &lt;br&gt;&lt;br&gt;\"\n            data-category=\"Anaesthesia and periop medicine\"\n            data-category-ids=\"1021\"\n            data-span-all=\"\"\n                      >\n\n            <div class=\"event_content\">\n              <div class=\"title\">\n                                <span>Hot Topics<\/span>\n              <\/div>\n              <div class=\"span_room\"><span><\/span><\/div>\n              <div class=\"time\">\n                <span>\n                  15:30-17:00                <\/span><\/div>\n\n              <div class=\"lecturer\"><span>Mats Enlund; Mads Rasmussen; \u00c5se Lodenius; Christina Eintrei; Peter Frykholm<\/span><\/div>\n            <\/div>\n\n\n                                <div style=\"background-color:#D2E4C4; position: absolute !important ; height: 4px !important; left: 4px; right: 4px; bottom : 2px !important;  border\"><\/div>\n            \n          <\/div>\n\n      \n      <div id=\"eventInfo\" class=\"modal fade bs-example-modal-lg\" tabindex=\"-1\" role=\"dialog\" style=\"font-size: medium; line-height: normal; text-transform: none;\">\n        <div class=\"modal-dialog\">\n          <div class=\"modal-content\">\n            <div class=\"modal-header\">\n              <button type=\"button\" class=\"close\" data-dismiss=\"modal\" aria-label=\"Close\">\n                <span aria-hidden=\"true\">&times;<\/span><\/button>\n              <h4 class=\"modal-title\"><\/h4>\n            <\/div>\n            <div class=\"modal-body\">\n              <p class=\"modal-speaker\"><\/p>\n              <p class=\"modal-time\"><\/p>\n              <p class=\"modal-info\"><\/p>\n              <p id=\"modal-abs\"><\/p>\n              <p id=\"modal-abs-oldie\">\n                <span style=\"display: none;\">Du anv\u00e4nder en f\u00f6r\u00e5ldrar webbl\u00e4sare.<\/span>\n                <a id=\"abs-url-oldie\" target=\"_blank\" style=\"display: none;\">Klicka f\u00e4r f\u00f6r att l\u00e4sa bidraget<\/a>\n                <iframe id=\"abs-iframe-oldie\" width=\"100%\" height=\"300px\"><\/iframe>\n              <\/p>\n              <i id=\"modal-abs-spinner\" class=\"fa fa-spinner fa-spin\" aria-hidden=\"true\" style=\"display: none;\"><\/i>\n            <\/div>\n            <div class=\"modal-footer\">\n              <span style=\"text-align: left; float: left;\" class=\"modal-category\"><\/span>\n              <button type=\"button\" class=\"btn btn-default\" data-dismiss=\"modal\">St\u00e4ng<\/button>\n            <\/div>\n          <\/div><!-- \/.modal-content -->\n        <\/div><!-- \/.modal-dialog -->\n      <\/div><!-- \/.modal -->\n\n    <\/div>\n\n  <\/div>\n\n\n","protected":false},"excerpt":{"rendered":"","protected":false},"author":1,"featured_media":0,"parent":0,"menu_order":0,"comment_status":"closed","ping_status":"closed","template":"page-template-blank.php","meta":{"_et_pb_use_builder":"","_et_pb_old_content":"","_et_gb_content_width":""},"_links":{"self":[{"href":"https:\/\/program.appinconf.com\/program\/wp-json\/wp\/v2\/pages\/141"}],"collection":[{"href":"https:\/\/program.appinconf.com\/program\/wp-json\/wp\/v2\/pages"}],"about":[{"href":"https:\/\/program.appinconf.com\/program\/wp-json\/wp\/v2\/types\/page"}],"author":[{"embeddable":true,"href":"https:\/\/program.appinconf.com\/program\/wp-json\/wp\/v2\/users\/1"}],"replies":[{"embeddable":true,"href":"https:\/\/program.appinconf.com\/program\/wp-json\/wp\/v2\/comments?post=141"}],"version-history":[{"count":8,"href":"https:\/\/program.appinconf.com\/program\/wp-json\/wp\/v2\/pages\/141\/revisions"}],"predecessor-version":[{"id":182,"href":"https:\/\/program.appinconf.com\/program\/wp-json\/wp\/v2\/pages\/141\/revisions\/182"}],"wp:attachment":[{"href":"https:\/\/program.appinconf.com\/program\/wp-json\/wp\/v2\/media?parent=141"}],"curies":[{"name":"wp","href":"https:\/\/api.w.org\/{rel}","templated":true}]}}