
{"id":190,"date":"2017-03-28T08:38:50","date_gmt":"2017-03-28T08:38:50","guid":{"rendered":"http:\/\/appsinmed.com\/program\/?page_id=190"},"modified":"2017-10-04T11:59:35","modified_gmt":"2017-10-04T11:59:35","slug":"rontgenveckan-2017","status":"publish","type":"page","link":"https:\/\/program.appinconf.com\/program\/rontgenveckan-2017\/","title":{"rendered":"R\u00f6ntgenveckan 2017"},"content":{"rendered":"<p><img loading=\"lazy\" class=\"size-medium wp-image-192 aligncenter\" src=\"http:\/\/appsinmed.com\/program\/wp-content\/uploads\/sites\/22\/2017\/03\/icon_1024-300x300.png\" alt=\"\" width=\"300\" height=\"300\" srcset=\"https:\/\/program.appinconf.com\/program\/wp-content\/uploads\/sites\/22\/2017\/03\/icon_1024-300x300.png 300w, https:\/\/program.appinconf.com\/program\/wp-content\/uploads\/sites\/22\/2017\/03\/icon_1024-150x150.png 150w, https:\/\/program.appinconf.com\/program\/wp-content\/uploads\/sites\/22\/2017\/03\/icon_1024-768x768.png 768w, https:\/\/program.appinconf.com\/program\/wp-content\/uploads\/sites\/22\/2017\/03\/icon_1024.png 1024w\" sizes=\"(max-width: 300px) 100vw, 300px\" \/><\/p>\n\n<script type=\"text\/javascript\">\n    var allRooms = JSON.parse('[{\"name\":\"-Ej specificerad-\",\"id\":-1},{\"name\":\"Crusellhallen\",\"id\":1002},{\"name\":\"Backstage\",\"id\":1005},{\"name\":\"Musikalen\",\"id\":1003},{\"name\":\"Operan\",\"id\":1004},{\"name\":\"Spegelsalen\",\"id\":1006},{\"name\":\"Studion\",\"id\":1007},{\"name\":\"Kulturen\",\"id\":1008},{\"name\":\"Sonaten\",\"id\":1009},{\"name\":\"Operetten\",\"id\":1010},{\"name\":\"Duetten\",\"id\":1011},{\"name\":\"Solot\",\"id\":1012},{\"name\":\"Pressl\\u00e4ktaren\",\"id\":1013},{\"name\":\"Loge 4\",\"id\":1014},{\"name\":\"Loge 6\",\"id\":1015},{\"name\":\"Loge 5\",\"id\":1016},{\"name\":\"Noten\\\/Takten\\\/Accenten\\\/Reprisen\",\"id\":1017},{\"name\":\"CMIV\",\"id\":1018},{\"name\":\"Br\\u00f6stenheten, US\",\"id\":1019},{\"name\":\"Flygvapenmuseum\",\"id\":1020},{\"name\":\"Nya akutr\\u00f6ntgen - Studiebes\\u00f6k\",\"id\":1021},{\"name\":\"Balkongen i Garden\",\"id\":1084}]');\n    var allCategories = JSON.parse('[{\"color\":\"#FF9933\",\"name\":\"Allm\\u00e4n f\\u00f6rel\\u00e4sning\",\"id\":1003},{\"color\":\"#CCCC66\",\"name\":\"MTF - Svensk f\\u00f6rening f\\u00f6r Medicinsk Teknik och Fysik\",\"id\":1009},{\"color\":\"#66FFCC\",\"name\":\"RAM-kurs\",\"id\":1016},{\"color\":\"#99CC99\",\"name\":\"SFfR - Svensk F\\u00f6rening f\\u00f6r  Radiofysik\",\"id\":1008},{\"color\":\"#FF66FF\",\"name\":\"SFFR - Svensk F\\u00f6rening f\\u00f6r R\\u00f6ntgensekreterare\",\"id\":1012},{\"color\":\"#6699CC\",\"name\":\"SFMR - Delf\\u00f6reningar\",\"id\":1006},{\"color\":\"#0099FF\",\"name\":\"SFMR - Svensk F\\u00f6rening f\\u00f6r Medicinsk Radiologi\",\"id\":1004},{\"color\":\"#33CC66\",\"name\":\"SFR - Svensk F\\u00f6rening f\\u00f6r R\\u00f6ntgensjuksk\\u00f6terskor\",\"id\":1007},{\"color\":\"#FFFF33\",\"name\":\"SFRU - Svensk F\\u00f6rening f\\u00f6r R\\u00f6ntgenundersk\\u00f6terskor\",\"id\":1010},{\"color\":\"#1AFF12\",\"name\":\"Sonografer\",\"id\":1017},{\"color\":\"#CC33FF\",\"name\":\"Sponsorer\",\"id\":1014},{\"color\":\"#99FFFF\",\"name\":\"ST-kurser \\\/ Ungt forum\",\"id\":1005},{\"color\":\"#FFCC99\",\"name\":\"Svensk F\\u00f6rening f\\u00f6r Klinisk Fysiologi\",\"id\":1013},{\"color\":\"#FFCCFF\",\"name\":\"Ultraljudsf\\u00f6reningens hands-on\",\"id\":1015},{\"color\":\"#FFFFCC\",\"name\":\"Verksamhetschefer\",\"id\":1011},{\"color\":\"#FF3333\",\"name\":\"Vetenskapligt program\",\"id\":1002}]');\n  <\/script>\n\n  <script type=\"text\/javascript\">\n    var templateUrl = 'https:\/\/program.appinconf.com\/program\/wp-content\/plugins\/wordpress_plugin_schedule\/img\/';\n  <\/script>\n\n  <input type=\"hidden\" id=\"new_cms\" value=\"0\" \/>\n  <input type=\"hidden\" id=\"spanning_color\" value=\"#A170FF\" \/>\n  <input type=\"hidden\" id=\"spanning_text_color\" value=\"#000000\" \/>\n  <input type=\"hidden\" id=\"list_as_default\" value=\"0\" \/>\n  <input type=\"hidden\" id=\"fetch_abstract\" value=\"\" \/>\n  <input type=\"hidden\" id=\"show_abs_nbr\" value=\"\" \/>\n  <input type=\"hidden\" id=\"use-auto-heights\" value=\"false\" \/>\n  <input id='base_path' type='hidden' value='https:\/\/program.appinconf.com\/program\/wp-content\/plugins\/wordpress_plugin_schedule' \/>\n  <input id='project' type='hidden' value='project_276_2017_03_27' \/>\n  <input id='lang' type='hidden' value='sv' \/>\n  <input id='show_link_to_abstract' type='hidden' value='0' \/>\n\n  <div id=\"plugin_main_container\" style='height: 1170px;'>\n\n    \n    <div id=\"type_filter_div\" style='display: none;'>\n      <div class=\"btn-group\" role=\"group\" aria-label=\"...\">\n        <button id=\"show_graph_schedule_button\" type=\"button\" class=\"btn btn-default selected_list_type\">\n          <i class=\"fa fa-calendar\" aria-hidden=\"true\"><\/i>\n        <\/button>\n        <button id=\"show_list_schedule_button\" type=\"button\" class=\"btn btn-default \">\n          <i class=\"fa fa-list\" aria-hidden=\"true\"><\/i>\n        <\/button>\n        <button id=\"list_program_button_print\" type=\"button\" class=\"btn btn-default\" style=\"display: none;\">\n          <i class=\"fa fa-print\" aria-hidden=\"true\"><\/i>\n        <\/button>\n      <\/div>\n      \n    <\/div>\n\n    <div id=\"personal_filter_div\" style='display: none;'>\n        <div id=\"email-input-group\" class=\"email-input-group input-group\">\n          <span class=\"input-group-addon\" id=\"sizing-addon2\">@<\/span>\n          <input id=\"list_filter_input\" type=\"email\" class=\"form-control\" placeholder=\"Ange din email eller bokningsnummer\" aria-describedby=\"sizing-addon2\">\n        <\/div>\n        <button id=\"list_filter_button\" class=\"btn btn-primary\">Visa mitt program<\/button>\n\n    <\/div>\n\n    <div id=\"personal_filter_user_information\" style=\"display: none;\">\n      <i class=\"fa fa-user fa-2x\" aria-hidden=\"true\"><\/i><span id=\"personal_information\"><\/span>\n      <button id=\"list_filter_button_print\" class=\"btn btn-success hide\"><i class=\"fa fa-print\" aria-hidden=\"true\"><\/i><\/button>\n      <button id=\"list_filter_button_reset\" class=\"btn btn-danger hide\">\u00c5terst\u00e4ll<\/button>\n    <\/div>\n\n    <div id=\"list_calendar_container\" style='display: none;'>\n\n      <div id=\"list_filter_alert_div_not_found\" class=\"alert alert-info hide\" role=\"alert\">\n          <span>\n            Anv\u00e4ndaren kunde inte hittas. Var god f\u00f6rs\u00f6k igen.          <\/span>\n      <\/div>\n\n      <div id=\"list_filter_alert_div_error\" class=\"alert alert-info hide\" role=\"alert\">\n          <span>\n            Det uppstod ett problem n\u00e4r ditt program skulle h\u00e4mtas. Var god f\u00f6rs\u00f6k igen.          <\/span>\n      <\/div>\n\n      <div id=\"list_calendar_container_inner\" style=\"height: 1000px;\">\n\n          <div class='list_header' data-day='0' style='background-color: rgba(32, 132, 196, 0.83); color: rgba(255, 255, 255, 1);'>Tisdag 12 september<\/div>\n          <div class=\"box-wrapper\"\n              data-id=\"1017\">\n\n              <div class='time-header'>08:30<\/div>\n\n              <div class=\"box\"\n                data-id=\"1017\"\n                data-project=\"project_276_2017_03_27\"\n                data-title=\"SFMR - Introduktion iGuide\"\n                data-time=\"08:30-10:00\"\n                data-room=\"Pressl\u00e4ktaren\"\n                data-room-id=\"1013\"\n                data-room-name=\"Pressl\u00e4ktaren\"\n                data-day=\"0\"\n                data-abs-nbr=\"\"\n                data-abs-path=\"\"\n                data-speaker=\"Stefan  Thunberg; Anders Frank; Marcel Wassink; Henriettae St\u00e5hlbrandt; Lars Lindeberg; Mats Osbeck\"\n                data-speakercell=\"Stefan  Thunberg; Anders Frank; Marcel Wassink; Henriettae St\u00e5hlbrandt; Lars Lindeberg; Mats Osbeck\"\n                data-info=\"&lt;b&gt;Moderatorer: &lt;\/b&gt;Stefan  Thunberg&lt;br&gt;&lt;br&gt; \n                 &lt;p&gt;iGuide 12\/9 kl. 8:30 \u2013 10:00&amp;nbsp;&lt;br&gt;&lt;\/p&gt; \n                 &lt;p&gt;Introduktion iGuide \u2013 remittentriktlinjer f\u00f6r r\u00f6ntgen. &lt;br&gt;Vad \u00e4r iGuide, och varf\u00f6r beh\u00f6ver vi det? &lt;br&gt;Moderator: Stefan Thunberg , SSM (Str\u00e5ls\u00e4kerhetsmyndigheten) &lt;br&gt;&lt;br&gt;F\u00f6rel\u00e4sare: &lt;br&gt;8.30-8.35 Stefan Thunberg, SSM- Introduktion &lt;br&gt;8.35-8.50 Anders Frank, SSM \u2013 om \u00f6kad anv\u00e4ndning av str\u00e5lande r\u00f6ntgenunders\u00f6kningar och lagkrav p\u00e5 remittentriktlinjer &lt;br&gt;8.50-9.05 Marcel Wassink, NDSC \u2013 introduktion av iGuide (p\u00e5 engelska) &lt;br&gt;9.05-9.20 Henriett\u00e6 St\u00e5hlbrandt och Lars Lindeberg \u2013 om iGuidepilot i Region J\u00f6nk\u00f6pings l\u00e4n &lt;br&gt;9.20-9.40 Mats Osbeck, prim\u00e4rv\u00e5rdsl\u00e4kare \u2013 hur fungerar iGuide f\u00f6r oss kliniker? &lt;br&gt;9.40-10.00 Diskussion&lt;br&gt;&lt;\/p&gt; \n                &lt;br&gt;&lt;br&gt;\"\n                data-category=\"SFMR - Svensk F\u00f6rening f\u00f6r Medicinsk Radiologi\"\n                data-category-ids=\"1004\"\n                data-span-all=\"\"\n              >\n\n              \n\n              <div class=\"vertical_bar\" style=\"background-color: #0099FF;\"><\/div>\n              <div class=\"box_inner\">\n                                <span>SFMR - Introduktion iGuide<\/span>\n               <br>\n               <div class=\"lecturer\"><span>Stefan  Thunberg; Anders Frank; Marcel Wassink; Henriettae St\u00e5hlbrandt; Lars Lindeberg; Mats Osbeck<\/span><\/div>\n               <div class=\"room_div \">\n                 <i class=\"list-room\">Pressl\u00e4ktaren<\/i>\n               <\/div>\n\n               <div class=\"name_time_div\">\n                <i class=\"list-time\" data-time=\"08:30\">08:30-10:00 - Tisdag 12 september<\/i>\n               <\/div>\n              <\/div>\n             <\/div>\n          <\/div>\n\n          \n          <div class=\"box-wrapper\"\n              data-id=\"1013\">\n\n              <div class='time-header' style='visibility: hidden;'>08:30<\/div>\n\n              <div class=\"box\"\n                data-id=\"1013\"\n                data-project=\"project_276_2017_03_27\"\n                data-title=\"SFR - Interprofessionell samverkan kring optimeringsarbete\"\n                data-time=\"08:30-10:00\"\n                data-room=\"Sonaten\"\n                data-room-id=\"1009\"\n                data-room-name=\"Sonaten\"\n                data-day=\"0\"\n                data-abs-nbr=\"\"\n                data-abs-path=\"\"\n                data-speaker=\"Bharti  Kataria; Tuva \u00d6hman; Jenny \u00d6man\"\n                data-speakercell=\"Bharti  Kataria; Tuva \u00d6hman; Jenny \u00d6man\"\n                data-info=\"&lt;b&gt;Moderatorer: &lt;\/b&gt;Adil Adelouni&lt;br&gt;&lt;br&gt; \n                 &lt;p&gt;&lt;span style=&quot;font-weight: bold;&quot;&gt;Interprofessionell samverkan kring optimeringsarbete&lt;\/span&gt;&lt;br&gt;&lt;br&gt;R\u00f6ntgendiagnostik \u00e4r navet i h\u00e4lso- och sjukv\u00e5rden och det inneb\u00e4r att joniserande str\u00e5lning anv\u00e4nds i allt st\u00f6rre utstr\u00e4ckning f\u00f6r att st\u00e4lla en diagnos. De senaste decennierna har antalet r\u00f6ntgenunders\u00f6kningar \u00f6kat tack vare den tekniska utvecklingen, vilket har medf\u00f6rt en \u00f6kad bestr\u00e5lning av befolkningen och associerade risker. I en del fall kan dessa doser vara h\u00f6gre \u00e4n n\u00f6dv\u00e4ndig f\u00f6r diagnos och de varierar dessutom mellan institutioner. De tre grundprinciperna inom str\u00e5lskydd \u00e4r ber\u00e4ttigande, optimering och begr\u00e4nsning. Optimeringsarbetet \u00e4r en viktig del av all r\u00f6ntgenverksamhet f\u00f6r att garantera s\u00e4kerheten f\u00f6r v\u00e5ra patienter f\u00f6r att anv\u00e4nda minsta m\u00f6jliga dos, men samtidigt s\u00e4kerst\u00e4lla att den \u00f6nskade diagnostiska informationen erh\u00e5lls. Det \u00e4r en process som kr\u00e4ver samarbete \u00f6ver professionsgr\u00e4nser. Institutioner beh\u00f6ver bed\u00f6ma doser, j\u00e4mf\u00f6ra diagnostiska referensv\u00e4rden (b\u00e5de interna och externa) och utveckla strategier f\u00f6r att uppn\u00e5 rimliga dosniv\u00e5er f\u00f6r samtliga unders\u00f6kningar. Har vi i Region \u00d6sterg\u00f6tland uppn\u00e5tt det? V\u00e4lkomna in till en demonstration av det interprofessionella samarbetet kring optimeringen i \u00d6sterg\u00f6tland&lt;br&gt;&lt;\/p&gt; \n                &lt;br&gt;&lt;br&gt;\"\n                data-category=\"SFR - Svensk F\u00f6rening f\u00f6r R\u00f6ntgensjuksk\u00f6terskor\"\n                data-category-ids=\"1007\"\n                data-span-all=\"\"\n              >\n\n              \n\n              <div class=\"vertical_bar\" style=\"background-color: #33CC66;\"><\/div>\n              <div class=\"box_inner\">\n                                <span>SFR - Interprofessionell samverkan kring optimeringsarbete<\/span>\n               <br>\n               <div class=\"lecturer\"><span>Bharti  Kataria; Tuva \u00d6hman; Jenny \u00d6man<\/span><\/div>\n               <div class=\"room_div \">\n                 <i class=\"list-room\">Sonaten<\/i>\n               <\/div>\n\n               <div class=\"name_time_div\">\n                <i class=\"list-time\" data-time=\"08:30\">08:30-10:00 - Tisdag 12 september<\/i>\n               <\/div>\n              <\/div>\n             <\/div>\n          <\/div>\n\n          \n          <div class=\"box-wrapper\"\n              data-id=\"1015\">\n\n              <div class='time-header' style='visibility: hidden;'>08:30<\/div>\n\n              <div class=\"box\"\n                data-id=\"1015\"\n                data-project=\"project_276_2017_03_27\"\n                data-title=\"ST-kurs Ultraljud SFMU\"\n                data-time=\"08:30-12:00\"\n                data-room=\"Backstage\"\n                data-room-id=\"1005\"\n                data-room-name=\"Backstage\"\n                data-day=\"0\"\n                data-abs-nbr=\"\"\n                data-abs-path=\"\"\n                data-speaker=\"\"\n                data-speakercell=\"\"\n                data-info=\" \n                 &lt;p&gt;Basal ST-kurs i ultraljudsv\u00e4gledda punktioner Svensk F\u00f6rening f\u00f6r Medicinsk Ultraljudsdiagnostik h\u00e5ller \u00e5ter en kurs i basal punktionsteknik f\u00f6r ST-l\u00e4kare - men f\u00f6rmiddagens f\u00f6rel\u00e4sningar \u00e4r \u00f6ppna f\u00f6r alla, s\u00e5 \u00e4ldre kollegor som kanske k\u00e4nner sig ringrostiga och i behov av en &quot;refresher course&quot; \u00e4r ocks\u00e5 varmt v\u00e4lkomna. Teoretiskt genomg\u00e5ng p\u00e5 f\u00f6rmiddagen om vad man b\u00f6r t\u00e4nka p\u00e5 vid alla olika typer av ultraljudsv\u00e4gledda punktioner som f\u00f6rekommer p\u00e5 r\u00f6ntgen, samt genomg\u00e5ng i hur man kan tr\u00e4na tekniken sj\u00e4lv p\u00e5 hemmaplan. Eftermiddagens praktiska \u00f6vningar \u00e4r dock till f\u00f6r de som antagits p\u00e5 ST-kursen (och endast de kommer f\u00e5 kursintyg). &lt;br&gt;&lt;br&gt;kl 8.30-9.15 Introduktion + biopsi i parenkymat\u00f6sa organ (med fast vinkel). Dr Sara Sehlstedt, \u00d6verl\u00e4kare R\u00f6ntgenavd, \u00d6stersunds Sjukhus &lt;br&gt;&lt;br&gt;kl 9.15-10.00 Br\u00f6stpunktioner och frihandsteknik. Dr Tryggve Eriksson, \u00d6verl\u00e4kare, Mammografiavd \u00d6stersunds Sjukhus kl &lt;br&gt;&lt;br&gt;10.30-11.15: Ultraljudsv\u00e4gledda dr\u00e4nage: pleura, ascites och abcesser. Dr Jesper Danielsson, \u00d6verl\u00e4kare, Capio St G\u00f6rans Sjukhus &lt;br&gt;&lt;br&gt;11.15-12.00 : Demonstration av punktions\u00f6vningar, inf\u00f6r eftermiddagens praktiska moment (samtliga f\u00f6rel\u00e4sare). &lt;br&gt;&lt;br&gt;kl 13.30-16.30 (??) Hela eftermiddagen \u00e4gnas \u00e5t praktiska \u00f6vningar med ultraljud p\u00e5 preparat i sm\u00e5grupper, med handledare fr\u00e5n SFMU. Endast f\u00f6r de som antagits p\u00e5 STkursen. Gruppindelning sker under f\u00f6rmiddagen.&lt;br&gt;&lt;\/p&gt; \n                &lt;br&gt;&lt;br&gt;\"\n                data-category=\"ST-kurser \/ Ungt forum\"\n                data-category-ids=\"1005\"\n                data-span-all=\"\"\n              >\n\n              \n\n              <div class=\"vertical_bar\" style=\"background-color: #99FFFF;\"><\/div>\n              <div class=\"box_inner\">\n                                <span>ST-kurs Ultraljud SFMU<\/span>\n               <br>\n               \n               <div class=\"room_div \">\n                 <i class=\"list-room\">Backstage<\/i>\n               <\/div>\n\n               <div class=\"name_time_div\">\n                <i class=\"list-time\" data-time=\"08:30\">08:30-12:00 - Tisdag 12 september<\/i>\n               <\/div>\n              <\/div>\n             <\/div>\n          <\/div>\n\n          \n          <div class=\"box-wrapper\"\n              data-id=\"1014\">\n\n              <div class='time-header' style='visibility: hidden;'>08:30<\/div>\n\n              <div class=\"box\"\n                data-id=\"1014\"\n                data-project=\"project_276_2017_03_27\"\n                data-title=\"Sponsorer: Framtidens CT-detektorer\"\n                data-time=\"08:30-10:00\"\n                data-room=\"Operetten\"\n                data-room-id=\"1010\"\n                data-room-name=\"Operetten\"\n                data-day=\"0\"\n                data-abs-nbr=\"\"\n                data-abs-path=\"\"\n                data-speaker=\"Mats  Danielsson\"\n                data-speakercell=\"Mats  Danielsson\"\n                data-info=\" \n                 &lt;p&gt;09.15 - 10.00 GE Healthcare: Framtidens CT-detektorer&lt;\/p&gt; \n                &lt;br&gt;&lt;br&gt;\"\n                data-category=\"Sponsorer\"\n                data-category-ids=\"1014\"\n                data-span-all=\"\"\n              >\n\n              \n\n              <div class=\"vertical_bar\" style=\"background-color: #CC33FF;\"><\/div>\n              <div class=\"box_inner\">\n                                <span>Sponsorer: Framtidens CT-detektorer<\/span>\n               <br>\n               <div class=\"lecturer\"><span>Mats  Danielsson<\/span><\/div>\n               <div class=\"room_div \">\n                 <i class=\"list-room\">Operetten<\/i>\n               <\/div>\n\n               <div class=\"name_time_div\">\n                <i class=\"list-time\" data-time=\"08:30\">08:30-10:00 - Tisdag 12 september<\/i>\n               <\/div>\n              <\/div>\n             <\/div>\n          <\/div>\n\n          \n          <div class=\"box-wrapper\"\n              data-id=\"1022\">\n\n              <div class='time-header' style='visibility: hidden;'>08:30<\/div>\n\n              <div class=\"box\"\n                data-id=\"1022\"\n                data-project=\"project_276_2017_03_27\"\n                data-title=\"RAM-kurs\"\n                data-time=\"08:30-10:00\"\n                data-room=\"Loge 5\"\n                data-room-id=\"1016\"\n                data-room-name=\"Loge 5\"\n                data-day=\"0\"\n                data-abs-nbr=\"\"\n                data-abs-path=\"\"\n                data-speaker=\"Staffan Wirell; Anders von Heijne; Marcus Casselgren; Charalampos Georgiopoulos; Kada Karlsson; Joar Bj\u00f6rk\"\n                data-speakercell=\"Staffan Wirell; Anders von Heijne; Marcus Casselgren; Charalampos Georgiopoulos; Kada Karlsson; Joar Bj\u00f6rk\"\n                data-info=\"\"\n                data-category=\"RAM-kurs\"\n                data-category-ids=\"1016\"\n                data-span-all=\"\"\n              >\n\n              \n\n              <div class=\"vertical_bar\" style=\"background-color: #66FFCC;\"><\/div>\n              <div class=\"box_inner\">\n                                <span>RAM-kurs<\/span>\n               <br>\n               <div class=\"lecturer\"><span>Staffan Wirell; Anders von Heijne; Marcus Casselgren; Charalampos Georgiopoulos; Kada Karlsson; Joar Bj\u00f6rk<\/span><\/div>\n               <div class=\"room_div \">\n                 <i class=\"list-room\">Loge 5<\/i>\n               <\/div>\n\n               <div class=\"name_time_div\">\n                <i class=\"list-time\" data-time=\"08:30\">08:30-10:00 - Tisdag 12 september<\/i>\n               <\/div>\n              <\/div>\n             <\/div>\n          <\/div>\n\n          \n          <div class=\"box-wrapper\"\n              data-id=\"1016\">\n\n              <div class='time-header' style='visibility: hidden;'>08:30<\/div>\n\n              <div class=\"box\"\n                data-id=\"1016\"\n                data-project=\"project_276_2017_03_27\"\n                data-title=\"ST-kurs Radiofysik - Specialistkurs: Str\u00e5lningsdosimetri vid r\u00f6ntgendiagnostik och interventionell radiologi\"\n                data-time=\"08:30-16:45\"\n                data-room=\"Duetten\"\n                data-room-id=\"1011\"\n                data-room-name=\"Duetten\"\n                data-day=\"0\"\n                data-abs-nbr=\"\"\n                data-abs-path=\"\"\n                data-speaker=\"\"\n                data-speakercell=\"\"\n                data-info=\" \n                 &lt;p&gt;Kursm\u00e5l: &lt;br&gt;Kursens \u00f6vergripande m\u00e5l \u00e4r att deltagarna ska f\u00e5 en f\u00f6rdjupad f\u00f6rm\u00e5ga att m\u00e4ta och analysera patient-, personal- och organstr\u00e5ldoser och f\u00e5 en b\u00e4ttre f\u00f6rst\u00e5else f\u00f6r de dosimetriska utmaningarna f\u00f6rknippade med moderna radiologiska system. Kursen syftar ocks\u00e5 till att f\u00e5 en f\u00f6rdjupad f\u00f6rst\u00e5else f\u00f6r dosimeterkalibrering och uppskattning av m\u00e4tos\u00e4kerhet enligt GUM. Denna kunskap kan inte till fullo tillgodoses inom ramen f\u00f6r den grundl\u00e4ggande utbildningen av sjukhusfysiker. &lt;br&gt;&lt;br&gt;M\u00e5lgrupp: Legitimerade sjukhusfysiker och sjukhusfysiker under ST-utbildning. Kursen rekommenderas till sjukhusfysiker som deltar i CPD programmet. Kursen kan ges som forskarutbildningskurs inom medicinsk radiofysik\/str\u00e5lningsfysik d\u00e5 med f\u00f6rdjupningsuppgift som beslutas i samr\u00e5d med examinator. &lt;br&gt;&lt;br&gt;&lt;\/p&gt; \n                 &lt;ul&gt; \n                  &lt;li&gt;Kursinneh\u00e5ll: Kursen omfattar dosimetri vid r\u00f6ntgenunders\u00f6kningar s\u00e5 som radiografi, konstr\u00e5le-CT, mammografi, datortomografi samt radiologisk intervention. Os\u00e4kerhetsuppskattningar av organstr\u00e5ldoser, kalibrering och utveckling av dosimetrar f\u00f6r uppskattning av patient- och personaldoser ing\u00e5r ocks\u00e5. Kursen har f\u00f6rel\u00e4sningar inom dessa omr\u00e5den: &lt;br&gt;\u00b7 Dosimetri vid mammografi inklusive br\u00f6sttomosyntes &lt;br&gt;\u00b7 Kalibrering av kerma-area produktm\u00e4tare och solid state detektorer &lt;br&gt;\u00b7 Os\u00e4kerhetsuppskattningar enligt GUM &lt;br&gt;\u00b7 Dosimetri vid datortomografi med breda str\u00e5lf\u00e4lt &lt;br&gt;\u00b7 Dosimetri vid radiologisk intervention &lt;br&gt;\u00b7 Dosimetri vid konstr\u00e5le-CT vid odontologisk radiologi &lt;br&gt;\u00b7 Gr\u00e4nsskiktsdosimetri &lt;br&gt;\u00b7 Kalibrering av dosimetrar och sp\u00e5rbarhet av dosimetriska storheter &lt;br&gt;&lt;br&gt;Rekommenderade f\u00f6rberedelser: Det \u00e4r \u00f6nskv\u00e4rt du som deltagare i f\u00f6rv\u00e4g har reflekterat \u00f6ver vilka omr\u00e5de som du beh\u00f6ver utvecklas inom. Om du l\u00e4ser kursen som forskarutbildningskurs b\u00f6r du innan kursstart ha definierat en f\u00f6rdjupningsuppgift.&amp;nbsp;&lt;br&gt;&lt;\/li&gt; \n                 &lt;\/ul&gt; \n                 &lt;br&gt;Examinator: michael.sandborg@regionostergotland.se \n                 &lt;br&gt; \n                 &lt;p&gt;&lt;\/p&gt; \n                &lt;br&gt;&lt;br&gt;\"\n                data-category=\"ST-kurser \/ Ungt forum\"\n                data-category-ids=\"1005\"\n                data-span-all=\"\"\n              >\n\n              \n\n              <div class=\"vertical_bar\" style=\"background-color: #99FFFF;\"><\/div>\n              <div class=\"box_inner\">\n                                <span>ST-kurs Radiofysik - Specialistkurs: Str\u00e5lningsdosimetri vid r\u00f6ntgendiagnostik och interventionell radiologi<\/span>\n               <br>\n               \n               <div class=\"room_div \">\n                 <i class=\"list-room\">Duetten<\/i>\n               <\/div>\n\n               <div class=\"name_time_div\">\n                <i class=\"list-time\" data-time=\"08:30\">08:30-16:45 - Tisdag 12 september<\/i>\n               <\/div>\n              <\/div>\n             <\/div>\n          <\/div>\n\n          \n          <div class=\"box-wrapper\"\n              data-id=\"1031\">\n\n              <div class='time-header' style='visibility: hidden;'>08:30<\/div>\n\n              <div class=\"box\"\n                data-id=\"1031\"\n                data-project=\"project_276_2017_03_27\"\n                data-title=\"SFMR - Utbildningsutskottet\"\n                data-time=\"08:30-10:00\"\n                data-room=\"Solot\"\n                data-room-id=\"1012\"\n                data-room-name=\"Solot\"\n                data-day=\"0\"\n                data-abs-nbr=\"\"\n                data-abs-path=\"\"\n                data-speaker=\"Katrine  Riklund; Ola Kvist; Mattias Bjarneg\u00e5rd\"\n                data-speakercell=\"Katrine  Riklund; Ola Kvist; Mattias Bjarneg\u00e5rd\"\n                data-info=\"&lt;b&gt;Moderatorer: &lt;\/b&gt;Mattias Bjarneg\u00e5rd&lt;br&gt;&lt;br&gt; \n                 &lt;p&gt;-Presentation av Utbildningsutskottet&lt;\/p&gt;&lt;p&gt;-Nytt om SPUR&lt;br&gt;&lt;\/p&gt;&lt;p&gt;-Nytt och nyttigt om EDiR \u2013 European Diploma in Radiology.&lt;br&gt;&lt;\/p&gt; \n                &lt;br&gt;&lt;br&gt;\"\n                data-category=\"SFMR - Svensk F\u00f6rening f\u00f6r Medicinsk Radiologi\"\n                data-category-ids=\"1004\"\n                data-span-all=\"\"\n              >\n\n              \n\n              <div class=\"vertical_bar\" style=\"background-color: #0099FF;\"><\/div>\n              <div class=\"box_inner\">\n                                <span>SFMR - Utbildningsutskottet<\/span>\n               <br>\n               <div class=\"lecturer\"><span>Katrine  Riklund; Ola Kvist; Mattias Bjarneg\u00e5rd<\/span><\/div>\n               <div class=\"room_div \">\n                 <i class=\"list-room\">Solot<\/i>\n               <\/div>\n\n               <div class=\"name_time_div\">\n                <i class=\"list-time\" data-time=\"08:30\">08:30-10:00 - Tisdag 12 september<\/i>\n               <\/div>\n              <\/div>\n             <\/div>\n          <\/div>\n\n          \n          <div class=\"box-wrapper\"\n              data-id=\"1020\">\n\n              <div class='time-header' style='visibility: hidden;'>08:30<\/div>\n\n              <div class=\"box\"\n                data-id=\"1020\"\n                data-project=\"project_276_2017_03_27\"\n                data-title=\"Ultraljudsf\u00f6reningen, Hands-on workshop\"\n                data-time=\"08:30-10:00\"\n                data-room=\"Loge 6\"\n                data-room-id=\"1015\"\n                data-room-name=\"Loge 6\"\n                data-day=\"0\"\n                data-abs-nbr=\"\"\n                data-abs-path=\"\"\n                data-speaker=\"\"\n                data-speakercell=\"\"\n                data-info=\"\n                 &lt;p&gt;Workshops, handson och demonstrationer av ultraljud&lt;\/p&gt;\n                 &lt;p&gt;&lt;i&gt;Okej, vi erk\u00e4nner \u2013 vi \u00e4r ett g\u00e4ng ultraljudsn\u00f6rdar som \u00e5terstartat SFMU. P\u00e5 R\u00f6ntgenveckan hittar vi ocks\u00e5 de allra senaste ultraljudsmaskinerna, det \u00e4r rena julaftonen!&lt;br&gt;&lt;\/i&gt;&lt;i&gt;F\u00f6r att sprida v\u00e5r entusiasm \u00f6ver ultraljud har vi sessioner i Loge 4+6 p\u00e5 R\u00f6ntgenveckan, d\u00e4r vi kan tr\u00e4na ultraljud p\u00e5 riktigt. H\u00e4ng p\u00e5 n\u00e4r vi visar upp v\u00e5ra favoritunders\u00f6kningar!&lt;br&gt;&lt;\/i&gt;&lt;i&gt;OBS- ingen bokning, f\u00f6rst till kvarn g\u00e4ller ... V\u00e4lkomna!&lt;\/i&gt;&lt;\/p&gt;\n                 &lt;p&gt;&lt;i&gt;Bli medlem? &amp;nbsp;Maila: sfmu.sfmu@gmail.com&lt;br&gt;&lt;\/i&gt;&lt;\/p&gt;\n                 &lt;p&gt;&lt;b&gt;Tisdag 12 sept:&lt;\/b&gt;&lt;\/p&gt;\n                 &lt;p&gt;&lt;b&gt;Kl 12.45-13.30: Muskuloskeletalt ultraljud, ffa axlar.&amp;nbsp;&amp;nbsp;&lt;\/b&gt;Dr Laszlo Toth, Hudiksvalls Sjukhus&lt;\/p&gt;\n                 &lt;p&gt;&lt;\/p&gt;\n                 &lt;p&gt;&lt;b&gt;Kl 13.30-16.45 Biopsitr\u00e4ning p\u00e5 preparat\u2013 enbart f\u00f6r deltagare p\u00e5 ST-kurs i ultraljudsv\u00e4gledda punktioner.&lt;br&gt;&lt;br&gt;&lt;\/b&gt;&lt;\/p&gt;\n                 &lt;p&gt;&lt;b&gt;Onsdag 13 sept:&lt;\/b&gt;&lt;\/p&gt;\n                 &lt;p&gt;&lt;b&gt;Kl 8.30-9.45: \u201dAkut ultraljud \u2013 EFAST, POCUS, och annat man g\u00f6r p\u00e5 akutrummet\u2026\u201d&amp;nbsp;&lt;\/b&gt;Dr Jesper Danielsson, St G\u00f6rans Sjukhus&lt;\/p&gt;\n                 &lt;p&gt;&lt;b&gt;Kl 8.30-9.45: \u201dLeverelastografi, demo och hands-on&lt;\/b&gt;\u201d. Sonograf Marie Byenfeldt, \u00d6stersunds Sjukhus.&lt;\/p&gt;\n                 &lt;p&gt;&lt;b&gt;Kl 10.00-11.00: \u00c5rsm\u00f6te SFMU&lt;\/b&gt;&lt;\/p&gt;\n                 &lt;p&gt;&lt;b&gt;Kl 11.00-12.15 : \u201dFria fl\u00f6den? Doppler av perifera och centrala blodk\u00e4rl\u201d.&amp;nbsp;&lt;\/b&gt;&amp;nbsp;Dr Kristina Dahlstr\u00f6m, Faluns Sjukhus&lt;b&gt;&lt;\/b&gt;&lt;\/p&gt;\n                 &lt;p&gt;&lt;b&gt;Kl 11.00-12.15: : \u201dMuskuloskeletalt ultraljud, ffa axlar\u201d.&amp;nbsp;&lt;\/b&gt;Dr Laszlo Toth, Hudiksvalls Sjukhus&lt;b&gt;&lt;\/b&gt;&lt;\/p&gt;\n                 &lt;p&gt;&lt;b&gt;13.30-14.45: \u201dBiopsitr\u00e4ning \u2013 ultraljudsv\u00e4gledda punktioner, demonstration och praktisk \u00f6vning p\u00e5 preparat\u201d.&lt;\/b&gt;&amp;nbsp;Dr Stefan H\u00f6rnlund, Sundsvalls sjukhus&lt;\/p&gt;\n                 &lt;p&gt;&lt;b&gt;13.30-14.45 \u201dSonograf? Prova-p\u00e5-ultraljud f\u00f6r nyfikna r\u00f6ntgensjuksk\u00f6terskor\u201d.&lt;\/b&gt;&amp;nbsp;Sonograf Karin Asplund, Astrid Lindgrens Barnsjukhus&lt;\/p&gt;\n                 &lt;p&gt;&lt;b&gt;Kl 15.45-16.45: \u201dFusion av MR-buk och ultraljud, demonstration live och praktisk&amp;nbsp;&lt;\/b&gt;\u00f6vning\u201d.&amp;nbsp;&amp;nbsp; Dr Sara Sehlstedt, \u00d6stersunds Sjukhus&lt;\/p&gt;\n                 &lt;p&gt;&lt;b&gt;Kl 15.45-16.45&lt;\/b&gt;:&amp;nbsp;&lt;b&gt;\u201dSonograf? Prova-p\u00e5-ultraljud f\u00f6r nyfikna r\u00f6ntgensjuksk\u00f6terskor\u201d.&amp;nbsp;&lt;\/b&gt;Sonograf Maria Zetterman, Astrid Lindgrens Barnsjukhus&lt;br&gt;&lt;br&gt;Torsdag 14 sept.&lt;\/p&gt;\n                 &lt;p&gt;&lt;b&gt;Kl 9.50-10.45: &amp;nbsp;\u201dUltraljudsv\u00e4gledda biopsier, demo och praktisk \u00f6vning p\u00e5 preparat\u201d.&amp;nbsp;&amp;nbsp;&lt;\/b&gt;Dr Stefan H\u00f6rnlund, Sundsvalls Sjukhus.&lt;\/p&gt;\n                 &lt;p&gt;&lt;b&gt;Kl 13.30-15.00: \u201dMuskuloskeletalt ultraljud,&amp;nbsp; fr\u00e4mst \u00f6vre extremitet\u201d.&lt;\/b&gt;&amp;nbsp;Dr David Wilson och Dr Gina Allen, Oxford samt Dr Magnus Hjelm, G\u00e4vle Sjukhus och Dr Johan Krause, Uppsala Akademiska Sjukhus.&lt;\/p&gt;\n                 &lt;p&gt;&lt;b&gt;Kl 15.45-16.45:&lt;\/b&gt;&amp;nbsp;&lt;b&gt;\u201dMuskuloskeletalt ultraljud,&amp;nbsp; fr\u00e4mst nedre extremitet\u201d.&lt;\/b&gt;&amp;nbsp;Dr David Wilson och Dr Gina Allen, Oxford samt Dr Magnus Hjelm, G\u00e4vle Sjukhus och Dr Johan Krause, Uppsala Akademiska Sjukhus&lt;b&gt;&lt;\/b&gt;&lt;\/p&gt;\n                 &lt;p&gt;&lt;i&gt;&lt;br&gt;&lt;\/i&gt;&lt;\/p&gt;\n                &lt;br&gt;&lt;br&gt;\"\n                data-category=\"Ultraljudsf\u00f6reningens hands-on\"\n                data-category-ids=\"1015\"\n                data-span-all=\"\"\n              >\n\n              \n\n              <div class=\"vertical_bar\" style=\"background-color: #FFCCFF;\"><\/div>\n              <div class=\"box_inner\">\n                                <span>Ultraljudsf\u00f6reningen, Hands-on workshop<\/span>\n               <br>\n               \n               <div class=\"room_div \">\n                 <i class=\"list-room\">Loge 6<\/i>\n               <\/div>\n\n               <div class=\"name_time_div\">\n                <i class=\"list-time\" data-time=\"08:30\">08:30-10:00 - Tisdag 12 september<\/i>\n               <\/div>\n              <\/div>\n             <\/div>\n          <\/div>\n\n          \n          <div class=\"box-wrapper\"\n              data-id=\"1010\">\n\n              <div class='time-header' style='visibility: hidden;'>08:30<\/div>\n\n              <div class=\"box\"\n                data-id=\"1010\"\n                data-project=\"project_276_2017_03_27\"\n                data-title=\"Temadag Neuro - \\\"Subocklusion av karotisk\u00e4rlen: L\u00e4tt att missa, l\u00e4tt att missta\\\"\"\n                data-time=\"08:30-10:00\"\n                data-room=\"Operan\"\n                data-room-id=\"1004\"\n                data-room-name=\"Operan\"\n                data-day=\"0\"\n                data-abs-nbr=\"\"\n                data-abs-path=\"\"\n                data-speaker=\"Elias Johansson\"\n                data-speakercell=\"Elias Johansson\"\n                data-info=\"&lt;b&gt;Moderatorer: &lt;\/b&gt;Magnus Kaijser&lt;br&gt;&lt;br&gt; \n                 &lt;p&gt;&quot;Subocklusion av karotisk\u00e4rlen: L\u00e4tt att missa, l\u00e4tt att missta&quot;&lt;br&gt;&lt;br&gt;Elias Johansson, farmakologi och klinisk neurovetenskap, Ume\u00e5 Universitet &lt;br&gt;&lt;br&gt;Karotissubocklusion (\u201dcarotid near-occlusion\u201d) \u00e4r en mycket t\u00e4t aterosklerotisk karotisstenos; s\u00e5 t\u00e4t att art\u00e4ren distalt om stenosen minskar i storlek (\u201dkollapsar\u201d). Hos patienter med symtomatisk karotisstenos \u00e4r risken f\u00f6r \u00e5terinsjuknande h\u00f6g vid konventionell t\u00e4t stenos (utan kollaps), men mycket l\u00e4gre vid subocklusion. Operations-\/stentindikation kan avg\u00f6ras av om stenosen \u00e4r konventionell eller en subocklusion, varf\u00f6r det \u00e4r kliniskt relevant att skilja dessa tv\u00e5 tillst\u00e5nd. Det ter sig finnas en utbredd tro att subocklusion \u00e4r ovanligt och enbart avser uttalad k\u00e4rlkollaps (s\u00e5 kallad \u201dstring sign\u201d) som ses p\u00e5 angiografi och har motsvarighet med l\u00e5ga fl\u00f6deshastigheter i stenosen p\u00e5 ultraljud. Detta \u00e4r dock felaktigt, \u00e4ven m\u00e5ttliga k\u00e4rlkollaps ing\u00e5r i subocklusion. Pga av detta missf\u00f6rst\u00e5nd \u00e4r det arbetss\u00e4ttet som anv\u00e4nds i rutinsjukv\u00e5rd inte anpassat till att hitta m\u00e5ttliga kollapser. Subocklusioner missas systematiskt i rutinsjukv\u00e5rd; dels f\u00f6r att m\u00e5ttliga subocklusioner (m\u00e5ttlig kollaps) misstas f\u00f6r ingen kollaps och men \u00e4ven f\u00f6r att man kan missta mycket uttalad subocklusion f\u00f6r ocklusion. Dessutom finns det flera snarlika tillst\u00e5nd som kan misstas f\u00f6r subocklusion, s\u00e5 det finns risk f\u00f6r \u00f6verdiagnostik. &lt;br&gt;&lt;br&gt;I detta f\u00f6redrag kommer jag ber\u00e4tta vad forskningsstudier egentligen visat och vad som d\u00e4rf\u00f6r egentligen b\u00f6r ing\u00e5 i diagnosen subocklusion samt hur detta ser ut p\u00e5 angiografi och ultraljud. Fokus kommer ligga p\u00e5 demonstrationstolkningar av DT-angiografi: Jag kommer demonstrera ett systematiskt arbetss\u00e4tt f\u00f6r att skilja subocklusion fr\u00e5n snarlika tillst\u00e5nd. Detta arbetss\u00e4tt anv\u00e4ndes i de stora forskningsstudier som vi baserar v\u00e5ra kliniska beslut p\u00e5 och jag har f\u00e5tt l\u00e4ra mig arbetss\u00e4ttet i en forskningsstudie d\u00e4r jag granskat 4200 DT-angiografier tillsammans med den Kanadensiske neuroradiolog (Allan J Fox) som anv\u00e4nde det i dessa stora forskningsstudier. Detta arbetss\u00e4tt \u00e4r allts\u00e5 \u201dnytt\u201d i avseendet att det inte anv\u00e4nds i rutinsjukv\u00e5rd idag; men det \u00e4r egentligen inte alls nytt, utan n\u00e5got vi borde ha anv\u00e4nt i \u00e5rtionden, men pga missf\u00f6rst\u00e5nd kring vad som avses subocklusion s\u00e5 har vi inte gjort det.&amp;nbsp;&lt;br&gt;&lt;\/p&gt; \n                &lt;br&gt;&lt;br&gt;\"\n                data-category=\"SFMR - Delf\u00f6reningar\"\n                data-category-ids=\"1006\"\n                data-span-all=\"\"\n              >\n\n              \n\n              <div class=\"vertical_bar\" style=\"background-color: #6699CC;\"><\/div>\n              <div class=\"box_inner\">\n                                <span>Temadag Neuro - \"Subocklusion av karotisk\u00e4rlen: L\u00e4tt att missa, l\u00e4tt att missta\"<\/span>\n               <br>\n               <div class=\"lecturer\"><span>Elias Johansson<\/span><\/div>\n               <div class=\"room_div \">\n                 <i class=\"list-room\">Operan<\/i>\n               <\/div>\n\n               <div class=\"name_time_div\">\n                <i class=\"list-time\" data-time=\"08:30\">08:30-10:00 - Tisdag 12 september<\/i>\n               <\/div>\n              <\/div>\n             <\/div>\n          <\/div>\n\n          \n          <div class=\"box-wrapper\"\n              data-id=\"1009\">\n\n              <div class='time-header' style='visibility: hidden;'>08:30<\/div>\n\n              <div class=\"box\"\n                data-id=\"1009\"\n                data-project=\"project_276_2017_03_27\"\n                data-title=\"Fria f\u00f6redrag\"\n                data-time=\"08:30-10:00\"\n                data-room=\"Musikalen\"\n                data-room-id=\"1003\"\n                data-room-name=\"Musikalen\"\n                data-day=\"0\"\n                data-abs-nbr=\"\"\n                data-abs-path=\"\"\n                data-speaker=\"Rebecca Strengbom; Cecilia Balts\u00e9n; Elin Wiberg; Aziza Adem; Sofia Wiberg; Johan Wittgren; Simon Borkmann; Nabi  Fatahi; Kaveh Shahgeldi; Hanna Lundberg\"\n                data-speakercell=\"Rebecca Strengbom; Cecilia Balts\u00e9n; Elin Wiberg; Aziza Adem; Sofia Wiberg; Johan Wittgren; Simon Borkmann; Nabi  Fatahi; Kaveh Shahgeldi; Hanna Lundberg\"\n                data-info=\"&lt;b&gt;Moderatorer: &lt;\/b&gt;Nils Dahlstr\u00f6m&lt;br&gt;&lt;br&gt;\n                 &lt;p&gt;F\u00f6redrag:&lt;\/p&gt;\n                 &lt;p&gt;Evaluation of Growth Patterns of Colorectal Liver Metastases Using&amp;nbsp;18F-FDG PET\/CT and MRI:&lt;br&gt;&lt;em&gt;Rebecca Strengbom, Ume\u00e5&lt;\/em&gt;&lt;\/p&gt;\n                 &lt;p&gt;&lt;a href=&quot;http:\/\/www.trippus.se\/eventus\/userfiles\/85864.pdf&quot;&gt;L\u00e4s mer h\u00e4r! &amp;nbsp;&amp;nbsp;&lt;\/a&gt;&lt;\/p&gt;\n                 &lt;p&gt;R\u00f6ntgensjuksk\u00f6terskans upplevelse av att arbeta med externa granskare under jourtid:&lt;br&gt;&lt;em&gt;Cecilia Balts\u00e9n &amp;amp; Elin Wiberg, J\u00f6nk\u00f6png&lt;\/em&gt;&lt;\/p&gt;\n                 &lt;p&gt;&lt;a href=&quot;http:\/\/www.trippus.se\/eventus\/userfiles\/85865.pdf&quot;&gt;L\u00e4s mer h\u00e4r! &amp;nbsp;&amp;nbsp;&lt;\/a&gt;&lt;\/p&gt;\n                 &lt;p&gt;Tredimensionell utskrift av hj\u00e4rtats f\u00f6rmaks\u00f6ra - preoperativ simulering inf\u00f6r perkutan st\u00e4ngning:&lt;br&gt;&lt;em&gt;Aziza Adem, Stockholm&lt;\/em&gt;&lt;\/p&gt;\n                 &lt;p&gt;&lt;a href=&quot;http:\/\/www.trippus.se\/eventus\/userfiles\/85867.pdf&quot;&gt;L\u00e4s mer h\u00e4r! &amp;nbsp;&amp;nbsp;&lt;\/a&gt;&lt;\/p&gt;\n                 &lt;p&gt;\u00c4rrbr\u00e5ckfrekvens detekterad med datortomografi ett \u00e5r efter \u00f6ppen kolorektalcancerkirurgi:&lt;br&gt;&lt;em&gt;Sofia Wiberg &amp;amp; Johan Wittgren, Lund&lt;\/em&gt;&lt;\/p&gt;\n                 &lt;p&gt;&lt;a href=&quot;http:\/\/www.trippus.se\/eventus\/userfiles\/85868.pdf&quot;&gt;L\u00e4s mer h\u00e4r! &amp;nbsp;&amp;nbsp;&lt;\/a&gt;&lt;\/p&gt;\n                 &lt;p&gt;F\u00f6rekomst och karakteristik av f\u00f6rbisedda njurcancertum\u00f6rer: radiologisk eftergranskning:&lt;br&gt;&lt;em&gt;Simon Borkmann, G\u00f6teborg&lt;\/em&gt;&lt;\/p&gt;\n                 &lt;p&gt;&lt;a href=&quot;http:\/\/www.trippus.se\/eventus\/userfiles\/85870.pdf&quot;&gt;L\u00e4s mer h\u00e4r! &amp;nbsp;&amp;nbsp;&lt;\/a&gt;&lt;\/p&gt;\n                 &lt;p&gt;\u00f6ntgenpersonalens upplevelse av sv\u00e5righeter och m\u00f6jligheter i den interprofessionella kommunikationen inom r\u00f6ntgenavdelningen och gentemot remitterande avdelningar:&lt;br&gt;&lt;em&gt;Nabi Fatahi, G\u00f6teborg&lt;\/em&gt;&lt;\/p&gt;\n                 &lt;p&gt;&lt;a href=&quot;http:\/\/www.trippus.se\/eventus\/userfiles\/85872.pdf&quot;&gt;L\u00e4s mer h\u00e4r! &amp;nbsp;&amp;nbsp;&lt;\/a&gt;&lt;\/p&gt;\n                 &lt;p&gt;Dose assessment of recently introduced low-dose protocol in computed tomography pelvimetry in comparison to conventional techniques:&lt;br&gt;&lt;em&gt;Kaveh Shahgeldi, G\u00e4vle&lt;\/em&gt;&lt;\/p&gt;\n                 &lt;p&gt;&lt;a href=&quot;http:\/\/www.trippus.se\/eventus\/userfiles\/85873.pdf&quot;&gt;L\u00e4s mer h\u00e4r! &amp;nbsp;&amp;nbsp;&lt;\/a&gt;&lt;\/p&gt;\n                 &lt;p&gt;Faktorer inverkande p\u00e5 tillf\u00f6rlitligheten vid anv\u00e4ndandet av kalibreringsreferens i den preoperativa h\u00f6ftr\u00f6ntgenunders\u00f6kning - ur ett r\u00f6ntgensjuksk\u00f6terskeperspektiv:&lt;br&gt;&lt;em&gt;Hanna Lundberg, Stockholm&lt;\/em&gt;&lt;\/p&gt;\n                 &lt;p&gt;&lt;a href=&quot;http:\/\/www.trippus.se\/eventus\/userfiles\/85875.pdf&quot;&gt;L\u00e4s mer h\u00e4r! &amp;nbsp;&amp;nbsp;&lt;\/a&gt;&lt;\/p&gt;\n                &lt;br&gt;&lt;br&gt;\"\n                data-category=\"Vetenskapligt program\"\n                data-category-ids=\"1002\"\n                data-span-all=\"\"\n              >\n\n              \n\n              <div class=\"vertical_bar\" style=\"background-color: #FF3333;\"><\/div>\n              <div class=\"box_inner\">\n                                <span>Fria f\u00f6redrag<\/span>\n               <br>\n               <div class=\"lecturer\"><span>Rebecca Strengbom; Cecilia Balts\u00e9n; Elin Wiberg; Aziza Adem; Sofia Wiberg; Johan Wittgren; Simon Borkmann; Nabi  Fatahi; Kaveh Shahgeldi; Hanna Lundberg<\/span><\/div>\n               <div class=\"room_div \">\n                 <i class=\"list-room\">Musikalen<\/i>\n               <\/div>\n\n               <div class=\"name_time_div\">\n                <i class=\"list-time\" data-time=\"08:30\">08:30-10:00 - Tisdag 12 september<\/i>\n               <\/div>\n              <\/div>\n             <\/div>\n          <\/div>\n\n          \n          <div class=\"box-wrapper\"\n              data-id=\"1019\">\n\n              <div class='time-header' style='visibility: hidden;'>08:30<\/div>\n\n              <div class=\"box\"\n                data-id=\"1019\"\n                data-project=\"project_276_2017_03_27\"\n                data-title=\"Ultraljudsf\u00f6reningen, Hands-on workshop\"\n                data-time=\"08:30-10:00\"\n                data-room=\"Loge 4\"\n                data-room-id=\"1014\"\n                data-room-name=\"Loge 4\"\n                data-day=\"0\"\n                data-abs-nbr=\"\"\n                data-abs-path=\"\"\n                data-speaker=\"\"\n                data-speakercell=\"\"\n                data-info=\" \n                 &lt;p&gt;Workshops, handson och demonstrationer av ultraljud&lt;\/p&gt; \n                 &lt;p&gt;&lt;i&gt;Okej, vi erk\u00e4nner \u2013 vi \u00e4r ett g\u00e4ng ultraljudsn\u00f6rdar som \u00e5terstartat SFMU. P\u00e5 R\u00f6ntgenveckan hittar vi ocks\u00e5 de allra senaste ultraljudsmaskinerna, det \u00e4r rena julaftonen!&lt;br&gt;&lt;\/i&gt;&lt;i&gt;F\u00f6r att sprida v\u00e5r entusiasm \u00f6ver ultraljud har vi sessioner i Loge 4+6 p\u00e5 R\u00f6ntgenveckan, d\u00e4r vi kan tr\u00e4na ultraljud p\u00e5 riktigt. H\u00e4ng p\u00e5 n\u00e4r vi visar upp v\u00e5ra favoritunders\u00f6kningar!&lt;br&gt;&lt;\/i&gt;&lt;i&gt;OBS- ingen bokning, f\u00f6rst till kvarn g\u00e4ller ... V\u00e4lkomna!&lt;\/i&gt;&lt;\/p&gt; \n                 &lt;p&gt;&lt;i&gt;Bli medlem? &amp;nbsp;Maila: sfmu.sfmu@gmail.com&lt;br&gt;&lt;\/i&gt;&lt;\/p&gt; \n                 &lt;p&gt;&lt;b&gt;Tisdag 12 sept:&lt;\/b&gt;&lt;\/p&gt; \n                 &lt;p&gt;&lt;b&gt;Kl 12.45-13.30: Muskuloskeletalt ultraljud, ffa axlar.&amp;nbsp; &lt;\/b&gt;Dr Laszlo Toth, Hudiksvalls Sjukhus&lt;\/p&gt; \n                 &lt;p&gt; &lt;\/p&gt; \n                 &lt;p&gt;&lt;b&gt;Kl 13.30-16.45 Biopsitr\u00e4ning p\u00e5 preparat\u2013 enbart f\u00f6r deltagare p\u00e5 ST-kurs i ultraljudsv\u00e4gledda punktioner.&lt;br&gt;&lt;br&gt;&lt;\/b&gt;&lt;\/p&gt; \n                 &lt;p&gt;&lt;b&gt;Onsdag 13 sept:&lt;\/b&gt;&lt;\/p&gt; \n                 &lt;p&gt;&lt;b&gt;Kl 8.30-9.45: \u201dAkut ultraljud \u2013 EFAST, POCUS, och annat man g\u00f6r p\u00e5 akutrummet\u2026\u201d &lt;\/b&gt;Dr Jesper Danielsson, St G\u00f6rans Sjukhus&lt;\/p&gt; \n                 &lt;p&gt;&lt;b&gt;Kl 8.30-9.45: \u201dLeverelastografi, demo och hands-on&lt;\/b&gt;\u201d. Sonograf Marie Byenfeldt, \u00d6stersunds Sjukhus. &lt;\/p&gt; \n                 &lt;p&gt;&lt;b&gt;Kl 10.00-11.00: \u00c5rsm\u00f6te SFMU&lt;\/b&gt;&lt;\/p&gt; \n                 &lt;p&gt;&lt;b&gt;Kl 11.00-12.15 : \u201dFria fl\u00f6den? Doppler av perifera och centrala blodk\u00e4rl\u201d. &lt;\/b&gt;&amp;nbsp;Dr Kristina Dahlstr\u00f6m, Faluns Sjukhus&lt;b&gt;&lt;\/b&gt;&lt;\/p&gt; \n                 &lt;p&gt;&lt;b&gt;Kl 11.00-12.15: : \u201dMuskuloskeletalt ultraljud, ffa axlar\u201d. &lt;\/b&gt;Dr Laszlo Toth, Hudiksvalls Sjukhus&lt;b&gt;&lt;\/b&gt;&lt;\/p&gt; \n                 &lt;p&gt;&lt;b&gt;13.30-14.45: \u201dBiopsitr\u00e4ning \u2013 ultraljudsv\u00e4gledda punktioner, demonstration och praktisk \u00f6vning p\u00e5 preparat\u201d.&lt;\/b&gt; Dr Stefan H\u00f6rnlund, Sundsvalls sjukhus&lt;\/p&gt; \n                 &lt;p&gt;&lt;b&gt;13.30-14.45 \u201dSonograf? Prova-p\u00e5-ultraljud f\u00f6r nyfikna r\u00f6ntgensjuksk\u00f6terskor\u201d.&lt;\/b&gt; Sonograf Karin Asplund, Astrid Lindgrens Barnsjukhus&lt;\/p&gt; \n                 &lt;p&gt;&lt;b&gt;Kl 15.45-16.45: \u201dFusion av MR-buk och ultraljud, demonstration live och praktisk &lt;\/b&gt;\u00f6vning\u201d.&amp;nbsp;&amp;nbsp; Dr Sara Sehlstedt, \u00d6stersunds Sjukhus&lt;\/p&gt; \n                 &lt;p&gt;&lt;b&gt;Kl 15.45-16.45&lt;\/b&gt;: &lt;b&gt;\u201dSonograf? Prova-p\u00e5-ultraljud f\u00f6r nyfikna r\u00f6ntgensjuksk\u00f6terskor\u201d. &lt;\/b&gt;Sonograf Maria Zetterman, Astrid Lindgrens Barnsjukhus&lt;br&gt;&lt;br&gt;&lt;span style=&quot;font-weight: bold;&quot;&gt;Torsdag 14 sept.&lt;\/span&gt;&lt;\/p&gt; \n                 &lt;p&gt;&lt;b&gt;Kl 9.50-10.45: &amp;nbsp;\u201dUltraljudsv\u00e4gledda biopsier, demo och praktisk \u00f6vning p\u00e5 preparat\u201d.&amp;nbsp; &lt;\/b&gt;Dr Stefan H\u00f6rnlund, Sundsvalls Sjukhus.&lt;\/p&gt; \n                 &lt;p&gt;&lt;b&gt;Kl 13.30-15.00: \u201dMuskuloskeletalt ultraljud,&amp;nbsp; fr\u00e4mst \u00f6vre extremitet\u201d.&lt;\/b&gt; Dr David Wilson och Dr Gina Allen, Oxford samt Dr Magnus Hjelm, G\u00e4vle Sjukhus och Dr Johan Krause, Uppsala Akademiska Sjukhus. &lt;\/p&gt; \n                 &lt;p&gt;&lt;b&gt;Kl 15.45-16.45:&lt;\/b&gt; &lt;b&gt;\u201dMuskuloskeletalt ultraljud,&amp;nbsp; fr\u00e4mst nedre extremitet\u201d.&lt;\/b&gt; Dr David Wilson och Dr Gina Allen, Oxford samt Dr Magnus Hjelm, G\u00e4vle Sjukhus och Dr Johan Krause, Uppsala Akademiska Sjukhus&lt;b&gt;&lt;\/b&gt;&lt;\/p&gt; \n                 &lt;p&gt; &lt;i&gt;&lt;br&gt;&lt;br&gt;&lt;\/i&gt;&lt;\/p&gt; \n                &lt;br&gt;&lt;br&gt;\"\n                data-category=\"Ultraljudsf\u00f6reningens hands-on\"\n                data-category-ids=\"1015\"\n                data-span-all=\"\"\n              >\n\n              \n\n              <div class=\"vertical_bar\" style=\"background-color: #FFCCFF;\"><\/div>\n              <div class=\"box_inner\">\n                                <span>Ultraljudsf\u00f6reningen, Hands-on workshop<\/span>\n               <br>\n               \n               <div class=\"room_div \">\n                 <i class=\"list-room\">Loge 4<\/i>\n               <\/div>\n\n               <div class=\"name_time_div\">\n                <i class=\"list-time\" data-time=\"08:30\">08:30-10:00 - Tisdag 12 september<\/i>\n               <\/div>\n              <\/div>\n             <\/div>\n          <\/div>\n\n          \n          <div class=\"box-wrapper\"\n              data-id=\"1012\">\n\n              <div class='time-header' style='visibility: hidden;'>08:30<\/div>\n\n              <div class=\"box\"\n                data-id=\"1012\"\n                data-project=\"project_276_2017_03_27\"\n                data-title=\"SURF - \\\"Sm\u00e5 och stora stenar\\\"\"\n                data-time=\"08:30-10:00\"\n                data-room=\"Kulturen\"\n                data-room-id=\"1008\"\n                data-room-name=\"Kulturen\"\n                data-day=\"0\"\n                data-abs-nbr=\"\"\n                data-abs-path=\"\"\n                data-speaker=\"Anders  Magnusson; G\u00f6ran Sahl\u00e9n; Klara Sahl\u00e9n\"\n                data-speakercell=\"Anders  Magnusson; G\u00f6ran Sahl\u00e9n; Klara Sahl\u00e9n\"\n                data-info=\"&lt;b&gt;Moderatorer: &lt;\/b&gt;Kjell Geterud&lt;br&gt;&lt;br&gt; \n                 &lt;p&gt;&lt;em&gt;Ett symposium om diagnostik, uppf\u00f6ljning och behandling av njursten.&lt;\/em&gt;&lt;br&gt;&lt;\/p&gt; \n                &lt;br&gt;&lt;br&gt;\"\n                data-category=\"SFMR - Delf\u00f6reningar\"\n                data-category-ids=\"1006\"\n                data-span-all=\"\"\n              >\n\n              \n\n              <div class=\"vertical_bar\" style=\"background-color: #6699CC;\"><\/div>\n              <div class=\"box_inner\">\n                                <span>SURF - \"Sm\u00e5 och stora stenar\"<\/span>\n               <br>\n               <div class=\"lecturer\"><span>Anders  Magnusson; G\u00f6ran Sahl\u00e9n; Klara Sahl\u00e9n<\/span><\/div>\n               <div class=\"room_div \">\n                 <i class=\"list-room\">Kulturen<\/i>\n               <\/div>\n\n               <div class=\"name_time_div\">\n                <i class=\"list-time\" data-time=\"08:30\">08:30-10:00 - Tisdag 12 september<\/i>\n               <\/div>\n              <\/div>\n             <\/div>\n          <\/div>\n\n          \n          <div class=\"box-wrapper\"\n              data-id=\"1178\">\n\n              <div class='time-header'>10:00<\/div>\n\n              <div class=\"box\"\n                data-id=\"1178\"\n                data-project=\"project_276_2017_03_27\"\n                data-title=\"Fika & Utst\u00e4llning\"\n                data-time=\"10:00-10:45\"\n                data-room=\"-Ej specificerad-\"\n                data-room-id=\"-1\"\n                data-room-name=\"-Ej specificerad-\"\n                data-day=\"0\"\n                data-abs-nbr=\"\"\n                data-abs-path=\"\"\n                data-speaker=\"\"\n                data-speakercell=\"\"\n                data-info=\"\"\n                data-category=\"\"\n                data-category-ids=\"\"\n                data-span-all=\"\"\n              >\n\n              \n\n              <div class=\"vertical_bar\" style=\"background-color: rgba(255, 255, 255, 0);\"><\/div>\n              <div class=\"box_inner\">\n                                <span>Fika & Utst\u00e4llning<\/span>\n               <br>\n               \n               <div class=\"room_div \">\n                 <i class=\"list-room\">-Ej specificerad-<\/i>\n               <\/div>\n\n               <div class=\"name_time_div\">\n                <i class=\"list-time\" data-time=\"10:00\">10:00-10:45 - Tisdag 12 september<\/i>\n               <\/div>\n              <\/div>\n             <\/div>\n          <\/div>\n\n          \n          <div class=\"box-wrapper\"\n              data-id=\"1029\">\n\n              <div class='time-header'>10:45<\/div>\n\n              <div class=\"box\"\n                data-id=\"1029\"\n                data-project=\"project_276_2017_03_27\"\n                data-title=\"Sonografernas Workshop inkl Hands-on med Ultraljudsbaserad leverelastografi\"\n                data-time=\"10:45-12:15\"\n                data-room=\"Sonaten\"\n                data-room-id=\"1009\"\n                data-room-name=\"Sonaten\"\n                data-day=\"0\"\n                data-abs-nbr=\"\"\n                data-abs-path=\"\"\n                data-speaker=\"Giovanna Ferraioli\"\n                data-speakercell=\"Giovanna Ferraioli\"\n                data-info=\"&lt;b&gt;Moderatorer: &lt;\/b&gt;Marie Byenfeldt&lt;br&gt;&lt;br&gt; \n                 &lt;p&gt;Ett gyllene tillf\u00e4lle f\u00f6r sonograferna att tr\u00e4ffas gemensamt kring ett h\u00f6gaktuellt och inspirerande \u00e4mne, med gemensam avslutande diskussion. Vid kronisk leversjukdom kan fibros, cirros och i v\u00e4rsta fall levercancer utvecklas. F\u00f6r att kunna detektera och monitorera fibros i levern och d\u00e4rmed s\u00e4tta in behandling i tid anv\u00e4nds olika metoder. \u201dGolden standard\u201d metoden leverbiopsi ers\u00e4tts allt frekventare med den non-invasiva och ultraljudsbaserade shear wave leverelastografi metoden p\u00e5 r\u00f6ntgenavdelningar. Inledningsvis f\u00f6rel\u00e4ser Professor Ferraioli om metoden, varefter sonograferna i denna work-shop f\u00e5r m\u00f6jlighet att tr\u00e4na och l\u00e4ra sig utf\u00f6ra leverelastografi p\u00e5 olika ultraljudsmaskiner, enligt vetenskapligt framtagen och vedertagen metodbeskrivning. Moderator Marie Byenfeldt har utf\u00f6rt leverelastografi sedan 2014 med erfarenhet p\u00e5 Philips, GE och Toshiba ultraljudsmaskiner, samt Fibroscan\u00ae.&lt;br&gt;&lt;\/p&gt; \n                &lt;br&gt;&lt;br&gt;\"\n                data-category=\"Sonografer\"\n                data-category-ids=\"1017\"\n                data-span-all=\"\"\n              >\n\n              \n\n              <div class=\"vertical_bar\" style=\"background-color: #1AFF12;\"><\/div>\n              <div class=\"box_inner\">\n                                <span>Sonografernas Workshop inkl Hands-on med Ultraljudsbaserad leverelastografi<\/span>\n               <br>\n               <div class=\"lecturer\"><span>Giovanna Ferraioli<\/span><\/div>\n               <div class=\"room_div \">\n                 <i class=\"list-room\">Sonaten<\/i>\n               <\/div>\n\n               <div class=\"name_time_div\">\n                <i class=\"list-time\" data-time=\"10:45\">10:45-12:15 - Tisdag 12 september<\/i>\n               <\/div>\n              <\/div>\n             <\/div>\n          <\/div>\n\n          \n          <div class=\"box-wrapper\"\n              data-id=\"1018\">\n\n              <div class='time-header' style='visibility: hidden;'>10:45<\/div>\n\n              <div class=\"box\"\n                data-id=\"1018\"\n                data-project=\"project_276_2017_03_27\"\n                data-title=\"Ultraljudsf\u00f6reningen, Hands-on workshop\"\n                data-time=\"10:45-12:15\"\n                data-room=\"Loge 4\"\n                data-room-id=\"1014\"\n                data-room-name=\"Loge 4\"\n                data-day=\"0\"\n                data-abs-nbr=\"\"\n                data-abs-path=\"\"\n                data-speaker=\"\"\n                data-speakercell=\"\"\n                data-info=\"\n                 &lt;p&gt;Workshops, handson och demonstrationer av ultraljud&lt;\/p&gt;\n                 &lt;p&gt;&lt;i&gt;Okej, vi erk\u00e4nner \u2013 vi \u00e4r ett g\u00e4ng ultraljudsn\u00f6rdar som \u00e5terstartat SFMU. P\u00e5 R\u00f6ntgenveckan hittar vi ocks\u00e5 de allra senaste ultraljudsmaskinerna, det \u00e4r rena julaftonen!&lt;br&gt;&lt;\/i&gt;&lt;i&gt;F\u00f6r att sprida v\u00e5r entusiasm \u00f6ver ultraljud har vi sessioner i Loge 4+6 p\u00e5 R\u00f6ntgenveckan, d\u00e4r vi kan tr\u00e4na ultraljud p\u00e5 riktigt. H\u00e4ng p\u00e5 n\u00e4r vi visar upp v\u00e5ra favoritunders\u00f6kningar!&lt;br&gt;&lt;\/i&gt;&lt;i&gt;OBS- ingen bokning, f\u00f6rst till kvarn g\u00e4ller ... V\u00e4lkomna!&lt;\/i&gt;&lt;\/p&gt;\n                 &lt;p&gt;&lt;i&gt;Bli medlem? &amp;nbsp;Maila: sfmu.sfmu@gmail.com&lt;br&gt;&lt;\/i&gt;&lt;\/p&gt;\n                 &lt;p&gt;&lt;b&gt;Tisdag 12 sept:&lt;\/b&gt;&lt;\/p&gt;\n                 &lt;p&gt;&lt;b&gt;Kl 12.45-13.30: Muskuloskeletalt ultraljud, ffa axlar.&amp;nbsp;&amp;nbsp;&lt;\/b&gt;Dr Laszlo Toth, Hudiksvalls Sjukhus&lt;\/p&gt;\n                 &lt;p&gt;&lt;\/p&gt;\n                 &lt;p&gt;&lt;b&gt;Kl 13.30-16.45 Biopsitr\u00e4ning p\u00e5 preparat\u2013 enbart f\u00f6r deltagare p\u00e5 ST-kurs i ultraljudsv\u00e4gledda punktioner.&lt;br&gt;&lt;br&gt;&lt;\/b&gt;&lt;\/p&gt;\n                 &lt;p&gt;&lt;b&gt;Onsdag 13 sept:&lt;\/b&gt;&lt;\/p&gt;\n                 &lt;p&gt;&lt;b&gt;Kl 8.30-9.45: \u201dAkut ultraljud \u2013 EFAST, POCUS, och annat man g\u00f6r p\u00e5 akutrummet\u2026\u201d&amp;nbsp;&lt;\/b&gt;Dr Jesper Danielsson, St G\u00f6rans Sjukhus&lt;\/p&gt;\n                 &lt;p&gt;&lt;b&gt;Kl 8.30-9.45: \u201dLeverelastografi, demo och hands-on&lt;\/b&gt;\u201d. Sonograf Marie Byenfeldt, \u00d6stersunds Sjukhus.&lt;\/p&gt;\n                 &lt;p&gt;&lt;b&gt;Kl 10.00-11.00: \u00c5rsm\u00f6te SFMU&lt;\/b&gt;&lt;\/p&gt;\n                 &lt;p&gt;&lt;b&gt;Kl 11.00-12.15 : \u201dFria fl\u00f6den? Doppler av perifera och centrala blodk\u00e4rl\u201d.&amp;nbsp;&lt;\/b&gt;&amp;nbsp;Dr Kristina Dahlstr\u00f6m, Faluns Sjukhus&lt;b&gt;&lt;\/b&gt;&lt;\/p&gt;\n                 &lt;p&gt;&lt;b&gt;Kl 11.00-12.15: : \u201dMuskuloskeletalt ultraljud, ffa axlar\u201d.&amp;nbsp;&lt;\/b&gt;Dr Laszlo Toth, Hudiksvalls Sjukhus&lt;b&gt;&lt;\/b&gt;&lt;\/p&gt;\n                 &lt;p&gt;&lt;b&gt;13.30-14.45: \u201dBiopsitr\u00e4ning \u2013 ultraljudsv\u00e4gledda punktioner, demonstration och praktisk \u00f6vning p\u00e5 preparat\u201d.&lt;\/b&gt;&amp;nbsp;Dr Stefan H\u00f6rnlund, Sundsvalls sjukhus&lt;\/p&gt;\n                 &lt;p&gt;&lt;b&gt;13.30-14.45 \u201dSonograf? Prova-p\u00e5-ultraljud f\u00f6r nyfikna r\u00f6ntgensjuksk\u00f6terskor\u201d.&lt;\/b&gt;&amp;nbsp;Sonograf Karin Asplund, Astrid Lindgrens Barnsjukhus&lt;\/p&gt;\n                 &lt;p&gt;&lt;b&gt;Kl 15.45-16.45: \u201dFusion av MR-buk och ultraljud, demonstration live och praktisk&amp;nbsp;&lt;\/b&gt;\u00f6vning\u201d.&amp;nbsp;&amp;nbsp; Dr Sara Sehlstedt, \u00d6stersunds Sjukhus&lt;\/p&gt;\n                 &lt;p&gt;&lt;b&gt;Kl 15.45-16.45&lt;\/b&gt;:&amp;nbsp;&lt;b&gt;\u201dSonograf? Prova-p\u00e5-ultraljud f\u00f6r nyfikna r\u00f6ntgensjuksk\u00f6terskor\u201d.&amp;nbsp;&lt;\/b&gt;Sonograf Maria Zetterman, Astrid Lindgrens Barnsjukhus&lt;br&gt;&lt;br&gt;Torsdag 14 sept.&lt;\/p&gt;\n                 &lt;p&gt;&lt;b&gt;Kl 9.50-10.45: &amp;nbsp;\u201dUltraljudsv\u00e4gledda biopsier, demo och praktisk \u00f6vning p\u00e5 preparat\u201d.&amp;nbsp;&amp;nbsp;&lt;\/b&gt;Dr Stefan H\u00f6rnlund, Sundsvalls Sjukhus.&lt;\/p&gt;\n                 &lt;p&gt;&lt;b&gt;Kl 13.30-15.00: \u201dMuskuloskeletalt ultraljud,&amp;nbsp; fr\u00e4mst \u00f6vre extremitet\u201d.&lt;\/b&gt;&amp;nbsp;Dr David Wilson och Dr Gina Allen, Oxford samt Dr Magnus Hjelm, G\u00e4vle Sjukhus och Dr Johan Krause, Uppsala Akademiska Sjukhus.&lt;\/p&gt;\n                 &lt;p&gt;&lt;b&gt;Kl 15.45-16.45:&lt;\/b&gt;&amp;nbsp;&lt;b&gt;\u201dMuskuloskeletalt ultraljud,&amp;nbsp; fr\u00e4mst nedre extremitet\u201d.&lt;\/b&gt;&amp;nbsp;Dr David Wilson och Dr Gina Allen, Oxford samt Dr Magnus Hjelm, G\u00e4vle Sjukhus och Dr Johan Krause, Uppsala Akademiska Sjukhus&lt;b&gt;&lt;\/b&gt;&lt;\/p&gt;\n                 &lt;p&gt;&lt;i&gt;&lt;br&gt;&lt;\/i&gt;&lt;\/p&gt;\n                &lt;br&gt;&lt;br&gt;\"\n                data-category=\"Ultraljudsf\u00f6reningens hands-on\"\n                data-category-ids=\"1015\"\n                data-span-all=\"\"\n              >\n\n              \n\n              <div class=\"vertical_bar\" style=\"background-color: #FFCCFF;\"><\/div>\n              <div class=\"box_inner\">\n                                <span>Ultraljudsf\u00f6reningen, Hands-on workshop<\/span>\n               <br>\n               \n               <div class=\"room_div \">\n                 <i class=\"list-room\">Loge 4<\/i>\n               <\/div>\n\n               <div class=\"name_time_div\">\n                <i class=\"list-time\" data-time=\"10:45\">10:45-12:15 - Tisdag 12 september<\/i>\n               <\/div>\n              <\/div>\n             <\/div>\n          <\/div>\n\n          \n          <div class=\"box-wrapper\"\n              data-id=\"1030\">\n\n              <div class='time-header' style='visibility: hidden;'>10:45<\/div>\n\n              <div class=\"box\"\n                data-id=\"1030\"\n                data-project=\"project_276_2017_03_27\"\n                data-title=\"SURF \u00c5rsm\u00f6te\"\n                data-time=\"10:45-12:15\"\n                data-room=\"Pressl\u00e4ktaren\"\n                data-room-id=\"1013\"\n                data-room-name=\"Pressl\u00e4ktaren\"\n                data-day=\"0\"\n                data-abs-nbr=\"\"\n                data-abs-path=\"\"\n                data-speaker=\"\"\n                data-speakercell=\"\"\n                data-info=\"\"\n                data-category=\"SFMR - Delf\u00f6reningar\"\n                data-category-ids=\"1006\"\n                data-span-all=\"\"\n              >\n\n              \n\n              <div class=\"vertical_bar\" style=\"background-color: #6699CC;\"><\/div>\n              <div class=\"box_inner\">\n                                <span>SURF \u00c5rsm\u00f6te<\/span>\n               <br>\n               \n               <div class=\"room_div \">\n                 <i class=\"list-room\">Pressl\u00e4ktaren<\/i>\n               <\/div>\n\n               <div class=\"name_time_div\">\n                <i class=\"list-time\" data-time=\"10:45\">10:45-12:15 - Tisdag 12 september<\/i>\n               <\/div>\n              <\/div>\n             <\/div>\n          <\/div>\n\n          \n          <div class=\"box-wrapper\"\n              data-id=\"1005\">\n\n              <div class='time-header' style='visibility: hidden;'>10:45<\/div>\n\n              <div class=\"box\"\n                data-id=\"1005\"\n                data-project=\"project_276_2017_03_27\"\n                data-title=\"Keynote - Temaf\u00f6rel\u00e4sning Neuro\"\n                data-time=\"10:45-12:15\"\n                data-room=\"Crusellhallen\"\n                data-room-id=\"1002\"\n                data-room-name=\"Crusellhallen\"\n                data-day=\"0\"\n                data-abs-nbr=\"\"\n                data-abs-path=\"\"\n                data-speaker=\"Prof H. Ric Harnsberger\"\n                data-speakercell=\"Prof H. Ric Harnsberger\"\n                data-info=\"&lt;b&gt;Moderatorer: &lt;\/b&gt;Ida Blystad&lt;br&gt;&lt;br&gt; \n                 &lt;p&gt;10.45 - 11.25&lt;br&gt;The Suprahyoid Neck Spaces: How to Use Them to Make Diagnoses&lt;br&gt;-&amp;nbsp;Didactic talk about a core part of Head &amp;amp; Neck imaging today that all radiologists should know&amp;nbsp;something about.&lt;br&gt;&lt;br&gt;Knowledge of the anatomy, pathology and differential diagnoses of suprahyoid neck (SHN) spaces is vital to all radiologists who read cases in this area. This talk will begin with SHN spatial anatomy. Space-specific differential diagnoses and common lesions by space will be presented. &lt;br&gt;The normal &lt;span style=&quot;font-weight: bold;&quot;&gt;parapharyngeal spaces&lt;\/span&gt; (PPS) are fat-filled SHN spaces. PPS lesions are rare. PPS importance is that its displacement pattern helps identify the space of origin of SHN lesions. &lt;br&gt;The normal &lt;span style=&quot;font-weight: bold;&quot;&gt;pharyngeal mucosal space&lt;\/span&gt; (PMS) can be defined in the nasopharynx, oropharynx and hypopharynx. The middle layer of deep cervical fascia (DCF) defines the deep margin of the PMS. Normal contents include the mucosal surface, minor salivary glands and Waldeyer\u2019s lymphatic ring. More common PMS diseases include Tornwaldt cyst, retention cysts, tonsillar abscess, BMT, SCCa, minor salivary gland malignancy and NHL. &lt;br&gt;The &lt;span style=&quot;font-weight: bold;&quot;&gt;masticator space &lt;\/span&gt;(MS) is circumscribed by the superficial layer of DCF. This space has infrazygomatic and suprazygomatic components. The normal contents include the muscles of mastication, mandibular nerve (CNV3), posterior body, ramus &amp;amp; condyle of mandible, TMJ and pterygoid venous plexus. The more common MS diseases include masticator muscle hypertrophy, odontogenic abscess, sarcoma, and perineural SCCa from oral cavity. &lt;br&gt;The &lt;span style=&quot;font-weight: bold;&quot;&gt;parotid space&lt;\/span&gt; (PS) is also circumscribed by the superficial layer of DCF. Normal contents include the parotid gland, lymph nodes, extracranial CNVII, and the retromandibular vein and ECA. The more common diseases affecting the PS include 1st branchial cleft cyst, infantile hemangioma, parotid infection from ductal stone, Sj\u00f6gren's syndrome, lymphoepithelial lesions of HIV, BMT, Warthin tumor, mucoepidermoid carcinoma, adenoid cystic carcinoma and metastatic tumor to intraparotid nodes. &lt;br&gt;The&lt;span style=&quot;font-weight: bold;&quot;&gt; carotid space&lt;\/span&gt; (CS) is defined by the carotid sheath, a fascia made up of components from all three layers of DCF. The SHN CS contains the ICA, IJV and CNIX-XII9- 12. Common diseases found in the CS include arterial dissection +\/- pseudoaneurysm, venous thrombosis, glomus tumors (carotid body tumor, glomus vagale), schwannoma &amp;amp; neurofibroma.&lt;br&gt;&lt;br&gt;11.35 &amp;nbsp;- 12.15&lt;br&gt;Classic Mistakes in Head &amp;amp; Neck Imaging -&amp;nbsp;Case-based presentation&lt;br&gt;&lt;br&gt;All radiologists make mistakes. In this case discussion we will look at mistakes made my colleagues and myself. These mistakes will fall broadly into the categories of interpretive mistakes and mistakes in protocoling or modality choice. Interpretive mistakes can be further divided into mistakes where the finding was missed (lesion was small, symmetric or radiologist looked but did not see the lesion), the radiologist did not know where to look (no clinical history to guide search pattern), and where the finding was misinterpreted (called normal variant when lesion was a treatable disease or called the lesion a specific incorrect diagnosis that affected therapeutic approach). In this case conference we will choose one mistake per major anatomic area of the head and neck from the temporal bone above to the infrahyoid neck below. The case where the mistake occurred will initially be presented as an unknown. Once the diagnosis is revealed, a discussion of the important issues surrounding the mistake will occur. Where appropriate additional anatomy, diagnosis or differential diagnosis images will be presented to add clarity to the issues under consideration.&lt;br&gt;&lt;\/p&gt; \n                &lt;br&gt;&lt;br&gt;\"\n                data-category=\"Vetenskapligt program\"\n                data-category-ids=\"1002\"\n                data-span-all=\"\"\n              >\n\n              \n\n              <div class=\"vertical_bar\" style=\"background-color: #FF3333;\"><\/div>\n              <div class=\"box_inner\">\n                                <span>Keynote - Temaf\u00f6rel\u00e4sning Neuro<\/span>\n               <br>\n               <div class=\"lecturer\"><span>Prof H. Ric Harnsberger<\/span><\/div>\n               <div class=\"room_div \">\n                 <i class=\"list-room\">Crusellhallen<\/i>\n               <\/div>\n\n               <div class=\"name_time_div\">\n                <i class=\"list-time\" data-time=\"10:45\">10:45-12:15 - Tisdag 12 september<\/i>\n               <\/div>\n              <\/div>\n             <\/div>\n          <\/div>\n\n          \n          <div class=\"box-wrapper\"\n              data-id=\"1021\">\n\n              <div class='time-header' style='visibility: hidden;'>10:45<\/div>\n\n              <div class=\"box\"\n                data-id=\"1021\"\n                data-project=\"project_276_2017_03_27\"\n                data-title=\"Ultraljudsf\u00f6reningen, Hands-on workshop\"\n                data-time=\"10:45-12:15\"\n                data-room=\"Loge 6\"\n                data-room-id=\"1015\"\n                data-room-name=\"Loge 6\"\n                data-day=\"0\"\n                data-abs-nbr=\"\"\n                data-abs-path=\"\"\n                data-speaker=\"\"\n                data-speakercell=\"\"\n                data-info=\"\n                 &lt;p&gt;Workshops, handson och demonstrationer av ultraljud&lt;\/p&gt;\n                 &lt;p&gt;&lt;i&gt;Okej, vi erk\u00e4nner \u2013 vi \u00e4r ett g\u00e4ng ultraljudsn\u00f6rdar som \u00e5terstartat SFMU. P\u00e5 R\u00f6ntgenveckan hittar vi ocks\u00e5 de allra senaste ultraljudsmaskinerna, det \u00e4r rena julaftonen!&lt;br&gt;&lt;\/i&gt;&lt;i&gt;F\u00f6r att sprida v\u00e5r entusiasm \u00f6ver ultraljud har vi sessioner i Loge 4+6 p\u00e5 R\u00f6ntgenveckan, d\u00e4r vi kan tr\u00e4na ultraljud p\u00e5 riktigt. H\u00e4ng p\u00e5 n\u00e4r vi visar upp v\u00e5ra favoritunders\u00f6kningar!&lt;br&gt;&lt;\/i&gt;&lt;i&gt;OBS- ingen bokning, f\u00f6rst till kvarn g\u00e4ller ... V\u00e4lkomna!&lt;\/i&gt;&lt;\/p&gt;\n                 &lt;p&gt;&lt;i&gt;Bli medlem? &amp;nbsp;Maila: sfmu.sfmu@gmail.com&lt;br&gt;&lt;\/i&gt;&lt;\/p&gt;\n                 &lt;p&gt;&lt;b&gt;Tisdag 12 sept:&lt;\/b&gt;&lt;\/p&gt;\n                 &lt;p&gt;&lt;b&gt;Kl 12.45-13.30: Muskuloskeletalt ultraljud, ffa axlar.&amp;nbsp;&amp;nbsp;&lt;\/b&gt;Dr Laszlo Toth, Hudiksvalls Sjukhus&lt;\/p&gt;\n                 &lt;p&gt;&lt;\/p&gt;\n                 &lt;p&gt;&lt;b&gt;Kl 13.30-16.45 Biopsitr\u00e4ning p\u00e5 preparat\u2013 enbart f\u00f6r deltagare p\u00e5 ST-kurs i ultraljudsv\u00e4gledda punktioner.&lt;br&gt;&lt;br&gt;&lt;\/b&gt;&lt;\/p&gt;\n                 &lt;p&gt;&lt;b&gt;Onsdag 13 sept:&lt;\/b&gt;&lt;\/p&gt;\n                 &lt;p&gt;&lt;b&gt;Kl 8.30-9.45: \u201dAkut ultraljud \u2013 EFAST, POCUS, och annat man g\u00f6r p\u00e5 akutrummet\u2026\u201d&amp;nbsp;&lt;\/b&gt;Dr Jesper Danielsson, St G\u00f6rans Sjukhus&lt;\/p&gt;\n                 &lt;p&gt;&lt;b&gt;Kl 8.30-9.45: \u201dLeverelastografi, demo och hands-on&lt;\/b&gt;\u201d. Sonograf Marie Byenfeldt, \u00d6stersunds Sjukhus.&lt;\/p&gt;\n                 &lt;p&gt;&lt;b&gt;Kl 10.00-11.00: \u00c5rsm\u00f6te SFMU&lt;\/b&gt;&lt;\/p&gt;\n                 &lt;p&gt;&lt;b&gt;Kl 11.00-12.15 : \u201dFria fl\u00f6den? Doppler av perifera och centrala blodk\u00e4rl\u201d.&amp;nbsp;&lt;\/b&gt;&amp;nbsp;Dr Kristina Dahlstr\u00f6m, Faluns Sjukhus&lt;b&gt;&lt;\/b&gt;&lt;\/p&gt;\n                 &lt;p&gt;&lt;b&gt;Kl 11.00-12.15: : \u201dMuskuloskeletalt ultraljud, ffa axlar\u201d.&amp;nbsp;&lt;\/b&gt;Dr Laszlo Toth, Hudiksvalls Sjukhus&lt;b&gt;&lt;\/b&gt;&lt;\/p&gt;\n                 &lt;p&gt;&lt;b&gt;13.30-14.45: \u201dBiopsitr\u00e4ning \u2013 ultraljudsv\u00e4gledda punktioner, demonstration och praktisk \u00f6vning p\u00e5 preparat\u201d.&lt;\/b&gt;&amp;nbsp;Dr Stefan H\u00f6rnlund, Sundsvalls sjukhus&lt;\/p&gt;\n                 &lt;p&gt;&lt;b&gt;13.30-14.45 \u201dSonograf? Prova-p\u00e5-ultraljud f\u00f6r nyfikna r\u00f6ntgensjuksk\u00f6terskor\u201d.&lt;\/b&gt;&amp;nbsp;Sonograf Karin Asplund, Astrid Lindgrens Barnsjukhus&lt;\/p&gt;\n                 &lt;p&gt;&lt;b&gt;Kl 15.45-16.45: \u201dFusion av MR-buk och ultraljud, demonstration live och praktisk&amp;nbsp;&lt;\/b&gt;\u00f6vning\u201d.&amp;nbsp;&amp;nbsp; Dr Sara Sehlstedt, \u00d6stersunds Sjukhus&lt;\/p&gt;\n                 &lt;p&gt;&lt;b&gt;Kl 15.45-16.45&lt;\/b&gt;:&amp;nbsp;&lt;b&gt;\u201dSonograf? Prova-p\u00e5-ultraljud f\u00f6r nyfikna r\u00f6ntgensjuksk\u00f6terskor\u201d.&amp;nbsp;&lt;\/b&gt;Sonograf Maria Zetterman, Astrid Lindgrens Barnsjukhus&lt;br&gt;&lt;br&gt;Torsdag 14 sept.&lt;\/p&gt;\n                 &lt;p&gt;&lt;b&gt;Kl 9.50-10.45: &amp;nbsp;\u201dUltraljudsv\u00e4gledda biopsier, demo och praktisk \u00f6vning p\u00e5 preparat\u201d.&amp;nbsp;&amp;nbsp;&lt;\/b&gt;Dr Stefan H\u00f6rnlund, Sundsvalls Sjukhus.&lt;\/p&gt;\n                 &lt;p&gt;&lt;b&gt;Kl 13.30-15.00: \u201dMuskuloskeletalt ultraljud,&amp;nbsp; fr\u00e4mst \u00f6vre extremitet\u201d.&lt;\/b&gt;&amp;nbsp;Dr David Wilson och Dr Gina Allen, Oxford samt Dr Magnus Hjelm, G\u00e4vle Sjukhus och Dr Johan Krause, Uppsala Akademiska Sjukhus.&lt;\/p&gt;\n                 &lt;p&gt;&lt;b&gt;Kl 15.45-16.45:&lt;\/b&gt;&amp;nbsp;&lt;b&gt;\u201dMuskuloskeletalt ultraljud,&amp;nbsp; fr\u00e4mst nedre extremitet\u201d.&lt;\/b&gt;&amp;nbsp;Dr David Wilson och Dr Gina Allen, Oxford samt Dr Magnus Hjelm, G\u00e4vle Sjukhus och Dr Johan Krause, Uppsala Akademiska Sjukhus&lt;b&gt;&lt;\/b&gt;&lt;\/p&gt;\n                 &lt;p&gt;&lt;i&gt;&lt;br&gt;&lt;\/i&gt;&lt;\/p&gt;\n                &lt;br&gt;&lt;br&gt;\"\n                data-category=\"Ultraljudsf\u00f6reningens hands-on\"\n                data-category-ids=\"1015\"\n                data-span-all=\"\"\n              >\n\n              \n\n              <div class=\"vertical_bar\" style=\"background-color: #FFCCFF;\"><\/div>\n              <div class=\"box_inner\">\n                                <span>Ultraljudsf\u00f6reningen, Hands-on workshop<\/span>\n               <br>\n               \n               <div class=\"room_div \">\n                 <i class=\"list-room\">Loge 6<\/i>\n               <\/div>\n\n               <div class=\"name_time_div\">\n                <i class=\"list-time\" data-time=\"10:45\">10:45-12:15 - Tisdag 12 september<\/i>\n               <\/div>\n              <\/div>\n             <\/div>\n          <\/div>\n\n          \n          <div class=\"box-wrapper\"\n              data-id=\"1024\">\n\n              <div class='time-header' style='visibility: hidden;'>10:45<\/div>\n\n              <div class=\"box\"\n                data-id=\"1024\"\n                data-project=\"project_276_2017_03_27\"\n                data-title=\"Fria f\u00f6redrag\"\n                data-time=\"10:45-12:15\"\n                data-room=\"Musikalen\"\n                data-room-id=\"1003\"\n                data-room-name=\"Musikalen\"\n                data-day=\"0\"\n                data-abs-nbr=\"\"\n                data-abs-path=\"\"\n                data-speaker=\"Bharti  Kataria; Bina Rehnvall; Elisabeth Bohman; Eva  Eng Forsberg; Monica Segelsj\u00f6\"\n                data-speakercell=\"Bharti  Kataria; Bina Rehnvall; Elisabeth Bohman; Eva  Eng Forsberg; Monica Segelsj\u00f6\"\n                data-info=\"&lt;b&gt;Moderatorer: &lt;\/b&gt;Nils Dahlstr\u00f6m&lt;br&gt;&lt;br&gt;\"\n                data-category=\"Vetenskapligt program\"\n                data-category-ids=\"1002\"\n                data-span-all=\"\"\n              >\n\n              \n\n              <div class=\"vertical_bar\" style=\"background-color: #FF3333;\"><\/div>\n              <div class=\"box_inner\">\n                                <span>Fria f\u00f6redrag<\/span>\n               <br>\n               <div class=\"lecturer\"><span>Bharti  Kataria; Bina Rehnvall; Elisabeth Bohman; Eva  Eng Forsberg; Monica Segelsj\u00f6<\/span><\/div>\n               <div class=\"room_div \">\n                 <i class=\"list-room\">Musikalen<\/i>\n               <\/div>\n\n               <div class=\"name_time_div\">\n                <i class=\"list-time\" data-time=\"10:45\">10:45-12:15 - Tisdag 12 september<\/i>\n               <\/div>\n              <\/div>\n             <\/div>\n          <\/div>\n\n          \n          <div class=\"box-wrapper\"\n              data-id=\"1023\">\n\n              <div class='time-header' style='visibility: hidden;'>10:45<\/div>\n\n              <div class=\"box\"\n                data-id=\"1023\"\n                data-project=\"project_276_2017_03_27\"\n                data-title=\"RAM-kurs\"\n                data-time=\"10:45-12:15\"\n                data-room=\"Loge 5\"\n                data-room-id=\"1016\"\n                data-room-name=\"Loge 5\"\n                data-day=\"0\"\n                data-abs-nbr=\"\"\n                data-abs-path=\"\"\n                data-speaker=\"Staffan Wirell; Anders von Heijne; Marcus Casselgren; Charalampos Georgiopoulos; Kada Karlsson; Joar Bj\u00f6rk\"\n                data-speakercell=\"Staffan Wirell; Anders von Heijne; Marcus Casselgren; Charalampos Georgiopoulos; Kada Karlsson; Joar Bj\u00f6rk\"\n                data-info=\"\"\n                data-category=\"RAM-kurs\"\n                data-category-ids=\"1016\"\n                data-span-all=\"\"\n              >\n\n              \n\n              <div class=\"vertical_bar\" style=\"background-color: #66FFCC;\"><\/div>\n              <div class=\"box_inner\">\n                                <span>RAM-kurs<\/span>\n               <br>\n               <div class=\"lecturer\"><span>Staffan Wirell; Anders von Heijne; Marcus Casselgren; Charalampos Georgiopoulos; Kada Karlsson; Joar Bj\u00f6rk<\/span><\/div>\n               <div class=\"room_div \">\n                 <i class=\"list-room\">Loge 5<\/i>\n               <\/div>\n\n               <div class=\"name_time_div\">\n                <i class=\"list-time\" data-time=\"10:45\">10:45-12:15 - Tisdag 12 september<\/i>\n               <\/div>\n              <\/div>\n             <\/div>\n          <\/div>\n\n          \n          <div class=\"box-wrapper\"\n              data-id=\"1026\">\n\n              <div class='time-header' style='visibility: hidden;'>10:45<\/div>\n\n              <div class=\"box\"\n                data-id=\"1026\"\n                data-project=\"project_276_2017_03_27\"\n                data-title=\"ST-kurs - Radiologisk Br\u00f6stdiagnostik\"\n                data-time=\"10:45-12:15\"\n                data-room=\"Studion\"\n                data-room-id=\"1007\"\n                data-room-name=\"Studion\"\n                data-day=\"0\"\n                data-abs-nbr=\"\"\n                data-abs-path=\"\"\n                data-speaker=\"Karin Leifland; Karin Dembrower \"\n                data-speakercell=\"Karin Leifland; Karin Dembrower \"\n                data-info=\"&lt;b&gt;Moderatorer: &lt;\/b&gt;Karin Leifland&lt;br&gt;&lt;br&gt; \n                 &lt;p&gt;Introduktion till mammografi&amp;nbsp;&lt;br&gt;&lt;em&gt;F\u00f6rel\u00e4sare: Karin Leifland&lt;\/em&gt;&lt;\/p&gt; \n                 &lt;p&gt;Ett organ, samtliga modaliteter, intervention, MDT och patientkontakt - en plattform som ger alla m\u00f6jligheter!&amp;nbsp;&lt;br&gt;&lt;em&gt;F\u00f6rel\u00e4sare: Karin Dembrower&lt;\/em&gt;&lt;\/p&gt; \n                &lt;br&gt;&lt;br&gt;\"\n                data-category=\"ST-kurser \/ Ungt forum\"\n                data-category-ids=\"1005\"\n                data-span-all=\"\"\n              >\n\n              \n\n              <div class=\"vertical_bar\" style=\"background-color: #99FFFF;\"><\/div>\n              <div class=\"box_inner\">\n                                <span>ST-kurs - Radiologisk Br\u00f6stdiagnostik<\/span>\n               <br>\n               <div class=\"lecturer\"><span>Karin Leifland; Karin Dembrower <\/span><\/div>\n               <div class=\"room_div \">\n                 <i class=\"list-room\">Studion<\/i>\n               <\/div>\n\n               <div class=\"name_time_div\">\n                <i class=\"list-time\" data-time=\"10:45\">10:45-12:15 - Tisdag 12 september<\/i>\n               <\/div>\n              <\/div>\n             <\/div>\n          <\/div>\n\n          \n          <div class=\"box-wrapper\"\n              data-id=\"1027\">\n\n              <div class='time-header' style='visibility: hidden;'>10:45<\/div>\n\n              <div class=\"box\"\n                data-id=\"1027\"\n                data-project=\"project_276_2017_03_27\"\n                data-title=\"SFRU - ERCP med patientstyrd sedering\"\n                data-time=\"10:45-11:45\"\n                data-room=\"Kulturen\"\n                data-room-id=\"1008\"\n                data-room-name=\"Kulturen\"\n                data-day=\"0\"\n                data-abs-nbr=\"\"\n                data-abs-path=\"\"\n                data-speaker=\"Mia S\u00fcssly; Monica Sandborg; Nils Berglund; Maria R\u00f6rby\"\n                data-speakercell=\"Mia S\u00fcssly; Monica Sandborg; Nils Berglund; Maria R\u00f6rby\"\n                data-info=\"&lt;b&gt;Moderatorer: &lt;\/b&gt;Jonny B\u00e4ck&lt;br&gt;&lt;br&gt; \n                 &lt;p&gt;Beskrivning av endoskopiverksamheten p\u00e5 R\u00f6ntgen US, Link\u00f6ping med betoning mot ERCP i PCS (patient kontrollerad sedering) &lt;br&gt;&lt;br&gt;En r\u00e4tt f\u00f6rberedd och sederad patient har stor betydelse f\u00f6r m\u00f6jligheten att kunna utf\u00f6ra unders\u00f6kningen p\u00e5 ett patients\u00e4kert s\u00e4tt. &lt;br&gt;&lt;br&gt;Patientn\u00f6jdheten \u00f6kar n\u00e4r patienten ges m\u00f6jlighet att sj\u00e4lv delta i sederingen. &lt;br&gt;&lt;br&gt;Ett bra team och ett n\u00e4ra samarbete mellan ber\u00f6rda kliniker visar hur alla moment har en stor betydelse f\u00f6r en v\u00e4l fungerande verksamhet.&lt;br&gt;&lt;\/p&gt; \n                &lt;br&gt;&lt;br&gt;\"\n                data-category=\"Allm\u00e4n f\u00f6rel\u00e4sning\"\n                data-category-ids=\"1003\"\n                data-span-all=\"\"\n              >\n\n              \n\n              <div class=\"vertical_bar\" style=\"background-color: #FF9933;\"><\/div>\n              <div class=\"box_inner\">\n                                <span>SFRU - ERCP med patientstyrd sedering<\/span>\n               <br>\n               <div class=\"lecturer\"><span>Mia S\u00fcssly; Monica Sandborg; Nils Berglund; Maria R\u00f6rby<\/span><\/div>\n               <div class=\"room_div \">\n                 <i class=\"list-room\">Kulturen<\/i>\n               <\/div>\n\n               <div class=\"name_time_div\">\n                <i class=\"list-time\" data-time=\"10:45\">10:45-11:45 - Tisdag 12 september<\/i>\n               <\/div>\n              <\/div>\n             <\/div>\n          <\/div>\n\n          \n          <div class=\"box-wrapper\"\n              data-id=\"1028\">\n\n              <div class='time-header'>11:45<\/div>\n\n              <div class=\"box\"\n                data-id=\"1028\"\n                data-project=\"project_276_2017_03_27\"\n                data-title=\"SFRU - \u00c5rsm\u00f6te\"\n                data-time=\"11:45-12:15\"\n                data-room=\"Kulturen\"\n                data-room-id=\"1008\"\n                data-room-name=\"Kulturen\"\n                data-day=\"0\"\n                data-abs-nbr=\"\"\n                data-abs-path=\"\"\n                data-speaker=\"Pia Wagesj\u00f6\"\n                data-speakercell=\"Pia Wagesj\u00f6\"\n                data-info=\"\"\n                data-category=\"Allm\u00e4n f\u00f6rel\u00e4sning\"\n                data-category-ids=\"1003\"\n                data-span-all=\"\"\n              >\n\n              \n\n              <div class=\"vertical_bar\" style=\"background-color: #FF9933;\"><\/div>\n              <div class=\"box_inner\">\n                                <span>SFRU - \u00c5rsm\u00f6te<\/span>\n               <br>\n               <div class=\"lecturer\"><span>Pia Wagesj\u00f6<\/span><\/div>\n               <div class=\"room_div \">\n                 <i class=\"list-room\">Kulturen<\/i>\n               <\/div>\n\n               <div class=\"name_time_div\">\n                <i class=\"list-time\" data-time=\"11:45\">11:45-12:15 - Tisdag 12 september<\/i>\n               <\/div>\n              <\/div>\n             <\/div>\n          <\/div>\n\n          \n          <div class=\"box-wrapper\"\n              data-id=\"1183\">\n\n              <div class='time-header'>12:15<\/div>\n\n              <div class=\"box\"\n                data-id=\"1183\"\n                data-project=\"project_276_2017_03_27\"\n                data-title=\"Lunch & Utst\u00e4llning\"\n                data-time=\"12:15-13:30\"\n                data-room=\"-Ej specificerad-\"\n                data-room-id=\"-1\"\n                data-room-name=\"-Ej specificerad-\"\n                data-day=\"0\"\n                data-abs-nbr=\"\"\n                data-abs-path=\"\"\n                data-speaker=\"\"\n                data-speakercell=\"\"\n                data-info=\"\"\n                data-category=\"\"\n                data-category-ids=\"\"\n                data-span-all=\"\"\n              >\n\n              \n\n              <div class=\"vertical_bar\" style=\"background-color: rgba(255, 255, 255, 0);\"><\/div>\n              <div class=\"box_inner\">\n                                <span>Lunch & Utst\u00e4llning<\/span>\n               <br>\n               \n               <div class=\"room_div \">\n                 <i class=\"list-room\">-Ej specificerad-<\/i>\n               <\/div>\n\n               <div class=\"name_time_div\">\n                <i class=\"list-time\" data-time=\"12:15\">12:15-13:30 - Tisdag 12 september<\/i>\n               <\/div>\n              <\/div>\n             <\/div>\n          <\/div>\n\n          \n          <div class=\"box-wrapper\"\n              data-id=\"1038\">\n\n              <div class='time-header'>13:30<\/div>\n\n              <div class=\"box\"\n                data-id=\"1038\"\n                data-project=\"project_276_2017_03_27\"\n                data-title=\"ST-kurs - Radiologisk Br\u00f6stdiagnostik\"\n                data-time=\"13:30-15:00\"\n                data-room=\"Studion\"\n                data-room-id=\"1007\"\n                data-room-name=\"Studion\"\n                data-day=\"0\"\n                data-abs-nbr=\"\"\n                data-abs-path=\"\"\n                data-speaker=\"Mats Ingvarsson; Fredrik W\u00e4rnberg\"\n                data-speakercell=\"Mats Ingvarsson; Fredrik W\u00e4rnberg\"\n                data-info=\"&lt;b&gt;Moderatorer: &lt;\/b&gt;Karin Dembrower &lt;br&gt;&lt;br&gt; \n                 &lt;p&gt;Br\u00f6st MRT&lt;br&gt;&lt;em&gt;F\u00f6rel\u00e4sare: Mats Ingvarsson&lt;\/em&gt;&lt;\/p&gt; \n                 &lt;p&gt;Br\u00f6stkirurgi&lt;br&gt;&lt;em&gt;F\u00f6rel\u00e4sare: Fredrik W\u00e4rnberg&lt;\/em&gt;&lt;\/p&gt; \n                 &lt;p&gt;&lt;em&gt;Moderator: Karin Dembrower&lt;\/em&gt;&lt;\/p&gt; \n                &lt;br&gt;&lt;br&gt;\"\n                data-category=\"ST-kurser \/ Ungt forum\"\n                data-category-ids=\"1005\"\n                data-span-all=\"\"\n              >\n\n              \n\n              <div class=\"vertical_bar\" style=\"background-color: #99FFFF;\"><\/div>\n              <div class=\"box_inner\">\n                                <span>ST-kurs - Radiologisk Br\u00f6stdiagnostik<\/span>\n               <br>\n               <div class=\"lecturer\"><span>Mats Ingvarsson; Fredrik W\u00e4rnberg<\/span><\/div>\n               <div class=\"room_div \">\n                 <i class=\"list-room\">Studion<\/i>\n               <\/div>\n\n               <div class=\"name_time_div\">\n                <i class=\"list-time\" data-time=\"13:30\">13:30-15:00 - Tisdag 12 september<\/i>\n               <\/div>\n              <\/div>\n             <\/div>\n          <\/div>\n\n          \n          <div class=\"box-wrapper\"\n              data-id=\"1035\">\n\n              <div class='time-header' style='visibility: hidden;'>13:30<\/div>\n\n              <div class=\"box\"\n                data-id=\"1035\"\n                data-project=\"project_276_2017_03_27\"\n                data-title=\"SSVIR  - Nya farmakologiska m\u00f6jligheter till antikoagulation \u2013 hur hanterar vi dessa i samband med invasiva unders\u00f6kningar och interventioner?\"\n                data-time=\"13:30-15:00\"\n                data-room=\"Spegelsalen\"\n                data-room-id=\"1006\"\n                data-room-name=\"Spegelsalen\"\n                data-day=\"0\"\n                data-abs-nbr=\"\"\n                data-abs-path=\"\"\n                data-speaker=\"Anders Gotts\u00e4ter; Ove Thott\"\n                data-speakercell=\"Anders Gotts\u00e4ter; Ove Thott\"\n                data-info=\"&lt;b&gt;Moderatorer: &lt;\/b&gt;Maria Vinell&lt;br&gt;&lt;br&gt; \n                 &lt;p&gt;&lt;span style=&quot;font-weight: bold;&quot;&gt;Nya farmakologiska m\u00f6jligheter till antikoagulation \u2013 hur hanterar vi dessa i samband med invasiva unders\u00f6kningar och interventioner? &lt;br&gt;&lt;\/span&gt;&lt;br&gt;Antikoagulerande och trombocytaggregationsh\u00e4mmande behandling har de senaste \u00e5ren revolutionerats genom introduktion av ett flertal nya farmaka. S\u00e5 kallade Nya eller Direktverkande Orala AntiKoagulantia (NOAK eller DOAK) ers\u00e4tter i allt st\u00f6rre utstr\u00e4ckning warfarin f\u00f6r oral antikoagulation b\u00e5de f\u00f6r att f\u00f6rebygga embolier vid f\u00f6rmaksflimmer och f\u00f6r profylax och behandling av ven\u00f6s tromboembolism. De nya preparaten har ett standardiserat doseringsf\u00f6rfarande och behovet av uppf\u00f6ljning av behandlingseffekt genom laboratoriekontroller \u00e4r mycket mindre \u00e4n f\u00f6r warfarin, vilket dock \u00e4ven inneb\u00e4r att det \u00e4r vanskligt att bed\u00f6ma koagulationsl\u00e4get i en akutsituation. Dessutom m\u00e5ste medlen ges med f\u00f6rsiktighet till vissa patientgrupper, till exempel de med s\u00e4nkt njurfunktion. Vi har numera \u00e4ven tillg\u00e5ng till nya och mer effektiva trombocytaggregationsh\u00e4mmande preparat f\u00f6r patienter med aterosklerotisk k\u00e4rlsjukdom, framf\u00f6r allt i koronarart\u00e4rerna. Olika koagulationsh\u00e4mmande substanser kombineras ocks\u00e5 i allt st\u00f6rre omfattning med varandra, i syfte att minska trombosrisken n\u00e4r den \u00e4r som h\u00f6gst, till exempel i samband med endovaskul\u00e4ra interventioner. Samtidigt st\u00e4ller de nya l\u00e4kemedlen allt st\u00f6rre kunskap hos interventionister och behandlande l\u00e4kare i hur man ska hantera dessa i samband med invasiva ingrepp och unders\u00f6kningar, planerade och akuta, f\u00f6r att minska riskerna f\u00f6r allvarlig bl\u00f6dning. Under f\u00f6rel\u00e4sningen kommer vi att g\u00e5 igenom indikationer, kontraindikationer och dosering vid behandling med de nya preparaten. Dessutom ges r\u00e5d kring hanterandet av medicineringen inf\u00f6r invasiva ingrepp och unders\u00f6kningar, det eventuella behovet av \u201dbridging\u201d det vill s\u00e4ga \u00f6verlappande behandling i samband med tempor\u00e4rt uppeh\u00e5ll med oral antikoagulation, hanterandet av bl\u00f6dningskomplikationer och m\u00f6jligheten till anv\u00e4ndning av antidoter mot de olika preparaten nu och i framtiden. M\u00f6jligheterna och komplikationsriskerna med de nya behandlingsformerna kommer att exemplifieras genom diskussion av patientfall.&lt;br&gt;&lt;\/p&gt; \n                &lt;br&gt;&lt;br&gt;\"\n                data-category=\"SFMR - Delf\u00f6reningar\"\n                data-category-ids=\"1006\"\n                data-span-all=\"\"\n              >\n\n              \n\n              <div class=\"vertical_bar\" style=\"background-color: #6699CC;\"><\/div>\n              <div class=\"box_inner\">\n                                <span>SSVIR  - Nya farmakologiska m\u00f6jligheter till antikoagulation \u2013 hur hanterar vi dessa i samband med invasiva unders\u00f6kningar och interventioner?<\/span>\n               <br>\n               <div class=\"lecturer\"><span>Anders Gotts\u00e4ter; Ove Thott<\/span><\/div>\n               <div class=\"room_div \">\n                 <i class=\"list-room\">Spegelsalen<\/i>\n               <\/div>\n\n               <div class=\"name_time_div\">\n                <i class=\"list-time\" data-time=\"13:30\">13:30-15:00 - Tisdag 12 september<\/i>\n               <\/div>\n              <\/div>\n             <\/div>\n          <\/div>\n\n          \n          <div class=\"box-wrapper\"\n              data-id=\"1043\">\n\n              <div class='time-header' style='visibility: hidden;'>13:30<\/div>\n\n              <div class=\"box\"\n                data-id=\"1043\"\n                data-project=\"project_276_2017_03_27\"\n                data-title=\"SFMR - Studierektorsn\u00e4tverk\"\n                data-time=\"13:30-15:00\"\n                data-room=\"Solot\"\n                data-room-id=\"1012\"\n                data-room-name=\"Solot\"\n                data-day=\"0\"\n                data-abs-nbr=\"\"\n                data-abs-path=\"\"\n                data-speaker=\"Tim Kvick; Lisa Edlund; Cecilia Vikstr\u00f6m\"\n                data-speakercell=\"Tim Kvick; Lisa Edlund; Cecilia Vikstr\u00f6m\"\n                data-info=\" \n                 &lt;p&gt;Socialstyrelsens krav f\u00f6r ST&lt;\/p&gt; \n                &lt;br&gt;&lt;br&gt;\"\n                data-category=\"SFMR - Svensk F\u00f6rening f\u00f6r Medicinsk Radiologi\"\n                data-category-ids=\"1004\"\n                data-span-all=\"\"\n              >\n\n              \n\n              <div class=\"vertical_bar\" style=\"background-color: #0099FF;\"><\/div>\n              <div class=\"box_inner\">\n                                <span>SFMR - Studierektorsn\u00e4tverk<\/span>\n               <br>\n               <div class=\"lecturer\"><span>Tim Kvick; Lisa Edlund; Cecilia Vikstr\u00f6m<\/span><\/div>\n               <div class=\"room_div \">\n                 <i class=\"list-room\">Solot<\/i>\n               <\/div>\n\n               <div class=\"name_time_div\">\n                <i class=\"list-time\" data-time=\"13:30\">13:30-15:00 - Tisdag 12 september<\/i>\n               <\/div>\n              <\/div>\n             <\/div>\n          <\/div>\n\n          \n          <div class=\"box-wrapper\"\n              data-id=\"1041\">\n\n              <div class='time-header' style='visibility: hidden;'>13:30<\/div>\n\n              <div class=\"box\"\n                data-id=\"1041\"\n                data-project=\"project_276_2017_03_27\"\n                data-title=\"SFMR - F\u00f6rdjupning iGuide\"\n                data-time=\"13:30-15:00\"\n                data-room=\"Operetten\"\n                data-room-id=\"1010\"\n                data-room-name=\"Operetten\"\n                data-day=\"0\"\n                data-abs-nbr=\"\"\n                data-abs-path=\"\"\n                data-speaker=\"Oskar L\u00f6fgren; Marcel Wassink; Mathias  Rehnstr\u00f6m; Ninna Str\u00f6m; Magnus Stenhede; Henriettae St\u00e5hlbrandt\"\n                data-speakercell=\"Oskar L\u00f6fgren; Marcel Wassink; Mathias  Rehnstr\u00f6m; Ninna Str\u00f6m; Magnus Stenhede; Henriettae St\u00e5hlbrandt\"\n                data-info=\"&lt;b&gt;Moderatorer: &lt;\/b&gt;Oskar L\u00f6fgren&lt;br&gt;&lt;br&gt; \n                 &lt;p&gt;F\u00f6rdjupning iGuide \u2013 remittentriktlinjer f\u00f6r r\u00f6ntgen. Recept f\u00f6r ett lyckat inf\u00f6rande \u2013 erfarenheter fr\u00e5n Region J\u00f6nk\u00f6pings L\u00e4n (RJL) Moderator: Oskar L\u00f6fgren, Verksamhetschef R\u00f6ntgen RJL &lt;br&gt;&lt;br&gt;F\u00f6rel\u00e4sare: &lt;br&gt;13:30-13.40 Oskar L\u00f6fgren - Introduktion &lt;br&gt;13:40-14.00 Marcel Wassink, NDSC \u2013 erfarenheter att jobba med Sverige och iGuide &lt;br&gt;14.00-14.30 Mathias Rehnstr\u00f6m, Ninna Str\u00f6m, Magnus Stenhede \u2013 tekniska l\u00f6sningar p\u00e5 iGuideintegration i remissystem &lt;br&gt;14.30-14.45 Henriett\u00e6 St\u00e5hlbrandt och Lars Lindeberg \u2013 inf\u00f6randetips ur radiologperspektiv &lt;br&gt;14.45-15.00 Diskussion&lt;br&gt;&lt;\/p&gt; \n                &lt;br&gt;&lt;br&gt;\"\n                data-category=\"SFMR - Svensk F\u00f6rening f\u00f6r Medicinsk Radiologi\"\n                data-category-ids=\"1004\"\n                data-span-all=\"\"\n              >\n\n              \n\n              <div class=\"vertical_bar\" style=\"background-color: #0099FF;\"><\/div>\n              <div class=\"box_inner\">\n                                <span>SFMR - F\u00f6rdjupning iGuide<\/span>\n               <br>\n               <div class=\"lecturer\"><span>Oskar L\u00f6fgren; Marcel Wassink; Mathias  Rehnstr\u00f6m; Ninna Str\u00f6m; Magnus Stenhede; Henriettae St\u00e5hlbrandt<\/span><\/div>\n               <div class=\"room_div \">\n                 <i class=\"list-room\">Operetten<\/i>\n               <\/div>\n\n               <div class=\"name_time_div\">\n                <i class=\"list-time\" data-time=\"13:30\">13:30-15:00 - Tisdag 12 september<\/i>\n               <\/div>\n              <\/div>\n             <\/div>\n          <\/div>\n\n          \n          <div class=\"box-wrapper\"\n              data-id=\"1045\">\n\n              <div class='time-header' style='visibility: hidden;'>13:30<\/div>\n\n              <div class=\"box\"\n                data-id=\"1045\"\n                data-project=\"project_276_2017_03_27\"\n                data-title=\"Ultraljudsf\u00f6reningen, Hands-on workshop\"\n                data-time=\"13:30-15:00\"\n                data-room=\"Loge 4\"\n                data-room-id=\"1014\"\n                data-room-name=\"Loge 4\"\n                data-day=\"0\"\n                data-abs-nbr=\"\"\n                data-abs-path=\"\"\n                data-speaker=\"\"\n                data-speakercell=\"\"\n                data-info=\" \n                 &lt;p&gt;Workshops, handson och demonstrationer av ultraljud&lt;\/p&gt;\n                 &lt;p&gt;&lt;i&gt;Okej, vi erk\u00e4nner \u2013 vi \u00e4r ett g\u00e4ng ultraljudsn\u00f6rdar som \u00e5terstartat SFMU. P\u00e5 R\u00f6ntgenveckan hittar vi ocks\u00e5 de allra senaste ultraljudsmaskinerna, det \u00e4r rena julaftonen!&lt;br&gt;&lt;\/i&gt;&lt;i&gt;F\u00f6r att sprida v\u00e5r entusiasm \u00f6ver ultraljud har vi sessioner i Loge 4+6 p\u00e5 R\u00f6ntgenveckan, d\u00e4r vi kan tr\u00e4na ultraljud p\u00e5 riktigt. H\u00e4ng p\u00e5 n\u00e4r vi visar upp v\u00e5ra favoritunders\u00f6kningar!&lt;br&gt;&lt;\/i&gt;&lt;i&gt;OBS- ingen bokning, f\u00f6rst till kvarn g\u00e4ller ... V\u00e4lkomna!&lt;\/i&gt;&lt;\/p&gt;\n                 &lt;p&gt;&lt;i&gt;Bli medlem? &amp;nbsp;Maila: sfmu.sfmu@gmail.com&lt;br&gt;&lt;\/i&gt;&lt;\/p&gt;\n                 &lt;p&gt;&lt;b&gt;Tisdag 12 sept:&lt;\/b&gt;&lt;\/p&gt;\n                 &lt;p&gt;&lt;b&gt;Kl 12.45-13.30: Muskuloskeletalt ultraljud, ffa axlar.&amp;nbsp;&amp;nbsp;&lt;\/b&gt;Dr Laszlo Toth, Hudiksvalls Sjukhus&lt;\/p&gt;\n                 &lt;p&gt;&lt;\/p&gt;\n                 &lt;p&gt;&lt;b&gt;Kl 13.30-16.45 Biopsitr\u00e4ning p\u00e5 preparat\u2013 enbart f\u00f6r deltagare p\u00e5 ST-kurs i ultraljudsv\u00e4gledda punktioner.&lt;br&gt;&lt;br&gt;&lt;\/b&gt;&lt;\/p&gt;\n                 &lt;p&gt;&lt;b&gt;Onsdag 13 sept:&lt;\/b&gt;&lt;\/p&gt;\n                 &lt;p&gt;&lt;b&gt;Kl 8.30-9.45: \u201dAkut ultraljud \u2013 EFAST, POCUS, och annat man g\u00f6r p\u00e5 akutrummet\u2026\u201d&amp;nbsp;&lt;\/b&gt;Dr Jesper Danielsson, St G\u00f6rans Sjukhus&lt;\/p&gt;\n                 &lt;p&gt;&lt;b&gt;Kl 8.30-9.45: \u201dLeverelastografi, demo och hands-on&lt;\/b&gt;\u201d. Sonograf Marie Byenfeldt, \u00d6stersunds Sjukhus.&lt;\/p&gt;\n                 &lt;p&gt;&lt;b&gt;Kl 10.00-11.00: \u00c5rsm\u00f6te SFMU&lt;\/b&gt;&lt;\/p&gt;\n                 &lt;p&gt;&lt;b&gt;Kl 11.00-12.15 : \u201dFria fl\u00f6den? Doppler av perifera och centrala blodk\u00e4rl\u201d.&amp;nbsp;&lt;\/b&gt;&amp;nbsp;Dr Kristina Dahlstr\u00f6m, Faluns Sjukhus&lt;b&gt;&lt;\/b&gt;&lt;\/p&gt;\n                 &lt;p&gt;&lt;b&gt;Kl 11.00-12.15: : \u201dMuskuloskeletalt ultraljud, ffa axlar\u201d.&amp;nbsp;&lt;\/b&gt;Dr Laszlo Toth, Hudiksvalls Sjukhus&lt;b&gt;&lt;\/b&gt;&lt;\/p&gt;\n                 &lt;p&gt;&lt;b&gt;13.30-14.45: \u201dBiopsitr\u00e4ning \u2013 ultraljudsv\u00e4gledda punktioner, demonstration och praktisk \u00f6vning p\u00e5 preparat\u201d.&lt;\/b&gt;&amp;nbsp;Dr Stefan H\u00f6rnlund, Sundsvalls sjukhus&lt;\/p&gt;\n                 &lt;p&gt;&lt;b&gt;13.30-14.45 \u201dSonograf? Prova-p\u00e5-ultraljud f\u00f6r nyfikna r\u00f6ntgensjuksk\u00f6terskor\u201d.&lt;\/b&gt;&amp;nbsp;Sonograf Karin Asplund, Astrid Lindgrens Barnsjukhus&lt;\/p&gt;\n                 &lt;p&gt;&lt;b&gt;Kl 15.45-16.45: \u201dFusion av MR-buk och ultraljud, demonstration live och praktisk&amp;nbsp;&lt;\/b&gt;\u00f6vning\u201d.&amp;nbsp;&amp;nbsp; Dr Sara Sehlstedt, \u00d6stersunds Sjukhus&lt;\/p&gt;\n                 &lt;p&gt;&lt;b&gt;Kl 15.45-16.45&lt;\/b&gt;:&amp;nbsp;&lt;b&gt;\u201dSonograf? Prova-p\u00e5-ultraljud f\u00f6r nyfikna r\u00f6ntgensjuksk\u00f6terskor\u201d.&amp;nbsp;&lt;\/b&gt;Sonograf Maria Zetterman, Astrid Lindgrens Barnsjukhus&lt;br&gt;&lt;br&gt;Torsdag 14 sept.&lt;\/p&gt;\n                 &lt;p&gt;&lt;b&gt;Kl 9.50-10.45: &amp;nbsp;\u201dUltraljudsv\u00e4gledda biopsier, demo och praktisk \u00f6vning p\u00e5 preparat\u201d.&amp;nbsp;&amp;nbsp;&lt;\/b&gt;Dr Stefan H\u00f6rnlund, Sundsvalls Sjukhus.&lt;\/p&gt;\n                 &lt;p&gt;&lt;b&gt;Kl 13.30-15.00: \u201dMuskuloskeletalt ultraljud,&amp;nbsp; fr\u00e4mst \u00f6vre extremitet\u201d.&lt;\/b&gt;&amp;nbsp;Dr David Wilson och Dr Gina Allen, Oxford samt Dr Magnus Hjelm, G\u00e4vle Sjukhus och Dr Johan Krause, Uppsala Akademiska Sjukhus.&lt;\/p&gt;\n                 &lt;p&gt;&lt;b&gt;Kl 15.45-16.45:&lt;\/b&gt;&amp;nbsp;&lt;b&gt;\u201dMuskuloskeletalt ultraljud,&amp;nbsp; fr\u00e4mst nedre extremitet\u201d.&lt;\/b&gt;&amp;nbsp;Dr David Wilson och Dr Gina Allen, Oxford samt Dr Magnus Hjelm, G\u00e4vle Sjukhus och Dr Johan Krause, Uppsala Akademiska Sjukhus&lt;b&gt;&lt;\/b&gt;&lt;\/p&gt;\n                 &lt;p&gt;&lt;i&gt;&lt;br&gt;&lt;\/i&gt;&lt;\/p&gt; \n                &lt;br&gt;&lt;br&gt;\"\n                data-category=\"ST-kurser \/ Ungt forum\"\n                data-category-ids=\"1005\"\n                data-span-all=\"\"\n              >\n\n              \n\n              <div class=\"vertical_bar\" style=\"background-color: #99FFFF;\"><\/div>\n              <div class=\"box_inner\">\n                                <span>Ultraljudsf\u00f6reningen, Hands-on workshop<\/span>\n               <br>\n               \n               <div class=\"room_div \">\n                 <i class=\"list-room\">Loge 4<\/i>\n               <\/div>\n\n               <div class=\"name_time_div\">\n                <i class=\"list-time\" data-time=\"13:30\">13:30-15:00 - Tisdag 12 september<\/i>\n               <\/div>\n              <\/div>\n             <\/div>\n          <\/div>\n\n          \n          <div class=\"box-wrapper\"\n              data-id=\"1046\">\n\n              <div class='time-header' style='visibility: hidden;'>13:30<\/div>\n\n              <div class=\"box\"\n                data-id=\"1046\"\n                data-project=\"project_276_2017_03_27\"\n                data-title=\"Ultraljudsf\u00f6reningen, Hands-on workshop\"\n                data-time=\"13:30-15:00\"\n                data-room=\"Loge 6\"\n                data-room-id=\"1015\"\n                data-room-name=\"Loge 6\"\n                data-day=\"0\"\n                data-abs-nbr=\"\"\n                data-abs-path=\"\"\n                data-speaker=\"\"\n                data-speakercell=\"\"\n                data-info=\" \n                 &lt;p&gt;Workshops, handson och demonstrationer av ultraljud&lt;\/p&gt;\n                 &lt;p&gt;&lt;i&gt;Okej, vi erk\u00e4nner \u2013 vi \u00e4r ett g\u00e4ng ultraljudsn\u00f6rdar som \u00e5terstartat SFMU. P\u00e5 R\u00f6ntgenveckan hittar vi ocks\u00e5 de allra senaste ultraljudsmaskinerna, det \u00e4r rena julaftonen!&lt;br&gt;&lt;\/i&gt;&lt;i&gt;F\u00f6r att sprida v\u00e5r entusiasm \u00f6ver ultraljud har vi sessioner i Loge 4+6 p\u00e5 R\u00f6ntgenveckan, d\u00e4r vi kan tr\u00e4na ultraljud p\u00e5 riktigt. H\u00e4ng p\u00e5 n\u00e4r vi visar upp v\u00e5ra favoritunders\u00f6kningar!&lt;br&gt;&lt;\/i&gt;&lt;i&gt;OBS- ingen bokning, f\u00f6rst till kvarn g\u00e4ller ... V\u00e4lkomna!&lt;\/i&gt;&lt;\/p&gt;\n                 &lt;p&gt;&lt;i&gt;Bli medlem? &amp;nbsp;Maila: sfmu.sfmu@gmail.com&lt;br&gt;&lt;\/i&gt;&lt;\/p&gt;\n                 &lt;p&gt;&lt;b&gt;Tisdag 12 sept:&lt;\/b&gt;&lt;\/p&gt;\n                 &lt;p&gt;&lt;b&gt;Kl 12.45-13.30: Muskuloskeletalt ultraljud, ffa axlar.&amp;nbsp;&amp;nbsp;&lt;\/b&gt;Dr Laszlo Toth, Hudiksvalls Sjukhus&lt;\/p&gt;\n                 &lt;p&gt;&lt;\/p&gt;\n                 &lt;p&gt;&lt;b&gt;Kl 13.30-16.45 Biopsitr\u00e4ning p\u00e5 preparat\u2013 enbart f\u00f6r deltagare p\u00e5 ST-kurs i ultraljudsv\u00e4gledda punktioner.&lt;br&gt;&lt;br&gt;&lt;\/b&gt;&lt;\/p&gt;\n                 &lt;p&gt;&lt;b&gt;Onsdag 13 sept:&lt;\/b&gt;&lt;\/p&gt;\n                 &lt;p&gt;&lt;b&gt;Kl 8.30-9.45: \u201dAkut ultraljud \u2013 EFAST, POCUS, och annat man g\u00f6r p\u00e5 akutrummet\u2026\u201d&amp;nbsp;&lt;\/b&gt;Dr Jesper Danielsson, St G\u00f6rans Sjukhus&lt;\/p&gt;\n                 &lt;p&gt;&lt;b&gt;Kl 8.30-9.45: \u201dLeverelastografi, demo och hands-on&lt;\/b&gt;\u201d. Sonograf Marie Byenfeldt, \u00d6stersunds Sjukhus.&lt;\/p&gt;\n                 &lt;p&gt;&lt;b&gt;Kl 10.00-11.00: \u00c5rsm\u00f6te SFMU&lt;\/b&gt;&lt;\/p&gt;\n                 &lt;p&gt;&lt;b&gt;Kl 11.00-12.15 : \u201dFria fl\u00f6den? Doppler av perifera och centrala blodk\u00e4rl\u201d.&amp;nbsp;&lt;\/b&gt;&amp;nbsp;Dr Kristina Dahlstr\u00f6m, Faluns Sjukhus&lt;b&gt;&lt;\/b&gt;&lt;\/p&gt;\n                 &lt;p&gt;&lt;b&gt;Kl 11.00-12.15: : \u201dMuskuloskeletalt ultraljud, ffa axlar\u201d.&amp;nbsp;&lt;\/b&gt;Dr Laszlo Toth, Hudiksvalls Sjukhus&lt;b&gt;&lt;\/b&gt;&lt;\/p&gt;\n                 &lt;p&gt;&lt;b&gt;13.30-14.45: \u201dBiopsitr\u00e4ning \u2013 ultraljudsv\u00e4gledda punktioner, demonstration och praktisk \u00f6vning p\u00e5 preparat\u201d.&lt;\/b&gt;&amp;nbsp;Dr Stefan H\u00f6rnlund, Sundsvalls sjukhus&lt;\/p&gt;\n                 &lt;p&gt;&lt;b&gt;13.30-14.45 \u201dSonograf? Prova-p\u00e5-ultraljud f\u00f6r nyfikna r\u00f6ntgensjuksk\u00f6terskor\u201d.&lt;\/b&gt;&amp;nbsp;Sonograf Karin Asplund, Astrid Lindgrens Barnsjukhus&lt;\/p&gt;\n                 &lt;p&gt;&lt;b&gt;Kl 15.45-16.45: \u201dFusion av MR-buk och ultraljud, demonstration live och praktisk&amp;nbsp;&lt;\/b&gt;\u00f6vning\u201d.&amp;nbsp;&amp;nbsp; Dr Sara Sehlstedt, \u00d6stersunds Sjukhus&lt;\/p&gt;\n                 &lt;p&gt;&lt;b&gt;Kl 15.45-16.45&lt;\/b&gt;:&amp;nbsp;&lt;b&gt;\u201dSonograf? Prova-p\u00e5-ultraljud f\u00f6r nyfikna r\u00f6ntgensjuksk\u00f6terskor\u201d.&amp;nbsp;&lt;\/b&gt;Sonograf Maria Zetterman, Astrid Lindgrens Barnsjukhus&lt;br&gt;&lt;br&gt;Torsdag 14 sept.&lt;\/p&gt;\n                 &lt;p&gt;&lt;b&gt;Kl 9.50-10.45: &amp;nbsp;\u201dUltraljudsv\u00e4gledda biopsier, demo och praktisk \u00f6vning p\u00e5 preparat\u201d.&amp;nbsp;&amp;nbsp;&lt;\/b&gt;Dr Stefan H\u00f6rnlund, Sundsvalls Sjukhus.&lt;\/p&gt;\n                 &lt;p&gt;&lt;b&gt;Kl 13.30-15.00: \u201dMuskuloskeletalt ultraljud,&amp;nbsp; fr\u00e4mst \u00f6vre extremitet\u201d.&lt;\/b&gt;&amp;nbsp;Dr David Wilson och Dr Gina Allen, Oxford samt Dr Magnus Hjelm, G\u00e4vle Sjukhus och Dr Johan Krause, Uppsala Akademiska Sjukhus.&lt;\/p&gt;\n                 &lt;p&gt;&lt;b&gt;Kl 15.45-16.45:&lt;\/b&gt;&amp;nbsp;&lt;b&gt;\u201dMuskuloskeletalt ultraljud,&amp;nbsp; fr\u00e4mst nedre extremitet\u201d.&lt;\/b&gt;&amp;nbsp;Dr David Wilson och Dr Gina Allen, Oxford samt Dr Magnus Hjelm, G\u00e4vle Sjukhus och Dr Johan Krause, Uppsala Akademiska Sjukhus&lt;b&gt;&lt;\/b&gt;&lt;\/p&gt;\n                 &lt;p&gt;&lt;i&gt;&lt;br&gt;&lt;\/i&gt;&lt;\/p&gt; \n                &lt;br&gt;&lt;br&gt;\"\n                data-category=\"ST-kurser \/ Ungt forum\"\n                data-category-ids=\"1005\"\n                data-span-all=\"\"\n              >\n\n              \n\n              <div class=\"vertical_bar\" style=\"background-color: #99FFFF;\"><\/div>\n              <div class=\"box_inner\">\n                                <span>Ultraljudsf\u00f6reningen, Hands-on workshop<\/span>\n               <br>\n               \n               <div class=\"room_div \">\n                 <i class=\"list-room\">Loge 6<\/i>\n               <\/div>\n\n               <div class=\"name_time_div\">\n                <i class=\"list-time\" data-time=\"13:30\">13:30-15:00 - Tisdag 12 september<\/i>\n               <\/div>\n              <\/div>\n             <\/div>\n          <\/div>\n\n          \n          <div class=\"box-wrapper\"\n              data-id=\"1175\">\n\n              <div class='time-header' style='visibility: hidden;'>13:30<\/div>\n\n              <div class=\"box\"\n                data-id=\"1175\"\n                data-project=\"project_276_2017_03_27\"\n                data-title=\"Ultraljudsf\u00f6reningen, Hands-on workshop\"\n                data-time=\"13:30-15:00\"\n                data-room=\"Loge 5\"\n                data-room-id=\"1016\"\n                data-room-name=\"Loge 5\"\n                data-day=\"0\"\n                data-abs-nbr=\"\"\n                data-abs-path=\"\"\n                data-speaker=\"\"\n                data-speakercell=\"\"\n                data-info=\"\n                 &lt;p&gt;Basal ST-kurs i ultraljudsv\u00e4gledda punktioner &lt;br&gt;Svensk F\u00f6rening f\u00f6r Medicinsk Ultraljudsdiagnostik h\u00e5ller \u00e5ter en kurs i basal punktionsteknik f\u00f6r ST-l\u00e4kare - men f\u00f6rmiddagens f\u00f6rel\u00e4sningar \u00e4r \u00f6ppna f\u00f6r alla, s\u00e5 \u00e4ldre kollegor som kanske k\u00e4nner sig ringrostiga och i behov av en &quot;refresher course&quot; \u00e4r ocks\u00e5 varmt v\u00e4lkomna. Teoretiskt genomg\u00e5ng p\u00e5 f\u00f6rmiddagen om vad man b\u00f6r t\u00e4nka p\u00e5 vid alla olika typer av ultraljudsv\u00e4gledda punktioner som f\u00f6rekommer p\u00e5 r\u00f6ntgen, samt genomg\u00e5ng i hur man kan tr\u00e4na tekniken sj\u00e4lv p\u00e5 hemmaplan. Eftermiddagens praktiska \u00f6vningar \u00e4r dock till f\u00f6r de som antagits p\u00e5 ST-kursen (och endast de kommer f\u00e5 kursintyg). &lt;br&gt;&lt;br&gt;kl 8.30-9.15 Introduktion + biopsi i parenkymat\u00f6sa organ (med fast vinkel). Dr Sara Sehlstedt, \u00d6verl\u00e4kare R\u00f6ntgenavd, \u00d6stersunds Sjukhus &lt;br&gt;kl 9.15-10.00 Br\u00f6stpunktioner och frihandsteknik. Dr Tryggve Eriksson, \u00d6verl\u00e4kare, Mammografiavd \u00d6stersunds Sjukhus &lt;br&gt;10.30-11.15: Ultraljudsv\u00e4gledda dr\u00e4nage: pleura, ascites och abcesser. Dr Jesper Danielsson, \u00d6verl\u00e4kare, Capio St G\u00f6rans Sjukhus 11.15-12.00 : Demonstration av punktions\u00f6vningar, inf\u00f6r eftermiddagens praktiska moment (samtliga f\u00f6rel\u00e4sare). &lt;br&gt;kl 13.30-16.30 (??) Hela eftermiddagen \u00e4gnas \u00e5t praktiska \u00f6vningar med ultraljud p\u00e5 preparat i sm\u00e5grupper, med handledare fr\u00e5n SFMU. Endast f\u00f6r de som antagits p\u00e5 STkursen. Gruppindelning sker under f\u00f6rmiddagen.&lt;br&gt;&lt;\/p&gt;\n                &lt;br&gt;&lt;br&gt;\"\n                data-category=\"ST-kurser \/ Ungt forum\"\n                data-category-ids=\"1005\"\n                data-span-all=\"\"\n              >\n\n              \n\n              <div class=\"vertical_bar\" style=\"background-color: #99FFFF;\"><\/div>\n              <div class=\"box_inner\">\n                                <span>Ultraljudsf\u00f6reningen, Hands-on workshop<\/span>\n               <br>\n               \n               <div class=\"room_div \">\n                 <i class=\"list-room\">Loge 5<\/i>\n               <\/div>\n\n               <div class=\"name_time_div\">\n                <i class=\"list-time\" data-time=\"13:30\">13:30-15:00 - Tisdag 12 september<\/i>\n               <\/div>\n              <\/div>\n             <\/div>\n          <\/div>\n\n          \n          <div class=\"box-wrapper\"\n              data-id=\"1047\">\n\n              <div class='time-header' style='visibility: hidden;'>13:30<\/div>\n\n              <div class=\"box\"\n                data-id=\"1047\"\n                data-project=\"project_276_2017_03_27\"\n                data-title=\"RAM-kurs\"\n                data-time=\"13:30-15:00\"\n                data-room=\"Noten\/Takten\/Accenten\/Reprisen\"\n                data-room-id=\"1017\"\n                data-room-name=\"Noten\/Takten\/Accenten\/Reprisen\"\n                data-day=\"0\"\n                data-abs-nbr=\"\"\n                data-abs-path=\"\"\n                data-speaker=\"Staffan Wirell; Anders von Heijne; Marcus Casselgren; Charalampos Georgiopoulos; Joar Bj\u00f6rk; Kada Karlsson\"\n                data-speakercell=\"Staffan Wirell; Anders von Heijne; Marcus Casselgren; Charalampos Georgiopoulos; Joar Bj\u00f6rk; Kada Karlsson\"\n                data-info=\"\"\n                data-category=\"RAM-kurs\"\n                data-category-ids=\"1016\"\n                data-span-all=\"\"\n              >\n\n              \n\n              <div class=\"vertical_bar\" style=\"background-color: #66FFCC;\"><\/div>\n              <div class=\"box_inner\">\n                                <span>RAM-kurs<\/span>\n               <br>\n               <div class=\"lecturer\"><span>Staffan Wirell; Anders von Heijne; Marcus Casselgren; Charalampos Georgiopoulos; Joar Bj\u00f6rk; Kada Karlsson<\/span><\/div>\n               <div class=\"room_div \">\n                 <i class=\"list-room\">Noten\/Takten\/Accenten\/Reprisen<\/i>\n               <\/div>\n\n               <div class=\"name_time_div\">\n                <i class=\"list-time\" data-time=\"13:30\">13:30-15:00 - Tisdag 12 september<\/i>\n               <\/div>\n              <\/div>\n             <\/div>\n          <\/div>\n\n          \n          <div class=\"box-wrapper\"\n              data-id=\"1034\">\n\n              <div class='time-header' style='visibility: hidden;'>13:30<\/div>\n\n              <div class=\"box\"\n                data-id=\"1034\"\n                data-project=\"project_276_2017_03_27\"\n                data-title=\"Temadag Neuro: Modern ryggdiagnostik\"\n                data-time=\"13:30-15:00\"\n                data-room=\"Operan\"\n                data-room-id=\"1004\"\n                data-room-name=\"Operan\"\n                data-day=\"0\"\n                data-abs-nbr=\"\"\n                data-abs-path=\"\"\n                data-speaker=\"M\u00e5rten Annertz; Hans Tropp\"\n                data-speakercell=\"M\u00e5rten Annertz; Hans Tropp\"\n                data-info=\"&lt;b&gt;Moderatorer: &lt;\/b&gt;Roger Siemund&lt;br&gt;&lt;br&gt; \n                 &lt;p&gt;Modern ryggdiagnostik&lt;\/p&gt; \n                &lt;br&gt;&lt;br&gt;\"\n                data-category=\"SFMR - Delf\u00f6reningar\"\n                data-category-ids=\"1006\"\n                data-span-all=\"\"\n              >\n\n              \n\n              <div class=\"vertical_bar\" style=\"background-color: #6699CC;\"><\/div>\n              <div class=\"box_inner\">\n                                <span>Temadag Neuro: Modern ryggdiagnostik<\/span>\n               <br>\n               <div class=\"lecturer\"><span>M\u00e5rten Annertz; Hans Tropp<\/span><\/div>\n               <div class=\"room_div \">\n                 <i class=\"list-room\">Operan<\/i>\n               <\/div>\n\n               <div class=\"name_time_div\">\n                <i class=\"list-time\" data-time=\"13:30\">13:30-15:00 - Tisdag 12 september<\/i>\n               <\/div>\n              <\/div>\n             <\/div>\n          <\/div>\n\n          \n          <div class=\"box-wrapper\"\n              data-id=\"1040\">\n\n              <div class='time-header' style='visibility: hidden;'>13:30<\/div>\n\n              <div class=\"box\"\n                data-id=\"1040\"\n                data-project=\"project_276_2017_03_27\"\n                data-title=\"SFR - Vem f\u00e5r g\u00f6ra vad p\u00e5 r\u00f6ntgen?\"\n                data-time=\"13:30-15:00\"\n                data-room=\"Sonaten\"\n                data-room-id=\"1009\"\n                data-room-name=\"Sonaten\"\n                data-day=\"0\"\n                data-abs-nbr=\"\"\n                data-abs-path=\"\"\n                data-speaker=\"Camilla Larsson; Maria  Ennefors; Anders Alexandersson\"\n                data-speakercell=\"Camilla Larsson; Maria  Ennefors; Anders Alexandersson\"\n                data-info=\"&lt;b&gt;Moderatorer: &lt;\/b&gt;Anneli Tengvall&lt;br&gt;&lt;br&gt; \n                 &lt;p&gt;F\u00f6rel\u00e4sare: Camilla Larsson, Str\u00e5ls\u00e4kerhetsmyndigheten&lt;br&gt;&lt;br&gt;Str\u00e5ls\u00e4kerhetsmyndigheten f\u00e5r ibland fr\u00e5gor om vilken kompetens som kr\u00e4vs f\u00f6r att arbeta p\u00e5 en r\u00f6ntgenavdelning, om det finns n\u00e5gra krav eller regler som beskriver detta. Svaret blir ofta att det inte finns n\u00e5gon regel om vem som f\u00e5r g\u00f6ra vad. Det inneb\u00e4r dock inte att det helt saknas best\u00e4mmelser att f\u00f6rh\u00e5lla sig till. I Sverige svarar Socialstyrelsen f\u00f6r personal inom h\u00e4lso- och sjukv\u00e5rden, inklusive inneh\u00e5llet i utbildningar som leder till yrken med legitimationskrav. Allm\u00e4nna regler p\u00e5 h\u00e4lso-och sjukv\u00e5rdens omr\u00e5de m\u00e5ste beaktas n\u00e4r t.ex. verksamhetschefen best\u00e4mmer vem som ska utf\u00f6ra olika arbetsuppgifter. Str\u00e5ls\u00e4kerhetsmyndighetens f\u00f6reskrifter kompletterar dessa krav med best\u00e4mmelser om intern str\u00e5lskyddsutbildning anpassad f\u00f6r olika yrkeskategorier och arbetsuppgifter. Str\u00e5ls\u00e4kerhetsmyndigheten st\u00e4ller krav p\u00e5 att verksamhetsut\u00f6varen f\u00f6rvissar sig om att den som arbetar i verksamheten har den utbildning som beh\u00f6vs f\u00f6r att verksamheten ska kunna bedrivas under goda str\u00e5lskyddsf\u00f6rh\u00e5llanden. Detta regleras i 7 \u00a7 str\u00e5lskyddslagen (1988:220), 10 \u00a7 Str\u00e5ls\u00e4kerhetsmyndighetens f\u00f6reskrifter (SSMFS 2008:35) om allm\u00e4nna skyldigheter vid medicinsk och odontologisk verksamhet med joniserande str\u00e5lning samt 8 \u00a7 Str\u00e5ls\u00e4kerhetsmyndighetens f\u00f6reskrifter (SSMFS 2008:31) om r\u00f6ntgendiagnostik. Verksamhetsut\u00f6varen f\u00e5r sj\u00e4lv avg\u00f6ra vilken formell kompetens (t.ex. radiolog, l\u00e4kare, r\u00f6ntgensjuksk\u00f6terska, sjuksk\u00f6terska) eller reell kompetens som beh\u00f6vs f\u00f6r att f\u00e5 utf\u00f6ra olika uppgifter inom verksamheten. Som ett exempel ing\u00e5r i r\u00f6ntgensjuksk\u00f6terskeexamen den formella kompetensen f\u00f6r att utf\u00f6ra r\u00f6ntgenunders\u00f6kningar. Vid anst\u00e4llning av en person med r\u00f6ntgensjuksk\u00f6terskeexamen blir det allts\u00e5 l\u00e4tt f\u00f6r verksamhetsut\u00f6varen att avg\u00f6ra om denne har formell kompetens och d\u00e4rmed f\u00f6ruts\u00e4ttningar att utf\u00f6ra arbetsuppgifter p\u00e5 ett fr\u00e5n str\u00e5lskyddssynpunkt s\u00e4kert s\u00e4tt. Verksamhetsut\u00f6varen ansvarar f\u00f6r att personalen har en kompetensniv\u00e5 som \u00e4r anpassad till riskerna i verksamheten. Kompetenskrav f\u00f6r verksamheten utformas l\u00e4mpligen med hj\u00e4lp av nationella eller internationella riktlinjer, till exempel EU-kommissionens riktlinjer (RP 175). I dessa ges rekommendationer om vilka kompetenser som kr\u00e4vs f\u00f6r olika arbetsuppgifter r\u00f6rande medicinska exponeringar. F\u00f6rutom de allm\u00e4nna regler som finns f\u00f6r h\u00e4lso- och sjukv\u00e5rden har verksamhetsut\u00f6varen den radiologiska ledningsfunktionen och sjukhusfysikern till sin hj\u00e4lp i utformningen av kompetenskrav f\u00f6r verksamheten.&lt;\/p&gt; \n                 &lt;p&gt;F\u00f6rel\u00e4sare: Maria Ennefors, Anders Alexandersson, Socialstyrelsen&lt;br&gt;&lt;br&gt;&lt;span style=&quot;font-weight: bold;&quot;&gt;Syfte&lt;br&gt;&lt;\/span&gt;Socialstyrelsen f\u00e5r m\u00e5nga fr\u00e5gor om vem som f\u00e5r g\u00f6ra vad i v\u00e5rden, t ex om vem har r\u00e4tt att\nst\u00e4lla diagnos, vem f\u00e5r delegera l\u00e4kemedelshantering och vem f\u00e5r granska en patients\nr\u00f6ntgenbilder?\nSyftet med f\u00f6rel\u00e4sningen \u00e4r att \u00f6ka kunskapen om grundl\u00e4ggande fakta kring regelverket och\nsvara p\u00e5 vanliga fr\u00e5gor om m\u00f6jlighet och begr\u00e4nsningar, t ex n\u00e4r det g\u00e4ller arbetsledning,\ndelegering och egenansvar. Vi presenterar ocks\u00e5 nyheter i den reviderade f\u00f6reskrift om\nl\u00e4kemedelshantering, som tr\u00e4der i kraft 2018.\n&lt;span style=&quot;font-weight: bold;&quot;&gt;Ny webbplats om vem f\u00e5r g\u00f6ra vad\n&lt;br&gt;&lt;\/span&gt;Under v\u00e5ren 2017 lanserade Socialstyrelsen en ny webbplats \u201dVem f\u00e5r g\u00f6ra vad i h\u00e4lso- och\nsjukv\u00e5rden och tandv\u00e5rden? \u201d https:\/\/vemfargoravad.socialstyrelsen.se\/\nDen ger svar p\u00e5 vanliga fr\u00e5gor om vilka arbetsuppgifter som \u00e4r s\u00e4rskilt reglerade enligt lag och\nvilka uppgifter v\u00e5rdgivaren sj\u00e4lv kan f\u00f6rdela efter personalens kompetens. F\u00f6rhoppningen \u00e4r att\nwebbplatsen ska klarg\u00f6ra att det finns ganska stora m\u00f6jligheter att planera verksamheter p\u00e5 ett\nmer flexibelt s\u00e4tt.\nEfter lanseringen av webbplatsen har vi f\u00e5tt flera fr\u00e5gor fr\u00e5n r\u00f6ntgenpersonal om t ex\nl\u00e4kemedelshantering. Ett exempel p\u00e5 fr\u00e5ga \u00e4r om en r\u00f6ntgensjuksk\u00f6terska f\u00e5r hantera\nkontrastv\u00e4tska vid en DT-unders\u00f6kning. Det kommer ocks\u00e5 att finnas tid f\u00f6r fr\u00e5gor i slutet av\nf\u00f6rel\u00e4sningen .\n&lt;br&gt;&lt;span style=&quot;font-weight: bold;&quot;&gt;Fler fr\u00e5gor om vem f\u00e5r g\u00f6ra vad?&lt;\/span&gt;\n&lt;br&gt;F\u00f6rutom webbplatsen vemfargoravad har Socialstyrelsen ocks\u00e5 en upplysningstj\u00e4nst dit du kan\nv\u00e4nda dig f\u00f6r fr\u00e5gor om g\u00e4llande f\u00f6rfattningar p\u00e5 h\u00e4lso- och sjukv\u00e5rdens samt socialtj\u00e4nstens\nomr\u00e5de. http:\/\/www.socialstyrelsen.se\/omsocialstyrelsen\/kontaktformular\n&lt;br&gt;&lt;br&gt;Upplysningstj\u00e4nsten n\u00e5s ocks\u00e5 p\u00e5 075-247 30 00 p\u00e5 m\u00e5ndagar 13\u201315 och tisdag\u2013fredag 9\u201311.&lt;br&gt;&lt;\/p&gt; \n                 &lt;p&gt;&lt;br&gt;&lt;\/p&gt; \n                &lt;br&gt;&lt;br&gt;\"\n                data-category=\"SFR - Svensk F\u00f6rening f\u00f6r R\u00f6ntgensjuksk\u00f6terskor\"\n                data-category-ids=\"1007\"\n                data-span-all=\"\"\n              >\n\n              \n\n              <div class=\"vertical_bar\" style=\"background-color: #33CC66;\"><\/div>\n              <div class=\"box_inner\">\n                                <span>SFR - Vem f\u00e5r g\u00f6ra vad p\u00e5 r\u00f6ntgen?<\/span>\n               <br>\n               <div class=\"lecturer\"><span>Camilla Larsson; Maria  Ennefors; Anders Alexandersson<\/span><\/div>\n               <div class=\"room_div \">\n                 <i class=\"list-room\">Sonaten<\/i>\n               <\/div>\n\n               <div class=\"name_time_div\">\n                <i class=\"list-time\" data-time=\"13:30\">13:30-15:00 - Tisdag 12 september<\/i>\n               <\/div>\n              <\/div>\n             <\/div>\n          <\/div>\n\n          \n          <div class=\"box-wrapper\"\n              data-id=\"1042\">\n\n              <div class='time-header' style='visibility: hidden;'>13:30<\/div>\n\n              <div class=\"box\"\n                data-id=\"1042\"\n                data-project=\"project_276_2017_03_27\"\n                data-title=\"MTF - Teknikerm\u00f6te \\\"Landet runt\\\"\"\n                data-time=\"13:30-16:45\"\n                data-room=\"Backstage\"\n                data-room-id=\"1005\"\n                data-room-name=\"Backstage\"\n                data-day=\"0\"\n                data-abs-nbr=\"\"\n                data-abs-path=\"\"\n                data-speaker=\"Maria Wirenstedt; Miki Perc\"\n                data-speakercell=\"Maria Wirenstedt; Miki Perc\"\n                data-info=\" \n                 &lt;p&gt;\u00d6ppet diskussionsm\u00f6te&lt;br&gt;&lt;br&gt;Vid tidigare RTG- veckor, och vid samtal med kollegor, har r\u00f6ntgeningenj\u00f6rerna \u00f6nskat en samling f\u00f6r sin yrkesgrupp f\u00f6r att diskutera aktuella fr\u00e5gor som ej behandlas i f\u00f6redragen p\u00e5 r\u00f6ntgenveckan. F\u00f6rs\u00f6ket med Teknikerm\u00f6te startade p\u00e5 r\u00f6ntgenveckan 2014 och mottogs positivt vilket gjorde att vi \u00e4ven h\u00f6ll ett m\u00f6ten 2015 och 2016 och nu inbjuder till detta \u00e4ven under r\u00f6ntgenveckan 2017. M\u00f6tet ger \u00e4ven tillf\u00e4lle att ni som yrkesgrupp kan tr\u00e4ffas f\u00f6r att diskutera aktuella teknikfr\u00e5gor, \u00f6nskem\u00e5l och behov av utbildningar, seminarier och program f\u00f6r kommande r\u00f6ntgenveckor. Deltagarna f\u00e5r g\u00e4rna ta med aktuella fr\u00e5gor f\u00f6r diskussion. Miki Perc, MTF Maria Wirenstedt , MTF&lt;br&gt;&lt;\/p&gt; \n                &lt;br&gt;&lt;br&gt;\"\n                data-category=\"MTF - Svensk f\u00f6rening f\u00f6r Medicinsk Teknik och Fysik\"\n                data-category-ids=\"1009\"\n                data-span-all=\"\"\n              >\n\n              \n\n              <div class=\"vertical_bar\" style=\"background-color: #CCCC66;\"><\/div>\n              <div class=\"box_inner\">\n                                <span>MTF - Teknikerm\u00f6te \"Landet runt\"<\/span>\n               <br>\n               <div class=\"lecturer\"><span>Maria Wirenstedt; Miki Perc<\/span><\/div>\n               <div class=\"room_div \">\n                 <i class=\"list-room\">Backstage<\/i>\n               <\/div>\n\n               <div class=\"name_time_div\">\n                <i class=\"list-time\" data-time=\"13:30\">13:30-16:45 - Tisdag 12 september<\/i>\n               <\/div>\n              <\/div>\n             <\/div>\n          <\/div>\n\n          \n          <div class=\"box-wrapper\"\n              data-id=\"1033\">\n\n              <div class='time-header' style='visibility: hidden;'>13:30<\/div>\n\n              <div class=\"box\"\n                data-id=\"1033\"\n                data-project=\"project_276_2017_03_27\"\n                data-title=\"Fallpresentationst\u00e4vling I\"\n                data-time=\"13:30-15:00\"\n                data-room=\"Musikalen\"\n                data-room-id=\"1003\"\n                data-room-name=\"Musikalen\"\n                data-day=\"0\"\n                data-abs-nbr=\"\"\n                data-abs-path=\"\"\n                data-speaker=\"\"\n                data-speakercell=\"\"\n                data-info=\"&lt;b&gt;Moderatorer: &lt;\/b&gt;Yngve  Forslin&lt;br&gt;&lt;br&gt; \n                 &lt;p&gt;Fallpresentationer skickas till ungtforum@gmail.com&lt;\/p&gt; \n                &lt;br&gt;&lt;br&gt;\"\n                data-category=\"ST-kurser \/ Ungt forum\"\n                data-category-ids=\"1005\"\n                data-span-all=\"\"\n              >\n\n              \n\n              <div class=\"vertical_bar\" style=\"background-color: #99FFFF;\"><\/div>\n              <div class=\"box_inner\">\n                                <span>Fallpresentationst\u00e4vling I<\/span>\n               <br>\n               \n               <div class=\"room_div \">\n                 <i class=\"list-room\">Musikalen<\/i>\n               <\/div>\n\n               <div class=\"name_time_div\">\n                <i class=\"list-time\" data-time=\"13:30\">13:30-15:00 - Tisdag 12 september<\/i>\n               <\/div>\n              <\/div>\n             <\/div>\n          <\/div>\n\n          \n          <div class=\"box-wrapper\"\n              data-id=\"1032\">\n\n              <div class='time-header' style='visibility: hidden;'>13:30<\/div>\n\n              <div class=\"box\"\n                data-id=\"1032\"\n                data-project=\"project_276_2017_03_27\"\n                data-title=\"Dubbelmorden p\u00e5 \u00c5sgatan - Reflektion \/ Kamratst\u00f6d\"\n                data-time=\"13:30-15:00\"\n                data-room=\"Crusellhallen\"\n                data-room-id=\"1002\"\n                data-room-name=\"Crusellhallen\"\n                data-day=\"0\"\n                data-abs-nbr=\"\"\n                data-abs-path=\"\"\n                data-speaker=\"Peter Hermansson\"\n                data-speakercell=\"Peter Hermansson\"\n                data-info=\"&lt;b&gt;Moderatorer: &lt;\/b&gt;Maria Lindblom&lt;br&gt;&lt;br&gt; \n                 &lt;p&gt;F\u00f6rel\u00e4sare: Peter Hermansson, undersk\u00f6terska Akuten, Link\u00f6ping, f d ambulanssjukv\u00e5rden&lt;\/p&gt; \n                &lt;br&gt;&lt;br&gt;\"\n                data-category=\"Allm\u00e4n f\u00f6rel\u00e4sning\"\n                data-category-ids=\"1003\"\n                data-span-all=\"\"\n              >\n\n              \n\n              <div class=\"vertical_bar\" style=\"background-color: #FF9933;\"><\/div>\n              <div class=\"box_inner\">\n                                <span>Dubbelmorden p\u00e5 \u00c5sgatan - Reflektion \/ Kamratst\u00f6d<\/span>\n               <br>\n               <div class=\"lecturer\"><span>Peter Hermansson<\/span><\/div>\n               <div class=\"room_div \">\n                 <i class=\"list-room\">Crusellhallen<\/i>\n               <\/div>\n\n               <div class=\"name_time_div\">\n                <i class=\"list-time\" data-time=\"13:30\">13:30-15:00 - Tisdag 12 september<\/i>\n               <\/div>\n              <\/div>\n             <\/div>\n          <\/div>\n\n          \n          <div class=\"box-wrapper\"\n              data-id=\"1039\">\n\n              <div class='time-header'>14:00<\/div>\n\n              <div class=\"box\"\n                data-id=\"1039\"\n                data-project=\"project_276_2017_03_27\"\n                data-title=\"Studiebes\u00f6k CMIV\"\n                data-time=\"14:00-16:00\"\n                data-room=\"CMIV\"\n                data-room-id=\"1018\"\n                data-room-name=\"CMIV\"\n                data-day=\"0\"\n                data-abs-nbr=\"\"\n                data-abs-path=\"\"\n                data-speaker=\"\"\n                data-speakercell=\"\"\n                data-info=\" \n                 &lt;p&gt;Studiebes\u00f6ket g\u00f6rs i tre grupper. F\u00d6RANM\u00c4LAN!&lt;br&gt;&lt;br&gt;Hitta hit: Campus US Universitetssjukhuset.&lt;br&gt;Fr\u00e5n S\u00f6dra entr\u00e9n: Ing\u00e5ng 1, hiss A, plan 11&lt;br&gt;Fr\u00e5n Norra entr\u00e9n: Ing\u00e5ng 7, hiss K, plan 11&lt;br&gt;&lt;\/p&gt; \n                &lt;br&gt;&lt;br&gt;\"\n                data-category=\"Allm\u00e4n f\u00f6rel\u00e4sning\"\n                data-category-ids=\"1003\"\n                data-span-all=\"\"\n              >\n\n              \n\n              <div class=\"vertical_bar\" style=\"background-color: #FF9933;\"><\/div>\n              <div class=\"box_inner\">\n                                <span>Studiebes\u00f6k CMIV<\/span>\n               <br>\n               \n               <div class=\"room_div \">\n                 <i class=\"list-room\">CMIV<\/i>\n               <\/div>\n\n               <div class=\"name_time_div\">\n                <i class=\"list-time\" data-time=\"14:00\">14:00-16:00 - Tisdag 12 september<\/i>\n               <\/div>\n              <\/div>\n             <\/div>\n          <\/div>\n\n          \n          <div class=\"box-wrapper\"\n              data-id=\"1179\">\n\n              <div class='time-header'>15:00<\/div>\n\n              <div class=\"box\"\n                data-id=\"1179\"\n                data-project=\"project_276_2017_03_27\"\n                data-title=\"Kaffe & Utst\u00e4llning\"\n                data-time=\"15:00-15:45\"\n                data-room=\"-Ej specificerad-\"\n                data-room-id=\"-1\"\n                data-room-name=\"-Ej specificerad-\"\n                data-day=\"0\"\n                data-abs-nbr=\"\"\n                data-abs-path=\"\"\n                data-speaker=\"\"\n                data-speakercell=\"\"\n                data-info=\"\"\n                data-category=\"\"\n                data-category-ids=\"\"\n                data-span-all=\"\"\n              >\n\n              \n\n              <div class=\"vertical_bar\" style=\"background-color: rgba(255, 255, 255, 0);\"><\/div>\n              <div class=\"box_inner\">\n                                <span>Kaffe & Utst\u00e4llning<\/span>\n               <br>\n               \n               <div class=\"room_div \">\n                 <i class=\"list-room\">-Ej specificerad-<\/i>\n               <\/div>\n\n               <div class=\"name_time_div\">\n                <i class=\"list-time\" data-time=\"15:00\">15:00-15:45 - Tisdag 12 september<\/i>\n               <\/div>\n              <\/div>\n             <\/div>\n          <\/div>\n\n          \n          <div class=\"box-wrapper\"\n              data-id=\"1053\">\n\n              <div class='time-header'>15:45<\/div>\n\n              <div class=\"box\"\n                data-id=\"1053\"\n                data-project=\"project_276_2017_03_27\"\n                data-title=\"SFR - Forskning inom metodutveckling\"\n                data-time=\"15:45-16:45\"\n                data-room=\"Operetten\"\n                data-room-id=\"1010\"\n                data-room-name=\"Operetten\"\n                data-day=\"0\"\n                data-abs-nbr=\"\"\n                data-abs-path=\"\"\n                data-speaker=\"Britt-Marie Ahlander; Anders Svensson\"\n                data-speakercell=\"Britt-Marie Ahlander; Anders Svensson\"\n                data-info=\"&lt;b&gt;Moderatorer: &lt;\/b&gt;Maud Lund\u00e9n&lt;br&gt;&lt;br&gt; \n                 &lt;p&gt;&lt;span style=&quot;font-weight: bold;&quot;&gt;Forskning inom metodutveckling&lt;\/span&gt;&lt;\/p&gt; \n                 &lt;p&gt;F\u00f6rel\u00e4sare: Britt-Marie Ahlander&lt;br&gt;&lt;br&gt;Syfte: Att vid Magnetisk Resonanstomografi av hj\u00e4rtat (hj\u00e4rt-MR): &lt;br&gt;I) p\u00e5 patienter med f\u00f6rmaksflimmer och genomg\u00e5ngen hj\u00e4rtinfarkt j\u00e4mf\u00f6ra bildkvaliten mellan tv\u00e5 olika sekvenser vilka utv\u00e4rderar viabilitet. Samt att bed\u00f6ma bildkvaliten p\u00e5 cine bilder. &lt;br&gt;II) vid perfusions unders\u00f6kning j\u00e4mf\u00f6ra bildkvaliten mellan tv\u00e5 olika sekvenser med hj\u00e4rtscintigrafi som referensmetod. &lt;br&gt;&lt;br&gt;Material och metoder: &lt;br&gt;I) P\u00e5 20 patienter med genomg\u00e5ngen hj\u00e4rtinfarkt och p\u00e5g\u00e5ende f\u00f6rmaksflimmer j\u00e4mf\u00f6rdes vid hj\u00e4rtMR unders\u00f6kning bildkvaliten mellan tv\u00e5 olika Late Gadolinium Enhancement sekvenser av tv\u00e5 oberoende bed\u00f6mare. En segmenterad (data samlas in under flera hj\u00e4rtslag) och en single shot sekvens (data samlas in under ett hj\u00e4rtslag). Dessutom bed\u00f6mdes bildkvaliten p\u00e5 cine bilder vilka anv\u00e4nds f\u00f6r utv\u00e4rdering av hj\u00e4rtats funktion. &lt;br&gt;II) P\u00e5 60 patienter remitterade f\u00f6r hj\u00e4rtscintigrafi gjordes \u00e4ven hj\u00e4rt-MR under adenosin-stress och under vila. Tv\u00e5 olika sekvenser anv\u00e4ndes f\u00f6r att visualisera hj\u00e4rtats perfusion: Steady State Free Precession (30 patienter) och Gradient Echo- Echo Planar Imaging (30 patienter). \u00c4rr efter genomg\u00e5ngen hj\u00e4rtinfarkt visualiserades med Late Gadolinium Enhancement sekvens. Alla segment med \u00e4rr ans\u00e5gs patologiska. F\u00f6r b\u00e5da perfusions sekvenserna ber\u00e4knades signal- brus och kontrastbrus f\u00f6rh\u00e5llandena. Genombl\u00f6dningen i myokardet bed\u00f6mdes visuellt och semi-kvantitativt med hj\u00e4rtscintigrafin som referensmetod. &lt;br&gt;&lt;br&gt;Resultat: &lt;br&gt;I) Single shot sekvensen visade sig ha signifikant b\u00e4ttre bildkvalitet \u00e4n den segmenterade vid unders\u00f6kning av patienter med f\u00f6rmaksflimmer. \u00c4rrets utbredning var j\u00e4mf\u00f6rbar mellan de b\u00e5da sekvenserna. \u00d6verensst\u00e4mmelsen mellan de olika bed\u00f6marna var st\u00f6rre f\u00f6r den segmenterade sekvensen. S\u00e4mst bildkvalitet hade cine bilderna. &lt;br&gt;II) Trots s\u00e4mre signal brus och kontrast brus f\u00f6rh\u00e5llande \u00f6verensst\u00e4mde resultatet vid perfusionsunders\u00f6kningen med hj\u00e4rt-MR och Gradiet Echo- Echo Planar Imaging sekvensen b\u00e4ttre&amp;nbsp;med resultatet fr\u00e5n hj\u00e4rtscintigrafin \u00e4n vad Steady State Free Precession sekvensen gjorde. Detta g\u00e4llde b\u00e5de vid visuell och semi-kvantitativ utv\u00e4rdering. &lt;br&gt;&lt;br&gt;Konklusion: &lt;br&gt;I) P\u00e5 patienter med f\u00f6rmaksflimmer \u00e4r Single Shot sekvensen att f\u00f6redra. &lt;br&gt;II) Vid perfusionsunders\u00f6kning av hj\u00e4rtat \u00f6verensst\u00e4mmer och Gradiet Echo- Echo Planar Imaging sekvensen b\u00e4ttre med hj\u00e4rtscintigrafin \u00e4n vad Steady State Free Precession sekvensen gjorde&lt;\/p&gt; \n                 &lt;p&gt;&lt;br&gt;&lt;\/p&gt; \n                 &lt;p&gt;F\u00f6rel\u00e4sare: Anders Svensson&lt;\/p&gt; \n                 &lt;p&gt;&lt;span style=&quot;font-weight: bold;&quot;&gt;Syfte:&lt;\/span&gt; Att med datortomografi (DT) dual source teknik studera om en s\u00e4nkning av r\u00f6ntgenr\u00f6rsp\u00e4nningen, kilovoltpotential (kVp), tillsammans med reducering av intraven\u00f6st kontrastmedels (IV KM) dosering p\u00e5verkar unders\u00f6kningens bildkvalitet och lever parenkymets Hounsfieldv\u00e4rde (HU). &lt;br&gt;&lt;span style=&quot;font-weight: bold;&quot;&gt;Material och metod:&lt;\/span&gt; Studien inkluderade120 patienter som indelades i tv\u00e5 grupper beroende p\u00e5 njurfunktion och klinisk indikation; Grupp 1 skattade glomerul\u00e4ra filtreringshastighet (eGFR) uppgick till &amp;gt;45 ml per minut och f\u00f6ljde v\u00e5rt standardprotokoll f\u00f6r viktbaserad individualiserad IV KM dosering. Grupp 2 skattade eGFR understeg &amp;lt;45 ml per minut d\u00e4r reduktion av den IV KM dosering p\u00e5 40 eller 50% var beroende p\u00e5 kVp inst\u00e4llningarna 70 eller 80 kVp. Baserat utifr\u00e5n den kliniska indikationen f\u00f6r DT unders\u00f6kningen valdes antingen standard bukprotokoll (A) eller leverprotokoll (B). &lt;br&gt;&lt;span style=&quot;font-weight: bold;&quot;&gt;Resultat:&lt;\/span&gt; Patienternas kroppsvikt varierade mellan 42-155 kg. Det fanns ingen statistiskt signifikant skillnad i HU av leverparenkym mellan standard bukprotokoll grupp 1A och grupp 2A, (106 HU respektive 112 HU), bildbrus (13 SD respektive 12 SD). Det fanns ingen statistiskt signifikant skillnad i HU av leverparenkymet mellan de tv\u00e5 leverprotokollen (grupp 1B 137 HU och grupp 2B 137 HU). Grupp 1B hade h\u00f6gre bildbrus en gupp 2B (SD 16 respektive 13 p = &amp;lt;0,01). &lt;br&gt;&lt;span style=&quot;font-weight: bold;&quot;&gt;Konklusion: &lt;\/span&gt;Dual source DT teknik tillsammans med s\u00e4nkning av r\u00f6rsp\u00e4nningen till 70 eller 80 kVp inneb\u00e4r att doseringen IV KM kan reduceras med 40 eller 50% utan att bildkvalitet eller uppm\u00e4tt HU v\u00e4rde i leverparenkymet p\u00e5verkas.&lt;br&gt;&lt;\/p&gt; \n                 &lt;p&gt;&lt;br&gt;&lt;\/p&gt; \n                &lt;br&gt;&lt;br&gt;\"\n                data-category=\"SFR - Svensk F\u00f6rening f\u00f6r R\u00f6ntgensjuksk\u00f6terskor\"\n                data-category-ids=\"1007\"\n                data-span-all=\"\"\n              >\n\n              \n\n              <div class=\"vertical_bar\" style=\"background-color: #33CC66;\"><\/div>\n              <div class=\"box_inner\">\n                                <span>SFR - Forskning inom metodutveckling<\/span>\n               <br>\n               <div class=\"lecturer\"><span>Britt-Marie Ahlander; Anders Svensson<\/span><\/div>\n               <div class=\"room_div \">\n                 <i class=\"list-room\">Operetten<\/i>\n               <\/div>\n\n               <div class=\"name_time_div\">\n                <i class=\"list-time\" data-time=\"15:45\">15:45-16:45 - Tisdag 12 september<\/i>\n               <\/div>\n              <\/div>\n             <\/div>\n          <\/div>\n\n          \n          <div class=\"box-wrapper\"\n              data-id=\"1057\">\n\n              <div class='time-header' style='visibility: hidden;'>15:45<\/div>\n\n              <div class=\"box\"\n                data-id=\"1057\"\n                data-project=\"project_276_2017_03_27\"\n                data-title=\"Ultraljudsf\u00f6reningen, Hands-on workshop\"\n                data-time=\"15:45-16:45\"\n                data-room=\"Loge 6\"\n                data-room-id=\"1015\"\n                data-room-name=\"Loge 6\"\n                data-day=\"0\"\n                data-abs-nbr=\"\"\n                data-abs-path=\"\"\n                data-speaker=\"\"\n                data-speakercell=\"\"\n                data-info=\" \n                 &lt;p&gt;Workshops, handson och demonstrationer av ultraljud&lt;\/p&gt;\n                 &lt;p&gt;&lt;i&gt;Okej, vi erk\u00e4nner \u2013 vi \u00e4r ett g\u00e4ng ultraljudsn\u00f6rdar som \u00e5terstartat SFMU. P\u00e5 R\u00f6ntgenveckan hittar vi ocks\u00e5 de allra senaste ultraljudsmaskinerna, det \u00e4r rena julaftonen!&lt;br&gt;&lt;\/i&gt;&lt;i&gt;F\u00f6r att sprida v\u00e5r entusiasm \u00f6ver ultraljud har vi sessioner i Loge 4+6 p\u00e5 R\u00f6ntgenveckan, d\u00e4r vi kan tr\u00e4na ultraljud p\u00e5 riktigt. H\u00e4ng p\u00e5 n\u00e4r vi visar upp v\u00e5ra favoritunders\u00f6kningar!&lt;br&gt;&lt;\/i&gt;&lt;i&gt;OBS- ingen bokning, f\u00f6rst till kvarn g\u00e4ller ... V\u00e4lkomna!&lt;\/i&gt;&lt;\/p&gt;\n                 &lt;p&gt;&lt;i&gt;Bli medlem? &amp;nbsp;Maila: sfmu.sfmu@gmail.com&lt;br&gt;&lt;\/i&gt;&lt;\/p&gt;\n                 &lt;p&gt;&lt;b&gt;Tisdag 12 sept:&lt;\/b&gt;&lt;\/p&gt;\n                 &lt;p&gt;&lt;b&gt;Kl 12.45-13.30: Muskuloskeletalt ultraljud, ffa axlar.&amp;nbsp;&amp;nbsp;&lt;\/b&gt;Dr Laszlo Toth, Hudiksvalls Sjukhus&lt;\/p&gt;\n                 &lt;p&gt;&lt;\/p&gt;\n                 &lt;p&gt;&lt;b&gt;Kl 13.30-16.45 Biopsitr\u00e4ning p\u00e5 preparat\u2013 enbart f\u00f6r deltagare p\u00e5 ST-kurs i ultraljudsv\u00e4gledda punktioner.&lt;br&gt;&lt;br&gt;&lt;\/b&gt;&lt;\/p&gt;\n                 &lt;p&gt;&lt;b&gt;Onsdag 13 sept:&lt;\/b&gt;&lt;\/p&gt;\n                 &lt;p&gt;&lt;b&gt;Kl 8.30-9.45: \u201dAkut ultraljud \u2013 EFAST, POCUS, och annat man g\u00f6r p\u00e5 akutrummet\u2026\u201d&amp;nbsp;&lt;\/b&gt;Dr Jesper Danielsson, St G\u00f6rans Sjukhus&lt;\/p&gt;\n                 &lt;p&gt;&lt;b&gt;Kl 8.30-9.45: \u201dLeverelastografi, demo och hands-on&lt;\/b&gt;\u201d. Sonograf Marie Byenfeldt, \u00d6stersunds Sjukhus.&lt;\/p&gt;\n                 &lt;p&gt;&lt;b&gt;Kl 10.00-11.00: \u00c5rsm\u00f6te SFMU&lt;\/b&gt;&lt;\/p&gt;\n                 &lt;p&gt;&lt;b&gt;Kl 11.00-12.15 : \u201dFria fl\u00f6den? Doppler av perifera och centrala blodk\u00e4rl\u201d.&amp;nbsp;&lt;\/b&gt;&amp;nbsp;Dr Kristina Dahlstr\u00f6m, Faluns Sjukhus&lt;b&gt;&lt;\/b&gt;&lt;\/p&gt;\n                 &lt;p&gt;&lt;b&gt;Kl 11.00-12.15: : \u201dMuskuloskeletalt ultraljud, ffa axlar\u201d.&amp;nbsp;&lt;\/b&gt;Dr Laszlo Toth, Hudiksvalls Sjukhus&lt;b&gt;&lt;\/b&gt;&lt;\/p&gt;\n                 &lt;p&gt;&lt;b&gt;13.30-14.45: \u201dBiopsitr\u00e4ning \u2013 ultraljudsv\u00e4gledda punktioner, demonstration och praktisk \u00f6vning p\u00e5 preparat\u201d.&lt;\/b&gt;&amp;nbsp;Dr Stefan H\u00f6rnlund, Sundsvalls sjukhus&lt;\/p&gt;\n                 &lt;p&gt;&lt;b&gt;13.30-14.45 \u201dSonograf? Prova-p\u00e5-ultraljud f\u00f6r nyfikna r\u00f6ntgensjuksk\u00f6terskor\u201d.&lt;\/b&gt;&amp;nbsp;Sonograf Karin Asplund, Astrid Lindgrens Barnsjukhus&lt;\/p&gt;\n                 &lt;p&gt;&lt;b&gt;Kl 15.45-16.45: \u201dFusion av MR-buk och ultraljud, demonstration live och praktisk&amp;nbsp;&lt;\/b&gt;\u00f6vning\u201d.&amp;nbsp;&amp;nbsp; Dr Sara Sehlstedt, \u00d6stersunds Sjukhus&lt;\/p&gt;\n                 &lt;p&gt;&lt;b&gt;Kl 15.45-16.45&lt;\/b&gt;:&amp;nbsp;&lt;b&gt;\u201dSonograf? Prova-p\u00e5-ultraljud f\u00f6r nyfikna r\u00f6ntgensjuksk\u00f6terskor\u201d.&amp;nbsp;&lt;\/b&gt;Sonograf Maria Zetterman, Astrid Lindgrens Barnsjukhus&lt;br&gt;&lt;br&gt;Torsdag 14 sept.&lt;\/p&gt;\n                 &lt;p&gt;&lt;b&gt;Kl 9.50-10.45: &amp;nbsp;\u201dUltraljudsv\u00e4gledda biopsier, demo och praktisk \u00f6vning p\u00e5 preparat\u201d.&amp;nbsp;&amp;nbsp;&lt;\/b&gt;Dr Stefan H\u00f6rnlund, Sundsvalls Sjukhus.&lt;\/p&gt;\n                 &lt;p&gt;&lt;b&gt;Kl 13.30-15.00: \u201dMuskuloskeletalt ultraljud,&amp;nbsp; fr\u00e4mst \u00f6vre extremitet\u201d.&lt;\/b&gt;&amp;nbsp;Dr David Wilson och Dr Gina Allen, Oxford samt Dr Magnus Hjelm, G\u00e4vle Sjukhus och Dr Johan Krause, Uppsala Akademiska Sjukhus.&lt;\/p&gt;\n                 &lt;p&gt;&lt;b&gt;Kl 15.45-16.45:&lt;\/b&gt;&amp;nbsp;&lt;b&gt;\u201dMuskuloskeletalt ultraljud,&amp;nbsp; fr\u00e4mst nedre extremitet\u201d.&lt;\/b&gt;&amp;nbsp;Dr David Wilson och Dr Gina Allen, Oxford samt Dr Magnus Hjelm, G\u00e4vle Sjukhus och Dr Johan Krause, Uppsala Akademiska Sjukhus&lt;b&gt;&lt;\/b&gt;&lt;\/p&gt;\n                 &lt;p&gt;&lt;i&gt;&lt;br&gt;&lt;\/i&gt;&lt;\/p&gt; \n                &lt;br&gt;&lt;br&gt;\"\n                data-category=\"ST-kurser \/ Ungt forum\"\n                data-category-ids=\"1005\"\n                data-span-all=\"\"\n              >\n\n              \n\n              <div class=\"vertical_bar\" style=\"background-color: #99FFFF;\"><\/div>\n              <div class=\"box_inner\">\n                                <span>Ultraljudsf\u00f6reningen, Hands-on workshop<\/span>\n               <br>\n               \n               <div class=\"room_div \">\n                 <i class=\"list-room\">Loge 6<\/i>\n               <\/div>\n\n               <div class=\"name_time_div\">\n                <i class=\"list-time\" data-time=\"15:45\">15:45-16:45 - Tisdag 12 september<\/i>\n               <\/div>\n              <\/div>\n             <\/div>\n          <\/div>\n\n          \n          <div class=\"box-wrapper\"\n              data-id=\"1056\">\n\n              <div class='time-header' style='visibility: hidden;'>15:45<\/div>\n\n              <div class=\"box\"\n                data-id=\"1056\"\n                data-project=\"project_276_2017_03_27\"\n                data-title=\"Ultraljudsf\u00f6reningen, Hands-on workshop\"\n                data-time=\"15:45-16:45\"\n                data-room=\"Loge 4\"\n                data-room-id=\"1014\"\n                data-room-name=\"Loge 4\"\n                data-day=\"0\"\n                data-abs-nbr=\"\"\n                data-abs-path=\"\"\n                data-speaker=\"\"\n                data-speakercell=\"\"\n                data-info=\" \n                 &lt;p&gt;Workshops, handson och demonstrationer av ultraljud&lt;\/p&gt;\n                 &lt;p&gt;&lt;i&gt;Okej, vi erk\u00e4nner \u2013 vi \u00e4r ett g\u00e4ng ultraljudsn\u00f6rdar som \u00e5terstartat SFMU. P\u00e5 R\u00f6ntgenveckan hittar vi ocks\u00e5 de allra senaste ultraljudsmaskinerna, det \u00e4r rena julaftonen!&lt;br&gt;&lt;\/i&gt;&lt;i&gt;F\u00f6r att sprida v\u00e5r entusiasm \u00f6ver ultraljud har vi sessioner i Loge 4+6 p\u00e5 R\u00f6ntgenveckan, d\u00e4r vi kan tr\u00e4na ultraljud p\u00e5 riktigt. H\u00e4ng p\u00e5 n\u00e4r vi visar upp v\u00e5ra favoritunders\u00f6kningar!&lt;br&gt;&lt;\/i&gt;&lt;i&gt;OBS- ingen bokning, f\u00f6rst till kvarn g\u00e4ller ... V\u00e4lkomna!&lt;\/i&gt;&lt;\/p&gt;\n                 &lt;p&gt;&lt;i&gt;Bli medlem? &amp;nbsp;Maila: sfmu.sfmu@gmail.com&lt;br&gt;&lt;\/i&gt;&lt;\/p&gt;\n                 &lt;p&gt;&lt;b&gt;Tisdag 12 sept:&lt;\/b&gt;&lt;\/p&gt;\n                 &lt;p&gt;&lt;b&gt;Kl 12.45-13.30: Muskuloskeletalt ultraljud, ffa axlar.&amp;nbsp;&amp;nbsp;&lt;\/b&gt;Dr Laszlo Toth, Hudiksvalls Sjukhus&lt;\/p&gt;\n                 &lt;p&gt;&lt;\/p&gt;\n                 &lt;p&gt;&lt;b&gt;Kl 13.30-16.45 Biopsitr\u00e4ning p\u00e5 preparat\u2013 enbart f\u00f6r deltagare p\u00e5 ST-kurs i ultraljudsv\u00e4gledda punktioner.&lt;br&gt;&lt;br&gt;&lt;\/b&gt;&lt;\/p&gt;\n                 &lt;p&gt;&lt;b&gt;Onsdag 13 sept:&lt;\/b&gt;&lt;\/p&gt;\n                 &lt;p&gt;&lt;b&gt;Kl 8.30-9.45: \u201dAkut ultraljud \u2013 EFAST, POCUS, och annat man g\u00f6r p\u00e5 akutrummet\u2026\u201d&amp;nbsp;&lt;\/b&gt;Dr Jesper Danielsson, St G\u00f6rans Sjukhus&lt;\/p&gt;\n                 &lt;p&gt;&lt;b&gt;Kl 8.30-9.45: \u201dLeverelastografi, demo och hands-on&lt;\/b&gt;\u201d. Sonograf Marie Byenfeldt, \u00d6stersunds Sjukhus.&lt;\/p&gt;\n                 &lt;p&gt;&lt;b&gt;Kl 10.00-11.00: \u00c5rsm\u00f6te SFMU&lt;\/b&gt;&lt;\/p&gt;\n                 &lt;p&gt;&lt;b&gt;Kl 11.00-12.15 : \u201dFria fl\u00f6den? Doppler av perifera och centrala blodk\u00e4rl\u201d.&amp;nbsp;&lt;\/b&gt;&amp;nbsp;Dr Kristina Dahlstr\u00f6m, Faluns Sjukhus&lt;b&gt;&lt;\/b&gt;&lt;\/p&gt;\n                 &lt;p&gt;&lt;b&gt;Kl 11.00-12.15: : \u201dMuskuloskeletalt ultraljud, ffa axlar\u201d.&amp;nbsp;&lt;\/b&gt;Dr Laszlo Toth, Hudiksvalls Sjukhus&lt;b&gt;&lt;\/b&gt;&lt;\/p&gt;\n                 &lt;p&gt;&lt;b&gt;13.30-14.45: \u201dBiopsitr\u00e4ning \u2013 ultraljudsv\u00e4gledda punktioner, demonstration och praktisk \u00f6vning p\u00e5 preparat\u201d.&lt;\/b&gt;&amp;nbsp;Dr Stefan H\u00f6rnlund, Sundsvalls sjukhus&lt;\/p&gt;\n                 &lt;p&gt;&lt;b&gt;13.30-14.45 \u201dSonograf? Prova-p\u00e5-ultraljud f\u00f6r nyfikna r\u00f6ntgensjuksk\u00f6terskor\u201d.&lt;\/b&gt;&amp;nbsp;Sonograf Karin Asplund, Astrid Lindgrens Barnsjukhus&lt;\/p&gt;\n                 &lt;p&gt;&lt;b&gt;Kl 15.45-16.45: \u201dFusion av MR-buk och ultraljud, demonstration live och praktisk&amp;nbsp;&lt;\/b&gt;\u00f6vning\u201d.&amp;nbsp;&amp;nbsp; Dr Sara Sehlstedt, \u00d6stersunds Sjukhus&lt;\/p&gt;\n                 &lt;p&gt;&lt;b&gt;Kl 15.45-16.45&lt;\/b&gt;:&amp;nbsp;&lt;b&gt;\u201dSonograf? Prova-p\u00e5-ultraljud f\u00f6r nyfikna r\u00f6ntgensjuksk\u00f6terskor\u201d.&amp;nbsp;&lt;\/b&gt;Sonograf Maria Zetterman, Astrid Lindgrens Barnsjukhus&lt;br&gt;&lt;br&gt;Torsdag 14 sept.&lt;\/p&gt;\n                 &lt;p&gt;&lt;b&gt;Kl 9.50-10.45: &amp;nbsp;\u201dUltraljudsv\u00e4gledda biopsier, demo och praktisk \u00f6vning p\u00e5 preparat\u201d.&amp;nbsp;&amp;nbsp;&lt;\/b&gt;Dr Stefan H\u00f6rnlund, Sundsvalls Sjukhus.&lt;\/p&gt;\n                 &lt;p&gt;&lt;b&gt;Kl 13.30-15.00: \u201dMuskuloskeletalt ultraljud,&amp;nbsp; fr\u00e4mst \u00f6vre extremitet\u201d.&lt;\/b&gt;&amp;nbsp;Dr David Wilson och Dr Gina Allen, Oxford samt Dr Magnus Hjelm, G\u00e4vle Sjukhus och Dr Johan Krause, Uppsala Akademiska Sjukhus.&lt;\/p&gt;\n                 &lt;p&gt;&lt;b&gt;Kl 15.45-16.45:&lt;\/b&gt;&amp;nbsp;&lt;b&gt;\u201dMuskuloskeletalt ultraljud,&amp;nbsp; fr\u00e4mst nedre extremitet\u201d.&lt;\/b&gt;&amp;nbsp;Dr David Wilson och Dr Gina Allen, Oxford samt Dr Magnus Hjelm, G\u00e4vle Sjukhus och Dr Johan Krause, Uppsala Akademiska Sjukhus&lt;b&gt;&lt;\/b&gt;&lt;\/p&gt;\n                 &lt;p&gt;&lt;i&gt;&lt;br&gt;&lt;\/i&gt;&lt;\/p&gt; \n                &lt;br&gt;&lt;br&gt;\"\n                data-category=\"ST-kurser \/ Ungt forum\"\n                data-category-ids=\"1005\"\n                data-span-all=\"\"\n              >\n\n              \n\n              <div class=\"vertical_bar\" style=\"background-color: #99FFFF;\"><\/div>\n              <div class=\"box_inner\">\n                                <span>Ultraljudsf\u00f6reningen, Hands-on workshop<\/span>\n               <br>\n               \n               <div class=\"room_div \">\n                 <i class=\"list-room\">Loge 4<\/i>\n               <\/div>\n\n               <div class=\"name_time_div\">\n                <i class=\"list-time\" data-time=\"15:45\">15:45-16:45 - Tisdag 12 september<\/i>\n               <\/div>\n              <\/div>\n             <\/div>\n          <\/div>\n\n          \n          <div class=\"box-wrapper\"\n              data-id=\"1051\">\n\n              <div class='time-header' style='visibility: hidden;'>15:45<\/div>\n\n              <div class=\"box\"\n                data-id=\"1051\"\n                data-project=\"project_276_2017_03_27\"\n                data-title=\"ST-kurs - Radiologisk Br\u00f6stdiagnostik\"\n                data-time=\"15:45-16:45\"\n                data-room=\"Studion\"\n                data-room-id=\"1007\"\n                data-room-name=\"Studion\"\n                data-day=\"0\"\n                data-abs-nbr=\"\"\n                data-abs-path=\"\"\n                data-speaker=\"Malin Bygdesons; Fredrik Strand\"\n                data-speakercell=\"Malin Bygdesons; Fredrik Strand\"\n                data-info=\"&lt;b&gt;Moderatorer: &lt;\/b&gt;Monika Vajda&lt;br&gt;&lt;br&gt; \n                 &lt;p&gt;Br\u00f6st Ultraljud&lt;br&gt;&lt;em&gt;F\u00f6rel\u00e4sare: Malin Bygdesons&lt;\/em&gt;&lt;\/p&gt; \n                 &lt;p&gt;Forskning inom br\u00f6stradiologi som en doktorand&lt;br&gt;&lt;em&gt;F\u00f6rel\u00e4sare: Fredrik Strand&lt;\/em&gt;&lt;\/p&gt; \n                &lt;br&gt;&lt;br&gt;\"\n                data-category=\"ST-kurser \/ Ungt forum\"\n                data-category-ids=\"1005\"\n                data-span-all=\"\"\n              >\n\n              \n\n              <div class=\"vertical_bar\" style=\"background-color: #99FFFF;\"><\/div>\n              <div class=\"box_inner\">\n                                <span>ST-kurs - Radiologisk Br\u00f6stdiagnostik<\/span>\n               <br>\n               <div class=\"lecturer\"><span>Malin Bygdesons; Fredrik Strand<\/span><\/div>\n               <div class=\"room_div \">\n                 <i class=\"list-room\">Studion<\/i>\n               <\/div>\n\n               <div class=\"name_time_div\">\n                <i class=\"list-time\" data-time=\"15:45\">15:45-16:45 - Tisdag 12 september<\/i>\n               <\/div>\n              <\/div>\n             <\/div>\n          <\/div>\n\n          \n          <div class=\"box-wrapper\"\n              data-id=\"1050\">\n\n              <div class='time-header' style='visibility: hidden;'>15:45<\/div>\n\n              <div class=\"box\"\n                data-id=\"1050\"\n                data-project=\"project_276_2017_03_27\"\n                data-title=\"Ultraljud\"\n                data-time=\"15:45-16:45\"\n                data-room=\"Spegelsalen\"\n                data-room-id=\"1006\"\n                data-room-name=\"Spegelsalen\"\n                data-day=\"0\"\n                data-abs-nbr=\"\"\n                data-abs-path=\"\"\n                data-speaker=\"Peter Lindstr\u00f6m\"\n                data-speakercell=\"Peter Lindstr\u00f6m\"\n                data-info=\"&lt;b&gt;Moderatorer: &lt;\/b&gt;Ingela Wolving-Fransson&lt;br&gt;&lt;br&gt; \n                 &lt;p&gt;M\u00e5lgrupp: Sekreterare, undersk\u00f6terskor och sk\u00f6terskor som \u00e4r nyfikna p\u00e5 ultraljud generellt.&lt;br&gt;&lt;\/p&gt; \n                &lt;br&gt;&lt;br&gt;\"\n                data-category=\"Allm\u00e4n f\u00f6rel\u00e4sning\"\n                data-category-ids=\"1003\"\n                data-span-all=\"\"\n              >\n\n              \n\n              <div class=\"vertical_bar\" style=\"background-color: #FF9933;\"><\/div>\n              <div class=\"box_inner\">\n                                <span>Ultraljud<\/span>\n               <br>\n               <div class=\"lecturer\"><span>Peter Lindstr\u00f6m<\/span><\/div>\n               <div class=\"room_div \">\n                 <i class=\"list-room\">Spegelsalen<\/i>\n               <\/div>\n\n               <div class=\"name_time_div\">\n                <i class=\"list-time\" data-time=\"15:45\">15:45-16:45 - Tisdag 12 september<\/i>\n               <\/div>\n              <\/div>\n             <\/div>\n          <\/div>\n\n          \n          <div class=\"box-wrapper\"\n              data-id=\"1048\">\n\n              <div class='time-header' style='visibility: hidden;'>15:45<\/div>\n\n              <div class=\"box\"\n                data-id=\"1048\"\n                data-project=\"project_276_2017_03_27\"\n                data-title=\"Nya avhandlingar\"\n                data-time=\"15:45-16:45\"\n                data-room=\"Musikalen\"\n                data-room-id=\"1003\"\n                data-room-name=\"Musikalen\"\n                data-day=\"0\"\n                data-abs-nbr=\"\"\n                data-abs-path=\"\"\n                data-speaker=\"Parvin T Olofsson; Mikael F Forsgren; Britt-Marie Ahlander\"\n                data-speakercell=\"Parvin T Olofsson; Mikael F Forsgren; Britt-Marie Ahlander\"\n                data-info=\"&lt;b&gt;Moderatorer: &lt;\/b&gt;Marie Ahnstr\u00f6m Waltersson&lt;br&gt;&lt;br&gt; \n                 &lt;p&gt;Nya avhandlingar:&lt;\/p&gt; \n                 &lt;p&gt;Konsekvenser vid vidares\u00e4ndning av remisser f\u00f6r r\u00f6ntgenunders\u00f6kningar fr\u00e5n ett universitetssjukhus till externa v\u00e5rdgivare&lt;\/p&gt; \n                 &lt;p&gt;&lt;em&gt;Parvin Tavakol Olofsson, V\u00e5rdstrategiska enheten, V\u00e5rdf\u00f6rbundet, Stockholm&lt;\/em&gt;&lt;\/p&gt; \n                 &lt;p&gt;&lt;a href=&quot;http:\/\/www.trippus.se\/eventus\/userfiles\/85642.pdf&quot; target=&quot;_blank&quot;&gt;L\u00e4s mer h\u00e4r!&amp;nbsp;&lt;\/a&gt;&lt;br&gt;&lt;br&gt;&lt;\/p&gt; \n                 &lt;p&gt;The Non-Invasive Liver Biopsy - Determining Hepatic Function in Diffuse and Focal Liver Disease&lt;\/p&gt; \n                 &lt;p&gt;&lt;em&gt;Mikael F Forsgren, PhD, CMIV, Wolfram, Link\u00f6ping&lt;\/em&gt;&lt;br&gt;&lt;br&gt;&lt;a href=&quot;http:\/\/www.trippus.se\/eventus\/userfiles\/85644.pdf&quot; target=&quot;_blank&quot;&gt;L\u00e4s mer h\u00e4r!&lt;em&gt;&amp;nbsp;&lt;\/em&gt;&lt;\/a&gt;&lt;\/p&gt; \n                 &lt;p&gt;&lt;br&gt;Magnetkameraunders\u00f6kning av hj\u00e4rtat: bildkvalitet, m\u00e4tnogrannhet och patientupplevelse&lt;\/p&gt; \n                 &lt;p&gt;&lt;em&gt;Britt-Marie Ahlander, rtg ssk, PhD, R\u00f6ntgenavdelningen, Ryhov, J\u00f6nk\u00f6ping&lt;\/em&gt;&lt;\/p&gt; \n                 &lt;p&gt;&lt;a href=&quot;http:\/\/www.trippus.se\/eventus\/userfiles\/85643.pdf&quot; target=&quot;_blank&quot;&gt;L\u00e4s mer h\u00e4r!&amp;nbsp;&lt;\/a&gt;&lt;br&gt;&lt;\/p&gt; \n                &lt;br&gt;&lt;br&gt;\"\n                data-category=\"Vetenskapligt program\"\n                data-category-ids=\"1002\"\n                data-span-all=\"\"\n              >\n\n              \n\n              <div class=\"vertical_bar\" style=\"background-color: #FF3333;\"><\/div>\n              <div class=\"box_inner\">\n                                <span>Nya avhandlingar<\/span>\n               <br>\n               <div class=\"lecturer\"><span>Parvin T Olofsson; Mikael F Forsgren; Britt-Marie Ahlander<\/span><\/div>\n               <div class=\"room_div \">\n                 <i class=\"list-room\">Musikalen<\/i>\n               <\/div>\n\n               <div class=\"name_time_div\">\n                <i class=\"list-time\" data-time=\"15:45\">15:45-16:45 - Tisdag 12 september<\/i>\n               <\/div>\n              <\/div>\n             <\/div>\n          <\/div>\n\n          \n          <div class=\"box-wrapper\"\n              data-id=\"1176\">\n\n              <div class='time-header' style='visibility: hidden;'>15:45<\/div>\n\n              <div class=\"box\"\n                data-id=\"1176\"\n                data-project=\"project_276_2017_03_27\"\n                data-title=\"Ultraljudsf\u00f6reningen, Hands-on workshop\"\n                data-time=\"15:45-16:45\"\n                data-room=\"Loge 5\"\n                data-room-id=\"1016\"\n                data-room-name=\"Loge 5\"\n                data-day=\"0\"\n                data-abs-nbr=\"\"\n                data-abs-path=\"\"\n                data-speaker=\"\"\n                data-speakercell=\"\"\n                data-info=\" \n                 &lt;p&gt;Basal ST-kurs i ultraljudsv\u00e4gledda punktioner&amp;nbsp;&lt;br&gt;Svensk F\u00f6rening f\u00f6r Medicinsk Ultraljudsdiagnostik h\u00e5ller \u00e5ter en kurs i basal punktionsteknik f\u00f6r ST-l\u00e4kare - men f\u00f6rmiddagens f\u00f6rel\u00e4sningar \u00e4r \u00f6ppna f\u00f6r alla, s\u00e5 \u00e4ldre kollegor som kanske k\u00e4nner sig ringrostiga och i behov av en &quot;refresher course&quot; \u00e4r ocks\u00e5 varmt v\u00e4lkomna. Teoretiskt genomg\u00e5ng p\u00e5 f\u00f6rmiddagen om vad man b\u00f6r t\u00e4nka p\u00e5 vid alla olika typer av ultraljudsv\u00e4gledda punktioner som f\u00f6rekommer p\u00e5 r\u00f6ntgen, samt genomg\u00e5ng i hur man kan tr\u00e4na tekniken sj\u00e4lv p\u00e5 hemmaplan. Eftermiddagens praktiska \u00f6vningar \u00e4r dock till f\u00f6r de som antagits p\u00e5 ST-kursen (och endast de kommer f\u00e5 kursintyg).&amp;nbsp;&lt;br&gt;&lt;br&gt;kl 8.30-9.15 Introduktion + biopsi i parenkymat\u00f6sa organ (med fast vinkel). Dr Sara Sehlstedt, \u00d6verl\u00e4kare R\u00f6ntgenavd, \u00d6stersunds Sjukhus&amp;nbsp;&lt;br&gt;kl 9.15-10.00 Br\u00f6stpunktioner och frihandsteknik. Dr Tryggve Eriksson, \u00d6verl\u00e4kare, Mammografiavd \u00d6stersunds Sjukhus&amp;nbsp;&lt;br&gt;10.30-11.15: Ultraljudsv\u00e4gledda dr\u00e4nage: pleura, ascites och abcesser. Dr Jesper Danielsson, \u00d6verl\u00e4kare, Capio St G\u00f6rans Sjukhus 11.15-12.00 : Demonstration av punktions\u00f6vningar, inf\u00f6r eftermiddagens praktiska moment (samtliga f\u00f6rel\u00e4sare).&amp;nbsp;&lt;br&gt;kl 13.30-16.30 (??) Hela eftermiddagen \u00e4gnas \u00e5t praktiska \u00f6vningar med ultraljud p\u00e5 preparat i sm\u00e5grupper, med handledare fr\u00e5n SFMU. Endast f\u00f6r de som antagits p\u00e5 STkursen. Gruppindelning sker under f\u00f6rmiddagen.&lt;br&gt;&lt;\/p&gt; \n                &lt;br&gt;&lt;br&gt;\"\n                data-category=\"ST-kurser \/ Ungt forum\"\n                data-category-ids=\"1005\"\n                data-span-all=\"\"\n              >\n\n              \n\n              <div class=\"vertical_bar\" style=\"background-color: #99FFFF;\"><\/div>\n              <div class=\"box_inner\">\n                                <span>Ultraljudsf\u00f6reningen, Hands-on workshop<\/span>\n               <br>\n               \n               <div class=\"room_div \">\n                 <i class=\"list-room\">Loge 5<\/i>\n               <\/div>\n\n               <div class=\"name_time_div\">\n                <i class=\"list-time\" data-time=\"15:45\">15:45-16:45 - Tisdag 12 september<\/i>\n               <\/div>\n              <\/div>\n             <\/div>\n          <\/div>\n\n          \n          <div class=\"box-wrapper\"\n              data-id=\"1054\">\n\n              <div class='time-header' style='visibility: hidden;'>15:45<\/div>\n\n              <div class=\"box\"\n                data-id=\"1054\"\n                data-project=\"project_276_2017_03_27\"\n                data-title=\"SFMR - Studierektorsn\u00e4tverk\"\n                data-time=\"15:45-16:45\"\n                data-room=\"Solot\"\n                data-room-id=\"1012\"\n                data-room-name=\"Solot\"\n                data-day=\"0\"\n                data-abs-nbr=\"\"\n                data-abs-path=\"\"\n                data-speaker=\"\"\n                data-speakercell=\"\"\n                data-info=\"&lt;b&gt;Moderatorer: &lt;\/b&gt;Barbara Elmst\u00e5hl&lt;br&gt;&lt;br&gt; \n                 &lt;p&gt;ST Studierektorsm\u00f6te inom ramen f\u00f6r nationellt n\u00e4tverk&lt;br&gt;&lt;\/p&gt; \n                &lt;br&gt;&lt;br&gt;\"\n                data-category=\"SFMR - Svensk F\u00f6rening f\u00f6r Medicinsk Radiologi\"\n                data-category-ids=\"1004\"\n                data-span-all=\"\"\n              >\n\n              \n\n              <div class=\"vertical_bar\" style=\"background-color: #0099FF;\"><\/div>\n              <div class=\"box_inner\">\n                                <span>SFMR - Studierektorsn\u00e4tverk<\/span>\n               <br>\n               \n               <div class=\"room_div \">\n                 <i class=\"list-room\">Solot<\/i>\n               <\/div>\n\n               <div class=\"name_time_div\">\n                <i class=\"list-time\" data-time=\"15:45\">15:45-16:45 - Tisdag 12 september<\/i>\n               <\/div>\n              <\/div>\n             <\/div>\n          <\/div>\n\n          \n          <div class=\"box-wrapper\"\n              data-id=\"1058\">\n\n              <div class='time-header' style='visibility: hidden;'>15:45<\/div>\n\n              <div class=\"box\"\n                data-id=\"1058\"\n                data-project=\"project_276_2017_03_27\"\n                data-title=\"RAM-kurs\"\n                data-time=\"15:45-16:45\"\n                data-room=\"Noten\/Takten\/Accenten\/Reprisen\"\n                data-room-id=\"1017\"\n                data-room-name=\"Noten\/Takten\/Accenten\/Reprisen\"\n                data-day=\"0\"\n                data-abs-nbr=\"\"\n                data-abs-path=\"\"\n                data-speaker=\"Staffan Wirell; Anders von Heijne; Marcus Casselgren; Charalampos Georgiopoulos; Kada Karlsson; Joar Bj\u00f6rk\"\n                data-speakercell=\"Staffan Wirell; Anders von Heijne; Marcus Casselgren; Charalampos Georgiopoulos; Kada Karlsson; Joar Bj\u00f6rk\"\n                data-info=\"\"\n                data-category=\"RAM-kurs\"\n                data-category-ids=\"1016\"\n                data-span-all=\"\"\n              >\n\n              \n\n              <div class=\"vertical_bar\" style=\"background-color: #66FFCC;\"><\/div>\n              <div class=\"box_inner\">\n                                <span>RAM-kurs<\/span>\n               <br>\n               <div class=\"lecturer\"><span>Staffan Wirell; Anders von Heijne; Marcus Casselgren; Charalampos Georgiopoulos; Kada Karlsson; Joar Bj\u00f6rk<\/span><\/div>\n               <div class=\"room_div \">\n                 <i class=\"list-room\">Noten\/Takten\/Accenten\/Reprisen<\/i>\n               <\/div>\n\n               <div class=\"name_time_div\">\n                <i class=\"list-time\" data-time=\"15:45\">15:45-16:45 - Tisdag 12 september<\/i>\n               <\/div>\n              <\/div>\n             <\/div>\n          <\/div>\n\n          \n          <div class=\"box-wrapper\"\n              data-id=\"1049\">\n\n              <div class='time-header' style='visibility: hidden;'>15:45<\/div>\n\n              <div class=\"box\"\n                data-id=\"1049\"\n                data-project=\"project_276_2017_03_27\"\n                data-title=\"Temadag Neuro: MS-diagnostik\"\n                data-time=\"15:45-16:45\"\n                data-room=\"Operan\"\n                data-room-id=\"1004\"\n                data-room-name=\"Operan\"\n                data-day=\"0\"\n                data-abs-nbr=\"\"\n                data-abs-path=\"\"\n                data-speaker=\"Tobias Granberg\"\n                data-speakercell=\"Tobias Granberg\"\n                data-info=\"&lt;b&gt;Moderatorer: &lt;\/b&gt;Johan Wikstr\u00f6m&lt;br&gt;&lt;br&gt; \n                 &lt;p&gt;&lt;span style=&quot;font-weight: bold;&quot;&gt;MS-diagnostik&lt;\/span&gt; &lt;br&gt;Behandlingen av multipel skleros (MS) har genomg\u00e5tt en revolution; Fr\u00e5n ett behandlingsl\u00f6st tillst\u00e5nd f\u00f6re introduktionen av de f\u00f6rsta sjukdomsmodiferande injektionsbehandlingarna vid mitten av 90-talet, till dagens orala behandlingar och h\u00f6geffektiva infusionsbehandlingar. &lt;br&gt;M\u00f6jligheten till effektiv terapi g\u00f6r nu att begreppet &quot;Time is brain&quot; blivit relevant \u00e4ven f\u00f6r MS. Det har medf\u00f6rt \u00f6kade krav p\u00e5 tidig och korrekt diagnostik samt monitorering av behandlingssvar. Nya MR-kriterier har d\u00e4rf\u00f6r tagits fram med f\u00f6rb\u00e4ttrad precision, vilket minskat f\u00f6rekomsten av &quot;kliniskt isolerat syndrom&quot;. Samtidigt har MR-bifynd som liknar MS (&quot;radiologiskt isolerat syndrom&quot;), som kan utg\u00f6ra presymtomatisk MS, blivit mer uppm\u00e4rksammat. &lt;br&gt;Nationella riktlinjer och rekommendationer f\u00f6r MR-anv\u00e4ndning vid MS har d\u00e4rf\u00f6r nyligen tagits fram f\u00f6r att m\u00f6ta denna \u00f6kade komplexitet syftande till att harmonisera handl\u00e4ggning och MR-protokoll vid MS. &lt;br&gt;I denna f\u00f6rel\u00e4sning ges en uppdatering av diagnostiska kriterier och behandling vid MS. F\u00f6rutom en genomg\u00e5ng av dagens rekommenderade bilddiagnostik kommer de senaste radiologiska r\u00f6nen v\u00e4vas in med en inblick i framtidens bilddiagnostiska metoder vid MS.&lt;br&gt;&lt;\/p&gt; \n                &lt;br&gt;&lt;br&gt;\"\n                data-category=\"SFMR - Delf\u00f6reningar\"\n                data-category-ids=\"1006\"\n                data-span-all=\"\"\n              >\n\n              \n\n              <div class=\"vertical_bar\" style=\"background-color: #6699CC;\"><\/div>\n              <div class=\"box_inner\">\n                                <span>Temadag Neuro: MS-diagnostik<\/span>\n               <br>\n               <div class=\"lecturer\"><span>Tobias Granberg<\/span><\/div>\n               <div class=\"room_div \">\n                 <i class=\"list-room\">Operan<\/i>\n               <\/div>\n\n               <div class=\"name_time_div\">\n                <i class=\"list-time\" data-time=\"15:45\">15:45-16:45 - Tisdag 12 september<\/i>\n               <\/div>\n              <\/div>\n             <\/div>\n          <\/div>\n\n          \n          <div class=\"box-wrapper\"\n              data-id=\"1052\">\n\n              <div class='time-header' style='visibility: hidden;'>15:45<\/div>\n\n              <div class=\"box\"\n                data-id=\"1052\"\n                data-project=\"project_276_2017_03_27\"\n                data-title=\"SFR - Post Mortem-unders\u00f6kningar med DT och MR\"\n                data-time=\"15:45-16:45\"\n                data-room=\"Sonaten\"\n                data-room-id=\"1009\"\n                data-room-name=\"Sonaten\"\n                data-day=\"0\"\n                data-abs-nbr=\"\"\n                data-abs-path=\"\"\n                data-speaker=\"Petter  Quick; Johan Kihlberg\"\n                data-speakercell=\"Petter  Quick; Johan Kihlberg\"\n                data-info=\"&lt;b&gt;Moderatorer: &lt;\/b&gt;Lise-Lott Lundvall&lt;br&gt;&lt;br&gt; \n                 &lt;p&gt;&lt;span style=&quot;font-weight: bold;&quot;&gt;Post Mortem-unders\u00f6kningar med DT och MR&lt;\/span&gt;&lt;br&gt;&lt;br&gt;I Link\u00f6ping har vi nu i ca 15 \u00e5r gjort Post Mortem-unders\u00f6kningar \u00e5t s\u00e5v\u00e4l r\u00e4ttsmedicin som patologen. Vi har ca 40-50 unders\u00f6kningar\/\u00e5r b\u00e5de kliniska och forskningsunders\u00f6kningar och vi kommer att tala om v\u00e5ra erfarenheter fr\u00e5n detta. &lt;br&gt;&lt;br&gt;- Vilka patienter unders\u00f6ker vi n Hur tar vi emot patienterna&lt;br&gt;- Hur g\u00f6r man DT\/MR-unders\u00f6kningen n Vilka bilder vill vi ha&lt;br&gt;- Hur sparas bilderna n Vilken sekretess g\u00e4ller&lt;br&gt;- Vad kan man se och vad \u00e4r sv\u00e5rt att se &lt;br&gt;&lt;br&gt;I Link\u00f6ping unders\u00f6ker vi alla patienter fr\u00e5n r\u00e4ttsmedicin d\u00e4r man har beg\u00e4rt en ut\u00f6kad obduktion d.v.s. alla misst\u00e4nkta mord eller d\u00e4r mord inte kan uteslutas. Alla barn som d\u00f6r utanf\u00f6r sjukhus d\u00e4r sjukdomshistoria inte kan f\u00f6rklara orsaken unders\u00f6ker vi ocks\u00e5. Fr\u00e5n patologen unders\u00f6ker vi fr\u00e4mst barn som d\u00f6tt i anslutning till f\u00f6rlossning, barn och vuxna d\u00e4r anh\u00f6riga motsagt sig vanlig obduktion men g\u00e5tt med p\u00e5 en radiologisk unders\u00f6kning.&lt;br&gt;&lt;\/p&gt; \n                &lt;br&gt;&lt;br&gt;\"\n                data-category=\"SFR - Svensk F\u00f6rening f\u00f6r R\u00f6ntgensjuksk\u00f6terskor\"\n                data-category-ids=\"1007\"\n                data-span-all=\"\"\n              >\n\n              \n\n              <div class=\"vertical_bar\" style=\"background-color: #33CC66;\"><\/div>\n              <div class=\"box_inner\">\n                                <span>SFR - Post Mortem-unders\u00f6kningar med DT och MR<\/span>\n               <br>\n               <div class=\"lecturer\"><span>Petter  Quick; Johan Kihlberg<\/span><\/div>\n               <div class=\"room_div \">\n                 <i class=\"list-room\">Sonaten<\/i>\n               <\/div>\n\n               <div class=\"name_time_div\">\n                <i class=\"list-time\" data-time=\"15:45\">15:45-16:45 - Tisdag 12 september<\/i>\n               <\/div>\n              <\/div>\n             <\/div>\n          <\/div>\n\n          \n          <div class=\"box-wrapper\"\n              data-id=\"1059\">\n\n              <div class='time-header'>17:00<\/div>\n\n              <div class=\"box\"\n                data-id=\"1059\"\n                data-project=\"project_276_2017_03_27\"\n                data-title=\"Forsellf\u00f6rel\u00e4sning & Invigning\"\n                data-time=\"17:00-17:50\"\n                data-room=\"Crusellhallen\"\n                data-room-id=\"1002\"\n                data-room-name=\"Crusellhallen\"\n                data-day=\"0\"\n                data-abs-nbr=\"\"\n                data-abs-path=\"\"\n                data-speaker=\"Sven-G\u00f6ran Fransson\"\n                data-speakercell=\"Sven-G\u00f6ran Fransson\"\n                data-info=\" \n                 &lt;p&gt;Forsellf\u00f6rel\u00e4sning:&lt;br&gt; &lt;\/p&gt; \n                 &lt;p&gt;&lt;i&gt;Radiologi - Fr\u00e5n skuggbilder till upplysning&lt;\/i&gt;&lt;\/p&gt; \n                &lt;br&gt;&lt;br&gt;\"\n                data-category=\"Allm\u00e4n f\u00f6rel\u00e4sning\"\n                data-category-ids=\"1003\"\n                data-span-all=\"\"\n              >\n\n              \n\n              <div class=\"vertical_bar\" style=\"background-color: #FF9933;\"><\/div>\n              <div class=\"box_inner\">\n                                <span>Forsellf\u00f6rel\u00e4sning & Invigning<\/span>\n               <br>\n               <div class=\"lecturer\"><span>Sven-G\u00f6ran Fransson<\/span><\/div>\n               <div class=\"room_div \">\n                 <i class=\"list-room\">Crusellhallen<\/i>\n               <\/div>\n\n               <div class=\"name_time_div\">\n                <i class=\"list-time\" data-time=\"17:00\">17:00-17:50 - Tisdag 12 september<\/i>\n               <\/div>\n              <\/div>\n             <\/div>\n          <\/div>\n\n          <div class='list_header' data-day='1' style='background-color: rgba(32, 132, 196, 0.83); color: rgba(255, 255, 255, 1);'>Onsdag 13 september<\/div>\n          <div class=\"box-wrapper\"\n              data-id=\"1065\">\n\n              <div class='time-header'>08:30<\/div>\n\n              <div class=\"box\"\n                data-id=\"1065\"\n                data-project=\"project_276_2017_03_27\"\n                data-title=\"SFMR - Kontrastmedelssession I\"\n                data-time=\"08:30-10:00\"\n                data-room=\"Kulturen\"\n                data-room-id=\"1008\"\n                data-room-name=\"Kulturen\"\n                data-day=\"1\"\n                data-abs-nbr=\"\"\n                data-abs-path=\"\"\n                data-speaker=\"Ulf Nyman; Gunnar Sterner; Torkel Brismar\"\n                data-speakercell=\"Ulf Nyman; Gunnar Sterner; Torkel Brismar\"\n                data-info=\"&lt;b&gt;Moderatorer: &lt;\/b&gt;Peter Leander&lt;br&gt;&lt;br&gt; \n                 &lt;p&gt;SFMR - Kontrastmedelssession I&lt;br&gt;&lt;br&gt;&lt;em&gt;Moderator: Peter Leander&lt;\/em&gt;&lt;br&gt;&lt;br&gt;1. Kontrastmedelsnefropati - finns det?&amp;nbsp;&lt;em&gt;Ulf Nyman&lt;\/em&gt;&lt;br&gt;2.&amp;nbsp;Metformin och laktatacidos.&amp;nbsp;&lt;em&gt;Gunnar Sterner&lt;\/em&gt;&lt;br&gt;3.&amp;nbsp;ESURs nya jodkontrast-medelsrekommendationer.&amp;nbsp;&lt;em&gt;Torkel Brismar&lt;\/em&gt;&amp;nbsp;&lt;br&gt;4.&amp;nbsp;Kontrastmedelsnefropati \u2013 nya svenska rekommendationer.&amp;nbsp;&lt;em&gt;Ulf Nyman&lt;\/em&gt;&lt;br&gt;&lt;br&gt;P\u00e5 f\u00f6rra \u00e5rets R\u00f6ntgenvecka startades ett arbete runt rutiner vid kontrastmedelsreaktioner. Detta kommer nu att redovisas under de 2 sessionerna. D\u00e5 de svenska rekommendationerna bygger till st\u00f6rsta del p\u00e5 andra internationella sammanslutningars riktlinjer kommer ocks\u00e5 en redovisning att ske p\u00e5 vad som \u00e4r nytt inom omr\u00e5det och hur andra riktlinjer har \u00e4ndrats. Nu under v\u00e5ren kom europeiska l\u00e4kemedelsmyndigheten med varningar f\u00f6r vissa gadoliniumkontrastmedel d\u00e4r slutresultatet f\u00f6r n\u00e4rvarande inte riktigt \u00e4r klart. Hur l\u00e5ngt detta har kommit kommer att diskuteras. Under n\u00e5gra \u00e5r har nu ocks\u00e5 ett par grupper publicerat resultat att kontrastmedel inte p\u00e5verkar njurarna i den omfattning som tidigare riktlinjer har tagit h\u00e4nsyn till. Detta kommer att redovisas. Likas\u00e5 har det skett f\u00f6r\u00e4ndringar f\u00f6r uts\u00e4ttande av Metformin i samband med anv\u00e4ndande av kontrastmedel. Slutligen kommer vi att ge rekommendationer hur en kontrastmedelsreaktion skall dokumenteras och vilka krav som finns fr\u00e5n L\u00e4kemedelsverket. I detta ing\u00e5r ocks\u00e5 hur en patient som har reagerat p\u00e5 kontrastmedel skall hanteras vid ett kommande tillf\u00e4lle d\u00e5 vi avser att \u00e5ter ge kontrastmedel.&lt;br&gt;&lt;\/p&gt; \n                &lt;br&gt;&lt;br&gt;\"\n                data-category=\"SFMR - Svensk F\u00f6rening f\u00f6r Medicinsk Radiologi\"\n                data-category-ids=\"1004\"\n                data-span-all=\"\"\n              >\n\n              \n\n              <div class=\"vertical_bar\" style=\"background-color: #0099FF;\"><\/div>\n              <div class=\"box_inner\">\n                                <span>SFMR - Kontrastmedelssession I<\/span>\n               <br>\n               <div class=\"lecturer\"><span>Ulf Nyman; Gunnar Sterner; Torkel Brismar<\/span><\/div>\n               <div class=\"room_div \">\n                 <i class=\"list-room\">Kulturen<\/i>\n               <\/div>\n\n               <div class=\"name_time_div\">\n                <i class=\"list-time\" data-time=\"08:30\">08:30-10:00 - Onsdag 13 september<\/i>\n               <\/div>\n              <\/div>\n             <\/div>\n          <\/div>\n\n          \n          <div class=\"box-wrapper\"\n              data-id=\"1071\">\n\n              <div class='time-header' style='visibility: hidden;'>08:30<\/div>\n\n              <div class=\"box\"\n                data-id=\"1071\"\n                data-project=\"project_276_2017_03_27\"\n                data-title=\"ST-kurs Radiologiskt ledarskap\"\n                data-time=\"08:30-16:45\"\n                data-room=\"Pressl\u00e4ktaren\"\n                data-room-id=\"1013\"\n                data-room-name=\"Pressl\u00e4ktaren\"\n                data-day=\"1\"\n                data-abs-nbr=\"\"\n                data-abs-path=\"\"\n                data-speaker=\"Christina Christoffersen; Lott Bergstrand; Peter Aspelin; Mikael Gunnarsson; Peter Hochbergs; Magnus Persson; Ola Bj\u00f6rgell; Bengt  Piv\u00e9n\"\n                data-speakercell=\"Christina Christoffersen; Lott Bergstrand; Peter Aspelin; Mikael Gunnarsson; Peter Hochbergs; Magnus Persson; Ola Bj\u00f6rgell; Bengt  Piv\u00e9n\"\n                data-info=\"&lt;b&gt;Moderatorer: &lt;\/b&gt;Christina Christoffersen&lt;br&gt;&lt;br&gt; \n                 &lt;p&gt;&lt;span style=&quot;font-weight: bold;&quot;&gt;Kurs i Radiologiskt Ledarskap, R\u00f6ntgenveckan 2017 &lt;\/span&gt;&lt;br&gt;&lt;br&gt;Kursen motsvarar moment i delm\u00e5l a1, a6 och b1 i 2015 \u00e5rs m\u00e5lbeskrivning, och motsvarande i gamla ST. &lt;br&gt;&lt;br&gt;08.30 \u2013 08.40 V\u00e4lkommen Christina Christoffersen &lt;br&gt;08.40 \u2013 09.20 Personalfr\u00e5gor, uppf\u00f6randekoder, sv\u00e5ra samtal\/konflikter Lott Bergstrand &lt;br&gt;09.20 \u2013 10.00 Ditt ansvar som chef &amp;amp; ledare. Om tillsyn, anm\u00e4lan &amp;amp; rapportering Peter Aspelin &lt;br&gt;10.00- 10.45 Kaffepaus &lt;br&gt;10.45- 11.30 Str\u00e5lskydd, lagar &amp;amp; regler, detta ska chefen ha koll p\u00e5! Mikael Gunnarsson &lt;br&gt;11.30\u2013 12.15 Kvalitet Peter Hochbergs &lt;br&gt;12.15- 13.30 Lunch &lt;br&gt;13.30\u2013 14.15 Hur kommunicerar en ledare? Magnus Persson &lt;br&gt;14.15 \u2013 15.00 Likar\u00e4tt \u2013 Etik, m\u00e5ngfald och j\u00e4mlikhet Ola Bj\u00f6rgell &lt;br&gt;15.00- 15.45 Kaffepaus &lt;br&gt;15.45- 16.15 Intervju \u2013 Hur skapar man win-win? Bengt Piv\u00e9n, Christina Christoffersen &lt;br&gt;16.15- 16.45 Test-genomg\u00e5ng, dialog Christina Christoffersen&lt;br&gt;&lt;\/p&gt; \n                &lt;br&gt;&lt;br&gt;\"\n                data-category=\"ST-kurser \/ Ungt forum\"\n                data-category-ids=\"1005\"\n                data-span-all=\"\"\n              >\n\n              \n\n              <div class=\"vertical_bar\" style=\"background-color: #99FFFF;\"><\/div>\n              <div class=\"box_inner\">\n                                <span>ST-kurs Radiologiskt ledarskap<\/span>\n               <br>\n               <div class=\"lecturer\"><span>Christina Christoffersen; Lott Bergstrand; Peter Aspelin; Mikael Gunnarsson; Peter Hochbergs; Magnus Persson; Ola Bj\u00f6rgell; Bengt  Piv\u00e9n<\/span><\/div>\n               <div class=\"room_div \">\n                 <i class=\"list-room\">Pressl\u00e4ktaren<\/i>\n               <\/div>\n\n               <div class=\"name_time_div\">\n                <i class=\"list-time\" data-time=\"08:30\">08:30-16:45 - Onsdag 13 september<\/i>\n               <\/div>\n              <\/div>\n             <\/div>\n          <\/div>\n\n          \n          <div class=\"box-wrapper\"\n              data-id=\"1060\">\n\n              <div class='time-header' style='visibility: hidden;'>08:30<\/div>\n\n              <div class=\"box\"\n                data-id=\"1060\"\n                data-project=\"project_276_2017_03_27\"\n                data-title=\"Fallpresentationst\u00e4vling II\"\n                data-time=\"08:30-10:00\"\n                data-room=\"Crusellhallen\"\n                data-room-id=\"1002\"\n                data-room-name=\"Crusellhallen\"\n                data-day=\"1\"\n                data-abs-nbr=\"\"\n                data-abs-path=\"\"\n                data-speaker=\"\"\n                data-speakercell=\"\"\n                data-info=\"&lt;b&gt;Moderatorer: &lt;\/b&gt;Yngve  Forslin&lt;br&gt;&lt;br&gt;\"\n                data-category=\"ST-kurser \/ Ungt forum\"\n                data-category-ids=\"1005\"\n                data-span-all=\"\"\n              >\n\n              \n\n              <div class=\"vertical_bar\" style=\"background-color: #99FFFF;\"><\/div>\n              <div class=\"box_inner\">\n                                <span>Fallpresentationst\u00e4vling II<\/span>\n               <br>\n               \n               <div class=\"room_div \">\n                 <i class=\"list-room\">Crusellhallen<\/i>\n               <\/div>\n\n               <div class=\"name_time_div\">\n                <i class=\"list-time\" data-time=\"08:30\">08:30-10:00 - Onsdag 13 september<\/i>\n               <\/div>\n              <\/div>\n             <\/div>\n          <\/div>\n\n          \n          <div class=\"box-wrapper\"\n              data-id=\"1070\">\n\n              <div class='time-header' style='visibility: hidden;'>08:30<\/div>\n\n              <div class=\"box\"\n                data-id=\"1070\"\n                data-project=\"project_276_2017_03_27\"\n                data-title=\"SFFR - N\u00e4tverkstr\u00e4ff\"\n                data-time=\"08:30-10:00\"\n                data-room=\"Solot\"\n                data-room-id=\"1012\"\n                data-room-name=\"Solot\"\n                data-day=\"1\"\n                data-abs-nbr=\"\"\n                data-abs-path=\"\"\n                data-speaker=\"\"\n                data-speakercell=\"\"\n                data-info=\"\"\n                data-category=\"SFFR - Svensk F\u00f6rening f\u00f6r R\u00f6ntgensekreterare\"\n                data-category-ids=\"1012\"\n                data-span-all=\"\"\n              >\n\n              \n\n              <div class=\"vertical_bar\" style=\"background-color: #FF66FF;\"><\/div>\n              <div class=\"box_inner\">\n                                <span>SFFR - N\u00e4tverkstr\u00e4ff<\/span>\n               <br>\n               \n               <div class=\"room_div \">\n                 <i class=\"list-room\">Solot<\/i>\n               <\/div>\n\n               <div class=\"name_time_div\">\n                <i class=\"list-time\" data-time=\"08:30\">08:30-10:00 - Onsdag 13 september<\/i>\n               <\/div>\n              <\/div>\n             <\/div>\n          <\/div>\n\n          \n          <div class=\"box-wrapper\"\n              data-id=\"1068\">\n\n              <div class='time-header' style='visibility: hidden;'>08:30<\/div>\n\n              <div class=\"box\"\n                data-id=\"1068\"\n                data-project=\"project_276_2017_03_27\"\n                data-title=\"MTF - PACS\/RIS och dess integration med Region \u00d6sterg\u00f6tlands Journalportal\"\n                data-time=\"08:30-10:00\"\n                data-room=\"Backstage\"\n                data-room-id=\"1005\"\n                data-room-name=\"Backstage\"\n                data-day=\"1\"\n                data-abs-nbr=\"\"\n                data-abs-path=\"\"\n                data-speaker=\"Maria Orell; Magnus Bark; Tomas Annerholm\"\n                data-speakercell=\"Maria Orell; Magnus Bark; Tomas Annerholm\"\n                data-info=\"&lt;b&gt;Moderatorer: &lt;\/b&gt;Tobias Lindbergh&lt;br&gt;&lt;br&gt; \n                 &lt;p&gt;&lt;span style=&quot;text-decoration-line: underline;&quot;&gt;Integrationer mellan PACS och Journalportalen:&lt;\/span&gt; &lt;br&gt;Region \u00d6sterg\u00f6tland har sedan h\u00f6sten 2015 integrerat PACS med JournalPortalen (JP) som erbjuder anv\u00e4ndaren nytta i form av enklare inloggning och samma patient i alla system. JP \u00e4r \u00e4ven integrerad med flera andra applikationer t.ex. journalsystemet Cosmic samt Remiss- Och Svarssystemet ROS. Fr\u00e5n r\u00f6ntgensvaren i ROS \u00e4r det m\u00f6jligt att g\u00f6ra uthopp till bildvisaren LiteView. Genom integration med Cosmics Multimediaverktyg finns m\u00f6jlighet att importera DICOM-bilder och multimedia till PACS genom att fylla i bokningsunderlag i Cosmic och bilderna blir d\u00e5 tillg\u00e4ngliga via journalreferenser. Ett exempel p\u00e5 anv\u00e4ndning av multimediakonceptet \u00e4r teledermatoskopi d\u00e4r v\u00e5rdcentraler ges m\u00f6jlighet att vid remiss till hudkliniken f\u00f6rmedla \u00e4ven bilder p\u00e5 hudf\u00f6r\u00e4ndringar.&lt;\/p&gt; \n                 &lt;p&gt;&lt;span style=&quot;font-style: italic;&quot;&gt;Fotnot: PACS, RIS och LiteView levereras av Sectra. Journalportalens produktnamn \u00e4r WEADD Sync, levereras av Evry. Journalsystemet Cosmic levereras av Cambio. ROS produktnamn \u00e4r WEADD ROS, levereras av Evry.&lt;\/span&gt;&lt;\/p&gt; \n                 &lt;p&gt;&lt;span style=&quot;text-decoration-line: underline;&quot;&gt;Integration av PACS och Patologi-PACS:&lt;\/span&gt; &lt;br&gt;R\u00d6 har f\u00f6rutom det \u201dradiologiska\u201d (allm\u00e4nna) PACS:et ocks\u00e5 ett Patologi-PACS. Dessa b\u00e5da \u00e4r nu integrerade via en tj\u00e4nst som m\u00f6jligg\u00f6r att: - fr\u00e5n Patologi-PACS kan man titta p\u00e5 bilder och l\u00e4sa svar\/utl\u00e5tanden som finns i Radiologi-PACS. - fr\u00e5n Radiologi-PACS kan man l\u00e4sa de svar\/utl\u00e5tanden som finns i Patologi-PACS. Ursprungligen kommer svaren i Patologi-PACS fr\u00e5n FlexLab\/Sympathy. Denna integration ger m\u00f6jligheter till b\u00e4ttre diagnostik och b\u00e4ttre MultiDisciplin\u00e4ra Konferenser (MDK).&lt;\/p&gt; \n                 &lt;p&gt;&lt;span style=&quot;font-style: italic;&quot;&gt;Fotnot: PACS och Patologi-PACS levereras av Sectra. FlexLab\/Sympathy levereras av Tieto.&lt;\/span&gt;&lt;\/p&gt; \n                 &lt;p&gt;&lt;span style=&quot;text-decoration-line: underline;&quot;&gt;Integration av RIS med JournalPortalen och PACS:&lt;\/span&gt; Efter att ha lyckats med integrationen av PACS med JP (se f\u00f6rel\u00e4sningens f\u00f6rsta session ovan) s\u00e5 vill vi \u00e4ven l\u00e4gga till RIS i integrationen. Den f\u00f6rsta hypotesen var att vi skulle kunna nyttja den \u201dvanliga\u201d RIS-PACS-synken (\u201dDesktop-synken\u201d) f\u00f6r att uppr\u00e4tth\u00e5lla patientkontext med PACS (full dubbelriktad synk). PACS skulle d\u00e5 i sin tur tack vare integrationen med JP uppr\u00e4tth\u00e5lla patientkontext med \u00f6vriga applikationer i JP. V\u00e5ra tester har visat att denna hypotes inte riktigt h\u00e5ller, s\u00e5 R\u00d6 kommer att best\u00e4lla en anpassning fr\u00e5n RIS-PACS-leverant\u00f6ren f\u00f6r att ta hand om detta scenario p\u00e5 ett b\u00e4ttre s\u00e4tt. Vi vill av flera sk\u00e4l att RIS-PACS-JP-anv\u00e4ndarna ska ha applikationerna lokalt installerade p\u00e5 sina PC vilket skapar distributionstekniska utmaningar f\u00f6r oss i R\u00d6 (JP distribueras normalt via Citrix). Denna integration ger m\u00f6jlighet f\u00f6r r\u00f6ntgenpersonal att p\u00e5 ett smidigare och s\u00e4krare s\u00e4tt kunna arbeta i JP, med full patientkontext och att d\u00e4rmed snabbt och smidigt kunna l\u00e4sa t.ex. journalanteckningar, l\u00e4kemedel och labbsvar f\u00f6r i RIS-PACS aktuell patient.&lt;\/p&gt; \n                 &lt;p&gt;Disclaimer: Vi testar fortfarande denna RIS-PACS-JP-integration, s\u00e5 f\u00f6rel\u00e4sningen kommer inte att presentera en helt f\u00e4rdig l\u00f6sning.&lt;\/p&gt; \n                 &lt;p&gt;&lt;span style=&quot;font-style: italic;&quot;&gt;Fotnot: PACS och RIS levereras av Sectra. Journalportalens produktnamn \u00e4r WEADD Sync, levereras av Evry. Journalsystemet Cosmic levereras av Cambio. ROS produktnamn \u00e4r WEADD ROS, levereras av Evry.&lt;\/span&gt;&lt;\/p&gt; \n                &lt;br&gt;&lt;br&gt;\"\n                data-category=\"MTF - Svensk f\u00f6rening f\u00f6r Medicinsk Teknik och Fysik\"\n                data-category-ids=\"1009\"\n                data-span-all=\"\"\n              >\n\n              \n\n              <div class=\"vertical_bar\" style=\"background-color: #CCCC66;\"><\/div>\n              <div class=\"box_inner\">\n                                <span>MTF - PACS\/RIS och dess integration med Region \u00d6sterg\u00f6tlands Journalportal<\/span>\n               <br>\n               <div class=\"lecturer\"><span>Maria Orell; Magnus Bark; Tomas Annerholm<\/span><\/div>\n               <div class=\"room_div \">\n                 <i class=\"list-room\">Backstage<\/i>\n               <\/div>\n\n               <div class=\"name_time_div\">\n                <i class=\"list-time\" data-time=\"08:30\">08:30-10:00 - Onsdag 13 september<\/i>\n               <\/div>\n              <\/div>\n             <\/div>\n          <\/div>\n\n          \n          <div class=\"box-wrapper\"\n              data-id=\"1064\">\n\n              <div class='time-header' style='visibility: hidden;'>08:30<\/div>\n\n              <div class=\"box\"\n                data-id=\"1064\"\n                data-project=\"project_276_2017_03_27\"\n                data-title=\"ST-dag MSK\/SFMSR\"\n                data-time=\"08:30-16:45\"\n                data-room=\"Studion\"\n                data-room-id=\"1007\"\n                data-room-name=\"Studion\"\n                data-day=\"1\"\n                data-abs-nbr=\"\"\n                data-abs-path=\"\"\n                data-speaker=\"\"\n                data-speakercell=\"\"\n                data-info=\"\n                 &lt;p&gt;&lt;span style=&quot;font-weight: bold;&quot;&gt;ST-kurs i muskuloskeletal radiologi med fokus p\u00e5 tum\u00f6rer inom r\u00f6relseorganen sett ur radiologiskt, ortopediskt och patologiskt perspektiv.&lt;\/span&gt;&amp;nbsp;&lt;br&gt;&lt;br&gt;Svensk Fo\u0308rening fo\u0308r Muskuloskeletal Radiologi ger en kurs om skelett-tum\u00f6rer och \u00e4ven \u00f6vergripande om muskuloskeletala mjukdelstum\u00f6rer fo\u0308r ST-la\u0308kare med betoning pa\u030ade fra\u030agesta\u0308llningar en allma\u0308nradiolog kan sta\u0308llas info\u0308r. Under en dag kommer 1 radiolog, 1 tum\u00f6rortoped och 1 patolog att ga\u030aigenom det som a\u0308r viktigast att veta inom muskuloskeletal tum\u00f6rdiagnostik, utredning och behandling. Genomga\u030angen kurs ger intyg till Socialstyrelsen pa\u030auppfyllande av del av delma\u030al c8.&lt;br&gt;&lt;\/p&gt;\n                &lt;br&gt;&lt;br&gt;\"\n                data-category=\"ST-kurser \/ Ungt forum\"\n                data-category-ids=\"1005\"\n                data-span-all=\"\"\n              >\n\n              \n\n              <div class=\"vertical_bar\" style=\"background-color: #99FFFF;\"><\/div>\n              <div class=\"box_inner\">\n                                <span>ST-dag MSK\/SFMSR<\/span>\n               <br>\n               \n               <div class=\"room_div \">\n                 <i class=\"list-room\">Studion<\/i>\n               <\/div>\n\n               <div class=\"name_time_div\">\n                <i class=\"list-time\" data-time=\"08:30\">08:30-16:45 - Onsdag 13 september<\/i>\n               <\/div>\n              <\/div>\n             <\/div>\n          <\/div>\n\n          \n          <div class=\"box-wrapper\"\n              data-id=\"1066\">\n\n              <div class='time-header' style='visibility: hidden;'>08:30<\/div>\n\n              <div class=\"box\"\n                data-id=\"1066\"\n                data-project=\"project_276_2017_03_27\"\n                data-title=\"Sponsor - Automatiserad bilddiagnostik - utmaningar och praktisk nytta i vardagen\"\n                data-time=\"08:30-09:15\"\n                data-room=\"Sonaten\"\n                data-room-id=\"1009\"\n                data-room-name=\"Sonaten\"\n                data-day=\"1\"\n                data-abs-nbr=\"\"\n                data-abs-path=\"\"\n                data-speaker=\"Jesper Molin; Erik Sj\u00f6blom\"\n                data-speakercell=\"Jesper Molin; Erik Sj\u00f6blom\"\n                data-info=\" \n                 &lt;p&gt;&lt;b&gt;Automatiserad bilddiagnostik - utmaningar och praktisk nytta i vardagen&lt;\/b&gt;&lt;\/p&gt; \n                 &lt;p&gt;Under de senaste \u00e5ren har tekniker inom artificiell intelligens och machine learning gjort stora framsteg. Det kan d\u00e4remot vara sv\u00e5rt att f\u00f6rst\u00e5 hur dessa framsteg kan komma att p\u00e5verka vardagen inom det bilddiagnostiska arbetet. Den h\u00e4r presentationen kommer att reda ut begrepp s\u00e5 som artificiell intelligens, machine learning och deep learning. Baserat p\u00e5 f\u00f6rel\u00e4sarnas egna erfarenheter utav att konstruera smarta verktyg inom radiologi och patologi presenteras vilka olika m\u00f6jligheter och begr\u00e4nsningar som den nya tekniken f\u00f6r med sig och hur detta p\u00e5verkar bilddiagnostiken.&lt;\/p&gt;&lt;p&gt;Sectra&lt;\/p&gt; \n                &lt;br&gt;&lt;br&gt;\"\n                data-category=\"Sponsorer\"\n                data-category-ids=\"1014\"\n                data-span-all=\"\"\n              >\n\n              \n\n              <div class=\"vertical_bar\" style=\"background-color: #CC33FF;\"><\/div>\n              <div class=\"box_inner\">\n                                <span>Sponsor - Automatiserad bilddiagnostik - utmaningar och praktisk nytta i vardagen<\/span>\n               <br>\n               <div class=\"lecturer\"><span>Jesper Molin; Erik Sj\u00f6blom<\/span><\/div>\n               <div class=\"room_div \">\n                 <i class=\"list-room\">Sonaten<\/i>\n               <\/div>\n\n               <div class=\"name_time_div\">\n                <i class=\"list-time\" data-time=\"08:30\">08:30-09:15 - Onsdag 13 september<\/i>\n               <\/div>\n              <\/div>\n             <\/div>\n          <\/div>\n\n          \n          <div class=\"box-wrapper\"\n              data-id=\"1069\">\n\n              <div class='time-header' style='visibility: hidden;'>08:30<\/div>\n\n              <div class=\"box\"\n                data-id=\"1069\"\n                data-project=\"project_276_2017_03_27\"\n                data-title=\"ST-kurs Radiofysik - Str\u00e5lningsdosimetri vid r\u00f6ntgendiagnostik och interventionell radiologi\"\n                data-time=\"08:30-16:45\"\n                data-room=\"Duetten\"\n                data-room-id=\"1011\"\n                data-room-name=\"Duetten\"\n                data-day=\"1\"\n                data-abs-nbr=\"\"\n                data-abs-path=\"\"\n                data-speaker=\"\"\n                data-speakercell=\"\"\n                data-info=\"&lt;b&gt;Moderatorer: &lt;\/b&gt;Michael Sandborg&lt;br&gt;&lt;br&gt; \n                 &lt;p&gt;&lt;span style=&quot;font-weight: bold;&quot;&gt;&quot;Str\u00e5lningsdosimetri vid r\u00f6ntgendiagnostik och interventionell radiologi&quot;&lt;\/span&gt;&lt;\/p&gt; \n                 &lt;p&gt;Kursm\u00e5l: &lt;br&gt;Kursens \u00f6vergripande m\u00e5l \u00e4r att deltagarna ska f\u00e5 en f\u00f6rdjupad f\u00f6rm\u00e5ga att m\u00e4ta och analysera patient-, personal- och organstr\u00e5ldoser och f\u00e5 en b\u00e4ttre f\u00f6rst\u00e5else f\u00f6r de dosimetriska utmaningarna f\u00f6rknippade med moderna radiologiska system. Kursen syftar ocks\u00e5 till att f\u00e5 en f\u00f6rdjupad f\u00f6rst\u00e5else f\u00f6r dosimeterkalibrering och uppskattning av m\u00e4tos\u00e4kerhet enligt GUM. Denna kunskap kan inte till fullo tillgodoses inom ramen f\u00f6r den grundl\u00e4ggande utbildningen av sjukhusfysiker. &lt;br&gt;&lt;br&gt;M\u00e5lgrupp: &lt;br&gt;Legitimerade sjukhusfysiker och sjukhusfysiker under ST-utbildning. Kursen rekommenderas till sjukhusfysiker som deltar i CPD programmet. Kursen kan ges som forskarutbildningskurs inom medicinsk radiofysik\/str\u00e5lningsfysik d\u00e5 med f\u00f6rdjupningsuppgift som beslutas i samr\u00e5d med examinator. &lt;br&gt;&lt;br&gt;Kursinneh\u00e5ll: Kursen omfattar dosimetri vid r\u00f6ntgenunders\u00f6kningar s\u00e5 som radiografi, konstr\u00e5le-CT, mammografi, datortomografi samt radiologisk intervention. Os\u00e4kerhetsuppskattningar av organstr\u00e5ldoser, kalibrering och utveckling av dosimetrar f\u00f6r uppskattning av patient- och personaldoser ing\u00e5r ocks\u00e5. Kursen har f\u00f6rel\u00e4sningar inom dessa omr\u00e5den: &lt;br&gt;\u00b7 Dosimetri vid mammografi inklusive br\u00f6sttomosyntes &lt;br&gt;\u00b7 Kalibrering av kerma-area produktm\u00e4tare och solid state detektorer &lt;br&gt;\u00b7 Os\u00e4kerhetsuppskattningar enligt GUM &lt;br&gt;\u00b7 Dosimetri vid datortomografi med breda str\u00e5lf\u00e4lt &lt;br&gt;\u00b7 Dosimetri vid radiologisk intervention &lt;br&gt;\u00b7 Dosimetri vid konstr\u00e5le-CT vid odontologisk radiologi &lt;br&gt;\u00b7 Gr\u00e4nsskiktsdosimetri \u00b7 Kalibrering av dosimetrar och sp\u00e5rbarhet av dosimetriska storheter &lt;br&gt;&lt;br&gt;Rekommenderade f\u00f6rberedelser: Det \u00e4r \u00f6nskv\u00e4rt du som deltagare i f\u00f6rv\u00e4g har reflekterat \u00f6ver vilka omr\u00e5de som du beh\u00f6ver utvecklas inom. Om du l\u00e4ser kursen som forskarutbildningskurs b\u00f6r du innan kursstart ha definierat en f\u00f6rdjupningsuppgift. &lt;br&gt;&lt;br&gt;Examinator: michael.sandborg@regionostergotland.se&lt;br&gt;&lt;\/p&gt; \n                &lt;br&gt;&lt;br&gt;\"\n                data-category=\"ST-kurser \/ Ungt forum\"\n                data-category-ids=\"1005\"\n                data-span-all=\"\"\n              >\n\n              \n\n              <div class=\"vertical_bar\" style=\"background-color: #99FFFF;\"><\/div>\n              <div class=\"box_inner\">\n                                <span>ST-kurs Radiofysik - Str\u00e5lningsdosimetri vid r\u00f6ntgendiagnostik och interventionell radiologi<\/span>\n               <br>\n               \n               <div class=\"room_div \">\n                 <i class=\"list-room\">Duetten<\/i>\n               <\/div>\n\n               <div class=\"name_time_div\">\n                <i class=\"list-time\" data-time=\"08:30\">08:30-16:45 - Onsdag 13 september<\/i>\n               <\/div>\n              <\/div>\n             <\/div>\n          <\/div>\n\n          \n          <div class=\"box-wrapper\"\n              data-id=\"1067\">\n\n              <div class='time-header' style='visibility: hidden;'>08:30<\/div>\n\n              <div class=\"box\"\n                data-id=\"1067\"\n                data-project=\"project_276_2017_03_27\"\n                data-title=\"Verksamhetschefsprogrammet - Integrerad diagnostik\"\n                data-time=\"08:30-10:00\"\n                data-room=\"Operetten\"\n                data-room-id=\"1010\"\n                data-room-name=\"Operetten\"\n                data-day=\"1\"\n                data-abs-nbr=\"\"\n                data-abs-path=\"\"\n                data-speaker=\"H\u00e5kan Ahlstr\u00f6m; Claes Lundstr\u00f6m; Monica Vajda; Anna Bod\u00e9n\"\n                data-speakercell=\"H\u00e5kan Ahlstr\u00f6m; Claes Lundstr\u00f6m; Monica Vajda; Anna Bod\u00e9n\"\n                data-info=\" \n                 &lt;p&gt;8:30-9:00 Radiomics, H\u00e5kan Ahlstr\u00f6m, Professor, Uppsala &lt;br&gt;9:00-9:30 Big Data och Artificiell Intelligens Claes Lundstr\u00f6m, Forskningschef Sectra, Docent CMIV &lt;br&gt;&lt;br&gt;Abstrakt: Den tekniska utvecklingen inom artificiell intelligens har varit oerh\u00f6rt stark de senaste \u00e5ren. Speciellt intressant \u00e4r analyser p\u00e5 populationsniv\u00e5 (Big Data) med hj\u00e4lp av modern maskininl\u00e4rning (t ex deep learning). Denna presentation kommer att ta upp hur radiologin kan dra nytta av dessa stora nya m\u00f6jligheter. Dels r\u00f6r det sig om att traditionella uppl\u00e4gg f\u00f6r bildanalys som diagnostiskt st\u00f6d kan g\u00f6ras mycket mer kraftfulla. H\u00e4r kan tekniken ge stor nytta f\u00f6r befintliga diagnostiska delmoment, b\u00e5de i form av h\u00f6gre effektivitet och h\u00f6gre precision i bed\u00f6mningarna. Dels r\u00f6r det sig om nya arbetss\u00e4tt. Dagens bildgranskning \u00e4r baserad p\u00e5 de visuella m\u00f6nster som en m\u00e4nsklig expert kan tr\u00e4nas att uppfatta. En maskinell algoritm har inte samma begr\u00e4nsning, utan kan mer f\u00f6ruts\u00e4ttningsl\u00f6st hitta fler m\u00f6nster, och ocks\u00e5 analysera l\u00e5ngt st\u00f6rre datam\u00e4ngder. Detta ger ny kunskap och d\u00e4rmed nya diagnostiska m\u00f6jligheter. &lt;br&gt;&lt;br&gt;9:30-10:00 MAMMOPAT - PACS VOBISCUM Monika Vajda Sektionschef Mammografi, Anna Boden \u00d6verl\u00e4kare Patologen&lt;br&gt;&lt;\/p&gt; \n                &lt;br&gt;&lt;br&gt;\"\n                data-category=\"Verksamhetschefer\"\n                data-category-ids=\"1011\"\n                data-span-all=\"\"\n              >\n\n              \n\n              <div class=\"vertical_bar\" style=\"background-color: #FFFFCC;\"><\/div>\n              <div class=\"box_inner\">\n                                <span>Verksamhetschefsprogrammet - Integrerad diagnostik<\/span>\n               <br>\n               <div class=\"lecturer\"><span>H\u00e5kan Ahlstr\u00f6m; Claes Lundstr\u00f6m; Monica Vajda; Anna Bod\u00e9n<\/span><\/div>\n               <div class=\"room_div \">\n                 <i class=\"list-room\">Operetten<\/i>\n               <\/div>\n\n               <div class=\"name_time_div\">\n                <i class=\"list-time\" data-time=\"08:30\">08:30-10:00 - Onsdag 13 september<\/i>\n               <\/div>\n              <\/div>\n             <\/div>\n          <\/div>\n\n          \n          <div class=\"box-wrapper\"\n              data-id=\"1072\">\n\n              <div class='time-header' style='visibility: hidden;'>08:30<\/div>\n\n              <div class=\"box\"\n                data-id=\"1072\"\n                data-project=\"project_276_2017_03_27\"\n                data-title=\"Ultraljudsf\u00f6reningen, Hands-on workshop\"\n                data-time=\"08:30-10:00\"\n                data-room=\"Loge 4\"\n                data-room-id=\"1014\"\n                data-room-name=\"Loge 4\"\n                data-day=\"1\"\n                data-abs-nbr=\"\"\n                data-abs-path=\"\"\n                data-speaker=\"\"\n                data-speakercell=\"\"\n                data-info=\"\n                 &lt;p&gt;Workshops, handson och demonstrationer av ultraljud&lt;\/p&gt;&lt;p&gt;&lt;i&gt;Okej, vi erk\u00e4nner \u2013 vi \u00e4r ett g\u00e4ng ultraljudsn\u00f6rdar som \u00e5terstartat SFMU. P\u00e5 R\u00f6ntgenveckan hittar vi ocks\u00e5 de allra senaste ultraljudsmaskinerna, det \u00e4r rena julaftonen!&lt;br&gt;&lt;\/i&gt;&lt;i&gt;F\u00f6r att sprida v\u00e5r entusiasm \u00f6ver ultraljud har vi sessioner i Loge 4+6 p\u00e5 R\u00f6ntgenveckan, d\u00e4r vi kan tr\u00e4na ultraljud p\u00e5 riktigt. H\u00e4ng p\u00e5 n\u00e4r vi visar upp v\u00e5ra favoritunders\u00f6kningar!&lt;br&gt;&lt;\/i&gt;&lt;i&gt;OBS- ingen bokning, f\u00f6rst till kvarn g\u00e4ller ... V\u00e4lkomna!&lt;\/i&gt;&lt;\/p&gt;&lt;p&gt;&lt;i&gt;Bli medlem? &amp;nbsp;Maila: sfmu.sfmu@gmail.com&lt;br&gt;&lt;\/i&gt;&lt;\/p&gt;&lt;p&gt;&lt;b&gt;Tisdag 12 sept:&lt;\/b&gt;&lt;\/p&gt;&lt;p&gt;&lt;b&gt;Kl 12.45-13.30: Muskuloskeletalt ultraljud, ffa axlar.&amp;nbsp;&amp;nbsp;&lt;\/b&gt;Dr Laszlo Toth, Hudiksvalls Sjukhus&lt;\/p&gt;&lt;p&gt;&lt;\/p&gt;&lt;p&gt;&lt;b&gt;Kl 13.30-16.45 Biopsitr\u00e4ning p\u00e5 preparat\u2013 enbart f\u00f6r deltagare p\u00e5 ST-kurs i ultraljudsv\u00e4gledda punktioner.&lt;br&gt;&lt;br&gt;&lt;\/b&gt;&lt;\/p&gt;&lt;p&gt;&lt;b&gt;Onsdag 13 sept:&lt;\/b&gt;&lt;\/p&gt;&lt;p&gt;&lt;b&gt;Kl 8.30-9.45: \u201dAkut ultraljud \u2013 EFAST, POCUS, och annat man g\u00f6r p\u00e5 akutrummet\u2026\u201d&amp;nbsp;&lt;\/b&gt;Dr Jesper Danielsson, St G\u00f6rans Sjukhus&lt;\/p&gt;&lt;p&gt;&lt;b&gt;Kl 8.30-9.45: \u201dLeverelastografi, demo och hands-on&lt;\/b&gt;\u201d. Sonograf Marie Byenfeldt, \u00d6stersunds Sjukhus.&lt;\/p&gt;&lt;p&gt;&lt;b&gt;Kl 10.00-11.00: \u00c5rsm\u00f6te SFMU&lt;\/b&gt;&lt;\/p&gt;&lt;p&gt;&lt;b&gt;Kl 11.00-12.15 : \u201dFria fl\u00f6den? Doppler av perifera och centrala blodk\u00e4rl\u201d.&amp;nbsp;&lt;\/b&gt;&amp;nbsp;Dr Kristina Dahlstr\u00f6m, Faluns Sjukhus&lt;b&gt;&lt;\/b&gt;&lt;\/p&gt;&lt;p&gt;&lt;b&gt;Kl 11.00-12.15: : \u201dMuskuloskeletalt ultraljud, ffa axlar\u201d.&amp;nbsp;&lt;\/b&gt;Dr Laszlo Toth, Hudiksvalls Sjukhus&lt;b&gt;&lt;\/b&gt;&lt;\/p&gt;&lt;p&gt;&lt;b&gt;13.30-14.45: \u201dBiopsitr\u00e4ning \u2013 ultraljudsv\u00e4gledda punktioner, demonstration och praktisk \u00f6vning p\u00e5 preparat\u201d.&lt;\/b&gt;&amp;nbsp;Dr Stefan H\u00f6rnlund, Sundsvalls sjukhus&lt;\/p&gt;&lt;p&gt;&lt;b&gt;13.30-14.45 \u201dSonograf? Prova-p\u00e5-ultraljud f\u00f6r nyfikna r\u00f6ntgensjuksk\u00f6terskor\u201d.&lt;\/b&gt;&amp;nbsp;Sonograf Karin Asplund, Astrid Lindgrens Barnsjukhus&lt;\/p&gt;&lt;p&gt;&lt;b&gt;Kl 15.45-16.45: \u201dFusion av MR-buk och ultraljud, demonstration live och praktisk&amp;nbsp;&lt;\/b&gt;\u00f6vning\u201d.&amp;nbsp;&amp;nbsp; Dr Sara Sehlstedt, \u00d6stersunds Sjukhus&lt;\/p&gt;&lt;p&gt;&lt;b&gt;Kl 15.45-16.45&lt;\/b&gt;:&amp;nbsp;&lt;b&gt;\u201dSonograf? Prova-p\u00e5-ultraljud f\u00f6r nyfikna r\u00f6ntgensjuksk\u00f6terskor\u201d.&amp;nbsp;&lt;\/b&gt;Sonograf Maria Zetterman, Astrid Lindgrens Barnsjukhus&lt;br&gt;&lt;br&gt;Torsdag 14 sept.&lt;\/p&gt;&lt;p&gt;&lt;b&gt;Kl 9.50-10.45: &amp;nbsp;\u201dUltraljudsv\u00e4gledda biopsier, demo och praktisk \u00f6vning p\u00e5 preparat\u201d.&amp;nbsp;&amp;nbsp;&lt;\/b&gt;Dr Stefan H\u00f6rnlund, Sundsvalls Sjukhus.&lt;\/p&gt;&lt;p&gt;&lt;b&gt;Kl 13.30-15.00: \u201dMuskuloskeletalt ultraljud,&amp;nbsp; fr\u00e4mst \u00f6vre extremitet\u201d.&lt;\/b&gt;&amp;nbsp;Dr David Wilson och Dr Gina Allen, Oxford samt Dr Magnus Hjelm, G\u00e4vle Sjukhus och Dr Johan Krause, Uppsala Akademiska Sjukhus.&lt;\/p&gt;&lt;p&gt;&lt;b&gt;Kl 15.45-16.45:&lt;\/b&gt;&amp;nbsp;&lt;b&gt;\u201dMuskuloskeletalt ultraljud,&amp;nbsp; fr\u00e4mst nedre extremitet\u201d.&lt;\/b&gt;&amp;nbsp;Dr David Wilson och Dr Gina Allen, Oxford samt Dr Magnus Hjelm, G\u00e4vle Sjukhus och Dr Johan Krause, Uppsala Akademiska Sjukhus&lt;b&gt;&lt;\/b&gt;&lt;\/p&gt;&lt;p&gt;&lt;i&gt;&lt;br&gt;&lt;\/i&gt;&lt;\/p&gt;\n                &lt;br&gt;&lt;br&gt;\"\n                data-category=\"Ultraljudsf\u00f6reningens hands-on\"\n                data-category-ids=\"1015\"\n                data-span-all=\"\"\n              >\n\n              \n\n              <div class=\"vertical_bar\" style=\"background-color: #FFCCFF;\"><\/div>\n              <div class=\"box_inner\">\n                                <span>Ultraljudsf\u00f6reningen, Hands-on workshop<\/span>\n               <br>\n               \n               <div class=\"room_div \">\n                 <i class=\"list-room\">Loge 4<\/i>\n               <\/div>\n\n               <div class=\"name_time_div\">\n                <i class=\"list-time\" data-time=\"08:30\">08:30-10:00 - Onsdag 13 september<\/i>\n               <\/div>\n              <\/div>\n             <\/div>\n          <\/div>\n\n          \n          <div class=\"box-wrapper\"\n              data-id=\"1073\">\n\n              <div class='time-header' style='visibility: hidden;'>08:30<\/div>\n\n              <div class=\"box\"\n                data-id=\"1073\"\n                data-project=\"project_276_2017_03_27\"\n                data-title=\"Ultraljudsf\u00f6reningen, Hands-on workshop\"\n                data-time=\"08:30-10:00\"\n                data-room=\"Loge 6\"\n                data-room-id=\"1015\"\n                data-room-name=\"Loge 6\"\n                data-day=\"1\"\n                data-abs-nbr=\"\"\n                data-abs-path=\"\"\n                data-speaker=\"\"\n                data-speakercell=\"\"\n                data-info=\" \n                 &lt;p&gt;Workshops, handson och demonstrationer av ultraljud&lt;\/p&gt;&lt;p&gt;&lt;i&gt;Okej, vi erk\u00e4nner \u2013 vi \u00e4r ett g\u00e4ng ultraljudsn\u00f6rdar som \u00e5terstartat SFMU. P\u00e5 R\u00f6ntgenveckan hittar vi ocks\u00e5 de allra senaste ultraljudsmaskinerna, det \u00e4r rena julaftonen!&lt;br&gt;&lt;\/i&gt;&lt;i&gt;F\u00f6r att sprida v\u00e5r entusiasm \u00f6ver ultraljud har vi sessioner i Loge 4+6 p\u00e5 R\u00f6ntgenveckan, d\u00e4r vi kan tr\u00e4na ultraljud p\u00e5 riktigt. H\u00e4ng p\u00e5 n\u00e4r vi visar upp v\u00e5ra favoritunders\u00f6kningar!&lt;br&gt;&lt;\/i&gt;&lt;i&gt;OBS- ingen bokning, f\u00f6rst till kvarn g\u00e4ller ... V\u00e4lkomna!&lt;\/i&gt;&lt;\/p&gt;&lt;p&gt;&lt;i&gt;Bli medlem? &amp;nbsp;Maila: sfmu.sfmu@gmail.com&lt;br&gt;&lt;\/i&gt;&lt;\/p&gt;&lt;p&gt;&lt;b&gt;Tisdag 12 sept:&lt;\/b&gt;&lt;\/p&gt;&lt;p&gt;&lt;b&gt;Kl 12.45-13.30: Muskuloskeletalt ultraljud, ffa axlar.&amp;nbsp;&amp;nbsp;&lt;\/b&gt;Dr Laszlo Toth, Hudiksvalls Sjukhus&lt;\/p&gt;&lt;p&gt;&lt;\/p&gt;&lt;p&gt;&lt;b&gt;Kl 13.30-16.45 Biopsitr\u00e4ning p\u00e5 preparat\u2013 enbart f\u00f6r deltagare p\u00e5 ST-kurs i ultraljudsv\u00e4gledda punktioner.&lt;br&gt;&lt;br&gt;&lt;\/b&gt;&lt;\/p&gt;&lt;p&gt;&lt;b&gt;Onsdag 13 sept:&lt;\/b&gt;&lt;\/p&gt;&lt;p&gt;&lt;b&gt;Kl 8.30-9.45: \u201dAkut ultraljud \u2013 EFAST, POCUS, och annat man g\u00f6r p\u00e5 akutrummet\u2026\u201d&amp;nbsp;&lt;\/b&gt;Dr Jesper Danielsson, St G\u00f6rans Sjukhus&lt;\/p&gt;&lt;p&gt;&lt;b&gt;Kl 8.30-9.45: \u201dLeverelastografi, demo och hands-on&lt;\/b&gt;\u201d. Sonograf Marie Byenfeldt, \u00d6stersunds Sjukhus.&lt;\/p&gt;&lt;p&gt;&lt;b&gt;Kl 10.00-11.00: \u00c5rsm\u00f6te SFMU&lt;\/b&gt;&lt;\/p&gt;&lt;p&gt;&lt;b&gt;Kl 11.00-12.15 : \u201dFria fl\u00f6den? Doppler av perifera och centrala blodk\u00e4rl\u201d.&amp;nbsp;&lt;\/b&gt;&amp;nbsp;Dr Kristina Dahlstr\u00f6m, Faluns Sjukhus&lt;b&gt;&lt;\/b&gt;&lt;\/p&gt;&lt;p&gt;&lt;b&gt;Kl 11.00-12.15: : \u201dMuskuloskeletalt ultraljud, ffa axlar\u201d.&amp;nbsp;&lt;\/b&gt;Dr Laszlo Toth, Hudiksvalls Sjukhus&lt;b&gt;&lt;\/b&gt;&lt;\/p&gt;&lt;p&gt;&lt;b&gt;13.30-14.45: \u201dBiopsitr\u00e4ning \u2013 ultraljudsv\u00e4gledda punktioner, demonstration och praktisk \u00f6vning p\u00e5 preparat\u201d.&lt;\/b&gt;&amp;nbsp;Dr Stefan H\u00f6rnlund, Sundsvalls sjukhus&lt;\/p&gt;&lt;p&gt;&lt;b&gt;13.30-14.45 \u201dSonograf? Prova-p\u00e5-ultraljud f\u00f6r nyfikna r\u00f6ntgensjuksk\u00f6terskor\u201d.&lt;\/b&gt;&amp;nbsp;Sonograf Karin Asplund, Astrid Lindgrens Barnsjukhus&lt;\/p&gt;&lt;p&gt;&lt;b&gt;Kl 15.45-16.45: \u201dFusion av MR-buk och ultraljud, demonstration live och praktisk&amp;nbsp;&lt;\/b&gt;\u00f6vning\u201d.&amp;nbsp;&amp;nbsp; Dr Sara Sehlstedt, \u00d6stersunds Sjukhus&lt;\/p&gt;&lt;p&gt;&lt;b&gt;Kl 15.45-16.45&lt;\/b&gt;:&amp;nbsp;&lt;b&gt;\u201dSonograf? Prova-p\u00e5-ultraljud f\u00f6r nyfikna r\u00f6ntgensjuksk\u00f6terskor\u201d.&amp;nbsp;&lt;\/b&gt;Sonograf Maria Zetterman, Astrid Lindgrens Barnsjukhus&lt;br&gt;&lt;br&gt;Torsdag 14 sept.&lt;\/p&gt;&lt;p&gt;&lt;b&gt;Kl 9.50-10.45: &amp;nbsp;\u201dUltraljudsv\u00e4gledda biopsier, demo och praktisk \u00f6vning p\u00e5 preparat\u201d.&amp;nbsp;&amp;nbsp;&lt;\/b&gt;Dr Stefan H\u00f6rnlund, Sundsvalls Sjukhus.&lt;\/p&gt;&lt;p&gt;&lt;b&gt;Kl 13.30-15.00: \u201dMuskuloskeletalt ultraljud,&amp;nbsp; fr\u00e4mst \u00f6vre extremitet\u201d.&lt;\/b&gt;&amp;nbsp;Dr David Wilson och Dr Gina Allen, Oxford samt Dr Magnus Hjelm, G\u00e4vle Sjukhus och Dr Johan Krause, Uppsala Akademiska Sjukhus.&lt;\/p&gt;&lt;p&gt;&lt;b&gt;Kl 15.45-16.45:&lt;\/b&gt;&amp;nbsp;&lt;b&gt;\u201dMuskuloskeletalt ultraljud,&amp;nbsp; fr\u00e4mst nedre extremitet\u201d.&lt;\/b&gt;&amp;nbsp;Dr David Wilson och Dr Gina Allen, Oxford samt Dr Magnus Hjelm, G\u00e4vle Sjukhus och Dr Johan Krause, Uppsala Akademiska Sjukhus&lt;b&gt;&lt;\/b&gt;&lt;\/p&gt;&lt;p&gt;&lt;i&gt;&lt;br&gt;&lt;\/i&gt;&lt;\/p&gt; \n                &lt;br&gt;&lt;br&gt;\"\n                data-category=\"Ultraljudsf\u00f6reningens hands-on\"\n                data-category-ids=\"1015\"\n                data-span-all=\"\"\n              >\n\n              \n\n              <div class=\"vertical_bar\" style=\"background-color: #FFCCFF;\"><\/div>\n              <div class=\"box_inner\">\n                                <span>Ultraljudsf\u00f6reningen, Hands-on workshop<\/span>\n               <br>\n               \n               <div class=\"room_div \">\n                 <i class=\"list-room\">Loge 6<\/i>\n               <\/div>\n\n               <div class=\"name_time_div\">\n                <i class=\"list-time\" data-time=\"08:30\">08:30-10:00 - Onsdag 13 september<\/i>\n               <\/div>\n              <\/div>\n             <\/div>\n          <\/div>\n\n          \n          <div class=\"box-wrapper\"\n              data-id=\"1063\">\n\n              <div class='time-header' style='visibility: hidden;'>08:30<\/div>\n\n              <div class=\"box\"\n                data-id=\"1063\"\n                data-project=\"project_276_2017_03_27\"\n                data-title=\"SFR - Utbildningsdag\"\n                data-time=\"08:30-10:00\"\n                data-room=\"Spegelsalen\"\n                data-room-id=\"1006\"\n                data-room-name=\"Spegelsalen\"\n                data-day=\"1\"\n                data-abs-nbr=\"\"\n                data-abs-path=\"\"\n                data-speaker=\"Annika  Lindh Falk; Berith Hedberg; Eva Edstr\u00f6m\"\n                data-speakercell=\"Annika  Lindh Falk; Berith Hedberg; Eva Edstr\u00f6m\"\n                data-info=\"&lt;b&gt;Moderatorer: &lt;\/b&gt;Berit Bj\u00f6rkman&lt;br&gt;&lt;br&gt; \n                 &lt;p&gt;&lt;span style=&quot;font-weight: bold;&quot;&gt;F\u00f6rel\u00e4sare: Annika Lindh Falk, arbetsterapeut Link\u00f6ping&lt;\/span&gt;&lt;br&gt;&lt;br&gt;\u201dDet \u00e4r VI som g\u00f6r det!\u201d Interprofessionell samverkan f\u00f6r kvalitet i h\u00e4lso-och sjukv\u00e5rden&lt;br&gt;&amp;nbsp;Att arbeta tillsammans inom h\u00e4lso-och sjukv\u00e5rden i en Interprofessionell samverkan kan beskrivas som n\u00e4r olika professioner med olika bakgrund arbetar tillsammans med varandra, patienter, n\u00e4rst\u00e5ende \u00f6vriga intressenter f\u00f6r att leverera den h\u00f6gsta kvaliteten p\u00e5 medicin, v\u00e5rd och rehabilitering. Det inneb\u00e4r att dela p\u00e5 ansvar, kunskaper och kompetenser. Interprofessionell kompetens kan inneb\u00e4ra att man f\u00f6rst\u00e5r varandras professionella roller, har respekt f\u00f6r varandra, kommunicerar tydligt och klart s\u00e5 alla f\u00f6rst\u00e5r, l\u00f6ser konflikter som uppst\u00e5r och \u00e4r flexibla. P\u00e5 f\u00f6rel\u00e4sningen problematiserar jag vad detta inneb\u00e4r f\u00f6r v\u00e5rdens medarbetare och patienter&lt;br&gt;&lt;\/p&gt;\n                 &lt;p&gt;&lt;br&gt;&lt;span style=&quot;font-weight: bold;&quot;&gt;F\u00f6rel\u00e4sare: Berith Hedberg &amp;amp; Eva Edstr\u00f6m&lt;br&gt;Interprofessionellt l\u00e4rande i praktiken -&amp;nbsp;ett case-seminarium&lt;\/span&gt;&amp;nbsp;&lt;\/p&gt; \n                 &lt;p&gt;F\u00f6r att alla professioner ska kunna medverka i kvalitetsutvecklingen av den v\u00e5rd och omsorg som sker i den praktiska vardagen \u2013 och att l\u00e4ros\u00e4tena rustar studenterna att vara aktiva i denna utveckling, f\u00f6ruts\u00e4tts kompetens i att bland annat samarbeta i team. Inom professionsutbildningarna m\u00e5ste d\u00e4rf\u00f6r interprofessionellt l\u00e4rande (IPL) ses som en helhet och utg\u00f6ra en r\u00f6d tr\u00e5d genom utbildnings- och kursplanernas l\u00e4randem\u00e5l. &lt;\/p&gt; \n                 &lt;p&gt;Under en interaktiv workshop vill vi tillsammans med deltagarna problematisera t\u00e4nkbara farh\u00e5gor och f\u00f6rhoppningar kring hur l\u00e4ros\u00e4tet kan rusta studenterna f\u00f6r interprofessionell kompetens. &lt;\/p&gt; \n                 &lt;p&gt; &lt;br&gt;&lt;\/p&gt; \n                &lt;br&gt;&lt;br&gt;\"\n                data-category=\"SFR - Svensk F\u00f6rening f\u00f6r R\u00f6ntgensjuksk\u00f6terskor\"\n                data-category-ids=\"1007\"\n                data-span-all=\"\"\n              >\n\n              \n\n              <div class=\"vertical_bar\" style=\"background-color: #33CC66;\"><\/div>\n              <div class=\"box_inner\">\n                                <span>SFR - Utbildningsdag<\/span>\n               <br>\n               <div class=\"lecturer\"><span>Annika  Lindh Falk; Berith Hedberg; Eva Edstr\u00f6m<\/span><\/div>\n               <div class=\"room_div \">\n                 <i class=\"list-room\">Spegelsalen<\/i>\n               <\/div>\n\n               <div class=\"name_time_div\">\n                <i class=\"list-time\" data-time=\"08:30\">08:30-10:00 - Onsdag 13 september<\/i>\n               <\/div>\n              <\/div>\n             <\/div>\n          <\/div>\n\n          \n          <div class=\"box-wrapper\"\n              data-id=\"1061\">\n\n              <div class='time-header' style='visibility: hidden;'>08:30<\/div>\n\n              <div class=\"box\"\n                data-id=\"1061\"\n                data-project=\"project_276_2017_03_27\"\n                data-title=\"Thorax - Allt som g\u00f6r ont i br\u00f6stet \u00e4r inte infarkt.\"\n                data-time=\"08:30-10:00\"\n                data-room=\"Musikalen\"\n                data-room-id=\"1003\"\n                data-room-name=\"Musikalen\"\n                data-day=\"1\"\n                data-abs-nbr=\"\"\n                data-abs-path=\"\"\n                data-speaker=\"Carl Meurling; Emma C Hansson; Olov Duvernoy\"\n                data-speakercell=\"Carl Meurling; Emma C Hansson; Olov Duvernoy\"\n                data-info=\"&lt;b&gt;Moderatorer: &lt;\/b&gt;Lena Jid\u00e9us; Tomas Bjerner&lt;br&gt;&lt;br&gt; \n                 &lt;p&gt;Kardiologens dilemma - feltolkad akut br\u00f6stsm\u00e4rta&lt;br&gt;&lt;em&gt;F\u00f6rel\u00e4sare: Carl Meurling, Lund&lt;\/em&gt;&lt;br&gt;&lt;strong&gt;L\u00e4randem\u00e5l:&lt;\/strong&gt;&amp;nbsp;Hur ska vi behandla n\u00e4r vi \u00e4r os\u00e4kra p\u00e5 infarktdiagnosen?&lt;\/p&gt; \n                 &lt;p&gt;Thoraxkirurgens dilemma - antikoagulantiabehandlad br\u00f6stsm\u00e4rta&lt;br&gt;&lt;em&gt;F\u00f6rel\u00e4sare: Emma C Hansson, G\u00f6teborg&lt;\/em&gt;&lt;br&gt;&lt;strong&gt;L\u00e4randem\u00e5l:&lt;\/strong&gt;&amp;nbsp;Vad h\u00e4nder n\u00e4r vi blir tvungna att operera antikoagulantiabehandlad br\u00f6stsm\u00e4rta?&lt;\/p&gt; \n                 &lt;p&gt;Akut br\u00f6stsm\u00e4rta - diagnostik ur imagingsynvinkel&lt;br&gt;&lt;em&gt;F\u00f6rel\u00e4sare: Olov Duvernoy, Uppsala&lt;\/em&gt;&lt;br&gt;&lt;strong&gt;L\u00e4randem\u00e5l:&lt;\/strong&gt;&amp;nbsp;Imaging vid oklar br\u00f6stsm\u00e4rta,&amp;nbsp;vad s\u00e4ger litteraturen?&lt;br&gt;&amp;nbsp;&lt;\/p&gt; \n                &lt;br&gt;&lt;br&gt;\"\n                data-category=\"SFMR - Delf\u00f6reningar\"\n                data-category-ids=\"1006\"\n                data-span-all=\"\"\n              >\n\n              \n\n              <div class=\"vertical_bar\" style=\"background-color: #6699CC;\"><\/div>\n              <div class=\"box_inner\">\n                                <span>Thorax - Allt som g\u00f6r ont i br\u00f6stet \u00e4r inte infarkt.<\/span>\n               <br>\n               <div class=\"lecturer\"><span>Carl Meurling; Emma C Hansson; Olov Duvernoy<\/span><\/div>\n               <div class=\"room_div \">\n                 <i class=\"list-room\">Musikalen<\/i>\n               <\/div>\n\n               <div class=\"name_time_div\">\n                <i class=\"list-time\" data-time=\"08:30\">08:30-10:00 - Onsdag 13 september<\/i>\n               <\/div>\n              <\/div>\n             <\/div>\n          <\/div>\n\n          \n          <div class=\"box-wrapper\"\n              data-id=\"1074\">\n\n              <div class='time-header' style='visibility: hidden;'>08:30<\/div>\n\n              <div class=\"box\"\n                data-id=\"1074\"\n                data-project=\"project_276_2017_03_27\"\n                data-title=\"RAM-kurs\"\n                data-time=\"08:30-10:00\"\n                data-room=\"Loge 5\"\n                data-room-id=\"1016\"\n                data-room-name=\"Loge 5\"\n                data-day=\"1\"\n                data-abs-nbr=\"\"\n                data-abs-path=\"\"\n                data-speaker=\"Staffan Wirell; Anders von Heijne; Marcus Casselgren; Charalampos Georgiopoulos; Kada Karlsson; Joar Bj\u00f6rk\"\n                data-speakercell=\"Staffan Wirell; Anders von Heijne; Marcus Casselgren; Charalampos Georgiopoulos; Kada Karlsson; Joar Bj\u00f6rk\"\n                data-info=\"\"\n                data-category=\"RAM-kurs\"\n                data-category-ids=\"1016\"\n                data-span-all=\"\"\n              >\n\n              \n\n              <div class=\"vertical_bar\" style=\"background-color: #66FFCC;\"><\/div>\n              <div class=\"box_inner\">\n                                <span>RAM-kurs<\/span>\n               <br>\n               <div class=\"lecturer\"><span>Staffan Wirell; Anders von Heijne; Marcus Casselgren; Charalampos Georgiopoulos; Kada Karlsson; Joar Bj\u00f6rk<\/span><\/div>\n               <div class=\"room_div \">\n                 <i class=\"list-room\">Loge 5<\/i>\n               <\/div>\n\n               <div class=\"name_time_div\">\n                <i class=\"list-time\" data-time=\"08:30\">08:30-10:00 - Onsdag 13 september<\/i>\n               <\/div>\n              <\/div>\n             <\/div>\n          <\/div>\n\n          \n          <div class=\"box-wrapper\"\n              data-id=\"1062\">\n\n              <div class='time-header' style='visibility: hidden;'>08:30<\/div>\n\n              <div class=\"box\"\n                data-id=\"1062\"\n                data-project=\"project_276_2017_03_27\"\n                data-title=\"ST-kurs Barn\"\n                data-time=\"08:30-10:00\"\n                data-room=\"Operan\"\n                data-room-id=\"1004\"\n                data-room-name=\"Operan\"\n                data-day=\"1\"\n                data-abs-nbr=\"\"\n                data-abs-path=\"\"\n                data-speaker=\"\"\n                data-speakercell=\"\"\n                data-info=\"&lt;p&gt;&lt;a href=&quot;http:\/\/www.trippus.se\/eventus\/userfiles\/86276.pdf&quot;&gt;L\u00e4s mer h\u00e4r!&amp;nbsp;&lt;\/a&gt;&lt;\/p&gt;&lt;p&gt;&lt;a href=&quot;http:\/\/www.trippus.se\/eventus\/userfiles\/86275.pdf&quot;&gt;Schema&amp;nbsp;&lt;\/a&gt;&lt;\/p&gt;&lt;p&gt;&lt;a href=&quot;http:\/\/www.trippus.se\/eventus\/userfiles\/86290.pdf&quot;&gt;Barnmisshandel&lt;\/a&gt;&lt;a href=&quot;http:\/\/www.trippus.se\/eventus\/userfiles\/86276.pdf&quot;&gt;&lt;\/a&gt;&lt;\/p&gt;&lt;br&gt;&lt;br&gt;\"\n                data-category=\"ST-kurser \/ Ungt forum\"\n                data-category-ids=\"1005\"\n                data-span-all=\"\"\n              >\n\n              \n\n              <div class=\"vertical_bar\" style=\"background-color: #99FFFF;\"><\/div>\n              <div class=\"box_inner\">\n                                <span>ST-kurs Barn<\/span>\n               <br>\n               \n               <div class=\"room_div \">\n                 <i class=\"list-room\">Operan<\/i>\n               <\/div>\n\n               <div class=\"name_time_div\">\n                <i class=\"list-time\" data-time=\"08:30\">08:30-10:00 - Onsdag 13 september<\/i>\n               <\/div>\n              <\/div>\n             <\/div>\n          <\/div>\n\n          \n          <div class=\"box-wrapper\"\n              data-id=\"1085\">\n\n              <div class='time-header'>10:00<\/div>\n\n              <div class=\"box\"\n                data-id=\"1085\"\n                data-project=\"project_276_2017_03_27\"\n                data-title=\"Studiebes\u00f6k Mammografi\"\n                data-time=\"10:00-11:30\"\n                data-room=\"Br\u00f6stenheten, US\"\n                data-room-id=\"1019\"\n                data-room-name=\"Br\u00f6stenheten, US\"\n                data-day=\"1\"\n                data-abs-nbr=\"\"\n                data-abs-path=\"\"\n                data-speaker=\"\"\n                data-speakercell=\"\"\n                data-info=\"                  &lt;p&gt;Studiebes\u00f6k p\u00e5 Br\u00f6stenheten&amp;nbsp; Mammografi i Link\u00f6ping Studiebes\u00f6ket sker den 13\/9 kl 10-11.30. Drop-in. Du v\u00e4ljer sj\u00e4lv n\u00e4r du kommer under den h\u00e4r tiden. F\u00d6RANM\u00c4LAN KR\u00c4VS&lt;br&gt;&lt;br&gt;Tv\u00e5 workshops kommer att erbjudas p\u00e5 US f\u00f6r &amp;nbsp;de som anm\u00e4lt sig om ABUS (atuomatiserad ultraljud av br\u00f6st) och vakuum biopsi.&lt;br&gt;&lt;br&gt;Hitta hit: Universitetssjukhuset i Link\u00f6ping, Onkolog huset ing\u00e5ng 34, plan 10, v\u00e4ntrum C&lt;br&gt;&lt;\/p&gt;                 &lt;br&gt;&lt;br&gt;\"\n                data-category=\"SFR - Svensk F\u00f6rening f\u00f6r R\u00f6ntgensjuksk\u00f6terskor\"\n                data-category-ids=\"1007\"\n                data-span-all=\"\"\n              >\n\n              \n\n              <div class=\"vertical_bar\" style=\"background-color: #33CC66;\"><\/div>\n              <div class=\"box_inner\">\n                                <span>Studiebes\u00f6k Mammografi<\/span>\n               <br>\n               \n               <div class=\"room_div \">\n                 <i class=\"list-room\">Br\u00f6stenheten, US<\/i>\n               <\/div>\n\n               <div class=\"name_time_div\">\n                <i class=\"list-time\" data-time=\"10:00\">10:00-11:30 - Onsdag 13 september<\/i>\n               <\/div>\n              <\/div>\n             <\/div>\n          <\/div>\n\n          \n          <div class=\"box-wrapper\"\n              data-id=\"1182\">\n\n              <div class='time-header' style='visibility: hidden;'>10:00<\/div>\n\n              <div class=\"box\"\n                data-id=\"1182\"\n                data-project=\"project_276_2017_03_27\"\n                data-title=\"Fika & Utst\u00e4llning\"\n                data-time=\"10:00-10:45\"\n                data-room=\"-Ej specificerad-\"\n                data-room-id=\"-1\"\n                data-room-name=\"-Ej specificerad-\"\n                data-day=\"1\"\n                data-abs-nbr=\"\"\n                data-abs-path=\"\"\n                data-speaker=\"\"\n                data-speakercell=\"\"\n                data-info=\"\"\n                data-category=\"\"\n                data-category-ids=\"\"\n                data-span-all=\"\"\n              >\n\n              \n\n              <div class=\"vertical_bar\" style=\"background-color: rgba(255, 255, 255, 0);\"><\/div>\n              <div class=\"box_inner\">\n                                <span>Fika & Utst\u00e4llning<\/span>\n               <br>\n               \n               <div class=\"room_div \">\n                 <i class=\"list-room\">-Ej specificerad-<\/i>\n               <\/div>\n\n               <div class=\"name_time_div\">\n                <i class=\"list-time\" data-time=\"10:00\">10:00-10:45 - Onsdag 13 september<\/i>\n               <\/div>\n              <\/div>\n             <\/div>\n          <\/div>\n\n          \n          <div class=\"box-wrapper\"\n              data-id=\"1084\">\n\n              <div class='time-header' style='visibility: hidden;'>10:00<\/div>\n\n              <div class=\"box\"\n                data-id=\"1084\"\n                data-project=\"project_276_2017_03_27\"\n                data-title=\"SFMR m\u00f6ter delf\u00f6reningarna i Norden\"\n                data-time=\"10:00-10:45\"\n                data-room=\"Noten\/Takten\/Accenten\/Reprisen\"\n                data-room-id=\"1017\"\n                data-room-name=\"Noten\/Takten\/Accenten\/Reprisen\"\n                data-day=\"1\"\n                data-abs-nbr=\"\"\n                data-abs-path=\"\"\n                data-speaker=\"\"\n                data-speakercell=\"\"\n                data-info=\"\"\n                data-category=\"SFMR - Delf\u00f6reningar\"\n                data-category-ids=\"1006\"\n                data-span-all=\"\"\n              >\n\n              \n\n              <div class=\"vertical_bar\" style=\"background-color: #6699CC;\"><\/div>\n              <div class=\"box_inner\">\n                                <span>SFMR m\u00f6ter delf\u00f6reningarna i Norden<\/span>\n               <br>\n               \n               <div class=\"room_div \">\n                 <i class=\"list-room\">Noten\/Takten\/Accenten\/Reprisen<\/i>\n               <\/div>\n\n               <div class=\"name_time_div\">\n                <i class=\"list-time\" data-time=\"10:00\">10:00-10:45 - Onsdag 13 september<\/i>\n               <\/div>\n              <\/div>\n             <\/div>\n          <\/div>\n\n          \n          <div class=\"box-wrapper\"\n              data-id=\"1083\">\n\n              <div class='time-header'>10:45<\/div>\n\n              <div class=\"box\"\n                data-id=\"1083\"\n                data-project=\"project_276_2017_03_27\"\n                data-title=\"RAM-kurs\"\n                data-time=\"10:45-12:15\"\n                data-room=\"Loge 5\"\n                data-room-id=\"1016\"\n                data-room-name=\"Loge 5\"\n                data-day=\"1\"\n                data-abs-nbr=\"\"\n                data-abs-path=\"\"\n                data-speaker=\"Staffan Wirell; Anders von Heijne; Charalampos Georgiopoulos; Joar Bj\u00f6rk; Kada Karlsson; Marcus Casselgren\"\n                data-speakercell=\"Staffan Wirell; Anders von Heijne; Charalampos Georgiopoulos; Joar Bj\u00f6rk; Kada Karlsson; Marcus Casselgren\"\n                data-info=\"\"\n                data-category=\"RAM-kurs\"\n                data-category-ids=\"1016\"\n                data-span-all=\"\"\n              >\n\n              \n\n              <div class=\"vertical_bar\" style=\"background-color: #66FFCC;\"><\/div>\n              <div class=\"box_inner\">\n                                <span>RAM-kurs<\/span>\n               <br>\n               <div class=\"lecturer\"><span>Staffan Wirell; Anders von Heijne; Charalampos Georgiopoulos; Joar Bj\u00f6rk; Kada Karlsson; Marcus Casselgren<\/span><\/div>\n               <div class=\"room_div \">\n                 <i class=\"list-room\">Loge 5<\/i>\n               <\/div>\n\n               <div class=\"name_time_div\">\n                <i class=\"list-time\" data-time=\"10:45\">10:45-12:15 - Onsdag 13 september<\/i>\n               <\/div>\n              <\/div>\n             <\/div>\n          <\/div>\n\n          \n          <div class=\"box-wrapper\"\n              data-id=\"1076\">\n\n              <div class='time-header' style='visibility: hidden;'>10:45<\/div>\n\n              <div class=\"box\"\n                data-id=\"1076\"\n                data-project=\"project_276_2017_03_27\"\n                data-title=\"SFRU - Mediyoga\"\n                data-time=\"10:45-12:15\"\n                data-room=\"Musikalen\"\n                data-room-id=\"1003\"\n                data-room-name=\"Musikalen\"\n                data-day=\"1\"\n                data-abs-nbr=\"\"\n                data-abs-path=\"\"\n                data-speaker=\"Marie Lundberg\"\n                data-speakercell=\"Marie Lundberg\"\n                data-info=\"&lt;b&gt;Moderatorer: &lt;\/b&gt;Eva-Lena Gr\u00f6nberg-Nyberg&lt;br&gt;&lt;br&gt; \n                 &lt;p&gt;&lt;em&gt;Marie Lundberg, sjuksk\u00f6terska&lt;\/em&gt;&amp;nbsp;- ber\u00e4ttar om sin personliga resa, hur hon med hj\u00e4lp av Mediyoga tr\u00e4nade upp sin kropp mentalt och fysiskt efter en cykelolycka.&lt;br&gt;&lt;\/p&gt; \n                &lt;br&gt;&lt;br&gt;\"\n                data-category=\"SFRU - Svensk F\u00f6rening f\u00f6r R\u00f6ntgenundersk\u00f6terskor\"\n                data-category-ids=\"1010\"\n                data-span-all=\"\"\n              >\n\n              \n\n              <div class=\"vertical_bar\" style=\"background-color: #FFFF33;\"><\/div>\n              <div class=\"box_inner\">\n                                <span>SFRU - Mediyoga<\/span>\n               <br>\n               <div class=\"lecturer\"><span>Marie Lundberg<\/span><\/div>\n               <div class=\"room_div \">\n                 <i class=\"list-room\">Musikalen<\/i>\n               <\/div>\n\n               <div class=\"name_time_div\">\n                <i class=\"list-time\" data-time=\"10:45\">10:45-12:15 - Onsdag 13 september<\/i>\n               <\/div>\n              <\/div>\n             <\/div>\n          <\/div>\n\n          \n          <div class=\"box-wrapper\"\n              data-id=\"1077\">\n\n              <div class='time-header' style='visibility: hidden;'>10:45<\/div>\n\n              <div class=\"box\"\n                data-id=\"1077\"\n                data-project=\"project_276_2017_03_27\"\n                data-title=\"ST-kurs Barn\"\n                data-time=\"10:45-12:15\"\n                data-room=\"Operan\"\n                data-room-id=\"1004\"\n                data-room-name=\"Operan\"\n                data-day=\"1\"\n                data-abs-nbr=\"\"\n                data-abs-path=\"\"\n                data-speaker=\"\"\n                data-speakercell=\"\"\n                data-info=\"\"\n                data-category=\"ST-kurser \/ Ungt forum\"\n                data-category-ids=\"1005\"\n                data-span-all=\"\"\n              >\n\n              \n\n              <div class=\"vertical_bar\" style=\"background-color: #99FFFF;\"><\/div>\n              <div class=\"box_inner\">\n                                <span>ST-kurs Barn<\/span>\n               <br>\n               \n               <div class=\"room_div \">\n                 <i class=\"list-room\">Operan<\/i>\n               <\/div>\n\n               <div class=\"name_time_div\">\n                <i class=\"list-time\" data-time=\"10:45\">10:45-12:15 - Onsdag 13 september<\/i>\n               <\/div>\n              <\/div>\n             <\/div>\n          <\/div>\n\n          \n          <div class=\"box-wrapper\"\n              data-id=\"1078\">\n\n              <div class='time-header' style='visibility: hidden;'>10:45<\/div>\n\n              <div class=\"box\"\n                data-id=\"1078\"\n                data-project=\"project_276_2017_03_27\"\n                data-title=\"SFMR - Kontrastmedelssession II\"\n                data-time=\"10:45-12:15\"\n                data-room=\"Kulturen\"\n                data-room-id=\"1008\"\n                data-room-name=\"Kulturen\"\n                data-day=\"1\"\n                data-abs-nbr=\"\"\n                data-abs-path=\"\"\n                data-speaker=\"H\u00e5kan Ahlstr\u00f6m; Per Liss; Ulf Nyman; Niklas Lundqvist; Peter Leander\"\n                data-speakercell=\"H\u00e5kan Ahlstr\u00f6m; Per Liss; Ulf Nyman; Niklas Lundqvist; Peter Leander\"\n                data-info=\"&lt;b&gt;Moderatorer: &lt;\/b&gt;Per Liss&lt;br&gt;&lt;br&gt; \n                 &lt;p&gt;SFMR - Kontrastmedelssession II&lt;br&gt;&lt;br&gt;&lt;em&gt;Moderator: Per Liss&lt;\/em&gt;&lt;br&gt;&lt;br&gt;1. Gadoliniuminlagringar. Aktuellt fr\u00e5n europeiska l\u00e4kemedelsmyndigheten.&amp;nbsp;&lt;em&gt;H\u00e5kan Ahlstr\u00f6m&amp;nbsp;&lt;\/em&gt;&lt;br&gt;2. Dokumentation av kontrastmedelsreaktioner.&amp;nbsp;&lt;em&gt;Per Liss och Ulf Nyman&lt;\/em&gt;&amp;nbsp;&lt;br&gt;3. Strukturerade rapporter vid \u00f6verk\u00e4nslighetsreaktioner.&amp;nbsp;&lt;em&gt;Niklas Lundqvist&lt;\/em&gt;&lt;br&gt;4. Patientinformation vid \u00f6verk\u00e4nslighetsreaktioner.&amp;nbsp;&lt;em&gt;Peter Leander&lt;\/em&gt;&lt;br&gt;&lt;br&gt;P\u00e5 f\u00f6rra \u00e5rets R\u00f6ntgenvecka startades ett arbete runt rutiner vid kontrastmedelsreaktioner. Detta kommer nu att redovisas under de 2 sessionerna. D\u00e5 de svenska rekommendationerna bygger till st\u00f6rsta del p\u00e5 andra internationella sammanslutningars riktlinjer kommer ocks\u00e5 en redovisning att ske p\u00e5 vad som \u00e4r nytt inom omr\u00e5det och hur andra riktlinjer har \u00e4ndrats. Nu under v\u00e5ren kom europeiska l\u00e4kemedelsmyndigheten med varningar f\u00f6r vissa gadoliniumkontrastmedel d\u00e4r slutresultatet f\u00f6r n\u00e4rvarande inte riktigt \u00e4r klart. Hur l\u00e5ngt detta har kommit kommer att diskuteras. Under n\u00e5gra \u00e5r har nu ocks\u00e5 ett par grupper publicerat resultat att kontrastmedel inte p\u00e5verkar njurarna i den omfattning som tidigare riktlinjer har tagit h\u00e4nsyn till. Detta kommer att redovisas. Likas\u00e5 har det skett f\u00f6r\u00e4ndringar f\u00f6r uts\u00e4ttande av Metformin i samband med anv\u00e4ndande av kontrastmedel. Slutligen kommer vi att ge rekommendationer hur en kontrastmedelsreaktion skall dokumenteras och vilka krav som finns fr\u00e5n L\u00e4kemedelsverket. I detta ing\u00e5r ocks\u00e5 hur en patient som har reagerat p\u00e5 kontrastmedel skall hanteras vid ett kommande tillf\u00e4lle d\u00e5 vi avser att \u00e5ter ge kontrastmedel.&lt;br&gt;&lt;\/p&gt; \n                &lt;br&gt;&lt;br&gt;\"\n                data-category=\"SFMR - Svensk F\u00f6rening f\u00f6r Medicinsk Radiologi\"\n                data-category-ids=\"1004\"\n                data-span-all=\"\"\n              >\n\n              \n\n              <div class=\"vertical_bar\" style=\"background-color: #0099FF;\"><\/div>\n              <div class=\"box_inner\">\n                                <span>SFMR - Kontrastmedelssession II<\/span>\n               <br>\n               <div class=\"lecturer\"><span>H\u00e5kan Ahlstr\u00f6m; Per Liss; Ulf Nyman; Niklas Lundqvist; Peter Leander<\/span><\/div>\n               <div class=\"room_div \">\n                 <i class=\"list-room\">Kulturen<\/i>\n               <\/div>\n\n               <div class=\"name_time_div\">\n                <i class=\"list-time\" data-time=\"10:45\">10:45-12:15 - Onsdag 13 september<\/i>\n               <\/div>\n              <\/div>\n             <\/div>\n          <\/div>\n\n          \n          <div class=\"box-wrapper\"\n              data-id=\"1080\">\n\n              <div class='time-header' style='visibility: hidden;'>10:45<\/div>\n\n              <div class=\"box\"\n                data-id=\"1080\"\n                data-project=\"project_276_2017_03_27\"\n                data-title=\"SFFR - \u00c5rsm\u00f6te\"\n                data-time=\"10:45-12:15\"\n                data-room=\"Solot\"\n                data-room-id=\"1012\"\n                data-room-name=\"Solot\"\n                data-day=\"1\"\n                data-abs-nbr=\"\"\n                data-abs-path=\"\"\n                data-speaker=\"\"\n                data-speakercell=\"\"\n                data-info=\"\"\n                data-category=\"SFFR - Svensk F\u00f6rening f\u00f6r R\u00f6ntgensekreterare\"\n                data-category-ids=\"1012\"\n                data-span-all=\"\"\n              >\n\n              \n\n              <div class=\"vertical_bar\" style=\"background-color: #FF66FF;\"><\/div>\n              <div class=\"box_inner\">\n                                <span>SFFR - \u00c5rsm\u00f6te<\/span>\n               <br>\n               \n               <div class=\"room_div \">\n                 <i class=\"list-room\">Solot<\/i>\n               <\/div>\n\n               <div class=\"name_time_div\">\n                <i class=\"list-time\" data-time=\"10:45\">10:45-12:15 - Onsdag 13 september<\/i>\n               <\/div>\n              <\/div>\n             <\/div>\n          <\/div>\n\n          \n          <div class=\"box-wrapper\"\n              data-id=\"1079\">\n\n              <div class='time-header' style='visibility: hidden;'>10:45<\/div>\n\n              <div class=\"box\"\n                data-id=\"1079\"\n                data-project=\"project_276_2017_03_27\"\n                data-title=\"MTF - Nya Akutkliniken US\"\n                data-time=\"10:45-12:15\"\n                data-room=\"Backstage\"\n                data-room-id=\"1005\"\n                data-room-name=\"Backstage\"\n                data-day=\"1\"\n                data-abs-nbr=\"\"\n                data-abs-path=\"\"\n                data-speaker=\"Lars Carlsson; Nils  Ahlberg; Linda Andersson\"\n                data-speakercell=\"Lars Carlsson; Nils  Ahlberg; Linda Andersson\"\n                data-info=\"&lt;b&gt;Moderatorer: &lt;\/b&gt;Tobias Lindbergh&lt;br&gt;&lt;br&gt; \n                 &lt;p&gt;Abstract \u2013 Nya Akutkliniken US&lt;\/p&gt; \n                 &lt;p&gt;F\u00f6rel\u00e4sare: &lt;br&gt;Nils Ahlberg, Objekt- och tj\u00e4nste\u00e4gare Medicinsk teknik och IT, Region \u00d6sterg\u00f6tland &lt;br&gt;Lars Carlsson, Program\u00e4gare Medicinsk teknik f\u00f6r v\u00e5rd &amp;amp; FoU, Stockholms L\u00e4ns Landsting &lt;br&gt;Linda Andersson, sakkunnig innovationsupphandling, Stockholms L\u00e4ns Landsting &lt;br&gt;&lt;br&gt;Moderator: Tobias Lindbergh, Projektledare Medicinsk teknik och IT, Region \u00d6sterg\u00f6tland&lt;\/p&gt; \n                 &lt;p&gt;F\u00f6rel\u00e4sning som i den f\u00f6rsta delen (Nils Ahlberg) tar upp de tekniska aspekterna (IT-infrastruktur, MT, bygg) vid flytten\/nybyggnationen av Akutkliniken vid Link\u00f6pings Universitetssjukhus. Den nya akutmottagningen har skr\u00e4ddarsytts f\u00f6r ett patientcentrerat arbetsfl\u00f6de; ambulansintag, koordinations&quot;desk&quot;, traumarum, akutr\u00f6ntgen, centralt bel\u00e4gen hisstransport f\u00f6r snabb f\u00f6rflyttning till bl.a. operation.&lt;\/p&gt; \n                 &lt;p&gt;Den andra delen av f\u00f6rel\u00e4sningen h\u00e5lls av Lars Carlsson (Nya Karolinska sjukhuset; NKS), som delger erfarenheter inom motsvarande omr\u00e5den fr\u00e5n bygget av Akutkliniken vid NKS, samt Linda Andersson, som arbetar som sakkunnig inom innovationsupphandlingar.&lt;\/p&gt; \n                &lt;br&gt;&lt;br&gt;\"\n                data-category=\"MTF - Svensk f\u00f6rening f\u00f6r Medicinsk Teknik och Fysik\"\n                data-category-ids=\"1009\"\n                data-span-all=\"\"\n              >\n\n              \n\n              <div class=\"vertical_bar\" style=\"background-color: #CCCC66;\"><\/div>\n              <div class=\"box_inner\">\n                                <span>MTF - Nya Akutkliniken US<\/span>\n               <br>\n               <div class=\"lecturer\"><span>Lars Carlsson; Nils  Ahlberg; Linda Andersson<\/span><\/div>\n               <div class=\"room_div \">\n                 <i class=\"list-room\">Backstage<\/i>\n               <\/div>\n\n               <div class=\"name_time_div\">\n                <i class=\"list-time\" data-time=\"10:45\">10:45-12:15 - Onsdag 13 september<\/i>\n               <\/div>\n              <\/div>\n             <\/div>\n          <\/div>\n\n          \n          <div class=\"box-wrapper\"\n              data-id=\"1075\">\n\n              <div class='time-header' style='visibility: hidden;'>10:45<\/div>\n\n              <div class=\"box\"\n                data-id=\"1075\"\n                data-project=\"project_276_2017_03_27\"\n                data-title=\"Keynote tema thorax samt paneldebatt\"\n                data-time=\"10:45-12:15\"\n                data-room=\"Crusellhallen\"\n                data-room-id=\"1002\"\n                data-room-name=\"Crusellhallen\"\n                data-day=\"1\"\n                data-abs-nbr=\"\"\n                data-abs-path=\"\"\n                data-speaker=\"Anders Persson; Helen Milde; Monica Segelsj\u00f6; M\u00e5rten  Sandstedt; Caroline Berntsson; Kerstin Cederlund; Olov Duvernoy\"\n                data-speakercell=\"Anders Persson; Helen Milde; Monica Segelsj\u00f6; M\u00e5rten  Sandstedt; Caroline Berntsson; Kerstin Cederlund; Olov Duvernoy\"\n                data-info=\"&lt;b&gt;Moderatorer: &lt;\/b&gt;Tomas Bjerner&lt;br&gt;&lt;br&gt; \n                 &lt;p&gt;Pga sjukdom har Prof Becker tyv\u00e4rr f\u00e5tt l\u00e4mna \u00e5terbud.&lt;br&gt;I st\u00e4llet kommer Prof Anders Persson att f\u00f6rel\u00e4sa:&lt;\/p&gt;\n                 &lt;p&gt;10.45 - 11.30&amp;nbsp;Datortomografi hj\u00e4rta fr\u00e5n morfologiska bilder idag &amp;nbsp;till funktionella fl\u00f6des 4D-bilder i morgon.&lt;br&gt;&lt;\/p&gt;\n                 &lt;p&gt;&lt;em&gt;Prof Anders Persson, CMIV, Link\u00f6ping&lt;\/em&gt;&lt;\/p&gt; \n                 &lt;p&gt;11.30 - 12.15 Paneldebatt: Vilka ska arbeta med datortomografi hj\u00e4rta i framtiden?&lt;\/p&gt; \n                &lt;br&gt;&lt;br&gt;\"\n                data-category=\"Vetenskapligt program\"\n                data-category-ids=\"1002\"\n                data-span-all=\"\"\n              >\n\n              \n\n              <div class=\"vertical_bar\" style=\"background-color: #FF3333;\"><\/div>\n              <div class=\"box_inner\">\n                                <span>Keynote tema thorax samt paneldebatt<\/span>\n               <br>\n               <div class=\"lecturer\"><span>Anders Persson; Helen Milde; Monica Segelsj\u00f6; M\u00e5rten  Sandstedt; Caroline Berntsson; Kerstin Cederlund; Olov Duvernoy<\/span><\/div>\n               <div class=\"room_div \">\n                 <i class=\"list-room\">Crusellhallen<\/i>\n               <\/div>\n\n               <div class=\"name_time_div\">\n                <i class=\"list-time\" data-time=\"10:45\">10:45-12:15 - Onsdag 13 september<\/i>\n               <\/div>\n              <\/div>\n             <\/div>\n          <\/div>\n\n          \n          <div class=\"box-wrapper\"\n              data-id=\"1082\">\n\n              <div class='time-header' style='visibility: hidden;'>10:45<\/div>\n\n              <div class=\"box\"\n                data-id=\"1082\"\n                data-project=\"project_276_2017_03_27\"\n                data-title=\"Ultraljudsf\u00f6reningen, Hands-on workshop\"\n                data-time=\"10:45-12:15\"\n                data-room=\"Loge 6\"\n                data-room-id=\"1015\"\n                data-room-name=\"Loge 6\"\n                data-day=\"1\"\n                data-abs-nbr=\"\"\n                data-abs-path=\"\"\n                data-speaker=\"\"\n                data-speakercell=\"\"\n                data-info=\"\n                 &lt;p&gt;Workshops, handson och demonstrationer av ultraljud&lt;\/p&gt;&lt;p&gt;&lt;i&gt;Okej, vi erk\u00e4nner \u2013 vi \u00e4r ett g\u00e4ng ultraljudsn\u00f6rdar som \u00e5terstartat SFMU. P\u00e5 R\u00f6ntgenveckan hittar vi ocks\u00e5 de allra senaste ultraljudsmaskinerna, det \u00e4r rena julaftonen!&lt;br&gt;&lt;\/i&gt;&lt;i&gt;F\u00f6r att sprida v\u00e5r entusiasm \u00f6ver ultraljud har vi sessioner i Loge 4+6 p\u00e5 R\u00f6ntgenveckan, d\u00e4r vi kan tr\u00e4na ultraljud p\u00e5 riktigt. H\u00e4ng p\u00e5 n\u00e4r vi visar upp v\u00e5ra favoritunders\u00f6kningar!&lt;br&gt;&lt;\/i&gt;&lt;i&gt;OBS- ingen bokning, f\u00f6rst till kvarn g\u00e4ller ... V\u00e4lkomna!&lt;\/i&gt;&lt;\/p&gt;&lt;p&gt;&lt;i&gt;Bli medlem? &amp;nbsp;Maila: sfmu.sfmu@gmail.com&lt;br&gt;&lt;\/i&gt;&lt;\/p&gt;&lt;p&gt;&lt;b&gt;Tisdag 12 sept:&lt;\/b&gt;&lt;\/p&gt;&lt;p&gt;&lt;b&gt;Kl 12.45-13.30: Muskuloskeletalt ultraljud, ffa axlar.&amp;nbsp;&amp;nbsp;&lt;\/b&gt;Dr Laszlo Toth, Hudiksvalls Sjukhus&lt;\/p&gt;&lt;p&gt;&lt;\/p&gt;&lt;p&gt;&lt;b&gt;Kl 13.30-16.45 Biopsitr\u00e4ning p\u00e5 preparat\u2013 enbart f\u00f6r deltagare p\u00e5 ST-kurs i ultraljudsv\u00e4gledda punktioner.&lt;br&gt;&lt;br&gt;&lt;\/b&gt;&lt;\/p&gt;&lt;p&gt;&lt;b&gt;Onsdag 13 sept:&lt;\/b&gt;&lt;\/p&gt;&lt;p&gt;&lt;b&gt;Kl 8.30-9.45: \u201dAkut ultraljud \u2013 EFAST, POCUS, och annat man g\u00f6r p\u00e5 akutrummet\u2026\u201d&amp;nbsp;&lt;\/b&gt;Dr Jesper Danielsson, St G\u00f6rans Sjukhus&lt;\/p&gt;&lt;p&gt;&lt;b&gt;Kl 8.30-9.45: \u201dLeverelastografi, demo och hands-on&lt;\/b&gt;\u201d. Sonograf Marie Byenfeldt, \u00d6stersunds Sjukhus.&lt;\/p&gt;&lt;p&gt;&lt;b&gt;Kl 10.00-11.00: \u00c5rsm\u00f6te SFMU&lt;\/b&gt;&lt;\/p&gt;&lt;p&gt;&lt;b&gt;Kl 11.00-12.15 : \u201dFria fl\u00f6den? Doppler av perifera och centrala blodk\u00e4rl\u201d.&amp;nbsp;&lt;\/b&gt;&amp;nbsp;Dr Kristina Dahlstr\u00f6m, Faluns Sjukhus&lt;b&gt;&lt;\/b&gt;&lt;\/p&gt;&lt;p&gt;&lt;b&gt;Kl 11.00-12.15: : \u201dMuskuloskeletalt ultraljud, ffa axlar\u201d.&amp;nbsp;&lt;\/b&gt;Dr Laszlo Toth, Hudiksvalls Sjukhus&lt;b&gt;&lt;\/b&gt;&lt;\/p&gt;&lt;p&gt;&lt;b&gt;13.30-14.45: \u201dBiopsitr\u00e4ning \u2013 ultraljudsv\u00e4gledda punktioner, demonstration och praktisk \u00f6vning p\u00e5 preparat\u201d.&lt;\/b&gt;&amp;nbsp;Dr Stefan H\u00f6rnlund, Sundsvalls sjukhus&lt;\/p&gt;&lt;p&gt;&lt;b&gt;13.30-14.45 \u201dSonograf? Prova-p\u00e5-ultraljud f\u00f6r nyfikna r\u00f6ntgensjuksk\u00f6terskor\u201d.&lt;\/b&gt;&amp;nbsp;Sonograf Karin Asplund, Astrid Lindgrens Barnsjukhus&lt;\/p&gt;&lt;p&gt;&lt;b&gt;Kl 15.45-16.45: \u201dFusion av MR-buk och ultraljud, demonstration live och praktisk&amp;nbsp;&lt;\/b&gt;\u00f6vning\u201d.&amp;nbsp;&amp;nbsp; Dr Sara Sehlstedt, \u00d6stersunds Sjukhus&lt;\/p&gt;&lt;p&gt;&lt;b&gt;Kl 15.45-16.45&lt;\/b&gt;:&amp;nbsp;&lt;b&gt;\u201dSonograf? Prova-p\u00e5-ultraljud f\u00f6r nyfikna r\u00f6ntgensjuksk\u00f6terskor\u201d.&amp;nbsp;&lt;\/b&gt;Sonograf Maria Zetterman, Astrid Lindgrens Barnsjukhus&lt;br&gt;&lt;br&gt;Torsdag 14 sept.&lt;\/p&gt;&lt;p&gt;&lt;b&gt;Kl 9.50-10.45: &amp;nbsp;\u201dUltraljudsv\u00e4gledda biopsier, demo och praktisk \u00f6vning p\u00e5 preparat\u201d.&amp;nbsp;&amp;nbsp;&lt;\/b&gt;Dr Stefan H\u00f6rnlund, Sundsvalls Sjukhus.&lt;\/p&gt;&lt;p&gt;&lt;b&gt;Kl 13.30-15.00: \u201dMuskuloskeletalt ultraljud,&amp;nbsp; fr\u00e4mst \u00f6vre extremitet\u201d.&lt;\/b&gt;&amp;nbsp;Dr David Wilson och Dr Gina Allen, Oxford samt Dr Magnus Hjelm, G\u00e4vle Sjukhus och Dr Johan Krause, Uppsala Akademiska Sjukhus.&lt;\/p&gt;&lt;p&gt;&lt;b&gt;Kl 15.45-16.45:&lt;\/b&gt;&amp;nbsp;&lt;b&gt;\u201dMuskuloskeletalt ultraljud,&amp;nbsp; fr\u00e4mst nedre extremitet\u201d.&lt;\/b&gt;&amp;nbsp;Dr David Wilson och Dr Gina Allen, Oxford samt Dr Magnus Hjelm, G\u00e4vle Sjukhus och Dr Johan Krause, Uppsala Akademiska Sjukhus&lt;b&gt;&lt;\/b&gt;&lt;\/p&gt;&lt;p&gt;&lt;i&gt;&lt;br&gt;&lt;\/i&gt;&lt;\/p&gt;\n                &lt;br&gt;&lt;br&gt;\"\n                data-category=\"Ultraljudsf\u00f6reningens hands-on\"\n                data-category-ids=\"1015\"\n                data-span-all=\"\"\n              >\n\n              \n\n              <div class=\"vertical_bar\" style=\"background-color: #FFCCFF;\"><\/div>\n              <div class=\"box_inner\">\n                                <span>Ultraljudsf\u00f6reningen, Hands-on workshop<\/span>\n               <br>\n               \n               <div class=\"room_div \">\n                 <i class=\"list-room\">Loge 6<\/i>\n               <\/div>\n\n               <div class=\"name_time_div\">\n                <i class=\"list-time\" data-time=\"10:45\">10:45-12:15 - Onsdag 13 september<\/i>\n               <\/div>\n              <\/div>\n             <\/div>\n          <\/div>\n\n          \n          <div class=\"box-wrapper\"\n              data-id=\"1081\">\n\n              <div class='time-header' style='visibility: hidden;'>10:45<\/div>\n\n              <div class=\"box\"\n                data-id=\"1081\"\n                data-project=\"project_276_2017_03_27\"\n                data-title=\"Ultraljudsf\u00f6reningen, Hands-on workshop\"\n                data-time=\"10:45-12:15\"\n                data-room=\"Loge 4\"\n                data-room-id=\"1014\"\n                data-room-name=\"Loge 4\"\n                data-day=\"1\"\n                data-abs-nbr=\"\"\n                data-abs-path=\"\"\n                data-speaker=\"\"\n                data-speakercell=\"\"\n                data-info=\"\n                 &lt;p&gt;Workshops, handson och demonstrationer av ultraljud&lt;\/p&gt;&lt;p&gt;&lt;i&gt;Okej, vi erk\u00e4nner \u2013 vi \u00e4r ett g\u00e4ng ultraljudsn\u00f6rdar som \u00e5terstartat SFMU. P\u00e5 R\u00f6ntgenveckan hittar vi ocks\u00e5 de allra senaste ultraljudsmaskinerna, det \u00e4r rena julaftonen!&lt;br&gt;&lt;\/i&gt;&lt;i&gt;F\u00f6r att sprida v\u00e5r entusiasm \u00f6ver ultraljud har vi sessioner i Loge 4+6 p\u00e5 R\u00f6ntgenveckan, d\u00e4r vi kan tr\u00e4na ultraljud p\u00e5 riktigt. H\u00e4ng p\u00e5 n\u00e4r vi visar upp v\u00e5ra favoritunders\u00f6kningar!&lt;br&gt;&lt;\/i&gt;&lt;i&gt;OBS- ingen bokning, f\u00f6rst till kvarn g\u00e4ller ... V\u00e4lkomna!&lt;\/i&gt;&lt;\/p&gt;&lt;p&gt;&lt;i&gt;Bli medlem? &amp;nbsp;Maila: sfmu.sfmu@gmail.com&lt;br&gt;&lt;\/i&gt;&lt;\/p&gt;&lt;p&gt;&lt;b&gt;Tisdag 12 sept:&lt;\/b&gt;&lt;\/p&gt;&lt;p&gt;&lt;b&gt;Kl 12.45-13.30: Muskuloskeletalt ultraljud, ffa axlar.&amp;nbsp;&amp;nbsp;&lt;\/b&gt;Dr Laszlo Toth, Hudiksvalls Sjukhus&lt;\/p&gt;&lt;p&gt;&lt;\/p&gt;&lt;p&gt;&lt;b&gt;Kl 13.30-16.45 Biopsitr\u00e4ning p\u00e5 preparat\u2013 enbart f\u00f6r deltagare p\u00e5 ST-kurs i ultraljudsv\u00e4gledda punktioner.&lt;br&gt;&lt;br&gt;&lt;\/b&gt;&lt;\/p&gt;&lt;p&gt;&lt;b&gt;Onsdag 13 sept:&lt;\/b&gt;&lt;\/p&gt;&lt;p&gt;&lt;b&gt;Kl 8.30-9.45: \u201dAkut ultraljud \u2013 EFAST, POCUS, och annat man g\u00f6r p\u00e5 akutrummet\u2026\u201d&amp;nbsp;&lt;\/b&gt;Dr Jesper Danielsson, St G\u00f6rans Sjukhus&lt;\/p&gt;&lt;p&gt;&lt;b&gt;Kl 8.30-9.45: \u201dLeverelastografi, demo och hands-on&lt;\/b&gt;\u201d. Sonograf Marie Byenfeldt, \u00d6stersunds Sjukhus.&lt;\/p&gt;&lt;p&gt;&lt;b&gt;Kl 10.00-11.00: \u00c5rsm\u00f6te SFMU&lt;\/b&gt;&lt;\/p&gt;&lt;p&gt;&lt;b&gt;Kl 11.00-12.15 : \u201dFria fl\u00f6den? Doppler av perifera och centrala blodk\u00e4rl\u201d.&amp;nbsp;&lt;\/b&gt;&amp;nbsp;Dr Kristina Dahlstr\u00f6m, Faluns Sjukhus&lt;b&gt;&lt;\/b&gt;&lt;\/p&gt;&lt;p&gt;&lt;b&gt;Kl 11.00-12.15: : \u201dMuskuloskeletalt ultraljud, ffa axlar\u201d.&amp;nbsp;&lt;\/b&gt;Dr Laszlo Toth, Hudiksvalls Sjukhus&lt;b&gt;&lt;\/b&gt;&lt;\/p&gt;&lt;p&gt;&lt;b&gt;13.30-14.45: \u201dBiopsitr\u00e4ning \u2013 ultraljudsv\u00e4gledda punktioner, demonstration och praktisk \u00f6vning p\u00e5 preparat\u201d.&lt;\/b&gt;&amp;nbsp;Dr Stefan H\u00f6rnlund, Sundsvalls sjukhus&lt;\/p&gt;&lt;p&gt;&lt;b&gt;13.30-14.45 \u201dSonograf? Prova-p\u00e5-ultraljud f\u00f6r nyfikna r\u00f6ntgensjuksk\u00f6terskor\u201d.&lt;\/b&gt;&amp;nbsp;Sonograf Karin Asplund, Astrid Lindgrens Barnsjukhus&lt;\/p&gt;&lt;p&gt;&lt;b&gt;Kl 15.45-16.45: \u201dFusion av MR-buk och ultraljud, demonstration live och praktisk&amp;nbsp;&lt;\/b&gt;\u00f6vning\u201d.&amp;nbsp;&amp;nbsp; Dr Sara Sehlstedt, \u00d6stersunds Sjukhus&lt;\/p&gt;&lt;p&gt;&lt;b&gt;Kl 15.45-16.45&lt;\/b&gt;:&amp;nbsp;&lt;b&gt;\u201dSonograf? Prova-p\u00e5-ultraljud f\u00f6r nyfikna r\u00f6ntgensjuksk\u00f6terskor\u201d.&amp;nbsp;&lt;\/b&gt;Sonograf Maria Zetterman, Astrid Lindgrens Barnsjukhus&lt;br&gt;&lt;br&gt;Torsdag 14 sept.&lt;\/p&gt;&lt;p&gt;&lt;b&gt;Kl 9.50-10.45: &amp;nbsp;\u201dUltraljudsv\u00e4gledda biopsier, demo och praktisk \u00f6vning p\u00e5 preparat\u201d.&amp;nbsp;&amp;nbsp;&lt;\/b&gt;Dr Stefan H\u00f6rnlund, Sundsvalls Sjukhus.&lt;\/p&gt;&lt;p&gt;&lt;b&gt;Kl 13.30-15.00: \u201dMuskuloskeletalt ultraljud,&amp;nbsp; fr\u00e4mst \u00f6vre extremitet\u201d.&lt;\/b&gt;&amp;nbsp;Dr David Wilson och Dr Gina Allen, Oxford samt Dr Magnus Hjelm, G\u00e4vle Sjukhus och Dr Johan Krause, Uppsala Akademiska Sjukhus.&lt;\/p&gt;&lt;p&gt;&lt;b&gt;Kl 15.45-16.45:&lt;\/b&gt;&amp;nbsp;&lt;b&gt;\u201dMuskuloskeletalt ultraljud,&amp;nbsp; fr\u00e4mst nedre extremitet\u201d.&lt;\/b&gt;&amp;nbsp;Dr David Wilson och Dr Gina Allen, Oxford samt Dr Magnus Hjelm, G\u00e4vle Sjukhus och Dr Johan Krause, Uppsala Akademiska Sjukhus&lt;b&gt;&lt;\/b&gt;&lt;\/p&gt;&lt;p&gt;&lt;i&gt;&lt;br&gt;&lt;\/i&gt;&lt;\/p&gt;\n                &lt;br&gt;&lt;br&gt;\"\n                data-category=\"Ultraljudsf\u00f6reningens hands-on\"\n                data-category-ids=\"1015\"\n                data-span-all=\"\"\n              >\n\n              \n\n              <div class=\"vertical_bar\" style=\"background-color: #FFCCFF;\"><\/div>\n              <div class=\"box_inner\">\n                                <span>Ultraljudsf\u00f6reningen, Hands-on workshop<\/span>\n               <br>\n               \n               <div class=\"room_div \">\n                 <i class=\"list-room\">Loge 4<\/i>\n               <\/div>\n\n               <div class=\"name_time_div\">\n                <i class=\"list-time\" data-time=\"10:45\">10:45-12:15 - Onsdag 13 september<\/i>\n               <\/div>\n              <\/div>\n             <\/div>\n          <\/div>\n\n          \n          <div class=\"box-wrapper\"\n              data-id=\"1184\">\n\n              <div class='time-header'>12:15<\/div>\n\n              <div class=\"box\"\n                data-id=\"1184\"\n                data-project=\"project_276_2017_03_27\"\n                data-title=\"Lunch & Utst\u00e4llning\"\n                data-time=\"12:15-13:30\"\n                data-room=\"-Ej specificerad-\"\n                data-room-id=\"-1\"\n                data-room-name=\"-Ej specificerad-\"\n                data-day=\"1\"\n                data-abs-nbr=\"\"\n                data-abs-path=\"\"\n                data-speaker=\"\"\n                data-speakercell=\"\"\n                data-info=\"\"\n                data-category=\"\"\n                data-category-ids=\"\"\n                data-span-all=\"\"\n              >\n\n              \n\n              <div class=\"vertical_bar\" style=\"background-color: rgba(255, 255, 255, 0);\"><\/div>\n              <div class=\"box_inner\">\n                                <span>Lunch & Utst\u00e4llning<\/span>\n               <br>\n               \n               <div class=\"room_div \">\n                 <i class=\"list-room\">-Ej specificerad-<\/i>\n               <\/div>\n\n               <div class=\"name_time_div\">\n                <i class=\"list-time\" data-time=\"12:15\">12:15-13:30 - Onsdag 13 september<\/i>\n               <\/div>\n              <\/div>\n             <\/div>\n          <\/div>\n\n          \n          <div class=\"box-wrapper\"\n              data-id=\"1094\">\n\n              <div class='time-header'>13:30<\/div>\n\n              <div class=\"box\"\n                data-id=\"1094\"\n                data-project=\"project_276_2017_03_27\"\n                data-title=\"Ultraljudsf\u00f6reningen, Hands-on workshop\"\n                data-time=\"13:30-15:00\"\n                data-room=\"Loge 4\"\n                data-room-id=\"1014\"\n                data-room-name=\"Loge 4\"\n                data-day=\"1\"\n                data-abs-nbr=\"\"\n                data-abs-path=\"\"\n                data-speaker=\"\"\n                data-speakercell=\"\"\n                data-info=\"\n                 &lt;p&gt;Workshops, handson och demonstrationer av ultraljud&lt;\/p&gt;&lt;p&gt;&lt;i&gt;Okej, vi erk\u00e4nner \u2013 vi \u00e4r ett g\u00e4ng ultraljudsn\u00f6rdar som \u00e5terstartat SFMU. P\u00e5 R\u00f6ntgenveckan hittar vi ocks\u00e5 de allra senaste ultraljudsmaskinerna, det \u00e4r rena julaftonen!&lt;br&gt;&lt;\/i&gt;&lt;i&gt;F\u00f6r att sprida v\u00e5r entusiasm \u00f6ver ultraljud har vi sessioner i Loge 4+6 p\u00e5 R\u00f6ntgenveckan, d\u00e4r vi kan tr\u00e4na ultraljud p\u00e5 riktigt. H\u00e4ng p\u00e5 n\u00e4r vi visar upp v\u00e5ra favoritunders\u00f6kningar!&lt;br&gt;&lt;\/i&gt;&lt;i&gt;OBS- ingen bokning, f\u00f6rst till kvarn g\u00e4ller ... V\u00e4lkomna!&lt;\/i&gt;&lt;\/p&gt;&lt;p&gt;&lt;i&gt;Bli medlem? &amp;nbsp;Maila: sfmu.sfmu@gmail.com&lt;br&gt;&lt;\/i&gt;&lt;\/p&gt;&lt;p&gt;&lt;b&gt;Tisdag 12 sept:&lt;\/b&gt;&lt;\/p&gt;&lt;p&gt;&lt;b&gt;Kl 12.45-13.30: Muskuloskeletalt ultraljud, ffa axlar.&amp;nbsp;&amp;nbsp;&lt;\/b&gt;Dr Laszlo Toth, Hudiksvalls Sjukhus&lt;\/p&gt;&lt;p&gt;&lt;\/p&gt;&lt;p&gt;&lt;b&gt;Kl 13.30-16.45 Biopsitr\u00e4ning p\u00e5 preparat\u2013 enbart f\u00f6r deltagare p\u00e5 ST-kurs i ultraljudsv\u00e4gledda punktioner.&lt;br&gt;&lt;br&gt;&lt;\/b&gt;&lt;\/p&gt;&lt;p&gt;&lt;b&gt;Onsdag 13 sept:&lt;\/b&gt;&lt;\/p&gt;&lt;p&gt;&lt;b&gt;Kl 8.30-9.45: \u201dAkut ultraljud \u2013 EFAST, POCUS, och annat man g\u00f6r p\u00e5 akutrummet\u2026\u201d&amp;nbsp;&lt;\/b&gt;Dr Jesper Danielsson, St G\u00f6rans Sjukhus&lt;\/p&gt;&lt;p&gt;&lt;b&gt;Kl 8.30-9.45: \u201dLeverelastografi, demo och hands-on&lt;\/b&gt;\u201d. Sonograf Marie Byenfeldt, \u00d6stersunds Sjukhus.&lt;\/p&gt;&lt;p&gt;&lt;b&gt;Kl 10.00-11.00: \u00c5rsm\u00f6te SFMU&lt;\/b&gt;&lt;\/p&gt;&lt;p&gt;&lt;b&gt;Kl 11.00-12.15 : \u201dFria fl\u00f6den? Doppler av perifera och centrala blodk\u00e4rl\u201d.&amp;nbsp;&lt;\/b&gt;&amp;nbsp;Dr Kristina Dahlstr\u00f6m, Faluns Sjukhus&lt;b&gt;&lt;\/b&gt;&lt;\/p&gt;&lt;p&gt;&lt;b&gt;Kl 11.00-12.15: : \u201dMuskuloskeletalt ultraljud, ffa axlar\u201d.&amp;nbsp;&lt;\/b&gt;Dr Laszlo Toth, Hudiksvalls Sjukhus&lt;b&gt;&lt;\/b&gt;&lt;\/p&gt;&lt;p&gt;&lt;b&gt;13.30-14.45: \u201dBiopsitr\u00e4ning \u2013 ultraljudsv\u00e4gledda punktioner, demonstration och praktisk \u00f6vning p\u00e5 preparat\u201d.&lt;\/b&gt;&amp;nbsp;Dr Stefan H\u00f6rnlund, Sundsvalls sjukhus&lt;\/p&gt;&lt;p&gt;&lt;b&gt;13.30-14.45 \u201dSonograf? Prova-p\u00e5-ultraljud f\u00f6r nyfikna r\u00f6ntgensjuksk\u00f6terskor\u201d.&lt;\/b&gt;&amp;nbsp;Sonograf Karin Asplund, Astrid Lindgrens Barnsjukhus&lt;\/p&gt;&lt;p&gt;&lt;b&gt;Kl 15.45-16.45: \u201dFusion av MR-buk och ultraljud, demonstration live och praktisk&amp;nbsp;&lt;\/b&gt;\u00f6vning\u201d.&amp;nbsp;&amp;nbsp; Dr Sara Sehlstedt, \u00d6stersunds Sjukhus&lt;\/p&gt;&lt;p&gt;&lt;b&gt;Kl 15.45-16.45&lt;\/b&gt;:&amp;nbsp;&lt;b&gt;\u201dSonograf? Prova-p\u00e5-ultraljud f\u00f6r nyfikna r\u00f6ntgensjuksk\u00f6terskor\u201d.&amp;nbsp;&lt;\/b&gt;Sonograf Maria Zetterman, Astrid Lindgrens Barnsjukhus&lt;br&gt;&lt;br&gt;Torsdag 14 sept.&lt;\/p&gt;&lt;p&gt;&lt;b&gt;Kl 9.50-10.45: &amp;nbsp;\u201dUltraljudsv\u00e4gledda biopsier, demo och praktisk \u00f6vning p\u00e5 preparat\u201d.&amp;nbsp;&amp;nbsp;&lt;\/b&gt;Dr Stefan H\u00f6rnlund, Sundsvalls Sjukhus.&lt;\/p&gt;&lt;p&gt;&lt;b&gt;Kl 13.30-15.00: \u201dMuskuloskeletalt ultraljud,&amp;nbsp; fr\u00e4mst \u00f6vre extremitet\u201d.&lt;\/b&gt;&amp;nbsp;Dr David Wilson och Dr Gina Allen, Oxford samt Dr Magnus Hjelm, G\u00e4vle Sjukhus och Dr Johan Krause, Uppsala Akademiska Sjukhus.&lt;\/p&gt;&lt;p&gt;&lt;b&gt;Kl 15.45-16.45:&lt;\/b&gt;&amp;nbsp;&lt;b&gt;\u201dMuskuloskeletalt ultraljud,&amp;nbsp; fr\u00e4mst nedre extremitet\u201d.&lt;\/b&gt;&amp;nbsp;Dr David Wilson och Dr Gina Allen, Oxford samt Dr Magnus Hjelm, G\u00e4vle Sjukhus och Dr Johan Krause, Uppsala Akademiska Sjukhus&lt;b&gt;&lt;\/b&gt;&lt;\/p&gt;&lt;p&gt;&lt;i&gt;&lt;br&gt;&lt;\/i&gt;&lt;\/p&gt;\n                &lt;br&gt;&lt;br&gt;\"\n                data-category=\"Ultraljudsf\u00f6reningens hands-on\"\n                data-category-ids=\"1015\"\n                data-span-all=\"\"\n              >\n\n              \n\n              <div class=\"vertical_bar\" style=\"background-color: #FFCCFF;\"><\/div>\n              <div class=\"box_inner\">\n                                <span>Ultraljudsf\u00f6reningen, Hands-on workshop<\/span>\n               <br>\n               \n               <div class=\"room_div \">\n                 <i class=\"list-room\">Loge 4<\/i>\n               <\/div>\n\n               <div class=\"name_time_div\">\n                <i class=\"list-time\" data-time=\"13:30\">13:30-15:00 - Onsdag 13 september<\/i>\n               <\/div>\n              <\/div>\n             <\/div>\n          <\/div>\n\n          \n          <div class=\"box-wrapper\"\n              data-id=\"1092\">\n\n              <div class='time-header' style='visibility: hidden;'>13:30<\/div>\n\n              <div class=\"box\"\n                data-id=\"1092\"\n                data-project=\"project_276_2017_03_27\"\n                data-title=\"SFFR - Mentala tallriksmodellen\"\n                data-time=\"13:30-15:00\"\n                data-room=\"Solot\"\n                data-room-id=\"1012\"\n                data-room-name=\"Solot\"\n                data-day=\"1\"\n                data-abs-nbr=\"\"\n                data-abs-path=\"\"\n                data-speaker=\"Magdalena Jacobson\"\n                data-speakercell=\"Magdalena Jacobson\"\n                data-info=\"&lt;b&gt;Moderatorer: &lt;\/b&gt;Britt-Marie Nilsson&lt;br&gt;&lt;br&gt; \n                 &lt;p&gt;&lt;em&gt;F\u00f6rel\u00e4sare:&amp;nbsp;Magdalena Jacobson, h\u00e4lsopedagog, Region \u00d6sterg\u00f6tland&lt;\/em&gt;&lt;\/p&gt; \n                 &lt;p&gt;Arbetslivet idag har f\u00f6r\u00e4ndrats till ett kunskaps- och tj\u00e4nstesamh\u00e4lle d\u00e4r vi g\u00e5tt till en produktion som mestadels best\u00e5r av hj\u00e4rnstyrka framf\u00f6r muskelstyrka. Hj\u00e4rnans fysiologi \u00e4r vitt skiljt fr\u00e5n musklerna. Vad beh\u00f6ver hj\u00e4rnan f\u00f6r att vara kreativ, alert och \u00e5terh\u00e4mtande? I denna f\u00f6rel\u00e4sning ber\u00e4ttar Magdalena Jacobson om forskningen kring hur vi skapar en mental tallriksmodell f\u00f6r att f\u00f6rse v\u00e5r hj\u00e4rna med den n\u00e4ring den beh\u00f6ver f\u00f6r att m\u00e5 bra och utvecklas.&lt;\/p&gt; \n                &lt;br&gt;&lt;br&gt;\"\n                data-category=\"SFFR - Svensk F\u00f6rening f\u00f6r R\u00f6ntgensekreterare\"\n                data-category-ids=\"1012\"\n                data-span-all=\"\"\n              >\n\n              \n\n              <div class=\"vertical_bar\" style=\"background-color: #FF66FF;\"><\/div>\n              <div class=\"box_inner\">\n                                <span>SFFR - Mentala tallriksmodellen<\/span>\n               <br>\n               <div class=\"lecturer\"><span>Magdalena Jacobson<\/span><\/div>\n               <div class=\"room_div \">\n                 <i class=\"list-room\">Solot<\/i>\n               <\/div>\n\n               <div class=\"name_time_div\">\n                <i class=\"list-time\" data-time=\"13:30\">13:30-15:00 - Onsdag 13 september<\/i>\n               <\/div>\n              <\/div>\n             <\/div>\n          <\/div>\n\n          \n          <div class=\"box-wrapper\"\n              data-id=\"1086\">\n\n              <div class='time-header' style='visibility: hidden;'>13:30<\/div>\n\n              <div class=\"box\"\n                data-id=\"1086\"\n                data-project=\"project_276_2017_03_27\"\n                data-title=\"Digitalisering 2.0 - E-h\u00e4lsans nya m\u00f6jligheter skapar krav och behov f\u00f6r v\u00e5rden!\"\n                data-time=\"13:30-15:00\"\n                data-room=\"Crusellhallen\"\n                data-room-id=\"1002\"\n                data-room-name=\"Crusellhallen\"\n                data-day=\"1\"\n                data-abs-nbr=\"\"\n                data-abs-path=\"\"\n                data-speaker=\"John Wall\u00e9n; Henriettae St\u00e5hlbrandt; Lars Lindberg\"\n                data-speakercell=\"John Wall\u00e9n; Henriettae St\u00e5hlbrandt; Lars Lindberg\"\n                data-info=\"&lt;b&gt;Moderatorer: &lt;\/b&gt;Mathias Axelsson&lt;br&gt;&lt;br&gt; \n                 &lt;p&gt;13.30 - 14.30 Digitalisering 2.0 - E-h\u00e4lsans nya m\u00f6jligheter skapar krav och behov f\u00f6r v\u00e5rden! Hur integrerar radiologin med inv\u00e5nartj\u00e4nster och E-h\u00e4lsa?&lt;\/p&gt; \n                 &lt;p&gt;John Wall\u00e9n, IT-strateg, Region \u00d6sterg\u00f6tland&lt;\/p&gt;\n                 &lt;p&gt; &lt;\/p&gt;\n                 &lt;p&gt;Vilka strategier m\u00e5ste Region \u00d6sterg\u00f6tland ha f\u00f6r att m\u00f6ta dagens och morgondagens f\u00f6rv\u00e4ntningar p\u00e5 tekniskt st\u00f6d. Vilka beslut och f\u00f6rm\u00e5gor kr\u00e4vs f\u00f6r att hantera olika krav fr\u00e5n v\u00e5rden, inv\u00e5nare och beslutsfattare. John Wall\u00e9n har ca 18 \u00e5rs erfarenhet av IT och teknisk infrastruktur inom Region \u00d6sterg\u00f6tland. Han har ett stort engagemang i utveckling av verksamhet och teknik i samklang drivet av tesen \u201domv\u00e4rlden styr v\u00e5r f\u00f6rm\u00e5ga till utveckling\u201d.&lt;\/p&gt; \n                 &lt;p&gt;&lt;br&gt;14.30 - 15.00 iGuide - riktlinjer f\u00f6r remittentst\u00f6d - eller hur man f\u00e5ngar sex flugor med en sm\u00e4ll&lt;\/p&gt;&lt;p&gt;\n\n\n\n\n\n\n\n\n\n\n\n\n\n\n\n\n\n\n&lt;\/p&gt;&lt;p&gt;Riktlinjer f\u00f6r remittenter\ninf\u00f6r r\u00f6ntgenremiss (iGuide) \u00e4r p\u00e5 g\u00e5ng inom Europa. Region J\u00f6nk\u00f6pings l\u00e4n \u00e4r\npilot inom Sverige. H\u00e4r ber\u00e4ttar vi varf\u00f6r iGuide \u00e4r bra till s\u00e5 mycket annat\n\u00e4n endast hj\u00e4lp f\u00f6r remittenter, och varf\u00f6r det \u00e4ndock inte fungerar som det\nskall.&lt;\/p&gt; \n                &lt;br&gt;&lt;br&gt;\"\n                data-category=\"Allm\u00e4n f\u00f6rel\u00e4sning\"\n                data-category-ids=\"1003\"\n                data-span-all=\"\"\n              >\n\n              \n\n              <div class=\"vertical_bar\" style=\"background-color: #FF9933;\"><\/div>\n              <div class=\"box_inner\">\n                                <span>Digitalisering 2.0 - E-h\u00e4lsans nya m\u00f6jligheter skapar krav och behov f\u00f6r v\u00e5rden!<\/span>\n               <br>\n               <div class=\"lecturer\"><span>John Wall\u00e9n; Henriettae St\u00e5hlbrandt; Lars Lindberg<\/span><\/div>\n               <div class=\"room_div \">\n                 <i class=\"list-room\">Crusellhallen<\/i>\n               <\/div>\n\n               <div class=\"name_time_div\">\n                <i class=\"list-time\" data-time=\"13:30\">13:30-15:00 - Onsdag 13 september<\/i>\n               <\/div>\n              <\/div>\n             <\/div>\n          <\/div>\n\n          \n          <div class=\"box-wrapper\"\n              data-id=\"1095\">\n\n              <div class='time-header' style='visibility: hidden;'>13:30<\/div>\n\n              <div class=\"box\"\n                data-id=\"1095\"\n                data-project=\"project_276_2017_03_27\"\n                data-title=\"Ultraljudsf\u00f6reningen, Hands-on workshop\"\n                data-time=\"13:30-15:00\"\n                data-room=\"Loge 6\"\n                data-room-id=\"1015\"\n                data-room-name=\"Loge 6\"\n                data-day=\"1\"\n                data-abs-nbr=\"\"\n                data-abs-path=\"\"\n                data-speaker=\"\"\n                data-speakercell=\"\"\n                data-info=\"\n                 &lt;p&gt;Workshops, handson och demonstrationer av ultraljud&lt;\/p&gt;&lt;p&gt;&lt;i&gt;Okej, vi erk\u00e4nner \u2013 vi \u00e4r ett g\u00e4ng ultraljudsn\u00f6rdar som \u00e5terstartat SFMU. P\u00e5 R\u00f6ntgenveckan hittar vi ocks\u00e5 de allra senaste ultraljudsmaskinerna, det \u00e4r rena julaftonen!&lt;br&gt;&lt;\/i&gt;&lt;i&gt;F\u00f6r att sprida v\u00e5r entusiasm \u00f6ver ultraljud har vi sessioner i Loge 4+6 p\u00e5 R\u00f6ntgenveckan, d\u00e4r vi kan tr\u00e4na ultraljud p\u00e5 riktigt. H\u00e4ng p\u00e5 n\u00e4r vi visar upp v\u00e5ra favoritunders\u00f6kningar!&lt;br&gt;&lt;\/i&gt;&lt;i&gt;OBS- ingen bokning, f\u00f6rst till kvarn g\u00e4ller ... V\u00e4lkomna!&lt;\/i&gt;&lt;\/p&gt;&lt;p&gt;&lt;i&gt;Bli medlem? &amp;nbsp;Maila: sfmu.sfmu@gmail.com&lt;br&gt;&lt;\/i&gt;&lt;\/p&gt;&lt;p&gt;&lt;b&gt;Tisdag 12 sept:&lt;\/b&gt;&lt;\/p&gt;&lt;p&gt;&lt;b&gt;Kl 12.45-13.30: Muskuloskeletalt ultraljud, ffa axlar.&amp;nbsp;&amp;nbsp;&lt;\/b&gt;Dr Laszlo Toth, Hudiksvalls Sjukhus&lt;\/p&gt;&lt;p&gt;&lt;\/p&gt;&lt;p&gt;&lt;b&gt;Kl 13.30-16.45 Biopsitr\u00e4ning p\u00e5 preparat\u2013 enbart f\u00f6r deltagare p\u00e5 ST-kurs i ultraljudsv\u00e4gledda punktioner.&lt;br&gt;&lt;br&gt;&lt;\/b&gt;&lt;\/p&gt;&lt;p&gt;&lt;b&gt;Onsdag 13 sept:&lt;\/b&gt;&lt;\/p&gt;&lt;p&gt;&lt;b&gt;Kl 8.30-9.45: \u201dAkut ultraljud \u2013 EFAST, POCUS, och annat man g\u00f6r p\u00e5 akutrummet\u2026\u201d&amp;nbsp;&lt;\/b&gt;Dr Jesper Danielsson, St G\u00f6rans Sjukhus&lt;\/p&gt;&lt;p&gt;&lt;b&gt;Kl 8.30-9.45: \u201dLeverelastografi, demo och hands-on&lt;\/b&gt;\u201d. Sonograf Marie Byenfeldt, \u00d6stersunds Sjukhus.&lt;\/p&gt;&lt;p&gt;&lt;b&gt;Kl 10.00-11.00: \u00c5rsm\u00f6te SFMU&lt;\/b&gt;&lt;\/p&gt;&lt;p&gt;&lt;b&gt;Kl 11.00-12.15 : \u201dFria fl\u00f6den? Doppler av perifera och centrala blodk\u00e4rl\u201d.&amp;nbsp;&lt;\/b&gt;&amp;nbsp;Dr Kristina Dahlstr\u00f6m, Faluns Sjukhus&lt;b&gt;&lt;\/b&gt;&lt;\/p&gt;&lt;p&gt;&lt;b&gt;Kl 11.00-12.15: : \u201dMuskuloskeletalt ultraljud, ffa axlar\u201d.&amp;nbsp;&lt;\/b&gt;Dr Laszlo Toth, Hudiksvalls Sjukhus&lt;b&gt;&lt;\/b&gt;&lt;\/p&gt;&lt;p&gt;&lt;b&gt;13.30-14.45: \u201dBiopsitr\u00e4ning \u2013 ultraljudsv\u00e4gledda punktioner, demonstration och praktisk \u00f6vning p\u00e5 preparat\u201d.&lt;\/b&gt;&amp;nbsp;Dr Stefan H\u00f6rnlund, Sundsvalls sjukhus&lt;\/p&gt;&lt;p&gt;&lt;b&gt;13.30-14.45 \u201dSonograf? Prova-p\u00e5-ultraljud f\u00f6r nyfikna r\u00f6ntgensjuksk\u00f6terskor\u201d.&lt;\/b&gt;&amp;nbsp;Sonograf Karin Asplund, Astrid Lindgrens Barnsjukhus&lt;\/p&gt;&lt;p&gt;&lt;b&gt;Kl 15.45-16.45: \u201dFusion av MR-buk och ultraljud, demonstration live och praktisk&amp;nbsp;&lt;\/b&gt;\u00f6vning\u201d.&amp;nbsp;&amp;nbsp; Dr Sara Sehlstedt, \u00d6stersunds Sjukhus&lt;\/p&gt;&lt;p&gt;&lt;b&gt;Kl 15.45-16.45&lt;\/b&gt;:&amp;nbsp;&lt;b&gt;\u201dSonograf? Prova-p\u00e5-ultraljud f\u00f6r nyfikna r\u00f6ntgensjuksk\u00f6terskor\u201d.&amp;nbsp;&lt;\/b&gt;Sonograf Maria Zetterman, Astrid Lindgrens Barnsjukhus&lt;br&gt;&lt;br&gt;Torsdag 14 sept.&lt;\/p&gt;&lt;p&gt;&lt;b&gt;Kl 9.50-10.45: &amp;nbsp;\u201dUltraljudsv\u00e4gledda biopsier, demo och praktisk \u00f6vning p\u00e5 preparat\u201d.&amp;nbsp;&amp;nbsp;&lt;\/b&gt;Dr Stefan H\u00f6rnlund, Sundsvalls Sjukhus.&lt;\/p&gt;&lt;p&gt;&lt;b&gt;Kl 13.30-15.00: \u201dMuskuloskeletalt ultraljud,&amp;nbsp; fr\u00e4mst \u00f6vre extremitet\u201d.&lt;\/b&gt;&amp;nbsp;Dr David Wilson och Dr Gina Allen, Oxford samt Dr Magnus Hjelm, G\u00e4vle Sjukhus och Dr Johan Krause, Uppsala Akademiska Sjukhus.&lt;\/p&gt;&lt;p&gt;&lt;b&gt;Kl 15.45-16.45:&lt;\/b&gt;&amp;nbsp;&lt;b&gt;\u201dMuskuloskeletalt ultraljud,&amp;nbsp; fr\u00e4mst nedre extremitet\u201d.&lt;\/b&gt;&amp;nbsp;Dr David Wilson och Dr Gina Allen, Oxford samt Dr Magnus Hjelm, G\u00e4vle Sjukhus och Dr Johan Krause, Uppsala Akademiska Sjukhus&lt;b&gt;&lt;\/b&gt;&lt;\/p&gt;&lt;p&gt;&lt;i&gt;&lt;br&gt;&lt;\/i&gt;&lt;\/p&gt;\n                &lt;br&gt;&lt;br&gt;\"\n                data-category=\"Ultraljudsf\u00f6reningens hands-on\"\n                data-category-ids=\"1015\"\n                data-span-all=\"\"\n              >\n\n              \n\n              <div class=\"vertical_bar\" style=\"background-color: #FFCCFF;\"><\/div>\n              <div class=\"box_inner\">\n                                <span>Ultraljudsf\u00f6reningen, Hands-on workshop<\/span>\n               <br>\n               \n               <div class=\"room_div \">\n                 <i class=\"list-room\">Loge 6<\/i>\n               <\/div>\n\n               <div class=\"name_time_div\">\n                <i class=\"list-time\" data-time=\"13:30\">13:30-15:00 - Onsdag 13 september<\/i>\n               <\/div>\n              <\/div>\n             <\/div>\n          <\/div>\n\n          \n          <div class=\"box-wrapper\"\n              data-id=\"1096\">\n\n              <div class='time-header' style='visibility: hidden;'>13:30<\/div>\n\n              <div class=\"box\"\n                data-id=\"1096\"\n                data-project=\"project_276_2017_03_27\"\n                data-title=\"RAM-kurs\"\n                data-time=\"13:30-15:00\"\n                data-room=\"Noten\/Takten\/Accenten\/Reprisen\"\n                data-room-id=\"1017\"\n                data-room-name=\"Noten\/Takten\/Accenten\/Reprisen\"\n                data-day=\"1\"\n                data-abs-nbr=\"\"\n                data-abs-path=\"\"\n                data-speaker=\"Staffan Wirell; Anders von Heijne; Marcus Casselgren; Charalampos Georgiopoulos; Kada Karlsson; Joar Bj\u00f6rk\"\n                data-speakercell=\"Staffan Wirell; Anders von Heijne; Marcus Casselgren; Charalampos Georgiopoulos; Kada Karlsson; Joar Bj\u00f6rk\"\n                data-info=\"\"\n                data-category=\"RAM-kurs\"\n                data-category-ids=\"1016\"\n                data-span-all=\"\"\n              >\n\n              \n\n              <div class=\"vertical_bar\" style=\"background-color: #66FFCC;\"><\/div>\n              <div class=\"box_inner\">\n                                <span>RAM-kurs<\/span>\n               <br>\n               <div class=\"lecturer\"><span>Staffan Wirell; Anders von Heijne; Marcus Casselgren; Charalampos Georgiopoulos; Kada Karlsson; Joar Bj\u00f6rk<\/span><\/div>\n               <div class=\"room_div \">\n                 <i class=\"list-room\">Noten\/Takten\/Accenten\/Reprisen<\/i>\n               <\/div>\n\n               <div class=\"name_time_div\">\n                <i class=\"list-time\" data-time=\"13:30\">13:30-15:00 - Onsdag 13 september<\/i>\n               <\/div>\n              <\/div>\n             <\/div>\n          <\/div>\n\n          \n          <div class=\"box-wrapper\"\n              data-id=\"1173\">\n\n              <div class='time-header' style='visibility: hidden;'>13:30<\/div>\n\n              <div class=\"box\"\n                data-id=\"1173\"\n                data-project=\"project_276_2017_03_27\"\n                data-title=\"Sponsorer: Framtidens diagnostiska verktygsl\u00e5da - Att integrera radiologi, patologi och genetik, och g\u00f6ra det f\u00f6rst\u00e5eligt!\"\n                data-time=\"13:30-14:15\"\n                data-room=\"Operetten\"\n                data-room-id=\"1010\"\n                data-room-name=\"Operetten\"\n                data-day=\"1\"\n                data-abs-nbr=\"\"\n                data-abs-path=\"\"\n                data-speaker=\"Martin Hallbeck\"\n                data-speakercell=\"Martin Hallbeck\"\n                data-info=\" \n                 &lt;p&gt;13.30 - 14.15 Sectra: &lt;span style=&quot;font-weight: bold;&quot;&gt;Framtidens diagnostiska verktygsl\u00e5da - Att integrera radiologi, patologi och genetik, och g\u00f6ra det f\u00f6rst\u00e5eligt!&lt;\/span&gt;&lt;br&gt;&lt;\/p&gt; \n                 &lt;p&gt;&lt;em&gt;F\u00f6rel\u00e4sare: Martin Hallbeck, Klinisk patologi, Link\u00f6ping&lt;br&gt;&lt;br&gt;&lt;\/em&gt;N\u00e4r cancerv\u00e5rden f\u00e5r allt fler behandlingsm\u00f6jligheter beh\u00f6vs mer kunskap f\u00f6r att v\u00e4lja r\u00e4tt, f\u00f6r att ge individualiserad behandling. F\u00f6r detta \u00e4r diagnostiken fundamentet och v\u00e5ra m\u00f6jligheter inom diagnostiken exploderar. Men hur ser framtidens diagnostiska verktygsl\u00e5da ut med \u00f6kad digitalisering och allt mer tillg\u00e4nglig data fr\u00e5n flera diagnostiska specialiteter. Hur ska v\u00e5ra patientansvariga kollegor kunna anv\u00e4nda all denna information? De diagnostiska specialiteterna m\u00e5ste h\u00e4r ta den ledande rollen f\u00f6r att integrera patologi, radiologi och genetik. Genom att g\u00f6ra detta p\u00e5 ett smart s\u00e4tt och utnyttja framtidens verktyg kan vi hj\u00e4lpa v\u00e5ra behandlande kollegor att skapa f\u00f6rst\u00e5else i informations\u00f6verfl\u00f6det s\u00e5 att patienterna kan f\u00e5 riktig nytta.&lt;em&gt;&lt;br&gt;&lt;\/em&gt;&lt;\/p&gt; \n                 &lt;p&gt;&lt;br&gt;14.15 - 15.00 GE: &lt;span style=&quot;font-weight: bold;&quot;&gt;MR-unders\u00f6kning med 4D flow - ett nytt s\u00e4tt att genomf\u00f6ra MR-hj\u00e4rta p\u00e5 barn.&amp;nbsp;&lt;\/span&gt;&lt;\/p&gt; \n                 &lt;p&gt;&lt;em&gt;F\u00f6rel\u00e4sare:&amp;nbsp;Niels Vejlstrup, \u00d6verl\u00e4kare Ph.D.\u200b, Dr Med. - Kardiologisk Avdelning, Rigshospitalet K\u00f6penhamn&lt;\/em&gt;&lt;\/p&gt; \n                &lt;br&gt;&lt;br&gt;\"\n                data-category=\"Sponsorer\"\n                data-category-ids=\"1014\"\n                data-span-all=\"\"\n              >\n\n              \n\n              <div class=\"vertical_bar\" style=\"background-color: #CC33FF;\"><\/div>\n              <div class=\"box_inner\">\n                                <span>Sponsorer: Framtidens diagnostiska verktygsl\u00e5da - Att integrera radiologi, patologi och genetik, och g\u00f6ra det f\u00f6rst\u00e5eligt!<\/span>\n               <br>\n               <div class=\"lecturer\"><span>Martin Hallbeck<\/span><\/div>\n               <div class=\"room_div \">\n                 <i class=\"list-room\">Operetten<\/i>\n               <\/div>\n\n               <div class=\"name_time_div\">\n                <i class=\"list-time\" data-time=\"13:30\">13:30-14:15 - Onsdag 13 september<\/i>\n               <\/div>\n              <\/div>\n             <\/div>\n          <\/div>\n\n          \n          <div class=\"box-wrapper\"\n              data-id=\"1087\">\n\n              <div class='time-header' style='visibility: hidden;'>13:30<\/div>\n\n              <div class=\"box\"\n                data-id=\"1087\"\n                data-project=\"project_276_2017_03_27\"\n                data-title=\"Thorax - F\u00f6rel\u00e4sning av blivande hedersmedlem Carl Lamm\"\n                data-time=\"13:30-15:00\"\n                data-room=\"Musikalen\"\n                data-room-id=\"1003\"\n                data-room-name=\"Musikalen\"\n                data-day=\"1\"\n                data-abs-nbr=\"\"\n                data-abs-path=\"\"\n                data-speaker=\"\"\n                data-speakercell=\"\"\n                data-info=\" \n                 &lt;p&gt;13.30-14.30 Kom och lyssna p\u00e5 Carl Lamm; radiologen som gav HRCT ett ansikte&lt;\/p&gt; \n                 &lt;p&gt;14.30-15.00 \u00c5rsm\u00f6te&lt;\/p&gt; \n                &lt;br&gt;&lt;br&gt;\"\n                data-category=\"SFMR - Delf\u00f6reningar\"\n                data-category-ids=\"1006\"\n                data-span-all=\"\"\n              >\n\n              \n\n              <div class=\"vertical_bar\" style=\"background-color: #6699CC;\"><\/div>\n              <div class=\"box_inner\">\n                                <span>Thorax - F\u00f6rel\u00e4sning av blivande hedersmedlem Carl Lamm<\/span>\n               <br>\n               \n               <div class=\"room_div \">\n                 <i class=\"list-room\">Musikalen<\/i>\n               <\/div>\n\n               <div class=\"name_time_div\">\n                <i class=\"list-time\" data-time=\"13:30\">13:30-15:00 - Onsdag 13 september<\/i>\n               <\/div>\n              <\/div>\n             <\/div>\n          <\/div>\n\n          \n          <div class=\"box-wrapper\"\n              data-id=\"1088\">\n\n              <div class='time-header' style='visibility: hidden;'>13:30<\/div>\n\n              <div class=\"box\"\n                data-id=\"1088\"\n                data-project=\"project_276_2017_03_27\"\n                data-title=\"Svensk f\u00f6rening f\u00f6r Pediatrisk Radiologi\"\n                data-time=\"13:30-15:00\"\n                data-room=\"Operan\"\n                data-room-id=\"1004\"\n                data-room-name=\"Operan\"\n                data-day=\"1\"\n                data-abs-nbr=\"\"\n                data-abs-path=\"\"\n                data-speaker=\"Marika Lidegran; H\u00e5kan Bostr\u00f6m; Fredrik St\u00e5lhammar; Jim Andersson; Ola Kvist\"\n                data-speakercell=\"Marika Lidegran; H\u00e5kan Bostr\u00f6m; Fredrik St\u00e5lhammar; Jim Andersson; Ola Kvist\"\n                data-info=\"&lt;b&gt;Moderatorer: &lt;\/b&gt;Elisabeth Bennwik Borling&lt;br&gt;&lt;br&gt; \n                 &lt;p&gt;13.00 - 13.25&amp;nbsp;&lt;em&gt;Moderator: Elisabet Bennwik Borling, Sk\u00e5nes Universitetssjukv\u00e5rd Malm\u00f6&lt;\/em&gt;&lt;\/p&gt;\n                 &lt;p&gt;Equalis, Nationellt Kvalitets\u00e4kringsprogram&lt;\/p&gt;\n                 &lt;p&gt;Resultat barnfrakturer 2017&lt;\/p&gt;\n                 &lt;p&gt;&lt;em&gt;Marika Lidegran, Astrid Lindgrens Barnsjukhus, NKS&lt;br&gt;H\u00e5kan Bostr\u00f6m, Drottning Silvias Barn- och Ungdomssjukhus&lt;\/em&gt;&lt;\/p&gt;\n                 &lt;p&gt;13.25 - 13.45 2018 Navelkatetrar&lt;br&gt;&lt;em&gt;Fredrik St\u00e5lhammar, Sk\u00e5nes Universitetssjukv\u00e5rd Lund&lt;\/em&gt;&lt;br&gt;&lt;br&gt;13.45 - 14.00&amp;nbsp;&lt;em&gt;Jim Andersson, Equalis&lt;\/em&gt;&lt;br&gt;&amp;nbsp;&lt;\/p&gt;\n                 &lt;p&gt;14.00 - 15.00 Fallpresentation:&lt;br&gt;&lt;em&gt;Ola Kvist, Astrid Lindgrens Barnsjukhus, NKS&lt;br&gt;Marika Lidegran, Astrid Lindgrens Barnsjukhus, NKS&lt;\/em&gt;&lt;br&gt;&lt;em&gt;Fredrik St\u00e5lhammar, Sk\u00e5nes Universitetssjukv\u00e5rd Lund&lt;\/em&gt;&lt;\/p&gt; \n                &lt;br&gt;&lt;br&gt;\"\n                data-category=\"SFMR - Delf\u00f6reningar\"\n                data-category-ids=\"1006\"\n                data-span-all=\"\"\n              >\n\n              \n\n              <div class=\"vertical_bar\" style=\"background-color: #6699CC;\"><\/div>\n              <div class=\"box_inner\">\n                                <span>Svensk f\u00f6rening f\u00f6r Pediatrisk Radiologi<\/span>\n               <br>\n               <div class=\"lecturer\"><span>Marika Lidegran; H\u00e5kan Bostr\u00f6m; Fredrik St\u00e5lhammar; Jim Andersson; Ola Kvist<\/span><\/div>\n               <div class=\"room_div \">\n                 <i class=\"list-room\">Operan<\/i>\n               <\/div>\n\n               <div class=\"name_time_div\">\n                <i class=\"list-time\" data-time=\"13:30\">13:30-15:00 - Onsdag 13 september<\/i>\n               <\/div>\n              <\/div>\n             <\/div>\n          <\/div>\n\n          \n          <div class=\"box-wrapper\"\n              data-id=\"1093\">\n\n              <div class='time-header' style='visibility: hidden;'>13:30<\/div>\n\n              <div class=\"box\"\n                data-id=\"1093\"\n                data-project=\"project_276_2017_03_27\"\n                data-title=\"MTF - M\u00e4nniska - system - interaktion I\"\n                data-time=\"13:30-15:00\"\n                data-room=\"Backstage\"\n                data-room-id=\"1005\"\n                data-room-name=\"Backstage\"\n                data-day=\"1\"\n                data-abs-nbr=\"\"\n                data-abs-path=\"\"\n                data-speaker=\"Thomas Andersson\"\n                data-speakercell=\"Thomas Andersson\"\n                data-info=\"&lt;b&gt;Moderatorer: &lt;\/b&gt;Miki Perc; Maria Wirenstedt&lt;br&gt;&lt;br&gt; \n                 &lt;p&gt;MTF - M\u00e4nniska - system - interaktion I&lt;br&gt;Studiebes\u00f6k Flygfysiologiskt centrum&amp;nbsp;&lt;a href=&quot;http:\/\/www.fmv.se\/Verksamhet\/Flygfysiologiskt-Centrum\/&quot; target=&quot;_blank&quot;&gt;http:\/\/www.fmv.se\/Verksamhet\/Flygfysiologiskt-Centrum\/&lt;\/a&gt;&lt;br&gt;&lt;br&gt;&lt;em&gt;F\u00f6rel\u00e4sare: Thomas &amp;nbsp;Andersson&lt;br&gt;&lt;br&gt;Moderator: Miki Perc &amp;amp; Maria Wirenstedt&lt;\/em&gt;&lt;br&gt;&lt;br&gt;F\u00f6ranm\u00e4lan kr\u00e4vs. Pga stort intresse finns tyv\u00e4rr inga platser. V\u00e4ntelista finns.&amp;nbsp;&lt;em&gt;Vi ber er respektera&amp;nbsp;anm\u00e4lningen och avboka om du f\u00e5r f\u00f6rhinder&lt;\/em&gt;&lt;em&gt;.&lt;\/em&gt;&amp;nbsp;Platser finns fortfarande till efterf\u00f6ljande f\u00f6rel\u00e4sningar som h\u00e5lls p\u00e5 Flygvapenmuseum, se abstract. Buss g\u00e5r fr\u00e5n Konsert och Konferens, huvudentr\u00e9n kl 13.&lt;br&gt;&lt;br&gt;&lt;\/p&gt; \n                &lt;br&gt;&lt;br&gt;\"\n                data-category=\"MTF - Svensk f\u00f6rening f\u00f6r Medicinsk Teknik och Fysik\"\n                data-category-ids=\"1009\"\n                data-span-all=\"\"\n              >\n\n              \n\n              <div class=\"vertical_bar\" style=\"background-color: #CCCC66;\"><\/div>\n              <div class=\"box_inner\">\n                                <span>MTF - M\u00e4nniska - system - interaktion I<\/span>\n               <br>\n               <div class=\"lecturer\"><span>Thomas Andersson<\/span><\/div>\n               <div class=\"room_div \">\n                 <i class=\"list-room\">Backstage<\/i>\n               <\/div>\n\n               <div class=\"name_time_div\">\n                <i class=\"list-time\" data-time=\"13:30\">13:30-15:00 - Onsdag 13 september<\/i>\n               <\/div>\n              <\/div>\n             <\/div>\n          <\/div>\n\n          \n          <div class=\"box-wrapper\"\n              data-id=\"1089\">\n\n              <div class='time-header' style='visibility: hidden;'>13:30<\/div>\n\n              <div class=\"box\"\n                data-id=\"1089\"\n                data-project=\"project_276_2017_03_27\"\n                data-title=\"SFR - Utbildningsdag\"\n                data-time=\"13:30-15:00\"\n                data-room=\"Spegelsalen\"\n                data-room-id=\"1006\"\n                data-room-name=\"Spegelsalen\"\n                data-day=\"1\"\n                data-abs-nbr=\"\"\n                data-abs-path=\"\"\n                data-speaker=\"Magnus Kvarnryd; Maud Lund\u00e9n; Solveig Lundgren\"\n                data-speakercell=\"Magnus Kvarnryd; Maud Lund\u00e9n; Solveig Lundgren\"\n                data-info=\"&lt;b&gt;Moderatorer: &lt;\/b&gt;Marianne Selim&lt;br&gt;&lt;br&gt; \n                 &lt;p&gt;F\u00f6rel\u00e4sare: Magnus Kvarnryd&lt;br&gt;&lt;br&gt;&lt;span style=&quot;font-weight: bold;&quot;&gt;Klinisk l\u00e4rare- Hur man kan st\u00f6dja r\u00f6ntgensjuksk\u00f6terskestudenter och personal i verksamheten &lt;\/span&gt;&lt;br&gt;Funktionen Klinisk l\u00e4rare ska bidra till en god inl\u00e4rningsmilj\u00f6 f\u00f6r s\u00e5v\u00e4l studenter som befintlig personal p\u00e5 Karolinska universitetssjukhuset Huddinge r\u00f6ntgenkliniken. De kliniska l\u00e4rarnas huvuduppgifter \u00e4r att ta hand om studenter. Andra uppgifter \u00e4r inskolning av ny personal, kunskapsspridning, undervisa personal p\u00e5 och utanf\u00f6r r\u00f6ntgenkliniken. Detta ska bidra till utvecklingen av r\u00f6ntgenkliniken. En historisk bild ges samt en framtidsversion. F\u00f6ljande \u00f6nskas ett samtal om vad som kan komma att beh\u00f6vas av en l\u00e4rare i den alltmer specialiserade milj\u00f6n. Anna Ek J\u00f6rneklint R\u00f6ntgensjuksk\u00f6terska Klinisk l\u00e4rare, Magnus Kvarnryd R\u00f6ntgensjuksk\u00f6terska Klinisk l\u00e4rare&lt;br&gt;&lt;br&gt;F\u00f6rel\u00e4sare: Maud Lund\u00e9n, Sahlgrenska&lt;br&gt;&lt;br&gt;&lt;span style=&quot;font-weight: bold;&quot;&gt;Tv\u00e4rprofessionellt teamwork med hj\u00e4lp av drama &lt;\/span&gt;&lt;br&gt;ABSTRAKT &lt;br&gt;Introduktion: Den snabba utvecklingen inom Interventionell Radiologi presenterar nya utmaningar s\u00e5som anv\u00e4ndningen av hybridsalar. Hybrid salar medf\u00f6r att interventionsradiologi, \u00f6ppen kirurgi, CT, MR, Ultraljud samsas p\u00e5 en och samma yta och fler metoder \u00e4r p\u00e5 frammarsch. Detta inneb\u00e4r att en rad olika discipliner och yrkesverksamma m\u00e5ste arbeta i nya konstellationer och skapa ett tv\u00e4rvetenskapligt team kring patienten. Att samarbeta p\u00e5 ett bra s\u00e4tt i team kr\u00e4ver respekt och f\u00f6rst\u00e5else f\u00f6r varje professions uppgift och roll i teamet och vi s\u00f6kte nya pedagogiska verktyg f\u00f6r att uppn\u00e5 detta. Syftet med denna studie var att unders\u00f6ka om anv\u00e4ndningen av drama och Forum spel, kan fr\u00e4mja lagarbete och samarbete p\u00e5 hybridsal. &lt;br&gt;Metoder: Ett kvalitativt tillv\u00e4gag\u00e5ngss\u00e4tt med n\u00e4ra anknytning till etnografi anv\u00e4ndes, f\u00f6r att genom observation och dialog dela deltagarnas erfarenheter av Forum spel. &lt;br&gt;Resultat: Forum spelet skapade en dynamisk inl\u00e4rningsmilj\u00f6 och m\u00f6jliggjorde f\u00f6r deltagare fr\u00e5n tre yrkesomr\u00e5den, radiografi, operation och anestesi, att f\u00f6rst\u00e5 varandras prioriteringar. Anv\u00e4ndningen av drama gjorde att deltagarna kunde ta olika roller f\u00f6r att hitta det b\u00e4sta s\u00e4ttet att samarbeta och d\u00e4rigenom fr\u00e4mja ett b\u00e4ttre samarbete. &lt;br&gt;Slutsats: Kraven p\u00e5 tv\u00e4rvetenskapligt samarbete kr\u00e4ver b\u00e5de specifika tekniska f\u00e4rdigheter och icke-tekniska f\u00e4rdigheter. V\u00e5r slutsats \u00e4r att Forum spel g\u00f6r att deltagarna kan ta olika fiktiva roller f\u00f6r att hitta det b\u00e4sta s\u00e4ttet att samarbeta och d\u00e4rigenom utveckla och fr\u00e4mja \u00f6kad f\u00f6rst\u00e5else och respekt, empati och lagarbete.&lt;br&gt;&lt;br&gt;F\u00f6rel\u00e4sare: Solveig Lundgren&lt;br&gt;&lt;br&gt;&lt;span style=&quot;font-weight: bold;&quot;&gt;Hur definierar vi radiografi?&amp;nbsp;&lt;\/span&gt;&lt;br&gt;&lt;br&gt;&lt;span style=&quot;text-decoration-line: underline;&quot;&gt;Syfte:&lt;\/span&gt; Att beskriva vad som karakt\u00e4risera begreppet Radiografi, teoretiskt och praktiskt, i utbildning, forskning och klinisk praktik, b\u00e5de nationellt och internationellt. &lt;br&gt;&lt;span style=&quot;text-decoration-line: underline;&quot;&gt;Material och metoder&lt;\/span&gt; En explorativ design, d\u00e4r kvalitativ inneh\u00e5llsanalys anv\u00e4ndes som metod f\u00f6r att utifr\u00e5n forskningsartiklar, analys av studenters kandidatuppsatser och f\u00f6rst\u00e5else av begreppet, utbildningsplaner och officiella dokument s\u00f6ka definitioner, inneh\u00e5ll och hur begreppet Radiografi har anv\u00e4nts. &lt;br&gt;&lt;span style=&quot;text-decoration-line: underline;&quot;&gt;Resultat:&lt;\/span&gt; Det teoretiska perspektivet visar p\u00e5 begreppets grunder, att r\u00f6ntgensjuksk\u00f6terskan \u00e4r expert p\u00e5 anv\u00e4ndandet av r\u00f6ntgenstr\u00e5lning vilket \u00e4r dualistiskt, dynamiskt, socialt och situationsrelaterat. Utifr\u00e5n det praktiska perspektivet \u00e4r Radiografi f\u00f6rknippad med r\u00f6ntgensjuksk\u00f6terskans funktionella roll och profession. Studenterna i utbildningen beskriver Radiografi teoretisk som ett tv\u00e4rvetenskapligt kunskapsomr\u00e5de och praktiskt d\u00e4r r\u00f6ntgensjuksk\u00f6terskan visar kunskap i medicinsk bildbehandling, f\u00f6rm\u00e5ga att skapa en omv\u00e5rdande milj\u00f6 och m\u00f6jligg\u00f6ra fruktbara m\u00f6ten. Studenternas uppsatser behandlar fyra problemomr\u00e5den inom radiografi p\u00e5 en mer abstrakt niv\u00e5, evidensbaserad v\u00e5rd, evidens bakom metoder, val av modalitet och arbetsmilj\u00f6. Utbildningsplaner beskriver Radiografi som m\u00e5ngdisciplin\u00e4rt, d\u00e4r kunskap fr\u00e5n tre olika paradigm: medicin, teknologi och omv\u00e5rdnad \u00e4r integrerat. En liknande definition finns i R\u00f6ntgensjuksk\u00f6terskans kompetensbeskrivning d\u00e4r Radiografi beskrivs som ett tv\u00e4rvetenskapligt kunskapsomr\u00e5de med kunskaper fr\u00e5n omv\u00e5rdnad, bild- och funktionsmedicin, str\u00e5lningsfysik samt medicin. &lt;br&gt;&lt;span style=&quot;text-decoration-line: underline;&quot;&gt;Konklusion:&lt;\/span&gt; Analysen visar en samst\u00e4md beskrivning, att Radiografi \u00e4r ett tv\u00e4rdisciplin\u00e4rt begrepp som inneh\u00e5ller b\u00e5de teoretiska och praktiska inneb\u00f6rder. Att genom olika studier s\u00f6ka definiera och beskriva ett begrepps inneh\u00e5ll och anv\u00e4ndning \u00f6kar f\u00f6rst\u00e5elsen och f\u00f6rklarar vad som karakt\u00e4riserar begreppet. D\u00e4rmed skapas underlag f\u00f6r utveckling av kunskapsomr\u00e5det och binder samman teori, praktik och forskning, nationellt och internationellt. Begrepp \u00e4r dynamiska, de f\u00f6r\u00e4ndras beroende p\u00e5 tid och kontext, d\u00e4rf\u00f6r \u00e4r det n\u00f6dv\u00e4ndigt att kontinuerligt unders\u00f6ka begrepp, \u00f6ver tid och i olika sammanhang.&amp;nbsp;&lt;br&gt;&lt;\/p&gt; \n                &lt;br&gt;&lt;br&gt;\"\n                data-category=\"SFR - Svensk F\u00f6rening f\u00f6r R\u00f6ntgensjuksk\u00f6terskor\"\n                data-category-ids=\"1007\"\n                data-span-all=\"\"\n              >\n\n              \n\n              <div class=\"vertical_bar\" style=\"background-color: #33CC66;\"><\/div>\n              <div class=\"box_inner\">\n                                <span>SFR - Utbildningsdag<\/span>\n               <br>\n               <div class=\"lecturer\"><span>Magnus Kvarnryd; Maud Lund\u00e9n; Solveig Lundgren<\/span><\/div>\n               <div class=\"room_div \">\n                 <i class=\"list-room\">Spegelsalen<\/i>\n               <\/div>\n\n               <div class=\"name_time_div\">\n                <i class=\"list-time\" data-time=\"13:30\">13:30-15:00 - Onsdag 13 september<\/i>\n               <\/div>\n              <\/div>\n             <\/div>\n          <\/div>\n\n          \n          <div class=\"box-wrapper\"\n              data-id=\"1090\">\n\n              <div class='time-header' style='visibility: hidden;'>13:30<\/div>\n\n              <div class=\"box\"\n                data-id=\"1090\"\n                data-project=\"project_276_2017_03_27\"\n                data-title=\"SFR - Mammografi\"\n                data-time=\"13:30-15:00\"\n                data-room=\"Sonaten\"\n                data-room-id=\"1009\"\n                data-room-name=\"Sonaten\"\n                data-day=\"1\"\n                data-abs-nbr=\"\"\n                data-abs-path=\"\"\n                data-speaker=\"Anna-Lott Hallbeck; Hanna Dunky; Agneta Bod\u00e9n; Karin Leifland\"\n                data-speakercell=\"Anna-Lott Hallbeck; Hanna Dunky; Agneta Bod\u00e9n; Karin Leifland\"\n                data-info=\"&lt;b&gt;Moderatorer: &lt;\/b&gt;Kerstin Hillerg\u00e5rd&lt;br&gt;&lt;br&gt; \n                 &lt;p&gt;&lt;span style=&quot;font-weight: bold;&quot;&gt;Neo-adjuvant br\u00f6stcancerbehandling \u00e4r ett multi-disciplin\u00e4rt teamwork&lt;\/span&gt;&lt;\/p&gt; \n                 &lt;p&gt;F\u00f6rel\u00e4sare: Anna-Lott Hallbeck, Link\u00f6ping&lt;br&gt;&lt;br&gt;&lt;span style=&quot;font-weight: bold;&quot;&gt;Mammografi unders\u00f6kningsmetodik vid mammografiska unders\u00f6kningar&lt;\/span&gt;&lt;\/p&gt; \n                 &lt;p&gt;F\u00f6rel\u00e4sare: Hanna Dunky&lt;br&gt;&lt;br&gt;&lt;span style=&quot;font-weight: bold;&quot;&gt;S\u00e5 kan en mammografisk\u00f6terskas roll se ut vid MDK rond - En effektivisering av ledtid n\u00e4r det g\u00e4ller utredning av misst\u00e4nkt br\u00f6stcancer. S\u00e5 har vi p\u00e5 Br\u00f6stenheten\/mammografi i V\u00e4ster\u00e5s utformat rollen.&lt;\/span&gt;&lt;br&gt;&lt;\/p&gt; \n                 &lt;p&gt;F\u00f6rel\u00e4sare: Agneta Bod\u00e9n, V\u00e4ster\u00e5s&lt;br&gt;&lt;br&gt;&lt;span style=&quot;font-weight: bold;&quot;&gt;S\u00f6dersjukhusets Br\u00f6stcentrum - alla under samma tak&lt;\/span&gt;&lt;br&gt;F\u00f6rel\u00e4sare: Karin Horstman-Leifland, S\u00d6S&lt;br&gt;&lt;br&gt;\n\n\n\n\n\n\n\n\n\n\n\n\n\n\n\n\n&lt;\/p&gt;&lt;p&gt;&lt;span style=&quot;font-weight: bold;&quot;&gt;Abstract:&lt;\/span&gt; &amp;nbsp;&lt;span style=&quot;font-weight: bold;&quot;&gt;\u201dNeo-adjuvant br\u00f6stcancerbehandling \u00e4r ett\nmulti-disciplin\u00e4rt teamwork\u201d&lt;\/span&gt;&lt;\/p&gt;&lt;p&gt;F\u00f6rel\u00e4sare: Anna-Lott Hallbeck, Br\u00f6stonkolog, Onkologiska kliniken, Universitetssjukhuset i Link\u00f6ping&amp;nbsp;&lt;\/p&gt;&lt;p&gt;Allt fler fall av prim\u00e4r br\u00f6stcancer rekommenderas f\u00f6r\npre-operativ s.k. neo-adjuvant onkologisk behandling. Det finns flera sk\u00e4l till\ndetta: f\u00f6r att f\u00f6rb\u00e4ttra patientens prognos, f\u00f6r att b\u00e4ttre kunna styra\nbehandlingen utifr\u00e5n tum\u00f6reffekt och f\u00f6r att ge b\u00e4ttre kirurgiska m\u00f6jligheter.\nGenomf\u00f6randet st\u00e4ller h\u00f6gre krav p\u00e5 resurser och prioritering \u00e4n adjuvant\nbehandling, b\u00e5de vid behandlingsmottagning p\u00e5 Onkologen, vid Patologienheten,\nvid Kirurgi-enheten, men \u00e4ven vid Mammografienheten eftersom patienten beh\u00f6ver\ngenomf\u00f6ra \u00e5tminstone 2 extra radiologiska kontroller f\u00f6r att bed\u00f6ma\nbehandlingseffekt. Det st\u00e4ller ocks\u00e5 h\u00f6gre krav p\u00e5 samordning och logistik\nmellan Onkologi, Radiologi, Patologi och Kirurgi. Bakgrund presenteras utifr\u00e5n\nsenaste versionen av nationellt V\u00e5rdprogram f\u00f6r Br\u00f6stcancer, samt den modell\nf\u00f6r genomf\u00f6randet som anv\u00e4nds i \u00d6sterg\u00f6tland.&lt;\/p&gt;&lt;p&gt;\n\n\n\n\n\n\n\n\n\n\n\n&lt;br&gt;&lt;span style=&quot;font-weight: bold;&quot;&gt;Br\u00f6stenheten p\u00e5 S\u00f6dersjukhuset, Stockholm&lt;\/span&gt;&lt;\/p&gt;&lt;p&gt;F\u00f6rel\u00e4sare: Karin Horstmann - Leifland, S\u00d6S&lt;br&gt;&lt;span style=&quot;font-weight: bold;&quot;&gt;Abstract: &lt;\/span&gt;Stockholms l\u00e4ns landsting beslutade att det fr\u00e5n 2016-01-01 ska finnas 3 br\u00f6stcentra inom SLL. S\u00f6dersjukhuset uppdrag blev 43 % av verksamheten; 100 000 kvinnor \/\u00e5r kallas till screening, 19 000 kliniska unders\u00f6kningar och 800 cancerfall\/\u00e5r. Visionen var att s\u00e4tta patienten i centrum och att all verksamhet; radiologisk br\u00f6stdiagnostik, br\u00f6stkirurgi, onkologi, \u00e4rftlighetsmottagning, cytopatologi och forskningen samlas runt patienten i gemensamma lokaler f\u00f6r en patientprocess med korta avst\u00e5nd och snabba beslut. &lt;br&gt;Material och metoder: Nytt br\u00f6stcentrum beh\u00f6vde startas med alla verksamheter p\u00e5 plats. En stor del av bes\u00f6ken p\u00e5 centrat skulle bli friska screeningkvinnor och patienter med benigna f\u00f6r\u00e4ndringar som inte kr\u00e4vde sjukhusets resurser. Kirurgiska ingrepp och verksamheterna runt detta samt onkologisk behandling m\u00e5ste finnas p\u00e5 sjukhus. Vi ans\u00e5g d\u00e4rf\u00f6r att det var viktigt att friska kvinnor inte skulle beh\u00f6va komma till sjukhus utan till en central extern plats, som det \u00e4r enkelt att ta sig till. Processledaren f\u00f6r br\u00f6stcentrumprojektet hittade lokaler p\u00e5 S\u00f6dra Station i Stockholm. En trappa ned finns S\u00f6dra Station som \u00e4r en knutpunkt f\u00f6r pendelt\u00e5g fr\u00e5n regionen, det \u00e4r 5 minuters g\u00e5ngavst\u00e5nd till b\u00e5de gr\u00f6na tunnelbanelinjen p\u00e5 Medborgarplatsen och r\u00f6da tunnelbanelinjen vid Mariatorget. Cirka 2000 m\u00b2 lokaler hyrdes med plats f\u00f6r samtliga verksamheter, inklusive forskningsavdelning fr\u00e5n Karolinska Institutet. &lt;br&gt;Resultat: Alla som kommer till S\u00f6dersjukhusets Br\u00f6stcentrum kommer till en gemensam reception. Screeningen ligger tillsammans med Karma-forskningens lokaler p\u00e5 plan 1. H\u00e4r finns \u00e4ven gemensamt kafferum och konferensrum. P\u00e5 plan 2 finns klinisk radiologisk br\u00f6stdiagnostik, br\u00f6stkirurgins, onkologens, \u00e4rftlighetsmottagningens och cytopatologens lokaler. Dessutom finns ett gemensamt multidisciplin\u00e4rt rondrum h\u00e4r. Br\u00f6stcentrum har ett gemensamt konto och man betalar motsvarande sin del av gemensamma ink\u00f6p, t.ex. kaffe och toalettpapper. Saker som bara anv\u00e4nds av en akt\u00f6r t.ex. kolsuspension har ett konto inom respektive verksamhet. En patientfl\u00f6desansvarig l\u00e4kare har tillsatts som ansvarar f\u00f6r fl\u00f6det genom hela br\u00f6stprocessen och f\u00f6ljer upp det tillsammans med de olika verksamhetsansvariga. Denna person har inget personaleller lokalansvar och inget ekonomiskt ansvar. De olika verksamheterna tillh\u00f6r sina respektive specialiteter p\u00e5 sjukhuset. Detta f\u00f6r att t.ex. ST- och sk\u00f6terskeutbildning ska fungera.&amp;nbsp;&lt;br&gt;Konklusion: S\u00f6dersjukhuset har bildat ett Br\u00f6stcentrum med patienten i centrum d\u00e4r alla verksamheter finns under samma tak, i gemensamma lokaler med n\u00e4ra kontakt med varandra. Br\u00f6stcentrum \u00e4r belaget utanf\u00f6r sjukhuset p\u00e5 en f\u00f6r kvinnorna l\u00e4tt tillg\u00e4nglig och central plats, eftersom de flesta kvinnor inte kommer att beh\u00f6va sjukhusets resurser. En gemensam patientfl\u00f6desansvarig f\u00f6ljer fl\u00f6det genom br\u00f6stprocessen tillsammans med alla verksamheter.&amp;nbsp;&lt;br&gt;&lt;\/p&gt; \n                &lt;br&gt;&lt;br&gt;\"\n                data-category=\"SFR - Svensk F\u00f6rening f\u00f6r R\u00f6ntgensjuksk\u00f6terskor\"\n                data-category-ids=\"1007\"\n                data-span-all=\"\"\n              >\n\n              \n\n              <div class=\"vertical_bar\" style=\"background-color: #33CC66;\"><\/div>\n              <div class=\"box_inner\">\n                                <span>SFR - Mammografi<\/span>\n               <br>\n               <div class=\"lecturer\"><span>Anna-Lott Hallbeck; Hanna Dunky; Agneta Bod\u00e9n; Karin Leifland<\/span><\/div>\n               <div class=\"room_div \">\n                 <i class=\"list-room\">Sonaten<\/i>\n               <\/div>\n\n               <div class=\"name_time_div\">\n                <i class=\"list-time\" data-time=\"13:30\">13:30-15:00 - Onsdag 13 september<\/i>\n               <\/div>\n              <\/div>\n             <\/div>\n          <\/div>\n\n          \n          <div class=\"box-wrapper\"\n              data-id=\"1177\">\n\n              <div class='time-header'>14:15<\/div>\n\n              <div class=\"box\"\n                data-id=\"1177\"\n                data-project=\"project_276_2017_03_27\"\n                data-title=\"Sponsorer: MR-unders\u00f6kning med 4D flow - ett nytt s\u00e4tt att genomf\u00f6ra MR-hj\u00e4rta p\u00e5 barn.   \"\n                data-time=\"14:15-15:00\"\n                data-room=\"Operetten\"\n                data-room-id=\"1010\"\n                data-room-name=\"Operetten\"\n                data-day=\"1\"\n                data-abs-nbr=\"\"\n                data-abs-path=\"\"\n                data-speaker=\"Niels Vejlstrup\"\n                data-speakercell=\"Niels Vejlstrup\"\n                data-info=\" \n                 &lt;p&gt;14.15 - 15.00 GE:&amp;nbsp;MR-unders\u00f6kning med 4D flow - ett nytt s\u00e4tt att genomf\u00f6ra MR-hj\u00e4rta p\u00e5 barn.&amp;nbsp;&lt;\/p&gt; \n                 &lt;p&gt;&lt;em&gt;F\u00f6rel\u00e4sare:&amp;nbsp;Niels Vejlstrup, \u00d6verl\u00e4kare Ph.D.\u200b, Dr Med. - Kardiologisk Avdelning, Rigshospitalet K\u00f6penhamn&lt;\/em&gt;&lt;\/p&gt; \n                &lt;br&gt;&lt;br&gt;\"\n                data-category=\"Sponsorer\"\n                data-category-ids=\"1014\"\n                data-span-all=\"\"\n              >\n\n              \n\n              <div class=\"vertical_bar\" style=\"background-color: #CC33FF;\"><\/div>\n              <div class=\"box_inner\">\n                                <span>Sponsorer: MR-unders\u00f6kning med 4D flow - ett nytt s\u00e4tt att genomf\u00f6ra MR-hj\u00e4rta p\u00e5 barn.   <\/span>\n               <br>\n               <div class=\"lecturer\"><span>Niels Vejlstrup<\/span><\/div>\n               <div class=\"room_div \">\n                 <i class=\"list-room\">Operetten<\/i>\n               <\/div>\n\n               <div class=\"name_time_div\">\n                <i class=\"list-time\" data-time=\"14:15\">14:15-15:00 - Onsdag 13 september<\/i>\n               <\/div>\n              <\/div>\n             <\/div>\n          <\/div>\n\n          \n          <div class=\"box-wrapper\"\n              data-id=\"1180\">\n\n              <div class='time-header'>15:00<\/div>\n\n              <div class=\"box\"\n                data-id=\"1180\"\n                data-project=\"project_276_2017_03_27\"\n                data-title=\"Kaffe & Utst\u00e4llning\"\n                data-time=\"15:00-15:45\"\n                data-room=\"-Ej specificerad-\"\n                data-room-id=\"-1\"\n                data-room-name=\"-Ej specificerad-\"\n                data-day=\"1\"\n                data-abs-nbr=\"\"\n                data-abs-path=\"\"\n                data-speaker=\"\"\n                data-speakercell=\"\"\n                data-info=\"\"\n                data-category=\"\"\n                data-category-ids=\"\"\n                data-span-all=\"\"\n              >\n\n              \n\n              <div class=\"vertical_bar\" style=\"background-color: rgba(255, 255, 255, 0);\"><\/div>\n              <div class=\"box_inner\">\n                                <span>Kaffe & Utst\u00e4llning<\/span>\n               <br>\n               \n               <div class=\"room_div \">\n                 <i class=\"list-room\">-Ej specificerad-<\/i>\n               <\/div>\n\n               <div class=\"name_time_div\">\n                <i class=\"list-time\" data-time=\"15:00\">15:00-15:45 - Onsdag 13 september<\/i>\n               <\/div>\n              <\/div>\n             <\/div>\n          <\/div>\n\n          \n          <div class=\"box-wrapper\"\n              data-id=\"1103\">\n\n              <div class='time-header'>15:45<\/div>\n\n              <div class=\"box\"\n                data-id=\"1103\"\n                data-project=\"project_276_2017_03_27\"\n                data-title=\"Verksamhetschefsprogrammet: Kvalitet i praktiken\"\n                data-time=\"15:45-16:45\"\n                data-room=\"Solot\"\n                data-room-id=\"1012\"\n                data-room-name=\"Solot\"\n                data-day=\"1\"\n                data-abs-nbr=\"\"\n                data-abs-path=\"\"\n                data-speaker=\"Sofi Bj\u00f6rkman; H\u00e5kan Gustafsson; Gusten Nyberg\"\n                data-speakercell=\"Sofi Bj\u00f6rkman; H\u00e5kan Gustafsson; Gusten Nyberg\"\n                data-info=\" \n                 &lt;p&gt;F\u00f6rel\u00e4sare: Ann-Sofi Bj\u00f6rkman&lt;br&gt;&lt;br&gt;&lt;span style=&quot;font-weight: bold;&quot;&gt;L\u00e4splattor h\u00f6jer kvaliteten p\u00e5 STutbildningen &lt;\/span&gt;&lt;br&gt;Denna f\u00f6rel\u00e4sning kommer ber\u00e4tta om hur vi inf\u00f6rde iPads och elektroniska resurser som STATdx, RADprimer och IMAIOS e-anatomy f\u00f6r ST-l\u00e4karna p\u00e5 R\u00f6ntgenkliniken i \u00d6sterg\u00f6tland. Bakgrunden var att vi under 2015 konstaterade att tillg\u00e5ngen p\u00e5 utbildningsmaterial f\u00f6r ST-l\u00e4karna p\u00e5 R\u00f6ntgen i \u00d6sterg\u00f6tland inte var tillfredsst\u00e4llande. Vidare saknades tillg\u00e5ng till egen dator s\u00e5 som rekommenderas att ST-l\u00e4kare ska ha. Publikationer fr\u00e5n ST-program i USA ber\u00e4ttade om liknande projekt som varit lyckade. I Sverige fanns opublicerade f\u00f6rs\u00f6k att inf\u00f6ra surfplattor och elektroniska utbildningsresurser. V\u00e5r hypotes blev att \u201den surfplatta med utbildningsresurser kommer att \u00f6ka studietiden samt g\u00f6ra det roligare och mer effektivt att studera radiologi. F\u00f6r att unders\u00f6ka om effekten av inf\u00f6randet var varaktig valdes en studietid p\u00e5 1 \u00e5r med enk\u00e4ter f\u00f6re start, efter 6 m\u00e5nader och vid avslut. En del tekniska sv\u00e5righeter uppstod d\u00e5 n\u00e4tverket p\u00e5 sjukhuset inte gick att anv\u00e4nda s\u00e5 som vi t\u00e4nkt, framf\u00f6r allt gick det inte att f\u00f6rladda surfplattorna med inneh\u00e5ll. Det gick heller inte att k\u00f6pa in appar centralt. Vidare uppfattades priset IT-avdelningen gav oss f\u00f6r att hyra plattorna som dyrt j\u00e4mf\u00f6rt att k\u00f6pa dem sj\u00e4lva, speciellt som det inte inkluderade n\u00e5gra ytterligare f\u00f6rdelar j\u00e4mf\u00f6rt med att k\u00f6pa in externt. Projektet f\u00f6r v\u00e4l ut p\u00e5 s\u00e5 s\u00e4tt att upplevelsen av och effektiviteten i radiologistudierna upplevdes ha \u00f6kat. D\u00e4remot s\u00e5gs enbart en tillf\u00e4llig \u00f6kning av studietiden vid 6 m\u00e5nader f\u00f6r att \u00e5terg\u00e5 till niv\u00e5n f\u00f6re projektets start vid 1-\u00e5rsutv\u00e4rderingen.&lt;br&gt;&lt;br&gt;F\u00f6rel\u00e4sare: H\u00e5kan Gustafsson, Norrk\u00f6ping&lt;br&gt;&lt;br&gt;&lt;span style=&quot;font-weight: bold;&quot;&gt;R\u00f6ntgensjuksk\u00f6terskor tolkar skelettunders\u00f6kningar&lt;\/span&gt;&lt;br&gt;&lt;br&gt;F\u00f6rel\u00e4sare: Gusten Nyberg, Link\u00f6ping&lt;br&gt;&lt;br&gt;&lt;span style=&quot;font-weight: bold;&quot;&gt;Kvalitetsgranskning av v\u00e5ra bed\u00f6mningar&lt;\/span&gt;&lt;\/p&gt; \n                &lt;br&gt;&lt;br&gt;\"\n                data-category=\"Verksamhetschefer\"\n                data-category-ids=\"1011\"\n                data-span-all=\"\"\n              >\n\n              \n\n              <div class=\"vertical_bar\" style=\"background-color: #FFFFCC;\"><\/div>\n              <div class=\"box_inner\">\n                                <span>Verksamhetschefsprogrammet: Kvalitet i praktiken<\/span>\n               <br>\n               <div class=\"lecturer\"><span>Sofi Bj\u00f6rkman; H\u00e5kan Gustafsson; Gusten Nyberg<\/span><\/div>\n               <div class=\"room_div \">\n                 <i class=\"list-room\">Solot<\/i>\n               <\/div>\n\n               <div class=\"name_time_div\">\n                <i class=\"list-time\" data-time=\"15:45\">15:45-16:45 - Onsdag 13 september<\/i>\n               <\/div>\n              <\/div>\n             <\/div>\n          <\/div>\n\n          \n          <div class=\"box-wrapper\"\n              data-id=\"1106\">\n\n              <div class='time-header' style='visibility: hidden;'>15:45<\/div>\n\n              <div class=\"box\"\n                data-id=\"1106\"\n                data-project=\"project_276_2017_03_27\"\n                data-title=\"RAM-kurs\"\n                data-time=\"15:45-16:45\"\n                data-room=\"Noten\/Takten\/Accenten\/Reprisen\"\n                data-room-id=\"1017\"\n                data-room-name=\"Noten\/Takten\/Accenten\/Reprisen\"\n                data-day=\"1\"\n                data-abs-nbr=\"\"\n                data-abs-path=\"\"\n                data-speaker=\"Staffan Wirell; Anders von Heijne; Marcus Casselgren; Charalampos Georgiopoulos; Kada Karlsson; Joar Bj\u00f6rk\"\n                data-speakercell=\"Staffan Wirell; Anders von Heijne; Marcus Casselgren; Charalampos Georgiopoulos; Kada Karlsson; Joar Bj\u00f6rk\"\n                data-info=\"\"\n                data-category=\"RAM-kurs\"\n                data-category-ids=\"1016\"\n                data-span-all=\"\"\n              >\n\n              \n\n              <div class=\"vertical_bar\" style=\"background-color: #66FFCC;\"><\/div>\n              <div class=\"box_inner\">\n                                <span>RAM-kurs<\/span>\n               <br>\n               <div class=\"lecturer\"><span>Staffan Wirell; Anders von Heijne; Marcus Casselgren; Charalampos Georgiopoulos; Kada Karlsson; Joar Bj\u00f6rk<\/span><\/div>\n               <div class=\"room_div \">\n                 <i class=\"list-room\">Noten\/Takten\/Accenten\/Reprisen<\/i>\n               <\/div>\n\n               <div class=\"name_time_div\">\n                <i class=\"list-time\" data-time=\"15:45\">15:45-16:45 - Onsdag 13 september<\/i>\n               <\/div>\n              <\/div>\n             <\/div>\n          <\/div>\n\n          \n          <div class=\"box-wrapper\"\n              data-id=\"1105\">\n\n              <div class='time-header' style='visibility: hidden;'>15:45<\/div>\n\n              <div class=\"box\"\n                data-id=\"1105\"\n                data-project=\"project_276_2017_03_27\"\n                data-title=\"Ultraljudsf\u00f6reningen, Hands-on workshop\"\n                data-time=\"15:45-16:45\"\n                data-room=\"Loge 6\"\n                data-room-id=\"1015\"\n                data-room-name=\"Loge 6\"\n                data-day=\"1\"\n                data-abs-nbr=\"\"\n                data-abs-path=\"\"\n                data-speaker=\"\"\n                data-speakercell=\"\"\n                data-info=\"\n                 &lt;p&gt;Workshops, handson och demonstrationer av ultraljud&lt;\/p&gt;&lt;p&gt;&lt;i&gt;Okej, vi erk\u00e4nner \u2013 vi \u00e4r ett g\u00e4ng ultraljudsn\u00f6rdar som \u00e5terstartat SFMU. P\u00e5 R\u00f6ntgenveckan hittar vi ocks\u00e5 de allra senaste ultraljudsmaskinerna, det \u00e4r rena julaftonen!&lt;br&gt;&lt;\/i&gt;&lt;i&gt;F\u00f6r att sprida v\u00e5r entusiasm \u00f6ver ultraljud har vi sessioner i Loge 4+6 p\u00e5 R\u00f6ntgenveckan, d\u00e4r vi kan tr\u00e4na ultraljud p\u00e5 riktigt. H\u00e4ng p\u00e5 n\u00e4r vi visar upp v\u00e5ra favoritunders\u00f6kningar!&lt;br&gt;&lt;\/i&gt;&lt;i&gt;OBS- ingen bokning, f\u00f6rst till kvarn g\u00e4ller ... V\u00e4lkomna!&lt;\/i&gt;&lt;\/p&gt;&lt;p&gt;&lt;i&gt;Bli medlem? &amp;nbsp;Maila: sfmu.sfmu@gmail.com&lt;br&gt;&lt;\/i&gt;&lt;\/p&gt;&lt;p&gt;&lt;b&gt;Tisdag 12 sept:&lt;\/b&gt;&lt;\/p&gt;&lt;p&gt;&lt;b&gt;Kl 12.45-13.30: Muskuloskeletalt ultraljud, ffa axlar.&amp;nbsp;&amp;nbsp;&lt;\/b&gt;Dr Laszlo Toth, Hudiksvalls Sjukhus&lt;\/p&gt;&lt;p&gt;&lt;\/p&gt;&lt;p&gt;&lt;b&gt;Kl 13.30-16.45 Biopsitr\u00e4ning p\u00e5 preparat\u2013 enbart f\u00f6r deltagare p\u00e5 ST-kurs i ultraljudsv\u00e4gledda punktioner.&lt;br&gt;&lt;br&gt;&lt;\/b&gt;&lt;\/p&gt;&lt;p&gt;&lt;b&gt;Onsdag 13 sept:&lt;\/b&gt;&lt;\/p&gt;&lt;p&gt;&lt;b&gt;Kl 8.30-9.45: \u201dAkut ultraljud \u2013 EFAST, POCUS, och annat man g\u00f6r p\u00e5 akutrummet\u2026\u201d&amp;nbsp;&lt;\/b&gt;Dr Jesper Danielsson, St G\u00f6rans Sjukhus&lt;\/p&gt;&lt;p&gt;&lt;b&gt;Kl 8.30-9.45: \u201dLeverelastografi, demo och hands-on&lt;\/b&gt;\u201d. Sonograf Marie Byenfeldt, \u00d6stersunds Sjukhus.&lt;\/p&gt;&lt;p&gt;&lt;b&gt;Kl 10.00-11.00: \u00c5rsm\u00f6te SFMU&lt;\/b&gt;&lt;\/p&gt;&lt;p&gt;&lt;b&gt;Kl 11.00-12.15 : \u201dFria fl\u00f6den? Doppler av perifera och centrala blodk\u00e4rl\u201d.&amp;nbsp;&lt;\/b&gt;&amp;nbsp;Dr Kristina Dahlstr\u00f6m, Faluns Sjukhus&lt;b&gt;&lt;\/b&gt;&lt;\/p&gt;&lt;p&gt;&lt;b&gt;Kl 11.00-12.15: : \u201dMuskuloskeletalt ultraljud, ffa axlar\u201d.&amp;nbsp;&lt;\/b&gt;Dr Laszlo Toth, Hudiksvalls Sjukhus&lt;b&gt;&lt;\/b&gt;&lt;\/p&gt;&lt;p&gt;&lt;b&gt;13.30-14.45: \u201dBiopsitr\u00e4ning \u2013 ultraljudsv\u00e4gledda punktioner, demonstration och praktisk \u00f6vning p\u00e5 preparat\u201d.&lt;\/b&gt;&amp;nbsp;Dr Stefan H\u00f6rnlund, Sundsvalls sjukhus&lt;\/p&gt;&lt;p&gt;&lt;b&gt;13.30-14.45 \u201dSonograf? Prova-p\u00e5-ultraljud f\u00f6r nyfikna r\u00f6ntgensjuksk\u00f6terskor\u201d.&lt;\/b&gt;&amp;nbsp;Sonograf Karin Asplund, Astrid Lindgrens Barnsjukhus&lt;\/p&gt;&lt;p&gt;&lt;b&gt;Kl 15.45-16.45: \u201dFusion av MR-buk och ultraljud, demonstration live och praktisk&amp;nbsp;&lt;\/b&gt;\u00f6vning\u201d.&amp;nbsp;&amp;nbsp; Dr Sara Sehlstedt, \u00d6stersunds Sjukhus&lt;\/p&gt;&lt;p&gt;&lt;b&gt;Kl 15.45-16.45&lt;\/b&gt;:&amp;nbsp;&lt;b&gt;\u201dSonograf? Prova-p\u00e5-ultraljud f\u00f6r nyfikna r\u00f6ntgensjuksk\u00f6terskor\u201d.&amp;nbsp;&lt;\/b&gt;Sonograf Maria Zetterman, Astrid Lindgrens Barnsjukhus&lt;br&gt;&lt;br&gt;Torsdag 14 sept.&lt;\/p&gt;&lt;p&gt;&lt;b&gt;Kl 9.50-10.45: &amp;nbsp;\u201dUltraljudsv\u00e4gledda biopsier, demo och praktisk \u00f6vning p\u00e5 preparat\u201d.&amp;nbsp;&amp;nbsp;&lt;\/b&gt;Dr Stefan H\u00f6rnlund, Sundsvalls Sjukhus.&lt;\/p&gt;&lt;p&gt;&lt;b&gt;Kl 13.30-15.00: \u201dMuskuloskeletalt ultraljud,&amp;nbsp; fr\u00e4mst \u00f6vre extremitet\u201d.&lt;\/b&gt;&amp;nbsp;Dr David Wilson och Dr Gina Allen, Oxford samt Dr Magnus Hjelm, G\u00e4vle Sjukhus och Dr Johan Krause, Uppsala Akademiska Sjukhus.&lt;\/p&gt;&lt;p&gt;&lt;b&gt;Kl 15.45-16.45:&lt;\/b&gt;&amp;nbsp;&lt;b&gt;\u201dMuskuloskeletalt ultraljud,&amp;nbsp; fr\u00e4mst nedre extremitet\u201d.&lt;\/b&gt;&amp;nbsp;Dr David Wilson och Dr Gina Allen, Oxford samt Dr Magnus Hjelm, G\u00e4vle Sjukhus och Dr Johan Krause, Uppsala Akademiska Sjukhus&lt;b&gt;&lt;\/b&gt;&lt;\/p&gt;&lt;p&gt;&lt;i&gt;&lt;br&gt;&lt;\/i&gt;&lt;\/p&gt;\n                &lt;br&gt;&lt;br&gt;\"\n                data-category=\"Ultraljudsf\u00f6reningens hands-on\"\n                data-category-ids=\"1015\"\n                data-span-all=\"\"\n              >\n\n              \n\n              <div class=\"vertical_bar\" style=\"background-color: #FFCCFF;\"><\/div>\n              <div class=\"box_inner\">\n                                <span>Ultraljudsf\u00f6reningen, Hands-on workshop<\/span>\n               <br>\n               \n               <div class=\"room_div \">\n                 <i class=\"list-room\">Loge 6<\/i>\n               <\/div>\n\n               <div class=\"name_time_div\">\n                <i class=\"list-time\" data-time=\"15:45\">15:45-16:45 - Onsdag 13 september<\/i>\n               <\/div>\n              <\/div>\n             <\/div>\n          <\/div>\n\n          \n          <div class=\"box-wrapper\"\n              data-id=\"1098\">\n\n              <div class='time-header' style='visibility: hidden;'>15:45<\/div>\n\n              <div class=\"box\"\n                data-id=\"1098\"\n                data-project=\"project_276_2017_03_27\"\n                data-title=\"Barn - Fallpresentationer\"\n                data-time=\"15:45-16:45\"\n                data-room=\"Operan\"\n                data-room-id=\"1004\"\n                data-room-name=\"Operan\"\n                data-day=\"1\"\n                data-abs-nbr=\"\"\n                data-abs-path=\"\"\n                data-speaker=\"Jenny  Ahlin; Martin  Bonnier; Elisabeth Bennwik Borling\"\n                data-speakercell=\"Jenny  Ahlin; Martin  Bonnier; Elisabeth Bennwik Borling\"\n                data-info=\" \n                 &lt;p&gt;15.45 - 16.15 Fallpresentation:&lt;br&gt;&lt;em&gt;Jenny Ahlin, Drottning Silvias Barn- och Ungdomssjukhus&lt;br&gt;&lt;\/em&gt;&lt;em&gt;Martin Bonnier, Drottning Silvias Barn- och Ungdomssjukhus&amp;nbsp;&lt;\/em&gt;&lt;\/p&gt;\n                 &lt;p&gt;16.25 - 16.45 Att kommunicera med barn&lt;br&gt;&lt;em&gt;Elisabet Bennwik Borling, SUS, Malm\u00f6&lt;\/em&gt;&lt;\/p&gt; \n                &lt;br&gt;&lt;br&gt;\"\n                data-category=\"SFMR - Delf\u00f6reningar\"\n                data-category-ids=\"1006\"\n                data-span-all=\"\"\n              >\n\n              \n\n              <div class=\"vertical_bar\" style=\"background-color: #6699CC;\"><\/div>\n              <div class=\"box_inner\">\n                                <span>Barn - Fallpresentationer<\/span>\n               <br>\n               <div class=\"lecturer\"><span>Jenny  Ahlin; Martin  Bonnier; Elisabeth Bennwik Borling<\/span><\/div>\n               <div class=\"room_div \">\n                 <i class=\"list-room\">Operan<\/i>\n               <\/div>\n\n               <div class=\"name_time_div\">\n                <i class=\"list-time\" data-time=\"15:45\">15:45-16:45 - Onsdag 13 september<\/i>\n               <\/div>\n              <\/div>\n             <\/div>\n          <\/div>\n\n          \n          <div class=\"box-wrapper\"\n              data-id=\"1097\">\n\n              <div class='time-header' style='visibility: hidden;'>15:45<\/div>\n\n              <div class=\"box\"\n                data-id=\"1097\"\n                data-project=\"project_276_2017_03_27\"\n                data-title=\"SFFR - Patients\u00e4kerhet utifr\u00e5n informationss\u00e4kerhet\"\n                data-time=\"15:45-16:45\"\n                data-room=\"Musikalen\"\n                data-room-id=\"1003\"\n                data-room-name=\"Musikalen\"\n                data-day=\"1\"\n                data-abs-nbr=\"\"\n                data-abs-path=\"\"\n                data-speaker=\"Ewa Beiving\"\n                data-speakercell=\"Ewa Beiving\"\n                data-info=\"&lt;b&gt;Moderatorer: &lt;\/b&gt;Eva Alm\u00e9r&lt;br&gt;&lt;br&gt; \n                 &lt;p&gt;Ewa Beiving \u00f6nskar lyfta fram v\u00e5rddokumentationen - f\u00f6r en bra dokumentation fr\u00e5n b\u00f6rjan tillh\u00f6r v\u00e5rdtillf\u00e4llet och man ska t\u00e4nka kvalitet \u00e4ven i den dokumentationen. Man kan inte enbart vara &quot;good enought&quot; - man m\u00e5ste vara b\u00e4st. Speciellt viktigt i tider d\u00e5 vi inom r\u00f6ntgen har r\u00f6ststyrd diktering av v\u00e5ra l\u00e4kare och patienterna kan l\u00e4sa sina r\u00f6ntgensvar p\u00e5 n\u00e4tet.&amp;nbsp;&lt;br&gt;&lt;\/p&gt; \n                &lt;br&gt;&lt;br&gt;\"\n                data-category=\"SFFR - Svensk F\u00f6rening f\u00f6r R\u00f6ntgensekreterare\"\n                data-category-ids=\"1012\"\n                data-span-all=\"\"\n              >\n\n              \n\n              <div class=\"vertical_bar\" style=\"background-color: #FF66FF;\"><\/div>\n              <div class=\"box_inner\">\n                                <span>SFFR - Patients\u00e4kerhet utifr\u00e5n informationss\u00e4kerhet<\/span>\n               <br>\n               <div class=\"lecturer\"><span>Ewa Beiving<\/span><\/div>\n               <div class=\"room_div \">\n                 <i class=\"list-room\">Musikalen<\/i>\n               <\/div>\n\n               <div class=\"name_time_div\">\n                <i class=\"list-time\" data-time=\"15:45\">15:45-16:45 - Onsdag 13 september<\/i>\n               <\/div>\n              <\/div>\n             <\/div>\n          <\/div>\n\n          \n          <div class=\"box-wrapper\"\n              data-id=\"1099\">\n\n              <div class='time-header' style='visibility: hidden;'>15:45<\/div>\n\n              <div class=\"box\"\n                data-id=\"1099\"\n                data-project=\"project_276_2017_03_27\"\n                data-title=\"SFR - Utbildningsdag & \u00c5rsm\u00f6te\"\n                data-time=\"15:45-16:45\"\n                data-room=\"Spegelsalen\"\n                data-room-id=\"1006\"\n                data-room-name=\"Spegelsalen\"\n                data-day=\"1\"\n                data-abs-nbr=\"\"\n                data-abs-path=\"\"\n                data-speaker=\"Lovisa Thyr; Johanna Wallin Schill\"\n                data-speakercell=\"Lovisa Thyr; Johanna Wallin Schill\"\n                data-info=\"&lt;b&gt;Moderatorer: &lt;\/b&gt;Bodil Andersson&lt;br&gt;&lt;br&gt;                  &lt;p&gt;&lt;span style=&quot;font-weight: bold;&quot;&gt;Arbetstillfredsst\u00e4llelse hos r\u00f6ntgensjuksk\u00f6terskor i Sverige&lt;\/span&gt;&lt;br&gt;&lt;br&gt;&lt;span style=&quot;text-decoration-line: underline;&quot;&gt;Syfte &lt;\/span&gt;: Syftet med studien var att beskriva r\u00f6ntgensjuksk\u00f6terskans arbetstillfredsst\u00e4llelse inom diagnostisk radiologisk verksamhet i ett nationellt perspektiv. &lt;br&gt;&lt;span style=&quot;text-decoration-line: underline;&quot;&gt;Material och metoder&lt;\/span&gt;: Studien var genomf\u00f6rd som en kvantitativ tv\u00e4rsnittsstudie och utf\u00f6rdes med hj\u00e4lp av webenk\u00e4ter. Enk\u00e4ten skickades till 2114 legitimerade r\u00f6ntgensjuksk\u00f6terskor baserat p\u00e5 v\u00e5rdf\u00f6rbundets medlemsregister. Enk\u00e4ten bestod av \u00e5tta omr\u00e5den: trivsel, delaktighet, ledning, utvecklingsm\u00f6jligheter, arbetsgemenskap och samarbete, arbetsbelastning samt helhetsbed\u00f6mning. Varje omr\u00e5de inneh\u00f6ll 4-8 p\u00e5st\u00e5enden. P\u00e5st\u00e5endena hade svarsalternativen inst\u00e4mmer inte alls till inst\u00e4mmer helt och var graderade p\u00e5 en skattningsskala fr\u00e5n 1 till 5. &lt;br&gt;&lt;span style=&quot;text-decoration-line: underline;&quot;&gt;Resultat: &lt;\/span&gt;871 (41 %) av r\u00f6ntgensjuksk\u00f6terskorna besvarade enk\u00e4ten. Det framgick att r\u00f6ntgensjuksk\u00f6terskorna som besvarade enk\u00e4ten i stor utstr\u00e4ckning trivdes med sitt yrkesval och upplevde arbetet som intressant samt stimulerande. Arbetsgemenskap och samarbete, delaktighet samt utvecklingsm\u00f6jligheter v\u00e4rderades ocks\u00e5 relativt h\u00f6gt av de flesta respondenterna. Arbetsbelastningen uppfattades som det mest bristf\u00e4lliga omr\u00e5det bland respondenterna. &lt;br&gt;&lt;span style=&quot;text-decoration-line: underline;&quot;&gt;Konklusion:&lt;\/span&gt; Studiens resultat lyfter fram positiva aspekter inom yrket vilket kan vara viktigt f\u00f6r att g\u00f6ra yrket mer attraktivt och d\u00e4rmed kunna rekrytera nya r\u00f6ntgensjuksk\u00f6terskor samt \u00e4ven beh\u00e5lla de som redan finns. Men det \u00e4r \u00e4ven viktigt att beakta de delar som beh\u00f6ver f\u00f6rb\u00e4ttring f\u00f6r att kunna s\u00e4kra r\u00f6ntgensjuksk\u00f6terskornas framtida arbetstillfredsst\u00e4llelse vilket i sin tur kan fr\u00e4mja en god v\u00e5rdkvalit\u00e9.&amp;nbsp;&lt;br&gt;&lt;\/p&gt;                 &lt;br&gt;&lt;br&gt;\"\n                data-category=\"SFR - Svensk F\u00f6rening f\u00f6r R\u00f6ntgensjuksk\u00f6terskor\"\n                data-category-ids=\"1007\"\n                data-span-all=\"\"\n              >\n\n              \n\n              <div class=\"vertical_bar\" style=\"background-color: #33CC66;\"><\/div>\n              <div class=\"box_inner\">\n                                <span>SFR - Utbildningsdag & \u00c5rsm\u00f6te<\/span>\n               <br>\n               <div class=\"lecturer\"><span>Lovisa Thyr; Johanna Wallin Schill<\/span><\/div>\n               <div class=\"room_div \">\n                 <i class=\"list-room\">Spegelsalen<\/i>\n               <\/div>\n\n               <div class=\"name_time_div\">\n                <i class=\"list-time\" data-time=\"15:45\">15:45-16:45 - Onsdag 13 september<\/i>\n               <\/div>\n              <\/div>\n             <\/div>\n          <\/div>\n\n          \n          <div class=\"box-wrapper\"\n              data-id=\"1104\">\n\n              <div class='time-header' style='visibility: hidden;'>15:45<\/div>\n\n              <div class=\"box\"\n                data-id=\"1104\"\n                data-project=\"project_276_2017_03_27\"\n                data-title=\"Ultraljudsf\u00f6reningen, Hands-on workshop\"\n                data-time=\"15:45-16:45\"\n                data-room=\"Loge 4\"\n                data-room-id=\"1014\"\n                data-room-name=\"Loge 4\"\n                data-day=\"1\"\n                data-abs-nbr=\"\"\n                data-abs-path=\"\"\n                data-speaker=\"\"\n                data-speakercell=\"\"\n                data-info=\"\n                 &lt;p&gt;Workshops, handson och demonstrationer av ultraljud&lt;\/p&gt;&lt;p&gt;&lt;i&gt;Okej, vi erk\u00e4nner \u2013 vi \u00e4r ett g\u00e4ng ultraljudsn\u00f6rdar som \u00e5terstartat SFMU. P\u00e5 R\u00f6ntgenveckan hittar vi ocks\u00e5 de allra senaste ultraljudsmaskinerna, det \u00e4r rena julaftonen!&lt;br&gt;&lt;\/i&gt;&lt;i&gt;F\u00f6r att sprida v\u00e5r entusiasm \u00f6ver ultraljud har vi sessioner i Loge 4+6 p\u00e5 R\u00f6ntgenveckan, d\u00e4r vi kan tr\u00e4na ultraljud p\u00e5 riktigt. H\u00e4ng p\u00e5 n\u00e4r vi visar upp v\u00e5ra favoritunders\u00f6kningar!&lt;br&gt;&lt;\/i&gt;&lt;i&gt;OBS- ingen bokning, f\u00f6rst till kvarn g\u00e4ller ... V\u00e4lkomna!&lt;\/i&gt;&lt;\/p&gt;&lt;p&gt;&lt;i&gt;Bli medlem? &amp;nbsp;Maila: sfmu.sfmu@gmail.com&lt;br&gt;&lt;\/i&gt;&lt;\/p&gt;&lt;p&gt;&lt;b&gt;Tisdag 12 sept:&lt;\/b&gt;&lt;\/p&gt;&lt;p&gt;&lt;b&gt;Kl 12.45-13.30: Muskuloskeletalt ultraljud, ffa axlar.&amp;nbsp;&amp;nbsp;&lt;\/b&gt;Dr Laszlo Toth, Hudiksvalls Sjukhus&lt;\/p&gt;&lt;p&gt;&lt;\/p&gt;&lt;p&gt;&lt;b&gt;Kl 13.30-16.45 Biopsitr\u00e4ning p\u00e5 preparat\u2013 enbart f\u00f6r deltagare p\u00e5 ST-kurs i ultraljudsv\u00e4gledda punktioner.&lt;br&gt;&lt;br&gt;&lt;\/b&gt;&lt;\/p&gt;&lt;p&gt;&lt;b&gt;Onsdag 13 sept:&lt;\/b&gt;&lt;\/p&gt;&lt;p&gt;&lt;b&gt;Kl 8.30-9.45: \u201dAkut ultraljud \u2013 EFAST, POCUS, och annat man g\u00f6r p\u00e5 akutrummet\u2026\u201d&amp;nbsp;&lt;\/b&gt;Dr Jesper Danielsson, St G\u00f6rans Sjukhus&lt;\/p&gt;&lt;p&gt;&lt;b&gt;Kl 8.30-9.45: \u201dLeverelastografi, demo och hands-on&lt;\/b&gt;\u201d. Sonograf Marie Byenfeldt, \u00d6stersunds Sjukhus.&lt;\/p&gt;&lt;p&gt;&lt;b&gt;Kl 10.00-11.00: \u00c5rsm\u00f6te SFMU&lt;\/b&gt;&lt;\/p&gt;&lt;p&gt;&lt;b&gt;Kl 11.00-12.15 : \u201dFria fl\u00f6den? Doppler av perifera och centrala blodk\u00e4rl\u201d.&amp;nbsp;&lt;\/b&gt;&amp;nbsp;Dr Kristina Dahlstr\u00f6m, Faluns Sjukhus&lt;b&gt;&lt;\/b&gt;&lt;\/p&gt;&lt;p&gt;&lt;b&gt;Kl 11.00-12.15: : \u201dMuskuloskeletalt ultraljud, ffa axlar\u201d.&amp;nbsp;&lt;\/b&gt;Dr Laszlo Toth, Hudiksvalls Sjukhus&lt;b&gt;&lt;\/b&gt;&lt;\/p&gt;&lt;p&gt;&lt;b&gt;13.30-14.45: \u201dBiopsitr\u00e4ning \u2013 ultraljudsv\u00e4gledda punktioner, demonstration och praktisk \u00f6vning p\u00e5 preparat\u201d.&lt;\/b&gt;&amp;nbsp;Dr Stefan H\u00f6rnlund, Sundsvalls sjukhus&lt;\/p&gt;&lt;p&gt;&lt;b&gt;13.30-14.45 \u201dSonograf? Prova-p\u00e5-ultraljud f\u00f6r nyfikna r\u00f6ntgensjuksk\u00f6terskor\u201d.&lt;\/b&gt;&amp;nbsp;Sonograf Karin Asplund, Astrid Lindgrens Barnsjukhus&lt;\/p&gt;&lt;p&gt;&lt;b&gt;Kl 15.45-16.45: \u201dFusion av MR-buk och ultraljud, demonstration live och praktisk&amp;nbsp;&lt;\/b&gt;\u00f6vning\u201d.&amp;nbsp;&amp;nbsp; Dr Sara Sehlstedt, \u00d6stersunds Sjukhus&lt;\/p&gt;&lt;p&gt;&lt;b&gt;Kl 15.45-16.45&lt;\/b&gt;:&amp;nbsp;&lt;b&gt;\u201dSonograf? Prova-p\u00e5-ultraljud f\u00f6r nyfikna r\u00f6ntgensjuksk\u00f6terskor\u201d.&amp;nbsp;&lt;\/b&gt;Sonograf Maria Zetterman, Astrid Lindgrens Barnsjukhus&lt;br&gt;&lt;br&gt;Torsdag 14 sept.&lt;\/p&gt;&lt;p&gt;&lt;b&gt;Kl 9.50-10.45: &amp;nbsp;\u201dUltraljudsv\u00e4gledda biopsier, demo och praktisk \u00f6vning p\u00e5 preparat\u201d.&amp;nbsp;&amp;nbsp;&lt;\/b&gt;Dr Stefan H\u00f6rnlund, Sundsvalls Sjukhus.&lt;\/p&gt;&lt;p&gt;&lt;b&gt;Kl 13.30-15.00: \u201dMuskuloskeletalt ultraljud,&amp;nbsp; fr\u00e4mst \u00f6vre extremitet\u201d.&lt;\/b&gt;&amp;nbsp;Dr David Wilson och Dr Gina Allen, Oxford samt Dr Magnus Hjelm, G\u00e4vle Sjukhus och Dr Johan Krause, Uppsala Akademiska Sjukhus.&lt;\/p&gt;&lt;p&gt;&lt;b&gt;Kl 15.45-16.45:&lt;\/b&gt;&amp;nbsp;&lt;b&gt;\u201dMuskuloskeletalt ultraljud,&amp;nbsp; fr\u00e4mst nedre extremitet\u201d.&lt;\/b&gt;&amp;nbsp;Dr David Wilson och Dr Gina Allen, Oxford samt Dr Magnus Hjelm, G\u00e4vle Sjukhus och Dr Johan Krause, Uppsala Akademiska Sjukhus&lt;b&gt;&lt;\/b&gt;&lt;\/p&gt;&lt;p&gt;&lt;i&gt;&lt;br&gt;&lt;\/i&gt;&lt;\/p&gt;\n                &lt;br&gt;&lt;br&gt;\"\n                data-category=\"Ultraljudsf\u00f6reningens hands-on\"\n                data-category-ids=\"1015\"\n                data-span-all=\"\"\n              >\n\n              \n\n              <div class=\"vertical_bar\" style=\"background-color: #FFCCFF;\"><\/div>\n              <div class=\"box_inner\">\n                                <span>Ultraljudsf\u00f6reningen, Hands-on workshop<\/span>\n               <br>\n               \n               <div class=\"room_div \">\n                 <i class=\"list-room\">Loge 4<\/i>\n               <\/div>\n\n               <div class=\"name_time_div\">\n                <i class=\"list-time\" data-time=\"15:45\">15:45-16:45 - Onsdag 13 september<\/i>\n               <\/div>\n              <\/div>\n             <\/div>\n          <\/div>\n\n          \n          <div class=\"box-wrapper\"\n              data-id=\"1101\">\n\n              <div class='time-header' style='visibility: hidden;'>15:45<\/div>\n\n              <div class=\"box\"\n                data-id=\"1101\"\n                data-project=\"project_276_2017_03_27\"\n                data-title=\"Sponsorer: MR integrerad i prostatacancerdiagnostik och behandling\"\n                data-time=\"15:45-16:45\"\n                data-room=\"Operetten\"\n                data-room-id=\"1010\"\n                data-room-name=\"Operetten\"\n                data-day=\"1\"\n                data-abs-nbr=\"\"\n                data-abs-path=\"\"\n                data-speaker=\"Olof Akre\"\n                data-speakercell=\"Olof Akre\"\n                data-info=\"\n                 &lt;p&gt;Titel: MR integrerad i prostatacancerdiagnostik och \u2013behandling&lt;\/p&gt;&lt;p&gt;Talare: Olof Akre, Professor och \u00f6verl\u00e4kare urologi, chef f\u00f6r prostatacancerfl\u00f6det, Karolinska Sjukhuset&lt;\/p&gt;&lt;p&gt;Philips&lt;\/p&gt;\n                &lt;br&gt;&lt;br&gt;\"\n                data-category=\"Sponsorer\"\n                data-category-ids=\"1014\"\n                data-span-all=\"\"\n              >\n\n              \n\n              <div class=\"vertical_bar\" style=\"background-color: #CC33FF;\"><\/div>\n              <div class=\"box_inner\">\n                                <span>Sponsorer: MR integrerad i prostatacancerdiagnostik och behandling<\/span>\n               <br>\n               <div class=\"lecturer\"><span>Olof Akre<\/span><\/div>\n               <div class=\"room_div \">\n                 <i class=\"list-room\">Operetten<\/i>\n               <\/div>\n\n               <div class=\"name_time_div\">\n                <i class=\"list-time\" data-time=\"15:45\">15:45-16:45 - Onsdag 13 september<\/i>\n               <\/div>\n              <\/div>\n             <\/div>\n          <\/div>\n\n          \n          <div class=\"box-wrapper\"\n              data-id=\"1100\">\n\n              <div class='time-header' style='visibility: hidden;'>15:45<\/div>\n\n              <div class=\"box\"\n                data-id=\"1100\"\n                data-project=\"project_276_2017_03_27\"\n                data-title=\"Sponsorer: Cinematric Volume Rendering (VR)\"\n                data-time=\"15:45-16:45\"\n                data-room=\"Sonaten\"\n                data-room-id=\"1009\"\n                data-room-name=\"Sonaten\"\n                data-day=\"1\"\n                data-abs-nbr=\"\"\n                data-abs-path=\"\"\n                data-speaker=\"Gudrun Feuchtner; Lena Gordon Murkes\"\n                data-speakercell=\"Gudrun Feuchtner; Lena Gordon Murkes\"\n                data-info=\" \n                 &lt;p&gt;&lt;b&gt;Cinematic Volume Rendering&lt;\/b&gt;&lt;\/p&gt; \n                 &lt;p&gt;Cinematic Volume Rendering (VR) \u00e4r en ny 3D-visualiseringsteknik som l\u00e5ter oss se kroppens inre p\u00e5 ett hisnande s\u00e4tt. Cinematic VR fr\u00e5n Siemens Healthineers ger h\u00f6gre uppl\u00f6sning och f\u00f6rb\u00e4ttrad visualisering i 3D, vilket \u00f6ppnar m\u00f6jligheter att skapa fotorealistiska bilder med h\u00f6gre (HDR) kvalitet. Bilder som \u00e4r ideala vid kommunikation med remittenter och patienter. Dr Gudrun Feuchtner, MD, docent, vid Innsbruck Medical University, delar med sig av sina erfarenheter hur hon integrerar Cinematic VR i det dagliga diagnostiska arbetet.&lt;br&gt;&lt;br&gt;&lt;\/p&gt; \n                 &lt;p&gt;&lt;b&gt;3D-utskrifter \u2013 doktorns n\u00f6je eller till patientens nytta?&lt;\/b&gt;&lt;\/p&gt; \n                 &lt;p&gt; &lt;\/p&gt; \n                 &lt;p&gt;Dr Lena Gordon Murkes, \u00f6verl\u00e4kare, barnr\u00f6ntgen p\u00e5 Astrid Lindgrens Barnsjukhus ber\u00e4ttar om sina erfarenheter kring 3D-utskrifter, om till\u00e4mpningsomr\u00e5den samt framtidsvisioner.&lt;\/p&gt; \n                &lt;br&gt;&lt;br&gt;\"\n                data-category=\"Sponsorer\"\n                data-category-ids=\"1014\"\n                data-span-all=\"\"\n              >\n\n              \n\n              <div class=\"vertical_bar\" style=\"background-color: #CC33FF;\"><\/div>\n              <div class=\"box_inner\">\n                                <span>Sponsorer: Cinematric Volume Rendering (VR)<\/span>\n               <br>\n               <div class=\"lecturer\"><span>Gudrun Feuchtner; Lena Gordon Murkes<\/span><\/div>\n               <div class=\"room_div \">\n                 <i class=\"list-room\">Sonaten<\/i>\n               <\/div>\n\n               <div class=\"name_time_div\">\n                <i class=\"list-time\" data-time=\"15:45\">15:45-16:45 - Onsdag 13 september<\/i>\n               <\/div>\n              <\/div>\n             <\/div>\n          <\/div>\n\n          \n          <div class=\"box-wrapper\"\n              data-id=\"1102\">\n\n              <div class='time-header'>16:00<\/div>\n\n              <div class=\"box\"\n                data-id=\"1102\"\n                data-project=\"project_276_2017_03_27\"\n                data-title=\"MTF - M\u00e4nniska - system - interaktion II\"\n                data-time=\"16:00-18:00\"\n                data-room=\"Flygvapenmuseum\"\n                data-room-id=\"1020\"\n                data-room-name=\"Flygvapenmuseum\"\n                data-day=\"1\"\n                data-abs-nbr=\"\"\n                data-abs-path=\"\"\n                data-speaker=\"Martin St\u00e5l; Erik Sundvall\"\n                data-speakercell=\"Martin St\u00e5l; Erik Sundvall\"\n                data-info=\"&lt;b&gt;Moderatorer: &lt;\/b&gt;Maria Wirenstedt&lt;br&gt;&lt;br&gt; \n                 &lt;p&gt;Onsdag 13 September 1600-1645 \u2013 OBS-lokal: Flygvapenmuseum &lt;br&gt;&lt;br&gt;MTF - M\u00e4nniska - system - interaktion II&lt;br&gt;Som komplement till studiebes\u00f6ket tidigare under dagen ber\u00e4ttar testpilot Martin St\u00e5l bland annat om FFC ur en pilots perspektiv samt om JAS Gripen E. F\u00f6rel\u00e4sningens inneh\u00e5ll \u00e4r \u00e4nnu inte helt klar men vi garanterar att det kommer bli ett intressant f\u00f6redrag. De som anm\u00e4lt sig och f\u00e5tt plats till studiebes\u00f6ket p\u00e5 FlygFysiologiskt Centrum, QinetiQ,blir automatiskt anm\u00e4lda till detta f\u00f6rel\u00e4sningsblock med tv\u00e5 intressanta f\u00f6rel\u00e4sningar (Jas Gripen E och Atrificial Intelligence). F\u00f6r er som tyv\u00e4rr inte f\u00e5tt plats p\u00e5 studiebes\u00f6ket kommer erbjudas plats p\u00e5 detta f\u00f6rel\u00e4sningsblock d\u00e4r platserna inte \u00e4r lika begr\u00e4nsade. Ni som enbart \u00e4r intresserade av denna f\u00f6rel\u00e4sning \u00e4r ocks\u00e5 v\u00e4lkomna att anm\u00e4la er. MTF\u00b4s buss fr\u00e5n Link\u00f6ping Konsert &amp;amp; Kongress avg\u00e5r till Flygvapenmuseum kl 15:30 Anm\u00e4lan sker till maria.wirenstedt@ltblekinge.se I anm\u00e4lan uppges namn, arbetsplats och mobiltelefonnummer. &lt;br&gt;&lt;br&gt;Onsdag 13 September 1645-1745 \u2013 OBS-lokal: Flygvapenmueseum &lt;br&gt;Abstract - M\u00e4nniska - system - interaktion III Artificial Intelligence F\u00f6rel\u00e4sningen j\u00e4mf\u00f6r tv\u00e5 initiativ med sikte p\u00e5 \u00e5r 2025, en vision (fr\u00e5n SKL och regeringen) om att Sverige ska bli v\u00e4rldsb\u00e4st p\u00e5 eH\u00e4lsa samt en plan (fr\u00e5n Elon Musk, SpaceX) p\u00e5 ett interplanet\u00e4rt transportsystem som tar m\u00e4nniskor till planeten Mars och vidare. F\u00f6redragsh\u00e5llaren som \u00e4r informationsarkitekt, civilingenj\u00f6r och forskare i medicinsk informatik diskuterar hur angreppss\u00e4tt fr\u00e5n Mars-projektet kan till\u00e4mpas p\u00e5 eH\u00e4lsa\/v\u00e5rd-IT. Mars-planen bygger p\u00e5 ett system-t\u00e4nkande med solida motivationsm\u00e4ssiga, ingenj\u00f6rsm\u00e4ssiga och ekonomiska resonemang. \u00c5teranv\u00e4ndbara komponenter och optimering kraftigt minskar resurs\u00e5tg\u00e5ngen f\u00f6r rymdfart till en niv\u00e5 d\u00e4r projektet blir realistiskt. Arbetet med test av de sv\u00e5raste momenten prioriteras f\u00f6r att minska framtida os\u00e4kerheter och risker. Arbetet med eH\u00e4lsa\/v\u00e5rd-IT i Sverige har ofta liknat traditionell dyr rymdfart d\u00e4r mycket arbete m\u00e5ste g\u00f6ras p\u00e5 nytt inf\u00f6r varje nytt projekt eller st\u00f6rre uppdatering. Till\u00e4mpad medicinsk informatik-forskning har l\u00e4nge betonat vikten av ett djupt kliniskt engagemang och systemt\u00e4nkande kring \u201csemantisk interoperabilitet\u201d och \u00e5teranv\u00e4ndning som kan minimera tid och resurser som kr\u00e4vs f\u00f6r att f\u00e5 IT-st\u00f6den att f\u00f6lja med i takt med (och i b\u00e4sta fall p\u00e5skynda) utvecklingen inom medicin, v\u00e5rd och omsorg. F\u00f6r att minska risken f\u00f6r \u00e5terv\u00e4ndsgr\u00e4nder inom eH\u00e4lsa b\u00f6r vi ta till oss forskningen, f\u00f6rdjupa oss och v\u00e5ga prioritera de sv\u00e5raste momenten. Vi beh\u00f6ver samarbeta nationellt och internationellt kring t.ex. standardisering, begrepps- \/terminologi-system, dokumentationsmodeller, beslutsst\u00f6d och artificiell intelligens.&lt;br&gt;&lt;\/p&gt; \n                &lt;br&gt;&lt;br&gt;\"\n                data-category=\"MTF - Svensk f\u00f6rening f\u00f6r Medicinsk Teknik och Fysik\"\n                data-category-ids=\"1009\"\n                data-span-all=\"\"\n              >\n\n              \n\n              <div class=\"vertical_bar\" style=\"background-color: #CCCC66;\"><\/div>\n              <div class=\"box_inner\">\n                                <span>MTF - M\u00e4nniska - system - interaktion II<\/span>\n               <br>\n               <div class=\"lecturer\"><span>Martin St\u00e5l; Erik Sundvall<\/span><\/div>\n               <div class=\"room_div \">\n                 <i class=\"list-room\">Flygvapenmuseum<\/i>\n               <\/div>\n\n               <div class=\"name_time_div\">\n                <i class=\"list-time\" data-time=\"16:00\">16:00-18:00 - Onsdag 13 september<\/i>\n               <\/div>\n              <\/div>\n             <\/div>\n          <\/div>\n\n          <div class='list_header' data-day='2' style='background-color: rgba(32, 132, 196, 0.83); color: rgba(255, 255, 255, 1);'>Torsdag 14 september<\/div>\n          <div class=\"box-wrapper\"\n              data-id=\"1110\">\n\n              <div class='time-header'>08:30<\/div>\n\n              <div class=\"box\"\n                data-id=\"1110\"\n                data-project=\"project_276_2017_03_27\"\n                data-title=\"SFGAR - Radiologi i SVF kolorektal- och analcancer\"\n                data-time=\"08:30-10:00\"\n                data-room=\"Musikalen\"\n                data-room-id=\"1003\"\n                data-room-name=\"Musikalen\"\n                data-day=\"2\"\n                data-abs-nbr=\"\"\n                data-abs-path=\"\"\n                data-speaker=\"Peter Leander; Carin Cronberg\"\n                data-speakercell=\"Peter Leander; Carin Cronberg\"\n                data-info=\"&lt;b&gt;Moderatorer: &lt;\/b&gt;Peter K\u00e4lebo&lt;br&gt;&lt;br&gt;\n                 &lt;p&gt;Kolorektal cancer Peter Leander Sk\u00e5nes Universitetssjukv\u00e5rd, SUS &lt;br&gt;Analcancer Carin Cronberg Sk\u00e5nes Universitetssjukv\u00e5rd, SUS&lt;br&gt;&lt;br&gt;Abstract kolorektal cancer &lt;br&gt;En kort beskrivning kommer att ges av det Svenska Kolorektalcancerregistret (SCRCR)med dess olika moduler och inneh\u00e5ll. H\u00e4r kommer ocks\u00e5 att presenteras argument f\u00f6r varf\u00f6r radiologer skall bidra med data till kvalitetsregister som prim\u00e4rt anv\u00e4nds av v\u00e5ra kliniska kollegor och i samband med detta p\u00e5 vilket s\u00e4tt vi kan dra nytta av data fr\u00e5n dessa register. Efter samarbete med SFGAR har en radiologisk modul tillskapats i SCRCR och nu b\u00f6rjar vi i samband med multidisciplin\u00e4ra konferenser att mata in registerdata f\u00f6r nya fall av kolorektal cancer. S\u00e4tt att strukturera utl\u00e5tanden f\u00f6r att f\u00f6renkla inmatning i registret och hur detta kan hanteras i den kliniska vardagen kommer att redovisas tillsammans med tidiga erfarenheter som finns fr\u00e5n Sk\u00e5ne och Stockholm. &lt;br&gt;&lt;br&gt;Abstract analcancer &lt;br&gt;1. Utarbetande av v\u00e5rdprogram och SVF, s\u00e5 h\u00e4r gjorde vi n\u00e4r vi skrev vp\/svf analcancer. &lt;br&gt;2. En beskrivning av hur vi vid SUS arbetar med SVF \u00f6ver huvud taget och med SVF analcancer i synnerhet; fr\u00e5n etablerande av rutiner med hj\u00e4lp av v\u00e5ra f\u00f6r detta m\u00e5l s\u00e4rskilt engagerade sjuksk\u00f6terskor, kontakter med koordinatorer, utarbetande av rutiner och krav f\u00f6r SVF tillsammans med v\u00e5ra remittenter, avsatta tider f\u00f6r unders\u00f6kningar, unders\u00f6kningsutl\u00e5tanden och MDK. Vi lyckas bra med att h\u00e5lla ledtider!&lt;br&gt;&lt;\/p&gt;\n                &lt;br&gt;&lt;br&gt;\"\n                data-category=\"SFMR - Delf\u00f6reningar\"\n                data-category-ids=\"1006\"\n                data-span-all=\"\"\n              >\n\n              \n\n              <div class=\"vertical_bar\" style=\"background-color: #6699CC;\"><\/div>\n              <div class=\"box_inner\">\n                                <span>SFGAR - Radiologi i SVF kolorektal- och analcancer<\/span>\n               <br>\n               <div class=\"lecturer\"><span>Peter Leander; Carin Cronberg<\/span><\/div>\n               <div class=\"room_div \">\n                 <i class=\"list-room\">Musikalen<\/i>\n               <\/div>\n\n               <div class=\"name_time_div\">\n                <i class=\"list-time\" data-time=\"08:30\">08:30-10:00 - Torsdag 14 september<\/i>\n               <\/div>\n              <\/div>\n             <\/div>\n          <\/div>\n\n          \n          <div class=\"box-wrapper\"\n              data-id=\"1111\">\n\n              <div class='time-header' style='visibility: hidden;'>08:30<\/div>\n\n              <div class=\"box\"\n                data-id=\"1111\"\n                data-project=\"project_276_2017_03_27\"\n                data-title=\"Musculoskeletal ultrasound - when, why and how to do it \"\n                data-time=\"08:30-09:45\"\n                data-room=\"Operan\"\n                data-room-id=\"1004\"\n                data-room-name=\"Operan\"\n                data-day=\"2\"\n                data-abs-nbr=\"\"\n                data-abs-path=\"\"\n                data-speaker=\"David Wilson; Gina Allen\"\n                data-speakercell=\"David Wilson; Gina Allen\"\n                data-info=\"&lt;b&gt;Moderatorer: &lt;\/b&gt;Bj\u00f6rn Lundin; Sara Sehlstedt&lt;br&gt;&lt;br&gt; \n                 &lt;p&gt;Musculoskeletal ultrasound - when, why and how to do it &lt;br&gt;&lt;br&gt;F\u00f6rel\u00e4sare: David Wilson Consultant Musculoskeletal Radiologist, St Lukes Radiology Oxford and Oxford University. Recent President of the British Institute of Radiology. Gina Allen Consultant Musculoskeletal Radiologist and Sports Physician, St Lukes Radiology Oxford and Oxford University. Director of Radiology Inhealth UK. &lt;br&gt;&lt;br&gt;Summary: &quot; The use of ultrasound in muskoloskeletal radiology is increasing. This is not surprising as it\u00b4s a relatively inexpensive, fast, harmless and ready available method. But the examinationstechnique can be challenging, at least for beginners. Fortunately we can present two well known speakers: Dr David Wilson and Dr Gina Allen from Oxford, England. They will share their considerable experience in practising and teaching in musculoskeletal ultrasound, and also compare the use of ultrasound to other imaging techniques. The lectures will include live demonstration of different ultrasound examinations on live models\/patients. &lt;br&gt;&lt;br&gt;Time (8.30-10.00): Lower extremity: Hip, knee, ankle.&amp;nbsp;&lt;\/p&gt;&lt;p&gt;&lt;br&gt;&lt;\/p&gt; \n                &lt;br&gt;&lt;br&gt;\"\n                data-category=\"SFMR - Delf\u00f6reningar\"\n                data-category-ids=\"1006\"\n                data-span-all=\"\"\n              >\n\n              \n\n              <div class=\"vertical_bar\" style=\"background-color: #6699CC;\"><\/div>\n              <div class=\"box_inner\">\n                                <span>Musculoskeletal ultrasound - when, why and how to do it <\/span>\n               <br>\n               <div class=\"lecturer\"><span>David Wilson; Gina Allen<\/span><\/div>\n               <div class=\"room_div \">\n                 <i class=\"list-room\">Operan<\/i>\n               <\/div>\n\n               <div class=\"name_time_div\">\n                <i class=\"list-time\" data-time=\"08:30\">08:30-09:45 - Torsdag 14 september<\/i>\n               <\/div>\n              <\/div>\n             <\/div>\n          <\/div>\n\n          \n          <div class=\"box-wrapper\"\n              data-id=\"1115\">\n\n              <div class='time-header' style='visibility: hidden;'>08:30<\/div>\n\n              <div class=\"box\"\n                data-id=\"1115\"\n                data-project=\"project_276_2017_03_27\"\n                data-title=\"SFMR - Kvalitetsdag: \\\"Integration - v\u00e4gen till framg\u00e5ng\\\"\"\n                data-time=\"08:30-10:00\"\n                data-room=\"Studion\"\n                data-room-id=\"1007\"\n                data-room-name=\"Studion\"\n                data-day=\"2\"\n                data-abs-nbr=\"\"\n                data-abs-path=\"\"\n                data-speaker=\"Pelle Gustafsson; Hampus Ekl\u00f6f\"\n                data-speakercell=\"Pelle Gustafsson; Hampus Ekl\u00f6f\"\n                data-info=\"&lt;b&gt;Moderatorer: &lt;\/b&gt;John Brandberg&lt;br&gt;&lt;br&gt; \n                 &lt;p&gt;&lt;\/p&gt; \n                 &lt;table&gt; \n                  &lt;tbody&gt; \n                   &lt;tr&gt; \n                    &lt;td&gt;&lt;p&gt;&lt;span style=&quot;font-weight: bold;&quot;&gt;&quot;Integration - v\u00e4gen till framg\u00e5ng&quot;&lt;\/span&gt;&lt;\/p&gt;&lt;p&gt;&lt;em&gt;Moderator: John Brandberg&lt;\/em&gt;&lt;\/p&gt;&lt;p&gt;8.30 - 9.15 S\u00e4ker traumav\u00e5rd, initiala erfarenheter fr\u00e5n bes\u00f6k i \u00f6ver halva Sverige.&lt;br&gt;&lt;em&gt;Pelle Gustafson&lt;\/em&gt;&lt;\/p&gt;&lt;p&gt;9.15 - 9.45 Helkroppsdatortomografi vid trauma, f\u00f6rslag p\u00e5 rutin.&lt;br&gt;&lt;em&gt;Hampus Ekl\u00f6f&lt;\/em&gt;&lt;\/p&gt;&lt;p&gt;9.45 - 10.00 Diskussion&lt;\/p&gt;&lt;\/td&gt; \n                   &lt;\/tr&gt; \n                  &lt;\/tbody&gt; \n                 &lt;\/table&gt; \n                &lt;br&gt;&lt;br&gt;\"\n                data-category=\"SFMR - Svensk F\u00f6rening f\u00f6r Medicinsk Radiologi\"\n                data-category-ids=\"1004\"\n                data-span-all=\"\"\n              >\n\n              \n\n              <div class=\"vertical_bar\" style=\"background-color: #0099FF;\"><\/div>\n              <div class=\"box_inner\">\n                                <span>SFMR - Kvalitetsdag: \"Integration - v\u00e4gen till framg\u00e5ng\"<\/span>\n               <br>\n               <div class=\"lecturer\"><span>Pelle Gustafsson; Hampus Ekl\u00f6f<\/span><\/div>\n               <div class=\"room_div \">\n                 <i class=\"list-room\">Studion<\/i>\n               <\/div>\n\n               <div class=\"name_time_div\">\n                <i class=\"list-time\" data-time=\"08:30\">08:30-10:00 - Torsdag 14 september<\/i>\n               <\/div>\n              <\/div>\n             <\/div>\n          <\/div>\n\n          \n          <div class=\"box-wrapper\"\n              data-id=\"1122\">\n\n              <div class='time-header' style='visibility: hidden;'>08:30<\/div>\n\n              <div class=\"box\"\n                data-id=\"1122\"\n                data-project=\"project_276_2017_03_27\"\n                data-title=\"Ultraljudsf\u00f6reningen, Hands-on workshop\"\n                data-time=\"08:30-10:00\"\n                data-room=\"Loge 4\"\n                data-room-id=\"1014\"\n                data-room-name=\"Loge 4\"\n                data-day=\"2\"\n                data-abs-nbr=\"\"\n                data-abs-path=\"\"\n                data-speaker=\"\"\n                data-speakercell=\"\"\n                data-info=\"&lt;p&gt;Workshops, handson och demonstrationer av ultraljud&lt;\/p&gt;&lt;p&gt;&lt;i&gt;Okej, vi erk\u00e4nner \u2013 vi \u00e4r ett g\u00e4ng ultraljudsn\u00f6rdar som \u00e5terstartat SFMU. P\u00e5 R\u00f6ntgenveckan hittar vi ocks\u00e5 de allra senaste ultraljudsmaskinerna, det \u00e4r rena julaftonen!&lt;br&gt;&lt;\/i&gt;&lt;i&gt;F\u00f6r att sprida v\u00e5r entusiasm \u00f6ver ultraljud har vi sessioner i Loge 4+6 p\u00e5 R\u00f6ntgenveckan, d\u00e4r vi kan tr\u00e4na ultraljud p\u00e5 riktigt. H\u00e4ng p\u00e5 n\u00e4r vi visar upp v\u00e5ra favoritunders\u00f6kningar!&lt;br&gt;&lt;\/i&gt;&lt;i&gt;OBS- ingen bokning, f\u00f6rst till kvarn g\u00e4ller ... V\u00e4lkomna!&lt;\/i&gt;&lt;\/p&gt;&lt;p&gt;&lt;i&gt;Bli medlem? &amp;nbsp;Maila: sfmu.sfmu@gmail.com&lt;br&gt;&lt;\/i&gt;&lt;\/p&gt;&lt;p&gt;&lt;b&gt;Tisdag 12 sept:&lt;\/b&gt;&lt;\/p&gt;&lt;p&gt;&lt;b&gt;Kl 12.45-13.30: Muskuloskeletalt ultraljud, ffa axlar.&amp;nbsp;&amp;nbsp;&lt;\/b&gt;Dr Laszlo Toth, Hudiksvalls Sjukhus&lt;\/p&gt;&lt;p&gt;&lt;\/p&gt;&lt;p&gt;&lt;b&gt;Kl 13.30-16.45 Biopsitr\u00e4ning p\u00e5 preparat\u2013 enbart f\u00f6r deltagare p\u00e5 ST-kurs i ultraljudsv\u00e4gledda punktioner.&lt;br&gt;&lt;br&gt;&lt;\/b&gt;&lt;\/p&gt;&lt;p&gt;&lt;b&gt;Onsdag 13 sept:&lt;\/b&gt;&lt;\/p&gt;&lt;p&gt;&lt;b&gt;Kl 8.30-9.45: \u201dAkut ultraljud \u2013 EFAST, POCUS, och annat man g\u00f6r p\u00e5 akutrummet\u2026\u201d&amp;nbsp;&lt;\/b&gt;Dr Jesper Danielsson, St G\u00f6rans Sjukhus&lt;\/p&gt;&lt;p&gt;&lt;b&gt;Kl 8.30-9.45: \u201dLeverelastografi, demo och hands-on&lt;\/b&gt;\u201d. Sonograf Marie Byenfeldt, \u00d6stersunds Sjukhus.&lt;\/p&gt;&lt;p&gt;&lt;b&gt;Kl 10.00-11.00: \u00c5rsm\u00f6te SFMU&lt;\/b&gt;&lt;\/p&gt;&lt;p&gt;&lt;b&gt;Kl 11.00-12.15 : \u201dFria fl\u00f6den? Doppler av perifera och centrala blodk\u00e4rl\u201d.&amp;nbsp;&lt;\/b&gt;&amp;nbsp;Dr Kristina Dahlstr\u00f6m, Faluns Sjukhus&lt;b&gt;&lt;\/b&gt;&lt;\/p&gt;&lt;p&gt;&lt;b&gt;Kl 11.00-12.15: : \u201dMuskuloskeletalt ultraljud, ffa axlar\u201d.&amp;nbsp;&lt;\/b&gt;Dr Laszlo Toth, Hudiksvalls Sjukhus&lt;b&gt;&lt;\/b&gt;&lt;\/p&gt;&lt;p&gt;&lt;b&gt;13.30-14.45: \u201dBiopsitr\u00e4ning \u2013 ultraljudsv\u00e4gledda punktioner, demonstration och praktisk \u00f6vning p\u00e5 preparat\u201d.&lt;\/b&gt;&amp;nbsp;Dr Stefan H\u00f6rnlund, Sundsvalls sjukhus&lt;\/p&gt;&lt;p&gt;&lt;b&gt;13.30-14.45 \u201dSonograf? Prova-p\u00e5-ultraljud f\u00f6r nyfikna r\u00f6ntgensjuksk\u00f6terskor\u201d.&lt;\/b&gt;&amp;nbsp;Sonograf Karin Asplund, Astrid Lindgrens Barnsjukhus&lt;\/p&gt;&lt;p&gt;&lt;b&gt;Kl 15.45-16.45: \u201dFusion av MR-buk och ultraljud, demonstration live och praktisk&amp;nbsp;&lt;\/b&gt;\u00f6vning\u201d.&amp;nbsp;&amp;nbsp; Dr Sara Sehlstedt, \u00d6stersunds Sjukhus&lt;\/p&gt;&lt;p&gt;&lt;b&gt;Kl 15.45-16.45&lt;\/b&gt;:&amp;nbsp;&lt;b&gt;\u201dSonograf? Prova-p\u00e5-ultraljud f\u00f6r nyfikna r\u00f6ntgensjuksk\u00f6terskor\u201d.&amp;nbsp;&lt;\/b&gt;Sonograf Maria Zetterman, Astrid Lindgrens Barnsjukhus&lt;br&gt;&lt;br&gt;Torsdag 14 sept.&lt;\/p&gt;&lt;p&gt;&lt;b&gt;Kl 9.50-10.45: &amp;nbsp;\u201dUltraljudsv\u00e4gledda biopsier, demo och praktisk \u00f6vning p\u00e5 preparat\u201d.&amp;nbsp;&amp;nbsp;&lt;\/b&gt;Dr Stefan H\u00f6rnlund, Sundsvalls Sjukhus.&lt;\/p&gt;&lt;p&gt;&lt;b&gt;Kl 13.30-15.00: \u201dMuskuloskeletalt ultraljud,&amp;nbsp; fr\u00e4mst \u00f6vre extremitet\u201d.&lt;\/b&gt;&amp;nbsp;Dr David Wilson och Dr Gina Allen, Oxford samt Dr Magnus Hjelm, G\u00e4vle Sjukhus och Dr Johan Krause, Uppsala Akademiska Sjukhus.&lt;\/p&gt;&lt;p&gt;&lt;b&gt;Kl 15.45-16.45:&lt;\/b&gt;&amp;nbsp;&lt;b&gt;\u201dMuskuloskeletalt ultraljud,&amp;nbsp; fr\u00e4mst nedre extremitet\u201d.&lt;\/b&gt;&amp;nbsp;Dr David Wilson och Dr Gina Allen, Oxford samt Dr Magnus Hjelm, G\u00e4vle Sjukhus och Dr Johan Krause, Uppsala Akademiska Sjukhus&lt;b&gt;&lt;\/b&gt;&lt;\/p&gt;&lt;p&gt;&lt;i&gt;&lt;br&gt;&lt;\/i&gt;&lt;\/p&gt;&lt;br&gt;&lt;br&gt;\"\n                data-category=\"Ultraljudsf\u00f6reningens hands-on\"\n                data-category-ids=\"1015\"\n                data-span-all=\"\"\n              >\n\n              \n\n              <div class=\"vertical_bar\" style=\"background-color: #FFCCFF;\"><\/div>\n              <div class=\"box_inner\">\n                                <span>Ultraljudsf\u00f6reningen, Hands-on workshop<\/span>\n               <br>\n               \n               <div class=\"room_div \">\n                 <i class=\"list-room\">Loge 4<\/i>\n               <\/div>\n\n               <div class=\"name_time_div\">\n                <i class=\"list-time\" data-time=\"08:30\">08:30-10:00 - Torsdag 14 september<\/i>\n               <\/div>\n              <\/div>\n             <\/div>\n          <\/div>\n\n          \n          <div class=\"box-wrapper\"\n              data-id=\"1121\">\n\n              <div class='time-header' style='visibility: hidden;'>08:30<\/div>\n\n              <div class=\"box\"\n                data-id=\"1121\"\n                data-project=\"project_276_2017_03_27\"\n                data-title=\"SPUR-tr\u00e4ff\"\n                data-time=\"08:30-10:00\"\n                data-room=\"Pressl\u00e4ktaren\"\n                data-room-id=\"1013\"\n                data-room-name=\"Pressl\u00e4ktaren\"\n                data-day=\"2\"\n                data-abs-nbr=\"\"\n                data-abs-path=\"\"\n                data-speaker=\"\"\n                data-speakercell=\"\"\n                data-info=\"\"\n                data-category=\"SFMR - Svensk F\u00f6rening f\u00f6r Medicinsk Radiologi\"\n                data-category-ids=\"1004\"\n                data-span-all=\"\"\n              >\n\n              \n\n              <div class=\"vertical_bar\" style=\"background-color: #0099FF;\"><\/div>\n              <div class=\"box_inner\">\n                                <span>SPUR-tr\u00e4ff<\/span>\n               <br>\n               \n               <div class=\"room_div \">\n                 <i class=\"list-room\">Pressl\u00e4ktaren<\/i>\n               <\/div>\n\n               <div class=\"name_time_div\">\n                <i class=\"list-time\" data-time=\"08:30\">08:30-10:00 - Torsdag 14 september<\/i>\n               <\/div>\n              <\/div>\n             <\/div>\n          <\/div>\n\n          \n          <div class=\"box-wrapper\"\n              data-id=\"1113\">\n\n              <div class='time-header' style='visibility: hidden;'>08:30<\/div>\n\n              <div class=\"box\"\n                data-id=\"1113\"\n                data-project=\"project_276_2017_03_27\"\n                data-title=\"SFR - Utmaningar och m\u00f6jligheter vid barnunders\u00f6kningar\"\n                data-time=\"08:30-10:00\"\n                data-room=\"Spegelsalen\"\n                data-room-id=\"1006\"\n                data-room-name=\"Spegelsalen\"\n                data-day=\"2\"\n                data-abs-nbr=\"\"\n                data-abs-path=\"\"\n                data-speaker=\"Ingalill  Gimbler-Berglund; Christin Ekestubbe; Ilhan Omar; Lena Gordon\"\n                data-speakercell=\"Ingalill  Gimbler-Berglund; Christin Ekestubbe; Ilhan Omar; Lena Gordon\"\n                data-info=\"&lt;b&gt;Moderatorer: &lt;\/b&gt;Berit Bj\u00f6rkman&lt;br&gt;&lt;br&gt;&lt;p&gt;&lt;span style=&quot;font-weight: bold;&quot;&gt;&quot;\u00c4r vi rustade f\u00f6r att m\u00f6ta barn med speciella behov?&quot;&amp;nbsp;&lt;\/span&gt;&lt;br&gt;F\u00f6rel\u00e4sare: Ingalill Gimbler-Berglund&lt;br&gt;&lt;br&gt;&lt;span style=&quot;text-decoration-line: underline;&quot;&gt;Bakgrund:&lt;\/span&gt; Att genomg\u00e5 unders\u00f6kningar i en h\u00f6gteknologisk v\u00e5rdmilj\u00f6 som till exempel anestesi eller\nr\u00f6ntgen, kan medf\u00f6ra oro f\u00f6r barn och s\u00e4rskild om barnet befinner sig inom autismspektrumet. Detta kan\nvara en utmaning f\u00f6r v\u00e5rdpersonalen, d\u00e4r riktlinjer kan vara en hj\u00e4lp f\u00f6r en personcentrerad\nunders\u00f6kningssituation.\n&lt;br&gt;&lt;span style=&quot;text-decoration-line: underline;&quot;&gt;Syfte:&lt;\/span&gt; Att arbeta personcentrerad i m\u00f6tet med barn i h\u00f6gteknologisk milj\u00f6 med fokus p\u00e5 barn med\nautismspektrumtillst\u00e5nd,\nMaterial och metoder Tv\u00e5 nationella unders\u00f6kningar gjordes f\u00f6r att f\u00e5 kunskap om f\u00f6rh\u00e5llanden i\nSveriges vad g\u00e4ller riktlinjer och rutiner f\u00f6r omh\u00e4ndertagande av barn med Autismspektrum tillst\u00e5nd i\nh\u00f6gteknologiska milj\u00f6er d\u00e4r 86 radiologiska avdelningar, 68 anestesiavdelningar och 38 pediatriska\navdelningar besvarade enk\u00e4ten. Beskrivande statistik och kvalitativ inneh\u00e5llsanalys anv\u00e4ndes f\u00f6r att\nanalysera svaren. P\u00e5 grund av den begr\u00e4nsade f\u00f6rekomsten av riktlinjer utarbetades riktlinjer med hj\u00e4lp\nav en Delphi-studie med 21 experter\n&lt;br&gt;&lt;span style=&quot;text-decoration-line: underline;&quot;&gt;Resultat&lt;\/span&gt;: Sju avdelningar i anestesi sammanhang hade riktlinjer f\u00f6r omh\u00e4ndertagande av barn med AST\np\u00e5 \u00f6vriga avdelningar var v\u00e5rden av barn med AST beroende av kunskapen om AST hos sjuksk\u00f6terskan\nsom f\u00f6r n\u00e4rvarande arbetar d\u00e4r. Ingen av r\u00f6ntgenavdelningarna i Sverige hade riktlinjer f\u00f6r hur man tar\nhand om barn med AST i samband med en unders\u00f6kning. Som ett resultat av dessa kartl\u00e4ggningar,\nidentifierades behovet av strukturerade riktlinjer f\u00f6r v\u00e5rd av barn med AST i en h\u00f6gteknologisk milj\u00f6 och\nriktlinjer samt en checklista skapades. Riktlinjerna avser organisationsstrukturen f\u00f6r v\u00e5rd av barn med\nsv\u00e5righeter g\u00e4llande social interaktion, kommunikation, sensorisk k\u00e4nslighet och som dessutom \u00e4r\nberoende av rutiner. Checklistan avser att samla information om det specifika barnet f\u00f6r att kunna ge\nperson-centrerad v\u00e5rd baserat p\u00e5 barnets specifika behov.\n&lt;br&gt;&lt;span style=&quot;text-decoration-line: underline;&quot;&gt;Konklusion:&lt;\/span&gt; Det finns ett begr\u00e4nsat antal riktlinjer f\u00f6r att minska oro hos barn med\nautismspektrumtillst\u00e5nd i en h\u00f6gteknologisk v\u00e5rdmilj\u00f6. Riktlinjer skapades som ett verktyg f\u00f6r att arbeta\npersoncentrerad i m\u00f6tet med barn i denna milj\u00f6. Det faktum att flera problem samexisterar under\nbegreppet autismspektrumtillst\u00e5nd g\u00f6r detta till ett anv\u00e4ndbart tillst\u00e5nd att ha som underlag f\u00f6r att skapa\nnationella riktlinjer. Riktlinjer som tillgodoser v\u00e5rd av barn med AST i en h\u00f6gteknologisk milj\u00f6 skulle\nocks\u00e5 kunna omfatta v\u00e5rd av barn med andra utvecklingsrelaterade funktionsneds\u00e4ttningar som uppvisar\nn\u00e5gra av de problem som barn med AST har.&lt;br&gt;&lt;\/p&gt;&lt;br&gt;&lt;br&gt;\"\n                data-category=\"SFR - Svensk F\u00f6rening f\u00f6r R\u00f6ntgensjuksk\u00f6terskor\"\n                data-category-ids=\"1007\"\n                data-span-all=\"\"\n              >\n\n              \n\n              <div class=\"vertical_bar\" style=\"background-color: #33CC66;\"><\/div>\n              <div class=\"box_inner\">\n                                <span>SFR - Utmaningar och m\u00f6jligheter vid barnunders\u00f6kningar<\/span>\n               <br>\n               <div class=\"lecturer\"><span>Ingalill  Gimbler-Berglund; Christin Ekestubbe; Ilhan Omar; Lena Gordon<\/span><\/div>\n               <div class=\"room_div \">\n                 <i class=\"list-room\">Spegelsalen<\/i>\n               <\/div>\n\n               <div class=\"name_time_div\">\n                <i class=\"list-time\" data-time=\"08:30\">08:30-10:00 - Torsdag 14 september<\/i>\n               <\/div>\n              <\/div>\n             <\/div>\n          <\/div>\n\n          \n          <div class=\"box-wrapper\"\n              data-id=\"1123\">\n\n              <div class='time-header' style='visibility: hidden;'>08:30<\/div>\n\n              <div class=\"box\"\n                data-id=\"1123\"\n                data-project=\"project_276_2017_03_27\"\n                data-title=\"Ultraljudsf\u00f6reningen, Hands-on workshop\"\n                data-time=\"08:30-10:00\"\n                data-room=\"Loge 6\"\n                data-room-id=\"1015\"\n                data-room-name=\"Loge 6\"\n                data-day=\"2\"\n                data-abs-nbr=\"\"\n                data-abs-path=\"\"\n                data-speaker=\"\"\n                data-speakercell=\"\"\n                data-info=\"&lt;p&gt;&lt;i&gt;Okej, vi erk\u00e4nner \u2013 vi \u00e4r ett g\u00e4ng ultraljudsn\u00f6rdar som \u00e5terstartat SFMU. P\u00e5 R\u00f6ntgenveckan hittar vi ocks\u00e5 de allra senaste ultraljudsmaskinerna, det \u00e4r rena julaftonen!&amp;nbsp;&lt;\/i&gt;&lt;i&gt;F\u00f6r att sprida v\u00e5r entusiasm \u00f6ver ultraljud har vi sessioner i Loge 4+6 p\u00e5 R\u00f6ntgenveckan, d\u00e4r vi kan tr\u00e4na ultraljud p\u00e5 riktigt. H\u00e4ng p\u00e5 n\u00e4r vi visar upp v\u00e5ra favoritunders\u00f6kningar!&lt;\/i&gt;&lt;\/p&gt;&lt;p&gt;&lt;i&gt;OBS- ingen bokning, f\u00f6rst till kvarn g\u00e4ller ... V\u00e4lkomna!&lt;br&gt;&lt;br&gt;&lt;\/i&gt;&lt;\/p&gt;&lt;p&gt;&lt;b&gt;Kl 9.50-10.45: &amp;nbsp;\u201dUltraljudsv\u00e4gledda biopsier, demo och praktisk \u00f6vning p\u00e5 preparat\u201d.&amp;nbsp;&amp;nbsp;&lt;\/b&gt;Dr Stefan H\u00f6rnlund, Sundsvalls Sjukhus.&lt;\/p&gt;&lt;p&gt;&lt;b&gt;Kl 13.30-15.00: \u201dMuskuloskeletalt ultraljud,&amp;nbsp; fr\u00e4mst \u00f6vre extremitet\u201d.&lt;\/b&gt;&amp;nbsp;Dr David Wilson och Dr Gina Allen, Oxford samt Dr Magnus Hjelm, G\u00e4vle Sjukhus och Dr Johan Krause, Uppsala Akademiska Sjukhus.&lt;\/p&gt;&lt;p&gt;&lt;\/p&gt;&lt;p&gt;&lt;b&gt;Kl 15.45-16.45:&lt;\/b&gt;&amp;nbsp;&lt;b&gt;\u201dMuskuloskeletalt ultraljud,&amp;nbsp; fr\u00e4mst nedre extremitet\u201d.&lt;\/b&gt;&amp;nbsp;Dr David Wilson och Dr Gina Allen, Oxford samt Dr Magnus Hjelm, G\u00e4vle Sjukhus och Dr Johan Krause, Uppsala Akademiska Sjukhus&lt;\/p&gt;&lt;br&gt;&lt;br&gt;\"\n                data-category=\"Ultraljudsf\u00f6reningens hands-on\"\n                data-category-ids=\"1015\"\n                data-span-all=\"\"\n              >\n\n              \n\n              <div class=\"vertical_bar\" style=\"background-color: #FFCCFF;\"><\/div>\n              <div class=\"box_inner\">\n                                <span>Ultraljudsf\u00f6reningen, Hands-on workshop<\/span>\n               <br>\n               \n               <div class=\"room_div \">\n                 <i class=\"list-room\">Loge 6<\/i>\n               <\/div>\n\n               <div class=\"name_time_div\">\n                <i class=\"list-time\" data-time=\"08:30\">08:30-10:00 - Torsdag 14 september<\/i>\n               <\/div>\n              <\/div>\n             <\/div>\n          <\/div>\n\n          \n          <div class=\"box-wrapper\"\n              data-id=\"1120\">\n\n              <div class='time-header' style='visibility: hidden;'>08:30<\/div>\n\n              <div class=\"box\"\n                data-id=\"1120\"\n                data-project=\"project_276_2017_03_27\"\n                data-title=\"SFMU\"\n                data-time=\"08:30-10:00\"\n                data-room=\"Solot\"\n                data-room-id=\"1012\"\n                data-room-name=\"Solot\"\n                data-day=\"2\"\n                data-abs-nbr=\"\"\n                data-abs-path=\"\"\n                data-speaker=\"\"\n                data-speakercell=\"\"\n                data-info=\"\"\n                data-category=\"SFMR - Delf\u00f6reningar\"\n                data-category-ids=\"1006\"\n                data-span-all=\"\"\n              >\n\n              \n\n              <div class=\"vertical_bar\" style=\"background-color: #6699CC;\"><\/div>\n              <div class=\"box_inner\">\n                                <span>SFMU<\/span>\n               <br>\n               \n               <div class=\"room_div \">\n                 <i class=\"list-room\">Solot<\/i>\n               <\/div>\n\n               <div class=\"name_time_div\">\n                <i class=\"list-time\" data-time=\"08:30\">08:30-10:00 - Torsdag 14 september<\/i>\n               <\/div>\n              <\/div>\n             <\/div>\n          <\/div>\n\n          \n          <div class=\"box-wrapper\"\n              data-id=\"1117\">\n\n              <div class='time-header' style='visibility: hidden;'>08:30<\/div>\n\n              <div class=\"box\"\n                data-id=\"1117\"\n                data-project=\"project_276_2017_03_27\"\n                data-title=\"Radiofysik & MTF - Dual Energy DT s\u00e5 funkar det - tekniska aspekter. \"\n                data-time=\"08:30-10:00\"\n                data-room=\"Operetten\"\n                data-room-id=\"1010\"\n                data-room-name=\"Operetten\"\n                data-day=\"2\"\n                data-abs-nbr=\"\"\n                data-abs-path=\"\"\n                data-speaker=\"Jon Holm; Hans Bornefalk; Lars Marklund; Dr Ewoud Smit\"\n                data-speakercell=\"Jon Holm; Hans Bornefalk; Lars Marklund; Dr Ewoud Smit\"\n                data-info=\"&lt;b&gt;Moderatorer: &lt;\/b&gt;Jonas Alth\u00e9n Nilsson&lt;br&gt;&lt;br&gt; \n                 &lt;p&gt;&lt;span style=&quot;font-weight: bold;&quot;&gt;Dual Energy DT s\u00e5 funkar det - tekniska aspekter&lt;\/span&gt;&lt;br&gt;&lt;br&gt;Abstract: Tillverkarna av CT-utrustningar har valt olika v\u00e4gar f\u00f6r att \u00e5stadkomma dual energyfunktionalitet p\u00e5 sina system och alla varianter har sina f\u00f6r- och nackdelar. H\u00e4r ges tillverkarna m\u00f6jlighet att presentera sina tekniska l\u00f6sningar och beskriva vad de anser vara de st\u00f6rsta f\u00f6rdelarna med just deras l\u00f6sningar. &lt;br&gt;&lt;br&gt;GE 08.30-08.50 &lt;br&gt;F\u00f6rel\u00e4sare: Jon Holm &lt;br&gt;Titel: Gemstone Spectral Imaging &lt;br&gt;Abstract: Gemstone Spectral Imaging Dual energy CT imaging has been actively researched for decades. The stumbling block for successful clinical introduction has been the acquisition. Clinical needs include full scan field of view, axial and helical acquisitions, freezing patient motion, and minimal patient dose. In addition, there is the technical specification of aligning low and high kVp projections thereby enabling projection-based material decomposition processing. Gemstone Spectral Imaging is based on fast kV switching \u2013 dynamic switching between 2 different energy levels of X-rays. The advancements in system components comprising GE CT scanners make Gemstone Spectral Imaging possible. Both high and low energy data sets are acquired simultaneously for axial and helical acquisitions at the full 50 cm field of view. This is enabled by a generator that is capable of reliably switching between 80 and 140 kVp targets in less than 0.5 ms. In addition, the Gemstone detector, with the fastest primary speed on the market, ensures there is no spectral contamination between views, and finally in-plane resolution and proper sampling density is achieved through the greater than 2.5 times increase in detector readout speed. In order to combat the traditional flux issues that have challenged fast kV switching, low kVp and high kVp acquisitions are flux balanced by several key technical advancements: &lt;br&gt;\u2022 Efficient data acquisition system, &lt;br&gt;\u2022 Fast scintillator (fast primary speed and low afterglow), &lt;br&gt;\u2022 Advanced reconstruction techniques &lt;br&gt;&lt;br&gt;Philips 08.50-09.10 &lt;br&gt;F\u00f6rel\u00e4sare: Hans Bornefalk, docent i medicinsk bildfysik &lt;br&gt;Titel: Kvantitativ CT utan systematiska fel genom materialbasuppdelning i projektionsdom\u00e4nen av m\u00e4tdata fr\u00e5n en detektorimplementerade spektral detektor &lt;br&gt;Abstract: Ett av de st\u00f6rsta hindren f\u00f6r kvantitativ datortomografi \u00e4r beamhardening. Medelst postprocessning (vattenkorrektion) f\u00f6rs\u00f6ker man minska effekten men eftersom den tekniken bygger p\u00e5 kalibreringsdata fr\u00e5n vattenliknande material kommer den aldrig att helt kunna eliminera beamhardening fr\u00e5n ok\u00e4nd anatomi. Problemet \u00e4r helt enkelt att avvikelsen i den linj\u00e4ra atteueringskoefficientens energiberoende mellan det ok\u00e4nda materialet och vatten \u00e4r f\u00f6r stort (framf\u00f6rallt g\u00e4ller detta ben och jod). I detta f\u00f6redrag g\u00e5r vi igenom en matematisk beskrivning av beamhardening samt visar hur den kan elimineras genom inf\u00f6randet av \u00e1 priori-information om den linj\u00e4ra attenueringskoefficientens energiberoende f\u00f6r kroppsegna material om och endast om man har tv\u00e5 eller fler simultana energiuppl\u00f6sta m\u00e4tpunkter f\u00f6r varje projektion i sinogrammet. Vi visar \u00e4ven hur denna information kan anv\u00e4ndas f\u00f6r att generera syntetiska monoenergetiska bilder, kvantifiera effektiva atomnummer och best\u00e4mma jodkoncentrationer utan systematiska fel (bias). &lt;br&gt;&lt;br&gt;Siemens 09.10-09.30 &lt;br&gt;F\u00f6rel\u00e4sare: Lars Marklund, Produktchef CT &lt;br&gt;Titel: 3 olika metoder f\u00f6r dual energy unders\u00f6kningar &lt;br&gt;Abstract: Siemens erbjuder tre tekniska l\u00f6sningar f\u00f6r att utf\u00f6ra ct unders\u00f6kningar med tv\u00e5 energiniv\u00e5er. Dual Source Dual Energy, Twin Beam Dual Energy och Dual Spiral Dual Energy. H\u00e4r beskrivs den tekniska bakgrunden till respektive l\u00f6sning och hur skillnaderna dem emellan p\u00e5verkar kliniskt relevanta parametrar som: &lt;br&gt;1. Temporal samst\u00e4mmighet. &lt;br&gt;2. Energiseparation &lt;br&gt;3. Str\u00e5ldos &lt;br&gt;4. Scanhastighet och tidsuppl\u00f6sning &lt;br&gt;5. Arbetsfl\u00f6de &lt;br&gt;&lt;br&gt;Toshiba 09.30-09.50 &lt;br&gt;F\u00f6rel\u00e4sare: Dr Ewoud Smit (Department of Radiology and Nuclear Medicine, Radboud university medical center, Nijmegen.) &lt;br&gt;Titel: Dual Energy and Subtraction technology &lt;br&gt;Abstract: Iodine maps can be obtained using dual energy and subtraction imaging. We will discuss the differences between these techniques in terms of dose efficiency, image registration and artefacts, and discuss clinical applications of subtraction imaging&lt;br&gt;&lt;\/p&gt; \n                &lt;br&gt;&lt;br&gt;\"\n                data-category=\"MTF - Svensk f\u00f6rening f\u00f6r Medicinsk Teknik och Fysik,SFfR - Svensk F\u00f6rening f\u00f6r  Radiofysik\"\n                data-category-ids=\"1009,1008\"\n                data-span-all=\"\"\n              >\n\n              \n\n              <div class=\"vertical_bar\" style=\"background-color: #CCCC66;\"><\/div>\n              <div class=\"box_inner\">\n                                <span>Radiofysik & MTF - Dual Energy DT s\u00e5 funkar det - tekniska aspekter. <\/span>\n               <br>\n               <div class=\"lecturer\"><span>Jon Holm; Hans Bornefalk; Lars Marklund; Dr Ewoud Smit<\/span><\/div>\n               <div class=\"room_div \">\n                 <i class=\"list-room\">Operetten<\/i>\n               <\/div>\n\n               <div class=\"name_time_div\">\n                <i class=\"list-time\" data-time=\"08:30\">08:30-10:00 - Torsdag 14 september<\/i>\n               <\/div>\n              <\/div>\n             <\/div>\n          <\/div>\n\n          \n          <div class=\"box-wrapper\"\n              data-id=\"1119\">\n\n              <div class='time-header' style='visibility: hidden;'>08:30<\/div>\n\n              <div class=\"box\"\n                data-id=\"1119\"\n                data-project=\"project_276_2017_03_27\"\n                data-title=\"Odont Panoramainst\u00e4llning vid bildtagning, hur kan jag f\u00f6rb\u00e4ttra?\"\n                data-time=\"08:30-10:00\"\n                data-room=\"Duetten\"\n                data-room-id=\"1011\"\n                data-room-name=\"Duetten\"\n                data-day=\"2\"\n                data-abs-nbr=\"\"\n                data-abs-path=\"\"\n                data-speaker=\"Christina Stervik\"\n                data-speakercell=\"Christina Stervik\"\n                data-info=\"\"\n                data-category=\"SFMR - Delf\u00f6reningar\"\n                data-category-ids=\"1006\"\n                data-span-all=\"\"\n              >\n\n              \n\n              <div class=\"vertical_bar\" style=\"background-color: #6699CC;\"><\/div>\n              <div class=\"box_inner\">\n                                <span>Odont Panoramainst\u00e4llning vid bildtagning, hur kan jag f\u00f6rb\u00e4ttra?<\/span>\n               <br>\n               <div class=\"lecturer\"><span>Christina Stervik<\/span><\/div>\n               <div class=\"room_div \">\n                 <i class=\"list-room\">Duetten<\/i>\n               <\/div>\n\n               <div class=\"name_time_div\">\n                <i class=\"list-time\" data-time=\"08:30\">08:30-10:00 - Torsdag 14 september<\/i>\n               <\/div>\n              <\/div>\n             <\/div>\n          <\/div>\n\n          \n          <div class=\"box-wrapper\"\n              data-id=\"1118\">\n\n              <div class='time-header' style='visibility: hidden;'>08:30<\/div>\n\n              <div class=\"box\"\n                data-id=\"1118\"\n                data-project=\"project_276_2017_03_27\"\n                data-title=\"SFR - Interprofessionell samverkan i r\u00f6ntgen kontext \"\n                data-time=\"08:30-10:00\"\n                data-room=\"Backstage\"\n                data-room-id=\"1005\"\n                data-room-name=\"Backstage\"\n                data-day=\"2\"\n                data-abs-nbr=\"\"\n                data-abs-path=\"\"\n                data-speaker=\"Ann-Chatrin  Kariis; Anne K\u00f6hnke; Daniel Molina; Annica Sandberg; Johanna Rouvinen\"\n                data-speakercell=\"Ann-Chatrin  Kariis; Anne K\u00f6hnke; Daniel Molina; Annica Sandberg; Johanna Rouvinen\"\n                data-info=\"&lt;b&gt;Moderatorer: &lt;\/b&gt;Anneli Tengvall&lt;br&gt;&lt;br&gt; \n                 &lt;p&gt;&lt;span style=&quot;font-weight: bold;&quot;&gt;Titel: Samarbetet omkring en PET\/CT unders\u00f6kning &lt;\/span&gt;&lt;br&gt;F\u00f6rel\u00e4sare: Ann-Chatrin Kariis &amp;amp; Anne K\u00f6hnke, US, Link\u00f6ping&lt;br&gt;&lt;br&gt;R\u00f6ntgensjuksk\u00f6terskor och BMA arbetar tillsammans p\u00e5 PET\/CTenheten p\u00e5 r\u00f6ntgenkliniken i Link\u00f6ping. Samarbetet har p\u00e5g\u00e5tt och utvecklats under de 10 \u00e5r som PET\/CTverksamheten har funnits i Link\u00f6ping. Vi vill beskriva samarbetet mellan nuklearmedicin och r\u00f6ntgenavdelningen vid en PET\/CTunders\u00f6kning. En enk\u00e4tunders\u00f6kning har gjorts bland medarbetarna som arbetar med PET\/CT f\u00f6r att ta reda p\u00e5 det som fungerar och det som kan bli b\u00e4ttre samt om de skulle starta upp en ny verksamhet hur skulle den se ut ur ett samarbetsperspektiv&lt;br&gt;&lt;br&gt;&lt;span style=&quot;font-weight: bold;&quot;&gt;Titel: Tv\u00e4rprofessionellt samarbete i en hybridsal &lt;\/span&gt;&lt;br&gt;F\u00f6rel\u00e4sare: Daniel Molina, r\u00f6ntgensjuksk\u00f6terska. Sk\u00e5nes universitetssjukhus, Lund. &lt;br&gt;&lt;br&gt;Vad \u00e4r en hybridsal och vilka ingrepp\/interventioner g\u00f6rs d\u00e4r? Ingreppen \u00e4r av varierande sv\u00e5righetsgrad och kr\u00e4ver olika yrkeskategorier och insatser. F\u00f6rel\u00e4sningen ger en kortfattad f\u00f6rklaring och inblick i hybridv\u00e4rlden.&lt;br&gt;&lt;br&gt;&lt;span style=&quot;font-weight: bold;&quot;&gt;Titel: R\u00e4dda Hj\u00e4rnan - v\u00e4rdet av multifas CTA vid akut stroke. Hj\u00e4lpmedel f\u00f6r regionsamverkan inf\u00f6r trombektomi?&lt;\/span&gt;&lt;br&gt;F\u00f6rel\u00e4sare: Annica Sandberg &amp;amp; Johanna Rouvinen,&amp;nbsp;&lt;br&gt;&lt;br&gt;&lt;span style=&quot;text-decoration-line: underline;&quot;&gt;Syfte:&lt;\/span&gt; Redovisa v\u00e5r pilot av att anv\u00e4nda multifas CT-angiografi vid akut stroke f\u00f6r bed\u00f6mning av piala kollateraler. Praktiska sv\u00e5righeter med timing och PACS och en l\u00f6sning f\u00f6r akut utv\u00e4rdering med leverant\u00f6rens arbetsstation. &lt;br&gt;&lt;span style=&quot;text-decoration-line: underline;&quot;&gt;Material och metod&lt;\/span&gt;: Datortomograf GEHC CT750HD, injektor Ulricht samt startteknik med s.k. smartprep men manuell start. Scan i 4 faser. Fas 1 CT halsk\u00e4rl aorta-vertex samt de andra 3 faserna \u00f6ver hj\u00e4rnans k\u00e4rl med 5-8 sekunder mellan faserna. (Tidigare gjordes endast fas 1 i akut strokeutredning). Unders\u00f6kningen g\u00f6rs p\u00e5 de patienterna som kommer prim\u00e4rt till Neuroradiologiska kliniken p\u00e5 Karolinska Universitetssjukhuset Solna. Bed\u00f6mningsmallen utg\u00f6rs av mCTA score enligt www.aspectsinstroke.com, 0-5 po\u00e4ng. &lt;span style=&quot;text-decoration-line: underline;&quot;&gt;Resultat:&lt;\/span&gt; F\u00f6r tidigt i skrivande stund att redovisa utan kommer att analyseras under juli m\u00e5nad. &lt;br&gt;&lt;span style=&quot;text-decoration-line: underline;&quot;&gt;Konklusion:&lt;\/span&gt; I tidigare publicerad artikel kan multifas CTA anv\u00e4ndas som hj\u00e4lpmedel f\u00f6r selektion av patienter som beh\u00f6ver transport till sjukhus som utf\u00f6r trombektomi. Det f\u00f6ruts\u00e4tter att vi anv\u00e4nder samma sorts teknik f\u00f6r att f\u00e5 j\u00e4mf\u00f6rbara resultat inom en region. Detta pilotarbete syftar till att se om detta \u00e4r m\u00f6jligt.&amp;nbsp;&lt;br&gt;&lt;\/p&gt; \n                &lt;br&gt;&lt;br&gt;\"\n                data-category=\"SFR - Svensk F\u00f6rening f\u00f6r R\u00f6ntgensjuksk\u00f6terskor\"\n                data-category-ids=\"1007\"\n                data-span-all=\"\"\n              >\n\n              \n\n              <div class=\"vertical_bar\" style=\"background-color: #33CC66;\"><\/div>\n              <div class=\"box_inner\">\n                                <span>SFR - Interprofessionell samverkan i r\u00f6ntgen kontext <\/span>\n               <br>\n               <div class=\"lecturer\"><span>Ann-Chatrin  Kariis; Anne K\u00f6hnke; Daniel Molina; Annica Sandberg; Johanna Rouvinen<\/span><\/div>\n               <div class=\"room_div \">\n                 <i class=\"list-room\">Backstage<\/i>\n               <\/div>\n\n               <div class=\"name_time_div\">\n                <i class=\"list-time\" data-time=\"08:30\">08:30-10:00 - Torsdag 14 september<\/i>\n               <\/div>\n              <\/div>\n             <\/div>\n          <\/div>\n\n          \n          <div class=\"box-wrapper\"\n              data-id=\"1116\">\n\n              <div class='time-header' style='visibility: hidden;'>08:30<\/div>\n\n              <div class=\"box\"\n                data-id=\"1116\"\n                data-project=\"project_276_2017_03_27\"\n                data-title=\"SFFR - SVF \u2013 S\u00e5 h\u00e4r har vi inom radiologin hanterat det i olika delar av landet\"\n                data-time=\"08:30-10:00\"\n                data-room=\"Kulturen\"\n                data-room-id=\"1008\"\n                data-room-name=\"Kulturen\"\n                data-day=\"2\"\n                data-abs-nbr=\"\"\n                data-abs-path=\"\"\n                data-speaker=\"Ida Blystad; Marie Lagerfeldt; Eva Ahlberg-\u00c5hre; Sabina Harnsek; Inger Cedvin\"\n                data-speakercell=\"Ida Blystad; Marie Lagerfeldt; Eva Ahlberg-\u00c5hre; Sabina Harnsek; Inger Cedvin\"\n                data-info=\"&lt;b&gt;Moderatorer: &lt;\/b&gt;Inger Cedvin&lt;br&gt;&lt;br&gt; \n                 &lt;p&gt;8.30 - 8.45 Organ - modalitet; Radiologins eviga dilemma.&amp;nbsp;&lt;em&gt;Ida Blystad, Link\u00f6ping&lt;\/em&gt;&lt;br&gt;&lt;br&gt;8.45 - 9.00 En v\u00e4g in till cancerv\u00e5rden - s\u00e5 h\u00e4r arbetar vi inom Region \u00d6sterg\u00f6tland.&amp;nbsp;&lt;br&gt;&lt;br&gt;Vi kommer kort ber\u00e4tta om hur enheten, ESCU, arbetar med tonvikt p\u00e5 v\u00e5rt samarbete med r\u00f6ntgen avseende direktbokningar och koordinering av patienternas unders\u00f6kningar.&amp;nbsp;&lt;em&gt;Marie Lagerfeldt, Link\u00f6ping&lt;\/em&gt;&lt;\/p&gt; \n                 &lt;p&gt;9.00 - 9.15&amp;nbsp;&lt;em&gt;Eva Ahlberg-\u00c5hre, J\u00f6nk\u00f6ping&lt;\/em&gt;&amp;nbsp;&amp;nbsp;&lt;\/p&gt; \n                 &lt;p&gt;9.15 - 9.30&amp;nbsp;&lt;em&gt;Sabina Harnsek, \u00d6rebro&lt;\/em&gt;&lt;\/p&gt; \n                 &lt;p&gt;9.30 - 9.45&amp;nbsp;&lt;em&gt;Inger Cedvin, V\u00e4stra G\u00f6taland&lt;\/em&gt;&lt;\/p&gt; \n                 &lt;p&gt;9.45 - 10.00 Fr\u00e5gor och avslutande kommentarer&lt;\/p&gt; \n                &lt;br&gt;&lt;br&gt;\"\n                data-category=\"SFFR - Svensk F\u00f6rening f\u00f6r R\u00f6ntgensekreterare\"\n                data-category-ids=\"1012\"\n                data-span-all=\"\"\n              >\n\n              \n\n              <div class=\"vertical_bar\" style=\"background-color: #FF66FF;\"><\/div>\n              <div class=\"box_inner\">\n                                <span>SFFR - SVF \u2013 S\u00e5 h\u00e4r har vi inom radiologin hanterat det i olika delar av landet<\/span>\n               <br>\n               <div class=\"lecturer\"><span>Ida Blystad; Marie Lagerfeldt; Eva Ahlberg-\u00c5hre; Sabina Harnsek; Inger Cedvin<\/span><\/div>\n               <div class=\"room_div \">\n                 <i class=\"list-room\">Kulturen<\/i>\n               <\/div>\n\n               <div class=\"name_time_div\">\n                <i class=\"list-time\" data-time=\"08:30\">08:30-10:00 - Torsdag 14 september<\/i>\n               <\/div>\n              <\/div>\n             <\/div>\n          <\/div>\n\n          \n          <div class=\"box-wrapper\"\n              data-id=\"1109\">\n\n              <div class='time-header' style='visibility: hidden;'>08:30<\/div>\n\n              <div class=\"box\"\n                data-id=\"1109\"\n                data-project=\"project_276_2017_03_27\"\n                data-title=\"Digital Patologi\"\n                data-time=\"08:30-10:00\"\n                data-room=\"Crusellhallen\"\n                data-room-id=\"1002\"\n                data-room-name=\"Crusellhallen\"\n                data-day=\"2\"\n                data-abs-nbr=\"\"\n                data-abs-path=\"\"\n                data-speaker=\"Darren Treanor; Claes Lundstr\u00f6m\"\n                data-speakercell=\"Darren Treanor; Claes Lundstr\u00f6m\"\n                data-info=\"\n                 &lt;p&gt;Digital Pathology - where are we and where should we go from here?&lt;br&gt;&lt;em&gt;F\u00f6rel\u00e4sare: Darren Treanor, g\u00e4stprofessor CMIV, University of Leeds&lt;\/em&gt;&lt;\/p&gt;&lt;p&gt;&lt;br&gt;Analytic Imaging Diagnostics Arena (AIDA) - en nationell satsning p\u00e5 AI i bilddiagnostik.&lt;br&gt;&lt;em&gt;Claes Lundstr\u00f6m, docent CMIV, forskningschef Sectra&lt;\/em&gt;&lt;\/p&gt;&lt;p&gt;Abstract:\nModern artificiell intelligens (AI) \u00e4r en verktygsl\u00e5da som passar perfekt in i\nsjukv\u00e5rdens vision om \u201dprecision medicine\u201d, den fullt ut skr\u00e4ddarsydda\nbehandlingen f\u00f6r varje patient. Idag finns mogen och oerh\u00f6rt kraftfull teknik\nf\u00f6r l\u00e4rande algoritmer, t ex deep learning. Men d\u00e4remot kvarst\u00e5r en stor\nutmaningen i att skapa l\u00f6sningar som passar mot rutinv\u00e5rdens behov.&amp;nbsp;&lt;br&gt;\nDenna presentation kommer att introducera AIDA,\nen nationell arena f\u00f6r forskning och innovation kring AI f\u00f6r medicinsk\nbildanalys. H\u00e4r ska akademi, sjukv\u00e5rd och industri m\u00f6tas f\u00f6r att oms\u00e4tta\nframsteg inom AI-teknik till patientnytta i form av kliniskt anv\u00e4ndbara\nverktyg.&lt;\/p&gt;&lt;p&gt;&lt;em&gt;&lt;br&gt;&lt;\/em&gt;&lt;\/p&gt;\n                &lt;br&gt;&lt;br&gt;\"\n                data-category=\"Allm\u00e4n f\u00f6rel\u00e4sning\"\n                data-category-ids=\"1003\"\n                data-span-all=\"\"\n              >\n\n              \n\n              <div class=\"vertical_bar\" style=\"background-color: #FF9933;\"><\/div>\n              <div class=\"box_inner\">\n                                <span>Digital Patologi<\/span>\n               <br>\n               <div class=\"lecturer\"><span>Darren Treanor; Claes Lundstr\u00f6m<\/span><\/div>\n               <div class=\"room_div \">\n                 <i class=\"list-room\">Crusellhallen<\/i>\n               <\/div>\n\n               <div class=\"name_time_div\">\n                <i class=\"list-time\" data-time=\"08:30\">08:30-10:00 - Torsdag 14 september<\/i>\n               <\/div>\n              <\/div>\n             <\/div>\n          <\/div>\n\n          \n          <div class=\"box-wrapper\"\n              data-id=\"1124\">\n\n              <div class='time-header' style='visibility: hidden;'>08:30<\/div>\n\n              <div class=\"box\"\n                data-id=\"1124\"\n                data-project=\"project_276_2017_03_27\"\n                data-title=\"RAM-kurs\"\n                data-time=\"08:30-10:00\"\n                data-room=\"Loge 5\"\n                data-room-id=\"1016\"\n                data-room-name=\"Loge 5\"\n                data-day=\"2\"\n                data-abs-nbr=\"\"\n                data-abs-path=\"\"\n                data-speaker=\"Staffan Wirell; Anders von Heijne; Kada Karlsson; Marcus Casselgren; Charalampos Georgiopoulos; Joar Bj\u00f6rk\"\n                data-speakercell=\"Staffan Wirell; Anders von Heijne; Kada Karlsson; Marcus Casselgren; Charalampos Georgiopoulos; Joar Bj\u00f6rk\"\n                data-info=\"\"\n                data-category=\"RAM-kurs\"\n                data-category-ids=\"1016\"\n                data-span-all=\"\"\n              >\n\n              \n\n              <div class=\"vertical_bar\" style=\"background-color: #66FFCC;\"><\/div>\n              <div class=\"box_inner\">\n                                <span>RAM-kurs<\/span>\n               <br>\n               <div class=\"lecturer\"><span>Staffan Wirell; Anders von Heijne; Kada Karlsson; Marcus Casselgren; Charalampos Georgiopoulos; Joar Bj\u00f6rk<\/span><\/div>\n               <div class=\"room_div \">\n                 <i class=\"list-room\">Loge 5<\/i>\n               <\/div>\n\n               <div class=\"name_time_div\">\n                <i class=\"list-time\" data-time=\"08:30\">08:30-10:00 - Torsdag 14 september<\/i>\n               <\/div>\n              <\/div>\n             <\/div>\n          <\/div>\n\n          \n          <div class=\"box-wrapper\"\n              data-id=\"1112\">\n\n              <div class='time-header'>09:45<\/div>\n\n              <div class=\"box\"\n                data-id=\"1112\"\n                data-project=\"project_276_2017_03_27\"\n                data-title=\"MSK - \u00c5rsm\u00f6te\"\n                data-time=\"09:45-10:15\"\n                data-room=\"Operan\"\n                data-room-id=\"1004\"\n                data-room-name=\"Operan\"\n                data-day=\"2\"\n                data-abs-nbr=\"\"\n                data-abs-path=\"\"\n                data-speaker=\"\"\n                data-speakercell=\"\"\n                data-info=\"\"\n                data-category=\"SFMR - Delf\u00f6reningar\"\n                data-category-ids=\"1006\"\n                data-span-all=\"\"\n              >\n\n              \n\n              <div class=\"vertical_bar\" style=\"background-color: #6699CC;\"><\/div>\n              <div class=\"box_inner\">\n                                <span>MSK - \u00c5rsm\u00f6te<\/span>\n               <br>\n               \n               <div class=\"room_div \">\n                 <i class=\"list-room\">Operan<\/i>\n               <\/div>\n\n               <div class=\"name_time_div\">\n                <i class=\"list-time\" data-time=\"09:45\">09:45-10:15 - Torsdag 14 september<\/i>\n               <\/div>\n              <\/div>\n             <\/div>\n          <\/div>\n\n          \n          <div class=\"box-wrapper\"\n              data-id=\"1185\">\n\n              <div class='time-header'>10:00<\/div>\n\n              <div class=\"box\"\n                data-id=\"1185\"\n                data-project=\"project_276_2017_03_27\"\n                data-title=\"Fika & Utst\u00e4llning\"\n                data-time=\"10:00-10:45\"\n                data-room=\"-Ej specificerad-\"\n                data-room-id=\"-1\"\n                data-room-name=\"-Ej specificerad-\"\n                data-day=\"2\"\n                data-abs-nbr=\"\"\n                data-abs-path=\"\"\n                data-speaker=\"\"\n                data-speakercell=\"\"\n                data-info=\"\"\n                data-category=\"\"\n                data-category-ids=\"\"\n                data-span-all=\"\"\n              >\n\n              \n\n              <div class=\"vertical_bar\" style=\"background-color: rgba(255, 255, 255, 0);\"><\/div>\n              <div class=\"box_inner\">\n                                <span>Fika & Utst\u00e4llning<\/span>\n               <br>\n               \n               <div class=\"room_div \">\n                 <i class=\"list-room\">-Ej specificerad-<\/i>\n               <\/div>\n\n               <div class=\"name_time_div\">\n                <i class=\"list-time\" data-time=\"10:00\">10:00-10:45 - Torsdag 14 september<\/i>\n               <\/div>\n              <\/div>\n             <\/div>\n          <\/div>\n\n          \n          <div class=\"box-wrapper\"\n              data-id=\"1132\">\n\n              <div class='time-header'>10:45<\/div>\n\n              <div class=\"box\"\n                data-id=\"1132\"\n                data-project=\"project_276_2017_03_27\"\n                data-title=\"Ultraljudsf\u00f6reningen, Hands-on workshop\"\n                data-time=\"10:45-12:15\"\n                data-room=\"Loge 4\"\n                data-room-id=\"1014\"\n                data-room-name=\"Loge 4\"\n                data-day=\"2\"\n                data-abs-nbr=\"\"\n                data-abs-path=\"\"\n                data-speaker=\"\"\n                data-speakercell=\"\"\n                data-info=\"\n                 &lt;p&gt;Workshops, handson och demonstrationer av ultraljud&lt;\/p&gt;&lt;p&gt;&lt;i&gt;Okej, vi erk\u00e4nner \u2013 vi \u00e4r ett g\u00e4ng ultraljudsn\u00f6rdar som \u00e5terstartat SFMU. P\u00e5 R\u00f6ntgenveckan hittar vi ocks\u00e5 de allra senaste ultraljudsmaskinerna, det \u00e4r rena julaftonen!&lt;br&gt;&lt;\/i&gt;&lt;i&gt;F\u00f6r att sprida v\u00e5r entusiasm \u00f6ver ultraljud har vi sessioner i Loge 4+6 p\u00e5 R\u00f6ntgenveckan, d\u00e4r vi kan tr\u00e4na ultraljud p\u00e5 riktigt. H\u00e4ng p\u00e5 n\u00e4r vi visar upp v\u00e5ra favoritunders\u00f6kningar!&lt;br&gt;&lt;\/i&gt;&lt;i&gt;OBS- ingen bokning, f\u00f6rst till kvarn g\u00e4ller ... V\u00e4lkomna!&lt;\/i&gt;&lt;\/p&gt;&lt;p&gt;&lt;i&gt;Bli medlem? &amp;nbsp;Maila: sfmu.sfmu@gmail.com&lt;br&gt;&lt;\/i&gt;&lt;\/p&gt;&lt;p&gt;&lt;b&gt;Tisdag 12 sept:&lt;\/b&gt;&lt;\/p&gt;&lt;p&gt;&lt;b&gt;Kl 12.45-13.30: Muskuloskeletalt ultraljud, ffa axlar.&amp;nbsp;&amp;nbsp;&lt;\/b&gt;Dr Laszlo Toth, Hudiksvalls Sjukhus&lt;\/p&gt;&lt;p&gt;&lt;\/p&gt;&lt;p&gt;&lt;b&gt;Kl 13.30-16.45 Biopsitr\u00e4ning p\u00e5 preparat\u2013 enbart f\u00f6r deltagare p\u00e5 ST-kurs i ultraljudsv\u00e4gledda punktioner.&lt;br&gt;&lt;br&gt;&lt;\/b&gt;&lt;\/p&gt;&lt;p&gt;&lt;b&gt;Onsdag 13 sept:&lt;\/b&gt;&lt;\/p&gt;&lt;p&gt;&lt;b&gt;Kl 8.30-9.45: \u201dAkut ultraljud \u2013 EFAST, POCUS, och annat man g\u00f6r p\u00e5 akutrummet\u2026\u201d&amp;nbsp;&lt;\/b&gt;Dr Jesper Danielsson, St G\u00f6rans Sjukhus&lt;\/p&gt;&lt;p&gt;&lt;b&gt;Kl 8.30-9.45: \u201dLeverelastografi, demo och hands-on&lt;\/b&gt;\u201d. Sonograf Marie Byenfeldt, \u00d6stersunds Sjukhus.&lt;\/p&gt;&lt;p&gt;&lt;b&gt;Kl 10.00-11.00: \u00c5rsm\u00f6te SFMU&lt;\/b&gt;&lt;\/p&gt;&lt;p&gt;&lt;b&gt;Kl 11.00-12.15 : \u201dFria fl\u00f6den? Doppler av perifera och centrala blodk\u00e4rl\u201d.&amp;nbsp;&lt;\/b&gt;&amp;nbsp;Dr Kristina Dahlstr\u00f6m, Faluns Sjukhus&lt;b&gt;&lt;\/b&gt;&lt;\/p&gt;&lt;p&gt;&lt;b&gt;Kl 11.00-12.15: : \u201dMuskuloskeletalt ultraljud, ffa axlar\u201d.&amp;nbsp;&lt;\/b&gt;Dr Laszlo Toth, Hudiksvalls Sjukhus&lt;b&gt;&lt;\/b&gt;&lt;\/p&gt;&lt;p&gt;&lt;b&gt;13.30-14.45: \u201dBiopsitr\u00e4ning \u2013 ultraljudsv\u00e4gledda punktioner, demonstration och praktisk \u00f6vning p\u00e5 preparat\u201d.&lt;\/b&gt;&amp;nbsp;Dr Stefan H\u00f6rnlund, Sundsvalls sjukhus&lt;\/p&gt;&lt;p&gt;&lt;b&gt;13.30-14.45 \u201dSonograf? Prova-p\u00e5-ultraljud f\u00f6r nyfikna r\u00f6ntgensjuksk\u00f6terskor\u201d.&lt;\/b&gt;&amp;nbsp;Sonograf Karin Asplund, Astrid Lindgrens Barnsjukhus&lt;\/p&gt;&lt;p&gt;&lt;b&gt;Kl 15.45-16.45: \u201dFusion av MR-buk och ultraljud, demonstration live och praktisk&amp;nbsp;&lt;\/b&gt;\u00f6vning\u201d.&amp;nbsp;&amp;nbsp; Dr Sara Sehlstedt, \u00d6stersunds Sjukhus&lt;\/p&gt;&lt;p&gt;&lt;b&gt;Kl 15.45-16.45&lt;\/b&gt;:&amp;nbsp;&lt;b&gt;\u201dSonograf? Prova-p\u00e5-ultraljud f\u00f6r nyfikna r\u00f6ntgensjuksk\u00f6terskor\u201d.&amp;nbsp;&lt;\/b&gt;Sonograf Maria Zetterman, Astrid Lindgrens Barnsjukhus&lt;br&gt;&lt;br&gt;Torsdag 14 sept.&lt;\/p&gt;&lt;p&gt;&lt;b&gt;Kl 9.50-10.45: &amp;nbsp;\u201dUltraljudsv\u00e4gledda biopsier, demo och praktisk \u00f6vning p\u00e5 preparat\u201d.&amp;nbsp;&amp;nbsp;&lt;\/b&gt;Dr Stefan H\u00f6rnlund, Sundsvalls Sjukhus.&lt;\/p&gt;&lt;p&gt;&lt;b&gt;Kl 13.30-15.00: \u201dMuskuloskeletalt ultraljud,&amp;nbsp; fr\u00e4mst \u00f6vre extremitet\u201d.&lt;\/b&gt;&amp;nbsp;Dr David Wilson och Dr Gina Allen, Oxford samt Dr Magnus Hjelm, G\u00e4vle Sjukhus och Dr Johan Krause, Uppsala Akademiska Sjukhus.&lt;\/p&gt;&lt;p&gt;&lt;b&gt;Kl 15.45-16.45:&lt;\/b&gt;&amp;nbsp;&lt;b&gt;\u201dMuskuloskeletalt ultraljud,&amp;nbsp; fr\u00e4mst nedre extremitet\u201d.&lt;\/b&gt;&amp;nbsp;Dr David Wilson och Dr Gina Allen, Oxford samt Dr Magnus Hjelm, G\u00e4vle Sjukhus och Dr Johan Krause, Uppsala Akademiska Sjukhus&lt;b&gt;&lt;\/b&gt;&lt;\/p&gt;&lt;p&gt;&lt;i&gt;&lt;br&gt;&lt;\/i&gt;&lt;\/p&gt;\n                &lt;br&gt;&lt;br&gt;\"\n                data-category=\"Ultraljudsf\u00f6reningens hands-on\"\n                data-category-ids=\"1015\"\n                data-span-all=\"\"\n              >\n\n              \n\n              <div class=\"vertical_bar\" style=\"background-color: #FFCCFF;\"><\/div>\n              <div class=\"box_inner\">\n                                <span>Ultraljudsf\u00f6reningen, Hands-on workshop<\/span>\n               <br>\n               \n               <div class=\"room_div \">\n                 <i class=\"list-room\">Loge 4<\/i>\n               <\/div>\n\n               <div class=\"name_time_div\">\n                <i class=\"list-time\" data-time=\"10:45\">10:45-12:15 - Torsdag 14 september<\/i>\n               <\/div>\n              <\/div>\n             <\/div>\n          <\/div>\n\n          \n          <div class=\"box-wrapper\"\n              data-id=\"1129\">\n\n              <div class='time-header' style='visibility: hidden;'>10:45<\/div>\n\n              <div class=\"box\"\n                data-id=\"1129\"\n                data-project=\"project_276_2017_03_27\"\n                data-title=\"Radiofysik & MTF - Dual Energy diagnostik - vilken \u00e4r den kliniska nyttan?\"\n                data-time=\"10:45-12:15\"\n                data-room=\"Operetten\"\n                data-room-id=\"1010\"\n                data-room-name=\"Operetten\"\n                data-day=\"2\"\n                data-abs-nbr=\"\"\n                data-abs-path=\"\"\n                data-speaker=\"Nina  K\u00e4mmerling; David  Schmidt; Lena Gordon Murkes; Mischa Woisetschl\u00e4ger\"\n                data-speakercell=\"Nina  K\u00e4mmerling; David  Schmidt; Lena Gordon Murkes; Mischa Woisetschl\u00e4ger\"\n                data-info=\"&lt;b&gt;Moderatorer: &lt;\/b&gt;Tuva \u00d6hman; Ibtisam Yusuf&lt;br&gt;&lt;br&gt; \n                 &lt;p&gt;&lt;a target=&quot;_blank&quot; href=&quot;http:\/\/www.trippus.se\/eventus\/userfiles\/86212.pdf&quot;&gt;L\u00e4s mer h\u00e4r&lt;\/a&gt;!&lt;br&gt;&lt;\/p&gt; \n                &lt;br&gt;&lt;br&gt;\"\n                data-category=\"MTF - Svensk f\u00f6rening f\u00f6r Medicinsk Teknik och Fysik,SFfR - Svensk F\u00f6rening f\u00f6r  Radiofysik\"\n                data-category-ids=\"1009,1008\"\n                data-span-all=\"\"\n              >\n\n              \n\n              <div class=\"vertical_bar\" style=\"background-color: #CCCC66;\"><\/div>\n              <div class=\"box_inner\">\n                                <span>Radiofysik & MTF - Dual Energy diagnostik - vilken \u00e4r den kliniska nyttan?<\/span>\n               <br>\n               <div class=\"lecturer\"><span>Nina  K\u00e4mmerling; David  Schmidt; Lena Gordon Murkes; Mischa Woisetschl\u00e4ger<\/span><\/div>\n               <div class=\"room_div \">\n                 <i class=\"list-room\">Operetten<\/i>\n               <\/div>\n\n               <div class=\"name_time_div\">\n                <i class=\"list-time\" data-time=\"10:45\">10:45-12:15 - Torsdag 14 september<\/i>\n               <\/div>\n              <\/div>\n             <\/div>\n          <\/div>\n\n          \n          <div class=\"box-wrapper\"\n              data-id=\"1133\">\n\n              <div class='time-header' style='visibility: hidden;'>10:45<\/div>\n\n              <div class=\"box\"\n                data-id=\"1133\"\n                data-project=\"project_276_2017_03_27\"\n                data-title=\"Ultraljudsf\u00f6reningen, Hands-on workshop\"\n                data-time=\"10:45-12:15\"\n                data-room=\"Loge 6\"\n                data-room-id=\"1015\"\n                data-room-name=\"Loge 6\"\n                data-day=\"2\"\n                data-abs-nbr=\"\"\n                data-abs-path=\"\"\n                data-speaker=\"\"\n                data-speakercell=\"\"\n                data-info=\"&lt;p&gt;&lt;i&gt;Okej, vi erk\u00e4nner \u2013 vi \u00e4r ett g\u00e4ng ultraljudsn\u00f6rdar som \u00e5terstartat SFMU. P\u00e5 R\u00f6ntgenveckan hittar vi ocks\u00e5 de allra senaste ultraljudsmaskinerna, det \u00e4r rena julaftonen!&amp;nbsp;&lt;\/i&gt;&lt;i&gt;F\u00f6r att sprida v\u00e5r entusiasm \u00f6ver ultraljud har vi sessioner i Loge 4+6 p\u00e5 R\u00f6ntgenveckan, d\u00e4r vi kan tr\u00e4na ultraljud p\u00e5 riktigt. H\u00e4ng p\u00e5 n\u00e4r vi visar upp v\u00e5ra favoritunders\u00f6kningar!&lt;\/i&gt;&lt;\/p&gt;&lt;p&gt;&lt;i&gt;OBS- ingen bokning, f\u00f6rst till kvarn g\u00e4ller ... V\u00e4lkomna!&lt;br&gt;&lt;br&gt;&lt;\/i&gt;&lt;\/p&gt;&lt;p&gt;&lt;b&gt;Kl 9.50-10.45: &amp;nbsp;\u201dUltraljudsv\u00e4gledda biopsier, demo och praktisk \u00f6vning p\u00e5 preparat\u201d.&amp;nbsp;&amp;nbsp;&lt;\/b&gt;Dr Stefan H\u00f6rnlund, Sundsvalls Sjukhus.&lt;\/p&gt;&lt;p&gt;&lt;b&gt;Kl 13.30-15.00: \u201dMuskuloskeletalt ultraljud,&amp;nbsp; fr\u00e4mst \u00f6vre extremitet\u201d.&lt;\/b&gt;&amp;nbsp;Dr David Wilson och Dr Gina Allen, Oxford samt Dr Magnus Hjelm, G\u00e4vle Sjukhus och Dr Johan Krause, Uppsala Akademiska Sjukhus.&lt;\/p&gt;&lt;p&gt;&lt;\/p&gt;&lt;p&gt;&lt;b&gt;Kl 15.45-16.45:&lt;\/b&gt;&amp;nbsp;&lt;b&gt;\u201dMuskuloskeletalt ultraljud,&amp;nbsp; fr\u00e4mst nedre extremitet\u201d.&lt;\/b&gt;&amp;nbsp;Dr David Wilson och Dr Gina Allen, Oxford samt Dr Magnus Hjelm, G\u00e4vle Sjukhus och Dr Johan Krause, Uppsala Akademiska Sjukhus&lt;\/p&gt;&lt;br&gt;&lt;br&gt;\"\n                data-category=\"Ultraljudsf\u00f6reningens hands-on\"\n                data-category-ids=\"1015\"\n                data-span-all=\"\"\n              >\n\n              \n\n              <div class=\"vertical_bar\" style=\"background-color: #FFCCFF;\"><\/div>\n              <div class=\"box_inner\">\n                                <span>Ultraljudsf\u00f6reningen, Hands-on workshop<\/span>\n               <br>\n               \n               <div class=\"room_div \">\n                 <i class=\"list-room\">Loge 6<\/i>\n               <\/div>\n\n               <div class=\"name_time_div\">\n                <i class=\"list-time\" data-time=\"10:45\">10:45-12:15 - Torsdag 14 september<\/i>\n               <\/div>\n              <\/div>\n             <\/div>\n          <\/div>\n\n          \n          <div class=\"box-wrapper\"\n              data-id=\"1130\">\n\n              <div class='time-header' style='visibility: hidden;'>10:45<\/div>\n\n              <div class=\"box\"\n                data-id=\"1130\"\n                data-project=\"project_276_2017_03_27\"\n                data-title=\"SFFR - Wilhelm Conrads framfart och r\u00f6ntgens utveckling\"\n                data-time=\"10:45-12:15\"\n                data-room=\"Duetten\"\n                data-room-id=\"1011\"\n                data-room-name=\"Duetten\"\n                data-day=\"2\"\n                data-abs-nbr=\"\"\n                data-abs-path=\"\"\n                data-speaker=\"Kjell Jansson\"\n                data-speakercell=\"Kjell Jansson\"\n                data-info=\"&lt;b&gt;Moderatorer: &lt;\/b&gt;Ann-Charlotte Norr&lt;br&gt;&lt;br&gt; \n                 &lt;p&gt;Ett f\u00f6rs\u00f6k till beskrivning av Wilhelm Conrads betydelse f\u00f6r r\u00f6ntgen och dess utveckling. Vem var han och vad gjorde han f\u00f6r att vi har den radiologi vi har idag. En viktig aspekt f\u00f6r Er r\u00f6ntgenl\u00e4karsekreterares vardag n\u00e4r alla ord str\u00f6mmar in. Under f\u00f6rel\u00e4sningen skall Ni ges m\u00f6jlighet att se den bildliga betydelsen bakom orden, vilket f\u00f6rhoppningsvis g\u00f6r Ert v\u00e4rdefulla arbete \u00e4nnu roligare.&lt;br&gt;&lt;\/p&gt; \n                &lt;br&gt;&lt;br&gt;\"\n                data-category=\"SFFR - Svensk F\u00f6rening f\u00f6r R\u00f6ntgensekreterare\"\n                data-category-ids=\"1012\"\n                data-span-all=\"\"\n              >\n\n              \n\n              <div class=\"vertical_bar\" style=\"background-color: #FF66FF;\"><\/div>\n              <div class=\"box_inner\">\n                                <span>SFFR - Wilhelm Conrads framfart och r\u00f6ntgens utveckling<\/span>\n               <br>\n               <div class=\"lecturer\"><span>Kjell Jansson<\/span><\/div>\n               <div class=\"room_div \">\n                 <i class=\"list-room\">Duetten<\/i>\n               <\/div>\n\n               <div class=\"name_time_div\">\n                <i class=\"list-time\" data-time=\"10:45\">10:45-12:15 - Torsdag 14 september<\/i>\n               <\/div>\n              <\/div>\n             <\/div>\n          <\/div>\n\n          \n          <div class=\"box-wrapper\"\n              data-id=\"1131\">\n\n              <div class='time-header' style='visibility: hidden;'>10:45<\/div>\n\n              <div class=\"box\"\n                data-id=\"1131\"\n                data-project=\"project_276_2017_03_27\"\n                data-title=\"SFMU\"\n                data-time=\"10:45-12:15\"\n                data-room=\"Solot\"\n                data-room-id=\"1012\"\n                data-room-name=\"Solot\"\n                data-day=\"2\"\n                data-abs-nbr=\"\"\n                data-abs-path=\"\"\n                data-speaker=\"\"\n                data-speakercell=\"\"\n                data-info=\"\"\n                data-category=\"SFMR - Delf\u00f6reningar\"\n                data-category-ids=\"1006\"\n                data-span-all=\"\"\n              >\n\n              \n\n              <div class=\"vertical_bar\" style=\"background-color: #6699CC;\"><\/div>\n              <div class=\"box_inner\">\n                                <span>SFMU<\/span>\n               <br>\n               \n               <div class=\"room_div \">\n                 <i class=\"list-room\">Solot<\/i>\n               <\/div>\n\n               <div class=\"name_time_div\">\n                <i class=\"list-time\" data-time=\"10:45\">10:45-12:15 - Torsdag 14 september<\/i>\n               <\/div>\n              <\/div>\n             <\/div>\n          <\/div>\n\n          \n          <div class=\"box-wrapper\"\n              data-id=\"1134\">\n\n              <div class='time-header' style='visibility: hidden;'>10:45<\/div>\n\n              <div class=\"box\"\n                data-id=\"1134\"\n                data-project=\"project_276_2017_03_27\"\n                data-title=\"RAM-kurs\"\n                data-time=\"10:45-12:15\"\n                data-room=\"Loge 5\"\n                data-room-id=\"1016\"\n                data-room-name=\"Loge 5\"\n                data-day=\"2\"\n                data-abs-nbr=\"\"\n                data-abs-path=\"\"\n                data-speaker=\"Staffan Wirell; Anders von Heijne; Marcus Casselgren; Kada Karlsson; Charalampos Georgiopoulos; Joar Bj\u00f6rk\"\n                data-speakercell=\"Staffan Wirell; Anders von Heijne; Marcus Casselgren; Kada Karlsson; Charalampos Georgiopoulos; Joar Bj\u00f6rk\"\n                data-info=\"\"\n                data-category=\"RAM-kurs\"\n                data-category-ids=\"1016\"\n                data-span-all=\"\"\n              >\n\n              \n\n              <div class=\"vertical_bar\" style=\"background-color: #66FFCC;\"><\/div>\n              <div class=\"box_inner\">\n                                <span>RAM-kurs<\/span>\n               <br>\n               <div class=\"lecturer\"><span>Staffan Wirell; Anders von Heijne; Marcus Casselgren; Kada Karlsson; Charalampos Georgiopoulos; Joar Bj\u00f6rk<\/span><\/div>\n               <div class=\"room_div \">\n                 <i class=\"list-room\">Loge 5<\/i>\n               <\/div>\n\n               <div class=\"name_time_div\">\n                <i class=\"list-time\" data-time=\"10:45\">10:45-12:15 - Torsdag 14 september<\/i>\n               <\/div>\n              <\/div>\n             <\/div>\n          <\/div>\n\n          \n          <div class=\"box-wrapper\"\n              data-id=\"1127\">\n\n              <div class='time-header' style='visibility: hidden;'>10:45<\/div>\n\n              <div class=\"box\"\n                data-id=\"1127\"\n                data-project=\"project_276_2017_03_27\"\n                data-title=\"SFMR - Kvalitetsdag: \\\"Integration - v\u00e4gen till framg\u00e5ng\\\"\"\n                data-time=\"10:45-12:15\"\n                data-room=\"Studion\"\n                data-room-id=\"1007\"\n                data-room-name=\"Studion\"\n                data-day=\"2\"\n                data-abs-nbr=\"\"\n                data-abs-path=\"\"\n                data-speaker=\"Linda Haupt; Maria Lindkvist; Charlotte Sandstr\u00f6m; Kerstin Benner\"\n                data-speakercell=\"Linda Haupt; Maria Lindkvist; Charlotte Sandstr\u00f6m; Kerstin Benner\"\n                data-info=\"&lt;b&gt;Moderatorer: &lt;\/b&gt;John Brandberg&lt;br&gt;&lt;br&gt; \n                 &lt;p&gt;&lt;span style=&quot;font-weight: bold;&quot;&gt;&quot;Integration - v\u00e4gen till framg\u00e5ng&quot;&lt;\/span&gt;&lt;\/p&gt; \n                 &lt;p&gt;&lt;em&gt;Moderator: John Brandberg&lt;\/em&gt;&lt;\/p&gt; \n                 &lt;p&gt;10.45 - 11.15 Optimalt traumaomh\u00e4ndertagande - etablerat arbetss\u00e4tt och tankar&lt;br&gt;&lt;em&gt;Linda Haupt och Maria Lindkvist&lt;\/em&gt;&lt;\/p&gt; \n                 &lt;p&gt;11.15 - 11.45 Interventionell behandling av lungemboli kr\u00e4ver komplicerat sambarbete&lt;br&gt;&lt;em&gt;Charlotte Sandstr\u00f6m&lt;\/em&gt;&lt;\/p&gt; \n                 &lt;p&gt;11.45 - 12.15 Dubbelkompetens vid PET-CT&lt;br&gt;&lt;em&gt;Kerstin Benner&lt;\/em&gt;&lt;\/p&gt; \n                &lt;br&gt;&lt;br&gt;\"\n                data-category=\"SFMR - Svensk F\u00f6rening f\u00f6r Medicinsk Radiologi\"\n                data-category-ids=\"1004\"\n                data-span-all=\"\"\n              >\n\n              \n\n              <div class=\"vertical_bar\" style=\"background-color: #0099FF;\"><\/div>\n              <div class=\"box_inner\">\n                                <span>SFMR - Kvalitetsdag: \"Integration - v\u00e4gen till framg\u00e5ng\"<\/span>\n               <br>\n               <div class=\"lecturer\"><span>Linda Haupt; Maria Lindkvist; Charlotte Sandstr\u00f6m; Kerstin Benner<\/span><\/div>\n               <div class=\"room_div \">\n                 <i class=\"list-room\">Studion<\/i>\n               <\/div>\n\n               <div class=\"name_time_div\">\n                <i class=\"list-time\" data-time=\"10:45\">10:45-12:15 - Torsdag 14 september<\/i>\n               <\/div>\n              <\/div>\n             <\/div>\n          <\/div>\n\n          \n          <div class=\"box-wrapper\"\n              data-id=\"1128\">\n\n              <div class='time-header' style='visibility: hidden;'>10:45<\/div>\n\n              <div class=\"box\"\n                data-id=\"1128\"\n                data-project=\"project_276_2017_03_27\"\n                data-title=\"SFRU - Smittsamma sjukdomar och r\u00f6ntgen\"\n                data-time=\"10:45-12:15\"\n                data-room=\"Kulturen\"\n                data-room-id=\"1008\"\n                data-room-name=\"Kulturen\"\n                data-day=\"2\"\n                data-abs-nbr=\"\"\n                data-abs-path=\"\"\n                data-speaker=\"Boo Jarhall\"\n                data-speakercell=\"Boo Jarhall\"\n                data-info=\"&lt;b&gt;Moderatorer: &lt;\/b&gt;Lotta Rasmussen&lt;br&gt;&lt;br&gt; \n                 &lt;p&gt;&lt;em&gt;V\u00e5rdhygienska aspekter om omh\u00e4nder-tagandet av patient p\u00e5 en r\u00f6ntgen-avdelning. Fr\u00e5gor kring tuberkulos, MRSA och andra smittsamma sjukdomar.&lt;\/em&gt;&lt;br&gt;&lt;\/p&gt; \n                &lt;br&gt;&lt;br&gt;\"\n                data-category=\"SFRU - Svensk F\u00f6rening f\u00f6r R\u00f6ntgenundersk\u00f6terskor\"\n                data-category-ids=\"1010\"\n                data-span-all=\"\"\n              >\n\n              \n\n              <div class=\"vertical_bar\" style=\"background-color: #FFFF33;\"><\/div>\n              <div class=\"box_inner\">\n                                <span>SFRU - Smittsamma sjukdomar och r\u00f6ntgen<\/span>\n               <br>\n               <div class=\"lecturer\"><span>Boo Jarhall<\/span><\/div>\n               <div class=\"room_div \">\n                 <i class=\"list-room\">Kulturen<\/i>\n               <\/div>\n\n               <div class=\"name_time_div\">\n                <i class=\"list-time\" data-time=\"10:45\">10:45-12:15 - Torsdag 14 september<\/i>\n               <\/div>\n              <\/div>\n             <\/div>\n          <\/div>\n\n          \n          <div class=\"box-wrapper\"\n              data-id=\"1126\">\n\n              <div class='time-header' style='visibility: hidden;'>10:45<\/div>\n\n              <div class=\"box\"\n                data-id=\"1126\"\n                data-project=\"project_276_2017_03_27\"\n                data-title=\"Musculoskeletal ultrasound - when, why and how to do it\"\n                data-time=\"10:45-12:15\"\n                data-room=\"Operan\"\n                data-room-id=\"1004\"\n                data-room-name=\"Operan\"\n                data-day=\"2\"\n                data-abs-nbr=\"\"\n                data-abs-path=\"\"\n                data-speaker=\"David Wilson; Gina Allen\"\n                data-speakercell=\"David Wilson; Gina Allen\"\n                data-info=\"&lt;b&gt;Moderatorer: &lt;\/b&gt;Bj\u00f6rn Lundin; Sara Sehlstedt&lt;br&gt;&lt;br&gt; \n                 &lt;p&gt;Summary: &quot; The use of ultrasound in muskoloskeletal radiology is increasing. This is not surprising as it\u00b4s a relatively inexpensive, fast, harmless and ready available method. But the examinationstechnique can be challenging, at least for beginners. Fortunately we can present two well known speakers: Dr David Wilson and Dr Gina Allen from Oxford, England. They will share their considerable experience in practising and teaching in musculoskeletal ultrasound, and also compare the use of ultrasound to other imaging techniques. The lectures will include live demonstration of different ultrasound examinations on live models\/patients.&lt;br&gt;&lt;br&gt;Time (10.45-12.15) : Upper extremity: Shoulder, elbow, wrist and hand.&lt;br&gt;&lt;\/p&gt; \n                &lt;br&gt;&lt;br&gt;\"\n                data-category=\"SFMR - Delf\u00f6reningar\"\n                data-category-ids=\"1006\"\n                data-span-all=\"\"\n              >\n\n              \n\n              <div class=\"vertical_bar\" style=\"background-color: #6699CC;\"><\/div>\n              <div class=\"box_inner\">\n                                <span>Musculoskeletal ultrasound - when, why and how to do it<\/span>\n               <br>\n               <div class=\"lecturer\"><span>David Wilson; Gina Allen<\/span><\/div>\n               <div class=\"room_div \">\n                 <i class=\"list-room\">Operan<\/i>\n               <\/div>\n\n               <div class=\"name_time_div\">\n                <i class=\"list-time\" data-time=\"10:45\">10:45-12:15 - Torsdag 14 september<\/i>\n               <\/div>\n              <\/div>\n             <\/div>\n          <\/div>\n\n          \n          <div class=\"box-wrapper\"\n              data-id=\"1125\">\n\n              <div class='time-header' style='visibility: hidden;'>10:45<\/div>\n\n              <div class=\"box\"\n                data-id=\"1125\"\n                data-project=\"project_276_2017_03_27\"\n                data-title=\"Keynote - Integrated Diagnostics - Paneldebatt\"\n                data-time=\"10:45-12:15\"\n                data-room=\"Crusellhallen\"\n                data-room-id=\"1002\"\n                data-room-name=\"Crusellhallen\"\n                data-day=\"2\"\n                data-abs-nbr=\"\"\n                data-abs-path=\"\"\n                data-speaker=\"Prof Gabriel Krestin; Katrine  Riklund; Seppo Koskinen; H\u00e5kan Ahlstr\u00f6m; Yngve  Forslin\"\n                data-speakercell=\"Prof Gabriel Krestin; Katrine  Riklund; Seppo Koskinen; H\u00e5kan Ahlstr\u00f6m; Yngve  Forslin\"\n                data-info=\"&lt;b&gt;Moderatorer: &lt;\/b&gt;Peter Aspelin&lt;br&gt;&lt;br&gt; \n                 &lt;p&gt;Integrated Diagnostics&lt;\/p&gt; \n                 &lt;p&gt;&lt;em&gt;Prof Gabriel Krestin, Erasmus MC, Rotterdam&lt;\/em&gt;&lt;\/p&gt; \n                 &lt;p&gt;Professorskonventet: Paneldebatt&lt;\/p&gt;&lt;p&gt;Framtidens radiologi - med eller utan radiologisk kompetens? Utan bilder?&lt;\/p&gt; \n                 &lt;p&gt;&lt;br&gt;&lt;\/p&gt; \n                &lt;br&gt;&lt;br&gt;\"\n                data-category=\"Vetenskapligt program\"\n                data-category-ids=\"1002\"\n                data-span-all=\"\"\n              >\n\n              \n\n              <div class=\"vertical_bar\" style=\"background-color: #FF3333;\"><\/div>\n              <div class=\"box_inner\">\n                                <span>Keynote - Integrated Diagnostics - Paneldebatt<\/span>\n               <br>\n               <div class=\"lecturer\"><span>Prof Gabriel Krestin; Katrine  Riklund; Seppo Koskinen; H\u00e5kan Ahlstr\u00f6m; Yngve  Forslin<\/span><\/div>\n               <div class=\"room_div \">\n                 <i class=\"list-room\">Crusellhallen<\/i>\n               <\/div>\n\n               <div class=\"name_time_div\">\n                <i class=\"list-time\" data-time=\"10:45\">10:45-12:15 - Torsdag 14 september<\/i>\n               <\/div>\n              <\/div>\n             <\/div>\n          <\/div>\n\n          \n          <div class=\"box-wrapper\"\n              data-id=\"1186\">\n\n              <div class='time-header'>12:15<\/div>\n\n              <div class=\"box\"\n                data-id=\"1186\"\n                data-project=\"project_276_2017_03_27\"\n                data-title=\"Lunch & Utst\u00e4llning\"\n                data-time=\"12:15-13:30\"\n                data-room=\"-Ej specificerad-\"\n                data-room-id=\"-1\"\n                data-room-name=\"-Ej specificerad-\"\n                data-day=\"2\"\n                data-abs-nbr=\"\"\n                data-abs-path=\"\"\n                data-speaker=\"\"\n                data-speakercell=\"\"\n                data-info=\"\"\n                data-category=\"\"\n                data-category-ids=\"\"\n                data-span-all=\"\"\n              >\n\n              \n\n              <div class=\"vertical_bar\" style=\"background-color: rgba(255, 255, 255, 0);\"><\/div>\n              <div class=\"box_inner\">\n                                <span>Lunch & Utst\u00e4llning<\/span>\n               <br>\n               \n               <div class=\"room_div \">\n                 <i class=\"list-room\">-Ej specificerad-<\/i>\n               <\/div>\n\n               <div class=\"name_time_div\">\n                <i class=\"list-time\" data-time=\"12:15\">12:15-13:30 - Torsdag 14 september<\/i>\n               <\/div>\n              <\/div>\n             <\/div>\n          <\/div>\n\n          \n          <div class=\"box-wrapper\"\n              data-id=\"1138\">\n\n              <div class='time-header'>13:30<\/div>\n\n              <div class=\"box\"\n                data-id=\"1138\"\n                data-project=\"project_276_2017_03_27\"\n                data-title=\"Radiofysik - SSM - Nya krav inom str\u00e5lskyddsomr\u00e5det\"\n                data-time=\"13:30-15:00\"\n                data-room=\"Spegelsalen\"\n                data-room-id=\"1006\"\n                data-room-name=\"Spegelsalen\"\n                data-day=\"2\"\n                data-abs-nbr=\"\"\n                data-abs-path=\"\"\n                data-speaker=\"Ann-Louis  S\u00f6derman; Anders Frank; Ragnhild Mogren\"\n                data-speakercell=\"Ann-Louis  S\u00f6derman; Anders Frank; Ragnhild Mogren\"\n                data-info=\"&lt;b&gt;Moderatorer: &lt;\/b&gt;Agnetha Gustafsson&lt;br&gt;&lt;br&gt; \n                 &lt;p&gt;1) F\u00f6rslag till ny str\u00e5lskyddslag och f\u00f6rordning Ann-Louis S\u00f6derman verksjurist Str\u00e5ls\u00e4kerhetsmyndigheten &lt;br&gt;2) F\u00f6rslag till nya f\u00f6reskrifter f\u00f6r medicinska exponeringar Anders Frank inspekt\u00f6r Str\u00e5ls\u00e4kerhetsmyndigheten &lt;br&gt;3) Specialistkompetensutbildning f\u00f6r sjukhusfysiker, Ragnhild Mogren Socialstyrelsen&lt;br&gt;&lt;br&gt;Abstract: &lt;br&gt;Syfte: Att informera om f\u00f6rslaget till ny lag och f\u00f6rordning samt nya f\u00f6reskrifter f\u00f6r medicinska exponeringar. &lt;br&gt;&lt;br&gt;Fokus kommer framf\u00f6r allt att ligga p\u00e5 att beskriva f\u00f6r\u00e4ndringar j\u00e4mf\u00f6rt med tidigare krav och vilka konsekvenser det f\u00e5r f\u00f6r er ute i verksamheten. &lt;br&gt;&lt;br&gt;Inom omr\u00e5det medicinsk exponering f\u00f6resl\u00e5r myndigheten att best\u00e4mmelser om ber\u00e4ttigande av nya metoder lyfts upp till lagniv\u00e5. Det \u00e4r regeringen eller den myndighet som regeringen best\u00e4mmer som ska avg\u00f6ra ber\u00e4ttigandet f\u00f6r nya typer eller kategorier av verksamheter. Detta g\u00e4ller t.ex. inom medicinsk exponering d\u00e4r regeringen eller den myndighet regeringen best\u00e4mmer fattar beslut om nya metoder \u00e4r ber\u00e4ttigade innan de f\u00e5r b\u00f6rja till\u00e4mpas generellt. Myndigheten f\u00f6resl\u00e5r vidare att nya best\u00e4mmelser f\u00f6rs in i str\u00e5lskyddslagen och str\u00e5lskyddsf\u00f6rordningen med inneb\u00f6rden att en regional etikpr\u00f6vningsn\u00e4mnd, i samband med pr\u00f6vningen av forskningsprojekt som inneb\u00e4r medicinsk exponering, fastst\u00e4ller dosrestriktioner f\u00f6r frivilliga f\u00f6rs\u00f6kspersoner i forskningsprojekt om personerna inte f\u00f6rv\u00e4ntas f\u00e5 n\u00e5gon medicinsk f\u00f6rdel av exponeringen. Myndigheten f\u00f6resl\u00e5r \u00e4ven en rad f\u00f6r\u00e4ndringar i andra lagar och f\u00f6rordningar. Till exempel f\u00f6resl\u00e5s att l\u00e4randem\u00e5len i h\u00f6gskolef\u00f6rordningen f\u00f6r l\u00e4kare och tandl\u00e4kare kompletteras med konkreta l\u00e4randem\u00e5l som r\u00f6r medicinska och odontologiska exponeringar. Str\u00e5ls\u00e4kerhetsmyndigheten f\u00f6resl\u00e5r dessutom att en specialistkompetensutbildning inf\u00f6rs f\u00f6r legitimerade sjukhusfysiker p\u00e5 motsvarande s\u00e4tt som idag finns f\u00f6r l\u00e4kare och tandl\u00e4kare. Av denna anledning har Socialstyrelsen har startat ett projekt f\u00f6r att ta fram f\u00f6reskrifter och m\u00e5lbeskrivningar f\u00f6r utbildningen.&lt;br&gt;&lt;\/p&gt;\n                 &lt;p&gt; &lt;\/p&gt;\n                 &lt;p&gt;Med reservation f\u00f6r eventuella f\u00f6r\u00e4ndringar i lagr\u00e5dsremissen som ber\u00e4knas komma ut f\u00f6re sommaren.&lt;\/p&gt; \n                &lt;br&gt;&lt;br&gt;\"\n                data-category=\"Allm\u00e4n f\u00f6rel\u00e4sning\"\n                data-category-ids=\"1003\"\n                data-span-all=\"\"\n              >\n\n              \n\n              <div class=\"vertical_bar\" style=\"background-color: #FF9933;\"><\/div>\n              <div class=\"box_inner\">\n                                <span>Radiofysik - SSM - Nya krav inom str\u00e5lskyddsomr\u00e5det<\/span>\n               <br>\n               <div class=\"lecturer\"><span>Ann-Louis  S\u00f6derman; Anders Frank; Ragnhild Mogren<\/span><\/div>\n               <div class=\"room_div \">\n                 <i class=\"list-room\">Spegelsalen<\/i>\n               <\/div>\n\n               <div class=\"name_time_div\">\n                <i class=\"list-time\" data-time=\"13:30\">13:30-15:00 - Torsdag 14 september<\/i>\n               <\/div>\n              <\/div>\n             <\/div>\n          <\/div>\n\n          \n          <div class=\"box-wrapper\"\n              data-id=\"1145\">\n\n              <div class='time-header' style='visibility: hidden;'>13:30<\/div>\n\n              <div class=\"box\"\n                data-id=\"1145\"\n                data-project=\"project_276_2017_03_27\"\n                data-title=\"Hands-on workshop: Nedre extremitet.\"\n                data-time=\"13:30-16:00\"\n                data-room=\"Loge 6\"\n                data-room-id=\"1015\"\n                data-room-name=\"Loge 6\"\n                data-day=\"2\"\n                data-abs-nbr=\"\"\n                data-abs-path=\"\"\n                data-speaker=\"Gina Allen; David Wilson\"\n                data-speakercell=\"Gina Allen; David Wilson\"\n                data-info=\" \n                 &lt;p&gt;&lt;em&gt;Tr\u00e4na ultraljudsteknik &quot;live&quot; med David Wilson, Gina Allen och Svensk F\u00f6rening f\u00f6r Medicinsk Ultraljudsteknik&lt;\/em&gt;&lt;br&gt;&lt;\/p&gt; \n                &lt;br&gt;&lt;br&gt;\"\n                data-category=\"Ultraljudsf\u00f6reningens hands-on\"\n                data-category-ids=\"1015\"\n                data-span-all=\"\"\n              >\n\n              \n\n              <div class=\"vertical_bar\" style=\"background-color: #FFCCFF;\"><\/div>\n              <div class=\"box_inner\">\n                                <span>Hands-on workshop: Nedre extremitet.<\/span>\n               <br>\n               <div class=\"lecturer\"><span>Gina Allen; David Wilson<\/span><\/div>\n               <div class=\"room_div \">\n                 <i class=\"list-room\">Loge 6<\/i>\n               <\/div>\n\n               <div class=\"name_time_div\">\n                <i class=\"list-time\" data-time=\"13:30\">13:30-16:00 - Torsdag 14 september<\/i>\n               <\/div>\n              <\/div>\n             <\/div>\n          <\/div>\n\n          \n          <div class=\"box-wrapper\"\n              data-id=\"1137\">\n\n              <div class='time-header' style='visibility: hidden;'>13:30<\/div>\n\n              <div class=\"box\"\n                data-id=\"1137\"\n                data-project=\"project_276_2017_03_27\"\n                data-title=\"SFNM - PET\/MR i visualisering och kantifiering; Erfarenheter fr\u00e5n Uppsala & Ume\u00e5\"\n                data-time=\"13:30-15:00\"\n                data-room=\"Operan\"\n                data-room-id=\"1004\"\n                data-room-name=\"Operan\"\n                data-day=\"2\"\n                data-abs-nbr=\"\"\n                data-abs-path=\"\"\n                data-speaker=\"Mikael Skorpil; Sara Strandberg; Ezgi Ilan\"\n                data-speakercell=\"Mikael Skorpil; Sara Strandberg; Ezgi Ilan\"\n                data-info=\" \n                 &lt;p&gt;1.&quot;Multiparametrisk PET\/MR\u201d -&lt;em&gt;&amp;nbsp;Mikael Skorpil, \u00d6verl\u00e4kare, Bild- och Funktionsmedicin, Akademiska Sjukhuset, Uppsala&amp;nbsp;&lt;\/em&gt;&lt;\/p&gt; \n                 &lt;p&gt;&amp;nbsp;2. &quot;PSMA-PET\/MR vid intermedi\u00e4r- och h\u00f6grisk prostatacancer\u201d -&lt;em&gt;&amp;nbsp;Sara Strandberg, \u00d6verl\u00e4kare Radiologi\/Nuklearmedicin, BFM, Norrlands Universitetssjukhus, Ume\u00e5.&lt;\/em&gt;&lt;\/p&gt; \n                 &lt;p&gt;3. &quot;Kvantifiering och visualisering av 68Ga-DOTATOC-upptag vid PET\/MR och PET\/CT\u201d -&lt;em&gt;&amp;nbsp;Ezgi Ilan, Doktorand, Sjukhusfysik\/PET-centrum, Akademiska Sjukhuset, Uppsala&amp;nbsp;&lt;\/em&gt;&lt;\/p&gt; \n                &lt;br&gt;&lt;br&gt;\"\n                data-category=\"SFMR - Delf\u00f6reningar\"\n                data-category-ids=\"1006\"\n                data-span-all=\"\"\n              >\n\n              \n\n              <div class=\"vertical_bar\" style=\"background-color: #6699CC;\"><\/div>\n              <div class=\"box_inner\">\n                                <span>SFNM - PET\/MR i visualisering och kantifiering; Erfarenheter fr\u00e5n Uppsala & Ume\u00e5<\/span>\n               <br>\n               <div class=\"lecturer\"><span>Mikael Skorpil; Sara Strandberg; Ezgi Ilan<\/span><\/div>\n               <div class=\"room_div \">\n                 <i class=\"list-room\">Operan<\/i>\n               <\/div>\n\n               <div class=\"name_time_div\">\n                <i class=\"list-time\" data-time=\"13:30\">13:30-15:00 - Torsdag 14 september<\/i>\n               <\/div>\n              <\/div>\n             <\/div>\n          <\/div>\n\n          \n          <div class=\"box-wrapper\"\n              data-id=\"1146\">\n\n              <div class='time-header' style='visibility: hidden;'>13:30<\/div>\n\n              <div class=\"box\"\n                data-id=\"1146\"\n                data-project=\"project_276_2017_03_27\"\n                data-title=\"RAM-kurs\"\n                data-time=\"13:30-16:00\"\n                data-room=\"Loge 5\"\n                data-room-id=\"1016\"\n                data-room-name=\"Loge 5\"\n                data-day=\"2\"\n                data-abs-nbr=\"\"\n                data-abs-path=\"\"\n                data-speaker=\"Staffan Wirell; Anders von Heijne; Marcus Casselgren; Charalampos Georgiopoulos; Kada Karlsson; Joar Bj\u00f6rk\"\n                data-speakercell=\"Staffan Wirell; Anders von Heijne; Marcus Casselgren; Charalampos Georgiopoulos; Kada Karlsson; Joar Bj\u00f6rk\"\n                data-info=\"\"\n                data-category=\"RAM-kurs\"\n                data-category-ids=\"1016\"\n                data-span-all=\"\"\n              >\n\n              \n\n              <div class=\"vertical_bar\" style=\"background-color: #66FFCC;\"><\/div>\n              <div class=\"box_inner\">\n                                <span>RAM-kurs<\/span>\n               <br>\n               <div class=\"lecturer\"><span>Staffan Wirell; Anders von Heijne; Marcus Casselgren; Charalampos Georgiopoulos; Kada Karlsson; Joar Bj\u00f6rk<\/span><\/div>\n               <div class=\"room_div \">\n                 <i class=\"list-room\">Loge 5<\/i>\n               <\/div>\n\n               <div class=\"name_time_div\">\n                <i class=\"list-time\" data-time=\"13:30\">13:30-16:00 - Torsdag 14 september<\/i>\n               <\/div>\n              <\/div>\n             <\/div>\n          <\/div>\n\n          \n          <div class=\"box-wrapper\"\n              data-id=\"1144\">\n\n              <div class='time-header' style='visibility: hidden;'>13:30<\/div>\n\n              <div class=\"box\"\n                data-id=\"1144\"\n                data-project=\"project_276_2017_03_27\"\n                data-title=\"Hands-on workshop: Nedre extremitet.\"\n                data-time=\"13:30-16:00\"\n                data-room=\"Loge 4\"\n                data-room-id=\"1014\"\n                data-room-name=\"Loge 4\"\n                data-day=\"2\"\n                data-abs-nbr=\"\"\n                data-abs-path=\"\"\n                data-speaker=\"David Wilson; Gina Allen\"\n                data-speakercell=\"David Wilson; Gina Allen\"\n                data-info=\" \n                 &lt;p&gt;&lt;em&gt;Tr\u00e4na ultraljudsteknik &quot;live&quot; med David Wilson, Gina Allen och Svensk F\u00f6rening f\u00f6r Medicinsk Ultraljudsteknik&lt;\/em&gt;&lt;br&gt;&lt;\/p&gt; \n                &lt;br&gt;&lt;br&gt;\"\n                data-category=\"Ultraljudsf\u00f6reningens hands-on\"\n                data-category-ids=\"1015\"\n                data-span-all=\"\"\n              >\n\n              \n\n              <div class=\"vertical_bar\" style=\"background-color: #FFCCFF;\"><\/div>\n              <div class=\"box_inner\">\n                                <span>Hands-on workshop: Nedre extremitet.<\/span>\n               <br>\n               <div class=\"lecturer\"><span>David Wilson; Gina Allen<\/span><\/div>\n               <div class=\"room_div \">\n                 <i class=\"list-room\">Loge 4<\/i>\n               <\/div>\n\n               <div class=\"name_time_div\">\n                <i class=\"list-time\" data-time=\"13:30\">13:30-16:00 - Torsdag 14 september<\/i>\n               <\/div>\n              <\/div>\n             <\/div>\n          <\/div>\n\n          \n          <div class=\"box-wrapper\"\n              data-id=\"1139\">\n\n              <div class='time-header' style='visibility: hidden;'>13:30<\/div>\n\n              <div class=\"box\"\n                data-id=\"1139\"\n                data-project=\"project_276_2017_03_27\"\n                data-title=\"SFMR - Kvalitetsdag: \\\"Integration - v\u00e4gen till framg\u00e5ng\\\"\"\n                data-time=\"13:30-15:00\"\n                data-room=\"Studion\"\n                data-room-id=\"1007\"\n                data-room-name=\"Studion\"\n                data-day=\"2\"\n                data-abs-nbr=\"\"\n                data-abs-path=\"\"\n                data-speaker=\"Stefan  Thunberg; Carl Bladh; Marit Johannesson; Peter \u00d6rn; Jonas Hugosson\"\n                data-speakercell=\"Stefan  Thunberg; Carl Bladh; Marit Johannesson; Peter \u00d6rn; Jonas Hugosson\"\n                data-info=\"&lt;b&gt;Moderatorer: &lt;\/b&gt;John Brandberg&lt;br&gt;&lt;br&gt; \n                 &lt;p&gt;&lt;span style=&quot;font-weight: bold;&quot;&gt;Integration - v\u00e4gen till framg\u00e5ng&lt;\/span&gt;&lt;br&gt;&lt;br&gt;13.30 - 13.45 DosReg SSMs webverktyg f\u00f6r insamling av DSD samt st\u00f6d f\u00f6r optimering av unders\u00f6kningsprotokoll.&lt;span style=&quot;font-style: italic;&quot;&gt; Stefan Thunberg, Str\u00e5ls\u00e4kerhetsmyndigheten&lt;\/span&gt;&lt;br&gt;&lt;br&gt;Str\u00e5ls\u00e4kerhetsmyndigheten har sedan 2002 kr\u00e4vt att sjukv\u00e5rden m\u00e4ter och rapporterar diagnostiska standarddoser (DSD), uppgifterna har sedan utgjort underlag f\u00f6r fastst\u00e4llande av diagnostiska referensniv\u00e5er (DRN). Insamling av DSD data har skett vid tre tillf\u00e4llen och Str\u00e5ls\u00e4kerhetsmyndigheten har d\u00e4refter publicerat rapporter 2-3 \u00e5r efter det att data rapporterats in. Systemet har visat sig vara mycket effektivt f\u00f6r att minska str\u00e5ldoserna till befolkningen och \u00e5rligen avstyrs ca 1000 manSv. D\u00e4remot har det kr\u00e4vt stora resurser fr\u00e5n s\u00e5v\u00e4l sjukv\u00e5rden som myndigheten. Syftet med att utveckla ett webverktyg f\u00f6r myndigheten har huvudsakligen varit att effektivisera hela processen fr\u00e5n insamling till analys och fastst\u00e4llande av nya eller reviderade DRN. Men ocks\u00e5 f\u00f6r att samla in underlag f\u00f6r skattning av populationsdoser. DosReg ger anv\u00e4ndaren i realtid en \u00e5terkoppling p\u00e5 hur de inrapporterade DSD ligger i f\u00f6rh\u00e5llande till av myndigheten fastst\u00e4llda DRN, samt hur den egna kliniken ligger till i j\u00e4mf\u00f6relse med andra kliniker i landet som utf\u00f6r samma unders\u00f6kning. Webverktyget ger \u00e4ven tillg\u00e5ng till andra klinikers protokoll och DSD, vilket ger ett bra st\u00f6d i optimeringsprocessen. M\u00e5let \u00e4r att DosReg under 2017 skall finnas f\u00f6r sex modaliteter; datortomografi, nuklearmedicin, mammografi, konventionell r\u00f6ntgen, interventioner och CBCT (dental). Under 2017 skall DSD data samlas in f\u00f6r att ligga till grunden f\u00f6r nya DRN, som inf\u00f6rs under 2018.&lt;br&gt;&lt;br&gt;13.45 - 13.55 Action Week - Granskning av ber\u00e4ttigandeprocessen i Europa.&amp;nbsp;&lt;em&gt;Carl Bladh, St\u00e5rls\u00e4kerhetsmyndigheten&lt;br&gt;&lt;\/em&gt;&lt;br&gt;I november 2016 genomf\u00f6rde Str\u00e5ls\u00e4kerhetsmyndigheten (SSM) tillsammans med 17 andra europeiska l\u00e4nder en granskning av ber\u00e4ttigandeprocessen inom r\u00f6ntgendiagnostik. Granskningen gick under namnet \u201dAction Week\u201d och involverade 15 radiologiska kliniker i Sverige och totalt 142 kliniker i Europa. Syftet med granskningen var att \u00f6ka medvetenheten kring ber\u00e4ttigandefr\u00e5gor inom radiologin. M\u00e5let var att kartl\u00e4gga och utv\u00e4rdera hur olika delar i ber\u00e4ttigandeprocessen utf\u00f6rs och identifiera eventuella f\u00f6rb\u00e4ttringsomr\u00e5den samt sprida resultatet mellan EU:s medlemsstater. Granskningen genomf\u00f6rdes utifr\u00e5n en gemensam europeisk granskningsmall. Mallen togs fram av arbetsgruppen f\u00f6r medicinska till\u00e4mpningar inom HERCA, en sammanslutning av f\u00f6retr\u00e4dare f\u00f6r de europeiska str\u00e5ls\u00e4kerhetsmyndigheterna. I samband med granskningen intervjuades i huvudsak radiologer med ansvar f\u00f6r ber\u00e4ttigandebed\u00f6mning (radiologisk ledningsfunktion) och r\u00f6ntgensjuksk\u00f6terskor som utf\u00f6r unders\u00f6kningarna. I granskningen ingick \u00e4ven att bed\u00f6ma remissinneh\u00e5llet och kvalit\u00e9n p\u00e5 remisser till datortomografi och konventionell r\u00f6ntgen. Den svenska granskningen visar att i stort s\u00e4tt alla r\u00f6ntgenkliniker har skriftliga rutiner f\u00f6r bed\u00f6mning av ber\u00e4ttigande. D\u00e4remot \u00e4r remittenternas ansvar f\u00f6r ber\u00e4ttigandebed\u00f6mning otydligt beskrivet. Radiologer prioriterar och ber\u00e4ttigandebed\u00f6mer alla r\u00f6ntgenremisser f\u00f6rutom remisser till konventionell r\u00f6ntgen. Vidare framkommer att inneh\u00e5llet och kvalit\u00e9n p\u00e5 remisser till r\u00f6ntgen generellt \u00e4r h\u00f6g. D\u00e4remot saknas ofta direkta kontaktv\u00e4gar mellan den radiolog som prioriterar unders\u00f6kningen och prim\u00e4rv\u00e5rdens remittenter, vilket i m\u00e5nga fall f\u00f6rsv\u00e5rar komplettering av remissinneh\u00e5llet. Det \u00e4r i m\u00e5nga fall ocks\u00e5 oklart om r\u00f6ntgenklinikerna har mandat att \u00e4ndra eller styra om beg\u00e4rda unders\u00f6kningar till andra unders\u00f6kningstyper eller modaliteter. I kombination med stort remissfl\u00f6de kan det bidra till att icke ber\u00e4ttigade och suboptimala unders\u00f6kningar \u00e4nd\u00e5 utf\u00f6rs. Det framkom ocks\u00e5 att beslutst\u00f6d f\u00f6r remittenter delvis finns i form av de standardiserade v\u00e5rdf\u00f6rloppen men vanligtvis inte f\u00f6r \u00f6vriga fr\u00e5gest\u00e4llningar. Granskningen visar ocks\u00e5 att f\u00e5 remittenter och radiologiska kliniker har tillg\u00e5ng till uppgifter g\u00e4llande vilka str\u00e5ldoser olika unders\u00f6kningar \u00e4r f\u00f6rknippade med.&amp;nbsp;&lt;br&gt;&lt;br&gt;&lt;\/p&gt; \n                 &lt;p&gt;13.55 - 14.10 Kvalitetss\u00e4kring inom SCAPIS-projektet.&amp;nbsp;&lt;em&gt;Marit Johannesson&lt;\/em&gt;&lt;\/p&gt; \n                 &lt;p&gt;14.10 - 14.35 N\u00e4r livet skakar till.&amp;nbsp;&lt;em&gt;Reflektion av Peter \u00d6rn om att vara cancerpatient&lt;\/em&gt;&lt;\/p&gt; \n                 &lt;p&gt;14.35 - 14.55 MR-prostata, att \u00e4ndra hur vi tar hand om patienten.&amp;nbsp;&lt;em&gt;Jonas Hugosson&lt;\/em&gt;&lt;\/p&gt; \n                 &lt;p&gt;14.55 - 15.00 Avslutande kommentarer&lt;\/p&gt; \n                &lt;br&gt;&lt;br&gt;\"\n                data-category=\"SFMR - Svensk F\u00f6rening f\u00f6r Medicinsk Radiologi\"\n                data-category-ids=\"1004\"\n                data-span-all=\"\"\n              >\n\n              \n\n              <div class=\"vertical_bar\" style=\"background-color: #0099FF;\"><\/div>\n              <div class=\"box_inner\">\n                                <span>SFMR - Kvalitetsdag: \"Integration - v\u00e4gen till framg\u00e5ng\"<\/span>\n               <br>\n               <div class=\"lecturer\"><span>Stefan  Thunberg; Carl Bladh; Marit Johannesson; Peter \u00d6rn; Jonas Hugosson<\/span><\/div>\n               <div class=\"room_div \">\n                 <i class=\"list-room\">Studion<\/i>\n               <\/div>\n\n               <div class=\"name_time_div\">\n                <i class=\"list-time\" data-time=\"13:30\">13:30-15:00 - Torsdag 14 september<\/i>\n               <\/div>\n              <\/div>\n             <\/div>\n          <\/div>\n\n          \n          <div class=\"box-wrapper\"\n              data-id=\"1143\">\n\n              <div class='time-header' style='visibility: hidden;'>13:30<\/div>\n\n              <div class=\"box\"\n                data-id=\"1143\"\n                data-project=\"project_276_2017_03_27\"\n                data-title=\"M\u00f6te Region \u00d6sterg\u00f6tland\"\n                data-time=\"13:30-16:00\"\n                data-room=\"Pressl\u00e4ktaren\"\n                data-room-id=\"1013\"\n                data-room-name=\"Pressl\u00e4ktaren\"\n                data-day=\"2\"\n                data-abs-nbr=\"\"\n                data-abs-path=\"\"\n                data-speaker=\"Liselotte Joelsson\"\n                data-speakercell=\"Liselotte Joelsson\"\n                data-info=\"\"\n                data-category=\"\"\n                data-category-ids=\"\"\n                data-span-all=\"\"\n              >\n\n              \n\n              <div class=\"vertical_bar\" style=\"background-color: rgba(255, 255, 255, 0);\"><\/div>\n              <div class=\"box_inner\">\n                                <span>M\u00f6te Region \u00d6sterg\u00f6tland<\/span>\n               <br>\n               <div class=\"lecturer\"><span>Liselotte Joelsson<\/span><\/div>\n               <div class=\"room_div \">\n                 <i class=\"list-room\">Pressl\u00e4ktaren<\/i>\n               <\/div>\n\n               <div class=\"name_time_div\">\n                <i class=\"list-time\" data-time=\"13:30\">13:30-16:00 - Torsdag 14 september<\/i>\n               <\/div>\n              <\/div>\n             <\/div>\n          <\/div>\n\n          \n          <div class=\"box-wrapper\"\n              data-id=\"1136\">\n\n              <div class='time-header' style='visibility: hidden;'>13:30<\/div>\n\n              <div class=\"box\"\n                data-id=\"1136\"\n                data-project=\"project_276_2017_03_27\"\n                data-title=\"SFGAR - Radiologi i SVF lever och pancreas\"\n                data-time=\"13:30-15:00\"\n                data-room=\"Musikalen\"\n                data-room-id=\"1003\"\n                data-room-name=\"Musikalen\"\n                data-day=\"2\"\n                data-abs-nbr=\"\"\n                data-abs-path=\"\"\n                data-speaker=\"Mats Andersson; Nikolaos Kartalis\"\n                data-speakercell=\"Mats Andersson; Nikolaos Kartalis\"\n                data-info=\"&lt;b&gt;Moderatorer: &lt;\/b&gt;Elisabet Axelsson&lt;br&gt;&lt;br&gt; \n                 &lt;p&gt;13:30 - 15:00 Radiologi i SVF lever och pancreas &lt;br&gt;&lt;br&gt;Levercancer: Mats Andersson Sahlgrenska Universitetssjkhuset G\u00f6teborg &lt;br&gt;Pancreascancer: Nikolaos Kartalis Karolinska Universitetssjukhuset Stockholm&lt;br&gt;&lt;\/p&gt; \n                &lt;br&gt;&lt;br&gt;\"\n                data-category=\"SFMR - Delf\u00f6reningar\"\n                data-category-ids=\"1006\"\n                data-span-all=\"\"\n              >\n\n              \n\n              <div class=\"vertical_bar\" style=\"background-color: #6699CC;\"><\/div>\n              <div class=\"box_inner\">\n                                <span>SFGAR - Radiologi i SVF lever och pancreas<\/span>\n               <br>\n               <div class=\"lecturer\"><span>Mats Andersson; Nikolaos Kartalis<\/span><\/div>\n               <div class=\"room_div \">\n                 <i class=\"list-room\">Musikalen<\/i>\n               <\/div>\n\n               <div class=\"name_time_div\">\n                <i class=\"list-time\" data-time=\"13:30\">13:30-15:00 - Torsdag 14 september<\/i>\n               <\/div>\n              <\/div>\n             <\/div>\n          <\/div>\n\n          \n          <div class=\"box-wrapper\"\n              data-id=\"1142\">\n\n              <div class='time-header' style='visibility: hidden;'>13:30<\/div>\n\n              <div class=\"box\"\n                data-id=\"1142\"\n                data-project=\"project_276_2017_03_27\"\n                data-title=\"SFMU\"\n                data-time=\"13:30-15:00\"\n                data-room=\"Solot\"\n                data-room-id=\"1012\"\n                data-room-name=\"Solot\"\n                data-day=\"2\"\n                data-abs-nbr=\"\"\n                data-abs-path=\"\"\n                data-speaker=\"\"\n                data-speakercell=\"\"\n                data-info=\"\"\n                data-category=\"SFMR - Delf\u00f6reningar\"\n                data-category-ids=\"1006\"\n                data-span-all=\"\"\n              >\n\n              \n\n              <div class=\"vertical_bar\" style=\"background-color: #6699CC;\"><\/div>\n              <div class=\"box_inner\">\n                                <span>SFMU<\/span>\n               <br>\n               \n               <div class=\"room_div \">\n                 <i class=\"list-room\">Solot<\/i>\n               <\/div>\n\n               <div class=\"name_time_div\">\n                <i class=\"list-time\" data-time=\"13:30\">13:30-15:00 - Torsdag 14 september<\/i>\n               <\/div>\n              <\/div>\n             <\/div>\n          <\/div>\n\n          \n          <div class=\"box-wrapper\"\n              data-id=\"1141\">\n\n              <div class='time-header' style='visibility: hidden;'>13:30<\/div>\n\n              <div class=\"box\"\n                data-id=\"1141\"\n                data-project=\"project_276_2017_03_27\"\n                data-title=\"Odont R\u00f6ntgen i r\u00e4ttsodontologins tj\u00e4nst\"\n                data-time=\"13:30-15:00\"\n                data-room=\"Duetten\"\n                data-room-id=\"1011\"\n                data-room-name=\"Duetten\"\n                data-day=\"2\"\n                data-abs-nbr=\"\"\n                data-abs-path=\"\"\n                data-speaker=\"Eva Borg\"\n                data-speakercell=\"Eva Borg\"\n                data-info=\"\"\n                data-category=\"SFMR - Delf\u00f6reningar\"\n                data-category-ids=\"1006\"\n                data-span-all=\"\"\n              >\n\n              \n\n              <div class=\"vertical_bar\" style=\"background-color: #6699CC;\"><\/div>\n              <div class=\"box_inner\">\n                                <span>Odont R\u00f6ntgen i r\u00e4ttsodontologins tj\u00e4nst<\/span>\n               <br>\n               <div class=\"lecturer\"><span>Eva Borg<\/span><\/div>\n               <div class=\"room_div \">\n                 <i class=\"list-room\">Duetten<\/i>\n               <\/div>\n\n               <div class=\"name_time_div\">\n                <i class=\"list-time\" data-time=\"13:30\">13:30-15:00 - Torsdag 14 september<\/i>\n               <\/div>\n              <\/div>\n             <\/div>\n          <\/div>\n\n          \n          <div class=\"box-wrapper\"\n              data-id=\"1135\">\n\n              <div class='time-header' style='visibility: hidden;'>13:30<\/div>\n\n              <div class=\"box\"\n                data-id=\"1135\"\n                data-project=\"project_276_2017_03_27\"\n                data-title=\"Management of Terrorist Attack Situation Paris, November 2015\"\n                data-time=\"13:30-15:00\"\n                data-room=\"Crusellhallen\"\n                data-room-id=\"1002\"\n                data-room-name=\"Crusellhallen\"\n                data-day=\"2\"\n                data-abs-nbr=\"\"\n                data-abs-path=\"\"\n                data-speaker=\"Philippe Gerson\"\n                data-speakercell=\"Philippe Gerson\"\n                data-info=\"&lt;b&gt;Moderatorer: &lt;\/b&gt;Peter Aspelin&lt;br&gt;&lt;br&gt; \n                 &lt;p&gt;This presentation traces the history of the attacks that took place around my hospital the \u00ab H\u00f4tel-Dieu of Paris \u00bb from 1982 up to the november 13th, 2015 attack. This practice of a difficult and complicated situation gave me the possibility to manage the november 13th, 2015 week end. Thanks to images from my colleagues from other Paris hospitals, you will be able to see the atrocity of war wounds and how much the presence of radiographers is important. Other post-mortem images will show you the importance of forensic radiology in this type of event. Otherwise, the psychological support given to the patients and those involved remains an important element in the management of such a situation.&lt;br&gt;&lt;\/p&gt; \n                &lt;br&gt;&lt;br&gt;\"\n                data-category=\"Allm\u00e4n f\u00f6rel\u00e4sning\"\n                data-category-ids=\"1003\"\n                data-span-all=\"\"\n              >\n\n              \n\n              <div class=\"vertical_bar\" style=\"background-color: #FF9933;\"><\/div>\n              <div class=\"box_inner\">\n                                <span>Management of Terrorist Attack Situation Paris, November 2015<\/span>\n               <br>\n               <div class=\"lecturer\"><span>Philippe Gerson<\/span><\/div>\n               <div class=\"room_div \">\n                 <i class=\"list-room\">Crusellhallen<\/i>\n               <\/div>\n\n               <div class=\"name_time_div\">\n                <i class=\"list-time\" data-time=\"13:30\">13:30-15:00 - Torsdag 14 september<\/i>\n               <\/div>\n              <\/div>\n             <\/div>\n          <\/div>\n\n          \n          <div class=\"box-wrapper\"\n              data-id=\"1181\">\n\n              <div class='time-header'>15:00<\/div>\n\n              <div class=\"box\"\n                data-id=\"1181\"\n                data-project=\"project_276_2017_03_27\"\n                data-title=\"Kaffe & Utst\u00e4llning\"\n                data-time=\"15:00-15:45\"\n                data-room=\"-Ej specificerad-\"\n                data-room-id=\"-1\"\n                data-room-name=\"-Ej specificerad-\"\n                data-day=\"2\"\n                data-abs-nbr=\"\"\n                data-abs-path=\"\"\n                data-speaker=\"\"\n                data-speakercell=\"\"\n                data-info=\"\"\n                data-category=\"\"\n                data-category-ids=\"\"\n                data-span-all=\"\"\n              >\n\n              \n\n              <div class=\"vertical_bar\" style=\"background-color: rgba(255, 255, 255, 0);\"><\/div>\n              <div class=\"box_inner\">\n                                <span>Kaffe & Utst\u00e4llning<\/span>\n               <br>\n               \n               <div class=\"room_div \">\n                 <i class=\"list-room\">-Ej specificerad-<\/i>\n               <\/div>\n\n               <div class=\"name_time_div\">\n                <i class=\"list-time\" data-time=\"15:00\">15:00-15:45 - Torsdag 14 september<\/i>\n               <\/div>\n              <\/div>\n             <\/div>\n          <\/div>\n\n          \n          <div class=\"box-wrapper\"\n              data-id=\"1152\">\n\n              <div class='time-header'>15:45<\/div>\n\n              <div class=\"box\"\n                data-id=\"1152\"\n                data-project=\"project_276_2017_03_27\"\n                data-title=\"MTF - Nya akutr\u00f6ntgen samt reservkraftsanl\u00e4ggning US - STUDIEBES\u00d6K\"\n                data-time=\"15:45-16:45\"\n                data-room=\"Nya akutr\u00f6ntgen - Studiebes\u00f6k\"\n                data-room-id=\"1021\"\n                data-room-name=\"Nya akutr\u00f6ntgen - Studiebes\u00f6k\"\n                data-day=\"2\"\n                data-abs-nbr=\"\"\n                data-abs-path=\"\"\n                data-speaker=\"Anna-Carolina Djupman; Maria Lindblom; Bror-Anders Larsson\"\n                data-speakercell=\"Anna-Carolina Djupman; Maria Lindblom; Bror-Anders Larsson\"\n                data-info=\"&lt;b&gt;Moderatorer: &lt;\/b&gt;Tobias Lindbergh&lt;br&gt;&lt;br&gt; \n                 &lt;p&gt;Guider: &lt;br&gt;Anna-Carolina Djupman, r\u00f6ntgensjuksk\u00f6terska, R\u00f6ntgenkliniken US, Region \u00d6sterg\u00f6tland &lt;br&gt;Maria Lindblom, \u00f6verl\u00e4kare, R\u00f6ntgenkliniken US, Region \u00d6sterg\u00f6tland &lt;br&gt;Bror-Anders Larsson, elingenj\u00f6r, Veolia AB &lt;br&gt;&lt;br&gt;Moderator: Tobias Lindbergh, Projektledare Medicinsk teknik och IT, Region \u00d6sterg\u00f6tland &lt;br&gt;&lt;br&gt;&lt;span style=&quot;font-weight: bold;&quot;&gt;Akuten&lt;\/span&gt;&lt;br&gt;Nya akutmottagningen p\u00e5 US togs i drift natten mellan 27-28 September 2016, ligger v\u00e4gg i v\u00e4gg med f\u00f6rlossningen, och samlar all akut v\u00e5rd vid sjukhuset. En hiss fr\u00e5n den nya helikopterplattan p\u00e5 taket f\u00f6r direkt till akuten. I bed\u00f6mningsrum invid ett v\u00e4ntrum avg\u00f6r akutl\u00e4kare hur snabbt patienten beh\u00f6ver komma i v\u00e5rd. Akuten har tre stora traumarum alldeles invid den nya ambulanshallen, och nio rum f\u00f6r \u201dvanligt\u201d akut sjuka patienter. Lokalerna \u00e4r planerade med ett smidigt fl\u00f6de av patienter i centrum. I direkt anslutning till traumarummen ligger akutr\u00f6ntgen, som huserar tv\u00e5 st. datortomografer med den senaste tekniken, tillsammans med ett mer traditionellt \u201dmulti\u201d- r\u00f6ntgenlab. N\u00e4r patienten slussas ut fr\u00e5n genomg\u00e5ngen r\u00f6ntgenunders\u00f6kning finns m\u00f6jlighet till direkt hiss-\/korridorstransport f\u00f6r vidare hantering inom sjukhusets olika kliniker, t.ex. operation. &lt;br&gt;&lt;br&gt;Studiebes\u00f6kets omfattning kommer att beh\u00f6va anpassas till den v\u00e5rdverksamhet som i stunden f\u00f6r bes\u00f6ket r\u00e5der vid akutkliniken. Fokus kommer dock att riktas mot den medicintekniska aspekten av planeringen, bygget och installationen av den medicintekniska apparaturen. &lt;br&gt;&lt;br&gt;&lt;span style=&quot;font-weight: bold;&quot;&gt;Reservkraftanl\u00e4ggningen&lt;\/span&gt; &lt;br&gt;I normala fall har sjukhuset flera fr\u00e5n varandra oberoende kraftmatningar fr\u00e5n stadens elf\u00f6rs\u00f6rjningsn\u00e4t. Reservkraftanl\u00e4ggningen best\u00e5r av tre st. dieselaggregat som har till uppgift att vid externt elkraftsbortfall f\u00f6rs\u00f6rja i f\u00f6rsta hand det s.k. prioriterade kraftn\u00e4tet inom sjukhuset. En exklusiv visning av denna anl\u00e4ggning kommer genomf\u00f6ras av Bror-Anders Larsson, som har gedigen erfarenhet inom b\u00e5de riskanalyser, planering och konstruktion av den nya anl\u00e4ggningen, samt installation och drift av anl\u00e4ggningen. &lt;br&gt;&lt;br&gt;&lt;span style=&quot;font-weight: bold;&quot;&gt;OBS: Antalet platser till b\u00e5da bes\u00f6ken \u00e4r begr\u00e4nsa&lt;\/span&gt;t, och tilldelningen kommer att prioriteras till f\u00f6rm\u00e5n f\u00f6r anm\u00e4lningskategorin \u201dtekniker\/IT\u201d. F\u00f6ranm\u00e4lan kr\u00e4vs genom att Ni skickar Ert namn, yrkestitel, sjukhustillh\u00f6righet samt mobiltelefonnummer till tobias.lindbergh@regionostergotland.se . Mer specifik information kommer att distribueras till de anm\u00e4lda via e-post senast dagen innan studiebes\u00f6ket.&lt;\/p&gt; \n                &lt;br&gt;&lt;br&gt;\"\n                data-category=\"MTF - Svensk f\u00f6rening f\u00f6r Medicinsk Teknik och Fysik\"\n                data-category-ids=\"1009\"\n                data-span-all=\"\"\n              >\n\n              \n\n              <div class=\"vertical_bar\" style=\"background-color: #CCCC66;\"><\/div>\n              <div class=\"box_inner\">\n                                <span>MTF - Nya akutr\u00f6ntgen samt reservkraftsanl\u00e4ggning US - STUDIEBES\u00d6K<\/span>\n               <br>\n               <div class=\"lecturer\"><span>Anna-Carolina Djupman; Maria Lindblom; Bror-Anders Larsson<\/span><\/div>\n               <div class=\"room_div \">\n                 <i class=\"list-room\">Nya akutr\u00f6ntgen - Studiebes\u00f6k<\/i>\n               <\/div>\n\n               <div class=\"name_time_div\">\n                <i class=\"list-time\" data-time=\"15:45\">15:45-16:45 - Torsdag 14 september<\/i>\n               <\/div>\n              <\/div>\n             <\/div>\n          <\/div>\n\n          \n          <div class=\"box-wrapper\"\n              data-id=\"1174\">\n\n              <div class='time-header' style='visibility: hidden;'>15:45<\/div>\n\n              <div class=\"box\"\n                data-id=\"1174\"\n                data-project=\"project_276_2017_03_27\"\n                data-title=\"Posterpresentationer\"\n                data-time=\"15:45-16:45\"\n                data-room=\"Balkongen i Garden\"\n                data-room-id=\"1084\"\n                data-room-name=\"Balkongen i Garden\"\n                data-day=\"2\"\n                data-abs-nbr=\"\"\n                data-abs-path=\"\"\n                data-speaker=\"Johan Kihlberg; Jonas  M\u00e4ki; Maria Wilcke; Mariana Bustamente; Patricia Samuelsson; Per-Anders  Persson; Suzanne Witt\"\n                data-speakercell=\"Johan Kihlberg; Jonas  M\u00e4ki; Maria Wilcke; Mariana Bustamente; Patricia Samuelsson; Per-Anders  Persson; Suzanne Witt\"\n                data-info=\"&lt;b&gt;Moderatorer: &lt;\/b&gt;H\u00e5kan Gustafsson&lt;br&gt;&lt;br&gt; \n                 &lt;p&gt;Postrarna hittar ni p\u00e5 Balkongen i Garden ovanf\u00f6r utst\u00e4llningen.&lt;br&gt;&lt;\/p&gt; \n                 &lt;p&gt;&lt;em&gt;Moderator: H\u00e5kan Gustafsson, Norrk\u00f6ping&lt;\/em&gt;&lt;\/p&gt; \n                 &lt;p&gt;&lt;em&gt;1.&amp;nbsp;&lt;\/em&gt;Displacement encoding with Stimulated echoes (DENSE) is superior to feature tracking and tagging to detect abnormal left ventricular wall function by analyzing circumferential strain.&lt;br&gt;&lt;em&gt;Johan Kihlberg, Link\u00f6ping&lt;\/em&gt;&lt;\/p&gt; \n                 &lt;p&gt;&lt;em&gt;2.&amp;nbsp;&lt;\/em&gt;F\u00f6rekomst av sekund\u00e4r interventionskr\u00e4vande komplikation efter EVAR utf\u00f6rda vid Sunderby Sjukhus.&lt;br&gt;&lt;em&gt;Jonas M\u00e4ki, Lule\u00e5&lt;\/em&gt;&lt;\/p&gt; \n                 &lt;p&gt;3. Kliniskt v\u00e4rde av 3D-utskrift av handledsfrakturer \u2013 en pilotstudie&amp;nbsp;&lt;br&gt;&lt;em&gt;Maria K. Wilcke, Stockholm&lt;\/em&gt;&lt;\/p&gt; \n                 &lt;p&gt;4.&amp;nbsp;Generation of four-dimensional angiographic data from 4D Flow MRI:&lt;br&gt;&lt;em&gt;Mariana Bustamente, Link\u00f6ping&lt;\/em&gt;&lt;\/p&gt; \n                 &lt;p&gt;5.&amp;nbsp;J\u00e4mf\u00f6relse av olika radiologiska respons evalueringskriterier; RECIST 1,1, irRECIST, Choi and WHO.&lt;br&gt;&lt;em&gt;Patricia Samuelsson, Sk\u00f6vde&lt;\/em&gt;&lt;\/p&gt; \n                 &lt;p&gt;6.&amp;nbsp;Dynamiskt upptag av of&amp;nbsp;99mTc-DPD vid heredit\u00e4r hj\u00e4rtamyloidos, j\u00e4mf\u00f6relse av visuell gradering vid 30-minuter och 3-timmar&lt;br&gt;&lt;em&gt;Per-Anders Persson, Ume\u00e5&lt;\/em&gt;&lt;\/p&gt; \n                 &lt;p&gt;&lt;em&gt;7. G&lt;\/em&gt;ut permeability and the brain: a RS-fMRI and DTI study of the role of the brain-gut axis in IBS&lt;br&gt;&lt;em&gt;Suzanne Witt, Link\u00f6ping&lt;\/em&gt;&lt;\/p&gt; \n                &lt;br&gt;&lt;br&gt;\"\n                data-category=\"Vetenskapligt program\"\n                data-category-ids=\"1002\"\n                data-span-all=\"\"\n              >\n\n              \n\n              <div class=\"vertical_bar\" style=\"background-color: #FF3333;\"><\/div>\n              <div class=\"box_inner\">\n                                <span>Posterpresentationer<\/span>\n               <br>\n               <div class=\"lecturer\"><span>Johan Kihlberg; Jonas  M\u00e4ki; Maria Wilcke; Mariana Bustamente; Patricia Samuelsson; Per-Anders  Persson; Suzanne Witt<\/span><\/div>\n               <div class=\"room_div \">\n                 <i class=\"list-room\">Balkongen i Garden<\/i>\n               <\/div>\n\n               <div class=\"name_time_div\">\n                <i class=\"list-time\" data-time=\"15:45\">15:45-16:45 - Torsdag 14 september<\/i>\n               <\/div>\n              <\/div>\n             <\/div>\n          <\/div>\n\n          \n          <div class=\"box-wrapper\"\n              data-id=\"1149\">\n\n              <div class='time-header' style='visibility: hidden;'>15:45<\/div>\n\n              <div class=\"box\"\n                data-id=\"1149\"\n                data-project=\"project_276_2017_03_27\"\n                data-title=\"SFR - MR inom klinik och forskning: Ny arbetsmilj\u00f6lagstiftning\"\n                data-time=\"15:45-16:45\"\n                data-room=\"Spegelsalen\"\n                data-room-id=\"1006\"\n                data-room-name=\"Spegelsalen\"\n                data-day=\"2\"\n                data-abs-nbr=\"\"\n                data-abs-path=\"\"\n                data-speaker=\"Peter Lundberg; Titti Owman; Johan Olsrud\"\n                data-speakercell=\"Peter Lundberg; Titti Owman; Johan Olsrud\"\n                data-info=\"&lt;b&gt;Moderatorer: &lt;\/b&gt;Irene Sandqvist&lt;br&gt;&lt;br&gt; \n                 &lt;p&gt;&lt;span style=&quot;font-weight: bold;&quot;&gt;MR inom klinik och forskning: Ny arbetsmilj\u00f6lagstiftning&lt;\/span&gt;, &lt;span style=&quot;font-style: italic;&quot;&gt;Peter Lundberg, Sjukhusfysiker, Link\u00f6ping&lt;\/span&gt;&lt;br&gt;&lt;br&gt;Hur m\u00e5nga har h\u00f6rt talas om AFS 2016:3? Detta \u00e4r en ny svensk lagstiftning som baseras p\u00e5 ett EU-direktiv som har formulerats under n\u00e4rmre 15 \u00e5r under delvis kontroversiella former. Lagstiftningen syftar till att skydda arbetstagare (allts\u00e5 ej patienter) fr\u00e5n eventuellt skadliga effekter av exponering av elektromagnetiska f\u00e4lt (statiska, l\u00e5gfrekventa samt radiofrekventa magnetf\u00e4lt, dvs EMF). Lagstiftningen avser egentligen generellt all EMF-exponering men av olika sk\u00e4l s\u00e5 har man valt att inf\u00f6ra ett undantag f\u00f6r just magnetresonanstomografi (MRT, MRI) eftersom alternativet vore f\u00f6r\u00f6dande f\u00f6r klinisk diagnostik. Det \u00e4r emellertid endast under vissa mycket speciella f\u00f6ruts\u00e4ttningar som detta undantag g\u00e4ller och d\u00e5 endast f\u00f6r direkta effekter. F\u00f6reskriften best\u00e5r av 34 paragrafer och 9 bilagor och det finns dessutom tv\u00e5 icke-bindande praktiska v\u00e4gledningar f\u00f6r att underl\u00e4tta till\u00e4mpningen av lagen som delvis \u00e4r otydligt formulerad (appendix F i volym 1 har st\u00f6rst relevans f\u00f6r MRT). Liksom med all annan arbetsmilj\u00f6lagstiftning s\u00e5 har arbetsgivaren ett stort ansvar f\u00f6r att AFS 2016:3 till\u00e4mpas i verksamheten, men \u00e4ven arbetstagare har givetvis ett ansvar f\u00f6r dess till\u00e4mpning. \u00c4ven om lagstiftningen avser all anv\u00e4ndning av s\u00e5dana EMF-f\u00e4lt (NMR, TMS, etc) s\u00e5 kommer endast medicinska till\u00e4mpningar av MRT att ber\u00f6ras h\u00e4r.&lt;br&gt;&lt;br&gt;&lt;span style=&quot;font-weight: bold;&quot;&gt;Riskbed\u00f6mning f\u00f6r MR enligt AFS 2016:3&lt;\/span&gt; T&lt;span style=&quot;font-style: italic;&quot;&gt;itti Owman, forskningssjuksk\u00f6terska och Johan Olsrud, Sjukhusfysiker Verksamhetsomr\u00e5de Bild och Funktion, Sk\u00e5nes Universitetssjukv\u00e5rd, Lund &lt;\/span&gt;&lt;br&gt;&lt;br&gt;Arbetsmilj\u00f6verkets f\u00f6reskrifter om elektromagnetiska f\u00e4lt, AFS 2016:3, tr\u00e4dde i kraft 1 juli 2016. Arbetsgivaren ska enligt dessa f\u00f6reskrifter \u201dbed\u00f6ma alla de risker, s\u00e5v\u00e4l direkta som indirekta, f\u00f6r arbetstagarna som uppst\u00e5r p\u00e5 grund av elektromagnetiska f\u00e4lt p\u00e5 arbetsplatsen\u201d. P\u00e5 VO Bild och Funktion i Lund har under 2017 riskbed\u00f6mningar genomf\u00f6rts f\u00f6r magnetkamerorna, d\u00e4r flera olika kategorier av arbetstagare \u00e4r exponerade f\u00f6r inte minst indirekta risker s\u00e5 som projektileffekt och effekter p\u00e5 implantat. Vi vill med denna presentation beskriva det praktiska tillv\u00e4gag\u00e5ngss\u00e4ttet och ge v\u00e5r syn p\u00e5 resultaten av bed\u00f6mningarna.&lt;br&gt;&lt;\/p&gt; \n                &lt;br&gt;&lt;br&gt;\"\n                data-category=\"SFR - Svensk F\u00f6rening f\u00f6r R\u00f6ntgensjuksk\u00f6terskor,Allm\u00e4n f\u00f6rel\u00e4sning\"\n                data-category-ids=\"1007,1003\"\n                data-span-all=\"\"\n              >\n\n              \n\n              <div class=\"vertical_bar\" style=\"background-color: #33CC66;\"><\/div>\n              <div class=\"box_inner\">\n                                <span>SFR - MR inom klinik och forskning: Ny arbetsmilj\u00f6lagstiftning<\/span>\n               <br>\n               <div class=\"lecturer\"><span>Peter Lundberg; Titti Owman; Johan Olsrud<\/span><\/div>\n               <div class=\"room_div \">\n                 <i class=\"list-room\">Spegelsalen<\/i>\n               <\/div>\n\n               <div class=\"name_time_div\">\n                <i class=\"list-time\" data-time=\"15:45\">15:45-16:45 - Torsdag 14 september<\/i>\n               <\/div>\n              <\/div>\n             <\/div>\n          <\/div>\n\n          \n          <div class=\"box-wrapper\"\n              data-id=\"1153\">\n\n              <div class='time-header' style='visibility: hidden;'>15:45<\/div>\n\n              <div class=\"box\"\n                data-id=\"1153\"\n                data-project=\"project_276_2017_03_27\"\n                data-title=\"SFR - Gemensam metodbok f\u00f6r skelettunders\u00f6kningar i \u00d6sterg\u00f6tland - en framg\u00e5ngssaga - Hur b\u00f6rjade vi?\"\n                data-time=\"15:45-16:45\"\n                data-room=\"Backstage\"\n                data-room-id=\"1005\"\n                data-room-name=\"Backstage\"\n                data-day=\"2\"\n                data-abs-nbr=\"\"\n                data-abs-path=\"\"\n                data-speaker=\"Lars Henriksen; Monica Nyberg; Claudia Weber\"\n                data-speakercell=\"Lars Henriksen; Monica Nyberg; Claudia Weber\"\n                data-info=\"&lt;b&gt;Moderatorer: &lt;\/b&gt;Maud Lund\u00e9n&lt;br&gt;&lt;br&gt; \n                 &lt;p&gt;&lt;span style=&quot;font-weight: bold;&quot;&gt;Syfte:&lt;\/span&gt; Samarbete b\u00f6rjade med att vi skulle skapa gemensamma metoder och h\u00e4ngningar (DDP) som skulle vara f\u00e4rdiga till PACS-sammanslagningen i l\u00e4net. Arbeta f\u00f6r en optimering och standardisering av metoder och metodb\u00f6cker inom l\u00e4net. Huvudtanken \u00e4r att utbyta kunskap och erfarenheter, erbjuda alla patienter en god och likartad kvalitet p\u00e5 alla unders\u00f6kningar och svar, f\u00f6renkla eftergranskning och minimera behovet av ex upprepade unders\u00f6kningar, orsakat av inadekvata skillnader inom l\u00e4net. Vi tycker att vi har en stor och viktig roll i att uppr\u00e4tth\u00e5lla kunskaperna i projektionsl\u00e4ran n\u00e4r det g\u00e4ller konventionella skelettunders\u00f6kningar. &lt;br&gt;&lt;br&gt;&lt;span style=&quot;font-weight: bold;&quot;&gt;Material och metoder: &lt;\/span&gt;Skelettgruppen i \u00d6sterg\u00f6tland tr\u00e4ffats 2 g\u00e5nger\/termin f\u00f6r att diskutera dessa fr\u00e5gor och det skrivs alltid ing\u00e5ende protokoll med noggranna instruktioner om vad som beh\u00f6ver \u00e4ndras samt vem ska g\u00f6ra den. Tidigt i projektet arbetade vi med att f\u00e5 gemensamma h\u00e4ngningar (DDP) i v\u00e5rt gemensamma PACS. Detta var ett mycket tids\u00f6dande arbete, men det visade sig vara mycket v\u00e4rdefullt f\u00f6r det fortsatta samarbetet i l\u00e4net. Vi har en gemensam metodbok n\u00e4r det g\u00e4ller konventionella skelettunders\u00f6kningar. Vi g\u00f6r inga metodf\u00f6r\u00e4ndringar utan att ta kontakt med varandra. Dessa kontakter sker oftast p\u00e5 sjuksk\u00f6terskeniv\u00e5 f\u00f6r att sedan informera ut till ber\u00f6rda personer. Vi har st\u00e4ndig kontakt med remittenter n\u00e4r det g\u00e4ller unders\u00f6kningsmetoder. &lt;br&gt;&lt;br&gt;&lt;span style=&quot;font-weight: bold;&quot;&gt;Resultat:&lt;\/span&gt; Skelettutbildning: Den f\u00f6rsta gruppen i skelettutbildningen startade den 2006-03-14 . Utbildningen inneh\u00e5ller f\u00f6rel\u00e4sningar av l\u00e4kare i 11 timmar, arbete i basgrupper (PBL) i 4 timmar samt praktiska \u00f6vningar ledda av sjuksk\u00f6terskor i 7 timmar. Utbildningstillf\u00e4llena \u00e4r f\u00f6rlagda till alla 3 sjukhusen, vilket har setts som viktigt i samarbetet. V\u00e5rt m\u00e5l \u00e4r att detta blir en \u00e5terkommande utbildning varje termin och att alla r\u00f6ntgensjuksk\u00f6terskor, som arbetar med skelettr\u00f6ntgen, ska f\u00e5 tillf\u00e4lle att g\u00e5 kursen. Kursen avslutas med en examination. Utredningsg\u00e5ng av ryggar: Gruppen har \u00e4ndrat f\u00f6rsta sidan och namnet p\u00e5 broschyren, s\u00e5 att det p\u00e5 ett b\u00e4ttre s\u00e4tt \u00e5terspeglar inneh\u00e5llet. Vi har kallat den f\u00f6r \u201d St\u00f6d till remittenter vid val av ryggunders\u00f6kning\u201d, vilket vi tycker \u00e4r ett mer passande namn. Policy om anv\u00e4ndandet av gonadskydd och kompression Metodbok f\u00f6r remittenter, vilka bilder\/omr\u00e5den avbildas n\u00e4r man beg\u00e4r en specifik unders\u00f6kning. &lt;br&gt;&lt;br&gt;&lt;span style=&quot;font-weight: bold;&quot;&gt;Konklusion:&lt;\/span&gt; B\u00e4ttre kvalit\u00e9 och h\u00f6gre patients\u00e4kerhet n\u00e4r vi har arbetat fram gemensamma metoder. Patienterna blir unders\u00f6kta med samma metoder oavsett p\u00e5 vilken r\u00f6ntgenklinik de blir unders\u00f6kta. Vi alla f\u00e5r \u00f6kade kunskaper om skelettetunders\u00f6kningar i form av f\u00f6rel\u00e4sningar, f\u00e5 \u00f6kade kunskaper i hur l\u00e4karna bed\u00f6mer bildkvalit\u00e9, repetera projektionsl\u00e4ran samt att skapa en samsyn g\u00e4llande metodval inom skelettradiologin i \u00d6sterg\u00f6tland. Remittenterna f\u00e5r de unders\u00f6kningar som de beh\u00f6ver i sitt kliniska arbete. Vi har optimerat b\u00e5de n\u00e4r det g\u00e4ller antal unders\u00f6kningar och gjort dosreduktioner. Inte att f\u00f6rgl\u00f6mma, s\u00e5 \u00e4r det mycket trevligt att tr\u00e4ffa och l\u00e4ra k\u00e4nna kollegor p\u00e5 andra r\u00f6ntgenavdelningar.&lt;br&gt;&lt;\/p&gt; \n                &lt;br&gt;&lt;br&gt;\"\n                data-category=\"SFR - Svensk F\u00f6rening f\u00f6r R\u00f6ntgensjuksk\u00f6terskor\"\n                data-category-ids=\"1007\"\n                data-span-all=\"\"\n              >\n\n              \n\n              <div class=\"vertical_bar\" style=\"background-color: #33CC66;\"><\/div>\n              <div class=\"box_inner\">\n                                <span>SFR - Gemensam metodbok f\u00f6r skelettunders\u00f6kningar i \u00d6sterg\u00f6tland - en framg\u00e5ngssaga - Hur b\u00f6rjade vi?<\/span>\n               <br>\n               <div class=\"lecturer\"><span>Lars Henriksen; Monica Nyberg; Claudia Weber<\/span><\/div>\n               <div class=\"room_div \">\n                 <i class=\"list-room\">Backstage<\/i>\n               <\/div>\n\n               <div class=\"name_time_div\">\n                <i class=\"list-time\" data-time=\"15:45\">15:45-16:45 - Torsdag 14 september<\/i>\n               <\/div>\n              <\/div>\n             <\/div>\n          <\/div>\n\n          \n          <div class=\"box-wrapper\"\n              data-id=\"1151\">\n\n              <div class='time-header' style='visibility: hidden;'>15:45<\/div>\n\n              <div class=\"box\"\n                data-id=\"1151\"\n                data-project=\"project_276_2017_03_27\"\n                data-title=\"Radiofysik - Kvantitativ DT - b\u00e4ttre dosplaneringsunderlag f\u00f6r str\u00e5lterapi med nya tekniker\"\n                data-time=\"15:45-16:45\"\n                data-room=\"Operetten\"\n                data-room-id=\"1010\"\n                data-room-name=\"Operetten\"\n                data-day=\"2\"\n                data-abs-nbr=\"\"\n                data-abs-path=\"\"\n                data-speaker=\"Alexandr Malusek; Maria Magnusson; Gavin Poludniowski\"\n                data-speakercell=\"Alexandr Malusek; Maria Magnusson; Gavin Poludniowski\"\n                data-info=\"&lt;b&gt;Moderatorer: &lt;\/b&gt;Michael Sandborg&lt;br&gt;&lt;br&gt; \n                 &lt;p&gt;Abstract: Inf\u00f6r varje str\u00e5lbehandling g\u00f6rs noggranna dosber\u00e4kningar utg\u00e5ende fr\u00e5n information om patientens anatomi fr\u00e5n datortomografibilder. H\u00e4nsyn tas till s\u00e5v\u00e4l kroppens konturer som till egenskaper hos kroppens v\u00e4vnader (ben, muskel, fett etc.). Behandlingarna har hittills gjorts med linj\u00e4racceleratorer som levererar fotonstr\u00e5lning med h\u00f6ga energier. D\u00e5 beh\u00f6ver man bara ta h\u00e4nsyn till t\u00e4theten av elektroner i v\u00e4vnaderna d\u00e5 Comptonspridning dominerar och sker med elektroner oberoende av v\u00e4vnadstyp. Andra modaliteter inkluderar brachyterapi (som anv\u00e4nder fotoner av mycket l\u00e5ga energier fr\u00e5n radioaktiva str\u00e5lk\u00e4llor eller sm\u00e5 miniatyrr\u00f6ntgenr\u00f6r) samt extern bestr\u00e5lning med protoner som accelererats till h\u00f6ga energier. Med dessa modaliteter r\u00e4cker inte elektrondensiteten. Den foto-elektriska effekten (som \u00e4r starkt beroende av atomnummer) blir betydande vid l\u00e5ga fotonenergier och det blir viktigt att kunna best\u00e4mma f\u00f6rekomsten av olika grund\u00e4mnen som v\u00e4te, kol, syre etc. i v\u00e4vnaderna. P\u00e5 liknande s\u00e4tt \u00e4r energin som avges d\u00e5 protoner passerar genom kroppen beroende av v\u00e4vnadernas grund\u00e4mnessammans\u00e4ttning. H\u00e4r \u00e4r det speciellt viktigt att kunna f\u00f6ruts\u00e4ga var den karakteristiska Braggtoppen (dosmax) hamnar d\u00e5 riskorganen m\u00e5ste ligga bakom denna topp f\u00f6r att skyddas fr\u00e5n bestr\u00e5lning. Det \u00e4r d\u00e4rf\u00f6r angel\u00e4get att finna metoder som kan genomf\u00f6ra noggrann grund\u00e4mnesanalys f\u00f6r varje enskild patient d\u00e5 individuella variationer kan f\u00f6rekomma. Den linj\u00e4ra attenueringskoefficienten \u00e4r den storhet som ligger till grund f\u00f6r DT-talen i bilden. Denna \u00e4r en sammanv\u00e4gning av k\u00e4nda attenueringskoefficienter f\u00f6r de ing\u00e5ende grund\u00e4mnena och detta m\u00f6jligg\u00f6r grund\u00e4mnesanalysen. F\u00f6r analysen kr\u00e4vs att DT-talen inte \u00e4r beh\u00e4ftade med artefakter. Artefaktfria DT-bilder kan skapas t.ex. genom att anv\u00e4nda modellbaserad iterativa bildrekonstruktionsmetoder. H\u00e4r ber\u00e4knas bilden i flera upprepade steg d\u00e4r man i varje steg n\u00e4rmar sig en bild med de \u00f6nskade egenskaperna. Moderna datortomografer med tv\u00e5 str\u00e5lk\u00e4llor som samtidigt avbildar kroppen med tv\u00e5 olika r\u00f6ntgenspektra underl\u00e4ttar v\u00e4vnadsanalysen. Med ett ekvationssystem kan man ber\u00e4kna hur stor andel av en v\u00e4vnad som best\u00e5r av tre v\u00e4lk\u00e4nda basmaterial som vatten, fett och protein. Om man kan best\u00e4mma dessa andelar kan man ocks\u00e5 best\u00e4mma andelarna av de enskilda grund\u00e4mnena. Att kunna ta h\u00e4nsyn till patientens v\u00e4vnadsegenskaper har stor betydelse f\u00f6r att med de nya str\u00e5lbehandlingsmodaliteterna ge r\u00e4tt doser till patienten och skapa f\u00f6ruts\u00e4ttningar att kunna utv\u00e4rdera samband mellan dos och behandlingsresultat.&lt;br&gt;&lt;br&gt;----------------------------------------------------------------------------------&lt;br&gt;&lt;br&gt;&lt;\/p&gt; \n                 &lt;p&gt;Radiofysik - Kvantitativ DT - b\u00e4ttre dosplaneringsunderlag f\u00f6r str\u00e5lterapi med nya tekniker&lt;br&gt;Tors 15.45-16.45 i sal Operetten&lt;\/p&gt; \n                 &lt;p&gt;Estimation of electron density and proton stopping power via DECT - a brief overview of published methods.&lt;br&gt;&lt;span style=&quot;font-style: italic;&quot;&gt;Alexandr Malusek, PhD Link\u00f6ping University&lt;\/span&gt;&lt;\/p&gt; \n                 &lt;p&gt;Image reconstruction algorithms for quantitative DECT. The model-based iterative reconstruction algorithm DIRA.&lt;br&gt;&lt;span style=&quot;font-style: italic;&quot;&gt;Maria Magnusson, PhD Link\u00f6ping University&lt;\/span&gt;&lt;\/p&gt; \n                 &lt;p&gt;Quantitative CT for dose planning in radiotherapy: current status and new technologies&lt;br&gt;&lt;span style=&quot;font-style: italic;&quot;&gt;Gavin Poludniowski, PhD Karolinska University Hospital&lt;\/span&gt;&lt;\/p&gt; \n                &lt;br&gt;&lt;br&gt;\"\n                data-category=\"SFfR - Svensk F\u00f6rening f\u00f6r  Radiofysik\"\n                data-category-ids=\"1008\"\n                data-span-all=\"\"\n              >\n\n              \n\n              <div class=\"vertical_bar\" style=\"background-color: #99CC99;\"><\/div>\n              <div class=\"box_inner\">\n                                <span>Radiofysik - Kvantitativ DT - b\u00e4ttre dosplaneringsunderlag f\u00f6r str\u00e5lterapi med nya tekniker<\/span>\n               <br>\n               <div class=\"lecturer\"><span>Alexandr Malusek; Maria Magnusson; Gavin Poludniowski<\/span><\/div>\n               <div class=\"room_div \">\n                 <i class=\"list-room\">Operetten<\/i>\n               <\/div>\n\n               <div class=\"name_time_div\">\n                <i class=\"list-time\" data-time=\"15:45\">15:45-16:45 - Torsdag 14 september<\/i>\n               <\/div>\n              <\/div>\n             <\/div>\n          <\/div>\n\n          \n          <div class=\"box-wrapper\"\n              data-id=\"1155\">\n\n              <div class='time-header' style='visibility: hidden;'>15:45<\/div>\n\n              <div class=\"box\"\n                data-id=\"1155\"\n                data-project=\"project_276_2017_03_27\"\n                data-title=\"SFMU\"\n                data-time=\"15:45-16:45\"\n                data-room=\"Solot\"\n                data-room-id=\"1012\"\n                data-room-name=\"Solot\"\n                data-day=\"2\"\n                data-abs-nbr=\"\"\n                data-abs-path=\"\"\n                data-speaker=\"\"\n                data-speakercell=\"\"\n                data-info=\"\"\n                data-category=\"SFMR - Delf\u00f6reningar\"\n                data-category-ids=\"1006\"\n                data-span-all=\"\"\n              >\n\n              \n\n              <div class=\"vertical_bar\" style=\"background-color: #6699CC;\"><\/div>\n              <div class=\"box_inner\">\n                                <span>SFMU<\/span>\n               <br>\n               \n               <div class=\"room_div \">\n                 <i class=\"list-room\">Solot<\/i>\n               <\/div>\n\n               <div class=\"name_time_div\">\n                <i class=\"list-time\" data-time=\"15:45\">15:45-16:45 - Torsdag 14 september<\/i>\n               <\/div>\n              <\/div>\n             <\/div>\n          <\/div>\n\n          \n          <div class=\"box-wrapper\"\n              data-id=\"1150\">\n\n              <div class='time-header' style='visibility: hidden;'>15:45<\/div>\n\n              <div class=\"box\"\n                data-id=\"1150\"\n                data-project=\"project_276_2017_03_27\"\n                data-title=\"Presentation av 2016 och 2017 \u00e5rs b\u00e4sta studentuppsatser inom radiologi\"\n                data-time=\"15:45-16:45\"\n                data-room=\"Studion\"\n                data-room-id=\"1007\"\n                data-room-name=\"Studion\"\n                data-day=\"2\"\n                data-abs-nbr=\"\"\n                data-abs-path=\"\"\n                data-speaker=\"Klara Sahl\u00e9n; Sofia  Patarroyo; Kristina Galic\"\n                data-speakercell=\"Klara Sahl\u00e9n; Sofia  Patarroyo; Kristina Galic\"\n                data-info=\"&lt;b&gt;Moderatorer: &lt;\/b&gt;Katrine  Riklund&lt;br&gt;&lt;br&gt;\"\n                data-category=\"Vetenskapligt program\"\n                data-category-ids=\"1002\"\n                data-span-all=\"\"\n              >\n\n              \n\n              <div class=\"vertical_bar\" style=\"background-color: #FF3333;\"><\/div>\n              <div class=\"box_inner\">\n                                <span>Presentation av 2016 och 2017 \u00e5rs b\u00e4sta studentuppsatser inom radiologi<\/span>\n               <br>\n               <div class=\"lecturer\"><span>Klara Sahl\u00e9n; Sofia  Patarroyo; Kristina Galic<\/span><\/div>\n               <div class=\"room_div \">\n                 <i class=\"list-room\">Studion<\/i>\n               <\/div>\n\n               <div class=\"name_time_div\">\n                <i class=\"list-time\" data-time=\"15:45\">15:45-16:45 - Torsdag 14 september<\/i>\n               <\/div>\n              <\/div>\n             <\/div>\n          <\/div>\n\n          \n          <div class=\"box-wrapper\"\n              data-id=\"1157\">\n\n              <div class='time-header'>16:00<\/div>\n\n              <div class=\"box\"\n                data-id=\"1157\"\n                data-project=\"project_276_2017_03_27\"\n                data-title=\"Hands-on workshop: \u00d6vre extremitet.\"\n                data-time=\"16:00-16:45\"\n                data-room=\"Loge 6\"\n                data-room-id=\"1015\"\n                data-room-name=\"Loge 6\"\n                data-day=\"2\"\n                data-abs-nbr=\"\"\n                data-abs-path=\"\"\n                data-speaker=\"Gina Allen; David Wilson\"\n                data-speakercell=\"Gina Allen; David Wilson\"\n                data-info=\"                  &lt;p&gt;&lt;em&gt;Tr\u00e4na ultraljudsteknik &quot;live&quot; med David Wilson, Gina Allen och Svensk F\u00f6rening f\u00f6r Medicinsk Ultraljudsdiagnostik&lt;\/em&gt;&lt;br&gt;&lt;\/p&gt;                 &lt;br&gt;&lt;br&gt;\"\n                data-category=\"Ultraljudsf\u00f6reningens hands-on\"\n                data-category-ids=\"1015\"\n                data-span-all=\"\"\n              >\n\n              \n\n              <div class=\"vertical_bar\" style=\"background-color: #FFCCFF;\"><\/div>\n              <div class=\"box_inner\">\n                                <span>Hands-on workshop: \u00d6vre extremitet.<\/span>\n               <br>\n               <div class=\"lecturer\"><span>Gina Allen; David Wilson<\/span><\/div>\n               <div class=\"room_div \">\n                 <i class=\"list-room\">Loge 6<\/i>\n               <\/div>\n\n               <div class=\"name_time_div\">\n                <i class=\"list-time\" data-time=\"16:00\">16:00-16:45 - Torsdag 14 september<\/i>\n               <\/div>\n              <\/div>\n             <\/div>\n          <\/div>\n\n          \n          <div class=\"box-wrapper\"\n              data-id=\"1156\">\n\n              <div class='time-header' style='visibility: hidden;'>16:00<\/div>\n\n              <div class=\"box\"\n                data-id=\"1156\"\n                data-project=\"project_276_2017_03_27\"\n                data-title=\"Hands-on workshop: \u00d6vre extremitet.\"\n                data-time=\"16:00-16:45\"\n                data-room=\"Loge 4\"\n                data-room-id=\"1014\"\n                data-room-name=\"Loge 4\"\n                data-day=\"2\"\n                data-abs-nbr=\"\"\n                data-abs-path=\"\"\n                data-speaker=\"Gina Allen; David Wilson\"\n                data-speakercell=\"Gina Allen; David Wilson\"\n                data-info=\"                  &lt;p&gt;&lt;em&gt;Tr\u00e4na ultraljudsteknik &quot;live&quot; med David Wilson, Gina Allen och Svensk F\u00f6rening f\u00f6r Medicinsk Ultraljudsdiagnostik&lt;\/em&gt;&lt;br&gt;&lt;\/p&gt;                 &lt;br&gt;&lt;br&gt;\"\n                data-category=\"Ultraljudsf\u00f6reningens hands-on\"\n                data-category-ids=\"1015\"\n                data-span-all=\"\"\n              >\n\n              \n\n              <div class=\"vertical_bar\" style=\"background-color: #FFCCFF;\"><\/div>\n              <div class=\"box_inner\">\n                                <span>Hands-on workshop: \u00d6vre extremitet.<\/span>\n               <br>\n               <div class=\"lecturer\"><span>Gina Allen; David Wilson<\/span><\/div>\n               <div class=\"room_div \">\n                 <i class=\"list-room\">Loge 4<\/i>\n               <\/div>\n\n               <div class=\"name_time_div\">\n                <i class=\"list-time\" data-time=\"16:00\">16:00-16:45 - Torsdag 14 september<\/i>\n               <\/div>\n              <\/div>\n             <\/div>\n          <\/div>\n\n          \n          <div class=\"box-wrapper\"\n              data-id=\"1158\">\n\n              <div class='time-header' style='visibility: hidden;'>16:00<\/div>\n\n              <div class=\"box\"\n                data-id=\"1158\"\n                data-project=\"project_276_2017_03_27\"\n                data-title=\"RAM-kurs\"\n                data-time=\"16:00-16:45\"\n                data-room=\"Loge 5\"\n                data-room-id=\"1016\"\n                data-room-name=\"Loge 5\"\n                data-day=\"2\"\n                data-abs-nbr=\"\"\n                data-abs-path=\"\"\n                data-speaker=\"Staffan Wirell; Anders von Heijne; Marcus Casselgren; Charalampos Georgiopoulos; Kada Karlsson; Joar Bj\u00f6rk\"\n                data-speakercell=\"Staffan Wirell; Anders von Heijne; Marcus Casselgren; Charalampos Georgiopoulos; Kada Karlsson; Joar Bj\u00f6rk\"\n                data-info=\"\"\n                data-category=\"RAM-kurs\"\n                data-category-ids=\"1016\"\n                data-span-all=\"\"\n              >\n\n              \n\n              <div class=\"vertical_bar\" style=\"background-color: #66FFCC;\"><\/div>\n              <div class=\"box_inner\">\n                                <span>RAM-kurs<\/span>\n               <br>\n               <div class=\"lecturer\"><span>Staffan Wirell; Anders von Heijne; Marcus Casselgren; Charalampos Georgiopoulos; Kada Karlsson; Joar Bj\u00f6rk<\/span><\/div>\n               <div class=\"room_div \">\n                 <i class=\"list-room\">Loge 5<\/i>\n               <\/div>\n\n               <div class=\"name_time_div\">\n                <i class=\"list-time\" data-time=\"16:00\">16:00-16:45 - Torsdag 14 september<\/i>\n               <\/div>\n              <\/div>\n             <\/div>\n          <\/div>\n\n          \n          <div class=\"box-wrapper\"\n              data-id=\"1148\">\n\n              <div class='time-header'>16:45<\/div>\n\n              <div class=\"box\"\n                data-id=\"1148\"\n                data-project=\"project_276_2017_03_27\"\n                data-title=\"SFMR \u00c5rsm\u00f6te\"\n                data-time=\"16:45-17:45\"\n                data-room=\"Operan\"\n                data-room-id=\"1004\"\n                data-room-name=\"Operan\"\n                data-day=\"2\"\n                data-abs-nbr=\"\"\n                data-abs-path=\"\"\n                data-speaker=\"\"\n                data-speakercell=\"\"\n                data-info=\"\"\n                data-category=\"SFMR - Svensk F\u00f6rening f\u00f6r Medicinsk Radiologi\"\n                data-category-ids=\"1004\"\n                data-span-all=\"\"\n              >\n\n              \n\n              <div class=\"vertical_bar\" style=\"background-color: #0099FF;\"><\/div>\n              <div class=\"box_inner\">\n                                <span>SFMR \u00c5rsm\u00f6te<\/span>\n               <br>\n               \n               <div class=\"room_div \">\n                 <i class=\"list-room\">Operan<\/i>\n               <\/div>\n\n               <div class=\"name_time_div\">\n                <i class=\"list-time\" data-time=\"16:45\">16:45-17:45 - Torsdag 14 september<\/i>\n               <\/div>\n              <\/div>\n             <\/div>\n          <\/div>\n\n          <div class='list_header' data-day='3' style='background-color: rgba(32, 132, 196, 0.83); color: rgba(255, 255, 255, 1);'>Fredag 15 september<\/div>\n          <div class=\"box-wrapper\"\n              data-id=\"1162\">\n\n              <div class='time-header'>08:30<\/div>\n\n              <div class=\"box\"\n                data-id=\"1162\"\n                data-project=\"project_276_2017_03_27\"\n                data-title=\"Klinfys - Kvantitativ och funktionell bed\u00f6mning av br\u00f6stsm\u00e4rta\"\n                data-time=\"08:30-10:00\"\n                data-room=\"Spegelsalen\"\n                data-room-id=\"1006\"\n                data-room-name=\"Spegelsalen\"\n                data-day=\"3\"\n                data-abs-nbr=\"\"\n                data-abs-path=\"\"\n                data-speaker=\"Rediar  Winter; Lena Forsberg; Henrik Engblom; Tanja Kero\"\n                data-speakercell=\"Rediar  Winter; Lena Forsberg; Henrik Engblom; Tanja Kero\"\n                data-info=\" \n                 &lt;p&gt;Br\u00f6stsm\u00e4rta \u00e4r ett vanligt symptom i befolkningen vilket g\u00f6r att varje l\u00e4kare mer eller mindre ofta st\u00e4lls inf\u00f6r fr\u00e5gan hur man b\u00e4st utreder detta. Frekvensen av allvarlig bakomliggande sjukdom varierar mellan olika \u00e5ldersgrupper och mellan individer med olika riskfaktorer vilket styr v\u00e5ra val av b\u00e4sta metod. Vi vill med detta symposium diskutera state of the art n\u00e4r det g\u00e4ller detta vanliga symptom.&lt;br&gt;&lt;br&gt;&lt;span style=&quot;font-weight: bold;&quot;&gt;Stress-ekokardiografi&amp;nbsp;&lt;\/span&gt;&lt;br&gt;&lt;em&gt;F\u00f6rel\u00e4sare:&amp;nbsp;&lt;\/em&gt;&lt;em&gt;Rediar Winter, Stockholm&lt;br&gt;&lt;\/em&gt;&lt;br&gt;&lt;span style=&quot;font-weight: bold;&quot;&gt;Myokardskintigrafi&lt;\/span&gt;&lt;br&gt;&lt;em&gt;F\u00f6rel\u00e4sare: Lena Forsberg, Stockholm&lt;br&gt;&lt;\/em&gt;&lt;br&gt;Myokardskintigrafi anv\u00e4nds f\u00f6r att uppt\u00e4cka och gradera relativ perfusionsneds\u00e4ttning. En radioaktiv perfusionsmark\u00f6r i myokardiet injiceras under stress samt i vila. Sensitivitet och specificitet f\u00f6r myokardischemi \u00e4r 88 procent respektive 73 procent, vilket g\u00f6r unders\u00f6kningen l\u00e4mplig f\u00f6r patienter med intermedi\u00e4r risk f\u00f6r stabil kransk\u00e4rlssjukdom. Myokardskintigrafi uts\u00e4tter patienten f\u00f6r joniserande str\u00e5lning, 1,6\u20135 mSv per unders\u00f6kning, beroende p\u00e5 vilken teknik som anv\u00e4nds. Den senaste tekniken kan d\u00e4rmed genomf\u00f6ra unders\u00f6kningen med en str\u00e5ldos motsvarande ca 1\u20132 \u00e5rs bakgrundsstr\u00e5lning. En normal myokardskintigrafi motsvarar en \u00e5rlig risk f\u00f6r kardiovaskul\u00e4r h\u00e4ndelse p\u00e5 &amp;lt;1 procent. Vid ett litet ischemiskt riskomr\u00e5de vid myokardskintigrafi (&amp;lt;10 procent av v\u00e4nster kammare) har studier inte kunnat visa n\u00e5gon skillnad mellan patienter som enbart f\u00e5tt optimal medicinsk behandling och patienter som ut\u00f6ver medicinsk behandling ocks\u00e5 genomg\u00e5tt revaskularisering. Vid minst m\u00e5ttlig ischemi (&amp;gt;10 procent av v\u00e4nster kammare) rekommenderas koronarangiografi f\u00f6r revaskularisering. Sedan ett par \u00e5r finns nya hj\u00e4rtspecifika gammakameror och denna teknik har m\u00f6jliggjort kortare unders\u00f6kningstider och l\u00e4gre str\u00e5ldoser.&lt;br&gt;&lt;br&gt;&lt;span style=&quot;font-weight: bold;&quot;&gt;Stress-MR hj\u00e4rta&lt;\/span&gt;&lt;br&gt;&lt;em&gt;F\u00f6rel\u00e4sare: Henrik Engblom, Lund&lt;br&gt;&lt;\/em&gt;&lt;br&gt;Cardiac magnetic resonance imaging is currently considered the reference standard for assessment of myocardial anatomy and function as well as for infarct visualization. In contrast to MPS and PET, CMR is performed without the use of ionizing radiation. For assessment of myocardial perfusion, first-pass perfusion imaging has been available for the last two decades. This technique is based on analysis of the in-flow kinetics of gadolinium-based extra-cellular contrast agent. Recent technical advances have increased the spatial and temporal resolution of the technique. Furthermore, CMR has recently been shown to enable quantification of myocardial perfusion (ml\/min\/g tissue), now validated with cardiac PET. Thus, quantification of myocardial perfusion by CMR can be done in clinical routine in patients with suspected ischemic heart disease and opens up for new diagnostic capabilities including detection and quantification microvascular myocardial disease.&amp;nbsp;&lt;br&gt;&lt;br&gt;&lt;span style=&quot;font-weight: bold;&quot;&gt;PET hj\u00e4rta&lt;\/span&gt;&lt;br&gt;&lt;em&gt;F\u00f6rel\u00e4sare: Tanja Kero, Uppsala&lt;\/em&gt;&lt;br&gt;&lt;\/p&gt; \n                &lt;br&gt;&lt;br&gt;\"\n                data-category=\"Svensk F\u00f6rening f\u00f6r Klinisk Fysiologi\"\n                data-category-ids=\"1013\"\n                data-span-all=\"\"\n              >\n\n              \n\n              <div class=\"vertical_bar\" style=\"background-color: #FFCC99;\"><\/div>\n              <div class=\"box_inner\">\n                                <span>Klinfys - Kvantitativ och funktionell bed\u00f6mning av br\u00f6stsm\u00e4rta<\/span>\n               <br>\n               <div class=\"lecturer\"><span>Rediar  Winter; Lena Forsberg; Henrik Engblom; Tanja Kero<\/span><\/div>\n               <div class=\"room_div \">\n                 <i class=\"list-room\">Spegelsalen<\/i>\n               <\/div>\n\n               <div class=\"name_time_div\">\n                <i class=\"list-time\" data-time=\"08:30\">08:30-10:00 - Fredag 15 september<\/i>\n               <\/div>\n              <\/div>\n             <\/div>\n          <\/div>\n\n          \n          <div class=\"box-wrapper\"\n              data-id=\"1160\">\n\n              <div class='time-header' style='visibility: hidden;'>08:30<\/div>\n\n              <div class=\"box\"\n                data-id=\"1160\"\n                data-project=\"project_276_2017_03_27\"\n                data-title=\"CMIV: Presentation av verksamheten som bedrivs p\u00e5 CMIV och ett axplock av  aktuella forskningsprojekt\"\n                data-time=\"08:30-10:00\"\n                data-room=\"Musikalen\"\n                data-room-id=\"1003\"\n                data-room-name=\"Musikalen\"\n                data-day=\"3\"\n                data-abs-nbr=\"\"\n                data-abs-path=\"\"\n                data-speaker=\"Anders Persson; Peter Lundberg; Maria  Engstr\u00f6m; Anders  Ynnerman; Tino Ebbers; Ingrid  Hotz\"\n                data-speakercell=\"Anders Persson; Peter Lundberg; Maria  Engstr\u00f6m; Anders  Ynnerman; Tino Ebbers; Ingrid  Hotz\"\n                data-info=\"&lt;b&gt;Moderatorer: &lt;\/b&gt;Anders Persson&lt;br&gt;&lt;br&gt; \n                 &lt;p&gt;Presentation av verksamheten som bedrivs p\u00e5 CMIV och ett axplock av &amp;nbsp;aktuella forskningsprojekt&lt;\/p&gt; \n                 &lt;p&gt;Presentation av CMIV&lt;br&gt;&lt;em&gt;Anders Persson&lt;\/em&gt;&lt;\/p&gt; \n                 &lt;p&gt;Liver Function Evaluation&lt;br&gt;&lt;em&gt;Peter Lundberg&lt;\/em&gt;&lt;\/p&gt; \n                 &lt;p&gt;&lt;em&gt;&lt;a href=&quot;http:\/\/www.trippus.se\/eventus\/userfiles\/86149.pdf&quot;&gt;L\u00e4s mer h\u00e4r!&amp;nbsp;&lt;\/a&gt;&lt;\/em&gt;&lt;\/p&gt; \n                 &lt;p&gt;SAND:MAN - Sleep Abnormality Network Description: Modeling and Analysis in Neuroimaging&lt;br&gt;&lt;em&gt;Maria Engstr\u00f6m&lt;\/em&gt;&lt;\/p&gt; \n                 &lt;p&gt;Seeing Organ Function&lt;br&gt;&lt;em&gt;Anders Ynnerman, Tino Ebbers, Ingrid Hotz&lt;\/em&gt;&lt;\/p&gt; \n                &lt;br&gt;&lt;br&gt;\"\n                data-category=\"Vetenskapligt program\"\n                data-category-ids=\"1002\"\n                data-span-all=\"\"\n              >\n\n              \n\n              <div class=\"vertical_bar\" style=\"background-color: #FF3333;\"><\/div>\n              <div class=\"box_inner\">\n                                <span>CMIV: Presentation av verksamheten som bedrivs p\u00e5 CMIV och ett axplock av  aktuella forskningsprojekt<\/span>\n               <br>\n               <div class=\"lecturer\"><span>Anders Persson; Peter Lundberg; Maria  Engstr\u00f6m; Anders  Ynnerman; Tino Ebbers; Ingrid  Hotz<\/span><\/div>\n               <div class=\"room_div \">\n                 <i class=\"list-room\">Musikalen<\/i>\n               <\/div>\n\n               <div class=\"name_time_div\">\n                <i class=\"list-time\" data-time=\"08:30\">08:30-10:00 - Fredag 15 september<\/i>\n               <\/div>\n              <\/div>\n             <\/div>\n          <\/div>\n\n          \n          <div class=\"box-wrapper\"\n              data-id=\"1163\">\n\n              <div class='time-header' style='visibility: hidden;'>08:30<\/div>\n\n              <div class=\"box\"\n                data-id=\"1163\"\n                data-project=\"project_276_2017_03_27\"\n                data-title=\"SFR - Vi kan inte avst\u00e5 fr\u00e5n att m\u00f6ta framtidens utmaningar - Specialistr\u00f6ntgensjuksk\u00f6terska\"\n                data-time=\"08:30-10:00\"\n                data-room=\"Studion\"\n                data-room-id=\"1007\"\n                data-room-name=\"Studion\"\n                data-day=\"3\"\n                data-abs-nbr=\"\"\n                data-abs-path=\"\"\n                data-speaker=\"Johan Larsson; Bodil Andersson; Solveig Lundgren; Maud Lund\u00e9n; Berit Bj\u00f6rkman; Kent Fridell; Parvin  Tavakol Olofsson; Gunilla Nilsson; H\u00e5kan Gustafsson; Lars Henriksen; Ole S\u00f8rland\"\n                data-speakercell=\"Johan Larsson; Bodil Andersson; Solveig Lundgren; Maud Lund\u00e9n; Berit Bj\u00f6rkman; Kent Fridell; Parvin  Tavakol Olofsson; Gunilla Nilsson; H\u00e5kan Gustafsson; Lars Henriksen; Ole S\u00f8rland\"\n                data-info=\"&lt;b&gt;Moderatorer: &lt;\/b&gt;Kerstin Hillerg\u00e5rd; Parvin  Tavakol Olofsson&lt;br&gt;&lt;br&gt;\n                  \u201dVi kan inte avst\u00e5 fr\u00e5n att m\u00f6ta framtidens utmaningar \u2013 specialistr\u00f6ntgensjuksk\u00f6terskan\u201d \n                 &lt;br&gt; \n                 &lt;br&gt; \n                 &lt;p&gt;&lt;b&gt;Moderatorer&lt;\/b&gt;: Parvin T Olofsson, Professionshandl\u00e4ggare f\u00f6r r\u00f6ntgensjuksk\u00f6terskor, V\u00e5rdf\u00f6rbundet och Kerstin Hillerg\u00e5rd, Ordf\u00f6rande i Svensk f\u00f6rening f\u00f6r r\u00f6ntgensjuksk\u00f6terskor&amp;nbsp;&lt;\/p&gt; \n                 &lt;p&gt;08.30 \u2013 08.40 &amp;nbsp;&amp;nbsp;&amp;nbsp;&lt;b&gt;Inledning&lt;\/b&gt;&amp;nbsp;av moderatorer&lt;\/p&gt;\n                 &lt;p&gt;08.40 \u2013 08.50&amp;nbsp;&amp;nbsp;&amp;nbsp;&amp;nbsp;&lt;b&gt;Vad har h\u00e4nt sedan sist&lt;\/b&gt;?&lt;\/p&gt;\n                 &lt;p&gt;Johan Larson, Vice f\u00f6rbundsordf\u00f6rande, V\u00e5rdf\u00f6rbundet;&amp;nbsp;&lt;\/p&gt;\n                 &lt;p&gt;Bodil T Andersson, Vice ordf\u00f6rande, Svensk f\u00f6rening f\u00f6r r\u00f6ntgensjuksk\u00f6terskor&lt;\/p&gt;\n                 &lt;p&gt;08.50 \u2013 09.10 &amp;nbsp;&amp;nbsp; R\u00f6ntgensjuksk\u00f6terskans profession \u00e5r 2025&lt;\/p&gt;\n                 &lt;p&gt;Andersson, BT, Lundgren, S, Lund\u00e9n, M, Bj\u00f6rkman, B, Fridell, K, Tavakol, P&lt;\/p&gt;\n                 &lt;p&gt;09.10 \u2013 09.20&amp;nbsp;&amp;nbsp;&amp;nbsp;&amp;nbsp;&lt;b&gt;Detta kan vi inte avst\u00e5 ifr\u00e5n&lt;\/b&gt;&lt;\/p&gt;\n                 &lt;p&gt;Gunilla Nilsson, Verksamhetschef, Skaraborgs sjukhus&lt;\/p&gt;\n                 &lt;p&gt;09.20 \u2013 10.00&amp;nbsp;&amp;nbsp;&amp;nbsp;&amp;nbsp;&lt;b&gt;S\u00e5 h\u00e4r arbetar vi &amp;nbsp;&lt;\/b&gt;&lt;\/p&gt;\n                 &lt;p&gt;H\u00e5kan Gustafsson, Verksamhetschef, R\u00f6ntgenkliniken, Norrk\u00f6ping&lt;\/p&gt;\n                 &lt;p&gt;Lars Henriksen, Leg R\u00f6ntgensjuksk\u00f6terska, R\u00f6ntgenkliniken, Norrk\u00f6ping&lt;\/p&gt;\n                 &lt;p&gt;Ole S\u00f8rland, Leg R\u00f6ntgensjuksk\u00f6terska, R\u00f6ntgenkliniken, Norrk\u00f6ping&lt;\/p&gt;\n                 &lt;p&gt;10.00&amp;nbsp;&amp;nbsp;&amp;nbsp;&amp;nbsp;&amp;nbsp;&amp;nbsp;&amp;nbsp;&amp;nbsp;&amp;nbsp;&amp;nbsp;&amp;nbsp;&amp;nbsp;&amp;nbsp;&amp;nbsp;&amp;nbsp;&amp;nbsp; Kaffe&lt;\/p&gt;\n                 &lt;p&gt;10.45 \u2013 11.20&amp;nbsp;&amp;nbsp;&amp;nbsp;&amp;nbsp;&lt;b&gt;M\u00f6jligheter till karri\u00e4rv\u00e4gar och utbildning p\u00e5 avancerad niv\u00e5&lt;\/b&gt;&lt;\/p&gt;\n                 &lt;p&gt;Barbro Cagner, Bitr. Verksamhetschef, Sahlgrenska universitetssjukhuset&lt;\/p&gt;\n                 &lt;p&gt;John Brandberg, \u00d6verl\u00e4kare, Sahlgrenska universitetssjukhuset&lt;\/p&gt;\n                 &lt;p&gt;11.20 \u2013 12.00&amp;nbsp;&amp;nbsp;&amp;nbsp;&amp;nbsp;&lt;b&gt;Kunskapsstyrd verksamhet - tillsammans med patienten i fokus&lt;\/b&gt;&lt;\/p&gt;\n                 &lt;p&gt;Anetta Bolejko, PhD, leg r\u00f6ntgensjuksk\u00f6terska, Sk\u00e5nes universitetssjukhus;&lt;\/p&gt;\n                 &lt;p&gt;Violetta Ellmer, Omr\u00e5deschef, Sk\u00e5nes universitetssjukhus&lt;\/p&gt;\n                 &lt;p&gt; &lt;\/p&gt;\n                 &lt;p&gt;12.00 \u2013 12.15&amp;nbsp;&amp;nbsp;&amp;nbsp;&amp;nbsp;&lt;b&gt;Diskussion och avslutning&lt;\/b&gt;&lt;\/p&gt; \n                 &lt;p&gt;&lt;b&gt;Abstract&lt;\/b&gt;&lt;\/p&gt; \n                 &lt;p&gt;Vi kan inte avst\u00e5 fr\u00e5n att m\u00f6ta framtidens utmaningar - Specialistr\u00f6ntgensjuksk\u00f6terskan &lt;\/p&gt; \n                 &lt;p&gt;&lt;i&gt;Moderatorer: Parvin Tavakol Olofsson, kvalificerad handl\u00e4ggare f\u00f6r r\u00f6ntgensjuksk\u00f6terskor, V\u00e5rdf\u00f6rbundet och Kerstin Hillerg\u00e5rd, ordf\u00f6rande Svensk f\u00f6rening f\u00f6r r\u00f6ntgensjuksk\u00f6terskor&lt;\/i&gt;&lt;\/p&gt; \n                 &lt;p&gt;Om verksamheten ska utvecklas och bedrivas patients\u00e4kert och effektivt m\u00e5ste ocks\u00e5 verksamheten utvecklas organisatoriskt och kompetensm\u00e4ssigt. Du som chef och du som medarbetare och r\u00f6ntgensjuksk\u00f6terska \u00e4r de som tillsammans ska leda utvecklingen i denna riktning. &lt;\/p&gt; \n                 &lt;p&gt;V\u00e5rdf\u00f6rbundet och Svensk f\u00f6rening f\u00f6r r\u00f6ntgensjuksk\u00f6terskor bedriver fortsatt lobby och p\u00e5verkansarbete f\u00f6r att en reglerad specialistutbildning f\u00f6r r\u00f6ntgensjuksk\u00f6terskor ska formaliseras och regleras likt den som finns f\u00f6r sjuksk\u00f6terskor.&lt;\/p&gt; \n                 &lt;p&gt;N\u00e4r verksamheten utvecklas, kommer detta att medf\u00f6ra att fler s\u00f6ker sig till utbildningen. Det st\u00e4lls stora krav p\u00e5 arbetets inneh\u00e5ll och m\u00f6jligheten till personlig och yrkesm\u00e4ssig utveckling f\u00f6r att unga i dag ska lockas att s\u00f6ka till utbildningen. Men det kr\u00e4vs f\u00f6rst\u00e5s ocks\u00e5 en h\u00f6g l\u00f6n som motsvarar ansvar och yrkesskicklighet. Verksamheten m\u00e5ste d\u00e4rf\u00f6r svara upp med att det finns en plan f\u00f6r karri\u00e4rutveckling f\u00f6r individen och en struktur i verksamheten som v\u00e4lkomnar den specialiserade kunskapen som r\u00f6ntgensjuksk\u00f6terskan skaffat sig.&lt;\/p&gt; \n                 &lt;p&gt;Samarbetet och samtalet om hur detta ska skapas beh\u00f6ver ske i verksamheten d\u00e4r chefer och ledningsgrupper driver fr\u00e5gan tillsammans med r\u00f6ntgensjuksk\u00f6terskan. &lt;\/p&gt; \n                 &lt;p&gt;Framtiden \u00e4r h\u00e4r. Verksamheterna st\u00e5r inf\u00f6r utmaningar n\u00e4r det g\u00e4ller kompetensf\u00f6rs\u00f6rjning \u00f6ver hela landet. Genom att \u00f6ka patientens delaktighet, ta tillvara personens f\u00f6rm\u00e5gor, utveckla r\u00f6ntgensjuksk\u00f6terskans kompetens och samtidigt utnyttja ny teknik finns goda m\u00f6jligheter att utveckla v\u00e5rden i positiv riktning.&lt;\/p&gt; \n                 &lt;p&gt; &lt;b&gt;&lt;\/b&gt;&lt;\/p&gt; \n                 &lt;p&gt;Fortsatt och gemensam kraftsamling kr\u00e4vs d\u00e4r ett uttalat behov av specialistutbildning f\u00f6r r\u00f6ntgensjuksk\u00f6terskor m\u00e5ste \u00f6ka fr\u00e5n verksamheten och enskilda arbetsgivare.&lt;\/p&gt; \n                &lt;br&gt;&lt;br&gt;\"\n                data-category=\"SFR - Svensk F\u00f6rening f\u00f6r R\u00f6ntgensjuksk\u00f6terskor\"\n                data-category-ids=\"1007\"\n                data-span-all=\"\"\n              >\n\n              \n\n              <div class=\"vertical_bar\" style=\"background-color: #33CC66;\"><\/div>\n              <div class=\"box_inner\">\n                                <span>SFR - Vi kan inte avst\u00e5 fr\u00e5n att m\u00f6ta framtidens utmaningar - Specialistr\u00f6ntgensjuksk\u00f6terska<\/span>\n               <br>\n               <div class=\"lecturer\"><span>Johan Larsson; Bodil Andersson; Solveig Lundgren; Maud Lund\u00e9n; Berit Bj\u00f6rkman; Kent Fridell; Parvin  Tavakol Olofsson; Gunilla Nilsson; H\u00e5kan Gustafsson; Lars Henriksen; Ole S\u00f8rland<\/span><\/div>\n               <div class=\"room_div \">\n                 <i class=\"list-room\">Studion<\/i>\n               <\/div>\n\n               <div class=\"name_time_div\">\n                <i class=\"list-time\" data-time=\"08:30\">08:30-10:00 - Fredag 15 september<\/i>\n               <\/div>\n              <\/div>\n             <\/div>\n          <\/div>\n\n          \n          <div class=\"box-wrapper\"\n              data-id=\"1159\">\n\n              <div class='time-header' style='visibility: hidden;'>08:30<\/div>\n\n              <div class=\"box\"\n                data-id=\"1159\"\n                data-project=\"project_276_2017_03_27\"\n                data-title=\"Ungt forum - Quiz, Smaka p\u00e5 Link\u00f6ping\"\n                data-time=\"08:30-10:00\"\n                data-room=\"Crusellhallen\"\n                data-room-id=\"1002\"\n                data-room-name=\"Crusellhallen\"\n                data-day=\"3\"\n                data-abs-nbr=\"\"\n                data-abs-path=\"\"\n                data-speaker=\"\"\n                data-speakercell=\"\"\n                data-info=\"&lt;b&gt;Moderatorer: &lt;\/b&gt;Yngve  Forslin&lt;br&gt;&lt;br&gt;\"\n                data-category=\"ST-kurser \/ Ungt forum\"\n                data-category-ids=\"1005\"\n                data-span-all=\"\"\n              >\n\n              \n\n              <div class=\"vertical_bar\" style=\"background-color: #99FFFF;\"><\/div>\n              <div class=\"box_inner\">\n                                <span>Ungt forum - Quiz, Smaka p\u00e5 Link\u00f6ping<\/span>\n               <br>\n               \n               <div class=\"room_div \">\n                 <i class=\"list-room\">Crusellhallen<\/i>\n               <\/div>\n\n               <div class=\"name_time_div\">\n                <i class=\"list-time\" data-time=\"08:30\">08:30-10:00 - Fredag 15 september<\/i>\n               <\/div>\n              <\/div>\n             <\/div>\n          <\/div>\n\n          \n          <div class=\"box-wrapper\"\n              data-id=\"1187\">\n\n              <div class='time-header'>10:00<\/div>\n\n              <div class=\"box\"\n                data-id=\"1187\"\n                data-project=\"project_276_2017_03_27\"\n                data-title=\"Fika & Utst\u00e4llning\"\n                data-time=\"10:00-10:45\"\n                data-room=\"-Ej specificerad-\"\n                data-room-id=\"-1\"\n                data-room-name=\"-Ej specificerad-\"\n                data-day=\"3\"\n                data-abs-nbr=\"\"\n                data-abs-path=\"\"\n                data-speaker=\"\"\n                data-speakercell=\"\"\n                data-info=\"\"\n                data-category=\"\"\n                data-category-ids=\"\"\n                data-span-all=\"\"\n              >\n\n              \n\n              <div class=\"vertical_bar\" style=\"background-color: rgba(255, 255, 255, 0);\"><\/div>\n              <div class=\"box_inner\">\n                                <span>Fika & Utst\u00e4llning<\/span>\n               <br>\n               \n               <div class=\"room_div \">\n                 <i class=\"list-room\">-Ej specificerad-<\/i>\n               <\/div>\n\n               <div class=\"name_time_div\">\n                <i class=\"list-time\" data-time=\"10:00\">10:00-10:45 - Fredag 15 september<\/i>\n               <\/div>\n              <\/div>\n             <\/div>\n          <\/div>\n\n          \n          <div class=\"box-wrapper\"\n              data-id=\"1168\">\n\n              <div class='time-header'>10:45<\/div>\n\n              <div class=\"box\"\n                data-id=\"1168\"\n                data-project=\"project_276_2017_03_27\"\n                data-title=\"Klinfys\"\n                data-time=\"10:45-12:15\"\n                data-room=\"Spegelsalen\"\n                data-room-id=\"1006\"\n                data-room-name=\"Spegelsalen\"\n                data-day=\"3\"\n                data-abs-nbr=\"\"\n                data-abs-path=\"\"\n                data-speaker=\"\"\n                data-speakercell=\"\"\n                data-info=\"\"\n                data-category=\"Svensk F\u00f6rening f\u00f6r Klinisk Fysiologi\"\n                data-category-ids=\"1013\"\n                data-span-all=\"\"\n              >\n\n              \n\n              <div class=\"vertical_bar\" style=\"background-color: #FFCC99;\"><\/div>\n              <div class=\"box_inner\">\n                                <span>Klinfys<\/span>\n               <br>\n               \n               <div class=\"room_div \">\n                 <i class=\"list-room\">Spegelsalen<\/i>\n               <\/div>\n\n               <div class=\"name_time_div\">\n                <i class=\"list-time\" data-time=\"10:45\">10:45-12:15 - Fredag 15 september<\/i>\n               <\/div>\n              <\/div>\n             <\/div>\n          <\/div>\n\n          \n          <div class=\"box-wrapper\"\n              data-id=\"1169\">\n\n              <div class='time-header' style='visibility: hidden;'>10:45<\/div>\n\n              <div class=\"box\"\n                data-id=\"1169\"\n                data-project=\"project_276_2017_03_27\"\n                data-title=\"SFR - Vi kan inte avst\u00e5 fr\u00e5n att m\u00f6ta framtidens utmaningar - Specialistr\u00f6ntgensjuksk\u00f6terska\"\n                data-time=\"10:45-12:15\"\n                data-room=\"Studion\"\n                data-room-id=\"1007\"\n                data-room-name=\"Studion\"\n                data-day=\"3\"\n                data-abs-nbr=\"\"\n                data-abs-path=\"\"\n                data-speaker=\"Barbro Cagner; John Brandberg; Anetta Bolejko; Violetta  Ellmer\"\n                data-speakercell=\"Barbro Cagner; John Brandberg; Anetta Bolejko; Violetta  Ellmer\"\n                data-info=\"&lt;b&gt;Moderatorer: &lt;\/b&gt;Parvin T Olofsson; Kerstin Hillerg\u00e5rd&lt;br&gt;&lt;br&gt;\n                 &lt;p&gt;\u201dVi kan inte avst\u00e5 fr\u00e5n att m\u00f6ta framtidens utmaningar \u2013 specialistr\u00f6ntgensjuksk\u00f6terskan\u201d&amp;nbsp;&lt;br&gt;&lt;br&gt;&lt;\/p&gt;\n                 &lt;p&gt;&lt;b&gt;Moderatorer&lt;\/b&gt;: Parvin T Olofsson, Professionshandl\u00e4ggare f\u00f6r r\u00f6ntgensjuksk\u00f6terskor, V\u00e5rdf\u00f6rbundet och Kerstin Hillerg\u00e5rd, Ordf\u00f6rande i Svensk f\u00f6rening f\u00f6r r\u00f6ntgensjuksk\u00f6terskor&amp;nbsp;&lt;\/p&gt;\n                 &lt;p&gt;08.30 \u2013\n08.40 &amp;nbsp;&amp;nbsp;&amp;nbsp;&lt;b&gt;Inledning&lt;\/b&gt;&amp;nbsp;av\nmoderatorer&lt;\/p&gt;&lt;p&gt;08.40 \u2013\n08.50&amp;nbsp;&amp;nbsp;&amp;nbsp;&amp;nbsp;&lt;b&gt;Vad har h\u00e4nt\nsedan sist&lt;\/b&gt;?&lt;\/p&gt;&lt;p&gt;Johan Larson, Vice f\u00f6rbundsordf\u00f6rande, V\u00e5rdf\u00f6rbundet;&amp;nbsp;&lt;\/p&gt;&lt;p&gt;Bodil T Andersson, Vice ordf\u00f6rande, Svensk\nf\u00f6rening f\u00f6r r\u00f6ntgensjuksk\u00f6terskor&lt;\/p&gt;&lt;p&gt;08.50 \u2013\n09.10 &amp;nbsp;&amp;nbsp; R\u00f6ntgensjuksk\u00f6terskans profession \u00e5r 2025&lt;\/p&gt;&lt;p&gt;Andersson, BT, Lundgren, S, Lund\u00e9n, M, Bj\u00f6rkman, B, Fridell, K,\nTavakol, P&lt;\/p&gt;&lt;p&gt;09.10\n\u2013 09.20&amp;nbsp;&amp;nbsp;&amp;nbsp;&amp;nbsp;&lt;b&gt;Detta kan vi\ninte avst\u00e5 ifr\u00e5n&lt;\/b&gt;&lt;\/p&gt;&lt;p&gt;Gunilla Nilsson, Verksamhetschef, Skaraborgs sjukhus&lt;\/p&gt;&lt;p&gt;09.20\n\u2013 10.00&amp;nbsp;&amp;nbsp;&amp;nbsp;&amp;nbsp;&lt;b&gt;S\u00e5 h\u00e4r\narbetar vi &amp;nbsp;&lt;\/b&gt;&lt;\/p&gt;&lt;p&gt;H\u00e5kan\nGustafsson, Verksamhetschef, R\u00f6ntgenkliniken, Norrk\u00f6ping&lt;\/p&gt;&lt;p&gt;Lars\nHenriksen, Leg R\u00f6ntgensjuksk\u00f6terska, R\u00f6ntgenkliniken, Norrk\u00f6ping&lt;\/p&gt;&lt;p&gt;Ole S\u00f8rland, Leg R\u00f6ntgensjuksk\u00f6terska, R\u00f6ntgenkliniken,\nNorrk\u00f6ping&lt;\/p&gt;&lt;p&gt;10.00&amp;nbsp;&amp;nbsp;&amp;nbsp;&amp;nbsp;&amp;nbsp;&amp;nbsp;&amp;nbsp;&amp;nbsp;&amp;nbsp;&amp;nbsp;&amp;nbsp;&amp;nbsp;&amp;nbsp;&amp;nbsp;&amp;nbsp;&amp;nbsp;\nKaffe&lt;\/p&gt;&lt;p&gt;10.45\n\u2013 11.20&amp;nbsp;&amp;nbsp;&amp;nbsp;&amp;nbsp;&lt;b&gt;M\u00f6jligheter\ntill karri\u00e4rv\u00e4gar och utbildning p\u00e5 avancerad niv\u00e5&lt;\/b&gt;&lt;\/p&gt;&lt;p&gt;Barbro\nCagner, Bitr. Verksamhetschef, Sahlgrenska universitetssjukhuset&lt;\/p&gt;&lt;p&gt;John Brandberg, \u00d6verl\u00e4kare, Sahlgrenska universitetssjukhuset&lt;\/p&gt;&lt;p&gt;11.20\n\u2013 12.00&amp;nbsp;&amp;nbsp;&amp;nbsp;&amp;nbsp;&lt;b&gt;Kunskapsstyrd\nverksamhet - tillsammans med patienten i fokus&lt;\/b&gt;&lt;\/p&gt;&lt;p&gt;Anetta\nBolejko, PhD, leg r\u00f6ntgensjuksk\u00f6terska, Sk\u00e5nes universitetssjukhus;&lt;\/p&gt;&lt;p&gt;Violetta Ellmer, Omr\u00e5deschef, Sk\u00e5nes\nuniversitetssjukhus&lt;\/p&gt;&lt;p&gt;\n\n\n\n\n\n\n\n\n\n\n\n\n\n\n\n\n\n\n\n\n\n\n\n\n\n\n\n\n\n\n\n\n\n\n\n\n\n\n\n\n\n\n\n\n\n\n\n\n\n\n\n\n\n\n\n\n&lt;\/p&gt;&lt;p&gt;12.00\n\u2013 12.15&amp;nbsp;&amp;nbsp;&amp;nbsp;&amp;nbsp;&lt;b&gt;Diskussion\noch avslutning&lt;\/b&gt;&lt;\/p&gt;\n                 &lt;p&gt;&lt;b&gt;Abstract&lt;\/b&gt;&lt;\/p&gt;\n                 &lt;p&gt;Vi kan inte avst\u00e5 fr\u00e5n att m\u00f6ta framtidens utmaningar - Specialistr\u00f6ntgensjuksk\u00f6terskan&lt;\/p&gt;\n                 &lt;p&gt;&lt;i&gt;Moderatorer: Parvin Tavakol Olofsson, kvalificerad handl\u00e4ggare f\u00f6r r\u00f6ntgensjuksk\u00f6terskor, V\u00e5rdf\u00f6rbundet och Kerstin Hillerg\u00e5rd, ordf\u00f6rande Svensk f\u00f6rening f\u00f6r r\u00f6ntgensjuksk\u00f6terskor&lt;\/i&gt;&lt;\/p&gt;\n                 &lt;p&gt;Om verksamheten ska utvecklas och bedrivas patients\u00e4kert och effektivt m\u00e5ste ocks\u00e5 verksamheten utvecklas organisatoriskt och kompetensm\u00e4ssigt. Du som chef och du som medarbetare och r\u00f6ntgensjuksk\u00f6terska \u00e4r de som tillsammans ska leda utvecklingen i denna riktning.&lt;\/p&gt;\n                 &lt;p&gt;V\u00e5rdf\u00f6rbundet och Svensk f\u00f6rening f\u00f6r r\u00f6ntgensjuksk\u00f6terskor bedriver fortsatt lobby och p\u00e5verkansarbete f\u00f6r att en reglerad specialistutbildning f\u00f6r r\u00f6ntgensjuksk\u00f6terskor ska formaliseras och regleras likt den som finns f\u00f6r sjuksk\u00f6terskor.&lt;\/p&gt;\n                 &lt;p&gt;N\u00e4r verksamheten utvecklas, kommer detta att medf\u00f6ra att fler s\u00f6ker sig till utbildningen. Det st\u00e4lls stora krav p\u00e5 arbetets inneh\u00e5ll och m\u00f6jligheten till personlig och yrkesm\u00e4ssig utveckling f\u00f6r att unga i dag ska lockas att s\u00f6ka till utbildningen. Men det kr\u00e4vs f\u00f6rst\u00e5s ocks\u00e5 en h\u00f6g l\u00f6n som motsvarar ansvar och yrkesskicklighet. Verksamheten m\u00e5ste d\u00e4rf\u00f6r svara upp med att det finns en plan f\u00f6r karri\u00e4rutveckling f\u00f6r individen och en struktur i verksamheten som v\u00e4lkomnar den specialiserade kunskapen som r\u00f6ntgensjuksk\u00f6terskan skaffat sig.&lt;\/p&gt;\n                 &lt;p&gt;Samarbetet och samtalet om hur detta ska skapas beh\u00f6ver ske i verksamheten d\u00e4r chefer och ledningsgrupper driver fr\u00e5gan tillsammans med r\u00f6ntgensjuksk\u00f6terskan.&lt;\/p&gt;\n                 &lt;p&gt;Framtiden \u00e4r h\u00e4r. Verksamheterna st\u00e5r inf\u00f6r utmaningar n\u00e4r det g\u00e4ller kompetensf\u00f6rs\u00f6rjning \u00f6ver hela landet. Genom att \u00f6ka patientens delaktighet, ta tillvara personens f\u00f6rm\u00e5gor, utveckla r\u00f6ntgensjuksk\u00f6terskans kompetens och samtidigt utnyttja ny teknik finns goda m\u00f6jligheter att utveckla v\u00e5rden i positiv riktning.&lt;\/p&gt;\n                 &lt;p&gt;&lt;b&gt;&lt;\/b&gt;&lt;\/p&gt;\n                 &lt;p&gt;Fortsatt och gemensam kraftsamling kr\u00e4vs d\u00e4r ett uttalat behov av specialistutbildning f\u00f6r r\u00f6ntgensjuksk\u00f6terskor m\u00e5ste \u00f6ka fr\u00e5n verksamheten och enskilda arbetsgivare.&lt;\/p&gt;\n                &lt;br&gt;&lt;br&gt;\"\n                data-category=\"SFR - Svensk F\u00f6rening f\u00f6r R\u00f6ntgensjuksk\u00f6terskor\"\n                data-category-ids=\"1007\"\n                data-span-all=\"\"\n              >\n\n              \n\n              <div class=\"vertical_bar\" style=\"background-color: #33CC66;\"><\/div>\n              <div class=\"box_inner\">\n                                <span>SFR - Vi kan inte avst\u00e5 fr\u00e5n att m\u00f6ta framtidens utmaningar - Specialistr\u00f6ntgensjuksk\u00f6terska<\/span>\n               <br>\n               <div class=\"lecturer\"><span>Barbro Cagner; John Brandberg; Anetta Bolejko; Violetta  Ellmer<\/span><\/div>\n               <div class=\"room_div \">\n                 <i class=\"list-room\">Studion<\/i>\n               <\/div>\n\n               <div class=\"name_time_div\">\n                <i class=\"list-time\" data-time=\"10:45\">10:45-12:15 - Fredag 15 september<\/i>\n               <\/div>\n              <\/div>\n             <\/div>\n          <\/div>\n\n          \n          <div class=\"box-wrapper\"\n              data-id=\"1167\">\n\n              <div class='time-header' style='visibility: hidden;'>10:45<\/div>\n\n              <div class=\"box\"\n                data-id=\"1167\"\n                data-project=\"project_276_2017_03_27\"\n                data-title=\"Keynote\"\n                data-time=\"10:45-12:15\"\n                data-room=\"Crusellhallen\"\n                data-room-id=\"1002\"\n                data-room-name=\"Crusellhallen\"\n                data-day=\"3\"\n                data-abs-nbr=\"\"\n                data-abs-path=\"\"\n                data-speaker=\"Prof Hans-Christoph Becker; Prof Eliot  Siegel\"\n                data-speakercell=\"Prof Hans-Christoph Becker; Prof Eliot  Siegel\"\n                data-info=\"&lt;b&gt;Moderatorer: &lt;\/b&gt;Tomas Bjerner&lt;br&gt;&lt;br&gt; \n                 &lt;p&gt;10.45 - 11.45&amp;nbsp;&lt;em&gt;Prof Eliot Siegel, University of Maryland&lt;\/em&gt;&lt;\/p&gt; \n                 &lt;p&gt;11.45 - 12.15 Pro - Con Future Radiology, AI&lt;\/p&gt; \n                 &lt;p&gt;&lt;em&gt;Prof Eliot Siegel, University for Maryland, Prof Christoph Becker, Stanford University&lt;\/em&gt;&lt;\/p&gt; \n                &lt;br&gt;&lt;br&gt;\"\n                data-category=\"Vetenskapligt program\"\n                data-category-ids=\"1002\"\n                data-span-all=\"\"\n              >\n\n              \n\n              <div class=\"vertical_bar\" style=\"background-color: #FF3333;\"><\/div>\n              <div class=\"box_inner\">\n                                <span>Keynote<\/span>\n               <br>\n               <div class=\"lecturer\"><span>Prof Hans-Christoph Becker; Prof Eliot  Siegel<\/span><\/div>\n               <div class=\"room_div \">\n                 <i class=\"list-room\">Crusellhallen<\/i>\n               <\/div>\n\n               <div class=\"name_time_div\">\n                <i class=\"list-time\" data-time=\"10:45\">10:45-12:15 - Fredag 15 september<\/i>\n               <\/div>\n              <\/div>\n             <\/div>\n          <\/div>\n\n          \n          <div class=\"box-wrapper\"\n              data-id=\"1170\">\n\n              <div class='time-header' style='visibility: hidden;'>10:45<\/div>\n\n              <div class=\"box\"\n                data-id=\"1170\"\n                data-project=\"project_276_2017_03_27\"\n                data-title=\"SFRU -  \\\"Sv\u00e5runders\u00f6kt patient, tacksam f\u00f6r r\u00f6ntgen\\\"\"\n                data-time=\"10:45-12:15\"\n                data-room=\"Operetten\"\n                data-room-id=\"1010\"\n                data-room-name=\"Operetten\"\n                data-day=\"3\"\n                data-abs-nbr=\"\"\n                data-abs-path=\"\"\n                data-speaker=\"Vitalija Smitdiene\"\n                data-speakercell=\"Vitalija Smitdiene\"\n                data-info=\"&lt;b&gt;Moderatorer: &lt;\/b&gt;Pia Wagesj\u00f6&lt;br&gt;&lt;br&gt; \n                 &lt;p&gt;Procedursm\u00e4rta, r\u00e4dsla och tv\u00e5ng vid r\u00f6ntgen ur ett barns perspektiv. M\u00e5let med f\u00f6rel\u00e4sningen \u00e4r att \u00f6ka kunskapen om barnomh\u00e4ndertagandet och lyfta fram barnets behov i samband med r\u00f6ntgenunders\u00f6kningar.&lt;\/p&gt; \n                 &lt;p&gt;M\u00e5lgrupp: Undersk\u00f6terskor och sk\u00f6terskor&lt;\/p&gt; \n                &lt;br&gt;&lt;br&gt;\"\n                data-category=\"SFRU - Svensk F\u00f6rening f\u00f6r R\u00f6ntgenundersk\u00f6terskor\"\n                data-category-ids=\"1010\"\n                data-span-all=\"\"\n              >\n\n              \n\n              <div class=\"vertical_bar\" style=\"background-color: #FFFF33;\"><\/div>\n              <div class=\"box_inner\">\n                                <span>SFRU -  \"Sv\u00e5runders\u00f6kt patient, tacksam f\u00f6r r\u00f6ntgen\"<\/span>\n               <br>\n               <div class=\"lecturer\"><span>Vitalija Smitdiene<\/span><\/div>\n               <div class=\"room_div \">\n                 <i class=\"list-room\">Operetten<\/i>\n               <\/div>\n\n               <div class=\"name_time_div\">\n                <i class=\"list-time\" data-time=\"10:45\">10:45-12:15 - Fredag 15 september<\/i>\n               <\/div>\n              <\/div>\n             <\/div>\n          <\/div>\n\n          \n      <\/div>\n\n      <div id=\"scroll-down-for-more\">\n          <i class=\"fa fa-3x fa-chevron-down\" aria-hidden=\"true\"><\/i>\n          <br\/>\n          <span>Scrolla ner f\u00f6r att visa mer<\/span>\n      <\/div>\n\n    <\/div>\n\n    <div id=\"graphical_day_chooser_div\" class=\"row\" style=\"margin-right: 0px; margin-left: 0px; \">\n\n      \n      <div class=\"col-md-10\" style=\"padding-left: 0px;\">\n       <div class=\"btn-group\" id=\"days-group\">\n\n          <button type=\"button\" class=\"btn btn-default btn_day\" data-day=\"0\" value=\"date_select_0\"\n                  style=\"float: none !important;\"><span class=\"hidden-xs\">Tis<\/span><br class=\"hidden-xs\"><span>12 sep.<\/span><\/button><button type=\"button\" class=\"btn btn-default btn_day\" data-day=\"1\" value=\"date_select_1\"\n                  style=\"float: none !important;\"><span class=\"hidden-xs\">Ons<\/span><br class=\"hidden-xs\"><span>13 sep.<\/span><\/button><button type=\"button\" class=\"btn btn-default btn_day\" data-day=\"2\" value=\"date_select_2\"\n                  style=\"float: none !important;\"><span class=\"hidden-xs\">Tors<\/span><br class=\"hidden-xs\"><span>14 sep.<\/span><\/button><button type=\"button\" class=\"btn btn-default btn_day\" data-day=\"3\" value=\"date_select_3\"\n                  style=\"float: none !important;\"><span class=\"hidden-xs\">Fre<\/span><br class=\"hidden-xs\"><span>15 sep.<\/span><\/button>\n        <\/div>\n      <\/div>\n    <\/div>\n\n    <div id='scroll-right-container' style='display: none; cursor: pointer; margin-top: 73px; height: 70px; width: 75px; background-color: rgba(130, 130, 130, 0.56); position: relative; float: right; z-index: 10000000; text-align: center;'>\n        <i class=\"fa fa-3x fa-chevron-right\" aria-hidden=\"true\" style=\"color: white; position: absolute; left: 35%; top: 20%;\"><\/i>\n    <\/div>\n\n    <div id='scroll-left-container' style='display: none; cursor: pointer; margin-top: 73px; height: 70px; width: 75px; background-color: rgba(130, 130, 130, 0.56); position: relative; float: left; margin-left: 60px; z-index: 10000000; text-align: center;'>\n        <i class=\"fa fa-3x fa-chevron-left\" aria-hidden=\"true\" style=\"color: white; position: absolute; left: 30%; top: 20%;\"><\/i>\n    <\/div>\n\n    <div id=\"calendar_container\" class=\"dragscroll\" style=\"cursor: move; height: 1000px; background-color: #30332e;px; \">\n\n\n      \n  \t\t<!-- top bar with date and rooms name -->\n  \t\t<div class=\"xaxis xaxis-extra fixed top\">\n  \t      <div id=\"top_left_room_box\" class=\"preroom0 preroom0-extra\">\n            <div class=\"room0\">\n                <select style=\"visibility: hidden;\"><\/select>\n    \t      <\/div>\n          <\/div>\n\n  \t      <div class='room_holder room_holder-extra' style='width: 150px;' data-room-id=-1 id='preroom_id_-1'><div class='room room-extra' style='width: 140px;' data-id=0>-Ej specificerad-<\/div>\n<\/div><div class='room_holder room_holder-extra' style='width: 150px;' data-room-id=1002 id='preroom_id_1002'><div class='room room-extra' style='width: 140px;' data-id=1>Crusellhallen<\/div>\n<\/div><div class='room_holder room_holder-extra' style='width: 150px;' data-room-id=1005 id='preroom_id_1005'><div class='room room-extra' style='width: 140px;' data-id=2>Backstage<\/div>\n<\/div><div class='room_holder room_holder-extra' style='width: 150px;' data-room-id=1003 id='preroom_id_1003'><div class='room room-extra' style='width: 140px;' data-id=3>Musikalen<\/div>\n<\/div><div class='room_holder room_holder-extra' style='width: 150px;' data-room-id=1004 id='preroom_id_1004'><div class='room room-extra' style='width: 140px;' data-id=4>Operan<\/div>\n<\/div><div class='room_holder room_holder-extra' style='width: 150px;' data-room-id=1006 id='preroom_id_1006'><div class='room room-extra' style='width: 140px;' data-id=5>Spegelsalen<\/div>\n<\/div><div class='room_holder room_holder-extra' style='width: 150px;' data-room-id=1007 id='preroom_id_1007'><div class='room room-extra' style='width: 140px;' data-id=6>Studion<\/div>\n<\/div><div class='room_holder room_holder-extra' style='width: 150px;' data-room-id=1008 id='preroom_id_1008'><div class='room room-extra' style='width: 140px;' data-id=7>Kulturen<\/div>\n<\/div><div class='room_holder room_holder-extra' style='width: 150px;' data-room-id=1009 id='preroom_id_1009'><div class='room room-extra' style='width: 140px;' data-id=8>Sonaten<\/div>\n<\/div><div class='room_holder room_holder-extra' style='width: 150px;' data-room-id=1010 id='preroom_id_1010'><div class='room room-extra' style='width: 140px;' data-id=9>Operetten<\/div>\n<\/div><div class='room_holder room_holder-extra' style='width: 150px;' data-room-id=1011 id='preroom_id_1011'><div class='room room-extra' style='width: 140px;' data-id=10>Duetten<\/div>\n<\/div><div class='room_holder room_holder-extra' style='width: 150px;' data-room-id=1012 id='preroom_id_1012'><div class='room room-extra' style='width: 140px;' data-id=11>Solot<\/div>\n<\/div><div class='room_holder room_holder-extra' style='width: 150px;' data-room-id=1013 id='preroom_id_1013'><div class='room room-extra' style='width: 140px;' data-id=12>Pressl\u00e4ktaren<\/div>\n<\/div><div class='room_holder room_holder-extra' style='width: 150px;' data-room-id=1014 id='preroom_id_1014'><div class='room room-extra' style='width: 140px;' data-id=13>Loge 4<\/div>\n<\/div><div class='room_holder room_holder-extra' style='width: 150px;' data-room-id=1015 id='preroom_id_1015'><div class='room room-extra' style='width: 140px;' data-id=14>Loge 6<\/div>\n<\/div><div class='room_holder room_holder-extra' style='width: 150px;' data-room-id=1016 id='preroom_id_1016'><div class='room room-extra' style='width: 140px;' data-id=15>Loge 5<\/div>\n<\/div><div class='room_holder room_holder-extra' style='width: 150px;' data-room-id=1017 id='preroom_id_1017'><div class='room room-extra' style='width: 140px;' data-id=16>Noten\/Takten\/Accenten\/Reprisen<\/div>\n<\/div><div class='room_holder room_holder-extra' style='width: 150px;' data-room-id=1018 id='preroom_id_1018'><div class='room room-extra' style='width: 140px;' data-id=17>CMIV<\/div>\n<\/div><div class='room_holder room_holder-extra' style='width: 150px;' data-room-id=1019 id='preroom_id_1019'><div class='room room-extra' style='width: 140px;' data-id=18>Br\u00f6stenheten, US<\/div>\n<\/div><div class='room_holder room_holder-extra' style='width: 150px;' data-room-id=1020 id='preroom_id_1020'><div class='room room-extra' style='width: 140px;' data-id=19>Flygvapenmuseum<\/div>\n<\/div><div class='room_holder room_holder-extra' style='width: 150px;' data-room-id=1021 id='preroom_id_1021'><div class='room room-extra' style='width: 140px;' data-id=20>Nya akutr\u00f6ntgen - Studiebes\u00f6k<\/div>\n<\/div><div class='room_holder room_holder-extra' style='width: 150px;' data-room-id=1084 id='preroom_id_1084'><div class='room room-extra' style='width: 140px;' data-id=21>Balkongen i Garden<\/div>\n<\/div>\n      <\/div>\n            \n      <div class='vertical-schedule-line' data-room-id='-1' style='left: 210px; height: 100%;'><\/div><div class='vertical-schedule-line' data-room-id='1002' style='left: 360px; height: 100%;'><\/div><div class='vertical-schedule-line' data-room-id='1005' style='left: 510px; height: 100%;'><\/div><div class='vertical-schedule-line' data-room-id='1003' style='left: 660px; height: 100%;'><\/div><div class='vertical-schedule-line' data-room-id='1004' style='left: 810px; height: 100%;'><\/div><div class='vertical-schedule-line' data-room-id='1006' style='left: 960px; height: 100%;'><\/div><div class='vertical-schedule-line' data-room-id='1007' style='left: 1110px; height: 100%;'><\/div><div class='vertical-schedule-line' data-room-id='1008' style='left: 1260px; height: 100%;'><\/div><div class='vertical-schedule-line' data-room-id='1009' style='left: 1410px; height: 100%;'><\/div><div class='vertical-schedule-line' data-room-id='1010' style='left: 1560px; height: 100%;'><\/div><div class='vertical-schedule-line' data-room-id='1011' style='left: 1710px; height: 100%;'><\/div><div class='vertical-schedule-line' data-room-id='1012' style='left: 1860px; height: 100%;'><\/div><div class='vertical-schedule-line' data-room-id='1013' style='left: 2010px; height: 100%;'><\/div><div class='vertical-schedule-line' data-room-id='1014' style='left: 2160px; height: 100%;'><\/div><div class='vertical-schedule-line' data-room-id='1015' style='left: 2310px; height: 100%;'><\/div><div class='vertical-schedule-line' data-room-id='1016' style='left: 2460px; height: 100%;'><\/div><div class='vertical-schedule-line' data-room-id='1017' style='left: 2610px; height: 100%;'><\/div><div class='vertical-schedule-line' data-room-id='1018' style='left: 2760px; height: 100%;'><\/div><div class='vertical-schedule-line' data-room-id='1019' style='left: 2910px; height: 100%;'><\/div><div class='vertical-schedule-line' data-room-id='1020' style='left: 3060px; height: 100%;'><\/div><div class='vertical-schedule-line' data-room-id='1021' style='left: 3210px; height: 100%;'><\/div><div class='vertical-schedule-line' data-room-id='1084' style='left: 3360px; height: 100%;'><\/div>\n      <div id='time_0' name='visible_0' data-day='0' class='yaxis major time_all time_0  data-time='0800' style='top: 61px; display: block;'>\n                <div class='yaxistime yaxistime-extra'><div class='yaxistext yaxistext-extra'>08:00\n<\/div><\/div><\/div><div id = 'time_0' name='visible_1' data-day='0' class='yaxis time_all time_0' data-time='0815' style='top: 81px; display: block;'>\n                <div class='yaxistime yaxistime-extra'>&nbsp;<\/div><\/div><div id='time_0' name='visible_2' data-day='0' class='yaxis time_all time_0' data-time='0830' style='top: 101px; display: block;'>\n                <div class='yaxistime yaxistime-extra half-hour'><div class='yaxistext-minor yaxistext-minor-extra'>08:30\n<\/div><\/div><\/div><div id = 'time_0' name='visible_3' data-day='0' class='yaxis time_all time_0' data-time='0845' style='top: 121px; display: block;'>\n                <div class='yaxistime yaxistime-extra'>&nbsp;<\/div><\/div><div id='time_0' name='visible_4' data-day='0' class='yaxis major time_all time_0  data-time='0900' style='top: 141px; display: block;'>\n                <div class='yaxistime yaxistime-extra'><div class='yaxistext yaxistext-extra'>09:00\n<\/div><\/div><\/div><div id = 'time_0' name='visible_5' data-day='0' class='yaxis time_all time_0' data-time='0915' style='top: 161px; display: block;'>\n                <div class='yaxistime yaxistime-extra'>&nbsp;<\/div><\/div><div id='time_0' name='visible_6' data-day='0' class='yaxis time_all time_0' data-time='0930' style='top: 181px; display: block;'>\n                <div class='yaxistime yaxistime-extra half-hour'><div class='yaxistext-minor yaxistext-minor-extra'>09:30\n<\/div><\/div><\/div><div id = 'time_0' name='visible_7' data-day='0' class='yaxis time_all time_0' data-time='0945' style='top: 201px; display: block;'>\n                <div class='yaxistime yaxistime-extra'>&nbsp;<\/div><\/div><div id='time_0' name='visible_8' data-day='0' class='yaxis major time_all time_0  data-time='1000' style='top: 221px; display: block;'>\n                <div class='yaxistime yaxistime-extra'><div class='yaxistext yaxistext-extra'>10:00\n<\/div><\/div><\/div><div id = 'time_0' name='visible_9' data-day='0' class='yaxis time_all time_0' data-time='1015' style='top: 241px; display: block;'>\n                <div class='yaxistime yaxistime-extra'>&nbsp;<\/div><\/div><div id='time_0' name='visible_10' data-day='0' class='yaxis time_all time_0' data-time='1030' style='top: 261px; display: block;'>\n                <div class='yaxistime yaxistime-extra half-hour'><div class='yaxistext-minor yaxistext-minor-extra'>10:30\n<\/div><\/div><\/div><div id = 'time_0' name='visible_11' data-day='0' class='yaxis time_all time_0' data-time='1045' style='top: 281px; display: block;'>\n                <div class='yaxistime yaxistime-extra'>&nbsp;<\/div><\/div><div id='time_0' name='visible_12' data-day='0' class='yaxis major time_all time_0  data-time='1100' style='top: 301px; display: block;'>\n                <div class='yaxistime yaxistime-extra'><div class='yaxistext yaxistext-extra'>11:00\n<\/div><\/div><\/div><div id = 'time_0' name='visible_13' data-day='0' class='yaxis time_all time_0' data-time='1115' style='top: 321px; display: block;'>\n                <div class='yaxistime yaxistime-extra'>&nbsp;<\/div><\/div><div id='time_0' name='visible_14' data-day='0' class='yaxis time_all time_0' data-time='1130' style='top: 341px; display: block;'>\n                <div class='yaxistime yaxistime-extra half-hour'><div class='yaxistext-minor yaxistext-minor-extra'>11:30\n<\/div><\/div><\/div><div id = 'time_0' name='visible_15' data-day='0' class='yaxis time_all time_0' data-time='1145' style='top: 361px; display: block;'>\n                <div class='yaxistime yaxistime-extra'>&nbsp;<\/div><\/div><div id='time_0' name='visible_16' data-day='0' class='yaxis major time_all time_0  data-time='1200' style='top: 381px; display: block;'>\n                <div class='yaxistime yaxistime-extra'><div class='yaxistext yaxistext-extra'>12:00\n<\/div><\/div><\/div><div id = 'time_0' name='visible_17' data-day='0' class='yaxis time_all time_0' data-time='1215' style='top: 401px; display: block;'>\n                <div class='yaxistime yaxistime-extra'>&nbsp;<\/div><\/div><div id='time_0' name='visible_18' data-day='0' class='yaxis time_all time_0' data-time='1230' style='top: 421px; display: block;'>\n                <div class='yaxistime yaxistime-extra half-hour'><div class='yaxistext-minor yaxistext-minor-extra'>12:30\n<\/div><\/div><\/div><div id = 'time_0' name='visible_19' data-day='0' class='yaxis time_all time_0' data-time='1245' style='top: 441px; display: block;'>\n                <div class='yaxistime yaxistime-extra'>&nbsp;<\/div><\/div><div id='time_0' name='visible_20' data-day='0' class='yaxis major time_all time_0  data-time='1300' style='top: 461px; display: block;'>\n                <div class='yaxistime yaxistime-extra'><div class='yaxistext yaxistext-extra'>13:00\n<\/div><\/div><\/div><div id = 'time_0' name='visible_21' data-day='0' class='yaxis time_all time_0' data-time='1315' style='top: 481px; display: block;'>\n                <div class='yaxistime yaxistime-extra'>&nbsp;<\/div><\/div><div id='time_0' name='visible_22' data-day='0' class='yaxis time_all time_0' data-time='1330' style='top: 501px; display: block;'>\n                <div class='yaxistime yaxistime-extra half-hour'><div class='yaxistext-minor yaxistext-minor-extra'>13:30\n<\/div><\/div><\/div><div id = 'time_0' name='visible_23' data-day='0' class='yaxis time_all time_0' data-time='1345' style='top: 521px; display: block;'>\n                <div class='yaxistime yaxistime-extra'>&nbsp;<\/div><\/div><div id='time_0' name='visible_24' data-day='0' class='yaxis major time_all time_0  data-time='1400' style='top: 541px; display: block;'>\n                <div class='yaxistime yaxistime-extra'><div class='yaxistext yaxistext-extra'>14:00\n<\/div><\/div><\/div><div id = 'time_0' name='visible_25' data-day='0' class='yaxis time_all time_0' data-time='1415' style='top: 561px; display: block;'>\n                <div class='yaxistime yaxistime-extra'>&nbsp;<\/div><\/div><div id='time_0' name='visible_26' data-day='0' class='yaxis time_all time_0' data-time='1430' style='top: 581px; display: block;'>\n                <div class='yaxistime yaxistime-extra half-hour'><div class='yaxistext-minor yaxistext-minor-extra'>14:30\n<\/div><\/div><\/div><div id = 'time_0' name='visible_27' data-day='0' class='yaxis time_all time_0' data-time='1445' style='top: 601px; display: block;'>\n                <div class='yaxistime yaxistime-extra'>&nbsp;<\/div><\/div><div id='time_0' name='visible_28' data-day='0' class='yaxis major time_all time_0  data-time='1500' style='top: 621px; display: block;'>\n                <div class='yaxistime yaxistime-extra'><div class='yaxistext yaxistext-extra'>15:00\n<\/div><\/div><\/div><div id = 'time_0' name='visible_29' data-day='0' class='yaxis time_all time_0' data-time='1515' style='top: 641px; display: block;'>\n                <div class='yaxistime yaxistime-extra'>&nbsp;<\/div><\/div><div id='time_0' name='visible_30' data-day='0' class='yaxis time_all time_0' data-time='1530' style='top: 661px; display: block;'>\n                <div class='yaxistime yaxistime-extra half-hour'><div class='yaxistext-minor yaxistext-minor-extra'>15:30\n<\/div><\/div><\/div><div id = 'time_0' name='visible_31' data-day='0' class='yaxis time_all time_0' data-time='1545' style='top: 681px; display: block;'>\n                <div class='yaxistime yaxistime-extra'>&nbsp;<\/div><\/div><div id='time_0' name='visible_32' data-day='0' class='yaxis major time_all time_0  data-time='1600' style='top: 701px; display: block;'>\n                <div class='yaxistime yaxistime-extra'><div class='yaxistext yaxistext-extra'>16:00\n<\/div><\/div><\/div><div id = 'time_0' name='visible_33' data-day='0' class='yaxis time_all time_0' data-time='1615' style='top: 721px; display: block;'>\n                <div class='yaxistime yaxistime-extra'>&nbsp;<\/div><\/div><div id='time_0' name='visible_34' data-day='0' class='yaxis time_all time_0' data-time='1630' style='top: 741px; display: block;'>\n                <div class='yaxistime yaxistime-extra half-hour'><div class='yaxistext-minor yaxistext-minor-extra'>16:30\n<\/div><\/div><\/div><div id = 'time_0' name='visible_35' data-day='0' class='yaxis time_all time_0' data-time='1645' style='top: 761px; display: block;'>\n                <div class='yaxistime yaxistime-extra'>&nbsp;<\/div><\/div><div id='time_0' name='visible_36' data-day='0' class='yaxis major time_all time_0  data-time='1700' style='top: 781px; display: block;'>\n                <div class='yaxistime yaxistime-extra'><div class='yaxistext yaxistext-extra'>17:00\n<\/div><\/div><\/div><div id = 'time_0' name='visible_37' data-day='0' class='yaxis time_all time_0' data-time='1715' style='top: 801px; display: block;'>\n                <div class='yaxistime yaxistime-extra'>&nbsp;<\/div><\/div><div id='time_0' name='visible_38' data-day='0' class='yaxis time_all time_0' data-time='1730' style='top: 821px; display: block;'>\n                <div class='yaxistime yaxistime-extra half-hour'><div class='yaxistext-minor yaxistext-minor-extra'>17:30\n<\/div><\/div><\/div><div id = 'time_0' name='visible_39' data-day='0' class='yaxis time_all time_0' data-time='1745' style='top: 841px; display: block;'>\n                <div class='yaxistime yaxistime-extra'>&nbsp;<\/div><\/div><div id='time_1' name='visible_40' data-day='1' class='yaxis major time_all time_1  data-time='0800' style='top: 61px; display: none;'>\n                <div class='yaxistime yaxistime-extra'><div class='yaxistext yaxistext-extra'>08:00\n<\/div><\/div><\/div><div id = 'time_1' name='visible_41' data-day='1' class='yaxis time_all time_1' data-time='0815' style='top: 81px; display: none;'>\n                <div class='yaxistime yaxistime-extra'>&nbsp;<\/div><\/div><div id='time_1' name='visible_42' data-day='1' class='yaxis time_all time_1' data-time='0830' style='top: 101px; display: none;'>\n                <div class='yaxistime yaxistime-extra half-hour'><div class='yaxistext-minor yaxistext-minor-extra'>08:30\n<\/div><\/div><\/div><div id = 'time_1' name='visible_43' data-day='1' class='yaxis time_all time_1' data-time='0845' style='top: 121px; display: none;'>\n                <div class='yaxistime yaxistime-extra'>&nbsp;<\/div><\/div><div id='time_1' name='visible_44' data-day='1' class='yaxis major time_all time_1  data-time='0900' style='top: 141px; display: none;'>\n                <div class='yaxistime yaxistime-extra'><div class='yaxistext yaxistext-extra'>09:00\n<\/div><\/div><\/div><div id = 'time_1' name='visible_45' data-day='1' class='yaxis time_all time_1' data-time='0915' style='top: 161px; display: none;'>\n                <div class='yaxistime yaxistime-extra'>&nbsp;<\/div><\/div><div id='time_1' name='visible_46' data-day='1' class='yaxis time_all time_1' data-time='0930' style='top: 181px; display: none;'>\n                <div class='yaxistime yaxistime-extra half-hour'><div class='yaxistext-minor yaxistext-minor-extra'>09:30\n<\/div><\/div><\/div><div id = 'time_1' name='visible_47' data-day='1' class='yaxis time_all time_1' data-time='0945' style='top: 201px; display: none;'>\n                <div class='yaxistime yaxistime-extra'>&nbsp;<\/div><\/div><div id='time_1' name='visible_48' data-day='1' class='yaxis major time_all time_1  data-time='1000' style='top: 221px; display: none;'>\n                <div class='yaxistime yaxistime-extra'><div class='yaxistext yaxistext-extra'>10:00\n<\/div><\/div><\/div><div id = 'time_1' name='visible_49' data-day='1' class='yaxis time_all time_1' data-time='1015' style='top: 241px; display: none;'>\n                <div class='yaxistime yaxistime-extra'>&nbsp;<\/div><\/div><div id='time_1' name='visible_50' data-day='1' class='yaxis time_all time_1' data-time='1030' style='top: 261px; display: none;'>\n                <div class='yaxistime yaxistime-extra half-hour'><div class='yaxistext-minor yaxistext-minor-extra'>10:30\n<\/div><\/div><\/div><div id = 'time_1' name='visible_51' data-day='1' class='yaxis time_all time_1' data-time='1045' style='top: 281px; display: none;'>\n                <div class='yaxistime yaxistime-extra'>&nbsp;<\/div><\/div><div id='time_1' name='visible_52' data-day='1' class='yaxis major time_all time_1  data-time='1100' style='top: 301px; display: none;'>\n                <div class='yaxistime yaxistime-extra'><div class='yaxistext yaxistext-extra'>11:00\n<\/div><\/div><\/div><div id = 'time_1' name='visible_53' data-day='1' class='yaxis time_all time_1' data-time='1115' style='top: 321px; display: none;'>\n                <div class='yaxistime yaxistime-extra'>&nbsp;<\/div><\/div><div id='time_1' name='visible_54' data-day='1' class='yaxis time_all time_1' data-time='1130' style='top: 341px; display: none;'>\n                <div class='yaxistime yaxistime-extra half-hour'><div class='yaxistext-minor yaxistext-minor-extra'>11:30\n<\/div><\/div><\/div><div id = 'time_1' name='visible_55' data-day='1' class='yaxis time_all time_1' data-time='1145' style='top: 361px; display: none;'>\n                <div class='yaxistime yaxistime-extra'>&nbsp;<\/div><\/div><div id='time_1' name='visible_56' data-day='1' class='yaxis major time_all time_1  data-time='1200' style='top: 381px; display: none;'>\n                <div class='yaxistime yaxistime-extra'><div class='yaxistext yaxistext-extra'>12:00\n<\/div><\/div><\/div><div id = 'time_1' name='visible_57' data-day='1' class='yaxis time_all time_1' data-time='1215' style='top: 401px; display: none;'>\n                <div class='yaxistime yaxistime-extra'>&nbsp;<\/div><\/div><div id='time_1' name='visible_58' data-day='1' class='yaxis time_all time_1' data-time='1230' style='top: 421px; display: none;'>\n                <div class='yaxistime yaxistime-extra half-hour'><div class='yaxistext-minor yaxistext-minor-extra'>12:30\n<\/div><\/div><\/div><div id = 'time_1' name='visible_59' data-day='1' class='yaxis time_all time_1' data-time='1245' style='top: 441px; display: none;'>\n                <div class='yaxistime yaxistime-extra'>&nbsp;<\/div><\/div><div id='time_1' name='visible_60' data-day='1' class='yaxis major time_all time_1  data-time='1300' style='top: 461px; display: none;'>\n                <div class='yaxistime yaxistime-extra'><div class='yaxistext yaxistext-extra'>13:00\n<\/div><\/div><\/div><div id = 'time_1' name='visible_61' data-day='1' class='yaxis time_all time_1' data-time='1315' style='top: 481px; display: none;'>\n                <div class='yaxistime yaxistime-extra'>&nbsp;<\/div><\/div><div id='time_1' name='visible_62' data-day='1' class='yaxis time_all time_1' data-time='1330' style='top: 501px; display: none;'>\n                <div class='yaxistime yaxistime-extra half-hour'><div class='yaxistext-minor yaxistext-minor-extra'>13:30\n<\/div><\/div><\/div><div id = 'time_1' name='visible_63' data-day='1' class='yaxis time_all time_1' data-time='1345' style='top: 521px; display: none;'>\n                <div class='yaxistime yaxistime-extra'>&nbsp;<\/div><\/div><div id='time_1' name='visible_64' data-day='1' class='yaxis major time_all time_1  data-time='1400' style='top: 541px; display: none;'>\n                <div class='yaxistime yaxistime-extra'><div class='yaxistext yaxistext-extra'>14:00\n<\/div><\/div><\/div><div id = 'time_1' name='visible_65' data-day='1' class='yaxis time_all time_1' data-time='1415' style='top: 561px; display: none;'>\n                <div class='yaxistime yaxistime-extra'>&nbsp;<\/div><\/div><div id='time_1' name='visible_66' data-day='1' class='yaxis time_all time_1' data-time='1430' style='top: 581px; display: none;'>\n                <div class='yaxistime yaxistime-extra half-hour'><div class='yaxistext-minor yaxistext-minor-extra'>14:30\n<\/div><\/div><\/div><div id = 'time_1' name='visible_67' data-day='1' class='yaxis time_all time_1' data-time='1445' style='top: 601px; display: none;'>\n                <div class='yaxistime yaxistime-extra'>&nbsp;<\/div><\/div><div id='time_1' name='visible_68' data-day='1' class='yaxis major time_all time_1  data-time='1500' style='top: 621px; display: none;'>\n                <div class='yaxistime yaxistime-extra'><div class='yaxistext yaxistext-extra'>15:00\n<\/div><\/div><\/div><div id = 'time_1' name='visible_69' data-day='1' class='yaxis time_all time_1' data-time='1515' style='top: 641px; display: none;'>\n                <div class='yaxistime yaxistime-extra'>&nbsp;<\/div><\/div><div id='time_1' name='visible_70' data-day='1' class='yaxis time_all time_1' data-time='1530' style='top: 661px; display: none;'>\n                <div class='yaxistime yaxistime-extra half-hour'><div class='yaxistext-minor yaxistext-minor-extra'>15:30\n<\/div><\/div><\/div><div id = 'time_1' name='visible_71' data-day='1' class='yaxis time_all time_1' data-time='1545' style='top: 681px; display: none;'>\n                <div class='yaxistime yaxistime-extra'>&nbsp;<\/div><\/div><div id='time_1' name='visible_72' data-day='1' class='yaxis major time_all time_1  data-time='1600' style='top: 701px; display: none;'>\n                <div class='yaxistime yaxistime-extra'><div class='yaxistext yaxistext-extra'>16:00\n<\/div><\/div><\/div><div id = 'time_1' name='visible_73' data-day='1' class='yaxis time_all time_1' data-time='1615' style='top: 721px; display: none;'>\n                <div class='yaxistime yaxistime-extra'>&nbsp;<\/div><\/div><div id='time_1' name='visible_74' data-day='1' class='yaxis time_all time_1' data-time='1630' style='top: 741px; display: none;'>\n                <div class='yaxistime yaxistime-extra half-hour'><div class='yaxistext-minor yaxistext-minor-extra'>16:30\n<\/div><\/div><\/div><div id = 'time_1' name='visible_75' data-day='1' class='yaxis time_all time_1' data-time='1645' style='top: 761px; display: none;'>\n                <div class='yaxistime yaxistime-extra'>&nbsp;<\/div><\/div><div id='time_1' name='visible_76' data-day='1' class='yaxis major time_all time_1  data-time='1700' style='top: 781px; display: none;'>\n                <div class='yaxistime yaxistime-extra'><div class='yaxistext yaxistext-extra'>17:00\n<\/div><\/div><\/div><div id = 'time_1' name='visible_77' data-day='1' class='yaxis time_all time_1' data-time='1715' style='top: 801px; display: none;'>\n                <div class='yaxistime yaxistime-extra'>&nbsp;<\/div><\/div><div id='time_1' name='visible_78' data-day='1' class='yaxis time_all time_1' data-time='1730' style='top: 821px; display: none;'>\n                <div class='yaxistime yaxistime-extra half-hour'><div class='yaxistext-minor yaxistext-minor-extra'>17:30\n<\/div><\/div><\/div><div id = 'time_1' name='visible_79' data-day='1' class='yaxis time_all time_1' data-time='1745' style='top: 841px; display: none;'>\n                <div class='yaxistime yaxistime-extra'>&nbsp;<\/div><\/div><div id='time_2' name='visible_80' data-day='2' class='yaxis major time_all time_2  data-time='0800' style='top: 61px; display: none;'>\n                <div class='yaxistime yaxistime-extra'><div class='yaxistext yaxistext-extra'>08:00\n<\/div><\/div><\/div><div id = 'time_2' name='visible_81' data-day='2' class='yaxis time_all time_2' data-time='0815' style='top: 81px; display: none;'>\n                <div class='yaxistime yaxistime-extra'>&nbsp;<\/div><\/div><div id='time_2' name='visible_82' data-day='2' class='yaxis time_all time_2' data-time='0830' style='top: 101px; display: none;'>\n                <div class='yaxistime yaxistime-extra half-hour'><div class='yaxistext-minor yaxistext-minor-extra'>08:30\n<\/div><\/div><\/div><div id = 'time_2' name='visible_83' data-day='2' class='yaxis time_all time_2' data-time='0845' style='top: 121px; display: none;'>\n                <div class='yaxistime yaxistime-extra'>&nbsp;<\/div><\/div><div id='time_2' name='visible_84' data-day='2' class='yaxis major time_all time_2  data-time='0900' style='top: 141px; display: none;'>\n                <div class='yaxistime yaxistime-extra'><div class='yaxistext yaxistext-extra'>09:00\n<\/div><\/div><\/div><div id = 'time_2' name='visible_85' data-day='2' class='yaxis time_all time_2' data-time='0915' style='top: 161px; display: none;'>\n                <div class='yaxistime yaxistime-extra'>&nbsp;<\/div><\/div><div id='time_2' name='visible_86' data-day='2' class='yaxis time_all time_2' data-time='0930' style='top: 181px; display: none;'>\n                <div class='yaxistime yaxistime-extra half-hour'><div class='yaxistext-minor yaxistext-minor-extra'>09:30\n<\/div><\/div><\/div><div id = 'time_2' name='visible_87' data-day='2' class='yaxis time_all time_2' data-time='0945' style='top: 201px; display: none;'>\n                <div class='yaxistime yaxistime-extra'>&nbsp;<\/div><\/div><div id='time_2' name='visible_88' data-day='2' class='yaxis major time_all time_2  data-time='1000' style='top: 221px; display: none;'>\n                <div class='yaxistime yaxistime-extra'><div class='yaxistext yaxistext-extra'>10:00\n<\/div><\/div><\/div><div id = 'time_2' name='visible_89' data-day='2' class='yaxis time_all time_2' data-time='1015' style='top: 241px; display: none;'>\n                <div class='yaxistime yaxistime-extra'>&nbsp;<\/div><\/div><div id='time_2' name='visible_90' data-day='2' class='yaxis time_all time_2' data-time='1030' style='top: 261px; display: none;'>\n                <div class='yaxistime yaxistime-extra half-hour'><div class='yaxistext-minor yaxistext-minor-extra'>10:30\n<\/div><\/div><\/div><div id = 'time_2' name='visible_91' data-day='2' class='yaxis time_all time_2' data-time='1045' style='top: 281px; display: none;'>\n                <div class='yaxistime yaxistime-extra'>&nbsp;<\/div><\/div><div id='time_2' name='visible_92' data-day='2' class='yaxis major time_all time_2  data-time='1100' style='top: 301px; display: none;'>\n                <div class='yaxistime yaxistime-extra'><div class='yaxistext yaxistext-extra'>11:00\n<\/div><\/div><\/div><div id = 'time_2' name='visible_93' data-day='2' class='yaxis time_all time_2' data-time='1115' style='top: 321px; display: none;'>\n                <div class='yaxistime yaxistime-extra'>&nbsp;<\/div><\/div><div id='time_2' name='visible_94' data-day='2' class='yaxis time_all time_2' data-time='1130' style='top: 341px; display: none;'>\n                <div class='yaxistime yaxistime-extra half-hour'><div class='yaxistext-minor yaxistext-minor-extra'>11:30\n<\/div><\/div><\/div><div id = 'time_2' name='visible_95' data-day='2' class='yaxis time_all time_2' data-time='1145' style='top: 361px; display: none;'>\n                <div class='yaxistime yaxistime-extra'>&nbsp;<\/div><\/div><div id='time_2' name='visible_96' data-day='2' class='yaxis major time_all time_2  data-time='1200' style='top: 381px; display: none;'>\n                <div class='yaxistime yaxistime-extra'><div class='yaxistext yaxistext-extra'>12:00\n<\/div><\/div><\/div><div id = 'time_2' name='visible_97' data-day='2' class='yaxis time_all time_2' data-time='1215' style='top: 401px; display: none;'>\n                <div class='yaxistime yaxistime-extra'>&nbsp;<\/div><\/div><div id='time_2' name='visible_98' data-day='2' class='yaxis time_all time_2' data-time='1230' style='top: 421px; display: none;'>\n                <div class='yaxistime yaxistime-extra half-hour'><div class='yaxistext-minor yaxistext-minor-extra'>12:30\n<\/div><\/div><\/div><div id = 'time_2' name='visible_99' data-day='2' class='yaxis time_all time_2' data-time='1245' style='top: 441px; display: none;'>\n                <div class='yaxistime yaxistime-extra'>&nbsp;<\/div><\/div><div id='time_2' name='visible_100' data-day='2' class='yaxis major time_all time_2  data-time='1300' style='top: 461px; display: none;'>\n                <div class='yaxistime yaxistime-extra'><div class='yaxistext yaxistext-extra'>13:00\n<\/div><\/div><\/div><div id = 'time_2' name='visible_101' data-day='2' class='yaxis time_all time_2' data-time='1315' style='top: 481px; display: none;'>\n                <div class='yaxistime yaxistime-extra'>&nbsp;<\/div><\/div><div id='time_2' name='visible_102' data-day='2' class='yaxis time_all time_2' data-time='1330' style='top: 501px; display: none;'>\n                <div class='yaxistime yaxistime-extra half-hour'><div class='yaxistext-minor yaxistext-minor-extra'>13:30\n<\/div><\/div><\/div><div id = 'time_2' name='visible_103' data-day='2' class='yaxis time_all time_2' data-time='1345' style='top: 521px; display: none;'>\n                <div class='yaxistime yaxistime-extra'>&nbsp;<\/div><\/div><div id='time_2' name='visible_104' data-day='2' class='yaxis major time_all time_2  data-time='1400' style='top: 541px; display: none;'>\n                <div class='yaxistime yaxistime-extra'><div class='yaxistext yaxistext-extra'>14:00\n<\/div><\/div><\/div><div id = 'time_2' name='visible_105' data-day='2' class='yaxis time_all time_2' data-time='1415' style='top: 561px; display: none;'>\n                <div class='yaxistime yaxistime-extra'>&nbsp;<\/div><\/div><div id='time_2' name='visible_106' data-day='2' class='yaxis time_all time_2' data-time='1430' style='top: 581px; display: none;'>\n                <div class='yaxistime yaxistime-extra half-hour'><div class='yaxistext-minor yaxistext-minor-extra'>14:30\n<\/div><\/div><\/div><div id = 'time_2' name='visible_107' data-day='2' class='yaxis time_all time_2' data-time='1445' style='top: 601px; display: none;'>\n                <div class='yaxistime yaxistime-extra'>&nbsp;<\/div><\/div><div id='time_2' name='visible_108' data-day='2' class='yaxis major time_all time_2  data-time='1500' style='top: 621px; display: none;'>\n                <div class='yaxistime yaxistime-extra'><div class='yaxistext yaxistext-extra'>15:00\n<\/div><\/div><\/div><div id = 'time_2' name='visible_109' data-day='2' class='yaxis time_all time_2' data-time='1515' style='top: 641px; display: none;'>\n                <div class='yaxistime yaxistime-extra'>&nbsp;<\/div><\/div><div id='time_2' name='visible_110' data-day='2' class='yaxis time_all time_2' data-time='1530' style='top: 661px; display: none;'>\n                <div class='yaxistime yaxistime-extra half-hour'><div class='yaxistext-minor yaxistext-minor-extra'>15:30\n<\/div><\/div><\/div><div id = 'time_2' name='visible_111' data-day='2' class='yaxis time_all time_2' data-time='1545' style='top: 681px; display: none;'>\n                <div class='yaxistime yaxistime-extra'>&nbsp;<\/div><\/div><div id='time_2' name='visible_112' data-day='2' class='yaxis major time_all time_2  data-time='1600' style='top: 701px; display: none;'>\n                <div class='yaxistime yaxistime-extra'><div class='yaxistext yaxistext-extra'>16:00\n<\/div><\/div><\/div><div id = 'time_2' name='visible_113' data-day='2' class='yaxis time_all time_2' data-time='1615' style='top: 721px; display: none;'>\n                <div class='yaxistime yaxistime-extra'>&nbsp;<\/div><\/div><div id='time_2' name='visible_114' data-day='2' class='yaxis time_all time_2' data-time='1630' style='top: 741px; display: none;'>\n                <div class='yaxistime yaxistime-extra half-hour'><div class='yaxistext-minor yaxistext-minor-extra'>16:30\n<\/div><\/div><\/div><div id = 'time_2' name='visible_115' data-day='2' class='yaxis time_all time_2' data-time='1645' style='top: 761px; display: none;'>\n                <div class='yaxistime yaxistime-extra'>&nbsp;<\/div><\/div><div id='time_2' name='visible_116' data-day='2' class='yaxis major time_all time_2  data-time='1700' style='top: 781px; display: none;'>\n                <div class='yaxistime yaxistime-extra'><div class='yaxistext yaxistext-extra'>17:00\n<\/div><\/div><\/div><div id = 'time_2' name='visible_117' data-day='2' class='yaxis time_all time_2' data-time='1715' style='top: 801px; display: none;'>\n                <div class='yaxistime yaxistime-extra'>&nbsp;<\/div><\/div><div id='time_2' name='visible_118' data-day='2' class='yaxis time_all time_2' data-time='1730' style='top: 821px; display: none;'>\n                <div class='yaxistime yaxistime-extra half-hour'><div class='yaxistext-minor yaxistext-minor-extra'>17:30\n<\/div><\/div><\/div><div id='time_3' name='visible_119' data-day='3' class='yaxis major time_all time_3  data-time='0800' style='top: 61px; display: none;'>\n                <div class='yaxistime yaxistime-extra'><div class='yaxistext yaxistext-extra'>08:00\n<\/div><\/div><\/div><div id = 'time_3' name='visible_120' data-day='3' class='yaxis time_all time_3' data-time='0815' style='top: 81px; display: none;'>\n                <div class='yaxistime yaxistime-extra'>&nbsp;<\/div><\/div><div id='time_3' name='visible_121' data-day='3' class='yaxis time_all time_3' data-time='0830' style='top: 101px; display: none;'>\n                <div class='yaxistime yaxistime-extra half-hour'><div class='yaxistext-minor yaxistext-minor-extra'>08:30\n<\/div><\/div><\/div><div id = 'time_3' name='visible_122' data-day='3' class='yaxis time_all time_3' data-time='0845' style='top: 121px; display: none;'>\n                <div class='yaxistime yaxistime-extra'>&nbsp;<\/div><\/div><div id='time_3' name='visible_123' data-day='3' class='yaxis major time_all time_3  data-time='0900' style='top: 141px; display: none;'>\n                <div class='yaxistime yaxistime-extra'><div class='yaxistext yaxistext-extra'>09:00\n<\/div><\/div><\/div><div id = 'time_3' name='visible_124' data-day='3' class='yaxis time_all time_3' data-time='0915' style='top: 161px; display: none;'>\n                <div class='yaxistime yaxistime-extra'>&nbsp;<\/div><\/div><div id='time_3' name='visible_125' data-day='3' class='yaxis time_all time_3' data-time='0930' style='top: 181px; display: none;'>\n                <div class='yaxistime yaxistime-extra half-hour'><div class='yaxistext-minor yaxistext-minor-extra'>09:30\n<\/div><\/div><\/div><div id = 'time_3' name='visible_126' data-day='3' class='yaxis time_all time_3' data-time='0945' style='top: 201px; display: none;'>\n                <div class='yaxistime yaxistime-extra'>&nbsp;<\/div><\/div><div id='time_3' name='visible_127' data-day='3' class='yaxis major time_all time_3  data-time='1000' style='top: 221px; display: none;'>\n                <div class='yaxistime yaxistime-extra'><div class='yaxistext yaxistext-extra'>10:00\n<\/div><\/div><\/div><div id = 'time_3' name='visible_128' data-day='3' class='yaxis time_all time_3' data-time='1015' style='top: 241px; display: none;'>\n                <div class='yaxistime yaxistime-extra'>&nbsp;<\/div><\/div><div id='time_3' name='visible_129' data-day='3' class='yaxis time_all time_3' data-time='1030' style='top: 261px; display: none;'>\n                <div class='yaxistime yaxistime-extra half-hour'><div class='yaxistext-minor yaxistext-minor-extra'>10:30\n<\/div><\/div><\/div><div id = 'time_3' name='visible_130' data-day='3' class='yaxis time_all time_3' data-time='1045' style='top: 281px; display: none;'>\n                <div class='yaxistime yaxistime-extra'>&nbsp;<\/div><\/div><div id='time_3' name='visible_131' data-day='3' class='yaxis major time_all time_3  data-time='1100' style='top: 301px; display: none;'>\n                <div class='yaxistime yaxistime-extra'><div class='yaxistext yaxistext-extra'>11:00\n<\/div><\/div><\/div><div id = 'time_3' name='visible_132' data-day='3' class='yaxis time_all time_3' data-time='1115' style='top: 321px; display: none;'>\n                <div class='yaxistime yaxistime-extra'>&nbsp;<\/div><\/div><div id='time_3' name='visible_133' data-day='3' class='yaxis time_all time_3' data-time='1130' style='top: 341px; display: none;'>\n                <div class='yaxistime yaxistime-extra half-hour'><div class='yaxistext-minor yaxistext-minor-extra'>11:30\n<\/div><\/div><\/div><div id = 'time_3' name='visible_134' data-day='3' class='yaxis time_all time_3' data-time='1145' style='top: 361px; display: none;'>\n                <div class='yaxistime yaxistime-extra'>&nbsp;<\/div><\/div><div id='time_3' name='visible_135' data-day='3' class='yaxis major time_all time_3  data-time='1200' style='top: 381px; display: none;'>\n                <div class='yaxistime yaxistime-extra'><div class='yaxistext yaxistext-extra'>12:00\n<\/div><\/div><\/div>\n          <div class=\"event \"\n            data-id=\"1017\"\n            data-project=\"project_276_2017_03_27\"\n            data-title=\"SFMR - Introduktion iGuide\"\n            data-abs-nbr=\"\"\n            data-ystart=\"8.5\"\n            data-yend=\"10\"\n            data-time=\"08:30-10:00\"\n            data-room=\"12\"\n            data-room-id=\"1013\"\n            data-room-name=\"Pressl\u00e4ktaren\"\n            data-day=\"0\"\n            data-abs-path=\"\"\n            data-speaker=\"Stefan  Thunberg; Anders Frank; Marcel Wassink; Henriettae St\u00e5hlbrandt; Lars Lindeberg; Mats Osbeck\"\n            data-speakercell=\"Stefan  Thunberg; Anders Frank; Marcel Wassink; Henriettae St\u00e5hlbrandt; Lars Lindeberg; Mats Osbeck\"\n            data-info=\"&lt;b&gt;Moderatorer: &lt;\/b&gt;Stefan  Thunberg&lt;br&gt;&lt;br&gt; \n                 &lt;p&gt;iGuide 12\/9 kl. 8:30 \u2013 10:00&amp;nbsp;&lt;br&gt;&lt;\/p&gt; \n                 &lt;p&gt;Introduktion iGuide \u2013 remittentriktlinjer f\u00f6r r\u00f6ntgen. &lt;br&gt;Vad \u00e4r iGuide, och varf\u00f6r beh\u00f6ver vi det? &lt;br&gt;Moderator: Stefan Thunberg , SSM (Str\u00e5ls\u00e4kerhetsmyndigheten) &lt;br&gt;&lt;br&gt;F\u00f6rel\u00e4sare: &lt;br&gt;8.30-8.35 Stefan Thunberg, SSM- Introduktion &lt;br&gt;8.35-8.50 Anders Frank, SSM \u2013 om \u00f6kad anv\u00e4ndning av str\u00e5lande r\u00f6ntgenunders\u00f6kningar och lagkrav p\u00e5 remittentriktlinjer &lt;br&gt;8.50-9.05 Marcel Wassink, NDSC \u2013 introduktion av iGuide (p\u00e5 engelska) &lt;br&gt;9.05-9.20 Henriett\u00e6 St\u00e5hlbrandt och Lars Lindeberg \u2013 om iGuidepilot i Region J\u00f6nk\u00f6pings l\u00e4n &lt;br&gt;9.20-9.40 Mats Osbeck, prim\u00e4rv\u00e5rdsl\u00e4kare \u2013 hur fungerar iGuide f\u00f6r oss kliniker? &lt;br&gt;9.40-10.00 Diskussion&lt;br&gt;&lt;\/p&gt; \n                &lt;br&gt;&lt;br&gt;\"\n            data-category=\"SFMR - Svensk F\u00f6rening f\u00f6r Medicinsk Radiologi\"\n            data-category-ids=\"1004\"\n            data-span-all=\"\"\n                      >\n\n            <div class=\"event_content\">\n              <div class=\"title\">\n                                <span>SFMR - Introduktion iGuide<\/span>\n              <\/div>\n              <div class=\"span_room\"><span><\/span><\/div>\n              <div class=\"time\">\n                <span>\n                  08:30-10:00                <\/span><\/div>\n\n              <div class=\"lecturer\"><span>Stefan  Thunberg; Anders Frank; Marcel Wassink; Henriettae St\u00e5hlbrandt; Lars Lindeberg; Mats Osbeck<\/span><\/div>\n            <\/div>\n\n\n                                <div style=\"background-color:#0099FF; position: absolute !important ; height: 4px !important; left: 4px; right: 4px; bottom : 2px !important;  border\"><\/div>\n            \n          <\/div>\n\n      \n          <div class=\"event \"\n            data-id=\"1013\"\n            data-project=\"project_276_2017_03_27\"\n            data-title=\"SFR - Interprofessionell samverkan kring optimeringsarbete\"\n            data-abs-nbr=\"\"\n            data-ystart=\"8.5\"\n            data-yend=\"10\"\n            data-time=\"08:30-10:00\"\n            data-room=\"8\"\n            data-room-id=\"1009\"\n            data-room-name=\"Sonaten\"\n            data-day=\"0\"\n            data-abs-path=\"\"\n            data-speaker=\"Bharti  Kataria; Tuva \u00d6hman; Jenny \u00d6man\"\n            data-speakercell=\"Bharti  Kataria; Tuva \u00d6hman; Jenny \u00d6man\"\n            data-info=\"&lt;b&gt;Moderatorer: &lt;\/b&gt;Adil Adelouni&lt;br&gt;&lt;br&gt; \n                 &lt;p&gt;&lt;span style=&quot;font-weight: bold;&quot;&gt;Interprofessionell samverkan kring optimeringsarbete&lt;\/span&gt;&lt;br&gt;&lt;br&gt;R\u00f6ntgendiagnostik \u00e4r navet i h\u00e4lso- och sjukv\u00e5rden och det inneb\u00e4r att joniserande str\u00e5lning anv\u00e4nds i allt st\u00f6rre utstr\u00e4ckning f\u00f6r att st\u00e4lla en diagnos. De senaste decennierna har antalet r\u00f6ntgenunders\u00f6kningar \u00f6kat tack vare den tekniska utvecklingen, vilket har medf\u00f6rt en \u00f6kad bestr\u00e5lning av befolkningen och associerade risker. I en del fall kan dessa doser vara h\u00f6gre \u00e4n n\u00f6dv\u00e4ndig f\u00f6r diagnos och de varierar dessutom mellan institutioner. De tre grundprinciperna inom str\u00e5lskydd \u00e4r ber\u00e4ttigande, optimering och begr\u00e4nsning. Optimeringsarbetet \u00e4r en viktig del av all r\u00f6ntgenverksamhet f\u00f6r att garantera s\u00e4kerheten f\u00f6r v\u00e5ra patienter f\u00f6r att anv\u00e4nda minsta m\u00f6jliga dos, men samtidigt s\u00e4kerst\u00e4lla att den \u00f6nskade diagnostiska informationen erh\u00e5lls. Det \u00e4r en process som kr\u00e4ver samarbete \u00f6ver professionsgr\u00e4nser. Institutioner beh\u00f6ver bed\u00f6ma doser, j\u00e4mf\u00f6ra diagnostiska referensv\u00e4rden (b\u00e5de interna och externa) och utveckla strategier f\u00f6r att uppn\u00e5 rimliga dosniv\u00e5er f\u00f6r samtliga unders\u00f6kningar. Har vi i Region \u00d6sterg\u00f6tland uppn\u00e5tt det? V\u00e4lkomna in till en demonstration av det interprofessionella samarbetet kring optimeringen i \u00d6sterg\u00f6tland&lt;br&gt;&lt;\/p&gt; \n                &lt;br&gt;&lt;br&gt;\"\n            data-category=\"SFR - Svensk F\u00f6rening f\u00f6r R\u00f6ntgensjuksk\u00f6terskor\"\n            data-category-ids=\"1007\"\n            data-span-all=\"\"\n                      >\n\n            <div class=\"event_content\">\n              <div class=\"title\">\n                                <span>SFR - Interprofessionell samverkan kring optimeringsarbete<\/span>\n              <\/div>\n              <div class=\"span_room\"><span><\/span><\/div>\n              <div class=\"time\">\n                <span>\n                  08:30-10:00                <\/span><\/div>\n\n              <div class=\"lecturer\"><span>Bharti  Kataria; Tuva \u00d6hman; Jenny \u00d6man<\/span><\/div>\n            <\/div>\n\n\n                                <div style=\"background-color:#33CC66; position: absolute !important ; height: 4px !important; left: 4px; right: 4px; bottom : 2px !important;  border\"><\/div>\n            \n          <\/div>\n\n      \n          <div class=\"event \"\n            data-id=\"1015\"\n            data-project=\"project_276_2017_03_27\"\n            data-title=\"ST-kurs Ultraljud SFMU\"\n            data-abs-nbr=\"\"\n            data-ystart=\"8.5\"\n            data-yend=\"12\"\n            data-time=\"08:30-12:00\"\n            data-room=\"2\"\n            data-room-id=\"1005\"\n            data-room-name=\"Backstage\"\n            data-day=\"0\"\n            data-abs-path=\"\"\n            data-speaker=\"\"\n            data-speakercell=\"\"\n            data-info=\" \n                 &lt;p&gt;Basal ST-kurs i ultraljudsv\u00e4gledda punktioner Svensk F\u00f6rening f\u00f6r Medicinsk Ultraljudsdiagnostik h\u00e5ller \u00e5ter en kurs i basal punktionsteknik f\u00f6r ST-l\u00e4kare - men f\u00f6rmiddagens f\u00f6rel\u00e4sningar \u00e4r \u00f6ppna f\u00f6r alla, s\u00e5 \u00e4ldre kollegor som kanske k\u00e4nner sig ringrostiga och i behov av en &quot;refresher course&quot; \u00e4r ocks\u00e5 varmt v\u00e4lkomna. Teoretiskt genomg\u00e5ng p\u00e5 f\u00f6rmiddagen om vad man b\u00f6r t\u00e4nka p\u00e5 vid alla olika typer av ultraljudsv\u00e4gledda punktioner som f\u00f6rekommer p\u00e5 r\u00f6ntgen, samt genomg\u00e5ng i hur man kan tr\u00e4na tekniken sj\u00e4lv p\u00e5 hemmaplan. Eftermiddagens praktiska \u00f6vningar \u00e4r dock till f\u00f6r de som antagits p\u00e5 ST-kursen (och endast de kommer f\u00e5 kursintyg). &lt;br&gt;&lt;br&gt;kl 8.30-9.15 Introduktion + biopsi i parenkymat\u00f6sa organ (med fast vinkel). Dr Sara Sehlstedt, \u00d6verl\u00e4kare R\u00f6ntgenavd, \u00d6stersunds Sjukhus &lt;br&gt;&lt;br&gt;kl 9.15-10.00 Br\u00f6stpunktioner och frihandsteknik. Dr Tryggve Eriksson, \u00d6verl\u00e4kare, Mammografiavd \u00d6stersunds Sjukhus kl &lt;br&gt;&lt;br&gt;10.30-11.15: Ultraljudsv\u00e4gledda dr\u00e4nage: pleura, ascites och abcesser. Dr Jesper Danielsson, \u00d6verl\u00e4kare, Capio St G\u00f6rans Sjukhus &lt;br&gt;&lt;br&gt;11.15-12.00 : Demonstration av punktions\u00f6vningar, inf\u00f6r eftermiddagens praktiska moment (samtliga f\u00f6rel\u00e4sare). &lt;br&gt;&lt;br&gt;kl 13.30-16.30 (??) Hela eftermiddagen \u00e4gnas \u00e5t praktiska \u00f6vningar med ultraljud p\u00e5 preparat i sm\u00e5grupper, med handledare fr\u00e5n SFMU. Endast f\u00f6r de som antagits p\u00e5 STkursen. Gruppindelning sker under f\u00f6rmiddagen.&lt;br&gt;&lt;\/p&gt; \n                &lt;br&gt;&lt;br&gt;\"\n            data-category=\"ST-kurser \/ Ungt forum\"\n            data-category-ids=\"1005\"\n            data-span-all=\"\"\n                      >\n\n            <div class=\"event_content\">\n              <div class=\"title\">\n                                <span>ST-kurs Ultraljud SFMU<\/span>\n              <\/div>\n              <div class=\"span_room\"><span><\/span><\/div>\n              <div class=\"time\">\n                <span>\n                  08:30-12:00                <\/span><\/div>\n\n              \n            <\/div>\n\n\n                                <div style=\"background-color:#99FFFF; position: absolute !important ; height: 4px !important; left: 4px; right: 4px; bottom : 2px !important;  border\"><\/div>\n            \n          <\/div>\n\n      \n          <div class=\"event \"\n            data-id=\"1014\"\n            data-project=\"project_276_2017_03_27\"\n            data-title=\"Sponsorer: Framtidens CT-detektorer\"\n            data-abs-nbr=\"\"\n            data-ystart=\"8.5\"\n            data-yend=\"10\"\n            data-time=\"08:30-10:00\"\n            data-room=\"9\"\n            data-room-id=\"1010\"\n            data-room-name=\"Operetten\"\n            data-day=\"0\"\n            data-abs-path=\"\"\n            data-speaker=\"Mats  Danielsson\"\n            data-speakercell=\"Mats  Danielsson\"\n            data-info=\" \n                 &lt;p&gt;09.15 - 10.00 GE Healthcare: Framtidens CT-detektorer&lt;\/p&gt; \n                &lt;br&gt;&lt;br&gt;\"\n            data-category=\"Sponsorer\"\n            data-category-ids=\"1014\"\n            data-span-all=\"\"\n                      >\n\n            <div class=\"event_content\">\n              <div class=\"title\">\n                                <span>Sponsorer: Framtidens CT-detektorer<\/span>\n              <\/div>\n              <div class=\"span_room\"><span><\/span><\/div>\n              <div class=\"time\">\n                <span>\n                  08:30-10:00                <\/span><\/div>\n\n              <div class=\"lecturer\"><span>Mats  Danielsson<\/span><\/div>\n            <\/div>\n\n\n                                <div style=\"background-color:#CC33FF; position: absolute !important ; height: 4px !important; left: 4px; right: 4px; bottom : 2px !important;  border\"><\/div>\n            \n          <\/div>\n\n      \n          <div class=\"event \"\n            data-id=\"1022\"\n            data-project=\"project_276_2017_03_27\"\n            data-title=\"RAM-kurs\"\n            data-abs-nbr=\"\"\n            data-ystart=\"8.5\"\n            data-yend=\"10\"\n            data-time=\"08:30-10:00\"\n            data-room=\"15\"\n            data-room-id=\"1016\"\n            data-room-name=\"Loge 5\"\n            data-day=\"0\"\n            data-abs-path=\"\"\n            data-speaker=\"Staffan Wirell; Anders von Heijne; Marcus Casselgren; Charalampos Georgiopoulos; Kada Karlsson; Joar Bj\u00f6rk\"\n            data-speakercell=\"Staffan Wirell; Anders von Heijne; Marcus Casselgren; Charalampos Georgiopoulos; Kada Karlsson; Joar Bj\u00f6rk\"\n            data-info=\"\"\n            data-category=\"RAM-kurs\"\n            data-category-ids=\"1016\"\n            data-span-all=\"\"\n                      >\n\n            <div class=\"event_content\">\n              <div class=\"title\">\n                                <span>RAM-kurs<\/span>\n              <\/div>\n              <div class=\"span_room\"><span><\/span><\/div>\n              <div class=\"time\">\n                <span>\n                  08:30-10:00                <\/span><\/div>\n\n              <div class=\"lecturer\"><span>Staffan Wirell; Anders von Heijne; Marcus Casselgren; Charalampos Georgiopoulos; Kada Karlsson; Joar Bj\u00f6rk<\/span><\/div>\n            <\/div>\n\n\n                                <div style=\"background-color:#66FFCC; position: absolute !important ; height: 4px !important; left: 4px; right: 4px; bottom : 2px !important;  border\"><\/div>\n            \n          <\/div>\n\n      \n          <div class=\"event \"\n            data-id=\"1016\"\n            data-project=\"project_276_2017_03_27\"\n            data-title=\"ST-kurs Radiofysik - Specialistkurs: Str\u00e5lningsdosimetri vid r\u00f6ntgendiagnostik och interventionell radiologi\"\n            data-abs-nbr=\"\"\n            data-ystart=\"8.5\"\n            data-yend=\"16.75\"\n            data-time=\"08:30-16:45\"\n            data-room=\"10\"\n            data-room-id=\"1011\"\n            data-room-name=\"Duetten\"\n            data-day=\"0\"\n            data-abs-path=\"\"\n            data-speaker=\"\"\n            data-speakercell=\"\"\n            data-info=\" \n                 &lt;p&gt;Kursm\u00e5l: &lt;br&gt;Kursens \u00f6vergripande m\u00e5l \u00e4r att deltagarna ska f\u00e5 en f\u00f6rdjupad f\u00f6rm\u00e5ga att m\u00e4ta och analysera patient-, personal- och organstr\u00e5ldoser och f\u00e5 en b\u00e4ttre f\u00f6rst\u00e5else f\u00f6r de dosimetriska utmaningarna f\u00f6rknippade med moderna radiologiska system. Kursen syftar ocks\u00e5 till att f\u00e5 en f\u00f6rdjupad f\u00f6rst\u00e5else f\u00f6r dosimeterkalibrering och uppskattning av m\u00e4tos\u00e4kerhet enligt GUM. Denna kunskap kan inte till fullo tillgodoses inom ramen f\u00f6r den grundl\u00e4ggande utbildningen av sjukhusfysiker. &lt;br&gt;&lt;br&gt;M\u00e5lgrupp: Legitimerade sjukhusfysiker och sjukhusfysiker under ST-utbildning. Kursen rekommenderas till sjukhusfysiker som deltar i CPD programmet. Kursen kan ges som forskarutbildningskurs inom medicinsk radiofysik\/str\u00e5lningsfysik d\u00e5 med f\u00f6rdjupningsuppgift som beslutas i samr\u00e5d med examinator. &lt;br&gt;&lt;br&gt;&lt;\/p&gt; \n                 &lt;ul&gt; \n                  &lt;li&gt;Kursinneh\u00e5ll: Kursen omfattar dosimetri vid r\u00f6ntgenunders\u00f6kningar s\u00e5 som radiografi, konstr\u00e5le-CT, mammografi, datortomografi samt radiologisk intervention. Os\u00e4kerhetsuppskattningar av organstr\u00e5ldoser, kalibrering och utveckling av dosimetrar f\u00f6r uppskattning av patient- och personaldoser ing\u00e5r ocks\u00e5. Kursen har f\u00f6rel\u00e4sningar inom dessa omr\u00e5den: &lt;br&gt;\u00b7 Dosimetri vid mammografi inklusive br\u00f6sttomosyntes &lt;br&gt;\u00b7 Kalibrering av kerma-area produktm\u00e4tare och solid state detektorer &lt;br&gt;\u00b7 Os\u00e4kerhetsuppskattningar enligt GUM &lt;br&gt;\u00b7 Dosimetri vid datortomografi med breda str\u00e5lf\u00e4lt &lt;br&gt;\u00b7 Dosimetri vid radiologisk intervention &lt;br&gt;\u00b7 Dosimetri vid konstr\u00e5le-CT vid odontologisk radiologi &lt;br&gt;\u00b7 Gr\u00e4nsskiktsdosimetri &lt;br&gt;\u00b7 Kalibrering av dosimetrar och sp\u00e5rbarhet av dosimetriska storheter &lt;br&gt;&lt;br&gt;Rekommenderade f\u00f6rberedelser: Det \u00e4r \u00f6nskv\u00e4rt du som deltagare i f\u00f6rv\u00e4g har reflekterat \u00f6ver vilka omr\u00e5de som du beh\u00f6ver utvecklas inom. Om du l\u00e4ser kursen som forskarutbildningskurs b\u00f6r du innan kursstart ha definierat en f\u00f6rdjupningsuppgift.&amp;nbsp;&lt;br&gt;&lt;\/li&gt; \n                 &lt;\/ul&gt; \n                 &lt;br&gt;Examinator: michael.sandborg@regionostergotland.se \n                 &lt;br&gt; \n                 &lt;p&gt;&lt;\/p&gt; \n                &lt;br&gt;&lt;br&gt;\"\n            data-category=\"ST-kurser \/ Ungt forum\"\n            data-category-ids=\"1005\"\n            data-span-all=\"\"\n                      >\n\n            <div class=\"event_content\">\n              <div class=\"title\">\n                                <span>ST-kurs Radiofysik - Specialistkurs: Str\u00e5lningsdosimetri vid r\u00f6ntgendiagnostik och interventionell radiologi<\/span>\n              <\/div>\n              <div class=\"span_room\"><span><\/span><\/div>\n              <div class=\"time\">\n                <span>\n                  08:30-16:45                <\/span><\/div>\n\n              \n            <\/div>\n\n\n                                <div style=\"background-color:#99FFFF; position: absolute !important ; height: 4px !important; left: 4px; right: 4px; bottom : 2px !important;  border\"><\/div>\n            \n          <\/div>\n\n      \n          <div class=\"event \"\n            data-id=\"1031\"\n            data-project=\"project_276_2017_03_27\"\n            data-title=\"SFMR - Utbildningsutskottet\"\n            data-abs-nbr=\"\"\n            data-ystart=\"8.5\"\n            data-yend=\"10\"\n            data-time=\"08:30-10:00\"\n            data-room=\"11\"\n            data-room-id=\"1012\"\n            data-room-name=\"Solot\"\n            data-day=\"0\"\n            data-abs-path=\"\"\n            data-speaker=\"Katrine  Riklund; Ola Kvist; Mattias Bjarneg\u00e5rd\"\n            data-speakercell=\"Katrine  Riklund; Ola Kvist; Mattias Bjarneg\u00e5rd\"\n            data-info=\"&lt;b&gt;Moderatorer: &lt;\/b&gt;Mattias Bjarneg\u00e5rd&lt;br&gt;&lt;br&gt; \n                 &lt;p&gt;-Presentation av Utbildningsutskottet&lt;\/p&gt;&lt;p&gt;-Nytt om SPUR&lt;br&gt;&lt;\/p&gt;&lt;p&gt;-Nytt och nyttigt om EDiR \u2013 European Diploma in Radiology.&lt;br&gt;&lt;\/p&gt; \n                &lt;br&gt;&lt;br&gt;\"\n            data-category=\"SFMR - Svensk F\u00f6rening f\u00f6r Medicinsk Radiologi\"\n            data-category-ids=\"1004\"\n            data-span-all=\"\"\n                      >\n\n            <div class=\"event_content\">\n              <div class=\"title\">\n                                <span>SFMR - Utbildningsutskottet<\/span>\n              <\/div>\n              <div class=\"span_room\"><span><\/span><\/div>\n              <div class=\"time\">\n                <span>\n                  08:30-10:00                <\/span><\/div>\n\n              <div class=\"lecturer\"><span>Katrine  Riklund; Ola Kvist; Mattias Bjarneg\u00e5rd<\/span><\/div>\n            <\/div>\n\n\n                                <div style=\"background-color:#0099FF; position: absolute !important ; height: 4px !important; left: 4px; right: 4px; bottom : 2px !important;  border\"><\/div>\n            \n          <\/div>\n\n      \n          <div class=\"event \"\n            data-id=\"1020\"\n            data-project=\"project_276_2017_03_27\"\n            data-title=\"Ultraljudsf\u00f6reningen, Hands-on workshop\"\n            data-abs-nbr=\"\"\n            data-ystart=\"8.5\"\n            data-yend=\"10\"\n            data-time=\"08:30-10:00\"\n            data-room=\"14\"\n            data-room-id=\"1015\"\n            data-room-name=\"Loge 6\"\n            data-day=\"0\"\n            data-abs-path=\"\"\n            data-speaker=\"\"\n            data-speakercell=\"\"\n            data-info=\"\n                 &lt;p&gt;Workshops, handson och demonstrationer av ultraljud&lt;\/p&gt;\n                 &lt;p&gt;&lt;i&gt;Okej, vi erk\u00e4nner \u2013 vi \u00e4r ett g\u00e4ng ultraljudsn\u00f6rdar som \u00e5terstartat SFMU. P\u00e5 R\u00f6ntgenveckan hittar vi ocks\u00e5 de allra senaste ultraljudsmaskinerna, det \u00e4r rena julaftonen!&lt;br&gt;&lt;\/i&gt;&lt;i&gt;F\u00f6r att sprida v\u00e5r entusiasm \u00f6ver ultraljud har vi sessioner i Loge 4+6 p\u00e5 R\u00f6ntgenveckan, d\u00e4r vi kan tr\u00e4na ultraljud p\u00e5 riktigt. H\u00e4ng p\u00e5 n\u00e4r vi visar upp v\u00e5ra favoritunders\u00f6kningar!&lt;br&gt;&lt;\/i&gt;&lt;i&gt;OBS- ingen bokning, f\u00f6rst till kvarn g\u00e4ller ... V\u00e4lkomna!&lt;\/i&gt;&lt;\/p&gt;\n                 &lt;p&gt;&lt;i&gt;Bli medlem? &amp;nbsp;Maila: sfmu.sfmu@gmail.com&lt;br&gt;&lt;\/i&gt;&lt;\/p&gt;\n                 &lt;p&gt;&lt;b&gt;Tisdag 12 sept:&lt;\/b&gt;&lt;\/p&gt;\n                 &lt;p&gt;&lt;b&gt;Kl 12.45-13.30: Muskuloskeletalt ultraljud, ffa axlar.&amp;nbsp;&amp;nbsp;&lt;\/b&gt;Dr Laszlo Toth, Hudiksvalls Sjukhus&lt;\/p&gt;\n                 &lt;p&gt;&lt;\/p&gt;\n                 &lt;p&gt;&lt;b&gt;Kl 13.30-16.45 Biopsitr\u00e4ning p\u00e5 preparat\u2013 enbart f\u00f6r deltagare p\u00e5 ST-kurs i ultraljudsv\u00e4gledda punktioner.&lt;br&gt;&lt;br&gt;&lt;\/b&gt;&lt;\/p&gt;\n                 &lt;p&gt;&lt;b&gt;Onsdag 13 sept:&lt;\/b&gt;&lt;\/p&gt;\n                 &lt;p&gt;&lt;b&gt;Kl 8.30-9.45: \u201dAkut ultraljud \u2013 EFAST, POCUS, och annat man g\u00f6r p\u00e5 akutrummet\u2026\u201d&amp;nbsp;&lt;\/b&gt;Dr Jesper Danielsson, St G\u00f6rans Sjukhus&lt;\/p&gt;\n                 &lt;p&gt;&lt;b&gt;Kl 8.30-9.45: \u201dLeverelastografi, demo och hands-on&lt;\/b&gt;\u201d. Sonograf Marie Byenfeldt, \u00d6stersunds Sjukhus.&lt;\/p&gt;\n                 &lt;p&gt;&lt;b&gt;Kl 10.00-11.00: \u00c5rsm\u00f6te SFMU&lt;\/b&gt;&lt;\/p&gt;\n                 &lt;p&gt;&lt;b&gt;Kl 11.00-12.15 : \u201dFria fl\u00f6den? Doppler av perifera och centrala blodk\u00e4rl\u201d.&amp;nbsp;&lt;\/b&gt;&amp;nbsp;Dr Kristina Dahlstr\u00f6m, Faluns Sjukhus&lt;b&gt;&lt;\/b&gt;&lt;\/p&gt;\n                 &lt;p&gt;&lt;b&gt;Kl 11.00-12.15: : \u201dMuskuloskeletalt ultraljud, ffa axlar\u201d.&amp;nbsp;&lt;\/b&gt;Dr Laszlo Toth, Hudiksvalls Sjukhus&lt;b&gt;&lt;\/b&gt;&lt;\/p&gt;\n                 &lt;p&gt;&lt;b&gt;13.30-14.45: \u201dBiopsitr\u00e4ning \u2013 ultraljudsv\u00e4gledda punktioner, demonstration och praktisk \u00f6vning p\u00e5 preparat\u201d.&lt;\/b&gt;&amp;nbsp;Dr Stefan H\u00f6rnlund, Sundsvalls sjukhus&lt;\/p&gt;\n                 &lt;p&gt;&lt;b&gt;13.30-14.45 \u201dSonograf? Prova-p\u00e5-ultraljud f\u00f6r nyfikna r\u00f6ntgensjuksk\u00f6terskor\u201d.&lt;\/b&gt;&amp;nbsp;Sonograf Karin Asplund, Astrid Lindgrens Barnsjukhus&lt;\/p&gt;\n                 &lt;p&gt;&lt;b&gt;Kl 15.45-16.45: \u201dFusion av MR-buk och ultraljud, demonstration live och praktisk&amp;nbsp;&lt;\/b&gt;\u00f6vning\u201d.&amp;nbsp;&amp;nbsp; Dr Sara Sehlstedt, \u00d6stersunds Sjukhus&lt;\/p&gt;\n                 &lt;p&gt;&lt;b&gt;Kl 15.45-16.45&lt;\/b&gt;:&amp;nbsp;&lt;b&gt;\u201dSonograf? Prova-p\u00e5-ultraljud f\u00f6r nyfikna r\u00f6ntgensjuksk\u00f6terskor\u201d.&amp;nbsp;&lt;\/b&gt;Sonograf Maria Zetterman, Astrid Lindgrens Barnsjukhus&lt;br&gt;&lt;br&gt;Torsdag 14 sept.&lt;\/p&gt;\n                 &lt;p&gt;&lt;b&gt;Kl 9.50-10.45: &amp;nbsp;\u201dUltraljudsv\u00e4gledda biopsier, demo och praktisk \u00f6vning p\u00e5 preparat\u201d.&amp;nbsp;&amp;nbsp;&lt;\/b&gt;Dr Stefan H\u00f6rnlund, Sundsvalls Sjukhus.&lt;\/p&gt;\n                 &lt;p&gt;&lt;b&gt;Kl 13.30-15.00: \u201dMuskuloskeletalt ultraljud,&amp;nbsp; fr\u00e4mst \u00f6vre extremitet\u201d.&lt;\/b&gt;&amp;nbsp;Dr David Wilson och Dr Gina Allen, Oxford samt Dr Magnus Hjelm, G\u00e4vle Sjukhus och Dr Johan Krause, Uppsala Akademiska Sjukhus.&lt;\/p&gt;\n                 &lt;p&gt;&lt;b&gt;Kl 15.45-16.45:&lt;\/b&gt;&amp;nbsp;&lt;b&gt;\u201dMuskuloskeletalt ultraljud,&amp;nbsp; fr\u00e4mst nedre extremitet\u201d.&lt;\/b&gt;&amp;nbsp;Dr David Wilson och Dr Gina Allen, Oxford samt Dr Magnus Hjelm, G\u00e4vle Sjukhus och Dr Johan Krause, Uppsala Akademiska Sjukhus&lt;b&gt;&lt;\/b&gt;&lt;\/p&gt;\n                 &lt;p&gt;&lt;i&gt;&lt;br&gt;&lt;\/i&gt;&lt;\/p&gt;\n                &lt;br&gt;&lt;br&gt;\"\n            data-category=\"Ultraljudsf\u00f6reningens hands-on\"\n            data-category-ids=\"1015\"\n            data-span-all=\"\"\n                      >\n\n            <div class=\"event_content\">\n              <div class=\"title\">\n                                <span>Ultraljudsf\u00f6reningen, Hands-on workshop<\/span>\n              <\/div>\n              <div class=\"span_room\"><span><\/span><\/div>\n              <div class=\"time\">\n                <span>\n                  08:30-10:00                <\/span><\/div>\n\n              \n            <\/div>\n\n\n                                <div style=\"background-color:#FFCCFF; position: absolute !important ; height: 4px !important; left: 4px; right: 4px; bottom : 2px !important;  border\"><\/div>\n            \n          <\/div>\n\n      \n          <div class=\"event \"\n            data-id=\"1010\"\n            data-project=\"project_276_2017_03_27\"\n            data-title=\"Temadag Neuro - &quot;Subocklusion av karotisk\u00e4rlen: L\u00e4tt att missa, l\u00e4tt att missta&quot;\"\n            data-abs-nbr=\"\"\n            data-ystart=\"8.5\"\n            data-yend=\"10\"\n            data-time=\"08:30-10:00\"\n            data-room=\"4\"\n            data-room-id=\"1004\"\n            data-room-name=\"Operan\"\n            data-day=\"0\"\n            data-abs-path=\"\"\n            data-speaker=\"Elias Johansson\"\n            data-speakercell=\"Elias Johansson\"\n            data-info=\"&lt;b&gt;Moderatorer: &lt;\/b&gt;Magnus Kaijser&lt;br&gt;&lt;br&gt; \n                 &lt;p&gt;&quot;Subocklusion av karotisk\u00e4rlen: L\u00e4tt att missa, l\u00e4tt att missta&quot;&lt;br&gt;&lt;br&gt;Elias Johansson, farmakologi och klinisk neurovetenskap, Ume\u00e5 Universitet &lt;br&gt;&lt;br&gt;Karotissubocklusion (\u201dcarotid near-occlusion\u201d) \u00e4r en mycket t\u00e4t aterosklerotisk karotisstenos; s\u00e5 t\u00e4t att art\u00e4ren distalt om stenosen minskar i storlek (\u201dkollapsar\u201d). Hos patienter med symtomatisk karotisstenos \u00e4r risken f\u00f6r \u00e5terinsjuknande h\u00f6g vid konventionell t\u00e4t stenos (utan kollaps), men mycket l\u00e4gre vid subocklusion. Operations-\/stentindikation kan avg\u00f6ras av om stenosen \u00e4r konventionell eller en subocklusion, varf\u00f6r det \u00e4r kliniskt relevant att skilja dessa tv\u00e5 tillst\u00e5nd. Det ter sig finnas en utbredd tro att subocklusion \u00e4r ovanligt och enbart avser uttalad k\u00e4rlkollaps (s\u00e5 kallad \u201dstring sign\u201d) som ses p\u00e5 angiografi och har motsvarighet med l\u00e5ga fl\u00f6deshastigheter i stenosen p\u00e5 ultraljud. Detta \u00e4r dock felaktigt, \u00e4ven m\u00e5ttliga k\u00e4rlkollaps ing\u00e5r i subocklusion. Pga av detta missf\u00f6rst\u00e5nd \u00e4r det arbetss\u00e4ttet som anv\u00e4nds i rutinsjukv\u00e5rd inte anpassat till att hitta m\u00e5ttliga kollapser. Subocklusioner missas systematiskt i rutinsjukv\u00e5rd; dels f\u00f6r att m\u00e5ttliga subocklusioner (m\u00e5ttlig kollaps) misstas f\u00f6r ingen kollaps och men \u00e4ven f\u00f6r att man kan missta mycket uttalad subocklusion f\u00f6r ocklusion. Dessutom finns det flera snarlika tillst\u00e5nd som kan misstas f\u00f6r subocklusion, s\u00e5 det finns risk f\u00f6r \u00f6verdiagnostik. &lt;br&gt;&lt;br&gt;I detta f\u00f6redrag kommer jag ber\u00e4tta vad forskningsstudier egentligen visat och vad som d\u00e4rf\u00f6r egentligen b\u00f6r ing\u00e5 i diagnosen subocklusion samt hur detta ser ut p\u00e5 angiografi och ultraljud. Fokus kommer ligga p\u00e5 demonstrationstolkningar av DT-angiografi: Jag kommer demonstrera ett systematiskt arbetss\u00e4tt f\u00f6r att skilja subocklusion fr\u00e5n snarlika tillst\u00e5nd. Detta arbetss\u00e4tt anv\u00e4ndes i de stora forskningsstudier som vi baserar v\u00e5ra kliniska beslut p\u00e5 och jag har f\u00e5tt l\u00e4ra mig arbetss\u00e4ttet i en forskningsstudie d\u00e4r jag granskat 4200 DT-angiografier tillsammans med den Kanadensiske neuroradiolog (Allan J Fox) som anv\u00e4nde det i dessa stora forskningsstudier. Detta arbetss\u00e4tt \u00e4r allts\u00e5 \u201dnytt\u201d i avseendet att det inte anv\u00e4nds i rutinsjukv\u00e5rd idag; men det \u00e4r egentligen inte alls nytt, utan n\u00e5got vi borde ha anv\u00e4nt i \u00e5rtionden, men pga missf\u00f6rst\u00e5nd kring vad som avses subocklusion s\u00e5 har vi inte gjort det.&amp;nbsp;&lt;br&gt;&lt;\/p&gt; \n                &lt;br&gt;&lt;br&gt;\"\n            data-category=\"SFMR - Delf\u00f6reningar\"\n            data-category-ids=\"1006\"\n            data-span-all=\"\"\n                      >\n\n            <div class=\"event_content\">\n              <div class=\"title\">\n                                <span>Temadag Neuro - \"Subocklusion av karotisk\u00e4rlen: L\u00e4tt att missa, l\u00e4tt att missta\"<\/span>\n              <\/div>\n              <div class=\"span_room\"><span><\/span><\/div>\n              <div class=\"time\">\n                <span>\n                  08:30-10:00                <\/span><\/div>\n\n              <div class=\"lecturer\"><span>Elias Johansson<\/span><\/div>\n            <\/div>\n\n\n                                <div style=\"background-color:#6699CC; position: absolute !important ; height: 4px !important; left: 4px; right: 4px; bottom : 2px !important;  border\"><\/div>\n            \n          <\/div>\n\n      \n          <div class=\"event \"\n            data-id=\"1009\"\n            data-project=\"project_276_2017_03_27\"\n            data-title=\"Fria f\u00f6redrag\"\n            data-abs-nbr=\"\"\n            data-ystart=\"8.5\"\n            data-yend=\"10\"\n            data-time=\"08:30-10:00\"\n            data-room=\"3\"\n            data-room-id=\"1003\"\n            data-room-name=\"Musikalen\"\n            data-day=\"0\"\n            data-abs-path=\"\"\n            data-speaker=\"Rebecca Strengbom; Cecilia Balts\u00e9n; Elin Wiberg; Aziza Adem; Sofia Wiberg; Johan Wittgren; Simon Borkmann; Nabi  Fatahi; Kaveh Shahgeldi; Hanna Lundberg\"\n            data-speakercell=\"Rebecca Strengbom; Cecilia Balts\u00e9n; Elin Wiberg; Aziza Adem; Sofia Wiberg; Johan Wittgren; Simon Borkmann; Nabi  Fatahi; Kaveh Shahgeldi; Hanna Lundberg\"\n            data-info=\"&lt;b&gt;Moderatorer: &lt;\/b&gt;Nils Dahlstr\u00f6m&lt;br&gt;&lt;br&gt;\n                 &lt;p&gt;F\u00f6redrag:&lt;\/p&gt;\n                 &lt;p&gt;Evaluation of Growth Patterns of Colorectal Liver Metastases Using&amp;nbsp;18F-FDG PET\/CT and MRI:&lt;br&gt;&lt;em&gt;Rebecca Strengbom, Ume\u00e5&lt;\/em&gt;&lt;\/p&gt;\n                 &lt;p&gt;&lt;a href=&quot;http:\/\/www.trippus.se\/eventus\/userfiles\/85864.pdf&quot;&gt;L\u00e4s mer h\u00e4r! &amp;nbsp;&amp;nbsp;&lt;\/a&gt;&lt;\/p&gt;\n                 &lt;p&gt;R\u00f6ntgensjuksk\u00f6terskans upplevelse av att arbeta med externa granskare under jourtid:&lt;br&gt;&lt;em&gt;Cecilia Balts\u00e9n &amp;amp; Elin Wiberg, J\u00f6nk\u00f6png&lt;\/em&gt;&lt;\/p&gt;\n                 &lt;p&gt;&lt;a href=&quot;http:\/\/www.trippus.se\/eventus\/userfiles\/85865.pdf&quot;&gt;L\u00e4s mer h\u00e4r! &amp;nbsp;&amp;nbsp;&lt;\/a&gt;&lt;\/p&gt;\n                 &lt;p&gt;Tredimensionell utskrift av hj\u00e4rtats f\u00f6rmaks\u00f6ra - preoperativ simulering inf\u00f6r perkutan st\u00e4ngning:&lt;br&gt;&lt;em&gt;Aziza Adem, Stockholm&lt;\/em&gt;&lt;\/p&gt;\n                 &lt;p&gt;&lt;a href=&quot;http:\/\/www.trippus.se\/eventus\/userfiles\/85867.pdf&quot;&gt;L\u00e4s mer h\u00e4r! &amp;nbsp;&amp;nbsp;&lt;\/a&gt;&lt;\/p&gt;\n                 &lt;p&gt;\u00c4rrbr\u00e5ckfrekvens detekterad med datortomografi ett \u00e5r efter \u00f6ppen kolorektalcancerkirurgi:&lt;br&gt;&lt;em&gt;Sofia Wiberg &amp;amp; Johan Wittgren, Lund&lt;\/em&gt;&lt;\/p&gt;\n                 &lt;p&gt;&lt;a href=&quot;http:\/\/www.trippus.se\/eventus\/userfiles\/85868.pdf&quot;&gt;L\u00e4s mer h\u00e4r! &amp;nbsp;&amp;nbsp;&lt;\/a&gt;&lt;\/p&gt;\n                 &lt;p&gt;F\u00f6rekomst och karakteristik av f\u00f6rbisedda njurcancertum\u00f6rer: radiologisk eftergranskning:&lt;br&gt;&lt;em&gt;Simon Borkmann, G\u00f6teborg&lt;\/em&gt;&lt;\/p&gt;\n                 &lt;p&gt;&lt;a href=&quot;http:\/\/www.trippus.se\/eventus\/userfiles\/85870.pdf&quot;&gt;L\u00e4s mer h\u00e4r! &amp;nbsp;&amp;nbsp;&lt;\/a&gt;&lt;\/p&gt;\n                 &lt;p&gt;\u00f6ntgenpersonalens upplevelse av sv\u00e5righeter och m\u00f6jligheter i den interprofessionella kommunikationen inom r\u00f6ntgenavdelningen och gentemot remitterande avdelningar:&lt;br&gt;&lt;em&gt;Nabi Fatahi, G\u00f6teborg&lt;\/em&gt;&lt;\/p&gt;\n                 &lt;p&gt;&lt;a href=&quot;http:\/\/www.trippus.se\/eventus\/userfiles\/85872.pdf&quot;&gt;L\u00e4s mer h\u00e4r! &amp;nbsp;&amp;nbsp;&lt;\/a&gt;&lt;\/p&gt;\n                 &lt;p&gt;Dose assessment of recently introduced low-dose protocol in computed tomography pelvimetry in comparison to conventional techniques:&lt;br&gt;&lt;em&gt;Kaveh Shahgeldi, G\u00e4vle&lt;\/em&gt;&lt;\/p&gt;\n                 &lt;p&gt;&lt;a href=&quot;http:\/\/www.trippus.se\/eventus\/userfiles\/85873.pdf&quot;&gt;L\u00e4s mer h\u00e4r! &amp;nbsp;&amp;nbsp;&lt;\/a&gt;&lt;\/p&gt;\n                 &lt;p&gt;Faktorer inverkande p\u00e5 tillf\u00f6rlitligheten vid anv\u00e4ndandet av kalibreringsreferens i den preoperativa h\u00f6ftr\u00f6ntgenunders\u00f6kning - ur ett r\u00f6ntgensjuksk\u00f6terskeperspektiv:&lt;br&gt;&lt;em&gt;Hanna Lundberg, Stockholm&lt;\/em&gt;&lt;\/p&gt;\n                 &lt;p&gt;&lt;a href=&quot;http:\/\/www.trippus.se\/eventus\/userfiles\/85875.pdf&quot;&gt;L\u00e4s mer h\u00e4r! &amp;nbsp;&amp;nbsp;&lt;\/a&gt;&lt;\/p&gt;\n                &lt;br&gt;&lt;br&gt;\"\n            data-category=\"Vetenskapligt program\"\n            data-category-ids=\"1002\"\n            data-span-all=\"\"\n                      >\n\n            <div class=\"event_content\">\n              <div class=\"title\">\n                                <span>Fria f\u00f6redrag<\/span>\n              <\/div>\n              <div class=\"span_room\"><span><\/span><\/div>\n              <div class=\"time\">\n                <span>\n                  08:30-10:00                <\/span><\/div>\n\n              <div class=\"lecturer\"><span>Rebecca Strengbom; Cecilia Balts\u00e9n; Elin Wiberg; Aziza Adem; Sofia Wiberg; Johan Wittgren; Simon Borkmann; Nabi  Fatahi; Kaveh Shahgeldi; Hanna Lundberg<\/span><\/div>\n            <\/div>\n\n\n                                <div style=\"background-color:#FF3333; position: absolute !important ; height: 4px !important; left: 4px; right: 4px; bottom : 2px !important;  border\"><\/div>\n            \n          <\/div>\n\n      \n          <div class=\"event \"\n            data-id=\"1019\"\n            data-project=\"project_276_2017_03_27\"\n            data-title=\"Ultraljudsf\u00f6reningen, Hands-on workshop\"\n            data-abs-nbr=\"\"\n            data-ystart=\"8.5\"\n            data-yend=\"10\"\n            data-time=\"08:30-10:00\"\n            data-room=\"13\"\n            data-room-id=\"1014\"\n            data-room-name=\"Loge 4\"\n            data-day=\"0\"\n            data-abs-path=\"\"\n            data-speaker=\"\"\n            data-speakercell=\"\"\n            data-info=\" \n                 &lt;p&gt;Workshops, handson och demonstrationer av ultraljud&lt;\/p&gt; \n                 &lt;p&gt;&lt;i&gt;Okej, vi erk\u00e4nner \u2013 vi \u00e4r ett g\u00e4ng ultraljudsn\u00f6rdar som \u00e5terstartat SFMU. P\u00e5 R\u00f6ntgenveckan hittar vi ocks\u00e5 de allra senaste ultraljudsmaskinerna, det \u00e4r rena julaftonen!&lt;br&gt;&lt;\/i&gt;&lt;i&gt;F\u00f6r att sprida v\u00e5r entusiasm \u00f6ver ultraljud har vi sessioner i Loge 4+6 p\u00e5 R\u00f6ntgenveckan, d\u00e4r vi kan tr\u00e4na ultraljud p\u00e5 riktigt. H\u00e4ng p\u00e5 n\u00e4r vi visar upp v\u00e5ra favoritunders\u00f6kningar!&lt;br&gt;&lt;\/i&gt;&lt;i&gt;OBS- ingen bokning, f\u00f6rst till kvarn g\u00e4ller ... V\u00e4lkomna!&lt;\/i&gt;&lt;\/p&gt; \n                 &lt;p&gt;&lt;i&gt;Bli medlem? &amp;nbsp;Maila: sfmu.sfmu@gmail.com&lt;br&gt;&lt;\/i&gt;&lt;\/p&gt; \n                 &lt;p&gt;&lt;b&gt;Tisdag 12 sept:&lt;\/b&gt;&lt;\/p&gt; \n                 &lt;p&gt;&lt;b&gt;Kl 12.45-13.30: Muskuloskeletalt ultraljud, ffa axlar.&amp;nbsp; &lt;\/b&gt;Dr Laszlo Toth, Hudiksvalls Sjukhus&lt;\/p&gt; \n                 &lt;p&gt; &lt;\/p&gt; \n                 &lt;p&gt;&lt;b&gt;Kl 13.30-16.45 Biopsitr\u00e4ning p\u00e5 preparat\u2013 enbart f\u00f6r deltagare p\u00e5 ST-kurs i ultraljudsv\u00e4gledda punktioner.&lt;br&gt;&lt;br&gt;&lt;\/b&gt;&lt;\/p&gt; \n                 &lt;p&gt;&lt;b&gt;Onsdag 13 sept:&lt;\/b&gt;&lt;\/p&gt; \n                 &lt;p&gt;&lt;b&gt;Kl 8.30-9.45: \u201dAkut ultraljud \u2013 EFAST, POCUS, och annat man g\u00f6r p\u00e5 akutrummet\u2026\u201d &lt;\/b&gt;Dr Jesper Danielsson, St G\u00f6rans Sjukhus&lt;\/p&gt; \n                 &lt;p&gt;&lt;b&gt;Kl 8.30-9.45: \u201dLeverelastografi, demo och hands-on&lt;\/b&gt;\u201d. Sonograf Marie Byenfeldt, \u00d6stersunds Sjukhus. &lt;\/p&gt; \n                 &lt;p&gt;&lt;b&gt;Kl 10.00-11.00: \u00c5rsm\u00f6te SFMU&lt;\/b&gt;&lt;\/p&gt; \n                 &lt;p&gt;&lt;b&gt;Kl 11.00-12.15 : \u201dFria fl\u00f6den? Doppler av perifera och centrala blodk\u00e4rl\u201d. &lt;\/b&gt;&amp;nbsp;Dr Kristina Dahlstr\u00f6m, Faluns Sjukhus&lt;b&gt;&lt;\/b&gt;&lt;\/p&gt; \n                 &lt;p&gt;&lt;b&gt;Kl 11.00-12.15: : \u201dMuskuloskeletalt ultraljud, ffa axlar\u201d. &lt;\/b&gt;Dr Laszlo Toth, Hudiksvalls Sjukhus&lt;b&gt;&lt;\/b&gt;&lt;\/p&gt; \n                 &lt;p&gt;&lt;b&gt;13.30-14.45: \u201dBiopsitr\u00e4ning \u2013 ultraljudsv\u00e4gledda punktioner, demonstration och praktisk \u00f6vning p\u00e5 preparat\u201d.&lt;\/b&gt; Dr Stefan H\u00f6rnlund, Sundsvalls sjukhus&lt;\/p&gt; \n                 &lt;p&gt;&lt;b&gt;13.30-14.45 \u201dSonograf? Prova-p\u00e5-ultraljud f\u00f6r nyfikna r\u00f6ntgensjuksk\u00f6terskor\u201d.&lt;\/b&gt; Sonograf Karin Asplund, Astrid Lindgrens Barnsjukhus&lt;\/p&gt; \n                 &lt;p&gt;&lt;b&gt;Kl 15.45-16.45: \u201dFusion av MR-buk och ultraljud, demonstration live och praktisk &lt;\/b&gt;\u00f6vning\u201d.&amp;nbsp;&amp;nbsp; Dr Sara Sehlstedt, \u00d6stersunds Sjukhus&lt;\/p&gt; \n                 &lt;p&gt;&lt;b&gt;Kl 15.45-16.45&lt;\/b&gt;: &lt;b&gt;\u201dSonograf? Prova-p\u00e5-ultraljud f\u00f6r nyfikna r\u00f6ntgensjuksk\u00f6terskor\u201d. &lt;\/b&gt;Sonograf Maria Zetterman, Astrid Lindgrens Barnsjukhus&lt;br&gt;&lt;br&gt;&lt;span style=&quot;font-weight: bold;&quot;&gt;Torsdag 14 sept.&lt;\/span&gt;&lt;\/p&gt; \n                 &lt;p&gt;&lt;b&gt;Kl 9.50-10.45: &amp;nbsp;\u201dUltraljudsv\u00e4gledda biopsier, demo och praktisk \u00f6vning p\u00e5 preparat\u201d.&amp;nbsp; &lt;\/b&gt;Dr Stefan H\u00f6rnlund, Sundsvalls Sjukhus.&lt;\/p&gt; \n                 &lt;p&gt;&lt;b&gt;Kl 13.30-15.00: \u201dMuskuloskeletalt ultraljud,&amp;nbsp; fr\u00e4mst \u00f6vre extremitet\u201d.&lt;\/b&gt; Dr David Wilson och Dr Gina Allen, Oxford samt Dr Magnus Hjelm, G\u00e4vle Sjukhus och Dr Johan Krause, Uppsala Akademiska Sjukhus. &lt;\/p&gt; \n                 &lt;p&gt;&lt;b&gt;Kl 15.45-16.45:&lt;\/b&gt; &lt;b&gt;\u201dMuskuloskeletalt ultraljud,&amp;nbsp; fr\u00e4mst nedre extremitet\u201d.&lt;\/b&gt; Dr David Wilson och Dr Gina Allen, Oxford samt Dr Magnus Hjelm, G\u00e4vle Sjukhus och Dr Johan Krause, Uppsala Akademiska Sjukhus&lt;b&gt;&lt;\/b&gt;&lt;\/p&gt; \n                 &lt;p&gt; &lt;i&gt;&lt;br&gt;&lt;br&gt;&lt;\/i&gt;&lt;\/p&gt; \n                &lt;br&gt;&lt;br&gt;\"\n            data-category=\"Ultraljudsf\u00f6reningens hands-on\"\n            data-category-ids=\"1015\"\n            data-span-all=\"\"\n                      >\n\n            <div class=\"event_content\">\n              <div class=\"title\">\n                                <span>Ultraljudsf\u00f6reningen, Hands-on workshop<\/span>\n              <\/div>\n              <div class=\"span_room\"><span><\/span><\/div>\n              <div class=\"time\">\n                <span>\n                  08:30-10:00                <\/span><\/div>\n\n              \n            <\/div>\n\n\n                                <div style=\"background-color:#FFCCFF; position: absolute !important ; height: 4px !important; left: 4px; right: 4px; bottom : 2px !important;  border\"><\/div>\n            \n          <\/div>\n\n      \n          <div class=\"event \"\n            data-id=\"1012\"\n            data-project=\"project_276_2017_03_27\"\n            data-title=\"SURF - &quot;Sm\u00e5 och stora stenar&quot;\"\n            data-abs-nbr=\"\"\n            data-ystart=\"8.5\"\n            data-yend=\"10\"\n            data-time=\"08:30-10:00\"\n            data-room=\"7\"\n            data-room-id=\"1008\"\n            data-room-name=\"Kulturen\"\n            data-day=\"0\"\n            data-abs-path=\"\"\n            data-speaker=\"Anders  Magnusson; G\u00f6ran Sahl\u00e9n; Klara Sahl\u00e9n\"\n            data-speakercell=\"Anders  Magnusson; G\u00f6ran Sahl\u00e9n; Klara Sahl\u00e9n\"\n            data-info=\"&lt;b&gt;Moderatorer: &lt;\/b&gt;Kjell Geterud&lt;br&gt;&lt;br&gt; \n                 &lt;p&gt;&lt;em&gt;Ett symposium om diagnostik, uppf\u00f6ljning och behandling av njursten.&lt;\/em&gt;&lt;br&gt;&lt;\/p&gt; \n                &lt;br&gt;&lt;br&gt;\"\n            data-category=\"SFMR - Delf\u00f6reningar\"\n            data-category-ids=\"1006\"\n            data-span-all=\"\"\n                      >\n\n            <div class=\"event_content\">\n              <div class=\"title\">\n                                <span>SURF - \"Sm\u00e5 och stora stenar\"<\/span>\n              <\/div>\n              <div class=\"span_room\"><span><\/span><\/div>\n              <div class=\"time\">\n                <span>\n                  08:30-10:00                <\/span><\/div>\n\n              <div class=\"lecturer\"><span>Anders  Magnusson; G\u00f6ran Sahl\u00e9n; Klara Sahl\u00e9n<\/span><\/div>\n            <\/div>\n\n\n                                <div style=\"background-color:#6699CC; position: absolute !important ; height: 4px !important; left: 4px; right: 4px; bottom : 2px !important;  border\"><\/div>\n            \n          <\/div>\n\n      \n          <div class=\"event \"\n            data-id=\"1178\"\n            data-project=\"project_276_2017_03_27\"\n            data-title=\"Fika &amp; Utst\u00e4llning\"\n            data-abs-nbr=\"\"\n            data-ystart=\"10\"\n            data-yend=\"10.75\"\n            data-time=\"10:00-10:45\"\n            data-room=\"0\"\n            data-room-id=\"-1\"\n            data-room-name=\"-Ej specificerad-\"\n            data-day=\"0\"\n            data-abs-path=\"\"\n            data-speaker=\"\"\n            data-speakercell=\"\"\n            data-info=\"\"\n            data-category=\"\"\n            data-category-ids=\"\"\n            data-span-all=\"\"\n                      >\n\n            <div class=\"event_content\">\n              <div class=\"title\">\n                                <span>Fika & Utst\u00e4llning<\/span>\n              <\/div>\n              <div class=\"span_room\"><span><\/span><\/div>\n              <div class=\"time\">\n                <span>\n                  10:00-10:45                <\/span><\/div>\n\n              \n            <\/div>\n\n\n            \n          <\/div>\n\n      \n          <div class=\"event \"\n            data-id=\"1029\"\n            data-project=\"project_276_2017_03_27\"\n            data-title=\"Sonografernas Workshop inkl Hands-on med Ultraljudsbaserad leverelastografi\"\n            data-abs-nbr=\"\"\n            data-ystart=\"10.75\"\n            data-yend=\"12.25\"\n            data-time=\"10:45-12:15\"\n            data-room=\"8\"\n            data-room-id=\"1009\"\n            data-room-name=\"Sonaten\"\n            data-day=\"0\"\n            data-abs-path=\"\"\n            data-speaker=\"Giovanna Ferraioli\"\n            data-speakercell=\"Giovanna Ferraioli\"\n            data-info=\"&lt;b&gt;Moderatorer: &lt;\/b&gt;Marie Byenfeldt&lt;br&gt;&lt;br&gt; \n                 &lt;p&gt;Ett gyllene tillf\u00e4lle f\u00f6r sonograferna att tr\u00e4ffas gemensamt kring ett h\u00f6gaktuellt och inspirerande \u00e4mne, med gemensam avslutande diskussion. Vid kronisk leversjukdom kan fibros, cirros och i v\u00e4rsta fall levercancer utvecklas. F\u00f6r att kunna detektera och monitorera fibros i levern och d\u00e4rmed s\u00e4tta in behandling i tid anv\u00e4nds olika metoder. \u201dGolden standard\u201d metoden leverbiopsi ers\u00e4tts allt frekventare med den non-invasiva och ultraljudsbaserade shear wave leverelastografi metoden p\u00e5 r\u00f6ntgenavdelningar. Inledningsvis f\u00f6rel\u00e4ser Professor Ferraioli om metoden, varefter sonograferna i denna work-shop f\u00e5r m\u00f6jlighet att tr\u00e4na och l\u00e4ra sig utf\u00f6ra leverelastografi p\u00e5 olika ultraljudsmaskiner, enligt vetenskapligt framtagen och vedertagen metodbeskrivning. Moderator Marie Byenfeldt har utf\u00f6rt leverelastografi sedan 2014 med erfarenhet p\u00e5 Philips, GE och Toshiba ultraljudsmaskiner, samt Fibroscan\u00ae.&lt;br&gt;&lt;\/p&gt; \n                &lt;br&gt;&lt;br&gt;\"\n            data-category=\"Sonografer\"\n            data-category-ids=\"1017\"\n            data-span-all=\"\"\n                      >\n\n            <div class=\"event_content\">\n              <div class=\"title\">\n                                <span>Sonografernas Workshop inkl Hands-on med Ultraljudsbaserad leverelastografi<\/span>\n              <\/div>\n              <div class=\"span_room\"><span><\/span><\/div>\n              <div class=\"time\">\n                <span>\n                  10:45-12:15                <\/span><\/div>\n\n              <div class=\"lecturer\"><span>Giovanna Ferraioli<\/span><\/div>\n            <\/div>\n\n\n                                <div style=\"background-color:#1AFF12; position: absolute !important ; height: 4px !important; left: 4px; right: 4px; bottom : 2px !important;  border\"><\/div>\n            \n          <\/div>\n\n      \n          <div class=\"event \"\n            data-id=\"1018\"\n            data-project=\"project_276_2017_03_27\"\n            data-title=\"Ultraljudsf\u00f6reningen, Hands-on workshop\"\n            data-abs-nbr=\"\"\n            data-ystart=\"10.75\"\n            data-yend=\"12.25\"\n            data-time=\"10:45-12:15\"\n            data-room=\"13\"\n            data-room-id=\"1014\"\n            data-room-name=\"Loge 4\"\n            data-day=\"0\"\n            data-abs-path=\"\"\n            data-speaker=\"\"\n            data-speakercell=\"\"\n            data-info=\"\n                 &lt;p&gt;Workshops, handson och demonstrationer av ultraljud&lt;\/p&gt;\n                 &lt;p&gt;&lt;i&gt;Okej, vi erk\u00e4nner \u2013 vi \u00e4r ett g\u00e4ng ultraljudsn\u00f6rdar som \u00e5terstartat SFMU. P\u00e5 R\u00f6ntgenveckan hittar vi ocks\u00e5 de allra senaste ultraljudsmaskinerna, det \u00e4r rena julaftonen!&lt;br&gt;&lt;\/i&gt;&lt;i&gt;F\u00f6r att sprida v\u00e5r entusiasm \u00f6ver ultraljud har vi sessioner i Loge 4+6 p\u00e5 R\u00f6ntgenveckan, d\u00e4r vi kan tr\u00e4na ultraljud p\u00e5 riktigt. H\u00e4ng p\u00e5 n\u00e4r vi visar upp v\u00e5ra favoritunders\u00f6kningar!&lt;br&gt;&lt;\/i&gt;&lt;i&gt;OBS- ingen bokning, f\u00f6rst till kvarn g\u00e4ller ... V\u00e4lkomna!&lt;\/i&gt;&lt;\/p&gt;\n                 &lt;p&gt;&lt;i&gt;Bli medlem? &amp;nbsp;Maila: sfmu.sfmu@gmail.com&lt;br&gt;&lt;\/i&gt;&lt;\/p&gt;\n                 &lt;p&gt;&lt;b&gt;Tisdag 12 sept:&lt;\/b&gt;&lt;\/p&gt;\n                 &lt;p&gt;&lt;b&gt;Kl 12.45-13.30: Muskuloskeletalt ultraljud, ffa axlar.&amp;nbsp;&amp;nbsp;&lt;\/b&gt;Dr Laszlo Toth, Hudiksvalls Sjukhus&lt;\/p&gt;\n                 &lt;p&gt;&lt;\/p&gt;\n                 &lt;p&gt;&lt;b&gt;Kl 13.30-16.45 Biopsitr\u00e4ning p\u00e5 preparat\u2013 enbart f\u00f6r deltagare p\u00e5 ST-kurs i ultraljudsv\u00e4gledda punktioner.&lt;br&gt;&lt;br&gt;&lt;\/b&gt;&lt;\/p&gt;\n                 &lt;p&gt;&lt;b&gt;Onsdag 13 sept:&lt;\/b&gt;&lt;\/p&gt;\n                 &lt;p&gt;&lt;b&gt;Kl 8.30-9.45: \u201dAkut ultraljud \u2013 EFAST, POCUS, och annat man g\u00f6r p\u00e5 akutrummet\u2026\u201d&amp;nbsp;&lt;\/b&gt;Dr Jesper Danielsson, St G\u00f6rans Sjukhus&lt;\/p&gt;\n                 &lt;p&gt;&lt;b&gt;Kl 8.30-9.45: \u201dLeverelastografi, demo och hands-on&lt;\/b&gt;\u201d. Sonograf Marie Byenfeldt, \u00d6stersunds Sjukhus.&lt;\/p&gt;\n                 &lt;p&gt;&lt;b&gt;Kl 10.00-11.00: \u00c5rsm\u00f6te SFMU&lt;\/b&gt;&lt;\/p&gt;\n                 &lt;p&gt;&lt;b&gt;Kl 11.00-12.15 : \u201dFria fl\u00f6den? Doppler av perifera och centrala blodk\u00e4rl\u201d.&amp;nbsp;&lt;\/b&gt;&amp;nbsp;Dr Kristina Dahlstr\u00f6m, Faluns Sjukhus&lt;b&gt;&lt;\/b&gt;&lt;\/p&gt;\n                 &lt;p&gt;&lt;b&gt;Kl 11.00-12.15: : \u201dMuskuloskeletalt ultraljud, ffa axlar\u201d.&amp;nbsp;&lt;\/b&gt;Dr Laszlo Toth, Hudiksvalls Sjukhus&lt;b&gt;&lt;\/b&gt;&lt;\/p&gt;\n                 &lt;p&gt;&lt;b&gt;13.30-14.45: \u201dBiopsitr\u00e4ning \u2013 ultraljudsv\u00e4gledda punktioner, demonstration och praktisk \u00f6vning p\u00e5 preparat\u201d.&lt;\/b&gt;&amp;nbsp;Dr Stefan H\u00f6rnlund, Sundsvalls sjukhus&lt;\/p&gt;\n                 &lt;p&gt;&lt;b&gt;13.30-14.45 \u201dSonograf? Prova-p\u00e5-ultraljud f\u00f6r nyfikna r\u00f6ntgensjuksk\u00f6terskor\u201d.&lt;\/b&gt;&amp;nbsp;Sonograf Karin Asplund, Astrid Lindgrens Barnsjukhus&lt;\/p&gt;\n                 &lt;p&gt;&lt;b&gt;Kl 15.45-16.45: \u201dFusion av MR-buk och ultraljud, demonstration live och praktisk&amp;nbsp;&lt;\/b&gt;\u00f6vning\u201d.&amp;nbsp;&amp;nbsp; Dr Sara Sehlstedt, \u00d6stersunds Sjukhus&lt;\/p&gt;\n                 &lt;p&gt;&lt;b&gt;Kl 15.45-16.45&lt;\/b&gt;:&amp;nbsp;&lt;b&gt;\u201dSonograf? Prova-p\u00e5-ultraljud f\u00f6r nyfikna r\u00f6ntgensjuksk\u00f6terskor\u201d.&amp;nbsp;&lt;\/b&gt;Sonograf Maria Zetterman, Astrid Lindgrens Barnsjukhus&lt;br&gt;&lt;br&gt;Torsdag 14 sept.&lt;\/p&gt;\n                 &lt;p&gt;&lt;b&gt;Kl 9.50-10.45: &amp;nbsp;\u201dUltraljudsv\u00e4gledda biopsier, demo och praktisk \u00f6vning p\u00e5 preparat\u201d.&amp;nbsp;&amp;nbsp;&lt;\/b&gt;Dr Stefan H\u00f6rnlund, Sundsvalls Sjukhus.&lt;\/p&gt;\n                 &lt;p&gt;&lt;b&gt;Kl 13.30-15.00: \u201dMuskuloskeletalt ultraljud,&amp;nbsp; fr\u00e4mst \u00f6vre extremitet\u201d.&lt;\/b&gt;&amp;nbsp;Dr David Wilson och Dr Gina Allen, Oxford samt Dr Magnus Hjelm, G\u00e4vle Sjukhus och Dr Johan Krause, Uppsala Akademiska Sjukhus.&lt;\/p&gt;\n                 &lt;p&gt;&lt;b&gt;Kl 15.45-16.45:&lt;\/b&gt;&amp;nbsp;&lt;b&gt;\u201dMuskuloskeletalt ultraljud,&amp;nbsp; fr\u00e4mst nedre extremitet\u201d.&lt;\/b&gt;&amp;nbsp;Dr David Wilson och Dr Gina Allen, Oxford samt Dr Magnus Hjelm, G\u00e4vle Sjukhus och Dr Johan Krause, Uppsala Akademiska Sjukhus&lt;b&gt;&lt;\/b&gt;&lt;\/p&gt;\n                 &lt;p&gt;&lt;i&gt;&lt;br&gt;&lt;\/i&gt;&lt;\/p&gt;\n                &lt;br&gt;&lt;br&gt;\"\n            data-category=\"Ultraljudsf\u00f6reningens hands-on\"\n            data-category-ids=\"1015\"\n            data-span-all=\"\"\n                      >\n\n            <div class=\"event_content\">\n              <div class=\"title\">\n                                <span>Ultraljudsf\u00f6reningen, Hands-on workshop<\/span>\n              <\/div>\n              <div class=\"span_room\"><span><\/span><\/div>\n              <div class=\"time\">\n                <span>\n                  10:45-12:15                <\/span><\/div>\n\n              \n            <\/div>\n\n\n                                <div style=\"background-color:#FFCCFF; position: absolute !important ; height: 4px !important; left: 4px; right: 4px; bottom : 2px !important;  border\"><\/div>\n            \n          <\/div>\n\n      \n          <div class=\"event \"\n            data-id=\"1030\"\n            data-project=\"project_276_2017_03_27\"\n            data-title=\"SURF \u00c5rsm\u00f6te\"\n            data-abs-nbr=\"\"\n            data-ystart=\"10.75\"\n            data-yend=\"12.25\"\n            data-time=\"10:45-12:15\"\n            data-room=\"12\"\n            data-room-id=\"1013\"\n            data-room-name=\"Pressl\u00e4ktaren\"\n            data-day=\"0\"\n            data-abs-path=\"\"\n            data-speaker=\"\"\n            data-speakercell=\"\"\n            data-info=\"\"\n            data-category=\"SFMR - Delf\u00f6reningar\"\n            data-category-ids=\"1006\"\n            data-span-all=\"\"\n                      >\n\n            <div class=\"event_content\">\n              <div class=\"title\">\n                                <span>SURF \u00c5rsm\u00f6te<\/span>\n              <\/div>\n              <div class=\"span_room\"><span><\/span><\/div>\n              <div class=\"time\">\n                <span>\n                  10:45-12:15                <\/span><\/div>\n\n              \n            <\/div>\n\n\n                                <div style=\"background-color:#6699CC; position: absolute !important ; height: 4px !important; left: 4px; right: 4px; bottom : 2px !important;  border\"><\/div>\n            \n          <\/div>\n\n      \n          <div class=\"event \"\n            data-id=\"1005\"\n            data-project=\"project_276_2017_03_27\"\n            data-title=\"Keynote - Temaf\u00f6rel\u00e4sning Neuro\"\n            data-abs-nbr=\"\"\n            data-ystart=\"10.75\"\n            data-yend=\"12.25\"\n            data-time=\"10:45-12:15\"\n            data-room=\"1\"\n            data-room-id=\"1002\"\n            data-room-name=\"Crusellhallen\"\n            data-day=\"0\"\n            data-abs-path=\"\"\n            data-speaker=\"Prof H. Ric Harnsberger\"\n            data-speakercell=\"Prof H. Ric Harnsberger\"\n            data-info=\"&lt;b&gt;Moderatorer: &lt;\/b&gt;Ida Blystad&lt;br&gt;&lt;br&gt; \n                 &lt;p&gt;10.45 - 11.25&lt;br&gt;The Suprahyoid Neck Spaces: How to Use Them to Make Diagnoses&lt;br&gt;-&amp;nbsp;Didactic talk about a core part of Head &amp;amp; Neck imaging today that all radiologists should know&amp;nbsp;something about.&lt;br&gt;&lt;br&gt;Knowledge of the anatomy, pathology and differential diagnoses of suprahyoid neck (SHN) spaces is vital to all radiologists who read cases in this area. This talk will begin with SHN spatial anatomy. Space-specific differential diagnoses and common lesions by space will be presented. &lt;br&gt;The normal &lt;span style=&quot;font-weight: bold;&quot;&gt;parapharyngeal spaces&lt;\/span&gt; (PPS) are fat-filled SHN spaces. PPS lesions are rare. PPS importance is that its displacement pattern helps identify the space of origin of SHN lesions. &lt;br&gt;The normal &lt;span style=&quot;font-weight: bold;&quot;&gt;pharyngeal mucosal space&lt;\/span&gt; (PMS) can be defined in the nasopharynx, oropharynx and hypopharynx. The middle layer of deep cervical fascia (DCF) defines the deep margin of the PMS. Normal contents include the mucosal surface, minor salivary glands and Waldeyer\u2019s lymphatic ring. More common PMS diseases include Tornwaldt cyst, retention cysts, tonsillar abscess, BMT, SCCa, minor salivary gland malignancy and NHL. &lt;br&gt;The &lt;span style=&quot;font-weight: bold;&quot;&gt;masticator space &lt;\/span&gt;(MS) is circumscribed by the superficial layer of DCF. This space has infrazygomatic and suprazygomatic components. The normal contents include the muscles of mastication, mandibular nerve (CNV3), posterior body, ramus &amp;amp; condyle of mandible, TMJ and pterygoid venous plexus. The more common MS diseases include masticator muscle hypertrophy, odontogenic abscess, sarcoma, and perineural SCCa from oral cavity. &lt;br&gt;The &lt;span style=&quot;font-weight: bold;&quot;&gt;parotid space&lt;\/span&gt; (PS) is also circumscribed by the superficial layer of DCF. Normal contents include the parotid gland, lymph nodes, extracranial CNVII, and the retromandibular vein and ECA. The more common diseases affecting the PS include 1st branchial cleft cyst, infantile hemangioma, parotid infection from ductal stone, Sj\u00f6gren's syndrome, lymphoepithelial lesions of HIV, BMT, Warthin tumor, mucoepidermoid carcinoma, adenoid cystic carcinoma and metastatic tumor to intraparotid nodes. &lt;br&gt;The&lt;span style=&quot;font-weight: bold;&quot;&gt; carotid space&lt;\/span&gt; (CS) is defined by the carotid sheath, a fascia made up of components from all three layers of DCF. The SHN CS contains the ICA, IJV and CNIX-XII9- 12. Common diseases found in the CS include arterial dissection +\/- pseudoaneurysm, venous thrombosis, glomus tumors (carotid body tumor, glomus vagale), schwannoma &amp;amp; neurofibroma.&lt;br&gt;&lt;br&gt;11.35 &amp;nbsp;- 12.15&lt;br&gt;Classic Mistakes in Head &amp;amp; Neck Imaging -&amp;nbsp;Case-based presentation&lt;br&gt;&lt;br&gt;All radiologists make mistakes. In this case discussion we will look at mistakes made my colleagues and myself. These mistakes will fall broadly into the categories of interpretive mistakes and mistakes in protocoling or modality choice. Interpretive mistakes can be further divided into mistakes where the finding was missed (lesion was small, symmetric or radiologist looked but did not see the lesion), the radiologist did not know where to look (no clinical history to guide search pattern), and where the finding was misinterpreted (called normal variant when lesion was a treatable disease or called the lesion a specific incorrect diagnosis that affected therapeutic approach). In this case conference we will choose one mistake per major anatomic area of the head and neck from the temporal bone above to the infrahyoid neck below. The case where the mistake occurred will initially be presented as an unknown. Once the diagnosis is revealed, a discussion of the important issues surrounding the mistake will occur. Where appropriate additional anatomy, diagnosis or differential diagnosis images will be presented to add clarity to the issues under consideration.&lt;br&gt;&lt;\/p&gt; \n                &lt;br&gt;&lt;br&gt;\"\n            data-category=\"Vetenskapligt program\"\n            data-category-ids=\"1002\"\n            data-span-all=\"\"\n                      >\n\n            <div class=\"event_content\">\n              <div class=\"title\">\n                                <span>Keynote - Temaf\u00f6rel\u00e4sning Neuro<\/span>\n              <\/div>\n              <div class=\"span_room\"><span><\/span><\/div>\n              <div class=\"time\">\n                <span>\n                  10:45-12:15                <\/span><\/div>\n\n              <div class=\"lecturer\"><span>Prof H. Ric Harnsberger<\/span><\/div>\n            <\/div>\n\n\n                                <div style=\"background-color:#FF3333; position: absolute !important ; height: 4px !important; left: 4px; right: 4px; bottom : 2px !important;  border\"><\/div>\n            \n          <\/div>\n\n      \n          <div class=\"event \"\n            data-id=\"1021\"\n            data-project=\"project_276_2017_03_27\"\n            data-title=\"Ultraljudsf\u00f6reningen, Hands-on workshop\"\n            data-abs-nbr=\"\"\n            data-ystart=\"10.75\"\n            data-yend=\"12.25\"\n            data-time=\"10:45-12:15\"\n            data-room=\"14\"\n            data-room-id=\"1015\"\n            data-room-name=\"Loge 6\"\n            data-day=\"0\"\n            data-abs-path=\"\"\n            data-speaker=\"\"\n            data-speakercell=\"\"\n            data-info=\"\n                 &lt;p&gt;Workshops, handson och demonstrationer av ultraljud&lt;\/p&gt;\n                 &lt;p&gt;&lt;i&gt;Okej, vi erk\u00e4nner \u2013 vi \u00e4r ett g\u00e4ng ultraljudsn\u00f6rdar som \u00e5terstartat SFMU. P\u00e5 R\u00f6ntgenveckan hittar vi ocks\u00e5 de allra senaste ultraljudsmaskinerna, det \u00e4r rena julaftonen!&lt;br&gt;&lt;\/i&gt;&lt;i&gt;F\u00f6r att sprida v\u00e5r entusiasm \u00f6ver ultraljud har vi sessioner i Loge 4+6 p\u00e5 R\u00f6ntgenveckan, d\u00e4r vi kan tr\u00e4na ultraljud p\u00e5 riktigt. H\u00e4ng p\u00e5 n\u00e4r vi visar upp v\u00e5ra favoritunders\u00f6kningar!&lt;br&gt;&lt;\/i&gt;&lt;i&gt;OBS- ingen bokning, f\u00f6rst till kvarn g\u00e4ller ... V\u00e4lkomna!&lt;\/i&gt;&lt;\/p&gt;\n                 &lt;p&gt;&lt;i&gt;Bli medlem? &amp;nbsp;Maila: sfmu.sfmu@gmail.com&lt;br&gt;&lt;\/i&gt;&lt;\/p&gt;\n                 &lt;p&gt;&lt;b&gt;Tisdag 12 sept:&lt;\/b&gt;&lt;\/p&gt;\n                 &lt;p&gt;&lt;b&gt;Kl 12.45-13.30: Muskuloskeletalt ultraljud, ffa axlar.&amp;nbsp;&amp;nbsp;&lt;\/b&gt;Dr Laszlo Toth, Hudiksvalls Sjukhus&lt;\/p&gt;\n                 &lt;p&gt;&lt;\/p&gt;\n                 &lt;p&gt;&lt;b&gt;Kl 13.30-16.45 Biopsitr\u00e4ning p\u00e5 preparat\u2013 enbart f\u00f6r deltagare p\u00e5 ST-kurs i ultraljudsv\u00e4gledda punktioner.&lt;br&gt;&lt;br&gt;&lt;\/b&gt;&lt;\/p&gt;\n                 &lt;p&gt;&lt;b&gt;Onsdag 13 sept:&lt;\/b&gt;&lt;\/p&gt;\n                 &lt;p&gt;&lt;b&gt;Kl 8.30-9.45: \u201dAkut ultraljud \u2013 EFAST, POCUS, och annat man g\u00f6r p\u00e5 akutrummet\u2026\u201d&amp;nbsp;&lt;\/b&gt;Dr Jesper Danielsson, St G\u00f6rans Sjukhus&lt;\/p&gt;\n                 &lt;p&gt;&lt;b&gt;Kl 8.30-9.45: \u201dLeverelastografi, demo och hands-on&lt;\/b&gt;\u201d. Sonograf Marie Byenfeldt, \u00d6stersunds Sjukhus.&lt;\/p&gt;\n                 &lt;p&gt;&lt;b&gt;Kl 10.00-11.00: \u00c5rsm\u00f6te SFMU&lt;\/b&gt;&lt;\/p&gt;\n                 &lt;p&gt;&lt;b&gt;Kl 11.00-12.15 : \u201dFria fl\u00f6den? Doppler av perifera och centrala blodk\u00e4rl\u201d.&amp;nbsp;&lt;\/b&gt;&amp;nbsp;Dr Kristina Dahlstr\u00f6m, Faluns Sjukhus&lt;b&gt;&lt;\/b&gt;&lt;\/p&gt;\n                 &lt;p&gt;&lt;b&gt;Kl 11.00-12.15: : \u201dMuskuloskeletalt ultraljud, ffa axlar\u201d.&amp;nbsp;&lt;\/b&gt;Dr Laszlo Toth, Hudiksvalls Sjukhus&lt;b&gt;&lt;\/b&gt;&lt;\/p&gt;\n                 &lt;p&gt;&lt;b&gt;13.30-14.45: \u201dBiopsitr\u00e4ning \u2013 ultraljudsv\u00e4gledda punktioner, demonstration och praktisk \u00f6vning p\u00e5 preparat\u201d.&lt;\/b&gt;&amp;nbsp;Dr Stefan H\u00f6rnlund, Sundsvalls sjukhus&lt;\/p&gt;\n                 &lt;p&gt;&lt;b&gt;13.30-14.45 \u201dSonograf? Prova-p\u00e5-ultraljud f\u00f6r nyfikna r\u00f6ntgensjuksk\u00f6terskor\u201d.&lt;\/b&gt;&amp;nbsp;Sonograf Karin Asplund, Astrid Lindgrens Barnsjukhus&lt;\/p&gt;\n                 &lt;p&gt;&lt;b&gt;Kl 15.45-16.45: \u201dFusion av MR-buk och ultraljud, demonstration live och praktisk&amp;nbsp;&lt;\/b&gt;\u00f6vning\u201d.&amp;nbsp;&amp;nbsp; Dr Sara Sehlstedt, \u00d6stersunds Sjukhus&lt;\/p&gt;\n                 &lt;p&gt;&lt;b&gt;Kl 15.45-16.45&lt;\/b&gt;:&amp;nbsp;&lt;b&gt;\u201dSonograf? Prova-p\u00e5-ultraljud f\u00f6r nyfikna r\u00f6ntgensjuksk\u00f6terskor\u201d.&amp;nbsp;&lt;\/b&gt;Sonograf Maria Zetterman, Astrid Lindgrens Barnsjukhus&lt;br&gt;&lt;br&gt;Torsdag 14 sept.&lt;\/p&gt;\n                 &lt;p&gt;&lt;b&gt;Kl 9.50-10.45: &amp;nbsp;\u201dUltraljudsv\u00e4gledda biopsier, demo och praktisk \u00f6vning p\u00e5 preparat\u201d.&amp;nbsp;&amp;nbsp;&lt;\/b&gt;Dr Stefan H\u00f6rnlund, Sundsvalls Sjukhus.&lt;\/p&gt;\n                 &lt;p&gt;&lt;b&gt;Kl 13.30-15.00: \u201dMuskuloskeletalt ultraljud,&amp;nbsp; fr\u00e4mst \u00f6vre extremitet\u201d.&lt;\/b&gt;&amp;nbsp;Dr David Wilson och Dr Gina Allen, Oxford samt Dr Magnus Hjelm, G\u00e4vle Sjukhus och Dr Johan Krause, Uppsala Akademiska Sjukhus.&lt;\/p&gt;\n                 &lt;p&gt;&lt;b&gt;Kl 15.45-16.45:&lt;\/b&gt;&amp;nbsp;&lt;b&gt;\u201dMuskuloskeletalt ultraljud,&amp;nbsp; fr\u00e4mst nedre extremitet\u201d.&lt;\/b&gt;&amp;nbsp;Dr David Wilson och Dr Gina Allen, Oxford samt Dr Magnus Hjelm, G\u00e4vle Sjukhus och Dr Johan Krause, Uppsala Akademiska Sjukhus&lt;b&gt;&lt;\/b&gt;&lt;\/p&gt;\n                 &lt;p&gt;&lt;i&gt;&lt;br&gt;&lt;\/i&gt;&lt;\/p&gt;\n                &lt;br&gt;&lt;br&gt;\"\n            data-category=\"Ultraljudsf\u00f6reningens hands-on\"\n            data-category-ids=\"1015\"\n            data-span-all=\"\"\n                      >\n\n            <div class=\"event_content\">\n              <div class=\"title\">\n                                <span>Ultraljudsf\u00f6reningen, Hands-on workshop<\/span>\n              <\/div>\n              <div class=\"span_room\"><span><\/span><\/div>\n              <div class=\"time\">\n                <span>\n                  10:45-12:15                <\/span><\/div>\n\n              \n            <\/div>\n\n\n                                <div style=\"background-color:#FFCCFF; position: absolute !important ; height: 4px !important; left: 4px; right: 4px; bottom : 2px !important;  border\"><\/div>\n            \n          <\/div>\n\n      \n          <div class=\"event \"\n            data-id=\"1024\"\n            data-project=\"project_276_2017_03_27\"\n            data-title=\"Fria f\u00f6redrag\"\n            data-abs-nbr=\"\"\n            data-ystart=\"10.75\"\n            data-yend=\"12.25\"\n            data-time=\"10:45-12:15\"\n            data-room=\"3\"\n            data-room-id=\"1003\"\n            data-room-name=\"Musikalen\"\n            data-day=\"0\"\n            data-abs-path=\"\"\n            data-speaker=\"Bharti  Kataria; Bina Rehnvall; Elisabeth Bohman; Eva  Eng Forsberg; Monica Segelsj\u00f6\"\n            data-speakercell=\"Bharti  Kataria; Bina Rehnvall; Elisabeth Bohman; Eva  Eng Forsberg; Monica Segelsj\u00f6\"\n            data-info=\"&lt;b&gt;Moderatorer: &lt;\/b&gt;Nils Dahlstr\u00f6m&lt;br&gt;&lt;br&gt;\"\n            data-category=\"Vetenskapligt program\"\n            data-category-ids=\"1002\"\n            data-span-all=\"\"\n                      >\n\n            <div class=\"event_content\">\n              <div class=\"title\">\n                                <span>Fria f\u00f6redrag<\/span>\n              <\/div>\n              <div class=\"span_room\"><span><\/span><\/div>\n              <div class=\"time\">\n                <span>\n                  10:45-12:15                <\/span><\/div>\n\n              <div class=\"lecturer\"><span>Bharti  Kataria; Bina Rehnvall; Elisabeth Bohman; Eva  Eng Forsberg; Monica Segelsj\u00f6<\/span><\/div>\n            <\/div>\n\n\n                                <div style=\"background-color:#FF3333; position: absolute !important ; height: 4px !important; left: 4px; right: 4px; bottom : 2px !important;  border\"><\/div>\n            \n          <\/div>\n\n      \n          <div class=\"event \"\n            data-id=\"1023\"\n            data-project=\"project_276_2017_03_27\"\n            data-title=\"RAM-kurs\"\n            data-abs-nbr=\"\"\n            data-ystart=\"10.75\"\n            data-yend=\"12.25\"\n            data-time=\"10:45-12:15\"\n            data-room=\"15\"\n            data-room-id=\"1016\"\n            data-room-name=\"Loge 5\"\n            data-day=\"0\"\n            data-abs-path=\"\"\n            data-speaker=\"Staffan Wirell; Anders von Heijne; Marcus Casselgren; Charalampos Georgiopoulos; Kada Karlsson; Joar Bj\u00f6rk\"\n            data-speakercell=\"Staffan Wirell; Anders von Heijne; Marcus Casselgren; Charalampos Georgiopoulos; Kada Karlsson; Joar Bj\u00f6rk\"\n            data-info=\"\"\n            data-category=\"RAM-kurs\"\n            data-category-ids=\"1016\"\n            data-span-all=\"\"\n                      >\n\n            <div class=\"event_content\">\n              <div class=\"title\">\n                                <span>RAM-kurs<\/span>\n              <\/div>\n              <div class=\"span_room\"><span><\/span><\/div>\n              <div class=\"time\">\n                <span>\n                  10:45-12:15                <\/span><\/div>\n\n              <div class=\"lecturer\"><span>Staffan Wirell; Anders von Heijne; Marcus Casselgren; Charalampos Georgiopoulos; Kada Karlsson; Joar Bj\u00f6rk<\/span><\/div>\n            <\/div>\n\n\n                                <div style=\"background-color:#66FFCC; position: absolute !important ; height: 4px !important; left: 4px; right: 4px; bottom : 2px !important;  border\"><\/div>\n            \n          <\/div>\n\n      \n          <div class=\"event \"\n            data-id=\"1026\"\n            data-project=\"project_276_2017_03_27\"\n            data-title=\"ST-kurs - Radiologisk Br\u00f6stdiagnostik\"\n            data-abs-nbr=\"\"\n            data-ystart=\"10.75\"\n            data-yend=\"12.25\"\n            data-time=\"10:45-12:15\"\n            data-room=\"6\"\n            data-room-id=\"1007\"\n            data-room-name=\"Studion\"\n            data-day=\"0\"\n            data-abs-path=\"\"\n            data-speaker=\"Karin Leifland; Karin Dembrower \"\n            data-speakercell=\"Karin Leifland; Karin Dembrower \"\n            data-info=\"&lt;b&gt;Moderatorer: &lt;\/b&gt;Karin Leifland&lt;br&gt;&lt;br&gt; \n                 &lt;p&gt;Introduktion till mammografi&amp;nbsp;&lt;br&gt;&lt;em&gt;F\u00f6rel\u00e4sare: Karin Leifland&lt;\/em&gt;&lt;\/p&gt; \n                 &lt;p&gt;Ett organ, samtliga modaliteter, intervention, MDT och patientkontakt - en plattform som ger alla m\u00f6jligheter!&amp;nbsp;&lt;br&gt;&lt;em&gt;F\u00f6rel\u00e4sare: Karin Dembrower&lt;\/em&gt;&lt;\/p&gt; \n                &lt;br&gt;&lt;br&gt;\"\n            data-category=\"ST-kurser \/ Ungt forum\"\n            data-category-ids=\"1005\"\n            data-span-all=\"\"\n                      >\n\n            <div class=\"event_content\">\n              <div class=\"title\">\n                                <span>ST-kurs - Radiologisk Br\u00f6stdiagnostik<\/span>\n              <\/div>\n              <div class=\"span_room\"><span><\/span><\/div>\n              <div class=\"time\">\n                <span>\n                  10:45-12:15                <\/span><\/div>\n\n              <div class=\"lecturer\"><span>Karin Leifland; Karin Dembrower <\/span><\/div>\n            <\/div>\n\n\n                                <div style=\"background-color:#99FFFF; position: absolute !important ; height: 4px !important; left: 4px; right: 4px; bottom : 2px !important;  border\"><\/div>\n            \n          <\/div>\n\n      \n          <div class=\"event \"\n            data-id=\"1027\"\n            data-project=\"project_276_2017_03_27\"\n            data-title=\"SFRU - ERCP med patientstyrd sedering\"\n            data-abs-nbr=\"\"\n            data-ystart=\"10.75\"\n            data-yend=\"11.75\"\n            data-time=\"10:45-11:45\"\n            data-room=\"7\"\n            data-room-id=\"1008\"\n            data-room-name=\"Kulturen\"\n            data-day=\"0\"\n            data-abs-path=\"\"\n            data-speaker=\"Mia S\u00fcssly; Monica Sandborg; Nils Berglund; Maria R\u00f6rby\"\n            data-speakercell=\"Mia S\u00fcssly; Monica Sandborg; Nils Berglund; Maria R\u00f6rby\"\n            data-info=\"&lt;b&gt;Moderatorer: &lt;\/b&gt;Jonny B\u00e4ck&lt;br&gt;&lt;br&gt; \n                 &lt;p&gt;Beskrivning av endoskopiverksamheten p\u00e5 R\u00f6ntgen US, Link\u00f6ping med betoning mot ERCP i PCS (patient kontrollerad sedering) &lt;br&gt;&lt;br&gt;En r\u00e4tt f\u00f6rberedd och sederad patient har stor betydelse f\u00f6r m\u00f6jligheten att kunna utf\u00f6ra unders\u00f6kningen p\u00e5 ett patients\u00e4kert s\u00e4tt. &lt;br&gt;&lt;br&gt;Patientn\u00f6jdheten \u00f6kar n\u00e4r patienten ges m\u00f6jlighet att sj\u00e4lv delta i sederingen. &lt;br&gt;&lt;br&gt;Ett bra team och ett n\u00e4ra samarbete mellan ber\u00f6rda kliniker visar hur alla moment har en stor betydelse f\u00f6r en v\u00e4l fungerande verksamhet.&lt;br&gt;&lt;\/p&gt; \n                &lt;br&gt;&lt;br&gt;\"\n            data-category=\"Allm\u00e4n f\u00f6rel\u00e4sning\"\n            data-category-ids=\"1003\"\n            data-span-all=\"\"\n                      >\n\n            <div class=\"event_content\">\n              <div class=\"title\">\n                                <span>SFRU - ERCP med patientstyrd sedering<\/span>\n              <\/div>\n              <div class=\"span_room\"><span><\/span><\/div>\n              <div class=\"time\">\n                <span>\n                  10:45-11:45                <\/span><\/div>\n\n              <div class=\"lecturer\"><span>Mia S\u00fcssly; Monica Sandborg; Nils Berglund; Maria R\u00f6rby<\/span><\/div>\n            <\/div>\n\n\n                                <div style=\"background-color:#FF9933; position: absolute !important ; height: 4px !important; left: 4px; right: 4px; bottom : 2px !important;  border\"><\/div>\n            \n          <\/div>\n\n      \n          <div class=\"event \"\n            data-id=\"1028\"\n            data-project=\"project_276_2017_03_27\"\n            data-title=\"SFRU - \u00c5rsm\u00f6te\"\n            data-abs-nbr=\"\"\n            data-ystart=\"11.75\"\n            data-yend=\"12.25\"\n            data-time=\"11:45-12:15\"\n            data-room=\"7\"\n            data-room-id=\"1008\"\n            data-room-name=\"Kulturen\"\n            data-day=\"0\"\n            data-abs-path=\"\"\n            data-speaker=\"Pia Wagesj\u00f6\"\n            data-speakercell=\"Pia Wagesj\u00f6\"\n            data-info=\"\"\n            data-category=\"Allm\u00e4n f\u00f6rel\u00e4sning\"\n            data-category-ids=\"1003\"\n            data-span-all=\"\"\n                      >\n\n            <div class=\"event_content\">\n              <div class=\"title\">\n                                <span>SFRU - \u00c5rsm\u00f6te<\/span>\n              <\/div>\n              <div class=\"span_room\"><span><\/span><\/div>\n              <div class=\"time\">\n                <span>\n                  11:45-12:15                <\/span><\/div>\n\n              <div class=\"lecturer\"><span>Pia Wagesj\u00f6<\/span><\/div>\n            <\/div>\n\n\n                                <div style=\"background-color:#FF9933; position: absolute !important ; height: 4px !important; left: 4px; right: 4px; bottom : 2px !important;  border\"><\/div>\n            \n          <\/div>\n\n      \n          <div class=\"event \"\n            data-id=\"1183\"\n            data-project=\"project_276_2017_03_27\"\n            data-title=\"Lunch &amp; Utst\u00e4llning\"\n            data-abs-nbr=\"\"\n            data-ystart=\"12.25\"\n            data-yend=\"13.5\"\n            data-time=\"12:15-13:30\"\n            data-room=\"0\"\n            data-room-id=\"-1\"\n            data-room-name=\"-Ej specificerad-\"\n            data-day=\"0\"\n            data-abs-path=\"\"\n            data-speaker=\"\"\n            data-speakercell=\"\"\n            data-info=\"\"\n            data-category=\"\"\n            data-category-ids=\"\"\n            data-span-all=\"\"\n                      >\n\n            <div class=\"event_content\">\n              <div class=\"title\">\n                                <span>Lunch & Utst\u00e4llning<\/span>\n              <\/div>\n              <div class=\"span_room\"><span><\/span><\/div>\n              <div class=\"time\">\n                <span>\n                  12:15-13:30                <\/span><\/div>\n\n              \n            <\/div>\n\n\n            \n          <\/div>\n\n      \n          <div class=\"event \"\n            data-id=\"1038\"\n            data-project=\"project_276_2017_03_27\"\n            data-title=\"ST-kurs - Radiologisk Br\u00f6stdiagnostik\"\n            data-abs-nbr=\"\"\n            data-ystart=\"13.5\"\n            data-yend=\"15\"\n            data-time=\"13:30-15:00\"\n            data-room=\"6\"\n            data-room-id=\"1007\"\n            data-room-name=\"Studion\"\n            data-day=\"0\"\n            data-abs-path=\"\"\n            data-speaker=\"Mats Ingvarsson; Fredrik W\u00e4rnberg\"\n            data-speakercell=\"Mats Ingvarsson; Fredrik W\u00e4rnberg\"\n            data-info=\"&lt;b&gt;Moderatorer: &lt;\/b&gt;Karin Dembrower &lt;br&gt;&lt;br&gt; \n                 &lt;p&gt;Br\u00f6st MRT&lt;br&gt;&lt;em&gt;F\u00f6rel\u00e4sare: Mats Ingvarsson&lt;\/em&gt;&lt;\/p&gt; \n                 &lt;p&gt;Br\u00f6stkirurgi&lt;br&gt;&lt;em&gt;F\u00f6rel\u00e4sare: Fredrik W\u00e4rnberg&lt;\/em&gt;&lt;\/p&gt; \n                 &lt;p&gt;&lt;em&gt;Moderator: Karin Dembrower&lt;\/em&gt;&lt;\/p&gt; \n                &lt;br&gt;&lt;br&gt;\"\n            data-category=\"ST-kurser \/ Ungt forum\"\n            data-category-ids=\"1005\"\n            data-span-all=\"\"\n                      >\n\n            <div class=\"event_content\">\n              <div class=\"title\">\n                                <span>ST-kurs - Radiologisk Br\u00f6stdiagnostik<\/span>\n              <\/div>\n              <div class=\"span_room\"><span><\/span><\/div>\n              <div class=\"time\">\n                <span>\n                  13:30-15:00                <\/span><\/div>\n\n              <div class=\"lecturer\"><span>Mats Ingvarsson; Fredrik W\u00e4rnberg<\/span><\/div>\n            <\/div>\n\n\n                                <div style=\"background-color:#99FFFF; position: absolute !important ; height: 4px !important; left: 4px; right: 4px; bottom : 2px !important;  border\"><\/div>\n            \n          <\/div>\n\n      \n          <div class=\"event \"\n            data-id=\"1035\"\n            data-project=\"project_276_2017_03_27\"\n            data-title=\"SSVIR  - Nya farmakologiska m\u00f6jligheter till antikoagulation \u2013 hur hanterar vi dessa i samband med invasiva unders\u00f6kningar och interventioner?\"\n            data-abs-nbr=\"\"\n            data-ystart=\"13.5\"\n            data-yend=\"15\"\n            data-time=\"13:30-15:00\"\n            data-room=\"5\"\n            data-room-id=\"1006\"\n            data-room-name=\"Spegelsalen\"\n            data-day=\"0\"\n            data-abs-path=\"\"\n            data-speaker=\"Anders Gotts\u00e4ter; Ove Thott\"\n            data-speakercell=\"Anders Gotts\u00e4ter; Ove Thott\"\n            data-info=\"&lt;b&gt;Moderatorer: &lt;\/b&gt;Maria Vinell&lt;br&gt;&lt;br&gt; \n                 &lt;p&gt;&lt;span style=&quot;font-weight: bold;&quot;&gt;Nya farmakologiska m\u00f6jligheter till antikoagulation \u2013 hur hanterar vi dessa i samband med invasiva unders\u00f6kningar och interventioner? &lt;br&gt;&lt;\/span&gt;&lt;br&gt;Antikoagulerande och trombocytaggregationsh\u00e4mmande behandling har de senaste \u00e5ren revolutionerats genom introduktion av ett flertal nya farmaka. S\u00e5 kallade Nya eller Direktverkande Orala AntiKoagulantia (NOAK eller DOAK) ers\u00e4tter i allt st\u00f6rre utstr\u00e4ckning warfarin f\u00f6r oral antikoagulation b\u00e5de f\u00f6r att f\u00f6rebygga embolier vid f\u00f6rmaksflimmer och f\u00f6r profylax och behandling av ven\u00f6s tromboembolism. De nya preparaten har ett standardiserat doseringsf\u00f6rfarande och behovet av uppf\u00f6ljning av behandlingseffekt genom laboratoriekontroller \u00e4r mycket mindre \u00e4n f\u00f6r warfarin, vilket dock \u00e4ven inneb\u00e4r att det \u00e4r vanskligt att bed\u00f6ma koagulationsl\u00e4get i en akutsituation. Dessutom m\u00e5ste medlen ges med f\u00f6rsiktighet till vissa patientgrupper, till exempel de med s\u00e4nkt njurfunktion. Vi har numera \u00e4ven tillg\u00e5ng till nya och mer effektiva trombocytaggregationsh\u00e4mmande preparat f\u00f6r patienter med aterosklerotisk k\u00e4rlsjukdom, framf\u00f6r allt i koronarart\u00e4rerna. Olika koagulationsh\u00e4mmande substanser kombineras ocks\u00e5 i allt st\u00f6rre omfattning med varandra, i syfte att minska trombosrisken n\u00e4r den \u00e4r som h\u00f6gst, till exempel i samband med endovaskul\u00e4ra interventioner. Samtidigt st\u00e4ller de nya l\u00e4kemedlen allt st\u00f6rre kunskap hos interventionister och behandlande l\u00e4kare i hur man ska hantera dessa i samband med invasiva ingrepp och unders\u00f6kningar, planerade och akuta, f\u00f6r att minska riskerna f\u00f6r allvarlig bl\u00f6dning. Under f\u00f6rel\u00e4sningen kommer vi att g\u00e5 igenom indikationer, kontraindikationer och dosering vid behandling med de nya preparaten. Dessutom ges r\u00e5d kring hanterandet av medicineringen inf\u00f6r invasiva ingrepp och unders\u00f6kningar, det eventuella behovet av \u201dbridging\u201d det vill s\u00e4ga \u00f6verlappande behandling i samband med tempor\u00e4rt uppeh\u00e5ll med oral antikoagulation, hanterandet av bl\u00f6dningskomplikationer och m\u00f6jligheten till anv\u00e4ndning av antidoter mot de olika preparaten nu och i framtiden. M\u00f6jligheterna och komplikationsriskerna med de nya behandlingsformerna kommer att exemplifieras genom diskussion av patientfall.&lt;br&gt;&lt;\/p&gt; \n                &lt;br&gt;&lt;br&gt;\"\n            data-category=\"SFMR - Delf\u00f6reningar\"\n            data-category-ids=\"1006\"\n            data-span-all=\"\"\n                      >\n\n            <div class=\"event_content\">\n              <div class=\"title\">\n                                <span>SSVIR  - Nya farmakologiska m\u00f6jligheter till antikoagulation \u2013 hur hanterar vi dessa i samband med invasiva unders\u00f6kningar och interventioner?<\/span>\n              <\/div>\n              <div class=\"span_room\"><span><\/span><\/div>\n              <div class=\"time\">\n                <span>\n                  13:30-15:00                <\/span><\/div>\n\n              <div class=\"lecturer\"><span>Anders Gotts\u00e4ter; Ove Thott<\/span><\/div>\n            <\/div>\n\n\n                                <div style=\"background-color:#6699CC; position: absolute !important ; height: 4px !important; left: 4px; right: 4px; bottom : 2px !important;  border\"><\/div>\n            \n          <\/div>\n\n      \n          <div class=\"event \"\n            data-id=\"1043\"\n            data-project=\"project_276_2017_03_27\"\n            data-title=\"SFMR - Studierektorsn\u00e4tverk\"\n            data-abs-nbr=\"\"\n            data-ystart=\"13.5\"\n            data-yend=\"15\"\n            data-time=\"13:30-15:00\"\n            data-room=\"11\"\n            data-room-id=\"1012\"\n            data-room-name=\"Solot\"\n            data-day=\"0\"\n            data-abs-path=\"\"\n            data-speaker=\"Tim Kvick; Lisa Edlund; Cecilia Vikstr\u00f6m\"\n            data-speakercell=\"Tim Kvick; Lisa Edlund; Cecilia Vikstr\u00f6m\"\n            data-info=\" \n                 &lt;p&gt;Socialstyrelsens krav f\u00f6r ST&lt;\/p&gt; \n                &lt;br&gt;&lt;br&gt;\"\n            data-category=\"SFMR - Svensk F\u00f6rening f\u00f6r Medicinsk Radiologi\"\n            data-category-ids=\"1004\"\n            data-span-all=\"\"\n                      >\n\n            <div class=\"event_content\">\n              <div class=\"title\">\n                                <span>SFMR - Studierektorsn\u00e4tverk<\/span>\n              <\/div>\n              <div class=\"span_room\"><span><\/span><\/div>\n              <div class=\"time\">\n                <span>\n                  13:30-15:00                <\/span><\/div>\n\n              <div class=\"lecturer\"><span>Tim Kvick; Lisa Edlund; Cecilia Vikstr\u00f6m<\/span><\/div>\n            <\/div>\n\n\n                                <div style=\"background-color:#0099FF; position: absolute !important ; height: 4px !important; left: 4px; right: 4px; bottom : 2px !important;  border\"><\/div>\n            \n          <\/div>\n\n      \n          <div class=\"event \"\n            data-id=\"1041\"\n            data-project=\"project_276_2017_03_27\"\n            data-title=\"SFMR - F\u00f6rdjupning iGuide\"\n            data-abs-nbr=\"\"\n            data-ystart=\"13.5\"\n            data-yend=\"15\"\n            data-time=\"13:30-15:00\"\n            data-room=\"9\"\n            data-room-id=\"1010\"\n            data-room-name=\"Operetten\"\n            data-day=\"0\"\n            data-abs-path=\"\"\n            data-speaker=\"Oskar L\u00f6fgren; Marcel Wassink; Mathias  Rehnstr\u00f6m; Ninna Str\u00f6m; Magnus Stenhede; Henriettae St\u00e5hlbrandt\"\n            data-speakercell=\"Oskar L\u00f6fgren; Marcel Wassink; Mathias  Rehnstr\u00f6m; Ninna Str\u00f6m; Magnus Stenhede; Henriettae St\u00e5hlbrandt\"\n            data-info=\"&lt;b&gt;Moderatorer: &lt;\/b&gt;Oskar L\u00f6fgren&lt;br&gt;&lt;br&gt; \n                 &lt;p&gt;F\u00f6rdjupning iGuide \u2013 remittentriktlinjer f\u00f6r r\u00f6ntgen. Recept f\u00f6r ett lyckat inf\u00f6rande \u2013 erfarenheter fr\u00e5n Region J\u00f6nk\u00f6pings L\u00e4n (RJL) Moderator: Oskar L\u00f6fgren, Verksamhetschef R\u00f6ntgen RJL &lt;br&gt;&lt;br&gt;F\u00f6rel\u00e4sare: &lt;br&gt;13:30-13.40 Oskar L\u00f6fgren - Introduktion &lt;br&gt;13:40-14.00 Marcel Wassink, NDSC \u2013 erfarenheter att jobba med Sverige och iGuide &lt;br&gt;14.00-14.30 Mathias Rehnstr\u00f6m, Ninna Str\u00f6m, Magnus Stenhede \u2013 tekniska l\u00f6sningar p\u00e5 iGuideintegration i remissystem &lt;br&gt;14.30-14.45 Henriett\u00e6 St\u00e5hlbrandt och Lars Lindeberg \u2013 inf\u00f6randetips ur radiologperspektiv &lt;br&gt;14.45-15.00 Diskussion&lt;br&gt;&lt;\/p&gt; \n                &lt;br&gt;&lt;br&gt;\"\n            data-category=\"SFMR - Svensk F\u00f6rening f\u00f6r Medicinsk Radiologi\"\n            data-category-ids=\"1004\"\n            data-span-all=\"\"\n                      >\n\n            <div class=\"event_content\">\n              <div class=\"title\">\n                                <span>SFMR - F\u00f6rdjupning iGuide<\/span>\n              <\/div>\n              <div class=\"span_room\"><span><\/span><\/div>\n              <div class=\"time\">\n                <span>\n                  13:30-15:00                <\/span><\/div>\n\n              <div class=\"lecturer\"><span>Oskar L\u00f6fgren; Marcel Wassink; Mathias  Rehnstr\u00f6m; Ninna Str\u00f6m; Magnus Stenhede; Henriettae St\u00e5hlbrandt<\/span><\/div>\n            <\/div>\n\n\n                                <div style=\"background-color:#0099FF; position: absolute !important ; height: 4px !important; left: 4px; right: 4px; bottom : 2px !important;  border\"><\/div>\n            \n          <\/div>\n\n      \n          <div class=\"event \"\n            data-id=\"1045\"\n            data-project=\"project_276_2017_03_27\"\n            data-title=\"Ultraljudsf\u00f6reningen, Hands-on workshop\"\n            data-abs-nbr=\"\"\n            data-ystart=\"13.5\"\n            data-yend=\"15\"\n            data-time=\"13:30-15:00\"\n            data-room=\"13\"\n            data-room-id=\"1014\"\n            data-room-name=\"Loge 4\"\n            data-day=\"0\"\n            data-abs-path=\"\"\n            data-speaker=\"\"\n            data-speakercell=\"\"\n            data-info=\" \n                 &lt;p&gt;Workshops, handson och demonstrationer av ultraljud&lt;\/p&gt;\n                 &lt;p&gt;&lt;i&gt;Okej, vi erk\u00e4nner \u2013 vi \u00e4r ett g\u00e4ng ultraljudsn\u00f6rdar som \u00e5terstartat SFMU. P\u00e5 R\u00f6ntgenveckan hittar vi ocks\u00e5 de allra senaste ultraljudsmaskinerna, det \u00e4r rena julaftonen!&lt;br&gt;&lt;\/i&gt;&lt;i&gt;F\u00f6r att sprida v\u00e5r entusiasm \u00f6ver ultraljud har vi sessioner i Loge 4+6 p\u00e5 R\u00f6ntgenveckan, d\u00e4r vi kan tr\u00e4na ultraljud p\u00e5 riktigt. H\u00e4ng p\u00e5 n\u00e4r vi visar upp v\u00e5ra favoritunders\u00f6kningar!&lt;br&gt;&lt;\/i&gt;&lt;i&gt;OBS- ingen bokning, f\u00f6rst till kvarn g\u00e4ller ... V\u00e4lkomna!&lt;\/i&gt;&lt;\/p&gt;\n                 &lt;p&gt;&lt;i&gt;Bli medlem? &amp;nbsp;Maila: sfmu.sfmu@gmail.com&lt;br&gt;&lt;\/i&gt;&lt;\/p&gt;\n                 &lt;p&gt;&lt;b&gt;Tisdag 12 sept:&lt;\/b&gt;&lt;\/p&gt;\n                 &lt;p&gt;&lt;b&gt;Kl 12.45-13.30: Muskuloskeletalt ultraljud, ffa axlar.&amp;nbsp;&amp;nbsp;&lt;\/b&gt;Dr Laszlo Toth, Hudiksvalls Sjukhus&lt;\/p&gt;\n                 &lt;p&gt;&lt;\/p&gt;\n                 &lt;p&gt;&lt;b&gt;Kl 13.30-16.45 Biopsitr\u00e4ning p\u00e5 preparat\u2013 enbart f\u00f6r deltagare p\u00e5 ST-kurs i ultraljudsv\u00e4gledda punktioner.&lt;br&gt;&lt;br&gt;&lt;\/b&gt;&lt;\/p&gt;\n                 &lt;p&gt;&lt;b&gt;Onsdag 13 sept:&lt;\/b&gt;&lt;\/p&gt;\n                 &lt;p&gt;&lt;b&gt;Kl 8.30-9.45: \u201dAkut ultraljud \u2013 EFAST, POCUS, och annat man g\u00f6r p\u00e5 akutrummet\u2026\u201d&amp;nbsp;&lt;\/b&gt;Dr Jesper Danielsson, St G\u00f6rans Sjukhus&lt;\/p&gt;\n                 &lt;p&gt;&lt;b&gt;Kl 8.30-9.45: \u201dLeverelastografi, demo och hands-on&lt;\/b&gt;\u201d. Sonograf Marie Byenfeldt, \u00d6stersunds Sjukhus.&lt;\/p&gt;\n                 &lt;p&gt;&lt;b&gt;Kl 10.00-11.00: \u00c5rsm\u00f6te SFMU&lt;\/b&gt;&lt;\/p&gt;\n                 &lt;p&gt;&lt;b&gt;Kl 11.00-12.15 : \u201dFria fl\u00f6den? Doppler av perifera och centrala blodk\u00e4rl\u201d.&amp;nbsp;&lt;\/b&gt;&amp;nbsp;Dr Kristina Dahlstr\u00f6m, Faluns Sjukhus&lt;b&gt;&lt;\/b&gt;&lt;\/p&gt;\n                 &lt;p&gt;&lt;b&gt;Kl 11.00-12.15: : \u201dMuskuloskeletalt ultraljud, ffa axlar\u201d.&amp;nbsp;&lt;\/b&gt;Dr Laszlo Toth, Hudiksvalls Sjukhus&lt;b&gt;&lt;\/b&gt;&lt;\/p&gt;\n                 &lt;p&gt;&lt;b&gt;13.30-14.45: \u201dBiopsitr\u00e4ning \u2013 ultraljudsv\u00e4gledda punktioner, demonstration och praktisk \u00f6vning p\u00e5 preparat\u201d.&lt;\/b&gt;&amp;nbsp;Dr Stefan H\u00f6rnlund, Sundsvalls sjukhus&lt;\/p&gt;\n                 &lt;p&gt;&lt;b&gt;13.30-14.45 \u201dSonograf? Prova-p\u00e5-ultraljud f\u00f6r nyfikna r\u00f6ntgensjuksk\u00f6terskor\u201d.&lt;\/b&gt;&amp;nbsp;Sonograf Karin Asplund, Astrid Lindgrens Barnsjukhus&lt;\/p&gt;\n                 &lt;p&gt;&lt;b&gt;Kl 15.45-16.45: \u201dFusion av MR-buk och ultraljud, demonstration live och praktisk&amp;nbsp;&lt;\/b&gt;\u00f6vning\u201d.&amp;nbsp;&amp;nbsp; Dr Sara Sehlstedt, \u00d6stersunds Sjukhus&lt;\/p&gt;\n                 &lt;p&gt;&lt;b&gt;Kl 15.45-16.45&lt;\/b&gt;:&amp;nbsp;&lt;b&gt;\u201dSonograf? Prova-p\u00e5-ultraljud f\u00f6r nyfikna r\u00f6ntgensjuksk\u00f6terskor\u201d.&amp;nbsp;&lt;\/b&gt;Sonograf Maria Zetterman, Astrid Lindgrens Barnsjukhus&lt;br&gt;&lt;br&gt;Torsdag 14 sept.&lt;\/p&gt;\n                 &lt;p&gt;&lt;b&gt;Kl 9.50-10.45: &amp;nbsp;\u201dUltraljudsv\u00e4gledda biopsier, demo och praktisk \u00f6vning p\u00e5 preparat\u201d.&amp;nbsp;&amp;nbsp;&lt;\/b&gt;Dr Stefan H\u00f6rnlund, Sundsvalls Sjukhus.&lt;\/p&gt;\n                 &lt;p&gt;&lt;b&gt;Kl 13.30-15.00: \u201dMuskuloskeletalt ultraljud,&amp;nbsp; fr\u00e4mst \u00f6vre extremitet\u201d.&lt;\/b&gt;&amp;nbsp;Dr David Wilson och Dr Gina Allen, Oxford samt Dr Magnus Hjelm, G\u00e4vle Sjukhus och Dr Johan Krause, Uppsala Akademiska Sjukhus.&lt;\/p&gt;\n                 &lt;p&gt;&lt;b&gt;Kl 15.45-16.45:&lt;\/b&gt;&amp;nbsp;&lt;b&gt;\u201dMuskuloskeletalt ultraljud,&amp;nbsp; fr\u00e4mst nedre extremitet\u201d.&lt;\/b&gt;&amp;nbsp;Dr David Wilson och Dr Gina Allen, Oxford samt Dr Magnus Hjelm, G\u00e4vle Sjukhus och Dr Johan Krause, Uppsala Akademiska Sjukhus&lt;b&gt;&lt;\/b&gt;&lt;\/p&gt;\n                 &lt;p&gt;&lt;i&gt;&lt;br&gt;&lt;\/i&gt;&lt;\/p&gt; \n                &lt;br&gt;&lt;br&gt;\"\n            data-category=\"ST-kurser \/ Ungt forum\"\n            data-category-ids=\"1005\"\n            data-span-all=\"\"\n                      >\n\n            <div class=\"event_content\">\n              <div class=\"title\">\n                                <span>Ultraljudsf\u00f6reningen, Hands-on workshop<\/span>\n              <\/div>\n              <div class=\"span_room\"><span><\/span><\/div>\n              <div class=\"time\">\n                <span>\n                  13:30-15:00                <\/span><\/div>\n\n              \n            <\/div>\n\n\n                                <div style=\"background-color:#99FFFF; position: absolute !important ; height: 4px !important; left: 4px; right: 4px; bottom : 2px !important;  border\"><\/div>\n            \n          <\/div>\n\n      \n          <div class=\"event \"\n            data-id=\"1046\"\n            data-project=\"project_276_2017_03_27\"\n            data-title=\"Ultraljudsf\u00f6reningen, Hands-on workshop\"\n            data-abs-nbr=\"\"\n            data-ystart=\"13.5\"\n            data-yend=\"15\"\n            data-time=\"13:30-15:00\"\n            data-room=\"14\"\n            data-room-id=\"1015\"\n            data-room-name=\"Loge 6\"\n            data-day=\"0\"\n            data-abs-path=\"\"\n            data-speaker=\"\"\n            data-speakercell=\"\"\n            data-info=\" \n                 &lt;p&gt;Workshops, handson och demonstrationer av ultraljud&lt;\/p&gt;\n                 &lt;p&gt;&lt;i&gt;Okej, vi erk\u00e4nner \u2013 vi \u00e4r ett g\u00e4ng ultraljudsn\u00f6rdar som \u00e5terstartat SFMU. P\u00e5 R\u00f6ntgenveckan hittar vi ocks\u00e5 de allra senaste ultraljudsmaskinerna, det \u00e4r rena julaftonen!&lt;br&gt;&lt;\/i&gt;&lt;i&gt;F\u00f6r att sprida v\u00e5r entusiasm \u00f6ver ultraljud har vi sessioner i Loge 4+6 p\u00e5 R\u00f6ntgenveckan, d\u00e4r vi kan tr\u00e4na ultraljud p\u00e5 riktigt. H\u00e4ng p\u00e5 n\u00e4r vi visar upp v\u00e5ra favoritunders\u00f6kningar!&lt;br&gt;&lt;\/i&gt;&lt;i&gt;OBS- ingen bokning, f\u00f6rst till kvarn g\u00e4ller ... V\u00e4lkomna!&lt;\/i&gt;&lt;\/p&gt;\n                 &lt;p&gt;&lt;i&gt;Bli medlem? &amp;nbsp;Maila: sfmu.sfmu@gmail.com&lt;br&gt;&lt;\/i&gt;&lt;\/p&gt;\n                 &lt;p&gt;&lt;b&gt;Tisdag 12 sept:&lt;\/b&gt;&lt;\/p&gt;\n                 &lt;p&gt;&lt;b&gt;Kl 12.45-13.30: Muskuloskeletalt ultraljud, ffa axlar.&amp;nbsp;&amp;nbsp;&lt;\/b&gt;Dr Laszlo Toth, Hudiksvalls Sjukhus&lt;\/p&gt;\n                 &lt;p&gt;&lt;\/p&gt;\n                 &lt;p&gt;&lt;b&gt;Kl 13.30-16.45 Biopsitr\u00e4ning p\u00e5 preparat\u2013 enbart f\u00f6r deltagare p\u00e5 ST-kurs i ultraljudsv\u00e4gledda punktioner.&lt;br&gt;&lt;br&gt;&lt;\/b&gt;&lt;\/p&gt;\n                 &lt;p&gt;&lt;b&gt;Onsdag 13 sept:&lt;\/b&gt;&lt;\/p&gt;\n                 &lt;p&gt;&lt;b&gt;Kl 8.30-9.45: \u201dAkut ultraljud \u2013 EFAST, POCUS, och annat man g\u00f6r p\u00e5 akutrummet\u2026\u201d&amp;nbsp;&lt;\/b&gt;Dr Jesper Danielsson, St G\u00f6rans Sjukhus&lt;\/p&gt;\n                 &lt;p&gt;&lt;b&gt;Kl 8.30-9.45: \u201dLeverelastografi, demo och hands-on&lt;\/b&gt;\u201d. Sonograf Marie Byenfeldt, \u00d6stersunds Sjukhus.&lt;\/p&gt;\n                 &lt;p&gt;&lt;b&gt;Kl 10.00-11.00: \u00c5rsm\u00f6te SFMU&lt;\/b&gt;&lt;\/p&gt;\n                 &lt;p&gt;&lt;b&gt;Kl 11.00-12.15 : \u201dFria fl\u00f6den? Doppler av perifera och centrala blodk\u00e4rl\u201d.&amp;nbsp;&lt;\/b&gt;&amp;nbsp;Dr Kristina Dahlstr\u00f6m, Faluns Sjukhus&lt;b&gt;&lt;\/b&gt;&lt;\/p&gt;\n                 &lt;p&gt;&lt;b&gt;Kl 11.00-12.15: : \u201dMuskuloskeletalt ultraljud, ffa axlar\u201d.&amp;nbsp;&lt;\/b&gt;Dr Laszlo Toth, Hudiksvalls Sjukhus&lt;b&gt;&lt;\/b&gt;&lt;\/p&gt;\n                 &lt;p&gt;&lt;b&gt;13.30-14.45: \u201dBiopsitr\u00e4ning \u2013 ultraljudsv\u00e4gledda punktioner, demonstration och praktisk \u00f6vning p\u00e5 preparat\u201d.&lt;\/b&gt;&amp;nbsp;Dr Stefan H\u00f6rnlund, Sundsvalls sjukhus&lt;\/p&gt;\n                 &lt;p&gt;&lt;b&gt;13.30-14.45 \u201dSonograf? Prova-p\u00e5-ultraljud f\u00f6r nyfikna r\u00f6ntgensjuksk\u00f6terskor\u201d.&lt;\/b&gt;&amp;nbsp;Sonograf Karin Asplund, Astrid Lindgrens Barnsjukhus&lt;\/p&gt;\n                 &lt;p&gt;&lt;b&gt;Kl 15.45-16.45: \u201dFusion av MR-buk och ultraljud, demonstration live och praktisk&amp;nbsp;&lt;\/b&gt;\u00f6vning\u201d.&amp;nbsp;&amp;nbsp; Dr Sara Sehlstedt, \u00d6stersunds Sjukhus&lt;\/p&gt;\n                 &lt;p&gt;&lt;b&gt;Kl 15.45-16.45&lt;\/b&gt;:&amp;nbsp;&lt;b&gt;\u201dSonograf? Prova-p\u00e5-ultraljud f\u00f6r nyfikna r\u00f6ntgensjuksk\u00f6terskor\u201d.&amp;nbsp;&lt;\/b&gt;Sonograf Maria Zetterman, Astrid Lindgrens Barnsjukhus&lt;br&gt;&lt;br&gt;Torsdag 14 sept.&lt;\/p&gt;\n                 &lt;p&gt;&lt;b&gt;Kl 9.50-10.45: &amp;nbsp;\u201dUltraljudsv\u00e4gledda biopsier, demo och praktisk \u00f6vning p\u00e5 preparat\u201d.&amp;nbsp;&amp;nbsp;&lt;\/b&gt;Dr Stefan H\u00f6rnlund, Sundsvalls Sjukhus.&lt;\/p&gt;\n                 &lt;p&gt;&lt;b&gt;Kl 13.30-15.00: \u201dMuskuloskeletalt ultraljud,&amp;nbsp; fr\u00e4mst \u00f6vre extremitet\u201d.&lt;\/b&gt;&amp;nbsp;Dr David Wilson och Dr Gina Allen, Oxford samt Dr Magnus Hjelm, G\u00e4vle Sjukhus och Dr Johan Krause, Uppsala Akademiska Sjukhus.&lt;\/p&gt;\n                 &lt;p&gt;&lt;b&gt;Kl 15.45-16.45:&lt;\/b&gt;&amp;nbsp;&lt;b&gt;\u201dMuskuloskeletalt ultraljud,&amp;nbsp; fr\u00e4mst nedre extremitet\u201d.&lt;\/b&gt;&amp;nbsp;Dr David Wilson och Dr Gina Allen, Oxford samt Dr Magnus Hjelm, G\u00e4vle Sjukhus och Dr Johan Krause, Uppsala Akademiska Sjukhus&lt;b&gt;&lt;\/b&gt;&lt;\/p&gt;\n                 &lt;p&gt;&lt;i&gt;&lt;br&gt;&lt;\/i&gt;&lt;\/p&gt; \n                &lt;br&gt;&lt;br&gt;\"\n            data-category=\"ST-kurser \/ Ungt forum\"\n            data-category-ids=\"1005\"\n            data-span-all=\"\"\n                      >\n\n            <div class=\"event_content\">\n              <div class=\"title\">\n                                <span>Ultraljudsf\u00f6reningen, Hands-on workshop<\/span>\n              <\/div>\n              <div class=\"span_room\"><span><\/span><\/div>\n              <div class=\"time\">\n                <span>\n                  13:30-15:00                <\/span><\/div>\n\n              \n            <\/div>\n\n\n                                <div style=\"background-color:#99FFFF; position: absolute !important ; height: 4px !important; left: 4px; right: 4px; bottom : 2px !important;  border\"><\/div>\n            \n          <\/div>\n\n      \n          <div class=\"event \"\n            data-id=\"1175\"\n            data-project=\"project_276_2017_03_27\"\n            data-title=\"Ultraljudsf\u00f6reningen, Hands-on workshop\"\n            data-abs-nbr=\"\"\n            data-ystart=\"13.5\"\n            data-yend=\"15\"\n            data-time=\"13:30-15:00\"\n            data-room=\"15\"\n            data-room-id=\"1016\"\n            data-room-name=\"Loge 5\"\n            data-day=\"0\"\n            data-abs-path=\"\"\n            data-speaker=\"\"\n            data-speakercell=\"\"\n            data-info=\"\n                 &lt;p&gt;Basal ST-kurs i ultraljudsv\u00e4gledda punktioner &lt;br&gt;Svensk F\u00f6rening f\u00f6r Medicinsk Ultraljudsdiagnostik h\u00e5ller \u00e5ter en kurs i basal punktionsteknik f\u00f6r ST-l\u00e4kare - men f\u00f6rmiddagens f\u00f6rel\u00e4sningar \u00e4r \u00f6ppna f\u00f6r alla, s\u00e5 \u00e4ldre kollegor som kanske k\u00e4nner sig ringrostiga och i behov av en &quot;refresher course&quot; \u00e4r ocks\u00e5 varmt v\u00e4lkomna. Teoretiskt genomg\u00e5ng p\u00e5 f\u00f6rmiddagen om vad man b\u00f6r t\u00e4nka p\u00e5 vid alla olika typer av ultraljudsv\u00e4gledda punktioner som f\u00f6rekommer p\u00e5 r\u00f6ntgen, samt genomg\u00e5ng i hur man kan tr\u00e4na tekniken sj\u00e4lv p\u00e5 hemmaplan. Eftermiddagens praktiska \u00f6vningar \u00e4r dock till f\u00f6r de som antagits p\u00e5 ST-kursen (och endast de kommer f\u00e5 kursintyg). &lt;br&gt;&lt;br&gt;kl 8.30-9.15 Introduktion + biopsi i parenkymat\u00f6sa organ (med fast vinkel). Dr Sara Sehlstedt, \u00d6verl\u00e4kare R\u00f6ntgenavd, \u00d6stersunds Sjukhus &lt;br&gt;kl 9.15-10.00 Br\u00f6stpunktioner och frihandsteknik. Dr Tryggve Eriksson, \u00d6verl\u00e4kare, Mammografiavd \u00d6stersunds Sjukhus &lt;br&gt;10.30-11.15: Ultraljudsv\u00e4gledda dr\u00e4nage: pleura, ascites och abcesser. Dr Jesper Danielsson, \u00d6verl\u00e4kare, Capio St G\u00f6rans Sjukhus 11.15-12.00 : Demonstration av punktions\u00f6vningar, inf\u00f6r eftermiddagens praktiska moment (samtliga f\u00f6rel\u00e4sare). &lt;br&gt;kl 13.30-16.30 (??) Hela eftermiddagen \u00e4gnas \u00e5t praktiska \u00f6vningar med ultraljud p\u00e5 preparat i sm\u00e5grupper, med handledare fr\u00e5n SFMU. Endast f\u00f6r de som antagits p\u00e5 STkursen. Gruppindelning sker under f\u00f6rmiddagen.&lt;br&gt;&lt;\/p&gt;\n                &lt;br&gt;&lt;br&gt;\"\n            data-category=\"ST-kurser \/ Ungt forum\"\n            data-category-ids=\"1005\"\n            data-span-all=\"\"\n                      >\n\n            <div class=\"event_content\">\n              <div class=\"title\">\n                                <span>Ultraljudsf\u00f6reningen, Hands-on workshop<\/span>\n              <\/div>\n              <div class=\"span_room\"><span><\/span><\/div>\n              <div class=\"time\">\n                <span>\n                  13:30-15:00                <\/span><\/div>\n\n              \n            <\/div>\n\n\n                                <div style=\"background-color:#99FFFF; position: absolute !important ; height: 4px !important; left: 4px; right: 4px; bottom : 2px !important;  border\"><\/div>\n            \n          <\/div>\n\n      \n          <div class=\"event \"\n            data-id=\"1047\"\n            data-project=\"project_276_2017_03_27\"\n            data-title=\"RAM-kurs\"\n            data-abs-nbr=\"\"\n            data-ystart=\"13.5\"\n            data-yend=\"15\"\n            data-time=\"13:30-15:00\"\n            data-room=\"16\"\n            data-room-id=\"1017\"\n            data-room-name=\"Noten\/Takten\/Accenten\/Reprisen\"\n            data-day=\"0\"\n            data-abs-path=\"\"\n            data-speaker=\"Staffan Wirell; Anders von Heijne; Marcus Casselgren; Charalampos Georgiopoulos; Joar Bj\u00f6rk; Kada Karlsson\"\n            data-speakercell=\"Staffan Wirell; Anders von Heijne; Marcus Casselgren; Charalampos Georgiopoulos; Joar Bj\u00f6rk; Kada Karlsson\"\n            data-info=\"\"\n            data-category=\"RAM-kurs\"\n            data-category-ids=\"1016\"\n            data-span-all=\"\"\n                      >\n\n            <div class=\"event_content\">\n              <div class=\"title\">\n                                <span>RAM-kurs<\/span>\n              <\/div>\n              <div class=\"span_room\"><span><\/span><\/div>\n              <div class=\"time\">\n                <span>\n                  13:30-15:00                <\/span><\/div>\n\n              <div class=\"lecturer\"><span>Staffan Wirell; Anders von Heijne; Marcus Casselgren; Charalampos Georgiopoulos; Joar Bj\u00f6rk; Kada Karlsson<\/span><\/div>\n            <\/div>\n\n\n                                <div style=\"background-color:#66FFCC; position: absolute !important ; height: 4px !important; left: 4px; right: 4px; bottom : 2px !important;  border\"><\/div>\n            \n          <\/div>\n\n      \n          <div class=\"event \"\n            data-id=\"1034\"\n            data-project=\"project_276_2017_03_27\"\n            data-title=\"Temadag Neuro: Modern ryggdiagnostik\"\n            data-abs-nbr=\"\"\n            data-ystart=\"13.5\"\n            data-yend=\"15\"\n            data-time=\"13:30-15:00\"\n            data-room=\"4\"\n            data-room-id=\"1004\"\n            data-room-name=\"Operan\"\n            data-day=\"0\"\n            data-abs-path=\"\"\n            data-speaker=\"M\u00e5rten Annertz; Hans Tropp\"\n            data-speakercell=\"M\u00e5rten Annertz; Hans Tropp\"\n            data-info=\"&lt;b&gt;Moderatorer: &lt;\/b&gt;Roger Siemund&lt;br&gt;&lt;br&gt; \n                 &lt;p&gt;Modern ryggdiagnostik&lt;\/p&gt; \n                &lt;br&gt;&lt;br&gt;\"\n            data-category=\"SFMR - Delf\u00f6reningar\"\n            data-category-ids=\"1006\"\n            data-span-all=\"\"\n                      >\n\n            <div class=\"event_content\">\n              <div class=\"title\">\n                                <span>Temadag Neuro: Modern ryggdiagnostik<\/span>\n              <\/div>\n              <div class=\"span_room\"><span><\/span><\/div>\n              <div class=\"time\">\n                <span>\n                  13:30-15:00                <\/span><\/div>\n\n              <div class=\"lecturer\"><span>M\u00e5rten Annertz; Hans Tropp<\/span><\/div>\n            <\/div>\n\n\n                                <div style=\"background-color:#6699CC; position: absolute !important ; height: 4px !important; left: 4px; right: 4px; bottom : 2px !important;  border\"><\/div>\n            \n          <\/div>\n\n      \n          <div class=\"event \"\n            data-id=\"1040\"\n            data-project=\"project_276_2017_03_27\"\n            data-title=\"SFR - Vem f\u00e5r g\u00f6ra vad p\u00e5 r\u00f6ntgen?\"\n            data-abs-nbr=\"\"\n            data-ystart=\"13.5\"\n            data-yend=\"15\"\n            data-time=\"13:30-15:00\"\n            data-room=\"8\"\n            data-room-id=\"1009\"\n            data-room-name=\"Sonaten\"\n            data-day=\"0\"\n            data-abs-path=\"\"\n            data-speaker=\"Camilla Larsson; Maria  Ennefors; Anders Alexandersson\"\n            data-speakercell=\"Camilla Larsson; Maria  Ennefors; Anders Alexandersson\"\n            data-info=\"&lt;b&gt;Moderatorer: &lt;\/b&gt;Anneli Tengvall&lt;br&gt;&lt;br&gt; \n                 &lt;p&gt;F\u00f6rel\u00e4sare: Camilla Larsson, Str\u00e5ls\u00e4kerhetsmyndigheten&lt;br&gt;&lt;br&gt;Str\u00e5ls\u00e4kerhetsmyndigheten f\u00e5r ibland fr\u00e5gor om vilken kompetens som kr\u00e4vs f\u00f6r att arbeta p\u00e5 en r\u00f6ntgenavdelning, om det finns n\u00e5gra krav eller regler som beskriver detta. Svaret blir ofta att det inte finns n\u00e5gon regel om vem som f\u00e5r g\u00f6ra vad. Det inneb\u00e4r dock inte att det helt saknas best\u00e4mmelser att f\u00f6rh\u00e5lla sig till. I Sverige svarar Socialstyrelsen f\u00f6r personal inom h\u00e4lso- och sjukv\u00e5rden, inklusive inneh\u00e5llet i utbildningar som leder till yrken med legitimationskrav. Allm\u00e4nna regler p\u00e5 h\u00e4lso-och sjukv\u00e5rdens omr\u00e5de m\u00e5ste beaktas n\u00e4r t.ex. verksamhetschefen best\u00e4mmer vem som ska utf\u00f6ra olika arbetsuppgifter. Str\u00e5ls\u00e4kerhetsmyndighetens f\u00f6reskrifter kompletterar dessa krav med best\u00e4mmelser om intern str\u00e5lskyddsutbildning anpassad f\u00f6r olika yrkeskategorier och arbetsuppgifter. Str\u00e5ls\u00e4kerhetsmyndigheten st\u00e4ller krav p\u00e5 att verksamhetsut\u00f6varen f\u00f6rvissar sig om att den som arbetar i verksamheten har den utbildning som beh\u00f6vs f\u00f6r att verksamheten ska kunna bedrivas under goda str\u00e5lskyddsf\u00f6rh\u00e5llanden. Detta regleras i 7 \u00a7 str\u00e5lskyddslagen (1988:220), 10 \u00a7 Str\u00e5ls\u00e4kerhetsmyndighetens f\u00f6reskrifter (SSMFS 2008:35) om allm\u00e4nna skyldigheter vid medicinsk och odontologisk verksamhet med joniserande str\u00e5lning samt 8 \u00a7 Str\u00e5ls\u00e4kerhetsmyndighetens f\u00f6reskrifter (SSMFS 2008:31) om r\u00f6ntgendiagnostik. Verksamhetsut\u00f6varen f\u00e5r sj\u00e4lv avg\u00f6ra vilken formell kompetens (t.ex. radiolog, l\u00e4kare, r\u00f6ntgensjuksk\u00f6terska, sjuksk\u00f6terska) eller reell kompetens som beh\u00f6vs f\u00f6r att f\u00e5 utf\u00f6ra olika uppgifter inom verksamheten. Som ett exempel ing\u00e5r i r\u00f6ntgensjuksk\u00f6terskeexamen den formella kompetensen f\u00f6r att utf\u00f6ra r\u00f6ntgenunders\u00f6kningar. Vid anst\u00e4llning av en person med r\u00f6ntgensjuksk\u00f6terskeexamen blir det allts\u00e5 l\u00e4tt f\u00f6r verksamhetsut\u00f6varen att avg\u00f6ra om denne har formell kompetens och d\u00e4rmed f\u00f6ruts\u00e4ttningar att utf\u00f6ra arbetsuppgifter p\u00e5 ett fr\u00e5n str\u00e5lskyddssynpunkt s\u00e4kert s\u00e4tt. Verksamhetsut\u00f6varen ansvarar f\u00f6r att personalen har en kompetensniv\u00e5 som \u00e4r anpassad till riskerna i verksamheten. Kompetenskrav f\u00f6r verksamheten utformas l\u00e4mpligen med hj\u00e4lp av nationella eller internationella riktlinjer, till exempel EU-kommissionens riktlinjer (RP 175). I dessa ges rekommendationer om vilka kompetenser som kr\u00e4vs f\u00f6r olika arbetsuppgifter r\u00f6rande medicinska exponeringar. F\u00f6rutom de allm\u00e4nna regler som finns f\u00f6r h\u00e4lso- och sjukv\u00e5rden har verksamhetsut\u00f6varen den radiologiska ledningsfunktionen och sjukhusfysikern till sin hj\u00e4lp i utformningen av kompetenskrav f\u00f6r verksamheten.&lt;\/p&gt; \n                 &lt;p&gt;F\u00f6rel\u00e4sare: Maria Ennefors, Anders Alexandersson, Socialstyrelsen&lt;br&gt;&lt;br&gt;&lt;span style=&quot;font-weight: bold;&quot;&gt;Syfte&lt;br&gt;&lt;\/span&gt;Socialstyrelsen f\u00e5r m\u00e5nga fr\u00e5gor om vem som f\u00e5r g\u00f6ra vad i v\u00e5rden, t ex om vem har r\u00e4tt att\nst\u00e4lla diagnos, vem f\u00e5r delegera l\u00e4kemedelshantering och vem f\u00e5r granska en patients\nr\u00f6ntgenbilder?\nSyftet med f\u00f6rel\u00e4sningen \u00e4r att \u00f6ka kunskapen om grundl\u00e4ggande fakta kring regelverket och\nsvara p\u00e5 vanliga fr\u00e5gor om m\u00f6jlighet och begr\u00e4nsningar, t ex n\u00e4r det g\u00e4ller arbetsledning,\ndelegering och egenansvar. Vi presenterar ocks\u00e5 nyheter i den reviderade f\u00f6reskrift om\nl\u00e4kemedelshantering, som tr\u00e4der i kraft 2018.\n&lt;span style=&quot;font-weight: bold;&quot;&gt;Ny webbplats om vem f\u00e5r g\u00f6ra vad\n&lt;br&gt;&lt;\/span&gt;Under v\u00e5ren 2017 lanserade Socialstyrelsen en ny webbplats \u201dVem f\u00e5r g\u00f6ra vad i h\u00e4lso- och\nsjukv\u00e5rden och tandv\u00e5rden? \u201d https:\/\/vemfargoravad.socialstyrelsen.se\/\nDen ger svar p\u00e5 vanliga fr\u00e5gor om vilka arbetsuppgifter som \u00e4r s\u00e4rskilt reglerade enligt lag och\nvilka uppgifter v\u00e5rdgivaren sj\u00e4lv kan f\u00f6rdela efter personalens kompetens. F\u00f6rhoppningen \u00e4r att\nwebbplatsen ska klarg\u00f6ra att det finns ganska stora m\u00f6jligheter att planera verksamheter p\u00e5 ett\nmer flexibelt s\u00e4tt.\nEfter lanseringen av webbplatsen har vi f\u00e5tt flera fr\u00e5gor fr\u00e5n r\u00f6ntgenpersonal om t ex\nl\u00e4kemedelshantering. Ett exempel p\u00e5 fr\u00e5ga \u00e4r om en r\u00f6ntgensjuksk\u00f6terska f\u00e5r hantera\nkontrastv\u00e4tska vid en DT-unders\u00f6kning. Det kommer ocks\u00e5 att finnas tid f\u00f6r fr\u00e5gor i slutet av\nf\u00f6rel\u00e4sningen .\n&lt;br&gt;&lt;span style=&quot;font-weight: bold;&quot;&gt;Fler fr\u00e5gor om vem f\u00e5r g\u00f6ra vad?&lt;\/span&gt;\n&lt;br&gt;F\u00f6rutom webbplatsen vemfargoravad har Socialstyrelsen ocks\u00e5 en upplysningstj\u00e4nst dit du kan\nv\u00e4nda dig f\u00f6r fr\u00e5gor om g\u00e4llande f\u00f6rfattningar p\u00e5 h\u00e4lso- och sjukv\u00e5rdens samt socialtj\u00e4nstens\nomr\u00e5de. http:\/\/www.socialstyrelsen.se\/omsocialstyrelsen\/kontaktformular\n&lt;br&gt;&lt;br&gt;Upplysningstj\u00e4nsten n\u00e5s ocks\u00e5 p\u00e5 075-247 30 00 p\u00e5 m\u00e5ndagar 13\u201315 och tisdag\u2013fredag 9\u201311.&lt;br&gt;&lt;\/p&gt; \n                 &lt;p&gt;&lt;br&gt;&lt;\/p&gt; \n                &lt;br&gt;&lt;br&gt;\"\n            data-category=\"SFR - Svensk F\u00f6rening f\u00f6r R\u00f6ntgensjuksk\u00f6terskor\"\n            data-category-ids=\"1007\"\n            data-span-all=\"\"\n                      >\n\n            <div class=\"event_content\">\n              <div class=\"title\">\n                                <span>SFR - Vem f\u00e5r g\u00f6ra vad p\u00e5 r\u00f6ntgen?<\/span>\n              <\/div>\n              <div class=\"span_room\"><span><\/span><\/div>\n              <div class=\"time\">\n                <span>\n                  13:30-15:00                <\/span><\/div>\n\n              <div class=\"lecturer\"><span>Camilla Larsson; Maria  Ennefors; Anders Alexandersson<\/span><\/div>\n            <\/div>\n\n\n                                <div style=\"background-color:#33CC66; position: absolute !important ; height: 4px !important; left: 4px; right: 4px; bottom : 2px !important;  border\"><\/div>\n            \n          <\/div>\n\n      \n          <div class=\"event \"\n            data-id=\"1042\"\n            data-project=\"project_276_2017_03_27\"\n            data-title=\"MTF - Teknikerm\u00f6te &quot;Landet runt&quot;\"\n            data-abs-nbr=\"\"\n            data-ystart=\"13.5\"\n            data-yend=\"16.75\"\n            data-time=\"13:30-16:45\"\n            data-room=\"2\"\n            data-room-id=\"1005\"\n            data-room-name=\"Backstage\"\n            data-day=\"0\"\n            data-abs-path=\"\"\n            data-speaker=\"Maria Wirenstedt; Miki Perc\"\n            data-speakercell=\"Maria Wirenstedt; Miki Perc\"\n            data-info=\" \n                 &lt;p&gt;\u00d6ppet diskussionsm\u00f6te&lt;br&gt;&lt;br&gt;Vid tidigare RTG- veckor, och vid samtal med kollegor, har r\u00f6ntgeningenj\u00f6rerna \u00f6nskat en samling f\u00f6r sin yrkesgrupp f\u00f6r att diskutera aktuella fr\u00e5gor som ej behandlas i f\u00f6redragen p\u00e5 r\u00f6ntgenveckan. F\u00f6rs\u00f6ket med Teknikerm\u00f6te startade p\u00e5 r\u00f6ntgenveckan 2014 och mottogs positivt vilket gjorde att vi \u00e4ven h\u00f6ll ett m\u00f6ten 2015 och 2016 och nu inbjuder till detta \u00e4ven under r\u00f6ntgenveckan 2017. M\u00f6tet ger \u00e4ven tillf\u00e4lle att ni som yrkesgrupp kan tr\u00e4ffas f\u00f6r att diskutera aktuella teknikfr\u00e5gor, \u00f6nskem\u00e5l och behov av utbildningar, seminarier och program f\u00f6r kommande r\u00f6ntgenveckor. Deltagarna f\u00e5r g\u00e4rna ta med aktuella fr\u00e5gor f\u00f6r diskussion. Miki Perc, MTF Maria Wirenstedt , MTF&lt;br&gt;&lt;\/p&gt; \n                &lt;br&gt;&lt;br&gt;\"\n            data-category=\"MTF - Svensk f\u00f6rening f\u00f6r Medicinsk Teknik och Fysik\"\n            data-category-ids=\"1009\"\n            data-span-all=\"\"\n                      >\n\n            <div class=\"event_content\">\n              <div class=\"title\">\n                                <span>MTF - Teknikerm\u00f6te \"Landet runt\"<\/span>\n              <\/div>\n              <div class=\"span_room\"><span><\/span><\/div>\n              <div class=\"time\">\n                <span>\n                  13:30-16:45                <\/span><\/div>\n\n              <div class=\"lecturer\"><span>Maria Wirenstedt; Miki Perc<\/span><\/div>\n            <\/div>\n\n\n                                <div style=\"background-color:#CCCC66; position: absolute !important ; height: 4px !important; left: 4px; right: 4px; bottom : 2px !important;  border\"><\/div>\n            \n          <\/div>\n\n      \n          <div class=\"event \"\n            data-id=\"1033\"\n            data-project=\"project_276_2017_03_27\"\n            data-title=\"Fallpresentationst\u00e4vling I\"\n            data-abs-nbr=\"\"\n            data-ystart=\"13.5\"\n            data-yend=\"15\"\n            data-time=\"13:30-15:00\"\n            data-room=\"3\"\n            data-room-id=\"1003\"\n            data-room-name=\"Musikalen\"\n            data-day=\"0\"\n            data-abs-path=\"\"\n            data-speaker=\"\"\n            data-speakercell=\"\"\n            data-info=\"&lt;b&gt;Moderatorer: &lt;\/b&gt;Yngve  Forslin&lt;br&gt;&lt;br&gt; \n                 &lt;p&gt;Fallpresentationer skickas till ungtforum@gmail.com&lt;\/p&gt; \n                &lt;br&gt;&lt;br&gt;\"\n            data-category=\"ST-kurser \/ Ungt forum\"\n            data-category-ids=\"1005\"\n            data-span-all=\"\"\n                      >\n\n            <div class=\"event_content\">\n              <div class=\"title\">\n                                <span>Fallpresentationst\u00e4vling I<\/span>\n              <\/div>\n              <div class=\"span_room\"><span><\/span><\/div>\n              <div class=\"time\">\n                <span>\n                  13:30-15:00                <\/span><\/div>\n\n              \n            <\/div>\n\n\n                                <div style=\"background-color:#99FFFF; position: absolute !important ; height: 4px !important; left: 4px; right: 4px; bottom : 2px !important;  border\"><\/div>\n            \n          <\/div>\n\n      \n          <div class=\"event \"\n            data-id=\"1032\"\n            data-project=\"project_276_2017_03_27\"\n            data-title=\"Dubbelmorden p\u00e5 \u00c5sgatan - Reflektion \/ Kamratst\u00f6d\"\n            data-abs-nbr=\"\"\n            data-ystart=\"13.5\"\n            data-yend=\"15\"\n            data-time=\"13:30-15:00\"\n            data-room=\"1\"\n            data-room-id=\"1002\"\n            data-room-name=\"Crusellhallen\"\n            data-day=\"0\"\n            data-abs-path=\"\"\n            data-speaker=\"Peter Hermansson\"\n            data-speakercell=\"Peter Hermansson\"\n            data-info=\"&lt;b&gt;Moderatorer: &lt;\/b&gt;Maria Lindblom&lt;br&gt;&lt;br&gt; \n                 &lt;p&gt;F\u00f6rel\u00e4sare: Peter Hermansson, undersk\u00f6terska Akuten, Link\u00f6ping, f d ambulanssjukv\u00e5rden&lt;\/p&gt; \n                &lt;br&gt;&lt;br&gt;\"\n            data-category=\"Allm\u00e4n f\u00f6rel\u00e4sning\"\n            data-category-ids=\"1003\"\n            data-span-all=\"\"\n                      >\n\n            <div class=\"event_content\">\n              <div class=\"title\">\n                                <span>Dubbelmorden p\u00e5 \u00c5sgatan - Reflektion \/ Kamratst\u00f6d<\/span>\n              <\/div>\n              <div class=\"span_room\"><span><\/span><\/div>\n              <div class=\"time\">\n                <span>\n                  13:30-15:00                <\/span><\/div>\n\n              <div class=\"lecturer\"><span>Peter Hermansson<\/span><\/div>\n            <\/div>\n\n\n                                <div style=\"background-color:#FF9933; position: absolute !important ; height: 4px !important; left: 4px; right: 4px; bottom : 2px !important;  border\"><\/div>\n            \n          <\/div>\n\n      \n          <div class=\"event \"\n            data-id=\"1039\"\n            data-project=\"project_276_2017_03_27\"\n            data-title=\"Studiebes\u00f6k CMIV\"\n            data-abs-nbr=\"\"\n            data-ystart=\"14\"\n            data-yend=\"16\"\n            data-time=\"14:00-16:00\"\n            data-room=\"17\"\n            data-room-id=\"1018\"\n            data-room-name=\"CMIV\"\n            data-day=\"0\"\n            data-abs-path=\"\"\n            data-speaker=\"\"\n            data-speakercell=\"\"\n            data-info=\" \n                 &lt;p&gt;Studiebes\u00f6ket g\u00f6rs i tre grupper. F\u00d6RANM\u00c4LAN!&lt;br&gt;&lt;br&gt;Hitta hit: Campus US Universitetssjukhuset.&lt;br&gt;Fr\u00e5n S\u00f6dra entr\u00e9n: Ing\u00e5ng 1, hiss A, plan 11&lt;br&gt;Fr\u00e5n Norra entr\u00e9n: Ing\u00e5ng 7, hiss K, plan 11&lt;br&gt;&lt;\/p&gt; \n                &lt;br&gt;&lt;br&gt;\"\n            data-category=\"Allm\u00e4n f\u00f6rel\u00e4sning\"\n            data-category-ids=\"1003\"\n            data-span-all=\"\"\n                      >\n\n            <div class=\"event_content\">\n              <div class=\"title\">\n                                <span>Studiebes\u00f6k CMIV<\/span>\n              <\/div>\n              <div class=\"span_room\"><span><\/span><\/div>\n              <div class=\"time\">\n                <span>\n                  14:00-16:00                <\/span><\/div>\n\n              \n            <\/div>\n\n\n                                <div style=\"background-color:#FF9933; position: absolute !important ; height: 4px !important; left: 4px; right: 4px; bottom : 2px !important;  border\"><\/div>\n            \n          <\/div>\n\n      \n          <div class=\"event \"\n            data-id=\"1179\"\n            data-project=\"project_276_2017_03_27\"\n            data-title=\"Kaffe &amp; Utst\u00e4llning\"\n            data-abs-nbr=\"\"\n            data-ystart=\"15\"\n            data-yend=\"15.75\"\n            data-time=\"15:00-15:45\"\n            data-room=\"0\"\n            data-room-id=\"-1\"\n            data-room-name=\"-Ej specificerad-\"\n            data-day=\"0\"\n            data-abs-path=\"\"\n            data-speaker=\"\"\n            data-speakercell=\"\"\n            data-info=\"\"\n            data-category=\"\"\n            data-category-ids=\"\"\n            data-span-all=\"\"\n                      >\n\n            <div class=\"event_content\">\n              <div class=\"title\">\n                                <span>Kaffe & Utst\u00e4llning<\/span>\n              <\/div>\n              <div class=\"span_room\"><span><\/span><\/div>\n              <div class=\"time\">\n                <span>\n                  15:00-15:45                <\/span><\/div>\n\n              \n            <\/div>\n\n\n            \n          <\/div>\n\n      \n          <div class=\"event \"\n            data-id=\"1053\"\n            data-project=\"project_276_2017_03_27\"\n            data-title=\"SFR - Forskning inom metodutveckling\"\n            data-abs-nbr=\"\"\n            data-ystart=\"15.75\"\n            data-yend=\"16.75\"\n            data-time=\"15:45-16:45\"\n            data-room=\"9\"\n            data-room-id=\"1010\"\n            data-room-name=\"Operetten\"\n            data-day=\"0\"\n            data-abs-path=\"\"\n            data-speaker=\"Britt-Marie Ahlander; Anders Svensson\"\n            data-speakercell=\"Britt-Marie Ahlander; Anders Svensson\"\n            data-info=\"&lt;b&gt;Moderatorer: &lt;\/b&gt;Maud Lund\u00e9n&lt;br&gt;&lt;br&gt; \n                 &lt;p&gt;&lt;span style=&quot;font-weight: bold;&quot;&gt;Forskning inom metodutveckling&lt;\/span&gt;&lt;\/p&gt; \n                 &lt;p&gt;F\u00f6rel\u00e4sare: Britt-Marie Ahlander&lt;br&gt;&lt;br&gt;Syfte: Att vid Magnetisk Resonanstomografi av hj\u00e4rtat (hj\u00e4rt-MR): &lt;br&gt;I) p\u00e5 patienter med f\u00f6rmaksflimmer och genomg\u00e5ngen hj\u00e4rtinfarkt j\u00e4mf\u00f6ra bildkvaliten mellan tv\u00e5 olika sekvenser vilka utv\u00e4rderar viabilitet. Samt att bed\u00f6ma bildkvaliten p\u00e5 cine bilder. &lt;br&gt;II) vid perfusions unders\u00f6kning j\u00e4mf\u00f6ra bildkvaliten mellan tv\u00e5 olika sekvenser med hj\u00e4rtscintigrafi som referensmetod. &lt;br&gt;&lt;br&gt;Material och metoder: &lt;br&gt;I) P\u00e5 20 patienter med genomg\u00e5ngen hj\u00e4rtinfarkt och p\u00e5g\u00e5ende f\u00f6rmaksflimmer j\u00e4mf\u00f6rdes vid hj\u00e4rtMR unders\u00f6kning bildkvaliten mellan tv\u00e5 olika Late Gadolinium Enhancement sekvenser av tv\u00e5 oberoende bed\u00f6mare. En segmenterad (data samlas in under flera hj\u00e4rtslag) och en single shot sekvens (data samlas in under ett hj\u00e4rtslag). Dessutom bed\u00f6mdes bildkvaliten p\u00e5 cine bilder vilka anv\u00e4nds f\u00f6r utv\u00e4rdering av hj\u00e4rtats funktion. &lt;br&gt;II) P\u00e5 60 patienter remitterade f\u00f6r hj\u00e4rtscintigrafi gjordes \u00e4ven hj\u00e4rt-MR under adenosin-stress och under vila. Tv\u00e5 olika sekvenser anv\u00e4ndes f\u00f6r att visualisera hj\u00e4rtats perfusion: Steady State Free Precession (30 patienter) och Gradient Echo- Echo Planar Imaging (30 patienter). \u00c4rr efter genomg\u00e5ngen hj\u00e4rtinfarkt visualiserades med Late Gadolinium Enhancement sekvens. Alla segment med \u00e4rr ans\u00e5gs patologiska. F\u00f6r b\u00e5da perfusions sekvenserna ber\u00e4knades signal- brus och kontrastbrus f\u00f6rh\u00e5llandena. Genombl\u00f6dningen i myokardet bed\u00f6mdes visuellt och semi-kvantitativt med hj\u00e4rtscintigrafin som referensmetod. &lt;br&gt;&lt;br&gt;Resultat: &lt;br&gt;I) Single shot sekvensen visade sig ha signifikant b\u00e4ttre bildkvalitet \u00e4n den segmenterade vid unders\u00f6kning av patienter med f\u00f6rmaksflimmer. \u00c4rrets utbredning var j\u00e4mf\u00f6rbar mellan de b\u00e5da sekvenserna. \u00d6verensst\u00e4mmelsen mellan de olika bed\u00f6marna var st\u00f6rre f\u00f6r den segmenterade sekvensen. S\u00e4mst bildkvalitet hade cine bilderna. &lt;br&gt;II) Trots s\u00e4mre signal brus och kontrast brus f\u00f6rh\u00e5llande \u00f6verensst\u00e4mde resultatet vid perfusionsunders\u00f6kningen med hj\u00e4rt-MR och Gradiet Echo- Echo Planar Imaging sekvensen b\u00e4ttre&amp;nbsp;med resultatet fr\u00e5n hj\u00e4rtscintigrafin \u00e4n vad Steady State Free Precession sekvensen gjorde. Detta g\u00e4llde b\u00e5de vid visuell och semi-kvantitativ utv\u00e4rdering. &lt;br&gt;&lt;br&gt;Konklusion: &lt;br&gt;I) P\u00e5 patienter med f\u00f6rmaksflimmer \u00e4r Single Shot sekvensen att f\u00f6redra. &lt;br&gt;II) Vid perfusionsunders\u00f6kning av hj\u00e4rtat \u00f6verensst\u00e4mmer och Gradiet Echo- Echo Planar Imaging sekvensen b\u00e4ttre med hj\u00e4rtscintigrafin \u00e4n vad Steady State Free Precession sekvensen gjorde&lt;\/p&gt; \n                 &lt;p&gt;&lt;br&gt;&lt;\/p&gt; \n                 &lt;p&gt;F\u00f6rel\u00e4sare: Anders Svensson&lt;\/p&gt; \n                 &lt;p&gt;&lt;span style=&quot;font-weight: bold;&quot;&gt;Syfte:&lt;\/span&gt; Att med datortomografi (DT) dual source teknik studera om en s\u00e4nkning av r\u00f6ntgenr\u00f6rsp\u00e4nningen, kilovoltpotential (kVp), tillsammans med reducering av intraven\u00f6st kontrastmedels (IV KM) dosering p\u00e5verkar unders\u00f6kningens bildkvalitet och lever parenkymets Hounsfieldv\u00e4rde (HU). &lt;br&gt;&lt;span style=&quot;font-weight: bold;&quot;&gt;Material och metod:&lt;\/span&gt; Studien inkluderade120 patienter som indelades i tv\u00e5 grupper beroende p\u00e5 njurfunktion och klinisk indikation; Grupp 1 skattade glomerul\u00e4ra filtreringshastighet (eGFR) uppgick till &amp;gt;45 ml per minut och f\u00f6ljde v\u00e5rt standardprotokoll f\u00f6r viktbaserad individualiserad IV KM dosering. Grupp 2 skattade eGFR understeg &amp;lt;45 ml per minut d\u00e4r reduktion av den IV KM dosering p\u00e5 40 eller 50% var beroende p\u00e5 kVp inst\u00e4llningarna 70 eller 80 kVp. Baserat utifr\u00e5n den kliniska indikationen f\u00f6r DT unders\u00f6kningen valdes antingen standard bukprotokoll (A) eller leverprotokoll (B). &lt;br&gt;&lt;span style=&quot;font-weight: bold;&quot;&gt;Resultat:&lt;\/span&gt; Patienternas kroppsvikt varierade mellan 42-155 kg. Det fanns ingen statistiskt signifikant skillnad i HU av leverparenkym mellan standard bukprotokoll grupp 1A och grupp 2A, (106 HU respektive 112 HU), bildbrus (13 SD respektive 12 SD). Det fanns ingen statistiskt signifikant skillnad i HU av leverparenkymet mellan de tv\u00e5 leverprotokollen (grupp 1B 137 HU och grupp 2B 137 HU). Grupp 1B hade h\u00f6gre bildbrus en gupp 2B (SD 16 respektive 13 p = &amp;lt;0,01). &lt;br&gt;&lt;span style=&quot;font-weight: bold;&quot;&gt;Konklusion: &lt;\/span&gt;Dual source DT teknik tillsammans med s\u00e4nkning av r\u00f6rsp\u00e4nningen till 70 eller 80 kVp inneb\u00e4r att doseringen IV KM kan reduceras med 40 eller 50% utan att bildkvalitet eller uppm\u00e4tt HU v\u00e4rde i leverparenkymet p\u00e5verkas.&lt;br&gt;&lt;\/p&gt; \n                 &lt;p&gt;&lt;br&gt;&lt;\/p&gt; \n                &lt;br&gt;&lt;br&gt;\"\n            data-category=\"SFR - Svensk F\u00f6rening f\u00f6r R\u00f6ntgensjuksk\u00f6terskor\"\n            data-category-ids=\"1007\"\n            data-span-all=\"\"\n                      >\n\n            <div class=\"event_content\">\n              <div class=\"title\">\n                                <span>SFR - Forskning inom metodutveckling<\/span>\n              <\/div>\n              <div class=\"span_room\"><span><\/span><\/div>\n              <div class=\"time\">\n                <span>\n                  15:45-16:45                <\/span><\/div>\n\n              <div class=\"lecturer\"><span>Britt-Marie Ahlander; Anders Svensson<\/span><\/div>\n            <\/div>\n\n\n                                <div style=\"background-color:#33CC66; position: absolute !important ; height: 4px !important; left: 4px; right: 4px; bottom : 2px !important;  border\"><\/div>\n            \n          <\/div>\n\n      \n          <div class=\"event \"\n            data-id=\"1057\"\n            data-project=\"project_276_2017_03_27\"\n            data-title=\"Ultraljudsf\u00f6reningen, Hands-on workshop\"\n            data-abs-nbr=\"\"\n            data-ystart=\"15.75\"\n            data-yend=\"16.75\"\n            data-time=\"15:45-16:45\"\n            data-room=\"14\"\n            data-room-id=\"1015\"\n            data-room-name=\"Loge 6\"\n            data-day=\"0\"\n            data-abs-path=\"\"\n            data-speaker=\"\"\n            data-speakercell=\"\"\n            data-info=\" \n                 &lt;p&gt;Workshops, handson och demonstrationer av ultraljud&lt;\/p&gt;\n                 &lt;p&gt;&lt;i&gt;Okej, vi erk\u00e4nner \u2013 vi \u00e4r ett g\u00e4ng ultraljudsn\u00f6rdar som \u00e5terstartat SFMU. P\u00e5 R\u00f6ntgenveckan hittar vi ocks\u00e5 de allra senaste ultraljudsmaskinerna, det \u00e4r rena julaftonen!&lt;br&gt;&lt;\/i&gt;&lt;i&gt;F\u00f6r att sprida v\u00e5r entusiasm \u00f6ver ultraljud har vi sessioner i Loge 4+6 p\u00e5 R\u00f6ntgenveckan, d\u00e4r vi kan tr\u00e4na ultraljud p\u00e5 riktigt. H\u00e4ng p\u00e5 n\u00e4r vi visar upp v\u00e5ra favoritunders\u00f6kningar!&lt;br&gt;&lt;\/i&gt;&lt;i&gt;OBS- ingen bokning, f\u00f6rst till kvarn g\u00e4ller ... V\u00e4lkomna!&lt;\/i&gt;&lt;\/p&gt;\n                 &lt;p&gt;&lt;i&gt;Bli medlem? &amp;nbsp;Maila: sfmu.sfmu@gmail.com&lt;br&gt;&lt;\/i&gt;&lt;\/p&gt;\n                 &lt;p&gt;&lt;b&gt;Tisdag 12 sept:&lt;\/b&gt;&lt;\/p&gt;\n                 &lt;p&gt;&lt;b&gt;Kl 12.45-13.30: Muskuloskeletalt ultraljud, ffa axlar.&amp;nbsp;&amp;nbsp;&lt;\/b&gt;Dr Laszlo Toth, Hudiksvalls Sjukhus&lt;\/p&gt;\n                 &lt;p&gt;&lt;\/p&gt;\n                 &lt;p&gt;&lt;b&gt;Kl 13.30-16.45 Biopsitr\u00e4ning p\u00e5 preparat\u2013 enbart f\u00f6r deltagare p\u00e5 ST-kurs i ultraljudsv\u00e4gledda punktioner.&lt;br&gt;&lt;br&gt;&lt;\/b&gt;&lt;\/p&gt;\n                 &lt;p&gt;&lt;b&gt;Onsdag 13 sept:&lt;\/b&gt;&lt;\/p&gt;\n                 &lt;p&gt;&lt;b&gt;Kl 8.30-9.45: \u201dAkut ultraljud \u2013 EFAST, POCUS, och annat man g\u00f6r p\u00e5 akutrummet\u2026\u201d&amp;nbsp;&lt;\/b&gt;Dr Jesper Danielsson, St G\u00f6rans Sjukhus&lt;\/p&gt;\n                 &lt;p&gt;&lt;b&gt;Kl 8.30-9.45: \u201dLeverelastografi, demo och hands-on&lt;\/b&gt;\u201d. Sonograf Marie Byenfeldt, \u00d6stersunds Sjukhus.&lt;\/p&gt;\n                 &lt;p&gt;&lt;b&gt;Kl 10.00-11.00: \u00c5rsm\u00f6te SFMU&lt;\/b&gt;&lt;\/p&gt;\n                 &lt;p&gt;&lt;b&gt;Kl 11.00-12.15 : \u201dFria fl\u00f6den? Doppler av perifera och centrala blodk\u00e4rl\u201d.&amp;nbsp;&lt;\/b&gt;&amp;nbsp;Dr Kristina Dahlstr\u00f6m, Faluns Sjukhus&lt;b&gt;&lt;\/b&gt;&lt;\/p&gt;\n                 &lt;p&gt;&lt;b&gt;Kl 11.00-12.15: : \u201dMuskuloskeletalt ultraljud, ffa axlar\u201d.&amp;nbsp;&lt;\/b&gt;Dr Laszlo Toth, Hudiksvalls Sjukhus&lt;b&gt;&lt;\/b&gt;&lt;\/p&gt;\n                 &lt;p&gt;&lt;b&gt;13.30-14.45: \u201dBiopsitr\u00e4ning \u2013 ultraljudsv\u00e4gledda punktioner, demonstration och praktisk \u00f6vning p\u00e5 preparat\u201d.&lt;\/b&gt;&amp;nbsp;Dr Stefan H\u00f6rnlund, Sundsvalls sjukhus&lt;\/p&gt;\n                 &lt;p&gt;&lt;b&gt;13.30-14.45 \u201dSonograf? Prova-p\u00e5-ultraljud f\u00f6r nyfikna r\u00f6ntgensjuksk\u00f6terskor\u201d.&lt;\/b&gt;&amp;nbsp;Sonograf Karin Asplund, Astrid Lindgrens Barnsjukhus&lt;\/p&gt;\n                 &lt;p&gt;&lt;b&gt;Kl 15.45-16.45: \u201dFusion av MR-buk och ultraljud, demonstration live och praktisk&amp;nbsp;&lt;\/b&gt;\u00f6vning\u201d.&amp;nbsp;&amp;nbsp; Dr Sara Sehlstedt, \u00d6stersunds Sjukhus&lt;\/p&gt;\n                 &lt;p&gt;&lt;b&gt;Kl 15.45-16.45&lt;\/b&gt;:&amp;nbsp;&lt;b&gt;\u201dSonograf? Prova-p\u00e5-ultraljud f\u00f6r nyfikna r\u00f6ntgensjuksk\u00f6terskor\u201d.&amp;nbsp;&lt;\/b&gt;Sonograf Maria Zetterman, Astrid Lindgrens Barnsjukhus&lt;br&gt;&lt;br&gt;Torsdag 14 sept.&lt;\/p&gt;\n                 &lt;p&gt;&lt;b&gt;Kl 9.50-10.45: &amp;nbsp;\u201dUltraljudsv\u00e4gledda biopsier, demo och praktisk \u00f6vning p\u00e5 preparat\u201d.&amp;nbsp;&amp;nbsp;&lt;\/b&gt;Dr Stefan H\u00f6rnlund, Sundsvalls Sjukhus.&lt;\/p&gt;\n                 &lt;p&gt;&lt;b&gt;Kl 13.30-15.00: \u201dMuskuloskeletalt ultraljud,&amp;nbsp; fr\u00e4mst \u00f6vre extremitet\u201d.&lt;\/b&gt;&amp;nbsp;Dr David Wilson och Dr Gina Allen, Oxford samt Dr Magnus Hjelm, G\u00e4vle Sjukhus och Dr Johan Krause, Uppsala Akademiska Sjukhus.&lt;\/p&gt;\n                 &lt;p&gt;&lt;b&gt;Kl 15.45-16.45:&lt;\/b&gt;&amp;nbsp;&lt;b&gt;\u201dMuskuloskeletalt ultraljud,&amp;nbsp; fr\u00e4mst nedre extremitet\u201d.&lt;\/b&gt;&amp;nbsp;Dr David Wilson och Dr Gina Allen, Oxford samt Dr Magnus Hjelm, G\u00e4vle Sjukhus och Dr Johan Krause, Uppsala Akademiska Sjukhus&lt;b&gt;&lt;\/b&gt;&lt;\/p&gt;\n                 &lt;p&gt;&lt;i&gt;&lt;br&gt;&lt;\/i&gt;&lt;\/p&gt; \n                &lt;br&gt;&lt;br&gt;\"\n            data-category=\"ST-kurser \/ Ungt forum\"\n            data-category-ids=\"1005\"\n            data-span-all=\"\"\n                      >\n\n            <div class=\"event_content\">\n              <div class=\"title\">\n                                <span>Ultraljudsf\u00f6reningen, Hands-on workshop<\/span>\n              <\/div>\n              <div class=\"span_room\"><span><\/span><\/div>\n              <div class=\"time\">\n                <span>\n                  15:45-16:45                <\/span><\/div>\n\n              \n            <\/div>\n\n\n                                <div style=\"background-color:#99FFFF; position: absolute !important ; height: 4px !important; left: 4px; right: 4px; bottom : 2px !important;  border\"><\/div>\n            \n          <\/div>\n\n      \n          <div class=\"event \"\n            data-id=\"1056\"\n            data-project=\"project_276_2017_03_27\"\n            data-title=\"Ultraljudsf\u00f6reningen, Hands-on workshop\"\n            data-abs-nbr=\"\"\n            data-ystart=\"15.75\"\n            data-yend=\"16.75\"\n            data-time=\"15:45-16:45\"\n            data-room=\"13\"\n            data-room-id=\"1014\"\n            data-room-name=\"Loge 4\"\n            data-day=\"0\"\n            data-abs-path=\"\"\n            data-speaker=\"\"\n            data-speakercell=\"\"\n            data-info=\" \n                 &lt;p&gt;Workshops, handson och demonstrationer av ultraljud&lt;\/p&gt;\n                 &lt;p&gt;&lt;i&gt;Okej, vi erk\u00e4nner \u2013 vi \u00e4r ett g\u00e4ng ultraljudsn\u00f6rdar som \u00e5terstartat SFMU. P\u00e5 R\u00f6ntgenveckan hittar vi ocks\u00e5 de allra senaste ultraljudsmaskinerna, det \u00e4r rena julaftonen!&lt;br&gt;&lt;\/i&gt;&lt;i&gt;F\u00f6r att sprida v\u00e5r entusiasm \u00f6ver ultraljud har vi sessioner i Loge 4+6 p\u00e5 R\u00f6ntgenveckan, d\u00e4r vi kan tr\u00e4na ultraljud p\u00e5 riktigt. H\u00e4ng p\u00e5 n\u00e4r vi visar upp v\u00e5ra favoritunders\u00f6kningar!&lt;br&gt;&lt;\/i&gt;&lt;i&gt;OBS- ingen bokning, f\u00f6rst till kvarn g\u00e4ller ... V\u00e4lkomna!&lt;\/i&gt;&lt;\/p&gt;\n                 &lt;p&gt;&lt;i&gt;Bli medlem? &amp;nbsp;Maila: sfmu.sfmu@gmail.com&lt;br&gt;&lt;\/i&gt;&lt;\/p&gt;\n                 &lt;p&gt;&lt;b&gt;Tisdag 12 sept:&lt;\/b&gt;&lt;\/p&gt;\n                 &lt;p&gt;&lt;b&gt;Kl 12.45-13.30: Muskuloskeletalt ultraljud, ffa axlar.&amp;nbsp;&amp;nbsp;&lt;\/b&gt;Dr Laszlo Toth, Hudiksvalls Sjukhus&lt;\/p&gt;\n                 &lt;p&gt;&lt;\/p&gt;\n                 &lt;p&gt;&lt;b&gt;Kl 13.30-16.45 Biopsitr\u00e4ning p\u00e5 preparat\u2013 enbart f\u00f6r deltagare p\u00e5 ST-kurs i ultraljudsv\u00e4gledda punktioner.&lt;br&gt;&lt;br&gt;&lt;\/b&gt;&lt;\/p&gt;\n                 &lt;p&gt;&lt;b&gt;Onsdag 13 sept:&lt;\/b&gt;&lt;\/p&gt;\n                 &lt;p&gt;&lt;b&gt;Kl 8.30-9.45: \u201dAkut ultraljud \u2013 EFAST, POCUS, och annat man g\u00f6r p\u00e5 akutrummet\u2026\u201d&amp;nbsp;&lt;\/b&gt;Dr Jesper Danielsson, St G\u00f6rans Sjukhus&lt;\/p&gt;\n                 &lt;p&gt;&lt;b&gt;Kl 8.30-9.45: \u201dLeverelastografi, demo och hands-on&lt;\/b&gt;\u201d. Sonograf Marie Byenfeldt, \u00d6stersunds Sjukhus.&lt;\/p&gt;\n                 &lt;p&gt;&lt;b&gt;Kl 10.00-11.00: \u00c5rsm\u00f6te SFMU&lt;\/b&gt;&lt;\/p&gt;\n                 &lt;p&gt;&lt;b&gt;Kl 11.00-12.15 : \u201dFria fl\u00f6den? Doppler av perifera och centrala blodk\u00e4rl\u201d.&amp;nbsp;&lt;\/b&gt;&amp;nbsp;Dr Kristina Dahlstr\u00f6m, Faluns Sjukhus&lt;b&gt;&lt;\/b&gt;&lt;\/p&gt;\n                 &lt;p&gt;&lt;b&gt;Kl 11.00-12.15: : \u201dMuskuloskeletalt ultraljud, ffa axlar\u201d.&amp;nbsp;&lt;\/b&gt;Dr Laszlo Toth, Hudiksvalls Sjukhus&lt;b&gt;&lt;\/b&gt;&lt;\/p&gt;\n                 &lt;p&gt;&lt;b&gt;13.30-14.45: \u201dBiopsitr\u00e4ning \u2013 ultraljudsv\u00e4gledda punktioner, demonstration och praktisk \u00f6vning p\u00e5 preparat\u201d.&lt;\/b&gt;&amp;nbsp;Dr Stefan H\u00f6rnlund, Sundsvalls sjukhus&lt;\/p&gt;\n                 &lt;p&gt;&lt;b&gt;13.30-14.45 \u201dSonograf? Prova-p\u00e5-ultraljud f\u00f6r nyfikna r\u00f6ntgensjuksk\u00f6terskor\u201d.&lt;\/b&gt;&amp;nbsp;Sonograf Karin Asplund, Astrid Lindgrens Barnsjukhus&lt;\/p&gt;\n                 &lt;p&gt;&lt;b&gt;Kl 15.45-16.45: \u201dFusion av MR-buk och ultraljud, demonstration live och praktisk&amp;nbsp;&lt;\/b&gt;\u00f6vning\u201d.&amp;nbsp;&amp;nbsp; Dr Sara Sehlstedt, \u00d6stersunds Sjukhus&lt;\/p&gt;\n                 &lt;p&gt;&lt;b&gt;Kl 15.45-16.45&lt;\/b&gt;:&amp;nbsp;&lt;b&gt;\u201dSonograf? Prova-p\u00e5-ultraljud f\u00f6r nyfikna r\u00f6ntgensjuksk\u00f6terskor\u201d.&amp;nbsp;&lt;\/b&gt;Sonograf Maria Zetterman, Astrid Lindgrens Barnsjukhus&lt;br&gt;&lt;br&gt;Torsdag 14 sept.&lt;\/p&gt;\n                 &lt;p&gt;&lt;b&gt;Kl 9.50-10.45: &amp;nbsp;\u201dUltraljudsv\u00e4gledda biopsier, demo och praktisk \u00f6vning p\u00e5 preparat\u201d.&amp;nbsp;&amp;nbsp;&lt;\/b&gt;Dr Stefan H\u00f6rnlund, Sundsvalls Sjukhus.&lt;\/p&gt;\n                 &lt;p&gt;&lt;b&gt;Kl 13.30-15.00: \u201dMuskuloskeletalt ultraljud,&amp;nbsp; fr\u00e4mst \u00f6vre extremitet\u201d.&lt;\/b&gt;&amp;nbsp;Dr David Wilson och Dr Gina Allen, Oxford samt Dr Magnus Hjelm, G\u00e4vle Sjukhus och Dr Johan Krause, Uppsala Akademiska Sjukhus.&lt;\/p&gt;\n                 &lt;p&gt;&lt;b&gt;Kl 15.45-16.45:&lt;\/b&gt;&amp;nbsp;&lt;b&gt;\u201dMuskuloskeletalt ultraljud,&amp;nbsp; fr\u00e4mst nedre extremitet\u201d.&lt;\/b&gt;&amp;nbsp;Dr David Wilson och Dr Gina Allen, Oxford samt Dr Magnus Hjelm, G\u00e4vle Sjukhus och Dr Johan Krause, Uppsala Akademiska Sjukhus&lt;b&gt;&lt;\/b&gt;&lt;\/p&gt;\n                 &lt;p&gt;&lt;i&gt;&lt;br&gt;&lt;\/i&gt;&lt;\/p&gt; \n                &lt;br&gt;&lt;br&gt;\"\n            data-category=\"ST-kurser \/ Ungt forum\"\n            data-category-ids=\"1005\"\n            data-span-all=\"\"\n                      >\n\n            <div class=\"event_content\">\n              <div class=\"title\">\n                                <span>Ultraljudsf\u00f6reningen, Hands-on workshop<\/span>\n              <\/div>\n              <div class=\"span_room\"><span><\/span><\/div>\n              <div class=\"time\">\n                <span>\n                  15:45-16:45                <\/span><\/div>\n\n              \n            <\/div>\n\n\n                                <div style=\"background-color:#99FFFF; position: absolute !important ; height: 4px !important; left: 4px; right: 4px; bottom : 2px !important;  border\"><\/div>\n            \n          <\/div>\n\n      \n          <div class=\"event \"\n            data-id=\"1051\"\n            data-project=\"project_276_2017_03_27\"\n            data-title=\"ST-kurs - Radiologisk Br\u00f6stdiagnostik\"\n            data-abs-nbr=\"\"\n            data-ystart=\"15.75\"\n            data-yend=\"16.75\"\n            data-time=\"15:45-16:45\"\n            data-room=\"6\"\n            data-room-id=\"1007\"\n            data-room-name=\"Studion\"\n            data-day=\"0\"\n            data-abs-path=\"\"\n            data-speaker=\"Malin Bygdesons; Fredrik Strand\"\n            data-speakercell=\"Malin Bygdesons; Fredrik Strand\"\n            data-info=\"&lt;b&gt;Moderatorer: &lt;\/b&gt;Monika Vajda&lt;br&gt;&lt;br&gt; \n                 &lt;p&gt;Br\u00f6st Ultraljud&lt;br&gt;&lt;em&gt;F\u00f6rel\u00e4sare: Malin Bygdesons&lt;\/em&gt;&lt;\/p&gt; \n                 &lt;p&gt;Forskning inom br\u00f6stradiologi som en doktorand&lt;br&gt;&lt;em&gt;F\u00f6rel\u00e4sare: Fredrik Strand&lt;\/em&gt;&lt;\/p&gt; \n                &lt;br&gt;&lt;br&gt;\"\n            data-category=\"ST-kurser \/ Ungt forum\"\n            data-category-ids=\"1005\"\n            data-span-all=\"\"\n                      >\n\n            <div class=\"event_content\">\n              <div class=\"title\">\n                                <span>ST-kurs - Radiologisk Br\u00f6stdiagnostik<\/span>\n              <\/div>\n              <div class=\"span_room\"><span><\/span><\/div>\n              <div class=\"time\">\n                <span>\n                  15:45-16:45                <\/span><\/div>\n\n              <div class=\"lecturer\"><span>Malin Bygdesons; Fredrik Strand<\/span><\/div>\n            <\/div>\n\n\n                                <div style=\"background-color:#99FFFF; position: absolute !important ; height: 4px !important; left: 4px; right: 4px; bottom : 2px !important;  border\"><\/div>\n            \n          <\/div>\n\n      \n          <div class=\"event \"\n            data-id=\"1050\"\n            data-project=\"project_276_2017_03_27\"\n            data-title=\"Ultraljud\"\n            data-abs-nbr=\"\"\n            data-ystart=\"15.75\"\n            data-yend=\"16.75\"\n            data-time=\"15:45-16:45\"\n            data-room=\"5\"\n            data-room-id=\"1006\"\n            data-room-name=\"Spegelsalen\"\n            data-day=\"0\"\n            data-abs-path=\"\"\n            data-speaker=\"Peter Lindstr\u00f6m\"\n            data-speakercell=\"Peter Lindstr\u00f6m\"\n            data-info=\"&lt;b&gt;Moderatorer: &lt;\/b&gt;Ingela Wolving-Fransson&lt;br&gt;&lt;br&gt; \n                 &lt;p&gt;M\u00e5lgrupp: Sekreterare, undersk\u00f6terskor och sk\u00f6terskor som \u00e4r nyfikna p\u00e5 ultraljud generellt.&lt;br&gt;&lt;\/p&gt; \n                &lt;br&gt;&lt;br&gt;\"\n            data-category=\"Allm\u00e4n f\u00f6rel\u00e4sning\"\n            data-category-ids=\"1003\"\n            data-span-all=\"\"\n                      >\n\n            <div class=\"event_content\">\n              <div class=\"title\">\n                                <span>Ultraljud<\/span>\n              <\/div>\n              <div class=\"span_room\"><span><\/span><\/div>\n              <div class=\"time\">\n                <span>\n                  15:45-16:45                <\/span><\/div>\n\n              <div class=\"lecturer\"><span>Peter Lindstr\u00f6m<\/span><\/div>\n            <\/div>\n\n\n                                <div style=\"background-color:#FF9933; position: absolute !important ; height: 4px !important; left: 4px; right: 4px; bottom : 2px !important;  border\"><\/div>\n            \n          <\/div>\n\n      \n          <div class=\"event \"\n            data-id=\"1048\"\n            data-project=\"project_276_2017_03_27\"\n            data-title=\"Nya avhandlingar\"\n            data-abs-nbr=\"\"\n            data-ystart=\"15.75\"\n            data-yend=\"16.75\"\n            data-time=\"15:45-16:45\"\n            data-room=\"3\"\n            data-room-id=\"1003\"\n            data-room-name=\"Musikalen\"\n            data-day=\"0\"\n            data-abs-path=\"\"\n            data-speaker=\"Parvin T Olofsson; Mikael F Forsgren; Britt-Marie Ahlander\"\n            data-speakercell=\"Parvin T Olofsson; Mikael F Forsgren; Britt-Marie Ahlander\"\n            data-info=\"&lt;b&gt;Moderatorer: &lt;\/b&gt;Marie Ahnstr\u00f6m Waltersson&lt;br&gt;&lt;br&gt; \n                 &lt;p&gt;Nya avhandlingar:&lt;\/p&gt; \n                 &lt;p&gt;Konsekvenser vid vidares\u00e4ndning av remisser f\u00f6r r\u00f6ntgenunders\u00f6kningar fr\u00e5n ett universitetssjukhus till externa v\u00e5rdgivare&lt;\/p&gt; \n                 &lt;p&gt;&lt;em&gt;Parvin Tavakol Olofsson, V\u00e5rdstrategiska enheten, V\u00e5rdf\u00f6rbundet, Stockholm&lt;\/em&gt;&lt;\/p&gt; \n                 &lt;p&gt;&lt;a href=&quot;http:\/\/www.trippus.se\/eventus\/userfiles\/85642.pdf&quot; target=&quot;_blank&quot;&gt;L\u00e4s mer h\u00e4r!&amp;nbsp;&lt;\/a&gt;&lt;br&gt;&lt;br&gt;&lt;\/p&gt; \n                 &lt;p&gt;The Non-Invasive Liver Biopsy - Determining Hepatic Function in Diffuse and Focal Liver Disease&lt;\/p&gt; \n                 &lt;p&gt;&lt;em&gt;Mikael F Forsgren, PhD, CMIV, Wolfram, Link\u00f6ping&lt;\/em&gt;&lt;br&gt;&lt;br&gt;&lt;a href=&quot;http:\/\/www.trippus.se\/eventus\/userfiles\/85644.pdf&quot; target=&quot;_blank&quot;&gt;L\u00e4s mer h\u00e4r!&lt;em&gt;&amp;nbsp;&lt;\/em&gt;&lt;\/a&gt;&lt;\/p&gt; \n                 &lt;p&gt;&lt;br&gt;Magnetkameraunders\u00f6kning av hj\u00e4rtat: bildkvalitet, m\u00e4tnogrannhet och patientupplevelse&lt;\/p&gt; \n                 &lt;p&gt;&lt;em&gt;Britt-Marie Ahlander, rtg ssk, PhD, R\u00f6ntgenavdelningen, Ryhov, J\u00f6nk\u00f6ping&lt;\/em&gt;&lt;\/p&gt; \n                 &lt;p&gt;&lt;a href=&quot;http:\/\/www.trippus.se\/eventus\/userfiles\/85643.pdf&quot; target=&quot;_blank&quot;&gt;L\u00e4s mer h\u00e4r!&amp;nbsp;&lt;\/a&gt;&lt;br&gt;&lt;\/p&gt; \n                &lt;br&gt;&lt;br&gt;\"\n            data-category=\"Vetenskapligt program\"\n            data-category-ids=\"1002\"\n            data-span-all=\"\"\n                      >\n\n            <div class=\"event_content\">\n              <div class=\"title\">\n                                <span>Nya avhandlingar<\/span>\n              <\/div>\n              <div class=\"span_room\"><span><\/span><\/div>\n              <div class=\"time\">\n                <span>\n                  15:45-16:45                <\/span><\/div>\n\n              <div class=\"lecturer\"><span>Parvin T Olofsson; Mikael F Forsgren; Britt-Marie Ahlander<\/span><\/div>\n            <\/div>\n\n\n                                <div style=\"background-color:#FF3333; position: absolute !important ; height: 4px !important; left: 4px; right: 4px; bottom : 2px !important;  border\"><\/div>\n            \n          <\/div>\n\n      \n          <div class=\"event \"\n            data-id=\"1176\"\n            data-project=\"project_276_2017_03_27\"\n            data-title=\"Ultraljudsf\u00f6reningen, Hands-on workshop\"\n            data-abs-nbr=\"\"\n            data-ystart=\"15.75\"\n            data-yend=\"16.75\"\n            data-time=\"15:45-16:45\"\n            data-room=\"15\"\n            data-room-id=\"1016\"\n            data-room-name=\"Loge 5\"\n            data-day=\"0\"\n            data-abs-path=\"\"\n            data-speaker=\"\"\n            data-speakercell=\"\"\n            data-info=\" \n                 &lt;p&gt;Basal ST-kurs i ultraljudsv\u00e4gledda punktioner&amp;nbsp;&lt;br&gt;Svensk F\u00f6rening f\u00f6r Medicinsk Ultraljudsdiagnostik h\u00e5ller \u00e5ter en kurs i basal punktionsteknik f\u00f6r ST-l\u00e4kare - men f\u00f6rmiddagens f\u00f6rel\u00e4sningar \u00e4r \u00f6ppna f\u00f6r alla, s\u00e5 \u00e4ldre kollegor som kanske k\u00e4nner sig ringrostiga och i behov av en &quot;refresher course&quot; \u00e4r ocks\u00e5 varmt v\u00e4lkomna. Teoretiskt genomg\u00e5ng p\u00e5 f\u00f6rmiddagen om vad man b\u00f6r t\u00e4nka p\u00e5 vid alla olika typer av ultraljudsv\u00e4gledda punktioner som f\u00f6rekommer p\u00e5 r\u00f6ntgen, samt genomg\u00e5ng i hur man kan tr\u00e4na tekniken sj\u00e4lv p\u00e5 hemmaplan. Eftermiddagens praktiska \u00f6vningar \u00e4r dock till f\u00f6r de som antagits p\u00e5 ST-kursen (och endast de kommer f\u00e5 kursintyg).&amp;nbsp;&lt;br&gt;&lt;br&gt;kl 8.30-9.15 Introduktion + biopsi i parenkymat\u00f6sa organ (med fast vinkel). Dr Sara Sehlstedt, \u00d6verl\u00e4kare R\u00f6ntgenavd, \u00d6stersunds Sjukhus&amp;nbsp;&lt;br&gt;kl 9.15-10.00 Br\u00f6stpunktioner och frihandsteknik. Dr Tryggve Eriksson, \u00d6verl\u00e4kare, Mammografiavd \u00d6stersunds Sjukhus&amp;nbsp;&lt;br&gt;10.30-11.15: Ultraljudsv\u00e4gledda dr\u00e4nage: pleura, ascites och abcesser. Dr Jesper Danielsson, \u00d6verl\u00e4kare, Capio St G\u00f6rans Sjukhus 11.15-12.00 : Demonstration av punktions\u00f6vningar, inf\u00f6r eftermiddagens praktiska moment (samtliga f\u00f6rel\u00e4sare).&amp;nbsp;&lt;br&gt;kl 13.30-16.30 (??) Hela eftermiddagen \u00e4gnas \u00e5t praktiska \u00f6vningar med ultraljud p\u00e5 preparat i sm\u00e5grupper, med handledare fr\u00e5n SFMU. Endast f\u00f6r de som antagits p\u00e5 STkursen. Gruppindelning sker under f\u00f6rmiddagen.&lt;br&gt;&lt;\/p&gt; \n                &lt;br&gt;&lt;br&gt;\"\n            data-category=\"ST-kurser \/ Ungt forum\"\n            data-category-ids=\"1005\"\n            data-span-all=\"\"\n                      >\n\n            <div class=\"event_content\">\n              <div class=\"title\">\n                                <span>Ultraljudsf\u00f6reningen, Hands-on workshop<\/span>\n              <\/div>\n              <div class=\"span_room\"><span><\/span><\/div>\n              <div class=\"time\">\n                <span>\n                  15:45-16:45                <\/span><\/div>\n\n              \n            <\/div>\n\n\n                                <div style=\"background-color:#99FFFF; position: absolute !important ; height: 4px !important; left: 4px; right: 4px; bottom : 2px !important;  border\"><\/div>\n            \n          <\/div>\n\n      \n          <div class=\"event \"\n            data-id=\"1054\"\n            data-project=\"project_276_2017_03_27\"\n            data-title=\"SFMR - Studierektorsn\u00e4tverk\"\n            data-abs-nbr=\"\"\n            data-ystart=\"15.75\"\n            data-yend=\"16.75\"\n            data-time=\"15:45-16:45\"\n            data-room=\"11\"\n            data-room-id=\"1012\"\n            data-room-name=\"Solot\"\n            data-day=\"0\"\n            data-abs-path=\"\"\n            data-speaker=\"\"\n            data-speakercell=\"\"\n            data-info=\"&lt;b&gt;Moderatorer: &lt;\/b&gt;Barbara Elmst\u00e5hl&lt;br&gt;&lt;br&gt; \n                 &lt;p&gt;ST Studierektorsm\u00f6te inom ramen f\u00f6r nationellt n\u00e4tverk&lt;br&gt;&lt;\/p&gt; \n                &lt;br&gt;&lt;br&gt;\"\n            data-category=\"SFMR - Svensk F\u00f6rening f\u00f6r Medicinsk Radiologi\"\n            data-category-ids=\"1004\"\n            data-span-all=\"\"\n                      >\n\n            <div class=\"event_content\">\n              <div class=\"title\">\n                                <span>SFMR - Studierektorsn\u00e4tverk<\/span>\n              <\/div>\n              <div class=\"span_room\"><span><\/span><\/div>\n              <div class=\"time\">\n                <span>\n                  15:45-16:45                <\/span><\/div>\n\n              \n            <\/div>\n\n\n                                <div style=\"background-color:#0099FF; position: absolute !important ; height: 4px !important; left: 4px; right: 4px; bottom : 2px !important;  border\"><\/div>\n            \n          <\/div>\n\n      \n          <div class=\"event \"\n            data-id=\"1058\"\n            data-project=\"project_276_2017_03_27\"\n            data-title=\"RAM-kurs\"\n            data-abs-nbr=\"\"\n            data-ystart=\"15.75\"\n            data-yend=\"16.75\"\n            data-time=\"15:45-16:45\"\n            data-room=\"16\"\n            data-room-id=\"1017\"\n            data-room-name=\"Noten\/Takten\/Accenten\/Reprisen\"\n            data-day=\"0\"\n            data-abs-path=\"\"\n            data-speaker=\"Staffan Wirell; Anders von Heijne; Marcus Casselgren; Charalampos Georgiopoulos; Kada Karlsson; Joar Bj\u00f6rk\"\n            data-speakercell=\"Staffan Wirell; Anders von Heijne; Marcus Casselgren; Charalampos Georgiopoulos; Kada Karlsson; Joar Bj\u00f6rk\"\n            data-info=\"\"\n            data-category=\"RAM-kurs\"\n            data-category-ids=\"1016\"\n            data-span-all=\"\"\n                      >\n\n            <div class=\"event_content\">\n              <div class=\"title\">\n                                <span>RAM-kurs<\/span>\n              <\/div>\n              <div class=\"span_room\"><span><\/span><\/div>\n              <div class=\"time\">\n                <span>\n                  15:45-16:45                <\/span><\/div>\n\n              <div class=\"lecturer\"><span>Staffan Wirell; Anders von Heijne; Marcus Casselgren; Charalampos Georgiopoulos; Kada Karlsson; Joar Bj\u00f6rk<\/span><\/div>\n            <\/div>\n\n\n                                <div style=\"background-color:#66FFCC; position: absolute !important ; height: 4px !important; left: 4px; right: 4px; bottom : 2px !important;  border\"><\/div>\n            \n          <\/div>\n\n      \n          <div class=\"event \"\n            data-id=\"1049\"\n            data-project=\"project_276_2017_03_27\"\n            data-title=\"Temadag Neuro: MS-diagnostik\"\n            data-abs-nbr=\"\"\n            data-ystart=\"15.75\"\n            data-yend=\"16.75\"\n            data-time=\"15:45-16:45\"\n            data-room=\"4\"\n            data-room-id=\"1004\"\n            data-room-name=\"Operan\"\n            data-day=\"0\"\n            data-abs-path=\"\"\n            data-speaker=\"Tobias Granberg\"\n            data-speakercell=\"Tobias Granberg\"\n            data-info=\"&lt;b&gt;Moderatorer: &lt;\/b&gt;Johan Wikstr\u00f6m&lt;br&gt;&lt;br&gt; \n                 &lt;p&gt;&lt;span style=&quot;font-weight: bold;&quot;&gt;MS-diagnostik&lt;\/span&gt; &lt;br&gt;Behandlingen av multipel skleros (MS) har genomg\u00e5tt en revolution; Fr\u00e5n ett behandlingsl\u00f6st tillst\u00e5nd f\u00f6re introduktionen av de f\u00f6rsta sjukdomsmodiferande injektionsbehandlingarna vid mitten av 90-talet, till dagens orala behandlingar och h\u00f6geffektiva infusionsbehandlingar. &lt;br&gt;M\u00f6jligheten till effektiv terapi g\u00f6r nu att begreppet &quot;Time is brain&quot; blivit relevant \u00e4ven f\u00f6r MS. Det har medf\u00f6rt \u00f6kade krav p\u00e5 tidig och korrekt diagnostik samt monitorering av behandlingssvar. Nya MR-kriterier har d\u00e4rf\u00f6r tagits fram med f\u00f6rb\u00e4ttrad precision, vilket minskat f\u00f6rekomsten av &quot;kliniskt isolerat syndrom&quot;. Samtidigt har MR-bifynd som liknar MS (&quot;radiologiskt isolerat syndrom&quot;), som kan utg\u00f6ra presymtomatisk MS, blivit mer uppm\u00e4rksammat. &lt;br&gt;Nationella riktlinjer och rekommendationer f\u00f6r MR-anv\u00e4ndning vid MS har d\u00e4rf\u00f6r nyligen tagits fram f\u00f6r att m\u00f6ta denna \u00f6kade komplexitet syftande till att harmonisera handl\u00e4ggning och MR-protokoll vid MS. &lt;br&gt;I denna f\u00f6rel\u00e4sning ges en uppdatering av diagnostiska kriterier och behandling vid MS. F\u00f6rutom en genomg\u00e5ng av dagens rekommenderade bilddiagnostik kommer de senaste radiologiska r\u00f6nen v\u00e4vas in med en inblick i framtidens bilddiagnostiska metoder vid MS.&lt;br&gt;&lt;\/p&gt; \n                &lt;br&gt;&lt;br&gt;\"\n            data-category=\"SFMR - Delf\u00f6reningar\"\n            data-category-ids=\"1006\"\n            data-span-all=\"\"\n                      >\n\n            <div class=\"event_content\">\n              <div class=\"title\">\n                                <span>Temadag Neuro: MS-diagnostik<\/span>\n              <\/div>\n              <div class=\"span_room\"><span><\/span><\/div>\n              <div class=\"time\">\n                <span>\n                  15:45-16:45                <\/span><\/div>\n\n              <div class=\"lecturer\"><span>Tobias Granberg<\/span><\/div>\n            <\/div>\n\n\n                                <div style=\"background-color:#6699CC; position: absolute !important ; height: 4px !important; left: 4px; right: 4px; bottom : 2px !important;  border\"><\/div>\n            \n          <\/div>\n\n      \n          <div class=\"event \"\n            data-id=\"1052\"\n            data-project=\"project_276_2017_03_27\"\n            data-title=\"SFR - Post Mortem-unders\u00f6kningar med DT och MR\"\n            data-abs-nbr=\"\"\n            data-ystart=\"15.75\"\n            data-yend=\"16.75\"\n            data-time=\"15:45-16:45\"\n            data-room=\"8\"\n            data-room-id=\"1009\"\n            data-room-name=\"Sonaten\"\n            data-day=\"0\"\n            data-abs-path=\"\"\n            data-speaker=\"Petter  Quick; Johan Kihlberg\"\n            data-speakercell=\"Petter  Quick; Johan Kihlberg\"\n            data-info=\"&lt;b&gt;Moderatorer: &lt;\/b&gt;Lise-Lott Lundvall&lt;br&gt;&lt;br&gt; \n                 &lt;p&gt;&lt;span style=&quot;font-weight: bold;&quot;&gt;Post Mortem-unders\u00f6kningar med DT och MR&lt;\/span&gt;&lt;br&gt;&lt;br&gt;I Link\u00f6ping har vi nu i ca 15 \u00e5r gjort Post Mortem-unders\u00f6kningar \u00e5t s\u00e5v\u00e4l r\u00e4ttsmedicin som patologen. Vi har ca 40-50 unders\u00f6kningar\/\u00e5r b\u00e5de kliniska och forskningsunders\u00f6kningar och vi kommer att tala om v\u00e5ra erfarenheter fr\u00e5n detta. &lt;br&gt;&lt;br&gt;- Vilka patienter unders\u00f6ker vi n Hur tar vi emot patienterna&lt;br&gt;- Hur g\u00f6r man DT\/MR-unders\u00f6kningen n Vilka bilder vill vi ha&lt;br&gt;- Hur sparas bilderna n Vilken sekretess g\u00e4ller&lt;br&gt;- Vad kan man se och vad \u00e4r sv\u00e5rt att se &lt;br&gt;&lt;br&gt;I Link\u00f6ping unders\u00f6ker vi alla patienter fr\u00e5n r\u00e4ttsmedicin d\u00e4r man har beg\u00e4rt en ut\u00f6kad obduktion d.v.s. alla misst\u00e4nkta mord eller d\u00e4r mord inte kan uteslutas. Alla barn som d\u00f6r utanf\u00f6r sjukhus d\u00e4r sjukdomshistoria inte kan f\u00f6rklara orsaken unders\u00f6ker vi ocks\u00e5. Fr\u00e5n patologen unders\u00f6ker vi fr\u00e4mst barn som d\u00f6tt i anslutning till f\u00f6rlossning, barn och vuxna d\u00e4r anh\u00f6riga motsagt sig vanlig obduktion men g\u00e5tt med p\u00e5 en radiologisk unders\u00f6kning.&lt;br&gt;&lt;\/p&gt; \n                &lt;br&gt;&lt;br&gt;\"\n            data-category=\"SFR - Svensk F\u00f6rening f\u00f6r R\u00f6ntgensjuksk\u00f6terskor\"\n            data-category-ids=\"1007\"\n            data-span-all=\"\"\n                      >\n\n            <div class=\"event_content\">\n              <div class=\"title\">\n                                <span>SFR - Post Mortem-unders\u00f6kningar med DT och MR<\/span>\n              <\/div>\n              <div class=\"span_room\"><span><\/span><\/div>\n              <div class=\"time\">\n                <span>\n                  15:45-16:45                <\/span><\/div>\n\n              <div class=\"lecturer\"><span>Petter  Quick; Johan Kihlberg<\/span><\/div>\n            <\/div>\n\n\n                                <div style=\"background-color:#33CC66; position: absolute !important ; height: 4px !important; left: 4px; right: 4px; bottom : 2px !important;  border\"><\/div>\n            \n          <\/div>\n\n      \n          <div class=\"event \"\n            data-id=\"1059\"\n            data-project=\"project_276_2017_03_27\"\n            data-title=\"Forsellf\u00f6rel\u00e4sning &amp; Invigning\"\n            data-abs-nbr=\"\"\n            data-ystart=\"17\"\n            data-yend=\"17.833333333333\"\n            data-time=\"17:00-17:50\"\n            data-room=\"1\"\n            data-room-id=\"1002\"\n            data-room-name=\"Crusellhallen\"\n            data-day=\"0\"\n            data-abs-path=\"\"\n            data-speaker=\"Sven-G\u00f6ran Fransson\"\n            data-speakercell=\"Sven-G\u00f6ran Fransson\"\n            data-info=\" \n                 &lt;p&gt;Forsellf\u00f6rel\u00e4sning:&lt;br&gt; &lt;\/p&gt; \n                 &lt;p&gt;&lt;i&gt;Radiologi - Fr\u00e5n skuggbilder till upplysning&lt;\/i&gt;&lt;\/p&gt; \n                &lt;br&gt;&lt;br&gt;\"\n            data-category=\"Allm\u00e4n f\u00f6rel\u00e4sning\"\n            data-category-ids=\"1003\"\n            data-span-all=\"\"\n                      >\n\n            <div class=\"event_content\">\n              <div class=\"title\">\n                                <span>Forsellf\u00f6rel\u00e4sning & Invigning<\/span>\n              <\/div>\n              <div class=\"span_room\"><span><\/span><\/div>\n              <div class=\"time\">\n                <span>\n                  17:00-17:50                <\/span><\/div>\n\n              <div class=\"lecturer\"><span>Sven-G\u00f6ran Fransson<\/span><\/div>\n            <\/div>\n\n\n                                <div style=\"background-color:#FF9933; position: absolute !important ; height: 4px !important; left: 4px; right: 4px; bottom : 2px !important;  border\"><\/div>\n            \n          <\/div>\n\n      \n          <div class=\"event \"\n            data-id=\"1065\"\n            data-project=\"project_276_2017_03_27\"\n            data-title=\"SFMR - Kontrastmedelssession I\"\n            data-abs-nbr=\"\"\n            data-ystart=\"8.5\"\n            data-yend=\"10\"\n            data-time=\"08:30-10:00\"\n            data-room=\"7\"\n            data-room-id=\"1008\"\n            data-room-name=\"Kulturen\"\n            data-day=\"1\"\n            data-abs-path=\"\"\n            data-speaker=\"Ulf Nyman; Gunnar Sterner; Torkel Brismar\"\n            data-speakercell=\"Ulf Nyman; Gunnar Sterner; Torkel Brismar\"\n            data-info=\"&lt;b&gt;Moderatorer: &lt;\/b&gt;Peter Leander&lt;br&gt;&lt;br&gt; \n                 &lt;p&gt;SFMR - Kontrastmedelssession I&lt;br&gt;&lt;br&gt;&lt;em&gt;Moderator: Peter Leander&lt;\/em&gt;&lt;br&gt;&lt;br&gt;1. Kontrastmedelsnefropati - finns det?&amp;nbsp;&lt;em&gt;Ulf Nyman&lt;\/em&gt;&lt;br&gt;2.&amp;nbsp;Metformin och laktatacidos.&amp;nbsp;&lt;em&gt;Gunnar Sterner&lt;\/em&gt;&lt;br&gt;3.&amp;nbsp;ESURs nya jodkontrast-medelsrekommendationer.&amp;nbsp;&lt;em&gt;Torkel Brismar&lt;\/em&gt;&amp;nbsp;&lt;br&gt;4.&amp;nbsp;Kontrastmedelsnefropati \u2013 nya svenska rekommendationer.&amp;nbsp;&lt;em&gt;Ulf Nyman&lt;\/em&gt;&lt;br&gt;&lt;br&gt;P\u00e5 f\u00f6rra \u00e5rets R\u00f6ntgenvecka startades ett arbete runt rutiner vid kontrastmedelsreaktioner. Detta kommer nu att redovisas under de 2 sessionerna. D\u00e5 de svenska rekommendationerna bygger till st\u00f6rsta del p\u00e5 andra internationella sammanslutningars riktlinjer kommer ocks\u00e5 en redovisning att ske p\u00e5 vad som \u00e4r nytt inom omr\u00e5det och hur andra riktlinjer har \u00e4ndrats. Nu under v\u00e5ren kom europeiska l\u00e4kemedelsmyndigheten med varningar f\u00f6r vissa gadoliniumkontrastmedel d\u00e4r slutresultatet f\u00f6r n\u00e4rvarande inte riktigt \u00e4r klart. Hur l\u00e5ngt detta har kommit kommer att diskuteras. Under n\u00e5gra \u00e5r har nu ocks\u00e5 ett par grupper publicerat resultat att kontrastmedel inte p\u00e5verkar njurarna i den omfattning som tidigare riktlinjer har tagit h\u00e4nsyn till. Detta kommer att redovisas. Likas\u00e5 har det skett f\u00f6r\u00e4ndringar f\u00f6r uts\u00e4ttande av Metformin i samband med anv\u00e4ndande av kontrastmedel. Slutligen kommer vi att ge rekommendationer hur en kontrastmedelsreaktion skall dokumenteras och vilka krav som finns fr\u00e5n L\u00e4kemedelsverket. I detta ing\u00e5r ocks\u00e5 hur en patient som har reagerat p\u00e5 kontrastmedel skall hanteras vid ett kommande tillf\u00e4lle d\u00e5 vi avser att \u00e5ter ge kontrastmedel.&lt;br&gt;&lt;\/p&gt; \n                &lt;br&gt;&lt;br&gt;\"\n            data-category=\"SFMR - Svensk F\u00f6rening f\u00f6r Medicinsk Radiologi\"\n            data-category-ids=\"1004\"\n            data-span-all=\"\"\n                      >\n\n            <div class=\"event_content\">\n              <div class=\"title\">\n                                <span>SFMR - Kontrastmedelssession I<\/span>\n              <\/div>\n              <div class=\"span_room\"><span><\/span><\/div>\n              <div class=\"time\">\n                <span>\n                  08:30-10:00                <\/span><\/div>\n\n              <div class=\"lecturer\"><span>Ulf Nyman; Gunnar Sterner; Torkel Brismar<\/span><\/div>\n            <\/div>\n\n\n                                <div style=\"background-color:#0099FF; position: absolute !important ; height: 4px !important; left: 4px; right: 4px; bottom : 2px !important;  border\"><\/div>\n            \n          <\/div>\n\n      \n          <div class=\"event \"\n            data-id=\"1071\"\n            data-project=\"project_276_2017_03_27\"\n            data-title=\"ST-kurs Radiologiskt ledarskap\"\n            data-abs-nbr=\"\"\n            data-ystart=\"8.5\"\n            data-yend=\"16.75\"\n            data-time=\"08:30-16:45\"\n            data-room=\"12\"\n            data-room-id=\"1013\"\n            data-room-name=\"Pressl\u00e4ktaren\"\n            data-day=\"1\"\n            data-abs-path=\"\"\n            data-speaker=\"Christina Christoffersen; Lott Bergstrand; Peter Aspelin; Mikael Gunnarsson; Peter Hochbergs; Magnus Persson; Ola Bj\u00f6rgell; Bengt  Piv\u00e9n\"\n            data-speakercell=\"Christina Christoffersen; Lott Bergstrand; Peter Aspelin; Mikael Gunnarsson; Peter Hochbergs; Magnus Persson; Ola Bj\u00f6rgell; Bengt  Piv\u00e9n\"\n            data-info=\"&lt;b&gt;Moderatorer: &lt;\/b&gt;Christina Christoffersen&lt;br&gt;&lt;br&gt; \n                 &lt;p&gt;&lt;span style=&quot;font-weight: bold;&quot;&gt;Kurs i Radiologiskt Ledarskap, R\u00f6ntgenveckan 2017 &lt;\/span&gt;&lt;br&gt;&lt;br&gt;Kursen motsvarar moment i delm\u00e5l a1, a6 och b1 i 2015 \u00e5rs m\u00e5lbeskrivning, och motsvarande i gamla ST. &lt;br&gt;&lt;br&gt;08.30 \u2013 08.40 V\u00e4lkommen Christina Christoffersen &lt;br&gt;08.40 \u2013 09.20 Personalfr\u00e5gor, uppf\u00f6randekoder, sv\u00e5ra samtal\/konflikter Lott Bergstrand &lt;br&gt;09.20 \u2013 10.00 Ditt ansvar som chef &amp;amp; ledare. Om tillsyn, anm\u00e4lan &amp;amp; rapportering Peter Aspelin &lt;br&gt;10.00- 10.45 Kaffepaus &lt;br&gt;10.45- 11.30 Str\u00e5lskydd, lagar &amp;amp; regler, detta ska chefen ha koll p\u00e5! Mikael Gunnarsson &lt;br&gt;11.30\u2013 12.15 Kvalitet Peter Hochbergs &lt;br&gt;12.15- 13.30 Lunch &lt;br&gt;13.30\u2013 14.15 Hur kommunicerar en ledare? Magnus Persson &lt;br&gt;14.15 \u2013 15.00 Likar\u00e4tt \u2013 Etik, m\u00e5ngfald och j\u00e4mlikhet Ola Bj\u00f6rgell &lt;br&gt;15.00- 15.45 Kaffepaus &lt;br&gt;15.45- 16.15 Intervju \u2013 Hur skapar man win-win? Bengt Piv\u00e9n, Christina Christoffersen &lt;br&gt;16.15- 16.45 Test-genomg\u00e5ng, dialog Christina Christoffersen&lt;br&gt;&lt;\/p&gt; \n                &lt;br&gt;&lt;br&gt;\"\n            data-category=\"ST-kurser \/ Ungt forum\"\n            data-category-ids=\"1005\"\n            data-span-all=\"\"\n                      >\n\n            <div class=\"event_content\">\n              <div class=\"title\">\n                                <span>ST-kurs Radiologiskt ledarskap<\/span>\n              <\/div>\n              <div class=\"span_room\"><span><\/span><\/div>\n              <div class=\"time\">\n                <span>\n                  08:30-16:45                <\/span><\/div>\n\n              <div class=\"lecturer\"><span>Christina Christoffersen; Lott Bergstrand; Peter Aspelin; Mikael Gunnarsson; Peter Hochbergs; Magnus Persson; Ola Bj\u00f6rgell; Bengt  Piv\u00e9n<\/span><\/div>\n            <\/div>\n\n\n                                <div style=\"background-color:#99FFFF; position: absolute !important ; height: 4px !important; left: 4px; right: 4px; bottom : 2px !important;  border\"><\/div>\n            \n          <\/div>\n\n      \n          <div class=\"event \"\n            data-id=\"1060\"\n            data-project=\"project_276_2017_03_27\"\n            data-title=\"Fallpresentationst\u00e4vling II\"\n            data-abs-nbr=\"\"\n            data-ystart=\"8.5\"\n            data-yend=\"10\"\n            data-time=\"08:30-10:00\"\n            data-room=\"1\"\n            data-room-id=\"1002\"\n            data-room-name=\"Crusellhallen\"\n            data-day=\"1\"\n            data-abs-path=\"\"\n            data-speaker=\"\"\n            data-speakercell=\"\"\n            data-info=\"&lt;b&gt;Moderatorer: &lt;\/b&gt;Yngve  Forslin&lt;br&gt;&lt;br&gt;\"\n            data-category=\"ST-kurser \/ Ungt forum\"\n            data-category-ids=\"1005\"\n            data-span-all=\"\"\n                      >\n\n            <div class=\"event_content\">\n              <div class=\"title\">\n                                <span>Fallpresentationst\u00e4vling II<\/span>\n              <\/div>\n              <div class=\"span_room\"><span><\/span><\/div>\n              <div class=\"time\">\n                <span>\n                  08:30-10:00                <\/span><\/div>\n\n              \n            <\/div>\n\n\n                                <div style=\"background-color:#99FFFF; position: absolute !important ; height: 4px !important; left: 4px; right: 4px; bottom : 2px !important;  border\"><\/div>\n            \n          <\/div>\n\n      \n          <div class=\"event \"\n            data-id=\"1070\"\n            data-project=\"project_276_2017_03_27\"\n            data-title=\"SFFR - N\u00e4tverkstr\u00e4ff\"\n            data-abs-nbr=\"\"\n            data-ystart=\"8.5\"\n            data-yend=\"10\"\n            data-time=\"08:30-10:00\"\n            data-room=\"11\"\n            data-room-id=\"1012\"\n            data-room-name=\"Solot\"\n            data-day=\"1\"\n            data-abs-path=\"\"\n            data-speaker=\"\"\n            data-speakercell=\"\"\n            data-info=\"\"\n            data-category=\"SFFR - Svensk F\u00f6rening f\u00f6r R\u00f6ntgensekreterare\"\n            data-category-ids=\"1012\"\n            data-span-all=\"\"\n                      >\n\n            <div class=\"event_content\">\n              <div class=\"title\">\n                                <span>SFFR - N\u00e4tverkstr\u00e4ff<\/span>\n              <\/div>\n              <div class=\"span_room\"><span><\/span><\/div>\n              <div class=\"time\">\n                <span>\n                  08:30-10:00                <\/span><\/div>\n\n              \n            <\/div>\n\n\n                                <div style=\"background-color:#FF66FF; position: absolute !important ; height: 4px !important; left: 4px; right: 4px; bottom : 2px !important;  border\"><\/div>\n            \n          <\/div>\n\n      \n          <div class=\"event \"\n            data-id=\"1068\"\n            data-project=\"project_276_2017_03_27\"\n            data-title=\"MTF - PACS\/RIS och dess integration med Region \u00d6sterg\u00f6tlands Journalportal\"\n            data-abs-nbr=\"\"\n            data-ystart=\"8.5\"\n            data-yend=\"10\"\n            data-time=\"08:30-10:00\"\n            data-room=\"2\"\n            data-room-id=\"1005\"\n            data-room-name=\"Backstage\"\n            data-day=\"1\"\n            data-abs-path=\"\"\n            data-speaker=\"Maria Orell; Magnus Bark; Tomas Annerholm\"\n            data-speakercell=\"Maria Orell; Magnus Bark; Tomas Annerholm\"\n            data-info=\"&lt;b&gt;Moderatorer: &lt;\/b&gt;Tobias Lindbergh&lt;br&gt;&lt;br&gt; \n                 &lt;p&gt;&lt;span style=&quot;text-decoration-line: underline;&quot;&gt;Integrationer mellan PACS och Journalportalen:&lt;\/span&gt; &lt;br&gt;Region \u00d6sterg\u00f6tland har sedan h\u00f6sten 2015 integrerat PACS med JournalPortalen (JP) som erbjuder anv\u00e4ndaren nytta i form av enklare inloggning och samma patient i alla system. JP \u00e4r \u00e4ven integrerad med flera andra applikationer t.ex. journalsystemet Cosmic samt Remiss- Och Svarssystemet ROS. Fr\u00e5n r\u00f6ntgensvaren i ROS \u00e4r det m\u00f6jligt att g\u00f6ra uthopp till bildvisaren LiteView. Genom integration med Cosmics Multimediaverktyg finns m\u00f6jlighet att importera DICOM-bilder och multimedia till PACS genom att fylla i bokningsunderlag i Cosmic och bilderna blir d\u00e5 tillg\u00e4ngliga via journalreferenser. Ett exempel p\u00e5 anv\u00e4ndning av multimediakonceptet \u00e4r teledermatoskopi d\u00e4r v\u00e5rdcentraler ges m\u00f6jlighet att vid remiss till hudkliniken f\u00f6rmedla \u00e4ven bilder p\u00e5 hudf\u00f6r\u00e4ndringar.&lt;\/p&gt; \n                 &lt;p&gt;&lt;span style=&quot;font-style: italic;&quot;&gt;Fotnot: PACS, RIS och LiteView levereras av Sectra. Journalportalens produktnamn \u00e4r WEADD Sync, levereras av Evry. Journalsystemet Cosmic levereras av Cambio. ROS produktnamn \u00e4r WEADD ROS, levereras av Evry.&lt;\/span&gt;&lt;\/p&gt; \n                 &lt;p&gt;&lt;span style=&quot;text-decoration-line: underline;&quot;&gt;Integration av PACS och Patologi-PACS:&lt;\/span&gt; &lt;br&gt;R\u00d6 har f\u00f6rutom det \u201dradiologiska\u201d (allm\u00e4nna) PACS:et ocks\u00e5 ett Patologi-PACS. Dessa b\u00e5da \u00e4r nu integrerade via en tj\u00e4nst som m\u00f6jligg\u00f6r att: - fr\u00e5n Patologi-PACS kan man titta p\u00e5 bilder och l\u00e4sa svar\/utl\u00e5tanden som finns i Radiologi-PACS. - fr\u00e5n Radiologi-PACS kan man l\u00e4sa de svar\/utl\u00e5tanden som finns i Patologi-PACS. Ursprungligen kommer svaren i Patologi-PACS fr\u00e5n FlexLab\/Sympathy. Denna integration ger m\u00f6jligheter till b\u00e4ttre diagnostik och b\u00e4ttre MultiDisciplin\u00e4ra Konferenser (MDK).&lt;\/p&gt; \n                 &lt;p&gt;&lt;span style=&quot;font-style: italic;&quot;&gt;Fotnot: PACS och Patologi-PACS levereras av Sectra. FlexLab\/Sympathy levereras av Tieto.&lt;\/span&gt;&lt;\/p&gt; \n                 &lt;p&gt;&lt;span style=&quot;text-decoration-line: underline;&quot;&gt;Integration av RIS med JournalPortalen och PACS:&lt;\/span&gt; Efter att ha lyckats med integrationen av PACS med JP (se f\u00f6rel\u00e4sningens f\u00f6rsta session ovan) s\u00e5 vill vi \u00e4ven l\u00e4gga till RIS i integrationen. Den f\u00f6rsta hypotesen var att vi skulle kunna nyttja den \u201dvanliga\u201d RIS-PACS-synken (\u201dDesktop-synken\u201d) f\u00f6r att uppr\u00e4tth\u00e5lla patientkontext med PACS (full dubbelriktad synk). PACS skulle d\u00e5 i sin tur tack vare integrationen med JP uppr\u00e4tth\u00e5lla patientkontext med \u00f6vriga applikationer i JP. V\u00e5ra tester har visat att denna hypotes inte riktigt h\u00e5ller, s\u00e5 R\u00d6 kommer att best\u00e4lla en anpassning fr\u00e5n RIS-PACS-leverant\u00f6ren f\u00f6r att ta hand om detta scenario p\u00e5 ett b\u00e4ttre s\u00e4tt. Vi vill av flera sk\u00e4l att RIS-PACS-JP-anv\u00e4ndarna ska ha applikationerna lokalt installerade p\u00e5 sina PC vilket skapar distributionstekniska utmaningar f\u00f6r oss i R\u00d6 (JP distribueras normalt via Citrix). Denna integration ger m\u00f6jlighet f\u00f6r r\u00f6ntgenpersonal att p\u00e5 ett smidigare och s\u00e4krare s\u00e4tt kunna arbeta i JP, med full patientkontext och att d\u00e4rmed snabbt och smidigt kunna l\u00e4sa t.ex. journalanteckningar, l\u00e4kemedel och labbsvar f\u00f6r i RIS-PACS aktuell patient.&lt;\/p&gt; \n                 &lt;p&gt;Disclaimer: Vi testar fortfarande denna RIS-PACS-JP-integration, s\u00e5 f\u00f6rel\u00e4sningen kommer inte att presentera en helt f\u00e4rdig l\u00f6sning.&lt;\/p&gt; \n                 &lt;p&gt;&lt;span style=&quot;font-style: italic;&quot;&gt;Fotnot: PACS och RIS levereras av Sectra. Journalportalens produktnamn \u00e4r WEADD Sync, levereras av Evry. Journalsystemet Cosmic levereras av Cambio. ROS produktnamn \u00e4r WEADD ROS, levereras av Evry.&lt;\/span&gt;&lt;\/p&gt; \n                &lt;br&gt;&lt;br&gt;\"\n            data-category=\"MTF - Svensk f\u00f6rening f\u00f6r Medicinsk Teknik och Fysik\"\n            data-category-ids=\"1009\"\n            data-span-all=\"\"\n                      >\n\n            <div class=\"event_content\">\n              <div class=\"title\">\n                                <span>MTF - PACS\/RIS och dess integration med Region \u00d6sterg\u00f6tlands Journalportal<\/span>\n              <\/div>\n              <div class=\"span_room\"><span><\/span><\/div>\n              <div class=\"time\">\n                <span>\n                  08:30-10:00                <\/span><\/div>\n\n              <div class=\"lecturer\"><span>Maria Orell; Magnus Bark; Tomas Annerholm<\/span><\/div>\n            <\/div>\n\n\n                                <div style=\"background-color:#CCCC66; position: absolute !important ; height: 4px !important; left: 4px; right: 4px; bottom : 2px !important;  border\"><\/div>\n            \n          <\/div>\n\n      \n          <div class=\"event \"\n            data-id=\"1064\"\n            data-project=\"project_276_2017_03_27\"\n            data-title=\"ST-dag MSK\/SFMSR\"\n            data-abs-nbr=\"\"\n            data-ystart=\"8.5\"\n            data-yend=\"16.75\"\n            data-time=\"08:30-16:45\"\n            data-room=\"6\"\n            data-room-id=\"1007\"\n            data-room-name=\"Studion\"\n            data-day=\"1\"\n            data-abs-path=\"\"\n            data-speaker=\"\"\n            data-speakercell=\"\"\n            data-info=\"\n                 &lt;p&gt;&lt;span style=&quot;font-weight: bold;&quot;&gt;ST-kurs i muskuloskeletal radiologi med fokus p\u00e5 tum\u00f6rer inom r\u00f6relseorganen sett ur radiologiskt, ortopediskt och patologiskt perspektiv.&lt;\/span&gt;&amp;nbsp;&lt;br&gt;&lt;br&gt;Svensk Fo\u0308rening fo\u0308r Muskuloskeletal Radiologi ger en kurs om skelett-tum\u00f6rer och \u00e4ven \u00f6vergripande om muskuloskeletala mjukdelstum\u00f6rer fo\u0308r ST-la\u0308kare med betoning pa\u030ade fra\u030agesta\u0308llningar en allma\u0308nradiolog kan sta\u0308llas info\u0308r. Under en dag kommer 1 radiolog, 1 tum\u00f6rortoped och 1 patolog att ga\u030aigenom det som a\u0308r viktigast att veta inom muskuloskeletal tum\u00f6rdiagnostik, utredning och behandling. Genomga\u030angen kurs ger intyg till Socialstyrelsen pa\u030auppfyllande av del av delma\u030al c8.&lt;br&gt;&lt;\/p&gt;\n                &lt;br&gt;&lt;br&gt;\"\n            data-category=\"ST-kurser \/ Ungt forum\"\n            data-category-ids=\"1005\"\n            data-span-all=\"\"\n                      >\n\n            <div class=\"event_content\">\n              <div class=\"title\">\n                                <span>ST-dag MSK\/SFMSR<\/span>\n              <\/div>\n              <div class=\"span_room\"><span><\/span><\/div>\n              <div class=\"time\">\n                <span>\n                  08:30-16:45                <\/span><\/div>\n\n              \n            <\/div>\n\n\n                                <div style=\"background-color:#99FFFF; position: absolute !important ; height: 4px !important; left: 4px; right: 4px; bottom : 2px !important;  border\"><\/div>\n            \n          <\/div>\n\n      \n          <div class=\"event \"\n            data-id=\"1066\"\n            data-project=\"project_276_2017_03_27\"\n            data-title=\"Sponsor - Automatiserad bilddiagnostik - utmaningar och praktisk nytta i vardagen\"\n            data-abs-nbr=\"\"\n            data-ystart=\"8.5\"\n            data-yend=\"9.25\"\n            data-time=\"08:30-09:15\"\n            data-room=\"8\"\n            data-room-id=\"1009\"\n            data-room-name=\"Sonaten\"\n            data-day=\"1\"\n            data-abs-path=\"\"\n            data-speaker=\"Jesper Molin; Erik Sj\u00f6blom\"\n            data-speakercell=\"Jesper Molin; Erik Sj\u00f6blom\"\n            data-info=\" \n                 &lt;p&gt;&lt;b&gt;Automatiserad bilddiagnostik - utmaningar och praktisk nytta i vardagen&lt;\/b&gt;&lt;\/p&gt; \n                 &lt;p&gt;Under de senaste \u00e5ren har tekniker inom artificiell intelligens och machine learning gjort stora framsteg. Det kan d\u00e4remot vara sv\u00e5rt att f\u00f6rst\u00e5 hur dessa framsteg kan komma att p\u00e5verka vardagen inom det bilddiagnostiska arbetet. Den h\u00e4r presentationen kommer att reda ut begrepp s\u00e5 som artificiell intelligens, machine learning och deep learning. Baserat p\u00e5 f\u00f6rel\u00e4sarnas egna erfarenheter utav att konstruera smarta verktyg inom radiologi och patologi presenteras vilka olika m\u00f6jligheter och begr\u00e4nsningar som den nya tekniken f\u00f6r med sig och hur detta p\u00e5verkar bilddiagnostiken.&lt;\/p&gt;&lt;p&gt;Sectra&lt;\/p&gt; \n                &lt;br&gt;&lt;br&gt;\"\n            data-category=\"Sponsorer\"\n            data-category-ids=\"1014\"\n            data-span-all=\"\"\n                      >\n\n            <div class=\"event_content\">\n              <div class=\"title\">\n                                <span>Sponsor - Automatiserad bilddiagnostik - utmaningar och praktisk nytta i vardagen<\/span>\n              <\/div>\n              <div class=\"span_room\"><span><\/span><\/div>\n              <div class=\"time\">\n                <span>\n                  08:30-09:15                <\/span><\/div>\n\n              <div class=\"lecturer\"><span>Jesper Molin; Erik Sj\u00f6blom<\/span><\/div>\n            <\/div>\n\n\n                                <div style=\"background-color:#CC33FF; position: absolute !important ; height: 4px !important; left: 4px; right: 4px; bottom : 2px !important;  border\"><\/div>\n            \n          <\/div>\n\n      \n          <div class=\"event \"\n            data-id=\"1069\"\n            data-project=\"project_276_2017_03_27\"\n            data-title=\"ST-kurs Radiofysik - Str\u00e5lningsdosimetri vid r\u00f6ntgendiagnostik och interventionell radiologi\"\n            data-abs-nbr=\"\"\n            data-ystart=\"8.5\"\n            data-yend=\"16.75\"\n            data-time=\"08:30-16:45\"\n            data-room=\"10\"\n            data-room-id=\"1011\"\n            data-room-name=\"Duetten\"\n            data-day=\"1\"\n            data-abs-path=\"\"\n            data-speaker=\"\"\n            data-speakercell=\"\"\n            data-info=\"&lt;b&gt;Moderatorer: &lt;\/b&gt;Michael Sandborg&lt;br&gt;&lt;br&gt; \n                 &lt;p&gt;&lt;span style=&quot;font-weight: bold;&quot;&gt;&quot;Str\u00e5lningsdosimetri vid r\u00f6ntgendiagnostik och interventionell radiologi&quot;&lt;\/span&gt;&lt;\/p&gt; \n                 &lt;p&gt;Kursm\u00e5l: &lt;br&gt;Kursens \u00f6vergripande m\u00e5l \u00e4r att deltagarna ska f\u00e5 en f\u00f6rdjupad f\u00f6rm\u00e5ga att m\u00e4ta och analysera patient-, personal- och organstr\u00e5ldoser och f\u00e5 en b\u00e4ttre f\u00f6rst\u00e5else f\u00f6r de dosimetriska utmaningarna f\u00f6rknippade med moderna radiologiska system. Kursen syftar ocks\u00e5 till att f\u00e5 en f\u00f6rdjupad f\u00f6rst\u00e5else f\u00f6r dosimeterkalibrering och uppskattning av m\u00e4tos\u00e4kerhet enligt GUM. Denna kunskap kan inte till fullo tillgodoses inom ramen f\u00f6r den grundl\u00e4ggande utbildningen av sjukhusfysiker. &lt;br&gt;&lt;br&gt;M\u00e5lgrupp: &lt;br&gt;Legitimerade sjukhusfysiker och sjukhusfysiker under ST-utbildning. Kursen rekommenderas till sjukhusfysiker som deltar i CPD programmet. Kursen kan ges som forskarutbildningskurs inom medicinsk radiofysik\/str\u00e5lningsfysik d\u00e5 med f\u00f6rdjupningsuppgift som beslutas i samr\u00e5d med examinator. &lt;br&gt;&lt;br&gt;Kursinneh\u00e5ll: Kursen omfattar dosimetri vid r\u00f6ntgenunders\u00f6kningar s\u00e5 som radiografi, konstr\u00e5le-CT, mammografi, datortomografi samt radiologisk intervention. Os\u00e4kerhetsuppskattningar av organstr\u00e5ldoser, kalibrering och utveckling av dosimetrar f\u00f6r uppskattning av patient- och personaldoser ing\u00e5r ocks\u00e5. Kursen har f\u00f6rel\u00e4sningar inom dessa omr\u00e5den: &lt;br&gt;\u00b7 Dosimetri vid mammografi inklusive br\u00f6sttomosyntes &lt;br&gt;\u00b7 Kalibrering av kerma-area produktm\u00e4tare och solid state detektorer &lt;br&gt;\u00b7 Os\u00e4kerhetsuppskattningar enligt GUM &lt;br&gt;\u00b7 Dosimetri vid datortomografi med breda str\u00e5lf\u00e4lt &lt;br&gt;\u00b7 Dosimetri vid radiologisk intervention &lt;br&gt;\u00b7 Dosimetri vid konstr\u00e5le-CT vid odontologisk radiologi &lt;br&gt;\u00b7 Gr\u00e4nsskiktsdosimetri \u00b7 Kalibrering av dosimetrar och sp\u00e5rbarhet av dosimetriska storheter &lt;br&gt;&lt;br&gt;Rekommenderade f\u00f6rberedelser: Det \u00e4r \u00f6nskv\u00e4rt du som deltagare i f\u00f6rv\u00e4g har reflekterat \u00f6ver vilka omr\u00e5de som du beh\u00f6ver utvecklas inom. Om du l\u00e4ser kursen som forskarutbildningskurs b\u00f6r du innan kursstart ha definierat en f\u00f6rdjupningsuppgift. &lt;br&gt;&lt;br&gt;Examinator: michael.sandborg@regionostergotland.se&lt;br&gt;&lt;\/p&gt; \n                &lt;br&gt;&lt;br&gt;\"\n            data-category=\"ST-kurser \/ Ungt forum\"\n            data-category-ids=\"1005\"\n            data-span-all=\"\"\n                      >\n\n            <div class=\"event_content\">\n              <div class=\"title\">\n                                <span>ST-kurs Radiofysik - Str\u00e5lningsdosimetri vid r\u00f6ntgendiagnostik och interventionell radiologi<\/span>\n              <\/div>\n              <div class=\"span_room\"><span><\/span><\/div>\n              <div class=\"time\">\n                <span>\n                  08:30-16:45                <\/span><\/div>\n\n              \n            <\/div>\n\n\n                                <div style=\"background-color:#99FFFF; position: absolute !important ; height: 4px !important; left: 4px; right: 4px; bottom : 2px !important;  border\"><\/div>\n            \n          <\/div>\n\n      \n          <div class=\"event \"\n            data-id=\"1067\"\n            data-project=\"project_276_2017_03_27\"\n            data-title=\"Verksamhetschefsprogrammet - Integrerad diagnostik\"\n            data-abs-nbr=\"\"\n            data-ystart=\"8.5\"\n            data-yend=\"10\"\n            data-time=\"08:30-10:00\"\n            data-room=\"9\"\n            data-room-id=\"1010\"\n            data-room-name=\"Operetten\"\n            data-day=\"1\"\n            data-abs-path=\"\"\n            data-speaker=\"H\u00e5kan Ahlstr\u00f6m; Claes Lundstr\u00f6m; Monica Vajda; Anna Bod\u00e9n\"\n            data-speakercell=\"H\u00e5kan Ahlstr\u00f6m; Claes Lundstr\u00f6m; Monica Vajda; Anna Bod\u00e9n\"\n            data-info=\" \n                 &lt;p&gt;8:30-9:00 Radiomics, H\u00e5kan Ahlstr\u00f6m, Professor, Uppsala &lt;br&gt;9:00-9:30 Big Data och Artificiell Intelligens Claes Lundstr\u00f6m, Forskningschef Sectra, Docent CMIV &lt;br&gt;&lt;br&gt;Abstrakt: Den tekniska utvecklingen inom artificiell intelligens har varit oerh\u00f6rt stark de senaste \u00e5ren. Speciellt intressant \u00e4r analyser p\u00e5 populationsniv\u00e5 (Big Data) med hj\u00e4lp av modern maskininl\u00e4rning (t ex deep learning). Denna presentation kommer att ta upp hur radiologin kan dra nytta av dessa stora nya m\u00f6jligheter. Dels r\u00f6r det sig om att traditionella uppl\u00e4gg f\u00f6r bildanalys som diagnostiskt st\u00f6d kan g\u00f6ras mycket mer kraftfulla. H\u00e4r kan tekniken ge stor nytta f\u00f6r befintliga diagnostiska delmoment, b\u00e5de i form av h\u00f6gre effektivitet och h\u00f6gre precision i bed\u00f6mningarna. Dels r\u00f6r det sig om nya arbetss\u00e4tt. Dagens bildgranskning \u00e4r baserad p\u00e5 de visuella m\u00f6nster som en m\u00e4nsklig expert kan tr\u00e4nas att uppfatta. En maskinell algoritm har inte samma begr\u00e4nsning, utan kan mer f\u00f6ruts\u00e4ttningsl\u00f6st hitta fler m\u00f6nster, och ocks\u00e5 analysera l\u00e5ngt st\u00f6rre datam\u00e4ngder. Detta ger ny kunskap och d\u00e4rmed nya diagnostiska m\u00f6jligheter. &lt;br&gt;&lt;br&gt;9:30-10:00 MAMMOPAT - PACS VOBISCUM Monika Vajda Sektionschef Mammografi, Anna Boden \u00d6verl\u00e4kare Patologen&lt;br&gt;&lt;\/p&gt; \n                &lt;br&gt;&lt;br&gt;\"\n            data-category=\"Verksamhetschefer\"\n            data-category-ids=\"1011\"\n            data-span-all=\"\"\n                      >\n\n            <div class=\"event_content\">\n              <div class=\"title\">\n                                <span>Verksamhetschefsprogrammet - Integrerad diagnostik<\/span>\n              <\/div>\n              <div class=\"span_room\"><span><\/span><\/div>\n              <div class=\"time\">\n                <span>\n                  08:30-10:00                <\/span><\/div>\n\n              <div class=\"lecturer\"><span>H\u00e5kan Ahlstr\u00f6m; Claes Lundstr\u00f6m; Monica Vajda; Anna Bod\u00e9n<\/span><\/div>\n            <\/div>\n\n\n                                <div style=\"background-color:#FFFFCC; position: absolute !important ; height: 4px !important; left: 4px; right: 4px; bottom : 2px !important;  border\"><\/div>\n            \n          <\/div>\n\n      \n          <div class=\"event \"\n            data-id=\"1072\"\n            data-project=\"project_276_2017_03_27\"\n            data-title=\"Ultraljudsf\u00f6reningen, Hands-on workshop\"\n            data-abs-nbr=\"\"\n            data-ystart=\"8.5\"\n            data-yend=\"10\"\n            data-time=\"08:30-10:00\"\n            data-room=\"13\"\n            data-room-id=\"1014\"\n            data-room-name=\"Loge 4\"\n            data-day=\"1\"\n            data-abs-path=\"\"\n            data-speaker=\"\"\n            data-speakercell=\"\"\n            data-info=\"\n                 &lt;p&gt;Workshops, handson och demonstrationer av ultraljud&lt;\/p&gt;&lt;p&gt;&lt;i&gt;Okej, vi erk\u00e4nner \u2013 vi \u00e4r ett g\u00e4ng ultraljudsn\u00f6rdar som \u00e5terstartat SFMU. P\u00e5 R\u00f6ntgenveckan hittar vi ocks\u00e5 de allra senaste ultraljudsmaskinerna, det \u00e4r rena julaftonen!&lt;br&gt;&lt;\/i&gt;&lt;i&gt;F\u00f6r att sprida v\u00e5r entusiasm \u00f6ver ultraljud har vi sessioner i Loge 4+6 p\u00e5 R\u00f6ntgenveckan, d\u00e4r vi kan tr\u00e4na ultraljud p\u00e5 riktigt. H\u00e4ng p\u00e5 n\u00e4r vi visar upp v\u00e5ra favoritunders\u00f6kningar!&lt;br&gt;&lt;\/i&gt;&lt;i&gt;OBS- ingen bokning, f\u00f6rst till kvarn g\u00e4ller ... V\u00e4lkomna!&lt;\/i&gt;&lt;\/p&gt;&lt;p&gt;&lt;i&gt;Bli medlem? &amp;nbsp;Maila: sfmu.sfmu@gmail.com&lt;br&gt;&lt;\/i&gt;&lt;\/p&gt;&lt;p&gt;&lt;b&gt;Tisdag 12 sept:&lt;\/b&gt;&lt;\/p&gt;&lt;p&gt;&lt;b&gt;Kl 12.45-13.30: Muskuloskeletalt ultraljud, ffa axlar.&amp;nbsp;&amp;nbsp;&lt;\/b&gt;Dr Laszlo Toth, Hudiksvalls Sjukhus&lt;\/p&gt;&lt;p&gt;&lt;\/p&gt;&lt;p&gt;&lt;b&gt;Kl 13.30-16.45 Biopsitr\u00e4ning p\u00e5 preparat\u2013 enbart f\u00f6r deltagare p\u00e5 ST-kurs i ultraljudsv\u00e4gledda punktioner.&lt;br&gt;&lt;br&gt;&lt;\/b&gt;&lt;\/p&gt;&lt;p&gt;&lt;b&gt;Onsdag 13 sept:&lt;\/b&gt;&lt;\/p&gt;&lt;p&gt;&lt;b&gt;Kl 8.30-9.45: \u201dAkut ultraljud \u2013 EFAST, POCUS, och annat man g\u00f6r p\u00e5 akutrummet\u2026\u201d&amp;nbsp;&lt;\/b&gt;Dr Jesper Danielsson, St G\u00f6rans Sjukhus&lt;\/p&gt;&lt;p&gt;&lt;b&gt;Kl 8.30-9.45: \u201dLeverelastografi, demo och hands-on&lt;\/b&gt;\u201d. Sonograf Marie Byenfeldt, \u00d6stersunds Sjukhus.&lt;\/p&gt;&lt;p&gt;&lt;b&gt;Kl 10.00-11.00: \u00c5rsm\u00f6te SFMU&lt;\/b&gt;&lt;\/p&gt;&lt;p&gt;&lt;b&gt;Kl 11.00-12.15 : \u201dFria fl\u00f6den? Doppler av perifera och centrala blodk\u00e4rl\u201d.&amp;nbsp;&lt;\/b&gt;&amp;nbsp;Dr Kristina Dahlstr\u00f6m, Faluns Sjukhus&lt;b&gt;&lt;\/b&gt;&lt;\/p&gt;&lt;p&gt;&lt;b&gt;Kl 11.00-12.15: : \u201dMuskuloskeletalt ultraljud, ffa axlar\u201d.&amp;nbsp;&lt;\/b&gt;Dr Laszlo Toth, Hudiksvalls Sjukhus&lt;b&gt;&lt;\/b&gt;&lt;\/p&gt;&lt;p&gt;&lt;b&gt;13.30-14.45: \u201dBiopsitr\u00e4ning \u2013 ultraljudsv\u00e4gledda punktioner, demonstration och praktisk \u00f6vning p\u00e5 preparat\u201d.&lt;\/b&gt;&amp;nbsp;Dr Stefan H\u00f6rnlund, Sundsvalls sjukhus&lt;\/p&gt;&lt;p&gt;&lt;b&gt;13.30-14.45 \u201dSonograf? Prova-p\u00e5-ultraljud f\u00f6r nyfikna r\u00f6ntgensjuksk\u00f6terskor\u201d.&lt;\/b&gt;&amp;nbsp;Sonograf Karin Asplund, Astrid Lindgrens Barnsjukhus&lt;\/p&gt;&lt;p&gt;&lt;b&gt;Kl 15.45-16.45: \u201dFusion av MR-buk och ultraljud, demonstration live och praktisk&amp;nbsp;&lt;\/b&gt;\u00f6vning\u201d.&amp;nbsp;&amp;nbsp; Dr Sara Sehlstedt, \u00d6stersunds Sjukhus&lt;\/p&gt;&lt;p&gt;&lt;b&gt;Kl 15.45-16.45&lt;\/b&gt;:&amp;nbsp;&lt;b&gt;\u201dSonograf? Prova-p\u00e5-ultraljud f\u00f6r nyfikna r\u00f6ntgensjuksk\u00f6terskor\u201d.&amp;nbsp;&lt;\/b&gt;Sonograf Maria Zetterman, Astrid Lindgrens Barnsjukhus&lt;br&gt;&lt;br&gt;Torsdag 14 sept.&lt;\/p&gt;&lt;p&gt;&lt;b&gt;Kl 9.50-10.45: &amp;nbsp;\u201dUltraljudsv\u00e4gledda biopsier, demo och praktisk \u00f6vning p\u00e5 preparat\u201d.&amp;nbsp;&amp;nbsp;&lt;\/b&gt;Dr Stefan H\u00f6rnlund, Sundsvalls Sjukhus.&lt;\/p&gt;&lt;p&gt;&lt;b&gt;Kl 13.30-15.00: \u201dMuskuloskeletalt ultraljud,&amp;nbsp; fr\u00e4mst \u00f6vre extremitet\u201d.&lt;\/b&gt;&amp;nbsp;Dr David Wilson och Dr Gina Allen, Oxford samt Dr Magnus Hjelm, G\u00e4vle Sjukhus och Dr Johan Krause, Uppsala Akademiska Sjukhus.&lt;\/p&gt;&lt;p&gt;&lt;b&gt;Kl 15.45-16.45:&lt;\/b&gt;&amp;nbsp;&lt;b&gt;\u201dMuskuloskeletalt ultraljud,&amp;nbsp; fr\u00e4mst nedre extremitet\u201d.&lt;\/b&gt;&amp;nbsp;Dr David Wilson och Dr Gina Allen, Oxford samt Dr Magnus Hjelm, G\u00e4vle Sjukhus och Dr Johan Krause, Uppsala Akademiska Sjukhus&lt;b&gt;&lt;\/b&gt;&lt;\/p&gt;&lt;p&gt;&lt;i&gt;&lt;br&gt;&lt;\/i&gt;&lt;\/p&gt;\n                &lt;br&gt;&lt;br&gt;\"\n            data-category=\"Ultraljudsf\u00f6reningens hands-on\"\n            data-category-ids=\"1015\"\n            data-span-all=\"\"\n                      >\n\n            <div class=\"event_content\">\n              <div class=\"title\">\n                                <span>Ultraljudsf\u00f6reningen, Hands-on workshop<\/span>\n              <\/div>\n              <div class=\"span_room\"><span><\/span><\/div>\n              <div class=\"time\">\n                <span>\n                  08:30-10:00                <\/span><\/div>\n\n              \n            <\/div>\n\n\n                                <div style=\"background-color:#FFCCFF; position: absolute !important ; height: 4px !important; left: 4px; right: 4px; bottom : 2px !important;  border\"><\/div>\n            \n          <\/div>\n\n      \n          <div class=\"event \"\n            data-id=\"1073\"\n            data-project=\"project_276_2017_03_27\"\n            data-title=\"Ultraljudsf\u00f6reningen, Hands-on workshop\"\n            data-abs-nbr=\"\"\n            data-ystart=\"8.5\"\n            data-yend=\"10\"\n            data-time=\"08:30-10:00\"\n            data-room=\"14\"\n            data-room-id=\"1015\"\n            data-room-name=\"Loge 6\"\n            data-day=\"1\"\n            data-abs-path=\"\"\n            data-speaker=\"\"\n            data-speakercell=\"\"\n            data-info=\" \n                 &lt;p&gt;Workshops, handson och demonstrationer av ultraljud&lt;\/p&gt;&lt;p&gt;&lt;i&gt;Okej, vi erk\u00e4nner \u2013 vi \u00e4r ett g\u00e4ng ultraljudsn\u00f6rdar som \u00e5terstartat SFMU. P\u00e5 R\u00f6ntgenveckan hittar vi ocks\u00e5 de allra senaste ultraljudsmaskinerna, det \u00e4r rena julaftonen!&lt;br&gt;&lt;\/i&gt;&lt;i&gt;F\u00f6r att sprida v\u00e5r entusiasm \u00f6ver ultraljud har vi sessioner i Loge 4+6 p\u00e5 R\u00f6ntgenveckan, d\u00e4r vi kan tr\u00e4na ultraljud p\u00e5 riktigt. H\u00e4ng p\u00e5 n\u00e4r vi visar upp v\u00e5ra favoritunders\u00f6kningar!&lt;br&gt;&lt;\/i&gt;&lt;i&gt;OBS- ingen bokning, f\u00f6rst till kvarn g\u00e4ller ... V\u00e4lkomna!&lt;\/i&gt;&lt;\/p&gt;&lt;p&gt;&lt;i&gt;Bli medlem? &amp;nbsp;Maila: sfmu.sfmu@gmail.com&lt;br&gt;&lt;\/i&gt;&lt;\/p&gt;&lt;p&gt;&lt;b&gt;Tisdag 12 sept:&lt;\/b&gt;&lt;\/p&gt;&lt;p&gt;&lt;b&gt;Kl 12.45-13.30: Muskuloskeletalt ultraljud, ffa axlar.&amp;nbsp;&amp;nbsp;&lt;\/b&gt;Dr Laszlo Toth, Hudiksvalls Sjukhus&lt;\/p&gt;&lt;p&gt;&lt;\/p&gt;&lt;p&gt;&lt;b&gt;Kl 13.30-16.45 Biopsitr\u00e4ning p\u00e5 preparat\u2013 enbart f\u00f6r deltagare p\u00e5 ST-kurs i ultraljudsv\u00e4gledda punktioner.&lt;br&gt;&lt;br&gt;&lt;\/b&gt;&lt;\/p&gt;&lt;p&gt;&lt;b&gt;Onsdag 13 sept:&lt;\/b&gt;&lt;\/p&gt;&lt;p&gt;&lt;b&gt;Kl 8.30-9.45: \u201dAkut ultraljud \u2013 EFAST, POCUS, och annat man g\u00f6r p\u00e5 akutrummet\u2026\u201d&amp;nbsp;&lt;\/b&gt;Dr Jesper Danielsson, St G\u00f6rans Sjukhus&lt;\/p&gt;&lt;p&gt;&lt;b&gt;Kl 8.30-9.45: \u201dLeverelastografi, demo och hands-on&lt;\/b&gt;\u201d. Sonograf Marie Byenfeldt, \u00d6stersunds Sjukhus.&lt;\/p&gt;&lt;p&gt;&lt;b&gt;Kl 10.00-11.00: \u00c5rsm\u00f6te SFMU&lt;\/b&gt;&lt;\/p&gt;&lt;p&gt;&lt;b&gt;Kl 11.00-12.15 : \u201dFria fl\u00f6den? Doppler av perifera och centrala blodk\u00e4rl\u201d.&amp;nbsp;&lt;\/b&gt;&amp;nbsp;Dr Kristina Dahlstr\u00f6m, Faluns Sjukhus&lt;b&gt;&lt;\/b&gt;&lt;\/p&gt;&lt;p&gt;&lt;b&gt;Kl 11.00-12.15: : \u201dMuskuloskeletalt ultraljud, ffa axlar\u201d.&amp;nbsp;&lt;\/b&gt;Dr Laszlo Toth, Hudiksvalls Sjukhus&lt;b&gt;&lt;\/b&gt;&lt;\/p&gt;&lt;p&gt;&lt;b&gt;13.30-14.45: \u201dBiopsitr\u00e4ning \u2013 ultraljudsv\u00e4gledda punktioner, demonstration och praktisk \u00f6vning p\u00e5 preparat\u201d.&lt;\/b&gt;&amp;nbsp;Dr Stefan H\u00f6rnlund, Sundsvalls sjukhus&lt;\/p&gt;&lt;p&gt;&lt;b&gt;13.30-14.45 \u201dSonograf? Prova-p\u00e5-ultraljud f\u00f6r nyfikna r\u00f6ntgensjuksk\u00f6terskor\u201d.&lt;\/b&gt;&amp;nbsp;Sonograf Karin Asplund, Astrid Lindgrens Barnsjukhus&lt;\/p&gt;&lt;p&gt;&lt;b&gt;Kl 15.45-16.45: \u201dFusion av MR-buk och ultraljud, demonstration live och praktisk&amp;nbsp;&lt;\/b&gt;\u00f6vning\u201d.&amp;nbsp;&amp;nbsp; Dr Sara Sehlstedt, \u00d6stersunds Sjukhus&lt;\/p&gt;&lt;p&gt;&lt;b&gt;Kl 15.45-16.45&lt;\/b&gt;:&amp;nbsp;&lt;b&gt;\u201dSonograf? Prova-p\u00e5-ultraljud f\u00f6r nyfikna r\u00f6ntgensjuksk\u00f6terskor\u201d.&amp;nbsp;&lt;\/b&gt;Sonograf Maria Zetterman, Astrid Lindgrens Barnsjukhus&lt;br&gt;&lt;br&gt;Torsdag 14 sept.&lt;\/p&gt;&lt;p&gt;&lt;b&gt;Kl 9.50-10.45: &amp;nbsp;\u201dUltraljudsv\u00e4gledda biopsier, demo och praktisk \u00f6vning p\u00e5 preparat\u201d.&amp;nbsp;&amp;nbsp;&lt;\/b&gt;Dr Stefan H\u00f6rnlund, Sundsvalls Sjukhus.&lt;\/p&gt;&lt;p&gt;&lt;b&gt;Kl 13.30-15.00: \u201dMuskuloskeletalt ultraljud,&amp;nbsp; fr\u00e4mst \u00f6vre extremitet\u201d.&lt;\/b&gt;&amp;nbsp;Dr David Wilson och Dr Gina Allen, Oxford samt Dr Magnus Hjelm, G\u00e4vle Sjukhus och Dr Johan Krause, Uppsala Akademiska Sjukhus.&lt;\/p&gt;&lt;p&gt;&lt;b&gt;Kl 15.45-16.45:&lt;\/b&gt;&amp;nbsp;&lt;b&gt;\u201dMuskuloskeletalt ultraljud,&amp;nbsp; fr\u00e4mst nedre extremitet\u201d.&lt;\/b&gt;&amp;nbsp;Dr David Wilson och Dr Gina Allen, Oxford samt Dr Magnus Hjelm, G\u00e4vle Sjukhus och Dr Johan Krause, Uppsala Akademiska Sjukhus&lt;b&gt;&lt;\/b&gt;&lt;\/p&gt;&lt;p&gt;&lt;i&gt;&lt;br&gt;&lt;\/i&gt;&lt;\/p&gt; \n                &lt;br&gt;&lt;br&gt;\"\n            data-category=\"Ultraljudsf\u00f6reningens hands-on\"\n            data-category-ids=\"1015\"\n            data-span-all=\"\"\n                      >\n\n            <div class=\"event_content\">\n              <div class=\"title\">\n                                <span>Ultraljudsf\u00f6reningen, Hands-on workshop<\/span>\n              <\/div>\n              <div class=\"span_room\"><span><\/span><\/div>\n              <div class=\"time\">\n                <span>\n                  08:30-10:00                <\/span><\/div>\n\n              \n            <\/div>\n\n\n                                <div style=\"background-color:#FFCCFF; position: absolute !important ; height: 4px !important; left: 4px; right: 4px; bottom : 2px !important;  border\"><\/div>\n            \n          <\/div>\n\n      \n          <div class=\"event \"\n            data-id=\"1063\"\n            data-project=\"project_276_2017_03_27\"\n            data-title=\"SFR - Utbildningsdag\"\n            data-abs-nbr=\"\"\n            data-ystart=\"8.5\"\n            data-yend=\"10\"\n            data-time=\"08:30-10:00\"\n            data-room=\"5\"\n            data-room-id=\"1006\"\n            data-room-name=\"Spegelsalen\"\n            data-day=\"1\"\n            data-abs-path=\"\"\n            data-speaker=\"Annika  Lindh Falk; Berith Hedberg; Eva Edstr\u00f6m\"\n            data-speakercell=\"Annika  Lindh Falk; Berith Hedberg; Eva Edstr\u00f6m\"\n            data-info=\"&lt;b&gt;Moderatorer: &lt;\/b&gt;Berit Bj\u00f6rkman&lt;br&gt;&lt;br&gt; \n                 &lt;p&gt;&lt;span style=&quot;font-weight: bold;&quot;&gt;F\u00f6rel\u00e4sare: Annika Lindh Falk, arbetsterapeut Link\u00f6ping&lt;\/span&gt;&lt;br&gt;&lt;br&gt;\u201dDet \u00e4r VI som g\u00f6r det!\u201d Interprofessionell samverkan f\u00f6r kvalitet i h\u00e4lso-och sjukv\u00e5rden&lt;br&gt;&amp;nbsp;Att arbeta tillsammans inom h\u00e4lso-och sjukv\u00e5rden i en Interprofessionell samverkan kan beskrivas som n\u00e4r olika professioner med olika bakgrund arbetar tillsammans med varandra, patienter, n\u00e4rst\u00e5ende \u00f6vriga intressenter f\u00f6r att leverera den h\u00f6gsta kvaliteten p\u00e5 medicin, v\u00e5rd och rehabilitering. Det inneb\u00e4r att dela p\u00e5 ansvar, kunskaper och kompetenser. Interprofessionell kompetens kan inneb\u00e4ra att man f\u00f6rst\u00e5r varandras professionella roller, har respekt f\u00f6r varandra, kommunicerar tydligt och klart s\u00e5 alla f\u00f6rst\u00e5r, l\u00f6ser konflikter som uppst\u00e5r och \u00e4r flexibla. P\u00e5 f\u00f6rel\u00e4sningen problematiserar jag vad detta inneb\u00e4r f\u00f6r v\u00e5rdens medarbetare och patienter&lt;br&gt;&lt;\/p&gt;\n                 &lt;p&gt;&lt;br&gt;&lt;span style=&quot;font-weight: bold;&quot;&gt;F\u00f6rel\u00e4sare: Berith Hedberg &amp;amp; Eva Edstr\u00f6m&lt;br&gt;Interprofessionellt l\u00e4rande i praktiken -&amp;nbsp;ett case-seminarium&lt;\/span&gt;&amp;nbsp;&lt;\/p&gt; \n                 &lt;p&gt;F\u00f6r att alla professioner ska kunna medverka i kvalitetsutvecklingen av den v\u00e5rd och omsorg som sker i den praktiska vardagen \u2013 och att l\u00e4ros\u00e4tena rustar studenterna att vara aktiva i denna utveckling, f\u00f6ruts\u00e4tts kompetens i att bland annat samarbeta i team. Inom professionsutbildningarna m\u00e5ste d\u00e4rf\u00f6r interprofessionellt l\u00e4rande (IPL) ses som en helhet och utg\u00f6ra en r\u00f6d tr\u00e5d genom utbildnings- och kursplanernas l\u00e4randem\u00e5l. &lt;\/p&gt; \n                 &lt;p&gt;Under en interaktiv workshop vill vi tillsammans med deltagarna problematisera t\u00e4nkbara farh\u00e5gor och f\u00f6rhoppningar kring hur l\u00e4ros\u00e4tet kan rusta studenterna f\u00f6r interprofessionell kompetens. &lt;\/p&gt; \n                 &lt;p&gt; &lt;br&gt;&lt;\/p&gt; \n                &lt;br&gt;&lt;br&gt;\"\n            data-category=\"SFR - Svensk F\u00f6rening f\u00f6r R\u00f6ntgensjuksk\u00f6terskor\"\n            data-category-ids=\"1007\"\n            data-span-all=\"\"\n                      >\n\n            <div class=\"event_content\">\n              <div class=\"title\">\n                                <span>SFR - Utbildningsdag<\/span>\n              <\/div>\n              <div class=\"span_room\"><span><\/span><\/div>\n              <div class=\"time\">\n                <span>\n                  08:30-10:00                <\/span><\/div>\n\n              <div class=\"lecturer\"><span>Annika  Lindh Falk; Berith Hedberg; Eva Edstr\u00f6m<\/span><\/div>\n            <\/div>\n\n\n                                <div style=\"background-color:#33CC66; position: absolute !important ; height: 4px !important; left: 4px; right: 4px; bottom : 2px !important;  border\"><\/div>\n            \n          <\/div>\n\n      \n          <div class=\"event \"\n            data-id=\"1061\"\n            data-project=\"project_276_2017_03_27\"\n            data-title=\"Thorax - Allt som g\u00f6r ont i br\u00f6stet \u00e4r inte infarkt.\"\n            data-abs-nbr=\"\"\n            data-ystart=\"8.5\"\n            data-yend=\"10\"\n            data-time=\"08:30-10:00\"\n            data-room=\"3\"\n            data-room-id=\"1003\"\n            data-room-name=\"Musikalen\"\n            data-day=\"1\"\n            data-abs-path=\"\"\n            data-speaker=\"Carl Meurling; Emma C Hansson; Olov Duvernoy\"\n            data-speakercell=\"Carl Meurling; Emma C Hansson; Olov Duvernoy\"\n            data-info=\"&lt;b&gt;Moderatorer: &lt;\/b&gt;Lena Jid\u00e9us; Tomas Bjerner&lt;br&gt;&lt;br&gt; \n                 &lt;p&gt;Kardiologens dilemma - feltolkad akut br\u00f6stsm\u00e4rta&lt;br&gt;&lt;em&gt;F\u00f6rel\u00e4sare: Carl Meurling, Lund&lt;\/em&gt;&lt;br&gt;&lt;strong&gt;L\u00e4randem\u00e5l:&lt;\/strong&gt;&amp;nbsp;Hur ska vi behandla n\u00e4r vi \u00e4r os\u00e4kra p\u00e5 infarktdiagnosen?&lt;\/p&gt; \n                 &lt;p&gt;Thoraxkirurgens dilemma - antikoagulantiabehandlad br\u00f6stsm\u00e4rta&lt;br&gt;&lt;em&gt;F\u00f6rel\u00e4sare: Emma C Hansson, G\u00f6teborg&lt;\/em&gt;&lt;br&gt;&lt;strong&gt;L\u00e4randem\u00e5l:&lt;\/strong&gt;&amp;nbsp;Vad h\u00e4nder n\u00e4r vi blir tvungna att operera antikoagulantiabehandlad br\u00f6stsm\u00e4rta?&lt;\/p&gt; \n                 &lt;p&gt;Akut br\u00f6stsm\u00e4rta - diagnostik ur imagingsynvinkel&lt;br&gt;&lt;em&gt;F\u00f6rel\u00e4sare: Olov Duvernoy, Uppsala&lt;\/em&gt;&lt;br&gt;&lt;strong&gt;L\u00e4randem\u00e5l:&lt;\/strong&gt;&amp;nbsp;Imaging vid oklar br\u00f6stsm\u00e4rta,&amp;nbsp;vad s\u00e4ger litteraturen?&lt;br&gt;&amp;nbsp;&lt;\/p&gt; \n                &lt;br&gt;&lt;br&gt;\"\n            data-category=\"SFMR - Delf\u00f6reningar\"\n            data-category-ids=\"1006\"\n            data-span-all=\"\"\n                      >\n\n            <div class=\"event_content\">\n              <div class=\"title\">\n                                <span>Thorax - Allt som g\u00f6r ont i br\u00f6stet \u00e4r inte infarkt.<\/span>\n              <\/div>\n              <div class=\"span_room\"><span><\/span><\/div>\n              <div class=\"time\">\n                <span>\n                  08:30-10:00                <\/span><\/div>\n\n              <div class=\"lecturer\"><span>Carl Meurling; Emma C Hansson; Olov Duvernoy<\/span><\/div>\n            <\/div>\n\n\n                                <div style=\"background-color:#6699CC; position: absolute !important ; height: 4px !important; left: 4px; right: 4px; bottom : 2px !important;  border\"><\/div>\n            \n          <\/div>\n\n      \n          <div class=\"event \"\n            data-id=\"1074\"\n            data-project=\"project_276_2017_03_27\"\n            data-title=\"RAM-kurs\"\n            data-abs-nbr=\"\"\n            data-ystart=\"8.5\"\n            data-yend=\"10\"\n            data-time=\"08:30-10:00\"\n            data-room=\"15\"\n            data-room-id=\"1016\"\n            data-room-name=\"Loge 5\"\n            data-day=\"1\"\n            data-abs-path=\"\"\n            data-speaker=\"Staffan Wirell; Anders von Heijne; Marcus Casselgren; Charalampos Georgiopoulos; Kada Karlsson; Joar Bj\u00f6rk\"\n            data-speakercell=\"Staffan Wirell; Anders von Heijne; Marcus Casselgren; Charalampos Georgiopoulos; Kada Karlsson; Joar Bj\u00f6rk\"\n            data-info=\"\"\n            data-category=\"RAM-kurs\"\n            data-category-ids=\"1016\"\n            data-span-all=\"\"\n                      >\n\n            <div class=\"event_content\">\n              <div class=\"title\">\n                                <span>RAM-kurs<\/span>\n              <\/div>\n              <div class=\"span_room\"><span><\/span><\/div>\n              <div class=\"time\">\n                <span>\n                  08:30-10:00                <\/span><\/div>\n\n              <div class=\"lecturer\"><span>Staffan Wirell; Anders von Heijne; Marcus Casselgren; Charalampos Georgiopoulos; Kada Karlsson; Joar Bj\u00f6rk<\/span><\/div>\n            <\/div>\n\n\n                                <div style=\"background-color:#66FFCC; position: absolute !important ; height: 4px !important; left: 4px; right: 4px; bottom : 2px !important;  border\"><\/div>\n            \n          <\/div>\n\n      \n          <div class=\"event \"\n            data-id=\"1062\"\n            data-project=\"project_276_2017_03_27\"\n            data-title=\"ST-kurs Barn\"\n            data-abs-nbr=\"\"\n            data-ystart=\"8.5\"\n            data-yend=\"10\"\n            data-time=\"08:30-10:00\"\n            data-room=\"4\"\n            data-room-id=\"1004\"\n            data-room-name=\"Operan\"\n            data-day=\"1\"\n            data-abs-path=\"\"\n            data-speaker=\"\"\n            data-speakercell=\"\"\n            data-info=\"&lt;p&gt;&lt;a href=&quot;http:\/\/www.trippus.se\/eventus\/userfiles\/86276.pdf&quot;&gt;L\u00e4s mer h\u00e4r!&amp;nbsp;&lt;\/a&gt;&lt;\/p&gt;&lt;p&gt;&lt;a href=&quot;http:\/\/www.trippus.se\/eventus\/userfiles\/86275.pdf&quot;&gt;Schema&amp;nbsp;&lt;\/a&gt;&lt;\/p&gt;&lt;p&gt;&lt;a href=&quot;http:\/\/www.trippus.se\/eventus\/userfiles\/86290.pdf&quot;&gt;Barnmisshandel&lt;\/a&gt;&lt;a href=&quot;http:\/\/www.trippus.se\/eventus\/userfiles\/86276.pdf&quot;&gt;&lt;\/a&gt;&lt;\/p&gt;&lt;br&gt;&lt;br&gt;\"\n            data-category=\"ST-kurser \/ Ungt forum\"\n            data-category-ids=\"1005\"\n            data-span-all=\"\"\n                      >\n\n            <div class=\"event_content\">\n              <div class=\"title\">\n                                <span>ST-kurs Barn<\/span>\n              <\/div>\n              <div class=\"span_room\"><span><\/span><\/div>\n              <div class=\"time\">\n                <span>\n                  08:30-10:00                <\/span><\/div>\n\n              \n            <\/div>\n\n\n                                <div style=\"background-color:#99FFFF; position: absolute !important ; height: 4px !important; left: 4px; right: 4px; bottom : 2px !important;  border\"><\/div>\n            \n          <\/div>\n\n      \n          <div class=\"event \"\n            data-id=\"1085\"\n            data-project=\"project_276_2017_03_27\"\n            data-title=\"Studiebes\u00f6k Mammografi\"\n            data-abs-nbr=\"\"\n            data-ystart=\"10\"\n            data-yend=\"11.5\"\n            data-time=\"10:00-11:30\"\n            data-room=\"18\"\n            data-room-id=\"1019\"\n            data-room-name=\"Br\u00f6stenheten, US\"\n            data-day=\"1\"\n            data-abs-path=\"\"\n            data-speaker=\"\"\n            data-speakercell=\"\"\n            data-info=\"                  &lt;p&gt;Studiebes\u00f6k p\u00e5 Br\u00f6stenheten&amp;nbsp; Mammografi i Link\u00f6ping Studiebes\u00f6ket sker den 13\/9 kl 10-11.30. Drop-in. Du v\u00e4ljer sj\u00e4lv n\u00e4r du kommer under den h\u00e4r tiden. F\u00d6RANM\u00c4LAN KR\u00c4VS&lt;br&gt;&lt;br&gt;Tv\u00e5 workshops kommer att erbjudas p\u00e5 US f\u00f6r &amp;nbsp;de som anm\u00e4lt sig om ABUS (atuomatiserad ultraljud av br\u00f6st) och vakuum biopsi.&lt;br&gt;&lt;br&gt;Hitta hit: Universitetssjukhuset i Link\u00f6ping, Onkolog huset ing\u00e5ng 34, plan 10, v\u00e4ntrum C&lt;br&gt;&lt;\/p&gt;                 &lt;br&gt;&lt;br&gt;\"\n            data-category=\"SFR - Svensk F\u00f6rening f\u00f6r R\u00f6ntgensjuksk\u00f6terskor\"\n            data-category-ids=\"1007\"\n            data-span-all=\"\"\n                      >\n\n            <div class=\"event_content\">\n              <div class=\"title\">\n                                <span>Studiebes\u00f6k Mammografi<\/span>\n              <\/div>\n              <div class=\"span_room\"><span><\/span><\/div>\n              <div class=\"time\">\n                <span>\n                  10:00-11:30                <\/span><\/div>\n\n              \n            <\/div>\n\n\n                                <div style=\"background-color:#33CC66; position: absolute !important ; height: 4px !important; left: 4px; right: 4px; bottom : 2px !important;  border\"><\/div>\n            \n          <\/div>\n\n      \n          <div class=\"event \"\n            data-id=\"1182\"\n            data-project=\"project_276_2017_03_27\"\n            data-title=\"Fika &amp; Utst\u00e4llning\"\n            data-abs-nbr=\"\"\n            data-ystart=\"10\"\n            data-yend=\"10.75\"\n            data-time=\"10:00-10:45\"\n            data-room=\"0\"\n            data-room-id=\"-1\"\n            data-room-name=\"-Ej specificerad-\"\n            data-day=\"1\"\n            data-abs-path=\"\"\n            data-speaker=\"\"\n            data-speakercell=\"\"\n            data-info=\"\"\n            data-category=\"\"\n            data-category-ids=\"\"\n            data-span-all=\"\"\n                      >\n\n            <div class=\"event_content\">\n              <div class=\"title\">\n                                <span>Fika & Utst\u00e4llning<\/span>\n              <\/div>\n              <div class=\"span_room\"><span><\/span><\/div>\n              <div class=\"time\">\n                <span>\n                  10:00-10:45                <\/span><\/div>\n\n              \n            <\/div>\n\n\n            \n          <\/div>\n\n      \n          <div class=\"event \"\n            data-id=\"1084\"\n            data-project=\"project_276_2017_03_27\"\n            data-title=\"SFMR m\u00f6ter delf\u00f6reningarna i Norden\"\n            data-abs-nbr=\"\"\n            data-ystart=\"10\"\n            data-yend=\"10.75\"\n            data-time=\"10:00-10:45\"\n            data-room=\"16\"\n            data-room-id=\"1017\"\n            data-room-name=\"Noten\/Takten\/Accenten\/Reprisen\"\n            data-day=\"1\"\n            data-abs-path=\"\"\n            data-speaker=\"\"\n            data-speakercell=\"\"\n            data-info=\"\"\n            data-category=\"SFMR - Delf\u00f6reningar\"\n            data-category-ids=\"1006\"\n            data-span-all=\"\"\n                      >\n\n            <div class=\"event_content\">\n              <div class=\"title\">\n                                <span>SFMR m\u00f6ter delf\u00f6reningarna i Norden<\/span>\n              <\/div>\n              <div class=\"span_room\"><span><\/span><\/div>\n              <div class=\"time\">\n                <span>\n                  10:00-10:45                <\/span><\/div>\n\n              \n            <\/div>\n\n\n                                <div style=\"background-color:#6699CC; position: absolute !important ; height: 4px !important; left: 4px; right: 4px; bottom : 2px !important;  border\"><\/div>\n            \n          <\/div>\n\n      \n          <div class=\"event \"\n            data-id=\"1083\"\n            data-project=\"project_276_2017_03_27\"\n            data-title=\"RAM-kurs\"\n            data-abs-nbr=\"\"\n            data-ystart=\"10.75\"\n            data-yend=\"12.25\"\n            data-time=\"10:45-12:15\"\n            data-room=\"15\"\n            data-room-id=\"1016\"\n            data-room-name=\"Loge 5\"\n            data-day=\"1\"\n            data-abs-path=\"\"\n            data-speaker=\"Staffan Wirell; Anders von Heijne; Charalampos Georgiopoulos; Joar Bj\u00f6rk; Kada Karlsson; Marcus Casselgren\"\n            data-speakercell=\"Staffan Wirell; Anders von Heijne; Charalampos Georgiopoulos; Joar Bj\u00f6rk; Kada Karlsson; Marcus Casselgren\"\n            data-info=\"\"\n            data-category=\"RAM-kurs\"\n            data-category-ids=\"1016\"\n            data-span-all=\"\"\n                      >\n\n            <div class=\"event_content\">\n              <div class=\"title\">\n                                <span>RAM-kurs<\/span>\n              <\/div>\n              <div class=\"span_room\"><span><\/span><\/div>\n              <div class=\"time\">\n                <span>\n                  10:45-12:15                <\/span><\/div>\n\n              <div class=\"lecturer\"><span>Staffan Wirell; Anders von Heijne; Charalampos Georgiopoulos; Joar Bj\u00f6rk; Kada Karlsson; Marcus Casselgren<\/span><\/div>\n            <\/div>\n\n\n                                <div style=\"background-color:#66FFCC; position: absolute !important ; height: 4px !important; left: 4px; right: 4px; bottom : 2px !important;  border\"><\/div>\n            \n          <\/div>\n\n      \n          <div class=\"event \"\n            data-id=\"1076\"\n            data-project=\"project_276_2017_03_27\"\n            data-title=\"SFRU - Mediyoga\"\n            data-abs-nbr=\"\"\n            data-ystart=\"10.75\"\n            data-yend=\"12.25\"\n            data-time=\"10:45-12:15\"\n            data-room=\"3\"\n            data-room-id=\"1003\"\n            data-room-name=\"Musikalen\"\n            data-day=\"1\"\n            data-abs-path=\"\"\n            data-speaker=\"Marie Lundberg\"\n            data-speakercell=\"Marie Lundberg\"\n            data-info=\"&lt;b&gt;Moderatorer: &lt;\/b&gt;Eva-Lena Gr\u00f6nberg-Nyberg&lt;br&gt;&lt;br&gt; \n                 &lt;p&gt;&lt;em&gt;Marie Lundberg, sjuksk\u00f6terska&lt;\/em&gt;&amp;nbsp;- ber\u00e4ttar om sin personliga resa, hur hon med hj\u00e4lp av Mediyoga tr\u00e4nade upp sin kropp mentalt och fysiskt efter en cykelolycka.&lt;br&gt;&lt;\/p&gt; \n                &lt;br&gt;&lt;br&gt;\"\n            data-category=\"SFRU - Svensk F\u00f6rening f\u00f6r R\u00f6ntgenundersk\u00f6terskor\"\n            data-category-ids=\"1010\"\n            data-span-all=\"\"\n                      >\n\n            <div class=\"event_content\">\n              <div class=\"title\">\n                                <span>SFRU - Mediyoga<\/span>\n              <\/div>\n              <div class=\"span_room\"><span><\/span><\/div>\n              <div class=\"time\">\n                <span>\n                  10:45-12:15                <\/span><\/div>\n\n              <div class=\"lecturer\"><span>Marie Lundberg<\/span><\/div>\n            <\/div>\n\n\n                                <div style=\"background-color:#FFFF33; position: absolute !important ; height: 4px !important; left: 4px; right: 4px; bottom : 2px !important;  border\"><\/div>\n            \n          <\/div>\n\n      \n          <div class=\"event \"\n            data-id=\"1077\"\n            data-project=\"project_276_2017_03_27\"\n            data-title=\"ST-kurs Barn\"\n            data-abs-nbr=\"\"\n            data-ystart=\"10.75\"\n            data-yend=\"12.25\"\n            data-time=\"10:45-12:15\"\n            data-room=\"4\"\n            data-room-id=\"1004\"\n            data-room-name=\"Operan\"\n            data-day=\"1\"\n            data-abs-path=\"\"\n            data-speaker=\"\"\n            data-speakercell=\"\"\n            data-info=\"\"\n            data-category=\"ST-kurser \/ Ungt forum\"\n            data-category-ids=\"1005\"\n            data-span-all=\"\"\n                      >\n\n            <div class=\"event_content\">\n              <div class=\"title\">\n                                <span>ST-kurs Barn<\/span>\n              <\/div>\n              <div class=\"span_room\"><span><\/span><\/div>\n              <div class=\"time\">\n                <span>\n                  10:45-12:15                <\/span><\/div>\n\n              \n            <\/div>\n\n\n                                <div style=\"background-color:#99FFFF; position: absolute !important ; height: 4px !important; left: 4px; right: 4px; bottom : 2px !important;  border\"><\/div>\n            \n          <\/div>\n\n      \n          <div class=\"event \"\n            data-id=\"1078\"\n            data-project=\"project_276_2017_03_27\"\n            data-title=\"SFMR - Kontrastmedelssession II\"\n            data-abs-nbr=\"\"\n            data-ystart=\"10.75\"\n            data-yend=\"12.25\"\n            data-time=\"10:45-12:15\"\n            data-room=\"7\"\n            data-room-id=\"1008\"\n            data-room-name=\"Kulturen\"\n            data-day=\"1\"\n            data-abs-path=\"\"\n            data-speaker=\"H\u00e5kan Ahlstr\u00f6m; Per Liss; Ulf Nyman; Niklas Lundqvist; Peter Leander\"\n            data-speakercell=\"H\u00e5kan Ahlstr\u00f6m; Per Liss; Ulf Nyman; Niklas Lundqvist; Peter Leander\"\n            data-info=\"&lt;b&gt;Moderatorer: &lt;\/b&gt;Per Liss&lt;br&gt;&lt;br&gt; \n                 &lt;p&gt;SFMR - Kontrastmedelssession II&lt;br&gt;&lt;br&gt;&lt;em&gt;Moderator: Per Liss&lt;\/em&gt;&lt;br&gt;&lt;br&gt;1. Gadoliniuminlagringar. Aktuellt fr\u00e5n europeiska l\u00e4kemedelsmyndigheten.&amp;nbsp;&lt;em&gt;H\u00e5kan Ahlstr\u00f6m&amp;nbsp;&lt;\/em&gt;&lt;br&gt;2. Dokumentation av kontrastmedelsreaktioner.&amp;nbsp;&lt;em&gt;Per Liss och Ulf Nyman&lt;\/em&gt;&amp;nbsp;&lt;br&gt;3. Strukturerade rapporter vid \u00f6verk\u00e4nslighetsreaktioner.&amp;nbsp;&lt;em&gt;Niklas Lundqvist&lt;\/em&gt;&lt;br&gt;4. Patientinformation vid \u00f6verk\u00e4nslighetsreaktioner.&amp;nbsp;&lt;em&gt;Peter Leander&lt;\/em&gt;&lt;br&gt;&lt;br&gt;P\u00e5 f\u00f6rra \u00e5rets R\u00f6ntgenvecka startades ett arbete runt rutiner vid kontrastmedelsreaktioner. Detta kommer nu att redovisas under de 2 sessionerna. D\u00e5 de svenska rekommendationerna bygger till st\u00f6rsta del p\u00e5 andra internationella sammanslutningars riktlinjer kommer ocks\u00e5 en redovisning att ske p\u00e5 vad som \u00e4r nytt inom omr\u00e5det och hur andra riktlinjer har \u00e4ndrats. Nu under v\u00e5ren kom europeiska l\u00e4kemedelsmyndigheten med varningar f\u00f6r vissa gadoliniumkontrastmedel d\u00e4r slutresultatet f\u00f6r n\u00e4rvarande inte riktigt \u00e4r klart. Hur l\u00e5ngt detta har kommit kommer att diskuteras. Under n\u00e5gra \u00e5r har nu ocks\u00e5 ett par grupper publicerat resultat att kontrastmedel inte p\u00e5verkar njurarna i den omfattning som tidigare riktlinjer har tagit h\u00e4nsyn till. Detta kommer att redovisas. Likas\u00e5 har det skett f\u00f6r\u00e4ndringar f\u00f6r uts\u00e4ttande av Metformin i samband med anv\u00e4ndande av kontrastmedel. Slutligen kommer vi att ge rekommendationer hur en kontrastmedelsreaktion skall dokumenteras och vilka krav som finns fr\u00e5n L\u00e4kemedelsverket. I detta ing\u00e5r ocks\u00e5 hur en patient som har reagerat p\u00e5 kontrastmedel skall hanteras vid ett kommande tillf\u00e4lle d\u00e5 vi avser att \u00e5ter ge kontrastmedel.&lt;br&gt;&lt;\/p&gt; \n                &lt;br&gt;&lt;br&gt;\"\n            data-category=\"SFMR - Svensk F\u00f6rening f\u00f6r Medicinsk Radiologi\"\n            data-category-ids=\"1004\"\n            data-span-all=\"\"\n                      >\n\n            <div class=\"event_content\">\n              <div class=\"title\">\n                                <span>SFMR - Kontrastmedelssession II<\/span>\n              <\/div>\n              <div class=\"span_room\"><span><\/span><\/div>\n              <div class=\"time\">\n                <span>\n                  10:45-12:15                <\/span><\/div>\n\n              <div class=\"lecturer\"><span>H\u00e5kan Ahlstr\u00f6m; Per Liss; Ulf Nyman; Niklas Lundqvist; Peter Leander<\/span><\/div>\n            <\/div>\n\n\n                                <div style=\"background-color:#0099FF; position: absolute !important ; height: 4px !important; left: 4px; right: 4px; bottom : 2px !important;  border\"><\/div>\n            \n          <\/div>\n\n      \n          <div class=\"event \"\n            data-id=\"1080\"\n            data-project=\"project_276_2017_03_27\"\n            data-title=\"SFFR - \u00c5rsm\u00f6te\"\n            data-abs-nbr=\"\"\n            data-ystart=\"10.75\"\n            data-yend=\"12.25\"\n            data-time=\"10:45-12:15\"\n            data-room=\"11\"\n            data-room-id=\"1012\"\n            data-room-name=\"Solot\"\n            data-day=\"1\"\n            data-abs-path=\"\"\n            data-speaker=\"\"\n            data-speakercell=\"\"\n            data-info=\"\"\n            data-category=\"SFFR - Svensk F\u00f6rening f\u00f6r R\u00f6ntgensekreterare\"\n            data-category-ids=\"1012\"\n            data-span-all=\"\"\n                      >\n\n            <div class=\"event_content\">\n              <div class=\"title\">\n                                <span>SFFR - \u00c5rsm\u00f6te<\/span>\n              <\/div>\n              <div class=\"span_room\"><span><\/span><\/div>\n              <div class=\"time\">\n                <span>\n                  10:45-12:15                <\/span><\/div>\n\n              \n            <\/div>\n\n\n                                <div style=\"background-color:#FF66FF; position: absolute !important ; height: 4px !important; left: 4px; right: 4px; bottom : 2px !important;  border\"><\/div>\n            \n          <\/div>\n\n      \n          <div class=\"event \"\n            data-id=\"1079\"\n            data-project=\"project_276_2017_03_27\"\n            data-title=\"MTF - Nya Akutkliniken US\"\n            data-abs-nbr=\"\"\n            data-ystart=\"10.75\"\n            data-yend=\"12.25\"\n            data-time=\"10:45-12:15\"\n            data-room=\"2\"\n            data-room-id=\"1005\"\n            data-room-name=\"Backstage\"\n            data-day=\"1\"\n            data-abs-path=\"\"\n            data-speaker=\"Lars Carlsson; Nils  Ahlberg; Linda Andersson\"\n            data-speakercell=\"Lars Carlsson; Nils  Ahlberg; Linda Andersson\"\n            data-info=\"&lt;b&gt;Moderatorer: &lt;\/b&gt;Tobias Lindbergh&lt;br&gt;&lt;br&gt; \n                 &lt;p&gt;Abstract \u2013 Nya Akutkliniken US&lt;\/p&gt; \n                 &lt;p&gt;F\u00f6rel\u00e4sare: &lt;br&gt;Nils Ahlberg, Objekt- och tj\u00e4nste\u00e4gare Medicinsk teknik och IT, Region \u00d6sterg\u00f6tland &lt;br&gt;Lars Carlsson, Program\u00e4gare Medicinsk teknik f\u00f6r v\u00e5rd &amp;amp; FoU, Stockholms L\u00e4ns Landsting &lt;br&gt;Linda Andersson, sakkunnig innovationsupphandling, Stockholms L\u00e4ns Landsting &lt;br&gt;&lt;br&gt;Moderator: Tobias Lindbergh, Projektledare Medicinsk teknik och IT, Region \u00d6sterg\u00f6tland&lt;\/p&gt; \n                 &lt;p&gt;F\u00f6rel\u00e4sning som i den f\u00f6rsta delen (Nils Ahlberg) tar upp de tekniska aspekterna (IT-infrastruktur, MT, bygg) vid flytten\/nybyggnationen av Akutkliniken vid Link\u00f6pings Universitetssjukhus. Den nya akutmottagningen har skr\u00e4ddarsytts f\u00f6r ett patientcentrerat arbetsfl\u00f6de; ambulansintag, koordinations&quot;desk&quot;, traumarum, akutr\u00f6ntgen, centralt bel\u00e4gen hisstransport f\u00f6r snabb f\u00f6rflyttning till bl.a. operation.&lt;\/p&gt; \n                 &lt;p&gt;Den andra delen av f\u00f6rel\u00e4sningen h\u00e5lls av Lars Carlsson (Nya Karolinska sjukhuset; NKS), som delger erfarenheter inom motsvarande omr\u00e5den fr\u00e5n bygget av Akutkliniken vid NKS, samt Linda Andersson, som arbetar som sakkunnig inom innovationsupphandlingar.&lt;\/p&gt; \n                &lt;br&gt;&lt;br&gt;\"\n            data-category=\"MTF - Svensk f\u00f6rening f\u00f6r Medicinsk Teknik och Fysik\"\n            data-category-ids=\"1009\"\n            data-span-all=\"\"\n                      >\n\n            <div class=\"event_content\">\n              <div class=\"title\">\n                                <span>MTF - Nya Akutkliniken US<\/span>\n              <\/div>\n              <div class=\"span_room\"><span><\/span><\/div>\n              <div class=\"time\">\n                <span>\n                  10:45-12:15                <\/span><\/div>\n\n              <div class=\"lecturer\"><span>Lars Carlsson; Nils  Ahlberg; Linda Andersson<\/span><\/div>\n            <\/div>\n\n\n                                <div style=\"background-color:#CCCC66; position: absolute !important ; height: 4px !important; left: 4px; right: 4px; bottom : 2px !important;  border\"><\/div>\n            \n          <\/div>\n\n      \n          <div class=\"event \"\n            data-id=\"1075\"\n            data-project=\"project_276_2017_03_27\"\n            data-title=\"Keynote tema thorax samt paneldebatt\"\n            data-abs-nbr=\"\"\n            data-ystart=\"10.75\"\n            data-yend=\"12.25\"\n            data-time=\"10:45-12:15\"\n            data-room=\"1\"\n            data-room-id=\"1002\"\n            data-room-name=\"Crusellhallen\"\n            data-day=\"1\"\n            data-abs-path=\"\"\n            data-speaker=\"Anders Persson; Helen Milde; Monica Segelsj\u00f6; M\u00e5rten  Sandstedt; Caroline Berntsson; Kerstin Cederlund; Olov Duvernoy\"\n            data-speakercell=\"Anders Persson; Helen Milde; Monica Segelsj\u00f6; M\u00e5rten  Sandstedt; Caroline Berntsson; Kerstin Cederlund; Olov Duvernoy\"\n            data-info=\"&lt;b&gt;Moderatorer: &lt;\/b&gt;Tomas Bjerner&lt;br&gt;&lt;br&gt; \n                 &lt;p&gt;Pga sjukdom har Prof Becker tyv\u00e4rr f\u00e5tt l\u00e4mna \u00e5terbud.&lt;br&gt;I st\u00e4llet kommer Prof Anders Persson att f\u00f6rel\u00e4sa:&lt;\/p&gt;\n                 &lt;p&gt;10.45 - 11.30&amp;nbsp;Datortomografi hj\u00e4rta fr\u00e5n morfologiska bilder idag &amp;nbsp;till funktionella fl\u00f6des 4D-bilder i morgon.&lt;br&gt;&lt;\/p&gt;\n                 &lt;p&gt;&lt;em&gt;Prof Anders Persson, CMIV, Link\u00f6ping&lt;\/em&gt;&lt;\/p&gt; \n                 &lt;p&gt;11.30 - 12.15 Paneldebatt: Vilka ska arbeta med datortomografi hj\u00e4rta i framtiden?&lt;\/p&gt; \n                &lt;br&gt;&lt;br&gt;\"\n            data-category=\"Vetenskapligt program\"\n            data-category-ids=\"1002\"\n            data-span-all=\"\"\n                      >\n\n            <div class=\"event_content\">\n              <div class=\"title\">\n                                <span>Keynote tema thorax samt paneldebatt<\/span>\n              <\/div>\n              <div class=\"span_room\"><span><\/span><\/div>\n              <div class=\"time\">\n                <span>\n                  10:45-12:15                <\/span><\/div>\n\n              <div class=\"lecturer\"><span>Anders Persson; Helen Milde; Monica Segelsj\u00f6; M\u00e5rten  Sandstedt; Caroline Berntsson; Kerstin Cederlund; Olov Duvernoy<\/span><\/div>\n            <\/div>\n\n\n                                <div style=\"background-color:#FF3333; position: absolute !important ; height: 4px !important; left: 4px; right: 4px; bottom : 2px !important;  border\"><\/div>\n            \n          <\/div>\n\n      \n          <div class=\"event \"\n            data-id=\"1082\"\n            data-project=\"project_276_2017_03_27\"\n            data-title=\"Ultraljudsf\u00f6reningen, Hands-on workshop\"\n            data-abs-nbr=\"\"\n            data-ystart=\"10.75\"\n            data-yend=\"12.25\"\n            data-time=\"10:45-12:15\"\n            data-room=\"14\"\n            data-room-id=\"1015\"\n            data-room-name=\"Loge 6\"\n            data-day=\"1\"\n            data-abs-path=\"\"\n            data-speaker=\"\"\n            data-speakercell=\"\"\n            data-info=\"\n                 &lt;p&gt;Workshops, handson och demonstrationer av ultraljud&lt;\/p&gt;&lt;p&gt;&lt;i&gt;Okej, vi erk\u00e4nner \u2013 vi \u00e4r ett g\u00e4ng ultraljudsn\u00f6rdar som \u00e5terstartat SFMU. P\u00e5 R\u00f6ntgenveckan hittar vi ocks\u00e5 de allra senaste ultraljudsmaskinerna, det \u00e4r rena julaftonen!&lt;br&gt;&lt;\/i&gt;&lt;i&gt;F\u00f6r att sprida v\u00e5r entusiasm \u00f6ver ultraljud har vi sessioner i Loge 4+6 p\u00e5 R\u00f6ntgenveckan, d\u00e4r vi kan tr\u00e4na ultraljud p\u00e5 riktigt. H\u00e4ng p\u00e5 n\u00e4r vi visar upp v\u00e5ra favoritunders\u00f6kningar!&lt;br&gt;&lt;\/i&gt;&lt;i&gt;OBS- ingen bokning, f\u00f6rst till kvarn g\u00e4ller ... V\u00e4lkomna!&lt;\/i&gt;&lt;\/p&gt;&lt;p&gt;&lt;i&gt;Bli medlem? &amp;nbsp;Maila: sfmu.sfmu@gmail.com&lt;br&gt;&lt;\/i&gt;&lt;\/p&gt;&lt;p&gt;&lt;b&gt;Tisdag 12 sept:&lt;\/b&gt;&lt;\/p&gt;&lt;p&gt;&lt;b&gt;Kl 12.45-13.30: Muskuloskeletalt ultraljud, ffa axlar.&amp;nbsp;&amp;nbsp;&lt;\/b&gt;Dr Laszlo Toth, Hudiksvalls Sjukhus&lt;\/p&gt;&lt;p&gt;&lt;\/p&gt;&lt;p&gt;&lt;b&gt;Kl 13.30-16.45 Biopsitr\u00e4ning p\u00e5 preparat\u2013 enbart f\u00f6r deltagare p\u00e5 ST-kurs i ultraljudsv\u00e4gledda punktioner.&lt;br&gt;&lt;br&gt;&lt;\/b&gt;&lt;\/p&gt;&lt;p&gt;&lt;b&gt;Onsdag 13 sept:&lt;\/b&gt;&lt;\/p&gt;&lt;p&gt;&lt;b&gt;Kl 8.30-9.45: \u201dAkut ultraljud \u2013 EFAST, POCUS, och annat man g\u00f6r p\u00e5 akutrummet\u2026\u201d&amp;nbsp;&lt;\/b&gt;Dr Jesper Danielsson, St G\u00f6rans Sjukhus&lt;\/p&gt;&lt;p&gt;&lt;b&gt;Kl 8.30-9.45: \u201dLeverelastografi, demo och hands-on&lt;\/b&gt;\u201d. Sonograf Marie Byenfeldt, \u00d6stersunds Sjukhus.&lt;\/p&gt;&lt;p&gt;&lt;b&gt;Kl 10.00-11.00: \u00c5rsm\u00f6te SFMU&lt;\/b&gt;&lt;\/p&gt;&lt;p&gt;&lt;b&gt;Kl 11.00-12.15 : \u201dFria fl\u00f6den? Doppler av perifera och centrala blodk\u00e4rl\u201d.&amp;nbsp;&lt;\/b&gt;&amp;nbsp;Dr Kristina Dahlstr\u00f6m, Faluns Sjukhus&lt;b&gt;&lt;\/b&gt;&lt;\/p&gt;&lt;p&gt;&lt;b&gt;Kl 11.00-12.15: : \u201dMuskuloskeletalt ultraljud, ffa axlar\u201d.&amp;nbsp;&lt;\/b&gt;Dr Laszlo Toth, Hudiksvalls Sjukhus&lt;b&gt;&lt;\/b&gt;&lt;\/p&gt;&lt;p&gt;&lt;b&gt;13.30-14.45: \u201dBiopsitr\u00e4ning \u2013 ultraljudsv\u00e4gledda punktioner, demonstration och praktisk \u00f6vning p\u00e5 preparat\u201d.&lt;\/b&gt;&amp;nbsp;Dr Stefan H\u00f6rnlund, Sundsvalls sjukhus&lt;\/p&gt;&lt;p&gt;&lt;b&gt;13.30-14.45 \u201dSonograf? Prova-p\u00e5-ultraljud f\u00f6r nyfikna r\u00f6ntgensjuksk\u00f6terskor\u201d.&lt;\/b&gt;&amp;nbsp;Sonograf Karin Asplund, Astrid Lindgrens Barnsjukhus&lt;\/p&gt;&lt;p&gt;&lt;b&gt;Kl 15.45-16.45: \u201dFusion av MR-buk och ultraljud, demonstration live och praktisk&amp;nbsp;&lt;\/b&gt;\u00f6vning\u201d.&amp;nbsp;&amp;nbsp; Dr Sara Sehlstedt, \u00d6stersunds Sjukhus&lt;\/p&gt;&lt;p&gt;&lt;b&gt;Kl 15.45-16.45&lt;\/b&gt;:&amp;nbsp;&lt;b&gt;\u201dSonograf? Prova-p\u00e5-ultraljud f\u00f6r nyfikna r\u00f6ntgensjuksk\u00f6terskor\u201d.&amp;nbsp;&lt;\/b&gt;Sonograf Maria Zetterman, Astrid Lindgrens Barnsjukhus&lt;br&gt;&lt;br&gt;Torsdag 14 sept.&lt;\/p&gt;&lt;p&gt;&lt;b&gt;Kl 9.50-10.45: &amp;nbsp;\u201dUltraljudsv\u00e4gledda biopsier, demo och praktisk \u00f6vning p\u00e5 preparat\u201d.&amp;nbsp;&amp;nbsp;&lt;\/b&gt;Dr Stefan H\u00f6rnlund, Sundsvalls Sjukhus.&lt;\/p&gt;&lt;p&gt;&lt;b&gt;Kl 13.30-15.00: \u201dMuskuloskeletalt ultraljud,&amp;nbsp; fr\u00e4mst \u00f6vre extremitet\u201d.&lt;\/b&gt;&amp;nbsp;Dr David Wilson och Dr Gina Allen, Oxford samt Dr Magnus Hjelm, G\u00e4vle Sjukhus och Dr Johan Krause, Uppsala Akademiska Sjukhus.&lt;\/p&gt;&lt;p&gt;&lt;b&gt;Kl 15.45-16.45:&lt;\/b&gt;&amp;nbsp;&lt;b&gt;\u201dMuskuloskeletalt ultraljud,&amp;nbsp; fr\u00e4mst nedre extremitet\u201d.&lt;\/b&gt;&amp;nbsp;Dr David Wilson och Dr Gina Allen, Oxford samt Dr Magnus Hjelm, G\u00e4vle Sjukhus och Dr Johan Krause, Uppsala Akademiska Sjukhus&lt;b&gt;&lt;\/b&gt;&lt;\/p&gt;&lt;p&gt;&lt;i&gt;&lt;br&gt;&lt;\/i&gt;&lt;\/p&gt;\n                &lt;br&gt;&lt;br&gt;\"\n            data-category=\"Ultraljudsf\u00f6reningens hands-on\"\n            data-category-ids=\"1015\"\n            data-span-all=\"\"\n                      >\n\n            <div class=\"event_content\">\n              <div class=\"title\">\n                                <span>Ultraljudsf\u00f6reningen, Hands-on workshop<\/span>\n              <\/div>\n              <div class=\"span_room\"><span><\/span><\/div>\n              <div class=\"time\">\n                <span>\n                  10:45-12:15                <\/span><\/div>\n\n              \n            <\/div>\n\n\n                                <div style=\"background-color:#FFCCFF; position: absolute !important ; height: 4px !important; left: 4px; right: 4px; bottom : 2px !important;  border\"><\/div>\n            \n          <\/div>\n\n      \n          <div class=\"event \"\n            data-id=\"1081\"\n            data-project=\"project_276_2017_03_27\"\n            data-title=\"Ultraljudsf\u00f6reningen, Hands-on workshop\"\n            data-abs-nbr=\"\"\n            data-ystart=\"10.75\"\n            data-yend=\"12.25\"\n            data-time=\"10:45-12:15\"\n            data-room=\"13\"\n            data-room-id=\"1014\"\n            data-room-name=\"Loge 4\"\n            data-day=\"1\"\n            data-abs-path=\"\"\n            data-speaker=\"\"\n            data-speakercell=\"\"\n            data-info=\"\n                 &lt;p&gt;Workshops, handson och demonstrationer av ultraljud&lt;\/p&gt;&lt;p&gt;&lt;i&gt;Okej, vi erk\u00e4nner \u2013 vi \u00e4r ett g\u00e4ng ultraljudsn\u00f6rdar som \u00e5terstartat SFMU. P\u00e5 R\u00f6ntgenveckan hittar vi ocks\u00e5 de allra senaste ultraljudsmaskinerna, det \u00e4r rena julaftonen!&lt;br&gt;&lt;\/i&gt;&lt;i&gt;F\u00f6r att sprida v\u00e5r entusiasm \u00f6ver ultraljud har vi sessioner i Loge 4+6 p\u00e5 R\u00f6ntgenveckan, d\u00e4r vi kan tr\u00e4na ultraljud p\u00e5 riktigt. H\u00e4ng p\u00e5 n\u00e4r vi visar upp v\u00e5ra favoritunders\u00f6kningar!&lt;br&gt;&lt;\/i&gt;&lt;i&gt;OBS- ingen bokning, f\u00f6rst till kvarn g\u00e4ller ... V\u00e4lkomna!&lt;\/i&gt;&lt;\/p&gt;&lt;p&gt;&lt;i&gt;Bli medlem? &amp;nbsp;Maila: sfmu.sfmu@gmail.com&lt;br&gt;&lt;\/i&gt;&lt;\/p&gt;&lt;p&gt;&lt;b&gt;Tisdag 12 sept:&lt;\/b&gt;&lt;\/p&gt;&lt;p&gt;&lt;b&gt;Kl 12.45-13.30: Muskuloskeletalt ultraljud, ffa axlar.&amp;nbsp;&amp;nbsp;&lt;\/b&gt;Dr Laszlo Toth, Hudiksvalls Sjukhus&lt;\/p&gt;&lt;p&gt;&lt;\/p&gt;&lt;p&gt;&lt;b&gt;Kl 13.30-16.45 Biopsitr\u00e4ning p\u00e5 preparat\u2013 enbart f\u00f6r deltagare p\u00e5 ST-kurs i ultraljudsv\u00e4gledda punktioner.&lt;br&gt;&lt;br&gt;&lt;\/b&gt;&lt;\/p&gt;&lt;p&gt;&lt;b&gt;Onsdag 13 sept:&lt;\/b&gt;&lt;\/p&gt;&lt;p&gt;&lt;b&gt;Kl 8.30-9.45: \u201dAkut ultraljud \u2013 EFAST, POCUS, och annat man g\u00f6r p\u00e5 akutrummet\u2026\u201d&amp;nbsp;&lt;\/b&gt;Dr Jesper Danielsson, St G\u00f6rans Sjukhus&lt;\/p&gt;&lt;p&gt;&lt;b&gt;Kl 8.30-9.45: \u201dLeverelastografi, demo och hands-on&lt;\/b&gt;\u201d. Sonograf Marie Byenfeldt, \u00d6stersunds Sjukhus.&lt;\/p&gt;&lt;p&gt;&lt;b&gt;Kl 10.00-11.00: \u00c5rsm\u00f6te SFMU&lt;\/b&gt;&lt;\/p&gt;&lt;p&gt;&lt;b&gt;Kl 11.00-12.15 : \u201dFria fl\u00f6den? Doppler av perifera och centrala blodk\u00e4rl\u201d.&amp;nbsp;&lt;\/b&gt;&amp;nbsp;Dr Kristina Dahlstr\u00f6m, Faluns Sjukhus&lt;b&gt;&lt;\/b&gt;&lt;\/p&gt;&lt;p&gt;&lt;b&gt;Kl 11.00-12.15: : \u201dMuskuloskeletalt ultraljud, ffa axlar\u201d.&amp;nbsp;&lt;\/b&gt;Dr Laszlo Toth, Hudiksvalls Sjukhus&lt;b&gt;&lt;\/b&gt;&lt;\/p&gt;&lt;p&gt;&lt;b&gt;13.30-14.45: \u201dBiopsitr\u00e4ning \u2013 ultraljudsv\u00e4gledda punktioner, demonstration och praktisk \u00f6vning p\u00e5 preparat\u201d.&lt;\/b&gt;&amp;nbsp;Dr Stefan H\u00f6rnlund, Sundsvalls sjukhus&lt;\/p&gt;&lt;p&gt;&lt;b&gt;13.30-14.45 \u201dSonograf? Prova-p\u00e5-ultraljud f\u00f6r nyfikna r\u00f6ntgensjuksk\u00f6terskor\u201d.&lt;\/b&gt;&amp;nbsp;Sonograf Karin Asplund, Astrid Lindgrens Barnsjukhus&lt;\/p&gt;&lt;p&gt;&lt;b&gt;Kl 15.45-16.45: \u201dFusion av MR-buk och ultraljud, demonstration live och praktisk&amp;nbsp;&lt;\/b&gt;\u00f6vning\u201d.&amp;nbsp;&amp;nbsp; Dr Sara Sehlstedt, \u00d6stersunds Sjukhus&lt;\/p&gt;&lt;p&gt;&lt;b&gt;Kl 15.45-16.45&lt;\/b&gt;:&amp;nbsp;&lt;b&gt;\u201dSonograf? Prova-p\u00e5-ultraljud f\u00f6r nyfikna r\u00f6ntgensjuksk\u00f6terskor\u201d.&amp;nbsp;&lt;\/b&gt;Sonograf Maria Zetterman, Astrid Lindgrens Barnsjukhus&lt;br&gt;&lt;br&gt;Torsdag 14 sept.&lt;\/p&gt;&lt;p&gt;&lt;b&gt;Kl 9.50-10.45: &amp;nbsp;\u201dUltraljudsv\u00e4gledda biopsier, demo och praktisk \u00f6vning p\u00e5 preparat\u201d.&amp;nbsp;&amp;nbsp;&lt;\/b&gt;Dr Stefan H\u00f6rnlund, Sundsvalls Sjukhus.&lt;\/p&gt;&lt;p&gt;&lt;b&gt;Kl 13.30-15.00: \u201dMuskuloskeletalt ultraljud,&amp;nbsp; fr\u00e4mst \u00f6vre extremitet\u201d.&lt;\/b&gt;&amp;nbsp;Dr David Wilson och Dr Gina Allen, Oxford samt Dr Magnus Hjelm, G\u00e4vle Sjukhus och Dr Johan Krause, Uppsala Akademiska Sjukhus.&lt;\/p&gt;&lt;p&gt;&lt;b&gt;Kl 15.45-16.45:&lt;\/b&gt;&amp;nbsp;&lt;b&gt;\u201dMuskuloskeletalt ultraljud,&amp;nbsp; fr\u00e4mst nedre extremitet\u201d.&lt;\/b&gt;&amp;nbsp;Dr David Wilson och Dr Gina Allen, Oxford samt Dr Magnus Hjelm, G\u00e4vle Sjukhus och Dr Johan Krause, Uppsala Akademiska Sjukhus&lt;b&gt;&lt;\/b&gt;&lt;\/p&gt;&lt;p&gt;&lt;i&gt;&lt;br&gt;&lt;\/i&gt;&lt;\/p&gt;\n                &lt;br&gt;&lt;br&gt;\"\n            data-category=\"Ultraljudsf\u00f6reningens hands-on\"\n            data-category-ids=\"1015\"\n            data-span-all=\"\"\n                      >\n\n            <div class=\"event_content\">\n              <div class=\"title\">\n                                <span>Ultraljudsf\u00f6reningen, Hands-on workshop<\/span>\n              <\/div>\n              <div class=\"span_room\"><span><\/span><\/div>\n              <div class=\"time\">\n                <span>\n                  10:45-12:15                <\/span><\/div>\n\n              \n            <\/div>\n\n\n                                <div style=\"background-color:#FFCCFF; position: absolute !important ; height: 4px !important; left: 4px; right: 4px; bottom : 2px !important;  border\"><\/div>\n            \n          <\/div>\n\n      \n          <div class=\"event \"\n            data-id=\"1184\"\n            data-project=\"project_276_2017_03_27\"\n            data-title=\"Lunch &amp; Utst\u00e4llning\"\n            data-abs-nbr=\"\"\n            data-ystart=\"12.25\"\n            data-yend=\"13.5\"\n            data-time=\"12:15-13:30\"\n            data-room=\"0\"\n            data-room-id=\"-1\"\n            data-room-name=\"-Ej specificerad-\"\n            data-day=\"1\"\n            data-abs-path=\"\"\n            data-speaker=\"\"\n            data-speakercell=\"\"\n            data-info=\"\"\n            data-category=\"\"\n            data-category-ids=\"\"\n            data-span-all=\"\"\n                      >\n\n            <div class=\"event_content\">\n              <div class=\"title\">\n                                <span>Lunch & Utst\u00e4llning<\/span>\n              <\/div>\n              <div class=\"span_room\"><span><\/span><\/div>\n              <div class=\"time\">\n                <span>\n                  12:15-13:30                <\/span><\/div>\n\n              \n            <\/div>\n\n\n            \n          <\/div>\n\n      \n          <div class=\"event \"\n            data-id=\"1094\"\n            data-project=\"project_276_2017_03_27\"\n            data-title=\"Ultraljudsf\u00f6reningen, Hands-on workshop\"\n            data-abs-nbr=\"\"\n            data-ystart=\"13.5\"\n            data-yend=\"15\"\n            data-time=\"13:30-15:00\"\n            data-room=\"13\"\n            data-room-id=\"1014\"\n            data-room-name=\"Loge 4\"\n            data-day=\"1\"\n            data-abs-path=\"\"\n            data-speaker=\"\"\n            data-speakercell=\"\"\n            data-info=\"\n                 &lt;p&gt;Workshops, handson och demonstrationer av ultraljud&lt;\/p&gt;&lt;p&gt;&lt;i&gt;Okej, vi erk\u00e4nner \u2013 vi \u00e4r ett g\u00e4ng ultraljudsn\u00f6rdar som \u00e5terstartat SFMU. P\u00e5 R\u00f6ntgenveckan hittar vi ocks\u00e5 de allra senaste ultraljudsmaskinerna, det \u00e4r rena julaftonen!&lt;br&gt;&lt;\/i&gt;&lt;i&gt;F\u00f6r att sprida v\u00e5r entusiasm \u00f6ver ultraljud har vi sessioner i Loge 4+6 p\u00e5 R\u00f6ntgenveckan, d\u00e4r vi kan tr\u00e4na ultraljud p\u00e5 riktigt. H\u00e4ng p\u00e5 n\u00e4r vi visar upp v\u00e5ra favoritunders\u00f6kningar!&lt;br&gt;&lt;\/i&gt;&lt;i&gt;OBS- ingen bokning, f\u00f6rst till kvarn g\u00e4ller ... V\u00e4lkomna!&lt;\/i&gt;&lt;\/p&gt;&lt;p&gt;&lt;i&gt;Bli medlem? &amp;nbsp;Maila: sfmu.sfmu@gmail.com&lt;br&gt;&lt;\/i&gt;&lt;\/p&gt;&lt;p&gt;&lt;b&gt;Tisdag 12 sept:&lt;\/b&gt;&lt;\/p&gt;&lt;p&gt;&lt;b&gt;Kl 12.45-13.30: Muskuloskeletalt ultraljud, ffa axlar.&amp;nbsp;&amp;nbsp;&lt;\/b&gt;Dr Laszlo Toth, Hudiksvalls Sjukhus&lt;\/p&gt;&lt;p&gt;&lt;\/p&gt;&lt;p&gt;&lt;b&gt;Kl 13.30-16.45 Biopsitr\u00e4ning p\u00e5 preparat\u2013 enbart f\u00f6r deltagare p\u00e5 ST-kurs i ultraljudsv\u00e4gledda punktioner.&lt;br&gt;&lt;br&gt;&lt;\/b&gt;&lt;\/p&gt;&lt;p&gt;&lt;b&gt;Onsdag 13 sept:&lt;\/b&gt;&lt;\/p&gt;&lt;p&gt;&lt;b&gt;Kl 8.30-9.45: \u201dAkut ultraljud \u2013 EFAST, POCUS, och annat man g\u00f6r p\u00e5 akutrummet\u2026\u201d&amp;nbsp;&lt;\/b&gt;Dr Jesper Danielsson, St G\u00f6rans Sjukhus&lt;\/p&gt;&lt;p&gt;&lt;b&gt;Kl 8.30-9.45: \u201dLeverelastografi, demo och hands-on&lt;\/b&gt;\u201d. Sonograf Marie Byenfeldt, \u00d6stersunds Sjukhus.&lt;\/p&gt;&lt;p&gt;&lt;b&gt;Kl 10.00-11.00: \u00c5rsm\u00f6te SFMU&lt;\/b&gt;&lt;\/p&gt;&lt;p&gt;&lt;b&gt;Kl 11.00-12.15 : \u201dFria fl\u00f6den? Doppler av perifera och centrala blodk\u00e4rl\u201d.&amp;nbsp;&lt;\/b&gt;&amp;nbsp;Dr Kristina Dahlstr\u00f6m, Faluns Sjukhus&lt;b&gt;&lt;\/b&gt;&lt;\/p&gt;&lt;p&gt;&lt;b&gt;Kl 11.00-12.15: : \u201dMuskuloskeletalt ultraljud, ffa axlar\u201d.&amp;nbsp;&lt;\/b&gt;Dr Laszlo Toth, Hudiksvalls Sjukhus&lt;b&gt;&lt;\/b&gt;&lt;\/p&gt;&lt;p&gt;&lt;b&gt;13.30-14.45: \u201dBiopsitr\u00e4ning \u2013 ultraljudsv\u00e4gledda punktioner, demonstration och praktisk \u00f6vning p\u00e5 preparat\u201d.&lt;\/b&gt;&amp;nbsp;Dr Stefan H\u00f6rnlund, Sundsvalls sjukhus&lt;\/p&gt;&lt;p&gt;&lt;b&gt;13.30-14.45 \u201dSonograf? Prova-p\u00e5-ultraljud f\u00f6r nyfikna r\u00f6ntgensjuksk\u00f6terskor\u201d.&lt;\/b&gt;&amp;nbsp;Sonograf Karin Asplund, Astrid Lindgrens Barnsjukhus&lt;\/p&gt;&lt;p&gt;&lt;b&gt;Kl 15.45-16.45: \u201dFusion av MR-buk och ultraljud, demonstration live och praktisk&amp;nbsp;&lt;\/b&gt;\u00f6vning\u201d.&amp;nbsp;&amp;nbsp; Dr Sara Sehlstedt, \u00d6stersunds Sjukhus&lt;\/p&gt;&lt;p&gt;&lt;b&gt;Kl 15.45-16.45&lt;\/b&gt;:&amp;nbsp;&lt;b&gt;\u201dSonograf? Prova-p\u00e5-ultraljud f\u00f6r nyfikna r\u00f6ntgensjuksk\u00f6terskor\u201d.&amp;nbsp;&lt;\/b&gt;Sonograf Maria Zetterman, Astrid Lindgrens Barnsjukhus&lt;br&gt;&lt;br&gt;Torsdag 14 sept.&lt;\/p&gt;&lt;p&gt;&lt;b&gt;Kl 9.50-10.45: &amp;nbsp;\u201dUltraljudsv\u00e4gledda biopsier, demo och praktisk \u00f6vning p\u00e5 preparat\u201d.&amp;nbsp;&amp;nbsp;&lt;\/b&gt;Dr Stefan H\u00f6rnlund, Sundsvalls Sjukhus.&lt;\/p&gt;&lt;p&gt;&lt;b&gt;Kl 13.30-15.00: \u201dMuskuloskeletalt ultraljud,&amp;nbsp; fr\u00e4mst \u00f6vre extremitet\u201d.&lt;\/b&gt;&amp;nbsp;Dr David Wilson och Dr Gina Allen, Oxford samt Dr Magnus Hjelm, G\u00e4vle Sjukhus och Dr Johan Krause, Uppsala Akademiska Sjukhus.&lt;\/p&gt;&lt;p&gt;&lt;b&gt;Kl 15.45-16.45:&lt;\/b&gt;&amp;nbsp;&lt;b&gt;\u201dMuskuloskeletalt ultraljud,&amp;nbsp; fr\u00e4mst nedre extremitet\u201d.&lt;\/b&gt;&amp;nbsp;Dr David Wilson och Dr Gina Allen, Oxford samt Dr Magnus Hjelm, G\u00e4vle Sjukhus och Dr Johan Krause, Uppsala Akademiska Sjukhus&lt;b&gt;&lt;\/b&gt;&lt;\/p&gt;&lt;p&gt;&lt;i&gt;&lt;br&gt;&lt;\/i&gt;&lt;\/p&gt;\n                &lt;br&gt;&lt;br&gt;\"\n            data-category=\"Ultraljudsf\u00f6reningens hands-on\"\n            data-category-ids=\"1015\"\n            data-span-all=\"\"\n                      >\n\n            <div class=\"event_content\">\n              <div class=\"title\">\n                                <span>Ultraljudsf\u00f6reningen, Hands-on workshop<\/span>\n              <\/div>\n              <div class=\"span_room\"><span><\/span><\/div>\n              <div class=\"time\">\n                <span>\n                  13:30-15:00                <\/span><\/div>\n\n              \n            <\/div>\n\n\n                                <div style=\"background-color:#FFCCFF; position: absolute !important ; height: 4px !important; left: 4px; right: 4px; bottom : 2px !important;  border\"><\/div>\n            \n          <\/div>\n\n      \n          <div class=\"event \"\n            data-id=\"1092\"\n            data-project=\"project_276_2017_03_27\"\n            data-title=\"SFFR - Mentala tallriksmodellen\"\n            data-abs-nbr=\"\"\n            data-ystart=\"13.5\"\n            data-yend=\"15\"\n            data-time=\"13:30-15:00\"\n            data-room=\"11\"\n            data-room-id=\"1012\"\n            data-room-name=\"Solot\"\n            data-day=\"1\"\n            data-abs-path=\"\"\n            data-speaker=\"Magdalena Jacobson\"\n            data-speakercell=\"Magdalena Jacobson\"\n            data-info=\"&lt;b&gt;Moderatorer: &lt;\/b&gt;Britt-Marie Nilsson&lt;br&gt;&lt;br&gt; \n                 &lt;p&gt;&lt;em&gt;F\u00f6rel\u00e4sare:&amp;nbsp;Magdalena Jacobson, h\u00e4lsopedagog, Region \u00d6sterg\u00f6tland&lt;\/em&gt;&lt;\/p&gt; \n                 &lt;p&gt;Arbetslivet idag har f\u00f6r\u00e4ndrats till ett kunskaps- och tj\u00e4nstesamh\u00e4lle d\u00e4r vi g\u00e5tt till en produktion som mestadels best\u00e5r av hj\u00e4rnstyrka framf\u00f6r muskelstyrka. Hj\u00e4rnans fysiologi \u00e4r vitt skiljt fr\u00e5n musklerna. Vad beh\u00f6ver hj\u00e4rnan f\u00f6r att vara kreativ, alert och \u00e5terh\u00e4mtande? I denna f\u00f6rel\u00e4sning ber\u00e4ttar Magdalena Jacobson om forskningen kring hur vi skapar en mental tallriksmodell f\u00f6r att f\u00f6rse v\u00e5r hj\u00e4rna med den n\u00e4ring den beh\u00f6ver f\u00f6r att m\u00e5 bra och utvecklas.&lt;\/p&gt; \n                &lt;br&gt;&lt;br&gt;\"\n            data-category=\"SFFR - Svensk F\u00f6rening f\u00f6r R\u00f6ntgensekreterare\"\n            data-category-ids=\"1012\"\n            data-span-all=\"\"\n                      >\n\n            <div class=\"event_content\">\n              <div class=\"title\">\n                                <span>SFFR - Mentala tallriksmodellen<\/span>\n              <\/div>\n              <div class=\"span_room\"><span><\/span><\/div>\n              <div class=\"time\">\n                <span>\n                  13:30-15:00                <\/span><\/div>\n\n              <div class=\"lecturer\"><span>Magdalena Jacobson<\/span><\/div>\n            <\/div>\n\n\n                                <div style=\"background-color:#FF66FF; position: absolute !important ; height: 4px !important; left: 4px; right: 4px; bottom : 2px !important;  border\"><\/div>\n            \n          <\/div>\n\n      \n          <div class=\"event \"\n            data-id=\"1086\"\n            data-project=\"project_276_2017_03_27\"\n            data-title=\"Digitalisering 2.0 - E-h\u00e4lsans nya m\u00f6jligheter skapar krav och behov f\u00f6r v\u00e5rden!\"\n            data-abs-nbr=\"\"\n            data-ystart=\"13.5\"\n            data-yend=\"15\"\n            data-time=\"13:30-15:00\"\n            data-room=\"1\"\n            data-room-id=\"1002\"\n            data-room-name=\"Crusellhallen\"\n            data-day=\"1\"\n            data-abs-path=\"\"\n            data-speaker=\"John Wall\u00e9n; Henriettae St\u00e5hlbrandt; Lars Lindberg\"\n            data-speakercell=\"John Wall\u00e9n; Henriettae St\u00e5hlbrandt; Lars Lindberg\"\n            data-info=\"&lt;b&gt;Moderatorer: &lt;\/b&gt;Mathias Axelsson&lt;br&gt;&lt;br&gt; \n                 &lt;p&gt;13.30 - 14.30 Digitalisering 2.0 - E-h\u00e4lsans nya m\u00f6jligheter skapar krav och behov f\u00f6r v\u00e5rden! Hur integrerar radiologin med inv\u00e5nartj\u00e4nster och E-h\u00e4lsa?&lt;\/p&gt; \n                 &lt;p&gt;John Wall\u00e9n, IT-strateg, Region \u00d6sterg\u00f6tland&lt;\/p&gt;\n                 &lt;p&gt; &lt;\/p&gt;\n                 &lt;p&gt;Vilka strategier m\u00e5ste Region \u00d6sterg\u00f6tland ha f\u00f6r att m\u00f6ta dagens och morgondagens f\u00f6rv\u00e4ntningar p\u00e5 tekniskt st\u00f6d. Vilka beslut och f\u00f6rm\u00e5gor kr\u00e4vs f\u00f6r att hantera olika krav fr\u00e5n v\u00e5rden, inv\u00e5nare och beslutsfattare. John Wall\u00e9n har ca 18 \u00e5rs erfarenhet av IT och teknisk infrastruktur inom Region \u00d6sterg\u00f6tland. Han har ett stort engagemang i utveckling av verksamhet och teknik i samklang drivet av tesen \u201domv\u00e4rlden styr v\u00e5r f\u00f6rm\u00e5ga till utveckling\u201d.&lt;\/p&gt; \n                 &lt;p&gt;&lt;br&gt;14.30 - 15.00 iGuide - riktlinjer f\u00f6r remittentst\u00f6d - eller hur man f\u00e5ngar sex flugor med en sm\u00e4ll&lt;\/p&gt;&lt;p&gt;\n\n\n\n\n\n\n\n\n\n\n\n\n\n\n\n\n\n\n&lt;\/p&gt;&lt;p&gt;Riktlinjer f\u00f6r remittenter\ninf\u00f6r r\u00f6ntgenremiss (iGuide) \u00e4r p\u00e5 g\u00e5ng inom Europa. Region J\u00f6nk\u00f6pings l\u00e4n \u00e4r\npilot inom Sverige. H\u00e4r ber\u00e4ttar vi varf\u00f6r iGuide \u00e4r bra till s\u00e5 mycket annat\n\u00e4n endast hj\u00e4lp f\u00f6r remittenter, och varf\u00f6r det \u00e4ndock inte fungerar som det\nskall.&lt;\/p&gt; \n                &lt;br&gt;&lt;br&gt;\"\n            data-category=\"Allm\u00e4n f\u00f6rel\u00e4sning\"\n            data-category-ids=\"1003\"\n            data-span-all=\"\"\n                      >\n\n            <div class=\"event_content\">\n              <div class=\"title\">\n                                <span>Digitalisering 2.0 - E-h\u00e4lsans nya m\u00f6jligheter skapar krav och behov f\u00f6r v\u00e5rden!<\/span>\n              <\/div>\n              <div class=\"span_room\"><span><\/span><\/div>\n              <div class=\"time\">\n                <span>\n                  13:30-15:00                <\/span><\/div>\n\n              <div class=\"lecturer\"><span>John Wall\u00e9n; Henriettae St\u00e5hlbrandt; Lars Lindberg<\/span><\/div>\n            <\/div>\n\n\n                                <div style=\"background-color:#FF9933; position: absolute !important ; height: 4px !important; left: 4px; right: 4px; bottom : 2px !important;  border\"><\/div>\n            \n          <\/div>\n\n      \n          <div class=\"event \"\n            data-id=\"1095\"\n            data-project=\"project_276_2017_03_27\"\n            data-title=\"Ultraljudsf\u00f6reningen, Hands-on workshop\"\n            data-abs-nbr=\"\"\n            data-ystart=\"13.5\"\n            data-yend=\"15\"\n            data-time=\"13:30-15:00\"\n            data-room=\"14\"\n            data-room-id=\"1015\"\n            data-room-name=\"Loge 6\"\n            data-day=\"1\"\n            data-abs-path=\"\"\n            data-speaker=\"\"\n            data-speakercell=\"\"\n            data-info=\"\n                 &lt;p&gt;Workshops, handson och demonstrationer av ultraljud&lt;\/p&gt;&lt;p&gt;&lt;i&gt;Okej, vi erk\u00e4nner \u2013 vi \u00e4r ett g\u00e4ng ultraljudsn\u00f6rdar som \u00e5terstartat SFMU. P\u00e5 R\u00f6ntgenveckan hittar vi ocks\u00e5 de allra senaste ultraljudsmaskinerna, det \u00e4r rena julaftonen!&lt;br&gt;&lt;\/i&gt;&lt;i&gt;F\u00f6r att sprida v\u00e5r entusiasm \u00f6ver ultraljud har vi sessioner i Loge 4+6 p\u00e5 R\u00f6ntgenveckan, d\u00e4r vi kan tr\u00e4na ultraljud p\u00e5 riktigt. H\u00e4ng p\u00e5 n\u00e4r vi visar upp v\u00e5ra favoritunders\u00f6kningar!&lt;br&gt;&lt;\/i&gt;&lt;i&gt;OBS- ingen bokning, f\u00f6rst till kvarn g\u00e4ller ... V\u00e4lkomna!&lt;\/i&gt;&lt;\/p&gt;&lt;p&gt;&lt;i&gt;Bli medlem? &amp;nbsp;Maila: sfmu.sfmu@gmail.com&lt;br&gt;&lt;\/i&gt;&lt;\/p&gt;&lt;p&gt;&lt;b&gt;Tisdag 12 sept:&lt;\/b&gt;&lt;\/p&gt;&lt;p&gt;&lt;b&gt;Kl 12.45-13.30: Muskuloskeletalt ultraljud, ffa axlar.&amp;nbsp;&amp;nbsp;&lt;\/b&gt;Dr Laszlo Toth, Hudiksvalls Sjukhus&lt;\/p&gt;&lt;p&gt;&lt;\/p&gt;&lt;p&gt;&lt;b&gt;Kl 13.30-16.45 Biopsitr\u00e4ning p\u00e5 preparat\u2013 enbart f\u00f6r deltagare p\u00e5 ST-kurs i ultraljudsv\u00e4gledda punktioner.&lt;br&gt;&lt;br&gt;&lt;\/b&gt;&lt;\/p&gt;&lt;p&gt;&lt;b&gt;Onsdag 13 sept:&lt;\/b&gt;&lt;\/p&gt;&lt;p&gt;&lt;b&gt;Kl 8.30-9.45: \u201dAkut ultraljud \u2013 EFAST, POCUS, och annat man g\u00f6r p\u00e5 akutrummet\u2026\u201d&amp;nbsp;&lt;\/b&gt;Dr Jesper Danielsson, St G\u00f6rans Sjukhus&lt;\/p&gt;&lt;p&gt;&lt;b&gt;Kl 8.30-9.45: \u201dLeverelastografi, demo och hands-on&lt;\/b&gt;\u201d. Sonograf Marie Byenfeldt, \u00d6stersunds Sjukhus.&lt;\/p&gt;&lt;p&gt;&lt;b&gt;Kl 10.00-11.00: \u00c5rsm\u00f6te SFMU&lt;\/b&gt;&lt;\/p&gt;&lt;p&gt;&lt;b&gt;Kl 11.00-12.15 : \u201dFria fl\u00f6den? Doppler av perifera och centrala blodk\u00e4rl\u201d.&amp;nbsp;&lt;\/b&gt;&amp;nbsp;Dr Kristina Dahlstr\u00f6m, Faluns Sjukhus&lt;b&gt;&lt;\/b&gt;&lt;\/p&gt;&lt;p&gt;&lt;b&gt;Kl 11.00-12.15: : \u201dMuskuloskeletalt ultraljud, ffa axlar\u201d.&amp;nbsp;&lt;\/b&gt;Dr Laszlo Toth, Hudiksvalls Sjukhus&lt;b&gt;&lt;\/b&gt;&lt;\/p&gt;&lt;p&gt;&lt;b&gt;13.30-14.45: \u201dBiopsitr\u00e4ning \u2013 ultraljudsv\u00e4gledda punktioner, demonstration och praktisk \u00f6vning p\u00e5 preparat\u201d.&lt;\/b&gt;&amp;nbsp;Dr Stefan H\u00f6rnlund, Sundsvalls sjukhus&lt;\/p&gt;&lt;p&gt;&lt;b&gt;13.30-14.45 \u201dSonograf? Prova-p\u00e5-ultraljud f\u00f6r nyfikna r\u00f6ntgensjuksk\u00f6terskor\u201d.&lt;\/b&gt;&amp;nbsp;Sonograf Karin Asplund, Astrid Lindgrens Barnsjukhus&lt;\/p&gt;&lt;p&gt;&lt;b&gt;Kl 15.45-16.45: \u201dFusion av MR-buk och ultraljud, demonstration live och praktisk&amp;nbsp;&lt;\/b&gt;\u00f6vning\u201d.&amp;nbsp;&amp;nbsp; Dr Sara Sehlstedt, \u00d6stersunds Sjukhus&lt;\/p&gt;&lt;p&gt;&lt;b&gt;Kl 15.45-16.45&lt;\/b&gt;:&amp;nbsp;&lt;b&gt;\u201dSonograf? Prova-p\u00e5-ultraljud f\u00f6r nyfikna r\u00f6ntgensjuksk\u00f6terskor\u201d.&amp;nbsp;&lt;\/b&gt;Sonograf Maria Zetterman, Astrid Lindgrens Barnsjukhus&lt;br&gt;&lt;br&gt;Torsdag 14 sept.&lt;\/p&gt;&lt;p&gt;&lt;b&gt;Kl 9.50-10.45: &amp;nbsp;\u201dUltraljudsv\u00e4gledda biopsier, demo och praktisk \u00f6vning p\u00e5 preparat\u201d.&amp;nbsp;&amp;nbsp;&lt;\/b&gt;Dr Stefan H\u00f6rnlund, Sundsvalls Sjukhus.&lt;\/p&gt;&lt;p&gt;&lt;b&gt;Kl 13.30-15.00: \u201dMuskuloskeletalt ultraljud,&amp;nbsp; fr\u00e4mst \u00f6vre extremitet\u201d.&lt;\/b&gt;&amp;nbsp;Dr David Wilson och Dr Gina Allen, Oxford samt Dr Magnus Hjelm, G\u00e4vle Sjukhus och Dr Johan Krause, Uppsala Akademiska Sjukhus.&lt;\/p&gt;&lt;p&gt;&lt;b&gt;Kl 15.45-16.45:&lt;\/b&gt;&amp;nbsp;&lt;b&gt;\u201dMuskuloskeletalt ultraljud,&amp;nbsp; fr\u00e4mst nedre extremitet\u201d.&lt;\/b&gt;&amp;nbsp;Dr David Wilson och Dr Gina Allen, Oxford samt Dr Magnus Hjelm, G\u00e4vle Sjukhus och Dr Johan Krause, Uppsala Akademiska Sjukhus&lt;b&gt;&lt;\/b&gt;&lt;\/p&gt;&lt;p&gt;&lt;i&gt;&lt;br&gt;&lt;\/i&gt;&lt;\/p&gt;\n                &lt;br&gt;&lt;br&gt;\"\n            data-category=\"Ultraljudsf\u00f6reningens hands-on\"\n            data-category-ids=\"1015\"\n            data-span-all=\"\"\n                      >\n\n            <div class=\"event_content\">\n              <div class=\"title\">\n                                <span>Ultraljudsf\u00f6reningen, Hands-on workshop<\/span>\n              <\/div>\n              <div class=\"span_room\"><span><\/span><\/div>\n              <div class=\"time\">\n                <span>\n                  13:30-15:00                <\/span><\/div>\n\n              \n            <\/div>\n\n\n                                <div style=\"background-color:#FFCCFF; position: absolute !important ; height: 4px !important; left: 4px; right: 4px; bottom : 2px !important;  border\"><\/div>\n            \n          <\/div>\n\n      \n          <div class=\"event \"\n            data-id=\"1096\"\n            data-project=\"project_276_2017_03_27\"\n            data-title=\"RAM-kurs\"\n            data-abs-nbr=\"\"\n            data-ystart=\"13.5\"\n            data-yend=\"15\"\n            data-time=\"13:30-15:00\"\n            data-room=\"16\"\n            data-room-id=\"1017\"\n            data-room-name=\"Noten\/Takten\/Accenten\/Reprisen\"\n            data-day=\"1\"\n            data-abs-path=\"\"\n            data-speaker=\"Staffan Wirell; Anders von Heijne; Marcus Casselgren; Charalampos Georgiopoulos; Kada Karlsson; Joar Bj\u00f6rk\"\n            data-speakercell=\"Staffan Wirell; Anders von Heijne; Marcus Casselgren; Charalampos Georgiopoulos; Kada Karlsson; Joar Bj\u00f6rk\"\n            data-info=\"\"\n            data-category=\"RAM-kurs\"\n            data-category-ids=\"1016\"\n            data-span-all=\"\"\n                      >\n\n            <div class=\"event_content\">\n              <div class=\"title\">\n                                <span>RAM-kurs<\/span>\n              <\/div>\n              <div class=\"span_room\"><span><\/span><\/div>\n              <div class=\"time\">\n                <span>\n                  13:30-15:00                <\/span><\/div>\n\n              <div class=\"lecturer\"><span>Staffan Wirell; Anders von Heijne; Marcus Casselgren; Charalampos Georgiopoulos; Kada Karlsson; Joar Bj\u00f6rk<\/span><\/div>\n            <\/div>\n\n\n                                <div style=\"background-color:#66FFCC; position: absolute !important ; height: 4px !important; left: 4px; right: 4px; bottom : 2px !important;  border\"><\/div>\n            \n          <\/div>\n\n      \n          <div class=\"event \"\n            data-id=\"1173\"\n            data-project=\"project_276_2017_03_27\"\n            data-title=\"Sponsorer: Framtidens diagnostiska verktygsl\u00e5da - Att integrera radiologi, patologi och genetik, och g\u00f6ra det f\u00f6rst\u00e5eligt!\"\n            data-abs-nbr=\"\"\n            data-ystart=\"13.5\"\n            data-yend=\"14.25\"\n            data-time=\"13:30-14:15\"\n            data-room=\"9\"\n            data-room-id=\"1010\"\n            data-room-name=\"Operetten\"\n            data-day=\"1\"\n            data-abs-path=\"\"\n            data-speaker=\"Martin Hallbeck\"\n            data-speakercell=\"Martin Hallbeck\"\n            data-info=\" \n                 &lt;p&gt;13.30 - 14.15 Sectra: &lt;span style=&quot;font-weight: bold;&quot;&gt;Framtidens diagnostiska verktygsl\u00e5da - Att integrera radiologi, patologi och genetik, och g\u00f6ra det f\u00f6rst\u00e5eligt!&lt;\/span&gt;&lt;br&gt;&lt;\/p&gt; \n                 &lt;p&gt;&lt;em&gt;F\u00f6rel\u00e4sare: Martin Hallbeck, Klinisk patologi, Link\u00f6ping&lt;br&gt;&lt;br&gt;&lt;\/em&gt;N\u00e4r cancerv\u00e5rden f\u00e5r allt fler behandlingsm\u00f6jligheter beh\u00f6vs mer kunskap f\u00f6r att v\u00e4lja r\u00e4tt, f\u00f6r att ge individualiserad behandling. F\u00f6r detta \u00e4r diagnostiken fundamentet och v\u00e5ra m\u00f6jligheter inom diagnostiken exploderar. Men hur ser framtidens diagnostiska verktygsl\u00e5da ut med \u00f6kad digitalisering och allt mer tillg\u00e4nglig data fr\u00e5n flera diagnostiska specialiteter. Hur ska v\u00e5ra patientansvariga kollegor kunna anv\u00e4nda all denna information? De diagnostiska specialiteterna m\u00e5ste h\u00e4r ta den ledande rollen f\u00f6r att integrera patologi, radiologi och genetik. Genom att g\u00f6ra detta p\u00e5 ett smart s\u00e4tt och utnyttja framtidens verktyg kan vi hj\u00e4lpa v\u00e5ra behandlande kollegor att skapa f\u00f6rst\u00e5else i informations\u00f6verfl\u00f6det s\u00e5 att patienterna kan f\u00e5 riktig nytta.&lt;em&gt;&lt;br&gt;&lt;\/em&gt;&lt;\/p&gt; \n                 &lt;p&gt;&lt;br&gt;14.15 - 15.00 GE: &lt;span style=&quot;font-weight: bold;&quot;&gt;MR-unders\u00f6kning med 4D flow - ett nytt s\u00e4tt att genomf\u00f6ra MR-hj\u00e4rta p\u00e5 barn.&amp;nbsp;&lt;\/span&gt;&lt;\/p&gt; \n                 &lt;p&gt;&lt;em&gt;F\u00f6rel\u00e4sare:&amp;nbsp;Niels Vejlstrup, \u00d6verl\u00e4kare Ph.D.\u200b, Dr Med. - Kardiologisk Avdelning, Rigshospitalet K\u00f6penhamn&lt;\/em&gt;&lt;\/p&gt; \n                &lt;br&gt;&lt;br&gt;\"\n            data-category=\"Sponsorer\"\n            data-category-ids=\"1014\"\n            data-span-all=\"\"\n                      >\n\n            <div class=\"event_content\">\n              <div class=\"title\">\n                                <span>Sponsorer: Framtidens diagnostiska verktygsl\u00e5da - Att integrera radiologi, patologi och genetik, och g\u00f6ra det f\u00f6rst\u00e5eligt!<\/span>\n              <\/div>\n              <div class=\"span_room\"><span><\/span><\/div>\n              <div class=\"time\">\n                <span>\n                  13:30-14:15                <\/span><\/div>\n\n              <div class=\"lecturer\"><span>Martin Hallbeck<\/span><\/div>\n            <\/div>\n\n\n                                <div style=\"background-color:#CC33FF; position: absolute !important ; height: 4px !important; left: 4px; right: 4px; bottom : 2px !important;  border\"><\/div>\n            \n          <\/div>\n\n      \n          <div class=\"event \"\n            data-id=\"1087\"\n            data-project=\"project_276_2017_03_27\"\n            data-title=\"Thorax - F\u00f6rel\u00e4sning av blivande hedersmedlem Carl Lamm\"\n            data-abs-nbr=\"\"\n            data-ystart=\"13.5\"\n            data-yend=\"15\"\n            data-time=\"13:30-15:00\"\n            data-room=\"3\"\n            data-room-id=\"1003\"\n            data-room-name=\"Musikalen\"\n            data-day=\"1\"\n            data-abs-path=\"\"\n            data-speaker=\"\"\n            data-speakercell=\"\"\n            data-info=\" \n                 &lt;p&gt;13.30-14.30 Kom och lyssna p\u00e5 Carl Lamm; radiologen som gav HRCT ett ansikte&lt;\/p&gt; \n                 &lt;p&gt;14.30-15.00 \u00c5rsm\u00f6te&lt;\/p&gt; \n                &lt;br&gt;&lt;br&gt;\"\n            data-category=\"SFMR - Delf\u00f6reningar\"\n            data-category-ids=\"1006\"\n            data-span-all=\"\"\n                      >\n\n            <div class=\"event_content\">\n              <div class=\"title\">\n                                <span>Thorax - F\u00f6rel\u00e4sning av blivande hedersmedlem Carl Lamm<\/span>\n              <\/div>\n              <div class=\"span_room\"><span><\/span><\/div>\n              <div class=\"time\">\n                <span>\n                  13:30-15:00                <\/span><\/div>\n\n              \n            <\/div>\n\n\n                                <div style=\"background-color:#6699CC; position: absolute !important ; height: 4px !important; left: 4px; right: 4px; bottom : 2px !important;  border\"><\/div>\n            \n          <\/div>\n\n      \n          <div class=\"event \"\n            data-id=\"1088\"\n            data-project=\"project_276_2017_03_27\"\n            data-title=\"Svensk f\u00f6rening f\u00f6r Pediatrisk Radiologi\"\n            data-abs-nbr=\"\"\n            data-ystart=\"13.5\"\n            data-yend=\"15\"\n            data-time=\"13:30-15:00\"\n            data-room=\"4\"\n            data-room-id=\"1004\"\n            data-room-name=\"Operan\"\n            data-day=\"1\"\n            data-abs-path=\"\"\n            data-speaker=\"Marika Lidegran; H\u00e5kan Bostr\u00f6m; Fredrik St\u00e5lhammar; Jim Andersson; Ola Kvist\"\n            data-speakercell=\"Marika Lidegran; H\u00e5kan Bostr\u00f6m; Fredrik St\u00e5lhammar; Jim Andersson; Ola Kvist\"\n            data-info=\"&lt;b&gt;Moderatorer: &lt;\/b&gt;Elisabeth Bennwik Borling&lt;br&gt;&lt;br&gt; \n                 &lt;p&gt;13.00 - 13.25&amp;nbsp;&lt;em&gt;Moderator: Elisabet Bennwik Borling, Sk\u00e5nes Universitetssjukv\u00e5rd Malm\u00f6&lt;\/em&gt;&lt;\/p&gt;\n                 &lt;p&gt;Equalis, Nationellt Kvalitets\u00e4kringsprogram&lt;\/p&gt;\n                 &lt;p&gt;Resultat barnfrakturer 2017&lt;\/p&gt;\n                 &lt;p&gt;&lt;em&gt;Marika Lidegran, Astrid Lindgrens Barnsjukhus, NKS&lt;br&gt;H\u00e5kan Bostr\u00f6m, Drottning Silvias Barn- och Ungdomssjukhus&lt;\/em&gt;&lt;\/p&gt;\n                 &lt;p&gt;13.25 - 13.45 2018 Navelkatetrar&lt;br&gt;&lt;em&gt;Fredrik St\u00e5lhammar, Sk\u00e5nes Universitetssjukv\u00e5rd Lund&lt;\/em&gt;&lt;br&gt;&lt;br&gt;13.45 - 14.00&amp;nbsp;&lt;em&gt;Jim Andersson, Equalis&lt;\/em&gt;&lt;br&gt;&amp;nbsp;&lt;\/p&gt;\n                 &lt;p&gt;14.00 - 15.00 Fallpresentation:&lt;br&gt;&lt;em&gt;Ola Kvist, Astrid Lindgrens Barnsjukhus, NKS&lt;br&gt;Marika Lidegran, Astrid Lindgrens Barnsjukhus, NKS&lt;\/em&gt;&lt;br&gt;&lt;em&gt;Fredrik St\u00e5lhammar, Sk\u00e5nes Universitetssjukv\u00e5rd Lund&lt;\/em&gt;&lt;\/p&gt; \n                &lt;br&gt;&lt;br&gt;\"\n            data-category=\"SFMR - Delf\u00f6reningar\"\n            data-category-ids=\"1006\"\n            data-span-all=\"\"\n                      >\n\n            <div class=\"event_content\">\n              <div class=\"title\">\n                                <span>Svensk f\u00f6rening f\u00f6r Pediatrisk Radiologi<\/span>\n              <\/div>\n              <div class=\"span_room\"><span><\/span><\/div>\n              <div class=\"time\">\n                <span>\n                  13:30-15:00                <\/span><\/div>\n\n              <div class=\"lecturer\"><span>Marika Lidegran; H\u00e5kan Bostr\u00f6m; Fredrik St\u00e5lhammar; Jim Andersson; Ola Kvist<\/span><\/div>\n            <\/div>\n\n\n                                <div style=\"background-color:#6699CC; position: absolute !important ; height: 4px !important; left: 4px; right: 4px; bottom : 2px !important;  border\"><\/div>\n            \n          <\/div>\n\n      \n          <div class=\"event \"\n            data-id=\"1093\"\n            data-project=\"project_276_2017_03_27\"\n            data-title=\"MTF - M\u00e4nniska - system - interaktion I\"\n            data-abs-nbr=\"\"\n            data-ystart=\"13.5\"\n            data-yend=\"15\"\n            data-time=\"13:30-15:00\"\n            data-room=\"2\"\n            data-room-id=\"1005\"\n            data-room-name=\"Backstage\"\n            data-day=\"1\"\n            data-abs-path=\"\"\n            data-speaker=\"Thomas Andersson\"\n            data-speakercell=\"Thomas Andersson\"\n            data-info=\"&lt;b&gt;Moderatorer: &lt;\/b&gt;Miki Perc; Maria Wirenstedt&lt;br&gt;&lt;br&gt; \n                 &lt;p&gt;MTF - M\u00e4nniska - system - interaktion I&lt;br&gt;Studiebes\u00f6k Flygfysiologiskt centrum&amp;nbsp;&lt;a href=&quot;http:\/\/www.fmv.se\/Verksamhet\/Flygfysiologiskt-Centrum\/&quot; target=&quot;_blank&quot;&gt;http:\/\/www.fmv.se\/Verksamhet\/Flygfysiologiskt-Centrum\/&lt;\/a&gt;&lt;br&gt;&lt;br&gt;&lt;em&gt;F\u00f6rel\u00e4sare: Thomas &amp;nbsp;Andersson&lt;br&gt;&lt;br&gt;Moderator: Miki Perc &amp;amp; Maria Wirenstedt&lt;\/em&gt;&lt;br&gt;&lt;br&gt;F\u00f6ranm\u00e4lan kr\u00e4vs. Pga stort intresse finns tyv\u00e4rr inga platser. V\u00e4ntelista finns.&amp;nbsp;&lt;em&gt;Vi ber er respektera&amp;nbsp;anm\u00e4lningen och avboka om du f\u00e5r f\u00f6rhinder&lt;\/em&gt;&lt;em&gt;.&lt;\/em&gt;&amp;nbsp;Platser finns fortfarande till efterf\u00f6ljande f\u00f6rel\u00e4sningar som h\u00e5lls p\u00e5 Flygvapenmuseum, se abstract. Buss g\u00e5r fr\u00e5n Konsert och Konferens, huvudentr\u00e9n kl 13.&lt;br&gt;&lt;br&gt;&lt;\/p&gt; \n                &lt;br&gt;&lt;br&gt;\"\n            data-category=\"MTF - Svensk f\u00f6rening f\u00f6r Medicinsk Teknik och Fysik\"\n            data-category-ids=\"1009\"\n            data-span-all=\"\"\n                      >\n\n            <div class=\"event_content\">\n              <div class=\"title\">\n                                <span>MTF - M\u00e4nniska - system - interaktion I<\/span>\n              <\/div>\n              <div class=\"span_room\"><span><\/span><\/div>\n              <div class=\"time\">\n                <span>\n                  13:30-15:00                <\/span><\/div>\n\n              <div class=\"lecturer\"><span>Thomas Andersson<\/span><\/div>\n            <\/div>\n\n\n                                <div style=\"background-color:#CCCC66; position: absolute !important ; height: 4px !important; left: 4px; right: 4px; bottom : 2px !important;  border\"><\/div>\n            \n          <\/div>\n\n      \n          <div class=\"event \"\n            data-id=\"1089\"\n            data-project=\"project_276_2017_03_27\"\n            data-title=\"SFR - Utbildningsdag\"\n            data-abs-nbr=\"\"\n            data-ystart=\"13.5\"\n            data-yend=\"15\"\n            data-time=\"13:30-15:00\"\n            data-room=\"5\"\n            data-room-id=\"1006\"\n            data-room-name=\"Spegelsalen\"\n            data-day=\"1\"\n            data-abs-path=\"\"\n            data-speaker=\"Magnus Kvarnryd; Maud Lund\u00e9n; Solveig Lundgren\"\n            data-speakercell=\"Magnus Kvarnryd; Maud Lund\u00e9n; Solveig Lundgren\"\n            data-info=\"&lt;b&gt;Moderatorer: &lt;\/b&gt;Marianne Selim&lt;br&gt;&lt;br&gt; \n                 &lt;p&gt;F\u00f6rel\u00e4sare: Magnus Kvarnryd&lt;br&gt;&lt;br&gt;&lt;span style=&quot;font-weight: bold;&quot;&gt;Klinisk l\u00e4rare- Hur man kan st\u00f6dja r\u00f6ntgensjuksk\u00f6terskestudenter och personal i verksamheten &lt;\/span&gt;&lt;br&gt;Funktionen Klinisk l\u00e4rare ska bidra till en god inl\u00e4rningsmilj\u00f6 f\u00f6r s\u00e5v\u00e4l studenter som befintlig personal p\u00e5 Karolinska universitetssjukhuset Huddinge r\u00f6ntgenkliniken. De kliniska l\u00e4rarnas huvuduppgifter \u00e4r att ta hand om studenter. Andra uppgifter \u00e4r inskolning av ny personal, kunskapsspridning, undervisa personal p\u00e5 och utanf\u00f6r r\u00f6ntgenkliniken. Detta ska bidra till utvecklingen av r\u00f6ntgenkliniken. En historisk bild ges samt en framtidsversion. F\u00f6ljande \u00f6nskas ett samtal om vad som kan komma att beh\u00f6vas av en l\u00e4rare i den alltmer specialiserade milj\u00f6n. Anna Ek J\u00f6rneklint R\u00f6ntgensjuksk\u00f6terska Klinisk l\u00e4rare, Magnus Kvarnryd R\u00f6ntgensjuksk\u00f6terska Klinisk l\u00e4rare&lt;br&gt;&lt;br&gt;F\u00f6rel\u00e4sare: Maud Lund\u00e9n, Sahlgrenska&lt;br&gt;&lt;br&gt;&lt;span style=&quot;font-weight: bold;&quot;&gt;Tv\u00e4rprofessionellt teamwork med hj\u00e4lp av drama &lt;\/span&gt;&lt;br&gt;ABSTRAKT &lt;br&gt;Introduktion: Den snabba utvecklingen inom Interventionell Radiologi presenterar nya utmaningar s\u00e5som anv\u00e4ndningen av hybridsalar. Hybrid salar medf\u00f6r att interventionsradiologi, \u00f6ppen kirurgi, CT, MR, Ultraljud samsas p\u00e5 en och samma yta och fler metoder \u00e4r p\u00e5 frammarsch. Detta inneb\u00e4r att en rad olika discipliner och yrkesverksamma m\u00e5ste arbeta i nya konstellationer och skapa ett tv\u00e4rvetenskapligt team kring patienten. Att samarbeta p\u00e5 ett bra s\u00e4tt i team kr\u00e4ver respekt och f\u00f6rst\u00e5else f\u00f6r varje professions uppgift och roll i teamet och vi s\u00f6kte nya pedagogiska verktyg f\u00f6r att uppn\u00e5 detta. Syftet med denna studie var att unders\u00f6ka om anv\u00e4ndningen av drama och Forum spel, kan fr\u00e4mja lagarbete och samarbete p\u00e5 hybridsal. &lt;br&gt;Metoder: Ett kvalitativt tillv\u00e4gag\u00e5ngss\u00e4tt med n\u00e4ra anknytning till etnografi anv\u00e4ndes, f\u00f6r att genom observation och dialog dela deltagarnas erfarenheter av Forum spel. &lt;br&gt;Resultat: Forum spelet skapade en dynamisk inl\u00e4rningsmilj\u00f6 och m\u00f6jliggjorde f\u00f6r deltagare fr\u00e5n tre yrkesomr\u00e5den, radiografi, operation och anestesi, att f\u00f6rst\u00e5 varandras prioriteringar. Anv\u00e4ndningen av drama gjorde att deltagarna kunde ta olika roller f\u00f6r att hitta det b\u00e4sta s\u00e4ttet att samarbeta och d\u00e4rigenom fr\u00e4mja ett b\u00e4ttre samarbete. &lt;br&gt;Slutsats: Kraven p\u00e5 tv\u00e4rvetenskapligt samarbete kr\u00e4ver b\u00e5de specifika tekniska f\u00e4rdigheter och icke-tekniska f\u00e4rdigheter. V\u00e5r slutsats \u00e4r att Forum spel g\u00f6r att deltagarna kan ta olika fiktiva roller f\u00f6r att hitta det b\u00e4sta s\u00e4ttet att samarbeta och d\u00e4rigenom utveckla och fr\u00e4mja \u00f6kad f\u00f6rst\u00e5else och respekt, empati och lagarbete.&lt;br&gt;&lt;br&gt;F\u00f6rel\u00e4sare: Solveig Lundgren&lt;br&gt;&lt;br&gt;&lt;span style=&quot;font-weight: bold;&quot;&gt;Hur definierar vi radiografi?&amp;nbsp;&lt;\/span&gt;&lt;br&gt;&lt;br&gt;&lt;span style=&quot;text-decoration-line: underline;&quot;&gt;Syfte:&lt;\/span&gt; Att beskriva vad som karakt\u00e4risera begreppet Radiografi, teoretiskt och praktiskt, i utbildning, forskning och klinisk praktik, b\u00e5de nationellt och internationellt. &lt;br&gt;&lt;span style=&quot;text-decoration-line: underline;&quot;&gt;Material och metoder&lt;\/span&gt; En explorativ design, d\u00e4r kvalitativ inneh\u00e5llsanalys anv\u00e4ndes som metod f\u00f6r att utifr\u00e5n forskningsartiklar, analys av studenters kandidatuppsatser och f\u00f6rst\u00e5else av begreppet, utbildningsplaner och officiella dokument s\u00f6ka definitioner, inneh\u00e5ll och hur begreppet Radiografi har anv\u00e4nts. &lt;br&gt;&lt;span style=&quot;text-decoration-line: underline;&quot;&gt;Resultat:&lt;\/span&gt; Det teoretiska perspektivet visar p\u00e5 begreppets grunder, att r\u00f6ntgensjuksk\u00f6terskan \u00e4r expert p\u00e5 anv\u00e4ndandet av r\u00f6ntgenstr\u00e5lning vilket \u00e4r dualistiskt, dynamiskt, socialt och situationsrelaterat. Utifr\u00e5n det praktiska perspektivet \u00e4r Radiografi f\u00f6rknippad med r\u00f6ntgensjuksk\u00f6terskans funktionella roll och profession. Studenterna i utbildningen beskriver Radiografi teoretisk som ett tv\u00e4rvetenskapligt kunskapsomr\u00e5de och praktiskt d\u00e4r r\u00f6ntgensjuksk\u00f6terskan visar kunskap i medicinsk bildbehandling, f\u00f6rm\u00e5ga att skapa en omv\u00e5rdande milj\u00f6 och m\u00f6jligg\u00f6ra fruktbara m\u00f6ten. Studenternas uppsatser behandlar fyra problemomr\u00e5den inom radiografi p\u00e5 en mer abstrakt niv\u00e5, evidensbaserad v\u00e5rd, evidens bakom metoder, val av modalitet och arbetsmilj\u00f6. Utbildningsplaner beskriver Radiografi som m\u00e5ngdisciplin\u00e4rt, d\u00e4r kunskap fr\u00e5n tre olika paradigm: medicin, teknologi och omv\u00e5rdnad \u00e4r integrerat. En liknande definition finns i R\u00f6ntgensjuksk\u00f6terskans kompetensbeskrivning d\u00e4r Radiografi beskrivs som ett tv\u00e4rvetenskapligt kunskapsomr\u00e5de med kunskaper fr\u00e5n omv\u00e5rdnad, bild- och funktionsmedicin, str\u00e5lningsfysik samt medicin. &lt;br&gt;&lt;span style=&quot;text-decoration-line: underline;&quot;&gt;Konklusion:&lt;\/span&gt; Analysen visar en samst\u00e4md beskrivning, att Radiografi \u00e4r ett tv\u00e4rdisciplin\u00e4rt begrepp som inneh\u00e5ller b\u00e5de teoretiska och praktiska inneb\u00f6rder. Att genom olika studier s\u00f6ka definiera och beskriva ett begrepps inneh\u00e5ll och anv\u00e4ndning \u00f6kar f\u00f6rst\u00e5elsen och f\u00f6rklarar vad som karakt\u00e4riserar begreppet. D\u00e4rmed skapas underlag f\u00f6r utveckling av kunskapsomr\u00e5det och binder samman teori, praktik och forskning, nationellt och internationellt. Begrepp \u00e4r dynamiska, de f\u00f6r\u00e4ndras beroende p\u00e5 tid och kontext, d\u00e4rf\u00f6r \u00e4r det n\u00f6dv\u00e4ndigt att kontinuerligt unders\u00f6ka begrepp, \u00f6ver tid och i olika sammanhang.&amp;nbsp;&lt;br&gt;&lt;\/p&gt; \n                &lt;br&gt;&lt;br&gt;\"\n            data-category=\"SFR - Svensk F\u00f6rening f\u00f6r R\u00f6ntgensjuksk\u00f6terskor\"\n            data-category-ids=\"1007\"\n            data-span-all=\"\"\n                      >\n\n            <div class=\"event_content\">\n              <div class=\"title\">\n                                <span>SFR - Utbildningsdag<\/span>\n              <\/div>\n              <div class=\"span_room\"><span><\/span><\/div>\n              <div class=\"time\">\n                <span>\n                  13:30-15:00                <\/span><\/div>\n\n              <div class=\"lecturer\"><span>Magnus Kvarnryd; Maud Lund\u00e9n; Solveig Lundgren<\/span><\/div>\n            <\/div>\n\n\n                                <div style=\"background-color:#33CC66; position: absolute !important ; height: 4px !important; left: 4px; right: 4px; bottom : 2px !important;  border\"><\/div>\n            \n          <\/div>\n\n      \n          <div class=\"event \"\n            data-id=\"1090\"\n            data-project=\"project_276_2017_03_27\"\n            data-title=\"SFR - Mammografi\"\n            data-abs-nbr=\"\"\n            data-ystart=\"13.5\"\n            data-yend=\"15\"\n            data-time=\"13:30-15:00\"\n            data-room=\"8\"\n            data-room-id=\"1009\"\n            data-room-name=\"Sonaten\"\n            data-day=\"1\"\n            data-abs-path=\"\"\n            data-speaker=\"Anna-Lott Hallbeck; Hanna Dunky; Agneta Bod\u00e9n; Karin Leifland\"\n            data-speakercell=\"Anna-Lott Hallbeck; Hanna Dunky; Agneta Bod\u00e9n; Karin Leifland\"\n            data-info=\"&lt;b&gt;Moderatorer: &lt;\/b&gt;Kerstin Hillerg\u00e5rd&lt;br&gt;&lt;br&gt; \n                 &lt;p&gt;&lt;span style=&quot;font-weight: bold;&quot;&gt;Neo-adjuvant br\u00f6stcancerbehandling \u00e4r ett multi-disciplin\u00e4rt teamwork&lt;\/span&gt;&lt;\/p&gt; \n                 &lt;p&gt;F\u00f6rel\u00e4sare: Anna-Lott Hallbeck, Link\u00f6ping&lt;br&gt;&lt;br&gt;&lt;span style=&quot;font-weight: bold;&quot;&gt;Mammografi unders\u00f6kningsmetodik vid mammografiska unders\u00f6kningar&lt;\/span&gt;&lt;\/p&gt; \n                 &lt;p&gt;F\u00f6rel\u00e4sare: Hanna Dunky&lt;br&gt;&lt;br&gt;&lt;span style=&quot;font-weight: bold;&quot;&gt;S\u00e5 kan en mammografisk\u00f6terskas roll se ut vid MDK rond - En effektivisering av ledtid n\u00e4r det g\u00e4ller utredning av misst\u00e4nkt br\u00f6stcancer. S\u00e5 har vi p\u00e5 Br\u00f6stenheten\/mammografi i V\u00e4ster\u00e5s utformat rollen.&lt;\/span&gt;&lt;br&gt;&lt;\/p&gt; \n                 &lt;p&gt;F\u00f6rel\u00e4sare: Agneta Bod\u00e9n, V\u00e4ster\u00e5s&lt;br&gt;&lt;br&gt;&lt;span style=&quot;font-weight: bold;&quot;&gt;S\u00f6dersjukhusets Br\u00f6stcentrum - alla under samma tak&lt;\/span&gt;&lt;br&gt;F\u00f6rel\u00e4sare: Karin Horstman-Leifland, S\u00d6S&lt;br&gt;&lt;br&gt;\n\n\n\n\n\n\n\n\n\n\n\n\n\n\n\n\n&lt;\/p&gt;&lt;p&gt;&lt;span style=&quot;font-weight: bold;&quot;&gt;Abstract:&lt;\/span&gt; &amp;nbsp;&lt;span style=&quot;font-weight: bold;&quot;&gt;\u201dNeo-adjuvant br\u00f6stcancerbehandling \u00e4r ett\nmulti-disciplin\u00e4rt teamwork\u201d&lt;\/span&gt;&lt;\/p&gt;&lt;p&gt;F\u00f6rel\u00e4sare: Anna-Lott Hallbeck, Br\u00f6stonkolog, Onkologiska kliniken, Universitetssjukhuset i Link\u00f6ping&amp;nbsp;&lt;\/p&gt;&lt;p&gt;Allt fler fall av prim\u00e4r br\u00f6stcancer rekommenderas f\u00f6r\npre-operativ s.k. neo-adjuvant onkologisk behandling. Det finns flera sk\u00e4l till\ndetta: f\u00f6r att f\u00f6rb\u00e4ttra patientens prognos, f\u00f6r att b\u00e4ttre kunna styra\nbehandlingen utifr\u00e5n tum\u00f6reffekt och f\u00f6r att ge b\u00e4ttre kirurgiska m\u00f6jligheter.\nGenomf\u00f6randet st\u00e4ller h\u00f6gre krav p\u00e5 resurser och prioritering \u00e4n adjuvant\nbehandling, b\u00e5de vid behandlingsmottagning p\u00e5 Onkologen, vid Patologienheten,\nvid Kirurgi-enheten, men \u00e4ven vid Mammografienheten eftersom patienten beh\u00f6ver\ngenomf\u00f6ra \u00e5tminstone 2 extra radiologiska kontroller f\u00f6r att bed\u00f6ma\nbehandlingseffekt. Det st\u00e4ller ocks\u00e5 h\u00f6gre krav p\u00e5 samordning och logistik\nmellan Onkologi, Radiologi, Patologi och Kirurgi. Bakgrund presenteras utifr\u00e5n\nsenaste versionen av nationellt V\u00e5rdprogram f\u00f6r Br\u00f6stcancer, samt den modell\nf\u00f6r genomf\u00f6randet som anv\u00e4nds i \u00d6sterg\u00f6tland.&lt;\/p&gt;&lt;p&gt;\n\n\n\n\n\n\n\n\n\n\n\n&lt;br&gt;&lt;span style=&quot;font-weight: bold;&quot;&gt;Br\u00f6stenheten p\u00e5 S\u00f6dersjukhuset, Stockholm&lt;\/span&gt;&lt;\/p&gt;&lt;p&gt;F\u00f6rel\u00e4sare: Karin Horstmann - Leifland, S\u00d6S&lt;br&gt;&lt;span style=&quot;font-weight: bold;&quot;&gt;Abstract: &lt;\/span&gt;Stockholms l\u00e4ns landsting beslutade att det fr\u00e5n 2016-01-01 ska finnas 3 br\u00f6stcentra inom SLL. S\u00f6dersjukhuset uppdrag blev 43 % av verksamheten; 100 000 kvinnor \/\u00e5r kallas till screening, 19 000 kliniska unders\u00f6kningar och 800 cancerfall\/\u00e5r. Visionen var att s\u00e4tta patienten i centrum och att all verksamhet; radiologisk br\u00f6stdiagnostik, br\u00f6stkirurgi, onkologi, \u00e4rftlighetsmottagning, cytopatologi och forskningen samlas runt patienten i gemensamma lokaler f\u00f6r en patientprocess med korta avst\u00e5nd och snabba beslut. &lt;br&gt;Material och metoder: Nytt br\u00f6stcentrum beh\u00f6vde startas med alla verksamheter p\u00e5 plats. En stor del av bes\u00f6ken p\u00e5 centrat skulle bli friska screeningkvinnor och patienter med benigna f\u00f6r\u00e4ndringar som inte kr\u00e4vde sjukhusets resurser. Kirurgiska ingrepp och verksamheterna runt detta samt onkologisk behandling m\u00e5ste finnas p\u00e5 sjukhus. Vi ans\u00e5g d\u00e4rf\u00f6r att det var viktigt att friska kvinnor inte skulle beh\u00f6va komma till sjukhus utan till en central extern plats, som det \u00e4r enkelt att ta sig till. Processledaren f\u00f6r br\u00f6stcentrumprojektet hittade lokaler p\u00e5 S\u00f6dra Station i Stockholm. En trappa ned finns S\u00f6dra Station som \u00e4r en knutpunkt f\u00f6r pendelt\u00e5g fr\u00e5n regionen, det \u00e4r 5 minuters g\u00e5ngavst\u00e5nd till b\u00e5de gr\u00f6na tunnelbanelinjen p\u00e5 Medborgarplatsen och r\u00f6da tunnelbanelinjen vid Mariatorget. Cirka 2000 m\u00b2 lokaler hyrdes med plats f\u00f6r samtliga verksamheter, inklusive forskningsavdelning fr\u00e5n Karolinska Institutet. &lt;br&gt;Resultat: Alla som kommer till S\u00f6dersjukhusets Br\u00f6stcentrum kommer till en gemensam reception. Screeningen ligger tillsammans med Karma-forskningens lokaler p\u00e5 plan 1. H\u00e4r finns \u00e4ven gemensamt kafferum och konferensrum. P\u00e5 plan 2 finns klinisk radiologisk br\u00f6stdiagnostik, br\u00f6stkirurgins, onkologens, \u00e4rftlighetsmottagningens och cytopatologens lokaler. Dessutom finns ett gemensamt multidisciplin\u00e4rt rondrum h\u00e4r. Br\u00f6stcentrum har ett gemensamt konto och man betalar motsvarande sin del av gemensamma ink\u00f6p, t.ex. kaffe och toalettpapper. Saker som bara anv\u00e4nds av en akt\u00f6r t.ex. kolsuspension har ett konto inom respektive verksamhet. En patientfl\u00f6desansvarig l\u00e4kare har tillsatts som ansvarar f\u00f6r fl\u00f6det genom hela br\u00f6stprocessen och f\u00f6ljer upp det tillsammans med de olika verksamhetsansvariga. Denna person har inget personaleller lokalansvar och inget ekonomiskt ansvar. De olika verksamheterna tillh\u00f6r sina respektive specialiteter p\u00e5 sjukhuset. Detta f\u00f6r att t.ex. ST- och sk\u00f6terskeutbildning ska fungera.&amp;nbsp;&lt;br&gt;Konklusion: S\u00f6dersjukhuset har bildat ett Br\u00f6stcentrum med patienten i centrum d\u00e4r alla verksamheter finns under samma tak, i gemensamma lokaler med n\u00e4ra kontakt med varandra. Br\u00f6stcentrum \u00e4r belaget utanf\u00f6r sjukhuset p\u00e5 en f\u00f6r kvinnorna l\u00e4tt tillg\u00e4nglig och central plats, eftersom de flesta kvinnor inte kommer att beh\u00f6va sjukhusets resurser. En gemensam patientfl\u00f6desansvarig f\u00f6ljer fl\u00f6det genom br\u00f6stprocessen tillsammans med alla verksamheter.&amp;nbsp;&lt;br&gt;&lt;\/p&gt; \n                &lt;br&gt;&lt;br&gt;\"\n            data-category=\"SFR - Svensk F\u00f6rening f\u00f6r R\u00f6ntgensjuksk\u00f6terskor\"\n            data-category-ids=\"1007\"\n            data-span-all=\"\"\n                      >\n\n            <div class=\"event_content\">\n              <div class=\"title\">\n                                <span>SFR - Mammografi<\/span>\n              <\/div>\n              <div class=\"span_room\"><span><\/span><\/div>\n              <div class=\"time\">\n                <span>\n                  13:30-15:00                <\/span><\/div>\n\n              <div class=\"lecturer\"><span>Anna-Lott Hallbeck; Hanna Dunky; Agneta Bod\u00e9n; Karin Leifland<\/span><\/div>\n            <\/div>\n\n\n                                <div style=\"background-color:#33CC66; position: absolute !important ; height: 4px !important; left: 4px; right: 4px; bottom : 2px !important;  border\"><\/div>\n            \n          <\/div>\n\n      \n          <div class=\"event \"\n            data-id=\"1177\"\n            data-project=\"project_276_2017_03_27\"\n            data-title=\"Sponsorer: MR-unders\u00f6kning med 4D flow - ett nytt s\u00e4tt att genomf\u00f6ra MR-hj\u00e4rta p\u00e5 barn.   \"\n            data-abs-nbr=\"\"\n            data-ystart=\"14.25\"\n            data-yend=\"15\"\n            data-time=\"14:15-15:00\"\n            data-room=\"9\"\n            data-room-id=\"1010\"\n            data-room-name=\"Operetten\"\n            data-day=\"1\"\n            data-abs-path=\"\"\n            data-speaker=\"Niels Vejlstrup\"\n            data-speakercell=\"Niels Vejlstrup\"\n            data-info=\" \n                 &lt;p&gt;14.15 - 15.00 GE:&amp;nbsp;MR-unders\u00f6kning med 4D flow - ett nytt s\u00e4tt att genomf\u00f6ra MR-hj\u00e4rta p\u00e5 barn.&amp;nbsp;&lt;\/p&gt; \n                 &lt;p&gt;&lt;em&gt;F\u00f6rel\u00e4sare:&amp;nbsp;Niels Vejlstrup, \u00d6verl\u00e4kare Ph.D.\u200b, Dr Med. - Kardiologisk Avdelning, Rigshospitalet K\u00f6penhamn&lt;\/em&gt;&lt;\/p&gt; \n                &lt;br&gt;&lt;br&gt;\"\n            data-category=\"Sponsorer\"\n            data-category-ids=\"1014\"\n            data-span-all=\"\"\n                      >\n\n            <div class=\"event_content\">\n              <div class=\"title\">\n                                <span>Sponsorer: MR-unders\u00f6kning med 4D flow - ett nytt s\u00e4tt att genomf\u00f6ra MR-hj\u00e4rta p\u00e5 barn.   <\/span>\n              <\/div>\n              <div class=\"span_room\"><span><\/span><\/div>\n              <div class=\"time\">\n                <span>\n                  14:15-15:00                <\/span><\/div>\n\n              <div class=\"lecturer\"><span>Niels Vejlstrup<\/span><\/div>\n            <\/div>\n\n\n                                <div style=\"background-color:#CC33FF; position: absolute !important ; height: 4px !important; left: 4px; right: 4px; bottom : 2px !important;  border\"><\/div>\n            \n          <\/div>\n\n      \n          <div class=\"event \"\n            data-id=\"1180\"\n            data-project=\"project_276_2017_03_27\"\n            data-title=\"Kaffe &amp; Utst\u00e4llning\"\n            data-abs-nbr=\"\"\n            data-ystart=\"15\"\n            data-yend=\"15.75\"\n            data-time=\"15:00-15:45\"\n            data-room=\"0\"\n            data-room-id=\"-1\"\n            data-room-name=\"-Ej specificerad-\"\n            data-day=\"1\"\n            data-abs-path=\"\"\n            data-speaker=\"\"\n            data-speakercell=\"\"\n            data-info=\"\"\n            data-category=\"\"\n            data-category-ids=\"\"\n            data-span-all=\"\"\n                      >\n\n            <div class=\"event_content\">\n              <div class=\"title\">\n                                <span>Kaffe & Utst\u00e4llning<\/span>\n              <\/div>\n              <div class=\"span_room\"><span><\/span><\/div>\n              <div class=\"time\">\n                <span>\n                  15:00-15:45                <\/span><\/div>\n\n              \n            <\/div>\n\n\n            \n          <\/div>\n\n      \n          <div class=\"event \"\n            data-id=\"1103\"\n            data-project=\"project_276_2017_03_27\"\n            data-title=\"Verksamhetschefsprogrammet: Kvalitet i praktiken\"\n            data-abs-nbr=\"\"\n            data-ystart=\"15.75\"\n            data-yend=\"16.75\"\n            data-time=\"15:45-16:45\"\n            data-room=\"11\"\n            data-room-id=\"1012\"\n            data-room-name=\"Solot\"\n            data-day=\"1\"\n            data-abs-path=\"\"\n            data-speaker=\"Sofi Bj\u00f6rkman; H\u00e5kan Gustafsson; Gusten Nyberg\"\n            data-speakercell=\"Sofi Bj\u00f6rkman; H\u00e5kan Gustafsson; Gusten Nyberg\"\n            data-info=\" \n                 &lt;p&gt;F\u00f6rel\u00e4sare: Ann-Sofi Bj\u00f6rkman&lt;br&gt;&lt;br&gt;&lt;span style=&quot;font-weight: bold;&quot;&gt;L\u00e4splattor h\u00f6jer kvaliteten p\u00e5 STutbildningen &lt;\/span&gt;&lt;br&gt;Denna f\u00f6rel\u00e4sning kommer ber\u00e4tta om hur vi inf\u00f6rde iPads och elektroniska resurser som STATdx, RADprimer och IMAIOS e-anatomy f\u00f6r ST-l\u00e4karna p\u00e5 R\u00f6ntgenkliniken i \u00d6sterg\u00f6tland. Bakgrunden var att vi under 2015 konstaterade att tillg\u00e5ngen p\u00e5 utbildningsmaterial f\u00f6r ST-l\u00e4karna p\u00e5 R\u00f6ntgen i \u00d6sterg\u00f6tland inte var tillfredsst\u00e4llande. Vidare saknades tillg\u00e5ng till egen dator s\u00e5 som rekommenderas att ST-l\u00e4kare ska ha. Publikationer fr\u00e5n ST-program i USA ber\u00e4ttade om liknande projekt som varit lyckade. I Sverige fanns opublicerade f\u00f6rs\u00f6k att inf\u00f6ra surfplattor och elektroniska utbildningsresurser. V\u00e5r hypotes blev att \u201den surfplatta med utbildningsresurser kommer att \u00f6ka studietiden samt g\u00f6ra det roligare och mer effektivt att studera radiologi. F\u00f6r att unders\u00f6ka om effekten av inf\u00f6randet var varaktig valdes en studietid p\u00e5 1 \u00e5r med enk\u00e4ter f\u00f6re start, efter 6 m\u00e5nader och vid avslut. En del tekniska sv\u00e5righeter uppstod d\u00e5 n\u00e4tverket p\u00e5 sjukhuset inte gick att anv\u00e4nda s\u00e5 som vi t\u00e4nkt, framf\u00f6r allt gick det inte att f\u00f6rladda surfplattorna med inneh\u00e5ll. Det gick heller inte att k\u00f6pa in appar centralt. Vidare uppfattades priset IT-avdelningen gav oss f\u00f6r att hyra plattorna som dyrt j\u00e4mf\u00f6rt att k\u00f6pa dem sj\u00e4lva, speciellt som det inte inkluderade n\u00e5gra ytterligare f\u00f6rdelar j\u00e4mf\u00f6rt med att k\u00f6pa in externt. Projektet f\u00f6r v\u00e4l ut p\u00e5 s\u00e5 s\u00e4tt att upplevelsen av och effektiviteten i radiologistudierna upplevdes ha \u00f6kat. D\u00e4remot s\u00e5gs enbart en tillf\u00e4llig \u00f6kning av studietiden vid 6 m\u00e5nader f\u00f6r att \u00e5terg\u00e5 till niv\u00e5n f\u00f6re projektets start vid 1-\u00e5rsutv\u00e4rderingen.&lt;br&gt;&lt;br&gt;F\u00f6rel\u00e4sare: H\u00e5kan Gustafsson, Norrk\u00f6ping&lt;br&gt;&lt;br&gt;&lt;span style=&quot;font-weight: bold;&quot;&gt;R\u00f6ntgensjuksk\u00f6terskor tolkar skelettunders\u00f6kningar&lt;\/span&gt;&lt;br&gt;&lt;br&gt;F\u00f6rel\u00e4sare: Gusten Nyberg, Link\u00f6ping&lt;br&gt;&lt;br&gt;&lt;span style=&quot;font-weight: bold;&quot;&gt;Kvalitetsgranskning av v\u00e5ra bed\u00f6mningar&lt;\/span&gt;&lt;\/p&gt; \n                &lt;br&gt;&lt;br&gt;\"\n            data-category=\"Verksamhetschefer\"\n            data-category-ids=\"1011\"\n            data-span-all=\"\"\n                      >\n\n            <div class=\"event_content\">\n              <div class=\"title\">\n                                <span>Verksamhetschefsprogrammet: Kvalitet i praktiken<\/span>\n              <\/div>\n              <div class=\"span_room\"><span><\/span><\/div>\n              <div class=\"time\">\n                <span>\n                  15:45-16:45                <\/span><\/div>\n\n              <div class=\"lecturer\"><span>Sofi Bj\u00f6rkman; H\u00e5kan Gustafsson; Gusten Nyberg<\/span><\/div>\n            <\/div>\n\n\n                                <div style=\"background-color:#FFFFCC; position: absolute !important ; height: 4px !important; left: 4px; right: 4px; bottom : 2px !important;  border\"><\/div>\n            \n          <\/div>\n\n      \n          <div class=\"event \"\n            data-id=\"1106\"\n            data-project=\"project_276_2017_03_27\"\n            data-title=\"RAM-kurs\"\n            data-abs-nbr=\"\"\n            data-ystart=\"15.75\"\n            data-yend=\"16.75\"\n            data-time=\"15:45-16:45\"\n            data-room=\"16\"\n            data-room-id=\"1017\"\n            data-room-name=\"Noten\/Takten\/Accenten\/Reprisen\"\n            data-day=\"1\"\n            data-abs-path=\"\"\n            data-speaker=\"Staffan Wirell; Anders von Heijne; Marcus Casselgren; Charalampos Georgiopoulos; Kada Karlsson; Joar Bj\u00f6rk\"\n            data-speakercell=\"Staffan Wirell; Anders von Heijne; Marcus Casselgren; Charalampos Georgiopoulos; Kada Karlsson; Joar Bj\u00f6rk\"\n            data-info=\"\"\n            data-category=\"RAM-kurs\"\n            data-category-ids=\"1016\"\n            data-span-all=\"\"\n                      >\n\n            <div class=\"event_content\">\n              <div class=\"title\">\n                                <span>RAM-kurs<\/span>\n              <\/div>\n              <div class=\"span_room\"><span><\/span><\/div>\n              <div class=\"time\">\n                <span>\n                  15:45-16:45                <\/span><\/div>\n\n              <div class=\"lecturer\"><span>Staffan Wirell; Anders von Heijne; Marcus Casselgren; Charalampos Georgiopoulos; Kada Karlsson; Joar Bj\u00f6rk<\/span><\/div>\n            <\/div>\n\n\n                                <div style=\"background-color:#66FFCC; position: absolute !important ; height: 4px !important; left: 4px; right: 4px; bottom : 2px !important;  border\"><\/div>\n            \n          <\/div>\n\n      \n          <div class=\"event \"\n            data-id=\"1105\"\n            data-project=\"project_276_2017_03_27\"\n            data-title=\"Ultraljudsf\u00f6reningen, Hands-on workshop\"\n            data-abs-nbr=\"\"\n            data-ystart=\"15.75\"\n            data-yend=\"16.75\"\n            data-time=\"15:45-16:45\"\n            data-room=\"14\"\n            data-room-id=\"1015\"\n            data-room-name=\"Loge 6\"\n            data-day=\"1\"\n            data-abs-path=\"\"\n            data-speaker=\"\"\n            data-speakercell=\"\"\n            data-info=\"\n                 &lt;p&gt;Workshops, handson och demonstrationer av ultraljud&lt;\/p&gt;&lt;p&gt;&lt;i&gt;Okej, vi erk\u00e4nner \u2013 vi \u00e4r ett g\u00e4ng ultraljudsn\u00f6rdar som \u00e5terstartat SFMU. P\u00e5 R\u00f6ntgenveckan hittar vi ocks\u00e5 de allra senaste ultraljudsmaskinerna, det \u00e4r rena julaftonen!&lt;br&gt;&lt;\/i&gt;&lt;i&gt;F\u00f6r att sprida v\u00e5r entusiasm \u00f6ver ultraljud har vi sessioner i Loge 4+6 p\u00e5 R\u00f6ntgenveckan, d\u00e4r vi kan tr\u00e4na ultraljud p\u00e5 riktigt. H\u00e4ng p\u00e5 n\u00e4r vi visar upp v\u00e5ra favoritunders\u00f6kningar!&lt;br&gt;&lt;\/i&gt;&lt;i&gt;OBS- ingen bokning, f\u00f6rst till kvarn g\u00e4ller ... V\u00e4lkomna!&lt;\/i&gt;&lt;\/p&gt;&lt;p&gt;&lt;i&gt;Bli medlem? &amp;nbsp;Maila: sfmu.sfmu@gmail.com&lt;br&gt;&lt;\/i&gt;&lt;\/p&gt;&lt;p&gt;&lt;b&gt;Tisdag 12 sept:&lt;\/b&gt;&lt;\/p&gt;&lt;p&gt;&lt;b&gt;Kl 12.45-13.30: Muskuloskeletalt ultraljud, ffa axlar.&amp;nbsp;&amp;nbsp;&lt;\/b&gt;Dr Laszlo Toth, Hudiksvalls Sjukhus&lt;\/p&gt;&lt;p&gt;&lt;\/p&gt;&lt;p&gt;&lt;b&gt;Kl 13.30-16.45 Biopsitr\u00e4ning p\u00e5 preparat\u2013 enbart f\u00f6r deltagare p\u00e5 ST-kurs i ultraljudsv\u00e4gledda punktioner.&lt;br&gt;&lt;br&gt;&lt;\/b&gt;&lt;\/p&gt;&lt;p&gt;&lt;b&gt;Onsdag 13 sept:&lt;\/b&gt;&lt;\/p&gt;&lt;p&gt;&lt;b&gt;Kl 8.30-9.45: \u201dAkut ultraljud \u2013 EFAST, POCUS, och annat man g\u00f6r p\u00e5 akutrummet\u2026\u201d&amp;nbsp;&lt;\/b&gt;Dr Jesper Danielsson, St G\u00f6rans Sjukhus&lt;\/p&gt;&lt;p&gt;&lt;b&gt;Kl 8.30-9.45: \u201dLeverelastografi, demo och hands-on&lt;\/b&gt;\u201d. Sonograf Marie Byenfeldt, \u00d6stersunds Sjukhus.&lt;\/p&gt;&lt;p&gt;&lt;b&gt;Kl 10.00-11.00: \u00c5rsm\u00f6te SFMU&lt;\/b&gt;&lt;\/p&gt;&lt;p&gt;&lt;b&gt;Kl 11.00-12.15 : \u201dFria fl\u00f6den? Doppler av perifera och centrala blodk\u00e4rl\u201d.&amp;nbsp;&lt;\/b&gt;&amp;nbsp;Dr Kristina Dahlstr\u00f6m, Faluns Sjukhus&lt;b&gt;&lt;\/b&gt;&lt;\/p&gt;&lt;p&gt;&lt;b&gt;Kl 11.00-12.15: : \u201dMuskuloskeletalt ultraljud, ffa axlar\u201d.&amp;nbsp;&lt;\/b&gt;Dr Laszlo Toth, Hudiksvalls Sjukhus&lt;b&gt;&lt;\/b&gt;&lt;\/p&gt;&lt;p&gt;&lt;b&gt;13.30-14.45: \u201dBiopsitr\u00e4ning \u2013 ultraljudsv\u00e4gledda punktioner, demonstration och praktisk \u00f6vning p\u00e5 preparat\u201d.&lt;\/b&gt;&amp;nbsp;Dr Stefan H\u00f6rnlund, Sundsvalls sjukhus&lt;\/p&gt;&lt;p&gt;&lt;b&gt;13.30-14.45 \u201dSonograf? Prova-p\u00e5-ultraljud f\u00f6r nyfikna r\u00f6ntgensjuksk\u00f6terskor\u201d.&lt;\/b&gt;&amp;nbsp;Sonograf Karin Asplund, Astrid Lindgrens Barnsjukhus&lt;\/p&gt;&lt;p&gt;&lt;b&gt;Kl 15.45-16.45: \u201dFusion av MR-buk och ultraljud, demonstration live och praktisk&amp;nbsp;&lt;\/b&gt;\u00f6vning\u201d.&amp;nbsp;&amp;nbsp; Dr Sara Sehlstedt, \u00d6stersunds Sjukhus&lt;\/p&gt;&lt;p&gt;&lt;b&gt;Kl 15.45-16.45&lt;\/b&gt;:&amp;nbsp;&lt;b&gt;\u201dSonograf? Prova-p\u00e5-ultraljud f\u00f6r nyfikna r\u00f6ntgensjuksk\u00f6terskor\u201d.&amp;nbsp;&lt;\/b&gt;Sonograf Maria Zetterman, Astrid Lindgrens Barnsjukhus&lt;br&gt;&lt;br&gt;Torsdag 14 sept.&lt;\/p&gt;&lt;p&gt;&lt;b&gt;Kl 9.50-10.45: &amp;nbsp;\u201dUltraljudsv\u00e4gledda biopsier, demo och praktisk \u00f6vning p\u00e5 preparat\u201d.&amp;nbsp;&amp;nbsp;&lt;\/b&gt;Dr Stefan H\u00f6rnlund, Sundsvalls Sjukhus.&lt;\/p&gt;&lt;p&gt;&lt;b&gt;Kl 13.30-15.00: \u201dMuskuloskeletalt ultraljud,&amp;nbsp; fr\u00e4mst \u00f6vre extremitet\u201d.&lt;\/b&gt;&amp;nbsp;Dr David Wilson och Dr Gina Allen, Oxford samt Dr Magnus Hjelm, G\u00e4vle Sjukhus och Dr Johan Krause, Uppsala Akademiska Sjukhus.&lt;\/p&gt;&lt;p&gt;&lt;b&gt;Kl 15.45-16.45:&lt;\/b&gt;&amp;nbsp;&lt;b&gt;\u201dMuskuloskeletalt ultraljud,&amp;nbsp; fr\u00e4mst nedre extremitet\u201d.&lt;\/b&gt;&amp;nbsp;Dr David Wilson och Dr Gina Allen, Oxford samt Dr Magnus Hjelm, G\u00e4vle Sjukhus och Dr Johan Krause, Uppsala Akademiska Sjukhus&lt;b&gt;&lt;\/b&gt;&lt;\/p&gt;&lt;p&gt;&lt;i&gt;&lt;br&gt;&lt;\/i&gt;&lt;\/p&gt;\n                &lt;br&gt;&lt;br&gt;\"\n            data-category=\"Ultraljudsf\u00f6reningens hands-on\"\n            data-category-ids=\"1015\"\n            data-span-all=\"\"\n                      >\n\n            <div class=\"event_content\">\n              <div class=\"title\">\n                                <span>Ultraljudsf\u00f6reningen, Hands-on workshop<\/span>\n              <\/div>\n              <div class=\"span_room\"><span><\/span><\/div>\n              <div class=\"time\">\n                <span>\n                  15:45-16:45                <\/span><\/div>\n\n              \n            <\/div>\n\n\n                                <div style=\"background-color:#FFCCFF; position: absolute !important ; height: 4px !important; left: 4px; right: 4px; bottom : 2px !important;  border\"><\/div>\n            \n          <\/div>\n\n      \n          <div class=\"event \"\n            data-id=\"1098\"\n            data-project=\"project_276_2017_03_27\"\n            data-title=\"Barn - Fallpresentationer\"\n            data-abs-nbr=\"\"\n            data-ystart=\"15.75\"\n            data-yend=\"16.75\"\n            data-time=\"15:45-16:45\"\n            data-room=\"4\"\n            data-room-id=\"1004\"\n            data-room-name=\"Operan\"\n            data-day=\"1\"\n            data-abs-path=\"\"\n            data-speaker=\"Jenny  Ahlin; Martin  Bonnier; Elisabeth Bennwik Borling\"\n            data-speakercell=\"Jenny  Ahlin; Martin  Bonnier; Elisabeth Bennwik Borling\"\n            data-info=\" \n                 &lt;p&gt;15.45 - 16.15 Fallpresentation:&lt;br&gt;&lt;em&gt;Jenny Ahlin, Drottning Silvias Barn- och Ungdomssjukhus&lt;br&gt;&lt;\/em&gt;&lt;em&gt;Martin Bonnier, Drottning Silvias Barn- och Ungdomssjukhus&amp;nbsp;&lt;\/em&gt;&lt;\/p&gt;\n                 &lt;p&gt;16.25 - 16.45 Att kommunicera med barn&lt;br&gt;&lt;em&gt;Elisabet Bennwik Borling, SUS, Malm\u00f6&lt;\/em&gt;&lt;\/p&gt; \n                &lt;br&gt;&lt;br&gt;\"\n            data-category=\"SFMR - Delf\u00f6reningar\"\n            data-category-ids=\"1006\"\n            data-span-all=\"\"\n                      >\n\n            <div class=\"event_content\">\n              <div class=\"title\">\n                                <span>Barn - Fallpresentationer<\/span>\n              <\/div>\n              <div class=\"span_room\"><span><\/span><\/div>\n              <div class=\"time\">\n                <span>\n                  15:45-16:45                <\/span><\/div>\n\n              <div class=\"lecturer\"><span>Jenny  Ahlin; Martin  Bonnier; Elisabeth Bennwik Borling<\/span><\/div>\n            <\/div>\n\n\n                                <div style=\"background-color:#6699CC; position: absolute !important ; height: 4px !important; left: 4px; right: 4px; bottom : 2px !important;  border\"><\/div>\n            \n          <\/div>\n\n      \n          <div class=\"event \"\n            data-id=\"1097\"\n            data-project=\"project_276_2017_03_27\"\n            data-title=\"SFFR - Patients\u00e4kerhet utifr\u00e5n informationss\u00e4kerhet\"\n            data-abs-nbr=\"\"\n            data-ystart=\"15.75\"\n            data-yend=\"16.75\"\n            data-time=\"15:45-16:45\"\n            data-room=\"3\"\n            data-room-id=\"1003\"\n            data-room-name=\"Musikalen\"\n            data-day=\"1\"\n            data-abs-path=\"\"\n            data-speaker=\"Ewa Beiving\"\n            data-speakercell=\"Ewa Beiving\"\n            data-info=\"&lt;b&gt;Moderatorer: &lt;\/b&gt;Eva Alm\u00e9r&lt;br&gt;&lt;br&gt; \n                 &lt;p&gt;Ewa Beiving \u00f6nskar lyfta fram v\u00e5rddokumentationen - f\u00f6r en bra dokumentation fr\u00e5n b\u00f6rjan tillh\u00f6r v\u00e5rdtillf\u00e4llet och man ska t\u00e4nka kvalitet \u00e4ven i den dokumentationen. Man kan inte enbart vara &quot;good enought&quot; - man m\u00e5ste vara b\u00e4st. Speciellt viktigt i tider d\u00e5 vi inom r\u00f6ntgen har r\u00f6ststyrd diktering av v\u00e5ra l\u00e4kare och patienterna kan l\u00e4sa sina r\u00f6ntgensvar p\u00e5 n\u00e4tet.&amp;nbsp;&lt;br&gt;&lt;\/p&gt; \n                &lt;br&gt;&lt;br&gt;\"\n            data-category=\"SFFR - Svensk F\u00f6rening f\u00f6r R\u00f6ntgensekreterare\"\n            data-category-ids=\"1012\"\n            data-span-all=\"\"\n                      >\n\n            <div class=\"event_content\">\n              <div class=\"title\">\n                                <span>SFFR - Patients\u00e4kerhet utifr\u00e5n informationss\u00e4kerhet<\/span>\n              <\/div>\n              <div class=\"span_room\"><span><\/span><\/div>\n              <div class=\"time\">\n                <span>\n                  15:45-16:45                <\/span><\/div>\n\n              <div class=\"lecturer\"><span>Ewa Beiving<\/span><\/div>\n            <\/div>\n\n\n                                <div style=\"background-color:#FF66FF; position: absolute !important ; height: 4px !important; left: 4px; right: 4px; bottom : 2px !important;  border\"><\/div>\n            \n          <\/div>\n\n      \n          <div class=\"event \"\n            data-id=\"1099\"\n            data-project=\"project_276_2017_03_27\"\n            data-title=\"SFR - Utbildningsdag &amp; \u00c5rsm\u00f6te\"\n            data-abs-nbr=\"\"\n            data-ystart=\"15.75\"\n            data-yend=\"16.75\"\n            data-time=\"15:45-16:45\"\n            data-room=\"5\"\n            data-room-id=\"1006\"\n            data-room-name=\"Spegelsalen\"\n            data-day=\"1\"\n            data-abs-path=\"\"\n            data-speaker=\"Lovisa Thyr; Johanna Wallin Schill\"\n            data-speakercell=\"Lovisa Thyr; Johanna Wallin Schill\"\n            data-info=\"&lt;b&gt;Moderatorer: &lt;\/b&gt;Bodil Andersson&lt;br&gt;&lt;br&gt;                  &lt;p&gt;&lt;span style=&quot;font-weight: bold;&quot;&gt;Arbetstillfredsst\u00e4llelse hos r\u00f6ntgensjuksk\u00f6terskor i Sverige&lt;\/span&gt;&lt;br&gt;&lt;br&gt;&lt;span style=&quot;text-decoration-line: underline;&quot;&gt;Syfte &lt;\/span&gt;: Syftet med studien var att beskriva r\u00f6ntgensjuksk\u00f6terskans arbetstillfredsst\u00e4llelse inom diagnostisk radiologisk verksamhet i ett nationellt perspektiv. &lt;br&gt;&lt;span style=&quot;text-decoration-line: underline;&quot;&gt;Material och metoder&lt;\/span&gt;: Studien var genomf\u00f6rd som en kvantitativ tv\u00e4rsnittsstudie och utf\u00f6rdes med hj\u00e4lp av webenk\u00e4ter. Enk\u00e4ten skickades till 2114 legitimerade r\u00f6ntgensjuksk\u00f6terskor baserat p\u00e5 v\u00e5rdf\u00f6rbundets medlemsregister. Enk\u00e4ten bestod av \u00e5tta omr\u00e5den: trivsel, delaktighet, ledning, utvecklingsm\u00f6jligheter, arbetsgemenskap och samarbete, arbetsbelastning samt helhetsbed\u00f6mning. Varje omr\u00e5de inneh\u00f6ll 4-8 p\u00e5st\u00e5enden. P\u00e5st\u00e5endena hade svarsalternativen inst\u00e4mmer inte alls till inst\u00e4mmer helt och var graderade p\u00e5 en skattningsskala fr\u00e5n 1 till 5. &lt;br&gt;&lt;span style=&quot;text-decoration-line: underline;&quot;&gt;Resultat: &lt;\/span&gt;871 (41 %) av r\u00f6ntgensjuksk\u00f6terskorna besvarade enk\u00e4ten. Det framgick att r\u00f6ntgensjuksk\u00f6terskorna som besvarade enk\u00e4ten i stor utstr\u00e4ckning trivdes med sitt yrkesval och upplevde arbetet som intressant samt stimulerande. Arbetsgemenskap och samarbete, delaktighet samt utvecklingsm\u00f6jligheter v\u00e4rderades ocks\u00e5 relativt h\u00f6gt av de flesta respondenterna. Arbetsbelastningen uppfattades som det mest bristf\u00e4lliga omr\u00e5det bland respondenterna. &lt;br&gt;&lt;span style=&quot;text-decoration-line: underline;&quot;&gt;Konklusion:&lt;\/span&gt; Studiens resultat lyfter fram positiva aspekter inom yrket vilket kan vara viktigt f\u00f6r att g\u00f6ra yrket mer attraktivt och d\u00e4rmed kunna rekrytera nya r\u00f6ntgensjuksk\u00f6terskor samt \u00e4ven beh\u00e5lla de som redan finns. Men det \u00e4r \u00e4ven viktigt att beakta de delar som beh\u00f6ver f\u00f6rb\u00e4ttring f\u00f6r att kunna s\u00e4kra r\u00f6ntgensjuksk\u00f6terskornas framtida arbetstillfredsst\u00e4llelse vilket i sin tur kan fr\u00e4mja en god v\u00e5rdkvalit\u00e9.&amp;nbsp;&lt;br&gt;&lt;\/p&gt;                 &lt;br&gt;&lt;br&gt;\"\n            data-category=\"SFR - Svensk F\u00f6rening f\u00f6r R\u00f6ntgensjuksk\u00f6terskor\"\n            data-category-ids=\"1007\"\n            data-span-all=\"\"\n                      >\n\n            <div class=\"event_content\">\n              <div class=\"title\">\n                                <span>SFR - Utbildningsdag & \u00c5rsm\u00f6te<\/span>\n              <\/div>\n              <div class=\"span_room\"><span><\/span><\/div>\n              <div class=\"time\">\n                <span>\n                  15:45-16:45                <\/span><\/div>\n\n              <div class=\"lecturer\"><span>Lovisa Thyr; Johanna Wallin Schill<\/span><\/div>\n            <\/div>\n\n\n                                <div style=\"background-color:#33CC66; position: absolute !important ; height: 4px !important; left: 4px; right: 4px; bottom : 2px !important;  border\"><\/div>\n            \n          <\/div>\n\n      \n          <div class=\"event \"\n            data-id=\"1104\"\n            data-project=\"project_276_2017_03_27\"\n            data-title=\"Ultraljudsf\u00f6reningen, Hands-on workshop\"\n            data-abs-nbr=\"\"\n            data-ystart=\"15.75\"\n            data-yend=\"16.75\"\n            data-time=\"15:45-16:45\"\n            data-room=\"13\"\n            data-room-id=\"1014\"\n            data-room-name=\"Loge 4\"\n            data-day=\"1\"\n            data-abs-path=\"\"\n            data-speaker=\"\"\n            data-speakercell=\"\"\n            data-info=\"\n                 &lt;p&gt;Workshops, handson och demonstrationer av ultraljud&lt;\/p&gt;&lt;p&gt;&lt;i&gt;Okej, vi erk\u00e4nner \u2013 vi \u00e4r ett g\u00e4ng ultraljudsn\u00f6rdar som \u00e5terstartat SFMU. P\u00e5 R\u00f6ntgenveckan hittar vi ocks\u00e5 de allra senaste ultraljudsmaskinerna, det \u00e4r rena julaftonen!&lt;br&gt;&lt;\/i&gt;&lt;i&gt;F\u00f6r att sprida v\u00e5r entusiasm \u00f6ver ultraljud har vi sessioner i Loge 4+6 p\u00e5 R\u00f6ntgenveckan, d\u00e4r vi kan tr\u00e4na ultraljud p\u00e5 riktigt. H\u00e4ng p\u00e5 n\u00e4r vi visar upp v\u00e5ra favoritunders\u00f6kningar!&lt;br&gt;&lt;\/i&gt;&lt;i&gt;OBS- ingen bokning, f\u00f6rst till kvarn g\u00e4ller ... V\u00e4lkomna!&lt;\/i&gt;&lt;\/p&gt;&lt;p&gt;&lt;i&gt;Bli medlem? &amp;nbsp;Maila: sfmu.sfmu@gmail.com&lt;br&gt;&lt;\/i&gt;&lt;\/p&gt;&lt;p&gt;&lt;b&gt;Tisdag 12 sept:&lt;\/b&gt;&lt;\/p&gt;&lt;p&gt;&lt;b&gt;Kl 12.45-13.30: Muskuloskeletalt ultraljud, ffa axlar.&amp;nbsp;&amp;nbsp;&lt;\/b&gt;Dr Laszlo Toth, Hudiksvalls Sjukhus&lt;\/p&gt;&lt;p&gt;&lt;\/p&gt;&lt;p&gt;&lt;b&gt;Kl 13.30-16.45 Biopsitr\u00e4ning p\u00e5 preparat\u2013 enbart f\u00f6r deltagare p\u00e5 ST-kurs i ultraljudsv\u00e4gledda punktioner.&lt;br&gt;&lt;br&gt;&lt;\/b&gt;&lt;\/p&gt;&lt;p&gt;&lt;b&gt;Onsdag 13 sept:&lt;\/b&gt;&lt;\/p&gt;&lt;p&gt;&lt;b&gt;Kl 8.30-9.45: \u201dAkut ultraljud \u2013 EFAST, POCUS, och annat man g\u00f6r p\u00e5 akutrummet\u2026\u201d&amp;nbsp;&lt;\/b&gt;Dr Jesper Danielsson, St G\u00f6rans Sjukhus&lt;\/p&gt;&lt;p&gt;&lt;b&gt;Kl 8.30-9.45: \u201dLeverelastografi, demo och hands-on&lt;\/b&gt;\u201d. Sonograf Marie Byenfeldt, \u00d6stersunds Sjukhus.&lt;\/p&gt;&lt;p&gt;&lt;b&gt;Kl 10.00-11.00: \u00c5rsm\u00f6te SFMU&lt;\/b&gt;&lt;\/p&gt;&lt;p&gt;&lt;b&gt;Kl 11.00-12.15 : \u201dFria fl\u00f6den? Doppler av perifera och centrala blodk\u00e4rl\u201d.&amp;nbsp;&lt;\/b&gt;&amp;nbsp;Dr Kristina Dahlstr\u00f6m, Faluns Sjukhus&lt;b&gt;&lt;\/b&gt;&lt;\/p&gt;&lt;p&gt;&lt;b&gt;Kl 11.00-12.15: : \u201dMuskuloskeletalt ultraljud, ffa axlar\u201d.&amp;nbsp;&lt;\/b&gt;Dr Laszlo Toth, Hudiksvalls Sjukhus&lt;b&gt;&lt;\/b&gt;&lt;\/p&gt;&lt;p&gt;&lt;b&gt;13.30-14.45: \u201dBiopsitr\u00e4ning \u2013 ultraljudsv\u00e4gledda punktioner, demonstration och praktisk \u00f6vning p\u00e5 preparat\u201d.&lt;\/b&gt;&amp;nbsp;Dr Stefan H\u00f6rnlund, Sundsvalls sjukhus&lt;\/p&gt;&lt;p&gt;&lt;b&gt;13.30-14.45 \u201dSonograf? Prova-p\u00e5-ultraljud f\u00f6r nyfikna r\u00f6ntgensjuksk\u00f6terskor\u201d.&lt;\/b&gt;&amp;nbsp;Sonograf Karin Asplund, Astrid Lindgrens Barnsjukhus&lt;\/p&gt;&lt;p&gt;&lt;b&gt;Kl 15.45-16.45: \u201dFusion av MR-buk och ultraljud, demonstration live och praktisk&amp;nbsp;&lt;\/b&gt;\u00f6vning\u201d.&amp;nbsp;&amp;nbsp; Dr Sara Sehlstedt, \u00d6stersunds Sjukhus&lt;\/p&gt;&lt;p&gt;&lt;b&gt;Kl 15.45-16.45&lt;\/b&gt;:&amp;nbsp;&lt;b&gt;\u201dSonograf? Prova-p\u00e5-ultraljud f\u00f6r nyfikna r\u00f6ntgensjuksk\u00f6terskor\u201d.&amp;nbsp;&lt;\/b&gt;Sonograf Maria Zetterman, Astrid Lindgrens Barnsjukhus&lt;br&gt;&lt;br&gt;Torsdag 14 sept.&lt;\/p&gt;&lt;p&gt;&lt;b&gt;Kl 9.50-10.45: &amp;nbsp;\u201dUltraljudsv\u00e4gledda biopsier, demo och praktisk \u00f6vning p\u00e5 preparat\u201d.&amp;nbsp;&amp;nbsp;&lt;\/b&gt;Dr Stefan H\u00f6rnlund, Sundsvalls Sjukhus.&lt;\/p&gt;&lt;p&gt;&lt;b&gt;Kl 13.30-15.00: \u201dMuskuloskeletalt ultraljud,&amp;nbsp; fr\u00e4mst \u00f6vre extremitet\u201d.&lt;\/b&gt;&amp;nbsp;Dr David Wilson och Dr Gina Allen, Oxford samt Dr Magnus Hjelm, G\u00e4vle Sjukhus och Dr Johan Krause, Uppsala Akademiska Sjukhus.&lt;\/p&gt;&lt;p&gt;&lt;b&gt;Kl 15.45-16.45:&lt;\/b&gt;&amp;nbsp;&lt;b&gt;\u201dMuskuloskeletalt ultraljud,&amp;nbsp; fr\u00e4mst nedre extremitet\u201d.&lt;\/b&gt;&amp;nbsp;Dr David Wilson och Dr Gina Allen, Oxford samt Dr Magnus Hjelm, G\u00e4vle Sjukhus och Dr Johan Krause, Uppsala Akademiska Sjukhus&lt;b&gt;&lt;\/b&gt;&lt;\/p&gt;&lt;p&gt;&lt;i&gt;&lt;br&gt;&lt;\/i&gt;&lt;\/p&gt;\n                &lt;br&gt;&lt;br&gt;\"\n            data-category=\"Ultraljudsf\u00f6reningens hands-on\"\n            data-category-ids=\"1015\"\n            data-span-all=\"\"\n                      >\n\n            <div class=\"event_content\">\n              <div class=\"title\">\n                                <span>Ultraljudsf\u00f6reningen, Hands-on workshop<\/span>\n              <\/div>\n              <div class=\"span_room\"><span><\/span><\/div>\n              <div class=\"time\">\n                <span>\n                  15:45-16:45                <\/span><\/div>\n\n              \n            <\/div>\n\n\n                                <div style=\"background-color:#FFCCFF; position: absolute !important ; height: 4px !important; left: 4px; right: 4px; bottom : 2px !important;  border\"><\/div>\n            \n          <\/div>\n\n      \n          <div class=\"event \"\n            data-id=\"1101\"\n            data-project=\"project_276_2017_03_27\"\n            data-title=\"Sponsorer: MR integrerad i prostatacancerdiagnostik och behandling\"\n            data-abs-nbr=\"\"\n            data-ystart=\"15.75\"\n            data-yend=\"16.75\"\n            data-time=\"15:45-16:45\"\n            data-room=\"9\"\n            data-room-id=\"1010\"\n            data-room-name=\"Operetten\"\n            data-day=\"1\"\n            data-abs-path=\"\"\n            data-speaker=\"Olof Akre\"\n            data-speakercell=\"Olof Akre\"\n            data-info=\"\n                 &lt;p&gt;Titel: MR integrerad i prostatacancerdiagnostik och \u2013behandling&lt;\/p&gt;&lt;p&gt;Talare: Olof Akre, Professor och \u00f6verl\u00e4kare urologi, chef f\u00f6r prostatacancerfl\u00f6det, Karolinska Sjukhuset&lt;\/p&gt;&lt;p&gt;Philips&lt;\/p&gt;\n                &lt;br&gt;&lt;br&gt;\"\n            data-category=\"Sponsorer\"\n            data-category-ids=\"1014\"\n            data-span-all=\"\"\n                      >\n\n            <div class=\"event_content\">\n              <div class=\"title\">\n                                <span>Sponsorer: MR integrerad i prostatacancerdiagnostik och behandling<\/span>\n              <\/div>\n              <div class=\"span_room\"><span><\/span><\/div>\n              <div class=\"time\">\n                <span>\n                  15:45-16:45                <\/span><\/div>\n\n              <div class=\"lecturer\"><span>Olof Akre<\/span><\/div>\n            <\/div>\n\n\n                                <div style=\"background-color:#CC33FF; position: absolute !important ; height: 4px !important; left: 4px; right: 4px; bottom : 2px !important;  border\"><\/div>\n            \n          <\/div>\n\n      \n          <div class=\"event \"\n            data-id=\"1100\"\n            data-project=\"project_276_2017_03_27\"\n            data-title=\"Sponsorer: Cinematric Volume Rendering (VR)\"\n            data-abs-nbr=\"\"\n            data-ystart=\"15.75\"\n            data-yend=\"16.75\"\n            data-time=\"15:45-16:45\"\n            data-room=\"8\"\n            data-room-id=\"1009\"\n            data-room-name=\"Sonaten\"\n            data-day=\"1\"\n            data-abs-path=\"\"\n            data-speaker=\"Gudrun Feuchtner; Lena Gordon Murkes\"\n            data-speakercell=\"Gudrun Feuchtner; Lena Gordon Murkes\"\n            data-info=\" \n                 &lt;p&gt;&lt;b&gt;Cinematic Volume Rendering&lt;\/b&gt;&lt;\/p&gt; \n                 &lt;p&gt;Cinematic Volume Rendering (VR) \u00e4r en ny 3D-visualiseringsteknik som l\u00e5ter oss se kroppens inre p\u00e5 ett hisnande s\u00e4tt. Cinematic VR fr\u00e5n Siemens Healthineers ger h\u00f6gre uppl\u00f6sning och f\u00f6rb\u00e4ttrad visualisering i 3D, vilket \u00f6ppnar m\u00f6jligheter att skapa fotorealistiska bilder med h\u00f6gre (HDR) kvalitet. Bilder som \u00e4r ideala vid kommunikation med remittenter och patienter. Dr Gudrun Feuchtner, MD, docent, vid Innsbruck Medical University, delar med sig av sina erfarenheter hur hon integrerar Cinematic VR i det dagliga diagnostiska arbetet.&lt;br&gt;&lt;br&gt;&lt;\/p&gt; \n                 &lt;p&gt;&lt;b&gt;3D-utskrifter \u2013 doktorns n\u00f6je eller till patientens nytta?&lt;\/b&gt;&lt;\/p&gt; \n                 &lt;p&gt; &lt;\/p&gt; \n                 &lt;p&gt;Dr Lena Gordon Murkes, \u00f6verl\u00e4kare, barnr\u00f6ntgen p\u00e5 Astrid Lindgrens Barnsjukhus ber\u00e4ttar om sina erfarenheter kring 3D-utskrifter, om till\u00e4mpningsomr\u00e5den samt framtidsvisioner.&lt;\/p&gt; \n                &lt;br&gt;&lt;br&gt;\"\n            data-category=\"Sponsorer\"\n            data-category-ids=\"1014\"\n            data-span-all=\"\"\n                      >\n\n            <div class=\"event_content\">\n              <div class=\"title\">\n                                <span>Sponsorer: Cinematric Volume Rendering (VR)<\/span>\n              <\/div>\n              <div class=\"span_room\"><span><\/span><\/div>\n              <div class=\"time\">\n                <span>\n                  15:45-16:45                <\/span><\/div>\n\n              <div class=\"lecturer\"><span>Gudrun Feuchtner; Lena Gordon Murkes<\/span><\/div>\n            <\/div>\n\n\n                                <div style=\"background-color:#CC33FF; position: absolute !important ; height: 4px !important; left: 4px; right: 4px; bottom : 2px !important;  border\"><\/div>\n            \n          <\/div>\n\n      \n          <div class=\"event \"\n            data-id=\"1102\"\n            data-project=\"project_276_2017_03_27\"\n            data-title=\"MTF - M\u00e4nniska - system - interaktion II\"\n            data-abs-nbr=\"\"\n            data-ystart=\"16\"\n            data-yend=\"18\"\n            data-time=\"16:00-18:00\"\n            data-room=\"19\"\n            data-room-id=\"1020\"\n            data-room-name=\"Flygvapenmuseum\"\n            data-day=\"1\"\n            data-abs-path=\"\"\n            data-speaker=\"Martin St\u00e5l; Erik Sundvall\"\n            data-speakercell=\"Martin St\u00e5l; Erik Sundvall\"\n            data-info=\"&lt;b&gt;Moderatorer: &lt;\/b&gt;Maria Wirenstedt&lt;br&gt;&lt;br&gt; \n                 &lt;p&gt;Onsdag 13 September 1600-1645 \u2013 OBS-lokal: Flygvapenmuseum &lt;br&gt;&lt;br&gt;MTF - M\u00e4nniska - system - interaktion II&lt;br&gt;Som komplement till studiebes\u00f6ket tidigare under dagen ber\u00e4ttar testpilot Martin St\u00e5l bland annat om FFC ur en pilots perspektiv samt om JAS Gripen E. F\u00f6rel\u00e4sningens inneh\u00e5ll \u00e4r \u00e4nnu inte helt klar men vi garanterar att det kommer bli ett intressant f\u00f6redrag. De som anm\u00e4lt sig och f\u00e5tt plats till studiebes\u00f6ket p\u00e5 FlygFysiologiskt Centrum, QinetiQ,blir automatiskt anm\u00e4lda till detta f\u00f6rel\u00e4sningsblock med tv\u00e5 intressanta f\u00f6rel\u00e4sningar (Jas Gripen E och Atrificial Intelligence). F\u00f6r er som tyv\u00e4rr inte f\u00e5tt plats p\u00e5 studiebes\u00f6ket kommer erbjudas plats p\u00e5 detta f\u00f6rel\u00e4sningsblock d\u00e4r platserna inte \u00e4r lika begr\u00e4nsade. Ni som enbart \u00e4r intresserade av denna f\u00f6rel\u00e4sning \u00e4r ocks\u00e5 v\u00e4lkomna att anm\u00e4la er. MTF\u00b4s buss fr\u00e5n Link\u00f6ping Konsert &amp;amp; Kongress avg\u00e5r till Flygvapenmuseum kl 15:30 Anm\u00e4lan sker till maria.wirenstedt@ltblekinge.se I anm\u00e4lan uppges namn, arbetsplats och mobiltelefonnummer. &lt;br&gt;&lt;br&gt;Onsdag 13 September 1645-1745 \u2013 OBS-lokal: Flygvapenmueseum &lt;br&gt;Abstract - M\u00e4nniska - system - interaktion III Artificial Intelligence F\u00f6rel\u00e4sningen j\u00e4mf\u00f6r tv\u00e5 initiativ med sikte p\u00e5 \u00e5r 2025, en vision (fr\u00e5n SKL och regeringen) om att Sverige ska bli v\u00e4rldsb\u00e4st p\u00e5 eH\u00e4lsa samt en plan (fr\u00e5n Elon Musk, SpaceX) p\u00e5 ett interplanet\u00e4rt transportsystem som tar m\u00e4nniskor till planeten Mars och vidare. F\u00f6redragsh\u00e5llaren som \u00e4r informationsarkitekt, civilingenj\u00f6r och forskare i medicinsk informatik diskuterar hur angreppss\u00e4tt fr\u00e5n Mars-projektet kan till\u00e4mpas p\u00e5 eH\u00e4lsa\/v\u00e5rd-IT. Mars-planen bygger p\u00e5 ett system-t\u00e4nkande med solida motivationsm\u00e4ssiga, ingenj\u00f6rsm\u00e4ssiga och ekonomiska resonemang. \u00c5teranv\u00e4ndbara komponenter och optimering kraftigt minskar resurs\u00e5tg\u00e5ngen f\u00f6r rymdfart till en niv\u00e5 d\u00e4r projektet blir realistiskt. Arbetet med test av de sv\u00e5raste momenten prioriteras f\u00f6r att minska framtida os\u00e4kerheter och risker. Arbetet med eH\u00e4lsa\/v\u00e5rd-IT i Sverige har ofta liknat traditionell dyr rymdfart d\u00e4r mycket arbete m\u00e5ste g\u00f6ras p\u00e5 nytt inf\u00f6r varje nytt projekt eller st\u00f6rre uppdatering. Till\u00e4mpad medicinsk informatik-forskning har l\u00e4nge betonat vikten av ett djupt kliniskt engagemang och systemt\u00e4nkande kring \u201csemantisk interoperabilitet\u201d och \u00e5teranv\u00e4ndning som kan minimera tid och resurser som kr\u00e4vs f\u00f6r att f\u00e5 IT-st\u00f6den att f\u00f6lja med i takt med (och i b\u00e4sta fall p\u00e5skynda) utvecklingen inom medicin, v\u00e5rd och omsorg. F\u00f6r att minska risken f\u00f6r \u00e5terv\u00e4ndsgr\u00e4nder inom eH\u00e4lsa b\u00f6r vi ta till oss forskningen, f\u00f6rdjupa oss och v\u00e5ga prioritera de sv\u00e5raste momenten. Vi beh\u00f6ver samarbeta nationellt och internationellt kring t.ex. standardisering, begrepps- \/terminologi-system, dokumentationsmodeller, beslutsst\u00f6d och artificiell intelligens.&lt;br&gt;&lt;\/p&gt; \n                &lt;br&gt;&lt;br&gt;\"\n            data-category=\"MTF - Svensk f\u00f6rening f\u00f6r Medicinsk Teknik och Fysik\"\n            data-category-ids=\"1009\"\n            data-span-all=\"\"\n                      >\n\n            <div class=\"event_content\">\n              <div class=\"title\">\n                                <span>MTF - M\u00e4nniska - system - interaktion II<\/span>\n              <\/div>\n              <div class=\"span_room\"><span><\/span><\/div>\n              <div class=\"time\">\n                <span>\n                  16:00-18:00                <\/span><\/div>\n\n              <div class=\"lecturer\"><span>Martin St\u00e5l; Erik Sundvall<\/span><\/div>\n            <\/div>\n\n\n                                <div style=\"background-color:#CCCC66; position: absolute !important ; height: 4px !important; left: 4px; right: 4px; bottom : 2px !important;  border\"><\/div>\n            \n          <\/div>\n\n      \n          <div class=\"event \"\n            data-id=\"1110\"\n            data-project=\"project_276_2017_03_27\"\n            data-title=\"SFGAR - Radiologi i SVF kolorektal- och analcancer\"\n            data-abs-nbr=\"\"\n            data-ystart=\"8.5\"\n            data-yend=\"10\"\n            data-time=\"08:30-10:00\"\n            data-room=\"3\"\n            data-room-id=\"1003\"\n            data-room-name=\"Musikalen\"\n            data-day=\"2\"\n            data-abs-path=\"\"\n            data-speaker=\"Peter Leander; Carin Cronberg\"\n            data-speakercell=\"Peter Leander; Carin Cronberg\"\n            data-info=\"&lt;b&gt;Moderatorer: &lt;\/b&gt;Peter K\u00e4lebo&lt;br&gt;&lt;br&gt;\n                 &lt;p&gt;Kolorektal cancer Peter Leander Sk\u00e5nes Universitetssjukv\u00e5rd, SUS &lt;br&gt;Analcancer Carin Cronberg Sk\u00e5nes Universitetssjukv\u00e5rd, SUS&lt;br&gt;&lt;br&gt;Abstract kolorektal cancer &lt;br&gt;En kort beskrivning kommer att ges av det Svenska Kolorektalcancerregistret (SCRCR)med dess olika moduler och inneh\u00e5ll. H\u00e4r kommer ocks\u00e5 att presenteras argument f\u00f6r varf\u00f6r radiologer skall bidra med data till kvalitetsregister som prim\u00e4rt anv\u00e4nds av v\u00e5ra kliniska kollegor och i samband med detta p\u00e5 vilket s\u00e4tt vi kan dra nytta av data fr\u00e5n dessa register. Efter samarbete med SFGAR har en radiologisk modul tillskapats i SCRCR och nu b\u00f6rjar vi i samband med multidisciplin\u00e4ra konferenser att mata in registerdata f\u00f6r nya fall av kolorektal cancer. S\u00e4tt att strukturera utl\u00e5tanden f\u00f6r att f\u00f6renkla inmatning i registret och hur detta kan hanteras i den kliniska vardagen kommer att redovisas tillsammans med tidiga erfarenheter som finns fr\u00e5n Sk\u00e5ne och Stockholm. &lt;br&gt;&lt;br&gt;Abstract analcancer &lt;br&gt;1. Utarbetande av v\u00e5rdprogram och SVF, s\u00e5 h\u00e4r gjorde vi n\u00e4r vi skrev vp\/svf analcancer. &lt;br&gt;2. En beskrivning av hur vi vid SUS arbetar med SVF \u00f6ver huvud taget och med SVF analcancer i synnerhet; fr\u00e5n etablerande av rutiner med hj\u00e4lp av v\u00e5ra f\u00f6r detta m\u00e5l s\u00e4rskilt engagerade sjuksk\u00f6terskor, kontakter med koordinatorer, utarbetande av rutiner och krav f\u00f6r SVF tillsammans med v\u00e5ra remittenter, avsatta tider f\u00f6r unders\u00f6kningar, unders\u00f6kningsutl\u00e5tanden och MDK. Vi lyckas bra med att h\u00e5lla ledtider!&lt;br&gt;&lt;\/p&gt;\n                &lt;br&gt;&lt;br&gt;\"\n            data-category=\"SFMR - Delf\u00f6reningar\"\n            data-category-ids=\"1006\"\n            data-span-all=\"\"\n                      >\n\n            <div class=\"event_content\">\n              <div class=\"title\">\n                                <span>SFGAR - Radiologi i SVF kolorektal- och analcancer<\/span>\n              <\/div>\n              <div class=\"span_room\"><span><\/span><\/div>\n              <div class=\"time\">\n                <span>\n                  08:30-10:00                <\/span><\/div>\n\n              <div class=\"lecturer\"><span>Peter Leander; Carin Cronberg<\/span><\/div>\n            <\/div>\n\n\n                                <div style=\"background-color:#6699CC; position: absolute !important ; height: 4px !important; left: 4px; right: 4px; bottom : 2px !important;  border\"><\/div>\n            \n          <\/div>\n\n      \n          <div class=\"event \"\n            data-id=\"1111\"\n            data-project=\"project_276_2017_03_27\"\n            data-title=\"Musculoskeletal ultrasound - when, why and how to do it \"\n            data-abs-nbr=\"\"\n            data-ystart=\"8.5\"\n            data-yend=\"9.75\"\n            data-time=\"08:30-09:45\"\n            data-room=\"4\"\n            data-room-id=\"1004\"\n            data-room-name=\"Operan\"\n            data-day=\"2\"\n            data-abs-path=\"\"\n            data-speaker=\"David Wilson; Gina Allen\"\n            data-speakercell=\"David Wilson; Gina Allen\"\n            data-info=\"&lt;b&gt;Moderatorer: &lt;\/b&gt;Bj\u00f6rn Lundin; Sara Sehlstedt&lt;br&gt;&lt;br&gt; \n                 &lt;p&gt;Musculoskeletal ultrasound - when, why and how to do it &lt;br&gt;&lt;br&gt;F\u00f6rel\u00e4sare: David Wilson Consultant Musculoskeletal Radiologist, St Lukes Radiology Oxford and Oxford University. Recent President of the British Institute of Radiology. Gina Allen Consultant Musculoskeletal Radiologist and Sports Physician, St Lukes Radiology Oxford and Oxford University. Director of Radiology Inhealth UK. &lt;br&gt;&lt;br&gt;Summary: &quot; The use of ultrasound in muskoloskeletal radiology is increasing. This is not surprising as it\u00b4s a relatively inexpensive, fast, harmless and ready available method. But the examinationstechnique can be challenging, at least for beginners. Fortunately we can present two well known speakers: Dr David Wilson and Dr Gina Allen from Oxford, England. They will share their considerable experience in practising and teaching in musculoskeletal ultrasound, and also compare the use of ultrasound to other imaging techniques. The lectures will include live demonstration of different ultrasound examinations on live models\/patients. &lt;br&gt;&lt;br&gt;Time (8.30-10.00): Lower extremity: Hip, knee, ankle.&amp;nbsp;&lt;\/p&gt;&lt;p&gt;&lt;br&gt;&lt;\/p&gt; \n                &lt;br&gt;&lt;br&gt;\"\n            data-category=\"SFMR - Delf\u00f6reningar\"\n            data-category-ids=\"1006\"\n            data-span-all=\"\"\n                      >\n\n            <div class=\"event_content\">\n              <div class=\"title\">\n                                <span>Musculoskeletal ultrasound - when, why and how to do it <\/span>\n              <\/div>\n              <div class=\"span_room\"><span><\/span><\/div>\n              <div class=\"time\">\n                <span>\n                  08:30-09:45                <\/span><\/div>\n\n              <div class=\"lecturer\"><span>David Wilson; Gina Allen<\/span><\/div>\n            <\/div>\n\n\n                                <div style=\"background-color:#6699CC; position: absolute !important ; height: 4px !important; left: 4px; right: 4px; bottom : 2px !important;  border\"><\/div>\n            \n          <\/div>\n\n      \n          <div class=\"event \"\n            data-id=\"1115\"\n            data-project=\"project_276_2017_03_27\"\n            data-title=\"SFMR - Kvalitetsdag: &quot;Integration - v\u00e4gen till framg\u00e5ng&quot;\"\n            data-abs-nbr=\"\"\n            data-ystart=\"8.5\"\n            data-yend=\"10\"\n            data-time=\"08:30-10:00\"\n            data-room=\"6\"\n            data-room-id=\"1007\"\n            data-room-name=\"Studion\"\n            data-day=\"2\"\n            data-abs-path=\"\"\n            data-speaker=\"Pelle Gustafsson; Hampus Ekl\u00f6f\"\n            data-speakercell=\"Pelle Gustafsson; Hampus Ekl\u00f6f\"\n            data-info=\"&lt;b&gt;Moderatorer: &lt;\/b&gt;John Brandberg&lt;br&gt;&lt;br&gt; \n                 &lt;p&gt;&lt;\/p&gt; \n                 &lt;table&gt; \n                  &lt;tbody&gt; \n                   &lt;tr&gt; \n                    &lt;td&gt;&lt;p&gt;&lt;span style=&quot;font-weight: bold;&quot;&gt;&quot;Integration - v\u00e4gen till framg\u00e5ng&quot;&lt;\/span&gt;&lt;\/p&gt;&lt;p&gt;&lt;em&gt;Moderator: John Brandberg&lt;\/em&gt;&lt;\/p&gt;&lt;p&gt;8.30 - 9.15 S\u00e4ker traumav\u00e5rd, initiala erfarenheter fr\u00e5n bes\u00f6k i \u00f6ver halva Sverige.&lt;br&gt;&lt;em&gt;Pelle Gustafson&lt;\/em&gt;&lt;\/p&gt;&lt;p&gt;9.15 - 9.45 Helkroppsdatortomografi vid trauma, f\u00f6rslag p\u00e5 rutin.&lt;br&gt;&lt;em&gt;Hampus Ekl\u00f6f&lt;\/em&gt;&lt;\/p&gt;&lt;p&gt;9.45 - 10.00 Diskussion&lt;\/p&gt;&lt;\/td&gt; \n                   &lt;\/tr&gt; \n                  &lt;\/tbody&gt; \n                 &lt;\/table&gt; \n                &lt;br&gt;&lt;br&gt;\"\n            data-category=\"SFMR - Svensk F\u00f6rening f\u00f6r Medicinsk Radiologi\"\n            data-category-ids=\"1004\"\n            data-span-all=\"\"\n                      >\n\n            <div class=\"event_content\">\n              <div class=\"title\">\n                                <span>SFMR - Kvalitetsdag: \"Integration - v\u00e4gen till framg\u00e5ng\"<\/span>\n              <\/div>\n              <div class=\"span_room\"><span><\/span><\/div>\n              <div class=\"time\">\n                <span>\n                  08:30-10:00                <\/span><\/div>\n\n              <div class=\"lecturer\"><span>Pelle Gustafsson; Hampus Ekl\u00f6f<\/span><\/div>\n            <\/div>\n\n\n                                <div style=\"background-color:#0099FF; position: absolute !important ; height: 4px !important; left: 4px; right: 4px; bottom : 2px !important;  border\"><\/div>\n            \n          <\/div>\n\n      \n          <div class=\"event \"\n            data-id=\"1122\"\n            data-project=\"project_276_2017_03_27\"\n            data-title=\"Ultraljudsf\u00f6reningen, Hands-on workshop\"\n            data-abs-nbr=\"\"\n            data-ystart=\"8.5\"\n            data-yend=\"10\"\n            data-time=\"08:30-10:00\"\n            data-room=\"13\"\n            data-room-id=\"1014\"\n            data-room-name=\"Loge 4\"\n            data-day=\"2\"\n            data-abs-path=\"\"\n            data-speaker=\"\"\n            data-speakercell=\"\"\n            data-info=\"&lt;p&gt;Workshops, handson och demonstrationer av ultraljud&lt;\/p&gt;&lt;p&gt;&lt;i&gt;Okej, vi erk\u00e4nner \u2013 vi \u00e4r ett g\u00e4ng ultraljudsn\u00f6rdar som \u00e5terstartat SFMU. P\u00e5 R\u00f6ntgenveckan hittar vi ocks\u00e5 de allra senaste ultraljudsmaskinerna, det \u00e4r rena julaftonen!&lt;br&gt;&lt;\/i&gt;&lt;i&gt;F\u00f6r att sprida v\u00e5r entusiasm \u00f6ver ultraljud har vi sessioner i Loge 4+6 p\u00e5 R\u00f6ntgenveckan, d\u00e4r vi kan tr\u00e4na ultraljud p\u00e5 riktigt. H\u00e4ng p\u00e5 n\u00e4r vi visar upp v\u00e5ra favoritunders\u00f6kningar!&lt;br&gt;&lt;\/i&gt;&lt;i&gt;OBS- ingen bokning, f\u00f6rst till kvarn g\u00e4ller ... V\u00e4lkomna!&lt;\/i&gt;&lt;\/p&gt;&lt;p&gt;&lt;i&gt;Bli medlem? &amp;nbsp;Maila: sfmu.sfmu@gmail.com&lt;br&gt;&lt;\/i&gt;&lt;\/p&gt;&lt;p&gt;&lt;b&gt;Tisdag 12 sept:&lt;\/b&gt;&lt;\/p&gt;&lt;p&gt;&lt;b&gt;Kl 12.45-13.30: Muskuloskeletalt ultraljud, ffa axlar.&amp;nbsp;&amp;nbsp;&lt;\/b&gt;Dr Laszlo Toth, Hudiksvalls Sjukhus&lt;\/p&gt;&lt;p&gt;&lt;\/p&gt;&lt;p&gt;&lt;b&gt;Kl 13.30-16.45 Biopsitr\u00e4ning p\u00e5 preparat\u2013 enbart f\u00f6r deltagare p\u00e5 ST-kurs i ultraljudsv\u00e4gledda punktioner.&lt;br&gt;&lt;br&gt;&lt;\/b&gt;&lt;\/p&gt;&lt;p&gt;&lt;b&gt;Onsdag 13 sept:&lt;\/b&gt;&lt;\/p&gt;&lt;p&gt;&lt;b&gt;Kl 8.30-9.45: \u201dAkut ultraljud \u2013 EFAST, POCUS, och annat man g\u00f6r p\u00e5 akutrummet\u2026\u201d&amp;nbsp;&lt;\/b&gt;Dr Jesper Danielsson, St G\u00f6rans Sjukhus&lt;\/p&gt;&lt;p&gt;&lt;b&gt;Kl 8.30-9.45: \u201dLeverelastografi, demo och hands-on&lt;\/b&gt;\u201d. Sonograf Marie Byenfeldt, \u00d6stersunds Sjukhus.&lt;\/p&gt;&lt;p&gt;&lt;b&gt;Kl 10.00-11.00: \u00c5rsm\u00f6te SFMU&lt;\/b&gt;&lt;\/p&gt;&lt;p&gt;&lt;b&gt;Kl 11.00-12.15 : \u201dFria fl\u00f6den? Doppler av perifera och centrala blodk\u00e4rl\u201d.&amp;nbsp;&lt;\/b&gt;&amp;nbsp;Dr Kristina Dahlstr\u00f6m, Faluns Sjukhus&lt;b&gt;&lt;\/b&gt;&lt;\/p&gt;&lt;p&gt;&lt;b&gt;Kl 11.00-12.15: : \u201dMuskuloskeletalt ultraljud, ffa axlar\u201d.&amp;nbsp;&lt;\/b&gt;Dr Laszlo Toth, Hudiksvalls Sjukhus&lt;b&gt;&lt;\/b&gt;&lt;\/p&gt;&lt;p&gt;&lt;b&gt;13.30-14.45: \u201dBiopsitr\u00e4ning \u2013 ultraljudsv\u00e4gledda punktioner, demonstration och praktisk \u00f6vning p\u00e5 preparat\u201d.&lt;\/b&gt;&amp;nbsp;Dr Stefan H\u00f6rnlund, Sundsvalls sjukhus&lt;\/p&gt;&lt;p&gt;&lt;b&gt;13.30-14.45 \u201dSonograf? Prova-p\u00e5-ultraljud f\u00f6r nyfikna r\u00f6ntgensjuksk\u00f6terskor\u201d.&lt;\/b&gt;&amp;nbsp;Sonograf Karin Asplund, Astrid Lindgrens Barnsjukhus&lt;\/p&gt;&lt;p&gt;&lt;b&gt;Kl 15.45-16.45: \u201dFusion av MR-buk och ultraljud, demonstration live och praktisk&amp;nbsp;&lt;\/b&gt;\u00f6vning\u201d.&amp;nbsp;&amp;nbsp; Dr Sara Sehlstedt, \u00d6stersunds Sjukhus&lt;\/p&gt;&lt;p&gt;&lt;b&gt;Kl 15.45-16.45&lt;\/b&gt;:&amp;nbsp;&lt;b&gt;\u201dSonograf? Prova-p\u00e5-ultraljud f\u00f6r nyfikna r\u00f6ntgensjuksk\u00f6terskor\u201d.&amp;nbsp;&lt;\/b&gt;Sonograf Maria Zetterman, Astrid Lindgrens Barnsjukhus&lt;br&gt;&lt;br&gt;Torsdag 14 sept.&lt;\/p&gt;&lt;p&gt;&lt;b&gt;Kl 9.50-10.45: &amp;nbsp;\u201dUltraljudsv\u00e4gledda biopsier, demo och praktisk \u00f6vning p\u00e5 preparat\u201d.&amp;nbsp;&amp;nbsp;&lt;\/b&gt;Dr Stefan H\u00f6rnlund, Sundsvalls Sjukhus.&lt;\/p&gt;&lt;p&gt;&lt;b&gt;Kl 13.30-15.00: \u201dMuskuloskeletalt ultraljud,&amp;nbsp; fr\u00e4mst \u00f6vre extremitet\u201d.&lt;\/b&gt;&amp;nbsp;Dr David Wilson och Dr Gina Allen, Oxford samt Dr Magnus Hjelm, G\u00e4vle Sjukhus och Dr Johan Krause, Uppsala Akademiska Sjukhus.&lt;\/p&gt;&lt;p&gt;&lt;b&gt;Kl 15.45-16.45:&lt;\/b&gt;&amp;nbsp;&lt;b&gt;\u201dMuskuloskeletalt ultraljud,&amp;nbsp; fr\u00e4mst nedre extremitet\u201d.&lt;\/b&gt;&amp;nbsp;Dr David Wilson och Dr Gina Allen, Oxford samt Dr Magnus Hjelm, G\u00e4vle Sjukhus och Dr Johan Krause, Uppsala Akademiska Sjukhus&lt;b&gt;&lt;\/b&gt;&lt;\/p&gt;&lt;p&gt;&lt;i&gt;&lt;br&gt;&lt;\/i&gt;&lt;\/p&gt;&lt;br&gt;&lt;br&gt;\"\n            data-category=\"Ultraljudsf\u00f6reningens hands-on\"\n            data-category-ids=\"1015\"\n            data-span-all=\"\"\n                      >\n\n            <div class=\"event_content\">\n              <div class=\"title\">\n                                <span>Ultraljudsf\u00f6reningen, Hands-on workshop<\/span>\n              <\/div>\n              <div class=\"span_room\"><span><\/span><\/div>\n              <div class=\"time\">\n                <span>\n                  08:30-10:00                <\/span><\/div>\n\n              \n            <\/div>\n\n\n                                <div style=\"background-color:#FFCCFF; position: absolute !important ; height: 4px !important; left: 4px; right: 4px; bottom : 2px !important;  border\"><\/div>\n            \n          <\/div>\n\n      \n          <div class=\"event \"\n            data-id=\"1121\"\n            data-project=\"project_276_2017_03_27\"\n            data-title=\"SPUR-tr\u00e4ff\"\n            data-abs-nbr=\"\"\n            data-ystart=\"8.5\"\n            data-yend=\"10\"\n            data-time=\"08:30-10:00\"\n            data-room=\"12\"\n            data-room-id=\"1013\"\n            data-room-name=\"Pressl\u00e4ktaren\"\n            data-day=\"2\"\n            data-abs-path=\"\"\n            data-speaker=\"\"\n            data-speakercell=\"\"\n            data-info=\"\"\n            data-category=\"SFMR - Svensk F\u00f6rening f\u00f6r Medicinsk Radiologi\"\n            data-category-ids=\"1004\"\n            data-span-all=\"\"\n                      >\n\n            <div class=\"event_content\">\n              <div class=\"title\">\n                                <span>SPUR-tr\u00e4ff<\/span>\n              <\/div>\n              <div class=\"span_room\"><span><\/span><\/div>\n              <div class=\"time\">\n                <span>\n                  08:30-10:00                <\/span><\/div>\n\n              \n            <\/div>\n\n\n                                <div style=\"background-color:#0099FF; position: absolute !important ; height: 4px !important; left: 4px; right: 4px; bottom : 2px !important;  border\"><\/div>\n            \n          <\/div>\n\n      \n          <div class=\"event \"\n            data-id=\"1113\"\n            data-project=\"project_276_2017_03_27\"\n            data-title=\"SFR - Utmaningar och m\u00f6jligheter vid barnunders\u00f6kningar\"\n            data-abs-nbr=\"\"\n            data-ystart=\"8.5\"\n            data-yend=\"10\"\n            data-time=\"08:30-10:00\"\n            data-room=\"5\"\n            data-room-id=\"1006\"\n            data-room-name=\"Spegelsalen\"\n            data-day=\"2\"\n            data-abs-path=\"\"\n            data-speaker=\"Ingalill  Gimbler-Berglund; Christin Ekestubbe; Ilhan Omar; Lena Gordon\"\n            data-speakercell=\"Ingalill  Gimbler-Berglund; Christin Ekestubbe; Ilhan Omar; Lena Gordon\"\n            data-info=\"&lt;b&gt;Moderatorer: &lt;\/b&gt;Berit Bj\u00f6rkman&lt;br&gt;&lt;br&gt;&lt;p&gt;&lt;span style=&quot;font-weight: bold;&quot;&gt;&quot;\u00c4r vi rustade f\u00f6r att m\u00f6ta barn med speciella behov?&quot;&amp;nbsp;&lt;\/span&gt;&lt;br&gt;F\u00f6rel\u00e4sare: Ingalill Gimbler-Berglund&lt;br&gt;&lt;br&gt;&lt;span style=&quot;text-decoration-line: underline;&quot;&gt;Bakgrund:&lt;\/span&gt; Att genomg\u00e5 unders\u00f6kningar i en h\u00f6gteknologisk v\u00e5rdmilj\u00f6 som till exempel anestesi eller\nr\u00f6ntgen, kan medf\u00f6ra oro f\u00f6r barn och s\u00e4rskild om barnet befinner sig inom autismspektrumet. Detta kan\nvara en utmaning f\u00f6r v\u00e5rdpersonalen, d\u00e4r riktlinjer kan vara en hj\u00e4lp f\u00f6r en personcentrerad\nunders\u00f6kningssituation.\n&lt;br&gt;&lt;span style=&quot;text-decoration-line: underline;&quot;&gt;Syfte:&lt;\/span&gt; Att arbeta personcentrerad i m\u00f6tet med barn i h\u00f6gteknologisk milj\u00f6 med fokus p\u00e5 barn med\nautismspektrumtillst\u00e5nd,\nMaterial och metoder Tv\u00e5 nationella unders\u00f6kningar gjordes f\u00f6r att f\u00e5 kunskap om f\u00f6rh\u00e5llanden i\nSveriges vad g\u00e4ller riktlinjer och rutiner f\u00f6r omh\u00e4ndertagande av barn med Autismspektrum tillst\u00e5nd i\nh\u00f6gteknologiska milj\u00f6er d\u00e4r 86 radiologiska avdelningar, 68 anestesiavdelningar och 38 pediatriska\navdelningar besvarade enk\u00e4ten. Beskrivande statistik och kvalitativ inneh\u00e5llsanalys anv\u00e4ndes f\u00f6r att\nanalysera svaren. P\u00e5 grund av den begr\u00e4nsade f\u00f6rekomsten av riktlinjer utarbetades riktlinjer med hj\u00e4lp\nav en Delphi-studie med 21 experter\n&lt;br&gt;&lt;span style=&quot;text-decoration-line: underline;&quot;&gt;Resultat&lt;\/span&gt;: Sju avdelningar i anestesi sammanhang hade riktlinjer f\u00f6r omh\u00e4ndertagande av barn med AST\np\u00e5 \u00f6vriga avdelningar var v\u00e5rden av barn med AST beroende av kunskapen om AST hos sjuksk\u00f6terskan\nsom f\u00f6r n\u00e4rvarande arbetar d\u00e4r. Ingen av r\u00f6ntgenavdelningarna i Sverige hade riktlinjer f\u00f6r hur man tar\nhand om barn med AST i samband med en unders\u00f6kning. Som ett resultat av dessa kartl\u00e4ggningar,\nidentifierades behovet av strukturerade riktlinjer f\u00f6r v\u00e5rd av barn med AST i en h\u00f6gteknologisk milj\u00f6 och\nriktlinjer samt en checklista skapades. Riktlinjerna avser organisationsstrukturen f\u00f6r v\u00e5rd av barn med\nsv\u00e5righeter g\u00e4llande social interaktion, kommunikation, sensorisk k\u00e4nslighet och som dessutom \u00e4r\nberoende av rutiner. Checklistan avser att samla information om det specifika barnet f\u00f6r att kunna ge\nperson-centrerad v\u00e5rd baserat p\u00e5 barnets specifika behov.\n&lt;br&gt;&lt;span style=&quot;text-decoration-line: underline;&quot;&gt;Konklusion:&lt;\/span&gt; Det finns ett begr\u00e4nsat antal riktlinjer f\u00f6r att minska oro hos barn med\nautismspektrumtillst\u00e5nd i en h\u00f6gteknologisk v\u00e5rdmilj\u00f6. Riktlinjer skapades som ett verktyg f\u00f6r att arbeta\npersoncentrerad i m\u00f6tet med barn i denna milj\u00f6. Det faktum att flera problem samexisterar under\nbegreppet autismspektrumtillst\u00e5nd g\u00f6r detta till ett anv\u00e4ndbart tillst\u00e5nd att ha som underlag f\u00f6r att skapa\nnationella riktlinjer. Riktlinjer som tillgodoser v\u00e5rd av barn med AST i en h\u00f6gteknologisk milj\u00f6 skulle\nocks\u00e5 kunna omfatta v\u00e5rd av barn med andra utvecklingsrelaterade funktionsneds\u00e4ttningar som uppvisar\nn\u00e5gra av de problem som barn med AST har.&lt;br&gt;&lt;\/p&gt;&lt;br&gt;&lt;br&gt;\"\n            data-category=\"SFR - Svensk F\u00f6rening f\u00f6r R\u00f6ntgensjuksk\u00f6terskor\"\n            data-category-ids=\"1007\"\n            data-span-all=\"\"\n                      >\n\n            <div class=\"event_content\">\n              <div class=\"title\">\n                                <span>SFR - Utmaningar och m\u00f6jligheter vid barnunders\u00f6kningar<\/span>\n              <\/div>\n              <div class=\"span_room\"><span><\/span><\/div>\n              <div class=\"time\">\n                <span>\n                  08:30-10:00                <\/span><\/div>\n\n              <div class=\"lecturer\"><span>Ingalill  Gimbler-Berglund; Christin Ekestubbe; Ilhan Omar; Lena Gordon<\/span><\/div>\n            <\/div>\n\n\n                                <div style=\"background-color:#33CC66; position: absolute !important ; height: 4px !important; left: 4px; right: 4px; bottom : 2px !important;  border\"><\/div>\n            \n          <\/div>\n\n      \n          <div class=\"event \"\n            data-id=\"1123\"\n            data-project=\"project_276_2017_03_27\"\n            data-title=\"Ultraljudsf\u00f6reningen, Hands-on workshop\"\n            data-abs-nbr=\"\"\n            data-ystart=\"8.5\"\n            data-yend=\"10\"\n            data-time=\"08:30-10:00\"\n            data-room=\"14\"\n            data-room-id=\"1015\"\n            data-room-name=\"Loge 6\"\n            data-day=\"2\"\n            data-abs-path=\"\"\n            data-speaker=\"\"\n            data-speakercell=\"\"\n            data-info=\"&lt;p&gt;&lt;i&gt;Okej, vi erk\u00e4nner \u2013 vi \u00e4r ett g\u00e4ng ultraljudsn\u00f6rdar som \u00e5terstartat SFMU. P\u00e5 R\u00f6ntgenveckan hittar vi ocks\u00e5 de allra senaste ultraljudsmaskinerna, det \u00e4r rena julaftonen!&amp;nbsp;&lt;\/i&gt;&lt;i&gt;F\u00f6r att sprida v\u00e5r entusiasm \u00f6ver ultraljud har vi sessioner i Loge 4+6 p\u00e5 R\u00f6ntgenveckan, d\u00e4r vi kan tr\u00e4na ultraljud p\u00e5 riktigt. H\u00e4ng p\u00e5 n\u00e4r vi visar upp v\u00e5ra favoritunders\u00f6kningar!&lt;\/i&gt;&lt;\/p&gt;&lt;p&gt;&lt;i&gt;OBS- ingen bokning, f\u00f6rst till kvarn g\u00e4ller ... V\u00e4lkomna!&lt;br&gt;&lt;br&gt;&lt;\/i&gt;&lt;\/p&gt;&lt;p&gt;&lt;b&gt;Kl 9.50-10.45: &amp;nbsp;\u201dUltraljudsv\u00e4gledda biopsier, demo och praktisk \u00f6vning p\u00e5 preparat\u201d.&amp;nbsp;&amp;nbsp;&lt;\/b&gt;Dr Stefan H\u00f6rnlund, Sundsvalls Sjukhus.&lt;\/p&gt;&lt;p&gt;&lt;b&gt;Kl 13.30-15.00: \u201dMuskuloskeletalt ultraljud,&amp;nbsp; fr\u00e4mst \u00f6vre extremitet\u201d.&lt;\/b&gt;&amp;nbsp;Dr David Wilson och Dr Gina Allen, Oxford samt Dr Magnus Hjelm, G\u00e4vle Sjukhus och Dr Johan Krause, Uppsala Akademiska Sjukhus.&lt;\/p&gt;&lt;p&gt;&lt;\/p&gt;&lt;p&gt;&lt;b&gt;Kl 15.45-16.45:&lt;\/b&gt;&amp;nbsp;&lt;b&gt;\u201dMuskuloskeletalt ultraljud,&amp;nbsp; fr\u00e4mst nedre extremitet\u201d.&lt;\/b&gt;&amp;nbsp;Dr David Wilson och Dr Gina Allen, Oxford samt Dr Magnus Hjelm, G\u00e4vle Sjukhus och Dr Johan Krause, Uppsala Akademiska Sjukhus&lt;\/p&gt;&lt;br&gt;&lt;br&gt;\"\n            data-category=\"Ultraljudsf\u00f6reningens hands-on\"\n            data-category-ids=\"1015\"\n            data-span-all=\"\"\n                      >\n\n            <div class=\"event_content\">\n              <div class=\"title\">\n                                <span>Ultraljudsf\u00f6reningen, Hands-on workshop<\/span>\n              <\/div>\n              <div class=\"span_room\"><span><\/span><\/div>\n              <div class=\"time\">\n                <span>\n                  08:30-10:00                <\/span><\/div>\n\n              \n            <\/div>\n\n\n                                <div style=\"background-color:#FFCCFF; position: absolute !important ; height: 4px !important; left: 4px; right: 4px; bottom : 2px !important;  border\"><\/div>\n            \n          <\/div>\n\n      \n          <div class=\"event \"\n            data-id=\"1120\"\n            data-project=\"project_276_2017_03_27\"\n            data-title=\"SFMU\"\n            data-abs-nbr=\"\"\n            data-ystart=\"8.5\"\n            data-yend=\"10\"\n            data-time=\"08:30-10:00\"\n            data-room=\"11\"\n            data-room-id=\"1012\"\n            data-room-name=\"Solot\"\n            data-day=\"2\"\n            data-abs-path=\"\"\n            data-speaker=\"\"\n            data-speakercell=\"\"\n            data-info=\"\"\n            data-category=\"SFMR - Delf\u00f6reningar\"\n            data-category-ids=\"1006\"\n            data-span-all=\"\"\n                      >\n\n            <div class=\"event_content\">\n              <div class=\"title\">\n                                <span>SFMU<\/span>\n              <\/div>\n              <div class=\"span_room\"><span><\/span><\/div>\n              <div class=\"time\">\n                <span>\n                  08:30-10:00                <\/span><\/div>\n\n              \n            <\/div>\n\n\n                                <div style=\"background-color:#6699CC; position: absolute !important ; height: 4px !important; left: 4px; right: 4px; bottom : 2px !important;  border\"><\/div>\n            \n          <\/div>\n\n      \n          <div class=\"event \"\n            data-id=\"1117\"\n            data-project=\"project_276_2017_03_27\"\n            data-title=\"Radiofysik &amp; MTF - Dual Energy DT s\u00e5 funkar det - tekniska aspekter. \"\n            data-abs-nbr=\"\"\n            data-ystart=\"8.5\"\n            data-yend=\"10\"\n            data-time=\"08:30-10:00\"\n            data-room=\"9\"\n            data-room-id=\"1010\"\n            data-room-name=\"Operetten\"\n            data-day=\"2\"\n            data-abs-path=\"\"\n            data-speaker=\"Jon Holm; Hans Bornefalk; Lars Marklund; Dr Ewoud Smit\"\n            data-speakercell=\"Jon Holm; Hans Bornefalk; Lars Marklund; Dr Ewoud Smit\"\n            data-info=\"&lt;b&gt;Moderatorer: &lt;\/b&gt;Jonas Alth\u00e9n Nilsson&lt;br&gt;&lt;br&gt; \n                 &lt;p&gt;&lt;span style=&quot;font-weight: bold;&quot;&gt;Dual Energy DT s\u00e5 funkar det - tekniska aspekter&lt;\/span&gt;&lt;br&gt;&lt;br&gt;Abstract: Tillverkarna av CT-utrustningar har valt olika v\u00e4gar f\u00f6r att \u00e5stadkomma dual energyfunktionalitet p\u00e5 sina system och alla varianter har sina f\u00f6r- och nackdelar. H\u00e4r ges tillverkarna m\u00f6jlighet att presentera sina tekniska l\u00f6sningar och beskriva vad de anser vara de st\u00f6rsta f\u00f6rdelarna med just deras l\u00f6sningar. &lt;br&gt;&lt;br&gt;GE 08.30-08.50 &lt;br&gt;F\u00f6rel\u00e4sare: Jon Holm &lt;br&gt;Titel: Gemstone Spectral Imaging &lt;br&gt;Abstract: Gemstone Spectral Imaging Dual energy CT imaging has been actively researched for decades. The stumbling block for successful clinical introduction has been the acquisition. Clinical needs include full scan field of view, axial and helical acquisitions, freezing patient motion, and minimal patient dose. In addition, there is the technical specification of aligning low and high kVp projections thereby enabling projection-based material decomposition processing. Gemstone Spectral Imaging is based on fast kV switching \u2013 dynamic switching between 2 different energy levels of X-rays. The advancements in system components comprising GE CT scanners make Gemstone Spectral Imaging possible. Both high and low energy data sets are acquired simultaneously for axial and helical acquisitions at the full 50 cm field of view. This is enabled by a generator that is capable of reliably switching between 80 and 140 kVp targets in less than 0.5 ms. In addition, the Gemstone detector, with the fastest primary speed on the market, ensures there is no spectral contamination between views, and finally in-plane resolution and proper sampling density is achieved through the greater than 2.5 times increase in detector readout speed. In order to combat the traditional flux issues that have challenged fast kV switching, low kVp and high kVp acquisitions are flux balanced by several key technical advancements: &lt;br&gt;\u2022 Efficient data acquisition system, &lt;br&gt;\u2022 Fast scintillator (fast primary speed and low afterglow), &lt;br&gt;\u2022 Advanced reconstruction techniques &lt;br&gt;&lt;br&gt;Philips 08.50-09.10 &lt;br&gt;F\u00f6rel\u00e4sare: Hans Bornefalk, docent i medicinsk bildfysik &lt;br&gt;Titel: Kvantitativ CT utan systematiska fel genom materialbasuppdelning i projektionsdom\u00e4nen av m\u00e4tdata fr\u00e5n en detektorimplementerade spektral detektor &lt;br&gt;Abstract: Ett av de st\u00f6rsta hindren f\u00f6r kvantitativ datortomografi \u00e4r beamhardening. Medelst postprocessning (vattenkorrektion) f\u00f6rs\u00f6ker man minska effekten men eftersom den tekniken bygger p\u00e5 kalibreringsdata fr\u00e5n vattenliknande material kommer den aldrig att helt kunna eliminera beamhardening fr\u00e5n ok\u00e4nd anatomi. Problemet \u00e4r helt enkelt att avvikelsen i den linj\u00e4ra atteueringskoefficientens energiberoende mellan det ok\u00e4nda materialet och vatten \u00e4r f\u00f6r stort (framf\u00f6rallt g\u00e4ller detta ben och jod). I detta f\u00f6redrag g\u00e5r vi igenom en matematisk beskrivning av beamhardening samt visar hur den kan elimineras genom inf\u00f6randet av \u00e1 priori-information om den linj\u00e4ra attenueringskoefficientens energiberoende f\u00f6r kroppsegna material om och endast om man har tv\u00e5 eller fler simultana energiuppl\u00f6sta m\u00e4tpunkter f\u00f6r varje projektion i sinogrammet. Vi visar \u00e4ven hur denna information kan anv\u00e4ndas f\u00f6r att generera syntetiska monoenergetiska bilder, kvantifiera effektiva atomnummer och best\u00e4mma jodkoncentrationer utan systematiska fel (bias). &lt;br&gt;&lt;br&gt;Siemens 09.10-09.30 &lt;br&gt;F\u00f6rel\u00e4sare: Lars Marklund, Produktchef CT &lt;br&gt;Titel: 3 olika metoder f\u00f6r dual energy unders\u00f6kningar &lt;br&gt;Abstract: Siemens erbjuder tre tekniska l\u00f6sningar f\u00f6r att utf\u00f6ra ct unders\u00f6kningar med tv\u00e5 energiniv\u00e5er. Dual Source Dual Energy, Twin Beam Dual Energy och Dual Spiral Dual Energy. H\u00e4r beskrivs den tekniska bakgrunden till respektive l\u00f6sning och hur skillnaderna dem emellan p\u00e5verkar kliniskt relevanta parametrar som: &lt;br&gt;1. Temporal samst\u00e4mmighet. &lt;br&gt;2. Energiseparation &lt;br&gt;3. Str\u00e5ldos &lt;br&gt;4. Scanhastighet och tidsuppl\u00f6sning &lt;br&gt;5. Arbetsfl\u00f6de &lt;br&gt;&lt;br&gt;Toshiba 09.30-09.50 &lt;br&gt;F\u00f6rel\u00e4sare: Dr Ewoud Smit (Department of Radiology and Nuclear Medicine, Radboud university medical center, Nijmegen.) &lt;br&gt;Titel: Dual Energy and Subtraction technology &lt;br&gt;Abstract: Iodine maps can be obtained using dual energy and subtraction imaging. We will discuss the differences between these techniques in terms of dose efficiency, image registration and artefacts, and discuss clinical applications of subtraction imaging&lt;br&gt;&lt;\/p&gt; \n                &lt;br&gt;&lt;br&gt;\"\n            data-category=\"MTF - Svensk f\u00f6rening f\u00f6r Medicinsk Teknik och Fysik,SFfR - Svensk F\u00f6rening f\u00f6r  Radiofysik\"\n            data-category-ids=\"1009,1008\"\n            data-span-all=\"\"\n                      >\n\n            <div class=\"event_content\">\n              <div class=\"title\">\n                                <span>Radiofysik & MTF - Dual Energy DT s\u00e5 funkar det - tekniska aspekter. <\/span>\n              <\/div>\n              <div class=\"span_room\"><span><\/span><\/div>\n              <div class=\"time\">\n                <span>\n                  08:30-10:00                <\/span><\/div>\n\n              <div class=\"lecturer\"><span>Jon Holm; Hans Bornefalk; Lars Marklund; Dr Ewoud Smit<\/span><\/div>\n            <\/div>\n\n\n                                <div style=\"background-color:#CCCC66; position: absolute !important ; height: 4px !important; left: 4px; right: 4px; bottom : 2px !important;  border\"><\/div>\n            \n          <\/div>\n\n      \n          <div class=\"event \"\n            data-id=\"1119\"\n            data-project=\"project_276_2017_03_27\"\n            data-title=\"Odont Panoramainst\u00e4llning vid bildtagning, hur kan jag f\u00f6rb\u00e4ttra?\"\n            data-abs-nbr=\"\"\n            data-ystart=\"8.5\"\n            data-yend=\"10\"\n            data-time=\"08:30-10:00\"\n            data-room=\"10\"\n            data-room-id=\"1011\"\n            data-room-name=\"Duetten\"\n            data-day=\"2\"\n            data-abs-path=\"\"\n            data-speaker=\"Christina Stervik\"\n            data-speakercell=\"Christina Stervik\"\n            data-info=\"\"\n            data-category=\"SFMR - Delf\u00f6reningar\"\n            data-category-ids=\"1006\"\n            data-span-all=\"\"\n                      >\n\n            <div class=\"event_content\">\n              <div class=\"title\">\n                                <span>Odont Panoramainst\u00e4llning vid bildtagning, hur kan jag f\u00f6rb\u00e4ttra?<\/span>\n              <\/div>\n              <div class=\"span_room\"><span><\/span><\/div>\n              <div class=\"time\">\n                <span>\n                  08:30-10:00                <\/span><\/div>\n\n              <div class=\"lecturer\"><span>Christina Stervik<\/span><\/div>\n            <\/div>\n\n\n                                <div style=\"background-color:#6699CC; position: absolute !important ; height: 4px !important; left: 4px; right: 4px; bottom : 2px !important;  border\"><\/div>\n            \n          <\/div>\n\n      \n          <div class=\"event \"\n            data-id=\"1118\"\n            data-project=\"project_276_2017_03_27\"\n            data-title=\"SFR - Interprofessionell samverkan i r\u00f6ntgen kontext \"\n            data-abs-nbr=\"\"\n            data-ystart=\"8.5\"\n            data-yend=\"10\"\n            data-time=\"08:30-10:00\"\n            data-room=\"2\"\n            data-room-id=\"1005\"\n            data-room-name=\"Backstage\"\n            data-day=\"2\"\n            data-abs-path=\"\"\n            data-speaker=\"Ann-Chatrin  Kariis; Anne K\u00f6hnke; Daniel Molina; Annica Sandberg; Johanna Rouvinen\"\n            data-speakercell=\"Ann-Chatrin  Kariis; Anne K\u00f6hnke; Daniel Molina; Annica Sandberg; Johanna Rouvinen\"\n            data-info=\"&lt;b&gt;Moderatorer: &lt;\/b&gt;Anneli Tengvall&lt;br&gt;&lt;br&gt; \n                 &lt;p&gt;&lt;span style=&quot;font-weight: bold;&quot;&gt;Titel: Samarbetet omkring en PET\/CT unders\u00f6kning &lt;\/span&gt;&lt;br&gt;F\u00f6rel\u00e4sare: Ann-Chatrin Kariis &amp;amp; Anne K\u00f6hnke, US, Link\u00f6ping&lt;br&gt;&lt;br&gt;R\u00f6ntgensjuksk\u00f6terskor och BMA arbetar tillsammans p\u00e5 PET\/CTenheten p\u00e5 r\u00f6ntgenkliniken i Link\u00f6ping. Samarbetet har p\u00e5g\u00e5tt och utvecklats under de 10 \u00e5r som PET\/CTverksamheten har funnits i Link\u00f6ping. Vi vill beskriva samarbetet mellan nuklearmedicin och r\u00f6ntgenavdelningen vid en PET\/CTunders\u00f6kning. En enk\u00e4tunders\u00f6kning har gjorts bland medarbetarna som arbetar med PET\/CT f\u00f6r att ta reda p\u00e5 det som fungerar och det som kan bli b\u00e4ttre samt om de skulle starta upp en ny verksamhet hur skulle den se ut ur ett samarbetsperspektiv&lt;br&gt;&lt;br&gt;&lt;span style=&quot;font-weight: bold;&quot;&gt;Titel: Tv\u00e4rprofessionellt samarbete i en hybridsal &lt;\/span&gt;&lt;br&gt;F\u00f6rel\u00e4sare: Daniel Molina, r\u00f6ntgensjuksk\u00f6terska. Sk\u00e5nes universitetssjukhus, Lund. &lt;br&gt;&lt;br&gt;Vad \u00e4r en hybridsal och vilka ingrepp\/interventioner g\u00f6rs d\u00e4r? Ingreppen \u00e4r av varierande sv\u00e5righetsgrad och kr\u00e4ver olika yrkeskategorier och insatser. F\u00f6rel\u00e4sningen ger en kortfattad f\u00f6rklaring och inblick i hybridv\u00e4rlden.&lt;br&gt;&lt;br&gt;&lt;span style=&quot;font-weight: bold;&quot;&gt;Titel: R\u00e4dda Hj\u00e4rnan - v\u00e4rdet av multifas CTA vid akut stroke. Hj\u00e4lpmedel f\u00f6r regionsamverkan inf\u00f6r trombektomi?&lt;\/span&gt;&lt;br&gt;F\u00f6rel\u00e4sare: Annica Sandberg &amp;amp; Johanna Rouvinen,&amp;nbsp;&lt;br&gt;&lt;br&gt;&lt;span style=&quot;text-decoration-line: underline;&quot;&gt;Syfte:&lt;\/span&gt; Redovisa v\u00e5r pilot av att anv\u00e4nda multifas CT-angiografi vid akut stroke f\u00f6r bed\u00f6mning av piala kollateraler. Praktiska sv\u00e5righeter med timing och PACS och en l\u00f6sning f\u00f6r akut utv\u00e4rdering med leverant\u00f6rens arbetsstation. &lt;br&gt;&lt;span style=&quot;text-decoration-line: underline;&quot;&gt;Material och metod&lt;\/span&gt;: Datortomograf GEHC CT750HD, injektor Ulricht samt startteknik med s.k. smartprep men manuell start. Scan i 4 faser. Fas 1 CT halsk\u00e4rl aorta-vertex samt de andra 3 faserna \u00f6ver hj\u00e4rnans k\u00e4rl med 5-8 sekunder mellan faserna. (Tidigare gjordes endast fas 1 i akut strokeutredning). Unders\u00f6kningen g\u00f6rs p\u00e5 de patienterna som kommer prim\u00e4rt till Neuroradiologiska kliniken p\u00e5 Karolinska Universitetssjukhuset Solna. Bed\u00f6mningsmallen utg\u00f6rs av mCTA score enligt www.aspectsinstroke.com, 0-5 po\u00e4ng. &lt;span style=&quot;text-decoration-line: underline;&quot;&gt;Resultat:&lt;\/span&gt; F\u00f6r tidigt i skrivande stund att redovisa utan kommer att analyseras under juli m\u00e5nad. &lt;br&gt;&lt;span style=&quot;text-decoration-line: underline;&quot;&gt;Konklusion:&lt;\/span&gt; I tidigare publicerad artikel kan multifas CTA anv\u00e4ndas som hj\u00e4lpmedel f\u00f6r selektion av patienter som beh\u00f6ver transport till sjukhus som utf\u00f6r trombektomi. Det f\u00f6ruts\u00e4tter att vi anv\u00e4nder samma sorts teknik f\u00f6r att f\u00e5 j\u00e4mf\u00f6rbara resultat inom en region. Detta pilotarbete syftar till att se om detta \u00e4r m\u00f6jligt.&amp;nbsp;&lt;br&gt;&lt;\/p&gt; \n                &lt;br&gt;&lt;br&gt;\"\n            data-category=\"SFR - Svensk F\u00f6rening f\u00f6r R\u00f6ntgensjuksk\u00f6terskor\"\n            data-category-ids=\"1007\"\n            data-span-all=\"\"\n                      >\n\n            <div class=\"event_content\">\n              <div class=\"title\">\n                                <span>SFR - Interprofessionell samverkan i r\u00f6ntgen kontext <\/span>\n              <\/div>\n              <div class=\"span_room\"><span><\/span><\/div>\n              <div class=\"time\">\n                <span>\n                  08:30-10:00                <\/span><\/div>\n\n              <div class=\"lecturer\"><span>Ann-Chatrin  Kariis; Anne K\u00f6hnke; Daniel Molina; Annica Sandberg; Johanna Rouvinen<\/span><\/div>\n            <\/div>\n\n\n                                <div style=\"background-color:#33CC66; position: absolute !important ; height: 4px !important; left: 4px; right: 4px; bottom : 2px !important;  border\"><\/div>\n            \n          <\/div>\n\n      \n          <div class=\"event \"\n            data-id=\"1116\"\n            data-project=\"project_276_2017_03_27\"\n            data-title=\"SFFR - SVF \u2013 S\u00e5 h\u00e4r har vi inom radiologin hanterat det i olika delar av landet\"\n            data-abs-nbr=\"\"\n            data-ystart=\"8.5\"\n            data-yend=\"10\"\n            data-time=\"08:30-10:00\"\n            data-room=\"7\"\n            data-room-id=\"1008\"\n            data-room-name=\"Kulturen\"\n            data-day=\"2\"\n            data-abs-path=\"\"\n            data-speaker=\"Ida Blystad; Marie Lagerfeldt; Eva Ahlberg-\u00c5hre; Sabina Harnsek; Inger Cedvin\"\n            data-speakercell=\"Ida Blystad; Marie Lagerfeldt; Eva Ahlberg-\u00c5hre; Sabina Harnsek; Inger Cedvin\"\n            data-info=\"&lt;b&gt;Moderatorer: &lt;\/b&gt;Inger Cedvin&lt;br&gt;&lt;br&gt; \n                 &lt;p&gt;8.30 - 8.45 Organ - modalitet; Radiologins eviga dilemma.&amp;nbsp;&lt;em&gt;Ida Blystad, Link\u00f6ping&lt;\/em&gt;&lt;br&gt;&lt;br&gt;8.45 - 9.00 En v\u00e4g in till cancerv\u00e5rden - s\u00e5 h\u00e4r arbetar vi inom Region \u00d6sterg\u00f6tland.&amp;nbsp;&lt;br&gt;&lt;br&gt;Vi kommer kort ber\u00e4tta om hur enheten, ESCU, arbetar med tonvikt p\u00e5 v\u00e5rt samarbete med r\u00f6ntgen avseende direktbokningar och koordinering av patienternas unders\u00f6kningar.&amp;nbsp;&lt;em&gt;Marie Lagerfeldt, Link\u00f6ping&lt;\/em&gt;&lt;\/p&gt; \n                 &lt;p&gt;9.00 - 9.15&amp;nbsp;&lt;em&gt;Eva Ahlberg-\u00c5hre, J\u00f6nk\u00f6ping&lt;\/em&gt;&amp;nbsp;&amp;nbsp;&lt;\/p&gt; \n                 &lt;p&gt;9.15 - 9.30&amp;nbsp;&lt;em&gt;Sabina Harnsek, \u00d6rebro&lt;\/em&gt;&lt;\/p&gt; \n                 &lt;p&gt;9.30 - 9.45&amp;nbsp;&lt;em&gt;Inger Cedvin, V\u00e4stra G\u00f6taland&lt;\/em&gt;&lt;\/p&gt; \n                 &lt;p&gt;9.45 - 10.00 Fr\u00e5gor och avslutande kommentarer&lt;\/p&gt; \n                &lt;br&gt;&lt;br&gt;\"\n            data-category=\"SFFR - Svensk F\u00f6rening f\u00f6r R\u00f6ntgensekreterare\"\n            data-category-ids=\"1012\"\n            data-span-all=\"\"\n                      >\n\n            <div class=\"event_content\">\n              <div class=\"title\">\n                                <span>SFFR - SVF \u2013 S\u00e5 h\u00e4r har vi inom radiologin hanterat det i olika delar av landet<\/span>\n              <\/div>\n              <div class=\"span_room\"><span><\/span><\/div>\n              <div class=\"time\">\n                <span>\n                  08:30-10:00                <\/span><\/div>\n\n              <div class=\"lecturer\"><span>Ida Blystad; Marie Lagerfeldt; Eva Ahlberg-\u00c5hre; Sabina Harnsek; Inger Cedvin<\/span><\/div>\n            <\/div>\n\n\n                                <div style=\"background-color:#FF66FF; position: absolute !important ; height: 4px !important; left: 4px; right: 4px; bottom : 2px !important;  border\"><\/div>\n            \n          <\/div>\n\n      \n          <div class=\"event \"\n            data-id=\"1109\"\n            data-project=\"project_276_2017_03_27\"\n            data-title=\"Digital Patologi\"\n            data-abs-nbr=\"\"\n            data-ystart=\"8.5\"\n            data-yend=\"10\"\n            data-time=\"08:30-10:00\"\n            data-room=\"1\"\n            data-room-id=\"1002\"\n            data-room-name=\"Crusellhallen\"\n            data-day=\"2\"\n            data-abs-path=\"\"\n            data-speaker=\"Darren Treanor; Claes Lundstr\u00f6m\"\n            data-speakercell=\"Darren Treanor; Claes Lundstr\u00f6m\"\n            data-info=\"\n                 &lt;p&gt;Digital Pathology - where are we and where should we go from here?&lt;br&gt;&lt;em&gt;F\u00f6rel\u00e4sare: Darren Treanor, g\u00e4stprofessor CMIV, University of Leeds&lt;\/em&gt;&lt;\/p&gt;&lt;p&gt;&lt;br&gt;Analytic Imaging Diagnostics Arena (AIDA) - en nationell satsning p\u00e5 AI i bilddiagnostik.&lt;br&gt;&lt;em&gt;Claes Lundstr\u00f6m, docent CMIV, forskningschef Sectra&lt;\/em&gt;&lt;\/p&gt;&lt;p&gt;Abstract:\nModern artificiell intelligens (AI) \u00e4r en verktygsl\u00e5da som passar perfekt in i\nsjukv\u00e5rdens vision om \u201dprecision medicine\u201d, den fullt ut skr\u00e4ddarsydda\nbehandlingen f\u00f6r varje patient. Idag finns mogen och oerh\u00f6rt kraftfull teknik\nf\u00f6r l\u00e4rande algoritmer, t ex deep learning. Men d\u00e4remot kvarst\u00e5r en stor\nutmaningen i att skapa l\u00f6sningar som passar mot rutinv\u00e5rdens behov.&amp;nbsp;&lt;br&gt;\nDenna presentation kommer att introducera AIDA,\nen nationell arena f\u00f6r forskning och innovation kring AI f\u00f6r medicinsk\nbildanalys. H\u00e4r ska akademi, sjukv\u00e5rd och industri m\u00f6tas f\u00f6r att oms\u00e4tta\nframsteg inom AI-teknik till patientnytta i form av kliniskt anv\u00e4ndbara\nverktyg.&lt;\/p&gt;&lt;p&gt;&lt;em&gt;&lt;br&gt;&lt;\/em&gt;&lt;\/p&gt;\n                &lt;br&gt;&lt;br&gt;\"\n            data-category=\"Allm\u00e4n f\u00f6rel\u00e4sning\"\n            data-category-ids=\"1003\"\n            data-span-all=\"\"\n                      >\n\n            <div class=\"event_content\">\n              <div class=\"title\">\n                                <span>Digital Patologi<\/span>\n              <\/div>\n              <div class=\"span_room\"><span><\/span><\/div>\n              <div class=\"time\">\n                <span>\n                  08:30-10:00                <\/span><\/div>\n\n              <div class=\"lecturer\"><span>Darren Treanor; Claes Lundstr\u00f6m<\/span><\/div>\n            <\/div>\n\n\n                                <div style=\"background-color:#FF9933; position: absolute !important ; height: 4px !important; left: 4px; right: 4px; bottom : 2px !important;  border\"><\/div>\n            \n          <\/div>\n\n      \n          <div class=\"event \"\n            data-id=\"1124\"\n            data-project=\"project_276_2017_03_27\"\n            data-title=\"RAM-kurs\"\n            data-abs-nbr=\"\"\n            data-ystart=\"8.5\"\n            data-yend=\"10\"\n            data-time=\"08:30-10:00\"\n            data-room=\"15\"\n            data-room-id=\"1016\"\n            data-room-name=\"Loge 5\"\n            data-day=\"2\"\n            data-abs-path=\"\"\n            data-speaker=\"Staffan Wirell; Anders von Heijne; Kada Karlsson; Marcus Casselgren; Charalampos Georgiopoulos; Joar Bj\u00f6rk\"\n            data-speakercell=\"Staffan Wirell; Anders von Heijne; Kada Karlsson; Marcus Casselgren; Charalampos Georgiopoulos; Joar Bj\u00f6rk\"\n            data-info=\"\"\n            data-category=\"RAM-kurs\"\n            data-category-ids=\"1016\"\n            data-span-all=\"\"\n                      >\n\n            <div class=\"event_content\">\n              <div class=\"title\">\n                                <span>RAM-kurs<\/span>\n              <\/div>\n              <div class=\"span_room\"><span><\/span><\/div>\n              <div class=\"time\">\n                <span>\n                  08:30-10:00                <\/span><\/div>\n\n              <div class=\"lecturer\"><span>Staffan Wirell; Anders von Heijne; Kada Karlsson; Marcus Casselgren; Charalampos Georgiopoulos; Joar Bj\u00f6rk<\/span><\/div>\n            <\/div>\n\n\n                                <div style=\"background-color:#66FFCC; position: absolute !important ; height: 4px !important; left: 4px; right: 4px; bottom : 2px !important;  border\"><\/div>\n            \n          <\/div>\n\n      \n          <div class=\"event \"\n            data-id=\"1112\"\n            data-project=\"project_276_2017_03_27\"\n            data-title=\"MSK - \u00c5rsm\u00f6te\"\n            data-abs-nbr=\"\"\n            data-ystart=\"9.75\"\n            data-yend=\"10.25\"\n            data-time=\"09:45-10:15\"\n            data-room=\"4\"\n            data-room-id=\"1004\"\n            data-room-name=\"Operan\"\n            data-day=\"2\"\n            data-abs-path=\"\"\n            data-speaker=\"\"\n            data-speakercell=\"\"\n            data-info=\"\"\n            data-category=\"SFMR - Delf\u00f6reningar\"\n            data-category-ids=\"1006\"\n            data-span-all=\"\"\n                      >\n\n            <div class=\"event_content\">\n              <div class=\"title\">\n                                <span>MSK - \u00c5rsm\u00f6te<\/span>\n              <\/div>\n              <div class=\"span_room\"><span><\/span><\/div>\n              <div class=\"time\">\n                <span>\n                  09:45-10:15                <\/span><\/div>\n\n              \n            <\/div>\n\n\n                                <div style=\"background-color:#6699CC; position: absolute !important ; height: 4px !important; left: 4px; right: 4px; bottom : 2px !important;  border\"><\/div>\n            \n          <\/div>\n\n      \n          <div class=\"event \"\n            data-id=\"1185\"\n            data-project=\"project_276_2017_03_27\"\n            data-title=\"Fika &amp; Utst\u00e4llning\"\n            data-abs-nbr=\"\"\n            data-ystart=\"10\"\n            data-yend=\"10.75\"\n            data-time=\"10:00-10:45\"\n            data-room=\"0\"\n            data-room-id=\"-1\"\n            data-room-name=\"-Ej specificerad-\"\n            data-day=\"2\"\n            data-abs-path=\"\"\n            data-speaker=\"\"\n            data-speakercell=\"\"\n            data-info=\"\"\n            data-category=\"\"\n            data-category-ids=\"\"\n            data-span-all=\"\"\n                      >\n\n            <div class=\"event_content\">\n              <div class=\"title\">\n                                <span>Fika & Utst\u00e4llning<\/span>\n              <\/div>\n              <div class=\"span_room\"><span><\/span><\/div>\n              <div class=\"time\">\n                <span>\n                  10:00-10:45                <\/span><\/div>\n\n              \n            <\/div>\n\n\n            \n          <\/div>\n\n      \n          <div class=\"event \"\n            data-id=\"1132\"\n            data-project=\"project_276_2017_03_27\"\n            data-title=\"Ultraljudsf\u00f6reningen, Hands-on workshop\"\n            data-abs-nbr=\"\"\n            data-ystart=\"10.75\"\n            data-yend=\"12.25\"\n            data-time=\"10:45-12:15\"\n            data-room=\"13\"\n            data-room-id=\"1014\"\n            data-room-name=\"Loge 4\"\n            data-day=\"2\"\n            data-abs-path=\"\"\n            data-speaker=\"\"\n            data-speakercell=\"\"\n            data-info=\"\n                 &lt;p&gt;Workshops, handson och demonstrationer av ultraljud&lt;\/p&gt;&lt;p&gt;&lt;i&gt;Okej, vi erk\u00e4nner \u2013 vi \u00e4r ett g\u00e4ng ultraljudsn\u00f6rdar som \u00e5terstartat SFMU. P\u00e5 R\u00f6ntgenveckan hittar vi ocks\u00e5 de allra senaste ultraljudsmaskinerna, det \u00e4r rena julaftonen!&lt;br&gt;&lt;\/i&gt;&lt;i&gt;F\u00f6r att sprida v\u00e5r entusiasm \u00f6ver ultraljud har vi sessioner i Loge 4+6 p\u00e5 R\u00f6ntgenveckan, d\u00e4r vi kan tr\u00e4na ultraljud p\u00e5 riktigt. H\u00e4ng p\u00e5 n\u00e4r vi visar upp v\u00e5ra favoritunders\u00f6kningar!&lt;br&gt;&lt;\/i&gt;&lt;i&gt;OBS- ingen bokning, f\u00f6rst till kvarn g\u00e4ller ... V\u00e4lkomna!&lt;\/i&gt;&lt;\/p&gt;&lt;p&gt;&lt;i&gt;Bli medlem? &amp;nbsp;Maila: sfmu.sfmu@gmail.com&lt;br&gt;&lt;\/i&gt;&lt;\/p&gt;&lt;p&gt;&lt;b&gt;Tisdag 12 sept:&lt;\/b&gt;&lt;\/p&gt;&lt;p&gt;&lt;b&gt;Kl 12.45-13.30: Muskuloskeletalt ultraljud, ffa axlar.&amp;nbsp;&amp;nbsp;&lt;\/b&gt;Dr Laszlo Toth, Hudiksvalls Sjukhus&lt;\/p&gt;&lt;p&gt;&lt;\/p&gt;&lt;p&gt;&lt;b&gt;Kl 13.30-16.45 Biopsitr\u00e4ning p\u00e5 preparat\u2013 enbart f\u00f6r deltagare p\u00e5 ST-kurs i ultraljudsv\u00e4gledda punktioner.&lt;br&gt;&lt;br&gt;&lt;\/b&gt;&lt;\/p&gt;&lt;p&gt;&lt;b&gt;Onsdag 13 sept:&lt;\/b&gt;&lt;\/p&gt;&lt;p&gt;&lt;b&gt;Kl 8.30-9.45: \u201dAkut ultraljud \u2013 EFAST, POCUS, och annat man g\u00f6r p\u00e5 akutrummet\u2026\u201d&amp;nbsp;&lt;\/b&gt;Dr Jesper Danielsson, St G\u00f6rans Sjukhus&lt;\/p&gt;&lt;p&gt;&lt;b&gt;Kl 8.30-9.45: \u201dLeverelastografi, demo och hands-on&lt;\/b&gt;\u201d. Sonograf Marie Byenfeldt, \u00d6stersunds Sjukhus.&lt;\/p&gt;&lt;p&gt;&lt;b&gt;Kl 10.00-11.00: \u00c5rsm\u00f6te SFMU&lt;\/b&gt;&lt;\/p&gt;&lt;p&gt;&lt;b&gt;Kl 11.00-12.15 : \u201dFria fl\u00f6den? Doppler av perifera och centrala blodk\u00e4rl\u201d.&amp;nbsp;&lt;\/b&gt;&amp;nbsp;Dr Kristina Dahlstr\u00f6m, Faluns Sjukhus&lt;b&gt;&lt;\/b&gt;&lt;\/p&gt;&lt;p&gt;&lt;b&gt;Kl 11.00-12.15: : \u201dMuskuloskeletalt ultraljud, ffa axlar\u201d.&amp;nbsp;&lt;\/b&gt;Dr Laszlo Toth, Hudiksvalls Sjukhus&lt;b&gt;&lt;\/b&gt;&lt;\/p&gt;&lt;p&gt;&lt;b&gt;13.30-14.45: \u201dBiopsitr\u00e4ning \u2013 ultraljudsv\u00e4gledda punktioner, demonstration och praktisk \u00f6vning p\u00e5 preparat\u201d.&lt;\/b&gt;&amp;nbsp;Dr Stefan H\u00f6rnlund, Sundsvalls sjukhus&lt;\/p&gt;&lt;p&gt;&lt;b&gt;13.30-14.45 \u201dSonograf? Prova-p\u00e5-ultraljud f\u00f6r nyfikna r\u00f6ntgensjuksk\u00f6terskor\u201d.&lt;\/b&gt;&amp;nbsp;Sonograf Karin Asplund, Astrid Lindgrens Barnsjukhus&lt;\/p&gt;&lt;p&gt;&lt;b&gt;Kl 15.45-16.45: \u201dFusion av MR-buk och ultraljud, demonstration live och praktisk&amp;nbsp;&lt;\/b&gt;\u00f6vning\u201d.&amp;nbsp;&amp;nbsp; Dr Sara Sehlstedt, \u00d6stersunds Sjukhus&lt;\/p&gt;&lt;p&gt;&lt;b&gt;Kl 15.45-16.45&lt;\/b&gt;:&amp;nbsp;&lt;b&gt;\u201dSonograf? Prova-p\u00e5-ultraljud f\u00f6r nyfikna r\u00f6ntgensjuksk\u00f6terskor\u201d.&amp;nbsp;&lt;\/b&gt;Sonograf Maria Zetterman, Astrid Lindgrens Barnsjukhus&lt;br&gt;&lt;br&gt;Torsdag 14 sept.&lt;\/p&gt;&lt;p&gt;&lt;b&gt;Kl 9.50-10.45: &amp;nbsp;\u201dUltraljudsv\u00e4gledda biopsier, demo och praktisk \u00f6vning p\u00e5 preparat\u201d.&amp;nbsp;&amp;nbsp;&lt;\/b&gt;Dr Stefan H\u00f6rnlund, Sundsvalls Sjukhus.&lt;\/p&gt;&lt;p&gt;&lt;b&gt;Kl 13.30-15.00: \u201dMuskuloskeletalt ultraljud,&amp;nbsp; fr\u00e4mst \u00f6vre extremitet\u201d.&lt;\/b&gt;&amp;nbsp;Dr David Wilson och Dr Gina Allen, Oxford samt Dr Magnus Hjelm, G\u00e4vle Sjukhus och Dr Johan Krause, Uppsala Akademiska Sjukhus.&lt;\/p&gt;&lt;p&gt;&lt;b&gt;Kl 15.45-16.45:&lt;\/b&gt;&amp;nbsp;&lt;b&gt;\u201dMuskuloskeletalt ultraljud,&amp;nbsp; fr\u00e4mst nedre extremitet\u201d.&lt;\/b&gt;&amp;nbsp;Dr David Wilson och Dr Gina Allen, Oxford samt Dr Magnus Hjelm, G\u00e4vle Sjukhus och Dr Johan Krause, Uppsala Akademiska Sjukhus&lt;b&gt;&lt;\/b&gt;&lt;\/p&gt;&lt;p&gt;&lt;i&gt;&lt;br&gt;&lt;\/i&gt;&lt;\/p&gt;\n                &lt;br&gt;&lt;br&gt;\"\n            data-category=\"Ultraljudsf\u00f6reningens hands-on\"\n            data-category-ids=\"1015\"\n            data-span-all=\"\"\n                      >\n\n            <div class=\"event_content\">\n              <div class=\"title\">\n                                <span>Ultraljudsf\u00f6reningen, Hands-on workshop<\/span>\n              <\/div>\n              <div class=\"span_room\"><span><\/span><\/div>\n              <div class=\"time\">\n                <span>\n                  10:45-12:15                <\/span><\/div>\n\n              \n            <\/div>\n\n\n                                <div style=\"background-color:#FFCCFF; position: absolute !important ; height: 4px !important; left: 4px; right: 4px; bottom : 2px !important;  border\"><\/div>\n            \n          <\/div>\n\n      \n          <div class=\"event \"\n            data-id=\"1129\"\n            data-project=\"project_276_2017_03_27\"\n            data-title=\"Radiofysik &amp; MTF - Dual Energy diagnostik - vilken \u00e4r den kliniska nyttan?\"\n            data-abs-nbr=\"\"\n            data-ystart=\"10.75\"\n            data-yend=\"12.25\"\n            data-time=\"10:45-12:15\"\n            data-room=\"9\"\n            data-room-id=\"1010\"\n            data-room-name=\"Operetten\"\n            data-day=\"2\"\n            data-abs-path=\"\"\n            data-speaker=\"Nina  K\u00e4mmerling; David  Schmidt; Lena Gordon Murkes; Mischa Woisetschl\u00e4ger\"\n            data-speakercell=\"Nina  K\u00e4mmerling; David  Schmidt; Lena Gordon Murkes; Mischa Woisetschl\u00e4ger\"\n            data-info=\"&lt;b&gt;Moderatorer: &lt;\/b&gt;Tuva \u00d6hman; Ibtisam Yusuf&lt;br&gt;&lt;br&gt; \n                 &lt;p&gt;&lt;a target=&quot;_blank&quot; href=&quot;http:\/\/www.trippus.se\/eventus\/userfiles\/86212.pdf&quot;&gt;L\u00e4s mer h\u00e4r&lt;\/a&gt;!&lt;br&gt;&lt;\/p&gt; \n                &lt;br&gt;&lt;br&gt;\"\n            data-category=\"MTF - Svensk f\u00f6rening f\u00f6r Medicinsk Teknik och Fysik,SFfR - Svensk F\u00f6rening f\u00f6r  Radiofysik\"\n            data-category-ids=\"1009,1008\"\n            data-span-all=\"\"\n                      >\n\n            <div class=\"event_content\">\n              <div class=\"title\">\n                                <span>Radiofysik & MTF - Dual Energy diagnostik - vilken \u00e4r den kliniska nyttan?<\/span>\n              <\/div>\n              <div class=\"span_room\"><span><\/span><\/div>\n              <div class=\"time\">\n                <span>\n                  10:45-12:15                <\/span><\/div>\n\n              <div class=\"lecturer\"><span>Nina  K\u00e4mmerling; David  Schmidt; Lena Gordon Murkes; Mischa Woisetschl\u00e4ger<\/span><\/div>\n            <\/div>\n\n\n                                <div style=\"background-color:#CCCC66; position: absolute !important ; height: 4px !important; left: 4px; right: 4px; bottom : 2px !important;  border\"><\/div>\n            \n          <\/div>\n\n      \n          <div class=\"event \"\n            data-id=\"1133\"\n            data-project=\"project_276_2017_03_27\"\n            data-title=\"Ultraljudsf\u00f6reningen, Hands-on workshop\"\n            data-abs-nbr=\"\"\n            data-ystart=\"10.75\"\n            data-yend=\"12.25\"\n            data-time=\"10:45-12:15\"\n            data-room=\"14\"\n            data-room-id=\"1015\"\n            data-room-name=\"Loge 6\"\n            data-day=\"2\"\n            data-abs-path=\"\"\n            data-speaker=\"\"\n            data-speakercell=\"\"\n            data-info=\"&lt;p&gt;&lt;i&gt;Okej, vi erk\u00e4nner \u2013 vi \u00e4r ett g\u00e4ng ultraljudsn\u00f6rdar som \u00e5terstartat SFMU. P\u00e5 R\u00f6ntgenveckan hittar vi ocks\u00e5 de allra senaste ultraljudsmaskinerna, det \u00e4r rena julaftonen!&amp;nbsp;&lt;\/i&gt;&lt;i&gt;F\u00f6r att sprida v\u00e5r entusiasm \u00f6ver ultraljud har vi sessioner i Loge 4+6 p\u00e5 R\u00f6ntgenveckan, d\u00e4r vi kan tr\u00e4na ultraljud p\u00e5 riktigt. H\u00e4ng p\u00e5 n\u00e4r vi visar upp v\u00e5ra favoritunders\u00f6kningar!&lt;\/i&gt;&lt;\/p&gt;&lt;p&gt;&lt;i&gt;OBS- ingen bokning, f\u00f6rst till kvarn g\u00e4ller ... V\u00e4lkomna!&lt;br&gt;&lt;br&gt;&lt;\/i&gt;&lt;\/p&gt;&lt;p&gt;&lt;b&gt;Kl 9.50-10.45: &amp;nbsp;\u201dUltraljudsv\u00e4gledda biopsier, demo och praktisk \u00f6vning p\u00e5 preparat\u201d.&amp;nbsp;&amp;nbsp;&lt;\/b&gt;Dr Stefan H\u00f6rnlund, Sundsvalls Sjukhus.&lt;\/p&gt;&lt;p&gt;&lt;b&gt;Kl 13.30-15.00: \u201dMuskuloskeletalt ultraljud,&amp;nbsp; fr\u00e4mst \u00f6vre extremitet\u201d.&lt;\/b&gt;&amp;nbsp;Dr David Wilson och Dr Gina Allen, Oxford samt Dr Magnus Hjelm, G\u00e4vle Sjukhus och Dr Johan Krause, Uppsala Akademiska Sjukhus.&lt;\/p&gt;&lt;p&gt;&lt;\/p&gt;&lt;p&gt;&lt;b&gt;Kl 15.45-16.45:&lt;\/b&gt;&amp;nbsp;&lt;b&gt;\u201dMuskuloskeletalt ultraljud,&amp;nbsp; fr\u00e4mst nedre extremitet\u201d.&lt;\/b&gt;&amp;nbsp;Dr David Wilson och Dr Gina Allen, Oxford samt Dr Magnus Hjelm, G\u00e4vle Sjukhus och Dr Johan Krause, Uppsala Akademiska Sjukhus&lt;\/p&gt;&lt;br&gt;&lt;br&gt;\"\n            data-category=\"Ultraljudsf\u00f6reningens hands-on\"\n            data-category-ids=\"1015\"\n            data-span-all=\"\"\n                      >\n\n            <div class=\"event_content\">\n              <div class=\"title\">\n                                <span>Ultraljudsf\u00f6reningen, Hands-on workshop<\/span>\n              <\/div>\n              <div class=\"span_room\"><span><\/span><\/div>\n              <div class=\"time\">\n                <span>\n                  10:45-12:15                <\/span><\/div>\n\n              \n            <\/div>\n\n\n                                <div style=\"background-color:#FFCCFF; position: absolute !important ; height: 4px !important; left: 4px; right: 4px; bottom : 2px !important;  border\"><\/div>\n            \n          <\/div>\n\n      \n          <div class=\"event \"\n            data-id=\"1130\"\n            data-project=\"project_276_2017_03_27\"\n            data-title=\"SFFR - Wilhelm Conrads framfart och r\u00f6ntgens utveckling\"\n            data-abs-nbr=\"\"\n            data-ystart=\"10.75\"\n            data-yend=\"12.25\"\n            data-time=\"10:45-12:15\"\n            data-room=\"10\"\n            data-room-id=\"1011\"\n            data-room-name=\"Duetten\"\n            data-day=\"2\"\n            data-abs-path=\"\"\n            data-speaker=\"Kjell Jansson\"\n            data-speakercell=\"Kjell Jansson\"\n            data-info=\"&lt;b&gt;Moderatorer: &lt;\/b&gt;Ann-Charlotte Norr&lt;br&gt;&lt;br&gt; \n                 &lt;p&gt;Ett f\u00f6rs\u00f6k till beskrivning av Wilhelm Conrads betydelse f\u00f6r r\u00f6ntgen och dess utveckling. Vem var han och vad gjorde han f\u00f6r att vi har den radiologi vi har idag. En viktig aspekt f\u00f6r Er r\u00f6ntgenl\u00e4karsekreterares vardag n\u00e4r alla ord str\u00f6mmar in. Under f\u00f6rel\u00e4sningen skall Ni ges m\u00f6jlighet att se den bildliga betydelsen bakom orden, vilket f\u00f6rhoppningsvis g\u00f6r Ert v\u00e4rdefulla arbete \u00e4nnu roligare.&lt;br&gt;&lt;\/p&gt; \n                &lt;br&gt;&lt;br&gt;\"\n            data-category=\"SFFR - Svensk F\u00f6rening f\u00f6r R\u00f6ntgensekreterare\"\n            data-category-ids=\"1012\"\n            data-span-all=\"\"\n                      >\n\n            <div class=\"event_content\">\n              <div class=\"title\">\n                                <span>SFFR - Wilhelm Conrads framfart och r\u00f6ntgens utveckling<\/span>\n              <\/div>\n              <div class=\"span_room\"><span><\/span><\/div>\n              <div class=\"time\">\n                <span>\n                  10:45-12:15                <\/span><\/div>\n\n              <div class=\"lecturer\"><span>Kjell Jansson<\/span><\/div>\n            <\/div>\n\n\n                                <div style=\"background-color:#FF66FF; position: absolute !important ; height: 4px !important; left: 4px; right: 4px; bottom : 2px !important;  border\"><\/div>\n            \n          <\/div>\n\n      \n          <div class=\"event \"\n            data-id=\"1131\"\n            data-project=\"project_276_2017_03_27\"\n            data-title=\"SFMU\"\n            data-abs-nbr=\"\"\n            data-ystart=\"10.75\"\n            data-yend=\"12.25\"\n            data-time=\"10:45-12:15\"\n            data-room=\"11\"\n            data-room-id=\"1012\"\n            data-room-name=\"Solot\"\n            data-day=\"2\"\n            data-abs-path=\"\"\n            data-speaker=\"\"\n            data-speakercell=\"\"\n            data-info=\"\"\n            data-category=\"SFMR - Delf\u00f6reningar\"\n            data-category-ids=\"1006\"\n            data-span-all=\"\"\n                      >\n\n            <div class=\"event_content\">\n              <div class=\"title\">\n                                <span>SFMU<\/span>\n              <\/div>\n              <div class=\"span_room\"><span><\/span><\/div>\n              <div class=\"time\">\n                <span>\n                  10:45-12:15                <\/span><\/div>\n\n              \n            <\/div>\n\n\n                                <div style=\"background-color:#6699CC; position: absolute !important ; height: 4px !important; left: 4px; right: 4px; bottom : 2px !important;  border\"><\/div>\n            \n          <\/div>\n\n      \n          <div class=\"event \"\n            data-id=\"1134\"\n            data-project=\"project_276_2017_03_27\"\n            data-title=\"RAM-kurs\"\n            data-abs-nbr=\"\"\n            data-ystart=\"10.75\"\n            data-yend=\"12.25\"\n            data-time=\"10:45-12:15\"\n            data-room=\"15\"\n            data-room-id=\"1016\"\n            data-room-name=\"Loge 5\"\n            data-day=\"2\"\n            data-abs-path=\"\"\n            data-speaker=\"Staffan Wirell; Anders von Heijne; Marcus Casselgren; Kada Karlsson; Charalampos Georgiopoulos; Joar Bj\u00f6rk\"\n            data-speakercell=\"Staffan Wirell; Anders von Heijne; Marcus Casselgren; Kada Karlsson; Charalampos Georgiopoulos; Joar Bj\u00f6rk\"\n            data-info=\"\"\n            data-category=\"RAM-kurs\"\n            data-category-ids=\"1016\"\n            data-span-all=\"\"\n                      >\n\n            <div class=\"event_content\">\n              <div class=\"title\">\n                                <span>RAM-kurs<\/span>\n              <\/div>\n              <div class=\"span_room\"><span><\/span><\/div>\n              <div class=\"time\">\n                <span>\n                  10:45-12:15                <\/span><\/div>\n\n              <div class=\"lecturer\"><span>Staffan Wirell; Anders von Heijne; Marcus Casselgren; Kada Karlsson; Charalampos Georgiopoulos; Joar Bj\u00f6rk<\/span><\/div>\n            <\/div>\n\n\n                                <div style=\"background-color:#66FFCC; position: absolute !important ; height: 4px !important; left: 4px; right: 4px; bottom : 2px !important;  border\"><\/div>\n            \n          <\/div>\n\n      \n          <div class=\"event \"\n            data-id=\"1127\"\n            data-project=\"project_276_2017_03_27\"\n            data-title=\"SFMR - Kvalitetsdag: &quot;Integration - v\u00e4gen till framg\u00e5ng&quot;\"\n            data-abs-nbr=\"\"\n            data-ystart=\"10.75\"\n            data-yend=\"12.25\"\n            data-time=\"10:45-12:15\"\n            data-room=\"6\"\n            data-room-id=\"1007\"\n            data-room-name=\"Studion\"\n            data-day=\"2\"\n            data-abs-path=\"\"\n            data-speaker=\"Linda Haupt; Maria Lindkvist; Charlotte Sandstr\u00f6m; Kerstin Benner\"\n            data-speakercell=\"Linda Haupt; Maria Lindkvist; Charlotte Sandstr\u00f6m; Kerstin Benner\"\n            data-info=\"&lt;b&gt;Moderatorer: &lt;\/b&gt;John Brandberg&lt;br&gt;&lt;br&gt; \n                 &lt;p&gt;&lt;span style=&quot;font-weight: bold;&quot;&gt;&quot;Integration - v\u00e4gen till framg\u00e5ng&quot;&lt;\/span&gt;&lt;\/p&gt; \n                 &lt;p&gt;&lt;em&gt;Moderator: John Brandberg&lt;\/em&gt;&lt;\/p&gt; \n                 &lt;p&gt;10.45 - 11.15 Optimalt traumaomh\u00e4ndertagande - etablerat arbetss\u00e4tt och tankar&lt;br&gt;&lt;em&gt;Linda Haupt och Maria Lindkvist&lt;\/em&gt;&lt;\/p&gt; \n                 &lt;p&gt;11.15 - 11.45 Interventionell behandling av lungemboli kr\u00e4ver komplicerat sambarbete&lt;br&gt;&lt;em&gt;Charlotte Sandstr\u00f6m&lt;\/em&gt;&lt;\/p&gt; \n                 &lt;p&gt;11.45 - 12.15 Dubbelkompetens vid PET-CT&lt;br&gt;&lt;em&gt;Kerstin Benner&lt;\/em&gt;&lt;\/p&gt; \n                &lt;br&gt;&lt;br&gt;\"\n            data-category=\"SFMR - Svensk F\u00f6rening f\u00f6r Medicinsk Radiologi\"\n            data-category-ids=\"1004\"\n            data-span-all=\"\"\n                      >\n\n            <div class=\"event_content\">\n              <div class=\"title\">\n                                <span>SFMR - Kvalitetsdag: \"Integration - v\u00e4gen till framg\u00e5ng\"<\/span>\n              <\/div>\n              <div class=\"span_room\"><span><\/span><\/div>\n              <div class=\"time\">\n                <span>\n                  10:45-12:15                <\/span><\/div>\n\n              <div class=\"lecturer\"><span>Linda Haupt; Maria Lindkvist; Charlotte Sandstr\u00f6m; Kerstin Benner<\/span><\/div>\n            <\/div>\n\n\n                                <div style=\"background-color:#0099FF; position: absolute !important ; height: 4px !important; left: 4px; right: 4px; bottom : 2px !important;  border\"><\/div>\n            \n          <\/div>\n\n      \n          <div class=\"event \"\n            data-id=\"1128\"\n            data-project=\"project_276_2017_03_27\"\n            data-title=\"SFRU - Smittsamma sjukdomar och r\u00f6ntgen\"\n            data-abs-nbr=\"\"\n            data-ystart=\"10.75\"\n            data-yend=\"12.25\"\n            data-time=\"10:45-12:15\"\n            data-room=\"7\"\n            data-room-id=\"1008\"\n            data-room-name=\"Kulturen\"\n            data-day=\"2\"\n            data-abs-path=\"\"\n            data-speaker=\"Boo Jarhall\"\n            data-speakercell=\"Boo Jarhall\"\n            data-info=\"&lt;b&gt;Moderatorer: &lt;\/b&gt;Lotta Rasmussen&lt;br&gt;&lt;br&gt; \n                 &lt;p&gt;&lt;em&gt;V\u00e5rdhygienska aspekter om omh\u00e4nder-tagandet av patient p\u00e5 en r\u00f6ntgen-avdelning. Fr\u00e5gor kring tuberkulos, MRSA och andra smittsamma sjukdomar.&lt;\/em&gt;&lt;br&gt;&lt;\/p&gt; \n                &lt;br&gt;&lt;br&gt;\"\n            data-category=\"SFRU - Svensk F\u00f6rening f\u00f6r R\u00f6ntgenundersk\u00f6terskor\"\n            data-category-ids=\"1010\"\n            data-span-all=\"\"\n                      >\n\n            <div class=\"event_content\">\n              <div class=\"title\">\n                                <span>SFRU - Smittsamma sjukdomar och r\u00f6ntgen<\/span>\n              <\/div>\n              <div class=\"span_room\"><span><\/span><\/div>\n              <div class=\"time\">\n                <span>\n                  10:45-12:15                <\/span><\/div>\n\n              <div class=\"lecturer\"><span>Boo Jarhall<\/span><\/div>\n            <\/div>\n\n\n                                <div style=\"background-color:#FFFF33; position: absolute !important ; height: 4px !important; left: 4px; right: 4px; bottom : 2px !important;  border\"><\/div>\n            \n          <\/div>\n\n      \n          <div class=\"event \"\n            data-id=\"1126\"\n            data-project=\"project_276_2017_03_27\"\n            data-title=\"Musculoskeletal ultrasound - when, why and how to do it\"\n            data-abs-nbr=\"\"\n            data-ystart=\"10.75\"\n            data-yend=\"12.25\"\n            data-time=\"10:45-12:15\"\n            data-room=\"4\"\n            data-room-id=\"1004\"\n            data-room-name=\"Operan\"\n            data-day=\"2\"\n            data-abs-path=\"\"\n            data-speaker=\"David Wilson; Gina Allen\"\n            data-speakercell=\"David Wilson; Gina Allen\"\n            data-info=\"&lt;b&gt;Moderatorer: &lt;\/b&gt;Bj\u00f6rn Lundin; Sara Sehlstedt&lt;br&gt;&lt;br&gt; \n                 &lt;p&gt;Summary: &quot; The use of ultrasound in muskoloskeletal radiology is increasing. This is not surprising as it\u00b4s a relatively inexpensive, fast, harmless and ready available method. But the examinationstechnique can be challenging, at least for beginners. Fortunately we can present two well known speakers: Dr David Wilson and Dr Gina Allen from Oxford, England. They will share their considerable experience in practising and teaching in musculoskeletal ultrasound, and also compare the use of ultrasound to other imaging techniques. The lectures will include live demonstration of different ultrasound examinations on live models\/patients.&lt;br&gt;&lt;br&gt;Time (10.45-12.15) : Upper extremity: Shoulder, elbow, wrist and hand.&lt;br&gt;&lt;\/p&gt; \n                &lt;br&gt;&lt;br&gt;\"\n            data-category=\"SFMR - Delf\u00f6reningar\"\n            data-category-ids=\"1006\"\n            data-span-all=\"\"\n                      >\n\n            <div class=\"event_content\">\n              <div class=\"title\">\n                                <span>Musculoskeletal ultrasound - when, why and how to do it<\/span>\n              <\/div>\n              <div class=\"span_room\"><span><\/span><\/div>\n              <div class=\"time\">\n                <span>\n                  10:45-12:15                <\/span><\/div>\n\n              <div class=\"lecturer\"><span>David Wilson; Gina Allen<\/span><\/div>\n            <\/div>\n\n\n                                <div style=\"background-color:#6699CC; position: absolute !important ; height: 4px !important; left: 4px; right: 4px; bottom : 2px !important;  border\"><\/div>\n            \n          <\/div>\n\n      \n          <div class=\"event \"\n            data-id=\"1125\"\n            data-project=\"project_276_2017_03_27\"\n            data-title=\"Keynote - Integrated Diagnostics - Paneldebatt\"\n            data-abs-nbr=\"\"\n            data-ystart=\"10.75\"\n            data-yend=\"12.25\"\n            data-time=\"10:45-12:15\"\n            data-room=\"1\"\n            data-room-id=\"1002\"\n            data-room-name=\"Crusellhallen\"\n            data-day=\"2\"\n            data-abs-path=\"\"\n            data-speaker=\"Prof Gabriel Krestin; Katrine  Riklund; Seppo Koskinen; H\u00e5kan Ahlstr\u00f6m; Yngve  Forslin\"\n            data-speakercell=\"Prof Gabriel Krestin; Katrine  Riklund; Seppo Koskinen; H\u00e5kan Ahlstr\u00f6m; Yngve  Forslin\"\n            data-info=\"&lt;b&gt;Moderatorer: &lt;\/b&gt;Peter Aspelin&lt;br&gt;&lt;br&gt; \n                 &lt;p&gt;Integrated Diagnostics&lt;\/p&gt; \n                 &lt;p&gt;&lt;em&gt;Prof Gabriel Krestin, Erasmus MC, Rotterdam&lt;\/em&gt;&lt;\/p&gt; \n                 &lt;p&gt;Professorskonventet: Paneldebatt&lt;\/p&gt;&lt;p&gt;Framtidens radiologi - med eller utan radiologisk kompetens? Utan bilder?&lt;\/p&gt; \n                 &lt;p&gt;&lt;br&gt;&lt;\/p&gt; \n                &lt;br&gt;&lt;br&gt;\"\n            data-category=\"Vetenskapligt program\"\n            data-category-ids=\"1002\"\n            data-span-all=\"\"\n                      >\n\n            <div class=\"event_content\">\n              <div class=\"title\">\n                                <span>Keynote - Integrated Diagnostics - Paneldebatt<\/span>\n              <\/div>\n              <div class=\"span_room\"><span><\/span><\/div>\n              <div class=\"time\">\n                <span>\n                  10:45-12:15                <\/span><\/div>\n\n              <div class=\"lecturer\"><span>Prof Gabriel Krestin; Katrine  Riklund; Seppo Koskinen; H\u00e5kan Ahlstr\u00f6m; Yngve  Forslin<\/span><\/div>\n            <\/div>\n\n\n                                <div style=\"background-color:#FF3333; position: absolute !important ; height: 4px !important; left: 4px; right: 4px; bottom : 2px !important;  border\"><\/div>\n            \n          <\/div>\n\n      \n          <div class=\"event \"\n            data-id=\"1186\"\n            data-project=\"project_276_2017_03_27\"\n            data-title=\"Lunch &amp; Utst\u00e4llning\"\n            data-abs-nbr=\"\"\n            data-ystart=\"12.25\"\n            data-yend=\"13.5\"\n            data-time=\"12:15-13:30\"\n            data-room=\"0\"\n            data-room-id=\"-1\"\n            data-room-name=\"-Ej specificerad-\"\n            data-day=\"2\"\n            data-abs-path=\"\"\n            data-speaker=\"\"\n            data-speakercell=\"\"\n            data-info=\"\"\n            data-category=\"\"\n            data-category-ids=\"\"\n            data-span-all=\"\"\n                      >\n\n            <div class=\"event_content\">\n              <div class=\"title\">\n                                <span>Lunch & Utst\u00e4llning<\/span>\n              <\/div>\n              <div class=\"span_room\"><span><\/span><\/div>\n              <div class=\"time\">\n                <span>\n                  12:15-13:30                <\/span><\/div>\n\n              \n            <\/div>\n\n\n            \n          <\/div>\n\n      \n          <div class=\"event \"\n            data-id=\"1138\"\n            data-project=\"project_276_2017_03_27\"\n            data-title=\"Radiofysik - SSM - Nya krav inom str\u00e5lskyddsomr\u00e5det\"\n            data-abs-nbr=\"\"\n            data-ystart=\"13.5\"\n            data-yend=\"15\"\n            data-time=\"13:30-15:00\"\n            data-room=\"5\"\n            data-room-id=\"1006\"\n            data-room-name=\"Spegelsalen\"\n            data-day=\"2\"\n            data-abs-path=\"\"\n            data-speaker=\"Ann-Louis  S\u00f6derman; Anders Frank; Ragnhild Mogren\"\n            data-speakercell=\"Ann-Louis  S\u00f6derman; Anders Frank; Ragnhild Mogren\"\n            data-info=\"&lt;b&gt;Moderatorer: &lt;\/b&gt;Agnetha Gustafsson&lt;br&gt;&lt;br&gt; \n                 &lt;p&gt;1) F\u00f6rslag till ny str\u00e5lskyddslag och f\u00f6rordning Ann-Louis S\u00f6derman verksjurist Str\u00e5ls\u00e4kerhetsmyndigheten &lt;br&gt;2) F\u00f6rslag till nya f\u00f6reskrifter f\u00f6r medicinska exponeringar Anders Frank inspekt\u00f6r Str\u00e5ls\u00e4kerhetsmyndigheten &lt;br&gt;3) Specialistkompetensutbildning f\u00f6r sjukhusfysiker, Ragnhild Mogren Socialstyrelsen&lt;br&gt;&lt;br&gt;Abstract: &lt;br&gt;Syfte: Att informera om f\u00f6rslaget till ny lag och f\u00f6rordning samt nya f\u00f6reskrifter f\u00f6r medicinska exponeringar. &lt;br&gt;&lt;br&gt;Fokus kommer framf\u00f6r allt att ligga p\u00e5 att beskriva f\u00f6r\u00e4ndringar j\u00e4mf\u00f6rt med tidigare krav och vilka konsekvenser det f\u00e5r f\u00f6r er ute i verksamheten. &lt;br&gt;&lt;br&gt;Inom omr\u00e5det medicinsk exponering f\u00f6resl\u00e5r myndigheten att best\u00e4mmelser om ber\u00e4ttigande av nya metoder lyfts upp till lagniv\u00e5. Det \u00e4r regeringen eller den myndighet som regeringen best\u00e4mmer som ska avg\u00f6ra ber\u00e4ttigandet f\u00f6r nya typer eller kategorier av verksamheter. Detta g\u00e4ller t.ex. inom medicinsk exponering d\u00e4r regeringen eller den myndighet regeringen best\u00e4mmer fattar beslut om nya metoder \u00e4r ber\u00e4ttigade innan de f\u00e5r b\u00f6rja till\u00e4mpas generellt. Myndigheten f\u00f6resl\u00e5r vidare att nya best\u00e4mmelser f\u00f6rs in i str\u00e5lskyddslagen och str\u00e5lskyddsf\u00f6rordningen med inneb\u00f6rden att en regional etikpr\u00f6vningsn\u00e4mnd, i samband med pr\u00f6vningen av forskningsprojekt som inneb\u00e4r medicinsk exponering, fastst\u00e4ller dosrestriktioner f\u00f6r frivilliga f\u00f6rs\u00f6kspersoner i forskningsprojekt om personerna inte f\u00f6rv\u00e4ntas f\u00e5 n\u00e5gon medicinsk f\u00f6rdel av exponeringen. Myndigheten f\u00f6resl\u00e5r \u00e4ven en rad f\u00f6r\u00e4ndringar i andra lagar och f\u00f6rordningar. Till exempel f\u00f6resl\u00e5s att l\u00e4randem\u00e5len i h\u00f6gskolef\u00f6rordningen f\u00f6r l\u00e4kare och tandl\u00e4kare kompletteras med konkreta l\u00e4randem\u00e5l som r\u00f6r medicinska och odontologiska exponeringar. Str\u00e5ls\u00e4kerhetsmyndigheten f\u00f6resl\u00e5r dessutom att en specialistkompetensutbildning inf\u00f6rs f\u00f6r legitimerade sjukhusfysiker p\u00e5 motsvarande s\u00e4tt som idag finns f\u00f6r l\u00e4kare och tandl\u00e4kare. Av denna anledning har Socialstyrelsen har startat ett projekt f\u00f6r att ta fram f\u00f6reskrifter och m\u00e5lbeskrivningar f\u00f6r utbildningen.&lt;br&gt;&lt;\/p&gt;\n                 &lt;p&gt; &lt;\/p&gt;\n                 &lt;p&gt;Med reservation f\u00f6r eventuella f\u00f6r\u00e4ndringar i lagr\u00e5dsremissen som ber\u00e4knas komma ut f\u00f6re sommaren.&lt;\/p&gt; \n                &lt;br&gt;&lt;br&gt;\"\n            data-category=\"Allm\u00e4n f\u00f6rel\u00e4sning\"\n            data-category-ids=\"1003\"\n            data-span-all=\"\"\n                      >\n\n            <div class=\"event_content\">\n              <div class=\"title\">\n                                <span>Radiofysik - SSM - Nya krav inom str\u00e5lskyddsomr\u00e5det<\/span>\n              <\/div>\n              <div class=\"span_room\"><span><\/span><\/div>\n              <div class=\"time\">\n                <span>\n                  13:30-15:00                <\/span><\/div>\n\n              <div class=\"lecturer\"><span>Ann-Louis  S\u00f6derman; Anders Frank; Ragnhild Mogren<\/span><\/div>\n            <\/div>\n\n\n                                <div style=\"background-color:#FF9933; position: absolute !important ; height: 4px !important; left: 4px; right: 4px; bottom : 2px !important;  border\"><\/div>\n            \n          <\/div>\n\n      \n          <div class=\"event \"\n            data-id=\"1145\"\n            data-project=\"project_276_2017_03_27\"\n            data-title=\"Hands-on workshop: Nedre extremitet.\"\n            data-abs-nbr=\"\"\n            data-ystart=\"13.5\"\n            data-yend=\"16\"\n            data-time=\"13:30-16:00\"\n            data-room=\"14\"\n            data-room-id=\"1015\"\n            data-room-name=\"Loge 6\"\n            data-day=\"2\"\n            data-abs-path=\"\"\n            data-speaker=\"Gina Allen; David Wilson\"\n            data-speakercell=\"Gina Allen; David Wilson\"\n            data-info=\" \n                 &lt;p&gt;&lt;em&gt;Tr\u00e4na ultraljudsteknik &quot;live&quot; med David Wilson, Gina Allen och Svensk F\u00f6rening f\u00f6r Medicinsk Ultraljudsteknik&lt;\/em&gt;&lt;br&gt;&lt;\/p&gt; \n                &lt;br&gt;&lt;br&gt;\"\n            data-category=\"Ultraljudsf\u00f6reningens hands-on\"\n            data-category-ids=\"1015\"\n            data-span-all=\"\"\n                      >\n\n            <div class=\"event_content\">\n              <div class=\"title\">\n                                <span>Hands-on workshop: Nedre extremitet.<\/span>\n              <\/div>\n              <div class=\"span_room\"><span><\/span><\/div>\n              <div class=\"time\">\n                <span>\n                  13:30-16:00                <\/span><\/div>\n\n              <div class=\"lecturer\"><span>Gina Allen; David Wilson<\/span><\/div>\n            <\/div>\n\n\n                                <div style=\"background-color:#FFCCFF; position: absolute !important ; height: 4px !important; left: 4px; right: 4px; bottom : 2px !important;  border\"><\/div>\n            \n          <\/div>\n\n      \n          <div class=\"event \"\n            data-id=\"1137\"\n            data-project=\"project_276_2017_03_27\"\n            data-title=\"SFNM - PET\/MR i visualisering och kantifiering; Erfarenheter fr\u00e5n Uppsala &amp; Ume\u00e5\"\n            data-abs-nbr=\"\"\n            data-ystart=\"13.5\"\n            data-yend=\"15\"\n            data-time=\"13:30-15:00\"\n            data-room=\"4\"\n            data-room-id=\"1004\"\n            data-room-name=\"Operan\"\n            data-day=\"2\"\n            data-abs-path=\"\"\n            data-speaker=\"Mikael Skorpil; Sara Strandberg; Ezgi Ilan\"\n            data-speakercell=\"Mikael Skorpil; Sara Strandberg; Ezgi Ilan\"\n            data-info=\" \n                 &lt;p&gt;1.&quot;Multiparametrisk PET\/MR\u201d -&lt;em&gt;&amp;nbsp;Mikael Skorpil, \u00d6verl\u00e4kare, Bild- och Funktionsmedicin, Akademiska Sjukhuset, Uppsala&amp;nbsp;&lt;\/em&gt;&lt;\/p&gt; \n                 &lt;p&gt;&amp;nbsp;2. &quot;PSMA-PET\/MR vid intermedi\u00e4r- och h\u00f6grisk prostatacancer\u201d -&lt;em&gt;&amp;nbsp;Sara Strandberg, \u00d6verl\u00e4kare Radiologi\/Nuklearmedicin, BFM, Norrlands Universitetssjukhus, Ume\u00e5.&lt;\/em&gt;&lt;\/p&gt; \n                 &lt;p&gt;3. &quot;Kvantifiering och visualisering av 68Ga-DOTATOC-upptag vid PET\/MR och PET\/CT\u201d -&lt;em&gt;&amp;nbsp;Ezgi Ilan, Doktorand, Sjukhusfysik\/PET-centrum, Akademiska Sjukhuset, Uppsala&amp;nbsp;&lt;\/em&gt;&lt;\/p&gt; \n                &lt;br&gt;&lt;br&gt;\"\n            data-category=\"SFMR - Delf\u00f6reningar\"\n            data-category-ids=\"1006\"\n            data-span-all=\"\"\n                      >\n\n            <div class=\"event_content\">\n              <div class=\"title\">\n                                <span>SFNM - PET\/MR i visualisering och kantifiering; Erfarenheter fr\u00e5n Uppsala & Ume\u00e5<\/span>\n              <\/div>\n              <div class=\"span_room\"><span><\/span><\/div>\n              <div class=\"time\">\n                <span>\n                  13:30-15:00                <\/span><\/div>\n\n              <div class=\"lecturer\"><span>Mikael Skorpil; Sara Strandberg; Ezgi Ilan<\/span><\/div>\n            <\/div>\n\n\n                                <div style=\"background-color:#6699CC; position: absolute !important ; height: 4px !important; left: 4px; right: 4px; bottom : 2px !important;  border\"><\/div>\n            \n          <\/div>\n\n      \n          <div class=\"event \"\n            data-id=\"1146\"\n            data-project=\"project_276_2017_03_27\"\n            data-title=\"RAM-kurs\"\n            data-abs-nbr=\"\"\n            data-ystart=\"13.5\"\n            data-yend=\"16\"\n            data-time=\"13:30-16:00\"\n            data-room=\"15\"\n            data-room-id=\"1016\"\n            data-room-name=\"Loge 5\"\n            data-day=\"2\"\n            data-abs-path=\"\"\n            data-speaker=\"Staffan Wirell; Anders von Heijne; Marcus Casselgren; Charalampos Georgiopoulos; Kada Karlsson; Joar Bj\u00f6rk\"\n            data-speakercell=\"Staffan Wirell; Anders von Heijne; Marcus Casselgren; Charalampos Georgiopoulos; Kada Karlsson; Joar Bj\u00f6rk\"\n            data-info=\"\"\n            data-category=\"RAM-kurs\"\n            data-category-ids=\"1016\"\n            data-span-all=\"\"\n                      >\n\n            <div class=\"event_content\">\n              <div class=\"title\">\n                                <span>RAM-kurs<\/span>\n              <\/div>\n              <div class=\"span_room\"><span><\/span><\/div>\n              <div class=\"time\">\n                <span>\n                  13:30-16:00                <\/span><\/div>\n\n              <div class=\"lecturer\"><span>Staffan Wirell; Anders von Heijne; Marcus Casselgren; Charalampos Georgiopoulos; Kada Karlsson; Joar Bj\u00f6rk<\/span><\/div>\n            <\/div>\n\n\n                                <div style=\"background-color:#66FFCC; position: absolute !important ; height: 4px !important; left: 4px; right: 4px; bottom : 2px !important;  border\"><\/div>\n            \n          <\/div>\n\n      \n          <div class=\"event \"\n            data-id=\"1144\"\n            data-project=\"project_276_2017_03_27\"\n            data-title=\"Hands-on workshop: Nedre extremitet.\"\n            data-abs-nbr=\"\"\n            data-ystart=\"13.5\"\n            data-yend=\"16\"\n            data-time=\"13:30-16:00\"\n            data-room=\"13\"\n            data-room-id=\"1014\"\n            data-room-name=\"Loge 4\"\n            data-day=\"2\"\n            data-abs-path=\"\"\n            data-speaker=\"David Wilson; Gina Allen\"\n            data-speakercell=\"David Wilson; Gina Allen\"\n            data-info=\" \n                 &lt;p&gt;&lt;em&gt;Tr\u00e4na ultraljudsteknik &quot;live&quot; med David Wilson, Gina Allen och Svensk F\u00f6rening f\u00f6r Medicinsk Ultraljudsteknik&lt;\/em&gt;&lt;br&gt;&lt;\/p&gt; \n                &lt;br&gt;&lt;br&gt;\"\n            data-category=\"Ultraljudsf\u00f6reningens hands-on\"\n            data-category-ids=\"1015\"\n            data-span-all=\"\"\n                      >\n\n            <div class=\"event_content\">\n              <div class=\"title\">\n                                <span>Hands-on workshop: Nedre extremitet.<\/span>\n              <\/div>\n              <div class=\"span_room\"><span><\/span><\/div>\n              <div class=\"time\">\n                <span>\n                  13:30-16:00                <\/span><\/div>\n\n              <div class=\"lecturer\"><span>David Wilson; Gina Allen<\/span><\/div>\n            <\/div>\n\n\n                                <div style=\"background-color:#FFCCFF; position: absolute !important ; height: 4px !important; left: 4px; right: 4px; bottom : 2px !important;  border\"><\/div>\n            \n          <\/div>\n\n      \n          <div class=\"event \"\n            data-id=\"1139\"\n            data-project=\"project_276_2017_03_27\"\n            data-title=\"SFMR - Kvalitetsdag: &quot;Integration - v\u00e4gen till framg\u00e5ng&quot;\"\n            data-abs-nbr=\"\"\n            data-ystart=\"13.5\"\n            data-yend=\"15\"\n            data-time=\"13:30-15:00\"\n            data-room=\"6\"\n            data-room-id=\"1007\"\n            data-room-name=\"Studion\"\n            data-day=\"2\"\n            data-abs-path=\"\"\n            data-speaker=\"Stefan  Thunberg; Carl Bladh; Marit Johannesson; Peter \u00d6rn; Jonas Hugosson\"\n            data-speakercell=\"Stefan  Thunberg; Carl Bladh; Marit Johannesson; Peter \u00d6rn; Jonas Hugosson\"\n            data-info=\"&lt;b&gt;Moderatorer: &lt;\/b&gt;John Brandberg&lt;br&gt;&lt;br&gt; \n                 &lt;p&gt;&lt;span style=&quot;font-weight: bold;&quot;&gt;Integration - v\u00e4gen till framg\u00e5ng&lt;\/span&gt;&lt;br&gt;&lt;br&gt;13.30 - 13.45 DosReg SSMs webverktyg f\u00f6r insamling av DSD samt st\u00f6d f\u00f6r optimering av unders\u00f6kningsprotokoll.&lt;span style=&quot;font-style: italic;&quot;&gt; Stefan Thunberg, Str\u00e5ls\u00e4kerhetsmyndigheten&lt;\/span&gt;&lt;br&gt;&lt;br&gt;Str\u00e5ls\u00e4kerhetsmyndigheten har sedan 2002 kr\u00e4vt att sjukv\u00e5rden m\u00e4ter och rapporterar diagnostiska standarddoser (DSD), uppgifterna har sedan utgjort underlag f\u00f6r fastst\u00e4llande av diagnostiska referensniv\u00e5er (DRN). Insamling av DSD data har skett vid tre tillf\u00e4llen och Str\u00e5ls\u00e4kerhetsmyndigheten har d\u00e4refter publicerat rapporter 2-3 \u00e5r efter det att data rapporterats in. Systemet har visat sig vara mycket effektivt f\u00f6r att minska str\u00e5ldoserna till befolkningen och \u00e5rligen avstyrs ca 1000 manSv. D\u00e4remot har det kr\u00e4vt stora resurser fr\u00e5n s\u00e5v\u00e4l sjukv\u00e5rden som myndigheten. Syftet med att utveckla ett webverktyg f\u00f6r myndigheten har huvudsakligen varit att effektivisera hela processen fr\u00e5n insamling till analys och fastst\u00e4llande av nya eller reviderade DRN. Men ocks\u00e5 f\u00f6r att samla in underlag f\u00f6r skattning av populationsdoser. DosReg ger anv\u00e4ndaren i realtid en \u00e5terkoppling p\u00e5 hur de inrapporterade DSD ligger i f\u00f6rh\u00e5llande till av myndigheten fastst\u00e4llda DRN, samt hur den egna kliniken ligger till i j\u00e4mf\u00f6relse med andra kliniker i landet som utf\u00f6r samma unders\u00f6kning. Webverktyget ger \u00e4ven tillg\u00e5ng till andra klinikers protokoll och DSD, vilket ger ett bra st\u00f6d i optimeringsprocessen. M\u00e5let \u00e4r att DosReg under 2017 skall finnas f\u00f6r sex modaliteter; datortomografi, nuklearmedicin, mammografi, konventionell r\u00f6ntgen, interventioner och CBCT (dental). Under 2017 skall DSD data samlas in f\u00f6r att ligga till grunden f\u00f6r nya DRN, som inf\u00f6rs under 2018.&lt;br&gt;&lt;br&gt;13.45 - 13.55 Action Week - Granskning av ber\u00e4ttigandeprocessen i Europa.&amp;nbsp;&lt;em&gt;Carl Bladh, St\u00e5rls\u00e4kerhetsmyndigheten&lt;br&gt;&lt;\/em&gt;&lt;br&gt;I november 2016 genomf\u00f6rde Str\u00e5ls\u00e4kerhetsmyndigheten (SSM) tillsammans med 17 andra europeiska l\u00e4nder en granskning av ber\u00e4ttigandeprocessen inom r\u00f6ntgendiagnostik. Granskningen gick under namnet \u201dAction Week\u201d och involverade 15 radiologiska kliniker i Sverige och totalt 142 kliniker i Europa. Syftet med granskningen var att \u00f6ka medvetenheten kring ber\u00e4ttigandefr\u00e5gor inom radiologin. M\u00e5let var att kartl\u00e4gga och utv\u00e4rdera hur olika delar i ber\u00e4ttigandeprocessen utf\u00f6rs och identifiera eventuella f\u00f6rb\u00e4ttringsomr\u00e5den samt sprida resultatet mellan EU:s medlemsstater. Granskningen genomf\u00f6rdes utifr\u00e5n en gemensam europeisk granskningsmall. Mallen togs fram av arbetsgruppen f\u00f6r medicinska till\u00e4mpningar inom HERCA, en sammanslutning av f\u00f6retr\u00e4dare f\u00f6r de europeiska str\u00e5ls\u00e4kerhetsmyndigheterna. I samband med granskningen intervjuades i huvudsak radiologer med ansvar f\u00f6r ber\u00e4ttigandebed\u00f6mning (radiologisk ledningsfunktion) och r\u00f6ntgensjuksk\u00f6terskor som utf\u00f6r unders\u00f6kningarna. I granskningen ingick \u00e4ven att bed\u00f6ma remissinneh\u00e5llet och kvalit\u00e9n p\u00e5 remisser till datortomografi och konventionell r\u00f6ntgen. Den svenska granskningen visar att i stort s\u00e4tt alla r\u00f6ntgenkliniker har skriftliga rutiner f\u00f6r bed\u00f6mning av ber\u00e4ttigande. D\u00e4remot \u00e4r remittenternas ansvar f\u00f6r ber\u00e4ttigandebed\u00f6mning otydligt beskrivet. Radiologer prioriterar och ber\u00e4ttigandebed\u00f6mer alla r\u00f6ntgenremisser f\u00f6rutom remisser till konventionell r\u00f6ntgen. Vidare framkommer att inneh\u00e5llet och kvalit\u00e9n p\u00e5 remisser till r\u00f6ntgen generellt \u00e4r h\u00f6g. D\u00e4remot saknas ofta direkta kontaktv\u00e4gar mellan den radiolog som prioriterar unders\u00f6kningen och prim\u00e4rv\u00e5rdens remittenter, vilket i m\u00e5nga fall f\u00f6rsv\u00e5rar komplettering av remissinneh\u00e5llet. Det \u00e4r i m\u00e5nga fall ocks\u00e5 oklart om r\u00f6ntgenklinikerna har mandat att \u00e4ndra eller styra om beg\u00e4rda unders\u00f6kningar till andra unders\u00f6kningstyper eller modaliteter. I kombination med stort remissfl\u00f6de kan det bidra till att icke ber\u00e4ttigade och suboptimala unders\u00f6kningar \u00e4nd\u00e5 utf\u00f6rs. Det framkom ocks\u00e5 att beslutst\u00f6d f\u00f6r remittenter delvis finns i form av de standardiserade v\u00e5rdf\u00f6rloppen men vanligtvis inte f\u00f6r \u00f6vriga fr\u00e5gest\u00e4llningar. Granskningen visar ocks\u00e5 att f\u00e5 remittenter och radiologiska kliniker har tillg\u00e5ng till uppgifter g\u00e4llande vilka str\u00e5ldoser olika unders\u00f6kningar \u00e4r f\u00f6rknippade med.&amp;nbsp;&lt;br&gt;&lt;br&gt;&lt;\/p&gt; \n                 &lt;p&gt;13.55 - 14.10 Kvalitetss\u00e4kring inom SCAPIS-projektet.&amp;nbsp;&lt;em&gt;Marit Johannesson&lt;\/em&gt;&lt;\/p&gt; \n                 &lt;p&gt;14.10 - 14.35 N\u00e4r livet skakar till.&amp;nbsp;&lt;em&gt;Reflektion av Peter \u00d6rn om att vara cancerpatient&lt;\/em&gt;&lt;\/p&gt; \n                 &lt;p&gt;14.35 - 14.55 MR-prostata, att \u00e4ndra hur vi tar hand om patienten.&amp;nbsp;&lt;em&gt;Jonas Hugosson&lt;\/em&gt;&lt;\/p&gt; \n                 &lt;p&gt;14.55 - 15.00 Avslutande kommentarer&lt;\/p&gt; \n                &lt;br&gt;&lt;br&gt;\"\n            data-category=\"SFMR - Svensk F\u00f6rening f\u00f6r Medicinsk Radiologi\"\n            data-category-ids=\"1004\"\n            data-span-all=\"\"\n                      >\n\n            <div class=\"event_content\">\n              <div class=\"title\">\n                                <span>SFMR - Kvalitetsdag: \"Integration - v\u00e4gen till framg\u00e5ng\"<\/span>\n              <\/div>\n              <div class=\"span_room\"><span><\/span><\/div>\n              <div class=\"time\">\n                <span>\n                  13:30-15:00                <\/span><\/div>\n\n              <div class=\"lecturer\"><span>Stefan  Thunberg; Carl Bladh; Marit Johannesson; Peter \u00d6rn; Jonas Hugosson<\/span><\/div>\n            <\/div>\n\n\n                                <div style=\"background-color:#0099FF; position: absolute !important ; height: 4px !important; left: 4px; right: 4px; bottom : 2px !important;  border\"><\/div>\n            \n          <\/div>\n\n      \n          <div class=\"event \"\n            data-id=\"1143\"\n            data-project=\"project_276_2017_03_27\"\n            data-title=\"M\u00f6te Region \u00d6sterg\u00f6tland\"\n            data-abs-nbr=\"\"\n            data-ystart=\"13.5\"\n            data-yend=\"16\"\n            data-time=\"13:30-16:00\"\n            data-room=\"12\"\n            data-room-id=\"1013\"\n            data-room-name=\"Pressl\u00e4ktaren\"\n            data-day=\"2\"\n            data-abs-path=\"\"\n            data-speaker=\"Liselotte Joelsson\"\n            data-speakercell=\"Liselotte Joelsson\"\n            data-info=\"\"\n            data-category=\"\"\n            data-category-ids=\"\"\n            data-span-all=\"\"\n                      >\n\n            <div class=\"event_content\">\n              <div class=\"title\">\n                                <span>M\u00f6te Region \u00d6sterg\u00f6tland<\/span>\n              <\/div>\n              <div class=\"span_room\"><span><\/span><\/div>\n              <div class=\"time\">\n                <span>\n                  13:30-16:00                <\/span><\/div>\n\n              <div class=\"lecturer\"><span>Liselotte Joelsson<\/span><\/div>\n            <\/div>\n\n\n            \n          <\/div>\n\n      \n          <div class=\"event \"\n            data-id=\"1136\"\n            data-project=\"project_276_2017_03_27\"\n            data-title=\"SFGAR - Radiologi i SVF lever och pancreas\"\n            data-abs-nbr=\"\"\n            data-ystart=\"13.5\"\n            data-yend=\"15\"\n            data-time=\"13:30-15:00\"\n            data-room=\"3\"\n            data-room-id=\"1003\"\n            data-room-name=\"Musikalen\"\n            data-day=\"2\"\n            data-abs-path=\"\"\n            data-speaker=\"Mats Andersson; Nikolaos Kartalis\"\n            data-speakercell=\"Mats Andersson; Nikolaos Kartalis\"\n            data-info=\"&lt;b&gt;Moderatorer: &lt;\/b&gt;Elisabet Axelsson&lt;br&gt;&lt;br&gt; \n                 &lt;p&gt;13:30 - 15:00 Radiologi i SVF lever och pancreas &lt;br&gt;&lt;br&gt;Levercancer: Mats Andersson Sahlgrenska Universitetssjkhuset G\u00f6teborg &lt;br&gt;Pancreascancer: Nikolaos Kartalis Karolinska Universitetssjukhuset Stockholm&lt;br&gt;&lt;\/p&gt; \n                &lt;br&gt;&lt;br&gt;\"\n            data-category=\"SFMR - Delf\u00f6reningar\"\n            data-category-ids=\"1006\"\n            data-span-all=\"\"\n                      >\n\n            <div class=\"event_content\">\n              <div class=\"title\">\n                                <span>SFGAR - Radiologi i SVF lever och pancreas<\/span>\n              <\/div>\n              <div class=\"span_room\"><span><\/span><\/div>\n              <div class=\"time\">\n                <span>\n                  13:30-15:00                <\/span><\/div>\n\n              <div class=\"lecturer\"><span>Mats Andersson; Nikolaos Kartalis<\/span><\/div>\n            <\/div>\n\n\n                                <div style=\"background-color:#6699CC; position: absolute !important ; height: 4px !important; left: 4px; right: 4px; bottom : 2px !important;  border\"><\/div>\n            \n          <\/div>\n\n      \n          <div class=\"event \"\n            data-id=\"1142\"\n            data-project=\"project_276_2017_03_27\"\n            data-title=\"SFMU\"\n            data-abs-nbr=\"\"\n            data-ystart=\"13.5\"\n            data-yend=\"15\"\n            data-time=\"13:30-15:00\"\n            data-room=\"11\"\n            data-room-id=\"1012\"\n            data-room-name=\"Solot\"\n            data-day=\"2\"\n            data-abs-path=\"\"\n            data-speaker=\"\"\n            data-speakercell=\"\"\n            data-info=\"\"\n            data-category=\"SFMR - Delf\u00f6reningar\"\n            data-category-ids=\"1006\"\n            data-span-all=\"\"\n                      >\n\n            <div class=\"event_content\">\n              <div class=\"title\">\n                                <span>SFMU<\/span>\n              <\/div>\n              <div class=\"span_room\"><span><\/span><\/div>\n              <div class=\"time\">\n                <span>\n                  13:30-15:00                <\/span><\/div>\n\n              \n            <\/div>\n\n\n                                <div style=\"background-color:#6699CC; position: absolute !important ; height: 4px !important; left: 4px; right: 4px; bottom : 2px !important;  border\"><\/div>\n            \n          <\/div>\n\n      \n          <div class=\"event \"\n            data-id=\"1141\"\n            data-project=\"project_276_2017_03_27\"\n            data-title=\"Odont R\u00f6ntgen i r\u00e4ttsodontologins tj\u00e4nst\"\n            data-abs-nbr=\"\"\n            data-ystart=\"13.5\"\n            data-yend=\"15\"\n            data-time=\"13:30-15:00\"\n            data-room=\"10\"\n            data-room-id=\"1011\"\n            data-room-name=\"Duetten\"\n            data-day=\"2\"\n            data-abs-path=\"\"\n            data-speaker=\"Eva Borg\"\n            data-speakercell=\"Eva Borg\"\n            data-info=\"\"\n            data-category=\"SFMR - Delf\u00f6reningar\"\n            data-category-ids=\"1006\"\n            data-span-all=\"\"\n                      >\n\n            <div class=\"event_content\">\n              <div class=\"title\">\n                                <span>Odont R\u00f6ntgen i r\u00e4ttsodontologins tj\u00e4nst<\/span>\n              <\/div>\n              <div class=\"span_room\"><span><\/span><\/div>\n              <div class=\"time\">\n                <span>\n                  13:30-15:00                <\/span><\/div>\n\n              <div class=\"lecturer\"><span>Eva Borg<\/span><\/div>\n            <\/div>\n\n\n                                <div style=\"background-color:#6699CC; position: absolute !important ; height: 4px !important; left: 4px; right: 4px; bottom : 2px !important;  border\"><\/div>\n            \n          <\/div>\n\n      \n          <div class=\"event \"\n            data-id=\"1135\"\n            data-project=\"project_276_2017_03_27\"\n            data-title=\"Management of Terrorist Attack Situation Paris, November 2015\"\n            data-abs-nbr=\"\"\n            data-ystart=\"13.5\"\n            data-yend=\"15\"\n            data-time=\"13:30-15:00\"\n            data-room=\"1\"\n            data-room-id=\"1002\"\n            data-room-name=\"Crusellhallen\"\n            data-day=\"2\"\n            data-abs-path=\"\"\n            data-speaker=\"Philippe Gerson\"\n            data-speakercell=\"Philippe Gerson\"\n            data-info=\"&lt;b&gt;Moderatorer: &lt;\/b&gt;Peter Aspelin&lt;br&gt;&lt;br&gt; \n                 &lt;p&gt;This presentation traces the history of the attacks that took place around my hospital the \u00ab H\u00f4tel-Dieu of Paris \u00bb from 1982 up to the november 13th, 2015 attack. This practice of a difficult and complicated situation gave me the possibility to manage the november 13th, 2015 week end. Thanks to images from my colleagues from other Paris hospitals, you will be able to see the atrocity of war wounds and how much the presence of radiographers is important. Other post-mortem images will show you the importance of forensic radiology in this type of event. Otherwise, the psychological support given to the patients and those involved remains an important element in the management of such a situation.&lt;br&gt;&lt;\/p&gt; \n                &lt;br&gt;&lt;br&gt;\"\n            data-category=\"Allm\u00e4n f\u00f6rel\u00e4sning\"\n            data-category-ids=\"1003\"\n            data-span-all=\"\"\n                      >\n\n            <div class=\"event_content\">\n              <div class=\"title\">\n                                <span>Management of Terrorist Attack Situation Paris, November 2015<\/span>\n              <\/div>\n              <div class=\"span_room\"><span><\/span><\/div>\n              <div class=\"time\">\n                <span>\n                  13:30-15:00                <\/span><\/div>\n\n              <div class=\"lecturer\"><span>Philippe Gerson<\/span><\/div>\n            <\/div>\n\n\n                                <div style=\"background-color:#FF9933; position: absolute !important ; height: 4px !important; left: 4px; right: 4px; bottom : 2px !important;  border\"><\/div>\n            \n          <\/div>\n\n      \n          <div class=\"event \"\n            data-id=\"1181\"\n            data-project=\"project_276_2017_03_27\"\n            data-title=\"Kaffe &amp; Utst\u00e4llning\"\n            data-abs-nbr=\"\"\n            data-ystart=\"15\"\n            data-yend=\"15.75\"\n            data-time=\"15:00-15:45\"\n            data-room=\"0\"\n            data-room-id=\"-1\"\n            data-room-name=\"-Ej specificerad-\"\n            data-day=\"2\"\n            data-abs-path=\"\"\n            data-speaker=\"\"\n            data-speakercell=\"\"\n            data-info=\"\"\n            data-category=\"\"\n            data-category-ids=\"\"\n            data-span-all=\"\"\n                      >\n\n            <div class=\"event_content\">\n              <div class=\"title\">\n                                <span>Kaffe & Utst\u00e4llning<\/span>\n              <\/div>\n              <div class=\"span_room\"><span><\/span><\/div>\n              <div class=\"time\">\n                <span>\n                  15:00-15:45                <\/span><\/div>\n\n              \n            <\/div>\n\n\n            \n          <\/div>\n\n      \n          <div class=\"event \"\n            data-id=\"1152\"\n            data-project=\"project_276_2017_03_27\"\n            data-title=\"MTF - Nya akutr\u00f6ntgen samt reservkraftsanl\u00e4ggning US - STUDIEBES\u00d6K\"\n            data-abs-nbr=\"\"\n            data-ystart=\"15.75\"\n            data-yend=\"16.75\"\n            data-time=\"15:45-16:45\"\n            data-room=\"20\"\n            data-room-id=\"1021\"\n            data-room-name=\"Nya akutr\u00f6ntgen - Studiebes\u00f6k\"\n            data-day=\"2\"\n            data-abs-path=\"\"\n            data-speaker=\"Anna-Carolina Djupman; Maria Lindblom; Bror-Anders Larsson\"\n            data-speakercell=\"Anna-Carolina Djupman; Maria Lindblom; Bror-Anders Larsson\"\n            data-info=\"&lt;b&gt;Moderatorer: &lt;\/b&gt;Tobias Lindbergh&lt;br&gt;&lt;br&gt; \n                 &lt;p&gt;Guider: &lt;br&gt;Anna-Carolina Djupman, r\u00f6ntgensjuksk\u00f6terska, R\u00f6ntgenkliniken US, Region \u00d6sterg\u00f6tland &lt;br&gt;Maria Lindblom, \u00f6verl\u00e4kare, R\u00f6ntgenkliniken US, Region \u00d6sterg\u00f6tland &lt;br&gt;Bror-Anders Larsson, elingenj\u00f6r, Veolia AB &lt;br&gt;&lt;br&gt;Moderator: Tobias Lindbergh, Projektledare Medicinsk teknik och IT, Region \u00d6sterg\u00f6tland &lt;br&gt;&lt;br&gt;&lt;span style=&quot;font-weight: bold;&quot;&gt;Akuten&lt;\/span&gt;&lt;br&gt;Nya akutmottagningen p\u00e5 US togs i drift natten mellan 27-28 September 2016, ligger v\u00e4gg i v\u00e4gg med f\u00f6rlossningen, och samlar all akut v\u00e5rd vid sjukhuset. En hiss fr\u00e5n den nya helikopterplattan p\u00e5 taket f\u00f6r direkt till akuten. I bed\u00f6mningsrum invid ett v\u00e4ntrum avg\u00f6r akutl\u00e4kare hur snabbt patienten beh\u00f6ver komma i v\u00e5rd. Akuten har tre stora traumarum alldeles invid den nya ambulanshallen, och nio rum f\u00f6r \u201dvanligt\u201d akut sjuka patienter. Lokalerna \u00e4r planerade med ett smidigt fl\u00f6de av patienter i centrum. I direkt anslutning till traumarummen ligger akutr\u00f6ntgen, som huserar tv\u00e5 st. datortomografer med den senaste tekniken, tillsammans med ett mer traditionellt \u201dmulti\u201d- r\u00f6ntgenlab. N\u00e4r patienten slussas ut fr\u00e5n genomg\u00e5ngen r\u00f6ntgenunders\u00f6kning finns m\u00f6jlighet till direkt hiss-\/korridorstransport f\u00f6r vidare hantering inom sjukhusets olika kliniker, t.ex. operation. &lt;br&gt;&lt;br&gt;Studiebes\u00f6kets omfattning kommer att beh\u00f6va anpassas till den v\u00e5rdverksamhet som i stunden f\u00f6r bes\u00f6ket r\u00e5der vid akutkliniken. Fokus kommer dock att riktas mot den medicintekniska aspekten av planeringen, bygget och installationen av den medicintekniska apparaturen. &lt;br&gt;&lt;br&gt;&lt;span style=&quot;font-weight: bold;&quot;&gt;Reservkraftanl\u00e4ggningen&lt;\/span&gt; &lt;br&gt;I normala fall har sjukhuset flera fr\u00e5n varandra oberoende kraftmatningar fr\u00e5n stadens elf\u00f6rs\u00f6rjningsn\u00e4t. Reservkraftanl\u00e4ggningen best\u00e5r av tre st. dieselaggregat som har till uppgift att vid externt elkraftsbortfall f\u00f6rs\u00f6rja i f\u00f6rsta hand det s.k. prioriterade kraftn\u00e4tet inom sjukhuset. En exklusiv visning av denna anl\u00e4ggning kommer genomf\u00f6ras av Bror-Anders Larsson, som har gedigen erfarenhet inom b\u00e5de riskanalyser, planering och konstruktion av den nya anl\u00e4ggningen, samt installation och drift av anl\u00e4ggningen. &lt;br&gt;&lt;br&gt;&lt;span style=&quot;font-weight: bold;&quot;&gt;OBS: Antalet platser till b\u00e5da bes\u00f6ken \u00e4r begr\u00e4nsa&lt;\/span&gt;t, och tilldelningen kommer att prioriteras till f\u00f6rm\u00e5n f\u00f6r anm\u00e4lningskategorin \u201dtekniker\/IT\u201d. F\u00f6ranm\u00e4lan kr\u00e4vs genom att Ni skickar Ert namn, yrkestitel, sjukhustillh\u00f6righet samt mobiltelefonnummer till tobias.lindbergh@regionostergotland.se . Mer specifik information kommer att distribueras till de anm\u00e4lda via e-post senast dagen innan studiebes\u00f6ket.&lt;\/p&gt; \n                &lt;br&gt;&lt;br&gt;\"\n            data-category=\"MTF - Svensk f\u00f6rening f\u00f6r Medicinsk Teknik och Fysik\"\n            data-category-ids=\"1009\"\n            data-span-all=\"\"\n                      >\n\n            <div class=\"event_content\">\n              <div class=\"title\">\n                                <span>MTF - Nya akutr\u00f6ntgen samt reservkraftsanl\u00e4ggning US - STUDIEBES\u00d6K<\/span>\n              <\/div>\n              <div class=\"span_room\"><span><\/span><\/div>\n              <div class=\"time\">\n                <span>\n                  15:45-16:45                <\/span><\/div>\n\n              <div class=\"lecturer\"><span>Anna-Carolina Djupman; Maria Lindblom; Bror-Anders Larsson<\/span><\/div>\n            <\/div>\n\n\n                                <div style=\"background-color:#CCCC66; position: absolute !important ; height: 4px !important; left: 4px; right: 4px; bottom : 2px !important;  border\"><\/div>\n            \n          <\/div>\n\n      \n          <div class=\"event \"\n            data-id=\"1174\"\n            data-project=\"project_276_2017_03_27\"\n            data-title=\"Posterpresentationer\"\n            data-abs-nbr=\"\"\n            data-ystart=\"15.75\"\n            data-yend=\"16.75\"\n            data-time=\"15:45-16:45\"\n            data-room=\"21\"\n            data-room-id=\"1084\"\n            data-room-name=\"Balkongen i Garden\"\n            data-day=\"2\"\n            data-abs-path=\"\"\n            data-speaker=\"Johan Kihlberg; Jonas  M\u00e4ki; Maria Wilcke; Mariana Bustamente; Patricia Samuelsson; Per-Anders  Persson; Suzanne Witt\"\n            data-speakercell=\"Johan Kihlberg; Jonas  M\u00e4ki; Maria Wilcke; Mariana Bustamente; Patricia Samuelsson; Per-Anders  Persson; Suzanne Witt\"\n            data-info=\"&lt;b&gt;Moderatorer: &lt;\/b&gt;H\u00e5kan Gustafsson&lt;br&gt;&lt;br&gt; \n                 &lt;p&gt;Postrarna hittar ni p\u00e5 Balkongen i Garden ovanf\u00f6r utst\u00e4llningen.&lt;br&gt;&lt;\/p&gt; \n                 &lt;p&gt;&lt;em&gt;Moderator: H\u00e5kan Gustafsson, Norrk\u00f6ping&lt;\/em&gt;&lt;\/p&gt; \n                 &lt;p&gt;&lt;em&gt;1.&amp;nbsp;&lt;\/em&gt;Displacement encoding with Stimulated echoes (DENSE) is superior to feature tracking and tagging to detect abnormal left ventricular wall function by analyzing circumferential strain.&lt;br&gt;&lt;em&gt;Johan Kihlberg, Link\u00f6ping&lt;\/em&gt;&lt;\/p&gt; \n                 &lt;p&gt;&lt;em&gt;2.&amp;nbsp;&lt;\/em&gt;F\u00f6rekomst av sekund\u00e4r interventionskr\u00e4vande komplikation efter EVAR utf\u00f6rda vid Sunderby Sjukhus.&lt;br&gt;&lt;em&gt;Jonas M\u00e4ki, Lule\u00e5&lt;\/em&gt;&lt;\/p&gt; \n                 &lt;p&gt;3. Kliniskt v\u00e4rde av 3D-utskrift av handledsfrakturer \u2013 en pilotstudie&amp;nbsp;&lt;br&gt;&lt;em&gt;Maria K. Wilcke, Stockholm&lt;\/em&gt;&lt;\/p&gt; \n                 &lt;p&gt;4.&amp;nbsp;Generation of four-dimensional angiographic data from 4D Flow MRI:&lt;br&gt;&lt;em&gt;Mariana Bustamente, Link\u00f6ping&lt;\/em&gt;&lt;\/p&gt; \n                 &lt;p&gt;5.&amp;nbsp;J\u00e4mf\u00f6relse av olika radiologiska respons evalueringskriterier; RECIST 1,1, irRECIST, Choi and WHO.&lt;br&gt;&lt;em&gt;Patricia Samuelsson, Sk\u00f6vde&lt;\/em&gt;&lt;\/p&gt; \n                 &lt;p&gt;6.&amp;nbsp;Dynamiskt upptag av of&amp;nbsp;99mTc-DPD vid heredit\u00e4r hj\u00e4rtamyloidos, j\u00e4mf\u00f6relse av visuell gradering vid 30-minuter och 3-timmar&lt;br&gt;&lt;em&gt;Per-Anders Persson, Ume\u00e5&lt;\/em&gt;&lt;\/p&gt; \n                 &lt;p&gt;&lt;em&gt;7. G&lt;\/em&gt;ut permeability and the brain: a RS-fMRI and DTI study of the role of the brain-gut axis in IBS&lt;br&gt;&lt;em&gt;Suzanne Witt, Link\u00f6ping&lt;\/em&gt;&lt;\/p&gt; \n                &lt;br&gt;&lt;br&gt;\"\n            data-category=\"Vetenskapligt program\"\n            data-category-ids=\"1002\"\n            data-span-all=\"\"\n                      >\n\n            <div class=\"event_content\">\n              <div class=\"title\">\n                                <span>Posterpresentationer<\/span>\n              <\/div>\n              <div class=\"span_room\"><span><\/span><\/div>\n              <div class=\"time\">\n                <span>\n                  15:45-16:45                <\/span><\/div>\n\n              <div class=\"lecturer\"><span>Johan Kihlberg; Jonas  M\u00e4ki; Maria Wilcke; Mariana Bustamente; Patricia Samuelsson; Per-Anders  Persson; Suzanne Witt<\/span><\/div>\n            <\/div>\n\n\n                                <div style=\"background-color:#FF3333; position: absolute !important ; height: 4px !important; left: 4px; right: 4px; bottom : 2px !important;  border\"><\/div>\n            \n          <\/div>\n\n      \n          <div class=\"event \"\n            data-id=\"1149\"\n            data-project=\"project_276_2017_03_27\"\n            data-title=\"SFR - MR inom klinik och forskning: Ny arbetsmilj\u00f6lagstiftning\"\n            data-abs-nbr=\"\"\n            data-ystart=\"15.75\"\n            data-yend=\"16.75\"\n            data-time=\"15:45-16:45\"\n            data-room=\"5\"\n            data-room-id=\"1006\"\n            data-room-name=\"Spegelsalen\"\n            data-day=\"2\"\n            data-abs-path=\"\"\n            data-speaker=\"Peter Lundberg; Titti Owman; Johan Olsrud\"\n            data-speakercell=\"Peter Lundberg; Titti Owman; Johan Olsrud\"\n            data-info=\"&lt;b&gt;Moderatorer: &lt;\/b&gt;Irene Sandqvist&lt;br&gt;&lt;br&gt; \n                 &lt;p&gt;&lt;span style=&quot;font-weight: bold;&quot;&gt;MR inom klinik och forskning: Ny arbetsmilj\u00f6lagstiftning&lt;\/span&gt;, &lt;span style=&quot;font-style: italic;&quot;&gt;Peter Lundberg, Sjukhusfysiker, Link\u00f6ping&lt;\/span&gt;&lt;br&gt;&lt;br&gt;Hur m\u00e5nga har h\u00f6rt talas om AFS 2016:3? Detta \u00e4r en ny svensk lagstiftning som baseras p\u00e5 ett EU-direktiv som har formulerats under n\u00e4rmre 15 \u00e5r under delvis kontroversiella former. Lagstiftningen syftar till att skydda arbetstagare (allts\u00e5 ej patienter) fr\u00e5n eventuellt skadliga effekter av exponering av elektromagnetiska f\u00e4lt (statiska, l\u00e5gfrekventa samt radiofrekventa magnetf\u00e4lt, dvs EMF). Lagstiftningen avser egentligen generellt all EMF-exponering men av olika sk\u00e4l s\u00e5 har man valt att inf\u00f6ra ett undantag f\u00f6r just magnetresonanstomografi (MRT, MRI) eftersom alternativet vore f\u00f6r\u00f6dande f\u00f6r klinisk diagnostik. Det \u00e4r emellertid endast under vissa mycket speciella f\u00f6ruts\u00e4ttningar som detta undantag g\u00e4ller och d\u00e5 endast f\u00f6r direkta effekter. F\u00f6reskriften best\u00e5r av 34 paragrafer och 9 bilagor och det finns dessutom tv\u00e5 icke-bindande praktiska v\u00e4gledningar f\u00f6r att underl\u00e4tta till\u00e4mpningen av lagen som delvis \u00e4r otydligt formulerad (appendix F i volym 1 har st\u00f6rst relevans f\u00f6r MRT). Liksom med all annan arbetsmilj\u00f6lagstiftning s\u00e5 har arbetsgivaren ett stort ansvar f\u00f6r att AFS 2016:3 till\u00e4mpas i verksamheten, men \u00e4ven arbetstagare har givetvis ett ansvar f\u00f6r dess till\u00e4mpning. \u00c4ven om lagstiftningen avser all anv\u00e4ndning av s\u00e5dana EMF-f\u00e4lt (NMR, TMS, etc) s\u00e5 kommer endast medicinska till\u00e4mpningar av MRT att ber\u00f6ras h\u00e4r.&lt;br&gt;&lt;br&gt;&lt;span style=&quot;font-weight: bold;&quot;&gt;Riskbed\u00f6mning f\u00f6r MR enligt AFS 2016:3&lt;\/span&gt; T&lt;span style=&quot;font-style: italic;&quot;&gt;itti Owman, forskningssjuksk\u00f6terska och Johan Olsrud, Sjukhusfysiker Verksamhetsomr\u00e5de Bild och Funktion, Sk\u00e5nes Universitetssjukv\u00e5rd, Lund &lt;\/span&gt;&lt;br&gt;&lt;br&gt;Arbetsmilj\u00f6verkets f\u00f6reskrifter om elektromagnetiska f\u00e4lt, AFS 2016:3, tr\u00e4dde i kraft 1 juli 2016. Arbetsgivaren ska enligt dessa f\u00f6reskrifter \u201dbed\u00f6ma alla de risker, s\u00e5v\u00e4l direkta som indirekta, f\u00f6r arbetstagarna som uppst\u00e5r p\u00e5 grund av elektromagnetiska f\u00e4lt p\u00e5 arbetsplatsen\u201d. P\u00e5 VO Bild och Funktion i Lund har under 2017 riskbed\u00f6mningar genomf\u00f6rts f\u00f6r magnetkamerorna, d\u00e4r flera olika kategorier av arbetstagare \u00e4r exponerade f\u00f6r inte minst indirekta risker s\u00e5 som projektileffekt och effekter p\u00e5 implantat. Vi vill med denna presentation beskriva det praktiska tillv\u00e4gag\u00e5ngss\u00e4ttet och ge v\u00e5r syn p\u00e5 resultaten av bed\u00f6mningarna.&lt;br&gt;&lt;\/p&gt; \n                &lt;br&gt;&lt;br&gt;\"\n            data-category=\"SFR - Svensk F\u00f6rening f\u00f6r R\u00f6ntgensjuksk\u00f6terskor,Allm\u00e4n f\u00f6rel\u00e4sning\"\n            data-category-ids=\"1007,1003\"\n            data-span-all=\"\"\n                      >\n\n            <div class=\"event_content\">\n              <div class=\"title\">\n                                <span>SFR - MR inom klinik och forskning: Ny arbetsmilj\u00f6lagstiftning<\/span>\n              <\/div>\n              <div class=\"span_room\"><span><\/span><\/div>\n              <div class=\"time\">\n                <span>\n                  15:45-16:45                <\/span><\/div>\n\n              <div class=\"lecturer\"><span>Peter Lundberg; Titti Owman; Johan Olsrud<\/span><\/div>\n            <\/div>\n\n\n                                <div style=\"background-color:#33CC66; position: absolute !important ; height: 4px !important; left: 4px; right: 4px; bottom : 2px !important;  border\"><\/div>\n            \n          <\/div>\n\n      \n          <div class=\"event \"\n            data-id=\"1153\"\n            data-project=\"project_276_2017_03_27\"\n            data-title=\"SFR - Gemensam metodbok f\u00f6r skelettunders\u00f6kningar i \u00d6sterg\u00f6tland - en framg\u00e5ngssaga - Hur b\u00f6rjade vi?\"\n            data-abs-nbr=\"\"\n            data-ystart=\"15.75\"\n            data-yend=\"16.75\"\n            data-time=\"15:45-16:45\"\n            data-room=\"2\"\n            data-room-id=\"1005\"\n            data-room-name=\"Backstage\"\n            data-day=\"2\"\n            data-abs-path=\"\"\n            data-speaker=\"Lars Henriksen; Monica Nyberg; Claudia Weber\"\n            data-speakercell=\"Lars Henriksen; Monica Nyberg; Claudia Weber\"\n            data-info=\"&lt;b&gt;Moderatorer: &lt;\/b&gt;Maud Lund\u00e9n&lt;br&gt;&lt;br&gt; \n                 &lt;p&gt;&lt;span style=&quot;font-weight: bold;&quot;&gt;Syfte:&lt;\/span&gt; Samarbete b\u00f6rjade med att vi skulle skapa gemensamma metoder och h\u00e4ngningar (DDP) som skulle vara f\u00e4rdiga till PACS-sammanslagningen i l\u00e4net. Arbeta f\u00f6r en optimering och standardisering av metoder och metodb\u00f6cker inom l\u00e4net. Huvudtanken \u00e4r att utbyta kunskap och erfarenheter, erbjuda alla patienter en god och likartad kvalitet p\u00e5 alla unders\u00f6kningar och svar, f\u00f6renkla eftergranskning och minimera behovet av ex upprepade unders\u00f6kningar, orsakat av inadekvata skillnader inom l\u00e4net. Vi tycker att vi har en stor och viktig roll i att uppr\u00e4tth\u00e5lla kunskaperna i projektionsl\u00e4ran n\u00e4r det g\u00e4ller konventionella skelettunders\u00f6kningar. &lt;br&gt;&lt;br&gt;&lt;span style=&quot;font-weight: bold;&quot;&gt;Material och metoder: &lt;\/span&gt;Skelettgruppen i \u00d6sterg\u00f6tland tr\u00e4ffats 2 g\u00e5nger\/termin f\u00f6r att diskutera dessa fr\u00e5gor och det skrivs alltid ing\u00e5ende protokoll med noggranna instruktioner om vad som beh\u00f6ver \u00e4ndras samt vem ska g\u00f6ra den. Tidigt i projektet arbetade vi med att f\u00e5 gemensamma h\u00e4ngningar (DDP) i v\u00e5rt gemensamma PACS. Detta var ett mycket tids\u00f6dande arbete, men det visade sig vara mycket v\u00e4rdefullt f\u00f6r det fortsatta samarbetet i l\u00e4net. Vi har en gemensam metodbok n\u00e4r det g\u00e4ller konventionella skelettunders\u00f6kningar. Vi g\u00f6r inga metodf\u00f6r\u00e4ndringar utan att ta kontakt med varandra. Dessa kontakter sker oftast p\u00e5 sjuksk\u00f6terskeniv\u00e5 f\u00f6r att sedan informera ut till ber\u00f6rda personer. Vi har st\u00e4ndig kontakt med remittenter n\u00e4r det g\u00e4ller unders\u00f6kningsmetoder. &lt;br&gt;&lt;br&gt;&lt;span style=&quot;font-weight: bold;&quot;&gt;Resultat:&lt;\/span&gt; Skelettutbildning: Den f\u00f6rsta gruppen i skelettutbildningen startade den 2006-03-14 . Utbildningen inneh\u00e5ller f\u00f6rel\u00e4sningar av l\u00e4kare i 11 timmar, arbete i basgrupper (PBL) i 4 timmar samt praktiska \u00f6vningar ledda av sjuksk\u00f6terskor i 7 timmar. Utbildningstillf\u00e4llena \u00e4r f\u00f6rlagda till alla 3 sjukhusen, vilket har setts som viktigt i samarbetet. V\u00e5rt m\u00e5l \u00e4r att detta blir en \u00e5terkommande utbildning varje termin och att alla r\u00f6ntgensjuksk\u00f6terskor, som arbetar med skelettr\u00f6ntgen, ska f\u00e5 tillf\u00e4lle att g\u00e5 kursen. Kursen avslutas med en examination. Utredningsg\u00e5ng av ryggar: Gruppen har \u00e4ndrat f\u00f6rsta sidan och namnet p\u00e5 broschyren, s\u00e5 att det p\u00e5 ett b\u00e4ttre s\u00e4tt \u00e5terspeglar inneh\u00e5llet. Vi har kallat den f\u00f6r \u201d St\u00f6d till remittenter vid val av ryggunders\u00f6kning\u201d, vilket vi tycker \u00e4r ett mer passande namn. Policy om anv\u00e4ndandet av gonadskydd och kompression Metodbok f\u00f6r remittenter, vilka bilder\/omr\u00e5den avbildas n\u00e4r man beg\u00e4r en specifik unders\u00f6kning. &lt;br&gt;&lt;br&gt;&lt;span style=&quot;font-weight: bold;&quot;&gt;Konklusion:&lt;\/span&gt; B\u00e4ttre kvalit\u00e9 och h\u00f6gre patients\u00e4kerhet n\u00e4r vi har arbetat fram gemensamma metoder. Patienterna blir unders\u00f6kta med samma metoder oavsett p\u00e5 vilken r\u00f6ntgenklinik de blir unders\u00f6kta. Vi alla f\u00e5r \u00f6kade kunskaper om skelettetunders\u00f6kningar i form av f\u00f6rel\u00e4sningar, f\u00e5 \u00f6kade kunskaper i hur l\u00e4karna bed\u00f6mer bildkvalit\u00e9, repetera projektionsl\u00e4ran samt att skapa en samsyn g\u00e4llande metodval inom skelettradiologin i \u00d6sterg\u00f6tland. Remittenterna f\u00e5r de unders\u00f6kningar som de beh\u00f6ver i sitt kliniska arbete. Vi har optimerat b\u00e5de n\u00e4r det g\u00e4ller antal unders\u00f6kningar och gjort dosreduktioner. Inte att f\u00f6rgl\u00f6mma, s\u00e5 \u00e4r det mycket trevligt att tr\u00e4ffa och l\u00e4ra k\u00e4nna kollegor p\u00e5 andra r\u00f6ntgenavdelningar.&lt;br&gt;&lt;\/p&gt; \n                &lt;br&gt;&lt;br&gt;\"\n            data-category=\"SFR - Svensk F\u00f6rening f\u00f6r R\u00f6ntgensjuksk\u00f6terskor\"\n            data-category-ids=\"1007\"\n            data-span-all=\"\"\n                      >\n\n            <div class=\"event_content\">\n              <div class=\"title\">\n                                <span>SFR - Gemensam metodbok f\u00f6r skelettunders\u00f6kningar i \u00d6sterg\u00f6tland - en framg\u00e5ngssaga - Hur b\u00f6rjade vi?<\/span>\n              <\/div>\n              <div class=\"span_room\"><span><\/span><\/div>\n              <div class=\"time\">\n                <span>\n                  15:45-16:45                <\/span><\/div>\n\n              <div class=\"lecturer\"><span>Lars Henriksen; Monica Nyberg; Claudia Weber<\/span><\/div>\n            <\/div>\n\n\n                                <div style=\"background-color:#33CC66; position: absolute !important ; height: 4px !important; left: 4px; right: 4px; bottom : 2px !important;  border\"><\/div>\n            \n          <\/div>\n\n      \n          <div class=\"event \"\n            data-id=\"1151\"\n            data-project=\"project_276_2017_03_27\"\n            data-title=\"Radiofysik - Kvantitativ DT - b\u00e4ttre dosplaneringsunderlag f\u00f6r str\u00e5lterapi med nya tekniker\"\n            data-abs-nbr=\"\"\n            data-ystart=\"15.75\"\n            data-yend=\"16.75\"\n            data-time=\"15:45-16:45\"\n            data-room=\"9\"\n            data-room-id=\"1010\"\n            data-room-name=\"Operetten\"\n            data-day=\"2\"\n            data-abs-path=\"\"\n            data-speaker=\"Alexandr Malusek; Maria Magnusson; Gavin Poludniowski\"\n            data-speakercell=\"Alexandr Malusek; Maria Magnusson; Gavin Poludniowski\"\n            data-info=\"&lt;b&gt;Moderatorer: &lt;\/b&gt;Michael Sandborg&lt;br&gt;&lt;br&gt; \n                 &lt;p&gt;Abstract: Inf\u00f6r varje str\u00e5lbehandling g\u00f6rs noggranna dosber\u00e4kningar utg\u00e5ende fr\u00e5n information om patientens anatomi fr\u00e5n datortomografibilder. H\u00e4nsyn tas till s\u00e5v\u00e4l kroppens konturer som till egenskaper hos kroppens v\u00e4vnader (ben, muskel, fett etc.). Behandlingarna har hittills gjorts med linj\u00e4racceleratorer som levererar fotonstr\u00e5lning med h\u00f6ga energier. D\u00e5 beh\u00f6ver man bara ta h\u00e4nsyn till t\u00e4theten av elektroner i v\u00e4vnaderna d\u00e5 Comptonspridning dominerar och sker med elektroner oberoende av v\u00e4vnadstyp. Andra modaliteter inkluderar brachyterapi (som anv\u00e4nder fotoner av mycket l\u00e5ga energier fr\u00e5n radioaktiva str\u00e5lk\u00e4llor eller sm\u00e5 miniatyrr\u00f6ntgenr\u00f6r) samt extern bestr\u00e5lning med protoner som accelererats till h\u00f6ga energier. Med dessa modaliteter r\u00e4cker inte elektrondensiteten. Den foto-elektriska effekten (som \u00e4r starkt beroende av atomnummer) blir betydande vid l\u00e5ga fotonenergier och det blir viktigt att kunna best\u00e4mma f\u00f6rekomsten av olika grund\u00e4mnen som v\u00e4te, kol, syre etc. i v\u00e4vnaderna. P\u00e5 liknande s\u00e4tt \u00e4r energin som avges d\u00e5 protoner passerar genom kroppen beroende av v\u00e4vnadernas grund\u00e4mnessammans\u00e4ttning. H\u00e4r \u00e4r det speciellt viktigt att kunna f\u00f6ruts\u00e4ga var den karakteristiska Braggtoppen (dosmax) hamnar d\u00e5 riskorganen m\u00e5ste ligga bakom denna topp f\u00f6r att skyddas fr\u00e5n bestr\u00e5lning. Det \u00e4r d\u00e4rf\u00f6r angel\u00e4get att finna metoder som kan genomf\u00f6ra noggrann grund\u00e4mnesanalys f\u00f6r varje enskild patient d\u00e5 individuella variationer kan f\u00f6rekomma. Den linj\u00e4ra attenueringskoefficienten \u00e4r den storhet som ligger till grund f\u00f6r DT-talen i bilden. Denna \u00e4r en sammanv\u00e4gning av k\u00e4nda attenueringskoefficienter f\u00f6r de ing\u00e5ende grund\u00e4mnena och detta m\u00f6jligg\u00f6r grund\u00e4mnesanalysen. F\u00f6r analysen kr\u00e4vs att DT-talen inte \u00e4r beh\u00e4ftade med artefakter. Artefaktfria DT-bilder kan skapas t.ex. genom att anv\u00e4nda modellbaserad iterativa bildrekonstruktionsmetoder. H\u00e4r ber\u00e4knas bilden i flera upprepade steg d\u00e4r man i varje steg n\u00e4rmar sig en bild med de \u00f6nskade egenskaperna. Moderna datortomografer med tv\u00e5 str\u00e5lk\u00e4llor som samtidigt avbildar kroppen med tv\u00e5 olika r\u00f6ntgenspektra underl\u00e4ttar v\u00e4vnadsanalysen. Med ett ekvationssystem kan man ber\u00e4kna hur stor andel av en v\u00e4vnad som best\u00e5r av tre v\u00e4lk\u00e4nda basmaterial som vatten, fett och protein. Om man kan best\u00e4mma dessa andelar kan man ocks\u00e5 best\u00e4mma andelarna av de enskilda grund\u00e4mnena. Att kunna ta h\u00e4nsyn till patientens v\u00e4vnadsegenskaper har stor betydelse f\u00f6r att med de nya str\u00e5lbehandlingsmodaliteterna ge r\u00e4tt doser till patienten och skapa f\u00f6ruts\u00e4ttningar att kunna utv\u00e4rdera samband mellan dos och behandlingsresultat.&lt;br&gt;&lt;br&gt;----------------------------------------------------------------------------------&lt;br&gt;&lt;br&gt;&lt;\/p&gt; \n                 &lt;p&gt;Radiofysik - Kvantitativ DT - b\u00e4ttre dosplaneringsunderlag f\u00f6r str\u00e5lterapi med nya tekniker&lt;br&gt;Tors 15.45-16.45 i sal Operetten&lt;\/p&gt; \n                 &lt;p&gt;Estimation of electron density and proton stopping power via DECT - a brief overview of published methods.&lt;br&gt;&lt;span style=&quot;font-style: italic;&quot;&gt;Alexandr Malusek, PhD Link\u00f6ping University&lt;\/span&gt;&lt;\/p&gt; \n                 &lt;p&gt;Image reconstruction algorithms for quantitative DECT. The model-based iterative reconstruction algorithm DIRA.&lt;br&gt;&lt;span style=&quot;font-style: italic;&quot;&gt;Maria Magnusson, PhD Link\u00f6ping University&lt;\/span&gt;&lt;\/p&gt; \n                 &lt;p&gt;Quantitative CT for dose planning in radiotherapy: current status and new technologies&lt;br&gt;&lt;span style=&quot;font-style: italic;&quot;&gt;Gavin Poludniowski, PhD Karolinska University Hospital&lt;\/span&gt;&lt;\/p&gt; \n                &lt;br&gt;&lt;br&gt;\"\n            data-category=\"SFfR - Svensk F\u00f6rening f\u00f6r  Radiofysik\"\n            data-category-ids=\"1008\"\n            data-span-all=\"\"\n                      >\n\n            <div class=\"event_content\">\n              <div class=\"title\">\n                                <span>Radiofysik - Kvantitativ DT - b\u00e4ttre dosplaneringsunderlag f\u00f6r str\u00e5lterapi med nya tekniker<\/span>\n              <\/div>\n              <div class=\"span_room\"><span><\/span><\/div>\n              <div class=\"time\">\n                <span>\n                  15:45-16:45                <\/span><\/div>\n\n              <div class=\"lecturer\"><span>Alexandr Malusek; Maria Magnusson; Gavin Poludniowski<\/span><\/div>\n            <\/div>\n\n\n                                <div style=\"background-color:#99CC99; position: absolute !important ; height: 4px !important; left: 4px; right: 4px; bottom : 2px !important;  border\"><\/div>\n            \n          <\/div>\n\n      \n          <div class=\"event \"\n            data-id=\"1155\"\n            data-project=\"project_276_2017_03_27\"\n            data-title=\"SFMU\"\n            data-abs-nbr=\"\"\n            data-ystart=\"15.75\"\n            data-yend=\"16.75\"\n            data-time=\"15:45-16:45\"\n            data-room=\"11\"\n            data-room-id=\"1012\"\n            data-room-name=\"Solot\"\n            data-day=\"2\"\n            data-abs-path=\"\"\n            data-speaker=\"\"\n            data-speakercell=\"\"\n            data-info=\"\"\n            data-category=\"SFMR - Delf\u00f6reningar\"\n            data-category-ids=\"1006\"\n            data-span-all=\"\"\n                      >\n\n            <div class=\"event_content\">\n              <div class=\"title\">\n                                <span>SFMU<\/span>\n              <\/div>\n              <div class=\"span_room\"><span><\/span><\/div>\n              <div class=\"time\">\n                <span>\n                  15:45-16:45                <\/span><\/div>\n\n              \n            <\/div>\n\n\n                                <div style=\"background-color:#6699CC; position: absolute !important ; height: 4px !important; left: 4px; right: 4px; bottom : 2px !important;  border\"><\/div>\n            \n          <\/div>\n\n      \n          <div class=\"event \"\n            data-id=\"1150\"\n            data-project=\"project_276_2017_03_27\"\n            data-title=\"Presentation av 2016 och 2017 \u00e5rs b\u00e4sta studentuppsatser inom radiologi\"\n            data-abs-nbr=\"\"\n            data-ystart=\"15.75\"\n            data-yend=\"16.75\"\n            data-time=\"15:45-16:45\"\n            data-room=\"6\"\n            data-room-id=\"1007\"\n            data-room-name=\"Studion\"\n            data-day=\"2\"\n            data-abs-path=\"\"\n            data-speaker=\"Klara Sahl\u00e9n; Sofia  Patarroyo; Kristina Galic\"\n            data-speakercell=\"Klara Sahl\u00e9n; Sofia  Patarroyo; Kristina Galic\"\n            data-info=\"&lt;b&gt;Moderatorer: &lt;\/b&gt;Katrine  Riklund&lt;br&gt;&lt;br&gt;\"\n            data-category=\"Vetenskapligt program\"\n            data-category-ids=\"1002\"\n            data-span-all=\"\"\n                      >\n\n            <div class=\"event_content\">\n              <div class=\"title\">\n                                <span>Presentation av 2016 och 2017 \u00e5rs b\u00e4sta studentuppsatser inom radiologi<\/span>\n              <\/div>\n              <div class=\"span_room\"><span><\/span><\/div>\n              <div class=\"time\">\n                <span>\n                  15:45-16:45                <\/span><\/div>\n\n              <div class=\"lecturer\"><span>Klara Sahl\u00e9n; Sofia  Patarroyo; Kristina Galic<\/span><\/div>\n            <\/div>\n\n\n                                <div style=\"background-color:#FF3333; position: absolute !important ; height: 4px !important; left: 4px; right: 4px; bottom : 2px !important;  border\"><\/div>\n            \n          <\/div>\n\n      \n          <div class=\"event \"\n            data-id=\"1157\"\n            data-project=\"project_276_2017_03_27\"\n            data-title=\"Hands-on workshop: \u00d6vre extremitet.\"\n            data-abs-nbr=\"\"\n            data-ystart=\"16\"\n            data-yend=\"16.75\"\n            data-time=\"16:00-16:45\"\n            data-room=\"14\"\n            data-room-id=\"1015\"\n            data-room-name=\"Loge 6\"\n            data-day=\"2\"\n            data-abs-path=\"\"\n            data-speaker=\"Gina Allen; David Wilson\"\n            data-speakercell=\"Gina Allen; David Wilson\"\n            data-info=\"                  &lt;p&gt;&lt;em&gt;Tr\u00e4na ultraljudsteknik &quot;live&quot; med David Wilson, Gina Allen och Svensk F\u00f6rening f\u00f6r Medicinsk Ultraljudsdiagnostik&lt;\/em&gt;&lt;br&gt;&lt;\/p&gt;                 &lt;br&gt;&lt;br&gt;\"\n            data-category=\"Ultraljudsf\u00f6reningens hands-on\"\n            data-category-ids=\"1015\"\n            data-span-all=\"\"\n                      >\n\n            <div class=\"event_content\">\n              <div class=\"title\">\n                                <span>Hands-on workshop: \u00d6vre extremitet.<\/span>\n              <\/div>\n              <div class=\"span_room\"><span><\/span><\/div>\n              <div class=\"time\">\n                <span>\n                  16:00-16:45                <\/span><\/div>\n\n              <div class=\"lecturer\"><span>Gina Allen; David Wilson<\/span><\/div>\n            <\/div>\n\n\n                                <div style=\"background-color:#FFCCFF; position: absolute !important ; height: 4px !important; left: 4px; right: 4px; bottom : 2px !important;  border\"><\/div>\n            \n          <\/div>\n\n      \n          <div class=\"event \"\n            data-id=\"1156\"\n            data-project=\"project_276_2017_03_27\"\n            data-title=\"Hands-on workshop: \u00d6vre extremitet.\"\n            data-abs-nbr=\"\"\n            data-ystart=\"16\"\n            data-yend=\"16.75\"\n            data-time=\"16:00-16:45\"\n            data-room=\"13\"\n            data-room-id=\"1014\"\n            data-room-name=\"Loge 4\"\n            data-day=\"2\"\n            data-abs-path=\"\"\n            data-speaker=\"Gina Allen; David Wilson\"\n            data-speakercell=\"Gina Allen; David Wilson\"\n            data-info=\"                  &lt;p&gt;&lt;em&gt;Tr\u00e4na ultraljudsteknik &quot;live&quot; med David Wilson, Gina Allen och Svensk F\u00f6rening f\u00f6r Medicinsk Ultraljudsdiagnostik&lt;\/em&gt;&lt;br&gt;&lt;\/p&gt;                 &lt;br&gt;&lt;br&gt;\"\n            data-category=\"Ultraljudsf\u00f6reningens hands-on\"\n            data-category-ids=\"1015\"\n            data-span-all=\"\"\n                      >\n\n            <div class=\"event_content\">\n              <div class=\"title\">\n                                <span>Hands-on workshop: \u00d6vre extremitet.<\/span>\n              <\/div>\n              <div class=\"span_room\"><span><\/span><\/div>\n              <div class=\"time\">\n                <span>\n                  16:00-16:45                <\/span><\/div>\n\n              <div class=\"lecturer\"><span>Gina Allen; David Wilson<\/span><\/div>\n            <\/div>\n\n\n                                <div style=\"background-color:#FFCCFF; position: absolute !important ; height: 4px !important; left: 4px; right: 4px; bottom : 2px !important;  border\"><\/div>\n            \n          <\/div>\n\n      \n          <div class=\"event \"\n            data-id=\"1158\"\n            data-project=\"project_276_2017_03_27\"\n            data-title=\"RAM-kurs\"\n            data-abs-nbr=\"\"\n            data-ystart=\"16\"\n            data-yend=\"16.75\"\n            data-time=\"16:00-16:45\"\n            data-room=\"15\"\n            data-room-id=\"1016\"\n            data-room-name=\"Loge 5\"\n            data-day=\"2\"\n            data-abs-path=\"\"\n            data-speaker=\"Staffan Wirell; Anders von Heijne; Marcus Casselgren; Charalampos Georgiopoulos; Kada Karlsson; Joar Bj\u00f6rk\"\n            data-speakercell=\"Staffan Wirell; Anders von Heijne; Marcus Casselgren; Charalampos Georgiopoulos; Kada Karlsson; Joar Bj\u00f6rk\"\n            data-info=\"\"\n            data-category=\"RAM-kurs\"\n            data-category-ids=\"1016\"\n            data-span-all=\"\"\n                      >\n\n            <div class=\"event_content\">\n              <div class=\"title\">\n                                <span>RAM-kurs<\/span>\n              <\/div>\n              <div class=\"span_room\"><span><\/span><\/div>\n              <div class=\"time\">\n                <span>\n                  16:00-16:45                <\/span><\/div>\n\n              <div class=\"lecturer\"><span>Staffan Wirell; Anders von Heijne; Marcus Casselgren; Charalampos Georgiopoulos; Kada Karlsson; Joar Bj\u00f6rk<\/span><\/div>\n            <\/div>\n\n\n                                <div style=\"background-color:#66FFCC; position: absolute !important ; height: 4px !important; left: 4px; right: 4px; bottom : 2px !important;  border\"><\/div>\n            \n          <\/div>\n\n      \n          <div class=\"event \"\n            data-id=\"1148\"\n            data-project=\"project_276_2017_03_27\"\n            data-title=\"SFMR \u00c5rsm\u00f6te\"\n            data-abs-nbr=\"\"\n            data-ystart=\"16.75\"\n            data-yend=\"17.75\"\n            data-time=\"16:45-17:45\"\n            data-room=\"4\"\n            data-room-id=\"1004\"\n            data-room-name=\"Operan\"\n            data-day=\"2\"\n            data-abs-path=\"\"\n            data-speaker=\"\"\n            data-speakercell=\"\"\n            data-info=\"\"\n            data-category=\"SFMR - Svensk F\u00f6rening f\u00f6r Medicinsk Radiologi\"\n            data-category-ids=\"1004\"\n            data-span-all=\"\"\n                      >\n\n            <div class=\"event_content\">\n              <div class=\"title\">\n                                <span>SFMR \u00c5rsm\u00f6te<\/span>\n              <\/div>\n              <div class=\"span_room\"><span><\/span><\/div>\n              <div class=\"time\">\n                <span>\n                  16:45-17:45                <\/span><\/div>\n\n              \n            <\/div>\n\n\n                                <div style=\"background-color:#0099FF; position: absolute !important ; height: 4px !important; left: 4px; right: 4px; bottom : 2px !important;  border\"><\/div>\n            \n          <\/div>\n\n      \n          <div class=\"event \"\n            data-id=\"1162\"\n            data-project=\"project_276_2017_03_27\"\n            data-title=\"Klinfys - Kvantitativ och funktionell bed\u00f6mning av br\u00f6stsm\u00e4rta\"\n            data-abs-nbr=\"\"\n            data-ystart=\"8.5\"\n            data-yend=\"10\"\n            data-time=\"08:30-10:00\"\n            data-room=\"5\"\n            data-room-id=\"1006\"\n            data-room-name=\"Spegelsalen\"\n            data-day=\"3\"\n            data-abs-path=\"\"\n            data-speaker=\"Rediar  Winter; Lena Forsberg; Henrik Engblom; Tanja Kero\"\n            data-speakercell=\"Rediar  Winter; Lena Forsberg; Henrik Engblom; Tanja Kero\"\n            data-info=\" \n                 &lt;p&gt;Br\u00f6stsm\u00e4rta \u00e4r ett vanligt symptom i befolkningen vilket g\u00f6r att varje l\u00e4kare mer eller mindre ofta st\u00e4lls inf\u00f6r fr\u00e5gan hur man b\u00e4st utreder detta. Frekvensen av allvarlig bakomliggande sjukdom varierar mellan olika \u00e5ldersgrupper och mellan individer med olika riskfaktorer vilket styr v\u00e5ra val av b\u00e4sta metod. Vi vill med detta symposium diskutera state of the art n\u00e4r det g\u00e4ller detta vanliga symptom.&lt;br&gt;&lt;br&gt;&lt;span style=&quot;font-weight: bold;&quot;&gt;Stress-ekokardiografi&amp;nbsp;&lt;\/span&gt;&lt;br&gt;&lt;em&gt;F\u00f6rel\u00e4sare:&amp;nbsp;&lt;\/em&gt;&lt;em&gt;Rediar Winter, Stockholm&lt;br&gt;&lt;\/em&gt;&lt;br&gt;&lt;span style=&quot;font-weight: bold;&quot;&gt;Myokardskintigrafi&lt;\/span&gt;&lt;br&gt;&lt;em&gt;F\u00f6rel\u00e4sare: Lena Forsberg, Stockholm&lt;br&gt;&lt;\/em&gt;&lt;br&gt;Myokardskintigrafi anv\u00e4nds f\u00f6r att uppt\u00e4cka och gradera relativ perfusionsneds\u00e4ttning. En radioaktiv perfusionsmark\u00f6r i myokardiet injiceras under stress samt i vila. Sensitivitet och specificitet f\u00f6r myokardischemi \u00e4r 88 procent respektive 73 procent, vilket g\u00f6r unders\u00f6kningen l\u00e4mplig f\u00f6r patienter med intermedi\u00e4r risk f\u00f6r stabil kransk\u00e4rlssjukdom. Myokardskintigrafi uts\u00e4tter patienten f\u00f6r joniserande str\u00e5lning, 1,6\u20135 mSv per unders\u00f6kning, beroende p\u00e5 vilken teknik som anv\u00e4nds. Den senaste tekniken kan d\u00e4rmed genomf\u00f6ra unders\u00f6kningen med en str\u00e5ldos motsvarande ca 1\u20132 \u00e5rs bakgrundsstr\u00e5lning. En normal myokardskintigrafi motsvarar en \u00e5rlig risk f\u00f6r kardiovaskul\u00e4r h\u00e4ndelse p\u00e5 &amp;lt;1 procent. Vid ett litet ischemiskt riskomr\u00e5de vid myokardskintigrafi (&amp;lt;10 procent av v\u00e4nster kammare) har studier inte kunnat visa n\u00e5gon skillnad mellan patienter som enbart f\u00e5tt optimal medicinsk behandling och patienter som ut\u00f6ver medicinsk behandling ocks\u00e5 genomg\u00e5tt revaskularisering. Vid minst m\u00e5ttlig ischemi (&amp;gt;10 procent av v\u00e4nster kammare) rekommenderas koronarangiografi f\u00f6r revaskularisering. Sedan ett par \u00e5r finns nya hj\u00e4rtspecifika gammakameror och denna teknik har m\u00f6jliggjort kortare unders\u00f6kningstider och l\u00e4gre str\u00e5ldoser.&lt;br&gt;&lt;br&gt;&lt;span style=&quot;font-weight: bold;&quot;&gt;Stress-MR hj\u00e4rta&lt;\/span&gt;&lt;br&gt;&lt;em&gt;F\u00f6rel\u00e4sare: Henrik Engblom, Lund&lt;br&gt;&lt;\/em&gt;&lt;br&gt;Cardiac magnetic resonance imaging is currently considered the reference standard for assessment of myocardial anatomy and function as well as for infarct visualization. In contrast to MPS and PET, CMR is performed without the use of ionizing radiation. For assessment of myocardial perfusion, first-pass perfusion imaging has been available for the last two decades. This technique is based on analysis of the in-flow kinetics of gadolinium-based extra-cellular contrast agent. Recent technical advances have increased the spatial and temporal resolution of the technique. Furthermore, CMR has recently been shown to enable quantification of myocardial perfusion (ml\/min\/g tissue), now validated with cardiac PET. Thus, quantification of myocardial perfusion by CMR can be done in clinical routine in patients with suspected ischemic heart disease and opens up for new diagnostic capabilities including detection and quantification microvascular myocardial disease.&amp;nbsp;&lt;br&gt;&lt;br&gt;&lt;span style=&quot;font-weight: bold;&quot;&gt;PET hj\u00e4rta&lt;\/span&gt;&lt;br&gt;&lt;em&gt;F\u00f6rel\u00e4sare: Tanja Kero, Uppsala&lt;\/em&gt;&lt;br&gt;&lt;\/p&gt; \n                &lt;br&gt;&lt;br&gt;\"\n            data-category=\"Svensk F\u00f6rening f\u00f6r Klinisk Fysiologi\"\n            data-category-ids=\"1013\"\n            data-span-all=\"\"\n                      >\n\n            <div class=\"event_content\">\n              <div class=\"title\">\n                                <span>Klinfys - Kvantitativ och funktionell bed\u00f6mning av br\u00f6stsm\u00e4rta<\/span>\n              <\/div>\n              <div class=\"span_room\"><span><\/span><\/div>\n              <div class=\"time\">\n                <span>\n                  08:30-10:00                <\/span><\/div>\n\n              <div class=\"lecturer\"><span>Rediar  Winter; Lena Forsberg; Henrik Engblom; Tanja Kero<\/span><\/div>\n            <\/div>\n\n\n                                <div style=\"background-color:#FFCC99; position: absolute !important ; height: 4px !important; left: 4px; right: 4px; bottom : 2px !important;  border\"><\/div>\n            \n          <\/div>\n\n      \n          <div class=\"event \"\n            data-id=\"1160\"\n            data-project=\"project_276_2017_03_27\"\n            data-title=\"CMIV: Presentation av verksamheten som bedrivs p\u00e5 CMIV och ett axplock av  aktuella forskningsprojekt\"\n            data-abs-nbr=\"\"\n            data-ystart=\"8.5\"\n            data-yend=\"10\"\n            data-time=\"08:30-10:00\"\n            data-room=\"3\"\n            data-room-id=\"1003\"\n            data-room-name=\"Musikalen\"\n            data-day=\"3\"\n            data-abs-path=\"\"\n            data-speaker=\"Anders Persson; Peter Lundberg; Maria  Engstr\u00f6m; Anders  Ynnerman; Tino Ebbers; Ingrid  Hotz\"\n            data-speakercell=\"Anders Persson; Peter Lundberg; Maria  Engstr\u00f6m; Anders  Ynnerman; Tino Ebbers; Ingrid  Hotz\"\n            data-info=\"&lt;b&gt;Moderatorer: &lt;\/b&gt;Anders Persson&lt;br&gt;&lt;br&gt; \n                 &lt;p&gt;Presentation av verksamheten som bedrivs p\u00e5 CMIV och ett axplock av &amp;nbsp;aktuella forskningsprojekt&lt;\/p&gt; \n                 &lt;p&gt;Presentation av CMIV&lt;br&gt;&lt;em&gt;Anders Persson&lt;\/em&gt;&lt;\/p&gt; \n                 &lt;p&gt;Liver Function Evaluation&lt;br&gt;&lt;em&gt;Peter Lundberg&lt;\/em&gt;&lt;\/p&gt; \n                 &lt;p&gt;&lt;em&gt;&lt;a href=&quot;http:\/\/www.trippus.se\/eventus\/userfiles\/86149.pdf&quot;&gt;L\u00e4s mer h\u00e4r!&amp;nbsp;&lt;\/a&gt;&lt;\/em&gt;&lt;\/p&gt; \n                 &lt;p&gt;SAND:MAN - Sleep Abnormality Network Description: Modeling and Analysis in Neuroimaging&lt;br&gt;&lt;em&gt;Maria Engstr\u00f6m&lt;\/em&gt;&lt;\/p&gt; \n                 &lt;p&gt;Seeing Organ Function&lt;br&gt;&lt;em&gt;Anders Ynnerman, Tino Ebbers, Ingrid Hotz&lt;\/em&gt;&lt;\/p&gt; \n                &lt;br&gt;&lt;br&gt;\"\n            data-category=\"Vetenskapligt program\"\n            data-category-ids=\"1002\"\n            data-span-all=\"\"\n                      >\n\n            <div class=\"event_content\">\n              <div class=\"title\">\n                                <span>CMIV: Presentation av verksamheten som bedrivs p\u00e5 CMIV och ett axplock av  aktuella forskningsprojekt<\/span>\n              <\/div>\n              <div class=\"span_room\"><span><\/span><\/div>\n              <div class=\"time\">\n                <span>\n                  08:30-10:00                <\/span><\/div>\n\n              <div class=\"lecturer\"><span>Anders Persson; Peter Lundberg; Maria  Engstr\u00f6m; Anders  Ynnerman; Tino Ebbers; Ingrid  Hotz<\/span><\/div>\n            <\/div>\n\n\n                                <div style=\"background-color:#FF3333; position: absolute !important ; height: 4px !important; left: 4px; right: 4px; bottom : 2px !important;  border\"><\/div>\n            \n          <\/div>\n\n      \n          <div class=\"event \"\n            data-id=\"1163\"\n            data-project=\"project_276_2017_03_27\"\n            data-title=\"SFR - Vi kan inte avst\u00e5 fr\u00e5n att m\u00f6ta framtidens utmaningar - Specialistr\u00f6ntgensjuksk\u00f6terska\"\n            data-abs-nbr=\"\"\n            data-ystart=\"8.5\"\n            data-yend=\"10\"\n            data-time=\"08:30-10:00\"\n            data-room=\"6\"\n            data-room-id=\"1007\"\n            data-room-name=\"Studion\"\n            data-day=\"3\"\n            data-abs-path=\"\"\n            data-speaker=\"Johan Larsson; Bodil Andersson; Solveig Lundgren; Maud Lund\u00e9n; Berit Bj\u00f6rkman; Kent Fridell; Parvin  Tavakol Olofsson; Gunilla Nilsson; H\u00e5kan Gustafsson; Lars Henriksen; Ole S\u00f8rland\"\n            data-speakercell=\"Johan Larsson; Bodil Andersson; Solveig Lundgren; Maud Lund\u00e9n; Berit Bj\u00f6rkman; Kent Fridell; Parvin  Tavakol Olofsson; Gunilla Nilsson; H\u00e5kan Gustafsson; Lars Henriksen; Ole S\u00f8rland\"\n            data-info=\"&lt;b&gt;Moderatorer: &lt;\/b&gt;Kerstin Hillerg\u00e5rd; Parvin  Tavakol Olofsson&lt;br&gt;&lt;br&gt;\n                  \u201dVi kan inte avst\u00e5 fr\u00e5n att m\u00f6ta framtidens utmaningar \u2013 specialistr\u00f6ntgensjuksk\u00f6terskan\u201d \n                 &lt;br&gt; \n                 &lt;br&gt; \n                 &lt;p&gt;&lt;b&gt;Moderatorer&lt;\/b&gt;: Parvin T Olofsson, Professionshandl\u00e4ggare f\u00f6r r\u00f6ntgensjuksk\u00f6terskor, V\u00e5rdf\u00f6rbundet och Kerstin Hillerg\u00e5rd, Ordf\u00f6rande i Svensk f\u00f6rening f\u00f6r r\u00f6ntgensjuksk\u00f6terskor&amp;nbsp;&lt;\/p&gt; \n                 &lt;p&gt;08.30 \u2013 08.40 &amp;nbsp;&amp;nbsp;&amp;nbsp;&lt;b&gt;Inledning&lt;\/b&gt;&amp;nbsp;av moderatorer&lt;\/p&gt;\n                 &lt;p&gt;08.40 \u2013 08.50&amp;nbsp;&amp;nbsp;&amp;nbsp;&amp;nbsp;&lt;b&gt;Vad har h\u00e4nt sedan sist&lt;\/b&gt;?&lt;\/p&gt;\n                 &lt;p&gt;Johan Larson, Vice f\u00f6rbundsordf\u00f6rande, V\u00e5rdf\u00f6rbundet;&amp;nbsp;&lt;\/p&gt;\n                 &lt;p&gt;Bodil T Andersson, Vice ordf\u00f6rande, Svensk f\u00f6rening f\u00f6r r\u00f6ntgensjuksk\u00f6terskor&lt;\/p&gt;\n                 &lt;p&gt;08.50 \u2013 09.10 &amp;nbsp;&amp;nbsp; R\u00f6ntgensjuksk\u00f6terskans profession \u00e5r 2025&lt;\/p&gt;\n                 &lt;p&gt;Andersson, BT, Lundgren, S, Lund\u00e9n, M, Bj\u00f6rkman, B, Fridell, K, Tavakol, P&lt;\/p&gt;\n                 &lt;p&gt;09.10 \u2013 09.20&amp;nbsp;&amp;nbsp;&amp;nbsp;&amp;nbsp;&lt;b&gt;Detta kan vi inte avst\u00e5 ifr\u00e5n&lt;\/b&gt;&lt;\/p&gt;\n                 &lt;p&gt;Gunilla Nilsson, Verksamhetschef, Skaraborgs sjukhus&lt;\/p&gt;\n                 &lt;p&gt;09.20 \u2013 10.00&amp;nbsp;&amp;nbsp;&amp;nbsp;&amp;nbsp;&lt;b&gt;S\u00e5 h\u00e4r arbetar vi &amp;nbsp;&lt;\/b&gt;&lt;\/p&gt;\n                 &lt;p&gt;H\u00e5kan Gustafsson, Verksamhetschef, R\u00f6ntgenkliniken, Norrk\u00f6ping&lt;\/p&gt;\n                 &lt;p&gt;Lars Henriksen, Leg R\u00f6ntgensjuksk\u00f6terska, R\u00f6ntgenkliniken, Norrk\u00f6ping&lt;\/p&gt;\n                 &lt;p&gt;Ole S\u00f8rland, Leg R\u00f6ntgensjuksk\u00f6terska, R\u00f6ntgenkliniken, Norrk\u00f6ping&lt;\/p&gt;\n                 &lt;p&gt;10.00&amp;nbsp;&amp;nbsp;&amp;nbsp;&amp;nbsp;&amp;nbsp;&amp;nbsp;&amp;nbsp;&amp;nbsp;&amp;nbsp;&amp;nbsp;&amp;nbsp;&amp;nbsp;&amp;nbsp;&amp;nbsp;&amp;nbsp;&amp;nbsp; Kaffe&lt;\/p&gt;\n                 &lt;p&gt;10.45 \u2013 11.20&amp;nbsp;&amp;nbsp;&amp;nbsp;&amp;nbsp;&lt;b&gt;M\u00f6jligheter till karri\u00e4rv\u00e4gar och utbildning p\u00e5 avancerad niv\u00e5&lt;\/b&gt;&lt;\/p&gt;\n                 &lt;p&gt;Barbro Cagner, Bitr. Verksamhetschef, Sahlgrenska universitetssjukhuset&lt;\/p&gt;\n                 &lt;p&gt;John Brandberg, \u00d6verl\u00e4kare, Sahlgrenska universitetssjukhuset&lt;\/p&gt;\n                 &lt;p&gt;11.20 \u2013 12.00&amp;nbsp;&amp;nbsp;&amp;nbsp;&amp;nbsp;&lt;b&gt;Kunskapsstyrd verksamhet - tillsammans med patienten i fokus&lt;\/b&gt;&lt;\/p&gt;\n                 &lt;p&gt;Anetta Bolejko, PhD, leg r\u00f6ntgensjuksk\u00f6terska, Sk\u00e5nes universitetssjukhus;&lt;\/p&gt;\n                 &lt;p&gt;Violetta Ellmer, Omr\u00e5deschef, Sk\u00e5nes universitetssjukhus&lt;\/p&gt;\n                 &lt;p&gt; &lt;\/p&gt;\n                 &lt;p&gt;12.00 \u2013 12.15&amp;nbsp;&amp;nbsp;&amp;nbsp;&amp;nbsp;&lt;b&gt;Diskussion och avslutning&lt;\/b&gt;&lt;\/p&gt; \n                 &lt;p&gt;&lt;b&gt;Abstract&lt;\/b&gt;&lt;\/p&gt; \n                 &lt;p&gt;Vi kan inte avst\u00e5 fr\u00e5n att m\u00f6ta framtidens utmaningar - Specialistr\u00f6ntgensjuksk\u00f6terskan &lt;\/p&gt; \n                 &lt;p&gt;&lt;i&gt;Moderatorer: Parvin Tavakol Olofsson, kvalificerad handl\u00e4ggare f\u00f6r r\u00f6ntgensjuksk\u00f6terskor, V\u00e5rdf\u00f6rbundet och Kerstin Hillerg\u00e5rd, ordf\u00f6rande Svensk f\u00f6rening f\u00f6r r\u00f6ntgensjuksk\u00f6terskor&lt;\/i&gt;&lt;\/p&gt; \n                 &lt;p&gt;Om verksamheten ska utvecklas och bedrivas patients\u00e4kert och effektivt m\u00e5ste ocks\u00e5 verksamheten utvecklas organisatoriskt och kompetensm\u00e4ssigt. Du som chef och du som medarbetare och r\u00f6ntgensjuksk\u00f6terska \u00e4r de som tillsammans ska leda utvecklingen i denna riktning. &lt;\/p&gt; \n                 &lt;p&gt;V\u00e5rdf\u00f6rbundet och Svensk f\u00f6rening f\u00f6r r\u00f6ntgensjuksk\u00f6terskor bedriver fortsatt lobby och p\u00e5verkansarbete f\u00f6r att en reglerad specialistutbildning f\u00f6r r\u00f6ntgensjuksk\u00f6terskor ska formaliseras och regleras likt den som finns f\u00f6r sjuksk\u00f6terskor.&lt;\/p&gt; \n                 &lt;p&gt;N\u00e4r verksamheten utvecklas, kommer detta att medf\u00f6ra att fler s\u00f6ker sig till utbildningen. Det st\u00e4lls stora krav p\u00e5 arbetets inneh\u00e5ll och m\u00f6jligheten till personlig och yrkesm\u00e4ssig utveckling f\u00f6r att unga i dag ska lockas att s\u00f6ka till utbildningen. Men det kr\u00e4vs f\u00f6rst\u00e5s ocks\u00e5 en h\u00f6g l\u00f6n som motsvarar ansvar och yrkesskicklighet. Verksamheten m\u00e5ste d\u00e4rf\u00f6r svara upp med att det finns en plan f\u00f6r karri\u00e4rutveckling f\u00f6r individen och en struktur i verksamheten som v\u00e4lkomnar den specialiserade kunskapen som r\u00f6ntgensjuksk\u00f6terskan skaffat sig.&lt;\/p&gt; \n                 &lt;p&gt;Samarbetet och samtalet om hur detta ska skapas beh\u00f6ver ske i verksamheten d\u00e4r chefer och ledningsgrupper driver fr\u00e5gan tillsammans med r\u00f6ntgensjuksk\u00f6terskan. &lt;\/p&gt; \n                 &lt;p&gt;Framtiden \u00e4r h\u00e4r. Verksamheterna st\u00e5r inf\u00f6r utmaningar n\u00e4r det g\u00e4ller kompetensf\u00f6rs\u00f6rjning \u00f6ver hela landet. Genom att \u00f6ka patientens delaktighet, ta tillvara personens f\u00f6rm\u00e5gor, utveckla r\u00f6ntgensjuksk\u00f6terskans kompetens och samtidigt utnyttja ny teknik finns goda m\u00f6jligheter att utveckla v\u00e5rden i positiv riktning.&lt;\/p&gt; \n                 &lt;p&gt; &lt;b&gt;&lt;\/b&gt;&lt;\/p&gt; \n                 &lt;p&gt;Fortsatt och gemensam kraftsamling kr\u00e4vs d\u00e4r ett uttalat behov av specialistutbildning f\u00f6r r\u00f6ntgensjuksk\u00f6terskor m\u00e5ste \u00f6ka fr\u00e5n verksamheten och enskilda arbetsgivare.&lt;\/p&gt; \n                &lt;br&gt;&lt;br&gt;\"\n            data-category=\"SFR - Svensk F\u00f6rening f\u00f6r R\u00f6ntgensjuksk\u00f6terskor\"\n            data-category-ids=\"1007\"\n            data-span-all=\"\"\n                      >\n\n            <div class=\"event_content\">\n              <div class=\"title\">\n                                <span>SFR - Vi kan inte avst\u00e5 fr\u00e5n att m\u00f6ta framtidens utmaningar - Specialistr\u00f6ntgensjuksk\u00f6terska<\/span>\n              <\/div>\n              <div class=\"span_room\"><span><\/span><\/div>\n              <div class=\"time\">\n                <span>\n                  08:30-10:00                <\/span><\/div>\n\n              <div class=\"lecturer\"><span>Johan Larsson; Bodil Andersson; Solveig Lundgren; Maud Lund\u00e9n; Berit Bj\u00f6rkman; Kent Fridell; Parvin  Tavakol Olofsson; Gunilla Nilsson; H\u00e5kan Gustafsson; Lars Henriksen; Ole S\u00f8rland<\/span><\/div>\n            <\/div>\n\n\n                                <div style=\"background-color:#33CC66; position: absolute !important ; height: 4px !important; left: 4px; right: 4px; bottom : 2px !important;  border\"><\/div>\n            \n          <\/div>\n\n      \n          <div class=\"event \"\n            data-id=\"1159\"\n            data-project=\"project_276_2017_03_27\"\n            data-title=\"Ungt forum - Quiz, Smaka p\u00e5 Link\u00f6ping\"\n            data-abs-nbr=\"\"\n            data-ystart=\"8.5\"\n            data-yend=\"10\"\n            data-time=\"08:30-10:00\"\n            data-room=\"1\"\n            data-room-id=\"1002\"\n            data-room-name=\"Crusellhallen\"\n            data-day=\"3\"\n            data-abs-path=\"\"\n            data-speaker=\"\"\n            data-speakercell=\"\"\n            data-info=\"&lt;b&gt;Moderatorer: &lt;\/b&gt;Yngve  Forslin&lt;br&gt;&lt;br&gt;\"\n            data-category=\"ST-kurser \/ Ungt forum\"\n            data-category-ids=\"1005\"\n            data-span-all=\"\"\n                      >\n\n            <div class=\"event_content\">\n              <div class=\"title\">\n                                <span>Ungt forum - Quiz, Smaka p\u00e5 Link\u00f6ping<\/span>\n              <\/div>\n              <div class=\"span_room\"><span><\/span><\/div>\n              <div class=\"time\">\n                <span>\n                  08:30-10:00                <\/span><\/div>\n\n              \n            <\/div>\n\n\n                                <div style=\"background-color:#99FFFF; position: absolute !important ; height: 4px !important; left: 4px; right: 4px; bottom : 2px !important;  border\"><\/div>\n            \n          <\/div>\n\n      \n          <div class=\"event \"\n            data-id=\"1187\"\n            data-project=\"project_276_2017_03_27\"\n            data-title=\"Fika &amp; Utst\u00e4llning\"\n            data-abs-nbr=\"\"\n            data-ystart=\"10\"\n            data-yend=\"10.75\"\n            data-time=\"10:00-10:45\"\n            data-room=\"0\"\n            data-room-id=\"-1\"\n            data-room-name=\"-Ej specificerad-\"\n            data-day=\"3\"\n            data-abs-path=\"\"\n            data-speaker=\"\"\n            data-speakercell=\"\"\n            data-info=\"\"\n            data-category=\"\"\n            data-category-ids=\"\"\n            data-span-all=\"\"\n                      >\n\n            <div class=\"event_content\">\n              <div class=\"title\">\n                                <span>Fika & Utst\u00e4llning<\/span>\n              <\/div>\n              <div class=\"span_room\"><span><\/span><\/div>\n              <div class=\"time\">\n                <span>\n                  10:00-10:45                <\/span><\/div>\n\n              \n            <\/div>\n\n\n            \n          <\/div>\n\n      \n          <div class=\"event \"\n            data-id=\"1168\"\n            data-project=\"project_276_2017_03_27\"\n            data-title=\"Klinfys\"\n            data-abs-nbr=\"\"\n            data-ystart=\"10.75\"\n            data-yend=\"12.25\"\n            data-time=\"10:45-12:15\"\n            data-room=\"5\"\n            data-room-id=\"1006\"\n            data-room-name=\"Spegelsalen\"\n            data-day=\"3\"\n            data-abs-path=\"\"\n            data-speaker=\"\"\n            data-speakercell=\"\"\n            data-info=\"\"\n            data-category=\"Svensk F\u00f6rening f\u00f6r Klinisk Fysiologi\"\n            data-category-ids=\"1013\"\n            data-span-all=\"\"\n                      >\n\n            <div class=\"event_content\">\n              <div class=\"title\">\n                                <span>Klinfys<\/span>\n              <\/div>\n              <div class=\"span_room\"><span><\/span><\/div>\n              <div class=\"time\">\n                <span>\n                  10:45-12:15                <\/span><\/div>\n\n              \n            <\/div>\n\n\n                                <div style=\"background-color:#FFCC99; position: absolute !important ; height: 4px !important; left: 4px; right: 4px; bottom : 2px !important;  border\"><\/div>\n            \n          <\/div>\n\n      \n          <div class=\"event \"\n            data-id=\"1169\"\n            data-project=\"project_276_2017_03_27\"\n            data-title=\"SFR - Vi kan inte avst\u00e5 fr\u00e5n att m\u00f6ta framtidens utmaningar - Specialistr\u00f6ntgensjuksk\u00f6terska\"\n            data-abs-nbr=\"\"\n            data-ystart=\"10.75\"\n            data-yend=\"12.25\"\n            data-time=\"10:45-12:15\"\n            data-room=\"6\"\n            data-room-id=\"1007\"\n            data-room-name=\"Studion\"\n            data-day=\"3\"\n            data-abs-path=\"\"\n            data-speaker=\"Barbro Cagner; John Brandberg; Anetta Bolejko; Violetta  Ellmer\"\n            data-speakercell=\"Barbro Cagner; John Brandberg; Anetta Bolejko; Violetta  Ellmer\"\n            data-info=\"&lt;b&gt;Moderatorer: &lt;\/b&gt;Parvin T Olofsson; Kerstin Hillerg\u00e5rd&lt;br&gt;&lt;br&gt;\n                 &lt;p&gt;\u201dVi kan inte avst\u00e5 fr\u00e5n att m\u00f6ta framtidens utmaningar \u2013 specialistr\u00f6ntgensjuksk\u00f6terskan\u201d&amp;nbsp;&lt;br&gt;&lt;br&gt;&lt;\/p&gt;\n                 &lt;p&gt;&lt;b&gt;Moderatorer&lt;\/b&gt;: Parvin T Olofsson, Professionshandl\u00e4ggare f\u00f6r r\u00f6ntgensjuksk\u00f6terskor, V\u00e5rdf\u00f6rbundet och Kerstin Hillerg\u00e5rd, Ordf\u00f6rande i Svensk f\u00f6rening f\u00f6r r\u00f6ntgensjuksk\u00f6terskor&amp;nbsp;&lt;\/p&gt;\n                 &lt;p&gt;08.30 \u2013\n08.40 &amp;nbsp;&amp;nbsp;&amp;nbsp;&lt;b&gt;Inledning&lt;\/b&gt;&amp;nbsp;av\nmoderatorer&lt;\/p&gt;&lt;p&gt;08.40 \u2013\n08.50&amp;nbsp;&amp;nbsp;&amp;nbsp;&amp;nbsp;&lt;b&gt;Vad har h\u00e4nt\nsedan sist&lt;\/b&gt;?&lt;\/p&gt;&lt;p&gt;Johan Larson, Vice f\u00f6rbundsordf\u00f6rande, V\u00e5rdf\u00f6rbundet;&amp;nbsp;&lt;\/p&gt;&lt;p&gt;Bodil T Andersson, Vice ordf\u00f6rande, Svensk\nf\u00f6rening f\u00f6r r\u00f6ntgensjuksk\u00f6terskor&lt;\/p&gt;&lt;p&gt;08.50 \u2013\n09.10 &amp;nbsp;&amp;nbsp; R\u00f6ntgensjuksk\u00f6terskans profession \u00e5r 2025&lt;\/p&gt;&lt;p&gt;Andersson, BT, Lundgren, S, Lund\u00e9n, M, Bj\u00f6rkman, B, Fridell, K,\nTavakol, P&lt;\/p&gt;&lt;p&gt;09.10\n\u2013 09.20&amp;nbsp;&amp;nbsp;&amp;nbsp;&amp;nbsp;&lt;b&gt;Detta kan vi\ninte avst\u00e5 ifr\u00e5n&lt;\/b&gt;&lt;\/p&gt;&lt;p&gt;Gunilla Nilsson, Verksamhetschef, Skaraborgs sjukhus&lt;\/p&gt;&lt;p&gt;09.20\n\u2013 10.00&amp;nbsp;&amp;nbsp;&amp;nbsp;&amp;nbsp;&lt;b&gt;S\u00e5 h\u00e4r\narbetar vi &amp;nbsp;&lt;\/b&gt;&lt;\/p&gt;&lt;p&gt;H\u00e5kan\nGustafsson, Verksamhetschef, R\u00f6ntgenkliniken, Norrk\u00f6ping&lt;\/p&gt;&lt;p&gt;Lars\nHenriksen, Leg R\u00f6ntgensjuksk\u00f6terska, R\u00f6ntgenkliniken, Norrk\u00f6ping&lt;\/p&gt;&lt;p&gt;Ole S\u00f8rland, Leg R\u00f6ntgensjuksk\u00f6terska, R\u00f6ntgenkliniken,\nNorrk\u00f6ping&lt;\/p&gt;&lt;p&gt;10.00&amp;nbsp;&amp;nbsp;&amp;nbsp;&amp;nbsp;&amp;nbsp;&amp;nbsp;&amp;nbsp;&amp;nbsp;&amp;nbsp;&amp;nbsp;&amp;nbsp;&amp;nbsp;&amp;nbsp;&amp;nbsp;&amp;nbsp;&amp;nbsp;\nKaffe&lt;\/p&gt;&lt;p&gt;10.45\n\u2013 11.20&amp;nbsp;&amp;nbsp;&amp;nbsp;&amp;nbsp;&lt;b&gt;M\u00f6jligheter\ntill karri\u00e4rv\u00e4gar och utbildning p\u00e5 avancerad niv\u00e5&lt;\/b&gt;&lt;\/p&gt;&lt;p&gt;Barbro\nCagner, Bitr. Verksamhetschef, Sahlgrenska universitetssjukhuset&lt;\/p&gt;&lt;p&gt;John Brandberg, \u00d6verl\u00e4kare, Sahlgrenska universitetssjukhuset&lt;\/p&gt;&lt;p&gt;11.20\n\u2013 12.00&amp;nbsp;&amp;nbsp;&amp;nbsp;&amp;nbsp;&lt;b&gt;Kunskapsstyrd\nverksamhet - tillsammans med patienten i fokus&lt;\/b&gt;&lt;\/p&gt;&lt;p&gt;Anetta\nBolejko, PhD, leg r\u00f6ntgensjuksk\u00f6terska, Sk\u00e5nes universitetssjukhus;&lt;\/p&gt;&lt;p&gt;Violetta Ellmer, Omr\u00e5deschef, Sk\u00e5nes\nuniversitetssjukhus&lt;\/p&gt;&lt;p&gt;\n\n\n\n\n\n\n\n\n\n\n\n\n\n\n\n\n\n\n\n\n\n\n\n\n\n\n\n\n\n\n\n\n\n\n\n\n\n\n\n\n\n\n\n\n\n\n\n\n\n\n\n\n\n\n\n\n&lt;\/p&gt;&lt;p&gt;12.00\n\u2013 12.15&amp;nbsp;&amp;nbsp;&amp;nbsp;&amp;nbsp;&lt;b&gt;Diskussion\noch avslutning&lt;\/b&gt;&lt;\/p&gt;\n                 &lt;p&gt;&lt;b&gt;Abstract&lt;\/b&gt;&lt;\/p&gt;\n                 &lt;p&gt;Vi kan inte avst\u00e5 fr\u00e5n att m\u00f6ta framtidens utmaningar - Specialistr\u00f6ntgensjuksk\u00f6terskan&lt;\/p&gt;\n                 &lt;p&gt;&lt;i&gt;Moderatorer: Parvin Tavakol Olofsson, kvalificerad handl\u00e4ggare f\u00f6r r\u00f6ntgensjuksk\u00f6terskor, V\u00e5rdf\u00f6rbundet och Kerstin Hillerg\u00e5rd, ordf\u00f6rande Svensk f\u00f6rening f\u00f6r r\u00f6ntgensjuksk\u00f6terskor&lt;\/i&gt;&lt;\/p&gt;\n                 &lt;p&gt;Om verksamheten ska utvecklas och bedrivas patients\u00e4kert och effektivt m\u00e5ste ocks\u00e5 verksamheten utvecklas organisatoriskt och kompetensm\u00e4ssigt. Du som chef och du som medarbetare och r\u00f6ntgensjuksk\u00f6terska \u00e4r de som tillsammans ska leda utvecklingen i denna riktning.&lt;\/p&gt;\n                 &lt;p&gt;V\u00e5rdf\u00f6rbundet och Svensk f\u00f6rening f\u00f6r r\u00f6ntgensjuksk\u00f6terskor bedriver fortsatt lobby och p\u00e5verkansarbete f\u00f6r att en reglerad specialistutbildning f\u00f6r r\u00f6ntgensjuksk\u00f6terskor ska formaliseras och regleras likt den som finns f\u00f6r sjuksk\u00f6terskor.&lt;\/p&gt;\n                 &lt;p&gt;N\u00e4r verksamheten utvecklas, kommer detta att medf\u00f6ra att fler s\u00f6ker sig till utbildningen. Det st\u00e4lls stora krav p\u00e5 arbetets inneh\u00e5ll och m\u00f6jligheten till personlig och yrkesm\u00e4ssig utveckling f\u00f6r att unga i dag ska lockas att s\u00f6ka till utbildningen. Men det kr\u00e4vs f\u00f6rst\u00e5s ocks\u00e5 en h\u00f6g l\u00f6n som motsvarar ansvar och yrkesskicklighet. Verksamheten m\u00e5ste d\u00e4rf\u00f6r svara upp med att det finns en plan f\u00f6r karri\u00e4rutveckling f\u00f6r individen och en struktur i verksamheten som v\u00e4lkomnar den specialiserade kunskapen som r\u00f6ntgensjuksk\u00f6terskan skaffat sig.&lt;\/p&gt;\n                 &lt;p&gt;Samarbetet och samtalet om hur detta ska skapas beh\u00f6ver ske i verksamheten d\u00e4r chefer och ledningsgrupper driver fr\u00e5gan tillsammans med r\u00f6ntgensjuksk\u00f6terskan.&lt;\/p&gt;\n                 &lt;p&gt;Framtiden \u00e4r h\u00e4r. Verksamheterna st\u00e5r inf\u00f6r utmaningar n\u00e4r det g\u00e4ller kompetensf\u00f6rs\u00f6rjning \u00f6ver hela landet. Genom att \u00f6ka patientens delaktighet, ta tillvara personens f\u00f6rm\u00e5gor, utveckla r\u00f6ntgensjuksk\u00f6terskans kompetens och samtidigt utnyttja ny teknik finns goda m\u00f6jligheter att utveckla v\u00e5rden i positiv riktning.&lt;\/p&gt;\n                 &lt;p&gt;&lt;b&gt;&lt;\/b&gt;&lt;\/p&gt;\n                 &lt;p&gt;Fortsatt och gemensam kraftsamling kr\u00e4vs d\u00e4r ett uttalat behov av specialistutbildning f\u00f6r r\u00f6ntgensjuksk\u00f6terskor m\u00e5ste \u00f6ka fr\u00e5n verksamheten och enskilda arbetsgivare.&lt;\/p&gt;\n                &lt;br&gt;&lt;br&gt;\"\n            data-category=\"SFR - Svensk F\u00f6rening f\u00f6r R\u00f6ntgensjuksk\u00f6terskor\"\n            data-category-ids=\"1007\"\n            data-span-all=\"\"\n                      >\n\n            <div class=\"event_content\">\n              <div class=\"title\">\n                                <span>SFR - Vi kan inte avst\u00e5 fr\u00e5n att m\u00f6ta framtidens utmaningar - Specialistr\u00f6ntgensjuksk\u00f6terska<\/span>\n              <\/div>\n              <div class=\"span_room\"><span><\/span><\/div>\n              <div class=\"time\">\n                <span>\n                  10:45-12:15                <\/span><\/div>\n\n              <div class=\"lecturer\"><span>Barbro Cagner; John Brandberg; Anetta Bolejko; Violetta  Ellmer<\/span><\/div>\n            <\/div>\n\n\n                                <div style=\"background-color:#33CC66; position: absolute !important ; height: 4px !important; left: 4px; right: 4px; bottom : 2px !important;  border\"><\/div>\n            \n          <\/div>\n\n      \n          <div class=\"event \"\n            data-id=\"1167\"\n            data-project=\"project_276_2017_03_27\"\n            data-title=\"Keynote\"\n            data-abs-nbr=\"\"\n            data-ystart=\"10.75\"\n            data-yend=\"12.25\"\n            data-time=\"10:45-12:15\"\n            data-room=\"1\"\n            data-room-id=\"1002\"\n            data-room-name=\"Crusellhallen\"\n            data-day=\"3\"\n            data-abs-path=\"\"\n            data-speaker=\"Prof Hans-Christoph Becker; Prof Eliot  Siegel\"\n            data-speakercell=\"Prof Hans-Christoph Becker; Prof Eliot  Siegel\"\n            data-info=\"&lt;b&gt;Moderatorer: &lt;\/b&gt;Tomas Bjerner&lt;br&gt;&lt;br&gt; \n                 &lt;p&gt;10.45 - 11.45&amp;nbsp;&lt;em&gt;Prof Eliot Siegel, University of Maryland&lt;\/em&gt;&lt;\/p&gt; \n                 &lt;p&gt;11.45 - 12.15 Pro - Con Future Radiology, AI&lt;\/p&gt; \n                 &lt;p&gt;&lt;em&gt;Prof Eliot Siegel, University for Maryland, Prof Christoph Becker, Stanford University&lt;\/em&gt;&lt;\/p&gt; \n                &lt;br&gt;&lt;br&gt;\"\n            data-category=\"Vetenskapligt program\"\n            data-category-ids=\"1002\"\n            data-span-all=\"\"\n                      >\n\n            <div class=\"event_content\">\n              <div class=\"title\">\n                                <span>Keynote<\/span>\n              <\/div>\n              <div class=\"span_room\"><span><\/span><\/div>\n              <div class=\"time\">\n                <span>\n                  10:45-12:15                <\/span><\/div>\n\n              <div class=\"lecturer\"><span>Prof Hans-Christoph Becker; Prof Eliot  Siegel<\/span><\/div>\n            <\/div>\n\n\n                                <div style=\"background-color:#FF3333; position: absolute !important ; height: 4px !important; left: 4px; right: 4px; bottom : 2px !important;  border\"><\/div>\n            \n          <\/div>\n\n      \n          <div class=\"event \"\n            data-id=\"1170\"\n            data-project=\"project_276_2017_03_27\"\n            data-title=\"SFRU -  &quot;Sv\u00e5runders\u00f6kt patient, tacksam f\u00f6r r\u00f6ntgen&quot;\"\n            data-abs-nbr=\"\"\n            data-ystart=\"10.75\"\n            data-yend=\"12.25\"\n            data-time=\"10:45-12:15\"\n            data-room=\"9\"\n            data-room-id=\"1010\"\n            data-room-name=\"Operetten\"\n            data-day=\"3\"\n            data-abs-path=\"\"\n            data-speaker=\"Vitalija Smitdiene\"\n            data-speakercell=\"Vitalija Smitdiene\"\n            data-info=\"&lt;b&gt;Moderatorer: &lt;\/b&gt;Pia Wagesj\u00f6&lt;br&gt;&lt;br&gt; \n                 &lt;p&gt;Procedursm\u00e4rta, r\u00e4dsla och tv\u00e5ng vid r\u00f6ntgen ur ett barns perspektiv. M\u00e5let med f\u00f6rel\u00e4sningen \u00e4r att \u00f6ka kunskapen om barnomh\u00e4ndertagandet och lyfta fram barnets behov i samband med r\u00f6ntgenunders\u00f6kningar.&lt;\/p&gt; \n                 &lt;p&gt;M\u00e5lgrupp: Undersk\u00f6terskor och sk\u00f6terskor&lt;\/p&gt; \n                &lt;br&gt;&lt;br&gt;\"\n            data-category=\"SFRU - Svensk F\u00f6rening f\u00f6r R\u00f6ntgenundersk\u00f6terskor\"\n            data-category-ids=\"1010\"\n            data-span-all=\"\"\n                      >\n\n            <div class=\"event_content\">\n              <div class=\"title\">\n                                <span>SFRU -  \"Sv\u00e5runders\u00f6kt patient, tacksam f\u00f6r r\u00f6ntgen\"<\/span>\n              <\/div>\n              <div class=\"span_room\"><span><\/span><\/div>\n              <div class=\"time\">\n                <span>\n                  10:45-12:15                <\/span><\/div>\n\n              <div class=\"lecturer\"><span>Vitalija Smitdiene<\/span><\/div>\n            <\/div>\n\n\n                                <div style=\"background-color:#FFFF33; position: absolute !important ; height: 4px !important; left: 4px; right: 4px; bottom : 2px !important;  border\"><\/div>\n            \n          <\/div>\n\n      \n      <div id=\"eventInfo\" class=\"modal fade bs-example-modal-lg\" tabindex=\"-1\" role=\"dialog\" style=\"font-size: medium; line-height: normal; text-transform: none;\">\n        <div class=\"modal-dialog\">\n          <div class=\"modal-content\">\n            <div class=\"modal-header\">\n              <button type=\"button\" class=\"close\" data-dismiss=\"modal\" aria-label=\"Close\">\n                <span aria-hidden=\"true\">&times;<\/span><\/button>\n              <h4 class=\"modal-title\"><\/h4>\n            <\/div>\n            <div class=\"modal-body\">\n              <p class=\"modal-speaker\"><\/p>\n              <p class=\"modal-time\"><\/p>\n              <p class=\"modal-info\"><\/p>\n              <p id=\"modal-abs\"><\/p>\n              <p id=\"modal-abs-oldie\">\n                <span style=\"display: none;\">Du anv\u00e4nder en f\u00f6r\u00e5ldrar webbl\u00e4sare.<\/span>\n                <a id=\"abs-url-oldie\" target=\"_blank\" style=\"display: none;\">Klicka f\u00e4r f\u00f6r att l\u00e4sa bidraget<\/a>\n                <iframe id=\"abs-iframe-oldie\" width=\"100%\" height=\"300px\"><\/iframe>\n              <\/p>\n              <i id=\"modal-abs-spinner\" class=\"fa fa-spinner fa-spin\" aria-hidden=\"true\" style=\"display: none;\"><\/i>\n            <\/div>\n            <div class=\"modal-footer\">\n              <span style=\"text-align: left; float: left;\" class=\"modal-category\"><\/span>\n              <button type=\"button\" class=\"btn btn-default\" data-dismiss=\"modal\">St\u00e4ng<\/button>\n            <\/div>\n          <\/div><!-- \/.modal-content -->\n        <\/div><!-- \/.modal-dialog -->\n      <\/div><!-- \/.modal -->\n\n    <\/div>\n\n  <\/div>\n\n\n","protected":false},"excerpt":{"rendered":"","protected":false},"author":1,"featured_media":0,"parent":0,"menu_order":0,"comment_status":"closed","ping_status":"closed","template":"page-template-blank.php","meta":{"_et_pb_use_builder":"","_et_pb_old_content":"","_et_gb_content_width":""},"_links":{"self":[{"href":"https:\/\/program.appinconf.com\/program\/wp-json\/wp\/v2\/pages\/190"}],"collection":[{"href":"https:\/\/program.appinconf.com\/program\/wp-json\/wp\/v2\/pages"}],"about":[{"href":"https:\/\/program.appinconf.com\/program\/wp-json\/wp\/v2\/types\/page"}],"author":[{"embeddable":true,"href":"https:\/\/program.appinconf.com\/program\/wp-json\/wp\/v2\/users\/1"}],"replies":[{"embeddable":true,"href":"https:\/\/program.appinconf.com\/program\/wp-json\/wp\/v2\/comments?post=190"}],"version-history":[{"count":4,"href":"https:\/\/program.appinconf.com\/program\/wp-json\/wp\/v2\/pages\/190\/revisions"}],"predecessor-version":[{"id":301,"href":"https:\/\/program.appinconf.com\/program\/wp-json\/wp\/v2\/pages\/190\/revisions\/301"}],"wp:attachment":[{"href":"https:\/\/program.appinconf.com\/program\/wp-json\/wp\/v2\/media?parent=190"}],"curies":[{"name":"wp","href":"https:\/\/api.w.org\/{rel}","templated":true}]}}