
{"id":201,"date":"2017-04-27T08:17:30","date_gmt":"2017-04-27T08:17:30","guid":{"rendered":"http:\/\/appsinmed.com\/program\/?page_id=201"},"modified":"2017-04-27T08:20:17","modified_gmt":"2017-04-27T08:20:17","slug":"nordic-ent-2017","status":"publish","type":"page","link":"https:\/\/program.appinconf.com\/program\/nordic-ent-2017\/","title":{"rendered":"Nordic ENT 2017"},"content":{"rendered":"\n<script type=\"text\/javascript\">\n    var allRooms = JSON.parse('[{\"name\":\"F2\",\"id\":-1},{\"name\":\"Exhibition area\",\"id\":1002},{\"name\":\"F3\",\"id\":1003},{\"name\":\"F4+F5\",\"id\":1004},{\"name\":\" Not specified\",\"id\":1006},{\"name\":\"Tr\\u00e4dg\\u00e5r\\u00b4n\",\"id\":1005},{\"name\":\"Rondo\",\"id\":1007},{\"name\":\"F1\",\"id\":1008},{\"name\":\"Wallenbergs konferenscentrum\",\"id\":1010},{\"name\":\"\\u00d6NH-kliniken\",\"id\":1011}]');\n    var allCategories = JSON.parse('[]');\n  <\/script>\n\n  <script type=\"text\/javascript\">\n    var templateUrl = 'https:\/\/program.appinconf.com\/program\/wp-content\/plugins\/wordpress_plugin_schedule\/img\/';\n  <\/script>\n\n  <input type=\"hidden\" id=\"new_cms\" value=\"0\" \/>\n  <input type=\"hidden\" id=\"spanning_color\" value=\"rgba(255, 187, 187, 0.83)\" \/>\n  <input type=\"hidden\" id=\"spanning_text_color\" value=\"#000000\" \/>\n  <input type=\"hidden\" id=\"list_as_default\" value=\"0\" \/>\n  <input type=\"hidden\" id=\"fetch_abstract\" value=\"\" \/>\n  <input type=\"hidden\" id=\"show_abs_nbr\" value=\"\" \/>\n  <input type=\"hidden\" id=\"use-auto-heights\" value=\"false\" \/>\n  <input id='base_path' type='hidden' value='https:\/\/program.appinconf.com\/program\/wp-content\/plugins\/wordpress_plugin_schedule' \/>\n  <input id='project' type='hidden' value='project_283_2017_04_27' \/>\n  <input id='lang' type='hidden' value='sv' \/>\n  <input id='show_link_to_abstract' type='hidden' value='0' \/>\n\n  <div id=\"plugin_main_container\" style='height: 770px;'>\n\n    \n    <div id=\"type_filter_div\" style='display: none;'>\n      <div class=\"btn-group\" role=\"group\" aria-label=\"...\">\n        <button id=\"show_graph_schedule_button\" type=\"button\" class=\"btn btn-default selected_list_type\">\n          <i class=\"fa fa-calendar\" aria-hidden=\"true\"><\/i>\n        <\/button>\n        <button id=\"show_list_schedule_button\" type=\"button\" class=\"btn btn-default \">\n          <i class=\"fa fa-list\" aria-hidden=\"true\"><\/i>\n        <\/button>\n        <button id=\"list_program_button_print\" type=\"button\" class=\"btn btn-default\" style=\"display: none;\">\n          <i class=\"fa fa-print\" aria-hidden=\"true\"><\/i>\n        <\/button>\n      <\/div>\n      \n    <\/div>\n\n    <div id=\"personal_filter_div\" style='display: none;'>\n        <div id=\"email-input-group\" class=\"email-input-group input-group\">\n          <span class=\"input-group-addon\" id=\"sizing-addon2\">@<\/span>\n          <input id=\"list_filter_input\" type=\"email\" class=\"form-control\" placeholder=\"Ange din email eller bokningsnummer\" aria-describedby=\"sizing-addon2\">\n        <\/div>\n        <button id=\"list_filter_button\" class=\"btn btn-primary\">Visa mitt program<\/button>\n\n    <\/div>\n\n    <div id=\"personal_filter_user_information\" style=\"display: none;\">\n      <i class=\"fa fa-user fa-2x\" aria-hidden=\"true\"><\/i><span id=\"personal_information\"><\/span>\n      <button id=\"list_filter_button_print\" class=\"btn btn-success hide\"><i class=\"fa fa-print\" aria-hidden=\"true\"><\/i><\/button>\n      <button id=\"list_filter_button_reset\" class=\"btn btn-danger hide\">\u00c5terst\u00e4ll<\/button>\n    <\/div>\n\n    <div id=\"list_calendar_container\" style='display: none;'>\n\n      <div id=\"list_filter_alert_div_not_found\" class=\"alert alert-info hide\" role=\"alert\">\n          <span>\n            Anv\u00e4ndaren kunde inte hittas. Var god f\u00f6rs\u00f6k igen.          <\/span>\n      <\/div>\n\n      <div id=\"list_filter_alert_div_error\" class=\"alert alert-info hide\" role=\"alert\">\n          <span>\n            Det uppstod ett problem n\u00e4r ditt program skulle h\u00e4mtas. Var god f\u00f6rs\u00f6k igen.          <\/span>\n      <\/div>\n\n      <div id=\"list_calendar_container_inner\" style=\"height: 600px;\">\n\n          <div class='list_header' data-day='0' style='background-color: rgba(32, 132, 196, 0.83); color: rgba(255, 255, 255, 1);'>Onsdag 31 maj<\/div>\n          <div class=\"box-wrapper\"\n              data-id=\"1239\">\n\n              <div class='time-header'>08:00<\/div>\n\n              <div class=\"box\"\n                data-id=\"1239\"\n                data-project=\"project_283_2017_04_27\"\n                data-title=\"Mini courses for residents\"\n                data-time=\"08:00-17:00\"\n                data-room=\"Wallenbergs konferenscentrum\"\n                data-room-id=\"1010\"\n                data-room-name=\"Wallenbergs konferenscentrum\"\n                data-day=\"0\"\n                data-abs-nbr=\"\"\n                data-abs-path=\"\"\n                data-speaker=\"\"\n                data-speakercell=\"\"\n                data-info=\"\n                 &lt;p&gt;Find all the information about the mini courses under &quot;Mini courses - residents&quot; under Information, or at the link below.&lt;\/p&gt;\n                &lt;br&gt;&lt;br&gt;\"\n                data-category=\"\"\n                data-category-ids=\"\"\n                data-span-all=\"\"\n              >\n\n              \n\n              <div class=\"vertical_bar\" style=\"background-color: rgba(255, 255, 255, 0);\"><\/div>\n              <div class=\"box_inner\">\n                                <span>Mini courses for residents<\/span>\n               <br>\n               \n               <div class=\"room_div \">\n                 <i class=\"list-room\">Wallenbergs konferenscentrum<\/i>\n               <\/div>\n\n               <div class=\"name_time_div\">\n                <i class=\"list-time\" data-time=\"08:00\">08:00-17:00 - Onsdag 31 maj<\/i>\n               <\/div>\n              <\/div>\n             <\/div>\n          <\/div>\n\n          \n          <div class=\"box-wrapper\"\n              data-id=\"1240\">\n\n              <div class='time-header'>12:00<\/div>\n\n              <div class=\"box\"\n                data-id=\"1240\"\n                data-project=\"project_283_2017_04_27\"\n                data-title=\"Minikurser f\u00f6r sjuksk\u00f6terskor\"\n                data-time=\"12:00-16:00\"\n                data-room=\"\u00d6NH-kliniken\"\n                data-room-id=\"1011\"\n                data-room-name=\"\u00d6NH-kliniken\"\n                data-day=\"0\"\n                data-abs-nbr=\"\"\n                data-abs-path=\"\"\n                data-speaker=\"\"\n                data-speakercell=\"\"\n                data-info=\" \n                 &lt;p&gt;Hitta all information f\u00f6r minikurserna under &quot;Minikurser - sjuksk\u00f6terskor&quot; under Information eller p\u00e5 l\u00e4nken nedan.&amp;nbsp;&lt;\/p&gt; \n                &lt;br&gt;&lt;br&gt;\"\n                data-category=\"\"\n                data-category-ids=\"\"\n                data-span-all=\"\"\n              >\n\n              \n\n              <div class=\"vertical_bar\" style=\"background-color: rgba(255, 255, 255, 0);\"><\/div>\n              <div class=\"box_inner\">\n                                <span>Minikurser f\u00f6r sjuksk\u00f6terskor<\/span>\n               <br>\n               \n               <div class=\"room_div \">\n                 <i class=\"list-room\">\u00d6NH-kliniken<\/i>\n               <\/div>\n\n               <div class=\"name_time_div\">\n                <i class=\"list-time\" data-time=\"12:00\">12:00-16:00 - Onsdag 31 maj<\/i>\n               <\/div>\n              <\/div>\n             <\/div>\n          <\/div>\n\n          \n          <div class=\"box-wrapper\"\n              data-id=\"1008\">\n\n              <div class='time-header'>18:00<\/div>\n\n              <div class=\"box\"\n                data-id=\"1008\"\n                data-project=\"project_283_2017_04_27\"\n                data-title=\"Registration and Get Together at the Swedish Exhibition and Congress Centre \"\n                data-time=\"18:00-20:00\"\n                data-room=\"Exhibition area\"\n                data-room-id=\"1002\"\n                data-room-name=\"Exhibition area\"\n                data-day=\"0\"\n                data-abs-nbr=\"\"\n                data-abs-path=\"\"\n                data-speaker=\"\"\n                data-speakercell=\"\"\n                data-info=\"\n                  Get together hosted by the city of Gothenburg &amp;amp; Region V\u00e4stra G\u00f6taland \n                 &lt;br&gt; \n                &lt;br&gt;&lt;br&gt;\"\n                data-category=\"\"\n                data-category-ids=\"\"\n                data-span-all=\"\"\n              >\n\n              \n\n              <div class=\"vertical_bar\" style=\"background-color: rgba(255, 255, 255, 0);\"><\/div>\n              <div class=\"box_inner\">\n                                <span>Registration and Get Together at the Swedish Exhibition and Congress Centre <\/span>\n               <br>\n               \n               <div class=\"room_div \">\n                 <i class=\"list-room\">Exhibition area<\/i>\n               <\/div>\n\n               <div class=\"name_time_div\">\n                <i class=\"list-time\" data-time=\"18:00\">18:00-20:00 - Onsdag 31 maj<\/i>\n               <\/div>\n              <\/div>\n             <\/div>\n          <\/div>\n\n          <div class='list_header' data-day='1' style='background-color: rgba(32, 132, 196, 0.83); color: rgba(255, 255, 255, 1);'>Torsdag 1 juni<\/div>\n          <div class=\"box-wrapper\"\n              data-id=\"1027\">\n\n              <div class='time-header'>06:30<\/div>\n\n              <div class=\"box\"\n                data-id=\"1027\"\n                data-project=\"project_283_2017_04_27\"\n                data-title=\"Early morning run\"\n                data-time=\"06:30-07:15\"\n                data-room=\" Not specified\"\n                data-room-id=\"1006\"\n                data-room-name=\" Not specified\"\n                data-day=\"1\"\n                data-abs-nbr=\"\"\n                data-abs-path=\"\"\n                data-speaker=\"\"\n                data-speakercell=\"\"\n                data-info=\" \n                 &lt;p&gt;All early runners, and those who prefer a morning workout focus on strength and balance, will gather outside the mainentrance of Hotel Gothia Towers. Together we will run the short distance (1km) to Heden, which is an outdoor area in the centre of Gothenburg dedicated for physical activity. One group will have physical workout focus on strength and balance and the other group have a distance run through some of the parks and green spaces of Gothenburg. We will all be back at the hotel at 7.10-7.15am. All participants will receive a nice T-shirt.&lt;br&gt;&lt;br&gt;These events are sponsored by V\u00e4stra G\u00f6talandsregionens Friskv\u00e5rdsprojekt&lt;br&gt;&lt;br&gt;If you are not staying close to the congress venue and wish to use the showers at Gothia Towers after the run, please send an email to Anna at&amp;nbsp;&lt;a href=&quot;mailto:anna@mkon.se&quot; target=&quot;_blank&quot;&gt;anna@mkon.se&lt;\/a&gt;&amp;nbsp;and we will help you.&lt;br&gt;&lt;\/p&gt; \n                &lt;br&gt;&lt;br&gt;\"\n                data-category=\"\"\n                data-category-ids=\"\"\n                data-span-all=\"\"\n              >\n\n              \n\n              <div class=\"vertical_bar\" style=\"background-color: rgba(255, 255, 255, 0);\"><\/div>\n              <div class=\"box_inner\">\n                                <span>Early morning run<\/span>\n               <br>\n               \n               <div class=\"room_div \">\n                 <i class=\"list-room\"> Not specified<\/i>\n               <\/div>\n\n               <div class=\"name_time_div\">\n                <i class=\"list-time\" data-time=\"06:30\">06:30-07:15 - Torsdag 1 juni<\/i>\n               <\/div>\n              <\/div>\n             <\/div>\n          <\/div>\n\n          \n          <div class=\"box-wrapper\"\n              data-id=\"1010\">\n\n              <div class='time-header'>08:15<\/div>\n\n              <div class=\"box\"\n                data-id=\"1010\"\n                data-project=\"project_283_2017_04_27\"\n                data-title=\"Otolitens \u00c5rsm\u00f6te\"\n                data-time=\"08:15-09:15\"\n                data-room=\"F2\"\n                data-room-id=\"-1\"\n                data-room-name=\"F2\"\n                data-day=\"1\"\n                data-abs-nbr=\"\"\n                data-abs-path=\"\"\n                data-speaker=\"\"\n                data-speakercell=\"\"\n                data-info=\"&lt;b&gt;Moderatorer: &lt;\/b&gt;Karolina Bende&lt;br&gt;&lt;br&gt;\"\n                data-category=\"\"\n                data-category-ids=\"\"\n                data-span-all=\"\"\n              >\n\n              \n\n              <div class=\"vertical_bar\" style=\"background-color: rgba(255, 255, 255, 0);\"><\/div>\n              <div class=\"box_inner\">\n                                <span>Otolitens \u00c5rsm\u00f6te<\/span>\n               <br>\n               \n               <div class=\"room_div \">\n                 <i class=\"list-room\">F2<\/i>\n               <\/div>\n\n               <div class=\"name_time_div\">\n                <i class=\"list-time\" data-time=\"08:15\">08:15-09:15 - Torsdag 1 juni<\/i>\n               <\/div>\n              <\/div>\n             <\/div>\n          <\/div>\n\n          \n          <div class=\"box-wrapper\"\n              data-id=\"1011\">\n\n              <div class='time-header'>08:30<\/div>\n\n              <div class=\"box\"\n                data-id=\"1011\"\n                data-project=\"project_283_2017_04_27\"\n                data-title=\"Sponsored Lecture: Medtronic\"\n                data-time=\"08:30-09:15\"\n                data-room=\"F3\"\n                data-room-id=\"1003\"\n                data-room-name=\"F3\"\n                data-day=\"1\"\n                data-abs-nbr=\"\"\n                data-abs-path=\"\"\n                data-speaker=\"Raj Bhalla\"\n                data-speakercell=\"Raj Bhalla\"\n                data-info=\" \n                 &lt;p&gt;\u201dFrontal sinus approaches and technological advances\u201d&lt;\/p&gt; \n                 &lt;p&gt;&lt;span style=&quot;font-style: italic;&quot;&gt;Raj Bhalla, Consultant rhinologist and endoscopic skull base surgeon, Manchester, UK&lt;\/span&gt;&lt;\/p&gt; \n                &lt;br&gt;&lt;br&gt;\"\n                data-category=\"\"\n                data-category-ids=\"\"\n                data-span-all=\"\"\n              >\n\n              \n\n              <div class=\"vertical_bar\" style=\"background-color: rgba(255, 255, 255, 0);\"><\/div>\n              <div class=\"box_inner\">\n                                <span>Sponsored Lecture: Medtronic<\/span>\n               <br>\n               <div class=\"lecturer\"><span>Raj Bhalla<\/span><\/div>\n               <div class=\"room_div \">\n                 <i class=\"list-room\">F3<\/i>\n               <\/div>\n\n               <div class=\"name_time_div\">\n                <i class=\"list-time\" data-time=\"08:30\">08:30-09:15 - Torsdag 1 juni<\/i>\n               <\/div>\n              <\/div>\n             <\/div>\n          <\/div>\n\n          \n          <div class=\"box-wrapper\"\n              data-id=\"1012\">\n\n              <div class='time-header'>09:30<\/div>\n\n              <div class=\"box\"\n                data-id=\"1012\"\n                data-project=\"project_283_2017_04_27\"\n                data-title=\"Opening Ceremony\"\n                data-time=\"09:30-12:00\"\n                data-room=\"F4+F5\"\n                data-room-id=\"1004\"\n                data-room-name=\"F4+F5\"\n                data-day=\"1\"\n                data-abs-nbr=\"\"\n                data-abs-path=\"\"\n                data-speaker=\"\"\n                data-speakercell=\"\"\n                data-info=\"09.30-12.00 - 1. Opening Ceremony&lt;br&gt;&lt;small&gt;&lt;\/small&gt;&lt;br&gt;&lt;br&gt;09.30-12.00 - 2. Key Note Lecture&lt;br&gt;&lt;small&gt;Claes M\u00f6ller&lt;\/small&gt;&lt;br&gt;&lt;br&gt;09.30-12.00 - 3. Gunnar Holmgren Lecture&lt;br&gt;&lt;small&gt;William Coman&lt;\/small&gt;&lt;br&gt;&lt;br&gt;\"\n                data-category=\"\"\n                data-category-ids=\"\"\n                data-span-all=\"\"\n              >\n\n              \n\n              <div class=\"vertical_bar\" style=\"background-color: rgba(255, 255, 255, 0);\"><\/div>\n              <div class=\"box_inner\">\n                                <span>Opening Ceremony<\/span>\n               <br>\n               \n               <div class=\"room_div \">\n                 <i class=\"list-room\">F4+F5<\/i>\n               <\/div>\n\n               <div class=\"name_time_div\">\n                <i class=\"list-time\" data-time=\"09:30\">09:30-12:00 - Torsdag 1 juni<\/i>\n               <\/div>\n              <\/div>\n             <\/div>\n          <\/div>\n\n          \n          <div class=\"box-wrapper\"\n              data-id=\"1058\">\n\n              <div class='time-header'>12:00<\/div>\n\n              <div class=\"box\"\n                data-id=\"1058\"\n                data-project=\"project_283_2017_04_27\"\n                data-title=\"Lunch \/ Posters \/ Exhibition\"\n                data-time=\"12:00-13:00\"\n                data-room=\"Exhibition area\"\n                data-room-id=\"1002\"\n                data-room-name=\"Exhibition area\"\n                data-day=\"1\"\n                data-abs-nbr=\"\"\n                data-abs-path=\"\"\n                data-speaker=\"\"\n                data-speakercell=\"\"\n                data-info=\"\"\n                data-category=\"\"\n                data-category-ids=\"\"\n                data-span-all=\"\"\n              >\n\n              \n\n              <div class=\"vertical_bar\" style=\"background-color: rgba(255, 255, 255, 0);\"><\/div>\n              <div class=\"box_inner\">\n                                <span>Lunch \/ Posters \/ Exhibition<\/span>\n               <br>\n               \n               <div class=\"room_div \">\n                 <i class=\"list-room\">Exhibition area<\/i>\n               <\/div>\n\n               <div class=\"name_time_div\">\n                <i class=\"list-time\" data-time=\"12:00\">12:00-13:00 - Torsdag 1 juni<\/i>\n               <\/div>\n              <\/div>\n             <\/div>\n          <\/div>\n\n          \n          <div class=\"box-wrapper\"\n              data-id=\"1016\">\n\n              <div class='time-header'>13:00<\/div>\n\n              <div class=\"box\"\n                data-id=\"1016\"\n                data-project=\"project_283_2017_04_27\"\n                data-title=\"Dental sinusitis - a common but disregarded chronic disease\"\n                data-time=\"13:00-14:30\"\n                data-room=\"F3\"\n                data-room-id=\"1003\"\n                data-room-name=\"F3\"\n                data-day=\"1\"\n                data-abs-nbr=\"\"\n                data-abs-path=\"\"\n                data-speaker=\"Karin Blomgren; Boel Kullendorff\"\n                data-speakercell=\"Karin Blomgren; Boel Kullendorff\"\n                data-info=\"&lt;b&gt;Moderatorer: &lt;\/b&gt;Morgan Andersson&lt;br&gt;&lt;br&gt;\"\n                data-category=\"\"\n                data-category-ids=\"\"\n                data-span-all=\"\"\n              >\n\n              \n\n              <div class=\"vertical_bar\" style=\"background-color: rgba(255, 255, 255, 0);\"><\/div>\n              <div class=\"box_inner\">\n                                <span>Dental sinusitis - a common but disregarded chronic disease<\/span>\n               <br>\n               <div class=\"lecturer\"><span>Karin Blomgren; Boel Kullendorff<\/span><\/div>\n               <div class=\"room_div \">\n                 <i class=\"list-room\">F3<\/i>\n               <\/div>\n\n               <div class=\"name_time_div\">\n                <i class=\"list-time\" data-time=\"13:00\">13:00-14:30 - Torsdag 1 juni<\/i>\n               <\/div>\n              <\/div>\n             <\/div>\n          <\/div>\n\n          \n          <div class=\"box-wrapper\"\n              data-id=\"1166\">\n\n              <div class='time-header' style='visibility: hidden;'>13:00<\/div>\n\n              <div class=\"box\"\n                data-id=\"1166\"\n                data-project=\"project_283_2017_04_27\"\n                data-title=\"Addressing the consequences of H&N cancer treatment\"\n                data-time=\"13:00-14:30\"\n                data-room=\"F1\"\n                data-room-id=\"1008\"\n                data-room-name=\"F1\"\n                data-day=\"1\"\n                data-abs-nbr=\"\"\n                data-abs-path=\"\"\n                data-speaker=\"Mary Wells\"\n                data-speakercell=\"Mary Wells\"\n                data-info=\"&lt;b&gt;Moderatorer: &lt;\/b&gt;Ylva Tiblom Ehrsson&lt;br&gt;&lt;br&gt;&lt;p&gt;The global\nburden of head and neck cancer is increasing, and changes in the epidemiology\nof the disease create new challenges for oncology teams.&amp;nbsp; Our knowledge of the consequences of\nincreasingly complex treatment pathways is constantly evolving, as more\npatients survive and live with the long-term impact of surgery, chemotherapy,\nradiotherapy and molecular therapies.&lt;br&gt;&lt;br&gt;Head and\nneck cancer arguably affects daily life more profoundly than any other type of\ncancer, but public awareness of the disease is poor and patients have not,\nhistorically, been a vocal group.&amp;nbsp; &amp;nbsp;Additionally, there has been relatively little\nresearch funding directed to addressing the consequences of head and neck\ncancer treatment.&lt;\/p&gt;&lt;p&gt;&lt;br&gt;This talk will utilise qualitative and quantitative research findings to\nillustrate the impact of head and neck cancer on all aspects of life and to discuss\ncurrent challenges in supporting survivors to live well after treatment.&amp;nbsp; &amp;nbsp;It\nwill focus on who and what we prioritize, how we better prepare patients for\nthe consequences of treatment and what interventions are needed to better\naddress the unmet and often hidden needs of a varied group of head and neck\ncancer survivors. &amp;nbsp;&lt;\/p&gt;&lt;br&gt;&lt;br&gt;\"\n                data-category=\"\"\n                data-category-ids=\"\"\n                data-span-all=\"\"\n              >\n\n              \n\n              <div class=\"vertical_bar\" style=\"background-color: rgba(255, 255, 255, 0);\"><\/div>\n              <div class=\"box_inner\">\n                                <span>Addressing the consequences of H&N cancer treatment<\/span>\n               <br>\n               <div class=\"lecturer\"><span>Mary Wells<\/span><\/div>\n               <div class=\"room_div \">\n                 <i class=\"list-room\">F1<\/i>\n               <\/div>\n\n               <div class=\"name_time_div\">\n                <i class=\"list-time\" data-time=\"13:00\">13:00-14:30 - Torsdag 1 juni<\/i>\n               <\/div>\n              <\/div>\n             <\/div>\n          <\/div>\n\n          \n          <div class=\"box-wrapper\"\n              data-id=\"1030\">\n\n              <div class='time-header' style='visibility: hidden;'>13:00<\/div>\n\n              <div class=\"box\"\n                data-id=\"1030\"\n                data-project=\"project_283_2017_04_27\"\n                data-title=\"Sleep disordered breathing in children - where are we and where do we go\"\n                data-time=\"13:00-14:30\"\n                data-room=\"F4+F5\"\n                data-room-id=\"1004\"\n                data-room-name=\"F4+F5\"\n                data-day=\"1\"\n                data-abs-nbr=\"\"\n                data-abs-path=\"\"\n                data-speaker=\"\"\n                data-speakercell=\"\"\n                data-info=\"&lt;b&gt;Moderatorer: &lt;\/b&gt;Danielle Friberg&lt;br&gt;&lt;br&gt; \n                 &lt;p&gt; &lt;\/p&gt; \n                 &lt;p&gt;Sleep disordered breathing children is very common; more than 10% are habitual snorers with restless sleep. The prevalence of the more severe Obstructive Sleep Apnea (OSA), with oxygen desaturations and sleep fragmentation, is 2-4%. To diagnose OSA, inlab full night polysomnography is recommended as golden standard. However, such investigations are resourceful, and unusual in the Nordic countries. Other more basic investigations are sometimes used, e.g. sleep apnea recordings, which could be performed ambulant at home. The benefits and pitfalls of these methods will be discussed at this symposium. Further questions are: Which child should undergo sleep investigations? How to make the society pay for them? What is the use of specific questionnaires, and what about parents taking a simple video of the child during sleep? To correctly diagnose sleep disordered breathing in children is important and difficult, but hopefully less difficult after this symposium. &lt;\/p&gt; \n                &lt;br&gt;&lt;br&gt;13.00-14.30 - 1. Introduction&lt;br&gt;&lt;small&gt;Danielle Friberg&lt;\/small&gt;&lt;br&gt;&lt;br&gt;13.00-14.30 - 2. How do we do it in Norway&lt;br&gt;&lt;small&gt;Harriet Akre&lt;\/small&gt;&lt;br&gt;&lt;br&gt;13.00-14.30 - 3. How do we do it in Finland&lt;br&gt;&lt;small&gt;Laura M\u00e4kinen&lt;\/small&gt;&lt;br&gt;&lt;br&gt;13.00-14.30 - 4. How do we do it in Sk\u00e5ne&lt;br&gt;&lt;small&gt;Anna Redmo&lt;\/small&gt;&lt;br&gt;&lt;br&gt;13.00-14.30 - 5. How do we do it in G\u00f6teborg&lt;br&gt;&lt;small&gt;Gunnhildur Gudnadottir&lt;\/small&gt;&lt;br&gt;&lt;br&gt;13.00-14.30 - 6. How do we do it in Stockholm?&lt;br&gt;&lt;small&gt;Danielle Friberg&lt;\/small&gt;&lt;br&gt;&lt;br&gt;13.00-14.30 - 7. Polysomnography versus polygraphy in children&lt;br&gt;&lt;small&gt;Paul Murphy&lt;\/small&gt;&lt;br&gt;&lt;br&gt;13.00-14.30 - 8. Discussion &amp; questions&lt;br&gt;&lt;small&gt;&lt;\/small&gt;&lt;br&gt;&lt;br&gt;\"\n                data-category=\"\"\n                data-category-ids=\"\"\n                data-span-all=\"\"\n              >\n\n              \n\n              <div class=\"vertical_bar\" style=\"background-color: rgba(255, 255, 255, 0);\"><\/div>\n              <div class=\"box_inner\">\n                                <span>Sleep disordered breathing in children - where are we and where do we go<\/span>\n               <br>\n               \n               <div class=\"room_div \">\n                 <i class=\"list-room\">F4+F5<\/i>\n               <\/div>\n\n               <div class=\"name_time_div\">\n                <i class=\"list-time\" data-time=\"13:00\">13:00-14:30 - Torsdag 1 juni<\/i>\n               <\/div>\n              <\/div>\n             <\/div>\n          <\/div>\n\n          \n          <div class=\"box-wrapper\"\n              data-id=\"1031\">\n\n              <div class='time-header' style='visibility: hidden;'>13:00<\/div>\n\n              <div class=\"box\"\n                data-id=\"1031\"\n                data-project=\"project_283_2017_04_27\"\n                data-title=\"CI - old & new indications & Nordic experiences\"\n                data-time=\"13:00-14:30\"\n                data-room=\"F2\"\n                data-room-id=\"-1\"\n                data-room-name=\"F2\"\n                data-day=\"1\"\n                data-abs-nbr=\"\"\n                data-abs-path=\"\"\n                data-speaker=\"\"\n                data-speakercell=\"\"\n                data-info=\"&lt;b&gt;Moderatorer: &lt;\/b&gt;Elina M\u00e4ki-Torkko&lt;br&gt;&lt;br&gt;\n                 &lt;p&gt;Hearing impairment is among the ten most common disease burdens worldwide. Thus, it is a major public health issue. The prevalence of severe to profound hearing impairment is estimated to be 0.2%-0.7% in adults. Fitting of hearing aids and other rehabilitation may not be enough to enable speech communication in individuals with severe to profound hearing impairment. This may lead to isolation, lack of autonomy, depression and anxiety.&lt;br&gt;&lt;br&gt;Cochlear implantation has become an established rehabilitation method for severe to profound hearing impairment, as it has been shown to be a safe and effective intervention. There are no strict candidacy criteria, but generally an individual with severe to profound hearing impairment who can not get enough benefit of optimally programmed conventional hearing aids is a possible candidate.&lt;\/p&gt;&lt;p&gt;&lt;br&gt;Good results, technical stability and relative few adverse events related to CI have led to expanded candidacy criteria. This means, among other things, that CI recipients today have more residual hearing than previously. In many cases it is indicated to try to preserve the residual hearing in order to provide the individual with the benefits of both acoustic and electric hearing (hybrid hearing). Bilateral implantation has become standard in pediatric populations and is increasing in adults. CI has become an option in some cases of progressive hearing impairments and asymmetrical hearing impairments. Furthermore, potential benefit of CI in cases of single-sided deafness is discussed and preliminary results have been published.&lt;\/p&gt;&lt;p&gt;&lt;br&gt;We see an increasing number of CI candidates coming from other countries and cultures, a fact that challenges our traditional hearing health care in many ways. Moreover, patients with less traditional etiologies may be candidates for CI today. This is demanding regarding audiological diagnostics. In this session the aim is to highlight the above issues and discuss both possibilities and limits from a Nordic perspective.&lt;\/p&gt;\n                &lt;br&gt;&lt;br&gt;13.00-14.30 - 1. EAS and hearing preservation surgery&lt;br&gt;&lt;small&gt;Elsa Erixon&lt;\/small&gt;&lt;br&gt;&lt;br&gt;13.00-14.30 - 2. CI in children representing minority groups&lt;br&gt;&lt;small&gt;Marie Bunne&lt;\/small&gt;&lt;br&gt;&lt;br&gt;13.00-14.30 - 3. CI in patients with vestibular schwannoma&lt;br&gt;&lt;small&gt;&lt;\/small&gt;&lt;br&gt;&lt;br&gt;13.00-14.30 - 4. Discussion &amp; questions&lt;br&gt;&lt;small&gt;&lt;\/small&gt;&lt;br&gt;&lt;br&gt;\"\n                data-category=\"\"\n                data-category-ids=\"\"\n                data-span-all=\"\"\n              >\n\n              \n\n              <div class=\"vertical_bar\" style=\"background-color: rgba(255, 255, 255, 0);\"><\/div>\n              <div class=\"box_inner\">\n                                <span>CI - old & new indications & Nordic experiences<\/span>\n               <br>\n               \n               <div class=\"room_div \">\n                 <i class=\"list-room\">F2<\/i>\n               <\/div>\n\n               <div class=\"name_time_div\">\n                <i class=\"list-time\" data-time=\"13:00\">13:00-14:30 - Torsdag 1 juni<\/i>\n               <\/div>\n              <\/div>\n             <\/div>\n          <\/div>\n\n          \n          <div class=\"box-wrapper\"\n              data-id=\"1018\">\n\n              <div class='time-header'>14:30<\/div>\n\n              <div class=\"box\"\n                data-id=\"1018\"\n                data-project=\"project_283_2017_04_27\"\n                data-title=\"Coffee \/ Posters \/ Exhibition\"\n                data-time=\"14:30-15:00\"\n                data-room=\"Exhibition area\"\n                data-room-id=\"1002\"\n                data-room-name=\"Exhibition area\"\n                data-day=\"1\"\n                data-abs-nbr=\"\"\n                data-abs-path=\"\"\n                data-speaker=\"\"\n                data-speakercell=\"\"\n                data-info=\"\"\n                data-category=\"\"\n                data-category-ids=\"\"\n                data-span-all=\"\"\n              >\n\n              \n\n              <div class=\"vertical_bar\" style=\"background-color: rgba(255, 255, 255, 0);\"><\/div>\n              <div class=\"box_inner\">\n                                <span>Coffee \/ Posters \/ Exhibition<\/span>\n               <br>\n               \n               <div class=\"room_div \">\n                 <i class=\"list-room\">Exhibition area<\/i>\n               <\/div>\n\n               <div class=\"name_time_div\">\n                <i class=\"list-time\" data-time=\"14:30\">14:30-15:00 - Torsdag 1 juni<\/i>\n               <\/div>\n              <\/div>\n             <\/div>\n          <\/div>\n\n          \n          <div class=\"box-wrapper\"\n              data-id=\"1168\">\n\n              <div class='time-header'>15:00<\/div>\n\n              <div class=\"box\"\n                data-id=\"1168\"\n                data-project=\"project_283_2017_04_27\"\n                data-title=\"Att arbeta och samarbeta effektivt i team\"\n                data-time=\"15:00-15:45\"\n                data-room=\"F1\"\n                data-room-id=\"1008\"\n                data-room-name=\"F1\"\n                data-day=\"1\"\n                data-abs-nbr=\"\"\n                data-abs-path=\"\"\n                data-speaker=\"Lena Sharp\"\n                data-speakercell=\"Lena Sharp\"\n                data-info=\"&lt;b&gt;Moderatorer: &lt;\/b&gt;Lisa Hansson Wettergren&lt;br&gt;&lt;br&gt;&lt;p&gt;H\u00e4lso- och sjukv\u00e5rden blir allt mer komplex, vilket st\u00e4ller\n\u00f6kade krav p\u00e5 v\u00e5rdkvalit\u00e9, s\u00e4kerhet, patientdelaktighet och effektivitet.\nEffektiv kommunikation och gott samarbete i de patientn\u00e4ra teamen \u00e4r en\nf\u00f6ruts\u00e4ttning f\u00f6r att lyckas uppn\u00e5 kraven men de flesta av oss har begr\u00e4nsad\neller ingen utbildning i \u00e4mnet. Bristande kommunikation inom och mellan\nyrkesgrupperna i v\u00e5rden \u00e4r ofta en bidragande faktor n\u00e4r allvarligare\navvikelser och v\u00e5rdskador intr\u00e4ffar.&lt;br&gt;&lt;br&gt;Under f\u00f6rel\u00e4sningen presenteras och diskuteras vikten av\neffektiv kommunikation inom v\u00e5rden, konsekvenser om kommunikationen brister,\nutmaningar, framg\u00e5ngsfaktorer och effektiva metoder f\u00f6r att effektivisera\nteamarbetet.&lt;\/p&gt;&lt;p&gt;&lt;br&gt;Aktuell forskning och kliniska exempel presenteras och\ndiskuteras utifr\u00e5n patientens, medarbetares och chefers perspektiv.&lt;\/p&gt;&lt;br&gt;&lt;br&gt;\"\n                data-category=\"\"\n                data-category-ids=\"\"\n                data-span-all=\"\"\n              >\n\n              \n\n              <div class=\"vertical_bar\" style=\"background-color: rgba(255, 255, 255, 0);\"><\/div>\n              <div class=\"box_inner\">\n                                <span>Att arbeta och samarbeta effektivt i team<\/span>\n               <br>\n               <div class=\"lecturer\"><span>Lena Sharp<\/span><\/div>\n               <div class=\"room_div \">\n                 <i class=\"list-room\">F1<\/i>\n               <\/div>\n\n               <div class=\"name_time_div\">\n                <i class=\"list-time\" data-time=\"15:00\">15:00-15:45 - Torsdag 1 juni<\/i>\n               <\/div>\n              <\/div>\n             <\/div>\n          <\/div>\n\n          \n          <div class=\"box-wrapper\"\n              data-id=\"1032\">\n\n              <div class='time-header' style='visibility: hidden;'>15:00<\/div>\n\n              <div class=\"box\"\n                data-id=\"1032\"\n                data-project=\"project_283_2017_04_27\"\n                data-title=\"Cranio-facial trauma: collaboration & future - the Nordic perspective\"\n                data-time=\"15:00-16:20\"\n                data-room=\"F2\"\n                data-room-id=\"-1\"\n                data-room-name=\"F2\"\n                data-day=\"1\"\n                data-abs-nbr=\"\"\n                data-abs-path=\"\"\n                data-speaker=\"Preben Hom\u00f8; Petri Koivunen\"\n                data-speakercell=\"Preben Hom\u00f8; Petri Koivunen\"\n                data-info=\"&lt;b&gt;Moderatorer: &lt;\/b&gt;Ann Hermansson&lt;br&gt;&lt;br&gt;\n                 &lt;p&gt;Trauma is a frequent problem during on-call and most of us\nwill be involved in handling cases initially, even though most are not involved\nin the actual surgical treatment. Worldwide and also in the Nordic countries\nthere are great differences in how facial trauma is treated, both initially and\nlater on. There is also a need for close collaboration with other specialities,\nincluding dentists or maxillofacial surgeons. How to chose cases for surgical\nintervention is often discussed and different examinations are often needed\nwith close collaboration with radiologists and ophtamologists. Most trauma is minor\nand might not need surgical intervention, while some is very severe and will\ntake a lot of time and effort to handle. We will compare different strategies\nand also discuss some cases and the way to plan further handling.&lt;\/p&gt;&lt;p&gt;\n\n\n\n\n\n\n\n\n\n\n\n\n\n\n\n\n\n\nThe primary question will be how to handle cranio-facial trauma in the emergency room and how to plan for further intervention.&lt;br&gt;Which patients need surgery? Who should operate? When to operate?&lt;\/p&gt;\n                 &lt;p&gt;Cases will be discussed by the panel and the audience.&lt;\/p&gt;\n                &lt;br&gt;&lt;br&gt;\"\n                data-category=\"\"\n                data-category-ids=\"\"\n                data-span-all=\"\"\n              >\n\n              \n\n              <div class=\"vertical_bar\" style=\"background-color: rgba(255, 255, 255, 0);\"><\/div>\n              <div class=\"box_inner\">\n                                <span>Cranio-facial trauma: collaboration & future - the Nordic perspective<\/span>\n               <br>\n               <div class=\"lecturer\"><span>Preben Hom\u00f8; Petri Koivunen<\/span><\/div>\n               <div class=\"room_div \">\n                 <i class=\"list-room\">F2<\/i>\n               <\/div>\n\n               <div class=\"name_time_div\">\n                <i class=\"list-time\" data-time=\"15:00\">15:00-16:20 - Torsdag 1 juni<\/i>\n               <\/div>\n              <\/div>\n             <\/div>\n          <\/div>\n\n          \n          <div class=\"box-wrapper\"\n              data-id=\"1033\">\n\n              <div class='time-header' style='visibility: hidden;'>15:00<\/div>\n\n              <div class=\"box\"\n                data-id=\"1033\"\n                data-project=\"project_283_2017_04_27\"\n                data-title=\"Increased collaboration for teaching surgical skills\"\n                data-time=\"15:00-16:20\"\n                data-room=\"F3\"\n                data-room-id=\"1003\"\n                data-room-name=\"F3\"\n                data-day=\"1\"\n                data-abs-nbr=\"\"\n                data-abs-path=\"\"\n                data-speaker=\"\"\n                data-speakercell=\"\"\n                data-info=\"&lt;b&gt;Moderatorer: &lt;\/b&gt;Malin Siegbahn&lt;br&gt;&lt;br&gt;\n                 &lt;p&gt;Evidence-based surgery needs evidence-based surgical training methods. How to train our future surgeons is a topic that is widely discussed. Furthermore, there is an increasing number of minimally invasive and technically challenging procedures with more complex devices. Due to budget restrictions and restricted work hours, there is a lack of training opportunities and a deficit in surgical skills training.&lt;br&gt;&lt;br&gt;Still in 2017 scientifically validated methods are not used for surgical training, despite the fact that such methods now are published in ranked journals, also as a result of the Surgicon Project (&lt;a href=&quot;http:\/\/www.surgicon.org)&quot;&gt;www.surgicon.org)&lt;\/a&gt;. &lt;i&gt;Margareta Berg&lt;\/i&gt;, adjunct university lecturer, Lule\u00e5 Technical University, and Orthopaedic surgeon, and founder of the Surgicon Project, will give us an update on the latest information on this.&lt;\/p&gt;&lt;p&gt;&lt;br&gt;&lt;span style=&quot;font-style: italic;&quot;&gt;P\u00e4r Stj\u00e4rne&lt;\/span&gt;, professor and ENT-surgeon at Karolinska University Hospital in Stockholm &amp;nbsp;and &lt;i&gt;Christian von Buchwald&lt;\/i&gt;, professor and ENT-surgeon at Rigshospitalet, Copenhagen, will discuss the advantages of cadavre dissection, the high fidelity, only true anatomical simulator where you can practise entire operations.&lt;\/p&gt;&lt;p&gt;&lt;br&gt;Evidence is steadily accumulating for the benefits of simulation-based training in ENT. &lt;i&gt;Jacob Melchiors&lt;\/i&gt;, associate professor and ENT-surgeon, and &lt;i&gt;Steven Andersen&lt;\/i&gt;, ENT-surgeon and Postdoc, Rigshospitalet, Copenhagen, will update us on the current simulation opportunities, and their experience with implementing simulation into ENT curriculum.&lt;\/p&gt;&lt;p&gt;&lt;br&gt;Finally we will learn about the work behind, and the aims of the UEMS loggbook on ENT specialist training presented by &lt;i&gt;Pernilla Sahlstrand Johnson&lt;\/i&gt;, ENT-surgeon, PhD, Lund.&lt;\/p&gt;\n                &lt;br&gt;&lt;br&gt;15.00-16.20 - 1. Cadaver dissection&lt;br&gt;&lt;small&gt;P\u00e4r Stj\u00e4rne; Christian von Buchwald&lt;\/small&gt;&lt;br&gt;&lt;br&gt;15.00-16.20 - 2. Simulation in ENT training&lt;br&gt;&lt;small&gt;Jacob Melchiors; Steven Andersen&lt;\/small&gt;&lt;br&gt;&lt;br&gt;15.00-16.20 - 3. Clinical teaching in surgery&lt;br&gt;&lt;small&gt;Margareta Berg&lt;\/small&gt;&lt;br&gt;&lt;br&gt;15.00-16.20 - 4. UEMS update on the resident log book&lt;br&gt;&lt;small&gt;&lt;\/small&gt;&lt;br&gt;&lt;br&gt;15.00-16.20 - 5. Discussion &amp; questions&lt;br&gt;&lt;small&gt;&lt;\/small&gt;&lt;br&gt;&lt;br&gt;\"\n                data-category=\"\"\n                data-category-ids=\"\"\n                data-span-all=\"\"\n              >\n\n              \n\n              <div class=\"vertical_bar\" style=\"background-color: rgba(255, 255, 255, 0);\"><\/div>\n              <div class=\"box_inner\">\n                                <span>Increased collaboration for teaching surgical skills<\/span>\n               <br>\n               \n               <div class=\"room_div \">\n                 <i class=\"list-room\">F3<\/i>\n               <\/div>\n\n               <div class=\"name_time_div\">\n                <i class=\"list-time\" data-time=\"15:00\">15:00-16:20 - Torsdag 1 juni<\/i>\n               <\/div>\n              <\/div>\n             <\/div>\n          <\/div>\n\n          \n          <div class=\"box-wrapper\"\n              data-id=\"1017\">\n\n              <div class='time-header' style='visibility: hidden;'>15:00<\/div>\n\n              <div class=\"box\"\n                data-id=\"1017\"\n                data-project=\"project_283_2017_04_27\"\n                data-title=\"Beating the H&N Cancer by standardized management, centralisation and collaboration\"\n                data-time=\"15:00-16:20\"\n                data-room=\"F4+F5\"\n                data-room-id=\"1004\"\n                data-room-name=\"F4+F5\"\n                data-day=\"1\"\n                data-abs-nbr=\"\"\n                data-abs-path=\"\"\n                data-speaker=\"\"\n                data-speakercell=\"\"\n                data-info=\"&lt;b&gt;Moderatorer: &lt;\/b&gt;G\u00f6ran Laurell&lt;br&gt;&lt;br&gt;\n                 &lt;p&gt;Head and neck cancer is not one disease, but merely comprises a variety of malignant tumors in the upper aero-digestive tract, mainly squamous cell carcinoma. The influence of organizational changes may therefore not produce uniform positive effects on the outcome of this patient population. Some general characteristics of head and neck cancer in the Nordic countries can be mentioned: males are affected more than females. Oral cavity and oropharyngeal cancer account for approximately 50% of all cases. HPV-driven oropharyngeal cancer has an increasing incidence and has a relatively low recurrence rate. Also, there is a decrease in the incidence of laryngeal cancer and laryngectomies. Survival rates for most sites have improved slightly.&lt;br&gt;&lt;br&gt;Treatment of head and neck cancer is an important issue for the ENT specialty. However, treatment of head and neck cancer and follow-up of patients after treatment typically require multidisciplinary approach.&lt;\/p&gt;&lt;p&gt;&lt;br&gt;It has been recognized during the last decades that standardization of treatment and surveillance offer advantages in many ways: improved therapeutic results, easier availability to perform comparisons between various treatments, better guidelines for follow-up and easier identification of individual needs not only during the period of treatment but also during the whole illness trajectory&lt;\/p&gt;&lt;p&gt;&lt;br&gt;Centralization has the potential to offer many improvements and not least for the best interest of patients. It is obvious that centralization is a delicate question among physicians, health care providers and politicians.&lt;\/p&gt;&lt;p&gt;&lt;br&gt;During this session a number of topics will be discussed that deal with the organization of head and neck cancer management.&lt;\/p&gt;\n                &lt;br&gt;&lt;br&gt;15.00-16.20 - 1. Prevention of oropharyngeal cancer \u2013 is there a role for gender neutral HPV vaccination?&lt;br&gt;&lt;small&gt;Jon Mork&lt;\/small&gt;&lt;br&gt;&lt;br&gt;15.00-16.20 - 2. The Danish head and neck cancer fast track programme: Organization and experience in a university center&lt;br&gt;&lt;small&gt;Christian Godballe&lt;\/small&gt;&lt;br&gt;&lt;br&gt;15.00-16.20 - 3. Why Quality Registers - and Why so little Collaboration?&lt;br&gt;&lt;small&gt;Johan Wennerberg&lt;\/small&gt;&lt;br&gt;&lt;br&gt;15.00-16.20 - 4. Head and Neck cancer management in the Nordic countries - an e ort to harmonize treatment&lt;br&gt;&lt;small&gt;Antti M\u00e4kitie&lt;\/small&gt;&lt;br&gt;&lt;br&gt;15.00-16.20 - 5. Need of a multidisciplinary approach in the treatment of ear canal cancer&lt;br&gt;&lt;small&gt;PO Eriksson&lt;\/small&gt;&lt;br&gt;&lt;br&gt;15.00-16.20 - 6. Discussion&lt;br&gt;&lt;small&gt;&lt;\/small&gt;&lt;br&gt;&lt;br&gt;\"\n                data-category=\"\"\n                data-category-ids=\"\"\n                data-span-all=\"\"\n              >\n\n              \n\n              <div class=\"vertical_bar\" style=\"background-color: rgba(255, 255, 255, 0);\"><\/div>\n              <div class=\"box_inner\">\n                                <span>Beating the H&N Cancer by standardized management, centralisation and collaboration<\/span>\n               <br>\n               \n               <div class=\"room_div \">\n                 <i class=\"list-room\">F4+F5<\/i>\n               <\/div>\n\n               <div class=\"name_time_div\">\n                <i class=\"list-time\" data-time=\"15:00\">15:00-16:20 - Torsdag 1 juni<\/i>\n               <\/div>\n              <\/div>\n             <\/div>\n          <\/div>\n\n          \n          <div class=\"box-wrapper\"\n              data-id=\"1167\">\n\n              <div class='time-header'>15:45<\/div>\n\n              <div class=\"box\"\n                data-id=\"1167\"\n                data-project=\"project_283_2017_04_27\"\n                data-title=\"Fr\u00e5n allergiutredning till behandling - Sjuksk\u00f6terskans roll\"\n                data-time=\"15:45-16:30\"\n                data-room=\"F1\"\n                data-room-id=\"1008\"\n                data-room-name=\"F1\"\n                data-day=\"1\"\n                data-abs-nbr=\"\"\n                data-abs-path=\"\"\n                data-speaker=\"Eva Hjertson; Sibel Dahl\"\n                data-speakercell=\"Eva Hjertson; Sibel Dahl\"\n                data-info=\"&lt;b&gt;Moderatorer: &lt;\/b&gt;Agneta Hagren&lt;br&gt;&lt;br&gt;&lt;p&gt;I Sverige \u00e4r cirka 25 procent av befolkningen\npollenallergiker. Immunsystemet \u00f6verreagerar n\u00e4r du uts\u00e4tts f\u00f6r proteiner som\nfinns i pollen och sporer. Den som \u00e4r allergiker \u00e4r \u00f6verk\u00e4nslig mot n\u00e5got eller\nflera \u00e4mnen som finns i v\u00e5r omgivning. De \u00e4mnena brukar kallas allergener och\n\u00e4r helt ofarliga f\u00f6r de flesta, men f\u00f6r andra orsakar allergiska besv\u00e4r.&lt;br&gt;&lt;br&gt;P\u00e5 \u00d6ron-n\u00e4sa-hals mottagningen i Lund s\u00e5 arbetar sjuksk\u00f6terska\noch l\u00e4kare i n\u00e4ra teamsamarbete d\u00e4r sjuksk\u00f6terskan har en stor och viktig del i\nb\u00e5de allergiutredning och behandling som vi kommer att ber\u00e4tta mer om p\u00e5\nf\u00f6rel\u00e4sningen.&lt;\/p&gt;&lt;br&gt;&lt;br&gt;\"\n                data-category=\"\"\n                data-category-ids=\"\"\n                data-span-all=\"\"\n              >\n\n              \n\n              <div class=\"vertical_bar\" style=\"background-color: rgba(255, 255, 255, 0);\"><\/div>\n              <div class=\"box_inner\">\n                                <span>Fr\u00e5n allergiutredning till behandling - Sjuksk\u00f6terskans roll<\/span>\n               <br>\n               <div class=\"lecturer\"><span>Eva Hjertson; Sibel Dahl<\/span><\/div>\n               <div class=\"room_div \">\n                 <i class=\"list-room\">F1<\/i>\n               <\/div>\n\n               <div class=\"name_time_div\">\n                <i class=\"list-time\" data-time=\"15:45\">15:45-16:30 - Torsdag 1 juni<\/i>\n               <\/div>\n              <\/div>\n             <\/div>\n          <\/div>\n\n          \n          <div class=\"box-wrapper\"\n              data-id=\"1057\">\n\n              <div class='time-header'>16:30<\/div>\n\n              <div class=\"box\"\n                data-id=\"1057\"\n                data-project=\"project_283_2017_04_27\"\n                data-title=\"SFOHH meeting\"\n                data-time=\"16:30-18:00\"\n                data-room=\"F4+F5\"\n                data-room-id=\"1004\"\n                data-room-name=\"F4+F5\"\n                data-day=\"1\"\n                data-abs-nbr=\"\"\n                data-abs-path=\"\"\n                data-speaker=\"\"\n                data-speakercell=\"\"\n                data-info=\"\"\n                data-category=\"\"\n                data-category-ids=\"\"\n                data-span-all=\"\"\n              >\n\n              \n\n              <div class=\"vertical_bar\" style=\"background-color: rgba(255, 255, 255, 0);\"><\/div>\n              <div class=\"box_inner\">\n                                <span>SFOHH meeting<\/span>\n               <br>\n               \n               <div class=\"room_div \">\n                 <i class=\"list-room\">F4+F5<\/i>\n               <\/div>\n\n               <div class=\"name_time_div\">\n                <i class=\"list-time\" data-time=\"16:30\">16:30-18:00 - Torsdag 1 juni<\/i>\n               <\/div>\n              <\/div>\n             <\/div>\n          <\/div>\n\n          \n          <div class=\"box-wrapper\"\n              data-id=\"1060\">\n\n              <div class='time-header'>19:00<\/div>\n\n              <div class=\"box\"\n                data-id=\"1060\"\n                data-project=\"project_283_2017_04_27\"\n                data-title=\"\\\"A Night at the Garden\\\"\"\n                data-time=\"19:00-23:00\"\n                data-room=\"Tr\u00e4dg\u00e5r\u00b4n\"\n                data-room-id=\"1005\"\n                data-room-name=\"Tr\u00e4dg\u00e5r\u00b4n\"\n                data-day=\"1\"\n                data-abs-nbr=\"\"\n                data-abs-path=\"\"\n                data-speaker=\"\"\n                data-speakercell=\"\"\n                data-info=\" \n                 &lt;div&gt; \n                  &lt;span style=&quot;font-weight: bold;&quot;&gt;Location:&lt;\/span&gt;&amp;nbsp;Restaurant Tr\u00e4dg\u00e5r\u2019n \n                 &lt;\/div&gt; \n                 &lt;div&gt; \n                  &lt;span style=&quot;font-weight: bold;&quot;&gt;Street address:&amp;nbsp;&lt;\/span&gt;Nya All\u00e9n 11 (20 minutes walk from the venue)&amp;nbsp; \n                 &lt;\/div&gt; \n                 &lt;div&gt; \n                  &lt;span style=&quot;font-weight: bold;&quot;&gt;Dresscode:&lt;\/span&gt;&amp;nbsp;Informal \n                  &lt;br&gt; \n                  &lt;br&gt; \n                  &lt;span style=&quot;font-style: italic;&quot;&gt;Pre-registration is mandatory, and made when register to the congress&lt;\/span&gt; \n                 &lt;\/div&gt; \n                &lt;br&gt;&lt;br&gt;\"\n                data-category=\"\"\n                data-category-ids=\"\"\n                data-span-all=\"\"\n              >\n\n              \n\n              <div class=\"vertical_bar\" style=\"background-color: rgba(255, 255, 255, 0);\"><\/div>\n              <div class=\"box_inner\">\n                                <span>\"A Night at the Garden\"<\/span>\n               <br>\n               \n               <div class=\"room_div \">\n                 <i class=\"list-room\">Tr\u00e4dg\u00e5r\u00b4n<\/i>\n               <\/div>\n\n               <div class=\"name_time_div\">\n                <i class=\"list-time\" data-time=\"19:00\">19:00-23:00 - Torsdag 1 juni<\/i>\n               <\/div>\n              <\/div>\n             <\/div>\n          <\/div>\n\n          <div class='list_header' data-day='2' style='background-color: rgba(32, 132, 196, 0.83); color: rgba(255, 255, 255, 1);'>Fredag 2 juni<\/div>\n          <div class=\"box-wrapper\"\n              data-id=\"1028\">\n\n              <div class='time-header'>06:30<\/div>\n\n              <div class=\"box\"\n                data-id=\"1028\"\n                data-project=\"project_283_2017_04_27\"\n                data-title=\"Early morning run\"\n                data-time=\"06:30-07:15\"\n                data-room=\" Not specified\"\n                data-room-id=\"1006\"\n                data-room-name=\" Not specified\"\n                data-day=\"2\"\n                data-abs-nbr=\"\"\n                data-abs-path=\"\"\n                data-speaker=\"\"\n                data-speakercell=\"\"\n                data-info=\" \n                 &lt;p&gt;All early runners, and those who prefer a morning workout focus on strength and balance, will gather outside the mainentrance of Hotel Gothia Towers. Together we will run the short distance (1km) to Heden, which is an outdoor area in the centre of Gothenburg dedicated for physical activity. One group will have physical workout focus on strength and balance and the other group have a distance run through some of the parks and green spaces of Gothenburg. We will all be back at the hotel at 7.10-7.15am. All participants will receive a nice T-shirt.&lt;br&gt;&lt;br&gt;These events are sponsored by V\u00e4stra G\u00f6talandsregionens Friskv\u00e5rdsprojekt&lt;br&gt;&lt;\/p&gt; \n                &lt;br&gt;&lt;br&gt;\"\n                data-category=\"\"\n                data-category-ids=\"\"\n                data-span-all=\"\"\n              >\n\n              \n\n              <div class=\"vertical_bar\" style=\"background-color: rgba(255, 255, 255, 0);\"><\/div>\n              <div class=\"box_inner\">\n                                <span>Early morning run<\/span>\n               <br>\n               \n               <div class=\"room_div \">\n                 <i class=\"list-room\"> Not specified<\/i>\n               <\/div>\n\n               <div class=\"name_time_div\">\n                <i class=\"list-time\" data-time=\"06:30\">06:30-07:15 - Fredag 2 juni<\/i>\n               <\/div>\n              <\/div>\n             <\/div>\n          <\/div>\n\n          \n          <div class=\"box-wrapper\"\n              data-id=\"1061\">\n\n              <div class='time-header'>08:00<\/div>\n\n              <div class=\"box\"\n                data-id=\"1061\"\n                data-project=\"project_283_2017_04_27\"\n                data-title=\"Key Note Lecture\"\n                data-time=\"08:00-08:40\"\n                data-room=\"F4+F5\"\n                data-room-id=\"1004\"\n                data-room-name=\"F4+F5\"\n                data-day=\"2\"\n                data-abs-nbr=\"\"\n                data-abs-path=\"\"\n                data-speaker=\"Christian von Buchwald\"\n                data-speakercell=\"Christian von Buchwald\"\n                data-info=\"&lt;b&gt;Moderatorer: &lt;\/b&gt;Henrik Bergquist&lt;br&gt;&lt;br&gt; \n                 &lt;p&gt;\u201dChronic rhinosinisitis and the united airways concept\u201d&lt;br&gt;&lt;\/p&gt; \n                &lt;br&gt;&lt;br&gt;\"\n                data-category=\"\"\n                data-category-ids=\"\"\n                data-span-all=\"\"\n              >\n\n              \n\n              <div class=\"vertical_bar\" style=\"background-color: rgba(255, 255, 255, 0);\"><\/div>\n              <div class=\"box_inner\">\n                                <span>Key Note Lecture<\/span>\n               <br>\n               <div class=\"lecturer\"><span>Christian von Buchwald<\/span><\/div>\n               <div class=\"room_div \">\n                 <i class=\"list-room\">F4+F5<\/i>\n               <\/div>\n\n               <div class=\"name_time_div\">\n                <i class=\"list-time\" data-time=\"08:00\">08:00-08:40 - Fredag 2 juni<\/i>\n               <\/div>\n              <\/div>\n             <\/div>\n          <\/div>\n\n          \n          <div class=\"box-wrapper\"\n              data-id=\"1062\">\n\n              <div class='time-header'>08:40<\/div>\n\n              <div class=\"box\"\n                data-id=\"1062\"\n                data-project=\"project_283_2017_04_27\"\n                data-title=\"Key Note Lecture\"\n                data-time=\"08:40-09:00\"\n                data-room=\"F4+F5\"\n                data-room-id=\"1004\"\n                data-room-name=\"F4+F5\"\n                data-day=\"2\"\n                data-abs-nbr=\"\"\n                data-abs-path=\"\"\n                data-speaker=\"Arvid Carlsson\"\n                data-speakercell=\"Arvid Carlsson\"\n                data-info=\"&lt;b&gt;Moderatorer: &lt;\/b&gt;Johan Hellgren&lt;br&gt;&lt;br&gt; \n                 &lt;p&gt;\u201dWhat makes a Nobel laureate?\u201d&lt;br&gt;&lt;\/p&gt; \n                &lt;br&gt;&lt;br&gt;\"\n                data-category=\"\"\n                data-category-ids=\"\"\n                data-span-all=\"\"\n              >\n\n              \n\n              <div class=\"vertical_bar\" style=\"background-color: rgba(255, 255, 255, 0);\"><\/div>\n              <div class=\"box_inner\">\n                                <span>Key Note Lecture<\/span>\n               <br>\n               <div class=\"lecturer\"><span>Arvid Carlsson<\/span><\/div>\n               <div class=\"room_div \">\n                 <i class=\"list-room\">F4+F5<\/i>\n               <\/div>\n\n               <div class=\"name_time_div\">\n                <i class=\"list-time\" data-time=\"08:40\">08:40-09:00 - Fredag 2 juni<\/i>\n               <\/div>\n              <\/div>\n             <\/div>\n          <\/div>\n\n          \n          <div class=\"box-wrapper\"\n              data-id=\"1160\">\n\n              <div class='time-header'>09:05<\/div>\n\n              <div class=\"box\"\n                data-id=\"1160\"\n                data-project=\"project_283_2017_04_27\"\n                data-title=\"Nutrition - en viktig del i rehabilitering av patienter med huvud- och halscancer\"\n                data-time=\"09:05-10:30\"\n                data-room=\"F1\"\n                data-room-id=\"1008\"\n                data-room-name=\"F1\"\n                data-day=\"2\"\n                data-abs-nbr=\"\"\n                data-abs-path=\"\"\n                data-speaker=\"Ylva Tiblom Ehrsson; Ewa Silander\"\n                data-speakercell=\"Ylva Tiblom Ehrsson; Ewa Silander\"\n                data-info=\"&lt;b&gt;Moderatorer: &lt;\/b&gt;Louise Hafsten&lt;br&gt;&lt;br&gt;&lt;p&gt;Huvud-\noch halscancer \u00e4r ett samlingsbegrepp f\u00f6r extrakraniella maligna tum\u00f6rer i\n\u00f6ron-, n\u00e4s- och halsregionen. Radioterapi och\/eller kirurgi \u00e4r den vanligaste\nbehandlingen. Tum\u00f6rernas lokalisation samt behandling p\u00e5verkar m\u00e5nga vitala\nfunktioner s\u00e5som f\u00f6rm\u00e5gan att tala, andas, tugga och sv\u00e4lja vilket p\u00e5 olika\nsett kan p\u00e5verka patienten. Ett f\u00f6rs\u00e4mrat nutritionstillst\u00e5nd \u00e4r ett av de vanligaste\nproblemen f\u00f6r patienter med huvud- och halscancer. Det\nfinns d\u00e4rf\u00f6r ett stort behov av att utveckla kunskapen om nutritionens\nbetydelse och f\u00f6rst\u00e5elsen f\u00f6r hur nutritionsproblem inverkar p\u00e5 patientens\nvardag och v\u00e4lbefinnande, b\u00e5de fysiskt och psykiskt f\u00f6re, under och efter\navslutad behandling. Majoriteten av patienterna \u00e4r i behov av nutritionsst\u00f6d i\nform av kostr\u00e5d, kosttill\u00e4gg eller enteral nutrition. Det \u00e4r d\u00e4rf\u00f6r av st\u00f6rsta\nvikt att \u00f6ka kunskapen hur vi i sjukv\u00e5rden b\u00e4st kan st\u00f6dja och hj\u00e4lpa patienten\ngenom att ge en adekvat nutritionsbehandling.&lt;br&gt;&lt;br&gt;V\u00e5r\npresentation kommer handla om nutritionens betydelse och behovet av\nnutritionsbehandling utifr\u00e5n v\u00e5ra egna och \u00e4ven andras forskningsresultat.&lt;\/p&gt;&lt;br&gt;&lt;br&gt;\"\n                data-category=\"\"\n                data-category-ids=\"\"\n                data-span-all=\"\"\n              >\n\n              \n\n              <div class=\"vertical_bar\" style=\"background-color: rgba(255, 255, 255, 0);\"><\/div>\n              <div class=\"box_inner\">\n                                <span>Nutrition - en viktig del i rehabilitering av patienter med huvud- och halscancer<\/span>\n               <br>\n               <div class=\"lecturer\"><span>Ylva Tiblom Ehrsson; Ewa Silander<\/span><\/div>\n               <div class=\"room_div \">\n                 <i class=\"list-room\">F1<\/i>\n               <\/div>\n\n               <div class=\"name_time_div\">\n                <i class=\"list-time\" data-time=\"09:05\">09:05-10:30 - Fredag 2 juni<\/i>\n               <\/div>\n              <\/div>\n             <\/div>\n          <\/div>\n\n          \n          <div class=\"box-wrapper\"\n              data-id=\"1094\">\n\n              <div class='time-header' style='visibility: hidden;'>09:05<\/div>\n\n              <div class=\"box\"\n                data-id=\"1094\"\n                data-project=\"project_283_2017_04_27\"\n                data-title=\"Balloons in ENT: do they really do the job? Sinuses, salivary glands, tuba Eustachii, trachea and more! \"\n                data-time=\"09:05-10:30\"\n                data-room=\"F2\"\n                data-room-id=\"-1\"\n                data-room-name=\"F2\"\n                data-day=\"2\"\n                data-abs-nbr=\"\"\n                data-abs-path=\"\"\n                data-speaker=\"Eva Westman\"\n                data-speakercell=\"Eva Westman\"\n                data-info=\"\n                 &lt;p&gt; &lt;\/p&gt;\n                 &lt;p&gt;The use of balloon dilation in the treatment of narrow ducts and strictures has increased in a variety of medical areas. In ENT, new possibilities are presented with this technique, both for the rare condition and the more common otorhinological diseases. The evidence varies and several studies are undertaken. The main advantage with the procedure is that there usually is not required any removal of tissue or bone and it is less time consuming compared with more invasive techniques. One question is whether the results are comparable to the conservative treatment options, also in the long term. During the session current knowledge about balloon sinuplasty, balloon dilation of salivary ducts and tracheal strictures will be presented. Also, the current consensus from a recent Nordic meeting on balloon dilation of the Eustachian tube. At the end of the lectures there will be time for a discussion with the auditorium.&lt;\/p&gt;\n                &lt;br&gt;&lt;br&gt;09.05-10.30 - 1. Introduction&lt;br&gt;&lt;small&gt;Eva Westman&lt;\/small&gt;&lt;br&gt;&lt;br&gt;09.05-10.30 - 2. Current evidence for balloon sinoplasty and future research&lt;br&gt;&lt;small&gt;Anni Koskinen&lt;\/small&gt;&lt;br&gt;&lt;br&gt;09.05-10.30 - 3. Current Nordic consensus for balloon dilation of the Eustachian tube&lt;br&gt;&lt;small&gt;Juha Silvola&lt;\/small&gt;&lt;br&gt;&lt;br&gt;09.05-10.30 - 4. Balloon dilation of salivary duct strictures&lt;br&gt;&lt;small&gt;Gert Henriksson&lt;\/small&gt;&lt;br&gt;&lt;br&gt;09.05-10.30 - 5. Treatment of tracheal and bronchial stenosis&lt;br&gt;&lt;small&gt;Roland Rydell&lt;\/small&gt;&lt;br&gt;&lt;br&gt;09.05-10.30 - 6. Discussion &amp; questions&lt;br&gt;&lt;small&gt;&lt;\/small&gt;&lt;br&gt;&lt;br&gt;\"\n                data-category=\"\"\n                data-category-ids=\"\"\n                data-span-all=\"\"\n              >\n\n              \n\n              <div class=\"vertical_bar\" style=\"background-color: rgba(255, 255, 255, 0);\"><\/div>\n              <div class=\"box_inner\">\n                                <span>Balloons in ENT: do they really do the job? Sinuses, salivary glands, tuba Eustachii, trachea and more! <\/span>\n               <br>\n               <div class=\"lecturer\"><span>Eva Westman<\/span><\/div>\n               <div class=\"room_div \">\n                 <i class=\"list-room\">F2<\/i>\n               <\/div>\n\n               <div class=\"name_time_div\">\n                <i class=\"list-time\" data-time=\"09:05\">09:05-10:30 - Fredag 2 juni<\/i>\n               <\/div>\n              <\/div>\n             <\/div>\n          <\/div>\n\n          \n          <div class=\"box-wrapper\"\n              data-id=\"1074\">\n\n              <div class='time-header' style='visibility: hidden;'>09:05<\/div>\n\n              <div class=\"box\"\n                data-id=\"1074\"\n                data-project=\"project_283_2017_04_27\"\n                data-title=\"Implantable hearing aids in the Nordic countries\"\n                data-time=\"09:05-10:30\"\n                data-room=\"F3\"\n                data-room-id=\"1003\"\n                data-room-name=\"F3\"\n                data-day=\"2\"\n                data-abs-nbr=\"\"\n                data-abs-path=\"\"\n                data-speaker=\"\"\n                data-speakercell=\"\"\n                data-info=\"&lt;b&gt;Moderatorer: &lt;\/b&gt;Malou Hultcrantz&lt;br&gt;&lt;br&gt;\n                 &lt;p&gt; &lt;\/p&gt;\n                 &lt;p&gt;Aim of the session is to give an overview of when to use implantable hearing aids and how to do it. There will also be information about how implantations are performed and which type of implantable hearing aids is preferred in the different Nordic countries due to availability and health care systems. The different bone anchored implants will be discussed as well as middle ear implants. Some tips and tricks will be given in the summary.&lt;\/p&gt;\n                &lt;br&gt;&lt;br&gt;09.05-10.30 - 1. Introduction and guidelines and implants in Sweden &lt;br&gt;&lt;small&gt;Malou Hultcrantz&lt;\/small&gt;&lt;br&gt;&lt;br&gt;09.05-10.30 - 2. Guidelines and implants in Denmark&lt;br&gt;&lt;small&gt;Jens H\u00f8jberg Wanscher&lt;\/small&gt;&lt;br&gt;&lt;br&gt;09.05-10.30 - 3. Guidelines and implants in Norway&lt;br&gt;&lt;small&gt;Marie Bunne&lt;\/small&gt;&lt;br&gt;&lt;br&gt;09.05-10.30 - 4. BCI&lt;br&gt;&lt;small&gt;M\u00e5ns Eeg-Olofsson&lt;\/small&gt;&lt;br&gt;&lt;br&gt;09.05-10.30 - 5. Middle ear implantable devices&lt;br&gt;&lt;small&gt;Lennart Edfeldt&lt;\/small&gt;&lt;br&gt;&lt;br&gt;09.05-10.30 - 6. Summarizing, discussion &amp; questions&lt;br&gt;&lt;small&gt;&lt;\/small&gt;&lt;br&gt;&lt;br&gt;\"\n                data-category=\"\"\n                data-category-ids=\"\"\n                data-span-all=\"\"\n              >\n\n              \n\n              <div class=\"vertical_bar\" style=\"background-color: rgba(255, 255, 255, 0);\"><\/div>\n              <div class=\"box_inner\">\n                                <span>Implantable hearing aids in the Nordic countries<\/span>\n               <br>\n               \n               <div class=\"room_div \">\n                 <i class=\"list-room\">F3<\/i>\n               <\/div>\n\n               <div class=\"name_time_div\">\n                <i class=\"list-time\" data-time=\"09:05\">09:05-10:30 - Fredag 2 juni<\/i>\n               <\/div>\n              <\/div>\n             <\/div>\n          <\/div>\n\n          \n          <div class=\"box-wrapper\"\n              data-id=\"1063\">\n\n              <div class='time-header' style='visibility: hidden;'>09:05<\/div>\n\n              <div class=\"box\"\n                data-id=\"1063\"\n                data-project=\"project_283_2017_04_27\"\n                data-title=\"Quality registers in the Nordic countries - improving our results by continuous measurement and follow-up\"\n                data-time=\"09:05-10:30\"\n                data-room=\"F4+F5\"\n                data-room-id=\"1004\"\n                data-room-name=\"F4+F5\"\n                data-day=\"2\"\n                data-abs-nbr=\"\"\n                data-abs-path=\"\"\n                data-speaker=\"\"\n                data-speakercell=\"\"\n                data-info=\"&lt;b&gt;Moderatorer: &lt;\/b&gt;Ola Sunnergren&lt;br&gt;&lt;br&gt; \n                 &lt;p&gt;Quality registers can give outcome measurement from clinical work and can be a tool for describing the clinical activities. In the Nordic countries there is a long tradition of well developed registries with high coverage. In these countries conditions are exemplary for registers, and several of the largest health registries in the world are situated in the Nordic countries. In research, more papers from registries are published from the Nordics compared to any other countries, contributing to new knowledge.&lt;br&gt;&lt;br&gt;In this session the general potential of quality registers for comparison between units, for health care improvement as well as for research will be presented and discussed. Concrete examples of the contribution of specific quality registers to quality improvement will be given from The quality register for Vestibular Schwannomas (DK), The quality register for Basal Hearing rehabilitation (SWE) and from the Tonsil Surgery register (SWE) as well as the newly started Nordic Tonsillar Surgery Register.&lt;\/p&gt; \n                &lt;br&gt;&lt;br&gt;09.05-10.30 - 1. Introduction: Quality registers and quality improvement&lt;br&gt;&lt;small&gt;Ola Sunnergren&lt;\/small&gt;&lt;br&gt;&lt;br&gt;09.05-10.30 - 2. Quality registers and research&lt;br&gt;&lt;small&gt;Johan Wennerberg&lt;\/small&gt;&lt;br&gt;&lt;br&gt;09.05-10.30 - 3. Swedish hearing rehabilitation register&lt;br&gt;&lt;small&gt;Peter Nordquist&lt;\/small&gt;&lt;br&gt;&lt;br&gt;09.05-10.30 - 4. Danish register on vestibular schwannoma&lt;br&gt;&lt;small&gt;Per Cay\u00e9-Thomasen&lt;\/small&gt;&lt;br&gt;&lt;br&gt;09.05-10.30 - 5. \u201cWhat good neighbourhood can lead to\u201d - Norwegian and Nordic Tonsil surgery registers&lt;br&gt;&lt;small&gt;Mette Bratt&lt;\/small&gt;&lt;br&gt;&lt;br&gt;09.05-10.30 - 6. National guidelines for pain treatment in children after tonsil surgery - systematic improvement efforts and the implementation process &lt;br&gt;&lt;small&gt;Elisabeth Ericsson&lt;\/small&gt;&lt;br&gt;&lt;br&gt;09.05-10.30 - 7. Discussion &amp; questions&lt;br&gt;&lt;small&gt;&lt;\/small&gt;&lt;br&gt;&lt;br&gt;\"\n                data-category=\"\"\n                data-category-ids=\"\"\n                data-span-all=\"\"\n              >\n\n              \n\n              <div class=\"vertical_bar\" style=\"background-color: rgba(255, 255, 255, 0);\"><\/div>\n              <div class=\"box_inner\">\n                                <span>Quality registers in the Nordic countries - improving our results by continuous measurement and follow-up<\/span>\n               <br>\n               \n               <div class=\"room_div \">\n                 <i class=\"list-room\">F4+F5<\/i>\n               <\/div>\n\n               <div class=\"name_time_div\">\n                <i class=\"list-time\" data-time=\"09:05\">09:05-10:30 - Fredag 2 juni<\/i>\n               <\/div>\n              <\/div>\n             <\/div>\n          <\/div>\n\n          \n          <div class=\"box-wrapper\"\n              data-id=\"1034\">\n\n              <div class='time-header'>10:30<\/div>\n\n              <div class=\"box\"\n                data-id=\"1034\"\n                data-project=\"project_283_2017_04_27\"\n                data-title=\"Coffee \/ Posters \/ Exhibition\"\n                data-time=\"10:30-11:00\"\n                data-room=\"Exhibition area\"\n                data-room-id=\"1002\"\n                data-room-name=\"Exhibition area\"\n                data-day=\"2\"\n                data-abs-nbr=\"\"\n                data-abs-path=\"\"\n                data-speaker=\"\"\n                data-speakercell=\"\"\n                data-info=\"\"\n                data-category=\"\"\n                data-category-ids=\"\"\n                data-span-all=\"\"\n              >\n\n              \n\n              <div class=\"vertical_bar\" style=\"background-color: rgba(255, 255, 255, 0);\"><\/div>\n              <div class=\"box_inner\">\n                                <span>Coffee \/ Posters \/ Exhibition<\/span>\n               <br>\n               \n               <div class=\"room_div \">\n                 <i class=\"list-room\">Exhibition area<\/i>\n               <\/div>\n\n               <div class=\"name_time_div\">\n                <i class=\"list-time\" data-time=\"10:30\">10:30-11:00 - Fredag 2 juni<\/i>\n               <\/div>\n              <\/div>\n             <\/div>\n          <\/div>\n\n          \n          <div class=\"box-wrapper\"\n              data-id=\"1101\">\n\n              <div class='time-header'>11:00<\/div>\n\n              <div class=\"box\"\n                data-id=\"1101\"\n                data-project=\"project_283_2017_04_27\"\n                data-title=\"Multidisciplinary collaboration: the key to better care. Cases and examples from different areas of ORL\"\n                data-time=\"11:00-12:30\"\n                data-room=\"F2\"\n                data-room-id=\"-1\"\n                data-room-name=\"F2\"\n                data-day=\"2\"\n                data-abs-nbr=\"\"\n                data-abs-path=\"\"\n                data-speaker=\"\"\n                data-speakercell=\"\"\n                data-info=\"&lt;b&gt;Moderatorer: &lt;\/b&gt;Pernilla Sahlstrand Johnson&lt;br&gt;&lt;br&gt; \n                 &lt;p&gt;To always have the patients in focus needs a collaborative team around them - all experts in their own medical specialty. Networks have to be built up in order to try to give the best available care. In this session the advantages of co-working in multi-disciplinary teams are discussed and different reconstruction techniques of the face are presented.&lt;br&gt;&lt;br&gt;In addition a multi-injured person will tell us about his medical history and his way through the medical system in Sweden, from injury until today. All specialties working around this person will be described, but effort will be put on the facial, head and ear injuries and discussed from plastic surgical and oto surgical points of view.&amp;nbsp;&lt;\/p&gt; \n                &lt;br&gt;&lt;br&gt;11.00-12.30 - 1. Introduction&lt;br&gt;&lt;small&gt;Pernilla Sahlstrand Johnson; Malou Hultcrantz&lt;\/small&gt;&lt;br&gt;&lt;br&gt;11.00-12.30 - 2. Trauma and rehabilitation&lt;br&gt;&lt;small&gt;Carl &lt;\/small&gt;&lt;br&gt;&lt;br&gt;11.00-12.30 - 3. Plastic surgery reconstructions of the face, upper thorax and eye&lt;br&gt;&lt;small&gt;Viveca Bj\u00f6rnhagen&lt;\/small&gt;&lt;br&gt;&lt;br&gt;11.00-12.30 - 4. Reconstruction of the ear canal and rehabilitation of hearing&lt;br&gt;&lt;small&gt;Malou Hultcrantz&lt;\/small&gt;&lt;br&gt;&lt;br&gt;11.00-12.30 - 5. Assessement of patients with nasal deformity &amp; nasal reconstruction in children and adult&lt;br&gt;&lt;small&gt;Pernilla Sahlstrand Johnson; Magnus Becker&lt;\/small&gt;&lt;br&gt;&lt;br&gt;11.00-12.30 - 6. Discussion &amp; questions&lt;br&gt;&lt;small&gt;&lt;\/small&gt;&lt;br&gt;&lt;br&gt;\"\n                data-category=\"\"\n                data-category-ids=\"\"\n                data-span-all=\"\"\n              >\n\n              \n\n              <div class=\"vertical_bar\" style=\"background-color: rgba(255, 255, 255, 0);\"><\/div>\n              <div class=\"box_inner\">\n                                <span>Multidisciplinary collaboration: the key to better care. Cases and examples from different areas of ORL<\/span>\n               <br>\n               \n               <div class=\"room_div \">\n                 <i class=\"list-room\">F2<\/i>\n               <\/div>\n\n               <div class=\"name_time_div\">\n                <i class=\"list-time\" data-time=\"11:00\">11:00-12:30 - Fredag 2 juni<\/i>\n               <\/div>\n              <\/div>\n             <\/div>\n          <\/div>\n\n          \n          <div class=\"box-wrapper\"\n              data-id=\"1064\">\n\n              <div class='time-header' style='visibility: hidden;'>11:00<\/div>\n\n              <div class=\"box\"\n                data-id=\"1064\"\n                data-project=\"project_283_2017_04_27\"\n                data-title=\"Seeing the whole patient in H&N cancer management - how to avoid and take care of treatment side effects\"\n                data-time=\"11:00-12:30\"\n                data-room=\"F4+F5\"\n                data-room-id=\"1004\"\n                data-room-name=\"F4+F5\"\n                data-day=\"2\"\n                data-abs-nbr=\"\"\n                data-abs-path=\"\"\n                data-speaker=\"\"\n                data-speakercell=\"\"\n                data-info=\"&lt;b&gt;Moderatorer: &lt;\/b&gt;G\u00f6ran Laurell&lt;br&gt;&lt;br&gt; \n                 &lt;p&gt;Head and neck cancer is a heterogeneous group of tumors that affects more than 500&amp;nbsp;000 patients per year worldwide. The number of deaths is estimated to 380&amp;nbsp;000 annually. Surgery and radiotherapy are the cornerstones of treatment, either as single or combined modality treatment. After surgery for localized cancer side effects are often temporary and minor. For more advanced cancers surgery may be more invasive. Side-effects after radiotherapy, more advanced surgery or combined modality treatment may be severe. The cancer disease and treatment may affect a number of functions such as swallowing, chewing, talking and breathing. Side effects vary from person to person. Side effects can be divided into different types: Acute side effects during treatment, side effects after treatment and side effects developing long time after termination of treatment. &lt;\/p&gt; \n                 &lt;p&gt;Advances in treatment (surgery, radiotherapy and pharmacological management) do not necessarily lead to less treatment-related morbidity. Intensity-modulated radiotherapy (IMRT) and volumetric modulated arc therapy (VMAT) have been adopted as primary treatment modality and there are several reports in the literature on reduction of radiation-induced side effects. &lt;\/p&gt; \n                 &lt;p&gt;Rehabilitation can be seen as a helping system that has the goal to take care of side effects and improve the situation for the patient. The rehabilitation needs of head and neck cancer patients involve at least four domains: physical functioning, psychological, social and existential.&lt;\/p&gt; \n                 &lt;p&gt;As there is a growing number of long-term cancer survivors new models of care and follow-up are needed to meet the demands of the patients.&lt;\/p&gt; \n                 &lt;p&gt; This session aims to promote understanding in how we can better avoid and take care of treatment side-effects. Patient involvement in health care will also be discussed.&amp;nbsp; &amp;nbsp;&amp;nbsp;&lt;br&gt;&lt;\/p&gt; \n                &lt;br&gt;&lt;br&gt;11.00-12.30 - 1. Introduction&lt;br&gt;&lt;small&gt;G\u00f6ran Laurell&lt;\/small&gt;&lt;br&gt;&lt;br&gt;11.00-12.30 - 2. How can modern radiotherapy reduce side-effects?&lt;br&gt;&lt;small&gt;Johan Reizenstein&lt;\/small&gt;&lt;br&gt;&lt;br&gt;11.00-12.30 - 3. Take care of treatment side effects&lt;br&gt;&lt;small&gt;Staffan Moren; Helena L\u00f6fhede&lt;\/small&gt;&lt;br&gt;&lt;br&gt;11.00-12.30 - 4. Quality of life for oropharyngeal cancer survivors compared to QoL of the Swedish population in general. How can we use the results to improve health care&lt;br&gt;&lt;small&gt;Eva Hammerlid; Ali Adnan&lt;\/small&gt;&lt;br&gt;&lt;br&gt;11.00-12.30 - 5. How to increase patient involvement in clinical trials&lt;br&gt;&lt;small&gt;J\u00f6rgen Lund\u00e4lv&lt;\/small&gt;&lt;br&gt;&lt;br&gt;11.00-12.30 - 6. Discussion&lt;br&gt;&lt;small&gt;&lt;\/small&gt;&lt;br&gt;&lt;br&gt;\"\n                data-category=\"\"\n                data-category-ids=\"\"\n                data-span-all=\"\"\n              >\n\n              \n\n              <div class=\"vertical_bar\" style=\"background-color: rgba(255, 255, 255, 0);\"><\/div>\n              <div class=\"box_inner\">\n                                <span>Seeing the whole patient in H&N cancer management - how to avoid and take care of treatment side effects<\/span>\n               <br>\n               \n               <div class=\"room_div \">\n                 <i class=\"list-room\">F4+F5<\/i>\n               <\/div>\n\n               <div class=\"name_time_div\">\n                <i class=\"list-time\" data-time=\"11:00\">11:00-12:30 - Fredag 2 juni<\/i>\n               <\/div>\n              <\/div>\n             <\/div>\n          <\/div>\n\n          \n          <div class=\"box-wrapper\"\n              data-id=\"1161\">\n\n              <div class='time-header' style='visibility: hidden;'>11:00<\/div>\n\n              <div class=\"box\"\n                data-id=\"1161\"\n                data-project=\"project_283_2017_04_27\"\n                data-title=\"Betydelsen av K\u00e4nsla av sammanhang i omv\u00e5rdnaden \"\n                data-time=\"11:00-11:45\"\n                data-room=\"F1\"\n                data-room-id=\"1008\"\n                data-room-name=\"F1\"\n                data-day=\"2\"\n                data-abs-nbr=\"\"\n                data-abs-path=\"\"\n                data-speaker=\"Ann Langius-Ekl\u00f6f\"\n                data-speakercell=\"Ann Langius-Ekl\u00f6f\"\n                data-info=\"&lt;b&gt;Moderatorer: &lt;\/b&gt;Anna-Maria Svensson&lt;br&gt;&lt;br&gt;&lt;p&gt;\n\n\n\n\n\n\n\n\n\n\n\n\n\n\n\n\n\n\n&lt;\/p&gt;&lt;p&gt;Det finns sedan l\u00e4nge omfattande kunskap om vad som orsakar\nsjukdom och oh\u00e4lsa. D\u00e4remot finns v\u00e4ldigt lite kunskap om vad som g\u00f6r att vissa\npersoner kan hantera livets sv\u00e5righeter och fungera utan att duka under och\nbeh\u00e5lla h\u00e4lsa och v\u00e4lbefinnande. Ett begrepp som kan vara som&amp;nbsp;hj\u00e4lp f\u00f6r att f\u00f6rst\u00e5 detta&amp;nbsp;\u00e4r K\u00e4nsla av sammanhang (KASAM). En\nindivids KASAM \u00e4r individens \u00f6vergripande f\u00f6rh\u00e5llningss\u00e4tt till sitt liv\nutifr\u00e5n hur begripligt, hanterbart och meningsfullt det ter sig. Forskning\nvisar att patienter med h\u00f6gre grad av KASAM har b\u00e4ttre livskvalitet och\nv\u00e4lbefinnande, anpassar sig b\u00e4ttre till ett sjukdomstillst\u00e5nd och har b\u00e4ttre\nprognos. En utmaning i v\u00e5rden \u00e4r att ge en omv\u00e5rdnad som utg\u00e5r fr\u00e5n varje\npatients egna behov och egen f\u00f6rm\u00e5ga att hantera sin sjukdomssituation. Det\nminsta man kan g\u00f6ra som sjuksk\u00f6terska \u00e4r att situationen f\u00f6r patienten blir s\u00e5\nbegriplig, hanterbar och meningsfull som m\u00f6jligt.&lt;b&gt;&lt;\/b&gt;&lt;\/p&gt;&lt;br&gt;&lt;br&gt;\"\n                data-category=\"\"\n                data-category-ids=\"\"\n                data-span-all=\"\"\n              >\n\n              \n\n              <div class=\"vertical_bar\" style=\"background-color: rgba(255, 255, 255, 0);\"><\/div>\n              <div class=\"box_inner\">\n                                <span>Betydelsen av K\u00e4nsla av sammanhang i omv\u00e5rdnaden <\/span>\n               <br>\n               <div class=\"lecturer\"><span>Ann Langius-Ekl\u00f6f<\/span><\/div>\n               <div class=\"room_div \">\n                 <i class=\"list-room\">F1<\/i>\n               <\/div>\n\n               <div class=\"name_time_div\">\n                <i class=\"list-time\" data-time=\"11:00\">11:00-11:45 - Fredag 2 juni<\/i>\n               <\/div>\n              <\/div>\n             <\/div>\n          <\/div>\n\n          \n          <div class=\"box-wrapper\"\n              data-id=\"1081\">\n\n              <div class='time-header' style='visibility: hidden;'>11:00<\/div>\n\n              <div class=\"box\"\n                data-id=\"1081\"\n                data-project=\"project_283_2017_04_27\"\n                data-title=\"Ensuring quality in ENT Residency Education Program - a Nordic comparison\"\n                data-time=\"11:00-12:30\"\n                data-room=\"F3\"\n                data-room-id=\"1003\"\n                data-room-name=\"F3\"\n                data-day=\"2\"\n                data-abs-nbr=\"\"\n                data-abs-path=\"\"\n                data-speaker=\"\"\n                data-speakercell=\"\"\n                data-info=\"&lt;b&gt;Moderatorer: &lt;\/b&gt;Karolina Bende&lt;br&gt;&lt;br&gt;&lt;p&gt;\n\n\n\n\n\n\n\n\n\n\n\n\n\n\n\n\n\n\n&lt;\/p&gt;&lt;p&gt;The program for\nspecialization in ENT is quite similar in the Nordic countries based on goals\nto achieve, but the organization of the education differs between the countries.\nThe main thing is that the residents acquire adequate education within the\nspecialty. But how do we make sure that the goals are fulfilled? A quality\nassessment may be the answer. The aim of this symposium is to compare how the\nquality of the education is ensured in the different Nordic countries.&lt;\/p&gt;&lt;br&gt;&lt;br&gt;11.00-12.30 - 1. How we do it in Norway&lt;br&gt;&lt;small&gt;Sverre Karmhus Streinsv\u00e5g&lt;\/small&gt;&lt;br&gt;&lt;br&gt;11.00-12.30 - 2. How we do it in Finland&lt;br&gt;&lt;small&gt;Heikki L\u00f6pp\u00f6nen&lt;\/small&gt;&lt;br&gt;&lt;br&gt;11.00-12.30 - 3. How we do it in Denmark&lt;br&gt;&lt;small&gt;Per Cay\u00e9-Thomasen&lt;\/small&gt;&lt;br&gt;&lt;br&gt;11.00-12.30 - 4. How we do it in Sweden&lt;br&gt;&lt;small&gt;Mats Holmstr\u00f6m&lt;\/small&gt;&lt;br&gt;&lt;br&gt;11.00-12.30 - 5. Discussion &amp; questions&lt;br&gt;&lt;small&gt;&lt;\/small&gt;&lt;br&gt;&lt;br&gt;\"\n                data-category=\"\"\n                data-category-ids=\"\"\n                data-span-all=\"\"\n              >\n\n              \n\n              <div class=\"vertical_bar\" style=\"background-color: rgba(255, 255, 255, 0);\"><\/div>\n              <div class=\"box_inner\">\n                                <span>Ensuring quality in ENT Residency Education Program - a Nordic comparison<\/span>\n               <br>\n               \n               <div class=\"room_div \">\n                 <i class=\"list-room\">F3<\/i>\n               <\/div>\n\n               <div class=\"name_time_div\">\n                <i class=\"list-time\" data-time=\"11:00\">11:00-12:30 - Fredag 2 juni<\/i>\n               <\/div>\n              <\/div>\n             <\/div>\n          <\/div>\n\n          \n          <div class=\"box-wrapper\"\n              data-id=\"1162\">\n\n              <div class='time-header'>11:45<\/div>\n\n              <div class=\"box\"\n                data-id=\"1162\"\n                data-project=\"project_283_2017_04_27\"\n                data-title=\"F\u00d6NH \u00c5rsm\u00f6te\"\n                data-time=\"11:45-12:30\"\n                data-room=\"F1\"\n                data-room-id=\"1008\"\n                data-room-name=\"F1\"\n                data-day=\"2\"\n                data-abs-nbr=\"\"\n                data-abs-path=\"\"\n                data-speaker=\"\"\n                data-speakercell=\"\"\n                data-info=\"\"\n                data-category=\"\"\n                data-category-ids=\"\"\n                data-span-all=\"\"\n              >\n\n              \n\n              <div class=\"vertical_bar\" style=\"background-color: rgba(255, 255, 255, 0);\"><\/div>\n              <div class=\"box_inner\">\n                                <span>F\u00d6NH \u00c5rsm\u00f6te<\/span>\n               <br>\n               \n               <div class=\"room_div \">\n                 <i class=\"list-room\">F1<\/i>\n               <\/div>\n\n               <div class=\"name_time_div\">\n                <i class=\"list-time\" data-time=\"11:45\">11:45-12:30 - Fredag 2 juni<\/i>\n               <\/div>\n              <\/div>\n             <\/div>\n          <\/div>\n\n          \n          <div class=\"box-wrapper\"\n              data-id=\"1035\">\n\n              <div class='time-header'>12:30<\/div>\n\n              <div class=\"box\"\n                data-id=\"1035\"\n                data-project=\"project_283_2017_04_27\"\n                data-title=\"Lunch \/ Posters \/ Exhibitors\"\n                data-time=\"12:30-13:15\"\n                data-room=\"Exhibition area\"\n                data-room-id=\"1002\"\n                data-room-name=\"Exhibition area\"\n                data-day=\"2\"\n                data-abs-nbr=\"\"\n                data-abs-path=\"\"\n                data-speaker=\"\"\n                data-speakercell=\"\"\n                data-info=\"\"\n                data-category=\"\"\n                data-category-ids=\"\"\n                data-span-all=\"\"\n              >\n\n              \n\n              <div class=\"vertical_bar\" style=\"background-color: rgba(255, 255, 255, 0);\"><\/div>\n              <div class=\"box_inner\">\n                                <span>Lunch \/ Posters \/ Exhibitors<\/span>\n               <br>\n               \n               <div class=\"room_div \">\n                 <i class=\"list-room\">Exhibition area<\/i>\n               <\/div>\n\n               <div class=\"name_time_div\">\n                <i class=\"list-time\" data-time=\"12:30\">12:30-13:15 - Fredag 2 juni<\/i>\n               <\/div>\n              <\/div>\n             <\/div>\n          <\/div>\n\n          \n          <div class=\"box-wrapper\"\n              data-id=\"1065\">\n\n              <div class='time-header'>13:15<\/div>\n\n              <div class=\"box\"\n                data-id=\"1065\"\n                data-project=\"project_283_2017_04_27\"\n                data-title=\"Sponsored Lecture: Oticon Medical \/ Interacoustics\"\n                data-time=\"13:15-14:00\"\n                data-room=\"F4+F5\"\n                data-room-id=\"1004\"\n                data-room-name=\"F4+F5\"\n                data-day=\"2\"\n                data-abs-nbr=\"\"\n                data-abs-path=\"\"\n                data-speaker=\"Marcus Holmberg; Claes M\u00f6ller\"\n                data-speakercell=\"Marcus Holmberg; Claes M\u00f6ller\"\n                data-info=\" \n                 &lt;p&gt;&lt;span style=&quot;font-weight: bold;&quot;&gt;Oticon Medical&lt;\/span&gt;&lt;br&gt;\u201dBAHS: Indications, patients and MIPS surgical procedure\u201d&lt;br&gt;&lt;span style=&quot;font-style: italic;&quot;&gt;Marcus Holmberg, Senior Director, Clinical Affairs BAHS, Oticon Medical&lt;\/span&gt;&lt;\/p&gt;\n                 &lt;p&gt;&lt;span style=&quot;font-weight: bold;&quot;&gt;Interacoustics&lt;\/span&gt;&lt;br&gt;\u201cWBT \u2013 Clinical experiences in children and adults\u201d &lt;br&gt;&lt;span style=&quot;font-style: italic;&quot;&gt;Claes M\u00f6ller, MD, PhD, Professor &amp;amp; Head of Audiology Research Centre, University Hospital, \u00d6rebro, Sweden&lt;\/span&gt;&lt;\/p&gt; \n                &lt;br&gt;&lt;br&gt;\"\n                data-category=\"\"\n                data-category-ids=\"\"\n                data-span-all=\"\"\n              >\n\n              \n\n              <div class=\"vertical_bar\" style=\"background-color: rgba(255, 255, 255, 0);\"><\/div>\n              <div class=\"box_inner\">\n                                <span>Sponsored Lecture: Oticon Medical \/ Interacoustics<\/span>\n               <br>\n               <div class=\"lecturer\"><span>Marcus Holmberg; Claes M\u00f6ller<\/span><\/div>\n               <div class=\"room_div \">\n                 <i class=\"list-room\">F4+F5<\/i>\n               <\/div>\n\n               <div class=\"name_time_div\">\n                <i class=\"list-time\" data-time=\"13:15\">13:15-14:00 - Fredag 2 juni<\/i>\n               <\/div>\n              <\/div>\n             <\/div>\n          <\/div>\n\n          \n          <div class=\"box-wrapper\"\n              data-id=\"1108\">\n\n              <div class='time-header' style='visibility: hidden;'>13:15<\/div>\n\n              <div class=\"box\"\n                data-id=\"1108\"\n                data-project=\"project_283_2017_04_27\"\n                data-title=\"Sponsored Lecture: Meda\"\n                data-time=\"13:15-14:00\"\n                data-room=\"F2\"\n                data-room-id=\"-1\"\n                data-room-name=\"F2\"\n                data-day=\"2\"\n                data-abs-nbr=\"\"\n                data-abs-path=\"\"\n                data-speaker=\"Sverre Steinsv\u00e5g\"\n                data-speakercell=\"Sverre Steinsv\u00e5g\"\n                data-info=\"\n                 &lt;p&gt;\u201dA blocked nose; Allergy or not?\u201d&lt;\/p&gt;\n                 &lt;p&gt;&lt;span style=&quot;font-style: italic;&quot;&gt;Sverre Steinsv\u00e5g, Professor, MD, PhD, Depts. of ORL, S\u00f8rlandet Hospital &amp;amp; Haukeland University Hospital, University of Bergen, Norway&lt;\/span&gt;&lt;\/p&gt;\n                &lt;br&gt;&lt;br&gt;\"\n                data-category=\"\"\n                data-category-ids=\"\"\n                data-span-all=\"\"\n              >\n\n              \n\n              <div class=\"vertical_bar\" style=\"background-color: rgba(255, 255, 255, 0);\"><\/div>\n              <div class=\"box_inner\">\n                                <span>Sponsored Lecture: Meda<\/span>\n               <br>\n               <div class=\"lecturer\"><span>Sverre Steinsv\u00e5g<\/span><\/div>\n               <div class=\"room_div \">\n                 <i class=\"list-room\">F2<\/i>\n               <\/div>\n\n               <div class=\"name_time_div\">\n                <i class=\"list-time\" data-time=\"13:15\">13:15-14:00 - Fredag 2 juni<\/i>\n               <\/div>\n              <\/div>\n             <\/div>\n          <\/div>\n\n          \n          <div class=\"box-wrapper\"\n              data-id=\"1087\">\n\n              <div class='time-header' style='visibility: hidden;'>13:15<\/div>\n\n              <div class=\"box\"\n                data-id=\"1087\"\n                data-project=\"project_283_2017_04_27\"\n                data-title=\"Sponsored Lecture: Cochlear\"\n                data-time=\"13:15-14:00\"\n                data-room=\"F3\"\n                data-room-id=\"1003\"\n                data-room-name=\"F3\"\n                data-day=\"2\"\n                data-abs-nbr=\"\"\n                data-abs-path=\"\"\n                data-speaker=\"Solveig Stenmark\"\n                data-speakercell=\"Solveig Stenmark\"\n                data-info=\"\n                 &lt;p&gt;\u201dWho is eligible for hearing implants - are we aware?\u201d&lt;br&gt;&lt;span style=&quot;font-style: italic;&quot;&gt;Solveig Stenmark, Clinical technical specialist &amp;amp; trainer, Cochlear Nordic AB&lt;\/span&gt;&lt;\/p&gt;\n                &lt;br&gt;&lt;br&gt;\"\n                data-category=\"\"\n                data-category-ids=\"\"\n                data-span-all=\"\"\n              >\n\n              \n\n              <div class=\"vertical_bar\" style=\"background-color: rgba(255, 255, 255, 0);\"><\/div>\n              <div class=\"box_inner\">\n                                <span>Sponsored Lecture: Cochlear<\/span>\n               <br>\n               <div class=\"lecturer\"><span>Solveig Stenmark<\/span><\/div>\n               <div class=\"room_div \">\n                 <i class=\"list-room\">F3<\/i>\n               <\/div>\n\n               <div class=\"name_time_div\">\n                <i class=\"list-time\" data-time=\"13:15\">13:15-14:00 - Fredag 2 juni<\/i>\n               <\/div>\n              <\/div>\n             <\/div>\n          <\/div>\n\n          \n          <div class=\"box-wrapper\"\n              data-id=\"1163\">\n\n              <div class='time-header' style='visibility: hidden;'>13:15<\/div>\n\n              <div class=\"box\"\n                data-id=\"1163\"\n                data-project=\"project_283_2017_04_27\"\n                data-title=\"Cancerkompisar hj\u00e4lper den som hj\u00e4lper - v\u00e5ga prata!\"\n                data-time=\"13:15-14:00\"\n                data-room=\"F1\"\n                data-room-id=\"1008\"\n                data-room-name=\"F1\"\n                data-day=\"2\"\n                data-abs-nbr=\"\"\n                data-abs-path=\"\"\n                data-speaker=\"Inga-Lill Lellky\"\n                data-speakercell=\"Inga-Lill Lellky\"\n                data-info=\"&lt;b&gt;Moderatorer: &lt;\/b&gt;Agneta Hagren&lt;br&gt;&lt;br&gt;&lt;p&gt;2,7 miljoner lever idag n\u00e4ra cancer trots att de sj\u00e4lva inte \u00e4r sjuka. Jag talar om anh\u00f6riga och n\u00e4rst\u00e5ende till cancer. En stor och dold grupp som inte ber om hj\u00e4lp f\u00f6r egen del. \u201dDet \u00e4r ju inte jag som \u00e4r sjuk\u201d. &lt;br&gt;&lt;br&gt;Forskning visar att man som anh\u00f6rig l\u00f6per 25 % st\u00f6rre risk att sj\u00e4lv bli sjuk, I andra sjukdomar, pga den stress man lever under. &amp;nbsp;En cancerresa tar tid. K\u00c4LLA: http:\/\/www.vetenskaphalsa.se\/partners-till-cancerpatienter-behover-stod\/ &lt;br&gt;&lt;br&gt;Den totala kostnaden f\u00f6r anh\u00f6rigas v\u00e5rdkonsumtion \u00f6kade \u00e5ret efter cancerdiagnos fr\u00e5n 211 853 till 455 000 kronor.&amp;nbsp;&lt;\/p&gt;&lt;p&gt;K\u00c4LLA: sid 68 &lt;br&gt;http:\/\/hj.diva-portal.org\/smash\/get\/diva2:567503\/FULLTEXT01.pdf &lt;br&gt;&lt;br&gt;9 av 10 f\u00e5r inte st\u00f6d och det \u00e4r h\u00e4r Cancerkompisar kommer in. &amp;nbsp;Ett digital st\u00f6d tillg\u00e4ngligt 24\/7, 365 dagar om \u00e5ret. P\u00e5 v\u00e5rt onlineforum blir man matchad och f\u00e5r en egen cancerkompis.&lt;br&gt;&lt;br&gt;Men det \u00e4r inte bara familjer som p\u00e5verkas utan \u00e4ven arbetsplatsen. Och det f\u00e5r s\u00e5 klart stora konsekvenser. &lt;br&gt;&lt;br&gt;Ingen ska beh\u00f6va bli sjuk av att vara anh\u00f6rig! D\u00e4rf\u00f6r vill vi arbeta f\u00f6rebyggande. Tillsammans med Regionalt Cancer centrum Syd p\u00e5g\u00e5r ett forskningsprojekt, N\u00e4rst\u00e5endes erfarenheter av cancerv\u00e5rden, med st\u00f6d av Roche AB och Immunovia AB. Ansvarig \u00e4r Mef Nilbert, verksamhetschef och onkolog.&amp;nbsp;&lt;\/p&gt;&lt;br&gt;&lt;br&gt;\"\n                data-category=\"\"\n                data-category-ids=\"\"\n                data-span-all=\"\"\n              >\n\n              \n\n              <div class=\"vertical_bar\" style=\"background-color: rgba(255, 255, 255, 0);\"><\/div>\n              <div class=\"box_inner\">\n                                <span>Cancerkompisar hj\u00e4lper den som hj\u00e4lper - v\u00e5ga prata!<\/span>\n               <br>\n               <div class=\"lecturer\"><span>Inga-Lill Lellky<\/span><\/div>\n               <div class=\"room_div \">\n                 <i class=\"list-room\">F1<\/i>\n               <\/div>\n\n               <div class=\"name_time_div\">\n                <i class=\"list-time\" data-time=\"13:15\">13:15-14:00 - Fredag 2 juni<\/i>\n               <\/div>\n              <\/div>\n             <\/div>\n          <\/div>\n\n          \n          <div class=\"box-wrapper\"\n              data-id=\"1164\">\n\n              <div class='time-header'>14:00<\/div>\n\n              <div class=\"box\"\n                data-id=\"1164\"\n                data-project=\"project_283_2017_04_27\"\n                data-title=\"Yrsel - psykologiska och sociala faktorer\"\n                data-time=\"14:00-14:45\"\n                data-room=\"F1\"\n                data-room-id=\"1008\"\n                data-room-name=\"F1\"\n                data-day=\"2\"\n                data-abs-nbr=\"\"\n                data-abs-path=\"\"\n                data-speaker=\"Ulla-Stina Johansson\"\n                data-speakercell=\"Ulla-Stina Johansson\"\n                data-info=\"&lt;b&gt;Moderatorer: &lt;\/b&gt;Louise Hafsten&lt;br&gt;&lt;br&gt;&lt;p&gt;F\u00f6rel\u00e4sningen utg\u00e5r fr\u00e5n att kropp och sj\u00e4l har en komplex kommunikation bortom v\u00e5rt medvetande och p\u00e5 alla niv\u00e5er i en m\u00e4nniskas liv. En sp\u00e4nnande fr\u00e5ga blir d\u00e5 hur yrsel kan utl\u00f6sa oro och \u00e5ngest och tv\u00e4rtom? Vi kommer att tala om stress: Vad \u00e4r stress och varf\u00f6r blir vi stressade? Hur stressen kan \u00f6ka och vidmakth\u00e5lla lidande. Forskning har visat att det f\u00f6rkommer b\u00e5de somatiska och psykologiska orsaker till yrsel. Inte s\u00e4llan uppkommer onda cirklar mellan yrsel och \u00e5ngest. Detta kompliceras av att b\u00e5de yrsel och \u00e5ngest kan ge upphov till sekund\u00e4ra konsekvenser. Denna multifaktoriella problematik kan ge upphov till krisreaktioner hos patienter. En Bio-psyko-somatiskt modell f\u00f6r h\u00e4lsa presenteras f\u00f6r att tydligg\u00f6ra hur den kan bidra till urskiljning av och f\u00f6rst\u00e5else f\u00f6r den enskilda patientens komplexa situation och lidande. Persisterande postural perceptuell yrsel (PPPV) eller fobisk yrsel f\u00f6rekommer relativt ofta och kommer \u00e4ven att belysas ur perspektivet av psykisk oh\u00e4lsa Exempel p\u00e5 bidragande faktorer till f\u00f6rb\u00e4ttring av yrselbesv\u00e4r och \u00e5terkommande yrselbesv\u00e4r kommer att ges. &amp;nbsp;Till sist kommer vi att tala om bem\u00f6tande och f\u00f6rh\u00e5llningss\u00e4tt till patienter med yrselbesv\u00e4r samt behandling av yrselbesv\u00e4r. Vilken erfarenhet har DU av ett fungerande bem\u00f6tande och samtal med patienter som lider av yrsel, d\u00e4r det inte finns n\u00e5gon medicinsk behandling som ger effekt?&lt;br&gt;&lt;\/p&gt;&lt;br&gt;&lt;br&gt;\"\n                data-category=\"\"\n                data-category-ids=\"\"\n                data-span-all=\"\"\n              >\n\n              \n\n              <div class=\"vertical_bar\" style=\"background-color: rgba(255, 255, 255, 0);\"><\/div>\n              <div class=\"box_inner\">\n                                <span>Yrsel - psykologiska och sociala faktorer<\/span>\n               <br>\n               <div class=\"lecturer\"><span>Ulla-Stina Johansson<\/span><\/div>\n               <div class=\"room_div \">\n                 <i class=\"list-room\">F1<\/i>\n               <\/div>\n\n               <div class=\"name_time_div\">\n                <i class=\"list-time\" data-time=\"14:00\">14:00-14:45 - Fredag 2 juni<\/i>\n               <\/div>\n              <\/div>\n             <\/div>\n          <\/div>\n\n          \n          <div class=\"box-wrapper\"\n              data-id=\"1088\">\n\n              <div class='time-header'>14:15<\/div>\n\n              <div class=\"box\"\n                data-id=\"1088\"\n                data-project=\"project_283_2017_04_27\"\n                data-title=\"Tubes in tubes - stents in ENT\"\n                data-time=\"14:15-15:30\"\n                data-room=\"F3\"\n                data-room-id=\"1003\"\n                data-room-name=\"F3\"\n                data-day=\"2\"\n                data-abs-nbr=\"\"\n                data-abs-path=\"\"\n                data-speaker=\"\"\n                data-speakercell=\"\"\n                data-info=\"&lt;b&gt;Moderatorer: &lt;\/b&gt;Malin Svensson&lt;br&gt;&lt;br&gt;\n                 &lt;p&gt; &lt;\/p&gt;\n                 &lt;p&gt;Lung cancer is one of the most frequent forms of cancer in the world. One fifth to one third of the patients may experience obstruction of the central airways leading to dyspnea, hemoptysis, atelectasis or respiratory insufficiency. Also other malignancies as esophageal cancer and lymphoma may cause obstruction of the trachea and\/or bronchia. Many patients with this manifestation of their malignancy are only eligible for palliative measures with the aim of reducing their breathing problems. Endoscopic treatment plays a very important role here, and ENT surgeons with their unique knowledge of rigid bronchoscopy are often involved in this. In this session we will discuss indications for stents, different techniques and equipment, present a clinical material of patients with malignancies treated with stents, and also when not to use stents and some alternative measures. &lt;\/p&gt;\n                &lt;br&gt;&lt;br&gt;14.15-15.30 - 1. Introduction&lt;br&gt;&lt;small&gt;Malin Svensson&lt;\/small&gt;&lt;br&gt;&lt;br&gt;14.15-15.30 - 2. Airway stents, retrospective data from patient material in Turku University Hospital 2002 \u2013 2014 &lt;br&gt;&lt;small&gt;Jami Rekola&lt;\/small&gt;&lt;br&gt;&lt;br&gt;14.15-15.30 - 3. Stents of the airway \u2013 what do we need to know&lt;br&gt;&lt;small&gt;Mohammed Al-Azzawe&lt;\/small&gt;&lt;br&gt;&lt;br&gt;14.15-15.30 - 4. Alternatives for stents in the airway&lt;br&gt;&lt;small&gt;Harriet Akre&lt;\/small&gt;&lt;br&gt;&lt;br&gt;14.15-15.30 - 5. Questions and discussion&lt;br&gt;&lt;small&gt;&lt;\/small&gt;&lt;br&gt;&lt;br&gt;\"\n                data-category=\"\"\n                data-category-ids=\"\"\n                data-span-all=\"\"\n              >\n\n              \n\n              <div class=\"vertical_bar\" style=\"background-color: rgba(255, 255, 255, 0);\"><\/div>\n              <div class=\"box_inner\">\n                                <span>Tubes in tubes - stents in ENT<\/span>\n               <br>\n               \n               <div class=\"room_div \">\n                 <i class=\"list-room\">F3<\/i>\n               <\/div>\n\n               <div class=\"name_time_div\">\n                <i class=\"list-time\" data-time=\"14:15\">14:15-15:30 - Fredag 2 juni<\/i>\n               <\/div>\n              <\/div>\n             <\/div>\n          <\/div>\n\n          \n          <div class=\"box-wrapper\"\n              data-id=\"1109\">\n\n              <div class='time-header' style='visibility: hidden;'>14:15<\/div>\n\n              <div class=\"box\"\n                data-id=\"1109\"\n                data-project=\"project_283_2017_04_27\"\n                data-title=\"Hearing screening in a lifetime perspective\"\n                data-time=\"14:15-15:30\"\n                data-room=\"F2\"\n                data-room-id=\"-1\"\n                data-room-name=\"F2\"\n                data-day=\"2\"\n                data-abs-nbr=\"\"\n                data-abs-path=\"\"\n                data-speaker=\"\"\n                data-speakercell=\"\"\n                data-info=\"&lt;b&gt;Moderatorer: &lt;\/b&gt;Radi J\u00f6nsson&lt;br&gt;&lt;br&gt; \n                 &lt;p&gt;Hearing loss affects the lives of children and adults in many different ways. The impact can be on language acquisition, speech development, theory of mind, education, participation and quality of life. Multiprofessional and multimodal early intervention and rehabilitation can alleviate many of the problem areas of having a hearing impairment. Different screening methods can be utilized in order to early identify children and adults with hearing loss.&lt;br&gt;&lt;br&gt;The participants in this session will present available and age-appropriate screening methods for early identification in newborns, infants, adults in the working population, as well as elderly. Outcomes in a historical and present perspective will be discussed. An in-depth analysis will be structured of new and further challenges within screening, identification and diagnostic methodology. As hearing screening in many cases is a prerequisite for timely, effective and beneficial rehabilitation, the presenters will discuss the impact of hearing screening in a lifetime perspective.&lt;\/p&gt; \n                &lt;br&gt;&lt;br&gt;14.15-15.30 - 1. Introduction to screening basics&lt;br&gt;&lt;small&gt;Radi J\u00f6nsson&lt;\/small&gt;&lt;br&gt;&lt;br&gt;14.15-15.30 - 2. Hearing screening in the neonatal period&lt;br&gt;&lt;small&gt;Leif Hergils&lt;\/small&gt;&lt;br&gt;&lt;br&gt;14.15-15.30 - 3. Adults with special rehab needs&lt;br&gt;&lt;small&gt;Margareta Ed\u00e9n&lt;\/small&gt;&lt;br&gt;&lt;br&gt;14.15-15.30 - 4. Hearing and screening in the elderly&lt;br&gt;&lt;small&gt;Maria Hoff&lt;\/small&gt;&lt;br&gt;&lt;br&gt;14.15-15.30 - 5. Interactive discussion&lt;br&gt;&lt;small&gt;&lt;\/small&gt;&lt;br&gt;&lt;br&gt;\"\n                data-category=\"\"\n                data-category-ids=\"\"\n                data-span-all=\"\"\n              >\n\n              \n\n              <div class=\"vertical_bar\" style=\"background-color: rgba(255, 255, 255, 0);\"><\/div>\n              <div class=\"box_inner\">\n                                <span>Hearing screening in a lifetime perspective<\/span>\n               <br>\n               \n               <div class=\"room_div \">\n                 <i class=\"list-room\">F2<\/i>\n               <\/div>\n\n               <div class=\"name_time_div\">\n                <i class=\"list-time\" data-time=\"14:15\">14:15-15:30 - Fredag 2 juni<\/i>\n               <\/div>\n              <\/div>\n             <\/div>\n          <\/div>\n\n          \n          <div class=\"box-wrapper\"\n              data-id=\"1066\">\n\n              <div class='time-header' style='visibility: hidden;'>14:15<\/div>\n\n              <div class=\"box\"\n                data-id=\"1066\"\n                data-project=\"project_283_2017_04_27\"\n                data-title=\"Acute vertigo - a challenge for ENT and others\"\n                data-time=\"14:15-15:30\"\n                data-room=\"F4+F5\"\n                data-room-id=\"1004\"\n                data-room-name=\"F4+F5\"\n                data-day=\"2\"\n                data-abs-nbr=\"\"\n                data-abs-path=\"\"\n                data-speaker=\"\"\n                data-speakercell=\"\"\n                data-info=\"&lt;b&gt;Moderatorer: &lt;\/b&gt;Mikael Karlberg&lt;br&gt;&lt;br&gt;\n                 &lt;p&gt;Vertigo accounts for 2- 3 % of patients seeking acute medical care. This means that in Sweden every year there are approximately 75.000 emergency room visits because of vertigo. More than 50% of them are admitted for in-patient care and in up to 75% of cases a CT or MRI is performed. In a majority of cases the cause is benign but in about 5% the cause is a stroke that might be fatal. The clinical presentation of patients with benign and \u201dmalign\u201d vertigo causes can be very similar. All specialities involved in medical care for patients with vertigo must share a common knowledge within this field.&lt;br&gt;In this symposium you will meet specialists from ENT, neurology, neuro-radiology and emergency medicine. Our goal is to give an over-view of the clinical spectrum of causes of acute vertigo, what clinical tests to use, the role of radiology and what we can do to improve the care.&lt;br&gt;&lt;\/p&gt;\n                &lt;br&gt;&lt;br&gt;14.15-15.30 - 1. Introduction &amp; statement of the problems&lt;br&gt;&lt;small&gt;Mikael Karlberg&lt;\/small&gt;&lt;br&gt;&lt;br&gt;14.15-15.30 - 2. What diagnoses do we find in acute vertigo patients?&lt;br&gt;&lt;small&gt;Jonatan Salzer&lt;\/small&gt;&lt;br&gt;&lt;br&gt;14.15-15.30 - 3. BPPV: more common than we think?&lt;br&gt;&lt;small&gt;Marie-Louise Barren\u00e4s&lt;\/small&gt;&lt;br&gt;&lt;br&gt;14.15-15.30 - 4. What is the role of radiology?&lt;br&gt;&lt;small&gt;Lars J\u00f6nsson&lt;\/small&gt;&lt;br&gt;&lt;br&gt;14.15-15.30 - 5. How to improve vertigo management at the emergency clinic?&lt;br&gt;&lt;small&gt;Daniel Janson&lt;\/small&gt;&lt;br&gt;&lt;br&gt;14.15-15.30 - 6. Discussion &amp; questions&lt;br&gt;&lt;small&gt;&lt;\/small&gt;&lt;br&gt;&lt;br&gt;\"\n                data-category=\"\"\n                data-category-ids=\"\"\n                data-span-all=\"\"\n              >\n\n              \n\n              <div class=\"vertical_bar\" style=\"background-color: rgba(255, 255, 255, 0);\"><\/div>\n              <div class=\"box_inner\">\n                                <span>Acute vertigo - a challenge for ENT and others<\/span>\n               <br>\n               \n               <div class=\"room_div \">\n                 <i class=\"list-room\">F4+F5<\/i>\n               <\/div>\n\n               <div class=\"name_time_div\">\n                <i class=\"list-time\" data-time=\"14:15\">14:15-15:30 - Fredag 2 juni<\/i>\n               <\/div>\n              <\/div>\n             <\/div>\n          <\/div>\n\n          \n          <div class=\"box-wrapper\"\n              data-id=\"1165\">\n\n              <div class='time-header'>15:00<\/div>\n\n              <div class=\"box\"\n                data-id=\"1165\"\n                data-project=\"project_283_2017_04_27\"\n                data-title=\"Take Away kaffe\"\n                data-time=\"15:00-15:15\"\n                data-room=\"F1\"\n                data-room-id=\"1008\"\n                data-room-name=\"F1\"\n                data-day=\"2\"\n                data-abs-nbr=\"\"\n                data-abs-path=\"\"\n                data-speaker=\"\"\n                data-speakercell=\"\"\n                data-info=\"\"\n                data-category=\"\"\n                data-category-ids=\"\"\n                data-span-all=\"\"\n              >\n\n              \n\n              <div class=\"vertical_bar\" style=\"background-color: rgba(255, 255, 255, 0);\"><\/div>\n              <div class=\"box_inner\">\n                                <span>Take Away kaffe<\/span>\n               <br>\n               \n               <div class=\"room_div \">\n                 <i class=\"list-room\">F1<\/i>\n               <\/div>\n\n               <div class=\"name_time_div\">\n                <i class=\"list-time\" data-time=\"15:00\">15:00-15:15 - Fredag 2 juni<\/i>\n               <\/div>\n              <\/div>\n             <\/div>\n          <\/div>\n\n          \n          <div class=\"box-wrapper\"\n              data-id=\"1036\">\n\n              <div class='time-header'>15:30<\/div>\n\n              <div class=\"box\"\n                data-id=\"1036\"\n                data-project=\"project_283_2017_04_27\"\n                data-title=\"Poster mingle with refreshments\"\n                data-time=\"15:30-16:30\"\n                data-room=\"Exhibition area\"\n                data-room-id=\"1002\"\n                data-room-name=\"Exhibition area\"\n                data-day=\"2\"\n                data-abs-nbr=\"\"\n                data-abs-path=\"\"\n                data-speaker=\"\"\n                data-speakercell=\"\"\n                data-info=\" \n                 &lt;p&gt;Poster presenters are available at their poster for questions&lt;br&gt;&lt;\/p&gt; \n                &lt;br&gt;&lt;br&gt;\"\n                data-category=\"\"\n                data-category-ids=\"\"\n                data-span-all=\"\"\n              >\n\n              \n\n              <div class=\"vertical_bar\" style=\"background-color: rgba(255, 255, 255, 0);\"><\/div>\n              <div class=\"box_inner\">\n                                <span>Poster mingle with refreshments<\/span>\n               <br>\n               \n               <div class=\"room_div \">\n                 <i class=\"list-room\">Exhibition area<\/i>\n               <\/div>\n\n               <div class=\"name_time_div\">\n                <i class=\"list-time\" data-time=\"15:30\">15:30-16:30 - Fredag 2 juni<\/i>\n               <\/div>\n              <\/div>\n             <\/div>\n          <\/div>\n\n          \n          <div class=\"box-wrapper\"\n              data-id=\"1247\">\n\n              <div class='time-header'>16:30<\/div>\n\n              <div class=\"box\"\n                data-id=\"1247\"\n                data-project=\"project_283_2017_04_27\"\n                data-title=\"NOLF Assembly & NOLF Fellowship Award\"\n                data-time=\"16:30-18:00\"\n                data-room=\"F4+F5\"\n                data-room-id=\"1004\"\n                data-room-name=\"F4+F5\"\n                data-day=\"2\"\n                data-abs-nbr=\"\"\n                data-abs-path=\"\"\n                data-speaker=\"\"\n                data-speakercell=\"\"\n                data-info=\"\"\n                data-category=\"\"\n                data-category-ids=\"\"\n                data-span-all=\"\"\n              >\n\n              \n\n              <div class=\"vertical_bar\" style=\"background-color: rgba(255, 255, 255, 0);\"><\/div>\n              <div class=\"box_inner\">\n                                <span>NOLF Assembly & NOLF Fellowship Award<\/span>\n               <br>\n               \n               <div class=\"room_div \">\n                 <i class=\"list-room\">F4+F5<\/i>\n               <\/div>\n\n               <div class=\"name_time_div\">\n                <i class=\"list-time\" data-time=\"16:30\">16:30-18:00 - Fredag 2 juni<\/i>\n               <\/div>\n              <\/div>\n             <\/div>\n          <\/div>\n\n          \n          <div class=\"box-wrapper\"\n              data-id=\"1073\">\n\n              <div class='time-header'>19:00<\/div>\n\n              <div class=\"box\"\n                data-id=\"1073\"\n                data-project=\"project_283_2017_04_27\"\n                data-title=\"Banquet Dinner at Rondo\"\n                data-time=\"19:00-23:00\"\n                data-room=\"Rondo\"\n                data-room-id=\"1007\"\n                data-room-name=\"Rondo\"\n                data-day=\"2\"\n                data-abs-nbr=\"\"\n                data-abs-path=\"\"\n                data-speaker=\"\"\n                data-speakercell=\"\"\n                data-info=\"\n                 &lt;p&gt;&lt;span style=&quot;font-weight: bold;&quot;&gt;Location:&lt;\/span&gt;&amp;nbsp;Rondo (Liseberg)&lt;br&gt;&lt;\/p&gt;\n                 &lt;p&gt;&lt;span style=&quot;font-weight: bold;&quot;&gt;Street address:&lt;\/span&gt;&amp;nbsp;\u00d6rgrytev\u00e4gen 5&lt;\/p&gt;\n                 &lt;p&gt;&lt;span style=&quot;font-weight: bold;&quot;&gt;Dresscode:&lt;\/span&gt;&amp;nbsp;Informal&lt;\/p&gt;\n                &lt;br&gt;&lt;br&gt;\"\n                data-category=\"\"\n                data-category-ids=\"\"\n                data-span-all=\"\"\n              >\n\n              \n\n              <div class=\"vertical_bar\" style=\"background-color: rgba(255, 255, 255, 0);\"><\/div>\n              <div class=\"box_inner\">\n                                <span>Banquet Dinner at Rondo<\/span>\n               <br>\n               \n               <div class=\"room_div \">\n                 <i class=\"list-room\">Rondo<\/i>\n               <\/div>\n\n               <div class=\"name_time_div\">\n                <i class=\"list-time\" data-time=\"19:00\">19:00-23:00 - Fredag 2 juni<\/i>\n               <\/div>\n              <\/div>\n             <\/div>\n          <\/div>\n\n          <div class='list_header' data-day='3' style='background-color: rgba(32, 132, 196, 0.83); color: rgba(255, 255, 255, 1);'>L\u00f6rdag 3 juni<\/div>\n          <div class=\"box-wrapper\"\n              data-id=\"1115\">\n\n              <div class='time-header'>08:00<\/div>\n\n              <div class=\"box\"\n                data-id=\"1115\"\n                data-project=\"project_283_2017_04_27\"\n                data-title=\"Nasal obstruction - ways to treatment success\"\n                data-time=\"08:00-08:55\"\n                data-room=\"F4+F5\"\n                data-room-id=\"1004\"\n                data-room-name=\"F4+F5\"\n                data-day=\"3\"\n                data-abs-nbr=\"\"\n                data-abs-path=\"\"\n                data-speaker=\"\"\n                data-speakercell=\"\"\n                data-info=\"&lt;b&gt;Moderatorer: &lt;\/b&gt;Johan Hellgren; Cecilia Ahlstr\u00f6m Emanuelsson&lt;br&gt;&lt;br&gt; \n                 &lt;p&gt; &lt;\/p&gt; \n                 &lt;p&gt;Nasal obstruction is related to upper airway inflammatory disease including nasal polyps as well as to structural impairment of the nasal passage such as septal deviation. Health related quality of life is significantly affected in those patients especially with regard to impaired sleep and the health economic costs are substantial. For the clinician, a patient with nasal obstruction can be a challenge differentiating inflammatory disease from structural problems. Nasal air flow is illusive in relation to symptoms of obstruction and we lack optimal methods to diagnose one condition from the other. Data from the Swedish nasal septal surgery register show that \u00bc of the patients undergoing septoplasty are not satisfied with the result. In this session we will thoroughly investigate and discuss factors of importance for the assessment, diagnosis and treatment of adult patients with nasal obstruction with regard to medical and surgical outcomes as well as the impact of nasal obstruction on health related quality of life and sleep. The panel is represented by experts from Norway, Denmark, Finland and Sweden.&amp;nbsp;&lt;\/p&gt; \n                &lt;br&gt;&lt;br&gt;08.00-08.55 - 1. Introduction&lt;br&gt;&lt;small&gt;Johan Hellgren&lt;\/small&gt;&lt;br&gt;&lt;br&gt;08.00-08.55 - 2. How do we opitimise medical treatment?&lt;br&gt;&lt;small&gt;Sverre Steinsv\u00e5g&lt;\/small&gt;&lt;br&gt;&lt;br&gt;08.00-08.55 - 3. Septoplasty - what the register tells us&lt;br&gt;&lt;small&gt;Cecilia Ahlstr\u00f6m Emanuelsson&lt;\/small&gt;&lt;br&gt;&lt;br&gt;08.00-08.55 - 4. Nasal blockage and quality of life&lt;br&gt;&lt;small&gt;Antti Alak\u00e4rpp\u00e4&lt;\/small&gt;&lt;br&gt;&lt;br&gt;08.00-08.55 - 5. Can sleep be improved by relieving nasal blockage?&lt;br&gt;&lt;small&gt;Eva Kirkegaard&lt;\/small&gt;&lt;br&gt;&lt;br&gt;08.00-08.55 - 6. Discussion &amp; questions&lt;br&gt;&lt;small&gt;&lt;\/small&gt;&lt;br&gt;&lt;br&gt;\"\n                data-category=\"\"\n                data-category-ids=\"\"\n                data-span-all=\"\"\n              >\n\n              \n\n              <div class=\"vertical_bar\" style=\"background-color: rgba(255, 255, 255, 0);\"><\/div>\n              <div class=\"box_inner\">\n                                <span>Nasal obstruction - ways to treatment success<\/span>\n               <br>\n               \n               <div class=\"room_div \">\n                 <i class=\"list-room\">F4+F5<\/i>\n               <\/div>\n\n               <div class=\"name_time_div\">\n                <i class=\"list-time\" data-time=\"08:00\">08:00-08:55 - L\u00f6rdag 3 juni<\/i>\n               <\/div>\n              <\/div>\n             <\/div>\n          <\/div>\n\n          \n          <div class=\"box-wrapper\"\n              data-id=\"1135\">\n\n              <div class='time-header' style='visibility: hidden;'>08:00<\/div>\n\n              <div class=\"box\"\n                data-id=\"1135\"\n                data-project=\"project_283_2017_04_27\"\n                data-title=\"Challenges for ENT in a constantly changing health care system\"\n                data-time=\"08:00-08:55\"\n                data-room=\"F3\"\n                data-room-id=\"1003\"\n                data-room-name=\"F3\"\n                data-day=\"3\"\n                data-abs-nbr=\"\"\n                data-abs-path=\"\"\n                data-speaker=\"\"\n                data-speakercell=\"\"\n                data-info=\"&lt;b&gt;Moderatorer: &lt;\/b&gt;Per von Hofsten&lt;br&gt;&lt;br&gt; \n                 &lt;p&gt;In search for better quality at a lower cost, organizational changes are enforced at an increasing pace. The demands of the modern patient as well as new medical, technical, and digital tools create opportunities but also challenges. What lies in the future, will ENT split and fragmentize? What will happen to our residents och why is education so often overlooked as the winds of change blow harder? Hear three colleagues with many years of experience as head of the department and their view on the future of ENT and the challenges facing us.&lt;br&gt;&lt;\/p&gt; \n                &lt;br&gt;&lt;br&gt;08.00-08.55 - 1. Challenges for ENT in a constantly changing health care system - Input from Norway &lt;br&gt;&lt;small&gt;Mette Bratt&lt;\/small&gt;&lt;br&gt;&lt;br&gt;08.00-08.55 - 2. Evolve or succumb \u2013 Is the future (really not) ours to see?&lt;br&gt;&lt;small&gt;Sergio Padoan&lt;\/small&gt;&lt;br&gt;&lt;br&gt;08.00-08.55 - 3. Challenges for ORL, H&amp;N and audiology in a constantly changing health care system - thoughts from the other end of the bridge&lt;br&gt;&lt;small&gt;Mads Klokker&lt;\/small&gt;&lt;br&gt;&lt;br&gt;08.00-08.55 - 4. Discussion &amp; questions&lt;br&gt;&lt;small&gt;&lt;\/small&gt;&lt;br&gt;&lt;br&gt;\"\n                data-category=\"\"\n                data-category-ids=\"\"\n                data-span-all=\"\"\n              >\n\n              \n\n              <div class=\"vertical_bar\" style=\"background-color: rgba(255, 255, 255, 0);\"><\/div>\n              <div class=\"box_inner\">\n                                <span>Challenges for ENT in a constantly changing health care system<\/span>\n               <br>\n               \n               <div class=\"room_div \">\n                 <i class=\"list-room\">F3<\/i>\n               <\/div>\n\n               <div class=\"name_time_div\">\n                <i class=\"list-time\" data-time=\"08:00\">08:00-08:55 - L\u00f6rdag 3 juni<\/i>\n               <\/div>\n              <\/div>\n             <\/div>\n          <\/div>\n\n          \n          <div class=\"box-wrapper\"\n              data-id=\"1122\">\n\n              <div class='time-header'>09:05<\/div>\n\n              <div class=\"box\"\n                data-id=\"1122\"\n                data-project=\"project_283_2017_04_27\"\n                data-title=\"OSA in adults - is there still a need for surgery?\"\n                data-time=\"09:05-10:30\"\n                data-room=\"F4+F5\"\n                data-room-id=\"1004\"\n                data-room-name=\"F4+F5\"\n                data-day=\"3\"\n                data-abs-nbr=\"\"\n                data-abs-path=\"\"\n                data-speaker=\"\"\n                data-speakercell=\"\"\n                data-info=\"&lt;b&gt;Moderatorer: &lt;\/b&gt;Diana Berggren&lt;br&gt;&lt;br&gt; \n                 &lt;p&gt;Obstructive sleep apnea (OSA) is a common disorder with a number of negative health effects, such as daytime sleepiness, hypertension and cardiovascular diseases. Reduced airways in the oropharynx, including the tonsils, uvula and soft palate, is the most common cause of OSA. The term OSA was defined in the 1980s and during this time, continuous positive airway pressure (CPAP) and uvulopalatopharyngoplasty (UPPP) were introduced as treatment modalities. Shortly after, mandibular advancement devices (MAD) were introduced for treatment of snoring and OSA.&amp;nbsp; Since then, numerous surgical methods for treatment of obstructive disorder breathing have been launched. CPAP and MAD have been developed technically and have become more user-friendly, parallel to the fact that side effects of surgery have been noted. Today CPAP is the golden standard for treatment of OSA and MAD is regarded to be nearly as efficient, whereas surgery is seldom the first line of treatment. However, we still need alternatives for those patients that cannot comply with or adapt to CPAP and MAD, and prospective, randomized, controlled studies of the outcome of surgical treatment of OSA in adults have been requested.&lt;br&gt;&lt;br&gt;The purpose of this session is to highlight how the question \u201cOSA in adults - is there still a need for&lt;b&gt; &lt;\/b&gt;surgery?\u201d&lt;b&gt; &lt;\/b&gt;is answered in the Nordic countries.&lt;\/p&gt; \n                &lt;br&gt;&lt;br&gt;09.05-10.30 - 1. Introduction&lt;br&gt;&lt;small&gt;Diana Berggren&lt;\/small&gt;&lt;br&gt;&lt;br&gt;09.05-10.30 - 2. Sleep apnea treatment \u2013 an overview&lt;br&gt;&lt;small&gt;Ludger Grothe&lt;\/small&gt;&lt;br&gt;&lt;br&gt;09.05-10.30 - 3. The effect of modified uvulopalatopharyngoplasty in OSA patients; a randomised controlled trial and 2 year follow-up&lt;br&gt;&lt;small&gt;Danielle Friberg&lt;\/small&gt;&lt;br&gt;&lt;br&gt;09.05-10.30 - 4. Evaluation of two surgical methods for sleep apnea and snoring&lt;br&gt;&lt;small&gt;Thorbj\u00f6rn Holmlund&lt;\/small&gt;&lt;br&gt;&lt;br&gt;09.05-10.30 - 5. Multidisciplinary approach with continuous reevaluation of patient\u2019s status and treatment&lt;br&gt;&lt;small&gt;Sigurdur Juliusson&lt;\/small&gt;&lt;br&gt;&lt;br&gt;09.05-10.30 - 6. Shared decision making in newly diagnosed sleep apnea&lt;br&gt;&lt;small&gt;Harald Hrubos-Str\u00f8m&lt;\/small&gt;&lt;br&gt;&lt;br&gt;09.05-10.30 - 7. Discussion &amp; questions&lt;br&gt;&lt;small&gt;&lt;\/small&gt;&lt;br&gt;&lt;br&gt;\"\n                data-category=\"\"\n                data-category-ids=\"\"\n                data-span-all=\"\"\n              >\n\n              \n\n              <div class=\"vertical_bar\" style=\"background-color: rgba(255, 255, 255, 0);\"><\/div>\n              <div class=\"box_inner\">\n                                <span>OSA in adults - is there still a need for surgery?<\/span>\n               <br>\n               \n               <div class=\"room_div \">\n                 <i class=\"list-room\">F4+F5<\/i>\n               <\/div>\n\n               <div class=\"name_time_div\">\n                <i class=\"list-time\" data-time=\"09:05\">09:05-10:30 - L\u00f6rdag 3 juni<\/i>\n               <\/div>\n              <\/div>\n             <\/div>\n          <\/div>\n\n          \n          <div class=\"box-wrapper\"\n              data-id=\"1021\">\n\n              <div class='time-header' style='visibility: hidden;'>09:05<\/div>\n\n              <div class=\"box\"\n                data-id=\"1021\"\n                data-project=\"project_283_2017_04_27\"\n                data-title=\"Tracheostomy - a multidisciplinary challenge. New Swedish guidelines\"\n                data-time=\"09:05-10:30\"\n                data-room=\"F2\"\n                data-room-id=\"-1\"\n                data-room-name=\"F2\"\n                data-day=\"3\"\n                data-abs-nbr=\"\"\n                data-abs-path=\"\"\n                data-speaker=\"\"\n                data-speakercell=\"\"\n                data-info=\"&lt;b&gt;Moderatorer: &lt;\/b&gt;Per Nellg\u00e5rd; Georgios Papatziamos&lt;br&gt;&lt;br&gt; \n                 &lt;p&gt;The project for new Swedish tracheotomy guidelines has been initiated by Landstingens \u00d6msesidiga F\u00f6rs\u00e4kringsbolag (L\u00d6F), a nationwide Swedish insurance company that insures publicly funded health care providers. The goal of these guidelines is to reduce the number and severity of injuries related to tracheotomy in public health care in Sweden.&lt;br&gt;&lt;br&gt;A working group consisting of anaesthesiologists\/intensive care medicine and otorhinolaryngologists from 3 different University Hospitals in Sweden has compiled a document with guidelines to ensure optimal care of patients with tracheostomy.&lt;br&gt;&lt;br&gt;In this symposium we will give an overview of the situation regarding tracheotomies and care of the tracheostomized patient in the Nordic countries. With patient cases we will illustrate different tracheotomy complications and the need to secure the airway surgically in an acute situation. Finally the new Swedish tracheotomy guidelines will be presented and discussed, including emergency algorithms for tracheostomy incidents.&lt;\/p&gt; \n                &lt;br&gt;&lt;br&gt;09.05-10.30 - 1. New Swedish tracheotomy guidelines \u2013 Background&lt;br&gt;&lt;small&gt;Per Nellg\u00e5rd&lt;\/small&gt;&lt;br&gt;&lt;br&gt;09.05-10.30 - 2. Case presentation: Management of acute laryngeal trauma&lt;br&gt;&lt;small&gt;Eirik \u00d8stvoll; Olle Andersson&lt;\/small&gt;&lt;br&gt;&lt;br&gt;09.05-10.30 - 3. Tracheotomy cases that went wrong&lt;br&gt;&lt;small&gt;Georgios Papatziamos&lt;\/small&gt;&lt;br&gt;&lt;br&gt;09.05-10.30 - 4. Norwegian perspective&lt;br&gt;&lt;small&gt;Harriet Akre&lt;\/small&gt;&lt;br&gt;&lt;br&gt;09.05-10.30 - 5. Danish perspective&lt;br&gt;&lt;small&gt;Jacob Melchiors&lt;\/small&gt;&lt;br&gt;&lt;br&gt;09.05-10.30 - 6. Presentation of the guidelines&lt;br&gt;&lt;small&gt;Per Nellg\u00e5rd; Georgios Papatziamos&lt;\/small&gt;&lt;br&gt;&lt;br&gt;09.05-10.30 - 7. Discussion &amp; questions&lt;br&gt;&lt;small&gt;&lt;\/small&gt;&lt;br&gt;&lt;br&gt;\"\n                data-category=\"\"\n                data-category-ids=\"\"\n                data-span-all=\"\"\n              >\n\n              \n\n              <div class=\"vertical_bar\" style=\"background-color: rgba(255, 255, 255, 0);\"><\/div>\n              <div class=\"box_inner\">\n                                <span>Tracheostomy - a multidisciplinary challenge. New Swedish guidelines<\/span>\n               <br>\n               \n               <div class=\"room_div \">\n                 <i class=\"list-room\">F2<\/i>\n               <\/div>\n\n               <div class=\"name_time_div\">\n                <i class=\"list-time\" data-time=\"09:05\">09:05-10:30 - L\u00f6rdag 3 juni<\/i>\n               <\/div>\n              <\/div>\n             <\/div>\n          <\/div>\n\n          \n          <div class=\"box-wrapper\"\n              data-id=\"1140\">\n\n              <div class='time-header' style='visibility: hidden;'>09:05<\/div>\n\n              <div class=\"box\"\n                data-id=\"1140\"\n                data-project=\"project_283_2017_04_27\"\n                data-title=\"Transoral Robotic Surgery (TORS) in the Nordic countries - where we are and where to go\"\n                data-time=\"09:05-10:30\"\n                data-room=\"F3\"\n                data-room-id=\"1003\"\n                data-room-name=\"F3\"\n                data-day=\"3\"\n                data-abs-nbr=\"\"\n                data-abs-path=\"\"\n                data-speaker=\"\"\n                data-speakercell=\"\"\n                data-info=\"&lt;b&gt;Moderatorer: &lt;\/b&gt;Johan Nilsson&lt;br&gt;&lt;br&gt; \n                 &lt;p&gt; &lt;\/p&gt; \n                 &lt;p&gt;Transoral Robotic Surgery (TORS) is a minimally invasive surgical technique that provides a unique possibility to operate with a good visual field in the oropharynx, larynx and adjacent sites without external access. In Scandinavia, the technique was introduced in Lund in 2008, and several centers have then followed and experience increased. The members of the panel comprise head and neck surgeons representing the vast majority of cases operated in Scandinavia until today and also an oncologist with experience in handling both oncological TORS-cases and alternative treatment options. The aim of the symposium is to give an overview of the technique and its possibilities, with focus on cancer treatment. TORS\u2019s role in head and neck cancer will be discussed. Authentic cases will be presented as a basis for discussion.&lt;\/p&gt; \n                &lt;br&gt;&lt;br&gt;09.05-10.30 - 1. Introduction. TORS overview. TORS in Scandinavia&lt;br&gt;&lt;small&gt;Johan Nilsson&lt;\/small&gt;&lt;br&gt;&lt;br&gt;09.05-10.30 - 2. Introducing TORS \u2013 the Finnish experience&lt;br&gt;&lt;small&gt;Petri Koivunen&lt;\/small&gt;&lt;br&gt;&lt;br&gt;09.05-10.30 - 3. Clinical applications&lt;br&gt;&lt;small&gt;Christian von Buchwald&lt;\/small&gt;&lt;br&gt;&lt;br&gt;09.05-10.30 - 4. Discussion &amp; questions&lt;br&gt;&lt;small&gt;&lt;\/small&gt;&lt;br&gt;&lt;br&gt;\"\n                data-category=\"\"\n                data-category-ids=\"\"\n                data-span-all=\"\"\n              >\n\n              \n\n              <div class=\"vertical_bar\" style=\"background-color: rgba(255, 255, 255, 0);\"><\/div>\n              <div class=\"box_inner\">\n                                <span>Transoral Robotic Surgery (TORS) in the Nordic countries - where we are and where to go<\/span>\n               <br>\n               \n               <div class=\"room_div \">\n                 <i class=\"list-room\">F3<\/i>\n               <\/div>\n\n               <div class=\"name_time_div\">\n                <i class=\"list-time\" data-time=\"09:05\">09:05-10:30 - L\u00f6rdag 3 juni<\/i>\n               <\/div>\n              <\/div>\n             <\/div>\n          <\/div>\n\n          \n          <div class=\"box-wrapper\"\n              data-id=\"1145\">\n\n              <div class='time-header'>10:30<\/div>\n\n              <div class=\"box\"\n                data-id=\"1145\"\n                data-project=\"project_283_2017_04_27\"\n                data-title=\"Coffee \/ Posters \/ Exhibition\"\n                data-time=\"10:30-11:00\"\n                data-room=\"Exhibition area\"\n                data-room-id=\"1002\"\n                data-room-name=\"Exhibition area\"\n                data-day=\"3\"\n                data-abs-nbr=\"\"\n                data-abs-path=\"\"\n                data-speaker=\"\"\n                data-speakercell=\"\"\n                data-info=\"\"\n                data-category=\"\"\n                data-category-ids=\"\"\n                data-span-all=\"\"\n              >\n\n              \n\n              <div class=\"vertical_bar\" style=\"background-color: rgba(255, 255, 255, 0);\"><\/div>\n              <div class=\"box_inner\">\n                                <span>Coffee \/ Posters \/ Exhibition<\/span>\n               <br>\n               \n               <div class=\"room_div \">\n                 <i class=\"list-room\">Exhibition area<\/i>\n               <\/div>\n\n               <div class=\"name_time_div\">\n                <i class=\"list-time\" data-time=\"10:30\">10:30-11:00 - L\u00f6rdag 3 juni<\/i>\n               <\/div>\n              <\/div>\n             <\/div>\n          <\/div>\n\n          \n          <div class=\"box-wrapper\"\n              data-id=\"1130\">\n\n              <div class='time-header'>11:00<\/div>\n\n              <div class=\"box\"\n                data-id=\"1130\"\n                data-project=\"project_283_2017_04_27\"\n                data-title=\"Key Note Lecture\"\n                data-time=\"11:00-12:00\"\n                data-room=\"F4+F5\"\n                data-room-id=\"1004\"\n                data-room-name=\"F4+F5\"\n                data-day=\"3\"\n                data-abs-nbr=\"\"\n                data-abs-path=\"\"\n                data-speaker=\"Anders Ekholm\"\n                data-speakercell=\"Anders Ekholm\"\n                data-info=\"\n                 &lt;p&gt;\u201dHealth care of the future\u201d&lt;br&gt;&lt;br&gt;If we are to increase quality, meet the ageing population and at the same time keep the costs in check, we cannot continue to produce health- and elderly care as we do today. In order to provide health and elderly care by 2050, we must transform healthcare from reactive processes to \u201drisk management\u201d focusing on reducing the risk of illnesses and automating care for those who can, to get the necessary resources for those who really need.&lt;br&gt;&lt;\/p&gt;\n                &lt;br&gt;&lt;br&gt;\"\n                data-category=\"\"\n                data-category-ids=\"\"\n                data-span-all=\"\"\n              >\n\n              \n\n              <div class=\"vertical_bar\" style=\"background-color: rgba(255, 255, 255, 0);\"><\/div>\n              <div class=\"box_inner\">\n                                <span>Key Note Lecture<\/span>\n               <br>\n               <div class=\"lecturer\"><span>Anders Ekholm<\/span><\/div>\n               <div class=\"room_div \">\n                 <i class=\"list-room\">F4+F5<\/i>\n               <\/div>\n\n               <div class=\"name_time_div\">\n                <i class=\"list-time\" data-time=\"11:00\">11:00-12:00 - L\u00f6rdag 3 juni<\/i>\n               <\/div>\n              <\/div>\n             <\/div>\n          <\/div>\n\n          \n          <div class=\"box-wrapper\"\n              data-id=\"1131\">\n\n              <div class='time-header'>12:00<\/div>\n\n              <div class=\"box\"\n                data-id=\"1131\"\n                data-project=\"project_283_2017_04_27\"\n                data-title=\"Closing remarks\"\n                data-time=\"12:00-12:15\"\n                data-room=\"F4+F5\"\n                data-room-id=\"1004\"\n                data-room-name=\"F4+F5\"\n                data-day=\"3\"\n                data-abs-nbr=\"\"\n                data-abs-path=\"\"\n                data-speaker=\"\"\n                data-speakercell=\"\"\n                data-info=\"\"\n                data-category=\"\"\n                data-category-ids=\"\"\n                data-span-all=\"\"\n              >\n\n              \n\n              <div class=\"vertical_bar\" style=\"background-color: rgba(255, 255, 255, 0);\"><\/div>\n              <div class=\"box_inner\">\n                                <span>Closing remarks<\/span>\n               <br>\n               \n               <div class=\"room_div \">\n                 <i class=\"list-room\">F4+F5<\/i>\n               <\/div>\n\n               <div class=\"name_time_div\">\n                <i class=\"list-time\" data-time=\"12:00\">12:00-12:15 - L\u00f6rdag 3 juni<\/i>\n               <\/div>\n              <\/div>\n             <\/div>\n          <\/div>\n\n          \n          <div class=\"box-wrapper\"\n              data-id=\"1146\">\n\n              <div class='time-header'>12:15<\/div>\n\n              <div class=\"box\"\n                data-id=\"1146\"\n                data-project=\"project_283_2017_04_27\"\n                data-title=\"Grab & go lunch\"\n                data-time=\"12:15-12:30\"\n                data-room=\"Exhibition area\"\n                data-room-id=\"1002\"\n                data-room-name=\"Exhibition area\"\n                data-day=\"3\"\n                data-abs-nbr=\"\"\n                data-abs-path=\"\"\n                data-speaker=\"\"\n                data-speakercell=\"\"\n                data-info=\"\"\n                data-category=\"\"\n                data-category-ids=\"\"\n                data-span-all=\"\"\n              >\n\n              \n\n              <div class=\"vertical_bar\" style=\"background-color: rgba(255, 255, 255, 0);\"><\/div>\n              <div class=\"box_inner\">\n                                <span>Grab & go lunch<\/span>\n               <br>\n               \n               <div class=\"room_div \">\n                 <i class=\"list-room\">Exhibition area<\/i>\n               <\/div>\n\n               <div class=\"name_time_div\">\n                <i class=\"list-time\" data-time=\"12:15\">12:15-12:30 - L\u00f6rdag 3 juni<\/i>\n               <\/div>\n              <\/div>\n             <\/div>\n          <\/div>\n\n          \n      <\/div>\n\n      <div id=\"scroll-down-for-more\">\n          <i class=\"fa fa-3x fa-chevron-down\" aria-hidden=\"true\"><\/i>\n          <br\/>\n          <span>Scrolla ner f\u00f6r att visa mer<\/span>\n      <\/div>\n\n    <\/div>\n\n    <div id=\"graphical_day_chooser_div\" class=\"row\" style=\"margin-right: 0px; margin-left: 0px; \">\n\n      \n      <div class=\"col-md-10\" style=\"padding-left: 0px;\">\n       <div class=\"btn-group\" id=\"days-group\">\n\n          <button type=\"button\" class=\"btn btn-default btn_day\" data-day=\"0\" value=\"date_select_0\"\n                  style=\"float: none !important;\"><span class=\"hidden-xs\">Ons<\/span><br class=\"hidden-xs\"><span>31 maj<\/span><\/button><button type=\"button\" class=\"btn btn-default btn_day\" data-day=\"1\" value=\"date_select_1\"\n                  style=\"float: none !important;\"><span class=\"hidden-xs\">Tors<\/span><br class=\"hidden-xs\"><span>1 juni<\/span><\/button><button type=\"button\" class=\"btn btn-default btn_day\" data-day=\"2\" value=\"date_select_2\"\n                  style=\"float: none !important;\"><span class=\"hidden-xs\">Fre<\/span><br class=\"hidden-xs\"><span>2 juni<\/span><\/button><button type=\"button\" class=\"btn btn-default btn_day\" data-day=\"3\" value=\"date_select_3\"\n                  style=\"float: none !important;\"><span class=\"hidden-xs\">L\u00f6r<\/span><br class=\"hidden-xs\"><span>3 juni<\/span><\/button>\n        <\/div>\n      <\/div>\n    <\/div>\n\n    <div id='scroll-right-container' style='display: none; cursor: pointer; margin-top: 73px; height: 70px; width: 75px; background-color: rgba(130, 130, 130, 0.56); position: relative; float: right; z-index: 10000000; text-align: center;'>\n        <i class=\"fa fa-3x fa-chevron-right\" aria-hidden=\"true\" style=\"color: white; position: absolute; left: 35%; top: 20%;\"><\/i>\n    <\/div>\n\n    <div id='scroll-left-container' style='display: none; cursor: pointer; margin-top: 73px; height: 70px; width: 75px; background-color: rgba(130, 130, 130, 0.56); position: relative; float: left; margin-left: 60px; z-index: 10000000; text-align: center;'>\n        <i class=\"fa fa-3x fa-chevron-left\" aria-hidden=\"true\" style=\"color: white; position: absolute; left: 30%; top: 20%;\"><\/i>\n    <\/div>\n\n    <div id=\"calendar_container\" class=\"dragscroll\" style=\"cursor: move; height: 600px; background-color: #30332e;px; \">\n\n\n      \n  \t\t<!-- top bar with date and rooms name -->\n  \t\t<div class=\"xaxis xaxis-extra fixed top\">\n  \t      <div id=\"top_left_room_box\" class=\"preroom0 preroom0-extra\">\n            <div class=\"room0\">\n                <select style=\"visibility: hidden;\"><\/select>\n    \t      <\/div>\n          <\/div>\n\n  \t      <div class='room_holder room_holder-extra' style='width: 150px;' data-room-id=-1 id='preroom_id_-1'><div class='room room-extra' style='width: 140px;' data-id=0>F2<\/div>\n<\/div><div class='room_holder room_holder-extra' style='width: 150px;' data-room-id=1002 id='preroom_id_1002'><div class='room room-extra' style='width: 140px;' data-id=1>Exhibition area<\/div>\n<\/div><div class='room_holder room_holder-extra' style='width: 150px;' data-room-id=1003 id='preroom_id_1003'><div class='room room-extra' style='width: 140px;' data-id=2>F3<\/div>\n<\/div><div class='room_holder room_holder-extra' style='width: 150px;' data-room-id=1004 id='preroom_id_1004'><div class='room room-extra' style='width: 140px;' data-id=3>F4+F5<\/div>\n<\/div><div class='room_holder room_holder-extra' style='width: 150px;' data-room-id=1006 id='preroom_id_1006'><div class='room room-extra' style='width: 140px;' data-id=4> Not specified<\/div>\n<\/div><div class='room_holder room_holder-extra' style='width: 150px;' data-room-id=1005 id='preroom_id_1005'><div class='room room-extra' style='width: 140px;' data-id=5>Tr\u00e4dg\u00e5r\u00b4n<\/div>\n<\/div><div class='room_holder room_holder-extra' style='width: 150px;' data-room-id=1007 id='preroom_id_1007'><div class='room room-extra' style='width: 140px;' data-id=6>Rondo<\/div>\n<\/div><div class='room_holder room_holder-extra' style='width: 150px;' data-room-id=1008 id='preroom_id_1008'><div class='room room-extra' style='width: 140px;' data-id=7>F1<\/div>\n<\/div><div class='room_holder room_holder-extra' style='width: 150px;' data-room-id=1010 id='preroom_id_1010'><div class='room room-extra' style='width: 140px;' data-id=8>Wallenbergs konferenscentrum<\/div>\n<\/div><div class='room_holder room_holder-extra' style='width: 150px;' data-room-id=1011 id='preroom_id_1011'><div class='room room-extra' style='width: 140px;' data-id=9>\u00d6NH-kliniken<\/div>\n<\/div>\n      <\/div>\n            \n      <div class='vertical-schedule-line' data-room-id='-1' style='left: 210px; height: 100%;'><\/div><div class='vertical-schedule-line' data-room-id='1002' style='left: 360px; height: 100%;'><\/div><div class='vertical-schedule-line' data-room-id='1003' style='left: 510px; height: 100%;'><\/div><div class='vertical-schedule-line' data-room-id='1004' style='left: 660px; height: 100%;'><\/div><div class='vertical-schedule-line' data-room-id='1006' style='left: 810px; height: 100%;'><\/div><div class='vertical-schedule-line' data-room-id='1005' style='left: 960px; height: 100%;'><\/div><div class='vertical-schedule-line' data-room-id='1007' style='left: 1110px; height: 100%;'><\/div><div class='vertical-schedule-line' data-room-id='1008' style='left: 1260px; height: 100%;'><\/div><div class='vertical-schedule-line' data-room-id='1010' style='left: 1410px; height: 100%;'><\/div><div class='vertical-schedule-line' data-room-id='1011' style='left: 1560px; height: 100%;'><\/div>\n      <div id='time_0' name='visible_0' data-day='0' class='yaxis major time_all time_0  data-time='0800' style='top: 61px; display: block;'>\n                <div class='yaxistime yaxistime-extra'><div class='yaxistext yaxistext-extra'>08:00\n<\/div><\/div><\/div><div id = 'time_0' name='visible_1' data-day='0' class='yaxis time_all time_0' data-time='0815' style='top: 81px; display: block;'>\n                <div class='yaxistime yaxistime-extra'>&nbsp;<\/div><\/div><div id='time_0' name='visible_2' data-day='0' class='yaxis time_all time_0' data-time='0830' style='top: 101px; display: block;'>\n                <div class='yaxistime yaxistime-extra half-hour'><div class='yaxistext-minor yaxistext-minor-extra'>08:30\n<\/div><\/div><\/div><div id = 'time_0' name='visible_3' data-day='0' class='yaxis time_all time_0' data-time='0845' style='top: 121px; display: block;'>\n                <div class='yaxistime yaxistime-extra'>&nbsp;<\/div><\/div><div id='time_0' name='visible_4' data-day='0' class='yaxis major time_all time_0  data-time='0900' style='top: 141px; display: block;'>\n                <div class='yaxistime yaxistime-extra'><div class='yaxistext yaxistext-extra'>09:00\n<\/div><\/div><\/div><div id = 'time_0' name='visible_5' data-day='0' class='yaxis time_all time_0' data-time='0915' style='top: 161px; display: block;'>\n                <div class='yaxistime yaxistime-extra'>&nbsp;<\/div><\/div><div id='time_0' name='visible_6' data-day='0' class='yaxis time_all time_0' data-time='0930' style='top: 181px; display: block;'>\n                <div class='yaxistime yaxistime-extra half-hour'><div class='yaxistext-minor yaxistext-minor-extra'>09:30\n<\/div><\/div><\/div><div id = 'time_0' name='visible_7' data-day='0' class='yaxis time_all time_0' data-time='0945' style='top: 201px; display: block;'>\n                <div class='yaxistime yaxistime-extra'>&nbsp;<\/div><\/div><div id='time_0' name='visible_8' data-day='0' class='yaxis major time_all time_0  data-time='1000' style='top: 221px; display: block;'>\n                <div class='yaxistime yaxistime-extra'><div class='yaxistext yaxistext-extra'>10:00\n<\/div><\/div><\/div><div id = 'time_0' name='visible_9' data-day='0' class='yaxis time_all time_0' data-time='1015' style='top: 241px; display: block;'>\n                <div class='yaxistime yaxistime-extra'>&nbsp;<\/div><\/div><div id='time_0' name='visible_10' data-day='0' class='yaxis time_all time_0' data-time='1030' style='top: 261px; display: block;'>\n                <div class='yaxistime yaxistime-extra half-hour'><div class='yaxistext-minor yaxistext-minor-extra'>10:30\n<\/div><\/div><\/div><div id = 'time_0' name='visible_11' data-day='0' class='yaxis time_all time_0' data-time='1045' style='top: 281px; display: block;'>\n                <div class='yaxistime yaxistime-extra'>&nbsp;<\/div><\/div><div id='time_0' name='visible_12' data-day='0' class='yaxis major time_all time_0  data-time='1100' style='top: 301px; display: block;'>\n                <div class='yaxistime yaxistime-extra'><div class='yaxistext yaxistext-extra'>11:00\n<\/div><\/div><\/div><div id = 'time_0' name='visible_13' data-day='0' class='yaxis time_all time_0' data-time='1115' style='top: 321px; display: block;'>\n                <div class='yaxistime yaxistime-extra'>&nbsp;<\/div><\/div><div id='time_0' name='visible_14' data-day='0' class='yaxis time_all time_0' data-time='1130' style='top: 341px; display: block;'>\n                <div class='yaxistime yaxistime-extra half-hour'><div class='yaxistext-minor yaxistext-minor-extra'>11:30\n<\/div><\/div><\/div><div id = 'time_0' name='visible_15' data-day='0' class='yaxis time_all time_0' data-time='1145' style='top: 361px; display: block;'>\n                <div class='yaxistime yaxistime-extra'>&nbsp;<\/div><\/div><div id='time_0' name='visible_16' data-day='0' class='yaxis major time_all time_0  data-time='1200' style='top: 381px; display: block;'>\n                <div class='yaxistime yaxistime-extra'><div class='yaxistext yaxistext-extra'>12:00\n<\/div><\/div><\/div><div id = 'time_0' name='visible_17' data-day='0' class='yaxis time_all time_0' data-time='1215' style='top: 401px; display: block;'>\n                <div class='yaxistime yaxistime-extra'>&nbsp;<\/div><\/div><div id='time_0' name='visible_18' data-day='0' class='yaxis time_all time_0' data-time='1230' style='top: 421px; display: block;'>\n                <div class='yaxistime yaxistime-extra half-hour'><div class='yaxistext-minor yaxistext-minor-extra'>12:30\n<\/div><\/div><\/div><div id = 'time_0' name='visible_19' data-day='0' class='yaxis time_all time_0' data-time='1245' style='top: 441px; display: block;'>\n                <div class='yaxistime yaxistime-extra'>&nbsp;<\/div><\/div><div id='time_0' name='visible_20' data-day='0' class='yaxis major time_all time_0  data-time='1300' style='top: 461px; display: block;'>\n                <div class='yaxistime yaxistime-extra'><div class='yaxistext yaxistext-extra'>13:00\n<\/div><\/div><\/div><div id = 'time_0' name='visible_21' data-day='0' class='yaxis time_all time_0' data-time='1315' style='top: 481px; display: block;'>\n                <div class='yaxistime yaxistime-extra'>&nbsp;<\/div><\/div><div id='time_0' name='visible_22' data-day='0' class='yaxis time_all time_0' data-time='1330' style='top: 501px; display: block;'>\n                <div class='yaxistime yaxistime-extra half-hour'><div class='yaxistext-minor yaxistext-minor-extra'>13:30\n<\/div><\/div><\/div><div id = 'time_0' name='visible_23' data-day='0' class='yaxis time_all time_0' data-time='1345' style='top: 521px; display: block;'>\n                <div class='yaxistime yaxistime-extra'>&nbsp;<\/div><\/div><div id='time_0' name='visible_24' data-day='0' class='yaxis major time_all time_0  data-time='1400' style='top: 541px; display: block;'>\n                <div class='yaxistime yaxistime-extra'><div class='yaxistext yaxistext-extra'>14:00\n<\/div><\/div><\/div><div id = 'time_0' name='visible_25' data-day='0' class='yaxis time_all time_0' data-time='1415' style='top: 561px; display: block;'>\n                <div class='yaxistime yaxistime-extra'>&nbsp;<\/div><\/div><div id='time_0' name='visible_26' data-day='0' class='yaxis time_all time_0' data-time='1430' style='top: 581px; display: block;'>\n                <div class='yaxistime yaxistime-extra half-hour'><div class='yaxistext-minor yaxistext-minor-extra'>14:30\n<\/div><\/div><\/div><div id = 'time_0' name='visible_27' data-day='0' class='yaxis time_all time_0' data-time='1445' style='top: 601px; display: block;'>\n                <div class='yaxistime yaxistime-extra'>&nbsp;<\/div><\/div><div id='time_0' name='visible_28' data-day='0' class='yaxis major time_all time_0  data-time='1500' style='top: 621px; display: block;'>\n                <div class='yaxistime yaxistime-extra'><div class='yaxistext yaxistext-extra'>15:00\n<\/div><\/div><\/div><div id = 'time_0' name='visible_29' data-day='0' class='yaxis time_all time_0' data-time='1515' style='top: 641px; display: block;'>\n                <div class='yaxistime yaxistime-extra'>&nbsp;<\/div><\/div><div id='time_0' name='visible_30' data-day='0' class='yaxis time_all time_0' data-time='1530' style='top: 661px; display: block;'>\n                <div class='yaxistime yaxistime-extra half-hour'><div class='yaxistext-minor yaxistext-minor-extra'>15:30\n<\/div><\/div><\/div><div id = 'time_0' name='visible_31' data-day='0' class='yaxis time_all time_0' data-time='1545' style='top: 681px; display: block;'>\n                <div class='yaxistime yaxistime-extra'>&nbsp;<\/div><\/div><div id='time_0' name='visible_32' data-day='0' class='yaxis major time_all time_0  data-time='1600' style='top: 701px; display: block;'>\n                <div class='yaxistime yaxistime-extra'><div class='yaxistext yaxistext-extra'>16:00\n<\/div><\/div><\/div><div id = 'time_0' name='visible_33' data-day='0' class='yaxis time_all time_0' data-time='1615' style='top: 721px; display: block;'>\n                <div class='yaxistime yaxistime-extra'>&nbsp;<\/div><\/div><div id='time_0' name='visible_34' data-day='0' class='yaxis time_all time_0' data-time='1630' style='top: 741px; display: block;'>\n                <div class='yaxistime yaxistime-extra half-hour'><div class='yaxistext-minor yaxistext-minor-extra'>16:30\n<\/div><\/div><\/div><div id = 'time_0' name='visible_35' data-day='0' class='yaxis time_all time_0' data-time='1645' style='top: 761px; display: block;'>\n                <div class='yaxistime yaxistime-extra'>&nbsp;<\/div><\/div><div id='time_0' name='visible_36' data-day='0' class='yaxis major time_all time_0  data-time='1700' style='top: 781px; display: block;'>\n                <div class='yaxistime yaxistime-extra'><div class='yaxistext yaxistext-extra'>17:00\n<\/div><\/div><\/div><div id = 'time_0' name='visible_37' data-day='0' class='yaxis time_all time_0' data-time='1715' style='top: 801px; display: block;'>\n                <div class='yaxistime yaxistime-extra'>&nbsp;<\/div><\/div><div id='time_0' name='visible_38' data-day='0' class='yaxis time_all time_0' data-time='1730' style='top: 821px; display: block;'>\n                <div class='yaxistime yaxistime-extra half-hour'><div class='yaxistext-minor yaxistext-minor-extra'>17:30\n<\/div><\/div><\/div><div id = 'time_0' name='visible_39' data-day='0' class='yaxis time_all time_0' data-time='1745' style='top: 841px; display: block;'>\n                <div class='yaxistime yaxistime-extra'>&nbsp;<\/div><\/div><div id='time_0' name='visible_40' data-day='0' class='yaxis major time_all time_0  data-time='1800' style='top: 861px; display: block;'>\n                <div class='yaxistime yaxistime-extra'><div class='yaxistext yaxistext-extra'>18:00\n<\/div><\/div><\/div><div id = 'time_0' name='visible_41' data-day='0' class='yaxis time_all time_0' data-time='1815' style='top: 881px; display: block;'>\n                <div class='yaxistime yaxistime-extra'>&nbsp;<\/div><\/div><div id='time_0' name='visible_42' data-day='0' class='yaxis time_all time_0' data-time='1830' style='top: 901px; display: block;'>\n                <div class='yaxistime yaxistime-extra half-hour'><div class='yaxistext-minor yaxistext-minor-extra'>18:30\n<\/div><\/div><\/div><div id = 'time_0' name='visible_43' data-day='0' class='yaxis time_all time_0' data-time='1845' style='top: 921px; display: block;'>\n                <div class='yaxistime yaxistime-extra'>&nbsp;<\/div><\/div><div id='time_0' name='visible_44' data-day='0' class='yaxis major time_all time_0  data-time='1900' style='top: 941px; display: block;'>\n                <div class='yaxistime yaxistime-extra'><div class='yaxistext yaxistext-extra'>19:00\n<\/div><\/div><\/div><div id = 'time_0' name='visible_45' data-day='0' class='yaxis time_all time_0' data-time='1915' style='top: 961px; display: block;'>\n                <div class='yaxistime yaxistime-extra'>&nbsp;<\/div><\/div><div id='time_0' name='visible_46' data-day='0' class='yaxis time_all time_0' data-time='1930' style='top: 981px; display: block;'>\n                <div class='yaxistime yaxistime-extra half-hour'><div class='yaxistext-minor yaxistext-minor-extra'>19:30\n<\/div><\/div><\/div><div id = 'time_0' name='visible_47' data-day='0' class='yaxis time_all time_0' data-time='1945' style='top: 1001px; display: block;'>\n                <div class='yaxistime yaxistime-extra'>&nbsp;<\/div><\/div><div id='time_1' name='visible_48' data-day='1' class='yaxis major time_all time_1  data-time='0600' style='top: 61px; display: none;'>\n                <div class='yaxistime yaxistime-extra'><div class='yaxistext yaxistext-extra'>06:00\n<\/div><\/div><\/div><div id = 'time_1' name='visible_49' data-day='1' class='yaxis time_all time_1' data-time='0615' style='top: 81px; display: none;'>\n                <div class='yaxistime yaxistime-extra'>&nbsp;<\/div><\/div><div id='time_1' name='visible_50' data-day='1' class='yaxis time_all time_1' data-time='0630' style='top: 101px; display: none;'>\n                <div class='yaxistime yaxistime-extra half-hour'><div class='yaxistext-minor yaxistext-minor-extra'>06:30\n<\/div><\/div><\/div><div id = 'time_1' name='visible_51' data-day='1' class='yaxis time_all time_1' data-time='0645' style='top: 121px; display: none;'>\n                <div class='yaxistime yaxistime-extra'>&nbsp;<\/div><\/div><div id='time_1' name='visible_52' data-day='1' class='yaxis major time_all time_1  data-time='0700' style='top: 141px; display: none;'>\n                <div class='yaxistime yaxistime-extra'><div class='yaxistext yaxistext-extra'>07:00\n<\/div><\/div><\/div><div id = 'time_1' name='visible_53' data-day='1' class='yaxis time_all time_1' data-time='0715' style='top: 161px; display: none;'>\n                <div class='yaxistime yaxistime-extra'>&nbsp;<\/div><\/div><div id='time_1' name='visible_54' data-day='1' class='yaxis time_all time_1' data-time='0730' style='top: 181px; display: none;'>\n                <div class='yaxistime yaxistime-extra half-hour'><div class='yaxistext-minor yaxistext-minor-extra'>07:30\n<\/div><\/div><\/div><div id = 'time_1' name='visible_55' data-day='1' class='yaxis time_all time_1' data-time='0745' style='top: 201px; display: none;'>\n                <div class='yaxistime yaxistime-extra'>&nbsp;<\/div><\/div><div id='time_1' name='visible_56' data-day='1' class='yaxis major time_all time_1  data-time='0800' style='top: 221px; display: none;'>\n                <div class='yaxistime yaxistime-extra'><div class='yaxistext yaxistext-extra'>08:00\n<\/div><\/div><\/div><div id = 'time_1' name='visible_57' data-day='1' class='yaxis time_all time_1' data-time='0815' style='top: 241px; display: none;'>\n                <div class='yaxistime yaxistime-extra'>&nbsp;<\/div><\/div><div id='time_1' name='visible_58' data-day='1' class='yaxis time_all time_1' data-time='0830' style='top: 261px; display: none;'>\n                <div class='yaxistime yaxistime-extra half-hour'><div class='yaxistext-minor yaxistext-minor-extra'>08:30\n<\/div><\/div><\/div><div id = 'time_1' name='visible_59' data-day='1' class='yaxis time_all time_1' data-time='0845' style='top: 281px; display: none;'>\n                <div class='yaxistime yaxistime-extra'>&nbsp;<\/div><\/div><div id='time_1' name='visible_60' data-day='1' class='yaxis major time_all time_1  data-time='0900' style='top: 301px; display: none;'>\n                <div class='yaxistime yaxistime-extra'><div class='yaxistext yaxistext-extra'>09:00\n<\/div><\/div><\/div><div id = 'time_1' name='visible_61' data-day='1' class='yaxis time_all time_1' data-time='0915' style='top: 321px; display: none;'>\n                <div class='yaxistime yaxistime-extra'>&nbsp;<\/div><\/div><div id='time_1' name='visible_62' data-day='1' class='yaxis time_all time_1' data-time='0930' style='top: 341px; display: none;'>\n                <div class='yaxistime yaxistime-extra half-hour'><div class='yaxistext-minor yaxistext-minor-extra'>09:30\n<\/div><\/div><\/div><div id = 'time_1' name='visible_63' data-day='1' class='yaxis time_all time_1' data-time='0945' style='top: 361px; display: none;'>\n                <div class='yaxistime yaxistime-extra'>&nbsp;<\/div><\/div><div id='time_1' name='visible_64' data-day='1' class='yaxis major time_all time_1  data-time='1000' style='top: 381px; display: none;'>\n                <div class='yaxistime yaxistime-extra'><div class='yaxistext yaxistext-extra'>10:00\n<\/div><\/div><\/div><div id = 'time_1' name='visible_65' data-day='1' class='yaxis time_all time_1' data-time='1015' style='top: 401px; display: none;'>\n                <div class='yaxistime yaxistime-extra'>&nbsp;<\/div><\/div><div id='time_1' name='visible_66' data-day='1' class='yaxis time_all time_1' data-time='1030' style='top: 421px; display: none;'>\n                <div class='yaxistime yaxistime-extra half-hour'><div class='yaxistext-minor yaxistext-minor-extra'>10:30\n<\/div><\/div><\/div><div id = 'time_1' name='visible_67' data-day='1' class='yaxis time_all time_1' data-time='1045' style='top: 441px; display: none;'>\n                <div class='yaxistime yaxistime-extra'>&nbsp;<\/div><\/div><div id='time_1' name='visible_68' data-day='1' class='yaxis major time_all time_1  data-time='1100' style='top: 461px; display: none;'>\n                <div class='yaxistime yaxistime-extra'><div class='yaxistext yaxistext-extra'>11:00\n<\/div><\/div><\/div><div id = 'time_1' name='visible_69' data-day='1' class='yaxis time_all time_1' data-time='1115' style='top: 481px; display: none;'>\n                <div class='yaxistime yaxistime-extra'>&nbsp;<\/div><\/div><div id='time_1' name='visible_70' data-day='1' class='yaxis time_all time_1' data-time='1130' style='top: 501px; display: none;'>\n                <div class='yaxistime yaxistime-extra half-hour'><div class='yaxistext-minor yaxistext-minor-extra'>11:30\n<\/div><\/div><\/div><div id = 'time_1' name='visible_71' data-day='1' class='yaxis time_all time_1' data-time='1145' style='top: 521px; display: none;'>\n                <div class='yaxistime yaxistime-extra'>&nbsp;<\/div><\/div><div id='time_1' name='visible_72' data-day='1' class='yaxis major time_all time_1  data-time='1200' style='top: 541px; display: none;'>\n                <div class='yaxistime yaxistime-extra'><div class='yaxistext yaxistext-extra'>12:00\n<\/div><\/div><\/div><div id = 'time_1' name='visible_73' data-day='1' class='yaxis time_all time_1' data-time='1215' style='top: 561px; display: none;'>\n                <div class='yaxistime yaxistime-extra'>&nbsp;<\/div><\/div><div id='time_1' name='visible_74' data-day='1' class='yaxis time_all time_1' data-time='1230' style='top: 581px; display: none;'>\n                <div class='yaxistime yaxistime-extra half-hour'><div class='yaxistext-minor yaxistext-minor-extra'>12:30\n<\/div><\/div><\/div><div id = 'time_1' name='visible_75' data-day='1' class='yaxis time_all time_1' data-time='1245' style='top: 601px; display: none;'>\n                <div class='yaxistime yaxistime-extra'>&nbsp;<\/div><\/div><div id='time_1' name='visible_76' data-day='1' class='yaxis major time_all time_1  data-time='1300' style='top: 621px; display: none;'>\n                <div class='yaxistime yaxistime-extra'><div class='yaxistext yaxistext-extra'>13:00\n<\/div><\/div><\/div><div id = 'time_1' name='visible_77' data-day='1' class='yaxis time_all time_1' data-time='1315' style='top: 641px; display: none;'>\n                <div class='yaxistime yaxistime-extra'>&nbsp;<\/div><\/div><div id='time_1' name='visible_78' data-day='1' class='yaxis time_all time_1' data-time='1330' style='top: 661px; display: none;'>\n                <div class='yaxistime yaxistime-extra half-hour'><div class='yaxistext-minor yaxistext-minor-extra'>13:30\n<\/div><\/div><\/div><div id = 'time_1' name='visible_79' data-day='1' class='yaxis time_all time_1' data-time='1345' style='top: 681px; display: none;'>\n                <div class='yaxistime yaxistime-extra'>&nbsp;<\/div><\/div><div id='time_1' name='visible_80' data-day='1' class='yaxis major time_all time_1  data-time='1400' style='top: 701px; display: none;'>\n                <div class='yaxistime yaxistime-extra'><div class='yaxistext yaxistext-extra'>14:00\n<\/div><\/div><\/div><div id = 'time_1' name='visible_81' data-day='1' class='yaxis time_all time_1' data-time='1415' style='top: 721px; display: none;'>\n                <div class='yaxistime yaxistime-extra'>&nbsp;<\/div><\/div><div id='time_1' name='visible_82' data-day='1' class='yaxis time_all time_1' data-time='1430' style='top: 741px; display: none;'>\n                <div class='yaxistime yaxistime-extra half-hour'><div class='yaxistext-minor yaxistext-minor-extra'>14:30\n<\/div><\/div><\/div><div id = 'time_1' name='visible_83' data-day='1' class='yaxis time_all time_1' data-time='1445' style='top: 761px; display: none;'>\n                <div class='yaxistime yaxistime-extra'>&nbsp;<\/div><\/div><div id='time_1' name='visible_84' data-day='1' class='yaxis major time_all time_1  data-time='1500' style='top: 781px; display: none;'>\n                <div class='yaxistime yaxistime-extra'><div class='yaxistext yaxistext-extra'>15:00\n<\/div><\/div><\/div><div id = 'time_1' name='visible_85' data-day='1' class='yaxis time_all time_1' data-time='1515' style='top: 801px; display: none;'>\n                <div class='yaxistime yaxistime-extra'>&nbsp;<\/div><\/div><div id='time_1' name='visible_86' data-day='1' class='yaxis time_all time_1' data-time='1530' style='top: 821px; display: none;'>\n                <div class='yaxistime yaxistime-extra half-hour'><div class='yaxistext-minor yaxistext-minor-extra'>15:30\n<\/div><\/div><\/div><div id = 'time_1' name='visible_87' data-day='1' class='yaxis time_all time_1' data-time='1545' style='top: 841px; display: none;'>\n                <div class='yaxistime yaxistime-extra'>&nbsp;<\/div><\/div><div id='time_1' name='visible_88' data-day='1' class='yaxis major time_all time_1  data-time='1600' style='top: 861px; display: none;'>\n                <div class='yaxistime yaxistime-extra'><div class='yaxistext yaxistext-extra'>16:00\n<\/div><\/div><\/div><div id = 'time_1' name='visible_89' data-day='1' class='yaxis time_all time_1' data-time='1615' style='top: 881px; display: none;'>\n                <div class='yaxistime yaxistime-extra'>&nbsp;<\/div><\/div><div id='time_1' name='visible_90' data-day='1' class='yaxis time_all time_1' data-time='1630' style='top: 901px; display: none;'>\n                <div class='yaxistime yaxistime-extra half-hour'><div class='yaxistext-minor yaxistext-minor-extra'>16:30\n<\/div><\/div><\/div><div id = 'time_1' name='visible_91' data-day='1' class='yaxis time_all time_1' data-time='1645' style='top: 921px; display: none;'>\n                <div class='yaxistime yaxistime-extra'>&nbsp;<\/div><\/div><div id='time_1' name='visible_92' data-day='1' class='yaxis major time_all time_1  data-time='1700' style='top: 941px; display: none;'>\n                <div class='yaxistime yaxistime-extra'><div class='yaxistext yaxistext-extra'>17:00\n<\/div><\/div><\/div><div id = 'time_1' name='visible_93' data-day='1' class='yaxis time_all time_1' data-time='1715' style='top: 961px; display: none;'>\n                <div class='yaxistime yaxistime-extra'>&nbsp;<\/div><\/div><div id='time_1' name='visible_94' data-day='1' class='yaxis time_all time_1' data-time='1730' style='top: 981px; display: none;'>\n                <div class='yaxistime yaxistime-extra half-hour'><div class='yaxistext-minor yaxistext-minor-extra'>17:30\n<\/div><\/div><\/div><div id = 'time_1' name='visible_95' data-day='1' class='yaxis time_all time_1' data-time='1745' style='top: 1001px; display: none;'>\n                <div class='yaxistime yaxistime-extra'>&nbsp;<\/div><\/div><div id='time_1' name='visible_96' data-day='1' class='yaxis major time_all time_1  data-time='1800' style='top: 1021px; display: none;'>\n                <div class='yaxistime yaxistime-extra'><div class='yaxistext yaxistext-extra'>18:00\n<\/div><\/div><\/div><div id = 'time_1' name='visible_97' data-day='1' class='yaxis time_all time_1' data-time='1815' style='top: 1041px; display: none;'>\n                <div class='yaxistime yaxistime-extra'>&nbsp;<\/div><\/div><div id='time_1' name='visible_98' data-day='1' class='yaxis time_all time_1' data-time='1830' style='top: 1061px; display: none;'>\n                <div class='yaxistime yaxistime-extra half-hour'><div class='yaxistext-minor yaxistext-minor-extra'>18:30\n<\/div><\/div><\/div><div id = 'time_1' name='visible_99' data-day='1' class='yaxis time_all time_1' data-time='1845' style='top: 1081px; display: none;'>\n                <div class='yaxistime yaxistime-extra'>&nbsp;<\/div><\/div><div id='time_1' name='visible_100' data-day='1' class='yaxis major time_all time_1  data-time='1900' style='top: 1101px; display: none;'>\n                <div class='yaxistime yaxistime-extra'><div class='yaxistext yaxistext-extra'>19:00\n<\/div><\/div><\/div><div id = 'time_1' name='visible_101' data-day='1' class='yaxis time_all time_1' data-time='1915' style='top: 1121px; display: none;'>\n                <div class='yaxistime yaxistime-extra'>&nbsp;<\/div><\/div><div id='time_1' name='visible_102' data-day='1' class='yaxis time_all time_1' data-time='1930' style='top: 1141px; display: none;'>\n                <div class='yaxistime yaxistime-extra half-hour'><div class='yaxistext-minor yaxistext-minor-extra'>19:30\n<\/div><\/div><\/div><div id = 'time_1' name='visible_103' data-day='1' class='yaxis time_all time_1' data-time='1945' style='top: 1161px; display: none;'>\n                <div class='yaxistime yaxistime-extra'>&nbsp;<\/div><\/div><div id='time_1' name='visible_104' data-day='1' class='yaxis major time_all time_1  data-time='2000' style='top: 1181px; display: none;'>\n                <div class='yaxistime yaxistime-extra'><div class='yaxistext yaxistext-extra'>20:00\n<\/div><\/div><\/div><div id = 'time_1' name='visible_105' data-day='1' class='yaxis time_all time_1' data-time='2015' style='top: 1201px; display: none;'>\n                <div class='yaxistime yaxistime-extra'>&nbsp;<\/div><\/div><div id='time_1' name='visible_106' data-day='1' class='yaxis time_all time_1' data-time='2030' style='top: 1221px; display: none;'>\n                <div class='yaxistime yaxistime-extra half-hour'><div class='yaxistext-minor yaxistext-minor-extra'>20:30\n<\/div><\/div><\/div><div id = 'time_1' name='visible_107' data-day='1' class='yaxis time_all time_1' data-time='2045' style='top: 1241px; display: none;'>\n                <div class='yaxistime yaxistime-extra'>&nbsp;<\/div><\/div><div id='time_1' name='visible_108' data-day='1' class='yaxis major time_all time_1  data-time='2100' style='top: 1261px; display: none;'>\n                <div class='yaxistime yaxistime-extra'><div class='yaxistext yaxistext-extra'>21:00\n<\/div><\/div><\/div><div id = 'time_1' name='visible_109' data-day='1' class='yaxis time_all time_1' data-time='2115' style='top: 1281px; display: none;'>\n                <div class='yaxistime yaxistime-extra'>&nbsp;<\/div><\/div><div id='time_1' name='visible_110' data-day='1' class='yaxis time_all time_1' data-time='2130' style='top: 1301px; display: none;'>\n                <div class='yaxistime yaxistime-extra half-hour'><div class='yaxistext-minor yaxistext-minor-extra'>21:30\n<\/div><\/div><\/div><div id = 'time_1' name='visible_111' data-day='1' class='yaxis time_all time_1' data-time='2145' style='top: 1321px; display: none;'>\n                <div class='yaxistime yaxistime-extra'>&nbsp;<\/div><\/div><div id='time_1' name='visible_112' data-day='1' class='yaxis major time_all time_1  data-time='2200' style='top: 1341px; display: none;'>\n                <div class='yaxistime yaxistime-extra'><div class='yaxistext yaxistext-extra'>22:00\n<\/div><\/div><\/div><div id = 'time_1' name='visible_113' data-day='1' class='yaxis time_all time_1' data-time='2215' style='top: 1361px; display: none;'>\n                <div class='yaxistime yaxistime-extra'>&nbsp;<\/div><\/div><div id='time_1' name='visible_114' data-day='1' class='yaxis time_all time_1' data-time='2230' style='top: 1381px; display: none;'>\n                <div class='yaxistime yaxistime-extra half-hour'><div class='yaxistext-minor yaxistext-minor-extra'>22:30\n<\/div><\/div><\/div><div id = 'time_1' name='visible_115' data-day='1' class='yaxis time_all time_1' data-time='2245' style='top: 1401px; display: none;'>\n                <div class='yaxistime yaxistime-extra'>&nbsp;<\/div><\/div><div id='time_2' name='visible_116' data-day='2' class='yaxis major time_all time_2  data-time='0600' style='top: 61px; display: none;'>\n                <div class='yaxistime yaxistime-extra'><div class='yaxistext yaxistext-extra'>06:00\n<\/div><\/div><\/div><div id = 'time_2' name='visible_117' data-day='2' class='yaxis time_all time_2' data-time='0615' style='top: 81px; display: none;'>\n                <div class='yaxistime yaxistime-extra'>&nbsp;<\/div><\/div><div id='time_2' name='visible_118' data-day='2' class='yaxis time_all time_2' data-time='0630' style='top: 101px; display: none;'>\n                <div class='yaxistime yaxistime-extra half-hour'><div class='yaxistext-minor yaxistext-minor-extra'>06:30\n<\/div><\/div><\/div><div id = 'time_2' name='visible_119' data-day='2' class='yaxis time_all time_2' data-time='0645' style='top: 121px; display: none;'>\n                <div class='yaxistime yaxistime-extra'>&nbsp;<\/div><\/div><div id='time_2' name='visible_120' data-day='2' class='yaxis major time_all time_2  data-time='0700' style='top: 141px; display: none;'>\n                <div class='yaxistime yaxistime-extra'><div class='yaxistext yaxistext-extra'>07:00\n<\/div><\/div><\/div><div id = 'time_2' name='visible_121' data-day='2' class='yaxis time_all time_2' data-time='0715' style='top: 161px; display: none;'>\n                <div class='yaxistime yaxistime-extra'>&nbsp;<\/div><\/div><div id='time_2' name='visible_122' data-day='2' class='yaxis time_all time_2' data-time='0730' style='top: 181px; display: none;'>\n                <div class='yaxistime yaxistime-extra half-hour'><div class='yaxistext-minor yaxistext-minor-extra'>07:30\n<\/div><\/div><\/div><div id = 'time_2' name='visible_123' data-day='2' class='yaxis time_all time_2' data-time='0745' style='top: 201px; display: none;'>\n                <div class='yaxistime yaxistime-extra'>&nbsp;<\/div><\/div><div id='time_2' name='visible_124' data-day='2' class='yaxis major time_all time_2  data-time='0800' style='top: 221px; display: none;'>\n                <div class='yaxistime yaxistime-extra'><div class='yaxistext yaxistext-extra'>08:00\n<\/div><\/div><\/div><div id = 'time_2' name='visible_125' data-day='2' class='yaxis time_all time_2' data-time='0815' style='top: 241px; display: none;'>\n                <div class='yaxistime yaxistime-extra'>&nbsp;<\/div><\/div><div id='time_2' name='visible_126' data-day='2' class='yaxis time_all time_2' data-time='0830' style='top: 261px; display: none;'>\n                <div class='yaxistime yaxistime-extra half-hour'><div class='yaxistext-minor yaxistext-minor-extra'>08:30\n<\/div><\/div><\/div><div id = 'time_2' name='visible_127' data-day='2' class='yaxis time_all time_2' data-time='0845' style='top: 281px; display: none;'>\n                <div class='yaxistime yaxistime-extra'>&nbsp;<\/div><\/div><div id='time_2' name='visible_128' data-day='2' class='yaxis major time_all time_2  data-time='0900' style='top: 301px; display: none;'>\n                <div class='yaxistime yaxistime-extra'><div class='yaxistext yaxistext-extra'>09:00\n<\/div><\/div><\/div><div id = 'time_2' name='visible_129' data-day='2' class='yaxis time_all time_2' data-time='0915' style='top: 321px; display: none;'>\n                <div class='yaxistime yaxistime-extra'>&nbsp;<\/div><\/div><div id='time_2' name='visible_130' data-day='2' class='yaxis time_all time_2' data-time='0930' style='top: 341px; display: none;'>\n                <div class='yaxistime yaxistime-extra half-hour'><div class='yaxistext-minor yaxistext-minor-extra'>09:30\n<\/div><\/div><\/div><div id = 'time_2' name='visible_131' data-day='2' class='yaxis time_all time_2' data-time='0945' style='top: 361px; display: none;'>\n                <div class='yaxistime yaxistime-extra'>&nbsp;<\/div><\/div><div id='time_2' name='visible_132' data-day='2' class='yaxis major time_all time_2  data-time='1000' style='top: 381px; display: none;'>\n                <div class='yaxistime yaxistime-extra'><div class='yaxistext yaxistext-extra'>10:00\n<\/div><\/div><\/div><div id = 'time_2' name='visible_133' data-day='2' class='yaxis time_all time_2' data-time='1015' style='top: 401px; display: none;'>\n                <div class='yaxistime yaxistime-extra'>&nbsp;<\/div><\/div><div id='time_2' name='visible_134' data-day='2' class='yaxis time_all time_2' data-time='1030' style='top: 421px; display: none;'>\n                <div class='yaxistime yaxistime-extra half-hour'><div class='yaxistext-minor yaxistext-minor-extra'>10:30\n<\/div><\/div><\/div><div id = 'time_2' name='visible_135' data-day='2' class='yaxis time_all time_2' data-time='1045' style='top: 441px; display: none;'>\n                <div class='yaxistime yaxistime-extra'>&nbsp;<\/div><\/div><div id='time_2' name='visible_136' data-day='2' class='yaxis major time_all time_2  data-time='1100' style='top: 461px; display: none;'>\n                <div class='yaxistime yaxistime-extra'><div class='yaxistext yaxistext-extra'>11:00\n<\/div><\/div><\/div><div id = 'time_2' name='visible_137' data-day='2' class='yaxis time_all time_2' data-time='1115' style='top: 481px; display: none;'>\n                <div class='yaxistime yaxistime-extra'>&nbsp;<\/div><\/div><div id='time_2' name='visible_138' data-day='2' class='yaxis time_all time_2' data-time='1130' style='top: 501px; display: none;'>\n                <div class='yaxistime yaxistime-extra half-hour'><div class='yaxistext-minor yaxistext-minor-extra'>11:30\n<\/div><\/div><\/div><div id = 'time_2' name='visible_139' data-day='2' class='yaxis time_all time_2' data-time='1145' style='top: 521px; display: none;'>\n                <div class='yaxistime yaxistime-extra'>&nbsp;<\/div><\/div><div id='time_2' name='visible_140' data-day='2' class='yaxis major time_all time_2  data-time='1200' style='top: 541px; display: none;'>\n                <div class='yaxistime yaxistime-extra'><div class='yaxistext yaxistext-extra'>12:00\n<\/div><\/div><\/div><div id = 'time_2' name='visible_141' data-day='2' class='yaxis time_all time_2' data-time='1215' style='top: 561px; display: none;'>\n                <div class='yaxistime yaxistime-extra'>&nbsp;<\/div><\/div><div id='time_2' name='visible_142' data-day='2' class='yaxis time_all time_2' data-time='1230' style='top: 581px; display: none;'>\n                <div class='yaxistime yaxistime-extra half-hour'><div class='yaxistext-minor yaxistext-minor-extra'>12:30\n<\/div><\/div><\/div><div id = 'time_2' name='visible_143' data-day='2' class='yaxis time_all time_2' data-time='1245' style='top: 601px; display: none;'>\n                <div class='yaxistime yaxistime-extra'>&nbsp;<\/div><\/div><div id='time_2' name='visible_144' data-day='2' class='yaxis major time_all time_2  data-time='1300' style='top: 621px; display: none;'>\n                <div class='yaxistime yaxistime-extra'><div class='yaxistext yaxistext-extra'>13:00\n<\/div><\/div><\/div><div id = 'time_2' name='visible_145' data-day='2' class='yaxis time_all time_2' data-time='1315' style='top: 641px; display: none;'>\n                <div class='yaxistime yaxistime-extra'>&nbsp;<\/div><\/div><div id='time_2' name='visible_146' data-day='2' class='yaxis time_all time_2' data-time='1330' style='top: 661px; display: none;'>\n                <div class='yaxistime yaxistime-extra half-hour'><div class='yaxistext-minor yaxistext-minor-extra'>13:30\n<\/div><\/div><\/div><div id = 'time_2' name='visible_147' data-day='2' class='yaxis time_all time_2' data-time='1345' style='top: 681px; display: none;'>\n                <div class='yaxistime yaxistime-extra'>&nbsp;<\/div><\/div><div id='time_2' name='visible_148' data-day='2' class='yaxis major time_all time_2  data-time='1400' style='top: 701px; display: none;'>\n                <div class='yaxistime yaxistime-extra'><div class='yaxistext yaxistext-extra'>14:00\n<\/div><\/div><\/div><div id = 'time_2' name='visible_149' data-day='2' class='yaxis time_all time_2' data-time='1415' style='top: 721px; display: none;'>\n                <div class='yaxistime yaxistime-extra'>&nbsp;<\/div><\/div><div id='time_2' name='visible_150' data-day='2' class='yaxis time_all time_2' data-time='1430' style='top: 741px; display: none;'>\n                <div class='yaxistime yaxistime-extra half-hour'><div class='yaxistext-minor yaxistext-minor-extra'>14:30\n<\/div><\/div><\/div><div id = 'time_2' name='visible_151' data-day='2' class='yaxis time_all time_2' data-time='1445' style='top: 761px; display: none;'>\n                <div class='yaxistime yaxistime-extra'>&nbsp;<\/div><\/div><div id='time_2' name='visible_152' data-day='2' class='yaxis major time_all time_2  data-time='1500' style='top: 781px; display: none;'>\n                <div class='yaxistime yaxistime-extra'><div class='yaxistext yaxistext-extra'>15:00\n<\/div><\/div><\/div><div id = 'time_2' name='visible_153' data-day='2' class='yaxis time_all time_2' data-time='1515' style='top: 801px; display: none;'>\n                <div class='yaxistime yaxistime-extra'>&nbsp;<\/div><\/div><div id='time_2' name='visible_154' data-day='2' class='yaxis time_all time_2' data-time='1530' style='top: 821px; display: none;'>\n                <div class='yaxistime yaxistime-extra half-hour'><div class='yaxistext-minor yaxistext-minor-extra'>15:30\n<\/div><\/div><\/div><div id = 'time_2' name='visible_155' data-day='2' class='yaxis time_all time_2' data-time='1545' style='top: 841px; display: none;'>\n                <div class='yaxistime yaxistime-extra'>&nbsp;<\/div><\/div><div id='time_2' name='visible_156' data-day='2' class='yaxis major time_all time_2  data-time='1600' style='top: 861px; display: none;'>\n                <div class='yaxistime yaxistime-extra'><div class='yaxistext yaxistext-extra'>16:00\n<\/div><\/div><\/div><div id = 'time_2' name='visible_157' data-day='2' class='yaxis time_all time_2' data-time='1615' style='top: 881px; display: none;'>\n                <div class='yaxistime yaxistime-extra'>&nbsp;<\/div><\/div><div id='time_2' name='visible_158' data-day='2' class='yaxis time_all time_2' data-time='1630' style='top: 901px; display: none;'>\n                <div class='yaxistime yaxistime-extra half-hour'><div class='yaxistext-minor yaxistext-minor-extra'>16:30\n<\/div><\/div><\/div><div id = 'time_2' name='visible_159' data-day='2' class='yaxis time_all time_2' data-time='1645' style='top: 921px; display: none;'>\n                <div class='yaxistime yaxistime-extra'>&nbsp;<\/div><\/div><div id='time_2' name='visible_160' data-day='2' class='yaxis major time_all time_2  data-time='1700' style='top: 941px; display: none;'>\n                <div class='yaxistime yaxistime-extra'><div class='yaxistext yaxistext-extra'>17:00\n<\/div><\/div><\/div><div id = 'time_2' name='visible_161' data-day='2' class='yaxis time_all time_2' data-time='1715' style='top: 961px; display: none;'>\n                <div class='yaxistime yaxistime-extra'>&nbsp;<\/div><\/div><div id='time_2' name='visible_162' data-day='2' class='yaxis time_all time_2' data-time='1730' style='top: 981px; display: none;'>\n                <div class='yaxistime yaxistime-extra half-hour'><div class='yaxistext-minor yaxistext-minor-extra'>17:30\n<\/div><\/div><\/div><div id = 'time_2' name='visible_163' data-day='2' class='yaxis time_all time_2' data-time='1745' style='top: 1001px; display: none;'>\n                <div class='yaxistime yaxistime-extra'>&nbsp;<\/div><\/div><div id='time_2' name='visible_164' data-day='2' class='yaxis major time_all time_2  data-time='1800' style='top: 1021px; display: none;'>\n                <div class='yaxistime yaxistime-extra'><div class='yaxistext yaxistext-extra'>18:00\n<\/div><\/div><\/div><div id = 'time_2' name='visible_165' data-day='2' class='yaxis time_all time_2' data-time='1815' style='top: 1041px; display: none;'>\n                <div class='yaxistime yaxistime-extra'>&nbsp;<\/div><\/div><div id='time_2' name='visible_166' data-day='2' class='yaxis time_all time_2' data-time='1830' style='top: 1061px; display: none;'>\n                <div class='yaxistime yaxistime-extra half-hour'><div class='yaxistext-minor yaxistext-minor-extra'>18:30\n<\/div><\/div><\/div><div id = 'time_2' name='visible_167' data-day='2' class='yaxis time_all time_2' data-time='1845' style='top: 1081px; display: none;'>\n                <div class='yaxistime yaxistime-extra'>&nbsp;<\/div><\/div><div id='time_2' name='visible_168' data-day='2' class='yaxis major time_all time_2  data-time='1900' style='top: 1101px; display: none;'>\n                <div class='yaxistime yaxistime-extra'><div class='yaxistext yaxistext-extra'>19:00\n<\/div><\/div><\/div><div id = 'time_2' name='visible_169' data-day='2' class='yaxis time_all time_2' data-time='1915' style='top: 1121px; display: none;'>\n                <div class='yaxistime yaxistime-extra'>&nbsp;<\/div><\/div><div id='time_2' name='visible_170' data-day='2' class='yaxis time_all time_2' data-time='1930' style='top: 1141px; display: none;'>\n                <div class='yaxistime yaxistime-extra half-hour'><div class='yaxistext-minor yaxistext-minor-extra'>19:30\n<\/div><\/div><\/div><div id = 'time_2' name='visible_171' data-day='2' class='yaxis time_all time_2' data-time='1945' style='top: 1161px; display: none;'>\n                <div class='yaxistime yaxistime-extra'>&nbsp;<\/div><\/div><div id='time_2' name='visible_172' data-day='2' class='yaxis major time_all time_2  data-time='2000' style='top: 1181px; display: none;'>\n                <div class='yaxistime yaxistime-extra'><div class='yaxistext yaxistext-extra'>20:00\n<\/div><\/div><\/div><div id = 'time_2' name='visible_173' data-day='2' class='yaxis time_all time_2' data-time='2015' style='top: 1201px; display: none;'>\n                <div class='yaxistime yaxistime-extra'>&nbsp;<\/div><\/div><div id='time_2' name='visible_174' data-day='2' class='yaxis time_all time_2' data-time='2030' style='top: 1221px; display: none;'>\n                <div class='yaxistime yaxistime-extra half-hour'><div class='yaxistext-minor yaxistext-minor-extra'>20:30\n<\/div><\/div><\/div><div id = 'time_2' name='visible_175' data-day='2' class='yaxis time_all time_2' data-time='2045' style='top: 1241px; display: none;'>\n                <div class='yaxistime yaxistime-extra'>&nbsp;<\/div><\/div><div id='time_2' name='visible_176' data-day='2' class='yaxis major time_all time_2  data-time='2100' style='top: 1261px; display: none;'>\n                <div class='yaxistime yaxistime-extra'><div class='yaxistext yaxistext-extra'>21:00\n<\/div><\/div><\/div><div id = 'time_2' name='visible_177' data-day='2' class='yaxis time_all time_2' data-time='2115' style='top: 1281px; display: none;'>\n                <div class='yaxistime yaxistime-extra'>&nbsp;<\/div><\/div><div id='time_2' name='visible_178' data-day='2' class='yaxis time_all time_2' data-time='2130' style='top: 1301px; display: none;'>\n                <div class='yaxistime yaxistime-extra half-hour'><div class='yaxistext-minor yaxistext-minor-extra'>21:30\n<\/div><\/div><\/div><div id = 'time_2' name='visible_179' data-day='2' class='yaxis time_all time_2' data-time='2145' style='top: 1321px; display: none;'>\n                <div class='yaxistime yaxistime-extra'>&nbsp;<\/div><\/div><div id='time_2' name='visible_180' data-day='2' class='yaxis major time_all time_2  data-time='2200' style='top: 1341px; display: none;'>\n                <div class='yaxistime yaxistime-extra'><div class='yaxistext yaxistext-extra'>22:00\n<\/div><\/div><\/div><div id = 'time_2' name='visible_181' data-day='2' class='yaxis time_all time_2' data-time='2215' style='top: 1361px; display: none;'>\n                <div class='yaxistime yaxistime-extra'>&nbsp;<\/div><\/div><div id='time_2' name='visible_182' data-day='2' class='yaxis time_all time_2' data-time='2230' style='top: 1381px; display: none;'>\n                <div class='yaxistime yaxistime-extra half-hour'><div class='yaxistext-minor yaxistext-minor-extra'>22:30\n<\/div><\/div><\/div><div id = 'time_2' name='visible_183' data-day='2' class='yaxis time_all time_2' data-time='2245' style='top: 1401px; display: none;'>\n                <div class='yaxistime yaxistime-extra'>&nbsp;<\/div><\/div><div id='time_3' name='visible_184' data-day='3' class='yaxis major time_all time_3  data-time='0800' style='top: 61px; display: none;'>\n                <div class='yaxistime yaxistime-extra'><div class='yaxistext yaxistext-extra'>08:00\n<\/div><\/div><\/div><div id = 'time_3' name='visible_185' data-day='3' class='yaxis time_all time_3' data-time='0815' style='top: 81px; display: none;'>\n                <div class='yaxistime yaxistime-extra'>&nbsp;<\/div><\/div><div id='time_3' name='visible_186' data-day='3' class='yaxis time_all time_3' data-time='0830' style='top: 101px; display: none;'>\n                <div class='yaxistime yaxistime-extra half-hour'><div class='yaxistext-minor yaxistext-minor-extra'>08:30\n<\/div><\/div><\/div><div id = 'time_3' name='visible_187' data-day='3' class='yaxis time_all time_3' data-time='0845' style='top: 121px; display: none;'>\n                <div class='yaxistime yaxistime-extra'>&nbsp;<\/div><\/div><div id='time_3' name='visible_188' data-day='3' class='yaxis major time_all time_3  data-time='0900' style='top: 141px; display: none;'>\n                <div class='yaxistime yaxistime-extra'><div class='yaxistext yaxistext-extra'>09:00\n<\/div><\/div><\/div><div id = 'time_3' name='visible_189' data-day='3' class='yaxis time_all time_3' data-time='0915' style='top: 161px; display: none;'>\n                <div class='yaxistime yaxistime-extra'>&nbsp;<\/div><\/div><div id='time_3' name='visible_190' data-day='3' class='yaxis time_all time_3' data-time='0930' style='top: 181px; display: none;'>\n                <div class='yaxistime yaxistime-extra half-hour'><div class='yaxistext-minor yaxistext-minor-extra'>09:30\n<\/div><\/div><\/div><div id = 'time_3' name='visible_191' data-day='3' class='yaxis time_all time_3' data-time='0945' style='top: 201px; display: none;'>\n                <div class='yaxistime yaxistime-extra'>&nbsp;<\/div><\/div><div id='time_3' name='visible_192' data-day='3' class='yaxis major time_all time_3  data-time='1000' style='top: 221px; display: none;'>\n                <div class='yaxistime yaxistime-extra'><div class='yaxistext yaxistext-extra'>10:00\n<\/div><\/div><\/div><div id = 'time_3' name='visible_193' data-day='3' class='yaxis time_all time_3' data-time='1015' style='top: 241px; display: none;'>\n                <div class='yaxistime yaxistime-extra'>&nbsp;<\/div><\/div><div id='time_3' name='visible_194' data-day='3' class='yaxis time_all time_3' data-time='1030' style='top: 261px; display: none;'>\n                <div class='yaxistime yaxistime-extra half-hour'><div class='yaxistext-minor yaxistext-minor-extra'>10:30\n<\/div><\/div><\/div><div id = 'time_3' name='visible_195' data-day='3' class='yaxis time_all time_3' data-time='1045' style='top: 281px; display: none;'>\n                <div class='yaxistime yaxistime-extra'>&nbsp;<\/div><\/div><div id='time_3' name='visible_196' data-day='3' class='yaxis major time_all time_3  data-time='1100' style='top: 301px; display: none;'>\n                <div class='yaxistime yaxistime-extra'><div class='yaxistext yaxistext-extra'>11:00\n<\/div><\/div><\/div><div id = 'time_3' name='visible_197' data-day='3' class='yaxis time_all time_3' data-time='1115' style='top: 321px; display: none;'>\n                <div class='yaxistime yaxistime-extra'>&nbsp;<\/div><\/div><div id='time_3' name='visible_198' data-day='3' class='yaxis time_all time_3' data-time='1130' style='top: 341px; display: none;'>\n                <div class='yaxistime yaxistime-extra half-hour'><div class='yaxistext-minor yaxistext-minor-extra'>11:30\n<\/div><\/div><\/div><div id = 'time_3' name='visible_199' data-day='3' class='yaxis time_all time_3' data-time='1145' style='top: 361px; display: none;'>\n                <div class='yaxistime yaxistime-extra'>&nbsp;<\/div><\/div><div id='time_3' name='visible_200' data-day='3' class='yaxis major time_all time_3  data-time='1200' style='top: 381px; display: none;'>\n                <div class='yaxistime yaxistime-extra'><div class='yaxistext yaxistext-extra'>12:00\n<\/div><\/div><\/div>\n          <div class=\"event \"\n            data-id=\"1239\"\n            data-project=\"project_283_2017_04_27\"\n            data-title=\"Mini courses for residents\"\n            data-abs-nbr=\"\"\n            data-ystart=\"8\"\n            data-yend=\"17\"\n            data-time=\"08:00-17:00\"\n            data-room=\"8\"\n            data-room-id=\"1010\"\n            data-room-name=\"Wallenbergs konferenscentrum\"\n            data-day=\"0\"\n            data-abs-path=\"\"\n            data-speaker=\"\"\n            data-speakercell=\"\"\n            data-info=\"\n                 &lt;p&gt;Find all the information about the mini courses under &quot;Mini courses - residents&quot; under Information, or at the link below.&lt;\/p&gt;\n                &lt;br&gt;&lt;br&gt;\"\n            data-category=\"\"\n            data-category-ids=\"\"\n            data-span-all=\"\"\n                      >\n\n            <div class=\"event_content\">\n              <div class=\"title\">\n                                <span>Mini courses for residents<\/span>\n              <\/div>\n              <div class=\"span_room\"><span><\/span><\/div>\n              <div class=\"time\">\n                <span>\n                  08:00-17:00                <\/span><\/div>\n\n              \n            <\/div>\n\n\n            \n          <\/div>\n\n      \n          <div class=\"event \"\n            data-id=\"1240\"\n            data-project=\"project_283_2017_04_27\"\n            data-title=\"Minikurser f\u00f6r sjuksk\u00f6terskor\"\n            data-abs-nbr=\"\"\n            data-ystart=\"12\"\n            data-yend=\"16\"\n            data-time=\"12:00-16:00\"\n            data-room=\"9\"\n            data-room-id=\"1011\"\n            data-room-name=\"\u00d6NH-kliniken\"\n            data-day=\"0\"\n            data-abs-path=\"\"\n            data-speaker=\"\"\n            data-speakercell=\"\"\n            data-info=\" \n                 &lt;p&gt;Hitta all information f\u00f6r minikurserna under &quot;Minikurser - sjuksk\u00f6terskor&quot; under Information eller p\u00e5 l\u00e4nken nedan.&amp;nbsp;&lt;\/p&gt; \n                &lt;br&gt;&lt;br&gt;\"\n            data-category=\"\"\n            data-category-ids=\"\"\n            data-span-all=\"\"\n                      >\n\n            <div class=\"event_content\">\n              <div class=\"title\">\n                                <span>Minikurser f\u00f6r sjuksk\u00f6terskor<\/span>\n              <\/div>\n              <div class=\"span_room\"><span><\/span><\/div>\n              <div class=\"time\">\n                <span>\n                  12:00-16:00                <\/span><\/div>\n\n              \n            <\/div>\n\n\n            \n          <\/div>\n\n      \n          <div class=\"event \"\n            data-id=\"1008\"\n            data-project=\"project_283_2017_04_27\"\n            data-title=\"Registration and Get Together at the Swedish Exhibition and Congress Centre \"\n            data-abs-nbr=\"\"\n            data-ystart=\"18\"\n            data-yend=\"20\"\n            data-time=\"18:00-20:00\"\n            data-room=\"1\"\n            data-room-id=\"1002\"\n            data-room-name=\"Exhibition area\"\n            data-day=\"0\"\n            data-abs-path=\"\"\n            data-speaker=\"\"\n            data-speakercell=\"\"\n            data-info=\"\n                  Get together hosted by the city of Gothenburg &amp;amp; Region V\u00e4stra G\u00f6taland \n                 &lt;br&gt; \n                &lt;br&gt;&lt;br&gt;\"\n            data-category=\"\"\n            data-category-ids=\"\"\n            data-span-all=\"\"\n                      >\n\n            <div class=\"event_content\">\n              <div class=\"title\">\n                                <span>Registration and Get Together at the Swedish Exhibition and Congress Centre <\/span>\n              <\/div>\n              <div class=\"span_room\"><span><\/span><\/div>\n              <div class=\"time\">\n                <span>\n                  18:00-20:00                <\/span><\/div>\n\n              \n            <\/div>\n\n\n            \n          <\/div>\n\n      \n          <div class=\"event \"\n            data-id=\"1027\"\n            data-project=\"project_283_2017_04_27\"\n            data-title=\"Early morning run\"\n            data-abs-nbr=\"\"\n            data-ystart=\"6.5\"\n            data-yend=\"7.25\"\n            data-time=\"06:30-07:15\"\n            data-room=\"4\"\n            data-room-id=\"1006\"\n            data-room-name=\" Not specified\"\n            data-day=\"1\"\n            data-abs-path=\"\"\n            data-speaker=\"\"\n            data-speakercell=\"\"\n            data-info=\" \n                 &lt;p&gt;All early runners, and those who prefer a morning workout focus on strength and balance, will gather outside the mainentrance of Hotel Gothia Towers. Together we will run the short distance (1km) to Heden, which is an outdoor area in the centre of Gothenburg dedicated for physical activity. One group will have physical workout focus on strength and balance and the other group have a distance run through some of the parks and green spaces of Gothenburg. We will all be back at the hotel at 7.10-7.15am. All participants will receive a nice T-shirt.&lt;br&gt;&lt;br&gt;These events are sponsored by V\u00e4stra G\u00f6talandsregionens Friskv\u00e5rdsprojekt&lt;br&gt;&lt;br&gt;If you are not staying close to the congress venue and wish to use the showers at Gothia Towers after the run, please send an email to Anna at&amp;nbsp;&lt;a href=&quot;mailto:anna@mkon.se&quot; target=&quot;_blank&quot;&gt;anna@mkon.se&lt;\/a&gt;&amp;nbsp;and we will help you.&lt;br&gt;&lt;\/p&gt; \n                &lt;br&gt;&lt;br&gt;\"\n            data-category=\"\"\n            data-category-ids=\"\"\n            data-span-all=\"\"\n                      >\n\n            <div class=\"event_content\">\n              <div class=\"title\">\n                                <span>Early morning run<\/span>\n              <\/div>\n              <div class=\"span_room\"><span><\/span><\/div>\n              <div class=\"time\">\n                <span>\n                  06:30-07:15                <\/span><\/div>\n\n              \n            <\/div>\n\n\n            \n          <\/div>\n\n      \n          <div class=\"event \"\n            data-id=\"1010\"\n            data-project=\"project_283_2017_04_27\"\n            data-title=\"Otolitens \u00c5rsm\u00f6te\"\n            data-abs-nbr=\"\"\n            data-ystart=\"8.25\"\n            data-yend=\"9.25\"\n            data-time=\"08:15-09:15\"\n            data-room=\"0\"\n            data-room-id=\"-1\"\n            data-room-name=\"F2\"\n            data-day=\"1\"\n            data-abs-path=\"\"\n            data-speaker=\"\"\n            data-speakercell=\"\"\n            data-info=\"&lt;b&gt;Moderatorer: &lt;\/b&gt;Karolina Bende&lt;br&gt;&lt;br&gt;\"\n            data-category=\"\"\n            data-category-ids=\"\"\n            data-span-all=\"\"\n                      >\n\n            <div class=\"event_content\">\n              <div class=\"title\">\n                                <span>Otolitens \u00c5rsm\u00f6te<\/span>\n              <\/div>\n              <div class=\"span_room\"><span><\/span><\/div>\n              <div class=\"time\">\n                <span>\n                  08:15-09:15                <\/span><\/div>\n\n              \n            <\/div>\n\n\n            \n          <\/div>\n\n      \n          <div class=\"event \"\n            data-id=\"1011\"\n            data-project=\"project_283_2017_04_27\"\n            data-title=\"Sponsored Lecture: Medtronic\"\n            data-abs-nbr=\"\"\n            data-ystart=\"8.5\"\n            data-yend=\"9.25\"\n            data-time=\"08:30-09:15\"\n            data-room=\"2\"\n            data-room-id=\"1003\"\n            data-room-name=\"F3\"\n            data-day=\"1\"\n            data-abs-path=\"\"\n            data-speaker=\"Raj Bhalla\"\n            data-speakercell=\"Raj Bhalla\"\n            data-info=\" \n                 &lt;p&gt;\u201dFrontal sinus approaches and technological advances\u201d&lt;\/p&gt; \n                 &lt;p&gt;&lt;span style=&quot;font-style: italic;&quot;&gt;Raj Bhalla, Consultant rhinologist and endoscopic skull base surgeon, Manchester, UK&lt;\/span&gt;&lt;\/p&gt; \n                &lt;br&gt;&lt;br&gt;\"\n            data-category=\"\"\n            data-category-ids=\"\"\n            data-span-all=\"\"\n                      >\n\n            <div class=\"event_content\">\n              <div class=\"title\">\n                                <span>Sponsored Lecture: Medtronic<\/span>\n              <\/div>\n              <div class=\"span_room\"><span><\/span><\/div>\n              <div class=\"time\">\n                <span>\n                  08:30-09:15                <\/span><\/div>\n\n              <div class=\"lecturer\"><span>Raj Bhalla<\/span><\/div>\n            <\/div>\n\n\n            \n          <\/div>\n\n      \n          <div class=\"event \"\n            data-id=\"1012\"\n            data-project=\"project_283_2017_04_27\"\n            data-title=\"Opening Ceremony\"\n            data-abs-nbr=\"\"\n            data-ystart=\"9.5\"\n            data-yend=\"12\"\n            data-time=\"09:30-12:00\"\n            data-room=\"3\"\n            data-room-id=\"1004\"\n            data-room-name=\"F4+F5\"\n            data-day=\"1\"\n            data-abs-path=\"\"\n            data-speaker=\"\"\n            data-speakercell=\"\"\n            data-info=\"09.30-12.00 - 1. Opening Ceremony&lt;br&gt;&lt;small&gt;&lt;\/small&gt;&lt;br&gt;&lt;br&gt;09.30-12.00 - 2. Key Note Lecture&lt;br&gt;&lt;small&gt;Claes M\u00f6ller&lt;\/small&gt;&lt;br&gt;&lt;br&gt;09.30-12.00 - 3. Gunnar Holmgren Lecture&lt;br&gt;&lt;small&gt;William Coman&lt;\/small&gt;&lt;br&gt;&lt;br&gt;\"\n            data-category=\"\"\n            data-category-ids=\"\"\n            data-span-all=\"\"\n                      >\n\n            <div class=\"event_content\">\n              <div class=\"title\">\n                                <span>Opening Ceremony<\/span>\n              <\/div>\n              <div class=\"span_room\"><span><\/span><\/div>\n              <div class=\"time\">\n                <span>\n                  09:30-12:00                <\/span><\/div>\n\n              \n            <\/div>\n\n\n            \n          <\/div>\n\n      \n          <div class=\"event \"\n            data-id=\"1058\"\n            data-project=\"project_283_2017_04_27\"\n            data-title=\"Lunch \/ Posters \/ Exhibition\"\n            data-abs-nbr=\"\"\n            data-ystart=\"12\"\n            data-yend=\"13\"\n            data-time=\"12:00-13:00\"\n            data-room=\"1\"\n            data-room-id=\"1002\"\n            data-room-name=\"Exhibition area\"\n            data-day=\"1\"\n            data-abs-path=\"\"\n            data-speaker=\"\"\n            data-speakercell=\"\"\n            data-info=\"\"\n            data-category=\"\"\n            data-category-ids=\"\"\n            data-span-all=\"\"\n                      >\n\n            <div class=\"event_content\">\n              <div class=\"title\">\n                                <span>Lunch \/ Posters \/ Exhibition<\/span>\n              <\/div>\n              <div class=\"span_room\"><span><\/span><\/div>\n              <div class=\"time\">\n                <span>\n                  12:00-13:00                <\/span><\/div>\n\n              \n            <\/div>\n\n\n            \n          <\/div>\n\n      \n          <div class=\"event \"\n            data-id=\"1016\"\n            data-project=\"project_283_2017_04_27\"\n            data-title=\"Dental sinusitis - a common but disregarded chronic disease\"\n            data-abs-nbr=\"\"\n            data-ystart=\"13\"\n            data-yend=\"14.5\"\n            data-time=\"13:00-14:30\"\n            data-room=\"2\"\n            data-room-id=\"1003\"\n            data-room-name=\"F3\"\n            data-day=\"1\"\n            data-abs-path=\"\"\n            data-speaker=\"Karin Blomgren; Boel Kullendorff\"\n            data-speakercell=\"Karin Blomgren; Boel Kullendorff\"\n            data-info=\"&lt;b&gt;Moderatorer: &lt;\/b&gt;Morgan Andersson&lt;br&gt;&lt;br&gt;\"\n            data-category=\"\"\n            data-category-ids=\"\"\n            data-span-all=\"\"\n                      >\n\n            <div class=\"event_content\">\n              <div class=\"title\">\n                                <span>Dental sinusitis - a common but disregarded chronic disease<\/span>\n              <\/div>\n              <div class=\"span_room\"><span><\/span><\/div>\n              <div class=\"time\">\n                <span>\n                  13:00-14:30                <\/span><\/div>\n\n              <div class=\"lecturer\"><span>Karin Blomgren; Boel Kullendorff<\/span><\/div>\n            <\/div>\n\n\n            \n          <\/div>\n\n      \n          <div class=\"event \"\n            data-id=\"1166\"\n            data-project=\"project_283_2017_04_27\"\n            data-title=\"Addressing the consequences of H&amp;N cancer treatment\"\n            data-abs-nbr=\"\"\n            data-ystart=\"13\"\n            data-yend=\"14.5\"\n            data-time=\"13:00-14:30\"\n            data-room=\"7\"\n            data-room-id=\"1008\"\n            data-room-name=\"F1\"\n            data-day=\"1\"\n            data-abs-path=\"\"\n            data-speaker=\"Mary Wells\"\n            data-speakercell=\"Mary Wells\"\n            data-info=\"&lt;b&gt;Moderatorer: &lt;\/b&gt;Ylva Tiblom Ehrsson&lt;br&gt;&lt;br&gt;&lt;p&gt;The global\nburden of head and neck cancer is increasing, and changes in the epidemiology\nof the disease create new challenges for oncology teams.&amp;nbsp; Our knowledge of the consequences of\nincreasingly complex treatment pathways is constantly evolving, as more\npatients survive and live with the long-term impact of surgery, chemotherapy,\nradiotherapy and molecular therapies.&lt;br&gt;&lt;br&gt;Head and\nneck cancer arguably affects daily life more profoundly than any other type of\ncancer, but public awareness of the disease is poor and patients have not,\nhistorically, been a vocal group.&amp;nbsp; &amp;nbsp;Additionally, there has been relatively little\nresearch funding directed to addressing the consequences of head and neck\ncancer treatment.&lt;\/p&gt;&lt;p&gt;&lt;br&gt;This talk will utilise qualitative and quantitative research findings to\nillustrate the impact of head and neck cancer on all aspects of life and to discuss\ncurrent challenges in supporting survivors to live well after treatment.&amp;nbsp; &amp;nbsp;It\nwill focus on who and what we prioritize, how we better prepare patients for\nthe consequences of treatment and what interventions are needed to better\naddress the unmet and often hidden needs of a varied group of head and neck\ncancer survivors. &amp;nbsp;&lt;\/p&gt;&lt;br&gt;&lt;br&gt;\"\n            data-category=\"\"\n            data-category-ids=\"\"\n            data-span-all=\"\"\n                      >\n\n            <div class=\"event_content\">\n              <div class=\"title\">\n                                <span>Addressing the consequences of H&N cancer treatment<\/span>\n              <\/div>\n              <div class=\"span_room\"><span><\/span><\/div>\n              <div class=\"time\">\n                <span>\n                  13:00-14:30                <\/span><\/div>\n\n              <div class=\"lecturer\"><span>Mary Wells<\/span><\/div>\n            <\/div>\n\n\n            \n          <\/div>\n\n      \n          <div class=\"event \"\n            data-id=\"1030\"\n            data-project=\"project_283_2017_04_27\"\n            data-title=\"Sleep disordered breathing in children - where are we and where do we go\"\n            data-abs-nbr=\"\"\n            data-ystart=\"13\"\n            data-yend=\"14.5\"\n            data-time=\"13:00-14:30\"\n            data-room=\"3\"\n            data-room-id=\"1004\"\n            data-room-name=\"F4+F5\"\n            data-day=\"1\"\n            data-abs-path=\"\"\n            data-speaker=\"\"\n            data-speakercell=\"\"\n            data-info=\"&lt;b&gt;Moderatorer: &lt;\/b&gt;Danielle Friberg&lt;br&gt;&lt;br&gt; \n                 &lt;p&gt; &lt;\/p&gt; \n                 &lt;p&gt;Sleep disordered breathing children is very common; more than 10% are habitual snorers with restless sleep. The prevalence of the more severe Obstructive Sleep Apnea (OSA), with oxygen desaturations and sleep fragmentation, is 2-4%. To diagnose OSA, inlab full night polysomnography is recommended as golden standard. However, such investigations are resourceful, and unusual in the Nordic countries. Other more basic investigations are sometimes used, e.g. sleep apnea recordings, which could be performed ambulant at home. The benefits and pitfalls of these methods will be discussed at this symposium. Further questions are: Which child should undergo sleep investigations? How to make the society pay for them? What is the use of specific questionnaires, and what about parents taking a simple video of the child during sleep? To correctly diagnose sleep disordered breathing in children is important and difficult, but hopefully less difficult after this symposium. &lt;\/p&gt; \n                &lt;br&gt;&lt;br&gt;13.00-14.30 - 1. Introduction&lt;br&gt;&lt;small&gt;Danielle Friberg&lt;\/small&gt;&lt;br&gt;&lt;br&gt;13.00-14.30 - 2. How do we do it in Norway&lt;br&gt;&lt;small&gt;Harriet Akre&lt;\/small&gt;&lt;br&gt;&lt;br&gt;13.00-14.30 - 3. How do we do it in Finland&lt;br&gt;&lt;small&gt;Laura M\u00e4kinen&lt;\/small&gt;&lt;br&gt;&lt;br&gt;13.00-14.30 - 4. How do we do it in Sk\u00e5ne&lt;br&gt;&lt;small&gt;Anna Redmo&lt;\/small&gt;&lt;br&gt;&lt;br&gt;13.00-14.30 - 5. How do we do it in G\u00f6teborg&lt;br&gt;&lt;small&gt;Gunnhildur Gudnadottir&lt;\/small&gt;&lt;br&gt;&lt;br&gt;13.00-14.30 - 6. How do we do it in Stockholm?&lt;br&gt;&lt;small&gt;Danielle Friberg&lt;\/small&gt;&lt;br&gt;&lt;br&gt;13.00-14.30 - 7. Polysomnography versus polygraphy in children&lt;br&gt;&lt;small&gt;Paul Murphy&lt;\/small&gt;&lt;br&gt;&lt;br&gt;13.00-14.30 - 8. Discussion &amp; questions&lt;br&gt;&lt;small&gt;&lt;\/small&gt;&lt;br&gt;&lt;br&gt;\"\n            data-category=\"\"\n            data-category-ids=\"\"\n            data-span-all=\"\"\n                      >\n\n            <div class=\"event_content\">\n              <div class=\"title\">\n                                <span>Sleep disordered breathing in children - where are we and where do we go<\/span>\n              <\/div>\n              <div class=\"span_room\"><span><\/span><\/div>\n              <div class=\"time\">\n                <span>\n                  13:00-14:30                <\/span><\/div>\n\n              \n            <\/div>\n\n\n            \n          <\/div>\n\n      \n          <div class=\"event \"\n            data-id=\"1031\"\n            data-project=\"project_283_2017_04_27\"\n            data-title=\"CI - old &amp; new indications &amp; Nordic experiences\"\n            data-abs-nbr=\"\"\n            data-ystart=\"13\"\n            data-yend=\"14.5\"\n            data-time=\"13:00-14:30\"\n            data-room=\"0\"\n            data-room-id=\"-1\"\n            data-room-name=\"F2\"\n            data-day=\"1\"\n            data-abs-path=\"\"\n            data-speaker=\"\"\n            data-speakercell=\"\"\n            data-info=\"&lt;b&gt;Moderatorer: &lt;\/b&gt;Elina M\u00e4ki-Torkko&lt;br&gt;&lt;br&gt;\n                 &lt;p&gt;Hearing impairment is among the ten most common disease burdens worldwide. Thus, it is a major public health issue. The prevalence of severe to profound hearing impairment is estimated to be 0.2%-0.7% in adults. Fitting of hearing aids and other rehabilitation may not be enough to enable speech communication in individuals with severe to profound hearing impairment. This may lead to isolation, lack of autonomy, depression and anxiety.&lt;br&gt;&lt;br&gt;Cochlear implantation has become an established rehabilitation method for severe to profound hearing impairment, as it has been shown to be a safe and effective intervention. There are no strict candidacy criteria, but generally an individual with severe to profound hearing impairment who can not get enough benefit of optimally programmed conventional hearing aids is a possible candidate.&lt;\/p&gt;&lt;p&gt;&lt;br&gt;Good results, technical stability and relative few adverse events related to CI have led to expanded candidacy criteria. This means, among other things, that CI recipients today have more residual hearing than previously. In many cases it is indicated to try to preserve the residual hearing in order to provide the individual with the benefits of both acoustic and electric hearing (hybrid hearing). Bilateral implantation has become standard in pediatric populations and is increasing in adults. CI has become an option in some cases of progressive hearing impairments and asymmetrical hearing impairments. Furthermore, potential benefit of CI in cases of single-sided deafness is discussed and preliminary results have been published.&lt;\/p&gt;&lt;p&gt;&lt;br&gt;We see an increasing number of CI candidates coming from other countries and cultures, a fact that challenges our traditional hearing health care in many ways. Moreover, patients with less traditional etiologies may be candidates for CI today. This is demanding regarding audiological diagnostics. In this session the aim is to highlight the above issues and discuss both possibilities and limits from a Nordic perspective.&lt;\/p&gt;\n                &lt;br&gt;&lt;br&gt;13.00-14.30 - 1. EAS and hearing preservation surgery&lt;br&gt;&lt;small&gt;Elsa Erixon&lt;\/small&gt;&lt;br&gt;&lt;br&gt;13.00-14.30 - 2. CI in children representing minority groups&lt;br&gt;&lt;small&gt;Marie Bunne&lt;\/small&gt;&lt;br&gt;&lt;br&gt;13.00-14.30 - 3. CI in patients with vestibular schwannoma&lt;br&gt;&lt;small&gt;&lt;\/small&gt;&lt;br&gt;&lt;br&gt;13.00-14.30 - 4. Discussion &amp; questions&lt;br&gt;&lt;small&gt;&lt;\/small&gt;&lt;br&gt;&lt;br&gt;\"\n            data-category=\"\"\n            data-category-ids=\"\"\n            data-span-all=\"\"\n                      >\n\n            <div class=\"event_content\">\n              <div class=\"title\">\n                                <span>CI - old & new indications & Nordic experiences<\/span>\n              <\/div>\n              <div class=\"span_room\"><span><\/span><\/div>\n              <div class=\"time\">\n                <span>\n                  13:00-14:30                <\/span><\/div>\n\n              \n            <\/div>\n\n\n            \n          <\/div>\n\n      \n          <div class=\"event \"\n            data-id=\"1018\"\n            data-project=\"project_283_2017_04_27\"\n            data-title=\"Coffee \/ Posters \/ Exhibition\"\n            data-abs-nbr=\"\"\n            data-ystart=\"14.5\"\n            data-yend=\"15\"\n            data-time=\"14:30-15:00\"\n            data-room=\"1\"\n            data-room-id=\"1002\"\n            data-room-name=\"Exhibition area\"\n            data-day=\"1\"\n            data-abs-path=\"\"\n            data-speaker=\"\"\n            data-speakercell=\"\"\n            data-info=\"\"\n            data-category=\"\"\n            data-category-ids=\"\"\n            data-span-all=\"\"\n                      >\n\n            <div class=\"event_content\">\n              <div class=\"title\">\n                                <span>Coffee \/ Posters \/ Exhibition<\/span>\n              <\/div>\n              <div class=\"span_room\"><span><\/span><\/div>\n              <div class=\"time\">\n                <span>\n                  14:30-15:00                <\/span><\/div>\n\n              \n            <\/div>\n\n\n            \n          <\/div>\n\n      \n          <div class=\"event \"\n            data-id=\"1168\"\n            data-project=\"project_283_2017_04_27\"\n            data-title=\"Att arbeta och samarbeta effektivt i team\"\n            data-abs-nbr=\"\"\n            data-ystart=\"15\"\n            data-yend=\"15.75\"\n            data-time=\"15:00-15:45\"\n            data-room=\"7\"\n            data-room-id=\"1008\"\n            data-room-name=\"F1\"\n            data-day=\"1\"\n            data-abs-path=\"\"\n            data-speaker=\"Lena Sharp\"\n            data-speakercell=\"Lena Sharp\"\n            data-info=\"&lt;b&gt;Moderatorer: &lt;\/b&gt;Lisa Hansson Wettergren&lt;br&gt;&lt;br&gt;&lt;p&gt;H\u00e4lso- och sjukv\u00e5rden blir allt mer komplex, vilket st\u00e4ller\n\u00f6kade krav p\u00e5 v\u00e5rdkvalit\u00e9, s\u00e4kerhet, patientdelaktighet och effektivitet.\nEffektiv kommunikation och gott samarbete i de patientn\u00e4ra teamen \u00e4r en\nf\u00f6ruts\u00e4ttning f\u00f6r att lyckas uppn\u00e5 kraven men de flesta av oss har begr\u00e4nsad\neller ingen utbildning i \u00e4mnet. Bristande kommunikation inom och mellan\nyrkesgrupperna i v\u00e5rden \u00e4r ofta en bidragande faktor n\u00e4r allvarligare\navvikelser och v\u00e5rdskador intr\u00e4ffar.&lt;br&gt;&lt;br&gt;Under f\u00f6rel\u00e4sningen presenteras och diskuteras vikten av\neffektiv kommunikation inom v\u00e5rden, konsekvenser om kommunikationen brister,\nutmaningar, framg\u00e5ngsfaktorer och effektiva metoder f\u00f6r att effektivisera\nteamarbetet.&lt;\/p&gt;&lt;p&gt;&lt;br&gt;Aktuell forskning och kliniska exempel presenteras och\ndiskuteras utifr\u00e5n patientens, medarbetares och chefers perspektiv.&lt;\/p&gt;&lt;br&gt;&lt;br&gt;\"\n            data-category=\"\"\n            data-category-ids=\"\"\n            data-span-all=\"\"\n                      >\n\n            <div class=\"event_content\">\n              <div class=\"title\">\n                                <span>Att arbeta och samarbeta effektivt i team<\/span>\n              <\/div>\n              <div class=\"span_room\"><span><\/span><\/div>\n              <div class=\"time\">\n                <span>\n                  15:00-15:45                <\/span><\/div>\n\n              <div class=\"lecturer\"><span>Lena Sharp<\/span><\/div>\n            <\/div>\n\n\n            \n          <\/div>\n\n      \n          <div class=\"event \"\n            data-id=\"1032\"\n            data-project=\"project_283_2017_04_27\"\n            data-title=\"Cranio-facial trauma: collaboration &amp; future - the Nordic perspective\"\n            data-abs-nbr=\"\"\n            data-ystart=\"15\"\n            data-yend=\"16.333333333333\"\n            data-time=\"15:00-16:20\"\n            data-room=\"0\"\n            data-room-id=\"-1\"\n            data-room-name=\"F2\"\n            data-day=\"1\"\n            data-abs-path=\"\"\n            data-speaker=\"Preben Hom\u00f8; Petri Koivunen\"\n            data-speakercell=\"Preben Hom\u00f8; Petri Koivunen\"\n            data-info=\"&lt;b&gt;Moderatorer: &lt;\/b&gt;Ann Hermansson&lt;br&gt;&lt;br&gt;\n                 &lt;p&gt;Trauma is a frequent problem during on-call and most of us\nwill be involved in handling cases initially, even though most are not involved\nin the actual surgical treatment. Worldwide and also in the Nordic countries\nthere are great differences in how facial trauma is treated, both initially and\nlater on. There is also a need for close collaboration with other specialities,\nincluding dentists or maxillofacial surgeons. How to chose cases for surgical\nintervention is often discussed and different examinations are often needed\nwith close collaboration with radiologists and ophtamologists. Most trauma is minor\nand might not need surgical intervention, while some is very severe and will\ntake a lot of time and effort to handle. We will compare different strategies\nand also discuss some cases and the way to plan further handling.&lt;\/p&gt;&lt;p&gt;\n\n\n\n\n\n\n\n\n\n\n\n\n\n\n\n\n\n\nThe primary question will be how to handle cranio-facial trauma in the emergency room and how to plan for further intervention.&lt;br&gt;Which patients need surgery? Who should operate? When to operate?&lt;\/p&gt;\n                 &lt;p&gt;Cases will be discussed by the panel and the audience.&lt;\/p&gt;\n                &lt;br&gt;&lt;br&gt;\"\n            data-category=\"\"\n            data-category-ids=\"\"\n            data-span-all=\"\"\n                      >\n\n            <div class=\"event_content\">\n              <div class=\"title\">\n                                <span>Cranio-facial trauma: collaboration & future - the Nordic perspective<\/span>\n              <\/div>\n              <div class=\"span_room\"><span><\/span><\/div>\n              <div class=\"time\">\n                <span>\n                  15:00-16:20                <\/span><\/div>\n\n              <div class=\"lecturer\"><span>Preben Hom\u00f8; Petri Koivunen<\/span><\/div>\n            <\/div>\n\n\n            \n          <\/div>\n\n      \n          <div class=\"event \"\n            data-id=\"1033\"\n            data-project=\"project_283_2017_04_27\"\n            data-title=\"Increased collaboration for teaching surgical skills\"\n            data-abs-nbr=\"\"\n            data-ystart=\"15\"\n            data-yend=\"16.333333333333\"\n            data-time=\"15:00-16:20\"\n            data-room=\"2\"\n            data-room-id=\"1003\"\n            data-room-name=\"F3\"\n            data-day=\"1\"\n            data-abs-path=\"\"\n            data-speaker=\"\"\n            data-speakercell=\"\"\n            data-info=\"&lt;b&gt;Moderatorer: &lt;\/b&gt;Malin Siegbahn&lt;br&gt;&lt;br&gt;\n                 &lt;p&gt;Evidence-based surgery needs evidence-based surgical training methods. How to train our future surgeons is a topic that is widely discussed. Furthermore, there is an increasing number of minimally invasive and technically challenging procedures with more complex devices. Due to budget restrictions and restricted work hours, there is a lack of training opportunities and a deficit in surgical skills training.&lt;br&gt;&lt;br&gt;Still in 2017 scientifically validated methods are not used for surgical training, despite the fact that such methods now are published in ranked journals, also as a result of the Surgicon Project (&lt;a href=&quot;http:\/\/www.surgicon.org)&quot;&gt;www.surgicon.org)&lt;\/a&gt;. &lt;i&gt;Margareta Berg&lt;\/i&gt;, adjunct university lecturer, Lule\u00e5 Technical University, and Orthopaedic surgeon, and founder of the Surgicon Project, will give us an update on the latest information on this.&lt;\/p&gt;&lt;p&gt;&lt;br&gt;&lt;span style=&quot;font-style: italic;&quot;&gt;P\u00e4r Stj\u00e4rne&lt;\/span&gt;, professor and ENT-surgeon at Karolinska University Hospital in Stockholm &amp;nbsp;and &lt;i&gt;Christian von Buchwald&lt;\/i&gt;, professor and ENT-surgeon at Rigshospitalet, Copenhagen, will discuss the advantages of cadavre dissection, the high fidelity, only true anatomical simulator where you can practise entire operations.&lt;\/p&gt;&lt;p&gt;&lt;br&gt;Evidence is steadily accumulating for the benefits of simulation-based training in ENT. &lt;i&gt;Jacob Melchiors&lt;\/i&gt;, associate professor and ENT-surgeon, and &lt;i&gt;Steven Andersen&lt;\/i&gt;, ENT-surgeon and Postdoc, Rigshospitalet, Copenhagen, will update us on the current simulation opportunities, and their experience with implementing simulation into ENT curriculum.&lt;\/p&gt;&lt;p&gt;&lt;br&gt;Finally we will learn about the work behind, and the aims of the UEMS loggbook on ENT specialist training presented by &lt;i&gt;Pernilla Sahlstrand Johnson&lt;\/i&gt;, ENT-surgeon, PhD, Lund.&lt;\/p&gt;\n                &lt;br&gt;&lt;br&gt;15.00-16.20 - 1. Cadaver dissection&lt;br&gt;&lt;small&gt;P\u00e4r Stj\u00e4rne; Christian von Buchwald&lt;\/small&gt;&lt;br&gt;&lt;br&gt;15.00-16.20 - 2. Simulation in ENT training&lt;br&gt;&lt;small&gt;Jacob Melchiors; Steven Andersen&lt;\/small&gt;&lt;br&gt;&lt;br&gt;15.00-16.20 - 3. Clinical teaching in surgery&lt;br&gt;&lt;small&gt;Margareta Berg&lt;\/small&gt;&lt;br&gt;&lt;br&gt;15.00-16.20 - 4. UEMS update on the resident log book&lt;br&gt;&lt;small&gt;&lt;\/small&gt;&lt;br&gt;&lt;br&gt;15.00-16.20 - 5. Discussion &amp; questions&lt;br&gt;&lt;small&gt;&lt;\/small&gt;&lt;br&gt;&lt;br&gt;\"\n            data-category=\"\"\n            data-category-ids=\"\"\n            data-span-all=\"\"\n                      >\n\n            <div class=\"event_content\">\n              <div class=\"title\">\n                                <span>Increased collaboration for teaching surgical skills<\/span>\n              <\/div>\n              <div class=\"span_room\"><span><\/span><\/div>\n              <div class=\"time\">\n                <span>\n                  15:00-16:20                <\/span><\/div>\n\n              \n            <\/div>\n\n\n            \n          <\/div>\n\n      \n          <div class=\"event \"\n            data-id=\"1017\"\n            data-project=\"project_283_2017_04_27\"\n            data-title=\"Beating the H&amp;N Cancer by standardized management, centralisation and collaboration\"\n            data-abs-nbr=\"\"\n            data-ystart=\"15\"\n            data-yend=\"16.333333333333\"\n            data-time=\"15:00-16:20\"\n            data-room=\"3\"\n            data-room-id=\"1004\"\n            data-room-name=\"F4+F5\"\n            data-day=\"1\"\n            data-abs-path=\"\"\n            data-speaker=\"\"\n            data-speakercell=\"\"\n            data-info=\"&lt;b&gt;Moderatorer: &lt;\/b&gt;G\u00f6ran Laurell&lt;br&gt;&lt;br&gt;\n                 &lt;p&gt;Head and neck cancer is not one disease, but merely comprises a variety of malignant tumors in the upper aero-digestive tract, mainly squamous cell carcinoma. The influence of organizational changes may therefore not produce uniform positive effects on the outcome of this patient population. Some general characteristics of head and neck cancer in the Nordic countries can be mentioned: males are affected more than females. Oral cavity and oropharyngeal cancer account for approximately 50% of all cases. HPV-driven oropharyngeal cancer has an increasing incidence and has a relatively low recurrence rate. Also, there is a decrease in the incidence of laryngeal cancer and laryngectomies. Survival rates for most sites have improved slightly.&lt;br&gt;&lt;br&gt;Treatment of head and neck cancer is an important issue for the ENT specialty. However, treatment of head and neck cancer and follow-up of patients after treatment typically require multidisciplinary approach.&lt;\/p&gt;&lt;p&gt;&lt;br&gt;It has been recognized during the last decades that standardization of treatment and surveillance offer advantages in many ways: improved therapeutic results, easier availability to perform comparisons between various treatments, better guidelines for follow-up and easier identification of individual needs not only during the period of treatment but also during the whole illness trajectory&lt;\/p&gt;&lt;p&gt;&lt;br&gt;Centralization has the potential to offer many improvements and not least for the best interest of patients. It is obvious that centralization is a delicate question among physicians, health care providers and politicians.&lt;\/p&gt;&lt;p&gt;&lt;br&gt;During this session a number of topics will be discussed that deal with the organization of head and neck cancer management.&lt;\/p&gt;\n                &lt;br&gt;&lt;br&gt;15.00-16.20 - 1. Prevention of oropharyngeal cancer \u2013 is there a role for gender neutral HPV vaccination?&lt;br&gt;&lt;small&gt;Jon Mork&lt;\/small&gt;&lt;br&gt;&lt;br&gt;15.00-16.20 - 2. The Danish head and neck cancer fast track programme: Organization and experience in a university center&lt;br&gt;&lt;small&gt;Christian Godballe&lt;\/small&gt;&lt;br&gt;&lt;br&gt;15.00-16.20 - 3. Why Quality Registers - and Why so little Collaboration?&lt;br&gt;&lt;small&gt;Johan Wennerberg&lt;\/small&gt;&lt;br&gt;&lt;br&gt;15.00-16.20 - 4. Head and Neck cancer management in the Nordic countries - an e ort to harmonize treatment&lt;br&gt;&lt;small&gt;Antti M\u00e4kitie&lt;\/small&gt;&lt;br&gt;&lt;br&gt;15.00-16.20 - 5. Need of a multidisciplinary approach in the treatment of ear canal cancer&lt;br&gt;&lt;small&gt;PO Eriksson&lt;\/small&gt;&lt;br&gt;&lt;br&gt;15.00-16.20 - 6. Discussion&lt;br&gt;&lt;small&gt;&lt;\/small&gt;&lt;br&gt;&lt;br&gt;\"\n            data-category=\"\"\n            data-category-ids=\"\"\n            data-span-all=\"\"\n                      >\n\n            <div class=\"event_content\">\n              <div class=\"title\">\n                                <span>Beating the H&N Cancer by standardized management, centralisation and collaboration<\/span>\n              <\/div>\n              <div class=\"span_room\"><span><\/span><\/div>\n              <div class=\"time\">\n                <span>\n                  15:00-16:20                <\/span><\/div>\n\n              \n            <\/div>\n\n\n            \n          <\/div>\n\n      \n          <div class=\"event \"\n            data-id=\"1167\"\n            data-project=\"project_283_2017_04_27\"\n            data-title=\"Fr\u00e5n allergiutredning till behandling - Sjuksk\u00f6terskans roll\"\n            data-abs-nbr=\"\"\n            data-ystart=\"15.75\"\n            data-yend=\"16.5\"\n            data-time=\"15:45-16:30\"\n            data-room=\"7\"\n            data-room-id=\"1008\"\n            data-room-name=\"F1\"\n            data-day=\"1\"\n            data-abs-path=\"\"\n            data-speaker=\"Eva Hjertson; Sibel Dahl\"\n            data-speakercell=\"Eva Hjertson; Sibel Dahl\"\n            data-info=\"&lt;b&gt;Moderatorer: &lt;\/b&gt;Agneta Hagren&lt;br&gt;&lt;br&gt;&lt;p&gt;I Sverige \u00e4r cirka 25 procent av befolkningen\npollenallergiker. Immunsystemet \u00f6verreagerar n\u00e4r du uts\u00e4tts f\u00f6r proteiner som\nfinns i pollen och sporer. Den som \u00e4r allergiker \u00e4r \u00f6verk\u00e4nslig mot n\u00e5got eller\nflera \u00e4mnen som finns i v\u00e5r omgivning. De \u00e4mnena brukar kallas allergener och\n\u00e4r helt ofarliga f\u00f6r de flesta, men f\u00f6r andra orsakar allergiska besv\u00e4r.&lt;br&gt;&lt;br&gt;P\u00e5 \u00d6ron-n\u00e4sa-hals mottagningen i Lund s\u00e5 arbetar sjuksk\u00f6terska\noch l\u00e4kare i n\u00e4ra teamsamarbete d\u00e4r sjuksk\u00f6terskan har en stor och viktig del i\nb\u00e5de allergiutredning och behandling som vi kommer att ber\u00e4tta mer om p\u00e5\nf\u00f6rel\u00e4sningen.&lt;\/p&gt;&lt;br&gt;&lt;br&gt;\"\n            data-category=\"\"\n            data-category-ids=\"\"\n            data-span-all=\"\"\n                      >\n\n            <div class=\"event_content\">\n              <div class=\"title\">\n                                <span>Fr\u00e5n allergiutredning till behandling - Sjuksk\u00f6terskans roll<\/span>\n              <\/div>\n              <div class=\"span_room\"><span><\/span><\/div>\n              <div class=\"time\">\n                <span>\n                  15:45-16:30                <\/span><\/div>\n\n              <div class=\"lecturer\"><span>Eva Hjertson; Sibel Dahl<\/span><\/div>\n            <\/div>\n\n\n            \n          <\/div>\n\n      \n          <div class=\"event \"\n            data-id=\"1057\"\n            data-project=\"project_283_2017_04_27\"\n            data-title=\"SFOHH meeting\"\n            data-abs-nbr=\"\"\n            data-ystart=\"16.5\"\n            data-yend=\"18\"\n            data-time=\"16:30-18:00\"\n            data-room=\"3\"\n            data-room-id=\"1004\"\n            data-room-name=\"F4+F5\"\n            data-day=\"1\"\n            data-abs-path=\"\"\n            data-speaker=\"\"\n            data-speakercell=\"\"\n            data-info=\"\"\n            data-category=\"\"\n            data-category-ids=\"\"\n            data-span-all=\"\"\n                      >\n\n            <div class=\"event_content\">\n              <div class=\"title\">\n                                <span>SFOHH meeting<\/span>\n              <\/div>\n              <div class=\"span_room\"><span><\/span><\/div>\n              <div class=\"time\">\n                <span>\n                  16:30-18:00                <\/span><\/div>\n\n              \n            <\/div>\n\n\n            \n          <\/div>\n\n      \n          <div class=\"event \"\n            data-id=\"1060\"\n            data-project=\"project_283_2017_04_27\"\n            data-title=\"&quot;A Night at the Garden&quot;\"\n            data-abs-nbr=\"\"\n            data-ystart=\"19\"\n            data-yend=\"23\"\n            data-time=\"19:00-23:00\"\n            data-room=\"5\"\n            data-room-id=\"1005\"\n            data-room-name=\"Tr\u00e4dg\u00e5r\u00b4n\"\n            data-day=\"1\"\n            data-abs-path=\"\"\n            data-speaker=\"\"\n            data-speakercell=\"\"\n            data-info=\" \n                 &lt;div&gt; \n                  &lt;span style=&quot;font-weight: bold;&quot;&gt;Location:&lt;\/span&gt;&amp;nbsp;Restaurant Tr\u00e4dg\u00e5r\u2019n \n                 &lt;\/div&gt; \n                 &lt;div&gt; \n                  &lt;span style=&quot;font-weight: bold;&quot;&gt;Street address:&amp;nbsp;&lt;\/span&gt;Nya All\u00e9n 11 (20 minutes walk from the venue)&amp;nbsp; \n                 &lt;\/div&gt; \n                 &lt;div&gt; \n                  &lt;span style=&quot;font-weight: bold;&quot;&gt;Dresscode:&lt;\/span&gt;&amp;nbsp;Informal \n                  &lt;br&gt; \n                  &lt;br&gt; \n                  &lt;span style=&quot;font-style: italic;&quot;&gt;Pre-registration is mandatory, and made when register to the congress&lt;\/span&gt; \n                 &lt;\/div&gt; \n                &lt;br&gt;&lt;br&gt;\"\n            data-category=\"\"\n            data-category-ids=\"\"\n            data-span-all=\"\"\n                      >\n\n            <div class=\"event_content\">\n              <div class=\"title\">\n                                <span>\"A Night at the Garden\"<\/span>\n              <\/div>\n              <div class=\"span_room\"><span><\/span><\/div>\n              <div class=\"time\">\n                <span>\n                  19:00-23:00                <\/span><\/div>\n\n              \n            <\/div>\n\n\n            \n          <\/div>\n\n      \n          <div class=\"event \"\n            data-id=\"1028\"\n            data-project=\"project_283_2017_04_27\"\n            data-title=\"Early morning run\"\n            data-abs-nbr=\"\"\n            data-ystart=\"6.5\"\n            data-yend=\"7.25\"\n            data-time=\"06:30-07:15\"\n            data-room=\"4\"\n            data-room-id=\"1006\"\n            data-room-name=\" Not specified\"\n            data-day=\"2\"\n            data-abs-path=\"\"\n            data-speaker=\"\"\n            data-speakercell=\"\"\n            data-info=\" \n                 &lt;p&gt;All early runners, and those who prefer a morning workout focus on strength and balance, will gather outside the mainentrance of Hotel Gothia Towers. Together we will run the short distance (1km) to Heden, which is an outdoor area in the centre of Gothenburg dedicated for physical activity. One group will have physical workout focus on strength and balance and the other group have a distance run through some of the parks and green spaces of Gothenburg. We will all be back at the hotel at 7.10-7.15am. All participants will receive a nice T-shirt.&lt;br&gt;&lt;br&gt;These events are sponsored by V\u00e4stra G\u00f6talandsregionens Friskv\u00e5rdsprojekt&lt;br&gt;&lt;\/p&gt; \n                &lt;br&gt;&lt;br&gt;\"\n            data-category=\"\"\n            data-category-ids=\"\"\n            data-span-all=\"\"\n                      >\n\n            <div class=\"event_content\">\n              <div class=\"title\">\n                                <span>Early morning run<\/span>\n              <\/div>\n              <div class=\"span_room\"><span><\/span><\/div>\n              <div class=\"time\">\n                <span>\n                  06:30-07:15                <\/span><\/div>\n\n              \n            <\/div>\n\n\n            \n          <\/div>\n\n      \n          <div class=\"event \"\n            data-id=\"1061\"\n            data-project=\"project_283_2017_04_27\"\n            data-title=\"Key Note Lecture\"\n            data-abs-nbr=\"\"\n            data-ystart=\"8\"\n            data-yend=\"8.6666666666667\"\n            data-time=\"08:00-08:40\"\n            data-room=\"3\"\n            data-room-id=\"1004\"\n            data-room-name=\"F4+F5\"\n            data-day=\"2\"\n            data-abs-path=\"\"\n            data-speaker=\"Christian von Buchwald\"\n            data-speakercell=\"Christian von Buchwald\"\n            data-info=\"&lt;b&gt;Moderatorer: &lt;\/b&gt;Henrik Bergquist&lt;br&gt;&lt;br&gt; \n                 &lt;p&gt;\u201dChronic rhinosinisitis and the united airways concept\u201d&lt;br&gt;&lt;\/p&gt; \n                &lt;br&gt;&lt;br&gt;\"\n            data-category=\"\"\n            data-category-ids=\"\"\n            data-span-all=\"\"\n                      >\n\n            <div class=\"event_content\">\n              <div class=\"title\">\n                                <span>Key Note Lecture<\/span>\n              <\/div>\n              <div class=\"span_room\"><span><\/span><\/div>\n              <div class=\"time\">\n                <span>\n                  08:00-08:40                <\/span><\/div>\n\n              <div class=\"lecturer\"><span>Christian von Buchwald<\/span><\/div>\n            <\/div>\n\n\n            \n          <\/div>\n\n      \n          <div class=\"event \"\n            data-id=\"1062\"\n            data-project=\"project_283_2017_04_27\"\n            data-title=\"Key Note Lecture\"\n            data-abs-nbr=\"\"\n            data-ystart=\"8.6666666666667\"\n            data-yend=\"9\"\n            data-time=\"08:40-09:00\"\n            data-room=\"3\"\n            data-room-id=\"1004\"\n            data-room-name=\"F4+F5\"\n            data-day=\"2\"\n            data-abs-path=\"\"\n            data-speaker=\"Arvid Carlsson\"\n            data-speakercell=\"Arvid Carlsson\"\n            data-info=\"&lt;b&gt;Moderatorer: &lt;\/b&gt;Johan Hellgren&lt;br&gt;&lt;br&gt; \n                 &lt;p&gt;\u201dWhat makes a Nobel laureate?\u201d&lt;br&gt;&lt;\/p&gt; \n                &lt;br&gt;&lt;br&gt;\"\n            data-category=\"\"\n            data-category-ids=\"\"\n            data-span-all=\"\"\n                      >\n\n            <div class=\"event_content\">\n              <div class=\"title\">\n                                <span>Key Note Lecture<\/span>\n              <\/div>\n              <div class=\"span_room\"><span><\/span><\/div>\n              <div class=\"time\">\n                <span>\n                  08:40-09:00                <\/span><\/div>\n\n              <div class=\"lecturer\"><span>Arvid Carlsson<\/span><\/div>\n            <\/div>\n\n\n            \n          <\/div>\n\n      \n          <div class=\"event \"\n            data-id=\"1160\"\n            data-project=\"project_283_2017_04_27\"\n            data-title=\"Nutrition - en viktig del i rehabilitering av patienter med huvud- och halscancer\"\n            data-abs-nbr=\"\"\n            data-ystart=\"9.0833333333333\"\n            data-yend=\"10.5\"\n            data-time=\"09:05-10:30\"\n            data-room=\"7\"\n            data-room-id=\"1008\"\n            data-room-name=\"F1\"\n            data-day=\"2\"\n            data-abs-path=\"\"\n            data-speaker=\"Ylva Tiblom Ehrsson; Ewa Silander\"\n            data-speakercell=\"Ylva Tiblom Ehrsson; Ewa Silander\"\n            data-info=\"&lt;b&gt;Moderatorer: &lt;\/b&gt;Louise Hafsten&lt;br&gt;&lt;br&gt;&lt;p&gt;Huvud-\noch halscancer \u00e4r ett samlingsbegrepp f\u00f6r extrakraniella maligna tum\u00f6rer i\n\u00f6ron-, n\u00e4s- och halsregionen. Radioterapi och\/eller kirurgi \u00e4r den vanligaste\nbehandlingen. Tum\u00f6rernas lokalisation samt behandling p\u00e5verkar m\u00e5nga vitala\nfunktioner s\u00e5som f\u00f6rm\u00e5gan att tala, andas, tugga och sv\u00e4lja vilket p\u00e5 olika\nsett kan p\u00e5verka patienten. Ett f\u00f6rs\u00e4mrat nutritionstillst\u00e5nd \u00e4r ett av de vanligaste\nproblemen f\u00f6r patienter med huvud- och halscancer. Det\nfinns d\u00e4rf\u00f6r ett stort behov av att utveckla kunskapen om nutritionens\nbetydelse och f\u00f6rst\u00e5elsen f\u00f6r hur nutritionsproblem inverkar p\u00e5 patientens\nvardag och v\u00e4lbefinnande, b\u00e5de fysiskt och psykiskt f\u00f6re, under och efter\navslutad behandling. Majoriteten av patienterna \u00e4r i behov av nutritionsst\u00f6d i\nform av kostr\u00e5d, kosttill\u00e4gg eller enteral nutrition. Det \u00e4r d\u00e4rf\u00f6r av st\u00f6rsta\nvikt att \u00f6ka kunskapen hur vi i sjukv\u00e5rden b\u00e4st kan st\u00f6dja och hj\u00e4lpa patienten\ngenom att ge en adekvat nutritionsbehandling.&lt;br&gt;&lt;br&gt;V\u00e5r\npresentation kommer handla om nutritionens betydelse och behovet av\nnutritionsbehandling utifr\u00e5n v\u00e5ra egna och \u00e4ven andras forskningsresultat.&lt;\/p&gt;&lt;br&gt;&lt;br&gt;\"\n            data-category=\"\"\n            data-category-ids=\"\"\n            data-span-all=\"\"\n                      >\n\n            <div class=\"event_content\">\n              <div class=\"title\">\n                                <span>Nutrition - en viktig del i rehabilitering av patienter med huvud- och halscancer<\/span>\n              <\/div>\n              <div class=\"span_room\"><span><\/span><\/div>\n              <div class=\"time\">\n                <span>\n                  09:05-10:30                <\/span><\/div>\n\n              <div class=\"lecturer\"><span>Ylva Tiblom Ehrsson; Ewa Silander<\/span><\/div>\n            <\/div>\n\n\n            \n          <\/div>\n\n      \n          <div class=\"event \"\n            data-id=\"1094\"\n            data-project=\"project_283_2017_04_27\"\n            data-title=\"Balloons in ENT: do they really do the job? Sinuses, salivary glands, tuba Eustachii, trachea and more! \"\n            data-abs-nbr=\"\"\n            data-ystart=\"9.0833333333333\"\n            data-yend=\"10.5\"\n            data-time=\"09:05-10:30\"\n            data-room=\"0\"\n            data-room-id=\"-1\"\n            data-room-name=\"F2\"\n            data-day=\"2\"\n            data-abs-path=\"\"\n            data-speaker=\"Eva Westman\"\n            data-speakercell=\"Eva Westman\"\n            data-info=\"\n                 &lt;p&gt; &lt;\/p&gt;\n                 &lt;p&gt;The use of balloon dilation in the treatment of narrow ducts and strictures has increased in a variety of medical areas. In ENT, new possibilities are presented with this technique, both for the rare condition and the more common otorhinological diseases. The evidence varies and several studies are undertaken. The main advantage with the procedure is that there usually is not required any removal of tissue or bone and it is less time consuming compared with more invasive techniques. One question is whether the results are comparable to the conservative treatment options, also in the long term. During the session current knowledge about balloon sinuplasty, balloon dilation of salivary ducts and tracheal strictures will be presented. Also, the current consensus from a recent Nordic meeting on balloon dilation of the Eustachian tube. At the end of the lectures there will be time for a discussion with the auditorium.&lt;\/p&gt;\n                &lt;br&gt;&lt;br&gt;09.05-10.30 - 1. Introduction&lt;br&gt;&lt;small&gt;Eva Westman&lt;\/small&gt;&lt;br&gt;&lt;br&gt;09.05-10.30 - 2. Current evidence for balloon sinoplasty and future research&lt;br&gt;&lt;small&gt;Anni Koskinen&lt;\/small&gt;&lt;br&gt;&lt;br&gt;09.05-10.30 - 3. Current Nordic consensus for balloon dilation of the Eustachian tube&lt;br&gt;&lt;small&gt;Juha Silvola&lt;\/small&gt;&lt;br&gt;&lt;br&gt;09.05-10.30 - 4. Balloon dilation of salivary duct strictures&lt;br&gt;&lt;small&gt;Gert Henriksson&lt;\/small&gt;&lt;br&gt;&lt;br&gt;09.05-10.30 - 5. Treatment of tracheal and bronchial stenosis&lt;br&gt;&lt;small&gt;Roland Rydell&lt;\/small&gt;&lt;br&gt;&lt;br&gt;09.05-10.30 - 6. Discussion &amp; questions&lt;br&gt;&lt;small&gt;&lt;\/small&gt;&lt;br&gt;&lt;br&gt;\"\n            data-category=\"\"\n            data-category-ids=\"\"\n            data-span-all=\"\"\n                      >\n\n            <div class=\"event_content\">\n              <div class=\"title\">\n                                <span>Balloons in ENT: do they really do the job? Sinuses, salivary glands, tuba Eustachii, trachea and more! <\/span>\n              <\/div>\n              <div class=\"span_room\"><span><\/span><\/div>\n              <div class=\"time\">\n                <span>\n                  09:05-10:30                <\/span><\/div>\n\n              <div class=\"lecturer\"><span>Eva Westman<\/span><\/div>\n            <\/div>\n\n\n            \n          <\/div>\n\n      \n          <div class=\"event \"\n            data-id=\"1074\"\n            data-project=\"project_283_2017_04_27\"\n            data-title=\"Implantable hearing aids in the Nordic countries\"\n            data-abs-nbr=\"\"\n            data-ystart=\"9.0833333333333\"\n            data-yend=\"10.5\"\n            data-time=\"09:05-10:30\"\n            data-room=\"2\"\n            data-room-id=\"1003\"\n            data-room-name=\"F3\"\n            data-day=\"2\"\n            data-abs-path=\"\"\n            data-speaker=\"\"\n            data-speakercell=\"\"\n            data-info=\"&lt;b&gt;Moderatorer: &lt;\/b&gt;Malou Hultcrantz&lt;br&gt;&lt;br&gt;\n                 &lt;p&gt; &lt;\/p&gt;\n                 &lt;p&gt;Aim of the session is to give an overview of when to use implantable hearing aids and how to do it. There will also be information about how implantations are performed and which type of implantable hearing aids is preferred in the different Nordic countries due to availability and health care systems. The different bone anchored implants will be discussed as well as middle ear implants. Some tips and tricks will be given in the summary.&lt;\/p&gt;\n                &lt;br&gt;&lt;br&gt;09.05-10.30 - 1. Introduction and guidelines and implants in Sweden &lt;br&gt;&lt;small&gt;Malou Hultcrantz&lt;\/small&gt;&lt;br&gt;&lt;br&gt;09.05-10.30 - 2. Guidelines and implants in Denmark&lt;br&gt;&lt;small&gt;Jens H\u00f8jberg Wanscher&lt;\/small&gt;&lt;br&gt;&lt;br&gt;09.05-10.30 - 3. Guidelines and implants in Norway&lt;br&gt;&lt;small&gt;Marie Bunne&lt;\/small&gt;&lt;br&gt;&lt;br&gt;09.05-10.30 - 4. BCI&lt;br&gt;&lt;small&gt;M\u00e5ns Eeg-Olofsson&lt;\/small&gt;&lt;br&gt;&lt;br&gt;09.05-10.30 - 5. Middle ear implantable devices&lt;br&gt;&lt;small&gt;Lennart Edfeldt&lt;\/small&gt;&lt;br&gt;&lt;br&gt;09.05-10.30 - 6. Summarizing, discussion &amp; questions&lt;br&gt;&lt;small&gt;&lt;\/small&gt;&lt;br&gt;&lt;br&gt;\"\n            data-category=\"\"\n            data-category-ids=\"\"\n            data-span-all=\"\"\n                      >\n\n            <div class=\"event_content\">\n              <div class=\"title\">\n                                <span>Implantable hearing aids in the Nordic countries<\/span>\n              <\/div>\n              <div class=\"span_room\"><span><\/span><\/div>\n              <div class=\"time\">\n                <span>\n                  09:05-10:30                <\/span><\/div>\n\n              \n            <\/div>\n\n\n            \n          <\/div>\n\n      \n          <div class=\"event \"\n            data-id=\"1063\"\n            data-project=\"project_283_2017_04_27\"\n            data-title=\"Quality registers in the Nordic countries - improving our results by continuous measurement and follow-up\"\n            data-abs-nbr=\"\"\n            data-ystart=\"9.0833333333333\"\n            data-yend=\"10.5\"\n            data-time=\"09:05-10:30\"\n            data-room=\"3\"\n            data-room-id=\"1004\"\n            data-room-name=\"F4+F5\"\n            data-day=\"2\"\n            data-abs-path=\"\"\n            data-speaker=\"\"\n            data-speakercell=\"\"\n            data-info=\"&lt;b&gt;Moderatorer: &lt;\/b&gt;Ola Sunnergren&lt;br&gt;&lt;br&gt; \n                 &lt;p&gt;Quality registers can give outcome measurement from clinical work and can be a tool for describing the clinical activities. In the Nordic countries there is a long tradition of well developed registries with high coverage. In these countries conditions are exemplary for registers, and several of the largest health registries in the world are situated in the Nordic countries. In research, more papers from registries are published from the Nordics compared to any other countries, contributing to new knowledge.&lt;br&gt;&lt;br&gt;In this session the general potential of quality registers for comparison between units, for health care improvement as well as for research will be presented and discussed. Concrete examples of the contribution of specific quality registers to quality improvement will be given from The quality register for Vestibular Schwannomas (DK), The quality register for Basal Hearing rehabilitation (SWE) and from the Tonsil Surgery register (SWE) as well as the newly started Nordic Tonsillar Surgery Register.&lt;\/p&gt; \n                &lt;br&gt;&lt;br&gt;09.05-10.30 - 1. Introduction: Quality registers and quality improvement&lt;br&gt;&lt;small&gt;Ola Sunnergren&lt;\/small&gt;&lt;br&gt;&lt;br&gt;09.05-10.30 - 2. Quality registers and research&lt;br&gt;&lt;small&gt;Johan Wennerberg&lt;\/small&gt;&lt;br&gt;&lt;br&gt;09.05-10.30 - 3. Swedish hearing rehabilitation register&lt;br&gt;&lt;small&gt;Peter Nordquist&lt;\/small&gt;&lt;br&gt;&lt;br&gt;09.05-10.30 - 4. Danish register on vestibular schwannoma&lt;br&gt;&lt;small&gt;Per Cay\u00e9-Thomasen&lt;\/small&gt;&lt;br&gt;&lt;br&gt;09.05-10.30 - 5. \u201cWhat good neighbourhood can lead to\u201d - Norwegian and Nordic Tonsil surgery registers&lt;br&gt;&lt;small&gt;Mette Bratt&lt;\/small&gt;&lt;br&gt;&lt;br&gt;09.05-10.30 - 6. National guidelines for pain treatment in children after tonsil surgery - systematic improvement efforts and the implementation process &lt;br&gt;&lt;small&gt;Elisabeth Ericsson&lt;\/small&gt;&lt;br&gt;&lt;br&gt;09.05-10.30 - 7. Discussion &amp; questions&lt;br&gt;&lt;small&gt;&lt;\/small&gt;&lt;br&gt;&lt;br&gt;\"\n            data-category=\"\"\n            data-category-ids=\"\"\n            data-span-all=\"\"\n                      >\n\n            <div class=\"event_content\">\n              <div class=\"title\">\n                                <span>Quality registers in the Nordic countries - improving our results by continuous measurement and follow-up<\/span>\n              <\/div>\n              <div class=\"span_room\"><span><\/span><\/div>\n              <div class=\"time\">\n                <span>\n                  09:05-10:30                <\/span><\/div>\n\n              \n            <\/div>\n\n\n            \n          <\/div>\n\n      \n          <div class=\"event \"\n            data-id=\"1034\"\n            data-project=\"project_283_2017_04_27\"\n            data-title=\"Coffee \/ Posters \/ Exhibition\"\n            data-abs-nbr=\"\"\n            data-ystart=\"10.5\"\n            data-yend=\"11\"\n            data-time=\"10:30-11:00\"\n            data-room=\"1\"\n            data-room-id=\"1002\"\n            data-room-name=\"Exhibition area\"\n            data-day=\"2\"\n            data-abs-path=\"\"\n            data-speaker=\"\"\n            data-speakercell=\"\"\n            data-info=\"\"\n            data-category=\"\"\n            data-category-ids=\"\"\n            data-span-all=\"\"\n                      >\n\n            <div class=\"event_content\">\n              <div class=\"title\">\n                                <span>Coffee \/ Posters \/ Exhibition<\/span>\n              <\/div>\n              <div class=\"span_room\"><span><\/span><\/div>\n              <div class=\"time\">\n                <span>\n                  10:30-11:00                <\/span><\/div>\n\n              \n            <\/div>\n\n\n            \n          <\/div>\n\n      \n          <div class=\"event \"\n            data-id=\"1101\"\n            data-project=\"project_283_2017_04_27\"\n            data-title=\"Multidisciplinary collaboration: the key to better care. Cases and examples from different areas of ORL\"\n            data-abs-nbr=\"\"\n            data-ystart=\"11\"\n            data-yend=\"12.5\"\n            data-time=\"11:00-12:30\"\n            data-room=\"0\"\n            data-room-id=\"-1\"\n            data-room-name=\"F2\"\n            data-day=\"2\"\n            data-abs-path=\"\"\n            data-speaker=\"\"\n            data-speakercell=\"\"\n            data-info=\"&lt;b&gt;Moderatorer: &lt;\/b&gt;Pernilla Sahlstrand Johnson&lt;br&gt;&lt;br&gt; \n                 &lt;p&gt;To always have the patients in focus needs a collaborative team around them - all experts in their own medical specialty. Networks have to be built up in order to try to give the best available care. In this session the advantages of co-working in multi-disciplinary teams are discussed and different reconstruction techniques of the face are presented.&lt;br&gt;&lt;br&gt;In addition a multi-injured person will tell us about his medical history and his way through the medical system in Sweden, from injury until today. All specialties working around this person will be described, but effort will be put on the facial, head and ear injuries and discussed from plastic surgical and oto surgical points of view.&amp;nbsp;&lt;\/p&gt; \n                &lt;br&gt;&lt;br&gt;11.00-12.30 - 1. Introduction&lt;br&gt;&lt;small&gt;Pernilla Sahlstrand Johnson; Malou Hultcrantz&lt;\/small&gt;&lt;br&gt;&lt;br&gt;11.00-12.30 - 2. Trauma and rehabilitation&lt;br&gt;&lt;small&gt;Carl &lt;\/small&gt;&lt;br&gt;&lt;br&gt;11.00-12.30 - 3. Plastic surgery reconstructions of the face, upper thorax and eye&lt;br&gt;&lt;small&gt;Viveca Bj\u00f6rnhagen&lt;\/small&gt;&lt;br&gt;&lt;br&gt;11.00-12.30 - 4. Reconstruction of the ear canal and rehabilitation of hearing&lt;br&gt;&lt;small&gt;Malou Hultcrantz&lt;\/small&gt;&lt;br&gt;&lt;br&gt;11.00-12.30 - 5. Assessement of patients with nasal deformity &amp; nasal reconstruction in children and adult&lt;br&gt;&lt;small&gt;Pernilla Sahlstrand Johnson; Magnus Becker&lt;\/small&gt;&lt;br&gt;&lt;br&gt;11.00-12.30 - 6. Discussion &amp; questions&lt;br&gt;&lt;small&gt;&lt;\/small&gt;&lt;br&gt;&lt;br&gt;\"\n            data-category=\"\"\n            data-category-ids=\"\"\n            data-span-all=\"\"\n                      >\n\n            <div class=\"event_content\">\n              <div class=\"title\">\n                                <span>Multidisciplinary collaboration: the key to better care. Cases and examples from different areas of ORL<\/span>\n              <\/div>\n              <div class=\"span_room\"><span><\/span><\/div>\n              <div class=\"time\">\n                <span>\n                  11:00-12:30                <\/span><\/div>\n\n              \n            <\/div>\n\n\n            \n          <\/div>\n\n      \n          <div class=\"event \"\n            data-id=\"1064\"\n            data-project=\"project_283_2017_04_27\"\n            data-title=\"Seeing the whole patient in H&amp;N cancer management - how to avoid and take care of treatment side effects\"\n            data-abs-nbr=\"\"\n            data-ystart=\"11\"\n            data-yend=\"12.5\"\n            data-time=\"11:00-12:30\"\n            data-room=\"3\"\n            data-room-id=\"1004\"\n            data-room-name=\"F4+F5\"\n            data-day=\"2\"\n            data-abs-path=\"\"\n            data-speaker=\"\"\n            data-speakercell=\"\"\n            data-info=\"&lt;b&gt;Moderatorer: &lt;\/b&gt;G\u00f6ran Laurell&lt;br&gt;&lt;br&gt; \n                 &lt;p&gt;Head and neck cancer is a heterogeneous group of tumors that affects more than 500&amp;nbsp;000 patients per year worldwide. The number of deaths is estimated to 380&amp;nbsp;000 annually. Surgery and radiotherapy are the cornerstones of treatment, either as single or combined modality treatment. After surgery for localized cancer side effects are often temporary and minor. For more advanced cancers surgery may be more invasive. Side-effects after radiotherapy, more advanced surgery or combined modality treatment may be severe. The cancer disease and treatment may affect a number of functions such as swallowing, chewing, talking and breathing. Side effects vary from person to person. Side effects can be divided into different types: Acute side effects during treatment, side effects after treatment and side effects developing long time after termination of treatment. &lt;\/p&gt; \n                 &lt;p&gt;Advances in treatment (surgery, radiotherapy and pharmacological management) do not necessarily lead to less treatment-related morbidity. Intensity-modulated radiotherapy (IMRT) and volumetric modulated arc therapy (VMAT) have been adopted as primary treatment modality and there are several reports in the literature on reduction of radiation-induced side effects. &lt;\/p&gt; \n                 &lt;p&gt;Rehabilitation can be seen as a helping system that has the goal to take care of side effects and improve the situation for the patient. The rehabilitation needs of head and neck cancer patients involve at least four domains: physical functioning, psychological, social and existential.&lt;\/p&gt; \n                 &lt;p&gt;As there is a growing number of long-term cancer survivors new models of care and follow-up are needed to meet the demands of the patients.&lt;\/p&gt; \n                 &lt;p&gt; This session aims to promote understanding in how we can better avoid and take care of treatment side-effects. Patient involvement in health care will also be discussed.&amp;nbsp; &amp;nbsp;&amp;nbsp;&lt;br&gt;&lt;\/p&gt; \n                &lt;br&gt;&lt;br&gt;11.00-12.30 - 1. Introduction&lt;br&gt;&lt;small&gt;G\u00f6ran Laurell&lt;\/small&gt;&lt;br&gt;&lt;br&gt;11.00-12.30 - 2. How can modern radiotherapy reduce side-effects?&lt;br&gt;&lt;small&gt;Johan Reizenstein&lt;\/small&gt;&lt;br&gt;&lt;br&gt;11.00-12.30 - 3. Take care of treatment side effects&lt;br&gt;&lt;small&gt;Staffan Moren; Helena L\u00f6fhede&lt;\/small&gt;&lt;br&gt;&lt;br&gt;11.00-12.30 - 4. Quality of life for oropharyngeal cancer survivors compared to QoL of the Swedish population in general. How can we use the results to improve health care&lt;br&gt;&lt;small&gt;Eva Hammerlid; Ali Adnan&lt;\/small&gt;&lt;br&gt;&lt;br&gt;11.00-12.30 - 5. How to increase patient involvement in clinical trials&lt;br&gt;&lt;small&gt;J\u00f6rgen Lund\u00e4lv&lt;\/small&gt;&lt;br&gt;&lt;br&gt;11.00-12.30 - 6. Discussion&lt;br&gt;&lt;small&gt;&lt;\/small&gt;&lt;br&gt;&lt;br&gt;\"\n            data-category=\"\"\n            data-category-ids=\"\"\n            data-span-all=\"\"\n                      >\n\n            <div class=\"event_content\">\n              <div class=\"title\">\n                                <span>Seeing the whole patient in H&N cancer management - how to avoid and take care of treatment side effects<\/span>\n              <\/div>\n              <div class=\"span_room\"><span><\/span><\/div>\n              <div class=\"time\">\n                <span>\n                  11:00-12:30                <\/span><\/div>\n\n              \n            <\/div>\n\n\n            \n          <\/div>\n\n      \n          <div class=\"event \"\n            data-id=\"1161\"\n            data-project=\"project_283_2017_04_27\"\n            data-title=\"Betydelsen av K\u00e4nsla av sammanhang i omv\u00e5rdnaden \"\n            data-abs-nbr=\"\"\n            data-ystart=\"11\"\n            data-yend=\"11.75\"\n            data-time=\"11:00-11:45\"\n            data-room=\"7\"\n            data-room-id=\"1008\"\n            data-room-name=\"F1\"\n            data-day=\"2\"\n            data-abs-path=\"\"\n            data-speaker=\"Ann Langius-Ekl\u00f6f\"\n            data-speakercell=\"Ann Langius-Ekl\u00f6f\"\n            data-info=\"&lt;b&gt;Moderatorer: &lt;\/b&gt;Anna-Maria Svensson&lt;br&gt;&lt;br&gt;&lt;p&gt;\n\n\n\n\n\n\n\n\n\n\n\n\n\n\n\n\n\n\n&lt;\/p&gt;&lt;p&gt;Det finns sedan l\u00e4nge omfattande kunskap om vad som orsakar\nsjukdom och oh\u00e4lsa. D\u00e4remot finns v\u00e4ldigt lite kunskap om vad som g\u00f6r att vissa\npersoner kan hantera livets sv\u00e5righeter och fungera utan att duka under och\nbeh\u00e5lla h\u00e4lsa och v\u00e4lbefinnande. Ett begrepp som kan vara som&amp;nbsp;hj\u00e4lp f\u00f6r att f\u00f6rst\u00e5 detta&amp;nbsp;\u00e4r K\u00e4nsla av sammanhang (KASAM). En\nindivids KASAM \u00e4r individens \u00f6vergripande f\u00f6rh\u00e5llningss\u00e4tt till sitt liv\nutifr\u00e5n hur begripligt, hanterbart och meningsfullt det ter sig. Forskning\nvisar att patienter med h\u00f6gre grad av KASAM har b\u00e4ttre livskvalitet och\nv\u00e4lbefinnande, anpassar sig b\u00e4ttre till ett sjukdomstillst\u00e5nd och har b\u00e4ttre\nprognos. En utmaning i v\u00e5rden \u00e4r att ge en omv\u00e5rdnad som utg\u00e5r fr\u00e5n varje\npatients egna behov och egen f\u00f6rm\u00e5ga att hantera sin sjukdomssituation. Det\nminsta man kan g\u00f6ra som sjuksk\u00f6terska \u00e4r att situationen f\u00f6r patienten blir s\u00e5\nbegriplig, hanterbar och meningsfull som m\u00f6jligt.&lt;b&gt;&lt;\/b&gt;&lt;\/p&gt;&lt;br&gt;&lt;br&gt;\"\n            data-category=\"\"\n            data-category-ids=\"\"\n            data-span-all=\"\"\n                      >\n\n            <div class=\"event_content\">\n              <div class=\"title\">\n                                <span>Betydelsen av K\u00e4nsla av sammanhang i omv\u00e5rdnaden <\/span>\n              <\/div>\n              <div class=\"span_room\"><span><\/span><\/div>\n              <div class=\"time\">\n                <span>\n                  11:00-11:45                <\/span><\/div>\n\n              <div class=\"lecturer\"><span>Ann Langius-Ekl\u00f6f<\/span><\/div>\n            <\/div>\n\n\n            \n          <\/div>\n\n      \n          <div class=\"event \"\n            data-id=\"1081\"\n            data-project=\"project_283_2017_04_27\"\n            data-title=\"Ensuring quality in ENT Residency Education Program - a Nordic comparison\"\n            data-abs-nbr=\"\"\n            data-ystart=\"11\"\n            data-yend=\"12.5\"\n            data-time=\"11:00-12:30\"\n            data-room=\"2\"\n            data-room-id=\"1003\"\n            data-room-name=\"F3\"\n            data-day=\"2\"\n            data-abs-path=\"\"\n            data-speaker=\"\"\n            data-speakercell=\"\"\n            data-info=\"&lt;b&gt;Moderatorer: &lt;\/b&gt;Karolina Bende&lt;br&gt;&lt;br&gt;&lt;p&gt;\n\n\n\n\n\n\n\n\n\n\n\n\n\n\n\n\n\n\n&lt;\/p&gt;&lt;p&gt;The program for\nspecialization in ENT is quite similar in the Nordic countries based on goals\nto achieve, but the organization of the education differs between the countries.\nThe main thing is that the residents acquire adequate education within the\nspecialty. But how do we make sure that the goals are fulfilled? A quality\nassessment may be the answer. The aim of this symposium is to compare how the\nquality of the education is ensured in the different Nordic countries.&lt;\/p&gt;&lt;br&gt;&lt;br&gt;11.00-12.30 - 1. How we do it in Norway&lt;br&gt;&lt;small&gt;Sverre Karmhus Streinsv\u00e5g&lt;\/small&gt;&lt;br&gt;&lt;br&gt;11.00-12.30 - 2. How we do it in Finland&lt;br&gt;&lt;small&gt;Heikki L\u00f6pp\u00f6nen&lt;\/small&gt;&lt;br&gt;&lt;br&gt;11.00-12.30 - 3. How we do it in Denmark&lt;br&gt;&lt;small&gt;Per Cay\u00e9-Thomasen&lt;\/small&gt;&lt;br&gt;&lt;br&gt;11.00-12.30 - 4. How we do it in Sweden&lt;br&gt;&lt;small&gt;Mats Holmstr\u00f6m&lt;\/small&gt;&lt;br&gt;&lt;br&gt;11.00-12.30 - 5. Discussion &amp; questions&lt;br&gt;&lt;small&gt;&lt;\/small&gt;&lt;br&gt;&lt;br&gt;\"\n            data-category=\"\"\n            data-category-ids=\"\"\n            data-span-all=\"\"\n                      >\n\n            <div class=\"event_content\">\n              <div class=\"title\">\n                                <span>Ensuring quality in ENT Residency Education Program - a Nordic comparison<\/span>\n              <\/div>\n              <div class=\"span_room\"><span><\/span><\/div>\n              <div class=\"time\">\n                <span>\n                  11:00-12:30                <\/span><\/div>\n\n              \n            <\/div>\n\n\n            \n          <\/div>\n\n      \n          <div class=\"event \"\n            data-id=\"1162\"\n            data-project=\"project_283_2017_04_27\"\n            data-title=\"F\u00d6NH \u00c5rsm\u00f6te\"\n            data-abs-nbr=\"\"\n            data-ystart=\"11.75\"\n            data-yend=\"12.5\"\n            data-time=\"11:45-12:30\"\n            data-room=\"7\"\n            data-room-id=\"1008\"\n            data-room-name=\"F1\"\n            data-day=\"2\"\n            data-abs-path=\"\"\n            data-speaker=\"\"\n            data-speakercell=\"\"\n            data-info=\"\"\n            data-category=\"\"\n            data-category-ids=\"\"\n            data-span-all=\"\"\n                      >\n\n            <div class=\"event_content\">\n              <div class=\"title\">\n                                <span>F\u00d6NH \u00c5rsm\u00f6te<\/span>\n              <\/div>\n              <div class=\"span_room\"><span><\/span><\/div>\n              <div class=\"time\">\n                <span>\n                  11:45-12:30                <\/span><\/div>\n\n              \n            <\/div>\n\n\n            \n          <\/div>\n\n      \n          <div class=\"event \"\n            data-id=\"1035\"\n            data-project=\"project_283_2017_04_27\"\n            data-title=\"Lunch \/ Posters \/ Exhibitors\"\n            data-abs-nbr=\"\"\n            data-ystart=\"12.5\"\n            data-yend=\"13.25\"\n            data-time=\"12:30-13:15\"\n            data-room=\"1\"\n            data-room-id=\"1002\"\n            data-room-name=\"Exhibition area\"\n            data-day=\"2\"\n            data-abs-path=\"\"\n            data-speaker=\"\"\n            data-speakercell=\"\"\n            data-info=\"\"\n            data-category=\"\"\n            data-category-ids=\"\"\n            data-span-all=\"\"\n                      >\n\n            <div class=\"event_content\">\n              <div class=\"title\">\n                                <span>Lunch \/ Posters \/ Exhibitors<\/span>\n              <\/div>\n              <div class=\"span_room\"><span><\/span><\/div>\n              <div class=\"time\">\n                <span>\n                  12:30-13:15                <\/span><\/div>\n\n              \n            <\/div>\n\n\n            \n          <\/div>\n\n      \n          <div class=\"event \"\n            data-id=\"1065\"\n            data-project=\"project_283_2017_04_27\"\n            data-title=\"Sponsored Lecture: Oticon Medical \/ Interacoustics\"\n            data-abs-nbr=\"\"\n            data-ystart=\"13.25\"\n            data-yend=\"14\"\n            data-time=\"13:15-14:00\"\n            data-room=\"3\"\n            data-room-id=\"1004\"\n            data-room-name=\"F4+F5\"\n            data-day=\"2\"\n            data-abs-path=\"\"\n            data-speaker=\"Marcus Holmberg; Claes M\u00f6ller\"\n            data-speakercell=\"Marcus Holmberg; Claes M\u00f6ller\"\n            data-info=\" \n                 &lt;p&gt;&lt;span style=&quot;font-weight: bold;&quot;&gt;Oticon Medical&lt;\/span&gt;&lt;br&gt;\u201dBAHS: Indications, patients and MIPS surgical procedure\u201d&lt;br&gt;&lt;span style=&quot;font-style: italic;&quot;&gt;Marcus Holmberg, Senior Director, Clinical Affairs BAHS, Oticon Medical&lt;\/span&gt;&lt;\/p&gt;\n                 &lt;p&gt;&lt;span style=&quot;font-weight: bold;&quot;&gt;Interacoustics&lt;\/span&gt;&lt;br&gt;\u201cWBT \u2013 Clinical experiences in children and adults\u201d &lt;br&gt;&lt;span style=&quot;font-style: italic;&quot;&gt;Claes M\u00f6ller, MD, PhD, Professor &amp;amp; Head of Audiology Research Centre, University Hospital, \u00d6rebro, Sweden&lt;\/span&gt;&lt;\/p&gt; \n                &lt;br&gt;&lt;br&gt;\"\n            data-category=\"\"\n            data-category-ids=\"\"\n            data-span-all=\"\"\n                      >\n\n            <div class=\"event_content\">\n              <div class=\"title\">\n                                <span>Sponsored Lecture: Oticon Medical \/ Interacoustics<\/span>\n              <\/div>\n              <div class=\"span_room\"><span><\/span><\/div>\n              <div class=\"time\">\n                <span>\n                  13:15-14:00                <\/span><\/div>\n\n              <div class=\"lecturer\"><span>Marcus Holmberg; Claes M\u00f6ller<\/span><\/div>\n            <\/div>\n\n\n            \n          <\/div>\n\n      \n          <div class=\"event \"\n            data-id=\"1108\"\n            data-project=\"project_283_2017_04_27\"\n            data-title=\"Sponsored Lecture: Meda\"\n            data-abs-nbr=\"\"\n            data-ystart=\"13.25\"\n            data-yend=\"14\"\n            data-time=\"13:15-14:00\"\n            data-room=\"0\"\n            data-room-id=\"-1\"\n            data-room-name=\"F2\"\n            data-day=\"2\"\n            data-abs-path=\"\"\n            data-speaker=\"Sverre Steinsv\u00e5g\"\n            data-speakercell=\"Sverre Steinsv\u00e5g\"\n            data-info=\"\n                 &lt;p&gt;\u201dA blocked nose; Allergy or not?\u201d&lt;\/p&gt;\n                 &lt;p&gt;&lt;span style=&quot;font-style: italic;&quot;&gt;Sverre Steinsv\u00e5g, Professor, MD, PhD, Depts. of ORL, S\u00f8rlandet Hospital &amp;amp; Haukeland University Hospital, University of Bergen, Norway&lt;\/span&gt;&lt;\/p&gt;\n                &lt;br&gt;&lt;br&gt;\"\n            data-category=\"\"\n            data-category-ids=\"\"\n            data-span-all=\"\"\n                      >\n\n            <div class=\"event_content\">\n              <div class=\"title\">\n                                <span>Sponsored Lecture: Meda<\/span>\n              <\/div>\n              <div class=\"span_room\"><span><\/span><\/div>\n              <div class=\"time\">\n                <span>\n                  13:15-14:00                <\/span><\/div>\n\n              <div class=\"lecturer\"><span>Sverre Steinsv\u00e5g<\/span><\/div>\n            <\/div>\n\n\n            \n          <\/div>\n\n      \n          <div class=\"event \"\n            data-id=\"1087\"\n            data-project=\"project_283_2017_04_27\"\n            data-title=\"Sponsored Lecture: Cochlear\"\n            data-abs-nbr=\"\"\n            data-ystart=\"13.25\"\n            data-yend=\"14\"\n            data-time=\"13:15-14:00\"\n            data-room=\"2\"\n            data-room-id=\"1003\"\n            data-room-name=\"F3\"\n            data-day=\"2\"\n            data-abs-path=\"\"\n            data-speaker=\"Solveig Stenmark\"\n            data-speakercell=\"Solveig Stenmark\"\n            data-info=\"\n                 &lt;p&gt;\u201dWho is eligible for hearing implants - are we aware?\u201d&lt;br&gt;&lt;span style=&quot;font-style: italic;&quot;&gt;Solveig Stenmark, Clinical technical specialist &amp;amp; trainer, Cochlear Nordic AB&lt;\/span&gt;&lt;\/p&gt;\n                &lt;br&gt;&lt;br&gt;\"\n            data-category=\"\"\n            data-category-ids=\"\"\n            data-span-all=\"\"\n                      >\n\n            <div class=\"event_content\">\n              <div class=\"title\">\n                                <span>Sponsored Lecture: Cochlear<\/span>\n              <\/div>\n              <div class=\"span_room\"><span><\/span><\/div>\n              <div class=\"time\">\n                <span>\n                  13:15-14:00                <\/span><\/div>\n\n              <div class=\"lecturer\"><span>Solveig Stenmark<\/span><\/div>\n            <\/div>\n\n\n            \n          <\/div>\n\n      \n          <div class=\"event \"\n            data-id=\"1163\"\n            data-project=\"project_283_2017_04_27\"\n            data-title=\"Cancerkompisar hj\u00e4lper den som hj\u00e4lper - v\u00e5ga prata!\"\n            data-abs-nbr=\"\"\n            data-ystart=\"13.25\"\n            data-yend=\"14\"\n            data-time=\"13:15-14:00\"\n            data-room=\"7\"\n            data-room-id=\"1008\"\n            data-room-name=\"F1\"\n            data-day=\"2\"\n            data-abs-path=\"\"\n            data-speaker=\"Inga-Lill Lellky\"\n            data-speakercell=\"Inga-Lill Lellky\"\n            data-info=\"&lt;b&gt;Moderatorer: &lt;\/b&gt;Agneta Hagren&lt;br&gt;&lt;br&gt;&lt;p&gt;2,7 miljoner lever idag n\u00e4ra cancer trots att de sj\u00e4lva inte \u00e4r sjuka. Jag talar om anh\u00f6riga och n\u00e4rst\u00e5ende till cancer. En stor och dold grupp som inte ber om hj\u00e4lp f\u00f6r egen del. \u201dDet \u00e4r ju inte jag som \u00e4r sjuk\u201d. &lt;br&gt;&lt;br&gt;Forskning visar att man som anh\u00f6rig l\u00f6per 25 % st\u00f6rre risk att sj\u00e4lv bli sjuk, I andra sjukdomar, pga den stress man lever under. &amp;nbsp;En cancerresa tar tid. K\u00c4LLA: http:\/\/www.vetenskaphalsa.se\/partners-till-cancerpatienter-behover-stod\/ &lt;br&gt;&lt;br&gt;Den totala kostnaden f\u00f6r anh\u00f6rigas v\u00e5rdkonsumtion \u00f6kade \u00e5ret efter cancerdiagnos fr\u00e5n 211 853 till 455 000 kronor.&amp;nbsp;&lt;\/p&gt;&lt;p&gt;K\u00c4LLA: sid 68 &lt;br&gt;http:\/\/hj.diva-portal.org\/smash\/get\/diva2:567503\/FULLTEXT01.pdf &lt;br&gt;&lt;br&gt;9 av 10 f\u00e5r inte st\u00f6d och det \u00e4r h\u00e4r Cancerkompisar kommer in. &amp;nbsp;Ett digital st\u00f6d tillg\u00e4ngligt 24\/7, 365 dagar om \u00e5ret. P\u00e5 v\u00e5rt onlineforum blir man matchad och f\u00e5r en egen cancerkompis.&lt;br&gt;&lt;br&gt;Men det \u00e4r inte bara familjer som p\u00e5verkas utan \u00e4ven arbetsplatsen. Och det f\u00e5r s\u00e5 klart stora konsekvenser. &lt;br&gt;&lt;br&gt;Ingen ska beh\u00f6va bli sjuk av att vara anh\u00f6rig! D\u00e4rf\u00f6r vill vi arbeta f\u00f6rebyggande. Tillsammans med Regionalt Cancer centrum Syd p\u00e5g\u00e5r ett forskningsprojekt, N\u00e4rst\u00e5endes erfarenheter av cancerv\u00e5rden, med st\u00f6d av Roche AB och Immunovia AB. Ansvarig \u00e4r Mef Nilbert, verksamhetschef och onkolog.&amp;nbsp;&lt;\/p&gt;&lt;br&gt;&lt;br&gt;\"\n            data-category=\"\"\n            data-category-ids=\"\"\n            data-span-all=\"\"\n                      >\n\n            <div class=\"event_content\">\n              <div class=\"title\">\n                                <span>Cancerkompisar hj\u00e4lper den som hj\u00e4lper - v\u00e5ga prata!<\/span>\n              <\/div>\n              <div class=\"span_room\"><span><\/span><\/div>\n              <div class=\"time\">\n                <span>\n                  13:15-14:00                <\/span><\/div>\n\n              <div class=\"lecturer\"><span>Inga-Lill Lellky<\/span><\/div>\n            <\/div>\n\n\n            \n          <\/div>\n\n      \n          <div class=\"event \"\n            data-id=\"1164\"\n            data-project=\"project_283_2017_04_27\"\n            data-title=\"Yrsel - psykologiska och sociala faktorer\"\n            data-abs-nbr=\"\"\n            data-ystart=\"14\"\n            data-yend=\"14.75\"\n            data-time=\"14:00-14:45\"\n            data-room=\"7\"\n            data-room-id=\"1008\"\n            data-room-name=\"F1\"\n            data-day=\"2\"\n            data-abs-path=\"\"\n            data-speaker=\"Ulla-Stina Johansson\"\n            data-speakercell=\"Ulla-Stina Johansson\"\n            data-info=\"&lt;b&gt;Moderatorer: &lt;\/b&gt;Louise Hafsten&lt;br&gt;&lt;br&gt;&lt;p&gt;F\u00f6rel\u00e4sningen utg\u00e5r fr\u00e5n att kropp och sj\u00e4l har en komplex kommunikation bortom v\u00e5rt medvetande och p\u00e5 alla niv\u00e5er i en m\u00e4nniskas liv. En sp\u00e4nnande fr\u00e5ga blir d\u00e5 hur yrsel kan utl\u00f6sa oro och \u00e5ngest och tv\u00e4rtom? Vi kommer att tala om stress: Vad \u00e4r stress och varf\u00f6r blir vi stressade? Hur stressen kan \u00f6ka och vidmakth\u00e5lla lidande. Forskning har visat att det f\u00f6rkommer b\u00e5de somatiska och psykologiska orsaker till yrsel. Inte s\u00e4llan uppkommer onda cirklar mellan yrsel och \u00e5ngest. Detta kompliceras av att b\u00e5de yrsel och \u00e5ngest kan ge upphov till sekund\u00e4ra konsekvenser. Denna multifaktoriella problematik kan ge upphov till krisreaktioner hos patienter. En Bio-psyko-somatiskt modell f\u00f6r h\u00e4lsa presenteras f\u00f6r att tydligg\u00f6ra hur den kan bidra till urskiljning av och f\u00f6rst\u00e5else f\u00f6r den enskilda patientens komplexa situation och lidande. Persisterande postural perceptuell yrsel (PPPV) eller fobisk yrsel f\u00f6rekommer relativt ofta och kommer \u00e4ven att belysas ur perspektivet av psykisk oh\u00e4lsa Exempel p\u00e5 bidragande faktorer till f\u00f6rb\u00e4ttring av yrselbesv\u00e4r och \u00e5terkommande yrselbesv\u00e4r kommer att ges. &amp;nbsp;Till sist kommer vi att tala om bem\u00f6tande och f\u00f6rh\u00e5llningss\u00e4tt till patienter med yrselbesv\u00e4r samt behandling av yrselbesv\u00e4r. Vilken erfarenhet har DU av ett fungerande bem\u00f6tande och samtal med patienter som lider av yrsel, d\u00e4r det inte finns n\u00e5gon medicinsk behandling som ger effekt?&lt;br&gt;&lt;\/p&gt;&lt;br&gt;&lt;br&gt;\"\n            data-category=\"\"\n            data-category-ids=\"\"\n            data-span-all=\"\"\n                      >\n\n            <div class=\"event_content\">\n              <div class=\"title\">\n                                <span>Yrsel - psykologiska och sociala faktorer<\/span>\n              <\/div>\n              <div class=\"span_room\"><span><\/span><\/div>\n              <div class=\"time\">\n                <span>\n                  14:00-14:45                <\/span><\/div>\n\n              <div class=\"lecturer\"><span>Ulla-Stina Johansson<\/span><\/div>\n            <\/div>\n\n\n            \n          <\/div>\n\n      \n          <div class=\"event \"\n            data-id=\"1088\"\n            data-project=\"project_283_2017_04_27\"\n            data-title=\"Tubes in tubes - stents in ENT\"\n            data-abs-nbr=\"\"\n            data-ystart=\"14.25\"\n            data-yend=\"15.5\"\n            data-time=\"14:15-15:30\"\n            data-room=\"2\"\n            data-room-id=\"1003\"\n            data-room-name=\"F3\"\n            data-day=\"2\"\n            data-abs-path=\"\"\n            data-speaker=\"\"\n            data-speakercell=\"\"\n            data-info=\"&lt;b&gt;Moderatorer: &lt;\/b&gt;Malin Svensson&lt;br&gt;&lt;br&gt;\n                 &lt;p&gt; &lt;\/p&gt;\n                 &lt;p&gt;Lung cancer is one of the most frequent forms of cancer in the world. One fifth to one third of the patients may experience obstruction of the central airways leading to dyspnea, hemoptysis, atelectasis or respiratory insufficiency. Also other malignancies as esophageal cancer and lymphoma may cause obstruction of the trachea and\/or bronchia. Many patients with this manifestation of their malignancy are only eligible for palliative measures with the aim of reducing their breathing problems. Endoscopic treatment plays a very important role here, and ENT surgeons with their unique knowledge of rigid bronchoscopy are often involved in this. In this session we will discuss indications for stents, different techniques and equipment, present a clinical material of patients with malignancies treated with stents, and also when not to use stents and some alternative measures. &lt;\/p&gt;\n                &lt;br&gt;&lt;br&gt;14.15-15.30 - 1. Introduction&lt;br&gt;&lt;small&gt;Malin Svensson&lt;\/small&gt;&lt;br&gt;&lt;br&gt;14.15-15.30 - 2. Airway stents, retrospective data from patient material in Turku University Hospital 2002 \u2013 2014 &lt;br&gt;&lt;small&gt;Jami Rekola&lt;\/small&gt;&lt;br&gt;&lt;br&gt;14.15-15.30 - 3. Stents of the airway \u2013 what do we need to know&lt;br&gt;&lt;small&gt;Mohammed Al-Azzawe&lt;\/small&gt;&lt;br&gt;&lt;br&gt;14.15-15.30 - 4. Alternatives for stents in the airway&lt;br&gt;&lt;small&gt;Harriet Akre&lt;\/small&gt;&lt;br&gt;&lt;br&gt;14.15-15.30 - 5. Questions and discussion&lt;br&gt;&lt;small&gt;&lt;\/small&gt;&lt;br&gt;&lt;br&gt;\"\n            data-category=\"\"\n            data-category-ids=\"\"\n            data-span-all=\"\"\n                      >\n\n            <div class=\"event_content\">\n              <div class=\"title\">\n                                <span>Tubes in tubes - stents in ENT<\/span>\n              <\/div>\n              <div class=\"span_room\"><span><\/span><\/div>\n              <div class=\"time\">\n                <span>\n                  14:15-15:30                <\/span><\/div>\n\n              \n            <\/div>\n\n\n            \n          <\/div>\n\n      \n          <div class=\"event \"\n            data-id=\"1109\"\n            data-project=\"project_283_2017_04_27\"\n            data-title=\"Hearing screening in a lifetime perspective\"\n            data-abs-nbr=\"\"\n            data-ystart=\"14.25\"\n            data-yend=\"15.5\"\n            data-time=\"14:15-15:30\"\n            data-room=\"0\"\n            data-room-id=\"-1\"\n            data-room-name=\"F2\"\n            data-day=\"2\"\n            data-abs-path=\"\"\n            data-speaker=\"\"\n            data-speakercell=\"\"\n            data-info=\"&lt;b&gt;Moderatorer: &lt;\/b&gt;Radi J\u00f6nsson&lt;br&gt;&lt;br&gt; \n                 &lt;p&gt;Hearing loss affects the lives of children and adults in many different ways. The impact can be on language acquisition, speech development, theory of mind, education, participation and quality of life. Multiprofessional and multimodal early intervention and rehabilitation can alleviate many of the problem areas of having a hearing impairment. Different screening methods can be utilized in order to early identify children and adults with hearing loss.&lt;br&gt;&lt;br&gt;The participants in this session will present available and age-appropriate screening methods for early identification in newborns, infants, adults in the working population, as well as elderly. Outcomes in a historical and present perspective will be discussed. An in-depth analysis will be structured of new and further challenges within screening, identification and diagnostic methodology. As hearing screening in many cases is a prerequisite for timely, effective and beneficial rehabilitation, the presenters will discuss the impact of hearing screening in a lifetime perspective.&lt;\/p&gt; \n                &lt;br&gt;&lt;br&gt;14.15-15.30 - 1. Introduction to screening basics&lt;br&gt;&lt;small&gt;Radi J\u00f6nsson&lt;\/small&gt;&lt;br&gt;&lt;br&gt;14.15-15.30 - 2. Hearing screening in the neonatal period&lt;br&gt;&lt;small&gt;Leif Hergils&lt;\/small&gt;&lt;br&gt;&lt;br&gt;14.15-15.30 - 3. Adults with special rehab needs&lt;br&gt;&lt;small&gt;Margareta Ed\u00e9n&lt;\/small&gt;&lt;br&gt;&lt;br&gt;14.15-15.30 - 4. Hearing and screening in the elderly&lt;br&gt;&lt;small&gt;Maria Hoff&lt;\/small&gt;&lt;br&gt;&lt;br&gt;14.15-15.30 - 5. Interactive discussion&lt;br&gt;&lt;small&gt;&lt;\/small&gt;&lt;br&gt;&lt;br&gt;\"\n            data-category=\"\"\n            data-category-ids=\"\"\n            data-span-all=\"\"\n                      >\n\n            <div class=\"event_content\">\n              <div class=\"title\">\n                                <span>Hearing screening in a lifetime perspective<\/span>\n              <\/div>\n              <div class=\"span_room\"><span><\/span><\/div>\n              <div class=\"time\">\n                <span>\n                  14:15-15:30                <\/span><\/div>\n\n              \n            <\/div>\n\n\n            \n          <\/div>\n\n      \n          <div class=\"event \"\n            data-id=\"1066\"\n            data-project=\"project_283_2017_04_27\"\n            data-title=\"Acute vertigo - a challenge for ENT and others\"\n            data-abs-nbr=\"\"\n            data-ystart=\"14.25\"\n            data-yend=\"15.5\"\n            data-time=\"14:15-15:30\"\n            data-room=\"3\"\n            data-room-id=\"1004\"\n            data-room-name=\"F4+F5\"\n            data-day=\"2\"\n            data-abs-path=\"\"\n            data-speaker=\"\"\n            data-speakercell=\"\"\n            data-info=\"&lt;b&gt;Moderatorer: &lt;\/b&gt;Mikael Karlberg&lt;br&gt;&lt;br&gt;\n                 &lt;p&gt;Vertigo accounts for 2- 3 % of patients seeking acute medical care. This means that in Sweden every year there are approximately 75.000 emergency room visits because of vertigo. More than 50% of them are admitted for in-patient care and in up to 75% of cases a CT or MRI is performed. In a majority of cases the cause is benign but in about 5% the cause is a stroke that might be fatal. The clinical presentation of patients with benign and \u201dmalign\u201d vertigo causes can be very similar. All specialities involved in medical care for patients with vertigo must share a common knowledge within this field.&lt;br&gt;In this symposium you will meet specialists from ENT, neurology, neuro-radiology and emergency medicine. Our goal is to give an over-view of the clinical spectrum of causes of acute vertigo, what clinical tests to use, the role of radiology and what we can do to improve the care.&lt;br&gt;&lt;\/p&gt;\n                &lt;br&gt;&lt;br&gt;14.15-15.30 - 1. Introduction &amp; statement of the problems&lt;br&gt;&lt;small&gt;Mikael Karlberg&lt;\/small&gt;&lt;br&gt;&lt;br&gt;14.15-15.30 - 2. What diagnoses do we find in acute vertigo patients?&lt;br&gt;&lt;small&gt;Jonatan Salzer&lt;\/small&gt;&lt;br&gt;&lt;br&gt;14.15-15.30 - 3. BPPV: more common than we think?&lt;br&gt;&lt;small&gt;Marie-Louise Barren\u00e4s&lt;\/small&gt;&lt;br&gt;&lt;br&gt;14.15-15.30 - 4. What is the role of radiology?&lt;br&gt;&lt;small&gt;Lars J\u00f6nsson&lt;\/small&gt;&lt;br&gt;&lt;br&gt;14.15-15.30 - 5. How to improve vertigo management at the emergency clinic?&lt;br&gt;&lt;small&gt;Daniel Janson&lt;\/small&gt;&lt;br&gt;&lt;br&gt;14.15-15.30 - 6. Discussion &amp; questions&lt;br&gt;&lt;small&gt;&lt;\/small&gt;&lt;br&gt;&lt;br&gt;\"\n            data-category=\"\"\n            data-category-ids=\"\"\n            data-span-all=\"\"\n                      >\n\n            <div class=\"event_content\">\n              <div class=\"title\">\n                                <span>Acute vertigo - a challenge for ENT and others<\/span>\n              <\/div>\n              <div class=\"span_room\"><span><\/span><\/div>\n              <div class=\"time\">\n                <span>\n                  14:15-15:30                <\/span><\/div>\n\n              \n            <\/div>\n\n\n            \n          <\/div>\n\n      \n          <div class=\"event \"\n            data-id=\"1165\"\n            data-project=\"project_283_2017_04_27\"\n            data-title=\"Take Away kaffe\"\n            data-abs-nbr=\"\"\n            data-ystart=\"15\"\n            data-yend=\"15.25\"\n            data-time=\"15:00-15:15\"\n            data-room=\"7\"\n            data-room-id=\"1008\"\n            data-room-name=\"F1\"\n            data-day=\"2\"\n            data-abs-path=\"\"\n            data-speaker=\"\"\n            data-speakercell=\"\"\n            data-info=\"\"\n            data-category=\"\"\n            data-category-ids=\"\"\n            data-span-all=\"\"\n                      >\n\n            <div class=\"event_content\">\n              <div class=\"title\">\n                                <span>Take Away kaffe<\/span>\n              <\/div>\n              <div class=\"span_room\"><span><\/span><\/div>\n              <div class=\"time\">\n                <span>\n                  15:00-15:15                <\/span><\/div>\n\n              \n            <\/div>\n\n\n            \n          <\/div>\n\n      \n          <div class=\"event \"\n            data-id=\"1036\"\n            data-project=\"project_283_2017_04_27\"\n            data-title=\"Poster mingle with refreshments\"\n            data-abs-nbr=\"\"\n            data-ystart=\"15.5\"\n            data-yend=\"16.5\"\n            data-time=\"15:30-16:30\"\n            data-room=\"1\"\n            data-room-id=\"1002\"\n            data-room-name=\"Exhibition area\"\n            data-day=\"2\"\n            data-abs-path=\"\"\n            data-speaker=\"\"\n            data-speakercell=\"\"\n            data-info=\" \n                 &lt;p&gt;Poster presenters are available at their poster for questions&lt;br&gt;&lt;\/p&gt; \n                &lt;br&gt;&lt;br&gt;\"\n            data-category=\"\"\n            data-category-ids=\"\"\n            data-span-all=\"\"\n                      >\n\n            <div class=\"event_content\">\n              <div class=\"title\">\n                                <span>Poster mingle with refreshments<\/span>\n              <\/div>\n              <div class=\"span_room\"><span><\/span><\/div>\n              <div class=\"time\">\n                <span>\n                  15:30-16:30                <\/span><\/div>\n\n              \n            <\/div>\n\n\n            \n          <\/div>\n\n      \n          <div class=\"event \"\n            data-id=\"1247\"\n            data-project=\"project_283_2017_04_27\"\n            data-title=\"NOLF Assembly &amp; NOLF Fellowship Award\"\n            data-abs-nbr=\"\"\n            data-ystart=\"16.5\"\n            data-yend=\"18\"\n            data-time=\"16:30-18:00\"\n            data-room=\"3\"\n            data-room-id=\"1004\"\n            data-room-name=\"F4+F5\"\n            data-day=\"2\"\n            data-abs-path=\"\"\n            data-speaker=\"\"\n            data-speakercell=\"\"\n            data-info=\"\"\n            data-category=\"\"\n            data-category-ids=\"\"\n            data-span-all=\"\"\n                      >\n\n            <div class=\"event_content\">\n              <div class=\"title\">\n                                <span>NOLF Assembly & NOLF Fellowship Award<\/span>\n              <\/div>\n              <div class=\"span_room\"><span><\/span><\/div>\n              <div class=\"time\">\n                <span>\n                  16:30-18:00                <\/span><\/div>\n\n              \n            <\/div>\n\n\n            \n          <\/div>\n\n      \n          <div class=\"event \"\n            data-id=\"1073\"\n            data-project=\"project_283_2017_04_27\"\n            data-title=\"Banquet Dinner at Rondo\"\n            data-abs-nbr=\"\"\n            data-ystart=\"19\"\n            data-yend=\"23\"\n            data-time=\"19:00-23:00\"\n            data-room=\"6\"\n            data-room-id=\"1007\"\n            data-room-name=\"Rondo\"\n            data-day=\"2\"\n            data-abs-path=\"\"\n            data-speaker=\"\"\n            data-speakercell=\"\"\n            data-info=\"\n                 &lt;p&gt;&lt;span style=&quot;font-weight: bold;&quot;&gt;Location:&lt;\/span&gt;&amp;nbsp;Rondo (Liseberg)&lt;br&gt;&lt;\/p&gt;\n                 &lt;p&gt;&lt;span style=&quot;font-weight: bold;&quot;&gt;Street address:&lt;\/span&gt;&amp;nbsp;\u00d6rgrytev\u00e4gen 5&lt;\/p&gt;\n                 &lt;p&gt;&lt;span style=&quot;font-weight: bold;&quot;&gt;Dresscode:&lt;\/span&gt;&amp;nbsp;Informal&lt;\/p&gt;\n                &lt;br&gt;&lt;br&gt;\"\n            data-category=\"\"\n            data-category-ids=\"\"\n            data-span-all=\"\"\n                      >\n\n            <div class=\"event_content\">\n              <div class=\"title\">\n                                <span>Banquet Dinner at Rondo<\/span>\n              <\/div>\n              <div class=\"span_room\"><span><\/span><\/div>\n              <div class=\"time\">\n                <span>\n                  19:00-23:00                <\/span><\/div>\n\n              \n            <\/div>\n\n\n            \n          <\/div>\n\n      \n          <div class=\"event \"\n            data-id=\"1115\"\n            data-project=\"project_283_2017_04_27\"\n            data-title=\"Nasal obstruction - ways to treatment success\"\n            data-abs-nbr=\"\"\n            data-ystart=\"8\"\n            data-yend=\"8.9166666666667\"\n            data-time=\"08:00-08:55\"\n            data-room=\"3\"\n            data-room-id=\"1004\"\n            data-room-name=\"F4+F5\"\n            data-day=\"3\"\n            data-abs-path=\"\"\n            data-speaker=\"\"\n            data-speakercell=\"\"\n            data-info=\"&lt;b&gt;Moderatorer: &lt;\/b&gt;Johan Hellgren; Cecilia Ahlstr\u00f6m Emanuelsson&lt;br&gt;&lt;br&gt; \n                 &lt;p&gt; &lt;\/p&gt; \n                 &lt;p&gt;Nasal obstruction is related to upper airway inflammatory disease including nasal polyps as well as to structural impairment of the nasal passage such as septal deviation. Health related quality of life is significantly affected in those patients especially with regard to impaired sleep and the health economic costs are substantial. For the clinician, a patient with nasal obstruction can be a challenge differentiating inflammatory disease from structural problems. Nasal air flow is illusive in relation to symptoms of obstruction and we lack optimal methods to diagnose one condition from the other. Data from the Swedish nasal septal surgery register show that \u00bc of the patients undergoing septoplasty are not satisfied with the result. In this session we will thoroughly investigate and discuss factors of importance for the assessment, diagnosis and treatment of adult patients with nasal obstruction with regard to medical and surgical outcomes as well as the impact of nasal obstruction on health related quality of life and sleep. The panel is represented by experts from Norway, Denmark, Finland and Sweden.&amp;nbsp;&lt;\/p&gt; \n                &lt;br&gt;&lt;br&gt;08.00-08.55 - 1. Introduction&lt;br&gt;&lt;small&gt;Johan Hellgren&lt;\/small&gt;&lt;br&gt;&lt;br&gt;08.00-08.55 - 2. How do we opitimise medical treatment?&lt;br&gt;&lt;small&gt;Sverre Steinsv\u00e5g&lt;\/small&gt;&lt;br&gt;&lt;br&gt;08.00-08.55 - 3. Septoplasty - what the register tells us&lt;br&gt;&lt;small&gt;Cecilia Ahlstr\u00f6m Emanuelsson&lt;\/small&gt;&lt;br&gt;&lt;br&gt;08.00-08.55 - 4. Nasal blockage and quality of life&lt;br&gt;&lt;small&gt;Antti Alak\u00e4rpp\u00e4&lt;\/small&gt;&lt;br&gt;&lt;br&gt;08.00-08.55 - 5. Can sleep be improved by relieving nasal blockage?&lt;br&gt;&lt;small&gt;Eva Kirkegaard&lt;\/small&gt;&lt;br&gt;&lt;br&gt;08.00-08.55 - 6. Discussion &amp; questions&lt;br&gt;&lt;small&gt;&lt;\/small&gt;&lt;br&gt;&lt;br&gt;\"\n            data-category=\"\"\n            data-category-ids=\"\"\n            data-span-all=\"\"\n                      >\n\n            <div class=\"event_content\">\n              <div class=\"title\">\n                                <span>Nasal obstruction - ways to treatment success<\/span>\n              <\/div>\n              <div class=\"span_room\"><span><\/span><\/div>\n              <div class=\"time\">\n                <span>\n                  08:00-08:55                <\/span><\/div>\n\n              \n            <\/div>\n\n\n            \n          <\/div>\n\n      \n          <div class=\"event \"\n            data-id=\"1135\"\n            data-project=\"project_283_2017_04_27\"\n            data-title=\"Challenges for ENT in a constantly changing health care system\"\n            data-abs-nbr=\"\"\n            data-ystart=\"8\"\n            data-yend=\"8.9166666666667\"\n            data-time=\"08:00-08:55\"\n            data-room=\"2\"\n            data-room-id=\"1003\"\n            data-room-name=\"F3\"\n            data-day=\"3\"\n            data-abs-path=\"\"\n            data-speaker=\"\"\n            data-speakercell=\"\"\n            data-info=\"&lt;b&gt;Moderatorer: &lt;\/b&gt;Per von Hofsten&lt;br&gt;&lt;br&gt; \n                 &lt;p&gt;In search for better quality at a lower cost, organizational changes are enforced at an increasing pace. The demands of the modern patient as well as new medical, technical, and digital tools create opportunities but also challenges. What lies in the future, will ENT split and fragmentize? What will happen to our residents och why is education so often overlooked as the winds of change blow harder? Hear three colleagues with many years of experience as head of the department and their view on the future of ENT and the challenges facing us.&lt;br&gt;&lt;\/p&gt; \n                &lt;br&gt;&lt;br&gt;08.00-08.55 - 1. Challenges for ENT in a constantly changing health care system - Input from Norway &lt;br&gt;&lt;small&gt;Mette Bratt&lt;\/small&gt;&lt;br&gt;&lt;br&gt;08.00-08.55 - 2. Evolve or succumb \u2013 Is the future (really not) ours to see?&lt;br&gt;&lt;small&gt;Sergio Padoan&lt;\/small&gt;&lt;br&gt;&lt;br&gt;08.00-08.55 - 3. Challenges for ORL, H&amp;N and audiology in a constantly changing health care system - thoughts from the other end of the bridge&lt;br&gt;&lt;small&gt;Mads Klokker&lt;\/small&gt;&lt;br&gt;&lt;br&gt;08.00-08.55 - 4. Discussion &amp; questions&lt;br&gt;&lt;small&gt;&lt;\/small&gt;&lt;br&gt;&lt;br&gt;\"\n            data-category=\"\"\n            data-category-ids=\"\"\n            data-span-all=\"\"\n                      >\n\n            <div class=\"event_content\">\n              <div class=\"title\">\n                                <span>Challenges for ENT in a constantly changing health care system<\/span>\n              <\/div>\n              <div class=\"span_room\"><span><\/span><\/div>\n              <div class=\"time\">\n                <span>\n                  08:00-08:55                <\/span><\/div>\n\n              \n            <\/div>\n\n\n            \n          <\/div>\n\n      \n          <div class=\"event \"\n            data-id=\"1122\"\n            data-project=\"project_283_2017_04_27\"\n            data-title=\"OSA in adults - is there still a need for surgery?\"\n            data-abs-nbr=\"\"\n            data-ystart=\"9.0833333333333\"\n            data-yend=\"10.5\"\n            data-time=\"09:05-10:30\"\n            data-room=\"3\"\n            data-room-id=\"1004\"\n            data-room-name=\"F4+F5\"\n            data-day=\"3\"\n            data-abs-path=\"\"\n            data-speaker=\"\"\n            data-speakercell=\"\"\n            data-info=\"&lt;b&gt;Moderatorer: &lt;\/b&gt;Diana Berggren&lt;br&gt;&lt;br&gt; \n                 &lt;p&gt;Obstructive sleep apnea (OSA) is a common disorder with a number of negative health effects, such as daytime sleepiness, hypertension and cardiovascular diseases. Reduced airways in the oropharynx, including the tonsils, uvula and soft palate, is the most common cause of OSA. The term OSA was defined in the 1980s and during this time, continuous positive airway pressure (CPAP) and uvulopalatopharyngoplasty (UPPP) were introduced as treatment modalities. Shortly after, mandibular advancement devices (MAD) were introduced for treatment of snoring and OSA.&amp;nbsp; Since then, numerous surgical methods for treatment of obstructive disorder breathing have been launched. CPAP and MAD have been developed technically and have become more user-friendly, parallel to the fact that side effects of surgery have been noted. Today CPAP is the golden standard for treatment of OSA and MAD is regarded to be nearly as efficient, whereas surgery is seldom the first line of treatment. However, we still need alternatives for those patients that cannot comply with or adapt to CPAP and MAD, and prospective, randomized, controlled studies of the outcome of surgical treatment of OSA in adults have been requested.&lt;br&gt;&lt;br&gt;The purpose of this session is to highlight how the question \u201cOSA in adults - is there still a need for&lt;b&gt; &lt;\/b&gt;surgery?\u201d&lt;b&gt; &lt;\/b&gt;is answered in the Nordic countries.&lt;\/p&gt; \n                &lt;br&gt;&lt;br&gt;09.05-10.30 - 1. Introduction&lt;br&gt;&lt;small&gt;Diana Berggren&lt;\/small&gt;&lt;br&gt;&lt;br&gt;09.05-10.30 - 2. Sleep apnea treatment \u2013 an overview&lt;br&gt;&lt;small&gt;Ludger Grothe&lt;\/small&gt;&lt;br&gt;&lt;br&gt;09.05-10.30 - 3. The effect of modified uvulopalatopharyngoplasty in OSA patients; a randomised controlled trial and 2 year follow-up&lt;br&gt;&lt;small&gt;Danielle Friberg&lt;\/small&gt;&lt;br&gt;&lt;br&gt;09.05-10.30 - 4. Evaluation of two surgical methods for sleep apnea and snoring&lt;br&gt;&lt;small&gt;Thorbj\u00f6rn Holmlund&lt;\/small&gt;&lt;br&gt;&lt;br&gt;09.05-10.30 - 5. Multidisciplinary approach with continuous reevaluation of patient\u2019s status and treatment&lt;br&gt;&lt;small&gt;Sigurdur Juliusson&lt;\/small&gt;&lt;br&gt;&lt;br&gt;09.05-10.30 - 6. Shared decision making in newly diagnosed sleep apnea&lt;br&gt;&lt;small&gt;Harald Hrubos-Str\u00f8m&lt;\/small&gt;&lt;br&gt;&lt;br&gt;09.05-10.30 - 7. Discussion &amp; questions&lt;br&gt;&lt;small&gt;&lt;\/small&gt;&lt;br&gt;&lt;br&gt;\"\n            data-category=\"\"\n            data-category-ids=\"\"\n            data-span-all=\"\"\n                      >\n\n            <div class=\"event_content\">\n              <div class=\"title\">\n                                <span>OSA in adults - is there still a need for surgery?<\/span>\n              <\/div>\n              <div class=\"span_room\"><span><\/span><\/div>\n              <div class=\"time\">\n                <span>\n                  09:05-10:30                <\/span><\/div>\n\n              \n            <\/div>\n\n\n            \n          <\/div>\n\n      \n          <div class=\"event \"\n            data-id=\"1021\"\n            data-project=\"project_283_2017_04_27\"\n            data-title=\"Tracheostomy - a multidisciplinary challenge. New Swedish guidelines\"\n            data-abs-nbr=\"\"\n            data-ystart=\"9.0833333333333\"\n            data-yend=\"10.5\"\n            data-time=\"09:05-10:30\"\n            data-room=\"0\"\n            data-room-id=\"-1\"\n            data-room-name=\"F2\"\n            data-day=\"3\"\n            data-abs-path=\"\"\n            data-speaker=\"\"\n            data-speakercell=\"\"\n            data-info=\"&lt;b&gt;Moderatorer: &lt;\/b&gt;Per Nellg\u00e5rd; Georgios Papatziamos&lt;br&gt;&lt;br&gt; \n                 &lt;p&gt;The project for new Swedish tracheotomy guidelines has been initiated by Landstingens \u00d6msesidiga F\u00f6rs\u00e4kringsbolag (L\u00d6F), a nationwide Swedish insurance company that insures publicly funded health care providers. The goal of these guidelines is to reduce the number and severity of injuries related to tracheotomy in public health care in Sweden.&lt;br&gt;&lt;br&gt;A working group consisting of anaesthesiologists\/intensive care medicine and otorhinolaryngologists from 3 different University Hospitals in Sweden has compiled a document with guidelines to ensure optimal care of patients with tracheostomy.&lt;br&gt;&lt;br&gt;In this symposium we will give an overview of the situation regarding tracheotomies and care of the tracheostomized patient in the Nordic countries. With patient cases we will illustrate different tracheotomy complications and the need to secure the airway surgically in an acute situation. Finally the new Swedish tracheotomy guidelines will be presented and discussed, including emergency algorithms for tracheostomy incidents.&lt;\/p&gt; \n                &lt;br&gt;&lt;br&gt;09.05-10.30 - 1. New Swedish tracheotomy guidelines \u2013 Background&lt;br&gt;&lt;small&gt;Per Nellg\u00e5rd&lt;\/small&gt;&lt;br&gt;&lt;br&gt;09.05-10.30 - 2. Case presentation: Management of acute laryngeal trauma&lt;br&gt;&lt;small&gt;Eirik \u00d8stvoll; Olle Andersson&lt;\/small&gt;&lt;br&gt;&lt;br&gt;09.05-10.30 - 3. Tracheotomy cases that went wrong&lt;br&gt;&lt;small&gt;Georgios Papatziamos&lt;\/small&gt;&lt;br&gt;&lt;br&gt;09.05-10.30 - 4. Norwegian perspective&lt;br&gt;&lt;small&gt;Harriet Akre&lt;\/small&gt;&lt;br&gt;&lt;br&gt;09.05-10.30 - 5. Danish perspective&lt;br&gt;&lt;small&gt;Jacob Melchiors&lt;\/small&gt;&lt;br&gt;&lt;br&gt;09.05-10.30 - 6. Presentation of the guidelines&lt;br&gt;&lt;small&gt;Per Nellg\u00e5rd; Georgios Papatziamos&lt;\/small&gt;&lt;br&gt;&lt;br&gt;09.05-10.30 - 7. Discussion &amp; questions&lt;br&gt;&lt;small&gt;&lt;\/small&gt;&lt;br&gt;&lt;br&gt;\"\n            data-category=\"\"\n            data-category-ids=\"\"\n            data-span-all=\"\"\n                      >\n\n            <div class=\"event_content\">\n              <div class=\"title\">\n                                <span>Tracheostomy - a multidisciplinary challenge. New Swedish guidelines<\/span>\n              <\/div>\n              <div class=\"span_room\"><span><\/span><\/div>\n              <div class=\"time\">\n                <span>\n                  09:05-10:30                <\/span><\/div>\n\n              \n            <\/div>\n\n\n            \n          <\/div>\n\n      \n          <div class=\"event \"\n            data-id=\"1140\"\n            data-project=\"project_283_2017_04_27\"\n            data-title=\"Transoral Robotic Surgery (TORS) in the Nordic countries - where we are and where to go\"\n            data-abs-nbr=\"\"\n            data-ystart=\"9.0833333333333\"\n            data-yend=\"10.5\"\n            data-time=\"09:05-10:30\"\n            data-room=\"2\"\n            data-room-id=\"1003\"\n            data-room-name=\"F3\"\n            data-day=\"3\"\n            data-abs-path=\"\"\n            data-speaker=\"\"\n            data-speakercell=\"\"\n            data-info=\"&lt;b&gt;Moderatorer: &lt;\/b&gt;Johan Nilsson&lt;br&gt;&lt;br&gt; \n                 &lt;p&gt; &lt;\/p&gt; \n                 &lt;p&gt;Transoral Robotic Surgery (TORS) is a minimally invasive surgical technique that provides a unique possibility to operate with a good visual field in the oropharynx, larynx and adjacent sites without external access. In Scandinavia, the technique was introduced in Lund in 2008, and several centers have then followed and experience increased. The members of the panel comprise head and neck surgeons representing the vast majority of cases operated in Scandinavia until today and also an oncologist with experience in handling both oncological TORS-cases and alternative treatment options. The aim of the symposium is to give an overview of the technique and its possibilities, with focus on cancer treatment. TORS\u2019s role in head and neck cancer will be discussed. Authentic cases will be presented as a basis for discussion.&lt;\/p&gt; \n                &lt;br&gt;&lt;br&gt;09.05-10.30 - 1. Introduction. TORS overview. TORS in Scandinavia&lt;br&gt;&lt;small&gt;Johan Nilsson&lt;\/small&gt;&lt;br&gt;&lt;br&gt;09.05-10.30 - 2. Introducing TORS \u2013 the Finnish experience&lt;br&gt;&lt;small&gt;Petri Koivunen&lt;\/small&gt;&lt;br&gt;&lt;br&gt;09.05-10.30 - 3. Clinical applications&lt;br&gt;&lt;small&gt;Christian von Buchwald&lt;\/small&gt;&lt;br&gt;&lt;br&gt;09.05-10.30 - 4. Discussion &amp; questions&lt;br&gt;&lt;small&gt;&lt;\/small&gt;&lt;br&gt;&lt;br&gt;\"\n            data-category=\"\"\n            data-category-ids=\"\"\n            data-span-all=\"\"\n                      >\n\n            <div class=\"event_content\">\n              <div class=\"title\">\n                                <span>Transoral Robotic Surgery (TORS) in the Nordic countries - where we are and where to go<\/span>\n              <\/div>\n              <div class=\"span_room\"><span><\/span><\/div>\n              <div class=\"time\">\n                <span>\n                  09:05-10:30                <\/span><\/div>\n\n              \n            <\/div>\n\n\n            \n          <\/div>\n\n      \n          <div class=\"event \"\n            data-id=\"1145\"\n            data-project=\"project_283_2017_04_27\"\n            data-title=\"Coffee \/ Posters \/ Exhibition\"\n            data-abs-nbr=\"\"\n            data-ystart=\"10.5\"\n            data-yend=\"11\"\n            data-time=\"10:30-11:00\"\n            data-room=\"1\"\n            data-room-id=\"1002\"\n            data-room-name=\"Exhibition area\"\n            data-day=\"3\"\n            data-abs-path=\"\"\n            data-speaker=\"\"\n            data-speakercell=\"\"\n            data-info=\"\"\n            data-category=\"\"\n            data-category-ids=\"\"\n            data-span-all=\"\"\n                      >\n\n            <div class=\"event_content\">\n              <div class=\"title\">\n                                <span>Coffee \/ Posters \/ Exhibition<\/span>\n              <\/div>\n              <div class=\"span_room\"><span><\/span><\/div>\n              <div class=\"time\">\n                <span>\n                  10:30-11:00                <\/span><\/div>\n\n              \n            <\/div>\n\n\n            \n          <\/div>\n\n      \n          <div class=\"event \"\n            data-id=\"1130\"\n            data-project=\"project_283_2017_04_27\"\n            data-title=\"Key Note Lecture\"\n            data-abs-nbr=\"\"\n            data-ystart=\"11\"\n            data-yend=\"12\"\n            data-time=\"11:00-12:00\"\n            data-room=\"3\"\n            data-room-id=\"1004\"\n            data-room-name=\"F4+F5\"\n            data-day=\"3\"\n            data-abs-path=\"\"\n            data-speaker=\"Anders Ekholm\"\n            data-speakercell=\"Anders Ekholm\"\n            data-info=\"\n                 &lt;p&gt;\u201dHealth care of the future\u201d&lt;br&gt;&lt;br&gt;If we are to increase quality, meet the ageing population and at the same time keep the costs in check, we cannot continue to produce health- and elderly care as we do today. In order to provide health and elderly care by 2050, we must transform healthcare from reactive processes to \u201drisk management\u201d focusing on reducing the risk of illnesses and automating care for those who can, to get the necessary resources for those who really need.&lt;br&gt;&lt;\/p&gt;\n                &lt;br&gt;&lt;br&gt;\"\n            data-category=\"\"\n            data-category-ids=\"\"\n            data-span-all=\"\"\n                      >\n\n            <div class=\"event_content\">\n              <div class=\"title\">\n                                <span>Key Note Lecture<\/span>\n              <\/div>\n              <div class=\"span_room\"><span><\/span><\/div>\n              <div class=\"time\">\n                <span>\n                  11:00-12:00                <\/span><\/div>\n\n              <div class=\"lecturer\"><span>Anders Ekholm<\/span><\/div>\n            <\/div>\n\n\n            \n          <\/div>\n\n      \n          <div class=\"event \"\n            data-id=\"1131\"\n            data-project=\"project_283_2017_04_27\"\n            data-title=\"Closing remarks\"\n            data-abs-nbr=\"\"\n            data-ystart=\"12\"\n            data-yend=\"12.25\"\n            data-time=\"12:00-12:15\"\n            data-room=\"3\"\n            data-room-id=\"1004\"\n            data-room-name=\"F4+F5\"\n            data-day=\"3\"\n            data-abs-path=\"\"\n            data-speaker=\"\"\n            data-speakercell=\"\"\n            data-info=\"\"\n            data-category=\"\"\n            data-category-ids=\"\"\n            data-span-all=\"\"\n                      >\n\n            <div class=\"event_content\">\n              <div class=\"title\">\n                                <span>Closing remarks<\/span>\n              <\/div>\n              <div class=\"span_room\"><span><\/span><\/div>\n              <div class=\"time\">\n                <span>\n                  12:00-12:15                <\/span><\/div>\n\n              \n            <\/div>\n\n\n            \n          <\/div>\n\n      \n          <div class=\"event \"\n            data-id=\"1146\"\n            data-project=\"project_283_2017_04_27\"\n            data-title=\"Grab &amp; go lunch\"\n            data-abs-nbr=\"\"\n            data-ystart=\"12.25\"\n            data-yend=\"12.5\"\n            data-time=\"12:15-12:30\"\n            data-room=\"1\"\n            data-room-id=\"1002\"\n            data-room-name=\"Exhibition area\"\n            data-day=\"3\"\n            data-abs-path=\"\"\n            data-speaker=\"\"\n            data-speakercell=\"\"\n            data-info=\"\"\n            data-category=\"\"\n            data-category-ids=\"\"\n            data-span-all=\"\"\n                      >\n\n            <div class=\"event_content\">\n              <div class=\"title\">\n                                <span>Grab & go lunch<\/span>\n              <\/div>\n              <div class=\"span_room\"><span><\/span><\/div>\n              <div class=\"time\">\n                <span>\n                  12:15-12:30                <\/span><\/div>\n\n              \n            <\/div>\n\n\n            \n          <\/div>\n\n      \n      <div id=\"eventInfo\" class=\"modal fade bs-example-modal-lg\" tabindex=\"-1\" role=\"dialog\" style=\"font-size: medium; line-height: normal; text-transform: none;\">\n        <div class=\"modal-dialog\">\n          <div class=\"modal-content\">\n            <div class=\"modal-header\">\n              <button type=\"button\" class=\"close\" data-dismiss=\"modal\" aria-label=\"Close\">\n                <span aria-hidden=\"true\">&times;<\/span><\/button>\n              <h4 class=\"modal-title\"><\/h4>\n            <\/div>\n            <div class=\"modal-body\">\n              <p class=\"modal-speaker\"><\/p>\n              <p class=\"modal-time\"><\/p>\n              <p class=\"modal-info\"><\/p>\n              <p id=\"modal-abs\"><\/p>\n              <p id=\"modal-abs-oldie\">\n                <span style=\"display: none;\">Du anv\u00e4nder en f\u00f6r\u00e5ldrar webbl\u00e4sare.<\/span>\n                <a id=\"abs-url-oldie\" target=\"_blank\" style=\"display: none;\">Klicka f\u00e4r f\u00f6r att l\u00e4sa bidraget<\/a>\n                <iframe id=\"abs-iframe-oldie\" width=\"100%\" height=\"300px\"><\/iframe>\n              <\/p>\n              <i id=\"modal-abs-spinner\" class=\"fa fa-spinner fa-spin\" aria-hidden=\"true\" style=\"display: none;\"><\/i>\n            <\/div>\n            <div class=\"modal-footer\">\n              <span style=\"text-align: left; float: left;\" class=\"modal-category\"><\/span>\n              <button type=\"button\" class=\"btn btn-default\" data-dismiss=\"modal\">St\u00e4ng<\/button>\n            <\/div>\n          <\/div><!-- \/.modal-content -->\n        <\/div><!-- \/.modal-dialog -->\n      <\/div><!-- \/.modal -->\n\n    <\/div>\n\n  <\/div>\n\n\n","protected":false},"excerpt":{"rendered":"","protected":false},"author":1,"featured_media":0,"parent":0,"menu_order":0,"comment_status":"closed","ping_status":"closed","template":"page-template-blank.php","meta":{"_et_pb_use_builder":"","_et_pb_old_content":"","_et_gb_content_width":""},"_links":{"self":[{"href":"https:\/\/program.appinconf.com\/program\/wp-json\/wp\/v2\/pages\/201"}],"collection":[{"href":"https:\/\/program.appinconf.com\/program\/wp-json\/wp\/v2\/pages"}],"about":[{"href":"https:\/\/program.appinconf.com\/program\/wp-json\/wp\/v2\/types\/page"}],"author":[{"embeddable":true,"href":"https:\/\/program.appinconf.com\/program\/wp-json\/wp\/v2\/users\/1"}],"replies":[{"embeddable":true,"href":"https:\/\/program.appinconf.com\/program\/wp-json\/wp\/v2\/comments?post=201"}],"version-history":[{"count":4,"href":"https:\/\/program.appinconf.com\/program\/wp-json\/wp\/v2\/pages\/201\/revisions"}],"predecessor-version":[{"id":205,"href":"https:\/\/program.appinconf.com\/program\/wp-json\/wp\/v2\/pages\/201\/revisions\/205"}],"wp:attachment":[{"href":"https:\/\/program.appinconf.com\/program\/wp-json\/wp\/v2\/media?parent=201"}],"curies":[{"name":"wp","href":"https:\/\/api.w.org\/{rel}","templated":true}]}}