
{"id":334,"date":"2017-12-12T11:50:36","date_gmt":"2017-12-12T11:50:36","guid":{"rendered":"http:\/\/appsinmed.com\/program\/?page_id=334"},"modified":"2018-04-10T15:13:29","modified_gmt":"2018-04-10T15:13:29","slug":"barnveckan-2018","status":"publish","type":"page","link":"https:\/\/program.appinconf.com\/program\/barnveckan-2018\/","title":{"rendered":"Barnveckan 2018"},"content":{"rendered":"<p>[et_pb_section bb_built=&#8221;1&#8243; _builder_version=&#8221;3.0.72&#8243; custom_padding=&#8221;20px|0px|8px|0px&#8221;][et_pb_row background_color=&#8221;#ffffff&#8221; background_repeat_1=&#8221;no-repeat&#8221; _builder_version=&#8221;3.0.72&#8243; custom_padding=&#8221;11px|0px|2px|0px&#8221;][et_pb_column type=&#8221;4_4&#8243;][et_pb_text admin_label=&#8221;Image&#8221; _builder_version=&#8221;3.0.72&#8243;]<\/p>\n<p><img loading=\"lazy\" class=\"alignnone size-full wp-image-345 aligncenter\" src=\"http:\/\/appsinmed.com\/program\/wp-content\/uploads\/sites\/22\/2017\/12\/23265.jpg\" alt=\"\" width=\"770\" height=\"80\" srcset=\"https:\/\/program.appinconf.com\/program\/wp-content\/uploads\/sites\/22\/2017\/12\/23265.jpg 1001w, https:\/\/program.appinconf.com\/program\/wp-content\/uploads\/sites\/22\/2017\/12\/23265-300x31.jpg 300w, https:\/\/program.appinconf.com\/program\/wp-content\/uploads\/sites\/22\/2017\/12\/23265-768x80.jpg 768w\" sizes=\"(max-width: 770px) 100vw, 770px\" \/><\/p>\n<p>[\/et_pb_text][et_pb_text _builder_version=&#8221;3.0.72&#8243; custom_margin=&#8221;10px|10px|10px|10px&#8221; background_layout=&#8221;light&#8221; text_orientation=&#8221;left&#8221; border_style=&#8221;solid&#8221;]<\/p>\n<div>\n<p>Prelimin\u00e4rt program f\u00f6r Barnveckan 2018.<br \/>\nKlicka p\u00e5 aktuell dag och sedan p\u00e5 programpunkten f\u00f6r ytterligare information. Scrolla till h\u00f6ger dagarna tisdag-torsdag f\u00f6r att se alla programpunkter. Under \u201dFiltrera\u201d ses f\u00e4rgkodning f\u00f6r kategorier, till exempel f\u00f6rel\u00e4sning eller workshop.\u00a0Programmet uppdateras kontinuerligt.<\/p>\n<\/div>\n<p>[\/et_pb_text][\/et_pb_column][\/et_pb_row][\/et_pb_section][et_pb_section bb_built=&#8221;1&#8243; fullwidth=&#8221;on&#8221; _builder_version=&#8221;3.0.72&#8243;][et_pb_fullwidth_code _builder_version=&#8221;3.0.72&#8243;]&lt;div style=&#8221;max-width: 96%; margin-left: 2%;&#8221;&gt;&lt;!&#8211; [et_pb_line_break_holder] &#8211;&gt;\n<script type=\"text\/javascript\">\n    var allRooms = JSON.parse('[{\"name\":\"Stora Kongresshallen\",\"id\":1018},{\"name\":\"Lilla Kongresshallen\",\"id\":1021},{\"name\":\"Lilla Salen\",\"id\":1023},{\"name\":\"H\\u00f6rsalen\",\"id\":1024},{\"name\":\"Sal 301\",\"id\":1019},{\"name\":\"Sal 302\",\"id\":1020},{\"name\":\"Sal 103\",\"id\":1031},{\"name\":\"Sal 105\",\"id\":1030},{\"name\":\"Sal 107\",\"id\":1025},{\"name\":\"Sal 108\",\"id\":1026},{\"name\":\"Sal 109\",\"id\":1022},{\"name\":\"Sal 110\",\"id\":1029},{\"name\":\"Sal 201\",\"id\":1033},{\"name\":\"Sal 202\",\"id\":1028},{\"name\":\"Sal 203\",\"id\":1034},{\"name\":\"Hotell Plaza\",\"id\":1014},{\"name\":\"The Steam Hotel\",\"id\":1016},{\"name\":\"KonserthusTerassen\",\"id\":1032},{\"name\":\"Utst\\u00e4llningen\",\"id\":1013},{\"name\":\"Evenemangshallen\",\"id\":1008},{\"name\":\"Plan 1\",\"id\":1035}]');\n    var allCategories = JSON.parse('[{\"color\":\"#B2FF78\",\"name\":\"F\\u00f6rel\\u00e4sning\",\"id\":1002},{\"color\":\"#B2A1C9\",\"name\":\"Workshop\",\"id\":1003},{\"color\":\"#FFFA5C\",\"name\":\"M\\u00f6te\",\"id\":1004},{\"color\":\"#5CADFF\",\"name\":\"Kurs\",\"id\":1005},{\"color\":\"#FFB217\",\"name\":\"Seminarium\\\/Paneldebatt\",\"id\":1006}]');\n  <\/script>\n\n  <script type=\"text\/javascript\">\n    var templateUrl = 'https:\/\/program.appinconf.com\/program\/wp-content\/plugins\/wordpress_plugin_schedule\/img\/';\n  <\/script>\n\n  <input type=\"hidden\" id=\"new_cms\" value=\"0\" \/>\n  <input type=\"hidden\" id=\"spanning_color\" value=\"#E15AC2\" \/>\n  <input type=\"hidden\" id=\"spanning_text_color\" value=\"#000000\" \/>\n  <input type=\"hidden\" id=\"list_as_default\" value=\"0\" \/>\n  <input type=\"hidden\" id=\"fetch_abstract\" value=\"\" \/>\n  <input type=\"hidden\" id=\"show_abs_nbr\" value=\"\" \/>\n  <input type=\"hidden\" id=\"use-auto-heights\" value=\"false\" \/>\n  <input id='base_path' type='hidden' value='https:\/\/program.appinconf.com\/program\/wp-content\/plugins\/wordpress_plugin_schedule' \/>\n  <input id='project' type='hidden' value='project_338_2017_12_12' \/>\n  <input id='lang' type='hidden' value='sv' \/>\n  <input id='show_link_to_abstract' type='hidden' value='0' \/>\n\n  <div id=\"plugin_main_container\" style='height: 1980px;'>\n\n    \n    <div id=\"type_filter_div\" style=''>\n      <div class=\"btn-group\" role=\"group\" aria-label=\"...\">\n        <button id=\"show_graph_schedule_button\" type=\"button\" class=\"btn btn-default selected_list_type\">\n          <i class=\"fa fa-calendar\" aria-hidden=\"true\"><\/i>\n        <\/button>\n        <button id=\"show_list_schedule_button\" type=\"button\" class=\"btn btn-default \">\n          <i class=\"fa fa-list\" aria-hidden=\"true\"><\/i>\n        <\/button>\n        <button id=\"list_program_button_print\" type=\"button\" class=\"btn btn-default\" style=\"display: none;\">\n          <i class=\"fa fa-print\" aria-hidden=\"true\"><\/i>\n        <\/button>\n      <\/div>\n      \n    <\/div>\n\n    <div id=\"personal_filter_div\" style='display: none;'>\n        <div id=\"email-input-group\" class=\"email-input-group input-group\">\n          <span class=\"input-group-addon\" id=\"sizing-addon2\">@<\/span>\n          <input id=\"list_filter_input\" type=\"email\" class=\"form-control\" placeholder=\"Ange din email eller bokningsnummer\" aria-describedby=\"sizing-addon2\">\n        <\/div>\n        <button id=\"list_filter_button\" class=\"btn btn-primary\">Visa mitt program<\/button>\n\n    <\/div>\n\n    <div id=\"personal_filter_user_information\" style=\"display: none;\">\n      <i class=\"fa fa-user fa-2x\" aria-hidden=\"true\"><\/i><span id=\"personal_information\"><\/span>\n      <button id=\"list_filter_button_print\" class=\"btn btn-success hide\"><i class=\"fa fa-print\" aria-hidden=\"true\"><\/i><\/button>\n      <button id=\"list_filter_button_reset\" class=\"btn btn-danger hide\">\u00c5terst\u00e4ll<\/button>\n    <\/div>\n\n    <div id=\"list_calendar_container\" style='display: none;'>\n\n      <div id=\"list_filter_alert_div_not_found\" class=\"alert alert-info hide\" role=\"alert\">\n          <span>\n            Anv\u00e4ndaren kunde inte hittas. Var god f\u00f6rs\u00f6k igen.          <\/span>\n      <\/div>\n\n      <div id=\"list_filter_alert_div_error\" class=\"alert alert-info hide\" role=\"alert\">\n          <span>\n            Det uppstod ett problem n\u00e4r ditt program skulle h\u00e4mtas. Var god f\u00f6rs\u00f6k igen.          <\/span>\n      <\/div>\n\n      <div id=\"list_calendar_container_inner\" style=\"height: 1810px;\">\n\n          <div class='list_header' data-day='0' style='background-color: rgba(32, 132, 196, 0.83); color: rgba(255, 255, 255, 1);'>M\u00e5ndag 23 april<\/div>\n          <div class=\"box-wrapper\"\n              data-id=\"1002\">\n\n              <div class='time-header'>08:30<\/div>\n\n              <div class=\"box\"\n                data-id=\"1002\"\n                data-project=\"project_338_2017_12_12\"\n                data-title=\"Registreringen \u00e4r \u00f6ppen 08.30-17.00\"\n                data-time=\"08:30-10:00\"\n                data-room=\"Plan 1\"\n                data-room-id=\"1035\"\n                data-room-name=\"Plan 1\"\n                data-day=\"0\"\n                data-abs-nbr=\"\"\n                data-abs-path=\"\"\n                data-speaker=\"\"\n                data-speakercell=\"\"\n                data-info=\"                  &lt;p&gt;&lt;br&gt;&lt;\/p&gt;                 &lt;br&gt;&lt;br&gt;\"\n                data-category=\"\"\n                data-category-ids=\"\"\n                data-span-all=\"1\"\n              >\n\n              \n\n              <div class=\"vertical_bar\" style=\"background-color: rgba(255, 255, 255, 0);\"><\/div>\n              <div class=\"box_inner\">\n                                <span>Registreringen \u00e4r \u00f6ppen 08.30-17.00<\/span>\n               <br>\n               \n               <div class=\"room_div \">\n                 <i class=\"list-room\">Plan 1<\/i>\n               <\/div>\n\n               <div class=\"name_time_div\">\n                <i class=\"list-time\" data-time=\"08:30\">08:30-10:00 - M\u00e5ndag 23 april<\/i>\n               <\/div>\n              <\/div>\n             <\/div>\n          <\/div>\n\n          \n          <div class=\"box-wrapper\"\n              data-id=\"1003\">\n\n              <div class='time-header'>10:00<\/div>\n\n              <div class=\"box\"\n                data-id=\"1003\"\n                data-project=\"project_338_2017_12_12\"\n                data-title=\"INVIGNING av Barnveckan 2018 - Tema Barnets b\u00e4sta\"\n                data-time=\"10:00-12:00\"\n                data-room=\"Stora Kongresshallen\"\n                data-room-id=\"1018\"\n                data-room-name=\"Stora Kongresshallen\"\n                data-day=\"0\"\n                data-abs-nbr=\"\"\n                data-abs-path=\"\"\n                data-speaker=\"Lex Doyle, Professor of Neonatal Paediatrics, University of Melbourne; Margaretha  Stenmarker,  PhD, Barnonkolog, L\u00e4nssjukhuset Ryhov och Drottning Silvias barn- och ungdomssjukhus\"\n                data-speakercell=\"Lex Doyle, Professor of Neonatal Paediatrics, University of Melbourne; Margaretha  Stenmarker,  PhD, Barnonkolog, L\u00e4nssjukhuset Ryhov och Drottning Silvias barn- och ungdomssjukhus\"\n                data-info=\"                  &lt;p&gt;V\u00e4lkommen till Barnveckan 2018. &quot;Barnets b\u00e4sta&quot;&amp;nbsp;Organisationskommitt\u00e9n&lt;\/p&gt;                  &lt;p&gt;Long-term outcomes for the most immature infants \u2013 are we making any progress?&lt;br&gt;Lex Doyle,&amp;nbsp;Professor of Neonatal Paediatrics, University of Melbourne&lt;br&gt;&lt;a href=&quot;https:\/\/findanexpert.unimelb.edu.au\/display\/person15921#tab-publications&quot;&gt;https:\/\/findanexpert.unimelb.edu.au\/display\/person15921#tab-publications&lt;\/a&gt;&lt;\/p&gt;                  &lt;p&gt;Vem m\u00f6ter vem?&lt;br&gt;Om barnh\u00e4lsov\u00e5rd\/-sjukv\u00e5rd som en m\u00e4nsklig m\u00f6tesplats&amp;nbsp;&lt;br&gt;Margaretha Stenmarker, PhD, Paediatric oncologist&amp;nbsp;, L\u00e4nssjukhuset Ryhov och Drottning Silvias barn- och ungdomssjukhus Gothenburg.&lt;\/p&gt;                  &lt;p&gt;&lt;br&gt;&lt;\/p&gt;                  &lt;p&gt;&lt;br&gt;&lt;\/p&gt;                 &lt;br&gt;&lt;br&gt;\"\n                data-category=\"F\u00f6rel\u00e4sning\"\n                data-category-ids=\"1002\"\n                data-span-all=\"1\"\n              >\n\n              \n\n              <div class=\"vertical_bar\" style=\"background-color: #B2FF78;\"><\/div>\n              <div class=\"box_inner\">\n                                <span>INVIGNING av Barnveckan 2018 - Tema Barnets b\u00e4sta<\/span>\n               <br>\n               <div class=\"lecturer\"><span>Lex Doyle, Professor of Neonatal Paediatrics, University of Melbourne; Margaretha  Stenmarker,  PhD, Barnonkolog, L\u00e4nssjukhuset Ryhov och Drottning Silvias barn- och ungdomssjukhus<\/span><\/div>\n               <div class=\"room_div \">\n                 <i class=\"list-room\">Stora Kongresshallen<\/i>\n               <\/div>\n\n               <div class=\"name_time_div\">\n                <i class=\"list-time\" data-time=\"10:00\">10:00-12:00 - M\u00e5ndag 23 april<\/i>\n               <\/div>\n              <\/div>\n             <\/div>\n          <\/div>\n\n          \n          <div class=\"box-wrapper\"\n              data-id=\"1004\">\n\n              <div class='time-header'>12:00<\/div>\n\n              <div class=\"box\"\n                data-id=\"1004\"\n                data-project=\"project_338_2017_12_12\"\n                data-title=\"Lunch\"\n                data-time=\"12:00-13:15\"\n                data-room=\"Evenemangshallen\"\n                data-room-id=\"1008\"\n                data-room-name=\"Evenemangshallen\"\n                data-day=\"0\"\n                data-abs-nbr=\"\"\n                data-abs-path=\"\"\n                data-speaker=\"\"\n                data-speakercell=\"\"\n                data-info=\"\"\n                data-category=\"\"\n                data-category-ids=\"\"\n                data-span-all=\"1\"\n              >\n\n              \n\n              <div class=\"vertical_bar\" style=\"background-color: rgba(255, 255, 255, 0);\"><\/div>\n              <div class=\"box_inner\">\n                                <span>Lunch<\/span>\n               <br>\n               \n               <div class=\"room_div \">\n                 <i class=\"list-room\">Evenemangshallen<\/i>\n               <\/div>\n\n               <div class=\"name_time_div\">\n                <i class=\"list-time\" data-time=\"12:00\">12:00-13:15 - M\u00e5ndag 23 april<\/i>\n               <\/div>\n              <\/div>\n             <\/div>\n          <\/div>\n\n          \n          <div class=\"box-wrapper\"\n              data-id=\"1032\">\n\n              <div class='time-header'>13:15<\/div>\n\n              <div class=\"box\"\n                data-id=\"1032\"\n                data-project=\"project_338_2017_12_12\"\n                data-title=\"Verksamhetschefer\"\n                data-time=\"13:15-14:50\"\n                data-room=\"Sal 109\"\n                data-room-id=\"1022\"\n                data-room-name=\"Sal 109\"\n                data-day=\"0\"\n                data-abs-nbr=\"\"\n                data-abs-path=\"\"\n                data-speaker=\"\"\n                data-speakercell=\"\"\n                data-info=\"                  &lt;p&gt;13:15 Inledning&lt;i&gt; Andreas Ohlin&lt;\/i&gt;&lt;\/p&gt;                  &lt;p&gt;13:25 SKL Mark\u00f6rbaserad journalgranskning ochMiljardsatsningen p\u00e5 f\u00f6rlossningsv\u00e5rd och neonatal v\u00e5rd &lt;i&gt;Eva Estling, SKL&lt;\/i&gt;&lt;\/p&gt;                  &lt;p&gt;14:10 Diabit.se&lt;i&gt; Sam Nordfelt&lt;\/i&gt;&lt;\/p&gt;                  &lt;p&gt;14:30 Barnv\u00e4nlig sjukv\u00e5rd&lt;i&gt; Martin Price&amp;nbsp;Barnr\u00e4ttsombud, Uppsala&lt;\/i&gt;&lt;\/p&gt;                  &lt;p&gt;&lt;\/p&gt;                  &lt;p&gt;&lt;span style=&quot;font-weight: bold;&quot;&gt;Varmt v\u00e4lkomna!&lt;\/span&gt;&lt;\/p&gt;                 &lt;br&gt;&lt;br&gt;\"\n                data-category=\"M\u00f6te\"\n                data-category-ids=\"1004\"\n                data-span-all=\"\"\n              >\n\n              \n\n              <div class=\"vertical_bar\" style=\"background-color: #FFFA5C;\"><\/div>\n              <div class=\"box_inner\">\n                                <span>Verksamhetschefer<\/span>\n               <br>\n               \n               <div class=\"room_div \">\n                 <i class=\"list-room\">Sal 109<\/i>\n               <\/div>\n\n               <div class=\"name_time_div\">\n                <i class=\"list-time\" data-time=\"13:15\">13:15-14:50 - M\u00e5ndag 23 april<\/i>\n               <\/div>\n              <\/div>\n             <\/div>\n          <\/div>\n\n          \n          <div class=\"box-wrapper\"\n              data-id=\"1007\">\n\n              <div class='time-header' style='visibility: hidden;'>13:15<\/div>\n\n              <div class=\"box\"\n                data-id=\"1007\"\n                data-project=\"project_338_2017_12_12\"\n                data-title=\"Barn som far illa - H\u00e4lsa hos brottsutsatta barn. Samverkan och utredning vid misstanke om sp\u00e4dbarnsmisshandel\/AHT\"\n                data-time=\"13:15-14:00\"\n                data-room=\"H\u00f6rsalen\"\n                data-room-id=\"1024\"\n                data-room-name=\"H\u00f6rsalen\"\n                data-day=\"0\"\n                data-abs-nbr=\"\"\n                data-abs-path=\"\"\n                data-speaker=\"Louise Laurell, \u00d6verl\u00e4kare, VO Barn och ungdomsmedicin, Sk\u00e5nes universitetssjukhus; Johanna R\u00e4ntfors, Barnkirurg, Sahlgrenska Universitetssjukhuset, G\u00f6teborg; Bj\u00f6rn Tingberg, Barnafid\"\n                data-speakercell=\"Louise Laurell, \u00d6verl\u00e4kare, VO Barn och ungdomsmedicin, Sk\u00e5nes universitetssjukhus; Johanna R\u00e4ntfors, Barnkirurg, Sahlgrenska Universitetssjukhuset, G\u00f6teborg; Bj\u00f6rn Tingberg, Barnafid\"\n                data-info=\"&lt;b&gt;Moderatorer: &lt;\/b&gt;Louise Laurell, \u00d6verl\u00e4kare, VO Barn och ungdomsmedicin, Sk\u00e5nes universitetssjukhus; Johanna R\u00e4ntfors, Barnkirurg, Sahlgrenska Universitetssjukhuset, G\u00f6teborg&lt;br&gt;&lt;br&gt;                  &lt;p&gt;&lt;\/p&gt;                  &lt;p&gt;13.15 - 13.20 &lt;\/p&gt;&lt;p&gt;&lt;b&gt;Introduktion &lt;\/b&gt;&lt;\/p&gt;&lt;p&gt;Bj\u00f6rn Tingberg, Barnafrid \u2013Nationellt kunskapscentrum&lt;\/p&gt;&lt;p&gt;Peter Wide, \u00f6verl\u00e4kare, H.K.H. KronprinsessanVictorias barn- och ungdomssjukhus, Link\u00f6ping&lt;\/p&gt;&lt;p&gt;13.20 - 13.40&lt;\/p&gt;&lt;p&gt;&lt;b&gt;H\u00e4lsa hos brottsutsatta barn. Enstudie fr\u00e5n Barnahus mellersta Sk\u00e5ne i Lund &lt;\/b&gt;&lt;\/p&gt;&lt;p&gt;Louise Laurell, \u00f6verl\u00e4kare VO barn-och ungdomsmedicin, Sk\u00e5nes universitetssjukhus&lt;\/p&gt;&lt;p&gt;13.40 - 14.00&lt;\/p&gt;&lt;p&gt;&lt;b&gt;Samverkan och utredning vid misstankeom sp\u00e4dbarnsmisshandel\/AHT, f\u00f6rslag till nationella riktlinjer&lt;\/b&gt;&lt;\/p&gt;&lt;p&gt;Johanna R\u00e4ntfors, \u00f6verl\u00e4kareBarnkirurgi, Drottning Silvias barn &amp;amp; Ungdomssjukhus, Barnskyddsteamet iVGR&lt;\/p&gt;                  &lt;p&gt; &lt;\/p&gt;                 &lt;br&gt;&lt;br&gt;\"\n                data-category=\"Seminarium\/Paneldebatt\"\n                data-category-ids=\"1006\"\n                data-span-all=\"\"\n              >\n\n              \n\n              <div class=\"vertical_bar\" style=\"background-color: #FFB217;\"><\/div>\n              <div class=\"box_inner\">\n                                <span>Barn som far illa - H\u00e4lsa hos brottsutsatta barn. Samverkan och utredning vid misstanke om sp\u00e4dbarnsmisshandel\/AHT<\/span>\n               <br>\n               <div class=\"lecturer\"><span>Louise Laurell, \u00d6verl\u00e4kare, VO Barn och ungdomsmedicin, Sk\u00e5nes universitetssjukhus; Johanna R\u00e4ntfors, Barnkirurg, Sahlgrenska Universitetssjukhuset, G\u00f6teborg; Bj\u00f6rn Tingberg, Barnafid<\/span><\/div>\n               <div class=\"room_div \">\n                 <i class=\"list-room\">H\u00f6rsalen<\/i>\n               <\/div>\n\n               <div class=\"name_time_div\">\n                <i class=\"list-time\" data-time=\"13:15\">13:15-14:00 - M\u00e5ndag 23 april<\/i>\n               <\/div>\n              <\/div>\n             <\/div>\n          <\/div>\n\n          \n          <div class=\"box-wrapper\"\n              data-id=\"1005\">\n\n              <div class='time-header' style='visibility: hidden;'>13:15<\/div>\n\n              <div class=\"box\"\n                data-id=\"1005\"\n                data-project=\"project_338_2017_12_12\"\n                data-title=\"Kraniosynostos\"\n                data-time=\"13:15-14:50\"\n                data-room=\"Sal 301\"\n                data-room-id=\"1019\"\n                data-room-name=\"Sal 301\"\n                data-day=\"0\"\n                data-abs-nbr=\"\"\n                data-abs-path=\"\"\n                data-speaker=\"Lars K\u00f6lby, Professor, Sahlgrenska sjukhuset, G\u00f6teborg; Marizela Kljajic, Psykolog, Sahlgrenska Universitetssjukhuset, Plas\"\n                data-speakercell=\"Lars K\u00f6lby, Professor, Sahlgrenska sjukhuset, G\u00f6teborg; Marizela Kljajic, Psykolog, Sahlgrenska Universitetssjukhuset, Plas\"\n                data-info=\"                  &lt;p&gt;Kraniosynostos, l\u00e4gesbetingad plagiocefali och syndrom. Klinik, forskningsresultat, barnens utveckling med mera.&lt;\/p&gt;                  &lt;p&gt;&lt;br&gt;&lt;\/p&gt;                  &lt;p&gt;&lt;br&gt;&lt;\/p&gt;                 &lt;br&gt;&lt;br&gt;\"\n                data-category=\"F\u00f6rel\u00e4sning\"\n                data-category-ids=\"1002\"\n                data-span-all=\"\"\n              >\n\n              \n\n              <div class=\"vertical_bar\" style=\"background-color: #B2FF78;\"><\/div>\n              <div class=\"box_inner\">\n                                <span>Kraniosynostos<\/span>\n               <br>\n               <div class=\"lecturer\"><span>Lars K\u00f6lby, Professor, Sahlgrenska sjukhuset, G\u00f6teborg; Marizela Kljajic, Psykolog, Sahlgrenska Universitetssjukhuset, Plas<\/span><\/div>\n               <div class=\"room_div \">\n                 <i class=\"list-room\">Sal 301<\/i>\n               <\/div>\n\n               <div class=\"name_time_div\">\n                <i class=\"list-time\" data-time=\"13:15\">13:15-14:50 - M\u00e5ndag 23 april<\/i>\n               <\/div>\n              <\/div>\n             <\/div>\n          <\/div>\n\n          \n          <div class=\"box-wrapper\"\n              data-id=\"1008\">\n\n              <div class='time-header' style='visibility: hidden;'>13:15<\/div>\n\n              <div class=\"box\"\n                data-id=\"1008\"\n                data-project=\"project_338_2017_12_12\"\n                data-title=\"Obesitas - Behandling av barnfetma idag, Blodtryck\"\n                data-time=\"13:15-14:50\"\n                data-room=\"Sal 302\"\n                data-room-id=\"1020\"\n                data-room-name=\"Sal 302\"\n                data-day=\"0\"\n                data-abs-nbr=\"\"\n                data-abs-path=\"\"\n                data-speaker=\"Pernilla Danielsson Liljeqvist, PhD, Barnsjuksk\u00f6terska, Karolinska universitetssjukhuset Huddinge, BORIS-registret; Carl-Erik Flodmark, Barnl\u00e4kare, Sk\u00e5nes universitetssjukhus; Emilia Hagman, PhD, Karolinska institutet; Paulina Nowicka, Docent, Karolinska institutet, Stockholm\"\n                data-speakercell=\"Pernilla Danielsson Liljeqvist, PhD, Barnsjuksk\u00f6terska, Karolinska universitetssjukhuset Huddinge, BORIS-registret; Carl-Erik Flodmark, Barnl\u00e4kare, Sk\u00e5nes universitetssjukhus; Emilia Hagman, PhD, Karolinska institutet; Paulina Nowicka, Docent, Karolinska institutet, Stockholm\"\n                data-info=\"                 &lt;p&gt; &lt;\/p&gt;                 &lt;p&gt;&lt;b&gt;Pass 1 13.15-14.50&lt;\/b&gt;&lt;br&gt;&lt;\/p&gt;                  &lt;p&gt;Behandlingen av barnfetma i Sverige idag - Hur ser resultaten ut? Vilka internationella rekommendationer finns f\u00f6r en effektiv behandling? F\u00f6rslag p\u00e5 nationella riktlinjer.&amp;nbsp;&lt;\/p&gt;                 &lt;p&gt;\u00b7&amp;nbsp;&amp;nbsp;&amp;nbsp;&amp;nbsp;&amp;nbsp;&amp;nbsp;&amp;nbsp;Uppn\u00e5r vi m\u00e5len och hur \u00e4r trenden? Resultat fr\u00e5n V\u00e5rden i siffror&amp;nbsp;&lt;i&gt;Pernilla Danielsson&lt;\/i&gt;&lt;\/p&gt;                 &lt;p&gt;\u00b7&amp;nbsp;&amp;nbsp;&amp;nbsp;&amp;nbsp;&amp;nbsp;&amp;nbsp;&amp;nbsp;Behandlingsmodeller i Sverige, vilka rekommendationer finns internationellt?&amp;nbsp;&lt;\/p&gt;                 &lt;p&gt;\u00b7&amp;nbsp;&amp;nbsp;&amp;nbsp;&amp;nbsp;&amp;nbsp;&amp;nbsp;&amp;nbsp;Vad \u00e4r en acceptabel niv\u00e5 avseende bes\u00f6ksfrekvens och inneh\u00e5ll f\u00f6r att kalla det vi g\u00f6r beteendemodifierande behandling?&amp;nbsp;&lt;\/p&gt;                 &lt;p&gt;\u00b7&amp;nbsp;&amp;nbsp;&amp;nbsp;&amp;nbsp;&amp;nbsp;&amp;nbsp;&amp;nbsp;Ska vi ta fram nationella riktlinjer f\u00f6r miniminiv\u00e5 p\u00e5 beteendemodifierande behandling?&amp;nbsp;&lt;\/p&gt;                  &lt;div&gt;                   &lt;i&gt;Pernilla Danielsson Liljeqvist, Paulina Nowicka och Claude Marcus&lt;\/i&gt;                  &lt;\/div&gt;                  &lt;div&gt;                   &amp;nbsp;                  &lt;\/div&gt;Blodtryck - En uppdatering av dagsl\u00e4get samt&amp;nbsp;genomg\u00e5ng av det finala programmet vid utredning och&amp;nbsp;behandling&amp;nbsp;av&amp;nbsp;barnfetma                 &lt;p&gt; &lt;\/p&gt;                 &lt;p&gt;\u00b7&amp;nbsp; &amp;nbsp; &amp;nbsp; &amp;nbsp;En uppdatering avdagsl\u00e4get samt&amp;nbsp;genomg\u00e5ng av finalt program utifr\u00e5n det som beslutades vid\u00e5rsm\u00f6tet oktober 2017 och efter samr\u00e5d med barnnefrologin.&amp;nbsp;&amp;nbsp;&lt;i&gt;CarlErik Flodmark &amp;amp; Emilia Hagman&lt;\/i&gt;&lt;\/p&gt;                &lt;br&gt;&lt;br&gt;\"\n                data-category=\"F\u00f6rel\u00e4sning\"\n                data-category-ids=\"1002\"\n                data-span-all=\"\"\n              >\n\n              \n\n              <div class=\"vertical_bar\" style=\"background-color: #B2FF78;\"><\/div>\n              <div class=\"box_inner\">\n                                <span>Obesitas - Behandling av barnfetma idag, Blodtryck<\/span>\n               <br>\n               <div class=\"lecturer\"><span>Pernilla Danielsson Liljeqvist, PhD, Barnsjuksk\u00f6terska, Karolinska universitetssjukhuset Huddinge, BORIS-registret; Carl-Erik Flodmark, Barnl\u00e4kare, Sk\u00e5nes universitetssjukhus; Emilia Hagman, PhD, Karolinska institutet; Paulina Nowicka, Docent, Karolinska institutet, Stockholm<\/span><\/div>\n               <div class=\"room_div \">\n                 <i class=\"list-room\">Sal 302<\/i>\n               <\/div>\n\n               <div class=\"name_time_div\">\n                <i class=\"list-time\" data-time=\"13:15\">13:15-14:50 - M\u00e5ndag 23 april<\/i>\n               <\/div>\n              <\/div>\n             <\/div>\n          <\/div>\n\n          \n          <div class=\"box-wrapper\"\n              data-id=\"1009\">\n\n              <div class='time-header' style='visibility: hidden;'>13:15<\/div>\n\n              <div class=\"box\"\n                data-id=\"1009\"\n                data-project=\"project_338_2017_12_12\"\n                data-title=\"Barnonkologi - Akut onkologi\"\n                data-time=\"13:15-14:50\"\n                data-room=\"Lilla Kongresshallen\"\n                data-room-id=\"1021\"\n                data-room-name=\"Lilla Kongresshallen\"\n                data-day=\"0\"\n                data-abs-nbr=\"\"\n                data-abs-path=\"\"\n                data-speaker=\"Gustaf Ljungman, Professor, Barnl\u00e4kare, Akademiska barnsjukhuset, Uppsala; Johan Arvidson, Docent, barnonkolog, Uppsala universitet, Akademiska barnsjukhuset\"\n                data-speakercell=\"Gustaf Ljungman, Professor, Barnl\u00e4kare, Akademiska barnsjukhuset, Uppsala; Johan Arvidson, Docent, barnonkolog, Uppsala universitet, Akademiska barnsjukhuset\"\n                data-info=\"                  &lt;p&gt;Fallbaserad akut onkologi (JA och GL)&lt;\/p&gt;                 &lt;br&gt;&lt;br&gt;\"\n                data-category=\"F\u00f6rel\u00e4sning\"\n                data-category-ids=\"1002\"\n                data-span-all=\"\"\n              >\n\n              \n\n              <div class=\"vertical_bar\" style=\"background-color: #B2FF78;\"><\/div>\n              <div class=\"box_inner\">\n                                <span>Barnonkologi - Akut onkologi<\/span>\n               <br>\n               <div class=\"lecturer\"><span>Gustaf Ljungman, Professor, Barnl\u00e4kare, Akademiska barnsjukhuset, Uppsala; Johan Arvidson, Docent, barnonkolog, Uppsala universitet, Akademiska barnsjukhuset<\/span><\/div>\n               <div class=\"room_div \">\n                 <i class=\"list-room\">Lilla Kongresshallen<\/i>\n               <\/div>\n\n               <div class=\"name_time_div\">\n                <i class=\"list-time\" data-time=\"13:15\">13:15-14:50 - M\u00e5ndag 23 april<\/i>\n               <\/div>\n              <\/div>\n             <\/div>\n          <\/div>\n\n          \n          <div class=\"box-wrapper\"\n              data-id=\"1006\">\n\n              <div class='time-header' style='visibility: hidden;'>13:15<\/div>\n\n              <div class=\"box\"\n                data-id=\"1006\"\n                data-project=\"project_338_2017_12_12\"\n                data-title=\"Neonatalogi - Neonatal-HLR och larynxmask\"\n                data-time=\"13:15-14:00\"\n                data-room=\"Stora Kongresshallen\"\n                data-room-id=\"1018\"\n                data-room-name=\"Stora Kongresshallen\"\n                data-day=\"0\"\n                data-abs-nbr=\"\"\n                data-abs-path=\"\"\n                data-speaker=\"Terje Blomstrand, Anestesiolog, V\u00e4rnamo\"\n                data-speakercell=\"Terje Blomstrand, Anestesiolog, V\u00e4rnamo\"\n                data-info=\"&lt;b&gt;Moderatorer: &lt;\/b&gt;Barbro Diderholm, Neonatolog, Akademiska barnsjukhuset&lt;br&gt;&lt;br&gt;                  &lt;p&gt;Neonatalogi&lt;\/p&gt;                  &lt;p&gt;&lt;br&gt;&lt;br&gt;&lt;\/p&gt;                 &lt;br&gt;&lt;br&gt;\"\n                data-category=\"F\u00f6rel\u00e4sning\"\n                data-category-ids=\"1002\"\n                data-span-all=\"\"\n              >\n\n              \n\n              <div class=\"vertical_bar\" style=\"background-color: #B2FF78;\"><\/div>\n              <div class=\"box_inner\">\n                                <span>Neonatalogi - Neonatal-HLR och larynxmask<\/span>\n               <br>\n               <div class=\"lecturer\"><span>Terje Blomstrand, Anestesiolog, V\u00e4rnamo<\/span><\/div>\n               <div class=\"room_div \">\n                 <i class=\"list-room\">Stora Kongresshallen<\/i>\n               <\/div>\n\n               <div class=\"name_time_div\">\n                <i class=\"list-time\" data-time=\"13:15\">13:15-14:00 - M\u00e5ndag 23 april<\/i>\n               <\/div>\n              <\/div>\n             <\/div>\n          <\/div>\n\n          \n          <div class=\"box-wrapper\"\n              data-id=\"1010\">\n\n              <div class='time-header' style='visibility: hidden;'>13:15<\/div>\n\n              <div class=\"box\"\n                data-id=\"1010\"\n                data-project=\"project_338_2017_12_12\"\n                data-title=\"Barnv\u00e4nlig sjukv\u00e5rd - hur kan det m\u00e4tas? \"\n                data-time=\"13:15-14:00\"\n                data-room=\"Lilla Salen\"\n                data-room-id=\"1023\"\n                data-room-name=\"Lilla Salen\"\n                data-day=\"0\"\n                data-abs-nbr=\"\"\n                data-abs-path=\"\"\n                data-speaker=\"Martin Price, Barnr\u00e4ttsombud f\u00f6r Region Uppsala; Ann  Elmqvist-Fridh, Enhetschef lekterapin Region Sk\u00e5ne, Barnl\u00e4kare fr\u00e5n Akademiska bansjukhuset; Britt-Marie Frost, Barnonkolog\/Sektionschef, Akademiska barnsjukhuset\"\n                data-speakercell=\"Martin Price, Barnr\u00e4ttsombud f\u00f6r Region Uppsala; Ann  Elmqvist-Fridh, Enhetschef lekterapin Region Sk\u00e5ne, Barnl\u00e4kare fr\u00e5n Akademiska bansjukhuset; Britt-Marie Frost, Barnonkolog\/Sektionschef, Akademiska barnsjukhuset\"\n                data-info=\"                  &lt;p&gt;Presentationav f\u00f6rslag till kriterier och en pilotstudie genomf\u00f6rd i barnsjukv\u00e5rden p\u00e5Sk\u00e5nes Universitetssjukhus och p\u00e5 Akademiska barnsjukhuset i Uppsala.&amp;nbsp;&lt;\/p&gt;                  &lt;p&gt;&lt;br&gt;Vi vill bilda ett n\u00e4tverk f\u00f6r barnv\u00e4nlig v\u00e5rd \u00f6verallt d\u00e4r barn och ungav\u00e5rdas.&lt;\/p&gt;                  &lt;p&gt;MartinPrice, Barnr\u00e4ttsombud f\u00f6r Region Uppsala&lt;br&gt;Ann Elmqvist-Fridh, Enhetschef lekterapin Region Sk\u00e5ne &lt;br&gt;Barnl\u00e4kare fr\u00e5n Akademiska barnsjukhuset&lt;br&gt;&lt;\/p&gt;                  &lt;p&gt;L\u00e4smer p\u00e5 &lt;a href=&quot;http:\/\/www.boiu.se\/region&quot;&gt;www.boiu.se\/region&lt;\/a&gt;&lt;\/p&gt;                 &lt;br&gt;&lt;br&gt;\"\n                data-category=\"Workshop\"\n                data-category-ids=\"1003\"\n                data-span-all=\"\"\n              >\n\n              \n\n              <div class=\"vertical_bar\" style=\"background-color: #B2A1C9;\"><\/div>\n              <div class=\"box_inner\">\n                                <span>Barnv\u00e4nlig sjukv\u00e5rd - hur kan det m\u00e4tas? <\/span>\n               <br>\n               <div class=\"lecturer\"><span>Martin Price, Barnr\u00e4ttsombud f\u00f6r Region Uppsala; Ann  Elmqvist-Fridh, Enhetschef lekterapin Region Sk\u00e5ne, Barnl\u00e4kare fr\u00e5n Akademiska bansjukhuset; Britt-Marie Frost, Barnonkolog\/Sektionschef, Akademiska barnsjukhuset<\/span><\/div>\n               <div class=\"room_div \">\n                 <i class=\"list-room\">Lilla Salen<\/i>\n               <\/div>\n\n               <div class=\"name_time_div\">\n                <i class=\"list-time\" data-time=\"13:15\">13:15-14:00 - M\u00e5ndag 23 april<\/i>\n               <\/div>\n              <\/div>\n             <\/div>\n          <\/div>\n\n          \n          <div class=\"box-wrapper\"\n              data-id=\"1028\">\n\n              <div class='time-header' style='visibility: hidden;'>13:15<\/div>\n\n              <div class=\"box\"\n                data-id=\"1028\"\n                data-project=\"project_338_2017_12_12\"\n                data-title=\"Studierektorerna\"\n                data-time=\"13:15-14:50\"\n                data-room=\"Sal 107\"\n                data-room-id=\"1025\"\n                data-room-name=\"Sal 107\"\n                data-day=\"0\"\n                data-abs-nbr=\"\"\n                data-abs-path=\"\"\n                data-speaker=\"Eva Albinsson, Barnl\u00e4kare, Landstinget i V\u00e4rmland\"\n                data-speakercell=\"Eva Albinsson, Barnl\u00e4kare, Landstinget i V\u00e4rmland\"\n                data-info=\"                  &lt;p&gt;\u00c5rligt m\u00f6te f\u00f6r landets Studierektorer i pediatrik. Allm\u00e4n presentation (\u00f6vriga fr\u00e5gor). Diskussion kring Utbildningsguiden, Bed\u00f6mningsmetoder, Kompetenstrappan, SK-kurser 2019-2022, kn\u00e4ckfall?&lt;\/p&gt;                  &lt;p&gt;&lt;span style=&quot;font-weight: bold;&quot;&gt;Agenda&lt;\/span&gt;&lt;\/p&gt;                  &lt;p&gt;13.15-13.40&amp;nbsp; &amp;nbsp;V\u00e4lkommen och presentation av n\u00e4rvarande SR (\u00c5sa Helblom\/Eva Albinsson)&lt;\/p&gt;                  &lt;p&gt;13.40-13.55&amp;nbsp; &amp;nbsp;Utbildningsutskottet - info och nya medlemmar&lt;\/p&gt;                  &lt;p&gt;13.55-14.10&amp;nbsp; &amp;nbsp;Specialistskrivningen - rapport om f\u00f6rra \u00e5rets skrivning och fortsatt planering (Eva Albinsson\/\u00c5sa Myrelid)&lt;\/p&gt;                  &lt;p&gt;14.10-14.50&amp;nbsp; &amp;nbsp;SK-kurser, info om upphandlingen och prioritering. Hur kan vi f\u00e5 fler att arrangera kurser? (Eva Albinsson)&lt;\/p&gt;                  &lt;p&gt;15.25-16.10&amp;nbsp; &amp;nbsp;Bed\u00f6mningsmetoder f\u00f6r ST-l\u00e4kare (John Terlinder)&lt;\/p&gt;                  &lt;p&gt;16.10-16.45&amp;nbsp; &amp;nbsp;Hur g\u00f6r vi n\u00e4r inte ST-l\u00e4karen uppfyller m\u00e5len? (Diskussion) (John Terlinder)&lt;\/p&gt;                  &lt;p&gt;16.45-17.00&amp;nbsp; &amp;nbsp;\u00d6vriga fr\u00e5gor&lt;\/p&gt;                 &lt;br&gt;&lt;br&gt;\"\n                data-category=\"M\u00f6te\"\n                data-category-ids=\"1004\"\n                data-span-all=\"\"\n              >\n\n              \n\n              <div class=\"vertical_bar\" style=\"background-color: #FFFA5C;\"><\/div>\n              <div class=\"box_inner\">\n                                <span>Studierektorerna<\/span>\n               <br>\n               <div class=\"lecturer\"><span>Eva Albinsson, Barnl\u00e4kare, Landstinget i V\u00e4rmland<\/span><\/div>\n               <div class=\"room_div \">\n                 <i class=\"list-room\">Sal 107<\/i>\n               <\/div>\n\n               <div class=\"name_time_div\">\n                <i class=\"list-time\" data-time=\"13:15\">13:15-14:50 - M\u00e5ndag 23 april<\/i>\n               <\/div>\n              <\/div>\n             <\/div>\n          <\/div>\n\n          \n          <div class=\"box-wrapper\"\n              data-id=\"1016\">\n\n              <div class='time-header'>14:05<\/div>\n\n              <div class=\"box\"\n                data-id=\"1016\"\n                data-project=\"project_338_2017_12_12\"\n                data-title=\"Clownetterna - Barnkonspirationen - en barnlig musikal\"\n                data-time=\"14:05-14:50\"\n                data-room=\"Lilla Salen\"\n                data-room-id=\"1023\"\n                data-room-name=\"Lilla Salen\"\n                data-day=\"0\"\n                data-abs-nbr=\"\"\n                data-abs-path=\"\"\n                data-speaker=\"Pia \"Dr Musik\" Degr\u00e9us, Sjukhusclown, Clownetterna; Jenny \"Hopp-San\" Carlsson, Sjukhusclown, Clownetterna; Kristian \"Krusbert\" Elmeskog, Sjukhusclown, Clownetterna; Lina \"LillaSyster\" Degr\u00e9us, Sjukhusclown, Clownetterna; Adam \"Hemling\" Brom\u00e9e, Sjukhusclown, Clownetterna\"\n                data-speakercell=\"Pia \"Dr Musik\" Degr\u00e9us, Sjukhusclown, Clownetterna; Jenny \"Hopp-San\" Carlsson, Sjukhusclown, Clownetterna; Kristian \"Krusbert\" Elmeskog, Sjukhusclown, Clownetterna; Lina \"LillaSyster\" Degr\u00e9us, Sjukhusclown, Clownetterna; Adam \"Hemling\" Brom\u00e9e, Sjukhusclown, Clownetterna\"\n                data-info=\"                  &lt;p&gt;En musikal som vill unders\u00f6ka barns b\u00e4sta utifr\u00e5n Barnkonventionens olika perspektiv. Hur sjukhusmilj\u00f6n, kulturella skillnader och bem\u00f6tande kan upplevas olika beroende p\u00e5 vem du \u00e4r; barn, f\u00f6r\u00e4lder eller personal.&lt;br&gt;&lt;\/p&gt;                  &lt;p&gt;Skriven, producerad och framf\u00f6rd av Clownetterna, V\u00e4ster\u00e5s&amp;nbsp;&lt;\/p&gt;&lt;p&gt;&lt;span style=&quot;font-style: italic;&quot;&gt;Samma workshop arrangeras vid fler tillf\u00e4llen.&lt;\/span&gt;&lt;\/p&gt;                 &lt;br&gt;&lt;br&gt;\"\n                data-category=\"Workshop\"\n                data-category-ids=\"1003\"\n                data-span-all=\"\"\n              >\n\n              \n\n              <div class=\"vertical_bar\" style=\"background-color: #B2A1C9;\"><\/div>\n              <div class=\"box_inner\">\n                                <span>Clownetterna - Barnkonspirationen - en barnlig musikal<\/span>\n               <br>\n               <div class=\"lecturer\"><span>Pia \"Dr Musik\" Degr\u00e9us, Sjukhusclown, Clownetterna; Jenny \"Hopp-San\" Carlsson, Sjukhusclown, Clownetterna; Kristian \"Krusbert\" Elmeskog, Sjukhusclown, Clownetterna; Lina \"LillaSyster\" Degr\u00e9us, Sjukhusclown, Clownetterna; Adam \"Hemling\" Brom\u00e9e, Sjukhusclown, Clownetterna<\/span><\/div>\n               <div class=\"room_div \">\n                 <i class=\"list-room\">Lilla Salen<\/i>\n               <\/div>\n\n               <div class=\"name_time_div\">\n                <i class=\"list-time\" data-time=\"14:05\">14:05-14:50 - M\u00e5ndag 23 april<\/i>\n               <\/div>\n              <\/div>\n             <\/div>\n          <\/div>\n\n          \n          <div class=\"box-wrapper\"\n              data-id=\"1012\">\n\n              <div class='time-header' style='visibility: hidden;'>14:05<\/div>\n\n              <div class=\"box\"\n                data-id=\"1012\"\n                data-project=\"project_338_2017_12_12\"\n                data-title=\"Neonatalogi - Neo-HLR har larynxmasken n\u00e5gon plats?\"\n                data-time=\"14:05-14:50\"\n                data-room=\"Stora Kongresshallen\"\n                data-room-id=\"1018\"\n                data-room-name=\"Stora Kongresshallen\"\n                data-day=\"0\"\n                data-abs-nbr=\"\"\n                data-abs-path=\"\"\n                data-speaker=\"Linda Wallstr\u00f6m,  Neonatolog, Akademiska barnsjukhuset Uppsala\"\n                data-speakercell=\"Linda Wallstr\u00f6m,  Neonatolog, Akademiska barnsjukhuset Uppsala\"\n                data-info=\"&lt;b&gt;Moderatorer: &lt;\/b&gt;Barbro Diderholm, Neonatolog, Akademiska barnsjukhuset&lt;br&gt;&lt;br&gt;                  &lt;p&gt;Neonatalogi&lt;\/p&gt;                  &lt;p&gt;Linda Wallstr\u00f6m Neonatolog, UAS&lt;\/p&gt;                  &lt;p&gt;&lt;br&gt;&lt;\/p&gt;                 &lt;br&gt;&lt;br&gt;\"\n                data-category=\"F\u00f6rel\u00e4sning\"\n                data-category-ids=\"1002\"\n                data-span-all=\"\"\n              >\n\n              \n\n              <div class=\"vertical_bar\" style=\"background-color: #B2FF78;\"><\/div>\n              <div class=\"box_inner\">\n                                <span>Neonatalogi - Neo-HLR har larynxmasken n\u00e5gon plats?<\/span>\n               <br>\n               <div class=\"lecturer\"><span>Linda Wallstr\u00f6m,  Neonatolog, Akademiska barnsjukhuset Uppsala<\/span><\/div>\n               <div class=\"room_div \">\n                 <i class=\"list-room\">Stora Kongresshallen<\/i>\n               <\/div>\n\n               <div class=\"name_time_div\">\n                <i class=\"list-time\" data-time=\"14:05\">14:05-14:50 - M\u00e5ndag 23 april<\/i>\n               <\/div>\n              <\/div>\n             <\/div>\n          <\/div>\n\n          \n          <div class=\"box-wrapper\"\n              data-id=\"1013\">\n\n              <div class='time-header' style='visibility: hidden;'>14:05<\/div>\n\n              <div class=\"box\"\n                data-id=\"1013\"\n                data-project=\"project_338_2017_12_12\"\n                data-title=\"Barn som far illa - Paneldebatt\/diskussion: Samverkan p\u00e5 barnahus kring brottsutsatta barn\"\n                data-time=\"14:05-14:50\"\n                data-room=\"H\u00f6rsalen\"\n                data-room-id=\"1024\"\n                data-room-name=\"H\u00f6rsalen\"\n                data-day=\"0\"\n                data-abs-nbr=\"\"\n                data-abs-path=\"\"\n                data-speaker=\"Johanna R\u00e4ntfors, Barnkirurg, Sahlgrenska Universitetssjukhuset, G\u00f6teborg; Louise Laurell, \u00d6verl\u00e4kare, VO Barn och ungdomsmedicin, Sk\u00e5nes universitetssjukhus; Stina Sj\u00f6qvist, Kammar\u00e5klagare, \u00c5klagarmyndigheten; Angeline Eliasson, R\u00e4ttsl\u00e4kare, R\u00e4ttsmedicinalverket; Peter Wide, Barnl\u00e4kare, H.K.H. Kronprinsessan Viktorias Barn- och ungdoms; Kristin Larsson, Psykolog, BUP och Barnahus, V\u00e4ster\u00e5s\"\n                data-speakercell=\"Johanna R\u00e4ntfors, Barnkirurg, Sahlgrenska Universitetssjukhuset, G\u00f6teborg; Louise Laurell, \u00d6verl\u00e4kare, VO Barn och ungdomsmedicin, Sk\u00e5nes universitetssjukhus; Stina Sj\u00f6qvist, Kammar\u00e5klagare, \u00c5klagarmyndigheten; Angeline Eliasson, R\u00e4ttsl\u00e4kare, R\u00e4ttsmedicinalverket; Peter Wide, Barnl\u00e4kare, H.K.H. Kronprinsessan Viktorias Barn- och ungdoms; Kristin Larsson, Psykolog, BUP och Barnahus, V\u00e4ster\u00e5s\"\n                data-info=\"&lt;b&gt;Moderatorer: &lt;\/b&gt;Louise Laurell, \u00d6verl\u00e4kare, VO Barn och ungdomsmedicin, Sk\u00e5nes universitetssjukhus&lt;br&gt;&lt;br&gt;                  &lt;p&gt; &lt;\/p&gt;                  &lt;p&gt; &lt;\/p&gt;                  &lt;p&gt;&lt;b&gt;Paneldebatt\/diskussion: &lt;\/b&gt;Samverkan p\u00e5 barnahus kring brottsutsatta barn&lt;br&gt;&lt;\/p&gt;                  &lt;p&gt;14.05 - 14.50&lt;\/p&gt;&lt;p&gt;&lt;b&gt;Paneldebatt\/diskussion &lt;\/b&gt;&lt;\/p&gt;&lt;p&gt;Moderatorer: &lt;\/p&gt;&lt;p&gt;Johanna R\u00e4ntfors och Louise Laurell&lt;\/p&gt;&lt;p&gt;Paneldeltagare:&lt;\/p&gt;&lt;p&gt;&lt;ul&gt;&lt;li&gt;Kristin Larsson, psykolog p\u00e5 BUP ochBarnahus i V\u00e4ster\u00e5s&lt;br&gt;&lt;\/li&gt;&lt;li&gt;Peter Wide, l\u00e4kare barn- ochungdomsmedicin, Link\u00f6ping&lt;br&gt;&lt;\/li&gt;&lt;li&gt;Beata Skanse, l\u00e4kare barn- ochungdomsmedicin, Kristianstad&lt;br&gt;&lt;\/li&gt;&lt;li&gt;Lena Lagerstr\u00f6m, socialsekreterare,V\u00e4ster\u00e5s&lt;br&gt;&lt;\/li&gt;&lt;li&gt;Lotten Eriksson, polis, V\u00e4ster\u00e5s&lt;br&gt;&lt;\/li&gt;&lt;li&gt;Stina \u00c5qvist, \u00e5klagare, G\u00f6teborg&lt;br&gt;&lt;\/li&gt;&lt;li&gt;Angeline Eliasson, l\u00e4kare RMV, Lund &lt;i&gt;(deltar via videol\u00e4nk)&lt;\/i&gt;&lt;br&gt;&lt;\/li&gt;&lt;li&gt;Bj\u00f6rn Tingberg, ssk Med dr, Nationelltkunskapscentrum Barnafrid&lt;\/li&gt;&lt;\/ul&gt;&lt;\/p&gt;&lt;p&gt;&lt;br&gt;&lt;\/p&gt;&lt;p&gt;Exempel p\u00e5 fr\u00e5gor att diskutera i panelen:&lt;br&gt;&lt;\/p&gt;                  &lt;p&gt;&lt;\/p&gt;                  &lt;ul&gt;                   &lt;li&gt;Hur kan samverkan vid Barnahus bidra till att barn som far illa uppma?rksammas och barnets situation fo?rba?ttras?&lt;br&gt;&lt;\/li&gt;                   &lt;li&gt;Hur kan samverkansmodellen Barnahus bidra till ett o?kat fokus pa?brottsutsatta barns ha?lsa?&lt;\/li&gt;                  &lt;\/ul&gt;                  &lt;ul&gt;                   &lt;li&gt;Vilka a?renden ska handla?ggas pa? Barnahus? Var bo?r samverkan ske vidmisstanke om spa?dbarnsmisshandel?&lt;\/li&gt;                   &lt;li&gt;Hur kan vi sa?kersta?lla att barn som far illa fa?r samma kvalificeradehandla?ggning i hela Sverige?&lt;\/li&gt;                   &lt;li&gt;Hur sa?kersta?ller vi att barnens behov av krissto?d, traumabehandling ochsto?d att fo?rsta? vad som ha?nder i samverkansprocessen tillgodoses pa?Barnahus?&lt;\/li&gt;                   &lt;li&gt;Hur sa?kersta?ller vi att barnens behov av ha?lso- och sjukva?rd samt tandva?rdtillgodoses?&lt;\/li&gt;                   &lt;li&gt;Hur kan samra?d pa? Barnahus bidra till att samla ihop kunskap om barnet somkan finnas utspridd hos olika myndigheter?&lt;\/li&gt;                   &lt;li&gt;Beho?vs lagfo?ra?ndring fo?r att hindra att sekretess mellan myndigheter ledertill ett underma?ligt informationsutbyte pa? Barnahus?&lt;\/li&gt;                   &lt;li&gt;Vilka a?r de viktigaste fra?gorna fo?r Barnahus att driva? Hur ska man drivadessa? Hur kan kvalite?n pa? Barnahus i Sverige sa?kersta?llas?&lt;br&gt;&lt;\/li&gt;                   &lt;li&gt;Bo?r vi ha ett nationellt, datoriserat, system fo?r kvalitetsindikatorer pa?Barnahus? Bo?r vi ha ett kvalitetsregister fo?r Barnahus i Sverige?&lt;br&gt;&lt;\/li&gt;                   &lt;li&gt;Hur ma?nga barn erbjuds:&lt;br&gt;-ha?lsounderso?kning efter samra?d pa? Barnahus?&lt;br&gt;-krissamtal efter samra?d pa? Barnahus?&lt;br&gt;-screening fo?r och uppfo?ljning av posttraumatiska symtom efter samra?d pa?Barnahus?&lt;\/li&gt;                   &lt;li&gt;Vilken roll har Barnafrid?&lt;br&gt;&lt;\/li&gt;                  &lt;\/ul&gt;                  &lt;p&gt;&lt;\/p&gt;                  &lt;ul&gt;                  &lt;\/ul&gt;                  &lt;p&gt;&lt;\/p&gt;                 &lt;br&gt;&lt;br&gt;\"\n                data-category=\"Seminarium\/Paneldebatt\"\n                data-category-ids=\"1006\"\n                data-span-all=\"\"\n              >\n\n              \n\n              <div class=\"vertical_bar\" style=\"background-color: #FFB217;\"><\/div>\n              <div class=\"box_inner\">\n                                <span>Barn som far illa - Paneldebatt\/diskussion: Samverkan p\u00e5 barnahus kring brottsutsatta barn<\/span>\n               <br>\n               <div class=\"lecturer\"><span>Johanna R\u00e4ntfors, Barnkirurg, Sahlgrenska Universitetssjukhuset, G\u00f6teborg; Louise Laurell, \u00d6verl\u00e4kare, VO Barn och ungdomsmedicin, Sk\u00e5nes universitetssjukhus; Stina Sj\u00f6qvist, Kammar\u00e5klagare, \u00c5klagarmyndigheten; Angeline Eliasson, R\u00e4ttsl\u00e4kare, R\u00e4ttsmedicinalverket; Peter Wide, Barnl\u00e4kare, H.K.H. Kronprinsessan Viktorias Barn- och ungdoms; Kristin Larsson, Psykolog, BUP och Barnahus, V\u00e4ster\u00e5s<\/span><\/div>\n               <div class=\"room_div \">\n                 <i class=\"list-room\">H\u00f6rsalen<\/i>\n               <\/div>\n\n               <div class=\"name_time_div\">\n                <i class=\"list-time\" data-time=\"14:05\">14:05-14:50 - M\u00e5ndag 23 april<\/i>\n               <\/div>\n              <\/div>\n             <\/div>\n          <\/div>\n\n          \n          <div class=\"box-wrapper\"\n              data-id=\"1018\">\n\n              <div class='time-header'>14:50<\/div>\n\n              <div class=\"box\"\n                data-id=\"1018\"\n                data-project=\"project_338_2017_12_12\"\n                data-title=\"Fika, utst\u00e4llare, posterbes\u00f6k\"\n                data-time=\"14:50-15:25\"\n                data-room=\"Utst\u00e4llningen\"\n                data-room-id=\"1013\"\n                data-room-name=\"Utst\u00e4llningen\"\n                data-day=\"0\"\n                data-abs-nbr=\"\"\n                data-abs-path=\"\"\n                data-speaker=\"\"\n                data-speakercell=\"\"\n                data-info=\"\"\n                data-category=\"\"\n                data-category-ids=\"\"\n                data-span-all=\"1\"\n              >\n\n              \n\n              <div class=\"vertical_bar\" style=\"background-color: rgba(255, 255, 255, 0);\"><\/div>\n              <div class=\"box_inner\">\n                                <span>Fika, utst\u00e4llare, posterbes\u00f6k<\/span>\n               <br>\n               \n               <div class=\"room_div \">\n                 <i class=\"list-room\">Utst\u00e4llningen<\/i>\n               <\/div>\n\n               <div class=\"name_time_div\">\n                <i class=\"list-time\" data-time=\"14:50\">14:50-15:25 - M\u00e5ndag 23 april<\/i>\n               <\/div>\n              <\/div>\n             <\/div>\n          <\/div>\n\n          \n          <div class=\"box-wrapper\"\n              data-id=\"1021\">\n\n              <div class='time-header'>15:25<\/div>\n\n              <div class=\"box\"\n                data-id=\"1021\"\n                data-project=\"project_338_2017_12_12\"\n                data-title=\"Obesitas - Kvantifiering av v\u00e5rdtyngd f\u00f6r barnfetma \"\n                data-time=\"15:25-16:30\"\n                data-room=\"Sal 302\"\n                data-room-id=\"1020\"\n                data-room-name=\"Sal 302\"\n                data-day=\"0\"\n                data-abs-nbr=\"\"\n                data-abs-path=\"\"\n                data-speaker=\"Claude Marcus, Professor, Barnl\u00e4kare, Karolinska barnsjukhuset Huddinge, Karolinska institutet; Emilia Hagman, PhD, Karolinska institutet\"\n                data-speakercell=\"Claude Marcus, Professor, Barnl\u00e4kare, Karolinska barnsjukhuset Huddinge, Karolinska institutet; Emilia Hagman, PhD, Karolinska institutet\"\n                data-info=\"                  &lt;div&gt;                   &lt;b&gt;Pass 2 15.25-16.30&lt;\/b&gt;                   &lt;br&gt;                  &lt;\/div&gt;                  &lt;div&gt;&lt;p&gt;&lt;b&gt;Kvantifiering av v\u00e5rdtyngd f\u00f6r barnfetma&lt;\/b&gt;&lt;\/p&gt;&lt;p&gt;Enfem\u00e5ring med m\u00e5ttlig fetma och en ton\u00e5ring med allvarlig fetma f\u00e5r sammadiagnos men belastningen p\u00e5 sjukv\u00e5rden skiljer sig avsev\u00e4rt. Det kan ocks\u00e5 varabra att kunna kvantifiera f\u00f6rb\u00e4ttringar som uppn\u00e5s trots att graden av fetmainte p\u00e5verkats. H\u00e4r presenteras f\u00f6rslag p\u00e5 ber\u00e4kningsmodeller avseendev\u00e5rdtyngd och allvarlighetsgrad f\u00f6r barnfetma f\u00f6r att b\u00e4ttre beskriva kraven p\u00e5v\u00e5rden inf\u00f6r planering och budget och f\u00f6r att kunna beskriva f\u00f6rb\u00e4ttringar urett bredare perspektiv.&lt;\/p&gt;&lt;p&gt;&lt;ul&gt;&lt;li&gt;Bakgrund&amp;nbsp;&lt;br&gt;&lt;\/li&gt;&lt;li&gt;V\u00e5rdtyngd&amp;nbsp;&lt;br&gt;&lt;\/li&gt;&lt;li&gt;Allvarlighetsgrad \u2013 Childhood Obesity Severity Score &lt;\/li&gt;&lt;li&gt;Diskussion&amp;nbsp;&lt;\/li&gt;&lt;\/ul&gt;&lt;\/p&gt;&lt;p&gt;&lt;ul&gt;&lt;li&gt;\u00c4r detta v\u00e4rt att arbeta vidare med?&lt;br&gt;&lt;\/li&gt;&lt;li&gt;Kan detta underl\u00e4tta i dialog kring resursbehov?&lt;\/li&gt;&lt;li&gt;Kan det hj\u00e4lpa till vid kommunikation kring resultat som inte synsp\u00e5 v\u00e5gen?&lt;\/li&gt;&lt;li&gt;Ska vi ha tv\u00e5 olika m\u00e5tt eller kan de l\u00e4ggas ihop?&lt;br&gt;&lt;\/li&gt;&lt;li&gt;Hur g\u00e5r vi vidare?&lt;br&gt;&lt;\/li&gt;&lt;\/ul&gt;&lt;\/p&gt;&lt;\/div&gt;&lt;div&gt;                  &lt;\/div&gt;                 &lt;br&gt;&lt;br&gt;\"\n                data-category=\"F\u00f6rel\u00e4sning\"\n                data-category-ids=\"1002\"\n                data-span-all=\"\"\n              >\n\n              \n\n              <div class=\"vertical_bar\" style=\"background-color: #B2FF78;\"><\/div>\n              <div class=\"box_inner\">\n                                <span>Obesitas - Kvantifiering av v\u00e5rdtyngd f\u00f6r barnfetma <\/span>\n               <br>\n               <div class=\"lecturer\"><span>Claude Marcus, Professor, Barnl\u00e4kare, Karolinska barnsjukhuset Huddinge, Karolinska institutet; Emilia Hagman, PhD, Karolinska institutet<\/span><\/div>\n               <div class=\"room_div \">\n                 <i class=\"list-room\">Sal 302<\/i>\n               <\/div>\n\n               <div class=\"name_time_div\">\n                <i class=\"list-time\" data-time=\"15:25\">15:25-16:30 - M\u00e5ndag 23 april<\/i>\n               <\/div>\n              <\/div>\n             <\/div>\n          <\/div>\n\n          \n          <div class=\"box-wrapper\"\n              data-id=\"1034\">\n\n              <div class='time-header' style='visibility: hidden;'>15:25<\/div>\n\n              <div class=\"box\"\n                data-id=\"1034\"\n                data-project=\"project_338_2017_12_12\"\n                data-title=\"L\u00e4karchefer\"\n                data-time=\"15:25-16:10\"\n                data-room=\"Sal 109\"\n                data-room-id=\"1022\"\n                data-room-name=\"Sal 109\"\n                data-day=\"0\"\n                data-abs-nbr=\"\"\n                data-abs-path=\"\"\n                data-speaker=\"\"\n                data-speakercell=\"\"\n                data-info=\"&lt;b&gt;Moderatorer: &lt;\/b&gt;Niklas Segerdahl&lt;br&gt;&lt;br&gt;                 &lt;p&gt;Presentationsrunda,diskussion av arbetsinneh\u00e5ll och f\u00f6ruts\u00e4ttningar, inkomna diskussionspunktersamt positiva exempel att dela med sig av&lt;br&gt;&lt;\/p&gt;                &lt;br&gt;&lt;br&gt;\"\n                data-category=\"M\u00f6te\"\n                data-category-ids=\"1004\"\n                data-span-all=\"\"\n              >\n\n              \n\n              <div class=\"vertical_bar\" style=\"background-color: #FFFA5C;\"><\/div>\n              <div class=\"box_inner\">\n                                <span>L\u00e4karchefer<\/span>\n               <br>\n               \n               <div class=\"room_div \">\n                 <i class=\"list-room\">Sal 109<\/i>\n               <\/div>\n\n               <div class=\"name_time_div\">\n                <i class=\"list-time\" data-time=\"15:25\">15:25-16:10 - M\u00e5ndag 23 april<\/i>\n               <\/div>\n              <\/div>\n             <\/div>\n          <\/div>\n\n          \n          <div class=\"box-wrapper\"\n              data-id=\"1017\">\n\n              <div class='time-header' style='visibility: hidden;'>15:25<\/div>\n\n              <div class=\"box\"\n                data-id=\"1017\"\n                data-project=\"project_338_2017_12_12\"\n                data-title=\"Clownetterna - F\u00f6rdjupande workshop\"\n                data-time=\"15:25-16:10\"\n                data-room=\"Lilla Salen\"\n                data-room-id=\"1023\"\n                data-room-name=\"Lilla Salen\"\n                data-day=\"0\"\n                data-abs-nbr=\"\"\n                data-abs-path=\"\"\n                data-speaker=\"Pia \"Dr Musik\" Degr\u00e9us, Sjukhusclown, Clownetterna; Jenny \"Hopp-San\" Carlsson, Sjukhusclown, Clownetterna; Kristian \"Krusbert\" Elmeskog, Sjukhusclown, Clownetterna; Lina \"LillaSyster\" Degr\u00e9us, Sjukhusclown, Clownetterna; Adam \"Hemling\" Brom\u00e9e, Sjukhusclown, Clownetterna\"\n                data-speakercell=\"Pia \"Dr Musik\" Degr\u00e9us, Sjukhusclown, Clownetterna; Jenny \"Hopp-San\" Carlsson, Sjukhusclown, Clownetterna; Kristian \"Krusbert\" Elmeskog, Sjukhusclown, Clownetterna; Lina \"LillaSyster\" Degr\u00e9us, Sjukhusclown, Clownetterna; Adam \"Hemling\" Brom\u00e9e, Sjukhusclown, Clownetterna\"\n                data-info=\"                  &lt;p&gt;Workshop med f\u00f6rdjupning kring att arbeta utifr\u00e5n Barnkonventionen p\u00e5 golvet.&lt;br&gt;&lt;\/p&gt;                  &lt;p&gt;Clownetterna, V\u00e4ster\u00e5s&amp;nbsp;&lt;\/p&gt;&lt;p&gt;&lt;span style=&quot;font-style: italic;&quot;&gt;Samma workshop arrangeras vid fler tillf\u00e4llen.&lt;\/span&gt;&lt;br&gt;&lt;\/p&gt;                 &lt;br&gt;&lt;br&gt;\"\n                data-category=\"Workshop\"\n                data-category-ids=\"1003\"\n                data-span-all=\"\"\n              >\n\n              \n\n              <div class=\"vertical_bar\" style=\"background-color: #B2A1C9;\"><\/div>\n              <div class=\"box_inner\">\n                                <span>Clownetterna - F\u00f6rdjupande workshop<\/span>\n               <br>\n               <div class=\"lecturer\"><span>Pia \"Dr Musik\" Degr\u00e9us, Sjukhusclown, Clownetterna; Jenny \"Hopp-San\" Carlsson, Sjukhusclown, Clownetterna; Kristian \"Krusbert\" Elmeskog, Sjukhusclown, Clownetterna; Lina \"LillaSyster\" Degr\u00e9us, Sjukhusclown, Clownetterna; Adam \"Hemling\" Brom\u00e9e, Sjukhusclown, Clownetterna<\/span><\/div>\n               <div class=\"room_div \">\n                 <i class=\"list-room\">Lilla Salen<\/i>\n               <\/div>\n\n               <div class=\"name_time_div\">\n                <i class=\"list-time\" data-time=\"15:25\">15:25-16:10 - M\u00e5ndag 23 april<\/i>\n               <\/div>\n              <\/div>\n             <\/div>\n          <\/div>\n\n          \n          <div class=\"box-wrapper\"\n              data-id=\"1036\">\n\n              <div class='time-header' style='visibility: hidden;'>15:25<\/div>\n\n              <div class=\"box\"\n                data-id=\"1036\"\n                data-project=\"project_338_2017_12_12\"\n                data-title=\"EKG-tolkning barn\"\n                data-time=\"15:25-16:10\"\n                data-room=\"Sal 108\"\n                data-room-id=\"1026\"\n                data-room-name=\"Sal 108\"\n                data-day=\"0\"\n                data-abs-nbr=\"\"\n                data-abs-path=\"\"\n                data-speaker=\"Jaana Vinnal, Barnl\u00e4kare, Specialistl\u00e4kare Barn- och ungdomsmedicin, Barn- och ungdomskliniken V\u00e4ster\u00e5s\"\n                data-speakercell=\"Jaana Vinnal, Barnl\u00e4kare, Specialistl\u00e4kare Barn- och ungdomsmedicin, Barn- och ungdomskliniken V\u00e4ster\u00e5s\"\n                data-info=\"                  &lt;table&gt;                   &lt;tbody&gt;                    &lt;tr&gt;                     &lt;td&gt;EKG-tolkning i sm\u00e5 grupper&lt;\/td&gt;                    &lt;\/tr&gt;                   &lt;\/tbody&gt;                  &lt;\/table&gt;&lt;br&gt;&lt;span style=&quot;font-style: italic;&quot;&gt;Samma workshop arrangeras vid fler tillf\u00e4llen.                 &lt;\/span&gt;&lt;br&gt;&lt;br&gt;\"\n                data-category=\"Workshop\"\n                data-category-ids=\"1003\"\n                data-span-all=\"\"\n              >\n\n              \n\n              <div class=\"vertical_bar\" style=\"background-color: #B2A1C9;\"><\/div>\n              <div class=\"box_inner\">\n                                <span>EKG-tolkning barn<\/span>\n               <br>\n               <div class=\"lecturer\"><span>Jaana Vinnal, Barnl\u00e4kare, Specialistl\u00e4kare Barn- och ungdomsmedicin, Barn- och ungdomskliniken V\u00e4ster\u00e5s<\/span><\/div>\n               <div class=\"room_div \">\n                 <i class=\"list-room\">Sal 108<\/i>\n               <\/div>\n\n               <div class=\"name_time_div\">\n                <i class=\"list-time\" data-time=\"15:25\">15:25-16:10 - M\u00e5ndag 23 april<\/i>\n               <\/div>\n              <\/div>\n             <\/div>\n          <\/div>\n\n          \n          <div class=\"box-wrapper\"\n              data-id=\"1030\">\n\n              <div class='time-header' style='visibility: hidden;'>15:25<\/div>\n\n              <div class=\"box\"\n                data-id=\"1030\"\n                data-project=\"project_338_2017_12_12\"\n                data-title=\"Studierektorerna\"\n                data-time=\"15:25-17:00\"\n                data-room=\"Sal 107\"\n                data-room-id=\"1025\"\n                data-room-name=\"Sal 107\"\n                data-day=\"0\"\n                data-abs-nbr=\"\"\n                data-abs-path=\"\"\n                data-speaker=\"Eva Albinsson, Barnl\u00e4kare, Landstinget i V\u00e4rmland\"\n                data-speakercell=\"Eva Albinsson, Barnl\u00e4kare, Landstinget i V\u00e4rmland\"\n                data-info=\"                  &lt;p&gt;\u00c5rligt m\u00f6te f\u00f6r landets Studierektorer i pediatrik. Allm\u00e4n presentation (\u00f6vriga fr\u00e5gor). Diskussion kring Utbildningsguiden, Bed\u00f6mningsmetoder, Kompetenstrappan, SK-kurser 2019-2022, kn\u00e4ckfall?&lt;\/p&gt;&lt;p&gt;&lt;span style=&quot;font-weight: bold;&quot;&gt;Agenda&lt;\/span&gt;&lt;\/p&gt;&lt;p&gt;13.15-13.40&amp;nbsp; &amp;nbsp;V\u00e4lkommen och presentation av n\u00e4rvarande SR (\u00c5sa Helblom\/Eva Albinsson)&lt;\/p&gt;&lt;p&gt;13.40-13.55&amp;nbsp; &amp;nbsp;Utbildningsutskottet - info och nya medlemmar&lt;\/p&gt;&lt;p&gt;13.55-14.10&amp;nbsp; &amp;nbsp;Specialistskrivningen - rapport om f\u00f6rra \u00e5rets skrivning och fortsatt planering (Eva Albinsson\/\u00c5sa Myrelid)&lt;\/p&gt;&lt;p&gt;14.10-14.50&amp;nbsp; &amp;nbsp;SK-kurser, info om upphandlingen och prioritering. Hur kan vi f\u00e5 fler att arrangera kurser? (Eva Albinsson)&lt;\/p&gt;&lt;p&gt;15.25-16.10&amp;nbsp; &amp;nbsp;Bed\u00f6mningsmetoder f\u00f6r ST-l\u00e4kare (John Terlinder)&lt;\/p&gt;&lt;p&gt;16.10-16.45&amp;nbsp; &amp;nbsp;Hur g\u00f6r vi n\u00e4r inte ST-l\u00e4karen uppfyller m\u00e5len? (Diskussion) (John Terlinder)&lt;\/p&gt;&lt;p&gt;16.45-17.00&amp;nbsp; &amp;nbsp;\u00d6vriga fr\u00e5gor&lt;\/p&gt;                 &lt;br&gt;&lt;br&gt;\"\n                data-category=\"M\u00f6te\"\n                data-category-ids=\"1004\"\n                data-span-all=\"\"\n              >\n\n              \n\n              <div class=\"vertical_bar\" style=\"background-color: #FFFA5C;\"><\/div>\n              <div class=\"box_inner\">\n                                <span>Studierektorerna<\/span>\n               <br>\n               <div class=\"lecturer\"><span>Eva Albinsson, Barnl\u00e4kare, Landstinget i V\u00e4rmland<\/span><\/div>\n               <div class=\"room_div \">\n                 <i class=\"list-room\">Sal 107<\/i>\n               <\/div>\n\n               <div class=\"name_time_div\">\n                <i class=\"list-time\" data-time=\"15:25\">15:25-17:00 - M\u00e5ndag 23 april<\/i>\n               <\/div>\n              <\/div>\n             <\/div>\n          <\/div>\n\n          \n          <div class=\"box-wrapper\"\n              data-id=\"1020\">\n\n              <div class='time-header' style='visibility: hidden;'>15:25<\/div>\n\n              <div class=\"box\"\n                data-id=\"1020\"\n                data-project=\"project_338_2017_12_12\"\n                data-title=\"Barn som far illa - Hur f\u00f6rebygger vi att barn far illa? Barn och unga som anh\u00f6rig\"\n                data-time=\"15:25-16:10\"\n                data-room=\"H\u00f6rsalen\"\n                data-room-id=\"1024\"\n                data-room-name=\"H\u00f6rsalen\"\n                data-day=\"0\"\n                data-abs-nbr=\"\"\n                data-abs-path=\"\"\n                data-speaker=\"Steven Lucas, Barnh\u00e4lsov\u00e5rds\u00f6verl\u00e4kare, docent, Uppsala; Maria Engstr\u00f6m; Johanna Karlsson, Karlskoga och Degerfors kommun\"\n                data-speakercell=\"Steven Lucas, Barnh\u00e4lsov\u00e5rds\u00f6verl\u00e4kare, docent, Uppsala; Maria Engstr\u00f6m; Johanna Karlsson, Karlskoga och Degerfors kommun\"\n                data-info=\"                  &lt;p&gt;&lt;b&gt;&lt;i&gt;Hurf\u00f6rebygger vi att barn far illa?&lt;\/i&gt;&lt;\/b&gt;&lt;\/p&gt;&lt;p&gt;15.25 \u2013 16.10&lt;\/p&gt;&lt;p&gt;&lt;b&gt;BarnS\u00e4kert - f\u00f6rebyggande och st\u00f6djande insatser inom barnh\u00e4lsov\u00e5rden&lt;\/b&gt;&lt;\/p&gt;&lt;p&gt;Steven Lucas, barnh\u00e4lsov\u00e5rds\u00f6verl\u00e4kare, docent&lt;\/p&gt;&lt;p&gt;Maria Engstr\u00f6m, v\u00e5rdutvecklare, doktorand&lt;\/p&gt;&lt;p&gt;Akademiska barnsjukhuset, Uppsala&lt;\/p&gt;&lt;p&gt;&lt;b&gt;Barn och unga som anh\u00f6rig - Utvecklingsarbete f\u00f6r barn och unga ifamiljer med&lt;\/b&gt;&lt;\/p&gt;&lt;p&gt;&lt;b&gt;Missbruk och psykisk oh\u00e4lsa&lt;\/b&gt;&lt;\/p&gt;&lt;p&gt;Johanna Karlsson, folkh\u00e4lsoutvecklare &lt;br&gt;Karlskogaoch Degerfors kommuner&lt;\/p&gt;                 &lt;br&gt;&lt;br&gt;\"\n                data-category=\"F\u00f6rel\u00e4sning\"\n                data-category-ids=\"1002\"\n                data-span-all=\"\"\n              >\n\n              \n\n              <div class=\"vertical_bar\" style=\"background-color: #B2FF78;\"><\/div>\n              <div class=\"box_inner\">\n                                <span>Barn som far illa - Hur f\u00f6rebygger vi att barn far illa? Barn och unga som anh\u00f6rig<\/span>\n               <br>\n               <div class=\"lecturer\"><span>Steven Lucas, Barnh\u00e4lsov\u00e5rds\u00f6verl\u00e4kare, docent, Uppsala; Maria Engstr\u00f6m; Johanna Karlsson, Karlskoga och Degerfors kommun<\/span><\/div>\n               <div class=\"room_div \">\n                 <i class=\"list-room\">H\u00f6rsalen<\/i>\n               <\/div>\n\n               <div class=\"name_time_div\">\n                <i class=\"list-time\" data-time=\"15:25\">15:25-16:10 - M\u00e5ndag 23 april<\/i>\n               <\/div>\n              <\/div>\n             <\/div>\n          <\/div>\n\n          \n          <div class=\"box-wrapper\"\n              data-id=\"1022\">\n\n              <div class='time-header' style='visibility: hidden;'>15:25<\/div>\n\n              <div class=\"box\"\n                data-id=\"1022\"\n                data-project=\"project_338_2017_12_12\"\n                data-title=\"Barnonkologi - Modern behandling inom barnonkologi\"\n                data-time=\"15:25-16:10\"\n                data-room=\"Lilla Kongresshallen\"\n                data-room-id=\"1021\"\n                data-room-name=\"Lilla Kongresshallen\"\n                data-day=\"0\"\n                data-abs-nbr=\"\"\n                data-abs-path=\"\"\n                data-speaker=\"Gustaf Ljungman, Professor, Barnl\u00e4kare, Akademiska barnsjukhuset, Uppsala; Johan Arvidson, Docent, barnonkolog, Uppsala universitet, Akademiska barnsjukhuset\"\n                data-speakercell=\"Gustaf Ljungman, Professor, Barnl\u00e4kare, Akademiska barnsjukhuset, Uppsala; Johan Arvidson, Docent, barnonkolog, Uppsala universitet, Akademiska barnsjukhuset\"\n                data-info=\"                  &lt;p&gt;Modern behandling inom barnonkologi (JA och GL)&lt;br&gt;&lt;\/p&gt;                 &lt;br&gt;&lt;br&gt;\"\n                data-category=\"F\u00f6rel\u00e4sning\"\n                data-category-ids=\"1002\"\n                data-span-all=\"\"\n              >\n\n              \n\n              <div class=\"vertical_bar\" style=\"background-color: #B2FF78;\"><\/div>\n              <div class=\"box_inner\">\n                                <span>Barnonkologi - Modern behandling inom barnonkologi<\/span>\n               <br>\n               <div class=\"lecturer\"><span>Gustaf Ljungman, Professor, Barnl\u00e4kare, Akademiska barnsjukhuset, Uppsala; Johan Arvidson, Docent, barnonkolog, Uppsala universitet, Akademiska barnsjukhuset<\/span><\/div>\n               <div class=\"room_div \">\n                 <i class=\"list-room\">Lilla Kongresshallen<\/i>\n               <\/div>\n\n               <div class=\"name_time_div\">\n                <i class=\"list-time\" data-time=\"15:25\">15:25-16:10 - M\u00e5ndag 23 april<\/i>\n               <\/div>\n              <\/div>\n             <\/div>\n          <\/div>\n\n          \n          <div class=\"box-wrapper\"\n              data-id=\"1019\">\n\n              <div class='time-header' style='visibility: hidden;'>15:25<\/div>\n\n              <div class=\"box\"\n                data-id=\"1019\"\n                data-project=\"project_338_2017_12_12\"\n                data-title=\"Neonatalogi - Neonatal resuscitation training and global perinatal mortality, accomplishments and challenges\"\n                data-time=\"15:25-16:10\"\n                data-room=\"Stora Kongresshallen\"\n                data-room-id=\"1018\"\n                data-room-name=\"Stora Kongresshallen\"\n                data-day=\"0\"\n                data-abs-nbr=\"\"\n                data-abs-path=\"\"\n                data-speaker=\"Johan Wrammert\"\n                data-speakercell=\"Johan Wrammert\"\n                data-info=\"&lt;b&gt;Moderatorer: &lt;\/b&gt;Barbro Diderholm, Neonatolog, Akademiska barnsjukhuset&lt;br&gt;&lt;br&gt;                  &lt;p&gt;Neonatalogi&lt;br&gt;&lt;\/p&gt;                 &lt;br&gt;&lt;br&gt;\"\n                data-category=\"F\u00f6rel\u00e4sning\"\n                data-category-ids=\"1002\"\n                data-span-all=\"\"\n              >\n\n              \n\n              <div class=\"vertical_bar\" style=\"background-color: #B2FF78;\"><\/div>\n              <div class=\"box_inner\">\n                                <span>Neonatalogi - Neonatal resuscitation training and global perinatal mortality, accomplishments and challenges<\/span>\n               <br>\n               <div class=\"lecturer\"><span>Johan Wrammert<\/span><\/div>\n               <div class=\"room_div \">\n                 <i class=\"list-room\">Stora Kongresshallen<\/i>\n               <\/div>\n\n               <div class=\"name_time_div\">\n                <i class=\"list-time\" data-time=\"15:25\">15:25-16:10 - M\u00e5ndag 23 april<\/i>\n               <\/div>\n              <\/div>\n             <\/div>\n          <\/div>\n\n          \n          <div class=\"box-wrapper\"\n              data-id=\"1025\">\n\n              <div class='time-header'>16:15<\/div>\n\n              <div class=\"box\"\n                data-id=\"1025\"\n                data-project=\"project_338_2017_12_12\"\n                data-title=\"Barn som far illa - Hur f\u00f6rebygger vi att barn far illa? Barn och unga som anh\u00f6riga\"\n                data-time=\"16:15-17:00\"\n                data-room=\"H\u00f6rsalen\"\n                data-room-id=\"1024\"\n                data-room-name=\"H\u00f6rsalen\"\n                data-day=\"0\"\n                data-abs-nbr=\"\"\n                data-abs-path=\"\"\n                data-speaker=\"Steven Lucas, Barnh\u00e4lsov\u00e5rds\u00f6verl\u00e4kare, docent, Uppsala; Peter Wide, Barnl\u00e4kare, H.K.H. Kronprinsessan Viktorias Barn- och ungdoms\"\n                data-speakercell=\"Steven Lucas, Barnh\u00e4lsov\u00e5rds\u00f6verl\u00e4kare, docent, Uppsala; Peter Wide, Barnl\u00e4kare, H.K.H. Kronprinsessan Viktorias Barn- och ungdoms\"\n                data-info=\"                  &lt;p&gt;16.15 \u2013 17.00&lt;\/p&gt;&lt;p&gt;&lt;b&gt;Paneldiskussion&lt;\/b&gt;&lt;\/p&gt;&lt;p&gt;Vad kan vi g\u00f6ra? \u2013 hur kan vi arbeta f\u00f6r att minska riskerna att barn i Sverige&amp;nbsp;farilla?&lt;\/p&gt;&lt;p&gt;Moderatorer:&lt;\/p&gt;&lt;p&gt;Godfried van Agthoven, BLFs delf\u00f6rening Barn som far illa samt Barnskyddsteamet VG-regionen&lt;\/p&gt;&lt;p&gt;Peter Wide, BLFs delf\u00f6rening Barn som far illa samt Barnskyddsteam Region \u00d6sterg\u00f6tland&lt;\/p&gt;&lt;p&gt;Paneldeltagare:&lt;\/p&gt;&lt;p&gt;&lt;\/p&gt;&lt;ul&gt;&lt;li&gt;Steven Lucas, barnh\u00e4lsov\u00e5rds\u00f6verl\u00e4kare, docent&lt;br&gt;&lt;\/li&gt;&lt;li&gt;Louise Laurell, \u00f6verl\u00e4kare VO barn-och ungdomsmedicin, Sk\u00e5nes universitetssjukhus&lt;br&gt;&lt;\/li&gt;&lt;li&gt;Frida Fr\u00f6berg,&amp;nbsp;Tematiskr\u00e5dgivare barn utsatta f\u00f6r v\u00e5ld,&amp;nbsp;R\u00e4dda Barnen&amp;nbsp;&lt;br&gt;&lt;\/li&gt;&lt;li&gt;Cecilia Sj\u00f6lander, Generalsekreterare,Allm\u00e4nna Barnhuset&lt;br&gt;&lt;\/li&gt;&lt;li&gt;Britta Holmberg, Programchef,vice generalsekreterare, World Childhood Foundation&lt;br&gt;&lt;\/li&gt;&lt;\/ul&gt;&lt;p&gt;&lt;\/p&gt;&lt;p&gt;&lt;br&gt;&lt;\/p&gt;&lt;p&gt;&amp;nbsp;&lt;\/p&gt;&lt;p&gt;&lt;\/p&gt;&lt;p&gt;&amp;nbsp;&lt;\/p&gt;                  &lt;p&gt;&lt;\/p&gt;                  &lt;p&gt;&amp;nbsp;&lt;\/p&gt;                 &lt;br&gt;&lt;br&gt;\"\n                data-category=\"F\u00f6rel\u00e4sning\"\n                data-category-ids=\"1002\"\n                data-span-all=\"\"\n              >\n\n              \n\n              <div class=\"vertical_bar\" style=\"background-color: #B2FF78;\"><\/div>\n              <div class=\"box_inner\">\n                                <span>Barn som far illa - Hur f\u00f6rebygger vi att barn far illa? Barn och unga som anh\u00f6riga<\/span>\n               <br>\n               <div class=\"lecturer\"><span>Steven Lucas, Barnh\u00e4lsov\u00e5rds\u00f6verl\u00e4kare, docent, Uppsala; Peter Wide, Barnl\u00e4kare, H.K.H. Kronprinsessan Viktorias Barn- och ungdoms<\/span><\/div>\n               <div class=\"room_div \">\n                 <i class=\"list-room\">H\u00f6rsalen<\/i>\n               <\/div>\n\n               <div class=\"name_time_div\">\n                <i class=\"list-time\" data-time=\"16:15\">16:15-17:00 - M\u00e5ndag 23 april<\/i>\n               <\/div>\n              <\/div>\n             <\/div>\n          <\/div>\n\n          \n          <div class=\"box-wrapper\"\n              data-id=\"1027\">\n\n              <div class='time-header' style='visibility: hidden;'>16:15<\/div>\n\n              <div class=\"box\"\n                data-id=\"1027\"\n                data-project=\"project_338_2017_12_12\"\n                data-title=\"Barnonkologi - Transition Barnonkologi\"\n                data-time=\"16:15-17:00\"\n                data-room=\"Lilla Kongresshallen\"\n                data-room-id=\"1021\"\n                data-room-name=\"Lilla Kongresshallen\"\n                data-day=\"0\"\n                data-abs-nbr=\"\"\n                data-abs-path=\"\"\n                data-speaker=\"Johan Arvidson, Docent, barnonkolog, Uppsala universitet, Akademiska barnsjukhuset; Margaretha  Stenmarker,  PhD, Barnonkolog, L\u00e4nssjukhuset Ryhov och Drottning Silvias barn- och ungdomssjukhus\"\n                data-speakercell=\"Johan Arvidson, Docent, barnonkolog, Uppsala universitet, Akademiska barnsjukhuset; Margaretha  Stenmarker,  PhD, Barnonkolog, L\u00e4nssjukhuset Ryhov och Drottning Silvias barn- och ungdomssjukhus\"\n                data-info=\"                  &lt;p&gt;Transition.&amp;nbsp;Hur m\u00e5r&amp;nbsp;de vuxna som haft cancer som barn? Nationellt v\u00e5rdprogram f\u00f6r&amp;nbsp;l\u00e5ngtidsuppf\u00f6ljning efter barncancer.&amp;nbsp;&lt;br&gt;&lt;\/p&gt;                 &lt;br&gt;&lt;br&gt;\"\n                data-category=\"F\u00f6rel\u00e4sning\"\n                data-category-ids=\"1002\"\n                data-span-all=\"\"\n              >\n\n              \n\n              <div class=\"vertical_bar\" style=\"background-color: #B2FF78;\"><\/div>\n              <div class=\"box_inner\">\n                                <span>Barnonkologi - Transition Barnonkologi<\/span>\n               <br>\n               <div class=\"lecturer\"><span>Johan Arvidson, Docent, barnonkolog, Uppsala universitet, Akademiska barnsjukhuset; Margaretha  Stenmarker,  PhD, Barnonkolog, L\u00e4nssjukhuset Ryhov och Drottning Silvias barn- och ungdomssjukhus<\/span><\/div>\n               <div class=\"room_div \">\n                 <i class=\"list-room\">Lilla Kongresshallen<\/i>\n               <\/div>\n\n               <div class=\"name_time_div\">\n                <i class=\"list-time\" data-time=\"16:15\">16:15-17:00 - M\u00e5ndag 23 april<\/i>\n               <\/div>\n              <\/div>\n             <\/div>\n          <\/div>\n\n          \n          <div class=\"box-wrapper\"\n              data-id=\"1024\">\n\n              <div class='time-header' style='visibility: hidden;'>16:15<\/div>\n\n              <div class=\"box\"\n                data-id=\"1024\"\n                data-project=\"project_338_2017_12_12\"\n                data-title=\"Neonatalogi - Initial management of the extremely preterm infant\"\n                data-time=\"16:15-17:00\"\n                data-room=\"Stora Kongresshallen\"\n                data-room-id=\"1018\"\n                data-room-name=\"Stora Kongresshallen\"\n                data-day=\"0\"\n                data-abs-nbr=\"\"\n                data-abs-path=\"\"\n                data-speaker=\"Johan \u00c5gren\"\n                data-speakercell=\"Johan \u00c5gren\"\n                data-info=\"&lt;b&gt;Moderatorer: &lt;\/b&gt;Barbro Diderholm, Neonatolog, Akademiska barnsjukhuset&lt;br&gt;&lt;br&gt;\"\n                data-category=\"F\u00f6rel\u00e4sning\"\n                data-category-ids=\"1002\"\n                data-span-all=\"\"\n              >\n\n              \n\n              <div class=\"vertical_bar\" style=\"background-color: #B2FF78;\"><\/div>\n              <div class=\"box_inner\">\n                                <span>Neonatalogi - Initial management of the extremely preterm infant<\/span>\n               <br>\n               <div class=\"lecturer\"><span>Johan \u00c5gren<\/span><\/div>\n               <div class=\"room_div \">\n                 <i class=\"list-room\">Stora Kongresshallen<\/i>\n               <\/div>\n\n               <div class=\"name_time_div\">\n                <i class=\"list-time\" data-time=\"16:15\">16:15-17:00 - M\u00e5ndag 23 april<\/i>\n               <\/div>\n              <\/div>\n             <\/div>\n          <\/div>\n\n          \n          <div class=\"box-wrapper\"\n              data-id=\"1035\">\n\n              <div class='time-header' style='visibility: hidden;'>16:15<\/div>\n\n              <div class=\"box\"\n                data-id=\"1035\"\n                data-project=\"project_338_2017_12_12\"\n                data-title=\"L\u00e4karchefer\"\n                data-time=\"16:15-17:00\"\n                data-room=\"Sal 109\"\n                data-room-id=\"1022\"\n                data-room-name=\"Sal 109\"\n                data-day=\"0\"\n                data-abs-nbr=\"\"\n                data-abs-path=\"\"\n                data-speaker=\"\"\n                data-speakercell=\"\"\n                data-info=\"&lt;b&gt;Moderatorer: &lt;\/b&gt;Niklas Segerdahl&lt;br&gt;&lt;br&gt;                 &lt;p&gt;Presentationsrunda,diskussion av arbetsinneh\u00e5ll och f\u00f6ruts\u00e4ttningar, inkomna diskussionspunktersamt positiva exempel att dela med sig av&lt;br&gt;&lt;\/p&gt;                &lt;br&gt;&lt;br&gt;\"\n                data-category=\"M\u00f6te\"\n                data-category-ids=\"1004\"\n                data-span-all=\"\"\n              >\n\n              \n\n              <div class=\"vertical_bar\" style=\"background-color: #FFFA5C;\"><\/div>\n              <div class=\"box_inner\">\n                                <span>L\u00e4karchefer<\/span>\n               <br>\n               \n               <div class=\"room_div \">\n                 <i class=\"list-room\">Sal 109<\/i>\n               <\/div>\n\n               <div class=\"name_time_div\">\n                <i class=\"list-time\" data-time=\"16:15\">16:15-17:00 - M\u00e5ndag 23 april<\/i>\n               <\/div>\n              <\/div>\n             <\/div>\n          <\/div>\n\n          \n          <div class=\"box-wrapper\"\n              data-id=\"1037\">\n\n              <div class='time-header' style='visibility: hidden;'>16:15<\/div>\n\n              <div class=\"box\"\n                data-id=\"1037\"\n                data-project=\"project_338_2017_12_12\"\n                data-title=\"EKG-tolkning barn\"\n                data-time=\"16:15-17:00\"\n                data-room=\"Sal 108\"\n                data-room-id=\"1026\"\n                data-room-name=\"Sal 108\"\n                data-day=\"0\"\n                data-abs-nbr=\"\"\n                data-abs-path=\"\"\n                data-speaker=\"Jaana Vinnal, Barnl\u00e4kare, Specialistl\u00e4kare Barn- och ungdomsmedicin, Barn- och ungdomskliniken V\u00e4ster\u00e5s\"\n                data-speakercell=\"Jaana Vinnal, Barnl\u00e4kare, Specialistl\u00e4kare Barn- och ungdomsmedicin, Barn- och ungdomskliniken V\u00e4ster\u00e5s\"\n                data-info=\"&lt;p&gt;                  &lt;\/p&gt;&lt;table&gt;                   &lt;tbody&gt;                    &lt;tr&gt;                     &lt;td&gt;EKG-tolkning i sm\u00e5 grupper&lt;\/td&gt;                    &lt;\/tr&gt;                   &lt;\/tbody&gt;                  &lt;\/table&gt;&lt;p&gt;&lt;\/p&gt;&lt;p&gt;&lt;span style=&quot;font-style: italic;&quot;&gt;Samma workshop arrangeras vid fler tillf\u00e4llen.&lt;\/span&gt;&lt;br&gt;&lt;\/p&gt;&lt;p&gt;                 &lt;\/p&gt;&lt;br&gt;&lt;br&gt;\"\n                data-category=\"Workshop\"\n                data-category-ids=\"1003\"\n                data-span-all=\"\"\n              >\n\n              \n\n              <div class=\"vertical_bar\" style=\"background-color: #B2A1C9;\"><\/div>\n              <div class=\"box_inner\">\n                                <span>EKG-tolkning barn<\/span>\n               <br>\n               <div class=\"lecturer\"><span>Jaana Vinnal, Barnl\u00e4kare, Specialistl\u00e4kare Barn- och ungdomsmedicin, Barn- och ungdomskliniken V\u00e4ster\u00e5s<\/span><\/div>\n               <div class=\"room_div \">\n                 <i class=\"list-room\">Sal 108<\/i>\n               <\/div>\n\n               <div class=\"name_time_div\">\n                <i class=\"list-time\" data-time=\"16:15\">16:15-17:00 - M\u00e5ndag 23 april<\/i>\n               <\/div>\n              <\/div>\n             <\/div>\n          <\/div>\n\n          \n          <div class=\"box-wrapper\"\n              data-id=\"1038\">\n\n              <div class='time-header'>17:00<\/div>\n\n              <div class=\"box\"\n                data-id=\"1038\"\n                data-project=\"project_338_2017_12_12\"\n                data-title=\"V\u00e4lkomstmingel p\u00e5 ACC, representant f\u00f6r V\u00e4ster\u00e5s\"\n                data-time=\"17:00-17:45\"\n                data-room=\"Utst\u00e4llningen\"\n                data-room-id=\"1013\"\n                data-room-name=\"Utst\u00e4llningen\"\n                data-day=\"0\"\n                data-abs-nbr=\"\"\n                data-abs-path=\"\"\n                data-speaker=\"\"\n                data-speakercell=\"\"\n                data-info=\"\"\n                data-category=\"\"\n                data-category-ids=\"\"\n                data-span-all=\"1\"\n              >\n\n              \n\n              <div class=\"vertical_bar\" style=\"background-color: rgba(255, 255, 255, 0);\"><\/div>\n              <div class=\"box_inner\">\n                                <span>V\u00e4lkomstmingel p\u00e5 ACC, representant f\u00f6r V\u00e4ster\u00e5s<\/span>\n               <br>\n               \n               <div class=\"room_div \">\n                 <i class=\"list-room\">Utst\u00e4llningen<\/i>\n               <\/div>\n\n               <div class=\"name_time_div\">\n                <i class=\"list-time\" data-time=\"17:00\">17:00-17:45 - M\u00e5ndag 23 april<\/i>\n               <\/div>\n              <\/div>\n             <\/div>\n          <\/div>\n\n          \n          <div class=\"box-wrapper\"\n              data-id=\"1039\">\n\n              <div class='time-header'>18:00<\/div>\n\n              <div class=\"box\"\n                data-id=\"1039\"\n                data-project=\"project_338_2017_12_12\"\n                data-title=\"Middag p\u00e5 Hotell Plaza och d\u00e4refter mingel i Sky bar, 18.00-20.00\"\n                data-time=\"18:00-20:00\"\n                data-room=\"Hotell Plaza\"\n                data-room-id=\"1014\"\n                data-room-name=\"Hotell Plaza\"\n                data-day=\"0\"\n                data-abs-nbr=\"\"\n                data-abs-path=\"\"\n                data-speaker=\"\"\n                data-speakercell=\"\"\n                data-info=\"\"\n                data-category=\"\"\n                data-category-ids=\"\"\n                data-span-all=\"1\"\n              >\n\n              \n\n              <div class=\"vertical_bar\" style=\"background-color: rgba(255, 255, 255, 0);\"><\/div>\n              <div class=\"box_inner\">\n                                <span>Middag p\u00e5 Hotell Plaza och d\u00e4refter mingel i Sky bar, 18.00-20.00<\/span>\n               <br>\n               \n               <div class=\"room_div \">\n                 <i class=\"list-room\">Hotell Plaza<\/i>\n               <\/div>\n\n               <div class=\"name_time_div\">\n                <i class=\"list-time\" data-time=\"18:00\">18:00-20:00 - M\u00e5ndag 23 april<\/i>\n               <\/div>\n              <\/div>\n             <\/div>\n          <\/div>\n\n          <div class='list_header' data-day='1' style='background-color: rgba(32, 132, 196, 0.83); color: rgba(255, 255, 255, 1);'>Tisdag 24 april<\/div>\n          <div class=\"box-wrapper\"\n              data-id=\"1352\">\n\n              <div class='time-header'>07:30<\/div>\n\n              <div class=\"box\"\n                data-id=\"1352\"\n                data-project=\"project_338_2017_12_12\"\n                data-title=\"Registreringen \u00e4r \u00f6ppen 07.30-17.00\"\n                data-time=\"07:30-08:15\"\n                data-room=\"Plan 1\"\n                data-room-id=\"1035\"\n                data-room-name=\"Plan 1\"\n                data-day=\"1\"\n                data-abs-nbr=\"\"\n                data-abs-path=\"\"\n                data-speaker=\"\"\n                data-speakercell=\"\"\n                data-info=\"                  &lt;p&gt;&lt;br&gt;&lt;\/p&gt;                 &lt;br&gt;&lt;br&gt;\"\n                data-category=\"\"\n                data-category-ids=\"\"\n                data-span-all=\"1\"\n              >\n\n              \n\n              <div class=\"vertical_bar\" style=\"background-color: rgba(255, 255, 255, 0);\"><\/div>\n              <div class=\"box_inner\">\n                                <span>Registreringen \u00e4r \u00f6ppen 07.30-17.00<\/span>\n               <br>\n               \n               <div class=\"room_div \">\n                 <i class=\"list-room\">Plan 1<\/i>\n               <\/div>\n\n               <div class=\"name_time_div\">\n                <i class=\"list-time\" data-time=\"07:30\">07:30-08:15 - Tisdag 24 april<\/i>\n               <\/div>\n              <\/div>\n             <\/div>\n          <\/div>\n\n          \n          <div class=\"box-wrapper\"\n              data-id=\"1076\">\n\n              <div class='time-header'>08:15<\/div>\n\n              <div class=\"box\"\n                data-id=\"1076\"\n                data-project=\"project_338_2017_12_12\"\n                data-title=\"Ungdomsmedicin - Hur fungerar ungdomar och hur bem\u00f6ter du dem?\"\n                data-time=\"08:15-09:50\"\n                data-room=\"Sal 301\"\n                data-room-id=\"1019\"\n                data-room-name=\"Sal 301\"\n                data-day=\"1\"\n                data-abs-nbr=\"\"\n                data-abs-path=\"\"\n                data-speaker=\"Charlotte Nylander, PhD, Barnl\u00e4kare, S\u00f6dermanland\"\n                data-speakercell=\"Charlotte Nylander, PhD, Barnl\u00e4kare, S\u00f6dermanland\"\n                data-info=\"&lt;b&gt;Moderatorer: &lt;\/b&gt;Katrin \u00d6stlund, Barn och Ungdomsl\u00e4kare, Barn och Ungdomskliniken&lt;br&gt;&lt;br&gt;                  &lt;p&gt;Att f\u00e5 till bra samtal med ungdomar \u00e4r ofta en sp\u00e4nnande och utmanande uppgift. F\u00f6rel\u00e4sningens inneh\u00e5ll syftar till att du b\u00e4ttre ska kunna f\u00f6rst\u00e5 och n\u00e5 fram till din ton\u00e5rspatient. Hj\u00e4rnans utveckling under ungdoms\u00e5ren samt dess p\u00e5verkan p\u00e5 den biopsykosociala utvecklingen kommer att tas upp. Vidare diskuteras hur man kan f\u00e5 till ungdomsv\u00e4nliga bes\u00f6k och vilka anamnesverktyg som med f\u00f6rdel kan anv\u00e4ndas i samtal med ungdomar.&lt;br&gt;&lt;\/p&gt;                 &lt;br&gt;&lt;br&gt;\"\n                data-category=\"F\u00f6rel\u00e4sning\"\n                data-category-ids=\"1002\"\n                data-span-all=\"\"\n              >\n\n              \n\n              <div class=\"vertical_bar\" style=\"background-color: #B2FF78;\"><\/div>\n              <div class=\"box_inner\">\n                                <span>Ungdomsmedicin - Hur fungerar ungdomar och hur bem\u00f6ter du dem?<\/span>\n               <br>\n               <div class=\"lecturer\"><span>Charlotte Nylander, PhD, Barnl\u00e4kare, S\u00f6dermanland<\/span><\/div>\n               <div class=\"room_div \">\n                 <i class=\"list-room\">Sal 301<\/i>\n               <\/div>\n\n               <div class=\"name_time_div\">\n                <i class=\"list-time\" data-time=\"08:15\">08:15-09:50 - Tisdag 24 april<\/i>\n               <\/div>\n              <\/div>\n             <\/div>\n          <\/div>\n\n          \n          <div class=\"box-wrapper\"\n              data-id=\"1055\">\n\n              <div class='time-header' style='visibility: hidden;'>08:15<\/div>\n\n              <div class=\"box\"\n                data-id=\"1055\"\n                data-project=\"project_338_2017_12_12\"\n                data-title=\"Kardiologi - Tema: Att leva med kronisk hj\u00e4rtsjukdom. Uppf\u00f6ljningsprogram\"\n                data-time=\"08:15-09:00\"\n                data-room=\"H\u00f6rsalen\"\n                data-room-id=\"1024\"\n                data-room-name=\"H\u00f6rsalen\"\n                data-day=\"1\"\n                data-abs-nbr=\"\"\n                data-abs-path=\"\"\n                data-speaker=\"Cecilia Kjellberg Olofsson, Barnkardiolog, Sundsvalls sjukhus\"\n                data-speakercell=\"Cecilia Kjellberg Olofsson, Barnkardiolog, Sundsvalls sjukhus\"\n                data-info=\"                  &lt;p&gt;Kardiologi - Tema: Att leva med kronisk hj\u00e4rtsjukdom&lt;\/p&gt;                  &lt;p&gt;Uppf\u00f6ljningsprogram f\u00f6r barn med hj\u00e4rtfel&lt;\/p&gt;                 &lt;br&gt;&lt;br&gt;\"\n                data-category=\"F\u00f6rel\u00e4sning\"\n                data-category-ids=\"1002\"\n                data-span-all=\"\"\n              >\n\n              \n\n              <div class=\"vertical_bar\" style=\"background-color: #B2FF78;\"><\/div>\n              <div class=\"box_inner\">\n                                <span>Kardiologi - Tema: Att leva med kronisk hj\u00e4rtsjukdom. Uppf\u00f6ljningsprogram<\/span>\n               <br>\n               <div class=\"lecturer\"><span>Cecilia Kjellberg Olofsson, Barnkardiolog, Sundsvalls sjukhus<\/span><\/div>\n               <div class=\"room_div \">\n                 <i class=\"list-room\">H\u00f6rsalen<\/i>\n               <\/div>\n\n               <div class=\"name_time_div\">\n                <i class=\"list-time\" data-time=\"08:15\">08:15-09:00 - Tisdag 24 april<\/i>\n               <\/div>\n              <\/div>\n             <\/div>\n          <\/div>\n\n          \n          <div class=\"box-wrapper\"\n              data-id=\"1102\">\n\n              <div class='time-header' style='visibility: hidden;'>08:15<\/div>\n\n              <div class=\"box\"\n                data-id=\"1102\"\n                data-project=\"project_338_2017_12_12\"\n                data-title=\"Studierektorer - Verksamhetschefer - L\u00e4karchefer\"\n                data-time=\"08:15-09:50\"\n                data-room=\"Sal 105\"\n                data-room-id=\"1030\"\n                data-room-name=\"Sal 105\"\n                data-day=\"1\"\n                data-abs-nbr=\"\"\n                data-abs-path=\"\"\n                data-speaker=\"\"\n                data-speakercell=\"\"\n                data-info=\"&lt;b&gt;Moderatorer: &lt;\/b&gt;Eva Albinsson, Barnl\u00e4kare, Landstinget i V\u00e4rmland; Andreas Ohlin&lt;br&gt;&lt;br&gt;                  &lt;ul&gt;                   &lt;li&gt;Fortbildning av barnl\u00e4kare, presentation av f\u00f6rslag&lt;\/li&gt;                   &lt;li&gt;Information om pediatrikcirkeln&lt;\/li&gt;                   &lt;li&gt;Bakjourskrav&lt;\/li&gt;                   &lt;li&gt;Fr\u00e5gor fr\u00e5n studierektorsm\u00f6tet&lt;\/li&gt;                   &lt;li&gt;Diskussion med representant fr\u00e5n Socialstyrelsen runt legitimation\/provtj\u00e4nstg\u00f6ring\/tredjelandsl\u00e4kare&lt;\/li&gt;                  &lt;\/ul&gt;                 &lt;br&gt;&lt;br&gt;\"\n                data-category=\"M\u00f6te\"\n                data-category-ids=\"1004\"\n                data-span-all=\"\"\n              >\n\n              \n\n              <div class=\"vertical_bar\" style=\"background-color: #FFFA5C;\"><\/div>\n              <div class=\"box_inner\">\n                                <span>Studierektorer - Verksamhetschefer - L\u00e4karchefer<\/span>\n               <br>\n               \n               <div class=\"room_div \">\n                 <i class=\"list-room\">Sal 105<\/i>\n               <\/div>\n\n               <div class=\"name_time_div\">\n                <i class=\"list-time\" data-time=\"08:15\">08:15-09:50 - Tisdag 24 april<\/i>\n               <\/div>\n              <\/div>\n             <\/div>\n          <\/div>\n\n          \n          <div class=\"box-wrapper\"\n              data-id=\"1041\">\n\n              <div class='time-header' style='visibility: hidden;'>08:15<\/div>\n\n              <div class=\"box\"\n                data-id=\"1041\"\n                data-project=\"project_338_2017_12_12\"\n                data-title=\"Nefrologi - Proteinuri och hematuri f\u00f6r ST-l\u00e4kare\"\n                data-time=\"08:15-09:50\"\n                data-room=\"Lilla Salen\"\n                data-room-id=\"1023\"\n                data-room-name=\"Lilla Salen\"\n                data-day=\"1\"\n                data-abs-nbr=\"\"\n                data-abs-path=\"\"\n                data-speaker=\"\u00c5sa Laestadius, PhD, Barnl\u00e4kare, Astrid Lindgrens barnsjukhus, Stockholm; Karin Rosenborg, Karin Rosenborg, Barnl\u00e4kare, Sachsska barn- och ungdomssjukhuset, S\u00f6dersjukhuset, Stockholm\"\n                data-speakercell=\"\u00c5sa Laestadius, PhD, Barnl\u00e4kare, Astrid Lindgrens barnsjukhus, Stockholm; Karin Rosenborg, Karin Rosenborg, Barnl\u00e4kare, Sachsska barn- och ungdomssjukhuset, S\u00f6dersjukhuset, Stockholm\"\n                data-info=\"                 &lt;p&gt;Ett interaktivt seminarium d\u00e4r vi utifr\u00e5n fall ger tips p\u00e5 praktisk handl\u00e4ggning av hematuri och proteinuri.&lt;br&gt;&lt;\/p&gt;                &lt;br&gt;&lt;br&gt;\"\n                data-category=\"F\u00f6rel\u00e4sning\"\n                data-category-ids=\"1002\"\n                data-span-all=\"\"\n              >\n\n              \n\n              <div class=\"vertical_bar\" style=\"background-color: #B2FF78;\"><\/div>\n              <div class=\"box_inner\">\n                                <span>Nefrologi - Proteinuri och hematuri f\u00f6r ST-l\u00e4kare<\/span>\n               <br>\n               <div class=\"lecturer\"><span>\u00c5sa Laestadius, PhD, Barnl\u00e4kare, Astrid Lindgrens barnsjukhus, Stockholm; Karin Rosenborg, Karin Rosenborg, Barnl\u00e4kare, Sachsska barn- och ungdomssjukhuset, S\u00f6dersjukhuset, Stockholm<\/span><\/div>\n               <div class=\"room_div \">\n                 <i class=\"list-room\">Lilla Salen<\/i>\n               <\/div>\n\n               <div class=\"name_time_div\">\n                <i class=\"list-time\" data-time=\"08:15\">08:15-09:50 - Tisdag 24 april<\/i>\n               <\/div>\n              <\/div>\n             <\/div>\n          <\/div>\n\n          \n          <div class=\"box-wrapper\"\n              data-id=\"1091\">\n\n              <div class='time-header' style='visibility: hidden;'>08:15<\/div>\n\n              <div class=\"box\"\n                data-id=\"1091\"\n                data-project=\"project_338_2017_12_12\"\n                data-title=\" Nyf\u00f6dda barns behov av n\u00e4rhet och delaktighet med f\u00f6r\u00e4ldrar\"\n                data-time=\"08:15-08:50\"\n                data-room=\"Sal 109\"\n                data-room-id=\"1022\"\n                data-room-name=\"Sal 109\"\n                data-day=\"1\"\n                data-abs-nbr=\"\"\n                data-abs-path=\"\"\n                data-speaker=\"Marianne Velandia, Barnmorska, Med. Dr.\"\n                data-speakercell=\"Marianne Velandia, Barnmorska, Med. Dr.\"\n                data-info=\"&lt;b&gt;Moderatorer: &lt;\/b&gt;Birgitta Kerstis, Lektor, Barnsjuksk\u00f6terska &amp; Universitetslektor,&lt;br&gt;&lt;br&gt;                  &lt;p&gt;Nyf\u00f6dda barns behov av n\u00e4rhet och delaktighet med f\u00f6r\u00e4ldrar direkt efter f\u00f6dseln.&amp;nbsp;&lt;\/p&gt;                  &lt;p&gt;M\u00e4lardalens h\u00f6gskola&lt;br&gt;&lt;\/p&gt;                 &lt;br&gt;&lt;br&gt;\"\n                data-category=\"F\u00f6rel\u00e4sning\"\n                data-category-ids=\"1002\"\n                data-span-all=\"\"\n              >\n\n              \n\n              <div class=\"vertical_bar\" style=\"background-color: #B2FF78;\"><\/div>\n              <div class=\"box_inner\">\n                                <span> Nyf\u00f6dda barns behov av n\u00e4rhet och delaktighet med f\u00f6r\u00e4ldrar<\/span>\n               <br>\n               <div class=\"lecturer\"><span>Marianne Velandia, Barnmorska, Med. Dr.<\/span><\/div>\n               <div class=\"room_div \">\n                 <i class=\"list-room\">Sal 109<\/i>\n               <\/div>\n\n               <div class=\"name_time_div\">\n                <i class=\"list-time\" data-time=\"08:15\">08:15-08:50 - Tisdag 24 april<\/i>\n               <\/div>\n              <\/div>\n             <\/div>\n          <\/div>\n\n          \n          <div class=\"box-wrapper\"\n              data-id=\"1084\">\n\n              <div class='time-header' style='visibility: hidden;'>08:15<\/div>\n\n              <div class=\"box\"\n                data-id=\"1084\"\n                data-project=\"project_338_2017_12_12\"\n                data-title=\"Barn  och l\u00e4kemedel- Praktisk pediatrisk farmakologi 3.0\"\n                data-time=\"08:15-09:50\"\n                data-room=\"Sal 302\"\n                data-room-id=\"1020\"\n                data-room-name=\"Sal 302\"\n                data-day=\"1\"\n                data-abs-nbr=\"\"\n                data-abs-path=\"\"\n                data-speaker=\"Synn\u00f6ve Lindemalm, Barnl\u00e4kare, klinisk Farmakolog, Karolinska institutet Stockholm; Jenny Kindblom, Docent, klin farmakolog, G\u00f6teborg\"\n                data-speakercell=\"Synn\u00f6ve Lindemalm, Barnl\u00e4kare, klinisk Farmakolog, Karolinska institutet Stockholm; Jenny Kindblom, Docent, klin farmakolog, G\u00f6teborg\"\n                data-info=\"                  &lt;p&gt;Basal niv\u00e5. Kurs&lt;\/p&gt;                  &lt;table&gt;                   &lt;tbody&gt;                    &lt;tr&gt;                     &lt;td&gt;Vi g\u00e5r igenom basala farmakologiska begrepp med kliniken som grund. Teori, vetenskap och klinik blandas i en interaktiv f\u00f6rel\u00e4sning d\u00e4r du m\u00e5ste vara en del. Vi delar ut intyg efter genomg\u00e5ngen f\u00f6rel\u00e4sning.&lt;\/td&gt;                    &lt;\/tr&gt;                   &lt;\/tbody&gt;                  &lt;\/table&gt;                 &lt;br&gt;&lt;br&gt;\"\n                data-category=\"F\u00f6rel\u00e4sning\"\n                data-category-ids=\"1002\"\n                data-span-all=\"\"\n              >\n\n              \n\n              <div class=\"vertical_bar\" style=\"background-color: #B2FF78;\"><\/div>\n              <div class=\"box_inner\">\n                                <span>Barn  och l\u00e4kemedel- Praktisk pediatrisk farmakologi 3.0<\/span>\n               <br>\n               <div class=\"lecturer\"><span>Synn\u00f6ve Lindemalm, Barnl\u00e4kare, klinisk Farmakolog, Karolinska institutet Stockholm; Jenny Kindblom, Docent, klin farmakolog, G\u00f6teborg<\/span><\/div>\n               <div class=\"room_div \">\n                 <i class=\"list-room\">Sal 302<\/i>\n               <\/div>\n\n               <div class=\"name_time_div\">\n                <i class=\"list-time\" data-time=\"08:15\">08:15-09:50 - Tisdag 24 april<\/i>\n               <\/div>\n              <\/div>\n             <\/div>\n          <\/div>\n\n          \n          <div class=\"box-wrapper\"\n              data-id=\"1047\">\n\n              <div class='time-header' style='visibility: hidden;'>08:15<\/div>\n\n              <div class=\"box\"\n                data-id=\"1047\"\n                data-project=\"project_338_2017_12_12\"\n                data-title=\"Neonatalogi - Akut buk hos det nyf\u00f6dda barnet\"\n                data-time=\"08:15-09:00\"\n                data-room=\"Stora Kongresshallen\"\n                data-room-id=\"1018\"\n                data-room-name=\"Stora Kongresshallen\"\n                data-day=\"1\"\n                data-abs-nbr=\"\"\n                data-abs-path=\"\"\n                data-speaker=\"Helene Engstrand Lilja, Docent Barnl\u00e4kare, Akademiska barnsjukhuset Uppsala\"\n                data-speakercell=\"Helene Engstrand Lilja, Docent Barnl\u00e4kare, Akademiska barnsjukhuset Uppsala\"\n                data-info=\"&lt;b&gt;Moderatorer: &lt;\/b&gt;Barbro Diderholm, Neonatolog, Akademiska barnsjukhuset&lt;br&gt;&lt;br&gt;                  &lt;p&gt;Neonatalogi&lt;br&gt;&lt;\/p&gt;                 &lt;br&gt;&lt;br&gt;\"\n                data-category=\"F\u00f6rel\u00e4sning\"\n                data-category-ids=\"1002\"\n                data-span-all=\"\"\n              >\n\n              \n\n              <div class=\"vertical_bar\" style=\"background-color: #B2FF78;\"><\/div>\n              <div class=\"box_inner\">\n                                <span>Neonatalogi - Akut buk hos det nyf\u00f6dda barnet<\/span>\n               <br>\n               <div class=\"lecturer\"><span>Helene Engstrand Lilja, Docent Barnl\u00e4kare, Akademiska barnsjukhuset Uppsala<\/span><\/div>\n               <div class=\"room_div \">\n                 <i class=\"list-room\">Stora Kongresshallen<\/i>\n               <\/div>\n\n               <div class=\"name_time_div\">\n                <i class=\"list-time\" data-time=\"08:15\">08:15-09:00 - Tisdag 24 april<\/i>\n               <\/div>\n              <\/div>\n             <\/div>\n          <\/div>\n\n          \n          <div class=\"box-wrapper\"\n              data-id=\"1060\">\n\n              <div class='time-header' style='visibility: hidden;'>08:15<\/div>\n\n              <div class=\"box\"\n                data-id=\"1060\"\n                data-project=\"project_338_2017_12_12\"\n                data-title=\"Gastroenterologi - Att leva med IBD under barn och ungdoms\u00e5ren\"\n                data-time=\"08:15-09:00\"\n                data-room=\"Lilla Kongresshallen\"\n                data-room-id=\"1021\"\n                data-room-name=\"Lilla Kongresshallen\"\n                data-day=\"1\"\n                data-abs-nbr=\"\"\n                data-abs-path=\"\"\n                data-speaker=\"Torbj\u00f6rn Lind, Docent, Barnl\u00e4kare, Ume\u00e5; Petter Malmborg, Stockholm\"\n                data-speakercell=\"Torbj\u00f6rn Lind, Docent, Barnl\u00e4kare, Ume\u00e5; Petter Malmborg, Stockholm\"\n                data-info=\"&lt;b&gt;Moderatorer: &lt;\/b&gt;Robert Saalman, G\u00f6teborg&lt;br&gt;&lt;br&gt;                  &lt;p&gt;Att leva med IBD under barn och ungdoms\u00e5ren - hur p\u00e5verkas skolg\u00e5ng och livskvalitet?&lt;br&gt;&lt;\/p&gt;                 &lt;br&gt;&lt;br&gt;\"\n                data-category=\"F\u00f6rel\u00e4sning\"\n                data-category-ids=\"1002\"\n                data-span-all=\"\"\n              >\n\n              \n\n              <div class=\"vertical_bar\" style=\"background-color: #B2FF78;\"><\/div>\n              <div class=\"box_inner\">\n                                <span>Gastroenterologi - Att leva med IBD under barn och ungdoms\u00e5ren<\/span>\n               <br>\n               <div class=\"lecturer\"><span>Torbj\u00f6rn Lind, Docent, Barnl\u00e4kare, Ume\u00e5; Petter Malmborg, Stockholm<\/span><\/div>\n               <div class=\"room_div \">\n                 <i class=\"list-room\">Lilla Kongresshallen<\/i>\n               <\/div>\n\n               <div class=\"name_time_div\">\n                <i class=\"list-time\" data-time=\"08:15\">08:15-09:00 - Tisdag 24 april<\/i>\n               <\/div>\n              <\/div>\n             <\/div>\n          <\/div>\n\n          \n          <div class=\"box-wrapper\"\n              data-id=\"1276\">\n\n              <div class='time-header'>08:50<\/div>\n\n              <div class=\"box\"\n                data-id=\"1276\"\n                data-project=\"project_338_2017_12_12\"\n                data-title=\"  Att fr\u00e4mja barns delaktighet i v\u00e5rdsituationer\"\n                data-time=\"08:50-09:20\"\n                data-room=\"Sal 109\"\n                data-room-id=\"1022\"\n                data-room-name=\"Sal 109\"\n                data-day=\"1\"\n                data-abs-nbr=\"\"\n                data-abs-path=\"\"\n                data-speaker=\"Maria  Harder , Distriktssk\u00f6terska, Med. Dr., M\u00e4lardalens h\u00f6gskola\"\n                data-speakercell=\"Maria  Harder , Distriktssk\u00f6terska, Med. Dr., M\u00e4lardalens h\u00f6gskola\"\n                data-info=\"&lt;b&gt;Moderatorer: &lt;\/b&gt;Birgitta Kerstis, Lektor, Barnsjuksk\u00f6terska &amp; Universitetslektor,&lt;br&gt;&lt;br&gt;                  &lt;p&gt;Hur barn g\u00f6r sig delaktiga vid h\u00e4lsobes\u00f6k och Att fr\u00e4mja barns delaktighet i v\u00e5rdsituationer&lt;\/p&gt;                  &lt;p&gt;M\u00e4lardalens h\u00f6gskola&lt;\/p&gt;                 &lt;br&gt;&lt;br&gt;\"\n                data-category=\"F\u00f6rel\u00e4sning\"\n                data-category-ids=\"1002\"\n                data-span-all=\"\"\n              >\n\n              \n\n              <div class=\"vertical_bar\" style=\"background-color: #B2FF78;\"><\/div>\n              <div class=\"box_inner\">\n                                <span>  Att fr\u00e4mja barns delaktighet i v\u00e5rdsituationer<\/span>\n               <br>\n               <div class=\"lecturer\"><span>Maria  Harder , Distriktssk\u00f6terska, Med. Dr., M\u00e4lardalens h\u00f6gskola<\/span><\/div>\n               <div class=\"room_div \">\n                 <i class=\"list-room\">Sal 109<\/i>\n               <\/div>\n\n               <div class=\"name_time_div\">\n                <i class=\"list-time\" data-time=\"08:50\">08:50-09:20 - Tisdag 24 april<\/i>\n               <\/div>\n              <\/div>\n             <\/div>\n          <\/div>\n\n          \n          <div class=\"box-wrapper\"\n              data-id=\"1061\">\n\n              <div class='time-header'>09:05<\/div>\n\n              <div class=\"box\"\n                data-id=\"1061\"\n                data-project=\"project_338_2017_12_12\"\n                data-title=\"Gastroenterologi - Fekalt kalprotektin vid utredning och uppf\u00f6ljning av IBD\"\n                data-time=\"09:05-09:50\"\n                data-room=\"Lilla Kongresshallen\"\n                data-room-id=\"1021\"\n                data-room-name=\"Lilla Kongresshallen\"\n                data-day=\"1\"\n                data-abs-nbr=\"\"\n                data-abs-path=\"\"\n                data-speaker=\"Ulrika Lorentzon Fagerberg, \u00d6verl\u00e4kare, medicine doktor, V\u00e4stmanlands Sjukhus, V\u00e4ster\u00e5s\"\n                data-speakercell=\"Ulrika Lorentzon Fagerberg, \u00d6verl\u00e4kare, medicine doktor, V\u00e4stmanlands Sjukhus, V\u00e4ster\u00e5s\"\n                data-info=\"&lt;b&gt;Moderatorer: &lt;\/b&gt;Robert Saalman, G\u00f6teborg&lt;br&gt;&lt;br&gt;                  &lt;p&gt;Fekalt kalprotektin vid utredning och uppf\u00f6ljning av IBD - vad vet vi idag?&lt;\/p&gt;                 &lt;p&gt;Presentation av den kliniska forskning och erfarenhet som finns idag kring att anv\u00e4nda fekalt kalprotektin som diagnostiskt test och inflammationsmark\u00f6r vid inflammatorisk tarmsjukdom.&lt;br&gt;&lt;\/p&gt;                 &lt;br&gt;&lt;br&gt;\"\n                data-category=\"F\u00f6rel\u00e4sning\"\n                data-category-ids=\"1002\"\n                data-span-all=\"\"\n              >\n\n              \n\n              <div class=\"vertical_bar\" style=\"background-color: #B2FF78;\"><\/div>\n              <div class=\"box_inner\">\n                                <span>Gastroenterologi - Fekalt kalprotektin vid utredning och uppf\u00f6ljning av IBD<\/span>\n               <br>\n               <div class=\"lecturer\"><span>Ulrika Lorentzon Fagerberg, \u00d6verl\u00e4kare, medicine doktor, V\u00e4stmanlands Sjukhus, V\u00e4ster\u00e5s<\/span><\/div>\n               <div class=\"room_div \">\n                 <i class=\"list-room\">Lilla Kongresshallen<\/i>\n               <\/div>\n\n               <div class=\"name_time_div\">\n                <i class=\"list-time\" data-time=\"09:05\">09:05-09:50 - Tisdag 24 april<\/i>\n               <\/div>\n              <\/div>\n             <\/div>\n          <\/div>\n\n          \n          <div class=\"box-wrapper\"\n              data-id=\"1066\">\n\n              <div class='time-header' style='visibility: hidden;'>09:05<\/div>\n\n              <div class=\"box\"\n                data-id=\"1066\"\n                data-project=\"project_338_2017_12_12\"\n                data-title=\"Neonatalogi - Infarter hos underburna och nyf\u00f6dda barn\"\n                data-time=\"09:05-09:50\"\n                data-room=\"Stora Kongresshallen\"\n                data-room-id=\"1018\"\n                data-room-name=\"Stora Kongresshallen\"\n                data-day=\"1\"\n                data-abs-nbr=\"\"\n                data-abs-path=\"\"\n                data-speaker=\"Johan Danielsson, Barnkirurg, Akademiska barnsjukhuset Uppsala; Mattias  Kjellberg, Neonatolog, Neonatologi, Akademiska Barnsjukhuset\"\n                data-speakercell=\"Johan Danielsson, Barnkirurg, Akademiska barnsjukhuset Uppsala; Mattias  Kjellberg, Neonatolog, Neonatologi, Akademiska Barnsjukhuset\"\n                data-info=\"&lt;b&gt;Moderatorer: &lt;\/b&gt;Barbro Diderholm, Neonatolog, Akademiska barnsjukhuset&lt;br&gt;&lt;br&gt;                  &lt;p&gt;Genomg\u00e5ng av olika centrala infarter hos sm\u00e5 barn, vad b\u00f6r man v\u00e4lja, indikationer, komplikationer.&lt;br&gt;&lt;\/p&gt;                 &lt;br&gt;&lt;br&gt;\"\n                data-category=\"F\u00f6rel\u00e4sning\"\n                data-category-ids=\"1002\"\n                data-span-all=\"\"\n              >\n\n              \n\n              <div class=\"vertical_bar\" style=\"background-color: #B2FF78;\"><\/div>\n              <div class=\"box_inner\">\n                                <span>Neonatalogi - Infarter hos underburna och nyf\u00f6dda barn<\/span>\n               <br>\n               <div class=\"lecturer\"><span>Johan Danielsson, Barnkirurg, Akademiska barnsjukhuset Uppsala; Mattias  Kjellberg, Neonatolog, Neonatologi, Akademiska Barnsjukhuset<\/span><\/div>\n               <div class=\"room_div \">\n                 <i class=\"list-room\">Stora Kongresshallen<\/i>\n               <\/div>\n\n               <div class=\"name_time_div\">\n                <i class=\"list-time\" data-time=\"09:05\">09:05-09:50 - Tisdag 24 april<\/i>\n               <\/div>\n              <\/div>\n             <\/div>\n          <\/div>\n\n          \n          <div class=\"box-wrapper\"\n              data-id=\"1048\">\n\n              <div class='time-header' style='visibility: hidden;'>09:05<\/div>\n\n              <div class=\"box\"\n                data-id=\"1048\"\n                data-project=\"project_338_2017_12_12\"\n                data-title=\"Kardiologi - Tema forts: Enkammarhj\u00e4rta\"\n                data-time=\"09:05-09:50\"\n                data-room=\"H\u00f6rsalen\"\n                data-room-id=\"1024\"\n                data-room-name=\"H\u00f6rsalen\"\n                data-day=\"1\"\n                data-abs-nbr=\"\"\n                data-abs-path=\"\"\n                data-speaker=\"Maria Sj\u00f6borg Alpman, Barnkardiolog, Astrid Lindgrens barnsjukhus, Stockholm; H\u00e5kan W\u00e5hlander, Barnkardiolog, Drottning Silvias barn- och ungdomssjukhus\"\n                data-speakercell=\"Maria Sj\u00f6borg Alpman, Barnkardiolog, Astrid Lindgrens barnsjukhus, Stockholm; H\u00e5kan W\u00e5hlander, Barnkardiolog, Drottning Silvias barn- och ungdomssjukhus\"\n                data-info=\"                  &lt;p&gt;Kardiologi - Tema forts:&lt;\/p&gt;                  &lt;p&gt;Enkammarhj\u00e4rta&lt;\/p&gt;                 &lt;p&gt;Problem med f\u00f6rbindelsen mellan h\u00f6ger kammare och lungart\u00e4r \u00e4r en av de vanligaste \u00e5terkommande orsakerna till reoperationer eller kateterinterventioner vid medf\u00f6dda hj\u00e4rtfel under ton\u00e5ren. F\u00f6rel\u00e4sningen handlar om hur man skapar utfl\u00f6de fr\u00e5n h\u00f6ger kammare hos patienter d\u00e4r deras egna \u00e4r otillr\u00e4cklig. Den tar upp indikationer, typer av \u00e5tg\u00e4rder, komplikationer, risker och prognos p\u00e5 l\u00e4ngre sikt.&lt;\/p&gt;                 &lt;br&gt;&lt;br&gt;\"\n                data-category=\"F\u00f6rel\u00e4sning\"\n                data-category-ids=\"1002\"\n                data-span-all=\"\"\n              >\n\n              \n\n              <div class=\"vertical_bar\" style=\"background-color: #B2FF78;\"><\/div>\n              <div class=\"box_inner\">\n                                <span>Kardiologi - Tema forts: Enkammarhj\u00e4rta<\/span>\n               <br>\n               <div class=\"lecturer\"><span>Maria Sj\u00f6borg Alpman, Barnkardiolog, Astrid Lindgrens barnsjukhus, Stockholm; H\u00e5kan W\u00e5hlander, Barnkardiolog, Drottning Silvias barn- och ungdomssjukhus<\/span><\/div>\n               <div class=\"room_div \">\n                 <i class=\"list-room\">H\u00f6rsalen<\/i>\n               <\/div>\n\n               <div class=\"name_time_div\">\n                <i class=\"list-time\" data-time=\"09:05\">09:05-09:50 - Tisdag 24 april<\/i>\n               <\/div>\n              <\/div>\n             <\/div>\n          <\/div>\n\n          \n          <div class=\"box-wrapper\"\n              data-id=\"1101\">\n\n              <div class='time-header' style='visibility: hidden;'>09:05<\/div>\n\n              <div class=\"box\"\n                data-id=\"1101\"\n                data-project=\"project_338_2017_12_12\"\n                data-title=\"Barnklinikens skolinformation inom onkologi\"\n                data-time=\"09:05-09:50\"\n                data-room=\"Sal 110\"\n                data-room-id=\"1029\"\n                data-room-name=\"Sal 110\"\n                data-day=\"1\"\n                data-abs-nbr=\"\"\n                data-abs-path=\"\"\n                data-speaker=\"Karin  L\u00f6nn, Sjukhusl\u00e4rare\/spec. l\u00e4rare, V\u00e4stmanlands sjukhus, Barnkliniken; Rebecca  \u00c5str\u00f6m, Sjuksk\u00f6terska\"\n                data-speakercell=\"Karin  L\u00f6nn, Sjukhusl\u00e4rare\/spec. l\u00e4rare, V\u00e4stmanlands sjukhus, Barnkliniken; Rebecca  \u00c5str\u00f6m, Sjuksk\u00f6terska\"\n                data-info=\"                  &lt;table&gt;                   &lt;tbody&gt;                    &lt;tr&gt;                     &lt;td&gt;M\u00e5nga barn i denna patientgrupp kommer att under l\u00e5ng tid vara beroende av en bra planering och god f\u00f6rst\u00e5else fr\u00e5n sin skola. S\u00e5 h\u00e4r g\u00f6r vi f\u00f6r att underl\u00e4tta.&amp;nbsp;&lt;table&gt;                       &lt;tbody&gt;                        &lt;tr&gt;                         &lt;td&gt;&lt;\/td&gt;                        &lt;\/tr&gt;                       &lt;\/tbody&gt;                      &lt;\/table&gt;&lt;\/td&gt;                    &lt;\/tr&gt;                   &lt;\/tbody&gt;                  &lt;\/table&gt;                 &lt;br&gt;&lt;br&gt;\"\n                data-category=\"Workshop\"\n                data-category-ids=\"1003\"\n                data-span-all=\"\"\n              >\n\n              \n\n              <div class=\"vertical_bar\" style=\"background-color: #B2A1C9;\"><\/div>\n              <div class=\"box_inner\">\n                                <span>Barnklinikens skolinformation inom onkologi<\/span>\n               <br>\n               <div class=\"lecturer\"><span>Karin  L\u00f6nn, Sjukhusl\u00e4rare\/spec. l\u00e4rare, V\u00e4stmanlands sjukhus, Barnkliniken; Rebecca  \u00c5str\u00f6m, Sjuksk\u00f6terska<\/span><\/div>\n               <div class=\"room_div \">\n                 <i class=\"list-room\">Sal 110<\/i>\n               <\/div>\n\n               <div class=\"name_time_div\">\n                <i class=\"list-time\" data-time=\"09:05\">09:05-09:50 - Tisdag 24 april<\/i>\n               <\/div>\n              <\/div>\n             <\/div>\n          <\/div>\n\n          \n          <div class=\"box-wrapper\"\n              data-id=\"1092\">\n\n              <div class='time-header'>09:20<\/div>\n\n              <div class=\"box\"\n                data-id=\"1092\"\n                data-project=\"project_338_2017_12_12\"\n                data-title=\" IACTA-appen f\u00f6r barns r\u00e4ttigheter i sjukv\u00e5rden\"\n                data-time=\"09:20-09:50\"\n                data-room=\"Sal 109\"\n                data-room-id=\"1022\"\n                data-room-name=\"Sal 109\"\n                data-day=\"1\"\n                data-abs-nbr=\"\"\n                data-abs-path=\"\"\n                data-speaker=\"Anna St\u00e5lberg, Barnsjuksk\u00f6terska, Fil. Dr.\"\n                data-speakercell=\"Anna St\u00e5lberg, Barnsjuksk\u00f6terska, Fil. Dr.\"\n                data-info=\"&lt;b&gt;Moderatorer: &lt;\/b&gt;Birgitta Kerstis, Lektor, Barnsjuksk\u00f6terska &amp; Universitetslektor,&lt;br&gt;&lt;br&gt;                  &lt;p&gt;IACTA-appen - ett s\u00e4tt att tillvarata och praktiskt arbeta med barns r\u00e4ttigheter i sjukv\u00e5rden.&lt;\/p&gt;                  &lt;table&gt;                   &lt;tbody&gt;                    &lt;tr&gt;                     &lt;td&gt;&lt;p&gt;Att fr\u00e4mja barns delaktighet. Aktuell forskning i forskargruppen ChiP4 vid M\u00e4lardalens h\u00f6gskola\/9.20-9.50 Anna St\u00e5lbergAtt fr\u00e4mja barns delaktighet. Aktuell forskning i forskargruppen ChiP4 vid M\u00e4lardalens h\u00f6gskola\/IACTA-appen \u2013 ett s\u00e4tt att tillvarata och praktiskt arbeta med barns r\u00e4ttigheter i sjukv\u00e5rden.&lt;\/p&gt;&lt;p&gt;Klicka p\u00e5 nedan l\u00e4nk f\u00f6r att ta del av handouts f\u00f6r f\u00f6rel\u00e4sningen:&amp;nbsp;&lt;a href=&quot;http:\/\/www.trippus.se\/eventus\/userfiles\/96365.pdf&quot;&gt;http:\/\/www.trippus.se\/eventus\/userfiles\/96365.pdf&lt;\/a&gt;&lt;br&gt;&lt;\/p&gt;&lt;p&gt;&lt;\/p&gt;&lt;\/td&gt;                    &lt;\/tr&gt;                   &lt;\/tbody&gt;                  &lt;\/table&gt;                 &lt;br&gt;&lt;br&gt;\"\n                data-category=\"F\u00f6rel\u00e4sning\"\n                data-category-ids=\"1002\"\n                data-span-all=\"\"\n              >\n\n              \n\n              <div class=\"vertical_bar\" style=\"background-color: #B2FF78;\"><\/div>\n              <div class=\"box_inner\">\n                                <span> IACTA-appen f\u00f6r barns r\u00e4ttigheter i sjukv\u00e5rden<\/span>\n               <br>\n               <div class=\"lecturer\"><span>Anna St\u00e5lberg, Barnsjuksk\u00f6terska, Fil. Dr.<\/span><\/div>\n               <div class=\"room_div \">\n                 <i class=\"list-room\">Sal 109<\/i>\n               <\/div>\n\n               <div class=\"name_time_div\">\n                <i class=\"list-time\" data-time=\"09:20\">09:20-09:50 - Tisdag 24 april<\/i>\n               <\/div>\n              <\/div>\n             <\/div>\n          <\/div>\n\n          \n          <div class=\"box-wrapper\"\n              data-id=\"1107\">\n\n              <div class='time-header'>09:50<\/div>\n\n              <div class=\"box\"\n                data-id=\"1107\"\n                data-project=\"project_338_2017_12_12\"\n                data-title=\"Fika, utst\u00e4llare, posterbes\u00f6k\"\n                data-time=\"09:50-10:25\"\n                data-room=\"Utst\u00e4llningen\"\n                data-room-id=\"1013\"\n                data-room-name=\"Utst\u00e4llningen\"\n                data-day=\"1\"\n                data-abs-nbr=\"\"\n                data-abs-path=\"\"\n                data-speaker=\"\"\n                data-speakercell=\"\"\n                data-info=\"\"\n                data-category=\"\"\n                data-category-ids=\"\"\n                data-span-all=\"1\"\n              >\n\n              \n\n              <div class=\"vertical_bar\" style=\"background-color: rgba(255, 255, 255, 0);\"><\/div>\n              <div class=\"box_inner\">\n                                <span>Fika, utst\u00e4llare, posterbes\u00f6k<\/span>\n               <br>\n               \n               <div class=\"room_div \">\n                 <i class=\"list-room\">Utst\u00e4llningen<\/i>\n               <\/div>\n\n               <div class=\"name_time_div\">\n                <i class=\"list-time\" data-time=\"09:50\">09:50-10:25 - Tisdag 24 april<\/i>\n               <\/div>\n              <\/div>\n             <\/div>\n          <\/div>\n\n          \n          <div class=\"box-wrapper\"\n              data-id=\"1104\">\n\n              <div class='time-header'>10:25<\/div>\n\n              <div class=\"box\"\n                data-id=\"1104\"\n                data-project=\"project_338_2017_12_12\"\n                data-title=\"Studierektorer - Verksamhetschefer - L\u00e4karchefer\"\n                data-time=\"10:25-12:00\"\n                data-room=\"Sal 105\"\n                data-room-id=\"1030\"\n                data-room-name=\"Sal 105\"\n                data-day=\"1\"\n                data-abs-nbr=\"\"\n                data-abs-path=\"\"\n                data-speaker=\"\"\n                data-speakercell=\"\"\n                data-info=\"&lt;b&gt;Moderatorer: &lt;\/b&gt;Eva Albinsson, Barnl\u00e4kare, Landstinget i V\u00e4rmland; Andreas Ohlin&lt;br&gt;&lt;br&gt;                 &lt;ul&gt;                  &lt;li&gt;Fortbildning av barnl\u00e4kare, presentation av f\u00f6rslag&lt;\/li&gt;                  &lt;li&gt;Information om pediatrikcirkeln&lt;\/li&gt;                  &lt;li&gt;Bakjourskrav&lt;\/li&gt;                  &lt;li&gt;Fr\u00e5gor fr\u00e5n studierektorsm\u00f6tet&lt;\/li&gt;                  &lt;li&gt;Diskussion med representant fr\u00e5n Socialstyrelsen runt legitimation\/provtj\u00e4nstg\u00f6ring\/tredjelandsl\u00e4kare&lt;\/li&gt;                 &lt;\/ul&gt;                 &lt;br&gt;&lt;br&gt;\"\n                data-category=\"M\u00f6te\"\n                data-category-ids=\"1004\"\n                data-span-all=\"\"\n              >\n\n              \n\n              <div class=\"vertical_bar\" style=\"background-color: #FFFA5C;\"><\/div>\n              <div class=\"box_inner\">\n                                <span>Studierektorer - Verksamhetschefer - L\u00e4karchefer<\/span>\n               <br>\n               \n               <div class=\"room_div \">\n                 <i class=\"list-room\">Sal 105<\/i>\n               <\/div>\n\n               <div class=\"name_time_div\">\n                <i class=\"list-time\" data-time=\"10:25\">10:25-12:00 - Tisdag 24 april<\/i>\n               <\/div>\n              <\/div>\n             <\/div>\n          <\/div>\n\n          \n          <div class=\"box-wrapper\"\n              data-id=\"1078\">\n\n              <div class='time-header' style='visibility: hidden;'>10:25<\/div>\n\n              <div class=\"box\"\n                data-id=\"1078\"\n                data-project=\"project_338_2017_12_12\"\n                data-title=\"Ungdomsmedicin - Vem best\u00e4mmer? Ungas r\u00e4tt i v\u00e5rden. Etisk-juridisk diskussion med kliniska fall.\"\n                data-time=\"10:25-12:00\"\n                data-room=\"Sal 301\"\n                data-room-id=\"1019\"\n                data-room-name=\"Sal 301\"\n                data-day=\"1\"\n                data-abs-nbr=\"\"\n                data-abs-path=\"\"\n                data-speaker=\"Katrin \u00d6stlund, Barn och Ungdomsl\u00e4kare, Barn och Ungdomskliniken\"\n                data-speakercell=\"Katrin \u00d6stlund, Barn och Ungdomsl\u00e4kare, Barn och Ungdomskliniken\"\n                data-info=\"&lt;b&gt;Moderatorer: &lt;\/b&gt;Charlotte Nylander, PhD, Barnl\u00e4kare, S\u00f6dermanland&lt;br&gt;&lt;br&gt;                  &lt;p&gt;F\u00f6rel\u00e4sning om Ungas r\u00e4tt i v\u00e5rden, f\u00f6ljt av gruppdiskussioner kring etisk-juridiska kliniska fall.&lt;br&gt;&lt;\/p&gt;                 &lt;br&gt;&lt;br&gt;\"\n                data-category=\"Seminarium\/Paneldebatt\"\n                data-category-ids=\"1006\"\n                data-span-all=\"\"\n              >\n\n              \n\n              <div class=\"vertical_bar\" style=\"background-color: #FFB217;\"><\/div>\n              <div class=\"box_inner\">\n                                <span>Ungdomsmedicin - Vem best\u00e4mmer? Ungas r\u00e4tt i v\u00e5rden. Etisk-juridisk diskussion med kliniska fall.<\/span>\n               <br>\n               <div class=\"lecturer\"><span>Katrin \u00d6stlund, Barn och Ungdomsl\u00e4kare, Barn och Ungdomskliniken<\/span><\/div>\n               <div class=\"room_div \">\n                 <i class=\"list-room\">Sal 301<\/i>\n               <\/div>\n\n               <div class=\"name_time_div\">\n                <i class=\"list-time\" data-time=\"10:25\">10:25-12:00 - Tisdag 24 april<\/i>\n               <\/div>\n              <\/div>\n             <\/div>\n          <\/div>\n\n          \n          <div class=\"box-wrapper\"\n              data-id=\"1260\">\n\n              <div class='time-header' style='visibility: hidden;'>10:25<\/div>\n\n              <div class=\"box\"\n                data-id=\"1260\"\n                data-project=\"project_338_2017_12_12\"\n                data-title=\"F\u00f6rs\u00e4kringskassan - F\u00f6rs\u00e4kringsmedicin\"\n                data-time=\"10:25-11:10\"\n                data-room=\"Sal 110\"\n                data-room-id=\"1029\"\n                data-room-name=\"Sal 110\"\n                data-day=\"1\"\n                data-abs-nbr=\"\"\n                data-abs-path=\"\"\n                data-speaker=\"Fereshteh  Olofsson, F\u00f6rs\u00e4kringskassan\"\n                data-speakercell=\"Fereshteh  Olofsson, F\u00f6rs\u00e4kringskassan\"\n                data-info=\"                  &lt;p&gt;Tema VAB, TFP, allvarligt sjukt barn&lt;\/p&gt;                  &lt;p&gt;&lt;span style=&quot;font-style: italic;&quot;&gt;Samma workshop arrangeras vid fler tillf\u00e4llen.&lt;\/span&gt;&lt;\/p&gt;                 &lt;br&gt;&lt;br&gt;\"\n                data-category=\"Workshop\"\n                data-category-ids=\"1003\"\n                data-span-all=\"\"\n              >\n\n              \n\n              <div class=\"vertical_bar\" style=\"background-color: #B2A1C9;\"><\/div>\n              <div class=\"box_inner\">\n                                <span>F\u00f6rs\u00e4kringskassan - F\u00f6rs\u00e4kringsmedicin<\/span>\n               <br>\n               <div class=\"lecturer\"><span>Fereshteh  Olofsson, F\u00f6rs\u00e4kringskassan<\/span><\/div>\n               <div class=\"room_div \">\n                 <i class=\"list-room\">Sal 110<\/i>\n               <\/div>\n\n               <div class=\"name_time_div\">\n                <i class=\"list-time\" data-time=\"10:25\">10:25-11:10 - Tisdag 24 april<\/i>\n               <\/div>\n              <\/div>\n             <\/div>\n          <\/div>\n\n          \n          <div class=\"box-wrapper\"\n              data-id=\"1093\">\n\n              <div class='time-header' style='visibility: hidden;'>10:25<\/div>\n\n              <div class=\"box\"\n                data-id=\"1093\"\n                data-project=\"project_338_2017_12_12\"\n                data-title=\" Skolsk\u00f6terskors kulturella kompetens-\u00f6kad delaktighet f\u00f6r barnet?\"\n                data-time=\"10:25-10:55\"\n                data-room=\"Sal 109\"\n                data-room-id=\"1022\"\n                data-room-name=\"Sal 109\"\n                data-day=\"1\"\n                data-abs-nbr=\"\"\n                data-abs-path=\"\"\n                data-speaker=\"Emmie Wahlstr\u00f6m, Folkh\u00e4lsovetare, Doktorand, M\u00e4lardalens h\u00f6gskola\"\n                data-speakercell=\"Emmie Wahlstr\u00f6m, Folkh\u00e4lsovetare, Doktorand, M\u00e4lardalens h\u00f6gskola\"\n                data-info=\"&lt;b&gt;Moderatorer: &lt;\/b&gt;Birgitta Kerstis, Lektor, Barnsjuksk\u00f6terska &amp; Universitetslektor,&lt;br&gt;&lt;br&gt;                  &lt;p&gt;Kan skolsk\u00f6terskors kulturella kompetens bidra till att \u00f6ka barns delaktighet vid h\u00e4lsobes\u00f6k?&lt;\/p&gt;                  &lt;p&gt;M\u00e4lardalens h\u00f6gskola&lt;\/p&gt;                 &lt;br&gt;&lt;br&gt;\"\n                data-category=\"F\u00f6rel\u00e4sning\"\n                data-category-ids=\"1002\"\n                data-span-all=\"\"\n              >\n\n              \n\n              <div class=\"vertical_bar\" style=\"background-color: #B2FF78;\"><\/div>\n              <div class=\"box_inner\">\n                                <span> Skolsk\u00f6terskors kulturella kompetens-\u00f6kad delaktighet f\u00f6r barnet?<\/span>\n               <br>\n               <div class=\"lecturer\"><span>Emmie Wahlstr\u00f6m, Folkh\u00e4lsovetare, Doktorand, M\u00e4lardalens h\u00f6gskola<\/span><\/div>\n               <div class=\"room_div \">\n                 <i class=\"list-room\">Sal 109<\/i>\n               <\/div>\n\n               <div class=\"name_time_div\">\n                <i class=\"list-time\" data-time=\"10:25\">10:25-10:55 - Tisdag 24 april<\/i>\n               <\/div>\n              <\/div>\n             <\/div>\n          <\/div>\n\n          \n          <div class=\"box-wrapper\"\n              data-id=\"1068\">\n\n              <div class='time-header' style='visibility: hidden;'>10:25<\/div>\n\n              <div class=\"box\"\n                data-id=\"1068\"\n                data-project=\"project_338_2017_12_12\"\n                data-title=\"Kardiologi - Tema forts: Conduits; Arytmi\"\n                data-time=\"10:25-11:10\"\n                data-room=\"H\u00f6rsalen\"\n                data-room-id=\"1024\"\n                data-room-name=\"H\u00f6rsalen\"\n                data-day=\"1\"\n                data-abs-nbr=\"\"\n                data-abs-path=\"\"\n                data-speaker=\"Ida Jeremiasen, Barnkardiolog, Barnhj\u00e4rtcentrum, Lund\"\n                data-speakercell=\"Ida Jeremiasen, Barnkardiolog, Barnhj\u00e4rtcentrum, Lund\"\n                data-info=\"                  &lt;p&gt;Kardiologi - Tema forts:&lt;\/p&gt;                  &lt;p&gt;Condutis&amp;nbsp;&lt;\/p&gt;                  &lt;p&gt;Barn och ungdomar med arytmisjukdom&lt;br&gt;&lt;\/p&gt;                 &lt;br&gt;&lt;br&gt;\"\n                data-category=\"F\u00f6rel\u00e4sning\"\n                data-category-ids=\"1002\"\n                data-span-all=\"\"\n              >\n\n              \n\n              <div class=\"vertical_bar\" style=\"background-color: #B2FF78;\"><\/div>\n              <div class=\"box_inner\">\n                                <span>Kardiologi - Tema forts: Conduits; Arytmi<\/span>\n               <br>\n               <div class=\"lecturer\"><span>Ida Jeremiasen, Barnkardiolog, Barnhj\u00e4rtcentrum, Lund<\/span><\/div>\n               <div class=\"room_div \">\n                 <i class=\"list-room\">H\u00f6rsalen<\/i>\n               <\/div>\n\n               <div class=\"name_time_div\">\n                <i class=\"list-time\" data-time=\"10:25\">10:25-11:10 - Tisdag 24 april<\/i>\n               <\/div>\n              <\/div>\n             <\/div>\n          <\/div>\n\n          \n          <div class=\"box-wrapper\"\n              data-id=\"1069\">\n\n              <div class='time-header' style='visibility: hidden;'>10:25<\/div>\n\n              <div class=\"box\"\n                data-id=\"1069\"\n                data-project=\"project_338_2017_12_12\"\n                data-title=\"Gastroenterologi - Handl\u00e4ggning av akut IBD-kolit\"\n                data-time=\"10:25-11:10\"\n                data-room=\"Lilla Kongresshallen\"\n                data-room-id=\"1021\"\n                data-room-name=\"Lilla Kongresshallen\"\n                data-day=\"1\"\n                data-abs-nbr=\"\"\n                data-abs-path=\"\"\n                data-speaker=\"Ulrika Lorentzon Fagerberg, \u00d6verl\u00e4kare, medicine doktor, V\u00e4stmanlands Sjukhus, V\u00e4ster\u00e5s\"\n                data-speakercell=\"Ulrika Lorentzon Fagerberg, \u00d6verl\u00e4kare, medicine doktor, V\u00e4stmanlands Sjukhus, V\u00e4ster\u00e5s\"\n                data-info=\"&lt;b&gt;Moderatorer: &lt;\/b&gt;Torbj\u00f6rn Lind, Docent, Barnl\u00e4kare, Ume\u00e5&lt;br&gt;&lt;br&gt;                  &lt;p&gt;Handl\u00e4ggning av akut IBD-kolit&lt;\/p&gt;                  &lt;p&gt;Genomg\u00e5ng av handl\u00e4ggning vid akut IBD-kolit hos s\u00e5v\u00e4l nyinsjuknad som tidigare k\u00e4nd IBD-patient med presentation av fall&lt;br&gt;&lt;\/p&gt;                 &lt;br&gt;&lt;br&gt;\"\n                data-category=\"F\u00f6rel\u00e4sning\"\n                data-category-ids=\"1002\"\n                data-span-all=\"\"\n              >\n\n              \n\n              <div class=\"vertical_bar\" style=\"background-color: #B2FF78;\"><\/div>\n              <div class=\"box_inner\">\n                                <span>Gastroenterologi - Handl\u00e4ggning av akut IBD-kolit<\/span>\n               <br>\n               <div class=\"lecturer\"><span>Ulrika Lorentzon Fagerberg, \u00d6verl\u00e4kare, medicine doktor, V\u00e4stmanlands Sjukhus, V\u00e4ster\u00e5s<\/span><\/div>\n               <div class=\"room_div \">\n                 <i class=\"list-room\">Lilla Kongresshallen<\/i>\n               <\/div>\n\n               <div class=\"name_time_div\">\n                <i class=\"list-time\" data-time=\"10:25\">10:25-11:10 - Tisdag 24 april<\/i>\n               <\/div>\n              <\/div>\n             <\/div>\n          <\/div>\n\n          \n          <div class=\"box-wrapper\"\n              data-id=\"1096\">\n\n              <div class='time-header' style='visibility: hidden;'>10:25<\/div>\n\n              <div class=\"box\"\n                data-id=\"1096\"\n                data-project=\"project_338_2017_12_12\"\n                data-title=\"Barn och l\u00e4kemedel - N\u00e4r FASS inte r\u00e4cker\"\n                data-time=\"10:25-11:10\"\n                data-room=\"Sal 302\"\n                data-room-id=\"1020\"\n                data-room-name=\"Sal 302\"\n                data-day=\"1\"\n                data-abs-nbr=\"\"\n                data-abs-path=\"\"\n                data-speaker=\"Estelle Naumburg, Barnl\u00e4kare, lektor Ume\u00e5; Synn\u00f6ve Lindemalm, Barnl\u00e4kare, klinisk Farmakolog, Karolinska institutet Stockholm\"\n                data-speakercell=\"Estelle Naumburg, Barnl\u00e4kare, lektor Ume\u00e5; Synn\u00f6ve Lindemalm, Barnl\u00e4kare, klinisk Farmakolog, Karolinska institutet Stockholm\"\n                data-info=\"                  &lt;p&gt;Specialistniv\u00e5.&lt;\/p&gt;                  &lt;p&gt;Denna workshop tar upp off-label behandling av l\u00e4kemedel.&lt;\/p&gt;                  &lt;p&gt;&lt;span style=&quot;font-style: italic;&quot;&gt;Samma workshop arrangeras vid fler tillf\u00e4llen.&lt;\/span&gt;&lt;br&gt;&lt;\/p&gt;                 &lt;br&gt;&lt;br&gt;\"\n                data-category=\"Workshop\"\n                data-category-ids=\"1003\"\n                data-span-all=\"\"\n              >\n\n              \n\n              <div class=\"vertical_bar\" style=\"background-color: #B2A1C9;\"><\/div>\n              <div class=\"box_inner\">\n                                <span>Barn och l\u00e4kemedel - N\u00e4r FASS inte r\u00e4cker<\/span>\n               <br>\n               <div class=\"lecturer\"><span>Estelle Naumburg, Barnl\u00e4kare, lektor Ume\u00e5; Synn\u00f6ve Lindemalm, Barnl\u00e4kare, klinisk Farmakolog, Karolinska institutet Stockholm<\/span><\/div>\n               <div class=\"room_div \">\n                 <i class=\"list-room\">Sal 302<\/i>\n               <\/div>\n\n               <div class=\"name_time_div\">\n                <i class=\"list-time\" data-time=\"10:25\">10:25-11:10 - Tisdag 24 april<\/i>\n               <\/div>\n              <\/div>\n             <\/div>\n          <\/div>\n\n          \n          <div class=\"box-wrapper\"\n              data-id=\"1071\">\n\n              <div class='time-header' style='visibility: hidden;'>10:25<\/div>\n\n              <div class=\"box\"\n                data-id=\"1071\"\n                data-project=\"project_338_2017_12_12\"\n                data-title=\"Hud - Utslag och prickar\"\n                data-time=\"10:25-11:10\"\n                data-room=\"Sal 107\"\n                data-room-id=\"1025\"\n                data-room-name=\"Sal 107\"\n                data-day=\"1\"\n                data-abs-nbr=\"\"\n                data-abs-path=\"\"\n                data-speaker=\"Karin  Palmer, L\u00e4kare, Hudkliniken V\u00e4ster\u00e5s\"\n                data-speakercell=\"Karin  Palmer, L\u00e4kare, Hudkliniken V\u00e4ster\u00e5s\"\n                data-info=\"                  &lt;p&gt;Prickar och utslag hos barn&lt;\/p&gt;                 &lt;br&gt;&lt;br&gt;\"\n                data-category=\"F\u00f6rel\u00e4sning\"\n                data-category-ids=\"1002\"\n                data-span-all=\"\"\n              >\n\n              \n\n              <div class=\"vertical_bar\" style=\"background-color: #B2FF78;\"><\/div>\n              <div class=\"box_inner\">\n                                <span>Hud - Utslag och prickar<\/span>\n               <br>\n               <div class=\"lecturer\"><span>Karin  Palmer, L\u00e4kare, Hudkliniken V\u00e4ster\u00e5s<\/span><\/div>\n               <div class=\"room_div \">\n                 <i class=\"list-room\">Sal 107<\/i>\n               <\/div>\n\n               <div class=\"name_time_div\">\n                <i class=\"list-time\" data-time=\"10:25\">10:25-11:10 - Tisdag 24 april<\/i>\n               <\/div>\n              <\/div>\n             <\/div>\n          <\/div>\n\n          \n          <div class=\"box-wrapper\"\n              data-id=\"1049\">\n\n              <div class='time-header' style='visibility: hidden;'>10:25<\/div>\n\n              <div class=\"box\"\n                data-id=\"1049\"\n                data-project=\"project_338_2017_12_12\"\n                data-title=\"Neonatalogi - LOVIS projektet d\u00e5tid\/nutid\/framtid\"\n                data-time=\"10:25-11:10\"\n                data-room=\"Stora Kongresshallen\"\n                data-room-id=\"1018\"\n                data-room-name=\"Stora Kongresshallen\"\n                data-day=\"1\"\n                data-abs-nbr=\"\"\n                data-abs-path=\"\"\n                data-speaker=\"Katarina Strand Brodd, PhD, Neonatolog ; Claes Von Hofsten, Professor, Uppsala Universitet\"\n                data-speakercell=\"Katarina Strand Brodd, PhD, Neonatolog ; Claes Von Hofsten, Professor, Uppsala Universitet\"\n                data-info=\"&lt;b&gt;Moderatorer: &lt;\/b&gt;Barbro Diderholm, Neonatolog, Akademiska barnsjukhuset&lt;br&gt;&lt;br&gt;                  &lt;p&gt;The LOVIS project: How is early visual development in very preterm infants related to later cognitive capability?&lt;\/p&gt;                 &lt;br&gt;&lt;br&gt;\"\n                data-category=\"F\u00f6rel\u00e4sning\"\n                data-category-ids=\"1002\"\n                data-span-all=\"\"\n              >\n\n              \n\n              <div class=\"vertical_bar\" style=\"background-color: #B2FF78;\"><\/div>\n              <div class=\"box_inner\">\n                                <span>Neonatalogi - LOVIS projektet d\u00e5tid\/nutid\/framtid<\/span>\n               <br>\n               <div class=\"lecturer\"><span>Katarina Strand Brodd, PhD, Neonatolog ; Claes Von Hofsten, Professor, Uppsala Universitet<\/span><\/div>\n               <div class=\"room_div \">\n                 <i class=\"list-room\">Stora Kongresshallen<\/i>\n               <\/div>\n\n               <div class=\"name_time_div\">\n                <i class=\"list-time\" data-time=\"10:25\">10:25-11:10 - Tisdag 24 april<\/i>\n               <\/div>\n              <\/div>\n             <\/div>\n          <\/div>\n\n          \n          <div class=\"box-wrapper\"\n              data-id=\"1043\">\n\n              <div class='time-header' style='visibility: hidden;'>10:25<\/div>\n\n              <div class=\"box\"\n                data-id=\"1043\"\n                data-project=\"project_338_2017_12_12\"\n                data-title=\"Nefrologi - Glomerulonefriter\"\n                data-time=\"10:25-12:00\"\n                data-room=\"Lilla Salen\"\n                data-room-id=\"1023\"\n                data-room-name=\"Lilla Salen\"\n                data-day=\"1\"\n                data-abs-nbr=\"\"\n                data-abs-path=\"\"\n                data-speaker=\"Kajsa \u00c5sling-Monemi, Barnl\u00e4kare, Astrid Lindgrens barnsjukhus, Stockholm; Svante Swerkersson, Barnl\u00e4kare, Astrid Lindgrens barnsjukhus, Stockholm\"\n                data-speakercell=\"Kajsa \u00c5sling-Monemi, Barnl\u00e4kare, Astrid Lindgrens barnsjukhus, Stockholm; Svante Swerkersson, Barnl\u00e4kare, Astrid Lindgrens barnsjukhus, Stockholm\"\n                data-info=\"                  &lt;p&gt;Diagnostik, handl\u00e4ggning, behandling, f\u00f6r den \u201dvanliga\u201d barnl\u00e4karen.&lt;br&gt;&lt;\/p&gt;                 &lt;br&gt;&lt;br&gt;\"\n                data-category=\"F\u00f6rel\u00e4sning\"\n                data-category-ids=\"1002\"\n                data-span-all=\"\"\n              >\n\n              \n\n              <div class=\"vertical_bar\" style=\"background-color: #B2FF78;\"><\/div>\n              <div class=\"box_inner\">\n                                <span>Nefrologi - Glomerulonefriter<\/span>\n               <br>\n               <div class=\"lecturer\"><span>Kajsa \u00c5sling-Monemi, Barnl\u00e4kare, Astrid Lindgrens barnsjukhus, Stockholm; Svante Swerkersson, Barnl\u00e4kare, Astrid Lindgrens barnsjukhus, Stockholm<\/span><\/div>\n               <div class=\"room_div \">\n                 <i class=\"list-room\">Lilla Salen<\/i>\n               <\/div>\n\n               <div class=\"name_time_div\">\n                <i class=\"list-time\" data-time=\"10:25\">10:25-12:00 - Tisdag 24 april<\/i>\n               <\/div>\n              <\/div>\n             <\/div>\n          <\/div>\n\n          \n          <div class=\"box-wrapper\"\n              data-id=\"1094\">\n\n              <div class='time-header'>10:55<\/div>\n\n              <div class=\"box\"\n                data-id=\"1094\"\n                data-project=\"project_338_2017_12_12\"\n                data-title=\" Att fr\u00e5ga barn sj\u00e4lva-intervjuer med barn f\u00f6dda f\u00f6r tidigt. \"\n                data-time=\"10:55-11:25\"\n                data-room=\"Sal 109\"\n                data-room-id=\"1022\"\n                data-room-name=\"Sal 109\"\n                data-day=\"1\"\n                data-abs-nbr=\"\"\n                data-abs-path=\"\"\n                data-speaker=\"Marie-Louise Andersson, Barnsjuksk\u00f6terska, Barn- och ungdomskliniken V\u00e4ster\u00e5s; Anna Karin Andersson, Fil Dr. Fysioterapeut, Landstinget S\u00f6rmland\/ ChiP4 M\u00e4lardalens h\u00f6gskola\"\n                data-speakercell=\"Marie-Louise Andersson, Barnsjuksk\u00f6terska, Barn- och ungdomskliniken V\u00e4ster\u00e5s; Anna Karin Andersson, Fil Dr. Fysioterapeut, Landstinget S\u00f6rmland\/ ChiP4 M\u00e4lardalens h\u00f6gskola\"\n                data-info=\"&lt;b&gt;Moderatorer: &lt;\/b&gt;Birgitta Kerstis, Lektor, Barnsjuksk\u00f6terska &amp; Universitetslektor,&lt;br&gt;&lt;br&gt;                  &lt;p&gt;M\u00e4lardalens h\u00f6gskola&lt;br&gt;&lt;\/p&gt;                 &lt;br&gt;&lt;br&gt;\"\n                data-category=\"F\u00f6rel\u00e4sning\"\n                data-category-ids=\"1002\"\n                data-span-all=\"\"\n              >\n\n              \n\n              <div class=\"vertical_bar\" style=\"background-color: #B2FF78;\"><\/div>\n              <div class=\"box_inner\">\n                                <span> Att fr\u00e5ga barn sj\u00e4lva-intervjuer med barn f\u00f6dda f\u00f6r tidigt. <\/span>\n               <br>\n               <div class=\"lecturer\"><span>Marie-Louise Andersson, Barnsjuksk\u00f6terska, Barn- och ungdomskliniken V\u00e4ster\u00e5s; Anna Karin Andersson, Fil Dr. Fysioterapeut, Landstinget S\u00f6rmland\/ ChiP4 M\u00e4lardalens h\u00f6gskola<\/span><\/div>\n               <div class=\"room_div \">\n                 <i class=\"list-room\">Sal 109<\/i>\n               <\/div>\n\n               <div class=\"name_time_div\">\n                <i class=\"list-time\" data-time=\"10:55\">10:55-11:25 - Tisdag 24 april<\/i>\n               <\/div>\n              <\/div>\n             <\/div>\n          <\/div>\n\n          \n          <div class=\"box-wrapper\"\n              data-id=\"1050\">\n\n              <div class='time-header'>11:15<\/div>\n\n              <div class=\"box\"\n                data-id=\"1050\"\n                data-project=\"project_338_2017_12_12\"\n                data-title=\"Kardiologi - Tema forts: Arytmi forts; F\u00f6rv\u00e4rvade hj\u00e4rtsjukdomar\"\n                data-time=\"11:15-12:00\"\n                data-room=\"H\u00f6rsalen\"\n                data-room-id=\"1024\"\n                data-room-name=\"H\u00f6rsalen\"\n                data-day=\"1\"\n                data-abs-nbr=\"\"\n                data-abs-path=\"\"\n                data-speaker=\"Ida Jeremiasen, Barnkardiolog, Barnhj\u00e4rtcentrum, Lund; Jan Bergils, Barnl\u00e4kare, Barnkliniken Kristianstad\"\n                data-speakercell=\"Ida Jeremiasen, Barnkardiolog, Barnhj\u00e4rtcentrum, Lund; Jan Bergils, Barnl\u00e4kare, Barnkliniken Kristianstad\"\n                data-info=\"                  &lt;p&gt;Kardiologi - Tema forts:&lt;\/p&gt;                  &lt;p&gt;Arytmi forts.&lt;\/p&gt;                  &lt;p&gt;F\u00f6rv\u00e4rvade hj\u00e4rtsjukdomar&lt;\/p&gt;                 &lt;br&gt;&lt;br&gt;\"\n                data-category=\"F\u00f6rel\u00e4sning\"\n                data-category-ids=\"1002\"\n                data-span-all=\"\"\n              >\n\n              \n\n              <div class=\"vertical_bar\" style=\"background-color: #B2FF78;\"><\/div>\n              <div class=\"box_inner\">\n                                <span>Kardiologi - Tema forts: Arytmi forts; F\u00f6rv\u00e4rvade hj\u00e4rtsjukdomar<\/span>\n               <br>\n               <div class=\"lecturer\"><span>Ida Jeremiasen, Barnkardiolog, Barnhj\u00e4rtcentrum, Lund; Jan Bergils, Barnl\u00e4kare, Barnkliniken Kristianstad<\/span><\/div>\n               <div class=\"room_div \">\n                 <i class=\"list-room\">H\u00f6rsalen<\/i>\n               <\/div>\n\n               <div class=\"name_time_div\">\n                <i class=\"list-time\" data-time=\"11:15\">11:15-12:00 - Tisdag 24 april<\/i>\n               <\/div>\n              <\/div>\n             <\/div>\n          <\/div>\n\n          \n          <div class=\"box-wrapper\"\n              data-id=\"1070\">\n\n              <div class='time-header' style='visibility: hidden;'>11:15<\/div>\n\n              <div class=\"box\"\n                data-id=\"1070\"\n                data-project=\"project_338_2017_12_12\"\n                data-title=\"Hud - Hudquiz\"\n                data-time=\"11:15-12:00\"\n                data-room=\"Sal 107\"\n                data-room-id=\"1025\"\n                data-room-name=\"Sal 107\"\n                data-day=\"1\"\n                data-abs-nbr=\"\"\n                data-abs-path=\"\"\n                data-speaker=\"Karin  Palmer, L\u00e4kare, Hudkliniken V\u00e4ster\u00e5s\"\n                data-speakercell=\"Karin  Palmer, L\u00e4kare, Hudkliniken V\u00e4ster\u00e5s\"\n                data-info=\"                  &lt;p&gt;Hudquiz med falldiskussion. Quiz tillg\u00e4ngligt i appen.&lt;br&gt;&lt;\/p&gt;                 &lt;br&gt;&lt;br&gt;\"\n                data-category=\"F\u00f6rel\u00e4sning\"\n                data-category-ids=\"1002\"\n                data-span-all=\"\"\n              >\n\n              \n\n              <div class=\"vertical_bar\" style=\"background-color: #B2FF78;\"><\/div>\n              <div class=\"box_inner\">\n                                <span>Hud - Hudquiz<\/span>\n               <br>\n               <div class=\"lecturer\"><span>Karin  Palmer, L\u00e4kare, Hudkliniken V\u00e4ster\u00e5s<\/span><\/div>\n               <div class=\"room_div \">\n                 <i class=\"list-room\">Sal 107<\/i>\n               <\/div>\n\n               <div class=\"name_time_div\">\n                <i class=\"list-time\" data-time=\"11:15\">11:15-12:00 - Tisdag 24 april<\/i>\n               <\/div>\n              <\/div>\n             <\/div>\n          <\/div>\n\n          \n          <div class=\"box-wrapper\"\n              data-id=\"1261\">\n\n              <div class='time-header' style='visibility: hidden;'>11:15<\/div>\n\n              <div class=\"box\"\n                data-id=\"1261\"\n                data-project=\"project_338_2017_12_12\"\n                data-title=\"F\u00f6rs\u00e4kringskassan - F\u00f6rs\u00e4kringsmedicin\"\n                data-time=\"11:15-12:00\"\n                data-room=\"Sal 110\"\n                data-room-id=\"1029\"\n                data-room-name=\"Sal 110\"\n                data-day=\"1\"\n                data-abs-nbr=\"\"\n                data-abs-path=\"\"\n                data-speaker=\"Fereshteh  Olofsson, F\u00f6rs\u00e4kringskassan\"\n                data-speakercell=\"Fereshteh  Olofsson, F\u00f6rs\u00e4kringskassan\"\n                data-info=\"                  &lt;p&gt;Tema VAB, TFP, allvarligt sjukt barn&lt;\/p&gt;                  &lt;p&gt;&lt;span style=&quot;font-style: italic;&quot;&gt;Samma workshop arrangeras vid fler tillf\u00e4llen.&lt;\/span&gt;&lt;br&gt;&lt;\/p&gt;                 &lt;br&gt;&lt;br&gt;\"\n                data-category=\"Workshop\"\n                data-category-ids=\"1003\"\n                data-span-all=\"\"\n              >\n\n              \n\n              <div class=\"vertical_bar\" style=\"background-color: #B2A1C9;\"><\/div>\n              <div class=\"box_inner\">\n                                <span>F\u00f6rs\u00e4kringskassan - F\u00f6rs\u00e4kringsmedicin<\/span>\n               <br>\n               <div class=\"lecturer\"><span>Fereshteh  Olofsson, F\u00f6rs\u00e4kringskassan<\/span><\/div>\n               <div class=\"room_div \">\n                 <i class=\"list-room\">Sal 110<\/i>\n               <\/div>\n\n               <div class=\"name_time_div\">\n                <i class=\"list-time\" data-time=\"11:15\">11:15-12:00 - Tisdag 24 april<\/i>\n               <\/div>\n              <\/div>\n             <\/div>\n          <\/div>\n\n          \n          <div class=\"box-wrapper\"\n              data-id=\"1067\">\n\n              <div class='time-header' style='visibility: hidden;'>11:15<\/div>\n\n              <div class=\"box\"\n                data-id=\"1067\"\n                data-project=\"project_338_2017_12_12\"\n                data-title=\"Neonatalogi - Outcomes into adulthood for our tiniest and most immature infants\"\n                data-time=\"11:15-12:00\"\n                data-room=\"Stora Kongresshallen\"\n                data-room-id=\"1018\"\n                data-room-name=\"Stora Kongresshallen\"\n                data-day=\"1\"\n                data-abs-nbr=\"\"\n                data-abs-path=\"\"\n                data-speaker=\"Lex Doyle, Professor of Neonatal Paediatrics, University of Melbourne\"\n                data-speakercell=\"Lex Doyle, Professor of Neonatal Paediatrics, University of Melbourne\"\n                data-info=\"&lt;b&gt;Moderatorer: &lt;\/b&gt;Barbro Diderholm, Neonatolog, Akademiska barnsjukhuset&lt;br&gt;&lt;br&gt;                  &lt;p&gt;Neonatalogi&lt;\/p&gt;                  &lt;p&gt;Outcomes into adulthood forour tiniest and most immature infants&lt;\/p&gt;                 &lt;br&gt;&lt;br&gt;\"\n                data-category=\"F\u00f6rel\u00e4sning\"\n                data-category-ids=\"1002\"\n                data-span-all=\"\"\n              >\n\n              \n\n              <div class=\"vertical_bar\" style=\"background-color: #B2FF78;\"><\/div>\n              <div class=\"box_inner\">\n                                <span>Neonatalogi - Outcomes into adulthood for our tiniest and most immature infants<\/span>\n               <br>\n               <div class=\"lecturer\"><span>Lex Doyle, Professor of Neonatal Paediatrics, University of Melbourne<\/span><\/div>\n               <div class=\"room_div \">\n                 <i class=\"list-room\">Stora Kongresshallen<\/i>\n               <\/div>\n\n               <div class=\"name_time_div\">\n                <i class=\"list-time\" data-time=\"11:15\">11:15-12:00 - Tisdag 24 april<\/i>\n               <\/div>\n              <\/div>\n             <\/div>\n          <\/div>\n\n          \n          <div class=\"box-wrapper\"\n              data-id=\"1062\">\n\n              <div class='time-header' style='visibility: hidden;'>11:15<\/div>\n\n              <div class=\"box\"\n                data-id=\"1062\"\n                data-project=\"project_338_2017_12_12\"\n                data-title=\"Gastroenterologi - Transition av IBD-sjuka ton\u00e5ringar till vuxenv\u00e5rden\"\n                data-time=\"11:15-12:00\"\n                data-room=\"Lilla Kongresshallen\"\n                data-room-id=\"1021\"\n                data-room-name=\"Lilla Kongresshallen\"\n                data-day=\"1\"\n                data-abs-nbr=\"\"\n                data-abs-path=\"\"\n                data-speaker=\"Helene Lindfred, \u00d6versjuksk\u00f6terska med inriktning mot IBD, Drottning Silvias barn- och ungdoms sjukhus; Valeria Castro Tejera, Gastroenterolg Vuxengastroenterolog, G\u00f6teborg\"\n                data-speakercell=\"Helene Lindfred, \u00d6versjuksk\u00f6terska med inriktning mot IBD, Drottning Silvias barn- och ungdoms sjukhus; Valeria Castro Tejera, Gastroenterolg Vuxengastroenterolog, G\u00f6teborg\"\n                data-info=\"&lt;b&gt;Moderatorer: &lt;\/b&gt;Torbj\u00f6rn Lind, Docent, Barnl\u00e4kare, Ume\u00e5&lt;br&gt;&lt;br&gt;                  &lt;p&gt; Transition av IBD-sjuka ton\u00e5ringar till vuxenv\u00e5rden - &quot;G\u00f6teborgsmodellen&quot;&lt;\/p&gt;                  &lt;p&gt;F\u00f6r att kvalitetss\u00e4kra v\u00e5rdsituationen till en trygg och s\u00e4ker \u00f6verg\u00e5ng inleddes ett n\u00e4ra samarbete mellan barn-och vuxensjukv\u00e5rd p\u00e5 SU Sahlgrenska.&lt;\/p&gt;                  &lt;p&gt; &lt;\/p&gt;                 &lt;br&gt;&lt;br&gt;\"\n                data-category=\"F\u00f6rel\u00e4sning\"\n                data-category-ids=\"1002\"\n                data-span-all=\"\"\n              >\n\n              \n\n              <div class=\"vertical_bar\" style=\"background-color: #B2FF78;\"><\/div>\n              <div class=\"box_inner\">\n                                <span>Gastroenterologi - Transition av IBD-sjuka ton\u00e5ringar till vuxenv\u00e5rden<\/span>\n               <br>\n               <div class=\"lecturer\"><span>Helene Lindfred, \u00d6versjuksk\u00f6terska med inriktning mot IBD, Drottning Silvias barn- och ungdoms sjukhus; Valeria Castro Tejera, Gastroenterolg Vuxengastroenterolog, G\u00f6teborg<\/span><\/div>\n               <div class=\"room_div \">\n                 <i class=\"list-room\">Lilla Kongresshallen<\/i>\n               <\/div>\n\n               <div class=\"name_time_div\">\n                <i class=\"list-time\" data-time=\"11:15\">11:15-12:00 - Tisdag 24 april<\/i>\n               <\/div>\n              <\/div>\n             <\/div>\n          <\/div>\n\n          \n          <div class=\"box-wrapper\"\n              data-id=\"1097\">\n\n              <div class='time-header' style='visibility: hidden;'>11:15<\/div>\n\n              <div class=\"box\"\n                data-id=\"1097\"\n                data-project=\"project_338_2017_12_12\"\n                data-title=\"Barn och l\u00e4kemedel - Amning och l\u00e4kemedel\"\n                data-time=\"11:15-12:00\"\n                data-room=\"Sal 302\"\n                data-room-id=\"1020\"\n                data-room-name=\"Sal 302\"\n                data-day=\"1\"\n                data-abs-nbr=\"\"\n                data-abs-path=\"\"\n                data-speaker=\"Lisa Forsberg, Barnl\u00e4kare, Astrid Lindgrens barnsjukhus, Huddinge; Anna Eriksson, Klinisk farmakologi, Sahlgrenska Universitetssjuk\"\n                data-speakercell=\"Lisa Forsberg, Barnl\u00e4kare, Astrid Lindgrens barnsjukhus, Huddinge; Anna Eriksson, Klinisk farmakologi, Sahlgrenska Universitetssjuk\"\n                data-info=\"                  &lt;table&gt;                   &lt;tbody&gt;                    &lt;tr&gt;                     &lt;td&gt;BUMM Huddinge Astrid Lindgrens Barnsjukhus&lt;\/td&gt;                    &lt;\/tr&gt;                   &lt;\/tbody&gt;                  &lt;\/table&gt;                  &lt;p&gt;L\u00e4kemedel och barn&lt;\/p&gt;                  &lt;p&gt;En genomg\u00e5ng av grundprinciper kring l\u00e4kemedel och amning.&amp;nbsp; Specifikt intressanta l\u00e4kemedel tas upp inklusive fallpresentationer med diskussion. Barnl\u00e4kare och klinisk farmakolog h\u00e5ller i tr\u00e5darna.&lt;\/p&gt;                  &lt;p&gt;&lt;span style=&quot;font-style: italic;&quot;&gt;Samma workshop arrangeras vid fler tillf\u00e4llen.&lt;\/span&gt;&lt;br&gt;&lt;\/p&gt;                 &lt;br&gt;&lt;br&gt;\"\n                data-category=\"Workshop\"\n                data-category-ids=\"1003\"\n                data-span-all=\"\"\n              >\n\n              \n\n              <div class=\"vertical_bar\" style=\"background-color: #B2A1C9;\"><\/div>\n              <div class=\"box_inner\">\n                                <span>Barn och l\u00e4kemedel - Amning och l\u00e4kemedel<\/span>\n               <br>\n               <div class=\"lecturer\"><span>Lisa Forsberg, Barnl\u00e4kare, Astrid Lindgrens barnsjukhus, Huddinge; Anna Eriksson, Klinisk farmakologi, Sahlgrenska Universitetssjuk<\/span><\/div>\n               <div class=\"room_div \">\n                 <i class=\"list-room\">Sal 302<\/i>\n               <\/div>\n\n               <div class=\"name_time_div\">\n                <i class=\"list-time\" data-time=\"11:15\">11:15-12:00 - Tisdag 24 april<\/i>\n               <\/div>\n              <\/div>\n             <\/div>\n          <\/div>\n\n          \n          <div class=\"box-wrapper\"\n              data-id=\"1277\">\n\n              <div class='time-header'>11:25<\/div>\n\n              <div class=\"box\"\n                data-id=\"1277\"\n                data-project=\"project_338_2017_12_12\"\n                data-title=\" Buskeruds Intensivtr\u00e4ningsprogram\"\n                data-time=\"11:25-12:00\"\n                data-room=\"Sal 109\"\n                data-room-id=\"1022\"\n                data-room-name=\"Sal 109\"\n                data-day=\"1\"\n                data-abs-nbr=\"\"\n                data-abs-path=\"\"\n                data-speaker=\"Anna Ullenhag, Sjukgymnast, Med. Dr. \"\n                data-speakercell=\"Anna Ullenhag, Sjukgymnast, Med. Dr. \"\n                data-info=\"&lt;b&gt;Moderatorer: &lt;\/b&gt;Birgitta Kerstis, Lektor, Barnsjuksk\u00f6terska &amp; Universitetslektor,&lt;br&gt;&lt;br&gt;                  &lt;p&gt;Buskeruds Intensivtr\u00e4ningprogram f\u00f6r \u00f6kad delaktighet i vardagslivet f\u00f6r barn med cerebral pares.&amp;nbsp;&lt;\/p&gt;                  &lt;p&gt;M\u00e4lardalens h\u00f6gskola&lt;br&gt;&lt;\/p&gt;                 &lt;br&gt;&lt;br&gt;\"\n                data-category=\"F\u00f6rel\u00e4sning\"\n                data-category-ids=\"1002\"\n                data-span-all=\"\"\n              >\n\n              \n\n              <div class=\"vertical_bar\" style=\"background-color: #B2FF78;\"><\/div>\n              <div class=\"box_inner\">\n                                <span> Buskeruds Intensivtr\u00e4ningsprogram<\/span>\n               <br>\n               <div class=\"lecturer\"><span>Anna Ullenhag, Sjukgymnast, Med. Dr. <\/span><\/div>\n               <div class=\"room_div \">\n                 <i class=\"list-room\">Sal 109<\/i>\n               <\/div>\n\n               <div class=\"name_time_div\">\n                <i class=\"list-time\" data-time=\"11:25\">11:25-12:00 - Tisdag 24 april<\/i>\n               <\/div>\n              <\/div>\n             <\/div>\n          <\/div>\n\n          \n          <div class=\"box-wrapper\"\n              data-id=\"1338\">\n\n              <div class='time-header'>12:00<\/div>\n\n              <div class=\"box\"\n                data-id=\"1338\"\n                data-project=\"project_338_2017_12_12\"\n                data-title=\"Neonatalf\u00f6reningens etikgrupp - M\u00f6te\"\n                data-time=\"12:00-13:15\"\n                data-room=\"Sal 203\"\n                data-room-id=\"1034\"\n                data-room-name=\"Sal 203\"\n                data-day=\"1\"\n                data-abs-nbr=\"\"\n                data-abs-path=\"\"\n                data-speaker=\"\"\n                data-speakercell=\"\"\n                data-info=\"                  &lt;p&gt;&lt;br&gt;&lt;\/p&gt;                 &lt;br&gt;&lt;br&gt;\"\n                data-category=\"M\u00f6te\"\n                data-category-ids=\"1004\"\n                data-span-all=\"\"\n              >\n\n              \n\n              <div class=\"vertical_bar\" style=\"background-color: #FFFA5C;\"><\/div>\n              <div class=\"box_inner\">\n                                <span>Neonatalf\u00f6reningens etikgrupp - M\u00f6te<\/span>\n               <br>\n               \n               <div class=\"room_div \">\n                 <i class=\"list-room\">Sal 203<\/i>\n               <\/div>\n\n               <div class=\"name_time_div\">\n                <i class=\"list-time\" data-time=\"12:00\">12:00-13:15 - Tisdag 24 april<\/i>\n               <\/div>\n              <\/div>\n             <\/div>\n          <\/div>\n\n          \n          <div class=\"box-wrapper\"\n              data-id=\"1108\">\n\n              <div class='time-header' style='visibility: hidden;'>12:00<\/div>\n\n              <div class=\"box\"\n                data-id=\"1108\"\n                data-project=\"project_338_2017_12_12\"\n                data-title=\"Lunch med bes\u00f6k hos utst\u00e4llare (Klicka f\u00f6r mer information om Lunchm\u00f6ten)\"\n                data-time=\"12:00-13:15\"\n                data-room=\"Evenemangshallen\"\n                data-room-id=\"1008\"\n                data-room-name=\"Evenemangshallen\"\n                data-day=\"1\"\n                data-abs-nbr=\"\"\n                data-abs-path=\"\"\n                data-speaker=\"\"\n                data-speakercell=\"\"\n                data-info=\"                  &lt;p&gt;Lunchm\u00f6ten&lt;br&gt;12.00-13.30&amp;nbsp; BLF \u00c5rsm\u00f6te&lt;br&gt;Sal 201&lt;br&gt;&lt;\/p&gt;                  &lt;p&gt;12.00-13.15&amp;nbsp; Kardiologi lunchm\u00f6te&lt;br&gt;Sal 202&lt;\/p&gt;&lt;p&gt;12.00-13.15&amp;nbsp;&amp;nbsp;Neonatalf\u00f6reningens etikgrupp - lunchm\u00f6te&lt;br&gt;Sal 203&lt;br&gt;&lt;\/p&gt;                 &lt;br&gt;&lt;br&gt;\"\n                data-category=\"\"\n                data-category-ids=\"\"\n                data-span-all=\"1\"\n              >\n\n              \n\n              <div class=\"vertical_bar\" style=\"background-color: rgba(255, 255, 255, 0);\"><\/div>\n              <div class=\"box_inner\">\n                                <span>Lunch med bes\u00f6k hos utst\u00e4llare (Klicka f\u00f6r mer information om Lunchm\u00f6ten)<\/span>\n               <br>\n               \n               <div class=\"room_div \">\n                 <i class=\"list-room\">Evenemangshallen<\/i>\n               <\/div>\n\n               <div class=\"name_time_div\">\n                <i class=\"list-time\" data-time=\"12:00\">12:00-13:15 - Tisdag 24 april<\/i>\n               <\/div>\n              <\/div>\n             <\/div>\n          <\/div>\n\n          \n          <div class=\"box-wrapper\"\n              data-id=\"1109\">\n\n              <div class='time-header' style='visibility: hidden;'>12:00<\/div>\n\n              <div class=\"box\"\n                data-id=\"1109\"\n                data-project=\"project_338_2017_12_12\"\n                data-title=\"Kardiologi - Lunchm\u00f6te\"\n                data-time=\"12:00-13:15\"\n                data-room=\"Sal 202\"\n                data-room-id=\"1028\"\n                data-room-name=\"Sal 202\"\n                data-day=\"1\"\n                data-abs-nbr=\"\"\n                data-abs-path=\"\"\n                data-speaker=\"\"\n                data-speakercell=\"\"\n                data-info=\"                  &lt;p&gt;Kardiologi&lt;br&gt;&lt;\/p&gt;                 &lt;br&gt;&lt;br&gt;\"\n                data-category=\"M\u00f6te\"\n                data-category-ids=\"1004\"\n                data-span-all=\"\"\n              >\n\n              \n\n              <div class=\"vertical_bar\" style=\"background-color: #FFFA5C;\"><\/div>\n              <div class=\"box_inner\">\n                                <span>Kardiologi - Lunchm\u00f6te<\/span>\n               <br>\n               \n               <div class=\"room_div \">\n                 <i class=\"list-room\">Sal 202<\/i>\n               <\/div>\n\n               <div class=\"name_time_div\">\n                <i class=\"list-time\" data-time=\"12:00\">12:00-13:15 - Tisdag 24 april<\/i>\n               <\/div>\n              <\/div>\n             <\/div>\n          <\/div>\n\n          \n          <div class=\"box-wrapper\"\n              data-id=\"1110\">\n\n              <div class='time-header' style='visibility: hidden;'>12:00<\/div>\n\n              <div class=\"box\"\n                data-id=\"1110\"\n                data-project=\"project_338_2017_12_12\"\n                data-title=\"BLF \u00c5rsm\u00f6te \"\n                data-time=\"12:00-13:30\"\n                data-room=\"Sal 201\"\n                data-room-id=\"1033\"\n                data-room-name=\"Sal 201\"\n                data-day=\"1\"\n                data-abs-nbr=\"\"\n                data-abs-path=\"\"\n                data-speaker=\"\"\n                data-speakercell=\"\"\n                data-info=\"                  &lt;p&gt;&lt;br&gt;&lt;\/p&gt;                 &lt;br&gt;&lt;br&gt;\"\n                data-category=\"M\u00f6te\"\n                data-category-ids=\"1004\"\n                data-span-all=\"\"\n              >\n\n              \n\n              <div class=\"vertical_bar\" style=\"background-color: #FFFA5C;\"><\/div>\n              <div class=\"box_inner\">\n                                <span>BLF \u00c5rsm\u00f6te <\/span>\n               <br>\n               \n               <div class=\"room_div \">\n                 <i class=\"list-room\">Sal 201<\/i>\n               <\/div>\n\n               <div class=\"name_time_div\">\n                <i class=\"list-time\" data-time=\"12:00\">12:00-13:30 - Tisdag 24 april<\/i>\n               <\/div>\n              <\/div>\n             <\/div>\n          <\/div>\n\n          \n          <div class=\"box-wrapper\"\n              data-id=\"1072\">\n\n              <div class='time-header'>13:15<\/div>\n\n              <div class=\"box\"\n                data-id=\"1072\"\n                data-project=\"project_338_2017_12_12\"\n                data-title=\"Endokrin - Kort- och l\u00e5ngvuxenhet\"\n                data-time=\"13:15-14:50\"\n                data-room=\"Sal 107\"\n                data-room-id=\"1025\"\n                data-room-name=\"Sal 107\"\n                data-day=\"1\"\n                data-abs-nbr=\"\"\n                data-abs-path=\"\"\n                data-speaker=\"CG Arvidsson, Barnl\u00e4kare \"\n                data-speakercell=\"CG Arvidsson, Barnl\u00e4kare \"\n                data-info=\"                  &lt;p&gt;Kort- och l\u00e5ngvuxenhet-orsaker, handl\u00e4ggning och behandling&lt;br&gt;&lt;\/p&gt;                 &lt;br&gt;&lt;br&gt;\"\n                data-category=\"F\u00f6rel\u00e4sning\"\n                data-category-ids=\"1002\"\n                data-span-all=\"\"\n              >\n\n              \n\n              <div class=\"vertical_bar\" style=\"background-color: #B2FF78;\"><\/div>\n              <div class=\"box_inner\">\n                                <span>Endokrin - Kort- och l\u00e5ngvuxenhet<\/span>\n               <br>\n               <div class=\"lecturer\"><span>CG Arvidsson, Barnl\u00e4kare <\/span><\/div>\n               <div class=\"room_div \">\n                 <i class=\"list-room\">Sal 107<\/i>\n               <\/div>\n\n               <div class=\"name_time_div\">\n                <i class=\"list-time\" data-time=\"13:15\">13:15-14:50 - Tisdag 24 april<\/i>\n               <\/div>\n              <\/div>\n             <\/div>\n          <\/div>\n\n          \n          <div class=\"box-wrapper\"\n              data-id=\"1051\">\n\n              <div class='time-header' style='visibility: hidden;'>13:15<\/div>\n\n              <div class=\"box\"\n                data-id=\"1051\"\n                data-project=\"project_338_2017_12_12\"\n                data-title=\" Neonatalogi - Severe BPD, new strategies in treatment and care\"\n                data-time=\"13:15-14:00\"\n                data-room=\"Stora Kongresshallen\"\n                data-room-id=\"1018\"\n                data-room-name=\"Stora Kongresshallen\"\n                data-day=\"1\"\n                data-abs-nbr=\"\"\n                data-abs-path=\"\"\n                data-speaker=\"Edward Shepherd, Ass Professor, Section Chief of Neonatology at Nationwide Children's Hospital and an Associate Professor of Clinical Pediatrics at The Ohio State University College of Medicine.\"\n                data-speakercell=\"Edward Shepherd, Ass Professor, Section Chief of Neonatology at Nationwide Children's Hospital and an Associate Professor of Clinical Pediatrics at The Ohio State University College of Medicine.\"\n                data-info=\"&lt;b&gt;Moderatorer: &lt;\/b&gt;Barbro Diderholm, Neonatolog, Akademiska barnsjukhuset&lt;br&gt;&lt;br&gt;                  &lt;p&gt;Neonatalogi- Bronchopulmonary Dysplasia&lt;br&gt;&lt;\/p&gt;                  &lt;p&gt;Edward G. Shepherd, Columbus, Ohio&amp;nbsp;&lt;\/p&gt;                  &lt;p&gt;Section Chief of&amp;nbsp;Neonatology&amp;nbsp;at Nationwide Children's Hospital and an Associate&amp;nbsp;Professor&amp;nbsp;of Clinical Pediatrics at The Ohio State University College of Medicine.&lt;\/p&gt;                  &lt;br&gt;                 &lt;br&gt;&lt;br&gt;\"\n                data-category=\"F\u00f6rel\u00e4sning\"\n                data-category-ids=\"1002\"\n                data-span-all=\"\"\n              >\n\n              \n\n              <div class=\"vertical_bar\" style=\"background-color: #B2FF78;\"><\/div>\n              <div class=\"box_inner\">\n                                <span> Neonatalogi - Severe BPD, new strategies in treatment and care<\/span>\n               <br>\n               <div class=\"lecturer\"><span>Edward Shepherd, Ass Professor, Section Chief of Neonatology at Nationwide Children's Hospital and an Associate Professor of Clinical Pediatrics at The Ohio State University College of Medicine.<\/span><\/div>\n               <div class=\"room_div \">\n                 <i class=\"list-room\">Stora Kongresshallen<\/i>\n               <\/div>\n\n               <div class=\"name_time_div\">\n                <i class=\"list-time\" data-time=\"13:15\">13:15-14:00 - Tisdag 24 april<\/i>\n               <\/div>\n              <\/div>\n             <\/div>\n          <\/div>\n\n          \n          <div class=\"box-wrapper\"\n              data-id=\"1188\">\n\n              <div class='time-header' style='visibility: hidden;'>13:15<\/div>\n\n              <div class=\"box\"\n                data-id=\"1188\"\n                data-project=\"project_338_2017_12_12\"\n                data-title=\"Gastroenterologi - Knappar  f\u00f6r nyb\u00f6rjare\"\n                data-time=\"13:15-14:00\"\n                data-room=\"Sal 110\"\n                data-room-id=\"1029\"\n                data-room-name=\"Sal 110\"\n                data-day=\"1\"\n                data-abs-nbr=\"\"\n                data-abs-path=\"\"\n                data-speaker=\"Amela Cefo, Ssk, V\u00e4ster\u00e5s; Cecilia Larsson, Barnsjuksk\u00f6terska\/gastrosjuksk\u00f6terska, Barn- och ungdomskliniken, V\u00e4ster\u00e5s\"\n                data-speakercell=\"Amela Cefo, Ssk, V\u00e4ster\u00e5s; Cecilia Larsson, Barnsjuksk\u00f6terska\/gastrosjuksk\u00f6terska, Barn- och ungdomskliniken, V\u00e4ster\u00e5s\"\n                data-info=\"                  &lt;table&gt;                  &lt;tbody&gt;                   &lt;tr&gt;                    &lt;td&gt;&lt;p&gt;Grundl\u00e4ggande information om gastrostomier med chans att kl\u00e4mma och k\u00e4nna samt st\u00e4lla fr\u00e5gor om hur de funkar!&lt;\/p&gt;&lt;p&gt;&lt;span style=&quot;font-style: italic;&quot;&gt;Samma workshop arrangeras vid fler tillf\u00e4llen.&lt;\/span&gt;&lt;br&gt;&lt;\/p&gt;&lt;\/td&gt;&lt;\/tr&gt;&lt;\/tbody&gt;&lt;\/table&gt;&lt;br&gt;                 &lt;br&gt;&lt;br&gt;\"\n                data-category=\"Workshop\"\n                data-category-ids=\"1003\"\n                data-span-all=\"\"\n              >\n\n              \n\n              <div class=\"vertical_bar\" style=\"background-color: #B2A1C9;\"><\/div>\n              <div class=\"box_inner\">\n                                <span>Gastroenterologi - Knappar  f\u00f6r nyb\u00f6rjare<\/span>\n               <br>\n               <div class=\"lecturer\"><span>Amela Cefo, Ssk, V\u00e4ster\u00e5s; Cecilia Larsson, Barnsjuksk\u00f6terska\/gastrosjuksk\u00f6terska, Barn- och ungdomskliniken, V\u00e4ster\u00e5s<\/span><\/div>\n               <div class=\"room_div \">\n                 <i class=\"list-room\">Sal 110<\/i>\n               <\/div>\n\n               <div class=\"name_time_div\">\n                <i class=\"list-time\" data-time=\"13:15\">13:15-14:00 - Tisdag 24 april<\/i>\n               <\/div>\n              <\/div>\n             <\/div>\n          <\/div>\n\n          \n          <div class=\"box-wrapper\"\n              data-id=\"1095\">\n\n              <div class='time-header' style='visibility: hidden;'>13:15<\/div>\n\n              <div class=\"box\"\n                data-id=\"1095\"\n                data-project=\"project_338_2017_12_12\"\n                data-title=\"Clownetterna - Barnkonspirationen - en barnlig musikal\"\n                data-time=\"13:15-14:00\"\n                data-room=\"Lilla Salen\"\n                data-room-id=\"1023\"\n                data-room-name=\"Lilla Salen\"\n                data-day=\"1\"\n                data-abs-nbr=\"\"\n                data-abs-path=\"\"\n                data-speaker=\"Pia \"Dr Musik\" Degr\u00e9us, Sjukhusclown, Clownetterna; Jenny \"Hopp-San\" Carlsson, Sjukhusclown, Clownetterna; Kristian \"Krusbert\" Elmeskog, Sjukhusclown, Clownetterna; Lina \"LillaSyster\" Degr\u00e9us, Sjukhusclown, Clownetterna; Adam \"Hemling\" Brom\u00e9e, Sjukhusclown, Clownetterna\"\n                data-speakercell=\"Pia \"Dr Musik\" Degr\u00e9us, Sjukhusclown, Clownetterna; Jenny \"Hopp-San\" Carlsson, Sjukhusclown, Clownetterna; Kristian \"Krusbert\" Elmeskog, Sjukhusclown, Clownetterna; Lina \"LillaSyster\" Degr\u00e9us, Sjukhusclown, Clownetterna; Adam \"Hemling\" Brom\u00e9e, Sjukhusclown, Clownetterna\"\n                data-info=\"                  &lt;p&gt;En musikal som vill unders\u00f6ka barns b\u00e4sta utifr\u00e5n Barnkonventionens olika perspektiv. Hur sjukhusmilj\u00f6n, kulturella skillnader och bem\u00f6tande kan upplevas olika beroende p\u00e5 vem du \u00e4r; barn, f\u00f6r\u00e4lder eller personal.&lt;br&gt;&lt;\/p&gt;                  &lt;p&gt;Skriven, producerad och framf\u00f6rd av Clownetterna, V\u00e4ster\u00e5s&amp;nbsp;&lt;\/p&gt;&lt;p&gt;&lt;span style=&quot;font-style: italic;&quot;&gt;Samma workshop arrangeras vid fler tillf\u00e4llen.&lt;\/span&gt;&lt;br&gt;&lt;\/p&gt;                 &lt;br&gt;&lt;br&gt;\"\n                data-category=\"Workshop\"\n                data-category-ids=\"1003\"\n                data-span-all=\"\"\n              >\n\n              \n\n              <div class=\"vertical_bar\" style=\"background-color: #B2A1C9;\"><\/div>\n              <div class=\"box_inner\">\n                                <span>Clownetterna - Barnkonspirationen - en barnlig musikal<\/span>\n               <br>\n               <div class=\"lecturer\"><span>Pia \"Dr Musik\" Degr\u00e9us, Sjukhusclown, Clownetterna; Jenny \"Hopp-San\" Carlsson, Sjukhusclown, Clownetterna; Kristian \"Krusbert\" Elmeskog, Sjukhusclown, Clownetterna; Lina \"LillaSyster\" Degr\u00e9us, Sjukhusclown, Clownetterna; Adam \"Hemling\" Brom\u00e9e, Sjukhusclown, Clownetterna<\/span><\/div>\n               <div class=\"room_div \">\n                 <i class=\"list-room\">Lilla Salen<\/i>\n               <\/div>\n\n               <div class=\"name_time_div\">\n                <i class=\"list-time\" data-time=\"13:15\">13:15-14:00 - Tisdag 24 april<\/i>\n               <\/div>\n              <\/div>\n             <\/div>\n          <\/div>\n\n          \n          <div class=\"box-wrapper\"\n              data-id=\"1057\">\n\n              <div class='time-header' style='visibility: hidden;'>13:15<\/div>\n\n              <div class=\"box\"\n                data-id=\"1057\"\n                data-project=\"project_338_2017_12_12\"\n                data-title=\"Ungdomsmedicin - Transition\"\n                data-time=\"13:15-14:00\"\n                data-room=\"H\u00f6rsalen\"\n                data-room-id=\"1024\"\n                data-room-name=\"H\u00f6rsalen\"\n                data-day=\"1\"\n                data-abs-nbr=\"\"\n                data-abs-path=\"\"\n                data-speaker=\"Philip Moons, G\u00e4stprofessor, G\u00f6teborg och Belgien\"\n                data-speakercell=\"Philip Moons, G\u00e4stprofessor, G\u00f6teborg och Belgien\"\n                data-info=\"                  &lt;p&gt;Transfer and transition of Young persons with chronic disease: From eminence-based to evidence-based practice&lt;br&gt;&lt;\/p&gt;                 &lt;br&gt;&lt;br&gt;\"\n                data-category=\"F\u00f6rel\u00e4sning\"\n                data-category-ids=\"1002\"\n                data-span-all=\"\"\n              >\n\n              \n\n              <div class=\"vertical_bar\" style=\"background-color: #B2FF78;\"><\/div>\n              <div class=\"box_inner\">\n                                <span>Ungdomsmedicin - Transition<\/span>\n               <br>\n               <div class=\"lecturer\"><span>Philip Moons, G\u00e4stprofessor, G\u00f6teborg och Belgien<\/span><\/div>\n               <div class=\"room_div \">\n                 <i class=\"list-room\">H\u00f6rsalen<\/i>\n               <\/div>\n\n               <div class=\"name_time_div\">\n                <i class=\"list-time\" data-time=\"13:15\">13:15-14:00 - Tisdag 24 april<\/i>\n               <\/div>\n              <\/div>\n             <\/div>\n          <\/div>\n\n          \n          <div class=\"box-wrapper\"\n              data-id=\"1086\">\n\n              <div class='time-header' style='visibility: hidden;'>13:15<\/div>\n\n              <div class=\"box\"\n                data-id=\"1086\"\n                data-project=\"project_338_2017_12_12\"\n                data-title=\"Barn och l\u00e4kemedel - L\u00e4kemedelsbehandling av nyf\u00f6dda barn-praktiska farmakologiska aspekter\"\n                data-time=\"13:15-14:50\"\n                data-room=\"Sal 302\"\n                data-room-id=\"1020\"\n                data-room-name=\"Sal 302\"\n                data-day=\"1\"\n                data-abs-nbr=\"\"\n                data-abs-path=\"\"\n                data-speaker=\"Elisabeth Norman, Neonatolog, Lund; Christiane Garnemark, Barnl\u00e4kare,  Drottning Silvias Barn- och Ungdomssjukhus\"\n                data-speakercell=\"Elisabeth Norman, Neonatolog, Lund; Christiane Garnemark, Barnl\u00e4kare,  Drottning Silvias Barn- och Ungdomssjukhus\"\n                data-info=\"                  &lt;p&gt;Specialistniv\u00e5&lt;\/p&gt;                  &lt;p&gt;F\u00f6rel\u00e4sning och diskussion om vissa l\u00e4kemedel d\u00e4r man vid ordination b\u00f6r ta h\u00e4nsyn till faktorer specifika f\u00f6r det nyf\u00f6dda barnets f\u00f6ruts\u00e4ttningar vid neonatalv\u00e5rd.&lt;br&gt;&lt;\/p&gt;                 &lt;br&gt;&lt;br&gt;\"\n                data-category=\"F\u00f6rel\u00e4sning\"\n                data-category-ids=\"1002\"\n                data-span-all=\"\"\n              >\n\n              \n\n              <div class=\"vertical_bar\" style=\"background-color: #B2FF78;\"><\/div>\n              <div class=\"box_inner\">\n                                <span>Barn och l\u00e4kemedel - L\u00e4kemedelsbehandling av nyf\u00f6dda barn-praktiska farmakologiska aspekter<\/span>\n               <br>\n               <div class=\"lecturer\"><span>Elisabeth Norman, Neonatolog, Lund; Christiane Garnemark, Barnl\u00e4kare,  Drottning Silvias Barn- och Ungdomssjukhus<\/span><\/div>\n               <div class=\"room_div \">\n                 <i class=\"list-room\">Sal 302<\/i>\n               <\/div>\n\n               <div class=\"name_time_div\">\n                <i class=\"list-time\" data-time=\"13:15\">13:15-14:50 - Tisdag 24 april<\/i>\n               <\/div>\n              <\/div>\n             <\/div>\n          <\/div>\n\n          \n          <div class=\"box-wrapper\"\n              data-id=\"1063\">\n\n              <div class='time-header' style='visibility: hidden;'>13:15<\/div>\n\n              <div class=\"box\"\n                data-id=\"1063\"\n                data-project=\"project_338_2017_12_12\"\n                data-title=\"Gastroenterologi - Anemi, j\u00e4rnbrist och j\u00e4rnbristbehandling\"\n                data-time=\"13:15-14:00\"\n                data-room=\"Lilla Kongresshallen\"\n                data-room-id=\"1021\"\n                data-room-name=\"Lilla Kongresshallen\"\n                data-day=\"1\"\n                data-abs-nbr=\"\"\n                data-abs-path=\"\"\n                data-speaker=\"Torbj\u00f6rn Lind, Docent, Barnl\u00e4kare, Ume\u00e5\"\n                data-speakercell=\"Torbj\u00f6rn Lind, Docent, Barnl\u00e4kare, Ume\u00e5\"\n                data-info=\"&lt;b&gt;Moderatorer: &lt;\/b&gt;Bernadetta Majerczyk, Eskilstuna&lt;br&gt;&lt;br&gt;                  &lt;p&gt;Anemi, j\u00e4rnbrist och j\u00e4rnbristbehandling&lt;br&gt;&lt;\/p&gt;                 &lt;br&gt;&lt;br&gt;\"\n                data-category=\"F\u00f6rel\u00e4sning\"\n                data-category-ids=\"1002\"\n                data-span-all=\"\"\n              >\n\n              \n\n              <div class=\"vertical_bar\" style=\"background-color: #B2FF78;\"><\/div>\n              <div class=\"box_inner\">\n                                <span>Gastroenterologi - Anemi, j\u00e4rnbrist och j\u00e4rnbristbehandling<\/span>\n               <br>\n               <div class=\"lecturer\"><span>Torbj\u00f6rn Lind, Docent, Barnl\u00e4kare, Ume\u00e5<\/span><\/div>\n               <div class=\"room_div \">\n                 <i class=\"list-room\">Lilla Kongresshallen<\/i>\n               <\/div>\n\n               <div class=\"name_time_div\">\n                <i class=\"list-time\" data-time=\"13:15\">13:15-14:00 - Tisdag 24 april<\/i>\n               <\/div>\n              <\/div>\n             <\/div>\n          <\/div>\n\n          \n          <div class=\"box-wrapper\"\n              data-id=\"1098\">\n\n              <div class='time-header' style='visibility: hidden;'>13:15<\/div>\n\n              <div class=\"box\"\n                data-id=\"1098\"\n                data-project=\"project_338_2017_12_12\"\n                data-title=\"Diabetes - Praktisk kolhydratr\u00e4kning-\/insulindosering\"\n                data-time=\"13:15-14:00\"\n                data-room=\"Sal 108\"\n                data-room-id=\"1026\"\n                data-room-name=\"Sal 108\"\n                data-day=\"1\"\n                data-abs-nbr=\"\"\n                data-abs-path=\"\"\n                data-speaker=\"Anneli Helmrich, Dietist, Region V\u00e4stmanland\"\n                data-speakercell=\"Anneli Helmrich, Dietist, Region V\u00e4stmanland\"\n                data-info=\"                  &lt;p&gt;Diabetesteamet V\u00e4ster\u00e5s. Utifr\u00e5n m\u00e5ltider och scenario ber\u00e4knas insulindos efter kort f\u00f6rel\u00e4sning om kolhydratr\u00e4kning. Mest l\u00e4mplig dos r\u00f6stas fram med hj\u00e4lp av mentometer.&lt;\/p&gt;                  &lt;p&gt;Kolhydratr\u00e4kning \u00e4r ett bra och viktig verktyg f\u00f6r en god metabol kontroll. Syftet \u00e4r att ge en inblick i kolhydratr\u00e4kning&lt;br&gt;&lt;\/p&gt;                  &lt;p&gt;Dietist, l\u00e4kare, sjuksk\u00f6terska. Appar laddas ned f\u00f6re f\u00f6rel\u00e4sningen Kolhydratkollen (Iphone), Livsmedelsdatabasen (Android) och Novonordisk kolhydrathandbok.&amp;nbsp;&lt;\/p&gt;&lt;p&gt;&lt;span style=&quot;font-style: italic;&quot;&gt;Samma workshop arrangeras vid fler tillf\u00e4llen.&lt;\/span&gt;&lt;br&gt;&lt;\/p&gt;                 &lt;br&gt;&lt;br&gt;\"\n                data-category=\"Workshop\"\n                data-category-ids=\"1003\"\n                data-span-all=\"\"\n              >\n\n              \n\n              <div class=\"vertical_bar\" style=\"background-color: #B2A1C9;\"><\/div>\n              <div class=\"box_inner\">\n                                <span>Diabetes - Praktisk kolhydratr\u00e4kning-\/insulindosering<\/span>\n               <br>\n               <div class=\"lecturer\"><span>Anneli Helmrich, Dietist, Region V\u00e4stmanland<\/span><\/div>\n               <div class=\"room_div \">\n                 <i class=\"list-room\">Sal 108<\/i>\n               <\/div>\n\n               <div class=\"name_time_div\">\n                <i class=\"list-time\" data-time=\"13:15\">13:15-14:00 - Tisdag 24 april<\/i>\n               <\/div>\n              <\/div>\n             <\/div>\n          <\/div>\n\n          \n          <div class=\"box-wrapper\"\n              data-id=\"1265\">\n\n              <div class='time-header' style='visibility: hidden;'>13:15<\/div>\n\n              <div class=\"box\"\n                data-id=\"1265\"\n                data-project=\"project_338_2017_12_12\"\n                data-title=\"Global h\u00e4lsa och L\u00e4kare utan gr\u00e4nser\"\n                data-time=\"13:15-15:15\"\n                data-room=\"Sal 109\"\n                data-room-id=\"1022\"\n                data-room-name=\"Sal 109\"\n                data-day=\"1\"\n                data-abs-nbr=\"\"\n                data-abs-path=\"\"\n                data-speaker=\"Daniel Martinez, Barnl\u00e4kare, Medecins Sans Fronti\u00e8res, Switzerland; Sanna Sj\u00f6berg, ST l\u00e4kare i pediatrik, Sundsvall\"\n                data-speakercell=\"Daniel Martinez, Barnl\u00e4kare, Medecins Sans Fronti\u00e8res, Switzerland; Sanna Sj\u00f6berg, ST l\u00e4kare i pediatrik, Sundsvall\"\n                data-info=\"                  &lt;div&gt;                   Pediatrisk v\u00e5rd i humanit\u00e4r kontext: L\u00e4kare Utan Gr\u00e4nsers perspektiv                  &lt;\/div&gt;                  &lt;div&gt;                   &amp;nbsp;                  &lt;\/div&gt;                  &lt;div&gt;                   Inneh\u00e5ll:                  &lt;\/div&gt;                  &lt;div&gt;                   - Kliniska och operativa utmaningar                  &lt;\/div&gt;                  &lt;div&gt;                   - Innovativa l\u00f6sningar f\u00f6r att f\u00f6rb\u00e4ttra tillg\u00e5ngen till barnsjukv\u00e5rd p\u00e5 sv\u00e5rtillg\u00e4ngliga platser                  &lt;\/div&gt;                  &lt;div&gt;                   - Fallstudier                 &lt;\/div&gt;                  &lt;div&gt;                   &amp;nbsp; &amp;nbsp; &amp;nbsp; &amp;nbsp; &amp;nbsp; &amp;nbsp; &amp;nbsp; &amp;nbsp; &amp;nbsp; &amp;nbsp; &amp;nbsp;                  &lt;\/div&gt;                  &lt;div&gt;                   V\u00e4nder sig till alla yrkeskategorier                  &lt;\/div&gt;                 &lt;br&gt;&lt;br&gt;\"\n                data-category=\"F\u00f6rel\u00e4sning\"\n                data-category-ids=\"1002\"\n                data-span-all=\"\"\n              >\n\n              \n\n              <div class=\"vertical_bar\" style=\"background-color: #B2FF78;\"><\/div>\n              <div class=\"box_inner\">\n                                <span>Global h\u00e4lsa och L\u00e4kare utan gr\u00e4nser<\/span>\n               <br>\n               <div class=\"lecturer\"><span>Daniel Martinez, Barnl\u00e4kare, Medecins Sans Fronti\u00e8res, Switzerland; Sanna Sj\u00f6berg, ST l\u00e4kare i pediatrik, Sundsvall<\/span><\/div>\n               <div class=\"room_div \">\n                 <i class=\"list-room\">Sal 109<\/i>\n               <\/div>\n\n               <div class=\"name_time_div\">\n                <i class=\"list-time\" data-time=\"13:15\">13:15-15:15 - Tisdag 24 april<\/i>\n               <\/div>\n              <\/div>\n             <\/div>\n          <\/div>\n\n          \n          <div class=\"box-wrapper\"\n              data-id=\"1106\">\n\n              <div class='time-header'>13:30<\/div>\n\n              <div class=\"box\"\n                data-id=\"1106\"\n                data-project=\"project_338_2017_12_12\"\n                data-title=\"BLF delf\u00f6reningsm\u00f6te\"\n                data-time=\"13:30-14:50\"\n                data-room=\"Sal 201\"\n                data-room-id=\"1033\"\n                data-room-name=\"Sal 201\"\n                data-day=\"1\"\n                data-abs-nbr=\"\"\n                data-abs-path=\"\"\n                data-speaker=\"\"\n                data-speakercell=\"\"\n                data-info=\"                  &lt;p&gt;&lt;span style=&quot;font-weight: bold;&quot;&gt;Agenda&lt;\/span&gt;&lt;\/p&gt;                 &lt;p&gt;&lt;\/p&gt;                 &lt;ol&gt;                  &lt;li&gt;Val av ordf\u00f6rande, sekreterare, justerare&lt;br&gt;&lt;\/li&gt;                  &lt;li&gt;Dagordningen&lt;br&gt;&lt;\/li&gt;                  &lt;li&gt;Aktuellt fr\u00e5n BLF&lt;br&gt;&lt;\/li&gt;                  &lt;li&gt;Arbetet med nationella PM och kundskapst\u00f6d inom NPO - delf\u00f6reningarnas roll&lt;br&gt;&lt;\/li&gt;                  &lt;li&gt;Hemsidan och webst\u00f6d&lt;br&gt;&lt;\/li&gt;                  &lt;li&gt;\u00d6vriga fr\u00e5gor&lt;br&gt;&lt;\/li&gt;                 &lt;\/ol&gt;&lt;span style=&quot;font-weight: bold;&quot;&gt;V\u00e4lkomna!                 &lt;\/span&gt;&lt;p&gt;&lt;\/p&gt;                 &lt;br&gt;&lt;br&gt;\"\n                data-category=\"M\u00f6te\"\n                data-category-ids=\"1004\"\n                data-span-all=\"\"\n              >\n\n              \n\n              <div class=\"vertical_bar\" style=\"background-color: #FFFA5C;\"><\/div>\n              <div class=\"box_inner\">\n                                <span>BLF delf\u00f6reningsm\u00f6te<\/span>\n               <br>\n               \n               <div class=\"room_div \">\n                 <i class=\"list-room\">Sal 201<\/i>\n               <\/div>\n\n               <div class=\"name_time_div\">\n                <i class=\"list-time\" data-time=\"13:30\">13:30-14:50 - Tisdag 24 april<\/i>\n               <\/div>\n              <\/div>\n             <\/div>\n          <\/div>\n\n          \n          <div class=\"box-wrapper\"\n              data-id=\"1064\">\n\n              <div class='time-header'>14:05<\/div>\n\n              <div class=\"box\"\n                data-id=\"1064\"\n                data-project=\"project_338_2017_12_12\"\n                data-title=\"Gastroenterologi - Helicobacter - Nytt v\u00e5rdprogram\"\n                data-time=\"14:05-14:50\"\n                data-room=\"Lilla Kongresshallen\"\n                data-room-id=\"1021\"\n                data-room-name=\"Lilla Kongresshallen\"\n                data-day=\"1\"\n                data-abs-nbr=\"\"\n                data-abs-path=\"\"\n                data-speaker=\"Thomas Casswall, Docent, \u00d6verl\u00e4kare, Karolinska Universitetssjukhuset\"\n                data-speakercell=\"Thomas Casswall, Docent, \u00d6verl\u00e4kare, Karolinska Universitetssjukhuset\"\n                data-info=\"                  &lt;p&gt;Nya uppdaterade europeiska och nordamerikanska riktlinjer f\u00f6r handl\u00e4ggning och behandling av Helicobacter pylori hos barn&lt;br&gt;&lt;\/p&gt;                 &lt;br&gt;&lt;br&gt;\"\n                data-category=\"F\u00f6rel\u00e4sning\"\n                data-category-ids=\"1002\"\n                data-span-all=\"\"\n              >\n\n              \n\n              <div class=\"vertical_bar\" style=\"background-color: #B2FF78;\"><\/div>\n              <div class=\"box_inner\">\n                                <span>Gastroenterologi - Helicobacter - Nytt v\u00e5rdprogram<\/span>\n               <br>\n               <div class=\"lecturer\"><span>Thomas Casswall, Docent, \u00d6verl\u00e4kare, Karolinska Universitetssjukhuset<\/span><\/div>\n               <div class=\"room_div \">\n                 <i class=\"list-room\">Lilla Kongresshallen<\/i>\n               <\/div>\n\n               <div class=\"name_time_div\">\n                <i class=\"list-time\" data-time=\"14:05\">14:05-14:50 - Tisdag 24 april<\/i>\n               <\/div>\n              <\/div>\n             <\/div>\n          <\/div>\n\n          \n          <div class=\"box-wrapper\"\n              data-id=\"1099\">\n\n              <div class='time-header' style='visibility: hidden;'>14:05<\/div>\n\n              <div class=\"box\"\n                data-id=\"1099\"\n                data-project=\"project_338_2017_12_12\"\n                data-title=\"Diabetes - Modern diabetesv\u00e5rd med tekniken i fokus\"\n                data-time=\"14:05-14:50\"\n                data-room=\"Sal 108\"\n                data-room-id=\"1026\"\n                data-room-name=\"Sal 108\"\n                data-day=\"1\"\n                data-abs-nbr=\"\"\n                data-abs-path=\"\"\n                data-speaker=\"Lisa Torstensson, Barnsjuksk\u00f6terska, Region V\u00e4stmanland\"\n                data-speakercell=\"Lisa Torstensson, Barnsjuksk\u00f6terska, Region V\u00e4stmanland\"\n                data-info=\"                  &lt;p&gt;Diabetesteam V\u00e4ster\u00e5s. F\u00f6rel\u00e4sning och viss demo av modern diabetesteknik inkl pumpar, sensorer, nedladdning, diabetesapparatur och smartphones.&lt;\/p&gt;                  &lt;p&gt;Utvecklingen av diabetestekniska hj\u00e4lpmedel g\u00e5r snabbt. Idag har ca 65 % av alla barn och ungdomar med typ 1 diabetes insulinpumpbehandling och \u00e4nnu fler har n\u00e5gon form av kontinuerlig glukosm\u00e4tning. Syftet med workshopen \u00e4r att ge en bild av hur modern diabetesbehandling ser ut i dagsl\u00e4get och \u00e4ven hur framtiden kan se ut.&lt;\/p&gt;&lt;p&gt;&lt;span style=&quot;font-style: italic;&quot;&gt;Samma workshop arrangeras vid fler tillf\u00e4llen.&lt;\/span&gt;&lt;br&gt;&lt;\/p&gt;                 &lt;br&gt;&lt;br&gt;\"\n                data-category=\"Workshop\"\n                data-category-ids=\"1003\"\n                data-span-all=\"\"\n              >\n\n              \n\n              <div class=\"vertical_bar\" style=\"background-color: #B2A1C9;\"><\/div>\n              <div class=\"box_inner\">\n                                <span>Diabetes - Modern diabetesv\u00e5rd med tekniken i fokus<\/span>\n               <br>\n               <div class=\"lecturer\"><span>Lisa Torstensson, Barnsjuksk\u00f6terska, Region V\u00e4stmanland<\/span><\/div>\n               <div class=\"room_div \">\n                 <i class=\"list-room\">Sal 108<\/i>\n               <\/div>\n\n               <div class=\"name_time_div\">\n                <i class=\"list-time\" data-time=\"14:05\">14:05-14:50 - Tisdag 24 april<\/i>\n               <\/div>\n              <\/div>\n             <\/div>\n          <\/div>\n\n          \n          <div class=\"box-wrapper\"\n              data-id=\"1281\">\n\n              <div class='time-header' style='visibility: hidden;'>14:05<\/div>\n\n              <div class=\"box\"\n                data-id=\"1281\"\n                data-project=\"project_338_2017_12_12\"\n                data-title=\"Kardiologi\/ungdomsmedicin - Transition-\u00f6verf\u00f6ring GUCH-mottagningar\"\n                data-time=\"14:05-14:50\"\n                data-room=\"H\u00f6rsalen\"\n                data-room-id=\"1024\"\n                data-room-name=\"H\u00f6rsalen\"\n                data-day=\"1\"\n                data-abs-nbr=\"\"\n                data-abs-path=\"\"\n                data-speaker=\"Charlotta Hammar, MD, Kardiolog V\u00e4ster\u00e5s; Eva-Lena Bratt, PhD\/Lektor\/specialistsjuksk\u00f6terska, G\u00f6teborgs universitet\"\n                data-speakercell=\"Charlotta Hammar, MD, Kardiolog V\u00e4ster\u00e5s; Eva-Lena Bratt, PhD\/Lektor\/specialistsjuksk\u00f6terska, G\u00f6teborgs universitet\"\n                data-info=\"                  &lt;p&gt; &lt;\/p&gt;                  &lt;p&gt;\u00d6verg\u00e5ng fr\u00e5n barn till vuxensjukv\u00e5rd \u2013 medf\u00f6dda hj\u00e4rtfel.&amp;nbsp;&lt;\/p&gt;                  &lt;br&gt;&amp;nbsp; &amp;nbsp; &amp;nbsp; &amp;nbsp; &amp;nbsp; &amp;nbsp; &amp;nbsp; &amp;nbsp; &amp;nbsp; &amp;nbsp;&amp;nbsp;&lt;p&gt;&lt;\/p&gt;                 &lt;br&gt;&lt;br&gt;\"\n                data-category=\"F\u00f6rel\u00e4sning\"\n                data-category-ids=\"1002\"\n                data-span-all=\"\"\n              >\n\n              \n\n              <div class=\"vertical_bar\" style=\"background-color: #B2FF78;\"><\/div>\n              <div class=\"box_inner\">\n                                <span>Kardiologi\/ungdomsmedicin - Transition-\u00f6verf\u00f6ring GUCH-mottagningar<\/span>\n               <br>\n               <div class=\"lecturer\"><span>Charlotta Hammar, MD, Kardiolog V\u00e4ster\u00e5s; Eva-Lena Bratt, PhD\/Lektor\/specialistsjuksk\u00f6terska, G\u00f6teborgs universitet<\/span><\/div>\n               <div class=\"room_div \">\n                 <i class=\"list-room\">H\u00f6rsalen<\/i>\n               <\/div>\n\n               <div class=\"name_time_div\">\n                <i class=\"list-time\" data-time=\"14:05\">14:05-14:50 - Tisdag 24 april<\/i>\n               <\/div>\n              <\/div>\n             <\/div>\n          <\/div>\n\n          \n          <div class=\"box-wrapper\"\n              data-id=\"1264\">\n\n              <div class='time-header' style='visibility: hidden;'>14:05<\/div>\n\n              <div class=\"box\"\n                data-id=\"1264\"\n                data-project=\"project_338_2017_12_12\"\n                data-title=\"Clownetterna - F\u00f6rdjupande workshop\"\n                data-time=\"14:05-14:50\"\n                data-room=\"Lilla Salen\"\n                data-room-id=\"1023\"\n                data-room-name=\"Lilla Salen\"\n                data-day=\"1\"\n                data-abs-nbr=\"\"\n                data-abs-path=\"\"\n                data-speaker=\"Pia \"Dr Musik\" Degr\u00e9us, Sjukhusclown, Clownetterna; Jenny \"Hopp-San\" Carlsson, Sjukhusclown, Clownetterna; Kristian \"Krusbert\" Elmeskog, Sjukhusclown, Clownetterna; Lina \"LillaSyster\" Degr\u00e9us, Sjukhusclown, Clownetterna; Adam \"Hemling\" Brom\u00e9e, Sjukhusclown, Clownetterna\"\n                data-speakercell=\"Pia \"Dr Musik\" Degr\u00e9us, Sjukhusclown, Clownetterna; Jenny \"Hopp-San\" Carlsson, Sjukhusclown, Clownetterna; Kristian \"Krusbert\" Elmeskog, Sjukhusclown, Clownetterna; Lina \"LillaSyster\" Degr\u00e9us, Sjukhusclown, Clownetterna; Adam \"Hemling\" Brom\u00e9e, Sjukhusclown, Clownetterna\"\n                data-info=\"                  &lt;p&gt;Workshop med f\u00f6rdjupning kring att arbeta utifr\u00e5n Barnkonventionen p\u00e5 golvet.&lt;br&gt;&lt;\/p&gt;                  &lt;p&gt;Clownetterna, V\u00e4ster\u00e5s&amp;nbsp;&lt;\/p&gt;&lt;p&gt;&lt;span style=&quot;font-style: italic;&quot;&gt;Samma workshop arrangeras vid fler tillf\u00e4llen.&lt;\/span&gt;&lt;br&gt;&lt;\/p&gt;                 &lt;br&gt;&lt;br&gt;\"\n                data-category=\"Workshop\"\n                data-category-ids=\"1003\"\n                data-span-all=\"\"\n              >\n\n              \n\n              <div class=\"vertical_bar\" style=\"background-color: #B2A1C9;\"><\/div>\n              <div class=\"box_inner\">\n                                <span>Clownetterna - F\u00f6rdjupande workshop<\/span>\n               <br>\n               <div class=\"lecturer\"><span>Pia \"Dr Musik\" Degr\u00e9us, Sjukhusclown, Clownetterna; Jenny \"Hopp-San\" Carlsson, Sjukhusclown, Clownetterna; Kristian \"Krusbert\" Elmeskog, Sjukhusclown, Clownetterna; Lina \"LillaSyster\" Degr\u00e9us, Sjukhusclown, Clownetterna; Adam \"Hemling\" Brom\u00e9e, Sjukhusclown, Clownetterna<\/span><\/div>\n               <div class=\"room_div \">\n                 <i class=\"list-room\">Lilla Salen<\/i>\n               <\/div>\n\n               <div class=\"name_time_div\">\n                <i class=\"list-time\" data-time=\"14:05\">14:05-14:50 - Tisdag 24 april<\/i>\n               <\/div>\n              <\/div>\n             <\/div>\n          <\/div>\n\n          \n          <div class=\"box-wrapper\"\n              data-id=\"1056\">\n\n              <div class='time-header' style='visibility: hidden;'>14:05<\/div>\n\n              <div class=\"box\"\n                data-id=\"1056\"\n                data-project=\"project_338_2017_12_12\"\n                data-title=\"Neonatalogi - Erfarenheter i Uppsala av behandling av BPD med Ohio-modellen\"\n                data-time=\"14:05-14:50\"\n                data-room=\"Stora Kongresshallen\"\n                data-room-id=\"1018\"\n                data-room-name=\"Stora Kongresshallen\"\n                data-day=\"1\"\n                data-abs-nbr=\"\"\n                data-abs-path=\"\"\n                data-speaker=\"Richard Sindelar, Docent Neonatolog, Akademiska barnsjukhuset Uppsala; Linda Wallstr\u00f6m,  Neonatolog, Akademiska barnsjukhuset Uppsala\"\n                data-speakercell=\"Richard Sindelar, Docent Neonatolog, Akademiska barnsjukhuset Uppsala; Linda Wallstr\u00f6m,  Neonatolog, Akademiska barnsjukhuset Uppsala\"\n                data-info=\"&lt;b&gt;Moderatorer: &lt;\/b&gt;Barbro Diderholm, Neonatolog, Akademiska barnsjukhuset&lt;br&gt;&lt;br&gt;                  &lt;p&gt;Neonatalogi&lt;br&gt;&lt;\/p&gt;                 &lt;br&gt;&lt;br&gt;\"\n                data-category=\"F\u00f6rel\u00e4sning\"\n                data-category-ids=\"1002\"\n                data-span-all=\"\"\n              >\n\n              \n\n              <div class=\"vertical_bar\" style=\"background-color: #B2FF78;\"><\/div>\n              <div class=\"box_inner\">\n                                <span>Neonatalogi - Erfarenheter i Uppsala av behandling av BPD med Ohio-modellen<\/span>\n               <br>\n               <div class=\"lecturer\"><span>Richard Sindelar, Docent Neonatolog, Akademiska barnsjukhuset Uppsala; Linda Wallstr\u00f6m,  Neonatolog, Akademiska barnsjukhuset Uppsala<\/span><\/div>\n               <div class=\"room_div \">\n                 <i class=\"list-room\">Stora Kongresshallen<\/i>\n               <\/div>\n\n               <div class=\"name_time_div\">\n                <i class=\"list-time\" data-time=\"14:05\">14:05-14:50 - Tisdag 24 april<\/i>\n               <\/div>\n              <\/div>\n             <\/div>\n          <\/div>\n\n          \n          <div class=\"box-wrapper\"\n              data-id=\"1111\">\n\n              <div class='time-header'>14:50<\/div>\n\n              <div class=\"box\"\n                data-id=\"1111\"\n                data-project=\"project_338_2017_12_12\"\n                data-title=\"Fika, utst\u00e4llare, posterbes\u00f6k\"\n                data-time=\"14:50-15:25\"\n                data-room=\"Utst\u00e4llningen\"\n                data-room-id=\"1013\"\n                data-room-name=\"Utst\u00e4llningen\"\n                data-day=\"1\"\n                data-abs-nbr=\"\"\n                data-abs-path=\"\"\n                data-speaker=\"\"\n                data-speakercell=\"\"\n                data-info=\"\"\n                data-category=\"\"\n                data-category-ids=\"\"\n                data-span-all=\"1\"\n              >\n\n              \n\n              <div class=\"vertical_bar\" style=\"background-color: rgba(255, 255, 255, 0);\"><\/div>\n              <div class=\"box_inner\">\n                                <span>Fika, utst\u00e4llare, posterbes\u00f6k<\/span>\n               <br>\n               \n               <div class=\"room_div \">\n                 <i class=\"list-room\">Utst\u00e4llningen<\/i>\n               <\/div>\n\n               <div class=\"name_time_div\">\n                <i class=\"list-time\" data-time=\"14:50\">14:50-15:25 - Tisdag 24 april<\/i>\n               <\/div>\n              <\/div>\n             <\/div>\n          <\/div>\n\n          \n          <div class=\"box-wrapper\"\n              data-id=\"1088\">\n\n              <div class='time-header'>15:25<\/div>\n\n              <div class=\"box\"\n                data-id=\"1088\"\n                data-project=\"project_338_2017_12_12\"\n                data-title=\"Barn och l\u00e4kemedel - N\u00e4r ett l\u00e4kemedel inte l\u00e4ngre finns\"\n                data-time=\"15:25-17:00\"\n                data-room=\"Sal 302\"\n                data-room-id=\"1020\"\n                data-room-name=\"Sal 302\"\n                data-day=\"1\"\n                data-abs-nbr=\"\"\n                data-abs-path=\"\"\n                data-speaker=\"Per Br\u00e4ndstr\u00f6m, Barnefrolog, G\u00f6teborg; Elin  Kimland, L\u00e4kemedelsverket; Synn\u00f6ve Lindemalm, Barnl\u00e4kare, klinisk Farmakolog, Karolinska institutet Stockholm; Johanna Rubin, Barnh\u00e4lsov\u00e5rds\u00f6verl\u00e4kare, Karolinska institutet, Stockholm\"\n                data-speakercell=\"Per Br\u00e4ndstr\u00f6m, Barnefrolog, G\u00f6teborg; Elin  Kimland, L\u00e4kemedelsverket; Synn\u00f6ve Lindemalm, Barnl\u00e4kare, klinisk Farmakolog, Karolinska institutet Stockholm; Johanna Rubin, Barnh\u00e4lsov\u00e5rds\u00f6verl\u00e4kare, Karolinska institutet, Stockholm\"\n                data-info=\"&lt;b&gt;Moderatorer: &lt;\/b&gt;Estelle Naumburg, Barnl\u00e4kare, lektor Ume\u00e5&lt;br&gt;&lt;br&gt;                  &lt;p&gt;Symposium: Deltagare i panel och f\u00f6rel\u00e4sare fr\u00e5n l\u00e4kemedelsverket, delf\u00f6reningen f\u00f6r barnvaccinationer.&lt;\/p&gt;                  &lt;p&gt;I detta symposium diskuterar hur och varf\u00f6r ett l\u00e4kemedel f\u00f6rsvinner fr\u00e5n marknaden, och om vi kan l\u00e4ra av varandra.&lt;br&gt;&lt;\/p&gt;                 &lt;br&gt;&lt;br&gt;\"\n                data-category=\"Seminarium\/Paneldebatt\"\n                data-category-ids=\"1006\"\n                data-span-all=\"\"\n              >\n\n              \n\n              <div class=\"vertical_bar\" style=\"background-color: #FFB217;\"><\/div>\n              <div class=\"box_inner\">\n                                <span>Barn och l\u00e4kemedel - N\u00e4r ett l\u00e4kemedel inte l\u00e4ngre finns<\/span>\n               <br>\n               <div class=\"lecturer\"><span>Per Br\u00e4ndstr\u00f6m, Barnefrolog, G\u00f6teborg; Elin  Kimland, L\u00e4kemedelsverket; Synn\u00f6ve Lindemalm, Barnl\u00e4kare, klinisk Farmakolog, Karolinska institutet Stockholm; Johanna Rubin, Barnh\u00e4lsov\u00e5rds\u00f6verl\u00e4kare, Karolinska institutet, Stockholm<\/span><\/div>\n               <div class=\"room_div \">\n                 <i class=\"list-room\">Sal 302<\/i>\n               <\/div>\n\n               <div class=\"name_time_div\">\n                <i class=\"list-time\" data-time=\"15:25\">15:25-17:00 - Tisdag 24 april<\/i>\n               <\/div>\n              <\/div>\n             <\/div>\n          <\/div>\n\n          \n          <div class=\"box-wrapper\"\n              data-id=\"1074\">\n\n              <div class='time-header' style='visibility: hidden;'>15:25<\/div>\n\n              <div class=\"box\"\n                data-id=\"1074\"\n                data-project=\"project_338_2017_12_12\"\n                data-title=\"Endokrin - Kalk, Fosfat, D-vitamin\"\n                data-time=\"15:25-17:00\"\n                data-room=\"Sal 107\"\n                data-room-id=\"1025\"\n                data-room-name=\"Sal 107\"\n                data-day=\"1\"\n                data-abs-nbr=\"\"\n                data-abs-path=\"\"\n                data-speaker=\"Ola Nilsson, Professor Barnl\u00e4kare, \u00d6rebro; Johan Svensson, \u00d6L, Astrid Lindgrens Barnsjukhus\"\n                data-speakercell=\"Ola Nilsson, Professor Barnl\u00e4kare, \u00d6rebro; Johan Svensson, \u00d6L, Astrid Lindgrens Barnsjukhus\"\n                data-info=\"                  &lt;p&gt;Kalk, fosfat och D-vitamin- the essentials&lt;br&gt;&lt;\/p&gt;                 &lt;br&gt;&lt;br&gt;\"\n                data-category=\"F\u00f6rel\u00e4sning\"\n                data-category-ids=\"1002\"\n                data-span-all=\"\"\n              >\n\n              \n\n              <div class=\"vertical_bar\" style=\"background-color: #B2FF78;\"><\/div>\n              <div class=\"box_inner\">\n                                <span>Endokrin - Kalk, Fosfat, D-vitamin<\/span>\n               <br>\n               <div class=\"lecturer\"><span>Ola Nilsson, Professor Barnl\u00e4kare, \u00d6rebro; Johan Svensson, \u00d6L, Astrid Lindgrens Barnsjukhus<\/span><\/div>\n               <div class=\"room_div \">\n                 <i class=\"list-room\">Sal 107<\/i>\n               <\/div>\n\n               <div class=\"name_time_div\">\n                <i class=\"list-time\" data-time=\"15:25\">15:25-17:00 - Tisdag 24 april<\/i>\n               <\/div>\n              <\/div>\n             <\/div>\n          <\/div>\n\n          \n          <div class=\"box-wrapper\"\n              data-id=\"1045\">\n\n              <div class='time-header' style='visibility: hidden;'>15:25<\/div>\n\n              <div class=\"box\"\n                data-id=\"1045\"\n                data-project=\"project_338_2017_12_12\"\n                data-title=\"Foniatri - Hej barnlaryngologi!\"\n                data-time=\"15:25-17:00\"\n                data-room=\"Lilla Salen\"\n                data-room-id=\"1023\"\n                data-room-name=\"Lilla Salen\"\n                data-day=\"1\"\n                data-abs-nbr=\"\"\n                data-abs-path=\"\"\n                data-speaker=\"Henrik Widegren, PhD, Foniater, Lund\"\n                data-speakercell=\"Henrik Widegren, PhD, Foniater, Lund\"\n                data-info=\"                 &lt;p&gt;Barn med \u00f6vre luftv\u00e4gshinder eller d\u00e5lig r\u00f6st. Vad kan det vara och vad kan vi g\u00f6ra \u00e5t det? En klinisk och fallbaserad f\u00f6rel\u00e4sning om larynxsjukdomar hos barn ur \u00d6NH-l\u00e4karens och foniaterns perspektiv.&lt;\/p&gt;                 &lt;p&gt;&lt;br&gt;&lt;\/p&gt;                 &lt;p&gt;&lt;br&gt;&lt;\/p&gt;                 &lt;br&gt;&lt;br&gt;\"\n                data-category=\"F\u00f6rel\u00e4sning\"\n                data-category-ids=\"1002\"\n                data-span-all=\"\"\n              >\n\n              \n\n              <div class=\"vertical_bar\" style=\"background-color: #B2FF78;\"><\/div>\n              <div class=\"box_inner\">\n                                <span>Foniatri - Hej barnlaryngologi!<\/span>\n               <br>\n               <div class=\"lecturer\"><span>Henrik Widegren, PhD, Foniater, Lund<\/span><\/div>\n               <div class=\"room_div \">\n                 <i class=\"list-room\">Lilla Salen<\/i>\n               <\/div>\n\n               <div class=\"name_time_div\">\n                <i class=\"list-time\" data-time=\"15:25\">15:25-17:00 - Tisdag 24 april<\/i>\n               <\/div>\n              <\/div>\n             <\/div>\n          <\/div>\n\n          \n          <div class=\"box-wrapper\"\n              data-id=\"1136\">\n\n              <div class='time-header' style='visibility: hidden;'>15:25<\/div>\n\n              <div class=\"box\"\n                data-id=\"1136\"\n                data-project=\"project_338_2017_12_12\"\n                data-title=\"Ungdomsv\u00e4nlig v\u00e5rd och \u00f6verf\u00f6ring - M\u00d6T EXPERTERNA\"\n                data-time=\"15:25-16:10\"\n                data-room=\"H\u00f6rsalen\"\n                data-room-id=\"1024\"\n                data-room-name=\"H\u00f6rsalen\"\n                data-day=\"1\"\n                data-abs-nbr=\"\"\n                data-abs-path=\"\"\n                data-speaker=\"Charlotte Nylander, PhD, Barnl\u00e4kare, S\u00f6dermanland; Robin \u00c5hrling, Ordf\u00f6rande, Ung Diabetes\"\n                data-speakercell=\"Charlotte Nylander, PhD, Barnl\u00e4kare, S\u00f6dermanland; Robin \u00c5hrling, Ordf\u00f6rande, Ung Diabetes\"\n                data-info=\"                 &lt;table&gt;                  &lt;tbody&gt;                   &lt;tr&gt;                    &lt;td&gt;&lt;p&gt;Kardiologi - Transition-ungdomsmedicin&lt;\/p&gt;&lt;\/td&gt;                   &lt;\/tr&gt;                  &lt;\/tbody&gt;                 &lt;\/table&gt;                 &lt;p&gt;Paneldebatt med ungdomar&lt;\/p&gt;                 &lt;table&gt;                  &lt;tbody&gt;                   &lt;tr&gt;                    &lt;td&gt;\u00d6versiktlig f\u00f6rel\u00e4sning om ungdomsv\u00e4nlig v\u00e5rd och \u00f6verf\u00f6ring. Ung Diabetes presenterar sina tankar om ungdomsmottagning. Patienter med andra sjukdomar presenterar sina synpunkter. Passet avslutas med en paneldebatt mellan alla eftermiddagens f\u00f6rel\u00e4sare.&lt;br&gt;&lt;br&gt;&lt;\/td&gt;                   &lt;\/tr&gt;                  &lt;\/tbody&gt;                 &lt;\/table&gt;                &lt;br&gt;&lt;br&gt;\"\n                data-category=\"Seminarium\/Paneldebatt\"\n                data-category-ids=\"1006\"\n                data-span-all=\"\"\n              >\n\n              \n\n              <div class=\"vertical_bar\" style=\"background-color: #FFB217;\"><\/div>\n              <div class=\"box_inner\">\n                                <span>Ungdomsv\u00e4nlig v\u00e5rd och \u00f6verf\u00f6ring - M\u00d6T EXPERTERNA<\/span>\n               <br>\n               <div class=\"lecturer\"><span>Charlotte Nylander, PhD, Barnl\u00e4kare, S\u00f6dermanland; Robin \u00c5hrling, Ordf\u00f6rande, Ung Diabetes<\/span><\/div>\n               <div class=\"room_div \">\n                 <i class=\"list-room\">H\u00f6rsalen<\/i>\n               <\/div>\n\n               <div class=\"name_time_div\">\n                <i class=\"list-time\" data-time=\"15:25\">15:25-16:10 - Tisdag 24 april<\/i>\n               <\/div>\n              <\/div>\n             <\/div>\n          <\/div>\n\n          \n          <div class=\"box-wrapper\"\n              data-id=\"1054\">\n\n              <div class='time-header' style='visibility: hidden;'>15:25<\/div>\n\n              <div class=\"box\"\n                data-id=\"1054\"\n                data-project=\"project_338_2017_12_12\"\n                data-title=\"Neonatalogi - Short- and Long-term Outcomes for Infants Born Late Preterm\"\n                data-time=\"15:25-16:10\"\n                data-room=\"Stora Kongresshallen\"\n                data-room-id=\"1018\"\n                data-room-name=\"Stora Kongresshallen\"\n                data-day=\"1\"\n                data-abs-nbr=\"\"\n                data-abs-path=\"\"\n                data-speaker=\"Lex Doyle, Professor of Neonatal Paediatrics, University of Melbourne\"\n                data-speakercell=\"Lex Doyle, Professor of Neonatal Paediatrics, University of Melbourne\"\n                data-info=\"&lt;b&gt;Moderatorer: &lt;\/b&gt;Barbro Diderholm, Neonatolog, Akademiska barnsjukhuset&lt;br&gt;&lt;br&gt;                  &lt;p&gt;Neonatalogi&lt;\/p&gt;                  &lt;p&gt;Short- and Long-term Outcomes for Infants Born LatePreterm&lt;\/p&gt;                 &lt;br&gt;&lt;br&gt;\"\n                data-category=\"F\u00f6rel\u00e4sning\"\n                data-category-ids=\"1002\"\n                data-span-all=\"\"\n              >\n\n              \n\n              <div class=\"vertical_bar\" style=\"background-color: #B2FF78;\"><\/div>\n              <div class=\"box_inner\">\n                                <span>Neonatalogi - Short- and Long-term Outcomes for Infants Born Late Preterm<\/span>\n               <br>\n               <div class=\"lecturer\"><span>Lex Doyle, Professor of Neonatal Paediatrics, University of Melbourne<\/span><\/div>\n               <div class=\"room_div \">\n                 <i class=\"list-room\">Stora Kongresshallen<\/i>\n               <\/div>\n\n               <div class=\"name_time_div\">\n                <i class=\"list-time\" data-time=\"15:25\">15:25-16:10 - Tisdag 24 april<\/i>\n               <\/div>\n              <\/div>\n             <\/div>\n          <\/div>\n\n          \n          <div class=\"box-wrapper\"\n              data-id=\"1058\">\n\n              <div class='time-header' style='visibility: hidden;'>15:25<\/div>\n\n              <div class=\"box\"\n                data-id=\"1058\"\n                data-project=\"project_338_2017_12_12\"\n                data-title=\"Gastroenterologi - Funktionella buksm\u00e4rtor\"\n                data-time=\"15:25-16:10\"\n                data-room=\"Lilla Kongresshallen\"\n                data-room-id=\"1021\"\n                data-room-name=\"Lilla Kongresshallen\"\n                data-day=\"1\"\n                data-abs-nbr=\"\"\n                data-abs-path=\"\"\n                data-speaker=\"Ola Ol\u00e9n, Barnl\u00e4kare, Stockholm; Agneta Uusij\u00e4rvi, Barnl\u00e4kare, Stockholm\"\n                data-speakercell=\"Ola Ol\u00e9n, Barnl\u00e4kare, Stockholm; Agneta Uusij\u00e4rvi, Barnl\u00e4kare, Stockholm\"\n                data-info=\"&lt;b&gt;Moderatorer: &lt;\/b&gt;Maria Pilar Guallarte, Barnl\u00e4kare, Barnkliniken, V\u00e4ster\u00e5s&lt;br&gt;&lt;br&gt;                  &lt;p&gt;Funktionella buksm\u00e4rtor - Handl\u00e4ggning, diagnos och behandling&lt;\/p&gt;                 &lt;br&gt;&lt;br&gt;\"\n                data-category=\"F\u00f6rel\u00e4sning\"\n                data-category-ids=\"1002\"\n                data-span-all=\"\"\n              >\n\n              \n\n              <div class=\"vertical_bar\" style=\"background-color: #B2FF78;\"><\/div>\n              <div class=\"box_inner\">\n                                <span>Gastroenterologi - Funktionella buksm\u00e4rtor<\/span>\n               <br>\n               <div class=\"lecturer\"><span>Ola Ol\u00e9n, Barnl\u00e4kare, Stockholm; Agneta Uusij\u00e4rvi, Barnl\u00e4kare, Stockholm<\/span><\/div>\n               <div class=\"room_div \">\n                 <i class=\"list-room\">Lilla Kongresshallen<\/i>\n               <\/div>\n\n               <div class=\"name_time_div\">\n                <i class=\"list-time\" data-time=\"15:25\">15:25-16:10 - Tisdag 24 april<\/i>\n               <\/div>\n              <\/div>\n             <\/div>\n          <\/div>\n\n          \n          <div class=\"box-wrapper\"\n              data-id=\"1100\">\n\n              <div class='time-header' style='visibility: hidden;'>15:25<\/div>\n\n              <div class=\"box\"\n                data-id=\"1100\"\n                data-project=\"project_338_2017_12_12\"\n                data-title=\"Diabetes - Diabetes p\u00e5 jourtid\"\n                data-time=\"15:25-16:10\"\n                data-room=\"Sal 108\"\n                data-room-id=\"1026\"\n                data-room-name=\"Sal 108\"\n                data-day=\"1\"\n                data-abs-nbr=\"\"\n                data-abs-path=\"\"\n                data-speaker=\"Malin \u00c5gren, Specialistl\u00e4kare, Barnkliniken; Mona Jakobsson, Diabetessjuksk\u00f6terska, \tBarn- och Ungdomskliniken, V\u00e4ster\u00e5s; Wanda Sikorska, \u00d6verl\u00e4kare, Barn- och Ungdomskliniken, V\u00e4ster\u00e5s; Helena Sj\u00f6str\u00f6m, L\u00e4kare, Barn- och Ungdomskliniken, V\u00e4ster\u00e5s\"\n                data-speakercell=\"Malin \u00c5gren, Specialistl\u00e4kare, Barnkliniken; Mona Jakobsson, Diabetessjuksk\u00f6terska, \tBarn- och Ungdomskliniken, V\u00e4ster\u00e5s; Wanda Sikorska, \u00d6verl\u00e4kare, Barn- och Ungdomskliniken, V\u00e4ster\u00e5s; Helena Sj\u00f6str\u00f6m, L\u00e4kare, Barn- och Ungdomskliniken, V\u00e4ster\u00e5s\"\n                data-info=\"                  &lt;p&gt;Tre typer av diabetesfall p\u00e5 jourtid presenteras. Fr\u00e5gor besvaras i grupp med app\/mentometer. Diabetesteamet V\u00e4ster\u00e5s.&lt;\/p&gt;                  &lt;p&gt;&lt;span style=&quot;font-style: italic;&quot;&gt;Samma workshop arrangeras vid fler tillf\u00e4llen.&lt;\/span&gt;&lt;br&gt;&lt;\/p&gt;                 &lt;br&gt;&lt;br&gt;\"\n                data-category=\"Workshop\"\n                data-category-ids=\"1003\"\n                data-span-all=\"\"\n              >\n\n              \n\n              <div class=\"vertical_bar\" style=\"background-color: #B2A1C9;\"><\/div>\n              <div class=\"box_inner\">\n                                <span>Diabetes - Diabetes p\u00e5 jourtid<\/span>\n               <br>\n               <div class=\"lecturer\"><span>Malin \u00c5gren, Specialistl\u00e4kare, Barnkliniken; Mona Jakobsson, Diabetessjuksk\u00f6terska, \tBarn- och Ungdomskliniken, V\u00e4ster\u00e5s; Wanda Sikorska, \u00d6verl\u00e4kare, Barn- och Ungdomskliniken, V\u00e4ster\u00e5s; Helena Sj\u00f6str\u00f6m, L\u00e4kare, Barn- och Ungdomskliniken, V\u00e4ster\u00e5s<\/span><\/div>\n               <div class=\"room_div \">\n                 <i class=\"list-room\">Sal 108<\/i>\n               <\/div>\n\n               <div class=\"name_time_div\">\n                <i class=\"list-time\" data-time=\"15:25\">15:25-16:10 - Tisdag 24 april<\/i>\n               <\/div>\n              <\/div>\n             <\/div>\n          <\/div>\n\n          \n          <div class=\"box-wrapper\"\n              data-id=\"1345\">\n\n              <div class='time-header' style='visibility: hidden;'>15:25<\/div>\n\n              <div class=\"box\"\n                data-id=\"1345\"\n                data-project=\"project_338_2017_12_12\"\n                data-title=\"Landsting och regioners system f\u00f6r kunskapsstyrning \"\n                data-time=\"15:25-16:10\"\n                data-room=\"Sal 301\"\n                data-room-id=\"1019\"\n                data-room-name=\"Sal 301\"\n                data-day=\"1\"\n                data-abs-nbr=\"\"\n                data-abs-path=\"\"\n                data-speaker=\"Marie Lawrence, Samordnare kunskapsstyrning h\u00e4lso- och sjukv\u00e5rd, Sveriges kommuner och landsting\"\n                data-speakercell=\"Marie Lawrence, Samordnare kunskapsstyrning h\u00e4lso- och sjukv\u00e5rd, Sveriges kommuner och landsting\"\n                data-info=\"                  &lt;p&gt;Landsting och regioners system f\u00f6r kunskapsstyrning&amp;nbsp;&lt;br&gt;&lt;\/p&gt;                 &lt;br&gt;&lt;br&gt;\"\n                data-category=\"F\u00f6rel\u00e4sning\"\n                data-category-ids=\"1002\"\n                data-span-all=\"\"\n              >\n\n              \n\n              <div class=\"vertical_bar\" style=\"background-color: #B2FF78;\"><\/div>\n              <div class=\"box_inner\">\n                                <span>Landsting och regioners system f\u00f6r kunskapsstyrning <\/span>\n               <br>\n               <div class=\"lecturer\"><span>Marie Lawrence, Samordnare kunskapsstyrning h\u00e4lso- och sjukv\u00e5rd, Sveriges kommuner och landsting<\/span><\/div>\n               <div class=\"room_div \">\n                 <i class=\"list-room\">Sal 301<\/i>\n               <\/div>\n\n               <div class=\"name_time_div\">\n                <i class=\"list-time\" data-time=\"15:25\">15:25-16:10 - Tisdag 24 april<\/i>\n               <\/div>\n              <\/div>\n             <\/div>\n          <\/div>\n\n          \n          <div class=\"box-wrapper\"\n              data-id=\"1349\">\n\n              <div class='time-header'>16:15<\/div>\n\n              <div class=\"box\"\n                data-id=\"1349\"\n                data-project=\"project_338_2017_12_12\"\n                data-title=\"Nul\u00e4ge nationella kliniska kunskapsst\u00f6d f\u00f6r barnmedicin\"\n                data-time=\"16:15-16:35\"\n                data-room=\"Sal 301\"\n                data-room-id=\"1019\"\n                data-room-name=\"Sal 301\"\n                data-day=\"1\"\n                data-abs-nbr=\"\"\n                data-abs-path=\"\"\n                data-speaker=\"Mia  Wede\"\n                data-speakercell=\"Mia  Wede\"\n                data-info=\"                  &lt;p&gt;Nul\u00e4ge nationella kliniska kunskapsst\u00f6d f\u00f6r barnmedicin&lt;br&gt;&lt;\/p&gt;                  &lt;p&gt;&lt;br&gt;&lt;br&gt;&lt;\/p&gt;                 &lt;br&gt;&lt;br&gt;\"\n                data-category=\"F\u00f6rel\u00e4sning\"\n                data-category-ids=\"1002\"\n                data-span-all=\"\"\n              >\n\n              \n\n              <div class=\"vertical_bar\" style=\"background-color: #B2FF78;\"><\/div>\n              <div class=\"box_inner\">\n                                <span>Nul\u00e4ge nationella kliniska kunskapsst\u00f6d f\u00f6r barnmedicin<\/span>\n               <br>\n               <div class=\"lecturer\"><span>Mia  Wede<\/span><\/div>\n               <div class=\"room_div \">\n                 <i class=\"list-room\">Sal 301<\/i>\n               <\/div>\n\n               <div class=\"name_time_div\">\n                <i class=\"list-time\" data-time=\"16:15\">16:15-16:35 - Tisdag 24 april<\/i>\n               <\/div>\n              <\/div>\n             <\/div>\n          <\/div>\n\n          \n          <div class=\"box-wrapper\"\n              data-id=\"1065\">\n\n              <div class='time-header' style='visibility: hidden;'>16:15<\/div>\n\n              <div class=\"box\"\n                data-id=\"1065\"\n                data-project=\"project_338_2017_12_12\"\n                data-title=\"Gastroenterologi - Funktionella buksm\u00e4rtor\"\n                data-time=\"16:15-17:00\"\n                data-room=\"Lilla Kongresshallen\"\n                data-room-id=\"1021\"\n                data-room-name=\"Lilla Kongresshallen\"\n                data-day=\"1\"\n                data-abs-nbr=\"\"\n                data-abs-path=\"\"\n                data-speaker=\"Maria Lalouni, Leg psykolog och doktorand, BUP Klinisk forskningsenhet\"\n                data-speakercell=\"Maria Lalouni, Leg psykolog och doktorand, BUP Klinisk forskningsenhet\"\n                data-info=\"                  &lt;p&gt;Funktionella buksm\u00e4rtor - Evidensl\u00e4get f\u00f6r kognitiv beteendeterapi (KBT) och fysisk aktivitet&lt;\/p&gt;&lt;p&gt;Vad inneb\u00e4r kognitiv beteendeterapi via internet f\u00f6r barn och ungdomar med funktionella buksm\u00e4rtor? Vi har genomf\u00f6rt flera studier med mycket goda resultat och har ocks\u00e5 prelimin\u00e4ra resultat kring vilka barn som drar mest nytta av behandlingen. F\u00f6rh\u00e5llningss\u00e4ttet i behandlingen kan \u00e4ven anv\u00e4ndas av kliniker som m\u00f6ter barn med dessa problem.&lt;br&gt;&lt;\/p&gt;                 &lt;br&gt;&lt;br&gt;\"\n                data-category=\"F\u00f6rel\u00e4sning\"\n                data-category-ids=\"1002\"\n                data-span-all=\"\"\n              >\n\n              \n\n              <div class=\"vertical_bar\" style=\"background-color: #B2FF78;\"><\/div>\n              <div class=\"box_inner\">\n                                <span>Gastroenterologi - Funktionella buksm\u00e4rtor<\/span>\n               <br>\n               <div class=\"lecturer\"><span>Maria Lalouni, Leg psykolog och doktorand, BUP Klinisk forskningsenhet<\/span><\/div>\n               <div class=\"room_div \">\n                 <i class=\"list-room\">Lilla Kongresshallen<\/i>\n               <\/div>\n\n               <div class=\"name_time_div\">\n                <i class=\"list-time\" data-time=\"16:15\">16:15-17:00 - Tisdag 24 april<\/i>\n               <\/div>\n              <\/div>\n             <\/div>\n          <\/div>\n\n          \n          <div class=\"box-wrapper\"\n              data-id=\"1274\">\n\n              <div class='time-header' style='visibility: hidden;'>16:15<\/div>\n\n              <div class=\"box\"\n                data-id=\"1274\"\n                data-project=\"project_338_2017_12_12\"\n                data-title=\"Gastroenterologi - Parenteral nutrition\"\n                data-time=\"16:15-17:00\"\n                data-room=\"Sal 109\"\n                data-room-id=\"1022\"\n                data-room-name=\"Sal 109\"\n                data-day=\"1\"\n                data-abs-nbr=\"\"\n                data-abs-path=\"\"\n                data-speaker=\"Yigael  Finkel, Docent, Barnmedicin Gastro\/Nutrition\/Sachsska barn- och ungdomssjukhuset\"\n                data-speakercell=\"Yigael  Finkel, Docent, Barnmedicin Gastro\/Nutrition\/Sachsska barn- och ungdomssjukhuset\"\n                data-info=\"                  &lt;p&gt;G\u00f6ra kanske sv\u00e5rt till l\u00e4tt - att ordinera parenteral nutrition till barn och ungdom&lt;\/p&gt;                  &lt;p&gt;&lt;span style=&quot;font-style: italic;&quot;&gt;Samma workshop arrangeras vid fler tillf\u00e4llen.&lt;\/span&gt;&lt;br&gt;&lt;\/p&gt;                 &lt;br&gt;&lt;br&gt;\"\n                data-category=\"Workshop\"\n                data-category-ids=\"1003\"\n                data-span-all=\"\"\n              >\n\n              \n\n              <div class=\"vertical_bar\" style=\"background-color: #B2A1C9;\"><\/div>\n              <div class=\"box_inner\">\n                                <span>Gastroenterologi - Parenteral nutrition<\/span>\n               <br>\n               <div class=\"lecturer\"><span>Yigael  Finkel, Docent, Barnmedicin Gastro\/Nutrition\/Sachsska barn- och ungdomssjukhuset<\/span><\/div>\n               <div class=\"room_div \">\n                 <i class=\"list-room\">Sal 109<\/i>\n               <\/div>\n\n               <div class=\"name_time_div\">\n                <i class=\"list-time\" data-time=\"16:15\">16:15-17:00 - Tisdag 24 april<\/i>\n               <\/div>\n              <\/div>\n             <\/div>\n          <\/div>\n\n          \n          <div class=\"box-wrapper\"\n              data-id=\"1053\">\n\n              <div class='time-header' style='visibility: hidden;'>16:15<\/div>\n\n              <div class=\"box\"\n                data-id=\"1053\"\n                data-project=\"project_338_2017_12_12\"\n                data-title=\"Neonatalogi - Nya v\u00e5rdprogrammet f\u00f6r neonatal hypoglykemi\"\n                data-time=\"16:15-17:00\"\n                data-room=\"Stora Kongresshallen\"\n                data-room-id=\"1018\"\n                data-room-name=\"Stora Kongresshallen\"\n                data-day=\"1\"\n                data-abs-nbr=\"\"\n                data-abs-path=\"\"\n                data-speaker=\"Dirk Wackernagel, PhD Neonatolog, Astrid Lindgrens Barnsjukhus, Stockholm\"\n                data-speakercell=\"Dirk Wackernagel, PhD Neonatolog, Astrid Lindgrens Barnsjukhus, Stockholm\"\n                data-info=\"&lt;b&gt;Moderatorer: &lt;\/b&gt;Barbro Diderholm, Neonatolog, Akademiska barnsjukhuset&lt;br&gt;&lt;br&gt;                  &lt;p&gt;Neonatalogi&lt;br&gt;&lt;\/p&gt;                 &lt;br&gt;&lt;br&gt;\"\n                data-category=\"F\u00f6rel\u00e4sning\"\n                data-category-ids=\"1002\"\n                data-span-all=\"\"\n              >\n\n              \n\n              <div class=\"vertical_bar\" style=\"background-color: #B2FF78;\"><\/div>\n              <div class=\"box_inner\">\n                                <span>Neonatalogi - Nya v\u00e5rdprogrammet f\u00f6r neonatal hypoglykemi<\/span>\n               <br>\n               <div class=\"lecturer\"><span>Dirk Wackernagel, PhD Neonatolog, Astrid Lindgrens Barnsjukhus, Stockholm<\/span><\/div>\n               <div class=\"room_div \">\n                 <i class=\"list-room\">Stora Kongresshallen<\/i>\n               <\/div>\n\n               <div class=\"name_time_div\">\n                <i class=\"list-time\" data-time=\"16:15\">16:15-17:00 - Tisdag 24 april<\/i>\n               <\/div>\n              <\/div>\n             <\/div>\n          <\/div>\n\n          \n          <div class=\"box-wrapper\"\n              data-id=\"1059\">\n\n              <div class='time-header' style='visibility: hidden;'>16:15<\/div>\n\n              <div class=\"box\"\n                data-id=\"1059\"\n                data-project=\"project_338_2017_12_12\"\n                data-title=\"Ungdomsv\u00e4nlig v\u00e5rd och \u00f6verf\u00f6ring - M\u00d6T EXPERTERNA\"\n                data-time=\"16:15-17:00\"\n                data-room=\"H\u00f6rsalen\"\n                data-room-id=\"1024\"\n                data-room-name=\"H\u00f6rsalen\"\n                data-day=\"1\"\n                data-abs-nbr=\"\"\n                data-abs-path=\"\"\n                data-speaker=\"Charlotte Nylander, PhD, Barnl\u00e4kare, S\u00f6dermanland; Robin \u00c5hrling, Ordf\u00f6rande, Ung Diabetes\"\n                data-speakercell=\"Charlotte Nylander, PhD, Barnl\u00e4kare, S\u00f6dermanland; Robin \u00c5hrling, Ordf\u00f6rande, Ung Diabetes\"\n                data-info=\"                  &lt;table&gt;                   &lt;tbody&gt;                    &lt;tr&gt;                     &lt;td&gt;&lt;p&gt;Kardiologi - Transition-ungdomsmedicin&lt;\/p&gt;&lt;\/td&gt;                    &lt;\/tr&gt;                   &lt;\/tbody&gt;                  &lt;\/table&gt;                  &lt;p&gt;Paneldebatt med ungdomar&lt;\/p&gt;                  &lt;table&gt;                   &lt;tbody&gt;                    &lt;tr&gt;                     &lt;td&gt;\u00d6versiktlig f\u00f6rel\u00e4sning om ungdomsv\u00e4nlig v\u00e5rd och \u00f6verf\u00f6ring. Ung Diabetes presenterar sina tankar om ungdomsmottagning. Patienter med andra sjukdomar presenterar sina synpunkter. Passet avslutas med en paneldebatt mellan alla eftermiddagens f\u00f6rel\u00e4sare.&lt;\/td&gt;                    &lt;\/tr&gt;                   &lt;\/tbody&gt;                  &lt;\/table&gt;                  &lt;div&gt;                   &lt;br&gt;                  &lt;\/div&gt;                  &lt;div&gt;                   &lt;table&gt;&lt;\/table&gt;                  &lt;\/div&gt;                  &lt;div&gt;                  &lt;\/div&gt;                 &lt;br&gt;&lt;br&gt;\"\n                data-category=\"Seminarium\/Paneldebatt\"\n                data-category-ids=\"1006\"\n                data-span-all=\"\"\n              >\n\n              \n\n              <div class=\"vertical_bar\" style=\"background-color: #FFB217;\"><\/div>\n              <div class=\"box_inner\">\n                                <span>Ungdomsv\u00e4nlig v\u00e5rd och \u00f6verf\u00f6ring - M\u00d6T EXPERTERNA<\/span>\n               <br>\n               <div class=\"lecturer\"><span>Charlotte Nylander, PhD, Barnl\u00e4kare, S\u00f6dermanland; Robin \u00c5hrling, Ordf\u00f6rande, Ung Diabetes<\/span><\/div>\n               <div class=\"room_div \">\n                 <i class=\"list-room\">H\u00f6rsalen<\/i>\n               <\/div>\n\n               <div class=\"name_time_div\">\n                <i class=\"list-time\" data-time=\"16:15\">16:15-17:00 - Tisdag 24 april<\/i>\n               <\/div>\n              <\/div>\n             <\/div>\n          <\/div>\n\n          \n          <div class=\"box-wrapper\"\n              data-id=\"1350\">\n\n              <div class='time-header'>16:35<\/div>\n\n              <div class=\"box\"\n                data-id=\"1350\"\n                data-project=\"project_338_2017_12_12\"\n                data-title=\"Diskussion \"\n                data-time=\"16:35-17:00\"\n                data-room=\"Sal 301\"\n                data-room-id=\"1019\"\n                data-room-name=\"Sal 301\"\n                data-day=\"1\"\n                data-abs-nbr=\"\"\n                data-abs-path=\"\"\n                data-speaker=\"Marie Lawrence, Samordnare kunskapsstyrning h\u00e4lso- och sjukv\u00e5rd, Sveriges kommuner och landsting; Mia  Wede; Lars Gelander; Urban Tir\u00e9n; Anna B\u00e4rt\u00e5s\"\n                data-speakercell=\"Marie Lawrence, Samordnare kunskapsstyrning h\u00e4lso- och sjukv\u00e5rd, Sveriges kommuner och landsting; Mia  Wede; Lars Gelander; Urban Tir\u00e9n; Anna B\u00e4rt\u00e5s\"\n                data-info=\"                  &lt;p&gt;Diskussion&amp;nbsp;&amp;nbsp;&amp;nbsp;&amp;nbsp;&lt;\/p&gt;                  &lt;p&gt;Landsting och regioners system f\u00f6r kunskapsstyrning \/ Nul\u00e4ge nationella kliniska kunskapsst\u00f6d f\u00f6r barnmedicin&amp;nbsp;&lt;\/p&gt;                  &lt;p&gt;&lt;br&gt;&lt;\/p&gt;                  &lt;p&gt;&lt;br&gt;&lt;br&gt;&lt;\/p&gt;                 &lt;br&gt;&lt;br&gt;\"\n                data-category=\"F\u00f6rel\u00e4sning\"\n                data-category-ids=\"1002\"\n                data-span-all=\"\"\n              >\n\n              \n\n              <div class=\"vertical_bar\" style=\"background-color: #B2FF78;\"><\/div>\n              <div class=\"box_inner\">\n                                <span>Diskussion <\/span>\n               <br>\n               <div class=\"lecturer\"><span>Marie Lawrence, Samordnare kunskapsstyrning h\u00e4lso- och sjukv\u00e5rd, Sveriges kommuner och landsting; Mia  Wede; Lars Gelander; Urban Tir\u00e9n; Anna B\u00e4rt\u00e5s<\/span><\/div>\n               <div class=\"room_div \">\n                 <i class=\"list-room\">Sal 301<\/i>\n               <\/div>\n\n               <div class=\"name_time_div\">\n                <i class=\"list-time\" data-time=\"16:35\">16:35-17:00 - Tisdag 24 april<\/i>\n               <\/div>\n              <\/div>\n             <\/div>\n          <\/div>\n\n          \n          <div class=\"box-wrapper\"\n              data-id=\"1284\">\n\n              <div class='time-header'>17:00<\/div>\n\n              <div class=\"box\"\n                data-id=\"1284\"\n                data-project=\"project_338_2017_12_12\"\n                data-title=\"\u00c5rsm\u00f6te f\u00f6r SPGHN\"\n                data-time=\"17:00-17:45\"\n                data-room=\"Lilla Kongresshallen\"\n                data-room-id=\"1021\"\n                data-room-name=\"Lilla Kongresshallen\"\n                data-day=\"1\"\n                data-abs-nbr=\"\"\n                data-abs-path=\"\"\n                data-speaker=\"\"\n                data-speakercell=\"\"\n                data-info=\"                  &lt;p&gt;\u00c5rsm\u00f6te f\u00f6r Svenska F\u00f6reningen f\u00f6r Pediatrisk Gastroenterologi, Hepatologi och Nutrition (SPGHN)&lt;br&gt;&lt;\/p&gt;                 &lt;br&gt;&lt;br&gt;\"\n                data-category=\"M\u00f6te\"\n                data-category-ids=\"1004\"\n                data-span-all=\"\"\n              >\n\n              \n\n              <div class=\"vertical_bar\" style=\"background-color: #FFFA5C;\"><\/div>\n              <div class=\"box_inner\">\n                                <span>\u00c5rsm\u00f6te f\u00f6r SPGHN<\/span>\n               <br>\n               \n               <div class=\"room_div \">\n                 <i class=\"list-room\">Lilla Kongresshallen<\/i>\n               <\/div>\n\n               <div class=\"name_time_div\">\n                <i class=\"list-time\" data-time=\"17:00\">17:00-17:45 - Tisdag 24 april<\/i>\n               <\/div>\n              <\/div>\n             <\/div>\n          <\/div>\n\n          \n          <div class=\"box-wrapper\"\n              data-id=\"1090\">\n\n              <div class='time-header' style='visibility: hidden;'>17:00<\/div>\n\n              <div class=\"box\"\n                data-id=\"1090\"\n                data-project=\"project_338_2017_12_12\"\n                data-title=\"Barn och l\u00e4kemedel - \u00c5rsm\u00f6te\"\n                data-time=\"17:00-17:45\"\n                data-room=\"Sal 302\"\n                data-room-id=\"1020\"\n                data-room-name=\"Sal 302\"\n                data-day=\"1\"\n                data-abs-nbr=\"\"\n                data-abs-path=\"\"\n                data-speaker=\"\"\n                data-speakercell=\"\"\n                data-info=\"                  &lt;p&gt;\u00c5rsm\u00f6te&lt;br&gt;&lt;\/p&gt;                 &lt;br&gt;&lt;br&gt;\"\n                data-category=\"M\u00f6te\"\n                data-category-ids=\"1004\"\n                data-span-all=\"\"\n              >\n\n              \n\n              <div class=\"vertical_bar\" style=\"background-color: #FFFA5C;\"><\/div>\n              <div class=\"box_inner\">\n                                <span>Barn och l\u00e4kemedel - \u00c5rsm\u00f6te<\/span>\n               <br>\n               \n               <div class=\"room_div \">\n                 <i class=\"list-room\">Sal 302<\/i>\n               <\/div>\n\n               <div class=\"name_time_div\">\n                <i class=\"list-time\" data-time=\"17:00\">17:00-17:45 - Tisdag 24 april<\/i>\n               <\/div>\n              <\/div>\n             <\/div>\n          <\/div>\n\n          \n          <div class=\"box-wrapper\"\n              data-id=\"1112\">\n\n              <div class='time-header'>18:45<\/div>\n\n              <div class=\"box\"\n                data-id=\"1112\"\n                data-project=\"project_338_2017_12_12\"\n                data-title=\"Middag p\u00e5 The Steam Hotel - 18.45-23.45\"\n                data-time=\"18:45-20:00\"\n                data-room=\"The Steam Hotel\"\n                data-room-id=\"1016\"\n                data-room-name=\"The Steam Hotel\"\n                data-day=\"1\"\n                data-abs-nbr=\"\"\n                data-abs-path=\"\"\n                data-speaker=\"\"\n                data-speakercell=\"\"\n                data-info=\"\"\n                data-category=\"\"\n                data-category-ids=\"\"\n                data-span-all=\"1\"\n              >\n\n              \n\n              <div class=\"vertical_bar\" style=\"background-color: rgba(255, 255, 255, 0);\"><\/div>\n              <div class=\"box_inner\">\n                                <span>Middag p\u00e5 The Steam Hotel - 18.45-23.45<\/span>\n               <br>\n               \n               <div class=\"room_div \">\n                 <i class=\"list-room\">The Steam Hotel<\/i>\n               <\/div>\n\n               <div class=\"name_time_div\">\n                <i class=\"list-time\" data-time=\"18:45\">18:45-20:00 - Tisdag 24 april<\/i>\n               <\/div>\n              <\/div>\n             <\/div>\n          <\/div>\n\n          <div class='list_header' data-day='2' style='background-color: rgba(32, 132, 196, 0.83); color: rgba(255, 255, 255, 1);'>Onsdag 25 april<\/div>\n          <div class=\"box-wrapper\"\n              data-id=\"1354\">\n\n              <div class='time-header'>07:30<\/div>\n\n              <div class=\"box\"\n                data-id=\"1354\"\n                data-project=\"project_338_2017_12_12\"\n                data-title=\"Registreringen \u00e4r \u00f6ppen 07.30-17.00\"\n                data-time=\"07:30-08:15\"\n                data-room=\"Plan 1\"\n                data-room-id=\"1035\"\n                data-room-name=\"Plan 1\"\n                data-day=\"2\"\n                data-abs-nbr=\"\"\n                data-abs-path=\"\"\n                data-speaker=\"\"\n                data-speakercell=\"\"\n                data-info=\"                  &lt;p&gt;&lt;br&gt;&lt;\/p&gt;                 &lt;br&gt;&lt;br&gt;\"\n                data-category=\"\"\n                data-category-ids=\"\"\n                data-span-all=\"1\"\n              >\n\n              \n\n              <div class=\"vertical_bar\" style=\"background-color: rgba(255, 255, 255, 0);\"><\/div>\n              <div class=\"box_inner\">\n                                <span>Registreringen \u00e4r \u00f6ppen 07.30-17.00<\/span>\n               <br>\n               \n               <div class=\"room_div \">\n                 <i class=\"list-room\">Plan 1<\/i>\n               <\/div>\n\n               <div class=\"name_time_div\">\n                <i class=\"list-time\" data-time=\"07:30\">07:30-08:15 - Onsdag 25 april<\/i>\n               <\/div>\n              <\/div>\n             <\/div>\n          <\/div>\n\n          \n          <div class=\"box-wrapper\"\n              data-id=\"1185\">\n\n              <div class='time-header'>08:15<\/div>\n\n              <div class=\"box\"\n                data-id=\"1185\"\n                data-project=\"project_338_2017_12_12\"\n                data-title=\"Gastroenterologi - Nutritionsbed\u00f6mning\"\n                data-time=\"08:15-09:00\"\n                data-room=\"Sal 107\"\n                data-room-id=\"1025\"\n                data-room-name=\"Sal 107\"\n                data-day=\"2\"\n                data-abs-nbr=\"\"\n                data-abs-path=\"\"\n                data-speaker=\"Maria Pilar Guallarte, Barnl\u00e4kare, Barnkliniken, V\u00e4ster\u00e5s\"\n                data-speakercell=\"Maria Pilar Guallarte, Barnl\u00e4kare, Barnkliniken, V\u00e4ster\u00e5s\"\n                data-info=\"                  &lt;p&gt;Nutritionsbed\u00f6mning vid barnl\u00e4karbes\u00f6k av friska och sjuka barn. &lt;br&gt;Praktiska aspekter f\u00f6r att bed\u00f6ma nutritionsstatus, urskilja typ av malnutrition (mikronutrienter, energibrist, proteinbrist) och planera behandling och uppf\u00f6ljning. &lt;br&gt;Fall med gruppdiskussion.&lt;\/p&gt;                 &lt;p&gt;&lt;span style=&quot;font-style: italic;&quot;&gt;Samma workshop arrangeras vid fler tillf\u00e4llen.&lt;\/span&gt;&lt;br&gt;&lt;\/p&gt;                 &lt;br&gt;&lt;br&gt;\"\n                data-category=\"Workshop\"\n                data-category-ids=\"1003\"\n                data-span-all=\"\"\n              >\n\n              \n\n              <div class=\"vertical_bar\" style=\"background-color: #B2A1C9;\"><\/div>\n              <div class=\"box_inner\">\n                                <span>Gastroenterologi - Nutritionsbed\u00f6mning<\/span>\n               <br>\n               <div class=\"lecturer\"><span>Maria Pilar Guallarte, Barnl\u00e4kare, Barnkliniken, V\u00e4ster\u00e5s<\/span><\/div>\n               <div class=\"room_div \">\n                 <i class=\"list-room\">Sal 107<\/i>\n               <\/div>\n\n               <div class=\"name_time_div\">\n                <i class=\"list-time\" data-time=\"08:15\">08:15-09:00 - Onsdag 25 april<\/i>\n               <\/div>\n              <\/div>\n             <\/div>\n          <\/div>\n\n          \n          <div class=\"box-wrapper\"\n              data-id=\"1162\">\n\n              <div class='time-header' style='visibility: hidden;'>08:15<\/div>\n\n              <div class=\"box\"\n                data-id=\"1162\"\n                data-project=\"project_338_2017_12_12\"\n                data-title=\"Riksf\u00f6reningen f\u00f6r barnsjuksk\u00f6terskor - Utbildning Neonatalv\u00e5rd\"\n                data-time=\"08:15-09:50\"\n                data-room=\"Sal 301\"\n                data-room-id=\"1019\"\n                data-room-name=\"Sal 301\"\n                data-day=\"2\"\n                data-abs-nbr=\"\"\n                data-abs-path=\"\"\n                data-speaker=\"Helena Wigert, Barnsjuksk\u00f6terska & Docent; Mikael Norman, Barnl\u00e4kare, professor, John Lind Stiftelsen\/Karolinska; Katarina Patriksson, Barnsjuksk\u00f6terska, Doktorand & Barnsjuksk\u00f6terska\"\n                data-speakercell=\"Helena Wigert, Barnsjuksk\u00f6terska & Docent; Mikael Norman, Barnl\u00e4kare, professor, John Lind Stiftelsen\/Karolinska; Katarina Patriksson, Barnsjuksk\u00f6terska, Doktorand & Barnsjuksk\u00f6terska\"\n                data-info=\"&lt;b&gt;Moderatorer: &lt;\/b&gt;Helena Wigert, Barnsjuksk\u00f6terska &amp; Docent&lt;br&gt;&lt;br&gt;                  &lt;p&gt; &lt;\/p&gt;                  &lt;p&gt;&lt;\/p&gt;                  &lt;p&gt;&lt;\/p&gt;                  &lt;p&gt;&lt;b&gt;8.15-8.30&lt;\/b&gt; Helena Wigert h\u00e4lsar v\u00e4lkommen&lt;br&gt;Barnsjuksk\u00f6terska &amp;amp; Docent&lt;\/p&gt;&lt;p&gt;&lt;b&gt;8.30-8.50&lt;\/b&gt; Mikael Norman&lt;br&gt;Barnl\u00e4kare &amp;amp; Professor&lt;br&gt;John Linds Stiftelse, Mitt framg\u00e5ngsyrke - Ditt framtidsyrke&lt;br&gt;Presentation av utbildning&amp;nbsp;&lt;\/p&gt;&lt;p&gt;&lt;b&gt;8.50-9.05&lt;\/b&gt; Helena Wigert &lt;br&gt;Presentation av specialistsjuksk\u00f6terskeutbildning till barnsjuksk\u00f6terska&lt;\/p&gt;&lt;p&gt;&lt;b&gt;9.05-9.30 &lt;\/b&gt;Helena Wigert&lt;br&gt;M\u00f6te med existentiella fr\u00e5gor i neonatalintensivv\u00e5rd ur f\u00f6r\u00e4lder och personal perspektiv.&lt;\/p&gt;&lt;p&gt;&lt;b&gt;9.30-9.50 &lt;\/b&gt;Katarina Patriksson&lt;br&gt;Barnsjuksk\u00f6terska &amp;amp; Doktorand&lt;br&gt;Icke svensktalande f\u00f6r\u00e4ldrars upplevelse av att ha sitt barn v\u00e5rdat p\u00e5 neonatalavdelning&lt;\/p&gt;                  &lt;p&gt;&lt;\/p&gt;                 &lt;br&gt;&lt;br&gt;\"\n                data-category=\"F\u00f6rel\u00e4sning\"\n                data-category-ids=\"1002\"\n                data-span-all=\"\"\n              >\n\n              \n\n              <div class=\"vertical_bar\" style=\"background-color: #B2FF78;\"><\/div>\n              <div class=\"box_inner\">\n                                <span>Riksf\u00f6reningen f\u00f6r barnsjuksk\u00f6terskor - Utbildning Neonatalv\u00e5rd<\/span>\n               <br>\n               <div class=\"lecturer\"><span>Helena Wigert, Barnsjuksk\u00f6terska & Docent; Mikael Norman, Barnl\u00e4kare, professor, John Lind Stiftelsen\/Karolinska; Katarina Patriksson, Barnsjuksk\u00f6terska, Doktorand & Barnsjuksk\u00f6terska<\/span><\/div>\n               <div class=\"room_div \">\n                 <i class=\"list-room\">Sal 301<\/i>\n               <\/div>\n\n               <div class=\"name_time_div\">\n                <i class=\"list-time\" data-time=\"08:15\">08:15-09:50 - Onsdag 25 april<\/i>\n               <\/div>\n              <\/div>\n             <\/div>\n          <\/div>\n\n          \n          <div class=\"box-wrapper\"\n              data-id=\"1128\">\n\n              <div class='time-header' style='visibility: hidden;'>08:15<\/div>\n\n              <div class=\"box\"\n                data-id=\"1128\"\n                data-project=\"project_338_2017_12_12\"\n                data-title=\"L\u00e4kemedel och barn - Praktisk pediatrisk farmakologi 3.0\"\n                data-time=\"08:15-09:50\"\n                data-room=\"Sal 302\"\n                data-room-id=\"1020\"\n                data-room-name=\"Sal 302\"\n                data-day=\"2\"\n                data-abs-nbr=\"\"\n                data-abs-path=\"\"\n                data-speaker=\"Synn\u00f6ve Lindemalm, Barnl\u00e4kare, klinisk Farmakolog, Karolinska institutet Stockholm; Jenny Kindblom, Docent, klin farmakolog, G\u00f6teborg\"\n                data-speakercell=\"Synn\u00f6ve Lindemalm, Barnl\u00e4kare, klinisk Farmakolog, Karolinska institutet Stockholm; Jenny Kindblom, Docent, klin farmakolog, G\u00f6teborg\"\n                data-info=\"                  &lt;p&gt;Basal niv\u00e5&lt;\/p&gt;                  &lt;p&gt;Vi g\u00e5r igenom basala farmakologiska begrepp med kliniken som grund. Teori, vetenskap och klinik blandas i en interaktiv f\u00f6rel\u00e4sning d\u00e4r du m\u00e5ste vara en del. Vi delar ut intyg efter genomg\u00e5ngen f\u00f6rel\u00e4sning.&lt;\/p&gt;                  &lt;table&gt;                   &lt;tbody&gt;                    &lt;tr&gt;                     &lt;td&gt;Barnl\u00e4kare och Klinisk Farmakolog. Leder Barnl\u00e4kemedelsgruppen vid Astrid Lindgrens Barnsjukhus.&lt;\/td&gt;                    &lt;\/tr&gt;                   &lt;\/tbody&gt;                  &lt;\/table&gt;                  &lt;p&gt;&lt;br&gt;&lt;\/p&gt;                 &lt;br&gt;&lt;br&gt;\"\n                data-category=\"Kurs\"\n                data-category-ids=\"1005\"\n                data-span-all=\"\"\n              >\n\n              \n\n              <div class=\"vertical_bar\" style=\"background-color: #5CADFF;\"><\/div>\n              <div class=\"box_inner\">\n                                <span>L\u00e4kemedel och barn - Praktisk pediatrisk farmakologi 3.0<\/span>\n               <br>\n               <div class=\"lecturer\"><span>Synn\u00f6ve Lindemalm, Barnl\u00e4kare, klinisk Farmakolog, Karolinska institutet Stockholm; Jenny Kindblom, Docent, klin farmakolog, G\u00f6teborg<\/span><\/div>\n               <div class=\"room_div \">\n                 <i class=\"list-room\">Sal 302<\/i>\n               <\/div>\n\n               <div class=\"name_time_div\">\n                <i class=\"list-time\" data-time=\"08:15\">08:15-09:50 - Onsdag 25 april<\/i>\n               <\/div>\n              <\/div>\n             <\/div>\n          <\/div>\n\n          \n          <div class=\"box-wrapper\"\n              data-id=\"1121\">\n\n              <div class='time-header' style='visibility: hidden;'>08:15<\/div>\n\n              <div class=\"box\"\n                data-id=\"1121\"\n                data-project=\"project_338_2017_12_12\"\n                data-title=\"Allm\u00e4npediatrik och H\u00e4lsov\u00e5rd - F\u00f6do\u00e4mnesallergi i \u00f6ppenv\u00e5rd\"\n                data-time=\"08:15-09:50\"\n                data-room=\"Stora Kongresshallen\"\n                data-room-id=\"1018\"\n                data-room-name=\"Stora Kongresshallen\"\n                data-day=\"2\"\n                data-abs-nbr=\"\"\n                data-abs-path=\"\"\n                data-speaker=\"Emma  Adlercreutz, Barnl\u00e4kare, Barnl\u00e4kargruppen Sparta, Lund\"\n                data-speakercell=\"Emma  Adlercreutz, Barnl\u00e4kare, Barnl\u00e4kargruppen Sparta, Lund\"\n                data-info=\"                  &lt;p&gt;Allergier i \u00f6ppenv\u00e5rden, kan vi p\u00e5verka den allergiska marschen?&lt;\/p&gt;&lt;p&gt;De flesta allergipatienter kan sk\u00f6tas utm\u00e4rkt i \u00f6ppenv\u00e5rd. Nya r\u00f6n om f\u00f6do\u00e4mnesallergi och toleransutveckling kan g\u00f6ra stor skillnad f\u00f6r de barn vi m\u00f6ter p\u00e5 barnmottagningen. Hur tar vi b\u00e4st hand om barn som har eller l\u00f6per risk att utveckla f\u00f6do\u00e4mnesallergi?&lt;br&gt;&lt;\/p&gt;                 &lt;br&gt;&lt;br&gt;\"\n                data-category=\"F\u00f6rel\u00e4sning\"\n                data-category-ids=\"1002\"\n                data-span-all=\"\"\n              >\n\n              \n\n              <div class=\"vertical_bar\" style=\"background-color: #B2FF78;\"><\/div>\n              <div class=\"box_inner\">\n                                <span>Allm\u00e4npediatrik och H\u00e4lsov\u00e5rd - F\u00f6do\u00e4mnesallergi i \u00f6ppenv\u00e5rd<\/span>\n               <br>\n               <div class=\"lecturer\"><span>Emma  Adlercreutz, Barnl\u00e4kare, Barnl\u00e4kargruppen Sparta, Lund<\/span><\/div>\n               <div class=\"room_div \">\n                 <i class=\"list-room\">Stora Kongresshallen<\/i>\n               <\/div>\n\n               <div class=\"name_time_div\">\n                <i class=\"list-time\" data-time=\"08:15\">08:15-09:50 - Onsdag 25 april<\/i>\n               <\/div>\n              <\/div>\n             <\/div>\n          <\/div>\n\n          \n          <div class=\"box-wrapper\"\n              data-id=\"1113\">\n\n              <div class='time-header' style='visibility: hidden;'>08:15<\/div>\n\n              <div class=\"box\"\n                data-id=\"1113\"\n                data-project=\"project_338_2017_12_12\"\n                data-title=\"Global h\u00e4lsa - Malaria\"\n                data-time=\"08:15-09:50\"\n                data-room=\"H\u00f6rsalen\"\n                data-room-id=\"1024\"\n                data-room-name=\"H\u00f6rsalen\"\n                data-day=\"2\"\n                data-abs-nbr=\"\"\n                data-abs-path=\"\"\n                data-speaker=\"Andreas  M\u00e5rtensson, Professor, Uppsala\"\n                data-speakercell=\"Andreas  M\u00e5rtensson, Professor, Uppsala\"\n                data-info=\"&lt;b&gt;Moderatorer: &lt;\/b&gt;Britt Gustafsson, Professor, Barnl\u00e4kare, Akademiska barnsjukhuset, Karolinska institutet&lt;br&gt;&lt;br&gt;                  &lt;p&gt;Epidemiologi, resistensutveckling, klinik och behandling. L\u00e4nkar till Zanzibarprojektet. &lt;\/p&gt;                  &lt;p&gt;&lt;br&gt;&lt;\/p&gt;                  &lt;p&gt;&lt;br&gt;&lt;\/p&gt;                  &lt;p&gt;&amp;nbsp;&lt;\/p&gt;                  &lt;p&gt;&lt;br&gt;&lt;\/p&gt;                  &lt;p&gt;&lt;br&gt;&lt;\/p&gt;                  &lt;p&gt;&amp;nbsp;&lt;\/p&gt;                  &lt;p&gt;&lt;\/p&gt;                  &lt;p&gt;&amp;nbsp;&lt;\/p&gt;                 &lt;br&gt;&lt;br&gt;\"\n                data-category=\"F\u00f6rel\u00e4sning\"\n                data-category-ids=\"1002\"\n                data-span-all=\"\"\n              >\n\n              \n\n              <div class=\"vertical_bar\" style=\"background-color: #B2FF78;\"><\/div>\n              <div class=\"box_inner\">\n                                <span>Global h\u00e4lsa - Malaria<\/span>\n               <br>\n               <div class=\"lecturer\"><span>Andreas  M\u00e5rtensson, Professor, Uppsala<\/span><\/div>\n               <div class=\"room_div \">\n                 <i class=\"list-room\">H\u00f6rsalen<\/i>\n               <\/div>\n\n               <div class=\"name_time_div\">\n                <i class=\"list-time\" data-time=\"08:15\">08:15-09:50 - Onsdag 25 april<\/i>\n               <\/div>\n              <\/div>\n             <\/div>\n          <\/div>\n\n          \n          <div class=\"box-wrapper\"\n              data-id=\"1143\">\n\n              <div class='time-header' style='visibility: hidden;'>08:15<\/div>\n\n              <div class=\"box\"\n                data-id=\"1143\"\n                data-project=\"project_338_2017_12_12\"\n                data-title=\"Neurologi - PANS\/PANDAS- Aktuellt kunskapsl\u00e4ge ang\u00e5ende diagnostik och behandling.\"\n                data-time=\"08:15-09:00\"\n                data-room=\"Lilla Kongresshallen\"\n                data-room-id=\"1021\"\n                data-room-name=\"Lilla Kongresshallen\"\n                data-day=\"2\"\n                data-abs-nbr=\"\"\n                data-abs-path=\"\"\n                data-speaker=\"Ronny Wikstr\u00f6m, Barnneurolog, Astrid Lindgrens barnsjukhus, Stockholm\"\n                data-speakercell=\"Ronny Wikstr\u00f6m, Barnneurolog, Astrid Lindgrens barnsjukhus, Stockholm\"\n                data-info=\"&lt;b&gt;Moderatorer: &lt;\/b&gt;Ylva \u00d6hrner, Barnneurolog, Barnkliniken V\u00e4ster\u00e5s&lt;br&gt;&lt;br&gt;                  &lt;p&gt;Diagnostik och behandling.&amp;nbsp;&lt;\/p&gt;                 &lt;br&gt;&lt;br&gt;\"\n                data-category=\"F\u00f6rel\u00e4sning\"\n                data-category-ids=\"1002\"\n                data-span-all=\"\"\n              >\n\n              \n\n              <div class=\"vertical_bar\" style=\"background-color: #B2FF78;\"><\/div>\n              <div class=\"box_inner\">\n                                <span>Neurologi - PANS\/PANDAS- Aktuellt kunskapsl\u00e4ge ang\u00e5ende diagnostik och behandling.<\/span>\n               <br>\n               <div class=\"lecturer\"><span>Ronny Wikstr\u00f6m, Barnneurolog, Astrid Lindgrens barnsjukhus, Stockholm<\/span><\/div>\n               <div class=\"room_div \">\n                 <i class=\"list-room\">Lilla Kongresshallen<\/i>\n               <\/div>\n\n               <div class=\"name_time_div\">\n                <i class=\"list-time\" data-time=\"08:15\">08:15-09:00 - Onsdag 25 april<\/i>\n               <\/div>\n              <\/div>\n             <\/div>\n          <\/div>\n\n          \n          <div class=\"box-wrapper\"\n              data-id=\"1170\">\n\n              <div class='time-header' style='visibility: hidden;'>08:15<\/div>\n\n              <div class=\"box\"\n                data-id=\"1170\"\n                data-project=\"project_338_2017_12_12\"\n                data-title=\"Diabetes - Praktisk kolhydratr\u00e4kning-\/insulindosering\"\n                data-time=\"08:15-09:00\"\n                data-room=\"Sal 108\"\n                data-room-id=\"1026\"\n                data-room-name=\"Sal 108\"\n                data-day=\"2\"\n                data-abs-nbr=\"\"\n                data-abs-path=\"\"\n                data-speaker=\"Anneli Helmrich, Dietist, Region V\u00e4stmanland\"\n                data-speakercell=\"Anneli Helmrich, Dietist, Region V\u00e4stmanland\"\n                data-info=\"                  &lt;p&gt;Diabetesteamet V\u00e4ster\u00e5s. Utifr\u00e5n m\u00e5ltider och scenario ber\u00e4knas insulindos efter kort f\u00f6rel\u00e4sning om kolhydratr\u00e4kning. Mest l\u00e4mplig dos r\u00f6stas fram med hj\u00e4lp av mentometer.&lt;\/p&gt;                  &lt;p&gt;Kolhydratr\u00e4kning \u00e4r ett bra och viktig verktyg f\u00f6r en god metabol kontroll. Syftet \u00e4r att ge en inblick i kolhydratr\u00e4kning&lt;br&gt;&lt;\/p&gt;                  &lt;p&gt;Dietist, l\u00e4kare, sjuksk\u00f6terska. Appar laddas ned f\u00f6re f\u00f6rel\u00e4sningen Kolhydratkollen (Iphone), Livsmedelsdatabasen (Android) och Novonordisk kolhydrathandbok.&amp;nbsp;&lt;\/p&gt;&lt;p&gt;&lt;span style=&quot;font-style: italic;&quot;&gt;Samma workshop arrangeras vid fler tillf\u00e4llen.&lt;\/span&gt;&lt;br&gt;&lt;\/p&gt;                 &lt;br&gt;&lt;br&gt;\"\n                data-category=\"Workshop\"\n                data-category-ids=\"1003\"\n                data-span-all=\"\"\n              >\n\n              \n\n              <div class=\"vertical_bar\" style=\"background-color: #B2A1C9;\"><\/div>\n              <div class=\"box_inner\">\n                                <span>Diabetes - Praktisk kolhydratr\u00e4kning-\/insulindosering<\/span>\n               <br>\n               <div class=\"lecturer\"><span>Anneli Helmrich, Dietist, Region V\u00e4stmanland<\/span><\/div>\n               <div class=\"room_div \">\n                 <i class=\"list-room\">Sal 108<\/i>\n               <\/div>\n\n               <div class=\"name_time_div\">\n                <i class=\"list-time\" data-time=\"08:15\">08:15-09:00 - Onsdag 25 april<\/i>\n               <\/div>\n              <\/div>\n             <\/div>\n          <\/div>\n\n          \n          <div class=\"box-wrapper\"\n              data-id=\"1137\">\n\n              <div class='time-header' style='visibility: hidden;'>08:15<\/div>\n\n              <div class=\"box\"\n                data-id=\"1137\"\n                data-project=\"project_338_2017_12_12\"\n                data-title=\"Vetenskapligt program och prisutdelningar\"\n                data-time=\"08:15-09:50\"\n                data-room=\"Lilla Salen\"\n                data-room-id=\"1023\"\n                data-room-name=\"Lilla Salen\"\n                data-day=\"2\"\n                data-abs-nbr=\"\"\n                data-abs-path=\"\"\n                data-speaker=\"\"\n                data-speakercell=\"\"\n                data-info=\"&lt;b&gt;Moderatorer: &lt;\/b&gt;Ola Nilsson, Professor Barnl\u00e4kare, \u00d6rebro&lt;br&gt;&lt;br&gt;                  &lt;p&gt;Ola Nilsson, BLF:s vetenskapliga sekreterare&lt;\/p&gt;                  &lt;p&gt;&lt;span style=&quot;font-weight: bold;&quot;&gt;08:15 \u2013 08.25 &lt;\/span&gt;Forskning och framsteg under 2017&amp;nbsp;&lt;\/p&gt;                 &lt;p&gt;&lt;span style=&quot;font-weight: bold;&quot;&gt;08.25 \u2013 08.55&lt;\/span&gt; Muntliga presentationer av h\u00f6gst rankade abstracts: &lt;br&gt;1. Barnriksstroke - Nationellt kvalitetsregister med syfte att fr\u00e4mja god strokev\u00e5rd f\u00f6r barn och ungdomar &lt;br&gt;2. Heterozygota aggrecan mutationer orsakar en autosomalt dominant form av kortvuxenhet med accelererad skelettmognad, samt tidig artros och intervertebraldisksjukdom&amp;nbsp;&lt;\/p&gt;                  &lt;p&gt;&lt;span style=&quot;font-weight: bold;&quot;&gt;09:00 \u2013 09:25&lt;\/span&gt; Jubileumspriset fr\u00e5n Riksf\u00f6reningen f\u00f6r Barnsjuksk\u00f6terskor: &lt;br&gt;&quot;Promoting health in premature infants - with special focus on skin-to-skin contact and development of valid pain assesment&quot;&lt;br&gt;Emma Olsson, \u00d6rebro&lt;\/p&gt;                  &lt;p&gt;&lt;span style=&quot;font-weight: bold;&quot;&gt;09:25 \u2013 09:45&lt;\/span&gt; ACTA Pediatricas pris till 2017 \u00e5rs b\u00e4sta artikel&lt;\/p&gt;                 &lt;br&gt;&lt;br&gt;\"\n                data-category=\"\"\n                data-category-ids=\"\"\n                data-span-all=\"\"\n              >\n\n              \n\n              <div class=\"vertical_bar\" style=\"background-color: rgba(255, 255, 255, 0);\"><\/div>\n              <div class=\"box_inner\">\n                                <span>Vetenskapligt program och prisutdelningar<\/span>\n               <br>\n               \n               <div class=\"room_div \">\n                 <i class=\"list-room\">Lilla Salen<\/i>\n               <\/div>\n\n               <div class=\"name_time_div\">\n                <i class=\"list-time\" data-time=\"08:15\">08:15-09:50 - Onsdag 25 april<\/i>\n               <\/div>\n              <\/div>\n             <\/div>\n          <\/div>\n\n          \n          <div class=\"box-wrapper\"\n              data-id=\"1154\">\n\n              <div class='time-header' style='visibility: hidden;'>08:15<\/div>\n\n              <div class=\"box\"\n                data-id=\"1154\"\n                data-project=\"project_338_2017_12_12\"\n                data-title=\"Barn med trakeostomi\"\n                data-time=\"08:15-09:50\"\n                data-room=\"Sal 109\"\n                data-room-id=\"1022\"\n                data-room-name=\"Sal 109\"\n                data-day=\"2\"\n                data-abs-nbr=\"\"\n                data-abs-path=\"\"\n                data-speaker=\"Ann Edner, Institutionen f\u00f6r Kvinnors och Barns H\u00e4lsa, Uppsala; Malin  Svensson, Barnsjuksk\u00f6terska; Eva  Lundberg, Barnsjuksk\u00f6terska; Maria Qvarnstr\u00f6m, Barnsjuksk\u00f6terska, Akademiska Barnsjukhuset; Anna Sj\u00f6lund, Barnsjuksk\u00f6terska\"\n                data-speakercell=\"Ann Edner, Institutionen f\u00f6r Kvinnors och Barns H\u00e4lsa, Uppsala; Malin  Svensson, Barnsjuksk\u00f6terska; Eva  Lundberg, Barnsjuksk\u00f6terska; Maria Qvarnstr\u00f6m, Barnsjuksk\u00f6terska, Akademiska Barnsjukhuset; Anna Sj\u00f6lund, Barnsjuksk\u00f6terska\"\n                data-info=\"                  &lt;p&gt;Barn med trakeostomi. Vilka \u00e4r de? Vad beh\u00f6ver de? Hur g\u00f6r vi?&lt;\/p&gt;                  &lt;p&gt;Indikationer till och utf\u00f6rande av trakeostomi, kanylval och kanylbyte, tidiga och sena komplikationer, omv\u00e5rdnad och oml\u00e4ggning av trakeostomi, akutsituation, att vistas hemma med ett trakeostomerat barn, spr\u00e5kutveckling och kommunikation, nutrition, fysioterapi och dekanylering \u00e4r n\u00e5gra saker som kommer att tas upp. Instruktionsfilm\/praktiska tips.&lt;\/p&gt;                 &lt;br&gt;&lt;br&gt;\"\n                data-category=\"F\u00f6rel\u00e4sning\"\n                data-category-ids=\"1002\"\n                data-span-all=\"\"\n              >\n\n              \n\n              <div class=\"vertical_bar\" style=\"background-color: #B2FF78;\"><\/div>\n              <div class=\"box_inner\">\n                                <span>Barn med trakeostomi<\/span>\n               <br>\n               <div class=\"lecturer\"><span>Ann Edner, Institutionen f\u00f6r Kvinnors och Barns H\u00e4lsa, Uppsala; Malin  Svensson, Barnsjuksk\u00f6terska; Eva  Lundberg, Barnsjuksk\u00f6terska; Maria Qvarnstr\u00f6m, Barnsjuksk\u00f6terska, Akademiska Barnsjukhuset; Anna Sj\u00f6lund, Barnsjuksk\u00f6terska<\/span><\/div>\n               <div class=\"room_div \">\n                 <i class=\"list-room\">Sal 109<\/i>\n               <\/div>\n\n               <div class=\"name_time_div\">\n                <i class=\"list-time\" data-time=\"08:15\">08:15-09:50 - Onsdag 25 april<\/i>\n               <\/div>\n              <\/div>\n             <\/div>\n          <\/div>\n\n          \n          <div class=\"box-wrapper\"\n              data-id=\"1171\">\n\n              <div class='time-header'>09:05<\/div>\n\n              <div class=\"box\"\n                data-id=\"1171\"\n                data-project=\"project_338_2017_12_12\"\n                data-title=\"Diabetes - Modern diabetesv\u00e5rd med tekniken i fokus\"\n                data-time=\"09:05-09:50\"\n                data-room=\"Sal 108\"\n                data-room-id=\"1026\"\n                data-room-name=\"Sal 108\"\n                data-day=\"2\"\n                data-abs-nbr=\"\"\n                data-abs-path=\"\"\n                data-speaker=\"Lisa Torstensson, Barnsjuksk\u00f6terska, Region V\u00e4stmanland\"\n                data-speakercell=\"Lisa Torstensson, Barnsjuksk\u00f6terska, Region V\u00e4stmanland\"\n                data-info=\"                  &lt;p&gt;Diabetesteam V\u00e4ster\u00e5s. F\u00f6rel\u00e4sning och viss demo av modern diabetesteknik inkl pumpar, sensorer, nedladdning, diabetesapparatur och smartphones.&lt;\/p&gt;                  &lt;p&gt;Utvecklingen av diabetestekniska hj\u00e4lpmedel g\u00e5r snabbt. Idag har ca 65 % av alla barn och ungdomar med typ 1 diabetes insulinpumpbehandling och \u00e4nnu fler har n\u00e5gon form av kontinuerlig glukosm\u00e4tning. Syftet med workshopen \u00e4r att ge en bild av hur modern diabetesbehandling ser ut i dagsl\u00e4get och \u00e4ven hur framtiden kan se ut.&lt;\/p&gt;&lt;p&gt;&lt;span style=&quot;font-style: italic;&quot;&gt;Samma workshop arrangeras vid fler tillf\u00e4llen.&lt;\/span&gt;&lt;br&gt;&lt;\/p&gt;                 &lt;br&gt;&lt;br&gt;\"\n                data-category=\"Workshop\"\n                data-category-ids=\"1003\"\n                data-span-all=\"\"\n              >\n\n              \n\n              <div class=\"vertical_bar\" style=\"background-color: #B2A1C9;\"><\/div>\n              <div class=\"box_inner\">\n                                <span>Diabetes - Modern diabetesv\u00e5rd med tekniken i fokus<\/span>\n               <br>\n               <div class=\"lecturer\"><span>Lisa Torstensson, Barnsjuksk\u00f6terska, Region V\u00e4stmanland<\/span><\/div>\n               <div class=\"room_div \">\n                 <i class=\"list-room\">Sal 108<\/i>\n               <\/div>\n\n               <div class=\"name_time_div\">\n                <i class=\"list-time\" data-time=\"09:05\">09:05-09:50 - Onsdag 25 april<\/i>\n               <\/div>\n              <\/div>\n             <\/div>\n          <\/div>\n\n          \n          <div class=\"box-wrapper\"\n              data-id=\"1186\">\n\n              <div class='time-header' style='visibility: hidden;'>09:05<\/div>\n\n              <div class=\"box\"\n                data-id=\"1186\"\n                data-project=\"project_338_2017_12_12\"\n                data-title=\"Gastroenterologi - Knappar f\u00f6r nyb\u00f6rjare\"\n                data-time=\"09:05-09:50\"\n                data-room=\"Sal 107\"\n                data-room-id=\"1025\"\n                data-room-name=\"Sal 107\"\n                data-day=\"2\"\n                data-abs-nbr=\"\"\n                data-abs-path=\"\"\n                data-speaker=\"Amela Cefo, Ssk, V\u00e4ster\u00e5s; Cecilia Larsson, Barnsjuksk\u00f6terska\/gastrosjuksk\u00f6terska, Barn- och ungdomskliniken, V\u00e4ster\u00e5s\"\n                data-speakercell=\"Amela Cefo, Ssk, V\u00e4ster\u00e5s; Cecilia Larsson, Barnsjuksk\u00f6terska\/gastrosjuksk\u00f6terska, Barn- och ungdomskliniken, V\u00e4ster\u00e5s\"\n                data-info=\"                  &lt;table&gt;                   &lt;tbody&gt;                    &lt;tr&gt;                     &lt;td&gt;&lt;p&gt;Grundl\u00e4ggande information om gastrostomier med chans att kl\u00e4mma och k\u00e4nna samt st\u00e4lla fr\u00e5gor om hur de funkar!&lt;\/p&gt;&lt;p&gt;&lt;span style=&quot;font-style: italic;&quot;&gt;Samma workshop arrangeras vid fler tillf\u00e4llen.&lt;\/span&gt;&lt;\/p&gt;&lt;\/td&gt;                    &lt;\/tr&gt;                   &lt;\/tbody&gt;                  &lt;\/table&gt;                  &lt;p&gt;&lt;br&gt;&lt;\/p&gt;                 &lt;br&gt;&lt;br&gt;\"\n                data-category=\"Workshop\"\n                data-category-ids=\"1003\"\n                data-span-all=\"\"\n              >\n\n              \n\n              <div class=\"vertical_bar\" style=\"background-color: #B2A1C9;\"><\/div>\n              <div class=\"box_inner\">\n                                <span>Gastroenterologi - Knappar f\u00f6r nyb\u00f6rjare<\/span>\n               <br>\n               <div class=\"lecturer\"><span>Amela Cefo, Ssk, V\u00e4ster\u00e5s; Cecilia Larsson, Barnsjuksk\u00f6terska\/gastrosjuksk\u00f6terska, Barn- och ungdomskliniken, V\u00e4ster\u00e5s<\/span><\/div>\n               <div class=\"room_div \">\n                 <i class=\"list-room\">Sal 107<\/i>\n               <\/div>\n\n               <div class=\"name_time_div\">\n                <i class=\"list-time\" data-time=\"09:05\">09:05-09:50 - Onsdag 25 april<\/i>\n               <\/div>\n              <\/div>\n             <\/div>\n          <\/div>\n\n          \n          <div class=\"box-wrapper\"\n              data-id=\"1144\">\n\n              <div class='time-header' style='visibility: hidden;'>09:05<\/div>\n\n              <div class=\"box\"\n                data-id=\"1144\"\n                data-project=\"project_338_2017_12_12\"\n                data-title=\"Neurologi - Neurometabola sjukdomar \u2013 ett v\u00e4xande panorama d\u00e4r det kan finnas en behandling\"\n                data-time=\"09:05-09:50\"\n                data-room=\"Lilla Kongresshallen\"\n                data-room-id=\"1021\"\n                data-room-name=\"Lilla Kongresshallen\"\n                data-day=\"2\"\n                data-abs-nbr=\"\"\n                data-abs-path=\"\"\n                data-speaker=\"Karin Naess, Barnneurolog, Astrid Lindgrens barnsjukhus, Stockholm\"\n                data-speakercell=\"Karin Naess, Barnneurolog, Astrid Lindgrens barnsjukhus, Stockholm\"\n                data-info=\"&lt;b&gt;Moderatorer: &lt;\/b&gt;Ylva \u00d6hrner, Barnneurolog, Barnkliniken V\u00e4ster\u00e5s&lt;br&gt;&lt;br&gt;                  &lt;p&gt;Neurometabolasjukdomar \u2013 ett v\u00e4xande panorama d\u00e4r det kan finnas en behandling&lt;\/p&gt;                 &lt;br&gt;&lt;br&gt;\"\n                data-category=\"F\u00f6rel\u00e4sning\"\n                data-category-ids=\"1002\"\n                data-span-all=\"\"\n              >\n\n              \n\n              <div class=\"vertical_bar\" style=\"background-color: #B2FF78;\"><\/div>\n              <div class=\"box_inner\">\n                                <span>Neurologi - Neurometabola sjukdomar \u2013 ett v\u00e4xande panorama d\u00e4r det kan finnas en behandling<\/span>\n               <br>\n               <div class=\"lecturer\"><span>Karin Naess, Barnneurolog, Astrid Lindgrens barnsjukhus, Stockholm<\/span><\/div>\n               <div class=\"room_div \">\n                 <i class=\"list-room\">Lilla Kongresshallen<\/i>\n               <\/div>\n\n               <div class=\"name_time_div\">\n                <i class=\"list-time\" data-time=\"09:05\">09:05-09:50 - Onsdag 25 april<\/i>\n               <\/div>\n              <\/div>\n             <\/div>\n          <\/div>\n\n          \n          <div class=\"box-wrapper\"\n              data-id=\"1177\">\n\n              <div class='time-header' style='visibility: hidden;'>09:05<\/div>\n\n              <div class=\"box\"\n                data-id=\"1177\"\n                data-project=\"project_338_2017_12_12\"\n                data-title=\"Behandla sm\u00e4rta med svett, stick och el\"\n                data-time=\"09:05-09:50\"\n                data-room=\"Sal 110\"\n                data-room-id=\"1029\"\n                data-room-name=\"Sal 110\"\n                data-day=\"2\"\n                data-abs-nbr=\"\"\n                data-abs-path=\"\"\n                data-speaker=\"Johan Kumblad, Specialfysioterapeut, Barnkliniken V\u00e4smanlands sjukhus V\u00e4ster\u00e5s\"\n                data-speakercell=\"Johan Kumblad, Specialfysioterapeut, Barnkliniken V\u00e4smanlands sjukhus V\u00e4ster\u00e5s\"\n                data-info=\"                  &lt;p&gt;Behandla sm\u00e4rta med svett, stick och el&lt;\/p&gt;                  &lt;div&gt;                   Om hur man kan avv\u00e4nda akupunktur, TENS, kyla\/v\u00e4rme, massage och tr\u00e4ning som delar av att behandla barns sm\u00e4rta p\u00e5 andra s\u00e4tt \u00e4n med l\u00e4kemedel.                  &lt;\/div&gt;                  &lt;div&gt;                   &lt;br&gt;                  &lt;\/div&gt;                 &lt;br&gt;&lt;br&gt;\"\n                data-category=\"Workshop\"\n                data-category-ids=\"1003\"\n                data-span-all=\"\"\n              >\n\n              \n\n              <div class=\"vertical_bar\" style=\"background-color: #B2A1C9;\"><\/div>\n              <div class=\"box_inner\">\n                                <span>Behandla sm\u00e4rta med svett, stick och el<\/span>\n               <br>\n               <div class=\"lecturer\"><span>Johan Kumblad, Specialfysioterapeut, Barnkliniken V\u00e4smanlands sjukhus V\u00e4ster\u00e5s<\/span><\/div>\n               <div class=\"room_div \">\n                 <i class=\"list-room\">Sal 110<\/i>\n               <\/div>\n\n               <div class=\"name_time_div\">\n                <i class=\"list-time\" data-time=\"09:05\">09:05-09:50 - Onsdag 25 april<\/i>\n               <\/div>\n              <\/div>\n             <\/div>\n          <\/div>\n\n          \n          <div class=\"box-wrapper\"\n              data-id=\"1146\">\n\n              <div class='time-header'>09:50<\/div>\n\n              <div class=\"box\"\n                data-id=\"1146\"\n                data-project=\"project_338_2017_12_12\"\n                data-title=\"Fika, utst\u00e4llare, posterbes\u00f6k\"\n                data-time=\"09:50-10:25\"\n                data-room=\"Utst\u00e4llningen\"\n                data-room-id=\"1013\"\n                data-room-name=\"Utst\u00e4llningen\"\n                data-day=\"2\"\n                data-abs-nbr=\"\"\n                data-abs-path=\"\"\n                data-speaker=\"\"\n                data-speakercell=\"\"\n                data-info=\"\"\n                data-category=\"\"\n                data-category-ids=\"\"\n                data-span-all=\"1\"\n              >\n\n              \n\n              <div class=\"vertical_bar\" style=\"background-color: rgba(255, 255, 255, 0);\"><\/div>\n              <div class=\"box_inner\">\n                                <span>Fika, utst\u00e4llare, posterbes\u00f6k<\/span>\n               <br>\n               \n               <div class=\"room_div \">\n                 <i class=\"list-room\">Utst\u00e4llningen<\/i>\n               <\/div>\n\n               <div class=\"name_time_div\">\n                <i class=\"list-time\" data-time=\"09:50\">09:50-10:25 - Onsdag 25 april<\/i>\n               <\/div>\n              <\/div>\n             <\/div>\n          <\/div>\n\n          \n          <div class=\"box-wrapper\"\n              data-id=\"1156\">\n\n              <div class='time-header'>10:25<\/div>\n\n              <div class=\"box\"\n                data-id=\"1156\"\n                data-project=\"project_338_2017_12_12\"\n                data-title=\"Stressutl\u00f6st \u00e5terkommande sm\u00e4rta och dess behandling\"\n                data-time=\"10:25-12:00\"\n                data-room=\"Sal 109\"\n                data-room-id=\"1022\"\n                data-room-name=\"Sal 109\"\n                data-day=\"2\"\n                data-abs-nbr=\"\"\n                data-abs-path=\"\"\n                data-speaker=\"G\u00f6sta Alfv\u00e9n, Barnl\u00e4kare, Docent, Karolinska Institutet, Stockholm; Eva Andersson, Docent, L\u00e4kare, Lektor Gymnastik- och idrottsh\u00f6gskolan & Institutionen f\u00f6r Neurovetenskap, Karolinska Institutet; Ulrika Wallbing, Leg.Fysioterapeut, Spec Mental H\u00e4lsa, psykoterapeut, Nacka RehabCentrum\"\n                data-speakercell=\"G\u00f6sta Alfv\u00e9n, Barnl\u00e4kare, Docent, Karolinska Institutet, Stockholm; Eva Andersson, Docent, L\u00e4kare, Lektor Gymnastik- och idrottsh\u00f6gskolan & Institutionen f\u00f6r Neurovetenskap, Karolinska Institutet; Ulrika Wallbing, Leg.Fysioterapeut, Spec Mental H\u00e4lsa, psykoterapeut, Nacka RehabCentrum\"\n                data-info=\"                  &lt;p&gt;&lt;\/p&gt;                  &lt;ul&gt;                   &lt;li&gt;Stressorer&lt;br&gt;&lt;\/li&gt;                   &lt;li&gt;Neurobiologiska mekanismer f\u00f6r stressutl\u00f6st \u00e5terkommande sm\u00e4rta&lt;br&gt;&lt;\/li&gt;                   &lt;li&gt;Startlereflexens betydelse f\u00f6r psykosomatisk sm\u00e4rta. En EMG-studie&lt;br&gt;&lt;\/li&gt;                   &lt;li&gt;Fysioterapeutiskt behandlingsarbete samt erfarenheter fr\u00e5n HOP, en interventionesstudie med skolsk\u00f6terskors insatser f\u00f6r skolungdomar&lt;\/li&gt;                  &lt;\/ul&gt;                  &lt;p&gt;&lt;\/p&gt;                 &lt;br&gt;&lt;br&gt;\"\n                data-category=\"Seminarium\/Paneldebatt\"\n                data-category-ids=\"1006\"\n                data-span-all=\"\"\n              >\n\n              \n\n              <div class=\"vertical_bar\" style=\"background-color: #FFB217;\"><\/div>\n              <div class=\"box_inner\">\n                                <span>Stressutl\u00f6st \u00e5terkommande sm\u00e4rta och dess behandling<\/span>\n               <br>\n               <div class=\"lecturer\"><span>G\u00f6sta Alfv\u00e9n, Barnl\u00e4kare, Docent, Karolinska Institutet, Stockholm; Eva Andersson, Docent, L\u00e4kare, Lektor Gymnastik- och idrottsh\u00f6gskolan & Institutionen f\u00f6r Neurovetenskap, Karolinska Institutet; Ulrika Wallbing, Leg.Fysioterapeut, Spec Mental H\u00e4lsa, psykoterapeut, Nacka RehabCentrum<\/span><\/div>\n               <div class=\"room_div \">\n                 <i class=\"list-room\">Sal 109<\/i>\n               <\/div>\n\n               <div class=\"name_time_div\">\n                <i class=\"list-time\" data-time=\"10:25\">10:25-12:00 - Onsdag 25 april<\/i>\n               <\/div>\n              <\/div>\n             <\/div>\n          <\/div>\n\n          \n          <div class=\"box-wrapper\"\n              data-id=\"1115\">\n\n              <div class='time-header' style='visibility: hidden;'>10:25<\/div>\n\n              <div class=\"box\"\n                data-id=\"1115\"\n                data-project=\"project_338_2017_12_12\"\n                data-title=\"Global h\u00e4lsa - Malariadiagnostik\"\n                data-time=\"10:25-11:10\"\n                data-room=\"H\u00f6rsalen\"\n                data-room-id=\"1024\"\n                data-room-name=\"H\u00f6rsalen\"\n                data-day=\"2\"\n                data-abs-nbr=\"\"\n                data-abs-path=\"\"\n                data-speaker=\"Berit Smith\"\n                data-speakercell=\"Berit Smith\"\n                data-info=\"&lt;b&gt;Moderatorer: &lt;\/b&gt;Britt Gustafsson, Professor, Barnl\u00e4kare, Akademiska barnsjukhuset, Karolinska institutet&lt;br&gt;&lt;br&gt;                  &lt;p&gt;Malariadiagnostik. F\u00f6r- och nackdelar med mikroskopi och antigenbaserade snabbtester. Nya diagnostiska metoder, LAMP, highly sensitive RDTs etc.&amp;nbsp;&lt;\/p&gt;                  &lt;p&gt;&lt;br&gt;&lt;\/p&gt;                 &lt;br&gt;&lt;br&gt;\"\n                data-category=\"F\u00f6rel\u00e4sning\"\n                data-category-ids=\"1002\"\n                data-span-all=\"\"\n              >\n\n              \n\n              <div class=\"vertical_bar\" style=\"background-color: #B2FF78;\"><\/div>\n              <div class=\"box_inner\">\n                                <span>Global h\u00e4lsa - Malariadiagnostik<\/span>\n               <br>\n               <div class=\"lecturer\"><span>Berit Smith<\/span><\/div>\n               <div class=\"room_div \">\n                 <i class=\"list-room\">H\u00f6rsalen<\/i>\n               <\/div>\n\n               <div class=\"name_time_div\">\n                <i class=\"list-time\" data-time=\"10:25\">10:25-11:10 - Onsdag 25 april<\/i>\n               <\/div>\n              <\/div>\n             <\/div>\n          <\/div>\n\n          \n          <div class=\"box-wrapper\"\n              data-id=\"1187\">\n\n              <div class='time-header' style='visibility: hidden;'>10:25<\/div>\n\n              <div class=\"box\"\n                data-id=\"1187\"\n                data-project=\"project_338_2017_12_12\"\n                data-title=\"Gastroenterologi - Nutritionsbed\u00f6mning\"\n                data-time=\"10:25-11:10\"\n                data-room=\"Sal 107\"\n                data-room-id=\"1025\"\n                data-room-name=\"Sal 107\"\n                data-day=\"2\"\n                data-abs-nbr=\"\"\n                data-abs-path=\"\"\n                data-speaker=\"Maria Pilar Guallarte, Barnl\u00e4kare, Barnkliniken, V\u00e4ster\u00e5s\"\n                data-speakercell=\"Maria Pilar Guallarte, Barnl\u00e4kare, Barnkliniken, V\u00e4ster\u00e5s\"\n                data-info=\"                  &lt;p&gt;Nutritionsbed\u00f6mning vid barnl\u00e4karbes\u00f6k av friska och sjuka barn.&amp;nbsp;&lt;br&gt;Praktiska aspekter f\u00f6r att bed\u00f6ma nutritionsstatus, urskilja typ av malnutrition (mikronutrienter, energibrist, proteinbrist) och planera behandling och uppf\u00f6ljning.&amp;nbsp;&lt;br&gt;Fall med gruppdiskussion.&lt;\/p&gt;&lt;p&gt;&lt;span style=&quot;font-style: italic;&quot;&gt;Samma workshop arrangeras vid fler tillf\u00e4llen.&lt;\/span&gt;&lt;br&gt;&lt;\/p&gt;                 &lt;br&gt;&lt;br&gt;\"\n                data-category=\"Workshop\"\n                data-category-ids=\"1003\"\n                data-span-all=\"\"\n              >\n\n              \n\n              <div class=\"vertical_bar\" style=\"background-color: #B2A1C9;\"><\/div>\n              <div class=\"box_inner\">\n                                <span>Gastroenterologi - Nutritionsbed\u00f6mning<\/span>\n               <br>\n               <div class=\"lecturer\"><span>Maria Pilar Guallarte, Barnl\u00e4kare, Barnkliniken, V\u00e4ster\u00e5s<\/span><\/div>\n               <div class=\"room_div \">\n                 <i class=\"list-room\">Sal 107<\/i>\n               <\/div>\n\n               <div class=\"name_time_div\">\n                <i class=\"list-time\" data-time=\"10:25\">10:25-11:10 - Onsdag 25 april<\/i>\n               <\/div>\n              <\/div>\n             <\/div>\n          <\/div>\n\n          \n          <div class=\"box-wrapper\"\n              data-id=\"1148\">\n\n              <div class='time-header' style='visibility: hidden;'>10:25<\/div>\n\n              <div class=\"box\"\n                data-id=\"1148\"\n                data-project=\"project_338_2017_12_12\"\n                data-title=\"Neurologi - Var Sherlock vid epilepsi \u2013 en studie i anfall\"\n                data-time=\"10:25-11:10\"\n                data-room=\"Lilla Kongresshallen\"\n                data-room-id=\"1021\"\n                data-room-name=\"Lilla Kongresshallen\"\n                data-day=\"2\"\n                data-abs-nbr=\"\"\n                data-abs-path=\"\"\n                data-speaker=\"Kristina Forsblad, Barnneurolog \"\n                data-speakercell=\"Kristina Forsblad, Barnneurolog \"\n                data-info=\"&lt;b&gt;Moderatorer: &lt;\/b&gt;Ylva \u00d6hrner, Barnneurolog, Barnkliniken V\u00e4ster\u00e5s&lt;br&gt;&lt;br&gt;                  &lt;p&gt;Hur kan anfall seut och varf\u00f6r fr\u00e5gar vi s\u00e5 mycket?&lt;\/p&gt;                 &lt;br&gt;&lt;br&gt;\"\n                data-category=\"F\u00f6rel\u00e4sning\"\n                data-category-ids=\"1002\"\n                data-span-all=\"\"\n              >\n\n              \n\n              <div class=\"vertical_bar\" style=\"background-color: #B2FF78;\"><\/div>\n              <div class=\"box_inner\">\n                                <span>Neurologi - Var Sherlock vid epilepsi \u2013 en studie i anfall<\/span>\n               <br>\n               <div class=\"lecturer\"><span>Kristina Forsblad, Barnneurolog <\/span><\/div>\n               <div class=\"room_div \">\n                 <i class=\"list-room\">Lilla Kongresshallen<\/i>\n               <\/div>\n\n               <div class=\"name_time_div\">\n                <i class=\"list-time\" data-time=\"10:25\">10:25-11:10 - Onsdag 25 april<\/i>\n               <\/div>\n              <\/div>\n             <\/div>\n          <\/div>\n\n          \n          <div class=\"box-wrapper\"\n              data-id=\"1139\">\n\n              <div class='time-header' style='visibility: hidden;'>10:25<\/div>\n\n              <div class=\"box\"\n                data-id=\"1139\"\n                data-project=\"project_338_2017_12_12\"\n                data-title=\"Vetenskapligt program och prisutdelningar\"\n                data-time=\"10:25-12:00\"\n                data-room=\"Lilla Salen\"\n                data-room-id=\"1023\"\n                data-room-name=\"Lilla Salen\"\n                data-day=\"2\"\n                data-abs-nbr=\"\"\n                data-abs-path=\"\"\n                data-speaker=\"\"\n                data-speakercell=\"\"\n                data-info=\"&lt;b&gt;Moderatorer: &lt;\/b&gt;Ola Nilsson, Professor Barnl\u00e4kare, \u00d6rebro&lt;br&gt;&lt;br&gt;                  &lt;p&gt;&lt;span style=&quot;font-weight: bold;&quot;&gt;10:30 \u2013 10:45&lt;\/span&gt; \u00c5rets mest citerade pediatriska artikel&lt;\/p&gt;                  &lt;p&gt;&lt;span style=&quot;font-weight: bold;&quot;&gt;10:45 \u2013 12:00&lt;\/span&gt; Rolf Zetterstr\u00f6m priset f\u00f6r 2017 \u00e5rs b\u00e4sta avhandling inom Pediatrik \u2013 presentation av de 4 h\u00f6gst rankade och utdelning av pris till vinnare.&lt;\/p&gt;                 &lt;p&gt;&lt;span style=&quot;font-weight: bold;&quot;&gt;Finalister:&amp;nbsp;&lt;\/span&gt;&lt;span style=&quot;font-weight: 700;&quot;&gt;&lt;br&gt;&lt;\/span&gt;Elena Lundberg&lt;br&gt;Growth hormone responsiveness in children, Ume\u00e5 Universitet &lt;\/p&gt;                 &lt;p&gt;Maria Mossberg&amp;nbsp;&lt;br&gt;Pathophysiology and epidemiology of vasculitis, Lunds Universitet &lt;\/p&gt;                 &lt;p&gt;Samuel Rhedin&lt;br&gt;Severe viral respiratory tract infections in children, Karolinska Institutet &lt;\/p&gt;                 &lt;p&gt;Johan Wrammert &lt;br&gt;Surviving birth, Uppsala Universitet&lt;\/p&gt;                  &lt;p&gt;\u00c5rets kliniska handledare - BLF&lt;\/p&gt;                 &lt;br&gt;&lt;br&gt;\"\n                data-category=\"\"\n                data-category-ids=\"\"\n                data-span-all=\"\"\n              >\n\n              \n\n              <div class=\"vertical_bar\" style=\"background-color: rgba(255, 255, 255, 0);\"><\/div>\n              <div class=\"box_inner\">\n                                <span>Vetenskapligt program och prisutdelningar<\/span>\n               <br>\n               \n               <div class=\"room_div \">\n                 <i class=\"list-room\">Lilla Salen<\/i>\n               <\/div>\n\n               <div class=\"name_time_div\">\n                <i class=\"list-time\" data-time=\"10:25\">10:25-12:00 - Onsdag 25 april<\/i>\n               <\/div>\n              <\/div>\n             <\/div>\n          <\/div>\n\n          \n          <div class=\"box-wrapper\"\n              data-id=\"1173\">\n\n              <div class='time-header' style='visibility: hidden;'>10:25<\/div>\n\n              <div class=\"box\"\n                data-id=\"1173\"\n                data-project=\"project_338_2017_12_12\"\n                data-title=\"Diabetes - Diabetes p\u00e5 jourtid\"\n                data-time=\"10:25-11:10\"\n                data-room=\"Sal 108\"\n                data-room-id=\"1026\"\n                data-room-name=\"Sal 108\"\n                data-day=\"2\"\n                data-abs-nbr=\"\"\n                data-abs-path=\"\"\n                data-speaker=\"Malin \u00c5gren, Specialistl\u00e4kare, Barnkliniken; Mona Jakobsson, Diabetessjuksk\u00f6terska, \tBarn- och Ungdomskliniken, V\u00e4ster\u00e5s; Wanda Sikorska, \u00d6verl\u00e4kare, Barn- och Ungdomskliniken, V\u00e4ster\u00e5s; Helena Sj\u00f6str\u00f6m, L\u00e4kare, Barn- och Ungdomskliniken, V\u00e4ster\u00e5s\"\n                data-speakercell=\"Malin \u00c5gren, Specialistl\u00e4kare, Barnkliniken; Mona Jakobsson, Diabetessjuksk\u00f6terska, \tBarn- och Ungdomskliniken, V\u00e4ster\u00e5s; Wanda Sikorska, \u00d6verl\u00e4kare, Barn- och Ungdomskliniken, V\u00e4ster\u00e5s; Helena Sj\u00f6str\u00f6m, L\u00e4kare, Barn- och Ungdomskliniken, V\u00e4ster\u00e5s\"\n                data-info=\"                  &lt;p&gt;Tre typer av diabetesfall p\u00e5 jourtid presenteras. Fr\u00e5gor besvaras i grupp med app\/mentometer.&amp;nbsp;&lt;\/p&gt;                  &lt;p&gt;Diabetesteamet V\u00e4ster\u00e5s&lt;\/p&gt;                  &lt;p&gt;&lt;span style=&quot;font-style: italic;&quot;&gt;Samma workshop arrangeras vid fler tillf\u00e4llen.&lt;\/span&gt;&lt;br&gt;&lt;\/p&gt;                 &lt;br&gt;&lt;br&gt;\"\n                data-category=\"Workshop\"\n                data-category-ids=\"1003\"\n                data-span-all=\"\"\n              >\n\n              \n\n              <div class=\"vertical_bar\" style=\"background-color: #B2A1C9;\"><\/div>\n              <div class=\"box_inner\">\n                                <span>Diabetes - Diabetes p\u00e5 jourtid<\/span>\n               <br>\n               <div class=\"lecturer\"><span>Malin \u00c5gren, Specialistl\u00e4kare, Barnkliniken; Mona Jakobsson, Diabetessjuksk\u00f6terska, \tBarn- och Ungdomskliniken, V\u00e4ster\u00e5s; Wanda Sikorska, \u00d6verl\u00e4kare, Barn- och Ungdomskliniken, V\u00e4ster\u00e5s; Helena Sj\u00f6str\u00f6m, L\u00e4kare, Barn- och Ungdomskliniken, V\u00e4ster\u00e5s<\/span><\/div>\n               <div class=\"room_div \">\n                 <i class=\"list-room\">Sal 108<\/i>\n               <\/div>\n\n               <div class=\"name_time_div\">\n                <i class=\"list-time\" data-time=\"10:25\">10:25-11:10 - Onsdag 25 april<\/i>\n               <\/div>\n              <\/div>\n             <\/div>\n          <\/div>\n\n          \n          <div class=\"box-wrapper\"\n              data-id=\"1123\">\n\n              <div class='time-header' style='visibility: hidden;'>10:25<\/div>\n\n              <div class=\"box\"\n                data-id=\"1123\"\n                data-project=\"project_338_2017_12_12\"\n                data-title=\"Allm\u00e4npediatrik och H\u00e4lsov\u00e5rd - Kostintyg\"\n                data-time=\"10:25-11:10\"\n                data-room=\"Stora Kongresshallen\"\n                data-room-id=\"1018\"\n                data-room-name=\"Stora Kongresshallen\"\n                data-day=\"2\"\n                data-abs-nbr=\"\"\n                data-abs-path=\"\"\n                data-speaker=\"Anna  Hansson , Barndietist, Barnmedicinska kliniken i Lund\"\n                data-speakercell=\"Anna  Hansson , Barndietist, Barnmedicinska kliniken i Lund\"\n                data-info=\"                  &lt;p&gt;Hur p\u00e5verkar kostintyget barnet?&lt;\/p&gt;                 &lt;br&gt;&lt;br&gt;\"\n                data-category=\"F\u00f6rel\u00e4sning\"\n                data-category-ids=\"1002\"\n                data-span-all=\"\"\n              >\n\n              \n\n              <div class=\"vertical_bar\" style=\"background-color: #B2FF78;\"><\/div>\n              <div class=\"box_inner\">\n                                <span>Allm\u00e4npediatrik och H\u00e4lsov\u00e5rd - Kostintyg<\/span>\n               <br>\n               <div class=\"lecturer\"><span>Anna  Hansson , Barndietist, Barnmedicinska kliniken i Lund<\/span><\/div>\n               <div class=\"room_div \">\n                 <i class=\"list-room\">Stora Kongresshallen<\/i>\n               <\/div>\n\n               <div class=\"name_time_div\">\n                <i class=\"list-time\" data-time=\"10:25\">10:25-11:10 - Onsdag 25 april<\/i>\n               <\/div>\n              <\/div>\n             <\/div>\n          <\/div>\n\n          \n          <div class=\"box-wrapper\"\n              data-id=\"1130\">\n\n              <div class='time-header' style='visibility: hidden;'>10:25<\/div>\n\n              <div class=\"box\"\n                data-id=\"1130\"\n                data-project=\"project_338_2017_12_12\"\n                data-title=\"Sjukhushunden Livia - bakgrund, nutid, framtid\"\n                data-time=\"10:25-12:00\"\n                data-room=\"Sal 110\"\n                data-room-id=\"1029\"\n                data-room-name=\"Sal 110\"\n                data-day=\"2\"\n                data-abs-nbr=\"\"\n                data-abs-path=\"\"\n                data-speaker=\"Ann Edner, Institutionen f\u00f6r Kvinnors och Barns H\u00e4lsa, Uppsala; Maria Lindstr\u00f6m Nilsson, Barnsjuksk\u00f6terska, Akademiska sjukhuset\/Uppsala universitet; Eva Tano, Mikrobiolog; Livia, Sjukhushunden  \"\n                data-speakercell=\"Ann Edner, Institutionen f\u00f6r Kvinnors och Barns H\u00e4lsa, Uppsala; Maria Lindstr\u00f6m Nilsson, Barnsjuksk\u00f6terska, Akademiska sjukhuset\/Uppsala universitet; Eva Tano, Mikrobiolog; Livia, Sjukhushunden  \"\n                data-info=\"                  &lt;p&gt;Fr\u00e5n bakgrund till framtid om hund i svensk barnsjukv\u00e5rd&lt;\/p&gt;                  &lt;p&gt;Bakgrund till att forskningsprojektet &quot;Effekter av hund i barnsjukv\u00e5rden&quot; nu \u00e4ger rum p\u00e5 Akademiska Barnsjukhuset. Djur &amp;amp; naturs\/komplement\u00e4r behandlings betydelse f\u00f6r det sjuka barnet. Hur l\u00e5ngt har vi kommit, var st\u00e5r vi nu, aktuella resultat? M\u00e5ls\u00e4ttning, framtid.&lt;\/p&gt;                  &lt;p&gt;\u00d6vriga medverkande: Barnsjuksk\u00f6terska, doktorand Maria Lindstr\u00f6m Nilsson, Mikrobiolog Eva Tano, Hundinstrukt\u00f6r Helena Odenrick, Sjukhushunden Livia och hennes lilla kronprinsessa Luna&lt;br&gt;&lt;\/p&gt;                 &lt;br&gt;&lt;br&gt;\"\n                data-category=\"F\u00f6rel\u00e4sning\"\n                data-category-ids=\"1002\"\n                data-span-all=\"\"\n              >\n\n              \n\n              <div class=\"vertical_bar\" style=\"background-color: #B2FF78;\"><\/div>\n              <div class=\"box_inner\">\n                                <span>Sjukhushunden Livia - bakgrund, nutid, framtid<\/span>\n               <br>\n               <div class=\"lecturer\"><span>Ann Edner, Institutionen f\u00f6r Kvinnors och Barns H\u00e4lsa, Uppsala; Maria Lindstr\u00f6m Nilsson, Barnsjuksk\u00f6terska, Akademiska sjukhuset\/Uppsala universitet; Eva Tano, Mikrobiolog; Livia, Sjukhushunden  <\/span><\/div>\n               <div class=\"room_div \">\n                 <i class=\"list-room\">Sal 110<\/i>\n               <\/div>\n\n               <div class=\"name_time_div\">\n                <i class=\"list-time\" data-time=\"10:25\">10:25-12:00 - Onsdag 25 april<\/i>\n               <\/div>\n              <\/div>\n             <\/div>\n          <\/div>\n\n          \n          <div class=\"box-wrapper\"\n              data-id=\"1164\">\n\n              <div class='time-header' style='visibility: hidden;'>10:25<\/div>\n\n              <div class=\"box\"\n                data-id=\"1164\"\n                data-project=\"project_338_2017_12_12\"\n                data-title=\"Riksf\u00f6reningen f\u00f6r barnsjuksk\u00f6terskor - F\u00f6r\u00e4ldrar, N\u00e5lprocedurer, Bildst\u00f6d i barnsjukv\u00e5rden\"\n                data-time=\"10:25-11:10\"\n                data-room=\"Sal 301\"\n                data-room-id=\"1019\"\n                data-room-name=\"Sal 301\"\n                data-day=\"2\"\n                data-abs-nbr=\"\"\n                data-abs-path=\"\"\n                data-speaker=\"Katarina Karlsson, Lektor, Barnsjuksk\u00f6terska & Universitetslektor; Birgitta Kerstis, Lektor, Barnsjuksk\u00f6terska & Universitetslektor,; Merja Vantaa Benjaminsson, Barnsjuksk\u00f6terska\"\n                data-speakercell=\"Katarina Karlsson, Lektor, Barnsjuksk\u00f6terska & Universitetslektor; Birgitta Kerstis, Lektor, Barnsjuksk\u00f6terska & Universitetslektor,; Merja Vantaa Benjaminsson, Barnsjuksk\u00f6terska\"\n                data-info=\"&lt;b&gt;Moderatorer: &lt;\/b&gt;Helena Wigert, Barnsjuksk\u00f6terska &amp; Docent&lt;br&gt;&lt;br&gt;                  &lt;p&gt;&lt;\/p&gt;                  &lt;div&gt;                   John Linds symposium Barnsjuksk\u00f6terska, Mitt framg\u00e5ngsyrke - Ditt framtidsyrke                   &lt;br&gt;                  &lt;\/div&gt;                  &lt;ul&gt;                   &lt;li&gt;\u00c4r f\u00f6r\u00e4ldrarna lika viktiga f\u00f6r barnet?&lt;\/li&gt;                   &lt;li&gt;Yngre barns upplevelser och behov av st\u00f6d vid n\u00e5lprocedurer&lt;\/li&gt;                   &lt;li&gt;Barnets r\u00e4tt att f\u00f6rst\u00e5 vad som skall ske p\u00e5 sjukhuset. Bildst\u00f6d i barnsjukv\u00e5rden&lt;\/li&gt;                  &lt;\/ul&gt;                  &lt;p&gt;&lt;\/p&gt;                 &lt;br&gt;&lt;br&gt;\"\n                data-category=\"F\u00f6rel\u00e4sning\"\n                data-category-ids=\"1002\"\n                data-span-all=\"\"\n              >\n\n              \n\n              <div class=\"vertical_bar\" style=\"background-color: #B2FF78;\"><\/div>\n              <div class=\"box_inner\">\n                                <span>Riksf\u00f6reningen f\u00f6r barnsjuksk\u00f6terskor - F\u00f6r\u00e4ldrar, N\u00e5lprocedurer, Bildst\u00f6d i barnsjukv\u00e5rden<\/span>\n               <br>\n               <div class=\"lecturer\"><span>Katarina Karlsson, Lektor, Barnsjuksk\u00f6terska & Universitetslektor; Birgitta Kerstis, Lektor, Barnsjuksk\u00f6terska & Universitetslektor,; Merja Vantaa Benjaminsson, Barnsjuksk\u00f6terska<\/span><\/div>\n               <div class=\"room_div \">\n                 <i class=\"list-room\">Sal 301<\/i>\n               <\/div>\n\n               <div class=\"name_time_div\">\n                <i class=\"list-time\" data-time=\"10:25\">10:25-11:10 - Onsdag 25 april<\/i>\n               <\/div>\n              <\/div>\n             <\/div>\n          <\/div>\n\n          \n          <div class=\"box-wrapper\"\n              data-id=\"1172\">\n\n              <div class='time-header' style='visibility: hidden;'>10:25<\/div>\n\n              <div class=\"box\"\n                data-id=\"1172\"\n                data-project=\"project_338_2017_12_12\"\n                data-title=\"L\u00e4kemedel och barn - L\u00e4kemedelsbehandling av nyf\u00f6dda barn-praktiska farmakologiska aspekter\"\n                data-time=\"10:25-12:00\"\n                data-room=\"Sal 302\"\n                data-room-id=\"1020\"\n                data-room-name=\"Sal 302\"\n                data-day=\"2\"\n                data-abs-nbr=\"\"\n                data-abs-path=\"\"\n                data-speaker=\"Elisabeth Norman, Neonatolog, Lund; Christiane Garnemark, Barnl\u00e4kare,  Drottning Silvias Barn- och Ungdomssjukhus\"\n                data-speakercell=\"Elisabeth Norman, Neonatolog, Lund; Christiane Garnemark, Barnl\u00e4kare,  Drottning Silvias Barn- och Ungdomssjukhus\"\n                data-info=\"                  &lt;p&gt;Specialistniv\u00e5&lt;\/p&gt;                 &lt;p&gt;F\u00f6rel\u00e4sning och diskussion om vissa l\u00e4kemedel d\u00e4r man vid ordination b\u00f6r ta h\u00e4nsyn till faktorer specifika f\u00f6r det nyf\u00f6dda barnets f\u00f6ruts\u00e4ttningar vid neonatalv\u00e5rd.&lt;br&gt;&lt;\/p&gt;                 &lt;br&gt;&lt;br&gt;\"\n                data-category=\"F\u00f6rel\u00e4sning\"\n                data-category-ids=\"1002\"\n                data-span-all=\"\"\n              >\n\n              \n\n              <div class=\"vertical_bar\" style=\"background-color: #B2FF78;\"><\/div>\n              <div class=\"box_inner\">\n                                <span>L\u00e4kemedel och barn - L\u00e4kemedelsbehandling av nyf\u00f6dda barn-praktiska farmakologiska aspekter<\/span>\n               <br>\n               <div class=\"lecturer\"><span>Elisabeth Norman, Neonatolog, Lund; Christiane Garnemark, Barnl\u00e4kare,  Drottning Silvias Barn- och Ungdomssjukhus<\/span><\/div>\n               <div class=\"room_div \">\n                 <i class=\"list-room\">Sal 302<\/i>\n               <\/div>\n\n               <div class=\"name_time_div\">\n                <i class=\"list-time\" data-time=\"10:25\">10:25-12:00 - Onsdag 25 april<\/i>\n               <\/div>\n              <\/div>\n             <\/div>\n          <\/div>\n\n          \n          <div class=\"box-wrapper\"\n              data-id=\"1124\">\n\n              <div class='time-header'>11:15<\/div>\n\n              <div class=\"box\"\n                data-id=\"1124\"\n                data-project=\"project_338_2017_12_12\"\n                data-title=\"Allm\u00e4npediatrik och H\u00e4lsov\u00e5rd - Barnet i centrum-teamarbetets betydelse f\u00f6r compliance\"\n                data-time=\"11:15-12:00\"\n                data-room=\"Stora Kongresshallen\"\n                data-room-id=\"1018\"\n                data-room-name=\"Stora Kongresshallen\"\n                data-day=\"2\"\n                data-abs-nbr=\"\"\n                data-abs-path=\"\"\n                data-speaker=\"Veronika St\u00e5hl, Specialistsjuksk\u00f6terska, Barnl\u00e4kargruppen Sparta Lund\"\n                data-speakercell=\"Veronika St\u00e5hl, Specialistsjuksk\u00f6terska, Barnl\u00e4kargruppen Sparta Lund\"\n                data-info=\"                  &lt;p&gt;Hur kan teamarbetet p\u00e5 en \u00f6ppenv\u00e5rdsmottagning g\u00f6ra skillnad f\u00f6r barnet? Tips och r\u00e5d om hur teamarbete kan utvecklas och leda till b\u00e4ttre f\u00f6ljsamhet.&lt;br&gt;&lt;\/p&gt;                 &lt;br&gt;&lt;br&gt;\"\n                data-category=\"F\u00f6rel\u00e4sning\"\n                data-category-ids=\"1002\"\n                data-span-all=\"\"\n              >\n\n              \n\n              <div class=\"vertical_bar\" style=\"background-color: #B2FF78;\"><\/div>\n              <div class=\"box_inner\">\n                                <span>Allm\u00e4npediatrik och H\u00e4lsov\u00e5rd - Barnet i centrum-teamarbetets betydelse f\u00f6r compliance<\/span>\n               <br>\n               <div class=\"lecturer\"><span>Veronika St\u00e5hl, Specialistsjuksk\u00f6terska, Barnl\u00e4kargruppen Sparta Lund<\/span><\/div>\n               <div class=\"room_div \">\n                 <i class=\"list-room\">Stora Kongresshallen<\/i>\n               <\/div>\n\n               <div class=\"name_time_div\">\n                <i class=\"list-time\" data-time=\"11:15\">11:15-12:00 - Onsdag 25 april<\/i>\n               <\/div>\n              <\/div>\n             <\/div>\n          <\/div>\n\n          \n          <div class=\"box-wrapper\"\n              data-id=\"1116\">\n\n              <div class='time-header' style='visibility: hidden;'>11:15<\/div>\n\n              <div class=\"box\"\n                data-id=\"1116\"\n                data-project=\"project_338_2017_12_12\"\n                data-title=\"Global h\u00e4lsa - Integration community management\"\n                data-time=\"11:15-12:00\"\n                data-room=\"H\u00f6rsalen\"\n                data-room-id=\"1024\"\n                data-room-name=\"H\u00f6rsalen\"\n                data-day=\"2\"\n                data-abs-nbr=\"\"\n                data-abs-path=\"\"\n                data-speaker=\"Stefan Peterson, Professor, Dr, Assoc Director, Chief Health Section, UNICEF\"\n                data-speakercell=\"Stefan Peterson, Professor, Dr, Assoc Director, Chief Health Section, UNICEF\"\n                data-info=\"&lt;b&gt;Moderatorer: &lt;\/b&gt;Britt Gustafsson, Professor, Barnl\u00e4kare, Akademiska barnsjukhuset, Karolinska institutet&lt;br&gt;&lt;br&gt;                  Videof\u00f6rel\u00e4sning&amp;nbsp;&amp;nbsp;&amp;nbsp;&amp;nbsp;&amp;nbsp;&amp;nbsp;&amp;nbsp;&amp;nbsp;&amp;nbsp;&amp;nbsp;&amp;nbsp;&amp;nbsp;&amp;nbsp;                  &lt;p&gt;&lt;br&gt;&lt;\/p&gt;                 &lt;br&gt;&lt;br&gt;\"\n                data-category=\"F\u00f6rel\u00e4sning\"\n                data-category-ids=\"1002\"\n                data-span-all=\"\"\n              >\n\n              \n\n              <div class=\"vertical_bar\" style=\"background-color: #B2FF78;\"><\/div>\n              <div class=\"box_inner\">\n                                <span>Global h\u00e4lsa - Integration community management<\/span>\n               <br>\n               <div class=\"lecturer\"><span>Stefan Peterson, Professor, Dr, Assoc Director, Chief Health Section, UNICEF<\/span><\/div>\n               <div class=\"room_div \">\n                 <i class=\"list-room\">H\u00f6rsalen<\/i>\n               <\/div>\n\n               <div class=\"name_time_div\">\n                <i class=\"list-time\" data-time=\"11:15\">11:15-12:00 - Onsdag 25 april<\/i>\n               <\/div>\n              <\/div>\n             <\/div>\n          <\/div>\n\n          \n          <div class=\"box-wrapper\"\n              data-id=\"1165\">\n\n              <div class='time-header' style='visibility: hidden;'>11:15<\/div>\n\n              <div class=\"box\"\n                data-id=\"1165\"\n                data-project=\"project_338_2017_12_12\"\n                data-title=\"Riksf\u00f6reningen f\u00f6r barnsjuksk\u00f6terskor - Akutbed\u00f6mning\"\n                data-time=\"11:15-12:00\"\n                data-room=\"Sal 301\"\n                data-room-id=\"1019\"\n                data-room-name=\"Sal 301\"\n                data-day=\"2\"\n                data-abs-nbr=\"\"\n                data-abs-path=\"\"\n                data-speaker=\"Malin Ekstr\u00f6m, Barnsjuksk\u00f6terska; Anna-Clara Rullander, Barnsjuksk\u00f6terska & Universitetslekor; Beatrice Olsson Duse, Barnsjuksk\u00f6terska & Omv\u00e5rdnadschef\"\n                data-speakercell=\"Malin Ekstr\u00f6m, Barnsjuksk\u00f6terska; Anna-Clara Rullander, Barnsjuksk\u00f6terska & Universitetslekor; Beatrice Olsson Duse, Barnsjuksk\u00f6terska & Omv\u00e5rdnadschef\"\n                data-info=\"&lt;b&gt;Moderatorer: &lt;\/b&gt;Helena Wigert, Barnsjuksk\u00f6terska &amp; Docent&lt;br&gt;&lt;br&gt;                  &lt;p&gt;&lt;\/p&gt;                  &lt;div&gt;                   John Linds symposium Barnsjuksk\u00f6terska, Mitt framg\u00e5ngsyrke - Ditt framtidsyrke                   &lt;br&gt;                  &lt;\/div&gt;                  &lt;ul&gt;                   &lt;li&gt;Akutbed\u00f6mning av barn&lt;\/li&gt;                   &lt;li&gt;Mottagning f\u00f6r barn och ungdomar med mag-\/tarmproblem&lt;\/li&gt;                   &lt;li&gt;Chef, en av alla karri\u00e4rv\u00e4gar&lt;\/li&gt;                  &lt;\/ul&gt;                  &lt;p&gt;&lt;\/p&gt;                 &lt;br&gt;&lt;br&gt;\"\n                data-category=\"F\u00f6rel\u00e4sning\"\n                data-category-ids=\"1002\"\n                data-span-all=\"\"\n              >\n\n              \n\n              <div class=\"vertical_bar\" style=\"background-color: #B2FF78;\"><\/div>\n              <div class=\"box_inner\">\n                                <span>Riksf\u00f6reningen f\u00f6r barnsjuksk\u00f6terskor - Akutbed\u00f6mning<\/span>\n               <br>\n               <div class=\"lecturer\"><span>Malin Ekstr\u00f6m, Barnsjuksk\u00f6terska; Anna-Clara Rullander, Barnsjuksk\u00f6terska & Universitetslekor; Beatrice Olsson Duse, Barnsjuksk\u00f6terska & Omv\u00e5rdnadschef<\/span><\/div>\n               <div class=\"room_div \">\n                 <i class=\"list-room\">Sal 301<\/i>\n               <\/div>\n\n               <div class=\"name_time_div\">\n                <i class=\"list-time\" data-time=\"11:15\">11:15-12:00 - Onsdag 25 april<\/i>\n               <\/div>\n              <\/div>\n             <\/div>\n          <\/div>\n\n          \n          <div class=\"box-wrapper\"\n              data-id=\"1290\">\n\n              <div class='time-header' style='visibility: hidden;'>11:15<\/div>\n\n              <div class=\"box\"\n                data-id=\"1290\"\n                data-project=\"project_338_2017_12_12\"\n                data-title=\"Etikutskottets seminarium - Extremdyra behandlingar - var g\u00e5r gr\u00e4nsen och hur s\u00e4tter vi den?\"\n                data-time=\"11:15-12:00\"\n                data-room=\"Sal 105\"\n                data-room-id=\"1030\"\n                data-room-name=\"Sal 105\"\n                data-day=\"2\"\n                data-abs-nbr=\"\"\n                data-abs-path=\"\"\n                data-speaker=\"Ellen Vinge, L\u00e4kemedelskomit\u00e9erna; Dag Larsson, Lif; Lars Sandman, NT-r\u00e5det; Pelle Baeck, Barnneurolog ; Tobias Ekenlie, VC + barnl\u00e4kare i Norrk\u00f6ping\"\n                data-speakercell=\"Ellen Vinge, L\u00e4kemedelskomit\u00e9erna; Dag Larsson, Lif; Lars Sandman, NT-r\u00e5det; Pelle Baeck, Barnneurolog ; Tobias Ekenlie, VC + barnl\u00e4kare i Norrk\u00f6ping\"\n                data-info=\"&lt;b&gt;Moderatorer: &lt;\/b&gt;Lisa T\u00f6rnudd, MD, Link\u00f6pings Universitetssjukhus&lt;br&gt;&lt;br&gt;                  &lt;p&gt;Vem best\u00e4mmervilka l\u00e4kemedel som ska f\u00f6rskrivas och till vilket pris?&lt;br&gt;Vad kostar medicinernaatt utveckla, upphanlda och vilka alternativkostnader uppst\u00e5r? &lt;br&gt;En panel medrepresentanter fr\u00e5n sjukv\u00e5rden, LiF, l\u00e4kemedelskommiteerna och NT-r\u00e5detf\u00f6rklarar beslutsg\u00e5ngen och debatterar. &lt;br&gt;Hur kan vi barnl\u00e4kare agera f\u00f6r attst\u00f6tta i processen f\u00f6r alla barns b\u00e4sta och f\u00f6r att f\u00e5 en r\u00e4ttvis tillg\u00e5ng tillv\u00e5rd och l\u00e4kemedel i landet?&lt;\/p&gt;                 &lt;br&gt;&lt;br&gt;\"\n                data-category=\"Seminarium\/Paneldebatt\"\n                data-category-ids=\"1006\"\n                data-span-all=\"\"\n              >\n\n              \n\n              <div class=\"vertical_bar\" style=\"background-color: #FFB217;\"><\/div>\n              <div class=\"box_inner\">\n                                <span>Etikutskottets seminarium - Extremdyra behandlingar - var g\u00e5r gr\u00e4nsen och hur s\u00e4tter vi den?<\/span>\n               <br>\n               <div class=\"lecturer\"><span>Ellen Vinge, L\u00e4kemedelskomit\u00e9erna; Dag Larsson, Lif; Lars Sandman, NT-r\u00e5det; Pelle Baeck, Barnneurolog ; Tobias Ekenlie, VC + barnl\u00e4kare i Norrk\u00f6ping<\/span><\/div>\n               <div class=\"room_div \">\n                 <i class=\"list-room\">Sal 105<\/i>\n               <\/div>\n\n               <div class=\"name_time_div\">\n                <i class=\"list-time\" data-time=\"11:15\">11:15-12:00 - Onsdag 25 april<\/i>\n               <\/div>\n              <\/div>\n             <\/div>\n          <\/div>\n\n          \n          <div class=\"box-wrapper\"\n              data-id=\"1149\">\n\n              <div class='time-header' style='visibility: hidden;'>11:15<\/div>\n\n              <div class=\"box\"\n                data-id=\"1149\"\n                data-project=\"project_338_2017_12_12\"\n                data-title=\"Neurologi - Status epileptikus\"\n                data-time=\"11:15-12:00\"\n                data-room=\"Lilla Kongresshallen\"\n                data-room-id=\"1021\"\n                data-room-name=\"Lilla Kongresshallen\"\n                data-day=\"2\"\n                data-abs-nbr=\"\"\n                data-abs-path=\"\"\n                data-speaker=\"Simon Gepertz, Barnneurolog, Barn- och ungdomskliniken, US\u00d6, \u00d6rebro\"\n                data-speakercell=\"Simon Gepertz, Barnneurolog, Barn- och ungdomskliniken, US\u00d6, \u00d6rebro\"\n                data-info=\"&lt;b&gt;Moderatorer: &lt;\/b&gt;Ylva \u00d6hrner, Barnneurolog, Barnkliniken V\u00e4ster\u00e5s&lt;br&gt;&lt;br&gt;                  &lt;p&gt;&lt;br&gt;&lt;\/p&gt;                 &lt;br&gt;&lt;br&gt;\"\n                data-category=\"F\u00f6rel\u00e4sning\"\n                data-category-ids=\"1002\"\n                data-span-all=\"\"\n              >\n\n              \n\n              <div class=\"vertical_bar\" style=\"background-color: #B2FF78;\"><\/div>\n              <div class=\"box_inner\">\n                                <span>Neurologi - Status epileptikus<\/span>\n               <br>\n               <div class=\"lecturer\"><span>Simon Gepertz, Barnneurolog, Barn- och ungdomskliniken, US\u00d6, \u00d6rebro<\/span><\/div>\n               <div class=\"room_div \">\n                 <i class=\"list-room\">Lilla Kongresshallen<\/i>\n               <\/div>\n\n               <div class=\"name_time_div\">\n                <i class=\"list-time\" data-time=\"11:15\">11:15-12:00 - Onsdag 25 april<\/i>\n               <\/div>\n              <\/div>\n             <\/div>\n          <\/div>\n\n          \n          <div class=\"box-wrapper\"\n              data-id=\"1347\">\n\n              <div class='time-header'>12:00<\/div>\n\n              <div class=\"box\"\n                data-id=\"1347\"\n                data-project=\"project_338_2017_12_12\"\n                data-title=\"\u00c5rsm\u00f6te f\u00f6r BLF delf\u00f6reningen f\u00f6r barninfektioner\"\n                data-time=\"12:00-13:15\"\n                data-room=\"Sal 202\"\n                data-room-id=\"1028\"\n                data-room-name=\"Sal 202\"\n                data-day=\"2\"\n                data-abs-nbr=\"\"\n                data-abs-path=\"\"\n                data-speaker=\"\"\n                data-speakercell=\"\"\n                data-info=\"                  &lt;p&gt;&lt;br&gt;&lt;\/p&gt;                 &lt;br&gt;&lt;br&gt;\"\n                data-category=\"M\u00f6te\"\n                data-category-ids=\"1004\"\n                data-span-all=\"\"\n              >\n\n              \n\n              <div class=\"vertical_bar\" style=\"background-color: #FFFA5C;\"><\/div>\n              <div class=\"box_inner\">\n                                <span>\u00c5rsm\u00f6te f\u00f6r BLF delf\u00f6reningen f\u00f6r barninfektioner<\/span>\n               <br>\n               \n               <div class=\"room_div \">\n                 <i class=\"list-room\">Sal 202<\/i>\n               <\/div>\n\n               <div class=\"name_time_div\">\n                <i class=\"list-time\" data-time=\"12:00\">12:00-13:15 - Onsdag 25 april<\/i>\n               <\/div>\n              <\/div>\n             <\/div>\n          <\/div>\n\n          \n          <div class=\"box-wrapper\"\n              data-id=\"1141\">\n\n              <div class='time-header' style='visibility: hidden;'>12:00<\/div>\n\n              <div class=\"box\"\n                data-id=\"1141\"\n                data-project=\"project_338_2017_12_12\"\n                data-title=\"Lunch Acta Pediatrica\"\n                data-time=\"12:00-13:15\"\n                data-room=\"Sal 201\"\n                data-room-id=\"1033\"\n                data-room-name=\"Sal 201\"\n                data-day=\"2\"\n                data-abs-nbr=\"\"\n                data-abs-path=\"\"\n                data-speaker=\"\"\n                data-speakercell=\"\"\n                data-info=\"                  &lt;p&gt;&lt;br&gt;&lt;\/p&gt;                 &lt;br&gt;&lt;br&gt;\"\n                data-category=\"M\u00f6te\"\n                data-category-ids=\"1004\"\n                data-span-all=\"\"\n              >\n\n              \n\n              <div class=\"vertical_bar\" style=\"background-color: #FFFA5C;\"><\/div>\n              <div class=\"box_inner\">\n                                <span>Lunch Acta Pediatrica<\/span>\n               <br>\n               \n               <div class=\"room_div \">\n                 <i class=\"list-room\">Sal 201<\/i>\n               <\/div>\n\n               <div class=\"name_time_div\">\n                <i class=\"list-time\" data-time=\"12:00\">12:00-13:15 - Onsdag 25 april<\/i>\n               <\/div>\n              <\/div>\n             <\/div>\n          <\/div>\n\n          \n          <div class=\"box-wrapper\"\n              data-id=\"1189\">\n\n              <div class='time-header' style='visibility: hidden;'>12:00<\/div>\n\n              <div class=\"box\"\n                data-id=\"1189\"\n                data-project=\"project_338_2017_12_12\"\n                data-title=\"BLU Lunchm\u00f6te\"\n                data-time=\"12:00-13:15\"\n                data-room=\"Sal 203\"\n                data-room-id=\"1034\"\n                data-room-name=\"Sal 203\"\n                data-day=\"2\"\n                data-abs-nbr=\"\"\n                data-abs-path=\"\"\n                data-speaker=\"\"\n                data-speakercell=\"\"\n                data-info=\"                  &lt;p&gt;BLU Lunchm\u00f6te&lt;br&gt;&lt;\/p&gt;                 &lt;br&gt;&lt;br&gt;\"\n                data-category=\"M\u00f6te\"\n                data-category-ids=\"1004\"\n                data-span-all=\"\"\n              >\n\n              \n\n              <div class=\"vertical_bar\" style=\"background-color: #FFFA5C;\"><\/div>\n              <div class=\"box_inner\">\n                                <span>BLU Lunchm\u00f6te<\/span>\n               <br>\n               \n               <div class=\"room_div \">\n                 <i class=\"list-room\">Sal 203<\/i>\n               <\/div>\n\n               <div class=\"name_time_div\">\n                <i class=\"list-time\" data-time=\"12:00\">12:00-13:15 - Onsdag 25 april<\/i>\n               <\/div>\n              <\/div>\n             <\/div>\n          <\/div>\n\n          \n          <div class=\"box-wrapper\"\n              data-id=\"1145\">\n\n              <div class='time-header' style='visibility: hidden;'>12:00<\/div>\n\n              <div class=\"box\"\n                data-id=\"1145\"\n                data-project=\"project_338_2017_12_12\"\n                data-title=\"Lunch med bes\u00f6k hos utst\u00e4llare (Klicka f\u00f6r mer information om Lunchm\u00f6ten)\"\n                data-time=\"12:00-13:15\"\n                data-room=\"Evenemangshallen\"\n                data-room-id=\"1008\"\n                data-room-name=\"Evenemangshallen\"\n                data-day=\"2\"\n                data-abs-nbr=\"\"\n                data-abs-path=\"\"\n                data-speaker=\"\"\n                data-speakercell=\"\"\n                data-info=\"                  &lt;p&gt;Lunchm\u00f6ten&lt;br&gt;12.00-13.15&amp;nbsp; Lunch Acta Pediatrica&lt;br&gt;Sal 201&lt;\/p&gt;&lt;p&gt;12.00-13.15 \u00c5rsm\u00f6te f\u00f6r BLF delf\u00f6reningen f\u00f6r barninfektioner&lt;br&gt;Sal 202&lt;\/p&gt;                  &lt;p&gt;12.00-13.15&amp;nbsp; BLU Lunchm\u00f6te&lt;br&gt;Sal 203&lt;\/p&gt;                 &lt;br&gt;&lt;br&gt;\"\n                data-category=\"\"\n                data-category-ids=\"\"\n                data-span-all=\"1\"\n              >\n\n              \n\n              <div class=\"vertical_bar\" style=\"background-color: rgba(255, 255, 255, 0);\"><\/div>\n              <div class=\"box_inner\">\n                                <span>Lunch med bes\u00f6k hos utst\u00e4llare (Klicka f\u00f6r mer information om Lunchm\u00f6ten)<\/span>\n               <br>\n               \n               <div class=\"room_div \">\n                 <i class=\"list-room\">Evenemangshallen<\/i>\n               <\/div>\n\n               <div class=\"name_time_div\">\n                <i class=\"list-time\" data-time=\"12:00\">12:00-13:15 - Onsdag 25 april<\/i>\n               <\/div>\n              <\/div>\n             <\/div>\n          <\/div>\n\n          \n          <div class=\"box-wrapper\"\n              data-id=\"1125\">\n\n              <div class='time-header'>13:15<\/div>\n\n              <div class=\"box\"\n                data-id=\"1125\"\n                data-project=\"project_338_2017_12_12\"\n                data-title=\"Allm\u00e4npediatrik och H\u00e4lsov\u00e5rd - Allergi och provokation\"\n                data-time=\"13:15-14:00\"\n                data-room=\"Stora Kongresshallen\"\n                data-room-id=\"1018\"\n                data-room-name=\"Stora Kongresshallen\"\n                data-day=\"2\"\n                data-abs-nbr=\"\"\n                data-abs-path=\"\"\n                data-speaker=\"Anna  Winberg,  Barnallergolog , Norrlands Universitetssjukhus, Ume\u00e5\"\n                data-speakercell=\"Anna  Winberg,  Barnallergolog , Norrlands Universitetssjukhus, Ume\u00e5\"\n                data-info=\"                  &lt;p&gt;Allergi och provokation, forskningsresultat och v\u00e5dan av att inte diagnosticera och f\u00f6lja upp dessa barn p\u00e5 ett adekvat s\u00e4tt?&lt;\/p&gt;                 &lt;br&gt;&lt;br&gt;\"\n                data-category=\"F\u00f6rel\u00e4sning\"\n                data-category-ids=\"1002\"\n                data-span-all=\"\"\n              >\n\n              \n\n              <div class=\"vertical_bar\" style=\"background-color: #B2FF78;\"><\/div>\n              <div class=\"box_inner\">\n                                <span>Allm\u00e4npediatrik och H\u00e4lsov\u00e5rd - Allergi och provokation<\/span>\n               <br>\n               <div class=\"lecturer\"><span>Anna  Winberg,  Barnallergolog , Norrlands Universitetssjukhus, Ume\u00e5<\/span><\/div>\n               <div class=\"room_div \">\n                 <i class=\"list-room\">Stora Kongresshallen<\/i>\n               <\/div>\n\n               <div class=\"name_time_div\">\n                <i class=\"list-time\" data-time=\"13:15\">13:15-14:00 - Onsdag 25 april<\/i>\n               <\/div>\n              <\/div>\n             <\/div>\n          <\/div>\n\n          \n          <div class=\"box-wrapper\"\n              data-id=\"1166\">\n\n              <div class='time-header' style='visibility: hidden;'>13:15<\/div>\n\n              <div class=\"box\"\n                data-id=\"1166\"\n                data-project=\"project_338_2017_12_12\"\n                data-title=\"Allergi - Anafylaxi och adrenalinpennor\"\n                data-time=\"13:15-14:00\"\n                data-room=\"Sal 107\"\n                data-room-id=\"1025\"\n                data-room-name=\"Sal 107\"\n                data-day=\"2\"\n                data-abs-nbr=\"\"\n                data-abs-path=\"\"\n                data-speaker=\"Maija Wedenberg, Barnl\u00e4kare och allergiteamet; Marie-Louise Andersson, Barnsjuksk\u00f6terska, Barn- och ungdomskliniken V\u00e4ster\u00e5s; Jenny Lindbom, Barnsjuksk\u00f6terska, Barn- och ungdomskliniken V\u00e4ster\u00e5s\"\n                data-speakercell=\"Maija Wedenberg, Barnl\u00e4kare och allergiteamet; Marie-Louise Andersson, Barnsjuksk\u00f6terska, Barn- och ungdomskliniken V\u00e4ster\u00e5s; Jenny Lindbom, Barnsjuksk\u00f6terska, Barn- och ungdomskliniken V\u00e4ster\u00e5s\"\n                data-info=\"                  &lt;p&gt;Anafylaxi - omh\u00e4ndertagande utanf\u00f6r och p\u00e5 kliniken samt genomg\u00e5ng av patientinformation och adrenalinpennor&lt;\/p&gt;                  &lt;table&gt;                   &lt;tbody&gt;                    &lt;tr&gt;                     &lt;td&gt;Specialist i barnmedicin sedan 1986. Specialintresse allergologi.&lt;\/td&gt;                    &lt;\/tr&gt;                   &lt;\/tbody&gt;                  &lt;\/table&gt;                  &lt;br&gt;                  &lt;span style=&quot;font-style: italic;&quot;&gt;Samma workshop arrangeras vid fler tillf\u00e4llen. &lt;\/span&gt;                 &lt;br&gt;&lt;br&gt;\"\n                data-category=\"Workshop\"\n                data-category-ids=\"1003\"\n                data-span-all=\"\"\n              >\n\n              \n\n              <div class=\"vertical_bar\" style=\"background-color: #B2A1C9;\"><\/div>\n              <div class=\"box_inner\">\n                                <span>Allergi - Anafylaxi och adrenalinpennor<\/span>\n               <br>\n               <div class=\"lecturer\"><span>Maija Wedenberg, Barnl\u00e4kare och allergiteamet; Marie-Louise Andersson, Barnsjuksk\u00f6terska, Barn- och ungdomskliniken V\u00e4ster\u00e5s; Jenny Lindbom, Barnsjuksk\u00f6terska, Barn- och ungdomskliniken V\u00e4ster\u00e5s<\/span><\/div>\n               <div class=\"room_div \">\n                 <i class=\"list-room\">Sal 107<\/i>\n               <\/div>\n\n               <div class=\"name_time_div\">\n                <i class=\"list-time\" data-time=\"13:15\">13:15-14:00 - Onsdag 25 april<\/i>\n               <\/div>\n              <\/div>\n             <\/div>\n          <\/div>\n\n          \n          <div class=\"box-wrapper\"\n              data-id=\"1339\">\n\n              <div class='time-header' style='visibility: hidden;'>13:15<\/div>\n\n              <div class=\"box\"\n                data-id=\"1339\"\n                data-project=\"project_338_2017_12_12\"\n                data-title=\"Neurologi: aEEG och EEG \u00f6vervakning hos barn och nyf\u00f6dda \u2013 teori del 1\"\n                data-time=\"13:15-14:00\"\n                data-room=\"Sal 109\"\n                data-room-id=\"1022\"\n                data-room-name=\"Sal 109\"\n                data-day=\"2\"\n                data-abs-nbr=\"\"\n                data-abs-path=\"\"\n                data-speaker=\"Roland Flink, Docent, neurofysiolog, Akademiska sjukhuset, Uppsala; Lena Hellstr\u00f6m-Westas\"\n                data-speakercell=\"Roland Flink, Docent, neurofysiolog, Akademiska sjukhuset, Uppsala; Lena Hellstr\u00f6m-Westas\"\n                data-info=\"                  &lt;p&gt;Fallbeskrivning neonatala kramper&lt;\/p&gt;                  &lt;table&gt;                   &lt;tbody&gt;                    &lt;tr&gt;                     &lt;td&gt;&lt;p&gt;CFM: Kontinuerlig EEG registrering med trendmonitorering, aEEG.&lt;\/p&gt;                      &lt;table&gt;                       &lt;tbody&gt;                        &lt;tr&gt;                         &lt;td&gt;&lt;\/td&gt;                        &lt;\/tr&gt;                       &lt;\/tbody&gt;                      &lt;\/table&gt;&lt;p&gt;&lt;br&gt;&lt;\/p&gt;                      &lt;table&gt;                       &lt;tbody&gt;                        &lt;tr&gt;                         &lt;td&gt;&lt;\/td&gt;                        &lt;\/tr&gt;                       &lt;\/tbody&gt;                      &lt;\/table&gt;                      &lt;table&gt;                       &lt;tbody&gt;                        &lt;tr&gt;                         &lt;td&gt;&lt;\/td&gt;                        &lt;\/tr&gt;                       &lt;\/tbody&gt;                      &lt;\/table&gt;                      &lt;table&gt;                       &lt;tbody&gt;                        &lt;tr&gt;                         &lt;td&gt;&lt;\/td&gt;                        &lt;\/tr&gt;                       &lt;\/tbody&gt;                      &lt;\/table&gt;&lt;\/td&gt;                    &lt;\/tr&gt;                   &lt;\/tbody&gt;                  &lt;\/table&gt;                 &lt;br&gt;&lt;br&gt;\"\n                data-category=\"F\u00f6rel\u00e4sning\"\n                data-category-ids=\"1002\"\n                data-span-all=\"\"\n              >\n\n              \n\n              <div class=\"vertical_bar\" style=\"background-color: #B2FF78;\"><\/div>\n              <div class=\"box_inner\">\n                                <span>Neurologi: aEEG och EEG \u00f6vervakning hos barn och nyf\u00f6dda \u2013 teori del 1<\/span>\n               <br>\n               <div class=\"lecturer\"><span>Roland Flink, Docent, neurofysiolog, Akademiska sjukhuset, Uppsala; Lena Hellstr\u00f6m-Westas<\/span><\/div>\n               <div class=\"room_div \">\n                 <i class=\"list-room\">Sal 109<\/i>\n               <\/div>\n\n               <div class=\"name_time_div\">\n                <i class=\"list-time\" data-time=\"13:15\">13:15-14:00 - Onsdag 25 april<\/i>\n               <\/div>\n              <\/div>\n             <\/div>\n          <\/div>\n\n          \n          <div class=\"box-wrapper\"\n              data-id=\"1150\">\n\n              <div class='time-header' style='visibility: hidden;'>13:15<\/div>\n\n              <div class=\"box\"\n                data-id=\"1150\"\n                data-project=\"project_338_2017_12_12\"\n                data-title=\"Neurologi\/habilitering - Etikseminarium \u00c4r full intensivv\u00e5rd alltid f\u00f6r barnets b\u00e4sta?-Etiska fr\u00e5gor kring de neurologiskt sv\u00e5rast sjuka barnen.\"\n                data-time=\"13:15-14:00\"\n                data-room=\"Lilla Kongresshallen\"\n                data-room-id=\"1021\"\n                data-room-name=\"Lilla Kongresshallen\"\n                data-day=\"2\"\n                data-abs-nbr=\"\"\n                data-abs-path=\"\"\n                data-speaker=\"Niklas  Juth, Docent, Medicinsk etik, Karolinska institutet; \u00c5sa \u00d6stlund, BarnIVA-l\u00e4kare, Astrid Lindgrens barnsjukhus, Stockholm; \u00c5sa Eriksson, Barnneurolog, Astrid Lindgrens barnsjukhus, Stockholm\"\n                data-speakercell=\"Niklas  Juth, Docent, Medicinsk etik, Karolinska institutet; \u00c5sa \u00d6stlund, BarnIVA-l\u00e4kare, Astrid Lindgrens barnsjukhus, Stockholm; \u00c5sa Eriksson, Barnneurolog, Astrid Lindgrens barnsjukhus, Stockholm\"\n                data-info=\"&lt;b&gt;Moderatorer: &lt;\/b&gt;Ylva \u00d6hrner, Barnneurolog, Barnkliniken V\u00e4ster\u00e5s&lt;br&gt;&lt;br&gt;                  &lt;p&gt;\u00c4r full intensivv\u00e5rd alltid f\u00f6r barnets b\u00e4sta? -Etiska fr\u00e5gor kring de neurologiskt sv\u00e5rast sjuka barnen.&lt;\/p&gt;                  &lt;p&gt;Introduktion och fallbeskrivningar&lt;\/p&gt;                 &lt;br&gt;&lt;br&gt;\"\n                data-category=\"Seminarium\/Paneldebatt\"\n                data-category-ids=\"1006\"\n                data-span-all=\"\"\n              >\n\n              \n\n              <div class=\"vertical_bar\" style=\"background-color: #FFB217;\"><\/div>\n              <div class=\"box_inner\">\n                                <span>Neurologi\/habilitering - Etikseminarium \u00c4r full intensivv\u00e5rd alltid f\u00f6r barnets b\u00e4sta?-Etiska fr\u00e5gor kring de neurologiskt sv\u00e5rast sjuka barnen.<\/span>\n               <br>\n               <div class=\"lecturer\"><span>Niklas  Juth, Docent, Medicinsk etik, Karolinska institutet; \u00c5sa \u00d6stlund, BarnIVA-l\u00e4kare, Astrid Lindgrens barnsjukhus, Stockholm; \u00c5sa Eriksson, Barnneurolog, Astrid Lindgrens barnsjukhus, Stockholm<\/span><\/div>\n               <div class=\"room_div \">\n                 <i class=\"list-room\">Lilla Kongresshallen<\/i>\n               <\/div>\n\n               <div class=\"name_time_div\">\n                <i class=\"list-time\" data-time=\"13:15\">13:15-14:00 - Onsdag 25 april<\/i>\n               <\/div>\n              <\/div>\n             <\/div>\n          <\/div>\n\n          \n          <div class=\"box-wrapper\"\n              data-id=\"1190\">\n\n              <div class='time-header' style='visibility: hidden;'>13:15<\/div>\n\n              <div class=\"box\"\n                data-id=\"1190\"\n                data-project=\"project_338_2017_12_12\"\n                data-title=\"RfB \u00e5rsm\u00f6te\"\n                data-time=\"13:15-14:50\"\n                data-room=\"Sal 201\"\n                data-room-id=\"1033\"\n                data-room-name=\"Sal 201\"\n                data-day=\"2\"\n                data-abs-nbr=\"\"\n                data-abs-path=\"\"\n                data-speaker=\"\"\n                data-speakercell=\"\"\n                data-info=\"&lt;b&gt;Moderatorer: &lt;\/b&gt;Helena Wigert, Barnsjuksk\u00f6terska &amp; Docent&lt;br&gt;&lt;br&gt;                  &lt;p&gt;RfB \u00e5rsm\u00f6te&lt;br&gt;&lt;\/p&gt;                 &lt;br&gt;&lt;br&gt;\"\n                data-category=\"M\u00f6te\"\n                data-category-ids=\"1004\"\n                data-span-all=\"\"\n              >\n\n              \n\n              <div class=\"vertical_bar\" style=\"background-color: #FFFA5C;\"><\/div>\n              <div class=\"box_inner\">\n                                <span>RfB \u00e5rsm\u00f6te<\/span>\n               <br>\n               \n               <div class=\"room_div \">\n                 <i class=\"list-room\">Sal 201<\/i>\n               <\/div>\n\n               <div class=\"name_time_div\">\n                <i class=\"list-time\" data-time=\"13:15\">13:15-14:50 - Onsdag 25 april<\/i>\n               <\/div>\n              <\/div>\n             <\/div>\n          <\/div>\n\n          \n          <div class=\"box-wrapper\"\n              data-id=\"1248\">\n\n              <div class='time-header' style='visibility: hidden;'>13:15<\/div>\n\n              <div class=\"box\"\n                data-id=\"1248\"\n                data-project=\"project_338_2017_12_12\"\n                data-title=\"Barnakut-teamtr\u00e4ning\"\n                data-time=\"13:15-14:50\"\n                data-room=\"Sal 103\"\n                data-room-id=\"1031\"\n                data-room-name=\"Sal 103\"\n                data-day=\"2\"\n                data-abs-nbr=\"\"\n                data-abs-path=\"\"\n                data-speaker=\"David Moritz, ST-l\u00e4kare, Barn- & Ungdomskliniken V\u00e4ster\u00e5s; Johan M\u00e4kk, \u00d6verl\u00e4kare; Maria Dahlgren, Sjuksk\u00f6terska, Barnkliniken V\u00e4ster\u00e5s\"\n                data-speakercell=\"David Moritz, ST-l\u00e4kare, Barn- & Ungdomskliniken V\u00e4ster\u00e5s; Johan M\u00e4kk, \u00d6verl\u00e4kare; Maria Dahlgren, Sjuksk\u00f6terska, Barnkliniken V\u00e4ster\u00e5s\"\n                data-info=\"                  &lt;p&gt;Akutpediatriska fall isimulerad milj\u00f6, d\u00e4r l\u00e4kare och sjuksk\u00f6terskor tillsammans f\u00e5r testateamtr\u00e4ning s\u00e5 som vi g\u00f6r i V\u00e4ster\u00e5s. &lt;\/p&gt;                  &lt;p&gt;M\u00e5ls\u00e4ttning: tv\u00e5 l\u00e4kare och sexsjuksk\u00f6terskor per grupp&lt;\/p&gt;                 &lt;p&gt;&lt;span style=&quot;font-style: italic;&quot;&gt;Samma workshop arrangeras vid fler tillf\u00e4llen&lt;\/span&gt;.&lt;br&gt;&lt;\/p&gt;                 &lt;br&gt;&lt;br&gt;\"\n                data-category=\"Workshop\"\n                data-category-ids=\"1003\"\n                data-span-all=\"\"\n              >\n\n              \n\n              <div class=\"vertical_bar\" style=\"background-color: #B2A1C9;\"><\/div>\n              <div class=\"box_inner\">\n                                <span>Barnakut-teamtr\u00e4ning<\/span>\n               <br>\n               <div class=\"lecturer\"><span>David Moritz, ST-l\u00e4kare, Barn- & Ungdomskliniken V\u00e4ster\u00e5s; Johan M\u00e4kk, \u00d6verl\u00e4kare; Maria Dahlgren, Sjuksk\u00f6terska, Barnkliniken V\u00e4ster\u00e5s<\/span><\/div>\n               <div class=\"room_div \">\n                 <i class=\"list-room\">Sal 103<\/i>\n               <\/div>\n\n               <div class=\"name_time_div\">\n                <i class=\"list-time\" data-time=\"13:15\">13:15-14:50 - Onsdag 25 april<\/i>\n               <\/div>\n              <\/div>\n             <\/div>\n          <\/div>\n\n          \n          <div class=\"box-wrapper\"\n              data-id=\"1135\">\n\n              <div class='time-header' style='visibility: hidden;'>13:15<\/div>\n\n              <div class=\"box\"\n                data-id=\"1135\"\n                data-project=\"project_338_2017_12_12\"\n                data-title=\"Barnvaccin - F\u00f6r tidigt, f\u00f6r sent eller inte alls\"\n                data-time=\"13:15-14:50\"\n                data-room=\"Sal 110\"\n                data-room-id=\"1029\"\n                data-room-name=\"Sal 110\"\n                data-day=\"2\"\n                data-abs-nbr=\"\"\n                data-abs-path=\"\"\n                data-speaker=\"Kathy Falkenstein-Hagander, Dr med, Kunskapcentrum Barnh\u00e4lsov\u00e5rd, Region Sk\u00e5ne; Ann-Sofie Cavefors, Barnh\u00e4lsov\u00e5rds\u00f6verl\u00e4kare, V\u00e4stra G\u00f6taland\"\n                data-speakercell=\"Kathy Falkenstein-Hagander, Dr med, Kunskapcentrum Barnh\u00e4lsov\u00e5rd, Region Sk\u00e5ne; Ann-Sofie Cavefors, Barnh\u00e4lsov\u00e5rds\u00f6verl\u00e4kare, V\u00e4stra G\u00f6taland\"\n                data-info=\"                  &lt;p&gt;Barnvaccin&lt;\/p&gt;                  &lt;p&gt;F\u00f6r tidigt, f\u00f6r sent eller inte alls - barn som inte f\u00f6ljer barnvaccinationsprogram&lt;\/p&gt;                 &lt;p&gt;Komplettering av vaccinationer f\u00f6r barn som inte f\u00f6ljt barnvaccinationsprogrammet&lt;\/p&gt;                 &lt;p&gt;&amp;nbsp;&lt;\/p&gt;                 &lt;br&gt;&lt;br&gt;\"\n                data-category=\"Workshop\"\n                data-category-ids=\"1003\"\n                data-span-all=\"\"\n              >\n\n              \n\n              <div class=\"vertical_bar\" style=\"background-color: #B2A1C9;\"><\/div>\n              <div class=\"box_inner\">\n                                <span>Barnvaccin - F\u00f6r tidigt, f\u00f6r sent eller inte alls<\/span>\n               <br>\n               <div class=\"lecturer\"><span>Kathy Falkenstein-Hagander, Dr med, Kunskapcentrum Barnh\u00e4lsov\u00e5rd, Region Sk\u00e5ne; Ann-Sofie Cavefors, Barnh\u00e4lsov\u00e5rds\u00f6verl\u00e4kare, V\u00e4stra G\u00f6taland<\/span><\/div>\n               <div class=\"room_div \">\n                 <i class=\"list-room\">Sal 110<\/i>\n               <\/div>\n\n               <div class=\"name_time_div\">\n                <i class=\"list-time\" data-time=\"13:15\">13:15-14:50 - Onsdag 25 april<\/i>\n               <\/div>\n              <\/div>\n             <\/div>\n          <\/div>\n\n          \n          <div class=\"box-wrapper\"\n              data-id=\"1132\">\n\n              <div class='time-header' style='visibility: hidden;'>13:15<\/div>\n\n              <div class=\"box\"\n                data-id=\"1132\"\n                data-project=\"project_338_2017_12_12\"\n                data-title=\"Hematologi - Hemolytisk anemi samt fall\"\n                data-time=\"13:15-14:50\"\n                data-room=\"Sal 108\"\n                data-room-id=\"1026\"\n                data-room-name=\"Sal 108\"\n                data-day=\"2\"\n                data-abs-nbr=\"\"\n                data-abs-path=\"\"\n                data-speaker=\"Ulf Tedg\u00e5rd, PhD, Barnl\u00e4kare, Lund; Annika M\u00e5rtensson, Barnl\u00e4kare, Lund; Per Frisk, Docent, Barnl\u00e4kare, Akademiska barnsjukhuset, Uppsala; Josefin Palle, Barnl\u00e4kare, Akademiska barnsjukhuset, Uppsala\"\n                data-speakercell=\"Ulf Tedg\u00e5rd, PhD, Barnl\u00e4kare, Lund; Annika M\u00e5rtensson, Barnl\u00e4kare, Lund; Per Frisk, Docent, Barnl\u00e4kare, Akademiska barnsjukhuset, Uppsala; Josefin Palle, Barnl\u00e4kare, Akademiska barnsjukhuset, Uppsala\"\n                data-info=\"                  &lt;p&gt;Hemolytisk anemi - Sherlock Holmes fall med diskussion kring utredning, handl\u00e4ggning och behandling&lt;\/p&gt;                 &lt;br&gt;&lt;br&gt;\"\n                data-category=\"F\u00f6rel\u00e4sning\"\n                data-category-ids=\"1002\"\n                data-span-all=\"\"\n              >\n\n              \n\n              <div class=\"vertical_bar\" style=\"background-color: #B2FF78;\"><\/div>\n              <div class=\"box_inner\">\n                                <span>Hematologi - Hemolytisk anemi samt fall<\/span>\n               <br>\n               <div class=\"lecturer\"><span>Ulf Tedg\u00e5rd, PhD, Barnl\u00e4kare, Lund; Annika M\u00e5rtensson, Barnl\u00e4kare, Lund; Per Frisk, Docent, Barnl\u00e4kare, Akademiska barnsjukhuset, Uppsala; Josefin Palle, Barnl\u00e4kare, Akademiska barnsjukhuset, Uppsala<\/span><\/div>\n               <div class=\"room_div \">\n                 <i class=\"list-room\">Sal 108<\/i>\n               <\/div>\n\n               <div class=\"name_time_div\">\n                <i class=\"list-time\" data-time=\"13:15\">13:15-14:50 - Onsdag 25 april<\/i>\n               <\/div>\n              <\/div>\n             <\/div>\n          <\/div>\n\n          \n          <div class=\"box-wrapper\"\n              data-id=\"1142\">\n\n              <div class='time-header' style='visibility: hidden;'>13:15<\/div>\n\n              <div class=\"box\"\n                data-id=\"1142\"\n                data-project=\"project_338_2017_12_12\"\n                data-title=\"Clownetterna - Barnkonspirationen - en barnlig musikal\"\n                data-time=\"13:15-14:00\"\n                data-room=\"Lilla Salen\"\n                data-room-id=\"1023\"\n                data-room-name=\"Lilla Salen\"\n                data-day=\"2\"\n                data-abs-nbr=\"\"\n                data-abs-path=\"\"\n                data-speaker=\"Pia \"Dr Musik\" Degr\u00e9us, Sjukhusclown, Clownetterna; Jenny \"Hopp-San\" Carlsson, Sjukhusclown, Clownetterna; Kristian \"Krusbert\" Elmeskog, Sjukhusclown, Clownetterna; Lina \"LillaSyster\" Degr\u00e9us, Sjukhusclown, Clownetterna; Adam \"Hemling\" Brom\u00e9e, Sjukhusclown, Clownetterna\"\n                data-speakercell=\"Pia \"Dr Musik\" Degr\u00e9us, Sjukhusclown, Clownetterna; Jenny \"Hopp-San\" Carlsson, Sjukhusclown, Clownetterna; Kristian \"Krusbert\" Elmeskog, Sjukhusclown, Clownetterna; Lina \"LillaSyster\" Degr\u00e9us, Sjukhusclown, Clownetterna; Adam \"Hemling\" Brom\u00e9e, Sjukhusclown, Clownetterna\"\n                data-info=\"                  &lt;p&gt;En musikal som vill unders\u00f6ka barns b\u00e4sta utifr\u00e5n Barnkonventionens olika perspektiv. Hur sjukhusmilj\u00f6n, kulturella skillnader och bem\u00f6tande kan upplevas olika beroende p\u00e5 vem du \u00e4r; barn, f\u00f6r\u00e4lder eller personal.&lt;br&gt;&lt;\/p&gt;                  &lt;p&gt;Skriven, producerad och framf\u00f6rd av Clownetterna, V\u00e4ster\u00e5s&amp;nbsp;&lt;\/p&gt;&lt;p&gt;&lt;span style=&quot;font-style: italic;&quot;&gt;Samma workshop arrangeras vid fler tillf\u00e4llen.&lt;\/span&gt;&lt;br&gt;&lt;\/p&gt;                 &lt;br&gt;&lt;br&gt;\"\n                data-category=\"Workshop\"\n                data-category-ids=\"1003\"\n                data-span-all=\"\"\n              >\n\n              \n\n              <div class=\"vertical_bar\" style=\"background-color: #B2A1C9;\"><\/div>\n              <div class=\"box_inner\">\n                                <span>Clownetterna - Barnkonspirationen - en barnlig musikal<\/span>\n               <br>\n               <div class=\"lecturer\"><span>Pia \"Dr Musik\" Degr\u00e9us, Sjukhusclown, Clownetterna; Jenny \"Hopp-San\" Carlsson, Sjukhusclown, Clownetterna; Kristian \"Krusbert\" Elmeskog, Sjukhusclown, Clownetterna; Lina \"LillaSyster\" Degr\u00e9us, Sjukhusclown, Clownetterna; Adam \"Hemling\" Brom\u00e9e, Sjukhusclown, Clownetterna<\/span><\/div>\n               <div class=\"room_div \">\n                 <i class=\"list-room\">Lilla Salen<\/i>\n               <\/div>\n\n               <div class=\"name_time_div\">\n                <i class=\"list-time\" data-time=\"13:15\">13:15-14:00 - Onsdag 25 april<\/i>\n               <\/div>\n              <\/div>\n             <\/div>\n          <\/div>\n\n          \n          <div class=\"box-wrapper\"\n              data-id=\"1192\">\n\n              <div class='time-header' style='visibility: hidden;'>13:15<\/div>\n\n              <div class=\"box\"\n                data-id=\"1192\"\n                data-project=\"project_338_2017_12_12\"\n                data-title=\"Barn och l\u00e4kemedel - N\u00e4r FASS inte r\u00e4cker\"\n                data-time=\"13:15-14:00\"\n                data-room=\"Sal 302\"\n                data-room-id=\"1020\"\n                data-room-name=\"Sal 302\"\n                data-day=\"2\"\n                data-abs-nbr=\"\"\n                data-abs-path=\"\"\n                data-speaker=\"Estelle Naumburg, Barnl\u00e4kare, lektor Ume\u00e5; Synn\u00f6ve Lindemalm, Barnl\u00e4kare, klinisk Farmakolog, Karolinska institutet Stockholm\"\n                data-speakercell=\"Estelle Naumburg, Barnl\u00e4kare, lektor Ume\u00e5; Synn\u00f6ve Lindemalm, Barnl\u00e4kare, klinisk Farmakolog, Karolinska institutet Stockholm\"\n                data-info=\"                  &lt;p&gt;Specialistniv\u00e5.&lt;\/p&gt;                  &lt;p&gt;Denna workshop tar upp off-label behandling av l\u00e4kemedel.&lt;\/p&gt;                 &lt;p&gt;&lt;span style=&quot;font-style: italic;&quot;&gt;Samma workshop arrangeras vid fler tillf\u00e4llen.&lt;\/span&gt;&lt;br&gt;&lt;\/p&gt;                 &lt;br&gt;&lt;br&gt;\"\n                data-category=\"Workshop\"\n                data-category-ids=\"1003\"\n                data-span-all=\"\"\n              >\n\n              \n\n              <div class=\"vertical_bar\" style=\"background-color: #B2A1C9;\"><\/div>\n              <div class=\"box_inner\">\n                                <span>Barn och l\u00e4kemedel - N\u00e4r FASS inte r\u00e4cker<\/span>\n               <br>\n               <div class=\"lecturer\"><span>Estelle Naumburg, Barnl\u00e4kare, lektor Ume\u00e5; Synn\u00f6ve Lindemalm, Barnl\u00e4kare, klinisk Farmakolog, Karolinska institutet Stockholm<\/span><\/div>\n               <div class=\"room_div \">\n                 <i class=\"list-room\">Sal 302<\/i>\n               <\/div>\n\n               <div class=\"name_time_div\">\n                <i class=\"list-time\" data-time=\"13:15\">13:15-14:00 - Onsdag 25 april<\/i>\n               <\/div>\n              <\/div>\n             <\/div>\n          <\/div>\n\n          \n          <div class=\"box-wrapper\"\n              data-id=\"1117\">\n\n              <div class='time-header' style='visibility: hidden;'>13:15<\/div>\n\n              <div class=\"box\"\n                data-id=\"1117\"\n                data-project=\"project_338_2017_12_12\"\n                data-title=\"Global h\u00e4lsa - Tropisk feber p\u00e5 akuten i Europa och Afrika \"\n                data-time=\"13:15-14:00\"\n                data-room=\"H\u00f6rsalen\"\n                data-room-id=\"1024\"\n                data-room-name=\"H\u00f6rsalen\"\n                data-day=\"2\"\n                data-abs-nbr=\"\"\n                data-abs-path=\"\"\n                data-speaker=\"Kristina Elfving, Barnl\u00e4kare, Drottning Silvias barn- och ungdomssjukhus G\u00f6teborg\"\n                data-speakercell=\"Kristina Elfving, Barnl\u00e4kare, Drottning Silvias barn- och ungdomssjukhus G\u00f6teborg\"\n                data-info=\"&lt;b&gt;Moderatorer: &lt;\/b&gt;Britt Gustafsson, Professor, Barnl\u00e4kare, Akademiska barnsjukhuset, Karolinska institutet&lt;br&gt;&lt;br&gt;                  &lt;p&gt;&amp;nbsp;&lt;\/p&gt;                 &lt;br&gt;&lt;br&gt;\"\n                data-category=\"F\u00f6rel\u00e4sning\"\n                data-category-ids=\"1002\"\n                data-span-all=\"\"\n              >\n\n              \n\n              <div class=\"vertical_bar\" style=\"background-color: #B2FF78;\"><\/div>\n              <div class=\"box_inner\">\n                                <span>Global h\u00e4lsa - Tropisk feber p\u00e5 akuten i Europa och Afrika <\/span>\n               <br>\n               <div class=\"lecturer\"><span>Kristina Elfving, Barnl\u00e4kare, Drottning Silvias barn- och ungdomssjukhus G\u00f6teborg<\/span><\/div>\n               <div class=\"room_div \">\n                 <i class=\"list-room\">H\u00f6rsalen<\/i>\n               <\/div>\n\n               <div class=\"name_time_div\">\n                <i class=\"list-time\" data-time=\"13:15\">13:15-14:00 - Onsdag 25 april<\/i>\n               <\/div>\n              <\/div>\n             <\/div>\n          <\/div>\n\n          \n          <div class=\"box-wrapper\"\n              data-id=\"1158\">\n\n              <div class='time-header' style='visibility: hidden;'>13:15<\/div>\n\n              <div class=\"box\"\n                data-id=\"1158\"\n                data-project=\"project_338_2017_12_12\"\n                data-title=\" ACTA f\u00f6rel\u00e4sning-Pain in very preterm neonates : Long term effects on child brain, behavior and development\"\n                data-time=\"13:15-14:00\"\n                data-room=\"Sal 301\"\n                data-room-id=\"1019\"\n                data-room-name=\"Sal 301\"\n                data-day=\"2\"\n                data-abs-nbr=\"\"\n                data-abs-path=\"\"\n                data-speaker=\"Ruth Grunau, Professor, University of British Columbia, Vancuver, Canada\"\n                data-speakercell=\"Ruth Grunau, Professor, University of British Columbia, Vancuver, Canada\"\n                data-info=\"&lt;b&gt;Moderatorer: &lt;\/b&gt;Hugo Lagercrantz, Professor, Karolinska institutet, Stockholm&lt;br&gt;&lt;br&gt;                  &amp;nbsp;&amp;nbsp;&amp;nbsp;&amp;nbsp;&amp;nbsp;&amp;nbsp;&amp;nbsp;&amp;nbsp;&amp;nbsp;&amp;nbsp;&amp;nbsp;&amp;nbsp;&amp;nbsp;&amp;nbsp;&amp;nbsp;&amp;nbsp;                  &lt;p&gt;Pain in very preterm neonates: Long term effects on child brain, behavior and development.&lt;\/p&gt;Grunau,&amp;nbsp;Ruth&amp;nbsp;                  &lt;div&gt;                   &lt;div&gt;                    Investigator, BC Children's Hospital                    &lt;br&gt;                   &lt;\/div&gt;                   &lt;div&gt;                    &lt;p&gt;Professor, Division of Neonatology, Department of Pediatrics, and Associate Member, Department of Psychology, University of British Columbia, Vancouver, Canada&lt;\/p&gt;                   &lt;\/div&gt;                  &lt;\/div&gt;                 &lt;br&gt;&lt;br&gt;\"\n                data-category=\"F\u00f6rel\u00e4sning\"\n                data-category-ids=\"1002\"\n                data-span-all=\"\"\n              >\n\n              \n\n              <div class=\"vertical_bar\" style=\"background-color: #B2FF78;\"><\/div>\n              <div class=\"box_inner\">\n                                <span> ACTA f\u00f6rel\u00e4sning-Pain in very preterm neonates : Long term effects on child brain, behavior and development<\/span>\n               <br>\n               <div class=\"lecturer\"><span>Ruth Grunau, Professor, University of British Columbia, Vancuver, Canada<\/span><\/div>\n               <div class=\"room_div \">\n                 <i class=\"list-room\">Sal 301<\/i>\n               <\/div>\n\n               <div class=\"name_time_div\">\n                <i class=\"list-time\" data-time=\"13:15\">13:15-14:00 - Onsdag 25 april<\/i>\n               <\/div>\n              <\/div>\n             <\/div>\n          <\/div>\n\n          \n          <div class=\"box-wrapper\"\n              data-id=\"1340\">\n\n              <div class='time-header'>14:05<\/div>\n\n              <div class=\"box\"\n                data-id=\"1340\"\n                data-project=\"project_338_2017_12_12\"\n                data-title=\"Neurologi: aEEG och EEG \u00f6vervakning hos barn och nyf\u00f6dda \u2013 teori del 2\"\n                data-time=\"14:05-14:50\"\n                data-room=\"Sal 109\"\n                data-room-id=\"1022\"\n                data-room-name=\"Sal 109\"\n                data-day=\"2\"\n                data-abs-nbr=\"\"\n                data-abs-path=\"\"\n                data-speaker=\"Roland Flink, Docent, neurofysiolog, Akademiska sjukhuset, Uppsala; Lena Hellstr\u00f6m-Westas\"\n                data-speakercell=\"Roland Flink, Docent, neurofysiolog, Akademiska sjukhuset, Uppsala; Lena Hellstr\u00f6m-Westas\"\n                data-info=\"                 &lt;p&gt;Fallbeskrivning neonatala kramper&lt;\/p&gt;                 &lt;table&gt;                  &lt;tbody&gt;                   &lt;tr&gt;                    &lt;td&gt;&lt;p&gt;CFM: Kontinuerlig EEG registrering med trendmonitorering, aEEG.&lt;\/p&gt;                     &lt;table&gt;                      &lt;tbody&gt;                       &lt;tr&gt;                        &lt;td&gt;&lt;\/td&gt;                       &lt;\/tr&gt;                      &lt;\/tbody&gt;                     &lt;\/table&gt;&lt;p&gt;&lt;br&gt;&lt;\/p&gt;                     &lt;table&gt;                      &lt;tbody&gt;                       &lt;tr&gt;                        &lt;td&gt;&lt;\/td&gt;                       &lt;\/tr&gt;                      &lt;\/tbody&gt;                     &lt;\/table&gt;                     &lt;table&gt;                      &lt;tbody&gt;                       &lt;tr&gt;                        &lt;td&gt;&lt;\/td&gt;                       &lt;\/tr&gt;                      &lt;\/tbody&gt;                     &lt;\/table&gt;                     &lt;table&gt;                      &lt;tbody&gt;                       &lt;tr&gt;                        &lt;td&gt;&lt;\/td&gt;                       &lt;\/tr&gt;                      &lt;\/tbody&gt;                     &lt;\/table&gt;&lt;\/td&gt;                   &lt;\/tr&gt;                  &lt;\/tbody&gt;                 &lt;\/table&gt;                 &lt;table&gt;                  &lt;tbody&gt;                   &lt;tr&gt;&lt;\/tr&gt;                  &lt;\/tbody&gt;                 &lt;\/table&gt;                 &lt;br&gt;&lt;br&gt;\"\n                data-category=\"F\u00f6rel\u00e4sning\"\n                data-category-ids=\"1002\"\n                data-span-all=\"\"\n              >\n\n              \n\n              <div class=\"vertical_bar\" style=\"background-color: #B2FF78;\"><\/div>\n              <div class=\"box_inner\">\n                                <span>Neurologi: aEEG och EEG \u00f6vervakning hos barn och nyf\u00f6dda \u2013 teori del 2<\/span>\n               <br>\n               <div class=\"lecturer\"><span>Roland Flink, Docent, neurofysiolog, Akademiska sjukhuset, Uppsala; Lena Hellstr\u00f6m-Westas<\/span><\/div>\n               <div class=\"room_div \">\n                 <i class=\"list-room\">Sal 109<\/i>\n               <\/div>\n\n               <div class=\"name_time_div\">\n                <i class=\"list-time\" data-time=\"14:05\">14:05-14:50 - Onsdag 25 april<\/i>\n               <\/div>\n              <\/div>\n             <\/div>\n          <\/div>\n\n          \n          <div class=\"box-wrapper\"\n              data-id=\"1151\">\n\n              <div class='time-header' style='visibility: hidden;'>14:05<\/div>\n\n              <div class=\"box\"\n                data-id=\"1151\"\n                data-project=\"project_338_2017_12_12\"\n                data-title=\"Neurologi\/habilitering - Etikseminarium \u00c4r full intensivv\u00e5rd alltid f\u00f6r barnets b\u00e4sta?-Etiska fr\u00e5gor kring de neurologiskt sv\u00e5rast sjuka barnen.\"\n                data-time=\"14:05-14:50\"\n                data-room=\"Lilla Kongresshallen\"\n                data-room-id=\"1021\"\n                data-room-name=\"Lilla Kongresshallen\"\n                data-day=\"2\"\n                data-abs-nbr=\"\"\n                data-abs-path=\"\"\n                data-speaker=\"Niklas  Juth, Docent, Medicinsk etik, Karolinska institutet; \u00c5sa Eriksson, Barnneurolog, Astrid Lindgrens barnsjukhus, Stockholm; \u00c5sa \u00d6stlund, BarnIVA-l\u00e4kare, Astrid Lindgrens barnsjukhus, Stockholm\"\n                data-speakercell=\"Niklas  Juth, Docent, Medicinsk etik, Karolinska institutet; \u00c5sa Eriksson, Barnneurolog, Astrid Lindgrens barnsjukhus, Stockholm; \u00c5sa \u00d6stlund, BarnIVA-l\u00e4kare, Astrid Lindgrens barnsjukhus, Stockholm\"\n                data-info=\"&lt;b&gt;Moderatorer: &lt;\/b&gt;Ylva \u00d6hrner, Barnneurolog, Barnkliniken V\u00e4ster\u00e5s&lt;br&gt;&lt;br&gt;                  &lt;p&gt;\u00c4r full intensivv\u00e5rd alltid f\u00f6r barnets b\u00e4sta?-Etiska fr\u00e5gor kring de neurologiskt sv\u00e5rast sjuka barnen.&lt;\/p&gt;                  &lt;p&gt;Etiska och juridiska aspekter&lt;\/p&gt;                  &lt;p&gt;Niklas Juth&lt;\/p&gt;                 &lt;br&gt;&lt;br&gt;\"\n                data-category=\"Seminarium\/Paneldebatt\"\n                data-category-ids=\"1006\"\n                data-span-all=\"\"\n              >\n\n              \n\n              <div class=\"vertical_bar\" style=\"background-color: #FFB217;\"><\/div>\n              <div class=\"box_inner\">\n                                <span>Neurologi\/habilitering - Etikseminarium \u00c4r full intensivv\u00e5rd alltid f\u00f6r barnets b\u00e4sta?-Etiska fr\u00e5gor kring de neurologiskt sv\u00e5rast sjuka barnen.<\/span>\n               <br>\n               <div class=\"lecturer\"><span>Niklas  Juth, Docent, Medicinsk etik, Karolinska institutet; \u00c5sa Eriksson, Barnneurolog, Astrid Lindgrens barnsjukhus, Stockholm; \u00c5sa \u00d6stlund, BarnIVA-l\u00e4kare, Astrid Lindgrens barnsjukhus, Stockholm<\/span><\/div>\n               <div class=\"room_div \">\n                 <i class=\"list-room\">Lilla Kongresshallen<\/i>\n               <\/div>\n\n               <div class=\"name_time_div\">\n                <i class=\"list-time\" data-time=\"14:05\">14:05-14:50 - Onsdag 25 april<\/i>\n               <\/div>\n              <\/div>\n             <\/div>\n          <\/div>\n\n          \n          <div class=\"box-wrapper\"\n              data-id=\"1167\">\n\n              <div class='time-header' style='visibility: hidden;'>14:05<\/div>\n\n              <div class=\"box\"\n                data-id=\"1167\"\n                data-project=\"project_338_2017_12_12\"\n                data-title=\"Allergi - Allt som l\u00e5ter \u00e4r inte astma\"\n                data-time=\"14:05-14:50\"\n                data-room=\"Sal 107\"\n                data-room-id=\"1025\"\n                data-room-name=\"Sal 107\"\n                data-day=\"2\"\n                data-abs-nbr=\"\"\n                data-abs-path=\"\"\n                data-speaker=\"Mareike Fech-Bormann, Barnallergolog, Barnl\u00e4kare, Barn- och ungdomskliniken, V\u00e4ster\u00e5s\"\n                data-speakercell=\"Mareike Fech-Bormann, Barnallergolog, Barnl\u00e4kare, Barn- och ungdomskliniken, V\u00e4ster\u00e5s\"\n                data-info=\"                  &lt;p&gt;Fallbaserad workshop&amp;nbsp;&lt;\/p&gt;                  &lt;p&gt;Patientfall med mentometerfr\u00e5gor. Fokus p\u00e5 differentialdiagnos astma.&lt;\/p&gt;                 &lt;p&gt;&lt;span style=&quot;font-style: italic;&quot;&gt;Samma workshop arrangeras vid fler tillf\u00e4llen.&lt;\/span&gt;&lt;br&gt;&lt;\/p&gt;                 &lt;br&gt;&lt;br&gt;\"\n                data-category=\"Workshop\"\n                data-category-ids=\"1003\"\n                data-span-all=\"\"\n              >\n\n              \n\n              <div class=\"vertical_bar\" style=\"background-color: #B2A1C9;\"><\/div>\n              <div class=\"box_inner\">\n                                <span>Allergi - Allt som l\u00e5ter \u00e4r inte astma<\/span>\n               <br>\n               <div class=\"lecturer\"><span>Mareike Fech-Bormann, Barnallergolog, Barnl\u00e4kare, Barn- och ungdomskliniken, V\u00e4ster\u00e5s<\/span><\/div>\n               <div class=\"room_div \">\n                 <i class=\"list-room\">Sal 107<\/i>\n               <\/div>\n\n               <div class=\"name_time_div\">\n                <i class=\"list-time\" data-time=\"14:05\">14:05-14:50 - Onsdag 25 april<\/i>\n               <\/div>\n              <\/div>\n             <\/div>\n          <\/div>\n\n          \n          <div class=\"box-wrapper\"\n              data-id=\"1126\">\n\n              <div class='time-header' style='visibility: hidden;'>14:05<\/div>\n\n              <div class=\"box\"\n                data-id=\"1126\"\n                data-project=\"project_338_2017_12_12\"\n                data-title=\"Allm\u00e4npediatrik och H\u00e4lsov\u00e5rd - Kostintyg, om, hur och varf\u00f6r?\"\n                data-time=\"14:05-14:50\"\n                data-room=\"Stora Kongresshallen\"\n                data-room-id=\"1018\"\n                data-room-name=\"Stora Kongresshallen\"\n                data-day=\"2\"\n                data-abs-nbr=\"\"\n                data-abs-path=\"\"\n                data-speaker=\"Anna  Winberg,  Barnallergolog , Norrlands Universitetssjukhus, Ume\u00e5\"\n                data-speakercell=\"Anna  Winberg,  Barnallergolog , Norrlands Universitetssjukhus, Ume\u00e5\"\n                data-info=\"                  &lt;p&gt;Kostintyg-om, hur och varf\u00f6r?&lt;br&gt;&lt;\/p&gt;                 &lt;br&gt;&lt;br&gt;\"\n                data-category=\"F\u00f6rel\u00e4sning\"\n                data-category-ids=\"1002\"\n                data-span-all=\"\"\n              >\n\n              \n\n              <div class=\"vertical_bar\" style=\"background-color: #B2FF78;\"><\/div>\n              <div class=\"box_inner\">\n                                <span>Allm\u00e4npediatrik och H\u00e4lsov\u00e5rd - Kostintyg, om, hur och varf\u00f6r?<\/span>\n               <br>\n               <div class=\"lecturer\"><span>Anna  Winberg,  Barnallergolog , Norrlands Universitetssjukhus, Ume\u00e5<\/span><\/div>\n               <div class=\"room_div \">\n                 <i class=\"list-room\">Stora Kongresshallen<\/i>\n               <\/div>\n\n               <div class=\"name_time_div\">\n                <i class=\"list-time\" data-time=\"14:05\">14:05-14:50 - Onsdag 25 april<\/i>\n               <\/div>\n              <\/div>\n             <\/div>\n          <\/div>\n\n          \n          <div class=\"box-wrapper\"\n              data-id=\"1159\">\n\n              <div class='time-header' style='visibility: hidden;'>14:05<\/div>\n\n              <div class=\"box\"\n                data-id=\"1159\"\n                data-project=\"project_338_2017_12_12\"\n                data-title=\"Barn och sm\u00e4rta - Dans och yoga f\u00f6r unga flickor med magsm\u00e4rta\"\n                data-time=\"14:05-14:50\"\n                data-room=\"Sal 301\"\n                data-room-id=\"1019\"\n                data-room-name=\"Sal 301\"\n                data-day=\"2\"\n                data-abs-nbr=\"\"\n                data-abs-path=\"\"\n                data-speaker=\"Anna Duberg, Fysioterapeut, \u00d6rebro\"\n                data-speakercell=\"Anna Duberg, Fysioterapeut, \u00d6rebro\"\n                data-info=\"&lt;b&gt;Moderatorer: &lt;\/b&gt;Stefan Nilsson&lt;br&gt;&lt;br&gt;                  &lt;p&gt;Barn och sm\u00e4rta&lt;br&gt;&lt;\/p&gt;                 &lt;br&gt;&lt;br&gt;\"\n                data-category=\"F\u00f6rel\u00e4sning\"\n                data-category-ids=\"1002\"\n                data-span-all=\"\"\n              >\n\n              \n\n              <div class=\"vertical_bar\" style=\"background-color: #B2FF78;\"><\/div>\n              <div class=\"box_inner\">\n                                <span>Barn och sm\u00e4rta - Dans och yoga f\u00f6r unga flickor med magsm\u00e4rta<\/span>\n               <br>\n               <div class=\"lecturer\"><span>Anna Duberg, Fysioterapeut, \u00d6rebro<\/span><\/div>\n               <div class=\"room_div \">\n                 <i class=\"list-room\">Sal 301<\/i>\n               <\/div>\n\n               <div class=\"name_time_div\">\n                <i class=\"list-time\" data-time=\"14:05\">14:05-14:50 - Onsdag 25 april<\/i>\n               <\/div>\n              <\/div>\n             <\/div>\n          <\/div>\n\n          \n          <div class=\"box-wrapper\"\n              data-id=\"1118\">\n\n              <div class='time-header' style='visibility: hidden;'>14:05<\/div>\n\n              <div class=\"box\"\n                data-id=\"1118\"\n                data-project=\"project_338_2017_12_12\"\n                data-title=\"Global H\u00e4lsa - Tropisk feber p\u00e5 akuten i Europa och Afrika \"\n                data-time=\"14:05-14:50\"\n                data-room=\"H\u00f6rsalen\"\n                data-room-id=\"1024\"\n                data-room-name=\"H\u00f6rsalen\"\n                data-day=\"2\"\n                data-abs-nbr=\"\"\n                data-abs-path=\"\"\n                data-speaker=\"Kristina Elfving, Barnl\u00e4kare, Drottning Silvias barn- och ungdomssjukhus G\u00f6teborg\"\n                data-speakercell=\"Kristina Elfving, Barnl\u00e4kare, Drottning Silvias barn- och ungdomssjukhus G\u00f6teborg\"\n                data-info=\"&lt;b&gt;Moderatorer: &lt;\/b&gt;Britt Gustafsson, Professor, Barnl\u00e4kare, Akademiska barnsjukhuset, Karolinska institutet&lt;br&gt;&lt;br&gt;                  &lt;p&gt;&amp;nbsp;&lt;\/p&gt;                 &lt;br&gt;&lt;br&gt;\"\n                data-category=\"F\u00f6rel\u00e4sning\"\n                data-category-ids=\"1002\"\n                data-span-all=\"\"\n              >\n\n              \n\n              <div class=\"vertical_bar\" style=\"background-color: #B2FF78;\"><\/div>\n              <div class=\"box_inner\">\n                                <span>Global H\u00e4lsa - Tropisk feber p\u00e5 akuten i Europa och Afrika <\/span>\n               <br>\n               <div class=\"lecturer\"><span>Kristina Elfving, Barnl\u00e4kare, Drottning Silvias barn- och ungdomssjukhus G\u00f6teborg<\/span><\/div>\n               <div class=\"room_div \">\n                 <i class=\"list-room\">H\u00f6rsalen<\/i>\n               <\/div>\n\n               <div class=\"name_time_div\">\n                <i class=\"list-time\" data-time=\"14:05\">14:05-14:50 - Onsdag 25 april<\/i>\n               <\/div>\n              <\/div>\n             <\/div>\n          <\/div>\n\n          \n          <div class=\"box-wrapper\"\n              data-id=\"1179\">\n\n              <div class='time-header' style='visibility: hidden;'>14:05<\/div>\n\n              <div class=\"box\"\n                data-id=\"1179\"\n                data-project=\"project_338_2017_12_12\"\n                data-title=\"Allm\u00e4npediatrik och H\u00e4lsov\u00e5rd - Eksemskola, sm\u00f6rjteknik \"\n                data-time=\"14:05-14:50\"\n                data-room=\"Sal 105\"\n                data-room-id=\"1030\"\n                data-room-name=\"Sal 105\"\n                data-day=\"2\"\n                data-abs-nbr=\"\"\n                data-abs-path=\"\"\n                data-speaker=\"Anna  Bernholm, Barnsjuksk\u00f6terska med specialitet inom astma, allergi och eksem. Barnkliniken \u00d6stersunds sjukhus\"\n                data-speakercell=\"Anna  Bernholm, Barnsjuksk\u00f6terska med specialitet inom astma, allergi och eksem. Barnkliniken \u00d6stersunds sjukhus\"\n                data-info=\"                  &lt;p&gt;Eksemskola, sm\u00f6rjteknik&amp;nbsp;&lt;\/p&gt;                 &lt;br&gt;&lt;br&gt;\"\n                data-category=\"Workshop\"\n                data-category-ids=\"1003\"\n                data-span-all=\"\"\n              >\n\n              \n\n              <div class=\"vertical_bar\" style=\"background-color: #B2A1C9;\"><\/div>\n              <div class=\"box_inner\">\n                                <span>Allm\u00e4npediatrik och H\u00e4lsov\u00e5rd - Eksemskola, sm\u00f6rjteknik <\/span>\n               <br>\n               <div class=\"lecturer\"><span>Anna  Bernholm, Barnsjuksk\u00f6terska med specialitet inom astma, allergi och eksem. Barnkliniken \u00d6stersunds sjukhus<\/span><\/div>\n               <div class=\"room_div \">\n                 <i class=\"list-room\">Sal 105<\/i>\n               <\/div>\n\n               <div class=\"name_time_div\">\n                <i class=\"list-time\" data-time=\"14:05\">14:05-14:50 - Onsdag 25 april<\/i>\n               <\/div>\n              <\/div>\n             <\/div>\n          <\/div>\n\n          \n          <div class=\"box-wrapper\"\n              data-id=\"1269\">\n\n              <div class='time-header' style='visibility: hidden;'>14:05<\/div>\n\n              <div class=\"box\"\n                data-id=\"1269\"\n                data-project=\"project_338_2017_12_12\"\n                data-title=\"Clownetterna - F\u00f6rdjupande workshop\"\n                data-time=\"14:05-14:50\"\n                data-room=\"Lilla Salen\"\n                data-room-id=\"1023\"\n                data-room-name=\"Lilla Salen\"\n                data-day=\"2\"\n                data-abs-nbr=\"\"\n                data-abs-path=\"\"\n                data-speaker=\"Pia \"Dr Musik\" Degr\u00e9us, Sjukhusclown, Clownetterna; Jenny \"Hopp-San\" Carlsson, Sjukhusclown, Clownetterna; Kristian \"Krusbert\" Elmeskog, Sjukhusclown, Clownetterna; Lina \"LillaSyster\" Degr\u00e9us, Sjukhusclown, Clownetterna; Adam \"Hemling\" Brom\u00e9e, Sjukhusclown, Clownetterna\"\n                data-speakercell=\"Pia \"Dr Musik\" Degr\u00e9us, Sjukhusclown, Clownetterna; Jenny \"Hopp-San\" Carlsson, Sjukhusclown, Clownetterna; Kristian \"Krusbert\" Elmeskog, Sjukhusclown, Clownetterna; Lina \"LillaSyster\" Degr\u00e9us, Sjukhusclown, Clownetterna; Adam \"Hemling\" Brom\u00e9e, Sjukhusclown, Clownetterna\"\n                data-info=\"                  &lt;p&gt;Workshop med f\u00f6rdjupning kring att arbeta utifr\u00e5n Barnkonventionen p\u00e5 golvet.&lt;br&gt;&lt;\/p&gt;                  &lt;p&gt;Clownetterna, V\u00e4ster\u00e5s&amp;nbsp;&lt;\/p&gt;&lt;p&gt;&lt;span style=&quot;font-style: italic;&quot;&gt;Samma workshop arrangeras vid fler tillf\u00e4llen.&lt;\/span&gt;&lt;br&gt;&lt;\/p&gt;                 &lt;br&gt;&lt;br&gt;\"\n                data-category=\"Workshop\"\n                data-category-ids=\"1003\"\n                data-span-all=\"\"\n              >\n\n              \n\n              <div class=\"vertical_bar\" style=\"background-color: #B2A1C9;\"><\/div>\n              <div class=\"box_inner\">\n                                <span>Clownetterna - F\u00f6rdjupande workshop<\/span>\n               <br>\n               <div class=\"lecturer\"><span>Pia \"Dr Musik\" Degr\u00e9us, Sjukhusclown, Clownetterna; Jenny \"Hopp-San\" Carlsson, Sjukhusclown, Clownetterna; Kristian \"Krusbert\" Elmeskog, Sjukhusclown, Clownetterna; Lina \"LillaSyster\" Degr\u00e9us, Sjukhusclown, Clownetterna; Adam \"Hemling\" Brom\u00e9e, Sjukhusclown, Clownetterna<\/span><\/div>\n               <div class=\"room_div \">\n                 <i class=\"list-room\">Lilla Salen<\/i>\n               <\/div>\n\n               <div class=\"name_time_div\">\n                <i class=\"list-time\" data-time=\"14:05\">14:05-14:50 - Onsdag 25 april<\/i>\n               <\/div>\n              <\/div>\n             <\/div>\n          <\/div>\n\n          \n          <div class=\"box-wrapper\"\n              data-id=\"1285\">\n\n              <div class='time-header' style='visibility: hidden;'>14:05<\/div>\n\n              <div class=\"box\"\n                data-id=\"1285\"\n                data-project=\"project_338_2017_12_12\"\n                data-title=\"Barn och l\u00e4kemedel - Amning och l\u00e4kemedel\"\n                data-time=\"14:05-14:50\"\n                data-room=\"Sal 302\"\n                data-room-id=\"1020\"\n                data-room-name=\"Sal 302\"\n                data-day=\"2\"\n                data-abs-nbr=\"\"\n                data-abs-path=\"\"\n                data-speaker=\"Lisa Forsberg, Barnl\u00e4kare, Astrid Lindgrens barnsjukhus, Huddinge; Anna Eriksson, Klinisk farmakologi, Sahlgrenska Universitetssjuk\"\n                data-speakercell=\"Lisa Forsberg, Barnl\u00e4kare, Astrid Lindgrens barnsjukhus, Huddinge; Anna Eriksson, Klinisk farmakologi, Sahlgrenska Universitetssjuk\"\n                data-info=\"                  &lt;table&gt;                   &lt;tbody&gt;                    &lt;tr&gt;                     &lt;td&gt;BUMM Huddinge Astrid Lindgrens Barnsjukhus&lt;\/td&gt;                    &lt;\/tr&gt;                   &lt;\/tbody&gt;                  &lt;\/table&gt;                  &lt;p&gt;L\u00e4kemedel och barn&lt;\/p&gt;                  &lt;p&gt;En genomg\u00e5ng av grundprinciper kring l\u00e4kemedel och amning.&amp;nbsp; Specifikt intressanta l\u00e4kemedel tas upp inklusive fallpresentationer med diskussion. Barnl\u00e4kare och klinisk farmakolog h\u00e5ller i tr\u00e5darna.&lt;\/p&gt;&lt;p&gt;&lt;span style=&quot;font-style: italic;&quot;&gt;Samma workshop arrangeras vid fler tillf\u00e4llen.&lt;\/span&gt;&lt;br&gt;&lt;\/p&gt;                 &lt;br&gt;&lt;br&gt;\"\n                data-category=\"Workshop\"\n                data-category-ids=\"1003\"\n                data-span-all=\"\"\n              >\n\n              \n\n              <div class=\"vertical_bar\" style=\"background-color: #B2A1C9;\"><\/div>\n              <div class=\"box_inner\">\n                                <span>Barn och l\u00e4kemedel - Amning och l\u00e4kemedel<\/span>\n               <br>\n               <div class=\"lecturer\"><span>Lisa Forsberg, Barnl\u00e4kare, Astrid Lindgrens barnsjukhus, Huddinge; Anna Eriksson, Klinisk farmakologi, Sahlgrenska Universitetssjuk<\/span><\/div>\n               <div class=\"room_div \">\n                 <i class=\"list-room\">Sal 302<\/i>\n               <\/div>\n\n               <div class=\"name_time_div\">\n                <i class=\"list-time\" data-time=\"14:05\">14:05-14:50 - Onsdag 25 april<\/i>\n               <\/div>\n              <\/div>\n             <\/div>\n          <\/div>\n\n          \n          <div class=\"box-wrapper\"\n              data-id=\"1147\">\n\n              <div class='time-header'>14:50<\/div>\n\n              <div class=\"box\"\n                data-id=\"1147\"\n                data-project=\"project_338_2017_12_12\"\n                data-title=\"Fika, utst\u00e4llare, posterbes\u00f6k\"\n                data-time=\"14:50-15:25\"\n                data-room=\"Utst\u00e4llningen\"\n                data-room-id=\"1013\"\n                data-room-name=\"Utst\u00e4llningen\"\n                data-day=\"2\"\n                data-abs-nbr=\"\"\n                data-abs-path=\"\"\n                data-speaker=\"\"\n                data-speakercell=\"\"\n                data-info=\"\"\n                data-category=\"\"\n                data-category-ids=\"\"\n                data-span-all=\"1\"\n              >\n\n              \n\n              <div class=\"vertical_bar\" style=\"background-color: rgba(255, 255, 255, 0);\"><\/div>\n              <div class=\"box_inner\">\n                                <span>Fika, utst\u00e4llare, posterbes\u00f6k<\/span>\n               <br>\n               \n               <div class=\"room_div \">\n                 <i class=\"list-room\">Utst\u00e4llningen<\/i>\n               <\/div>\n\n               <div class=\"name_time_div\">\n                <i class=\"list-time\" data-time=\"14:50\">14:50-15:25 - Onsdag 25 april<\/i>\n               <\/div>\n              <\/div>\n             <\/div>\n          <\/div>\n\n          \n          <div class=\"box-wrapper\"\n              data-id=\"1168\">\n\n              <div class='time-header'>15:25<\/div>\n\n              <div class=\"box\"\n                data-id=\"1168\"\n                data-project=\"project_338_2017_12_12\"\n                data-title=\"Allergi - Anafylaxi och adrenalinpennor\"\n                data-time=\"15:25-16:10\"\n                data-room=\"Sal 107\"\n                data-room-id=\"1025\"\n                data-room-name=\"Sal 107\"\n                data-day=\"2\"\n                data-abs-nbr=\"\"\n                data-abs-path=\"\"\n                data-speaker=\"Maija Wedenberg, Barnl\u00e4kare och allergiteamet; Marie-Louise Andersson, Barnsjuksk\u00f6terska, Barn- och ungdomskliniken V\u00e4ster\u00e5s; Jenny Lindbom, Barnsjuksk\u00f6terska, Barn- och ungdomskliniken V\u00e4ster\u00e5s\"\n                data-speakercell=\"Maija Wedenberg, Barnl\u00e4kare och allergiteamet; Marie-Louise Andersson, Barnsjuksk\u00f6terska, Barn- och ungdomskliniken V\u00e4ster\u00e5s; Jenny Lindbom, Barnsjuksk\u00f6terska, Barn- och ungdomskliniken V\u00e4ster\u00e5s\"\n                data-info=\"                  &lt;p&gt;Anafylaxi - omh\u00e4ndertagande utanf\u00f6r och p\u00e5 kliniken samt genomg\u00e5ng av patientinformation och Adrenalinpennor&lt;\/p&gt;                  &lt;table&gt;                   &lt;tbody&gt;                    &lt;tr&gt;                     &lt;td&gt;Specialist i barnmedicin sedan 1986. Specialintresse allergologi.&lt;\/td&gt;                    &lt;\/tr&gt;                   &lt;\/tbody&gt;                  &lt;\/table&gt;                  &lt;br&gt;                  &lt;span style=&quot;font-style: italic;&quot;&gt;Samma workshop arrangeras vid fler tillf\u00e4llen&lt;\/span&gt;.                  &lt;br&gt;                 &lt;br&gt;&lt;br&gt;\"\n                data-category=\"Workshop\"\n                data-category-ids=\"1003\"\n                data-span-all=\"\"\n              >\n\n              \n\n              <div class=\"vertical_bar\" style=\"background-color: #B2A1C9;\"><\/div>\n              <div class=\"box_inner\">\n                                <span>Allergi - Anafylaxi och adrenalinpennor<\/span>\n               <br>\n               <div class=\"lecturer\"><span>Maija Wedenberg, Barnl\u00e4kare och allergiteamet; Marie-Louise Andersson, Barnsjuksk\u00f6terska, Barn- och ungdomskliniken V\u00e4ster\u00e5s; Jenny Lindbom, Barnsjuksk\u00f6terska, Barn- och ungdomskliniken V\u00e4ster\u00e5s<\/span><\/div>\n               <div class=\"room_div \">\n                 <i class=\"list-room\">Sal 107<\/i>\n               <\/div>\n\n               <div class=\"name_time_div\">\n                <i class=\"list-time\" data-time=\"15:25\">15:25-16:10 - Onsdag 25 april<\/i>\n               <\/div>\n              <\/div>\n             <\/div>\n          <\/div>\n\n          \n          <div class=\"box-wrapper\"\n              data-id=\"1250\">\n\n              <div class='time-header' style='visibility: hidden;'>15:25<\/div>\n\n              <div class=\"box\"\n                data-id=\"1250\"\n                data-project=\"project_338_2017_12_12\"\n                data-title=\"Barnakut-teamtr\u00e4ning\"\n                data-time=\"15:25-17:00\"\n                data-room=\"Sal 103\"\n                data-room-id=\"1031\"\n                data-room-name=\"Sal 103\"\n                data-day=\"2\"\n                data-abs-nbr=\"\"\n                data-abs-path=\"\"\n                data-speaker=\"David Moritz, ST-l\u00e4kare, Barn- & Ungdomskliniken V\u00e4ster\u00e5s; Johan M\u00e4kk, \u00d6verl\u00e4kare; Maria Dahlgren, Sjuksk\u00f6terska, Barnkliniken V\u00e4ster\u00e5s\"\n                data-speakercell=\"David Moritz, ST-l\u00e4kare, Barn- & Ungdomskliniken V\u00e4ster\u00e5s; Johan M\u00e4kk, \u00d6verl\u00e4kare; Maria Dahlgren, Sjuksk\u00f6terska, Barnkliniken V\u00e4ster\u00e5s\"\n                data-info=\"                  &lt;p&gt;Akutpediatriska fall i simulerad milj\u00f6, d\u00e4r l\u00e4kare och sjuksk\u00f6terskor tillsammans f\u00e5r testa teamtr\u00e4ning s\u00e5 som vi g\u00f6r i V\u00e4ster\u00e5s.&lt;\/p&gt;                  &lt;p&gt;M\u00e5ls\u00e4ttning: tv\u00e5 l\u00e4kare och sex sjuksk\u00f6terskor per grupp&lt;\/p&gt;                 &lt;p&gt;&lt;span style=&quot;font-style: italic;&quot;&gt;Samma workshop arrangeras vid fler tillf\u00e4llen.&lt;\/span&gt;&lt;br&gt;&lt;\/p&gt;                 &lt;br&gt;&lt;br&gt;\"\n                data-category=\"Workshop\"\n                data-category-ids=\"1003\"\n                data-span-all=\"\"\n              >\n\n              \n\n              <div class=\"vertical_bar\" style=\"background-color: #B2A1C9;\"><\/div>\n              <div class=\"box_inner\">\n                                <span>Barnakut-teamtr\u00e4ning<\/span>\n               <br>\n               <div class=\"lecturer\"><span>David Moritz, ST-l\u00e4kare, Barn- & Ungdomskliniken V\u00e4ster\u00e5s; Johan M\u00e4kk, \u00d6verl\u00e4kare; Maria Dahlgren, Sjuksk\u00f6terska, Barnkliniken V\u00e4ster\u00e5s<\/span><\/div>\n               <div class=\"room_div \">\n                 <i class=\"list-room\">Sal 103<\/i>\n               <\/div>\n\n               <div class=\"name_time_div\">\n                <i class=\"list-time\" data-time=\"15:25\">15:25-17:00 - Onsdag 25 april<\/i>\n               <\/div>\n              <\/div>\n             <\/div>\n          <\/div>\n\n          \n          <div class=\"box-wrapper\"\n              data-id=\"1160\">\n\n              <div class='time-header' style='visibility: hidden;'>15:25<\/div>\n\n              <div class=\"box\"\n                data-id=\"1160\"\n                data-project=\"project_338_2017_12_12\"\n                data-title=\"Barn och sm\u00e4rta - S\u00e4tt pediatriken och barnpsykiatrin vid samma bord\"\n                data-time=\"15:25-16:10\"\n                data-room=\"Sal 301\"\n                data-room-id=\"1019\"\n                data-room-name=\"Sal 301\"\n                data-day=\"2\"\n                data-abs-nbr=\"\"\n                data-abs-path=\"\"\n                data-speaker=\"Elisabeth Fernell, Professor, Barnl\u00e4kare\"\n                data-speakercell=\"Elisabeth Fernell, Professor, Barnl\u00e4kare\"\n                data-info=\"&lt;b&gt;Moderatorer: &lt;\/b&gt;Stefan Nilsson&lt;br&gt;&lt;br&gt;                  &lt;p&gt;S\u00e4tt pediatriken och barnpsykiatrin vid samma bord. \u00d6kad kompetens f\u00f6r barnets b\u00e4sta.&amp;nbsp;&lt;br&gt;&lt;\/p&gt;                  &lt;p&gt;N\u00e4r kan sm\u00e4rta&amp;nbsp;vara en mark\u00f6r f\u00f6r utvecklingsneurologisk\/ neuropsykiatrisk problematik?&lt;\/p&gt;                 &lt;br&gt;&lt;br&gt;\"\n                data-category=\"Workshop\"\n                data-category-ids=\"1003\"\n                data-span-all=\"\"\n              >\n\n              \n\n              <div class=\"vertical_bar\" style=\"background-color: #B2A1C9;\"><\/div>\n              <div class=\"box_inner\">\n                                <span>Barn och sm\u00e4rta - S\u00e4tt pediatriken och barnpsykiatrin vid samma bord<\/span>\n               <br>\n               <div class=\"lecturer\"><span>Elisabeth Fernell, Professor, Barnl\u00e4kare<\/span><\/div>\n               <div class=\"room_div \">\n                 <i class=\"list-room\">Sal 301<\/i>\n               <\/div>\n\n               <div class=\"name_time_div\">\n                <i class=\"list-time\" data-time=\"15:25\">15:25-16:10 - Onsdag 25 april<\/i>\n               <\/div>\n              <\/div>\n             <\/div>\n          <\/div>\n\n          \n          <div class=\"box-wrapper\"\n              data-id=\"1119\">\n\n              <div class='time-header' style='visibility: hidden;'>15:25<\/div>\n\n              <div class=\"box\"\n                data-id=\"1119\"\n                data-project=\"project_338_2017_12_12\"\n                data-title=\"Global h\u00e4lsa - f\u00f6renklad diagnostik av febrila barn\"\n                data-time=\"15:25-16:10\"\n                data-room=\"H\u00f6rsalen\"\n                data-room-id=\"1024\"\n                data-room-name=\"H\u00f6rsalen\"\n                data-day=\"2\"\n                data-abs-nbr=\"\"\n                data-abs-path=\"\"\n                data-speaker=\"Reza Rasti, Doktor\"\n                data-speakercell=\"Reza Rasti, Doktor\"\n                data-info=\"&lt;b&gt;Moderatorer: &lt;\/b&gt;Britt Gustafsson, Professor, Barnl\u00e4kare, Akademiska barnsjukhuset, Karolinska institutet&lt;br&gt;&lt;br&gt;                  &lt;p&gt;Global h\u00e4lsa - f\u00f6renklad diagnostik av febrilabarn&lt;br&gt;&lt;\/p&gt;                  &lt;p&gt;&lt;br&gt;&lt;\/p&gt;                 &lt;br&gt;&lt;br&gt;\"\n                data-category=\"F\u00f6rel\u00e4sning\"\n                data-category-ids=\"1002\"\n                data-span-all=\"\"\n              >\n\n              \n\n              <div class=\"vertical_bar\" style=\"background-color: #B2FF78;\"><\/div>\n              <div class=\"box_inner\">\n                                <span>Global h\u00e4lsa - f\u00f6renklad diagnostik av febrila barn<\/span>\n               <br>\n               <div class=\"lecturer\"><span>Reza Rasti, Doktor<\/span><\/div>\n               <div class=\"room_div \">\n                 <i class=\"list-room\">H\u00f6rsalen<\/i>\n               <\/div>\n\n               <div class=\"name_time_div\">\n                <i class=\"list-time\" data-time=\"15:25\">15:25-16:10 - Onsdag 25 april<\/i>\n               <\/div>\n              <\/div>\n             <\/div>\n          <\/div>\n\n          \n          <div class=\"box-wrapper\"\n              data-id=\"1175\">\n\n              <div class='time-header' style='visibility: hidden;'>15:25<\/div>\n\n              <div class=\"box\"\n                data-id=\"1175\"\n                data-project=\"project_338_2017_12_12\"\n                data-title=\"Neurologi: aEEG och EEG \u00f6vervakning hos barn och nyf\u00f6dda \u2013 praktisk till\u00e4mpning del 3\"\n                data-time=\"15:25-16:10\"\n                data-room=\"Sal 109\"\n                data-room-id=\"1022\"\n                data-room-name=\"Sal 109\"\n                data-day=\"2\"\n                data-abs-nbr=\"\"\n                data-abs-path=\"\"\n                data-speaker=\"Roland Flink, Docent, neurofysiolog, Akademiska sjukhuset, Uppsala; Lena Hellstr\u00f6m-Westas\"\n                data-speakercell=\"Roland Flink, Docent, neurofysiolog, Akademiska sjukhuset, Uppsala; Lena Hellstr\u00f6m-Westas\"\n                data-info=\"                  &lt;table&gt;                   &lt;tbody&gt;                    &lt;tr&gt;                     &lt;td&gt;&lt;p&gt;CFM: Kontinuerlig EEG registrering med trendmonitorering, aEEG. Workshop d\u00e4r patientfall kommer att analyseras och diskuteras i grupp&lt;\/p&gt;&lt;\/td&gt;                    &lt;\/tr&gt;                   &lt;\/tbody&gt;                  &lt;\/table&gt;                 &lt;span style=&quot;font-style: italic;&quot;&gt;Samma workshop arrangeras vid fler tillf\u00e4llen.&lt;\/span&gt;                 &lt;br&gt;                  &lt;p&gt;&lt;br&gt;&lt;\/p&gt;                 &lt;br&gt;&lt;br&gt;\"\n                data-category=\"Workshop\"\n                data-category-ids=\"1003\"\n                data-span-all=\"\"\n              >\n\n              \n\n              <div class=\"vertical_bar\" style=\"background-color: #B2A1C9;\"><\/div>\n              <div class=\"box_inner\">\n                                <span>Neurologi: aEEG och EEG \u00f6vervakning hos barn och nyf\u00f6dda \u2013 praktisk till\u00e4mpning del 3<\/span>\n               <br>\n               <div class=\"lecturer\"><span>Roland Flink, Docent, neurofysiolog, Akademiska sjukhuset, Uppsala; Lena Hellstr\u00f6m-Westas<\/span><\/div>\n               <div class=\"room_div \">\n                 <i class=\"list-room\">Sal 109<\/i>\n               <\/div>\n\n               <div class=\"name_time_div\">\n                <i class=\"list-time\" data-time=\"15:25\">15:25-16:10 - Onsdag 25 april<\/i>\n               <\/div>\n              <\/div>\n             <\/div>\n          <\/div>\n\n          \n          <div class=\"box-wrapper\"\n              data-id=\"1275\">\n\n              <div class='time-header' style='visibility: hidden;'>15:25<\/div>\n\n              <div class=\"box\"\n                data-id=\"1275\"\n                data-project=\"project_338_2017_12_12\"\n                data-title=\"Gastroenterologi - Parenteral nutrition\"\n                data-time=\"15:25-16:10\"\n                data-room=\"Lilla Salen\"\n                data-room-id=\"1023\"\n                data-room-name=\"Lilla Salen\"\n                data-day=\"2\"\n                data-abs-nbr=\"\"\n                data-abs-path=\"\"\n                data-speaker=\"Yigael  Finkel, Docent, Barnmedicin Gastro\/Nutrition\/Sachsska barn- och ungdomssjukhuset\"\n                data-speakercell=\"Yigael  Finkel, Docent, Barnmedicin Gastro\/Nutrition\/Sachsska barn- och ungdomssjukhuset\"\n                data-info=\"                  &lt;p&gt;G\u00f6ra kanske sv\u00e5rt till l\u00e4tt - att ordinera parenteral nutrition till barn och ungdom&lt;\/p&gt;&lt;p&gt;&lt;span style=&quot;font-style: italic;&quot;&gt;Samma workshop arrangeras vid fler tillf\u00e4llen.&lt;\/span&gt;&lt;br&gt;&lt;\/p&gt;                 &lt;br&gt;&lt;br&gt;\"\n                data-category=\"Workshop\"\n                data-category-ids=\"1003\"\n                data-span-all=\"\"\n              >\n\n              \n\n              <div class=\"vertical_bar\" style=\"background-color: #B2A1C9;\"><\/div>\n              <div class=\"box_inner\">\n                                <span>Gastroenterologi - Parenteral nutrition<\/span>\n               <br>\n               <div class=\"lecturer\"><span>Yigael  Finkel, Docent, Barnmedicin Gastro\/Nutrition\/Sachsska barn- och ungdomssjukhuset<\/span><\/div>\n               <div class=\"room_div \">\n                 <i class=\"list-room\">Lilla Salen<\/i>\n               <\/div>\n\n               <div class=\"name_time_div\">\n                <i class=\"list-time\" data-time=\"15:25\">15:25-16:10 - Onsdag 25 april<\/i>\n               <\/div>\n              <\/div>\n             <\/div>\n          <\/div>\n\n          \n          <div class=\"box-wrapper\"\n              data-id=\"1134\">\n\n              <div class='time-header' style='visibility: hidden;'>15:25<\/div>\n\n              <div class=\"box\"\n                data-id=\"1134\"\n                data-project=\"project_338_2017_12_12\"\n                data-title=\"Barnvaccin - M\u00e4sslingsutbrott i G\u00f6teborg - l\u00e4rdomar och utmaningar\"\n                data-time=\"15:25-17:00\"\n                data-room=\"Sal 302\"\n                data-room-id=\"1020\"\n                data-room-name=\"Sal 302\"\n                data-day=\"2\"\n                data-abs-nbr=\"\"\n                data-abs-path=\"\"\n                data-speaker=\"Pia  Laurin, Barnl\u00e4kare, Drottning Silvias barn och ungdomssjukhus G\u00f6teborg; Bernice Aronsson, Barnl\u00e4kare, Sachsska barnsjukhuset Stockholm, Utredare Folkh\u00e4lsomyndigheten; Ann-Sofie Cavefors, Barnh\u00e4lsov\u00e5rds\u00f6verl\u00e4kare, V\u00e4stra G\u00f6taland; Leif Dotewall, Bitr. smittskyddsl\u00e4kare, Smittskydd, V\u00e4stra G\u00f6taland; H\u00e9l\u00e8ne  Englund, Epidemiolog, Folkh\u00e4losmyndigheten; Christian  Penno, Barnl\u00e4kare, Helsingborgs sjukhus\"\n                data-speakercell=\"Pia  Laurin, Barnl\u00e4kare, Drottning Silvias barn och ungdomssjukhus G\u00f6teborg; Bernice Aronsson, Barnl\u00e4kare, Sachsska barnsjukhuset Stockholm, Utredare Folkh\u00e4lsomyndigheten; Ann-Sofie Cavefors, Barnh\u00e4lsov\u00e5rds\u00f6verl\u00e4kare, V\u00e4stra G\u00f6taland; Leif Dotewall, Bitr. smittskyddsl\u00e4kare, Smittskydd, V\u00e4stra G\u00f6taland; H\u00e9l\u00e8ne  Englund, Epidemiolog, Folkh\u00e4losmyndigheten; Christian  Penno, Barnl\u00e4kare, Helsingborgs sjukhus\"\n                data-info=\"&lt;b&gt;Moderatorer: &lt;\/b&gt;Christian  Penno, Barnl\u00e4kare, Helsingborgs sjukhus&lt;br&gt;&lt;br&gt;                  &lt;div&gt;                  &lt;\/div&gt;                  &lt;div&gt;                   Klinisk bild och komplikationer. Utg\u00e5r fr\u00e5n det f\u00f6rst fallet bland barn i G\u00f6teborg. Laurin, 10 min.                  &lt;\/div&gt;                  &lt;div&gt;                  &lt;\/div&gt;                  &lt;div&gt;                   &lt;br&gt;                  &lt;\/div&gt;                  &lt;div&gt;                   M\u00e4sslingsimmunologi, provtagningsrutiner. Immunologi i f\u00f6rh\u00e5llande till klinik, smittsamhet och m\u00f6jlighet till provtagning. Aronsson,10 min.                  &lt;\/div&gt;                  &lt;div&gt;                  &lt;\/div&gt;                  &lt;div&gt;                   &lt;br&gt;                  &lt;\/div&gt;                  &lt;div&gt;                   M\u00e4sslingsutbrott i G\u00f6teborg. Smittskydd, v\u00e5rdhygien och BVC-arbete. \u00c5tg\u00e4rder, beslut och kommunikation. Strategier i olika faser av utbrottet. Caverfors, Dotewall 25 min.                  &lt;\/div&gt;                  &lt;div&gt;                  &lt;\/div&gt;                  &lt;div&gt;                   &lt;br&gt;                  &lt;\/div&gt;                  &lt;div&gt;                   M\u00e4ssling i v\u00e4l vaccinerat samh\u00e4lle. Aktuellt kunskapsl\u00e4ge. Englund 15 min.                  &lt;\/div&gt;                  &lt;div&gt;                   &lt;br&gt;                  &lt;\/div&gt;                  &lt;div&gt;                   Paneldiskussion. Moderator: Penno, 30 min                  &lt;\/div&gt;                  &lt;div&gt;                   Fr\u00e5gor som kan komma att diskuteras: Hur p\u00e5verkas det dagliga arbetet p\u00e5 sjukhuset och BVC? Tidigarel\u00e4ggning av MPR? Vaccinering av andra grupper? Hur m\u00f6ter vi oron hos f\u00f6r\u00e4ldrar? Skydd inf\u00f6r resa, hur g\u00f6r vi idag?                  &lt;\/div&gt;                  &lt;div&gt;                  &lt;\/div&gt;                  &lt;div&gt;                  &lt;\/div&gt;                  &lt;div&gt;                  &lt;\/div&gt;                  &lt;div&gt;                  &lt;\/div&gt;                 &lt;br&gt;&lt;br&gt;\"\n                data-category=\"F\u00f6rel\u00e4sning\"\n                data-category-ids=\"1002\"\n                data-span-all=\"\"\n              >\n\n              \n\n              <div class=\"vertical_bar\" style=\"background-color: #B2FF78;\"><\/div>\n              <div class=\"box_inner\">\n                                <span>Barnvaccin - M\u00e4sslingsutbrott i G\u00f6teborg - l\u00e4rdomar och utmaningar<\/span>\n               <br>\n               <div class=\"lecturer\"><span>Pia  Laurin, Barnl\u00e4kare, Drottning Silvias barn och ungdomssjukhus G\u00f6teborg; Bernice Aronsson, Barnl\u00e4kare, Sachsska barnsjukhuset Stockholm, Utredare Folkh\u00e4lsomyndigheten; Ann-Sofie Cavefors, Barnh\u00e4lsov\u00e5rds\u00f6verl\u00e4kare, V\u00e4stra G\u00f6taland; Leif Dotewall, Bitr. smittskyddsl\u00e4kare, Smittskydd, V\u00e4stra G\u00f6taland; H\u00e9l\u00e8ne  Englund, Epidemiolog, Folkh\u00e4losmyndigheten; Christian  Penno, Barnl\u00e4kare, Helsingborgs sjukhus<\/span><\/div>\n               <div class=\"room_div \">\n                 <i class=\"list-room\">Sal 302<\/i>\n               <\/div>\n\n               <div class=\"name_time_div\">\n                <i class=\"list-time\" data-time=\"15:25\">15:25-17:00 - Onsdag 25 april<\/i>\n               <\/div>\n              <\/div>\n             <\/div>\n          <\/div>\n\n          \n          <div class=\"box-wrapper\"\n              data-id=\"1152\">\n\n              <div class='time-header' style='visibility: hidden;'>15:25<\/div>\n\n              <div class=\"box\"\n                data-id=\"1152\"\n                data-project=\"project_338_2017_12_12\"\n                data-title=\"Neurologi\/habilitering - Etikseminarium \u00c4r full intensivv\u00e5rd alltid f\u00f6r barnets b\u00e4sta?-Etiska fr\u00e5gor kring de neurologiskt sv\u00e5rast sjuka barnen.\"\n                data-time=\"15:25-16:10\"\n                data-room=\"Lilla Kongresshallen\"\n                data-room-id=\"1021\"\n                data-room-name=\"Lilla Kongresshallen\"\n                data-day=\"2\"\n                data-abs-nbr=\"\"\n                data-abs-path=\"\"\n                data-speaker=\"\u00c5sa \u00d6stlund, BarnIVA-l\u00e4kare, Astrid Lindgrens barnsjukhus, Stockholm; Niklas  Juth, Docent, Medicinsk etik, Karolinska institutet; \u00c5sa Eriksson, Barnneurolog, Astrid Lindgrens barnsjukhus, Stockholm\"\n                data-speakercell=\"\u00c5sa \u00d6stlund, BarnIVA-l\u00e4kare, Astrid Lindgrens barnsjukhus, Stockholm; Niklas  Juth, Docent, Medicinsk etik, Karolinska institutet; \u00c5sa Eriksson, Barnneurolog, Astrid Lindgrens barnsjukhus, Stockholm\"\n                data-info=\"&lt;b&gt;Moderatorer: &lt;\/b&gt;Ylva \u00d6hrner, Barnneurolog, Barnkliniken V\u00e4ster\u00e5s&lt;br&gt;&lt;br&gt;                  &lt;p&gt;Paneldebatt&lt;\/p&gt;                 &lt;br&gt;&lt;br&gt;\"\n                data-category=\"Seminarium\/Paneldebatt\"\n                data-category-ids=\"1006\"\n                data-span-all=\"\"\n              >\n\n              \n\n              <div class=\"vertical_bar\" style=\"background-color: #FFB217;\"><\/div>\n              <div class=\"box_inner\">\n                                <span>Neurologi\/habilitering - Etikseminarium \u00c4r full intensivv\u00e5rd alltid f\u00f6r barnets b\u00e4sta?-Etiska fr\u00e5gor kring de neurologiskt sv\u00e5rast sjuka barnen.<\/span>\n               <br>\n               <div class=\"lecturer\"><span>\u00c5sa \u00d6stlund, BarnIVA-l\u00e4kare, Astrid Lindgrens barnsjukhus, Stockholm; Niklas  Juth, Docent, Medicinsk etik, Karolinska institutet; \u00c5sa Eriksson, Barnneurolog, Astrid Lindgrens barnsjukhus, Stockholm<\/span><\/div>\n               <div class=\"room_div \">\n                 <i class=\"list-room\">Lilla Kongresshallen<\/i>\n               <\/div>\n\n               <div class=\"name_time_div\">\n                <i class=\"list-time\" data-time=\"15:25\">15:25-16:10 - Onsdag 25 april<\/i>\n               <\/div>\n              <\/div>\n             <\/div>\n          <\/div>\n\n          \n          <div class=\"box-wrapper\"\n              data-id=\"1176\">\n\n              <div class='time-header'>16:15<\/div>\n\n              <div class=\"box\"\n                data-id=\"1176\"\n                data-project=\"project_338_2017_12_12\"\n                data-title=\"Neurologi: aEEG och EEG \u00f6vervakning hos barn och nyf\u00f6dda \u2013 praktisk till\u00e4mpning del 4\"\n                data-time=\"16:15-17:00\"\n                data-room=\"Sal 109\"\n                data-room-id=\"1022\"\n                data-room-name=\"Sal 109\"\n                data-day=\"2\"\n                data-abs-nbr=\"\"\n                data-abs-path=\"\"\n                data-speaker=\"Roland Flink, Docent, neurofysiolog, Akademiska sjukhuset, Uppsala; Lena Hellstr\u00f6m-Westas\"\n                data-speakercell=\"Roland Flink, Docent, neurofysiolog, Akademiska sjukhuset, Uppsala; Lena Hellstr\u00f6m-Westas\"\n                data-info=\"                  &lt;table&gt;                   &lt;tbody&gt;                    &lt;tr&gt;                     &lt;td&gt;&lt;p&gt;CFM: Kontinuerlig EEG registrering med trendmonitorering, aEEG. Workshop d\u00e4r patientfall kommer att analyseras och diskuteras i grupp&lt;\/p&gt;&lt;\/td&gt;                    &lt;\/tr&gt;                   &lt;\/tbody&gt;                  &lt;\/table&gt;                 &lt;span style=&quot;font-style: italic;&quot;&gt;Samma workshop arrangeras vid fler tillf\u00e4llen.&lt;\/span&gt;                 &lt;br&gt;                 &lt;br&gt;&lt;br&gt;\"\n                data-category=\"Workshop\"\n                data-category-ids=\"1003\"\n                data-span-all=\"\"\n              >\n\n              \n\n              <div class=\"vertical_bar\" style=\"background-color: #B2A1C9;\"><\/div>\n              <div class=\"box_inner\">\n                                <span>Neurologi: aEEG och EEG \u00f6vervakning hos barn och nyf\u00f6dda \u2013 praktisk till\u00e4mpning del 4<\/span>\n               <br>\n               <div class=\"lecturer\"><span>Roland Flink, Docent, neurofysiolog, Akademiska sjukhuset, Uppsala; Lena Hellstr\u00f6m-Westas<\/span><\/div>\n               <div class=\"room_div \">\n                 <i class=\"list-room\">Sal 109<\/i>\n               <\/div>\n\n               <div class=\"name_time_div\">\n                <i class=\"list-time\" data-time=\"16:15\">16:15-17:00 - Onsdag 25 april<\/i>\n               <\/div>\n              <\/div>\n             <\/div>\n          <\/div>\n\n          \n          <div class=\"box-wrapper\"\n              data-id=\"1153\">\n\n              <div class='time-header' style='visibility: hidden;'>16:15<\/div>\n\n              <div class=\"box\"\n                data-id=\"1153\"\n                data-project=\"project_338_2017_12_12\"\n                data-title=\"Neurologi\/habilitering - Etikseminarium\"\n                data-time=\"16:15-17:00\"\n                data-room=\"Lilla Kongresshallen\"\n                data-room-id=\"1021\"\n                data-room-name=\"Lilla Kongresshallen\"\n                data-day=\"2\"\n                data-abs-nbr=\"\"\n                data-abs-path=\"\"\n                data-speaker=\"Niklas  Juth, Docent, Medicinsk etik, Karolinska institutet; \u00c5sa Eriksson, Barnneurolog, Astrid Lindgrens barnsjukhus, Stockholm; \u00c5sa \u00d6stlund, BarnIVA-l\u00e4kare, Astrid Lindgrens barnsjukhus, Stockholm\"\n                data-speakercell=\"Niklas  Juth, Docent, Medicinsk etik, Karolinska institutet; \u00c5sa Eriksson, Barnneurolog, Astrid Lindgrens barnsjukhus, Stockholm; \u00c5sa \u00d6stlund, BarnIVA-l\u00e4kare, Astrid Lindgrens barnsjukhus, Stockholm\"\n                data-info=\"&lt;b&gt;Moderatorer: &lt;\/b&gt;Ylva \u00d6hrner, Barnneurolog, Barnkliniken V\u00e4ster\u00e5s&lt;br&gt;&lt;br&gt;                  &lt;p&gt;Paneldebatt forts\u00e4ttning tom cirka 16.30&lt;br&gt;&lt;\/p&gt;                 &lt;br&gt;&lt;br&gt;\"\n                data-category=\"Seminarium\/Paneldebatt\"\n                data-category-ids=\"1006\"\n                data-span-all=\"\"\n              >\n\n              \n\n              <div class=\"vertical_bar\" style=\"background-color: #FFB217;\"><\/div>\n              <div class=\"box_inner\">\n                                <span>Neurologi\/habilitering - Etikseminarium<\/span>\n               <br>\n               <div class=\"lecturer\"><span>Niklas  Juth, Docent, Medicinsk etik, Karolinska institutet; \u00c5sa Eriksson, Barnneurolog, Astrid Lindgrens barnsjukhus, Stockholm; \u00c5sa \u00d6stlund, BarnIVA-l\u00e4kare, Astrid Lindgrens barnsjukhus, Stockholm<\/span><\/div>\n               <div class=\"room_div \">\n                 <i class=\"list-room\">Lilla Kongresshallen<\/i>\n               <\/div>\n\n               <div class=\"name_time_div\">\n                <i class=\"list-time\" data-time=\"16:15\">16:15-17:00 - Onsdag 25 april<\/i>\n               <\/div>\n              <\/div>\n             <\/div>\n          <\/div>\n\n          \n          <div class=\"box-wrapper\"\n              data-id=\"1161\">\n\n              <div class='time-header' style='visibility: hidden;'>16:15<\/div>\n\n              <div class=\"box\"\n                data-id=\"1161\"\n                data-project=\"project_338_2017_12_12\"\n                data-title=\" Barn och sm\u00e4rta - Hur kan vi samarbeta kring barn med l\u00e5ngvarig sm\u00e4rta?\"\n                data-time=\"16:15-17:00\"\n                data-room=\"Sal 301\"\n                data-room-id=\"1019\"\n                data-room-name=\"Sal 301\"\n                data-day=\"2\"\n                data-abs-nbr=\"\"\n                data-abs-path=\"\"\n                data-speaker=\"Elisabeth Fernell, Professor, Barnl\u00e4kare; Eva G\u00e5ve, Fysioterapeut, Svensk barnsm\u00e4rtf\u00f6rening, Uppsala; Stefan Lundeberg, Sm\u00e4rtl\u00e4kare, Astrid Lindgrens Barnsjukhus; Jenny Backlin, Ume\u00e5\"\n                data-speakercell=\"Elisabeth Fernell, Professor, Barnl\u00e4kare; Eva G\u00e5ve, Fysioterapeut, Svensk barnsm\u00e4rtf\u00f6rening, Uppsala; Stefan Lundeberg, Sm\u00e4rtl\u00e4kare, Astrid Lindgrens Barnsjukhus; Jenny Backlin, Ume\u00e5\"\n                data-info=\"&lt;b&gt;Moderatorer: &lt;\/b&gt;Stefan Nilsson&lt;br&gt;&lt;br&gt;                  &lt;p&gt;Paneldebatt. Fr\u00e5gor till appen Barnveckan 2018&lt;\/p&gt;                  &lt;p&gt;&lt;br&gt;&lt;\/p&gt;                  &lt;p&gt;&amp;nbsp;&lt;\/p&gt;                 &lt;br&gt;&lt;br&gt;\"\n                data-category=\"Workshop\"\n                data-category-ids=\"1003\"\n                data-span-all=\"\"\n              >\n\n              \n\n              <div class=\"vertical_bar\" style=\"background-color: #B2A1C9;\"><\/div>\n              <div class=\"box_inner\">\n                                <span> Barn och sm\u00e4rta - Hur kan vi samarbeta kring barn med l\u00e5ngvarig sm\u00e4rta?<\/span>\n               <br>\n               <div class=\"lecturer\"><span>Elisabeth Fernell, Professor, Barnl\u00e4kare; Eva G\u00e5ve, Fysioterapeut, Svensk barnsm\u00e4rtf\u00f6rening, Uppsala; Stefan Lundeberg, Sm\u00e4rtl\u00e4kare, Astrid Lindgrens Barnsjukhus; Jenny Backlin, Ume\u00e5<\/span><\/div>\n               <div class=\"room_div \">\n                 <i class=\"list-room\">Sal 301<\/i>\n               <\/div>\n\n               <div class=\"name_time_div\">\n                <i class=\"list-time\" data-time=\"16:15\">16:15-17:00 - Onsdag 25 april<\/i>\n               <\/div>\n              <\/div>\n             <\/div>\n          <\/div>\n\n          \n          <div class=\"box-wrapper\"\n              data-id=\"1169\">\n\n              <div class='time-header' style='visibility: hidden;'>16:15<\/div>\n\n              <div class=\"box\"\n                data-id=\"1169\"\n                data-project=\"project_338_2017_12_12\"\n                data-title=\"Allergi - Allt som l\u00e5ter \u00e4r inte astma\"\n                data-time=\"16:15-17:00\"\n                data-room=\"Sal 107\"\n                data-room-id=\"1025\"\n                data-room-name=\"Sal 107\"\n                data-day=\"2\"\n                data-abs-nbr=\"\"\n                data-abs-path=\"\"\n                data-speaker=\"Mareike Fech-Bormann, Barnallergolog, Barnl\u00e4kare, Barn- och ungdomskliniken, V\u00e4ster\u00e5s\"\n                data-speakercell=\"Mareike Fech-Bormann, Barnallergolog, Barnl\u00e4kare, Barn- och ungdomskliniken, V\u00e4ster\u00e5s\"\n                data-info=\"                  &lt;p&gt;Fallbaserad workshop&amp;nbsp;&lt;\/p&gt;                 &lt;p&gt;Patientfall med mentometerfr\u00e5gor. Fokus p\u00e5 differentialdiagnos astma.&lt;\/p&gt;&lt;p&gt;&lt;span style=&quot;font-style: italic;&quot;&gt;Samma workshop arrangeras vid fler tillf\u00e4llen.&lt;\/span&gt;&lt;br&gt;&lt;\/p&gt;                 &lt;br&gt;&lt;br&gt;\"\n                data-category=\"Workshop\"\n                data-category-ids=\"1003\"\n                data-span-all=\"\"\n              >\n\n              \n\n              <div class=\"vertical_bar\" style=\"background-color: #B2A1C9;\"><\/div>\n              <div class=\"box_inner\">\n                                <span>Allergi - Allt som l\u00e5ter \u00e4r inte astma<\/span>\n               <br>\n               <div class=\"lecturer\"><span>Mareike Fech-Bormann, Barnallergolog, Barnl\u00e4kare, Barn- och ungdomskliniken, V\u00e4ster\u00e5s<\/span><\/div>\n               <div class=\"room_div \">\n                 <i class=\"list-room\">Sal 107<\/i>\n               <\/div>\n\n               <div class=\"name_time_div\">\n                <i class=\"list-time\" data-time=\"16:15\">16:15-17:00 - Onsdag 25 april<\/i>\n               <\/div>\n              <\/div>\n             <\/div>\n          <\/div>\n\n          \n          <div class=\"box-wrapper\"\n              data-id=\"1355\">\n\n              <div class='time-header' style='visibility: hidden;'>16:15<\/div>\n\n              <div class=\"box\"\n                data-id=\"1355\"\n                data-project=\"project_338_2017_12_12\"\n                data-title=\"Global h\u00e4lsa - \u00c5rsm\u00f6te\"\n                data-time=\"16:15-17:00\"\n                data-room=\"H\u00f6rsalen\"\n                data-room-id=\"1024\"\n                data-room-name=\"H\u00f6rsalen\"\n                data-day=\"2\"\n                data-abs-nbr=\"\"\n                data-abs-path=\"\"\n                data-speaker=\"\"\n                data-speakercell=\"\"\n                data-info=\"&lt;b&gt;Moderatorer: &lt;\/b&gt;Britt Gustafsson, Professor, Barnl\u00e4kare, Akademiska barnsjukhuset, Karolinska institutet&lt;br&gt;&lt;br&gt;                  &lt;p&gt;Global h\u00e4lsa - \u00c5rsm\u00f6te&lt;\/p&gt;                 &lt;br&gt;&lt;br&gt;\"\n                data-category=\"F\u00f6rel\u00e4sning\"\n                data-category-ids=\"1002\"\n                data-span-all=\"\"\n              >\n\n              \n\n              <div class=\"vertical_bar\" style=\"background-color: #B2FF78;\"><\/div>\n              <div class=\"box_inner\">\n                                <span>Global h\u00e4lsa - \u00c5rsm\u00f6te<\/span>\n               <br>\n               \n               <div class=\"room_div \">\n                 <i class=\"list-room\">H\u00f6rsalen<\/i>\n               <\/div>\n\n               <div class=\"name_time_div\">\n                <i class=\"list-time\" data-time=\"16:15\">16:15-17:00 - Onsdag 25 april<\/i>\n               <\/div>\n              <\/div>\n             <\/div>\n          <\/div>\n\n          \n          <div class=\"box-wrapper\"\n              data-id=\"1356\">\n\n              <div class='time-header'>17:00<\/div>\n\n              <div class=\"box\"\n                data-id=\"1356\"\n                data-project=\"project_338_2017_12_12\"\n                data-title=\"Global h\u00e4lsa - Styrelsem\u00f6te\"\n                data-time=\"17:00-18:00\"\n                data-room=\"H\u00f6rsalen\"\n                data-room-id=\"1024\"\n                data-room-name=\"H\u00f6rsalen\"\n                data-day=\"2\"\n                data-abs-nbr=\"\"\n                data-abs-path=\"\"\n                data-speaker=\"\"\n                data-speakercell=\"\"\n                data-info=\"&lt;b&gt;Moderatorer: &lt;\/b&gt;Britt Gustafsson, Professor, Barnl\u00e4kare, Akademiska barnsjukhuset, Karolinska institutet&lt;br&gt;&lt;br&gt;                  &lt;p&gt;Global h\u00e4lsa - Styrelsem\u00f6te&lt;\/p&gt;                 &lt;br&gt;&lt;br&gt;\"\n                data-category=\"F\u00f6rel\u00e4sning\"\n                data-category-ids=\"1002\"\n                data-span-all=\"\"\n              >\n\n              \n\n              <div class=\"vertical_bar\" style=\"background-color: #B2FF78;\"><\/div>\n              <div class=\"box_inner\">\n                                <span>Global h\u00e4lsa - Styrelsem\u00f6te<\/span>\n               <br>\n               \n               <div class=\"room_div \">\n                 <i class=\"list-room\">H\u00f6rsalen<\/i>\n               <\/div>\n\n               <div class=\"name_time_div\">\n                <i class=\"list-time\" data-time=\"17:00\">17:00-18:00 - Onsdag 25 april<\/i>\n               <\/div>\n              <\/div>\n             <\/div>\n          <\/div>\n\n          \n          <div class=\"box-wrapper\"\n              data-id=\"1193\">\n\n              <div class='time-header'>17:15<\/div>\n\n              <div class=\"box\"\n                data-id=\"1193\"\n                data-project=\"project_338_2017_12_12\"\n                data-title=\"BLU \u00c5rsm\u00f6te\"\n                data-time=\"17:15-18:00\"\n                data-room=\"Sal 109\"\n                data-room-id=\"1022\"\n                data-room-name=\"Sal 109\"\n                data-day=\"2\"\n                data-abs-nbr=\"\"\n                data-abs-path=\"\"\n                data-speaker=\"\"\n                data-speakercell=\"\"\n                data-info=\"                  &lt;p&gt;BLU \u00c5rsm\u00f6te&lt;br&gt;&lt;\/p&gt;                 &lt;br&gt;&lt;br&gt;\"\n                data-category=\"M\u00f6te\"\n                data-category-ids=\"1004\"\n                data-span-all=\"\"\n              >\n\n              \n\n              <div class=\"vertical_bar\" style=\"background-color: #FFFA5C;\"><\/div>\n              <div class=\"box_inner\">\n                                <span>BLU \u00c5rsm\u00f6te<\/span>\n               <br>\n               \n               <div class=\"room_div \">\n                 <i class=\"list-room\">Sal 109<\/i>\n               <\/div>\n\n               <div class=\"name_time_div\">\n                <i class=\"list-time\" data-time=\"17:15\">17:15-18:00 - Onsdag 25 april<\/i>\n               <\/div>\n              <\/div>\n             <\/div>\n          <\/div>\n\n          \n          <div class=\"box-wrapper\"\n              data-id=\"1280\">\n\n              <div class='time-header'>18:45<\/div>\n\n              <div class=\"box\"\n                data-id=\"1280\"\n                data-project=\"project_338_2017_12_12\"\n                data-title=\"Middag p\u00e5 KonserthusTerassen. \u00d6verl\u00e4mning av stafettpinnen - 18.45-23.45\"\n                data-time=\"18:45-20:00\"\n                data-room=\"KonserthusTerassen\"\n                data-room-id=\"1032\"\n                data-room-name=\"KonserthusTerassen\"\n                data-day=\"2\"\n                data-abs-nbr=\"\"\n                data-abs-path=\"\"\n                data-speaker=\"\"\n                data-speakercell=\"\"\n                data-info=\"\"\n                data-category=\"\"\n                data-category-ids=\"\"\n                data-span-all=\"1\"\n              >\n\n              \n\n              <div class=\"vertical_bar\" style=\"background-color: rgba(255, 255, 255, 0);\"><\/div>\n              <div class=\"box_inner\">\n                                <span>Middag p\u00e5 KonserthusTerassen. \u00d6verl\u00e4mning av stafettpinnen - 18.45-23.45<\/span>\n               <br>\n               \n               <div class=\"room_div \">\n                 <i class=\"list-room\">KonserthusTerassen<\/i>\n               <\/div>\n\n               <div class=\"name_time_div\">\n                <i class=\"list-time\" data-time=\"18:45\">18:45-20:00 - Onsdag 25 april<\/i>\n               <\/div>\n              <\/div>\n             <\/div>\n          <\/div>\n\n          <div class='list_header' data-day='3' style='background-color: rgba(32, 132, 196, 0.83); color: rgba(255, 255, 255, 1);'>Torsdag 26 april<\/div>\n          <div class=\"box-wrapper\"\n              data-id=\"1353\">\n\n              <div class='time-header'>07:30<\/div>\n\n              <div class=\"box\"\n                data-id=\"1353\"\n                data-project=\"project_338_2017_12_12\"\n                data-title=\"Registreringen \u00e4r \u00f6ppen 07.30-17.00\"\n                data-time=\"07:30-08:15\"\n                data-room=\"Plan 1\"\n                data-room-id=\"1035\"\n                data-room-name=\"Plan 1\"\n                data-day=\"3\"\n                data-abs-nbr=\"\"\n                data-abs-path=\"\"\n                data-speaker=\"\"\n                data-speakercell=\"\"\n                data-info=\"                  &lt;p&gt;&lt;br&gt;&lt;\/p&gt;                 &lt;br&gt;&lt;br&gt;\"\n                data-category=\"\"\n                data-category-ids=\"\"\n                data-span-all=\"1\"\n              >\n\n              \n\n              <div class=\"vertical_bar\" style=\"background-color: rgba(255, 255, 255, 0);\"><\/div>\n              <div class=\"box_inner\">\n                                <span>Registreringen \u00e4r \u00f6ppen 07.30-17.00<\/span>\n               <br>\n               \n               <div class=\"room_div \">\n                 <i class=\"list-room\">Plan 1<\/i>\n               <\/div>\n\n               <div class=\"name_time_div\">\n                <i class=\"list-time\" data-time=\"07:30\">07:30-08:15 - Torsdag 26 april<\/i>\n               <\/div>\n              <\/div>\n             <\/div>\n          <\/div>\n\n          \n          <div class=\"box-wrapper\"\n              data-id=\"1256\">\n\n              <div class='time-header'>08:15<\/div>\n\n              <div class=\"box\"\n                data-id=\"1256\"\n                data-project=\"project_338_2017_12_12\"\n                data-title=\"Barnakutsjukv\u00e5rd - Stabilisering av barntraumapatient\"\n                data-time=\"08:15-09:00\"\n                data-room=\"Lilla Salen\"\n                data-room-id=\"1023\"\n                data-room-name=\"Lilla Salen\"\n                data-day=\"3\"\n                data-abs-nbr=\"\"\n                data-abs-path=\"\"\n                data-speaker=\"Pia Malmquist, Funktionsenhetschef\/ \u00d6verl\u00e4kare, FO Akutsjukv\u00e5rd Barn, ALB Solna\"\n                data-speakercell=\"Pia Malmquist, Funktionsenhetschef\/ \u00d6verl\u00e4kare, FO Akutsjukv\u00e5rd Barn, ALB Solna\"\n                data-info=\"                  &lt;p&gt;Genomg\u00e5ng av skadepanorama och omh\u00e4ndertagande av traumapatienter p\u00e5 barnakutmottagningen ALB Solna&lt;br&gt;&lt;\/p&gt;                 &lt;br&gt;&lt;br&gt;\"\n                data-category=\"F\u00f6rel\u00e4sning\"\n                data-category-ids=\"1002\"\n                data-span-all=\"\"\n              >\n\n              \n\n              <div class=\"vertical_bar\" style=\"background-color: #B2FF78;\"><\/div>\n              <div class=\"box_inner\">\n                                <span>Barnakutsjukv\u00e5rd - Stabilisering av barntraumapatient<\/span>\n               <br>\n               <div class=\"lecturer\"><span>Pia Malmquist, Funktionsenhetschef\/ \u00d6verl\u00e4kare, FO Akutsjukv\u00e5rd Barn, ALB Solna<\/span><\/div>\n               <div class=\"room_div \">\n                 <i class=\"list-room\">Lilla Salen<\/i>\n               <\/div>\n\n               <div class=\"name_time_div\">\n                <i class=\"list-time\" data-time=\"08:15\">08:15-09:00 - Torsdag 26 april<\/i>\n               <\/div>\n              <\/div>\n             <\/div>\n          <\/div>\n\n          \n          <div class=\"box-wrapper\"\n              data-id=\"1220\">\n\n              <div class='time-header' style='visibility: hidden;'>08:15<\/div>\n\n              <div class=\"box\"\n                data-id=\"1220\"\n                data-project=\"project_338_2017_12_12\"\n                data-title=\"Metabola sjukdomar - Kostbehandling vid medf\u00f6dda metabola sjukdomar och psykologiska reflektioner\"\n                data-time=\"08:15-09:50\"\n                data-room=\"Sal 301\"\n                data-room-id=\"1019\"\n                data-room-name=\"Sal 301\"\n                data-day=\"3\"\n                data-abs-nbr=\"\"\n                data-abs-path=\"\"\n                data-speaker=\"Agnes Pal, Dietist, Astrid Lindgrens barnsjukhus, Stockholm; Erika Forssell, Dietist, Astrid Lindgrens barnsjukhus, Stockholm; Anneli Sandqvist Wiklund, Psykolog, FO Medicinsk Psykologi, Karolinska Universitetsjh, Stockholm\"\n                data-speakercell=\"Agnes Pal, Dietist, Astrid Lindgrens barnsjukhus, Stockholm; Erika Forssell, Dietist, Astrid Lindgrens barnsjukhus, Stockholm; Anneli Sandqvist Wiklund, Psykolog, FO Medicinsk Psykologi, Karolinska Universitetsjh, Stockholm\"\n                data-info=\"                  &lt;p&gt;Kostbehandling vid medf\u00f6dda metabola sjukdomar och psykologiska reflektioner.&lt;br&gt;&lt;\/p&gt;                 &lt;p&gt;En genomg\u00e5ng av vad kostbehandling inneb\u00e4r vid ett flertal olika typer av medf\u00f6dda metabola sjukdomar&lt;\/p&gt;                 &lt;br&gt;&lt;br&gt;\"\n                data-category=\"F\u00f6rel\u00e4sning\"\n                data-category-ids=\"1002\"\n                data-span-all=\"\"\n              >\n\n              \n\n              <div class=\"vertical_bar\" style=\"background-color: #B2FF78;\"><\/div>\n              <div class=\"box_inner\">\n                                <span>Metabola sjukdomar - Kostbehandling vid medf\u00f6dda metabola sjukdomar och psykologiska reflektioner<\/span>\n               <br>\n               <div class=\"lecturer\"><span>Agnes Pal, Dietist, Astrid Lindgrens barnsjukhus, Stockholm; Erika Forssell, Dietist, Astrid Lindgrens barnsjukhus, Stockholm; Anneli Sandqvist Wiklund, Psykolog, FO Medicinsk Psykologi, Karolinska Universitetsjh, Stockholm<\/span><\/div>\n               <div class=\"room_div \">\n                 <i class=\"list-room\">Sal 301<\/i>\n               <\/div>\n\n               <div class=\"name_time_div\">\n                <i class=\"list-time\" data-time=\"08:15\">08:15-09:50 - Torsdag 26 april<\/i>\n               <\/div>\n              <\/div>\n             <\/div>\n          <\/div>\n\n          \n          <div class=\"box-wrapper\"\n              data-id=\"1231\">\n\n              <div class='time-header' style='visibility: hidden;'>08:15<\/div>\n\n              <div class=\"box\"\n                data-id=\"1231\"\n                data-project=\"project_338_2017_12_12\"\n                data-title=\"Palliativ v\u00e5rd - Vad \u00e4r palliativ v\u00e5rd? Vilka barn d\u00f6r? \"\n                data-time=\"08:15-09:00\"\n                data-room=\"Sal 109\"\n                data-room-id=\"1022\"\n                data-room-name=\"Sal 109\"\n                data-day=\"3\"\n                data-abs-nbr=\"\"\n                data-abs-path=\"\"\n                data-speaker=\"Christina Lindstr\u00f6m\"\n                data-speakercell=\"Christina Lindstr\u00f6m\"\n                data-info=\"&lt;b&gt;Moderatorer: &lt;\/b&gt;Karin B\u00e4ckdahl, Barnl\u00e4kare, Lilla Erstag\u00e5rden&lt;br&gt;&lt;br&gt;                  &lt;p&gt;Vad \u00e4r palliativ v\u00e5rd? Vilka barn d\u00f6r?&amp;nbsp;&lt;br&gt;Vilka grupper av barn, v\u00e5rdfilosofin, h\u00f6rnstenarna, teamet.&lt;br&gt;Neurologiska palliativa v\u00e5rden&lt;\/p&gt;                 &lt;p&gt;Tankar och r\u00e5d ang\u00e5ende medicinsk palliativ symtomlindring&amp;nbsp; i tidig fas och sen fas\/livets slut - p\u00e5 sjukhus och i hemmet&lt;\/p&gt;&lt;p&gt;Deltagande i hela fm ger intyg f\u00f6r ST-l\u00e4kare uppfyller stora delar av delm\u00e5l b5 men \u00e4ven del av b1, b3, c5 och c10&lt;\/p&gt;                 &lt;br&gt;&lt;br&gt;\"\n                data-category=\"F\u00f6rel\u00e4sning\"\n                data-category-ids=\"1002\"\n                data-span-all=\"\"\n              >\n\n              \n\n              <div class=\"vertical_bar\" style=\"background-color: #B2FF78;\"><\/div>\n              <div class=\"box_inner\">\n                                <span>Palliativ v\u00e5rd - Vad \u00e4r palliativ v\u00e5rd? Vilka barn d\u00f6r? <\/span>\n               <br>\n               <div class=\"lecturer\"><span>Christina Lindstr\u00f6m<\/span><\/div>\n               <div class=\"room_div \">\n                 <i class=\"list-room\">Sal 109<\/i>\n               <\/div>\n\n               <div class=\"name_time_div\">\n                <i class=\"list-time\" data-time=\"08:15\">08:15-09:00 - Torsdag 26 april<\/i>\n               <\/div>\n              <\/div>\n             <\/div>\n          <\/div>\n\n          \n          <div class=\"box-wrapper\"\n              data-id=\"1243\">\n\n              <div class='time-header' style='visibility: hidden;'>08:15<\/div>\n\n              <div class=\"box\"\n                data-id=\"1243\"\n                data-project=\"project_338_2017_12_12\"\n                data-title=\"\u00c5rsm\u00f6te BLFs delf\u00f6rening Allm\u00e4npediatrik och H\u00e4lsov\u00e5rd\"\n                data-time=\"08:15-09:00\"\n                data-room=\"Sal 202\"\n                data-room-id=\"1028\"\n                data-room-name=\"Sal 202\"\n                data-day=\"3\"\n                data-abs-nbr=\"\"\n                data-abs-path=\"\"\n                data-speaker=\"\"\n                data-speakercell=\"\"\n                data-info=\"                  &lt;p&gt;\u00c5rsm\u00f6te BLFs delf\u00f6rening Allm\u00e4npediatrik och H\u00e4lsov\u00e5rd&lt;\/p&gt;                 &lt;br&gt;&lt;br&gt;\"\n                data-category=\"M\u00f6te\"\n                data-category-ids=\"1004\"\n                data-span-all=\"\"\n              >\n\n              \n\n              <div class=\"vertical_bar\" style=\"background-color: #FFFA5C;\"><\/div>\n              <div class=\"box_inner\">\n                                <span>\u00c5rsm\u00f6te BLFs delf\u00f6rening Allm\u00e4npediatrik och H\u00e4lsov\u00e5rd<\/span>\n               <br>\n               \n               <div class=\"room_div \">\n                 <i class=\"list-room\">Sal 202<\/i>\n               <\/div>\n\n               <div class=\"name_time_div\">\n                <i class=\"list-time\" data-time=\"08:15\">08:15-09:00 - Torsdag 26 april<\/i>\n               <\/div>\n              <\/div>\n             <\/div>\n          <\/div>\n\n          \n          <div class=\"box-wrapper\"\n              data-id=\"1200\">\n\n              <div class='time-header' style='visibility: hidden;'>08:15<\/div>\n\n              <div class=\"box\"\n                data-id=\"1200\"\n                data-project=\"project_338_2017_12_12\"\n                data-title=\"Aktuellt om food protein-induced enterocolitis syndrome (FPIES) och resultat fr\u00e5n v\u00e5r studie \"\n                data-time=\"08:15-08:45\"\n                data-room=\"Lilla Kongresshallen\"\n                data-room-id=\"1021\"\n                data-room-name=\"Lilla Kongresshallen\"\n                data-day=\"3\"\n                data-abs-nbr=\"\"\n                data-abs-path=\"\"\n                data-speaker=\"Josefin Ullberg, Barnl\u00e4kare, Barn- och ungdomskliniken, V\u00e4ster\u00e5s; Caroline Nilsson, Docent, Barnallergolog, Sachsska Barnsjukhuset\"\n                data-speakercell=\"Josefin Ullberg, Barnl\u00e4kare, Barn- och ungdomskliniken, V\u00e4ster\u00e5s; Caroline Nilsson, Docent, Barnallergolog, Sachsska Barnsjukhuset\"\n                data-info=\"&lt;b&gt;Moderatorer: &lt;\/b&gt;Martin Dalenbring,  Barnallergolog, Barn- och ungdomskliniken, V\u00e4ster\u00e5s; Mareike Fech-Bormann, Barnallergolog, Barnl\u00e4kare, Barn- och ungdomskliniken, V\u00e4ster\u00e5s&lt;br&gt;&lt;br&gt;                  &lt;p&gt;08.15-08.45 Aktuellt om food protein-induced enterocolitis syndrome(FPIES) och resultat fr\u00e5n v\u00e5r studie (30 min)Josefin Ullberg, barnl\u00e4kare, V\u00e4ster\u00e5s&lt;\/p&gt;                  &lt;div&gt;                  &lt;\/div&gt;                  &lt;div&gt;                   &lt;div&gt;                    08.50-09.50:&amp;nbsp;Allergidiagnostik inklusive komponentdiagnostik (60 min)                   &lt;\/div&gt;                   &lt;div&gt;                    Dr. Caroline Nilsson, docent, barnallergolog, Sachsska Barnsjukhuset                   &lt;\/div&gt;                   &lt;div&gt;                   &lt;\/div&gt;                   &lt;div&gt;                    &lt;br&gt;                   &lt;\/div&gt;                   &lt;div&gt;                    &lt;br&gt;                   &lt;\/div&gt;                  &lt;\/div&gt;                 &lt;br&gt;&lt;br&gt;\"\n                data-category=\"F\u00f6rel\u00e4sning\"\n                data-category-ids=\"1002\"\n                data-span-all=\"\"\n              >\n\n              \n\n              <div class=\"vertical_bar\" style=\"background-color: #B2FF78;\"><\/div>\n              <div class=\"box_inner\">\n                                <span>Aktuellt om food protein-induced enterocolitis syndrome (FPIES) och resultat fr\u00e5n v\u00e5r studie <\/span>\n               <br>\n               <div class=\"lecturer\"><span>Josefin Ullberg, Barnl\u00e4kare, Barn- och ungdomskliniken, V\u00e4ster\u00e5s; Caroline Nilsson, Docent, Barnallergolog, Sachsska Barnsjukhuset<\/span><\/div>\n               <div class=\"room_div \">\n                 <i class=\"list-room\">Lilla Kongresshallen<\/i>\n               <\/div>\n\n               <div class=\"name_time_div\">\n                <i class=\"list-time\" data-time=\"08:15\">08:15-08:45 - Torsdag 26 april<\/i>\n               <\/div>\n              <\/div>\n             <\/div>\n          <\/div>\n\n          \n          <div class=\"box-wrapper\"\n              data-id=\"1209\">\n\n              <div class='time-header' style='visibility: hidden;'>08:15<\/div>\n\n              <div class=\"box\"\n                data-id=\"1209\"\n                data-project=\"project_338_2017_12_12\"\n                data-title=\"Reumatologi - Presentation av nytt PM Henoch Sch\u00f6nlein\/IgA vaskulit\"\n                data-time=\"08:15-09:00\"\n                data-room=\"H\u00f6rsalen\"\n                data-room-id=\"1024\"\n                data-room-name=\"H\u00f6rsalen\"\n                data-day=\"3\"\n                data-abs-nbr=\"\"\n                data-abs-path=\"\"\n                data-speaker=\"Robin Kahn, Barnl\u00e4kare, Sk\u00e5nes Universitetssjukhus\"\n                data-speakercell=\"Robin Kahn, Barnl\u00e4kare, Sk\u00e5nes Universitetssjukhus\"\n                data-info=\"&lt;b&gt;Moderatorer: &lt;\/b&gt;Johan Sch\u00f6ier, Barnl\u00e4kare, V\u00e4ster\u00e5s barnmottagning&lt;br&gt;&lt;br&gt;                  &lt;p&gt;Presentation av nytt PM Henoch Sch\u00f6nlein\/IgA vaskulit&lt;\/p&gt;                 &lt;br&gt;&lt;br&gt;\"\n                data-category=\"F\u00f6rel\u00e4sning\"\n                data-category-ids=\"1002\"\n                data-span-all=\"\"\n              >\n\n              \n\n              <div class=\"vertical_bar\" style=\"background-color: #B2FF78;\"><\/div>\n              <div class=\"box_inner\">\n                                <span>Reumatologi - Presentation av nytt PM Henoch Sch\u00f6nlein\/IgA vaskulit<\/span>\n               <br>\n               <div class=\"lecturer\"><span>Robin Kahn, Barnl\u00e4kare, Sk\u00e5nes Universitetssjukhus<\/span><\/div>\n               <div class=\"room_div \">\n                 <i class=\"list-room\">H\u00f6rsalen<\/i>\n               <\/div>\n\n               <div class=\"name_time_div\">\n                <i class=\"list-time\" data-time=\"08:15\">08:15-09:00 - Torsdag 26 april<\/i>\n               <\/div>\n              <\/div>\n             <\/div>\n          <\/div>\n\n          \n          <div class=\"box-wrapper\"\n              data-id=\"1283\">\n\n              <div class='time-header'>08:50<\/div>\n\n              <div class=\"box\"\n                data-id=\"1283\"\n                data-project=\"project_338_2017_12_12\"\n                data-title=\"Allergi - Allergidiagnostik & Komponenter  \"\n                data-time=\"08:50-09:50\"\n                data-room=\"Lilla Kongresshallen\"\n                data-room-id=\"1021\"\n                data-room-name=\"Lilla Kongresshallen\"\n                data-day=\"3\"\n                data-abs-nbr=\"\"\n                data-abs-path=\"\"\n                data-speaker=\"Caroline Nilsson, Docent, Barnallergolog, Sachsska Barnsjukhuset\"\n                data-speakercell=\"Caroline Nilsson, Docent, Barnallergolog, Sachsska Barnsjukhuset\"\n                data-info=\"&lt;b&gt;Moderatorer: &lt;\/b&gt;Martin Dalenbring,  Barnallergolog, Barn- och ungdomskliniken, V\u00e4ster\u00e5s; Mareike Fech-Bormann, Barnallergolog, Barnl\u00e4kare, Barn- och ungdomskliniken, V\u00e4ster\u00e5s&lt;br&gt;&lt;br&gt;                  &lt;p&gt;&lt;br&gt;&lt;\/p&gt;                  &lt;div&gt;                   08.50-09.50:&amp;nbsp;Allergidiagnostik inklusive komponentdiagnostik (60 min)                  &lt;\/div&gt;                  &lt;div&gt;                   Dr. Caroline Nilsson, docent, barnallergolog, Sachsska Barnsjukhuset                  &lt;\/div&gt;                  &lt;div&gt;                   &lt;br&gt;                  &lt;\/div&gt;                 &lt;br&gt;&lt;br&gt;\"\n                data-category=\"F\u00f6rel\u00e4sning\"\n                data-category-ids=\"1002\"\n                data-span-all=\"\"\n              >\n\n              \n\n              <div class=\"vertical_bar\" style=\"background-color: #B2FF78;\"><\/div>\n              <div class=\"box_inner\">\n                                <span>Allergi - Allergidiagnostik & Komponenter  <\/span>\n               <br>\n               <div class=\"lecturer\"><span>Caroline Nilsson, Docent, Barnallergolog, Sachsska Barnsjukhuset<\/span><\/div>\n               <div class=\"room_div \">\n                 <i class=\"list-room\">Lilla Kongresshallen<\/i>\n               <\/div>\n\n               <div class=\"name_time_div\">\n                <i class=\"list-time\" data-time=\"08:50\">08:50-09:50 - Torsdag 26 april<\/i>\n               <\/div>\n              <\/div>\n             <\/div>\n          <\/div>\n\n          \n          <div class=\"box-wrapper\"\n              data-id=\"1206\">\n\n              <div class='time-header'>09:05<\/div>\n\n              <div class=\"box\"\n                data-id=\"1206\"\n                data-project=\"project_338_2017_12_12\"\n                data-title=\"Allm\u00e4npediatrik och h\u00e4lsov\u00e5rd - Generation Pep \u2013 hur kan vi bidra till att sprida kunskap och engagemang kring barn och ungas h\u00e4lsa? Hur kan vi arbeta tillsammans? \"\n                data-time=\"09:05-09:50\"\n                data-room=\"Stora Kongresshallen\"\n                data-room-id=\"1018\"\n                data-room-name=\"Stora Kongresshallen\"\n                data-day=\"3\"\n                data-abs-nbr=\"\"\n                data-abs-path=\"\"\n                data-speaker=\"Gerda Nilsson Tjernstr\u00f6m, Gen pep; Lenka  Prokopec Karlberg, Gen Pep\"\n                data-speakercell=\"Gerda Nilsson Tjernstr\u00f6m, Gen pep; Lenka  Prokopec Karlberg, Gen Pep\"\n                data-info=\"                  &lt;p&gt;&lt;i&gt;Generation Pep \u2013 hur kan vi bidra till att sprida kunskap och engagemang kring barn och ungas h\u00e4lsa? Hur kan vi arbeta tillsammans?&lt;\/i&gt;&lt;br&gt;&lt;\/p&gt;                  &lt;div&gt;&lt;br&gt;&lt;\/div&gt;                 &lt;br&gt;&lt;br&gt;\"\n                data-category=\"F\u00f6rel\u00e4sning\"\n                data-category-ids=\"1002\"\n                data-span-all=\"\"\n              >\n\n              \n\n              <div class=\"vertical_bar\" style=\"background-color: #B2FF78;\"><\/div>\n              <div class=\"box_inner\">\n                                <span>Allm\u00e4npediatrik och h\u00e4lsov\u00e5rd - Generation Pep \u2013 hur kan vi bidra till att sprida kunskap och engagemang kring barn och ungas h\u00e4lsa? Hur kan vi arbeta tillsammans? <\/span>\n               <br>\n               <div class=\"lecturer\"><span>Gerda Nilsson Tjernstr\u00f6m, Gen pep; Lenka  Prokopec Karlberg, Gen Pep<\/span><\/div>\n               <div class=\"room_div \">\n                 <i class=\"list-room\">Stora Kongresshallen<\/i>\n               <\/div>\n\n               <div class=\"name_time_div\">\n                <i class=\"list-time\" data-time=\"09:05\">09:05-09:50 - Torsdag 26 april<\/i>\n               <\/div>\n              <\/div>\n             <\/div>\n          <\/div>\n\n          \n          <div class=\"box-wrapper\"\n              data-id=\"1225\">\n\n              <div class='time-header' style='visibility: hidden;'>09:05<\/div>\n\n              <div class=\"box\"\n                data-id=\"1225\"\n                data-project=\"project_338_2017_12_12\"\n                data-title=\"Barnakutsjukv\u00e5rd - The febrile infant in the emergency department\"\n                data-time=\"09:05-09:50\"\n                data-room=\"Lilla Salen\"\n                data-room-id=\"1023\"\n                data-room-name=\"Lilla Salen\"\n                data-day=\"3\"\n                data-abs-nbr=\"\"\n                data-abs-path=\"\"\n                data-speaker=\"Silvia Bressan, Assistant professor of Pediatrics\"\n                data-speakercell=\"Silvia Bressan, Assistant professor of Pediatrics\"\n                data-info=\"                  &lt;p&gt;Silvia Bressan , MD, PhD Assistant professor of Pediatrics Division of Pediatric Emergency Medicine, University of Padova, Italy Off-campus research fellow, Murdoch Childrens Research Institute Melbourne, Australia Dr. Bressan \u00e4r sedan september 2017 \u00e4ven &quot;Secretary for the REPEM Group , Research in European Pediatric Emergency Medicine&lt;br&gt;&lt;\/p&gt;                 &lt;br&gt;&lt;br&gt;\"\n                data-category=\"F\u00f6rel\u00e4sning\"\n                data-category-ids=\"1002\"\n                data-span-all=\"\"\n              >\n\n              \n\n              <div class=\"vertical_bar\" style=\"background-color: #B2FF78;\"><\/div>\n              <div class=\"box_inner\">\n                                <span>Barnakutsjukv\u00e5rd - The febrile infant in the emergency department<\/span>\n               <br>\n               <div class=\"lecturer\"><span>Silvia Bressan, Assistant professor of Pediatrics<\/span><\/div>\n               <div class=\"room_div \">\n                 <i class=\"list-room\">Lilla Salen<\/i>\n               <\/div>\n\n               <div class=\"name_time_div\">\n                <i class=\"list-time\" data-time=\"09:05\">09:05-09:50 - Torsdag 26 april<\/i>\n               <\/div>\n              <\/div>\n             <\/div>\n          <\/div>\n\n          \n          <div class=\"box-wrapper\"\n              data-id=\"1178\">\n\n              <div class='time-header' style='visibility: hidden;'>09:05<\/div>\n\n              <div class=\"box\"\n                data-id=\"1178\"\n                data-project=\"project_338_2017_12_12\"\n                data-title=\"Allm\u00e4npediatrik och H\u00e4lsov\u00e5rd - Eksemskola, sm\u00f6rjteknik \"\n                data-time=\"09:05-09:50\"\n                data-room=\"Sal 105\"\n                data-room-id=\"1030\"\n                data-room-name=\"Sal 105\"\n                data-day=\"3\"\n                data-abs-nbr=\"\"\n                data-abs-path=\"\"\n                data-speaker=\"Anna  Bernholm, Barnsjuksk\u00f6terska med specialitet inom astma, allergi och eksem. Barnkliniken \u00d6stersunds sjukhus\"\n                data-speakercell=\"Anna  Bernholm, Barnsjuksk\u00f6terska med specialitet inom astma, allergi och eksem. Barnkliniken \u00d6stersunds sjukhus\"\n                data-info=\"                  &lt;p&gt;Eksemskola, sm\u00f6rjteknik&amp;nbsp;&lt;\/p&gt;                 &lt;p&gt;&lt;span style=&quot;font-style: italic;&quot;&gt;Samma workshop arrangeras vid fler tillf\u00e4llen.&lt;\/span&gt;&lt;br&gt;&lt;\/p&gt;                 &lt;br&gt;&lt;br&gt;\"\n                data-category=\"Workshop\"\n                data-category-ids=\"1003\"\n                data-span-all=\"\"\n              >\n\n              \n\n              <div class=\"vertical_bar\" style=\"background-color: #B2A1C9;\"><\/div>\n              <div class=\"box_inner\">\n                                <span>Allm\u00e4npediatrik och H\u00e4lsov\u00e5rd - Eksemskola, sm\u00f6rjteknik <\/span>\n               <br>\n               <div class=\"lecturer\"><span>Anna  Bernholm, Barnsjuksk\u00f6terska med specialitet inom astma, allergi och eksem. Barnkliniken \u00d6stersunds sjukhus<\/span><\/div>\n               <div class=\"room_div \">\n                 <i class=\"list-room\">Sal 105<\/i>\n               <\/div>\n\n               <div class=\"name_time_div\">\n                <i class=\"list-time\" data-time=\"09:05\">09:05-09:50 - Torsdag 26 april<\/i>\n               <\/div>\n              <\/div>\n             <\/div>\n          <\/div>\n\n          \n          <div class=\"box-wrapper\"\n              data-id=\"1270\">\n\n              <div class='time-header' style='visibility: hidden;'>09:05<\/div>\n\n              <div class=\"box\"\n                data-id=\"1270\"\n                data-project=\"project_338_2017_12_12\"\n                data-title=\"Reumatologi - PM Kawasaki\"\n                data-time=\"09:05-09:50\"\n                data-room=\"H\u00f6rsalen\"\n                data-room-id=\"1024\"\n                data-room-name=\"H\u00f6rsalen\"\n                data-day=\"3\"\n                data-abs-nbr=\"\"\n                data-abs-path=\"\"\n                data-speaker=\"Charlotta Nordenh\u00e4ll; Bo Magnusson, Dr, Astrid Lindgrens barnsjukhus\"\n                data-speakercell=\"Charlotta Nordenh\u00e4ll; Bo Magnusson, Dr, Astrid Lindgrens barnsjukhus\"\n                data-info=\"&lt;b&gt;Moderatorer: &lt;\/b&gt;Johan Sch\u00f6ier, Barnl\u00e4kare, V\u00e4ster\u00e5s barnmottagning&lt;br&gt;&lt;br&gt;                  &lt;p&gt;Genomg\u00e5ng av uppdaterat nationellt PM.&lt;br&gt;&lt;\/p&gt;                 &lt;br&gt;&lt;br&gt;\"\n                data-category=\"F\u00f6rel\u00e4sning\"\n                data-category-ids=\"1002\"\n                data-span-all=\"\"\n              >\n\n              \n\n              <div class=\"vertical_bar\" style=\"background-color: #B2FF78;\"><\/div>\n              <div class=\"box_inner\">\n                                <span>Reumatologi - PM Kawasaki<\/span>\n               <br>\n               <div class=\"lecturer\"><span>Charlotta Nordenh\u00e4ll; Bo Magnusson, Dr, Astrid Lindgrens barnsjukhus<\/span><\/div>\n               <div class=\"room_div \">\n                 <i class=\"list-room\">H\u00f6rsalen<\/i>\n               <\/div>\n\n               <div class=\"name_time_div\">\n                <i class=\"list-time\" data-time=\"09:05\">09:05-09:50 - Torsdag 26 april<\/i>\n               <\/div>\n              <\/div>\n             <\/div>\n          <\/div>\n\n          \n          <div class=\"box-wrapper\"\n              data-id=\"1232\">\n\n              <div class='time-header' style='visibility: hidden;'>09:05<\/div>\n\n              <div class=\"box\"\n                data-id=\"1232\"\n                data-project=\"project_338_2017_12_12\"\n                data-title=\"Palliativ v\u00e5rd - Palliativ v\u00e5rd p\u00e5 regionsjukhus\/l\u00e4nssjukhus\"\n                data-time=\"09:05-09:50\"\n                data-room=\"Sal 109\"\n                data-room-id=\"1022\"\n                data-room-name=\"Sal 109\"\n                data-day=\"3\"\n                data-abs-nbr=\"\"\n                data-abs-path=\"\"\n                data-speaker=\"Eva Turup, Uppsala; Annika Bjur\u00f6, \u00d6verl\u00e4kare, Avancerad sjukv\u00e5rd i hemmet (ASIH) Lund\/Malm\u00f6; Agneta Holtz, \u00d6verl\u00e4kare, Barn- och Ungdomskliniken, V\u00e4ster\u00e5s; Sofia Dettmann, \u00d6verl\u00e4kare, Onkolog kliniken\"\n                data-speakercell=\"Eva Turup, Uppsala; Annika Bjur\u00f6, \u00d6verl\u00e4kare, Avancerad sjukv\u00e5rd i hemmet (ASIH) Lund\/Malm\u00f6; Agneta Holtz, \u00d6verl\u00e4kare, Barn- och Ungdomskliniken, V\u00e4ster\u00e5s; Sofia Dettmann, \u00d6verl\u00e4kare, Onkolog kliniken\"\n                data-info=\"&lt;b&gt;Moderatorer: &lt;\/b&gt;Karin B\u00e4ckdahl, Barnl\u00e4kare, Lilla Erstag\u00e5rden&lt;br&gt;&lt;br&gt;                  &lt;p&gt;Palliativ v\u00e5rd p\u00e5 regionsjukhus\/l\u00e4nssjukhus&lt;br&gt;Hur ser det ut i Sverige?&lt;\/p&gt;                  &lt;p&gt;Regionssjukhus: Om hemv\u00e5rdens utveckling och hur det fungerar nu i Uppsala.&lt;\/p&gt;                  &lt;p&gt;L\u00e4nssjukhus:&amp;nbsp;&lt;br&gt;Korta fallbeskrivningar fr\u00e5n V\u00e4stmanland. Hur sk\u00f6ts kontakterna mellan v\u00e5rdgivarna? Vad tycker barnet och dess familj om&amp;nbsp; den palliativa v\u00e5rden?&lt;\/p&gt;                 &lt;br&gt;&lt;br&gt;\"\n                data-category=\"F\u00f6rel\u00e4sning\"\n                data-category-ids=\"1002\"\n                data-span-all=\"\"\n              >\n\n              \n\n              <div class=\"vertical_bar\" style=\"background-color: #B2FF78;\"><\/div>\n              <div class=\"box_inner\">\n                                <span>Palliativ v\u00e5rd - Palliativ v\u00e5rd p\u00e5 regionsjukhus\/l\u00e4nssjukhus<\/span>\n               <br>\n               <div class=\"lecturer\"><span>Eva Turup, Uppsala; Annika Bjur\u00f6, \u00d6verl\u00e4kare, Avancerad sjukv\u00e5rd i hemmet (ASIH) Lund\/Malm\u00f6; Agneta Holtz, \u00d6verl\u00e4kare, Barn- och Ungdomskliniken, V\u00e4ster\u00e5s; Sofia Dettmann, \u00d6verl\u00e4kare, Onkolog kliniken<\/span><\/div>\n               <div class=\"room_div \">\n                 <i class=\"list-room\">Sal 109<\/i>\n               <\/div>\n\n               <div class=\"name_time_div\">\n                <i class=\"list-time\" data-time=\"09:05\">09:05-09:50 - Torsdag 26 april<\/i>\n               <\/div>\n              <\/div>\n             <\/div>\n          <\/div>\n\n          \n          <div class=\"box-wrapper\"\n              data-id=\"1258\">\n\n              <div class='time-header'>09:50<\/div>\n\n              <div class=\"box\"\n                data-id=\"1258\"\n                data-project=\"project_338_2017_12_12\"\n                data-title=\"Fika, utst\u00e4llare, posterbes\u00f6k\"\n                data-time=\"09:50-10:25\"\n                data-room=\"Utst\u00e4llningen\"\n                data-room-id=\"1013\"\n                data-room-name=\"Utst\u00e4llningen\"\n                data-day=\"3\"\n                data-abs-nbr=\"\"\n                data-abs-path=\"\"\n                data-speaker=\"\"\n                data-speakercell=\"\"\n                data-info=\"\"\n                data-category=\"\"\n                data-category-ids=\"\"\n                data-span-all=\"1\"\n              >\n\n              \n\n              <div class=\"vertical_bar\" style=\"background-color: rgba(255, 255, 255, 0);\"><\/div>\n              <div class=\"box_inner\">\n                                <span>Fika, utst\u00e4llare, posterbes\u00f6k<\/span>\n               <br>\n               \n               <div class=\"room_div \">\n                 <i class=\"list-room\">Utst\u00e4llningen<\/i>\n               <\/div>\n\n               <div class=\"name_time_div\">\n                <i class=\"list-time\" data-time=\"09:50\">09:50-10:25 - Torsdag 26 april<\/i>\n               <\/div>\n              <\/div>\n             <\/div>\n          <\/div>\n\n          \n          <div class=\"box-wrapper\"\n              data-id=\"1262\">\n\n              <div class='time-header'>10:25<\/div>\n\n              <div class=\"box\"\n                data-id=\"1262\"\n                data-project=\"project_338_2017_12_12\"\n                data-title=\"F\u00f6rs\u00e4kringskassan - F\u00f6rs\u00e4kringsmedicin\"\n                data-time=\"10:25-11:10\"\n                data-room=\"Sal 110\"\n                data-room-id=\"1029\"\n                data-room-name=\"Sal 110\"\n                data-day=\"3\"\n                data-abs-nbr=\"\"\n                data-abs-path=\"\"\n                data-speaker=\"\"\n                data-speakercell=\"\"\n                data-info=\"                  &lt;p&gt;Vilkenmedicinsk information beh\u00f6ver F\u00f6rs\u00e4kringskassan f\u00e5 av dig som l\u00e4kare? Iseminariet g\u00e5r vi kortfattat igenom respektive f\u00f6rs\u00e4kring och vilkeninformation som beh\u00f6vs. Med finns b\u00e5de f\u00f6rs\u00e4kringsmedicinska r\u00e5dgivare ochexperter p\u00e5 sj\u00e4lva f\u00f6rs\u00e4kringarna; V\u00e5rdbidrag, Tillf\u00e4lligf\u00f6r\u00e4ldrapenning\/Allvarligt Sjuka Barn&lt;br&gt;&lt;\/p&gt;                 &lt;p&gt;&lt;span style=&quot;font-style: italic;&quot;&gt;Samma workshop arrangeras vid fler tillf\u00e4llen.&lt;\/span&gt;&lt;br&gt;&lt;\/p&gt;                 &lt;br&gt;&lt;br&gt;\"\n                data-category=\"Workshop\"\n                data-category-ids=\"1003\"\n                data-span-all=\"\"\n              >\n\n              \n\n              <div class=\"vertical_bar\" style=\"background-color: #B2A1C9;\"><\/div>\n              <div class=\"box_inner\">\n                                <span>F\u00f6rs\u00e4kringskassan - F\u00f6rs\u00e4kringsmedicin<\/span>\n               <br>\n               \n               <div class=\"room_div \">\n                 <i class=\"list-room\">Sal 110<\/i>\n               <\/div>\n\n               <div class=\"name_time_div\">\n                <i class=\"list-time\" data-time=\"10:25\">10:25-11:10 - Torsdag 26 april<\/i>\n               <\/div>\n              <\/div>\n             <\/div>\n          <\/div>\n\n          \n          <div class=\"box-wrapper\"\n              data-id=\"1226\">\n\n              <div class='time-header' style='visibility: hidden;'>10:25<\/div>\n\n              <div class=\"box\"\n                data-id=\"1226\"\n                data-project=\"project_338_2017_12_12\"\n                data-title=\"Barnakutsjukv\u00e5rd - Pneumonidiagnostik p\u00e5 barn- en utmaning!\"\n                data-time=\"10:25-11:10\"\n                data-room=\"Lilla Salen\"\n                data-room-id=\"1023\"\n                data-room-name=\"Lilla Salen\"\n                data-day=\"3\"\n                data-abs-nbr=\"\"\n                data-abs-path=\"\"\n                data-speaker=\"Samuel Rhedin, MD, AT-l\u00e4kare, S\u00f6dersjukhuset; Tobias Alfv\u00e9n, Barnl\u00e4kare, docent, Sachsska Barn- och ungdomssjukhuset\"\n                data-speakercell=\"Samuel Rhedin, MD, AT-l\u00e4kare, S\u00f6dersjukhuset; Tobias Alfv\u00e9n, Barnl\u00e4kare, docent, Sachsska Barn- och ungdomssjukhuset\"\n                data-info=\"                  &lt;p&gt;F\u00f6rel\u00e4sningen \u00e4r t\u00e4nkt som en genomg\u00e5ng \u00f6ver r\u00e5dande riktlinjer och praxis f\u00f6r pneumonidiagnostik i Sverige\/v\u00e4rlden samt det r\u00e5dande forskningl\u00e4get vad g\u00e4ller framtida diagnostiska metoder.&lt;br&gt;&lt;\/p&gt;                 &lt;br&gt;&lt;br&gt;\"\n                data-category=\"F\u00f6rel\u00e4sning\"\n                data-category-ids=\"1002\"\n                data-span-all=\"\"\n              >\n\n              \n\n              <div class=\"vertical_bar\" style=\"background-color: #B2FF78;\"><\/div>\n              <div class=\"box_inner\">\n                                <span>Barnakutsjukv\u00e5rd - Pneumonidiagnostik p\u00e5 barn- en utmaning!<\/span>\n               <br>\n               <div class=\"lecturer\"><span>Samuel Rhedin, MD, AT-l\u00e4kare, S\u00f6dersjukhuset; Tobias Alfv\u00e9n, Barnl\u00e4kare, docent, Sachsska Barn- och ungdomssjukhuset<\/span><\/div>\n               <div class=\"room_div \">\n                 <i class=\"list-room\">Lilla Salen<\/i>\n               <\/div>\n\n               <div class=\"name_time_div\">\n                <i class=\"list-time\" data-time=\"10:25\">10:25-11:10 - Torsdag 26 april<\/i>\n               <\/div>\n              <\/div>\n             <\/div>\n          <\/div>\n\n          \n          <div class=\"box-wrapper\"\n              data-id=\"1201\">\n\n              <div class='time-header' style='visibility: hidden;'>10:25<\/div>\n\n              <div class=\"box\"\n                data-id=\"1201\"\n                data-project=\"project_338_2017_12_12\"\n                data-title=\"Allergi - N\u00f6tallergi i praktiken\"\n                data-time=\"10:25-11:10\"\n                data-room=\"Lilla Kongresshallen\"\n                data-room-id=\"1021\"\n                data-room-name=\"Lilla Kongresshallen\"\n                data-day=\"3\"\n                data-abs-nbr=\"\"\n                data-abs-path=\"\"\n                data-speaker=\"Mareike Fech-Bormann, Barnallergolog, Barnl\u00e4kare, Barn- och ungdomskliniken, V\u00e4ster\u00e5s\"\n                data-speakercell=\"Mareike Fech-Bormann, Barnallergolog, Barnl\u00e4kare, Barn- och ungdomskliniken, V\u00e4ster\u00e5s\"\n                data-info=\"&lt;b&gt;Moderatorer: &lt;\/b&gt;Martin Dalenbring,  Barnallergolog, Barn- och ungdomskliniken, V\u00e4ster\u00e5s&lt;br&gt;&lt;br&gt;                  &lt;p&gt;\u00c4mnen, som bl a tas upp: Korsreaktioner och sl\u00e4ktskap mellan olika n\u00f6tter och andra livsmedel, diagnostik och handl\u00e4ggning av n\u00f6tallergi p\u00e5 barnmottagningen, indikation f\u00f6r adrenalinpenna, patientinformation, n\u00e5gra patientfall&lt;br&gt;&lt;\/p&gt;                 &lt;br&gt;&lt;br&gt;\"\n                data-category=\"F\u00f6rel\u00e4sning\"\n                data-category-ids=\"1002\"\n                data-span-all=\"\"\n              >\n\n              \n\n              <div class=\"vertical_bar\" style=\"background-color: #B2FF78;\"><\/div>\n              <div class=\"box_inner\">\n                                <span>Allergi - N\u00f6tallergi i praktiken<\/span>\n               <br>\n               <div class=\"lecturer\"><span>Mareike Fech-Bormann, Barnallergolog, Barnl\u00e4kare, Barn- och ungdomskliniken, V\u00e4ster\u00e5s<\/span><\/div>\n               <div class=\"room_div \">\n                 <i class=\"list-room\">Lilla Kongresshallen<\/i>\n               <\/div>\n\n               <div class=\"name_time_div\">\n                <i class=\"list-time\" data-time=\"10:25\">10:25-11:10 - Torsdag 26 april<\/i>\n               <\/div>\n              <\/div>\n             <\/div>\n          <\/div>\n\n          \n          <div class=\"box-wrapper\"\n              data-id=\"1271\">\n\n              <div class='time-header' style='visibility: hidden;'>10:25<\/div>\n\n              <div class=\"box\"\n                data-id=\"1271\"\n                data-project=\"project_338_2017_12_12\"\n                data-title=\"Reumatologi - PM Akut artrit\"\n                data-time=\"10:25-11:10\"\n                data-room=\"H\u00f6rsalen\"\n                data-room-id=\"1024\"\n                data-room-name=\"H\u00f6rsalen\"\n                data-day=\"3\"\n                data-abs-nbr=\"\"\n                data-abs-path=\"\"\n                data-speaker=\"Johan Sch\u00f6ier, Barnl\u00e4kare, V\u00e4ster\u00e5s barnmottagning; Michele Compagno\"\n                data-speakercell=\"Johan Sch\u00f6ier, Barnl\u00e4kare, V\u00e4ster\u00e5s barnmottagning; Michele Compagno\"\n                data-info=\"&lt;b&gt;Moderatorer: &lt;\/b&gt;Johan Sch\u00f6ier, Barnl\u00e4kare, V\u00e4ster\u00e5s barnmottagning&lt;br&gt;&lt;br&gt;                  &lt;p&gt;Presentation av nytt nationellt pm&lt;br&gt;&lt;\/p&gt;                 &lt;br&gt;&lt;br&gt;\"\n                data-category=\"F\u00f6rel\u00e4sning\"\n                data-category-ids=\"1002\"\n                data-span-all=\"\"\n              >\n\n              \n\n              <div class=\"vertical_bar\" style=\"background-color: #B2FF78;\"><\/div>\n              <div class=\"box_inner\">\n                                <span>Reumatologi - PM Akut artrit<\/span>\n               <br>\n               <div class=\"lecturer\"><span>Johan Sch\u00f6ier, Barnl\u00e4kare, V\u00e4ster\u00e5s barnmottagning; Michele Compagno<\/span><\/div>\n               <div class=\"room_div \">\n                 <i class=\"list-room\">H\u00f6rsalen<\/i>\n               <\/div>\n\n               <div class=\"name_time_div\">\n                <i class=\"list-time\" data-time=\"10:25\">10:25-11:10 - Torsdag 26 april<\/i>\n               <\/div>\n              <\/div>\n             <\/div>\n          <\/div>\n\n          \n          <div class=\"box-wrapper\"\n              data-id=\"1180\">\n\n              <div class='time-header' style='visibility: hidden;'>10:25<\/div>\n\n              <div class=\"box\"\n                data-id=\"1180\"\n                data-project=\"project_338_2017_12_12\"\n                data-title=\"Allm\u00e4npediatrik och H\u00e4lsov\u00e5rd - Eksemskola, sm\u00f6rjteknik \"\n                data-time=\"10:25-11:10\"\n                data-room=\"Sal 105\"\n                data-room-id=\"1030\"\n                data-room-name=\"Sal 105\"\n                data-day=\"3\"\n                data-abs-nbr=\"\"\n                data-abs-path=\"\"\n                data-speaker=\"Anna  Bernholm, Barnsjuksk\u00f6terska med specialitet inom astma, allergi och eksem. Barnkliniken \u00d6stersunds sjukhus\"\n                data-speakercell=\"Anna  Bernholm, Barnsjuksk\u00f6terska med specialitet inom astma, allergi och eksem. Barnkliniken \u00d6stersunds sjukhus\"\n                data-info=\"                  &lt;p&gt;Eksemskola, sm\u00f6rjteknik&amp;nbsp;&lt;\/p&gt;                 &lt;p&gt;&lt;span style=&quot;font-style: italic;&quot;&gt;Samma workshop arrangeras vid fler tillf\u00e4llen.&lt;\/span&gt;&lt;br&gt;&lt;\/p&gt;                 &lt;br&gt;&lt;br&gt;\"\n                data-category=\"Workshop\"\n                data-category-ids=\"1003\"\n                data-span-all=\"\"\n              >\n\n              \n\n              <div class=\"vertical_bar\" style=\"background-color: #B2A1C9;\"><\/div>\n              <div class=\"box_inner\">\n                                <span>Allm\u00e4npediatrik och H\u00e4lsov\u00e5rd - Eksemskola, sm\u00f6rjteknik <\/span>\n               <br>\n               <div class=\"lecturer\"><span>Anna  Bernholm, Barnsjuksk\u00f6terska med specialitet inom astma, allergi och eksem. Barnkliniken \u00d6stersunds sjukhus<\/span><\/div>\n               <div class=\"room_div \">\n                 <i class=\"list-room\">Sal 105<\/i>\n               <\/div>\n\n               <div class=\"name_time_div\">\n                <i class=\"list-time\" data-time=\"10:25\">10:25-11:10 - Torsdag 26 april<\/i>\n               <\/div>\n              <\/div>\n             <\/div>\n          <\/div>\n\n          \n          <div class=\"box-wrapper\"\n              data-id=\"1343\">\n\n              <div class='time-header' style='visibility: hidden;'>10:25<\/div>\n\n              <div class=\"box\"\n                data-id=\"1343\"\n                data-project=\"project_338_2017_12_12\"\n                data-title=\"Socialstyrelsen - BHV: Att m\u00f6ta f\u00f6r\u00e4ldrar till barn med funktionsneds\u00e4ttning\"\n                data-time=\"10:25-11:10\"\n                data-room=\"Sal 301\"\n                data-room-id=\"1019\"\n                data-room-name=\"Sal 301\"\n                data-day=\"3\"\n                data-abs-nbr=\"\"\n                data-abs-path=\"\"\n                data-speaker=\"Elisabet Sj\u00f6str\u00f6m, Utredare, Socialstyrelsen; Ylva Branting, Utredare, Socialstyrelsen\"\n                data-speakercell=\"Elisabet Sj\u00f6str\u00f6m, Utredare, Socialstyrelsen; Ylva Branting, Utredare, Socialstyrelsen\"\n                data-info=\"                  &lt;p&gt;&lt;\/p&gt;                  &lt;p&gt;Socialstyrelsenhar tagit fram ett utbildningspaket till barnh\u00e4lsov\u00e5rden, BHV: Att m\u00f6ta f\u00f6r\u00e4ldrar till barn med funktionsneds\u00e4ttning.&amp;nbsp;&lt;br&gt;Utbildningspaketet inneh\u00e5ller:&lt;\/p&gt;                  &lt;p&gt;&lt;\/p&gt;                  &lt;li&gt;Ett kunskapsst\u00f6d (baserat p\u00e5 forskning &amp;amp; erfarenhet av en brett sammansatt referensgrupp av personal inom BHV, forskare och yrkesverksamma som ger st\u00f6d till f\u00f6r\u00e4ldrar som har barn med funktionsneds\u00e4ttning. Olika gruppers erfarenhet inom BHV och f\u00f6r\u00e4ldrars erfarenhet har tagits till vara.)&lt;\/li&gt;                  &lt;li&gt;Tv\u00e5 filmer (varav en riktad till f\u00f6r\u00e4ldrar som har barn med funktionsneds\u00e4ttning)&lt;\/li&gt;                  &lt;li&gt;Tv\u00e5 scenarier f\u00f6r gruppdiskussion f\u00f6r BHV-personal&lt;\/li&gt;                  &lt;li&gt;En ppt presentation som sammanfattar paketet&lt;\/li&gt;                  &lt;li&gt;En studiehandledning&amp;nbsp; (som st\u00f6d f\u00f6r hur utbildningar kan l\u00e4ggas upp inom BHV)&lt;\/li&gt;                  &lt;li&gt;En broschyr riktad till f\u00f6r\u00e4ldrar: Beh\u00f6ver ditt barn st\u00f6d fr\u00e5n samh\u00e4llet?&lt;\/li&gt;                  &lt;span style=&quot;font-weight: bold;&quot;&gt;&lt;br&gt;&lt;\/span&gt;                  &lt;p&gt;&lt;\/p&gt;                  &lt;p&gt;&lt;span style=&quot;font-weight: bold;&quot;&gt;Samma f\u00f6rel\u00e4sning ges vid tv\u00e5 tillf\u00e4llen.&lt;\/span&gt; &lt;br&gt; &lt;\/p&gt;                  &lt;ul&gt;                  &lt;\/ul&gt;                  &lt;p&gt;&lt;\/p&gt;                 &lt;br&gt;&lt;br&gt;\"\n                data-category=\"F\u00f6rel\u00e4sning\"\n                data-category-ids=\"1002\"\n                data-span-all=\"\"\n              >\n\n              \n\n              <div class=\"vertical_bar\" style=\"background-color: #B2FF78;\"><\/div>\n              <div class=\"box_inner\">\n                                <span>Socialstyrelsen - BHV: Att m\u00f6ta f\u00f6r\u00e4ldrar till barn med funktionsneds\u00e4ttning<\/span>\n               <br>\n               <div class=\"lecturer\"><span>Elisabet Sj\u00f6str\u00f6m, Utredare, Socialstyrelsen; Ylva Branting, Utredare, Socialstyrelsen<\/span><\/div>\n               <div class=\"room_div \">\n                 <i class=\"list-room\">Sal 301<\/i>\n               <\/div>\n\n               <div class=\"name_time_div\">\n                <i class=\"list-time\" data-time=\"10:25\">10:25-11:10 - Torsdag 26 april<\/i>\n               <\/div>\n              <\/div>\n             <\/div>\n          <\/div>\n\n          \n          <div class=\"box-wrapper\"\n              data-id=\"1207\">\n\n              <div class='time-header' style='visibility: hidden;'>10:25<\/div>\n\n              <div class=\"box\"\n                data-id=\"1207\"\n                data-project=\"project_338_2017_12_12\"\n                data-title=\"Allm\u00e4npediatrik och h\u00e4lsov\u00e5rd - Mindfullness\"\n                data-time=\"10:25-11:10\"\n                data-room=\"Stora Kongresshallen\"\n                data-room-id=\"1018\"\n                data-room-name=\"Stora Kongresshallen\"\n                data-day=\"3\"\n                data-abs-nbr=\"\"\n                data-abs-path=\"\"\n                data-speaker=\"Marie Hansson, Psykolog och psykoterapeut, N\u00e4rh\u00e4lsan, G\u00f6teborg; Elisabeth Carl\u00e9n, Barn- och Ungdomsl\u00e4kare; Lisa Lundell, Svenska Parasportf\u00f6rbundet \"\n                data-speakercell=\"Marie Hansson, Psykolog och psykoterapeut, N\u00e4rh\u00e4lsan, G\u00f6teborg; Elisabeth Carl\u00e9n, Barn- och Ungdomsl\u00e4kare; Lisa Lundell, Svenska Parasportf\u00f6rbundet \"\n                data-info=\"                  &lt;p&gt;Kan mindfulness vara ett verktyg i behandling av barn med psykosomatiska besv\u00e4r?&lt;br&gt;&lt;br&gt;&lt;\/p&gt;                 &lt;br&gt;&lt;br&gt;\"\n                data-category=\"F\u00f6rel\u00e4sning\"\n                data-category-ids=\"1002\"\n                data-span-all=\"\"\n              >\n\n              \n\n              <div class=\"vertical_bar\" style=\"background-color: #B2FF78;\"><\/div>\n              <div class=\"box_inner\">\n                                <span>Allm\u00e4npediatrik och h\u00e4lsov\u00e5rd - Mindfullness<\/span>\n               <br>\n               <div class=\"lecturer\"><span>Marie Hansson, Psykolog och psykoterapeut, N\u00e4rh\u00e4lsan, G\u00f6teborg; Elisabeth Carl\u00e9n, Barn- och Ungdomsl\u00e4kare; Lisa Lundell, Svenska Parasportf\u00f6rbundet <\/span><\/div>\n               <div class=\"room_div \">\n                 <i class=\"list-room\">Stora Kongresshallen<\/i>\n               <\/div>\n\n               <div class=\"name_time_div\">\n                <i class=\"list-time\" data-time=\"10:25\">10:25-11:10 - Torsdag 26 april<\/i>\n               <\/div>\n              <\/div>\n             <\/div>\n          <\/div>\n\n          \n          <div class=\"box-wrapper\"\n              data-id=\"1244\">\n\n              <div class='time-header' style='visibility: hidden;'>10:25<\/div>\n\n              <div class=\"box\"\n                data-id=\"1244\"\n                data-project=\"project_338_2017_12_12\"\n                data-title=\"Allm\u00e4npediatrik och h\u00e4lsov\u00e5rd - Generation Pep \u2013  Vilken roll kan Barnh\u00e4lsov\u00e5rden spela f\u00f6r att hj\u00e4lpa alla barn och unga till ett aktivt och h\u00e4lsosamt liv?\"\n                data-time=\"10:25-11:10\"\n                data-room=\"Sal 108\"\n                data-room-id=\"1026\"\n                data-room-name=\"Sal 108\"\n                data-day=\"3\"\n                data-abs-nbr=\"\"\n                data-abs-path=\"\"\n                data-speaker=\"Lenka  Prokopec Karlberg, Gen Pep; Lisa Lundell, Svenska Parasportf\u00f6rbundet ; Carina Almqvist, Verksmahetschef, Capio Barnav\u00e5rdscentral Farsta\"\n                data-speakercell=\"Lenka  Prokopec Karlberg, Gen Pep; Lisa Lundell, Svenska Parasportf\u00f6rbundet ; Carina Almqvist, Verksmahetschef, Capio Barnav\u00e5rdscentral Farsta\"\n                data-info=\"                  &lt;div&gt;                   &lt;i&gt;Vilken roll kan B&lt;\/i&gt;                   &lt;i&gt;arnh\u00e4lsov\u00e5rden spela f\u00f6r att hj\u00e4lpa alla barn och unga till ett aktivt och h\u00e4lsosamt liv? Verktyg f\u00f6r att sprida kunskap och f\u00f6ra samtal om en h\u00e4lsosam livsstil med barn och f\u00f6r\u00e4ldrar.&lt;\/i&gt;                  &lt;\/div&gt;Lenka Prokopec Karlberg och Gerda Nilsson Tjernstr\u00f6m, Generation Pep                  &lt;div&gt;                  &lt;\/div&gt;                  &lt;div&gt;                   &lt;br&gt;                  &lt;\/div&gt;                  &lt;div&gt;                  &lt;\/div&gt;                 &lt;br&gt;&lt;br&gt;\"\n                data-category=\"Workshop\"\n                data-category-ids=\"1003\"\n                data-span-all=\"\"\n              >\n\n              \n\n              <div class=\"vertical_bar\" style=\"background-color: #B2A1C9;\"><\/div>\n              <div class=\"box_inner\">\n                                <span>Allm\u00e4npediatrik och h\u00e4lsov\u00e5rd - Generation Pep \u2013  Vilken roll kan Barnh\u00e4lsov\u00e5rden spela f\u00f6r att hj\u00e4lpa alla barn och unga till ett aktivt och h\u00e4lsosamt liv?<\/span>\n               <br>\n               <div class=\"lecturer\"><span>Lenka  Prokopec Karlberg, Gen Pep; Lisa Lundell, Svenska Parasportf\u00f6rbundet ; Carina Almqvist, Verksmahetschef, Capio Barnav\u00e5rdscentral Farsta<\/span><\/div>\n               <div class=\"room_div \">\n                 <i class=\"list-room\">Sal 108<\/i>\n               <\/div>\n\n               <div class=\"name_time_div\">\n                <i class=\"list-time\" data-time=\"10:25\">10:25-11:10 - Torsdag 26 april<\/i>\n               <\/div>\n              <\/div>\n             <\/div>\n          <\/div>\n\n          \n          <div class=\"box-wrapper\"\n              data-id=\"1234\">\n\n              <div class='time-header' style='visibility: hidden;'>10:25<\/div>\n\n              <div class=\"box\"\n                data-id=\"1234\"\n                data-project=\"project_338_2017_12_12\"\n                data-title=\"Palliativ v\u00e5rd - Medicinsk symtomlindring i hemmet och p\u00e5 sjukhus\"\n                data-time=\"10:25-12:00\"\n                data-room=\"Sal 109\"\n                data-room-id=\"1022\"\n                data-room-name=\"Sal 109\"\n                data-day=\"3\"\n                data-abs-nbr=\"\"\n                data-abs-path=\"\"\n                data-speaker=\"Karin B\u00e4ckdahl, Barnl\u00e4kare, Lilla Erstag\u00e5rden; Annika Bjur\u00f6, \u00d6verl\u00e4kare, Avancerad sjukv\u00e5rd i hemmet (ASIH) Lund\/Malm\u00f6\"\n                data-speakercell=\"Karin B\u00e4ckdahl, Barnl\u00e4kare, Lilla Erstag\u00e5rden; Annika Bjur\u00f6, \u00d6verl\u00e4kare, Avancerad sjukv\u00e5rd i hemmet (ASIH) Lund\/Malm\u00f6\"\n                data-info=\"                  &lt;p&gt;Tankar och r\u00e5d ang\u00e5ende medicinsk palliativ symtomlindring&amp;nbsp; i tidig fas och sen fas\/livets slut - p\u00e5 sjukhus och i hemmet&lt;\/p&gt;                  &lt;p&gt;Deltagande i hela fm ger intyg f\u00f6r ST-l\u00e4kare uppfyller stora delar av delm\u00e5l b5 men \u00e4ven del av b1, b3, c5 och c10&lt;\/p&gt;                 &lt;br&gt;&lt;br&gt;\"\n                data-category=\"F\u00f6rel\u00e4sning\"\n                data-category-ids=\"1002\"\n                data-span-all=\"\"\n              >\n\n              \n\n              <div class=\"vertical_bar\" style=\"background-color: #B2FF78;\"><\/div>\n              <div class=\"box_inner\">\n                                <span>Palliativ v\u00e5rd - Medicinsk symtomlindring i hemmet och p\u00e5 sjukhus<\/span>\n               <br>\n               <div class=\"lecturer\"><span>Karin B\u00e4ckdahl, Barnl\u00e4kare, Lilla Erstag\u00e5rden; Annika Bjur\u00f6, \u00d6verl\u00e4kare, Avancerad sjukv\u00e5rd i hemmet (ASIH) Lund\/Malm\u00f6<\/span><\/div>\n               <div class=\"room_div \">\n                 <i class=\"list-room\">Sal 109<\/i>\n               <\/div>\n\n               <div class=\"name_time_div\">\n                <i class=\"list-time\" data-time=\"10:25\">10:25-12:00 - Torsdag 26 april<\/i>\n               <\/div>\n              <\/div>\n             <\/div>\n          <\/div>\n\n          \n          <div class=\"box-wrapper\"\n              data-id=\"1245\">\n\n              <div class='time-header'>11:15<\/div>\n\n              <div class=\"box\"\n                data-id=\"1245\"\n                data-project=\"project_338_2017_12_12\"\n                data-title=\"Allm\u00e4npediatrik och h\u00e4lsov\u00e5rd -  Generation Pep \u2013 \u00c4r det samh\u00e4llets fel att barn och unga med utvecklingsst\u00f6rning har en s\u00e4mre h\u00e4lsa \u00e4n befolkningen i \u00f6vrigt?\u201d  \"\n                data-time=\"11:15-12:00\"\n                data-room=\"Sal 108\"\n                data-room-id=\"1026\"\n                data-room-name=\"Sal 108\"\n                data-day=\"3\"\n                data-abs-nbr=\"\"\n                data-abs-path=\"\"\n                data-speaker=\"Linn\u00e9a  Bj\u00f6rndahl, Svenska Parasportf\u00f6rbundet; Lenka  Prokopec Karlberg, Gen Pep; Lisa Lundell, Svenska Parasportf\u00f6rbundet ; Carina Almqvist, Verksmahetschef, Capio Barnav\u00e5rdscentral Farsta\"\n                data-speakercell=\"Linn\u00e9a  Bj\u00f6rndahl, Svenska Parasportf\u00f6rbundet; Lenka  Prokopec Karlberg, Gen Pep; Lisa Lundell, Svenska Parasportf\u00f6rbundet ; Carina Almqvist, Verksmahetschef, Capio Barnav\u00e5rdscentral Farsta\"\n                data-info=\"                  &lt;div&gt;                   &lt;i&gt;\u00c4r det samh\u00e4llets fel att barn och unga med utvecklingsst\u00f6rning har en s\u00e4mre h\u00e4lsa \u00e4n befolkningen i \u00f6vrigt?\u201d&lt;\/i&gt;&amp;nbsp;&amp;nbsp;                  &lt;\/div&gt;                  &lt;div&gt;                   Linn\u00e9a Bj\u00f6rndahl, Svenska Parasportf\u00f6rbundet och Lenka Prokopec Karlberg, Generation Pep                  &lt;\/div&gt;                  &lt;p&gt;&amp;nbsp;&lt;\/p&gt;                 &lt;br&gt;&lt;br&gt;\"\n                data-category=\"Workshop\"\n                data-category-ids=\"1003\"\n                data-span-all=\"\"\n              >\n\n              \n\n              <div class=\"vertical_bar\" style=\"background-color: #B2A1C9;\"><\/div>\n              <div class=\"box_inner\">\n                                <span>Allm\u00e4npediatrik och h\u00e4lsov\u00e5rd -  Generation Pep \u2013 \u00c4r det samh\u00e4llets fel att barn och unga med utvecklingsst\u00f6rning har en s\u00e4mre h\u00e4lsa \u00e4n befolkningen i \u00f6vrigt?\u201d  <\/span>\n               <br>\n               <div class=\"lecturer\"><span>Linn\u00e9a  Bj\u00f6rndahl, Svenska Parasportf\u00f6rbundet; Lenka  Prokopec Karlberg, Gen Pep; Lisa Lundell, Svenska Parasportf\u00f6rbundet ; Carina Almqvist, Verksmahetschef, Capio Barnav\u00e5rdscentral Farsta<\/span><\/div>\n               <div class=\"room_div \">\n                 <i class=\"list-room\">Sal 108<\/i>\n               <\/div>\n\n               <div class=\"name_time_div\">\n                <i class=\"list-time\" data-time=\"11:15\">11:15-12:00 - Torsdag 26 april<\/i>\n               <\/div>\n              <\/div>\n             <\/div>\n          <\/div>\n\n          \n          <div class=\"box-wrapper\"\n              data-id=\"1286\">\n\n              <div class='time-header' style='visibility: hidden;'>11:15<\/div>\n\n              <div class=\"box\"\n                data-id=\"1286\"\n                data-project=\"project_338_2017_12_12\"\n                data-title=\"Barnakutsjukv\u00e5rd - Ultraljud p\u00e5 akuten- vad kan vi ha f\u00f6r nytta av det? \"\n                data-time=\"11:15-12:00\"\n                data-room=\"Lilla Salen\"\n                data-room-id=\"1023\"\n                data-room-name=\"Lilla Salen\"\n                data-day=\"3\"\n                data-abs-nbr=\"\"\n                data-abs-path=\"\"\n                data-speaker=\"Serena Rovida, Dr, Specialist i Akutsjukv\u00e5rd, Link\u00f6ping universitet, Link\u00f6ping\"\n                data-speakercell=\"Serena Rovida, Dr, Specialist i Akutsjukv\u00e5rd, Link\u00f6ping universitet, Link\u00f6ping\"\n                data-info=\"                  &lt;p&gt;Evidence based medicine and ultrasound in EM scenario with the pediatric patient.&lt;br&gt;&lt;\/p&gt;                 &lt;br&gt;&lt;br&gt;\"\n                data-category=\"F\u00f6rel\u00e4sning\"\n                data-category-ids=\"1002\"\n                data-span-all=\"\"\n              >\n\n              \n\n              <div class=\"vertical_bar\" style=\"background-color: #B2FF78;\"><\/div>\n              <div class=\"box_inner\">\n                                <span>Barnakutsjukv\u00e5rd - Ultraljud p\u00e5 akuten- vad kan vi ha f\u00f6r nytta av det? <\/span>\n               <br>\n               <div class=\"lecturer\"><span>Serena Rovida, Dr, Specialist i Akutsjukv\u00e5rd, Link\u00f6ping universitet, Link\u00f6ping<\/span><\/div>\n               <div class=\"room_div \">\n                 <i class=\"list-room\">Lilla Salen<\/i>\n               <\/div>\n\n               <div class=\"name_time_div\">\n                <i class=\"list-time\" data-time=\"11:15\">11:15-12:00 - Torsdag 26 april<\/i>\n               <\/div>\n              <\/div>\n             <\/div>\n          <\/div>\n\n          \n          <div class=\"box-wrapper\"\n              data-id=\"1213\">\n\n              <div class='time-header' style='visibility: hidden;'>11:15<\/div>\n\n              <div class=\"box\"\n                data-id=\"1213\"\n                data-project=\"project_338_2017_12_12\"\n                data-title=\"Allergi - Akut och kronisk urticaria\"\n                data-time=\"11:15-12:00\"\n                data-room=\"Lilla Kongresshallen\"\n                data-room-id=\"1021\"\n                data-room-name=\"Lilla Kongresshallen\"\n                data-day=\"3\"\n                data-abs-nbr=\"\"\n                data-abs-path=\"\"\n                data-speaker=\"Emma Goks\u00f6r, PhD, Barnallergolog, Drottning Silvias Barnsjukhus, G\u00f6teborg\"\n                data-speakercell=\"Emma Goks\u00f6r, PhD, Barnallergolog, Drottning Silvias Barnsjukhus, G\u00f6teborg\"\n                data-info=\"&lt;b&gt;Moderatorer: &lt;\/b&gt;Martin Dalenbring,  Barnallergolog, Barn- och ungdomskliniken, V\u00e4ster\u00e5s; Mareike Fech-Bormann, Barnallergolog, Barnl\u00e4kare, Barn- och ungdomskliniken, V\u00e4ster\u00e5s&lt;br&gt;&lt;br&gt;                  &lt;table&gt;                   &lt;tbody&gt;                    &lt;tr&gt;                     &lt;td&gt;Utredning, differential diagnostik och behandling av akut och kronisk urtikaria&lt;\/td&gt;                    &lt;\/tr&gt;                   &lt;\/tbody&gt;                  &lt;\/table&gt;                 &lt;br&gt;&lt;br&gt;\"\n                data-category=\"F\u00f6rel\u00e4sning\"\n                data-category-ids=\"1002\"\n                data-span-all=\"\"\n              >\n\n              \n\n              <div class=\"vertical_bar\" style=\"background-color: #B2FF78;\"><\/div>\n              <div class=\"box_inner\">\n                                <span>Allergi - Akut och kronisk urticaria<\/span>\n               <br>\n               <div class=\"lecturer\"><span>Emma Goks\u00f6r, PhD, Barnallergolog, Drottning Silvias Barnsjukhus, G\u00f6teborg<\/span><\/div>\n               <div class=\"room_div \">\n                 <i class=\"list-room\">Lilla Kongresshallen<\/i>\n               <\/div>\n\n               <div class=\"name_time_div\">\n                <i class=\"list-time\" data-time=\"11:15\">11:15-12:00 - Torsdag 26 april<\/i>\n               <\/div>\n              <\/div>\n             <\/div>\n          <\/div>\n\n          \n          <div class=\"box-wrapper\"\n              data-id=\"1208\">\n\n              <div class='time-header' style='visibility: hidden;'>11:15<\/div>\n\n              <div class=\"box\"\n                data-id=\"1208\"\n                data-project=\"project_338_2017_12_12\"\n                data-title=\"Allm\u00e4npediatrik och h\u00e4lsov\u00e5rd - Vad h\u00e4nder om vi r\u00f6r p\u00e5 oss? \"\n                data-time=\"11:15-12:00\"\n                data-room=\"Stora Kongresshallen\"\n                data-room-id=\"1018\"\n                data-room-name=\"Stora Kongresshallen\"\n                data-day=\"3\"\n                data-abs-nbr=\"\"\n                data-abs-path=\"\"\n                data-speaker=\"Holger  Seidel , BHV \u00f6l S\u00f6rmland\"\n                data-speakercell=\"Holger  Seidel , BHV \u00f6l S\u00f6rmland\"\n                data-info=\"                  &lt;p&gt;Vad h\u00e4nder om vi r\u00f6r p\u00e5 oss?&lt;\/p&gt;                  &lt;p&gt;\u00c4r barn sm\u00e5 vuxna?&lt;\/p&gt;                 &lt;br&gt;&lt;br&gt;\"\n                data-category=\"F\u00f6rel\u00e4sning\"\n                data-category-ids=\"1002\"\n                data-span-all=\"\"\n              >\n\n              \n\n              <div class=\"vertical_bar\" style=\"background-color: #B2FF78;\"><\/div>\n              <div class=\"box_inner\">\n                                <span>Allm\u00e4npediatrik och h\u00e4lsov\u00e5rd - Vad h\u00e4nder om vi r\u00f6r p\u00e5 oss? <\/span>\n               <br>\n               <div class=\"lecturer\"><span>Holger  Seidel , BHV \u00f6l S\u00f6rmland<\/span><\/div>\n               <div class=\"room_div \">\n                 <i class=\"list-room\">Stora Kongresshallen<\/i>\n               <\/div>\n\n               <div class=\"name_time_div\">\n                <i class=\"list-time\" data-time=\"11:15\">11:15-12:00 - Torsdag 26 april<\/i>\n               <\/div>\n              <\/div>\n             <\/div>\n          <\/div>\n\n          \n          <div class=\"box-wrapper\"\n              data-id=\"1263\">\n\n              <div class='time-header' style='visibility: hidden;'>11:15<\/div>\n\n              <div class=\"box\"\n                data-id=\"1263\"\n                data-project=\"project_338_2017_12_12\"\n                data-title=\"F\u00f6rs\u00e4kringskassan - F\u00f6rs\u00e4kringsmedicin\"\n                data-time=\"11:15-12:00\"\n                data-room=\"Sal 110\"\n                data-room-id=\"1029\"\n                data-room-name=\"Sal 110\"\n                data-day=\"3\"\n                data-abs-nbr=\"\"\n                data-abs-path=\"\"\n                data-speaker=\"\"\n                data-speakercell=\"\"\n                data-info=\"                  &lt;p&gt;Vilkenmedicinsk information beh\u00f6ver F\u00f6rs\u00e4kringskassan f\u00e5 av dig som l\u00e4kare? Iseminariet g\u00e5r vi kortfattat igenom respektive f\u00f6rs\u00e4kring och vilkeninformation som beh\u00f6vs. Med finns b\u00e5de f\u00f6rs\u00e4kringsmedicinska r\u00e5dgivare ochexperter p\u00e5 sj\u00e4lva f\u00f6rs\u00e4kringarna; V\u00e5rdbidrag, Tillf\u00e4lligf\u00f6r\u00e4ldrapenning\/Allvarligt Sjuka Barn&lt;br&gt;&lt;\/p&gt;                 &lt;p&gt;&lt;span style=&quot;font-style: italic;&quot;&gt;Samma workshop arrangeras vid fler tillf\u00e4llen.&lt;\/span&gt;&lt;br&gt;&lt;\/p&gt;                 &lt;br&gt;&lt;br&gt;\"\n                data-category=\"Workshop\"\n                data-category-ids=\"1003\"\n                data-span-all=\"\"\n              >\n\n              \n\n              <div class=\"vertical_bar\" style=\"background-color: #B2A1C9;\"><\/div>\n              <div class=\"box_inner\">\n                                <span>F\u00f6rs\u00e4kringskassan - F\u00f6rs\u00e4kringsmedicin<\/span>\n               <br>\n               \n               <div class=\"room_div \">\n                 <i class=\"list-room\">Sal 110<\/i>\n               <\/div>\n\n               <div class=\"name_time_div\">\n                <i class=\"list-time\" data-time=\"11:15\">11:15-12:00 - Torsdag 26 april<\/i>\n               <\/div>\n              <\/div>\n             <\/div>\n          <\/div>\n\n          \n          <div class=\"box-wrapper\"\n              data-id=\"1344\">\n\n              <div class='time-header' style='visibility: hidden;'>11:15<\/div>\n\n              <div class=\"box\"\n                data-id=\"1344\"\n                data-project=\"project_338_2017_12_12\"\n                data-title=\"Socialstyrelsen - BHV: Att m\u00f6ta f\u00f6r\u00e4ldrar till barn med funktionsneds\u00e4ttning\"\n                data-time=\"11:15-12:00\"\n                data-room=\"Sal 301\"\n                data-room-id=\"1019\"\n                data-room-name=\"Sal 301\"\n                data-day=\"3\"\n                data-abs-nbr=\"\"\n                data-abs-path=\"\"\n                data-speaker=\"Elisabet Sj\u00f6str\u00f6m, Utredare, Socialstyrelsen; Ylva Branting, Utredare, Socialstyrelsen\"\n                data-speakercell=\"Elisabet Sj\u00f6str\u00f6m, Utredare, Socialstyrelsen; Ylva Branting, Utredare, Socialstyrelsen\"\n                data-info=\"                  &lt;p&gt;&lt;\/p&gt;                  &lt;p&gt;Socialstyrelsenhar tagit fram ett utbildningspaket till barnh\u00e4lsov\u00e5rden, BHV: Att m\u00f6ta f\u00f6r\u00e4ldrar till barn med funktionsneds\u00e4ttning.&amp;nbsp;&lt;br&gt;Utbildningspaketet inneh\u00e5ller:&lt;\/p&gt;                  &lt;p&gt;&lt;\/p&gt;                  &lt;li&gt;Ett kunskapsst\u00f6d (baserat p\u00e5 forskning &amp;amp; erfarenhet av en brett sammansatt referensgrupp av personal inom BHV, forskare och yrkesverksamma som ger st\u00f6d till f\u00f6r\u00e4ldrar som har barn med funktionsneds\u00e4ttning. Olika gruppers erfarenhet inom BHV och f\u00f6r\u00e4ldrars erfarenhet har tagits till vara.)&lt;\/li&gt;                  &lt;li&gt;Tv\u00e5 filmer (varav en riktad till f\u00f6r\u00e4ldrar som har barn med funktionsneds\u00e4ttning)&lt;\/li&gt;                  &lt;li&gt;Tv\u00e5 scenarier f\u00f6r gruppdiskussion f\u00f6r BHV-personal&lt;\/li&gt;                  &lt;li&gt;En ppt presentation som sammanfattar paketet&lt;\/li&gt;                  &lt;li&gt;En studiehandledning&amp;nbsp; (som st\u00f6d f\u00f6r hur utbildningar kan l\u00e4ggas upp inom BHV)&lt;\/li&gt;                  &lt;li&gt;En broschyr riktad till f\u00f6r\u00e4ldrar: Beh\u00f6ver ditt barn st\u00f6d fr\u00e5n samh\u00e4llet?&lt;\/li&gt;                  &lt;span style=&quot;font-weight: bold;&quot;&gt;&lt;br&gt;&lt;\/span&gt;                  &lt;p&gt;&lt;\/p&gt;                  &lt;p&gt;&lt;span style=&quot;font-weight: bold;&quot;&gt;Samma f\u00f6rel\u00e4sning ges vid tv\u00e5 tillf\u00e4llen.&lt;\/span&gt; &lt;\/p&gt;                  &lt;ul&gt;                  &lt;\/ul&gt;                  &lt;p&gt;&lt;\/p&gt;                 &lt;br&gt;&lt;br&gt;\"\n                data-category=\"F\u00f6rel\u00e4sning\"\n                data-category-ids=\"1002\"\n                data-span-all=\"\"\n              >\n\n              \n\n              <div class=\"vertical_bar\" style=\"background-color: #B2FF78;\"><\/div>\n              <div class=\"box_inner\">\n                                <span>Socialstyrelsen - BHV: Att m\u00f6ta f\u00f6r\u00e4ldrar till barn med funktionsneds\u00e4ttning<\/span>\n               <br>\n               <div class=\"lecturer\"><span>Elisabet Sj\u00f6str\u00f6m, Utredare, Socialstyrelsen; Ylva Branting, Utredare, Socialstyrelsen<\/span><\/div>\n               <div class=\"room_div \">\n                 <i class=\"list-room\">Sal 301<\/i>\n               <\/div>\n\n               <div class=\"name_time_div\">\n                <i class=\"list-time\" data-time=\"11:15\">11:15-12:00 - Torsdag 26 april<\/i>\n               <\/div>\n              <\/div>\n             <\/div>\n          <\/div>\n\n          \n          <div class=\"box-wrapper\"\n              data-id=\"1210\">\n\n              <div class='time-header' style='visibility: hidden;'>11:15<\/div>\n\n              <div class=\"box\"\n                data-id=\"1210\"\n                data-project=\"project_338_2017_12_12\"\n                data-title=\"Reumatologi - Falldragningar Henoch Sch\u00f6nlein, Kawasaki och Akut Artrit, av olika sv\u00e5righetsgrad\"\n                data-time=\"11:15-12:00\"\n                data-room=\"H\u00f6rsalen\"\n                data-room-id=\"1024\"\n                data-room-name=\"H\u00f6rsalen\"\n                data-day=\"3\"\n                data-abs-nbr=\"\"\n                data-abs-path=\"\"\n                data-speaker=\"Lillemor Berntson; AnnaCarin Horne\"\n                data-speakercell=\"Lillemor Berntson; AnnaCarin Horne\"\n                data-info=\"&lt;b&gt;Moderatorer: &lt;\/b&gt;Johan Sch\u00f6ier, Barnl\u00e4kare, V\u00e4ster\u00e5s barnmottagning&lt;br&gt;&lt;br&gt;                  &lt;p&gt;Falldragningar Henoch Sch\u00f6nlein, Kawasaki och Akut Artrit, av olika sv\u00e5righetsgrad&lt;br&gt;&lt;\/p&gt;                 &lt;br&gt;&lt;br&gt;\"\n                data-category=\"F\u00f6rel\u00e4sning\"\n                data-category-ids=\"1002\"\n                data-span-all=\"\"\n              >\n\n              \n\n              <div class=\"vertical_bar\" style=\"background-color: #B2FF78;\"><\/div>\n              <div class=\"box_inner\">\n                                <span>Reumatologi - Falldragningar Henoch Sch\u00f6nlein, Kawasaki och Akut Artrit, av olika sv\u00e5righetsgrad<\/span>\n               <br>\n               <div class=\"lecturer\"><span>Lillemor Berntson; AnnaCarin Horne<\/span><\/div>\n               <div class=\"room_div \">\n                 <i class=\"list-room\">H\u00f6rsalen<\/i>\n               <\/div>\n\n               <div class=\"name_time_div\">\n                <i class=\"list-time\" data-time=\"11:15\">11:15-12:00 - Torsdag 26 april<\/i>\n               <\/div>\n              <\/div>\n             <\/div>\n          <\/div>\n\n          \n          <div class=\"box-wrapper\"\n              data-id=\"1272\">\n\n              <div class='time-header'>12:00<\/div>\n\n              <div class=\"box\"\n                data-id=\"1272\"\n                data-project=\"project_338_2017_12_12\"\n                data-title=\"Palliativ v\u00e5rd - Lunchm\u00f6te\"\n                data-time=\"12:00-13:15\"\n                data-room=\"Sal 201\"\n                data-room-id=\"1033\"\n                data-room-name=\"Sal 201\"\n                data-day=\"3\"\n                data-abs-nbr=\"\"\n                data-abs-path=\"\"\n                data-speaker=\"\"\n                data-speakercell=\"\"\n                data-info=\"                  &lt;p&gt;Palliativ v\u00e5rd&lt;\/p&gt;                 &lt;br&gt;&lt;br&gt;\"\n                data-category=\"M\u00f6te\"\n                data-category-ids=\"1004\"\n                data-span-all=\"\"\n              >\n\n              \n\n              <div class=\"vertical_bar\" style=\"background-color: #FFFA5C;\"><\/div>\n              <div class=\"box_inner\">\n                                <span>Palliativ v\u00e5rd - Lunchm\u00f6te<\/span>\n               <br>\n               \n               <div class=\"room_div \">\n                 <i class=\"list-room\">Sal 201<\/i>\n               <\/div>\n\n               <div class=\"name_time_div\">\n                <i class=\"list-time\" data-time=\"12:00\">12:00-13:15 - Torsdag 26 april<\/i>\n               <\/div>\n              <\/div>\n             <\/div>\n          <\/div>\n\n          \n          <div class=\"box-wrapper\"\n              data-id=\"1273\">\n\n              <div class='time-header' style='visibility: hidden;'>12:00<\/div>\n\n              <div class=\"box\"\n                data-id=\"1273\"\n                data-project=\"project_338_2017_12_12\"\n                data-title=\"-INST\u00c4LLD- Barnvaccinationer - Lunchm\u00f6te\"\n                data-time=\"12:00-13:15\"\n                data-room=\"Sal 202\"\n                data-room-id=\"1028\"\n                data-room-name=\"Sal 202\"\n                data-day=\"3\"\n                data-abs-nbr=\"\"\n                data-abs-path=\"\"\n                data-speaker=\"\"\n                data-speakercell=\"\"\n                data-info=\"                  &lt;p&gt;Barnvaccinationer&lt;br&gt;&lt;\/p&gt;                 &lt;br&gt;&lt;br&gt;\"\n                data-category=\"M\u00f6te\"\n                data-category-ids=\"1004\"\n                data-span-all=\"\"\n              >\n\n              \n\n              <div class=\"vertical_bar\" style=\"background-color: #FFFA5C;\"><\/div>\n              <div class=\"box_inner\">\n                                <span>-INST\u00c4LLD- Barnvaccinationer - Lunchm\u00f6te<\/span>\n               <br>\n               \n               <div class=\"room_div \">\n                 <i class=\"list-room\">Sal 202<\/i>\n               <\/div>\n\n               <div class=\"name_time_div\">\n                <i class=\"list-time\" data-time=\"12:00\">12:00-13:15 - Torsdag 26 april<\/i>\n               <\/div>\n              <\/div>\n             <\/div>\n          <\/div>\n\n          \n          <div class=\"box-wrapper\"\n              data-id=\"1257\">\n\n              <div class='time-header' style='visibility: hidden;'>12:00<\/div>\n\n              <div class=\"box\"\n                data-id=\"1257\"\n                data-project=\"project_338_2017_12_12\"\n                data-title=\"Lunch med bes\u00f6k hos utst\u00e4llare (Klicka f\u00f6r mer information om Lunchm\u00f6ten)\"\n                data-time=\"12:00-13:15\"\n                data-room=\"Evenemangshallen\"\n                data-room-id=\"1008\"\n                data-room-name=\"Evenemangshallen\"\n                data-day=\"3\"\n                data-abs-nbr=\"\"\n                data-abs-path=\"\"\n                data-speaker=\"\"\n                data-speakercell=\"\"\n                data-info=\"                 &lt;p&gt;&lt;span style=&quot;font-weight: bold; text-decoration-line: underline;&quot;&gt;Lunchm\u00f6ten&lt;\/span&gt;&lt;br&gt;12.00-13.15&amp;nbsp; Palliativ v\u00e5rd&lt;br&gt;Sal 201&lt;\/p&gt;                 &lt;p&gt;12.00-13.15&amp;nbsp; Barnvaccinationer&lt;br&gt;Sal 202&lt;\/p&gt;                 &lt;p&gt;12.00-13.15&amp;nbsp; Barnakutansvariga Uppsala-\u00d6rebroregionen&lt;br&gt;Sal 203&lt;\/p&gt;                &lt;br&gt;&lt;br&gt;\"\n                data-category=\"\"\n                data-category-ids=\"\"\n                data-span-all=\"1\"\n              >\n\n              \n\n              <div class=\"vertical_bar\" style=\"background-color: rgba(255, 255, 255, 0);\"><\/div>\n              <div class=\"box_inner\">\n                                <span>Lunch med bes\u00f6k hos utst\u00e4llare (Klicka f\u00f6r mer information om Lunchm\u00f6ten)<\/span>\n               <br>\n               \n               <div class=\"room_div \">\n                 <i class=\"list-room\">Evenemangshallen<\/i>\n               <\/div>\n\n               <div class=\"name_time_div\">\n                <i class=\"list-time\" data-time=\"12:00\">12:00-13:15 - Torsdag 26 april<\/i>\n               <\/div>\n              <\/div>\n             <\/div>\n          <\/div>\n\n          \n          <div class=\"box-wrapper\"\n              data-id=\"1292\">\n\n              <div class='time-header' style='visibility: hidden;'>12:00<\/div>\n\n              <div class=\"box\"\n                data-id=\"1292\"\n                data-project=\"project_338_2017_12_12\"\n                data-title=\"Barnakutansvariga Uppsala-\u00d6rebroregionen - Lunchm\u00f6te\"\n                data-time=\"12:00-13:15\"\n                data-room=\"Sal 203\"\n                data-room-id=\"1034\"\n                data-room-name=\"Sal 203\"\n                data-day=\"3\"\n                data-abs-nbr=\"\"\n                data-abs-path=\"\"\n                data-speaker=\"\"\n                data-speakercell=\"\"\n                data-info=\"                  &lt;p&gt;Barnakutansvariga Uppsala-\u00d6rebroregionen&lt;br&gt;&lt;\/p&gt;                 &lt;br&gt;&lt;br&gt;\"\n                data-category=\"M\u00f6te\"\n                data-category-ids=\"1004\"\n                data-span-all=\"\"\n              >\n\n              \n\n              <div class=\"vertical_bar\" style=\"background-color: #FFFA5C;\"><\/div>\n              <div class=\"box_inner\">\n                                <span>Barnakutansvariga Uppsala-\u00d6rebroregionen - Lunchm\u00f6te<\/span>\n               <br>\n               \n               <div class=\"room_div \">\n                 <i class=\"list-room\">Sal 203<\/i>\n               <\/div>\n\n               <div class=\"name_time_div\">\n                <i class=\"list-time\" data-time=\"12:00\">12:00-13:15 - Torsdag 26 april<\/i>\n               <\/div>\n              <\/div>\n             <\/div>\n          <\/div>\n\n          \n          <div class=\"box-wrapper\"\n              data-id=\"1238\">\n\n              <div class='time-header'>13:15<\/div>\n\n              <div class=\"box\"\n                data-id=\"1238\"\n                data-project=\"project_338_2017_12_12\"\n                data-title=\"Reumatologi - Ledstatus och ledinjektioner\"\n                data-time=\"13:15-14:50\"\n                data-room=\"Sal 109\"\n                data-room-id=\"1022\"\n                data-room-name=\"Sal 109\"\n                data-day=\"3\"\n                data-abs-nbr=\"\"\n                data-abs-path=\"\"\n                data-speaker=\"Johan Sch\u00f6ier, Barnl\u00e4kare, V\u00e4ster\u00e5s barnmottagning; Lillemor Berntson; Robin Kahn, Barnl\u00e4kare, Sk\u00e5nes Universitetssjukhus; Charlotta Nordenh\u00e4ll; Michele Compagno; Bo Magnusson, Dr, Astrid Lindgrens barnsjukhus; AnnaCarin Horne\"\n                data-speakercell=\"Johan Sch\u00f6ier, Barnl\u00e4kare, V\u00e4ster\u00e5s barnmottagning; Lillemor Berntson; Robin Kahn, Barnl\u00e4kare, Sk\u00e5nes Universitetssjukhus; Charlotta Nordenh\u00e4ll; Michele Compagno; Bo Magnusson, Dr, Astrid Lindgrens barnsjukhus; AnnaCarin Horne\"\n                data-info=\"                  &lt;p&gt;&lt;span style=&quot;font-weight: bold;&quot;&gt;13.15-14.00&amp;nbsp;&lt;\/span&gt;Ledinjektioner&lt;br&gt;Station 1: Lillemor Berntson, Robin Kahn, Charlotta Nordenh\u00e4ll,&amp;nbsp;&lt;\/p&gt;                  &lt;p&gt;&lt;\/p&gt;                  &lt;p&gt;&lt;span style=&quot;font-weight: bold;&quot;&gt;14.05-14.50&amp;nbsp;&lt;\/span&gt;Ledstatus&lt;br&gt;Station 2: Michele Compagno, Bo Magnusson, Johan Sch\u00f6ier, AnnaCarin Horne&lt;\/p&gt;                 &lt;br&gt;&lt;br&gt;\"\n                data-category=\"Workshop\"\n                data-category-ids=\"1003\"\n                data-span-all=\"\"\n              >\n\n              \n\n              <div class=\"vertical_bar\" style=\"background-color: #B2A1C9;\"><\/div>\n              <div class=\"box_inner\">\n                                <span>Reumatologi - Ledstatus och ledinjektioner<\/span>\n               <br>\n               <div class=\"lecturer\"><span>Johan Sch\u00f6ier, Barnl\u00e4kare, V\u00e4ster\u00e5s barnmottagning; Lillemor Berntson; Robin Kahn, Barnl\u00e4kare, Sk\u00e5nes Universitetssjukhus; Charlotta Nordenh\u00e4ll; Michele Compagno; Bo Magnusson, Dr, Astrid Lindgrens barnsjukhus; AnnaCarin Horne<\/span><\/div>\n               <div class=\"room_div \">\n                 <i class=\"list-room\">Sal 109<\/i>\n               <\/div>\n\n               <div class=\"name_time_div\">\n                <i class=\"list-time\" data-time=\"13:15\">13:15-14:50 - Torsdag 26 april<\/i>\n               <\/div>\n              <\/div>\n             <\/div>\n          <\/div>\n\n          \n          <div class=\"box-wrapper\"\n              data-id=\"1246\">\n\n              <div class='time-header' style='visibility: hidden;'>13:15<\/div>\n\n              <div class=\"box\"\n                data-id=\"1246\"\n                data-project=\"project_338_2017_12_12\"\n                data-title=\"Allm\u00e4npediatrik och h\u00e4lsov\u00e5rd - Mindfullness-prova p\u00e5\"\n                data-time=\"13:15-14:00\"\n                data-room=\"Sal 108\"\n                data-room-id=\"1026\"\n                data-room-name=\"Sal 108\"\n                data-day=\"3\"\n                data-abs-nbr=\"\"\n                data-abs-path=\"\"\n                data-speaker=\"Marie Hansson, Psykolog och psykoterapeut, N\u00e4rh\u00e4lsan, G\u00f6teborg; Elisabeth Carl\u00e9n, Barn- och Ungdomsl\u00e4kare\"\n                data-speakercell=\"Marie Hansson, Psykolog och psykoterapeut, N\u00e4rh\u00e4lsan, G\u00f6teborg; Elisabeth Carl\u00e9n, Barn- och Ungdomsl\u00e4kare\"\n                data-info=\"                  &lt;p&gt;Pr\u00f6va p\u00e5 barnens mindfulness!&lt;\/p&gt;                 &lt;p&gt;&lt;span style=&quot;font-style: italic;&quot;&gt;Samma workshop arrangeras vid fler tillf\u00e4llen.&lt;\/span&gt;&lt;br&gt;&lt;\/p&gt;                 &lt;br&gt;&lt;br&gt;\"\n                data-category=\"Workshop\"\n                data-category-ids=\"1003\"\n                data-span-all=\"\"\n              >\n\n              \n\n              <div class=\"vertical_bar\" style=\"background-color: #B2A1C9;\"><\/div>\n              <div class=\"box_inner\">\n                                <span>Allm\u00e4npediatrik och h\u00e4lsov\u00e5rd - Mindfullness-prova p\u00e5<\/span>\n               <br>\n               <div class=\"lecturer\"><span>Marie Hansson, Psykolog och psykoterapeut, N\u00e4rh\u00e4lsan, G\u00f6teborg; Elisabeth Carl\u00e9n, Barn- och Ungdomsl\u00e4kare<\/span><\/div>\n               <div class=\"room_div \">\n                 <i class=\"list-room\">Sal 108<\/i>\n               <\/div>\n\n               <div class=\"name_time_div\">\n                <i class=\"list-time\" data-time=\"13:15\">13:15-14:00 - Torsdag 26 april<\/i>\n               <\/div>\n              <\/div>\n             <\/div>\n          <\/div>\n\n          \n          <div class=\"box-wrapper\"\n              data-id=\"1211\">\n\n              <div class='time-header' style='visibility: hidden;'>13:15<\/div>\n\n              <div class=\"box\"\n                data-id=\"1211\"\n                data-project=\"project_338_2017_12_12\"\n                data-title=\"Basal Pediatrik - Medf\u00f6dda hj\u00e4rtfel\"\n                data-time=\"13:15-14:00\"\n                data-room=\"H\u00f6rsalen\"\n                data-room-id=\"1024\"\n                data-room-name=\"H\u00f6rsalen\"\n                data-day=\"3\"\n                data-abs-nbr=\"\"\n                data-abs-path=\"\"\n                data-speaker=\"Peter Jotorp, Barnl\u00e4kare \"\n                data-speakercell=\"Peter Jotorp, Barnl\u00e4kare \"\n                data-info=\"                  &lt;p&gt;Basal Pediatrik&lt;\/p&gt;                  &lt;table&gt;                   &lt;tbody&gt;                    &lt;tr&gt;                     &lt;td&gt;En kort \u00f6versikt om medf\u00f6dda hj\u00e4rtfel, utredning och behandlig&lt;\/td&gt;&lt;\/tr&gt;&lt;\/tbody&gt;&lt;\/table&gt;&lt;p&gt;&lt;br&gt;&lt;\/p&gt;                  &lt;p&gt;\u00d6verl\u00e4kare och verksamhetschef. Jobbat m\u00e5nga \u00e5r med barnkardiologi.&lt;br&gt;&lt;\/p&gt;                 &lt;br&gt;&lt;br&gt;\"\n                data-category=\"F\u00f6rel\u00e4sning\"\n                data-category-ids=\"1002\"\n                data-span-all=\"\"\n              >\n\n              \n\n              <div class=\"vertical_bar\" style=\"background-color: #B2FF78;\"><\/div>\n              <div class=\"box_inner\">\n                                <span>Basal Pediatrik - Medf\u00f6dda hj\u00e4rtfel<\/span>\n               <br>\n               <div class=\"lecturer\"><span>Peter Jotorp, Barnl\u00e4kare <\/span><\/div>\n               <div class=\"room_div \">\n                 <i class=\"list-room\">H\u00f6rsalen<\/i>\n               <\/div>\n\n               <div class=\"name_time_div\">\n                <i class=\"list-time\" data-time=\"13:15\">13:15-14:00 - Torsdag 26 april<\/i>\n               <\/div>\n              <\/div>\n             <\/div>\n          <\/div>\n\n          \n          <div class=\"box-wrapper\"\n              data-id=\"1224\">\n\n              <div class='time-header' style='visibility: hidden;'>13:15<\/div>\n\n              <div class=\"box\"\n                data-id=\"1224\"\n                data-project=\"project_338_2017_12_12\"\n                data-title=\"Diabetes - Praktisk kolhydratr\u00e4kning\/insulindosering\"\n                data-time=\"13:15-14:00\"\n                data-room=\"Sal 105\"\n                data-room-id=\"1030\"\n                data-room-name=\"Sal 105\"\n                data-day=\"3\"\n                data-abs-nbr=\"\"\n                data-abs-path=\"\"\n                data-speaker=\"Anneli Helmrich, Dietist, Region V\u00e4stmanland\"\n                data-speakercell=\"Anneli Helmrich, Dietist, Region V\u00e4stmanland\"\n                data-info=\"                  &lt;p&gt;Diabetesteamet V\u00e4ster\u00e5s. Utifr\u00e5n m\u00e5ltider och scenario ber\u00e4knas insulindos efter kort f\u00f6rel\u00e4sning om kolhydratr\u00e4kning. Mest l\u00e4mplig dos r\u00f6stas fram med hj\u00e4lp av mentometer.&lt;\/p&gt;                  &lt;p&gt;Kolhydratr\u00e4kning \u00e4r ett bra och viktig verktyg f\u00f6r en god metabol kontroll. Syftet \u00e4r att ge en inblick i kolhydratr\u00e4kning&lt;br&gt;&lt;\/p&gt;                  &lt;p&gt;Dietist, l\u00e4kare, sjuksk\u00f6terska. Appar laddas ned f\u00f6re f\u00f6rel\u00e4sningen Kolhydratkollen (Iphone), Livsmedelsdatabasen (Android) och Novonordisk kolhydrathandbok.&amp;nbsp;&lt;\/p&gt;                 &lt;p&gt;&lt;span style=&quot;font-style: italic;&quot;&gt;Samma workshop arrangeras vid fler tillf\u00e4llen.&lt;\/span&gt;&lt;br&gt;&lt;\/p&gt;                 &lt;br&gt;&lt;br&gt;\"\n                data-category=\"Workshop\"\n                data-category-ids=\"1003\"\n                data-span-all=\"\"\n              >\n\n              \n\n              <div class=\"vertical_bar\" style=\"background-color: #B2A1C9;\"><\/div>\n              <div class=\"box_inner\">\n                                <span>Diabetes - Praktisk kolhydratr\u00e4kning\/insulindosering<\/span>\n               <br>\n               <div class=\"lecturer\"><span>Anneli Helmrich, Dietist, Region V\u00e4stmanland<\/span><\/div>\n               <div class=\"room_div \">\n                 <i class=\"list-room\">Sal 105<\/i>\n               <\/div>\n\n               <div class=\"name_time_div\">\n                <i class=\"list-time\" data-time=\"13:15\">13:15-14:00 - Torsdag 26 april<\/i>\n               <\/div>\n              <\/div>\n             <\/div>\n          <\/div>\n\n          \n          <div class=\"box-wrapper\"\n              data-id=\"1235\">\n\n              <div class='time-header' style='visibility: hidden;'>13:15<\/div>\n\n              <div class=\"box\"\n                data-id=\"1235\"\n                data-project=\"project_338_2017_12_12\"\n                data-title=\"Clownetterna - Barnkonspirationen - en barnlig musikal \"\n                data-time=\"13:15-14:00\"\n                data-room=\"Lilla Salen\"\n                data-room-id=\"1023\"\n                data-room-name=\"Lilla Salen\"\n                data-day=\"3\"\n                data-abs-nbr=\"\"\n                data-abs-path=\"\"\n                data-speaker=\"Pia \"Dr Musik\" Degr\u00e9us, Sjukhusclown, Clownetterna; Jenny \"Hopp-San\" Carlsson, Sjukhusclown, Clownetterna; Kristian \"Krusbert\" Elmeskog, Sjukhusclown, Clownetterna; Lina \"LillaSyster\" Degr\u00e9us, Sjukhusclown, Clownetterna; Adam \"Hemling\" Brom\u00e9e, Sjukhusclown, Clownetterna\"\n                data-speakercell=\"Pia \"Dr Musik\" Degr\u00e9us, Sjukhusclown, Clownetterna; Jenny \"Hopp-San\" Carlsson, Sjukhusclown, Clownetterna; Kristian \"Krusbert\" Elmeskog, Sjukhusclown, Clownetterna; Lina \"LillaSyster\" Degr\u00e9us, Sjukhusclown, Clownetterna; Adam \"Hemling\" Brom\u00e9e, Sjukhusclown, Clownetterna\"\n                data-info=\"                  &lt;p&gt;En musikal som vill unders\u00f6ka barns b\u00e4sta utifr\u00e5n Barnkonventionens olika perspektiv. Hur sjukhusmilj\u00f6n, kulturella skillnader och bem\u00f6tande kan upplevas olika beroende p\u00e5 vem du \u00e4r; barn, f\u00f6r\u00e4lder eller personal.&lt;br&gt;&lt;\/p&gt;                  &lt;p&gt;Skriven, producerad och framf\u00f6rd av Clownetterna, V\u00e4ster\u00e5s&amp;nbsp;&lt;\/p&gt;&lt;p&gt;&lt;span style=&quot;font-style: italic;&quot;&gt;Samma workshop arrangeras vid fler tillf\u00e4llen.&lt;\/span&gt;&lt;br&gt;&lt;\/p&gt;                 &lt;br&gt;&lt;br&gt;\"\n                data-category=\"Workshop\"\n                data-category-ids=\"1003\"\n                data-span-all=\"\"\n              >\n\n              \n\n              <div class=\"vertical_bar\" style=\"background-color: #B2A1C9;\"><\/div>\n              <div class=\"box_inner\">\n                                <span>Clownetterna - Barnkonspirationen - en barnlig musikal <\/span>\n               <br>\n               <div class=\"lecturer\"><span>Pia \"Dr Musik\" Degr\u00e9us, Sjukhusclown, Clownetterna; Jenny \"Hopp-San\" Carlsson, Sjukhusclown, Clownetterna; Kristian \"Krusbert\" Elmeskog, Sjukhusclown, Clownetterna; Lina \"LillaSyster\" Degr\u00e9us, Sjukhusclown, Clownetterna; Adam \"Hemling\" Brom\u00e9e, Sjukhusclown, Clownetterna<\/span><\/div>\n               <div class=\"room_div \">\n                 <i class=\"list-room\">Lilla Salen<\/i>\n               <\/div>\n\n               <div class=\"name_time_div\">\n                <i class=\"list-time\" data-time=\"13:15\">13:15-14:00 - Torsdag 26 april<\/i>\n               <\/div>\n              <\/div>\n             <\/div>\n          <\/div>\n\n          \n          <div class=\"box-wrapper\"\n              data-id=\"1252\">\n\n              <div class='time-header' style='visibility: hidden;'>13:15<\/div>\n\n              <div class=\"box\"\n                data-id=\"1252\"\n                data-project=\"project_338_2017_12_12\"\n                data-title=\"Barnakut-teamtr\u00e4ning\"\n                data-time=\"13:15-14:50\"\n                data-room=\"Sal 103\"\n                data-room-id=\"1031\"\n                data-room-name=\"Sal 103\"\n                data-day=\"3\"\n                data-abs-nbr=\"\"\n                data-abs-path=\"\"\n                data-speaker=\"David Moritz, ST-l\u00e4kare, Barn- & Ungdomskliniken V\u00e4ster\u00e5s; Johan M\u00e4kk, \u00d6verl\u00e4kare; Maria Dahlgren, Sjuksk\u00f6terska, Barnkliniken V\u00e4ster\u00e5s\"\n                data-speakercell=\"David Moritz, ST-l\u00e4kare, Barn- & Ungdomskliniken V\u00e4ster\u00e5s; Johan M\u00e4kk, \u00d6verl\u00e4kare; Maria Dahlgren, Sjuksk\u00f6terska, Barnkliniken V\u00e4ster\u00e5s\"\n                data-info=\"                  &lt;p&gt;Akutpediatriska fall i simulerad milj\u00f6, d\u00e4r l\u00e4kare och sjuksk\u00f6terskor tillsammans f\u00e5r testa teamtr\u00e4ning s\u00e5 som vi g\u00f6r i V\u00e4ster\u00e5s.&lt;\/p&gt;                  &lt;p&gt;M\u00e5ls\u00e4ttning: tv\u00e5 l\u00e4kare och sex sjuksk\u00f6terskor per grupp&lt;\/p&gt;                  &lt;p&gt;&lt;span style=&quot;font-style: italic;&quot;&gt;Samma workshop arrangeras vid fler tillf\u00e4llen.&lt;\/span&gt;&lt;br&gt;&lt;\/p&gt;                 &lt;br&gt;&lt;br&gt;\"\n                data-category=\"Workshop\"\n                data-category-ids=\"1003\"\n                data-span-all=\"\"\n              >\n\n              \n\n              <div class=\"vertical_bar\" style=\"background-color: #B2A1C9;\"><\/div>\n              <div class=\"box_inner\">\n                                <span>Barnakut-teamtr\u00e4ning<\/span>\n               <br>\n               <div class=\"lecturer\"><span>David Moritz, ST-l\u00e4kare, Barn- & Ungdomskliniken V\u00e4ster\u00e5s; Johan M\u00e4kk, \u00d6verl\u00e4kare; Maria Dahlgren, Sjuksk\u00f6terska, Barnkliniken V\u00e4ster\u00e5s<\/span><\/div>\n               <div class=\"room_div \">\n                 <i class=\"list-room\">Sal 103<\/i>\n               <\/div>\n\n               <div class=\"name_time_div\">\n                <i class=\"list-time\" data-time=\"13:15\">13:15-14:50 - Torsdag 26 april<\/i>\n               <\/div>\n              <\/div>\n             <\/div>\n          <\/div>\n\n          \n          <div class=\"box-wrapper\"\n              data-id=\"1242\">\n\n              <div class='time-header' style='visibility: hidden;'>13:15<\/div>\n\n              <div class=\"box\"\n                data-id=\"1242\"\n                data-project=\"project_338_2017_12_12\"\n                data-title=\"Reumatologi - Ledinjektioner och ledstatus\"\n                data-time=\"13:15-14:50\"\n                data-room=\"Sal 110\"\n                data-room-id=\"1029\"\n                data-room-name=\"Sal 110\"\n                data-day=\"3\"\n                data-abs-nbr=\"\"\n                data-abs-path=\"\"\n                data-speaker=\"Johan Sch\u00f6ier, Barnl\u00e4kare, V\u00e4ster\u00e5s barnmottagning; Lillemor Berntson; Robin Kahn, Barnl\u00e4kare, Sk\u00e5nes Universitetssjukhus; Charlotta Nordenh\u00e4ll; Michele Compagno; Bo Magnusson, Dr, Astrid Lindgrens barnsjukhus; AnnaCarin Horne\"\n                data-speakercell=\"Johan Sch\u00f6ier, Barnl\u00e4kare, V\u00e4ster\u00e5s barnmottagning; Lillemor Berntson; Robin Kahn, Barnl\u00e4kare, Sk\u00e5nes Universitetssjukhus; Charlotta Nordenh\u00e4ll; Michele Compagno; Bo Magnusson, Dr, Astrid Lindgrens barnsjukhus; AnnaCarin Horne\"\n                data-info=\"                  &lt;p&gt;&lt;span style=&quot;font-weight: bold;&quot;&gt;13.15-14.00&lt;\/span&gt; Ledinjektioner&lt;br&gt;Station1: Lillemor Berntson, Robin Kahn, Charlotta Nordenh\u00e4ll,&amp;nbsp;&lt;\/p&gt;                  &lt;p&gt;&lt;\/p&gt;                  &lt;p&gt;&lt;span style=&quot;font-weight: bold;&quot;&gt;14.05-14.50&lt;\/span&gt; Ledstatus&lt;br&gt;Station2: Michele Compagno, Bo Magnusson, Johan Sch\u00f6ier, AnnaCarin Horne&lt;\/p&gt;                 &lt;br&gt;&lt;br&gt;\"\n                data-category=\"Workshop\"\n                data-category-ids=\"1003\"\n                data-span-all=\"\"\n              >\n\n              \n\n              <div class=\"vertical_bar\" style=\"background-color: #B2A1C9;\"><\/div>\n              <div class=\"box_inner\">\n                                <span>Reumatologi - Ledinjektioner och ledstatus<\/span>\n               <br>\n               <div class=\"lecturer\"><span>Johan Sch\u00f6ier, Barnl\u00e4kare, V\u00e4ster\u00e5s barnmottagning; Lillemor Berntson; Robin Kahn, Barnl\u00e4kare, Sk\u00e5nes Universitetssjukhus; Charlotta Nordenh\u00e4ll; Michele Compagno; Bo Magnusson, Dr, Astrid Lindgrens barnsjukhus; AnnaCarin Horne<\/span><\/div>\n               <div class=\"room_div \">\n                 <i class=\"list-room\">Sal 110<\/i>\n               <\/div>\n\n               <div class=\"name_time_div\">\n                <i class=\"list-time\" data-time=\"13:15\">13:15-14:50 - Torsdag 26 april<\/i>\n               <\/div>\n              <\/div>\n             <\/div>\n          <\/div>\n\n          \n          <div class=\"box-wrapper\"\n              data-id=\"1214\">\n\n              <div class='time-header' style='visibility: hidden;'>13:15<\/div>\n\n              <div class=\"box\"\n                data-id=\"1214\"\n                data-project=\"project_338_2017_12_12\"\n                data-title=\"Lungmedicin - Persisterande bakteriell bronkit\"\n                data-time=\"13:15-14:00\"\n                data-room=\"Lilla Kongresshallen\"\n                data-room-id=\"1021\"\n                data-room-name=\"Lilla Kongresshallen\"\n                data-day=\"3\"\n                data-abs-nbr=\"\"\n                data-abs-path=\"\"\n                data-speaker=\"Laszlo Kadar,  Barnl\u00e4kare, Skaraborgs Sjukhus, Sk\u00f6vde\"\n                data-speakercell=\"Laszlo Kadar,  Barnl\u00e4kare, Skaraborgs Sjukhus, Sk\u00f6vde\"\n                data-info=\"&lt;b&gt;Moderatorer: &lt;\/b&gt;Martin Dalenbring,  Barnallergolog, Barn- och ungdomskliniken, V\u00e4ster\u00e5s; Mareike Fech-Bormann, Barnallergolog, Barnl\u00e4kare, Barn- och ungdomskliniken, V\u00e4ster\u00e5s&lt;br&gt;&lt;br&gt;                  &lt;table&gt;                   &lt;tbody&gt;                    &lt;tr&gt;                     &lt;td&gt;Barn med kronisk l\u00f6shosta kan ha en bakteriell infektion i bronkerna. De svarar inte p\u00e5 astmabehandlingen men beh\u00f6ver en riktad utredning i st\u00e4llet.&lt;\/td&gt;                    &lt;\/tr&gt;                   &lt;\/tbody&gt;                  &lt;\/table&gt;                 &lt;br&gt;&lt;br&gt;\"\n                data-category=\"F\u00f6rel\u00e4sning\"\n                data-category-ids=\"1002\"\n                data-span-all=\"\"\n              >\n\n              \n\n              <div class=\"vertical_bar\" style=\"background-color: #B2FF78;\"><\/div>\n              <div class=\"box_inner\">\n                                <span>Lungmedicin - Persisterande bakteriell bronkit<\/span>\n               <br>\n               <div class=\"lecturer\"><span>Laszlo Kadar,  Barnl\u00e4kare, Skaraborgs Sjukhus, Sk\u00f6vde<\/span><\/div>\n               <div class=\"room_div \">\n                 <i class=\"list-room\">Lilla Kongresshallen<\/i>\n               <\/div>\n\n               <div class=\"name_time_div\">\n                <i class=\"list-time\" data-time=\"13:15\">13:15-14:00 - Torsdag 26 april<\/i>\n               <\/div>\n              <\/div>\n             <\/div>\n          <\/div>\n\n          \n          <div class=\"box-wrapper\"\n              data-id=\"1222\">\n\n              <div class='time-header' style='visibility: hidden;'>13:15<\/div>\n\n              <div class=\"box\"\n                data-id=\"1222\"\n                data-project=\"project_338_2017_12_12\"\n                data-title=\"Hud - Utslag och prickar\"\n                data-time=\"13:15-14:00\"\n                data-room=\"Sal 301\"\n                data-room-id=\"1019\"\n                data-room-name=\"Sal 301\"\n                data-day=\"3\"\n                data-abs-nbr=\"\"\n                data-abs-path=\"\"\n                data-speaker=\"Karin  Palmer, L\u00e4kare, Hudkliniken V\u00e4ster\u00e5s\"\n                data-speakercell=\"Karin  Palmer, L\u00e4kare, Hudkliniken V\u00e4ster\u00e5s\"\n                data-info=\"                  &lt;p&gt;Prickar och utslag hos barn&lt;br&gt;&lt;\/p&gt;                 &lt;br&gt;&lt;br&gt;\"\n                data-category=\"F\u00f6rel\u00e4sning\"\n                data-category-ids=\"1002\"\n                data-span-all=\"\"\n              >\n\n              \n\n              <div class=\"vertical_bar\" style=\"background-color: #B2FF78;\"><\/div>\n              <div class=\"box_inner\">\n                                <span>Hud - Utslag och prickar<\/span>\n               <br>\n               <div class=\"lecturer\"><span>Karin  Palmer, L\u00e4kare, Hudkliniken V\u00e4ster\u00e5s<\/span><\/div>\n               <div class=\"room_div \">\n                 <i class=\"list-room\">Sal 301<\/i>\n               <\/div>\n\n               <div class=\"name_time_div\">\n                <i class=\"list-time\" data-time=\"13:15\">13:15-14:00 - Torsdag 26 april<\/i>\n               <\/div>\n              <\/div>\n             <\/div>\n          <\/div>\n\n          \n          <div class=\"box-wrapper\"\n              data-id=\"1229\">\n\n              <div class='time-header'>14:05<\/div>\n\n              <div class=\"box\"\n                data-id=\"1229\"\n                data-project=\"project_338_2017_12_12\"\n                data-title=\"Diabetes - Modern diabetesv\u00e5rd med tekniken i fokus \"\n                data-time=\"14:05-14:50\"\n                data-room=\"Sal 105\"\n                data-room-id=\"1030\"\n                data-room-name=\"Sal 105\"\n                data-day=\"3\"\n                data-abs-nbr=\"\"\n                data-abs-path=\"\"\n                data-speaker=\"Lisa Torstensson, Barnsjuksk\u00f6terska, Region V\u00e4stmanland\"\n                data-speakercell=\"Lisa Torstensson, Barnsjuksk\u00f6terska, Region V\u00e4stmanland\"\n                data-info=\"                  &lt;p&gt;Diabetesteam V\u00e4ster\u00e5s. F\u00f6rel\u00e4sning och viss demo av modern diabetesteknik inkl pumpar, sensorer, nedladdning, diabetesapparatur och smartphones.&lt;\/p&gt;                  &lt;p&gt;Utvecklingen av diabetestekniska hj\u00e4lpmedel g\u00e5r snabbt. Idag har ca 65 % av alla barn och ungdomar med typ 1 diabetes insulinpumpbehandling och \u00e4nnu fler har n\u00e5gon form av kontinuerlig glukosm\u00e4tning. Syftet med workshopen \u00e4r att ge en bild av hur modern diabetesbehandling ser ut i dagsl\u00e4get och \u00e4ven hur framtiden kan se ut.&lt;\/p&gt;                 &lt;p&gt;&lt;span style=&quot;font-style: italic;&quot;&gt;Samma workshop arrangeras vid fler tillf\u00e4llen.&lt;\/span&gt;&lt;br&gt;&lt;\/p&gt;                 &lt;br&gt;&lt;br&gt;\"\n                data-category=\"Workshop\"\n                data-category-ids=\"1003\"\n                data-span-all=\"\"\n              >\n\n              \n\n              <div class=\"vertical_bar\" style=\"background-color: #B2A1C9;\"><\/div>\n              <div class=\"box_inner\">\n                                <span>Diabetes - Modern diabetesv\u00e5rd med tekniken i fokus <\/span>\n               <br>\n               <div class=\"lecturer\"><span>Lisa Torstensson, Barnsjuksk\u00f6terska, Region V\u00e4stmanland<\/span><\/div>\n               <div class=\"room_div \">\n                 <i class=\"list-room\">Sal 105<\/i>\n               <\/div>\n\n               <div class=\"name_time_div\">\n                <i class=\"list-time\" data-time=\"14:05\">14:05-14:50 - Torsdag 26 april<\/i>\n               <\/div>\n              <\/div>\n             <\/div>\n          <\/div>\n\n          \n          <div class=\"box-wrapper\"\n              data-id=\"1236\">\n\n              <div class='time-header' style='visibility: hidden;'>14:05<\/div>\n\n              <div class=\"box\"\n                data-id=\"1236\"\n                data-project=\"project_338_2017_12_12\"\n                data-title=\"Clownetterna - F\u00f6rdjupande workshop\"\n                data-time=\"14:05-14:50\"\n                data-room=\"Lilla Salen\"\n                data-room-id=\"1023\"\n                data-room-name=\"Lilla Salen\"\n                data-day=\"3\"\n                data-abs-nbr=\"\"\n                data-abs-path=\"\"\n                data-speaker=\"Pia \"Dr Musik\" Degr\u00e9us, Sjukhusclown, Clownetterna; Jenny \"Hopp-San\" Carlsson, Sjukhusclown, Clownetterna; Kristian \"Krusbert\" Elmeskog, Sjukhusclown, Clownetterna; Lina \"LillaSyster\" Degr\u00e9us, Sjukhusclown, Clownetterna; Adam \"Hemling\" Brom\u00e9e, Sjukhusclown, Clownetterna\"\n                data-speakercell=\"Pia \"Dr Musik\" Degr\u00e9us, Sjukhusclown, Clownetterna; Jenny \"Hopp-San\" Carlsson, Sjukhusclown, Clownetterna; Kristian \"Krusbert\" Elmeskog, Sjukhusclown, Clownetterna; Lina \"LillaSyster\" Degr\u00e9us, Sjukhusclown, Clownetterna; Adam \"Hemling\" Brom\u00e9e, Sjukhusclown, Clownetterna\"\n                data-info=\"                  &lt;p&gt;Workshop med f\u00f6rdjupning kring att arbeta utifr\u00e5n Barnkonventionen p\u00e5 golvet.&lt;br&gt;&lt;\/p&gt;                  &lt;p&gt;Clownetterna, V\u00e4ster\u00e5s&amp;nbsp;&lt;\/p&gt;&lt;p&gt;&lt;span style=&quot;font-style: italic;&quot;&gt;Samma workshop arrangeras vid fler tillf\u00e4llen.&lt;\/span&gt;&lt;br&gt;&lt;\/p&gt;                 &lt;br&gt;&lt;br&gt;\"\n                data-category=\"Workshop\"\n                data-category-ids=\"1003\"\n                data-span-all=\"\"\n              >\n\n              \n\n              <div class=\"vertical_bar\" style=\"background-color: #B2A1C9;\"><\/div>\n              <div class=\"box_inner\">\n                                <span>Clownetterna - F\u00f6rdjupande workshop<\/span>\n               <br>\n               <div class=\"lecturer\"><span>Pia \"Dr Musik\" Degr\u00e9us, Sjukhusclown, Clownetterna; Jenny \"Hopp-San\" Carlsson, Sjukhusclown, Clownetterna; Kristian \"Krusbert\" Elmeskog, Sjukhusclown, Clownetterna; Lina \"LillaSyster\" Degr\u00e9us, Sjukhusclown, Clownetterna; Adam \"Hemling\" Brom\u00e9e, Sjukhusclown, Clownetterna<\/span><\/div>\n               <div class=\"room_div \">\n                 <i class=\"list-room\">Lilla Salen<\/i>\n               <\/div>\n\n               <div class=\"name_time_div\">\n                <i class=\"list-time\" data-time=\"14:05\">14:05-14:50 - Torsdag 26 april<\/i>\n               <\/div>\n              <\/div>\n             <\/div>\n          <\/div>\n\n          \n          <div class=\"box-wrapper\"\n              data-id=\"1215\">\n\n              <div class='time-header' style='visibility: hidden;'>14:05<\/div>\n\n              <div class=\"box\"\n                data-id=\"1215\"\n                data-project=\"project_338_2017_12_12\"\n                data-title=\"Lungmedicin - Bronkiolit\"\n                data-time=\"14:05-14:50\"\n                data-room=\"Lilla Kongresshallen\"\n                data-room-id=\"1021\"\n                data-room-name=\"Lilla Kongresshallen\"\n                data-day=\"3\"\n                data-abs-nbr=\"\"\n                data-abs-path=\"\"\n                data-speaker=\"Per Thunqvist, PhD, Barnallergolog, Schasska Barnsjukhuset\"\n                data-speakercell=\"Per Thunqvist, PhD, Barnallergolog, Schasska Barnsjukhuset\"\n                data-info=\"&lt;b&gt;Moderatorer: &lt;\/b&gt;Martin Dalenbring,  Barnallergolog, Barn- och ungdomskliniken, V\u00e4ster\u00e5s; Mareike Fech-Bormann, Barnallergolog, Barnl\u00e4kare, Barn- och ungdomskliniken, V\u00e4ster\u00e5s&lt;br&gt;&lt;br&gt;                  &lt;p&gt;Bronkiolit-symtom och behandling&lt;\/p&gt;                 &lt;br&gt;&lt;br&gt;\"\n                data-category=\"F\u00f6rel\u00e4sning\"\n                data-category-ids=\"1002\"\n                data-span-all=\"\"\n              >\n\n              \n\n              <div class=\"vertical_bar\" style=\"background-color: #B2FF78;\"><\/div>\n              <div class=\"box_inner\">\n                                <span>Lungmedicin - Bronkiolit<\/span>\n               <br>\n               <div class=\"lecturer\"><span>Per Thunqvist, PhD, Barnallergolog, Schasska Barnsjukhuset<\/span><\/div>\n               <div class=\"room_div \">\n                 <i class=\"list-room\">Lilla Kongresshallen<\/i>\n               <\/div>\n\n               <div class=\"name_time_div\">\n                <i class=\"list-time\" data-time=\"14:05\">14:05-14:50 - Torsdag 26 april<\/i>\n               <\/div>\n              <\/div>\n             <\/div>\n          <\/div>\n\n          \n          <div class=\"box-wrapper\"\n              data-id=\"1247\">\n\n              <div class='time-header' style='visibility: hidden;'>14:05<\/div>\n\n              <div class=\"box\"\n                data-id=\"1247\"\n                data-project=\"project_338_2017_12_12\"\n                data-title=\"Allm\u00e4npediatrik och h\u00e4lsov\u00e5rd - Mindfulness-prova p\u00e5\"\n                data-time=\"14:05-14:50\"\n                data-room=\"Sal 108\"\n                data-room-id=\"1026\"\n                data-room-name=\"Sal 108\"\n                data-day=\"3\"\n                data-abs-nbr=\"\"\n                data-abs-path=\"\"\n                data-speaker=\"Marie Hansson, Psykolog och psykoterapeut, N\u00e4rh\u00e4lsan, G\u00f6teborg; Elisabeth Carl\u00e9n, Barn- och Ungdomsl\u00e4kare\"\n                data-speakercell=\"Marie Hansson, Psykolog och psykoterapeut, N\u00e4rh\u00e4lsan, G\u00f6teborg; Elisabeth Carl\u00e9n, Barn- och Ungdomsl\u00e4kare\"\n                data-info=\"                  &lt;p&gt;Pr\u00f6va p\u00e5 barnens mindfulness!&lt;\/p&gt;&lt;p&gt;&lt;span style=&quot;font-style: italic;&quot;&gt;Samma workshop arrangeras vid fler tillf\u00e4llen.&lt;\/span&gt;&lt;br&gt;&lt;\/p&gt;                 &lt;br&gt;&lt;br&gt;\"\n                data-category=\"Workshop\"\n                data-category-ids=\"1003\"\n                data-span-all=\"\"\n              >\n\n              \n\n              <div class=\"vertical_bar\" style=\"background-color: #B2A1C9;\"><\/div>\n              <div class=\"box_inner\">\n                                <span>Allm\u00e4npediatrik och h\u00e4lsov\u00e5rd - Mindfulness-prova p\u00e5<\/span>\n               <br>\n               <div class=\"lecturer\"><span>Marie Hansson, Psykolog och psykoterapeut, N\u00e4rh\u00e4lsan, G\u00f6teborg; Elisabeth Carl\u00e9n, Barn- och Ungdomsl\u00e4kare<\/span><\/div>\n               <div class=\"room_div \">\n                 <i class=\"list-room\">Sal 108<\/i>\n               <\/div>\n\n               <div class=\"name_time_div\">\n                <i class=\"list-time\" data-time=\"14:05\">14:05-14:50 - Torsdag 26 april<\/i>\n               <\/div>\n              <\/div>\n             <\/div>\n          <\/div>\n\n          \n          <div class=\"box-wrapper\"\n              data-id=\"1223\">\n\n              <div class='time-header' style='visibility: hidden;'>14:05<\/div>\n\n              <div class=\"box\"\n                data-id=\"1223\"\n                data-project=\"project_338_2017_12_12\"\n                data-title=\"Hud - Hudquiz\"\n                data-time=\"14:05-14:50\"\n                data-room=\"Sal 301\"\n                data-room-id=\"1019\"\n                data-room-name=\"Sal 301\"\n                data-day=\"3\"\n                data-abs-nbr=\"\"\n                data-abs-path=\"\"\n                data-speaker=\"Karin  Palmer, L\u00e4kare, Hudkliniken V\u00e4ster\u00e5s\"\n                data-speakercell=\"Karin  Palmer, L\u00e4kare, Hudkliniken V\u00e4ster\u00e5s\"\n                data-info=\"                  &lt;p&gt;Hudquiz med falldiskussion. Quiz tillg\u00e4ngligt i appen.&lt;br&gt;&lt;\/p&gt;                 &lt;br&gt;&lt;br&gt;\"\n                data-category=\"F\u00f6rel\u00e4sning\"\n                data-category-ids=\"1002\"\n                data-span-all=\"\"\n              >\n\n              \n\n              <div class=\"vertical_bar\" style=\"background-color: #B2FF78;\"><\/div>\n              <div class=\"box_inner\">\n                                <span>Hud - Hudquiz<\/span>\n               <br>\n               <div class=\"lecturer\"><span>Karin  Palmer, L\u00e4kare, Hudkliniken V\u00e4ster\u00e5s<\/span><\/div>\n               <div class=\"room_div \">\n                 <i class=\"list-room\">Sal 301<\/i>\n               <\/div>\n\n               <div class=\"name_time_div\">\n                <i class=\"list-time\" data-time=\"14:05\">14:05-14:50 - Torsdag 26 april<\/i>\n               <\/div>\n              <\/div>\n             <\/div>\n          <\/div>\n\n          \n          <div class=\"box-wrapper\"\n              data-id=\"1212\">\n\n              <div class='time-header' style='visibility: hidden;'>14:05<\/div>\n\n              <div class=\"box\"\n                data-id=\"1212\"\n                data-project=\"project_338_2017_12_12\"\n                data-title=\"Basal Pediatrik - Akuta br\u00f6stsm\u00e4rtor hos barn och ungdomar\"\n                data-time=\"14:05-14:50\"\n                data-room=\"H\u00f6rsalen\"\n                data-room-id=\"1024\"\n                data-room-name=\"H\u00f6rsalen\"\n                data-day=\"3\"\n                data-abs-nbr=\"\"\n                data-abs-path=\"\"\n                data-speaker=\"Peter Jotorp, Barnl\u00e4kare \"\n                data-speakercell=\"Peter Jotorp, Barnl\u00e4kare \"\n                data-info=\"                  &lt;p&gt;Basal Pediatrik&lt;\/p&gt;                  &lt;table&gt;                   &lt;tbody&gt;                    &lt;tr&gt;                     &lt;td&gt;&lt;p&gt;Orsak, utredning och behandling av barn och ungdomar med akuta br\u00f6stsm\u00e4rtor&lt;\/p&gt;                     &lt;table&gt;                      &lt;tbody&gt;                       &lt;tr&gt;                        &lt;td&gt;\u00d6verl\u00e4kare och verksamhetschef Barnkliniken V\u00e4ster\u00e5s. Arbetat med barnkardiologi under m\u00e5nga \u00e5r.&lt;\/td&gt;                       &lt;\/tr&gt;                      &lt;\/tbody&gt;                     &lt;\/table&gt;&lt;\/td&gt;                    &lt;\/tr&gt;                   &lt;\/tbody&gt;                  &lt;\/table&gt;                 &lt;br&gt;&lt;br&gt;\"\n                data-category=\"F\u00f6rel\u00e4sning\"\n                data-category-ids=\"1002\"\n                data-span-all=\"\"\n              >\n\n              \n\n              <div class=\"vertical_bar\" style=\"background-color: #B2FF78;\"><\/div>\n              <div class=\"box_inner\">\n                                <span>Basal Pediatrik - Akuta br\u00f6stsm\u00e4rtor hos barn och ungdomar<\/span>\n               <br>\n               <div class=\"lecturer\"><span>Peter Jotorp, Barnl\u00e4kare <\/span><\/div>\n               <div class=\"room_div \">\n                 <i class=\"list-room\">H\u00f6rsalen<\/i>\n               <\/div>\n\n               <div class=\"name_time_div\">\n                <i class=\"list-time\" data-time=\"14:05\">14:05-14:50 - Torsdag 26 april<\/i>\n               <\/div>\n              <\/div>\n             <\/div>\n          <\/div>\n\n          \n          <div class=\"box-wrapper\"\n              data-id=\"1259\">\n\n              <div class='time-header'>14:50<\/div>\n\n              <div class=\"box\"\n                data-id=\"1259\"\n                data-project=\"project_338_2017_12_12\"\n                data-title=\"Fika, utst\u00e4llare, posterbes\u00f6k\"\n                data-time=\"14:50-15:25\"\n                data-room=\"Utst\u00e4llningen\"\n                data-room-id=\"1013\"\n                data-room-name=\"Utst\u00e4llningen\"\n                data-day=\"3\"\n                data-abs-nbr=\"\"\n                data-abs-path=\"\"\n                data-speaker=\"\"\n                data-speakercell=\"\"\n                data-info=\"\"\n                data-category=\"\"\n                data-category-ids=\"\"\n                data-span-all=\"1\"\n              >\n\n              \n\n              <div class=\"vertical_bar\" style=\"background-color: rgba(255, 255, 255, 0);\"><\/div>\n              <div class=\"box_inner\">\n                                <span>Fika, utst\u00e4llare, posterbes\u00f6k<\/span>\n               <br>\n               \n               <div class=\"room_div \">\n                 <i class=\"list-room\">Utst\u00e4llningen<\/i>\n               <\/div>\n\n               <div class=\"name_time_div\">\n                <i class=\"list-time\" data-time=\"14:50\">14:50-15:25 - Torsdag 26 april<\/i>\n               <\/div>\n              <\/div>\n             <\/div>\n          <\/div>\n\n          \n          <div class=\"box-wrapper\"\n              data-id=\"1216\">\n\n              <div class='time-header'>15:25<\/div>\n\n              <div class=\"box\"\n                data-id=\"1216\"\n                data-project=\"project_338_2017_12_12\"\n                data-title=\"Lungmedicin - Anstr\u00e4ngningsutl\u00f6sta besv\u00e4r\"\n                data-time=\"15:25-16:10\"\n                data-room=\"Lilla Kongresshallen\"\n                data-room-id=\"1021\"\n                data-room-name=\"Lilla Kongresshallen\"\n                data-day=\"3\"\n                data-abs-nbr=\"\"\n                data-abs-path=\"\"\n                data-speaker=\"Martin Dalenbring,  Barnallergolog, Barn- och ungdomskliniken, V\u00e4ster\u00e5s\"\n                data-speakercell=\"Martin Dalenbring,  Barnallergolog, Barn- och ungdomskliniken, V\u00e4ster\u00e5s\"\n                data-info=\"&lt;b&gt;Moderatorer: &lt;\/b&gt;Mareike Fech-Bormann, Barnallergolog, Barnl\u00e4kare, Barn- och ungdomskliniken, V\u00e4ster\u00e5s&lt;br&gt;&lt;br&gt;                  &lt;p&gt;Anstr\u00e4ngningsutl\u00f6sta besv\u00e4r \u2013 utredning och behandling&amp;nbsp;&lt;br&gt;&lt;\/p&gt;                 &lt;br&gt;&lt;br&gt;\"\n                data-category=\"F\u00f6rel\u00e4sning\"\n                data-category-ids=\"1002\"\n                data-span-all=\"\"\n              >\n\n              \n\n              <div class=\"vertical_bar\" style=\"background-color: #B2FF78;\"><\/div>\n              <div class=\"box_inner\">\n                                <span>Lungmedicin - Anstr\u00e4ngningsutl\u00f6sta besv\u00e4r<\/span>\n               <br>\n               <div class=\"lecturer\"><span>Martin Dalenbring,  Barnallergolog, Barn- och ungdomskliniken, V\u00e4ster\u00e5s<\/span><\/div>\n               <div class=\"room_div \">\n                 <i class=\"list-room\">Lilla Kongresshallen<\/i>\n               <\/div>\n\n               <div class=\"name_time_div\">\n                <i class=\"list-time\" data-time=\"15:25\">15:25-16:10 - Torsdag 26 april<\/i>\n               <\/div>\n              <\/div>\n             <\/div>\n          <\/div>\n\n          \n          <div class=\"box-wrapper\"\n              data-id=\"1254\">\n\n              <div class='time-header' style='visibility: hidden;'>15:25<\/div>\n\n              <div class=\"box\"\n                data-id=\"1254\"\n                data-project=\"project_338_2017_12_12\"\n                data-title=\"Barnakut-teamtr\u00e4ning\"\n                data-time=\"15:25-17:00\"\n                data-room=\"Sal 103\"\n                data-room-id=\"1031\"\n                data-room-name=\"Sal 103\"\n                data-day=\"3\"\n                data-abs-nbr=\"\"\n                data-abs-path=\"\"\n                data-speaker=\"David Moritz, ST-l\u00e4kare, Barn- & Ungdomskliniken V\u00e4ster\u00e5s; Johan M\u00e4kk, \u00d6verl\u00e4kare; Maria Dahlgren, Sjuksk\u00f6terska, Barnkliniken V\u00e4ster\u00e5s\"\n                data-speakercell=\"David Moritz, ST-l\u00e4kare, Barn- & Ungdomskliniken V\u00e4ster\u00e5s; Johan M\u00e4kk, \u00d6verl\u00e4kare; Maria Dahlgren, Sjuksk\u00f6terska, Barnkliniken V\u00e4ster\u00e5s\"\n                data-info=\"                  &lt;p&gt;Akutpediatriska fall i simulerad milj\u00f6, d\u00e4r l\u00e4kare och sjuksk\u00f6terskor tillsammans f\u00e5r testa teamtr\u00e4ning s\u00e5 som vi g\u00f6r i V\u00e4ster\u00e5s.&lt;\/p&gt;                  &lt;p&gt;M\u00e5ls\u00e4ttning: tv\u00e5 l\u00e4kare och sex sjuksk\u00f6terskor per grupp&lt;\/p&gt;                  &lt;p&gt;&lt;span style=&quot;font-style: italic;&quot;&gt;Samma workshop arrangeras vid fler tillf\u00e4llen.&lt;\/span&gt;&lt;br&gt;&lt;\/p&gt;                 &lt;br&gt;&lt;br&gt;\"\n                data-category=\"Workshop\"\n                data-category-ids=\"1003\"\n                data-span-all=\"\"\n              >\n\n              \n\n              <div class=\"vertical_bar\" style=\"background-color: #B2A1C9;\"><\/div>\n              <div class=\"box_inner\">\n                                <span>Barnakut-teamtr\u00e4ning<\/span>\n               <br>\n               <div class=\"lecturer\"><span>David Moritz, ST-l\u00e4kare, Barn- & Ungdomskliniken V\u00e4ster\u00e5s; Johan M\u00e4kk, \u00d6verl\u00e4kare; Maria Dahlgren, Sjuksk\u00f6terska, Barnkliniken V\u00e4ster\u00e5s<\/span><\/div>\n               <div class=\"room_div \">\n                 <i class=\"list-room\">Sal 103<\/i>\n               <\/div>\n\n               <div class=\"name_time_div\">\n                <i class=\"list-time\" data-time=\"15:25\">15:25-17:00 - Torsdag 26 april<\/i>\n               <\/div>\n              <\/div>\n             <\/div>\n          <\/div>\n\n          \n          <div class=\"box-wrapper\"\n              data-id=\"1346\">\n\n              <div class='time-header' style='visibility: hidden;'>15:25<\/div>\n\n              <div class=\"box\"\n                data-id=\"1346\"\n                data-project=\"project_338_2017_12_12\"\n                data-title=\"V\u00e5rd av asyls\u00f6kande barn med Uppgivenhetssyndrom -  problem och m\u00f6jligheter\"\n                data-time=\"15:25-16:10\"\n                data-room=\"Sal 301\"\n                data-room-id=\"1019\"\n                data-room-name=\"Sal 301\"\n                data-day=\"3\"\n                data-abs-nbr=\"\"\n                data-abs-path=\"\"\n                data-speaker=\"Bodil Schiller, \u00d6verl\u00e4kare; Helena J. Rolandsdotter\"\n                data-speakercell=\"Bodil Schiller, \u00d6verl\u00e4kare; Helena J. Rolandsdotter\"\n                data-info=\"                  &lt;p&gt;&lt;strong&gt;V\u00e5rd av asyls\u00f6kande barn med Uppgivenhetssyndrom &lt;\/strong&gt;-&amp;nbsp;&lt;strong&gt; problem och m\u00f6jligheter&lt;\/strong&gt;;&amp;nbsp;rapport fr\u00e5n V\u00e5rdkedjan i Stockholm.&lt;br&gt;&lt;\/p&gt;                 &lt;br&gt;&lt;br&gt;\"\n                data-category=\"F\u00f6rel\u00e4sning\"\n                data-category-ids=\"1002\"\n                data-span-all=\"\"\n              >\n\n              \n\n              <div class=\"vertical_bar\" style=\"background-color: #B2FF78;\"><\/div>\n              <div class=\"box_inner\">\n                                <span>V\u00e5rd av asyls\u00f6kande barn med Uppgivenhetssyndrom -  problem och m\u00f6jligheter<\/span>\n               <br>\n               <div class=\"lecturer\"><span>Bodil Schiller, \u00d6verl\u00e4kare; Helena J. Rolandsdotter<\/span><\/div>\n               <div class=\"room_div \">\n                 <i class=\"list-room\">Sal 301<\/i>\n               <\/div>\n\n               <div class=\"name_time_div\">\n                <i class=\"list-time\" data-time=\"15:25\">15:25-16:10 - Torsdag 26 april<\/i>\n               <\/div>\n              <\/div>\n             <\/div>\n          <\/div>\n\n          \n          <div class=\"box-wrapper\"\n              data-id=\"1230\">\n\n              <div class='time-header' style='visibility: hidden;'>15:25<\/div>\n\n              <div class=\"box\"\n                data-id=\"1230\"\n                data-project=\"project_338_2017_12_12\"\n                data-title=\"Diabetes - Diabetes p\u00e5 jourtid\"\n                data-time=\"15:25-16:10\"\n                data-room=\"Sal 105\"\n                data-room-id=\"1030\"\n                data-room-name=\"Sal 105\"\n                data-day=\"3\"\n                data-abs-nbr=\"\"\n                data-abs-path=\"\"\n                data-speaker=\"Malin \u00c5gren, Specialistl\u00e4kare, Barnkliniken; Mona Jakobsson, Diabetessjuksk\u00f6terska, \tBarn- och Ungdomskliniken, V\u00e4ster\u00e5s; Wanda Sikorska, \u00d6verl\u00e4kare, Barn- och Ungdomskliniken, V\u00e4ster\u00e5s; Helena Sj\u00f6str\u00f6m, L\u00e4kare, Barn- och Ungdomskliniken, V\u00e4ster\u00e5s\"\n                data-speakercell=\"Malin \u00c5gren, Specialistl\u00e4kare, Barnkliniken; Mona Jakobsson, Diabetessjuksk\u00f6terska, \tBarn- och Ungdomskliniken, V\u00e4ster\u00e5s; Wanda Sikorska, \u00d6verl\u00e4kare, Barn- och Ungdomskliniken, V\u00e4ster\u00e5s; Helena Sj\u00f6str\u00f6m, L\u00e4kare, Barn- och Ungdomskliniken, V\u00e4ster\u00e5s\"\n                data-info=\"                  &lt;p&gt;Tre typer av diabetesfall p\u00e5 jourtid presenteras. Fr\u00e5gor besvaras i grupp med app\/mentometer.&amp;nbsp;&lt;\/p&gt;                  &lt;p&gt;Diabetesteamet V\u00e4ster\u00e5s&lt;\/p&gt;                  &lt;p&gt;&lt;span style=&quot;font-style: italic;&quot;&gt;Samma workshop arrangeras vid fler tillf\u00e4llen.&lt;\/span&gt;&lt;br&gt;&lt;\/p&gt;                 &lt;br&gt;&lt;br&gt;\"\n                data-category=\"Workshop\"\n                data-category-ids=\"1003\"\n                data-span-all=\"\"\n              >\n\n              \n\n              <div class=\"vertical_bar\" style=\"background-color: #B2A1C9;\"><\/div>\n              <div class=\"box_inner\">\n                                <span>Diabetes - Diabetes p\u00e5 jourtid<\/span>\n               <br>\n               <div class=\"lecturer\"><span>Malin \u00c5gren, Specialistl\u00e4kare, Barnkliniken; Mona Jakobsson, Diabetessjuksk\u00f6terska, \tBarn- och Ungdomskliniken, V\u00e4ster\u00e5s; Wanda Sikorska, \u00d6verl\u00e4kare, Barn- och Ungdomskliniken, V\u00e4ster\u00e5s; Helena Sj\u00f6str\u00f6m, L\u00e4kare, Barn- och Ungdomskliniken, V\u00e4ster\u00e5s<\/span><\/div>\n               <div class=\"room_div \">\n                 <i class=\"list-room\">Sal 105<\/i>\n               <\/div>\n\n               <div class=\"name_time_div\">\n                <i class=\"list-time\" data-time=\"15:25\">15:25-16:10 - Torsdag 26 april<\/i>\n               <\/div>\n              <\/div>\n             <\/div>\n          <\/div>\n\n          \n          <div class=\"box-wrapper\"\n              data-id=\"1227\">\n\n              <div class='time-header' style='visibility: hidden;'>15:25<\/div>\n\n              <div class=\"box\"\n                data-id=\"1227\"\n                data-project=\"project_338_2017_12_12\"\n                data-title=\"\u00c5rsm\u00f6te Svensk f\u00f6rening f\u00f6r Pediatrisk Akutsjukv\u00e5rd (SWEPEM, Swedish Society for Pediatric Emergency Medicine)\"\n                data-time=\"15:25-16:10\"\n                data-room=\"Sal 110\"\n                data-room-id=\"1029\"\n                data-room-name=\"Sal 110\"\n                data-day=\"3\"\n                data-abs-nbr=\"\"\n                data-abs-path=\"\"\n                data-speaker=\"\"\n                data-speakercell=\"\"\n                data-info=\"                  &lt;p&gt;\u00c5rsm\u00f6te Svensk f\u00f6rening f\u00f6r Pediatrisk Akutsjukv\u00e5rd (SWEPEM, Swedish Society for Pediatric Emergency Medicine)&lt;br&gt;&lt;\/p&gt;                 &lt;br&gt;&lt;br&gt;\"\n                data-category=\"M\u00f6te\"\n                data-category-ids=\"1004\"\n                data-span-all=\"\"\n              >\n\n              \n\n              <div class=\"vertical_bar\" style=\"background-color: #FFFA5C;\"><\/div>\n              <div class=\"box_inner\">\n                                <span>\u00c5rsm\u00f6te Svensk f\u00f6rening f\u00f6r Pediatrisk Akutsjukv\u00e5rd (SWEPEM, Swedish Society for Pediatric Emergency Medicine)<\/span>\n               <br>\n               \n               <div class=\"room_div \">\n                 <i class=\"list-room\">Sal 110<\/i>\n               <\/div>\n\n               <div class=\"name_time_div\">\n                <i class=\"list-time\" data-time=\"15:25\">15:25-16:10 - Torsdag 26 april<\/i>\n               <\/div>\n              <\/div>\n             <\/div>\n          <\/div>\n\n          \n          <div class=\"box-wrapper\"\n              data-id=\"1228\">\n\n              <div class='time-header'>16:15<\/div>\n\n              <div class=\"box\"\n                data-id=\"1228\"\n                data-project=\"project_338_2017_12_12\"\n                data-title=\"SWEPEM - Styrelsem\u00f6te\"\n                data-time=\"16:15-17:00\"\n                data-room=\"Sal 110\"\n                data-room-id=\"1029\"\n                data-room-name=\"Sal 110\"\n                data-day=\"3\"\n                data-abs-nbr=\"\"\n                data-abs-path=\"\"\n                data-speaker=\"\"\n                data-speakercell=\"\"\n                data-info=\"                  &lt;p&gt;&lt;br&gt;&lt;\/p&gt;                 &lt;br&gt;&lt;br&gt;\"\n                data-category=\"M\u00f6te\"\n                data-category-ids=\"1004\"\n                data-span-all=\"\"\n              >\n\n              \n\n              <div class=\"vertical_bar\" style=\"background-color: #FFFA5C;\"><\/div>\n              <div class=\"box_inner\">\n                                <span>SWEPEM - Styrelsem\u00f6te<\/span>\n               <br>\n               \n               <div class=\"room_div \">\n                 <i class=\"list-room\">Sal 110<\/i>\n               <\/div>\n\n               <div class=\"name_time_div\">\n                <i class=\"list-time\" data-time=\"16:15\">16:15-17:00 - Torsdag 26 april<\/i>\n               <\/div>\n              <\/div>\n             <\/div>\n          <\/div>\n\n          \n      <\/div>\n\n      <div id=\"scroll-down-for-more\">\n          <i class=\"fa fa-3x fa-chevron-down\" aria-hidden=\"true\"><\/i>\n          <br\/>\n          <span>Scrolla ner f\u00f6r att visa mer<\/span>\n      <\/div>\n\n    <\/div>\n\n    <div id=\"graphical_day_chooser_div\" class=\"row\" style=\"margin-right: 0px; margin-left: 0px; \">\n\n        <div class=\"col-md-2\" style=\"padding-left: 0px;\">\n    <div class=\"filter-show-button\">\n      <button id=\"opener\">\n        <i class=\"fa fa-filter fa-inverse\" aria-hidden=\"true\"><\/i>\n        <font size=\"3\" color=\"white\" style=\"font-family: 'Roboto', sans-serif; text-transform: none;\">\n          &nbsp;Filtrera<\/font>\n      <\/button>\n    <\/div>\n\n  \t<div id=\"mySidenav\" class=\"sidenav\">\n      <div class=\"filter-container\">\n\n        <div class=\"row\" id=\"top\">\n\n            <div class=\"col-xs-10\">\n            <br\/>\n            <h4>&nbsp;Filtrera<\/h4>\n            <br\/>\n            <\/div>\n\n            <div class=\"col-xs-2\">\n              <a href=\"javascript:void(0)\" class=\"closebtn\" onclick=\"closeNav()\" style=\"box-shadow: 0 0px 0 0 currentColor; padding-top: 25px;\">\n                &times;\n              <\/a>\n            <\/div>\n\n        <\/div>\n\n        \n    <div class=\"row hide\" style=\"padding-right: 10px;\">\n      <div class=\"col-xs-7\">\n        <font size=\"3\" color=\"#061329\">Rum<\/font>\n      <\/div>\n\n      <div class=\"filters_button_container pull-right\" name=\"rooms_button_container+x\"\n      style=\"background: #FFFFFF; width: 38% !important ; height: 20px !important;\">\n\n        <div class=\"col-xs-3\">\n\n          <input type=\"checkbox\" name=\"all_rooms_checkbox\"\n          class=\"onoffswitch-checkbox\" id=\"all_rooms_checkbox\" checked>\n            <label class=\"onoffswitch-label\" for=\"all_rooms_checkbox\">\n\n              <span class=\"onoffswitch-switch\" style=\"background-color: #7ea92d; margin-top: 0px !important;\" ><\/span>\n\n            <\/label>\n\n        <\/div>\n\n      <font size=2 id=\"visa_r\" style=\"display: none; text-align: left\">Visa Alla<\/font>\n      <font size=2 id=\"dolj_r\" style=\"display: block; text-align: left\">D\u00f6lj Alla<\/font>\n\n      <\/div>\n\n    <\/div>\n    <br class='hide'\/>\n\n\n    <div class=\"row hide\" id=\"rooms_div\" style=\"padding-right: 10px;\">\n    \n\n      <div class=\"filters_button_container pull-right\" id=\"room_button_container_1018\"\n          name=\"room_button_container+0\">\n        <div class=\"row\" id=\"switch_1018\">\n\n          <div class=\"col-xs-3\" style=\"display: none;\">\n            <input type=\"checkbox\" name=\"rooms_onoffswitch\" class=\"onoffswitch-checkbox\"\n            id=\"0_myonoffswitch_rooms\" checked>\n\n              <label class=\"onoffswitch-label\" for=\"0_myonoffswitch_rooms\">\n                    <span class=\"onoffswitch-switch\" ><\/span>\n\n              <\/label>\n\n\n          <\/div>\n           <div class=\"col-xs-9\" style=\"margin-left: 5px;\">\n              <h6 style=\"margin-top: 5px !important; margin-bottom: 5px !important;\">Stora Kongresshallen<\/h6>\n           <\/div>\n        <\/div>\n      <\/div>\n\n\n\n        \n\n      <div class=\"filters_button_container pull-right\" id=\"room_button_container_1021\"\n          name=\"room_button_container+1\">\n        <div class=\"row\" id=\"switch_1021\">\n\n          <div class=\"col-xs-3\" style=\"display: none;\">\n            <input type=\"checkbox\" name=\"rooms_onoffswitch\" class=\"onoffswitch-checkbox\"\n            id=\"1_myonoffswitch_rooms\" checked>\n\n              <label class=\"onoffswitch-label\" for=\"1_myonoffswitch_rooms\">\n                    <span class=\"onoffswitch-switch\" ><\/span>\n\n              <\/label>\n\n\n          <\/div>\n           <div class=\"col-xs-9\" style=\"margin-left: 5px;\">\n              <h6 style=\"margin-top: 5px !important; margin-bottom: 5px !important;\">Lilla Kongresshallen<\/h6>\n           <\/div>\n        <\/div>\n      <\/div>\n\n\n\n        \n\n      <div class=\"filters_button_container pull-right\" id=\"room_button_container_1023\"\n          name=\"room_button_container+2\">\n        <div class=\"row\" id=\"switch_1023\">\n\n          <div class=\"col-xs-3\" style=\"display: none;\">\n            <input type=\"checkbox\" name=\"rooms_onoffswitch\" class=\"onoffswitch-checkbox\"\n            id=\"2_myonoffswitch_rooms\" checked>\n\n              <label class=\"onoffswitch-label\" for=\"2_myonoffswitch_rooms\">\n                    <span class=\"onoffswitch-switch\" ><\/span>\n\n              <\/label>\n\n\n          <\/div>\n           <div class=\"col-xs-9\" style=\"margin-left: 5px;\">\n              <h6 style=\"margin-top: 5px !important; margin-bottom: 5px !important;\">Lilla Salen<\/h6>\n           <\/div>\n        <\/div>\n      <\/div>\n\n\n\n        \n\n      <div class=\"filters_button_container pull-right\" id=\"room_button_container_1024\"\n          name=\"room_button_container+3\">\n        <div class=\"row\" id=\"switch_1024\">\n\n          <div class=\"col-xs-3\" style=\"display: none;\">\n            <input type=\"checkbox\" name=\"rooms_onoffswitch\" class=\"onoffswitch-checkbox\"\n            id=\"3_myonoffswitch_rooms\" checked>\n\n              <label class=\"onoffswitch-label\" for=\"3_myonoffswitch_rooms\">\n                    <span class=\"onoffswitch-switch\" ><\/span>\n\n              <\/label>\n\n\n          <\/div>\n           <div class=\"col-xs-9\" style=\"margin-left: 5px;\">\n              <h6 style=\"margin-top: 5px !important; margin-bottom: 5px !important;\">H\u00f6rsalen<\/h6>\n           <\/div>\n        <\/div>\n      <\/div>\n\n\n\n        \n\n      <div class=\"filters_button_container pull-right\" id=\"room_button_container_1019\"\n          name=\"room_button_container+4\">\n        <div class=\"row\" id=\"switch_1019\">\n\n          <div class=\"col-xs-3\" style=\"display: none;\">\n            <input type=\"checkbox\" name=\"rooms_onoffswitch\" class=\"onoffswitch-checkbox\"\n            id=\"4_myonoffswitch_rooms\" checked>\n\n              <label class=\"onoffswitch-label\" for=\"4_myonoffswitch_rooms\">\n                    <span class=\"onoffswitch-switch\" ><\/span>\n\n              <\/label>\n\n\n          <\/div>\n           <div class=\"col-xs-9\" style=\"margin-left: 5px;\">\n              <h6 style=\"margin-top: 5px !important; margin-bottom: 5px !important;\">Sal 301<\/h6>\n           <\/div>\n        <\/div>\n      <\/div>\n\n\n\n        \n\n      <div class=\"filters_button_container pull-right\" id=\"room_button_container_1020\"\n          name=\"room_button_container+5\">\n        <div class=\"row\" id=\"switch_1020\">\n\n          <div class=\"col-xs-3\" style=\"display: none;\">\n            <input type=\"checkbox\" name=\"rooms_onoffswitch\" class=\"onoffswitch-checkbox\"\n            id=\"5_myonoffswitch_rooms\" checked>\n\n              <label class=\"onoffswitch-label\" for=\"5_myonoffswitch_rooms\">\n                    <span class=\"onoffswitch-switch\" ><\/span>\n\n              <\/label>\n\n\n          <\/div>\n           <div class=\"col-xs-9\" style=\"margin-left: 5px;\">\n              <h6 style=\"margin-top: 5px !important; margin-bottom: 5px !important;\">Sal 302<\/h6>\n           <\/div>\n        <\/div>\n      <\/div>\n\n\n\n        \n\n      <div class=\"filters_button_container pull-right\" id=\"room_button_container_1031\"\n          name=\"room_button_container+6\">\n        <div class=\"row\" id=\"switch_1031\">\n\n          <div class=\"col-xs-3\" style=\"display: none;\">\n            <input type=\"checkbox\" name=\"rooms_onoffswitch\" class=\"onoffswitch-checkbox\"\n            id=\"6_myonoffswitch_rooms\" checked>\n\n              <label class=\"onoffswitch-label\" for=\"6_myonoffswitch_rooms\">\n                    <span class=\"onoffswitch-switch\" ><\/span>\n\n              <\/label>\n\n\n          <\/div>\n           <div class=\"col-xs-9\" style=\"margin-left: 5px;\">\n              <h6 style=\"margin-top: 5px !important; margin-bottom: 5px !important;\">Sal 103<\/h6>\n           <\/div>\n        <\/div>\n      <\/div>\n\n\n\n        \n\n      <div class=\"filters_button_container pull-right\" id=\"room_button_container_1030\"\n          name=\"room_button_container+7\">\n        <div class=\"row\" id=\"switch_1030\">\n\n          <div class=\"col-xs-3\" style=\"display: none;\">\n            <input type=\"checkbox\" name=\"rooms_onoffswitch\" class=\"onoffswitch-checkbox\"\n            id=\"7_myonoffswitch_rooms\" checked>\n\n              <label class=\"onoffswitch-label\" for=\"7_myonoffswitch_rooms\">\n                    <span class=\"onoffswitch-switch\" ><\/span>\n\n              <\/label>\n\n\n          <\/div>\n           <div class=\"col-xs-9\" style=\"margin-left: 5px;\">\n              <h6 style=\"margin-top: 5px !important; margin-bottom: 5px !important;\">Sal 105<\/h6>\n           <\/div>\n        <\/div>\n      <\/div>\n\n\n\n        \n\n      <div class=\"filters_button_container pull-right\" id=\"room_button_container_1025\"\n          name=\"room_button_container+8\">\n        <div class=\"row\" id=\"switch_1025\">\n\n          <div class=\"col-xs-3\" style=\"display: none;\">\n            <input type=\"checkbox\" name=\"rooms_onoffswitch\" class=\"onoffswitch-checkbox\"\n            id=\"8_myonoffswitch_rooms\" checked>\n\n              <label class=\"onoffswitch-label\" for=\"8_myonoffswitch_rooms\">\n                    <span class=\"onoffswitch-switch\" ><\/span>\n\n              <\/label>\n\n\n          <\/div>\n           <div class=\"col-xs-9\" style=\"margin-left: 5px;\">\n              <h6 style=\"margin-top: 5px !important; margin-bottom: 5px !important;\">Sal 107<\/h6>\n           <\/div>\n        <\/div>\n      <\/div>\n\n\n\n        \n\n      <div class=\"filters_button_container pull-right\" id=\"room_button_container_1026\"\n          name=\"room_button_container+9\">\n        <div class=\"row\" id=\"switch_1026\">\n\n          <div class=\"col-xs-3\" style=\"display: none;\">\n            <input type=\"checkbox\" name=\"rooms_onoffswitch\" class=\"onoffswitch-checkbox\"\n            id=\"9_myonoffswitch_rooms\" checked>\n\n              <label class=\"onoffswitch-label\" for=\"9_myonoffswitch_rooms\">\n                    <span class=\"onoffswitch-switch\" ><\/span>\n\n              <\/label>\n\n\n          <\/div>\n           <div class=\"col-xs-9\" style=\"margin-left: 5px;\">\n              <h6 style=\"margin-top: 5px !important; margin-bottom: 5px !important;\">Sal 108<\/h6>\n           <\/div>\n        <\/div>\n      <\/div>\n\n\n\n        \n\n      <div class=\"filters_button_container pull-right\" id=\"room_button_container_1022\"\n          name=\"room_button_container+10\">\n        <div class=\"row\" id=\"switch_1022\">\n\n          <div class=\"col-xs-3\" style=\"display: none;\">\n            <input type=\"checkbox\" name=\"rooms_onoffswitch\" class=\"onoffswitch-checkbox\"\n            id=\"10_myonoffswitch_rooms\" checked>\n\n              <label class=\"onoffswitch-label\" for=\"10_myonoffswitch_rooms\">\n                    <span class=\"onoffswitch-switch\" ><\/span>\n\n              <\/label>\n\n\n          <\/div>\n           <div class=\"col-xs-9\" style=\"margin-left: 5px;\">\n              <h6 style=\"margin-top: 5px !important; margin-bottom: 5px !important;\">Sal 109<\/h6>\n           <\/div>\n        <\/div>\n      <\/div>\n\n\n\n        \n\n      <div class=\"filters_button_container pull-right\" id=\"room_button_container_1029\"\n          name=\"room_button_container+11\">\n        <div class=\"row\" id=\"switch_1029\">\n\n          <div class=\"col-xs-3\" style=\"display: none;\">\n            <input type=\"checkbox\" name=\"rooms_onoffswitch\" class=\"onoffswitch-checkbox\"\n            id=\"11_myonoffswitch_rooms\" checked>\n\n              <label class=\"onoffswitch-label\" for=\"11_myonoffswitch_rooms\">\n                    <span class=\"onoffswitch-switch\" ><\/span>\n\n              <\/label>\n\n\n          <\/div>\n           <div class=\"col-xs-9\" style=\"margin-left: 5px;\">\n              <h6 style=\"margin-top: 5px !important; margin-bottom: 5px !important;\">Sal 110<\/h6>\n           <\/div>\n        <\/div>\n      <\/div>\n\n\n\n        \n\n      <div class=\"filters_button_container pull-right\" id=\"room_button_container_1033\"\n          name=\"room_button_container+12\">\n        <div class=\"row\" id=\"switch_1033\">\n\n          <div class=\"col-xs-3\" style=\"display: none;\">\n            <input type=\"checkbox\" name=\"rooms_onoffswitch\" class=\"onoffswitch-checkbox\"\n            id=\"12_myonoffswitch_rooms\" checked>\n\n              <label class=\"onoffswitch-label\" for=\"12_myonoffswitch_rooms\">\n                    <span class=\"onoffswitch-switch\" ><\/span>\n\n              <\/label>\n\n\n          <\/div>\n           <div class=\"col-xs-9\" style=\"margin-left: 5px;\">\n              <h6 style=\"margin-top: 5px !important; margin-bottom: 5px !important;\">Sal 201<\/h6>\n           <\/div>\n        <\/div>\n      <\/div>\n\n\n\n        \n\n      <div class=\"filters_button_container pull-right\" id=\"room_button_container_1028\"\n          name=\"room_button_container+13\">\n        <div class=\"row\" id=\"switch_1028\">\n\n          <div class=\"col-xs-3\" style=\"display: none;\">\n            <input type=\"checkbox\" name=\"rooms_onoffswitch\" class=\"onoffswitch-checkbox\"\n            id=\"13_myonoffswitch_rooms\" checked>\n\n              <label class=\"onoffswitch-label\" for=\"13_myonoffswitch_rooms\">\n                    <span class=\"onoffswitch-switch\" ><\/span>\n\n              <\/label>\n\n\n          <\/div>\n           <div class=\"col-xs-9\" style=\"margin-left: 5px;\">\n              <h6 style=\"margin-top: 5px !important; margin-bottom: 5px !important;\">Sal 202<\/h6>\n           <\/div>\n        <\/div>\n      <\/div>\n\n\n\n        \n\n      <div class=\"filters_button_container pull-right\" id=\"room_button_container_1034\"\n          name=\"room_button_container+14\">\n        <div class=\"row\" id=\"switch_1034\">\n\n          <div class=\"col-xs-3\" style=\"display: none;\">\n            <input type=\"checkbox\" name=\"rooms_onoffswitch\" class=\"onoffswitch-checkbox\"\n            id=\"14_myonoffswitch_rooms\" checked>\n\n              <label class=\"onoffswitch-label\" for=\"14_myonoffswitch_rooms\">\n                    <span class=\"onoffswitch-switch\" ><\/span>\n\n              <\/label>\n\n\n          <\/div>\n           <div class=\"col-xs-9\" style=\"margin-left: 5px;\">\n              <h6 style=\"margin-top: 5px !important; margin-bottom: 5px !important;\">Sal 203<\/h6>\n           <\/div>\n        <\/div>\n      <\/div>\n\n\n\n        \n\n      <div class=\"filters_button_container pull-right\" id=\"room_button_container_1014\"\n          name=\"room_button_container+15\">\n        <div class=\"row\" id=\"switch_1014\">\n\n          <div class=\"col-xs-3\" style=\"display: none;\">\n            <input type=\"checkbox\" name=\"rooms_onoffswitch\" class=\"onoffswitch-checkbox\"\n            id=\"15_myonoffswitch_rooms\" checked>\n\n              <label class=\"onoffswitch-label\" for=\"15_myonoffswitch_rooms\">\n                    <span class=\"onoffswitch-switch\" ><\/span>\n\n              <\/label>\n\n\n          <\/div>\n           <div class=\"col-xs-9\" style=\"margin-left: 5px;\">\n              <h6 style=\"margin-top: 5px !important; margin-bottom: 5px !important;\">Hotell Plaza<\/h6>\n           <\/div>\n        <\/div>\n      <\/div>\n\n\n\n        \n\n      <div class=\"filters_button_container pull-right\" id=\"room_button_container_1016\"\n          name=\"room_button_container+16\">\n        <div class=\"row\" id=\"switch_1016\">\n\n          <div class=\"col-xs-3\" style=\"display: none;\">\n            <input type=\"checkbox\" name=\"rooms_onoffswitch\" class=\"onoffswitch-checkbox\"\n            id=\"16_myonoffswitch_rooms\" checked>\n\n              <label class=\"onoffswitch-label\" for=\"16_myonoffswitch_rooms\">\n                    <span class=\"onoffswitch-switch\" ><\/span>\n\n              <\/label>\n\n\n          <\/div>\n           <div class=\"col-xs-9\" style=\"margin-left: 5px;\">\n              <h6 style=\"margin-top: 5px !important; margin-bottom: 5px !important;\">The Steam Hotel<\/h6>\n           <\/div>\n        <\/div>\n      <\/div>\n\n\n\n        \n\n      <div class=\"filters_button_container pull-right\" id=\"room_button_container_1032\"\n          name=\"room_button_container+17\">\n        <div class=\"row\" id=\"switch_1032\">\n\n          <div class=\"col-xs-3\" style=\"display: none;\">\n            <input type=\"checkbox\" name=\"rooms_onoffswitch\" class=\"onoffswitch-checkbox\"\n            id=\"17_myonoffswitch_rooms\" checked>\n\n              <label class=\"onoffswitch-label\" for=\"17_myonoffswitch_rooms\">\n                    <span class=\"onoffswitch-switch\" ><\/span>\n\n              <\/label>\n\n\n          <\/div>\n           <div class=\"col-xs-9\" style=\"margin-left: 5px;\">\n              <h6 style=\"margin-top: 5px !important; margin-bottom: 5px !important;\">KonserthusTerassen<\/h6>\n           <\/div>\n        <\/div>\n      <\/div>\n\n\n\n        \n\n      <div class=\"filters_button_container pull-right\" id=\"room_button_container_1013\"\n          name=\"room_button_container+18\">\n        <div class=\"row\" id=\"switch_1013\">\n\n          <div class=\"col-xs-3\" style=\"display: none;\">\n            <input type=\"checkbox\" name=\"rooms_onoffswitch\" class=\"onoffswitch-checkbox\"\n            id=\"18_myonoffswitch_rooms\" checked>\n\n              <label class=\"onoffswitch-label\" for=\"18_myonoffswitch_rooms\">\n                    <span class=\"onoffswitch-switch\" ><\/span>\n\n              <\/label>\n\n\n          <\/div>\n           <div class=\"col-xs-9\" style=\"margin-left: 5px;\">\n              <h6 style=\"margin-top: 5px !important; margin-bottom: 5px !important;\">Utst\u00e4llningen<\/h6>\n           <\/div>\n        <\/div>\n      <\/div>\n\n\n\n        \n\n      <div class=\"filters_button_container pull-right\" id=\"room_button_container_1008\"\n          name=\"room_button_container+19\">\n        <div class=\"row\" id=\"switch_1008\">\n\n          <div class=\"col-xs-3\" style=\"display: none;\">\n            <input type=\"checkbox\" name=\"rooms_onoffswitch\" class=\"onoffswitch-checkbox\"\n            id=\"19_myonoffswitch_rooms\" checked>\n\n              <label class=\"onoffswitch-label\" for=\"19_myonoffswitch_rooms\">\n                    <span class=\"onoffswitch-switch\" ><\/span>\n\n              <\/label>\n\n\n          <\/div>\n           <div class=\"col-xs-9\" style=\"margin-left: 5px;\">\n              <h6 style=\"margin-top: 5px !important; margin-bottom: 5px !important;\">Evenemangshallen<\/h6>\n           <\/div>\n        <\/div>\n      <\/div>\n\n\n\n        \n\n      <div class=\"filters_button_container pull-right\" id=\"room_button_container_1035\"\n          name=\"room_button_container+20\">\n        <div class=\"row\" id=\"switch_1035\">\n\n          <div class=\"col-xs-3\" style=\"display: none;\">\n            <input type=\"checkbox\" name=\"rooms_onoffswitch\" class=\"onoffswitch-checkbox\"\n            id=\"20_myonoffswitch_rooms\" checked>\n\n              <label class=\"onoffswitch-label\" for=\"20_myonoffswitch_rooms\">\n                    <span class=\"onoffswitch-switch\" ><\/span>\n\n              <\/label>\n\n\n          <\/div>\n           <div class=\"col-xs-9\" style=\"margin-left: 5px;\">\n              <h6 style=\"margin-top: 5px !important; margin-bottom: 5px !important;\">Plan 1<\/h6>\n           <\/div>\n        <\/div>\n      <\/div>\n\n\n\n            <\/div>\n    <br class='hide'\/>\n\n    \n    <div class=\"row\" style=\"padding-right: 10px; padding-top: 5px; height: 30px;\">\n      <div class=\"col-xs-7\">\n        <font size=\"3\" color=\"#061329\">Kategorier<\/font>\n      <\/div>\n\n      <div id=\"show_hide_all_categories\" class=\"col-xs-4 pull-right hide\" name=\"categories_button_container+x\"\n        style=\"text-align: center; cursor: pointer;\"><i class=\"fa fa-trash fa-2x pull-right\" style=\"color: #000000; font-size: 25px;\"><\/i>\n\n        <!--\n        <div class=\"col-xs-3\">\n\n          <input type=\"checkbox\" name=\"all_categories_checkbox\"\n          class=\"onoffswitch-checkbox\" id=\"all_categories_checkbox\" checked>\n            <label class=\"onoffswitch-label\" for=\"all_categories_checkbox\">\n\n              <span class=\"onoffswitch-switch\" style=\"background-color: #7ea92d; margin-top: 0px !important;\" ><\/span>\n\n            <\/label>\n\n        <\/div>\n\n        <font size=2 id=\"visa_c\" style=\"display: none; text-align: left\">Visa Alla<\/font>\n        <font size=2 id=\"dolj_c\" style=\"display: block; text-align: left\">D\u00f6lj Alla<\/font>\n      -->\n      <\/div>\n    <\/div>\n\n\n    <br\/>\n\n    <div class=\"row\" id=\"categories_div\" style=\"padding-right: 10px;\">\n            <div class=\"category_button filters_button_container pull-right\" data-category-id=\"1002\" id=\"category_button_container+F\u00f6rel\u00e4sning\"\n        name=\"category_button_container+1\">\n        <div class=\"row\">\n\n          <div class=\"col-xs-3\"  >\n\n            <input type=\"checkbox\" name=\"categories_onoffswitch\" class=\"onoffswitch-checkbox\" id=\"1_myonoffswitch_categories\" checked>\n              <label class=\"onoffswitch-label\" for=\"1_myonoffswitch_categories\" >\n\n                                      <span class=\"onoffswitch-switch\" style=\"background-color: #B2FF78 ; border-radius: 5px;\"><\/span>\n                                <\/label>\n          <\/div>\n\n          <div class=\"col-xs-9\" >\n            <h6 style=\"margin-top: 15px !important; margin-bottom: 15px !important;\"id=\"1_category\" >\n              F\u00f6rel\u00e4sning            <\/h6>\n          <\/div>\n\n\n        <\/div>\n      <\/div>\n              <div class=\"category_button filters_button_container pull-right\" data-category-id=\"1003\" id=\"category_button_container+Workshop\"\n        name=\"category_button_container+2\">\n        <div class=\"row\">\n\n          <div class=\"col-xs-3\"  >\n\n            <input type=\"checkbox\" name=\"categories_onoffswitch\" class=\"onoffswitch-checkbox\" id=\"2_myonoffswitch_categories\" checked>\n              <label class=\"onoffswitch-label\" for=\"2_myonoffswitch_categories\" >\n\n                                      <span class=\"onoffswitch-switch\" style=\"background-color: #B2A1C9 ; border-radius: 5px;\"><\/span>\n                                <\/label>\n          <\/div>\n\n          <div class=\"col-xs-9\" >\n            <h6 style=\"margin-top: 15px !important; margin-bottom: 15px !important;\"id=\"2_category\" >\n              Workshop            <\/h6>\n          <\/div>\n\n\n        <\/div>\n      <\/div>\n              <div class=\"category_button filters_button_container pull-right\" data-category-id=\"1004\" id=\"category_button_container+M\u00f6te\"\n        name=\"category_button_container+3\">\n        <div class=\"row\">\n\n          <div class=\"col-xs-3\"  >\n\n            <input type=\"checkbox\" name=\"categories_onoffswitch\" class=\"onoffswitch-checkbox\" id=\"3_myonoffswitch_categories\" checked>\n              <label class=\"onoffswitch-label\" for=\"3_myonoffswitch_categories\" >\n\n                                      <span class=\"onoffswitch-switch\" style=\"background-color: #FFFA5C ; border-radius: 5px;\"><\/span>\n                                <\/label>\n          <\/div>\n\n          <div class=\"col-xs-9\" >\n            <h6 style=\"margin-top: 15px !important; margin-bottom: 15px !important;\"id=\"3_category\" >\n              M\u00f6te            <\/h6>\n          <\/div>\n\n\n        <\/div>\n      <\/div>\n              <div class=\"category_button filters_button_container pull-right\" data-category-id=\"1005\" id=\"category_button_container+Kurs\"\n        name=\"category_button_container+4\">\n        <div class=\"row\">\n\n          <div class=\"col-xs-3\"  >\n\n            <input type=\"checkbox\" name=\"categories_onoffswitch\" class=\"onoffswitch-checkbox\" id=\"4_myonoffswitch_categories\" checked>\n              <label class=\"onoffswitch-label\" for=\"4_myonoffswitch_categories\" >\n\n                                      <span class=\"onoffswitch-switch\" style=\"background-color: #5CADFF ; border-radius: 5px;\"><\/span>\n                                <\/label>\n          <\/div>\n\n          <div class=\"col-xs-9\" >\n            <h6 style=\"margin-top: 15px !important; margin-bottom: 15px !important;\"id=\"4_category\" >\n              Kurs            <\/h6>\n          <\/div>\n\n\n        <\/div>\n      <\/div>\n              <div class=\"category_button filters_button_container pull-right\" data-category-id=\"1006\" id=\"category_button_container+Seminarium\/Paneldebatt\"\n        name=\"category_button_container+5\">\n        <div class=\"row\">\n\n          <div class=\"col-xs-3\"  >\n\n            <input type=\"checkbox\" name=\"categories_onoffswitch\" class=\"onoffswitch-checkbox\" id=\"5_myonoffswitch_categories\" checked>\n              <label class=\"onoffswitch-label\" for=\"5_myonoffswitch_categories\" >\n\n                                      <span class=\"onoffswitch-switch\" style=\"background-color: #FFB217 ; border-radius: 5px;\"><\/span>\n                                <\/label>\n          <\/div>\n\n          <div class=\"col-xs-9\" >\n            <h6 style=\"margin-top: 15px !important; margin-bottom: 15px !important;\"id=\"5_category\" >\n              Seminarium\/Paneldebatt            <\/h6>\n          <\/div>\n\n\n        <\/div>\n      <\/div>\n            <\/div>\n\n    \n        <!-- container -->\n      <\/div>\n\n      <!-- sidenav -->\n    <\/div>\n  <\/div>\n\n  \n      <div class=\"col-md-10\" style=\"padding-left: 0px;\">\n       <div class=\"btn-group\" id=\"days-group\">\n\n          <button type=\"button\" class=\"btn btn-default btn_day\" data-day=\"0\" value=\"date_select_0\"\n                  style=\"float: none !important;\"><span class=\"hidden-xs\">M\u00e5n<\/span><br class=\"hidden-xs\"><span>23 apr.<\/span><\/button><button type=\"button\" class=\"btn btn-default btn_day\" data-day=\"1\" value=\"date_select_1\"\n                  style=\"float: none !important;\"><span class=\"hidden-xs\">Tis<\/span><br class=\"hidden-xs\"><span>24 apr.<\/span><\/button><button type=\"button\" class=\"btn btn-default btn_day\" data-day=\"2\" value=\"date_select_2\"\n                  style=\"float: none !important;\"><span class=\"hidden-xs\">Ons<\/span><br class=\"hidden-xs\"><span>25 apr.<\/span><\/button><button type=\"button\" class=\"btn btn-default btn_day\" data-day=\"3\" value=\"date_select_3\"\n                  style=\"float: none !important;\"><span class=\"hidden-xs\">Tors<\/span><br class=\"hidden-xs\"><span>26 apr.<\/span><\/button>\n        <\/div>\n      <\/div>\n    <\/div>\n\n    <div id='scroll-right-container' style='display: none; cursor: pointer; margin-top: 73px; height: 70px; width: 75px; background-color: rgba(130, 130, 130, 0.56); position: relative; float: right; z-index: 10000000; text-align: center;'>\n        <i class=\"fa fa-3x fa-chevron-right\" aria-hidden=\"true\" style=\"color: white; position: absolute; left: 35%; top: 20%;\"><\/i>\n    <\/div>\n\n    <div id='scroll-left-container' style='display: none; cursor: pointer; margin-top: 73px; height: 70px; width: 75px; background-color: rgba(130, 130, 130, 0.56); position: relative; float: left; margin-left: 60px; z-index: 10000000; text-align: center;'>\n        <i class=\"fa fa-3x fa-chevron-left\" aria-hidden=\"true\" style=\"color: white; position: absolute; left: 30%; top: 20%;\"><\/i>\n    <\/div>\n\n    <div id=\"calendar_container\" class=\"dragscroll\" style=\"cursor: move; height: 1810px; background-color: #fffffff;px; \">\n\n\n      \n  \t\t<!-- top bar with date and rooms name -->\n  \t\t<div class=\"xaxis xaxis-extra fixed top\">\n  \t      <div id=\"top_left_room_box\" class=\"preroom0 preroom0-extra\">\n            <div class=\"room0\">\n                <select style=\"visibility: hidden;\"><\/select>\n    \t      <\/div>\n          <\/div>\n\n  \t      <div class='room_holder room_holder-extra' style='width: 150px;' data-room-id=1018 id='preroom_id_1018'><div class='room room-extra' style='width: 140px;' data-id=0>Stora Kongresshallen<\/div>\n<\/div><div class='room_holder room_holder-extra' style='width: 150px;' data-room-id=1021 id='preroom_id_1021'><div class='room room-extra' style='width: 140px;' data-id=1>Lilla Kongresshallen<\/div>\n<\/div><div class='room_holder room_holder-extra' style='width: 150px;' data-room-id=1023 id='preroom_id_1023'><div class='room room-extra' style='width: 140px;' data-id=2>Lilla Salen<\/div>\n<\/div><div class='room_holder room_holder-extra' style='width: 150px;' data-room-id=1024 id='preroom_id_1024'><div class='room room-extra' style='width: 140px;' data-id=3>H\u00f6rsalen<\/div>\n<\/div><div class='room_holder room_holder-extra' style='width: 150px;' data-room-id=1019 id='preroom_id_1019'><div class='room room-extra' style='width: 140px;' data-id=4>Sal 301<\/div>\n<\/div><div class='room_holder room_holder-extra' style='width: 150px;' data-room-id=1020 id='preroom_id_1020'><div class='room room-extra' style='width: 140px;' data-id=5>Sal 302<\/div>\n<\/div><div class='room_holder room_holder-extra' style='width: 150px;' data-room-id=1031 id='preroom_id_1031'><div class='room room-extra' style='width: 140px;' data-id=6>Sal 103<\/div>\n<\/div><div class='room_holder room_holder-extra' style='width: 150px;' data-room-id=1030 id='preroom_id_1030'><div class='room room-extra' style='width: 140px;' data-id=7>Sal 105<\/div>\n<\/div><div class='room_holder room_holder-extra' style='width: 150px;' data-room-id=1025 id='preroom_id_1025'><div class='room room-extra' style='width: 140px;' data-id=8>Sal 107<\/div>\n<\/div><div class='room_holder room_holder-extra' style='width: 150px;' data-room-id=1026 id='preroom_id_1026'><div class='room room-extra' style='width: 140px;' data-id=9>Sal 108<\/div>\n<\/div><div class='room_holder room_holder-extra' style='width: 150px;' data-room-id=1022 id='preroom_id_1022'><div class='room room-extra' style='width: 140px;' data-id=10>Sal 109<\/div>\n<\/div><div class='room_holder room_holder-extra' style='width: 150px;' data-room-id=1029 id='preroom_id_1029'><div class='room room-extra' style='width: 140px;' data-id=11>Sal 110<\/div>\n<\/div><div class='room_holder room_holder-extra' style='width: 150px;' data-room-id=1033 id='preroom_id_1033'><div class='room room-extra' style='width: 140px;' data-id=12>Sal 201<\/div>\n<\/div><div class='room_holder room_holder-extra' style='width: 150px;' data-room-id=1028 id='preroom_id_1028'><div class='room room-extra' style='width: 140px;' data-id=13>Sal 202<\/div>\n<\/div><div class='room_holder room_holder-extra' style='width: 150px;' data-room-id=1034 id='preroom_id_1034'><div class='room room-extra' style='width: 140px;' data-id=14>Sal 203<\/div>\n<\/div><div class='room_holder room_holder-extra' style='width: 150px;' data-room-id=1014 id='preroom_id_1014'><div class='room room-extra' style='width: 140px;' data-id=15>Hotell Plaza<\/div>\n<\/div><div class='room_holder room_holder-extra' style='width: 150px;' data-room-id=1016 id='preroom_id_1016'><div class='room room-extra' style='width: 140px;' data-id=16>The Steam Hotel<\/div>\n<\/div><div class='room_holder room_holder-extra' style='width: 150px;' data-room-id=1032 id='preroom_id_1032'><div class='room room-extra' style='width: 140px;' data-id=17>KonserthusTerassen<\/div>\n<\/div><div class='room_holder room_holder-extra' style='width: 150px;' data-room-id=1013 id='preroom_id_1013'><div class='room room-extra' style='width: 140px;' data-id=18>Utst\u00e4llningen<\/div>\n<\/div><div class='room_holder room_holder-extra' style='width: 150px;' data-room-id=1008 id='preroom_id_1008'><div class='room room-extra' style='width: 140px;' data-id=19>Evenemangshallen<\/div>\n<\/div><div class='room_holder room_holder-extra' style='width: 150px;' data-room-id=1035 id='preroom_id_1035'><div class='room room-extra' style='width: 140px;' data-id=20>Plan 1<\/div>\n<\/div>\n      <\/div>\n            \n      <div class='vertical-schedule-line' data-room-id='1018' style='left: 210px; height: 100%;'><\/div><div class='vertical-schedule-line' data-room-id='1021' style='left: 360px; height: 100%;'><\/div><div class='vertical-schedule-line' data-room-id='1023' style='left: 510px; height: 100%;'><\/div><div class='vertical-schedule-line' data-room-id='1024' style='left: 660px; height: 100%;'><\/div><div class='vertical-schedule-line' data-room-id='1019' style='left: 810px; height: 100%;'><\/div><div class='vertical-schedule-line' data-room-id='1020' style='left: 960px; height: 100%;'><\/div><div class='vertical-schedule-line' data-room-id='1031' style='left: 1110px; height: 100%;'><\/div><div class='vertical-schedule-line' data-room-id='1030' style='left: 1260px; height: 100%;'><\/div><div class='vertical-schedule-line' data-room-id='1025' style='left: 1410px; height: 100%;'><\/div><div class='vertical-schedule-line' data-room-id='1026' style='left: 1560px; height: 100%;'><\/div><div class='vertical-schedule-line' data-room-id='1022' style='left: 1710px; height: 100%;'><\/div><div class='vertical-schedule-line' data-room-id='1029' style='left: 1860px; height: 100%;'><\/div><div class='vertical-schedule-line' data-room-id='1033' style='left: 2010px; height: 100%;'><\/div><div class='vertical-schedule-line' data-room-id='1028' style='left: 2160px; height: 100%;'><\/div><div class='vertical-schedule-line' data-room-id='1034' style='left: 2310px; height: 100%;'><\/div><div class='vertical-schedule-line' data-room-id='1014' style='left: 2460px; height: 100%;'><\/div><div class='vertical-schedule-line' data-room-id='1016' style='left: 2610px; height: 100%;'><\/div><div class='vertical-schedule-line' data-room-id='1032' style='left: 2760px; height: 100%;'><\/div><div class='vertical-schedule-line' data-room-id='1013' style='left: 2910px; height: 100%;'><\/div><div class='vertical-schedule-line' data-room-id='1008' style='left: 3060px; height: 100%;'><\/div><div class='vertical-schedule-line' data-room-id='1035' style='left: 3210px; height: 100%;'><\/div>\n      <div id='time_0' name='visible_0' data-day='0' class='yaxis major time_all time_0  data-time='0800' style='top: 61px; display: block;'>\n                <div class='yaxistime yaxistime-extra'><div class='yaxistext yaxistext-extra'>08:00\n<\/div><\/div><\/div><div id = 'time_0' name='visible_1' data-day='0' class='yaxis time_all time_0' data-time='0808' style='top: 81px; display: block;'>\n                <div class='yaxistime yaxistime-extra'>&nbsp;<\/div><\/div><div id = 'time_0' name='visible_2' data-day='0' class='yaxis time_all time_0' data-time='0816' style='top: 101px; display: block;'>\n                <div class='yaxistime yaxistime-extra'>&nbsp;<\/div><\/div><div id = 'time_0' name='visible_3' data-day='0' class='yaxis time_all time_0' data-time='0824' style='top: 121px; display: block;'>\n                <div class='yaxistime yaxistime-extra'>&nbsp;<\/div><\/div><div id='time_0' name='visible_4' data-day='0' class='yaxis time_all time_0' data-time='0832' style='top: 141px; display: block;'>\n                <div class='yaxistime yaxistime-extra half-hour'><div class='yaxistext-minor yaxistext-minor-extra'>08:30\n<\/div><\/div><\/div><div id = 'time_0' name='visible_5' data-day='0' class='yaxis time_all time_0' data-time='0840' style='top: 161px; display: block;'>\n                <div class='yaxistime yaxistime-extra'>&nbsp;<\/div><\/div><div id = 'time_0' name='visible_6' data-day='0' class='yaxis time_all time_0' data-time='0848' style='top: 181px; display: block;'>\n                <div class='yaxistime yaxistime-extra'>&nbsp;<\/div><\/div><div id = 'time_0' name='visible_7' data-day='0' class='yaxis time_all time_0' data-time='0856' style='top: 201px; display: block;'>\n                <div class='yaxistime yaxistime-extra'>&nbsp;<\/div><\/div><div id='time_0' name='visible_8' data-day='0' class='yaxis major time_all time_0  data-time='0900' style='top: 211px; display: block;'>\n                <div class='yaxistime yaxistime-extra'><div class='yaxistext yaxistext-extra'>09:00\n<\/div><\/div><\/div><div id = 'time_0' name='visible_9' data-day='0' class='yaxis time_all time_0' data-time='0908' style='top: 231px; display: block;'>\n                <div class='yaxistime yaxistime-extra'>&nbsp;<\/div><\/div><div id = 'time_0' name='visible_10' data-day='0' class='yaxis time_all time_0' data-time='0916' style='top: 251px; display: block;'>\n                <div class='yaxistime yaxistime-extra'>&nbsp;<\/div><\/div><div id = 'time_0' name='visible_11' data-day='0' class='yaxis time_all time_0' data-time='0924' style='top: 271px; display: block;'>\n                <div class='yaxistime yaxistime-extra'>&nbsp;<\/div><\/div><div id='time_0' name='visible_12' data-day='0' class='yaxis time_all time_0' data-time='0932' style='top: 291px; display: block;'>\n                <div class='yaxistime yaxistime-extra half-hour'><div class='yaxistext-minor yaxistext-minor-extra'>09:30\n<\/div><\/div><\/div><div id = 'time_0' name='visible_13' data-day='0' class='yaxis time_all time_0' data-time='0940' style='top: 311px; display: block;'>\n                <div class='yaxistime yaxistime-extra'>&nbsp;<\/div><\/div><div id = 'time_0' name='visible_14' data-day='0' class='yaxis time_all time_0' data-time='0948' style='top: 331px; display: block;'>\n                <div class='yaxistime yaxistime-extra'>&nbsp;<\/div><\/div><div id = 'time_0' name='visible_15' data-day='0' class='yaxis time_all time_0' data-time='0956' style='top: 351px; display: block;'>\n                <div class='yaxistime yaxistime-extra'>&nbsp;<\/div><\/div><div id='time_0' name='visible_16' data-day='0' class='yaxis major time_all time_0  data-time='1000' style='top: 361px; display: block;'>\n                <div class='yaxistime yaxistime-extra'><div class='yaxistext yaxistext-extra'>10:00\n<\/div><\/div><\/div><div id = 'time_0' name='visible_17' data-day='0' class='yaxis time_all time_0' data-time='1008' style='top: 381px; display: block;'>\n                <div class='yaxistime yaxistime-extra'>&nbsp;<\/div><\/div><div id = 'time_0' name='visible_18' data-day='0' class='yaxis time_all time_0' data-time='1016' style='top: 401px; display: block;'>\n                <div class='yaxistime yaxistime-extra'>&nbsp;<\/div><\/div><div id = 'time_0' name='visible_19' data-day='0' class='yaxis time_all time_0' data-time='1024' style='top: 421px; display: block;'>\n                <div class='yaxistime yaxistime-extra'>&nbsp;<\/div><\/div><div id='time_0' name='visible_20' data-day='0' class='yaxis time_all time_0' data-time='1032' style='top: 441px; display: block;'>\n                <div class='yaxistime yaxistime-extra half-hour'><div class='yaxistext-minor yaxistext-minor-extra'>10:30\n<\/div><\/div><\/div><div id = 'time_0' name='visible_21' data-day='0' class='yaxis time_all time_0' data-time='1040' style='top: 461px; display: block;'>\n                <div class='yaxistime yaxistime-extra'>&nbsp;<\/div><\/div><div id = 'time_0' name='visible_22' data-day='0' class='yaxis time_all time_0' data-time='1048' style='top: 481px; display: block;'>\n                <div class='yaxistime yaxistime-extra'>&nbsp;<\/div><\/div><div id = 'time_0' name='visible_23' data-day='0' class='yaxis time_all time_0' data-time='1056' style='top: 501px; display: block;'>\n                <div class='yaxistime yaxistime-extra'>&nbsp;<\/div><\/div><div id='time_0' name='visible_24' data-day='0' class='yaxis major time_all time_0  data-time='1100' style='top: 511px; display: block;'>\n                <div class='yaxistime yaxistime-extra'><div class='yaxistext yaxistext-extra'>11:00\n<\/div><\/div><\/div><div id = 'time_0' name='visible_25' data-day='0' class='yaxis time_all time_0' data-time='1108' style='top: 531px; display: block;'>\n                <div class='yaxistime yaxistime-extra'>&nbsp;<\/div><\/div><div id = 'time_0' name='visible_26' data-day='0' class='yaxis time_all time_0' data-time='1116' style='top: 551px; display: block;'>\n                <div class='yaxistime yaxistime-extra'>&nbsp;<\/div><\/div><div id = 'time_0' name='visible_27' data-day='0' class='yaxis time_all time_0' data-time='1124' style='top: 571px; display: block;'>\n                <div class='yaxistime yaxistime-extra'>&nbsp;<\/div><\/div><div id='time_0' name='visible_28' data-day='0' class='yaxis time_all time_0' data-time='1132' style='top: 591px; display: block;'>\n                <div class='yaxistime yaxistime-extra half-hour'><div class='yaxistext-minor yaxistext-minor-extra'>11:30\n<\/div><\/div><\/div><div id = 'time_0' name='visible_29' data-day='0' class='yaxis time_all time_0' data-time='1140' style='top: 611px; display: block;'>\n                <div class='yaxistime yaxistime-extra'>&nbsp;<\/div><\/div><div id = 'time_0' name='visible_30' data-day='0' class='yaxis time_all time_0' data-time='1148' style='top: 631px; display: block;'>\n                <div class='yaxistime yaxistime-extra'>&nbsp;<\/div><\/div><div id = 'time_0' name='visible_31' data-day='0' class='yaxis time_all time_0' data-time='1156' style='top: 651px; display: block;'>\n                <div class='yaxistime yaxistime-extra'>&nbsp;<\/div><\/div><div id='time_0' name='visible_32' data-day='0' class='yaxis major time_all time_0  data-time='1200' style='top: 661px; display: block;'>\n                <div class='yaxistime yaxistime-extra'><div class='yaxistext yaxistext-extra'>12:00\n<\/div><\/div><\/div><div id = 'time_0' name='visible_33' data-day='0' class='yaxis time_all time_0' data-time='1208' style='top: 681px; display: block;'>\n                <div class='yaxistime yaxistime-extra'>&nbsp;<\/div><\/div><div id = 'time_0' name='visible_34' data-day='0' class='yaxis time_all time_0' data-time='1216' style='top: 701px; display: block;'>\n                <div class='yaxistime yaxistime-extra'>&nbsp;<\/div><\/div><div id = 'time_0' name='visible_35' data-day='0' class='yaxis time_all time_0' data-time='1224' style='top: 721px; display: block;'>\n                <div class='yaxistime yaxistime-extra'>&nbsp;<\/div><\/div><div id='time_0' name='visible_36' data-day='0' class='yaxis time_all time_0' data-time='1232' style='top: 741px; display: block;'>\n                <div class='yaxistime yaxistime-extra half-hour'><div class='yaxistext-minor yaxistext-minor-extra'>12:30\n<\/div><\/div><\/div><div id = 'time_0' name='visible_37' data-day='0' class='yaxis time_all time_0' data-time='1240' style='top: 761px; display: block;'>\n                <div class='yaxistime yaxistime-extra'>&nbsp;<\/div><\/div><div id = 'time_0' name='visible_38' data-day='0' class='yaxis time_all time_0' data-time='1248' style='top: 781px; display: block;'>\n                <div class='yaxistime yaxistime-extra'>&nbsp;<\/div><\/div><div id = 'time_0' name='visible_39' data-day='0' class='yaxis time_all time_0' data-time='1256' style='top: 801px; display: block;'>\n                <div class='yaxistime yaxistime-extra'>&nbsp;<\/div><\/div><div id='time_0' name='visible_40' data-day='0' class='yaxis major time_all time_0  data-time='1300' style='top: 811px; display: block;'>\n                <div class='yaxistime yaxistime-extra'><div class='yaxistext yaxistext-extra'>13:00\n<\/div><\/div><\/div><div id = 'time_0' name='visible_41' data-day='0' class='yaxis time_all time_0' data-time='1308' style='top: 831px; display: block;'>\n                <div class='yaxistime yaxistime-extra'>&nbsp;<\/div><\/div><div id = 'time_0' name='visible_42' data-day='0' class='yaxis time_all time_0' data-time='1316' style='top: 851px; display: block;'>\n                <div class='yaxistime yaxistime-extra'>&nbsp;<\/div><\/div><div id = 'time_0' name='visible_43' data-day='0' class='yaxis time_all time_0' data-time='1324' style='top: 871px; display: block;'>\n                <div class='yaxistime yaxistime-extra'>&nbsp;<\/div><\/div><div id='time_0' name='visible_44' data-day='0' class='yaxis time_all time_0' data-time='1332' style='top: 891px; display: block;'>\n                <div class='yaxistime yaxistime-extra half-hour'><div class='yaxistext-minor yaxistext-minor-extra'>13:30\n<\/div><\/div><\/div><div id = 'time_0' name='visible_45' data-day='0' class='yaxis time_all time_0' data-time='1340' style='top: 911px; display: block;'>\n                <div class='yaxistime yaxistime-extra'>&nbsp;<\/div><\/div><div id = 'time_0' name='visible_46' data-day='0' class='yaxis time_all time_0' data-time='1348' style='top: 931px; display: block;'>\n                <div class='yaxistime yaxistime-extra'>&nbsp;<\/div><\/div><div id = 'time_0' name='visible_47' data-day='0' class='yaxis time_all time_0' data-time='1356' style='top: 951px; display: block;'>\n                <div class='yaxistime yaxistime-extra'>&nbsp;<\/div><\/div><div id='time_0' name='visible_48' data-day='0' class='yaxis major time_all time_0  data-time='1400' style='top: 961px; display: block;'>\n                <div class='yaxistime yaxistime-extra'><div class='yaxistext yaxistext-extra'>14:00\n<\/div><\/div><\/div><div id = 'time_0' name='visible_49' data-day='0' class='yaxis time_all time_0' data-time='1408' style='top: 981px; display: block;'>\n                <div class='yaxistime yaxistime-extra'>&nbsp;<\/div><\/div><div id = 'time_0' name='visible_50' data-day='0' class='yaxis time_all time_0' data-time='1416' style='top: 1001px; display: block;'>\n                <div class='yaxistime yaxistime-extra'>&nbsp;<\/div><\/div><div id = 'time_0' name='visible_51' data-day='0' class='yaxis time_all time_0' data-time='1424' style='top: 1021px; display: block;'>\n                <div class='yaxistime yaxistime-extra'>&nbsp;<\/div><\/div><div id='time_0' name='visible_52' data-day='0' class='yaxis time_all time_0' data-time='1432' style='top: 1041px; display: block;'>\n                <div class='yaxistime yaxistime-extra half-hour'><div class='yaxistext-minor yaxistext-minor-extra'>14:30\n<\/div><\/div><\/div><div id = 'time_0' name='visible_53' data-day='0' class='yaxis time_all time_0' data-time='1440' style='top: 1061px; display: block;'>\n                <div class='yaxistime yaxistime-extra'>&nbsp;<\/div><\/div><div id = 'time_0' name='visible_54' data-day='0' class='yaxis time_all time_0' data-time='1448' style='top: 1081px; display: block;'>\n                <div class='yaxistime yaxistime-extra'>&nbsp;<\/div><\/div><div id = 'time_0' name='visible_55' data-day='0' class='yaxis time_all time_0' data-time='1456' style='top: 1101px; display: block;'>\n                <div class='yaxistime yaxistime-extra'>&nbsp;<\/div><\/div><div id='time_0' name='visible_56' data-day='0' class='yaxis major time_all time_0  data-time='1500' style='top: 1111px; display: block;'>\n                <div class='yaxistime yaxistime-extra'><div class='yaxistext yaxistext-extra'>15:00\n<\/div><\/div><\/div><div id = 'time_0' name='visible_57' data-day='0' class='yaxis time_all time_0' data-time='1508' style='top: 1131px; display: block;'>\n                <div class='yaxistime yaxistime-extra'>&nbsp;<\/div><\/div><div id = 'time_0' name='visible_58' data-day='0' class='yaxis time_all time_0' data-time='1516' style='top: 1151px; display: block;'>\n                <div class='yaxistime yaxistime-extra'>&nbsp;<\/div><\/div><div id = 'time_0' name='visible_59' data-day='0' class='yaxis time_all time_0' data-time='1524' style='top: 1171px; display: block;'>\n                <div class='yaxistime yaxistime-extra'>&nbsp;<\/div><\/div><div id='time_0' name='visible_60' data-day='0' class='yaxis time_all time_0' data-time='1532' style='top: 1191px; display: block;'>\n                <div class='yaxistime yaxistime-extra half-hour'><div class='yaxistext-minor yaxistext-minor-extra'>15:30\n<\/div><\/div><\/div><div id = 'time_0' name='visible_61' data-day='0' class='yaxis time_all time_0' data-time='1540' style='top: 1211px; display: block;'>\n                <div class='yaxistime yaxistime-extra'>&nbsp;<\/div><\/div><div id = 'time_0' name='visible_62' data-day='0' class='yaxis time_all time_0' data-time='1548' style='top: 1231px; display: block;'>\n                <div class='yaxistime yaxistime-extra'>&nbsp;<\/div><\/div><div id = 'time_0' name='visible_63' data-day='0' class='yaxis time_all time_0' data-time='1556' style='top: 1251px; display: block;'>\n                <div class='yaxistime yaxistime-extra'>&nbsp;<\/div><\/div><div id='time_0' name='visible_64' data-day='0' class='yaxis major time_all time_0  data-time='1600' style='top: 1261px; display: block;'>\n                <div class='yaxistime yaxistime-extra'><div class='yaxistext yaxistext-extra'>16:00\n<\/div><\/div><\/div><div id = 'time_0' name='visible_65' data-day='0' class='yaxis time_all time_0' data-time='1608' style='top: 1281px; display: block;'>\n                <div class='yaxistime yaxistime-extra'>&nbsp;<\/div><\/div><div id = 'time_0' name='visible_66' data-day='0' class='yaxis time_all time_0' data-time='1616' style='top: 1301px; display: block;'>\n                <div class='yaxistime yaxistime-extra'>&nbsp;<\/div><\/div><div id = 'time_0' name='visible_67' data-day='0' class='yaxis time_all time_0' data-time='1624' style='top: 1321px; display: block;'>\n                <div class='yaxistime yaxistime-extra'>&nbsp;<\/div><\/div><div id='time_0' name='visible_68' data-day='0' class='yaxis time_all time_0' data-time='1632' style='top: 1341px; display: block;'>\n                <div class='yaxistime yaxistime-extra half-hour'><div class='yaxistext-minor yaxistext-minor-extra'>16:30\n<\/div><\/div><\/div><div id = 'time_0' name='visible_69' data-day='0' class='yaxis time_all time_0' data-time='1640' style='top: 1361px; display: block;'>\n                <div class='yaxistime yaxistime-extra'>&nbsp;<\/div><\/div><div id = 'time_0' name='visible_70' data-day='0' class='yaxis time_all time_0' data-time='1648' style='top: 1381px; display: block;'>\n                <div class='yaxistime yaxistime-extra'>&nbsp;<\/div><\/div><div id = 'time_0' name='visible_71' data-day='0' class='yaxis time_all time_0' data-time='1656' style='top: 1401px; display: block;'>\n                <div class='yaxistime yaxistime-extra'>&nbsp;<\/div><\/div><div id='time_0' name='visible_72' data-day='0' class='yaxis major time_all time_0  data-time='1700' style='top: 1411px; display: block;'>\n                <div class='yaxistime yaxistime-extra'><div class='yaxistext yaxistext-extra'>17:00\n<\/div><\/div><\/div><div id = 'time_0' name='visible_73' data-day='0' class='yaxis time_all time_0' data-time='1708' style='top: 1431px; display: block;'>\n                <div class='yaxistime yaxistime-extra'>&nbsp;<\/div><\/div><div id = 'time_0' name='visible_74' data-day='0' class='yaxis time_all time_0' data-time='1716' style='top: 1451px; display: block;'>\n                <div class='yaxistime yaxistime-extra'>&nbsp;<\/div><\/div><div id = 'time_0' name='visible_75' data-day='0' class='yaxis time_all time_0' data-time='1724' style='top: 1471px; display: block;'>\n                <div class='yaxistime yaxistime-extra'>&nbsp;<\/div><\/div><div id='time_0' name='visible_76' data-day='0' class='yaxis time_all time_0' data-time='1732' style='top: 1491px; display: block;'>\n                <div class='yaxistime yaxistime-extra half-hour'><div class='yaxistext-minor yaxistext-minor-extra'>17:30\n<\/div><\/div><\/div><div id = 'time_0' name='visible_77' data-day='0' class='yaxis time_all time_0' data-time='1740' style='top: 1511px; display: block;'>\n                <div class='yaxistime yaxistime-extra'>&nbsp;<\/div><\/div><div id = 'time_0' name='visible_78' data-day='0' class='yaxis time_all time_0' data-time='1748' style='top: 1531px; display: block;'>\n                <div class='yaxistime yaxistime-extra'>&nbsp;<\/div><\/div><div id = 'time_0' name='visible_79' data-day='0' class='yaxis time_all time_0' data-time='1756' style='top: 1551px; display: block;'>\n                <div class='yaxistime yaxistime-extra'>&nbsp;<\/div><\/div><div id='time_0' name='visible_80' data-day='0' class='yaxis major time_all time_0  data-time='1800' style='top: 1561px; display: block;'>\n                <div class='yaxistime yaxistime-extra'><div class='yaxistext yaxistext-extra'>18:00\n<\/div><\/div><\/div><div id = 'time_0' name='visible_81' data-day='0' class='yaxis time_all time_0' data-time='1808' style='top: 1581px; display: block;'>\n                <div class='yaxistime yaxistime-extra'>&nbsp;<\/div><\/div><div id = 'time_0' name='visible_82' data-day='0' class='yaxis time_all time_0' data-time='1816' style='top: 1601px; display: block;'>\n                <div class='yaxistime yaxistime-extra'>&nbsp;<\/div><\/div><div id = 'time_0' name='visible_83' data-day='0' class='yaxis time_all time_0' data-time='1824' style='top: 1621px; display: block;'>\n                <div class='yaxistime yaxistime-extra'>&nbsp;<\/div><\/div><div id='time_0' name='visible_84' data-day='0' class='yaxis time_all time_0' data-time='1832' style='top: 1641px; display: block;'>\n                <div class='yaxistime yaxistime-extra half-hour'><div class='yaxistext-minor yaxistext-minor-extra'>18:30\n<\/div><\/div><\/div><div id = 'time_0' name='visible_85' data-day='0' class='yaxis time_all time_0' data-time='1840' style='top: 1661px; display: block;'>\n                <div class='yaxistime yaxistime-extra'>&nbsp;<\/div><\/div><div id = 'time_0' name='visible_86' data-day='0' class='yaxis time_all time_0' data-time='1848' style='top: 1681px; display: block;'>\n                <div class='yaxistime yaxistime-extra'>&nbsp;<\/div><\/div><div id = 'time_0' name='visible_87' data-day='0' class='yaxis time_all time_0' data-time='1856' style='top: 1701px; display: block;'>\n                <div class='yaxistime yaxistime-extra'>&nbsp;<\/div><\/div><div id='time_0' name='visible_88' data-day='0' class='yaxis major time_all time_0  data-time='1900' style='top: 1711px; display: block;'>\n                <div class='yaxistime yaxistime-extra'><div class='yaxistext yaxistext-extra'>19:00\n<\/div><\/div><\/div><div id = 'time_0' name='visible_89' data-day='0' class='yaxis time_all time_0' data-time='1908' style='top: 1731px; display: block;'>\n                <div class='yaxistime yaxistime-extra'>&nbsp;<\/div><\/div><div id = 'time_0' name='visible_90' data-day='0' class='yaxis time_all time_0' data-time='1916' style='top: 1751px; display: block;'>\n                <div class='yaxistime yaxistime-extra'>&nbsp;<\/div><\/div><div id = 'time_0' name='visible_91' data-day='0' class='yaxis time_all time_0' data-time='1924' style='top: 1771px; display: block;'>\n                <div class='yaxistime yaxistime-extra'>&nbsp;<\/div><\/div><div id='time_0' name='visible_92' data-day='0' class='yaxis time_all time_0' data-time='1932' style='top: 1791px; display: block;'>\n                <div class='yaxistime yaxistime-extra half-hour'><div class='yaxistext-minor yaxistext-minor-extra'>19:30\n<\/div><\/div><\/div><div id = 'time_0' name='visible_93' data-day='0' class='yaxis time_all time_0' data-time='1940' style='top: 1811px; display: block;'>\n                <div class='yaxistime yaxistime-extra'>&nbsp;<\/div><\/div><div id = 'time_0' name='visible_94' data-day='0' class='yaxis time_all time_0' data-time='1948' style='top: 1831px; display: block;'>\n                <div class='yaxistime yaxistime-extra'>&nbsp;<\/div><\/div><div id = 'time_0' name='visible_95' data-day='0' class='yaxis time_all time_0' data-time='1956' style='top: 1851px; display: block;'>\n                <div class='yaxistime yaxistime-extra'>&nbsp;<\/div><\/div><div id='time_1' name='visible_96' data-day='1' class='yaxis major time_all time_1  data-time='0700' style='top: 61px; display: none;'>\n                <div class='yaxistime yaxistime-extra'><div class='yaxistext yaxistext-extra'>07:00\n<\/div><\/div><\/div><div id = 'time_1' name='visible_97' data-day='1' class='yaxis time_all time_1' data-time='0708' style='top: 81px; display: none;'>\n                <div class='yaxistime yaxistime-extra'>&nbsp;<\/div><\/div><div id = 'time_1' name='visible_98' data-day='1' class='yaxis time_all time_1' data-time='0716' style='top: 101px; display: none;'>\n                <div class='yaxistime yaxistime-extra'>&nbsp;<\/div><\/div><div id = 'time_1' name='visible_99' data-day='1' class='yaxis time_all time_1' data-time='0724' style='top: 121px; display: none;'>\n                <div class='yaxistime yaxistime-extra'>&nbsp;<\/div><\/div><div id='time_1' name='visible_100' data-day='1' class='yaxis time_all time_1' data-time='0732' style='top: 141px; display: none;'>\n                <div class='yaxistime yaxistime-extra half-hour'><div class='yaxistext-minor yaxistext-minor-extra'>07:30\n<\/div><\/div><\/div><div id = 'time_1' name='visible_101' data-day='1' class='yaxis time_all time_1' data-time='0740' style='top: 161px; display: none;'>\n                <div class='yaxistime yaxistime-extra'>&nbsp;<\/div><\/div><div id = 'time_1' name='visible_102' data-day='1' class='yaxis time_all time_1' data-time='0748' style='top: 181px; display: none;'>\n                <div class='yaxistime yaxistime-extra'>&nbsp;<\/div><\/div><div id = 'time_1' name='visible_103' data-day='1' class='yaxis time_all time_1' data-time='0756' style='top: 201px; display: none;'>\n                <div class='yaxistime yaxistime-extra'>&nbsp;<\/div><\/div><div id='time_1' name='visible_104' data-day='1' class='yaxis major time_all time_1  data-time='0800' style='top: 211px; display: none;'>\n                <div class='yaxistime yaxistime-extra'><div class='yaxistext yaxistext-extra'>08:00\n<\/div><\/div><\/div><div id = 'time_1' name='visible_105' data-day='1' class='yaxis time_all time_1' data-time='0808' style='top: 231px; display: none;'>\n                <div class='yaxistime yaxistime-extra'>&nbsp;<\/div><\/div><div id = 'time_1' name='visible_106' data-day='1' class='yaxis time_all time_1' data-time='0816' style='top: 251px; display: none;'>\n                <div class='yaxistime yaxistime-extra'>&nbsp;<\/div><\/div><div id = 'time_1' name='visible_107' data-day='1' class='yaxis time_all time_1' data-time='0824' style='top: 271px; display: none;'>\n                <div class='yaxistime yaxistime-extra'>&nbsp;<\/div><\/div><div id='time_1' name='visible_108' data-day='1' class='yaxis time_all time_1' data-time='0832' style='top: 291px; display: none;'>\n                <div class='yaxistime yaxistime-extra half-hour'><div class='yaxistext-minor yaxistext-minor-extra'>08:30\n<\/div><\/div><\/div><div id = 'time_1' name='visible_109' data-day='1' class='yaxis time_all time_1' data-time='0840' style='top: 311px; display: none;'>\n                <div class='yaxistime yaxistime-extra'>&nbsp;<\/div><\/div><div id = 'time_1' name='visible_110' data-day='1' class='yaxis time_all time_1' data-time='0848' style='top: 331px; display: none;'>\n                <div class='yaxistime yaxistime-extra'>&nbsp;<\/div><\/div><div id = 'time_1' name='visible_111' data-day='1' class='yaxis time_all time_1' data-time='0856' style='top: 351px; display: none;'>\n                <div class='yaxistime yaxistime-extra'>&nbsp;<\/div><\/div><div id='time_1' name='visible_112' data-day='1' class='yaxis major time_all time_1  data-time='0900' style='top: 361px; display: none;'>\n                <div class='yaxistime yaxistime-extra'><div class='yaxistext yaxistext-extra'>09:00\n<\/div><\/div><\/div><div id = 'time_1' name='visible_113' data-day='1' class='yaxis time_all time_1' data-time='0908' style='top: 381px; display: none;'>\n                <div class='yaxistime yaxistime-extra'>&nbsp;<\/div><\/div><div id = 'time_1' name='visible_114' data-day='1' class='yaxis time_all time_1' data-time='0916' style='top: 401px; display: none;'>\n                <div class='yaxistime yaxistime-extra'>&nbsp;<\/div><\/div><div id = 'time_1' name='visible_115' data-day='1' class='yaxis time_all time_1' data-time='0924' style='top: 421px; display: none;'>\n                <div class='yaxistime yaxistime-extra'>&nbsp;<\/div><\/div><div id='time_1' name='visible_116' data-day='1' class='yaxis time_all time_1' data-time='0932' style='top: 441px; display: none;'>\n                <div class='yaxistime yaxistime-extra half-hour'><div class='yaxistext-minor yaxistext-minor-extra'>09:30\n<\/div><\/div><\/div><div id = 'time_1' name='visible_117' data-day='1' class='yaxis time_all time_1' data-time='0940' style='top: 461px; display: none;'>\n                <div class='yaxistime yaxistime-extra'>&nbsp;<\/div><\/div><div id = 'time_1' name='visible_118' data-day='1' class='yaxis time_all time_1' data-time='0948' style='top: 481px; display: none;'>\n                <div class='yaxistime yaxistime-extra'>&nbsp;<\/div><\/div><div id = 'time_1' name='visible_119' data-day='1' class='yaxis time_all time_1' data-time='0956' style='top: 501px; display: none;'>\n                <div class='yaxistime yaxistime-extra'>&nbsp;<\/div><\/div><div id='time_1' name='visible_120' data-day='1' class='yaxis major time_all time_1  data-time='1000' style='top: 511px; display: none;'>\n                <div class='yaxistime yaxistime-extra'><div class='yaxistext yaxistext-extra'>10:00\n<\/div><\/div><\/div><div id = 'time_1' name='visible_121' data-day='1' class='yaxis time_all time_1' data-time='1008' style='top: 531px; display: none;'>\n                <div class='yaxistime yaxistime-extra'>&nbsp;<\/div><\/div><div id = 'time_1' name='visible_122' data-day='1' class='yaxis time_all time_1' data-time='1016' style='top: 551px; display: none;'>\n                <div class='yaxistime yaxistime-extra'>&nbsp;<\/div><\/div><div id = 'time_1' name='visible_123' data-day='1' class='yaxis time_all time_1' data-time='1024' style='top: 571px; display: none;'>\n                <div class='yaxistime yaxistime-extra'>&nbsp;<\/div><\/div><div id='time_1' name='visible_124' data-day='1' class='yaxis time_all time_1' data-time='1032' style='top: 591px; display: none;'>\n                <div class='yaxistime yaxistime-extra half-hour'><div class='yaxistext-minor yaxistext-minor-extra'>10:30\n<\/div><\/div><\/div><div id = 'time_1' name='visible_125' data-day='1' class='yaxis time_all time_1' data-time='1040' style='top: 611px; display: none;'>\n                <div class='yaxistime yaxistime-extra'>&nbsp;<\/div><\/div><div id = 'time_1' name='visible_126' data-day='1' class='yaxis time_all time_1' data-time='1048' style='top: 631px; display: none;'>\n                <div class='yaxistime yaxistime-extra'>&nbsp;<\/div><\/div><div id = 'time_1' name='visible_127' data-day='1' class='yaxis time_all time_1' data-time='1056' style='top: 651px; display: none;'>\n                <div class='yaxistime yaxistime-extra'>&nbsp;<\/div><\/div><div id='time_1' name='visible_128' data-day='1' class='yaxis major time_all time_1  data-time='1100' style='top: 661px; display: none;'>\n                <div class='yaxistime yaxistime-extra'><div class='yaxistext yaxistext-extra'>11:00\n<\/div><\/div><\/div><div id = 'time_1' name='visible_129' data-day='1' class='yaxis time_all time_1' data-time='1108' style='top: 681px; display: none;'>\n                <div class='yaxistime yaxistime-extra'>&nbsp;<\/div><\/div><div id = 'time_1' name='visible_130' data-day='1' class='yaxis time_all time_1' data-time='1116' style='top: 701px; display: none;'>\n                <div class='yaxistime yaxistime-extra'>&nbsp;<\/div><\/div><div id = 'time_1' name='visible_131' data-day='1' class='yaxis time_all time_1' data-time='1124' style='top: 721px; display: none;'>\n                <div class='yaxistime yaxistime-extra'>&nbsp;<\/div><\/div><div id='time_1' name='visible_132' data-day='1' class='yaxis time_all time_1' data-time='1132' style='top: 741px; display: none;'>\n                <div class='yaxistime yaxistime-extra half-hour'><div class='yaxistext-minor yaxistext-minor-extra'>11:30\n<\/div><\/div><\/div><div id = 'time_1' name='visible_133' data-day='1' class='yaxis time_all time_1' data-time='1140' style='top: 761px; display: none;'>\n                <div class='yaxistime yaxistime-extra'>&nbsp;<\/div><\/div><div id = 'time_1' name='visible_134' data-day='1' class='yaxis time_all time_1' data-time='1148' style='top: 781px; display: none;'>\n                <div class='yaxistime yaxistime-extra'>&nbsp;<\/div><\/div><div id = 'time_1' name='visible_135' data-day='1' class='yaxis time_all time_1' data-time='1156' style='top: 801px; display: none;'>\n                <div class='yaxistime yaxistime-extra'>&nbsp;<\/div><\/div><div id='time_1' name='visible_136' data-day='1' class='yaxis major time_all time_1  data-time='1200' style='top: 811px; display: none;'>\n                <div class='yaxistime yaxistime-extra'><div class='yaxistext yaxistext-extra'>12:00\n<\/div><\/div><\/div><div id = 'time_1' name='visible_137' data-day='1' class='yaxis time_all time_1' data-time='1208' style='top: 831px; display: none;'>\n                <div class='yaxistime yaxistime-extra'>&nbsp;<\/div><\/div><div id = 'time_1' name='visible_138' data-day='1' class='yaxis time_all time_1' data-time='1216' style='top: 851px; display: none;'>\n                <div class='yaxistime yaxistime-extra'>&nbsp;<\/div><\/div><div id = 'time_1' name='visible_139' data-day='1' class='yaxis time_all time_1' data-time='1224' style='top: 871px; display: none;'>\n                <div class='yaxistime yaxistime-extra'>&nbsp;<\/div><\/div><div id='time_1' name='visible_140' data-day='1' class='yaxis time_all time_1' data-time='1232' style='top: 891px; display: none;'>\n                <div class='yaxistime yaxistime-extra half-hour'><div class='yaxistext-minor yaxistext-minor-extra'>12:30\n<\/div><\/div><\/div><div id = 'time_1' name='visible_141' data-day='1' class='yaxis time_all time_1' data-time='1240' style='top: 911px; display: none;'>\n                <div class='yaxistime yaxistime-extra'>&nbsp;<\/div><\/div><div id = 'time_1' name='visible_142' data-day='1' class='yaxis time_all time_1' data-time='1248' style='top: 931px; display: none;'>\n                <div class='yaxistime yaxistime-extra'>&nbsp;<\/div><\/div><div id = 'time_1' name='visible_143' data-day='1' class='yaxis time_all time_1' data-time='1256' style='top: 951px; display: none;'>\n                <div class='yaxistime yaxistime-extra'>&nbsp;<\/div><\/div><div id='time_1' name='visible_144' data-day='1' class='yaxis major time_all time_1  data-time='1300' style='top: 961px; display: none;'>\n                <div class='yaxistime yaxistime-extra'><div class='yaxistext yaxistext-extra'>13:00\n<\/div><\/div><\/div><div id = 'time_1' name='visible_145' data-day='1' class='yaxis time_all time_1' data-time='1308' style='top: 981px; display: none;'>\n                <div class='yaxistime yaxistime-extra'>&nbsp;<\/div><\/div><div id = 'time_1' name='visible_146' data-day='1' class='yaxis time_all time_1' data-time='1316' style='top: 1001px; display: none;'>\n                <div class='yaxistime yaxistime-extra'>&nbsp;<\/div><\/div><div id = 'time_1' name='visible_147' data-day='1' class='yaxis time_all time_1' data-time='1324' style='top: 1021px; display: none;'>\n                <div class='yaxistime yaxistime-extra'>&nbsp;<\/div><\/div><div id='time_1' name='visible_148' data-day='1' class='yaxis time_all time_1' data-time='1332' style='top: 1041px; display: none;'>\n                <div class='yaxistime yaxistime-extra half-hour'><div class='yaxistext-minor yaxistext-minor-extra'>13:30\n<\/div><\/div><\/div><div id = 'time_1' name='visible_149' data-day='1' class='yaxis time_all time_1' data-time='1340' style='top: 1061px; display: none;'>\n                <div class='yaxistime yaxistime-extra'>&nbsp;<\/div><\/div><div id = 'time_1' name='visible_150' data-day='1' class='yaxis time_all time_1' data-time='1348' style='top: 1081px; display: none;'>\n                <div class='yaxistime yaxistime-extra'>&nbsp;<\/div><\/div><div id = 'time_1' name='visible_151' data-day='1' class='yaxis time_all time_1' data-time='1356' style='top: 1101px; display: none;'>\n                <div class='yaxistime yaxistime-extra'>&nbsp;<\/div><\/div><div id='time_1' name='visible_152' data-day='1' class='yaxis major time_all time_1  data-time='1400' style='top: 1111px; display: none;'>\n                <div class='yaxistime yaxistime-extra'><div class='yaxistext yaxistext-extra'>14:00\n<\/div><\/div><\/div><div id = 'time_1' name='visible_153' data-day='1' class='yaxis time_all time_1' data-time='1408' style='top: 1131px; display: none;'>\n                <div class='yaxistime yaxistime-extra'>&nbsp;<\/div><\/div><div id = 'time_1' name='visible_154' data-day='1' class='yaxis time_all time_1' data-time='1416' style='top: 1151px; display: none;'>\n                <div class='yaxistime yaxistime-extra'>&nbsp;<\/div><\/div><div id = 'time_1' name='visible_155' data-day='1' class='yaxis time_all time_1' data-time='1424' style='top: 1171px; display: none;'>\n                <div class='yaxistime yaxistime-extra'>&nbsp;<\/div><\/div><div id='time_1' name='visible_156' data-day='1' class='yaxis time_all time_1' data-time='1432' style='top: 1191px; display: none;'>\n                <div class='yaxistime yaxistime-extra half-hour'><div class='yaxistext-minor yaxistext-minor-extra'>14:30\n<\/div><\/div><\/div><div id = 'time_1' name='visible_157' data-day='1' class='yaxis time_all time_1' data-time='1440' style='top: 1211px; display: none;'>\n                <div class='yaxistime yaxistime-extra'>&nbsp;<\/div><\/div><div id = 'time_1' name='visible_158' data-day='1' class='yaxis time_all time_1' data-time='1448' style='top: 1231px; display: none;'>\n                <div class='yaxistime yaxistime-extra'>&nbsp;<\/div><\/div><div id = 'time_1' name='visible_159' data-day='1' class='yaxis time_all time_1' data-time='1456' style='top: 1251px; display: none;'>\n                <div class='yaxistime yaxistime-extra'>&nbsp;<\/div><\/div><div id='time_1' name='visible_160' data-day='1' class='yaxis major time_all time_1  data-time='1500' style='top: 1261px; display: none;'>\n                <div class='yaxistime yaxistime-extra'><div class='yaxistext yaxistext-extra'>15:00\n<\/div><\/div><\/div><div id = 'time_1' name='visible_161' data-day='1' class='yaxis time_all time_1' data-time='1508' style='top: 1281px; display: none;'>\n                <div class='yaxistime yaxistime-extra'>&nbsp;<\/div><\/div><div id = 'time_1' name='visible_162' data-day='1' class='yaxis time_all time_1' data-time='1516' style='top: 1301px; display: none;'>\n                <div class='yaxistime yaxistime-extra'>&nbsp;<\/div><\/div><div id = 'time_1' name='visible_163' data-day='1' class='yaxis time_all time_1' data-time='1524' style='top: 1321px; display: none;'>\n                <div class='yaxistime yaxistime-extra'>&nbsp;<\/div><\/div><div id='time_1' name='visible_164' data-day='1' class='yaxis time_all time_1' data-time='1532' style='top: 1341px; display: none;'>\n                <div class='yaxistime yaxistime-extra half-hour'><div class='yaxistext-minor yaxistext-minor-extra'>15:30\n<\/div><\/div><\/div><div id = 'time_1' name='visible_165' data-day='1' class='yaxis time_all time_1' data-time='1540' style='top: 1361px; display: none;'>\n                <div class='yaxistime yaxistime-extra'>&nbsp;<\/div><\/div><div id = 'time_1' name='visible_166' data-day='1' class='yaxis time_all time_1' data-time='1548' style='top: 1381px; display: none;'>\n                <div class='yaxistime yaxistime-extra'>&nbsp;<\/div><\/div><div id = 'time_1' name='visible_167' data-day='1' class='yaxis time_all time_1' data-time='1556' style='top: 1401px; display: none;'>\n                <div class='yaxistime yaxistime-extra'>&nbsp;<\/div><\/div><div id='time_1' name='visible_168' data-day='1' class='yaxis major time_all time_1  data-time='1600' style='top: 1411px; display: none;'>\n                <div class='yaxistime yaxistime-extra'><div class='yaxistext yaxistext-extra'>16:00\n<\/div><\/div><\/div><div id = 'time_1' name='visible_169' data-day='1' class='yaxis time_all time_1' data-time='1608' style='top: 1431px; display: none;'>\n                <div class='yaxistime yaxistime-extra'>&nbsp;<\/div><\/div><div id = 'time_1' name='visible_170' data-day='1' class='yaxis time_all time_1' data-time='1616' style='top: 1451px; display: none;'>\n                <div class='yaxistime yaxistime-extra'>&nbsp;<\/div><\/div><div id = 'time_1' name='visible_171' data-day='1' class='yaxis time_all time_1' data-time='1624' style='top: 1471px; display: none;'>\n                <div class='yaxistime yaxistime-extra'>&nbsp;<\/div><\/div><div id='time_1' name='visible_172' data-day='1' class='yaxis time_all time_1' data-time='1632' style='top: 1491px; display: none;'>\n                <div class='yaxistime yaxistime-extra half-hour'><div class='yaxistext-minor yaxistext-minor-extra'>16:30\n<\/div><\/div><\/div><div id = 'time_1' name='visible_173' data-day='1' class='yaxis time_all time_1' data-time='1640' style='top: 1511px; display: none;'>\n                <div class='yaxistime yaxistime-extra'>&nbsp;<\/div><\/div><div id = 'time_1' name='visible_174' data-day='1' class='yaxis time_all time_1' data-time='1648' style='top: 1531px; display: none;'>\n                <div class='yaxistime yaxistime-extra'>&nbsp;<\/div><\/div><div id = 'time_1' name='visible_175' data-day='1' class='yaxis time_all time_1' data-time='1656' style='top: 1551px; display: none;'>\n                <div class='yaxistime yaxistime-extra'>&nbsp;<\/div><\/div><div id='time_1' name='visible_176' data-day='1' class='yaxis major time_all time_1  data-time='1700' style='top: 1561px; display: none;'>\n                <div class='yaxistime yaxistime-extra'><div class='yaxistext yaxistext-extra'>17:00\n<\/div><\/div><\/div><div id = 'time_1' name='visible_177' data-day='1' class='yaxis time_all time_1' data-time='1708' style='top: 1581px; display: none;'>\n                <div class='yaxistime yaxistime-extra'>&nbsp;<\/div><\/div><div id = 'time_1' name='visible_178' data-day='1' class='yaxis time_all time_1' data-time='1716' style='top: 1601px; display: none;'>\n                <div class='yaxistime yaxistime-extra'>&nbsp;<\/div><\/div><div id = 'time_1' name='visible_179' data-day='1' class='yaxis time_all time_1' data-time='1724' style='top: 1621px; display: none;'>\n                <div class='yaxistime yaxistime-extra'>&nbsp;<\/div><\/div><div id='time_1' name='visible_180' data-day='1' class='yaxis time_all time_1' data-time='1732' style='top: 1641px; display: none;'>\n                <div class='yaxistime yaxistime-extra half-hour'><div class='yaxistext-minor yaxistext-minor-extra'>17:30\n<\/div><\/div><\/div><div id = 'time_1' name='visible_181' data-day='1' class='yaxis time_all time_1' data-time='1740' style='top: 1661px; display: none;'>\n                <div class='yaxistime yaxistime-extra'>&nbsp;<\/div><\/div><div id = 'time_1' name='visible_182' data-day='1' class='yaxis time_all time_1' data-time='1748' style='top: 1681px; display: none;'>\n                <div class='yaxistime yaxistime-extra'>&nbsp;<\/div><\/div><div id = 'time_1' name='visible_183' data-day='1' class='yaxis time_all time_1' data-time='1756' style='top: 1701px; display: none;'>\n                <div class='yaxistime yaxistime-extra'>&nbsp;<\/div><\/div><div id='time_1' name='visible_184' data-day='1' class='yaxis major time_all time_1  data-time='1800' style='top: 1711px; display: none;'>\n                <div class='yaxistime yaxistime-extra'><div class='yaxistext yaxistext-extra'>18:00\n<\/div><\/div><\/div><div id = 'time_1' name='visible_185' data-day='1' class='yaxis time_all time_1' data-time='1808' style='top: 1731px; display: none;'>\n                <div class='yaxistime yaxistime-extra'>&nbsp;<\/div><\/div><div id = 'time_1' name='visible_186' data-day='1' class='yaxis time_all time_1' data-time='1816' style='top: 1751px; display: none;'>\n                <div class='yaxistime yaxistime-extra'>&nbsp;<\/div><\/div><div id = 'time_1' name='visible_187' data-day='1' class='yaxis time_all time_1' data-time='1824' style='top: 1771px; display: none;'>\n                <div class='yaxistime yaxistime-extra'>&nbsp;<\/div><\/div><div id='time_1' name='visible_188' data-day='1' class='yaxis time_all time_1' data-time='1832' style='top: 1791px; display: none;'>\n                <div class='yaxistime yaxistime-extra half-hour'><div class='yaxistext-minor yaxistext-minor-extra'>18:30\n<\/div><\/div><\/div><div id = 'time_1' name='visible_189' data-day='1' class='yaxis time_all time_1' data-time='1840' style='top: 1811px; display: none;'>\n                <div class='yaxistime yaxistime-extra'>&nbsp;<\/div><\/div><div id = 'time_1' name='visible_190' data-day='1' class='yaxis time_all time_1' data-time='1848' style='top: 1831px; display: none;'>\n                <div class='yaxistime yaxistime-extra'>&nbsp;<\/div><\/div><div id = 'time_1' name='visible_191' data-day='1' class='yaxis time_all time_1' data-time='1856' style='top: 1851px; display: none;'>\n                <div class='yaxistime yaxistime-extra'>&nbsp;<\/div><\/div><div id='time_1' name='visible_192' data-day='1' class='yaxis major time_all time_1  data-time='1900' style='top: 1861px; display: none;'>\n                <div class='yaxistime yaxistime-extra'><div class='yaxistext yaxistext-extra'>19:00\n<\/div><\/div><\/div><div id = 'time_1' name='visible_193' data-day='1' class='yaxis time_all time_1' data-time='1908' style='top: 1881px; display: none;'>\n                <div class='yaxistime yaxistime-extra'>&nbsp;<\/div><\/div><div id = 'time_1' name='visible_194' data-day='1' class='yaxis time_all time_1' data-time='1916' style='top: 1901px; display: none;'>\n                <div class='yaxistime yaxistime-extra'>&nbsp;<\/div><\/div><div id = 'time_1' name='visible_195' data-day='1' class='yaxis time_all time_1' data-time='1924' style='top: 1921px; display: none;'>\n                <div class='yaxistime yaxistime-extra'>&nbsp;<\/div><\/div><div id='time_1' name='visible_196' data-day='1' class='yaxis time_all time_1' data-time='1932' style='top: 1941px; display: none;'>\n                <div class='yaxistime yaxistime-extra half-hour'><div class='yaxistext-minor yaxistext-minor-extra'>19:30\n<\/div><\/div><\/div><div id = 'time_1' name='visible_197' data-day='1' class='yaxis time_all time_1' data-time='1940' style='top: 1961px; display: none;'>\n                <div class='yaxistime yaxistime-extra'>&nbsp;<\/div><\/div><div id = 'time_1' name='visible_198' data-day='1' class='yaxis time_all time_1' data-time='1948' style='top: 1981px; display: none;'>\n                <div class='yaxistime yaxistime-extra'>&nbsp;<\/div><\/div><div id = 'time_1' name='visible_199' data-day='1' class='yaxis time_all time_1' data-time='1956' style='top: 2001px; display: none;'>\n                <div class='yaxistime yaxistime-extra'>&nbsp;<\/div><\/div><div id='time_2' name='visible_200' data-day='2' class='yaxis major time_all time_2  data-time='0700' style='top: 61px; display: none;'>\n                <div class='yaxistime yaxistime-extra'><div class='yaxistext yaxistext-extra'>07:00\n<\/div><\/div><\/div><div id = 'time_2' name='visible_201' data-day='2' class='yaxis time_all time_2' data-time='0708' style='top: 81px; display: none;'>\n                <div class='yaxistime yaxistime-extra'>&nbsp;<\/div><\/div><div id = 'time_2' name='visible_202' data-day='2' class='yaxis time_all time_2' data-time='0716' style='top: 101px; display: none;'>\n                <div class='yaxistime yaxistime-extra'>&nbsp;<\/div><\/div><div id = 'time_2' name='visible_203' data-day='2' class='yaxis time_all time_2' data-time='0724' style='top: 121px; display: none;'>\n                <div class='yaxistime yaxistime-extra'>&nbsp;<\/div><\/div><div id='time_2' name='visible_204' data-day='2' class='yaxis time_all time_2' data-time='0732' style='top: 141px; display: none;'>\n                <div class='yaxistime yaxistime-extra half-hour'><div class='yaxistext-minor yaxistext-minor-extra'>07:30\n<\/div><\/div><\/div><div id = 'time_2' name='visible_205' data-day='2' class='yaxis time_all time_2' data-time='0740' style='top: 161px; display: none;'>\n                <div class='yaxistime yaxistime-extra'>&nbsp;<\/div><\/div><div id = 'time_2' name='visible_206' data-day='2' class='yaxis time_all time_2' data-time='0748' style='top: 181px; display: none;'>\n                <div class='yaxistime yaxistime-extra'>&nbsp;<\/div><\/div><div id = 'time_2' name='visible_207' data-day='2' class='yaxis time_all time_2' data-time='0756' style='top: 201px; display: none;'>\n                <div class='yaxistime yaxistime-extra'>&nbsp;<\/div><\/div><div id='time_2' name='visible_208' data-day='2' class='yaxis major time_all time_2  data-time='0800' style='top: 211px; display: none;'>\n                <div class='yaxistime yaxistime-extra'><div class='yaxistext yaxistext-extra'>08:00\n<\/div><\/div><\/div><div id = 'time_2' name='visible_209' data-day='2' class='yaxis time_all time_2' data-time='0808' style='top: 231px; display: none;'>\n                <div class='yaxistime yaxistime-extra'>&nbsp;<\/div><\/div><div id = 'time_2' name='visible_210' data-day='2' class='yaxis time_all time_2' data-time='0816' style='top: 251px; display: none;'>\n                <div class='yaxistime yaxistime-extra'>&nbsp;<\/div><\/div><div id = 'time_2' name='visible_211' data-day='2' class='yaxis time_all time_2' data-time='0824' style='top: 271px; display: none;'>\n                <div class='yaxistime yaxistime-extra'>&nbsp;<\/div><\/div><div id='time_2' name='visible_212' data-day='2' class='yaxis time_all time_2' data-time='0832' style='top: 291px; display: none;'>\n                <div class='yaxistime yaxistime-extra half-hour'><div class='yaxistext-minor yaxistext-minor-extra'>08:30\n<\/div><\/div><\/div><div id = 'time_2' name='visible_213' data-day='2' class='yaxis time_all time_2' data-time='0840' style='top: 311px; display: none;'>\n                <div class='yaxistime yaxistime-extra'>&nbsp;<\/div><\/div><div id = 'time_2' name='visible_214' data-day='2' class='yaxis time_all time_2' data-time='0848' style='top: 331px; display: none;'>\n                <div class='yaxistime yaxistime-extra'>&nbsp;<\/div><\/div><div id = 'time_2' name='visible_215' data-day='2' class='yaxis time_all time_2' data-time='0856' style='top: 351px; display: none;'>\n                <div class='yaxistime yaxistime-extra'>&nbsp;<\/div><\/div><div id='time_2' name='visible_216' data-day='2' class='yaxis major time_all time_2  data-time='0900' style='top: 361px; display: none;'>\n                <div class='yaxistime yaxistime-extra'><div class='yaxistext yaxistext-extra'>09:00\n<\/div><\/div><\/div><div id = 'time_2' name='visible_217' data-day='2' class='yaxis time_all time_2' data-time='0908' style='top: 381px; display: none;'>\n                <div class='yaxistime yaxistime-extra'>&nbsp;<\/div><\/div><div id = 'time_2' name='visible_218' data-day='2' class='yaxis time_all time_2' data-time='0916' style='top: 401px; display: none;'>\n                <div class='yaxistime yaxistime-extra'>&nbsp;<\/div><\/div><div id = 'time_2' name='visible_219' data-day='2' class='yaxis time_all time_2' data-time='0924' style='top: 421px; display: none;'>\n                <div class='yaxistime yaxistime-extra'>&nbsp;<\/div><\/div><div id='time_2' name='visible_220' data-day='2' class='yaxis time_all time_2' data-time='0932' style='top: 441px; display: none;'>\n                <div class='yaxistime yaxistime-extra half-hour'><div class='yaxistext-minor yaxistext-minor-extra'>09:30\n<\/div><\/div><\/div><div id = 'time_2' name='visible_221' data-day='2' class='yaxis time_all time_2' data-time='0940' style='top: 461px; display: none;'>\n                <div class='yaxistime yaxistime-extra'>&nbsp;<\/div><\/div><div id = 'time_2' name='visible_222' data-day='2' class='yaxis time_all time_2' data-time='0948' style='top: 481px; display: none;'>\n                <div class='yaxistime yaxistime-extra'>&nbsp;<\/div><\/div><div id = 'time_2' name='visible_223' data-day='2' class='yaxis time_all time_2' data-time='0956' style='top: 501px; display: none;'>\n                <div class='yaxistime yaxistime-extra'>&nbsp;<\/div><\/div><div id='time_2' name='visible_224' data-day='2' class='yaxis major time_all time_2  data-time='1000' style='top: 511px; display: none;'>\n                <div class='yaxistime yaxistime-extra'><div class='yaxistext yaxistext-extra'>10:00\n<\/div><\/div><\/div><div id = 'time_2' name='visible_225' data-day='2' class='yaxis time_all time_2' data-time='1008' style='top: 531px; display: none;'>\n                <div class='yaxistime yaxistime-extra'>&nbsp;<\/div><\/div><div id = 'time_2' name='visible_226' data-day='2' class='yaxis time_all time_2' data-time='1016' style='top: 551px; display: none;'>\n                <div class='yaxistime yaxistime-extra'>&nbsp;<\/div><\/div><div id = 'time_2' name='visible_227' data-day='2' class='yaxis time_all time_2' data-time='1024' style='top: 571px; display: none;'>\n                <div class='yaxistime yaxistime-extra'>&nbsp;<\/div><\/div><div id='time_2' name='visible_228' data-day='2' class='yaxis time_all time_2' data-time='1032' style='top: 591px; display: none;'>\n                <div class='yaxistime yaxistime-extra half-hour'><div class='yaxistext-minor yaxistext-minor-extra'>10:30\n<\/div><\/div><\/div><div id = 'time_2' name='visible_229' data-day='2' class='yaxis time_all time_2' data-time='1040' style='top: 611px; display: none;'>\n                <div class='yaxistime yaxistime-extra'>&nbsp;<\/div><\/div><div id = 'time_2' name='visible_230' data-day='2' class='yaxis time_all time_2' data-time='1048' style='top: 631px; display: none;'>\n                <div class='yaxistime yaxistime-extra'>&nbsp;<\/div><\/div><div id = 'time_2' name='visible_231' data-day='2' class='yaxis time_all time_2' data-time='1056' style='top: 651px; display: none;'>\n                <div class='yaxistime yaxistime-extra'>&nbsp;<\/div><\/div><div id='time_2' name='visible_232' data-day='2' class='yaxis major time_all time_2  data-time='1100' style='top: 661px; display: none;'>\n                <div class='yaxistime yaxistime-extra'><div class='yaxistext yaxistext-extra'>11:00\n<\/div><\/div><\/div><div id = 'time_2' name='visible_233' data-day='2' class='yaxis time_all time_2' data-time='1108' style='top: 681px; display: none;'>\n                <div class='yaxistime yaxistime-extra'>&nbsp;<\/div><\/div><div id = 'time_2' name='visible_234' data-day='2' class='yaxis time_all time_2' data-time='1116' style='top: 701px; display: none;'>\n                <div class='yaxistime yaxistime-extra'>&nbsp;<\/div><\/div><div id = 'time_2' name='visible_235' data-day='2' class='yaxis time_all time_2' data-time='1124' style='top: 721px; display: none;'>\n                <div class='yaxistime yaxistime-extra'>&nbsp;<\/div><\/div><div id='time_2' name='visible_236' data-day='2' class='yaxis time_all time_2' data-time='1132' style='top: 741px; display: none;'>\n                <div class='yaxistime yaxistime-extra half-hour'><div class='yaxistext-minor yaxistext-minor-extra'>11:30\n<\/div><\/div><\/div><div id = 'time_2' name='visible_237' data-day='2' class='yaxis time_all time_2' data-time='1140' style='top: 761px; display: none;'>\n                <div class='yaxistime yaxistime-extra'>&nbsp;<\/div><\/div><div id = 'time_2' name='visible_238' data-day='2' class='yaxis time_all time_2' data-time='1148' style='top: 781px; display: none;'>\n                <div class='yaxistime yaxistime-extra'>&nbsp;<\/div><\/div><div id = 'time_2' name='visible_239' data-day='2' class='yaxis time_all time_2' data-time='1156' style='top: 801px; display: none;'>\n                <div class='yaxistime yaxistime-extra'>&nbsp;<\/div><\/div><div id='time_2' name='visible_240' data-day='2' class='yaxis major time_all time_2  data-time='1200' style='top: 811px; display: none;'>\n                <div class='yaxistime yaxistime-extra'><div class='yaxistext yaxistext-extra'>12:00\n<\/div><\/div><\/div><div id = 'time_2' name='visible_241' data-day='2' class='yaxis time_all time_2' data-time='1208' style='top: 831px; display: none;'>\n                <div class='yaxistime yaxistime-extra'>&nbsp;<\/div><\/div><div id = 'time_2' name='visible_242' data-day='2' class='yaxis time_all time_2' data-time='1216' style='top: 851px; display: none;'>\n                <div class='yaxistime yaxistime-extra'>&nbsp;<\/div><\/div><div id = 'time_2' name='visible_243' data-day='2' class='yaxis time_all time_2' data-time='1224' style='top: 871px; display: none;'>\n                <div class='yaxistime yaxistime-extra'>&nbsp;<\/div><\/div><div id='time_2' name='visible_244' data-day='2' class='yaxis time_all time_2' data-time='1232' style='top: 891px; display: none;'>\n                <div class='yaxistime yaxistime-extra half-hour'><div class='yaxistext-minor yaxistext-minor-extra'>12:30\n<\/div><\/div><\/div><div id = 'time_2' name='visible_245' data-day='2' class='yaxis time_all time_2' data-time='1240' style='top: 911px; display: none;'>\n                <div class='yaxistime yaxistime-extra'>&nbsp;<\/div><\/div><div id = 'time_2' name='visible_246' data-day='2' class='yaxis time_all time_2' data-time='1248' style='top: 931px; display: none;'>\n                <div class='yaxistime yaxistime-extra'>&nbsp;<\/div><\/div><div id = 'time_2' name='visible_247' data-day='2' class='yaxis time_all time_2' data-time='1256' style='top: 951px; display: none;'>\n                <div class='yaxistime yaxistime-extra'>&nbsp;<\/div><\/div><div id='time_2' name='visible_248' data-day='2' class='yaxis major time_all time_2  data-time='1300' style='top: 961px; display: none;'>\n                <div class='yaxistime yaxistime-extra'><div class='yaxistext yaxistext-extra'>13:00\n<\/div><\/div><\/div><div id = 'time_2' name='visible_249' data-day='2' class='yaxis time_all time_2' data-time='1308' style='top: 981px; display: none;'>\n                <div class='yaxistime yaxistime-extra'>&nbsp;<\/div><\/div><div id = 'time_2' name='visible_250' data-day='2' class='yaxis time_all time_2' data-time='1316' style='top: 1001px; display: none;'>\n                <div class='yaxistime yaxistime-extra'>&nbsp;<\/div><\/div><div id = 'time_2' name='visible_251' data-day='2' class='yaxis time_all time_2' data-time='1324' style='top: 1021px; display: none;'>\n                <div class='yaxistime yaxistime-extra'>&nbsp;<\/div><\/div><div id='time_2' name='visible_252' data-day='2' class='yaxis time_all time_2' data-time='1332' style='top: 1041px; display: none;'>\n                <div class='yaxistime yaxistime-extra half-hour'><div class='yaxistext-minor yaxistext-minor-extra'>13:30\n<\/div><\/div><\/div><div id = 'time_2' name='visible_253' data-day='2' class='yaxis time_all time_2' data-time='1340' style='top: 1061px; display: none;'>\n                <div class='yaxistime yaxistime-extra'>&nbsp;<\/div><\/div><div id = 'time_2' name='visible_254' data-day='2' class='yaxis time_all time_2' data-time='1348' style='top: 1081px; display: none;'>\n                <div class='yaxistime yaxistime-extra'>&nbsp;<\/div><\/div><div id = 'time_2' name='visible_255' data-day='2' class='yaxis time_all time_2' data-time='1356' style='top: 1101px; display: none;'>\n                <div class='yaxistime yaxistime-extra'>&nbsp;<\/div><\/div><div id='time_2' name='visible_256' data-day='2' class='yaxis major time_all time_2  data-time='1400' style='top: 1111px; display: none;'>\n                <div class='yaxistime yaxistime-extra'><div class='yaxistext yaxistext-extra'>14:00\n<\/div><\/div><\/div><div id = 'time_2' name='visible_257' data-day='2' class='yaxis time_all time_2' data-time='1408' style='top: 1131px; display: none;'>\n                <div class='yaxistime yaxistime-extra'>&nbsp;<\/div><\/div><div id = 'time_2' name='visible_258' data-day='2' class='yaxis time_all time_2' data-time='1416' style='top: 1151px; display: none;'>\n                <div class='yaxistime yaxistime-extra'>&nbsp;<\/div><\/div><div id = 'time_2' name='visible_259' data-day='2' class='yaxis time_all time_2' data-time='1424' style='top: 1171px; display: none;'>\n                <div class='yaxistime yaxistime-extra'>&nbsp;<\/div><\/div><div id='time_2' name='visible_260' data-day='2' class='yaxis time_all time_2' data-time='1432' style='top: 1191px; display: none;'>\n                <div class='yaxistime yaxistime-extra half-hour'><div class='yaxistext-minor yaxistext-minor-extra'>14:30\n<\/div><\/div><\/div><div id = 'time_2' name='visible_261' data-day='2' class='yaxis time_all time_2' data-time='1440' style='top: 1211px; display: none;'>\n                <div class='yaxistime yaxistime-extra'>&nbsp;<\/div><\/div><div id = 'time_2' name='visible_262' data-day='2' class='yaxis time_all time_2' data-time='1448' style='top: 1231px; display: none;'>\n                <div class='yaxistime yaxistime-extra'>&nbsp;<\/div><\/div><div id = 'time_2' name='visible_263' data-day='2' class='yaxis time_all time_2' data-time='1456' style='top: 1251px; display: none;'>\n                <div class='yaxistime yaxistime-extra'>&nbsp;<\/div><\/div><div id='time_2' name='visible_264' data-day='2' class='yaxis major time_all time_2  data-time='1500' style='top: 1261px; display: none;'>\n                <div class='yaxistime yaxistime-extra'><div class='yaxistext yaxistext-extra'>15:00\n<\/div><\/div><\/div><div id = 'time_2' name='visible_265' data-day='2' class='yaxis time_all time_2' data-time='1508' style='top: 1281px; display: none;'>\n                <div class='yaxistime yaxistime-extra'>&nbsp;<\/div><\/div><div id = 'time_2' name='visible_266' data-day='2' class='yaxis time_all time_2' data-time='1516' style='top: 1301px; display: none;'>\n                <div class='yaxistime yaxistime-extra'>&nbsp;<\/div><\/div><div id = 'time_2' name='visible_267' data-day='2' class='yaxis time_all time_2' data-time='1524' style='top: 1321px; display: none;'>\n                <div class='yaxistime yaxistime-extra'>&nbsp;<\/div><\/div><div id='time_2' name='visible_268' data-day='2' class='yaxis time_all time_2' data-time='1532' style='top: 1341px; display: none;'>\n                <div class='yaxistime yaxistime-extra half-hour'><div class='yaxistext-minor yaxistext-minor-extra'>15:30\n<\/div><\/div><\/div><div id = 'time_2' name='visible_269' data-day='2' class='yaxis time_all time_2' data-time='1540' style='top: 1361px; display: none;'>\n                <div class='yaxistime yaxistime-extra'>&nbsp;<\/div><\/div><div id = 'time_2' name='visible_270' data-day='2' class='yaxis time_all time_2' data-time='1548' style='top: 1381px; display: none;'>\n                <div class='yaxistime yaxistime-extra'>&nbsp;<\/div><\/div><div id = 'time_2' name='visible_271' data-day='2' class='yaxis time_all time_2' data-time='1556' style='top: 1401px; display: none;'>\n                <div class='yaxistime yaxistime-extra'>&nbsp;<\/div><\/div><div id='time_2' name='visible_272' data-day='2' class='yaxis major time_all time_2  data-time='1600' style='top: 1411px; display: none;'>\n                <div class='yaxistime yaxistime-extra'><div class='yaxistext yaxistext-extra'>16:00\n<\/div><\/div><\/div><div id = 'time_2' name='visible_273' data-day='2' class='yaxis time_all time_2' data-time='1608' style='top: 1431px; display: none;'>\n                <div class='yaxistime yaxistime-extra'>&nbsp;<\/div><\/div><div id = 'time_2' name='visible_274' data-day='2' class='yaxis time_all time_2' data-time='1616' style='top: 1451px; display: none;'>\n                <div class='yaxistime yaxistime-extra'>&nbsp;<\/div><\/div><div id = 'time_2' name='visible_275' data-day='2' class='yaxis time_all time_2' data-time='1624' style='top: 1471px; display: none;'>\n                <div class='yaxistime yaxistime-extra'>&nbsp;<\/div><\/div><div id='time_2' name='visible_276' data-day='2' class='yaxis time_all time_2' data-time='1632' style='top: 1491px; display: none;'>\n                <div class='yaxistime yaxistime-extra half-hour'><div class='yaxistext-minor yaxistext-minor-extra'>16:30\n<\/div><\/div><\/div><div id = 'time_2' name='visible_277' data-day='2' class='yaxis time_all time_2' data-time='1640' style='top: 1511px; display: none;'>\n                <div class='yaxistime yaxistime-extra'>&nbsp;<\/div><\/div><div id = 'time_2' name='visible_278' data-day='2' class='yaxis time_all time_2' data-time='1648' style='top: 1531px; display: none;'>\n                <div class='yaxistime yaxistime-extra'>&nbsp;<\/div><\/div><div id = 'time_2' name='visible_279' data-day='2' class='yaxis time_all time_2' data-time='1656' style='top: 1551px; display: none;'>\n                <div class='yaxistime yaxistime-extra'>&nbsp;<\/div><\/div><div id='time_2' name='visible_280' data-day='2' class='yaxis major time_all time_2  data-time='1700' style='top: 1561px; display: none;'>\n                <div class='yaxistime yaxistime-extra'><div class='yaxistext yaxistext-extra'>17:00\n<\/div><\/div><\/div><div id = 'time_2' name='visible_281' data-day='2' class='yaxis time_all time_2' data-time='1708' style='top: 1581px; display: none;'>\n                <div class='yaxistime yaxistime-extra'>&nbsp;<\/div><\/div><div id = 'time_2' name='visible_282' data-day='2' class='yaxis time_all time_2' data-time='1716' style='top: 1601px; display: none;'>\n                <div class='yaxistime yaxistime-extra'>&nbsp;<\/div><\/div><div id = 'time_2' name='visible_283' data-day='2' class='yaxis time_all time_2' data-time='1724' style='top: 1621px; display: none;'>\n                <div class='yaxistime yaxistime-extra'>&nbsp;<\/div><\/div><div id='time_2' name='visible_284' data-day='2' class='yaxis time_all time_2' data-time='1732' style='top: 1641px; display: none;'>\n                <div class='yaxistime yaxistime-extra half-hour'><div class='yaxistext-minor yaxistext-minor-extra'>17:30\n<\/div><\/div><\/div><div id = 'time_2' name='visible_285' data-day='2' class='yaxis time_all time_2' data-time='1740' style='top: 1661px; display: none;'>\n                <div class='yaxistime yaxistime-extra'>&nbsp;<\/div><\/div><div id = 'time_2' name='visible_286' data-day='2' class='yaxis time_all time_2' data-time='1748' style='top: 1681px; display: none;'>\n                <div class='yaxistime yaxistime-extra'>&nbsp;<\/div><\/div><div id = 'time_2' name='visible_287' data-day='2' class='yaxis time_all time_2' data-time='1756' style='top: 1701px; display: none;'>\n                <div class='yaxistime yaxistime-extra'>&nbsp;<\/div><\/div><div id='time_2' name='visible_288' data-day='2' class='yaxis major time_all time_2  data-time='1800' style='top: 1711px; display: none;'>\n                <div class='yaxistime yaxistime-extra'><div class='yaxistext yaxistext-extra'>18:00\n<\/div><\/div><\/div><div id = 'time_2' name='visible_289' data-day='2' class='yaxis time_all time_2' data-time='1808' style='top: 1731px; display: none;'>\n                <div class='yaxistime yaxistime-extra'>&nbsp;<\/div><\/div><div id = 'time_2' name='visible_290' data-day='2' class='yaxis time_all time_2' data-time='1816' style='top: 1751px; display: none;'>\n                <div class='yaxistime yaxistime-extra'>&nbsp;<\/div><\/div><div id = 'time_2' name='visible_291' data-day='2' class='yaxis time_all time_2' data-time='1824' style='top: 1771px; display: none;'>\n                <div class='yaxistime yaxistime-extra'>&nbsp;<\/div><\/div><div id='time_2' name='visible_292' data-day='2' class='yaxis time_all time_2' data-time='1832' style='top: 1791px; display: none;'>\n                <div class='yaxistime yaxistime-extra half-hour'><div class='yaxistext-minor yaxistext-minor-extra'>18:30\n<\/div><\/div><\/div><div id = 'time_2' name='visible_293' data-day='2' class='yaxis time_all time_2' data-time='1840' style='top: 1811px; display: none;'>\n                <div class='yaxistime yaxistime-extra'>&nbsp;<\/div><\/div><div id = 'time_2' name='visible_294' data-day='2' class='yaxis time_all time_2' data-time='1848' style='top: 1831px; display: none;'>\n                <div class='yaxistime yaxistime-extra'>&nbsp;<\/div><\/div><div id = 'time_2' name='visible_295' data-day='2' class='yaxis time_all time_2' data-time='1856' style='top: 1851px; display: none;'>\n                <div class='yaxistime yaxistime-extra'>&nbsp;<\/div><\/div><div id='time_2' name='visible_296' data-day='2' class='yaxis major time_all time_2  data-time='1900' style='top: 1861px; display: none;'>\n                <div class='yaxistime yaxistime-extra'><div class='yaxistext yaxistext-extra'>19:00\n<\/div><\/div><\/div><div id = 'time_2' name='visible_297' data-day='2' class='yaxis time_all time_2' data-time='1908' style='top: 1881px; display: none;'>\n                <div class='yaxistime yaxistime-extra'>&nbsp;<\/div><\/div><div id = 'time_2' name='visible_298' data-day='2' class='yaxis time_all time_2' data-time='1916' style='top: 1901px; display: none;'>\n                <div class='yaxistime yaxistime-extra'>&nbsp;<\/div><\/div><div id = 'time_2' name='visible_299' data-day='2' class='yaxis time_all time_2' data-time='1924' style='top: 1921px; display: none;'>\n                <div class='yaxistime yaxistime-extra'>&nbsp;<\/div><\/div><div id='time_2' name='visible_300' data-day='2' class='yaxis time_all time_2' data-time='1932' style='top: 1941px; display: none;'>\n                <div class='yaxistime yaxistime-extra half-hour'><div class='yaxistext-minor yaxistext-minor-extra'>19:30\n<\/div><\/div><\/div><div id = 'time_2' name='visible_301' data-day='2' class='yaxis time_all time_2' data-time='1940' style='top: 1961px; display: none;'>\n                <div class='yaxistime yaxistime-extra'>&nbsp;<\/div><\/div><div id = 'time_2' name='visible_302' data-day='2' class='yaxis time_all time_2' data-time='1948' style='top: 1981px; display: none;'>\n                <div class='yaxistime yaxistime-extra'>&nbsp;<\/div><\/div><div id = 'time_2' name='visible_303' data-day='2' class='yaxis time_all time_2' data-time='1956' style='top: 2001px; display: none;'>\n                <div class='yaxistime yaxistime-extra'>&nbsp;<\/div><\/div><div id='time_3' name='visible_304' data-day='3' class='yaxis major time_all time_3  data-time='0700' style='top: 61px; display: none;'>\n                <div class='yaxistime yaxistime-extra'><div class='yaxistext yaxistext-extra'>07:00\n<\/div><\/div><\/div><div id = 'time_3' name='visible_305' data-day='3' class='yaxis time_all time_3' data-time='0708' style='top: 81px; display: none;'>\n                <div class='yaxistime yaxistime-extra'>&nbsp;<\/div><\/div><div id = 'time_3' name='visible_306' data-day='3' class='yaxis time_all time_3' data-time='0716' style='top: 101px; display: none;'>\n                <div class='yaxistime yaxistime-extra'>&nbsp;<\/div><\/div><div id = 'time_3' name='visible_307' data-day='3' class='yaxis time_all time_3' data-time='0724' style='top: 121px; display: none;'>\n                <div class='yaxistime yaxistime-extra'>&nbsp;<\/div><\/div><div id='time_3' name='visible_308' data-day='3' class='yaxis time_all time_3' data-time='0732' style='top: 141px; display: none;'>\n                <div class='yaxistime yaxistime-extra half-hour'><div class='yaxistext-minor yaxistext-minor-extra'>07:30\n<\/div><\/div><\/div><div id = 'time_3' name='visible_309' data-day='3' class='yaxis time_all time_3' data-time='0740' style='top: 161px; display: none;'>\n                <div class='yaxistime yaxistime-extra'>&nbsp;<\/div><\/div><div id = 'time_3' name='visible_310' data-day='3' class='yaxis time_all time_3' data-time='0748' style='top: 181px; display: none;'>\n                <div class='yaxistime yaxistime-extra'>&nbsp;<\/div><\/div><div id = 'time_3' name='visible_311' data-day='3' class='yaxis time_all time_3' data-time='0756' style='top: 201px; display: none;'>\n                <div class='yaxistime yaxistime-extra'>&nbsp;<\/div><\/div><div id='time_3' name='visible_312' data-day='3' class='yaxis major time_all time_3  data-time='0800' style='top: 211px; display: none;'>\n                <div class='yaxistime yaxistime-extra'><div class='yaxistext yaxistext-extra'>08:00\n<\/div><\/div><\/div><div id = 'time_3' name='visible_313' data-day='3' class='yaxis time_all time_3' data-time='0808' style='top: 231px; display: none;'>\n                <div class='yaxistime yaxistime-extra'>&nbsp;<\/div><\/div><div id = 'time_3' name='visible_314' data-day='3' class='yaxis time_all time_3' data-time='0816' style='top: 251px; display: none;'>\n                <div class='yaxistime yaxistime-extra'>&nbsp;<\/div><\/div><div id = 'time_3' name='visible_315' data-day='3' class='yaxis time_all time_3' data-time='0824' style='top: 271px; display: none;'>\n                <div class='yaxistime yaxistime-extra'>&nbsp;<\/div><\/div><div id='time_3' name='visible_316' data-day='3' class='yaxis time_all time_3' data-time='0832' style='top: 291px; display: none;'>\n                <div class='yaxistime yaxistime-extra half-hour'><div class='yaxistext-minor yaxistext-minor-extra'>08:30\n<\/div><\/div><\/div><div id = 'time_3' name='visible_317' data-day='3' class='yaxis time_all time_3' data-time='0840' style='top: 311px; display: none;'>\n                <div class='yaxistime yaxistime-extra'>&nbsp;<\/div><\/div><div id = 'time_3' name='visible_318' data-day='3' class='yaxis time_all time_3' data-time='0848' style='top: 331px; display: none;'>\n                <div class='yaxistime yaxistime-extra'>&nbsp;<\/div><\/div><div id = 'time_3' name='visible_319' data-day='3' class='yaxis time_all time_3' data-time='0856' style='top: 351px; display: none;'>\n                <div class='yaxistime yaxistime-extra'>&nbsp;<\/div><\/div><div id='time_3' name='visible_320' data-day='3' class='yaxis major time_all time_3  data-time='0900' style='top: 361px; display: none;'>\n                <div class='yaxistime yaxistime-extra'><div class='yaxistext yaxistext-extra'>09:00\n<\/div><\/div><\/div><div id = 'time_3' name='visible_321' data-day='3' class='yaxis time_all time_3' data-time='0908' style='top: 381px; display: none;'>\n                <div class='yaxistime yaxistime-extra'>&nbsp;<\/div><\/div><div id = 'time_3' name='visible_322' data-day='3' class='yaxis time_all time_3' data-time='0916' style='top: 401px; display: none;'>\n                <div class='yaxistime yaxistime-extra'>&nbsp;<\/div><\/div><div id = 'time_3' name='visible_323' data-day='3' class='yaxis time_all time_3' data-time='0924' style='top: 421px; display: none;'>\n                <div class='yaxistime yaxistime-extra'>&nbsp;<\/div><\/div><div id='time_3' name='visible_324' data-day='3' class='yaxis time_all time_3' data-time='0932' style='top: 441px; display: none;'>\n                <div class='yaxistime yaxistime-extra half-hour'><div class='yaxistext-minor yaxistext-minor-extra'>09:30\n<\/div><\/div><\/div><div id = 'time_3' name='visible_325' data-day='3' class='yaxis time_all time_3' data-time='0940' style='top: 461px; display: none;'>\n                <div class='yaxistime yaxistime-extra'>&nbsp;<\/div><\/div><div id = 'time_3' name='visible_326' data-day='3' class='yaxis time_all time_3' data-time='0948' style='top: 481px; display: none;'>\n                <div class='yaxistime yaxistime-extra'>&nbsp;<\/div><\/div><div id = 'time_3' name='visible_327' data-day='3' class='yaxis time_all time_3' data-time='0956' style='top: 501px; display: none;'>\n                <div class='yaxistime yaxistime-extra'>&nbsp;<\/div><\/div><div id='time_3' name='visible_328' data-day='3' class='yaxis major time_all time_3  data-time='1000' style='top: 511px; display: none;'>\n                <div class='yaxistime yaxistime-extra'><div class='yaxistext yaxistext-extra'>10:00\n<\/div><\/div><\/div><div id = 'time_3' name='visible_329' data-day='3' class='yaxis time_all time_3' data-time='1008' style='top: 531px; display: none;'>\n                <div class='yaxistime yaxistime-extra'>&nbsp;<\/div><\/div><div id = 'time_3' name='visible_330' data-day='3' class='yaxis time_all time_3' data-time='1016' style='top: 551px; display: none;'>\n                <div class='yaxistime yaxistime-extra'>&nbsp;<\/div><\/div><div id = 'time_3' name='visible_331' data-day='3' class='yaxis time_all time_3' data-time='1024' style='top: 571px; display: none;'>\n                <div class='yaxistime yaxistime-extra'>&nbsp;<\/div><\/div><div id='time_3' name='visible_332' data-day='3' class='yaxis time_all time_3' data-time='1032' style='top: 591px; display: none;'>\n                <div class='yaxistime yaxistime-extra half-hour'><div class='yaxistext-minor yaxistext-minor-extra'>10:30\n<\/div><\/div><\/div><div id = 'time_3' name='visible_333' data-day='3' class='yaxis time_all time_3' data-time='1040' style='top: 611px; display: none;'>\n                <div class='yaxistime yaxistime-extra'>&nbsp;<\/div><\/div><div id = 'time_3' name='visible_334' data-day='3' class='yaxis time_all time_3' data-time='1048' style='top: 631px; display: none;'>\n                <div class='yaxistime yaxistime-extra'>&nbsp;<\/div><\/div><div id = 'time_3' name='visible_335' data-day='3' class='yaxis time_all time_3' data-time='1056' style='top: 651px; display: none;'>\n                <div class='yaxistime yaxistime-extra'>&nbsp;<\/div><\/div><div id='time_3' name='visible_336' data-day='3' class='yaxis major time_all time_3  data-time='1100' style='top: 661px; display: none;'>\n                <div class='yaxistime yaxistime-extra'><div class='yaxistext yaxistext-extra'>11:00\n<\/div><\/div><\/div><div id = 'time_3' name='visible_337' data-day='3' class='yaxis time_all time_3' data-time='1108' style='top: 681px; display: none;'>\n                <div class='yaxistime yaxistime-extra'>&nbsp;<\/div><\/div><div id = 'time_3' name='visible_338' data-day='3' class='yaxis time_all time_3' data-time='1116' style='top: 701px; display: none;'>\n                <div class='yaxistime yaxistime-extra'>&nbsp;<\/div><\/div><div id = 'time_3' name='visible_339' data-day='3' class='yaxis time_all time_3' data-time='1124' style='top: 721px; display: none;'>\n                <div class='yaxistime yaxistime-extra'>&nbsp;<\/div><\/div><div id='time_3' name='visible_340' data-day='3' class='yaxis time_all time_3' data-time='1132' style='top: 741px; display: none;'>\n                <div class='yaxistime yaxistime-extra half-hour'><div class='yaxistext-minor yaxistext-minor-extra'>11:30\n<\/div><\/div><\/div><div id = 'time_3' name='visible_341' data-day='3' class='yaxis time_all time_3' data-time='1140' style='top: 761px; display: none;'>\n                <div class='yaxistime yaxistime-extra'>&nbsp;<\/div><\/div><div id = 'time_3' name='visible_342' data-day='3' class='yaxis time_all time_3' data-time='1148' style='top: 781px; display: none;'>\n                <div class='yaxistime yaxistime-extra'>&nbsp;<\/div><\/div><div id = 'time_3' name='visible_343' data-day='3' class='yaxis time_all time_3' data-time='1156' style='top: 801px; display: none;'>\n                <div class='yaxistime yaxistime-extra'>&nbsp;<\/div><\/div><div id='time_3' name='visible_344' data-day='3' class='yaxis major time_all time_3  data-time='1200' style='top: 811px; display: none;'>\n                <div class='yaxistime yaxistime-extra'><div class='yaxistext yaxistext-extra'>12:00\n<\/div><\/div><\/div><div id = 'time_3' name='visible_345' data-day='3' class='yaxis time_all time_3' data-time='1208' style='top: 831px; display: none;'>\n                <div class='yaxistime yaxistime-extra'>&nbsp;<\/div><\/div><div id = 'time_3' name='visible_346' data-day='3' class='yaxis time_all time_3' data-time='1216' style='top: 851px; display: none;'>\n                <div class='yaxistime yaxistime-extra'>&nbsp;<\/div><\/div><div id = 'time_3' name='visible_347' data-day='3' class='yaxis time_all time_3' data-time='1224' style='top: 871px; display: none;'>\n                <div class='yaxistime yaxistime-extra'>&nbsp;<\/div><\/div><div id='time_3' name='visible_348' data-day='3' class='yaxis time_all time_3' data-time='1232' style='top: 891px; display: none;'>\n                <div class='yaxistime yaxistime-extra half-hour'><div class='yaxistext-minor yaxistext-minor-extra'>12:30\n<\/div><\/div><\/div><div id = 'time_3' name='visible_349' data-day='3' class='yaxis time_all time_3' data-time='1240' style='top: 911px; display: none;'>\n                <div class='yaxistime yaxistime-extra'>&nbsp;<\/div><\/div><div id = 'time_3' name='visible_350' data-day='3' class='yaxis time_all time_3' data-time='1248' style='top: 931px; display: none;'>\n                <div class='yaxistime yaxistime-extra'>&nbsp;<\/div><\/div><div id = 'time_3' name='visible_351' data-day='3' class='yaxis time_all time_3' data-time='1256' style='top: 951px; display: none;'>\n                <div class='yaxistime yaxistime-extra'>&nbsp;<\/div><\/div><div id='time_3' name='visible_352' data-day='3' class='yaxis major time_all time_3  data-time='1300' style='top: 961px; display: none;'>\n                <div class='yaxistime yaxistime-extra'><div class='yaxistext yaxistext-extra'>13:00\n<\/div><\/div><\/div><div id = 'time_3' name='visible_353' data-day='3' class='yaxis time_all time_3' data-time='1308' style='top: 981px; display: none;'>\n                <div class='yaxistime yaxistime-extra'>&nbsp;<\/div><\/div><div id = 'time_3' name='visible_354' data-day='3' class='yaxis time_all time_3' data-time='1316' style='top: 1001px; display: none;'>\n                <div class='yaxistime yaxistime-extra'>&nbsp;<\/div><\/div><div id = 'time_3' name='visible_355' data-day='3' class='yaxis time_all time_3' data-time='1324' style='top: 1021px; display: none;'>\n                <div class='yaxistime yaxistime-extra'>&nbsp;<\/div><\/div><div id='time_3' name='visible_356' data-day='3' class='yaxis time_all time_3' data-time='1332' style='top: 1041px; display: none;'>\n                <div class='yaxistime yaxistime-extra half-hour'><div class='yaxistext-minor yaxistext-minor-extra'>13:30\n<\/div><\/div><\/div><div id = 'time_3' name='visible_357' data-day='3' class='yaxis time_all time_3' data-time='1340' style='top: 1061px; display: none;'>\n                <div class='yaxistime yaxistime-extra'>&nbsp;<\/div><\/div><div id = 'time_3' name='visible_358' data-day='3' class='yaxis time_all time_3' data-time='1348' style='top: 1081px; display: none;'>\n                <div class='yaxistime yaxistime-extra'>&nbsp;<\/div><\/div><div id = 'time_3' name='visible_359' data-day='3' class='yaxis time_all time_3' data-time='1356' style='top: 1101px; display: none;'>\n                <div class='yaxistime yaxistime-extra'>&nbsp;<\/div><\/div><div id='time_3' name='visible_360' data-day='3' class='yaxis major time_all time_3  data-time='1400' style='top: 1111px; display: none;'>\n                <div class='yaxistime yaxistime-extra'><div class='yaxistext yaxistext-extra'>14:00\n<\/div><\/div><\/div><div id = 'time_3' name='visible_361' data-day='3' class='yaxis time_all time_3' data-time='1408' style='top: 1131px; display: none;'>\n                <div class='yaxistime yaxistime-extra'>&nbsp;<\/div><\/div><div id = 'time_3' name='visible_362' data-day='3' class='yaxis time_all time_3' data-time='1416' style='top: 1151px; display: none;'>\n                <div class='yaxistime yaxistime-extra'>&nbsp;<\/div><\/div><div id = 'time_3' name='visible_363' data-day='3' class='yaxis time_all time_3' data-time='1424' style='top: 1171px; display: none;'>\n                <div class='yaxistime yaxistime-extra'>&nbsp;<\/div><\/div><div id='time_3' name='visible_364' data-day='3' class='yaxis time_all time_3' data-time='1432' style='top: 1191px; display: none;'>\n                <div class='yaxistime yaxistime-extra half-hour'><div class='yaxistext-minor yaxistext-minor-extra'>14:30\n<\/div><\/div><\/div><div id = 'time_3' name='visible_365' data-day='3' class='yaxis time_all time_3' data-time='1440' style='top: 1211px; display: none;'>\n                <div class='yaxistime yaxistime-extra'>&nbsp;<\/div><\/div><div id = 'time_3' name='visible_366' data-day='3' class='yaxis time_all time_3' data-time='1448' style='top: 1231px; display: none;'>\n                <div class='yaxistime yaxistime-extra'>&nbsp;<\/div><\/div><div id = 'time_3' name='visible_367' data-day='3' class='yaxis time_all time_3' data-time='1456' style='top: 1251px; display: none;'>\n                <div class='yaxistime yaxistime-extra'>&nbsp;<\/div><\/div><div id='time_3' name='visible_368' data-day='3' class='yaxis major time_all time_3  data-time='1500' style='top: 1261px; display: none;'>\n                <div class='yaxistime yaxistime-extra'><div class='yaxistext yaxistext-extra'>15:00\n<\/div><\/div><\/div><div id = 'time_3' name='visible_369' data-day='3' class='yaxis time_all time_3' data-time='1508' style='top: 1281px; display: none;'>\n                <div class='yaxistime yaxistime-extra'>&nbsp;<\/div><\/div><div id = 'time_3' name='visible_370' data-day='3' class='yaxis time_all time_3' data-time='1516' style='top: 1301px; display: none;'>\n                <div class='yaxistime yaxistime-extra'>&nbsp;<\/div><\/div><div id = 'time_3' name='visible_371' data-day='3' class='yaxis time_all time_3' data-time='1524' style='top: 1321px; display: none;'>\n                <div class='yaxistime yaxistime-extra'>&nbsp;<\/div><\/div><div id='time_3' name='visible_372' data-day='3' class='yaxis time_all time_3' data-time='1532' style='top: 1341px; display: none;'>\n                <div class='yaxistime yaxistime-extra half-hour'><div class='yaxistext-minor yaxistext-minor-extra'>15:30\n<\/div><\/div><\/div><div id = 'time_3' name='visible_373' data-day='3' class='yaxis time_all time_3' data-time='1540' style='top: 1361px; display: none;'>\n                <div class='yaxistime yaxistime-extra'>&nbsp;<\/div><\/div><div id = 'time_3' name='visible_374' data-day='3' class='yaxis time_all time_3' data-time='1548' style='top: 1381px; display: none;'>\n                <div class='yaxistime yaxistime-extra'>&nbsp;<\/div><\/div><div id = 'time_3' name='visible_375' data-day='3' class='yaxis time_all time_3' data-time='1556' style='top: 1401px; display: none;'>\n                <div class='yaxistime yaxistime-extra'>&nbsp;<\/div><\/div><div id='time_3' name='visible_376' data-day='3' class='yaxis major time_all time_3  data-time='1600' style='top: 1411px; display: none;'>\n                <div class='yaxistime yaxistime-extra'><div class='yaxistext yaxistext-extra'>16:00\n<\/div><\/div><\/div><div id = 'time_3' name='visible_377' data-day='3' class='yaxis time_all time_3' data-time='1608' style='top: 1431px; display: none;'>\n                <div class='yaxistime yaxistime-extra'>&nbsp;<\/div><\/div><div id = 'time_3' name='visible_378' data-day='3' class='yaxis time_all time_3' data-time='1616' style='top: 1451px; display: none;'>\n                <div class='yaxistime yaxistime-extra'>&nbsp;<\/div><\/div><div id = 'time_3' name='visible_379' data-day='3' class='yaxis time_all time_3' data-time='1624' style='top: 1471px; display: none;'>\n                <div class='yaxistime yaxistime-extra'>&nbsp;<\/div><\/div><div id='time_3' name='visible_380' data-day='3' class='yaxis time_all time_3' data-time='1632' style='top: 1491px; display: none;'>\n                <div class='yaxistime yaxistime-extra half-hour'><div class='yaxistext-minor yaxistext-minor-extra'>16:30\n<\/div><\/div><\/div><div id = 'time_3' name='visible_381' data-day='3' class='yaxis time_all time_3' data-time='1640' style='top: 1511px; display: none;'>\n                <div class='yaxistime yaxistime-extra'>&nbsp;<\/div><\/div><div id = 'time_3' name='visible_382' data-day='3' class='yaxis time_all time_3' data-time='1648' style='top: 1531px; display: none;'>\n                <div class='yaxistime yaxistime-extra'>&nbsp;<\/div><\/div><div id = 'time_3' name='visible_383' data-day='3' class='yaxis time_all time_3' data-time='1656' style='top: 1551px; display: none;'>\n                <div class='yaxistime yaxistime-extra'>&nbsp;<\/div><\/div>\n          <div class=\"event \"\n            data-id=\"1002\"\n            data-project=\"project_338_2017_12_12\"\n            data-title=\"Registreringen \u00e4r \u00f6ppen 08.30-17.00\"\n            data-abs-nbr=\"\"\n            data-ystart=\"8.5\"\n            data-yend=\"10\"\n            data-time=\"08:30-10:00\"\n            data-room=\"20\"\n            data-room-id=\"1035\"\n            data-room-name=\"Plan 1\"\n            data-day=\"0\"\n            data-abs-path=\"\"\n            data-speaker=\"\"\n            data-speakercell=\"\"\n            data-info=\"                  &lt;p&gt;&lt;br&gt;&lt;\/p&gt;                 &lt;br&gt;&lt;br&gt;\"\n            data-category=\"\"\n            data-category-ids=\"\"\n            data-span-all=\"1\"\n                      >\n\n            <div class=\"event_content\">\n              <div class=\"title\">\n                                <span>Registreringen \u00e4r \u00f6ppen 08.30-17.00<\/span>\n              <\/div>\n              <div class=\"span_room\"><span>Plan 1<br\/><\/span><\/div>\n              <div class=\"time\">\n                <span>\n                  08:30-10:00                <\/span><\/div>\n\n              \n            <\/div>\n\n\n            \n          <\/div>\n\n      \n          <div class=\"event \"\n            data-id=\"1003\"\n            data-project=\"project_338_2017_12_12\"\n            data-title=\"INVIGNING av Barnveckan 2018 - Tema Barnets b\u00e4sta\"\n            data-abs-nbr=\"\"\n            data-ystart=\"10\"\n            data-yend=\"12\"\n            data-time=\"10:00-12:00\"\n            data-room=\"0\"\n            data-room-id=\"1018\"\n            data-room-name=\"Stora Kongresshallen\"\n            data-day=\"0\"\n            data-abs-path=\"\"\n            data-speaker=\"Lex Doyle, Professor of Neonatal Paediatrics, University of Melbourne; Margaretha  Stenmarker,  PhD, Barnonkolog, L\u00e4nssjukhuset Ryhov och Drottning Silvias barn- och ungdomssjukhus\"\n            data-speakercell=\"Lex Doyle, Professor of Neonatal Paediatrics, University of Melbourne; Margaretha  Stenmarker,  PhD, Barnonkolog, L\u00e4nssjukhuset Ryhov och Drottning Silvias barn- och ungdomssjukhus\"\n            data-info=\"                  &lt;p&gt;V\u00e4lkommen till Barnveckan 2018. &quot;Barnets b\u00e4sta&quot;&amp;nbsp;Organisationskommitt\u00e9n&lt;\/p&gt;                  &lt;p&gt;Long-term outcomes for the most immature infants \u2013 are we making any progress?&lt;br&gt;Lex Doyle,&amp;nbsp;Professor of Neonatal Paediatrics, University of Melbourne&lt;br&gt;&lt;a href=&quot;https:\/\/findanexpert.unimelb.edu.au\/display\/person15921#tab-publications&quot;&gt;https:\/\/findanexpert.unimelb.edu.au\/display\/person15921#tab-publications&lt;\/a&gt;&lt;\/p&gt;                  &lt;p&gt;Vem m\u00f6ter vem?&lt;br&gt;Om barnh\u00e4lsov\u00e5rd\/-sjukv\u00e5rd som en m\u00e4nsklig m\u00f6tesplats&amp;nbsp;&lt;br&gt;Margaretha Stenmarker, PhD, Paediatric oncologist&amp;nbsp;, L\u00e4nssjukhuset Ryhov och Drottning Silvias barn- och ungdomssjukhus Gothenburg.&lt;\/p&gt;                  &lt;p&gt;&lt;br&gt;&lt;\/p&gt;                  &lt;p&gt;&lt;br&gt;&lt;\/p&gt;                 &lt;br&gt;&lt;br&gt;\"\n            data-category=\"F\u00f6rel\u00e4sning\"\n            data-category-ids=\"1002\"\n            data-span-all=\"1\"\n                      >\n\n            <div class=\"event_content\">\n              <div class=\"title\">\n                                <span>INVIGNING av Barnveckan 2018 - Tema Barnets b\u00e4sta<\/span>\n              <\/div>\n              <div class=\"span_room\"><span>Stora Kongresshallen<br\/><\/span><\/div>\n              <div class=\"time\">\n                <span>\n                  10:00-12:00                <\/span><\/div>\n\n              <div class=\"lecturer\"><span>Lex Doyle, Professor of Neonatal Paediatrics, University of Melbourne; Margaretha  Stenmarker,  PhD, Barnonkolog, L\u00e4nssjukhuset Ryhov och Drottning Silvias barn- och ungdomssjukhus<\/span><\/div>\n            <\/div>\n\n\n                                <div style=\"background-color:#B2FF78; position: absolute !important ; height: 4px !important; left: 4px; right: 4px; bottom : 2px !important;  border\"><\/div>\n            \n          <\/div>\n\n      \n          <div class=\"event \"\n            data-id=\"1004\"\n            data-project=\"project_338_2017_12_12\"\n            data-title=\"Lunch\"\n            data-abs-nbr=\"\"\n            data-ystart=\"12\"\n            data-yend=\"13.25\"\n            data-time=\"12:00-13:15\"\n            data-room=\"19\"\n            data-room-id=\"1008\"\n            data-room-name=\"Evenemangshallen\"\n            data-day=\"0\"\n            data-abs-path=\"\"\n            data-speaker=\"\"\n            data-speakercell=\"\"\n            data-info=\"\"\n            data-category=\"\"\n            data-category-ids=\"\"\n            data-span-all=\"1\"\n                      >\n\n            <div class=\"event_content\">\n              <div class=\"title\">\n                                <span>Lunch<\/span>\n              <\/div>\n              <div class=\"span_room\"><span>Evenemangshallen<br\/><\/span><\/div>\n              <div class=\"time\">\n                <span>\n                  12:00-13:15                <\/span><\/div>\n\n              \n            <\/div>\n\n\n            \n          <\/div>\n\n      \n          <div class=\"event \"\n            data-id=\"1032\"\n            data-project=\"project_338_2017_12_12\"\n            data-title=\"Verksamhetschefer\"\n            data-abs-nbr=\"\"\n            data-ystart=\"13.25\"\n            data-yend=\"14.833333333333\"\n            data-time=\"13:15-14:50\"\n            data-room=\"10\"\n            data-room-id=\"1022\"\n            data-room-name=\"Sal 109\"\n            data-day=\"0\"\n            data-abs-path=\"\"\n            data-speaker=\"\"\n            data-speakercell=\"\"\n            data-info=\"                  &lt;p&gt;13:15 Inledning&lt;i&gt; Andreas Ohlin&lt;\/i&gt;&lt;\/p&gt;                  &lt;p&gt;13:25 SKL Mark\u00f6rbaserad journalgranskning ochMiljardsatsningen p\u00e5 f\u00f6rlossningsv\u00e5rd och neonatal v\u00e5rd &lt;i&gt;Eva Estling, SKL&lt;\/i&gt;&lt;\/p&gt;                  &lt;p&gt;14:10 Diabit.se&lt;i&gt; Sam Nordfelt&lt;\/i&gt;&lt;\/p&gt;                  &lt;p&gt;14:30 Barnv\u00e4nlig sjukv\u00e5rd&lt;i&gt; Martin Price&amp;nbsp;Barnr\u00e4ttsombud, Uppsala&lt;\/i&gt;&lt;\/p&gt;                  &lt;p&gt;&lt;\/p&gt;                  &lt;p&gt;&lt;span style=&quot;font-weight: bold;&quot;&gt;Varmt v\u00e4lkomna!&lt;\/span&gt;&lt;\/p&gt;                 &lt;br&gt;&lt;br&gt;\"\n            data-category=\"M\u00f6te\"\n            data-category-ids=\"1004\"\n            data-span-all=\"\"\n                      >\n\n            <div class=\"event_content\">\n              <div class=\"title\">\n                                <span>Verksamhetschefer<\/span>\n              <\/div>\n              <div class=\"span_room\"><span><\/span><\/div>\n              <div class=\"time\">\n                <span>\n                  13:15-14:50                <\/span><\/div>\n\n              \n            <\/div>\n\n\n                                <div style=\"background-color:#FFFA5C; position: absolute !important ; height: 4px !important; left: 4px; right: 4px; bottom : 2px !important;  border\"><\/div>\n            \n          <\/div>\n\n      \n          <div class=\"event \"\n            data-id=\"1007\"\n            data-project=\"project_338_2017_12_12\"\n            data-title=\"Barn som far illa - H\u00e4lsa hos brottsutsatta barn. Samverkan och utredning vid misstanke om sp\u00e4dbarnsmisshandel\/AHT\"\n            data-abs-nbr=\"\"\n            data-ystart=\"13.25\"\n            data-yend=\"14\"\n            data-time=\"13:15-14:00\"\n            data-room=\"3\"\n            data-room-id=\"1024\"\n            data-room-name=\"H\u00f6rsalen\"\n            data-day=\"0\"\n            data-abs-path=\"\"\n            data-speaker=\"Louise Laurell, \u00d6verl\u00e4kare, VO Barn och ungdomsmedicin, Sk\u00e5nes universitetssjukhus; Johanna R\u00e4ntfors, Barnkirurg, Sahlgrenska Universitetssjukhuset, G\u00f6teborg; Bj\u00f6rn Tingberg, Barnafid\"\n            data-speakercell=\"Louise Laurell, \u00d6verl\u00e4kare, VO Barn och ungdomsmedicin, Sk\u00e5nes universitetssjukhus; Johanna R\u00e4ntfors, Barnkirurg, Sahlgrenska Universitetssjukhuset, G\u00f6teborg; Bj\u00f6rn Tingberg, Barnafid\"\n            data-info=\"&lt;b&gt;Moderatorer: &lt;\/b&gt;Louise Laurell, \u00d6verl\u00e4kare, VO Barn och ungdomsmedicin, Sk\u00e5nes universitetssjukhus; Johanna R\u00e4ntfors, Barnkirurg, Sahlgrenska Universitetssjukhuset, G\u00f6teborg&lt;br&gt;&lt;br&gt;                  &lt;p&gt;&lt;\/p&gt;                  &lt;p&gt;13.15 - 13.20 &lt;\/p&gt;&lt;p&gt;&lt;b&gt;Introduktion &lt;\/b&gt;&lt;\/p&gt;&lt;p&gt;Bj\u00f6rn Tingberg, Barnafrid \u2013Nationellt kunskapscentrum&lt;\/p&gt;&lt;p&gt;Peter Wide, \u00f6verl\u00e4kare, H.K.H. KronprinsessanVictorias barn- och ungdomssjukhus, Link\u00f6ping&lt;\/p&gt;&lt;p&gt;13.20 - 13.40&lt;\/p&gt;&lt;p&gt;&lt;b&gt;H\u00e4lsa hos brottsutsatta barn. Enstudie fr\u00e5n Barnahus mellersta Sk\u00e5ne i Lund &lt;\/b&gt;&lt;\/p&gt;&lt;p&gt;Louise Laurell, \u00f6verl\u00e4kare VO barn-och ungdomsmedicin, Sk\u00e5nes universitetssjukhus&lt;\/p&gt;&lt;p&gt;13.40 - 14.00&lt;\/p&gt;&lt;p&gt;&lt;b&gt;Samverkan och utredning vid misstankeom sp\u00e4dbarnsmisshandel\/AHT, f\u00f6rslag till nationella riktlinjer&lt;\/b&gt;&lt;\/p&gt;&lt;p&gt;Johanna R\u00e4ntfors, \u00f6verl\u00e4kareBarnkirurgi, Drottning Silvias barn &amp;amp; Ungdomssjukhus, Barnskyddsteamet iVGR&lt;\/p&gt;                  &lt;p&gt; &lt;\/p&gt;                 &lt;br&gt;&lt;br&gt;\"\n            data-category=\"Seminarium\/Paneldebatt\"\n            data-category-ids=\"1006\"\n            data-span-all=\"\"\n                      >\n\n            <div class=\"event_content\">\n              <div class=\"title\">\n                                <span>Barn som far illa - H\u00e4lsa hos brottsutsatta barn. Samverkan och utredning vid misstanke om sp\u00e4dbarnsmisshandel\/AHT<\/span>\n              <\/div>\n              <div class=\"span_room\"><span><\/span><\/div>\n              <div class=\"time\">\n                <span>\n                  13:15-14:00                <\/span><\/div>\n\n              <div class=\"lecturer\"><span>Louise Laurell, \u00d6verl\u00e4kare, VO Barn och ungdomsmedicin, Sk\u00e5nes universitetssjukhus; Johanna R\u00e4ntfors, Barnkirurg, Sahlgrenska Universitetssjukhuset, G\u00f6teborg; Bj\u00f6rn Tingberg, Barnafid<\/span><\/div>\n            <\/div>\n\n\n                                <div style=\"background-color:#FFB217; position: absolute !important ; height: 4px !important; left: 4px; right: 4px; bottom : 2px !important;  border\"><\/div>\n            \n          <\/div>\n\n      \n          <div class=\"event \"\n            data-id=\"1005\"\n            data-project=\"project_338_2017_12_12\"\n            data-title=\"Kraniosynostos\"\n            data-abs-nbr=\"\"\n            data-ystart=\"13.25\"\n            data-yend=\"14.833333333333\"\n            data-time=\"13:15-14:50\"\n            data-room=\"4\"\n            data-room-id=\"1019\"\n            data-room-name=\"Sal 301\"\n            data-day=\"0\"\n            data-abs-path=\"\"\n            data-speaker=\"Lars K\u00f6lby, Professor, Sahlgrenska sjukhuset, G\u00f6teborg; Marizela Kljajic, Psykolog, Sahlgrenska Universitetssjukhuset, Plas\"\n            data-speakercell=\"Lars K\u00f6lby, Professor, Sahlgrenska sjukhuset, G\u00f6teborg; Marizela Kljajic, Psykolog, Sahlgrenska Universitetssjukhuset, Plas\"\n            data-info=\"                  &lt;p&gt;Kraniosynostos, l\u00e4gesbetingad plagiocefali och syndrom. Klinik, forskningsresultat, barnens utveckling med mera.&lt;\/p&gt;                  &lt;p&gt;&lt;br&gt;&lt;\/p&gt;                  &lt;p&gt;&lt;br&gt;&lt;\/p&gt;                 &lt;br&gt;&lt;br&gt;\"\n            data-category=\"F\u00f6rel\u00e4sning\"\n            data-category-ids=\"1002\"\n            data-span-all=\"\"\n                      >\n\n            <div class=\"event_content\">\n              <div class=\"title\">\n                                <span>Kraniosynostos<\/span>\n              <\/div>\n              <div class=\"span_room\"><span><\/span><\/div>\n              <div class=\"time\">\n                <span>\n                  13:15-14:50                <\/span><\/div>\n\n              <div class=\"lecturer\"><span>Lars K\u00f6lby, Professor, Sahlgrenska sjukhuset, G\u00f6teborg; Marizela Kljajic, Psykolog, Sahlgrenska Universitetssjukhuset, Plas<\/span><\/div>\n            <\/div>\n\n\n                                <div style=\"background-color:#B2FF78; position: absolute !important ; height: 4px !important; left: 4px; right: 4px; bottom : 2px !important;  border\"><\/div>\n            \n          <\/div>\n\n      \n          <div class=\"event \"\n            data-id=\"1008\"\n            data-project=\"project_338_2017_12_12\"\n            data-title=\"Obesitas - Behandling av barnfetma idag, Blodtryck\"\n            data-abs-nbr=\"\"\n            data-ystart=\"13.25\"\n            data-yend=\"14.833333333333\"\n            data-time=\"13:15-14:50\"\n            data-room=\"5\"\n            data-room-id=\"1020\"\n            data-room-name=\"Sal 302\"\n            data-day=\"0\"\n            data-abs-path=\"\"\n            data-speaker=\"Pernilla Danielsson Liljeqvist, PhD, Barnsjuksk\u00f6terska, Karolinska universitetssjukhuset Huddinge, BORIS-registret; Carl-Erik Flodmark, Barnl\u00e4kare, Sk\u00e5nes universitetssjukhus; Emilia Hagman, PhD, Karolinska institutet; Paulina Nowicka, Docent, Karolinska institutet, Stockholm\"\n            data-speakercell=\"Pernilla Danielsson Liljeqvist, PhD, Barnsjuksk\u00f6terska, Karolinska universitetssjukhuset Huddinge, BORIS-registret; Carl-Erik Flodmark, Barnl\u00e4kare, Sk\u00e5nes universitetssjukhus; Emilia Hagman, PhD, Karolinska institutet; Paulina Nowicka, Docent, Karolinska institutet, Stockholm\"\n            data-info=\"                 &lt;p&gt; &lt;\/p&gt;                 &lt;p&gt;&lt;b&gt;Pass 1 13.15-14.50&lt;\/b&gt;&lt;br&gt;&lt;\/p&gt;                  &lt;p&gt;Behandlingen av barnfetma i Sverige idag - Hur ser resultaten ut? Vilka internationella rekommendationer finns f\u00f6r en effektiv behandling? F\u00f6rslag p\u00e5 nationella riktlinjer.&amp;nbsp;&lt;\/p&gt;                 &lt;p&gt;\u00b7&amp;nbsp;&amp;nbsp;&amp;nbsp;&amp;nbsp;&amp;nbsp;&amp;nbsp;&amp;nbsp;Uppn\u00e5r vi m\u00e5len och hur \u00e4r trenden? Resultat fr\u00e5n V\u00e5rden i siffror&amp;nbsp;&lt;i&gt;Pernilla Danielsson&lt;\/i&gt;&lt;\/p&gt;                 &lt;p&gt;\u00b7&amp;nbsp;&amp;nbsp;&amp;nbsp;&amp;nbsp;&amp;nbsp;&amp;nbsp;&amp;nbsp;Behandlingsmodeller i Sverige, vilka rekommendationer finns internationellt?&amp;nbsp;&lt;\/p&gt;                 &lt;p&gt;\u00b7&amp;nbsp;&amp;nbsp;&amp;nbsp;&amp;nbsp;&amp;nbsp;&amp;nbsp;&amp;nbsp;Vad \u00e4r en acceptabel niv\u00e5 avseende bes\u00f6ksfrekvens och inneh\u00e5ll f\u00f6r att kalla det vi g\u00f6r beteendemodifierande behandling?&amp;nbsp;&lt;\/p&gt;                 &lt;p&gt;\u00b7&amp;nbsp;&amp;nbsp;&amp;nbsp;&amp;nbsp;&amp;nbsp;&amp;nbsp;&amp;nbsp;Ska vi ta fram nationella riktlinjer f\u00f6r miniminiv\u00e5 p\u00e5 beteendemodifierande behandling?&amp;nbsp;&lt;\/p&gt;                  &lt;div&gt;                   &lt;i&gt;Pernilla Danielsson Liljeqvist, Paulina Nowicka och Claude Marcus&lt;\/i&gt;                  &lt;\/div&gt;                  &lt;div&gt;                   &amp;nbsp;                  &lt;\/div&gt;Blodtryck - En uppdatering av dagsl\u00e4get samt&amp;nbsp;genomg\u00e5ng av det finala programmet vid utredning och&amp;nbsp;behandling&amp;nbsp;av&amp;nbsp;barnfetma                 &lt;p&gt; &lt;\/p&gt;                 &lt;p&gt;\u00b7&amp;nbsp; &amp;nbsp; &amp;nbsp; &amp;nbsp;En uppdatering avdagsl\u00e4get samt&amp;nbsp;genomg\u00e5ng av finalt program utifr\u00e5n det som beslutades vid\u00e5rsm\u00f6tet oktober 2017 och efter samr\u00e5d med barnnefrologin.&amp;nbsp;&amp;nbsp;&lt;i&gt;CarlErik Flodmark &amp;amp; Emilia Hagman&lt;\/i&gt;&lt;\/p&gt;                &lt;br&gt;&lt;br&gt;\"\n            data-category=\"F\u00f6rel\u00e4sning\"\n            data-category-ids=\"1002\"\n            data-span-all=\"\"\n                      >\n\n            <div class=\"event_content\">\n              <div class=\"title\">\n                                <span>Obesitas - Behandling av barnfetma idag, Blodtryck<\/span>\n              <\/div>\n              <div class=\"span_room\"><span><\/span><\/div>\n              <div class=\"time\">\n                <span>\n                  13:15-14:50                <\/span><\/div>\n\n              <div class=\"lecturer\"><span>Pernilla Danielsson Liljeqvist, PhD, Barnsjuksk\u00f6terska, Karolinska universitetssjukhuset Huddinge, BORIS-registret; Carl-Erik Flodmark, Barnl\u00e4kare, Sk\u00e5nes universitetssjukhus; Emilia Hagman, PhD, Karolinska institutet; Paulina Nowicka, Docent, Karolinska institutet, Stockholm<\/span><\/div>\n            <\/div>\n\n\n                                <div style=\"background-color:#B2FF78; position: absolute !important ; height: 4px !important; left: 4px; right: 4px; bottom : 2px !important;  border\"><\/div>\n            \n          <\/div>\n\n      \n          <div class=\"event \"\n            data-id=\"1009\"\n            data-project=\"project_338_2017_12_12\"\n            data-title=\"Barnonkologi - Akut onkologi\"\n            data-abs-nbr=\"\"\n            data-ystart=\"13.25\"\n            data-yend=\"14.833333333333\"\n            data-time=\"13:15-14:50\"\n            data-room=\"1\"\n            data-room-id=\"1021\"\n            data-room-name=\"Lilla Kongresshallen\"\n            data-day=\"0\"\n            data-abs-path=\"\"\n            data-speaker=\"Gustaf Ljungman, Professor, Barnl\u00e4kare, Akademiska barnsjukhuset, Uppsala; Johan Arvidson, Docent, barnonkolog, Uppsala universitet, Akademiska barnsjukhuset\"\n            data-speakercell=\"Gustaf Ljungman, Professor, Barnl\u00e4kare, Akademiska barnsjukhuset, Uppsala; Johan Arvidson, Docent, barnonkolog, Uppsala universitet, Akademiska barnsjukhuset\"\n            data-info=\"                  &lt;p&gt;Fallbaserad akut onkologi (JA och GL)&lt;\/p&gt;                 &lt;br&gt;&lt;br&gt;\"\n            data-category=\"F\u00f6rel\u00e4sning\"\n            data-category-ids=\"1002\"\n            data-span-all=\"\"\n                      >\n\n            <div class=\"event_content\">\n              <div class=\"title\">\n                                <span>Barnonkologi - Akut onkologi<\/span>\n              <\/div>\n              <div class=\"span_room\"><span><\/span><\/div>\n              <div class=\"time\">\n                <span>\n                  13:15-14:50                <\/span><\/div>\n\n              <div class=\"lecturer\"><span>Gustaf Ljungman, Professor, Barnl\u00e4kare, Akademiska barnsjukhuset, Uppsala; Johan Arvidson, Docent, barnonkolog, Uppsala universitet, Akademiska barnsjukhuset<\/span><\/div>\n            <\/div>\n\n\n                                <div style=\"background-color:#B2FF78; position: absolute !important ; height: 4px !important; left: 4px; right: 4px; bottom : 2px !important;  border\"><\/div>\n            \n          <\/div>\n\n      \n          <div class=\"event \"\n            data-id=\"1006\"\n            data-project=\"project_338_2017_12_12\"\n            data-title=\"Neonatalogi - Neonatal-HLR och larynxmask\"\n            data-abs-nbr=\"\"\n            data-ystart=\"13.25\"\n            data-yend=\"14\"\n            data-time=\"13:15-14:00\"\n            data-room=\"0\"\n            data-room-id=\"1018\"\n            data-room-name=\"Stora Kongresshallen\"\n            data-day=\"0\"\n            data-abs-path=\"\"\n            data-speaker=\"Terje Blomstrand, Anestesiolog, V\u00e4rnamo\"\n            data-speakercell=\"Terje Blomstrand, Anestesiolog, V\u00e4rnamo\"\n            data-info=\"&lt;b&gt;Moderatorer: &lt;\/b&gt;Barbro Diderholm, Neonatolog, Akademiska barnsjukhuset&lt;br&gt;&lt;br&gt;                  &lt;p&gt;Neonatalogi&lt;\/p&gt;                  &lt;p&gt;&lt;br&gt;&lt;br&gt;&lt;\/p&gt;                 &lt;br&gt;&lt;br&gt;\"\n            data-category=\"F\u00f6rel\u00e4sning\"\n            data-category-ids=\"1002\"\n            data-span-all=\"\"\n                      >\n\n            <div class=\"event_content\">\n              <div class=\"title\">\n                                <span>Neonatalogi - Neonatal-HLR och larynxmask<\/span>\n              <\/div>\n              <div class=\"span_room\"><span><\/span><\/div>\n              <div class=\"time\">\n                <span>\n                  13:15-14:00                <\/span><\/div>\n\n              <div class=\"lecturer\"><span>Terje Blomstrand, Anestesiolog, V\u00e4rnamo<\/span><\/div>\n            <\/div>\n\n\n                                <div style=\"background-color:#B2FF78; position: absolute !important ; height: 4px !important; left: 4px; right: 4px; bottom : 2px !important;  border\"><\/div>\n            \n          <\/div>\n\n      \n          <div class=\"event \"\n            data-id=\"1010\"\n            data-project=\"project_338_2017_12_12\"\n            data-title=\"Barnv\u00e4nlig sjukv\u00e5rd - hur kan det m\u00e4tas? \"\n            data-abs-nbr=\"\"\n            data-ystart=\"13.25\"\n            data-yend=\"14\"\n            data-time=\"13:15-14:00\"\n            data-room=\"2\"\n            data-room-id=\"1023\"\n            data-room-name=\"Lilla Salen\"\n            data-day=\"0\"\n            data-abs-path=\"\"\n            data-speaker=\"Martin Price, Barnr\u00e4ttsombud f\u00f6r Region Uppsala; Ann  Elmqvist-Fridh, Enhetschef lekterapin Region Sk\u00e5ne, Barnl\u00e4kare fr\u00e5n Akademiska bansjukhuset; Britt-Marie Frost, Barnonkolog\/Sektionschef, Akademiska barnsjukhuset\"\n            data-speakercell=\"Martin Price, Barnr\u00e4ttsombud f\u00f6r Region Uppsala; Ann  Elmqvist-Fridh, Enhetschef lekterapin Region Sk\u00e5ne, Barnl\u00e4kare fr\u00e5n Akademiska bansjukhuset; Britt-Marie Frost, Barnonkolog\/Sektionschef, Akademiska barnsjukhuset\"\n            data-info=\"                  &lt;p&gt;Presentationav f\u00f6rslag till kriterier och en pilotstudie genomf\u00f6rd i barnsjukv\u00e5rden p\u00e5Sk\u00e5nes Universitetssjukhus och p\u00e5 Akademiska barnsjukhuset i Uppsala.&amp;nbsp;&lt;\/p&gt;                  &lt;p&gt;&lt;br&gt;Vi vill bilda ett n\u00e4tverk f\u00f6r barnv\u00e4nlig v\u00e5rd \u00f6verallt d\u00e4r barn och ungav\u00e5rdas.&lt;\/p&gt;                  &lt;p&gt;MartinPrice, Barnr\u00e4ttsombud f\u00f6r Region Uppsala&lt;br&gt;Ann Elmqvist-Fridh, Enhetschef lekterapin Region Sk\u00e5ne &lt;br&gt;Barnl\u00e4kare fr\u00e5n Akademiska barnsjukhuset&lt;br&gt;&lt;\/p&gt;                  &lt;p&gt;L\u00e4smer p\u00e5 &lt;a href=&quot;http:\/\/www.boiu.se\/region&quot;&gt;www.boiu.se\/region&lt;\/a&gt;&lt;\/p&gt;                 &lt;br&gt;&lt;br&gt;\"\n            data-category=\"Workshop\"\n            data-category-ids=\"1003\"\n            data-span-all=\"\"\n                      >\n\n            <div class=\"event_content\">\n              <div class=\"title\">\n                                <span>Barnv\u00e4nlig sjukv\u00e5rd - hur kan det m\u00e4tas? <\/span>\n              <\/div>\n              <div class=\"span_room\"><span><\/span><\/div>\n              <div class=\"time\">\n                <span>\n                  13:15-14:00                <\/span><\/div>\n\n              <div class=\"lecturer\"><span>Martin Price, Barnr\u00e4ttsombud f\u00f6r Region Uppsala; Ann  Elmqvist-Fridh, Enhetschef lekterapin Region Sk\u00e5ne, Barnl\u00e4kare fr\u00e5n Akademiska bansjukhuset; Britt-Marie Frost, Barnonkolog\/Sektionschef, Akademiska barnsjukhuset<\/span><\/div>\n            <\/div>\n\n\n                                <div style=\"background-color:#B2A1C9; position: absolute !important ; height: 4px !important; left: 4px; right: 4px; bottom : 2px !important;  border\"><\/div>\n            \n          <\/div>\n\n      \n          <div class=\"event \"\n            data-id=\"1028\"\n            data-project=\"project_338_2017_12_12\"\n            data-title=\"Studierektorerna\"\n            data-abs-nbr=\"\"\n            data-ystart=\"13.25\"\n            data-yend=\"14.833333333333\"\n            data-time=\"13:15-14:50\"\n            data-room=\"8\"\n            data-room-id=\"1025\"\n            data-room-name=\"Sal 107\"\n            data-day=\"0\"\n            data-abs-path=\"\"\n            data-speaker=\"Eva Albinsson, Barnl\u00e4kare, Landstinget i V\u00e4rmland\"\n            data-speakercell=\"Eva Albinsson, Barnl\u00e4kare, Landstinget i V\u00e4rmland\"\n            data-info=\"                  &lt;p&gt;\u00c5rligt m\u00f6te f\u00f6r landets Studierektorer i pediatrik. Allm\u00e4n presentation (\u00f6vriga fr\u00e5gor). Diskussion kring Utbildningsguiden, Bed\u00f6mningsmetoder, Kompetenstrappan, SK-kurser 2019-2022, kn\u00e4ckfall?&lt;\/p&gt;                  &lt;p&gt;&lt;span style=&quot;font-weight: bold;&quot;&gt;Agenda&lt;\/span&gt;&lt;\/p&gt;                  &lt;p&gt;13.15-13.40&amp;nbsp; &amp;nbsp;V\u00e4lkommen och presentation av n\u00e4rvarande SR (\u00c5sa Helblom\/Eva Albinsson)&lt;\/p&gt;                  &lt;p&gt;13.40-13.55&amp;nbsp; &amp;nbsp;Utbildningsutskottet - info och nya medlemmar&lt;\/p&gt;                  &lt;p&gt;13.55-14.10&amp;nbsp; &amp;nbsp;Specialistskrivningen - rapport om f\u00f6rra \u00e5rets skrivning och fortsatt planering (Eva Albinsson\/\u00c5sa Myrelid)&lt;\/p&gt;                  &lt;p&gt;14.10-14.50&amp;nbsp; &amp;nbsp;SK-kurser, info om upphandlingen och prioritering. Hur kan vi f\u00e5 fler att arrangera kurser? (Eva Albinsson)&lt;\/p&gt;                  &lt;p&gt;15.25-16.10&amp;nbsp; &amp;nbsp;Bed\u00f6mningsmetoder f\u00f6r ST-l\u00e4kare (John Terlinder)&lt;\/p&gt;                  &lt;p&gt;16.10-16.45&amp;nbsp; &amp;nbsp;Hur g\u00f6r vi n\u00e4r inte ST-l\u00e4karen uppfyller m\u00e5len? (Diskussion) (John Terlinder)&lt;\/p&gt;                  &lt;p&gt;16.45-17.00&amp;nbsp; &amp;nbsp;\u00d6vriga fr\u00e5gor&lt;\/p&gt;                 &lt;br&gt;&lt;br&gt;\"\n            data-category=\"M\u00f6te\"\n            data-category-ids=\"1004\"\n            data-span-all=\"\"\n                      >\n\n            <div class=\"event_content\">\n              <div class=\"title\">\n                                <span>Studierektorerna<\/span>\n              <\/div>\n              <div class=\"span_room\"><span><\/span><\/div>\n              <div class=\"time\">\n                <span>\n                  13:15-14:50                <\/span><\/div>\n\n              <div class=\"lecturer\"><span>Eva Albinsson, Barnl\u00e4kare, Landstinget i V\u00e4rmland<\/span><\/div>\n            <\/div>\n\n\n                                <div style=\"background-color:#FFFA5C; position: absolute !important ; height: 4px !important; left: 4px; right: 4px; bottom : 2px !important;  border\"><\/div>\n            \n          <\/div>\n\n      \n          <div class=\"event \"\n            data-id=\"1016\"\n            data-project=\"project_338_2017_12_12\"\n            data-title=\"Clownetterna - Barnkonspirationen - en barnlig musikal\"\n            data-abs-nbr=\"\"\n            data-ystart=\"14.083333333333\"\n            data-yend=\"14.833333333333\"\n            data-time=\"14:05-14:50\"\n            data-room=\"2\"\n            data-room-id=\"1023\"\n            data-room-name=\"Lilla Salen\"\n            data-day=\"0\"\n            data-abs-path=\"\"\n            data-speaker=\"Pia \"Dr Musik\" Degr\u00e9us, Sjukhusclown, Clownetterna; Jenny \"Hopp-San\" Carlsson, Sjukhusclown, Clownetterna; Kristian \"Krusbert\" Elmeskog, Sjukhusclown, Clownetterna; Lina \"LillaSyster\" Degr\u00e9us, Sjukhusclown, Clownetterna; Adam \"Hemling\" Brom\u00e9e, Sjukhusclown, Clownetterna\"\n            data-speakercell=\"Pia \"Dr Musik\" Degr\u00e9us, Sjukhusclown, Clownetterna; Jenny \"Hopp-San\" Carlsson, Sjukhusclown, Clownetterna; Kristian \"Krusbert\" Elmeskog, Sjukhusclown, Clownetterna; Lina \"LillaSyster\" Degr\u00e9us, Sjukhusclown, Clownetterna; Adam \"Hemling\" Brom\u00e9e, Sjukhusclown, Clownetterna\"\n            data-info=\"                  &lt;p&gt;En musikal som vill unders\u00f6ka barns b\u00e4sta utifr\u00e5n Barnkonventionens olika perspektiv. Hur sjukhusmilj\u00f6n, kulturella skillnader och bem\u00f6tande kan upplevas olika beroende p\u00e5 vem du \u00e4r; barn, f\u00f6r\u00e4lder eller personal.&lt;br&gt;&lt;\/p&gt;                  &lt;p&gt;Skriven, producerad och framf\u00f6rd av Clownetterna, V\u00e4ster\u00e5s&amp;nbsp;&lt;\/p&gt;&lt;p&gt;&lt;span style=&quot;font-style: italic;&quot;&gt;Samma workshop arrangeras vid fler tillf\u00e4llen.&lt;\/span&gt;&lt;\/p&gt;                 &lt;br&gt;&lt;br&gt;\"\n            data-category=\"Workshop\"\n            data-category-ids=\"1003\"\n            data-span-all=\"\"\n                      >\n\n            <div class=\"event_content\">\n              <div class=\"title\">\n                                <span>Clownetterna - Barnkonspirationen - en barnlig musikal<\/span>\n              <\/div>\n              <div class=\"span_room\"><span><\/span><\/div>\n              <div class=\"time\">\n                <span>\n                  14:05-14:50                <\/span><\/div>\n\n              <div class=\"lecturer\"><span>Pia \"Dr Musik\" Degr\u00e9us, Sjukhusclown, Clownetterna; Jenny \"Hopp-San\" Carlsson, Sjukhusclown, Clownetterna; Kristian \"Krusbert\" Elmeskog, Sjukhusclown, Clownetterna; Lina \"LillaSyster\" Degr\u00e9us, Sjukhusclown, Clownetterna; Adam \"Hemling\" Brom\u00e9e, Sjukhusclown, Clownetterna<\/span><\/div>\n            <\/div>\n\n\n                                <div style=\"background-color:#B2A1C9; position: absolute !important ; height: 4px !important; left: 4px; right: 4px; bottom : 2px !important;  border\"><\/div>\n            \n          <\/div>\n\n      \n          <div class=\"event \"\n            data-id=\"1012\"\n            data-project=\"project_338_2017_12_12\"\n            data-title=\"Neonatalogi - Neo-HLR har larynxmasken n\u00e5gon plats?\"\n            data-abs-nbr=\"\"\n            data-ystart=\"14.083333333333\"\n            data-yend=\"14.833333333333\"\n            data-time=\"14:05-14:50\"\n            data-room=\"0\"\n            data-room-id=\"1018\"\n            data-room-name=\"Stora Kongresshallen\"\n            data-day=\"0\"\n            data-abs-path=\"\"\n            data-speaker=\"Linda Wallstr\u00f6m,  Neonatolog, Akademiska barnsjukhuset Uppsala\"\n            data-speakercell=\"Linda Wallstr\u00f6m,  Neonatolog, Akademiska barnsjukhuset Uppsala\"\n            data-info=\"&lt;b&gt;Moderatorer: &lt;\/b&gt;Barbro Diderholm, Neonatolog, Akademiska barnsjukhuset&lt;br&gt;&lt;br&gt;                  &lt;p&gt;Neonatalogi&lt;\/p&gt;                  &lt;p&gt;Linda Wallstr\u00f6m Neonatolog, UAS&lt;\/p&gt;                  &lt;p&gt;&lt;br&gt;&lt;\/p&gt;                 &lt;br&gt;&lt;br&gt;\"\n            data-category=\"F\u00f6rel\u00e4sning\"\n            data-category-ids=\"1002\"\n            data-span-all=\"\"\n                      >\n\n            <div class=\"event_content\">\n              <div class=\"title\">\n                                <span>Neonatalogi - Neo-HLR har larynxmasken n\u00e5gon plats?<\/span>\n              <\/div>\n              <div class=\"span_room\"><span><\/span><\/div>\n              <div class=\"time\">\n                <span>\n                  14:05-14:50                <\/span><\/div>\n\n              <div class=\"lecturer\"><span>Linda Wallstr\u00f6m,  Neonatolog, Akademiska barnsjukhuset Uppsala<\/span><\/div>\n            <\/div>\n\n\n                                <div style=\"background-color:#B2FF78; position: absolute !important ; height: 4px !important; left: 4px; right: 4px; bottom : 2px !important;  border\"><\/div>\n            \n          <\/div>\n\n      \n          <div class=\"event \"\n            data-id=\"1013\"\n            data-project=\"project_338_2017_12_12\"\n            data-title=\"Barn som far illa - Paneldebatt\/diskussion: Samverkan p\u00e5 barnahus kring brottsutsatta barn\"\n            data-abs-nbr=\"\"\n            data-ystart=\"14.083333333333\"\n            data-yend=\"14.833333333333\"\n            data-time=\"14:05-14:50\"\n            data-room=\"3\"\n            data-room-id=\"1024\"\n            data-room-name=\"H\u00f6rsalen\"\n            data-day=\"0\"\n            data-abs-path=\"\"\n            data-speaker=\"Johanna R\u00e4ntfors, Barnkirurg, Sahlgrenska Universitetssjukhuset, G\u00f6teborg; Louise Laurell, \u00d6verl\u00e4kare, VO Barn och ungdomsmedicin, Sk\u00e5nes universitetssjukhus; Stina Sj\u00f6qvist, Kammar\u00e5klagare, \u00c5klagarmyndigheten; Angeline Eliasson, R\u00e4ttsl\u00e4kare, R\u00e4ttsmedicinalverket; Peter Wide, Barnl\u00e4kare, H.K.H. Kronprinsessan Viktorias Barn- och ungdoms; Kristin Larsson, Psykolog, BUP och Barnahus, V\u00e4ster\u00e5s\"\n            data-speakercell=\"Johanna R\u00e4ntfors, Barnkirurg, Sahlgrenska Universitetssjukhuset, G\u00f6teborg; Louise Laurell, \u00d6verl\u00e4kare, VO Barn och ungdomsmedicin, Sk\u00e5nes universitetssjukhus; Stina Sj\u00f6qvist, Kammar\u00e5klagare, \u00c5klagarmyndigheten; Angeline Eliasson, R\u00e4ttsl\u00e4kare, R\u00e4ttsmedicinalverket; Peter Wide, Barnl\u00e4kare, H.K.H. Kronprinsessan Viktorias Barn- och ungdoms; Kristin Larsson, Psykolog, BUP och Barnahus, V\u00e4ster\u00e5s\"\n            data-info=\"&lt;b&gt;Moderatorer: &lt;\/b&gt;Louise Laurell, \u00d6verl\u00e4kare, VO Barn och ungdomsmedicin, Sk\u00e5nes universitetssjukhus&lt;br&gt;&lt;br&gt;                  &lt;p&gt; &lt;\/p&gt;                  &lt;p&gt; &lt;\/p&gt;                  &lt;p&gt;&lt;b&gt;Paneldebatt\/diskussion: &lt;\/b&gt;Samverkan p\u00e5 barnahus kring brottsutsatta barn&lt;br&gt;&lt;\/p&gt;                  &lt;p&gt;14.05 - 14.50&lt;\/p&gt;&lt;p&gt;&lt;b&gt;Paneldebatt\/diskussion &lt;\/b&gt;&lt;\/p&gt;&lt;p&gt;Moderatorer: &lt;\/p&gt;&lt;p&gt;Johanna R\u00e4ntfors och Louise Laurell&lt;\/p&gt;&lt;p&gt;Paneldeltagare:&lt;\/p&gt;&lt;p&gt;&lt;ul&gt;&lt;li&gt;Kristin Larsson, psykolog p\u00e5 BUP ochBarnahus i V\u00e4ster\u00e5s&lt;br&gt;&lt;\/li&gt;&lt;li&gt;Peter Wide, l\u00e4kare barn- ochungdomsmedicin, Link\u00f6ping&lt;br&gt;&lt;\/li&gt;&lt;li&gt;Beata Skanse, l\u00e4kare barn- ochungdomsmedicin, Kristianstad&lt;br&gt;&lt;\/li&gt;&lt;li&gt;Lena Lagerstr\u00f6m, socialsekreterare,V\u00e4ster\u00e5s&lt;br&gt;&lt;\/li&gt;&lt;li&gt;Lotten Eriksson, polis, V\u00e4ster\u00e5s&lt;br&gt;&lt;\/li&gt;&lt;li&gt;Stina \u00c5qvist, \u00e5klagare, G\u00f6teborg&lt;br&gt;&lt;\/li&gt;&lt;li&gt;Angeline Eliasson, l\u00e4kare RMV, Lund &lt;i&gt;(deltar via videol\u00e4nk)&lt;\/i&gt;&lt;br&gt;&lt;\/li&gt;&lt;li&gt;Bj\u00f6rn Tingberg, ssk Med dr, Nationelltkunskapscentrum Barnafrid&lt;\/li&gt;&lt;\/ul&gt;&lt;\/p&gt;&lt;p&gt;&lt;br&gt;&lt;\/p&gt;&lt;p&gt;Exempel p\u00e5 fr\u00e5gor att diskutera i panelen:&lt;br&gt;&lt;\/p&gt;                  &lt;p&gt;&lt;\/p&gt;                  &lt;ul&gt;                   &lt;li&gt;Hur kan samverkan vid Barnahus bidra till att barn som far illa uppma?rksammas och barnets situation fo?rba?ttras?&lt;br&gt;&lt;\/li&gt;                   &lt;li&gt;Hur kan samverkansmodellen Barnahus bidra till ett o?kat fokus pa?brottsutsatta barns ha?lsa?&lt;\/li&gt;                  &lt;\/ul&gt;                  &lt;ul&gt;                   &lt;li&gt;Vilka a?renden ska handla?ggas pa? Barnahus? Var bo?r samverkan ske vidmisstanke om spa?dbarnsmisshandel?&lt;\/li&gt;                   &lt;li&gt;Hur kan vi sa?kersta?lla att barn som far illa fa?r samma kvalificeradehandla?ggning i hela Sverige?&lt;\/li&gt;                   &lt;li&gt;Hur sa?kersta?ller vi att barnens behov av krissto?d, traumabehandling ochsto?d att fo?rsta? vad som ha?nder i samverkansprocessen tillgodoses pa?Barnahus?&lt;\/li&gt;                   &lt;li&gt;Hur sa?kersta?ller vi att barnens behov av ha?lso- och sjukva?rd samt tandva?rdtillgodoses?&lt;\/li&gt;                   &lt;li&gt;Hur kan samra?d pa? Barnahus bidra till att samla ihop kunskap om barnet somkan finnas utspridd hos olika myndigheter?&lt;\/li&gt;                   &lt;li&gt;Beho?vs lagfo?ra?ndring fo?r att hindra att sekretess mellan myndigheter ledertill ett underma?ligt informationsutbyte pa? Barnahus?&lt;\/li&gt;                   &lt;li&gt;Vilka a?r de viktigaste fra?gorna fo?r Barnahus att driva? Hur ska man drivadessa? Hur kan kvalite?n pa? Barnahus i Sverige sa?kersta?llas?&lt;br&gt;&lt;\/li&gt;                   &lt;li&gt;Bo?r vi ha ett nationellt, datoriserat, system fo?r kvalitetsindikatorer pa?Barnahus? Bo?r vi ha ett kvalitetsregister fo?r Barnahus i Sverige?&lt;br&gt;&lt;\/li&gt;                   &lt;li&gt;Hur ma?nga barn erbjuds:&lt;br&gt;-ha?lsounderso?kning efter samra?d pa? Barnahus?&lt;br&gt;-krissamtal efter samra?d pa? Barnahus?&lt;br&gt;-screening fo?r och uppfo?ljning av posttraumatiska symtom efter samra?d pa?Barnahus?&lt;\/li&gt;                   &lt;li&gt;Vilken roll har Barnafrid?&lt;br&gt;&lt;\/li&gt;                  &lt;\/ul&gt;                  &lt;p&gt;&lt;\/p&gt;                  &lt;ul&gt;                  &lt;\/ul&gt;                  &lt;p&gt;&lt;\/p&gt;                 &lt;br&gt;&lt;br&gt;\"\n            data-category=\"Seminarium\/Paneldebatt\"\n            data-category-ids=\"1006\"\n            data-span-all=\"\"\n                      >\n\n            <div class=\"event_content\">\n              <div class=\"title\">\n                                <span>Barn som far illa - Paneldebatt\/diskussion: Samverkan p\u00e5 barnahus kring brottsutsatta barn<\/span>\n              <\/div>\n              <div class=\"span_room\"><span><\/span><\/div>\n              <div class=\"time\">\n                <span>\n                  14:05-14:50                <\/span><\/div>\n\n              <div class=\"lecturer\"><span>Johanna R\u00e4ntfors, Barnkirurg, Sahlgrenska Universitetssjukhuset, G\u00f6teborg; Louise Laurell, \u00d6verl\u00e4kare, VO Barn och ungdomsmedicin, Sk\u00e5nes universitetssjukhus; Stina Sj\u00f6qvist, Kammar\u00e5klagare, \u00c5klagarmyndigheten; Angeline Eliasson, R\u00e4ttsl\u00e4kare, R\u00e4ttsmedicinalverket; Peter Wide, Barnl\u00e4kare, H.K.H. Kronprinsessan Viktorias Barn- och ungdoms; Kristin Larsson, Psykolog, BUP och Barnahus, V\u00e4ster\u00e5s<\/span><\/div>\n            <\/div>\n\n\n                                <div style=\"background-color:#FFB217; position: absolute !important ; height: 4px !important; left: 4px; right: 4px; bottom : 2px !important;  border\"><\/div>\n            \n          <\/div>\n\n      \n          <div class=\"event \"\n            data-id=\"1018\"\n            data-project=\"project_338_2017_12_12\"\n            data-title=\"Fika, utst\u00e4llare, posterbes\u00f6k\"\n            data-abs-nbr=\"\"\n            data-ystart=\"14.833333333333\"\n            data-yend=\"15.416666666667\"\n            data-time=\"14:50-15:25\"\n            data-room=\"18\"\n            data-room-id=\"1013\"\n            data-room-name=\"Utst\u00e4llningen\"\n            data-day=\"0\"\n            data-abs-path=\"\"\n            data-speaker=\"\"\n            data-speakercell=\"\"\n            data-info=\"\"\n            data-category=\"\"\n            data-category-ids=\"\"\n            data-span-all=\"1\"\n                      >\n\n            <div class=\"event_content\">\n              <div class=\"title\">\n                                <span>Fika, utst\u00e4llare, posterbes\u00f6k<\/span>\n              <\/div>\n              <div class=\"span_room\"><span>Utst\u00e4llningen<br\/><\/span><\/div>\n              <div class=\"time\">\n                <span>\n                  14:50-15:25                <\/span><\/div>\n\n              \n            <\/div>\n\n\n            \n          <\/div>\n\n      \n          <div class=\"event \"\n            data-id=\"1021\"\n            data-project=\"project_338_2017_12_12\"\n            data-title=\"Obesitas - Kvantifiering av v\u00e5rdtyngd f\u00f6r barnfetma \"\n            data-abs-nbr=\"\"\n            data-ystart=\"15.416666666667\"\n            data-yend=\"16.5\"\n            data-time=\"15:25-16:30\"\n            data-room=\"5\"\n            data-room-id=\"1020\"\n            data-room-name=\"Sal 302\"\n            data-day=\"0\"\n            data-abs-path=\"\"\n            data-speaker=\"Claude Marcus, Professor, Barnl\u00e4kare, Karolinska barnsjukhuset Huddinge, Karolinska institutet; Emilia Hagman, PhD, Karolinska institutet\"\n            data-speakercell=\"Claude Marcus, Professor, Barnl\u00e4kare, Karolinska barnsjukhuset Huddinge, Karolinska institutet; Emilia Hagman, PhD, Karolinska institutet\"\n            data-info=\"                  &lt;div&gt;                   &lt;b&gt;Pass 2 15.25-16.30&lt;\/b&gt;                   &lt;br&gt;                  &lt;\/div&gt;                  &lt;div&gt;&lt;p&gt;&lt;b&gt;Kvantifiering av v\u00e5rdtyngd f\u00f6r barnfetma&lt;\/b&gt;&lt;\/p&gt;&lt;p&gt;Enfem\u00e5ring med m\u00e5ttlig fetma och en ton\u00e5ring med allvarlig fetma f\u00e5r sammadiagnos men belastningen p\u00e5 sjukv\u00e5rden skiljer sig avsev\u00e4rt. Det kan ocks\u00e5 varabra att kunna kvantifiera f\u00f6rb\u00e4ttringar som uppn\u00e5s trots att graden av fetmainte p\u00e5verkats. H\u00e4r presenteras f\u00f6rslag p\u00e5 ber\u00e4kningsmodeller avseendev\u00e5rdtyngd och allvarlighetsgrad f\u00f6r barnfetma f\u00f6r att b\u00e4ttre beskriva kraven p\u00e5v\u00e5rden inf\u00f6r planering och budget och f\u00f6r att kunna beskriva f\u00f6rb\u00e4ttringar urett bredare perspektiv.&lt;\/p&gt;&lt;p&gt;&lt;ul&gt;&lt;li&gt;Bakgrund&amp;nbsp;&lt;br&gt;&lt;\/li&gt;&lt;li&gt;V\u00e5rdtyngd&amp;nbsp;&lt;br&gt;&lt;\/li&gt;&lt;li&gt;Allvarlighetsgrad \u2013 Childhood Obesity Severity Score &lt;\/li&gt;&lt;li&gt;Diskussion&amp;nbsp;&lt;\/li&gt;&lt;\/ul&gt;&lt;\/p&gt;&lt;p&gt;&lt;ul&gt;&lt;li&gt;\u00c4r detta v\u00e4rt att arbeta vidare med?&lt;br&gt;&lt;\/li&gt;&lt;li&gt;Kan detta underl\u00e4tta i dialog kring resursbehov?&lt;\/li&gt;&lt;li&gt;Kan det hj\u00e4lpa till vid kommunikation kring resultat som inte synsp\u00e5 v\u00e5gen?&lt;\/li&gt;&lt;li&gt;Ska vi ha tv\u00e5 olika m\u00e5tt eller kan de l\u00e4ggas ihop?&lt;br&gt;&lt;\/li&gt;&lt;li&gt;Hur g\u00e5r vi vidare?&lt;br&gt;&lt;\/li&gt;&lt;\/ul&gt;&lt;\/p&gt;&lt;\/div&gt;&lt;div&gt;                  &lt;\/div&gt;                 &lt;br&gt;&lt;br&gt;\"\n            data-category=\"F\u00f6rel\u00e4sning\"\n            data-category-ids=\"1002\"\n            data-span-all=\"\"\n                      >\n\n            <div class=\"event_content\">\n              <div class=\"title\">\n                                <span>Obesitas - Kvantifiering av v\u00e5rdtyngd f\u00f6r barnfetma <\/span>\n              <\/div>\n              <div class=\"span_room\"><span><\/span><\/div>\n              <div class=\"time\">\n                <span>\n                  15:25-16:30                <\/span><\/div>\n\n              <div class=\"lecturer\"><span>Claude Marcus, Professor, Barnl\u00e4kare, Karolinska barnsjukhuset Huddinge, Karolinska institutet; Emilia Hagman, PhD, Karolinska institutet<\/span><\/div>\n            <\/div>\n\n\n                                <div style=\"background-color:#B2FF78; position: absolute !important ; height: 4px !important; left: 4px; right: 4px; bottom : 2px !important;  border\"><\/div>\n            \n          <\/div>\n\n      \n          <div class=\"event \"\n            data-id=\"1034\"\n            data-project=\"project_338_2017_12_12\"\n            data-title=\"L\u00e4karchefer\"\n            data-abs-nbr=\"\"\n            data-ystart=\"15.416666666667\"\n            data-yend=\"16.166666666667\"\n            data-time=\"15:25-16:10\"\n            data-room=\"10\"\n            data-room-id=\"1022\"\n            data-room-name=\"Sal 109\"\n            data-day=\"0\"\n            data-abs-path=\"\"\n            data-speaker=\"\"\n            data-speakercell=\"\"\n            data-info=\"&lt;b&gt;Moderatorer: &lt;\/b&gt;Niklas Segerdahl&lt;br&gt;&lt;br&gt;                 &lt;p&gt;Presentationsrunda,diskussion av arbetsinneh\u00e5ll och f\u00f6ruts\u00e4ttningar, inkomna diskussionspunktersamt positiva exempel att dela med sig av&lt;br&gt;&lt;\/p&gt;                &lt;br&gt;&lt;br&gt;\"\n            data-category=\"M\u00f6te\"\n            data-category-ids=\"1004\"\n            data-span-all=\"\"\n                      >\n\n            <div class=\"event_content\">\n              <div class=\"title\">\n                                <span>L\u00e4karchefer<\/span>\n              <\/div>\n              <div class=\"span_room\"><span><\/span><\/div>\n              <div class=\"time\">\n                <span>\n                  15:25-16:10                <\/span><\/div>\n\n              \n            <\/div>\n\n\n                                <div style=\"background-color:#FFFA5C; position: absolute !important ; height: 4px !important; left: 4px; right: 4px; bottom : 2px !important;  border\"><\/div>\n            \n          <\/div>\n\n      \n          <div class=\"event \"\n            data-id=\"1017\"\n            data-project=\"project_338_2017_12_12\"\n            data-title=\"Clownetterna - F\u00f6rdjupande workshop\"\n            data-abs-nbr=\"\"\n            data-ystart=\"15.416666666667\"\n            data-yend=\"16.166666666667\"\n            data-time=\"15:25-16:10\"\n            data-room=\"2\"\n            data-room-id=\"1023\"\n            data-room-name=\"Lilla Salen\"\n            data-day=\"0\"\n            data-abs-path=\"\"\n            data-speaker=\"Pia \"Dr Musik\" Degr\u00e9us, Sjukhusclown, Clownetterna; Jenny \"Hopp-San\" Carlsson, Sjukhusclown, Clownetterna; Kristian \"Krusbert\" Elmeskog, Sjukhusclown, Clownetterna; Lina \"LillaSyster\" Degr\u00e9us, Sjukhusclown, Clownetterna; Adam \"Hemling\" Brom\u00e9e, Sjukhusclown, Clownetterna\"\n            data-speakercell=\"Pia \"Dr Musik\" Degr\u00e9us, Sjukhusclown, Clownetterna; Jenny \"Hopp-San\" Carlsson, Sjukhusclown, Clownetterna; Kristian \"Krusbert\" Elmeskog, Sjukhusclown, Clownetterna; Lina \"LillaSyster\" Degr\u00e9us, Sjukhusclown, Clownetterna; Adam \"Hemling\" Brom\u00e9e, Sjukhusclown, Clownetterna\"\n            data-info=\"                  &lt;p&gt;Workshop med f\u00f6rdjupning kring att arbeta utifr\u00e5n Barnkonventionen p\u00e5 golvet.&lt;br&gt;&lt;\/p&gt;                  &lt;p&gt;Clownetterna, V\u00e4ster\u00e5s&amp;nbsp;&lt;\/p&gt;&lt;p&gt;&lt;span style=&quot;font-style: italic;&quot;&gt;Samma workshop arrangeras vid fler tillf\u00e4llen.&lt;\/span&gt;&lt;br&gt;&lt;\/p&gt;                 &lt;br&gt;&lt;br&gt;\"\n            data-category=\"Workshop\"\n            data-category-ids=\"1003\"\n            data-span-all=\"\"\n                      >\n\n            <div class=\"event_content\">\n              <div class=\"title\">\n                                <span>Clownetterna - F\u00f6rdjupande workshop<\/span>\n              <\/div>\n              <div class=\"span_room\"><span><\/span><\/div>\n              <div class=\"time\">\n                <span>\n                  15:25-16:10                <\/span><\/div>\n\n              <div class=\"lecturer\"><span>Pia \"Dr Musik\" Degr\u00e9us, Sjukhusclown, Clownetterna; Jenny \"Hopp-San\" Carlsson, Sjukhusclown, Clownetterna; Kristian \"Krusbert\" Elmeskog, Sjukhusclown, Clownetterna; Lina \"LillaSyster\" Degr\u00e9us, Sjukhusclown, Clownetterna; Adam \"Hemling\" Brom\u00e9e, Sjukhusclown, Clownetterna<\/span><\/div>\n            <\/div>\n\n\n                                <div style=\"background-color:#B2A1C9; position: absolute !important ; height: 4px !important; left: 4px; right: 4px; bottom : 2px !important;  border\"><\/div>\n            \n          <\/div>\n\n      \n          <div class=\"event \"\n            data-id=\"1036\"\n            data-project=\"project_338_2017_12_12\"\n            data-title=\"EKG-tolkning barn\"\n            data-abs-nbr=\"\"\n            data-ystart=\"15.416666666667\"\n            data-yend=\"16.166666666667\"\n            data-time=\"15:25-16:10\"\n            data-room=\"9\"\n            data-room-id=\"1026\"\n            data-room-name=\"Sal 108\"\n            data-day=\"0\"\n            data-abs-path=\"\"\n            data-speaker=\"Jaana Vinnal, Barnl\u00e4kare, Specialistl\u00e4kare Barn- och ungdomsmedicin, Barn- och ungdomskliniken V\u00e4ster\u00e5s\"\n            data-speakercell=\"Jaana Vinnal, Barnl\u00e4kare, Specialistl\u00e4kare Barn- och ungdomsmedicin, Barn- och ungdomskliniken V\u00e4ster\u00e5s\"\n            data-info=\"                  &lt;table&gt;                   &lt;tbody&gt;                    &lt;tr&gt;                     &lt;td&gt;EKG-tolkning i sm\u00e5 grupper&lt;\/td&gt;                    &lt;\/tr&gt;                   &lt;\/tbody&gt;                  &lt;\/table&gt;&lt;br&gt;&lt;span style=&quot;font-style: italic;&quot;&gt;Samma workshop arrangeras vid fler tillf\u00e4llen.                 &lt;\/span&gt;&lt;br&gt;&lt;br&gt;\"\n            data-category=\"Workshop\"\n            data-category-ids=\"1003\"\n            data-span-all=\"\"\n                      >\n\n            <div class=\"event_content\">\n              <div class=\"title\">\n                                <span>EKG-tolkning barn<\/span>\n              <\/div>\n              <div class=\"span_room\"><span><\/span><\/div>\n              <div class=\"time\">\n                <span>\n                  15:25-16:10                <\/span><\/div>\n\n              <div class=\"lecturer\"><span>Jaana Vinnal, Barnl\u00e4kare, Specialistl\u00e4kare Barn- och ungdomsmedicin, Barn- och ungdomskliniken V\u00e4ster\u00e5s<\/span><\/div>\n            <\/div>\n\n\n                                <div style=\"background-color:#B2A1C9; position: absolute !important ; height: 4px !important; left: 4px; right: 4px; bottom : 2px !important;  border\"><\/div>\n            \n          <\/div>\n\n      \n          <div class=\"event \"\n            data-id=\"1030\"\n            data-project=\"project_338_2017_12_12\"\n            data-title=\"Studierektorerna\"\n            data-abs-nbr=\"\"\n            data-ystart=\"15.416666666667\"\n            data-yend=\"17\"\n            data-time=\"15:25-17:00\"\n            data-room=\"8\"\n            data-room-id=\"1025\"\n            data-room-name=\"Sal 107\"\n            data-day=\"0\"\n            data-abs-path=\"\"\n            data-speaker=\"Eva Albinsson, Barnl\u00e4kare, Landstinget i V\u00e4rmland\"\n            data-speakercell=\"Eva Albinsson, Barnl\u00e4kare, Landstinget i V\u00e4rmland\"\n            data-info=\"                  &lt;p&gt;\u00c5rligt m\u00f6te f\u00f6r landets Studierektorer i pediatrik. Allm\u00e4n presentation (\u00f6vriga fr\u00e5gor). Diskussion kring Utbildningsguiden, Bed\u00f6mningsmetoder, Kompetenstrappan, SK-kurser 2019-2022, kn\u00e4ckfall?&lt;\/p&gt;&lt;p&gt;&lt;span style=&quot;font-weight: bold;&quot;&gt;Agenda&lt;\/span&gt;&lt;\/p&gt;&lt;p&gt;13.15-13.40&amp;nbsp; &amp;nbsp;V\u00e4lkommen och presentation av n\u00e4rvarande SR (\u00c5sa Helblom\/Eva Albinsson)&lt;\/p&gt;&lt;p&gt;13.40-13.55&amp;nbsp; &amp;nbsp;Utbildningsutskottet - info och nya medlemmar&lt;\/p&gt;&lt;p&gt;13.55-14.10&amp;nbsp; &amp;nbsp;Specialistskrivningen - rapport om f\u00f6rra \u00e5rets skrivning och fortsatt planering (Eva Albinsson\/\u00c5sa Myrelid)&lt;\/p&gt;&lt;p&gt;14.10-14.50&amp;nbsp; &amp;nbsp;SK-kurser, info om upphandlingen och prioritering. Hur kan vi f\u00e5 fler att arrangera kurser? (Eva Albinsson)&lt;\/p&gt;&lt;p&gt;15.25-16.10&amp;nbsp; &amp;nbsp;Bed\u00f6mningsmetoder f\u00f6r ST-l\u00e4kare (John Terlinder)&lt;\/p&gt;&lt;p&gt;16.10-16.45&amp;nbsp; &amp;nbsp;Hur g\u00f6r vi n\u00e4r inte ST-l\u00e4karen uppfyller m\u00e5len? (Diskussion) (John Terlinder)&lt;\/p&gt;&lt;p&gt;16.45-17.00&amp;nbsp; &amp;nbsp;\u00d6vriga fr\u00e5gor&lt;\/p&gt;                 &lt;br&gt;&lt;br&gt;\"\n            data-category=\"M\u00f6te\"\n            data-category-ids=\"1004\"\n            data-span-all=\"\"\n                      >\n\n            <div class=\"event_content\">\n              <div class=\"title\">\n                                <span>Studierektorerna<\/span>\n              <\/div>\n              <div class=\"span_room\"><span><\/span><\/div>\n              <div class=\"time\">\n                <span>\n                  15:25-17:00                <\/span><\/div>\n\n              <div class=\"lecturer\"><span>Eva Albinsson, Barnl\u00e4kare, Landstinget i V\u00e4rmland<\/span><\/div>\n            <\/div>\n\n\n                                <div style=\"background-color:#FFFA5C; position: absolute !important ; height: 4px !important; left: 4px; right: 4px; bottom : 2px !important;  border\"><\/div>\n            \n          <\/div>\n\n      \n          <div class=\"event \"\n            data-id=\"1020\"\n            data-project=\"project_338_2017_12_12\"\n            data-title=\"Barn som far illa - Hur f\u00f6rebygger vi att barn far illa? Barn och unga som anh\u00f6rig\"\n            data-abs-nbr=\"\"\n            data-ystart=\"15.416666666667\"\n            data-yend=\"16.166666666667\"\n            data-time=\"15:25-16:10\"\n            data-room=\"3\"\n            data-room-id=\"1024\"\n            data-room-name=\"H\u00f6rsalen\"\n            data-day=\"0\"\n            data-abs-path=\"\"\n            data-speaker=\"Steven Lucas, Barnh\u00e4lsov\u00e5rds\u00f6verl\u00e4kare, docent, Uppsala; Maria Engstr\u00f6m; Johanna Karlsson, Karlskoga och Degerfors kommun\"\n            data-speakercell=\"Steven Lucas, Barnh\u00e4lsov\u00e5rds\u00f6verl\u00e4kare, docent, Uppsala; Maria Engstr\u00f6m; Johanna Karlsson, Karlskoga och Degerfors kommun\"\n            data-info=\"                  &lt;p&gt;&lt;b&gt;&lt;i&gt;Hurf\u00f6rebygger vi att barn far illa?&lt;\/i&gt;&lt;\/b&gt;&lt;\/p&gt;&lt;p&gt;15.25 \u2013 16.10&lt;\/p&gt;&lt;p&gt;&lt;b&gt;BarnS\u00e4kert - f\u00f6rebyggande och st\u00f6djande insatser inom barnh\u00e4lsov\u00e5rden&lt;\/b&gt;&lt;\/p&gt;&lt;p&gt;Steven Lucas, barnh\u00e4lsov\u00e5rds\u00f6verl\u00e4kare, docent&lt;\/p&gt;&lt;p&gt;Maria Engstr\u00f6m, v\u00e5rdutvecklare, doktorand&lt;\/p&gt;&lt;p&gt;Akademiska barnsjukhuset, Uppsala&lt;\/p&gt;&lt;p&gt;&lt;b&gt;Barn och unga som anh\u00f6rig - Utvecklingsarbete f\u00f6r barn och unga ifamiljer med&lt;\/b&gt;&lt;\/p&gt;&lt;p&gt;&lt;b&gt;Missbruk och psykisk oh\u00e4lsa&lt;\/b&gt;&lt;\/p&gt;&lt;p&gt;Johanna Karlsson, folkh\u00e4lsoutvecklare &lt;br&gt;Karlskogaoch Degerfors kommuner&lt;\/p&gt;                 &lt;br&gt;&lt;br&gt;\"\n            data-category=\"F\u00f6rel\u00e4sning\"\n            data-category-ids=\"1002\"\n            data-span-all=\"\"\n                      >\n\n            <div class=\"event_content\">\n              <div class=\"title\">\n                                <span>Barn som far illa - Hur f\u00f6rebygger vi att barn far illa? Barn och unga som anh\u00f6rig<\/span>\n              <\/div>\n              <div class=\"span_room\"><span><\/span><\/div>\n              <div class=\"time\">\n                <span>\n                  15:25-16:10                <\/span><\/div>\n\n              <div class=\"lecturer\"><span>Steven Lucas, Barnh\u00e4lsov\u00e5rds\u00f6verl\u00e4kare, docent, Uppsala; Maria Engstr\u00f6m; Johanna Karlsson, Karlskoga och Degerfors kommun<\/span><\/div>\n            <\/div>\n\n\n                                <div style=\"background-color:#B2FF78; position: absolute !important ; height: 4px !important; left: 4px; right: 4px; bottom : 2px !important;  border\"><\/div>\n            \n          <\/div>\n\n      \n          <div class=\"event \"\n            data-id=\"1022\"\n            data-project=\"project_338_2017_12_12\"\n            data-title=\"Barnonkologi - Modern behandling inom barnonkologi\"\n            data-abs-nbr=\"\"\n            data-ystart=\"15.416666666667\"\n            data-yend=\"16.166666666667\"\n            data-time=\"15:25-16:10\"\n            data-room=\"1\"\n            data-room-id=\"1021\"\n            data-room-name=\"Lilla Kongresshallen\"\n            data-day=\"0\"\n            data-abs-path=\"\"\n            data-speaker=\"Gustaf Ljungman, Professor, Barnl\u00e4kare, Akademiska barnsjukhuset, Uppsala; Johan Arvidson, Docent, barnonkolog, Uppsala universitet, Akademiska barnsjukhuset\"\n            data-speakercell=\"Gustaf Ljungman, Professor, Barnl\u00e4kare, Akademiska barnsjukhuset, Uppsala; Johan Arvidson, Docent, barnonkolog, Uppsala universitet, Akademiska barnsjukhuset\"\n            data-info=\"                  &lt;p&gt;Modern behandling inom barnonkologi (JA och GL)&lt;br&gt;&lt;\/p&gt;                 &lt;br&gt;&lt;br&gt;\"\n            data-category=\"F\u00f6rel\u00e4sning\"\n            data-category-ids=\"1002\"\n            data-span-all=\"\"\n                      >\n\n            <div class=\"event_content\">\n              <div class=\"title\">\n                                <span>Barnonkologi - Modern behandling inom barnonkologi<\/span>\n              <\/div>\n              <div class=\"span_room\"><span><\/span><\/div>\n              <div class=\"time\">\n                <span>\n                  15:25-16:10                <\/span><\/div>\n\n              <div class=\"lecturer\"><span>Gustaf Ljungman, Professor, Barnl\u00e4kare, Akademiska barnsjukhuset, Uppsala; Johan Arvidson, Docent, barnonkolog, Uppsala universitet, Akademiska barnsjukhuset<\/span><\/div>\n            <\/div>\n\n\n                                <div style=\"background-color:#B2FF78; position: absolute !important ; height: 4px !important; left: 4px; right: 4px; bottom : 2px !important;  border\"><\/div>\n            \n          <\/div>\n\n      \n          <div class=\"event \"\n            data-id=\"1019\"\n            data-project=\"project_338_2017_12_12\"\n            data-title=\"Neonatalogi - Neonatal resuscitation training and global perinatal mortality, accomplishments and challenges\"\n            data-abs-nbr=\"\"\n            data-ystart=\"15.416666666667\"\n            data-yend=\"16.166666666667\"\n            data-time=\"15:25-16:10\"\n            data-room=\"0\"\n            data-room-id=\"1018\"\n            data-room-name=\"Stora Kongresshallen\"\n            data-day=\"0\"\n            data-abs-path=\"\"\n            data-speaker=\"Johan Wrammert\"\n            data-speakercell=\"Johan Wrammert\"\n            data-info=\"&lt;b&gt;Moderatorer: &lt;\/b&gt;Barbro Diderholm, Neonatolog, Akademiska barnsjukhuset&lt;br&gt;&lt;br&gt;                  &lt;p&gt;Neonatalogi&lt;br&gt;&lt;\/p&gt;                 &lt;br&gt;&lt;br&gt;\"\n            data-category=\"F\u00f6rel\u00e4sning\"\n            data-category-ids=\"1002\"\n            data-span-all=\"\"\n                      >\n\n            <div class=\"event_content\">\n              <div class=\"title\">\n                                <span>Neonatalogi - Neonatal resuscitation training and global perinatal mortality, accomplishments and challenges<\/span>\n              <\/div>\n              <div class=\"span_room\"><span><\/span><\/div>\n              <div class=\"time\">\n                <span>\n                  15:25-16:10                <\/span><\/div>\n\n              <div class=\"lecturer\"><span>Johan Wrammert<\/span><\/div>\n            <\/div>\n\n\n                                <div style=\"background-color:#B2FF78; position: absolute !important ; height: 4px !important; left: 4px; right: 4px; bottom : 2px !important;  border\"><\/div>\n            \n          <\/div>\n\n      \n          <div class=\"event \"\n            data-id=\"1025\"\n            data-project=\"project_338_2017_12_12\"\n            data-title=\"Barn som far illa - Hur f\u00f6rebygger vi att barn far illa? Barn och unga som anh\u00f6riga\"\n            data-abs-nbr=\"\"\n            data-ystart=\"16.25\"\n            data-yend=\"17\"\n            data-time=\"16:15-17:00\"\n            data-room=\"3\"\n            data-room-id=\"1024\"\n            data-room-name=\"H\u00f6rsalen\"\n            data-day=\"0\"\n            data-abs-path=\"\"\n            data-speaker=\"Steven Lucas, Barnh\u00e4lsov\u00e5rds\u00f6verl\u00e4kare, docent, Uppsala; Peter Wide, Barnl\u00e4kare, H.K.H. Kronprinsessan Viktorias Barn- och ungdoms\"\n            data-speakercell=\"Steven Lucas, Barnh\u00e4lsov\u00e5rds\u00f6verl\u00e4kare, docent, Uppsala; Peter Wide, Barnl\u00e4kare, H.K.H. Kronprinsessan Viktorias Barn- och ungdoms\"\n            data-info=\"                  &lt;p&gt;16.15 \u2013 17.00&lt;\/p&gt;&lt;p&gt;&lt;b&gt;Paneldiskussion&lt;\/b&gt;&lt;\/p&gt;&lt;p&gt;Vad kan vi g\u00f6ra? \u2013 hur kan vi arbeta f\u00f6r att minska riskerna att barn i Sverige&amp;nbsp;farilla?&lt;\/p&gt;&lt;p&gt;Moderatorer:&lt;\/p&gt;&lt;p&gt;Godfried van Agthoven, BLFs delf\u00f6rening Barn som far illa samt Barnskyddsteamet VG-regionen&lt;\/p&gt;&lt;p&gt;Peter Wide, BLFs delf\u00f6rening Barn som far illa samt Barnskyddsteam Region \u00d6sterg\u00f6tland&lt;\/p&gt;&lt;p&gt;Paneldeltagare:&lt;\/p&gt;&lt;p&gt;&lt;\/p&gt;&lt;ul&gt;&lt;li&gt;Steven Lucas, barnh\u00e4lsov\u00e5rds\u00f6verl\u00e4kare, docent&lt;br&gt;&lt;\/li&gt;&lt;li&gt;Louise Laurell, \u00f6verl\u00e4kare VO barn-och ungdomsmedicin, Sk\u00e5nes universitetssjukhus&lt;br&gt;&lt;\/li&gt;&lt;li&gt;Frida Fr\u00f6berg,&amp;nbsp;Tematiskr\u00e5dgivare barn utsatta f\u00f6r v\u00e5ld,&amp;nbsp;R\u00e4dda Barnen&amp;nbsp;&lt;br&gt;&lt;\/li&gt;&lt;li&gt;Cecilia Sj\u00f6lander, Generalsekreterare,Allm\u00e4nna Barnhuset&lt;br&gt;&lt;\/li&gt;&lt;li&gt;Britta Holmberg, Programchef,vice generalsekreterare, World Childhood Foundation&lt;br&gt;&lt;\/li&gt;&lt;\/ul&gt;&lt;p&gt;&lt;\/p&gt;&lt;p&gt;&lt;br&gt;&lt;\/p&gt;&lt;p&gt;&amp;nbsp;&lt;\/p&gt;&lt;p&gt;&lt;\/p&gt;&lt;p&gt;&amp;nbsp;&lt;\/p&gt;                  &lt;p&gt;&lt;\/p&gt;                  &lt;p&gt;&amp;nbsp;&lt;\/p&gt;                 &lt;br&gt;&lt;br&gt;\"\n            data-category=\"F\u00f6rel\u00e4sning\"\n            data-category-ids=\"1002\"\n            data-span-all=\"\"\n                      >\n\n            <div class=\"event_content\">\n              <div class=\"title\">\n                                <span>Barn som far illa - Hur f\u00f6rebygger vi att barn far illa? Barn och unga som anh\u00f6riga<\/span>\n              <\/div>\n              <div class=\"span_room\"><span><\/span><\/div>\n              <div class=\"time\">\n                <span>\n                  16:15-17:00                <\/span><\/div>\n\n              <div class=\"lecturer\"><span>Steven Lucas, Barnh\u00e4lsov\u00e5rds\u00f6verl\u00e4kare, docent, Uppsala; Peter Wide, Barnl\u00e4kare, H.K.H. Kronprinsessan Viktorias Barn- och ungdoms<\/span><\/div>\n            <\/div>\n\n\n                                <div style=\"background-color:#B2FF78; position: absolute !important ; height: 4px !important; left: 4px; right: 4px; bottom : 2px !important;  border\"><\/div>\n            \n          <\/div>\n\n      \n          <div class=\"event \"\n            data-id=\"1027\"\n            data-project=\"project_338_2017_12_12\"\n            data-title=\"Barnonkologi - Transition Barnonkologi\"\n            data-abs-nbr=\"\"\n            data-ystart=\"16.25\"\n            data-yend=\"17\"\n            data-time=\"16:15-17:00\"\n            data-room=\"1\"\n            data-room-id=\"1021\"\n            data-room-name=\"Lilla Kongresshallen\"\n            data-day=\"0\"\n            data-abs-path=\"\"\n            data-speaker=\"Johan Arvidson, Docent, barnonkolog, Uppsala universitet, Akademiska barnsjukhuset; Margaretha  Stenmarker,  PhD, Barnonkolog, L\u00e4nssjukhuset Ryhov och Drottning Silvias barn- och ungdomssjukhus\"\n            data-speakercell=\"Johan Arvidson, Docent, barnonkolog, Uppsala universitet, Akademiska barnsjukhuset; Margaretha  Stenmarker,  PhD, Barnonkolog, L\u00e4nssjukhuset Ryhov och Drottning Silvias barn- och ungdomssjukhus\"\n            data-info=\"                  &lt;p&gt;Transition.&amp;nbsp;Hur m\u00e5r&amp;nbsp;de vuxna som haft cancer som barn? Nationellt v\u00e5rdprogram f\u00f6r&amp;nbsp;l\u00e5ngtidsuppf\u00f6ljning efter barncancer.&amp;nbsp;&lt;br&gt;&lt;\/p&gt;                 &lt;br&gt;&lt;br&gt;\"\n            data-category=\"F\u00f6rel\u00e4sning\"\n            data-category-ids=\"1002\"\n            data-span-all=\"\"\n                      >\n\n            <div class=\"event_content\">\n              <div class=\"title\">\n                                <span>Barnonkologi - Transition Barnonkologi<\/span>\n              <\/div>\n              <div class=\"span_room\"><span><\/span><\/div>\n              <div class=\"time\">\n                <span>\n                  16:15-17:00                <\/span><\/div>\n\n              <div class=\"lecturer\"><span>Johan Arvidson, Docent, barnonkolog, Uppsala universitet, Akademiska barnsjukhuset; Margaretha  Stenmarker,  PhD, Barnonkolog, L\u00e4nssjukhuset Ryhov och Drottning Silvias barn- och ungdomssjukhus<\/span><\/div>\n            <\/div>\n\n\n                                <div style=\"background-color:#B2FF78; position: absolute !important ; height: 4px !important; left: 4px; right: 4px; bottom : 2px !important;  border\"><\/div>\n            \n          <\/div>\n\n      \n          <div class=\"event \"\n            data-id=\"1024\"\n            data-project=\"project_338_2017_12_12\"\n            data-title=\"Neonatalogi - Initial management of the extremely preterm infant\"\n            data-abs-nbr=\"\"\n            data-ystart=\"16.25\"\n            data-yend=\"17\"\n            data-time=\"16:15-17:00\"\n            data-room=\"0\"\n            data-room-id=\"1018\"\n            data-room-name=\"Stora Kongresshallen\"\n            data-day=\"0\"\n            data-abs-path=\"\"\n            data-speaker=\"Johan \u00c5gren\"\n            data-speakercell=\"Johan \u00c5gren\"\n            data-info=\"&lt;b&gt;Moderatorer: &lt;\/b&gt;Barbro Diderholm, Neonatolog, Akademiska barnsjukhuset&lt;br&gt;&lt;br&gt;\"\n            data-category=\"F\u00f6rel\u00e4sning\"\n            data-category-ids=\"1002\"\n            data-span-all=\"\"\n                      >\n\n            <div class=\"event_content\">\n              <div class=\"title\">\n                                <span>Neonatalogi - Initial management of the extremely preterm infant<\/span>\n              <\/div>\n              <div class=\"span_room\"><span><\/span><\/div>\n              <div class=\"time\">\n                <span>\n                  16:15-17:00                <\/span><\/div>\n\n              <div class=\"lecturer\"><span>Johan \u00c5gren<\/span><\/div>\n            <\/div>\n\n\n                                <div style=\"background-color:#B2FF78; position: absolute !important ; height: 4px !important; left: 4px; right: 4px; bottom : 2px !important;  border\"><\/div>\n            \n          <\/div>\n\n      \n          <div class=\"event \"\n            data-id=\"1035\"\n            data-project=\"project_338_2017_12_12\"\n            data-title=\"L\u00e4karchefer\"\n            data-abs-nbr=\"\"\n            data-ystart=\"16.25\"\n            data-yend=\"17\"\n            data-time=\"16:15-17:00\"\n            data-room=\"10\"\n            data-room-id=\"1022\"\n            data-room-name=\"Sal 109\"\n            data-day=\"0\"\n            data-abs-path=\"\"\n            data-speaker=\"\"\n            data-speakercell=\"\"\n            data-info=\"&lt;b&gt;Moderatorer: &lt;\/b&gt;Niklas Segerdahl&lt;br&gt;&lt;br&gt;                 &lt;p&gt;Presentationsrunda,diskussion av arbetsinneh\u00e5ll och f\u00f6ruts\u00e4ttningar, inkomna diskussionspunktersamt positiva exempel att dela med sig av&lt;br&gt;&lt;\/p&gt;                &lt;br&gt;&lt;br&gt;\"\n            data-category=\"M\u00f6te\"\n            data-category-ids=\"1004\"\n            data-span-all=\"\"\n                      >\n\n            <div class=\"event_content\">\n              <div class=\"title\">\n                                <span>L\u00e4karchefer<\/span>\n              <\/div>\n              <div class=\"span_room\"><span><\/span><\/div>\n              <div class=\"time\">\n                <span>\n                  16:15-17:00                <\/span><\/div>\n\n              \n            <\/div>\n\n\n                                <div style=\"background-color:#FFFA5C; position: absolute !important ; height: 4px !important; left: 4px; right: 4px; bottom : 2px !important;  border\"><\/div>\n            \n          <\/div>\n\n      \n          <div class=\"event \"\n            data-id=\"1037\"\n            data-project=\"project_338_2017_12_12\"\n            data-title=\"EKG-tolkning barn\"\n            data-abs-nbr=\"\"\n            data-ystart=\"16.25\"\n            data-yend=\"17\"\n            data-time=\"16:15-17:00\"\n            data-room=\"9\"\n            data-room-id=\"1026\"\n            data-room-name=\"Sal 108\"\n            data-day=\"0\"\n            data-abs-path=\"\"\n            data-speaker=\"Jaana Vinnal, Barnl\u00e4kare, Specialistl\u00e4kare Barn- och ungdomsmedicin, Barn- och ungdomskliniken V\u00e4ster\u00e5s\"\n            data-speakercell=\"Jaana Vinnal, Barnl\u00e4kare, Specialistl\u00e4kare Barn- och ungdomsmedicin, Barn- och ungdomskliniken V\u00e4ster\u00e5s\"\n            data-info=\"&lt;p&gt;                  &lt;\/p&gt;&lt;table&gt;                   &lt;tbody&gt;                    &lt;tr&gt;                     &lt;td&gt;EKG-tolkning i sm\u00e5 grupper&lt;\/td&gt;                    &lt;\/tr&gt;                   &lt;\/tbody&gt;                  &lt;\/table&gt;&lt;p&gt;&lt;\/p&gt;&lt;p&gt;&lt;span style=&quot;font-style: italic;&quot;&gt;Samma workshop arrangeras vid fler tillf\u00e4llen.&lt;\/span&gt;&lt;br&gt;&lt;\/p&gt;&lt;p&gt;                 &lt;\/p&gt;&lt;br&gt;&lt;br&gt;\"\n            data-category=\"Workshop\"\n            data-category-ids=\"1003\"\n            data-span-all=\"\"\n                      >\n\n            <div class=\"event_content\">\n              <div class=\"title\">\n                                <span>EKG-tolkning barn<\/span>\n              <\/div>\n              <div class=\"span_room\"><span><\/span><\/div>\n              <div class=\"time\">\n                <span>\n                  16:15-17:00                <\/span><\/div>\n\n              <div class=\"lecturer\"><span>Jaana Vinnal, Barnl\u00e4kare, Specialistl\u00e4kare Barn- och ungdomsmedicin, Barn- och ungdomskliniken V\u00e4ster\u00e5s<\/span><\/div>\n            <\/div>\n\n\n                                <div style=\"background-color:#B2A1C9; position: absolute !important ; height: 4px !important; left: 4px; right: 4px; bottom : 2px !important;  border\"><\/div>\n            \n          <\/div>\n\n      \n          <div class=\"event \"\n            data-id=\"1038\"\n            data-project=\"project_338_2017_12_12\"\n            data-title=\"V\u00e4lkomstmingel p\u00e5 ACC, representant f\u00f6r V\u00e4ster\u00e5s\"\n            data-abs-nbr=\"\"\n            data-ystart=\"17\"\n            data-yend=\"17.75\"\n            data-time=\"17:00-17:45\"\n            data-room=\"18\"\n            data-room-id=\"1013\"\n            data-room-name=\"Utst\u00e4llningen\"\n            data-day=\"0\"\n            data-abs-path=\"\"\n            data-speaker=\"\"\n            data-speakercell=\"\"\n            data-info=\"\"\n            data-category=\"\"\n            data-category-ids=\"\"\n            data-span-all=\"1\"\n                      >\n\n            <div class=\"event_content\">\n              <div class=\"title\">\n                                <span>V\u00e4lkomstmingel p\u00e5 ACC, representant f\u00f6r V\u00e4ster\u00e5s<\/span>\n              <\/div>\n              <div class=\"span_room\"><span>Utst\u00e4llningen<br\/><\/span><\/div>\n              <div class=\"time\">\n                <span>\n                  17:00-17:45                <\/span><\/div>\n\n              \n            <\/div>\n\n\n            \n          <\/div>\n\n      \n          <div class=\"event \"\n            data-id=\"1039\"\n            data-project=\"project_338_2017_12_12\"\n            data-title=\"Middag p\u00e5 Hotell Plaza och d\u00e4refter mingel i Sky bar, 18.00-20.00\"\n            data-abs-nbr=\"\"\n            data-ystart=\"18\"\n            data-yend=\"20\"\n            data-time=\"18:00-20:00\"\n            data-room=\"15\"\n            data-room-id=\"1014\"\n            data-room-name=\"Hotell Plaza\"\n            data-day=\"0\"\n            data-abs-path=\"\"\n            data-speaker=\"\"\n            data-speakercell=\"\"\n            data-info=\"\"\n            data-category=\"\"\n            data-category-ids=\"\"\n            data-span-all=\"1\"\n                      >\n\n            <div class=\"event_content\">\n              <div class=\"title\">\n                                <span>Middag p\u00e5 Hotell Plaza och d\u00e4refter mingel i Sky bar, 18.00-20.00<\/span>\n              <\/div>\n              <div class=\"span_room\"><span>Hotell Plaza<br\/><\/span><\/div>\n              <div class=\"time\">\n                <span>\n                  18:00-20:00                <\/span><\/div>\n\n              \n            <\/div>\n\n\n            \n          <\/div>\n\n      \n          <div class=\"event \"\n            data-id=\"1352\"\n            data-project=\"project_338_2017_12_12\"\n            data-title=\"Registreringen \u00e4r \u00f6ppen 07.30-17.00\"\n            data-abs-nbr=\"\"\n            data-ystart=\"7.5\"\n            data-yend=\"8.25\"\n            data-time=\"07:30-08:15\"\n            data-room=\"20\"\n            data-room-id=\"1035\"\n            data-room-name=\"Plan 1\"\n            data-day=\"1\"\n            data-abs-path=\"\"\n            data-speaker=\"\"\n            data-speakercell=\"\"\n            data-info=\"                  &lt;p&gt;&lt;br&gt;&lt;\/p&gt;                 &lt;br&gt;&lt;br&gt;\"\n            data-category=\"\"\n            data-category-ids=\"\"\n            data-span-all=\"1\"\n                      >\n\n            <div class=\"event_content\">\n              <div class=\"title\">\n                                <span>Registreringen \u00e4r \u00f6ppen 07.30-17.00<\/span>\n              <\/div>\n              <div class=\"span_room\"><span>Plan 1<br\/><\/span><\/div>\n              <div class=\"time\">\n                <span>\n                  07:30-08:15                <\/span><\/div>\n\n              \n            <\/div>\n\n\n            \n          <\/div>\n\n      \n          <div class=\"event \"\n            data-id=\"1076\"\n            data-project=\"project_338_2017_12_12\"\n            data-title=\"Ungdomsmedicin - Hur fungerar ungdomar och hur bem\u00f6ter du dem?\"\n            data-abs-nbr=\"\"\n            data-ystart=\"8.25\"\n            data-yend=\"9.8333333333333\"\n            data-time=\"08:15-09:50\"\n            data-room=\"4\"\n            data-room-id=\"1019\"\n            data-room-name=\"Sal 301\"\n            data-day=\"1\"\n            data-abs-path=\"\"\n            data-speaker=\"Charlotte Nylander, PhD, Barnl\u00e4kare, S\u00f6dermanland\"\n            data-speakercell=\"Charlotte Nylander, PhD, Barnl\u00e4kare, S\u00f6dermanland\"\n            data-info=\"&lt;b&gt;Moderatorer: &lt;\/b&gt;Katrin \u00d6stlund, Barn och Ungdomsl\u00e4kare, Barn och Ungdomskliniken&lt;br&gt;&lt;br&gt;                  &lt;p&gt;Att f\u00e5 till bra samtal med ungdomar \u00e4r ofta en sp\u00e4nnande och utmanande uppgift. F\u00f6rel\u00e4sningens inneh\u00e5ll syftar till att du b\u00e4ttre ska kunna f\u00f6rst\u00e5 och n\u00e5 fram till din ton\u00e5rspatient. Hj\u00e4rnans utveckling under ungdoms\u00e5ren samt dess p\u00e5verkan p\u00e5 den biopsykosociala utvecklingen kommer att tas upp. Vidare diskuteras hur man kan f\u00e5 till ungdomsv\u00e4nliga bes\u00f6k och vilka anamnesverktyg som med f\u00f6rdel kan anv\u00e4ndas i samtal med ungdomar.&lt;br&gt;&lt;\/p&gt;                 &lt;br&gt;&lt;br&gt;\"\n            data-category=\"F\u00f6rel\u00e4sning\"\n            data-category-ids=\"1002\"\n            data-span-all=\"\"\n                      >\n\n            <div class=\"event_content\">\n              <div class=\"title\">\n                                <span>Ungdomsmedicin - Hur fungerar ungdomar och hur bem\u00f6ter du dem?<\/span>\n              <\/div>\n              <div class=\"span_room\"><span><\/span><\/div>\n              <div class=\"time\">\n                <span>\n                  08:15-09:50                <\/span><\/div>\n\n              <div class=\"lecturer\"><span>Charlotte Nylander, PhD, Barnl\u00e4kare, S\u00f6dermanland<\/span><\/div>\n            <\/div>\n\n\n                                <div style=\"background-color:#B2FF78; position: absolute !important ; height: 4px !important; left: 4px; right: 4px; bottom : 2px !important;  border\"><\/div>\n            \n          <\/div>\n\n      \n          <div class=\"event \"\n            data-id=\"1055\"\n            data-project=\"project_338_2017_12_12\"\n            data-title=\"Kardiologi - Tema: Att leva med kronisk hj\u00e4rtsjukdom. Uppf\u00f6ljningsprogram\"\n            data-abs-nbr=\"\"\n            data-ystart=\"8.25\"\n            data-yend=\"9\"\n            data-time=\"08:15-09:00\"\n            data-room=\"3\"\n            data-room-id=\"1024\"\n            data-room-name=\"H\u00f6rsalen\"\n            data-day=\"1\"\n            data-abs-path=\"\"\n            data-speaker=\"Cecilia Kjellberg Olofsson, Barnkardiolog, Sundsvalls sjukhus\"\n            data-speakercell=\"Cecilia Kjellberg Olofsson, Barnkardiolog, Sundsvalls sjukhus\"\n            data-info=\"                  &lt;p&gt;Kardiologi - Tema: Att leva med kronisk hj\u00e4rtsjukdom&lt;\/p&gt;                  &lt;p&gt;Uppf\u00f6ljningsprogram f\u00f6r barn med hj\u00e4rtfel&lt;\/p&gt;                 &lt;br&gt;&lt;br&gt;\"\n            data-category=\"F\u00f6rel\u00e4sning\"\n            data-category-ids=\"1002\"\n            data-span-all=\"\"\n                      >\n\n            <div class=\"event_content\">\n              <div class=\"title\">\n                                <span>Kardiologi - Tema: Att leva med kronisk hj\u00e4rtsjukdom. Uppf\u00f6ljningsprogram<\/span>\n              <\/div>\n              <div class=\"span_room\"><span><\/span><\/div>\n              <div class=\"time\">\n                <span>\n                  08:15-09:00                <\/span><\/div>\n\n              <div class=\"lecturer\"><span>Cecilia Kjellberg Olofsson, Barnkardiolog, Sundsvalls sjukhus<\/span><\/div>\n            <\/div>\n\n\n                                <div style=\"background-color:#B2FF78; position: absolute !important ; height: 4px !important; left: 4px; right: 4px; bottom : 2px !important;  border\"><\/div>\n            \n          <\/div>\n\n      \n          <div class=\"event \"\n            data-id=\"1102\"\n            data-project=\"project_338_2017_12_12\"\n            data-title=\"Studierektorer - Verksamhetschefer - L\u00e4karchefer\"\n            data-abs-nbr=\"\"\n            data-ystart=\"8.25\"\n            data-yend=\"9.8333333333333\"\n            data-time=\"08:15-09:50\"\n            data-room=\"7\"\n            data-room-id=\"1030\"\n            data-room-name=\"Sal 105\"\n            data-day=\"1\"\n            data-abs-path=\"\"\n            data-speaker=\"\"\n            data-speakercell=\"\"\n            data-info=\"&lt;b&gt;Moderatorer: &lt;\/b&gt;Eva Albinsson, Barnl\u00e4kare, Landstinget i V\u00e4rmland; Andreas Ohlin&lt;br&gt;&lt;br&gt;                  &lt;ul&gt;                   &lt;li&gt;Fortbildning av barnl\u00e4kare, presentation av f\u00f6rslag&lt;\/li&gt;                   &lt;li&gt;Information om pediatrikcirkeln&lt;\/li&gt;                   &lt;li&gt;Bakjourskrav&lt;\/li&gt;                   &lt;li&gt;Fr\u00e5gor fr\u00e5n studierektorsm\u00f6tet&lt;\/li&gt;                   &lt;li&gt;Diskussion med representant fr\u00e5n Socialstyrelsen runt legitimation\/provtj\u00e4nstg\u00f6ring\/tredjelandsl\u00e4kare&lt;\/li&gt;                  &lt;\/ul&gt;                 &lt;br&gt;&lt;br&gt;\"\n            data-category=\"M\u00f6te\"\n            data-category-ids=\"1004\"\n            data-span-all=\"\"\n                      >\n\n            <div class=\"event_content\">\n              <div class=\"title\">\n                                <span>Studierektorer - Verksamhetschefer - L\u00e4karchefer<\/span>\n              <\/div>\n              <div class=\"span_room\"><span><\/span><\/div>\n              <div class=\"time\">\n                <span>\n                  08:15-09:50                <\/span><\/div>\n\n              \n            <\/div>\n\n\n                                <div style=\"background-color:#FFFA5C; position: absolute !important ; height: 4px !important; left: 4px; right: 4px; bottom : 2px !important;  border\"><\/div>\n            \n          <\/div>\n\n      \n          <div class=\"event \"\n            data-id=\"1041\"\n            data-project=\"project_338_2017_12_12\"\n            data-title=\"Nefrologi - Proteinuri och hematuri f\u00f6r ST-l\u00e4kare\"\n            data-abs-nbr=\"\"\n            data-ystart=\"8.25\"\n            data-yend=\"9.8333333333333\"\n            data-time=\"08:15-09:50\"\n            data-room=\"2\"\n            data-room-id=\"1023\"\n            data-room-name=\"Lilla Salen\"\n            data-day=\"1\"\n            data-abs-path=\"\"\n            data-speaker=\"\u00c5sa Laestadius, PhD, Barnl\u00e4kare, Astrid Lindgrens barnsjukhus, Stockholm; Karin Rosenborg, Karin Rosenborg, Barnl\u00e4kare, Sachsska barn- och ungdomssjukhuset, S\u00f6dersjukhuset, Stockholm\"\n            data-speakercell=\"\u00c5sa Laestadius, PhD, Barnl\u00e4kare, Astrid Lindgrens barnsjukhus, Stockholm; Karin Rosenborg, Karin Rosenborg, Barnl\u00e4kare, Sachsska barn- och ungdomssjukhuset, S\u00f6dersjukhuset, Stockholm\"\n            data-info=\"                 &lt;p&gt;Ett interaktivt seminarium d\u00e4r vi utifr\u00e5n fall ger tips p\u00e5 praktisk handl\u00e4ggning av hematuri och proteinuri.&lt;br&gt;&lt;\/p&gt;                &lt;br&gt;&lt;br&gt;\"\n            data-category=\"F\u00f6rel\u00e4sning\"\n            data-category-ids=\"1002\"\n            data-span-all=\"\"\n                      >\n\n            <div class=\"event_content\">\n              <div class=\"title\">\n                                <span>Nefrologi - Proteinuri och hematuri f\u00f6r ST-l\u00e4kare<\/span>\n              <\/div>\n              <div class=\"span_room\"><span><\/span><\/div>\n              <div class=\"time\">\n                <span>\n                  08:15-09:50                <\/span><\/div>\n\n              <div class=\"lecturer\"><span>\u00c5sa Laestadius, PhD, Barnl\u00e4kare, Astrid Lindgrens barnsjukhus, Stockholm; Karin Rosenborg, Karin Rosenborg, Barnl\u00e4kare, Sachsska barn- och ungdomssjukhuset, S\u00f6dersjukhuset, Stockholm<\/span><\/div>\n            <\/div>\n\n\n                                <div style=\"background-color:#B2FF78; position: absolute !important ; height: 4px !important; left: 4px; right: 4px; bottom : 2px !important;  border\"><\/div>\n            \n          <\/div>\n\n      \n          <div class=\"event \"\n            data-id=\"1091\"\n            data-project=\"project_338_2017_12_12\"\n            data-title=\" Nyf\u00f6dda barns behov av n\u00e4rhet och delaktighet med f\u00f6r\u00e4ldrar\"\n            data-abs-nbr=\"\"\n            data-ystart=\"8.25\"\n            data-yend=\"8.8333333333333\"\n            data-time=\"08:15-08:50\"\n            data-room=\"10\"\n            data-room-id=\"1022\"\n            data-room-name=\"Sal 109\"\n            data-day=\"1\"\n            data-abs-path=\"\"\n            data-speaker=\"Marianne Velandia, Barnmorska, Med. Dr.\"\n            data-speakercell=\"Marianne Velandia, Barnmorska, Med. Dr.\"\n            data-info=\"&lt;b&gt;Moderatorer: &lt;\/b&gt;Birgitta Kerstis, Lektor, Barnsjuksk\u00f6terska &amp; Universitetslektor,&lt;br&gt;&lt;br&gt;                  &lt;p&gt;Nyf\u00f6dda barns behov av n\u00e4rhet och delaktighet med f\u00f6r\u00e4ldrar direkt efter f\u00f6dseln.&amp;nbsp;&lt;\/p&gt;                  &lt;p&gt;M\u00e4lardalens h\u00f6gskola&lt;br&gt;&lt;\/p&gt;                 &lt;br&gt;&lt;br&gt;\"\n            data-category=\"F\u00f6rel\u00e4sning\"\n            data-category-ids=\"1002\"\n            data-span-all=\"\"\n                      >\n\n            <div class=\"event_content\">\n              <div class=\"title\">\n                                <span> Nyf\u00f6dda barns behov av n\u00e4rhet och delaktighet med f\u00f6r\u00e4ldrar<\/span>\n              <\/div>\n              <div class=\"span_room\"><span><\/span><\/div>\n              <div class=\"time\">\n                <span>\n                  08:15-08:50                <\/span><\/div>\n\n              <div class=\"lecturer\"><span>Marianne Velandia, Barnmorska, Med. Dr.<\/span><\/div>\n            <\/div>\n\n\n                                <div style=\"background-color:#B2FF78; position: absolute !important ; height: 4px !important; left: 4px; right: 4px; bottom : 2px !important;  border\"><\/div>\n            \n          <\/div>\n\n      \n          <div class=\"event \"\n            data-id=\"1084\"\n            data-project=\"project_338_2017_12_12\"\n            data-title=\"Barn  och l\u00e4kemedel- Praktisk pediatrisk farmakologi 3.0\"\n            data-abs-nbr=\"\"\n            data-ystart=\"8.25\"\n            data-yend=\"9.8333333333333\"\n            data-time=\"08:15-09:50\"\n            data-room=\"5\"\n            data-room-id=\"1020\"\n            data-room-name=\"Sal 302\"\n            data-day=\"1\"\n            data-abs-path=\"\"\n            data-speaker=\"Synn\u00f6ve Lindemalm, Barnl\u00e4kare, klinisk Farmakolog, Karolinska institutet Stockholm; Jenny Kindblom, Docent, klin farmakolog, G\u00f6teborg\"\n            data-speakercell=\"Synn\u00f6ve Lindemalm, Barnl\u00e4kare, klinisk Farmakolog, Karolinska institutet Stockholm; Jenny Kindblom, Docent, klin farmakolog, G\u00f6teborg\"\n            data-info=\"                  &lt;p&gt;Basal niv\u00e5. Kurs&lt;\/p&gt;                  &lt;table&gt;                   &lt;tbody&gt;                    &lt;tr&gt;                     &lt;td&gt;Vi g\u00e5r igenom basala farmakologiska begrepp med kliniken som grund. Teori, vetenskap och klinik blandas i en interaktiv f\u00f6rel\u00e4sning d\u00e4r du m\u00e5ste vara en del. Vi delar ut intyg efter genomg\u00e5ngen f\u00f6rel\u00e4sning.&lt;\/td&gt;                    &lt;\/tr&gt;                   &lt;\/tbody&gt;                  &lt;\/table&gt;                 &lt;br&gt;&lt;br&gt;\"\n            data-category=\"F\u00f6rel\u00e4sning\"\n            data-category-ids=\"1002\"\n            data-span-all=\"\"\n                      >\n\n            <div class=\"event_content\">\n              <div class=\"title\">\n                                <span>Barn  och l\u00e4kemedel- Praktisk pediatrisk farmakologi 3.0<\/span>\n              <\/div>\n              <div class=\"span_room\"><span><\/span><\/div>\n              <div class=\"time\">\n                <span>\n                  08:15-09:50                <\/span><\/div>\n\n              <div class=\"lecturer\"><span>Synn\u00f6ve Lindemalm, Barnl\u00e4kare, klinisk Farmakolog, Karolinska institutet Stockholm; Jenny Kindblom, Docent, klin farmakolog, G\u00f6teborg<\/span><\/div>\n            <\/div>\n\n\n                                <div style=\"background-color:#B2FF78; position: absolute !important ; height: 4px !important; left: 4px; right: 4px; bottom : 2px !important;  border\"><\/div>\n            \n          <\/div>\n\n      \n          <div class=\"event \"\n            data-id=\"1047\"\n            data-project=\"project_338_2017_12_12\"\n            data-title=\"Neonatalogi - Akut buk hos det nyf\u00f6dda barnet\"\n            data-abs-nbr=\"\"\n            data-ystart=\"8.25\"\n            data-yend=\"9\"\n            data-time=\"08:15-09:00\"\n            data-room=\"0\"\n            data-room-id=\"1018\"\n            data-room-name=\"Stora Kongresshallen\"\n            data-day=\"1\"\n            data-abs-path=\"\"\n            data-speaker=\"Helene Engstrand Lilja, Docent Barnl\u00e4kare, Akademiska barnsjukhuset Uppsala\"\n            data-speakercell=\"Helene Engstrand Lilja, Docent Barnl\u00e4kare, Akademiska barnsjukhuset Uppsala\"\n            data-info=\"&lt;b&gt;Moderatorer: &lt;\/b&gt;Barbro Diderholm, Neonatolog, Akademiska barnsjukhuset&lt;br&gt;&lt;br&gt;                  &lt;p&gt;Neonatalogi&lt;br&gt;&lt;\/p&gt;                 &lt;br&gt;&lt;br&gt;\"\n            data-category=\"F\u00f6rel\u00e4sning\"\n            data-category-ids=\"1002\"\n            data-span-all=\"\"\n                      >\n\n            <div class=\"event_content\">\n              <div class=\"title\">\n                                <span>Neonatalogi - Akut buk hos det nyf\u00f6dda barnet<\/span>\n              <\/div>\n              <div class=\"span_room\"><span><\/span><\/div>\n              <div class=\"time\">\n                <span>\n                  08:15-09:00                <\/span><\/div>\n\n              <div class=\"lecturer\"><span>Helene Engstrand Lilja, Docent Barnl\u00e4kare, Akademiska barnsjukhuset Uppsala<\/span><\/div>\n            <\/div>\n\n\n                                <div style=\"background-color:#B2FF78; position: absolute !important ; height: 4px !important; left: 4px; right: 4px; bottom : 2px !important;  border\"><\/div>\n            \n          <\/div>\n\n      \n          <div class=\"event \"\n            data-id=\"1060\"\n            data-project=\"project_338_2017_12_12\"\n            data-title=\"Gastroenterologi - Att leva med IBD under barn och ungdoms\u00e5ren\"\n            data-abs-nbr=\"\"\n            data-ystart=\"8.25\"\n            data-yend=\"9\"\n            data-time=\"08:15-09:00\"\n            data-room=\"1\"\n            data-room-id=\"1021\"\n            data-room-name=\"Lilla Kongresshallen\"\n            data-day=\"1\"\n            data-abs-path=\"\"\n            data-speaker=\"Torbj\u00f6rn Lind, Docent, Barnl\u00e4kare, Ume\u00e5; Petter Malmborg, Stockholm\"\n            data-speakercell=\"Torbj\u00f6rn Lind, Docent, Barnl\u00e4kare, Ume\u00e5; Petter Malmborg, Stockholm\"\n            data-info=\"&lt;b&gt;Moderatorer: &lt;\/b&gt;Robert Saalman, G\u00f6teborg&lt;br&gt;&lt;br&gt;                  &lt;p&gt;Att leva med IBD under barn och ungdoms\u00e5ren - hur p\u00e5verkas skolg\u00e5ng och livskvalitet?&lt;br&gt;&lt;\/p&gt;                 &lt;br&gt;&lt;br&gt;\"\n            data-category=\"F\u00f6rel\u00e4sning\"\n            data-category-ids=\"1002\"\n            data-span-all=\"\"\n                      >\n\n            <div class=\"event_content\">\n              <div class=\"title\">\n                                <span>Gastroenterologi - Att leva med IBD under barn och ungdoms\u00e5ren<\/span>\n              <\/div>\n              <div class=\"span_room\"><span><\/span><\/div>\n              <div class=\"time\">\n                <span>\n                  08:15-09:00                <\/span><\/div>\n\n              <div class=\"lecturer\"><span>Torbj\u00f6rn Lind, Docent, Barnl\u00e4kare, Ume\u00e5; Petter Malmborg, Stockholm<\/span><\/div>\n            <\/div>\n\n\n                                <div style=\"background-color:#B2FF78; position: absolute !important ; height: 4px !important; left: 4px; right: 4px; bottom : 2px !important;  border\"><\/div>\n            \n          <\/div>\n\n      \n          <div class=\"event \"\n            data-id=\"1276\"\n            data-project=\"project_338_2017_12_12\"\n            data-title=\"  Att fr\u00e4mja barns delaktighet i v\u00e5rdsituationer\"\n            data-abs-nbr=\"\"\n            data-ystart=\"8.8333333333333\"\n            data-yend=\"9.3333333333333\"\n            data-time=\"08:50-09:20\"\n            data-room=\"10\"\n            data-room-id=\"1022\"\n            data-room-name=\"Sal 109\"\n            data-day=\"1\"\n            data-abs-path=\"\"\n            data-speaker=\"Maria  Harder , Distriktssk\u00f6terska, Med. Dr., M\u00e4lardalens h\u00f6gskola\"\n            data-speakercell=\"Maria  Harder , Distriktssk\u00f6terska, Med. Dr., M\u00e4lardalens h\u00f6gskola\"\n            data-info=\"&lt;b&gt;Moderatorer: &lt;\/b&gt;Birgitta Kerstis, Lektor, Barnsjuksk\u00f6terska &amp; Universitetslektor,&lt;br&gt;&lt;br&gt;                  &lt;p&gt;Hur barn g\u00f6r sig delaktiga vid h\u00e4lsobes\u00f6k och Att fr\u00e4mja barns delaktighet i v\u00e5rdsituationer&lt;\/p&gt;                  &lt;p&gt;M\u00e4lardalens h\u00f6gskola&lt;\/p&gt;                 &lt;br&gt;&lt;br&gt;\"\n            data-category=\"F\u00f6rel\u00e4sning\"\n            data-category-ids=\"1002\"\n            data-span-all=\"\"\n                      >\n\n            <div class=\"event_content\">\n              <div class=\"title\">\n                                <span>  Att fr\u00e4mja barns delaktighet i v\u00e5rdsituationer<\/span>\n              <\/div>\n              <div class=\"span_room\"><span><\/span><\/div>\n              <div class=\"time\">\n                <span>\n                  08:50-09:20                <\/span><\/div>\n\n              <div class=\"lecturer\"><span>Maria  Harder , Distriktssk\u00f6terska, Med. Dr., M\u00e4lardalens h\u00f6gskola<\/span><\/div>\n            <\/div>\n\n\n                                <div style=\"background-color:#B2FF78; position: absolute !important ; height: 4px !important; left: 4px; right: 4px; bottom : 2px !important;  border\"><\/div>\n            \n          <\/div>\n\n      \n          <div class=\"event \"\n            data-id=\"1061\"\n            data-project=\"project_338_2017_12_12\"\n            data-title=\"Gastroenterologi - Fekalt kalprotektin vid utredning och uppf\u00f6ljning av IBD\"\n            data-abs-nbr=\"\"\n            data-ystart=\"9.0833333333333\"\n            data-yend=\"9.8333333333333\"\n            data-time=\"09:05-09:50\"\n            data-room=\"1\"\n            data-room-id=\"1021\"\n            data-room-name=\"Lilla Kongresshallen\"\n            data-day=\"1\"\n            data-abs-path=\"\"\n            data-speaker=\"Ulrika Lorentzon Fagerberg, \u00d6verl\u00e4kare, medicine doktor, V\u00e4stmanlands Sjukhus, V\u00e4ster\u00e5s\"\n            data-speakercell=\"Ulrika Lorentzon Fagerberg, \u00d6verl\u00e4kare, medicine doktor, V\u00e4stmanlands Sjukhus, V\u00e4ster\u00e5s\"\n            data-info=\"&lt;b&gt;Moderatorer: &lt;\/b&gt;Robert Saalman, G\u00f6teborg&lt;br&gt;&lt;br&gt;                  &lt;p&gt;Fekalt kalprotektin vid utredning och uppf\u00f6ljning av IBD - vad vet vi idag?&lt;\/p&gt;                 &lt;p&gt;Presentation av den kliniska forskning och erfarenhet som finns idag kring att anv\u00e4nda fekalt kalprotektin som diagnostiskt test och inflammationsmark\u00f6r vid inflammatorisk tarmsjukdom.&lt;br&gt;&lt;\/p&gt;                 &lt;br&gt;&lt;br&gt;\"\n            data-category=\"F\u00f6rel\u00e4sning\"\n            data-category-ids=\"1002\"\n            data-span-all=\"\"\n                      >\n\n            <div class=\"event_content\">\n              <div class=\"title\">\n                                <span>Gastroenterologi - Fekalt kalprotektin vid utredning och uppf\u00f6ljning av IBD<\/span>\n              <\/div>\n              <div class=\"span_room\"><span><\/span><\/div>\n              <div class=\"time\">\n                <span>\n                  09:05-09:50                <\/span><\/div>\n\n              <div class=\"lecturer\"><span>Ulrika Lorentzon Fagerberg, \u00d6verl\u00e4kare, medicine doktor, V\u00e4stmanlands Sjukhus, V\u00e4ster\u00e5s<\/span><\/div>\n            <\/div>\n\n\n                                <div style=\"background-color:#B2FF78; position: absolute !important ; height: 4px !important; left: 4px; right: 4px; bottom : 2px !important;  border\"><\/div>\n            \n          <\/div>\n\n      \n          <div class=\"event \"\n            data-id=\"1066\"\n            data-project=\"project_338_2017_12_12\"\n            data-title=\"Neonatalogi - Infarter hos underburna och nyf\u00f6dda barn\"\n            data-abs-nbr=\"\"\n            data-ystart=\"9.0833333333333\"\n            data-yend=\"9.8333333333333\"\n            data-time=\"09:05-09:50\"\n            data-room=\"0\"\n            data-room-id=\"1018\"\n            data-room-name=\"Stora Kongresshallen\"\n            data-day=\"1\"\n            data-abs-path=\"\"\n            data-speaker=\"Johan Danielsson, Barnkirurg, Akademiska barnsjukhuset Uppsala; Mattias  Kjellberg, Neonatolog, Neonatologi, Akademiska Barnsjukhuset\"\n            data-speakercell=\"Johan Danielsson, Barnkirurg, Akademiska barnsjukhuset Uppsala; Mattias  Kjellberg, Neonatolog, Neonatologi, Akademiska Barnsjukhuset\"\n            data-info=\"&lt;b&gt;Moderatorer: &lt;\/b&gt;Barbro Diderholm, Neonatolog, Akademiska barnsjukhuset&lt;br&gt;&lt;br&gt;                  &lt;p&gt;Genomg\u00e5ng av olika centrala infarter hos sm\u00e5 barn, vad b\u00f6r man v\u00e4lja, indikationer, komplikationer.&lt;br&gt;&lt;\/p&gt;                 &lt;br&gt;&lt;br&gt;\"\n            data-category=\"F\u00f6rel\u00e4sning\"\n            data-category-ids=\"1002\"\n            data-span-all=\"\"\n                      >\n\n            <div class=\"event_content\">\n              <div class=\"title\">\n                                <span>Neonatalogi - Infarter hos underburna och nyf\u00f6dda barn<\/span>\n              <\/div>\n              <div class=\"span_room\"><span><\/span><\/div>\n              <div class=\"time\">\n                <span>\n                  09:05-09:50                <\/span><\/div>\n\n              <div class=\"lecturer\"><span>Johan Danielsson, Barnkirurg, Akademiska barnsjukhuset Uppsala; Mattias  Kjellberg, Neonatolog, Neonatologi, Akademiska Barnsjukhuset<\/span><\/div>\n            <\/div>\n\n\n                                <div style=\"background-color:#B2FF78; position: absolute !important ; height: 4px !important; left: 4px; right: 4px; bottom : 2px !important;  border\"><\/div>\n            \n          <\/div>\n\n      \n          <div class=\"event \"\n            data-id=\"1048\"\n            data-project=\"project_338_2017_12_12\"\n            data-title=\"Kardiologi - Tema forts: Enkammarhj\u00e4rta\"\n            data-abs-nbr=\"\"\n            data-ystart=\"9.0833333333333\"\n            data-yend=\"9.8333333333333\"\n            data-time=\"09:05-09:50\"\n            data-room=\"3\"\n            data-room-id=\"1024\"\n            data-room-name=\"H\u00f6rsalen\"\n            data-day=\"1\"\n            data-abs-path=\"\"\n            data-speaker=\"Maria Sj\u00f6borg Alpman, Barnkardiolog, Astrid Lindgrens barnsjukhus, Stockholm; H\u00e5kan W\u00e5hlander, Barnkardiolog, Drottning Silvias barn- och ungdomssjukhus\"\n            data-speakercell=\"Maria Sj\u00f6borg Alpman, Barnkardiolog, Astrid Lindgrens barnsjukhus, Stockholm; H\u00e5kan W\u00e5hlander, Barnkardiolog, Drottning Silvias barn- och ungdomssjukhus\"\n            data-info=\"                  &lt;p&gt;Kardiologi - Tema forts:&lt;\/p&gt;                  &lt;p&gt;Enkammarhj\u00e4rta&lt;\/p&gt;                 &lt;p&gt;Problem med f\u00f6rbindelsen mellan h\u00f6ger kammare och lungart\u00e4r \u00e4r en av de vanligaste \u00e5terkommande orsakerna till reoperationer eller kateterinterventioner vid medf\u00f6dda hj\u00e4rtfel under ton\u00e5ren. F\u00f6rel\u00e4sningen handlar om hur man skapar utfl\u00f6de fr\u00e5n h\u00f6ger kammare hos patienter d\u00e4r deras egna \u00e4r otillr\u00e4cklig. Den tar upp indikationer, typer av \u00e5tg\u00e4rder, komplikationer, risker och prognos p\u00e5 l\u00e4ngre sikt.&lt;\/p&gt;                 &lt;br&gt;&lt;br&gt;\"\n            data-category=\"F\u00f6rel\u00e4sning\"\n            data-category-ids=\"1002\"\n            data-span-all=\"\"\n                      >\n\n            <div class=\"event_content\">\n              <div class=\"title\">\n                                <span>Kardiologi - Tema forts: Enkammarhj\u00e4rta<\/span>\n              <\/div>\n              <div class=\"span_room\"><span><\/span><\/div>\n              <div class=\"time\">\n                <span>\n                  09:05-09:50                <\/span><\/div>\n\n              <div class=\"lecturer\"><span>Maria Sj\u00f6borg Alpman, Barnkardiolog, Astrid Lindgrens barnsjukhus, Stockholm; H\u00e5kan W\u00e5hlander, Barnkardiolog, Drottning Silvias barn- och ungdomssjukhus<\/span><\/div>\n            <\/div>\n\n\n                                <div style=\"background-color:#B2FF78; position: absolute !important ; height: 4px !important; left: 4px; right: 4px; bottom : 2px !important;  border\"><\/div>\n            \n          <\/div>\n\n      \n          <div class=\"event \"\n            data-id=\"1101\"\n            data-project=\"project_338_2017_12_12\"\n            data-title=\"Barnklinikens skolinformation inom onkologi\"\n            data-abs-nbr=\"\"\n            data-ystart=\"9.0833333333333\"\n            data-yend=\"9.8333333333333\"\n            data-time=\"09:05-09:50\"\n            data-room=\"11\"\n            data-room-id=\"1029\"\n            data-room-name=\"Sal 110\"\n            data-day=\"1\"\n            data-abs-path=\"\"\n            data-speaker=\"Karin  L\u00f6nn, Sjukhusl\u00e4rare\/spec. l\u00e4rare, V\u00e4stmanlands sjukhus, Barnkliniken; Rebecca  \u00c5str\u00f6m, Sjuksk\u00f6terska\"\n            data-speakercell=\"Karin  L\u00f6nn, Sjukhusl\u00e4rare\/spec. l\u00e4rare, V\u00e4stmanlands sjukhus, Barnkliniken; Rebecca  \u00c5str\u00f6m, Sjuksk\u00f6terska\"\n            data-info=\"                  &lt;table&gt;                   &lt;tbody&gt;                    &lt;tr&gt;                     &lt;td&gt;M\u00e5nga barn i denna patientgrupp kommer att under l\u00e5ng tid vara beroende av en bra planering och god f\u00f6rst\u00e5else fr\u00e5n sin skola. S\u00e5 h\u00e4r g\u00f6r vi f\u00f6r att underl\u00e4tta.&amp;nbsp;&lt;table&gt;                       &lt;tbody&gt;                        &lt;tr&gt;                         &lt;td&gt;&lt;\/td&gt;                        &lt;\/tr&gt;                       &lt;\/tbody&gt;                      &lt;\/table&gt;&lt;\/td&gt;                    &lt;\/tr&gt;                   &lt;\/tbody&gt;                  &lt;\/table&gt;                 &lt;br&gt;&lt;br&gt;\"\n            data-category=\"Workshop\"\n            data-category-ids=\"1003\"\n            data-span-all=\"\"\n                      >\n\n            <div class=\"event_content\">\n              <div class=\"title\">\n                                <span>Barnklinikens skolinformation inom onkologi<\/span>\n              <\/div>\n              <div class=\"span_room\"><span><\/span><\/div>\n              <div class=\"time\">\n                <span>\n                  09:05-09:50                <\/span><\/div>\n\n              <div class=\"lecturer\"><span>Karin  L\u00f6nn, Sjukhusl\u00e4rare\/spec. l\u00e4rare, V\u00e4stmanlands sjukhus, Barnkliniken; Rebecca  \u00c5str\u00f6m, Sjuksk\u00f6terska<\/span><\/div>\n            <\/div>\n\n\n                                <div style=\"background-color:#B2A1C9; position: absolute !important ; height: 4px !important; left: 4px; right: 4px; bottom : 2px !important;  border\"><\/div>\n            \n          <\/div>\n\n      \n          <div class=\"event \"\n            data-id=\"1092\"\n            data-project=\"project_338_2017_12_12\"\n            data-title=\" IACTA-appen f\u00f6r barns r\u00e4ttigheter i sjukv\u00e5rden\"\n            data-abs-nbr=\"\"\n            data-ystart=\"9.3333333333333\"\n            data-yend=\"9.8333333333333\"\n            data-time=\"09:20-09:50\"\n            data-room=\"10\"\n            data-room-id=\"1022\"\n            data-room-name=\"Sal 109\"\n            data-day=\"1\"\n            data-abs-path=\"\"\n            data-speaker=\"Anna St\u00e5lberg, Barnsjuksk\u00f6terska, Fil. Dr.\"\n            data-speakercell=\"Anna St\u00e5lberg, Barnsjuksk\u00f6terska, Fil. Dr.\"\n            data-info=\"&lt;b&gt;Moderatorer: &lt;\/b&gt;Birgitta Kerstis, Lektor, Barnsjuksk\u00f6terska &amp; Universitetslektor,&lt;br&gt;&lt;br&gt;                  &lt;p&gt;IACTA-appen - ett s\u00e4tt att tillvarata och praktiskt arbeta med barns r\u00e4ttigheter i sjukv\u00e5rden.&lt;\/p&gt;                  &lt;table&gt;                   &lt;tbody&gt;                    &lt;tr&gt;                     &lt;td&gt;&lt;p&gt;Att fr\u00e4mja barns delaktighet. Aktuell forskning i forskargruppen ChiP4 vid M\u00e4lardalens h\u00f6gskola\/9.20-9.50 Anna St\u00e5lbergAtt fr\u00e4mja barns delaktighet. Aktuell forskning i forskargruppen ChiP4 vid M\u00e4lardalens h\u00f6gskola\/IACTA-appen \u2013 ett s\u00e4tt att tillvarata och praktiskt arbeta med barns r\u00e4ttigheter i sjukv\u00e5rden.&lt;\/p&gt;&lt;p&gt;Klicka p\u00e5 nedan l\u00e4nk f\u00f6r att ta del av handouts f\u00f6r f\u00f6rel\u00e4sningen:&amp;nbsp;&lt;a href=&quot;http:\/\/www.trippus.se\/eventus\/userfiles\/96365.pdf&quot;&gt;http:\/\/www.trippus.se\/eventus\/userfiles\/96365.pdf&lt;\/a&gt;&lt;br&gt;&lt;\/p&gt;&lt;p&gt;&lt;\/p&gt;&lt;\/td&gt;                    &lt;\/tr&gt;                   &lt;\/tbody&gt;                  &lt;\/table&gt;                 &lt;br&gt;&lt;br&gt;\"\n            data-category=\"F\u00f6rel\u00e4sning\"\n            data-category-ids=\"1002\"\n            data-span-all=\"\"\n                      >\n\n            <div class=\"event_content\">\n              <div class=\"title\">\n                                <span> IACTA-appen f\u00f6r barns r\u00e4ttigheter i sjukv\u00e5rden<\/span>\n              <\/div>\n              <div class=\"span_room\"><span><\/span><\/div>\n              <div class=\"time\">\n                <span>\n                  09:20-09:50                <\/span><\/div>\n\n              <div class=\"lecturer\"><span>Anna St\u00e5lberg, Barnsjuksk\u00f6terska, Fil. Dr.<\/span><\/div>\n            <\/div>\n\n\n                                <div style=\"background-color:#B2FF78; position: absolute !important ; height: 4px !important; left: 4px; right: 4px; bottom : 2px !important;  border\"><\/div>\n            \n          <\/div>\n\n      \n          <div class=\"event \"\n            data-id=\"1107\"\n            data-project=\"project_338_2017_12_12\"\n            data-title=\"Fika, utst\u00e4llare, posterbes\u00f6k\"\n            data-abs-nbr=\"\"\n            data-ystart=\"9.8333333333333\"\n            data-yend=\"10.416666666667\"\n            data-time=\"09:50-10:25\"\n            data-room=\"18\"\n            data-room-id=\"1013\"\n            data-room-name=\"Utst\u00e4llningen\"\n            data-day=\"1\"\n            data-abs-path=\"\"\n            data-speaker=\"\"\n            data-speakercell=\"\"\n            data-info=\"\"\n            data-category=\"\"\n            data-category-ids=\"\"\n            data-span-all=\"1\"\n                      >\n\n            <div class=\"event_content\">\n              <div class=\"title\">\n                                <span>Fika, utst\u00e4llare, posterbes\u00f6k<\/span>\n              <\/div>\n              <div class=\"span_room\"><span>Utst\u00e4llningen<br\/><\/span><\/div>\n              <div class=\"time\">\n                <span>\n                  09:50-10:25                <\/span><\/div>\n\n              \n            <\/div>\n\n\n            \n          <\/div>\n\n      \n          <div class=\"event \"\n            data-id=\"1104\"\n            data-project=\"project_338_2017_12_12\"\n            data-title=\"Studierektorer - Verksamhetschefer - L\u00e4karchefer\"\n            data-abs-nbr=\"\"\n            data-ystart=\"10.416666666667\"\n            data-yend=\"12\"\n            data-time=\"10:25-12:00\"\n            data-room=\"7\"\n            data-room-id=\"1030\"\n            data-room-name=\"Sal 105\"\n            data-day=\"1\"\n            data-abs-path=\"\"\n            data-speaker=\"\"\n            data-speakercell=\"\"\n            data-info=\"&lt;b&gt;Moderatorer: &lt;\/b&gt;Eva Albinsson, Barnl\u00e4kare, Landstinget i V\u00e4rmland; Andreas Ohlin&lt;br&gt;&lt;br&gt;                 &lt;ul&gt;                  &lt;li&gt;Fortbildning av barnl\u00e4kare, presentation av f\u00f6rslag&lt;\/li&gt;                  &lt;li&gt;Information om pediatrikcirkeln&lt;\/li&gt;                  &lt;li&gt;Bakjourskrav&lt;\/li&gt;                  &lt;li&gt;Fr\u00e5gor fr\u00e5n studierektorsm\u00f6tet&lt;\/li&gt;                  &lt;li&gt;Diskussion med representant fr\u00e5n Socialstyrelsen runt legitimation\/provtj\u00e4nstg\u00f6ring\/tredjelandsl\u00e4kare&lt;\/li&gt;                 &lt;\/ul&gt;                 &lt;br&gt;&lt;br&gt;\"\n            data-category=\"M\u00f6te\"\n            data-category-ids=\"1004\"\n            data-span-all=\"\"\n                      >\n\n            <div class=\"event_content\">\n              <div class=\"title\">\n                                <span>Studierektorer - Verksamhetschefer - L\u00e4karchefer<\/span>\n              <\/div>\n              <div class=\"span_room\"><span><\/span><\/div>\n              <div class=\"time\">\n                <span>\n                  10:25-12:00                <\/span><\/div>\n\n              \n            <\/div>\n\n\n                                <div style=\"background-color:#FFFA5C; position: absolute !important ; height: 4px !important; left: 4px; right: 4px; bottom : 2px !important;  border\"><\/div>\n            \n          <\/div>\n\n      \n          <div class=\"event \"\n            data-id=\"1078\"\n            data-project=\"project_338_2017_12_12\"\n            data-title=\"Ungdomsmedicin - Vem best\u00e4mmer? Ungas r\u00e4tt i v\u00e5rden. Etisk-juridisk diskussion med kliniska fall.\"\n            data-abs-nbr=\"\"\n            data-ystart=\"10.416666666667\"\n            data-yend=\"12\"\n            data-time=\"10:25-12:00\"\n            data-room=\"4\"\n            data-room-id=\"1019\"\n            data-room-name=\"Sal 301\"\n            data-day=\"1\"\n            data-abs-path=\"\"\n            data-speaker=\"Katrin \u00d6stlund, Barn och Ungdomsl\u00e4kare, Barn och Ungdomskliniken\"\n            data-speakercell=\"Katrin \u00d6stlund, Barn och Ungdomsl\u00e4kare, Barn och Ungdomskliniken\"\n            data-info=\"&lt;b&gt;Moderatorer: &lt;\/b&gt;Charlotte Nylander, PhD, Barnl\u00e4kare, S\u00f6dermanland&lt;br&gt;&lt;br&gt;                  &lt;p&gt;F\u00f6rel\u00e4sning om Ungas r\u00e4tt i v\u00e5rden, f\u00f6ljt av gruppdiskussioner kring etisk-juridiska kliniska fall.&lt;br&gt;&lt;\/p&gt;                 &lt;br&gt;&lt;br&gt;\"\n            data-category=\"Seminarium\/Paneldebatt\"\n            data-category-ids=\"1006\"\n            data-span-all=\"\"\n                      >\n\n            <div class=\"event_content\">\n              <div class=\"title\">\n                                <span>Ungdomsmedicin - Vem best\u00e4mmer? Ungas r\u00e4tt i v\u00e5rden. Etisk-juridisk diskussion med kliniska fall.<\/span>\n              <\/div>\n              <div class=\"span_room\"><span><\/span><\/div>\n              <div class=\"time\">\n                <span>\n                  10:25-12:00                <\/span><\/div>\n\n              <div class=\"lecturer\"><span>Katrin \u00d6stlund, Barn och Ungdomsl\u00e4kare, Barn och Ungdomskliniken<\/span><\/div>\n            <\/div>\n\n\n                                <div style=\"background-color:#FFB217; position: absolute !important ; height: 4px !important; left: 4px; right: 4px; bottom : 2px !important;  border\"><\/div>\n            \n          <\/div>\n\n      \n          <div class=\"event \"\n            data-id=\"1260\"\n            data-project=\"project_338_2017_12_12\"\n            data-title=\"F\u00f6rs\u00e4kringskassan - F\u00f6rs\u00e4kringsmedicin\"\n            data-abs-nbr=\"\"\n            data-ystart=\"10.416666666667\"\n            data-yend=\"11.166666666667\"\n            data-time=\"10:25-11:10\"\n            data-room=\"11\"\n            data-room-id=\"1029\"\n            data-room-name=\"Sal 110\"\n            data-day=\"1\"\n            data-abs-path=\"\"\n            data-speaker=\"Fereshteh  Olofsson, F\u00f6rs\u00e4kringskassan\"\n            data-speakercell=\"Fereshteh  Olofsson, F\u00f6rs\u00e4kringskassan\"\n            data-info=\"                  &lt;p&gt;Tema VAB, TFP, allvarligt sjukt barn&lt;\/p&gt;                  &lt;p&gt;&lt;span style=&quot;font-style: italic;&quot;&gt;Samma workshop arrangeras vid fler tillf\u00e4llen.&lt;\/span&gt;&lt;\/p&gt;                 &lt;br&gt;&lt;br&gt;\"\n            data-category=\"Workshop\"\n            data-category-ids=\"1003\"\n            data-span-all=\"\"\n                      >\n\n            <div class=\"event_content\">\n              <div class=\"title\">\n                                <span>F\u00f6rs\u00e4kringskassan - F\u00f6rs\u00e4kringsmedicin<\/span>\n              <\/div>\n              <div class=\"span_room\"><span><\/span><\/div>\n              <div class=\"time\">\n                <span>\n                  10:25-11:10                <\/span><\/div>\n\n              <div class=\"lecturer\"><span>Fereshteh  Olofsson, F\u00f6rs\u00e4kringskassan<\/span><\/div>\n            <\/div>\n\n\n                                <div style=\"background-color:#B2A1C9; position: absolute !important ; height: 4px !important; left: 4px; right: 4px; bottom : 2px !important;  border\"><\/div>\n            \n          <\/div>\n\n      \n          <div class=\"event \"\n            data-id=\"1093\"\n            data-project=\"project_338_2017_12_12\"\n            data-title=\" Skolsk\u00f6terskors kulturella kompetens-\u00f6kad delaktighet f\u00f6r barnet?\"\n            data-abs-nbr=\"\"\n            data-ystart=\"10.416666666667\"\n            data-yend=\"10.916666666667\"\n            data-time=\"10:25-10:55\"\n            data-room=\"10\"\n            data-room-id=\"1022\"\n            data-room-name=\"Sal 109\"\n            data-day=\"1\"\n            data-abs-path=\"\"\n            data-speaker=\"Emmie Wahlstr\u00f6m, Folkh\u00e4lsovetare, Doktorand, M\u00e4lardalens h\u00f6gskola\"\n            data-speakercell=\"Emmie Wahlstr\u00f6m, Folkh\u00e4lsovetare, Doktorand, M\u00e4lardalens h\u00f6gskola\"\n            data-info=\"&lt;b&gt;Moderatorer: &lt;\/b&gt;Birgitta Kerstis, Lektor, Barnsjuksk\u00f6terska &amp; Universitetslektor,&lt;br&gt;&lt;br&gt;                  &lt;p&gt;Kan skolsk\u00f6terskors kulturella kompetens bidra till att \u00f6ka barns delaktighet vid h\u00e4lsobes\u00f6k?&lt;\/p&gt;                  &lt;p&gt;M\u00e4lardalens h\u00f6gskola&lt;\/p&gt;                 &lt;br&gt;&lt;br&gt;\"\n            data-category=\"F\u00f6rel\u00e4sning\"\n            data-category-ids=\"1002\"\n            data-span-all=\"\"\n                      >\n\n            <div class=\"event_content\">\n              <div class=\"title\">\n                                <span> Skolsk\u00f6terskors kulturella kompetens-\u00f6kad delaktighet f\u00f6r barnet?<\/span>\n              <\/div>\n              <div class=\"span_room\"><span><\/span><\/div>\n              <div class=\"time\">\n                <span>\n                  10:25-10:55                <\/span><\/div>\n\n              <div class=\"lecturer\"><span>Emmie Wahlstr\u00f6m, Folkh\u00e4lsovetare, Doktorand, M\u00e4lardalens h\u00f6gskola<\/span><\/div>\n            <\/div>\n\n\n                                <div style=\"background-color:#B2FF78; position: absolute !important ; height: 4px !important; left: 4px; right: 4px; bottom : 2px !important;  border\"><\/div>\n            \n          <\/div>\n\n      \n          <div class=\"event \"\n            data-id=\"1068\"\n            data-project=\"project_338_2017_12_12\"\n            data-title=\"Kardiologi - Tema forts: Conduits; Arytmi\"\n            data-abs-nbr=\"\"\n            data-ystart=\"10.416666666667\"\n            data-yend=\"11.166666666667\"\n            data-time=\"10:25-11:10\"\n            data-room=\"3\"\n            data-room-id=\"1024\"\n            data-room-name=\"H\u00f6rsalen\"\n            data-day=\"1\"\n            data-abs-path=\"\"\n            data-speaker=\"Ida Jeremiasen, Barnkardiolog, Barnhj\u00e4rtcentrum, Lund\"\n            data-speakercell=\"Ida Jeremiasen, Barnkardiolog, Barnhj\u00e4rtcentrum, Lund\"\n            data-info=\"                  &lt;p&gt;Kardiologi - Tema forts:&lt;\/p&gt;                  &lt;p&gt;Condutis&amp;nbsp;&lt;\/p&gt;                  &lt;p&gt;Barn och ungdomar med arytmisjukdom&lt;br&gt;&lt;\/p&gt;                 &lt;br&gt;&lt;br&gt;\"\n            data-category=\"F\u00f6rel\u00e4sning\"\n            data-category-ids=\"1002\"\n            data-span-all=\"\"\n                      >\n\n            <div class=\"event_content\">\n              <div class=\"title\">\n                                <span>Kardiologi - Tema forts: Conduits; Arytmi<\/span>\n              <\/div>\n              <div class=\"span_room\"><span><\/span><\/div>\n              <div class=\"time\">\n                <span>\n                  10:25-11:10                <\/span><\/div>\n\n              <div class=\"lecturer\"><span>Ida Jeremiasen, Barnkardiolog, Barnhj\u00e4rtcentrum, Lund<\/span><\/div>\n            <\/div>\n\n\n                                <div style=\"background-color:#B2FF78; position: absolute !important ; height: 4px !important; left: 4px; right: 4px; bottom : 2px !important;  border\"><\/div>\n            \n          <\/div>\n\n      \n          <div class=\"event \"\n            data-id=\"1069\"\n            data-project=\"project_338_2017_12_12\"\n            data-title=\"Gastroenterologi - Handl\u00e4ggning av akut IBD-kolit\"\n            data-abs-nbr=\"\"\n            data-ystart=\"10.416666666667\"\n            data-yend=\"11.166666666667\"\n            data-time=\"10:25-11:10\"\n            data-room=\"1\"\n            data-room-id=\"1021\"\n            data-room-name=\"Lilla Kongresshallen\"\n            data-day=\"1\"\n            data-abs-path=\"\"\n            data-speaker=\"Ulrika Lorentzon Fagerberg, \u00d6verl\u00e4kare, medicine doktor, V\u00e4stmanlands Sjukhus, V\u00e4ster\u00e5s\"\n            data-speakercell=\"Ulrika Lorentzon Fagerberg, \u00d6verl\u00e4kare, medicine doktor, V\u00e4stmanlands Sjukhus, V\u00e4ster\u00e5s\"\n            data-info=\"&lt;b&gt;Moderatorer: &lt;\/b&gt;Torbj\u00f6rn Lind, Docent, Barnl\u00e4kare, Ume\u00e5&lt;br&gt;&lt;br&gt;                  &lt;p&gt;Handl\u00e4ggning av akut IBD-kolit&lt;\/p&gt;                  &lt;p&gt;Genomg\u00e5ng av handl\u00e4ggning vid akut IBD-kolit hos s\u00e5v\u00e4l nyinsjuknad som tidigare k\u00e4nd IBD-patient med presentation av fall&lt;br&gt;&lt;\/p&gt;                 &lt;br&gt;&lt;br&gt;\"\n            data-category=\"F\u00f6rel\u00e4sning\"\n            data-category-ids=\"1002\"\n            data-span-all=\"\"\n                      >\n\n            <div class=\"event_content\">\n              <div class=\"title\">\n                                <span>Gastroenterologi - Handl\u00e4ggning av akut IBD-kolit<\/span>\n              <\/div>\n              <div class=\"span_room\"><span><\/span><\/div>\n              <div class=\"time\">\n                <span>\n                  10:25-11:10                <\/span><\/div>\n\n              <div class=\"lecturer\"><span>Ulrika Lorentzon Fagerberg, \u00d6verl\u00e4kare, medicine doktor, V\u00e4stmanlands Sjukhus, V\u00e4ster\u00e5s<\/span><\/div>\n            <\/div>\n\n\n                                <div style=\"background-color:#B2FF78; position: absolute !important ; height: 4px !important; left: 4px; right: 4px; bottom : 2px !important;  border\"><\/div>\n            \n          <\/div>\n\n      \n          <div class=\"event \"\n            data-id=\"1096\"\n            data-project=\"project_338_2017_12_12\"\n            data-title=\"Barn och l\u00e4kemedel - N\u00e4r FASS inte r\u00e4cker\"\n            data-abs-nbr=\"\"\n            data-ystart=\"10.416666666667\"\n            data-yend=\"11.166666666667\"\n            data-time=\"10:25-11:10\"\n            data-room=\"5\"\n            data-room-id=\"1020\"\n            data-room-name=\"Sal 302\"\n            data-day=\"1\"\n            data-abs-path=\"\"\n            data-speaker=\"Estelle Naumburg, Barnl\u00e4kare, lektor Ume\u00e5; Synn\u00f6ve Lindemalm, Barnl\u00e4kare, klinisk Farmakolog, Karolinska institutet Stockholm\"\n            data-speakercell=\"Estelle Naumburg, Barnl\u00e4kare, lektor Ume\u00e5; Synn\u00f6ve Lindemalm, Barnl\u00e4kare, klinisk Farmakolog, Karolinska institutet Stockholm\"\n            data-info=\"                  &lt;p&gt;Specialistniv\u00e5.&lt;\/p&gt;                  &lt;p&gt;Denna workshop tar upp off-label behandling av l\u00e4kemedel.&lt;\/p&gt;                  &lt;p&gt;&lt;span style=&quot;font-style: italic;&quot;&gt;Samma workshop arrangeras vid fler tillf\u00e4llen.&lt;\/span&gt;&lt;br&gt;&lt;\/p&gt;                 &lt;br&gt;&lt;br&gt;\"\n            data-category=\"Workshop\"\n            data-category-ids=\"1003\"\n            data-span-all=\"\"\n                      >\n\n            <div class=\"event_content\">\n              <div class=\"title\">\n                                <span>Barn och l\u00e4kemedel - N\u00e4r FASS inte r\u00e4cker<\/span>\n              <\/div>\n              <div class=\"span_room\"><span><\/span><\/div>\n              <div class=\"time\">\n                <span>\n                  10:25-11:10                <\/span><\/div>\n\n              <div class=\"lecturer\"><span>Estelle Naumburg, Barnl\u00e4kare, lektor Ume\u00e5; Synn\u00f6ve Lindemalm, Barnl\u00e4kare, klinisk Farmakolog, Karolinska institutet Stockholm<\/span><\/div>\n            <\/div>\n\n\n                                <div style=\"background-color:#B2A1C9; position: absolute !important ; height: 4px !important; left: 4px; right: 4px; bottom : 2px !important;  border\"><\/div>\n            \n          <\/div>\n\n      \n          <div class=\"event \"\n            data-id=\"1071\"\n            data-project=\"project_338_2017_12_12\"\n            data-title=\"Hud - Utslag och prickar\"\n            data-abs-nbr=\"\"\n            data-ystart=\"10.416666666667\"\n            data-yend=\"11.166666666667\"\n            data-time=\"10:25-11:10\"\n            data-room=\"8\"\n            data-room-id=\"1025\"\n            data-room-name=\"Sal 107\"\n            data-day=\"1\"\n            data-abs-path=\"\"\n            data-speaker=\"Karin  Palmer, L\u00e4kare, Hudkliniken V\u00e4ster\u00e5s\"\n            data-speakercell=\"Karin  Palmer, L\u00e4kare, Hudkliniken V\u00e4ster\u00e5s\"\n            data-info=\"                  &lt;p&gt;Prickar och utslag hos barn&lt;\/p&gt;                 &lt;br&gt;&lt;br&gt;\"\n            data-category=\"F\u00f6rel\u00e4sning\"\n            data-category-ids=\"1002\"\n            data-span-all=\"\"\n                      >\n\n            <div class=\"event_content\">\n              <div class=\"title\">\n                                <span>Hud - Utslag och prickar<\/span>\n              <\/div>\n              <div class=\"span_room\"><span><\/span><\/div>\n              <div class=\"time\">\n                <span>\n                  10:25-11:10                <\/span><\/div>\n\n              <div class=\"lecturer\"><span>Karin  Palmer, L\u00e4kare, Hudkliniken V\u00e4ster\u00e5s<\/span><\/div>\n            <\/div>\n\n\n                                <div style=\"background-color:#B2FF78; position: absolute !important ; height: 4px !important; left: 4px; right: 4px; bottom : 2px !important;  border\"><\/div>\n            \n          <\/div>\n\n      \n          <div class=\"event \"\n            data-id=\"1049\"\n            data-project=\"project_338_2017_12_12\"\n            data-title=\"Neonatalogi - LOVIS projektet d\u00e5tid\/nutid\/framtid\"\n            data-abs-nbr=\"\"\n            data-ystart=\"10.416666666667\"\n            data-yend=\"11.166666666667\"\n            data-time=\"10:25-11:10\"\n            data-room=\"0\"\n            data-room-id=\"1018\"\n            data-room-name=\"Stora Kongresshallen\"\n            data-day=\"1\"\n            data-abs-path=\"\"\n            data-speaker=\"Katarina Strand Brodd, PhD, Neonatolog ; Claes Von Hofsten, Professor, Uppsala Universitet\"\n            data-speakercell=\"Katarina Strand Brodd, PhD, Neonatolog ; Claes Von Hofsten, Professor, Uppsala Universitet\"\n            data-info=\"&lt;b&gt;Moderatorer: &lt;\/b&gt;Barbro Diderholm, Neonatolog, Akademiska barnsjukhuset&lt;br&gt;&lt;br&gt;                  &lt;p&gt;The LOVIS project: How is early visual development in very preterm infants related to later cognitive capability?&lt;\/p&gt;                 &lt;br&gt;&lt;br&gt;\"\n            data-category=\"F\u00f6rel\u00e4sning\"\n            data-category-ids=\"1002\"\n            data-span-all=\"\"\n                      >\n\n            <div class=\"event_content\">\n              <div class=\"title\">\n                                <span>Neonatalogi - LOVIS projektet d\u00e5tid\/nutid\/framtid<\/span>\n              <\/div>\n              <div class=\"span_room\"><span><\/span><\/div>\n              <div class=\"time\">\n                <span>\n                  10:25-11:10                <\/span><\/div>\n\n              <div class=\"lecturer\"><span>Katarina Strand Brodd, PhD, Neonatolog ; Claes Von Hofsten, Professor, Uppsala Universitet<\/span><\/div>\n            <\/div>\n\n\n                                <div style=\"background-color:#B2FF78; position: absolute !important ; height: 4px !important; left: 4px; right: 4px; bottom : 2px !important;  border\"><\/div>\n            \n          <\/div>\n\n      \n          <div class=\"event \"\n            data-id=\"1043\"\n            data-project=\"project_338_2017_12_12\"\n            data-title=\"Nefrologi - Glomerulonefriter\"\n            data-abs-nbr=\"\"\n            data-ystart=\"10.416666666667\"\n            data-yend=\"12\"\n            data-time=\"10:25-12:00\"\n            data-room=\"2\"\n            data-room-id=\"1023\"\n            data-room-name=\"Lilla Salen\"\n            data-day=\"1\"\n            data-abs-path=\"\"\n            data-speaker=\"Kajsa \u00c5sling-Monemi, Barnl\u00e4kare, Astrid Lindgrens barnsjukhus, Stockholm; Svante Swerkersson, Barnl\u00e4kare, Astrid Lindgrens barnsjukhus, Stockholm\"\n            data-speakercell=\"Kajsa \u00c5sling-Monemi, Barnl\u00e4kare, Astrid Lindgrens barnsjukhus, Stockholm; Svante Swerkersson, Barnl\u00e4kare, Astrid Lindgrens barnsjukhus, Stockholm\"\n            data-info=\"                  &lt;p&gt;Diagnostik, handl\u00e4ggning, behandling, f\u00f6r den \u201dvanliga\u201d barnl\u00e4karen.&lt;br&gt;&lt;\/p&gt;                 &lt;br&gt;&lt;br&gt;\"\n            data-category=\"F\u00f6rel\u00e4sning\"\n            data-category-ids=\"1002\"\n            data-span-all=\"\"\n                      >\n\n            <div class=\"event_content\">\n              <div class=\"title\">\n                                <span>Nefrologi - Glomerulonefriter<\/span>\n              <\/div>\n              <div class=\"span_room\"><span><\/span><\/div>\n              <div class=\"time\">\n                <span>\n                  10:25-12:00                <\/span><\/div>\n\n              <div class=\"lecturer\"><span>Kajsa \u00c5sling-Monemi, Barnl\u00e4kare, Astrid Lindgrens barnsjukhus, Stockholm; Svante Swerkersson, Barnl\u00e4kare, Astrid Lindgrens barnsjukhus, Stockholm<\/span><\/div>\n            <\/div>\n\n\n                                <div style=\"background-color:#B2FF78; position: absolute !important ; height: 4px !important; left: 4px; right: 4px; bottom : 2px !important;  border\"><\/div>\n            \n          <\/div>\n\n      \n          <div class=\"event \"\n            data-id=\"1094\"\n            data-project=\"project_338_2017_12_12\"\n            data-title=\" Att fr\u00e5ga barn sj\u00e4lva-intervjuer med barn f\u00f6dda f\u00f6r tidigt. \"\n            data-abs-nbr=\"\"\n            data-ystart=\"10.916666666667\"\n            data-yend=\"11.416666666667\"\n            data-time=\"10:55-11:25\"\n            data-room=\"10\"\n            data-room-id=\"1022\"\n            data-room-name=\"Sal 109\"\n            data-day=\"1\"\n            data-abs-path=\"\"\n            data-speaker=\"Marie-Louise Andersson, Barnsjuksk\u00f6terska, Barn- och ungdomskliniken V\u00e4ster\u00e5s; Anna Karin Andersson, Fil Dr. Fysioterapeut, Landstinget S\u00f6rmland\/ ChiP4 M\u00e4lardalens h\u00f6gskola\"\n            data-speakercell=\"Marie-Louise Andersson, Barnsjuksk\u00f6terska, Barn- och ungdomskliniken V\u00e4ster\u00e5s; Anna Karin Andersson, Fil Dr. Fysioterapeut, Landstinget S\u00f6rmland\/ ChiP4 M\u00e4lardalens h\u00f6gskola\"\n            data-info=\"&lt;b&gt;Moderatorer: &lt;\/b&gt;Birgitta Kerstis, Lektor, Barnsjuksk\u00f6terska &amp; Universitetslektor,&lt;br&gt;&lt;br&gt;                  &lt;p&gt;M\u00e4lardalens h\u00f6gskola&lt;br&gt;&lt;\/p&gt;                 &lt;br&gt;&lt;br&gt;\"\n            data-category=\"F\u00f6rel\u00e4sning\"\n            data-category-ids=\"1002\"\n            data-span-all=\"\"\n                      >\n\n            <div class=\"event_content\">\n              <div class=\"title\">\n                                <span> Att fr\u00e5ga barn sj\u00e4lva-intervjuer med barn f\u00f6dda f\u00f6r tidigt. <\/span>\n              <\/div>\n              <div class=\"span_room\"><span><\/span><\/div>\n              <div class=\"time\">\n                <span>\n                  10:55-11:25                <\/span><\/div>\n\n              <div class=\"lecturer\"><span>Marie-Louise Andersson, Barnsjuksk\u00f6terska, Barn- och ungdomskliniken V\u00e4ster\u00e5s; Anna Karin Andersson, Fil Dr. Fysioterapeut, Landstinget S\u00f6rmland\/ ChiP4 M\u00e4lardalens h\u00f6gskola<\/span><\/div>\n            <\/div>\n\n\n                                <div style=\"background-color:#B2FF78; position: absolute !important ; height: 4px !important; left: 4px; right: 4px; bottom : 2px !important;  border\"><\/div>\n            \n          <\/div>\n\n      \n          <div class=\"event \"\n            data-id=\"1050\"\n            data-project=\"project_338_2017_12_12\"\n            data-title=\"Kardiologi - Tema forts: Arytmi forts; F\u00f6rv\u00e4rvade hj\u00e4rtsjukdomar\"\n            data-abs-nbr=\"\"\n            data-ystart=\"11.25\"\n            data-yend=\"12\"\n            data-time=\"11:15-12:00\"\n            data-room=\"3\"\n            data-room-id=\"1024\"\n            data-room-name=\"H\u00f6rsalen\"\n            data-day=\"1\"\n            data-abs-path=\"\"\n            data-speaker=\"Ida Jeremiasen, Barnkardiolog, Barnhj\u00e4rtcentrum, Lund; Jan Bergils, Barnl\u00e4kare, Barnkliniken Kristianstad\"\n            data-speakercell=\"Ida Jeremiasen, Barnkardiolog, Barnhj\u00e4rtcentrum, Lund; Jan Bergils, Barnl\u00e4kare, Barnkliniken Kristianstad\"\n            data-info=\"                  &lt;p&gt;Kardiologi - Tema forts:&lt;\/p&gt;                  &lt;p&gt;Arytmi forts.&lt;\/p&gt;                  &lt;p&gt;F\u00f6rv\u00e4rvade hj\u00e4rtsjukdomar&lt;\/p&gt;                 &lt;br&gt;&lt;br&gt;\"\n            data-category=\"F\u00f6rel\u00e4sning\"\n            data-category-ids=\"1002\"\n            data-span-all=\"\"\n                      >\n\n            <div class=\"event_content\">\n              <div class=\"title\">\n                                <span>Kardiologi - Tema forts: Arytmi forts; F\u00f6rv\u00e4rvade hj\u00e4rtsjukdomar<\/span>\n              <\/div>\n              <div class=\"span_room\"><span><\/span><\/div>\n              <div class=\"time\">\n                <span>\n                  11:15-12:00                <\/span><\/div>\n\n              <div class=\"lecturer\"><span>Ida Jeremiasen, Barnkardiolog, Barnhj\u00e4rtcentrum, Lund; Jan Bergils, Barnl\u00e4kare, Barnkliniken Kristianstad<\/span><\/div>\n            <\/div>\n\n\n                                <div style=\"background-color:#B2FF78; position: absolute !important ; height: 4px !important; left: 4px; right: 4px; bottom : 2px !important;  border\"><\/div>\n            \n          <\/div>\n\n      \n          <div class=\"event \"\n            data-id=\"1070\"\n            data-project=\"project_338_2017_12_12\"\n            data-title=\"Hud - Hudquiz\"\n            data-abs-nbr=\"\"\n            data-ystart=\"11.25\"\n            data-yend=\"12\"\n            data-time=\"11:15-12:00\"\n            data-room=\"8\"\n            data-room-id=\"1025\"\n            data-room-name=\"Sal 107\"\n            data-day=\"1\"\n            data-abs-path=\"\"\n            data-speaker=\"Karin  Palmer, L\u00e4kare, Hudkliniken V\u00e4ster\u00e5s\"\n            data-speakercell=\"Karin  Palmer, L\u00e4kare, Hudkliniken V\u00e4ster\u00e5s\"\n            data-info=\"                  &lt;p&gt;Hudquiz med falldiskussion. Quiz tillg\u00e4ngligt i appen.&lt;br&gt;&lt;\/p&gt;                 &lt;br&gt;&lt;br&gt;\"\n            data-category=\"F\u00f6rel\u00e4sning\"\n            data-category-ids=\"1002\"\n            data-span-all=\"\"\n                      >\n\n            <div class=\"event_content\">\n              <div class=\"title\">\n                                <span>Hud - Hudquiz<\/span>\n              <\/div>\n              <div class=\"span_room\"><span><\/span><\/div>\n              <div class=\"time\">\n                <span>\n                  11:15-12:00                <\/span><\/div>\n\n              <div class=\"lecturer\"><span>Karin  Palmer, L\u00e4kare, Hudkliniken V\u00e4ster\u00e5s<\/span><\/div>\n            <\/div>\n\n\n                                <div style=\"background-color:#B2FF78; position: absolute !important ; height: 4px !important; left: 4px; right: 4px; bottom : 2px !important;  border\"><\/div>\n            \n          <\/div>\n\n      \n          <div class=\"event \"\n            data-id=\"1261\"\n            data-project=\"project_338_2017_12_12\"\n            data-title=\"F\u00f6rs\u00e4kringskassan - F\u00f6rs\u00e4kringsmedicin\"\n            data-abs-nbr=\"\"\n            data-ystart=\"11.25\"\n            data-yend=\"12\"\n            data-time=\"11:15-12:00\"\n            data-room=\"11\"\n            data-room-id=\"1029\"\n            data-room-name=\"Sal 110\"\n            data-day=\"1\"\n            data-abs-path=\"\"\n            data-speaker=\"Fereshteh  Olofsson, F\u00f6rs\u00e4kringskassan\"\n            data-speakercell=\"Fereshteh  Olofsson, F\u00f6rs\u00e4kringskassan\"\n            data-info=\"                  &lt;p&gt;Tema VAB, TFP, allvarligt sjukt barn&lt;\/p&gt;                  &lt;p&gt;&lt;span style=&quot;font-style: italic;&quot;&gt;Samma workshop arrangeras vid fler tillf\u00e4llen.&lt;\/span&gt;&lt;br&gt;&lt;\/p&gt;                 &lt;br&gt;&lt;br&gt;\"\n            data-category=\"Workshop\"\n            data-category-ids=\"1003\"\n            data-span-all=\"\"\n                      >\n\n            <div class=\"event_content\">\n              <div class=\"title\">\n                                <span>F\u00f6rs\u00e4kringskassan - F\u00f6rs\u00e4kringsmedicin<\/span>\n              <\/div>\n              <div class=\"span_room\"><span><\/span><\/div>\n              <div class=\"time\">\n                <span>\n                  11:15-12:00                <\/span><\/div>\n\n              <div class=\"lecturer\"><span>Fereshteh  Olofsson, F\u00f6rs\u00e4kringskassan<\/span><\/div>\n            <\/div>\n\n\n                                <div style=\"background-color:#B2A1C9; position: absolute !important ; height: 4px !important; left: 4px; right: 4px; bottom : 2px !important;  border\"><\/div>\n            \n          <\/div>\n\n      \n          <div class=\"event \"\n            data-id=\"1067\"\n            data-project=\"project_338_2017_12_12\"\n            data-title=\"Neonatalogi - Outcomes into adulthood for our tiniest and most immature infants\"\n            data-abs-nbr=\"\"\n            data-ystart=\"11.25\"\n            data-yend=\"12\"\n            data-time=\"11:15-12:00\"\n            data-room=\"0\"\n            data-room-id=\"1018\"\n            data-room-name=\"Stora Kongresshallen\"\n            data-day=\"1\"\n            data-abs-path=\"\"\n            data-speaker=\"Lex Doyle, Professor of Neonatal Paediatrics, University of Melbourne\"\n            data-speakercell=\"Lex Doyle, Professor of Neonatal Paediatrics, University of Melbourne\"\n            data-info=\"&lt;b&gt;Moderatorer: &lt;\/b&gt;Barbro Diderholm, Neonatolog, Akademiska barnsjukhuset&lt;br&gt;&lt;br&gt;                  &lt;p&gt;Neonatalogi&lt;\/p&gt;                  &lt;p&gt;Outcomes into adulthood forour tiniest and most immature infants&lt;\/p&gt;                 &lt;br&gt;&lt;br&gt;\"\n            data-category=\"F\u00f6rel\u00e4sning\"\n            data-category-ids=\"1002\"\n            data-span-all=\"\"\n                      >\n\n            <div class=\"event_content\">\n              <div class=\"title\">\n                                <span>Neonatalogi - Outcomes into adulthood for our tiniest and most immature infants<\/span>\n              <\/div>\n              <div class=\"span_room\"><span><\/span><\/div>\n              <div class=\"time\">\n                <span>\n                  11:15-12:00                <\/span><\/div>\n\n              <div class=\"lecturer\"><span>Lex Doyle, Professor of Neonatal Paediatrics, University of Melbourne<\/span><\/div>\n            <\/div>\n\n\n                                <div style=\"background-color:#B2FF78; position: absolute !important ; height: 4px !important; left: 4px; right: 4px; bottom : 2px !important;  border\"><\/div>\n            \n          <\/div>\n\n      \n          <div class=\"event \"\n            data-id=\"1062\"\n            data-project=\"project_338_2017_12_12\"\n            data-title=\"Gastroenterologi - Transition av IBD-sjuka ton\u00e5ringar till vuxenv\u00e5rden\"\n            data-abs-nbr=\"\"\n            data-ystart=\"11.25\"\n            data-yend=\"12\"\n            data-time=\"11:15-12:00\"\n            data-room=\"1\"\n            data-room-id=\"1021\"\n            data-room-name=\"Lilla Kongresshallen\"\n            data-day=\"1\"\n            data-abs-path=\"\"\n            data-speaker=\"Helene Lindfred, \u00d6versjuksk\u00f6terska med inriktning mot IBD, Drottning Silvias barn- och ungdoms sjukhus; Valeria Castro Tejera, Gastroenterolg Vuxengastroenterolog, G\u00f6teborg\"\n            data-speakercell=\"Helene Lindfred, \u00d6versjuksk\u00f6terska med inriktning mot IBD, Drottning Silvias barn- och ungdoms sjukhus; Valeria Castro Tejera, Gastroenterolg Vuxengastroenterolog, G\u00f6teborg\"\n            data-info=\"&lt;b&gt;Moderatorer: &lt;\/b&gt;Torbj\u00f6rn Lind, Docent, Barnl\u00e4kare, Ume\u00e5&lt;br&gt;&lt;br&gt;                  &lt;p&gt; Transition av IBD-sjuka ton\u00e5ringar till vuxenv\u00e5rden - &quot;G\u00f6teborgsmodellen&quot;&lt;\/p&gt;                  &lt;p&gt;F\u00f6r att kvalitetss\u00e4kra v\u00e5rdsituationen till en trygg och s\u00e4ker \u00f6verg\u00e5ng inleddes ett n\u00e4ra samarbete mellan barn-och vuxensjukv\u00e5rd p\u00e5 SU Sahlgrenska.&lt;\/p&gt;                  &lt;p&gt; &lt;\/p&gt;                 &lt;br&gt;&lt;br&gt;\"\n            data-category=\"F\u00f6rel\u00e4sning\"\n            data-category-ids=\"1002\"\n            data-span-all=\"\"\n                      >\n\n            <div class=\"event_content\">\n              <div class=\"title\">\n                                <span>Gastroenterologi - Transition av IBD-sjuka ton\u00e5ringar till vuxenv\u00e5rden<\/span>\n              <\/div>\n              <div class=\"span_room\"><span><\/span><\/div>\n              <div class=\"time\">\n                <span>\n                  11:15-12:00                <\/span><\/div>\n\n              <div class=\"lecturer\"><span>Helene Lindfred, \u00d6versjuksk\u00f6terska med inriktning mot IBD, Drottning Silvias barn- och ungdoms sjukhus; Valeria Castro Tejera, Gastroenterolg Vuxengastroenterolog, G\u00f6teborg<\/span><\/div>\n            <\/div>\n\n\n                                <div style=\"background-color:#B2FF78; position: absolute !important ; height: 4px !important; left: 4px; right: 4px; bottom : 2px !important;  border\"><\/div>\n            \n          <\/div>\n\n      \n          <div class=\"event \"\n            data-id=\"1097\"\n            data-project=\"project_338_2017_12_12\"\n            data-title=\"Barn och l\u00e4kemedel - Amning och l\u00e4kemedel\"\n            data-abs-nbr=\"\"\n            data-ystart=\"11.25\"\n            data-yend=\"12\"\n            data-time=\"11:15-12:00\"\n            data-room=\"5\"\n            data-room-id=\"1020\"\n            data-room-name=\"Sal 302\"\n            data-day=\"1\"\n            data-abs-path=\"\"\n            data-speaker=\"Lisa Forsberg, Barnl\u00e4kare, Astrid Lindgrens barnsjukhus, Huddinge; Anna Eriksson, Klinisk farmakologi, Sahlgrenska Universitetssjuk\"\n            data-speakercell=\"Lisa Forsberg, Barnl\u00e4kare, Astrid Lindgrens barnsjukhus, Huddinge; Anna Eriksson, Klinisk farmakologi, Sahlgrenska Universitetssjuk\"\n            data-info=\"                  &lt;table&gt;                   &lt;tbody&gt;                    &lt;tr&gt;                     &lt;td&gt;BUMM Huddinge Astrid Lindgrens Barnsjukhus&lt;\/td&gt;                    &lt;\/tr&gt;                   &lt;\/tbody&gt;                  &lt;\/table&gt;                  &lt;p&gt;L\u00e4kemedel och barn&lt;\/p&gt;                  &lt;p&gt;En genomg\u00e5ng av grundprinciper kring l\u00e4kemedel och amning.&amp;nbsp; Specifikt intressanta l\u00e4kemedel tas upp inklusive fallpresentationer med diskussion. Barnl\u00e4kare och klinisk farmakolog h\u00e5ller i tr\u00e5darna.&lt;\/p&gt;                  &lt;p&gt;&lt;span style=&quot;font-style: italic;&quot;&gt;Samma workshop arrangeras vid fler tillf\u00e4llen.&lt;\/span&gt;&lt;br&gt;&lt;\/p&gt;                 &lt;br&gt;&lt;br&gt;\"\n            data-category=\"Workshop\"\n            data-category-ids=\"1003\"\n            data-span-all=\"\"\n                      >\n\n            <div class=\"event_content\">\n              <div class=\"title\">\n                                <span>Barn och l\u00e4kemedel - Amning och l\u00e4kemedel<\/span>\n              <\/div>\n              <div class=\"span_room\"><span><\/span><\/div>\n              <div class=\"time\">\n                <span>\n                  11:15-12:00                <\/span><\/div>\n\n              <div class=\"lecturer\"><span>Lisa Forsberg, Barnl\u00e4kare, Astrid Lindgrens barnsjukhus, Huddinge; Anna Eriksson, Klinisk farmakologi, Sahlgrenska Universitetssjuk<\/span><\/div>\n            <\/div>\n\n\n                                <div style=\"background-color:#B2A1C9; position: absolute !important ; height: 4px !important; left: 4px; right: 4px; bottom : 2px !important;  border\"><\/div>\n            \n          <\/div>\n\n      \n          <div class=\"event \"\n            data-id=\"1277\"\n            data-project=\"project_338_2017_12_12\"\n            data-title=\" Buskeruds Intensivtr\u00e4ningsprogram\"\n            data-abs-nbr=\"\"\n            data-ystart=\"11.416666666667\"\n            data-yend=\"12\"\n            data-time=\"11:25-12:00\"\n            data-room=\"10\"\n            data-room-id=\"1022\"\n            data-room-name=\"Sal 109\"\n            data-day=\"1\"\n            data-abs-path=\"\"\n            data-speaker=\"Anna Ullenhag, Sjukgymnast, Med. Dr. \"\n            data-speakercell=\"Anna Ullenhag, Sjukgymnast, Med. Dr. \"\n            data-info=\"&lt;b&gt;Moderatorer: &lt;\/b&gt;Birgitta Kerstis, Lektor, Barnsjuksk\u00f6terska &amp; Universitetslektor,&lt;br&gt;&lt;br&gt;                  &lt;p&gt;Buskeruds Intensivtr\u00e4ningprogram f\u00f6r \u00f6kad delaktighet i vardagslivet f\u00f6r barn med cerebral pares.&amp;nbsp;&lt;\/p&gt;                  &lt;p&gt;M\u00e4lardalens h\u00f6gskola&lt;br&gt;&lt;\/p&gt;                 &lt;br&gt;&lt;br&gt;\"\n            data-category=\"F\u00f6rel\u00e4sning\"\n            data-category-ids=\"1002\"\n            data-span-all=\"\"\n                      >\n\n            <div class=\"event_content\">\n              <div class=\"title\">\n                                <span> Buskeruds Intensivtr\u00e4ningsprogram<\/span>\n              <\/div>\n              <div class=\"span_room\"><span><\/span><\/div>\n              <div class=\"time\">\n                <span>\n                  11:25-12:00                <\/span><\/div>\n\n              <div class=\"lecturer\"><span>Anna Ullenhag, Sjukgymnast, Med. Dr. <\/span><\/div>\n            <\/div>\n\n\n                                <div style=\"background-color:#B2FF78; position: absolute !important ; height: 4px !important; left: 4px; right: 4px; bottom : 2px !important;  border\"><\/div>\n            \n          <\/div>\n\n      \n          <div class=\"event \"\n            data-id=\"1338\"\n            data-project=\"project_338_2017_12_12\"\n            data-title=\"Neonatalf\u00f6reningens etikgrupp - M\u00f6te\"\n            data-abs-nbr=\"\"\n            data-ystart=\"12\"\n            data-yend=\"13.25\"\n            data-time=\"12:00-13:15\"\n            data-room=\"14\"\n            data-room-id=\"1034\"\n            data-room-name=\"Sal 203\"\n            data-day=\"1\"\n            data-abs-path=\"\"\n            data-speaker=\"\"\n            data-speakercell=\"\"\n            data-info=\"                  &lt;p&gt;&lt;br&gt;&lt;\/p&gt;                 &lt;br&gt;&lt;br&gt;\"\n            data-category=\"M\u00f6te\"\n            data-category-ids=\"1004\"\n            data-span-all=\"\"\n                      >\n\n            <div class=\"event_content\">\n              <div class=\"title\">\n                                <span>Neonatalf\u00f6reningens etikgrupp - M\u00f6te<\/span>\n              <\/div>\n              <div class=\"span_room\"><span><\/span><\/div>\n              <div class=\"time\">\n                <span>\n                  12:00-13:15                <\/span><\/div>\n\n              \n            <\/div>\n\n\n                                <div style=\"background-color:#FFFA5C; position: absolute !important ; height: 4px !important; left: 4px; right: 4px; bottom : 2px !important;  border\"><\/div>\n            \n          <\/div>\n\n      \n          <div class=\"event \"\n            data-id=\"1108\"\n            data-project=\"project_338_2017_12_12\"\n            data-title=\"Lunch med bes\u00f6k hos utst\u00e4llare (Klicka f\u00f6r mer information om Lunchm\u00f6ten)\"\n            data-abs-nbr=\"\"\n            data-ystart=\"12\"\n            data-yend=\"13.25\"\n            data-time=\"12:00-13:15\"\n            data-room=\"19\"\n            data-room-id=\"1008\"\n            data-room-name=\"Evenemangshallen\"\n            data-day=\"1\"\n            data-abs-path=\"\"\n            data-speaker=\"\"\n            data-speakercell=\"\"\n            data-info=\"                  &lt;p&gt;Lunchm\u00f6ten&lt;br&gt;12.00-13.30&amp;nbsp; BLF \u00c5rsm\u00f6te&lt;br&gt;Sal 201&lt;br&gt;&lt;\/p&gt;                  &lt;p&gt;12.00-13.15&amp;nbsp; Kardiologi lunchm\u00f6te&lt;br&gt;Sal 202&lt;\/p&gt;&lt;p&gt;12.00-13.15&amp;nbsp;&amp;nbsp;Neonatalf\u00f6reningens etikgrupp - lunchm\u00f6te&lt;br&gt;Sal 203&lt;br&gt;&lt;\/p&gt;                 &lt;br&gt;&lt;br&gt;\"\n            data-category=\"\"\n            data-category-ids=\"\"\n            data-span-all=\"1\"\n                      >\n\n            <div class=\"event_content\">\n              <div class=\"title\">\n                                <span>Lunch med bes\u00f6k hos utst\u00e4llare (Klicka f\u00f6r mer information om Lunchm\u00f6ten)<\/span>\n              <\/div>\n              <div class=\"span_room\"><span>Evenemangshallen<br\/><\/span><\/div>\n              <div class=\"time\">\n                <span>\n                  12:00-13:15                <\/span><\/div>\n\n              \n            <\/div>\n\n\n            \n          <\/div>\n\n      \n          <div class=\"event \"\n            data-id=\"1109\"\n            data-project=\"project_338_2017_12_12\"\n            data-title=\"Kardiologi - Lunchm\u00f6te\"\n            data-abs-nbr=\"\"\n            data-ystart=\"12\"\n            data-yend=\"13.25\"\n            data-time=\"12:00-13:15\"\n            data-room=\"13\"\n            data-room-id=\"1028\"\n            data-room-name=\"Sal 202\"\n            data-day=\"1\"\n            data-abs-path=\"\"\n            data-speaker=\"\"\n            data-speakercell=\"\"\n            data-info=\"                  &lt;p&gt;Kardiologi&lt;br&gt;&lt;\/p&gt;                 &lt;br&gt;&lt;br&gt;\"\n            data-category=\"M\u00f6te\"\n            data-category-ids=\"1004\"\n            data-span-all=\"\"\n                      >\n\n            <div class=\"event_content\">\n              <div class=\"title\">\n                                <span>Kardiologi - Lunchm\u00f6te<\/span>\n              <\/div>\n              <div class=\"span_room\"><span><\/span><\/div>\n              <div class=\"time\">\n                <span>\n                  12:00-13:15                <\/span><\/div>\n\n              \n            <\/div>\n\n\n                                <div style=\"background-color:#FFFA5C; position: absolute !important ; height: 4px !important; left: 4px; right: 4px; bottom : 2px !important;  border\"><\/div>\n            \n          <\/div>\n\n      \n          <div class=\"event \"\n            data-id=\"1110\"\n            data-project=\"project_338_2017_12_12\"\n            data-title=\"BLF \u00c5rsm\u00f6te \"\n            data-abs-nbr=\"\"\n            data-ystart=\"12\"\n            data-yend=\"13.5\"\n            data-time=\"12:00-13:30\"\n            data-room=\"12\"\n            data-room-id=\"1033\"\n            data-room-name=\"Sal 201\"\n            data-day=\"1\"\n            data-abs-path=\"\"\n            data-speaker=\"\"\n            data-speakercell=\"\"\n            data-info=\"                  &lt;p&gt;&lt;br&gt;&lt;\/p&gt;                 &lt;br&gt;&lt;br&gt;\"\n            data-category=\"M\u00f6te\"\n            data-category-ids=\"1004\"\n            data-span-all=\"\"\n                      >\n\n            <div class=\"event_content\">\n              <div class=\"title\">\n                                <span>BLF \u00c5rsm\u00f6te <\/span>\n              <\/div>\n              <div class=\"span_room\"><span><\/span><\/div>\n              <div class=\"time\">\n                <span>\n                  12:00-13:30                <\/span><\/div>\n\n              \n            <\/div>\n\n\n                                <div style=\"background-color:#FFFA5C; position: absolute !important ; height: 4px !important; left: 4px; right: 4px; bottom : 2px !important;  border\"><\/div>\n            \n          <\/div>\n\n      \n          <div class=\"event \"\n            data-id=\"1072\"\n            data-project=\"project_338_2017_12_12\"\n            data-title=\"Endokrin - Kort- och l\u00e5ngvuxenhet\"\n            data-abs-nbr=\"\"\n            data-ystart=\"13.25\"\n            data-yend=\"14.833333333333\"\n            data-time=\"13:15-14:50\"\n            data-room=\"8\"\n            data-room-id=\"1025\"\n            data-room-name=\"Sal 107\"\n            data-day=\"1\"\n            data-abs-path=\"\"\n            data-speaker=\"CG Arvidsson, Barnl\u00e4kare \"\n            data-speakercell=\"CG Arvidsson, Barnl\u00e4kare \"\n            data-info=\"                  &lt;p&gt;Kort- och l\u00e5ngvuxenhet-orsaker, handl\u00e4ggning och behandling&lt;br&gt;&lt;\/p&gt;                 &lt;br&gt;&lt;br&gt;\"\n            data-category=\"F\u00f6rel\u00e4sning\"\n            data-category-ids=\"1002\"\n            data-span-all=\"\"\n                      >\n\n            <div class=\"event_content\">\n              <div class=\"title\">\n                                <span>Endokrin - Kort- och l\u00e5ngvuxenhet<\/span>\n              <\/div>\n              <div class=\"span_room\"><span><\/span><\/div>\n              <div class=\"time\">\n                <span>\n                  13:15-14:50                <\/span><\/div>\n\n              <div class=\"lecturer\"><span>CG Arvidsson, Barnl\u00e4kare <\/span><\/div>\n            <\/div>\n\n\n                                <div style=\"background-color:#B2FF78; position: absolute !important ; height: 4px !important; left: 4px; right: 4px; bottom : 2px !important;  border\"><\/div>\n            \n          <\/div>\n\n      \n          <div class=\"event \"\n            data-id=\"1051\"\n            data-project=\"project_338_2017_12_12\"\n            data-title=\" Neonatalogi - Severe BPD, new strategies in treatment and care\"\n            data-abs-nbr=\"\"\n            data-ystart=\"13.25\"\n            data-yend=\"14\"\n            data-time=\"13:15-14:00\"\n            data-room=\"0\"\n            data-room-id=\"1018\"\n            data-room-name=\"Stora Kongresshallen\"\n            data-day=\"1\"\n            data-abs-path=\"\"\n            data-speaker=\"Edward Shepherd, Ass Professor, Section Chief of Neonatology at Nationwide Children's Hospital and an Associate Professor of Clinical Pediatrics at The Ohio State University College of Medicine.\"\n            data-speakercell=\"Edward Shepherd, Ass Professor, Section Chief of Neonatology at Nationwide Children's Hospital and an Associate Professor of Clinical Pediatrics at The Ohio State University College of Medicine.\"\n            data-info=\"&lt;b&gt;Moderatorer: &lt;\/b&gt;Barbro Diderholm, Neonatolog, Akademiska barnsjukhuset&lt;br&gt;&lt;br&gt;                  &lt;p&gt;Neonatalogi- Bronchopulmonary Dysplasia&lt;br&gt;&lt;\/p&gt;                  &lt;p&gt;Edward G. Shepherd, Columbus, Ohio&amp;nbsp;&lt;\/p&gt;                  &lt;p&gt;Section Chief of&amp;nbsp;Neonatology&amp;nbsp;at Nationwide Children's Hospital and an Associate&amp;nbsp;Professor&amp;nbsp;of Clinical Pediatrics at The Ohio State University College of Medicine.&lt;\/p&gt;                  &lt;br&gt;                 &lt;br&gt;&lt;br&gt;\"\n            data-category=\"F\u00f6rel\u00e4sning\"\n            data-category-ids=\"1002\"\n            data-span-all=\"\"\n                      >\n\n            <div class=\"event_content\">\n              <div class=\"title\">\n                                <span> Neonatalogi - Severe BPD, new strategies in treatment and care<\/span>\n              <\/div>\n              <div class=\"span_room\"><span><\/span><\/div>\n              <div class=\"time\">\n                <span>\n                  13:15-14:00                <\/span><\/div>\n\n              <div class=\"lecturer\"><span>Edward Shepherd, Ass Professor, Section Chief of Neonatology at Nationwide Children's Hospital and an Associate Professor of Clinical Pediatrics at The Ohio State University College of Medicine.<\/span><\/div>\n            <\/div>\n\n\n                                <div style=\"background-color:#B2FF78; position: absolute !important ; height: 4px !important; left: 4px; right: 4px; bottom : 2px !important;  border\"><\/div>\n            \n          <\/div>\n\n      \n          <div class=\"event \"\n            data-id=\"1188\"\n            data-project=\"project_338_2017_12_12\"\n            data-title=\"Gastroenterologi - Knappar  f\u00f6r nyb\u00f6rjare\"\n            data-abs-nbr=\"\"\n            data-ystart=\"13.25\"\n            data-yend=\"14\"\n            data-time=\"13:15-14:00\"\n            data-room=\"11\"\n            data-room-id=\"1029\"\n            data-room-name=\"Sal 110\"\n            data-day=\"1\"\n            data-abs-path=\"\"\n            data-speaker=\"Amela Cefo, Ssk, V\u00e4ster\u00e5s; Cecilia Larsson, Barnsjuksk\u00f6terska\/gastrosjuksk\u00f6terska, Barn- och ungdomskliniken, V\u00e4ster\u00e5s\"\n            data-speakercell=\"Amela Cefo, Ssk, V\u00e4ster\u00e5s; Cecilia Larsson, Barnsjuksk\u00f6terska\/gastrosjuksk\u00f6terska, Barn- och ungdomskliniken, V\u00e4ster\u00e5s\"\n            data-info=\"                  &lt;table&gt;                  &lt;tbody&gt;                   &lt;tr&gt;                    &lt;td&gt;&lt;p&gt;Grundl\u00e4ggande information om gastrostomier med chans att kl\u00e4mma och k\u00e4nna samt st\u00e4lla fr\u00e5gor om hur de funkar!&lt;\/p&gt;&lt;p&gt;&lt;span style=&quot;font-style: italic;&quot;&gt;Samma workshop arrangeras vid fler tillf\u00e4llen.&lt;\/span&gt;&lt;br&gt;&lt;\/p&gt;&lt;\/td&gt;&lt;\/tr&gt;&lt;\/tbody&gt;&lt;\/table&gt;&lt;br&gt;                 &lt;br&gt;&lt;br&gt;\"\n            data-category=\"Workshop\"\n            data-category-ids=\"1003\"\n            data-span-all=\"\"\n                      >\n\n            <div class=\"event_content\">\n              <div class=\"title\">\n                                <span>Gastroenterologi - Knappar  f\u00f6r nyb\u00f6rjare<\/span>\n              <\/div>\n              <div class=\"span_room\"><span><\/span><\/div>\n              <div class=\"time\">\n                <span>\n                  13:15-14:00                <\/span><\/div>\n\n              <div class=\"lecturer\"><span>Amela Cefo, Ssk, V\u00e4ster\u00e5s; Cecilia Larsson, Barnsjuksk\u00f6terska\/gastrosjuksk\u00f6terska, Barn- och ungdomskliniken, V\u00e4ster\u00e5s<\/span><\/div>\n            <\/div>\n\n\n                                <div style=\"background-color:#B2A1C9; position: absolute !important ; height: 4px !important; left: 4px; right: 4px; bottom : 2px !important;  border\"><\/div>\n            \n          <\/div>\n\n      \n          <div class=\"event \"\n            data-id=\"1095\"\n            data-project=\"project_338_2017_12_12\"\n            data-title=\"Clownetterna - Barnkonspirationen - en barnlig musikal\"\n            data-abs-nbr=\"\"\n            data-ystart=\"13.25\"\n            data-yend=\"14\"\n            data-time=\"13:15-14:00\"\n            data-room=\"2\"\n            data-room-id=\"1023\"\n            data-room-name=\"Lilla Salen\"\n            data-day=\"1\"\n            data-abs-path=\"\"\n            data-speaker=\"Pia \"Dr Musik\" Degr\u00e9us, Sjukhusclown, Clownetterna; Jenny \"Hopp-San\" Carlsson, Sjukhusclown, Clownetterna; Kristian \"Krusbert\" Elmeskog, Sjukhusclown, Clownetterna; Lina \"LillaSyster\" Degr\u00e9us, Sjukhusclown, Clownetterna; Adam \"Hemling\" Brom\u00e9e, Sjukhusclown, Clownetterna\"\n            data-speakercell=\"Pia \"Dr Musik\" Degr\u00e9us, Sjukhusclown, Clownetterna; Jenny \"Hopp-San\" Carlsson, Sjukhusclown, Clownetterna; Kristian \"Krusbert\" Elmeskog, Sjukhusclown, Clownetterna; Lina \"LillaSyster\" Degr\u00e9us, Sjukhusclown, Clownetterna; Adam \"Hemling\" Brom\u00e9e, Sjukhusclown, Clownetterna\"\n            data-info=\"                  &lt;p&gt;En musikal som vill unders\u00f6ka barns b\u00e4sta utifr\u00e5n Barnkonventionens olika perspektiv. Hur sjukhusmilj\u00f6n, kulturella skillnader och bem\u00f6tande kan upplevas olika beroende p\u00e5 vem du \u00e4r; barn, f\u00f6r\u00e4lder eller personal.&lt;br&gt;&lt;\/p&gt;                  &lt;p&gt;Skriven, producerad och framf\u00f6rd av Clownetterna, V\u00e4ster\u00e5s&amp;nbsp;&lt;\/p&gt;&lt;p&gt;&lt;span style=&quot;font-style: italic;&quot;&gt;Samma workshop arrangeras vid fler tillf\u00e4llen.&lt;\/span&gt;&lt;br&gt;&lt;\/p&gt;                 &lt;br&gt;&lt;br&gt;\"\n            data-category=\"Workshop\"\n            data-category-ids=\"1003\"\n            data-span-all=\"\"\n                      >\n\n            <div class=\"event_content\">\n              <div class=\"title\">\n                                <span>Clownetterna - Barnkonspirationen - en barnlig musikal<\/span>\n              <\/div>\n              <div class=\"span_room\"><span><\/span><\/div>\n              <div class=\"time\">\n                <span>\n                  13:15-14:00                <\/span><\/div>\n\n              <div class=\"lecturer\"><span>Pia \"Dr Musik\" Degr\u00e9us, Sjukhusclown, Clownetterna; Jenny \"Hopp-San\" Carlsson, Sjukhusclown, Clownetterna; Kristian \"Krusbert\" Elmeskog, Sjukhusclown, Clownetterna; Lina \"LillaSyster\" Degr\u00e9us, Sjukhusclown, Clownetterna; Adam \"Hemling\" Brom\u00e9e, Sjukhusclown, Clownetterna<\/span><\/div>\n            <\/div>\n\n\n                                <div style=\"background-color:#B2A1C9; position: absolute !important ; height: 4px !important; left: 4px; right: 4px; bottom : 2px !important;  border\"><\/div>\n            \n          <\/div>\n\n      \n          <div class=\"event \"\n            data-id=\"1057\"\n            data-project=\"project_338_2017_12_12\"\n            data-title=\"Ungdomsmedicin - Transition\"\n            data-abs-nbr=\"\"\n            data-ystart=\"13.25\"\n            data-yend=\"14\"\n            data-time=\"13:15-14:00\"\n            data-room=\"3\"\n            data-room-id=\"1024\"\n            data-room-name=\"H\u00f6rsalen\"\n            data-day=\"1\"\n            data-abs-path=\"\"\n            data-speaker=\"Philip Moons, G\u00e4stprofessor, G\u00f6teborg och Belgien\"\n            data-speakercell=\"Philip Moons, G\u00e4stprofessor, G\u00f6teborg och Belgien\"\n            data-info=\"                  &lt;p&gt;Transfer and transition of Young persons with chronic disease: From eminence-based to evidence-based practice&lt;br&gt;&lt;\/p&gt;                 &lt;br&gt;&lt;br&gt;\"\n            data-category=\"F\u00f6rel\u00e4sning\"\n            data-category-ids=\"1002\"\n            data-span-all=\"\"\n                      >\n\n            <div class=\"event_content\">\n              <div class=\"title\">\n                                <span>Ungdomsmedicin - Transition<\/span>\n              <\/div>\n              <div class=\"span_room\"><span><\/span><\/div>\n              <div class=\"time\">\n                <span>\n                  13:15-14:00                <\/span><\/div>\n\n              <div class=\"lecturer\"><span>Philip Moons, G\u00e4stprofessor, G\u00f6teborg och Belgien<\/span><\/div>\n            <\/div>\n\n\n                                <div style=\"background-color:#B2FF78; position: absolute !important ; height: 4px !important; left: 4px; right: 4px; bottom : 2px !important;  border\"><\/div>\n            \n          <\/div>\n\n      \n          <div class=\"event \"\n            data-id=\"1086\"\n            data-project=\"project_338_2017_12_12\"\n            data-title=\"Barn och l\u00e4kemedel - L\u00e4kemedelsbehandling av nyf\u00f6dda barn-praktiska farmakologiska aspekter\"\n            data-abs-nbr=\"\"\n            data-ystart=\"13.25\"\n            data-yend=\"14.833333333333\"\n            data-time=\"13:15-14:50\"\n            data-room=\"5\"\n            data-room-id=\"1020\"\n            data-room-name=\"Sal 302\"\n            data-day=\"1\"\n            data-abs-path=\"\"\n            data-speaker=\"Elisabeth Norman, Neonatolog, Lund; Christiane Garnemark, Barnl\u00e4kare,  Drottning Silvias Barn- och Ungdomssjukhus\"\n            data-speakercell=\"Elisabeth Norman, Neonatolog, Lund; Christiane Garnemark, Barnl\u00e4kare,  Drottning Silvias Barn- och Ungdomssjukhus\"\n            data-info=\"                  &lt;p&gt;Specialistniv\u00e5&lt;\/p&gt;                  &lt;p&gt;F\u00f6rel\u00e4sning och diskussion om vissa l\u00e4kemedel d\u00e4r man vid ordination b\u00f6r ta h\u00e4nsyn till faktorer specifika f\u00f6r det nyf\u00f6dda barnets f\u00f6ruts\u00e4ttningar vid neonatalv\u00e5rd.&lt;br&gt;&lt;\/p&gt;                 &lt;br&gt;&lt;br&gt;\"\n            data-category=\"F\u00f6rel\u00e4sning\"\n            data-category-ids=\"1002\"\n            data-span-all=\"\"\n                      >\n\n            <div class=\"event_content\">\n              <div class=\"title\">\n                                <span>Barn och l\u00e4kemedel - L\u00e4kemedelsbehandling av nyf\u00f6dda barn-praktiska farmakologiska aspekter<\/span>\n              <\/div>\n              <div class=\"span_room\"><span><\/span><\/div>\n              <div class=\"time\">\n                <span>\n                  13:15-14:50                <\/span><\/div>\n\n              <div class=\"lecturer\"><span>Elisabeth Norman, Neonatolog, Lund; Christiane Garnemark, Barnl\u00e4kare,  Drottning Silvias Barn- och Ungdomssjukhus<\/span><\/div>\n            <\/div>\n\n\n                                <div style=\"background-color:#B2FF78; position: absolute !important ; height: 4px !important; left: 4px; right: 4px; bottom : 2px !important;  border\"><\/div>\n            \n          <\/div>\n\n      \n          <div class=\"event \"\n            data-id=\"1063\"\n            data-project=\"project_338_2017_12_12\"\n            data-title=\"Gastroenterologi - Anemi, j\u00e4rnbrist och j\u00e4rnbristbehandling\"\n            data-abs-nbr=\"\"\n            data-ystart=\"13.25\"\n            data-yend=\"14\"\n            data-time=\"13:15-14:00\"\n            data-room=\"1\"\n            data-room-id=\"1021\"\n            data-room-name=\"Lilla Kongresshallen\"\n            data-day=\"1\"\n            data-abs-path=\"\"\n            data-speaker=\"Torbj\u00f6rn Lind, Docent, Barnl\u00e4kare, Ume\u00e5\"\n            data-speakercell=\"Torbj\u00f6rn Lind, Docent, Barnl\u00e4kare, Ume\u00e5\"\n            data-info=\"&lt;b&gt;Moderatorer: &lt;\/b&gt;Bernadetta Majerczyk, Eskilstuna&lt;br&gt;&lt;br&gt;                  &lt;p&gt;Anemi, j\u00e4rnbrist och j\u00e4rnbristbehandling&lt;br&gt;&lt;\/p&gt;                 &lt;br&gt;&lt;br&gt;\"\n            data-category=\"F\u00f6rel\u00e4sning\"\n            data-category-ids=\"1002\"\n            data-span-all=\"\"\n                      >\n\n            <div class=\"event_content\">\n              <div class=\"title\">\n                                <span>Gastroenterologi - Anemi, j\u00e4rnbrist och j\u00e4rnbristbehandling<\/span>\n              <\/div>\n              <div class=\"span_room\"><span><\/span><\/div>\n              <div class=\"time\">\n                <span>\n                  13:15-14:00                <\/span><\/div>\n\n              <div class=\"lecturer\"><span>Torbj\u00f6rn Lind, Docent, Barnl\u00e4kare, Ume\u00e5<\/span><\/div>\n            <\/div>\n\n\n                                <div style=\"background-color:#B2FF78; position: absolute !important ; height: 4px !important; left: 4px; right: 4px; bottom : 2px !important;  border\"><\/div>\n            \n          <\/div>\n\n      \n          <div class=\"event \"\n            data-id=\"1098\"\n            data-project=\"project_338_2017_12_12\"\n            data-title=\"Diabetes - Praktisk kolhydratr\u00e4kning-\/insulindosering\"\n            data-abs-nbr=\"\"\n            data-ystart=\"13.25\"\n            data-yend=\"14\"\n            data-time=\"13:15-14:00\"\n            data-room=\"9\"\n            data-room-id=\"1026\"\n            data-room-name=\"Sal 108\"\n            data-day=\"1\"\n            data-abs-path=\"\"\n            data-speaker=\"Anneli Helmrich, Dietist, Region V\u00e4stmanland\"\n            data-speakercell=\"Anneli Helmrich, Dietist, Region V\u00e4stmanland\"\n            data-info=\"                  &lt;p&gt;Diabetesteamet V\u00e4ster\u00e5s. Utifr\u00e5n m\u00e5ltider och scenario ber\u00e4knas insulindos efter kort f\u00f6rel\u00e4sning om kolhydratr\u00e4kning. Mest l\u00e4mplig dos r\u00f6stas fram med hj\u00e4lp av mentometer.&lt;\/p&gt;                  &lt;p&gt;Kolhydratr\u00e4kning \u00e4r ett bra och viktig verktyg f\u00f6r en god metabol kontroll. Syftet \u00e4r att ge en inblick i kolhydratr\u00e4kning&lt;br&gt;&lt;\/p&gt;                  &lt;p&gt;Dietist, l\u00e4kare, sjuksk\u00f6terska. Appar laddas ned f\u00f6re f\u00f6rel\u00e4sningen Kolhydratkollen (Iphone), Livsmedelsdatabasen (Android) och Novonordisk kolhydrathandbok.&amp;nbsp;&lt;\/p&gt;&lt;p&gt;&lt;span style=&quot;font-style: italic;&quot;&gt;Samma workshop arrangeras vid fler tillf\u00e4llen.&lt;\/span&gt;&lt;br&gt;&lt;\/p&gt;                 &lt;br&gt;&lt;br&gt;\"\n            data-category=\"Workshop\"\n            data-category-ids=\"1003\"\n            data-span-all=\"\"\n                      >\n\n            <div class=\"event_content\">\n              <div class=\"title\">\n                                <span>Diabetes - Praktisk kolhydratr\u00e4kning-\/insulindosering<\/span>\n              <\/div>\n              <div class=\"span_room\"><span><\/span><\/div>\n              <div class=\"time\">\n                <span>\n                  13:15-14:00                <\/span><\/div>\n\n              <div class=\"lecturer\"><span>Anneli Helmrich, Dietist, Region V\u00e4stmanland<\/span><\/div>\n            <\/div>\n\n\n                                <div style=\"background-color:#B2A1C9; position: absolute !important ; height: 4px !important; left: 4px; right: 4px; bottom : 2px !important;  border\"><\/div>\n            \n          <\/div>\n\n      \n          <div class=\"event \"\n            data-id=\"1265\"\n            data-project=\"project_338_2017_12_12\"\n            data-title=\"Global h\u00e4lsa och L\u00e4kare utan gr\u00e4nser\"\n            data-abs-nbr=\"\"\n            data-ystart=\"13.25\"\n            data-yend=\"15.25\"\n            data-time=\"13:15-15:15\"\n            data-room=\"10\"\n            data-room-id=\"1022\"\n            data-room-name=\"Sal 109\"\n            data-day=\"1\"\n            data-abs-path=\"\"\n            data-speaker=\"Daniel Martinez, Barnl\u00e4kare, Medecins Sans Fronti\u00e8res, Switzerland; Sanna Sj\u00f6berg, ST l\u00e4kare i pediatrik, Sundsvall\"\n            data-speakercell=\"Daniel Martinez, Barnl\u00e4kare, Medecins Sans Fronti\u00e8res, Switzerland; Sanna Sj\u00f6berg, ST l\u00e4kare i pediatrik, Sundsvall\"\n            data-info=\"                  &lt;div&gt;                   Pediatrisk v\u00e5rd i humanit\u00e4r kontext: L\u00e4kare Utan Gr\u00e4nsers perspektiv                  &lt;\/div&gt;                  &lt;div&gt;                   &amp;nbsp;                  &lt;\/div&gt;                  &lt;div&gt;                   Inneh\u00e5ll:                  &lt;\/div&gt;                  &lt;div&gt;                   - Kliniska och operativa utmaningar                  &lt;\/div&gt;                  &lt;div&gt;                   - Innovativa l\u00f6sningar f\u00f6r att f\u00f6rb\u00e4ttra tillg\u00e5ngen till barnsjukv\u00e5rd p\u00e5 sv\u00e5rtillg\u00e4ngliga platser                  &lt;\/div&gt;                  &lt;div&gt;                   - Fallstudier                 &lt;\/div&gt;                  &lt;div&gt;                   &amp;nbsp; &amp;nbsp; &amp;nbsp; &amp;nbsp; &amp;nbsp; &amp;nbsp; &amp;nbsp; &amp;nbsp; &amp;nbsp; &amp;nbsp; &amp;nbsp;                  &lt;\/div&gt;                  &lt;div&gt;                   V\u00e4nder sig till alla yrkeskategorier                  &lt;\/div&gt;                 &lt;br&gt;&lt;br&gt;\"\n            data-category=\"F\u00f6rel\u00e4sning\"\n            data-category-ids=\"1002\"\n            data-span-all=\"\"\n                      >\n\n            <div class=\"event_content\">\n              <div class=\"title\">\n                                <span>Global h\u00e4lsa och L\u00e4kare utan gr\u00e4nser<\/span>\n              <\/div>\n              <div class=\"span_room\"><span><\/span><\/div>\n              <div class=\"time\">\n                <span>\n                  13:15-15:15                <\/span><\/div>\n\n              <div class=\"lecturer\"><span>Daniel Martinez, Barnl\u00e4kare, Medecins Sans Fronti\u00e8res, Switzerland; Sanna Sj\u00f6berg, ST l\u00e4kare i pediatrik, Sundsvall<\/span><\/div>\n            <\/div>\n\n\n                                <div style=\"background-color:#B2FF78; position: absolute !important ; height: 4px !important; left: 4px; right: 4px; bottom : 2px !important;  border\"><\/div>\n            \n          <\/div>\n\n      \n          <div class=\"event \"\n            data-id=\"1106\"\n            data-project=\"project_338_2017_12_12\"\n            data-title=\"BLF delf\u00f6reningsm\u00f6te\"\n            data-abs-nbr=\"\"\n            data-ystart=\"13.5\"\n            data-yend=\"14.833333333333\"\n            data-time=\"13:30-14:50\"\n            data-room=\"12\"\n            data-room-id=\"1033\"\n            data-room-name=\"Sal 201\"\n            data-day=\"1\"\n            data-abs-path=\"\"\n            data-speaker=\"\"\n            data-speakercell=\"\"\n            data-info=\"                  &lt;p&gt;&lt;span style=&quot;font-weight: bold;&quot;&gt;Agenda&lt;\/span&gt;&lt;\/p&gt;                 &lt;p&gt;&lt;\/p&gt;                 &lt;ol&gt;                  &lt;li&gt;Val av ordf\u00f6rande, sekreterare, justerare&lt;br&gt;&lt;\/li&gt;                  &lt;li&gt;Dagordningen&lt;br&gt;&lt;\/li&gt;                  &lt;li&gt;Aktuellt fr\u00e5n BLF&lt;br&gt;&lt;\/li&gt;                  &lt;li&gt;Arbetet med nationella PM och kundskapst\u00f6d inom NPO - delf\u00f6reningarnas roll&lt;br&gt;&lt;\/li&gt;                  &lt;li&gt;Hemsidan och webst\u00f6d&lt;br&gt;&lt;\/li&gt;                  &lt;li&gt;\u00d6vriga fr\u00e5gor&lt;br&gt;&lt;\/li&gt;                 &lt;\/ol&gt;&lt;span style=&quot;font-weight: bold;&quot;&gt;V\u00e4lkomna!                 &lt;\/span&gt;&lt;p&gt;&lt;\/p&gt;                 &lt;br&gt;&lt;br&gt;\"\n            data-category=\"M\u00f6te\"\n            data-category-ids=\"1004\"\n            data-span-all=\"\"\n                      >\n\n            <div class=\"event_content\">\n              <div class=\"title\">\n                                <span>BLF delf\u00f6reningsm\u00f6te<\/span>\n              <\/div>\n              <div class=\"span_room\"><span><\/span><\/div>\n              <div class=\"time\">\n                <span>\n                  13:30-14:50                <\/span><\/div>\n\n              \n            <\/div>\n\n\n                                <div style=\"background-color:#FFFA5C; position: absolute !important ; height: 4px !important; left: 4px; right: 4px; bottom : 2px !important;  border\"><\/div>\n            \n          <\/div>\n\n      \n          <div class=\"event \"\n            data-id=\"1064\"\n            data-project=\"project_338_2017_12_12\"\n            data-title=\"Gastroenterologi - Helicobacter - Nytt v\u00e5rdprogram\"\n            data-abs-nbr=\"\"\n            data-ystart=\"14.083333333333\"\n            data-yend=\"14.833333333333\"\n            data-time=\"14:05-14:50\"\n            data-room=\"1\"\n            data-room-id=\"1021\"\n            data-room-name=\"Lilla Kongresshallen\"\n            data-day=\"1\"\n            data-abs-path=\"\"\n            data-speaker=\"Thomas Casswall, Docent, \u00d6verl\u00e4kare, Karolinska Universitetssjukhuset\"\n            data-speakercell=\"Thomas Casswall, Docent, \u00d6verl\u00e4kare, Karolinska Universitetssjukhuset\"\n            data-info=\"                  &lt;p&gt;Nya uppdaterade europeiska och nordamerikanska riktlinjer f\u00f6r handl\u00e4ggning och behandling av Helicobacter pylori hos barn&lt;br&gt;&lt;\/p&gt;                 &lt;br&gt;&lt;br&gt;\"\n            data-category=\"F\u00f6rel\u00e4sning\"\n            data-category-ids=\"1002\"\n            data-span-all=\"\"\n                      >\n\n            <div class=\"event_content\">\n              <div class=\"title\">\n                                <span>Gastroenterologi - Helicobacter - Nytt v\u00e5rdprogram<\/span>\n              <\/div>\n              <div class=\"span_room\"><span><\/span><\/div>\n              <div class=\"time\">\n                <span>\n                  14:05-14:50                <\/span><\/div>\n\n              <div class=\"lecturer\"><span>Thomas Casswall, Docent, \u00d6verl\u00e4kare, Karolinska Universitetssjukhuset<\/span><\/div>\n            <\/div>\n\n\n                                <div style=\"background-color:#B2FF78; position: absolute !important ; height: 4px !important; left: 4px; right: 4px; bottom : 2px !important;  border\"><\/div>\n            \n          <\/div>\n\n      \n          <div class=\"event \"\n            data-id=\"1099\"\n            data-project=\"project_338_2017_12_12\"\n            data-title=\"Diabetes - Modern diabetesv\u00e5rd med tekniken i fokus\"\n            data-abs-nbr=\"\"\n            data-ystart=\"14.083333333333\"\n            data-yend=\"14.833333333333\"\n            data-time=\"14:05-14:50\"\n            data-room=\"9\"\n            data-room-id=\"1026\"\n            data-room-name=\"Sal 108\"\n            data-day=\"1\"\n            data-abs-path=\"\"\n            data-speaker=\"Lisa Torstensson, Barnsjuksk\u00f6terska, Region V\u00e4stmanland\"\n            data-speakercell=\"Lisa Torstensson, Barnsjuksk\u00f6terska, Region V\u00e4stmanland\"\n            data-info=\"                  &lt;p&gt;Diabetesteam V\u00e4ster\u00e5s. F\u00f6rel\u00e4sning och viss demo av modern diabetesteknik inkl pumpar, sensorer, nedladdning, diabetesapparatur och smartphones.&lt;\/p&gt;                  &lt;p&gt;Utvecklingen av diabetestekniska hj\u00e4lpmedel g\u00e5r snabbt. Idag har ca 65 % av alla barn och ungdomar med typ 1 diabetes insulinpumpbehandling och \u00e4nnu fler har n\u00e5gon form av kontinuerlig glukosm\u00e4tning. Syftet med workshopen \u00e4r att ge en bild av hur modern diabetesbehandling ser ut i dagsl\u00e4get och \u00e4ven hur framtiden kan se ut.&lt;\/p&gt;&lt;p&gt;&lt;span style=&quot;font-style: italic;&quot;&gt;Samma workshop arrangeras vid fler tillf\u00e4llen.&lt;\/span&gt;&lt;br&gt;&lt;\/p&gt;                 &lt;br&gt;&lt;br&gt;\"\n            data-category=\"Workshop\"\n            data-category-ids=\"1003\"\n            data-span-all=\"\"\n                      >\n\n            <div class=\"event_content\">\n              <div class=\"title\">\n                                <span>Diabetes - Modern diabetesv\u00e5rd med tekniken i fokus<\/span>\n              <\/div>\n              <div class=\"span_room\"><span><\/span><\/div>\n              <div class=\"time\">\n                <span>\n                  14:05-14:50                <\/span><\/div>\n\n              <div class=\"lecturer\"><span>Lisa Torstensson, Barnsjuksk\u00f6terska, Region V\u00e4stmanland<\/span><\/div>\n            <\/div>\n\n\n                                <div style=\"background-color:#B2A1C9; position: absolute !important ; height: 4px !important; left: 4px; right: 4px; bottom : 2px !important;  border\"><\/div>\n            \n          <\/div>\n\n      \n          <div class=\"event \"\n            data-id=\"1281\"\n            data-project=\"project_338_2017_12_12\"\n            data-title=\"Kardiologi\/ungdomsmedicin - Transition-\u00f6verf\u00f6ring GUCH-mottagningar\"\n            data-abs-nbr=\"\"\n            data-ystart=\"14.083333333333\"\n            data-yend=\"14.833333333333\"\n            data-time=\"14:05-14:50\"\n            data-room=\"3\"\n            data-room-id=\"1024\"\n            data-room-name=\"H\u00f6rsalen\"\n            data-day=\"1\"\n            data-abs-path=\"\"\n            data-speaker=\"Charlotta Hammar, MD, Kardiolog V\u00e4ster\u00e5s; Eva-Lena Bratt, PhD\/Lektor\/specialistsjuksk\u00f6terska, G\u00f6teborgs universitet\"\n            data-speakercell=\"Charlotta Hammar, MD, Kardiolog V\u00e4ster\u00e5s; Eva-Lena Bratt, PhD\/Lektor\/specialistsjuksk\u00f6terska, G\u00f6teborgs universitet\"\n            data-info=\"                  &lt;p&gt; &lt;\/p&gt;                  &lt;p&gt;\u00d6verg\u00e5ng fr\u00e5n barn till vuxensjukv\u00e5rd \u2013 medf\u00f6dda hj\u00e4rtfel.&amp;nbsp;&lt;\/p&gt;                  &lt;br&gt;&amp;nbsp; &amp;nbsp; &amp;nbsp; &amp;nbsp; &amp;nbsp; &amp;nbsp; &amp;nbsp; &amp;nbsp; &amp;nbsp; &amp;nbsp;&amp;nbsp;&lt;p&gt;&lt;\/p&gt;                 &lt;br&gt;&lt;br&gt;\"\n            data-category=\"F\u00f6rel\u00e4sning\"\n            data-category-ids=\"1002\"\n            data-span-all=\"\"\n                      >\n\n            <div class=\"event_content\">\n              <div class=\"title\">\n                                <span>Kardiologi\/ungdomsmedicin - Transition-\u00f6verf\u00f6ring GUCH-mottagningar<\/span>\n              <\/div>\n              <div class=\"span_room\"><span><\/span><\/div>\n              <div class=\"time\">\n                <span>\n                  14:05-14:50                <\/span><\/div>\n\n              <div class=\"lecturer\"><span>Charlotta Hammar, MD, Kardiolog V\u00e4ster\u00e5s; Eva-Lena Bratt, PhD\/Lektor\/specialistsjuksk\u00f6terska, G\u00f6teborgs universitet<\/span><\/div>\n            <\/div>\n\n\n                                <div style=\"background-color:#B2FF78; position: absolute !important ; height: 4px !important; left: 4px; right: 4px; bottom : 2px !important;  border\"><\/div>\n            \n          <\/div>\n\n      \n          <div class=\"event \"\n            data-id=\"1264\"\n            data-project=\"project_338_2017_12_12\"\n            data-title=\"Clownetterna - F\u00f6rdjupande workshop\"\n            data-abs-nbr=\"\"\n            data-ystart=\"14.083333333333\"\n            data-yend=\"14.833333333333\"\n            data-time=\"14:05-14:50\"\n            data-room=\"2\"\n            data-room-id=\"1023\"\n            data-room-name=\"Lilla Salen\"\n            data-day=\"1\"\n            data-abs-path=\"\"\n            data-speaker=\"Pia \"Dr Musik\" Degr\u00e9us, Sjukhusclown, Clownetterna; Jenny \"Hopp-San\" Carlsson, Sjukhusclown, Clownetterna; Kristian \"Krusbert\" Elmeskog, Sjukhusclown, Clownetterna; Lina \"LillaSyster\" Degr\u00e9us, Sjukhusclown, Clownetterna; Adam \"Hemling\" Brom\u00e9e, Sjukhusclown, Clownetterna\"\n            data-speakercell=\"Pia \"Dr Musik\" Degr\u00e9us, Sjukhusclown, Clownetterna; Jenny \"Hopp-San\" Carlsson, Sjukhusclown, Clownetterna; Kristian \"Krusbert\" Elmeskog, Sjukhusclown, Clownetterna; Lina \"LillaSyster\" Degr\u00e9us, Sjukhusclown, Clownetterna; Adam \"Hemling\" Brom\u00e9e, Sjukhusclown, Clownetterna\"\n            data-info=\"                  &lt;p&gt;Workshop med f\u00f6rdjupning kring att arbeta utifr\u00e5n Barnkonventionen p\u00e5 golvet.&lt;br&gt;&lt;\/p&gt;                  &lt;p&gt;Clownetterna, V\u00e4ster\u00e5s&amp;nbsp;&lt;\/p&gt;&lt;p&gt;&lt;span style=&quot;font-style: italic;&quot;&gt;Samma workshop arrangeras vid fler tillf\u00e4llen.&lt;\/span&gt;&lt;br&gt;&lt;\/p&gt;                 &lt;br&gt;&lt;br&gt;\"\n            data-category=\"Workshop\"\n            data-category-ids=\"1003\"\n            data-span-all=\"\"\n                      >\n\n            <div class=\"event_content\">\n              <div class=\"title\">\n                                <span>Clownetterna - F\u00f6rdjupande workshop<\/span>\n              <\/div>\n              <div class=\"span_room\"><span><\/span><\/div>\n              <div class=\"time\">\n                <span>\n                  14:05-14:50                <\/span><\/div>\n\n              <div class=\"lecturer\"><span>Pia \"Dr Musik\" Degr\u00e9us, Sjukhusclown, Clownetterna; Jenny \"Hopp-San\" Carlsson, Sjukhusclown, Clownetterna; Kristian \"Krusbert\" Elmeskog, Sjukhusclown, Clownetterna; Lina \"LillaSyster\" Degr\u00e9us, Sjukhusclown, Clownetterna; Adam \"Hemling\" Brom\u00e9e, Sjukhusclown, Clownetterna<\/span><\/div>\n            <\/div>\n\n\n                                <div style=\"background-color:#B2A1C9; position: absolute !important ; height: 4px !important; left: 4px; right: 4px; bottom : 2px !important;  border\"><\/div>\n            \n          <\/div>\n\n      \n          <div class=\"event \"\n            data-id=\"1056\"\n            data-project=\"project_338_2017_12_12\"\n            data-title=\"Neonatalogi - Erfarenheter i Uppsala av behandling av BPD med Ohio-modellen\"\n            data-abs-nbr=\"\"\n            data-ystart=\"14.083333333333\"\n            data-yend=\"14.833333333333\"\n            data-time=\"14:05-14:50\"\n            data-room=\"0\"\n            data-room-id=\"1018\"\n            data-room-name=\"Stora Kongresshallen\"\n            data-day=\"1\"\n            data-abs-path=\"\"\n            data-speaker=\"Richard Sindelar, Docent Neonatolog, Akademiska barnsjukhuset Uppsala; Linda Wallstr\u00f6m,  Neonatolog, Akademiska barnsjukhuset Uppsala\"\n            data-speakercell=\"Richard Sindelar, Docent Neonatolog, Akademiska barnsjukhuset Uppsala; Linda Wallstr\u00f6m,  Neonatolog, Akademiska barnsjukhuset Uppsala\"\n            data-info=\"&lt;b&gt;Moderatorer: &lt;\/b&gt;Barbro Diderholm, Neonatolog, Akademiska barnsjukhuset&lt;br&gt;&lt;br&gt;                  &lt;p&gt;Neonatalogi&lt;br&gt;&lt;\/p&gt;                 &lt;br&gt;&lt;br&gt;\"\n            data-category=\"F\u00f6rel\u00e4sning\"\n            data-category-ids=\"1002\"\n            data-span-all=\"\"\n                      >\n\n            <div class=\"event_content\">\n              <div class=\"title\">\n                                <span>Neonatalogi - Erfarenheter i Uppsala av behandling av BPD med Ohio-modellen<\/span>\n              <\/div>\n              <div class=\"span_room\"><span><\/span><\/div>\n              <div class=\"time\">\n                <span>\n                  14:05-14:50                <\/span><\/div>\n\n              <div class=\"lecturer\"><span>Richard Sindelar, Docent Neonatolog, Akademiska barnsjukhuset Uppsala; Linda Wallstr\u00f6m,  Neonatolog, Akademiska barnsjukhuset Uppsala<\/span><\/div>\n            <\/div>\n\n\n                                <div style=\"background-color:#B2FF78; position: absolute !important ; height: 4px !important; left: 4px; right: 4px; bottom : 2px !important;  border\"><\/div>\n            \n          <\/div>\n\n      \n          <div class=\"event \"\n            data-id=\"1111\"\n            data-project=\"project_338_2017_12_12\"\n            data-title=\"Fika, utst\u00e4llare, posterbes\u00f6k\"\n            data-abs-nbr=\"\"\n            data-ystart=\"14.833333333333\"\n            data-yend=\"15.416666666667\"\n            data-time=\"14:50-15:25\"\n            data-room=\"18\"\n            data-room-id=\"1013\"\n            data-room-name=\"Utst\u00e4llningen\"\n            data-day=\"1\"\n            data-abs-path=\"\"\n            data-speaker=\"\"\n            data-speakercell=\"\"\n            data-info=\"\"\n            data-category=\"\"\n            data-category-ids=\"\"\n            data-span-all=\"1\"\n                      >\n\n            <div class=\"event_content\">\n              <div class=\"title\">\n                                <span>Fika, utst\u00e4llare, posterbes\u00f6k<\/span>\n              <\/div>\n              <div class=\"span_room\"><span>Utst\u00e4llningen<br\/><\/span><\/div>\n              <div class=\"time\">\n                <span>\n                  14:50-15:25                <\/span><\/div>\n\n              \n            <\/div>\n\n\n            \n          <\/div>\n\n      \n          <div class=\"event \"\n            data-id=\"1088\"\n            data-project=\"project_338_2017_12_12\"\n            data-title=\"Barn och l\u00e4kemedel - N\u00e4r ett l\u00e4kemedel inte l\u00e4ngre finns\"\n            data-abs-nbr=\"\"\n            data-ystart=\"15.416666666667\"\n            data-yend=\"17\"\n            data-time=\"15:25-17:00\"\n            data-room=\"5\"\n            data-room-id=\"1020\"\n            data-room-name=\"Sal 302\"\n            data-day=\"1\"\n            data-abs-path=\"\"\n            data-speaker=\"Per Br\u00e4ndstr\u00f6m, Barnefrolog, G\u00f6teborg; Elin  Kimland, L\u00e4kemedelsverket; Synn\u00f6ve Lindemalm, Barnl\u00e4kare, klinisk Farmakolog, Karolinska institutet Stockholm; Johanna Rubin, Barnh\u00e4lsov\u00e5rds\u00f6verl\u00e4kare, Karolinska institutet, Stockholm\"\n            data-speakercell=\"Per Br\u00e4ndstr\u00f6m, Barnefrolog, G\u00f6teborg; Elin  Kimland, L\u00e4kemedelsverket; Synn\u00f6ve Lindemalm, Barnl\u00e4kare, klinisk Farmakolog, Karolinska institutet Stockholm; Johanna Rubin, Barnh\u00e4lsov\u00e5rds\u00f6verl\u00e4kare, Karolinska institutet, Stockholm\"\n            data-info=\"&lt;b&gt;Moderatorer: &lt;\/b&gt;Estelle Naumburg, Barnl\u00e4kare, lektor Ume\u00e5&lt;br&gt;&lt;br&gt;                  &lt;p&gt;Symposium: Deltagare i panel och f\u00f6rel\u00e4sare fr\u00e5n l\u00e4kemedelsverket, delf\u00f6reningen f\u00f6r barnvaccinationer.&lt;\/p&gt;                  &lt;p&gt;I detta symposium diskuterar hur och varf\u00f6r ett l\u00e4kemedel f\u00f6rsvinner fr\u00e5n marknaden, och om vi kan l\u00e4ra av varandra.&lt;br&gt;&lt;\/p&gt;                 &lt;br&gt;&lt;br&gt;\"\n            data-category=\"Seminarium\/Paneldebatt\"\n            data-category-ids=\"1006\"\n            data-span-all=\"\"\n                      >\n\n            <div class=\"event_content\">\n              <div class=\"title\">\n                                <span>Barn och l\u00e4kemedel - N\u00e4r ett l\u00e4kemedel inte l\u00e4ngre finns<\/span>\n              <\/div>\n              <div class=\"span_room\"><span><\/span><\/div>\n              <div class=\"time\">\n                <span>\n                  15:25-17:00                <\/span><\/div>\n\n              <div class=\"lecturer\"><span>Per Br\u00e4ndstr\u00f6m, Barnefrolog, G\u00f6teborg; Elin  Kimland, L\u00e4kemedelsverket; Synn\u00f6ve Lindemalm, Barnl\u00e4kare, klinisk Farmakolog, Karolinska institutet Stockholm; Johanna Rubin, Barnh\u00e4lsov\u00e5rds\u00f6verl\u00e4kare, Karolinska institutet, Stockholm<\/span><\/div>\n            <\/div>\n\n\n                                <div style=\"background-color:#FFB217; position: absolute !important ; height: 4px !important; left: 4px; right: 4px; bottom : 2px !important;  border\"><\/div>\n            \n          <\/div>\n\n      \n          <div class=\"event \"\n            data-id=\"1074\"\n            data-project=\"project_338_2017_12_12\"\n            data-title=\"Endokrin - Kalk, Fosfat, D-vitamin\"\n            data-abs-nbr=\"\"\n            data-ystart=\"15.416666666667\"\n            data-yend=\"17\"\n            data-time=\"15:25-17:00\"\n            data-room=\"8\"\n            data-room-id=\"1025\"\n            data-room-name=\"Sal 107\"\n            data-day=\"1\"\n            data-abs-path=\"\"\n            data-speaker=\"Ola Nilsson, Professor Barnl\u00e4kare, \u00d6rebro; Johan Svensson, \u00d6L, Astrid Lindgrens Barnsjukhus\"\n            data-speakercell=\"Ola Nilsson, Professor Barnl\u00e4kare, \u00d6rebro; Johan Svensson, \u00d6L, Astrid Lindgrens Barnsjukhus\"\n            data-info=\"                  &lt;p&gt;Kalk, fosfat och D-vitamin- the essentials&lt;br&gt;&lt;\/p&gt;                 &lt;br&gt;&lt;br&gt;\"\n            data-category=\"F\u00f6rel\u00e4sning\"\n            data-category-ids=\"1002\"\n            data-span-all=\"\"\n                      >\n\n            <div class=\"event_content\">\n              <div class=\"title\">\n                                <span>Endokrin - Kalk, Fosfat, D-vitamin<\/span>\n              <\/div>\n              <div class=\"span_room\"><span><\/span><\/div>\n              <div class=\"time\">\n                <span>\n                  15:25-17:00                <\/span><\/div>\n\n              <div class=\"lecturer\"><span>Ola Nilsson, Professor Barnl\u00e4kare, \u00d6rebro; Johan Svensson, \u00d6L, Astrid Lindgrens Barnsjukhus<\/span><\/div>\n            <\/div>\n\n\n                                <div style=\"background-color:#B2FF78; position: absolute !important ; height: 4px !important; left: 4px; right: 4px; bottom : 2px !important;  border\"><\/div>\n            \n          <\/div>\n\n      \n          <div class=\"event \"\n            data-id=\"1045\"\n            data-project=\"project_338_2017_12_12\"\n            data-title=\"Foniatri - Hej barnlaryngologi!\"\n            data-abs-nbr=\"\"\n            data-ystart=\"15.416666666667\"\n            data-yend=\"17\"\n            data-time=\"15:25-17:00\"\n            data-room=\"2\"\n            data-room-id=\"1023\"\n            data-room-name=\"Lilla Salen\"\n            data-day=\"1\"\n            data-abs-path=\"\"\n            data-speaker=\"Henrik Widegren, PhD, Foniater, Lund\"\n            data-speakercell=\"Henrik Widegren, PhD, Foniater, Lund\"\n            data-info=\"                 &lt;p&gt;Barn med \u00f6vre luftv\u00e4gshinder eller d\u00e5lig r\u00f6st. Vad kan det vara och vad kan vi g\u00f6ra \u00e5t det? En klinisk och fallbaserad f\u00f6rel\u00e4sning om larynxsjukdomar hos barn ur \u00d6NH-l\u00e4karens och foniaterns perspektiv.&lt;\/p&gt;                 &lt;p&gt;&lt;br&gt;&lt;\/p&gt;                 &lt;p&gt;&lt;br&gt;&lt;\/p&gt;                 &lt;br&gt;&lt;br&gt;\"\n            data-category=\"F\u00f6rel\u00e4sning\"\n            data-category-ids=\"1002\"\n            data-span-all=\"\"\n                      >\n\n            <div class=\"event_content\">\n              <div class=\"title\">\n                                <span>Foniatri - Hej barnlaryngologi!<\/span>\n              <\/div>\n              <div class=\"span_room\"><span><\/span><\/div>\n              <div class=\"time\">\n                <span>\n                  15:25-17:00                <\/span><\/div>\n\n              <div class=\"lecturer\"><span>Henrik Widegren, PhD, Foniater, Lund<\/span><\/div>\n            <\/div>\n\n\n                                <div style=\"background-color:#B2FF78; position: absolute !important ; height: 4px !important; left: 4px; right: 4px; bottom : 2px !important;  border\"><\/div>\n            \n          <\/div>\n\n      \n          <div class=\"event \"\n            data-id=\"1136\"\n            data-project=\"project_338_2017_12_12\"\n            data-title=\"Ungdomsv\u00e4nlig v\u00e5rd och \u00f6verf\u00f6ring - M\u00d6T EXPERTERNA\"\n            data-abs-nbr=\"\"\n            data-ystart=\"15.416666666667\"\n            data-yend=\"16.166666666667\"\n            data-time=\"15:25-16:10\"\n            data-room=\"3\"\n            data-room-id=\"1024\"\n            data-room-name=\"H\u00f6rsalen\"\n            data-day=\"1\"\n            data-abs-path=\"\"\n            data-speaker=\"Charlotte Nylander, PhD, Barnl\u00e4kare, S\u00f6dermanland; Robin \u00c5hrling, Ordf\u00f6rande, Ung Diabetes\"\n            data-speakercell=\"Charlotte Nylander, PhD, Barnl\u00e4kare, S\u00f6dermanland; Robin \u00c5hrling, Ordf\u00f6rande, Ung Diabetes\"\n            data-info=\"                 &lt;table&gt;                  &lt;tbody&gt;                   &lt;tr&gt;                    &lt;td&gt;&lt;p&gt;Kardiologi - Transition-ungdomsmedicin&lt;\/p&gt;&lt;\/td&gt;                   &lt;\/tr&gt;                  &lt;\/tbody&gt;                 &lt;\/table&gt;                 &lt;p&gt;Paneldebatt med ungdomar&lt;\/p&gt;                 &lt;table&gt;                  &lt;tbody&gt;                   &lt;tr&gt;                    &lt;td&gt;\u00d6versiktlig f\u00f6rel\u00e4sning om ungdomsv\u00e4nlig v\u00e5rd och \u00f6verf\u00f6ring. Ung Diabetes presenterar sina tankar om ungdomsmottagning. Patienter med andra sjukdomar presenterar sina synpunkter. Passet avslutas med en paneldebatt mellan alla eftermiddagens f\u00f6rel\u00e4sare.&lt;br&gt;&lt;br&gt;&lt;\/td&gt;                   &lt;\/tr&gt;                  &lt;\/tbody&gt;                 &lt;\/table&gt;                &lt;br&gt;&lt;br&gt;\"\n            data-category=\"Seminarium\/Paneldebatt\"\n            data-category-ids=\"1006\"\n            data-span-all=\"\"\n                      >\n\n            <div class=\"event_content\">\n              <div class=\"title\">\n                                <span>Ungdomsv\u00e4nlig v\u00e5rd och \u00f6verf\u00f6ring - M\u00d6T EXPERTERNA<\/span>\n              <\/div>\n              <div class=\"span_room\"><span><\/span><\/div>\n              <div class=\"time\">\n                <span>\n                  15:25-16:10                <\/span><\/div>\n\n              <div class=\"lecturer\"><span>Charlotte Nylander, PhD, Barnl\u00e4kare, S\u00f6dermanland; Robin \u00c5hrling, Ordf\u00f6rande, Ung Diabetes<\/span><\/div>\n            <\/div>\n\n\n                                <div style=\"background-color:#FFB217; position: absolute !important ; height: 4px !important; left: 4px; right: 4px; bottom : 2px !important;  border\"><\/div>\n            \n          <\/div>\n\n      \n          <div class=\"event \"\n            data-id=\"1054\"\n            data-project=\"project_338_2017_12_12\"\n            data-title=\"Neonatalogi - Short- and Long-term Outcomes for Infants Born Late Preterm\"\n            data-abs-nbr=\"\"\n            data-ystart=\"15.416666666667\"\n            data-yend=\"16.166666666667\"\n            data-time=\"15:25-16:10\"\n            data-room=\"0\"\n            data-room-id=\"1018\"\n            data-room-name=\"Stora Kongresshallen\"\n            data-day=\"1\"\n            data-abs-path=\"\"\n            data-speaker=\"Lex Doyle, Professor of Neonatal Paediatrics, University of Melbourne\"\n            data-speakercell=\"Lex Doyle, Professor of Neonatal Paediatrics, University of Melbourne\"\n            data-info=\"&lt;b&gt;Moderatorer: &lt;\/b&gt;Barbro Diderholm, Neonatolog, Akademiska barnsjukhuset&lt;br&gt;&lt;br&gt;                  &lt;p&gt;Neonatalogi&lt;\/p&gt;                  &lt;p&gt;Short- and Long-term Outcomes for Infants Born LatePreterm&lt;\/p&gt;                 &lt;br&gt;&lt;br&gt;\"\n            data-category=\"F\u00f6rel\u00e4sning\"\n            data-category-ids=\"1002\"\n            data-span-all=\"\"\n                      >\n\n            <div class=\"event_content\">\n              <div class=\"title\">\n                                <span>Neonatalogi - Short- and Long-term Outcomes for Infants Born Late Preterm<\/span>\n              <\/div>\n              <div class=\"span_room\"><span><\/span><\/div>\n              <div class=\"time\">\n                <span>\n                  15:25-16:10                <\/span><\/div>\n\n              <div class=\"lecturer\"><span>Lex Doyle, Professor of Neonatal Paediatrics, University of Melbourne<\/span><\/div>\n            <\/div>\n\n\n                                <div style=\"background-color:#B2FF78; position: absolute !important ; height: 4px !important; left: 4px; right: 4px; bottom : 2px !important;  border\"><\/div>\n            \n          <\/div>\n\n      \n          <div class=\"event \"\n            data-id=\"1058\"\n            data-project=\"project_338_2017_12_12\"\n            data-title=\"Gastroenterologi - Funktionella buksm\u00e4rtor\"\n            data-abs-nbr=\"\"\n            data-ystart=\"15.416666666667\"\n            data-yend=\"16.166666666667\"\n            data-time=\"15:25-16:10\"\n            data-room=\"1\"\n            data-room-id=\"1021\"\n            data-room-name=\"Lilla Kongresshallen\"\n            data-day=\"1\"\n            data-abs-path=\"\"\n            data-speaker=\"Ola Ol\u00e9n, Barnl\u00e4kare, Stockholm; Agneta Uusij\u00e4rvi, Barnl\u00e4kare, Stockholm\"\n            data-speakercell=\"Ola Ol\u00e9n, Barnl\u00e4kare, Stockholm; Agneta Uusij\u00e4rvi, Barnl\u00e4kare, Stockholm\"\n            data-info=\"&lt;b&gt;Moderatorer: &lt;\/b&gt;Maria Pilar Guallarte, Barnl\u00e4kare, Barnkliniken, V\u00e4ster\u00e5s&lt;br&gt;&lt;br&gt;                  &lt;p&gt;Funktionella buksm\u00e4rtor - Handl\u00e4ggning, diagnos och behandling&lt;\/p&gt;                 &lt;br&gt;&lt;br&gt;\"\n            data-category=\"F\u00f6rel\u00e4sning\"\n            data-category-ids=\"1002\"\n            data-span-all=\"\"\n                      >\n\n            <div class=\"event_content\">\n              <div class=\"title\">\n                                <span>Gastroenterologi - Funktionella buksm\u00e4rtor<\/span>\n              <\/div>\n              <div class=\"span_room\"><span><\/span><\/div>\n              <div class=\"time\">\n                <span>\n                  15:25-16:10                <\/span><\/div>\n\n              <div class=\"lecturer\"><span>Ola Ol\u00e9n, Barnl\u00e4kare, Stockholm; Agneta Uusij\u00e4rvi, Barnl\u00e4kare, Stockholm<\/span><\/div>\n            <\/div>\n\n\n                                <div style=\"background-color:#B2FF78; position: absolute !important ; height: 4px !important; left: 4px; right: 4px; bottom : 2px !important;  border\"><\/div>\n            \n          <\/div>\n\n      \n          <div class=\"event \"\n            data-id=\"1100\"\n            data-project=\"project_338_2017_12_12\"\n            data-title=\"Diabetes - Diabetes p\u00e5 jourtid\"\n            data-abs-nbr=\"\"\n            data-ystart=\"15.416666666667\"\n            data-yend=\"16.166666666667\"\n            data-time=\"15:25-16:10\"\n            data-room=\"9\"\n            data-room-id=\"1026\"\n            data-room-name=\"Sal 108\"\n            data-day=\"1\"\n            data-abs-path=\"\"\n            data-speaker=\"Malin \u00c5gren, Specialistl\u00e4kare, Barnkliniken; Mona Jakobsson, Diabetessjuksk\u00f6terska, \tBarn- och Ungdomskliniken, V\u00e4ster\u00e5s; Wanda Sikorska, \u00d6verl\u00e4kare, Barn- och Ungdomskliniken, V\u00e4ster\u00e5s; Helena Sj\u00f6str\u00f6m, L\u00e4kare, Barn- och Ungdomskliniken, V\u00e4ster\u00e5s\"\n            data-speakercell=\"Malin \u00c5gren, Specialistl\u00e4kare, Barnkliniken; Mona Jakobsson, Diabetessjuksk\u00f6terska, \tBarn- och Ungdomskliniken, V\u00e4ster\u00e5s; Wanda Sikorska, \u00d6verl\u00e4kare, Barn- och Ungdomskliniken, V\u00e4ster\u00e5s; Helena Sj\u00f6str\u00f6m, L\u00e4kare, Barn- och Ungdomskliniken, V\u00e4ster\u00e5s\"\n            data-info=\"                  &lt;p&gt;Tre typer av diabetesfall p\u00e5 jourtid presenteras. Fr\u00e5gor besvaras i grupp med app\/mentometer. Diabetesteamet V\u00e4ster\u00e5s.&lt;\/p&gt;                  &lt;p&gt;&lt;span style=&quot;font-style: italic;&quot;&gt;Samma workshop arrangeras vid fler tillf\u00e4llen.&lt;\/span&gt;&lt;br&gt;&lt;\/p&gt;                 &lt;br&gt;&lt;br&gt;\"\n            data-category=\"Workshop\"\n            data-category-ids=\"1003\"\n            data-span-all=\"\"\n                      >\n\n            <div class=\"event_content\">\n              <div class=\"title\">\n                                <span>Diabetes - Diabetes p\u00e5 jourtid<\/span>\n              <\/div>\n              <div class=\"span_room\"><span><\/span><\/div>\n              <div class=\"time\">\n                <span>\n                  15:25-16:10                <\/span><\/div>\n\n              <div class=\"lecturer\"><span>Malin \u00c5gren, Specialistl\u00e4kare, Barnkliniken; Mona Jakobsson, Diabetessjuksk\u00f6terska, \tBarn- och Ungdomskliniken, V\u00e4ster\u00e5s; Wanda Sikorska, \u00d6verl\u00e4kare, Barn- och Ungdomskliniken, V\u00e4ster\u00e5s; Helena Sj\u00f6str\u00f6m, L\u00e4kare, Barn- och Ungdomskliniken, V\u00e4ster\u00e5s<\/span><\/div>\n            <\/div>\n\n\n                                <div style=\"background-color:#B2A1C9; position: absolute !important ; height: 4px !important; left: 4px; right: 4px; bottom : 2px !important;  border\"><\/div>\n            \n          <\/div>\n\n      \n          <div class=\"event \"\n            data-id=\"1345\"\n            data-project=\"project_338_2017_12_12\"\n            data-title=\"Landsting och regioners system f\u00f6r kunskapsstyrning \"\n            data-abs-nbr=\"\"\n            data-ystart=\"15.416666666667\"\n            data-yend=\"16.166666666667\"\n            data-time=\"15:25-16:10\"\n            data-room=\"4\"\n            data-room-id=\"1019\"\n            data-room-name=\"Sal 301\"\n            data-day=\"1\"\n            data-abs-path=\"\"\n            data-speaker=\"Marie Lawrence, Samordnare kunskapsstyrning h\u00e4lso- och sjukv\u00e5rd, Sveriges kommuner och landsting\"\n            data-speakercell=\"Marie Lawrence, Samordnare kunskapsstyrning h\u00e4lso- och sjukv\u00e5rd, Sveriges kommuner och landsting\"\n            data-info=\"                  &lt;p&gt;Landsting och regioners system f\u00f6r kunskapsstyrning&amp;nbsp;&lt;br&gt;&lt;\/p&gt;                 &lt;br&gt;&lt;br&gt;\"\n            data-category=\"F\u00f6rel\u00e4sning\"\n            data-category-ids=\"1002\"\n            data-span-all=\"\"\n                      >\n\n            <div class=\"event_content\">\n              <div class=\"title\">\n                                <span>Landsting och regioners system f\u00f6r kunskapsstyrning <\/span>\n              <\/div>\n              <div class=\"span_room\"><span><\/span><\/div>\n              <div class=\"time\">\n                <span>\n                  15:25-16:10                <\/span><\/div>\n\n              <div class=\"lecturer\"><span>Marie Lawrence, Samordnare kunskapsstyrning h\u00e4lso- och sjukv\u00e5rd, Sveriges kommuner och landsting<\/span><\/div>\n            <\/div>\n\n\n                                <div style=\"background-color:#B2FF78; position: absolute !important ; height: 4px !important; left: 4px; right: 4px; bottom : 2px !important;  border\"><\/div>\n            \n          <\/div>\n\n      \n          <div class=\"event \"\n            data-id=\"1349\"\n            data-project=\"project_338_2017_12_12\"\n            data-title=\"Nul\u00e4ge nationella kliniska kunskapsst\u00f6d f\u00f6r barnmedicin\"\n            data-abs-nbr=\"\"\n            data-ystart=\"16.25\"\n            data-yend=\"16.583333333333\"\n            data-time=\"16:15-16:35\"\n            data-room=\"4\"\n            data-room-id=\"1019\"\n            data-room-name=\"Sal 301\"\n            data-day=\"1\"\n            data-abs-path=\"\"\n            data-speaker=\"Mia  Wede\"\n            data-speakercell=\"Mia  Wede\"\n            data-info=\"                  &lt;p&gt;Nul\u00e4ge nationella kliniska kunskapsst\u00f6d f\u00f6r barnmedicin&lt;br&gt;&lt;\/p&gt;                  &lt;p&gt;&lt;br&gt;&lt;br&gt;&lt;\/p&gt;                 &lt;br&gt;&lt;br&gt;\"\n            data-category=\"F\u00f6rel\u00e4sning\"\n            data-category-ids=\"1002\"\n            data-span-all=\"\"\n                      >\n\n            <div class=\"event_content\">\n              <div class=\"title\">\n                                <span>Nul\u00e4ge nationella kliniska kunskapsst\u00f6d f\u00f6r barnmedicin<\/span>\n              <\/div>\n              <div class=\"span_room\"><span><\/span><\/div>\n              <div class=\"time\">\n                <span>\n                  16:15-16:35                <\/span><\/div>\n\n              <div class=\"lecturer\"><span>Mia  Wede<\/span><\/div>\n            <\/div>\n\n\n                                <div style=\"background-color:#B2FF78; position: absolute !important ; height: 4px !important; left: 4px; right: 4px; bottom : 2px !important;  border\"><\/div>\n            \n          <\/div>\n\n      \n          <div class=\"event \"\n            data-id=\"1065\"\n            data-project=\"project_338_2017_12_12\"\n            data-title=\"Gastroenterologi - Funktionella buksm\u00e4rtor\"\n            data-abs-nbr=\"\"\n            data-ystart=\"16.25\"\n            data-yend=\"17\"\n            data-time=\"16:15-17:00\"\n            data-room=\"1\"\n            data-room-id=\"1021\"\n            data-room-name=\"Lilla Kongresshallen\"\n            data-day=\"1\"\n            data-abs-path=\"\"\n            data-speaker=\"Maria Lalouni, Leg psykolog och doktorand, BUP Klinisk forskningsenhet\"\n            data-speakercell=\"Maria Lalouni, Leg psykolog och doktorand, BUP Klinisk forskningsenhet\"\n            data-info=\"                  &lt;p&gt;Funktionella buksm\u00e4rtor - Evidensl\u00e4get f\u00f6r kognitiv beteendeterapi (KBT) och fysisk aktivitet&lt;\/p&gt;&lt;p&gt;Vad inneb\u00e4r kognitiv beteendeterapi via internet f\u00f6r barn och ungdomar med funktionella buksm\u00e4rtor? Vi har genomf\u00f6rt flera studier med mycket goda resultat och har ocks\u00e5 prelimin\u00e4ra resultat kring vilka barn som drar mest nytta av behandlingen. F\u00f6rh\u00e5llningss\u00e4ttet i behandlingen kan \u00e4ven anv\u00e4ndas av kliniker som m\u00f6ter barn med dessa problem.&lt;br&gt;&lt;\/p&gt;                 &lt;br&gt;&lt;br&gt;\"\n            data-category=\"F\u00f6rel\u00e4sning\"\n            data-category-ids=\"1002\"\n            data-span-all=\"\"\n                      >\n\n            <div class=\"event_content\">\n              <div class=\"title\">\n                                <span>Gastroenterologi - Funktionella buksm\u00e4rtor<\/span>\n              <\/div>\n              <div class=\"span_room\"><span><\/span><\/div>\n              <div class=\"time\">\n                <span>\n                  16:15-17:00                <\/span><\/div>\n\n              <div class=\"lecturer\"><span>Maria Lalouni, Leg psykolog och doktorand, BUP Klinisk forskningsenhet<\/span><\/div>\n            <\/div>\n\n\n                                <div style=\"background-color:#B2FF78; position: absolute !important ; height: 4px !important; left: 4px; right: 4px; bottom : 2px !important;  border\"><\/div>\n            \n          <\/div>\n\n      \n          <div class=\"event \"\n            data-id=\"1274\"\n            data-project=\"project_338_2017_12_12\"\n            data-title=\"Gastroenterologi - Parenteral nutrition\"\n            data-abs-nbr=\"\"\n            data-ystart=\"16.25\"\n            data-yend=\"17\"\n            data-time=\"16:15-17:00\"\n            data-room=\"10\"\n            data-room-id=\"1022\"\n            data-room-name=\"Sal 109\"\n            data-day=\"1\"\n            data-abs-path=\"\"\n            data-speaker=\"Yigael  Finkel, Docent, Barnmedicin Gastro\/Nutrition\/Sachsska barn- och ungdomssjukhuset\"\n            data-speakercell=\"Yigael  Finkel, Docent, Barnmedicin Gastro\/Nutrition\/Sachsska barn- och ungdomssjukhuset\"\n            data-info=\"                  &lt;p&gt;G\u00f6ra kanske sv\u00e5rt till l\u00e4tt - att ordinera parenteral nutrition till barn och ungdom&lt;\/p&gt;                  &lt;p&gt;&lt;span style=&quot;font-style: italic;&quot;&gt;Samma workshop arrangeras vid fler tillf\u00e4llen.&lt;\/span&gt;&lt;br&gt;&lt;\/p&gt;                 &lt;br&gt;&lt;br&gt;\"\n            data-category=\"Workshop\"\n            data-category-ids=\"1003\"\n            data-span-all=\"\"\n                      >\n\n            <div class=\"event_content\">\n              <div class=\"title\">\n                                <span>Gastroenterologi - Parenteral nutrition<\/span>\n              <\/div>\n              <div class=\"span_room\"><span><\/span><\/div>\n              <div class=\"time\">\n                <span>\n                  16:15-17:00                <\/span><\/div>\n\n              <div class=\"lecturer\"><span>Yigael  Finkel, Docent, Barnmedicin Gastro\/Nutrition\/Sachsska barn- och ungdomssjukhuset<\/span><\/div>\n            <\/div>\n\n\n                                <div style=\"background-color:#B2A1C9; position: absolute !important ; height: 4px !important; left: 4px; right: 4px; bottom : 2px !important;  border\"><\/div>\n            \n          <\/div>\n\n      \n          <div class=\"event \"\n            data-id=\"1053\"\n            data-project=\"project_338_2017_12_12\"\n            data-title=\"Neonatalogi - Nya v\u00e5rdprogrammet f\u00f6r neonatal hypoglykemi\"\n            data-abs-nbr=\"\"\n            data-ystart=\"16.25\"\n            data-yend=\"17\"\n            data-time=\"16:15-17:00\"\n            data-room=\"0\"\n            data-room-id=\"1018\"\n            data-room-name=\"Stora Kongresshallen\"\n            data-day=\"1\"\n            data-abs-path=\"\"\n            data-speaker=\"Dirk Wackernagel, PhD Neonatolog, Astrid Lindgrens Barnsjukhus, Stockholm\"\n            data-speakercell=\"Dirk Wackernagel, PhD Neonatolog, Astrid Lindgrens Barnsjukhus, Stockholm\"\n            data-info=\"&lt;b&gt;Moderatorer: &lt;\/b&gt;Barbro Diderholm, Neonatolog, Akademiska barnsjukhuset&lt;br&gt;&lt;br&gt;                  &lt;p&gt;Neonatalogi&lt;br&gt;&lt;\/p&gt;                 &lt;br&gt;&lt;br&gt;\"\n            data-category=\"F\u00f6rel\u00e4sning\"\n            data-category-ids=\"1002\"\n            data-span-all=\"\"\n                      >\n\n            <div class=\"event_content\">\n              <div class=\"title\">\n                                <span>Neonatalogi - Nya v\u00e5rdprogrammet f\u00f6r neonatal hypoglykemi<\/span>\n              <\/div>\n              <div class=\"span_room\"><span><\/span><\/div>\n              <div class=\"time\">\n                <span>\n                  16:15-17:00                <\/span><\/div>\n\n              <div class=\"lecturer\"><span>Dirk Wackernagel, PhD Neonatolog, Astrid Lindgrens Barnsjukhus, Stockholm<\/span><\/div>\n            <\/div>\n\n\n                                <div style=\"background-color:#B2FF78; position: absolute !important ; height: 4px !important; left: 4px; right: 4px; bottom : 2px !important;  border\"><\/div>\n            \n          <\/div>\n\n      \n          <div class=\"event \"\n            data-id=\"1059\"\n            data-project=\"project_338_2017_12_12\"\n            data-title=\"Ungdomsv\u00e4nlig v\u00e5rd och \u00f6verf\u00f6ring - M\u00d6T EXPERTERNA\"\n            data-abs-nbr=\"\"\n            data-ystart=\"16.25\"\n            data-yend=\"17\"\n            data-time=\"16:15-17:00\"\n            data-room=\"3\"\n            data-room-id=\"1024\"\n            data-room-name=\"H\u00f6rsalen\"\n            data-day=\"1\"\n            data-abs-path=\"\"\n            data-speaker=\"Charlotte Nylander, PhD, Barnl\u00e4kare, S\u00f6dermanland; Robin \u00c5hrling, Ordf\u00f6rande, Ung Diabetes\"\n            data-speakercell=\"Charlotte Nylander, PhD, Barnl\u00e4kare, S\u00f6dermanland; Robin \u00c5hrling, Ordf\u00f6rande, Ung Diabetes\"\n            data-info=\"                  &lt;table&gt;                   &lt;tbody&gt;                    &lt;tr&gt;                     &lt;td&gt;&lt;p&gt;Kardiologi - Transition-ungdomsmedicin&lt;\/p&gt;&lt;\/td&gt;                    &lt;\/tr&gt;                   &lt;\/tbody&gt;                  &lt;\/table&gt;                  &lt;p&gt;Paneldebatt med ungdomar&lt;\/p&gt;                  &lt;table&gt;                   &lt;tbody&gt;                    &lt;tr&gt;                     &lt;td&gt;\u00d6versiktlig f\u00f6rel\u00e4sning om ungdomsv\u00e4nlig v\u00e5rd och \u00f6verf\u00f6ring. Ung Diabetes presenterar sina tankar om ungdomsmottagning. Patienter med andra sjukdomar presenterar sina synpunkter. Passet avslutas med en paneldebatt mellan alla eftermiddagens f\u00f6rel\u00e4sare.&lt;\/td&gt;                    &lt;\/tr&gt;                   &lt;\/tbody&gt;                  &lt;\/table&gt;                  &lt;div&gt;                   &lt;br&gt;                  &lt;\/div&gt;                  &lt;div&gt;                   &lt;table&gt;&lt;\/table&gt;                  &lt;\/div&gt;                  &lt;div&gt;                  &lt;\/div&gt;                 &lt;br&gt;&lt;br&gt;\"\n            data-category=\"Seminarium\/Paneldebatt\"\n            data-category-ids=\"1006\"\n            data-span-all=\"\"\n                      >\n\n            <div class=\"event_content\">\n              <div class=\"title\">\n                                <span>Ungdomsv\u00e4nlig v\u00e5rd och \u00f6verf\u00f6ring - M\u00d6T EXPERTERNA<\/span>\n              <\/div>\n              <div class=\"span_room\"><span><\/span><\/div>\n              <div class=\"time\">\n                <span>\n                  16:15-17:00                <\/span><\/div>\n\n              <div class=\"lecturer\"><span>Charlotte Nylander, PhD, Barnl\u00e4kare, S\u00f6dermanland; Robin \u00c5hrling, Ordf\u00f6rande, Ung Diabetes<\/span><\/div>\n            <\/div>\n\n\n                                <div style=\"background-color:#FFB217; position: absolute !important ; height: 4px !important; left: 4px; right: 4px; bottom : 2px !important;  border\"><\/div>\n            \n          <\/div>\n\n      \n          <div class=\"event \"\n            data-id=\"1350\"\n            data-project=\"project_338_2017_12_12\"\n            data-title=\"Diskussion \"\n            data-abs-nbr=\"\"\n            data-ystart=\"16.583333333333\"\n            data-yend=\"17\"\n            data-time=\"16:35-17:00\"\n            data-room=\"4\"\n            data-room-id=\"1019\"\n            data-room-name=\"Sal 301\"\n            data-day=\"1\"\n            data-abs-path=\"\"\n            data-speaker=\"Marie Lawrence, Samordnare kunskapsstyrning h\u00e4lso- och sjukv\u00e5rd, Sveriges kommuner och landsting; Mia  Wede; Lars Gelander; Urban Tir\u00e9n; Anna B\u00e4rt\u00e5s\"\n            data-speakercell=\"Marie Lawrence, Samordnare kunskapsstyrning h\u00e4lso- och sjukv\u00e5rd, Sveriges kommuner och landsting; Mia  Wede; Lars Gelander; Urban Tir\u00e9n; Anna B\u00e4rt\u00e5s\"\n            data-info=\"                  &lt;p&gt;Diskussion&amp;nbsp;&amp;nbsp;&amp;nbsp;&amp;nbsp;&lt;\/p&gt;                  &lt;p&gt;Landsting och regioners system f\u00f6r kunskapsstyrning \/ Nul\u00e4ge nationella kliniska kunskapsst\u00f6d f\u00f6r barnmedicin&amp;nbsp;&lt;\/p&gt;                  &lt;p&gt;&lt;br&gt;&lt;\/p&gt;                  &lt;p&gt;&lt;br&gt;&lt;br&gt;&lt;\/p&gt;                 &lt;br&gt;&lt;br&gt;\"\n            data-category=\"F\u00f6rel\u00e4sning\"\n            data-category-ids=\"1002\"\n            data-span-all=\"\"\n                      >\n\n            <div class=\"event_content\">\n              <div class=\"title\">\n                                <span>Diskussion <\/span>\n              <\/div>\n              <div class=\"span_room\"><span><\/span><\/div>\n              <div class=\"time\">\n                <span>\n                  16:35-17:00                <\/span><\/div>\n\n              <div class=\"lecturer\"><span>Marie Lawrence, Samordnare kunskapsstyrning h\u00e4lso- och sjukv\u00e5rd, Sveriges kommuner och landsting; Mia  Wede; Lars Gelander; Urban Tir\u00e9n; Anna B\u00e4rt\u00e5s<\/span><\/div>\n            <\/div>\n\n\n                                <div style=\"background-color:#B2FF78; position: absolute !important ; height: 4px !important; left: 4px; right: 4px; bottom : 2px !important;  border\"><\/div>\n            \n          <\/div>\n\n      \n          <div class=\"event \"\n            data-id=\"1284\"\n            data-project=\"project_338_2017_12_12\"\n            data-title=\"\u00c5rsm\u00f6te f\u00f6r SPGHN\"\n            data-abs-nbr=\"\"\n            data-ystart=\"17\"\n            data-yend=\"17.75\"\n            data-time=\"17:00-17:45\"\n            data-room=\"1\"\n            data-room-id=\"1021\"\n            data-room-name=\"Lilla Kongresshallen\"\n            data-day=\"1\"\n            data-abs-path=\"\"\n            data-speaker=\"\"\n            data-speakercell=\"\"\n            data-info=\"                  &lt;p&gt;\u00c5rsm\u00f6te f\u00f6r Svenska F\u00f6reningen f\u00f6r Pediatrisk Gastroenterologi, Hepatologi och Nutrition (SPGHN)&lt;br&gt;&lt;\/p&gt;                 &lt;br&gt;&lt;br&gt;\"\n            data-category=\"M\u00f6te\"\n            data-category-ids=\"1004\"\n            data-span-all=\"\"\n                      >\n\n            <div class=\"event_content\">\n              <div class=\"title\">\n                                <span>\u00c5rsm\u00f6te f\u00f6r SPGHN<\/span>\n              <\/div>\n              <div class=\"span_room\"><span><\/span><\/div>\n              <div class=\"time\">\n                <span>\n                  17:00-17:45                <\/span><\/div>\n\n              \n            <\/div>\n\n\n                                <div style=\"background-color:#FFFA5C; position: absolute !important ; height: 4px !important; left: 4px; right: 4px; bottom : 2px !important;  border\"><\/div>\n            \n          <\/div>\n\n      \n          <div class=\"event \"\n            data-id=\"1090\"\n            data-project=\"project_338_2017_12_12\"\n            data-title=\"Barn och l\u00e4kemedel - \u00c5rsm\u00f6te\"\n            data-abs-nbr=\"\"\n            data-ystart=\"17\"\n            data-yend=\"17.75\"\n            data-time=\"17:00-17:45\"\n            data-room=\"5\"\n            data-room-id=\"1020\"\n            data-room-name=\"Sal 302\"\n            data-day=\"1\"\n            data-abs-path=\"\"\n            data-speaker=\"\"\n            data-speakercell=\"\"\n            data-info=\"                  &lt;p&gt;\u00c5rsm\u00f6te&lt;br&gt;&lt;\/p&gt;                 &lt;br&gt;&lt;br&gt;\"\n            data-category=\"M\u00f6te\"\n            data-category-ids=\"1004\"\n            data-span-all=\"\"\n                      >\n\n            <div class=\"event_content\">\n              <div class=\"title\">\n                                <span>Barn och l\u00e4kemedel - \u00c5rsm\u00f6te<\/span>\n              <\/div>\n              <div class=\"span_room\"><span><\/span><\/div>\n              <div class=\"time\">\n                <span>\n                  17:00-17:45                <\/span><\/div>\n\n              \n            <\/div>\n\n\n                                <div style=\"background-color:#FFFA5C; position: absolute !important ; height: 4px !important; left: 4px; right: 4px; bottom : 2px !important;  border\"><\/div>\n            \n          <\/div>\n\n      \n          <div class=\"event \"\n            data-id=\"1112\"\n            data-project=\"project_338_2017_12_12\"\n            data-title=\"Middag p\u00e5 The Steam Hotel - 18.45-23.45\"\n            data-abs-nbr=\"\"\n            data-ystart=\"18.75\"\n            data-yend=\"20\"\n            data-time=\"18:45-20:00\"\n            data-room=\"16\"\n            data-room-id=\"1016\"\n            data-room-name=\"The Steam Hotel\"\n            data-day=\"1\"\n            data-abs-path=\"\"\n            data-speaker=\"\"\n            data-speakercell=\"\"\n            data-info=\"\"\n            data-category=\"\"\n            data-category-ids=\"\"\n            data-span-all=\"1\"\n                      >\n\n            <div class=\"event_content\">\n              <div class=\"title\">\n                                <span>Middag p\u00e5 The Steam Hotel - 18.45-23.45<\/span>\n              <\/div>\n              <div class=\"span_room\"><span>The Steam Hotel<br\/><\/span><\/div>\n              <div class=\"time\">\n                <span>\n                  18:45-20:00                <\/span><\/div>\n\n              \n            <\/div>\n\n\n            \n          <\/div>\n\n      \n          <div class=\"event \"\n            data-id=\"1354\"\n            data-project=\"project_338_2017_12_12\"\n            data-title=\"Registreringen \u00e4r \u00f6ppen 07.30-17.00\"\n            data-abs-nbr=\"\"\n            data-ystart=\"7.5\"\n            data-yend=\"8.25\"\n            data-time=\"07:30-08:15\"\n            data-room=\"20\"\n            data-room-id=\"1035\"\n            data-room-name=\"Plan 1\"\n            data-day=\"2\"\n            data-abs-path=\"\"\n            data-speaker=\"\"\n            data-speakercell=\"\"\n            data-info=\"                  &lt;p&gt;&lt;br&gt;&lt;\/p&gt;                 &lt;br&gt;&lt;br&gt;\"\n            data-category=\"\"\n            data-category-ids=\"\"\n            data-span-all=\"1\"\n                      >\n\n            <div class=\"event_content\">\n              <div class=\"title\">\n                                <span>Registreringen \u00e4r \u00f6ppen 07.30-17.00<\/span>\n              <\/div>\n              <div class=\"span_room\"><span>Plan 1<br\/><\/span><\/div>\n              <div class=\"time\">\n                <span>\n                  07:30-08:15                <\/span><\/div>\n\n              \n            <\/div>\n\n\n            \n          <\/div>\n\n      \n          <div class=\"event \"\n            data-id=\"1185\"\n            data-project=\"project_338_2017_12_12\"\n            data-title=\"Gastroenterologi - Nutritionsbed\u00f6mning\"\n            data-abs-nbr=\"\"\n            data-ystart=\"8.25\"\n            data-yend=\"9\"\n            data-time=\"08:15-09:00\"\n            data-room=\"8\"\n            data-room-id=\"1025\"\n            data-room-name=\"Sal 107\"\n            data-day=\"2\"\n            data-abs-path=\"\"\n            data-speaker=\"Maria Pilar Guallarte, Barnl\u00e4kare, Barnkliniken, V\u00e4ster\u00e5s\"\n            data-speakercell=\"Maria Pilar Guallarte, Barnl\u00e4kare, Barnkliniken, V\u00e4ster\u00e5s\"\n            data-info=\"                  &lt;p&gt;Nutritionsbed\u00f6mning vid barnl\u00e4karbes\u00f6k av friska och sjuka barn. &lt;br&gt;Praktiska aspekter f\u00f6r att bed\u00f6ma nutritionsstatus, urskilja typ av malnutrition (mikronutrienter, energibrist, proteinbrist) och planera behandling och uppf\u00f6ljning. &lt;br&gt;Fall med gruppdiskussion.&lt;\/p&gt;                 &lt;p&gt;&lt;span style=&quot;font-style: italic;&quot;&gt;Samma workshop arrangeras vid fler tillf\u00e4llen.&lt;\/span&gt;&lt;br&gt;&lt;\/p&gt;                 &lt;br&gt;&lt;br&gt;\"\n            data-category=\"Workshop\"\n            data-category-ids=\"1003\"\n            data-span-all=\"\"\n                      >\n\n            <div class=\"event_content\">\n              <div class=\"title\">\n                                <span>Gastroenterologi - Nutritionsbed\u00f6mning<\/span>\n              <\/div>\n              <div class=\"span_room\"><span><\/span><\/div>\n              <div class=\"time\">\n                <span>\n                  08:15-09:00                <\/span><\/div>\n\n              <div class=\"lecturer\"><span>Maria Pilar Guallarte, Barnl\u00e4kare, Barnkliniken, V\u00e4ster\u00e5s<\/span><\/div>\n            <\/div>\n\n\n                                <div style=\"background-color:#B2A1C9; position: absolute !important ; height: 4px !important; left: 4px; right: 4px; bottom : 2px !important;  border\"><\/div>\n            \n          <\/div>\n\n      \n          <div class=\"event \"\n            data-id=\"1162\"\n            data-project=\"project_338_2017_12_12\"\n            data-title=\"Riksf\u00f6reningen f\u00f6r barnsjuksk\u00f6terskor - Utbildning Neonatalv\u00e5rd\"\n            data-abs-nbr=\"\"\n            data-ystart=\"8.25\"\n            data-yend=\"9.8333333333333\"\n            data-time=\"08:15-09:50\"\n            data-room=\"4\"\n            data-room-id=\"1019\"\n            data-room-name=\"Sal 301\"\n            data-day=\"2\"\n            data-abs-path=\"\"\n            data-speaker=\"Helena Wigert, Barnsjuksk\u00f6terska & Docent; Mikael Norman, Barnl\u00e4kare, professor, John Lind Stiftelsen\/Karolinska; Katarina Patriksson, Barnsjuksk\u00f6terska, Doktorand & Barnsjuksk\u00f6terska\"\n            data-speakercell=\"Helena Wigert, Barnsjuksk\u00f6terska & Docent; Mikael Norman, Barnl\u00e4kare, professor, John Lind Stiftelsen\/Karolinska; Katarina Patriksson, Barnsjuksk\u00f6terska, Doktorand & Barnsjuksk\u00f6terska\"\n            data-info=\"&lt;b&gt;Moderatorer: &lt;\/b&gt;Helena Wigert, Barnsjuksk\u00f6terska &amp; Docent&lt;br&gt;&lt;br&gt;                  &lt;p&gt; &lt;\/p&gt;                  &lt;p&gt;&lt;\/p&gt;                  &lt;p&gt;&lt;\/p&gt;                  &lt;p&gt;&lt;b&gt;8.15-8.30&lt;\/b&gt; Helena Wigert h\u00e4lsar v\u00e4lkommen&lt;br&gt;Barnsjuksk\u00f6terska &amp;amp; Docent&lt;\/p&gt;&lt;p&gt;&lt;b&gt;8.30-8.50&lt;\/b&gt; Mikael Norman&lt;br&gt;Barnl\u00e4kare &amp;amp; Professor&lt;br&gt;John Linds Stiftelse, Mitt framg\u00e5ngsyrke - Ditt framtidsyrke&lt;br&gt;Presentation av utbildning&amp;nbsp;&lt;\/p&gt;&lt;p&gt;&lt;b&gt;8.50-9.05&lt;\/b&gt; Helena Wigert &lt;br&gt;Presentation av specialistsjuksk\u00f6terskeutbildning till barnsjuksk\u00f6terska&lt;\/p&gt;&lt;p&gt;&lt;b&gt;9.05-9.30 &lt;\/b&gt;Helena Wigert&lt;br&gt;M\u00f6te med existentiella fr\u00e5gor i neonatalintensivv\u00e5rd ur f\u00f6r\u00e4lder och personal perspektiv.&lt;\/p&gt;&lt;p&gt;&lt;b&gt;9.30-9.50 &lt;\/b&gt;Katarina Patriksson&lt;br&gt;Barnsjuksk\u00f6terska &amp;amp; Doktorand&lt;br&gt;Icke svensktalande f\u00f6r\u00e4ldrars upplevelse av att ha sitt barn v\u00e5rdat p\u00e5 neonatalavdelning&lt;\/p&gt;                  &lt;p&gt;&lt;\/p&gt;                 &lt;br&gt;&lt;br&gt;\"\n            data-category=\"F\u00f6rel\u00e4sning\"\n            data-category-ids=\"1002\"\n            data-span-all=\"\"\n                      >\n\n            <div class=\"event_content\">\n              <div class=\"title\">\n                                <span>Riksf\u00f6reningen f\u00f6r barnsjuksk\u00f6terskor - Utbildning Neonatalv\u00e5rd<\/span>\n              <\/div>\n              <div class=\"span_room\"><span><\/span><\/div>\n              <div class=\"time\">\n                <span>\n                  08:15-09:50                <\/span><\/div>\n\n              <div class=\"lecturer\"><span>Helena Wigert, Barnsjuksk\u00f6terska & Docent; Mikael Norman, Barnl\u00e4kare, professor, John Lind Stiftelsen\/Karolinska; Katarina Patriksson, Barnsjuksk\u00f6terska, Doktorand & Barnsjuksk\u00f6terska<\/span><\/div>\n            <\/div>\n\n\n                                <div style=\"background-color:#B2FF78; position: absolute !important ; height: 4px !important; left: 4px; right: 4px; bottom : 2px !important;  border\"><\/div>\n            \n          <\/div>\n\n      \n          <div class=\"event \"\n            data-id=\"1128\"\n            data-project=\"project_338_2017_12_12\"\n            data-title=\"L\u00e4kemedel och barn - Praktisk pediatrisk farmakologi 3.0\"\n            data-abs-nbr=\"\"\n            data-ystart=\"8.25\"\n            data-yend=\"9.8333333333333\"\n            data-time=\"08:15-09:50\"\n            data-room=\"5\"\n            data-room-id=\"1020\"\n            data-room-name=\"Sal 302\"\n            data-day=\"2\"\n            data-abs-path=\"\"\n            data-speaker=\"Synn\u00f6ve Lindemalm, Barnl\u00e4kare, klinisk Farmakolog, Karolinska institutet Stockholm; Jenny Kindblom, Docent, klin farmakolog, G\u00f6teborg\"\n            data-speakercell=\"Synn\u00f6ve Lindemalm, Barnl\u00e4kare, klinisk Farmakolog, Karolinska institutet Stockholm; Jenny Kindblom, Docent, klin farmakolog, G\u00f6teborg\"\n            data-info=\"                  &lt;p&gt;Basal niv\u00e5&lt;\/p&gt;                  &lt;p&gt;Vi g\u00e5r igenom basala farmakologiska begrepp med kliniken som grund. Teori, vetenskap och klinik blandas i en interaktiv f\u00f6rel\u00e4sning d\u00e4r du m\u00e5ste vara en del. Vi delar ut intyg efter genomg\u00e5ngen f\u00f6rel\u00e4sning.&lt;\/p&gt;                  &lt;table&gt;                   &lt;tbody&gt;                    &lt;tr&gt;                     &lt;td&gt;Barnl\u00e4kare och Klinisk Farmakolog. Leder Barnl\u00e4kemedelsgruppen vid Astrid Lindgrens Barnsjukhus.&lt;\/td&gt;                    &lt;\/tr&gt;                   &lt;\/tbody&gt;                  &lt;\/table&gt;                  &lt;p&gt;&lt;br&gt;&lt;\/p&gt;                 &lt;br&gt;&lt;br&gt;\"\n            data-category=\"Kurs\"\n            data-category-ids=\"1005\"\n            data-span-all=\"\"\n                      >\n\n            <div class=\"event_content\">\n              <div class=\"title\">\n                                <span>L\u00e4kemedel och barn - Praktisk pediatrisk farmakologi 3.0<\/span>\n              <\/div>\n              <div class=\"span_room\"><span><\/span><\/div>\n              <div class=\"time\">\n                <span>\n                  08:15-09:50                <\/span><\/div>\n\n              <div class=\"lecturer\"><span>Synn\u00f6ve Lindemalm, Barnl\u00e4kare, klinisk Farmakolog, Karolinska institutet Stockholm; Jenny Kindblom, Docent, klin farmakolog, G\u00f6teborg<\/span><\/div>\n            <\/div>\n\n\n                                <div style=\"background-color:#5CADFF; position: absolute !important ; height: 4px !important; left: 4px; right: 4px; bottom : 2px !important;  border\"><\/div>\n            \n          <\/div>\n\n      \n          <div class=\"event \"\n            data-id=\"1121\"\n            data-project=\"project_338_2017_12_12\"\n            data-title=\"Allm\u00e4npediatrik och H\u00e4lsov\u00e5rd - F\u00f6do\u00e4mnesallergi i \u00f6ppenv\u00e5rd\"\n            data-abs-nbr=\"\"\n            data-ystart=\"8.25\"\n            data-yend=\"9.8333333333333\"\n            data-time=\"08:15-09:50\"\n            data-room=\"0\"\n            data-room-id=\"1018\"\n            data-room-name=\"Stora Kongresshallen\"\n            data-day=\"2\"\n            data-abs-path=\"\"\n            data-speaker=\"Emma  Adlercreutz, Barnl\u00e4kare, Barnl\u00e4kargruppen Sparta, Lund\"\n            data-speakercell=\"Emma  Adlercreutz, Barnl\u00e4kare, Barnl\u00e4kargruppen Sparta, Lund\"\n            data-info=\"                  &lt;p&gt;Allergier i \u00f6ppenv\u00e5rden, kan vi p\u00e5verka den allergiska marschen?&lt;\/p&gt;&lt;p&gt;De flesta allergipatienter kan sk\u00f6tas utm\u00e4rkt i \u00f6ppenv\u00e5rd. Nya r\u00f6n om f\u00f6do\u00e4mnesallergi och toleransutveckling kan g\u00f6ra stor skillnad f\u00f6r de barn vi m\u00f6ter p\u00e5 barnmottagningen. Hur tar vi b\u00e4st hand om barn som har eller l\u00f6per risk att utveckla f\u00f6do\u00e4mnesallergi?&lt;br&gt;&lt;\/p&gt;                 &lt;br&gt;&lt;br&gt;\"\n            data-category=\"F\u00f6rel\u00e4sning\"\n            data-category-ids=\"1002\"\n            data-span-all=\"\"\n                      >\n\n            <div class=\"event_content\">\n              <div class=\"title\">\n                                <span>Allm\u00e4npediatrik och H\u00e4lsov\u00e5rd - F\u00f6do\u00e4mnesallergi i \u00f6ppenv\u00e5rd<\/span>\n              <\/div>\n              <div class=\"span_room\"><span><\/span><\/div>\n              <div class=\"time\">\n                <span>\n                  08:15-09:50                <\/span><\/div>\n\n              <div class=\"lecturer\"><span>Emma  Adlercreutz, Barnl\u00e4kare, Barnl\u00e4kargruppen Sparta, Lund<\/span><\/div>\n            <\/div>\n\n\n                                <div style=\"background-color:#B2FF78; position: absolute !important ; height: 4px !important; left: 4px; right: 4px; bottom : 2px !important;  border\"><\/div>\n            \n          <\/div>\n\n      \n          <div class=\"event \"\n            data-id=\"1113\"\n            data-project=\"project_338_2017_12_12\"\n            data-title=\"Global h\u00e4lsa - Malaria\"\n            data-abs-nbr=\"\"\n            data-ystart=\"8.25\"\n            data-yend=\"9.8333333333333\"\n            data-time=\"08:15-09:50\"\n            data-room=\"3\"\n            data-room-id=\"1024\"\n            data-room-name=\"H\u00f6rsalen\"\n            data-day=\"2\"\n            data-abs-path=\"\"\n            data-speaker=\"Andreas  M\u00e5rtensson, Professor, Uppsala\"\n            data-speakercell=\"Andreas  M\u00e5rtensson, Professor, Uppsala\"\n            data-info=\"&lt;b&gt;Moderatorer: &lt;\/b&gt;Britt Gustafsson, Professor, Barnl\u00e4kare, Akademiska barnsjukhuset, Karolinska institutet&lt;br&gt;&lt;br&gt;                  &lt;p&gt;Epidemiologi, resistensutveckling, klinik och behandling. L\u00e4nkar till Zanzibarprojektet. &lt;\/p&gt;                  &lt;p&gt;&lt;br&gt;&lt;\/p&gt;                  &lt;p&gt;&lt;br&gt;&lt;\/p&gt;                  &lt;p&gt;&amp;nbsp;&lt;\/p&gt;                  &lt;p&gt;&lt;br&gt;&lt;\/p&gt;                  &lt;p&gt;&lt;br&gt;&lt;\/p&gt;                  &lt;p&gt;&amp;nbsp;&lt;\/p&gt;                  &lt;p&gt;&lt;\/p&gt;                  &lt;p&gt;&amp;nbsp;&lt;\/p&gt;                 &lt;br&gt;&lt;br&gt;\"\n            data-category=\"F\u00f6rel\u00e4sning\"\n            data-category-ids=\"1002\"\n            data-span-all=\"\"\n                      >\n\n            <div class=\"event_content\">\n              <div class=\"title\">\n                                <span>Global h\u00e4lsa - Malaria<\/span>\n              <\/div>\n              <div class=\"span_room\"><span><\/span><\/div>\n              <div class=\"time\">\n                <span>\n                  08:15-09:50                <\/span><\/div>\n\n              <div class=\"lecturer\"><span>Andreas  M\u00e5rtensson, Professor, Uppsala<\/span><\/div>\n            <\/div>\n\n\n                                <div style=\"background-color:#B2FF78; position: absolute !important ; height: 4px !important; left: 4px; right: 4px; bottom : 2px !important;  border\"><\/div>\n            \n          <\/div>\n\n      \n          <div class=\"event \"\n            data-id=\"1143\"\n            data-project=\"project_338_2017_12_12\"\n            data-title=\"Neurologi - PANS\/PANDAS- Aktuellt kunskapsl\u00e4ge ang\u00e5ende diagnostik och behandling.\"\n            data-abs-nbr=\"\"\n            data-ystart=\"8.25\"\n            data-yend=\"9\"\n            data-time=\"08:15-09:00\"\n            data-room=\"1\"\n            data-room-id=\"1021\"\n            data-room-name=\"Lilla Kongresshallen\"\n            data-day=\"2\"\n            data-abs-path=\"\"\n            data-speaker=\"Ronny Wikstr\u00f6m, Barnneurolog, Astrid Lindgrens barnsjukhus, Stockholm\"\n            data-speakercell=\"Ronny Wikstr\u00f6m, Barnneurolog, Astrid Lindgrens barnsjukhus, Stockholm\"\n            data-info=\"&lt;b&gt;Moderatorer: &lt;\/b&gt;Ylva \u00d6hrner, Barnneurolog, Barnkliniken V\u00e4ster\u00e5s&lt;br&gt;&lt;br&gt;                  &lt;p&gt;Diagnostik och behandling.&amp;nbsp;&lt;\/p&gt;                 &lt;br&gt;&lt;br&gt;\"\n            data-category=\"F\u00f6rel\u00e4sning\"\n            data-category-ids=\"1002\"\n            data-span-all=\"\"\n                      >\n\n            <div class=\"event_content\">\n              <div class=\"title\">\n                                <span>Neurologi - PANS\/PANDAS- Aktuellt kunskapsl\u00e4ge ang\u00e5ende diagnostik och behandling.<\/span>\n              <\/div>\n              <div class=\"span_room\"><span><\/span><\/div>\n              <div class=\"time\">\n                <span>\n                  08:15-09:00                <\/span><\/div>\n\n              <div class=\"lecturer\"><span>Ronny Wikstr\u00f6m, Barnneurolog, Astrid Lindgrens barnsjukhus, Stockholm<\/span><\/div>\n            <\/div>\n\n\n                                <div style=\"background-color:#B2FF78; position: absolute !important ; height: 4px !important; left: 4px; right: 4px; bottom : 2px !important;  border\"><\/div>\n            \n          <\/div>\n\n      \n          <div class=\"event \"\n            data-id=\"1170\"\n            data-project=\"project_338_2017_12_12\"\n            data-title=\"Diabetes - Praktisk kolhydratr\u00e4kning-\/insulindosering\"\n            data-abs-nbr=\"\"\n            data-ystart=\"8.25\"\n            data-yend=\"9\"\n            data-time=\"08:15-09:00\"\n            data-room=\"9\"\n            data-room-id=\"1026\"\n            data-room-name=\"Sal 108\"\n            data-day=\"2\"\n            data-abs-path=\"\"\n            data-speaker=\"Anneli Helmrich, Dietist, Region V\u00e4stmanland\"\n            data-speakercell=\"Anneli Helmrich, Dietist, Region V\u00e4stmanland\"\n            data-info=\"                  &lt;p&gt;Diabetesteamet V\u00e4ster\u00e5s. Utifr\u00e5n m\u00e5ltider och scenario ber\u00e4knas insulindos efter kort f\u00f6rel\u00e4sning om kolhydratr\u00e4kning. Mest l\u00e4mplig dos r\u00f6stas fram med hj\u00e4lp av mentometer.&lt;\/p&gt;                  &lt;p&gt;Kolhydratr\u00e4kning \u00e4r ett bra och viktig verktyg f\u00f6r en god metabol kontroll. Syftet \u00e4r att ge en inblick i kolhydratr\u00e4kning&lt;br&gt;&lt;\/p&gt;                  &lt;p&gt;Dietist, l\u00e4kare, sjuksk\u00f6terska. Appar laddas ned f\u00f6re f\u00f6rel\u00e4sningen Kolhydratkollen (Iphone), Livsmedelsdatabasen (Android) och Novonordisk kolhydrathandbok.&amp;nbsp;&lt;\/p&gt;&lt;p&gt;&lt;span style=&quot;font-style: italic;&quot;&gt;Samma workshop arrangeras vid fler tillf\u00e4llen.&lt;\/span&gt;&lt;br&gt;&lt;\/p&gt;                 &lt;br&gt;&lt;br&gt;\"\n            data-category=\"Workshop\"\n            data-category-ids=\"1003\"\n            data-span-all=\"\"\n                      >\n\n            <div class=\"event_content\">\n              <div class=\"title\">\n                                <span>Diabetes - Praktisk kolhydratr\u00e4kning-\/insulindosering<\/span>\n              <\/div>\n              <div class=\"span_room\"><span><\/span><\/div>\n              <div class=\"time\">\n                <span>\n                  08:15-09:00                <\/span><\/div>\n\n              <div class=\"lecturer\"><span>Anneli Helmrich, Dietist, Region V\u00e4stmanland<\/span><\/div>\n            <\/div>\n\n\n                                <div style=\"background-color:#B2A1C9; position: absolute !important ; height: 4px !important; left: 4px; right: 4px; bottom : 2px !important;  border\"><\/div>\n            \n          <\/div>\n\n      \n          <div class=\"event \"\n            data-id=\"1137\"\n            data-project=\"project_338_2017_12_12\"\n            data-title=\"Vetenskapligt program och prisutdelningar\"\n            data-abs-nbr=\"\"\n            data-ystart=\"8.25\"\n            data-yend=\"9.8333333333333\"\n            data-time=\"08:15-09:50\"\n            data-room=\"2\"\n            data-room-id=\"1023\"\n            data-room-name=\"Lilla Salen\"\n            data-day=\"2\"\n            data-abs-path=\"\"\n            data-speaker=\"\"\n            data-speakercell=\"\"\n            data-info=\"&lt;b&gt;Moderatorer: &lt;\/b&gt;Ola Nilsson, Professor Barnl\u00e4kare, \u00d6rebro&lt;br&gt;&lt;br&gt;                  &lt;p&gt;Ola Nilsson, BLF:s vetenskapliga sekreterare&lt;\/p&gt;                  &lt;p&gt;&lt;span style=&quot;font-weight: bold;&quot;&gt;08:15 \u2013 08.25 &lt;\/span&gt;Forskning och framsteg under 2017&amp;nbsp;&lt;\/p&gt;                 &lt;p&gt;&lt;span style=&quot;font-weight: bold;&quot;&gt;08.25 \u2013 08.55&lt;\/span&gt; Muntliga presentationer av h\u00f6gst rankade abstracts: &lt;br&gt;1. Barnriksstroke - Nationellt kvalitetsregister med syfte att fr\u00e4mja god strokev\u00e5rd f\u00f6r barn och ungdomar &lt;br&gt;2. Heterozygota aggrecan mutationer orsakar en autosomalt dominant form av kortvuxenhet med accelererad skelettmognad, samt tidig artros och intervertebraldisksjukdom&amp;nbsp;&lt;\/p&gt;                  &lt;p&gt;&lt;span style=&quot;font-weight: bold;&quot;&gt;09:00 \u2013 09:25&lt;\/span&gt; Jubileumspriset fr\u00e5n Riksf\u00f6reningen f\u00f6r Barnsjuksk\u00f6terskor: &lt;br&gt;&quot;Promoting health in premature infants - with special focus on skin-to-skin contact and development of valid pain assesment&quot;&lt;br&gt;Emma Olsson, \u00d6rebro&lt;\/p&gt;                  &lt;p&gt;&lt;span style=&quot;font-weight: bold;&quot;&gt;09:25 \u2013 09:45&lt;\/span&gt; ACTA Pediatricas pris till 2017 \u00e5rs b\u00e4sta artikel&lt;\/p&gt;                 &lt;br&gt;&lt;br&gt;\"\n            data-category=\"\"\n            data-category-ids=\"\"\n            data-span-all=\"\"\n                      >\n\n            <div class=\"event_content\">\n              <div class=\"title\">\n                                <span>Vetenskapligt program och prisutdelningar<\/span>\n              <\/div>\n              <div class=\"span_room\"><span><\/span><\/div>\n              <div class=\"time\">\n                <span>\n                  08:15-09:50                <\/span><\/div>\n\n              \n            <\/div>\n\n\n            \n          <\/div>\n\n      \n          <div class=\"event \"\n            data-id=\"1154\"\n            data-project=\"project_338_2017_12_12\"\n            data-title=\"Barn med trakeostomi\"\n            data-abs-nbr=\"\"\n            data-ystart=\"8.25\"\n            data-yend=\"9.8333333333333\"\n            data-time=\"08:15-09:50\"\n            data-room=\"10\"\n            data-room-id=\"1022\"\n            data-room-name=\"Sal 109\"\n            data-day=\"2\"\n            data-abs-path=\"\"\n            data-speaker=\"Ann Edner, Institutionen f\u00f6r Kvinnors och Barns H\u00e4lsa, Uppsala; Malin  Svensson, Barnsjuksk\u00f6terska; Eva  Lundberg, Barnsjuksk\u00f6terska; Maria Qvarnstr\u00f6m, Barnsjuksk\u00f6terska, Akademiska Barnsjukhuset; Anna Sj\u00f6lund, Barnsjuksk\u00f6terska\"\n            data-speakercell=\"Ann Edner, Institutionen f\u00f6r Kvinnors och Barns H\u00e4lsa, Uppsala; Malin  Svensson, Barnsjuksk\u00f6terska; Eva  Lundberg, Barnsjuksk\u00f6terska; Maria Qvarnstr\u00f6m, Barnsjuksk\u00f6terska, Akademiska Barnsjukhuset; Anna Sj\u00f6lund, Barnsjuksk\u00f6terska\"\n            data-info=\"                  &lt;p&gt;Barn med trakeostomi. Vilka \u00e4r de? Vad beh\u00f6ver de? Hur g\u00f6r vi?&lt;\/p&gt;                  &lt;p&gt;Indikationer till och utf\u00f6rande av trakeostomi, kanylval och kanylbyte, tidiga och sena komplikationer, omv\u00e5rdnad och oml\u00e4ggning av trakeostomi, akutsituation, att vistas hemma med ett trakeostomerat barn, spr\u00e5kutveckling och kommunikation, nutrition, fysioterapi och dekanylering \u00e4r n\u00e5gra saker som kommer att tas upp. Instruktionsfilm\/praktiska tips.&lt;\/p&gt;                 &lt;br&gt;&lt;br&gt;\"\n            data-category=\"F\u00f6rel\u00e4sning\"\n            data-category-ids=\"1002\"\n            data-span-all=\"\"\n                      >\n\n            <div class=\"event_content\">\n              <div class=\"title\">\n                                <span>Barn med trakeostomi<\/span>\n              <\/div>\n              <div class=\"span_room\"><span><\/span><\/div>\n              <div class=\"time\">\n                <span>\n                  08:15-09:50                <\/span><\/div>\n\n              <div class=\"lecturer\"><span>Ann Edner, Institutionen f\u00f6r Kvinnors och Barns H\u00e4lsa, Uppsala; Malin  Svensson, Barnsjuksk\u00f6terska; Eva  Lundberg, Barnsjuksk\u00f6terska; Maria Qvarnstr\u00f6m, Barnsjuksk\u00f6terska, Akademiska Barnsjukhuset; Anna Sj\u00f6lund, Barnsjuksk\u00f6terska<\/span><\/div>\n            <\/div>\n\n\n                                <div style=\"background-color:#B2FF78; position: absolute !important ; height: 4px !important; left: 4px; right: 4px; bottom : 2px !important;  border\"><\/div>\n            \n          <\/div>\n\n      \n          <div class=\"event \"\n            data-id=\"1171\"\n            data-project=\"project_338_2017_12_12\"\n            data-title=\"Diabetes - Modern diabetesv\u00e5rd med tekniken i fokus\"\n            data-abs-nbr=\"\"\n            data-ystart=\"9.0833333333333\"\n            data-yend=\"9.8333333333333\"\n            data-time=\"09:05-09:50\"\n            data-room=\"9\"\n            data-room-id=\"1026\"\n            data-room-name=\"Sal 108\"\n            data-day=\"2\"\n            data-abs-path=\"\"\n            data-speaker=\"Lisa Torstensson, Barnsjuksk\u00f6terska, Region V\u00e4stmanland\"\n            data-speakercell=\"Lisa Torstensson, Barnsjuksk\u00f6terska, Region V\u00e4stmanland\"\n            data-info=\"                  &lt;p&gt;Diabetesteam V\u00e4ster\u00e5s. F\u00f6rel\u00e4sning och viss demo av modern diabetesteknik inkl pumpar, sensorer, nedladdning, diabetesapparatur och smartphones.&lt;\/p&gt;                  &lt;p&gt;Utvecklingen av diabetestekniska hj\u00e4lpmedel g\u00e5r snabbt. Idag har ca 65 % av alla barn och ungdomar med typ 1 diabetes insulinpumpbehandling och \u00e4nnu fler har n\u00e5gon form av kontinuerlig glukosm\u00e4tning. Syftet med workshopen \u00e4r att ge en bild av hur modern diabetesbehandling ser ut i dagsl\u00e4get och \u00e4ven hur framtiden kan se ut.&lt;\/p&gt;&lt;p&gt;&lt;span style=&quot;font-style: italic;&quot;&gt;Samma workshop arrangeras vid fler tillf\u00e4llen.&lt;\/span&gt;&lt;br&gt;&lt;\/p&gt;                 &lt;br&gt;&lt;br&gt;\"\n            data-category=\"Workshop\"\n            data-category-ids=\"1003\"\n            data-span-all=\"\"\n                      >\n\n            <div class=\"event_content\">\n              <div class=\"title\">\n                                <span>Diabetes - Modern diabetesv\u00e5rd med tekniken i fokus<\/span>\n              <\/div>\n              <div class=\"span_room\"><span><\/span><\/div>\n              <div class=\"time\">\n                <span>\n                  09:05-09:50                <\/span><\/div>\n\n              <div class=\"lecturer\"><span>Lisa Torstensson, Barnsjuksk\u00f6terska, Region V\u00e4stmanland<\/span><\/div>\n            <\/div>\n\n\n                                <div style=\"background-color:#B2A1C9; position: absolute !important ; height: 4px !important; left: 4px; right: 4px; bottom : 2px !important;  border\"><\/div>\n            \n          <\/div>\n\n      \n          <div class=\"event \"\n            data-id=\"1186\"\n            data-project=\"project_338_2017_12_12\"\n            data-title=\"Gastroenterologi - Knappar f\u00f6r nyb\u00f6rjare\"\n            data-abs-nbr=\"\"\n            data-ystart=\"9.0833333333333\"\n            data-yend=\"9.8333333333333\"\n            data-time=\"09:05-09:50\"\n            data-room=\"8\"\n            data-room-id=\"1025\"\n            data-room-name=\"Sal 107\"\n            data-day=\"2\"\n            data-abs-path=\"\"\n            data-speaker=\"Amela Cefo, Ssk, V\u00e4ster\u00e5s; Cecilia Larsson, Barnsjuksk\u00f6terska\/gastrosjuksk\u00f6terska, Barn- och ungdomskliniken, V\u00e4ster\u00e5s\"\n            data-speakercell=\"Amela Cefo, Ssk, V\u00e4ster\u00e5s; Cecilia Larsson, Barnsjuksk\u00f6terska\/gastrosjuksk\u00f6terska, Barn- och ungdomskliniken, V\u00e4ster\u00e5s\"\n            data-info=\"                  &lt;table&gt;                   &lt;tbody&gt;                    &lt;tr&gt;                     &lt;td&gt;&lt;p&gt;Grundl\u00e4ggande information om gastrostomier med chans att kl\u00e4mma och k\u00e4nna samt st\u00e4lla fr\u00e5gor om hur de funkar!&lt;\/p&gt;&lt;p&gt;&lt;span style=&quot;font-style: italic;&quot;&gt;Samma workshop arrangeras vid fler tillf\u00e4llen.&lt;\/span&gt;&lt;\/p&gt;&lt;\/td&gt;                    &lt;\/tr&gt;                   &lt;\/tbody&gt;                  &lt;\/table&gt;                  &lt;p&gt;&lt;br&gt;&lt;\/p&gt;                 &lt;br&gt;&lt;br&gt;\"\n            data-category=\"Workshop\"\n            data-category-ids=\"1003\"\n            data-span-all=\"\"\n                      >\n\n            <div class=\"event_content\">\n              <div class=\"title\">\n                                <span>Gastroenterologi - Knappar f\u00f6r nyb\u00f6rjare<\/span>\n              <\/div>\n              <div class=\"span_room\"><span><\/span><\/div>\n              <div class=\"time\">\n                <span>\n                  09:05-09:50                <\/span><\/div>\n\n              <div class=\"lecturer\"><span>Amela Cefo, Ssk, V\u00e4ster\u00e5s; Cecilia Larsson, Barnsjuksk\u00f6terska\/gastrosjuksk\u00f6terska, Barn- och ungdomskliniken, V\u00e4ster\u00e5s<\/span><\/div>\n            <\/div>\n\n\n                                <div style=\"background-color:#B2A1C9; position: absolute !important ; height: 4px !important; left: 4px; right: 4px; bottom : 2px !important;  border\"><\/div>\n            \n          <\/div>\n\n      \n          <div class=\"event \"\n            data-id=\"1144\"\n            data-project=\"project_338_2017_12_12\"\n            data-title=\"Neurologi - Neurometabola sjukdomar \u2013 ett v\u00e4xande panorama d\u00e4r det kan finnas en behandling\"\n            data-abs-nbr=\"\"\n            data-ystart=\"9.0833333333333\"\n            data-yend=\"9.8333333333333\"\n            data-time=\"09:05-09:50\"\n            data-room=\"1\"\n            data-room-id=\"1021\"\n            data-room-name=\"Lilla Kongresshallen\"\n            data-day=\"2\"\n            data-abs-path=\"\"\n            data-speaker=\"Karin Naess, Barnneurolog, Astrid Lindgrens barnsjukhus, Stockholm\"\n            data-speakercell=\"Karin Naess, Barnneurolog, Astrid Lindgrens barnsjukhus, Stockholm\"\n            data-info=\"&lt;b&gt;Moderatorer: &lt;\/b&gt;Ylva \u00d6hrner, Barnneurolog, Barnkliniken V\u00e4ster\u00e5s&lt;br&gt;&lt;br&gt;                  &lt;p&gt;Neurometabolasjukdomar \u2013 ett v\u00e4xande panorama d\u00e4r det kan finnas en behandling&lt;\/p&gt;                 &lt;br&gt;&lt;br&gt;\"\n            data-category=\"F\u00f6rel\u00e4sning\"\n            data-category-ids=\"1002\"\n            data-span-all=\"\"\n                      >\n\n            <div class=\"event_content\">\n              <div class=\"title\">\n                                <span>Neurologi - Neurometabola sjukdomar \u2013 ett v\u00e4xande panorama d\u00e4r det kan finnas en behandling<\/span>\n              <\/div>\n              <div class=\"span_room\"><span><\/span><\/div>\n              <div class=\"time\">\n                <span>\n                  09:05-09:50                <\/span><\/div>\n\n              <div class=\"lecturer\"><span>Karin Naess, Barnneurolog, Astrid Lindgrens barnsjukhus, Stockholm<\/span><\/div>\n            <\/div>\n\n\n                                <div style=\"background-color:#B2FF78; position: absolute !important ; height: 4px !important; left: 4px; right: 4px; bottom : 2px !important;  border\"><\/div>\n            \n          <\/div>\n\n      \n          <div class=\"event \"\n            data-id=\"1177\"\n            data-project=\"project_338_2017_12_12\"\n            data-title=\"Behandla sm\u00e4rta med svett, stick och el\"\n            data-abs-nbr=\"\"\n            data-ystart=\"9.0833333333333\"\n            data-yend=\"9.8333333333333\"\n            data-time=\"09:05-09:50\"\n            data-room=\"11\"\n            data-room-id=\"1029\"\n            data-room-name=\"Sal 110\"\n            data-day=\"2\"\n            data-abs-path=\"\"\n            data-speaker=\"Johan Kumblad, Specialfysioterapeut, Barnkliniken V\u00e4smanlands sjukhus V\u00e4ster\u00e5s\"\n            data-speakercell=\"Johan Kumblad, Specialfysioterapeut, Barnkliniken V\u00e4smanlands sjukhus V\u00e4ster\u00e5s\"\n            data-info=\"                  &lt;p&gt;Behandla sm\u00e4rta med svett, stick och el&lt;\/p&gt;                  &lt;div&gt;                   Om hur man kan avv\u00e4nda akupunktur, TENS, kyla\/v\u00e4rme, massage och tr\u00e4ning som delar av att behandla barns sm\u00e4rta p\u00e5 andra s\u00e4tt \u00e4n med l\u00e4kemedel.                  &lt;\/div&gt;                  &lt;div&gt;                   &lt;br&gt;                  &lt;\/div&gt;                 &lt;br&gt;&lt;br&gt;\"\n            data-category=\"Workshop\"\n            data-category-ids=\"1003\"\n            data-span-all=\"\"\n                      >\n\n            <div class=\"event_content\">\n              <div class=\"title\">\n                                <span>Behandla sm\u00e4rta med svett, stick och el<\/span>\n              <\/div>\n              <div class=\"span_room\"><span><\/span><\/div>\n              <div class=\"time\">\n                <span>\n                  09:05-09:50                <\/span><\/div>\n\n              <div class=\"lecturer\"><span>Johan Kumblad, Specialfysioterapeut, Barnkliniken V\u00e4smanlands sjukhus V\u00e4ster\u00e5s<\/span><\/div>\n            <\/div>\n\n\n                                <div style=\"background-color:#B2A1C9; position: absolute !important ; height: 4px !important; left: 4px; right: 4px; bottom : 2px !important;  border\"><\/div>\n            \n          <\/div>\n\n      \n          <div class=\"event \"\n            data-id=\"1146\"\n            data-project=\"project_338_2017_12_12\"\n            data-title=\"Fika, utst\u00e4llare, posterbes\u00f6k\"\n            data-abs-nbr=\"\"\n            data-ystart=\"9.8333333333333\"\n            data-yend=\"10.416666666667\"\n            data-time=\"09:50-10:25\"\n            data-room=\"18\"\n            data-room-id=\"1013\"\n            data-room-name=\"Utst\u00e4llningen\"\n            data-day=\"2\"\n            data-abs-path=\"\"\n            data-speaker=\"\"\n            data-speakercell=\"\"\n            data-info=\"\"\n            data-category=\"\"\n            data-category-ids=\"\"\n            data-span-all=\"1\"\n                      >\n\n            <div class=\"event_content\">\n              <div class=\"title\">\n                                <span>Fika, utst\u00e4llare, posterbes\u00f6k<\/span>\n              <\/div>\n              <div class=\"span_room\"><span>Utst\u00e4llningen<br\/><\/span><\/div>\n              <div class=\"time\">\n                <span>\n                  09:50-10:25                <\/span><\/div>\n\n              \n            <\/div>\n\n\n            \n          <\/div>\n\n      \n          <div class=\"event \"\n            data-id=\"1156\"\n            data-project=\"project_338_2017_12_12\"\n            data-title=\"Stressutl\u00f6st \u00e5terkommande sm\u00e4rta och dess behandling\"\n            data-abs-nbr=\"\"\n            data-ystart=\"10.416666666667\"\n            data-yend=\"12\"\n            data-time=\"10:25-12:00\"\n            data-room=\"10\"\n            data-room-id=\"1022\"\n            data-room-name=\"Sal 109\"\n            data-day=\"2\"\n            data-abs-path=\"\"\n            data-speaker=\"G\u00f6sta Alfv\u00e9n, Barnl\u00e4kare, Docent, Karolinska Institutet, Stockholm; Eva Andersson, Docent, L\u00e4kare, Lektor Gymnastik- och idrottsh\u00f6gskolan & Institutionen f\u00f6r Neurovetenskap, Karolinska Institutet; Ulrika Wallbing, Leg.Fysioterapeut, Spec Mental H\u00e4lsa, psykoterapeut, Nacka RehabCentrum\"\n            data-speakercell=\"G\u00f6sta Alfv\u00e9n, Barnl\u00e4kare, Docent, Karolinska Institutet, Stockholm; Eva Andersson, Docent, L\u00e4kare, Lektor Gymnastik- och idrottsh\u00f6gskolan & Institutionen f\u00f6r Neurovetenskap, Karolinska Institutet; Ulrika Wallbing, Leg.Fysioterapeut, Spec Mental H\u00e4lsa, psykoterapeut, Nacka RehabCentrum\"\n            data-info=\"                  &lt;p&gt;&lt;\/p&gt;                  &lt;ul&gt;                   &lt;li&gt;Stressorer&lt;br&gt;&lt;\/li&gt;                   &lt;li&gt;Neurobiologiska mekanismer f\u00f6r stressutl\u00f6st \u00e5terkommande sm\u00e4rta&lt;br&gt;&lt;\/li&gt;                   &lt;li&gt;Startlereflexens betydelse f\u00f6r psykosomatisk sm\u00e4rta. En EMG-studie&lt;br&gt;&lt;\/li&gt;                   &lt;li&gt;Fysioterapeutiskt behandlingsarbete samt erfarenheter fr\u00e5n HOP, en interventionesstudie med skolsk\u00f6terskors insatser f\u00f6r skolungdomar&lt;\/li&gt;                  &lt;\/ul&gt;                  &lt;p&gt;&lt;\/p&gt;                 &lt;br&gt;&lt;br&gt;\"\n            data-category=\"Seminarium\/Paneldebatt\"\n            data-category-ids=\"1006\"\n            data-span-all=\"\"\n                      >\n\n            <div class=\"event_content\">\n              <div class=\"title\">\n                                <span>Stressutl\u00f6st \u00e5terkommande sm\u00e4rta och dess behandling<\/span>\n              <\/div>\n              <div class=\"span_room\"><span><\/span><\/div>\n              <div class=\"time\">\n                <span>\n                  10:25-12:00                <\/span><\/div>\n\n              <div class=\"lecturer\"><span>G\u00f6sta Alfv\u00e9n, Barnl\u00e4kare, Docent, Karolinska Institutet, Stockholm; Eva Andersson, Docent, L\u00e4kare, Lektor Gymnastik- och idrottsh\u00f6gskolan & Institutionen f\u00f6r Neurovetenskap, Karolinska Institutet; Ulrika Wallbing, Leg.Fysioterapeut, Spec Mental H\u00e4lsa, psykoterapeut, Nacka RehabCentrum<\/span><\/div>\n            <\/div>\n\n\n                                <div style=\"background-color:#FFB217; position: absolute !important ; height: 4px !important; left: 4px; right: 4px; bottom : 2px !important;  border\"><\/div>\n            \n          <\/div>\n\n      \n          <div class=\"event \"\n            data-id=\"1115\"\n            data-project=\"project_338_2017_12_12\"\n            data-title=\"Global h\u00e4lsa - Malariadiagnostik\"\n            data-abs-nbr=\"\"\n            data-ystart=\"10.416666666667\"\n            data-yend=\"11.166666666667\"\n            data-time=\"10:25-11:10\"\n            data-room=\"3\"\n            data-room-id=\"1024\"\n            data-room-name=\"H\u00f6rsalen\"\n            data-day=\"2\"\n            data-abs-path=\"\"\n            data-speaker=\"Berit Smith\"\n            data-speakercell=\"Berit Smith\"\n            data-info=\"&lt;b&gt;Moderatorer: &lt;\/b&gt;Britt Gustafsson, Professor, Barnl\u00e4kare, Akademiska barnsjukhuset, Karolinska institutet&lt;br&gt;&lt;br&gt;                  &lt;p&gt;Malariadiagnostik. F\u00f6r- och nackdelar med mikroskopi och antigenbaserade snabbtester. Nya diagnostiska metoder, LAMP, highly sensitive RDTs etc.&amp;nbsp;&lt;\/p&gt;                  &lt;p&gt;&lt;br&gt;&lt;\/p&gt;                 &lt;br&gt;&lt;br&gt;\"\n            data-category=\"F\u00f6rel\u00e4sning\"\n            data-category-ids=\"1002\"\n            data-span-all=\"\"\n                      >\n\n            <div class=\"event_content\">\n              <div class=\"title\">\n                                <span>Global h\u00e4lsa - Malariadiagnostik<\/span>\n              <\/div>\n              <div class=\"span_room\"><span><\/span><\/div>\n              <div class=\"time\">\n                <span>\n                  10:25-11:10                <\/span><\/div>\n\n              <div class=\"lecturer\"><span>Berit Smith<\/span><\/div>\n            <\/div>\n\n\n                                <div style=\"background-color:#B2FF78; position: absolute !important ; height: 4px !important; left: 4px; right: 4px; bottom : 2px !important;  border\"><\/div>\n            \n          <\/div>\n\n      \n          <div class=\"event \"\n            data-id=\"1187\"\n            data-project=\"project_338_2017_12_12\"\n            data-title=\"Gastroenterologi - Nutritionsbed\u00f6mning\"\n            data-abs-nbr=\"\"\n            data-ystart=\"10.416666666667\"\n            data-yend=\"11.166666666667\"\n            data-time=\"10:25-11:10\"\n            data-room=\"8\"\n            data-room-id=\"1025\"\n            data-room-name=\"Sal 107\"\n            data-day=\"2\"\n            data-abs-path=\"\"\n            data-speaker=\"Maria Pilar Guallarte, Barnl\u00e4kare, Barnkliniken, V\u00e4ster\u00e5s\"\n            data-speakercell=\"Maria Pilar Guallarte, Barnl\u00e4kare, Barnkliniken, V\u00e4ster\u00e5s\"\n            data-info=\"                  &lt;p&gt;Nutritionsbed\u00f6mning vid barnl\u00e4karbes\u00f6k av friska och sjuka barn.&amp;nbsp;&lt;br&gt;Praktiska aspekter f\u00f6r att bed\u00f6ma nutritionsstatus, urskilja typ av malnutrition (mikronutrienter, energibrist, proteinbrist) och planera behandling och uppf\u00f6ljning.&amp;nbsp;&lt;br&gt;Fall med gruppdiskussion.&lt;\/p&gt;&lt;p&gt;&lt;span style=&quot;font-style: italic;&quot;&gt;Samma workshop arrangeras vid fler tillf\u00e4llen.&lt;\/span&gt;&lt;br&gt;&lt;\/p&gt;                 &lt;br&gt;&lt;br&gt;\"\n            data-category=\"Workshop\"\n            data-category-ids=\"1003\"\n            data-span-all=\"\"\n                      >\n\n            <div class=\"event_content\">\n              <div class=\"title\">\n                                <span>Gastroenterologi - Nutritionsbed\u00f6mning<\/span>\n              <\/div>\n              <div class=\"span_room\"><span><\/span><\/div>\n              <div class=\"time\">\n                <span>\n                  10:25-11:10                <\/span><\/div>\n\n              <div class=\"lecturer\"><span>Maria Pilar Guallarte, Barnl\u00e4kare, Barnkliniken, V\u00e4ster\u00e5s<\/span><\/div>\n            <\/div>\n\n\n                                <div style=\"background-color:#B2A1C9; position: absolute !important ; height: 4px !important; left: 4px; right: 4px; bottom : 2px !important;  border\"><\/div>\n            \n          <\/div>\n\n      \n          <div class=\"event \"\n            data-id=\"1148\"\n            data-project=\"project_338_2017_12_12\"\n            data-title=\"Neurologi - Var Sherlock vid epilepsi \u2013 en studie i anfall\"\n            data-abs-nbr=\"\"\n            data-ystart=\"10.416666666667\"\n            data-yend=\"11.166666666667\"\n            data-time=\"10:25-11:10\"\n            data-room=\"1\"\n            data-room-id=\"1021\"\n            data-room-name=\"Lilla Kongresshallen\"\n            data-day=\"2\"\n            data-abs-path=\"\"\n            data-speaker=\"Kristina Forsblad, Barnneurolog \"\n            data-speakercell=\"Kristina Forsblad, Barnneurolog \"\n            data-info=\"&lt;b&gt;Moderatorer: &lt;\/b&gt;Ylva \u00d6hrner, Barnneurolog, Barnkliniken V\u00e4ster\u00e5s&lt;br&gt;&lt;br&gt;                  &lt;p&gt;Hur kan anfall seut och varf\u00f6r fr\u00e5gar vi s\u00e5 mycket?&lt;\/p&gt;                 &lt;br&gt;&lt;br&gt;\"\n            data-category=\"F\u00f6rel\u00e4sning\"\n            data-category-ids=\"1002\"\n            data-span-all=\"\"\n                      >\n\n            <div class=\"event_content\">\n              <div class=\"title\">\n                                <span>Neurologi - Var Sherlock vid epilepsi \u2013 en studie i anfall<\/span>\n              <\/div>\n              <div class=\"span_room\"><span><\/span><\/div>\n              <div class=\"time\">\n                <span>\n                  10:25-11:10                <\/span><\/div>\n\n              <div class=\"lecturer\"><span>Kristina Forsblad, Barnneurolog <\/span><\/div>\n            <\/div>\n\n\n                                <div style=\"background-color:#B2FF78; position: absolute !important ; height: 4px !important; left: 4px; right: 4px; bottom : 2px !important;  border\"><\/div>\n            \n          <\/div>\n\n      \n          <div class=\"event \"\n            data-id=\"1139\"\n            data-project=\"project_338_2017_12_12\"\n            data-title=\"Vetenskapligt program och prisutdelningar\"\n            data-abs-nbr=\"\"\n            data-ystart=\"10.416666666667\"\n            data-yend=\"12\"\n            data-time=\"10:25-12:00\"\n            data-room=\"2\"\n            data-room-id=\"1023\"\n            data-room-name=\"Lilla Salen\"\n            data-day=\"2\"\n            data-abs-path=\"\"\n            data-speaker=\"\"\n            data-speakercell=\"\"\n            data-info=\"&lt;b&gt;Moderatorer: &lt;\/b&gt;Ola Nilsson, Professor Barnl\u00e4kare, \u00d6rebro&lt;br&gt;&lt;br&gt;                  &lt;p&gt;&lt;span style=&quot;font-weight: bold;&quot;&gt;10:30 \u2013 10:45&lt;\/span&gt; \u00c5rets mest citerade pediatriska artikel&lt;\/p&gt;                  &lt;p&gt;&lt;span style=&quot;font-weight: bold;&quot;&gt;10:45 \u2013 12:00&lt;\/span&gt; Rolf Zetterstr\u00f6m priset f\u00f6r 2017 \u00e5rs b\u00e4sta avhandling inom Pediatrik \u2013 presentation av de 4 h\u00f6gst rankade och utdelning av pris till vinnare.&lt;\/p&gt;                 &lt;p&gt;&lt;span style=&quot;font-weight: bold;&quot;&gt;Finalister:&amp;nbsp;&lt;\/span&gt;&lt;span style=&quot;font-weight: 700;&quot;&gt;&lt;br&gt;&lt;\/span&gt;Elena Lundberg&lt;br&gt;Growth hormone responsiveness in children, Ume\u00e5 Universitet &lt;\/p&gt;                 &lt;p&gt;Maria Mossberg&amp;nbsp;&lt;br&gt;Pathophysiology and epidemiology of vasculitis, Lunds Universitet &lt;\/p&gt;                 &lt;p&gt;Samuel Rhedin&lt;br&gt;Severe viral respiratory tract infections in children, Karolinska Institutet &lt;\/p&gt;                 &lt;p&gt;Johan Wrammert &lt;br&gt;Surviving birth, Uppsala Universitet&lt;\/p&gt;                  &lt;p&gt;\u00c5rets kliniska handledare - BLF&lt;\/p&gt;                 &lt;br&gt;&lt;br&gt;\"\n            data-category=\"\"\n            data-category-ids=\"\"\n            data-span-all=\"\"\n                      >\n\n            <div class=\"event_content\">\n              <div class=\"title\">\n                                <span>Vetenskapligt program och prisutdelningar<\/span>\n              <\/div>\n              <div class=\"span_room\"><span><\/span><\/div>\n              <div class=\"time\">\n                <span>\n                  10:25-12:00                <\/span><\/div>\n\n              \n            <\/div>\n\n\n            \n          <\/div>\n\n      \n          <div class=\"event \"\n            data-id=\"1173\"\n            data-project=\"project_338_2017_12_12\"\n            data-title=\"Diabetes - Diabetes p\u00e5 jourtid\"\n            data-abs-nbr=\"\"\n            data-ystart=\"10.416666666667\"\n            data-yend=\"11.166666666667\"\n            data-time=\"10:25-11:10\"\n            data-room=\"9\"\n            data-room-id=\"1026\"\n            data-room-name=\"Sal 108\"\n            data-day=\"2\"\n            data-abs-path=\"\"\n            data-speaker=\"Malin \u00c5gren, Specialistl\u00e4kare, Barnkliniken; Mona Jakobsson, Diabetessjuksk\u00f6terska, \tBarn- och Ungdomskliniken, V\u00e4ster\u00e5s; Wanda Sikorska, \u00d6verl\u00e4kare, Barn- och Ungdomskliniken, V\u00e4ster\u00e5s; Helena Sj\u00f6str\u00f6m, L\u00e4kare, Barn- och Ungdomskliniken, V\u00e4ster\u00e5s\"\n            data-speakercell=\"Malin \u00c5gren, Specialistl\u00e4kare, Barnkliniken; Mona Jakobsson, Diabetessjuksk\u00f6terska, \tBarn- och Ungdomskliniken, V\u00e4ster\u00e5s; Wanda Sikorska, \u00d6verl\u00e4kare, Barn- och Ungdomskliniken, V\u00e4ster\u00e5s; Helena Sj\u00f6str\u00f6m, L\u00e4kare, Barn- och Ungdomskliniken, V\u00e4ster\u00e5s\"\n            data-info=\"                  &lt;p&gt;Tre typer av diabetesfall p\u00e5 jourtid presenteras. Fr\u00e5gor besvaras i grupp med app\/mentometer.&amp;nbsp;&lt;\/p&gt;                  &lt;p&gt;Diabetesteamet V\u00e4ster\u00e5s&lt;\/p&gt;                  &lt;p&gt;&lt;span style=&quot;font-style: italic;&quot;&gt;Samma workshop arrangeras vid fler tillf\u00e4llen.&lt;\/span&gt;&lt;br&gt;&lt;\/p&gt;                 &lt;br&gt;&lt;br&gt;\"\n            data-category=\"Workshop\"\n            data-category-ids=\"1003\"\n            data-span-all=\"\"\n                      >\n\n            <div class=\"event_content\">\n              <div class=\"title\">\n                                <span>Diabetes - Diabetes p\u00e5 jourtid<\/span>\n              <\/div>\n              <div class=\"span_room\"><span><\/span><\/div>\n              <div class=\"time\">\n                <span>\n                  10:25-11:10                <\/span><\/div>\n\n              <div class=\"lecturer\"><span>Malin \u00c5gren, Specialistl\u00e4kare, Barnkliniken; Mona Jakobsson, Diabetessjuksk\u00f6terska, \tBarn- och Ungdomskliniken, V\u00e4ster\u00e5s; Wanda Sikorska, \u00d6verl\u00e4kare, Barn- och Ungdomskliniken, V\u00e4ster\u00e5s; Helena Sj\u00f6str\u00f6m, L\u00e4kare, Barn- och Ungdomskliniken, V\u00e4ster\u00e5s<\/span><\/div>\n            <\/div>\n\n\n                                <div style=\"background-color:#B2A1C9; position: absolute !important ; height: 4px !important; left: 4px; right: 4px; bottom : 2px !important;  border\"><\/div>\n            \n          <\/div>\n\n      \n          <div class=\"event \"\n            data-id=\"1123\"\n            data-project=\"project_338_2017_12_12\"\n            data-title=\"Allm\u00e4npediatrik och H\u00e4lsov\u00e5rd - Kostintyg\"\n            data-abs-nbr=\"\"\n            data-ystart=\"10.416666666667\"\n            data-yend=\"11.166666666667\"\n            data-time=\"10:25-11:10\"\n            data-room=\"0\"\n            data-room-id=\"1018\"\n            data-room-name=\"Stora Kongresshallen\"\n            data-day=\"2\"\n            data-abs-path=\"\"\n            data-speaker=\"Anna  Hansson , Barndietist, Barnmedicinska kliniken i Lund\"\n            data-speakercell=\"Anna  Hansson , Barndietist, Barnmedicinska kliniken i Lund\"\n            data-info=\"                  &lt;p&gt;Hur p\u00e5verkar kostintyget barnet?&lt;\/p&gt;                 &lt;br&gt;&lt;br&gt;\"\n            data-category=\"F\u00f6rel\u00e4sning\"\n            data-category-ids=\"1002\"\n            data-span-all=\"\"\n                      >\n\n            <div class=\"event_content\">\n              <div class=\"title\">\n                                <span>Allm\u00e4npediatrik och H\u00e4lsov\u00e5rd - Kostintyg<\/span>\n              <\/div>\n              <div class=\"span_room\"><span><\/span><\/div>\n              <div class=\"time\">\n                <span>\n                  10:25-11:10                <\/span><\/div>\n\n              <div class=\"lecturer\"><span>Anna  Hansson , Barndietist, Barnmedicinska kliniken i Lund<\/span><\/div>\n            <\/div>\n\n\n                                <div style=\"background-color:#B2FF78; position: absolute !important ; height: 4px !important; left: 4px; right: 4px; bottom : 2px !important;  border\"><\/div>\n            \n          <\/div>\n\n      \n          <div class=\"event \"\n            data-id=\"1130\"\n            data-project=\"project_338_2017_12_12\"\n            data-title=\"Sjukhushunden Livia - bakgrund, nutid, framtid\"\n            data-abs-nbr=\"\"\n            data-ystart=\"10.416666666667\"\n            data-yend=\"12\"\n            data-time=\"10:25-12:00\"\n            data-room=\"11\"\n            data-room-id=\"1029\"\n            data-room-name=\"Sal 110\"\n            data-day=\"2\"\n            data-abs-path=\"\"\n            data-speaker=\"Ann Edner, Institutionen f\u00f6r Kvinnors och Barns H\u00e4lsa, Uppsala; Maria Lindstr\u00f6m Nilsson, Barnsjuksk\u00f6terska, Akademiska sjukhuset\/Uppsala universitet; Eva Tano, Mikrobiolog; Livia, Sjukhushunden  \"\n            data-speakercell=\"Ann Edner, Institutionen f\u00f6r Kvinnors och Barns H\u00e4lsa, Uppsala; Maria Lindstr\u00f6m Nilsson, Barnsjuksk\u00f6terska, Akademiska sjukhuset\/Uppsala universitet; Eva Tano, Mikrobiolog; Livia, Sjukhushunden  \"\n            data-info=\"                  &lt;p&gt;Fr\u00e5n bakgrund till framtid om hund i svensk barnsjukv\u00e5rd&lt;\/p&gt;                  &lt;p&gt;Bakgrund till att forskningsprojektet &quot;Effekter av hund i barnsjukv\u00e5rden&quot; nu \u00e4ger rum p\u00e5 Akademiska Barnsjukhuset. Djur &amp;amp; naturs\/komplement\u00e4r behandlings betydelse f\u00f6r det sjuka barnet. Hur l\u00e5ngt har vi kommit, var st\u00e5r vi nu, aktuella resultat? M\u00e5ls\u00e4ttning, framtid.&lt;\/p&gt;                  &lt;p&gt;\u00d6vriga medverkande: Barnsjuksk\u00f6terska, doktorand Maria Lindstr\u00f6m Nilsson, Mikrobiolog Eva Tano, Hundinstrukt\u00f6r Helena Odenrick, Sjukhushunden Livia och hennes lilla kronprinsessa Luna&lt;br&gt;&lt;\/p&gt;                 &lt;br&gt;&lt;br&gt;\"\n            data-category=\"F\u00f6rel\u00e4sning\"\n            data-category-ids=\"1002\"\n            data-span-all=\"\"\n                      >\n\n            <div class=\"event_content\">\n              <div class=\"title\">\n                                <span>Sjukhushunden Livia - bakgrund, nutid, framtid<\/span>\n              <\/div>\n              <div class=\"span_room\"><span><\/span><\/div>\n              <div class=\"time\">\n                <span>\n                  10:25-12:00                <\/span><\/div>\n\n              <div class=\"lecturer\"><span>Ann Edner, Institutionen f\u00f6r Kvinnors och Barns H\u00e4lsa, Uppsala; Maria Lindstr\u00f6m Nilsson, Barnsjuksk\u00f6terska, Akademiska sjukhuset\/Uppsala universitet; Eva Tano, Mikrobiolog; Livia, Sjukhushunden  <\/span><\/div>\n            <\/div>\n\n\n                                <div style=\"background-color:#B2FF78; position: absolute !important ; height: 4px !important; left: 4px; right: 4px; bottom : 2px !important;  border\"><\/div>\n            \n          <\/div>\n\n      \n          <div class=\"event \"\n            data-id=\"1164\"\n            data-project=\"project_338_2017_12_12\"\n            data-title=\"Riksf\u00f6reningen f\u00f6r barnsjuksk\u00f6terskor - F\u00f6r\u00e4ldrar, N\u00e5lprocedurer, Bildst\u00f6d i barnsjukv\u00e5rden\"\n            data-abs-nbr=\"\"\n            data-ystart=\"10.416666666667\"\n            data-yend=\"11.166666666667\"\n            data-time=\"10:25-11:10\"\n            data-room=\"4\"\n            data-room-id=\"1019\"\n            data-room-name=\"Sal 301\"\n            data-day=\"2\"\n            data-abs-path=\"\"\n            data-speaker=\"Katarina Karlsson, Lektor, Barnsjuksk\u00f6terska & Universitetslektor; Birgitta Kerstis, Lektor, Barnsjuksk\u00f6terska & Universitetslektor,; Merja Vantaa Benjaminsson, Barnsjuksk\u00f6terska\"\n            data-speakercell=\"Katarina Karlsson, Lektor, Barnsjuksk\u00f6terska & Universitetslektor; Birgitta Kerstis, Lektor, Barnsjuksk\u00f6terska & Universitetslektor,; Merja Vantaa Benjaminsson, Barnsjuksk\u00f6terska\"\n            data-info=\"&lt;b&gt;Moderatorer: &lt;\/b&gt;Helena Wigert, Barnsjuksk\u00f6terska &amp; Docent&lt;br&gt;&lt;br&gt;                  &lt;p&gt;&lt;\/p&gt;                  &lt;div&gt;                   John Linds symposium Barnsjuksk\u00f6terska, Mitt framg\u00e5ngsyrke - Ditt framtidsyrke                   &lt;br&gt;                  &lt;\/div&gt;                  &lt;ul&gt;                   &lt;li&gt;\u00c4r f\u00f6r\u00e4ldrarna lika viktiga f\u00f6r barnet?&lt;\/li&gt;                   &lt;li&gt;Yngre barns upplevelser och behov av st\u00f6d vid n\u00e5lprocedurer&lt;\/li&gt;                   &lt;li&gt;Barnets r\u00e4tt att f\u00f6rst\u00e5 vad som skall ske p\u00e5 sjukhuset. Bildst\u00f6d i barnsjukv\u00e5rden&lt;\/li&gt;                  &lt;\/ul&gt;                  &lt;p&gt;&lt;\/p&gt;                 &lt;br&gt;&lt;br&gt;\"\n            data-category=\"F\u00f6rel\u00e4sning\"\n            data-category-ids=\"1002\"\n            data-span-all=\"\"\n                      >\n\n            <div class=\"event_content\">\n              <div class=\"title\">\n                                <span>Riksf\u00f6reningen f\u00f6r barnsjuksk\u00f6terskor - F\u00f6r\u00e4ldrar, N\u00e5lprocedurer, Bildst\u00f6d i barnsjukv\u00e5rden<\/span>\n              <\/div>\n              <div class=\"span_room\"><span><\/span><\/div>\n              <div class=\"time\">\n                <span>\n                  10:25-11:10                <\/span><\/div>\n\n              <div class=\"lecturer\"><span>Katarina Karlsson, Lektor, Barnsjuksk\u00f6terska & Universitetslektor; Birgitta Kerstis, Lektor, Barnsjuksk\u00f6terska & Universitetslektor,; Merja Vantaa Benjaminsson, Barnsjuksk\u00f6terska<\/span><\/div>\n            <\/div>\n\n\n                                <div style=\"background-color:#B2FF78; position: absolute !important ; height: 4px !important; left: 4px; right: 4px; bottom : 2px !important;  border\"><\/div>\n            \n          <\/div>\n\n      \n          <div class=\"event \"\n            data-id=\"1172\"\n            data-project=\"project_338_2017_12_12\"\n            data-title=\"L\u00e4kemedel och barn - L\u00e4kemedelsbehandling av nyf\u00f6dda barn-praktiska farmakologiska aspekter\"\n            data-abs-nbr=\"\"\n            data-ystart=\"10.416666666667\"\n            data-yend=\"12\"\n            data-time=\"10:25-12:00\"\n            data-room=\"5\"\n            data-room-id=\"1020\"\n            data-room-name=\"Sal 302\"\n            data-day=\"2\"\n            data-abs-path=\"\"\n            data-speaker=\"Elisabeth Norman, Neonatolog, Lund; Christiane Garnemark, Barnl\u00e4kare,  Drottning Silvias Barn- och Ungdomssjukhus\"\n            data-speakercell=\"Elisabeth Norman, Neonatolog, Lund; Christiane Garnemark, Barnl\u00e4kare,  Drottning Silvias Barn- och Ungdomssjukhus\"\n            data-info=\"                  &lt;p&gt;Specialistniv\u00e5&lt;\/p&gt;                 &lt;p&gt;F\u00f6rel\u00e4sning och diskussion om vissa l\u00e4kemedel d\u00e4r man vid ordination b\u00f6r ta h\u00e4nsyn till faktorer specifika f\u00f6r det nyf\u00f6dda barnets f\u00f6ruts\u00e4ttningar vid neonatalv\u00e5rd.&lt;br&gt;&lt;\/p&gt;                 &lt;br&gt;&lt;br&gt;\"\n            data-category=\"F\u00f6rel\u00e4sning\"\n            data-category-ids=\"1002\"\n            data-span-all=\"\"\n                      >\n\n            <div class=\"event_content\">\n              <div class=\"title\">\n                                <span>L\u00e4kemedel och barn - L\u00e4kemedelsbehandling av nyf\u00f6dda barn-praktiska farmakologiska aspekter<\/span>\n              <\/div>\n              <div class=\"span_room\"><span><\/span><\/div>\n              <div class=\"time\">\n                <span>\n                  10:25-12:00                <\/span><\/div>\n\n              <div class=\"lecturer\"><span>Elisabeth Norman, Neonatolog, Lund; Christiane Garnemark, Barnl\u00e4kare,  Drottning Silvias Barn- och Ungdomssjukhus<\/span><\/div>\n            <\/div>\n\n\n                                <div style=\"background-color:#B2FF78; position: absolute !important ; height: 4px !important; left: 4px; right: 4px; bottom : 2px !important;  border\"><\/div>\n            \n          <\/div>\n\n      \n          <div class=\"event \"\n            data-id=\"1124\"\n            data-project=\"project_338_2017_12_12\"\n            data-title=\"Allm\u00e4npediatrik och H\u00e4lsov\u00e5rd - Barnet i centrum-teamarbetets betydelse f\u00f6r compliance\"\n            data-abs-nbr=\"\"\n            data-ystart=\"11.25\"\n            data-yend=\"12\"\n            data-time=\"11:15-12:00\"\n            data-room=\"0\"\n            data-room-id=\"1018\"\n            data-room-name=\"Stora Kongresshallen\"\n            data-day=\"2\"\n            data-abs-path=\"\"\n            data-speaker=\"Veronika St\u00e5hl, Specialistsjuksk\u00f6terska, Barnl\u00e4kargruppen Sparta Lund\"\n            data-speakercell=\"Veronika St\u00e5hl, Specialistsjuksk\u00f6terska, Barnl\u00e4kargruppen Sparta Lund\"\n            data-info=\"                  &lt;p&gt;Hur kan teamarbetet p\u00e5 en \u00f6ppenv\u00e5rdsmottagning g\u00f6ra skillnad f\u00f6r barnet? Tips och r\u00e5d om hur teamarbete kan utvecklas och leda till b\u00e4ttre f\u00f6ljsamhet.&lt;br&gt;&lt;\/p&gt;                 &lt;br&gt;&lt;br&gt;\"\n            data-category=\"F\u00f6rel\u00e4sning\"\n            data-category-ids=\"1002\"\n            data-span-all=\"\"\n                      >\n\n            <div class=\"event_content\">\n              <div class=\"title\">\n                                <span>Allm\u00e4npediatrik och H\u00e4lsov\u00e5rd - Barnet i centrum-teamarbetets betydelse f\u00f6r compliance<\/span>\n              <\/div>\n              <div class=\"span_room\"><span><\/span><\/div>\n              <div class=\"time\">\n                <span>\n                  11:15-12:00                <\/span><\/div>\n\n              <div class=\"lecturer\"><span>Veronika St\u00e5hl, Specialistsjuksk\u00f6terska, Barnl\u00e4kargruppen Sparta Lund<\/span><\/div>\n            <\/div>\n\n\n                                <div style=\"background-color:#B2FF78; position: absolute !important ; height: 4px !important; left: 4px; right: 4px; bottom : 2px !important;  border\"><\/div>\n            \n          <\/div>\n\n      \n          <div class=\"event \"\n            data-id=\"1116\"\n            data-project=\"project_338_2017_12_12\"\n            data-title=\"Global h\u00e4lsa - Integration community management\"\n            data-abs-nbr=\"\"\n            data-ystart=\"11.25\"\n            data-yend=\"12\"\n            data-time=\"11:15-12:00\"\n            data-room=\"3\"\n            data-room-id=\"1024\"\n            data-room-name=\"H\u00f6rsalen\"\n            data-day=\"2\"\n            data-abs-path=\"\"\n            data-speaker=\"Stefan Peterson, Professor, Dr, Assoc Director, Chief Health Section, UNICEF\"\n            data-speakercell=\"Stefan Peterson, Professor, Dr, Assoc Director, Chief Health Section, UNICEF\"\n            data-info=\"&lt;b&gt;Moderatorer: &lt;\/b&gt;Britt Gustafsson, Professor, Barnl\u00e4kare, Akademiska barnsjukhuset, Karolinska institutet&lt;br&gt;&lt;br&gt;                  Videof\u00f6rel\u00e4sning&amp;nbsp;&amp;nbsp;&amp;nbsp;&amp;nbsp;&amp;nbsp;&amp;nbsp;&amp;nbsp;&amp;nbsp;&amp;nbsp;&amp;nbsp;&amp;nbsp;&amp;nbsp;&amp;nbsp;                  &lt;p&gt;&lt;br&gt;&lt;\/p&gt;                 &lt;br&gt;&lt;br&gt;\"\n            data-category=\"F\u00f6rel\u00e4sning\"\n            data-category-ids=\"1002\"\n            data-span-all=\"\"\n                      >\n\n            <div class=\"event_content\">\n              <div class=\"title\">\n                                <span>Global h\u00e4lsa - Integration community management<\/span>\n              <\/div>\n              <div class=\"span_room\"><span><\/span><\/div>\n              <div class=\"time\">\n                <span>\n                  11:15-12:00                <\/span><\/div>\n\n              <div class=\"lecturer\"><span>Stefan Peterson, Professor, Dr, Assoc Director, Chief Health Section, UNICEF<\/span><\/div>\n            <\/div>\n\n\n                                <div style=\"background-color:#B2FF78; position: absolute !important ; height: 4px !important; left: 4px; right: 4px; bottom : 2px !important;  border\"><\/div>\n            \n          <\/div>\n\n      \n          <div class=\"event \"\n            data-id=\"1165\"\n            data-project=\"project_338_2017_12_12\"\n            data-title=\"Riksf\u00f6reningen f\u00f6r barnsjuksk\u00f6terskor - Akutbed\u00f6mning\"\n            data-abs-nbr=\"\"\n            data-ystart=\"11.25\"\n            data-yend=\"12\"\n            data-time=\"11:15-12:00\"\n            data-room=\"4\"\n            data-room-id=\"1019\"\n            data-room-name=\"Sal 301\"\n            data-day=\"2\"\n            data-abs-path=\"\"\n            data-speaker=\"Malin Ekstr\u00f6m, Barnsjuksk\u00f6terska; Anna-Clara Rullander, Barnsjuksk\u00f6terska & Universitetslekor; Beatrice Olsson Duse, Barnsjuksk\u00f6terska & Omv\u00e5rdnadschef\"\n            data-speakercell=\"Malin Ekstr\u00f6m, Barnsjuksk\u00f6terska; Anna-Clara Rullander, Barnsjuksk\u00f6terska & Universitetslekor; Beatrice Olsson Duse, Barnsjuksk\u00f6terska & Omv\u00e5rdnadschef\"\n            data-info=\"&lt;b&gt;Moderatorer: &lt;\/b&gt;Helena Wigert, Barnsjuksk\u00f6terska &amp; Docent&lt;br&gt;&lt;br&gt;                  &lt;p&gt;&lt;\/p&gt;                  &lt;div&gt;                   John Linds symposium Barnsjuksk\u00f6terska, Mitt framg\u00e5ngsyrke - Ditt framtidsyrke                   &lt;br&gt;                  &lt;\/div&gt;                  &lt;ul&gt;                   &lt;li&gt;Akutbed\u00f6mning av barn&lt;\/li&gt;                   &lt;li&gt;Mottagning f\u00f6r barn och ungdomar med mag-\/tarmproblem&lt;\/li&gt;                   &lt;li&gt;Chef, en av alla karri\u00e4rv\u00e4gar&lt;\/li&gt;                  &lt;\/ul&gt;                  &lt;p&gt;&lt;\/p&gt;                 &lt;br&gt;&lt;br&gt;\"\n            data-category=\"F\u00f6rel\u00e4sning\"\n            data-category-ids=\"1002\"\n            data-span-all=\"\"\n                      >\n\n            <div class=\"event_content\">\n              <div class=\"title\">\n                                <span>Riksf\u00f6reningen f\u00f6r barnsjuksk\u00f6terskor - Akutbed\u00f6mning<\/span>\n              <\/div>\n              <div class=\"span_room\"><span><\/span><\/div>\n              <div class=\"time\">\n                <span>\n                  11:15-12:00                <\/span><\/div>\n\n              <div class=\"lecturer\"><span>Malin Ekstr\u00f6m, Barnsjuksk\u00f6terska; Anna-Clara Rullander, Barnsjuksk\u00f6terska & Universitetslekor; Beatrice Olsson Duse, Barnsjuksk\u00f6terska & Omv\u00e5rdnadschef<\/span><\/div>\n            <\/div>\n\n\n                                <div style=\"background-color:#B2FF78; position: absolute !important ; height: 4px !important; left: 4px; right: 4px; bottom : 2px !important;  border\"><\/div>\n            \n          <\/div>\n\n      \n          <div class=\"event \"\n            data-id=\"1290\"\n            data-project=\"project_338_2017_12_12\"\n            data-title=\"Etikutskottets seminarium - Extremdyra behandlingar - var g\u00e5r gr\u00e4nsen och hur s\u00e4tter vi den?\"\n            data-abs-nbr=\"\"\n            data-ystart=\"11.25\"\n            data-yend=\"12\"\n            data-time=\"11:15-12:00\"\n            data-room=\"7\"\n            data-room-id=\"1030\"\n            data-room-name=\"Sal 105\"\n            data-day=\"2\"\n            data-abs-path=\"\"\n            data-speaker=\"Ellen Vinge, L\u00e4kemedelskomit\u00e9erna; Dag Larsson, Lif; Lars Sandman, NT-r\u00e5det; Pelle Baeck, Barnneurolog ; Tobias Ekenlie, VC + barnl\u00e4kare i Norrk\u00f6ping\"\n            data-speakercell=\"Ellen Vinge, L\u00e4kemedelskomit\u00e9erna; Dag Larsson, Lif; Lars Sandman, NT-r\u00e5det; Pelle Baeck, Barnneurolog ; Tobias Ekenlie, VC + barnl\u00e4kare i Norrk\u00f6ping\"\n            data-info=\"&lt;b&gt;Moderatorer: &lt;\/b&gt;Lisa T\u00f6rnudd, MD, Link\u00f6pings Universitetssjukhus&lt;br&gt;&lt;br&gt;                  &lt;p&gt;Vem best\u00e4mmervilka l\u00e4kemedel som ska f\u00f6rskrivas och till vilket pris?&lt;br&gt;Vad kostar medicinernaatt utveckla, upphanlda och vilka alternativkostnader uppst\u00e5r? &lt;br&gt;En panel medrepresentanter fr\u00e5n sjukv\u00e5rden, LiF, l\u00e4kemedelskommiteerna och NT-r\u00e5detf\u00f6rklarar beslutsg\u00e5ngen och debatterar. &lt;br&gt;Hur kan vi barnl\u00e4kare agera f\u00f6r attst\u00f6tta i processen f\u00f6r alla barns b\u00e4sta och f\u00f6r att f\u00e5 en r\u00e4ttvis tillg\u00e5ng tillv\u00e5rd och l\u00e4kemedel i landet?&lt;\/p&gt;                 &lt;br&gt;&lt;br&gt;\"\n            data-category=\"Seminarium\/Paneldebatt\"\n            data-category-ids=\"1006\"\n            data-span-all=\"\"\n                      >\n\n            <div class=\"event_content\">\n              <div class=\"title\">\n                                <span>Etikutskottets seminarium - Extremdyra behandlingar - var g\u00e5r gr\u00e4nsen och hur s\u00e4tter vi den?<\/span>\n              <\/div>\n              <div class=\"span_room\"><span><\/span><\/div>\n              <div class=\"time\">\n                <span>\n                  11:15-12:00                <\/span><\/div>\n\n              <div class=\"lecturer\"><span>Ellen Vinge, L\u00e4kemedelskomit\u00e9erna; Dag Larsson, Lif; Lars Sandman, NT-r\u00e5det; Pelle Baeck, Barnneurolog ; Tobias Ekenlie, VC + barnl\u00e4kare i Norrk\u00f6ping<\/span><\/div>\n            <\/div>\n\n\n                                <div style=\"background-color:#FFB217; position: absolute !important ; height: 4px !important; left: 4px; right: 4px; bottom : 2px !important;  border\"><\/div>\n            \n          <\/div>\n\n      \n          <div class=\"event \"\n            data-id=\"1149\"\n            data-project=\"project_338_2017_12_12\"\n            data-title=\"Neurologi - Status epileptikus\"\n            data-abs-nbr=\"\"\n            data-ystart=\"11.25\"\n            data-yend=\"12\"\n            data-time=\"11:15-12:00\"\n            data-room=\"1\"\n            data-room-id=\"1021\"\n            data-room-name=\"Lilla Kongresshallen\"\n            data-day=\"2\"\n            data-abs-path=\"\"\n            data-speaker=\"Simon Gepertz, Barnneurolog, Barn- och ungdomskliniken, US\u00d6, \u00d6rebro\"\n            data-speakercell=\"Simon Gepertz, Barnneurolog, Barn- och ungdomskliniken, US\u00d6, \u00d6rebro\"\n            data-info=\"&lt;b&gt;Moderatorer: &lt;\/b&gt;Ylva \u00d6hrner, Barnneurolog, Barnkliniken V\u00e4ster\u00e5s&lt;br&gt;&lt;br&gt;                  &lt;p&gt;&lt;br&gt;&lt;\/p&gt;                 &lt;br&gt;&lt;br&gt;\"\n            data-category=\"F\u00f6rel\u00e4sning\"\n            data-category-ids=\"1002\"\n            data-span-all=\"\"\n                      >\n\n            <div class=\"event_content\">\n              <div class=\"title\">\n                                <span>Neurologi - Status epileptikus<\/span>\n              <\/div>\n              <div class=\"span_room\"><span><\/span><\/div>\n              <div class=\"time\">\n                <span>\n                  11:15-12:00                <\/span><\/div>\n\n              <div class=\"lecturer\"><span>Simon Gepertz, Barnneurolog, Barn- och ungdomskliniken, US\u00d6, \u00d6rebro<\/span><\/div>\n            <\/div>\n\n\n                                <div style=\"background-color:#B2FF78; position: absolute !important ; height: 4px !important; left: 4px; right: 4px; bottom : 2px !important;  border\"><\/div>\n            \n          <\/div>\n\n      \n          <div class=\"event \"\n            data-id=\"1347\"\n            data-project=\"project_338_2017_12_12\"\n            data-title=\"\u00c5rsm\u00f6te f\u00f6r BLF delf\u00f6reningen f\u00f6r barninfektioner\"\n            data-abs-nbr=\"\"\n            data-ystart=\"12\"\n            data-yend=\"13.25\"\n            data-time=\"12:00-13:15\"\n            data-room=\"13\"\n            data-room-id=\"1028\"\n            data-room-name=\"Sal 202\"\n            data-day=\"2\"\n            data-abs-path=\"\"\n            data-speaker=\"\"\n            data-speakercell=\"\"\n            data-info=\"                  &lt;p&gt;&lt;br&gt;&lt;\/p&gt;                 &lt;br&gt;&lt;br&gt;\"\n            data-category=\"M\u00f6te\"\n            data-category-ids=\"1004\"\n            data-span-all=\"\"\n                      >\n\n            <div class=\"event_content\">\n              <div class=\"title\">\n                                <span>\u00c5rsm\u00f6te f\u00f6r BLF delf\u00f6reningen f\u00f6r barninfektioner<\/span>\n              <\/div>\n              <div class=\"span_room\"><span><\/span><\/div>\n              <div class=\"time\">\n                <span>\n                  12:00-13:15                <\/span><\/div>\n\n              \n            <\/div>\n\n\n                                <div style=\"background-color:#FFFA5C; position: absolute !important ; height: 4px !important; left: 4px; right: 4px; bottom : 2px !important;  border\"><\/div>\n            \n          <\/div>\n\n      \n          <div class=\"event \"\n            data-id=\"1141\"\n            data-project=\"project_338_2017_12_12\"\n            data-title=\"Lunch Acta Pediatrica\"\n            data-abs-nbr=\"\"\n            data-ystart=\"12\"\n            data-yend=\"13.25\"\n            data-time=\"12:00-13:15\"\n            data-room=\"12\"\n            data-room-id=\"1033\"\n            data-room-name=\"Sal 201\"\n            data-day=\"2\"\n            data-abs-path=\"\"\n            data-speaker=\"\"\n            data-speakercell=\"\"\n            data-info=\"                  &lt;p&gt;&lt;br&gt;&lt;\/p&gt;                 &lt;br&gt;&lt;br&gt;\"\n            data-category=\"M\u00f6te\"\n            data-category-ids=\"1004\"\n            data-span-all=\"\"\n                      >\n\n            <div class=\"event_content\">\n              <div class=\"title\">\n                                <span>Lunch Acta Pediatrica<\/span>\n              <\/div>\n              <div class=\"span_room\"><span><\/span><\/div>\n              <div class=\"time\">\n                <span>\n                  12:00-13:15                <\/span><\/div>\n\n              \n            <\/div>\n\n\n                                <div style=\"background-color:#FFFA5C; position: absolute !important ; height: 4px !important; left: 4px; right: 4px; bottom : 2px !important;  border\"><\/div>\n            \n          <\/div>\n\n      \n          <div class=\"event \"\n            data-id=\"1189\"\n            data-project=\"project_338_2017_12_12\"\n            data-title=\"BLU Lunchm\u00f6te\"\n            data-abs-nbr=\"\"\n            data-ystart=\"12\"\n            data-yend=\"13.25\"\n            data-time=\"12:00-13:15\"\n            data-room=\"14\"\n            data-room-id=\"1034\"\n            data-room-name=\"Sal 203\"\n            data-day=\"2\"\n            data-abs-path=\"\"\n            data-speaker=\"\"\n            data-speakercell=\"\"\n            data-info=\"                  &lt;p&gt;BLU Lunchm\u00f6te&lt;br&gt;&lt;\/p&gt;                 &lt;br&gt;&lt;br&gt;\"\n            data-category=\"M\u00f6te\"\n            data-category-ids=\"1004\"\n            data-span-all=\"\"\n                      >\n\n            <div class=\"event_content\">\n              <div class=\"title\">\n                                <span>BLU Lunchm\u00f6te<\/span>\n              <\/div>\n              <div class=\"span_room\"><span><\/span><\/div>\n              <div class=\"time\">\n                <span>\n                  12:00-13:15                <\/span><\/div>\n\n              \n            <\/div>\n\n\n                                <div style=\"background-color:#FFFA5C; position: absolute !important ; height: 4px !important; left: 4px; right: 4px; bottom : 2px !important;  border\"><\/div>\n            \n          <\/div>\n\n      \n          <div class=\"event \"\n            data-id=\"1145\"\n            data-project=\"project_338_2017_12_12\"\n            data-title=\"Lunch med bes\u00f6k hos utst\u00e4llare (Klicka f\u00f6r mer information om Lunchm\u00f6ten)\"\n            data-abs-nbr=\"\"\n            data-ystart=\"12\"\n            data-yend=\"13.25\"\n            data-time=\"12:00-13:15\"\n            data-room=\"19\"\n            data-room-id=\"1008\"\n            data-room-name=\"Evenemangshallen\"\n            data-day=\"2\"\n            data-abs-path=\"\"\n            data-speaker=\"\"\n            data-speakercell=\"\"\n            data-info=\"                  &lt;p&gt;Lunchm\u00f6ten&lt;br&gt;12.00-13.15&amp;nbsp; Lunch Acta Pediatrica&lt;br&gt;Sal 201&lt;\/p&gt;&lt;p&gt;12.00-13.15 \u00c5rsm\u00f6te f\u00f6r BLF delf\u00f6reningen f\u00f6r barninfektioner&lt;br&gt;Sal 202&lt;\/p&gt;                  &lt;p&gt;12.00-13.15&amp;nbsp; BLU Lunchm\u00f6te&lt;br&gt;Sal 203&lt;\/p&gt;                 &lt;br&gt;&lt;br&gt;\"\n            data-category=\"\"\n            data-category-ids=\"\"\n            data-span-all=\"1\"\n                      >\n\n            <div class=\"event_content\">\n              <div class=\"title\">\n                                <span>Lunch med bes\u00f6k hos utst\u00e4llare (Klicka f\u00f6r mer information om Lunchm\u00f6ten)<\/span>\n              <\/div>\n              <div class=\"span_room\"><span>Evenemangshallen<br\/><\/span><\/div>\n              <div class=\"time\">\n                <span>\n                  12:00-13:15                <\/span><\/div>\n\n              \n            <\/div>\n\n\n            \n          <\/div>\n\n      \n          <div class=\"event \"\n            data-id=\"1125\"\n            data-project=\"project_338_2017_12_12\"\n            data-title=\"Allm\u00e4npediatrik och H\u00e4lsov\u00e5rd - Allergi och provokation\"\n            data-abs-nbr=\"\"\n            data-ystart=\"13.25\"\n            data-yend=\"14\"\n            data-time=\"13:15-14:00\"\n            data-room=\"0\"\n            data-room-id=\"1018\"\n            data-room-name=\"Stora Kongresshallen\"\n            data-day=\"2\"\n            data-abs-path=\"\"\n            data-speaker=\"Anna  Winberg,  Barnallergolog , Norrlands Universitetssjukhus, Ume\u00e5\"\n            data-speakercell=\"Anna  Winberg,  Barnallergolog , Norrlands Universitetssjukhus, Ume\u00e5\"\n            data-info=\"                  &lt;p&gt;Allergi och provokation, forskningsresultat och v\u00e5dan av att inte diagnosticera och f\u00f6lja upp dessa barn p\u00e5 ett adekvat s\u00e4tt?&lt;\/p&gt;                 &lt;br&gt;&lt;br&gt;\"\n            data-category=\"F\u00f6rel\u00e4sning\"\n            data-category-ids=\"1002\"\n            data-span-all=\"\"\n                      >\n\n            <div class=\"event_content\">\n              <div class=\"title\">\n                                <span>Allm\u00e4npediatrik och H\u00e4lsov\u00e5rd - Allergi och provokation<\/span>\n              <\/div>\n              <div class=\"span_room\"><span><\/span><\/div>\n              <div class=\"time\">\n                <span>\n                  13:15-14:00                <\/span><\/div>\n\n              <div class=\"lecturer\"><span>Anna  Winberg,  Barnallergolog , Norrlands Universitetssjukhus, Ume\u00e5<\/span><\/div>\n            <\/div>\n\n\n                                <div style=\"background-color:#B2FF78; position: absolute !important ; height: 4px !important; left: 4px; right: 4px; bottom : 2px !important;  border\"><\/div>\n            \n          <\/div>\n\n      \n          <div class=\"event \"\n            data-id=\"1166\"\n            data-project=\"project_338_2017_12_12\"\n            data-title=\"Allergi - Anafylaxi och adrenalinpennor\"\n            data-abs-nbr=\"\"\n            data-ystart=\"13.25\"\n            data-yend=\"14\"\n            data-time=\"13:15-14:00\"\n            data-room=\"8\"\n            data-room-id=\"1025\"\n            data-room-name=\"Sal 107\"\n            data-day=\"2\"\n            data-abs-path=\"\"\n            data-speaker=\"Maija Wedenberg, Barnl\u00e4kare och allergiteamet; Marie-Louise Andersson, Barnsjuksk\u00f6terska, Barn- och ungdomskliniken V\u00e4ster\u00e5s; Jenny Lindbom, Barnsjuksk\u00f6terska, Barn- och ungdomskliniken V\u00e4ster\u00e5s\"\n            data-speakercell=\"Maija Wedenberg, Barnl\u00e4kare och allergiteamet; Marie-Louise Andersson, Barnsjuksk\u00f6terska, Barn- och ungdomskliniken V\u00e4ster\u00e5s; Jenny Lindbom, Barnsjuksk\u00f6terska, Barn- och ungdomskliniken V\u00e4ster\u00e5s\"\n            data-info=\"                  &lt;p&gt;Anafylaxi - omh\u00e4ndertagande utanf\u00f6r och p\u00e5 kliniken samt genomg\u00e5ng av patientinformation och adrenalinpennor&lt;\/p&gt;                  &lt;table&gt;                   &lt;tbody&gt;                    &lt;tr&gt;                     &lt;td&gt;Specialist i barnmedicin sedan 1986. Specialintresse allergologi.&lt;\/td&gt;                    &lt;\/tr&gt;                   &lt;\/tbody&gt;                  &lt;\/table&gt;                  &lt;br&gt;                  &lt;span style=&quot;font-style: italic;&quot;&gt;Samma workshop arrangeras vid fler tillf\u00e4llen. &lt;\/span&gt;                 &lt;br&gt;&lt;br&gt;\"\n            data-category=\"Workshop\"\n            data-category-ids=\"1003\"\n            data-span-all=\"\"\n                      >\n\n            <div class=\"event_content\">\n              <div class=\"title\">\n                                <span>Allergi - Anafylaxi och adrenalinpennor<\/span>\n              <\/div>\n              <div class=\"span_room\"><span><\/span><\/div>\n              <div class=\"time\">\n                <span>\n                  13:15-14:00                <\/span><\/div>\n\n              <div class=\"lecturer\"><span>Maija Wedenberg, Barnl\u00e4kare och allergiteamet; Marie-Louise Andersson, Barnsjuksk\u00f6terska, Barn- och ungdomskliniken V\u00e4ster\u00e5s; Jenny Lindbom, Barnsjuksk\u00f6terska, Barn- och ungdomskliniken V\u00e4ster\u00e5s<\/span><\/div>\n            <\/div>\n\n\n                                <div style=\"background-color:#B2A1C9; position: absolute !important ; height: 4px !important; left: 4px; right: 4px; bottom : 2px !important;  border\"><\/div>\n            \n          <\/div>\n\n      \n          <div class=\"event \"\n            data-id=\"1339\"\n            data-project=\"project_338_2017_12_12\"\n            data-title=\"Neurologi: aEEG och EEG \u00f6vervakning hos barn och nyf\u00f6dda \u2013 teori del 1\"\n            data-abs-nbr=\"\"\n            data-ystart=\"13.25\"\n            data-yend=\"14\"\n            data-time=\"13:15-14:00\"\n            data-room=\"10\"\n            data-room-id=\"1022\"\n            data-room-name=\"Sal 109\"\n            data-day=\"2\"\n            data-abs-path=\"\"\n            data-speaker=\"Roland Flink, Docent, neurofysiolog, Akademiska sjukhuset, Uppsala; Lena Hellstr\u00f6m-Westas\"\n            data-speakercell=\"Roland Flink, Docent, neurofysiolog, Akademiska sjukhuset, Uppsala; Lena Hellstr\u00f6m-Westas\"\n            data-info=\"                  &lt;p&gt;Fallbeskrivning neonatala kramper&lt;\/p&gt;                  &lt;table&gt;                   &lt;tbody&gt;                    &lt;tr&gt;                     &lt;td&gt;&lt;p&gt;CFM: Kontinuerlig EEG registrering med trendmonitorering, aEEG.&lt;\/p&gt;                      &lt;table&gt;                       &lt;tbody&gt;                        &lt;tr&gt;                         &lt;td&gt;&lt;\/td&gt;                        &lt;\/tr&gt;                       &lt;\/tbody&gt;                      &lt;\/table&gt;&lt;p&gt;&lt;br&gt;&lt;\/p&gt;                      &lt;table&gt;                       &lt;tbody&gt;                        &lt;tr&gt;                         &lt;td&gt;&lt;\/td&gt;                        &lt;\/tr&gt;                       &lt;\/tbody&gt;                      &lt;\/table&gt;                      &lt;table&gt;                       &lt;tbody&gt;                        &lt;tr&gt;                         &lt;td&gt;&lt;\/td&gt;                        &lt;\/tr&gt;                       &lt;\/tbody&gt;                      &lt;\/table&gt;                      &lt;table&gt;                       &lt;tbody&gt;                        &lt;tr&gt;                         &lt;td&gt;&lt;\/td&gt;                        &lt;\/tr&gt;                       &lt;\/tbody&gt;                      &lt;\/table&gt;&lt;\/td&gt;                    &lt;\/tr&gt;                   &lt;\/tbody&gt;                  &lt;\/table&gt;                 &lt;br&gt;&lt;br&gt;\"\n            data-category=\"F\u00f6rel\u00e4sning\"\n            data-category-ids=\"1002\"\n            data-span-all=\"\"\n                      >\n\n            <div class=\"event_content\">\n              <div class=\"title\">\n                                <span>Neurologi: aEEG och EEG \u00f6vervakning hos barn och nyf\u00f6dda \u2013 teori del 1<\/span>\n              <\/div>\n              <div class=\"span_room\"><span><\/span><\/div>\n              <div class=\"time\">\n                <span>\n                  13:15-14:00                <\/span><\/div>\n\n              <div class=\"lecturer\"><span>Roland Flink, Docent, neurofysiolog, Akademiska sjukhuset, Uppsala; Lena Hellstr\u00f6m-Westas<\/span><\/div>\n            <\/div>\n\n\n                                <div style=\"background-color:#B2FF78; position: absolute !important ; height: 4px !important; left: 4px; right: 4px; bottom : 2px !important;  border\"><\/div>\n            \n          <\/div>\n\n      \n          <div class=\"event \"\n            data-id=\"1150\"\n            data-project=\"project_338_2017_12_12\"\n            data-title=\"Neurologi\/habilitering - Etikseminarium \u00c4r full intensivv\u00e5rd alltid f\u00f6r barnets b\u00e4sta?-Etiska fr\u00e5gor kring de neurologiskt sv\u00e5rast sjuka barnen.\"\n            data-abs-nbr=\"\"\n            data-ystart=\"13.25\"\n            data-yend=\"14\"\n            data-time=\"13:15-14:00\"\n            data-room=\"1\"\n            data-room-id=\"1021\"\n            data-room-name=\"Lilla Kongresshallen\"\n            data-day=\"2\"\n            data-abs-path=\"\"\n            data-speaker=\"Niklas  Juth, Docent, Medicinsk etik, Karolinska institutet; \u00c5sa \u00d6stlund, BarnIVA-l\u00e4kare, Astrid Lindgrens barnsjukhus, Stockholm; \u00c5sa Eriksson, Barnneurolog, Astrid Lindgrens barnsjukhus, Stockholm\"\n            data-speakercell=\"Niklas  Juth, Docent, Medicinsk etik, Karolinska institutet; \u00c5sa \u00d6stlund, BarnIVA-l\u00e4kare, Astrid Lindgrens barnsjukhus, Stockholm; \u00c5sa Eriksson, Barnneurolog, Astrid Lindgrens barnsjukhus, Stockholm\"\n            data-info=\"&lt;b&gt;Moderatorer: &lt;\/b&gt;Ylva \u00d6hrner, Barnneurolog, Barnkliniken V\u00e4ster\u00e5s&lt;br&gt;&lt;br&gt;                  &lt;p&gt;\u00c4r full intensivv\u00e5rd alltid f\u00f6r barnets b\u00e4sta? -Etiska fr\u00e5gor kring de neurologiskt sv\u00e5rast sjuka barnen.&lt;\/p&gt;                  &lt;p&gt;Introduktion och fallbeskrivningar&lt;\/p&gt;                 &lt;br&gt;&lt;br&gt;\"\n            data-category=\"Seminarium\/Paneldebatt\"\n            data-category-ids=\"1006\"\n            data-span-all=\"\"\n                      >\n\n            <div class=\"event_content\">\n              <div class=\"title\">\n                                <span>Neurologi\/habilitering - Etikseminarium \u00c4r full intensivv\u00e5rd alltid f\u00f6r barnets b\u00e4sta?-Etiska fr\u00e5gor kring de neurologiskt sv\u00e5rast sjuka barnen.<\/span>\n              <\/div>\n              <div class=\"span_room\"><span><\/span><\/div>\n              <div class=\"time\">\n                <span>\n                  13:15-14:00                <\/span><\/div>\n\n              <div class=\"lecturer\"><span>Niklas  Juth, Docent, Medicinsk etik, Karolinska institutet; \u00c5sa \u00d6stlund, BarnIVA-l\u00e4kare, Astrid Lindgrens barnsjukhus, Stockholm; \u00c5sa Eriksson, Barnneurolog, Astrid Lindgrens barnsjukhus, Stockholm<\/span><\/div>\n            <\/div>\n\n\n                                <div style=\"background-color:#FFB217; position: absolute !important ; height: 4px !important; left: 4px; right: 4px; bottom : 2px !important;  border\"><\/div>\n            \n          <\/div>\n\n      \n          <div class=\"event \"\n            data-id=\"1190\"\n            data-project=\"project_338_2017_12_12\"\n            data-title=\"RfB \u00e5rsm\u00f6te\"\n            data-abs-nbr=\"\"\n            data-ystart=\"13.25\"\n            data-yend=\"14.833333333333\"\n            data-time=\"13:15-14:50\"\n            data-room=\"12\"\n            data-room-id=\"1033\"\n            data-room-name=\"Sal 201\"\n            data-day=\"2\"\n            data-abs-path=\"\"\n            data-speaker=\"\"\n            data-speakercell=\"\"\n            data-info=\"&lt;b&gt;Moderatorer: &lt;\/b&gt;Helena Wigert, Barnsjuksk\u00f6terska &amp; Docent&lt;br&gt;&lt;br&gt;                  &lt;p&gt;RfB \u00e5rsm\u00f6te&lt;br&gt;&lt;\/p&gt;                 &lt;br&gt;&lt;br&gt;\"\n            data-category=\"M\u00f6te\"\n            data-category-ids=\"1004\"\n            data-span-all=\"\"\n                      >\n\n            <div class=\"event_content\">\n              <div class=\"title\">\n                                <span>RfB \u00e5rsm\u00f6te<\/span>\n              <\/div>\n              <div class=\"span_room\"><span><\/span><\/div>\n              <div class=\"time\">\n                <span>\n                  13:15-14:50                <\/span><\/div>\n\n              \n            <\/div>\n\n\n                                <div style=\"background-color:#FFFA5C; position: absolute !important ; height: 4px !important; left: 4px; right: 4px; bottom : 2px !important;  border\"><\/div>\n            \n          <\/div>\n\n      \n          <div class=\"event \"\n            data-id=\"1248\"\n            data-project=\"project_338_2017_12_12\"\n            data-title=\"Barnakut-teamtr\u00e4ning\"\n            data-abs-nbr=\"\"\n            data-ystart=\"13.25\"\n            data-yend=\"14.833333333333\"\n            data-time=\"13:15-14:50\"\n            data-room=\"6\"\n            data-room-id=\"1031\"\n            data-room-name=\"Sal 103\"\n            data-day=\"2\"\n            data-abs-path=\"\"\n            data-speaker=\"David Moritz, ST-l\u00e4kare, Barn- & Ungdomskliniken V\u00e4ster\u00e5s; Johan M\u00e4kk, \u00d6verl\u00e4kare; Maria Dahlgren, Sjuksk\u00f6terska, Barnkliniken V\u00e4ster\u00e5s\"\n            data-speakercell=\"David Moritz, ST-l\u00e4kare, Barn- & Ungdomskliniken V\u00e4ster\u00e5s; Johan M\u00e4kk, \u00d6verl\u00e4kare; Maria Dahlgren, Sjuksk\u00f6terska, Barnkliniken V\u00e4ster\u00e5s\"\n            data-info=\"                  &lt;p&gt;Akutpediatriska fall isimulerad milj\u00f6, d\u00e4r l\u00e4kare och sjuksk\u00f6terskor tillsammans f\u00e5r testateamtr\u00e4ning s\u00e5 som vi g\u00f6r i V\u00e4ster\u00e5s. &lt;\/p&gt;                  &lt;p&gt;M\u00e5ls\u00e4ttning: tv\u00e5 l\u00e4kare och sexsjuksk\u00f6terskor per grupp&lt;\/p&gt;                 &lt;p&gt;&lt;span style=&quot;font-style: italic;&quot;&gt;Samma workshop arrangeras vid fler tillf\u00e4llen&lt;\/span&gt;.&lt;br&gt;&lt;\/p&gt;                 &lt;br&gt;&lt;br&gt;\"\n            data-category=\"Workshop\"\n            data-category-ids=\"1003\"\n            data-span-all=\"\"\n                      >\n\n            <div class=\"event_content\">\n              <div class=\"title\">\n                                <span>Barnakut-teamtr\u00e4ning<\/span>\n              <\/div>\n              <div class=\"span_room\"><span><\/span><\/div>\n              <div class=\"time\">\n                <span>\n                  13:15-14:50                <\/span><\/div>\n\n              <div class=\"lecturer\"><span>David Moritz, ST-l\u00e4kare, Barn- & Ungdomskliniken V\u00e4ster\u00e5s; Johan M\u00e4kk, \u00d6verl\u00e4kare; Maria Dahlgren, Sjuksk\u00f6terska, Barnkliniken V\u00e4ster\u00e5s<\/span><\/div>\n            <\/div>\n\n\n                                <div style=\"background-color:#B2A1C9; position: absolute !important ; height: 4px !important; left: 4px; right: 4px; bottom : 2px !important;  border\"><\/div>\n            \n          <\/div>\n\n      \n          <div class=\"event \"\n            data-id=\"1135\"\n            data-project=\"project_338_2017_12_12\"\n            data-title=\"Barnvaccin - F\u00f6r tidigt, f\u00f6r sent eller inte alls\"\n            data-abs-nbr=\"\"\n            data-ystart=\"13.25\"\n            data-yend=\"14.833333333333\"\n            data-time=\"13:15-14:50\"\n            data-room=\"11\"\n            data-room-id=\"1029\"\n            data-room-name=\"Sal 110\"\n            data-day=\"2\"\n            data-abs-path=\"\"\n            data-speaker=\"Kathy Falkenstein-Hagander, Dr med, Kunskapcentrum Barnh\u00e4lsov\u00e5rd, Region Sk\u00e5ne; Ann-Sofie Cavefors, Barnh\u00e4lsov\u00e5rds\u00f6verl\u00e4kare, V\u00e4stra G\u00f6taland\"\n            data-speakercell=\"Kathy Falkenstein-Hagander, Dr med, Kunskapcentrum Barnh\u00e4lsov\u00e5rd, Region Sk\u00e5ne; Ann-Sofie Cavefors, Barnh\u00e4lsov\u00e5rds\u00f6verl\u00e4kare, V\u00e4stra G\u00f6taland\"\n            data-info=\"                  &lt;p&gt;Barnvaccin&lt;\/p&gt;                  &lt;p&gt;F\u00f6r tidigt, f\u00f6r sent eller inte alls - barn som inte f\u00f6ljer barnvaccinationsprogram&lt;\/p&gt;                 &lt;p&gt;Komplettering av vaccinationer f\u00f6r barn som inte f\u00f6ljt barnvaccinationsprogrammet&lt;\/p&gt;                 &lt;p&gt;&amp;nbsp;&lt;\/p&gt;                 &lt;br&gt;&lt;br&gt;\"\n            data-category=\"Workshop\"\n            data-category-ids=\"1003\"\n            data-span-all=\"\"\n                      >\n\n            <div class=\"event_content\">\n              <div class=\"title\">\n                                <span>Barnvaccin - F\u00f6r tidigt, f\u00f6r sent eller inte alls<\/span>\n              <\/div>\n              <div class=\"span_room\"><span><\/span><\/div>\n              <div class=\"time\">\n                <span>\n                  13:15-14:50                <\/span><\/div>\n\n              <div class=\"lecturer\"><span>Kathy Falkenstein-Hagander, Dr med, Kunskapcentrum Barnh\u00e4lsov\u00e5rd, Region Sk\u00e5ne; Ann-Sofie Cavefors, Barnh\u00e4lsov\u00e5rds\u00f6verl\u00e4kare, V\u00e4stra G\u00f6taland<\/span><\/div>\n            <\/div>\n\n\n                                <div style=\"background-color:#B2A1C9; position: absolute !important ; height: 4px !important; left: 4px; right: 4px; bottom : 2px !important;  border\"><\/div>\n            \n          <\/div>\n\n      \n          <div class=\"event \"\n            data-id=\"1132\"\n            data-project=\"project_338_2017_12_12\"\n            data-title=\"Hematologi - Hemolytisk anemi samt fall\"\n            data-abs-nbr=\"\"\n            data-ystart=\"13.25\"\n            data-yend=\"14.833333333333\"\n            data-time=\"13:15-14:50\"\n            data-room=\"9\"\n            data-room-id=\"1026\"\n            data-room-name=\"Sal 108\"\n            data-day=\"2\"\n            data-abs-path=\"\"\n            data-speaker=\"Ulf Tedg\u00e5rd, PhD, Barnl\u00e4kare, Lund; Annika M\u00e5rtensson, Barnl\u00e4kare, Lund; Per Frisk, Docent, Barnl\u00e4kare, Akademiska barnsjukhuset, Uppsala; Josefin Palle, Barnl\u00e4kare, Akademiska barnsjukhuset, Uppsala\"\n            data-speakercell=\"Ulf Tedg\u00e5rd, PhD, Barnl\u00e4kare, Lund; Annika M\u00e5rtensson, Barnl\u00e4kare, Lund; Per Frisk, Docent, Barnl\u00e4kare, Akademiska barnsjukhuset, Uppsala; Josefin Palle, Barnl\u00e4kare, Akademiska barnsjukhuset, Uppsala\"\n            data-info=\"                  &lt;p&gt;Hemolytisk anemi - Sherlock Holmes fall med diskussion kring utredning, handl\u00e4ggning och behandling&lt;\/p&gt;                 &lt;br&gt;&lt;br&gt;\"\n            data-category=\"F\u00f6rel\u00e4sning\"\n            data-category-ids=\"1002\"\n            data-span-all=\"\"\n                      >\n\n            <div class=\"event_content\">\n              <div class=\"title\">\n                                <span>Hematologi - Hemolytisk anemi samt fall<\/span>\n              <\/div>\n              <div class=\"span_room\"><span><\/span><\/div>\n              <div class=\"time\">\n                <span>\n                  13:15-14:50                <\/span><\/div>\n\n              <div class=\"lecturer\"><span>Ulf Tedg\u00e5rd, PhD, Barnl\u00e4kare, Lund; Annika M\u00e5rtensson, Barnl\u00e4kare, Lund; Per Frisk, Docent, Barnl\u00e4kare, Akademiska barnsjukhuset, Uppsala; Josefin Palle, Barnl\u00e4kare, Akademiska barnsjukhuset, Uppsala<\/span><\/div>\n            <\/div>\n\n\n                                <div style=\"background-color:#B2FF78; position: absolute !important ; height: 4px !important; left: 4px; right: 4px; bottom : 2px !important;  border\"><\/div>\n            \n          <\/div>\n\n      \n          <div class=\"event \"\n            data-id=\"1142\"\n            data-project=\"project_338_2017_12_12\"\n            data-title=\"Clownetterna - Barnkonspirationen - en barnlig musikal\"\n            data-abs-nbr=\"\"\n            data-ystart=\"13.25\"\n            data-yend=\"14\"\n            data-time=\"13:15-14:00\"\n            data-room=\"2\"\n            data-room-id=\"1023\"\n            data-room-name=\"Lilla Salen\"\n            data-day=\"2\"\n            data-abs-path=\"\"\n            data-speaker=\"Pia \"Dr Musik\" Degr\u00e9us, Sjukhusclown, Clownetterna; Jenny \"Hopp-San\" Carlsson, Sjukhusclown, Clownetterna; Kristian \"Krusbert\" Elmeskog, Sjukhusclown, Clownetterna; Lina \"LillaSyster\" Degr\u00e9us, Sjukhusclown, Clownetterna; Adam \"Hemling\" Brom\u00e9e, Sjukhusclown, Clownetterna\"\n            data-speakercell=\"Pia \"Dr Musik\" Degr\u00e9us, Sjukhusclown, Clownetterna; Jenny \"Hopp-San\" Carlsson, Sjukhusclown, Clownetterna; Kristian \"Krusbert\" Elmeskog, Sjukhusclown, Clownetterna; Lina \"LillaSyster\" Degr\u00e9us, Sjukhusclown, Clownetterna; Adam \"Hemling\" Brom\u00e9e, Sjukhusclown, Clownetterna\"\n            data-info=\"                  &lt;p&gt;En musikal som vill unders\u00f6ka barns b\u00e4sta utifr\u00e5n Barnkonventionens olika perspektiv. Hur sjukhusmilj\u00f6n, kulturella skillnader och bem\u00f6tande kan upplevas olika beroende p\u00e5 vem du \u00e4r; barn, f\u00f6r\u00e4lder eller personal.&lt;br&gt;&lt;\/p&gt;                  &lt;p&gt;Skriven, producerad och framf\u00f6rd av Clownetterna, V\u00e4ster\u00e5s&amp;nbsp;&lt;\/p&gt;&lt;p&gt;&lt;span style=&quot;font-style: italic;&quot;&gt;Samma workshop arrangeras vid fler tillf\u00e4llen.&lt;\/span&gt;&lt;br&gt;&lt;\/p&gt;                 &lt;br&gt;&lt;br&gt;\"\n            data-category=\"Workshop\"\n            data-category-ids=\"1003\"\n            data-span-all=\"\"\n                      >\n\n            <div class=\"event_content\">\n              <div class=\"title\">\n                                <span>Clownetterna - Barnkonspirationen - en barnlig musikal<\/span>\n              <\/div>\n              <div class=\"span_room\"><span><\/span><\/div>\n              <div class=\"time\">\n                <span>\n                  13:15-14:00                <\/span><\/div>\n\n              <div class=\"lecturer\"><span>Pia \"Dr Musik\" Degr\u00e9us, Sjukhusclown, Clownetterna; Jenny \"Hopp-San\" Carlsson, Sjukhusclown, Clownetterna; Kristian \"Krusbert\" Elmeskog, Sjukhusclown, Clownetterna; Lina \"LillaSyster\" Degr\u00e9us, Sjukhusclown, Clownetterna; Adam \"Hemling\" Brom\u00e9e, Sjukhusclown, Clownetterna<\/span><\/div>\n            <\/div>\n\n\n                                <div style=\"background-color:#B2A1C9; position: absolute !important ; height: 4px !important; left: 4px; right: 4px; bottom : 2px !important;  border\"><\/div>\n            \n          <\/div>\n\n      \n          <div class=\"event \"\n            data-id=\"1192\"\n            data-project=\"project_338_2017_12_12\"\n            data-title=\"Barn och l\u00e4kemedel - N\u00e4r FASS inte r\u00e4cker\"\n            data-abs-nbr=\"\"\n            data-ystart=\"13.25\"\n            data-yend=\"14\"\n            data-time=\"13:15-14:00\"\n            data-room=\"5\"\n            data-room-id=\"1020\"\n            data-room-name=\"Sal 302\"\n            data-day=\"2\"\n            data-abs-path=\"\"\n            data-speaker=\"Estelle Naumburg, Barnl\u00e4kare, lektor Ume\u00e5; Synn\u00f6ve Lindemalm, Barnl\u00e4kare, klinisk Farmakolog, Karolinska institutet Stockholm\"\n            data-speakercell=\"Estelle Naumburg, Barnl\u00e4kare, lektor Ume\u00e5; Synn\u00f6ve Lindemalm, Barnl\u00e4kare, klinisk Farmakolog, Karolinska institutet Stockholm\"\n            data-info=\"                  &lt;p&gt;Specialistniv\u00e5.&lt;\/p&gt;                  &lt;p&gt;Denna workshop tar upp off-label behandling av l\u00e4kemedel.&lt;\/p&gt;                 &lt;p&gt;&lt;span style=&quot;font-style: italic;&quot;&gt;Samma workshop arrangeras vid fler tillf\u00e4llen.&lt;\/span&gt;&lt;br&gt;&lt;\/p&gt;                 &lt;br&gt;&lt;br&gt;\"\n            data-category=\"Workshop\"\n            data-category-ids=\"1003\"\n            data-span-all=\"\"\n                      >\n\n            <div class=\"event_content\">\n              <div class=\"title\">\n                                <span>Barn och l\u00e4kemedel - N\u00e4r FASS inte r\u00e4cker<\/span>\n              <\/div>\n              <div class=\"span_room\"><span><\/span><\/div>\n              <div class=\"time\">\n                <span>\n                  13:15-14:00                <\/span><\/div>\n\n              <div class=\"lecturer\"><span>Estelle Naumburg, Barnl\u00e4kare, lektor Ume\u00e5; Synn\u00f6ve Lindemalm, Barnl\u00e4kare, klinisk Farmakolog, Karolinska institutet Stockholm<\/span><\/div>\n            <\/div>\n\n\n                                <div style=\"background-color:#B2A1C9; position: absolute !important ; height: 4px !important; left: 4px; right: 4px; bottom : 2px !important;  border\"><\/div>\n            \n          <\/div>\n\n      \n          <div class=\"event \"\n            data-id=\"1117\"\n            data-project=\"project_338_2017_12_12\"\n            data-title=\"Global h\u00e4lsa - Tropisk feber p\u00e5 akuten i Europa och Afrika \"\n            data-abs-nbr=\"\"\n            data-ystart=\"13.25\"\n            data-yend=\"14\"\n            data-time=\"13:15-14:00\"\n            data-room=\"3\"\n            data-room-id=\"1024\"\n            data-room-name=\"H\u00f6rsalen\"\n            data-day=\"2\"\n            data-abs-path=\"\"\n            data-speaker=\"Kristina Elfving, Barnl\u00e4kare, Drottning Silvias barn- och ungdomssjukhus G\u00f6teborg\"\n            data-speakercell=\"Kristina Elfving, Barnl\u00e4kare, Drottning Silvias barn- och ungdomssjukhus G\u00f6teborg\"\n            data-info=\"&lt;b&gt;Moderatorer: &lt;\/b&gt;Britt Gustafsson, Professor, Barnl\u00e4kare, Akademiska barnsjukhuset, Karolinska institutet&lt;br&gt;&lt;br&gt;                  &lt;p&gt;&amp;nbsp;&lt;\/p&gt;                 &lt;br&gt;&lt;br&gt;\"\n            data-category=\"F\u00f6rel\u00e4sning\"\n            data-category-ids=\"1002\"\n            data-span-all=\"\"\n                      >\n\n            <div class=\"event_content\">\n              <div class=\"title\">\n                                <span>Global h\u00e4lsa - Tropisk feber p\u00e5 akuten i Europa och Afrika <\/span>\n              <\/div>\n              <div class=\"span_room\"><span><\/span><\/div>\n              <div class=\"time\">\n                <span>\n                  13:15-14:00                <\/span><\/div>\n\n              <div class=\"lecturer\"><span>Kristina Elfving, Barnl\u00e4kare, Drottning Silvias barn- och ungdomssjukhus G\u00f6teborg<\/span><\/div>\n            <\/div>\n\n\n                                <div style=\"background-color:#B2FF78; position: absolute !important ; height: 4px !important; left: 4px; right: 4px; bottom : 2px !important;  border\"><\/div>\n            \n          <\/div>\n\n      \n          <div class=\"event \"\n            data-id=\"1158\"\n            data-project=\"project_338_2017_12_12\"\n            data-title=\" ACTA f\u00f6rel\u00e4sning-Pain in very preterm neonates : Long term effects on child brain, behavior and development\"\n            data-abs-nbr=\"\"\n            data-ystart=\"13.25\"\n            data-yend=\"14\"\n            data-time=\"13:15-14:00\"\n            data-room=\"4\"\n            data-room-id=\"1019\"\n            data-room-name=\"Sal 301\"\n            data-day=\"2\"\n            data-abs-path=\"\"\n            data-speaker=\"Ruth Grunau, Professor, University of British Columbia, Vancuver, Canada\"\n            data-speakercell=\"Ruth Grunau, Professor, University of British Columbia, Vancuver, Canada\"\n            data-info=\"&lt;b&gt;Moderatorer: &lt;\/b&gt;Hugo Lagercrantz, Professor, Karolinska institutet, Stockholm&lt;br&gt;&lt;br&gt;                  &amp;nbsp;&amp;nbsp;&amp;nbsp;&amp;nbsp;&amp;nbsp;&amp;nbsp;&amp;nbsp;&amp;nbsp;&amp;nbsp;&amp;nbsp;&amp;nbsp;&amp;nbsp;&amp;nbsp;&amp;nbsp;&amp;nbsp;&amp;nbsp;                  &lt;p&gt;Pain in very preterm neonates: Long term effects on child brain, behavior and development.&lt;\/p&gt;Grunau,&amp;nbsp;Ruth&amp;nbsp;                  &lt;div&gt;                   &lt;div&gt;                    Investigator, BC Children's Hospital                    &lt;br&gt;                   &lt;\/div&gt;                   &lt;div&gt;                    &lt;p&gt;Professor, Division of Neonatology, Department of Pediatrics, and Associate Member, Department of Psychology, University of British Columbia, Vancouver, Canada&lt;\/p&gt;                   &lt;\/div&gt;                  &lt;\/div&gt;                 &lt;br&gt;&lt;br&gt;\"\n            data-category=\"F\u00f6rel\u00e4sning\"\n            data-category-ids=\"1002\"\n            data-span-all=\"\"\n                      >\n\n            <div class=\"event_content\">\n              <div class=\"title\">\n                                <span> ACTA f\u00f6rel\u00e4sning-Pain in very preterm neonates : Long term effects on child brain, behavior and development<\/span>\n              <\/div>\n              <div class=\"span_room\"><span><\/span><\/div>\n              <div class=\"time\">\n                <span>\n                  13:15-14:00                <\/span><\/div>\n\n              <div class=\"lecturer\"><span>Ruth Grunau, Professor, University of British Columbia, Vancuver, Canada<\/span><\/div>\n            <\/div>\n\n\n                                <div style=\"background-color:#B2FF78; position: absolute !important ; height: 4px !important; left: 4px; right: 4px; bottom : 2px !important;  border\"><\/div>\n            \n          <\/div>\n\n      \n          <div class=\"event \"\n            data-id=\"1340\"\n            data-project=\"project_338_2017_12_12\"\n            data-title=\"Neurologi: aEEG och EEG \u00f6vervakning hos barn och nyf\u00f6dda \u2013 teori del 2\"\n            data-abs-nbr=\"\"\n            data-ystart=\"14.083333333333\"\n            data-yend=\"14.833333333333\"\n            data-time=\"14:05-14:50\"\n            data-room=\"10\"\n            data-room-id=\"1022\"\n            data-room-name=\"Sal 109\"\n            data-day=\"2\"\n            data-abs-path=\"\"\n            data-speaker=\"Roland Flink, Docent, neurofysiolog, Akademiska sjukhuset, Uppsala; Lena Hellstr\u00f6m-Westas\"\n            data-speakercell=\"Roland Flink, Docent, neurofysiolog, Akademiska sjukhuset, Uppsala; Lena Hellstr\u00f6m-Westas\"\n            data-info=\"                 &lt;p&gt;Fallbeskrivning neonatala kramper&lt;\/p&gt;                 &lt;table&gt;                  &lt;tbody&gt;                   &lt;tr&gt;                    &lt;td&gt;&lt;p&gt;CFM: Kontinuerlig EEG registrering med trendmonitorering, aEEG.&lt;\/p&gt;                     &lt;table&gt;                      &lt;tbody&gt;                       &lt;tr&gt;                        &lt;td&gt;&lt;\/td&gt;                       &lt;\/tr&gt;                      &lt;\/tbody&gt;                     &lt;\/table&gt;&lt;p&gt;&lt;br&gt;&lt;\/p&gt;                     &lt;table&gt;                      &lt;tbody&gt;                       &lt;tr&gt;                        &lt;td&gt;&lt;\/td&gt;                       &lt;\/tr&gt;                      &lt;\/tbody&gt;                     &lt;\/table&gt;                     &lt;table&gt;                      &lt;tbody&gt;                       &lt;tr&gt;                        &lt;td&gt;&lt;\/td&gt;                       &lt;\/tr&gt;                      &lt;\/tbody&gt;                     &lt;\/table&gt;                     &lt;table&gt;                      &lt;tbody&gt;                       &lt;tr&gt;                        &lt;td&gt;&lt;\/td&gt;                       &lt;\/tr&gt;                      &lt;\/tbody&gt;                     &lt;\/table&gt;&lt;\/td&gt;                   &lt;\/tr&gt;                  &lt;\/tbody&gt;                 &lt;\/table&gt;                 &lt;table&gt;                  &lt;tbody&gt;                   &lt;tr&gt;&lt;\/tr&gt;                  &lt;\/tbody&gt;                 &lt;\/table&gt;                 &lt;br&gt;&lt;br&gt;\"\n            data-category=\"F\u00f6rel\u00e4sning\"\n            data-category-ids=\"1002\"\n            data-span-all=\"\"\n                      >\n\n            <div class=\"event_content\">\n              <div class=\"title\">\n                                <span>Neurologi: aEEG och EEG \u00f6vervakning hos barn och nyf\u00f6dda \u2013 teori del 2<\/span>\n              <\/div>\n              <div class=\"span_room\"><span><\/span><\/div>\n              <div class=\"time\">\n                <span>\n                  14:05-14:50                <\/span><\/div>\n\n              <div class=\"lecturer\"><span>Roland Flink, Docent, neurofysiolog, Akademiska sjukhuset, Uppsala; Lena Hellstr\u00f6m-Westas<\/span><\/div>\n            <\/div>\n\n\n                                <div style=\"background-color:#B2FF78; position: absolute !important ; height: 4px !important; left: 4px; right: 4px; bottom : 2px !important;  border\"><\/div>\n            \n          <\/div>\n\n      \n          <div class=\"event \"\n            data-id=\"1151\"\n            data-project=\"project_338_2017_12_12\"\n            data-title=\"Neurologi\/habilitering - Etikseminarium \u00c4r full intensivv\u00e5rd alltid f\u00f6r barnets b\u00e4sta?-Etiska fr\u00e5gor kring de neurologiskt sv\u00e5rast sjuka barnen.\"\n            data-abs-nbr=\"\"\n            data-ystart=\"14.083333333333\"\n            data-yend=\"14.833333333333\"\n            data-time=\"14:05-14:50\"\n            data-room=\"1\"\n            data-room-id=\"1021\"\n            data-room-name=\"Lilla Kongresshallen\"\n            data-day=\"2\"\n            data-abs-path=\"\"\n            data-speaker=\"Niklas  Juth, Docent, Medicinsk etik, Karolinska institutet; \u00c5sa Eriksson, Barnneurolog, Astrid Lindgrens barnsjukhus, Stockholm; \u00c5sa \u00d6stlund, BarnIVA-l\u00e4kare, Astrid Lindgrens barnsjukhus, Stockholm\"\n            data-speakercell=\"Niklas  Juth, Docent, Medicinsk etik, Karolinska institutet; \u00c5sa Eriksson, Barnneurolog, Astrid Lindgrens barnsjukhus, Stockholm; \u00c5sa \u00d6stlund, BarnIVA-l\u00e4kare, Astrid Lindgrens barnsjukhus, Stockholm\"\n            data-info=\"&lt;b&gt;Moderatorer: &lt;\/b&gt;Ylva \u00d6hrner, Barnneurolog, Barnkliniken V\u00e4ster\u00e5s&lt;br&gt;&lt;br&gt;                  &lt;p&gt;\u00c4r full intensivv\u00e5rd alltid f\u00f6r barnets b\u00e4sta?-Etiska fr\u00e5gor kring de neurologiskt sv\u00e5rast sjuka barnen.&lt;\/p&gt;                  &lt;p&gt;Etiska och juridiska aspekter&lt;\/p&gt;                  &lt;p&gt;Niklas Juth&lt;\/p&gt;                 &lt;br&gt;&lt;br&gt;\"\n            data-category=\"Seminarium\/Paneldebatt\"\n            data-category-ids=\"1006\"\n            data-span-all=\"\"\n                      >\n\n            <div class=\"event_content\">\n              <div class=\"title\">\n                                <span>Neurologi\/habilitering - Etikseminarium \u00c4r full intensivv\u00e5rd alltid f\u00f6r barnets b\u00e4sta?-Etiska fr\u00e5gor kring de neurologiskt sv\u00e5rast sjuka barnen.<\/span>\n              <\/div>\n              <div class=\"span_room\"><span><\/span><\/div>\n              <div class=\"time\">\n                <span>\n                  14:05-14:50                <\/span><\/div>\n\n              <div class=\"lecturer\"><span>Niklas  Juth, Docent, Medicinsk etik, Karolinska institutet; \u00c5sa Eriksson, Barnneurolog, Astrid Lindgrens barnsjukhus, Stockholm; \u00c5sa \u00d6stlund, BarnIVA-l\u00e4kare, Astrid Lindgrens barnsjukhus, Stockholm<\/span><\/div>\n            <\/div>\n\n\n                                <div style=\"background-color:#FFB217; position: absolute !important ; height: 4px !important; left: 4px; right: 4px; bottom : 2px !important;  border\"><\/div>\n            \n          <\/div>\n\n      \n          <div class=\"event \"\n            data-id=\"1167\"\n            data-project=\"project_338_2017_12_12\"\n            data-title=\"Allergi - Allt som l\u00e5ter \u00e4r inte astma\"\n            data-abs-nbr=\"\"\n            data-ystart=\"14.083333333333\"\n            data-yend=\"14.833333333333\"\n            data-time=\"14:05-14:50\"\n            data-room=\"8\"\n            data-room-id=\"1025\"\n            data-room-name=\"Sal 107\"\n            data-day=\"2\"\n            data-abs-path=\"\"\n            data-speaker=\"Mareike Fech-Bormann, Barnallergolog, Barnl\u00e4kare, Barn- och ungdomskliniken, V\u00e4ster\u00e5s\"\n            data-speakercell=\"Mareike Fech-Bormann, Barnallergolog, Barnl\u00e4kare, Barn- och ungdomskliniken, V\u00e4ster\u00e5s\"\n            data-info=\"                  &lt;p&gt;Fallbaserad workshop&amp;nbsp;&lt;\/p&gt;                  &lt;p&gt;Patientfall med mentometerfr\u00e5gor. Fokus p\u00e5 differentialdiagnos astma.&lt;\/p&gt;                 &lt;p&gt;&lt;span style=&quot;font-style: italic;&quot;&gt;Samma workshop arrangeras vid fler tillf\u00e4llen.&lt;\/span&gt;&lt;br&gt;&lt;\/p&gt;                 &lt;br&gt;&lt;br&gt;\"\n            data-category=\"Workshop\"\n            data-category-ids=\"1003\"\n            data-span-all=\"\"\n                      >\n\n            <div class=\"event_content\">\n              <div class=\"title\">\n                                <span>Allergi - Allt som l\u00e5ter \u00e4r inte astma<\/span>\n              <\/div>\n              <div class=\"span_room\"><span><\/span><\/div>\n              <div class=\"time\">\n                <span>\n                  14:05-14:50                <\/span><\/div>\n\n              <div class=\"lecturer\"><span>Mareike Fech-Bormann, Barnallergolog, Barnl\u00e4kare, Barn- och ungdomskliniken, V\u00e4ster\u00e5s<\/span><\/div>\n            <\/div>\n\n\n                                <div style=\"background-color:#B2A1C9; position: absolute !important ; height: 4px !important; left: 4px; right: 4px; bottom : 2px !important;  border\"><\/div>\n            \n          <\/div>\n\n      \n          <div class=\"event \"\n            data-id=\"1126\"\n            data-project=\"project_338_2017_12_12\"\n            data-title=\"Allm\u00e4npediatrik och H\u00e4lsov\u00e5rd - Kostintyg, om, hur och varf\u00f6r?\"\n            data-abs-nbr=\"\"\n            data-ystart=\"14.083333333333\"\n            data-yend=\"14.833333333333\"\n            data-time=\"14:05-14:50\"\n            data-room=\"0\"\n            data-room-id=\"1018\"\n            data-room-name=\"Stora Kongresshallen\"\n            data-day=\"2\"\n            data-abs-path=\"\"\n            data-speaker=\"Anna  Winberg,  Barnallergolog , Norrlands Universitetssjukhus, Ume\u00e5\"\n            data-speakercell=\"Anna  Winberg,  Barnallergolog , Norrlands Universitetssjukhus, Ume\u00e5\"\n            data-info=\"                  &lt;p&gt;Kostintyg-om, hur och varf\u00f6r?&lt;br&gt;&lt;\/p&gt;                 &lt;br&gt;&lt;br&gt;\"\n            data-category=\"F\u00f6rel\u00e4sning\"\n            data-category-ids=\"1002\"\n            data-span-all=\"\"\n                      >\n\n            <div class=\"event_content\">\n              <div class=\"title\">\n                                <span>Allm\u00e4npediatrik och H\u00e4lsov\u00e5rd - Kostintyg, om, hur och varf\u00f6r?<\/span>\n              <\/div>\n              <div class=\"span_room\"><span><\/span><\/div>\n              <div class=\"time\">\n                <span>\n                  14:05-14:50                <\/span><\/div>\n\n              <div class=\"lecturer\"><span>Anna  Winberg,  Barnallergolog , Norrlands Universitetssjukhus, Ume\u00e5<\/span><\/div>\n            <\/div>\n\n\n                                <div style=\"background-color:#B2FF78; position: absolute !important ; height: 4px !important; left: 4px; right: 4px; bottom : 2px !important;  border\"><\/div>\n            \n          <\/div>\n\n      \n          <div class=\"event \"\n            data-id=\"1159\"\n            data-project=\"project_338_2017_12_12\"\n            data-title=\"Barn och sm\u00e4rta - Dans och yoga f\u00f6r unga flickor med magsm\u00e4rta\"\n            data-abs-nbr=\"\"\n            data-ystart=\"14.083333333333\"\n            data-yend=\"14.833333333333\"\n            data-time=\"14:05-14:50\"\n            data-room=\"4\"\n            data-room-id=\"1019\"\n            data-room-name=\"Sal 301\"\n            data-day=\"2\"\n            data-abs-path=\"\"\n            data-speaker=\"Anna Duberg, Fysioterapeut, \u00d6rebro\"\n            data-speakercell=\"Anna Duberg, Fysioterapeut, \u00d6rebro\"\n            data-info=\"&lt;b&gt;Moderatorer: &lt;\/b&gt;Stefan Nilsson&lt;br&gt;&lt;br&gt;                  &lt;p&gt;Barn och sm\u00e4rta&lt;br&gt;&lt;\/p&gt;                 &lt;br&gt;&lt;br&gt;\"\n            data-category=\"F\u00f6rel\u00e4sning\"\n            data-category-ids=\"1002\"\n            data-span-all=\"\"\n                      >\n\n            <div class=\"event_content\">\n              <div class=\"title\">\n                                <span>Barn och sm\u00e4rta - Dans och yoga f\u00f6r unga flickor med magsm\u00e4rta<\/span>\n              <\/div>\n              <div class=\"span_room\"><span><\/span><\/div>\n              <div class=\"time\">\n                <span>\n                  14:05-14:50                <\/span><\/div>\n\n              <div class=\"lecturer\"><span>Anna Duberg, Fysioterapeut, \u00d6rebro<\/span><\/div>\n            <\/div>\n\n\n                                <div style=\"background-color:#B2FF78; position: absolute !important ; height: 4px !important; left: 4px; right: 4px; bottom : 2px !important;  border\"><\/div>\n            \n          <\/div>\n\n      \n          <div class=\"event \"\n            data-id=\"1118\"\n            data-project=\"project_338_2017_12_12\"\n            data-title=\"Global H\u00e4lsa - Tropisk feber p\u00e5 akuten i Europa och Afrika \"\n            data-abs-nbr=\"\"\n            data-ystart=\"14.083333333333\"\n            data-yend=\"14.833333333333\"\n            data-time=\"14:05-14:50\"\n            data-room=\"3\"\n            data-room-id=\"1024\"\n            data-room-name=\"H\u00f6rsalen\"\n            data-day=\"2\"\n            data-abs-path=\"\"\n            data-speaker=\"Kristina Elfving, Barnl\u00e4kare, Drottning Silvias barn- och ungdomssjukhus G\u00f6teborg\"\n            data-speakercell=\"Kristina Elfving, Barnl\u00e4kare, Drottning Silvias barn- och ungdomssjukhus G\u00f6teborg\"\n            data-info=\"&lt;b&gt;Moderatorer: &lt;\/b&gt;Britt Gustafsson, Professor, Barnl\u00e4kare, Akademiska barnsjukhuset, Karolinska institutet&lt;br&gt;&lt;br&gt;                  &lt;p&gt;&amp;nbsp;&lt;\/p&gt;                 &lt;br&gt;&lt;br&gt;\"\n            data-category=\"F\u00f6rel\u00e4sning\"\n            data-category-ids=\"1002\"\n            data-span-all=\"\"\n                      >\n\n            <div class=\"event_content\">\n              <div class=\"title\">\n                                <span>Global H\u00e4lsa - Tropisk feber p\u00e5 akuten i Europa och Afrika <\/span>\n              <\/div>\n              <div class=\"span_room\"><span><\/span><\/div>\n              <div class=\"time\">\n                <span>\n                  14:05-14:50                <\/span><\/div>\n\n              <div class=\"lecturer\"><span>Kristina Elfving, Barnl\u00e4kare, Drottning Silvias barn- och ungdomssjukhus G\u00f6teborg<\/span><\/div>\n            <\/div>\n\n\n                                <div style=\"background-color:#B2FF78; position: absolute !important ; height: 4px !important; left: 4px; right: 4px; bottom : 2px !important;  border\"><\/div>\n            \n          <\/div>\n\n      \n          <div class=\"event \"\n            data-id=\"1179\"\n            data-project=\"project_338_2017_12_12\"\n            data-title=\"Allm\u00e4npediatrik och H\u00e4lsov\u00e5rd - Eksemskola, sm\u00f6rjteknik \"\n            data-abs-nbr=\"\"\n            data-ystart=\"14.083333333333\"\n            data-yend=\"14.833333333333\"\n            data-time=\"14:05-14:50\"\n            data-room=\"7\"\n            data-room-id=\"1030\"\n            data-room-name=\"Sal 105\"\n            data-day=\"2\"\n            data-abs-path=\"\"\n            data-speaker=\"Anna  Bernholm, Barnsjuksk\u00f6terska med specialitet inom astma, allergi och eksem. Barnkliniken \u00d6stersunds sjukhus\"\n            data-speakercell=\"Anna  Bernholm, Barnsjuksk\u00f6terska med specialitet inom astma, allergi och eksem. Barnkliniken \u00d6stersunds sjukhus\"\n            data-info=\"                  &lt;p&gt;Eksemskola, sm\u00f6rjteknik&amp;nbsp;&lt;\/p&gt;                 &lt;br&gt;&lt;br&gt;\"\n            data-category=\"Workshop\"\n            data-category-ids=\"1003\"\n            data-span-all=\"\"\n                      >\n\n            <div class=\"event_content\">\n              <div class=\"title\">\n                                <span>Allm\u00e4npediatrik och H\u00e4lsov\u00e5rd - Eksemskola, sm\u00f6rjteknik <\/span>\n              <\/div>\n              <div class=\"span_room\"><span><\/span><\/div>\n              <div class=\"time\">\n                <span>\n                  14:05-14:50                <\/span><\/div>\n\n              <div class=\"lecturer\"><span>Anna  Bernholm, Barnsjuksk\u00f6terska med specialitet inom astma, allergi och eksem. Barnkliniken \u00d6stersunds sjukhus<\/span><\/div>\n            <\/div>\n\n\n                                <div style=\"background-color:#B2A1C9; position: absolute !important ; height: 4px !important; left: 4px; right: 4px; bottom : 2px !important;  border\"><\/div>\n            \n          <\/div>\n\n      \n          <div class=\"event \"\n            data-id=\"1269\"\n            data-project=\"project_338_2017_12_12\"\n            data-title=\"Clownetterna - F\u00f6rdjupande workshop\"\n            data-abs-nbr=\"\"\n            data-ystart=\"14.083333333333\"\n            data-yend=\"14.833333333333\"\n            data-time=\"14:05-14:50\"\n            data-room=\"2\"\n            data-room-id=\"1023\"\n            data-room-name=\"Lilla Salen\"\n            data-day=\"2\"\n            data-abs-path=\"\"\n            data-speaker=\"Pia \"Dr Musik\" Degr\u00e9us, Sjukhusclown, Clownetterna; Jenny \"Hopp-San\" Carlsson, Sjukhusclown, Clownetterna; Kristian \"Krusbert\" Elmeskog, Sjukhusclown, Clownetterna; Lina \"LillaSyster\" Degr\u00e9us, Sjukhusclown, Clownetterna; Adam \"Hemling\" Brom\u00e9e, Sjukhusclown, Clownetterna\"\n            data-speakercell=\"Pia \"Dr Musik\" Degr\u00e9us, Sjukhusclown, Clownetterna; Jenny \"Hopp-San\" Carlsson, Sjukhusclown, Clownetterna; Kristian \"Krusbert\" Elmeskog, Sjukhusclown, Clownetterna; Lina \"LillaSyster\" Degr\u00e9us, Sjukhusclown, Clownetterna; Adam \"Hemling\" Brom\u00e9e, Sjukhusclown, Clownetterna\"\n            data-info=\"                  &lt;p&gt;Workshop med f\u00f6rdjupning kring att arbeta utifr\u00e5n Barnkonventionen p\u00e5 golvet.&lt;br&gt;&lt;\/p&gt;                  &lt;p&gt;Clownetterna, V\u00e4ster\u00e5s&amp;nbsp;&lt;\/p&gt;&lt;p&gt;&lt;span style=&quot;font-style: italic;&quot;&gt;Samma workshop arrangeras vid fler tillf\u00e4llen.&lt;\/span&gt;&lt;br&gt;&lt;\/p&gt;                 &lt;br&gt;&lt;br&gt;\"\n            data-category=\"Workshop\"\n            data-category-ids=\"1003\"\n            data-span-all=\"\"\n                      >\n\n            <div class=\"event_content\">\n              <div class=\"title\">\n                                <span>Clownetterna - F\u00f6rdjupande workshop<\/span>\n              <\/div>\n              <div class=\"span_room\"><span><\/span><\/div>\n              <div class=\"time\">\n                <span>\n                  14:05-14:50                <\/span><\/div>\n\n              <div class=\"lecturer\"><span>Pia \"Dr Musik\" Degr\u00e9us, Sjukhusclown, Clownetterna; Jenny \"Hopp-San\" Carlsson, Sjukhusclown, Clownetterna; Kristian \"Krusbert\" Elmeskog, Sjukhusclown, Clownetterna; Lina \"LillaSyster\" Degr\u00e9us, Sjukhusclown, Clownetterna; Adam \"Hemling\" Brom\u00e9e, Sjukhusclown, Clownetterna<\/span><\/div>\n            <\/div>\n\n\n                                <div style=\"background-color:#B2A1C9; position: absolute !important ; height: 4px !important; left: 4px; right: 4px; bottom : 2px !important;  border\"><\/div>\n            \n          <\/div>\n\n      \n          <div class=\"event \"\n            data-id=\"1285\"\n            data-project=\"project_338_2017_12_12\"\n            data-title=\"Barn och l\u00e4kemedel - Amning och l\u00e4kemedel\"\n            data-abs-nbr=\"\"\n            data-ystart=\"14.083333333333\"\n            data-yend=\"14.833333333333\"\n            data-time=\"14:05-14:50\"\n            data-room=\"5\"\n            data-room-id=\"1020\"\n            data-room-name=\"Sal 302\"\n            data-day=\"2\"\n            data-abs-path=\"\"\n            data-speaker=\"Lisa Forsberg, Barnl\u00e4kare, Astrid Lindgrens barnsjukhus, Huddinge; Anna Eriksson, Klinisk farmakologi, Sahlgrenska Universitetssjuk\"\n            data-speakercell=\"Lisa Forsberg, Barnl\u00e4kare, Astrid Lindgrens barnsjukhus, Huddinge; Anna Eriksson, Klinisk farmakologi, Sahlgrenska Universitetssjuk\"\n            data-info=\"                  &lt;table&gt;                   &lt;tbody&gt;                    &lt;tr&gt;                     &lt;td&gt;BUMM Huddinge Astrid Lindgrens Barnsjukhus&lt;\/td&gt;                    &lt;\/tr&gt;                   &lt;\/tbody&gt;                  &lt;\/table&gt;                  &lt;p&gt;L\u00e4kemedel och barn&lt;\/p&gt;                  &lt;p&gt;En genomg\u00e5ng av grundprinciper kring l\u00e4kemedel och amning.&amp;nbsp; Specifikt intressanta l\u00e4kemedel tas upp inklusive fallpresentationer med diskussion. Barnl\u00e4kare och klinisk farmakolog h\u00e5ller i tr\u00e5darna.&lt;\/p&gt;&lt;p&gt;&lt;span style=&quot;font-style: italic;&quot;&gt;Samma workshop arrangeras vid fler tillf\u00e4llen.&lt;\/span&gt;&lt;br&gt;&lt;\/p&gt;                 &lt;br&gt;&lt;br&gt;\"\n            data-category=\"Workshop\"\n            data-category-ids=\"1003\"\n            data-span-all=\"\"\n                      >\n\n            <div class=\"event_content\">\n              <div class=\"title\">\n                                <span>Barn och l\u00e4kemedel - Amning och l\u00e4kemedel<\/span>\n              <\/div>\n              <div class=\"span_room\"><span><\/span><\/div>\n              <div class=\"time\">\n                <span>\n                  14:05-14:50                <\/span><\/div>\n\n              <div class=\"lecturer\"><span>Lisa Forsberg, Barnl\u00e4kare, Astrid Lindgrens barnsjukhus, Huddinge; Anna Eriksson, Klinisk farmakologi, Sahlgrenska Universitetssjuk<\/span><\/div>\n            <\/div>\n\n\n                                <div style=\"background-color:#B2A1C9; position: absolute !important ; height: 4px !important; left: 4px; right: 4px; bottom : 2px !important;  border\"><\/div>\n            \n          <\/div>\n\n      \n          <div class=\"event \"\n            data-id=\"1147\"\n            data-project=\"project_338_2017_12_12\"\n            data-title=\"Fika, utst\u00e4llare, posterbes\u00f6k\"\n            data-abs-nbr=\"\"\n            data-ystart=\"14.833333333333\"\n            data-yend=\"15.416666666667\"\n            data-time=\"14:50-15:25\"\n            data-room=\"18\"\n            data-room-id=\"1013\"\n            data-room-name=\"Utst\u00e4llningen\"\n            data-day=\"2\"\n            data-abs-path=\"\"\n            data-speaker=\"\"\n            data-speakercell=\"\"\n            data-info=\"\"\n            data-category=\"\"\n            data-category-ids=\"\"\n            data-span-all=\"1\"\n                      >\n\n            <div class=\"event_content\">\n              <div class=\"title\">\n                                <span>Fika, utst\u00e4llare, posterbes\u00f6k<\/span>\n              <\/div>\n              <div class=\"span_room\"><span>Utst\u00e4llningen<br\/><\/span><\/div>\n              <div class=\"time\">\n                <span>\n                  14:50-15:25                <\/span><\/div>\n\n              \n            <\/div>\n\n\n            \n          <\/div>\n\n      \n          <div class=\"event \"\n            data-id=\"1168\"\n            data-project=\"project_338_2017_12_12\"\n            data-title=\"Allergi - Anafylaxi och adrenalinpennor\"\n            data-abs-nbr=\"\"\n            data-ystart=\"15.416666666667\"\n            data-yend=\"16.166666666667\"\n            data-time=\"15:25-16:10\"\n            data-room=\"8\"\n            data-room-id=\"1025\"\n            data-room-name=\"Sal 107\"\n            data-day=\"2\"\n            data-abs-path=\"\"\n            data-speaker=\"Maija Wedenberg, Barnl\u00e4kare och allergiteamet; Marie-Louise Andersson, Barnsjuksk\u00f6terska, Barn- och ungdomskliniken V\u00e4ster\u00e5s; Jenny Lindbom, Barnsjuksk\u00f6terska, Barn- och ungdomskliniken V\u00e4ster\u00e5s\"\n            data-speakercell=\"Maija Wedenberg, Barnl\u00e4kare och allergiteamet; Marie-Louise Andersson, Barnsjuksk\u00f6terska, Barn- och ungdomskliniken V\u00e4ster\u00e5s; Jenny Lindbom, Barnsjuksk\u00f6terska, Barn- och ungdomskliniken V\u00e4ster\u00e5s\"\n            data-info=\"                  &lt;p&gt;Anafylaxi - omh\u00e4ndertagande utanf\u00f6r och p\u00e5 kliniken samt genomg\u00e5ng av patientinformation och Adrenalinpennor&lt;\/p&gt;                  &lt;table&gt;                   &lt;tbody&gt;                    &lt;tr&gt;                     &lt;td&gt;Specialist i barnmedicin sedan 1986. Specialintresse allergologi.&lt;\/td&gt;                    &lt;\/tr&gt;                   &lt;\/tbody&gt;                  &lt;\/table&gt;                  &lt;br&gt;                  &lt;span style=&quot;font-style: italic;&quot;&gt;Samma workshop arrangeras vid fler tillf\u00e4llen&lt;\/span&gt;.                  &lt;br&gt;                 &lt;br&gt;&lt;br&gt;\"\n            data-category=\"Workshop\"\n            data-category-ids=\"1003\"\n            data-span-all=\"\"\n                      >\n\n            <div class=\"event_content\">\n              <div class=\"title\">\n                                <span>Allergi - Anafylaxi och adrenalinpennor<\/span>\n              <\/div>\n              <div class=\"span_room\"><span><\/span><\/div>\n              <div class=\"time\">\n                <span>\n                  15:25-16:10                <\/span><\/div>\n\n              <div class=\"lecturer\"><span>Maija Wedenberg, Barnl\u00e4kare och allergiteamet; Marie-Louise Andersson, Barnsjuksk\u00f6terska, Barn- och ungdomskliniken V\u00e4ster\u00e5s; Jenny Lindbom, Barnsjuksk\u00f6terska, Barn- och ungdomskliniken V\u00e4ster\u00e5s<\/span><\/div>\n            <\/div>\n\n\n                                <div style=\"background-color:#B2A1C9; position: absolute !important ; height: 4px !important; left: 4px; right: 4px; bottom : 2px !important;  border\"><\/div>\n            \n          <\/div>\n\n      \n          <div class=\"event \"\n            data-id=\"1250\"\n            data-project=\"project_338_2017_12_12\"\n            data-title=\"Barnakut-teamtr\u00e4ning\"\n            data-abs-nbr=\"\"\n            data-ystart=\"15.416666666667\"\n            data-yend=\"17\"\n            data-time=\"15:25-17:00\"\n            data-room=\"6\"\n            data-room-id=\"1031\"\n            data-room-name=\"Sal 103\"\n            data-day=\"2\"\n            data-abs-path=\"\"\n            data-speaker=\"David Moritz, ST-l\u00e4kare, Barn- & Ungdomskliniken V\u00e4ster\u00e5s; Johan M\u00e4kk, \u00d6verl\u00e4kare; Maria Dahlgren, Sjuksk\u00f6terska, Barnkliniken V\u00e4ster\u00e5s\"\n            data-speakercell=\"David Moritz, ST-l\u00e4kare, Barn- & Ungdomskliniken V\u00e4ster\u00e5s; Johan M\u00e4kk, \u00d6verl\u00e4kare; Maria Dahlgren, Sjuksk\u00f6terska, Barnkliniken V\u00e4ster\u00e5s\"\n            data-info=\"                  &lt;p&gt;Akutpediatriska fall i simulerad milj\u00f6, d\u00e4r l\u00e4kare och sjuksk\u00f6terskor tillsammans f\u00e5r testa teamtr\u00e4ning s\u00e5 som vi g\u00f6r i V\u00e4ster\u00e5s.&lt;\/p&gt;                  &lt;p&gt;M\u00e5ls\u00e4ttning: tv\u00e5 l\u00e4kare och sex sjuksk\u00f6terskor per grupp&lt;\/p&gt;                 &lt;p&gt;&lt;span style=&quot;font-style: italic;&quot;&gt;Samma workshop arrangeras vid fler tillf\u00e4llen.&lt;\/span&gt;&lt;br&gt;&lt;\/p&gt;                 &lt;br&gt;&lt;br&gt;\"\n            data-category=\"Workshop\"\n            data-category-ids=\"1003\"\n            data-span-all=\"\"\n                      >\n\n            <div class=\"event_content\">\n              <div class=\"title\">\n                                <span>Barnakut-teamtr\u00e4ning<\/span>\n              <\/div>\n              <div class=\"span_room\"><span><\/span><\/div>\n              <div class=\"time\">\n                <span>\n                  15:25-17:00                <\/span><\/div>\n\n              <div class=\"lecturer\"><span>David Moritz, ST-l\u00e4kare, Barn- & Ungdomskliniken V\u00e4ster\u00e5s; Johan M\u00e4kk, \u00d6verl\u00e4kare; Maria Dahlgren, Sjuksk\u00f6terska, Barnkliniken V\u00e4ster\u00e5s<\/span><\/div>\n            <\/div>\n\n\n                                <div style=\"background-color:#B2A1C9; position: absolute !important ; height: 4px !important; left: 4px; right: 4px; bottom : 2px !important;  border\"><\/div>\n            \n          <\/div>\n\n      \n          <div class=\"event \"\n            data-id=\"1160\"\n            data-project=\"project_338_2017_12_12\"\n            data-title=\"Barn och sm\u00e4rta - S\u00e4tt pediatriken och barnpsykiatrin vid samma bord\"\n            data-abs-nbr=\"\"\n            data-ystart=\"15.416666666667\"\n            data-yend=\"16.166666666667\"\n            data-time=\"15:25-16:10\"\n            data-room=\"4\"\n            data-room-id=\"1019\"\n            data-room-name=\"Sal 301\"\n            data-day=\"2\"\n            data-abs-path=\"\"\n            data-speaker=\"Elisabeth Fernell, Professor, Barnl\u00e4kare\"\n            data-speakercell=\"Elisabeth Fernell, Professor, Barnl\u00e4kare\"\n            data-info=\"&lt;b&gt;Moderatorer: &lt;\/b&gt;Stefan Nilsson&lt;br&gt;&lt;br&gt;                  &lt;p&gt;S\u00e4tt pediatriken och barnpsykiatrin vid samma bord. \u00d6kad kompetens f\u00f6r barnets b\u00e4sta.&amp;nbsp;&lt;br&gt;&lt;\/p&gt;                  &lt;p&gt;N\u00e4r kan sm\u00e4rta&amp;nbsp;vara en mark\u00f6r f\u00f6r utvecklingsneurologisk\/ neuropsykiatrisk problematik?&lt;\/p&gt;                 &lt;br&gt;&lt;br&gt;\"\n            data-category=\"Workshop\"\n            data-category-ids=\"1003\"\n            data-span-all=\"\"\n                      >\n\n            <div class=\"event_content\">\n              <div class=\"title\">\n                                <span>Barn och sm\u00e4rta - S\u00e4tt pediatriken och barnpsykiatrin vid samma bord<\/span>\n              <\/div>\n              <div class=\"span_room\"><span><\/span><\/div>\n              <div class=\"time\">\n                <span>\n                  15:25-16:10                <\/span><\/div>\n\n              <div class=\"lecturer\"><span>Elisabeth Fernell, Professor, Barnl\u00e4kare<\/span><\/div>\n            <\/div>\n\n\n                                <div style=\"background-color:#B2A1C9; position: absolute !important ; height: 4px !important; left: 4px; right: 4px; bottom : 2px !important;  border\"><\/div>\n            \n          <\/div>\n\n      \n          <div class=\"event \"\n            data-id=\"1119\"\n            data-project=\"project_338_2017_12_12\"\n            data-title=\"Global h\u00e4lsa - f\u00f6renklad diagnostik av febrila barn\"\n            data-abs-nbr=\"\"\n            data-ystart=\"15.416666666667\"\n            data-yend=\"16.166666666667\"\n            data-time=\"15:25-16:10\"\n            data-room=\"3\"\n            data-room-id=\"1024\"\n            data-room-name=\"H\u00f6rsalen\"\n            data-day=\"2\"\n            data-abs-path=\"\"\n            data-speaker=\"Reza Rasti, Doktor\"\n            data-speakercell=\"Reza Rasti, Doktor\"\n            data-info=\"&lt;b&gt;Moderatorer: &lt;\/b&gt;Britt Gustafsson, Professor, Barnl\u00e4kare, Akademiska barnsjukhuset, Karolinska institutet&lt;br&gt;&lt;br&gt;                  &lt;p&gt;Global h\u00e4lsa - f\u00f6renklad diagnostik av febrilabarn&lt;br&gt;&lt;\/p&gt;                  &lt;p&gt;&lt;br&gt;&lt;\/p&gt;                 &lt;br&gt;&lt;br&gt;\"\n            data-category=\"F\u00f6rel\u00e4sning\"\n            data-category-ids=\"1002\"\n            data-span-all=\"\"\n                      >\n\n            <div class=\"event_content\">\n              <div class=\"title\">\n                                <span>Global h\u00e4lsa - f\u00f6renklad diagnostik av febrila barn<\/span>\n              <\/div>\n              <div class=\"span_room\"><span><\/span><\/div>\n              <div class=\"time\">\n                <span>\n                  15:25-16:10                <\/span><\/div>\n\n              <div class=\"lecturer\"><span>Reza Rasti, Doktor<\/span><\/div>\n            <\/div>\n\n\n                                <div style=\"background-color:#B2FF78; position: absolute !important ; height: 4px !important; left: 4px; right: 4px; bottom : 2px !important;  border\"><\/div>\n            \n          <\/div>\n\n      \n          <div class=\"event \"\n            data-id=\"1175\"\n            data-project=\"project_338_2017_12_12\"\n            data-title=\"Neurologi: aEEG och EEG \u00f6vervakning hos barn och nyf\u00f6dda \u2013 praktisk till\u00e4mpning del 3\"\n            data-abs-nbr=\"\"\n            data-ystart=\"15.416666666667\"\n            data-yend=\"16.166666666667\"\n            data-time=\"15:25-16:10\"\n            data-room=\"10\"\n            data-room-id=\"1022\"\n            data-room-name=\"Sal 109\"\n            data-day=\"2\"\n            data-abs-path=\"\"\n            data-speaker=\"Roland Flink, Docent, neurofysiolog, Akademiska sjukhuset, Uppsala; Lena Hellstr\u00f6m-Westas\"\n            data-speakercell=\"Roland Flink, Docent, neurofysiolog, Akademiska sjukhuset, Uppsala; Lena Hellstr\u00f6m-Westas\"\n            data-info=\"                  &lt;table&gt;                   &lt;tbody&gt;                    &lt;tr&gt;                     &lt;td&gt;&lt;p&gt;CFM: Kontinuerlig EEG registrering med trendmonitorering, aEEG. Workshop d\u00e4r patientfall kommer att analyseras och diskuteras i grupp&lt;\/p&gt;&lt;\/td&gt;                    &lt;\/tr&gt;                   &lt;\/tbody&gt;                  &lt;\/table&gt;                 &lt;span style=&quot;font-style: italic;&quot;&gt;Samma workshop arrangeras vid fler tillf\u00e4llen.&lt;\/span&gt;                 &lt;br&gt;                  &lt;p&gt;&lt;br&gt;&lt;\/p&gt;                 &lt;br&gt;&lt;br&gt;\"\n            data-category=\"Workshop\"\n            data-category-ids=\"1003\"\n            data-span-all=\"\"\n                      >\n\n            <div class=\"event_content\">\n              <div class=\"title\">\n                                <span>Neurologi: aEEG och EEG \u00f6vervakning hos barn och nyf\u00f6dda \u2013 praktisk till\u00e4mpning del 3<\/span>\n              <\/div>\n              <div class=\"span_room\"><span><\/span><\/div>\n              <div class=\"time\">\n                <span>\n                  15:25-16:10                <\/span><\/div>\n\n              <div class=\"lecturer\"><span>Roland Flink, Docent, neurofysiolog, Akademiska sjukhuset, Uppsala; Lena Hellstr\u00f6m-Westas<\/span><\/div>\n            <\/div>\n\n\n                                <div style=\"background-color:#B2A1C9; position: absolute !important ; height: 4px !important; left: 4px; right: 4px; bottom : 2px !important;  border\"><\/div>\n            \n          <\/div>\n\n      \n          <div class=\"event \"\n            data-id=\"1275\"\n            data-project=\"project_338_2017_12_12\"\n            data-title=\"Gastroenterologi - Parenteral nutrition\"\n            data-abs-nbr=\"\"\n            data-ystart=\"15.416666666667\"\n            data-yend=\"16.166666666667\"\n            data-time=\"15:25-16:10\"\n            data-room=\"2\"\n            data-room-id=\"1023\"\n            data-room-name=\"Lilla Salen\"\n            data-day=\"2\"\n            data-abs-path=\"\"\n            data-speaker=\"Yigael  Finkel, Docent, Barnmedicin Gastro\/Nutrition\/Sachsska barn- och ungdomssjukhuset\"\n            data-speakercell=\"Yigael  Finkel, Docent, Barnmedicin Gastro\/Nutrition\/Sachsska barn- och ungdomssjukhuset\"\n            data-info=\"                  &lt;p&gt;G\u00f6ra kanske sv\u00e5rt till l\u00e4tt - att ordinera parenteral nutrition till barn och ungdom&lt;\/p&gt;&lt;p&gt;&lt;span style=&quot;font-style: italic;&quot;&gt;Samma workshop arrangeras vid fler tillf\u00e4llen.&lt;\/span&gt;&lt;br&gt;&lt;\/p&gt;                 &lt;br&gt;&lt;br&gt;\"\n            data-category=\"Workshop\"\n            data-category-ids=\"1003\"\n            data-span-all=\"\"\n                      >\n\n            <div class=\"event_content\">\n              <div class=\"title\">\n                                <span>Gastroenterologi - Parenteral nutrition<\/span>\n              <\/div>\n              <div class=\"span_room\"><span><\/span><\/div>\n              <div class=\"time\">\n                <span>\n                  15:25-16:10                <\/span><\/div>\n\n              <div class=\"lecturer\"><span>Yigael  Finkel, Docent, Barnmedicin Gastro\/Nutrition\/Sachsska barn- och ungdomssjukhuset<\/span><\/div>\n            <\/div>\n\n\n                                <div style=\"background-color:#B2A1C9; position: absolute !important ; height: 4px !important; left: 4px; right: 4px; bottom : 2px !important;  border\"><\/div>\n            \n          <\/div>\n\n      \n          <div class=\"event \"\n            data-id=\"1134\"\n            data-project=\"project_338_2017_12_12\"\n            data-title=\"Barnvaccin - M\u00e4sslingsutbrott i G\u00f6teborg - l\u00e4rdomar och utmaningar\"\n            data-abs-nbr=\"\"\n            data-ystart=\"15.416666666667\"\n            data-yend=\"17\"\n            data-time=\"15:25-17:00\"\n            data-room=\"5\"\n            data-room-id=\"1020\"\n            data-room-name=\"Sal 302\"\n            data-day=\"2\"\n            data-abs-path=\"\"\n            data-speaker=\"Pia  Laurin, Barnl\u00e4kare, Drottning Silvias barn och ungdomssjukhus G\u00f6teborg; Bernice Aronsson, Barnl\u00e4kare, Sachsska barnsjukhuset Stockholm, Utredare Folkh\u00e4lsomyndigheten; Ann-Sofie Cavefors, Barnh\u00e4lsov\u00e5rds\u00f6verl\u00e4kare, V\u00e4stra G\u00f6taland; Leif Dotewall, Bitr. smittskyddsl\u00e4kare, Smittskydd, V\u00e4stra G\u00f6taland; H\u00e9l\u00e8ne  Englund, Epidemiolog, Folkh\u00e4losmyndigheten; Christian  Penno, Barnl\u00e4kare, Helsingborgs sjukhus\"\n            data-speakercell=\"Pia  Laurin, Barnl\u00e4kare, Drottning Silvias barn och ungdomssjukhus G\u00f6teborg; Bernice Aronsson, Barnl\u00e4kare, Sachsska barnsjukhuset Stockholm, Utredare Folkh\u00e4lsomyndigheten; Ann-Sofie Cavefors, Barnh\u00e4lsov\u00e5rds\u00f6verl\u00e4kare, V\u00e4stra G\u00f6taland; Leif Dotewall, Bitr. smittskyddsl\u00e4kare, Smittskydd, V\u00e4stra G\u00f6taland; H\u00e9l\u00e8ne  Englund, Epidemiolog, Folkh\u00e4losmyndigheten; Christian  Penno, Barnl\u00e4kare, Helsingborgs sjukhus\"\n            data-info=\"&lt;b&gt;Moderatorer: &lt;\/b&gt;Christian  Penno, Barnl\u00e4kare, Helsingborgs sjukhus&lt;br&gt;&lt;br&gt;                  &lt;div&gt;                  &lt;\/div&gt;                  &lt;div&gt;                   Klinisk bild och komplikationer. Utg\u00e5r fr\u00e5n det f\u00f6rst fallet bland barn i G\u00f6teborg. Laurin, 10 min.                  &lt;\/div&gt;                  &lt;div&gt;                  &lt;\/div&gt;                  &lt;div&gt;                   &lt;br&gt;                  &lt;\/div&gt;                  &lt;div&gt;                   M\u00e4sslingsimmunologi, provtagningsrutiner. Immunologi i f\u00f6rh\u00e5llande till klinik, smittsamhet och m\u00f6jlighet till provtagning. Aronsson,10 min.                  &lt;\/div&gt;                  &lt;div&gt;                  &lt;\/div&gt;                  &lt;div&gt;                   &lt;br&gt;                  &lt;\/div&gt;                  &lt;div&gt;                   M\u00e4sslingsutbrott i G\u00f6teborg. Smittskydd, v\u00e5rdhygien och BVC-arbete. \u00c5tg\u00e4rder, beslut och kommunikation. Strategier i olika faser av utbrottet. Caverfors, Dotewall 25 min.                  &lt;\/div&gt;                  &lt;div&gt;                  &lt;\/div&gt;                  &lt;div&gt;                   &lt;br&gt;                  &lt;\/div&gt;                  &lt;div&gt;                   M\u00e4ssling i v\u00e4l vaccinerat samh\u00e4lle. Aktuellt kunskapsl\u00e4ge. Englund 15 min.                  &lt;\/div&gt;                  &lt;div&gt;                   &lt;br&gt;                  &lt;\/div&gt;                  &lt;div&gt;                   Paneldiskussion. Moderator: Penno, 30 min                  &lt;\/div&gt;                  &lt;div&gt;                   Fr\u00e5gor som kan komma att diskuteras: Hur p\u00e5verkas det dagliga arbetet p\u00e5 sjukhuset och BVC? Tidigarel\u00e4ggning av MPR? Vaccinering av andra grupper? Hur m\u00f6ter vi oron hos f\u00f6r\u00e4ldrar? Skydd inf\u00f6r resa, hur g\u00f6r vi idag?                  &lt;\/div&gt;                  &lt;div&gt;                  &lt;\/div&gt;                  &lt;div&gt;                  &lt;\/div&gt;                  &lt;div&gt;                  &lt;\/div&gt;                  &lt;div&gt;                  &lt;\/div&gt;                 &lt;br&gt;&lt;br&gt;\"\n            data-category=\"F\u00f6rel\u00e4sning\"\n            data-category-ids=\"1002\"\n            data-span-all=\"\"\n                      >\n\n            <div class=\"event_content\">\n              <div class=\"title\">\n                                <span>Barnvaccin - M\u00e4sslingsutbrott i G\u00f6teborg - l\u00e4rdomar och utmaningar<\/span>\n              <\/div>\n              <div class=\"span_room\"><span><\/span><\/div>\n              <div class=\"time\">\n                <span>\n                  15:25-17:00                <\/span><\/div>\n\n              <div class=\"lecturer\"><span>Pia  Laurin, Barnl\u00e4kare, Drottning Silvias barn och ungdomssjukhus G\u00f6teborg; Bernice Aronsson, Barnl\u00e4kare, Sachsska barnsjukhuset Stockholm, Utredare Folkh\u00e4lsomyndigheten; Ann-Sofie Cavefors, Barnh\u00e4lsov\u00e5rds\u00f6verl\u00e4kare, V\u00e4stra G\u00f6taland; Leif Dotewall, Bitr. smittskyddsl\u00e4kare, Smittskydd, V\u00e4stra G\u00f6taland; H\u00e9l\u00e8ne  Englund, Epidemiolog, Folkh\u00e4losmyndigheten; Christian  Penno, Barnl\u00e4kare, Helsingborgs sjukhus<\/span><\/div>\n            <\/div>\n\n\n                                <div style=\"background-color:#B2FF78; position: absolute !important ; height: 4px !important; left: 4px; right: 4px; bottom : 2px !important;  border\"><\/div>\n            \n          <\/div>\n\n      \n          <div class=\"event \"\n            data-id=\"1152\"\n            data-project=\"project_338_2017_12_12\"\n            data-title=\"Neurologi\/habilitering - Etikseminarium \u00c4r full intensivv\u00e5rd alltid f\u00f6r barnets b\u00e4sta?-Etiska fr\u00e5gor kring de neurologiskt sv\u00e5rast sjuka barnen.\"\n            data-abs-nbr=\"\"\n            data-ystart=\"15.416666666667\"\n            data-yend=\"16.166666666667\"\n            data-time=\"15:25-16:10\"\n            data-room=\"1\"\n            data-room-id=\"1021\"\n            data-room-name=\"Lilla Kongresshallen\"\n            data-day=\"2\"\n            data-abs-path=\"\"\n            data-speaker=\"\u00c5sa \u00d6stlund, BarnIVA-l\u00e4kare, Astrid Lindgrens barnsjukhus, Stockholm; Niklas  Juth, Docent, Medicinsk etik, Karolinska institutet; \u00c5sa Eriksson, Barnneurolog, Astrid Lindgrens barnsjukhus, Stockholm\"\n            data-speakercell=\"\u00c5sa \u00d6stlund, BarnIVA-l\u00e4kare, Astrid Lindgrens barnsjukhus, Stockholm; Niklas  Juth, Docent, Medicinsk etik, Karolinska institutet; \u00c5sa Eriksson, Barnneurolog, Astrid Lindgrens barnsjukhus, Stockholm\"\n            data-info=\"&lt;b&gt;Moderatorer: &lt;\/b&gt;Ylva \u00d6hrner, Barnneurolog, Barnkliniken V\u00e4ster\u00e5s&lt;br&gt;&lt;br&gt;                  &lt;p&gt;Paneldebatt&lt;\/p&gt;                 &lt;br&gt;&lt;br&gt;\"\n            data-category=\"Seminarium\/Paneldebatt\"\n            data-category-ids=\"1006\"\n            data-span-all=\"\"\n                      >\n\n            <div class=\"event_content\">\n              <div class=\"title\">\n                                <span>Neurologi\/habilitering - Etikseminarium \u00c4r full intensivv\u00e5rd alltid f\u00f6r barnets b\u00e4sta?-Etiska fr\u00e5gor kring de neurologiskt sv\u00e5rast sjuka barnen.<\/span>\n              <\/div>\n              <div class=\"span_room\"><span><\/span><\/div>\n              <div class=\"time\">\n                <span>\n                  15:25-16:10                <\/span><\/div>\n\n              <div class=\"lecturer\"><span>\u00c5sa \u00d6stlund, BarnIVA-l\u00e4kare, Astrid Lindgrens barnsjukhus, Stockholm; Niklas  Juth, Docent, Medicinsk etik, Karolinska institutet; \u00c5sa Eriksson, Barnneurolog, Astrid Lindgrens barnsjukhus, Stockholm<\/span><\/div>\n            <\/div>\n\n\n                                <div style=\"background-color:#FFB217; position: absolute !important ; height: 4px !important; left: 4px; right: 4px; bottom : 2px !important;  border\"><\/div>\n            \n          <\/div>\n\n      \n          <div class=\"event \"\n            data-id=\"1176\"\n            data-project=\"project_338_2017_12_12\"\n            data-title=\"Neurologi: aEEG och EEG \u00f6vervakning hos barn och nyf\u00f6dda \u2013 praktisk till\u00e4mpning del 4\"\n            data-abs-nbr=\"\"\n            data-ystart=\"16.25\"\n            data-yend=\"17\"\n            data-time=\"16:15-17:00\"\n            data-room=\"10\"\n            data-room-id=\"1022\"\n            data-room-name=\"Sal 109\"\n            data-day=\"2\"\n            data-abs-path=\"\"\n            data-speaker=\"Roland Flink, Docent, neurofysiolog, Akademiska sjukhuset, Uppsala; Lena Hellstr\u00f6m-Westas\"\n            data-speakercell=\"Roland Flink, Docent, neurofysiolog, Akademiska sjukhuset, Uppsala; Lena Hellstr\u00f6m-Westas\"\n            data-info=\"                  &lt;table&gt;                   &lt;tbody&gt;                    &lt;tr&gt;                     &lt;td&gt;&lt;p&gt;CFM: Kontinuerlig EEG registrering med trendmonitorering, aEEG. Workshop d\u00e4r patientfall kommer att analyseras och diskuteras i grupp&lt;\/p&gt;&lt;\/td&gt;                    &lt;\/tr&gt;                   &lt;\/tbody&gt;                  &lt;\/table&gt;                 &lt;span style=&quot;font-style: italic;&quot;&gt;Samma workshop arrangeras vid fler tillf\u00e4llen.&lt;\/span&gt;                 &lt;br&gt;                 &lt;br&gt;&lt;br&gt;\"\n            data-category=\"Workshop\"\n            data-category-ids=\"1003\"\n            data-span-all=\"\"\n                      >\n\n            <div class=\"event_content\">\n              <div class=\"title\">\n                                <span>Neurologi: aEEG och EEG \u00f6vervakning hos barn och nyf\u00f6dda \u2013 praktisk till\u00e4mpning del 4<\/span>\n              <\/div>\n              <div class=\"span_room\"><span><\/span><\/div>\n              <div class=\"time\">\n                <span>\n                  16:15-17:00                <\/span><\/div>\n\n              <div class=\"lecturer\"><span>Roland Flink, Docent, neurofysiolog, Akademiska sjukhuset, Uppsala; Lena Hellstr\u00f6m-Westas<\/span><\/div>\n            <\/div>\n\n\n                                <div style=\"background-color:#B2A1C9; position: absolute !important ; height: 4px !important; left: 4px; right: 4px; bottom : 2px !important;  border\"><\/div>\n            \n          <\/div>\n\n      \n          <div class=\"event \"\n            data-id=\"1153\"\n            data-project=\"project_338_2017_12_12\"\n            data-title=\"Neurologi\/habilitering - Etikseminarium\"\n            data-abs-nbr=\"\"\n            data-ystart=\"16.25\"\n            data-yend=\"17\"\n            data-time=\"16:15-17:00\"\n            data-room=\"1\"\n            data-room-id=\"1021\"\n            data-room-name=\"Lilla Kongresshallen\"\n            data-day=\"2\"\n            data-abs-path=\"\"\n            data-speaker=\"Niklas  Juth, Docent, Medicinsk etik, Karolinska institutet; \u00c5sa Eriksson, Barnneurolog, Astrid Lindgrens barnsjukhus, Stockholm; \u00c5sa \u00d6stlund, BarnIVA-l\u00e4kare, Astrid Lindgrens barnsjukhus, Stockholm\"\n            data-speakercell=\"Niklas  Juth, Docent, Medicinsk etik, Karolinska institutet; \u00c5sa Eriksson, Barnneurolog, Astrid Lindgrens barnsjukhus, Stockholm; \u00c5sa \u00d6stlund, BarnIVA-l\u00e4kare, Astrid Lindgrens barnsjukhus, Stockholm\"\n            data-info=\"&lt;b&gt;Moderatorer: &lt;\/b&gt;Ylva \u00d6hrner, Barnneurolog, Barnkliniken V\u00e4ster\u00e5s&lt;br&gt;&lt;br&gt;                  &lt;p&gt;Paneldebatt forts\u00e4ttning tom cirka 16.30&lt;br&gt;&lt;\/p&gt;                 &lt;br&gt;&lt;br&gt;\"\n            data-category=\"Seminarium\/Paneldebatt\"\n            data-category-ids=\"1006\"\n            data-span-all=\"\"\n                      >\n\n            <div class=\"event_content\">\n              <div class=\"title\">\n                                <span>Neurologi\/habilitering - Etikseminarium<\/span>\n              <\/div>\n              <div class=\"span_room\"><span><\/span><\/div>\n              <div class=\"time\">\n                <span>\n                  16:15-17:00                <\/span><\/div>\n\n              <div class=\"lecturer\"><span>Niklas  Juth, Docent, Medicinsk etik, Karolinska institutet; \u00c5sa Eriksson, Barnneurolog, Astrid Lindgrens barnsjukhus, Stockholm; \u00c5sa \u00d6stlund, BarnIVA-l\u00e4kare, Astrid Lindgrens barnsjukhus, Stockholm<\/span><\/div>\n            <\/div>\n\n\n                                <div style=\"background-color:#FFB217; position: absolute !important ; height: 4px !important; left: 4px; right: 4px; bottom : 2px !important;  border\"><\/div>\n            \n          <\/div>\n\n      \n          <div class=\"event \"\n            data-id=\"1161\"\n            data-project=\"project_338_2017_12_12\"\n            data-title=\" Barn och sm\u00e4rta - Hur kan vi samarbeta kring barn med l\u00e5ngvarig sm\u00e4rta?\"\n            data-abs-nbr=\"\"\n            data-ystart=\"16.25\"\n            data-yend=\"17\"\n            data-time=\"16:15-17:00\"\n            data-room=\"4\"\n            data-room-id=\"1019\"\n            data-room-name=\"Sal 301\"\n            data-day=\"2\"\n            data-abs-path=\"\"\n            data-speaker=\"Elisabeth Fernell, Professor, Barnl\u00e4kare; Eva G\u00e5ve, Fysioterapeut, Svensk barnsm\u00e4rtf\u00f6rening, Uppsala; Stefan Lundeberg, Sm\u00e4rtl\u00e4kare, Astrid Lindgrens Barnsjukhus; Jenny Backlin, Ume\u00e5\"\n            data-speakercell=\"Elisabeth Fernell, Professor, Barnl\u00e4kare; Eva G\u00e5ve, Fysioterapeut, Svensk barnsm\u00e4rtf\u00f6rening, Uppsala; Stefan Lundeberg, Sm\u00e4rtl\u00e4kare, Astrid Lindgrens Barnsjukhus; Jenny Backlin, Ume\u00e5\"\n            data-info=\"&lt;b&gt;Moderatorer: &lt;\/b&gt;Stefan Nilsson&lt;br&gt;&lt;br&gt;                  &lt;p&gt;Paneldebatt. Fr\u00e5gor till appen Barnveckan 2018&lt;\/p&gt;                  &lt;p&gt;&lt;br&gt;&lt;\/p&gt;                  &lt;p&gt;&amp;nbsp;&lt;\/p&gt;                 &lt;br&gt;&lt;br&gt;\"\n            data-category=\"Workshop\"\n            data-category-ids=\"1003\"\n            data-span-all=\"\"\n                      >\n\n            <div class=\"event_content\">\n              <div class=\"title\">\n                                <span> Barn och sm\u00e4rta - Hur kan vi samarbeta kring barn med l\u00e5ngvarig sm\u00e4rta?<\/span>\n              <\/div>\n              <div class=\"span_room\"><span><\/span><\/div>\n              <div class=\"time\">\n                <span>\n                  16:15-17:00                <\/span><\/div>\n\n              <div class=\"lecturer\"><span>Elisabeth Fernell, Professor, Barnl\u00e4kare; Eva G\u00e5ve, Fysioterapeut, Svensk barnsm\u00e4rtf\u00f6rening, Uppsala; Stefan Lundeberg, Sm\u00e4rtl\u00e4kare, Astrid Lindgrens Barnsjukhus; Jenny Backlin, Ume\u00e5<\/span><\/div>\n            <\/div>\n\n\n                                <div style=\"background-color:#B2A1C9; position: absolute !important ; height: 4px !important; left: 4px; right: 4px; bottom : 2px !important;  border\"><\/div>\n            \n          <\/div>\n\n      \n          <div class=\"event \"\n            data-id=\"1169\"\n            data-project=\"project_338_2017_12_12\"\n            data-title=\"Allergi - Allt som l\u00e5ter \u00e4r inte astma\"\n            data-abs-nbr=\"\"\n            data-ystart=\"16.25\"\n            data-yend=\"17\"\n            data-time=\"16:15-17:00\"\n            data-room=\"8\"\n            data-room-id=\"1025\"\n            data-room-name=\"Sal 107\"\n            data-day=\"2\"\n            data-abs-path=\"\"\n            data-speaker=\"Mareike Fech-Bormann, Barnallergolog, Barnl\u00e4kare, Barn- och ungdomskliniken, V\u00e4ster\u00e5s\"\n            data-speakercell=\"Mareike Fech-Bormann, Barnallergolog, Barnl\u00e4kare, Barn- och ungdomskliniken, V\u00e4ster\u00e5s\"\n            data-info=\"                  &lt;p&gt;Fallbaserad workshop&amp;nbsp;&lt;\/p&gt;                 &lt;p&gt;Patientfall med mentometerfr\u00e5gor. Fokus p\u00e5 differentialdiagnos astma.&lt;\/p&gt;&lt;p&gt;&lt;span style=&quot;font-style: italic;&quot;&gt;Samma workshop arrangeras vid fler tillf\u00e4llen.&lt;\/span&gt;&lt;br&gt;&lt;\/p&gt;                 &lt;br&gt;&lt;br&gt;\"\n            data-category=\"Workshop\"\n            data-category-ids=\"1003\"\n            data-span-all=\"\"\n                      >\n\n            <div class=\"event_content\">\n              <div class=\"title\">\n                                <span>Allergi - Allt som l\u00e5ter \u00e4r inte astma<\/span>\n              <\/div>\n              <div class=\"span_room\"><span><\/span><\/div>\n              <div class=\"time\">\n                <span>\n                  16:15-17:00                <\/span><\/div>\n\n              <div class=\"lecturer\"><span>Mareike Fech-Bormann, Barnallergolog, Barnl\u00e4kare, Barn- och ungdomskliniken, V\u00e4ster\u00e5s<\/span><\/div>\n            <\/div>\n\n\n                                <div style=\"background-color:#B2A1C9; position: absolute !important ; height: 4px !important; left: 4px; right: 4px; bottom : 2px !important;  border\"><\/div>\n            \n          <\/div>\n\n      \n          <div class=\"event \"\n            data-id=\"1355\"\n            data-project=\"project_338_2017_12_12\"\n            data-title=\"Global h\u00e4lsa - \u00c5rsm\u00f6te\"\n            data-abs-nbr=\"\"\n            data-ystart=\"16.25\"\n            data-yend=\"17\"\n            data-time=\"16:15-17:00\"\n            data-room=\"3\"\n            data-room-id=\"1024\"\n            data-room-name=\"H\u00f6rsalen\"\n            data-day=\"2\"\n            data-abs-path=\"\"\n            data-speaker=\"\"\n            data-speakercell=\"\"\n            data-info=\"&lt;b&gt;Moderatorer: &lt;\/b&gt;Britt Gustafsson, Professor, Barnl\u00e4kare, Akademiska barnsjukhuset, Karolinska institutet&lt;br&gt;&lt;br&gt;                  &lt;p&gt;Global h\u00e4lsa - \u00c5rsm\u00f6te&lt;\/p&gt;                 &lt;br&gt;&lt;br&gt;\"\n            data-category=\"F\u00f6rel\u00e4sning\"\n            data-category-ids=\"1002\"\n            data-span-all=\"\"\n                      >\n\n            <div class=\"event_content\">\n              <div class=\"title\">\n                                <span>Global h\u00e4lsa - \u00c5rsm\u00f6te<\/span>\n              <\/div>\n              <div class=\"span_room\"><span><\/span><\/div>\n              <div class=\"time\">\n                <span>\n                  16:15-17:00                <\/span><\/div>\n\n              \n            <\/div>\n\n\n                                <div style=\"background-color:#B2FF78; position: absolute !important ; height: 4px !important; left: 4px; right: 4px; bottom : 2px !important;  border\"><\/div>\n            \n          <\/div>\n\n      \n          <div class=\"event \"\n            data-id=\"1356\"\n            data-project=\"project_338_2017_12_12\"\n            data-title=\"Global h\u00e4lsa - Styrelsem\u00f6te\"\n            data-abs-nbr=\"\"\n            data-ystart=\"17\"\n            data-yend=\"18\"\n            data-time=\"17:00-18:00\"\n            data-room=\"3\"\n            data-room-id=\"1024\"\n            data-room-name=\"H\u00f6rsalen\"\n            data-day=\"2\"\n            data-abs-path=\"\"\n            data-speaker=\"\"\n            data-speakercell=\"\"\n            data-info=\"&lt;b&gt;Moderatorer: &lt;\/b&gt;Britt Gustafsson, Professor, Barnl\u00e4kare, Akademiska barnsjukhuset, Karolinska institutet&lt;br&gt;&lt;br&gt;                  &lt;p&gt;Global h\u00e4lsa - Styrelsem\u00f6te&lt;\/p&gt;                 &lt;br&gt;&lt;br&gt;\"\n            data-category=\"F\u00f6rel\u00e4sning\"\n            data-category-ids=\"1002\"\n            data-span-all=\"\"\n                      >\n\n            <div class=\"event_content\">\n              <div class=\"title\">\n                                <span>Global h\u00e4lsa - Styrelsem\u00f6te<\/span>\n              <\/div>\n              <div class=\"span_room\"><span><\/span><\/div>\n              <div class=\"time\">\n                <span>\n                  17:00-18:00                <\/span><\/div>\n\n              \n            <\/div>\n\n\n                                <div style=\"background-color:#B2FF78; position: absolute !important ; height: 4px !important; left: 4px; right: 4px; bottom : 2px !important;  border\"><\/div>\n            \n          <\/div>\n\n      \n          <div class=\"event \"\n            data-id=\"1193\"\n            data-project=\"project_338_2017_12_12\"\n            data-title=\"BLU \u00c5rsm\u00f6te\"\n            data-abs-nbr=\"\"\n            data-ystart=\"17.25\"\n            data-yend=\"18\"\n            data-time=\"17:15-18:00\"\n            data-room=\"10\"\n            data-room-id=\"1022\"\n            data-room-name=\"Sal 109\"\n            data-day=\"2\"\n            data-abs-path=\"\"\n            data-speaker=\"\"\n            data-speakercell=\"\"\n            data-info=\"                  &lt;p&gt;BLU \u00c5rsm\u00f6te&lt;br&gt;&lt;\/p&gt;                 &lt;br&gt;&lt;br&gt;\"\n            data-category=\"M\u00f6te\"\n            data-category-ids=\"1004\"\n            data-span-all=\"\"\n                      >\n\n            <div class=\"event_content\">\n              <div class=\"title\">\n                                <span>BLU \u00c5rsm\u00f6te<\/span>\n              <\/div>\n              <div class=\"span_room\"><span><\/span><\/div>\n              <div class=\"time\">\n                <span>\n                  17:15-18:00                <\/span><\/div>\n\n              \n            <\/div>\n\n\n                                <div style=\"background-color:#FFFA5C; position: absolute !important ; height: 4px !important; left: 4px; right: 4px; bottom : 2px !important;  border\"><\/div>\n            \n          <\/div>\n\n      \n          <div class=\"event \"\n            data-id=\"1280\"\n            data-project=\"project_338_2017_12_12\"\n            data-title=\"Middag p\u00e5 KonserthusTerassen. \u00d6verl\u00e4mning av stafettpinnen - 18.45-23.45\"\n            data-abs-nbr=\"\"\n            data-ystart=\"18.75\"\n            data-yend=\"20\"\n            data-time=\"18:45-20:00\"\n            data-room=\"17\"\n            data-room-id=\"1032\"\n            data-room-name=\"KonserthusTerassen\"\n            data-day=\"2\"\n            data-abs-path=\"\"\n            data-speaker=\"\"\n            data-speakercell=\"\"\n            data-info=\"\"\n            data-category=\"\"\n            data-category-ids=\"\"\n            data-span-all=\"1\"\n                      >\n\n            <div class=\"event_content\">\n              <div class=\"title\">\n                                <span>Middag p\u00e5 KonserthusTerassen. \u00d6verl\u00e4mning av stafettpinnen - 18.45-23.45<\/span>\n              <\/div>\n              <div class=\"span_room\"><span>KonserthusTerassen<br\/><\/span><\/div>\n              <div class=\"time\">\n                <span>\n                  18:45-20:00                <\/span><\/div>\n\n              \n            <\/div>\n\n\n            \n          <\/div>\n\n      \n          <div class=\"event \"\n            data-id=\"1353\"\n            data-project=\"project_338_2017_12_12\"\n            data-title=\"Registreringen \u00e4r \u00f6ppen 07.30-17.00\"\n            data-abs-nbr=\"\"\n            data-ystart=\"7.5\"\n            data-yend=\"8.25\"\n            data-time=\"07:30-08:15\"\n            data-room=\"20\"\n            data-room-id=\"1035\"\n            data-room-name=\"Plan 1\"\n            data-day=\"3\"\n            data-abs-path=\"\"\n            data-speaker=\"\"\n            data-speakercell=\"\"\n            data-info=\"                  &lt;p&gt;&lt;br&gt;&lt;\/p&gt;                 &lt;br&gt;&lt;br&gt;\"\n            data-category=\"\"\n            data-category-ids=\"\"\n            data-span-all=\"1\"\n                      >\n\n            <div class=\"event_content\">\n              <div class=\"title\">\n                                <span>Registreringen \u00e4r \u00f6ppen 07.30-17.00<\/span>\n              <\/div>\n              <div class=\"span_room\"><span>Plan 1<br\/><\/span><\/div>\n              <div class=\"time\">\n                <span>\n                  07:30-08:15                <\/span><\/div>\n\n              \n            <\/div>\n\n\n            \n          <\/div>\n\n      \n          <div class=\"event \"\n            data-id=\"1256\"\n            data-project=\"project_338_2017_12_12\"\n            data-title=\"Barnakutsjukv\u00e5rd - Stabilisering av barntraumapatient\"\n            data-abs-nbr=\"\"\n            data-ystart=\"8.25\"\n            data-yend=\"9\"\n            data-time=\"08:15-09:00\"\n            data-room=\"2\"\n            data-room-id=\"1023\"\n            data-room-name=\"Lilla Salen\"\n            data-day=\"3\"\n            data-abs-path=\"\"\n            data-speaker=\"Pia Malmquist, Funktionsenhetschef\/ \u00d6verl\u00e4kare, FO Akutsjukv\u00e5rd Barn, ALB Solna\"\n            data-speakercell=\"Pia Malmquist, Funktionsenhetschef\/ \u00d6verl\u00e4kare, FO Akutsjukv\u00e5rd Barn, ALB Solna\"\n            data-info=\"                  &lt;p&gt;Genomg\u00e5ng av skadepanorama och omh\u00e4ndertagande av traumapatienter p\u00e5 barnakutmottagningen ALB Solna&lt;br&gt;&lt;\/p&gt;                 &lt;br&gt;&lt;br&gt;\"\n            data-category=\"F\u00f6rel\u00e4sning\"\n            data-category-ids=\"1002\"\n            data-span-all=\"\"\n                      >\n\n            <div class=\"event_content\">\n              <div class=\"title\">\n                                <span>Barnakutsjukv\u00e5rd - Stabilisering av barntraumapatient<\/span>\n              <\/div>\n              <div class=\"span_room\"><span><\/span><\/div>\n              <div class=\"time\">\n                <span>\n                  08:15-09:00                <\/span><\/div>\n\n              <div class=\"lecturer\"><span>Pia Malmquist, Funktionsenhetschef\/ \u00d6verl\u00e4kare, FO Akutsjukv\u00e5rd Barn, ALB Solna<\/span><\/div>\n            <\/div>\n\n\n                                <div style=\"background-color:#B2FF78; position: absolute !important ; height: 4px !important; left: 4px; right: 4px; bottom : 2px !important;  border\"><\/div>\n            \n          <\/div>\n\n      \n          <div class=\"event \"\n            data-id=\"1220\"\n            data-project=\"project_338_2017_12_12\"\n            data-title=\"Metabola sjukdomar - Kostbehandling vid medf\u00f6dda metabola sjukdomar och psykologiska reflektioner\"\n            data-abs-nbr=\"\"\n            data-ystart=\"8.25\"\n            data-yend=\"9.8333333333333\"\n            data-time=\"08:15-09:50\"\n            data-room=\"4\"\n            data-room-id=\"1019\"\n            data-room-name=\"Sal 301\"\n            data-day=\"3\"\n            data-abs-path=\"\"\n            data-speaker=\"Agnes Pal, Dietist, Astrid Lindgrens barnsjukhus, Stockholm; Erika Forssell, Dietist, Astrid Lindgrens barnsjukhus, Stockholm; Anneli Sandqvist Wiklund, Psykolog, FO Medicinsk Psykologi, Karolinska Universitetsjh, Stockholm\"\n            data-speakercell=\"Agnes Pal, Dietist, Astrid Lindgrens barnsjukhus, Stockholm; Erika Forssell, Dietist, Astrid Lindgrens barnsjukhus, Stockholm; Anneli Sandqvist Wiklund, Psykolog, FO Medicinsk Psykologi, Karolinska Universitetsjh, Stockholm\"\n            data-info=\"                  &lt;p&gt;Kostbehandling vid medf\u00f6dda metabola sjukdomar och psykologiska reflektioner.&lt;br&gt;&lt;\/p&gt;                 &lt;p&gt;En genomg\u00e5ng av vad kostbehandling inneb\u00e4r vid ett flertal olika typer av medf\u00f6dda metabola sjukdomar&lt;\/p&gt;                 &lt;br&gt;&lt;br&gt;\"\n            data-category=\"F\u00f6rel\u00e4sning\"\n            data-category-ids=\"1002\"\n            data-span-all=\"\"\n                      >\n\n            <div class=\"event_content\">\n              <div class=\"title\">\n                                <span>Metabola sjukdomar - Kostbehandling vid medf\u00f6dda metabola sjukdomar och psykologiska reflektioner<\/span>\n              <\/div>\n              <div class=\"span_room\"><span><\/span><\/div>\n              <div class=\"time\">\n                <span>\n                  08:15-09:50                <\/span><\/div>\n\n              <div class=\"lecturer\"><span>Agnes Pal, Dietist, Astrid Lindgrens barnsjukhus, Stockholm; Erika Forssell, Dietist, Astrid Lindgrens barnsjukhus, Stockholm; Anneli Sandqvist Wiklund, Psykolog, FO Medicinsk Psykologi, Karolinska Universitetsjh, Stockholm<\/span><\/div>\n            <\/div>\n\n\n                                <div style=\"background-color:#B2FF78; position: absolute !important ; height: 4px !important; left: 4px; right: 4px; bottom : 2px !important;  border\"><\/div>\n            \n          <\/div>\n\n      \n          <div class=\"event \"\n            data-id=\"1231\"\n            data-project=\"project_338_2017_12_12\"\n            data-title=\"Palliativ v\u00e5rd - Vad \u00e4r palliativ v\u00e5rd? Vilka barn d\u00f6r? \"\n            data-abs-nbr=\"\"\n            data-ystart=\"8.25\"\n            data-yend=\"9\"\n            data-time=\"08:15-09:00\"\n            data-room=\"10\"\n            data-room-id=\"1022\"\n            data-room-name=\"Sal 109\"\n            data-day=\"3\"\n            data-abs-path=\"\"\n            data-speaker=\"Christina Lindstr\u00f6m\"\n            data-speakercell=\"Christina Lindstr\u00f6m\"\n            data-info=\"&lt;b&gt;Moderatorer: &lt;\/b&gt;Karin B\u00e4ckdahl, Barnl\u00e4kare, Lilla Erstag\u00e5rden&lt;br&gt;&lt;br&gt;                  &lt;p&gt;Vad \u00e4r palliativ v\u00e5rd? Vilka barn d\u00f6r?&amp;nbsp;&lt;br&gt;Vilka grupper av barn, v\u00e5rdfilosofin, h\u00f6rnstenarna, teamet.&lt;br&gt;Neurologiska palliativa v\u00e5rden&lt;\/p&gt;                 &lt;p&gt;Tankar och r\u00e5d ang\u00e5ende medicinsk palliativ symtomlindring&amp;nbsp; i tidig fas och sen fas\/livets slut - p\u00e5 sjukhus och i hemmet&lt;\/p&gt;&lt;p&gt;Deltagande i hela fm ger intyg f\u00f6r ST-l\u00e4kare uppfyller stora delar av delm\u00e5l b5 men \u00e4ven del av b1, b3, c5 och c10&lt;\/p&gt;                 &lt;br&gt;&lt;br&gt;\"\n            data-category=\"F\u00f6rel\u00e4sning\"\n            data-category-ids=\"1002\"\n            data-span-all=\"\"\n                      >\n\n            <div class=\"event_content\">\n              <div class=\"title\">\n                                <span>Palliativ v\u00e5rd - Vad \u00e4r palliativ v\u00e5rd? Vilka barn d\u00f6r? <\/span>\n              <\/div>\n              <div class=\"span_room\"><span><\/span><\/div>\n              <div class=\"time\">\n                <span>\n                  08:15-09:00                <\/span><\/div>\n\n              <div class=\"lecturer\"><span>Christina Lindstr\u00f6m<\/span><\/div>\n            <\/div>\n\n\n                                <div style=\"background-color:#B2FF78; position: absolute !important ; height: 4px !important; left: 4px; right: 4px; bottom : 2px !important;  border\"><\/div>\n            \n          <\/div>\n\n      \n          <div class=\"event \"\n            data-id=\"1243\"\n            data-project=\"project_338_2017_12_12\"\n            data-title=\"\u00c5rsm\u00f6te BLFs delf\u00f6rening Allm\u00e4npediatrik och H\u00e4lsov\u00e5rd\"\n            data-abs-nbr=\"\"\n            data-ystart=\"8.25\"\n            data-yend=\"9\"\n            data-time=\"08:15-09:00\"\n            data-room=\"13\"\n            data-room-id=\"1028\"\n            data-room-name=\"Sal 202\"\n            data-day=\"3\"\n            data-abs-path=\"\"\n            data-speaker=\"\"\n            data-speakercell=\"\"\n            data-info=\"                  &lt;p&gt;\u00c5rsm\u00f6te BLFs delf\u00f6rening Allm\u00e4npediatrik och H\u00e4lsov\u00e5rd&lt;\/p&gt;                 &lt;br&gt;&lt;br&gt;\"\n            data-category=\"M\u00f6te\"\n            data-category-ids=\"1004\"\n            data-span-all=\"\"\n                      >\n\n            <div class=\"event_content\">\n              <div class=\"title\">\n                                <span>\u00c5rsm\u00f6te BLFs delf\u00f6rening Allm\u00e4npediatrik och H\u00e4lsov\u00e5rd<\/span>\n              <\/div>\n              <div class=\"span_room\"><span><\/span><\/div>\n              <div class=\"time\">\n                <span>\n                  08:15-09:00                <\/span><\/div>\n\n              \n            <\/div>\n\n\n                                <div style=\"background-color:#FFFA5C; position: absolute !important ; height: 4px !important; left: 4px; right: 4px; bottom : 2px !important;  border\"><\/div>\n            \n          <\/div>\n\n      \n          <div class=\"event \"\n            data-id=\"1200\"\n            data-project=\"project_338_2017_12_12\"\n            data-title=\"Aktuellt om food protein-induced enterocolitis syndrome (FPIES) och resultat fr\u00e5n v\u00e5r studie \"\n            data-abs-nbr=\"\"\n            data-ystart=\"8.25\"\n            data-yend=\"8.75\"\n            data-time=\"08:15-08:45\"\n            data-room=\"1\"\n            data-room-id=\"1021\"\n            data-room-name=\"Lilla Kongresshallen\"\n            data-day=\"3\"\n            data-abs-path=\"\"\n            data-speaker=\"Josefin Ullberg, Barnl\u00e4kare, Barn- och ungdomskliniken, V\u00e4ster\u00e5s; Caroline Nilsson, Docent, Barnallergolog, Sachsska Barnsjukhuset\"\n            data-speakercell=\"Josefin Ullberg, Barnl\u00e4kare, Barn- och ungdomskliniken, V\u00e4ster\u00e5s; Caroline Nilsson, Docent, Barnallergolog, Sachsska Barnsjukhuset\"\n            data-info=\"&lt;b&gt;Moderatorer: &lt;\/b&gt;Martin Dalenbring,  Barnallergolog, Barn- och ungdomskliniken, V\u00e4ster\u00e5s; Mareike Fech-Bormann, Barnallergolog, Barnl\u00e4kare, Barn- och ungdomskliniken, V\u00e4ster\u00e5s&lt;br&gt;&lt;br&gt;                  &lt;p&gt;08.15-08.45 Aktuellt om food protein-induced enterocolitis syndrome(FPIES) och resultat fr\u00e5n v\u00e5r studie (30 min)Josefin Ullberg, barnl\u00e4kare, V\u00e4ster\u00e5s&lt;\/p&gt;                  &lt;div&gt;                  &lt;\/div&gt;                  &lt;div&gt;                   &lt;div&gt;                    08.50-09.50:&amp;nbsp;Allergidiagnostik inklusive komponentdiagnostik (60 min)                   &lt;\/div&gt;                   &lt;div&gt;                    Dr. Caroline Nilsson, docent, barnallergolog, Sachsska Barnsjukhuset                   &lt;\/div&gt;                   &lt;div&gt;                   &lt;\/div&gt;                   &lt;div&gt;                    &lt;br&gt;                   &lt;\/div&gt;                   &lt;div&gt;                    &lt;br&gt;                   &lt;\/div&gt;                  &lt;\/div&gt;                 &lt;br&gt;&lt;br&gt;\"\n            data-category=\"F\u00f6rel\u00e4sning\"\n            data-category-ids=\"1002\"\n            data-span-all=\"\"\n                      >\n\n            <div class=\"event_content\">\n              <div class=\"title\">\n                                <span>Aktuellt om food protein-induced enterocolitis syndrome (FPIES) och resultat fr\u00e5n v\u00e5r studie <\/span>\n              <\/div>\n              <div class=\"span_room\"><span><\/span><\/div>\n              <div class=\"time\">\n                <span>\n                  08:15-08:45                <\/span><\/div>\n\n              <div class=\"lecturer\"><span>Josefin Ullberg, Barnl\u00e4kare, Barn- och ungdomskliniken, V\u00e4ster\u00e5s; Caroline Nilsson, Docent, Barnallergolog, Sachsska Barnsjukhuset<\/span><\/div>\n            <\/div>\n\n\n                                <div style=\"background-color:#B2FF78; position: absolute !important ; height: 4px !important; left: 4px; right: 4px; bottom : 2px !important;  border\"><\/div>\n            \n          <\/div>\n\n      \n          <div class=\"event \"\n            data-id=\"1209\"\n            data-project=\"project_338_2017_12_12\"\n            data-title=\"Reumatologi - Presentation av nytt PM Henoch Sch\u00f6nlein\/IgA vaskulit\"\n            data-abs-nbr=\"\"\n            data-ystart=\"8.25\"\n            data-yend=\"9\"\n            data-time=\"08:15-09:00\"\n            data-room=\"3\"\n            data-room-id=\"1024\"\n            data-room-name=\"H\u00f6rsalen\"\n            data-day=\"3\"\n            data-abs-path=\"\"\n            data-speaker=\"Robin Kahn, Barnl\u00e4kare, Sk\u00e5nes Universitetssjukhus\"\n            data-speakercell=\"Robin Kahn, Barnl\u00e4kare, Sk\u00e5nes Universitetssjukhus\"\n            data-info=\"&lt;b&gt;Moderatorer: &lt;\/b&gt;Johan Sch\u00f6ier, Barnl\u00e4kare, V\u00e4ster\u00e5s barnmottagning&lt;br&gt;&lt;br&gt;                  &lt;p&gt;Presentation av nytt PM Henoch Sch\u00f6nlein\/IgA vaskulit&lt;\/p&gt;                 &lt;br&gt;&lt;br&gt;\"\n            data-category=\"F\u00f6rel\u00e4sning\"\n            data-category-ids=\"1002\"\n            data-span-all=\"\"\n                      >\n\n            <div class=\"event_content\">\n              <div class=\"title\">\n                                <span>Reumatologi - Presentation av nytt PM Henoch Sch\u00f6nlein\/IgA vaskulit<\/span>\n              <\/div>\n              <div class=\"span_room\"><span><\/span><\/div>\n              <div class=\"time\">\n                <span>\n                  08:15-09:00                <\/span><\/div>\n\n              <div class=\"lecturer\"><span>Robin Kahn, Barnl\u00e4kare, Sk\u00e5nes Universitetssjukhus<\/span><\/div>\n            <\/div>\n\n\n                                <div style=\"background-color:#B2FF78; position: absolute !important ; height: 4px !important; left: 4px; right: 4px; bottom : 2px !important;  border\"><\/div>\n            \n          <\/div>\n\n      \n          <div class=\"event \"\n            data-id=\"1283\"\n            data-project=\"project_338_2017_12_12\"\n            data-title=\"Allergi - Allergidiagnostik &amp; Komponenter  \"\n            data-abs-nbr=\"\"\n            data-ystart=\"8.8333333333333\"\n            data-yend=\"9.8333333333333\"\n            data-time=\"08:50-09:50\"\n            data-room=\"1\"\n            data-room-id=\"1021\"\n            data-room-name=\"Lilla Kongresshallen\"\n            data-day=\"3\"\n            data-abs-path=\"\"\n            data-speaker=\"Caroline Nilsson, Docent, Barnallergolog, Sachsska Barnsjukhuset\"\n            data-speakercell=\"Caroline Nilsson, Docent, Barnallergolog, Sachsska Barnsjukhuset\"\n            data-info=\"&lt;b&gt;Moderatorer: &lt;\/b&gt;Martin Dalenbring,  Barnallergolog, Barn- och ungdomskliniken, V\u00e4ster\u00e5s; Mareike Fech-Bormann, Barnallergolog, Barnl\u00e4kare, Barn- och ungdomskliniken, V\u00e4ster\u00e5s&lt;br&gt;&lt;br&gt;                  &lt;p&gt;&lt;br&gt;&lt;\/p&gt;                  &lt;div&gt;                   08.50-09.50:&amp;nbsp;Allergidiagnostik inklusive komponentdiagnostik (60 min)                  &lt;\/div&gt;                  &lt;div&gt;                   Dr. Caroline Nilsson, docent, barnallergolog, Sachsska Barnsjukhuset                  &lt;\/div&gt;                  &lt;div&gt;                   &lt;br&gt;                  &lt;\/div&gt;                 &lt;br&gt;&lt;br&gt;\"\n            data-category=\"F\u00f6rel\u00e4sning\"\n            data-category-ids=\"1002\"\n            data-span-all=\"\"\n                      >\n\n            <div class=\"event_content\">\n              <div class=\"title\">\n                                <span>Allergi - Allergidiagnostik & Komponenter  <\/span>\n              <\/div>\n              <div class=\"span_room\"><span><\/span><\/div>\n              <div class=\"time\">\n                <span>\n                  08:50-09:50                <\/span><\/div>\n\n              <div class=\"lecturer\"><span>Caroline Nilsson, Docent, Barnallergolog, Sachsska Barnsjukhuset<\/span><\/div>\n            <\/div>\n\n\n                                <div style=\"background-color:#B2FF78; position: absolute !important ; height: 4px !important; left: 4px; right: 4px; bottom : 2px !important;  border\"><\/div>\n            \n          <\/div>\n\n      \n          <div class=\"event \"\n            data-id=\"1206\"\n            data-project=\"project_338_2017_12_12\"\n            data-title=\"Allm\u00e4npediatrik och h\u00e4lsov\u00e5rd - Generation Pep \u2013 hur kan vi bidra till att sprida kunskap och engagemang kring barn och ungas h\u00e4lsa? Hur kan vi arbeta tillsammans? \"\n            data-abs-nbr=\"\"\n            data-ystart=\"9.0833333333333\"\n            data-yend=\"9.8333333333333\"\n            data-time=\"09:05-09:50\"\n            data-room=\"0\"\n            data-room-id=\"1018\"\n            data-room-name=\"Stora Kongresshallen\"\n            data-day=\"3\"\n            data-abs-path=\"\"\n            data-speaker=\"Gerda Nilsson Tjernstr\u00f6m, Gen pep; Lenka  Prokopec Karlberg, Gen Pep\"\n            data-speakercell=\"Gerda Nilsson Tjernstr\u00f6m, Gen pep; Lenka  Prokopec Karlberg, Gen Pep\"\n            data-info=\"                  &lt;p&gt;&lt;i&gt;Generation Pep \u2013 hur kan vi bidra till att sprida kunskap och engagemang kring barn och ungas h\u00e4lsa? Hur kan vi arbeta tillsammans?&lt;\/i&gt;&lt;br&gt;&lt;\/p&gt;                  &lt;div&gt;&lt;br&gt;&lt;\/div&gt;                 &lt;br&gt;&lt;br&gt;\"\n            data-category=\"F\u00f6rel\u00e4sning\"\n            data-category-ids=\"1002\"\n            data-span-all=\"\"\n                      >\n\n            <div class=\"event_content\">\n              <div class=\"title\">\n                                <span>Allm\u00e4npediatrik och h\u00e4lsov\u00e5rd - Generation Pep \u2013 hur kan vi bidra till att sprida kunskap och engagemang kring barn och ungas h\u00e4lsa? Hur kan vi arbeta tillsammans? <\/span>\n              <\/div>\n              <div class=\"span_room\"><span><\/span><\/div>\n              <div class=\"time\">\n                <span>\n                  09:05-09:50                <\/span><\/div>\n\n              <div class=\"lecturer\"><span>Gerda Nilsson Tjernstr\u00f6m, Gen pep; Lenka  Prokopec Karlberg, Gen Pep<\/span><\/div>\n            <\/div>\n\n\n                                <div style=\"background-color:#B2FF78; position: absolute !important ; height: 4px !important; left: 4px; right: 4px; bottom : 2px !important;  border\"><\/div>\n            \n          <\/div>\n\n      \n          <div class=\"event \"\n            data-id=\"1225\"\n            data-project=\"project_338_2017_12_12\"\n            data-title=\"Barnakutsjukv\u00e5rd - The febrile infant in the emergency department\"\n            data-abs-nbr=\"\"\n            data-ystart=\"9.0833333333333\"\n            data-yend=\"9.8333333333333\"\n            data-time=\"09:05-09:50\"\n            data-room=\"2\"\n            data-room-id=\"1023\"\n            data-room-name=\"Lilla Salen\"\n            data-day=\"3\"\n            data-abs-path=\"\"\n            data-speaker=\"Silvia Bressan, Assistant professor of Pediatrics\"\n            data-speakercell=\"Silvia Bressan, Assistant professor of Pediatrics\"\n            data-info=\"                  &lt;p&gt;Silvia Bressan , MD, PhD Assistant professor of Pediatrics Division of Pediatric Emergency Medicine, University of Padova, Italy Off-campus research fellow, Murdoch Childrens Research Institute Melbourne, Australia Dr. Bressan \u00e4r sedan september 2017 \u00e4ven &quot;Secretary for the REPEM Group , Research in European Pediatric Emergency Medicine&lt;br&gt;&lt;\/p&gt;                 &lt;br&gt;&lt;br&gt;\"\n            data-category=\"F\u00f6rel\u00e4sning\"\n            data-category-ids=\"1002\"\n            data-span-all=\"\"\n                      >\n\n            <div class=\"event_content\">\n              <div class=\"title\">\n                                <span>Barnakutsjukv\u00e5rd - The febrile infant in the emergency department<\/span>\n              <\/div>\n              <div class=\"span_room\"><span><\/span><\/div>\n              <div class=\"time\">\n                <span>\n                  09:05-09:50                <\/span><\/div>\n\n              <div class=\"lecturer\"><span>Silvia Bressan, Assistant professor of Pediatrics<\/span><\/div>\n            <\/div>\n\n\n                                <div style=\"background-color:#B2FF78; position: absolute !important ; height: 4px !important; left: 4px; right: 4px; bottom : 2px !important;  border\"><\/div>\n            \n          <\/div>\n\n      \n          <div class=\"event \"\n            data-id=\"1178\"\n            data-project=\"project_338_2017_12_12\"\n            data-title=\"Allm\u00e4npediatrik och H\u00e4lsov\u00e5rd - Eksemskola, sm\u00f6rjteknik \"\n            data-abs-nbr=\"\"\n            data-ystart=\"9.0833333333333\"\n            data-yend=\"9.8333333333333\"\n            data-time=\"09:05-09:50\"\n            data-room=\"7\"\n            data-room-id=\"1030\"\n            data-room-name=\"Sal 105\"\n            data-day=\"3\"\n            data-abs-path=\"\"\n            data-speaker=\"Anna  Bernholm, Barnsjuksk\u00f6terska med specialitet inom astma, allergi och eksem. Barnkliniken \u00d6stersunds sjukhus\"\n            data-speakercell=\"Anna  Bernholm, Barnsjuksk\u00f6terska med specialitet inom astma, allergi och eksem. Barnkliniken \u00d6stersunds sjukhus\"\n            data-info=\"                  &lt;p&gt;Eksemskola, sm\u00f6rjteknik&amp;nbsp;&lt;\/p&gt;                 &lt;p&gt;&lt;span style=&quot;font-style: italic;&quot;&gt;Samma workshop arrangeras vid fler tillf\u00e4llen.&lt;\/span&gt;&lt;br&gt;&lt;\/p&gt;                 &lt;br&gt;&lt;br&gt;\"\n            data-category=\"Workshop\"\n            data-category-ids=\"1003\"\n            data-span-all=\"\"\n                      >\n\n            <div class=\"event_content\">\n              <div class=\"title\">\n                                <span>Allm\u00e4npediatrik och H\u00e4lsov\u00e5rd - Eksemskola, sm\u00f6rjteknik <\/span>\n              <\/div>\n              <div class=\"span_room\"><span><\/span><\/div>\n              <div class=\"time\">\n                <span>\n                  09:05-09:50                <\/span><\/div>\n\n              <div class=\"lecturer\"><span>Anna  Bernholm, Barnsjuksk\u00f6terska med specialitet inom astma, allergi och eksem. Barnkliniken \u00d6stersunds sjukhus<\/span><\/div>\n            <\/div>\n\n\n                                <div style=\"background-color:#B2A1C9; position: absolute !important ; height: 4px !important; left: 4px; right: 4px; bottom : 2px !important;  border\"><\/div>\n            \n          <\/div>\n\n      \n          <div class=\"event \"\n            data-id=\"1270\"\n            data-project=\"project_338_2017_12_12\"\n            data-title=\"Reumatologi - PM Kawasaki\"\n            data-abs-nbr=\"\"\n            data-ystart=\"9.0833333333333\"\n            data-yend=\"9.8333333333333\"\n            data-time=\"09:05-09:50\"\n            data-room=\"3\"\n            data-room-id=\"1024\"\n            data-room-name=\"H\u00f6rsalen\"\n            data-day=\"3\"\n            data-abs-path=\"\"\n            data-speaker=\"Charlotta Nordenh\u00e4ll; Bo Magnusson, Dr, Astrid Lindgrens barnsjukhus\"\n            data-speakercell=\"Charlotta Nordenh\u00e4ll; Bo Magnusson, Dr, Astrid Lindgrens barnsjukhus\"\n            data-info=\"&lt;b&gt;Moderatorer: &lt;\/b&gt;Johan Sch\u00f6ier, Barnl\u00e4kare, V\u00e4ster\u00e5s barnmottagning&lt;br&gt;&lt;br&gt;                  &lt;p&gt;Genomg\u00e5ng av uppdaterat nationellt PM.&lt;br&gt;&lt;\/p&gt;                 &lt;br&gt;&lt;br&gt;\"\n            data-category=\"F\u00f6rel\u00e4sning\"\n            data-category-ids=\"1002\"\n            data-span-all=\"\"\n                      >\n\n            <div class=\"event_content\">\n              <div class=\"title\">\n                                <span>Reumatologi - PM Kawasaki<\/span>\n              <\/div>\n              <div class=\"span_room\"><span><\/span><\/div>\n              <div class=\"time\">\n                <span>\n                  09:05-09:50                <\/span><\/div>\n\n              <div class=\"lecturer\"><span>Charlotta Nordenh\u00e4ll; Bo Magnusson, Dr, Astrid Lindgrens barnsjukhus<\/span><\/div>\n            <\/div>\n\n\n                                <div style=\"background-color:#B2FF78; position: absolute !important ; height: 4px !important; left: 4px; right: 4px; bottom : 2px !important;  border\"><\/div>\n            \n          <\/div>\n\n      \n          <div class=\"event \"\n            data-id=\"1232\"\n            data-project=\"project_338_2017_12_12\"\n            data-title=\"Palliativ v\u00e5rd - Palliativ v\u00e5rd p\u00e5 regionsjukhus\/l\u00e4nssjukhus\"\n            data-abs-nbr=\"\"\n            data-ystart=\"9.0833333333333\"\n            data-yend=\"9.8333333333333\"\n            data-time=\"09:05-09:50\"\n            data-room=\"10\"\n            data-room-id=\"1022\"\n            data-room-name=\"Sal 109\"\n            data-day=\"3\"\n            data-abs-path=\"\"\n            data-speaker=\"Eva Turup, Uppsala; Annika Bjur\u00f6, \u00d6verl\u00e4kare, Avancerad sjukv\u00e5rd i hemmet (ASIH) Lund\/Malm\u00f6; Agneta Holtz, \u00d6verl\u00e4kare, Barn- och Ungdomskliniken, V\u00e4ster\u00e5s; Sofia Dettmann, \u00d6verl\u00e4kare, Onkolog kliniken\"\n            data-speakercell=\"Eva Turup, Uppsala; Annika Bjur\u00f6, \u00d6verl\u00e4kare, Avancerad sjukv\u00e5rd i hemmet (ASIH) Lund\/Malm\u00f6; Agneta Holtz, \u00d6verl\u00e4kare, Barn- och Ungdomskliniken, V\u00e4ster\u00e5s; Sofia Dettmann, \u00d6verl\u00e4kare, Onkolog kliniken\"\n            data-info=\"&lt;b&gt;Moderatorer: &lt;\/b&gt;Karin B\u00e4ckdahl, Barnl\u00e4kare, Lilla Erstag\u00e5rden&lt;br&gt;&lt;br&gt;                  &lt;p&gt;Palliativ v\u00e5rd p\u00e5 regionsjukhus\/l\u00e4nssjukhus&lt;br&gt;Hur ser det ut i Sverige?&lt;\/p&gt;                  &lt;p&gt;Regionssjukhus: Om hemv\u00e5rdens utveckling och hur det fungerar nu i Uppsala.&lt;\/p&gt;                  &lt;p&gt;L\u00e4nssjukhus:&amp;nbsp;&lt;br&gt;Korta fallbeskrivningar fr\u00e5n V\u00e4stmanland. Hur sk\u00f6ts kontakterna mellan v\u00e5rdgivarna? Vad tycker barnet och dess familj om&amp;nbsp; den palliativa v\u00e5rden?&lt;\/p&gt;                 &lt;br&gt;&lt;br&gt;\"\n            data-category=\"F\u00f6rel\u00e4sning\"\n            data-category-ids=\"1002\"\n            data-span-all=\"\"\n                      >\n\n            <div class=\"event_content\">\n              <div class=\"title\">\n                                <span>Palliativ v\u00e5rd - Palliativ v\u00e5rd p\u00e5 regionsjukhus\/l\u00e4nssjukhus<\/span>\n              <\/div>\n              <div class=\"span_room\"><span><\/span><\/div>\n              <div class=\"time\">\n                <span>\n                  09:05-09:50                <\/span><\/div>\n\n              <div class=\"lecturer\"><span>Eva Turup, Uppsala; Annika Bjur\u00f6, \u00d6verl\u00e4kare, Avancerad sjukv\u00e5rd i hemmet (ASIH) Lund\/Malm\u00f6; Agneta Holtz, \u00d6verl\u00e4kare, Barn- och Ungdomskliniken, V\u00e4ster\u00e5s; Sofia Dettmann, \u00d6verl\u00e4kare, Onkolog kliniken<\/span><\/div>\n            <\/div>\n\n\n                                <div style=\"background-color:#B2FF78; position: absolute !important ; height: 4px !important; left: 4px; right: 4px; bottom : 2px !important;  border\"><\/div>\n            \n          <\/div>\n\n      \n          <div class=\"event \"\n            data-id=\"1258\"\n            data-project=\"project_338_2017_12_12\"\n            data-title=\"Fika, utst\u00e4llare, posterbes\u00f6k\"\n            data-abs-nbr=\"\"\n            data-ystart=\"9.8333333333333\"\n            data-yend=\"10.416666666667\"\n            data-time=\"09:50-10:25\"\n            data-room=\"18\"\n            data-room-id=\"1013\"\n            data-room-name=\"Utst\u00e4llningen\"\n            data-day=\"3\"\n            data-abs-path=\"\"\n            data-speaker=\"\"\n            data-speakercell=\"\"\n            data-info=\"\"\n            data-category=\"\"\n            data-category-ids=\"\"\n            data-span-all=\"1\"\n                      >\n\n            <div class=\"event_content\">\n              <div class=\"title\">\n                                <span>Fika, utst\u00e4llare, posterbes\u00f6k<\/span>\n              <\/div>\n              <div class=\"span_room\"><span>Utst\u00e4llningen<br\/><\/span><\/div>\n              <div class=\"time\">\n                <span>\n                  09:50-10:25                <\/span><\/div>\n\n              \n            <\/div>\n\n\n            \n          <\/div>\n\n      \n          <div class=\"event \"\n            data-id=\"1262\"\n            data-project=\"project_338_2017_12_12\"\n            data-title=\"F\u00f6rs\u00e4kringskassan - F\u00f6rs\u00e4kringsmedicin\"\n            data-abs-nbr=\"\"\n            data-ystart=\"10.416666666667\"\n            data-yend=\"11.166666666667\"\n            data-time=\"10:25-11:10\"\n            data-room=\"11\"\n            data-room-id=\"1029\"\n            data-room-name=\"Sal 110\"\n            data-day=\"3\"\n            data-abs-path=\"\"\n            data-speaker=\"\"\n            data-speakercell=\"\"\n            data-info=\"                  &lt;p&gt;Vilkenmedicinsk information beh\u00f6ver F\u00f6rs\u00e4kringskassan f\u00e5 av dig som l\u00e4kare? Iseminariet g\u00e5r vi kortfattat igenom respektive f\u00f6rs\u00e4kring och vilkeninformation som beh\u00f6vs. Med finns b\u00e5de f\u00f6rs\u00e4kringsmedicinska r\u00e5dgivare ochexperter p\u00e5 sj\u00e4lva f\u00f6rs\u00e4kringarna; V\u00e5rdbidrag, Tillf\u00e4lligf\u00f6r\u00e4ldrapenning\/Allvarligt Sjuka Barn&lt;br&gt;&lt;\/p&gt;                 &lt;p&gt;&lt;span style=&quot;font-style: italic;&quot;&gt;Samma workshop arrangeras vid fler tillf\u00e4llen.&lt;\/span&gt;&lt;br&gt;&lt;\/p&gt;                 &lt;br&gt;&lt;br&gt;\"\n            data-category=\"Workshop\"\n            data-category-ids=\"1003\"\n            data-span-all=\"\"\n                      >\n\n            <div class=\"event_content\">\n              <div class=\"title\">\n                                <span>F\u00f6rs\u00e4kringskassan - F\u00f6rs\u00e4kringsmedicin<\/span>\n              <\/div>\n              <div class=\"span_room\"><span><\/span><\/div>\n              <div class=\"time\">\n                <span>\n                  10:25-11:10                <\/span><\/div>\n\n              \n            <\/div>\n\n\n                                <div style=\"background-color:#B2A1C9; position: absolute !important ; height: 4px !important; left: 4px; right: 4px; bottom : 2px !important;  border\"><\/div>\n            \n          <\/div>\n\n      \n          <div class=\"event \"\n            data-id=\"1226\"\n            data-project=\"project_338_2017_12_12\"\n            data-title=\"Barnakutsjukv\u00e5rd - Pneumonidiagnostik p\u00e5 barn- en utmaning!\"\n            data-abs-nbr=\"\"\n            data-ystart=\"10.416666666667\"\n            data-yend=\"11.166666666667\"\n            data-time=\"10:25-11:10\"\n            data-room=\"2\"\n            data-room-id=\"1023\"\n            data-room-name=\"Lilla Salen\"\n            data-day=\"3\"\n            data-abs-path=\"\"\n            data-speaker=\"Samuel Rhedin, MD, AT-l\u00e4kare, S\u00f6dersjukhuset; Tobias Alfv\u00e9n, Barnl\u00e4kare, docent, Sachsska Barn- och ungdomssjukhuset\"\n            data-speakercell=\"Samuel Rhedin, MD, AT-l\u00e4kare, S\u00f6dersjukhuset; Tobias Alfv\u00e9n, Barnl\u00e4kare, docent, Sachsska Barn- och ungdomssjukhuset\"\n            data-info=\"                  &lt;p&gt;F\u00f6rel\u00e4sningen \u00e4r t\u00e4nkt som en genomg\u00e5ng \u00f6ver r\u00e5dande riktlinjer och praxis f\u00f6r pneumonidiagnostik i Sverige\/v\u00e4rlden samt det r\u00e5dande forskningl\u00e4get vad g\u00e4ller framtida diagnostiska metoder.&lt;br&gt;&lt;\/p&gt;                 &lt;br&gt;&lt;br&gt;\"\n            data-category=\"F\u00f6rel\u00e4sning\"\n            data-category-ids=\"1002\"\n            data-span-all=\"\"\n                      >\n\n            <div class=\"event_content\">\n              <div class=\"title\">\n                                <span>Barnakutsjukv\u00e5rd - Pneumonidiagnostik p\u00e5 barn- en utmaning!<\/span>\n              <\/div>\n              <div class=\"span_room\"><span><\/span><\/div>\n              <div class=\"time\">\n                <span>\n                  10:25-11:10                <\/span><\/div>\n\n              <div class=\"lecturer\"><span>Samuel Rhedin, MD, AT-l\u00e4kare, S\u00f6dersjukhuset; Tobias Alfv\u00e9n, Barnl\u00e4kare, docent, Sachsska Barn- och ungdomssjukhuset<\/span><\/div>\n            <\/div>\n\n\n                                <div style=\"background-color:#B2FF78; position: absolute !important ; height: 4px !important; left: 4px; right: 4px; bottom : 2px !important;  border\"><\/div>\n            \n          <\/div>\n\n      \n          <div class=\"event \"\n            data-id=\"1201\"\n            data-project=\"project_338_2017_12_12\"\n            data-title=\"Allergi - N\u00f6tallergi i praktiken\"\n            data-abs-nbr=\"\"\n            data-ystart=\"10.416666666667\"\n            data-yend=\"11.166666666667\"\n            data-time=\"10:25-11:10\"\n            data-room=\"1\"\n            data-room-id=\"1021\"\n            data-room-name=\"Lilla Kongresshallen\"\n            data-day=\"3\"\n            data-abs-path=\"\"\n            data-speaker=\"Mareike Fech-Bormann, Barnallergolog, Barnl\u00e4kare, Barn- och ungdomskliniken, V\u00e4ster\u00e5s\"\n            data-speakercell=\"Mareike Fech-Bormann, Barnallergolog, Barnl\u00e4kare, Barn- och ungdomskliniken, V\u00e4ster\u00e5s\"\n            data-info=\"&lt;b&gt;Moderatorer: &lt;\/b&gt;Martin Dalenbring,  Barnallergolog, Barn- och ungdomskliniken, V\u00e4ster\u00e5s&lt;br&gt;&lt;br&gt;                  &lt;p&gt;\u00c4mnen, som bl a tas upp: Korsreaktioner och sl\u00e4ktskap mellan olika n\u00f6tter och andra livsmedel, diagnostik och handl\u00e4ggning av n\u00f6tallergi p\u00e5 barnmottagningen, indikation f\u00f6r adrenalinpenna, patientinformation, n\u00e5gra patientfall&lt;br&gt;&lt;\/p&gt;                 &lt;br&gt;&lt;br&gt;\"\n            data-category=\"F\u00f6rel\u00e4sning\"\n            data-category-ids=\"1002\"\n            data-span-all=\"\"\n                      >\n\n            <div class=\"event_content\">\n              <div class=\"title\">\n                                <span>Allergi - N\u00f6tallergi i praktiken<\/span>\n              <\/div>\n              <div class=\"span_room\"><span><\/span><\/div>\n              <div class=\"time\">\n                <span>\n                  10:25-11:10                <\/span><\/div>\n\n              <div class=\"lecturer\"><span>Mareike Fech-Bormann, Barnallergolog, Barnl\u00e4kare, Barn- och ungdomskliniken, V\u00e4ster\u00e5s<\/span><\/div>\n            <\/div>\n\n\n                                <div style=\"background-color:#B2FF78; position: absolute !important ; height: 4px !important; left: 4px; right: 4px; bottom : 2px !important;  border\"><\/div>\n            \n          <\/div>\n\n      \n          <div class=\"event \"\n            data-id=\"1271\"\n            data-project=\"project_338_2017_12_12\"\n            data-title=\"Reumatologi - PM Akut artrit\"\n            data-abs-nbr=\"\"\n            data-ystart=\"10.416666666667\"\n            data-yend=\"11.166666666667\"\n            data-time=\"10:25-11:10\"\n            data-room=\"3\"\n            data-room-id=\"1024\"\n            data-room-name=\"H\u00f6rsalen\"\n            data-day=\"3\"\n            data-abs-path=\"\"\n            data-speaker=\"Johan Sch\u00f6ier, Barnl\u00e4kare, V\u00e4ster\u00e5s barnmottagning; Michele Compagno\"\n            data-speakercell=\"Johan Sch\u00f6ier, Barnl\u00e4kare, V\u00e4ster\u00e5s barnmottagning; Michele Compagno\"\n            data-info=\"&lt;b&gt;Moderatorer: &lt;\/b&gt;Johan Sch\u00f6ier, Barnl\u00e4kare, V\u00e4ster\u00e5s barnmottagning&lt;br&gt;&lt;br&gt;                  &lt;p&gt;Presentation av nytt nationellt pm&lt;br&gt;&lt;\/p&gt;                 &lt;br&gt;&lt;br&gt;\"\n            data-category=\"F\u00f6rel\u00e4sning\"\n            data-category-ids=\"1002\"\n            data-span-all=\"\"\n                      >\n\n            <div class=\"event_content\">\n              <div class=\"title\">\n                                <span>Reumatologi - PM Akut artrit<\/span>\n              <\/div>\n              <div class=\"span_room\"><span><\/span><\/div>\n              <div class=\"time\">\n                <span>\n                  10:25-11:10                <\/span><\/div>\n\n              <div class=\"lecturer\"><span>Johan Sch\u00f6ier, Barnl\u00e4kare, V\u00e4ster\u00e5s barnmottagning; Michele Compagno<\/span><\/div>\n            <\/div>\n\n\n                                <div style=\"background-color:#B2FF78; position: absolute !important ; height: 4px !important; left: 4px; right: 4px; bottom : 2px !important;  border\"><\/div>\n            \n          <\/div>\n\n      \n          <div class=\"event \"\n            data-id=\"1180\"\n            data-project=\"project_338_2017_12_12\"\n            data-title=\"Allm\u00e4npediatrik och H\u00e4lsov\u00e5rd - Eksemskola, sm\u00f6rjteknik \"\n            data-abs-nbr=\"\"\n            data-ystart=\"10.416666666667\"\n            data-yend=\"11.166666666667\"\n            data-time=\"10:25-11:10\"\n            data-room=\"7\"\n            data-room-id=\"1030\"\n            data-room-name=\"Sal 105\"\n            data-day=\"3\"\n            data-abs-path=\"\"\n            data-speaker=\"Anna  Bernholm, Barnsjuksk\u00f6terska med specialitet inom astma, allergi och eksem. Barnkliniken \u00d6stersunds sjukhus\"\n            data-speakercell=\"Anna  Bernholm, Barnsjuksk\u00f6terska med specialitet inom astma, allergi och eksem. Barnkliniken \u00d6stersunds sjukhus\"\n            data-info=\"                  &lt;p&gt;Eksemskola, sm\u00f6rjteknik&amp;nbsp;&lt;\/p&gt;                 &lt;p&gt;&lt;span style=&quot;font-style: italic;&quot;&gt;Samma workshop arrangeras vid fler tillf\u00e4llen.&lt;\/span&gt;&lt;br&gt;&lt;\/p&gt;                 &lt;br&gt;&lt;br&gt;\"\n            data-category=\"Workshop\"\n            data-category-ids=\"1003\"\n            data-span-all=\"\"\n                      >\n\n            <div class=\"event_content\">\n              <div class=\"title\">\n                                <span>Allm\u00e4npediatrik och H\u00e4lsov\u00e5rd - Eksemskola, sm\u00f6rjteknik <\/span>\n              <\/div>\n              <div class=\"span_room\"><span><\/span><\/div>\n              <div class=\"time\">\n                <span>\n                  10:25-11:10                <\/span><\/div>\n\n              <div class=\"lecturer\"><span>Anna  Bernholm, Barnsjuksk\u00f6terska med specialitet inom astma, allergi och eksem. Barnkliniken \u00d6stersunds sjukhus<\/span><\/div>\n            <\/div>\n\n\n                                <div style=\"background-color:#B2A1C9; position: absolute !important ; height: 4px !important; left: 4px; right: 4px; bottom : 2px !important;  border\"><\/div>\n            \n          <\/div>\n\n      \n          <div class=\"event \"\n            data-id=\"1343\"\n            data-project=\"project_338_2017_12_12\"\n            data-title=\"Socialstyrelsen - BHV: Att m\u00f6ta f\u00f6r\u00e4ldrar till barn med funktionsneds\u00e4ttning\"\n            data-abs-nbr=\"\"\n            data-ystart=\"10.416666666667\"\n            data-yend=\"11.166666666667\"\n            data-time=\"10:25-11:10\"\n            data-room=\"4\"\n            data-room-id=\"1019\"\n            data-room-name=\"Sal 301\"\n            data-day=\"3\"\n            data-abs-path=\"\"\n            data-speaker=\"Elisabet Sj\u00f6str\u00f6m, Utredare, Socialstyrelsen; Ylva Branting, Utredare, Socialstyrelsen\"\n            data-speakercell=\"Elisabet Sj\u00f6str\u00f6m, Utredare, Socialstyrelsen; Ylva Branting, Utredare, Socialstyrelsen\"\n            data-info=\"                  &lt;p&gt;&lt;\/p&gt;                  &lt;p&gt;Socialstyrelsenhar tagit fram ett utbildningspaket till barnh\u00e4lsov\u00e5rden, BHV: Att m\u00f6ta f\u00f6r\u00e4ldrar till barn med funktionsneds\u00e4ttning.&amp;nbsp;&lt;br&gt;Utbildningspaketet inneh\u00e5ller:&lt;\/p&gt;                  &lt;p&gt;&lt;\/p&gt;                  &lt;li&gt;Ett kunskapsst\u00f6d (baserat p\u00e5 forskning &amp;amp; erfarenhet av en brett sammansatt referensgrupp av personal inom BHV, forskare och yrkesverksamma som ger st\u00f6d till f\u00f6r\u00e4ldrar som har barn med funktionsneds\u00e4ttning. Olika gruppers erfarenhet inom BHV och f\u00f6r\u00e4ldrars erfarenhet har tagits till vara.)&lt;\/li&gt;                  &lt;li&gt;Tv\u00e5 filmer (varav en riktad till f\u00f6r\u00e4ldrar som har barn med funktionsneds\u00e4ttning)&lt;\/li&gt;                  &lt;li&gt;Tv\u00e5 scenarier f\u00f6r gruppdiskussion f\u00f6r BHV-personal&lt;\/li&gt;                  &lt;li&gt;En ppt presentation som sammanfattar paketet&lt;\/li&gt;                  &lt;li&gt;En studiehandledning&amp;nbsp; (som st\u00f6d f\u00f6r hur utbildningar kan l\u00e4ggas upp inom BHV)&lt;\/li&gt;                  &lt;li&gt;En broschyr riktad till f\u00f6r\u00e4ldrar: Beh\u00f6ver ditt barn st\u00f6d fr\u00e5n samh\u00e4llet?&lt;\/li&gt;                  &lt;span style=&quot;font-weight: bold;&quot;&gt;&lt;br&gt;&lt;\/span&gt;                  &lt;p&gt;&lt;\/p&gt;                  &lt;p&gt;&lt;span style=&quot;font-weight: bold;&quot;&gt;Samma f\u00f6rel\u00e4sning ges vid tv\u00e5 tillf\u00e4llen.&lt;\/span&gt; &lt;br&gt; &lt;\/p&gt;                  &lt;ul&gt;                  &lt;\/ul&gt;                  &lt;p&gt;&lt;\/p&gt;                 &lt;br&gt;&lt;br&gt;\"\n            data-category=\"F\u00f6rel\u00e4sning\"\n            data-category-ids=\"1002\"\n            data-span-all=\"\"\n                      >\n\n            <div class=\"event_content\">\n              <div class=\"title\">\n                                <span>Socialstyrelsen - BHV: Att m\u00f6ta f\u00f6r\u00e4ldrar till barn med funktionsneds\u00e4ttning<\/span>\n              <\/div>\n              <div class=\"span_room\"><span><\/span><\/div>\n              <div class=\"time\">\n                <span>\n                  10:25-11:10                <\/span><\/div>\n\n              <div class=\"lecturer\"><span>Elisabet Sj\u00f6str\u00f6m, Utredare, Socialstyrelsen; Ylva Branting, Utredare, Socialstyrelsen<\/span><\/div>\n            <\/div>\n\n\n                                <div style=\"background-color:#B2FF78; position: absolute !important ; height: 4px !important; left: 4px; right: 4px; bottom : 2px !important;  border\"><\/div>\n            \n          <\/div>\n\n      \n          <div class=\"event \"\n            data-id=\"1207\"\n            data-project=\"project_338_2017_12_12\"\n            data-title=\"Allm\u00e4npediatrik och h\u00e4lsov\u00e5rd - Mindfullness\"\n            data-abs-nbr=\"\"\n            data-ystart=\"10.416666666667\"\n            data-yend=\"11.166666666667\"\n            data-time=\"10:25-11:10\"\n            data-room=\"0\"\n            data-room-id=\"1018\"\n            data-room-name=\"Stora Kongresshallen\"\n            data-day=\"3\"\n            data-abs-path=\"\"\n            data-speaker=\"Marie Hansson, Psykolog och psykoterapeut, N\u00e4rh\u00e4lsan, G\u00f6teborg; Elisabeth Carl\u00e9n, Barn- och Ungdomsl\u00e4kare; Lisa Lundell, Svenska Parasportf\u00f6rbundet \"\n            data-speakercell=\"Marie Hansson, Psykolog och psykoterapeut, N\u00e4rh\u00e4lsan, G\u00f6teborg; Elisabeth Carl\u00e9n, Barn- och Ungdomsl\u00e4kare; Lisa Lundell, Svenska Parasportf\u00f6rbundet \"\n            data-info=\"                  &lt;p&gt;Kan mindfulness vara ett verktyg i behandling av barn med psykosomatiska besv\u00e4r?&lt;br&gt;&lt;br&gt;&lt;\/p&gt;                 &lt;br&gt;&lt;br&gt;\"\n            data-category=\"F\u00f6rel\u00e4sning\"\n            data-category-ids=\"1002\"\n            data-span-all=\"\"\n                      >\n\n            <div class=\"event_content\">\n              <div class=\"title\">\n                                <span>Allm\u00e4npediatrik och h\u00e4lsov\u00e5rd - Mindfullness<\/span>\n              <\/div>\n              <div class=\"span_room\"><span><\/span><\/div>\n              <div class=\"time\">\n                <span>\n                  10:25-11:10                <\/span><\/div>\n\n              <div class=\"lecturer\"><span>Marie Hansson, Psykolog och psykoterapeut, N\u00e4rh\u00e4lsan, G\u00f6teborg; Elisabeth Carl\u00e9n, Barn- och Ungdomsl\u00e4kare; Lisa Lundell, Svenska Parasportf\u00f6rbundet <\/span><\/div>\n            <\/div>\n\n\n                                <div style=\"background-color:#B2FF78; position: absolute !important ; height: 4px !important; left: 4px; right: 4px; bottom : 2px !important;  border\"><\/div>\n            \n          <\/div>\n\n      \n          <div class=\"event \"\n            data-id=\"1244\"\n            data-project=\"project_338_2017_12_12\"\n            data-title=\"Allm\u00e4npediatrik och h\u00e4lsov\u00e5rd - Generation Pep \u2013  Vilken roll kan Barnh\u00e4lsov\u00e5rden spela f\u00f6r att hj\u00e4lpa alla barn och unga till ett aktivt och h\u00e4lsosamt liv?\"\n            data-abs-nbr=\"\"\n            data-ystart=\"10.416666666667\"\n            data-yend=\"11.166666666667\"\n            data-time=\"10:25-11:10\"\n            data-room=\"9\"\n            data-room-id=\"1026\"\n            data-room-name=\"Sal 108\"\n            data-day=\"3\"\n            data-abs-path=\"\"\n            data-speaker=\"Lenka  Prokopec Karlberg, Gen Pep; Lisa Lundell, Svenska Parasportf\u00f6rbundet ; Carina Almqvist, Verksmahetschef, Capio Barnav\u00e5rdscentral Farsta\"\n            data-speakercell=\"Lenka  Prokopec Karlberg, Gen Pep; Lisa Lundell, Svenska Parasportf\u00f6rbundet ; Carina Almqvist, Verksmahetschef, Capio Barnav\u00e5rdscentral Farsta\"\n            data-info=\"                  &lt;div&gt;                   &lt;i&gt;Vilken roll kan B&lt;\/i&gt;                   &lt;i&gt;arnh\u00e4lsov\u00e5rden spela f\u00f6r att hj\u00e4lpa alla barn och unga till ett aktivt och h\u00e4lsosamt liv? Verktyg f\u00f6r att sprida kunskap och f\u00f6ra samtal om en h\u00e4lsosam livsstil med barn och f\u00f6r\u00e4ldrar.&lt;\/i&gt;                  &lt;\/div&gt;Lenka Prokopec Karlberg och Gerda Nilsson Tjernstr\u00f6m, Generation Pep                  &lt;div&gt;                  &lt;\/div&gt;                  &lt;div&gt;                   &lt;br&gt;                  &lt;\/div&gt;                  &lt;div&gt;                  &lt;\/div&gt;                 &lt;br&gt;&lt;br&gt;\"\n            data-category=\"Workshop\"\n            data-category-ids=\"1003\"\n            data-span-all=\"\"\n                      >\n\n            <div class=\"event_content\">\n              <div class=\"title\">\n                                <span>Allm\u00e4npediatrik och h\u00e4lsov\u00e5rd - Generation Pep \u2013  Vilken roll kan Barnh\u00e4lsov\u00e5rden spela f\u00f6r att hj\u00e4lpa alla barn och unga till ett aktivt och h\u00e4lsosamt liv?<\/span>\n              <\/div>\n              <div class=\"span_room\"><span><\/span><\/div>\n              <div class=\"time\">\n                <span>\n                  10:25-11:10                <\/span><\/div>\n\n              <div class=\"lecturer\"><span>Lenka  Prokopec Karlberg, Gen Pep; Lisa Lundell, Svenska Parasportf\u00f6rbundet ; Carina Almqvist, Verksmahetschef, Capio Barnav\u00e5rdscentral Farsta<\/span><\/div>\n            <\/div>\n\n\n                                <div style=\"background-color:#B2A1C9; position: absolute !important ; height: 4px !important; left: 4px; right: 4px; bottom : 2px !important;  border\"><\/div>\n            \n          <\/div>\n\n      \n          <div class=\"event \"\n            data-id=\"1234\"\n            data-project=\"project_338_2017_12_12\"\n            data-title=\"Palliativ v\u00e5rd - Medicinsk symtomlindring i hemmet och p\u00e5 sjukhus\"\n            data-abs-nbr=\"\"\n            data-ystart=\"10.416666666667\"\n            data-yend=\"12\"\n            data-time=\"10:25-12:00\"\n            data-room=\"10\"\n            data-room-id=\"1022\"\n            data-room-name=\"Sal 109\"\n            data-day=\"3\"\n            data-abs-path=\"\"\n            data-speaker=\"Karin B\u00e4ckdahl, Barnl\u00e4kare, Lilla Erstag\u00e5rden; Annika Bjur\u00f6, \u00d6verl\u00e4kare, Avancerad sjukv\u00e5rd i hemmet (ASIH) Lund\/Malm\u00f6\"\n            data-speakercell=\"Karin B\u00e4ckdahl, Barnl\u00e4kare, Lilla Erstag\u00e5rden; Annika Bjur\u00f6, \u00d6verl\u00e4kare, Avancerad sjukv\u00e5rd i hemmet (ASIH) Lund\/Malm\u00f6\"\n            data-info=\"                  &lt;p&gt;Tankar och r\u00e5d ang\u00e5ende medicinsk palliativ symtomlindring&amp;nbsp; i tidig fas och sen fas\/livets slut - p\u00e5 sjukhus och i hemmet&lt;\/p&gt;                  &lt;p&gt;Deltagande i hela fm ger intyg f\u00f6r ST-l\u00e4kare uppfyller stora delar av delm\u00e5l b5 men \u00e4ven del av b1, b3, c5 och c10&lt;\/p&gt;                 &lt;br&gt;&lt;br&gt;\"\n            data-category=\"F\u00f6rel\u00e4sning\"\n            data-category-ids=\"1002\"\n            data-span-all=\"\"\n                      >\n\n            <div class=\"event_content\">\n              <div class=\"title\">\n                                <span>Palliativ v\u00e5rd - Medicinsk symtomlindring i hemmet och p\u00e5 sjukhus<\/span>\n              <\/div>\n              <div class=\"span_room\"><span><\/span><\/div>\n              <div class=\"time\">\n                <span>\n                  10:25-12:00                <\/span><\/div>\n\n              <div class=\"lecturer\"><span>Karin B\u00e4ckdahl, Barnl\u00e4kare, Lilla Erstag\u00e5rden; Annika Bjur\u00f6, \u00d6verl\u00e4kare, Avancerad sjukv\u00e5rd i hemmet (ASIH) Lund\/Malm\u00f6<\/span><\/div>\n            <\/div>\n\n\n                                <div style=\"background-color:#B2FF78; position: absolute !important ; height: 4px !important; left: 4px; right: 4px; bottom : 2px !important;  border\"><\/div>\n            \n          <\/div>\n\n      \n          <div class=\"event \"\n            data-id=\"1245\"\n            data-project=\"project_338_2017_12_12\"\n            data-title=\"Allm\u00e4npediatrik och h\u00e4lsov\u00e5rd -  Generation Pep \u2013 \u00c4r det samh\u00e4llets fel att barn och unga med utvecklingsst\u00f6rning har en s\u00e4mre h\u00e4lsa \u00e4n befolkningen i \u00f6vrigt?\u201d  \"\n            data-abs-nbr=\"\"\n            data-ystart=\"11.25\"\n            data-yend=\"12\"\n            data-time=\"11:15-12:00\"\n            data-room=\"9\"\n            data-room-id=\"1026\"\n            data-room-name=\"Sal 108\"\n            data-day=\"3\"\n            data-abs-path=\"\"\n            data-speaker=\"Linn\u00e9a  Bj\u00f6rndahl, Svenska Parasportf\u00f6rbundet; Lenka  Prokopec Karlberg, Gen Pep; Lisa Lundell, Svenska Parasportf\u00f6rbundet ; Carina Almqvist, Verksmahetschef, Capio Barnav\u00e5rdscentral Farsta\"\n            data-speakercell=\"Linn\u00e9a  Bj\u00f6rndahl, Svenska Parasportf\u00f6rbundet; Lenka  Prokopec Karlberg, Gen Pep; Lisa Lundell, Svenska Parasportf\u00f6rbundet ; Carina Almqvist, Verksmahetschef, Capio Barnav\u00e5rdscentral Farsta\"\n            data-info=\"                  &lt;div&gt;                   &lt;i&gt;\u00c4r det samh\u00e4llets fel att barn och unga med utvecklingsst\u00f6rning har en s\u00e4mre h\u00e4lsa \u00e4n befolkningen i \u00f6vrigt?\u201d&lt;\/i&gt;&amp;nbsp;&amp;nbsp;                  &lt;\/div&gt;                  &lt;div&gt;                   Linn\u00e9a Bj\u00f6rndahl, Svenska Parasportf\u00f6rbundet och Lenka Prokopec Karlberg, Generation Pep                  &lt;\/div&gt;                  &lt;p&gt;&amp;nbsp;&lt;\/p&gt;                 &lt;br&gt;&lt;br&gt;\"\n            data-category=\"Workshop\"\n            data-category-ids=\"1003\"\n            data-span-all=\"\"\n                      >\n\n            <div class=\"event_content\">\n              <div class=\"title\">\n                                <span>Allm\u00e4npediatrik och h\u00e4lsov\u00e5rd -  Generation Pep \u2013 \u00c4r det samh\u00e4llets fel att barn och unga med utvecklingsst\u00f6rning har en s\u00e4mre h\u00e4lsa \u00e4n befolkningen i \u00f6vrigt?\u201d  <\/span>\n              <\/div>\n              <div class=\"span_room\"><span><\/span><\/div>\n              <div class=\"time\">\n                <span>\n                  11:15-12:00                <\/span><\/div>\n\n              <div class=\"lecturer\"><span>Linn\u00e9a  Bj\u00f6rndahl, Svenska Parasportf\u00f6rbundet; Lenka  Prokopec Karlberg, Gen Pep; Lisa Lundell, Svenska Parasportf\u00f6rbundet ; Carina Almqvist, Verksmahetschef, Capio Barnav\u00e5rdscentral Farsta<\/span><\/div>\n            <\/div>\n\n\n                                <div style=\"background-color:#B2A1C9; position: absolute !important ; height: 4px !important; left: 4px; right: 4px; bottom : 2px !important;  border\"><\/div>\n            \n          <\/div>\n\n      \n          <div class=\"event \"\n            data-id=\"1286\"\n            data-project=\"project_338_2017_12_12\"\n            data-title=\"Barnakutsjukv\u00e5rd - Ultraljud p\u00e5 akuten- vad kan vi ha f\u00f6r nytta av det? \"\n            data-abs-nbr=\"\"\n            data-ystart=\"11.25\"\n            data-yend=\"12\"\n            data-time=\"11:15-12:00\"\n            data-room=\"2\"\n            data-room-id=\"1023\"\n            data-room-name=\"Lilla Salen\"\n            data-day=\"3\"\n            data-abs-path=\"\"\n            data-speaker=\"Serena Rovida, Dr, Specialist i Akutsjukv\u00e5rd, Link\u00f6ping universitet, Link\u00f6ping\"\n            data-speakercell=\"Serena Rovida, Dr, Specialist i Akutsjukv\u00e5rd, Link\u00f6ping universitet, Link\u00f6ping\"\n            data-info=\"                  &lt;p&gt;Evidence based medicine and ultrasound in EM scenario with the pediatric patient.&lt;br&gt;&lt;\/p&gt;                 &lt;br&gt;&lt;br&gt;\"\n            data-category=\"F\u00f6rel\u00e4sning\"\n            data-category-ids=\"1002\"\n            data-span-all=\"\"\n                      >\n\n            <div class=\"event_content\">\n              <div class=\"title\">\n                                <span>Barnakutsjukv\u00e5rd - Ultraljud p\u00e5 akuten- vad kan vi ha f\u00f6r nytta av det? <\/span>\n              <\/div>\n              <div class=\"span_room\"><span><\/span><\/div>\n              <div class=\"time\">\n                <span>\n                  11:15-12:00                <\/span><\/div>\n\n              <div class=\"lecturer\"><span>Serena Rovida, Dr, Specialist i Akutsjukv\u00e5rd, Link\u00f6ping universitet, Link\u00f6ping<\/span><\/div>\n            <\/div>\n\n\n                                <div style=\"background-color:#B2FF78; position: absolute !important ; height: 4px !important; left: 4px; right: 4px; bottom : 2px !important;  border\"><\/div>\n            \n          <\/div>\n\n      \n          <div class=\"event \"\n            data-id=\"1213\"\n            data-project=\"project_338_2017_12_12\"\n            data-title=\"Allergi - Akut och kronisk urticaria\"\n            data-abs-nbr=\"\"\n            data-ystart=\"11.25\"\n            data-yend=\"12\"\n            data-time=\"11:15-12:00\"\n            data-room=\"1\"\n            data-room-id=\"1021\"\n            data-room-name=\"Lilla Kongresshallen\"\n            data-day=\"3\"\n            data-abs-path=\"\"\n            data-speaker=\"Emma Goks\u00f6r, PhD, Barnallergolog, Drottning Silvias Barnsjukhus, G\u00f6teborg\"\n            data-speakercell=\"Emma Goks\u00f6r, PhD, Barnallergolog, Drottning Silvias Barnsjukhus, G\u00f6teborg\"\n            data-info=\"&lt;b&gt;Moderatorer: &lt;\/b&gt;Martin Dalenbring,  Barnallergolog, Barn- och ungdomskliniken, V\u00e4ster\u00e5s; Mareike Fech-Bormann, Barnallergolog, Barnl\u00e4kare, Barn- och ungdomskliniken, V\u00e4ster\u00e5s&lt;br&gt;&lt;br&gt;                  &lt;table&gt;                   &lt;tbody&gt;                    &lt;tr&gt;                     &lt;td&gt;Utredning, differential diagnostik och behandling av akut och kronisk urtikaria&lt;\/td&gt;                    &lt;\/tr&gt;                   &lt;\/tbody&gt;                  &lt;\/table&gt;                 &lt;br&gt;&lt;br&gt;\"\n            data-category=\"F\u00f6rel\u00e4sning\"\n            data-category-ids=\"1002\"\n            data-span-all=\"\"\n                      >\n\n            <div class=\"event_content\">\n              <div class=\"title\">\n                                <span>Allergi - Akut och kronisk urticaria<\/span>\n              <\/div>\n              <div class=\"span_room\"><span><\/span><\/div>\n              <div class=\"time\">\n                <span>\n                  11:15-12:00                <\/span><\/div>\n\n              <div class=\"lecturer\"><span>Emma Goks\u00f6r, PhD, Barnallergolog, Drottning Silvias Barnsjukhus, G\u00f6teborg<\/span><\/div>\n            <\/div>\n\n\n                                <div style=\"background-color:#B2FF78; position: absolute !important ; height: 4px !important; left: 4px; right: 4px; bottom : 2px !important;  border\"><\/div>\n            \n          <\/div>\n\n      \n          <div class=\"event \"\n            data-id=\"1208\"\n            data-project=\"project_338_2017_12_12\"\n            data-title=\"Allm\u00e4npediatrik och h\u00e4lsov\u00e5rd - Vad h\u00e4nder om vi r\u00f6r p\u00e5 oss? \"\n            data-abs-nbr=\"\"\n            data-ystart=\"11.25\"\n            data-yend=\"12\"\n            data-time=\"11:15-12:00\"\n            data-room=\"0\"\n            data-room-id=\"1018\"\n            data-room-name=\"Stora Kongresshallen\"\n            data-day=\"3\"\n            data-abs-path=\"\"\n            data-speaker=\"Holger  Seidel , BHV \u00f6l S\u00f6rmland\"\n            data-speakercell=\"Holger  Seidel , BHV \u00f6l S\u00f6rmland\"\n            data-info=\"                  &lt;p&gt;Vad h\u00e4nder om vi r\u00f6r p\u00e5 oss?&lt;\/p&gt;                  &lt;p&gt;\u00c4r barn sm\u00e5 vuxna?&lt;\/p&gt;                 &lt;br&gt;&lt;br&gt;\"\n            data-category=\"F\u00f6rel\u00e4sning\"\n            data-category-ids=\"1002\"\n            data-span-all=\"\"\n                      >\n\n            <div class=\"event_content\">\n              <div class=\"title\">\n                                <span>Allm\u00e4npediatrik och h\u00e4lsov\u00e5rd - Vad h\u00e4nder om vi r\u00f6r p\u00e5 oss? <\/span>\n              <\/div>\n              <div class=\"span_room\"><span><\/span><\/div>\n              <div class=\"time\">\n                <span>\n                  11:15-12:00                <\/span><\/div>\n\n              <div class=\"lecturer\"><span>Holger  Seidel , BHV \u00f6l S\u00f6rmland<\/span><\/div>\n            <\/div>\n\n\n                                <div style=\"background-color:#B2FF78; position: absolute !important ; height: 4px !important; left: 4px; right: 4px; bottom : 2px !important;  border\"><\/div>\n            \n          <\/div>\n\n      \n          <div class=\"event \"\n            data-id=\"1263\"\n            data-project=\"project_338_2017_12_12\"\n            data-title=\"F\u00f6rs\u00e4kringskassan - F\u00f6rs\u00e4kringsmedicin\"\n            data-abs-nbr=\"\"\n            data-ystart=\"11.25\"\n            data-yend=\"12\"\n            data-time=\"11:15-12:00\"\n            data-room=\"11\"\n            data-room-id=\"1029\"\n            data-room-name=\"Sal 110\"\n            data-day=\"3\"\n            data-abs-path=\"\"\n            data-speaker=\"\"\n            data-speakercell=\"\"\n            data-info=\"                  &lt;p&gt;Vilkenmedicinsk information beh\u00f6ver F\u00f6rs\u00e4kringskassan f\u00e5 av dig som l\u00e4kare? Iseminariet g\u00e5r vi kortfattat igenom respektive f\u00f6rs\u00e4kring och vilkeninformation som beh\u00f6vs. Med finns b\u00e5de f\u00f6rs\u00e4kringsmedicinska r\u00e5dgivare ochexperter p\u00e5 sj\u00e4lva f\u00f6rs\u00e4kringarna; V\u00e5rdbidrag, Tillf\u00e4lligf\u00f6r\u00e4ldrapenning\/Allvarligt Sjuka Barn&lt;br&gt;&lt;\/p&gt;                 &lt;p&gt;&lt;span style=&quot;font-style: italic;&quot;&gt;Samma workshop arrangeras vid fler tillf\u00e4llen.&lt;\/span&gt;&lt;br&gt;&lt;\/p&gt;                 &lt;br&gt;&lt;br&gt;\"\n            data-category=\"Workshop\"\n            data-category-ids=\"1003\"\n            data-span-all=\"\"\n                      >\n\n            <div class=\"event_content\">\n              <div class=\"title\">\n                                <span>F\u00f6rs\u00e4kringskassan - F\u00f6rs\u00e4kringsmedicin<\/span>\n              <\/div>\n              <div class=\"span_room\"><span><\/span><\/div>\n              <div class=\"time\">\n                <span>\n                  11:15-12:00                <\/span><\/div>\n\n              \n            <\/div>\n\n\n                                <div style=\"background-color:#B2A1C9; position: absolute !important ; height: 4px !important; left: 4px; right: 4px; bottom : 2px !important;  border\"><\/div>\n            \n          <\/div>\n\n      \n          <div class=\"event \"\n            data-id=\"1344\"\n            data-project=\"project_338_2017_12_12\"\n            data-title=\"Socialstyrelsen - BHV: Att m\u00f6ta f\u00f6r\u00e4ldrar till barn med funktionsneds\u00e4ttning\"\n            data-abs-nbr=\"\"\n            data-ystart=\"11.25\"\n            data-yend=\"12\"\n            data-time=\"11:15-12:00\"\n            data-room=\"4\"\n            data-room-id=\"1019\"\n            data-room-name=\"Sal 301\"\n            data-day=\"3\"\n            data-abs-path=\"\"\n            data-speaker=\"Elisabet Sj\u00f6str\u00f6m, Utredare, Socialstyrelsen; Ylva Branting, Utredare, Socialstyrelsen\"\n            data-speakercell=\"Elisabet Sj\u00f6str\u00f6m, Utredare, Socialstyrelsen; Ylva Branting, Utredare, Socialstyrelsen\"\n            data-info=\"                  &lt;p&gt;&lt;\/p&gt;                  &lt;p&gt;Socialstyrelsenhar tagit fram ett utbildningspaket till barnh\u00e4lsov\u00e5rden, BHV: Att m\u00f6ta f\u00f6r\u00e4ldrar till barn med funktionsneds\u00e4ttning.&amp;nbsp;&lt;br&gt;Utbildningspaketet inneh\u00e5ller:&lt;\/p&gt;                  &lt;p&gt;&lt;\/p&gt;                  &lt;li&gt;Ett kunskapsst\u00f6d (baserat p\u00e5 forskning &amp;amp; erfarenhet av en brett sammansatt referensgrupp av personal inom BHV, forskare och yrkesverksamma som ger st\u00f6d till f\u00f6r\u00e4ldrar som har barn med funktionsneds\u00e4ttning. Olika gruppers erfarenhet inom BHV och f\u00f6r\u00e4ldrars erfarenhet har tagits till vara.)&lt;\/li&gt;                  &lt;li&gt;Tv\u00e5 filmer (varav en riktad till f\u00f6r\u00e4ldrar som har barn med funktionsneds\u00e4ttning)&lt;\/li&gt;                  &lt;li&gt;Tv\u00e5 scenarier f\u00f6r gruppdiskussion f\u00f6r BHV-personal&lt;\/li&gt;                  &lt;li&gt;En ppt presentation som sammanfattar paketet&lt;\/li&gt;                  &lt;li&gt;En studiehandledning&amp;nbsp; (som st\u00f6d f\u00f6r hur utbildningar kan l\u00e4ggas upp inom BHV)&lt;\/li&gt;                  &lt;li&gt;En broschyr riktad till f\u00f6r\u00e4ldrar: Beh\u00f6ver ditt barn st\u00f6d fr\u00e5n samh\u00e4llet?&lt;\/li&gt;                  &lt;span style=&quot;font-weight: bold;&quot;&gt;&lt;br&gt;&lt;\/span&gt;                  &lt;p&gt;&lt;\/p&gt;                  &lt;p&gt;&lt;span style=&quot;font-weight: bold;&quot;&gt;Samma f\u00f6rel\u00e4sning ges vid tv\u00e5 tillf\u00e4llen.&lt;\/span&gt; &lt;\/p&gt;                  &lt;ul&gt;                  &lt;\/ul&gt;                  &lt;p&gt;&lt;\/p&gt;                 &lt;br&gt;&lt;br&gt;\"\n            data-category=\"F\u00f6rel\u00e4sning\"\n            data-category-ids=\"1002\"\n            data-span-all=\"\"\n                      >\n\n            <div class=\"event_content\">\n              <div class=\"title\">\n                                <span>Socialstyrelsen - BHV: Att m\u00f6ta f\u00f6r\u00e4ldrar till barn med funktionsneds\u00e4ttning<\/span>\n              <\/div>\n              <div class=\"span_room\"><span><\/span><\/div>\n              <div class=\"time\">\n                <span>\n                  11:15-12:00                <\/span><\/div>\n\n              <div class=\"lecturer\"><span>Elisabet Sj\u00f6str\u00f6m, Utredare, Socialstyrelsen; Ylva Branting, Utredare, Socialstyrelsen<\/span><\/div>\n            <\/div>\n\n\n                                <div style=\"background-color:#B2FF78; position: absolute !important ; height: 4px !important; left: 4px; right: 4px; bottom : 2px !important;  border\"><\/div>\n            \n          <\/div>\n\n      \n          <div class=\"event \"\n            data-id=\"1210\"\n            data-project=\"project_338_2017_12_12\"\n            data-title=\"Reumatologi - Falldragningar Henoch Sch\u00f6nlein, Kawasaki och Akut Artrit, av olika sv\u00e5righetsgrad\"\n            data-abs-nbr=\"\"\n            data-ystart=\"11.25\"\n            data-yend=\"12\"\n            data-time=\"11:15-12:00\"\n            data-room=\"3\"\n            data-room-id=\"1024\"\n            data-room-name=\"H\u00f6rsalen\"\n            data-day=\"3\"\n            data-abs-path=\"\"\n            data-speaker=\"Lillemor Berntson; AnnaCarin Horne\"\n            data-speakercell=\"Lillemor Berntson; AnnaCarin Horne\"\n            data-info=\"&lt;b&gt;Moderatorer: &lt;\/b&gt;Johan Sch\u00f6ier, Barnl\u00e4kare, V\u00e4ster\u00e5s barnmottagning&lt;br&gt;&lt;br&gt;                  &lt;p&gt;Falldragningar Henoch Sch\u00f6nlein, Kawasaki och Akut Artrit, av olika sv\u00e5righetsgrad&lt;br&gt;&lt;\/p&gt;                 &lt;br&gt;&lt;br&gt;\"\n            data-category=\"F\u00f6rel\u00e4sning\"\n            data-category-ids=\"1002\"\n            data-span-all=\"\"\n                      >\n\n            <div class=\"event_content\">\n              <div class=\"title\">\n                                <span>Reumatologi - Falldragningar Henoch Sch\u00f6nlein, Kawasaki och Akut Artrit, av olika sv\u00e5righetsgrad<\/span>\n              <\/div>\n              <div class=\"span_room\"><span><\/span><\/div>\n              <div class=\"time\">\n                <span>\n                  11:15-12:00                <\/span><\/div>\n\n              <div class=\"lecturer\"><span>Lillemor Berntson; AnnaCarin Horne<\/span><\/div>\n            <\/div>\n\n\n                                <div style=\"background-color:#B2FF78; position: absolute !important ; height: 4px !important; left: 4px; right: 4px; bottom : 2px !important;  border\"><\/div>\n            \n          <\/div>\n\n      \n          <div class=\"event \"\n            data-id=\"1272\"\n            data-project=\"project_338_2017_12_12\"\n            data-title=\"Palliativ v\u00e5rd - Lunchm\u00f6te\"\n            data-abs-nbr=\"\"\n            data-ystart=\"12\"\n            data-yend=\"13.25\"\n            data-time=\"12:00-13:15\"\n            data-room=\"12\"\n            data-room-id=\"1033\"\n            data-room-name=\"Sal 201\"\n            data-day=\"3\"\n            data-abs-path=\"\"\n            data-speaker=\"\"\n            data-speakercell=\"\"\n            data-info=\"                  &lt;p&gt;Palliativ v\u00e5rd&lt;\/p&gt;                 &lt;br&gt;&lt;br&gt;\"\n            data-category=\"M\u00f6te\"\n            data-category-ids=\"1004\"\n            data-span-all=\"\"\n                      >\n\n            <div class=\"event_content\">\n              <div class=\"title\">\n                                <span>Palliativ v\u00e5rd - Lunchm\u00f6te<\/span>\n              <\/div>\n              <div class=\"span_room\"><span><\/span><\/div>\n              <div class=\"time\">\n                <span>\n                  12:00-13:15                <\/span><\/div>\n\n              \n            <\/div>\n\n\n                                <div style=\"background-color:#FFFA5C; position: absolute !important ; height: 4px !important; left: 4px; right: 4px; bottom : 2px !important;  border\"><\/div>\n            \n          <\/div>\n\n      \n          <div class=\"event \"\n            data-id=\"1273\"\n            data-project=\"project_338_2017_12_12\"\n            data-title=\"-INST\u00c4LLD- Barnvaccinationer - Lunchm\u00f6te\"\n            data-abs-nbr=\"\"\n            data-ystart=\"12\"\n            data-yend=\"13.25\"\n            data-time=\"12:00-13:15\"\n            data-room=\"13\"\n            data-room-id=\"1028\"\n            data-room-name=\"Sal 202\"\n            data-day=\"3\"\n            data-abs-path=\"\"\n            data-speaker=\"\"\n            data-speakercell=\"\"\n            data-info=\"                  &lt;p&gt;Barnvaccinationer&lt;br&gt;&lt;\/p&gt;                 &lt;br&gt;&lt;br&gt;\"\n            data-category=\"M\u00f6te\"\n            data-category-ids=\"1004\"\n            data-span-all=\"\"\n                      >\n\n            <div class=\"event_content\">\n              <div class=\"title\">\n                                <span>-INST\u00c4LLD- Barnvaccinationer - Lunchm\u00f6te<\/span>\n              <\/div>\n              <div class=\"span_room\"><span><\/span><\/div>\n              <div class=\"time\">\n                <span>\n                  12:00-13:15                <\/span><\/div>\n\n              \n            <\/div>\n\n\n                                <div style=\"background-color:#FFFA5C; position: absolute !important ; height: 4px !important; left: 4px; right: 4px; bottom : 2px !important;  border\"><\/div>\n            \n          <\/div>\n\n      \n          <div class=\"event \"\n            data-id=\"1257\"\n            data-project=\"project_338_2017_12_12\"\n            data-title=\"Lunch med bes\u00f6k hos utst\u00e4llare (Klicka f\u00f6r mer information om Lunchm\u00f6ten)\"\n            data-abs-nbr=\"\"\n            data-ystart=\"12\"\n            data-yend=\"13.25\"\n            data-time=\"12:00-13:15\"\n            data-room=\"19\"\n            data-room-id=\"1008\"\n            data-room-name=\"Evenemangshallen\"\n            data-day=\"3\"\n            data-abs-path=\"\"\n            data-speaker=\"\"\n            data-speakercell=\"\"\n            data-info=\"                 &lt;p&gt;&lt;span style=&quot;font-weight: bold; text-decoration-line: underline;&quot;&gt;Lunchm\u00f6ten&lt;\/span&gt;&lt;br&gt;12.00-13.15&amp;nbsp; Palliativ v\u00e5rd&lt;br&gt;Sal 201&lt;\/p&gt;                 &lt;p&gt;12.00-13.15&amp;nbsp; Barnvaccinationer&lt;br&gt;Sal 202&lt;\/p&gt;                 &lt;p&gt;12.00-13.15&amp;nbsp; Barnakutansvariga Uppsala-\u00d6rebroregionen&lt;br&gt;Sal 203&lt;\/p&gt;                &lt;br&gt;&lt;br&gt;\"\n            data-category=\"\"\n            data-category-ids=\"\"\n            data-span-all=\"1\"\n                      >\n\n            <div class=\"event_content\">\n              <div class=\"title\">\n                                <span>Lunch med bes\u00f6k hos utst\u00e4llare (Klicka f\u00f6r mer information om Lunchm\u00f6ten)<\/span>\n              <\/div>\n              <div class=\"span_room\"><span>Evenemangshallen<br\/><\/span><\/div>\n              <div class=\"time\">\n                <span>\n                  12:00-13:15                <\/span><\/div>\n\n              \n            <\/div>\n\n\n            \n          <\/div>\n\n      \n          <div class=\"event \"\n            data-id=\"1292\"\n            data-project=\"project_338_2017_12_12\"\n            data-title=\"Barnakutansvariga Uppsala-\u00d6rebroregionen - Lunchm\u00f6te\"\n            data-abs-nbr=\"\"\n            data-ystart=\"12\"\n            data-yend=\"13.25\"\n            data-time=\"12:00-13:15\"\n            data-room=\"14\"\n            data-room-id=\"1034\"\n            data-room-name=\"Sal 203\"\n            data-day=\"3\"\n            data-abs-path=\"\"\n            data-speaker=\"\"\n            data-speakercell=\"\"\n            data-info=\"                  &lt;p&gt;Barnakutansvariga Uppsala-\u00d6rebroregionen&lt;br&gt;&lt;\/p&gt;                 &lt;br&gt;&lt;br&gt;\"\n            data-category=\"M\u00f6te\"\n            data-category-ids=\"1004\"\n            data-span-all=\"\"\n                      >\n\n            <div class=\"event_content\">\n              <div class=\"title\">\n                                <span>Barnakutansvariga Uppsala-\u00d6rebroregionen - Lunchm\u00f6te<\/span>\n              <\/div>\n              <div class=\"span_room\"><span><\/span><\/div>\n              <div class=\"time\">\n                <span>\n                  12:00-13:15                <\/span><\/div>\n\n              \n            <\/div>\n\n\n                                <div style=\"background-color:#FFFA5C; position: absolute !important ; height: 4px !important; left: 4px; right: 4px; bottom : 2px !important;  border\"><\/div>\n            \n          <\/div>\n\n      \n          <div class=\"event \"\n            data-id=\"1238\"\n            data-project=\"project_338_2017_12_12\"\n            data-title=\"Reumatologi - Ledstatus och ledinjektioner\"\n            data-abs-nbr=\"\"\n            data-ystart=\"13.25\"\n            data-yend=\"14.833333333333\"\n            data-time=\"13:15-14:50\"\n            data-room=\"10\"\n            data-room-id=\"1022\"\n            data-room-name=\"Sal 109\"\n            data-day=\"3\"\n            data-abs-path=\"\"\n            data-speaker=\"Johan Sch\u00f6ier, Barnl\u00e4kare, V\u00e4ster\u00e5s barnmottagning; Lillemor Berntson; Robin Kahn, Barnl\u00e4kare, Sk\u00e5nes Universitetssjukhus; Charlotta Nordenh\u00e4ll; Michele Compagno; Bo Magnusson, Dr, Astrid Lindgrens barnsjukhus; AnnaCarin Horne\"\n            data-speakercell=\"Johan Sch\u00f6ier, Barnl\u00e4kare, V\u00e4ster\u00e5s barnmottagning; Lillemor Berntson; Robin Kahn, Barnl\u00e4kare, Sk\u00e5nes Universitetssjukhus; Charlotta Nordenh\u00e4ll; Michele Compagno; Bo Magnusson, Dr, Astrid Lindgrens barnsjukhus; AnnaCarin Horne\"\n            data-info=\"                  &lt;p&gt;&lt;span style=&quot;font-weight: bold;&quot;&gt;13.15-14.00&amp;nbsp;&lt;\/span&gt;Ledinjektioner&lt;br&gt;Station 1: Lillemor Berntson, Robin Kahn, Charlotta Nordenh\u00e4ll,&amp;nbsp;&lt;\/p&gt;                  &lt;p&gt;&lt;\/p&gt;                  &lt;p&gt;&lt;span style=&quot;font-weight: bold;&quot;&gt;14.05-14.50&amp;nbsp;&lt;\/span&gt;Ledstatus&lt;br&gt;Station 2: Michele Compagno, Bo Magnusson, Johan Sch\u00f6ier, AnnaCarin Horne&lt;\/p&gt;                 &lt;br&gt;&lt;br&gt;\"\n            data-category=\"Workshop\"\n            data-category-ids=\"1003\"\n            data-span-all=\"\"\n                      >\n\n            <div class=\"event_content\">\n              <div class=\"title\">\n                                <span>Reumatologi - Ledstatus och ledinjektioner<\/span>\n              <\/div>\n              <div class=\"span_room\"><span><\/span><\/div>\n              <div class=\"time\">\n                <span>\n                  13:15-14:50                <\/span><\/div>\n\n              <div class=\"lecturer\"><span>Johan Sch\u00f6ier, Barnl\u00e4kare, V\u00e4ster\u00e5s barnmottagning; Lillemor Berntson; Robin Kahn, Barnl\u00e4kare, Sk\u00e5nes Universitetssjukhus; Charlotta Nordenh\u00e4ll; Michele Compagno; Bo Magnusson, Dr, Astrid Lindgrens barnsjukhus; AnnaCarin Horne<\/span><\/div>\n            <\/div>\n\n\n                                <div style=\"background-color:#B2A1C9; position: absolute !important ; height: 4px !important; left: 4px; right: 4px; bottom : 2px !important;  border\"><\/div>\n            \n          <\/div>\n\n      \n          <div class=\"event \"\n            data-id=\"1246\"\n            data-project=\"project_338_2017_12_12\"\n            data-title=\"Allm\u00e4npediatrik och h\u00e4lsov\u00e5rd - Mindfullness-prova p\u00e5\"\n            data-abs-nbr=\"\"\n            data-ystart=\"13.25\"\n            data-yend=\"14\"\n            data-time=\"13:15-14:00\"\n            data-room=\"9\"\n            data-room-id=\"1026\"\n            data-room-name=\"Sal 108\"\n            data-day=\"3\"\n            data-abs-path=\"\"\n            data-speaker=\"Marie Hansson, Psykolog och psykoterapeut, N\u00e4rh\u00e4lsan, G\u00f6teborg; Elisabeth Carl\u00e9n, Barn- och Ungdomsl\u00e4kare\"\n            data-speakercell=\"Marie Hansson, Psykolog och psykoterapeut, N\u00e4rh\u00e4lsan, G\u00f6teborg; Elisabeth Carl\u00e9n, Barn- och Ungdomsl\u00e4kare\"\n            data-info=\"                  &lt;p&gt;Pr\u00f6va p\u00e5 barnens mindfulness!&lt;\/p&gt;                 &lt;p&gt;&lt;span style=&quot;font-style: italic;&quot;&gt;Samma workshop arrangeras vid fler tillf\u00e4llen.&lt;\/span&gt;&lt;br&gt;&lt;\/p&gt;                 &lt;br&gt;&lt;br&gt;\"\n            data-category=\"Workshop\"\n            data-category-ids=\"1003\"\n            data-span-all=\"\"\n                      >\n\n            <div class=\"event_content\">\n              <div class=\"title\">\n                                <span>Allm\u00e4npediatrik och h\u00e4lsov\u00e5rd - Mindfullness-prova p\u00e5<\/span>\n              <\/div>\n              <div class=\"span_room\"><span><\/span><\/div>\n              <div class=\"time\">\n                <span>\n                  13:15-14:00                <\/span><\/div>\n\n              <div class=\"lecturer\"><span>Marie Hansson, Psykolog och psykoterapeut, N\u00e4rh\u00e4lsan, G\u00f6teborg; Elisabeth Carl\u00e9n, Barn- och Ungdomsl\u00e4kare<\/span><\/div>\n            <\/div>\n\n\n                                <div style=\"background-color:#B2A1C9; position: absolute !important ; height: 4px !important; left: 4px; right: 4px; bottom : 2px !important;  border\"><\/div>\n            \n          <\/div>\n\n      \n          <div class=\"event \"\n            data-id=\"1211\"\n            data-project=\"project_338_2017_12_12\"\n            data-title=\"Basal Pediatrik - Medf\u00f6dda hj\u00e4rtfel\"\n            data-abs-nbr=\"\"\n            data-ystart=\"13.25\"\n            data-yend=\"14\"\n            data-time=\"13:15-14:00\"\n            data-room=\"3\"\n            data-room-id=\"1024\"\n            data-room-name=\"H\u00f6rsalen\"\n            data-day=\"3\"\n            data-abs-path=\"\"\n            data-speaker=\"Peter Jotorp, Barnl\u00e4kare \"\n            data-speakercell=\"Peter Jotorp, Barnl\u00e4kare \"\n            data-info=\"                  &lt;p&gt;Basal Pediatrik&lt;\/p&gt;                  &lt;table&gt;                   &lt;tbody&gt;                    &lt;tr&gt;                     &lt;td&gt;En kort \u00f6versikt om medf\u00f6dda hj\u00e4rtfel, utredning och behandlig&lt;\/td&gt;&lt;\/tr&gt;&lt;\/tbody&gt;&lt;\/table&gt;&lt;p&gt;&lt;br&gt;&lt;\/p&gt;                  &lt;p&gt;\u00d6verl\u00e4kare och verksamhetschef. Jobbat m\u00e5nga \u00e5r med barnkardiologi.&lt;br&gt;&lt;\/p&gt;                 &lt;br&gt;&lt;br&gt;\"\n            data-category=\"F\u00f6rel\u00e4sning\"\n            data-category-ids=\"1002\"\n            data-span-all=\"\"\n                      >\n\n            <div class=\"event_content\">\n              <div class=\"title\">\n                                <span>Basal Pediatrik - Medf\u00f6dda hj\u00e4rtfel<\/span>\n              <\/div>\n              <div class=\"span_room\"><span><\/span><\/div>\n              <div class=\"time\">\n                <span>\n                  13:15-14:00                <\/span><\/div>\n\n              <div class=\"lecturer\"><span>Peter Jotorp, Barnl\u00e4kare <\/span><\/div>\n            <\/div>\n\n\n                                <div style=\"background-color:#B2FF78; position: absolute !important ; height: 4px !important; left: 4px; right: 4px; bottom : 2px !important;  border\"><\/div>\n            \n          <\/div>\n\n      \n          <div class=\"event \"\n            data-id=\"1224\"\n            data-project=\"project_338_2017_12_12\"\n            data-title=\"Diabetes - Praktisk kolhydratr\u00e4kning\/insulindosering\"\n            data-abs-nbr=\"\"\n            data-ystart=\"13.25\"\n            data-yend=\"14\"\n            data-time=\"13:15-14:00\"\n            data-room=\"7\"\n            data-room-id=\"1030\"\n            data-room-name=\"Sal 105\"\n            data-day=\"3\"\n            data-abs-path=\"\"\n            data-speaker=\"Anneli Helmrich, Dietist, Region V\u00e4stmanland\"\n            data-speakercell=\"Anneli Helmrich, Dietist, Region V\u00e4stmanland\"\n            data-info=\"                  &lt;p&gt;Diabetesteamet V\u00e4ster\u00e5s. Utifr\u00e5n m\u00e5ltider och scenario ber\u00e4knas insulindos efter kort f\u00f6rel\u00e4sning om kolhydratr\u00e4kning. Mest l\u00e4mplig dos r\u00f6stas fram med hj\u00e4lp av mentometer.&lt;\/p&gt;                  &lt;p&gt;Kolhydratr\u00e4kning \u00e4r ett bra och viktig verktyg f\u00f6r en god metabol kontroll. Syftet \u00e4r att ge en inblick i kolhydratr\u00e4kning&lt;br&gt;&lt;\/p&gt;                  &lt;p&gt;Dietist, l\u00e4kare, sjuksk\u00f6terska. Appar laddas ned f\u00f6re f\u00f6rel\u00e4sningen Kolhydratkollen (Iphone), Livsmedelsdatabasen (Android) och Novonordisk kolhydrathandbok.&amp;nbsp;&lt;\/p&gt;                 &lt;p&gt;&lt;span style=&quot;font-style: italic;&quot;&gt;Samma workshop arrangeras vid fler tillf\u00e4llen.&lt;\/span&gt;&lt;br&gt;&lt;\/p&gt;                 &lt;br&gt;&lt;br&gt;\"\n            data-category=\"Workshop\"\n            data-category-ids=\"1003\"\n            data-span-all=\"\"\n                      >\n\n            <div class=\"event_content\">\n              <div class=\"title\">\n                                <span>Diabetes - Praktisk kolhydratr\u00e4kning\/insulindosering<\/span>\n              <\/div>\n              <div class=\"span_room\"><span><\/span><\/div>\n              <div class=\"time\">\n                <span>\n                  13:15-14:00                <\/span><\/div>\n\n              <div class=\"lecturer\"><span>Anneli Helmrich, Dietist, Region V\u00e4stmanland<\/span><\/div>\n            <\/div>\n\n\n                                <div style=\"background-color:#B2A1C9; position: absolute !important ; height: 4px !important; left: 4px; right: 4px; bottom : 2px !important;  border\"><\/div>\n            \n          <\/div>\n\n      \n          <div class=\"event \"\n            data-id=\"1235\"\n            data-project=\"project_338_2017_12_12\"\n            data-title=\"Clownetterna - Barnkonspirationen - en barnlig musikal \"\n            data-abs-nbr=\"\"\n            data-ystart=\"13.25\"\n            data-yend=\"14\"\n            data-time=\"13:15-14:00\"\n            data-room=\"2\"\n            data-room-id=\"1023\"\n            data-room-name=\"Lilla Salen\"\n            data-day=\"3\"\n            data-abs-path=\"\"\n            data-speaker=\"Pia \"Dr Musik\" Degr\u00e9us, Sjukhusclown, Clownetterna; Jenny \"Hopp-San\" Carlsson, Sjukhusclown, Clownetterna; Kristian \"Krusbert\" Elmeskog, Sjukhusclown, Clownetterna; Lina \"LillaSyster\" Degr\u00e9us, Sjukhusclown, Clownetterna; Adam \"Hemling\" Brom\u00e9e, Sjukhusclown, Clownetterna\"\n            data-speakercell=\"Pia \"Dr Musik\" Degr\u00e9us, Sjukhusclown, Clownetterna; Jenny \"Hopp-San\" Carlsson, Sjukhusclown, Clownetterna; Kristian \"Krusbert\" Elmeskog, Sjukhusclown, Clownetterna; Lina \"LillaSyster\" Degr\u00e9us, Sjukhusclown, Clownetterna; Adam \"Hemling\" Brom\u00e9e, Sjukhusclown, Clownetterna\"\n            data-info=\"                  &lt;p&gt;En musikal som vill unders\u00f6ka barns b\u00e4sta utifr\u00e5n Barnkonventionens olika perspektiv. Hur sjukhusmilj\u00f6n, kulturella skillnader och bem\u00f6tande kan upplevas olika beroende p\u00e5 vem du \u00e4r; barn, f\u00f6r\u00e4lder eller personal.&lt;br&gt;&lt;\/p&gt;                  &lt;p&gt;Skriven, producerad och framf\u00f6rd av Clownetterna, V\u00e4ster\u00e5s&amp;nbsp;&lt;\/p&gt;&lt;p&gt;&lt;span style=&quot;font-style: italic;&quot;&gt;Samma workshop arrangeras vid fler tillf\u00e4llen.&lt;\/span&gt;&lt;br&gt;&lt;\/p&gt;                 &lt;br&gt;&lt;br&gt;\"\n            data-category=\"Workshop\"\n            data-category-ids=\"1003\"\n            data-span-all=\"\"\n                      >\n\n            <div class=\"event_content\">\n              <div class=\"title\">\n                                <span>Clownetterna - Barnkonspirationen - en barnlig musikal <\/span>\n              <\/div>\n              <div class=\"span_room\"><span><\/span><\/div>\n              <div class=\"time\">\n                <span>\n                  13:15-14:00                <\/span><\/div>\n\n              <div class=\"lecturer\"><span>Pia \"Dr Musik\" Degr\u00e9us, Sjukhusclown, Clownetterna; Jenny \"Hopp-San\" Carlsson, Sjukhusclown, Clownetterna; Kristian \"Krusbert\" Elmeskog, Sjukhusclown, Clownetterna; Lina \"LillaSyster\" Degr\u00e9us, Sjukhusclown, Clownetterna; Adam \"Hemling\" Brom\u00e9e, Sjukhusclown, Clownetterna<\/span><\/div>\n            <\/div>\n\n\n                                <div style=\"background-color:#B2A1C9; position: absolute !important ; height: 4px !important; left: 4px; right: 4px; bottom : 2px !important;  border\"><\/div>\n            \n          <\/div>\n\n      \n          <div class=\"event \"\n            data-id=\"1252\"\n            data-project=\"project_338_2017_12_12\"\n            data-title=\"Barnakut-teamtr\u00e4ning\"\n            data-abs-nbr=\"\"\n            data-ystart=\"13.25\"\n            data-yend=\"14.833333333333\"\n            data-time=\"13:15-14:50\"\n            data-room=\"6\"\n            data-room-id=\"1031\"\n            data-room-name=\"Sal 103\"\n            data-day=\"3\"\n            data-abs-path=\"\"\n            data-speaker=\"David Moritz, ST-l\u00e4kare, Barn- & Ungdomskliniken V\u00e4ster\u00e5s; Johan M\u00e4kk, \u00d6verl\u00e4kare; Maria Dahlgren, Sjuksk\u00f6terska, Barnkliniken V\u00e4ster\u00e5s\"\n            data-speakercell=\"David Moritz, ST-l\u00e4kare, Barn- & Ungdomskliniken V\u00e4ster\u00e5s; Johan M\u00e4kk, \u00d6verl\u00e4kare; Maria Dahlgren, Sjuksk\u00f6terska, Barnkliniken V\u00e4ster\u00e5s\"\n            data-info=\"                  &lt;p&gt;Akutpediatriska fall i simulerad milj\u00f6, d\u00e4r l\u00e4kare och sjuksk\u00f6terskor tillsammans f\u00e5r testa teamtr\u00e4ning s\u00e5 som vi g\u00f6r i V\u00e4ster\u00e5s.&lt;\/p&gt;                  &lt;p&gt;M\u00e5ls\u00e4ttning: tv\u00e5 l\u00e4kare och sex sjuksk\u00f6terskor per grupp&lt;\/p&gt;                  &lt;p&gt;&lt;span style=&quot;font-style: italic;&quot;&gt;Samma workshop arrangeras vid fler tillf\u00e4llen.&lt;\/span&gt;&lt;br&gt;&lt;\/p&gt;                 &lt;br&gt;&lt;br&gt;\"\n            data-category=\"Workshop\"\n            data-category-ids=\"1003\"\n            data-span-all=\"\"\n                      >\n\n            <div class=\"event_content\">\n              <div class=\"title\">\n                                <span>Barnakut-teamtr\u00e4ning<\/span>\n              <\/div>\n              <div class=\"span_room\"><span><\/span><\/div>\n              <div class=\"time\">\n                <span>\n                  13:15-14:50                <\/span><\/div>\n\n              <div class=\"lecturer\"><span>David Moritz, ST-l\u00e4kare, Barn- & Ungdomskliniken V\u00e4ster\u00e5s; Johan M\u00e4kk, \u00d6verl\u00e4kare; Maria Dahlgren, Sjuksk\u00f6terska, Barnkliniken V\u00e4ster\u00e5s<\/span><\/div>\n            <\/div>\n\n\n                                <div style=\"background-color:#B2A1C9; position: absolute !important ; height: 4px !important; left: 4px; right: 4px; bottom : 2px !important;  border\"><\/div>\n            \n          <\/div>\n\n      \n          <div class=\"event \"\n            data-id=\"1242\"\n            data-project=\"project_338_2017_12_12\"\n            data-title=\"Reumatologi - Ledinjektioner och ledstatus\"\n            data-abs-nbr=\"\"\n            data-ystart=\"13.25\"\n            data-yend=\"14.833333333333\"\n            data-time=\"13:15-14:50\"\n            data-room=\"11\"\n            data-room-id=\"1029\"\n            data-room-name=\"Sal 110\"\n            data-day=\"3\"\n            data-abs-path=\"\"\n            data-speaker=\"Johan Sch\u00f6ier, Barnl\u00e4kare, V\u00e4ster\u00e5s barnmottagning; Lillemor Berntson; Robin Kahn, Barnl\u00e4kare, Sk\u00e5nes Universitetssjukhus; Charlotta Nordenh\u00e4ll; Michele Compagno; Bo Magnusson, Dr, Astrid Lindgrens barnsjukhus; AnnaCarin Horne\"\n            data-speakercell=\"Johan Sch\u00f6ier, Barnl\u00e4kare, V\u00e4ster\u00e5s barnmottagning; Lillemor Berntson; Robin Kahn, Barnl\u00e4kare, Sk\u00e5nes Universitetssjukhus; Charlotta Nordenh\u00e4ll; Michele Compagno; Bo Magnusson, Dr, Astrid Lindgrens barnsjukhus; AnnaCarin Horne\"\n            data-info=\"                  &lt;p&gt;&lt;span style=&quot;font-weight: bold;&quot;&gt;13.15-14.00&lt;\/span&gt; Ledinjektioner&lt;br&gt;Station1: Lillemor Berntson, Robin Kahn, Charlotta Nordenh\u00e4ll,&amp;nbsp;&lt;\/p&gt;                  &lt;p&gt;&lt;\/p&gt;                  &lt;p&gt;&lt;span style=&quot;font-weight: bold;&quot;&gt;14.05-14.50&lt;\/span&gt; Ledstatus&lt;br&gt;Station2: Michele Compagno, Bo Magnusson, Johan Sch\u00f6ier, AnnaCarin Horne&lt;\/p&gt;                 &lt;br&gt;&lt;br&gt;\"\n            data-category=\"Workshop\"\n            data-category-ids=\"1003\"\n            data-span-all=\"\"\n                      >\n\n            <div class=\"event_content\">\n              <div class=\"title\">\n                                <span>Reumatologi - Ledinjektioner och ledstatus<\/span>\n              <\/div>\n              <div class=\"span_room\"><span><\/span><\/div>\n              <div class=\"time\">\n                <span>\n                  13:15-14:50                <\/span><\/div>\n\n              <div class=\"lecturer\"><span>Johan Sch\u00f6ier, Barnl\u00e4kare, V\u00e4ster\u00e5s barnmottagning; Lillemor Berntson; Robin Kahn, Barnl\u00e4kare, Sk\u00e5nes Universitetssjukhus; Charlotta Nordenh\u00e4ll; Michele Compagno; Bo Magnusson, Dr, Astrid Lindgrens barnsjukhus; AnnaCarin Horne<\/span><\/div>\n            <\/div>\n\n\n                                <div style=\"background-color:#B2A1C9; position: absolute !important ; height: 4px !important; left: 4px; right: 4px; bottom : 2px !important;  border\"><\/div>\n            \n          <\/div>\n\n      \n          <div class=\"event \"\n            data-id=\"1214\"\n            data-project=\"project_338_2017_12_12\"\n            data-title=\"Lungmedicin - Persisterande bakteriell bronkit\"\n            data-abs-nbr=\"\"\n            data-ystart=\"13.25\"\n            data-yend=\"14\"\n            data-time=\"13:15-14:00\"\n            data-room=\"1\"\n            data-room-id=\"1021\"\n            data-room-name=\"Lilla Kongresshallen\"\n            data-day=\"3\"\n            data-abs-path=\"\"\n            data-speaker=\"Laszlo Kadar,  Barnl\u00e4kare, Skaraborgs Sjukhus, Sk\u00f6vde\"\n            data-speakercell=\"Laszlo Kadar,  Barnl\u00e4kare, Skaraborgs Sjukhus, Sk\u00f6vde\"\n            data-info=\"&lt;b&gt;Moderatorer: &lt;\/b&gt;Martin Dalenbring,  Barnallergolog, Barn- och ungdomskliniken, V\u00e4ster\u00e5s; Mareike Fech-Bormann, Barnallergolog, Barnl\u00e4kare, Barn- och ungdomskliniken, V\u00e4ster\u00e5s&lt;br&gt;&lt;br&gt;                  &lt;table&gt;                   &lt;tbody&gt;                    &lt;tr&gt;                     &lt;td&gt;Barn med kronisk l\u00f6shosta kan ha en bakteriell infektion i bronkerna. De svarar inte p\u00e5 astmabehandlingen men beh\u00f6ver en riktad utredning i st\u00e4llet.&lt;\/td&gt;                    &lt;\/tr&gt;                   &lt;\/tbody&gt;                  &lt;\/table&gt;                 &lt;br&gt;&lt;br&gt;\"\n            data-category=\"F\u00f6rel\u00e4sning\"\n            data-category-ids=\"1002\"\n            data-span-all=\"\"\n                      >\n\n            <div class=\"event_content\">\n              <div class=\"title\">\n                                <span>Lungmedicin - Persisterande bakteriell bronkit<\/span>\n              <\/div>\n              <div class=\"span_room\"><span><\/span><\/div>\n              <div class=\"time\">\n                <span>\n                  13:15-14:00                <\/span><\/div>\n\n              <div class=\"lecturer\"><span>Laszlo Kadar,  Barnl\u00e4kare, Skaraborgs Sjukhus, Sk\u00f6vde<\/span><\/div>\n            <\/div>\n\n\n                                <div style=\"background-color:#B2FF78; position: absolute !important ; height: 4px !important; left: 4px; right: 4px; bottom : 2px !important;  border\"><\/div>\n            \n          <\/div>\n\n      \n          <div class=\"event \"\n            data-id=\"1222\"\n            data-project=\"project_338_2017_12_12\"\n            data-title=\"Hud - Utslag och prickar\"\n            data-abs-nbr=\"\"\n            data-ystart=\"13.25\"\n            data-yend=\"14\"\n            data-time=\"13:15-14:00\"\n            data-room=\"4\"\n            data-room-id=\"1019\"\n            data-room-name=\"Sal 301\"\n            data-day=\"3\"\n            data-abs-path=\"\"\n            data-speaker=\"Karin  Palmer, L\u00e4kare, Hudkliniken V\u00e4ster\u00e5s\"\n            data-speakercell=\"Karin  Palmer, L\u00e4kare, Hudkliniken V\u00e4ster\u00e5s\"\n            data-info=\"                  &lt;p&gt;Prickar och utslag hos barn&lt;br&gt;&lt;\/p&gt;                 &lt;br&gt;&lt;br&gt;\"\n            data-category=\"F\u00f6rel\u00e4sning\"\n            data-category-ids=\"1002\"\n            data-span-all=\"\"\n                      >\n\n            <div class=\"event_content\">\n              <div class=\"title\">\n                                <span>Hud - Utslag och prickar<\/span>\n              <\/div>\n              <div class=\"span_room\"><span><\/span><\/div>\n              <div class=\"time\">\n                <span>\n                  13:15-14:00                <\/span><\/div>\n\n              <div class=\"lecturer\"><span>Karin  Palmer, L\u00e4kare, Hudkliniken V\u00e4ster\u00e5s<\/span><\/div>\n            <\/div>\n\n\n                                <div style=\"background-color:#B2FF78; position: absolute !important ; height: 4px !important; left: 4px; right: 4px; bottom : 2px !important;  border\"><\/div>\n            \n          <\/div>\n\n      \n          <div class=\"event \"\n            data-id=\"1229\"\n            data-project=\"project_338_2017_12_12\"\n            data-title=\"Diabetes - Modern diabetesv\u00e5rd med tekniken i fokus \"\n            data-abs-nbr=\"\"\n            data-ystart=\"14.083333333333\"\n            data-yend=\"14.833333333333\"\n            data-time=\"14:05-14:50\"\n            data-room=\"7\"\n            data-room-id=\"1030\"\n            data-room-name=\"Sal 105\"\n            data-day=\"3\"\n            data-abs-path=\"\"\n            data-speaker=\"Lisa Torstensson, Barnsjuksk\u00f6terska, Region V\u00e4stmanland\"\n            data-speakercell=\"Lisa Torstensson, Barnsjuksk\u00f6terska, Region V\u00e4stmanland\"\n            data-info=\"                  &lt;p&gt;Diabetesteam V\u00e4ster\u00e5s. F\u00f6rel\u00e4sning och viss demo av modern diabetesteknik inkl pumpar, sensorer, nedladdning, diabetesapparatur och smartphones.&lt;\/p&gt;                  &lt;p&gt;Utvecklingen av diabetestekniska hj\u00e4lpmedel g\u00e5r snabbt. Idag har ca 65 % av alla barn och ungdomar med typ 1 diabetes insulinpumpbehandling och \u00e4nnu fler har n\u00e5gon form av kontinuerlig glukosm\u00e4tning. Syftet med workshopen \u00e4r att ge en bild av hur modern diabetesbehandling ser ut i dagsl\u00e4get och \u00e4ven hur framtiden kan se ut.&lt;\/p&gt;                 &lt;p&gt;&lt;span style=&quot;font-style: italic;&quot;&gt;Samma workshop arrangeras vid fler tillf\u00e4llen.&lt;\/span&gt;&lt;br&gt;&lt;\/p&gt;                 &lt;br&gt;&lt;br&gt;\"\n            data-category=\"Workshop\"\n            data-category-ids=\"1003\"\n            data-span-all=\"\"\n                      >\n\n            <div class=\"event_content\">\n              <div class=\"title\">\n                                <span>Diabetes - Modern diabetesv\u00e5rd med tekniken i fokus <\/span>\n              <\/div>\n              <div class=\"span_room\"><span><\/span><\/div>\n              <div class=\"time\">\n                <span>\n                  14:05-14:50                <\/span><\/div>\n\n              <div class=\"lecturer\"><span>Lisa Torstensson, Barnsjuksk\u00f6terska, Region V\u00e4stmanland<\/span><\/div>\n            <\/div>\n\n\n                                <div style=\"background-color:#B2A1C9; position: absolute !important ; height: 4px !important; left: 4px; right: 4px; bottom : 2px !important;  border\"><\/div>\n            \n          <\/div>\n\n      \n          <div class=\"event \"\n            data-id=\"1236\"\n            data-project=\"project_338_2017_12_12\"\n            data-title=\"Clownetterna - F\u00f6rdjupande workshop\"\n            data-abs-nbr=\"\"\n            data-ystart=\"14.083333333333\"\n            data-yend=\"14.833333333333\"\n            data-time=\"14:05-14:50\"\n            data-room=\"2\"\n            data-room-id=\"1023\"\n            data-room-name=\"Lilla Salen\"\n            data-day=\"3\"\n            data-abs-path=\"\"\n            data-speaker=\"Pia \"Dr Musik\" Degr\u00e9us, Sjukhusclown, Clownetterna; Jenny \"Hopp-San\" Carlsson, Sjukhusclown, Clownetterna; Kristian \"Krusbert\" Elmeskog, Sjukhusclown, Clownetterna; Lina \"LillaSyster\" Degr\u00e9us, Sjukhusclown, Clownetterna; Adam \"Hemling\" Brom\u00e9e, Sjukhusclown, Clownetterna\"\n            data-speakercell=\"Pia \"Dr Musik\" Degr\u00e9us, Sjukhusclown, Clownetterna; Jenny \"Hopp-San\" Carlsson, Sjukhusclown, Clownetterna; Kristian \"Krusbert\" Elmeskog, Sjukhusclown, Clownetterna; Lina \"LillaSyster\" Degr\u00e9us, Sjukhusclown, Clownetterna; Adam \"Hemling\" Brom\u00e9e, Sjukhusclown, Clownetterna\"\n            data-info=\"                  &lt;p&gt;Workshop med f\u00f6rdjupning kring att arbeta utifr\u00e5n Barnkonventionen p\u00e5 golvet.&lt;br&gt;&lt;\/p&gt;                  &lt;p&gt;Clownetterna, V\u00e4ster\u00e5s&amp;nbsp;&lt;\/p&gt;&lt;p&gt;&lt;span style=&quot;font-style: italic;&quot;&gt;Samma workshop arrangeras vid fler tillf\u00e4llen.&lt;\/span&gt;&lt;br&gt;&lt;\/p&gt;                 &lt;br&gt;&lt;br&gt;\"\n            data-category=\"Workshop\"\n            data-category-ids=\"1003\"\n            data-span-all=\"\"\n                      >\n\n            <div class=\"event_content\">\n              <div class=\"title\">\n                                <span>Clownetterna - F\u00f6rdjupande workshop<\/span>\n              <\/div>\n              <div class=\"span_room\"><span><\/span><\/div>\n              <div class=\"time\">\n                <span>\n                  14:05-14:50                <\/span><\/div>\n\n              <div class=\"lecturer\"><span>Pia \"Dr Musik\" Degr\u00e9us, Sjukhusclown, Clownetterna; Jenny \"Hopp-San\" Carlsson, Sjukhusclown, Clownetterna; Kristian \"Krusbert\" Elmeskog, Sjukhusclown, Clownetterna; Lina \"LillaSyster\" Degr\u00e9us, Sjukhusclown, Clownetterna; Adam \"Hemling\" Brom\u00e9e, Sjukhusclown, Clownetterna<\/span><\/div>\n            <\/div>\n\n\n                                <div style=\"background-color:#B2A1C9; position: absolute !important ; height: 4px !important; left: 4px; right: 4px; bottom : 2px !important;  border\"><\/div>\n            \n          <\/div>\n\n      \n          <div class=\"event \"\n            data-id=\"1215\"\n            data-project=\"project_338_2017_12_12\"\n            data-title=\"Lungmedicin - Bronkiolit\"\n            data-abs-nbr=\"\"\n            data-ystart=\"14.083333333333\"\n            data-yend=\"14.833333333333\"\n            data-time=\"14:05-14:50\"\n            data-room=\"1\"\n            data-room-id=\"1021\"\n            data-room-name=\"Lilla Kongresshallen\"\n            data-day=\"3\"\n            data-abs-path=\"\"\n            data-speaker=\"Per Thunqvist, PhD, Barnallergolog, Schasska Barnsjukhuset\"\n            data-speakercell=\"Per Thunqvist, PhD, Barnallergolog, Schasska Barnsjukhuset\"\n            data-info=\"&lt;b&gt;Moderatorer: &lt;\/b&gt;Martin Dalenbring,  Barnallergolog, Barn- och ungdomskliniken, V\u00e4ster\u00e5s; Mareike Fech-Bormann, Barnallergolog, Barnl\u00e4kare, Barn- och ungdomskliniken, V\u00e4ster\u00e5s&lt;br&gt;&lt;br&gt;                  &lt;p&gt;Bronkiolit-symtom och behandling&lt;\/p&gt;                 &lt;br&gt;&lt;br&gt;\"\n            data-category=\"F\u00f6rel\u00e4sning\"\n            data-category-ids=\"1002\"\n            data-span-all=\"\"\n                      >\n\n            <div class=\"event_content\">\n              <div class=\"title\">\n                                <span>Lungmedicin - Bronkiolit<\/span>\n              <\/div>\n              <div class=\"span_room\"><span><\/span><\/div>\n              <div class=\"time\">\n                <span>\n                  14:05-14:50                <\/span><\/div>\n\n              <div class=\"lecturer\"><span>Per Thunqvist, PhD, Barnallergolog, Schasska Barnsjukhuset<\/span><\/div>\n            <\/div>\n\n\n                                <div style=\"background-color:#B2FF78; position: absolute !important ; height: 4px !important; left: 4px; right: 4px; bottom : 2px !important;  border\"><\/div>\n            \n          <\/div>\n\n      \n          <div class=\"event \"\n            data-id=\"1247\"\n            data-project=\"project_338_2017_12_12\"\n            data-title=\"Allm\u00e4npediatrik och h\u00e4lsov\u00e5rd - Mindfulness-prova p\u00e5\"\n            data-abs-nbr=\"\"\n            data-ystart=\"14.083333333333\"\n            data-yend=\"14.833333333333\"\n            data-time=\"14:05-14:50\"\n            data-room=\"9\"\n            data-room-id=\"1026\"\n            data-room-name=\"Sal 108\"\n            data-day=\"3\"\n            data-abs-path=\"\"\n            data-speaker=\"Marie Hansson, Psykolog och psykoterapeut, N\u00e4rh\u00e4lsan, G\u00f6teborg; Elisabeth Carl\u00e9n, Barn- och Ungdomsl\u00e4kare\"\n            data-speakercell=\"Marie Hansson, Psykolog och psykoterapeut, N\u00e4rh\u00e4lsan, G\u00f6teborg; Elisabeth Carl\u00e9n, Barn- och Ungdomsl\u00e4kare\"\n            data-info=\"                  &lt;p&gt;Pr\u00f6va p\u00e5 barnens mindfulness!&lt;\/p&gt;&lt;p&gt;&lt;span style=&quot;font-style: italic;&quot;&gt;Samma workshop arrangeras vid fler tillf\u00e4llen.&lt;\/span&gt;&lt;br&gt;&lt;\/p&gt;                 &lt;br&gt;&lt;br&gt;\"\n            data-category=\"Workshop\"\n            data-category-ids=\"1003\"\n            data-span-all=\"\"\n                      >\n\n            <div class=\"event_content\">\n              <div class=\"title\">\n                                <span>Allm\u00e4npediatrik och h\u00e4lsov\u00e5rd - Mindfulness-prova p\u00e5<\/span>\n              <\/div>\n              <div class=\"span_room\"><span><\/span><\/div>\n              <div class=\"time\">\n                <span>\n                  14:05-14:50                <\/span><\/div>\n\n              <div class=\"lecturer\"><span>Marie Hansson, Psykolog och psykoterapeut, N\u00e4rh\u00e4lsan, G\u00f6teborg; Elisabeth Carl\u00e9n, Barn- och Ungdomsl\u00e4kare<\/span><\/div>\n            <\/div>\n\n\n                                <div style=\"background-color:#B2A1C9; position: absolute !important ; height: 4px !important; left: 4px; right: 4px; bottom : 2px !important;  border\"><\/div>\n            \n          <\/div>\n\n      \n          <div class=\"event \"\n            data-id=\"1223\"\n            data-project=\"project_338_2017_12_12\"\n            data-title=\"Hud - Hudquiz\"\n            data-abs-nbr=\"\"\n            data-ystart=\"14.083333333333\"\n            data-yend=\"14.833333333333\"\n            data-time=\"14:05-14:50\"\n            data-room=\"4\"\n            data-room-id=\"1019\"\n            data-room-name=\"Sal 301\"\n            data-day=\"3\"\n            data-abs-path=\"\"\n            data-speaker=\"Karin  Palmer, L\u00e4kare, Hudkliniken V\u00e4ster\u00e5s\"\n            data-speakercell=\"Karin  Palmer, L\u00e4kare, Hudkliniken V\u00e4ster\u00e5s\"\n            data-info=\"                  &lt;p&gt;Hudquiz med falldiskussion. Quiz tillg\u00e4ngligt i appen.&lt;br&gt;&lt;\/p&gt;                 &lt;br&gt;&lt;br&gt;\"\n            data-category=\"F\u00f6rel\u00e4sning\"\n            data-category-ids=\"1002\"\n            data-span-all=\"\"\n                      >\n\n            <div class=\"event_content\">\n              <div class=\"title\">\n                                <span>Hud - Hudquiz<\/span>\n              <\/div>\n              <div class=\"span_room\"><span><\/span><\/div>\n              <div class=\"time\">\n                <span>\n                  14:05-14:50                <\/span><\/div>\n\n              <div class=\"lecturer\"><span>Karin  Palmer, L\u00e4kare, Hudkliniken V\u00e4ster\u00e5s<\/span><\/div>\n            <\/div>\n\n\n                                <div style=\"background-color:#B2FF78; position: absolute !important ; height: 4px !important; left: 4px; right: 4px; bottom : 2px !important;  border\"><\/div>\n            \n          <\/div>\n\n      \n          <div class=\"event \"\n            data-id=\"1212\"\n            data-project=\"project_338_2017_12_12\"\n            data-title=\"Basal Pediatrik - Akuta br\u00f6stsm\u00e4rtor hos barn och ungdomar\"\n            data-abs-nbr=\"\"\n            data-ystart=\"14.083333333333\"\n            data-yend=\"14.833333333333\"\n            data-time=\"14:05-14:50\"\n            data-room=\"3\"\n            data-room-id=\"1024\"\n            data-room-name=\"H\u00f6rsalen\"\n            data-day=\"3\"\n            data-abs-path=\"\"\n            data-speaker=\"Peter Jotorp, Barnl\u00e4kare \"\n            data-speakercell=\"Peter Jotorp, Barnl\u00e4kare \"\n            data-info=\"                  &lt;p&gt;Basal Pediatrik&lt;\/p&gt;                  &lt;table&gt;                   &lt;tbody&gt;                    &lt;tr&gt;                     &lt;td&gt;&lt;p&gt;Orsak, utredning och behandling av barn och ungdomar med akuta br\u00f6stsm\u00e4rtor&lt;\/p&gt;                     &lt;table&gt;                      &lt;tbody&gt;                       &lt;tr&gt;                        &lt;td&gt;\u00d6verl\u00e4kare och verksamhetschef Barnkliniken V\u00e4ster\u00e5s. Arbetat med barnkardiologi under m\u00e5nga \u00e5r.&lt;\/td&gt;                       &lt;\/tr&gt;                      &lt;\/tbody&gt;                     &lt;\/table&gt;&lt;\/td&gt;                    &lt;\/tr&gt;                   &lt;\/tbody&gt;                  &lt;\/table&gt;                 &lt;br&gt;&lt;br&gt;\"\n            data-category=\"F\u00f6rel\u00e4sning\"\n            data-category-ids=\"1002\"\n            data-span-all=\"\"\n                      >\n\n            <div class=\"event_content\">\n              <div class=\"title\">\n                                <span>Basal Pediatrik - Akuta br\u00f6stsm\u00e4rtor hos barn och ungdomar<\/span>\n              <\/div>\n              <div class=\"span_room\"><span><\/span><\/div>\n              <div class=\"time\">\n                <span>\n                  14:05-14:50                <\/span><\/div>\n\n              <div class=\"lecturer\"><span>Peter Jotorp, Barnl\u00e4kare <\/span><\/div>\n            <\/div>\n\n\n                                <div style=\"background-color:#B2FF78; position: absolute !important ; height: 4px !important; left: 4px; right: 4px; bottom : 2px !important;  border\"><\/div>\n            \n          <\/div>\n\n      \n          <div class=\"event \"\n            data-id=\"1259\"\n            data-project=\"project_338_2017_12_12\"\n            data-title=\"Fika, utst\u00e4llare, posterbes\u00f6k\"\n            data-abs-nbr=\"\"\n            data-ystart=\"14.833333333333\"\n            data-yend=\"15.416666666667\"\n            data-time=\"14:50-15:25\"\n            data-room=\"18\"\n            data-room-id=\"1013\"\n            data-room-name=\"Utst\u00e4llningen\"\n            data-day=\"3\"\n            data-abs-path=\"\"\n            data-speaker=\"\"\n            data-speakercell=\"\"\n            data-info=\"\"\n            data-category=\"\"\n            data-category-ids=\"\"\n            data-span-all=\"1\"\n                      >\n\n            <div class=\"event_content\">\n              <div class=\"title\">\n                                <span>Fika, utst\u00e4llare, posterbes\u00f6k<\/span>\n              <\/div>\n              <div class=\"span_room\"><span>Utst\u00e4llningen<br\/><\/span><\/div>\n              <div class=\"time\">\n                <span>\n                  14:50-15:25                <\/span><\/div>\n\n              \n            <\/div>\n\n\n            \n          <\/div>\n\n      \n          <div class=\"event \"\n            data-id=\"1216\"\n            data-project=\"project_338_2017_12_12\"\n            data-title=\"Lungmedicin - Anstr\u00e4ngningsutl\u00f6sta besv\u00e4r\"\n            data-abs-nbr=\"\"\n            data-ystart=\"15.416666666667\"\n            data-yend=\"16.166666666667\"\n            data-time=\"15:25-16:10\"\n            data-room=\"1\"\n            data-room-id=\"1021\"\n            data-room-name=\"Lilla Kongresshallen\"\n            data-day=\"3\"\n            data-abs-path=\"\"\n            data-speaker=\"Martin Dalenbring,  Barnallergolog, Barn- och ungdomskliniken, V\u00e4ster\u00e5s\"\n            data-speakercell=\"Martin Dalenbring,  Barnallergolog, Barn- och ungdomskliniken, V\u00e4ster\u00e5s\"\n            data-info=\"&lt;b&gt;Moderatorer: &lt;\/b&gt;Mareike Fech-Bormann, Barnallergolog, Barnl\u00e4kare, Barn- och ungdomskliniken, V\u00e4ster\u00e5s&lt;br&gt;&lt;br&gt;                  &lt;p&gt;Anstr\u00e4ngningsutl\u00f6sta besv\u00e4r \u2013 utredning och behandling&amp;nbsp;&lt;br&gt;&lt;\/p&gt;                 &lt;br&gt;&lt;br&gt;\"\n            data-category=\"F\u00f6rel\u00e4sning\"\n            data-category-ids=\"1002\"\n            data-span-all=\"\"\n                      >\n\n            <div class=\"event_content\">\n              <div class=\"title\">\n                                <span>Lungmedicin - Anstr\u00e4ngningsutl\u00f6sta besv\u00e4r<\/span>\n              <\/div>\n              <div class=\"span_room\"><span><\/span><\/div>\n              <div class=\"time\">\n                <span>\n                  15:25-16:10                <\/span><\/div>\n\n              <div class=\"lecturer\"><span>Martin Dalenbring,  Barnallergolog, Barn- och ungdomskliniken, V\u00e4ster\u00e5s<\/span><\/div>\n            <\/div>\n\n\n                                <div style=\"background-color:#B2FF78; position: absolute !important ; height: 4px !important; left: 4px; right: 4px; bottom : 2px !important;  border\"><\/div>\n            \n          <\/div>\n\n      \n          <div class=\"event \"\n            data-id=\"1254\"\n            data-project=\"project_338_2017_12_12\"\n            data-title=\"Barnakut-teamtr\u00e4ning\"\n            data-abs-nbr=\"\"\n            data-ystart=\"15.416666666667\"\n            data-yend=\"17\"\n            data-time=\"15:25-17:00\"\n            data-room=\"6\"\n            data-room-id=\"1031\"\n            data-room-name=\"Sal 103\"\n            data-day=\"3\"\n            data-abs-path=\"\"\n            data-speaker=\"David Moritz, ST-l\u00e4kare, Barn- & Ungdomskliniken V\u00e4ster\u00e5s; Johan M\u00e4kk, \u00d6verl\u00e4kare; Maria Dahlgren, Sjuksk\u00f6terska, Barnkliniken V\u00e4ster\u00e5s\"\n            data-speakercell=\"David Moritz, ST-l\u00e4kare, Barn- & Ungdomskliniken V\u00e4ster\u00e5s; Johan M\u00e4kk, \u00d6verl\u00e4kare; Maria Dahlgren, Sjuksk\u00f6terska, Barnkliniken V\u00e4ster\u00e5s\"\n            data-info=\"                  &lt;p&gt;Akutpediatriska fall i simulerad milj\u00f6, d\u00e4r l\u00e4kare och sjuksk\u00f6terskor tillsammans f\u00e5r testa teamtr\u00e4ning s\u00e5 som vi g\u00f6r i V\u00e4ster\u00e5s.&lt;\/p&gt;                  &lt;p&gt;M\u00e5ls\u00e4ttning: tv\u00e5 l\u00e4kare och sex sjuksk\u00f6terskor per grupp&lt;\/p&gt;                  &lt;p&gt;&lt;span style=&quot;font-style: italic;&quot;&gt;Samma workshop arrangeras vid fler tillf\u00e4llen.&lt;\/span&gt;&lt;br&gt;&lt;\/p&gt;                 &lt;br&gt;&lt;br&gt;\"\n            data-category=\"Workshop\"\n            data-category-ids=\"1003\"\n            data-span-all=\"\"\n                      >\n\n            <div class=\"event_content\">\n              <div class=\"title\">\n                                <span>Barnakut-teamtr\u00e4ning<\/span>\n              <\/div>\n              <div class=\"span_room\"><span><\/span><\/div>\n              <div class=\"time\">\n                <span>\n                  15:25-17:00                <\/span><\/div>\n\n              <div class=\"lecturer\"><span>David Moritz, ST-l\u00e4kare, Barn- & Ungdomskliniken V\u00e4ster\u00e5s; Johan M\u00e4kk, \u00d6verl\u00e4kare; Maria Dahlgren, Sjuksk\u00f6terska, Barnkliniken V\u00e4ster\u00e5s<\/span><\/div>\n            <\/div>\n\n\n                                <div style=\"background-color:#B2A1C9; position: absolute !important ; height: 4px !important; left: 4px; right: 4px; bottom : 2px !important;  border\"><\/div>\n            \n          <\/div>\n\n      \n          <div class=\"event \"\n            data-id=\"1346\"\n            data-project=\"project_338_2017_12_12\"\n            data-title=\"V\u00e5rd av asyls\u00f6kande barn med Uppgivenhetssyndrom -  problem och m\u00f6jligheter\"\n            data-abs-nbr=\"\"\n            data-ystart=\"15.416666666667\"\n            data-yend=\"16.166666666667\"\n            data-time=\"15:25-16:10\"\n            data-room=\"4\"\n            data-room-id=\"1019\"\n            data-room-name=\"Sal 301\"\n            data-day=\"3\"\n            data-abs-path=\"\"\n            data-speaker=\"Bodil Schiller, \u00d6verl\u00e4kare; Helena J. Rolandsdotter\"\n            data-speakercell=\"Bodil Schiller, \u00d6verl\u00e4kare; Helena J. Rolandsdotter\"\n            data-info=\"                  &lt;p&gt;&lt;strong&gt;V\u00e5rd av asyls\u00f6kande barn med Uppgivenhetssyndrom &lt;\/strong&gt;-&amp;nbsp;&lt;strong&gt; problem och m\u00f6jligheter&lt;\/strong&gt;;&amp;nbsp;rapport fr\u00e5n V\u00e5rdkedjan i Stockholm.&lt;br&gt;&lt;\/p&gt;                 &lt;br&gt;&lt;br&gt;\"\n            data-category=\"F\u00f6rel\u00e4sning\"\n            data-category-ids=\"1002\"\n            data-span-all=\"\"\n                      >\n\n            <div class=\"event_content\">\n              <div class=\"title\">\n                                <span>V\u00e5rd av asyls\u00f6kande barn med Uppgivenhetssyndrom -  problem och m\u00f6jligheter<\/span>\n              <\/div>\n              <div class=\"span_room\"><span><\/span><\/div>\n              <div class=\"time\">\n                <span>\n                  15:25-16:10                <\/span><\/div>\n\n              <div class=\"lecturer\"><span>Bodil Schiller, \u00d6verl\u00e4kare; Helena J. Rolandsdotter<\/span><\/div>\n            <\/div>\n\n\n                                <div style=\"background-color:#B2FF78; position: absolute !important ; height: 4px !important; left: 4px; right: 4px; bottom : 2px !important;  border\"><\/div>\n            \n          <\/div>\n\n      \n          <div class=\"event \"\n            data-id=\"1230\"\n            data-project=\"project_338_2017_12_12\"\n            data-title=\"Diabetes - Diabetes p\u00e5 jourtid\"\n            data-abs-nbr=\"\"\n            data-ystart=\"15.416666666667\"\n            data-yend=\"16.166666666667\"\n            data-time=\"15:25-16:10\"\n            data-room=\"7\"\n            data-room-id=\"1030\"\n            data-room-name=\"Sal 105\"\n            data-day=\"3\"\n            data-abs-path=\"\"\n            data-speaker=\"Malin \u00c5gren, Specialistl\u00e4kare, Barnkliniken; Mona Jakobsson, Diabetessjuksk\u00f6terska, \tBarn- och Ungdomskliniken, V\u00e4ster\u00e5s; Wanda Sikorska, \u00d6verl\u00e4kare, Barn- och Ungdomskliniken, V\u00e4ster\u00e5s; Helena Sj\u00f6str\u00f6m, L\u00e4kare, Barn- och Ungdomskliniken, V\u00e4ster\u00e5s\"\n            data-speakercell=\"Malin \u00c5gren, Specialistl\u00e4kare, Barnkliniken; Mona Jakobsson, Diabetessjuksk\u00f6terska, \tBarn- och Ungdomskliniken, V\u00e4ster\u00e5s; Wanda Sikorska, \u00d6verl\u00e4kare, Barn- och Ungdomskliniken, V\u00e4ster\u00e5s; Helena Sj\u00f6str\u00f6m, L\u00e4kare, Barn- och Ungdomskliniken, V\u00e4ster\u00e5s\"\n            data-info=\"                  &lt;p&gt;Tre typer av diabetesfall p\u00e5 jourtid presenteras. Fr\u00e5gor besvaras i grupp med app\/mentometer.&amp;nbsp;&lt;\/p&gt;                  &lt;p&gt;Diabetesteamet V\u00e4ster\u00e5s&lt;\/p&gt;                  &lt;p&gt;&lt;span style=&quot;font-style: italic;&quot;&gt;Samma workshop arrangeras vid fler tillf\u00e4llen.&lt;\/span&gt;&lt;br&gt;&lt;\/p&gt;                 &lt;br&gt;&lt;br&gt;\"\n            data-category=\"Workshop\"\n            data-category-ids=\"1003\"\n            data-span-all=\"\"\n                      >\n\n            <div class=\"event_content\">\n              <div class=\"title\">\n                                <span>Diabetes - Diabetes p\u00e5 jourtid<\/span>\n              <\/div>\n              <div class=\"span_room\"><span><\/span><\/div>\n              <div class=\"time\">\n                <span>\n                  15:25-16:10                <\/span><\/div>\n\n              <div class=\"lecturer\"><span>Malin \u00c5gren, Specialistl\u00e4kare, Barnkliniken; Mona Jakobsson, Diabetessjuksk\u00f6terska, \tBarn- och Ungdomskliniken, V\u00e4ster\u00e5s; Wanda Sikorska, \u00d6verl\u00e4kare, Barn- och Ungdomskliniken, V\u00e4ster\u00e5s; Helena Sj\u00f6str\u00f6m, L\u00e4kare, Barn- och Ungdomskliniken, V\u00e4ster\u00e5s<\/span><\/div>\n            <\/div>\n\n\n                                <div style=\"background-color:#B2A1C9; position: absolute !important ; height: 4px !important; left: 4px; right: 4px; bottom : 2px !important;  border\"><\/div>\n            \n          <\/div>\n\n      \n          <div class=\"event \"\n            data-id=\"1227\"\n            data-project=\"project_338_2017_12_12\"\n            data-title=\"\u00c5rsm\u00f6te Svensk f\u00f6rening f\u00f6r Pediatrisk Akutsjukv\u00e5rd (SWEPEM, Swedish Society for Pediatric Emergency Medicine)\"\n            data-abs-nbr=\"\"\n            data-ystart=\"15.416666666667\"\n            data-yend=\"16.166666666667\"\n            data-time=\"15:25-16:10\"\n            data-room=\"11\"\n            data-room-id=\"1029\"\n            data-room-name=\"Sal 110\"\n            data-day=\"3\"\n            data-abs-path=\"\"\n            data-speaker=\"\"\n            data-speakercell=\"\"\n            data-info=\"                  &lt;p&gt;\u00c5rsm\u00f6te Svensk f\u00f6rening f\u00f6r Pediatrisk Akutsjukv\u00e5rd (SWEPEM, Swedish Society for Pediatric Emergency Medicine)&lt;br&gt;&lt;\/p&gt;                 &lt;br&gt;&lt;br&gt;\"\n            data-category=\"M\u00f6te\"\n            data-category-ids=\"1004\"\n            data-span-all=\"\"\n                      >\n\n            <div class=\"event_content\">\n              <div class=\"title\">\n                                <span>\u00c5rsm\u00f6te Svensk f\u00f6rening f\u00f6r Pediatrisk Akutsjukv\u00e5rd (SWEPEM, Swedish Society for Pediatric Emergency Medicine)<\/span>\n              <\/div>\n              <div class=\"span_room\"><span><\/span><\/div>\n              <div class=\"time\">\n                <span>\n                  15:25-16:10                <\/span><\/div>\n\n              \n            <\/div>\n\n\n                                <div style=\"background-color:#FFFA5C; position: absolute !important ; height: 4px !important; left: 4px; right: 4px; bottom : 2px !important;  border\"><\/div>\n            \n          <\/div>\n\n      \n          <div class=\"event \"\n            data-id=\"1228\"\n            data-project=\"project_338_2017_12_12\"\n            data-title=\"SWEPEM - Styrelsem\u00f6te\"\n            data-abs-nbr=\"\"\n            data-ystart=\"16.25\"\n            data-yend=\"17\"\n            data-time=\"16:15-17:00\"\n            data-room=\"11\"\n            data-room-id=\"1029\"\n            data-room-name=\"Sal 110\"\n            data-day=\"3\"\n            data-abs-path=\"\"\n            data-speaker=\"\"\n            data-speakercell=\"\"\n            data-info=\"                  &lt;p&gt;&lt;br&gt;&lt;\/p&gt;                 &lt;br&gt;&lt;br&gt;\"\n            data-category=\"M\u00f6te\"\n            data-category-ids=\"1004\"\n            data-span-all=\"\"\n                      >\n\n            <div class=\"event_content\">\n              <div class=\"title\">\n                                <span>SWEPEM - Styrelsem\u00f6te<\/span>\n              <\/div>\n              <div class=\"span_room\"><span><\/span><\/div>\n              <div class=\"time\">\n                <span>\n                  16:15-17:00                <\/span><\/div>\n\n              \n            <\/div>\n\n\n                                <div style=\"background-color:#FFFA5C; position: absolute !important ; height: 4px !important; left: 4px; right: 4px; bottom : 2px !important;  border\"><\/div>\n            \n          <\/div>\n\n      \n      <div id=\"eventInfo\" class=\"modal fade bs-example-modal-lg\" tabindex=\"-1\" role=\"dialog\" style=\"font-size: medium; line-height: normal; text-transform: none;\">\n        <div class=\"modal-dialog\">\n          <div class=\"modal-content\">\n            <div class=\"modal-header\">\n              <button type=\"button\" class=\"close\" data-dismiss=\"modal\" aria-label=\"Close\">\n                <span aria-hidden=\"true\">&times;<\/span><\/button>\n              <h4 class=\"modal-title\"><\/h4>\n            <\/div>\n            <div class=\"modal-body\">\n              <p class=\"modal-speaker\"><\/p>\n              <p class=\"modal-time\"><\/p>\n              <p class=\"modal-info\"><\/p>\n              <p id=\"modal-abs\"><\/p>\n              <p id=\"modal-abs-oldie\">\n                <span style=\"display: none;\">Du anv\u00e4nder en f\u00f6r\u00e5ldrar webbl\u00e4sare.<\/span>\n                <a id=\"abs-url-oldie\" target=\"_blank\" style=\"display: none;\">Klicka f\u00e4r f\u00f6r att l\u00e4sa bidraget<\/a>\n                <iframe id=\"abs-iframe-oldie\" width=\"100%\" height=\"300px\"><\/iframe>\n              <\/p>\n              <i id=\"modal-abs-spinner\" class=\"fa fa-spinner fa-spin\" aria-hidden=\"true\" style=\"display: none;\"><\/i>\n            <\/div>\n            <div class=\"modal-footer\">\n              <span style=\"text-align: left; float: left;\" class=\"modal-category\"><\/span>\n              <button type=\"button\" class=\"btn btn-default\" data-dismiss=\"modal\">St\u00e4ng<\/button>\n            <\/div>\n          <\/div><!-- \/.modal-content -->\n        <\/div><!-- \/.modal-dialog -->\n      <\/div><!-- \/.modal -->\n\n    <\/div>\n\n  <\/div>\n\n&lt;!&#8211; [et_pb_line_break_holder] &#8211;&gt;&lt;\/div&gt;[\/et_pb_fullwidth_code][\/et_pb_section]<\/p>\n","protected":false},"excerpt":{"rendered":"<p>[et_pb_section bb_built=&#8221;1&#8243; _builder_version=&#8221;3.0.72&#8243; custom_padding=&#8221;20px|0px|8px|0px&#8221;][et_pb_row background_color=&#8221;#ffffff&#8221; background_repeat_1=&#8221;no-repeat&#8221; _builder_version=&#8221;3.0.72&#8243; custom_padding=&#8221;11px|0px|2px|0px&#8221;][et_pb_column type=&#8221;4_4&#8243;][et_pb_text admin_label=&#8221;Image&#8221; _builder_version=&#8221;3.0.72&#8243;] [\/et_pb_text][et_pb_text _builder_version=&#8221;3.0.72&#8243; custom_margin=&#8221;10px|10px|10px|10px&#8221; background_layout=&#8221;light&#8221; text_orientation=&#8221;left&#8221; border_style=&#8221;solid&#8221;] Prelimin\u00e4rt program f\u00f6r Barnveckan 2018. Klicka p\u00e5 aktuell dag och sedan p\u00e5 programpunkten f\u00f6r ytterligare information. Scrolla till h\u00f6ger dagarna tisdag-torsdag f\u00f6r att se alla programpunkter. Under \u201dFiltrera\u201d ses f\u00e4rgkodning f\u00f6r kategorier, till exempel f\u00f6rel\u00e4sning eller workshop.\u00a0Programmet uppdateras [&hellip;]<\/p>\n","protected":false},"author":1,"featured_media":0,"parent":0,"menu_order":0,"comment_status":"closed","ping_status":"closed","template":"page-template-blank.php","meta":{"_et_pb_use_builder":"on","_et_pb_old_content":"<p>[main project='project_338_2017_12_12' every_min=\"12\" content_height=1000 aic_spanning_color=\"#E15AC2\" spanning_color=\"#ffffff\" calendar_background_color=\"#fffffff\" show_list_schedule=\"true\" hide_graph_schedule=\"false\" include_inner_people_in_block=\"true\" include_speaker_city=\"true\"][filters content_height=969][categories][\/filters][\/main]<\/p>","_et_gb_content_width":""},"_links":{"self":[{"href":"https:\/\/program.appinconf.com\/program\/wp-json\/wp\/v2\/pages\/334"}],"collection":[{"href":"https:\/\/program.appinconf.com\/program\/wp-json\/wp\/v2\/pages"}],"about":[{"href":"https:\/\/program.appinconf.com\/program\/wp-json\/wp\/v2\/types\/page"}],"author":[{"embeddable":true,"href":"https:\/\/program.appinconf.com\/program\/wp-json\/wp\/v2\/users\/1"}],"replies":[{"embeddable":true,"href":"https:\/\/program.appinconf.com\/program\/wp-json\/wp\/v2\/comments?post=334"}],"version-history":[{"count":35,"href":"https:\/\/program.appinconf.com\/program\/wp-json\/wp\/v2\/pages\/334\/revisions"}],"predecessor-version":[{"id":416,"href":"https:\/\/program.appinconf.com\/program\/wp-json\/wp\/v2\/pages\/334\/revisions\/416"}],"wp:attachment":[{"href":"https:\/\/program.appinconf.com\/program\/wp-json\/wp\/v2\/media?parent=334"}],"curies":[{"name":"wp","href":"https:\/\/api.w.org\/{rel}","templated":true}]}}