
{"id":363,"date":"2018-01-23T18:06:42","date_gmt":"2018-01-23T18:06:42","guid":{"rendered":"http:\/\/appsinmed.com\/program\/?page_id=363"},"modified":"2018-01-23T18:07:54","modified_gmt":"2018-01-23T18:07:54","slug":"palliativ-vard-2018","status":"publish","type":"page","link":"https:\/\/program.appinconf.com\/program\/palliativ-vard-2018\/","title":{"rendered":"Palliativ V\u00e5rd 2018"},"content":{"rendered":"<p><img loading=\"lazy\" class=\"size-medium wp-image-366 aligncenter\" src=\"http:\/\/appsinmed.com\/program\/wp-content\/uploads\/sites\/22\/2018\/01\/palliativ-logga-300x187.jpg\" alt=\"\" width=\"300\" height=\"187\" srcset=\"https:\/\/program.appinconf.com\/program\/wp-content\/uploads\/sites\/22\/2018\/01\/palliativ-logga-300x187.jpg 300w, https:\/\/program.appinconf.com\/program\/wp-content\/uploads\/sites\/22\/2018\/01\/palliativ-logga-768x480.jpg 768w, https:\/\/program.appinconf.com\/program\/wp-content\/uploads\/sites\/22\/2018\/01\/palliativ-logga-1024x640.jpg 1024w, https:\/\/program.appinconf.com\/program\/wp-content\/uploads\/sites\/22\/2018\/01\/palliativ-logga-400x250.jpg 400w, https:\/\/program.appinconf.com\/program\/wp-content\/uploads\/sites\/22\/2018\/01\/palliativ-logga-1080x675.jpg 1080w\" sizes=\"(max-width: 300px) 100vw, 300px\" \/>\n<script type=\"text\/javascript\">\n    var allRooms = JSON.parse('[{\"name\":\"Plenum\",\"id\":1002},{\"name\":\"Sal A\",\"id\":1003},{\"name\":\"Sal B\",\"id\":1004},{\"name\":\"Sal 203+204\",\"id\":1005},{\"name\":\"Sal 201\",\"id\":1006},{\"name\":\"Sal C\",\"id\":1007},{\"name\":\"Sal 202\",\"id\":1008},{\"name\":\"Utst\\u00e4llningshallen\",\"id\":1009},{\"name\":\"Norra Latin\",\"id\":1010}]');\n    var allCategories = JSON.parse('[]');\n  <\/script>\n\n  <script type=\"text\/javascript\">\n    var templateUrl = 'https:\/\/program.appinconf.com\/program\/wp-content\/plugins\/wordpress_plugin_schedule\/img\/';\n  <\/script>\n\n  <input type=\"hidden\" id=\"new_cms\" value=\"0\" \/>\n  <input type=\"hidden\" id=\"spanning_color\" value=\"rgba(255, 187, 187, 0.83)\" \/>\n  <input type=\"hidden\" id=\"spanning_text_color\" value=\"#000000\" \/>\n  <input type=\"hidden\" id=\"list_as_default\" value=\"0\" \/>\n  <input type=\"hidden\" id=\"fetch_abstract\" value=\"\" \/>\n  <input type=\"hidden\" id=\"show_abs_nbr\" value=\"\" \/>\n  <input type=\"hidden\" id=\"use-auto-heights\" value=\"false\" \/>\n  <input id='base_path' type='hidden' value='https:\/\/program.appinconf.com\/program\/wp-content\/plugins\/wordpress_plugin_schedule' \/>\n  <input id='project' type='hidden' value='project_357_2018_01_23' \/>\n  <input id='lang' type='hidden' value='sv' \/>\n  <input id='show_link_to_abstract' type='hidden' value='0' \/>\n\n  <div id=\"plugin_main_container\" style='height: 1170px;'>\n\n    \n    <div id=\"type_filter_div\" style='display: none;'>\n      <div class=\"btn-group\" role=\"group\" aria-label=\"...\">\n        <button id=\"show_graph_schedule_button\" type=\"button\" class=\"btn btn-default selected_list_type\">\n          <i class=\"fa fa-calendar\" aria-hidden=\"true\"><\/i>\n        <\/button>\n        <button id=\"show_list_schedule_button\" type=\"button\" class=\"btn btn-default \">\n          <i class=\"fa fa-list\" aria-hidden=\"true\"><\/i>\n        <\/button>\n        <button id=\"list_program_button_print\" type=\"button\" class=\"btn btn-default\" style=\"display: none;\">\n          <i class=\"fa fa-print\" aria-hidden=\"true\"><\/i>\n        <\/button>\n      <\/div>\n      \n    <\/div>\n\n    <div id=\"personal_filter_div\" style='display: none;'>\n        <div id=\"email-input-group\" class=\"email-input-group input-group\">\n          <span class=\"input-group-addon\" id=\"sizing-addon2\">@<\/span>\n          <input id=\"list_filter_input\" type=\"email\" class=\"form-control\" placeholder=\"Ange din email eller bokningsnummer\" aria-describedby=\"sizing-addon2\">\n        <\/div>\n        <button id=\"list_filter_button\" class=\"btn btn-primary\">Visa mitt program<\/button>\n\n    <\/div>\n\n    <div id=\"personal_filter_user_information\" style=\"display: none;\">\n      <i class=\"fa fa-user fa-2x\" aria-hidden=\"true\"><\/i><span id=\"personal_information\"><\/span>\n      <button id=\"list_filter_button_print\" class=\"btn btn-success hide\"><i class=\"fa fa-print\" aria-hidden=\"true\"><\/i><\/button>\n      <button id=\"list_filter_button_reset\" class=\"btn btn-danger hide\">\u00c5terst\u00e4ll<\/button>\n    <\/div>\n\n    <div id=\"list_calendar_container\" style='display: none;'>\n\n      <div id=\"list_filter_alert_div_not_found\" class=\"alert alert-info hide\" role=\"alert\">\n          <span>\n            Anv\u00e4ndaren kunde inte hittas. Var god f\u00f6rs\u00f6k igen.          <\/span>\n      <\/div>\n\n      <div id=\"list_filter_alert_div_error\" class=\"alert alert-info hide\" role=\"alert\">\n          <span>\n            Det uppstod ett problem n\u00e4r ditt program skulle h\u00e4mtas. Var god f\u00f6rs\u00f6k igen.          <\/span>\n      <\/div>\n\n      <div id=\"list_calendar_container_inner\" style=\"height: 1000px;\">\n\n          <div class='list_header' data-day='0' style='background-color: rgba(32, 132, 196, 0.83); color: rgba(255, 255, 255, 1);'>Onsdag 21 mars<\/div>\n          <div class=\"box-wrapper\"\n              data-id=\"1023\">\n\n              <div class='time-header'>09:00<\/div>\n\n              <div class=\"box\"\n                data-id=\"1023\"\n                data-project=\"project_357_2018_01_23\"\n                data-title=\"Registrering med kaffe\"\n                data-time=\"09:00-10:00\"\n                data-room=\"Utst\u00e4llningshallen\"\n                data-room-id=\"1009\"\n                data-room-name=\"Utst\u00e4llningshallen\"\n                data-day=\"0\"\n                data-abs-nbr=\"\"\n                data-abs-path=\"\"\n                data-speaker=\"\"\n                data-speakercell=\"\"\n                data-info=\"\"\n                data-category=\"\"\n                data-category-ids=\"\"\n                data-span-all=\"\"\n              >\n\n              \n\n              <div class=\"vertical_bar\" style=\"background-color: rgba(255, 255, 255, 0);\"><\/div>\n              <div class=\"box_inner\">\n                                <span>Registrering med kaffe<\/span>\n               <br>\n               \n               <div class=\"room_div \">\n                 <i class=\"list-room\">Utst\u00e4llningshallen<\/i>\n               <\/div>\n\n               <div class=\"name_time_div\">\n                <i class=\"list-time\" data-time=\"09:00\">09:00-10:00 - Onsdag 21 mars<\/i>\n               <\/div>\n              <\/div>\n             <\/div>\n          <\/div>\n\n          \n          <div class=\"box-wrapper\"\n              data-id=\"1003\">\n\n              <div class='time-header'>10:00<\/div>\n\n              <div class=\"box\"\n                data-id=\"1003\"\n                data-project=\"project_357_2018_01_23\"\n                data-title=\"Invigning\"\n                data-time=\"10:00-10:30\"\n                data-room=\"Plenum\"\n                data-room-id=\"1002\"\n                data-room-name=\"Plenum\"\n                data-day=\"0\"\n                data-abs-nbr=\"\"\n                data-abs-path=\"\"\n                data-speaker=\"\"\n                data-speakercell=\"\"\n                data-info=\"&lt;b&gt;Moderatorer: &lt;\/b&gt;Inger Fridegren&lt;br&gt;&lt;br&gt;                  &lt;p&gt; &lt;\/p&gt;                  &lt;p&gt;&lt;span style=&quot;font-weight: bold;&quot;&gt;Invigningstal och k\u00f6rs\u00e5ng &lt;\/span&gt;&lt;br&gt;&lt;span style=&quot;font-style: italic;&quot;&gt;Moderator: Inger Fridegren&lt;\/span&gt;&lt;\/p&gt;                 &lt;br&gt;&lt;br&gt;\"\n                data-category=\"\"\n                data-category-ids=\"\"\n                data-span-all=\"\"\n              >\n\n              \n\n              <div class=\"vertical_bar\" style=\"background-color: rgba(255, 255, 255, 0);\"><\/div>\n              <div class=\"box_inner\">\n                                <span>Invigning<\/span>\n               <br>\n               \n               <div class=\"room_div \">\n                 <i class=\"list-room\">Plenum<\/i>\n               <\/div>\n\n               <div class=\"name_time_div\">\n                <i class=\"list-time\" data-time=\"10:00\">10:00-10:30 - Onsdag 21 mars<\/i>\n               <\/div>\n              <\/div>\n             <\/div>\n          <\/div>\n\n          \n          <div class=\"box-wrapper\"\n              data-id=\"1004\">\n\n              <div class='time-header'>10:30<\/div>\n\n              <div class=\"box\"\n                data-id=\"1004\"\n                data-project=\"project_357_2018_01_23\"\n                data-title=\"Med r\u00f6tterna mot framtiden  \"\n                data-time=\"10:30-11:15\"\n                data-room=\"Plenum\"\n                data-room-id=\"1002\"\n                data-room-name=\"Plenum\"\n                data-day=\"0\"\n                data-abs-nbr=\"\"\n                data-abs-path=\"\"\n                data-speaker=\"Ulrika Kreicbergs; Peter  Strang\"\n                data-speakercell=\"Ulrika Kreicbergs; Peter  Strang\"\n                data-info=\"&lt;b&gt;Moderatorer: &lt;\/b&gt;Inger Fridegren&lt;br&gt;&lt;br&gt;                  &lt;p&gt; &lt;\/p&gt;                  &lt;p&gt;&lt;span style=&quot;font-weight: bold;&quot;&gt;Med r\u00f6tterna mot framtiden&amp;nbsp; &lt;\/span&gt;&lt;br&gt;&lt;br&gt;&lt;span style=&quot;font-style: italic;&quot;&gt;Moderator: Inger Fridegren&lt;br&gt;Ulrika Kreicbergs, leg ssk, professor&lt;b&gt; &lt;\/b&gt;och Peter Strang,&lt;b&gt; &lt;\/b&gt;leg l\u00e4k, professor&lt;\/span&gt;&lt;\/p&gt;&lt;p&gt;Plenumf\u00f6rel\u00e4sningen inleds av Peter Strang, professor i palliativ medicin vid Karolinska Institutet och Stockholms sjukhem.&lt;br&gt;Han kommer att ber\u00e4tta om hospicer\u00f6relsens och den palliativa v\u00e5rdens framv\u00e4xt, b\u00e5de internationellt och ur ett svenskt perspektiv.&lt;br&gt;Peter Strang kommer ocks\u00e5 att presentera den palliativa v\u00e5rdens helhetssyn och&amp;nbsp;det centrala begreppet Total Pain (&quot;total sm\u00e4rta&quot;)&quot;&lt;\/p&gt;&lt;p&gt;Ulrika Kreicbergs, professor i&amp;nbsp;palliativa&amp;nbsp;v\u00e5rd av barn och unga vid Ersta Sk\u00f6ndal Br\u00e4cke h\u00f6gskola kommer att ber\u00e4tta om barnet i den palliativa v\u00e5rden b\u00e5de som patient och n\u00e4rst\u00e5ende.&lt;\/p&gt;&lt;p&gt;&lt;\/p&gt;&lt;p&gt;&amp;nbsp;&lt;\/p&gt;                 &lt;br&gt;&lt;br&gt;\"\n                data-category=\"\"\n                data-category-ids=\"\"\n                data-span-all=\"\"\n              >\n\n              \n\n              <div class=\"vertical_bar\" style=\"background-color: rgba(255, 255, 255, 0);\"><\/div>\n              <div class=\"box_inner\">\n                                <span>Med r\u00f6tterna mot framtiden  <\/span>\n               <br>\n               <div class=\"lecturer\"><span>Ulrika Kreicbergs; Peter  Strang<\/span><\/div>\n               <div class=\"room_div \">\n                 <i class=\"list-room\">Plenum<\/i>\n               <\/div>\n\n               <div class=\"name_time_div\">\n                <i class=\"list-time\" data-time=\"10:30\">10:30-11:15 - Onsdag 21 mars<\/i>\n               <\/div>\n              <\/div>\n             <\/div>\n          <\/div>\n\n          \n          <div class=\"box-wrapper\"\n              data-id=\"1027\">\n\n              <div class='time-header'>11:15<\/div>\n\n              <div class=\"box\"\n                data-id=\"1027\"\n                data-project=\"project_357_2018_01_23\"\n                data-title=\"Kaffepaus hos v\u00e5ra utst\u00e4llare\"\n                data-time=\"11:15-11:45\"\n                data-room=\"Utst\u00e4llningshallen\"\n                data-room-id=\"1009\"\n                data-room-name=\"Utst\u00e4llningshallen\"\n                data-day=\"0\"\n                data-abs-nbr=\"\"\n                data-abs-path=\"\"\n                data-speaker=\"\"\n                data-speakercell=\"\"\n                data-info=\"\"\n                data-category=\"\"\n                data-category-ids=\"\"\n                data-span-all=\"\"\n              >\n\n              \n\n              <div class=\"vertical_bar\" style=\"background-color: rgba(255, 255, 255, 0);\"><\/div>\n              <div class=\"box_inner\">\n                                <span>Kaffepaus hos v\u00e5ra utst\u00e4llare<\/span>\n               <br>\n               \n               <div class=\"room_div \">\n                 <i class=\"list-room\">Utst\u00e4llningshallen<\/i>\n               <\/div>\n\n               <div class=\"name_time_div\">\n                <i class=\"list-time\" data-time=\"11:15\">11:15-11:45 - Onsdag 21 mars<\/i>\n               <\/div>\n              <\/div>\n             <\/div>\n          <\/div>\n\n          \n          <div class=\"box-wrapper\"\n              data-id=\"1017\">\n\n              <div class='time-header'>11:45<\/div>\n\n              <div class=\"box\"\n                data-id=\"1017\"\n                data-project=\"project_357_2018_01_23\"\n                data-title=\"5a. Kortison i palliativ v\u00e5rd - hj\u00e4lper det mot allt?\"\n                data-time=\"11:45-12:30\"\n                data-room=\"Sal C\"\n                data-room-id=\"1007\"\n                data-room-name=\"Sal C\"\n                data-day=\"0\"\n                data-abs-nbr=\"\"\n                data-abs-path=\"\/abs\/1017.pdf\"\n                data-speaker=\"Staffan Lundstr\u00f6m\"\n                data-speakercell=\"Staffan Lundstr\u00f6m\"\n                data-info=\"&lt;b&gt;Moderatorer: &lt;\/b&gt;Staffan Lundstr\u00f6m&lt;br&gt;&lt;br&gt;                  &lt;p&gt; &lt;\/p&gt;                  &lt;p&gt;5a.&lt;b&gt; Kortison i palliativ v\u00e5rd - hj\u00e4lper det mot allt?&lt;\/b&gt;&lt;\/p&gt;                  &lt;p&gt;&lt;span style=&quot;font-style: italic;&quot;&gt;Staffan Lundstr\u00f6m leg l\u00e4k, docent&lt;\/span&gt;&lt;\/p&gt;                 &lt;br&gt;&lt;br&gt;\"\n                data-category=\"\"\n                data-category-ids=\"\"\n                data-span-all=\"\"\n              >\n\n              \n\n              <div class=\"vertical_bar\" style=\"background-color: rgba(255, 255, 255, 0);\"><\/div>\n              <div class=\"box_inner\">\n                                <span>5a. Kortison i palliativ v\u00e5rd - hj\u00e4lper det mot allt?<\/span>\n               <br>\n               <div class=\"lecturer\"><span>Staffan Lundstr\u00f6m<\/span><\/div>\n               <div class=\"room_div \">\n                 <i class=\"list-room\">Sal C<\/i>\n               <\/div>\n\n               <div class=\"name_time_div\">\n                <i class=\"list-time\" data-time=\"11:45\">11:45-12:30 - Onsdag 21 mars<\/i>\n               <\/div>\n              <\/div>\n             <\/div>\n          <\/div>\n\n          \n          <div class=\"box-wrapper\"\n              data-id=\"1008\">\n\n              <div class='time-header' style='visibility: hidden;'>11:45<\/div>\n\n              <div class=\"box\"\n                data-id=\"1008\"\n                data-project=\"project_357_2018_01_23\"\n                data-title=\"2a. Att utg\u00e5 fr\u00e5n behov, resurser och prioteringar - ett omv\u00e4nt f\u00f6rh\u00e5llningss\u00e4tt f\u00f6r st\u00f6d till n\u00e4rst\u00e5ende\"\n                data-time=\"11:45-12:30\"\n                data-room=\"Sal B\"\n                data-room-id=\"1004\"\n                data-room-name=\"Sal B\"\n                data-day=\"0\"\n                data-abs-nbr=\"\"\n                data-abs-path=\"\/abs\/1008.pdf\"\n                data-speaker=\"Anette Alvariza\"\n                data-speakercell=\"Anette Alvariza\"\n                data-info=\"&lt;b&gt;Moderatorer: &lt;\/b&gt;Anette Alvariza&lt;br&gt;&lt;br&gt;                  &lt;p&gt; &lt;\/p&gt;                  &lt;p&gt;2a. &lt;b&gt;Att utg\u00e5 fr\u00e5n behov, resurser och prioteringar - ett omv\u00e4nt f\u00f6rh\u00e5llningss\u00e4tt f\u00f6r st\u00f6d till n\u00e4rst\u00e5ende &lt;\/b&gt;&amp;nbsp;&amp;nbsp;&lt;\/p&gt;                  &lt;p&gt;&lt;span style=&quot;font-style: italic;&quot;&gt;Anette Alvariza, leg ssk, docent&lt;\/span&gt;&lt;\/p&gt;                 &lt;br&gt;&lt;br&gt;\"\n                data-category=\"\"\n                data-category-ids=\"\"\n                data-span-all=\"\"\n              >\n\n              \n\n              <div class=\"vertical_bar\" style=\"background-color: rgba(255, 255, 255, 0);\"><\/div>\n              <div class=\"box_inner\">\n                                <span>2a. Att utg\u00e5 fr\u00e5n behov, resurser och prioteringar - ett omv\u00e4nt f\u00f6rh\u00e5llningss\u00e4tt f\u00f6r st\u00f6d till n\u00e4rst\u00e5ende<\/span>\n               <br>\n               <div class=\"lecturer\"><span>Anette Alvariza<\/span><\/div>\n               <div class=\"room_div \">\n                 <i class=\"list-room\">Sal B<\/i>\n               <\/div>\n\n               <div class=\"name_time_div\">\n                <i class=\"list-time\" data-time=\"11:45\">11:45-12:30 - Onsdag 21 mars<\/i>\n               <\/div>\n              <\/div>\n             <\/div>\n          <\/div>\n\n          \n          <div class=\"box-wrapper\"\n              data-id=\"1005\">\n\n              <div class='time-header' style='visibility: hidden;'>11:45<\/div>\n\n              <div class=\"box\"\n                data-id=\"1005\"\n                data-project=\"project_357_2018_01_23\"\n                data-title=\"1a. Existentiellt lidande\"\n                data-time=\"11:45-12:30\"\n                data-room=\"Sal A\"\n                data-room-id=\"1003\"\n                data-room-name=\"Sal A\"\n                data-day=\"0\"\n                data-abs-nbr=\"\"\n                data-abs-path=\"\/abs\/1005.pdf\"\n                data-speaker=\"Peter  Strang\"\n                data-speakercell=\"Peter  Strang\"\n                data-info=\"&lt;b&gt;Moderatorer: &lt;\/b&gt;Peter  Strang&lt;br&gt;&lt;br&gt;                  &lt;p&gt; &lt;\/p&gt;                  &lt;p&gt;1a. &lt;b&gt;Existentiellt lidande&amp;nbsp; &amp;nbsp; &amp;nbsp; &amp;nbsp; &amp;nbsp;&lt;\/b&gt;&amp;nbsp; &amp;nbsp; &amp;nbsp; &amp;nbsp; &amp;nbsp; &amp;nbsp; &amp;nbsp; &amp;nbsp; &amp;nbsp; &amp;nbsp; &amp;nbsp; &amp;nbsp; &amp;nbsp; &amp;nbsp; &amp;nbsp; &amp;nbsp; &amp;nbsp;&amp;nbsp;&lt;\/p&gt;                  &lt;p&gt;&lt;i&gt;Moderator: Peter Strang&amp;nbsp;&lt;\/i&gt;&amp;nbsp; &lt;br&gt;&lt;span style=&quot;font-style: italic;&quot;&gt;Peter Strang, leg l\u00e4k, professor&amp;nbsp;&amp;nbsp;&lt;\/span&gt;&lt;\/p&gt;                 &lt;br&gt;&lt;br&gt;\"\n                data-category=\"\"\n                data-category-ids=\"\"\n                data-span-all=\"\"\n              >\n\n              \n\n              <div class=\"vertical_bar\" style=\"background-color: rgba(255, 255, 255, 0);\"><\/div>\n              <div class=\"box_inner\">\n                                <span>1a. Existentiellt lidande<\/span>\n               <br>\n               <div class=\"lecturer\"><span>Peter  Strang<\/span><\/div>\n               <div class=\"room_div \">\n                 <i class=\"list-room\">Sal A<\/i>\n               <\/div>\n\n               <div class=\"name_time_div\">\n                <i class=\"list-time\" data-time=\"11:45\">11:45-12:30 - Onsdag 21 mars<\/i>\n               <\/div>\n              <\/div>\n             <\/div>\n          <\/div>\n\n          \n          <div class=\"box-wrapper\"\n              data-id=\"1011\">\n\n              <div class='time-header' style='visibility: hidden;'>11:45<\/div>\n\n              <div class=\"box\"\n                data-id=\"1011\"\n                data-project=\"project_357_2018_01_23\"\n                data-title=\"3a. Kompetens f\u00f6r teamarbete inom specialiserd palliativ v\u00e5rd - kunskap f\u00e4rdighet och f\u00f6rh\u00e5llningss\u00e4tt\"\n                data-time=\"11:45-12:30\"\n                data-room=\"Sal 203+204\"\n                data-room-id=\"1005\"\n                data-room-name=\"Sal 203+204\"\n                data-day=\"0\"\n                data-abs-nbr=\"\"\n                data-abs-path=\"\/abs\/1011.pdf\"\n                data-speaker=\"Anna Klarare\"\n                data-speakercell=\"Anna Klarare\"\n                data-info=\"&lt;b&gt;Moderatorer: &lt;\/b&gt;Jane \u00d6sterlind&lt;br&gt;&lt;br&gt;                  &lt;p&gt; &lt;\/p&gt;                  &lt;p&gt;3a. &lt;b&gt;Kompetens f\u00f6r teamarbete inom specialiserd palliativ v\u00e5rd - kunskap f\u00e4rdighet och f\u00f6rh\u00e5llningss\u00e4tt &lt;\/b&gt;&lt;\/p&gt;                  &lt;p&gt;&lt;span style=&quot;font-style: italic;&quot;&gt;Anna Klarare, Leg ssk med dr&lt;\/span&gt;&lt;\/p&gt;                 &lt;br&gt;&lt;br&gt;\"\n                data-category=\"\"\n                data-category-ids=\"\"\n                data-span-all=\"\"\n              >\n\n              \n\n              <div class=\"vertical_bar\" style=\"background-color: rgba(255, 255, 255, 0);\"><\/div>\n              <div class=\"box_inner\">\n                                <span>3a. Kompetens f\u00f6r teamarbete inom specialiserd palliativ v\u00e5rd - kunskap f\u00e4rdighet och f\u00f6rh\u00e5llningss\u00e4tt<\/span>\n               <br>\n               <div class=\"lecturer\"><span>Anna Klarare<\/span><\/div>\n               <div class=\"room_div \">\n                 <i class=\"list-room\">Sal 203+204<\/i>\n               <\/div>\n\n               <div class=\"name_time_div\">\n                <i class=\"list-time\" data-time=\"11:45\">11:45-12:30 - Onsdag 21 mars<\/i>\n               <\/div>\n              <\/div>\n             <\/div>\n          <\/div>\n\n          \n          <div class=\"box-wrapper\"\n              data-id=\"1014\">\n\n              <div class='time-header' style='visibility: hidden;'>11:45<\/div>\n\n              <div class=\"box\"\n                data-id=\"1014\"\n                data-project=\"project_357_2018_01_23\"\n                data-title=\"4a. Etiska och juridiska utmaningar i livets slutskede \"\n                data-time=\"11:45-12:30\"\n                data-room=\"Sal 201\"\n                data-room-id=\"1006\"\n                data-room-name=\"Sal 201\"\n                data-day=\"0\"\n                data-abs-nbr=\"\"\n                data-abs-path=\"\/abs\/1014.pdf\"\n                data-speaker=\"Marit Karlsson; Gunnar Eckerdal\"\n                data-speakercell=\"Marit Karlsson; Gunnar Eckerdal\"\n                data-info=\"&lt;b&gt;Moderatorer: &lt;\/b&gt;Berit  Seiger Cronfalk&lt;br&gt;&lt;br&gt;                  &lt;p&gt; &lt;\/p&gt;                  &lt;p&gt;4a. &lt;b&gt;Etiska och juridiska utmaningar i livets slutskede&lt;\/b&gt;&lt;\/p&gt;                  &lt;p&gt;&lt;span style=&quot;font-style: italic;&quot;&gt;Marit Karlsson,&lt;b&gt; &lt;\/b&gt;leg l\u00e4k, med dr&lt;b&gt;&amp;nbsp;&lt;\/b&gt;&lt;\/span&gt;&lt;\/p&gt;                  &lt;p&gt;&lt;span style=&quot;font-style: italic;&quot;&gt;Gunnar Eckerdal, leg l\u00e4k&lt;\/span&gt;&lt;\/p&gt;                 &lt;br&gt;&lt;br&gt;\"\n                data-category=\"\"\n                data-category-ids=\"\"\n                data-span-all=\"\"\n              >\n\n              \n\n              <div class=\"vertical_bar\" style=\"background-color: rgba(255, 255, 255, 0);\"><\/div>\n              <div class=\"box_inner\">\n                                <span>4a. Etiska och juridiska utmaningar i livets slutskede <\/span>\n               <br>\n               <div class=\"lecturer\"><span>Marit Karlsson; Gunnar Eckerdal<\/span><\/div>\n               <div class=\"room_div \">\n                 <i class=\"list-room\">Sal 201<\/i>\n               <\/div>\n\n               <div class=\"name_time_div\">\n                <i class=\"list-time\" data-time=\"11:45\">11:45-12:30 - Onsdag 21 mars<\/i>\n               <\/div>\n              <\/div>\n             <\/div>\n          <\/div>\n\n          \n          <div class=\"box-wrapper\"\n              data-id=\"1022\">\n\n              <div class='time-header'>12:30<\/div>\n\n              <div class=\"box\"\n                data-id=\"1022\"\n                data-project=\"project_357_2018_01_23\"\n                data-title=\"Lunch\"\n                data-time=\"12:30-13:30\"\n                data-room=\"Utst\u00e4llningshallen\"\n                data-room-id=\"1009\"\n                data-room-name=\"Utst\u00e4llningshallen\"\n                data-day=\"0\"\n                data-abs-nbr=\"\"\n                data-abs-path=\"\"\n                data-speaker=\"\"\n                data-speakercell=\"\"\n                data-info=\"\"\n                data-category=\"\"\n                data-category-ids=\"\"\n                data-span-all=\"\"\n              >\n\n              \n\n              <div class=\"vertical_bar\" style=\"background-color: rgba(255, 255, 255, 0);\"><\/div>\n              <div class=\"box_inner\">\n                                <span>Lunch<\/span>\n               <br>\n               \n               <div class=\"room_div \">\n                 <i class=\"list-room\">Utst\u00e4llningshallen<\/i>\n               <\/div>\n\n               <div class=\"name_time_div\">\n                <i class=\"list-time\" data-time=\"12:30\">12:30-13:30 - Onsdag 21 mars<\/i>\n               <\/div>\n              <\/div>\n             <\/div>\n          <\/div>\n\n          \n          <div class=\"box-wrapper\"\n              data-id=\"1006\">\n\n              <div class='time-header'>13:30<\/div>\n\n              <div class=\"box\"\n                data-id=\"1006\"\n                data-project=\"project_357_2018_01_23\"\n                data-title=\"1b. Kommunikation\"\n                data-time=\"13:30-15:00\"\n                data-room=\"Sal A\"\n                data-room-id=\"1003\"\n                data-room-name=\"Sal A\"\n                data-day=\"0\"\n                data-abs-nbr=\"\"\n                data-abs-path=\"\/abs\/1006.pdf\"\n                data-speaker=\"Valdemar  Erling\"\n                data-speakercell=\"Valdemar  Erling\"\n                data-info=\"&lt;b&gt;Moderatorer: &lt;\/b&gt;Peter  Strang&lt;br&gt;&lt;br&gt;                  &lt;p&gt; &lt;\/p&gt;                  &lt;p&gt;1b.&lt;b&gt; Kommunikation&amp;nbsp; &amp;nbsp; &amp;nbsp; &amp;nbsp; &amp;nbsp; &amp;nbsp; &amp;nbsp; &amp;nbsp; &amp;nbsp; &amp;nbsp; &amp;nbsp; &amp;nbsp; &amp;nbsp; &amp;nbsp; &amp;nbsp; &amp;nbsp; &amp;nbsp; &amp;nbsp; &amp;nbsp; &amp;nbsp; &amp;nbsp; &amp;nbsp; &amp;nbsp; &amp;nbsp; &amp;nbsp; &lt;\/b&gt;&lt;\/p&gt;                  &lt;p&gt;&lt;span style=&quot;font-style: italic;&quot;&gt;Valdemar Erling&lt;b&gt; &lt;\/b&gt;leg l\u00e4k, med lic &amp;nbsp;&lt;\/span&gt;&lt;b&gt;&lt;span style=&quot;font-style: italic;&quot;&gt; &lt;\/span&gt;&amp;nbsp;&lt;\/b&gt;&lt;\/p&gt;                 &lt;br&gt;&lt;br&gt;\"\n                data-category=\"\"\n                data-category-ids=\"\"\n                data-span-all=\"\"\n              >\n\n              \n\n              <div class=\"vertical_bar\" style=\"background-color: rgba(255, 255, 255, 0);\"><\/div>\n              <div class=\"box_inner\">\n                                <span>1b. Kommunikation<\/span>\n               <br>\n               <div class=\"lecturer\"><span>Valdemar  Erling<\/span><\/div>\n               <div class=\"room_div \">\n                 <i class=\"list-room\">Sal A<\/i>\n               <\/div>\n\n               <div class=\"name_time_div\">\n                <i class=\"list-time\" data-time=\"13:30\">13:30-15:00 - Onsdag 21 mars<\/i>\n               <\/div>\n              <\/div>\n             <\/div>\n          <\/div>\n\n          \n          <div class=\"box-wrapper\"\n              data-id=\"1021\">\n\n              <div class='time-header' style='visibility: hidden;'>13:30<\/div>\n\n              <div class=\"box\"\n                data-id=\"1021\"\n                data-project=\"project_357_2018_01_23\"\n                data-title=\"6b. Nutrition till den d\u00f6ende patienten - hur b\u00f6r man t\u00e4nka\"\n                data-time=\"13:30-15:00\"\n                data-room=\"Sal 202\"\n                data-room-id=\"1008\"\n                data-room-name=\"Sal 202\"\n                data-day=\"0\"\n                data-abs-nbr=\"\"\n                data-abs-path=\"\/abs\/1021.pdf\"\n                data-speaker=\"Charlotta Svalander\"\n                data-speakercell=\"Charlotta Svalander\"\n                data-info=\"&lt;b&gt;Moderatorer: &lt;\/b&gt;Marie-Louise Ekestr\u00f6m&lt;br&gt;&lt;br&gt;                  &lt;p&gt; &lt;\/p&gt;                  &lt;p&gt;6b.&lt;b&gt; Nutrition till den d\u00f6ende patienten - hur b\u00f6r man t\u00e4nka&lt;\/b&gt;&lt;\/p&gt;                  &lt;p&gt;&lt;span style=&quot;font-style: italic;&quot;&gt;Charlotta Svalander, leg dietist&amp;nbsp;&lt;\/span&gt;&lt;\/p&gt;                 &lt;br&gt;&lt;br&gt;\"\n                data-category=\"\"\n                data-category-ids=\"\"\n                data-span-all=\"\"\n              >\n\n              \n\n              <div class=\"vertical_bar\" style=\"background-color: rgba(255, 255, 255, 0);\"><\/div>\n              <div class=\"box_inner\">\n                                <span>6b. Nutrition till den d\u00f6ende patienten - hur b\u00f6r man t\u00e4nka<\/span>\n               <br>\n               <div class=\"lecturer\"><span>Charlotta Svalander<\/span><\/div>\n               <div class=\"room_div \">\n                 <i class=\"list-room\">Sal 202<\/i>\n               <\/div>\n\n               <div class=\"name_time_div\">\n                <i class=\"list-time\" data-time=\"13:30\">13:30-15:00 - Onsdag 21 mars<\/i>\n               <\/div>\n              <\/div>\n             <\/div>\n          <\/div>\n\n          \n          <div class=\"box-wrapper\"\n              data-id=\"1020\">\n\n              <div class='time-header' style='visibility: hidden;'>13:30<\/div>\n\n              <div class=\"box\"\n                data-id=\"1020\"\n                data-project=\"project_357_2018_01_23\"\n                data-title=\"5c. Dyspn\u00e9: Skiljer sig cancer fr\u00e5n andra sjukdomar s\u00e5som KOL?\"\n                data-time=\"13:30-15:00\"\n                data-room=\"Sal C\"\n                data-room-id=\"1007\"\n                data-room-name=\"Sal C\"\n                data-day=\"0\"\n                data-abs-nbr=\"\"\n                data-abs-path=\"\/abs\/1020.pdf\"\n                data-speaker=\"Magnus Ekstr\u00f6m\"\n                data-speakercell=\"Magnus Ekstr\u00f6m\"\n                data-info=\"&lt;b&gt;Moderatorer: &lt;\/b&gt;Staffan Lundstr\u00f6m&lt;br&gt;&lt;br&gt;                  &lt;p&gt; &lt;\/p&gt;                  &lt;p&gt;5c. &lt;b&gt;Dyspn\u00e9: Skiljer sig cancer fr\u00e5n andra sjukdomar s\u00e5som KOL?&lt;\/b&gt;&lt;\/p&gt;                  &lt;p&gt;&lt;span style=&quot;font-style: italic;&quot;&gt;Magnus Ekstr\u00f6m,&lt;b&gt; &lt;\/b&gt;leg l\u00e4k, docent&lt;\/span&gt;&lt;\/p&gt;                 &lt;br&gt;&lt;br&gt;\"\n                data-category=\"\"\n                data-category-ids=\"\"\n                data-span-all=\"\"\n              >\n\n              \n\n              <div class=\"vertical_bar\" style=\"background-color: rgba(255, 255, 255, 0);\"><\/div>\n              <div class=\"box_inner\">\n                                <span>5c. Dyspn\u00e9: Skiljer sig cancer fr\u00e5n andra sjukdomar s\u00e5som KOL?<\/span>\n               <br>\n               <div class=\"lecturer\"><span>Magnus Ekstr\u00f6m<\/span><\/div>\n               <div class=\"room_div \">\n                 <i class=\"list-room\">Sal C<\/i>\n               <\/div>\n\n               <div class=\"name_time_div\">\n                <i class=\"list-time\" data-time=\"13:30\">13:30-15:00 - Onsdag 21 mars<\/i>\n               <\/div>\n              <\/div>\n             <\/div>\n          <\/div>\n\n          \n          <div class=\"box-wrapper\"\n              data-id=\"1019\">\n\n              <div class='time-header' style='visibility: hidden;'>13:30<\/div>\n\n              <div class=\"box\"\n                data-id=\"1019\"\n                data-project=\"project_357_2018_01_23\"\n                data-title=\"6a. Omv\u00e5rdnad till den d\u00f6ende m\u00e4nniskan \"\n                data-time=\"13:30-15:00\"\n                data-room=\"Sal 202\"\n                data-room-id=\"1008\"\n                data-room-name=\"Sal 202\"\n                data-day=\"0\"\n                data-abs-nbr=\"\"\n                data-abs-path=\"\/abs\/1019.pdf\"\n                data-speaker=\"Marie-Louise Ekestr\u00f6m; Rosanna Alex\"\n                data-speakercell=\"Marie-Louise Ekestr\u00f6m; Rosanna Alex\"\n                data-info=\"&lt;b&gt;Moderatorer: &lt;\/b&gt;Marie-Louise Ekestr\u00f6m&lt;br&gt;&lt;br&gt;                  &lt;p&gt; &lt;\/p&gt;                  &lt;p&gt;6a.&lt;b&gt; Omv\u00e5rdnad till den d\u00f6ende m\u00e4nniskan&lt;\/b&gt;&lt;\/p&gt;                  &lt;p&gt;&lt;span style=&quot;font-style: italic;&quot;&gt;Marie-Louise Ekestr\u00f6m,&lt;b&gt; &lt;\/b&gt;leg ssk&lt;b&gt;&amp;nbsp;&lt;\/b&gt;&lt;\/span&gt;&lt;\/p&gt;                  &lt;p&gt;&lt;span style=&quot;font-style: italic;&quot;&gt;Rosanna Alex, usk&lt;\/span&gt;&lt;\/p&gt;                 &lt;br&gt;&lt;br&gt;\"\n                data-category=\"\"\n                data-category-ids=\"\"\n                data-span-all=\"\"\n              >\n\n              \n\n              <div class=\"vertical_bar\" style=\"background-color: rgba(255, 255, 255, 0);\"><\/div>\n              <div class=\"box_inner\">\n                                <span>6a. Omv\u00e5rdnad till den d\u00f6ende m\u00e4nniskan <\/span>\n               <br>\n               <div class=\"lecturer\"><span>Marie-Louise Ekestr\u00f6m; Rosanna Alex<\/span><\/div>\n               <div class=\"room_div \">\n                 <i class=\"list-room\">Sal 202<\/i>\n               <\/div>\n\n               <div class=\"name_time_div\">\n                <i class=\"list-time\" data-time=\"13:30\">13:30-15:00 - Onsdag 21 mars<\/i>\n               <\/div>\n              <\/div>\n             <\/div>\n          <\/div>\n\n          \n          <div class=\"box-wrapper\"\n              data-id=\"1016\">\n\n              <div class='time-header' style='visibility: hidden;'>13:30<\/div>\n\n              <div class=\"box\"\n                data-id=\"1016\"\n                data-project=\"project_357_2018_01_23\"\n                data-title=\"4c. Nerver f\u00f6r njutning \"\n                data-time=\"13:30-15:00\"\n                data-room=\"Sal 201\"\n                data-room-id=\"1006\"\n                data-room-name=\"Sal 201\"\n                data-day=\"0\"\n                data-abs-nbr=\"\"\n                data-abs-path=\"\/abs\/1016.pdf\"\n                data-speaker=\"H\u00e5kan Olausson\"\n                data-speakercell=\"H\u00e5kan Olausson\"\n                data-info=\"&lt;b&gt;Moderatorer: &lt;\/b&gt;Berit  Seiger Cronfalk&lt;br&gt;&lt;br&gt;                  &lt;p&gt; &lt;\/p&gt;                  &lt;p&gt;4c.&lt;b&gt; Nerver f\u00f6r njutning&lt;\/b&gt;&lt;\/p&gt;                  &lt;p&gt;&lt;span style=&quot;font-style: italic;&quot;&gt;H\u00e5kan Olausson leg l\u00e4k, professor&lt;\/span&gt;&lt;\/p&gt;                 &lt;br&gt;&lt;br&gt;\"\n                data-category=\"\"\n                data-category-ids=\"\"\n                data-span-all=\"\"\n              >\n\n              \n\n              <div class=\"vertical_bar\" style=\"background-color: rgba(255, 255, 255, 0);\"><\/div>\n              <div class=\"box_inner\">\n                                <span>4c. Nerver f\u00f6r njutning <\/span>\n               <br>\n               <div class=\"lecturer\"><span>H\u00e5kan Olausson<\/span><\/div>\n               <div class=\"room_div \">\n                 <i class=\"list-room\">Sal 201<\/i>\n               <\/div>\n\n               <div class=\"name_time_div\">\n                <i class=\"list-time\" data-time=\"13:30\">13:30-15:00 - Onsdag 21 mars<\/i>\n               <\/div>\n              <\/div>\n             <\/div>\n          <\/div>\n\n          \n          <div class=\"box-wrapper\"\n              data-id=\"1018\">\n\n              <div class='time-header' style='visibility: hidden;'>13:30<\/div>\n\n              <div class=\"box\"\n                data-id=\"1018\"\n                data-project=\"project_357_2018_01_23\"\n                data-title=\"5b. Spinala katetrar i palliativ v\u00e5rd: 20 \u00e5rs erfarenheter\"\n                data-time=\"13:30-15:00\"\n                data-room=\"Sal C\"\n                data-room-id=\"1007\"\n                data-room-name=\"Sal C\"\n                data-day=\"0\"\n                data-abs-nbr=\"\"\n                data-abs-path=\"\"\n                data-speaker=\"Maria Jakobsson\"\n                data-speakercell=\"Maria Jakobsson\"\n                data-info=\"&lt;b&gt;Moderatorer: &lt;\/b&gt;Staffan Lundstr\u00f6m&lt;br&gt;&lt;br&gt;                  &lt;p&gt; &lt;\/p&gt;                  &lt;p&gt;5b.&lt;b&gt; Spinala katetrar i palliativ v\u00e5rd: 20 \u00e5rs erfarenheter&lt;\/b&gt;&lt;\/p&gt;                  &lt;p&gt;&lt;span style=&quot;font-style: italic;&quot;&gt;Maria Jakobsson, leg l\u00e4k&lt;\/span&gt;&lt;\/p&gt;                 &lt;br&gt;&lt;br&gt;\"\n                data-category=\"\"\n                data-category-ids=\"\"\n                data-span-all=\"\"\n              >\n\n              \n\n              <div class=\"vertical_bar\" style=\"background-color: rgba(255, 255, 255, 0);\"><\/div>\n              <div class=\"box_inner\">\n                                <span>5b. Spinala katetrar i palliativ v\u00e5rd: 20 \u00e5rs erfarenheter<\/span>\n               <br>\n               <div class=\"lecturer\"><span>Maria Jakobsson<\/span><\/div>\n               <div class=\"room_div \">\n                 <i class=\"list-room\">Sal C<\/i>\n               <\/div>\n\n               <div class=\"name_time_div\">\n                <i class=\"list-time\" data-time=\"13:30\">13:30-15:00 - Onsdag 21 mars<\/i>\n               <\/div>\n              <\/div>\n             <\/div>\n          <\/div>\n\n          \n          <div class=\"box-wrapper\"\n              data-id=\"1007\">\n\n              <div class='time-header' style='visibility: hidden;'>13:30<\/div>\n\n              <div class=\"box\"\n                data-id=\"1007\"\n                data-project=\"project_357_2018_01_23\"\n                data-title=\"1c. Brytpunktsamtal - var, n\u00e4r och varf\u00f6r?\"\n                data-time=\"13:30-15:00\"\n                data-room=\"Sal A\"\n                data-room-id=\"1003\"\n                data-room-name=\"Sal A\"\n                data-day=\"0\"\n                data-abs-nbr=\"\"\n                data-abs-path=\"\/abs\/1007.pdf\"\n                data-speaker=\"Carl Johan F\u00fcrst; Bertil Axelsson\"\n                data-speakercell=\"Carl Johan F\u00fcrst; Bertil Axelsson\"\n                data-info=\"&lt;b&gt;Moderatorer: &lt;\/b&gt;Peter  Strang&lt;br&gt;&lt;br&gt;                  &lt;p&gt; &lt;\/p&gt;                  &lt;p&gt;1c.&lt;b&gt; Brytpunktsamtal - var, n\u00e4r och varf\u00f6r?&lt;\/b&gt;&lt;\/p&gt;                  &lt;p&gt;&lt;span style=&quot;font-style: italic;&quot;&gt;Carl Johan F\u00fcrst, leg l\u00e4k, professor&amp;nbsp;&lt;br&gt;Bertil Axelsson, leg l\u00e4k, professor&amp;nbsp; &amp;nbsp; &amp;nbsp;&lt;\/span&gt;&lt;\/p&gt;                 &lt;br&gt;&lt;br&gt;\"\n                data-category=\"\"\n                data-category-ids=\"\"\n                data-span-all=\"\"\n              >\n\n              \n\n              <div class=\"vertical_bar\" style=\"background-color: rgba(255, 255, 255, 0);\"><\/div>\n              <div class=\"box_inner\">\n                                <span>1c. Brytpunktsamtal - var, n\u00e4r och varf\u00f6r?<\/span>\n               <br>\n               <div class=\"lecturer\"><span>Carl Johan F\u00fcrst; Bertil Axelsson<\/span><\/div>\n               <div class=\"room_div \">\n                 <i class=\"list-room\">Sal A<\/i>\n               <\/div>\n\n               <div class=\"name_time_div\">\n                <i class=\"list-time\" data-time=\"13:30\">13:30-15:00 - Onsdag 21 mars<\/i>\n               <\/div>\n              <\/div>\n             <\/div>\n          <\/div>\n\n          \n          <div class=\"box-wrapper\"\n              data-id=\"1013\">\n\n              <div class='time-header' style='visibility: hidden;'>13:30<\/div>\n\n              <div class=\"box\"\n                data-id=\"1013\"\n                data-project=\"project_357_2018_01_23\"\n                data-title=\"3b. Ledarskapets m\u00f6jligheter och utmaningar\"\n                data-time=\"13:30-15:00\"\n                data-room=\"Sal 203+204\"\n                data-room-id=\"1005\"\n                data-room-name=\"Sal 203+204\"\n                data-day=\"0\"\n                data-abs-nbr=\"\"\n                data-abs-path=\"\/abs\/1013.pdf\"\n                data-speaker=\"Bengt Sallerfors\"\n                data-speakercell=\"Bengt Sallerfors\"\n                data-info=\"&lt;b&gt;Moderatorer: &lt;\/b&gt;Jane \u00d6sterlind&lt;br&gt;&lt;br&gt;                  &lt;p&gt; &lt;\/p&gt;                  &lt;p&gt;&amp;nbsp;3b.&lt;b&gt; Ledarskapets m\u00f6jligheter och utmaningar&lt;\/b&gt;&lt;\/p&gt;                  &lt;p&gt;&lt;span style=&quot;font-style: italic;&quot;&gt;Bengt Sallerfors, leg l\u00e4k, docent&lt;\/span&gt;&lt;\/p&gt;                 &lt;br&gt;&lt;br&gt;\"\n                data-category=\"\"\n                data-category-ids=\"\"\n                data-span-all=\"\"\n              >\n\n              \n\n              <div class=\"vertical_bar\" style=\"background-color: rgba(255, 255, 255, 0);\"><\/div>\n              <div class=\"box_inner\">\n                                <span>3b. Ledarskapets m\u00f6jligheter och utmaningar<\/span>\n               <br>\n               <div class=\"lecturer\"><span>Bengt Sallerfors<\/span><\/div>\n               <div class=\"room_div \">\n                 <i class=\"list-room\">Sal 203+204<\/i>\n               <\/div>\n\n               <div class=\"name_time_div\">\n                <i class=\"list-time\" data-time=\"13:30\">13:30-15:00 - Onsdag 21 mars<\/i>\n               <\/div>\n              <\/div>\n             <\/div>\n          <\/div>\n\n          \n          <div class=\"box-wrapper\"\n              data-id=\"1012\">\n\n              <div class='time-header' style='visibility: hidden;'>13:30<\/div>\n\n              <div class=\"box\"\n                data-id=\"1012\"\n                data-project=\"project_357_2018_01_23\"\n                data-title=\"3c. Lust att vilja leda - sig sj\u00e4lv och andra\"\n                data-time=\"13:30-15:00\"\n                data-room=\"Sal 203+204\"\n                data-room-id=\"1005\"\n                data-room-name=\"Sal 203+204\"\n                data-day=\"0\"\n                data-abs-nbr=\"\"\n                data-abs-path=\"\/abs\/1012.pdf\"\n                data-speaker=\"Maud Kardell\"\n                data-speakercell=\"Maud Kardell\"\n                data-info=\"&lt;b&gt;Moderatorer: &lt;\/b&gt;Jane \u00d6sterlind&lt;br&gt;&lt;br&gt;                  &lt;p&gt; &lt;\/p&gt;                  &lt;p&gt;3c.&lt;b&gt; Lust att vilja leda - sig sj\u00e4lv och andra&lt;\/b&gt;&lt;\/p&gt;                  &lt;p&gt;&lt;span style=&quot;font-style: italic;&quot;&gt;Maud Kardell, leg ssk&lt;\/span&gt; &amp;nbsp;&lt;\/p&gt;                 &lt;br&gt;&lt;br&gt;\"\n                data-category=\"\"\n                data-category-ids=\"\"\n                data-span-all=\"\"\n              >\n\n              \n\n              <div class=\"vertical_bar\" style=\"background-color: rgba(255, 255, 255, 0);\"><\/div>\n              <div class=\"box_inner\">\n                                <span>3c. Lust att vilja leda - sig sj\u00e4lv och andra<\/span>\n               <br>\n               <div class=\"lecturer\"><span>Maud Kardell<\/span><\/div>\n               <div class=\"room_div \">\n                 <i class=\"list-room\">Sal 203+204<\/i>\n               <\/div>\n\n               <div class=\"name_time_div\">\n                <i class=\"list-time\" data-time=\"13:30\">13:30-15:00 - Onsdag 21 mars<\/i>\n               <\/div>\n              <\/div>\n             <\/div>\n          <\/div>\n\n          \n          <div class=\"box-wrapper\"\n              data-id=\"1010\">\n\n              <div class='time-header' style='visibility: hidden;'>13:30<\/div>\n\n              <div class=\"box\"\n                data-id=\"1010\"\n                data-project=\"project_357_2018_01_23\"\n                data-title=\"2c. St\u00f6dprogrammet \\\"the family talk\\\" f\u00f6r barnfamiljen inom hemsjukv\u00e5rd\"\n                data-time=\"13:30-15:00\"\n                data-room=\"Sal B\"\n                data-room-id=\"1004\"\n                data-room-name=\"Sal B\"\n                data-day=\"0\"\n                data-abs-nbr=\"\"\n                data-abs-path=\"\/abs\/1010.pdf\"\n                data-speaker=\"Rakel Eklund; Anna Patzauer\"\n                data-speakercell=\"Rakel Eklund; Anna Patzauer\"\n                data-info=\"&lt;b&gt;Moderatorer: &lt;\/b&gt;Anette Alvariza&lt;br&gt;&lt;br&gt;                  &lt;p&gt; &lt;\/p&gt;                  &lt;p&gt;2c. &lt;b&gt;St\u00f6dprogrammet &quot;the family talk&quot; f\u00f6r barnfamiljen inom hemsjukv\u00e5rd&amp;nbsp;&lt;\/b&gt;&lt;\/p&gt;                  &lt;p&gt;&lt;span style=&quot;font-style: italic;&quot;&gt;Rakel Eklund, leg ssk, doktorand&amp;nbsp; &amp;nbsp; &amp;nbsp; &amp;nbsp; &amp;nbsp; &amp;nbsp; &amp;nbsp; &amp;nbsp; &amp;nbsp; &amp;nbsp; &amp;nbsp; &amp;nbsp; &amp;nbsp; &lt;\/span&gt;&lt;\/p&gt;                  &lt;p&gt;&lt;span style=&quot;font-style: italic;&quot;&gt;Anna Patzauer, kurator&amp;nbsp; &amp;nbsp;&lt;\/span&gt;&lt;\/p&gt;                 &lt;br&gt;&lt;br&gt;\"\n                data-category=\"\"\n                data-category-ids=\"\"\n                data-span-all=\"\"\n              >\n\n              \n\n              <div class=\"vertical_bar\" style=\"background-color: rgba(255, 255, 255, 0);\"><\/div>\n              <div class=\"box_inner\">\n                                <span>2c. St\u00f6dprogrammet \"the family talk\" f\u00f6r barnfamiljen inom hemsjukv\u00e5rd<\/span>\n               <br>\n               <div class=\"lecturer\"><span>Rakel Eklund; Anna Patzauer<\/span><\/div>\n               <div class=\"room_div \">\n                 <i class=\"list-room\">Sal B<\/i>\n               <\/div>\n\n               <div class=\"name_time_div\">\n                <i class=\"list-time\" data-time=\"13:30\">13:30-15:00 - Onsdag 21 mars<\/i>\n               <\/div>\n              <\/div>\n             <\/div>\n          <\/div>\n\n          \n          <div class=\"box-wrapper\"\n              data-id=\"1009\">\n\n              <div class='time-header' style='visibility: hidden;'>13:30<\/div>\n\n              <div class=\"box\"\n                data-id=\"1009\"\n                data-project=\"project_357_2018_01_23\"\n                data-title=\"2b. Barn som n\u00e4rst\u00e5ende i palliativ v\u00e5rd\"\n                data-time=\"13:30-15:00\"\n                data-room=\"Sal B\"\n                data-room-id=\"1004\"\n                data-room-name=\"Sal B\"\n                data-day=\"0\"\n                data-abs-nbr=\"\"\n                data-abs-path=\"\/abs\/1009.pdf\"\n                data-speaker=\"Malin L\u00f6vgren\"\n                data-speakercell=\"Malin L\u00f6vgren\"\n                data-info=\"&lt;b&gt;Moderatorer: &lt;\/b&gt;Anette Alvariza&lt;br&gt;&lt;br&gt;                  &lt;p&gt; &lt;\/p&gt;                  &lt;p&gt;2b.&lt;b&gt; Barn som n\u00e4rst\u00e5ende i palliativ v\u00e5rd&lt;\/b&gt;&lt;\/p&gt;                  &lt;p&gt;&lt;span style=&quot;font-style: italic;&quot;&gt;Malin L\u00f6vgren,&lt;b&gt; &lt;\/b&gt;leg ssk, docent&amp;nbsp;&lt;\/span&gt;&lt;\/p&gt;                 &lt;br&gt;&lt;br&gt;\"\n                data-category=\"\"\n                data-category-ids=\"\"\n                data-span-all=\"\"\n              >\n\n              \n\n              <div class=\"vertical_bar\" style=\"background-color: rgba(255, 255, 255, 0);\"><\/div>\n              <div class=\"box_inner\">\n                                <span>2b. Barn som n\u00e4rst\u00e5ende i palliativ v\u00e5rd<\/span>\n               <br>\n               <div class=\"lecturer\"><span>Malin L\u00f6vgren<\/span><\/div>\n               <div class=\"room_div \">\n                 <i class=\"list-room\">Sal B<\/i>\n               <\/div>\n\n               <div class=\"name_time_div\">\n                <i class=\"list-time\" data-time=\"13:30\">13:30-15:00 - Onsdag 21 mars<\/i>\n               <\/div>\n              <\/div>\n             <\/div>\n          <\/div>\n\n          \n          <div class=\"box-wrapper\"\n              data-id=\"1015\">\n\n              <div class='time-header' style='visibility: hidden;'>13:30<\/div>\n\n              <div class=\"box\"\n                data-id=\"1015\"\n                data-project=\"project_357_2018_01_23\"\n                data-title=\"4b. Komplement\u00e4ra metoder i Palliativ v\u00e5rd\"\n                data-time=\"13:30-15:00\"\n                data-room=\"Sal 201\"\n                data-room-id=\"1006\"\n                data-room-name=\"Sal 201\"\n                data-day=\"0\"\n                data-abs-nbr=\"\"\n                data-abs-path=\"\/abs\/1015.pdf\"\n                data-speaker=\"Torkel  Falkenberg\"\n                data-speakercell=\"Torkel  Falkenberg\"\n                data-info=\"&lt;b&gt;Moderatorer: &lt;\/b&gt;Berit  Seiger Cronfalk&lt;br&gt;&lt;br&gt;                  &lt;p&gt; &lt;\/p&gt;                  &lt;p&gt;4b.&lt;b&gt; Komplement\u00e4ra metoder i Palliativ v\u00e5rd&lt;\/b&gt; &amp;nbsp;&lt;\/p&gt;                  &lt;p&gt; &lt;\/p&gt;                  &lt;p&gt;&lt;span style=&quot;font-style: italic;&quot;&gt;Torkel Falkenberg, farmaceut&amp;nbsp;&lt;\/span&gt;&lt;\/p&gt;                 &lt;br&gt;&lt;br&gt;\"\n                data-category=\"\"\n                data-category-ids=\"\"\n                data-span-all=\"\"\n              >\n\n              \n\n              <div class=\"vertical_bar\" style=\"background-color: rgba(255, 255, 255, 0);\"><\/div>\n              <div class=\"box_inner\">\n                                <span>4b. Komplement\u00e4ra metoder i Palliativ v\u00e5rd<\/span>\n               <br>\n               <div class=\"lecturer\"><span>Torkel  Falkenberg<\/span><\/div>\n               <div class=\"room_div \">\n                 <i class=\"list-room\">Sal 201<\/i>\n               <\/div>\n\n               <div class=\"name_time_div\">\n                <i class=\"list-time\" data-time=\"13:30\">13:30-15:00 - Onsdag 21 mars<\/i>\n               <\/div>\n              <\/div>\n             <\/div>\n          <\/div>\n\n          \n          <div class=\"box-wrapper\"\n              data-id=\"1024\">\n\n              <div class='time-header'>15:00<\/div>\n\n              <div class=\"box\"\n                data-id=\"1024\"\n                data-project=\"project_357_2018_01_23\"\n                data-title=\"Kaffepaus hos v\u00e5ra utst\u00e4llare\"\n                data-time=\"15:00-15:30\"\n                data-room=\"Utst\u00e4llningshallen\"\n                data-room-id=\"1009\"\n                data-room-name=\"Utst\u00e4llningshallen\"\n                data-day=\"0\"\n                data-abs-nbr=\"\"\n                data-abs-path=\"\"\n                data-speaker=\"\"\n                data-speakercell=\"\"\n                data-info=\"\"\n                data-category=\"\"\n                data-category-ids=\"\"\n                data-span-all=\"\"\n              >\n\n              \n\n              <div class=\"vertical_bar\" style=\"background-color: rgba(255, 255, 255, 0);\"><\/div>\n              <div class=\"box_inner\">\n                                <span>Kaffepaus hos v\u00e5ra utst\u00e4llare<\/span>\n               <br>\n               \n               <div class=\"room_div \">\n                 <i class=\"list-room\">Utst\u00e4llningshallen<\/i>\n               <\/div>\n\n               <div class=\"name_time_div\">\n                <i class=\"list-time\" data-time=\"15:00\">15:00-15:30 - Onsdag 21 mars<\/i>\n               <\/div>\n              <\/div>\n             <\/div>\n          <\/div>\n\n          \n          <div class=\"box-wrapper\"\n              data-id=\"1025\">\n\n              <div class='time-header'>15:30<\/div>\n\n              <div class=\"box\"\n                data-id=\"1025\"\n                data-project=\"project_357_2018_01_23\"\n                data-title=\"5 Gruppen \"\n                data-time=\"15:30-17:00\"\n                data-room=\"Plenum\"\n                data-room-id=\"1002\"\n                data-room-name=\"Plenum\"\n                data-day=\"0\"\n                data-abs-nbr=\"\"\n                data-abs-path=\"\"\n                data-speaker=\"\"\n                data-speakercell=\"\"\n                data-info=\"                 &lt;p&gt;&lt;\/p&gt;                 &lt;p&gt;&lt;b&gt;5 Gruppen&amp;nbsp;&lt;\/b&gt;&lt;\/p&gt;                 &lt;p&gt;&lt;i&gt;Moderator: Inger Fridegren&lt;\/i&gt;&lt;b&gt;&amp;nbsp;&lt;\/b&gt;&lt;\/p&gt;&lt;p&gt;5-gruppen bildades i b\u00f6rjan av 90-talet och bestod av fem hospiceverksamheter. Plenum inleds av moderator Inger Fridegren med en tillbakablick till 1970-talet innan samtalen med 5-gruppens deltagare b\u00f6rjar.&lt;\/p&gt;&lt;p&gt;&lt;\/p&gt;&lt;p&gt;Plenum avslutas med m\u00f6jlighet att st\u00e4lla fr\u00e5gor till samtliga i 5-gruppen.&lt;\/p&gt;                &lt;br&gt;&lt;br&gt;\"\n                data-category=\"\"\n                data-category-ids=\"\"\n                data-span-all=\"\"\n              >\n\n              \n\n              <div class=\"vertical_bar\" style=\"background-color: rgba(255, 255, 255, 0);\"><\/div>\n              <div class=\"box_inner\">\n                                <span>5 Gruppen <\/span>\n               <br>\n               \n               <div class=\"room_div \">\n                 <i class=\"list-room\">Plenum<\/i>\n               <\/div>\n\n               <div class=\"name_time_div\">\n                <i class=\"list-time\" data-time=\"15:30\">15:30-17:00 - Onsdag 21 mars<\/i>\n               <\/div>\n              <\/div>\n             <\/div>\n          <\/div>\n\n          \n          <div class=\"box-wrapper\"\n              data-id=\"1026\">\n\n              <div class='time-header'>17:30<\/div>\n\n              <div class=\"box\"\n                data-id=\"1026\"\n                data-project=\"project_357_2018_01_23\"\n                data-title=\"Mingel i Norra Latin \"\n                data-time=\"17:30-20:30\"\n                data-room=\"Norra Latin\"\n                data-room-id=\"1010\"\n                data-room-name=\"Norra Latin\"\n                data-day=\"0\"\n                data-abs-nbr=\"\"\n                data-abs-path=\"\"\n                data-speaker=\"\"\n                data-speakercell=\"\"\n                data-info=\"\"\n                data-category=\"\"\n                data-category-ids=\"\"\n                data-span-all=\"\"\n              >\n\n              \n\n              <div class=\"vertical_bar\" style=\"background-color: rgba(255, 255, 255, 0);\"><\/div>\n              <div class=\"box_inner\">\n                                <span>Mingel i Norra Latin <\/span>\n               <br>\n               \n               <div class=\"room_div \">\n                 <i class=\"list-room\">Norra Latin<\/i>\n               <\/div>\n\n               <div class=\"name_time_div\">\n                <i class=\"list-time\" data-time=\"17:30\">17:30-20:30 - Onsdag 21 mars<\/i>\n               <\/div>\n              <\/div>\n             <\/div>\n          <\/div>\n\n          <div class='list_header' data-day='1' style='background-color: rgba(32, 132, 196, 0.83); color: rgba(255, 255, 255, 1);'>Torsdag 22 mars<\/div>\n          <div class=\"box-wrapper\"\n              data-id=\"1046\">\n\n              <div class='time-header'>09:30<\/div>\n\n              <div class=\"box\"\n                data-id=\"1046\"\n                data-project=\"project_357_2018_01_23\"\n                data-title=\"Plenum och underha?llning\"\n                data-time=\"09:30-10:30\"\n                data-room=\"Plenum\"\n                data-room-id=\"1002\"\n                data-room-name=\"Plenum\"\n                data-day=\"1\"\n                data-abs-nbr=\"\"\n                data-abs-path=\"\/abs\/1046.pdf\"\n                data-speaker=\"\"\n                data-speakercell=\"\"\n                data-info=\"&lt;b&gt;Moderatorer: &lt;\/b&gt;Ulrika Kreicbergs&lt;br&gt;&lt;br&gt;                  &lt;p&gt; &lt;\/p&gt;                  &lt;div&gt;                   &lt;div&gt;                    &lt;div&gt;                     &lt;div&gt;                      &lt;p&gt;&lt;span style=&quot;font-weight: bold;&quot;&gt;Plenum och underha?llning&amp;nbsp;&lt;\/span&gt;&lt;br&gt;&lt;span style=&quot;font-style: italic;&quot;&gt;Clownmedicin&lt;\/span&gt;&lt;\/p&gt;                     &lt;\/div&gt;                    &lt;\/div&gt;                   &lt;\/div&gt;                  &lt;\/div&gt;                 &lt;br&gt;&lt;br&gt;\"\n                data-category=\"\"\n                data-category-ids=\"\"\n                data-span-all=\"\"\n              >\n\n              \n\n              <div class=\"vertical_bar\" style=\"background-color: rgba(255, 255, 255, 0);\"><\/div>\n              <div class=\"box_inner\">\n                                <span>Plenum och underha?llning<\/span>\n               <br>\n               \n               <div class=\"room_div \">\n                 <i class=\"list-room\">Plenum<\/i>\n               <\/div>\n\n               <div class=\"name_time_div\">\n                <i class=\"list-time\" data-time=\"09:30\">09:30-10:30 - Torsdag 22 mars<\/i>\n               <\/div>\n              <\/div>\n             <\/div>\n          <\/div>\n\n          \n          <div class=\"box-wrapper\"\n              data-id=\"1047\">\n\n              <div class='time-header'>10:30<\/div>\n\n              <div class=\"box\"\n                data-id=\"1047\"\n                data-project=\"project_357_2018_01_23\"\n                data-title=\"Prisutdelning. De 3 ba?sta postrarna och publikens favorit presenteras\"\n                data-time=\"10:30-10:50\"\n                data-room=\"Plenum\"\n                data-room-id=\"1002\"\n                data-room-name=\"Plenum\"\n                data-day=\"1\"\n                data-abs-nbr=\"\"\n                data-abs-path=\"\"\n                data-speaker=\"\"\n                data-speakercell=\"\"\n                data-info=\"&lt;p&gt;\t\t\t\t\t\t&lt;\/p&gt;&lt;div&gt;\t\t\t&lt;div&gt;\t\t\t\t&lt;div&gt;\t\t\t\t\t&lt;div&gt;\t\t\t\t\t\t&lt;p&gt;Prisutdelning. De 3 ba?sta postrarna och publikens favorit presenteras&amp;nbsp;&lt;\/p&gt;\t\t\t\t\t&lt;\/div&gt;\t\t\t\t&lt;\/div&gt;\t\t\t&lt;\/div&gt;\t\t&lt;\/div&gt;&lt;br&gt;&lt;br&gt;\"\n                data-category=\"\"\n                data-category-ids=\"\"\n                data-span-all=\"\"\n              >\n\n              \n\n              <div class=\"vertical_bar\" style=\"background-color: rgba(255, 255, 255, 0);\"><\/div>\n              <div class=\"box_inner\">\n                                <span>Prisutdelning. De 3 ba?sta postrarna och publikens favorit presenteras<\/span>\n               <br>\n               \n               <div class=\"room_div \">\n                 <i class=\"list-room\">Plenum<\/i>\n               <\/div>\n\n               <div class=\"name_time_div\">\n                <i class=\"list-time\" data-time=\"10:30\">10:30-10:50 - Torsdag 22 mars<\/i>\n               <\/div>\n              <\/div>\n             <\/div>\n          <\/div>\n\n          \n          <div class=\"box-wrapper\"\n              data-id=\"1049\">\n\n              <div class='time-header'>10:50<\/div>\n\n              <div class=\"box\"\n                data-id=\"1049\"\n                data-project=\"project_357_2018_01_23\"\n                data-title=\"Kaffepaus hos va?ra utsta?llare\"\n                data-time=\"10:50-11:20\"\n                data-room=\"Utst\u00e4llningshallen\"\n                data-room-id=\"1009\"\n                data-room-name=\"Utst\u00e4llningshallen\"\n                data-day=\"1\"\n                data-abs-nbr=\"\"\n                data-abs-path=\"\"\n                data-speaker=\"\"\n                data-speakercell=\"\"\n                data-info=\"\"\n                data-category=\"\"\n                data-category-ids=\"\"\n                data-span-all=\"\"\n              >\n\n              \n\n              <div class=\"vertical_bar\" style=\"background-color: rgba(255, 255, 255, 0);\"><\/div>\n              <div class=\"box_inner\">\n                                <span>Kaffepaus hos va?ra utsta?llare<\/span>\n               <br>\n               \n               <div class=\"room_div \">\n                 <i class=\"list-room\">Utst\u00e4llningshallen<\/i>\n               <\/div>\n\n               <div class=\"name_time_div\">\n                <i class=\"list-time\" data-time=\"10:50\">10:50-11:20 - Torsdag 22 mars<\/i>\n               <\/div>\n              <\/div>\n             <\/div>\n          <\/div>\n\n          \n          <div class=\"box-wrapper\"\n              data-id=\"1029\">\n\n              <div class='time-header'>11:20<\/div>\n\n              <div class=\"box\"\n                data-id=\"1029\"\n                data-project=\"project_357_2018_01_23\"\n                data-title=\"1d. Ma?nsklig va?rdighet och sa?rbarhet i livets slut - Etiska perspektiv pa? mo?tet mellan patient och personal\"\n                data-time=\"11:20-12:00\"\n                data-room=\"Sal A\"\n                data-room-id=\"1003\"\n                data-room-name=\"Sal A\"\n                data-day=\"1\"\n                data-abs-nbr=\"\"\n                data-abs-path=\"\/abs\/1029.pdf\"\n                data-speaker=\"Sofia J\u00e4mterud\"\n                data-speakercell=\"Sofia J\u00e4mterud\"\n                data-info=\"&lt;b&gt;Moderatorer: &lt;\/b&gt;Inger Fridegren&lt;br&gt;&lt;br&gt;                  &lt;p&gt; &lt;\/p&gt;                 &lt;div&gt;                   &lt;div&gt;                    &lt;div&gt;                     &lt;div&gt;                      &lt;p&gt;1d. &lt;span style=&quot;font-weight: bold;&quot;&gt;Ma?nsklig va?rdighet och sa?rbarhet i livetsslut - Etiska perspektiv pa? mo?tet mellanpatient och personal&lt;\/span&gt;&lt;br&gt;&lt;span style=&quot;font-style: italic;&quot;&gt;&lt;br&gt;Sofia Ja?mterud, Pra?st, teol dr&amp;nbsp;&lt;\/span&gt;&lt;\/p&gt;                     &lt;\/div&gt;                    &lt;\/div&gt;                   &lt;\/div&gt;                  &lt;\/div&gt;                 &lt;br&gt;&lt;br&gt;\"\n                data-category=\"\"\n                data-category-ids=\"\"\n                data-span-all=\"\"\n              >\n\n              \n\n              <div class=\"vertical_bar\" style=\"background-color: rgba(255, 255, 255, 0);\"><\/div>\n              <div class=\"box_inner\">\n                                <span>1d. Ma?nsklig va?rdighet och sa?rbarhet i livets slut - Etiska perspektiv pa? mo?tet mellan patient och personal<\/span>\n               <br>\n               <div class=\"lecturer\"><span>Sofia J\u00e4mterud<\/span><\/div>\n               <div class=\"room_div \">\n                 <i class=\"list-room\">Sal A<\/i>\n               <\/div>\n\n               <div class=\"name_time_div\">\n                <i class=\"list-time\" data-time=\"11:20\">11:20-12:00 - Torsdag 22 mars<\/i>\n               <\/div>\n              <\/div>\n             <\/div>\n          <\/div>\n\n          \n          <div class=\"box-wrapper\"\n              data-id=\"1031\">\n\n              <div class='time-header' style='visibility: hidden;'>11:20<\/div>\n\n              <div class=\"box\"\n                data-id=\"1031\"\n                data-project=\"project_357_2018_01_23\"\n                data-title=\"2d. Na?rsta?endes sorg fo?re och efter ett fo?rva?ntat do?dsfall\"\n                data-time=\"11:20-12:00\"\n                data-room=\"Sal 202\"\n                data-room-id=\"1008\"\n                data-room-name=\"Sal 202\"\n                data-day=\"1\"\n                data-abs-nbr=\"\"\n                data-abs-path=\"\/abs\/1031.pdf\"\n                data-speaker=\"Maja Holm\"\n                data-speakercell=\"Maja Holm\"\n                data-info=\"&lt;b&gt;Moderatorer: &lt;\/b&gt;Ulrika Kreicbergs&lt;br&gt;&lt;br&gt;                  &lt;p&gt; &lt;\/p&gt;                  &lt;div&gt;                   &lt;div&gt;                    &lt;div&gt;                     &lt;div&gt;                      &lt;p&gt;&lt;span style=&quot;font-weight: bold;&quot;&gt;2d. Na?rsta?endes sorg fo?re och efter ett fo?rva?ntat do?dsfall&lt;\/span&gt;&lt;br&gt;&lt;span style=&quot;font-style: italic;&quot;&gt; Maja Holm, leg ssk&lt;\/span&gt;&amp;nbsp;&lt;\/p&gt;                     &lt;\/div&gt;                    &lt;\/div&gt;                   &lt;\/div&gt;                  &lt;\/div&gt;                 &lt;br&gt;&lt;br&gt;\"\n                data-category=\"\"\n                data-category-ids=\"\"\n                data-span-all=\"\"\n              >\n\n              \n\n              <div class=\"vertical_bar\" style=\"background-color: rgba(255, 255, 255, 0);\"><\/div>\n              <div class=\"box_inner\">\n                                <span>2d. Na?rsta?endes sorg fo?re och efter ett fo?rva?ntat do?dsfall<\/span>\n               <br>\n               <div class=\"lecturer\"><span>Maja Holm<\/span><\/div>\n               <div class=\"room_div \">\n                 <i class=\"list-room\">Sal 202<\/i>\n               <\/div>\n\n               <div class=\"name_time_div\">\n                <i class=\"list-time\" data-time=\"11:20\">11:20-12:00 - Torsdag 22 mars<\/i>\n               <\/div>\n              <\/div>\n             <\/div>\n          <\/div>\n\n          \n          <div class=\"box-wrapper\"\n              data-id=\"1032\">\n\n              <div class='time-header' style='visibility: hidden;'>11:20<\/div>\n\n              <div class=\"box\"\n                data-id=\"1032\"\n                data-project=\"project_357_2018_01_23\"\n                data-title=\"3d. Team i glesbygd\"\n                data-time=\"11:20-12:00\"\n                data-room=\"Sal 201\"\n                data-room-id=\"1006\"\n                data-room-name=\"Sal 201\"\n                data-day=\"1\"\n                data-abs-nbr=\"\"\n                data-abs-path=\"\/abs\/1032.pdf\"\n                data-speaker=\"Bertil Axelsson\"\n                data-speakercell=\"Bertil Axelsson\"\n                data-info=\"&lt;b&gt;Moderatorer: &lt;\/b&gt;Marie-Louise Ekestr\u00f6m&lt;br&gt;&lt;br&gt;                  &lt;p&gt; &lt;\/p&gt;                  &lt;div&gt;                   &lt;div&gt;                    &lt;div&gt;                     &lt;div&gt;                      &lt;p&gt;&lt;span style=&quot;font-weight: bold;&quot;&gt;3d. Team i glesbygd&lt;\/span&gt;&lt;br&gt;&lt;span style=&quot;font-style: italic;&quot;&gt; Bertil Axelsson, leg la?k, professor&amp;nbsp;&lt;\/span&gt;&lt;\/p&gt;                     &lt;\/div&gt;                    &lt;\/div&gt;                   &lt;\/div&gt;                  &lt;\/div&gt;                 &lt;br&gt;&lt;br&gt;\"\n                data-category=\"\"\n                data-category-ids=\"\"\n                data-span-all=\"\"\n              >\n\n              \n\n              <div class=\"vertical_bar\" style=\"background-color: rgba(255, 255, 255, 0);\"><\/div>\n              <div class=\"box_inner\">\n                                <span>3d. Team i glesbygd<\/span>\n               <br>\n               <div class=\"lecturer\"><span>Bertil Axelsson<\/span><\/div>\n               <div class=\"room_div \">\n                 <i class=\"list-room\">Sal 201<\/i>\n               <\/div>\n\n               <div class=\"name_time_div\">\n                <i class=\"list-time\" data-time=\"11:20\">11:20-12:00 - Torsdag 22 mars<\/i>\n               <\/div>\n              <\/div>\n             <\/div>\n          <\/div>\n\n          \n          <div class=\"box-wrapper\"\n              data-id=\"1033\">\n\n              <div class='time-header' style='visibility: hidden;'>11:20<\/div>\n\n              <div class=\"box\"\n                data-id=\"1033\"\n                data-project=\"project_357_2018_01_23\"\n                data-title=\"4d. Hicka, kla?da, rethosta\"\n                data-time=\"11:20-12:00\"\n                data-room=\"Sal B\"\n                data-room-id=\"1004\"\n                data-room-name=\"Sal B\"\n                data-day=\"1\"\n                data-abs-nbr=\"\"\n                data-abs-path=\"\/abs\/1033.pdf\"\n                data-speaker=\"Jonas Bergstr\u00f6m\"\n                data-speakercell=\"Jonas Bergstr\u00f6m\"\n                data-info=\"&lt;b&gt;Moderatorer: &lt;\/b&gt;Staffan Lundstr\u00f6m&lt;br&gt;&lt;br&gt;                  &lt;p&gt; &lt;\/p&gt;                  &lt;div&gt;                   &lt;div&gt;                    &lt;div&gt;                     &lt;div&gt;                      &lt;p&gt;&lt;span style=&quot;font-weight: bold;&quot;&gt;4d. Hicka, kla?da, rethosta&lt;\/span&gt; &lt;br&gt;&lt;span style=&quot;font-style: italic;&quot;&gt;Jonas Bergstro?m, leg la?k&lt;\/span&gt;&amp;nbsp;&lt;\/p&gt;                     &lt;\/div&gt;                    &lt;\/div&gt;                   &lt;\/div&gt;                  &lt;\/div&gt;                 &lt;br&gt;&lt;br&gt;\"\n                data-category=\"\"\n                data-category-ids=\"\"\n                data-span-all=\"\"\n              >\n\n              \n\n              <div class=\"vertical_bar\" style=\"background-color: rgba(255, 255, 255, 0);\"><\/div>\n              <div class=\"box_inner\">\n                                <span>4d. Hicka, kla?da, rethosta<\/span>\n               <br>\n               <div class=\"lecturer\"><span>Jonas Bergstr\u00f6m<\/span><\/div>\n               <div class=\"room_div \">\n                 <i class=\"list-room\">Sal B<\/i>\n               <\/div>\n\n               <div class=\"name_time_div\">\n                <i class=\"list-time\" data-time=\"11:20\">11:20-12:00 - Torsdag 22 mars<\/i>\n               <\/div>\n              <\/div>\n             <\/div>\n          <\/div>\n\n          \n          <div class=\"box-wrapper\"\n              data-id=\"1034\">\n\n              <div class='time-header' style='visibility: hidden;'>11:20<\/div>\n\n              <div class=\"box\"\n                data-id=\"1034\"\n                data-project=\"project_357_2018_01_23\"\n                data-title=\"5d. Massage och Medi-Yoga Workshop\"\n                data-time=\"11:20-12:00\"\n                data-room=\"Sal 203+204\"\n                data-room-id=\"1005\"\n                data-room-name=\"Sal 203+204\"\n                data-day=\"1\"\n                data-abs-nbr=\"\"\n                data-abs-path=\"\/abs\/1034.pdf\"\n                data-speaker=\"Berit  Seiger Cronfalk; Sanna Jonsson\"\n                data-speakercell=\"Berit  Seiger Cronfalk; Sanna Jonsson\"\n                data-info=\"&lt;b&gt;Moderatorer: &lt;\/b&gt;Ida Kekonius&lt;br&gt;&lt;br&gt;                  &lt;p&gt; &lt;\/p&gt;                  &lt;div&gt;                   &lt;div&gt;                    &lt;div&gt;                     &lt;div&gt;                      &lt;p&gt;&lt;span style=&quot;font-weight: bold;&quot;&gt;5d. Massage och Medi-Yoga Workshop&lt;\/span&gt;&lt;br&gt;&lt;span style=&quot;font-style: italic;&quot;&gt; Berit Seiger Cronfalk, Docent &lt;br&gt;Sanna Jonsson, leg fys ter&amp;nbsp;&lt;\/span&gt;&lt;\/p&gt;                     &lt;\/div&gt;                    &lt;\/div&gt;                   &lt;\/div&gt;                  &lt;\/div&gt;                 &lt;br&gt;&lt;br&gt;\"\n                data-category=\"\"\n                data-category-ids=\"\"\n                data-span-all=\"\"\n              >\n\n              \n\n              <div class=\"vertical_bar\" style=\"background-color: rgba(255, 255, 255, 0);\"><\/div>\n              <div class=\"box_inner\">\n                                <span>5d. Massage och Medi-Yoga Workshop<\/span>\n               <br>\n               <div class=\"lecturer\"><span>Berit  Seiger Cronfalk; Sanna Jonsson<\/span><\/div>\n               <div class=\"room_div \">\n                 <i class=\"list-room\">Sal 203+204<\/i>\n               <\/div>\n\n               <div class=\"name_time_div\">\n                <i class=\"list-time\" data-time=\"11:20\">11:20-12:00 - Torsdag 22 mars<\/i>\n               <\/div>\n              <\/div>\n             <\/div>\n          <\/div>\n\n          \n          <div class=\"box-wrapper\"\n              data-id=\"1035\">\n\n              <div class='time-header' style='visibility: hidden;'>11:20<\/div>\n\n              <div class=\"box\"\n                data-id=\"1035\"\n                data-project=\"project_357_2018_01_23\"\n                data-title=\"6c. Palliativ va?rd och omva?rdnad vid demens??\"\n                data-time=\"11:20-12:00\"\n                data-room=\"Sal C\"\n                data-room-id=\"1007\"\n                data-room-name=\"Sal C\"\n                data-day=\"1\"\n                data-abs-nbr=\"\"\n                data-abs-path=\"\/abs\/1035.pdf\"\n                data-speaker=\"Jonas Olofsson; Johan Sundel\u00f6f\"\n                data-speakercell=\"Jonas Olofsson; Johan Sundel\u00f6f\"\n                data-info=\"&lt;b&gt;Moderatorer: &lt;\/b&gt;Jane \u00d6sterlind&lt;br&gt;&lt;br&gt;                  &lt;p&gt; &lt;\/p&gt;                  &lt;div&gt;                   &lt;div&gt;                    &lt;div&gt;                     &lt;div&gt;                      &lt;p&gt;&lt;span style=&quot;font-weight: bold;&quot;&gt;6c. Palliativ va?rd och omva?rdnad vid demens&lt;\/span&gt;&lt;br&gt;&lt;span style=&quot;font-style: italic;&quot;&gt; Jonas Olofsson, leg ssk&lt;br&gt; Johan Sundelo?f, leg la?k, med dr&amp;nbsp;&lt;\/span&gt;&lt;\/p&gt;                     &lt;\/div&gt;                    &lt;\/div&gt;                   &lt;\/div&gt;                  &lt;\/div&gt;                 &lt;br&gt;&lt;br&gt;\"\n                data-category=\"\"\n                data-category-ids=\"\"\n                data-span-all=\"\"\n              >\n\n              \n\n              <div class=\"vertical_bar\" style=\"background-color: rgba(255, 255, 255, 0);\"><\/div>\n              <div class=\"box_inner\">\n                                <span>6c. Palliativ va?rd och omva?rdnad vid demens??<\/span>\n               <br>\n               <div class=\"lecturer\"><span>Jonas Olofsson; Johan Sundel\u00f6f<\/span><\/div>\n               <div class=\"room_div \">\n                 <i class=\"list-room\">Sal C<\/i>\n               <\/div>\n\n               <div class=\"name_time_div\">\n                <i class=\"list-time\" data-time=\"11:20\">11:20-12:00 - Torsdag 22 mars<\/i>\n               <\/div>\n              <\/div>\n             <\/div>\n          <\/div>\n\n          \n          <div class=\"box-wrapper\"\n              data-id=\"1030\">\n\n              <div class='time-header' style='visibility: hidden;'>11:20<\/div>\n\n              <div class=\"box\"\n                data-id=\"1030\"\n                data-project=\"project_357_2018_01_23\"\n                data-title=\"1e. Sa? vill jag ha det i livets slutskede - om Advance Care Planning\"\n                data-time=\"11:20-12:00\"\n                data-room=\"Sal A\"\n                data-room-id=\"1003\"\n                data-room-name=\"Sal A\"\n                data-day=\"1\"\n                data-abs-nbr=\"\"\n                data-abs-path=\"\/abs\/1030.pdf\"\n                data-speaker=\"\"\n                data-speakercell=\"\"\n                data-info=\"&lt;b&gt;Moderatorer: &lt;\/b&gt;Inger Fridegren&lt;br&gt;&lt;br&gt;                 &lt;p&gt; &lt;\/p&gt;                 &lt;div&gt;                   &lt;div&gt;                    &lt;div&gt;                     &lt;div&gt;                      &lt;p&gt;&lt;span style=&quot;font-weight: bold;&quot;&gt;1e. Sa? vill jag ha det i livets slutskede - omAdvance Care Planning&lt;\/span&gt;&lt;br&gt;&lt;span style=&quot;font-style: italic;&quot;&gt;TBD&lt;\/span&gt;&amp;nbsp;&lt;\/p&gt;                     &lt;\/div&gt;                    &lt;\/div&gt;                   &lt;\/div&gt;                  &lt;\/div&gt;                &lt;br&gt;&lt;br&gt;\"\n                data-category=\"\"\n                data-category-ids=\"\"\n                data-span-all=\"\"\n              >\n\n              \n\n              <div class=\"vertical_bar\" style=\"background-color: rgba(255, 255, 255, 0);\"><\/div>\n              <div class=\"box_inner\">\n                                <span>1e. Sa? vill jag ha det i livets slutskede - om Advance Care Planning<\/span>\n               <br>\n               \n               <div class=\"room_div \">\n                 <i class=\"list-room\">Sal A<\/i>\n               <\/div>\n\n               <div class=\"name_time_div\">\n                <i class=\"list-time\" data-time=\"11:20\">11:20-12:00 - Torsdag 22 mars<\/i>\n               <\/div>\n              <\/div>\n             <\/div>\n          <\/div>\n\n          \n          <div class=\"box-wrapper\"\n              data-id=\"1043\">\n\n              <div class='time-header'>12:10<\/div>\n\n              <div class=\"box\"\n                data-id=\"1043\"\n                data-project=\"project_357_2018_01_23\"\n                data-title=\"5e. Fysioterapeutens och arbetsterapeutens arbete inom palliativ va?rd\"\n                data-time=\"12:10-13:00\"\n                data-room=\"Sal 203+204\"\n                data-room-id=\"1005\"\n                data-room-name=\"Sal 203+204\"\n                data-day=\"1\"\n                data-abs-nbr=\"\"\n                data-abs-path=\"\/abs\/1043.pdf\"\n                data-speaker=\"Emma Karlsson; Sofia Jarlbring\"\n                data-speakercell=\"Emma Karlsson; Sofia Jarlbring\"\n                data-info=\"&lt;b&gt;Moderatorer: &lt;\/b&gt;Ida Kekonius&lt;br&gt;&lt;br&gt;                  &lt;p&gt; &lt;\/p&gt;                  &lt;div&gt;                   &lt;div&gt;                    &lt;div&gt;                     &lt;div&gt;                      &lt;p&gt;&lt;span style=&quot;font-weight: bold;&quot;&gt;5e. Fysioterapeutens och arbetsterapeutens arbete inom palliativ va?rd&lt;\/span&gt;&lt;br&gt;&lt;span style=&quot;font-style: italic;&quot;&gt; Emma Karlsson, leg arb ter &lt;br&gt;Sofia Jarlbring, leg fys ter&lt;\/span&gt;&amp;nbsp;&lt;\/p&gt;                     &lt;\/div&gt;                    &lt;\/div&gt;                   &lt;\/div&gt;                  &lt;\/div&gt;                 &lt;br&gt;&lt;br&gt;\"\n                data-category=\"\"\n                data-category-ids=\"\"\n                data-span-all=\"\"\n              >\n\n              \n\n              <div class=\"vertical_bar\" style=\"background-color: rgba(255, 255, 255, 0);\"><\/div>\n              <div class=\"box_inner\">\n                                <span>5e. Fysioterapeutens och arbetsterapeutens arbete inom palliativ va?rd<\/span>\n               <br>\n               <div class=\"lecturer\"><span>Emma Karlsson; Sofia Jarlbring<\/span><\/div>\n               <div class=\"room_div \">\n                 <i class=\"list-room\">Sal 203+204<\/i>\n               <\/div>\n\n               <div class=\"name_time_div\">\n                <i class=\"list-time\" data-time=\"12:10\">12:10-13:00 - Torsdag 22 mars<\/i>\n               <\/div>\n              <\/div>\n             <\/div>\n          <\/div>\n\n          \n          <div class=\"box-wrapper\"\n              data-id=\"1045\">\n\n              <div class='time-header' style='visibility: hidden;'>12:10<\/div>\n\n              <div class=\"box\"\n                data-id=\"1045\"\n                data-project=\"project_357_2018_01_23\"\n                data-title=\"6e. Sva?righeter i palliativ va?rd vid hja?rtsvikt\"\n                data-time=\"12:10-13:00\"\n                data-room=\"Sal C\"\n                data-room-id=\"1007\"\n                data-room-name=\"Sal C\"\n                data-day=\"1\"\n                data-abs-nbr=\"\"\n                data-abs-path=\"\/abs\/1045.pdf\"\n                data-speaker=\"Gunnar Carlgren\"\n                data-speakercell=\"Gunnar Carlgren\"\n                data-info=\"&lt;b&gt;Moderatorer: &lt;\/b&gt;Jane \u00d6sterlind&lt;br&gt;&lt;br&gt;                  &lt;p&gt; &lt;\/p&gt;                  &lt;div&gt;                   &lt;div&gt;                    &lt;div&gt;                     &lt;div&gt;                      &lt;p&gt;&lt;span style=&quot;font-weight: bold;&quot;&gt;6e. Sva?righeter i palliativ va?rd vid hja?rtsvikt&lt;\/span&gt;&lt;br&gt;&lt;span style=&quot;font-style: italic;&quot;&gt;Gunnar Carlgren, leg la?k&lt;\/span&gt;&amp;nbsp;&lt;\/p&gt;                     &lt;\/div&gt;                    &lt;\/div&gt;                   &lt;\/div&gt;                  &lt;\/div&gt;                 &lt;br&gt;&lt;br&gt;\"\n                data-category=\"\"\n                data-category-ids=\"\"\n                data-span-all=\"\"\n              >\n\n              \n\n              <div class=\"vertical_bar\" style=\"background-color: rgba(255, 255, 255, 0);\"><\/div>\n              <div class=\"box_inner\">\n                                <span>6e. Sva?righeter i palliativ va?rd vid hja?rtsvikt<\/span>\n               <br>\n               <div class=\"lecturer\"><span>Gunnar Carlgren<\/span><\/div>\n               <div class=\"room_div \">\n                 <i class=\"list-room\">Sal C<\/i>\n               <\/div>\n\n               <div class=\"name_time_div\">\n                <i class=\"list-time\" data-time=\"12:10\">12:10-13:00 - Torsdag 22 mars<\/i>\n               <\/div>\n              <\/div>\n             <\/div>\n          <\/div>\n\n          \n          <div class=\"box-wrapper\"\n              data-id=\"1044\">\n\n              <div class='time-header' style='visibility: hidden;'>12:10<\/div>\n\n              <div class=\"box\"\n                data-id=\"1044\"\n                data-project=\"project_357_2018_01_23\"\n                data-title=\"6d. La?gdos Metadon vid sva?r sma?rta: funkar det och hur go?r man?\"\n                data-time=\"12:10-13:00\"\n                data-room=\"Sal C\"\n                data-room-id=\"1007\"\n                data-room-name=\"Sal C\"\n                data-day=\"1\"\n                data-abs-nbr=\"\"\n                data-abs-path=\"\/abs\/1044.pdf\"\n                data-speaker=\"Per F\u00fcrst\"\n                data-speakercell=\"Per F\u00fcrst\"\n                data-info=\"&lt;b&gt;Moderatorer: &lt;\/b&gt;Jane \u00d6sterlind&lt;br&gt;&lt;br&gt;                  &lt;p&gt; &lt;\/p&gt;                  &lt;div&gt;                   &lt;div&gt;                    &lt;div&gt;                     &lt;div&gt;                      &lt;p&gt;&lt;span style=&quot;font-weight: bold;&quot;&gt;6d. La?gdos Metadon vid sva?r sma?rta: funkar det och hur go?r man?&lt;\/span&gt;&lt;br&gt;&lt;span style=&quot;font-style: italic;&quot;&gt; Per Fu?rst, leg la?k&lt;\/span&gt;&lt;br&gt; &lt;\/p&gt;                     &lt;\/div&gt;                    &lt;\/div&gt;                   &lt;\/div&gt;                  &lt;\/div&gt;                 &lt;br&gt;&lt;br&gt;\"\n                data-category=\"\"\n                data-category-ids=\"\"\n                data-span-all=\"\"\n              >\n\n              \n\n              <div class=\"vertical_bar\" style=\"background-color: rgba(255, 255, 255, 0);\"><\/div>\n              <div class=\"box_inner\">\n                                <span>6d. La?gdos Metadon vid sva?r sma?rta: funkar det och hur go?r man?<\/span>\n               <br>\n               <div class=\"lecturer\"><span>Per F\u00fcrst<\/span><\/div>\n               <div class=\"room_div \">\n                 <i class=\"list-room\">Sal C<\/i>\n               <\/div>\n\n               <div class=\"name_time_div\">\n                <i class=\"list-time\" data-time=\"12:10\">12:10-13:00 - Torsdag 22 mars<\/i>\n               <\/div>\n              <\/div>\n             <\/div>\n          <\/div>\n\n          \n          <div class=\"box-wrapper\"\n              data-id=\"1040\">\n\n              <div class='time-header' style='visibility: hidden;'>12:10<\/div>\n\n              <div class=\"box\"\n                data-id=\"1040\"\n                data-project=\"project_357_2018_01_23\"\n                data-title=\"3f. Att sa?tta fa?rg pa? va?rden\"\n                data-time=\"12:10-13:00\"\n                data-room=\"Sal 201\"\n                data-room-id=\"1006\"\n                data-room-name=\"Sal 201\"\n                data-day=\"1\"\n                data-abs-nbr=\"\"\n                data-abs-path=\"\/abs\/1040.pdf\"\n                data-speaker=\"Marion Englaborn\"\n                data-speakercell=\"Marion Englaborn\"\n                data-info=\"&lt;b&gt;Moderatorer: &lt;\/b&gt;Marie-Louise Ekestr\u00f6m&lt;br&gt;&lt;br&gt;                  &lt;p&gt; &lt;\/p&gt;                  &lt;div&gt;                   &lt;div&gt;                    &lt;div&gt;                     &lt;div&gt;                      &lt;p&gt;&lt;span style=&quot;font-weight: bold;&quot;&gt;3f. Att sa?tta fa?rg pa? va?rden&lt;\/span&gt; &lt;br&gt;&lt;span style=&quot;font-style: italic;&quot;&gt;Marion Englaborn, usk&lt;\/span&gt;&amp;nbsp;&lt;\/p&gt;                     &lt;\/div&gt;                    &lt;\/div&gt;                   &lt;\/div&gt;                  &lt;\/div&gt;                 &lt;br&gt;&lt;br&gt;\"\n                data-category=\"\"\n                data-category-ids=\"\"\n                data-span-all=\"\"\n              >\n\n              \n\n              <div class=\"vertical_bar\" style=\"background-color: rgba(255, 255, 255, 0);\"><\/div>\n              <div class=\"box_inner\">\n                                <span>3f. Att sa?tta fa?rg pa? va?rden<\/span>\n               <br>\n               <div class=\"lecturer\"><span>Marion Englaborn<\/span><\/div>\n               <div class=\"room_div \">\n                 <i class=\"list-room\">Sal 201<\/i>\n               <\/div>\n\n               <div class=\"name_time_div\">\n                <i class=\"list-time\" data-time=\"12:10\">12:10-13:00 - Torsdag 22 mars<\/i>\n               <\/div>\n              <\/div>\n             <\/div>\n          <\/div>\n\n          \n          <div class=\"box-wrapper\"\n              data-id=\"1042\">\n\n              <div class='time-header' style='visibility: hidden;'>12:10<\/div>\n\n              <div class=\"box\"\n                data-id=\"1042\"\n                data-project=\"project_357_2018_01_23\"\n                data-title=\"4f. Fo?rstoppning - hur kan vi hja?lpa?\"\n                data-time=\"12:10-13:00\"\n                data-room=\"Sal B\"\n                data-room-id=\"1004\"\n                data-room-name=\"Sal B\"\n                data-day=\"1\"\n                data-abs-nbr=\"\"\n                data-abs-path=\"\/abs\/1042.pdf\"\n                data-speaker=\"Margareta \u00d6str\u00f6m\"\n                data-speakercell=\"Margareta \u00d6str\u00f6m\"\n                data-info=\"&lt;b&gt;Moderatorer: &lt;\/b&gt;Staffan Lundstr\u00f6m&lt;br&gt;&lt;br&gt;                  &lt;p&gt; &lt;\/p&gt;                  &lt;div&gt;                   &lt;div&gt;                    &lt;div&gt;                     &lt;div&gt;                      &lt;p&gt;&lt;span style=&quot;font-weight: bold;&quot;&gt;4f. Fo?rstoppning - hur kan vi hja?lpa?&lt;\/span&gt;&lt;br&gt;&lt;span style=&quot;font-style: italic;&quot;&gt; Margareta O?stro?m, leg ssk&lt;\/span&gt;&amp;nbsp;&lt;\/p&gt;                     &lt;\/div&gt;                    &lt;\/div&gt;                   &lt;\/div&gt;                  &lt;\/div&gt;                 &lt;br&gt;&lt;br&gt;\"\n                data-category=\"\"\n                data-category-ids=\"\"\n                data-span-all=\"\"\n              >\n\n              \n\n              <div class=\"vertical_bar\" style=\"background-color: rgba(255, 255, 255, 0);\"><\/div>\n              <div class=\"box_inner\">\n                                <span>4f. Fo?rstoppning - hur kan vi hja?lpa?<\/span>\n               <br>\n               <div class=\"lecturer\"><span>Margareta \u00d6str\u00f6m<\/span><\/div>\n               <div class=\"room_div \">\n                 <i class=\"list-room\">Sal B<\/i>\n               <\/div>\n\n               <div class=\"name_time_div\">\n                <i class=\"list-time\" data-time=\"12:10\">12:10-13:00 - Torsdag 22 mars<\/i>\n               <\/div>\n              <\/div>\n             <\/div>\n          <\/div>\n\n          \n          <div class=\"box-wrapper\"\n              data-id=\"1041\">\n\n              <div class='time-header' style='visibility: hidden;'>12:10<\/div>\n\n              <div class=\"box\"\n                data-id=\"1041\"\n                data-project=\"project_357_2018_01_23\"\n                data-title=\"4e. Fo?rstoppning och opioidinducerad fo?rstoppning - vad a?r nytt?\"\n                data-time=\"12:10-13:00\"\n                data-room=\"Sal B\"\n                data-room-id=\"1004\"\n                data-room-name=\"Sal B\"\n                data-day=\"1\"\n                data-abs-nbr=\"\"\n                data-abs-path=\"\/abs\/1041.pdf\"\n                data-speaker=\"Ann-Sofie  Jansson Rehnberg\"\n                data-speakercell=\"Ann-Sofie  Jansson Rehnberg\"\n                data-info=\"&lt;b&gt;Moderatorer: &lt;\/b&gt;Staffan Lundstr\u00f6m&lt;br&gt;&lt;br&gt;                  &lt;p&gt; &lt;\/p&gt;                  &lt;div&gt;                   &lt;div&gt;                    &lt;div&gt;                     &lt;div&gt;                      &lt;p&gt;&lt;span style=&quot;font-weight: bold;&quot;&gt;4e. Fo?rstoppning och opioidinducerad fo?rstoppning - vad a?r nytt?&lt;\/span&gt;&lt;br&gt;&lt;span style=&quot;font-style: italic;&quot;&gt; Ann-Sofie Jansson Rhenberg, leg la?k, med dr&lt;\/span&gt;&lt;br&gt; &lt;\/p&gt;                     &lt;\/div&gt;                    &lt;\/div&gt;                   &lt;\/div&gt;                  &lt;\/div&gt;                 &lt;br&gt;&lt;br&gt;\"\n                data-category=\"\"\n                data-category-ids=\"\"\n                data-span-all=\"\"\n              >\n\n              \n\n              <div class=\"vertical_bar\" style=\"background-color: rgba(255, 255, 255, 0);\"><\/div>\n              <div class=\"box_inner\">\n                                <span>4e. Fo?rstoppning och opioidinducerad fo?rstoppning - vad a?r nytt?<\/span>\n               <br>\n               <div class=\"lecturer\"><span>Ann-Sofie  Jansson Rehnberg<\/span><\/div>\n               <div class=\"room_div \">\n                 <i class=\"list-room\">Sal B<\/i>\n               <\/div>\n\n               <div class=\"name_time_div\">\n                <i class=\"list-time\" data-time=\"12:10\">12:10-13:00 - Torsdag 22 mars<\/i>\n               <\/div>\n              <\/div>\n             <\/div>\n          <\/div>\n\n          \n          <div class=\"box-wrapper\"\n              data-id=\"1039\">\n\n              <div class='time-header' style='visibility: hidden;'>12:10<\/div>\n\n              <div class=\"box\"\n                data-id=\"1039\"\n                data-project=\"project_357_2018_01_23\"\n                data-title=\"3e. Ledarskap, team, teamsamverkan och upplevelser av mening inom palliativ va?rd\"\n                data-time=\"12:10-13:00\"\n                data-room=\"Sal 201\"\n                data-room-id=\"1006\"\n                data-room-name=\"Sal 201\"\n                data-day=\"1\"\n                data-abs-nbr=\"\"\n                data-abs-path=\"\/abs\/1039.pdf\"\n                data-speaker=\"Gunilla Johansson\"\n                data-speakercell=\"Gunilla Johansson\"\n                data-info=\"&lt;b&gt;Moderatorer: &lt;\/b&gt;Marie-Louise Ekestr\u00f6m&lt;br&gt;&lt;br&gt;                  &lt;p&gt; &lt;\/p&gt;                  &lt;div&gt;                   &lt;div&gt;                    &lt;div&gt;                     &lt;div&gt;                      &lt;p&gt;&lt;span style=&quot;font-weight: bold;&quot;&gt;3e. Ledarskap, team, teamsamverkan och upplevelser av mening inom palliativ va?rd&lt;\/span&gt;&lt;br&gt;&lt;span style=&quot;font-style: italic;&quot;&gt; Gunilla Johansson, leg ssk, med dr&amp;nbsp;&lt;\/span&gt;&lt;\/p&gt;                     &lt;\/div&gt;                    &lt;\/div&gt;                   &lt;\/div&gt;                  &lt;\/div&gt;                 &lt;br&gt;&lt;br&gt;\"\n                data-category=\"\"\n                data-category-ids=\"\"\n                data-span-all=\"\"\n              >\n\n              \n\n              <div class=\"vertical_bar\" style=\"background-color: rgba(255, 255, 255, 0);\"><\/div>\n              <div class=\"box_inner\">\n                                <span>3e. Ledarskap, team, teamsamverkan och upplevelser av mening inom palliativ va?rd<\/span>\n               <br>\n               <div class=\"lecturer\"><span>Gunilla Johansson<\/span><\/div>\n               <div class=\"room_div \">\n                 <i class=\"list-room\">Sal 201<\/i>\n               <\/div>\n\n               <div class=\"name_time_div\">\n                <i class=\"list-time\" data-time=\"12:10\">12:10-13:00 - Torsdag 22 mars<\/i>\n               <\/div>\n              <\/div>\n             <\/div>\n          <\/div>\n\n          \n          <div class=\"box-wrapper\"\n              data-id=\"1038\">\n\n              <div class='time-header' style='visibility: hidden;'>12:10<\/div>\n\n              <div class=\"box\"\n                data-id=\"1038\"\n                data-project=\"project_357_2018_01_23\"\n                data-title=\"2f. Fo?ra?ldrar som mist barn\"\n                data-time=\"12:10-13:00\"\n                data-room=\"Sal 202\"\n                data-room-id=\"1008\"\n                data-room-name=\"Sal 202\"\n                data-day=\"1\"\n                data-abs-nbr=\"\"\n                data-abs-path=\"\/abs\/1038.pdf\"\n                data-speaker=\"Lilian Pohlkamp\"\n                data-speakercell=\"Lilian Pohlkamp\"\n                data-info=\"&lt;b&gt;Moderatorer: &lt;\/b&gt;Ulrika Kreicbergs&lt;br&gt;&lt;br&gt;                  &lt;p&gt; &lt;\/p&gt;                  &lt;div&gt;                   &lt;div&gt;                    &lt;div&gt;                     &lt;div&gt;                      &lt;p&gt;&lt;span style=&quot;font-weight: bold;&quot;&gt;2f. Fo?ra?ldrar som mist barn&lt;\/span&gt; &lt;br&gt;&lt;span style=&quot;font-style: italic;&quot;&gt;Lilian Pohlkamp, leg ssk, leg psykoterapeut&amp;nbsp;&lt;\/span&gt;&lt;\/p&gt;                     &lt;\/div&gt;                    &lt;\/div&gt;                   &lt;\/div&gt;                  &lt;\/div&gt;                 &lt;br&gt;&lt;br&gt;\"\n                data-category=\"\"\n                data-category-ids=\"\"\n                data-span-all=\"\"\n              >\n\n              \n\n              <div class=\"vertical_bar\" style=\"background-color: rgba(255, 255, 255, 0);\"><\/div>\n              <div class=\"box_inner\">\n                                <span>2f. Fo?ra?ldrar som mist barn<\/span>\n               <br>\n               <div class=\"lecturer\"><span>Lilian Pohlkamp<\/span><\/div>\n               <div class=\"room_div \">\n                 <i class=\"list-room\">Sal 202<\/i>\n               <\/div>\n\n               <div class=\"name_time_div\">\n                <i class=\"list-time\" data-time=\"12:10\">12:10-13:00 - Torsdag 22 mars<\/i>\n               <\/div>\n              <\/div>\n             <\/div>\n          <\/div>\n\n          \n          <div class=\"box-wrapper\"\n              data-id=\"1037\">\n\n              <div class='time-header' style='visibility: hidden;'>12:10<\/div>\n\n              <div class=\"box\"\n                data-id=\"1037\"\n                data-project=\"project_357_2018_01_23\"\n                data-title=\"2e. Att mista en na?ra person\"\n                data-time=\"12:10-13:00\"\n                data-room=\"Sal 202\"\n                data-room-id=\"1008\"\n                data-room-name=\"Sal 202\"\n                data-day=\"1\"\n                data-abs-nbr=\"\"\n                data-abs-path=\"\/abs\/1037.pdf\"\n                data-speaker=\"Maria Liljeroos\"\n                data-speakercell=\"Maria Liljeroos\"\n                data-info=\"&lt;b&gt;Moderatorer: &lt;\/b&gt;Ulrika Kreicbergs&lt;br&gt;&lt;br&gt;                  &lt;p&gt; &lt;\/p&gt;                  &lt;div&gt;                   &lt;div&gt;                    &lt;div&gt;                     &lt;div&gt;                      &lt;p&gt;&lt;span style=&quot;font-weight: bold;&quot;&gt;2e. Att mista en na?ra person&lt;\/span&gt; &lt;br&gt;&lt;span style=&quot;font-style: italic;&quot;&gt;Maria Liljeroos, leg ssk, med dr&lt;\/span&gt;&amp;nbsp;&lt;\/p&gt;                     &lt;\/div&gt;                    &lt;\/div&gt;                   &lt;\/div&gt;                  &lt;\/div&gt;                 &lt;br&gt;&lt;br&gt;\"\n                data-category=\"\"\n                data-category-ids=\"\"\n                data-span-all=\"\"\n              >\n\n              \n\n              <div class=\"vertical_bar\" style=\"background-color: rgba(255, 255, 255, 0);\"><\/div>\n              <div class=\"box_inner\">\n                                <span>2e. Att mista en na?ra person<\/span>\n               <br>\n               <div class=\"lecturer\"><span>Maria Liljeroos<\/span><\/div>\n               <div class=\"room_div \">\n                 <i class=\"list-room\">Sal 202<\/i>\n               <\/div>\n\n               <div class=\"name_time_div\">\n                <i class=\"list-time\" data-time=\"12:10\">12:10-13:00 - Torsdag 22 mars<\/i>\n               <\/div>\n              <\/div>\n             <\/div>\n          <\/div>\n\n          \n          <div class=\"box-wrapper\"\n              data-id=\"1036\">\n\n              <div class='time-header' style='visibility: hidden;'>12:10<\/div>\n\n              <div class=\"box\"\n                data-id=\"1036\"\n                data-project=\"project_357_2018_01_23\"\n                data-title=\"1f. Hur blir man en ba?ttre samtalspartner?\"\n                data-time=\"12:10-13:00\"\n                data-room=\"Sal A\"\n                data-room-id=\"1003\"\n                data-room-name=\"Sal A\"\n                data-day=\"1\"\n                data-abs-nbr=\"\"\n                data-abs-path=\"\/abs\/1036.pdf\"\n                data-speaker=\"Bibbi Sj\u00f6gren; Birgitta Lundborg\"\n                data-speakercell=\"Bibbi Sj\u00f6gren; Birgitta Lundborg\"\n                data-info=\"&lt;b&gt;Moderatorer: &lt;\/b&gt;Inger Fridegren&lt;br&gt;&lt;br&gt;                  &lt;p&gt; &lt;\/p&gt;                  &lt;div&gt;                   &lt;div&gt;                    &lt;div&gt;                     &lt;div&gt;                      &lt;p&gt;&lt;span style=&quot;font-weight: bold;&quot;&gt;1f. Hur blir man en ba?ttre samtalspartner?&lt;\/span&gt; &lt;br&gt;&lt;span style=&quot;font-style: italic;&quot;&gt;Bibbi Sjo?gren, leg sjuksko?terska, la?rare &lt;br&gt;Birgitta Lundborg, la?rare&lt;\/span&gt;&amp;nbsp;&lt;\/p&gt;                     &lt;\/div&gt;                    &lt;\/div&gt;                   &lt;\/div&gt;                  &lt;\/div&gt;                 &lt;br&gt;&lt;br&gt;\"\n                data-category=\"\"\n                data-category-ids=\"\"\n                data-span-all=\"\"\n              >\n\n              \n\n              <div class=\"vertical_bar\" style=\"background-color: rgba(255, 255, 255, 0);\"><\/div>\n              <div class=\"box_inner\">\n                                <span>1f. Hur blir man en ba?ttre samtalspartner?<\/span>\n               <br>\n               <div class=\"lecturer\"><span>Bibbi Sj\u00f6gren; Birgitta Lundborg<\/span><\/div>\n               <div class=\"room_div \">\n                 <i class=\"list-room\">Sal A<\/i>\n               <\/div>\n\n               <div class=\"name_time_div\">\n                <i class=\"list-time\" data-time=\"12:10\">12:10-13:00 - Torsdag 22 mars<\/i>\n               <\/div>\n              <\/div>\n             <\/div>\n          <\/div>\n\n          \n          <div class=\"box-wrapper\"\n              data-id=\"1050\">\n\n              <div class='time-header'>13:00<\/div>\n\n              <div class=\"box\"\n                data-id=\"1050\"\n                data-project=\"project_357_2018_01_23\"\n                data-title=\"Lunch och beso?k hos va?ra utsta?llare\"\n                data-time=\"13:00-14:00\"\n                data-room=\"Utst\u00e4llningshallen\"\n                data-room-id=\"1009\"\n                data-room-name=\"Utst\u00e4llningshallen\"\n                data-day=\"1\"\n                data-abs-nbr=\"\"\n                data-abs-path=\"\"\n                data-speaker=\"\"\n                data-speakercell=\"\"\n                data-info=\"\"\n                data-category=\"\"\n                data-category-ids=\"\"\n                data-span-all=\"\"\n              >\n\n              \n\n              <div class=\"vertical_bar\" style=\"background-color: rgba(255, 255, 255, 0);\"><\/div>\n              <div class=\"box_inner\">\n                                <span>Lunch och beso?k hos va?ra utsta?llare<\/span>\n               <br>\n               \n               <div class=\"room_div \">\n                 <i class=\"list-room\">Utst\u00e4llningshallen<\/i>\n               <\/div>\n\n               <div class=\"name_time_div\">\n                <i class=\"list-time\" data-time=\"13:00\">13:00-14:00 - Torsdag 22 mars<\/i>\n               <\/div>\n              <\/div>\n             <\/div>\n          <\/div>\n\n          \n          <div class=\"box-wrapper\"\n              data-id=\"1048\">\n\n              <div class='time-header'>14:00<\/div>\n\n              <div class=\"box\"\n                data-id=\"1048\"\n                data-project=\"project_357_2018_01_23\"\n                data-title=\"Plenum\"\n                data-time=\"14:00-15:30\"\n                data-room=\"Plenum\"\n                data-room-id=\"1002\"\n                data-room-name=\"Plenum\"\n                data-day=\"1\"\n                data-abs-nbr=\"\"\n                data-abs-path=\"\"\n                data-speaker=\"Staffan Lundstr\u00f6m; Georg Engel; Karin Thal\u00e9n; Inger Fridegren; Per Nilsson\"\n                data-speakercell=\"Staffan Lundstr\u00f6m; Georg Engel; Karin Thal\u00e9n; Inger Fridegren; Per Nilsson\"\n                data-info=\"&lt;b&gt;Moderatorer: &lt;\/b&gt;Peter  Strang&lt;br&gt;&lt;br&gt;                  &lt;p&gt; &lt;\/p&gt;                  &lt;div&gt;                   &lt;div&gt;                    &lt;div&gt;                     &lt;div&gt;                      &lt;p&gt;&lt;span style=&quot;font-weight: bold;&quot;&gt;Diplomering av sjuksko?terskor inom palliativ omva?rdnad &lt;\/span&gt;&lt;\/p&gt;                      &lt;p&gt;&lt;span style=&quot;font-weight: bold;&quot;&gt;Vad har vi gjort och vart a?r vi pa? va?g.... &lt;\/span&gt;&lt;br&gt;&lt;span style=&quot;font-style: italic;&quot;&gt;Staffan Lundstro?m, leg la?k, docent &lt;\/span&gt;&lt;\/p&gt;                      &lt;p&gt;&lt;span style=&quot;font-weight: bold;&quot;&gt;Span pa? framtida Palliativ va?rd &lt;\/span&gt;&lt;br&gt;&lt;span style=&quot;font-style: italic;&quot;&gt;Georg Engel, leg la?k, med dr &lt;\/span&gt;&lt;\/p&gt;                      &lt;p&gt;&lt;span style=&quot;font-weight: bold;&quot;&gt;O?verla?mning&lt;\/span&gt; &lt;br&gt;&lt;span style=&quot;font-style: italic;&quot;&gt;Karin Thale?n, Inger Fridegren och Per Nilsson&amp;nbsp;&lt;\/span&gt;&lt;\/p&gt;                     &lt;\/div&gt;                    &lt;\/div&gt;                   &lt;\/div&gt;                  &lt;\/div&gt;                 &lt;br&gt;&lt;br&gt;\"\n                data-category=\"\"\n                data-category-ids=\"\"\n                data-span-all=\"\"\n              >\n\n              \n\n              <div class=\"vertical_bar\" style=\"background-color: rgba(255, 255, 255, 0);\"><\/div>\n              <div class=\"box_inner\">\n                                <span>Plenum<\/span>\n               <br>\n               <div class=\"lecturer\"><span>Staffan Lundstr\u00f6m; Georg Engel; Karin Thal\u00e9n; Inger Fridegren; Per Nilsson<\/span><\/div>\n               <div class=\"room_div \">\n                 <i class=\"list-room\">Plenum<\/i>\n               <\/div>\n\n               <div class=\"name_time_div\">\n                <i class=\"list-time\" data-time=\"14:00\">14:00-15:30 - Torsdag 22 mars<\/i>\n               <\/div>\n              <\/div>\n             <\/div>\n          <\/div>\n\n          \n      <\/div>\n\n      <div id=\"scroll-down-for-more\">\n          <i class=\"fa fa-3x fa-chevron-down\" aria-hidden=\"true\"><\/i>\n          <br\/>\n          <span>Scrolla ner f\u00f6r att visa mer<\/span>\n      <\/div>\n\n    <\/div>\n\n    <div id=\"graphical_day_chooser_div\" class=\"row\" style=\"margin-right: 0px; margin-left: 0px; \">\n\n      \n      <div class=\"col-md-10\" style=\"padding-left: 0px;\">\n       <div class=\"btn-group\" id=\"days-group\">\n\n          <button type=\"button\" class=\"btn btn-default btn_day\" data-day=\"0\" value=\"date_select_0\"\n                  style=\"float: none !important;\"><span class=\"hidden-xs\">Ons<\/span><br class=\"hidden-xs\"><span>21 mars<\/span><\/button><button type=\"button\" class=\"btn btn-default btn_day\" data-day=\"1\" value=\"date_select_1\"\n                  style=\"float: none !important;\"><span class=\"hidden-xs\">Tors<\/span><br class=\"hidden-xs\"><span>22 mars<\/span><\/button>\n        <\/div>\n      <\/div>\n    <\/div>\n\n    <div id='scroll-right-container' style='display: none; cursor: pointer; margin-top: 73px; height: 70px; width: 75px; background-color: rgba(130, 130, 130, 0.56); position: relative; float: right; z-index: 10000000; text-align: center;'>\n        <i class=\"fa fa-3x fa-chevron-right\" aria-hidden=\"true\" style=\"color: white; position: absolute; left: 35%; top: 20%;\"><\/i>\n    <\/div>\n\n    <div id='scroll-left-container' style='display: none; cursor: pointer; margin-top: 73px; height: 70px; width: 75px; background-color: rgba(130, 130, 130, 0.56); position: relative; float: left; margin-left: 60px; z-index: 10000000; text-align: center;'>\n        <i class=\"fa fa-3x fa-chevron-left\" aria-hidden=\"true\" style=\"color: white; position: absolute; left: 30%; top: 20%;\"><\/i>\n    <\/div>\n\n    <div id=\"calendar_container\" class=\"dragscroll\" style=\"cursor: move; height: 1000px; background-color: #30332e;px; \">\n\n\n      \n  \t\t<!-- top bar with date and rooms name -->\n  \t\t<div class=\"xaxis xaxis-extra fixed top\">\n  \t      <div id=\"top_left_room_box\" class=\"preroom0 preroom0-extra\">\n            <div class=\"room0\">\n                <select style=\"visibility: hidden;\"><\/select>\n    \t      <\/div>\n          <\/div>\n\n  \t      <div class='room_holder room_holder-extra' style='width: 150px;' data-room-id=1002 id='preroom_id_1002'><div class='room room-extra' style='width: 140px;' data-id=0>Plenum<\/div>\n<\/div><div class='room_holder room_holder-extra' style='width: 150px;' data-room-id=1003 id='preroom_id_1003'><div class='room room-extra' style='width: 140px;' data-id=1>Sal A<\/div>\n<\/div><div class='room_holder room_holder-extra' style='width: 150px;' data-room-id=1004 id='preroom_id_1004'><div class='room room-extra' style='width: 140px;' data-id=2>Sal B<\/div>\n<\/div><div class='room_holder room_holder-extra' style='width: 150px;' data-room-id=1005 id='preroom_id_1005'><div class='room room-extra' style='width: 140px;' data-id=3>Sal 203+204<\/div>\n<\/div><div class='room_holder room_holder-extra' style='width: 150px;' data-room-id=1006 id='preroom_id_1006'><div class='room room-extra' style='width: 140px;' data-id=4>Sal 201<\/div>\n<\/div><div class='room_holder room_holder-extra' style='width: 150px;' data-room-id=1007 id='preroom_id_1007'><div class='room room-extra' style='width: 140px;' data-id=5>Sal C<\/div>\n<\/div><div class='room_holder room_holder-extra' style='width: 150px;' data-room-id=1008 id='preroom_id_1008'><div class='room room-extra' style='width: 140px;' data-id=6>Sal 202<\/div>\n<\/div><div class='room_holder room_holder-extra' style='width: 150px;' data-room-id=1009 id='preroom_id_1009'><div class='room room-extra' style='width: 140px;' data-id=7>Utst\u00e4llningshallen<\/div>\n<\/div><div class='room_holder room_holder-extra' style='width: 150px;' data-room-id=1010 id='preroom_id_1010'><div class='room room-extra' style='width: 140px;' data-id=8>Norra Latin<\/div>\n<\/div>\n      <\/div>\n            \n      <div class='vertical-schedule-line' data-room-id='1002' style='left: 210px; height: 100%;'><\/div><div class='vertical-schedule-line' data-room-id='1003' style='left: 360px; height: 100%;'><\/div><div class='vertical-schedule-line' data-room-id='1004' style='left: 510px; height: 100%;'><\/div><div class='vertical-schedule-line' data-room-id='1005' style='left: 660px; height: 100%;'><\/div><div class='vertical-schedule-line' data-room-id='1006' style='left: 810px; height: 100%;'><\/div><div class='vertical-schedule-line' data-room-id='1007' style='left: 960px; height: 100%;'><\/div><div class='vertical-schedule-line' data-room-id='1008' style='left: 1110px; height: 100%;'><\/div><div class='vertical-schedule-line' data-room-id='1009' style='left: 1260px; height: 100%;'><\/div><div class='vertical-schedule-line' data-room-id='1010' style='left: 1410px; height: 100%;'><\/div>\n      <div id='time_0' name='visible_0' data-day='0' class='yaxis major time_all time_0  data-time='0900' style='top: 61px; display: block;'>\n                <div class='yaxistime yaxistime-extra'><div class='yaxistext yaxistext-extra'>09:00\n<\/div><\/div><\/div><div id = 'time_0' name='visible_1' data-day='0' class='yaxis time_all time_0' data-time='0915' style='top: 81px; display: block;'>\n                <div class='yaxistime yaxistime-extra'>&nbsp;<\/div><\/div><div id='time_0' name='visible_2' data-day='0' class='yaxis time_all time_0' data-time='0930' style='top: 101px; display: block;'>\n                <div class='yaxistime yaxistime-extra half-hour'><div class='yaxistext-minor yaxistext-minor-extra'>09:30\n<\/div><\/div><\/div><div id = 'time_0' name='visible_3' data-day='0' class='yaxis time_all time_0' data-time='0945' style='top: 121px; display: block;'>\n                <div class='yaxistime yaxistime-extra'>&nbsp;<\/div><\/div><div id='time_0' name='visible_4' data-day='0' class='yaxis major time_all time_0  data-time='1000' style='top: 141px; display: block;'>\n                <div class='yaxistime yaxistime-extra'><div class='yaxistext yaxistext-extra'>10:00\n<\/div><\/div><\/div><div id = 'time_0' name='visible_5' data-day='0' class='yaxis time_all time_0' data-time='1015' style='top: 161px; display: block;'>\n                <div class='yaxistime yaxistime-extra'>&nbsp;<\/div><\/div><div id='time_0' name='visible_6' data-day='0' class='yaxis time_all time_0' data-time='1030' style='top: 181px; display: block;'>\n                <div class='yaxistime yaxistime-extra half-hour'><div class='yaxistext-minor yaxistext-minor-extra'>10:30\n<\/div><\/div><\/div><div id = 'time_0' name='visible_7' data-day='0' class='yaxis time_all time_0' data-time='1045' style='top: 201px; display: block;'>\n                <div class='yaxistime yaxistime-extra'>&nbsp;<\/div><\/div><div id='time_0' name='visible_8' data-day='0' class='yaxis major time_all time_0  data-time='1100' style='top: 221px; display: block;'>\n                <div class='yaxistime yaxistime-extra'><div class='yaxistext yaxistext-extra'>11:00\n<\/div><\/div><\/div><div id = 'time_0' name='visible_9' data-day='0' class='yaxis time_all time_0' data-time='1115' style='top: 241px; display: block;'>\n                <div class='yaxistime yaxistime-extra'>&nbsp;<\/div><\/div><div id='time_0' name='visible_10' data-day='0' class='yaxis time_all time_0' data-time='1130' style='top: 261px; display: block;'>\n                <div class='yaxistime yaxistime-extra half-hour'><div class='yaxistext-minor yaxistext-minor-extra'>11:30\n<\/div><\/div><\/div><div id = 'time_0' name='visible_11' data-day='0' class='yaxis time_all time_0' data-time='1145' style='top: 281px; display: block;'>\n                <div class='yaxistime yaxistime-extra'>&nbsp;<\/div><\/div><div id='time_0' name='visible_12' data-day='0' class='yaxis major time_all time_0  data-time='1200' style='top: 301px; display: block;'>\n                <div class='yaxistime yaxistime-extra'><div class='yaxistext yaxistext-extra'>12:00\n<\/div><\/div><\/div><div id = 'time_0' name='visible_13' data-day='0' class='yaxis time_all time_0' data-time='1215' style='top: 321px; display: block;'>\n                <div class='yaxistime yaxistime-extra'>&nbsp;<\/div><\/div><div id='time_0' name='visible_14' data-day='0' class='yaxis time_all time_0' data-time='1230' style='top: 341px; display: block;'>\n                <div class='yaxistime yaxistime-extra half-hour'><div class='yaxistext-minor yaxistext-minor-extra'>12:30\n<\/div><\/div><\/div><div id = 'time_0' name='visible_15' data-day='0' class='yaxis time_all time_0' data-time='1245' style='top: 361px; display: block;'>\n                <div class='yaxistime yaxistime-extra'>&nbsp;<\/div><\/div><div id='time_0' name='visible_16' data-day='0' class='yaxis major time_all time_0  data-time='1300' style='top: 381px; display: block;'>\n                <div class='yaxistime yaxistime-extra'><div class='yaxistext yaxistext-extra'>13:00\n<\/div><\/div><\/div><div id = 'time_0' name='visible_17' data-day='0' class='yaxis time_all time_0' data-time='1315' style='top: 401px; display: block;'>\n                <div class='yaxistime yaxistime-extra'>&nbsp;<\/div><\/div><div id='time_0' name='visible_18' data-day='0' class='yaxis time_all time_0' data-time='1330' style='top: 421px; display: block;'>\n                <div class='yaxistime yaxistime-extra half-hour'><div class='yaxistext-minor yaxistext-minor-extra'>13:30\n<\/div><\/div><\/div><div id = 'time_0' name='visible_19' data-day='0' class='yaxis time_all time_0' data-time='1345' style='top: 441px; display: block;'>\n                <div class='yaxistime yaxistime-extra'>&nbsp;<\/div><\/div><div id='time_0' name='visible_20' data-day='0' class='yaxis major time_all time_0  data-time='1400' style='top: 461px; display: block;'>\n                <div class='yaxistime yaxistime-extra'><div class='yaxistext yaxistext-extra'>14:00\n<\/div><\/div><\/div><div id = 'time_0' name='visible_21' data-day='0' class='yaxis time_all time_0' data-time='1415' style='top: 481px; display: block;'>\n                <div class='yaxistime yaxistime-extra'>&nbsp;<\/div><\/div><div id='time_0' name='visible_22' data-day='0' class='yaxis time_all time_0' data-time='1430' style='top: 501px; display: block;'>\n                <div class='yaxistime yaxistime-extra half-hour'><div class='yaxistext-minor yaxistext-minor-extra'>14:30\n<\/div><\/div><\/div><div id = 'time_0' name='visible_23' data-day='0' class='yaxis time_all time_0' data-time='1445' style='top: 521px; display: block;'>\n                <div class='yaxistime yaxistime-extra'>&nbsp;<\/div><\/div><div id='time_0' name='visible_24' data-day='0' class='yaxis major time_all time_0  data-time='1500' style='top: 541px; display: block;'>\n                <div class='yaxistime yaxistime-extra'><div class='yaxistext yaxistext-extra'>15:00\n<\/div><\/div><\/div><div id = 'time_0' name='visible_25' data-day='0' class='yaxis time_all time_0' data-time='1515' style='top: 561px; display: block;'>\n                <div class='yaxistime yaxistime-extra'>&nbsp;<\/div><\/div><div id='time_0' name='visible_26' data-day='0' class='yaxis time_all time_0' data-time='1530' style='top: 581px; display: block;'>\n                <div class='yaxistime yaxistime-extra half-hour'><div class='yaxistext-minor yaxistext-minor-extra'>15:30\n<\/div><\/div><\/div><div id = 'time_0' name='visible_27' data-day='0' class='yaxis time_all time_0' data-time='1545' style='top: 601px; display: block;'>\n                <div class='yaxistime yaxistime-extra'>&nbsp;<\/div><\/div><div id='time_0' name='visible_28' data-day='0' class='yaxis major time_all time_0  data-time='1600' style='top: 621px; display: block;'>\n                <div class='yaxistime yaxistime-extra'><div class='yaxistext yaxistext-extra'>16:00\n<\/div><\/div><\/div><div id = 'time_0' name='visible_29' data-day='0' class='yaxis time_all time_0' data-time='1615' style='top: 641px; display: block;'>\n                <div class='yaxistime yaxistime-extra'>&nbsp;<\/div><\/div><div id='time_0' name='visible_30' data-day='0' class='yaxis time_all time_0' data-time='1630' style='top: 661px; display: block;'>\n                <div class='yaxistime yaxistime-extra half-hour'><div class='yaxistext-minor yaxistext-minor-extra'>16:30\n<\/div><\/div><\/div><div id = 'time_0' name='visible_31' data-day='0' class='yaxis time_all time_0' data-time='1645' style='top: 681px; display: block;'>\n                <div class='yaxistime yaxistime-extra'>&nbsp;<\/div><\/div><div id='time_0' name='visible_32' data-day='0' class='yaxis major time_all time_0  data-time='1700' style='top: 701px; display: block;'>\n                <div class='yaxistime yaxistime-extra'><div class='yaxistext yaxistext-extra'>17:00\n<\/div><\/div><\/div><div id = 'time_0' name='visible_33' data-day='0' class='yaxis time_all time_0' data-time='1715' style='top: 721px; display: block;'>\n                <div class='yaxistime yaxistime-extra'>&nbsp;<\/div><\/div><div id='time_0' name='visible_34' data-day='0' class='yaxis time_all time_0' data-time='1730' style='top: 741px; display: block;'>\n                <div class='yaxistime yaxistime-extra half-hour'><div class='yaxistext-minor yaxistext-minor-extra'>17:30\n<\/div><\/div><\/div><div id = 'time_0' name='visible_35' data-day='0' class='yaxis time_all time_0' data-time='1745' style='top: 761px; display: block;'>\n                <div class='yaxistime yaxistime-extra'>&nbsp;<\/div><\/div><div id='time_0' name='visible_36' data-day='0' class='yaxis major time_all time_0  data-time='1800' style='top: 781px; display: block;'>\n                <div class='yaxistime yaxistime-extra'><div class='yaxistext yaxistext-extra'>18:00\n<\/div><\/div><\/div><div id = 'time_0' name='visible_37' data-day='0' class='yaxis time_all time_0' data-time='1815' style='top: 801px; display: block;'>\n                <div class='yaxistime yaxistime-extra'>&nbsp;<\/div><\/div><div id='time_0' name='visible_38' data-day='0' class='yaxis time_all time_0' data-time='1830' style='top: 821px; display: block;'>\n                <div class='yaxistime yaxistime-extra half-hour'><div class='yaxistext-minor yaxistext-minor-extra'>18:30\n<\/div><\/div><\/div><div id = 'time_0' name='visible_39' data-day='0' class='yaxis time_all time_0' data-time='1845' style='top: 841px; display: block;'>\n                <div class='yaxistime yaxistime-extra'>&nbsp;<\/div><\/div><div id='time_0' name='visible_40' data-day='0' class='yaxis major time_all time_0  data-time='1900' style='top: 861px; display: block;'>\n                <div class='yaxistime yaxistime-extra'><div class='yaxistext yaxistext-extra'>19:00\n<\/div><\/div><\/div><div id = 'time_0' name='visible_41' data-day='0' class='yaxis time_all time_0' data-time='1915' style='top: 881px; display: block;'>\n                <div class='yaxistime yaxistime-extra'>&nbsp;<\/div><\/div><div id='time_0' name='visible_42' data-day='0' class='yaxis time_all time_0' data-time='1930' style='top: 901px; display: block;'>\n                <div class='yaxistime yaxistime-extra half-hour'><div class='yaxistext-minor yaxistext-minor-extra'>19:30\n<\/div><\/div><\/div><div id = 'time_0' name='visible_43' data-day='0' class='yaxis time_all time_0' data-time='1945' style='top: 921px; display: block;'>\n                <div class='yaxistime yaxistime-extra'>&nbsp;<\/div><\/div><div id='time_0' name='visible_44' data-day='0' class='yaxis major time_all time_0  data-time='2000' style='top: 941px; display: block;'>\n                <div class='yaxistime yaxistime-extra'><div class='yaxistext yaxistext-extra'>20:00\n<\/div><\/div><\/div><div id = 'time_0' name='visible_45' data-day='0' class='yaxis time_all time_0' data-time='2015' style='top: 961px; display: block;'>\n                <div class='yaxistime yaxistime-extra'>&nbsp;<\/div><\/div><div id='time_1' name='visible_46' data-day='1' class='yaxis major time_all time_1  data-time='0900' style='top: 61px; display: none;'>\n                <div class='yaxistime yaxistime-extra'><div class='yaxistext yaxistext-extra'>09:00\n<\/div><\/div><\/div><div id = 'time_1' name='visible_47' data-day='1' class='yaxis time_all time_1' data-time='0915' style='top: 81px; display: none;'>\n                <div class='yaxistime yaxistime-extra'>&nbsp;<\/div><\/div><div id='time_1' name='visible_48' data-day='1' class='yaxis time_all time_1' data-time='0930' style='top: 101px; display: none;'>\n                <div class='yaxistime yaxistime-extra half-hour'><div class='yaxistext-minor yaxistext-minor-extra'>09:30\n<\/div><\/div><\/div><div id = 'time_1' name='visible_49' data-day='1' class='yaxis time_all time_1' data-time='0945' style='top: 121px; display: none;'>\n                <div class='yaxistime yaxistime-extra'>&nbsp;<\/div><\/div><div id='time_1' name='visible_50' data-day='1' class='yaxis major time_all time_1  data-time='1000' style='top: 141px; display: none;'>\n                <div class='yaxistime yaxistime-extra'><div class='yaxistext yaxistext-extra'>10:00\n<\/div><\/div><\/div><div id = 'time_1' name='visible_51' data-day='1' class='yaxis time_all time_1' data-time='1015' style='top: 161px; display: none;'>\n                <div class='yaxistime yaxistime-extra'>&nbsp;<\/div><\/div><div id='time_1' name='visible_52' data-day='1' class='yaxis time_all time_1' data-time='1030' style='top: 181px; display: none;'>\n                <div class='yaxistime yaxistime-extra half-hour'><div class='yaxistext-minor yaxistext-minor-extra'>10:30\n<\/div><\/div><\/div><div id = 'time_1' name='visible_53' data-day='1' class='yaxis time_all time_1' data-time='1045' style='top: 201px; display: none;'>\n                <div class='yaxistime yaxistime-extra'>&nbsp;<\/div><\/div><div id='time_1' name='visible_54' data-day='1' class='yaxis major time_all time_1  data-time='1100' style='top: 221px; display: none;'>\n                <div class='yaxistime yaxistime-extra'><div class='yaxistext yaxistext-extra'>11:00\n<\/div><\/div><\/div><div id = 'time_1' name='visible_55' data-day='1' class='yaxis time_all time_1' data-time='1115' style='top: 241px; display: none;'>\n                <div class='yaxistime yaxistime-extra'>&nbsp;<\/div><\/div><div id='time_1' name='visible_56' data-day='1' class='yaxis time_all time_1' data-time='1130' style='top: 261px; display: none;'>\n                <div class='yaxistime yaxistime-extra half-hour'><div class='yaxistext-minor yaxistext-minor-extra'>11:30\n<\/div><\/div><\/div><div id = 'time_1' name='visible_57' data-day='1' class='yaxis time_all time_1' data-time='1145' style='top: 281px; display: none;'>\n                <div class='yaxistime yaxistime-extra'>&nbsp;<\/div><\/div><div id='time_1' name='visible_58' data-day='1' class='yaxis major time_all time_1  data-time='1200' style='top: 301px; display: none;'>\n                <div class='yaxistime yaxistime-extra'><div class='yaxistext yaxistext-extra'>12:00\n<\/div><\/div><\/div><div id = 'time_1' name='visible_59' data-day='1' class='yaxis time_all time_1' data-time='1215' style='top: 321px; display: none;'>\n                <div class='yaxistime yaxistime-extra'>&nbsp;<\/div><\/div><div id='time_1' name='visible_60' data-day='1' class='yaxis time_all time_1' data-time='1230' style='top: 341px; display: none;'>\n                <div class='yaxistime yaxistime-extra half-hour'><div class='yaxistext-minor yaxistext-minor-extra'>12:30\n<\/div><\/div><\/div><div id = 'time_1' name='visible_61' data-day='1' class='yaxis time_all time_1' data-time='1245' style='top: 361px; display: none;'>\n                <div class='yaxistime yaxistime-extra'>&nbsp;<\/div><\/div><div id='time_1' name='visible_62' data-day='1' class='yaxis major time_all time_1  data-time='1300' style='top: 381px; display: none;'>\n                <div class='yaxistime yaxistime-extra'><div class='yaxistext yaxistext-extra'>13:00\n<\/div><\/div><\/div><div id = 'time_1' name='visible_63' data-day='1' class='yaxis time_all time_1' data-time='1315' style='top: 401px; display: none;'>\n                <div class='yaxistime yaxistime-extra'>&nbsp;<\/div><\/div><div id='time_1' name='visible_64' data-day='1' class='yaxis time_all time_1' data-time='1330' style='top: 421px; display: none;'>\n                <div class='yaxistime yaxistime-extra half-hour'><div class='yaxistext-minor yaxistext-minor-extra'>13:30\n<\/div><\/div><\/div><div id = 'time_1' name='visible_65' data-day='1' class='yaxis time_all time_1' data-time='1345' style='top: 441px; display: none;'>\n                <div class='yaxistime yaxistime-extra'>&nbsp;<\/div><\/div><div id='time_1' name='visible_66' data-day='1' class='yaxis major time_all time_1  data-time='1400' style='top: 461px; display: none;'>\n                <div class='yaxistime yaxistime-extra'><div class='yaxistext yaxistext-extra'>14:00\n<\/div><\/div><\/div><div id = 'time_1' name='visible_67' data-day='1' class='yaxis time_all time_1' data-time='1415' style='top: 481px; display: none;'>\n                <div class='yaxistime yaxistime-extra'>&nbsp;<\/div><\/div><div id='time_1' name='visible_68' data-day='1' class='yaxis time_all time_1' data-time='1430' style='top: 501px; display: none;'>\n                <div class='yaxistime yaxistime-extra half-hour'><div class='yaxistext-minor yaxistext-minor-extra'>14:30\n<\/div><\/div><\/div><div id = 'time_1' name='visible_69' data-day='1' class='yaxis time_all time_1' data-time='1445' style='top: 521px; display: none;'>\n                <div class='yaxistime yaxistime-extra'>&nbsp;<\/div><\/div><div id='time_1' name='visible_70' data-day='1' class='yaxis major time_all time_1  data-time='1500' style='top: 541px; display: none;'>\n                <div class='yaxistime yaxistime-extra'><div class='yaxistext yaxistext-extra'>15:00\n<\/div><\/div><\/div><div id = 'time_1' name='visible_71' data-day='1' class='yaxis time_all time_1' data-time='1515' style='top: 561px; display: none;'>\n                <div class='yaxistime yaxistime-extra'>&nbsp;<\/div><\/div>\n          <div class=\"event \"\n            data-id=\"1023\"\n            data-project=\"project_357_2018_01_23\"\n            data-title=\"Registrering med kaffe\"\n            data-abs-nbr=\"\"\n            data-ystart=\"9\"\n            data-yend=\"10\"\n            data-time=\"09:00-10:00\"\n            data-room=\"7\"\n            data-room-id=\"1009\"\n            data-room-name=\"Utst\u00e4llningshallen\"\n            data-day=\"0\"\n            data-abs-path=\"\"\n            data-speaker=\"\"\n            data-speakercell=\"\"\n            data-info=\"\"\n            data-category=\"\"\n            data-category-ids=\"\"\n            data-span-all=\"\"\n                      >\n\n            <div class=\"event_content\">\n              <div class=\"title\">\n                                <span>Registrering med kaffe<\/span>\n              <\/div>\n              <div class=\"span_room\"><span><\/span><\/div>\n              <div class=\"time\">\n                <span>\n                  09:00-10:00                <\/span><\/div>\n\n              \n            <\/div>\n\n\n            \n          <\/div>\n\n      \n          <div class=\"event \"\n            data-id=\"1003\"\n            data-project=\"project_357_2018_01_23\"\n            data-title=\"Invigning\"\n            data-abs-nbr=\"\"\n            data-ystart=\"10\"\n            data-yend=\"10.5\"\n            data-time=\"10:00-10:30\"\n            data-room=\"0\"\n            data-room-id=\"1002\"\n            data-room-name=\"Plenum\"\n            data-day=\"0\"\n            data-abs-path=\"\"\n            data-speaker=\"\"\n            data-speakercell=\"\"\n            data-info=\"&lt;b&gt;Moderatorer: &lt;\/b&gt;Inger Fridegren&lt;br&gt;&lt;br&gt;                  &lt;p&gt; &lt;\/p&gt;                  &lt;p&gt;&lt;span style=&quot;font-weight: bold;&quot;&gt;Invigningstal och k\u00f6rs\u00e5ng &lt;\/span&gt;&lt;br&gt;&lt;span style=&quot;font-style: italic;&quot;&gt;Moderator: Inger Fridegren&lt;\/span&gt;&lt;\/p&gt;                 &lt;br&gt;&lt;br&gt;\"\n            data-category=\"\"\n            data-category-ids=\"\"\n            data-span-all=\"\"\n                      >\n\n            <div class=\"event_content\">\n              <div class=\"title\">\n                                <span>Invigning<\/span>\n              <\/div>\n              <div class=\"span_room\"><span><\/span><\/div>\n              <div class=\"time\">\n                <span>\n                  10:00-10:30                <\/span><\/div>\n\n              \n            <\/div>\n\n\n            \n          <\/div>\n\n      \n          <div class=\"event \"\n            data-id=\"1004\"\n            data-project=\"project_357_2018_01_23\"\n            data-title=\"Med r\u00f6tterna mot framtiden  \"\n            data-abs-nbr=\"\"\n            data-ystart=\"10.5\"\n            data-yend=\"11.25\"\n            data-time=\"10:30-11:15\"\n            data-room=\"0\"\n            data-room-id=\"1002\"\n            data-room-name=\"Plenum\"\n            data-day=\"0\"\n            data-abs-path=\"\"\n            data-speaker=\"Ulrika Kreicbergs; Peter  Strang\"\n            data-speakercell=\"Ulrika Kreicbergs; Peter  Strang\"\n            data-info=\"&lt;b&gt;Moderatorer: &lt;\/b&gt;Inger Fridegren&lt;br&gt;&lt;br&gt;                  &lt;p&gt; &lt;\/p&gt;                  &lt;p&gt;&lt;span style=&quot;font-weight: bold;&quot;&gt;Med r\u00f6tterna mot framtiden&amp;nbsp; &lt;\/span&gt;&lt;br&gt;&lt;br&gt;&lt;span style=&quot;font-style: italic;&quot;&gt;Moderator: Inger Fridegren&lt;br&gt;Ulrika Kreicbergs, leg ssk, professor&lt;b&gt; &lt;\/b&gt;och Peter Strang,&lt;b&gt; &lt;\/b&gt;leg l\u00e4k, professor&lt;\/span&gt;&lt;\/p&gt;&lt;p&gt;Plenumf\u00f6rel\u00e4sningen inleds av Peter Strang, professor i palliativ medicin vid Karolinska Institutet och Stockholms sjukhem.&lt;br&gt;Han kommer att ber\u00e4tta om hospicer\u00f6relsens och den palliativa v\u00e5rdens framv\u00e4xt, b\u00e5de internationellt och ur ett svenskt perspektiv.&lt;br&gt;Peter Strang kommer ocks\u00e5 att presentera den palliativa v\u00e5rdens helhetssyn och&amp;nbsp;det centrala begreppet Total Pain (&quot;total sm\u00e4rta&quot;)&quot;&lt;\/p&gt;&lt;p&gt;Ulrika Kreicbergs, professor i&amp;nbsp;palliativa&amp;nbsp;v\u00e5rd av barn och unga vid Ersta Sk\u00f6ndal Br\u00e4cke h\u00f6gskola kommer att ber\u00e4tta om barnet i den palliativa v\u00e5rden b\u00e5de som patient och n\u00e4rst\u00e5ende.&lt;\/p&gt;&lt;p&gt;&lt;\/p&gt;&lt;p&gt;&amp;nbsp;&lt;\/p&gt;                 &lt;br&gt;&lt;br&gt;\"\n            data-category=\"\"\n            data-category-ids=\"\"\n            data-span-all=\"\"\n                      >\n\n            <div class=\"event_content\">\n              <div class=\"title\">\n                                <span>Med r\u00f6tterna mot framtiden  <\/span>\n              <\/div>\n              <div class=\"span_room\"><span><\/span><\/div>\n              <div class=\"time\">\n                <span>\n                  10:30-11:15                <\/span><\/div>\n\n              <div class=\"lecturer\"><span>Ulrika Kreicbergs; Peter  Strang<\/span><\/div>\n            <\/div>\n\n\n            \n          <\/div>\n\n      \n          <div class=\"event \"\n            data-id=\"1027\"\n            data-project=\"project_357_2018_01_23\"\n            data-title=\"Kaffepaus hos v\u00e5ra utst\u00e4llare\"\n            data-abs-nbr=\"\"\n            data-ystart=\"11.25\"\n            data-yend=\"11.75\"\n            data-time=\"11:15-11:45\"\n            data-room=\"7\"\n            data-room-id=\"1009\"\n            data-room-name=\"Utst\u00e4llningshallen\"\n            data-day=\"0\"\n            data-abs-path=\"\"\n            data-speaker=\"\"\n            data-speakercell=\"\"\n            data-info=\"\"\n            data-category=\"\"\n            data-category-ids=\"\"\n            data-span-all=\"\"\n                      >\n\n            <div class=\"event_content\">\n              <div class=\"title\">\n                                <span>Kaffepaus hos v\u00e5ra utst\u00e4llare<\/span>\n              <\/div>\n              <div class=\"span_room\"><span><\/span><\/div>\n              <div class=\"time\">\n                <span>\n                  11:15-11:45                <\/span><\/div>\n\n              \n            <\/div>\n\n\n            \n          <\/div>\n\n      \n          <div class=\"event \"\n            data-id=\"1017\"\n            data-project=\"project_357_2018_01_23\"\n            data-title=\"5a. Kortison i palliativ v\u00e5rd - hj\u00e4lper det mot allt?\"\n            data-abs-nbr=\"\"\n            data-ystart=\"11.75\"\n            data-yend=\"12.5\"\n            data-time=\"11:45-12:30\"\n            data-room=\"5\"\n            data-room-id=\"1007\"\n            data-room-name=\"Sal C\"\n            data-day=\"0\"\n            data-abs-path=\"\/abs\/1017.pdf\"\n            data-speaker=\"Staffan Lundstr\u00f6m\"\n            data-speakercell=\"Staffan Lundstr\u00f6m\"\n            data-info=\"&lt;b&gt;Moderatorer: &lt;\/b&gt;Staffan Lundstr\u00f6m&lt;br&gt;&lt;br&gt;                  &lt;p&gt; &lt;\/p&gt;                  &lt;p&gt;5a.&lt;b&gt; Kortison i palliativ v\u00e5rd - hj\u00e4lper det mot allt?&lt;\/b&gt;&lt;\/p&gt;                  &lt;p&gt;&lt;span style=&quot;font-style: italic;&quot;&gt;Staffan Lundstr\u00f6m leg l\u00e4k, docent&lt;\/span&gt;&lt;\/p&gt;                 &lt;br&gt;&lt;br&gt;\"\n            data-category=\"\"\n            data-category-ids=\"\"\n            data-span-all=\"\"\n                      >\n\n            <div class=\"event_content\">\n              <div class=\"title\">\n                                <span>5a. Kortison i palliativ v\u00e5rd - hj\u00e4lper det mot allt?<\/span>\n              <\/div>\n              <div class=\"span_room\"><span><\/span><\/div>\n              <div class=\"time\">\n                <span>\n                  11:45-12:30                <\/span><\/div>\n\n              <div class=\"lecturer\"><span>Staffan Lundstr\u00f6m<\/span><\/div>\n            <\/div>\n\n\n            \n          <\/div>\n\n      \n          <div class=\"event \"\n            data-id=\"1008\"\n            data-project=\"project_357_2018_01_23\"\n            data-title=\"2a. Att utg\u00e5 fr\u00e5n behov, resurser och prioteringar - ett omv\u00e4nt f\u00f6rh\u00e5llningss\u00e4tt f\u00f6r st\u00f6d till n\u00e4rst\u00e5ende\"\n            data-abs-nbr=\"\"\n            data-ystart=\"11.75\"\n            data-yend=\"12.5\"\n            data-time=\"11:45-12:30\"\n            data-room=\"2\"\n            data-room-id=\"1004\"\n            data-room-name=\"Sal B\"\n            data-day=\"0\"\n            data-abs-path=\"\/abs\/1008.pdf\"\n            data-speaker=\"Anette Alvariza\"\n            data-speakercell=\"Anette Alvariza\"\n            data-info=\"&lt;b&gt;Moderatorer: &lt;\/b&gt;Anette Alvariza&lt;br&gt;&lt;br&gt;                  &lt;p&gt; &lt;\/p&gt;                  &lt;p&gt;2a. &lt;b&gt;Att utg\u00e5 fr\u00e5n behov, resurser och prioteringar - ett omv\u00e4nt f\u00f6rh\u00e5llningss\u00e4tt f\u00f6r st\u00f6d till n\u00e4rst\u00e5ende &lt;\/b&gt;&amp;nbsp;&amp;nbsp;&lt;\/p&gt;                  &lt;p&gt;&lt;span style=&quot;font-style: italic;&quot;&gt;Anette Alvariza, leg ssk, docent&lt;\/span&gt;&lt;\/p&gt;                 &lt;br&gt;&lt;br&gt;\"\n            data-category=\"\"\n            data-category-ids=\"\"\n            data-span-all=\"\"\n                      >\n\n            <div class=\"event_content\">\n              <div class=\"title\">\n                                <span>2a. Att utg\u00e5 fr\u00e5n behov, resurser och prioteringar - ett omv\u00e4nt f\u00f6rh\u00e5llningss\u00e4tt f\u00f6r st\u00f6d till n\u00e4rst\u00e5ende<\/span>\n              <\/div>\n              <div class=\"span_room\"><span><\/span><\/div>\n              <div class=\"time\">\n                <span>\n                  11:45-12:30                <\/span><\/div>\n\n              <div class=\"lecturer\"><span>Anette Alvariza<\/span><\/div>\n            <\/div>\n\n\n            \n          <\/div>\n\n      \n          <div class=\"event \"\n            data-id=\"1005\"\n            data-project=\"project_357_2018_01_23\"\n            data-title=\"1a. Existentiellt lidande\"\n            data-abs-nbr=\"\"\n            data-ystart=\"11.75\"\n            data-yend=\"12.5\"\n            data-time=\"11:45-12:30\"\n            data-room=\"1\"\n            data-room-id=\"1003\"\n            data-room-name=\"Sal A\"\n            data-day=\"0\"\n            data-abs-path=\"\/abs\/1005.pdf\"\n            data-speaker=\"Peter  Strang\"\n            data-speakercell=\"Peter  Strang\"\n            data-info=\"&lt;b&gt;Moderatorer: &lt;\/b&gt;Peter  Strang&lt;br&gt;&lt;br&gt;                  &lt;p&gt; &lt;\/p&gt;                  &lt;p&gt;1a. &lt;b&gt;Existentiellt lidande&amp;nbsp; &amp;nbsp; &amp;nbsp; &amp;nbsp; &amp;nbsp;&lt;\/b&gt;&amp;nbsp; &amp;nbsp; &amp;nbsp; &amp;nbsp; &amp;nbsp; &amp;nbsp; &amp;nbsp; &amp;nbsp; &amp;nbsp; &amp;nbsp; &amp;nbsp; &amp;nbsp; &amp;nbsp; &amp;nbsp; &amp;nbsp; &amp;nbsp; &amp;nbsp;&amp;nbsp;&lt;\/p&gt;                  &lt;p&gt;&lt;i&gt;Moderator: Peter Strang&amp;nbsp;&lt;\/i&gt;&amp;nbsp; &lt;br&gt;&lt;span style=&quot;font-style: italic;&quot;&gt;Peter Strang, leg l\u00e4k, professor&amp;nbsp;&amp;nbsp;&lt;\/span&gt;&lt;\/p&gt;                 &lt;br&gt;&lt;br&gt;\"\n            data-category=\"\"\n            data-category-ids=\"\"\n            data-span-all=\"\"\n                      >\n\n            <div class=\"event_content\">\n              <div class=\"title\">\n                                <span>1a. Existentiellt lidande<\/span>\n              <\/div>\n              <div class=\"span_room\"><span><\/span><\/div>\n              <div class=\"time\">\n                <span>\n                  11:45-12:30                <\/span><\/div>\n\n              <div class=\"lecturer\"><span>Peter  Strang<\/span><\/div>\n            <\/div>\n\n\n            \n          <\/div>\n\n      \n          <div class=\"event \"\n            data-id=\"1011\"\n            data-project=\"project_357_2018_01_23\"\n            data-title=\"3a. Kompetens f\u00f6r teamarbete inom specialiserd palliativ v\u00e5rd - kunskap f\u00e4rdighet och f\u00f6rh\u00e5llningss\u00e4tt\"\n            data-abs-nbr=\"\"\n            data-ystart=\"11.75\"\n            data-yend=\"12.5\"\n            data-time=\"11:45-12:30\"\n            data-room=\"3\"\n            data-room-id=\"1005\"\n            data-room-name=\"Sal 203+204\"\n            data-day=\"0\"\n            data-abs-path=\"\/abs\/1011.pdf\"\n            data-speaker=\"Anna Klarare\"\n            data-speakercell=\"Anna Klarare\"\n            data-info=\"&lt;b&gt;Moderatorer: &lt;\/b&gt;Jane \u00d6sterlind&lt;br&gt;&lt;br&gt;                  &lt;p&gt; &lt;\/p&gt;                  &lt;p&gt;3a. &lt;b&gt;Kompetens f\u00f6r teamarbete inom specialiserd palliativ v\u00e5rd - kunskap f\u00e4rdighet och f\u00f6rh\u00e5llningss\u00e4tt &lt;\/b&gt;&lt;\/p&gt;                  &lt;p&gt;&lt;span style=&quot;font-style: italic;&quot;&gt;Anna Klarare, Leg ssk med dr&lt;\/span&gt;&lt;\/p&gt;                 &lt;br&gt;&lt;br&gt;\"\n            data-category=\"\"\n            data-category-ids=\"\"\n            data-span-all=\"\"\n                      >\n\n            <div class=\"event_content\">\n              <div class=\"title\">\n                                <span>3a. Kompetens f\u00f6r teamarbete inom specialiserd palliativ v\u00e5rd - kunskap f\u00e4rdighet och f\u00f6rh\u00e5llningss\u00e4tt<\/span>\n              <\/div>\n              <div class=\"span_room\"><span><\/span><\/div>\n              <div class=\"time\">\n                <span>\n                  11:45-12:30                <\/span><\/div>\n\n              <div class=\"lecturer\"><span>Anna Klarare<\/span><\/div>\n            <\/div>\n\n\n            \n          <\/div>\n\n      \n          <div class=\"event \"\n            data-id=\"1014\"\n            data-project=\"project_357_2018_01_23\"\n            data-title=\"4a. Etiska och juridiska utmaningar i livets slutskede \"\n            data-abs-nbr=\"\"\n            data-ystart=\"11.75\"\n            data-yend=\"12.5\"\n            data-time=\"11:45-12:30\"\n            data-room=\"4\"\n            data-room-id=\"1006\"\n            data-room-name=\"Sal 201\"\n            data-day=\"0\"\n            data-abs-path=\"\/abs\/1014.pdf\"\n            data-speaker=\"Marit Karlsson; Gunnar Eckerdal\"\n            data-speakercell=\"Marit Karlsson; Gunnar Eckerdal\"\n            data-info=\"&lt;b&gt;Moderatorer: &lt;\/b&gt;Berit  Seiger Cronfalk&lt;br&gt;&lt;br&gt;                  &lt;p&gt; &lt;\/p&gt;                  &lt;p&gt;4a. &lt;b&gt;Etiska och juridiska utmaningar i livets slutskede&lt;\/b&gt;&lt;\/p&gt;                  &lt;p&gt;&lt;span style=&quot;font-style: italic;&quot;&gt;Marit Karlsson,&lt;b&gt; &lt;\/b&gt;leg l\u00e4k, med dr&lt;b&gt;&amp;nbsp;&lt;\/b&gt;&lt;\/span&gt;&lt;\/p&gt;                  &lt;p&gt;&lt;span style=&quot;font-style: italic;&quot;&gt;Gunnar Eckerdal, leg l\u00e4k&lt;\/span&gt;&lt;\/p&gt;                 &lt;br&gt;&lt;br&gt;\"\n            data-category=\"\"\n            data-category-ids=\"\"\n            data-span-all=\"\"\n                      >\n\n            <div class=\"event_content\">\n              <div class=\"title\">\n                                <span>4a. Etiska och juridiska utmaningar i livets slutskede <\/span>\n              <\/div>\n              <div class=\"span_room\"><span><\/span><\/div>\n              <div class=\"time\">\n                <span>\n                  11:45-12:30                <\/span><\/div>\n\n              <div class=\"lecturer\"><span>Marit Karlsson; Gunnar Eckerdal<\/span><\/div>\n            <\/div>\n\n\n            \n          <\/div>\n\n      \n          <div class=\"event \"\n            data-id=\"1022\"\n            data-project=\"project_357_2018_01_23\"\n            data-title=\"Lunch\"\n            data-abs-nbr=\"\"\n            data-ystart=\"12.5\"\n            data-yend=\"13.5\"\n            data-time=\"12:30-13:30\"\n            data-room=\"7\"\n            data-room-id=\"1009\"\n            data-room-name=\"Utst\u00e4llningshallen\"\n            data-day=\"0\"\n            data-abs-path=\"\"\n            data-speaker=\"\"\n            data-speakercell=\"\"\n            data-info=\"\"\n            data-category=\"\"\n            data-category-ids=\"\"\n            data-span-all=\"\"\n                      >\n\n            <div class=\"event_content\">\n              <div class=\"title\">\n                                <span>Lunch<\/span>\n              <\/div>\n              <div class=\"span_room\"><span><\/span><\/div>\n              <div class=\"time\">\n                <span>\n                  12:30-13:30                <\/span><\/div>\n\n              \n            <\/div>\n\n\n            \n          <\/div>\n\n      \n          <div class=\"event \"\n            data-id=\"1006\"\n            data-project=\"project_357_2018_01_23\"\n            data-title=\"1b. Kommunikation\"\n            data-abs-nbr=\"\"\n            data-ystart=\"13.5\"\n            data-yend=\"15\"\n            data-time=\"13:30-15:00\"\n            data-room=\"1\"\n            data-room-id=\"1003\"\n            data-room-name=\"Sal A\"\n            data-day=\"0\"\n            data-abs-path=\"\/abs\/1006.pdf\"\n            data-speaker=\"Valdemar  Erling\"\n            data-speakercell=\"Valdemar  Erling\"\n            data-info=\"&lt;b&gt;Moderatorer: &lt;\/b&gt;Peter  Strang&lt;br&gt;&lt;br&gt;                  &lt;p&gt; &lt;\/p&gt;                  &lt;p&gt;1b.&lt;b&gt; Kommunikation&amp;nbsp; &amp;nbsp; &amp;nbsp; &amp;nbsp; &amp;nbsp; &amp;nbsp; &amp;nbsp; &amp;nbsp; &amp;nbsp; &amp;nbsp; &amp;nbsp; &amp;nbsp; &amp;nbsp; &amp;nbsp; &amp;nbsp; &amp;nbsp; &amp;nbsp; &amp;nbsp; &amp;nbsp; &amp;nbsp; &amp;nbsp; &amp;nbsp; &amp;nbsp; &amp;nbsp; &amp;nbsp; &lt;\/b&gt;&lt;\/p&gt;                  &lt;p&gt;&lt;span style=&quot;font-style: italic;&quot;&gt;Valdemar Erling&lt;b&gt; &lt;\/b&gt;leg l\u00e4k, med lic &amp;nbsp;&lt;\/span&gt;&lt;b&gt;&lt;span style=&quot;font-style: italic;&quot;&gt; &lt;\/span&gt;&amp;nbsp;&lt;\/b&gt;&lt;\/p&gt;                 &lt;br&gt;&lt;br&gt;\"\n            data-category=\"\"\n            data-category-ids=\"\"\n            data-span-all=\"\"\n                      >\n\n            <div class=\"event_content\">\n              <div class=\"title\">\n                                <span>1b. Kommunikation<\/span>\n              <\/div>\n              <div class=\"span_room\"><span><\/span><\/div>\n              <div class=\"time\">\n                <span>\n                  13:30-15:00                <\/span><\/div>\n\n              <div class=\"lecturer\"><span>Valdemar  Erling<\/span><\/div>\n            <\/div>\n\n\n            \n          <\/div>\n\n      \n          <div class=\"event \"\n            data-id=\"1021\"\n            data-project=\"project_357_2018_01_23\"\n            data-title=\"6b. Nutrition till den d\u00f6ende patienten - hur b\u00f6r man t\u00e4nka\"\n            data-abs-nbr=\"\"\n            data-ystart=\"13.5\"\n            data-yend=\"15\"\n            data-time=\"13:30-15:00\"\n            data-room=\"6\"\n            data-room-id=\"1008\"\n            data-room-name=\"Sal 202\"\n            data-day=\"0\"\n            data-abs-path=\"\/abs\/1021.pdf\"\n            data-speaker=\"Charlotta Svalander\"\n            data-speakercell=\"Charlotta Svalander\"\n            data-info=\"&lt;b&gt;Moderatorer: &lt;\/b&gt;Marie-Louise Ekestr\u00f6m&lt;br&gt;&lt;br&gt;                  &lt;p&gt; &lt;\/p&gt;                  &lt;p&gt;6b.&lt;b&gt; Nutrition till den d\u00f6ende patienten - hur b\u00f6r man t\u00e4nka&lt;\/b&gt;&lt;\/p&gt;                  &lt;p&gt;&lt;span style=&quot;font-style: italic;&quot;&gt;Charlotta Svalander, leg dietist&amp;nbsp;&lt;\/span&gt;&lt;\/p&gt;                 &lt;br&gt;&lt;br&gt;\"\n            data-category=\"\"\n            data-category-ids=\"\"\n            data-span-all=\"\"\n                      >\n\n            <div class=\"event_content\">\n              <div class=\"title\">\n                                <span>6b. Nutrition till den d\u00f6ende patienten - hur b\u00f6r man t\u00e4nka<\/span>\n              <\/div>\n              <div class=\"span_room\"><span><\/span><\/div>\n              <div class=\"time\">\n                <span>\n                  13:30-15:00                <\/span><\/div>\n\n              <div class=\"lecturer\"><span>Charlotta Svalander<\/span><\/div>\n            <\/div>\n\n\n            \n          <\/div>\n\n      \n          <div class=\"event \"\n            data-id=\"1020\"\n            data-project=\"project_357_2018_01_23\"\n            data-title=\"5c. Dyspn\u00e9: Skiljer sig cancer fr\u00e5n andra sjukdomar s\u00e5som KOL?\"\n            data-abs-nbr=\"\"\n            data-ystart=\"13.5\"\n            data-yend=\"15\"\n            data-time=\"13:30-15:00\"\n            data-room=\"5\"\n            data-room-id=\"1007\"\n            data-room-name=\"Sal C\"\n            data-day=\"0\"\n            data-abs-path=\"\/abs\/1020.pdf\"\n            data-speaker=\"Magnus Ekstr\u00f6m\"\n            data-speakercell=\"Magnus Ekstr\u00f6m\"\n            data-info=\"&lt;b&gt;Moderatorer: &lt;\/b&gt;Staffan Lundstr\u00f6m&lt;br&gt;&lt;br&gt;                  &lt;p&gt; &lt;\/p&gt;                  &lt;p&gt;5c. &lt;b&gt;Dyspn\u00e9: Skiljer sig cancer fr\u00e5n andra sjukdomar s\u00e5som KOL?&lt;\/b&gt;&lt;\/p&gt;                  &lt;p&gt;&lt;span style=&quot;font-style: italic;&quot;&gt;Magnus Ekstr\u00f6m,&lt;b&gt; &lt;\/b&gt;leg l\u00e4k, docent&lt;\/span&gt;&lt;\/p&gt;                 &lt;br&gt;&lt;br&gt;\"\n            data-category=\"\"\n            data-category-ids=\"\"\n            data-span-all=\"\"\n                      >\n\n            <div class=\"event_content\">\n              <div class=\"title\">\n                                <span>5c. Dyspn\u00e9: Skiljer sig cancer fr\u00e5n andra sjukdomar s\u00e5som KOL?<\/span>\n              <\/div>\n              <div class=\"span_room\"><span><\/span><\/div>\n              <div class=\"time\">\n                <span>\n                  13:30-15:00                <\/span><\/div>\n\n              <div class=\"lecturer\"><span>Magnus Ekstr\u00f6m<\/span><\/div>\n            <\/div>\n\n\n            \n          <\/div>\n\n      \n          <div class=\"event \"\n            data-id=\"1019\"\n            data-project=\"project_357_2018_01_23\"\n            data-title=\"6a. Omv\u00e5rdnad till den d\u00f6ende m\u00e4nniskan \"\n            data-abs-nbr=\"\"\n            data-ystart=\"13.5\"\n            data-yend=\"15\"\n            data-time=\"13:30-15:00\"\n            data-room=\"6\"\n            data-room-id=\"1008\"\n            data-room-name=\"Sal 202\"\n            data-day=\"0\"\n            data-abs-path=\"\/abs\/1019.pdf\"\n            data-speaker=\"Marie-Louise Ekestr\u00f6m; Rosanna Alex\"\n            data-speakercell=\"Marie-Louise Ekestr\u00f6m; Rosanna Alex\"\n            data-info=\"&lt;b&gt;Moderatorer: &lt;\/b&gt;Marie-Louise Ekestr\u00f6m&lt;br&gt;&lt;br&gt;                  &lt;p&gt; &lt;\/p&gt;                  &lt;p&gt;6a.&lt;b&gt; Omv\u00e5rdnad till den d\u00f6ende m\u00e4nniskan&lt;\/b&gt;&lt;\/p&gt;                  &lt;p&gt;&lt;span style=&quot;font-style: italic;&quot;&gt;Marie-Louise Ekestr\u00f6m,&lt;b&gt; &lt;\/b&gt;leg ssk&lt;b&gt;&amp;nbsp;&lt;\/b&gt;&lt;\/span&gt;&lt;\/p&gt;                  &lt;p&gt;&lt;span style=&quot;font-style: italic;&quot;&gt;Rosanna Alex, usk&lt;\/span&gt;&lt;\/p&gt;                 &lt;br&gt;&lt;br&gt;\"\n            data-category=\"\"\n            data-category-ids=\"\"\n            data-span-all=\"\"\n                      >\n\n            <div class=\"event_content\">\n              <div class=\"title\">\n                                <span>6a. Omv\u00e5rdnad till den d\u00f6ende m\u00e4nniskan <\/span>\n              <\/div>\n              <div class=\"span_room\"><span><\/span><\/div>\n              <div class=\"time\">\n                <span>\n                  13:30-15:00                <\/span><\/div>\n\n              <div class=\"lecturer\"><span>Marie-Louise Ekestr\u00f6m; Rosanna Alex<\/span><\/div>\n            <\/div>\n\n\n            \n          <\/div>\n\n      \n          <div class=\"event \"\n            data-id=\"1016\"\n            data-project=\"project_357_2018_01_23\"\n            data-title=\"4c. Nerver f\u00f6r njutning \"\n            data-abs-nbr=\"\"\n            data-ystart=\"13.5\"\n            data-yend=\"15\"\n            data-time=\"13:30-15:00\"\n            data-room=\"4\"\n            data-room-id=\"1006\"\n            data-room-name=\"Sal 201\"\n            data-day=\"0\"\n            data-abs-path=\"\/abs\/1016.pdf\"\n            data-speaker=\"H\u00e5kan Olausson\"\n            data-speakercell=\"H\u00e5kan Olausson\"\n            data-info=\"&lt;b&gt;Moderatorer: &lt;\/b&gt;Berit  Seiger Cronfalk&lt;br&gt;&lt;br&gt;                  &lt;p&gt; &lt;\/p&gt;                  &lt;p&gt;4c.&lt;b&gt; Nerver f\u00f6r njutning&lt;\/b&gt;&lt;\/p&gt;                  &lt;p&gt;&lt;span style=&quot;font-style: italic;&quot;&gt;H\u00e5kan Olausson leg l\u00e4k, professor&lt;\/span&gt;&lt;\/p&gt;                 &lt;br&gt;&lt;br&gt;\"\n            data-category=\"\"\n            data-category-ids=\"\"\n            data-span-all=\"\"\n                      >\n\n            <div class=\"event_content\">\n              <div class=\"title\">\n                                <span>4c. Nerver f\u00f6r njutning <\/span>\n              <\/div>\n              <div class=\"span_room\"><span><\/span><\/div>\n              <div class=\"time\">\n                <span>\n                  13:30-15:00                <\/span><\/div>\n\n              <div class=\"lecturer\"><span>H\u00e5kan Olausson<\/span><\/div>\n            <\/div>\n\n\n            \n          <\/div>\n\n      \n          <div class=\"event \"\n            data-id=\"1018\"\n            data-project=\"project_357_2018_01_23\"\n            data-title=\"5b. Spinala katetrar i palliativ v\u00e5rd: 20 \u00e5rs erfarenheter\"\n            data-abs-nbr=\"\"\n            data-ystart=\"13.5\"\n            data-yend=\"15\"\n            data-time=\"13:30-15:00\"\n            data-room=\"5\"\n            data-room-id=\"1007\"\n            data-room-name=\"Sal C\"\n            data-day=\"0\"\n            data-abs-path=\"\"\n            data-speaker=\"Maria Jakobsson\"\n            data-speakercell=\"Maria Jakobsson\"\n            data-info=\"&lt;b&gt;Moderatorer: &lt;\/b&gt;Staffan Lundstr\u00f6m&lt;br&gt;&lt;br&gt;                  &lt;p&gt; &lt;\/p&gt;                  &lt;p&gt;5b.&lt;b&gt; Spinala katetrar i palliativ v\u00e5rd: 20 \u00e5rs erfarenheter&lt;\/b&gt;&lt;\/p&gt;                  &lt;p&gt;&lt;span style=&quot;font-style: italic;&quot;&gt;Maria Jakobsson, leg l\u00e4k&lt;\/span&gt;&lt;\/p&gt;                 &lt;br&gt;&lt;br&gt;\"\n            data-category=\"\"\n            data-category-ids=\"\"\n            data-span-all=\"\"\n                      >\n\n            <div class=\"event_content\">\n              <div class=\"title\">\n                                <span>5b. Spinala katetrar i palliativ v\u00e5rd: 20 \u00e5rs erfarenheter<\/span>\n              <\/div>\n              <div class=\"span_room\"><span><\/span><\/div>\n              <div class=\"time\">\n                <span>\n                  13:30-15:00                <\/span><\/div>\n\n              <div class=\"lecturer\"><span>Maria Jakobsson<\/span><\/div>\n            <\/div>\n\n\n            \n          <\/div>\n\n      \n          <div class=\"event \"\n            data-id=\"1007\"\n            data-project=\"project_357_2018_01_23\"\n            data-title=\"1c. Brytpunktsamtal - var, n\u00e4r och varf\u00f6r?\"\n            data-abs-nbr=\"\"\n            data-ystart=\"13.5\"\n            data-yend=\"15\"\n            data-time=\"13:30-15:00\"\n            data-room=\"1\"\n            data-room-id=\"1003\"\n            data-room-name=\"Sal A\"\n            data-day=\"0\"\n            data-abs-path=\"\/abs\/1007.pdf\"\n            data-speaker=\"Carl Johan F\u00fcrst; Bertil Axelsson\"\n            data-speakercell=\"Carl Johan F\u00fcrst; Bertil Axelsson\"\n            data-info=\"&lt;b&gt;Moderatorer: &lt;\/b&gt;Peter  Strang&lt;br&gt;&lt;br&gt;                  &lt;p&gt; &lt;\/p&gt;                  &lt;p&gt;1c.&lt;b&gt; Brytpunktsamtal - var, n\u00e4r och varf\u00f6r?&lt;\/b&gt;&lt;\/p&gt;                  &lt;p&gt;&lt;span style=&quot;font-style: italic;&quot;&gt;Carl Johan F\u00fcrst, leg l\u00e4k, professor&amp;nbsp;&lt;br&gt;Bertil Axelsson, leg l\u00e4k, professor&amp;nbsp; &amp;nbsp; &amp;nbsp;&lt;\/span&gt;&lt;\/p&gt;                 &lt;br&gt;&lt;br&gt;\"\n            data-category=\"\"\n            data-category-ids=\"\"\n            data-span-all=\"\"\n                      >\n\n            <div class=\"event_content\">\n              <div class=\"title\">\n                                <span>1c. Brytpunktsamtal - var, n\u00e4r och varf\u00f6r?<\/span>\n              <\/div>\n              <div class=\"span_room\"><span><\/span><\/div>\n              <div class=\"time\">\n                <span>\n                  13:30-15:00                <\/span><\/div>\n\n              <div class=\"lecturer\"><span>Carl Johan F\u00fcrst; Bertil Axelsson<\/span><\/div>\n            <\/div>\n\n\n            \n          <\/div>\n\n      \n          <div class=\"event \"\n            data-id=\"1013\"\n            data-project=\"project_357_2018_01_23\"\n            data-title=\"3b. Ledarskapets m\u00f6jligheter och utmaningar\"\n            data-abs-nbr=\"\"\n            data-ystart=\"13.5\"\n            data-yend=\"15\"\n            data-time=\"13:30-15:00\"\n            data-room=\"3\"\n            data-room-id=\"1005\"\n            data-room-name=\"Sal 203+204\"\n            data-day=\"0\"\n            data-abs-path=\"\/abs\/1013.pdf\"\n            data-speaker=\"Bengt Sallerfors\"\n            data-speakercell=\"Bengt Sallerfors\"\n            data-info=\"&lt;b&gt;Moderatorer: &lt;\/b&gt;Jane \u00d6sterlind&lt;br&gt;&lt;br&gt;                  &lt;p&gt; &lt;\/p&gt;                  &lt;p&gt;&amp;nbsp;3b.&lt;b&gt; Ledarskapets m\u00f6jligheter och utmaningar&lt;\/b&gt;&lt;\/p&gt;                  &lt;p&gt;&lt;span style=&quot;font-style: italic;&quot;&gt;Bengt Sallerfors, leg l\u00e4k, docent&lt;\/span&gt;&lt;\/p&gt;                 &lt;br&gt;&lt;br&gt;\"\n            data-category=\"\"\n            data-category-ids=\"\"\n            data-span-all=\"\"\n                      >\n\n            <div class=\"event_content\">\n              <div class=\"title\">\n                                <span>3b. Ledarskapets m\u00f6jligheter och utmaningar<\/span>\n              <\/div>\n              <div class=\"span_room\"><span><\/span><\/div>\n              <div class=\"time\">\n                <span>\n                  13:30-15:00                <\/span><\/div>\n\n              <div class=\"lecturer\"><span>Bengt Sallerfors<\/span><\/div>\n            <\/div>\n\n\n            \n          <\/div>\n\n      \n          <div class=\"event \"\n            data-id=\"1012\"\n            data-project=\"project_357_2018_01_23\"\n            data-title=\"3c. Lust att vilja leda - sig sj\u00e4lv och andra\"\n            data-abs-nbr=\"\"\n            data-ystart=\"13.5\"\n            data-yend=\"15\"\n            data-time=\"13:30-15:00\"\n            data-room=\"3\"\n            data-room-id=\"1005\"\n            data-room-name=\"Sal 203+204\"\n            data-day=\"0\"\n            data-abs-path=\"\/abs\/1012.pdf\"\n            data-speaker=\"Maud Kardell\"\n            data-speakercell=\"Maud Kardell\"\n            data-info=\"&lt;b&gt;Moderatorer: &lt;\/b&gt;Jane \u00d6sterlind&lt;br&gt;&lt;br&gt;                  &lt;p&gt; &lt;\/p&gt;                  &lt;p&gt;3c.&lt;b&gt; Lust att vilja leda - sig sj\u00e4lv och andra&lt;\/b&gt;&lt;\/p&gt;                  &lt;p&gt;&lt;span style=&quot;font-style: italic;&quot;&gt;Maud Kardell, leg ssk&lt;\/span&gt; &amp;nbsp;&lt;\/p&gt;                 &lt;br&gt;&lt;br&gt;\"\n            data-category=\"\"\n            data-category-ids=\"\"\n            data-span-all=\"\"\n                      >\n\n            <div class=\"event_content\">\n              <div class=\"title\">\n                                <span>3c. Lust att vilja leda - sig sj\u00e4lv och andra<\/span>\n              <\/div>\n              <div class=\"span_room\"><span><\/span><\/div>\n              <div class=\"time\">\n                <span>\n                  13:30-15:00                <\/span><\/div>\n\n              <div class=\"lecturer\"><span>Maud Kardell<\/span><\/div>\n            <\/div>\n\n\n            \n          <\/div>\n\n      \n          <div class=\"event \"\n            data-id=\"1010\"\n            data-project=\"project_357_2018_01_23\"\n            data-title=\"2c. St\u00f6dprogrammet &quot;the family talk&quot; f\u00f6r barnfamiljen inom hemsjukv\u00e5rd\"\n            data-abs-nbr=\"\"\n            data-ystart=\"13.5\"\n            data-yend=\"15\"\n            data-time=\"13:30-15:00\"\n            data-room=\"2\"\n            data-room-id=\"1004\"\n            data-room-name=\"Sal B\"\n            data-day=\"0\"\n            data-abs-path=\"\/abs\/1010.pdf\"\n            data-speaker=\"Rakel Eklund; Anna Patzauer\"\n            data-speakercell=\"Rakel Eklund; Anna Patzauer\"\n            data-info=\"&lt;b&gt;Moderatorer: &lt;\/b&gt;Anette Alvariza&lt;br&gt;&lt;br&gt;                  &lt;p&gt; &lt;\/p&gt;                  &lt;p&gt;2c. &lt;b&gt;St\u00f6dprogrammet &quot;the family talk&quot; f\u00f6r barnfamiljen inom hemsjukv\u00e5rd&amp;nbsp;&lt;\/b&gt;&lt;\/p&gt;                  &lt;p&gt;&lt;span style=&quot;font-style: italic;&quot;&gt;Rakel Eklund, leg ssk, doktorand&amp;nbsp; &amp;nbsp; &amp;nbsp; &amp;nbsp; &amp;nbsp; &amp;nbsp; &amp;nbsp; &amp;nbsp; &amp;nbsp; &amp;nbsp; &amp;nbsp; &amp;nbsp; &amp;nbsp; &lt;\/span&gt;&lt;\/p&gt;                  &lt;p&gt;&lt;span style=&quot;font-style: italic;&quot;&gt;Anna Patzauer, kurator&amp;nbsp; &amp;nbsp;&lt;\/span&gt;&lt;\/p&gt;                 &lt;br&gt;&lt;br&gt;\"\n            data-category=\"\"\n            data-category-ids=\"\"\n            data-span-all=\"\"\n                      >\n\n            <div class=\"event_content\">\n              <div class=\"title\">\n                                <span>2c. St\u00f6dprogrammet \"the family talk\" f\u00f6r barnfamiljen inom hemsjukv\u00e5rd<\/span>\n              <\/div>\n              <div class=\"span_room\"><span><\/span><\/div>\n              <div class=\"time\">\n                <span>\n                  13:30-15:00                <\/span><\/div>\n\n              <div class=\"lecturer\"><span>Rakel Eklund; Anna Patzauer<\/span><\/div>\n            <\/div>\n\n\n            \n          <\/div>\n\n      \n          <div class=\"event \"\n            data-id=\"1009\"\n            data-project=\"project_357_2018_01_23\"\n            data-title=\"2b. Barn som n\u00e4rst\u00e5ende i palliativ v\u00e5rd\"\n            data-abs-nbr=\"\"\n            data-ystart=\"13.5\"\n            data-yend=\"15\"\n            data-time=\"13:30-15:00\"\n            data-room=\"2\"\n            data-room-id=\"1004\"\n            data-room-name=\"Sal B\"\n            data-day=\"0\"\n            data-abs-path=\"\/abs\/1009.pdf\"\n            data-speaker=\"Malin L\u00f6vgren\"\n            data-speakercell=\"Malin L\u00f6vgren\"\n            data-info=\"&lt;b&gt;Moderatorer: &lt;\/b&gt;Anette Alvariza&lt;br&gt;&lt;br&gt;                  &lt;p&gt; &lt;\/p&gt;                  &lt;p&gt;2b.&lt;b&gt; Barn som n\u00e4rst\u00e5ende i palliativ v\u00e5rd&lt;\/b&gt;&lt;\/p&gt;                  &lt;p&gt;&lt;span style=&quot;font-style: italic;&quot;&gt;Malin L\u00f6vgren,&lt;b&gt; &lt;\/b&gt;leg ssk, docent&amp;nbsp;&lt;\/span&gt;&lt;\/p&gt;                 &lt;br&gt;&lt;br&gt;\"\n            data-category=\"\"\n            data-category-ids=\"\"\n            data-span-all=\"\"\n                      >\n\n            <div class=\"event_content\">\n              <div class=\"title\">\n                                <span>2b. Barn som n\u00e4rst\u00e5ende i palliativ v\u00e5rd<\/span>\n              <\/div>\n              <div class=\"span_room\"><span><\/span><\/div>\n              <div class=\"time\">\n                <span>\n                  13:30-15:00                <\/span><\/div>\n\n              <div class=\"lecturer\"><span>Malin L\u00f6vgren<\/span><\/div>\n            <\/div>\n\n\n            \n          <\/div>\n\n      \n          <div class=\"event \"\n            data-id=\"1015\"\n            data-project=\"project_357_2018_01_23\"\n            data-title=\"4b. Komplement\u00e4ra metoder i Palliativ v\u00e5rd\"\n            data-abs-nbr=\"\"\n            data-ystart=\"13.5\"\n            data-yend=\"15\"\n            data-time=\"13:30-15:00\"\n            data-room=\"4\"\n            data-room-id=\"1006\"\n            data-room-name=\"Sal 201\"\n            data-day=\"0\"\n            data-abs-path=\"\/abs\/1015.pdf\"\n            data-speaker=\"Torkel  Falkenberg\"\n            data-speakercell=\"Torkel  Falkenberg\"\n            data-info=\"&lt;b&gt;Moderatorer: &lt;\/b&gt;Berit  Seiger Cronfalk&lt;br&gt;&lt;br&gt;                  &lt;p&gt; &lt;\/p&gt;                  &lt;p&gt;4b.&lt;b&gt; Komplement\u00e4ra metoder i Palliativ v\u00e5rd&lt;\/b&gt; &amp;nbsp;&lt;\/p&gt;                  &lt;p&gt; &lt;\/p&gt;                  &lt;p&gt;&lt;span style=&quot;font-style: italic;&quot;&gt;Torkel Falkenberg, farmaceut&amp;nbsp;&lt;\/span&gt;&lt;\/p&gt;                 &lt;br&gt;&lt;br&gt;\"\n            data-category=\"\"\n            data-category-ids=\"\"\n            data-span-all=\"\"\n                      >\n\n            <div class=\"event_content\">\n              <div class=\"title\">\n                                <span>4b. Komplement\u00e4ra metoder i Palliativ v\u00e5rd<\/span>\n              <\/div>\n              <div class=\"span_room\"><span><\/span><\/div>\n              <div class=\"time\">\n                <span>\n                  13:30-15:00                <\/span><\/div>\n\n              <div class=\"lecturer\"><span>Torkel  Falkenberg<\/span><\/div>\n            <\/div>\n\n\n            \n          <\/div>\n\n      \n          <div class=\"event \"\n            data-id=\"1024\"\n            data-project=\"project_357_2018_01_23\"\n            data-title=\"Kaffepaus hos v\u00e5ra utst\u00e4llare\"\n            data-abs-nbr=\"\"\n            data-ystart=\"15\"\n            data-yend=\"15.5\"\n            data-time=\"15:00-15:30\"\n            data-room=\"7\"\n            data-room-id=\"1009\"\n            data-room-name=\"Utst\u00e4llningshallen\"\n            data-day=\"0\"\n            data-abs-path=\"\"\n            data-speaker=\"\"\n            data-speakercell=\"\"\n            data-info=\"\"\n            data-category=\"\"\n            data-category-ids=\"\"\n            data-span-all=\"\"\n                      >\n\n            <div class=\"event_content\">\n              <div class=\"title\">\n                                <span>Kaffepaus hos v\u00e5ra utst\u00e4llare<\/span>\n              <\/div>\n              <div class=\"span_room\"><span><\/span><\/div>\n              <div class=\"time\">\n                <span>\n                  15:00-15:30                <\/span><\/div>\n\n              \n            <\/div>\n\n\n            \n          <\/div>\n\n      \n          <div class=\"event \"\n            data-id=\"1025\"\n            data-project=\"project_357_2018_01_23\"\n            data-title=\"5 Gruppen \"\n            data-abs-nbr=\"\"\n            data-ystart=\"15.5\"\n            data-yend=\"17\"\n            data-time=\"15:30-17:00\"\n            data-room=\"0\"\n            data-room-id=\"1002\"\n            data-room-name=\"Plenum\"\n            data-day=\"0\"\n            data-abs-path=\"\"\n            data-speaker=\"\"\n            data-speakercell=\"\"\n            data-info=\"                 &lt;p&gt;&lt;\/p&gt;                 &lt;p&gt;&lt;b&gt;5 Gruppen&amp;nbsp;&lt;\/b&gt;&lt;\/p&gt;                 &lt;p&gt;&lt;i&gt;Moderator: Inger Fridegren&lt;\/i&gt;&lt;b&gt;&amp;nbsp;&lt;\/b&gt;&lt;\/p&gt;&lt;p&gt;5-gruppen bildades i b\u00f6rjan av 90-talet och bestod av fem hospiceverksamheter. Plenum inleds av moderator Inger Fridegren med en tillbakablick till 1970-talet innan samtalen med 5-gruppens deltagare b\u00f6rjar.&lt;\/p&gt;&lt;p&gt;&lt;\/p&gt;&lt;p&gt;Plenum avslutas med m\u00f6jlighet att st\u00e4lla fr\u00e5gor till samtliga i 5-gruppen.&lt;\/p&gt;                &lt;br&gt;&lt;br&gt;\"\n            data-category=\"\"\n            data-category-ids=\"\"\n            data-span-all=\"\"\n                      >\n\n            <div class=\"event_content\">\n              <div class=\"title\">\n                                <span>5 Gruppen <\/span>\n              <\/div>\n              <div class=\"span_room\"><span><\/span><\/div>\n              <div class=\"time\">\n                <span>\n                  15:30-17:00                <\/span><\/div>\n\n              \n            <\/div>\n\n\n            \n          <\/div>\n\n      \n          <div class=\"event \"\n            data-id=\"1026\"\n            data-project=\"project_357_2018_01_23\"\n            data-title=\"Mingel i Norra Latin \"\n            data-abs-nbr=\"\"\n            data-ystart=\"17.5\"\n            data-yend=\"20.5\"\n            data-time=\"17:30-20:30\"\n            data-room=\"8\"\n            data-room-id=\"1010\"\n            data-room-name=\"Norra Latin\"\n            data-day=\"0\"\n            data-abs-path=\"\"\n            data-speaker=\"\"\n            data-speakercell=\"\"\n            data-info=\"\"\n            data-category=\"\"\n            data-category-ids=\"\"\n            data-span-all=\"\"\n                      >\n\n            <div class=\"event_content\">\n              <div class=\"title\">\n                                <span>Mingel i Norra Latin <\/span>\n              <\/div>\n              <div class=\"span_room\"><span><\/span><\/div>\n              <div class=\"time\">\n                <span>\n                  17:30-20:30                <\/span><\/div>\n\n              \n            <\/div>\n\n\n            \n          <\/div>\n\n      \n          <div class=\"event \"\n            data-id=\"1046\"\n            data-project=\"project_357_2018_01_23\"\n            data-title=\"Plenum och underha?llning\"\n            data-abs-nbr=\"\"\n            data-ystart=\"9.5\"\n            data-yend=\"10.5\"\n            data-time=\"09:30-10:30\"\n            data-room=\"0\"\n            data-room-id=\"1002\"\n            data-room-name=\"Plenum\"\n            data-day=\"1\"\n            data-abs-path=\"\/abs\/1046.pdf\"\n            data-speaker=\"\"\n            data-speakercell=\"\"\n            data-info=\"&lt;b&gt;Moderatorer: &lt;\/b&gt;Ulrika Kreicbergs&lt;br&gt;&lt;br&gt;                  &lt;p&gt; &lt;\/p&gt;                  &lt;div&gt;                   &lt;div&gt;                    &lt;div&gt;                     &lt;div&gt;                      &lt;p&gt;&lt;span style=&quot;font-weight: bold;&quot;&gt;Plenum och underha?llning&amp;nbsp;&lt;\/span&gt;&lt;br&gt;&lt;span style=&quot;font-style: italic;&quot;&gt;Clownmedicin&lt;\/span&gt;&lt;\/p&gt;                     &lt;\/div&gt;                    &lt;\/div&gt;                   &lt;\/div&gt;                  &lt;\/div&gt;                 &lt;br&gt;&lt;br&gt;\"\n            data-category=\"\"\n            data-category-ids=\"\"\n            data-span-all=\"\"\n                      >\n\n            <div class=\"event_content\">\n              <div class=\"title\">\n                                <span>Plenum och underha?llning<\/span>\n              <\/div>\n              <div class=\"span_room\"><span><\/span><\/div>\n              <div class=\"time\">\n                <span>\n                  09:30-10:30                <\/span><\/div>\n\n              \n            <\/div>\n\n\n            \n          <\/div>\n\n      \n          <div class=\"event \"\n            data-id=\"1047\"\n            data-project=\"project_357_2018_01_23\"\n            data-title=\"Prisutdelning. De 3 ba?sta postrarna och publikens favorit presenteras\"\n            data-abs-nbr=\"\"\n            data-ystart=\"10.5\"\n            data-yend=\"10.833333333333\"\n            data-time=\"10:30-10:50\"\n            data-room=\"0\"\n            data-room-id=\"1002\"\n            data-room-name=\"Plenum\"\n            data-day=\"1\"\n            data-abs-path=\"\"\n            data-speaker=\"\"\n            data-speakercell=\"\"\n            data-info=\"&lt;p&gt;\t\t\t\t\t\t&lt;\/p&gt;&lt;div&gt;\t\t\t&lt;div&gt;\t\t\t\t&lt;div&gt;\t\t\t\t\t&lt;div&gt;\t\t\t\t\t\t&lt;p&gt;Prisutdelning. De 3 ba?sta postrarna och publikens favorit presenteras&amp;nbsp;&lt;\/p&gt;\t\t\t\t\t&lt;\/div&gt;\t\t\t\t&lt;\/div&gt;\t\t\t&lt;\/div&gt;\t\t&lt;\/div&gt;&lt;br&gt;&lt;br&gt;\"\n            data-category=\"\"\n            data-category-ids=\"\"\n            data-span-all=\"\"\n                      >\n\n            <div class=\"event_content\">\n              <div class=\"title\">\n                                <span>Prisutdelning. De 3 ba?sta postrarna och publikens favorit presenteras<\/span>\n              <\/div>\n              <div class=\"span_room\"><span><\/span><\/div>\n              <div class=\"time\">\n                <span>\n                  10:30-10:50                <\/span><\/div>\n\n              \n            <\/div>\n\n\n            \n          <\/div>\n\n      \n          <div class=\"event \"\n            data-id=\"1049\"\n            data-project=\"project_357_2018_01_23\"\n            data-title=\"Kaffepaus hos va?ra utsta?llare\"\n            data-abs-nbr=\"\"\n            data-ystart=\"10.833333333333\"\n            data-yend=\"11.333333333333\"\n            data-time=\"10:50-11:20\"\n            data-room=\"7\"\n            data-room-id=\"1009\"\n            data-room-name=\"Utst\u00e4llningshallen\"\n            data-day=\"1\"\n            data-abs-path=\"\"\n            data-speaker=\"\"\n            data-speakercell=\"\"\n            data-info=\"\"\n            data-category=\"\"\n            data-category-ids=\"\"\n            data-span-all=\"\"\n                      >\n\n            <div class=\"event_content\">\n              <div class=\"title\">\n                                <span>Kaffepaus hos va?ra utsta?llare<\/span>\n              <\/div>\n              <div class=\"span_room\"><span><\/span><\/div>\n              <div class=\"time\">\n                <span>\n                  10:50-11:20                <\/span><\/div>\n\n              \n            <\/div>\n\n\n            \n          <\/div>\n\n      \n          <div class=\"event \"\n            data-id=\"1029\"\n            data-project=\"project_357_2018_01_23\"\n            data-title=\"1d. Ma?nsklig va?rdighet och sa?rbarhet i livets slut - Etiska perspektiv pa? mo?tet mellan patient och personal\"\n            data-abs-nbr=\"\"\n            data-ystart=\"11.333333333333\"\n            data-yend=\"12\"\n            data-time=\"11:20-12:00\"\n            data-room=\"1\"\n            data-room-id=\"1003\"\n            data-room-name=\"Sal A\"\n            data-day=\"1\"\n            data-abs-path=\"\/abs\/1029.pdf\"\n            data-speaker=\"Sofia J\u00e4mterud\"\n            data-speakercell=\"Sofia J\u00e4mterud\"\n            data-info=\"&lt;b&gt;Moderatorer: &lt;\/b&gt;Inger Fridegren&lt;br&gt;&lt;br&gt;                  &lt;p&gt; &lt;\/p&gt;                 &lt;div&gt;                   &lt;div&gt;                    &lt;div&gt;                     &lt;div&gt;                      &lt;p&gt;1d. &lt;span style=&quot;font-weight: bold;&quot;&gt;Ma?nsklig va?rdighet och sa?rbarhet i livetsslut - Etiska perspektiv pa? mo?tet mellanpatient och personal&lt;\/span&gt;&lt;br&gt;&lt;span style=&quot;font-style: italic;&quot;&gt;&lt;br&gt;Sofia Ja?mterud, Pra?st, teol dr&amp;nbsp;&lt;\/span&gt;&lt;\/p&gt;                     &lt;\/div&gt;                    &lt;\/div&gt;                   &lt;\/div&gt;                  &lt;\/div&gt;                 &lt;br&gt;&lt;br&gt;\"\n            data-category=\"\"\n            data-category-ids=\"\"\n            data-span-all=\"\"\n                      >\n\n            <div class=\"event_content\">\n              <div class=\"title\">\n                                <span>1d. Ma?nsklig va?rdighet och sa?rbarhet i livets slut - Etiska perspektiv pa? mo?tet mellan patient och personal<\/span>\n              <\/div>\n              <div class=\"span_room\"><span><\/span><\/div>\n              <div class=\"time\">\n                <span>\n                  11:20-12:00                <\/span><\/div>\n\n              <div class=\"lecturer\"><span>Sofia J\u00e4mterud<\/span><\/div>\n            <\/div>\n\n\n            \n          <\/div>\n\n      \n          <div class=\"event \"\n            data-id=\"1031\"\n            data-project=\"project_357_2018_01_23\"\n            data-title=\"2d. Na?rsta?endes sorg fo?re och efter ett fo?rva?ntat do?dsfall\"\n            data-abs-nbr=\"\"\n            data-ystart=\"11.333333333333\"\n            data-yend=\"12\"\n            data-time=\"11:20-12:00\"\n            data-room=\"6\"\n            data-room-id=\"1008\"\n            data-room-name=\"Sal 202\"\n            data-day=\"1\"\n            data-abs-path=\"\/abs\/1031.pdf\"\n            data-speaker=\"Maja Holm\"\n            data-speakercell=\"Maja Holm\"\n            data-info=\"&lt;b&gt;Moderatorer: &lt;\/b&gt;Ulrika Kreicbergs&lt;br&gt;&lt;br&gt;                  &lt;p&gt; &lt;\/p&gt;                  &lt;div&gt;                   &lt;div&gt;                    &lt;div&gt;                     &lt;div&gt;                      &lt;p&gt;&lt;span style=&quot;font-weight: bold;&quot;&gt;2d. Na?rsta?endes sorg fo?re och efter ett fo?rva?ntat do?dsfall&lt;\/span&gt;&lt;br&gt;&lt;span style=&quot;font-style: italic;&quot;&gt; Maja Holm, leg ssk&lt;\/span&gt;&amp;nbsp;&lt;\/p&gt;                     &lt;\/div&gt;                    &lt;\/div&gt;                   &lt;\/div&gt;                  &lt;\/div&gt;                 &lt;br&gt;&lt;br&gt;\"\n            data-category=\"\"\n            data-category-ids=\"\"\n            data-span-all=\"\"\n                      >\n\n            <div class=\"event_content\">\n              <div class=\"title\">\n                                <span>2d. Na?rsta?endes sorg fo?re och efter ett fo?rva?ntat do?dsfall<\/span>\n              <\/div>\n              <div class=\"span_room\"><span><\/span><\/div>\n              <div class=\"time\">\n                <span>\n                  11:20-12:00                <\/span><\/div>\n\n              <div class=\"lecturer\"><span>Maja Holm<\/span><\/div>\n            <\/div>\n\n\n            \n          <\/div>\n\n      \n          <div class=\"event \"\n            data-id=\"1032\"\n            data-project=\"project_357_2018_01_23\"\n            data-title=\"3d. Team i glesbygd\"\n            data-abs-nbr=\"\"\n            data-ystart=\"11.333333333333\"\n            data-yend=\"12\"\n            data-time=\"11:20-12:00\"\n            data-room=\"4\"\n            data-room-id=\"1006\"\n            data-room-name=\"Sal 201\"\n            data-day=\"1\"\n            data-abs-path=\"\/abs\/1032.pdf\"\n            data-speaker=\"Bertil Axelsson\"\n            data-speakercell=\"Bertil Axelsson\"\n            data-info=\"&lt;b&gt;Moderatorer: &lt;\/b&gt;Marie-Louise Ekestr\u00f6m&lt;br&gt;&lt;br&gt;                  &lt;p&gt; &lt;\/p&gt;                  &lt;div&gt;                   &lt;div&gt;                    &lt;div&gt;                     &lt;div&gt;                      &lt;p&gt;&lt;span style=&quot;font-weight: bold;&quot;&gt;3d. Team i glesbygd&lt;\/span&gt;&lt;br&gt;&lt;span style=&quot;font-style: italic;&quot;&gt; Bertil Axelsson, leg la?k, professor&amp;nbsp;&lt;\/span&gt;&lt;\/p&gt;                     &lt;\/div&gt;                    &lt;\/div&gt;                   &lt;\/div&gt;                  &lt;\/div&gt;                 &lt;br&gt;&lt;br&gt;\"\n            data-category=\"\"\n            data-category-ids=\"\"\n            data-span-all=\"\"\n                      >\n\n            <div class=\"event_content\">\n              <div class=\"title\">\n                                <span>3d. Team i glesbygd<\/span>\n              <\/div>\n              <div class=\"span_room\"><span><\/span><\/div>\n              <div class=\"time\">\n                <span>\n                  11:20-12:00                <\/span><\/div>\n\n              <div class=\"lecturer\"><span>Bertil Axelsson<\/span><\/div>\n            <\/div>\n\n\n            \n          <\/div>\n\n      \n          <div class=\"event \"\n            data-id=\"1033\"\n            data-project=\"project_357_2018_01_23\"\n            data-title=\"4d. Hicka, kla?da, rethosta\"\n            data-abs-nbr=\"\"\n            data-ystart=\"11.333333333333\"\n            data-yend=\"12\"\n            data-time=\"11:20-12:00\"\n            data-room=\"2\"\n            data-room-id=\"1004\"\n            data-room-name=\"Sal B\"\n            data-day=\"1\"\n            data-abs-path=\"\/abs\/1033.pdf\"\n            data-speaker=\"Jonas Bergstr\u00f6m\"\n            data-speakercell=\"Jonas Bergstr\u00f6m\"\n            data-info=\"&lt;b&gt;Moderatorer: &lt;\/b&gt;Staffan Lundstr\u00f6m&lt;br&gt;&lt;br&gt;                  &lt;p&gt; &lt;\/p&gt;                  &lt;div&gt;                   &lt;div&gt;                    &lt;div&gt;                     &lt;div&gt;                      &lt;p&gt;&lt;span style=&quot;font-weight: bold;&quot;&gt;4d. Hicka, kla?da, rethosta&lt;\/span&gt; &lt;br&gt;&lt;span style=&quot;font-style: italic;&quot;&gt;Jonas Bergstro?m, leg la?k&lt;\/span&gt;&amp;nbsp;&lt;\/p&gt;                     &lt;\/div&gt;                    &lt;\/div&gt;                   &lt;\/div&gt;                  &lt;\/div&gt;                 &lt;br&gt;&lt;br&gt;\"\n            data-category=\"\"\n            data-category-ids=\"\"\n            data-span-all=\"\"\n                      >\n\n            <div class=\"event_content\">\n              <div class=\"title\">\n                                <span>4d. Hicka, kla?da, rethosta<\/span>\n              <\/div>\n              <div class=\"span_room\"><span><\/span><\/div>\n              <div class=\"time\">\n                <span>\n                  11:20-12:00                <\/span><\/div>\n\n              <div class=\"lecturer\"><span>Jonas Bergstr\u00f6m<\/span><\/div>\n            <\/div>\n\n\n            \n          <\/div>\n\n      \n          <div class=\"event \"\n            data-id=\"1034\"\n            data-project=\"project_357_2018_01_23\"\n            data-title=\"5d. Massage och Medi-Yoga Workshop\"\n            data-abs-nbr=\"\"\n            data-ystart=\"11.333333333333\"\n            data-yend=\"12\"\n            data-time=\"11:20-12:00\"\n            data-room=\"3\"\n            data-room-id=\"1005\"\n            data-room-name=\"Sal 203+204\"\n            data-day=\"1\"\n            data-abs-path=\"\/abs\/1034.pdf\"\n            data-speaker=\"Berit  Seiger Cronfalk; Sanna Jonsson\"\n            data-speakercell=\"Berit  Seiger Cronfalk; Sanna Jonsson\"\n            data-info=\"&lt;b&gt;Moderatorer: &lt;\/b&gt;Ida Kekonius&lt;br&gt;&lt;br&gt;                  &lt;p&gt; &lt;\/p&gt;                  &lt;div&gt;                   &lt;div&gt;                    &lt;div&gt;                     &lt;div&gt;                      &lt;p&gt;&lt;span style=&quot;font-weight: bold;&quot;&gt;5d. Massage och Medi-Yoga Workshop&lt;\/span&gt;&lt;br&gt;&lt;span style=&quot;font-style: italic;&quot;&gt; Berit Seiger Cronfalk, Docent &lt;br&gt;Sanna Jonsson, leg fys ter&amp;nbsp;&lt;\/span&gt;&lt;\/p&gt;                     &lt;\/div&gt;                    &lt;\/div&gt;                   &lt;\/div&gt;                  &lt;\/div&gt;                 &lt;br&gt;&lt;br&gt;\"\n            data-category=\"\"\n            data-category-ids=\"\"\n            data-span-all=\"\"\n                      >\n\n            <div class=\"event_content\">\n              <div class=\"title\">\n                                <span>5d. Massage och Medi-Yoga Workshop<\/span>\n              <\/div>\n              <div class=\"span_room\"><span><\/span><\/div>\n              <div class=\"time\">\n                <span>\n                  11:20-12:00                <\/span><\/div>\n\n              <div class=\"lecturer\"><span>Berit  Seiger Cronfalk; Sanna Jonsson<\/span><\/div>\n            <\/div>\n\n\n            \n          <\/div>\n\n      \n          <div class=\"event \"\n            data-id=\"1035\"\n            data-project=\"project_357_2018_01_23\"\n            data-title=\"6c. Palliativ va?rd och omva?rdnad vid demens??\"\n            data-abs-nbr=\"\"\n            data-ystart=\"11.333333333333\"\n            data-yend=\"12\"\n            data-time=\"11:20-12:00\"\n            data-room=\"5\"\n            data-room-id=\"1007\"\n            data-room-name=\"Sal C\"\n            data-day=\"1\"\n            data-abs-path=\"\/abs\/1035.pdf\"\n            data-speaker=\"Jonas Olofsson; Johan Sundel\u00f6f\"\n            data-speakercell=\"Jonas Olofsson; Johan Sundel\u00f6f\"\n            data-info=\"&lt;b&gt;Moderatorer: &lt;\/b&gt;Jane \u00d6sterlind&lt;br&gt;&lt;br&gt;                  &lt;p&gt; &lt;\/p&gt;                  &lt;div&gt;                   &lt;div&gt;                    &lt;div&gt;                     &lt;div&gt;                      &lt;p&gt;&lt;span style=&quot;font-weight: bold;&quot;&gt;6c. Palliativ va?rd och omva?rdnad vid demens&lt;\/span&gt;&lt;br&gt;&lt;span style=&quot;font-style: italic;&quot;&gt; Jonas Olofsson, leg ssk&lt;br&gt; Johan Sundelo?f, leg la?k, med dr&amp;nbsp;&lt;\/span&gt;&lt;\/p&gt;                     &lt;\/div&gt;                    &lt;\/div&gt;                   &lt;\/div&gt;                  &lt;\/div&gt;                 &lt;br&gt;&lt;br&gt;\"\n            data-category=\"\"\n            data-category-ids=\"\"\n            data-span-all=\"\"\n                      >\n\n            <div class=\"event_content\">\n              <div class=\"title\">\n                                <span>6c. Palliativ va?rd och omva?rdnad vid demens??<\/span>\n              <\/div>\n              <div class=\"span_room\"><span><\/span><\/div>\n              <div class=\"time\">\n                <span>\n                  11:20-12:00                <\/span><\/div>\n\n              <div class=\"lecturer\"><span>Jonas Olofsson; Johan Sundel\u00f6f<\/span><\/div>\n            <\/div>\n\n\n            \n          <\/div>\n\n      \n          <div class=\"event \"\n            data-id=\"1030\"\n            data-project=\"project_357_2018_01_23\"\n            data-title=\"1e. Sa? vill jag ha det i livets slutskede - om Advance Care Planning\"\n            data-abs-nbr=\"\"\n            data-ystart=\"11.333333333333\"\n            data-yend=\"12\"\n            data-time=\"11:20-12:00\"\n            data-room=\"1\"\n            data-room-id=\"1003\"\n            data-room-name=\"Sal A\"\n            data-day=\"1\"\n            data-abs-path=\"\/abs\/1030.pdf\"\n            data-speaker=\"\"\n            data-speakercell=\"\"\n            data-info=\"&lt;b&gt;Moderatorer: &lt;\/b&gt;Inger Fridegren&lt;br&gt;&lt;br&gt;                 &lt;p&gt; &lt;\/p&gt;                 &lt;div&gt;                   &lt;div&gt;                    &lt;div&gt;                     &lt;div&gt;                      &lt;p&gt;&lt;span style=&quot;font-weight: bold;&quot;&gt;1e. Sa? vill jag ha det i livets slutskede - omAdvance Care Planning&lt;\/span&gt;&lt;br&gt;&lt;span style=&quot;font-style: italic;&quot;&gt;TBD&lt;\/span&gt;&amp;nbsp;&lt;\/p&gt;                     &lt;\/div&gt;                    &lt;\/div&gt;                   &lt;\/div&gt;                  &lt;\/div&gt;                &lt;br&gt;&lt;br&gt;\"\n            data-category=\"\"\n            data-category-ids=\"\"\n            data-span-all=\"\"\n                      >\n\n            <div class=\"event_content\">\n              <div class=\"title\">\n                                <span>1e. Sa? vill jag ha det i livets slutskede - om Advance Care Planning<\/span>\n              <\/div>\n              <div class=\"span_room\"><span><\/span><\/div>\n              <div class=\"time\">\n                <span>\n                  11:20-12:00                <\/span><\/div>\n\n              \n            <\/div>\n\n\n            \n          <\/div>\n\n      \n          <div class=\"event \"\n            data-id=\"1043\"\n            data-project=\"project_357_2018_01_23\"\n            data-title=\"5e. Fysioterapeutens och arbetsterapeutens arbete inom palliativ va?rd\"\n            data-abs-nbr=\"\"\n            data-ystart=\"12.166666666667\"\n            data-yend=\"13\"\n            data-time=\"12:10-13:00\"\n            data-room=\"3\"\n            data-room-id=\"1005\"\n            data-room-name=\"Sal 203+204\"\n            data-day=\"1\"\n            data-abs-path=\"\/abs\/1043.pdf\"\n            data-speaker=\"Emma Karlsson; Sofia Jarlbring\"\n            data-speakercell=\"Emma Karlsson; Sofia Jarlbring\"\n            data-info=\"&lt;b&gt;Moderatorer: &lt;\/b&gt;Ida Kekonius&lt;br&gt;&lt;br&gt;                  &lt;p&gt; &lt;\/p&gt;                  &lt;div&gt;                   &lt;div&gt;                    &lt;div&gt;                     &lt;div&gt;                      &lt;p&gt;&lt;span style=&quot;font-weight: bold;&quot;&gt;5e. Fysioterapeutens och arbetsterapeutens arbete inom palliativ va?rd&lt;\/span&gt;&lt;br&gt;&lt;span style=&quot;font-style: italic;&quot;&gt; Emma Karlsson, leg arb ter &lt;br&gt;Sofia Jarlbring, leg fys ter&lt;\/span&gt;&amp;nbsp;&lt;\/p&gt;                     &lt;\/div&gt;                    &lt;\/div&gt;                   &lt;\/div&gt;                  &lt;\/div&gt;                 &lt;br&gt;&lt;br&gt;\"\n            data-category=\"\"\n            data-category-ids=\"\"\n            data-span-all=\"\"\n                      >\n\n            <div class=\"event_content\">\n              <div class=\"title\">\n                                <span>5e. Fysioterapeutens och arbetsterapeutens arbete inom palliativ va?rd<\/span>\n              <\/div>\n              <div class=\"span_room\"><span><\/span><\/div>\n              <div class=\"time\">\n                <span>\n                  12:10-13:00                <\/span><\/div>\n\n              <div class=\"lecturer\"><span>Emma Karlsson; Sofia Jarlbring<\/span><\/div>\n            <\/div>\n\n\n            \n          <\/div>\n\n      \n          <div class=\"event \"\n            data-id=\"1045\"\n            data-project=\"project_357_2018_01_23\"\n            data-title=\"6e. Sva?righeter i palliativ va?rd vid hja?rtsvikt\"\n            data-abs-nbr=\"\"\n            data-ystart=\"12.166666666667\"\n            data-yend=\"13\"\n            data-time=\"12:10-13:00\"\n            data-room=\"5\"\n            data-room-id=\"1007\"\n            data-room-name=\"Sal C\"\n            data-day=\"1\"\n            data-abs-path=\"\/abs\/1045.pdf\"\n            data-speaker=\"Gunnar Carlgren\"\n            data-speakercell=\"Gunnar Carlgren\"\n            data-info=\"&lt;b&gt;Moderatorer: &lt;\/b&gt;Jane \u00d6sterlind&lt;br&gt;&lt;br&gt;                  &lt;p&gt; &lt;\/p&gt;                  &lt;div&gt;                   &lt;div&gt;                    &lt;div&gt;                     &lt;div&gt;                      &lt;p&gt;&lt;span style=&quot;font-weight: bold;&quot;&gt;6e. Sva?righeter i palliativ va?rd vid hja?rtsvikt&lt;\/span&gt;&lt;br&gt;&lt;span style=&quot;font-style: italic;&quot;&gt;Gunnar Carlgren, leg la?k&lt;\/span&gt;&amp;nbsp;&lt;\/p&gt;                     &lt;\/div&gt;                    &lt;\/div&gt;                   &lt;\/div&gt;                  &lt;\/div&gt;                 &lt;br&gt;&lt;br&gt;\"\n            data-category=\"\"\n            data-category-ids=\"\"\n            data-span-all=\"\"\n                      >\n\n            <div class=\"event_content\">\n              <div class=\"title\">\n                                <span>6e. Sva?righeter i palliativ va?rd vid hja?rtsvikt<\/span>\n              <\/div>\n              <div class=\"span_room\"><span><\/span><\/div>\n              <div class=\"time\">\n                <span>\n                  12:10-13:00                <\/span><\/div>\n\n              <div class=\"lecturer\"><span>Gunnar Carlgren<\/span><\/div>\n            <\/div>\n\n\n            \n          <\/div>\n\n      \n          <div class=\"event \"\n            data-id=\"1044\"\n            data-project=\"project_357_2018_01_23\"\n            data-title=\"6d. La?gdos Metadon vid sva?r sma?rta: funkar det och hur go?r man?\"\n            data-abs-nbr=\"\"\n            data-ystart=\"12.166666666667\"\n            data-yend=\"13\"\n            data-time=\"12:10-13:00\"\n            data-room=\"5\"\n            data-room-id=\"1007\"\n            data-room-name=\"Sal C\"\n            data-day=\"1\"\n            data-abs-path=\"\/abs\/1044.pdf\"\n            data-speaker=\"Per F\u00fcrst\"\n            data-speakercell=\"Per F\u00fcrst\"\n            data-info=\"&lt;b&gt;Moderatorer: &lt;\/b&gt;Jane \u00d6sterlind&lt;br&gt;&lt;br&gt;                  &lt;p&gt; &lt;\/p&gt;                  &lt;div&gt;                   &lt;div&gt;                    &lt;div&gt;                     &lt;div&gt;                      &lt;p&gt;&lt;span style=&quot;font-weight: bold;&quot;&gt;6d. La?gdos Metadon vid sva?r sma?rta: funkar det och hur go?r man?&lt;\/span&gt;&lt;br&gt;&lt;span style=&quot;font-style: italic;&quot;&gt; Per Fu?rst, leg la?k&lt;\/span&gt;&lt;br&gt; &lt;\/p&gt;                     &lt;\/div&gt;                    &lt;\/div&gt;                   &lt;\/div&gt;                  &lt;\/div&gt;                 &lt;br&gt;&lt;br&gt;\"\n            data-category=\"\"\n            data-category-ids=\"\"\n            data-span-all=\"\"\n                      >\n\n            <div class=\"event_content\">\n              <div class=\"title\">\n                                <span>6d. La?gdos Metadon vid sva?r sma?rta: funkar det och hur go?r man?<\/span>\n              <\/div>\n              <div class=\"span_room\"><span><\/span><\/div>\n              <div class=\"time\">\n                <span>\n                  12:10-13:00                <\/span><\/div>\n\n              <div class=\"lecturer\"><span>Per F\u00fcrst<\/span><\/div>\n            <\/div>\n\n\n            \n          <\/div>\n\n      \n          <div class=\"event \"\n            data-id=\"1040\"\n            data-project=\"project_357_2018_01_23\"\n            data-title=\"3f. Att sa?tta fa?rg pa? va?rden\"\n            data-abs-nbr=\"\"\n            data-ystart=\"12.166666666667\"\n            data-yend=\"13\"\n            data-time=\"12:10-13:00\"\n            data-room=\"4\"\n            data-room-id=\"1006\"\n            data-room-name=\"Sal 201\"\n            data-day=\"1\"\n            data-abs-path=\"\/abs\/1040.pdf\"\n            data-speaker=\"Marion Englaborn\"\n            data-speakercell=\"Marion Englaborn\"\n            data-info=\"&lt;b&gt;Moderatorer: &lt;\/b&gt;Marie-Louise Ekestr\u00f6m&lt;br&gt;&lt;br&gt;                  &lt;p&gt; &lt;\/p&gt;                  &lt;div&gt;                   &lt;div&gt;                    &lt;div&gt;                     &lt;div&gt;                      &lt;p&gt;&lt;span style=&quot;font-weight: bold;&quot;&gt;3f. Att sa?tta fa?rg pa? va?rden&lt;\/span&gt; &lt;br&gt;&lt;span style=&quot;font-style: italic;&quot;&gt;Marion Englaborn, usk&lt;\/span&gt;&amp;nbsp;&lt;\/p&gt;                     &lt;\/div&gt;                    &lt;\/div&gt;                   &lt;\/div&gt;                  &lt;\/div&gt;                 &lt;br&gt;&lt;br&gt;\"\n            data-category=\"\"\n            data-category-ids=\"\"\n            data-span-all=\"\"\n                      >\n\n            <div class=\"event_content\">\n              <div class=\"title\">\n                                <span>3f. Att sa?tta fa?rg pa? va?rden<\/span>\n              <\/div>\n              <div class=\"span_room\"><span><\/span><\/div>\n              <div class=\"time\">\n                <span>\n                  12:10-13:00                <\/span><\/div>\n\n              <div class=\"lecturer\"><span>Marion Englaborn<\/span><\/div>\n            <\/div>\n\n\n            \n          <\/div>\n\n      \n          <div class=\"event \"\n            data-id=\"1042\"\n            data-project=\"project_357_2018_01_23\"\n            data-title=\"4f. Fo?rstoppning - hur kan vi hja?lpa?\"\n            data-abs-nbr=\"\"\n            data-ystart=\"12.166666666667\"\n            data-yend=\"13\"\n            data-time=\"12:10-13:00\"\n            data-room=\"2\"\n            data-room-id=\"1004\"\n            data-room-name=\"Sal B\"\n            data-day=\"1\"\n            data-abs-path=\"\/abs\/1042.pdf\"\n            data-speaker=\"Margareta \u00d6str\u00f6m\"\n            data-speakercell=\"Margareta \u00d6str\u00f6m\"\n            data-info=\"&lt;b&gt;Moderatorer: &lt;\/b&gt;Staffan Lundstr\u00f6m&lt;br&gt;&lt;br&gt;                  &lt;p&gt; &lt;\/p&gt;                  &lt;div&gt;                   &lt;div&gt;                    &lt;div&gt;                     &lt;div&gt;                      &lt;p&gt;&lt;span style=&quot;font-weight: bold;&quot;&gt;4f. Fo?rstoppning - hur kan vi hja?lpa?&lt;\/span&gt;&lt;br&gt;&lt;span style=&quot;font-style: italic;&quot;&gt; Margareta O?stro?m, leg ssk&lt;\/span&gt;&amp;nbsp;&lt;\/p&gt;                     &lt;\/div&gt;                    &lt;\/div&gt;                   &lt;\/div&gt;                  &lt;\/div&gt;                 &lt;br&gt;&lt;br&gt;\"\n            data-category=\"\"\n            data-category-ids=\"\"\n            data-span-all=\"\"\n                      >\n\n            <div class=\"event_content\">\n              <div class=\"title\">\n                                <span>4f. Fo?rstoppning - hur kan vi hja?lpa?<\/span>\n              <\/div>\n              <div class=\"span_room\"><span><\/span><\/div>\n              <div class=\"time\">\n                <span>\n                  12:10-13:00                <\/span><\/div>\n\n              <div class=\"lecturer\"><span>Margareta \u00d6str\u00f6m<\/span><\/div>\n            <\/div>\n\n\n            \n          <\/div>\n\n      \n          <div class=\"event \"\n            data-id=\"1041\"\n            data-project=\"project_357_2018_01_23\"\n            data-title=\"4e. Fo?rstoppning och opioidinducerad fo?rstoppning - vad a?r nytt?\"\n            data-abs-nbr=\"\"\n            data-ystart=\"12.166666666667\"\n            data-yend=\"13\"\n            data-time=\"12:10-13:00\"\n            data-room=\"2\"\n            data-room-id=\"1004\"\n            data-room-name=\"Sal B\"\n            data-day=\"1\"\n            data-abs-path=\"\/abs\/1041.pdf\"\n            data-speaker=\"Ann-Sofie  Jansson Rehnberg\"\n            data-speakercell=\"Ann-Sofie  Jansson Rehnberg\"\n            data-info=\"&lt;b&gt;Moderatorer: &lt;\/b&gt;Staffan Lundstr\u00f6m&lt;br&gt;&lt;br&gt;                  &lt;p&gt; &lt;\/p&gt;                  &lt;div&gt;                   &lt;div&gt;                    &lt;div&gt;                     &lt;div&gt;                      &lt;p&gt;&lt;span style=&quot;font-weight: bold;&quot;&gt;4e. Fo?rstoppning och opioidinducerad fo?rstoppning - vad a?r nytt?&lt;\/span&gt;&lt;br&gt;&lt;span style=&quot;font-style: italic;&quot;&gt; Ann-Sofie Jansson Rhenberg, leg la?k, med dr&lt;\/span&gt;&lt;br&gt; &lt;\/p&gt;                     &lt;\/div&gt;                    &lt;\/div&gt;                   &lt;\/div&gt;                  &lt;\/div&gt;                 &lt;br&gt;&lt;br&gt;\"\n            data-category=\"\"\n            data-category-ids=\"\"\n            data-span-all=\"\"\n                      >\n\n            <div class=\"event_content\">\n              <div class=\"title\">\n                                <span>4e. Fo?rstoppning och opioidinducerad fo?rstoppning - vad a?r nytt?<\/span>\n              <\/div>\n              <div class=\"span_room\"><span><\/span><\/div>\n              <div class=\"time\">\n                <span>\n                  12:10-13:00                <\/span><\/div>\n\n              <div class=\"lecturer\"><span>Ann-Sofie  Jansson Rehnberg<\/span><\/div>\n            <\/div>\n\n\n            \n          <\/div>\n\n      \n          <div class=\"event \"\n            data-id=\"1039\"\n            data-project=\"project_357_2018_01_23\"\n            data-title=\"3e. Ledarskap, team, teamsamverkan och upplevelser av mening inom palliativ va?rd\"\n            data-abs-nbr=\"\"\n            data-ystart=\"12.166666666667\"\n            data-yend=\"13\"\n            data-time=\"12:10-13:00\"\n            data-room=\"4\"\n            data-room-id=\"1006\"\n            data-room-name=\"Sal 201\"\n            data-day=\"1\"\n            data-abs-path=\"\/abs\/1039.pdf\"\n            data-speaker=\"Gunilla Johansson\"\n            data-speakercell=\"Gunilla Johansson\"\n            data-info=\"&lt;b&gt;Moderatorer: &lt;\/b&gt;Marie-Louise Ekestr\u00f6m&lt;br&gt;&lt;br&gt;                  &lt;p&gt; &lt;\/p&gt;                  &lt;div&gt;                   &lt;div&gt;                    &lt;div&gt;                     &lt;div&gt;                      &lt;p&gt;&lt;span style=&quot;font-weight: bold;&quot;&gt;3e. Ledarskap, team, teamsamverkan och upplevelser av mening inom palliativ va?rd&lt;\/span&gt;&lt;br&gt;&lt;span style=&quot;font-style: italic;&quot;&gt; Gunilla Johansson, leg ssk, med dr&amp;nbsp;&lt;\/span&gt;&lt;\/p&gt;                     &lt;\/div&gt;                    &lt;\/div&gt;                   &lt;\/div&gt;                  &lt;\/div&gt;                 &lt;br&gt;&lt;br&gt;\"\n            data-category=\"\"\n            data-category-ids=\"\"\n            data-span-all=\"\"\n                      >\n\n            <div class=\"event_content\">\n              <div class=\"title\">\n                                <span>3e. Ledarskap, team, teamsamverkan och upplevelser av mening inom palliativ va?rd<\/span>\n              <\/div>\n              <div class=\"span_room\"><span><\/span><\/div>\n              <div class=\"time\">\n                <span>\n                  12:10-13:00                <\/span><\/div>\n\n              <div class=\"lecturer\"><span>Gunilla Johansson<\/span><\/div>\n            <\/div>\n\n\n            \n          <\/div>\n\n      \n          <div class=\"event \"\n            data-id=\"1038\"\n            data-project=\"project_357_2018_01_23\"\n            data-title=\"2f. Fo?ra?ldrar som mist barn\"\n            data-abs-nbr=\"\"\n            data-ystart=\"12.166666666667\"\n            data-yend=\"13\"\n            data-time=\"12:10-13:00\"\n            data-room=\"6\"\n            data-room-id=\"1008\"\n            data-room-name=\"Sal 202\"\n            data-day=\"1\"\n            data-abs-path=\"\/abs\/1038.pdf\"\n            data-speaker=\"Lilian Pohlkamp\"\n            data-speakercell=\"Lilian Pohlkamp\"\n            data-info=\"&lt;b&gt;Moderatorer: &lt;\/b&gt;Ulrika Kreicbergs&lt;br&gt;&lt;br&gt;                  &lt;p&gt; &lt;\/p&gt;                  &lt;div&gt;                   &lt;div&gt;                    &lt;div&gt;                     &lt;div&gt;                      &lt;p&gt;&lt;span style=&quot;font-weight: bold;&quot;&gt;2f. Fo?ra?ldrar som mist barn&lt;\/span&gt; &lt;br&gt;&lt;span style=&quot;font-style: italic;&quot;&gt;Lilian Pohlkamp, leg ssk, leg psykoterapeut&amp;nbsp;&lt;\/span&gt;&lt;\/p&gt;                     &lt;\/div&gt;                    &lt;\/div&gt;                   &lt;\/div&gt;                  &lt;\/div&gt;                 &lt;br&gt;&lt;br&gt;\"\n            data-category=\"\"\n            data-category-ids=\"\"\n            data-span-all=\"\"\n                      >\n\n            <div class=\"event_content\">\n              <div class=\"title\">\n                                <span>2f. Fo?ra?ldrar som mist barn<\/span>\n              <\/div>\n              <div class=\"span_room\"><span><\/span><\/div>\n              <div class=\"time\">\n                <span>\n                  12:10-13:00                <\/span><\/div>\n\n              <div class=\"lecturer\"><span>Lilian Pohlkamp<\/span><\/div>\n            <\/div>\n\n\n            \n          <\/div>\n\n      \n          <div class=\"event \"\n            data-id=\"1037\"\n            data-project=\"project_357_2018_01_23\"\n            data-title=\"2e. Att mista en na?ra person\"\n            data-abs-nbr=\"\"\n            data-ystart=\"12.166666666667\"\n            data-yend=\"13\"\n            data-time=\"12:10-13:00\"\n            data-room=\"6\"\n            data-room-id=\"1008\"\n            data-room-name=\"Sal 202\"\n            data-day=\"1\"\n            data-abs-path=\"\/abs\/1037.pdf\"\n            data-speaker=\"Maria Liljeroos\"\n            data-speakercell=\"Maria Liljeroos\"\n            data-info=\"&lt;b&gt;Moderatorer: &lt;\/b&gt;Ulrika Kreicbergs&lt;br&gt;&lt;br&gt;                  &lt;p&gt; &lt;\/p&gt;                  &lt;div&gt;                   &lt;div&gt;                    &lt;div&gt;                     &lt;div&gt;                      &lt;p&gt;&lt;span style=&quot;font-weight: bold;&quot;&gt;2e. Att mista en na?ra person&lt;\/span&gt; &lt;br&gt;&lt;span style=&quot;font-style: italic;&quot;&gt;Maria Liljeroos, leg ssk, med dr&lt;\/span&gt;&amp;nbsp;&lt;\/p&gt;                     &lt;\/div&gt;                    &lt;\/div&gt;                   &lt;\/div&gt;                  &lt;\/div&gt;                 &lt;br&gt;&lt;br&gt;\"\n            data-category=\"\"\n            data-category-ids=\"\"\n            data-span-all=\"\"\n                      >\n\n            <div class=\"event_content\">\n              <div class=\"title\">\n                                <span>2e. Att mista en na?ra person<\/span>\n              <\/div>\n              <div class=\"span_room\"><span><\/span><\/div>\n              <div class=\"time\">\n                <span>\n                  12:10-13:00                <\/span><\/div>\n\n              <div class=\"lecturer\"><span>Maria Liljeroos<\/span><\/div>\n            <\/div>\n\n\n            \n          <\/div>\n\n      \n          <div class=\"event \"\n            data-id=\"1036\"\n            data-project=\"project_357_2018_01_23\"\n            data-title=\"1f. Hur blir man en ba?ttre samtalspartner?\"\n            data-abs-nbr=\"\"\n            data-ystart=\"12.166666666667\"\n            data-yend=\"13\"\n            data-time=\"12:10-13:00\"\n            data-room=\"1\"\n            data-room-id=\"1003\"\n            data-room-name=\"Sal A\"\n            data-day=\"1\"\n            data-abs-path=\"\/abs\/1036.pdf\"\n            data-speaker=\"Bibbi Sj\u00f6gren; Birgitta Lundborg\"\n            data-speakercell=\"Bibbi Sj\u00f6gren; Birgitta Lundborg\"\n            data-info=\"&lt;b&gt;Moderatorer: &lt;\/b&gt;Inger Fridegren&lt;br&gt;&lt;br&gt;                  &lt;p&gt; &lt;\/p&gt;                  &lt;div&gt;                   &lt;div&gt;                    &lt;div&gt;                     &lt;div&gt;                      &lt;p&gt;&lt;span style=&quot;font-weight: bold;&quot;&gt;1f. Hur blir man en ba?ttre samtalspartner?&lt;\/span&gt; &lt;br&gt;&lt;span style=&quot;font-style: italic;&quot;&gt;Bibbi Sjo?gren, leg sjuksko?terska, la?rare &lt;br&gt;Birgitta Lundborg, la?rare&lt;\/span&gt;&amp;nbsp;&lt;\/p&gt;                     &lt;\/div&gt;                    &lt;\/div&gt;                   &lt;\/div&gt;                  &lt;\/div&gt;                 &lt;br&gt;&lt;br&gt;\"\n            data-category=\"\"\n            data-category-ids=\"\"\n            data-span-all=\"\"\n                      >\n\n            <div class=\"event_content\">\n              <div class=\"title\">\n                                <span>1f. Hur blir man en ba?ttre samtalspartner?<\/span>\n              <\/div>\n              <div class=\"span_room\"><span><\/span><\/div>\n              <div class=\"time\">\n                <span>\n                  12:10-13:00                <\/span><\/div>\n\n              <div class=\"lecturer\"><span>Bibbi Sj\u00f6gren; Birgitta Lundborg<\/span><\/div>\n            <\/div>\n\n\n            \n          <\/div>\n\n      \n          <div class=\"event \"\n            data-id=\"1050\"\n            data-project=\"project_357_2018_01_23\"\n            data-title=\"Lunch och beso?k hos va?ra utsta?llare\"\n            data-abs-nbr=\"\"\n            data-ystart=\"13\"\n            data-yend=\"14\"\n            data-time=\"13:00-14:00\"\n            data-room=\"7\"\n            data-room-id=\"1009\"\n            data-room-name=\"Utst\u00e4llningshallen\"\n            data-day=\"1\"\n            data-abs-path=\"\"\n            data-speaker=\"\"\n            data-speakercell=\"\"\n            data-info=\"\"\n            data-category=\"\"\n            data-category-ids=\"\"\n            data-span-all=\"\"\n                      >\n\n            <div class=\"event_content\">\n              <div class=\"title\">\n                                <span>Lunch och beso?k hos va?ra utsta?llare<\/span>\n              <\/div>\n              <div class=\"span_room\"><span><\/span><\/div>\n              <div class=\"time\">\n                <span>\n                  13:00-14:00                <\/span><\/div>\n\n              \n            <\/div>\n\n\n            \n          <\/div>\n\n      \n          <div class=\"event \"\n            data-id=\"1048\"\n            data-project=\"project_357_2018_01_23\"\n            data-title=\"Plenum\"\n            data-abs-nbr=\"\"\n            data-ystart=\"14\"\n            data-yend=\"15.5\"\n            data-time=\"14:00-15:30\"\n            data-room=\"0\"\n            data-room-id=\"1002\"\n            data-room-name=\"Plenum\"\n            data-day=\"1\"\n            data-abs-path=\"\"\n            data-speaker=\"Staffan Lundstr\u00f6m; Georg Engel; Karin Thal\u00e9n; Inger Fridegren; Per Nilsson\"\n            data-speakercell=\"Staffan Lundstr\u00f6m; Georg Engel; Karin Thal\u00e9n; Inger Fridegren; Per Nilsson\"\n            data-info=\"&lt;b&gt;Moderatorer: &lt;\/b&gt;Peter  Strang&lt;br&gt;&lt;br&gt;                  &lt;p&gt; &lt;\/p&gt;                  &lt;div&gt;                   &lt;div&gt;                    &lt;div&gt;                     &lt;div&gt;                      &lt;p&gt;&lt;span style=&quot;font-weight: bold;&quot;&gt;Diplomering av sjuksko?terskor inom palliativ omva?rdnad &lt;\/span&gt;&lt;\/p&gt;                      &lt;p&gt;&lt;span style=&quot;font-weight: bold;&quot;&gt;Vad har vi gjort och vart a?r vi pa? va?g.... &lt;\/span&gt;&lt;br&gt;&lt;span style=&quot;font-style: italic;&quot;&gt;Staffan Lundstro?m, leg la?k, docent &lt;\/span&gt;&lt;\/p&gt;                      &lt;p&gt;&lt;span style=&quot;font-weight: bold;&quot;&gt;Span pa? framtida Palliativ va?rd &lt;\/span&gt;&lt;br&gt;&lt;span style=&quot;font-style: italic;&quot;&gt;Georg Engel, leg la?k, med dr &lt;\/span&gt;&lt;\/p&gt;                      &lt;p&gt;&lt;span style=&quot;font-weight: bold;&quot;&gt;O?verla?mning&lt;\/span&gt; &lt;br&gt;&lt;span style=&quot;font-style: italic;&quot;&gt;Karin Thale?n, Inger Fridegren och Per Nilsson&amp;nbsp;&lt;\/span&gt;&lt;\/p&gt;                     &lt;\/div&gt;                    &lt;\/div&gt;                   &lt;\/div&gt;                  &lt;\/div&gt;                 &lt;br&gt;&lt;br&gt;\"\n            data-category=\"\"\n            data-category-ids=\"\"\n            data-span-all=\"\"\n                      >\n\n            <div class=\"event_content\">\n              <div class=\"title\">\n                                <span>Plenum<\/span>\n              <\/div>\n              <div class=\"span_room\"><span><\/span><\/div>\n              <div class=\"time\">\n                <span>\n                  14:00-15:30                <\/span><\/div>\n\n              <div class=\"lecturer\"><span>Staffan Lundstr\u00f6m; Georg Engel; Karin Thal\u00e9n; Inger Fridegren; Per Nilsson<\/span><\/div>\n            <\/div>\n\n\n            \n          <\/div>\n\n      \n      <div id=\"eventInfo\" class=\"modal fade bs-example-modal-lg\" tabindex=\"-1\" role=\"dialog\" style=\"font-size: medium; line-height: normal; text-transform: none;\">\n        <div class=\"modal-dialog\">\n          <div class=\"modal-content\">\n            <div class=\"modal-header\">\n              <button type=\"button\" class=\"close\" data-dismiss=\"modal\" aria-label=\"Close\">\n                <span aria-hidden=\"true\">&times;<\/span><\/button>\n              <h4 class=\"modal-title\"><\/h4>\n            <\/div>\n            <div class=\"modal-body\">\n              <p class=\"modal-speaker\"><\/p>\n              <p class=\"modal-time\"><\/p>\n              <p class=\"modal-info\"><\/p>\n              <p id=\"modal-abs\"><\/p>\n              <p id=\"modal-abs-oldie\">\n                <span style=\"display: none;\">Du anv\u00e4nder en f\u00f6r\u00e5ldrar webbl\u00e4sare.<\/span>\n                <a id=\"abs-url-oldie\" target=\"_blank\" style=\"display: none;\">Klicka f\u00e4r f\u00f6r att l\u00e4sa bidraget<\/a>\n                <iframe id=\"abs-iframe-oldie\" width=\"100%\" height=\"300px\"><\/iframe>\n              <\/p>\n              <i id=\"modal-abs-spinner\" class=\"fa fa-spinner fa-spin\" aria-hidden=\"true\" style=\"display: none;\"><\/i>\n            <\/div>\n            <div class=\"modal-footer\">\n              <span style=\"text-align: left; float: left;\" class=\"modal-category\"><\/span>\n              <button type=\"button\" class=\"btn btn-default\" data-dismiss=\"modal\">St\u00e4ng<\/button>\n            <\/div>\n          <\/div><!-- \/.modal-content -->\n        <\/div><!-- \/.modal-dialog -->\n      <\/div><!-- \/.modal -->\n\n    <\/div>\n\n  <\/div>\n\n<\/p>\n","protected":false},"excerpt":{"rendered":"","protected":false},"author":1,"featured_media":0,"parent":0,"menu_order":0,"comment_status":"closed","ping_status":"closed","template":"page-template-blank.php","meta":{"_et_pb_use_builder":"","_et_pb_old_content":"","_et_gb_content_width":""},"_links":{"self":[{"href":"https:\/\/program.appinconf.com\/program\/wp-json\/wp\/v2\/pages\/363"}],"collection":[{"href":"https:\/\/program.appinconf.com\/program\/wp-json\/wp\/v2\/pages"}],"about":[{"href":"https:\/\/program.appinconf.com\/program\/wp-json\/wp\/v2\/types\/page"}],"author":[{"embeddable":true,"href":"https:\/\/program.appinconf.com\/program\/wp-json\/wp\/v2\/users\/1"}],"replies":[{"embeddable":true,"href":"https:\/\/program.appinconf.com\/program\/wp-json\/wp\/v2\/comments?post=363"}],"version-history":[{"count":3,"href":"https:\/\/program.appinconf.com\/program\/wp-json\/wp\/v2\/pages\/363\/revisions"}],"predecessor-version":[{"id":367,"href":"https:\/\/program.appinconf.com\/program\/wp-json\/wp\/v2\/pages\/363\/revisions\/367"}],"wp:attachment":[{"href":"https:\/\/program.appinconf.com\/program\/wp-json\/wp\/v2\/media?parent=363"}],"curies":[{"name":"wp","href":"https:\/\/api.w.org\/{rel}","templated":true}]}}