
{"id":537,"date":"2018-09-20T13:02:17","date_gmt":"2018-09-20T13:02:17","guid":{"rendered":"http:\/\/program.appinconf.com\/program\/?page_id=537"},"modified":"2019-03-25T09:23:26","modified_gmt":"2019-03-25T09:23:26","slug":"vattenstamman-2019","status":"publish","type":"page","link":"https:\/\/program.appinconf.com\/program\/vattenstamman-2019\/","title":{"rendered":"Vattenst\u00e4mman 2019"},"content":{"rendered":"<p>[et_pb_section bb_built=&#8221;1&#8243; _builder_version=&#8221;3.15&#8243; custom_padding=&#8221;20px|0px|8px|0px&#8221; background_color=&#8221;rgba(255,255,255,0)&#8221;][et_pb_row background_color=&#8221;#ffffff&#8221; background_repeat_1=&#8221;no-repeat&#8221; _builder_version=&#8221;3.15&#8243; custom_padding=&#8221;11px|0px|2px|0px&#8221; custom_width_px=&#8221;910px&#8221; custom_css_main_element=&#8221;max-width: 910px;&#8221;][et_pb_column type=&#8221;4_4&#8243;][et_pb_image _builder_version=&#8221;3.15&#8243; src=&#8221;https:\/\/appsinmed.com\/program\/wp-content\/uploads\/sites\/22\/2019\/03\/Header_Vattensta\u0308mman_NY-kranma\u0308rkt_1000px.jpg&#8221; border_radii=&#8221;on|10px|10px|10px|10px&#8221; always_center_on_mobile=&#8221;off&#8221; force_fullwidth=&#8221;on&#8221; \/][et_pb_text _builder_version=&#8221;3.15&#8243; custom_margin=&#8221;10px|10px|10px|10px&#8221; border_style=&#8221;solid&#8221; text_orientation=&#8221;center&#8221;]<\/p>\n<div>\n<p>Prelimin\u00e4rt program f\u00f6r Vattenst\u00e4mman 2019.<br \/>\nKlicka p\u00e5 aktuell dag och sedan p\u00e5 programpunkten f\u00f6r ytterligare information. Programmet uppdateras kontinuerligt.<\/p>\n<\/div>\n<p>[\/et_pb_text][\/et_pb_column][\/et_pb_row][et_pb_row _builder_version=&#8221;3.15&#8243; custom_css_main_element=&#8221;max-width: 910px;&#8221;][et_pb_column type=&#8221;4_4&#8243;][et_pb_text _builder_version=&#8221;3.15&#8243;]<\/p>\n<div style=\"max-width: 100%;\">\n<script type=\"text\/javascript\">\n    var allRooms = JSON.parse('[{\"name\":\"-Ej specificerad-\",\"id\":-1},{\"name\":\"Conventum Kongress\",\"id\":1002},{\"name\":\"Club 700\",\"id\":1003},{\"name\":\"Handskmakaren\",\"id\":1004},{\"name\":\"Studion\",\"id\":1005},{\"name\":\"Forum\",\"id\":1006},{\"name\":\"Conventum Bankett\",\"id\":1007},{\"name\":\"N\\u00e4bben\",\"id\":1012}]');\n    var allCategories = JSON.parse('[{\"color\":\"#0092D5\",\"name\":\"F\\u00f6rel\\u00e4sning\",\"id\":1002},{\"color\":\"#80D689\",\"name\":\"Seminarie - Klimat\",\"id\":1006},{\"color\":\"#FFCC00\",\"name\":\"Seminarie - Digitalisering\\\/s\\u00e4kerhet\",\"id\":1007},{\"color\":\"#D64D49\",\"name\":\"Seminarie - Branschf\\u00f6retag\",\"id\":1008},{\"color\":\"#83C8ED\",\"name\":\"Seminarie - Kompetens\",\"id\":1009}]');\n  <\/script>\n\n  <script type=\"text\/javascript\">\n    var templateUrl = 'https:\/\/program.appinconf.com\/program\/wp-content\/plugins\/wordpress_plugin_schedule\/img\/';\n  <\/script>\n\n  <input type=\"hidden\" id=\"new_cms\" value=\"0\" \/>\n  <input type=\"hidden\" id=\"spanning_color\" value=\"#039cda\" \/>\n  <input type=\"hidden\" id=\"spanning_text_color\" value=\"#ffffff\" \/>\n  <input type=\"hidden\" id=\"list_as_default\" value=\"0\" \/>\n  <input type=\"hidden\" id=\"fetch_abstract\" value=\"\" \/>\n  <input type=\"hidden\" id=\"show_abs_nbr\" value=\"\" \/>\n  <input type=\"hidden\" id=\"use-auto-heights\" value=\"true\" \/>\n  <input id='base_path' type='hidden' value='https:\/\/program.appinconf.com\/program\/wp-content\/plugins\/wordpress_plugin_schedule' \/>\n  <input id='project' type='hidden' value='project_406_2018_09_20' \/>\n  <input id='lang' type='hidden' value='sv' \/>\n  <input id='show_link_to_abstract' type='hidden' value='0' \/>\n\n  <div id=\"plugin_main_container\" style='height: 2150px;'>\n\n    \n    <div id=\"type_filter_div\" style='display: none;'>\n      <div class=\"btn-group\" role=\"group\" aria-label=\"...\">\n        <button id=\"show_graph_schedule_button\" type=\"button\" class=\"btn btn-default selected_list_type\">\n          <i class=\"fa fa-calendar\" aria-hidden=\"true\"><\/i>\n        <\/button>\n        <button id=\"show_list_schedule_button\" type=\"button\" class=\"btn btn-default \">\n          <i class=\"fa fa-list\" aria-hidden=\"true\"><\/i>\n        <\/button>\n        <button id=\"list_program_button_print\" type=\"button\" class=\"btn btn-default\" style=\"display: none;\">\n          <i class=\"fa fa-print\" aria-hidden=\"true\"><\/i>\n        <\/button>\n      <\/div>\n      \n    <\/div>\n\n    <div id=\"personal_filter_div\" style='display: none;'>\n        <div id=\"email-input-group\" class=\"email-input-group input-group\">\n          <span class=\"input-group-addon\" id=\"sizing-addon2\">@<\/span>\n          <input id=\"list_filter_input\" type=\"email\" class=\"form-control\" placeholder=\"Ange din email eller bokningsnummer\" aria-describedby=\"sizing-addon2\">\n        <\/div>\n        <button id=\"list_filter_button\" class=\"btn btn-primary\">Visa mitt program<\/button>\n\n    <\/div>\n\n    <div id=\"personal_filter_user_information\" style=\"display: none;\">\n      <i class=\"fa fa-user fa-2x\" aria-hidden=\"true\"><\/i><span id=\"personal_information\"><\/span>\n      <button id=\"list_filter_button_print\" class=\"btn btn-success hide\"><i class=\"fa fa-print\" aria-hidden=\"true\"><\/i><\/button>\n      <button id=\"list_filter_button_reset\" class=\"btn btn-danger hide\">\u00c5terst\u00e4ll<\/button>\n    <\/div>\n\n    <div id=\"list_calendar_container\" style='display: none;'>\n\n      <div id=\"list_filter_alert_div_not_found\" class=\"alert alert-info hide\" role=\"alert\">\n          <span>\n            Anv\u00e4ndaren kunde inte hittas. Var god f\u00f6rs\u00f6k igen.          <\/span>\n      <\/div>\n\n      <div id=\"list_filter_alert_div_error\" class=\"alert alert-info hide\" role=\"alert\">\n          <span>\n            Det uppstod ett problem n\u00e4r ditt program skulle h\u00e4mtas. Var god f\u00f6rs\u00f6k igen.          <\/span>\n      <\/div>\n\n      <div id=\"list_calendar_container_inner\" style=\"height: 1980px;\">\n\n          <div class='list_header' data-day='0' style='background-color: rgba(32, 132, 196, 0.83); color: rgba(255, 255, 255, 1);'>Tisdag 14 maj<\/div>\n          <div class=\"box-wrapper\"\n              data-id=\"1003\">\n\n              <div class='time-header'>08:00<\/div>\n\n              <div class=\"box\"\n                data-id=\"1003\"\n                data-project=\"project_406_2018_09_20\"\n                data-title=\"Registrering: Entr\u00e9plan, Conventum Kongress\"\n                data-time=\"08:00-10:00\"\n                data-room=\"-Ej specificerad-\"\n                data-room-id=\"-1\"\n                data-room-name=\"-Ej specificerad-\"\n                data-day=\"0\"\n                data-abs-nbr=\"\"\n                data-abs-path=\"\"\n                data-speaker=\"\"\n                data-speakercell=\"\"\n                data-info=\"                  &lt;p&gt;Kaffe med fralla hos utst\u00e4llarna i Forum och utanf\u00f6r kongressalen&lt;\/p&gt;                  &lt;p&gt;V\u00e4lkommen att bes\u00f6ka utst\u00e4llningen!&amp;nbsp;&lt;\/p&gt;                 &lt;br&gt;&lt;br&gt;\"\n                data-category=\"\"\n                data-category-ids=\"\"\n                data-span-all=\"1\"\n              >\n\n              \n\n              <div class=\"vertical_bar\" style=\"background-color: rgba(255, 255, 255, 0);\"><\/div>\n              <div class=\"box_inner\">\n                                <span>Registrering: Entr\u00e9plan, Conventum Kongress<\/span>\n               <br>\n               \n               <div class=\"room_div \">\n                 <i class=\"list-room\">-Ej specificerad-<\/i>\n               <\/div>\n\n               <div class=\"name_time_div\">\n                <i class=\"list-time\" data-time=\"08:00\">08:00-10:00 - Tisdag 14 maj<\/i>\n               <\/div>\n              <\/div>\n             <\/div>\n          <\/div>\n\n          \n          <div class=\"box-wrapper\"\n              data-id=\"1010\">\n\n              <div class='time-header'>10:00<\/div>\n\n              <div class=\"box\"\n                data-id=\"1010\"\n                data-project=\"project_406_2018_09_20\"\n                data-title=\"\\\"Var god dr\u00f6j \u2013 Strukturomvandling p\u00e5g\u00e5r\u2026\u201d\"\n                data-time=\"10:00-11:00\"\n                data-room=\"Conventum Kongress\"\n                data-room-id=\"1002\"\n                data-room-name=\"Conventum Kongress\"\n                data-day=\"0\"\n                data-abs-nbr=\"\"\n                data-abs-path=\"\"\n                data-speaker=\"Kenneth   Nilsson , Kommunstyrelseordf\u00f6rande \u00d6rebro; Johan Persson, Styrelseordf\u00f6rande, Svenskt Vatten; P\u00e4r  Dalhielm, VD, Svenskt Vatten\"\n                data-speakercell=\"Kenneth   Nilsson , Kommunstyrelseordf\u00f6rande \u00d6rebro; Johan Persson, Styrelseordf\u00f6rande, Svenskt Vatten; P\u00e4r  Dalhielm, VD, Svenskt Vatten\"\n                data-info=\"                  &lt;p&gt;Svenskt Vatten tillsammans med \u00d6rebro kommun\/Tekniska f\u00f6rvaltningen h\u00e4lsar v\u00e4lkommen till Vattenst\u00e4mman 2019.&lt;\/p&gt;                  &lt;p&gt;P\u00e4r Dalhielm, Om L\u00e4ge och Riktning i VA-branschen.&lt;br&gt;&lt;br&gt;&lt;\/p&gt;                  &lt;p&gt;&lt;br&gt;&lt;\/p&gt;                 &lt;br&gt;&lt;br&gt;\"\n                data-category=\"F\u00f6rel\u00e4sning\"\n                data-category-ids=\"1002\"\n                data-span-all=\"\"\n              >\n\n              \n\n              <div class=\"vertical_bar\" style=\"background-color: #0092D5;\"><\/div>\n              <div class=\"box_inner\">\n                                <span>\"Var god dr\u00f6j \u2013 Strukturomvandling p\u00e5g\u00e5r\u2026\u201d<\/span>\n               <br>\n               <div class=\"lecturer\"><span>Kenneth   Nilsson , Kommunstyrelseordf\u00f6rande \u00d6rebro; Johan Persson, Styrelseordf\u00f6rande, Svenskt Vatten; P\u00e4r  Dalhielm, VD, Svenskt Vatten<\/span><\/div>\n               <div class=\"room_div \">\n                 <i class=\"list-room\">Conventum Kongress<\/i>\n               <\/div>\n\n               <div class=\"name_time_div\">\n                <i class=\"list-time\" data-time=\"10:00\">10:00-11:00 - Tisdag 14 maj<\/i>\n               <\/div>\n              <\/div>\n             <\/div>\n          <\/div>\n\n          \n          <div class=\"box-wrapper\"\n              data-id=\"1041\">\n\n              <div class='time-header'>11:00<\/div>\n\n              <div class=\"box\"\n                data-id=\"1041\"\n                data-project=\"project_406_2018_09_20\"\n                data-title=\"Vattnet och EU, M\u00f6jlighet eller Hot \u2013 Paneldebatt\"\n                data-time=\"11:00-12:00\"\n                data-room=\"Conventum Kongress\"\n                data-room-id=\"1002\"\n                data-room-name=\"Conventum Kongress\"\n                data-day=\"0\"\n                data-abs-nbr=\"\"\n                data-abs-path=\"\"\n                data-speaker=\"Jytte Guteland, Europaparlamentariker (S); Liza-Maria  Norlin, (KD); Abir  Alsahlani , (C); Emma  Nohr\u00e9n, Politiker (MP) ; Johan  Pehrson , Riksdagsledamot (L); H\u00e5kan  Svenneling , (V)\"\n                data-speakercell=\"Jytte Guteland, Europaparlamentariker (S); Liza-Maria  Norlin, (KD); Abir  Alsahlani , (C); Emma  Nohr\u00e9n, Politiker (MP) ; Johan  Pehrson , Riksdagsledamot (L); H\u00e5kan  Svenneling , (V)\"\n                data-info=\"&lt;b&gt;Moderatorer: &lt;\/b&gt;Lars Jederlund, Vetsam; Peter  S\u00f6rng\u00e5rd, Svenskt Vatten&lt;br&gt;&lt;br&gt;                  &lt;p&gt;Samtal om hur Sverige p\u00e5verkar och p\u00e5verkas av EU \u2013 Hur t\u00e4nker en parlamentariker.&lt;\/p&gt;                 &lt;br&gt;&lt;br&gt;\"\n                data-category=\"F\u00f6rel\u00e4sning\"\n                data-category-ids=\"1002\"\n                data-span-all=\"\"\n              >\n\n              \n\n              <div class=\"vertical_bar\" style=\"background-color: #0092D5;\"><\/div>\n              <div class=\"box_inner\">\n                                <span>Vattnet och EU, M\u00f6jlighet eller Hot \u2013 Paneldebatt<\/span>\n               <br>\n               <div class=\"lecturer\"><span>Lars Jederlund, Vetsam; Peter  S\u00f6rng\u00e5rd, Svenskt Vatten, Jytte Guteland, Europaparlamentariker (S); Liza-Maria  Norlin, (KD); Abir  Alsahlani , (C); Emma  Nohr\u00e9n, Politiker (MP) ; Johan  Pehrson , Riksdagsledamot (L); H\u00e5kan  Svenneling , (V)<\/span><\/div>\n               <div class=\"room_div \">\n                 <i class=\"list-room\">Conventum Kongress<\/i>\n               <\/div>\n\n               <div class=\"name_time_div\">\n                <i class=\"list-time\" data-time=\"11:00\">11:00-12:00 - Tisdag 14 maj<\/i>\n               <\/div>\n              <\/div>\n             <\/div>\n          <\/div>\n\n          \n          <div class=\"box-wrapper\"\n              data-id=\"1011\">\n\n              <div class='time-header'>12:00<\/div>\n\n              <div class=\"box\"\n                data-id=\"1011\"\n                data-project=\"project_406_2018_09_20\"\n                data-title=\"Lunch p\u00e5 plan 1\"\n                data-time=\"12:00-13:15\"\n                data-room=\"Conventum Bankett\"\n                data-room-id=\"1007\"\n                data-room-name=\"Conventum Bankett\"\n                data-day=\"0\"\n                data-abs-nbr=\"\"\n                data-abs-path=\"\"\n                data-speaker=\"\"\n                data-speakercell=\"\"\n                data-info=\"                  &lt;p&gt;Sittande lunch serveras p\u00e5 plan 1. Kaffe efter lunchen serveras i utst\u00e4llningen.&amp;nbsp;&lt;\/p&gt;                  &lt;p&gt;V\u00e4lkommen att bes\u00f6ka utst\u00e4llarna!&amp;nbsp;&lt;\/p&gt;                 &lt;br&gt;&lt;br&gt;\"\n                data-category=\"\"\n                data-category-ids=\"\"\n                data-span-all=\"1\"\n              >\n\n              \n\n              <div class=\"vertical_bar\" style=\"background-color: rgba(255, 255, 255, 0);\"><\/div>\n              <div class=\"box_inner\">\n                                <span>Lunch p\u00e5 plan 1<\/span>\n               <br>\n               \n               <div class=\"room_div \">\n                 <i class=\"list-room\">Conventum Bankett<\/i>\n               <\/div>\n\n               <div class=\"name_time_div\">\n                <i class=\"list-time\" data-time=\"12:00\">12:00-13:15 - Tisdag 14 maj<\/i>\n               <\/div>\n              <\/div>\n             <\/div>\n          <\/div>\n\n          \n          <div class=\"box-wrapper\"\n              data-id=\"1053\">\n\n              <div class='time-header'>13:15<\/div>\n\n              <div class=\"box\"\n                data-id=\"1053\"\n                data-project=\"project_406_2018_09_20\"\n                data-title=\"Dricksvatten och klimatanpassning hos SMHI, Generaldirekt\u00f6r Rolf Brennerfelt.\"\n                data-time=\"13:15-13:30\"\n                data-room=\"Conventum Kongress\"\n                data-room-id=\"1002\"\n                data-room-name=\"Conventum Kongress\"\n                data-day=\"0\"\n                data-abs-nbr=\"\"\n                data-abs-path=\"\"\n                data-speaker=\"Rolf  Brennerfelt , Generaldirekt\u00f6r, SMHI\"\n                data-speakercell=\"Rolf  Brennerfelt , Generaldirekt\u00f6r, SMHI\"\n                data-info=\"                  &lt;p&gt;SMHI:s arbete inom dricksvatten och klimatanpassning - Generaldirekt\u00f6r SMHI Rolf Brennerfelt (15 min)&lt;br&gt;&lt;\/p&gt;                 &lt;br&gt;&lt;br&gt;\"\n                data-category=\"F\u00f6rel\u00e4sning\"\n                data-category-ids=\"1002\"\n                data-span-all=\"\"\n              >\n\n              \n\n              <div class=\"vertical_bar\" style=\"background-color: #0092D5;\"><\/div>\n              <div class=\"box_inner\">\n                                <span>Dricksvatten och klimatanpassning hos SMHI, Generaldirekt\u00f6r Rolf Brennerfelt.<\/span>\n               <br>\n               <div class=\"lecturer\"><span>Rolf  Brennerfelt , Generaldirekt\u00f6r, SMHI<\/span><\/div>\n               <div class=\"room_div \">\n                 <i class=\"list-room\">Conventum Kongress<\/i>\n               <\/div>\n\n               <div class=\"name_time_div\">\n                <i class=\"list-time\" data-time=\"13:15\">13:15-13:30 - Tisdag 14 maj<\/i>\n               <\/div>\n              <\/div>\n             <\/div>\n          <\/div>\n\n          \n          <div class=\"box-wrapper\"\n              data-id=\"1012\">\n\n              <div class='time-header'>13:30<\/div>\n\n              <div class=\"box\"\n                data-id=\"1012\"\n                data-project=\"project_406_2018_09_20\"\n                data-title=\"Klarar kommunerna sitt uppdrag? Paneldiskussion\"\n                data-time=\"13:30-14:20\"\n                data-room=\"Conventum Kongress\"\n                data-room-id=\"1002\"\n                data-room-name=\"Conventum Kongress\"\n                data-day=\"0\"\n                data-abs-nbr=\"\"\n                data-abs-path=\"\"\n                data-speaker=\"Miguel Odhner, Kommunstyrelsens ordf\u00f6rande (S), Kung\u00e4lv; Daniel Adborn, Kommunalr\u00e5d (L), Nyn\u00e4shamn; Caroline Dieker, Kommunstyrelsens ordf\u00f6rande (M), Askersund; Ulrika    Liljeberg , Kommunstyrelsens ordf\u00f6rande (C), Leksand; Bo  Rudolfsson, Kommunstyrelsens ordf\u00f6rande (KD), Lax\u00e5; Clara  Ericson, Partif\u00f6retr\u00e4dare (V) Lax\u00e5; Linus Lakso, Partistyrelseledamot, MP Eskilstuna; Daniel  Spiik, (SD) \u00d6rebro\"\n                data-speakercell=\"Miguel Odhner, Kommunstyrelsens ordf\u00f6rande (S), Kung\u00e4lv; Daniel Adborn, Kommunalr\u00e5d (L), Nyn\u00e4shamn; Caroline Dieker, Kommunstyrelsens ordf\u00f6rande (M), Askersund; Ulrika    Liljeberg , Kommunstyrelsens ordf\u00f6rande (C), Leksand; Bo  Rudolfsson, Kommunstyrelsens ordf\u00f6rande (KD), Lax\u00e5; Clara  Ericson, Partif\u00f6retr\u00e4dare (V) Lax\u00e5; Linus Lakso, Partistyrelseledamot, MP Eskilstuna; Daniel  Spiik, (SD) \u00d6rebro\"\n                data-info=\"&lt;b&gt;Moderatorer: &lt;\/b&gt;Dan L\u00f6fgren, Svenskt Vatten; Kristina Hall, Ingenj\u00f6r, VA-SYD&lt;br&gt;&lt;br&gt;                  &lt;p&gt;Klarar kommunerna sitt uppdrag? Paneldiskussion&lt;br&gt;&lt;\/p&gt;                 &lt;br&gt;&lt;br&gt;\"\n                data-category=\"F\u00f6rel\u00e4sning\"\n                data-category-ids=\"1002\"\n                data-span-all=\"\"\n              >\n\n              \n\n              <div class=\"vertical_bar\" style=\"background-color: #0092D5;\"><\/div>\n              <div class=\"box_inner\">\n                                <span>Klarar kommunerna sitt uppdrag? Paneldiskussion<\/span>\n               <br>\n               <div class=\"lecturer\"><span>Dan L\u00f6fgren, Svenskt Vatten; Kristina Hall, Ingenj\u00f6r, VA-SYD, Miguel Odhner, Kommunstyrelsens ordf\u00f6rande (S), Kung\u00e4lv; Daniel Adborn, Kommunalr\u00e5d (L), Nyn\u00e4shamn; Caroline Dieker, Kommunstyrelsens ordf\u00f6rande (M), Askersund; Ulrika    Liljeberg , Kommunstyrelsens ordf\u00f6rande (C), Leksand; Bo  Rudolfsson, Kommunstyrelsens ordf\u00f6rande (KD), Lax\u00e5; Clara  Ericson, Partif\u00f6retr\u00e4dare (V) Lax\u00e5; Linus Lakso, Partistyrelseledamot, MP Eskilstuna; Daniel  Spiik, (SD) \u00d6rebro<\/span><\/div>\n               <div class=\"room_div \">\n                 <i class=\"list-room\">Conventum Kongress<\/i>\n               <\/div>\n\n               <div class=\"name_time_div\">\n                <i class=\"list-time\" data-time=\"13:30\">13:30-14:20 - Tisdag 14 maj<\/i>\n               <\/div>\n              <\/div>\n             <\/div>\n          <\/div>\n\n          \n          <div class=\"box-wrapper\"\n              data-id=\"1005\">\n\n              <div class='time-header'>14:30<\/div>\n\n              <div class=\"box\"\n                data-id=\"1005\"\n                data-project=\"project_406_2018_09_20\"\n                data-title=\"Arbetsgivarvarum\u00e4rket \u2013 vart beh\u00f6ver VA f\u00f6rflytta sig i framtiden?\"\n                data-time=\"14:30-15:30\"\n                data-room=\"Handskmakaren\"\n                data-room-id=\"1004\"\n                data-room-name=\"Handskmakaren\"\n                data-day=\"0\"\n                data-abs-nbr=\"\"\n                data-abs-path=\"\"\n                data-speaker=\"Ingrid  Und\u00e9n-Lindehell, VAKIN\"\n                data-speakercell=\"Ingrid  Und\u00e9n-Lindehell, VAKIN\"\n                data-info=\"&lt;b&gt;Moderatorer: &lt;\/b&gt;Dan L\u00f6fgren, Svenskt Vatten&lt;br&gt;&lt;br&gt;                  &lt;p&gt;En fallstudie \u00f6ver ett ambiti\u00f6st arbete att st\u00e4rka ett arbetsgivarvarum\u00e4rke i VA-branschen. Efterf\u00f6ljande panelsamtal i vilken riktning VA-branschen beh\u00f6ver utvecklas i framtiden f\u00f6r att \u00f6ka sin attraktivitet.&lt;\/p&gt;                  &lt;p&gt;&amp;nbsp;&lt;\/p&gt;                  &lt;p&gt;&lt;br&gt;&lt;\/p&gt;                 &lt;br&gt;&lt;br&gt;\"\n                data-category=\"Seminarie - Kompetens\"\n                data-category-ids=\"1009\"\n                data-span-all=\"\"\n              >\n\n              \n\n              <div class=\"vertical_bar\" style=\"background-color: #83C8ED;\"><\/div>\n              <div class=\"box_inner\">\n                                <span>Arbetsgivarvarum\u00e4rket \u2013 vart beh\u00f6ver VA f\u00f6rflytta sig i framtiden?<\/span>\n               <br>\n               <div class=\"lecturer\"><span>Dan L\u00f6fgren, Svenskt Vatten, Ingrid  Und\u00e9n-Lindehell, VAKIN<\/span><\/div>\n               <div class=\"room_div \">\n                 <i class=\"list-room\">Handskmakaren<\/i>\n               <\/div>\n\n               <div class=\"name_time_div\">\n                <i class=\"list-time\" data-time=\"14:30\">14:30-15:30 - Tisdag 14 maj<\/i>\n               <\/div>\n              <\/div>\n             <\/div>\n          <\/div>\n\n          \n          <div class=\"box-wrapper\"\n              data-id=\"1040\">\n\n              <div class='time-header' style='visibility: hidden;'>14:30<\/div>\n\n              <div class=\"box\"\n                data-id=\"1040\"\n                data-project=\"project_406_2018_09_20\"\n                data-title=\"St\u00f6rre starkare VA organisationer med st\u00f6d av h\u00e5llbarhetsindex \"\n                data-time=\"14:30-15:30\"\n                data-room=\"Club 700\"\n                data-room-id=\"1003\"\n                data-room-name=\"Club 700\"\n                data-day=\"0\"\n                data-abs-nbr=\"\"\n                data-abs-path=\"\"\n                data-speaker=\"Magnus  Montelius, Konsult, Sweco Environment AB; Gilbert  Svensson, Docent, GS Vattenforum AB; Peter  Sj\u00f6holm, VIVAB; Patrik Nilsen, Karlstad\"\n                data-speakercell=\"Magnus  Montelius, Konsult, Sweco Environment AB; Gilbert  Svensson, Docent, GS Vattenforum AB; Peter  Sj\u00f6holm, VIVAB; Patrik Nilsen, Karlstad\"\n                data-info=\"&lt;b&gt;Moderatorer: &lt;\/b&gt;Karin Ols, Svenskt Vatten; P\u00e4r  Dalhielm, VD, Svenskt Vatten&lt;br&gt;&lt;br&gt;                  &lt;table&gt;                   &lt;tbody&gt;                    &lt;tr&gt;                     &lt;td&gt;&lt;span style=&quot;font-weight: bold;&quot;&gt;H\u00e5llbarhetsseminarium p\u00e5 Vattenst\u00e4mman&lt;\/span&gt;&lt;p&gt;&lt;\/p&gt;                      &lt;ul&gt;                       &lt;li&gt;&lt;span style=&quot;background-color: transparent;&quot;&gt;Svensk Vattens syn p\u00e5 HBI.&amp;nbsp;&lt;\/span&gt;&lt;\/li&gt;                       &lt;li&gt;Slutsatser och trender.&lt;\/li&gt;                       &lt;li&gt;Hur organisationsformen p\u00e5verkar.&lt;\/li&gt;                       &lt;li&gt;St\u00e4ller HBI r\u00e4tt fr\u00e5gor?&lt;\/li&gt;                       &lt;li&gt;Vad kan man vinna genom avanonymisering?&amp;nbsp; &amp;nbsp;&lt;\/li&gt;                       &lt;li&gt;Hur kan man anv\u00e4nda sitt resultat i f\u00f6rb\u00e4ttringsarbetet?&amp;nbsp; &amp;nbsp; &amp;nbsp; &amp;nbsp; &amp;nbsp; &amp;nbsp;&lt;span style=&quot;background-color: transparent;&quot;&gt;&amp;nbsp; &amp;nbsp; &amp;nbsp; &amp;nbsp;&amp;nbsp;&lt;\/span&gt;&lt;\/li&gt;                       &lt;li&gt;Vilka krav st\u00e4ller det p\u00e5 organisationen?&lt;\/li&gt;                       &lt;li&gt;Hur kan man anv\u00e4nda automatrapporterna i kommunikation&amp;nbsp;&lt;span style=&quot;background-color: transparent;&quot;&gt;med politiker och tj\u00e4nstem\u00e4n?&lt;\/span&gt;&lt;\/li&gt;                      &lt;\/ul&gt;&lt;p&gt;&lt;\/p&gt;&lt;p&gt;&amp;nbsp;&lt;\/p&gt;&lt;\/td&gt;                    &lt;\/tr&gt;                   &lt;\/tbody&gt;                  &lt;\/table&gt;                 &lt;br&gt;&lt;br&gt;\"\n                data-category=\"Seminarie - Digitalisering\/s\u00e4kerhet\"\n                data-category-ids=\"1007\"\n                data-span-all=\"\"\n              >\n\n              \n\n              <div class=\"vertical_bar\" style=\"background-color: #FFCC00;\"><\/div>\n              <div class=\"box_inner\">\n                                <span>St\u00f6rre starkare VA organisationer med st\u00f6d av h\u00e5llbarhetsindex <\/span>\n               <br>\n               <div class=\"lecturer\"><span>Karin Ols, Svenskt Vatten; P\u00e4r  Dalhielm, VD, Svenskt Vatten, Magnus  Montelius, Konsult, Sweco Environment AB; Gilbert  Svensson, Docent, GS Vattenforum AB; Peter  Sj\u00f6holm, VIVAB; Patrik Nilsen, Karlstad<\/span><\/div>\n               <div class=\"room_div \">\n                 <i class=\"list-room\">Club 700<\/i>\n               <\/div>\n\n               <div class=\"name_time_div\">\n                <i class=\"list-time\" data-time=\"14:30\">14:30-15:30 - Tisdag 14 maj<\/i>\n               <\/div>\n              <\/div>\n             <\/div>\n          <\/div>\n\n          \n          <div class=\"box-wrapper\"\n              data-id=\"1006\">\n\n              <div class='time-header' style='visibility: hidden;'>14:30<\/div>\n\n              <div class=\"box\"\n                data-id=\"1006\"\n                data-project=\"project_406_2018_09_20\"\n                data-title=\"Vi tar ansvar f\u00f6r vattnets v\u00e4g (NCC)\"\n                data-time=\"14:30-15:00\"\n                data-room=\"Studion\"\n                data-room-id=\"1005\"\n                data-room-name=\"Studion\"\n                data-day=\"0\"\n                data-abs-nbr=\"\"\n                data-abs-path=\"\"\n                data-speaker=\"Per  Johansson, NCC; M\u00e5ns  Hansson, NCC; Simon  \u00c5kerlund, NCC; Jonas  Mader, NCC\"\n                data-speakercell=\"Per  Johansson, NCC; M\u00e5ns  Hansson, NCC; Simon  \u00c5kerlund, NCC; Jonas  Mader, NCC\"\n                data-info=\"                  &lt;p&gt;&lt;b&gt;&lt;br&gt;&lt;br&gt;&lt;br&gt;&lt;\/b&gt;&lt;\/p&gt;                 &lt;br&gt;&lt;br&gt;\"\n                data-category=\"Seminarie - Branschf\u00f6retag\"\n                data-category-ids=\"1008\"\n                data-span-all=\"\"\n              >\n\n              \n\n              <div class=\"vertical_bar\" style=\"background-color: #D64D49;\"><\/div>\n              <div class=\"box_inner\">\n                                <span>Vi tar ansvar f\u00f6r vattnets v\u00e4g (NCC)<\/span>\n               <br>\n               <div class=\"lecturer\"><span>Per  Johansson, NCC; M\u00e5ns  Hansson, NCC; Simon  \u00c5kerlund, NCC; Jonas  Mader, NCC<\/span><\/div>\n               <div class=\"room_div \">\n                 <i class=\"list-room\">Studion<\/i>\n               <\/div>\n\n               <div class=\"name_time_div\">\n                <i class=\"list-time\" data-time=\"14:30\">14:30-15:00 - Tisdag 14 maj<\/i>\n               <\/div>\n              <\/div>\n             <\/div>\n          <\/div>\n\n          \n          <div class=\"box-wrapper\"\n              data-id=\"1013\">\n\n              <div class='time-header' style='visibility: hidden;'>14:30<\/div>\n\n              <div class=\"box\"\n                data-id=\"1013\"\n                data-project=\"project_406_2018_09_20\"\n                data-title=\"Svenskt Vattens st\u00e5ndpunkter ang\u00e5ende h\u00e5llbar dagvattenhantering och skyfallsanpassning av samh\u00e4llet\"\n                data-time=\"14:30-15:30\"\n                data-room=\"Conventum Kongress\"\n                data-room-id=\"1002\"\n                data-room-name=\"Conventum Kongress\"\n                data-day=\"0\"\n                data-abs-nbr=\"\"\n                data-abs-path=\"\"\n                data-speaker=\"Kristina Hall, Ingenj\u00f6r, VA-SYD; Gilbert  Nordenswan, Svenskt Vatten\"\n                data-speakercell=\"Kristina Hall, Ingenj\u00f6r, VA-SYD; Gilbert  Nordenswan, Svenskt Vatten\"\n                data-info=\"                  Svenskt Vatten arbete med H\u00e5llbar dagvattenhantering, presentation av policypaper om skyfallshantering                  &lt;table&gt;&lt;\/table&gt;                  &lt;table&gt;&lt;\/table&gt;                  &lt;table&gt;                   &lt;tbody&gt;                   &lt;\/tbody&gt;                  &lt;\/table&gt;                 &lt;br&gt;&lt;br&gt;\"\n                data-category=\"Seminarie - Klimat\"\n                data-category-ids=\"1006\"\n                data-span-all=\"\"\n              >\n\n              \n\n              <div class=\"vertical_bar\" style=\"background-color: #80D689;\"><\/div>\n              <div class=\"box_inner\">\n                                <span>Svenskt Vattens st\u00e5ndpunkter ang\u00e5ende h\u00e5llbar dagvattenhantering och skyfallsanpassning av samh\u00e4llet<\/span>\n               <br>\n               <div class=\"lecturer\"><span>Kristina Hall, Ingenj\u00f6r, VA-SYD; Gilbert  Nordenswan, Svenskt Vatten<\/span><\/div>\n               <div class=\"room_div \">\n                 <i class=\"list-room\">Conventum Kongress<\/i>\n               <\/div>\n\n               <div class=\"name_time_div\">\n                <i class=\"list-time\" data-time=\"14:30\">14:30-15:30 - Tisdag 14 maj<\/i>\n               <\/div>\n              <\/div>\n             <\/div>\n          <\/div>\n\n          \n          <div class=\"box-wrapper\"\n              data-id=\"1047\">\n\n              <div class='time-header'>15:00<\/div>\n\n              <div class=\"box\"\n                data-id=\"1047\"\n                data-project=\"project_406_2018_09_20\"\n                data-title=\"F\u00f6rdr\u00f6jning av dagvatten \u2013 en n\u00f6dv\u00e4ndighet n\u00e4r havet stiger (SWECO)\"\n                data-time=\"15:00-15:30\"\n                data-room=\"Studion\"\n                data-room-id=\"1005\"\n                data-room-name=\"Studion\"\n                data-day=\"0\"\n                data-abs-nbr=\"\"\n                data-abs-path=\"\"\n                data-speaker=\"Mattias  Salomonsson, Sweco\"\n                data-speakercell=\"Mattias  Salomonsson, Sweco\"\n                data-info=\"                  &lt;p&gt;D\u00e4r vi har stigande niv\u00e5er i hav, sj\u00f6ar och vattendragbeh\u00f6ver n\u00e4rliggande bebyggelse skyddas. Detta g\u00f6rs ofta genom invallningar avber\u00f6rda platser. Nederb\u00f6rd som faller \u00f6ver den skyddade bebyggelsen beh\u00f6ver tasomhand, vilket ofta resulterar i att pumpkapacitet beh\u00f6ver skapas. Hur kan manminska behovet av pumpning och varf\u00f6r \u00e4r Sverige och exempelvis Norge s\u00e4mrerustade f\u00f6r stigande havsniv\u00e5er \u00e4n Holland?&lt;br&gt;&lt;\/p&gt;                  &lt;p&gt;Mattias Salomonsson, klimatexpert p\u00e5 Sweco, visar exempel p\u00e5varf\u00f6r en bl\u00e5gr\u00f6n struktur ger merv\u00e4rden ut\u00f6ver mindre ledningsdimensioner. Hanger ocks\u00e5 exempel p\u00e5 vad vi kan l\u00e4ra oss av andra l\u00e4nder.&lt;\/p&gt;                  &lt;p&gt;&lt;\/p&gt;                  &lt;p&gt;&amp;nbsp;&lt;\/p&gt;                 &lt;br&gt;&lt;br&gt;\"\n                data-category=\"Seminarie - Branschf\u00f6retag\"\n                data-category-ids=\"1008\"\n                data-span-all=\"\"\n              >\n\n              \n\n              <div class=\"vertical_bar\" style=\"background-color: #D64D49;\"><\/div>\n              <div class=\"box_inner\">\n                                <span>F\u00f6rdr\u00f6jning av dagvatten \u2013 en n\u00f6dv\u00e4ndighet n\u00e4r havet stiger (SWECO)<\/span>\n               <br>\n               <div class=\"lecturer\"><span>Mattias  Salomonsson, Sweco<\/span><\/div>\n               <div class=\"room_div \">\n                 <i class=\"list-room\">Studion<\/i>\n               <\/div>\n\n               <div class=\"name_time_div\">\n                <i class=\"list-time\" data-time=\"15:00\">15:00-15:30 - Tisdag 14 maj<\/i>\n               <\/div>\n              <\/div>\n             <\/div>\n          <\/div>\n\n          \n          <div class=\"box-wrapper\"\n              data-id=\"1007\">\n\n              <div class='time-header'>15:30<\/div>\n\n              <div class=\"box\"\n                data-id=\"1007\"\n                data-project=\"project_406_2018_09_20\"\n                data-title=\"Kaffepaus hos utst\u00e4llarna\"\n                data-time=\"15:30-16:00\"\n                data-room=\"Forum\"\n                data-room-id=\"1006\"\n                data-room-name=\"Forum\"\n                data-day=\"0\"\n                data-abs-nbr=\"\"\n                data-abs-path=\"\"\n                data-speaker=\"\"\n                data-speakercell=\"\"\n                data-info=\"                 &lt;p&gt;V\u00e4lkommen att bes\u00f6ka montrarna!&lt;\/p&gt;                &lt;br&gt;&lt;br&gt;\"\n                data-category=\"\"\n                data-category-ids=\"\"\n                data-span-all=\"1\"\n              >\n\n              \n\n              <div class=\"vertical_bar\" style=\"background-color: rgba(255, 255, 255, 0);\"><\/div>\n              <div class=\"box_inner\">\n                                <span>Kaffepaus hos utst\u00e4llarna<\/span>\n               <br>\n               \n               <div class=\"room_div \">\n                 <i class=\"list-room\">Forum<\/i>\n               <\/div>\n\n               <div class=\"name_time_div\">\n                <i class=\"list-time\" data-time=\"15:30\">15:30-16:00 - Tisdag 14 maj<\/i>\n               <\/div>\n              <\/div>\n             <\/div>\n          <\/div>\n\n          \n          <div class=\"box-wrapper\"\n              data-id=\"1015\">\n\n              <div class='time-header'>16:00<\/div>\n\n              <div class=\"box\"\n                data-id=\"1015\"\n                data-project=\"project_406_2018_09_20\"\n                data-title=\"Svenskt Vattens f\u00f6reningsst\u00e4mma\"\n                data-time=\"16:00-17:00\"\n                data-room=\"Club 700\"\n                data-room-id=\"1003\"\n                data-room-name=\"Club 700\"\n                data-day=\"0\"\n                data-abs-nbr=\"\"\n                data-abs-path=\"\"\n                data-speaker=\"\"\n                data-speakercell=\"\"\n                data-info=\"\"\n                data-category=\"F\u00f6rel\u00e4sning\"\n                data-category-ids=\"1002\"\n                data-span-all=\"\"\n              >\n\n              \n\n              <div class=\"vertical_bar\" style=\"background-color: #0092D5;\"><\/div>\n              <div class=\"box_inner\">\n                                <span>Svenskt Vattens f\u00f6reningsst\u00e4mma<\/span>\n               <br>\n               \n               <div class=\"room_div \">\n                 <i class=\"list-room\">Club 700<\/i>\n               <\/div>\n\n               <div class=\"name_time_div\">\n                <i class=\"list-time\" data-time=\"16:00\">16:00-17:00 - Tisdag 14 maj<\/i>\n               <\/div>\n              <\/div>\n             <\/div>\n          <\/div>\n\n          \n          <div class=\"box-wrapper\"\n              data-id=\"1014\">\n\n              <div class='time-header' style='visibility: hidden;'>16:00<\/div>\n\n              <div class=\"box\"\n                data-id=\"1014\"\n                data-project=\"project_406_2018_09_20\"\n                data-title=\"Vattenvisionens m\u00e5l f\u00f6r 2030. H\u00f6r om de tre b\u00e4sta examensarbetena inom VA-omr\u00e5det 2018 f\u00f6ljt av prisutdelning.\"\n                data-time=\"16:00-17:00\"\n                data-room=\"Handskmakaren\"\n                data-room-id=\"1004\"\n                data-room-name=\"Handskmakaren\"\n                data-day=\"0\"\n                data-abs-nbr=\"\"\n                data-abs-path=\"\"\n                data-speaker=\"Erik K\u00e4rrman, Tekn dr, RISE; Mikael  Danielsson, Mikrobiolog, Lunds Universitet; Sofia  H\u00f6gstrand, Doktorand, Lunds Universitet; Maja  Ignell, Milj\u00f6- och processingenj\u00f6r, Lunds Universitet; Rozbe  Bozorgi, Civilingenj\u00f6r, Uppsala Universitet; Klara Westling, Gruppchef, IVL Svenska Milj\u00f6institutet\"\n                data-speakercell=\"Erik K\u00e4rrman, Tekn dr, RISE; Mikael  Danielsson, Mikrobiolog, Lunds Universitet; Sofia  H\u00f6gstrand, Doktorand, Lunds Universitet; Maja  Ignell, Milj\u00f6- och processingenj\u00f6r, Lunds Universitet; Rozbe  Bozorgi, Civilingenj\u00f6r, Uppsala Universitet; Klara Westling, Gruppchef, IVL Svenska Milj\u00f6institutet\"\n                data-info=\"&lt;b&gt;Moderatorer: &lt;\/b&gt;Anna Norstr\u00f6m, Svenskt Vatten&lt;br&gt;&lt;br&gt;                  &lt;p&gt;Klara Westling, IVL och Erik K\u00e4rrman, RISE. Vattenvisionen. Forsknings- och innovationsagenda f\u00f6r vattensektorn, etappm\u00e5l 2030.&lt;\/p&gt;                  &lt;p&gt;&lt;\/p&gt;                  &lt;p&gt;Mikael Danielsson, Lunds Universitet. Kartl\u00e4ggning av bakterier i dricksvatten med fl\u00f6descytometri \u2013 f\u00f6re, under och efter reningsprocess. (Mapping of Bacteria with Flow Cytometry - before, during and after treatment of drinking water).&lt;\/p&gt;                  &lt;p&gt;Sofia H\u00f6gstrand och Maja Ignell, Lunds Universitet. M\u00f6jligheten att kombinera pulveriserat aktivt kol (PAK) och MBBR f\u00f6r avskiljning av organiska mikrof\u00f6roreningar.&lt;\/p&gt;                  &lt;p&gt;Rozbe Bozorgi, Uppsala Universitet. \u00c5tg\u00e4rdande av felkopplingar som kompensations\u00e5tg\u00e4rd f\u00f6r \u00f6kade dagvattenf\u00f6roreningar - en fallstudie med en kostnads-nyttoanalys.&lt;\/p&gt;                  &lt;p&gt;&lt;\/p&gt;                  &lt;p&gt;&lt;br&gt;&lt;\/p&gt;                 &lt;br&gt;&lt;br&gt;\"\n                data-category=\"F\u00f6rel\u00e4sning\"\n                data-category-ids=\"1002\"\n                data-span-all=\"\"\n              >\n\n              \n\n              <div class=\"vertical_bar\" style=\"background-color: #0092D5;\"><\/div>\n              <div class=\"box_inner\">\n                                <span>Vattenvisionens m\u00e5l f\u00f6r 2030. H\u00f6r om de tre b\u00e4sta examensarbetena inom VA-omr\u00e5det 2018 f\u00f6ljt av prisutdelning.<\/span>\n               <br>\n               <div class=\"lecturer\"><span>Anna Norstr\u00f6m, Svenskt Vatten, Erik K\u00e4rrman, Tekn dr, RISE; Mikael  Danielsson, Mikrobiolog, Lunds Universitet; Sofia  H\u00f6gstrand, Doktorand, Lunds Universitet; Maja  Ignell, Milj\u00f6- och processingenj\u00f6r, Lunds Universitet; Rozbe  Bozorgi, Civilingenj\u00f6r, Uppsala Universitet; Klara Westling, Gruppchef, IVL Svenska Milj\u00f6institutet<\/span><\/div>\n               <div class=\"room_div \">\n                 <i class=\"list-room\">Handskmakaren<\/i>\n               <\/div>\n\n               <div class=\"name_time_div\">\n                <i class=\"list-time\" data-time=\"16:00\">16:00-17:00 - Tisdag 14 maj<\/i>\n               <\/div>\n              <\/div>\n             <\/div>\n          <\/div>\n\n          \n          <div class=\"box-wrapper\"\n              data-id=\"1017\">\n\n              <div class='time-header'>19:00<\/div>\n\n              <div class=\"box\"\n                data-id=\"1017\"\n                data-project=\"project_406_2018_09_20\"\n                data-title=\"F\u00f6rdrink med mingel\"\n                data-time=\"19:00-19:30\"\n                data-room=\"Conventum Bankett\"\n                data-room-id=\"1007\"\n                data-room-name=\"Conventum Bankett\"\n                data-day=\"0\"\n                data-abs-nbr=\"\"\n                data-abs-path=\"\"\n                data-speaker=\"\"\n                data-speakercell=\"\"\n                data-info=\"                  &lt;p&gt;Conventum kongress - Entr\u00e9plan med m\u00f6jlighet att mingla upp till v\u00e5ning 1&lt;\/p&gt;                 &lt;br&gt;&lt;br&gt;\"\n                data-category=\"\"\n                data-category-ids=\"\"\n                data-span-all=\"1\"\n              >\n\n              \n\n              <div class=\"vertical_bar\" style=\"background-color: rgba(255, 255, 255, 0);\"><\/div>\n              <div class=\"box_inner\">\n                                <span>F\u00f6rdrink med mingel<\/span>\n               <br>\n               \n               <div class=\"room_div \">\n                 <i class=\"list-room\">Conventum Bankett<\/i>\n               <\/div>\n\n               <div class=\"name_time_div\">\n                <i class=\"list-time\" data-time=\"19:00\">19:00-19:30 - Tisdag 14 maj<\/i>\n               <\/div>\n              <\/div>\n             <\/div>\n          <\/div>\n\n          \n          <div class=\"box-wrapper\"\n              data-id=\"1018\">\n\n              <div class='time-header'>19:30<\/div>\n\n              <div class=\"box\"\n                data-id=\"1018\"\n                data-project=\"project_406_2018_09_20\"\n                data-title=\"Bankettmiddag med underh\u00e5llning, f\u00f6ljt av dans. (19:30-01:00)\"\n                data-time=\"19:30-23:59\"\n                data-room=\"Conventum Bankett\"\n                data-room-id=\"1007\"\n                data-room-name=\"Conventum Bankett\"\n                data-day=\"0\"\n                data-abs-nbr=\"\"\n                data-abs-path=\"\"\n                data-speaker=\"\"\n                data-speakercell=\"\"\n                data-info=\"                  &lt;p&gt;Lokal: Conventum bankettsal&lt;\/p&gt;                  &lt;p&gt;&lt;br&gt;&lt;\/p&gt;                 &lt;br&gt;&lt;br&gt;\"\n                data-category=\"\"\n                data-category-ids=\"\"\n                data-span-all=\"1\"\n              >\n\n              \n\n              <div class=\"vertical_bar\" style=\"background-color: rgba(255, 255, 255, 0);\"><\/div>\n              <div class=\"box_inner\">\n                                <span>Bankettmiddag med underh\u00e5llning, f\u00f6ljt av dans. (19:30-01:00)<\/span>\n               <br>\n               \n               <div class=\"room_div \">\n                 <i class=\"list-room\">Conventum Bankett<\/i>\n               <\/div>\n\n               <div class=\"name_time_div\">\n                <i class=\"list-time\" data-time=\"19:30\">19:30-23:59 - Tisdag 14 maj<\/i>\n               <\/div>\n              <\/div>\n             <\/div>\n          <\/div>\n\n          <div class='list_header' data-day='1' style='background-color: rgba(32, 132, 196, 0.83); color: rgba(255, 255, 255, 1);'>Onsdag 15 maj<\/div>\n          <div class=\"box-wrapper\"\n              data-id=\"1019\">\n\n              <div class='time-header'>08:30<\/div>\n\n              <div class=\"box\"\n                data-id=\"1019\"\n                data-project=\"project_406_2018_09_20\"\n                data-title=\"Tusenbitarspusslet: F\u00f6r att uppn\u00e5 ett samh\u00e4lle som klarar kraftiga skyfall kr\u00e4vs en m\u00e4ngd olika \u00e5tg\u00e4rder. I detta seminarium visas exempel p\u00e5 n\u00e5gra av dem:\"\n                data-time=\"08:30-09:15\"\n                data-room=\"Conventum Kongress\"\n                data-room-id=\"1002\"\n                data-room-name=\"Conventum Kongress\"\n                data-day=\"1\"\n                data-abs-nbr=\"\"\n                data-abs-path=\"\"\n                data-speaker=\"Marie Falk, Kretslopp och Vatten; Marie  Lindvall, Landskapsarkitekt, Lunds kommun; Nilla  Thomsson, Uppdragsledare, Boverket\"\n                data-speakercell=\"Marie Falk, Kretslopp och Vatten; Marie  Lindvall, Landskapsarkitekt, Lunds kommun; Nilla  Thomsson, Uppdragsledare, Boverket\"\n                data-info=\"&lt;b&gt;Moderatorer: &lt;\/b&gt;Gilbert  Nordenswan, Svenskt Vatten; Kristina Hall, Ingenj\u00f6r, VA-SYD&lt;br&gt;&lt;br&gt;                  &lt;p&gt;1) Hur vi l\u00e4ggerdagvattenpusslet i G\u00f6teborg, Marie falk, Kretslopp och Vatten&lt;\/p&gt;                 &lt;p&gt;2) Lund tar ett helhetsgrepp p\u00e5skyfallsanpassningen i planeringen, MarieBorisson Lindvall, Lunds kommun&lt;\/p&gt;                 &lt;p&gt;&lt;\/p&gt;                 &lt;p&gt;3) Boverkets uppdrag att samordna det nationellaklimatanpassningsarbetet f\u00f6r den byggda milj\u00f6n, Nilla Thomsson, Boverket&lt;\/p&gt;                 &lt;br&gt;&lt;br&gt;\"\n                data-category=\"Seminarie - Klimat\"\n                data-category-ids=\"1006\"\n                data-span-all=\"\"\n              >\n\n              \n\n              <div class=\"vertical_bar\" style=\"background-color: #80D689;\"><\/div>\n              <div class=\"box_inner\">\n                                <span>Tusenbitarspusslet: F\u00f6r att uppn\u00e5 ett samh\u00e4lle som klarar kraftiga skyfall kr\u00e4vs en m\u00e4ngd olika \u00e5tg\u00e4rder. I detta seminarium visas exempel p\u00e5 n\u00e5gra av dem:<\/span>\n               <br>\n               <div class=\"lecturer\"><span>Gilbert  Nordenswan, Svenskt Vatten; Kristina Hall, Ingenj\u00f6r, VA-SYD, Marie Falk, Kretslopp och Vatten; Marie  Lindvall, Landskapsarkitekt, Lunds kommun; Nilla  Thomsson, Uppdragsledare, Boverket<\/span><\/div>\n               <div class=\"room_div \">\n                 <i class=\"list-room\">Conventum Kongress<\/i>\n               <\/div>\n\n               <div class=\"name_time_div\">\n                <i class=\"list-time\" data-time=\"08:30\">08:30-09:15 - Onsdag 15 maj<\/i>\n               <\/div>\n              <\/div>\n             <\/div>\n          <\/div>\n\n          \n          <div class=\"box-wrapper\"\n              data-id=\"1031\">\n\n              <div class='time-header' style='visibility: hidden;'>08:30<\/div>\n\n              <div class=\"box\"\n                data-id=\"1031\"\n                data-project=\"project_406_2018_09_20\"\n                data-title=\"Svenskt Vattens egna utbildningar \u2013 vilka beh\u00f6vs och varf\u00f6r?\"\n                data-time=\"08:30-09:15\"\n                data-room=\"Handskmakaren\"\n                data-room-id=\"1004\"\n                data-room-name=\"Handskmakaren\"\n                data-day=\"1\"\n                data-abs-nbr=\"\"\n                data-abs-path=\"\"\n                data-speaker=\"Sara Bohlinder , Svenskt Vatten; Anette \u00c4lmeby, Svenskt Vatten\"\n                data-speakercell=\"Sara Bohlinder , Svenskt Vatten; Anette \u00c4lmeby, Svenskt Vatten\"\n                data-info=\"&lt;b&gt;Moderatorer: &lt;\/b&gt;Dan L\u00f6fgren, Svenskt Vatten&lt;br&gt;&lt;br&gt;                  &lt;p&gt;Framtidens VA kr\u00e4ver st\u00e4ndigkompetensutveckling. Medverka i en workshop d\u00e4r vi funderar p\u00e5 vad som beh\u00f6vs,varf\u00f6r och hur vi ska undervisas och av vem. Beh\u00f6vs det riktiga l\u00e4rare av k\u00f6ttoch blod eller kan allt automatiseras, digitaliseras och g\u00f6ras pappersl\u00f6st?&lt;\/p&gt;                 &lt;br&gt;&lt;br&gt;\"\n                data-category=\"Seminarie - Kompetens\"\n                data-category-ids=\"1009\"\n                data-span-all=\"\"\n              >\n\n              \n\n              <div class=\"vertical_bar\" style=\"background-color: #83C8ED;\"><\/div>\n              <div class=\"box_inner\">\n                                <span>Svenskt Vattens egna utbildningar \u2013 vilka beh\u00f6vs och varf\u00f6r?<\/span>\n               <br>\n               <div class=\"lecturer\"><span>Dan L\u00f6fgren, Svenskt Vatten, Sara Bohlinder , Svenskt Vatten; Anette \u00c4lmeby, Svenskt Vatten<\/span><\/div>\n               <div class=\"room_div \">\n                 <i class=\"list-room\">Handskmakaren<\/i>\n               <\/div>\n\n               <div class=\"name_time_div\">\n                <i class=\"list-time\" data-time=\"08:30\">08:30-09:15 - Onsdag 15 maj<\/i>\n               <\/div>\n              <\/div>\n             <\/div>\n          <\/div>\n\n          \n          <div class=\"box-wrapper\"\n              data-id=\"1027\">\n\n              <div class='time-header' style='visibility: hidden;'>08:30<\/div>\n\n              <div class=\"box\"\n                data-id=\"1027\"\n                data-project=\"project_406_2018_09_20\"\n                data-title=\"Svenskt Vattens arbete inom s\u00e4kert dricksvatten\"\n                data-time=\"08:30-09:15\"\n                data-room=\"Club 700\"\n                data-room-id=\"1003\"\n                data-room-name=\"Club 700\"\n                data-day=\"1\"\n                data-abs-nbr=\"\"\n                data-abs-path=\"\"\n                data-speaker=\"P\u00e4r  Dalhielm, VD, Svenskt Vatten; Birger  Wallsten, Svenskt Vatten; Ola  Rodell, Informationss\u00e4kerhetsansvarig, Stockholm Vatten och Avfall\"\n                data-speakercell=\"P\u00e4r  Dalhielm, VD, Svenskt Vatten; Birger  Wallsten, Svenskt Vatten; Ola  Rodell, Informationss\u00e4kerhetsansvarig, Stockholm Vatten och Avfall\"\n                data-info=\"&lt;b&gt;Moderatorer: &lt;\/b&gt;Birger  Wallsten, Svenskt Vatten&lt;br&gt;&lt;br&gt;                  &lt;p&gt;Presentation av Svenskt Vattens arbete inom omr\u00e5det &lt;i&gt;Skydda dricksvattnet.&amp;nbsp;&lt;\/i&gt;Ett \u201dPosition paper\u201d \u00e4r under framtagande. Vilka omr\u00e5den skall vi prioritera? Dialog med auditoriet.&lt;\/p&gt;                  &lt;p&gt;Svenskt Vatten arbetar med att ordna en utbildning inom s\u00e4kerhetsomr\u00e5det som skall starta h\u00f6sten 2019;&lt;i&gt; Utbildning i systematiskt s\u00e4kerhetsarbete.&amp;nbsp;&lt;\/i&gt;&lt;\/p&gt;                 &lt;br&gt;&lt;br&gt;\"\n                data-category=\"Seminarie - Digitalisering\/s\u00e4kerhet\"\n                data-category-ids=\"1007\"\n                data-span-all=\"\"\n              >\n\n              \n\n              <div class=\"vertical_bar\" style=\"background-color: #FFCC00;\"><\/div>\n              <div class=\"box_inner\">\n                                <span>Svenskt Vattens arbete inom s\u00e4kert dricksvatten<\/span>\n               <br>\n               <div class=\"lecturer\"><span>Birger  Wallsten, Svenskt Vatten, P\u00e4r  Dalhielm, VD, Svenskt Vatten; Birger  Wallsten, Svenskt Vatten; Ola  Rodell, Informationss\u00e4kerhetsansvarig, Stockholm Vatten och Avfall<\/span><\/div>\n               <div class=\"room_div \">\n                 <i class=\"list-room\">Club 700<\/i>\n               <\/div>\n\n               <div class=\"name_time_div\">\n                <i class=\"list-time\" data-time=\"08:30\">08:30-09:15 - Onsdag 15 maj<\/i>\n               <\/div>\n              <\/div>\n             <\/div>\n          <\/div>\n\n          \n          <div class=\"box-wrapper\"\n              data-id=\"1035\">\n\n              <div class='time-header' style='visibility: hidden;'>08:30<\/div>\n\n              <div class=\"box\"\n                data-id=\"1035\"\n                data-project=\"project_406_2018_09_20\"\n                data-title=\"HUBERs l\u00f6sningar f\u00f6r slamtorkning, monof\u00f6rbr\u00e4nning & fosfor\u00e5tervinning.\"\n                data-time=\"08:30-08:50\"\n                data-room=\"Studion\"\n                data-room-id=\"1005\"\n                data-room-name=\"Studion\"\n                data-day=\"1\"\n                data-abs-nbr=\"\"\n                data-abs-path=\"\"\n                data-speaker=\"John  Skantze, Hydropress HUBER AB\"\n                data-speakercell=\"John  Skantze, Hydropress HUBER AB\"\n                data-info=\"                  &lt;p&gt;&lt;br&gt;&lt;\/p&gt;                  &lt;p&gt;&lt;br&gt;&lt;\/p&gt;                  &lt;p&gt;&lt;br&gt;&lt;\/p&gt;                 &lt;br&gt;&lt;br&gt;\"\n                data-category=\"Seminarie - Branschf\u00f6retag\"\n                data-category-ids=\"1008\"\n                data-span-all=\"\"\n              >\n\n              \n\n              <div class=\"vertical_bar\" style=\"background-color: #D64D49;\"><\/div>\n              <div class=\"box_inner\">\n                                <span>HUBERs l\u00f6sningar f\u00f6r slamtorkning, monof\u00f6rbr\u00e4nning & fosfor\u00e5tervinning.<\/span>\n               <br>\n               <div class=\"lecturer\"><span>John  Skantze, Hydropress HUBER AB<\/span><\/div>\n               <div class=\"room_div \">\n                 <i class=\"list-room\">Studion<\/i>\n               <\/div>\n\n               <div class=\"name_time_div\">\n                <i class=\"list-time\" data-time=\"08:30\">08:30-08:50 - Onsdag 15 maj<\/i>\n               <\/div>\n              <\/div>\n             <\/div>\n          <\/div>\n\n          \n          <div class=\"box-wrapper\"\n              data-id=\"1048\">\n\n              <div class='time-header'>08:55<\/div>\n\n              <div class=\"box\"\n                data-id=\"1048\"\n                data-project=\"project_406_2018_09_20\"\n                data-title=\"Energieffektiv HTC teknik ger nya m\u00f6jligheter f\u00f6r hantering av slam (C-green)\"\n                data-time=\"08:55-09:15\"\n                data-room=\"Studion\"\n                data-room-id=\"1005\"\n                data-room-name=\"Studion\"\n                data-day=\"1\"\n                data-abs-nbr=\"\"\n                data-abs-path=\"\"\n                data-speaker=\"Peter  Axg\u00e5rd\"\n                data-speakercell=\"Peter  Axg\u00e5rd\"\n                data-info=\"                  &lt;p&gt;&lt;br&gt;&lt;\/p&gt;                  &lt;p&gt;&lt;br&gt;&lt;\/p&gt;                 &lt;br&gt;&lt;br&gt;\"\n                data-category=\"Seminarie - Branschf\u00f6retag\"\n                data-category-ids=\"1008\"\n                data-span-all=\"\"\n              >\n\n              \n\n              <div class=\"vertical_bar\" style=\"background-color: #D64D49;\"><\/div>\n              <div class=\"box_inner\">\n                                <span>Energieffektiv HTC teknik ger nya m\u00f6jligheter f\u00f6r hantering av slam (C-green)<\/span>\n               <br>\n               <div class=\"lecturer\"><span>Peter  Axg\u00e5rd<\/span><\/div>\n               <div class=\"room_div \">\n                 <i class=\"list-room\">Studion<\/i>\n               <\/div>\n\n               <div class=\"name_time_div\">\n                <i class=\"list-time\" data-time=\"08:55\">08:55-09:15 - Onsdag 15 maj<\/i>\n               <\/div>\n              <\/div>\n             <\/div>\n          <\/div>\n\n          \n          <div class=\"box-wrapper\"\n              data-id=\"1020\">\n\n              <div class='time-header'>09:25<\/div>\n\n              <div class=\"box\"\n                data-id=\"1020\"\n                data-project=\"project_406_2018_09_20\"\n                data-title=\"Planering f\u00f6r en s\u00e4ker och l\u00e5ngsiktig dricksvattenf\u00f6rs\u00f6rjning\"\n                data-time=\"09:25-10:10\"\n                data-room=\"Conventum Kongress\"\n                data-room-id=\"1002\"\n                data-room-name=\"Conventum Kongress\"\n                data-day=\"1\"\n                data-abs-nbr=\"\"\n                data-abs-path=\"\"\n                data-speaker=\"Margareta  Lundin-Unger, Utredare, Havs- och vattenmyndigheten; Anna  Eklund, Hydrolog, SMHI\"\n                data-speakercell=\"Margareta  Lundin-Unger, Utredare, Havs- och vattenmyndigheten; Anna  Eklund, Hydrolog, SMHI\"\n                data-info=\"&lt;b&gt;Moderatorer: &lt;\/b&gt;Birger  Wallsten, Svenskt Vatten&lt;br&gt;&lt;br&gt;                  &lt;table&gt;                   &lt;tbody&gt;                    &lt;tr&gt;                     &lt;td&gt; &lt;p&gt;Havs- och vattenmyndigheten, HaV, tar fram v\u00e4gledning f\u00f6r l\u00e4nsstyrelsernas arbete med regional vattenf\u00f6rs\u00f6rjningsplanering.V\u00e4gledningen remitteras under v\u00e5ren.&lt;\/p&gt; &lt;p&gt;Hur ber\u00f6rs kommunerna och hur engageras VA-verksamheterna?&lt;\/p&gt; &lt;\/td&gt;                    &lt;\/tr&gt;                    &lt;tr&gt;                     &lt;td&gt; &lt;p&gt;SMHI arbetar med tv\u00e5 regeringsuppdrag; Sveriges vattenuttag och Vattenbrist.&lt;\/p&gt; &lt;\/td&gt;                    &lt;\/tr&gt;                    &lt;tr&gt;                     &lt;td&gt; &lt;p&gt;Sveriges vattenuttag; g\u00e5r ut p\u00e5 att samla in och sammanst\u00e4lla l\u00e4get kring de vattenuttag som g\u00f6rs i Sverige. Behovet finns, data finns \u2013 alla f\u00e5r dock inte tillg\u00e5ng till denna information pga s\u00e4kerhetssk\u00e4l.&lt;\/p&gt; &lt;\/td&gt;                    &lt;\/tr&gt;                    &lt;tr&gt;                     &lt;td&gt; &lt;p&gt;Vattenbrist; i uppdraget testar man olika metoder f\u00f6r att minska risken f\u00f6r vattenbrist vid torka, t ex uppd\u00e4mning och \u00e5terskapande av v\u00e5tmarker. F\u00f6rsta omg\u00e5ngen resultat redovisas i juni 2019.&lt;\/p&gt; &lt;\/td&gt;                    &lt;\/tr&gt;                   &lt;\/tbody&gt;                  &lt;\/table&gt;                  &lt;table&gt;                   &lt;tbody&gt;                    &lt;tr&gt;&lt;\/tr&gt;                   &lt;\/tbody&gt;                  &lt;\/table&gt;                 &lt;br&gt;&lt;br&gt;\"\n                data-category=\"Seminarie - Klimat\"\n                data-category-ids=\"1006\"\n                data-span-all=\"\"\n              >\n\n              \n\n              <div class=\"vertical_bar\" style=\"background-color: #80D689;\"><\/div>\n              <div class=\"box_inner\">\n                                <span>Planering f\u00f6r en s\u00e4ker och l\u00e5ngsiktig dricksvattenf\u00f6rs\u00f6rjning<\/span>\n               <br>\n               <div class=\"lecturer\"><span>Birger  Wallsten, Svenskt Vatten, Margareta  Lundin-Unger, Utredare, Havs- och vattenmyndigheten; Anna  Eklund, Hydrolog, SMHI<\/span><\/div>\n               <div class=\"room_div \">\n                 <i class=\"list-room\">Conventum Kongress<\/i>\n               <\/div>\n\n               <div class=\"name_time_div\">\n                <i class=\"list-time\" data-time=\"09:25\">09:25-10:10 - Onsdag 15 maj<\/i>\n               <\/div>\n              <\/div>\n             <\/div>\n          <\/div>\n\n          \n          <div class=\"box-wrapper\"\n              data-id=\"1049\">\n\n              <div class='time-header' style='visibility: hidden;'>09:25<\/div>\n\n              <div class=\"box\"\n                data-id=\"1049\"\n                data-project=\"project_406_2018_09_20\"\n                data-title=\"Brunifiering och effektiva metoder f\u00f6r att avskilja f\u00e4rg (humus) samt \u00f6ka dricksvattens\u00e4kerheten (PE VattenPartner)\"\n                data-time=\"09:25-09:45\"\n                data-room=\"Studion\"\n                data-room-id=\"1005\"\n                data-room-name=\"Studion\"\n                data-day=\"1\"\n                data-abs-nbr=\"\"\n                data-abs-path=\"\"\n                data-speaker=\"Michael Ohlsson, PE VattenPartner\"\n                data-speakercell=\"Michael Ohlsson, PE VattenPartner\"\n                data-info=\"                  &lt;p&gt;&lt;br&gt;&lt;\/p&gt;                 &lt;br&gt;&lt;br&gt;\"\n                data-category=\"Seminarie - Branschf\u00f6retag\"\n                data-category-ids=\"1008\"\n                data-span-all=\"\"\n              >\n\n              \n\n              <div class=\"vertical_bar\" style=\"background-color: #D64D49;\"><\/div>\n              <div class=\"box_inner\">\n                                <span>Brunifiering och effektiva metoder f\u00f6r att avskilja f\u00e4rg (humus) samt \u00f6ka dricksvattens\u00e4kerheten (PE VattenPartner)<\/span>\n               <br>\n               <div class=\"lecturer\"><span>Michael Ohlsson, PE VattenPartner<\/span><\/div>\n               <div class=\"room_div \">\n                 <i class=\"list-room\">Studion<\/i>\n               <\/div>\n\n               <div class=\"name_time_div\">\n                <i class=\"list-time\" data-time=\"09:25\">09:25-09:45 - Onsdag 15 maj<\/i>\n               <\/div>\n              <\/div>\n             <\/div>\n          <\/div>\n\n          \n          <div class=\"box-wrapper\"\n              data-id=\"1032\">\n\n              <div class='time-header' style='visibility: hidden;'>09:25<\/div>\n\n              <div class=\"box\"\n                data-id=\"1032\"\n                data-project=\"project_406_2018_09_20\"\n                data-title=\"YH-utbildningar inom VA \u2013 fakta och framtida utmaningar\"\n                data-time=\"09:25-10:10\"\n                data-room=\"Handskmakaren\"\n                data-room-id=\"1004\"\n                data-room-name=\"Handskmakaren\"\n                data-day=\"1\"\n                data-abs-nbr=\"\"\n                data-abs-path=\"\"\n                data-speaker=\"G\u00f6ran Arvest\u00e5hl, SKY - Stiftelsen yrkesh\u00f6gskolan i Sverige; Bengt  Wahlstedt, SKY - Stiftelsen yrkesh\u00f6gskolan i Sverige\"\n                data-speakercell=\"G\u00f6ran Arvest\u00e5hl, SKY - Stiftelsen yrkesh\u00f6gskolan i Sverige; Bengt  Wahlstedt, SKY - Stiftelsen yrkesh\u00f6gskolan i Sverige\"\n                data-info=\"&lt;b&gt;Moderatorer: &lt;\/b&gt;Dan L\u00f6fgren, Svenskt Vatten&lt;br&gt;&lt;br&gt;                  &lt;p&gt;Yrkesh\u00f6gskoleutbildningarinom VA \u00e4r en relativt ny f\u00f6reteelse som finns p\u00e5 ett antal orter i landet. Hurfungerar det, vilka finns det, vilka \u00e4r det som s\u00f6ker? Vad kr\u00e4vs f\u00f6r framtidensYH-utbildningar inom va fr\u00e5n huvudm\u00e4nnen och utbildningsanordnarna?&lt;\/p&gt;                 &lt;br&gt;&lt;br&gt;\"\n                data-category=\"Seminarie - Kompetens\"\n                data-category-ids=\"1009\"\n                data-span-all=\"\"\n              >\n\n              \n\n              <div class=\"vertical_bar\" style=\"background-color: #83C8ED;\"><\/div>\n              <div class=\"box_inner\">\n                                <span>YH-utbildningar inom VA \u2013 fakta och framtida utmaningar<\/span>\n               <br>\n               <div class=\"lecturer\"><span>Dan L\u00f6fgren, Svenskt Vatten, G\u00f6ran Arvest\u00e5hl, SKY - Stiftelsen yrkesh\u00f6gskolan i Sverige; Bengt  Wahlstedt, SKY - Stiftelsen yrkesh\u00f6gskolan i Sverige<\/span><\/div>\n               <div class=\"room_div \">\n                 <i class=\"list-room\">Handskmakaren<\/i>\n               <\/div>\n\n               <div class=\"name_time_div\">\n                <i class=\"list-time\" data-time=\"09:25\">09:25-10:10 - Onsdag 15 maj<\/i>\n               <\/div>\n              <\/div>\n             <\/div>\n          <\/div>\n\n          \n          <div class=\"box-wrapper\"\n              data-id=\"1028\">\n\n              <div class='time-header' style='visibility: hidden;'>09:25<\/div>\n\n              <div class=\"box\"\n                data-id=\"1028\"\n                data-project=\"project_406_2018_09_20\"\n                data-title=\"Samarbeten mellan forskning och praktik\"\n                data-time=\"09:25-10:10\"\n                data-room=\"Club 700\"\n                data-room-id=\"1003\"\n                data-room-name=\"Club 700\"\n                data-day=\"1\"\n                data-abs-nbr=\"\"\n                data-abs-path=\"\"\n                data-speaker=\"Ann Mattsson, Gryaab; Joanna Friberg, G\u00f6teborgsregionen; Lena Blom, G\u00f6teborg Stad Kretslopp och vatten; Susanna H\u00e5kansson, VA-ingenj\u00f6r, Trollh\u00e4ttan Energi; Magnus  Arnell, Forskare, RISE Research Institutes of Sweden; Mikael  Nielsen, K\u00e4ppalaf\u00f6rbundet; Maria  Viklander , Lule\u00e5 tekniska universitet ; Tomas  Larsson, MittSverige Vatten & Avfall\"\n                data-speakercell=\"Ann Mattsson, Gryaab; Joanna Friberg, G\u00f6teborgsregionen; Lena Blom, G\u00f6teborg Stad Kretslopp och vatten; Susanna H\u00e5kansson, VA-ingenj\u00f6r, Trollh\u00e4ttan Energi; Magnus  Arnell, Forskare, RISE Research Institutes of Sweden; Mikael  Nielsen, K\u00e4ppalaf\u00f6rbundet; Maria  Viklander , Lule\u00e5 tekniska universitet ; Tomas  Larsson, MittSverige Vatten & Avfall\"\n                data-info=\"&lt;b&gt;Moderatorer: &lt;\/b&gt;Anna Norstr\u00f6m, Svenskt Vatten&lt;br&gt;&lt;br&gt;                  &lt;p&gt;Forskning f\u00f6r regional samverkan kring vattenf\u00f6rs\u00f6rjning. Lena Blom Kretslopp och vatten, G\u00f6teborgs Stad och Joanna Friberg, G\u00f6teborgsregionens kommunalf\u00f6rbund.&lt;\/p&gt;                  &lt;p&gt;Att bygga biofilter \u2013 samarbete mellan forskning och praktik ger resultat. Maria Viklander Lule\u00e5 tekniska universitet och Tomas Larsson,MittSverige Vatten &amp;amp; Avfall.&lt;\/p&gt;                  &lt;p&gt;V\u00e4rme\u00e5tervinning ur avloppsvatten \u2013 hot mot reningsverket eller m\u00f6jlighet f\u00f6r klimatet? Magnus Arnell, RISE Research Institutes of Sweden och Mikael Nielsen, K\u00e4ppalaf\u00f6rbundet.&lt;\/p&gt;                  &lt;p&gt;&lt;\/p&gt;                  &lt;p&gt;Future City Flow. Ann Mattsson, Gryaab och Susanna H\u00e5kansson, Trollh\u00e4ttan Energi AB.&lt;\/p&gt;                 &lt;br&gt;&lt;br&gt;\"\n                data-category=\"Seminarie - Digitalisering\/s\u00e4kerhet\"\n                data-category-ids=\"1007\"\n                data-span-all=\"\"\n              >\n\n              \n\n              <div class=\"vertical_bar\" style=\"background-color: #FFCC00;\"><\/div>\n              <div class=\"box_inner\">\n                                <span>Samarbeten mellan forskning och praktik<\/span>\n               <br>\n               <div class=\"lecturer\"><span>Anna Norstr\u00f6m, Svenskt Vatten, Ann Mattsson, Gryaab; Joanna Friberg, G\u00f6teborgsregionen; Lena Blom, G\u00f6teborg Stad Kretslopp och vatten; Susanna H\u00e5kansson, VA-ingenj\u00f6r, Trollh\u00e4ttan Energi; Magnus  Arnell, Forskare, RISE Research Institutes of Sweden; Mikael  Nielsen, K\u00e4ppalaf\u00f6rbundet; Maria  Viklander , Lule\u00e5 tekniska universitet ; Tomas  Larsson, MittSverige Vatten & Avfall<\/span><\/div>\n               <div class=\"room_div \">\n                 <i class=\"list-room\">Club 700<\/i>\n               <\/div>\n\n               <div class=\"name_time_div\">\n                <i class=\"list-time\" data-time=\"09:25\">09:25-10:10 - Onsdag 15 maj<\/i>\n               <\/div>\n              <\/div>\n             <\/div>\n          <\/div>\n\n          \n          <div class=\"box-wrapper\"\n              data-id=\"1046\">\n\n              <div class='time-header'>09:50<\/div>\n\n              <div class=\"box\"\n                data-id=\"1046\"\n                data-project=\"project_406_2018_09_20\"\n                data-title=\"Energibesparing f\u00f6r ett klimatsmart VA-n\u00e4t (Xylem)\"\n                data-time=\"09:50-10:10\"\n                data-room=\"Studion\"\n                data-room-id=\"1005\"\n                data-room-name=\"Studion\"\n                data-day=\"1\"\n                data-abs-nbr=\"\"\n                data-abs-path=\"\"\n                data-speaker=\"Reine   Lindholm , Xylem\"\n                data-speakercell=\"Reine   Lindholm , Xylem\"\n                data-info=\"                  &lt;p&gt;&lt;br&gt;&lt;\/p&gt;                 &lt;br&gt;&lt;br&gt;\"\n                data-category=\"Seminarie - Branschf\u00f6retag\"\n                data-category-ids=\"1008\"\n                data-span-all=\"\"\n              >\n\n              \n\n              <div class=\"vertical_bar\" style=\"background-color: #D64D49;\"><\/div>\n              <div class=\"box_inner\">\n                                <span>Energibesparing f\u00f6r ett klimatsmart VA-n\u00e4t (Xylem)<\/span>\n               <br>\n               <div class=\"lecturer\"><span>Reine   Lindholm , Xylem<\/span><\/div>\n               <div class=\"room_div \">\n                 <i class=\"list-room\">Studion<\/i>\n               <\/div>\n\n               <div class=\"name_time_div\">\n                <i class=\"list-time\" data-time=\"09:50\">09:50-10:10 - Onsdag 15 maj<\/i>\n               <\/div>\n              <\/div>\n             <\/div>\n          <\/div>\n\n          \n          <div class=\"box-wrapper\"\n              data-id=\"1022\">\n\n              <div class='time-header'>10:10<\/div>\n\n              <div class=\"box\"\n                data-id=\"1022\"\n                data-project=\"project_406_2018_09_20\"\n                data-title=\"Kaffepaus hos utst\u00e4llarna\"\n                data-time=\"10:10-10:40\"\n                data-room=\"Forum\"\n                data-room-id=\"1006\"\n                data-room-name=\"Forum\"\n                data-day=\"1\"\n                data-abs-nbr=\"\"\n                data-abs-path=\"\"\n                data-speaker=\"\"\n                data-speakercell=\"\"\n                data-info=\"                  &lt;p&gt;V\u00e4lkommen att bes\u00f6ka montrarna!&lt;\/p&gt;                 &lt;br&gt;&lt;br&gt;\"\n                data-category=\"\"\n                data-category-ids=\"\"\n                data-span-all=\"1\"\n              >\n\n              \n\n              <div class=\"vertical_bar\" style=\"background-color: rgba(255, 255, 255, 0);\"><\/div>\n              <div class=\"box_inner\">\n                                <span>Kaffepaus hos utst\u00e4llarna<\/span>\n               <br>\n               \n               <div class=\"room_div \">\n                 <i class=\"list-room\">Forum<\/i>\n               <\/div>\n\n               <div class=\"name_time_div\">\n                <i class=\"list-time\" data-time=\"10:10\">10:10-10:40 - Onsdag 15 maj<\/i>\n               <\/div>\n              <\/div>\n             <\/div>\n          <\/div>\n\n          \n          <div class=\"box-wrapper\"\n              data-id=\"1033\">\n\n              <div class='time-header'>10:40<\/div>\n\n              <div class=\"box\"\n                data-id=\"1033\"\n                data-project=\"project_406_2018_09_20\"\n                data-title=\"R\u00e4cker h\u00f6gskole- och civilingenj\u00f6rerna \u00e4ven till VA i framtiden?\"\n                data-time=\"10:40-11:25\"\n                data-room=\"Handskmakaren\"\n                data-room-id=\"1004\"\n                data-room-name=\"Handskmakaren\"\n                data-day=\"1\"\n                data-abs-nbr=\"\"\n                data-abs-path=\"\"\n                data-speaker=\"Annelie Hedstr\u00f6m, Bitr\u00e4dande professor, Lule\u00e5 Tekniska Universitet; Karin J\u00f6nsson, Docent, Lunds Universitet; Mia Bondelid, Programansvarig Samh\u00e4llsbyggnadsteknik, Chalmers Tekniska H\u00f6gskola\"\n                data-speakercell=\"Annelie Hedstr\u00f6m, Bitr\u00e4dande professor, Lule\u00e5 Tekniska Universitet; Karin J\u00f6nsson, Docent, Lunds Universitet; Mia Bondelid, Programansvarig Samh\u00e4llsbyggnadsteknik, Chalmers Tekniska H\u00f6gskola\"\n                data-info=\"&lt;b&gt;Moderatorer: &lt;\/b&gt;Anna Norstr\u00f6m, Svenskt Vatten&lt;br&gt;&lt;br&gt;                  &lt;p&gt;Historik, l\u00e4get, trender och framtiden inom grundutbildningarna n\u00e4r det g\u00e4ller VA p\u00e5 de olika l\u00e4ros\u00e4tena redovisas. Finns det anledning till hopp \u2013eller oro?&lt;\/p&gt;                  &lt;p&gt;Annelie Hedstr\u00f6m, grundutbildningssansvarig p\u00e5 Arkitektur och Vatten, och bitr\u00e4dande professor i VA-teknik p\u00e5 Lule\u00e5 tekniska universitet.&lt;br&gt;Mia Bondelind, programansvarig f\u00f6r Samh\u00e4llsbyggnadsteknik vid Institutionen f\u00f6r arkitektur och samh\u00e4llsbyggnadsteknik p\u00e5 Chalmers tekniska h\u00f6gskola.&lt;br&gt;Karin J\u00f6nsson, docent, ledare f\u00f6r VA-teknikgruppen vid Lunds universitet&lt;\/p&gt;                  &lt;p&gt;&lt;br&gt;&lt;\/p&gt;                 &lt;br&gt;&lt;br&gt;\"\n                data-category=\"Seminarie - Kompetens\"\n                data-category-ids=\"1009\"\n                data-span-all=\"\"\n              >\n\n              \n\n              <div class=\"vertical_bar\" style=\"background-color: #83C8ED;\"><\/div>\n              <div class=\"box_inner\">\n                                <span>R\u00e4cker h\u00f6gskole- och civilingenj\u00f6rerna \u00e4ven till VA i framtiden?<\/span>\n               <br>\n               <div class=\"lecturer\"><span>Anna Norstr\u00f6m, Svenskt Vatten, Annelie Hedstr\u00f6m, Bitr\u00e4dande professor, Lule\u00e5 Tekniska Universitet; Karin J\u00f6nsson, Docent, Lunds Universitet; Mia Bondelid, Programansvarig Samh\u00e4llsbyggnadsteknik, Chalmers Tekniska H\u00f6gskola<\/span><\/div>\n               <div class=\"room_div \">\n                 <i class=\"list-room\">Handskmakaren<\/i>\n               <\/div>\n\n               <div class=\"name_time_div\">\n                <i class=\"list-time\" data-time=\"10:40\">10:40-11:25 - Onsdag 15 maj<\/i>\n               <\/div>\n              <\/div>\n             <\/div>\n          <\/div>\n\n          \n          <div class=\"box-wrapper\"\n              data-id=\"1036\">\n\n              <div class='time-header' style='visibility: hidden;'>10:40<\/div>\n\n              <div class=\"box\"\n                data-id=\"1036\"\n                data-project=\"project_406_2018_09_20\"\n                data-title=\"Vi f\u00f6rlorar 500 miljoner liter dricksvatten - varje dag! (Kamstrup)\"\n                data-time=\"10:40-11:00\"\n                data-room=\"Studion\"\n                data-room-id=\"1005\"\n                data-room-name=\"Studion\"\n                data-day=\"1\"\n                data-abs-nbr=\"\"\n                data-abs-path=\"\"\n                data-speaker=\"Mattias   Bornerberg , Kamstrup\"\n                data-speakercell=\"Mattias   Bornerberg , Kamstrup\"\n                data-info=\"                  &lt;p&gt;&lt;br&gt;&lt;\/p&gt;                 &lt;br&gt;&lt;br&gt;\"\n                data-category=\"Seminarie - Branschf\u00f6retag\"\n                data-category-ids=\"1008\"\n                data-span-all=\"\"\n              >\n\n              \n\n              <div class=\"vertical_bar\" style=\"background-color: #D64D49;\"><\/div>\n              <div class=\"box_inner\">\n                                <span>Vi f\u00f6rlorar 500 miljoner liter dricksvatten - varje dag! (Kamstrup)<\/span>\n               <br>\n               <div class=\"lecturer\"><span>Mattias   Bornerberg , Kamstrup<\/span><\/div>\n               <div class=\"room_div \">\n                 <i class=\"list-room\">Studion<\/i>\n               <\/div>\n\n               <div class=\"name_time_div\">\n                <i class=\"list-time\" data-time=\"10:40\">10:40-11:00 - Onsdag 15 maj<\/i>\n               <\/div>\n              <\/div>\n             <\/div>\n          <\/div>\n\n          \n          <div class=\"box-wrapper\"\n              data-id=\"1029\">\n\n              <div class='time-header' style='visibility: hidden;'>10:40<\/div>\n\n              <div class=\"box\"\n                data-id=\"1029\"\n                data-project=\"project_406_2018_09_20\"\n                data-title=\"Dricksvatten (VA) en del av totalf\u00f6rsvaret. NIS-direktivet \u2013 aktuell l\u00e4gesbild.\"\n                data-time=\"10:40-11:25\"\n                data-room=\"Club 700\"\n                data-room-id=\"1003\"\n                data-room-name=\"Club 700\"\n                data-day=\"1\"\n                data-abs-nbr=\"\"\n                data-abs-path=\"\"\n                data-speaker=\"Kjell  Mo , Senior samordnare, F\u00f6rsvarsh\u00f6gskolan\/CTSS; Katarina  Sunneg\u00e5rdh, NIS-tillsyn, Livsmedelsverket ; Torbj\u00f6rn  Lofterud, Livsmedelsverket\"\n                data-speakercell=\"Kjell  Mo , Senior samordnare, F\u00f6rsvarsh\u00f6gskolan\/CTSS; Katarina  Sunneg\u00e5rdh, NIS-tillsyn, Livsmedelsverket ; Torbj\u00f6rn  Lofterud, Livsmedelsverket\"\n                data-info=\"&lt;b&gt;Moderatorer: &lt;\/b&gt;Birger  Wallsten, Svenskt Vatten&lt;br&gt;&lt;br&gt;                  &lt;p&gt;Hur ser det aktuella s\u00e4kerhetsl\u00e4get ut, vilken hotbild finns? Hur kommer VA-verksamheten in i totalf\u00f6rsvaret?&amp;nbsp;Vikten av att t\u00e4nka p\u00e5 krigsorganisation och krigsplacering av personal.&lt;\/p&gt;                  &lt;p&gt;NIS-direktivet har funnits sedan 2016 och i svensk lag fr\u00e5n augusti 2018. Skyldighet att rapportera incidenter b\u00f6rjade 1 mars 2019.&lt;\/p&gt;                  &lt;p&gt;&lt;\/p&gt;                  &lt;p&gt;Under v\u00e5ren har Livsmedelsverket via en sj\u00e4lvskattningsenk\u00e4t gjort tillsyn av informationss\u00e4kerhetsarbetet hos VA-huvudm\u00e4nnen. Prelimin\u00e4ra slutsatser och resultat presenteras.&lt;\/p&gt;                 &lt;br&gt;&lt;br&gt;\"\n                data-category=\"Seminarie - Digitalisering\/s\u00e4kerhet\"\n                data-category-ids=\"1007\"\n                data-span-all=\"\"\n              >\n\n              \n\n              <div class=\"vertical_bar\" style=\"background-color: #FFCC00;\"><\/div>\n              <div class=\"box_inner\">\n                                <span>Dricksvatten (VA) en del av totalf\u00f6rsvaret. NIS-direktivet \u2013 aktuell l\u00e4gesbild.<\/span>\n               <br>\n               <div class=\"lecturer\"><span>Birger  Wallsten, Svenskt Vatten, Kjell  Mo , Senior samordnare, F\u00f6rsvarsh\u00f6gskolan\/CTSS; Katarina  Sunneg\u00e5rdh, NIS-tillsyn, Livsmedelsverket ; Torbj\u00f6rn  Lofterud, Livsmedelsverket<\/span><\/div>\n               <div class=\"room_div \">\n                 <i class=\"list-room\">Club 700<\/i>\n               <\/div>\n\n               <div class=\"name_time_div\">\n                <i class=\"list-time\" data-time=\"10:40\">10:40-11:25 - Onsdag 15 maj<\/i>\n               <\/div>\n              <\/div>\n             <\/div>\n          <\/div>\n\n          \n          <div class=\"box-wrapper\"\n              data-id=\"1021\">\n\n              <div class='time-header' style='visibility: hidden;'>10:40<\/div>\n\n              <div class=\"box\"\n                data-id=\"1021\"\n                data-project=\"project_406_2018_09_20\"\n                data-title=\"Vilka skyfall skall vi f\u00f6rbereda oss p\u00e5?\"\n                data-time=\"10:40-11:25\"\n                data-room=\"Conventum Kongress\"\n                data-room-id=\"1002\"\n                data-room-name=\"Conventum Kongress\"\n                data-day=\"1\"\n                data-abs-nbr=\"\"\n                data-abs-path=\"\"\n                data-speaker=\"Peter Berg , Forskare, SMHI; Gilbert  Svensson, Docent, GS Vattenforum AB\"\n                data-speakercell=\"Peter Berg , Forskare, SMHI; Gilbert  Svensson, Docent, GS Vattenforum AB\"\n                data-info=\"&lt;b&gt;Moderatorer: &lt;\/b&gt;Hans B\u00e4ckman, Svenskt Vatten &lt;br&gt;&lt;br&gt;                  &lt;table&gt;                   &lt;tbody&gt;                    &lt;tr&gt;                     &lt;td&gt;Tv\u00e5 myndighetsinspel f\u00f6ljt av paneldiskussion&lt;br&gt;&lt;br&gt;&lt;\/td&gt;                    &lt;\/tr&gt;                   &lt;\/tbody&gt;                  &lt;\/table&gt;Vilka skyfall skall vif\u00f6rbereda oss p\u00e5? Hur v\u00e4lja klimatfaktor? Peter Berg, SMHI, Gilbert Svensson,Vattenforum&amp;nbsp; &amp;nbsp; &amp;nbsp; &amp;nbsp; &amp;nbsp; &amp;nbsp; &amp;nbsp; &amp;nbsp; &amp;nbsp; &amp;nbsp; &amp;nbsp; &amp;nbsp; &amp;nbsp; &amp;nbsp; &amp;nbsp; &amp;nbsp; &amp;nbsp; &amp;nbsp; &amp;nbsp;&amp;nbsp;                  &lt;p&gt;&lt;br&gt;Nationellt system f\u00f6r\u00f6verf\u00f6ring VA-branschens nederb\u00f6rdsdata till SMHI, Peter Berg,SMHI&amp;nbsp;&amp;nbsp;&amp;nbsp;&amp;nbsp;&amp;nbsp;&amp;nbsp;&amp;nbsp;&amp;nbsp;&amp;nbsp;&amp;nbsp;&amp;nbsp;&amp;nbsp;&amp;nbsp;&amp;nbsp;&amp;nbsp;&amp;nbsp;&amp;nbsp;&amp;nbsp;&amp;nbsp;&lt;\/p&gt;                  &lt;p&gt;Fr\u00e5gestund&amp;nbsp;&lt;\/p&gt;                 &lt;br&gt;&lt;br&gt;\"\n                data-category=\"Seminarie - Klimat\"\n                data-category-ids=\"1006\"\n                data-span-all=\"\"\n              >\n\n              \n\n              <div class=\"vertical_bar\" style=\"background-color: #80D689;\"><\/div>\n              <div class=\"box_inner\">\n                                <span>Vilka skyfall skall vi f\u00f6rbereda oss p\u00e5?<\/span>\n               <br>\n               <div class=\"lecturer\"><span>Hans B\u00e4ckman, Svenskt Vatten , Peter Berg , Forskare, SMHI; Gilbert  Svensson, Docent, GS Vattenforum AB<\/span><\/div>\n               <div class=\"room_div \">\n                 <i class=\"list-room\">Conventum Kongress<\/i>\n               <\/div>\n\n               <div class=\"name_time_div\">\n                <i class=\"list-time\" data-time=\"10:40\">10:40-11:25 - Onsdag 15 maj<\/i>\n               <\/div>\n              <\/div>\n             <\/div>\n          <\/div>\n\n          \n          <div class=\"box-wrapper\"\n              data-id=\"1056\">\n\n              <div class='time-header' style='visibility: hidden;'>10:40<\/div>\n\n              <div class=\"box\"\n                data-id=\"1056\"\n                data-project=\"project_406_2018_09_20\"\n                data-title=\"Hur skriver man om vatten p\u00e5 ett nytt s\u00e4tt? Lyssna till samtal med Anna Froster, f\u00f6rfattaren till texterna i boken Om att v\u00e4rdera det ov\u00e4rderliga.\"\n                data-time=\"10:40-11:25\"\n                data-room=\"N\u00e4bben\"\n                data-room-id=\"1012\"\n                data-room-name=\"N\u00e4bben\"\n                data-day=\"1\"\n                data-abs-nbr=\"\"\n                data-abs-path=\"\"\n                data-speaker=\"Anna  Froster , F\u00f6rfattare och journalist\"\n                data-speakercell=\"Anna  Froster , F\u00f6rfattare och journalist\"\n                data-info=\"                 &lt;p&gt;OBS:&amp;nbsp;Begr\u00e4nsat antal platser. F\u00f6rst till kvarn.&lt;\/p&gt;                &lt;br&gt;&lt;br&gt;\"\n                data-category=\"\"\n                data-category-ids=\"\"\n                data-span-all=\"\"\n              >\n\n              \n\n              <div class=\"vertical_bar\" style=\"background-color: rgba(255, 255, 255, 0);\"><\/div>\n              <div class=\"box_inner\">\n                                <span>Hur skriver man om vatten p\u00e5 ett nytt s\u00e4tt? Lyssna till samtal med Anna Froster, f\u00f6rfattaren till texterna i boken Om att v\u00e4rdera det ov\u00e4rderliga.<\/span>\n               <br>\n               <div class=\"lecturer\"><span>Anna  Froster , F\u00f6rfattare och journalist<\/span><\/div>\n               <div class=\"room_div \">\n                 <i class=\"list-room\">N\u00e4bben<\/i>\n               <\/div>\n\n               <div class=\"name_time_div\">\n                <i class=\"list-time\" data-time=\"10:40\">10:40-11:25 - Onsdag 15 maj<\/i>\n               <\/div>\n              <\/div>\n             <\/div>\n          <\/div>\n\n          \n          <div class=\"box-wrapper\"\n              data-id=\"1050\">\n\n              <div class='time-header'>11:05<\/div>\n\n              <div class=\"box\"\n                data-id=\"1050\"\n                data-project=\"project_406_2018_09_20\"\n                data-title=\"Vi p\u00e5 WSP arbetar globalt och levererar lokalt. Global samverkan hj\u00e4lper till med kompetensf\u00f6rs\u00f6rjningen! (WSP)\"\n                data-time=\"11:05-11:25\"\n                data-room=\"Studion\"\n                data-room-id=\"1005\"\n                data-room-name=\"Studion\"\n                data-day=\"1\"\n                data-abs-nbr=\"\"\n                data-abs-path=\"\"\n                data-speaker=\"\"\n                data-speakercell=\"\"\n                data-info=\"                  &lt;p&gt;VA-branschen st\u00e5r inf\u00f6r stora utmaningarn\u00e4r det g\u00e4ller tillg\u00e5ngen p\u00e5 resurser och r\u00e4tt kompetenser. Alla delar avbranschen, s\u00e5v\u00e4l VA-huvudm\u00e4n, entrepren\u00f6rer och konsulter, drar i sammakompetenser, och \u00e4r tillsammans beroende av att hitta s\u00e4tt att nyttjakompetensbasen p\u00e5 b\u00e4sta s\u00e4tt. En av WSPs styrkor \u00e4r att vara globala ochsamarbeta \u00f6ver hela v\u00e4rlden. Med ett n\u00e4tverk av 250 medarbetare inom VA fr\u00e5nflera l\u00e4nder ut\u00f6kas kompetensbasen, men det medf\u00f6r \u00e4ven vissautmaningar.&amp;nbsp;&amp;nbsp;&lt;\/p&gt;&lt;p&gt;Utifr\u00e5n verkliga uppdrag som vigenomf\u00f6rt tillsammans med VA-huvudm\u00e4n visar vi exempel och skapar en dialogkring f\u00f6ljande teman:&lt;\/p&gt;&lt;p&gt;&lt;ul&gt;&lt;li&gt;Internationell VA-kompetens urVA-huvudmannens perspektiv&lt;\/li&gt;&lt;li&gt;S\u00e4kerhetsaspekter kopplat tilluppdrag&lt;\/li&gt;&lt;li&gt;Spr\u00e5k- och kulturskillnader&lt;\/li&gt;&lt;li&gt;Internationellamerv\u00e4rden&amp;nbsp;&lt;\/li&gt;&lt;\/ul&gt;&lt;\/p&gt;&lt;p&gt;&lt;\/p&gt;                 &lt;br&gt;&lt;br&gt;\"\n                data-category=\"Seminarie - Branschf\u00f6retag\"\n                data-category-ids=\"1008\"\n                data-span-all=\"\"\n              >\n\n              \n\n              <div class=\"vertical_bar\" style=\"background-color: #D64D49;\"><\/div>\n              <div class=\"box_inner\">\n                                <span>Vi p\u00e5 WSP arbetar globalt och levererar lokalt. Global samverkan hj\u00e4lper till med kompetensf\u00f6rs\u00f6rjningen! (WSP)<\/span>\n               <br>\n               \n               <div class=\"room_div \">\n                 <i class=\"list-room\">Studion<\/i>\n               <\/div>\n\n               <div class=\"name_time_div\">\n                <i class=\"list-time\" data-time=\"11:05\">11:05-11:25 - Onsdag 15 maj<\/i>\n               <\/div>\n              <\/div>\n             <\/div>\n          <\/div>\n\n          \n          <div class=\"box-wrapper\"\n              data-id=\"1034\">\n\n              <div class='time-header'>11:35<\/div>\n\n              <div class=\"box\"\n                data-id=\"1034\"\n                data-project=\"project_406_2018_09_20\"\n                data-title=\"Hur s\u00e4krar praktik framtidens kompetensf\u00f6rs\u00f6rjning?\"\n                data-time=\"11:35-12:15\"\n                data-room=\"Handskmakaren\"\n                data-room-id=\"1004\"\n                data-room-name=\"Handskmakaren\"\n                data-day=\"1\"\n                data-abs-nbr=\"\"\n                data-abs-path=\"\"\n                data-speaker=\"Helena  Gyrulf, Client Relationship Manager, Ingenj\u00f6rsvetenskapsakademin; Sarah Bixo, Ingenj\u00f6rsvetenskapsakademin\"\n                data-speakercell=\"Helena  Gyrulf, Client Relationship Manager, Ingenj\u00f6rsvetenskapsakademin; Sarah Bixo, Ingenj\u00f6rsvetenskapsakademin\"\n                data-info=\"&lt;b&gt;Moderatorer: &lt;\/b&gt;Dan L\u00f6fgren, Svenskt Vatten&lt;br&gt;&lt;br&gt;                  &lt;p&gt;&lt;b&gt;Projektet Teknikspr\u00e5nget&lt;\/b&gt;&lt;br&gt;&lt;\/p&gt;                  &lt;p&gt;Teknikspr\u00e5nget \u00e4r ett nationellt praktikprogram f\u00f6r ungdomar som syftar till att inspirera och motivera till att l\u00e4sa och avsluta en h\u00f6gre teknisk utbildning.&amp;nbsp;Sedan starten 2012 har 17&amp;nbsp;000 har s\u00f6kt och 4000 har f\u00e5tt praktik. Ca 200 arbetsgivare p\u00e5 ca 100 orter deltar. Efter praktiken vill 8 av 10 bli ingenj\u00f6rer. Teknikspr\u00e5nget leder en projektgrupp med h\u00f6gskolor f\u00f6r att studera avhopp och genomstr\u00f6mning.&amp;nbsp;&lt;\/p&gt;                  &lt;p&gt;&lt;b&gt;Projektet Jobbspr\u00e5nget&lt;\/b&gt;&lt;\/p&gt;                  &lt;p&gt;Jobbspr\u00e5nget \u00e4r ett praktikprogram som tillvaratar kompetensen hos nyanl\u00e4nda akademiker och p\u00e5skyndar introduktionen till den svenska arbetsmarknaden. Praktiken sker p\u00e5 de deltagandes yrkesniv\u00e5. Ca 150 arbetsgivare deltar p\u00e5 50 orter. 50% av praktikanterna var kvinnor h\u00f6sten 2018. S\u00e5v\u00e4l privat som offentlig sektor deltar. 3700 har s\u00f6kt och 400 har f\u00e5tt praktik. Efter 4 m\u00e5naders praktik f\u00e5r 7 av 10 jobb.&lt;\/p&gt;                  &lt;p&gt;B\u00e5da programmen drivs av Kungliga Ingenj\u00f6rsvetenskapsakademin (IVA).&lt;\/p&gt;                  &lt;p&gt;&lt;\/p&gt;                  &lt;p&gt;Uppsala Vatten &amp;amp; Avfall och Norrvatten n\u00e4rvarar p\u00e5 scen och delar med sig av sina erfarenheter av att vara arbetsgivare i Teknik- och Jobbspr\u00e5nget.&amp;nbsp;&lt;\/p&gt;                 &lt;br&gt;&lt;br&gt;\"\n                data-category=\"Seminarie - Kompetens\"\n                data-category-ids=\"1009\"\n                data-span-all=\"\"\n              >\n\n              \n\n              <div class=\"vertical_bar\" style=\"background-color: #83C8ED;\"><\/div>\n              <div class=\"box_inner\">\n                                <span>Hur s\u00e4krar praktik framtidens kompetensf\u00f6rs\u00f6rjning?<\/span>\n               <br>\n               <div class=\"lecturer\"><span>Dan L\u00f6fgren, Svenskt Vatten, Helena  Gyrulf, Client Relationship Manager, Ingenj\u00f6rsvetenskapsakademin; Sarah Bixo, Ingenj\u00f6rsvetenskapsakademin<\/span><\/div>\n               <div class=\"room_div \">\n                 <i class=\"list-room\">Handskmakaren<\/i>\n               <\/div>\n\n               <div class=\"name_time_div\">\n                <i class=\"list-time\" data-time=\"11:35\">11:35-12:15 - Onsdag 15 maj<\/i>\n               <\/div>\n              <\/div>\n             <\/div>\n          <\/div>\n\n          \n          <div class=\"box-wrapper\"\n              data-id=\"1030\">\n\n              <div class='time-header' style='visibility: hidden;'>11:35<\/div>\n\n              <div class=\"box\"\n                data-id=\"1030\"\n                data-project=\"project_406_2018_09_20\"\n                data-title=\"S\u00e4ker kommunikation \u2013 samarbete mellan s\u00e4kerhet och kommunikation\"\n                data-time=\"11:35-12:15\"\n                data-room=\"Club 700\"\n                data-room-id=\"1003\"\n                data-room-name=\"Club 700\"\n                data-day=\"1\"\n                data-abs-nbr=\"\"\n                data-abs-path=\"\"\n                data-speaker=\"Matthias  Lind, S\u00e4kerhetschef, Vakin; Johan  Sj\u00f6din , Kommunikat\u00f6r, Vakin\"\n                data-speakercell=\"Matthias  Lind, S\u00e4kerhetschef, Vakin; Johan  Sj\u00f6din , Kommunikat\u00f6r, Vakin\"\n                data-info=\"&lt;b&gt;Moderatorer: &lt;\/b&gt;Lars Jederlund, Vetsam&lt;br&gt;&lt;br&gt;                  &lt;p&gt;Hur det g\u00e5r att arbeta mellan kommunikation som ofta vill ber\u00e4tta mycket och s\u00e4kerhet som ofta inte vill ber\u00e4tta n\u00e5got?&lt;br&gt;Hur skapar man f\u00f6rtroende och f\u00f6rst\u00e5else f\u00f6r v\u00e5r verksamhet samtidigt som det \u00e4r viktigt att h\u00e5lla viss information hemlig? &lt;br&gt;Vakin ber\u00e4ttar hur kommunikation och s\u00e4kerhet kan jobba tillsammans och hur digitala kanaler och arbetss\u00e4tt kan hj\u00e4lpa till.&amp;nbsp;&amp;nbsp;&lt;\/p&gt;                 &lt;br&gt;&lt;br&gt;\"\n                data-category=\"Seminarie - Digitalisering\/s\u00e4kerhet\"\n                data-category-ids=\"1007\"\n                data-span-all=\"\"\n              >\n\n              \n\n              <div class=\"vertical_bar\" style=\"background-color: #FFCC00;\"><\/div>\n              <div class=\"box_inner\">\n                                <span>S\u00e4ker kommunikation \u2013 samarbete mellan s\u00e4kerhet och kommunikation<\/span>\n               <br>\n               <div class=\"lecturer\"><span>Lars Jederlund, Vetsam, Matthias  Lind, S\u00e4kerhetschef, Vakin; Johan  Sj\u00f6din , Kommunikat\u00f6r, Vakin<\/span><\/div>\n               <div class=\"room_div \">\n                 <i class=\"list-room\">Club 700<\/i>\n               <\/div>\n\n               <div class=\"name_time_div\">\n                <i class=\"list-time\" data-time=\"11:35\">11:35-12:15 - Onsdag 15 maj<\/i>\n               <\/div>\n              <\/div>\n             <\/div>\n          <\/div>\n\n          \n          <div class=\"box-wrapper\"\n              data-id=\"1037\">\n\n              <div class='time-header' style='visibility: hidden;'>11:35<\/div>\n\n              <div class=\"box\"\n                data-id=\"1037\"\n                data-project=\"project_406_2018_09_20\"\n                data-title=\"Betongrenoveringar under 25 \u00e5rs tid (Ytskyddsakademien)\"\n                data-time=\"11:35-11:55\"\n                data-room=\"Studion\"\n                data-room-id=\"1005\"\n                data-room-name=\"Studion\"\n                data-day=\"1\"\n                data-abs-nbr=\"\"\n                data-abs-path=\"\"\n                data-speaker=\"Tommy  Th\u00f6rn, Ytskyddsakademin\"\n                data-speakercell=\"Tommy  Th\u00f6rn, Ytskyddsakademin\"\n                data-info=\"                  &lt;p&gt;&lt;b&gt;Betongrenoveringar under 25\u00e5rs tid&lt;\/b&gt;&lt;\/p&gt;                  &lt;p&gt;&lt;\/p&gt;                  &lt;ul&gt;                   &lt;li&gt;Under 25 \u00e5rs tid har Ytskyddsakademiens medlemmar renoverat och ytskyddat vattentorn, l\u00e5ngsam filter, vattenreservoarer, invallningar, tak m.m runt om i Sverige&lt;\/li&gt;                   &lt;li&gt;Med r\u00e4tt inspektioner, tillst\u00e5ndsbed\u00f6mningar, \u00e5tg\u00e4rdsplaner, moderna metoder och materialval s\u00e5 \u00e4r det m\u00f6jligt att renovera och ytskydda och d\u00e4rmed ge konstruktionerna \u00f6kad livsl\u00e4ngd&lt;\/li&gt;                   &lt;li&gt;Vi visar exempel p\u00e5 skador som \u00e5tg\u00e4rdats och vilka metoder och materialval som \u00e4r l\u00e4mpliga att anv\u00e4nda &lt;\/li&gt;                   &lt;li&gt;Viktigt att t\u00e4nka p\u00e5 vid renovering och ytskydd&lt;\/li&gt;                   &lt;li&gt;Begr\u00e4nsningar respektive teknologi&lt;\/li&gt;                  &lt;\/ul&gt;                 &lt;br&gt;&lt;br&gt;\"\n                data-category=\"Seminarie - Branschf\u00f6retag\"\n                data-category-ids=\"1008\"\n                data-span-all=\"\"\n              >\n\n              \n\n              <div class=\"vertical_bar\" style=\"background-color: #D64D49;\"><\/div>\n              <div class=\"box_inner\">\n                                <span>Betongrenoveringar under 25 \u00e5rs tid (Ytskyddsakademien)<\/span>\n               <br>\n               <div class=\"lecturer\"><span>Tommy  Th\u00f6rn, Ytskyddsakademin<\/span><\/div>\n               <div class=\"room_div \">\n                 <i class=\"list-room\">Studion<\/i>\n               <\/div>\n\n               <div class=\"name_time_div\">\n                <i class=\"list-time\" data-time=\"11:35\">11:35-11:55 - Onsdag 15 maj<\/i>\n               <\/div>\n              <\/div>\n             <\/div>\n          <\/div>\n\n          \n          <div class=\"box-wrapper\"\n              data-id=\"1024\">\n\n              <div class='time-header' style='visibility: hidden;'>11:35<\/div>\n\n              <div class=\"box\"\n                data-id=\"1024\"\n                data-project=\"project_406_2018_09_20\"\n                data-title=\"Samverkan Svenskt vatten och f\u00f6rs\u00e4kringsbranschen\"\n                data-time=\"11:35-12:15\"\n                data-room=\"Conventum Kongress\"\n                data-room-id=\"1002\"\n                data-room-name=\"Conventum Kongress\"\n                data-day=\"1\"\n                data-abs-nbr=\"\"\n                data-abs-path=\"\"\n                data-speaker=\" Johan  Litsmark, Naturskadespecialist, L\u00e4nsf\u00f6rs\u00e4kringar; Mathias  von Scherling, Projektledare, RISE \"\n                data-speakercell=\" Johan  Litsmark, Naturskadespecialist, L\u00e4nsf\u00f6rs\u00e4kringar; Mathias  von Scherling, Projektledare, RISE \"\n                data-info=\"&lt;b&gt;Moderatorer: &lt;\/b&gt;Hans B\u00e4ckman, Svenskt Vatten &lt;br&gt;&lt;br&gt;                  &lt;p&gt;&lt;b&gt;Klimatf\u00f6r\u00e4ndringar och f\u00f6rs\u00e4kringar - hur kommer det att g\u00e5? &lt;\/b&gt;Johan Litsmark, L\u00e4nsf\u00f6rs\u00e4kringar &lt;\/p&gt;                  &lt;p&gt;&lt;b&gt;Samverkan mellan VA branschen och f\u00f6rs\u00e4kringsbranschen om informationsutbyte vid regresshantering. &lt;\/b&gt;Mathias von Scherling, RISE &lt;br&gt;&lt;b&gt;Fr\u00e5gestund.&lt;\/b&gt; Moderator Hans B\u00e4ckman&amp;nbsp;&lt;\/p&gt;                  &lt;br&gt;                 &lt;br&gt;&lt;br&gt;\"\n                data-category=\"Seminarie - Klimat\"\n                data-category-ids=\"1006\"\n                data-span-all=\"\"\n              >\n\n              \n\n              <div class=\"vertical_bar\" style=\"background-color: #80D689;\"><\/div>\n              <div class=\"box_inner\">\n                                <span>Samverkan Svenskt vatten och f\u00f6rs\u00e4kringsbranschen<\/span>\n               <br>\n               <div class=\"lecturer\"><span>Hans B\u00e4ckman, Svenskt Vatten ,  Johan  Litsmark, Naturskadespecialist, L\u00e4nsf\u00f6rs\u00e4kringar; Mathias  von Scherling, Projektledare, RISE <\/span><\/div>\n               <div class=\"room_div \">\n                 <i class=\"list-room\">Conventum Kongress<\/i>\n               <\/div>\n\n               <div class=\"name_time_div\">\n                <i class=\"list-time\" data-time=\"11:35\">11:35-12:15 - Onsdag 15 maj<\/i>\n               <\/div>\n              <\/div>\n             <\/div>\n          <\/div>\n\n          \n          <div class=\"box-wrapper\"\n              data-id=\"1051\">\n\n              <div class='time-header'>11:55<\/div>\n\n              <div class=\"box\"\n                data-id=\"1051\"\n                data-project=\"project_406_2018_09_20\"\n                data-title=\"Smart och s\u00e4ker vattenm\u00e4tning och insamling av m\u00e4tv\u00e4rden! (Diehl Metering)\"\n                data-time=\"11:55-12:15\"\n                data-room=\"Studion\"\n                data-room-id=\"1005\"\n                data-room-name=\"Studion\"\n                data-day=\"1\"\n                data-abs-nbr=\"\"\n                data-abs-path=\"\"\n                data-speaker=\"J\u00f6ran Forslund , Diehl Metering\"\n                data-speakercell=\"J\u00f6ran Forslund , Diehl Metering\"\n                data-info=\"                  &lt;p&gt;&lt;br&gt;&lt;\/p&gt;                 &lt;br&gt;&lt;br&gt;\"\n                data-category=\"Seminarie - Branschf\u00f6retag\"\n                data-category-ids=\"1008\"\n                data-span-all=\"\"\n              >\n\n              \n\n              <div class=\"vertical_bar\" style=\"background-color: #D64D49;\"><\/div>\n              <div class=\"box_inner\">\n                                <span>Smart och s\u00e4ker vattenm\u00e4tning och insamling av m\u00e4tv\u00e4rden! (Diehl Metering)<\/span>\n               <br>\n               <div class=\"lecturer\"><span>J\u00f6ran Forslund , Diehl Metering<\/span><\/div>\n               <div class=\"room_div \">\n                 <i class=\"list-room\">Studion<\/i>\n               <\/div>\n\n               <div class=\"name_time_div\">\n                <i class=\"list-time\" data-time=\"11:55\">11:55-12:15 - Onsdag 15 maj<\/i>\n               <\/div>\n              <\/div>\n             <\/div>\n          <\/div>\n\n          \n          <div class=\"box-wrapper\"\n              data-id=\"1023\">\n\n              <div class='time-header'>12:15<\/div>\n\n              <div class=\"box\"\n                data-id=\"1023\"\n                data-project=\"project_406_2018_09_20\"\n                data-title=\"Lunch p\u00e5 plan 1\"\n                data-time=\"12:15-13:15\"\n                data-room=\"Conventum Bankett\"\n                data-room-id=\"1007\"\n                data-room-name=\"Conventum Bankett\"\n                data-day=\"1\"\n                data-abs-nbr=\"\"\n                data-abs-path=\"\"\n                data-speaker=\"\"\n                data-speakercell=\"\"\n                data-info=\"                  &lt;p&gt;Sittande lunch serveras p\u00e5 plan 1. Kaffe efter lunchen serveras i utst\u00e4llningen.&amp;nbsp;&lt;\/p&gt;                  &lt;p&gt;V\u00e4lkommen att bes\u00f6ka utst\u00e4llarna!&amp;nbsp;&lt;\/p&gt;                 &lt;br&gt;&lt;br&gt;\"\n                data-category=\"\"\n                data-category-ids=\"\"\n                data-span-all=\"1\"\n              >\n\n              \n\n              <div class=\"vertical_bar\" style=\"background-color: rgba(255, 255, 255, 0);\"><\/div>\n              <div class=\"box_inner\">\n                                <span>Lunch p\u00e5 plan 1<\/span>\n               <br>\n               \n               <div class=\"room_div \">\n                 <i class=\"list-room\">Conventum Bankett<\/i>\n               <\/div>\n\n               <div class=\"name_time_div\">\n                <i class=\"list-time\" data-time=\"12:15\">12:15-13:15 - Onsdag 15 maj<\/i>\n               <\/div>\n              <\/div>\n             <\/div>\n          <\/div>\n\n          \n          <div class=\"box-wrapper\"\n              data-id=\"1042\">\n\n              <div class='time-header'>13:15<\/div>\n\n              <div class=\"box\"\n                data-id=\"1042\"\n                data-project=\"project_406_2018_09_20\"\n                data-title=\"Svenskt Vatten uppdaterar normalf\u00f6rslaget till VA-Taxa P96.\"\n                data-time=\"13:15-14:00\"\n                data-room=\"Club 700\"\n                data-room-id=\"1003\"\n                data-room-name=\"Club 700\"\n                data-day=\"1\"\n                data-abs-nbr=\"\"\n                data-abs-path=\"\"\n                data-speaker=\"Magnus  Montelius, Konsult, Sweco Environment AB; Anna   Hassel , Jurist, VA-strategi; Christina Gard, Civilingenj\u00f6r, VA-strategi\"\n                data-speakercell=\"Magnus  Montelius, Konsult, Sweco Environment AB; Anna   Hassel , Jurist, VA-strategi; Christina Gard, Civilingenj\u00f6r, VA-strategi\"\n                data-info=\"&lt;b&gt;Moderatorer: &lt;\/b&gt;Gilbert  Nordenswan, Svenskt Vatten&lt;br&gt;&lt;br&gt;                  &lt;p&gt;Uppdateringen inneb\u00e4r framf\u00f6rallt f\u00f6rb\u00e4ttrad dagvattentaxa.F\u00f6rslaget ska bli enklare och tydligare f\u00f6r att underl\u00e4tta f\u00f6r kommunerna att f\u00f6rst\u00e5 sin taxa och kunna f\u00f6rklara den f\u00f6r kunder och politiker. Under denna workshop kommer vi att ber\u00e4tta hur l\u00e5ngt vi har kommit och diskutera kn\u00e4ckfr\u00e5gor och hur taxan kan f\u00f6renklas p\u00e5 b\u00e4sta s\u00e4tt.&lt;\/p&gt;                 &lt;br&gt;&lt;br&gt;\"\n                data-category=\"Seminarie - Digitalisering\/s\u00e4kerhet\"\n                data-category-ids=\"1007\"\n                data-span-all=\"\"\n              >\n\n              \n\n              <div class=\"vertical_bar\" style=\"background-color: #FFCC00;\"><\/div>\n              <div class=\"box_inner\">\n                                <span>Svenskt Vatten uppdaterar normalf\u00f6rslaget till VA-Taxa P96.<\/span>\n               <br>\n               <div class=\"lecturer\"><span>Gilbert  Nordenswan, Svenskt Vatten, Magnus  Montelius, Konsult, Sweco Environment AB; Anna   Hassel , Jurist, VA-strategi; Christina Gard, Civilingenj\u00f6r, VA-strategi<\/span><\/div>\n               <div class=\"room_div \">\n                 <i class=\"list-room\">Club 700<\/i>\n               <\/div>\n\n               <div class=\"name_time_div\">\n                <i class=\"list-time\" data-time=\"13:15\">13:15-14:00 - Onsdag 15 maj<\/i>\n               <\/div>\n              <\/div>\n             <\/div>\n          <\/div>\n\n          \n          <div class=\"box-wrapper\"\n              data-id=\"1045\">\n\n              <div class='time-header' style='visibility: hidden;'>13:15<\/div>\n\n              <div class=\"box\"\n                data-id=\"1045\"\n                data-project=\"project_406_2018_09_20\"\n                data-title=\"Ungdomsbarometern \u2013 panelsamtal\"\n                data-time=\"13:15-14:00\"\n                data-room=\"Handskmakaren\"\n                data-room-id=\"1004\"\n                data-room-name=\"Handskmakaren\"\n                data-day=\"1\"\n                data-abs-nbr=\"\"\n                data-abs-path=\"\"\n                data-speaker=\"Johan Persson, Styrelseordf\u00f6rande, Svenskt Vatten; Magnus  Meyer, WSP Sverige ; Anette Seger, VARIM ; Sofie Jonsson , Ungdomsbarometern\"\n                data-speakercell=\"Johan Persson, Styrelseordf\u00f6rande, Svenskt Vatten; Magnus  Meyer, WSP Sverige ; Anette Seger, VARIM ; Sofie Jonsson , Ungdomsbarometern\"\n                data-info=\"&lt;b&gt;Moderatorer: &lt;\/b&gt;Dan L\u00f6fgren, Svenskt Vatten&lt;br&gt;&lt;br&gt;                  &lt;p&gt;Vilka v\u00e4rderingar harframtidens arbetskraft? St\u00e4mmer deras \u00f6nskem\u00e5l och prioriteringar med detVA-branschen erbjuder? Ungdomsbarometern ger ett faktabaserat svar p\u00e5 en del avfr\u00e5gest\u00e4llningarna.&lt;br&gt;&lt;br&gt;Presentationen \u00e5tf\u00f6ljs av ettavslutande panelsamtal p\u00e5 scenen om kompetensf\u00f6rs\u00f6rjningen som en avde verkligt stora framtida utmaningarna f\u00f6r VA.&lt;\/p&gt;                 &lt;br&gt;&lt;br&gt;\"\n                data-category=\"Seminarie - Kompetens\"\n                data-category-ids=\"1009\"\n                data-span-all=\"\"\n              >\n\n              \n\n              <div class=\"vertical_bar\" style=\"background-color: #83C8ED;\"><\/div>\n              <div class=\"box_inner\">\n                                <span>Ungdomsbarometern \u2013 panelsamtal<\/span>\n               <br>\n               <div class=\"lecturer\"><span>Dan L\u00f6fgren, Svenskt Vatten, Johan Persson, Styrelseordf\u00f6rande, Svenskt Vatten; Magnus  Meyer, WSP Sverige ; Anette Seger, VARIM ; Sofie Jonsson , Ungdomsbarometern<\/span><\/div>\n               <div class=\"room_div \">\n                 <i class=\"list-room\">Handskmakaren<\/i>\n               <\/div>\n\n               <div class=\"name_time_div\">\n                <i class=\"list-time\" data-time=\"13:15\">13:15-14:00 - Onsdag 15 maj<\/i>\n               <\/div>\n              <\/div>\n             <\/div>\n          <\/div>\n\n          \n          <div class=\"box-wrapper\"\n              data-id=\"1025\">\n\n              <div class='time-header' style='visibility: hidden;'>13:15<\/div>\n\n              <div class=\"box\"\n                data-id=\"1025\"\n                data-project=\"project_406_2018_09_20\"\n                data-title=\"Spillvatten som resurs i ett f\u00f6r\u00e4ndrat klimat\"\n                data-time=\"13:15-14:00\"\n                data-room=\"Conventum Kongress\"\n                data-room-id=\"1002\"\n                data-room-name=\"Conventum Kongress\"\n                data-day=\"1\"\n                data-abs-nbr=\"\"\n                data-abs-path=\"\"\n                data-speaker=\"Mikael Tiouls, VA-utvecklare, Region Gotland; Lena  Nilsson-\u00c5lind, Chef avdelning Avlopp, Kalmar Vatten; Thomas   Bergfeldt, VD, Kalmar Vatten\"\n                data-speakercell=\"Mikael Tiouls, VA-utvecklare, Region Gotland; Lena  Nilsson-\u00c5lind, Chef avdelning Avlopp, Kalmar Vatten; Thomas   Bergfeldt, VD, Kalmar Vatten\"\n                data-info=\"&lt;b&gt;Moderatorer: &lt;\/b&gt;Anders Finnson, Svenskt Vatten; Peter  S\u00f6rng\u00e5rd, Svenskt Vatten&lt;br&gt;&lt;br&gt;                  &lt;table&gt;                   &lt;tbody&gt;                   &lt;\/tbody&gt;                  &lt;\/table&gt;                  &lt;p&gt;Inledning om f\u00f6rslaget till EU-f\u00f6rordningen.&lt;\/p&gt;                  &lt;p&gt;Region Gotland: \u00c5teranv\u00e4ndning av renat avloppsvatten inom jordbruket - erfarenheter och framtid&lt;\/p&gt;                  &lt;p&gt;Kalmar Vatten:&amp;nbsp; \u00c5teranv\u00e4ndning av renat avloppsvatten \u2013 vision&lt;\/p&gt;                  &lt;p&gt;&amp;nbsp;&lt;\/p&gt;                 &lt;br&gt;&lt;br&gt;\"\n                data-category=\"Seminarie - Klimat\"\n                data-category-ids=\"1006\"\n                data-span-all=\"\"\n              >\n\n              \n\n              <div class=\"vertical_bar\" style=\"background-color: #80D689;\"><\/div>\n              <div class=\"box_inner\">\n                                <span>Spillvatten som resurs i ett f\u00f6r\u00e4ndrat klimat<\/span>\n               <br>\n               <div class=\"lecturer\"><span>Anders Finnson, Svenskt Vatten; Peter  S\u00f6rng\u00e5rd, Svenskt Vatten, Mikael Tiouls, VA-utvecklare, Region Gotland; Lena  Nilsson-\u00c5lind, Chef avdelning Avlopp, Kalmar Vatten; Thomas   Bergfeldt, VD, Kalmar Vatten<\/span><\/div>\n               <div class=\"room_div \">\n                 <i class=\"list-room\">Conventum Kongress<\/i>\n               <\/div>\n\n               <div class=\"name_time_div\">\n                <i class=\"list-time\" data-time=\"13:15\">13:15-14:00 - Onsdag 15 maj<\/i>\n               <\/div>\n              <\/div>\n             <\/div>\n          <\/div>\n\n          \n          <div class=\"box-wrapper\"\n              data-id=\"1038\">\n\n              <div class='time-header' style='visibility: hidden;'>13:15<\/div>\n\n              <div class=\"box\"\n                data-id=\"1038\"\n                data-project=\"project_406_2018_09_20\"\n                data-title=\"Slamfr\u00e5gan flammar upp i Sverige! (\u00c5F P\u00f6yry)\"\n                data-time=\"13:15-13:35\"\n                data-room=\"Studion\"\n                data-room-id=\"1005\"\n                data-room-name=\"Studion\"\n                data-day=\"1\"\n                data-abs-nbr=\"\"\n                data-abs-path=\"\"\n                data-speaker=\"Maria Bennet, Sektionschef Vatten, \u00c5F P\u00f6yry; Nathalie St\u00e4rner, \u00c5F P\u00f6yry\"\n                data-speakercell=\"Maria Bennet, Sektionschef Vatten, \u00c5F P\u00f6yry; Nathalie St\u00e4rner, \u00c5F P\u00f6yry\"\n                data-info=\"                  &lt;p&gt;&lt;\/p&gt;                  &lt;p&gt;\u00c5F P\u00f6yry g\u00f6r intressanta j\u00e4mf\u00f6relser utifr\u00e5nperspektiv i Sverige, Finland, Tyskland och Schweiz&lt;br&gt;&lt;\/p&gt;                 &lt;br&gt;&lt;br&gt;\"\n                data-category=\"Seminarie - Branschf\u00f6retag\"\n                data-category-ids=\"1008\"\n                data-span-all=\"\"\n              >\n\n              \n\n              <div class=\"vertical_bar\" style=\"background-color: #D64D49;\"><\/div>\n              <div class=\"box_inner\">\n                                <span>Slamfr\u00e5gan flammar upp i Sverige! (\u00c5F P\u00f6yry)<\/span>\n               <br>\n               <div class=\"lecturer\"><span>Maria Bennet, Sektionschef Vatten, \u00c5F P\u00f6yry; Nathalie St\u00e4rner, \u00c5F P\u00f6yry<\/span><\/div>\n               <div class=\"room_div \">\n                 <i class=\"list-room\">Studion<\/i>\n               <\/div>\n\n               <div class=\"name_time_div\">\n                <i class=\"list-time\" data-time=\"13:15\">13:15-13:35 - Onsdag 15 maj<\/i>\n               <\/div>\n              <\/div>\n             <\/div>\n          <\/div>\n\n          \n          <div class=\"box-wrapper\"\n              data-id=\"1052\">\n\n              <div class='time-header'>13:40<\/div>\n\n              <div class=\"box\"\n                data-id=\"1052\"\n                data-project=\"project_406_2018_09_20\"\n                data-title=\"Lednings\u00e4garens arbete och nytta i SSTT (Scandinavian Society for Trenchless Technology)\"\n                data-time=\"13:40-14:00\"\n                data-room=\"Studion\"\n                data-room-id=\"1005\"\n                data-room-name=\"Studion\"\n                data-day=\"1\"\n                data-abs-nbr=\"\"\n                data-abs-path=\"\"\n                data-speaker=\"David Jacobsson, SSTT \u2013 Scandinavian Society Trenchless Technology\"\n                data-speakercell=\"David Jacobsson, SSTT \u2013 Scandinavian Society Trenchless Technology\"\n                data-info=\"                  &lt;p&gt;&lt;br&gt;&lt;\/p&gt;                 &lt;br&gt;&lt;br&gt;\"\n                data-category=\"Seminarie - Branschf\u00f6retag\"\n                data-category-ids=\"1008\"\n                data-span-all=\"\"\n              >\n\n              \n\n              <div class=\"vertical_bar\" style=\"background-color: #D64D49;\"><\/div>\n              <div class=\"box_inner\">\n                                <span>Lednings\u00e4garens arbete och nytta i SSTT (Scandinavian Society for Trenchless Technology)<\/span>\n               <br>\n               <div class=\"lecturer\"><span>David Jacobsson, SSTT \u2013 Scandinavian Society Trenchless Technology<\/span><\/div>\n               <div class=\"room_div \">\n                 <i class=\"list-room\">Studion<\/i>\n               <\/div>\n\n               <div class=\"name_time_div\">\n                <i class=\"list-time\" data-time=\"13:40\">13:40-14:00 - Onsdag 15 maj<\/i>\n               <\/div>\n              <\/div>\n             <\/div>\n          <\/div>\n\n          \n          <div class=\"box-wrapper\"\n              data-id=\"1044\">\n\n              <div class='time-header'>14:05<\/div>\n\n              <div class=\"box\"\n                data-id=\"1044\"\n                data-project=\"project_406_2018_09_20\"\n                data-title=\"Avslutning\"\n                data-time=\"14:05-14:30\"\n                data-room=\"Conventum Kongress\"\n                data-room-id=\"1002\"\n                data-room-name=\"Conventum Kongress\"\n                data-day=\"1\"\n                data-abs-nbr=\"\"\n                data-abs-path=\"\"\n                data-speaker=\"Anna  Froster , F\u00f6rfattare och journalist\"\n                data-speakercell=\"Anna  Froster , F\u00f6rfattare och journalist\"\n                data-info=\"&lt;b&gt;Moderatorer: &lt;\/b&gt;P\u00e4r  Dalhielm, VD, Svenskt Vatten&lt;br&gt;&lt;br&gt;                  &lt;p&gt;Summering av \u00e5rets Vattenst\u00e4mman.&lt;br&gt;&lt;br&gt;F\u00f6rfattaren Anna Froster i samtal om boken om Vatten \u2013 om att v\u00e4rdera det ov\u00e4rderliga&lt;br&gt;&lt;br&gt;\u00d6verl\u00e4mning av v\u00e4rdskap till v\u00e4rdkommun f\u00f6r Vattenst\u00e4mman 2020.&amp;nbsp;&lt;br&gt;&lt;\/p&gt;                 &lt;br&gt;&lt;br&gt;\"\n                data-category=\"F\u00f6rel\u00e4sning\"\n                data-category-ids=\"1002\"\n                data-span-all=\"\"\n              >\n\n              \n\n              <div class=\"vertical_bar\" style=\"background-color: #0092D5;\"><\/div>\n              <div class=\"box_inner\">\n                                <span>Avslutning<\/span>\n               <br>\n               <div class=\"lecturer\"><span>P\u00e4r  Dalhielm, VD, Svenskt Vatten, Anna  Froster , F\u00f6rfattare och journalist<\/span><\/div>\n               <div class=\"room_div \">\n                 <i class=\"list-room\">Conventum Kongress<\/i>\n               <\/div>\n\n               <div class=\"name_time_div\">\n                <i class=\"list-time\" data-time=\"14:05\">14:05-14:30 - Onsdag 15 maj<\/i>\n               <\/div>\n              <\/div>\n             <\/div>\n          <\/div>\n\n          \n          <div class=\"box-wrapper\"\n              data-id=\"1026\">\n\n              <div class='time-header'>14:30<\/div>\n\n              <div class=\"box\"\n                data-id=\"1026\"\n                data-project=\"project_406_2018_09_20\"\n                data-title=\"Kaffepaus och avskedsmingel hos utst\u00e4llarna\"\n                data-time=\"14:30-15:00\"\n                data-room=\"Forum\"\n                data-room-id=\"1006\"\n                data-room-name=\"Forum\"\n                data-day=\"1\"\n                data-abs-nbr=\"\"\n                data-abs-path=\"\"\n                data-speaker=\"\"\n                data-speakercell=\"\"\n                data-info=\"                  &lt;p&gt;&lt;br&gt;&lt;\/p&gt;                 &lt;br&gt;&lt;br&gt;\"\n                data-category=\"\"\n                data-category-ids=\"\"\n                data-span-all=\"1\"\n              >\n\n              \n\n              <div class=\"vertical_bar\" style=\"background-color: rgba(255, 255, 255, 0);\"><\/div>\n              <div class=\"box_inner\">\n                                <span>Kaffepaus och avskedsmingel hos utst\u00e4llarna<\/span>\n               <br>\n               \n               <div class=\"room_div \">\n                 <i class=\"list-room\">Forum<\/i>\n               <\/div>\n\n               <div class=\"name_time_div\">\n                <i class=\"list-time\" data-time=\"14:30\">14:30-15:00 - Onsdag 15 maj<\/i>\n               <\/div>\n              <\/div>\n             <\/div>\n          <\/div>\n\n          \n      <\/div>\n\n      <div id=\"scroll-down-for-more\">\n          <i class=\"fa fa-3x fa-chevron-down\" aria-hidden=\"true\"><\/i>\n          <br\/>\n          <span>Scrolla ner f\u00f6r att visa mer<\/span>\n      <\/div>\n\n    <\/div>\n\n    <div id=\"graphical_day_chooser_div\" class=\"row\" style=\"margin-right: 0px; margin-left: 0px; \">\n\n      \n      <div class=\"col-md-10\" style=\"padding-left: 0px;\">\n       <div class=\"btn-group\" id=\"days-group\">\n\n          <button type=\"button\" class=\"btn btn-default btn_day\" data-day=\"0\" value=\"date_select_0\"\n                  style=\"float: none !important;\"><span class=\"hidden-xs\">Tis<\/span><br class=\"hidden-xs\"><span>14 maj<\/span><\/button><button type=\"button\" class=\"btn btn-default btn_day\" data-day=\"1\" value=\"date_select_1\"\n                  style=\"float: none !important;\"><span class=\"hidden-xs\">Ons<\/span><br class=\"hidden-xs\"><span>15 maj<\/span><\/button>\n        <\/div>\n      <\/div>\n    <\/div>\n\n    <div id='scroll-right-container' style='display: none; cursor: pointer; margin-top: 73px; height: 70px; width: 75px; background-color: rgba(130, 130, 130, 0.56); position: relative; float: right; z-index: 10000000; text-align: center;'>\n        <i class=\"fa fa-3x fa-chevron-right\" aria-hidden=\"true\" style=\"color: white; position: absolute; left: 35%; top: 20%;\"><\/i>\n    <\/div>\n\n    <div id='scroll-left-container' style='display: none; cursor: pointer; margin-top: 73px; height: 70px; width: 75px; background-color: rgba(130, 130, 130, 0.56); position: relative; float: left; margin-left: 60px; z-index: 10000000; text-align: center;'>\n        <i class=\"fa fa-3x fa-chevron-left\" aria-hidden=\"true\" style=\"color: white; position: absolute; left: 30%; top: 20%;\"><\/i>\n    <\/div>\n\n    <div id=\"calendar_container\" class=\"dragscroll\" style=\"cursor: move; height: 1980px; background-color: #cccccc;px; \">\n\n\n      \n  \t\t<!-- top bar with date and rooms name -->\n  \t\t<div class=\"xaxis xaxis-extra fixed top\">\n  \t      <div id=\"top_left_room_box\" class=\"preroom0 preroom0-extra\">\n            <div class=\"room0\">\n                <select style=\"visibility: hidden;\"><\/select>\n    \t      <\/div>\n          <\/div>\n\n  \t      <div class='room_holder room_holder-extra' style='width: 210px;' data-room-id=-1 id='preroom_id_-1'><div class='room room-extra' style='width: 200px;' data-id=0>-Ej specificerad-<\/div>\n<\/div><div class='room_holder room_holder-extra' style='width: 210px;' data-room-id=1002 id='preroom_id_1002'><div class='room room-extra' style='width: 200px;' data-id=1>Conventum Kongress<\/div>\n<\/div><div class='room_holder room_holder-extra' style='width: 210px;' data-room-id=1003 id='preroom_id_1003'><div class='room room-extra' style='width: 200px;' data-id=2>Club 700<\/div>\n<\/div><div class='room_holder room_holder-extra' style='width: 210px;' data-room-id=1004 id='preroom_id_1004'><div class='room room-extra' style='width: 200px;' data-id=3>Handskmakaren<\/div>\n<\/div><div class='room_holder room_holder-extra' style='width: 210px;' data-room-id=1005 id='preroom_id_1005'><div class='room room-extra' style='width: 200px;' data-id=4>Studion<\/div>\n<\/div><div class='room_holder room_holder-extra' style='width: 210px;' data-room-id=1006 id='preroom_id_1006'><div class='room room-extra' style='width: 200px;' data-id=5>Forum<\/div>\n<\/div><div class='room_holder room_holder-extra' style='width: 210px;' data-room-id=1007 id='preroom_id_1007'><div class='room room-extra' style='width: 200px;' data-id=6>Conventum Bankett<\/div>\n<\/div><div class='room_holder room_holder-extra' style='width: 210px;' data-room-id=1012 id='preroom_id_1012'><div class='room room-extra' style='width: 200px;' data-id=7>N\u00e4bben<\/div>\n<\/div>\n      <\/div>\n            \n      <div class='vertical-schedule-line' data-room-id='-1' style='left: 270px; height: 100%;'><\/div><div class='vertical-schedule-line' data-room-id='1002' style='left: 480px; height: 100%;'><\/div><div class='vertical-schedule-line' data-room-id='1003' style='left: 690px; height: 100%;'><\/div><div class='vertical-schedule-line' data-room-id='1004' style='left: 900px; height: 100%;'><\/div><div class='vertical-schedule-line' data-room-id='1005' style='left: 1110px; height: 100%;'><\/div><div class='vertical-schedule-line' data-room-id='1006' style='left: 1320px; height: 100%;'><\/div><div class='vertical-schedule-line' data-room-id='1007' style='left: 1530px; height: 100%;'><\/div><div class='vertical-schedule-line' data-room-id='1012' style='left: 1740px; height: 100%;'><\/div>\n      <div id='time_0' name='visible_0' data-day='0' class='yaxis major time_all time_0  data-time='0800' style='top: 61px; display: block;'>\n                <div class='yaxistime yaxistime-extra'><div class='yaxistext yaxistext-extra'>08:00\n<\/div><\/div><\/div><div id = 'time_0' name='visible_1' data-day='0' class='yaxis time_all time_0' data-time='0810' style='top: 81px; display: block;'>\n                <div class='yaxistime yaxistime-extra'>&nbsp;<\/div><\/div><div id = 'time_0' name='visible_2' data-day='0' class='yaxis time_all time_0' data-time='0820' style='top: 101px; display: block;'>\n                <div class='yaxistime yaxistime-extra'>&nbsp;<\/div><\/div><div id='time_0' name='visible_3' data-day='0' class='yaxis time_all time_0' data-time='0830' style='top: 121px; display: block;'>\n                <div class='yaxistime yaxistime-extra half-hour'><div class='yaxistext-minor yaxistext-minor-extra'>08:30\n<\/div><\/div><\/div><div id = 'time_0' name='visible_4' data-day='0' class='yaxis time_all time_0' data-time='0840' style='top: 141px; display: block;'>\n                <div class='yaxistime yaxistime-extra'>&nbsp;<\/div><\/div><div id = 'time_0' name='visible_5' data-day='0' class='yaxis time_all time_0' data-time='0850' style='top: 161px; display: block;'>\n                <div class='yaxistime yaxistime-extra'>&nbsp;<\/div><\/div><div id='time_0' name='visible_6' data-day='0' class='yaxis major time_all time_0  data-time='0900' style='top: 181px; display: block;'>\n                <div class='yaxistime yaxistime-extra'><div class='yaxistext yaxistext-extra'>09:00\n<\/div><\/div><\/div><div id = 'time_0' name='visible_7' data-day='0' class='yaxis time_all time_0' data-time='0910' style='top: 201px; display: block;'>\n                <div class='yaxistime yaxistime-extra'>&nbsp;<\/div><\/div><div id = 'time_0' name='visible_8' data-day='0' class='yaxis time_all time_0' data-time='0920' style='top: 221px; display: block;'>\n                <div class='yaxistime yaxistime-extra'>&nbsp;<\/div><\/div><div id='time_0' name='visible_9' data-day='0' class='yaxis time_all time_0' data-time='0930' style='top: 241px; display: block;'>\n                <div class='yaxistime yaxistime-extra half-hour'><div class='yaxistext-minor yaxistext-minor-extra'>09:30\n<\/div><\/div><\/div><div id = 'time_0' name='visible_10' data-day='0' class='yaxis time_all time_0' data-time='0940' style='top: 261px; display: block;'>\n                <div class='yaxistime yaxistime-extra'>&nbsp;<\/div><\/div><div id = 'time_0' name='visible_11' data-day='0' class='yaxis time_all time_0' data-time='0950' style='top: 281px; display: block;'>\n                <div class='yaxistime yaxistime-extra'>&nbsp;<\/div><\/div><div id='time_0' name='visible_12' data-day='0' class='yaxis major time_all time_0  data-time='1000' style='top: 301px; display: block;'>\n                <div class='yaxistime yaxistime-extra'><div class='yaxistext yaxistext-extra'>10:00\n<\/div><\/div><\/div><div id = 'time_0' name='visible_13' data-day='0' class='yaxis time_all time_0' data-time='1010' style='top: 321px; display: block;'>\n                <div class='yaxistime yaxistime-extra'>&nbsp;<\/div><\/div><div id = 'time_0' name='visible_14' data-day='0' class='yaxis time_all time_0' data-time='1020' style='top: 341px; display: block;'>\n                <div class='yaxistime yaxistime-extra'>&nbsp;<\/div><\/div><div id='time_0' name='visible_15' data-day='0' class='yaxis time_all time_0' data-time='1030' style='top: 361px; display: block;'>\n                <div class='yaxistime yaxistime-extra half-hour'><div class='yaxistext-minor yaxistext-minor-extra'>10:30\n<\/div><\/div><\/div><div id = 'time_0' name='visible_16' data-day='0' class='yaxis time_all time_0' data-time='1040' style='top: 381px; display: block;'>\n                <div class='yaxistime yaxistime-extra'>&nbsp;<\/div><\/div><div id = 'time_0' name='visible_17' data-day='0' class='yaxis time_all time_0' data-time='1050' style='top: 401px; display: block;'>\n                <div class='yaxistime yaxistime-extra'>&nbsp;<\/div><\/div><div id='time_0' name='visible_18' data-day='0' class='yaxis major time_all time_0  data-time='1100' style='top: 421px; display: block;'>\n                <div class='yaxistime yaxistime-extra'><div class='yaxistext yaxistext-extra'>11:00\n<\/div><\/div><\/div><div id = 'time_0' name='visible_19' data-day='0' class='yaxis time_all time_0' data-time='1110' style='top: 441px; display: block;'>\n                <div class='yaxistime yaxistime-extra'>&nbsp;<\/div><\/div><div id = 'time_0' name='visible_20' data-day='0' class='yaxis time_all time_0' data-time='1120' style='top: 461px; display: block;'>\n                <div class='yaxistime yaxistime-extra'>&nbsp;<\/div><\/div><div id='time_0' name='visible_21' data-day='0' class='yaxis time_all time_0' data-time='1130' style='top: 481px; display: block;'>\n                <div class='yaxistime yaxistime-extra half-hour'><div class='yaxistext-minor yaxistext-minor-extra'>11:30\n<\/div><\/div><\/div><div id = 'time_0' name='visible_22' data-day='0' class='yaxis time_all time_0' data-time='1140' style='top: 501px; display: block;'>\n                <div class='yaxistime yaxistime-extra'>&nbsp;<\/div><\/div><div id = 'time_0' name='visible_23' data-day='0' class='yaxis time_all time_0' data-time='1150' style='top: 521px; display: block;'>\n                <div class='yaxistime yaxistime-extra'>&nbsp;<\/div><\/div><div id='time_0' name='visible_24' data-day='0' class='yaxis major time_all time_0  data-time='1200' style='top: 541px; display: block;'>\n                <div class='yaxistime yaxistime-extra'><div class='yaxistext yaxistext-extra'>12:00\n<\/div><\/div><\/div><div id = 'time_0' name='visible_25' data-day='0' class='yaxis time_all time_0' data-time='1210' style='top: 561px; display: block;'>\n                <div class='yaxistime yaxistime-extra'>&nbsp;<\/div><\/div><div id = 'time_0' name='visible_26' data-day='0' class='yaxis time_all time_0' data-time='1220' style='top: 581px; display: block;'>\n                <div class='yaxistime yaxistime-extra'>&nbsp;<\/div><\/div><div id='time_0' name='visible_27' data-day='0' class='yaxis time_all time_0' data-time='1230' style='top: 601px; display: block;'>\n                <div class='yaxistime yaxistime-extra half-hour'><div class='yaxistext-minor yaxistext-minor-extra'>12:30\n<\/div><\/div><\/div><div id = 'time_0' name='visible_28' data-day='0' class='yaxis time_all time_0' data-time='1240' style='top: 621px; display: block;'>\n                <div class='yaxistime yaxistime-extra'>&nbsp;<\/div><\/div><div id = 'time_0' name='visible_29' data-day='0' class='yaxis time_all time_0' data-time='1250' style='top: 641px; display: block;'>\n                <div class='yaxistime yaxistime-extra'>&nbsp;<\/div><\/div><div id='time_0' name='visible_30' data-day='0' class='yaxis major time_all time_0  data-time='1300' style='top: 661px; display: block;'>\n                <div class='yaxistime yaxistime-extra'><div class='yaxistext yaxistext-extra'>13:00\n<\/div><\/div><\/div><div id = 'time_0' name='visible_31' data-day='0' class='yaxis time_all time_0' data-time='1310' style='top: 681px; display: block;'>\n                <div class='yaxistime yaxistime-extra'>&nbsp;<\/div><\/div><div id = 'time_0' name='visible_32' data-day='0' class='yaxis time_all time_0' data-time='1320' style='top: 701px; display: block;'>\n                <div class='yaxistime yaxistime-extra'>&nbsp;<\/div><\/div><div id='time_0' name='visible_33' data-day='0' class='yaxis time_all time_0' data-time='1330' style='top: 721px; display: block;'>\n                <div class='yaxistime yaxistime-extra half-hour'><div class='yaxistext-minor yaxistext-minor-extra'>13:30\n<\/div><\/div><\/div><div id = 'time_0' name='visible_34' data-day='0' class='yaxis time_all time_0' data-time='1340' style='top: 741px; display: block;'>\n                <div class='yaxistime yaxistime-extra'>&nbsp;<\/div><\/div><div id = 'time_0' name='visible_35' data-day='0' class='yaxis time_all time_0' data-time='1350' style='top: 761px; display: block;'>\n                <div class='yaxistime yaxistime-extra'>&nbsp;<\/div><\/div><div id='time_0' name='visible_36' data-day='0' class='yaxis major time_all time_0  data-time='1400' style='top: 781px; display: block;'>\n                <div class='yaxistime yaxistime-extra'><div class='yaxistext yaxistext-extra'>14:00\n<\/div><\/div><\/div><div id = 'time_0' name='visible_37' data-day='0' class='yaxis time_all time_0' data-time='1410' style='top: 801px; display: block;'>\n                <div class='yaxistime yaxistime-extra'>&nbsp;<\/div><\/div><div id = 'time_0' name='visible_38' data-day='0' class='yaxis time_all time_0' data-time='1420' style='top: 821px; display: block;'>\n                <div class='yaxistime yaxistime-extra'>&nbsp;<\/div><\/div><div id='time_0' name='visible_39' data-day='0' class='yaxis time_all time_0' data-time='1430' style='top: 841px; display: block;'>\n                <div class='yaxistime yaxistime-extra half-hour'><div class='yaxistext-minor yaxistext-minor-extra'>14:30\n<\/div><\/div><\/div><div id = 'time_0' name='visible_40' data-day='0' class='yaxis time_all time_0' data-time='1440' style='top: 861px; display: block;'>\n                <div class='yaxistime yaxistime-extra'>&nbsp;<\/div><\/div><div id = 'time_0' name='visible_41' data-day='0' class='yaxis time_all time_0' data-time='1450' style='top: 881px; display: block;'>\n                <div class='yaxistime yaxistime-extra'>&nbsp;<\/div><\/div><div id='time_0' name='visible_42' data-day='0' class='yaxis major time_all time_0  data-time='1500' style='top: 901px; display: block;'>\n                <div class='yaxistime yaxistime-extra'><div class='yaxistext yaxistext-extra'>15:00\n<\/div><\/div><\/div><div id = 'time_0' name='visible_43' data-day='0' class='yaxis time_all time_0' data-time='1510' style='top: 921px; display: block;'>\n                <div class='yaxistime yaxistime-extra'>&nbsp;<\/div><\/div><div id = 'time_0' name='visible_44' data-day='0' class='yaxis time_all time_0' data-time='1520' style='top: 941px; display: block;'>\n                <div class='yaxistime yaxistime-extra'>&nbsp;<\/div><\/div><div id='time_0' name='visible_45' data-day='0' class='yaxis time_all time_0' data-time='1530' style='top: 961px; display: block;'>\n                <div class='yaxistime yaxistime-extra half-hour'><div class='yaxistext-minor yaxistext-minor-extra'>15:30\n<\/div><\/div><\/div><div id = 'time_0' name='visible_46' data-day='0' class='yaxis time_all time_0' data-time='1540' style='top: 981px; display: block;'>\n                <div class='yaxistime yaxistime-extra'>&nbsp;<\/div><\/div><div id = 'time_0' name='visible_47' data-day='0' class='yaxis time_all time_0' data-time='1550' style='top: 1001px; display: block;'>\n                <div class='yaxistime yaxistime-extra'>&nbsp;<\/div><\/div><div id='time_0' name='visible_48' data-day='0' class='yaxis major time_all time_0  data-time='1600' style='top: 1021px; display: block;'>\n                <div class='yaxistime yaxistime-extra'><div class='yaxistext yaxistext-extra'>16:00\n<\/div><\/div><\/div><div id = 'time_0' name='visible_49' data-day='0' class='yaxis time_all time_0' data-time='1610' style='top: 1041px; display: block;'>\n                <div class='yaxistime yaxistime-extra'>&nbsp;<\/div><\/div><div id = 'time_0' name='visible_50' data-day='0' class='yaxis time_all time_0' data-time='1620' style='top: 1061px; display: block;'>\n                <div class='yaxistime yaxistime-extra'>&nbsp;<\/div><\/div><div id='time_0' name='visible_51' data-day='0' class='yaxis time_all time_0' data-time='1630' style='top: 1081px; display: block;'>\n                <div class='yaxistime yaxistime-extra half-hour'><div class='yaxistext-minor yaxistext-minor-extra'>16:30\n<\/div><\/div><\/div><div id = 'time_0' name='visible_52' data-day='0' class='yaxis time_all time_0' data-time='1640' style='top: 1101px; display: block;'>\n                <div class='yaxistime yaxistime-extra'>&nbsp;<\/div><\/div><div id = 'time_0' name='visible_53' data-day='0' class='yaxis time_all time_0' data-time='1650' style='top: 1121px; display: block;'>\n                <div class='yaxistime yaxistime-extra'>&nbsp;<\/div><\/div><div id='time_0' name='visible_54' data-day='0' class='yaxis major time_all time_0  data-time='1700' style='top: 1141px; display: block;'>\n                <div class='yaxistime yaxistime-extra'><div class='yaxistext yaxistext-extra'>17:00\n<\/div><\/div><\/div><div id = 'time_0' name='visible_55' data-day='0' class='yaxis time_all time_0' data-time='1710' style='top: 1161px; display: block;'>\n                <div class='yaxistime yaxistime-extra'>&nbsp;<\/div><\/div><div id = 'time_0' name='visible_56' data-day='0' class='yaxis time_all time_0' data-time='1720' style='top: 1181px; display: block;'>\n                <div class='yaxistime yaxistime-extra'>&nbsp;<\/div><\/div><div id='time_0' name='visible_57' data-day='0' class='yaxis time_all time_0' data-time='1730' style='top: 1201px; display: block;'>\n                <div class='yaxistime yaxistime-extra half-hour'><div class='yaxistext-minor yaxistext-minor-extra'>17:30\n<\/div><\/div><\/div><div id = 'time_0' name='visible_58' data-day='0' class='yaxis time_all time_0' data-time='1740' style='top: 1221px; display: block;'>\n                <div class='yaxistime yaxistime-extra'>&nbsp;<\/div><\/div><div id = 'time_0' name='visible_59' data-day='0' class='yaxis time_all time_0' data-time='1750' style='top: 1241px; display: block;'>\n                <div class='yaxistime yaxistime-extra'>&nbsp;<\/div><\/div><div id='time_0' name='visible_60' data-day='0' class='yaxis major time_all time_0  data-time='1800' style='top: 1261px; display: block;'>\n                <div class='yaxistime yaxistime-extra'><div class='yaxistext yaxistext-extra'>18:00\n<\/div><\/div><\/div><div id = 'time_0' name='visible_61' data-day='0' class='yaxis time_all time_0' data-time='1810' style='top: 1281px; display: block;'>\n                <div class='yaxistime yaxistime-extra'>&nbsp;<\/div><\/div><div id = 'time_0' name='visible_62' data-day='0' class='yaxis time_all time_0' data-time='1820' style='top: 1301px; display: block;'>\n                <div class='yaxistime yaxistime-extra'>&nbsp;<\/div><\/div><div id='time_0' name='visible_63' data-day='0' class='yaxis time_all time_0' data-time='1830' style='top: 1321px; display: block;'>\n                <div class='yaxistime yaxistime-extra half-hour'><div class='yaxistext-minor yaxistext-minor-extra'>18:30\n<\/div><\/div><\/div><div id = 'time_0' name='visible_64' data-day='0' class='yaxis time_all time_0' data-time='1840' style='top: 1341px; display: block;'>\n                <div class='yaxistime yaxistime-extra'>&nbsp;<\/div><\/div><div id = 'time_0' name='visible_65' data-day='0' class='yaxis time_all time_0' data-time='1850' style='top: 1361px; display: block;'>\n                <div class='yaxistime yaxistime-extra'>&nbsp;<\/div><\/div><div id='time_0' name='visible_66' data-day='0' class='yaxis major time_all time_0  data-time='1900' style='top: 1381px; display: block;'>\n                <div class='yaxistime yaxistime-extra'><div class='yaxistext yaxistext-extra'>19:00\n<\/div><\/div><\/div><div id = 'time_0' name='visible_67' data-day='0' class='yaxis time_all time_0' data-time='1910' style='top: 1401px; display: block;'>\n                <div class='yaxistime yaxistime-extra'>&nbsp;<\/div><\/div><div id = 'time_0' name='visible_68' data-day='0' class='yaxis time_all time_0' data-time='1920' style='top: 1421px; display: block;'>\n                <div class='yaxistime yaxistime-extra'>&nbsp;<\/div><\/div><div id='time_0' name='visible_69' data-day='0' class='yaxis time_all time_0' data-time='1930' style='top: 1441px; display: block;'>\n                <div class='yaxistime yaxistime-extra half-hour'><div class='yaxistext-minor yaxistext-minor-extra'>19:30\n<\/div><\/div><\/div><div id = 'time_0' name='visible_70' data-day='0' class='yaxis time_all time_0' data-time='1940' style='top: 1461px; display: block;'>\n                <div class='yaxistime yaxistime-extra'>&nbsp;<\/div><\/div><div id = 'time_0' name='visible_71' data-day='0' class='yaxis time_all time_0' data-time='1950' style='top: 1481px; display: block;'>\n                <div class='yaxistime yaxistime-extra'>&nbsp;<\/div><\/div><div id='time_0' name='visible_72' data-day='0' class='yaxis major time_all time_0  data-time='2000' style='top: 1501px; display: block;'>\n                <div class='yaxistime yaxistime-extra'><div class='yaxistext yaxistext-extra'>20:00\n<\/div><\/div><\/div><div id = 'time_0' name='visible_73' data-day='0' class='yaxis time_all time_0' data-time='2010' style='top: 1521px; display: block;'>\n                <div class='yaxistime yaxistime-extra'>&nbsp;<\/div><\/div><div id = 'time_0' name='visible_74' data-day='0' class='yaxis time_all time_0' data-time='2020' style='top: 1541px; display: block;'>\n                <div class='yaxistime yaxistime-extra'>&nbsp;<\/div><\/div><div id='time_0' name='visible_75' data-day='0' class='yaxis time_all time_0' data-time='2030' style='top: 1561px; display: block;'>\n                <div class='yaxistime yaxistime-extra half-hour'><div class='yaxistext-minor yaxistext-minor-extra'>20:30\n<\/div><\/div><\/div><div id = 'time_0' name='visible_76' data-day='0' class='yaxis time_all time_0' data-time='2040' style='top: 1581px; display: block;'>\n                <div class='yaxistime yaxistime-extra'>&nbsp;<\/div><\/div><div id = 'time_0' name='visible_77' data-day='0' class='yaxis time_all time_0' data-time='2050' style='top: 1601px; display: block;'>\n                <div class='yaxistime yaxistime-extra'>&nbsp;<\/div><\/div><div id='time_0' name='visible_78' data-day='0' class='yaxis major time_all time_0  data-time='2100' style='top: 1621px; display: block;'>\n                <div class='yaxistime yaxistime-extra'><div class='yaxistext yaxistext-extra'>21:00\n<\/div><\/div><\/div><div id = 'time_0' name='visible_79' data-day='0' class='yaxis time_all time_0' data-time='2110' style='top: 1641px; display: block;'>\n                <div class='yaxistime yaxistime-extra'>&nbsp;<\/div><\/div><div id = 'time_0' name='visible_80' data-day='0' class='yaxis time_all time_0' data-time='2120' style='top: 1661px; display: block;'>\n                <div class='yaxistime yaxistime-extra'>&nbsp;<\/div><\/div><div id='time_0' name='visible_81' data-day='0' class='yaxis time_all time_0' data-time='2130' style='top: 1681px; display: block;'>\n                <div class='yaxistime yaxistime-extra half-hour'><div class='yaxistext-minor yaxistext-minor-extra'>21:30\n<\/div><\/div><\/div><div id = 'time_0' name='visible_82' data-day='0' class='yaxis time_all time_0' data-time='2140' style='top: 1701px; display: block;'>\n                <div class='yaxistime yaxistime-extra'>&nbsp;<\/div><\/div><div id = 'time_0' name='visible_83' data-day='0' class='yaxis time_all time_0' data-time='2150' style='top: 1721px; display: block;'>\n                <div class='yaxistime yaxistime-extra'>&nbsp;<\/div><\/div><div id='time_0' name='visible_84' data-day='0' class='yaxis major time_all time_0  data-time='2200' style='top: 1741px; display: block;'>\n                <div class='yaxistime yaxistime-extra'><div class='yaxistext yaxistext-extra'>22:00\n<\/div><\/div><\/div><div id = 'time_0' name='visible_85' data-day='0' class='yaxis time_all time_0' data-time='2210' style='top: 1761px; display: block;'>\n                <div class='yaxistime yaxistime-extra'>&nbsp;<\/div><\/div><div id = 'time_0' name='visible_86' data-day='0' class='yaxis time_all time_0' data-time='2220' style='top: 1781px; display: block;'>\n                <div class='yaxistime yaxistime-extra'>&nbsp;<\/div><\/div><div id='time_0' name='visible_87' data-day='0' class='yaxis time_all time_0' data-time='2230' style='top: 1801px; display: block;'>\n                <div class='yaxistime yaxistime-extra half-hour'><div class='yaxistext-minor yaxistext-minor-extra'>22:30\n<\/div><\/div><\/div><div id = 'time_0' name='visible_88' data-day='0' class='yaxis time_all time_0' data-time='2240' style='top: 1821px; display: block;'>\n                <div class='yaxistime yaxistime-extra'>&nbsp;<\/div><\/div><div id = 'time_0' name='visible_89' data-day='0' class='yaxis time_all time_0' data-time='2250' style='top: 1841px; display: block;'>\n                <div class='yaxistime yaxistime-extra'>&nbsp;<\/div><\/div><div id='time_0' name='visible_90' data-day='0' class='yaxis major time_all time_0  data-time='2300' style='top: 1861px; display: block;'>\n                <div class='yaxistime yaxistime-extra'><div class='yaxistext yaxistext-extra'>23:00\n<\/div><\/div><\/div><div id = 'time_0' name='visible_91' data-day='0' class='yaxis time_all time_0' data-time='2310' style='top: 1881px; display: block;'>\n                <div class='yaxistime yaxistime-extra'>&nbsp;<\/div><\/div><div id = 'time_0' name='visible_92' data-day='0' class='yaxis time_all time_0' data-time='2320' style='top: 1901px; display: block;'>\n                <div class='yaxistime yaxistime-extra'>&nbsp;<\/div><\/div><div id='time_0' name='visible_93' data-day='0' class='yaxis time_all time_0' data-time='2330' style='top: 1921px; display: block;'>\n                <div class='yaxistime yaxistime-extra half-hour'><div class='yaxistext-minor yaxistext-minor-extra'>23:30\n<\/div><\/div><\/div><div id = 'time_0' name='visible_94' data-day='0' class='yaxis time_all time_0' data-time='2340' style='top: 1941px; display: block;'>\n                <div class='yaxistime yaxistime-extra'>&nbsp;<\/div><\/div><div id = 'time_0' name='visible_95' data-day='0' class='yaxis time_all time_0' data-time='2350' style='top: 1961px; display: block;'>\n                <div class='yaxistime yaxistime-extra'>&nbsp;<\/div><\/div><div id='time_1' name='visible_96' data-day='1' class='yaxis major time_all time_1  data-time='0800' style='top: 61px; display: none;'>\n                <div class='yaxistime yaxistime-extra'><div class='yaxistext yaxistext-extra'>08:00\n<\/div><\/div><\/div><div id = 'time_1' name='visible_97' data-day='1' class='yaxis time_all time_1' data-time='0810' style='top: 81px; display: none;'>\n                <div class='yaxistime yaxistime-extra'>&nbsp;<\/div><\/div><div id = 'time_1' name='visible_98' data-day='1' class='yaxis time_all time_1' data-time='0820' style='top: 101px; display: none;'>\n                <div class='yaxistime yaxistime-extra'>&nbsp;<\/div><\/div><div id='time_1' name='visible_99' data-day='1' class='yaxis time_all time_1' data-time='0830' style='top: 121px; display: none;'>\n                <div class='yaxistime yaxistime-extra half-hour'><div class='yaxistext-minor yaxistext-minor-extra'>08:30\n<\/div><\/div><\/div><div id = 'time_1' name='visible_100' data-day='1' class='yaxis time_all time_1' data-time='0840' style='top: 141px; display: none;'>\n                <div class='yaxistime yaxistime-extra'>&nbsp;<\/div><\/div><div id = 'time_1' name='visible_101' data-day='1' class='yaxis time_all time_1' data-time='0850' style='top: 161px; display: none;'>\n                <div class='yaxistime yaxistime-extra'>&nbsp;<\/div><\/div><div id='time_1' name='visible_102' data-day='1' class='yaxis major time_all time_1  data-time='0900' style='top: 181px; display: none;'>\n                <div class='yaxistime yaxistime-extra'><div class='yaxistext yaxistext-extra'>09:00\n<\/div><\/div><\/div><div id = 'time_1' name='visible_103' data-day='1' class='yaxis time_all time_1' data-time='0910' style='top: 201px; display: none;'>\n                <div class='yaxistime yaxistime-extra'>&nbsp;<\/div><\/div><div id = 'time_1' name='visible_104' data-day='1' class='yaxis time_all time_1' data-time='0920' style='top: 221px; display: none;'>\n                <div class='yaxistime yaxistime-extra'>&nbsp;<\/div><\/div><div id='time_1' name='visible_105' data-day='1' class='yaxis time_all time_1' data-time='0930' style='top: 241px; display: none;'>\n                <div class='yaxistime yaxistime-extra half-hour'><div class='yaxistext-minor yaxistext-minor-extra'>09:30\n<\/div><\/div><\/div><div id = 'time_1' name='visible_106' data-day='1' class='yaxis time_all time_1' data-time='0940' style='top: 261px; display: none;'>\n                <div class='yaxistime yaxistime-extra'>&nbsp;<\/div><\/div><div id = 'time_1' name='visible_107' data-day='1' class='yaxis time_all time_1' data-time='0950' style='top: 281px; display: none;'>\n                <div class='yaxistime yaxistime-extra'>&nbsp;<\/div><\/div><div id='time_1' name='visible_108' data-day='1' class='yaxis major time_all time_1  data-time='1000' style='top: 301px; display: none;'>\n                <div class='yaxistime yaxistime-extra'><div class='yaxistext yaxistext-extra'>10:00\n<\/div><\/div><\/div><div id = 'time_1' name='visible_109' data-day='1' class='yaxis time_all time_1' data-time='1010' style='top: 321px; display: none;'>\n                <div class='yaxistime yaxistime-extra'>&nbsp;<\/div><\/div><div id = 'time_1' name='visible_110' data-day='1' class='yaxis time_all time_1' data-time='1020' style='top: 341px; display: none;'>\n                <div class='yaxistime yaxistime-extra'>&nbsp;<\/div><\/div><div id='time_1' name='visible_111' data-day='1' class='yaxis time_all time_1' data-time='1030' style='top: 361px; display: none;'>\n                <div class='yaxistime yaxistime-extra half-hour'><div class='yaxistext-minor yaxistext-minor-extra'>10:30\n<\/div><\/div><\/div><div id = 'time_1' name='visible_112' data-day='1' class='yaxis time_all time_1' data-time='1040' style='top: 381px; display: none;'>\n                <div class='yaxistime yaxistime-extra'>&nbsp;<\/div><\/div><div id = 'time_1' name='visible_113' data-day='1' class='yaxis time_all time_1' data-time='1050' style='top: 401px; display: none;'>\n                <div class='yaxistime yaxistime-extra'>&nbsp;<\/div><\/div><div id='time_1' name='visible_114' data-day='1' class='yaxis major time_all time_1  data-time='1100' style='top: 421px; display: none;'>\n                <div class='yaxistime yaxistime-extra'><div class='yaxistext yaxistext-extra'>11:00\n<\/div><\/div><\/div><div id = 'time_1' name='visible_115' data-day='1' class='yaxis time_all time_1' data-time='1110' style='top: 441px; display: none;'>\n                <div class='yaxistime yaxistime-extra'>&nbsp;<\/div><\/div><div id = 'time_1' name='visible_116' data-day='1' class='yaxis time_all time_1' data-time='1120' style='top: 461px; display: none;'>\n                <div class='yaxistime yaxistime-extra'>&nbsp;<\/div><\/div><div id='time_1' name='visible_117' data-day='1' class='yaxis time_all time_1' data-time='1130' style='top: 481px; display: none;'>\n                <div class='yaxistime yaxistime-extra half-hour'><div class='yaxistext-minor yaxistext-minor-extra'>11:30\n<\/div><\/div><\/div><div id = 'time_1' name='visible_118' data-day='1' class='yaxis time_all time_1' data-time='1140' style='top: 501px; display: none;'>\n                <div class='yaxistime yaxistime-extra'>&nbsp;<\/div><\/div><div id = 'time_1' name='visible_119' data-day='1' class='yaxis time_all time_1' data-time='1150' style='top: 521px; display: none;'>\n                <div class='yaxistime yaxistime-extra'>&nbsp;<\/div><\/div><div id='time_1' name='visible_120' data-day='1' class='yaxis major time_all time_1  data-time='1200' style='top: 541px; display: none;'>\n                <div class='yaxistime yaxistime-extra'><div class='yaxistext yaxistext-extra'>12:00\n<\/div><\/div><\/div><div id = 'time_1' name='visible_121' data-day='1' class='yaxis time_all time_1' data-time='1210' style='top: 561px; display: none;'>\n                <div class='yaxistime yaxistime-extra'>&nbsp;<\/div><\/div><div id = 'time_1' name='visible_122' data-day='1' class='yaxis time_all time_1' data-time='1220' style='top: 581px; display: none;'>\n                <div class='yaxistime yaxistime-extra'>&nbsp;<\/div><\/div><div id='time_1' name='visible_123' data-day='1' class='yaxis time_all time_1' data-time='1230' style='top: 601px; display: none;'>\n                <div class='yaxistime yaxistime-extra half-hour'><div class='yaxistext-minor yaxistext-minor-extra'>12:30\n<\/div><\/div><\/div><div id = 'time_1' name='visible_124' data-day='1' class='yaxis time_all time_1' data-time='1240' style='top: 621px; display: none;'>\n                <div class='yaxistime yaxistime-extra'>&nbsp;<\/div><\/div><div id = 'time_1' name='visible_125' data-day='1' class='yaxis time_all time_1' data-time='1250' style='top: 641px; display: none;'>\n                <div class='yaxistime yaxistime-extra'>&nbsp;<\/div><\/div><div id='time_1' name='visible_126' data-day='1' class='yaxis major time_all time_1  data-time='1300' style='top: 661px; display: none;'>\n                <div class='yaxistime yaxistime-extra'><div class='yaxistext yaxistext-extra'>13:00\n<\/div><\/div><\/div><div id = 'time_1' name='visible_127' data-day='1' class='yaxis time_all time_1' data-time='1310' style='top: 681px; display: none;'>\n                <div class='yaxistime yaxistime-extra'>&nbsp;<\/div><\/div><div id = 'time_1' name='visible_128' data-day='1' class='yaxis time_all time_1' data-time='1320' style='top: 701px; display: none;'>\n                <div class='yaxistime yaxistime-extra'>&nbsp;<\/div><\/div><div id='time_1' name='visible_129' data-day='1' class='yaxis time_all time_1' data-time='1330' style='top: 721px; display: none;'>\n                <div class='yaxistime yaxistime-extra half-hour'><div class='yaxistext-minor yaxistext-minor-extra'>13:30\n<\/div><\/div><\/div><div id = 'time_1' name='visible_130' data-day='1' class='yaxis time_all time_1' data-time='1340' style='top: 741px; display: none;'>\n                <div class='yaxistime yaxistime-extra'>&nbsp;<\/div><\/div><div id = 'time_1' name='visible_131' data-day='1' class='yaxis time_all time_1' data-time='1350' style='top: 761px; display: none;'>\n                <div class='yaxistime yaxistime-extra'>&nbsp;<\/div><\/div><div id='time_1' name='visible_132' data-day='1' class='yaxis major time_all time_1  data-time='1400' style='top: 781px; display: none;'>\n                <div class='yaxistime yaxistime-extra'><div class='yaxistext yaxistext-extra'>14:00\n<\/div><\/div><\/div><div id = 'time_1' name='visible_133' data-day='1' class='yaxis time_all time_1' data-time='1410' style='top: 801px; display: none;'>\n                <div class='yaxistime yaxistime-extra'>&nbsp;<\/div><\/div><div id = 'time_1' name='visible_134' data-day='1' class='yaxis time_all time_1' data-time='1420' style='top: 821px; display: none;'>\n                <div class='yaxistime yaxistime-extra'>&nbsp;<\/div><\/div><div id='time_1' name='visible_135' data-day='1' class='yaxis time_all time_1' data-time='1430' style='top: 841px; display: none;'>\n                <div class='yaxistime yaxistime-extra half-hour'><div class='yaxistext-minor yaxistext-minor-extra'>14:30\n<\/div><\/div><\/div><div id = 'time_1' name='visible_136' data-day='1' class='yaxis time_all time_1' data-time='1440' style='top: 861px; display: none;'>\n                <div class='yaxistime yaxistime-extra'>&nbsp;<\/div><\/div><div id = 'time_1' name='visible_137' data-day='1' class='yaxis time_all time_1' data-time='1450' style='top: 881px; display: none;'>\n                <div class='yaxistime yaxistime-extra'>&nbsp;<\/div><\/div>\n          <div class=\"event \"\n            data-id=\"1003\"\n            data-project=\"project_406_2018_09_20\"\n            data-title=\"Registrering: Entr\u00e9plan, Conventum Kongress\"\n            data-abs-nbr=\"\"\n            data-ystart=\"8\"\n            data-yend=\"10\"\n            data-time=\"08:00-10:00\"\n            data-room=\"0\"\n            data-room-id=\"-1\"\n            data-room-name=\"-Ej specificerad-\"\n            data-day=\"0\"\n            data-abs-path=\"\"\n            data-speaker=\"\"\n            data-speakercell=\"\"\n            data-info=\"                  &lt;p&gt;Kaffe med fralla hos utst\u00e4llarna i Forum och utanf\u00f6r kongressalen&lt;\/p&gt;                  &lt;p&gt;V\u00e4lkommen att bes\u00f6ka utst\u00e4llningen!&amp;nbsp;&lt;\/p&gt;                 &lt;br&gt;&lt;br&gt;\"\n            data-category=\"\"\n            data-category-ids=\"\"\n            data-span-all=\"1\"\n                      >\n\n            <div class=\"event_content\">\n              <div class=\"title\">\n                                <span>Registrering: Entr\u00e9plan, Conventum Kongress<\/span>\n              <\/div>\n              <div class=\"span_room\"><span>-Ej specificerad-<br\/><\/span><\/div>\n              <div class=\"time\">\n                <span>\n                  08:00-10:00                <\/span><\/div>\n\n              \n            <\/div>\n\n\n            \n          <\/div>\n\n      \n          <div class=\"event \"\n            data-id=\"1010\"\n            data-project=\"project_406_2018_09_20\"\n            data-title=\"&quot;Var god dr\u00f6j \u2013 Strukturomvandling p\u00e5g\u00e5r\u2026\u201d\"\n            data-abs-nbr=\"\"\n            data-ystart=\"10\"\n            data-yend=\"11\"\n            data-time=\"10:00-11:00\"\n            data-room=\"1\"\n            data-room-id=\"1002\"\n            data-room-name=\"Conventum Kongress\"\n            data-day=\"0\"\n            data-abs-path=\"\"\n            data-speaker=\"Kenneth   Nilsson , Kommunstyrelseordf\u00f6rande \u00d6rebro; Johan Persson, Styrelseordf\u00f6rande, Svenskt Vatten; P\u00e4r  Dalhielm, VD, Svenskt Vatten\"\n            data-speakercell=\"Kenneth   Nilsson , Kommunstyrelseordf\u00f6rande \u00d6rebro; Johan Persson, Styrelseordf\u00f6rande, Svenskt Vatten; P\u00e4r  Dalhielm, VD, Svenskt Vatten\"\n            data-info=\"                  &lt;p&gt;Svenskt Vatten tillsammans med \u00d6rebro kommun\/Tekniska f\u00f6rvaltningen h\u00e4lsar v\u00e4lkommen till Vattenst\u00e4mman 2019.&lt;\/p&gt;                  &lt;p&gt;P\u00e4r Dalhielm, Om L\u00e4ge och Riktning i VA-branschen.&lt;br&gt;&lt;br&gt;&lt;\/p&gt;                  &lt;p&gt;&lt;br&gt;&lt;\/p&gt;                 &lt;br&gt;&lt;br&gt;\"\n            data-category=\"F\u00f6rel\u00e4sning\"\n            data-category-ids=\"1002\"\n            data-span-all=\"\"\n                      >\n\n            <div class=\"event_content\">\n              <div class=\"title\">\n                                <span>\"Var god dr\u00f6j \u2013 Strukturomvandling p\u00e5g\u00e5r\u2026\u201d<\/span>\n              <\/div>\n              <div class=\"span_room\"><span><\/span><\/div>\n              <div class=\"time\">\n                <span>\n                  10:00-11:00                <\/span><\/div>\n\n              <div class=\"lecturer\"><span>Kenneth   Nilsson , Kommunstyrelseordf\u00f6rande \u00d6rebro; Johan Persson, Styrelseordf\u00f6rande, Svenskt Vatten; P\u00e4r  Dalhielm, VD, Svenskt Vatten<\/span><\/div>\n            <\/div>\n\n\n                                <div style=\"background-color:#0092D5; position: absolute !important ; height: 4px !important; left: 4px; right: 4px; bottom : 2px !important;  border\"><\/div>\n            \n          <\/div>\n\n      \n          <div class=\"event \"\n            data-id=\"1041\"\n            data-project=\"project_406_2018_09_20\"\n            data-title=\"Vattnet och EU, M\u00f6jlighet eller Hot \u2013 Paneldebatt\"\n            data-abs-nbr=\"\"\n            data-ystart=\"11\"\n            data-yend=\"12\"\n            data-time=\"11:00-12:00\"\n            data-room=\"1\"\n            data-room-id=\"1002\"\n            data-room-name=\"Conventum Kongress\"\n            data-day=\"0\"\n            data-abs-path=\"\"\n            data-speaker=\"Jytte Guteland, Europaparlamentariker (S); Liza-Maria  Norlin, (KD); Abir  Alsahlani , (C); Emma  Nohr\u00e9n, Politiker (MP) ; Johan  Pehrson , Riksdagsledamot (L); H\u00e5kan  Svenneling , (V)\"\n            data-speakercell=\"Jytte Guteland, Europaparlamentariker (S); Liza-Maria  Norlin, (KD); Abir  Alsahlani , (C); Emma  Nohr\u00e9n, Politiker (MP) ; Johan  Pehrson , Riksdagsledamot (L); H\u00e5kan  Svenneling , (V)\"\n            data-info=\"&lt;b&gt;Moderatorer: &lt;\/b&gt;Lars Jederlund, Vetsam; Peter  S\u00f6rng\u00e5rd, Svenskt Vatten&lt;br&gt;&lt;br&gt;                  &lt;p&gt;Samtal om hur Sverige p\u00e5verkar och p\u00e5verkas av EU \u2013 Hur t\u00e4nker en parlamentariker.&lt;\/p&gt;                 &lt;br&gt;&lt;br&gt;\"\n            data-category=\"F\u00f6rel\u00e4sning\"\n            data-category-ids=\"1002\"\n            data-span-all=\"\"\n                      >\n\n            <div class=\"event_content\">\n              <div class=\"title\">\n                                <span>Vattnet och EU, M\u00f6jlighet eller Hot \u2013 Paneldebatt<\/span>\n              <\/div>\n              <div class=\"span_room\"><span><\/span><\/div>\n              <div class=\"time\">\n                <span>\n                  11:00-12:00                <\/span><\/div>\n\n              <div class=\"lecturer\"><span>Lars Jederlund, Vetsam; Peter  S\u00f6rng\u00e5rd, Svenskt Vatten, Jytte Guteland, Europaparlamentariker (S); Liza-Maria  Norlin, (KD); Abir  Alsahlani , (C); Emma  Nohr\u00e9n, Politiker (MP) ; Johan  Pehrson , Riksdagsledamot (L); H\u00e5kan  Svenneling , (V)<\/span><\/div>\n            <\/div>\n\n\n                                <div style=\"background-color:#0092D5; position: absolute !important ; height: 4px !important; left: 4px; right: 4px; bottom : 2px !important;  border\"><\/div>\n            \n          <\/div>\n\n      \n          <div class=\"event \"\n            data-id=\"1011\"\n            data-project=\"project_406_2018_09_20\"\n            data-title=\"Lunch p\u00e5 plan 1\"\n            data-abs-nbr=\"\"\n            data-ystart=\"12\"\n            data-yend=\"13.25\"\n            data-time=\"12:00-13:15\"\n            data-room=\"6\"\n            data-room-id=\"1007\"\n            data-room-name=\"Conventum Bankett\"\n            data-day=\"0\"\n            data-abs-path=\"\"\n            data-speaker=\"\"\n            data-speakercell=\"\"\n            data-info=\"                  &lt;p&gt;Sittande lunch serveras p\u00e5 plan 1. Kaffe efter lunchen serveras i utst\u00e4llningen.&amp;nbsp;&lt;\/p&gt;                  &lt;p&gt;V\u00e4lkommen att bes\u00f6ka utst\u00e4llarna!&amp;nbsp;&lt;\/p&gt;                 &lt;br&gt;&lt;br&gt;\"\n            data-category=\"\"\n            data-category-ids=\"\"\n            data-span-all=\"1\"\n                      >\n\n            <div class=\"event_content\">\n              <div class=\"title\">\n                                <span>Lunch p\u00e5 plan 1<\/span>\n              <\/div>\n              <div class=\"span_room\"><span>Conventum Bankett<br\/><\/span><\/div>\n              <div class=\"time\">\n                <span>\n                  12:00-13:15                <\/span><\/div>\n\n              \n            <\/div>\n\n\n            \n          <\/div>\n\n      \n          <div class=\"event \"\n            data-id=\"1053\"\n            data-project=\"project_406_2018_09_20\"\n            data-title=\"Dricksvatten och klimatanpassning hos SMHI, Generaldirekt\u00f6r Rolf Brennerfelt.\"\n            data-abs-nbr=\"\"\n            data-ystart=\"13.25\"\n            data-yend=\"13.5\"\n            data-time=\"13:15-13:30\"\n            data-room=\"1\"\n            data-room-id=\"1002\"\n            data-room-name=\"Conventum Kongress\"\n            data-day=\"0\"\n            data-abs-path=\"\"\n            data-speaker=\"Rolf  Brennerfelt , Generaldirekt\u00f6r, SMHI\"\n            data-speakercell=\"Rolf  Brennerfelt , Generaldirekt\u00f6r, SMHI\"\n            data-info=\"                  &lt;p&gt;SMHI:s arbete inom dricksvatten och klimatanpassning - Generaldirekt\u00f6r SMHI Rolf Brennerfelt (15 min)&lt;br&gt;&lt;\/p&gt;                 &lt;br&gt;&lt;br&gt;\"\n            data-category=\"F\u00f6rel\u00e4sning\"\n            data-category-ids=\"1002\"\n            data-span-all=\"\"\n                      >\n\n            <div class=\"event_content\">\n              <div class=\"title\">\n                                <span>Dricksvatten och klimatanpassning hos SMHI, Generaldirekt\u00f6r Rolf Brennerfelt.<\/span>\n              <\/div>\n              <div class=\"span_room\"><span><\/span><\/div>\n              <div class=\"time\">\n                <span>\n                  13:15-13:30                <\/span><\/div>\n\n              <div class=\"lecturer\"><span>Rolf  Brennerfelt , Generaldirekt\u00f6r, SMHI<\/span><\/div>\n            <\/div>\n\n\n                                <div style=\"background-color:#0092D5; position: absolute !important ; height: 4px !important; left: 4px; right: 4px; bottom : 2px !important;  border\"><\/div>\n            \n          <\/div>\n\n      \n          <div class=\"event \"\n            data-id=\"1012\"\n            data-project=\"project_406_2018_09_20\"\n            data-title=\"Klarar kommunerna sitt uppdrag? Paneldiskussion\"\n            data-abs-nbr=\"\"\n            data-ystart=\"13.5\"\n            data-yend=\"14.333333333333\"\n            data-time=\"13:30-14:20\"\n            data-room=\"1\"\n            data-room-id=\"1002\"\n            data-room-name=\"Conventum Kongress\"\n            data-day=\"0\"\n            data-abs-path=\"\"\n            data-speaker=\"Miguel Odhner, Kommunstyrelsens ordf\u00f6rande (S), Kung\u00e4lv; Daniel Adborn, Kommunalr\u00e5d (L), Nyn\u00e4shamn; Caroline Dieker, Kommunstyrelsens ordf\u00f6rande (M), Askersund; Ulrika    Liljeberg , Kommunstyrelsens ordf\u00f6rande (C), Leksand; Bo  Rudolfsson, Kommunstyrelsens ordf\u00f6rande (KD), Lax\u00e5; Clara  Ericson, Partif\u00f6retr\u00e4dare (V) Lax\u00e5; Linus Lakso, Partistyrelseledamot, MP Eskilstuna; Daniel  Spiik, (SD) \u00d6rebro\"\n            data-speakercell=\"Miguel Odhner, Kommunstyrelsens ordf\u00f6rande (S), Kung\u00e4lv; Daniel Adborn, Kommunalr\u00e5d (L), Nyn\u00e4shamn; Caroline Dieker, Kommunstyrelsens ordf\u00f6rande (M), Askersund; Ulrika    Liljeberg , Kommunstyrelsens ordf\u00f6rande (C), Leksand; Bo  Rudolfsson, Kommunstyrelsens ordf\u00f6rande (KD), Lax\u00e5; Clara  Ericson, Partif\u00f6retr\u00e4dare (V) Lax\u00e5; Linus Lakso, Partistyrelseledamot, MP Eskilstuna; Daniel  Spiik, (SD) \u00d6rebro\"\n            data-info=\"&lt;b&gt;Moderatorer: &lt;\/b&gt;Dan L\u00f6fgren, Svenskt Vatten; Kristina Hall, Ingenj\u00f6r, VA-SYD&lt;br&gt;&lt;br&gt;                  &lt;p&gt;Klarar kommunerna sitt uppdrag? Paneldiskussion&lt;br&gt;&lt;\/p&gt;                 &lt;br&gt;&lt;br&gt;\"\n            data-category=\"F\u00f6rel\u00e4sning\"\n            data-category-ids=\"1002\"\n            data-span-all=\"\"\n                      >\n\n            <div class=\"event_content\">\n              <div class=\"title\">\n                                <span>Klarar kommunerna sitt uppdrag? Paneldiskussion<\/span>\n              <\/div>\n              <div class=\"span_room\"><span><\/span><\/div>\n              <div class=\"time\">\n                <span>\n                  13:30-14:20                <\/span><\/div>\n\n              <div class=\"lecturer\"><span>Dan L\u00f6fgren, Svenskt Vatten; Kristina Hall, Ingenj\u00f6r, VA-SYD, Miguel Odhner, Kommunstyrelsens ordf\u00f6rande (S), Kung\u00e4lv; Daniel Adborn, Kommunalr\u00e5d (L), Nyn\u00e4shamn; Caroline Dieker, Kommunstyrelsens ordf\u00f6rande (M), Askersund; Ulrika    Liljeberg , Kommunstyrelsens ordf\u00f6rande (C), Leksand; Bo  Rudolfsson, Kommunstyrelsens ordf\u00f6rande (KD), Lax\u00e5; Clara  Ericson, Partif\u00f6retr\u00e4dare (V) Lax\u00e5; Linus Lakso, Partistyrelseledamot, MP Eskilstuna; Daniel  Spiik, (SD) \u00d6rebro<\/span><\/div>\n            <\/div>\n\n\n                                <div style=\"background-color:#0092D5; position: absolute !important ; height: 4px !important; left: 4px; right: 4px; bottom : 2px !important;  border\"><\/div>\n            \n          <\/div>\n\n      \n          <div class=\"event \"\n            data-id=\"1005\"\n            data-project=\"project_406_2018_09_20\"\n            data-title=\"Arbetsgivarvarum\u00e4rket \u2013 vart beh\u00f6ver VA f\u00f6rflytta sig i framtiden?\"\n            data-abs-nbr=\"\"\n            data-ystart=\"14.5\"\n            data-yend=\"15.5\"\n            data-time=\"14:30-15:30\"\n            data-room=\"3\"\n            data-room-id=\"1004\"\n            data-room-name=\"Handskmakaren\"\n            data-day=\"0\"\n            data-abs-path=\"\"\n            data-speaker=\"Ingrid  Und\u00e9n-Lindehell, VAKIN\"\n            data-speakercell=\"Ingrid  Und\u00e9n-Lindehell, VAKIN\"\n            data-info=\"&lt;b&gt;Moderatorer: &lt;\/b&gt;Dan L\u00f6fgren, Svenskt Vatten&lt;br&gt;&lt;br&gt;                  &lt;p&gt;En fallstudie \u00f6ver ett ambiti\u00f6st arbete att st\u00e4rka ett arbetsgivarvarum\u00e4rke i VA-branschen. Efterf\u00f6ljande panelsamtal i vilken riktning VA-branschen beh\u00f6ver utvecklas i framtiden f\u00f6r att \u00f6ka sin attraktivitet.&lt;\/p&gt;                  &lt;p&gt;&amp;nbsp;&lt;\/p&gt;                  &lt;p&gt;&lt;br&gt;&lt;\/p&gt;                 &lt;br&gt;&lt;br&gt;\"\n            data-category=\"Seminarie - Kompetens\"\n            data-category-ids=\"1009\"\n            data-span-all=\"\"\n                      >\n\n            <div class=\"event_content\">\n              <div class=\"title\">\n                                <span>Arbetsgivarvarum\u00e4rket \u2013 vart beh\u00f6ver VA f\u00f6rflytta sig i framtiden?<\/span>\n              <\/div>\n              <div class=\"span_room\"><span><\/span><\/div>\n              <div class=\"time\">\n                <span>\n                  14:30-15:30                <\/span><\/div>\n\n              <div class=\"lecturer\"><span>Dan L\u00f6fgren, Svenskt Vatten, Ingrid  Und\u00e9n-Lindehell, VAKIN<\/span><\/div>\n            <\/div>\n\n\n                                <div style=\"background-color:#83C8ED; position: absolute !important ; height: 4px !important; left: 4px; right: 4px; bottom : 2px !important;  border\"><\/div>\n            \n          <\/div>\n\n      \n          <div class=\"event \"\n            data-id=\"1040\"\n            data-project=\"project_406_2018_09_20\"\n            data-title=\"St\u00f6rre starkare VA organisationer med st\u00f6d av h\u00e5llbarhetsindex \"\n            data-abs-nbr=\"\"\n            data-ystart=\"14.5\"\n            data-yend=\"15.5\"\n            data-time=\"14:30-15:30\"\n            data-room=\"2\"\n            data-room-id=\"1003\"\n            data-room-name=\"Club 700\"\n            data-day=\"0\"\n            data-abs-path=\"\"\n            data-speaker=\"Magnus  Montelius, Konsult, Sweco Environment AB; Gilbert  Svensson, Docent, GS Vattenforum AB; Peter  Sj\u00f6holm, VIVAB; Patrik Nilsen, Karlstad\"\n            data-speakercell=\"Magnus  Montelius, Konsult, Sweco Environment AB; Gilbert  Svensson, Docent, GS Vattenforum AB; Peter  Sj\u00f6holm, VIVAB; Patrik Nilsen, Karlstad\"\n            data-info=\"&lt;b&gt;Moderatorer: &lt;\/b&gt;Karin Ols, Svenskt Vatten; P\u00e4r  Dalhielm, VD, Svenskt Vatten&lt;br&gt;&lt;br&gt;                  &lt;table&gt;                   &lt;tbody&gt;                    &lt;tr&gt;                     &lt;td&gt;&lt;span style=&quot;font-weight: bold;&quot;&gt;H\u00e5llbarhetsseminarium p\u00e5 Vattenst\u00e4mman&lt;\/span&gt;&lt;p&gt;&lt;\/p&gt;                      &lt;ul&gt;                       &lt;li&gt;&lt;span style=&quot;background-color: transparent;&quot;&gt;Svensk Vattens syn p\u00e5 HBI.&amp;nbsp;&lt;\/span&gt;&lt;\/li&gt;                       &lt;li&gt;Slutsatser och trender.&lt;\/li&gt;                       &lt;li&gt;Hur organisationsformen p\u00e5verkar.&lt;\/li&gt;                       &lt;li&gt;St\u00e4ller HBI r\u00e4tt fr\u00e5gor?&lt;\/li&gt;                       &lt;li&gt;Vad kan man vinna genom avanonymisering?&amp;nbsp; &amp;nbsp;&lt;\/li&gt;                       &lt;li&gt;Hur kan man anv\u00e4nda sitt resultat i f\u00f6rb\u00e4ttringsarbetet?&amp;nbsp; &amp;nbsp; &amp;nbsp; &amp;nbsp; &amp;nbsp; &amp;nbsp;&lt;span style=&quot;background-color: transparent;&quot;&gt;&amp;nbsp; &amp;nbsp; &amp;nbsp; &amp;nbsp;&amp;nbsp;&lt;\/span&gt;&lt;\/li&gt;                       &lt;li&gt;Vilka krav st\u00e4ller det p\u00e5 organisationen?&lt;\/li&gt;                       &lt;li&gt;Hur kan man anv\u00e4nda automatrapporterna i kommunikation&amp;nbsp;&lt;span style=&quot;background-color: transparent;&quot;&gt;med politiker och tj\u00e4nstem\u00e4n?&lt;\/span&gt;&lt;\/li&gt;                      &lt;\/ul&gt;&lt;p&gt;&lt;\/p&gt;&lt;p&gt;&amp;nbsp;&lt;\/p&gt;&lt;\/td&gt;                    &lt;\/tr&gt;                   &lt;\/tbody&gt;                  &lt;\/table&gt;                 &lt;br&gt;&lt;br&gt;\"\n            data-category=\"Seminarie - Digitalisering\/s\u00e4kerhet\"\n            data-category-ids=\"1007\"\n            data-span-all=\"\"\n                      >\n\n            <div class=\"event_content\">\n              <div class=\"title\">\n                                <span>St\u00f6rre starkare VA organisationer med st\u00f6d av h\u00e5llbarhetsindex <\/span>\n              <\/div>\n              <div class=\"span_room\"><span><\/span><\/div>\n              <div class=\"time\">\n                <span>\n                  14:30-15:30                <\/span><\/div>\n\n              <div class=\"lecturer\"><span>Karin Ols, Svenskt Vatten; P\u00e4r  Dalhielm, VD, Svenskt Vatten, Magnus  Montelius, Konsult, Sweco Environment AB; Gilbert  Svensson, Docent, GS Vattenforum AB; Peter  Sj\u00f6holm, VIVAB; Patrik Nilsen, Karlstad<\/span><\/div>\n            <\/div>\n\n\n                                <div style=\"background-color:#FFCC00; position: absolute !important ; height: 4px !important; left: 4px; right: 4px; bottom : 2px !important;  border\"><\/div>\n            \n          <\/div>\n\n      \n          <div class=\"event \"\n            data-id=\"1006\"\n            data-project=\"project_406_2018_09_20\"\n            data-title=\"Vi tar ansvar f\u00f6r vattnets v\u00e4g (NCC)\"\n            data-abs-nbr=\"\"\n            data-ystart=\"14.5\"\n            data-yend=\"15\"\n            data-time=\"14:30-15:00\"\n            data-room=\"4\"\n            data-room-id=\"1005\"\n            data-room-name=\"Studion\"\n            data-day=\"0\"\n            data-abs-path=\"\"\n            data-speaker=\"Per  Johansson, NCC; M\u00e5ns  Hansson, NCC; Simon  \u00c5kerlund, NCC; Jonas  Mader, NCC\"\n            data-speakercell=\"Per  Johansson, NCC; M\u00e5ns  Hansson, NCC; Simon  \u00c5kerlund, NCC; Jonas  Mader, NCC\"\n            data-info=\"                  &lt;p&gt;&lt;b&gt;&lt;br&gt;&lt;br&gt;&lt;br&gt;&lt;\/b&gt;&lt;\/p&gt;                 &lt;br&gt;&lt;br&gt;\"\n            data-category=\"Seminarie - Branschf\u00f6retag\"\n            data-category-ids=\"1008\"\n            data-span-all=\"\"\n                      >\n\n            <div class=\"event_content\">\n              <div class=\"title\">\n                                <span>Vi tar ansvar f\u00f6r vattnets v\u00e4g (NCC)<\/span>\n              <\/div>\n              <div class=\"span_room\"><span><\/span><\/div>\n              <div class=\"time\">\n                <span>\n                  14:30-15:00                <\/span><\/div>\n\n              <div class=\"lecturer\"><span>Per  Johansson, NCC; M\u00e5ns  Hansson, NCC; Simon  \u00c5kerlund, NCC; Jonas  Mader, NCC<\/span><\/div>\n            <\/div>\n\n\n                                <div style=\"background-color:#D64D49; position: absolute !important ; height: 4px !important; left: 4px; right: 4px; bottom : 2px !important;  border\"><\/div>\n            \n          <\/div>\n\n      \n          <div class=\"event \"\n            data-id=\"1013\"\n            data-project=\"project_406_2018_09_20\"\n            data-title=\"Svenskt Vattens st\u00e5ndpunkter ang\u00e5ende h\u00e5llbar dagvattenhantering och skyfallsanpassning av samh\u00e4llet\"\n            data-abs-nbr=\"\"\n            data-ystart=\"14.5\"\n            data-yend=\"15.5\"\n            data-time=\"14:30-15:30\"\n            data-room=\"1\"\n            data-room-id=\"1002\"\n            data-room-name=\"Conventum Kongress\"\n            data-day=\"0\"\n            data-abs-path=\"\"\n            data-speaker=\"Kristina Hall, Ingenj\u00f6r, VA-SYD; Gilbert  Nordenswan, Svenskt Vatten\"\n            data-speakercell=\"Kristina Hall, Ingenj\u00f6r, VA-SYD; Gilbert  Nordenswan, Svenskt Vatten\"\n            data-info=\"                  Svenskt Vatten arbete med H\u00e5llbar dagvattenhantering, presentation av policypaper om skyfallshantering                  &lt;table&gt;&lt;\/table&gt;                  &lt;table&gt;&lt;\/table&gt;                  &lt;table&gt;                   &lt;tbody&gt;                   &lt;\/tbody&gt;                  &lt;\/table&gt;                 &lt;br&gt;&lt;br&gt;\"\n            data-category=\"Seminarie - Klimat\"\n            data-category-ids=\"1006\"\n            data-span-all=\"\"\n                      >\n\n            <div class=\"event_content\">\n              <div class=\"title\">\n                                <span>Svenskt Vattens st\u00e5ndpunkter ang\u00e5ende h\u00e5llbar dagvattenhantering och skyfallsanpassning av samh\u00e4llet<\/span>\n              <\/div>\n              <div class=\"span_room\"><span><\/span><\/div>\n              <div class=\"time\">\n                <span>\n                  14:30-15:30                <\/span><\/div>\n\n              <div class=\"lecturer\"><span>Kristina Hall, Ingenj\u00f6r, VA-SYD; Gilbert  Nordenswan, Svenskt Vatten<\/span><\/div>\n            <\/div>\n\n\n                                <div style=\"background-color:#80D689; position: absolute !important ; height: 4px !important; left: 4px; right: 4px; bottom : 2px !important;  border\"><\/div>\n            \n          <\/div>\n\n      \n          <div class=\"event \"\n            data-id=\"1047\"\n            data-project=\"project_406_2018_09_20\"\n            data-title=\"F\u00f6rdr\u00f6jning av dagvatten \u2013 en n\u00f6dv\u00e4ndighet n\u00e4r havet stiger (SWECO)\"\n            data-abs-nbr=\"\"\n            data-ystart=\"15\"\n            data-yend=\"15.5\"\n            data-time=\"15:00-15:30\"\n            data-room=\"4\"\n            data-room-id=\"1005\"\n            data-room-name=\"Studion\"\n            data-day=\"0\"\n            data-abs-path=\"\"\n            data-speaker=\"Mattias  Salomonsson, Sweco\"\n            data-speakercell=\"Mattias  Salomonsson, Sweco\"\n            data-info=\"                  &lt;p&gt;D\u00e4r vi har stigande niv\u00e5er i hav, sj\u00f6ar och vattendragbeh\u00f6ver n\u00e4rliggande bebyggelse skyddas. Detta g\u00f6rs ofta genom invallningar avber\u00f6rda platser. Nederb\u00f6rd som faller \u00f6ver den skyddade bebyggelsen beh\u00f6ver tasomhand, vilket ofta resulterar i att pumpkapacitet beh\u00f6ver skapas. Hur kan manminska behovet av pumpning och varf\u00f6r \u00e4r Sverige och exempelvis Norge s\u00e4mrerustade f\u00f6r stigande havsniv\u00e5er \u00e4n Holland?&lt;br&gt;&lt;\/p&gt;                  &lt;p&gt;Mattias Salomonsson, klimatexpert p\u00e5 Sweco, visar exempel p\u00e5varf\u00f6r en bl\u00e5gr\u00f6n struktur ger merv\u00e4rden ut\u00f6ver mindre ledningsdimensioner. Hanger ocks\u00e5 exempel p\u00e5 vad vi kan l\u00e4ra oss av andra l\u00e4nder.&lt;\/p&gt;                  &lt;p&gt;&lt;\/p&gt;                  &lt;p&gt;&amp;nbsp;&lt;\/p&gt;                 &lt;br&gt;&lt;br&gt;\"\n            data-category=\"Seminarie - Branschf\u00f6retag\"\n            data-category-ids=\"1008\"\n            data-span-all=\"\"\n                      >\n\n            <div class=\"event_content\">\n              <div class=\"title\">\n                                <span>F\u00f6rdr\u00f6jning av dagvatten \u2013 en n\u00f6dv\u00e4ndighet n\u00e4r havet stiger (SWECO)<\/span>\n              <\/div>\n              <div class=\"span_room\"><span><\/span><\/div>\n              <div class=\"time\">\n                <span>\n                  15:00-15:30                <\/span><\/div>\n\n              <div class=\"lecturer\"><span>Mattias  Salomonsson, Sweco<\/span><\/div>\n            <\/div>\n\n\n                                <div style=\"background-color:#D64D49; position: absolute !important ; height: 4px !important; left: 4px; right: 4px; bottom : 2px !important;  border\"><\/div>\n            \n          <\/div>\n\n      \n          <div class=\"event \"\n            data-id=\"1007\"\n            data-project=\"project_406_2018_09_20\"\n            data-title=\"Kaffepaus hos utst\u00e4llarna\"\n            data-abs-nbr=\"\"\n            data-ystart=\"15.5\"\n            data-yend=\"16\"\n            data-time=\"15:30-16:00\"\n            data-room=\"5\"\n            data-room-id=\"1006\"\n            data-room-name=\"Forum\"\n            data-day=\"0\"\n            data-abs-path=\"\"\n            data-speaker=\"\"\n            data-speakercell=\"\"\n            data-info=\"                 &lt;p&gt;V\u00e4lkommen att bes\u00f6ka montrarna!&lt;\/p&gt;                &lt;br&gt;&lt;br&gt;\"\n            data-category=\"\"\n            data-category-ids=\"\"\n            data-span-all=\"1\"\n                      >\n\n            <div class=\"event_content\">\n              <div class=\"title\">\n                                <span>Kaffepaus hos utst\u00e4llarna<\/span>\n              <\/div>\n              <div class=\"span_room\"><span>Forum<br\/><\/span><\/div>\n              <div class=\"time\">\n                <span>\n                  15:30-16:00                <\/span><\/div>\n\n              \n            <\/div>\n\n\n            \n          <\/div>\n\n      \n          <div class=\"event \"\n            data-id=\"1015\"\n            data-project=\"project_406_2018_09_20\"\n            data-title=\"Svenskt Vattens f\u00f6reningsst\u00e4mma\"\n            data-abs-nbr=\"\"\n            data-ystart=\"16\"\n            data-yend=\"17\"\n            data-time=\"16:00-17:00\"\n            data-room=\"2\"\n            data-room-id=\"1003\"\n            data-room-name=\"Club 700\"\n            data-day=\"0\"\n            data-abs-path=\"\"\n            data-speaker=\"\"\n            data-speakercell=\"\"\n            data-info=\"\"\n            data-category=\"F\u00f6rel\u00e4sning\"\n            data-category-ids=\"1002\"\n            data-span-all=\"\"\n                      >\n\n            <div class=\"event_content\">\n              <div class=\"title\">\n                                <span>Svenskt Vattens f\u00f6reningsst\u00e4mma<\/span>\n              <\/div>\n              <div class=\"span_room\"><span><\/span><\/div>\n              <div class=\"time\">\n                <span>\n                  16:00-17:00                <\/span><\/div>\n\n              \n            <\/div>\n\n\n                                <div style=\"background-color:#0092D5; position: absolute !important ; height: 4px !important; left: 4px; right: 4px; bottom : 2px !important;  border\"><\/div>\n            \n          <\/div>\n\n      \n          <div class=\"event \"\n            data-id=\"1014\"\n            data-project=\"project_406_2018_09_20\"\n            data-title=\"Vattenvisionens m\u00e5l f\u00f6r 2030. H\u00f6r om de tre b\u00e4sta examensarbetena inom VA-omr\u00e5det 2018 f\u00f6ljt av prisutdelning.\"\n            data-abs-nbr=\"\"\n            data-ystart=\"16\"\n            data-yend=\"17\"\n            data-time=\"16:00-17:00\"\n            data-room=\"3\"\n            data-room-id=\"1004\"\n            data-room-name=\"Handskmakaren\"\n            data-day=\"0\"\n            data-abs-path=\"\"\n            data-speaker=\"Erik K\u00e4rrman, Tekn dr, RISE; Mikael  Danielsson, Mikrobiolog, Lunds Universitet; Sofia  H\u00f6gstrand, Doktorand, Lunds Universitet; Maja  Ignell, Milj\u00f6- och processingenj\u00f6r, Lunds Universitet; Rozbe  Bozorgi, Civilingenj\u00f6r, Uppsala Universitet; Klara Westling, Gruppchef, IVL Svenska Milj\u00f6institutet\"\n            data-speakercell=\"Erik K\u00e4rrman, Tekn dr, RISE; Mikael  Danielsson, Mikrobiolog, Lunds Universitet; Sofia  H\u00f6gstrand, Doktorand, Lunds Universitet; Maja  Ignell, Milj\u00f6- och processingenj\u00f6r, Lunds Universitet; Rozbe  Bozorgi, Civilingenj\u00f6r, Uppsala Universitet; Klara Westling, Gruppchef, IVL Svenska Milj\u00f6institutet\"\n            data-info=\"&lt;b&gt;Moderatorer: &lt;\/b&gt;Anna Norstr\u00f6m, Svenskt Vatten&lt;br&gt;&lt;br&gt;                  &lt;p&gt;Klara Westling, IVL och Erik K\u00e4rrman, RISE. Vattenvisionen. Forsknings- och innovationsagenda f\u00f6r vattensektorn, etappm\u00e5l 2030.&lt;\/p&gt;                  &lt;p&gt;&lt;\/p&gt;                  &lt;p&gt;Mikael Danielsson, Lunds Universitet. Kartl\u00e4ggning av bakterier i dricksvatten med fl\u00f6descytometri \u2013 f\u00f6re, under och efter reningsprocess. (Mapping of Bacteria with Flow Cytometry - before, during and after treatment of drinking water).&lt;\/p&gt;                  &lt;p&gt;Sofia H\u00f6gstrand och Maja Ignell, Lunds Universitet. M\u00f6jligheten att kombinera pulveriserat aktivt kol (PAK) och MBBR f\u00f6r avskiljning av organiska mikrof\u00f6roreningar.&lt;\/p&gt;                  &lt;p&gt;Rozbe Bozorgi, Uppsala Universitet. \u00c5tg\u00e4rdande av felkopplingar som kompensations\u00e5tg\u00e4rd f\u00f6r \u00f6kade dagvattenf\u00f6roreningar - en fallstudie med en kostnads-nyttoanalys.&lt;\/p&gt;                  &lt;p&gt;&lt;\/p&gt;                  &lt;p&gt;&lt;br&gt;&lt;\/p&gt;                 &lt;br&gt;&lt;br&gt;\"\n            data-category=\"F\u00f6rel\u00e4sning\"\n            data-category-ids=\"1002\"\n            data-span-all=\"\"\n                      >\n\n            <div class=\"event_content\">\n              <div class=\"title\">\n                                <span>Vattenvisionens m\u00e5l f\u00f6r 2030. H\u00f6r om de tre b\u00e4sta examensarbetena inom VA-omr\u00e5det 2018 f\u00f6ljt av prisutdelning.<\/span>\n              <\/div>\n              <div class=\"span_room\"><span><\/span><\/div>\n              <div class=\"time\">\n                <span>\n                  16:00-17:00                <\/span><\/div>\n\n              <div class=\"lecturer\"><span>Anna Norstr\u00f6m, Svenskt Vatten, Erik K\u00e4rrman, Tekn dr, RISE; Mikael  Danielsson, Mikrobiolog, Lunds Universitet; Sofia  H\u00f6gstrand, Doktorand, Lunds Universitet; Maja  Ignell, Milj\u00f6- och processingenj\u00f6r, Lunds Universitet; Rozbe  Bozorgi, Civilingenj\u00f6r, Uppsala Universitet; Klara Westling, Gruppchef, IVL Svenska Milj\u00f6institutet<\/span><\/div>\n            <\/div>\n\n\n                                <div style=\"background-color:#0092D5; position: absolute !important ; height: 4px !important; left: 4px; right: 4px; bottom : 2px !important;  border\"><\/div>\n            \n          <\/div>\n\n      \n          <div class=\"event \"\n            data-id=\"1017\"\n            data-project=\"project_406_2018_09_20\"\n            data-title=\"F\u00f6rdrink med mingel\"\n            data-abs-nbr=\"\"\n            data-ystart=\"19\"\n            data-yend=\"19.5\"\n            data-time=\"19:00-19:30\"\n            data-room=\"6\"\n            data-room-id=\"1007\"\n            data-room-name=\"Conventum Bankett\"\n            data-day=\"0\"\n            data-abs-path=\"\"\n            data-speaker=\"\"\n            data-speakercell=\"\"\n            data-info=\"                  &lt;p&gt;Conventum kongress - Entr\u00e9plan med m\u00f6jlighet att mingla upp till v\u00e5ning 1&lt;\/p&gt;                 &lt;br&gt;&lt;br&gt;\"\n            data-category=\"\"\n            data-category-ids=\"\"\n            data-span-all=\"1\"\n                      >\n\n            <div class=\"event_content\">\n              <div class=\"title\">\n                                <span>F\u00f6rdrink med mingel<\/span>\n              <\/div>\n              <div class=\"span_room\"><span>Conventum Bankett<br\/><\/span><\/div>\n              <div class=\"time\">\n                <span>\n                  19:00-19:30                <\/span><\/div>\n\n              \n            <\/div>\n\n\n            \n          <\/div>\n\n      \n          <div class=\"event \"\n            data-id=\"1018\"\n            data-project=\"project_406_2018_09_20\"\n            data-title=\"Bankettmiddag med underh\u00e5llning, f\u00f6ljt av dans. (19:30-01:00)\"\n            data-abs-nbr=\"\"\n            data-ystart=\"19.5\"\n            data-yend=\"23.983333333333\"\n            data-time=\"19:30-23:59\"\n            data-room=\"6\"\n            data-room-id=\"1007\"\n            data-room-name=\"Conventum Bankett\"\n            data-day=\"0\"\n            data-abs-path=\"\"\n            data-speaker=\"\"\n            data-speakercell=\"\"\n            data-info=\"                  &lt;p&gt;Lokal: Conventum bankettsal&lt;\/p&gt;                  &lt;p&gt;&lt;br&gt;&lt;\/p&gt;                 &lt;br&gt;&lt;br&gt;\"\n            data-category=\"\"\n            data-category-ids=\"\"\n            data-span-all=\"1\"\n                      >\n\n            <div class=\"event_content\">\n              <div class=\"title\">\n                                <span>Bankettmiddag med underh\u00e5llning, f\u00f6ljt av dans. (19:30-01:00)<\/span>\n              <\/div>\n              <div class=\"span_room\"><span>Conventum Bankett<br\/><\/span><\/div>\n              <div class=\"time\">\n                <span>\n                  19:30-23:59                <\/span><\/div>\n\n              \n            <\/div>\n\n\n            \n          <\/div>\n\n      \n          <div class=\"event \"\n            data-id=\"1019\"\n            data-project=\"project_406_2018_09_20\"\n            data-title=\"Tusenbitarspusslet: F\u00f6r att uppn\u00e5 ett samh\u00e4lle som klarar kraftiga skyfall kr\u00e4vs en m\u00e4ngd olika \u00e5tg\u00e4rder. I detta seminarium visas exempel p\u00e5 n\u00e5gra av dem:\"\n            data-abs-nbr=\"\"\n            data-ystart=\"8.5\"\n            data-yend=\"9.25\"\n            data-time=\"08:30-09:15\"\n            data-room=\"1\"\n            data-room-id=\"1002\"\n            data-room-name=\"Conventum Kongress\"\n            data-day=\"1\"\n            data-abs-path=\"\"\n            data-speaker=\"Marie Falk, Kretslopp och Vatten; Marie  Lindvall, Landskapsarkitekt, Lunds kommun; Nilla  Thomsson, Uppdragsledare, Boverket\"\n            data-speakercell=\"Marie Falk, Kretslopp och Vatten; Marie  Lindvall, Landskapsarkitekt, Lunds kommun; Nilla  Thomsson, Uppdragsledare, Boverket\"\n            data-info=\"&lt;b&gt;Moderatorer: &lt;\/b&gt;Gilbert  Nordenswan, Svenskt Vatten; Kristina Hall, Ingenj\u00f6r, VA-SYD&lt;br&gt;&lt;br&gt;                  &lt;p&gt;1) Hur vi l\u00e4ggerdagvattenpusslet i G\u00f6teborg, Marie falk, Kretslopp och Vatten&lt;\/p&gt;                 &lt;p&gt;2) Lund tar ett helhetsgrepp p\u00e5skyfallsanpassningen i planeringen, MarieBorisson Lindvall, Lunds kommun&lt;\/p&gt;                 &lt;p&gt;&lt;\/p&gt;                 &lt;p&gt;3) Boverkets uppdrag att samordna det nationellaklimatanpassningsarbetet f\u00f6r den byggda milj\u00f6n, Nilla Thomsson, Boverket&lt;\/p&gt;                 &lt;br&gt;&lt;br&gt;\"\n            data-category=\"Seminarie - Klimat\"\n            data-category-ids=\"1006\"\n            data-span-all=\"\"\n                      >\n\n            <div class=\"event_content\">\n              <div class=\"title\">\n                                <span>Tusenbitarspusslet: F\u00f6r att uppn\u00e5 ett samh\u00e4lle som klarar kraftiga skyfall kr\u00e4vs en m\u00e4ngd olika \u00e5tg\u00e4rder. I detta seminarium visas exempel p\u00e5 n\u00e5gra av dem:<\/span>\n              <\/div>\n              <div class=\"span_room\"><span><\/span><\/div>\n              <div class=\"time\">\n                <span>\n                  08:30-09:15                <\/span><\/div>\n\n              <div class=\"lecturer\"><span>Gilbert  Nordenswan, Svenskt Vatten; Kristina Hall, Ingenj\u00f6r, VA-SYD, Marie Falk, Kretslopp och Vatten; Marie  Lindvall, Landskapsarkitekt, Lunds kommun; Nilla  Thomsson, Uppdragsledare, Boverket<\/span><\/div>\n            <\/div>\n\n\n                                <div style=\"background-color:#80D689; position: absolute !important ; height: 4px !important; left: 4px; right: 4px; bottom : 2px !important;  border\"><\/div>\n            \n          <\/div>\n\n      \n          <div class=\"event \"\n            data-id=\"1031\"\n            data-project=\"project_406_2018_09_20\"\n            data-title=\"Svenskt Vattens egna utbildningar \u2013 vilka beh\u00f6vs och varf\u00f6r?\"\n            data-abs-nbr=\"\"\n            data-ystart=\"8.5\"\n            data-yend=\"9.25\"\n            data-time=\"08:30-09:15\"\n            data-room=\"3\"\n            data-room-id=\"1004\"\n            data-room-name=\"Handskmakaren\"\n            data-day=\"1\"\n            data-abs-path=\"\"\n            data-speaker=\"Sara Bohlinder , Svenskt Vatten; Anette \u00c4lmeby, Svenskt Vatten\"\n            data-speakercell=\"Sara Bohlinder , Svenskt Vatten; Anette \u00c4lmeby, Svenskt Vatten\"\n            data-info=\"&lt;b&gt;Moderatorer: &lt;\/b&gt;Dan L\u00f6fgren, Svenskt Vatten&lt;br&gt;&lt;br&gt;                  &lt;p&gt;Framtidens VA kr\u00e4ver st\u00e4ndigkompetensutveckling. Medverka i en workshop d\u00e4r vi funderar p\u00e5 vad som beh\u00f6vs,varf\u00f6r och hur vi ska undervisas och av vem. Beh\u00f6vs det riktiga l\u00e4rare av k\u00f6ttoch blod eller kan allt automatiseras, digitaliseras och g\u00f6ras pappersl\u00f6st?&lt;\/p&gt;                 &lt;br&gt;&lt;br&gt;\"\n            data-category=\"Seminarie - Kompetens\"\n            data-category-ids=\"1009\"\n            data-span-all=\"\"\n                      >\n\n            <div class=\"event_content\">\n              <div class=\"title\">\n                                <span>Svenskt Vattens egna utbildningar \u2013 vilka beh\u00f6vs och varf\u00f6r?<\/span>\n              <\/div>\n              <div class=\"span_room\"><span><\/span><\/div>\n              <div class=\"time\">\n                <span>\n                  08:30-09:15                <\/span><\/div>\n\n              <div class=\"lecturer\"><span>Dan L\u00f6fgren, Svenskt Vatten, Sara Bohlinder , Svenskt Vatten; Anette \u00c4lmeby, Svenskt Vatten<\/span><\/div>\n            <\/div>\n\n\n                                <div style=\"background-color:#83C8ED; position: absolute !important ; height: 4px !important; left: 4px; right: 4px; bottom : 2px !important;  border\"><\/div>\n            \n          <\/div>\n\n      \n          <div class=\"event \"\n            data-id=\"1027\"\n            data-project=\"project_406_2018_09_20\"\n            data-title=\"Svenskt Vattens arbete inom s\u00e4kert dricksvatten\"\n            data-abs-nbr=\"\"\n            data-ystart=\"8.5\"\n            data-yend=\"9.25\"\n            data-time=\"08:30-09:15\"\n            data-room=\"2\"\n            data-room-id=\"1003\"\n            data-room-name=\"Club 700\"\n            data-day=\"1\"\n            data-abs-path=\"\"\n            data-speaker=\"P\u00e4r  Dalhielm, VD, Svenskt Vatten; Birger  Wallsten, Svenskt Vatten; Ola  Rodell, Informationss\u00e4kerhetsansvarig, Stockholm Vatten och Avfall\"\n            data-speakercell=\"P\u00e4r  Dalhielm, VD, Svenskt Vatten; Birger  Wallsten, Svenskt Vatten; Ola  Rodell, Informationss\u00e4kerhetsansvarig, Stockholm Vatten och Avfall\"\n            data-info=\"&lt;b&gt;Moderatorer: &lt;\/b&gt;Birger  Wallsten, Svenskt Vatten&lt;br&gt;&lt;br&gt;                  &lt;p&gt;Presentation av Svenskt Vattens arbete inom omr\u00e5det &lt;i&gt;Skydda dricksvattnet.&amp;nbsp;&lt;\/i&gt;Ett \u201dPosition paper\u201d \u00e4r under framtagande. Vilka omr\u00e5den skall vi prioritera? Dialog med auditoriet.&lt;\/p&gt;                  &lt;p&gt;Svenskt Vatten arbetar med att ordna en utbildning inom s\u00e4kerhetsomr\u00e5det som skall starta h\u00f6sten 2019;&lt;i&gt; Utbildning i systematiskt s\u00e4kerhetsarbete.&amp;nbsp;&lt;\/i&gt;&lt;\/p&gt;                 &lt;br&gt;&lt;br&gt;\"\n            data-category=\"Seminarie - Digitalisering\/s\u00e4kerhet\"\n            data-category-ids=\"1007\"\n            data-span-all=\"\"\n                      >\n\n            <div class=\"event_content\">\n              <div class=\"title\">\n                                <span>Svenskt Vattens arbete inom s\u00e4kert dricksvatten<\/span>\n              <\/div>\n              <div class=\"span_room\"><span><\/span><\/div>\n              <div class=\"time\">\n                <span>\n                  08:30-09:15                <\/span><\/div>\n\n              <div class=\"lecturer\"><span>Birger  Wallsten, Svenskt Vatten, P\u00e4r  Dalhielm, VD, Svenskt Vatten; Birger  Wallsten, Svenskt Vatten; Ola  Rodell, Informationss\u00e4kerhetsansvarig, Stockholm Vatten och Avfall<\/span><\/div>\n            <\/div>\n\n\n                                <div style=\"background-color:#FFCC00; position: absolute !important ; height: 4px !important; left: 4px; right: 4px; bottom : 2px !important;  border\"><\/div>\n            \n          <\/div>\n\n      \n          <div class=\"event \"\n            data-id=\"1035\"\n            data-project=\"project_406_2018_09_20\"\n            data-title=\"HUBERs l\u00f6sningar f\u00f6r slamtorkning, monof\u00f6rbr\u00e4nning &amp; fosfor\u00e5tervinning.\"\n            data-abs-nbr=\"\"\n            data-ystart=\"8.5\"\n            data-yend=\"8.8333333333333\"\n            data-time=\"08:30-08:50\"\n            data-room=\"4\"\n            data-room-id=\"1005\"\n            data-room-name=\"Studion\"\n            data-day=\"1\"\n            data-abs-path=\"\"\n            data-speaker=\"John  Skantze, Hydropress HUBER AB\"\n            data-speakercell=\"John  Skantze, Hydropress HUBER AB\"\n            data-info=\"                  &lt;p&gt;&lt;br&gt;&lt;\/p&gt;                  &lt;p&gt;&lt;br&gt;&lt;\/p&gt;                  &lt;p&gt;&lt;br&gt;&lt;\/p&gt;                 &lt;br&gt;&lt;br&gt;\"\n            data-category=\"Seminarie - Branschf\u00f6retag\"\n            data-category-ids=\"1008\"\n            data-span-all=\"\"\n                      >\n\n            <div class=\"event_content\">\n              <div class=\"title\">\n                                <span>HUBERs l\u00f6sningar f\u00f6r slamtorkning, monof\u00f6rbr\u00e4nning & fosfor\u00e5tervinning.<\/span>\n              <\/div>\n              <div class=\"span_room\"><span><\/span><\/div>\n              <div class=\"time\">\n                <span>\n                  08:30-08:50                <\/span><\/div>\n\n              <div class=\"lecturer\"><span>John  Skantze, Hydropress HUBER AB<\/span><\/div>\n            <\/div>\n\n\n                                <div style=\"background-color:#D64D49; position: absolute !important ; height: 4px !important; left: 4px; right: 4px; bottom : 2px !important;  border\"><\/div>\n            \n          <\/div>\n\n      \n          <div class=\"event \"\n            data-id=\"1048\"\n            data-project=\"project_406_2018_09_20\"\n            data-title=\"Energieffektiv HTC teknik ger nya m\u00f6jligheter f\u00f6r hantering av slam (C-green)\"\n            data-abs-nbr=\"\"\n            data-ystart=\"8.9166666666667\"\n            data-yend=\"9.25\"\n            data-time=\"08:55-09:15\"\n            data-room=\"4\"\n            data-room-id=\"1005\"\n            data-room-name=\"Studion\"\n            data-day=\"1\"\n            data-abs-path=\"\"\n            data-speaker=\"Peter  Axg\u00e5rd\"\n            data-speakercell=\"Peter  Axg\u00e5rd\"\n            data-info=\"                  &lt;p&gt;&lt;br&gt;&lt;\/p&gt;                  &lt;p&gt;&lt;br&gt;&lt;\/p&gt;                 &lt;br&gt;&lt;br&gt;\"\n            data-category=\"Seminarie - Branschf\u00f6retag\"\n            data-category-ids=\"1008\"\n            data-span-all=\"\"\n                      >\n\n            <div class=\"event_content\">\n              <div class=\"title\">\n                                <span>Energieffektiv HTC teknik ger nya m\u00f6jligheter f\u00f6r hantering av slam (C-green)<\/span>\n              <\/div>\n              <div class=\"span_room\"><span><\/span><\/div>\n              <div class=\"time\">\n                <span>\n                  08:55-09:15                <\/span><\/div>\n\n              <div class=\"lecturer\"><span>Peter  Axg\u00e5rd<\/span><\/div>\n            <\/div>\n\n\n                                <div style=\"background-color:#D64D49; position: absolute !important ; height: 4px !important; left: 4px; right: 4px; bottom : 2px !important;  border\"><\/div>\n            \n          <\/div>\n\n      \n          <div class=\"event \"\n            data-id=\"1020\"\n            data-project=\"project_406_2018_09_20\"\n            data-title=\"Planering f\u00f6r en s\u00e4ker och l\u00e5ngsiktig dricksvattenf\u00f6rs\u00f6rjning\"\n            data-abs-nbr=\"\"\n            data-ystart=\"9.4166666666667\"\n            data-yend=\"10.166666666667\"\n            data-time=\"09:25-10:10\"\n            data-room=\"1\"\n            data-room-id=\"1002\"\n            data-room-name=\"Conventum Kongress\"\n            data-day=\"1\"\n            data-abs-path=\"\"\n            data-speaker=\"Margareta  Lundin-Unger, Utredare, Havs- och vattenmyndigheten; Anna  Eklund, Hydrolog, SMHI\"\n            data-speakercell=\"Margareta  Lundin-Unger, Utredare, Havs- och vattenmyndigheten; Anna  Eklund, Hydrolog, SMHI\"\n            data-info=\"&lt;b&gt;Moderatorer: &lt;\/b&gt;Birger  Wallsten, Svenskt Vatten&lt;br&gt;&lt;br&gt;                  &lt;table&gt;                   &lt;tbody&gt;                    &lt;tr&gt;                     &lt;td&gt; &lt;p&gt;Havs- och vattenmyndigheten, HaV, tar fram v\u00e4gledning f\u00f6r l\u00e4nsstyrelsernas arbete med regional vattenf\u00f6rs\u00f6rjningsplanering.V\u00e4gledningen remitteras under v\u00e5ren.&lt;\/p&gt; &lt;p&gt;Hur ber\u00f6rs kommunerna och hur engageras VA-verksamheterna?&lt;\/p&gt; &lt;\/td&gt;                    &lt;\/tr&gt;                    &lt;tr&gt;                     &lt;td&gt; &lt;p&gt;SMHI arbetar med tv\u00e5 regeringsuppdrag; Sveriges vattenuttag och Vattenbrist.&lt;\/p&gt; &lt;\/td&gt;                    &lt;\/tr&gt;                    &lt;tr&gt;                     &lt;td&gt; &lt;p&gt;Sveriges vattenuttag; g\u00e5r ut p\u00e5 att samla in och sammanst\u00e4lla l\u00e4get kring de vattenuttag som g\u00f6rs i Sverige. Behovet finns, data finns \u2013 alla f\u00e5r dock inte tillg\u00e5ng till denna information pga s\u00e4kerhetssk\u00e4l.&lt;\/p&gt; &lt;\/td&gt;                    &lt;\/tr&gt;                    &lt;tr&gt;                     &lt;td&gt; &lt;p&gt;Vattenbrist; i uppdraget testar man olika metoder f\u00f6r att minska risken f\u00f6r vattenbrist vid torka, t ex uppd\u00e4mning och \u00e5terskapande av v\u00e5tmarker. F\u00f6rsta omg\u00e5ngen resultat redovisas i juni 2019.&lt;\/p&gt; &lt;\/td&gt;                    &lt;\/tr&gt;                   &lt;\/tbody&gt;                  &lt;\/table&gt;                  &lt;table&gt;                   &lt;tbody&gt;                    &lt;tr&gt;&lt;\/tr&gt;                   &lt;\/tbody&gt;                  &lt;\/table&gt;                 &lt;br&gt;&lt;br&gt;\"\n            data-category=\"Seminarie - Klimat\"\n            data-category-ids=\"1006\"\n            data-span-all=\"\"\n                      >\n\n            <div class=\"event_content\">\n              <div class=\"title\">\n                                <span>Planering f\u00f6r en s\u00e4ker och l\u00e5ngsiktig dricksvattenf\u00f6rs\u00f6rjning<\/span>\n              <\/div>\n              <div class=\"span_room\"><span><\/span><\/div>\n              <div class=\"time\">\n                <span>\n                  09:25-10:10                <\/span><\/div>\n\n              <div class=\"lecturer\"><span>Birger  Wallsten, Svenskt Vatten, Margareta  Lundin-Unger, Utredare, Havs- och vattenmyndigheten; Anna  Eklund, Hydrolog, SMHI<\/span><\/div>\n            <\/div>\n\n\n                                <div style=\"background-color:#80D689; position: absolute !important ; height: 4px !important; left: 4px; right: 4px; bottom : 2px !important;  border\"><\/div>\n            \n          <\/div>\n\n      \n          <div class=\"event \"\n            data-id=\"1049\"\n            data-project=\"project_406_2018_09_20\"\n            data-title=\"Brunifiering och effektiva metoder f\u00f6r att avskilja f\u00e4rg (humus) samt \u00f6ka dricksvattens\u00e4kerheten (PE VattenPartner)\"\n            data-abs-nbr=\"\"\n            data-ystart=\"9.4166666666667\"\n            data-yend=\"9.75\"\n            data-time=\"09:25-09:45\"\n            data-room=\"4\"\n            data-room-id=\"1005\"\n            data-room-name=\"Studion\"\n            data-day=\"1\"\n            data-abs-path=\"\"\n            data-speaker=\"Michael Ohlsson, PE VattenPartner\"\n            data-speakercell=\"Michael Ohlsson, PE VattenPartner\"\n            data-info=\"                  &lt;p&gt;&lt;br&gt;&lt;\/p&gt;                 &lt;br&gt;&lt;br&gt;\"\n            data-category=\"Seminarie - Branschf\u00f6retag\"\n            data-category-ids=\"1008\"\n            data-span-all=\"\"\n                      >\n\n            <div class=\"event_content\">\n              <div class=\"title\">\n                                <span>Brunifiering och effektiva metoder f\u00f6r att avskilja f\u00e4rg (humus) samt \u00f6ka dricksvattens\u00e4kerheten (PE VattenPartner)<\/span>\n              <\/div>\n              <div class=\"span_room\"><span><\/span><\/div>\n              <div class=\"time\">\n                <span>\n                  09:25-09:45                <\/span><\/div>\n\n              <div class=\"lecturer\"><span>Michael Ohlsson, PE VattenPartner<\/span><\/div>\n            <\/div>\n\n\n                                <div style=\"background-color:#D64D49; position: absolute !important ; height: 4px !important; left: 4px; right: 4px; bottom : 2px !important;  border\"><\/div>\n            \n          <\/div>\n\n      \n          <div class=\"event \"\n            data-id=\"1032\"\n            data-project=\"project_406_2018_09_20\"\n            data-title=\"YH-utbildningar inom VA \u2013 fakta och framtida utmaningar\"\n            data-abs-nbr=\"\"\n            data-ystart=\"9.4166666666667\"\n            data-yend=\"10.166666666667\"\n            data-time=\"09:25-10:10\"\n            data-room=\"3\"\n            data-room-id=\"1004\"\n            data-room-name=\"Handskmakaren\"\n            data-day=\"1\"\n            data-abs-path=\"\"\n            data-speaker=\"G\u00f6ran Arvest\u00e5hl, SKY - Stiftelsen yrkesh\u00f6gskolan i Sverige; Bengt  Wahlstedt, SKY - Stiftelsen yrkesh\u00f6gskolan i Sverige\"\n            data-speakercell=\"G\u00f6ran Arvest\u00e5hl, SKY - Stiftelsen yrkesh\u00f6gskolan i Sverige; Bengt  Wahlstedt, SKY - Stiftelsen yrkesh\u00f6gskolan i Sverige\"\n            data-info=\"&lt;b&gt;Moderatorer: &lt;\/b&gt;Dan L\u00f6fgren, Svenskt Vatten&lt;br&gt;&lt;br&gt;                  &lt;p&gt;Yrkesh\u00f6gskoleutbildningarinom VA \u00e4r en relativt ny f\u00f6reteelse som finns p\u00e5 ett antal orter i landet. Hurfungerar det, vilka finns det, vilka \u00e4r det som s\u00f6ker? Vad kr\u00e4vs f\u00f6r framtidensYH-utbildningar inom va fr\u00e5n huvudm\u00e4nnen och utbildningsanordnarna?&lt;\/p&gt;                 &lt;br&gt;&lt;br&gt;\"\n            data-category=\"Seminarie - Kompetens\"\n            data-category-ids=\"1009\"\n            data-span-all=\"\"\n                      >\n\n            <div class=\"event_content\">\n              <div class=\"title\">\n                                <span>YH-utbildningar inom VA \u2013 fakta och framtida utmaningar<\/span>\n              <\/div>\n              <div class=\"span_room\"><span><\/span><\/div>\n              <div class=\"time\">\n                <span>\n                  09:25-10:10                <\/span><\/div>\n\n              <div class=\"lecturer\"><span>Dan L\u00f6fgren, Svenskt Vatten, G\u00f6ran Arvest\u00e5hl, SKY - Stiftelsen yrkesh\u00f6gskolan i Sverige; Bengt  Wahlstedt, SKY - Stiftelsen yrkesh\u00f6gskolan i Sverige<\/span><\/div>\n            <\/div>\n\n\n                                <div style=\"background-color:#83C8ED; position: absolute !important ; height: 4px !important; left: 4px; right: 4px; bottom : 2px !important;  border\"><\/div>\n            \n          <\/div>\n\n      \n          <div class=\"event \"\n            data-id=\"1028\"\n            data-project=\"project_406_2018_09_20\"\n            data-title=\"Samarbeten mellan forskning och praktik\"\n            data-abs-nbr=\"\"\n            data-ystart=\"9.4166666666667\"\n            data-yend=\"10.166666666667\"\n            data-time=\"09:25-10:10\"\n            data-room=\"2\"\n            data-room-id=\"1003\"\n            data-room-name=\"Club 700\"\n            data-day=\"1\"\n            data-abs-path=\"\"\n            data-speaker=\"Ann Mattsson, Gryaab; Joanna Friberg, G\u00f6teborgsregionen; Lena Blom, G\u00f6teborg Stad Kretslopp och vatten; Susanna H\u00e5kansson, VA-ingenj\u00f6r, Trollh\u00e4ttan Energi; Magnus  Arnell, Forskare, RISE Research Institutes of Sweden; Mikael  Nielsen, K\u00e4ppalaf\u00f6rbundet; Maria  Viklander , Lule\u00e5 tekniska universitet ; Tomas  Larsson, MittSverige Vatten & Avfall\"\n            data-speakercell=\"Ann Mattsson, Gryaab; Joanna Friberg, G\u00f6teborgsregionen; Lena Blom, G\u00f6teborg Stad Kretslopp och vatten; Susanna H\u00e5kansson, VA-ingenj\u00f6r, Trollh\u00e4ttan Energi; Magnus  Arnell, Forskare, RISE Research Institutes of Sweden; Mikael  Nielsen, K\u00e4ppalaf\u00f6rbundet; Maria  Viklander , Lule\u00e5 tekniska universitet ; Tomas  Larsson, MittSverige Vatten & Avfall\"\n            data-info=\"&lt;b&gt;Moderatorer: &lt;\/b&gt;Anna Norstr\u00f6m, Svenskt Vatten&lt;br&gt;&lt;br&gt;                  &lt;p&gt;Forskning f\u00f6r regional samverkan kring vattenf\u00f6rs\u00f6rjning. Lena Blom Kretslopp och vatten, G\u00f6teborgs Stad och Joanna Friberg, G\u00f6teborgsregionens kommunalf\u00f6rbund.&lt;\/p&gt;                  &lt;p&gt;Att bygga biofilter \u2013 samarbete mellan forskning och praktik ger resultat. Maria Viklander Lule\u00e5 tekniska universitet och Tomas Larsson,MittSverige Vatten &amp;amp; Avfall.&lt;\/p&gt;                  &lt;p&gt;V\u00e4rme\u00e5tervinning ur avloppsvatten \u2013 hot mot reningsverket eller m\u00f6jlighet f\u00f6r klimatet? Magnus Arnell, RISE Research Institutes of Sweden och Mikael Nielsen, K\u00e4ppalaf\u00f6rbundet.&lt;\/p&gt;                  &lt;p&gt;&lt;\/p&gt;                  &lt;p&gt;Future City Flow. Ann Mattsson, Gryaab och Susanna H\u00e5kansson, Trollh\u00e4ttan Energi AB.&lt;\/p&gt;                 &lt;br&gt;&lt;br&gt;\"\n            data-category=\"Seminarie - Digitalisering\/s\u00e4kerhet\"\n            data-category-ids=\"1007\"\n            data-span-all=\"\"\n                      >\n\n            <div class=\"event_content\">\n              <div class=\"title\">\n                                <span>Samarbeten mellan forskning och praktik<\/span>\n              <\/div>\n              <div class=\"span_room\"><span><\/span><\/div>\n              <div class=\"time\">\n                <span>\n                  09:25-10:10                <\/span><\/div>\n\n              <div class=\"lecturer\"><span>Anna Norstr\u00f6m, Svenskt Vatten, Ann Mattsson, Gryaab; Joanna Friberg, G\u00f6teborgsregionen; Lena Blom, G\u00f6teborg Stad Kretslopp och vatten; Susanna H\u00e5kansson, VA-ingenj\u00f6r, Trollh\u00e4ttan Energi; Magnus  Arnell, Forskare, RISE Research Institutes of Sweden; Mikael  Nielsen, K\u00e4ppalaf\u00f6rbundet; Maria  Viklander , Lule\u00e5 tekniska universitet ; Tomas  Larsson, MittSverige Vatten & Avfall<\/span><\/div>\n            <\/div>\n\n\n                                <div style=\"background-color:#FFCC00; position: absolute !important ; height: 4px !important; left: 4px; right: 4px; bottom : 2px !important;  border\"><\/div>\n            \n          <\/div>\n\n      \n          <div class=\"event \"\n            data-id=\"1046\"\n            data-project=\"project_406_2018_09_20\"\n            data-title=\"Energibesparing f\u00f6r ett klimatsmart VA-n\u00e4t (Xylem)\"\n            data-abs-nbr=\"\"\n            data-ystart=\"9.8333333333333\"\n            data-yend=\"10.166666666667\"\n            data-time=\"09:50-10:10\"\n            data-room=\"4\"\n            data-room-id=\"1005\"\n            data-room-name=\"Studion\"\n            data-day=\"1\"\n            data-abs-path=\"\"\n            data-speaker=\"Reine   Lindholm , Xylem\"\n            data-speakercell=\"Reine   Lindholm , Xylem\"\n            data-info=\"                  &lt;p&gt;&lt;br&gt;&lt;\/p&gt;                 &lt;br&gt;&lt;br&gt;\"\n            data-category=\"Seminarie - Branschf\u00f6retag\"\n            data-category-ids=\"1008\"\n            data-span-all=\"\"\n                      >\n\n            <div class=\"event_content\">\n              <div class=\"title\">\n                                <span>Energibesparing f\u00f6r ett klimatsmart VA-n\u00e4t (Xylem)<\/span>\n              <\/div>\n              <div class=\"span_room\"><span><\/span><\/div>\n              <div class=\"time\">\n                <span>\n                  09:50-10:10                <\/span><\/div>\n\n              <div class=\"lecturer\"><span>Reine   Lindholm , Xylem<\/span><\/div>\n            <\/div>\n\n\n                                <div style=\"background-color:#D64D49; position: absolute !important ; height: 4px !important; left: 4px; right: 4px; bottom : 2px !important;  border\"><\/div>\n            \n          <\/div>\n\n      \n          <div class=\"event \"\n            data-id=\"1022\"\n            data-project=\"project_406_2018_09_20\"\n            data-title=\"Kaffepaus hos utst\u00e4llarna\"\n            data-abs-nbr=\"\"\n            data-ystart=\"10.166666666667\"\n            data-yend=\"10.666666666667\"\n            data-time=\"10:10-10:40\"\n            data-room=\"5\"\n            data-room-id=\"1006\"\n            data-room-name=\"Forum\"\n            data-day=\"1\"\n            data-abs-path=\"\"\n            data-speaker=\"\"\n            data-speakercell=\"\"\n            data-info=\"                  &lt;p&gt;V\u00e4lkommen att bes\u00f6ka montrarna!&lt;\/p&gt;                 &lt;br&gt;&lt;br&gt;\"\n            data-category=\"\"\n            data-category-ids=\"\"\n            data-span-all=\"1\"\n                      >\n\n            <div class=\"event_content\">\n              <div class=\"title\">\n                                <span>Kaffepaus hos utst\u00e4llarna<\/span>\n              <\/div>\n              <div class=\"span_room\"><span>Forum<br\/><\/span><\/div>\n              <div class=\"time\">\n                <span>\n                  10:10-10:40                <\/span><\/div>\n\n              \n            <\/div>\n\n\n            \n          <\/div>\n\n      \n          <div class=\"event \"\n            data-id=\"1033\"\n            data-project=\"project_406_2018_09_20\"\n            data-title=\"R\u00e4cker h\u00f6gskole- och civilingenj\u00f6rerna \u00e4ven till VA i framtiden?\"\n            data-abs-nbr=\"\"\n            data-ystart=\"10.666666666667\"\n            data-yend=\"11.416666666667\"\n            data-time=\"10:40-11:25\"\n            data-room=\"3\"\n            data-room-id=\"1004\"\n            data-room-name=\"Handskmakaren\"\n            data-day=\"1\"\n            data-abs-path=\"\"\n            data-speaker=\"Annelie Hedstr\u00f6m, Bitr\u00e4dande professor, Lule\u00e5 Tekniska Universitet; Karin J\u00f6nsson, Docent, Lunds Universitet; Mia Bondelid, Programansvarig Samh\u00e4llsbyggnadsteknik, Chalmers Tekniska H\u00f6gskola\"\n            data-speakercell=\"Annelie Hedstr\u00f6m, Bitr\u00e4dande professor, Lule\u00e5 Tekniska Universitet; Karin J\u00f6nsson, Docent, Lunds Universitet; Mia Bondelid, Programansvarig Samh\u00e4llsbyggnadsteknik, Chalmers Tekniska H\u00f6gskola\"\n            data-info=\"&lt;b&gt;Moderatorer: &lt;\/b&gt;Anna Norstr\u00f6m, Svenskt Vatten&lt;br&gt;&lt;br&gt;                  &lt;p&gt;Historik, l\u00e4get, trender och framtiden inom grundutbildningarna n\u00e4r det g\u00e4ller VA p\u00e5 de olika l\u00e4ros\u00e4tena redovisas. Finns det anledning till hopp \u2013eller oro?&lt;\/p&gt;                  &lt;p&gt;Annelie Hedstr\u00f6m, grundutbildningssansvarig p\u00e5 Arkitektur och Vatten, och bitr\u00e4dande professor i VA-teknik p\u00e5 Lule\u00e5 tekniska universitet.&lt;br&gt;Mia Bondelind, programansvarig f\u00f6r Samh\u00e4llsbyggnadsteknik vid Institutionen f\u00f6r arkitektur och samh\u00e4llsbyggnadsteknik p\u00e5 Chalmers tekniska h\u00f6gskola.&lt;br&gt;Karin J\u00f6nsson, docent, ledare f\u00f6r VA-teknikgruppen vid Lunds universitet&lt;\/p&gt;                  &lt;p&gt;&lt;br&gt;&lt;\/p&gt;                 &lt;br&gt;&lt;br&gt;\"\n            data-category=\"Seminarie - Kompetens\"\n            data-category-ids=\"1009\"\n            data-span-all=\"\"\n                      >\n\n            <div class=\"event_content\">\n              <div class=\"title\">\n                                <span>R\u00e4cker h\u00f6gskole- och civilingenj\u00f6rerna \u00e4ven till VA i framtiden?<\/span>\n              <\/div>\n              <div class=\"span_room\"><span><\/span><\/div>\n              <div class=\"time\">\n                <span>\n                  10:40-11:25                <\/span><\/div>\n\n              <div class=\"lecturer\"><span>Anna Norstr\u00f6m, Svenskt Vatten, Annelie Hedstr\u00f6m, Bitr\u00e4dande professor, Lule\u00e5 Tekniska Universitet; Karin J\u00f6nsson, Docent, Lunds Universitet; Mia Bondelid, Programansvarig Samh\u00e4llsbyggnadsteknik, Chalmers Tekniska H\u00f6gskola<\/span><\/div>\n            <\/div>\n\n\n                                <div style=\"background-color:#83C8ED; position: absolute !important ; height: 4px !important; left: 4px; right: 4px; bottom : 2px !important;  border\"><\/div>\n            \n          <\/div>\n\n      \n          <div class=\"event \"\n            data-id=\"1036\"\n            data-project=\"project_406_2018_09_20\"\n            data-title=\"Vi f\u00f6rlorar 500 miljoner liter dricksvatten - varje dag! (Kamstrup)\"\n            data-abs-nbr=\"\"\n            data-ystart=\"10.666666666667\"\n            data-yend=\"11\"\n            data-time=\"10:40-11:00\"\n            data-room=\"4\"\n            data-room-id=\"1005\"\n            data-room-name=\"Studion\"\n            data-day=\"1\"\n            data-abs-path=\"\"\n            data-speaker=\"Mattias   Bornerberg , Kamstrup\"\n            data-speakercell=\"Mattias   Bornerberg , Kamstrup\"\n            data-info=\"                  &lt;p&gt;&lt;br&gt;&lt;\/p&gt;                 &lt;br&gt;&lt;br&gt;\"\n            data-category=\"Seminarie - Branschf\u00f6retag\"\n            data-category-ids=\"1008\"\n            data-span-all=\"\"\n                      >\n\n            <div class=\"event_content\">\n              <div class=\"title\">\n                                <span>Vi f\u00f6rlorar 500 miljoner liter dricksvatten - varje dag! (Kamstrup)<\/span>\n              <\/div>\n              <div class=\"span_room\"><span><\/span><\/div>\n              <div class=\"time\">\n                <span>\n                  10:40-11:00                <\/span><\/div>\n\n              <div class=\"lecturer\"><span>Mattias   Bornerberg , Kamstrup<\/span><\/div>\n            <\/div>\n\n\n                                <div style=\"background-color:#D64D49; position: absolute !important ; height: 4px !important; left: 4px; right: 4px; bottom : 2px !important;  border\"><\/div>\n            \n          <\/div>\n\n      \n          <div class=\"event \"\n            data-id=\"1029\"\n            data-project=\"project_406_2018_09_20\"\n            data-title=\"Dricksvatten (VA) en del av totalf\u00f6rsvaret. NIS-direktivet \u2013 aktuell l\u00e4gesbild.\"\n            data-abs-nbr=\"\"\n            data-ystart=\"10.666666666667\"\n            data-yend=\"11.416666666667\"\n            data-time=\"10:40-11:25\"\n            data-room=\"2\"\n            data-room-id=\"1003\"\n            data-room-name=\"Club 700\"\n            data-day=\"1\"\n            data-abs-path=\"\"\n            data-speaker=\"Kjell  Mo , Senior samordnare, F\u00f6rsvarsh\u00f6gskolan\/CTSS; Katarina  Sunneg\u00e5rdh, NIS-tillsyn, Livsmedelsverket ; Torbj\u00f6rn  Lofterud, Livsmedelsverket\"\n            data-speakercell=\"Kjell  Mo , Senior samordnare, F\u00f6rsvarsh\u00f6gskolan\/CTSS; Katarina  Sunneg\u00e5rdh, NIS-tillsyn, Livsmedelsverket ; Torbj\u00f6rn  Lofterud, Livsmedelsverket\"\n            data-info=\"&lt;b&gt;Moderatorer: &lt;\/b&gt;Birger  Wallsten, Svenskt Vatten&lt;br&gt;&lt;br&gt;                  &lt;p&gt;Hur ser det aktuella s\u00e4kerhetsl\u00e4get ut, vilken hotbild finns? Hur kommer VA-verksamheten in i totalf\u00f6rsvaret?&amp;nbsp;Vikten av att t\u00e4nka p\u00e5 krigsorganisation och krigsplacering av personal.&lt;\/p&gt;                  &lt;p&gt;NIS-direktivet har funnits sedan 2016 och i svensk lag fr\u00e5n augusti 2018. Skyldighet att rapportera incidenter b\u00f6rjade 1 mars 2019.&lt;\/p&gt;                  &lt;p&gt;&lt;\/p&gt;                  &lt;p&gt;Under v\u00e5ren har Livsmedelsverket via en sj\u00e4lvskattningsenk\u00e4t gjort tillsyn av informationss\u00e4kerhetsarbetet hos VA-huvudm\u00e4nnen. Prelimin\u00e4ra slutsatser och resultat presenteras.&lt;\/p&gt;                 &lt;br&gt;&lt;br&gt;\"\n            data-category=\"Seminarie - Digitalisering\/s\u00e4kerhet\"\n            data-category-ids=\"1007\"\n            data-span-all=\"\"\n                      >\n\n            <div class=\"event_content\">\n              <div class=\"title\">\n                                <span>Dricksvatten (VA) en del av totalf\u00f6rsvaret. NIS-direktivet \u2013 aktuell l\u00e4gesbild.<\/span>\n              <\/div>\n              <div class=\"span_room\"><span><\/span><\/div>\n              <div class=\"time\">\n                <span>\n                  10:40-11:25                <\/span><\/div>\n\n              <div class=\"lecturer\"><span>Birger  Wallsten, Svenskt Vatten, Kjell  Mo , Senior samordnare, F\u00f6rsvarsh\u00f6gskolan\/CTSS; Katarina  Sunneg\u00e5rdh, NIS-tillsyn, Livsmedelsverket ; Torbj\u00f6rn  Lofterud, Livsmedelsverket<\/span><\/div>\n            <\/div>\n\n\n                                <div style=\"background-color:#FFCC00; position: absolute !important ; height: 4px !important; left: 4px; right: 4px; bottom : 2px !important;  border\"><\/div>\n            \n          <\/div>\n\n      \n          <div class=\"event \"\n            data-id=\"1021\"\n            data-project=\"project_406_2018_09_20\"\n            data-title=\"Vilka skyfall skall vi f\u00f6rbereda oss p\u00e5?\"\n            data-abs-nbr=\"\"\n            data-ystart=\"10.666666666667\"\n            data-yend=\"11.416666666667\"\n            data-time=\"10:40-11:25\"\n            data-room=\"1\"\n            data-room-id=\"1002\"\n            data-room-name=\"Conventum Kongress\"\n            data-day=\"1\"\n            data-abs-path=\"\"\n            data-speaker=\"Peter Berg , Forskare, SMHI; Gilbert  Svensson, Docent, GS Vattenforum AB\"\n            data-speakercell=\"Peter Berg , Forskare, SMHI; Gilbert  Svensson, Docent, GS Vattenforum AB\"\n            data-info=\"&lt;b&gt;Moderatorer: &lt;\/b&gt;Hans B\u00e4ckman, Svenskt Vatten &lt;br&gt;&lt;br&gt;                  &lt;table&gt;                   &lt;tbody&gt;                    &lt;tr&gt;                     &lt;td&gt;Tv\u00e5 myndighetsinspel f\u00f6ljt av paneldiskussion&lt;br&gt;&lt;br&gt;&lt;\/td&gt;                    &lt;\/tr&gt;                   &lt;\/tbody&gt;                  &lt;\/table&gt;Vilka skyfall skall vif\u00f6rbereda oss p\u00e5? Hur v\u00e4lja klimatfaktor? Peter Berg, SMHI, Gilbert Svensson,Vattenforum&amp;nbsp; &amp;nbsp; &amp;nbsp; &amp;nbsp; &amp;nbsp; &amp;nbsp; &amp;nbsp; &amp;nbsp; &amp;nbsp; &amp;nbsp; &amp;nbsp; &amp;nbsp; &amp;nbsp; &amp;nbsp; &amp;nbsp; &amp;nbsp; &amp;nbsp; &amp;nbsp; &amp;nbsp;&amp;nbsp;                  &lt;p&gt;&lt;br&gt;Nationellt system f\u00f6r\u00f6verf\u00f6ring VA-branschens nederb\u00f6rdsdata till SMHI, Peter Berg,SMHI&amp;nbsp;&amp;nbsp;&amp;nbsp;&amp;nbsp;&amp;nbsp;&amp;nbsp;&amp;nbsp;&amp;nbsp;&amp;nbsp;&amp;nbsp;&amp;nbsp;&amp;nbsp;&amp;nbsp;&amp;nbsp;&amp;nbsp;&amp;nbsp;&amp;nbsp;&amp;nbsp;&amp;nbsp;&lt;\/p&gt;                  &lt;p&gt;Fr\u00e5gestund&amp;nbsp;&lt;\/p&gt;                 &lt;br&gt;&lt;br&gt;\"\n            data-category=\"Seminarie - Klimat\"\n            data-category-ids=\"1006\"\n            data-span-all=\"\"\n                      >\n\n            <div class=\"event_content\">\n              <div class=\"title\">\n                                <span>Vilka skyfall skall vi f\u00f6rbereda oss p\u00e5?<\/span>\n              <\/div>\n              <div class=\"span_room\"><span><\/span><\/div>\n              <div class=\"time\">\n                <span>\n                  10:40-11:25                <\/span><\/div>\n\n              <div class=\"lecturer\"><span>Hans B\u00e4ckman, Svenskt Vatten , Peter Berg , Forskare, SMHI; Gilbert  Svensson, Docent, GS Vattenforum AB<\/span><\/div>\n            <\/div>\n\n\n                                <div style=\"background-color:#80D689; position: absolute !important ; height: 4px !important; left: 4px; right: 4px; bottom : 2px !important;  border\"><\/div>\n            \n          <\/div>\n\n      \n          <div class=\"event \"\n            data-id=\"1056\"\n            data-project=\"project_406_2018_09_20\"\n            data-title=\"Hur skriver man om vatten p\u00e5 ett nytt s\u00e4tt? Lyssna till samtal med Anna Froster, f\u00f6rfattaren till texterna i boken Om att v\u00e4rdera det ov\u00e4rderliga.\"\n            data-abs-nbr=\"\"\n            data-ystart=\"10.666666666667\"\n            data-yend=\"11.416666666667\"\n            data-time=\"10:40-11:25\"\n            data-room=\"7\"\n            data-room-id=\"1012\"\n            data-room-name=\"N\u00e4bben\"\n            data-day=\"1\"\n            data-abs-path=\"\"\n            data-speaker=\"Anna  Froster , F\u00f6rfattare och journalist\"\n            data-speakercell=\"Anna  Froster , F\u00f6rfattare och journalist\"\n            data-info=\"                 &lt;p&gt;OBS:&amp;nbsp;Begr\u00e4nsat antal platser. F\u00f6rst till kvarn.&lt;\/p&gt;                &lt;br&gt;&lt;br&gt;\"\n            data-category=\"\"\n            data-category-ids=\"\"\n            data-span-all=\"\"\n                      >\n\n            <div class=\"event_content\">\n              <div class=\"title\">\n                                <span>Hur skriver man om vatten p\u00e5 ett nytt s\u00e4tt? Lyssna till samtal med Anna Froster, f\u00f6rfattaren till texterna i boken Om att v\u00e4rdera det ov\u00e4rderliga.<\/span>\n              <\/div>\n              <div class=\"span_room\"><span><\/span><\/div>\n              <div class=\"time\">\n                <span>\n                  10:40-11:25                <\/span><\/div>\n\n              <div class=\"lecturer\"><span>Anna  Froster , F\u00f6rfattare och journalist<\/span><\/div>\n            <\/div>\n\n\n            \n          <\/div>\n\n      \n          <div class=\"event \"\n            data-id=\"1050\"\n            data-project=\"project_406_2018_09_20\"\n            data-title=\"Vi p\u00e5 WSP arbetar globalt och levererar lokalt. Global samverkan hj\u00e4lper till med kompetensf\u00f6rs\u00f6rjningen! (WSP)\"\n            data-abs-nbr=\"\"\n            data-ystart=\"11.083333333333\"\n            data-yend=\"11.416666666667\"\n            data-time=\"11:05-11:25\"\n            data-room=\"4\"\n            data-room-id=\"1005\"\n            data-room-name=\"Studion\"\n            data-day=\"1\"\n            data-abs-path=\"\"\n            data-speaker=\"\"\n            data-speakercell=\"\"\n            data-info=\"                  &lt;p&gt;VA-branschen st\u00e5r inf\u00f6r stora utmaningarn\u00e4r det g\u00e4ller tillg\u00e5ngen p\u00e5 resurser och r\u00e4tt kompetenser. Alla delar avbranschen, s\u00e5v\u00e4l VA-huvudm\u00e4n, entrepren\u00f6rer och konsulter, drar i sammakompetenser, och \u00e4r tillsammans beroende av att hitta s\u00e4tt att nyttjakompetensbasen p\u00e5 b\u00e4sta s\u00e4tt. En av WSPs styrkor \u00e4r att vara globala ochsamarbeta \u00f6ver hela v\u00e4rlden. Med ett n\u00e4tverk av 250 medarbetare inom VA fr\u00e5nflera l\u00e4nder ut\u00f6kas kompetensbasen, men det medf\u00f6r \u00e4ven vissautmaningar.&amp;nbsp;&amp;nbsp;&lt;\/p&gt;&lt;p&gt;Utifr\u00e5n verkliga uppdrag som vigenomf\u00f6rt tillsammans med VA-huvudm\u00e4n visar vi exempel och skapar en dialogkring f\u00f6ljande teman:&lt;\/p&gt;&lt;p&gt;&lt;ul&gt;&lt;li&gt;Internationell VA-kompetens urVA-huvudmannens perspektiv&lt;\/li&gt;&lt;li&gt;S\u00e4kerhetsaspekter kopplat tilluppdrag&lt;\/li&gt;&lt;li&gt;Spr\u00e5k- och kulturskillnader&lt;\/li&gt;&lt;li&gt;Internationellamerv\u00e4rden&amp;nbsp;&lt;\/li&gt;&lt;\/ul&gt;&lt;\/p&gt;&lt;p&gt;&lt;\/p&gt;                 &lt;br&gt;&lt;br&gt;\"\n            data-category=\"Seminarie - Branschf\u00f6retag\"\n            data-category-ids=\"1008\"\n            data-span-all=\"\"\n                      >\n\n            <div class=\"event_content\">\n              <div class=\"title\">\n                                <span>Vi p\u00e5 WSP arbetar globalt och levererar lokalt. Global samverkan hj\u00e4lper till med kompetensf\u00f6rs\u00f6rjningen! (WSP)<\/span>\n              <\/div>\n              <div class=\"span_room\"><span><\/span><\/div>\n              <div class=\"time\">\n                <span>\n                  11:05-11:25                <\/span><\/div>\n\n              \n            <\/div>\n\n\n                                <div style=\"background-color:#D64D49; position: absolute !important ; height: 4px !important; left: 4px; right: 4px; bottom : 2px !important;  border\"><\/div>\n            \n          <\/div>\n\n      \n          <div class=\"event \"\n            data-id=\"1034\"\n            data-project=\"project_406_2018_09_20\"\n            data-title=\"Hur s\u00e4krar praktik framtidens kompetensf\u00f6rs\u00f6rjning?\"\n            data-abs-nbr=\"\"\n            data-ystart=\"11.583333333333\"\n            data-yend=\"12.25\"\n            data-time=\"11:35-12:15\"\n            data-room=\"3\"\n            data-room-id=\"1004\"\n            data-room-name=\"Handskmakaren\"\n            data-day=\"1\"\n            data-abs-path=\"\"\n            data-speaker=\"Helena  Gyrulf, Client Relationship Manager, Ingenj\u00f6rsvetenskapsakademin; Sarah Bixo, Ingenj\u00f6rsvetenskapsakademin\"\n            data-speakercell=\"Helena  Gyrulf, Client Relationship Manager, Ingenj\u00f6rsvetenskapsakademin; Sarah Bixo, Ingenj\u00f6rsvetenskapsakademin\"\n            data-info=\"&lt;b&gt;Moderatorer: &lt;\/b&gt;Dan L\u00f6fgren, Svenskt Vatten&lt;br&gt;&lt;br&gt;                  &lt;p&gt;&lt;b&gt;Projektet Teknikspr\u00e5nget&lt;\/b&gt;&lt;br&gt;&lt;\/p&gt;                  &lt;p&gt;Teknikspr\u00e5nget \u00e4r ett nationellt praktikprogram f\u00f6r ungdomar som syftar till att inspirera och motivera till att l\u00e4sa och avsluta en h\u00f6gre teknisk utbildning.&amp;nbsp;Sedan starten 2012 har 17&amp;nbsp;000 har s\u00f6kt och 4000 har f\u00e5tt praktik. Ca 200 arbetsgivare p\u00e5 ca 100 orter deltar. Efter praktiken vill 8 av 10 bli ingenj\u00f6rer. Teknikspr\u00e5nget leder en projektgrupp med h\u00f6gskolor f\u00f6r att studera avhopp och genomstr\u00f6mning.&amp;nbsp;&lt;\/p&gt;                  &lt;p&gt;&lt;b&gt;Projektet Jobbspr\u00e5nget&lt;\/b&gt;&lt;\/p&gt;                  &lt;p&gt;Jobbspr\u00e5nget \u00e4r ett praktikprogram som tillvaratar kompetensen hos nyanl\u00e4nda akademiker och p\u00e5skyndar introduktionen till den svenska arbetsmarknaden. Praktiken sker p\u00e5 de deltagandes yrkesniv\u00e5. Ca 150 arbetsgivare deltar p\u00e5 50 orter. 50% av praktikanterna var kvinnor h\u00f6sten 2018. S\u00e5v\u00e4l privat som offentlig sektor deltar. 3700 har s\u00f6kt och 400 har f\u00e5tt praktik. Efter 4 m\u00e5naders praktik f\u00e5r 7 av 10 jobb.&lt;\/p&gt;                  &lt;p&gt;B\u00e5da programmen drivs av Kungliga Ingenj\u00f6rsvetenskapsakademin (IVA).&lt;\/p&gt;                  &lt;p&gt;&lt;\/p&gt;                  &lt;p&gt;Uppsala Vatten &amp;amp; Avfall och Norrvatten n\u00e4rvarar p\u00e5 scen och delar med sig av sina erfarenheter av att vara arbetsgivare i Teknik- och Jobbspr\u00e5nget.&amp;nbsp;&lt;\/p&gt;                 &lt;br&gt;&lt;br&gt;\"\n            data-category=\"Seminarie - Kompetens\"\n            data-category-ids=\"1009\"\n            data-span-all=\"\"\n                      >\n\n            <div class=\"event_content\">\n              <div class=\"title\">\n                                <span>Hur s\u00e4krar praktik framtidens kompetensf\u00f6rs\u00f6rjning?<\/span>\n              <\/div>\n              <div class=\"span_room\"><span><\/span><\/div>\n              <div class=\"time\">\n                <span>\n                  11:35-12:15                <\/span><\/div>\n\n              <div class=\"lecturer\"><span>Dan L\u00f6fgren, Svenskt Vatten, Helena  Gyrulf, Client Relationship Manager, Ingenj\u00f6rsvetenskapsakademin; Sarah Bixo, Ingenj\u00f6rsvetenskapsakademin<\/span><\/div>\n            <\/div>\n\n\n                                <div style=\"background-color:#83C8ED; position: absolute !important ; height: 4px !important; left: 4px; right: 4px; bottom : 2px !important;  border\"><\/div>\n            \n          <\/div>\n\n      \n          <div class=\"event \"\n            data-id=\"1030\"\n            data-project=\"project_406_2018_09_20\"\n            data-title=\"S\u00e4ker kommunikation \u2013 samarbete mellan s\u00e4kerhet och kommunikation\"\n            data-abs-nbr=\"\"\n            data-ystart=\"11.583333333333\"\n            data-yend=\"12.25\"\n            data-time=\"11:35-12:15\"\n            data-room=\"2\"\n            data-room-id=\"1003\"\n            data-room-name=\"Club 700\"\n            data-day=\"1\"\n            data-abs-path=\"\"\n            data-speaker=\"Matthias  Lind, S\u00e4kerhetschef, Vakin; Johan  Sj\u00f6din , Kommunikat\u00f6r, Vakin\"\n            data-speakercell=\"Matthias  Lind, S\u00e4kerhetschef, Vakin; Johan  Sj\u00f6din , Kommunikat\u00f6r, Vakin\"\n            data-info=\"&lt;b&gt;Moderatorer: &lt;\/b&gt;Lars Jederlund, Vetsam&lt;br&gt;&lt;br&gt;                  &lt;p&gt;Hur det g\u00e5r att arbeta mellan kommunikation som ofta vill ber\u00e4tta mycket och s\u00e4kerhet som ofta inte vill ber\u00e4tta n\u00e5got?&lt;br&gt;Hur skapar man f\u00f6rtroende och f\u00f6rst\u00e5else f\u00f6r v\u00e5r verksamhet samtidigt som det \u00e4r viktigt att h\u00e5lla viss information hemlig? &lt;br&gt;Vakin ber\u00e4ttar hur kommunikation och s\u00e4kerhet kan jobba tillsammans och hur digitala kanaler och arbetss\u00e4tt kan hj\u00e4lpa till.&amp;nbsp;&amp;nbsp;&lt;\/p&gt;                 &lt;br&gt;&lt;br&gt;\"\n            data-category=\"Seminarie - Digitalisering\/s\u00e4kerhet\"\n            data-category-ids=\"1007\"\n            data-span-all=\"\"\n                      >\n\n            <div class=\"event_content\">\n              <div class=\"title\">\n                                <span>S\u00e4ker kommunikation \u2013 samarbete mellan s\u00e4kerhet och kommunikation<\/span>\n              <\/div>\n              <div class=\"span_room\"><span><\/span><\/div>\n              <div class=\"time\">\n                <span>\n                  11:35-12:15                <\/span><\/div>\n\n              <div class=\"lecturer\"><span>Lars Jederlund, Vetsam, Matthias  Lind, S\u00e4kerhetschef, Vakin; Johan  Sj\u00f6din , Kommunikat\u00f6r, Vakin<\/span><\/div>\n            <\/div>\n\n\n                                <div style=\"background-color:#FFCC00; position: absolute !important ; height: 4px !important; left: 4px; right: 4px; bottom : 2px !important;  border\"><\/div>\n            \n          <\/div>\n\n      \n          <div class=\"event \"\n            data-id=\"1037\"\n            data-project=\"project_406_2018_09_20\"\n            data-title=\"Betongrenoveringar under 25 \u00e5rs tid (Ytskyddsakademien)\"\n            data-abs-nbr=\"\"\n            data-ystart=\"11.583333333333\"\n            data-yend=\"11.916666666667\"\n            data-time=\"11:35-11:55\"\n            data-room=\"4\"\n            data-room-id=\"1005\"\n            data-room-name=\"Studion\"\n            data-day=\"1\"\n            data-abs-path=\"\"\n            data-speaker=\"Tommy  Th\u00f6rn, Ytskyddsakademin\"\n            data-speakercell=\"Tommy  Th\u00f6rn, Ytskyddsakademin\"\n            data-info=\"                  &lt;p&gt;&lt;b&gt;Betongrenoveringar under 25\u00e5rs tid&lt;\/b&gt;&lt;\/p&gt;                  &lt;p&gt;&lt;\/p&gt;                  &lt;ul&gt;                   &lt;li&gt;Under 25 \u00e5rs tid har Ytskyddsakademiens medlemmar renoverat och ytskyddat vattentorn, l\u00e5ngsam filter, vattenreservoarer, invallningar, tak m.m runt om i Sverige&lt;\/li&gt;                   &lt;li&gt;Med r\u00e4tt inspektioner, tillst\u00e5ndsbed\u00f6mningar, \u00e5tg\u00e4rdsplaner, moderna metoder och materialval s\u00e5 \u00e4r det m\u00f6jligt att renovera och ytskydda och d\u00e4rmed ge konstruktionerna \u00f6kad livsl\u00e4ngd&lt;\/li&gt;                   &lt;li&gt;Vi visar exempel p\u00e5 skador som \u00e5tg\u00e4rdats och vilka metoder och materialval som \u00e4r l\u00e4mpliga att anv\u00e4nda &lt;\/li&gt;                   &lt;li&gt;Viktigt att t\u00e4nka p\u00e5 vid renovering och ytskydd&lt;\/li&gt;                   &lt;li&gt;Begr\u00e4nsningar respektive teknologi&lt;\/li&gt;                  &lt;\/ul&gt;                 &lt;br&gt;&lt;br&gt;\"\n            data-category=\"Seminarie - Branschf\u00f6retag\"\n            data-category-ids=\"1008\"\n            data-span-all=\"\"\n                      >\n\n            <div class=\"event_content\">\n              <div class=\"title\">\n                                <span>Betongrenoveringar under 25 \u00e5rs tid (Ytskyddsakademien)<\/span>\n              <\/div>\n              <div class=\"span_room\"><span><\/span><\/div>\n              <div class=\"time\">\n                <span>\n                  11:35-11:55                <\/span><\/div>\n\n              <div class=\"lecturer\"><span>Tommy  Th\u00f6rn, Ytskyddsakademin<\/span><\/div>\n            <\/div>\n\n\n                                <div style=\"background-color:#D64D49; position: absolute !important ; height: 4px !important; left: 4px; right: 4px; bottom : 2px !important;  border\"><\/div>\n            \n          <\/div>\n\n      \n          <div class=\"event \"\n            data-id=\"1024\"\n            data-project=\"project_406_2018_09_20\"\n            data-title=\"Samverkan Svenskt vatten och f\u00f6rs\u00e4kringsbranschen\"\n            data-abs-nbr=\"\"\n            data-ystart=\"11.583333333333\"\n            data-yend=\"12.25\"\n            data-time=\"11:35-12:15\"\n            data-room=\"1\"\n            data-room-id=\"1002\"\n            data-room-name=\"Conventum Kongress\"\n            data-day=\"1\"\n            data-abs-path=\"\"\n            data-speaker=\" Johan  Litsmark, Naturskadespecialist, L\u00e4nsf\u00f6rs\u00e4kringar; Mathias  von Scherling, Projektledare, RISE \"\n            data-speakercell=\" Johan  Litsmark, Naturskadespecialist, L\u00e4nsf\u00f6rs\u00e4kringar; Mathias  von Scherling, Projektledare, RISE \"\n            data-info=\"&lt;b&gt;Moderatorer: &lt;\/b&gt;Hans B\u00e4ckman, Svenskt Vatten &lt;br&gt;&lt;br&gt;                  &lt;p&gt;&lt;b&gt;Klimatf\u00f6r\u00e4ndringar och f\u00f6rs\u00e4kringar - hur kommer det att g\u00e5? &lt;\/b&gt;Johan Litsmark, L\u00e4nsf\u00f6rs\u00e4kringar &lt;\/p&gt;                  &lt;p&gt;&lt;b&gt;Samverkan mellan VA branschen och f\u00f6rs\u00e4kringsbranschen om informationsutbyte vid regresshantering. &lt;\/b&gt;Mathias von Scherling, RISE &lt;br&gt;&lt;b&gt;Fr\u00e5gestund.&lt;\/b&gt; Moderator Hans B\u00e4ckman&amp;nbsp;&lt;\/p&gt;                  &lt;br&gt;                 &lt;br&gt;&lt;br&gt;\"\n            data-category=\"Seminarie - Klimat\"\n            data-category-ids=\"1006\"\n            data-span-all=\"\"\n                      >\n\n            <div class=\"event_content\">\n              <div class=\"title\">\n                                <span>Samverkan Svenskt vatten och f\u00f6rs\u00e4kringsbranschen<\/span>\n              <\/div>\n              <div class=\"span_room\"><span><\/span><\/div>\n              <div class=\"time\">\n                <span>\n                  11:35-12:15                <\/span><\/div>\n\n              <div class=\"lecturer\"><span>Hans B\u00e4ckman, Svenskt Vatten ,  Johan  Litsmark, Naturskadespecialist, L\u00e4nsf\u00f6rs\u00e4kringar; Mathias  von Scherling, Projektledare, RISE <\/span><\/div>\n            <\/div>\n\n\n                                <div style=\"background-color:#80D689; position: absolute !important ; height: 4px !important; left: 4px; right: 4px; bottom : 2px !important;  border\"><\/div>\n            \n          <\/div>\n\n      \n          <div class=\"event \"\n            data-id=\"1051\"\n            data-project=\"project_406_2018_09_20\"\n            data-title=\"Smart och s\u00e4ker vattenm\u00e4tning och insamling av m\u00e4tv\u00e4rden! (Diehl Metering)\"\n            data-abs-nbr=\"\"\n            data-ystart=\"11.916666666667\"\n            data-yend=\"12.25\"\n            data-time=\"11:55-12:15\"\n            data-room=\"4\"\n            data-room-id=\"1005\"\n            data-room-name=\"Studion\"\n            data-day=\"1\"\n            data-abs-path=\"\"\n            data-speaker=\"J\u00f6ran Forslund , Diehl Metering\"\n            data-speakercell=\"J\u00f6ran Forslund , Diehl Metering\"\n            data-info=\"                  &lt;p&gt;&lt;br&gt;&lt;\/p&gt;                 &lt;br&gt;&lt;br&gt;\"\n            data-category=\"Seminarie - Branschf\u00f6retag\"\n            data-category-ids=\"1008\"\n            data-span-all=\"\"\n                      >\n\n            <div class=\"event_content\">\n              <div class=\"title\">\n                                <span>Smart och s\u00e4ker vattenm\u00e4tning och insamling av m\u00e4tv\u00e4rden! (Diehl Metering)<\/span>\n              <\/div>\n              <div class=\"span_room\"><span><\/span><\/div>\n              <div class=\"time\">\n                <span>\n                  11:55-12:15                <\/span><\/div>\n\n              <div class=\"lecturer\"><span>J\u00f6ran Forslund , Diehl Metering<\/span><\/div>\n            <\/div>\n\n\n                                <div style=\"background-color:#D64D49; position: absolute !important ; height: 4px !important; left: 4px; right: 4px; bottom : 2px !important;  border\"><\/div>\n            \n          <\/div>\n\n      \n          <div class=\"event \"\n            data-id=\"1023\"\n            data-project=\"project_406_2018_09_20\"\n            data-title=\"Lunch p\u00e5 plan 1\"\n            data-abs-nbr=\"\"\n            data-ystart=\"12.25\"\n            data-yend=\"13.25\"\n            data-time=\"12:15-13:15\"\n            data-room=\"6\"\n            data-room-id=\"1007\"\n            data-room-name=\"Conventum Bankett\"\n            data-day=\"1\"\n            data-abs-path=\"\"\n            data-speaker=\"\"\n            data-speakercell=\"\"\n            data-info=\"                  &lt;p&gt;Sittande lunch serveras p\u00e5 plan 1. Kaffe efter lunchen serveras i utst\u00e4llningen.&amp;nbsp;&lt;\/p&gt;                  &lt;p&gt;V\u00e4lkommen att bes\u00f6ka utst\u00e4llarna!&amp;nbsp;&lt;\/p&gt;                 &lt;br&gt;&lt;br&gt;\"\n            data-category=\"\"\n            data-category-ids=\"\"\n            data-span-all=\"1\"\n                      >\n\n            <div class=\"event_content\">\n              <div class=\"title\">\n                                <span>Lunch p\u00e5 plan 1<\/span>\n              <\/div>\n              <div class=\"span_room\"><span>Conventum Bankett<br\/><\/span><\/div>\n              <div class=\"time\">\n                <span>\n                  12:15-13:15                <\/span><\/div>\n\n              \n            <\/div>\n\n\n            \n          <\/div>\n\n      \n          <div class=\"event \"\n            data-id=\"1042\"\n            data-project=\"project_406_2018_09_20\"\n            data-title=\"Svenskt Vatten uppdaterar normalf\u00f6rslaget till VA-Taxa P96.\"\n            data-abs-nbr=\"\"\n            data-ystart=\"13.25\"\n            data-yend=\"14\"\n            data-time=\"13:15-14:00\"\n            data-room=\"2\"\n            data-room-id=\"1003\"\n            data-room-name=\"Club 700\"\n            data-day=\"1\"\n            data-abs-path=\"\"\n            data-speaker=\"Magnus  Montelius, Konsult, Sweco Environment AB; Anna   Hassel , Jurist, VA-strategi; Christina Gard, Civilingenj\u00f6r, VA-strategi\"\n            data-speakercell=\"Magnus  Montelius, Konsult, Sweco Environment AB; Anna   Hassel , Jurist, VA-strategi; Christina Gard, Civilingenj\u00f6r, VA-strategi\"\n            data-info=\"&lt;b&gt;Moderatorer: &lt;\/b&gt;Gilbert  Nordenswan, Svenskt Vatten&lt;br&gt;&lt;br&gt;                  &lt;p&gt;Uppdateringen inneb\u00e4r framf\u00f6rallt f\u00f6rb\u00e4ttrad dagvattentaxa.F\u00f6rslaget ska bli enklare och tydligare f\u00f6r att underl\u00e4tta f\u00f6r kommunerna att f\u00f6rst\u00e5 sin taxa och kunna f\u00f6rklara den f\u00f6r kunder och politiker. Under denna workshop kommer vi att ber\u00e4tta hur l\u00e5ngt vi har kommit och diskutera kn\u00e4ckfr\u00e5gor och hur taxan kan f\u00f6renklas p\u00e5 b\u00e4sta s\u00e4tt.&lt;\/p&gt;                 &lt;br&gt;&lt;br&gt;\"\n            data-category=\"Seminarie - Digitalisering\/s\u00e4kerhet\"\n            data-category-ids=\"1007\"\n            data-span-all=\"\"\n                      >\n\n            <div class=\"event_content\">\n              <div class=\"title\">\n                                <span>Svenskt Vatten uppdaterar normalf\u00f6rslaget till VA-Taxa P96.<\/span>\n              <\/div>\n              <div class=\"span_room\"><span><\/span><\/div>\n              <div class=\"time\">\n                <span>\n                  13:15-14:00                <\/span><\/div>\n\n              <div class=\"lecturer\"><span>Gilbert  Nordenswan, Svenskt Vatten, Magnus  Montelius, Konsult, Sweco Environment AB; Anna   Hassel , Jurist, VA-strategi; Christina Gard, Civilingenj\u00f6r, VA-strategi<\/span><\/div>\n            <\/div>\n\n\n                                <div style=\"background-color:#FFCC00; position: absolute !important ; height: 4px !important; left: 4px; right: 4px; bottom : 2px !important;  border\"><\/div>\n            \n          <\/div>\n\n      \n          <div class=\"event \"\n            data-id=\"1045\"\n            data-project=\"project_406_2018_09_20\"\n            data-title=\"Ungdomsbarometern \u2013 panelsamtal\"\n            data-abs-nbr=\"\"\n            data-ystart=\"13.25\"\n            data-yend=\"14\"\n            data-time=\"13:15-14:00\"\n            data-room=\"3\"\n            data-room-id=\"1004\"\n            data-room-name=\"Handskmakaren\"\n            data-day=\"1\"\n            data-abs-path=\"\"\n            data-speaker=\"Johan Persson, Styrelseordf\u00f6rande, Svenskt Vatten; Magnus  Meyer, WSP Sverige ; Anette Seger, VARIM ; Sofie Jonsson , Ungdomsbarometern\"\n            data-speakercell=\"Johan Persson, Styrelseordf\u00f6rande, Svenskt Vatten; Magnus  Meyer, WSP Sverige ; Anette Seger, VARIM ; Sofie Jonsson , Ungdomsbarometern\"\n            data-info=\"&lt;b&gt;Moderatorer: &lt;\/b&gt;Dan L\u00f6fgren, Svenskt Vatten&lt;br&gt;&lt;br&gt;                  &lt;p&gt;Vilka v\u00e4rderingar harframtidens arbetskraft? St\u00e4mmer deras \u00f6nskem\u00e5l och prioriteringar med detVA-branschen erbjuder? Ungdomsbarometern ger ett faktabaserat svar p\u00e5 en del avfr\u00e5gest\u00e4llningarna.&lt;br&gt;&lt;br&gt;Presentationen \u00e5tf\u00f6ljs av ettavslutande panelsamtal p\u00e5 scenen om kompetensf\u00f6rs\u00f6rjningen som en avde verkligt stora framtida utmaningarna f\u00f6r VA.&lt;\/p&gt;                 &lt;br&gt;&lt;br&gt;\"\n            data-category=\"Seminarie - Kompetens\"\n            data-category-ids=\"1009\"\n            data-span-all=\"\"\n                      >\n\n            <div class=\"event_content\">\n              <div class=\"title\">\n                                <span>Ungdomsbarometern \u2013 panelsamtal<\/span>\n              <\/div>\n              <div class=\"span_room\"><span><\/span><\/div>\n              <div class=\"time\">\n                <span>\n                  13:15-14:00                <\/span><\/div>\n\n              <div class=\"lecturer\"><span>Dan L\u00f6fgren, Svenskt Vatten, Johan Persson, Styrelseordf\u00f6rande, Svenskt Vatten; Magnus  Meyer, WSP Sverige ; Anette Seger, VARIM ; Sofie Jonsson , Ungdomsbarometern<\/span><\/div>\n            <\/div>\n\n\n                                <div style=\"background-color:#83C8ED; position: absolute !important ; height: 4px !important; left: 4px; right: 4px; bottom : 2px !important;  border\"><\/div>\n            \n          <\/div>\n\n      \n          <div class=\"event \"\n            data-id=\"1025\"\n            data-project=\"project_406_2018_09_20\"\n            data-title=\"Spillvatten som resurs i ett f\u00f6r\u00e4ndrat klimat\"\n            data-abs-nbr=\"\"\n            data-ystart=\"13.25\"\n            data-yend=\"14\"\n            data-time=\"13:15-14:00\"\n            data-room=\"1\"\n            data-room-id=\"1002\"\n            data-room-name=\"Conventum Kongress\"\n            data-day=\"1\"\n            data-abs-path=\"\"\n            data-speaker=\"Mikael Tiouls, VA-utvecklare, Region Gotland; Lena  Nilsson-\u00c5lind, Chef avdelning Avlopp, Kalmar Vatten; Thomas   Bergfeldt, VD, Kalmar Vatten\"\n            data-speakercell=\"Mikael Tiouls, VA-utvecklare, Region Gotland; Lena  Nilsson-\u00c5lind, Chef avdelning Avlopp, Kalmar Vatten; Thomas   Bergfeldt, VD, Kalmar Vatten\"\n            data-info=\"&lt;b&gt;Moderatorer: &lt;\/b&gt;Anders Finnson, Svenskt Vatten; Peter  S\u00f6rng\u00e5rd, Svenskt Vatten&lt;br&gt;&lt;br&gt;                  &lt;table&gt;                   &lt;tbody&gt;                   &lt;\/tbody&gt;                  &lt;\/table&gt;                  &lt;p&gt;Inledning om f\u00f6rslaget till EU-f\u00f6rordningen.&lt;\/p&gt;                  &lt;p&gt;Region Gotland: \u00c5teranv\u00e4ndning av renat avloppsvatten inom jordbruket - erfarenheter och framtid&lt;\/p&gt;                  &lt;p&gt;Kalmar Vatten:&amp;nbsp; \u00c5teranv\u00e4ndning av renat avloppsvatten \u2013 vision&lt;\/p&gt;                  &lt;p&gt;&amp;nbsp;&lt;\/p&gt;                 &lt;br&gt;&lt;br&gt;\"\n            data-category=\"Seminarie - Klimat\"\n            data-category-ids=\"1006\"\n            data-span-all=\"\"\n                      >\n\n            <div class=\"event_content\">\n              <div class=\"title\">\n                                <span>Spillvatten som resurs i ett f\u00f6r\u00e4ndrat klimat<\/span>\n              <\/div>\n              <div class=\"span_room\"><span><\/span><\/div>\n              <div class=\"time\">\n                <span>\n                  13:15-14:00                <\/span><\/div>\n\n              <div class=\"lecturer\"><span>Anders Finnson, Svenskt Vatten; Peter  S\u00f6rng\u00e5rd, Svenskt Vatten, Mikael Tiouls, VA-utvecklare, Region Gotland; Lena  Nilsson-\u00c5lind, Chef avdelning Avlopp, Kalmar Vatten; Thomas   Bergfeldt, VD, Kalmar Vatten<\/span><\/div>\n            <\/div>\n\n\n                                <div style=\"background-color:#80D689; position: absolute !important ; height: 4px !important; left: 4px; right: 4px; bottom : 2px !important;  border\"><\/div>\n            \n          <\/div>\n\n      \n          <div class=\"event \"\n            data-id=\"1038\"\n            data-project=\"project_406_2018_09_20\"\n            data-title=\"Slamfr\u00e5gan flammar upp i Sverige! (\u00c5F P\u00f6yry)\"\n            data-abs-nbr=\"\"\n            data-ystart=\"13.25\"\n            data-yend=\"13.583333333333\"\n            data-time=\"13:15-13:35\"\n            data-room=\"4\"\n            data-room-id=\"1005\"\n            data-room-name=\"Studion\"\n            data-day=\"1\"\n            data-abs-path=\"\"\n            data-speaker=\"Maria Bennet, Sektionschef Vatten, \u00c5F P\u00f6yry; Nathalie St\u00e4rner, \u00c5F P\u00f6yry\"\n            data-speakercell=\"Maria Bennet, Sektionschef Vatten, \u00c5F P\u00f6yry; Nathalie St\u00e4rner, \u00c5F P\u00f6yry\"\n            data-info=\"                  &lt;p&gt;&lt;\/p&gt;                  &lt;p&gt;\u00c5F P\u00f6yry g\u00f6r intressanta j\u00e4mf\u00f6relser utifr\u00e5nperspektiv i Sverige, Finland, Tyskland och Schweiz&lt;br&gt;&lt;\/p&gt;                 &lt;br&gt;&lt;br&gt;\"\n            data-category=\"Seminarie - Branschf\u00f6retag\"\n            data-category-ids=\"1008\"\n            data-span-all=\"\"\n                      >\n\n            <div class=\"event_content\">\n              <div class=\"title\">\n                                <span>Slamfr\u00e5gan flammar upp i Sverige! (\u00c5F P\u00f6yry)<\/span>\n              <\/div>\n              <div class=\"span_room\"><span><\/span><\/div>\n              <div class=\"time\">\n                <span>\n                  13:15-13:35                <\/span><\/div>\n\n              <div class=\"lecturer\"><span>Maria Bennet, Sektionschef Vatten, \u00c5F P\u00f6yry; Nathalie St\u00e4rner, \u00c5F P\u00f6yry<\/span><\/div>\n            <\/div>\n\n\n                                <div style=\"background-color:#D64D49; position: absolute !important ; height: 4px !important; left: 4px; right: 4px; bottom : 2px !important;  border\"><\/div>\n            \n          <\/div>\n\n      \n          <div class=\"event \"\n            data-id=\"1052\"\n            data-project=\"project_406_2018_09_20\"\n            data-title=\"Lednings\u00e4garens arbete och nytta i SSTT (Scandinavian Society for Trenchless Technology)\"\n            data-abs-nbr=\"\"\n            data-ystart=\"13.666666666667\"\n            data-yend=\"14\"\n            data-time=\"13:40-14:00\"\n            data-room=\"4\"\n            data-room-id=\"1005\"\n            data-room-name=\"Studion\"\n            data-day=\"1\"\n            data-abs-path=\"\"\n            data-speaker=\"David Jacobsson, SSTT \u2013 Scandinavian Society Trenchless Technology\"\n            data-speakercell=\"David Jacobsson, SSTT \u2013 Scandinavian Society Trenchless Technology\"\n            data-info=\"                  &lt;p&gt;&lt;br&gt;&lt;\/p&gt;                 &lt;br&gt;&lt;br&gt;\"\n            data-category=\"Seminarie - Branschf\u00f6retag\"\n            data-category-ids=\"1008\"\n            data-span-all=\"\"\n                      >\n\n            <div class=\"event_content\">\n              <div class=\"title\">\n                                <span>Lednings\u00e4garens arbete och nytta i SSTT (Scandinavian Society for Trenchless Technology)<\/span>\n              <\/div>\n              <div class=\"span_room\"><span><\/span><\/div>\n              <div class=\"time\">\n                <span>\n                  13:40-14:00                <\/span><\/div>\n\n              <div class=\"lecturer\"><span>David Jacobsson, SSTT \u2013 Scandinavian Society Trenchless Technology<\/span><\/div>\n            <\/div>\n\n\n                                <div style=\"background-color:#D64D49; position: absolute !important ; height: 4px !important; left: 4px; right: 4px; bottom : 2px !important;  border\"><\/div>\n            \n          <\/div>\n\n      \n          <div class=\"event \"\n            data-id=\"1044\"\n            data-project=\"project_406_2018_09_20\"\n            data-title=\"Avslutning\"\n            data-abs-nbr=\"\"\n            data-ystart=\"14.083333333333\"\n            data-yend=\"14.5\"\n            data-time=\"14:05-14:30\"\n            data-room=\"1\"\n            data-room-id=\"1002\"\n            data-room-name=\"Conventum Kongress\"\n            data-day=\"1\"\n            data-abs-path=\"\"\n            data-speaker=\"Anna  Froster , F\u00f6rfattare och journalist\"\n            data-speakercell=\"Anna  Froster , F\u00f6rfattare och journalist\"\n            data-info=\"&lt;b&gt;Moderatorer: &lt;\/b&gt;P\u00e4r  Dalhielm, VD, Svenskt Vatten&lt;br&gt;&lt;br&gt;                  &lt;p&gt;Summering av \u00e5rets Vattenst\u00e4mman.&lt;br&gt;&lt;br&gt;F\u00f6rfattaren Anna Froster i samtal om boken om Vatten \u2013 om att v\u00e4rdera det ov\u00e4rderliga&lt;br&gt;&lt;br&gt;\u00d6verl\u00e4mning av v\u00e4rdskap till v\u00e4rdkommun f\u00f6r Vattenst\u00e4mman 2020.&amp;nbsp;&lt;br&gt;&lt;\/p&gt;                 &lt;br&gt;&lt;br&gt;\"\n            data-category=\"F\u00f6rel\u00e4sning\"\n            data-category-ids=\"1002\"\n            data-span-all=\"\"\n                      >\n\n            <div class=\"event_content\">\n              <div class=\"title\">\n                                <span>Avslutning<\/span>\n              <\/div>\n              <div class=\"span_room\"><span><\/span><\/div>\n              <div class=\"time\">\n                <span>\n                  14:05-14:30                <\/span><\/div>\n\n              <div class=\"lecturer\"><span>P\u00e4r  Dalhielm, VD, Svenskt Vatten, Anna  Froster , F\u00f6rfattare och journalist<\/span><\/div>\n            <\/div>\n\n\n                                <div style=\"background-color:#0092D5; position: absolute !important ; height: 4px !important; left: 4px; right: 4px; bottom : 2px !important;  border\"><\/div>\n            \n          <\/div>\n\n      \n          <div class=\"event \"\n            data-id=\"1026\"\n            data-project=\"project_406_2018_09_20\"\n            data-title=\"Kaffepaus och avskedsmingel hos utst\u00e4llarna\"\n            data-abs-nbr=\"\"\n            data-ystart=\"14.5\"\n            data-yend=\"15\"\n            data-time=\"14:30-15:00\"\n            data-room=\"5\"\n            data-room-id=\"1006\"\n            data-room-name=\"Forum\"\n            data-day=\"1\"\n            data-abs-path=\"\"\n            data-speaker=\"\"\n            data-speakercell=\"\"\n            data-info=\"                  &lt;p&gt;&lt;br&gt;&lt;\/p&gt;                 &lt;br&gt;&lt;br&gt;\"\n            data-category=\"\"\n            data-category-ids=\"\"\n            data-span-all=\"1\"\n                      >\n\n            <div class=\"event_content\">\n              <div class=\"title\">\n                                <span>Kaffepaus och avskedsmingel hos utst\u00e4llarna<\/span>\n              <\/div>\n              <div class=\"span_room\"><span>Forum<br\/><\/span><\/div>\n              <div class=\"time\">\n                <span>\n                  14:30-15:00                <\/span><\/div>\n\n              \n            <\/div>\n\n\n            \n          <\/div>\n\n      \n      <div id=\"eventInfo\" class=\"modal fade bs-example-modal-lg\" tabindex=\"-1\" role=\"dialog\" style=\"font-size: medium; line-height: normal; text-transform: none;\">\n        <div class=\"modal-dialog\">\n          <div class=\"modal-content\">\n            <div class=\"modal-header\">\n              <button type=\"button\" class=\"close\" data-dismiss=\"modal\" aria-label=\"Close\">\n                <span aria-hidden=\"true\">&times;<\/span><\/button>\n              <h4 class=\"modal-title\"><\/h4>\n            <\/div>\n            <div class=\"modal-body\">\n              <p class=\"modal-speaker\"><\/p>\n              <p class=\"modal-time\"><\/p>\n              <p class=\"modal-info\"><\/p>\n              <p id=\"modal-abs\"><\/p>\n              <p id=\"modal-abs-oldie\">\n                <span style=\"display: none;\">Du anv\u00e4nder en f\u00f6r\u00e5ldrar webbl\u00e4sare.<\/span>\n                <a id=\"abs-url-oldie\" target=\"_blank\" style=\"display: none;\">Klicka f\u00e4r f\u00f6r att l\u00e4sa bidraget<\/a>\n                <iframe id=\"abs-iframe-oldie\" width=\"100%\" height=\"300px\"><\/iframe>\n              <\/p>\n              <i id=\"modal-abs-spinner\" class=\"fa fa-spinner fa-spin\" aria-hidden=\"true\" style=\"display: none;\"><\/i>\n            <\/div>\n            <div class=\"modal-footer\">\n              <span style=\"text-align: left; float: left;\" class=\"modal-category\"><\/span>\n              <button type=\"button\" class=\"btn btn-default\" data-dismiss=\"modal\">St\u00e4ng<\/button>\n            <\/div>\n          <\/div><!-- \/.modal-content -->\n        <\/div><!-- \/.modal-dialog -->\n      <\/div><!-- \/.modal -->\n\n    <\/div>\n\n  <\/div>\n\n<\/div>\n<p>[\/et_pb_text][\/et_pb_column][\/et_pb_row][\/et_pb_section]<\/p>\n","protected":false},"excerpt":{"rendered":"<p>[et_pb_section bb_built=&#8221;1&#8243; _builder_version=&#8221;3.15&#8243; custom_padding=&#8221;20px|0px|8px|0px&#8221; background_color=&#8221;rgba(255,255,255,0)&#8221;][et_pb_row background_color=&#8221;#ffffff&#8221; background_repeat_1=&#8221;no-repeat&#8221; _builder_version=&#8221;3.15&#8243; custom_padding=&#8221;11px|0px|2px|0px&#8221; custom_width_px=&#8221;910px&#8221; custom_css_main_element=&#8221;max-width: 910px;&#8221;][et_pb_column type=&#8221;4_4&#8243;][et_pb_image _builder_version=&#8221;3.15&#8243; src=&#8221;https:\/\/appsinmed.com\/program\/wp-content\/uploads\/sites\/22\/2019\/03\/Header_Vattensta\u0308mman_NY-kranma\u0308rkt_1000px.jpg&#8221; border_radii=&#8221;on|10px|10px|10px|10px&#8221; always_center_on_mobile=&#8221;off&#8221; force_fullwidth=&#8221;on&#8221; \/][et_pb_text _builder_version=&#8221;3.15&#8243; custom_margin=&#8221;10px|10px|10px|10px&#8221; border_style=&#8221;solid&#8221; text_orientation=&#8221;center&#8221;] Prelimin\u00e4rt program f\u00f6r Vattenst\u00e4mman 2019. Klicka p\u00e5 aktuell dag och sedan p\u00e5 programpunkten f\u00f6r ytterligare information. Programmet uppdateras kontinuerligt. [\/et_pb_text][\/et_pb_column][\/et_pb_row][et_pb_row _builder_version=&#8221;3.15&#8243; custom_css_main_element=&#8221;max-width: 910px;&#8221;][et_pb_column type=&#8221;4_4&#8243;][et_pb_text _builder_version=&#8221;3.15&#8243;] [\/et_pb_text][\/et_pb_column][\/et_pb_row][\/et_pb_section]<\/p>\n","protected":false},"author":1,"featured_media":0,"parent":0,"menu_order":0,"comment_status":"closed","ping_status":"closed","template":"page-template-blank.php","meta":{"_et_pb_use_builder":"on","_et_pb_old_content":"<p><img class=\"size-full wp-image-538 aligncenter\" src=\"http:\/\/appsinmed.com\/program\/wp-content\/uploads\/sites\/22\/2018\/09\/Vattenstamman-2019_b240pxsmalram.jpg\" alt=\"\" width=\"240\" height=\"152\" \/><\/p><p>[main project='project_406_2018_09_20' auto_heights='true' content_height=1980 every_min=10 room_width=200 aic_spanning_color='#039cda' spanning_text_color='#ffffff' show_moderators_in_cell='true' calendar_background_color=\"#cccccc\"][\/main]<\/p>","_et_gb_content_width":""},"_links":{"self":[{"href":"https:\/\/program.appinconf.com\/program\/wp-json\/wp\/v2\/pages\/537"}],"collection":[{"href":"https:\/\/program.appinconf.com\/program\/wp-json\/wp\/v2\/pages"}],"about":[{"href":"https:\/\/program.appinconf.com\/program\/wp-json\/wp\/v2\/types\/page"}],"author":[{"embeddable":true,"href":"https:\/\/program.appinconf.com\/program\/wp-json\/wp\/v2\/users\/1"}],"replies":[{"embeddable":true,"href":"https:\/\/program.appinconf.com\/program\/wp-json\/wp\/v2\/comments?post=537"}],"version-history":[{"count":35,"href":"https:\/\/program.appinconf.com\/program\/wp-json\/wp\/v2\/pages\/537\/revisions"}],"predecessor-version":[{"id":658,"href":"https:\/\/program.appinconf.com\/program\/wp-json\/wp\/v2\/pages\/537\/revisions\/658"}],"wp:attachment":[{"href":"https:\/\/program.appinconf.com\/program\/wp-json\/wp\/v2\/media?parent=537"}],"curies":[{"name":"wp","href":"https:\/\/api.w.org\/{rel}","templated":true}]}}